{"id":171717,"date":"2026-09-05T15:41:45","date_gmt":"2026-09-05T15:41:45","guid":{"rendered":"https:\/\/iwell-guard.com\/?page_id=171717"},"modified":"2026-09-05T16:05:23","modified_gmt":"2026-09-05T16:05:23","slug":"anu-deu-del-cel-hitita","status":"publish","type":"page","link":"https:\/\/iwell-guard.com\/ca\/anu-deu-del-cel-hitita\/","title":{"rendered":"Anu \u2013 D\u00e9u del cel hatti\u00e0-hurrita"},"content":{"rendered":"\t\t<div data-elementor-type=\"wp-page\" data-elementor-id=\"171717\" class=\"elementor elementor-171717 elementor-2620 elementor-bc-flex-widget\" data-elementor-post-type=\"page\">\n\t\t\t\t<div class=\"elementor-element elementor-element-iwgw-anuhethiti-hero e-flex e-con-boxed e-con e-parent\" data-id=\"iwgw-anuhethiti-hero\" data-element_type=\"container\" data-e-type=\"container\" data-settings=\"{&quot;background_background&quot;:&quot;classic&quot;}\">\n\t\t\t\t\t<div class=\"e-con-inner\">\n\t\t<div class=\"elementor-element elementor-element-iwgw-anuhethiti-hl e-flex e-con-boxed e-con e-child\" data-id=\"iwgw-anuhethiti-hl\" data-element_type=\"container\" data-e-type=\"container\">\n\t\t\t\t\t<div class=\"e-con-inner\">\n\t\t<div class=\"elementor-element elementor-element-iwgw-anuhethiti-htxt e-con-full e-flex e-con e-child\" data-id=\"iwgw-anuhethiti-htxt\" data-element_type=\"container\" data-e-type=\"container\">\n\t\t\t\t<div class=\"elementor-element elementor-element-iwgw-anuhethiti-h1 elementor-widget elementor-widget-heading\" data-id=\"iwgw-anuhethiti-h1\" data-element_type=\"widget\" data-e-type=\"widget\" data-widget_type=\"heading.default\">\n\t\t\t\t\t<h1 class=\"elementor-heading-title elementor-size-default\">Anu, d\u00e9u del cel hatti\u00e0-hurrita en el Cicle de Kumarbi<\/h1>\t\t\t\t<\/div>\n\t\t\t\t<div class=\"elementor-element elementor-element-iwgw-anuhethiti-lead elementor-widget elementor-widget-text-editor\" data-id=\"iwgw-anuhethiti-lead\" data-element_type=\"widget\" data-e-type=\"widget\" data-widget_type=\"text-editor.default\">\n\t\t\t\t\t\t\t\t\t<p>Anu, en sumeri <em>An<\/em>, \u00e9s en el cicle hurrita-hitita de Kumarbi el segon rei del cel despr\u00e9s d&#8217;Alalu. En el mite inicial de la successi\u00f3 divina, <a href=\"https:\/\/iwell-guard.com\/ca\/?page_id=171714\">Kumarbi<\/a> el castra amb les dents i n&#8217;assumeix el poder; de la llavor d&#8217;Anu creixen <a href=\"https:\/\/iwell-guard.com\/ca\/?page_id=171715\">Teshub<\/a> i els seus germans dins del cos de Kumarbi.<\/p>\t\t\t\t\t\t\t\t<\/div>\n\t\t\t\t<\/div>\n\t\t<div class=\"elementor-element elementor-element-iwgw-anuhethiti-pillc e-con-full e-flex e-con e-child\" data-id=\"iwgw-anuhethiti-pillc\" data-element_type=\"container\" data-e-type=\"container\">\n\t\t\t\t<div class=\"elementor-element elementor-element-iwgw-anuhethiti-pills elementor-widget elementor-widget-html\" data-id=\"iwgw-anuhethiti-pills\" data-element_type=\"widget\" data-e-type=\"widget\" data-widget_type=\"html.default\">\n\t\t\t\t\t<div class=\"iwg-pill-row\"><span class=\"iwg-klasse-badge\" tabindex=\"0\" data-tooltip=\"D\u00e9u de la tradici\u00f3 hitita.\">D\u00e9u<\/span><a href=\"https:\/\/iwell-guard.com\/ca\/hitita-anatolic-tarhunna-deus-proteccio\/\" class=\"iwg-kultur-badge\" tabindex=\"0\" data-tooltip=\"Mitologia de la tradici\u00f3 hitita.\">Hitita<\/a><span class=\"iwg-tradition-badge\" tabindex=\"0\" data-tooltip=\"D\u00e9u del cel.\">D\u00e9u del cel<\/span><\/div>\t\t\t\t<\/div>\n\t\t\t\t<\/div>\n\t\t<div class=\"elementor-element elementor-element-iwgw-anuhethiti-tocc e-con-full e-flex e-con e-child\" data-id=\"iwgw-anuhethiti-tocc\" data-element_type=\"container\" data-e-type=\"container\">\n\t\t\t\t<div class=\"elementor-element elementor-element-iwgw-anuhethiti-toc elementor-toc--minimized-on-tablet elementor-widget elementor-widget-table-of-contents\" data-id=\"iwgw-anuhethiti-toc\" data-element_type=\"widget\" data-e-type=\"widget\" data-settings=\"{&quot;headings_by_tags&quot;:[&quot;h2&quot;,&quot;h3&quot;],&quot;minimize_box&quot;:&quot;yes&quot;,&quot;marker_view&quot;:&quot;bullets&quot;,&quot;no_headings_message&quot;:&quot;No s&#039;ha trobat cap encap\\u00e7alament en aquesta p\\u00e0gina.&quot;,&quot;exclude_headings_by_selector&quot;:[],&quot;icon&quot;:{&quot;value&quot;:&quot;fas fa-circle&quot;,&quot;library&quot;:&quot;fa-solid&quot;,&quot;rendered_tag&quot;:&quot;&lt;svg class=\\&quot;e-font-icon-svg e-fas-circle\\&quot; viewBox=\\&quot;0 0 512 512\\&quot; xmlns=\\&quot;http:\\\/\\\/www.w3.org\\\/2000\\\/svg\\&quot;&gt;&lt;path d=\\&quot;M256 8C119 8 8 119 8 256s111 248 248 248 248-111 248-248S393 8 256 8z\\&quot;&gt;&lt;\\\/path&gt;&lt;\\\/svg&gt;&quot;},&quot;minimized_on&quot;:&quot;tablet&quot;,&quot;hierarchical_view&quot;:&quot;yes&quot;,&quot;min_height&quot;:{&quot;unit&quot;:&quot;px&quot;,&quot;size&quot;:&quot;&quot;,&quot;sizes&quot;:[]},&quot;min_height_tablet&quot;:{&quot;unit&quot;:&quot;px&quot;,&quot;size&quot;:&quot;&quot;,&quot;sizes&quot;:[]},&quot;min_height_mobile&quot;:{&quot;unit&quot;:&quot;px&quot;,&quot;size&quot;:&quot;&quot;,&quot;sizes&quot;:[]}}\" data-widget_type=\"table-of-contents.default\">\n\t\t\t\t\t\t\t\t\t<div class=\"elementor-toc__header\">\n\t\t\t\t\t\t<h2 class=\"elementor-toc__header-title\">\n\t\t\t\t\u00cdndex\t\t\t<\/h2>\n\t\t\t\t\t\t\t\t\t\t<div class=\"elementor-toc__toggle-button elementor-toc__toggle-button--expand\" role=\"button\" tabindex=\"0\" aria-controls=\"elementor-toc__iwgw-anuhethiti-toc\" aria-expanded=\"true\" aria-label=\"Open table of contents\"><svg aria-hidden=\"true\" class=\"e-font-icon-svg e-fas-chevron-down\" viewBox=\"0 0 448 512\" xmlns=\"http:\/\/www.w3.org\/2000\/svg\"><path d=\"M207.029 381.476L12.686 187.132c-9.373-9.373-9.373-24.569 0-33.941l22.667-22.667c9.357-9.357 24.522-9.375 33.901-.04L224 284.505l154.745-154.021c9.379-9.335 24.544-9.317 33.901.04l22.667 22.667c9.373 9.373 9.373 24.569 0 33.941L240.971 381.476c-9.373 9.372-24.569 9.372-33.942 0z\"><\/path><\/svg><\/div>\n\t\t\t\t<div class=\"elementor-toc__toggle-button elementor-toc__toggle-button--collapse\" role=\"button\" tabindex=\"0\" aria-controls=\"elementor-toc__iwgw-anuhethiti-toc\" aria-expanded=\"true\" aria-label=\"Close table of contents\"><svg aria-hidden=\"true\" class=\"e-font-icon-svg e-fas-chevron-up\" viewBox=\"0 0 448 512\" xmlns=\"http:\/\/www.w3.org\/2000\/svg\"><path d=\"M240.971 130.524l194.343 194.343c9.373 9.373 9.373 24.569 0 33.941l-22.667 22.667c-9.357 9.357-24.522 9.375-33.901.04L224 227.495 69.255 381.516c-9.379 9.335-24.544 9.317-33.901-.04l-22.667-22.667c-9.373-9.373-9.373-24.569 0-33.941L207.03 130.525c9.372-9.373 24.568-9.373 33.941-.001z\"><\/path><\/svg><\/div>\n\t\t\t\t\t<\/div>\n\t\t\t\t<div id=\"elementor-toc__iwgw-anuhethiti-toc\" class=\"elementor-toc__body\">\n\t\t\t<div class=\"elementor-toc__spinner-container\">\n\t\t\t\t<svg class=\"elementor-toc__spinner eicon-animation-spin e-font-icon-svg e-eicon-loading\" aria-hidden=\"true\" viewBox=\"0 0 1000 1000\" xmlns=\"http:\/\/www.w3.org\/2000\/svg\"><path d=\"M500 975V858C696 858 858 696 858 500S696 142 500 142 142 304 142 500H25C25 237 238 25 500 25S975 237 975 500 763 975 500 975Z\"><\/path><\/svg>\t\t\t<\/div>\n\t\t<\/div>\n\t\t\t\t\t\t<\/div>\n\t\t\t\t<\/div>\n\t\t\t\t\t<\/div>\n\t\t\t\t<\/div>\n\t\t<div class=\"elementor-element elementor-element-iwgw-anuhethiti-hr e-con-full e-flex e-con e-child\" data-id=\"iwgw-anuhethiti-hr\" data-element_type=\"container\" data-e-type=\"container\">\n\t\t\t\t<div class=\"elementor-element elementor-element-iwgw-anuhethiti-heroimg iwg-hero-image elementor-widget elementor-widget-image\" data-id=\"iwgw-anuhethiti-heroimg\" data-element_type=\"widget\" data-e-type=\"widget\" data-widget_type=\"image.default\">\n\t\t\t\t\t\t\t\t\t\t\t\t\t\t\t<img fetchpriority=\"high\" decoding=\"async\" width=\"683\" height=\"1024\" src=\"https:\/\/iwell-guard.com\/wp-content\/uploads\/2026\/05\/goetter_hethitisch_anu-hethitisch-683x1024.webp\" class=\"attachment-large size-large wp-image-2835\" alt=\"Anu \u2013 D\u00e9u del cel hatti\u00e0-hurrita\" srcset=\"https:\/\/iwell-guard.com\/wp-content\/uploads\/2026\/05\/goetter_hethitisch_anu-hethitisch-683x1024.webp 683w, https:\/\/iwell-guard.com\/wp-content\/uploads\/2026\/05\/goetter_hethitisch_anu-hethitisch-200x300.webp 200w, https:\/\/iwell-guard.com\/wp-content\/uploads\/2026\/05\/goetter_hethitisch_anu-hethitisch-768x1152.webp 768w, https:\/\/iwell-guard.com\/wp-content\/uploads\/2026\/05\/goetter_hethitisch_anu-hethitisch.webp 1024w\" sizes=\"(max-width: 683px) 100vw, 683px\" \/>\t\t\t\t\t\t\t\t\t\t\t\t\t\t\t<\/div>\n\t\t\t\t<\/div>\n\t\t\t\t\t<\/div>\n\t\t\t\t<\/div>\n\t\t\t\t<section class=\"elementor-section elementor-top-section elementor-element elementor-element-sec-iwgcomp2-anu-hethitisch elementor-section-boxed elementor-section-height-default elementor-section-height-default\" data-id=\"sec-iwgcomp2-anu-hethitisch\" data-element_type=\"section\" data-e-type=\"section\">\n\t\t\t\t\t\t<div class=\"elementor-container elementor-column-gap-default\">\n\t\t\t\t\t<div class=\"elementor-column elementor-col-100 elementor-top-column elementor-element elementor-element-col-iwgcomp2-anu-hethitisch\" data-id=\"col-iwgcomp2-anu-hethitisch\" data-element_type=\"column\" data-e-type=\"column\">\n\t\t\t<div class=\"elementor-widget-wrap elementor-element-populated\">\n\t\t\t\t\t\t<div class=\"elementor-element elementor-element-iwgcomp2-anu-hethitisch elementor-widget elementor-widget-text-editor\" data-id=\"iwgcomp2-anu-hethitisch\" data-element_type=\"widget\" data-e-type=\"widget\" data-widget_type=\"text-editor.default\">\n\t\t\t\t\t\t\t\t\t<p>Anu (en la variant hitita) \u00e9s considerat, en el <span class=\"iwg-fachbegriff\" data-tooltip=\"El conjunt de d\u00e9us d'una religi\u00f3 o cultura.\" tabindex=\"0\">pante\u00f3<\/span> <strong>hatti\u00e0-hurrita<\/strong>, un d\u00e9u del cel i predecessor de Kumarbi.<\/p>\t\t\t\t\t\t\t\t<\/div>\n\t\t\t\t\t<\/div>\n\t\t<\/div>\n\t\t\t\t\t<\/div>\n\t\t<\/section>\n\t\t<div class=\"elementor-element elementor-element-iwgw-anuhethiti-s0 e-flex e-con-boxed e-con e-parent\" data-id=\"iwgw-anuhethiti-s0\" data-element_type=\"container\" data-e-type=\"container\">\n\t\t\t\t\t<div class=\"e-con-inner\">\n\t\t\t\t<div class=\"elementor-element elementor-element-iwgw-anuhethiti-s0h elementor-widget elementor-widget-heading\" data-id=\"iwgw-anuhethiti-s0h\" data-element_type=\"widget\" data-e-type=\"widget\" data-widget_type=\"heading.default\">\n\t\t\t\t\t<h2 class=\"elementor-heading-title elementor-size-default\">Classificaci\u00f3 i perfil breu<\/h2>\t\t\t\t<\/div>\n\t\t<div class=\"elementor-element elementor-element-iwgw-anuhethiti-s0c e-con-full e-flex e-con e-child\" data-id=\"iwgw-anuhethiti-s0c\" data-element_type=\"container\" data-e-type=\"container\">\n\t\t\t\t<div class=\"elementor-element elementor-element-iwgw-anuhethiti-s0t elementor-widget elementor-widget-text-editor\" data-id=\"iwgw-anuhethiti-s0t\" data-element_type=\"widget\" data-e-type=\"widget\" data-widget_type=\"text-editor.default\">\n\t\t\t\t\t\t\t\t\t<p>Anu \u00e9s origin\u00e0riament el d\u00e9u suprem del cel de la tradici\u00f3 sum\u00e8rio-acc\u00e0dia; el seu nom significa senzillament &#8216;cel&#8217; en sumeri. En la recepci\u00f3 hurrita-hitita apareix com el segon rei del cel en el cicle de Kumarbi, una posici\u00f3 que el converteix en un personatge central, encara que transm\u00e8s, de la teogonia.<\/p><p>Volkert Haas ha descrit detalladament, a <em>Geschichte der hethitischen Religion<\/em> (1994), l&#8217;assimilaci\u00f3 de d\u00e9us mesopot\u00e0mics dins del <span class=\"iwg-fachbegriff\" data-tooltip=\"El conjunt de d\u00e9us d'una religi\u00f3 o cultura.\" tabindex=\"0\">pante\u00f3<\/span> hurrita.<\/p><p>Des del punt de vista de la hist\u00f2ria de les religions, Anu \u00e9s un exemple de com la <span class=\"iwg-fachbegriff\" data-tooltip=\"La doctrina cient\u00edfica sobre D\u00e9u i la fe d'una religi\u00f3.\" tabindex=\"0\">teologia<\/span> mesopot\u00e0mica va migrar cap a la regi\u00f3 anat\u00f2lica-s\u00edria.<\/p><p>Mentre que a Sumer i Acc\u00e0dia va romandre com la divinitat suprema del cel fins al primer mil\u00b7lenni aC, en la <a href=\"https:\/\/iwell-guard.com\/ca\/hitita-anatolic-tarhunna-deus-proteccio\/\">tradici\u00f3 hitita<\/a> forma sobretot part del <span class=\"iwg-fachbegriff\" data-tooltip=\"Un relat transm\u00e8s sobre d\u00e9us, or\u00edgens i l'ordre del m\u00f3n.\" tabindex=\"0\">mite<\/span> teog\u00f2nic i gaireb\u00e9 no apareix de manera independent en el <span class=\"iwg-fachbegriff\" data-tooltip=\"El conjunt d'actes de veneraci\u00f3 religiosa cap a una divinitat o figura sagrada.\" tabindex=\"0\">culte<\/span>. Aquesta difer\u00e8ncia entre la posici\u00f3 teol\u00f2gica i la pr\u00e0ctica cultual resulta reveladora des de la hist\u00f2ria de les religions.<\/p><p><span data-nosnippet>Trevor Bryce ha assenyalat, a <em>The Kingdom of the Hittites<\/em> (2005), la funci\u00f3 teol\u00f2gica d&#8217;Anu com a rei del cel &#8216;superat&#8217;: la seva castraci\u00f3 \u00e9s l&#8217;acte creador del qual sorgeix el r\u00e8gim div\u00ed m\u00e9s jove.<\/span><\/p><p>Aquesta posici\u00f3 determina la seva percepci\u00f3 en la religi\u00f3 hitita m\u00e9s que el seu perfil independent. Mary Bachvarova ha resseguit detalladament, a <em>From Hittite to Homer<\/em> (2016), la transmissi\u00f3 d&#8217;Anu des de l&#8217;\u00e0mbit mesopot\u00e0mic, a trav\u00e9s de la tradici\u00f3 hurrita, fins a la teogonia grega com a Ur\u00e0.<\/p><p>En comparaci\u00f3 amb el seu model mesopot\u00e0mic, l&#8217;Anu hitita \u00e9s doncs m\u00e9s b\u00e9 una figura liter\u00e0ria que un d\u00e9u vivament cultual. Aquest despla\u00e7ament dels punts focals funcionals \u00e9s t\u00edpic de l&#8217;assimilaci\u00f3 hitita de d\u00e9us mesopot\u00e0mics, que solien integrar-se en un marc teol\u00f2gic-mitol\u00f2gic sense importar-ne tot l&#8217;aparell cultual.<\/p>\t\t\t\t\t\t\t\t<\/div>\n\t\t\t\t<\/div>\n\t\t\t\t\t<\/div>\n\t\t\t\t<\/div>\n\t\t<div class=\"elementor-element elementor-element-iwgw-anuhethiti-s1 e-flex e-con-boxed e-con e-parent\" data-id=\"iwgw-anuhethiti-s1\" data-element_type=\"container\" data-e-type=\"container\">\n\t\t\t\t\t<div class=\"e-con-inner\">\n\t\t\t\t<div class=\"elementor-element elementor-element-iwgw-anuhethiti-s1h elementor-widget elementor-widget-heading\" data-id=\"iwgw-anuhethiti-s1h\" data-element_type=\"widget\" data-e-type=\"widget\" data-widget_type=\"heading.default\">\n\t\t\t\t\t<h2 class=\"elementor-heading-title elementor-size-default\">Nom i etimologia<\/h2>\t\t\t\t<\/div>\n\t\t<div class=\"elementor-element elementor-element-iwgw-anuhethiti-s1c e-con-full e-flex e-con e-child\" data-id=\"iwgw-anuhethiti-s1c\" data-element_type=\"container\" data-e-type=\"container\">\n\t\t\t\t<div class=\"elementor-element elementor-element-iwgw-anuhethiti-s1t elementor-widget elementor-widget-text-editor\" data-id=\"iwgw-anuhethiti-s1t\" data-element_type=\"widget\" data-e-type=\"widget\" data-widget_type=\"text-editor.default\">\n\t\t\t\t\t\t\t\t\t<p>El nom Anu \u00e9s sumeri i significa literalment &#8216;cel&#8217; o &#8216;el cel&#8217;. En accadi s&#8217;escriu com <em>Anu<\/em>, en hitita de manera logogr\u00e0fica DAN-NA o fon\u00e8ticament <em>A-nu-u\u0161<\/em>. En el cicle hurrita de Kumarbi apareix com <em>Anu\u0161<\/em>. En el luvita jerogl\u00edfic no est\u00e0 atestat de manera independent; el logograma DEUS.CAELUM (&#8216;d\u00e9u del cel&#8217;) remet m\u00e9s b\u00e9 a altres hip\u00f2stasis.<\/p><p>El significat teol\u00f2gic &#8216;cel&#8217; \u00e9s extremament antic en sumeri i es concep en la teogonia com a categoria c\u00f2smica fonamental. Anu no \u00e9s un d\u00e9u del cel, sin\u00f3 el cel mateix, una concepci\u00f3 que tamb\u00e9 es mant\u00e9 en la recepci\u00f3 hurrita.<\/p><p>Aquesta identitat entre d\u00e9u i \u00e0mbit c\u00f2smic \u00e9s un tret arcaic que en el <span class=\"iwg-fachbegriff\" data-tooltip=\"El conjunt de d\u00e9us d'una religi\u00f3 o cultura.\" tabindex=\"0\">pante\u00f3<\/span> mesopot\u00e0mic posterior cedeix pas a una concepci\u00f3 divina m\u00e9s personalitzada.<\/p><p>En accadi apareix sovint a les llistes de d\u00e9us com a d\u00e9u suprem; en la llista de d\u00e9us hurrita d&#8217;Ugarit (les anomenades &#8216;llistes de d\u00e9us de Bo\u011fazk\u00f6y&#8217;) ocupa el tercer lloc, despr\u00e9s d&#8217;Alalu i abans de Kumarbi. En els tractats de vassallatge hitites \u00e9s invocat de vegades com &#8216;el cel&#8217;, testimoni c\u00f2smic de jurament, funci\u00f3 que reflecteix la seva representaci\u00f3 c\u00f2smica.<\/p>\t\t\t\t\t\t\t\t<\/div>\n\t\t\t\t<\/div>\n\t\t\t\t\t<\/div>\n\t\t\t\t<\/div>\n\t\t<div class=\"elementor-element elementor-element-iwgw-anuhethiti-s2 e-flex e-con-boxed e-con e-parent\" data-id=\"iwgw-anuhethiti-s2\" data-element_type=\"container\" data-e-type=\"container\">\n\t\t\t\t\t<div class=\"e-con-inner\">\n\t\t\t\t<div class=\"elementor-element elementor-element-iwgw-anuhethiti-s2h elementor-widget elementor-widget-heading\" data-id=\"iwgw-anuhethiti-s2h\" data-element_type=\"widget\" data-e-type=\"widget\" data-widget_type=\"heading.default\">\n\t\t\t\t\t<h2 class=\"elementor-heading-title elementor-size-default\">Descripci\u00f3 i iconografia<\/h2>\t\t\t\t<\/div>\n\t\t<div class=\"elementor-element elementor-element-iwgw-anuhethiti-s2c e-con-full e-flex e-con e-child\" data-id=\"iwgw-anuhethiti-s2c\" data-element_type=\"container\" data-e-type=\"container\">\n\t\t\t\t<div class=\"elementor-element elementor-element-iwgw-anuhethiti-s2t elementor-widget elementor-widget-text-editor\" data-id=\"iwgw-anuhethiti-s2t\" data-element_type=\"widget\" data-e-type=\"widget\" data-widget_type=\"text-editor.default\">\n\t\t\t\t\t\t\t\t\t<p>Anu no t\u00e9 una imatge pr\u00f2pia fixa en la iconografia hurrita-hitita. A Yaz\u0131l\u0131kaya no \u00e9s identificat amb certesa. En alguns segells de Nuzi i Alala\u1e2b apareix possiblement un &#8216;Anu amb corona de banyes&#8217;, per\u00f2 la identificaci\u00f3 \u00e9s discutida. Volkert Haas ha assenyalat que Anu \u00e9s m\u00e9s b\u00e9 un &#8216;constructe teol\u00f2gic&#8217; que una figura iconogr\u00e0fica.<\/p><p>En el context mesopot\u00e0mic apareix com un d\u00e9u entronitzat amb corona de banyes i ceptre; en algunes representacions tardanes amb un marc d&#8217;estels que simbolitza el cel nocturn. En els textos hitites no se li atribueix cap simbolisme animal o vegetal espec\u00edfic.<\/p><p>Una particularitat \u00e9s la seva extensi\u00f3 c\u00f2smica: Anu \u00e9s alhora l&#8217;\u00e0mbit celestial suprem i la personificaci\u00f3 d&#8217;aquest \u00e0mbit. Aquesta doble funci\u00f3 el fa dif\u00edcil de captar iconogr\u00e0ficament. Cient\u00edficament pertany al tipus del d\u00e9u creador c\u00f2smic, caracteritzat per la seva posici\u00f3 preeminent en l&#8217;esquema teog\u00f2nic i no per una activitat personal.<\/p>\t\t\t\t\t\t\t\t<\/div>\n\t\t\t\t<\/div>\n\t\t\t\t\t<\/div>\n\t\t\t\t<\/div>\n\t\t<div class=\"elementor-element elementor-element-iwgw-anuhethiti-s3 e-flex e-con-boxed e-con e-parent\" data-id=\"iwgw-anuhethiti-s3\" data-element_type=\"container\" data-e-type=\"container\">\n\t\t\t\t\t<div class=\"e-con-inner\">\n\t\t\t\t<div class=\"elementor-element elementor-element-iwgw-anuhethiti-s3h elementor-widget elementor-widget-heading\" data-id=\"iwgw-anuhethiti-s3h\" data-element_type=\"widget\" data-e-type=\"widget\" data-widget_type=\"heading.default\">\n\t\t\t\t\t<h2 class=\"elementor-heading-title elementor-size-default\">Relats mitol\u00f2gics<\/h2>\t\t\t\t<\/div>\n\t\t<div class=\"elementor-element elementor-element-iwgw-anuhethiti-s3c e-con-full e-flex e-con e-child\" data-id=\"iwgw-anuhethiti-s3c\" data-element_type=\"container\" data-e-type=\"container\">\n\t\t\t\t<div class=\"elementor-element elementor-element-iwgw-anuhethiti-s3t elementor-widget elementor-widget-text-editor\" data-id=\"iwgw-anuhethiti-s3t\" data-element_type=\"widget\" data-e-type=\"widget\" data-widget_type=\"text-editor.default\">\n\t\t\t\t\t\t\t\t\t<p>La font principal per a Anu en el context hurrita-hitita \u00e9s el &#8216;Cant de la reialesa al cel&#8217; (CTH 344), part del cicle de Kumarbi. El text va ser editat per Hans G\u00fcterbock (1946) i tradu\u00eft per Beckman a <em>Hittite Myths<\/em> (1998).<\/p><p>L&#8217;acci\u00f3 en l\u00ednies generals: Alalu va ser el primer rei al cel; despr\u00e9s de nou anys, Anu el va enderrocar i el va enviar al m\u00f3n inferior. Anu va regnar nou anys, despr\u00e9s el va enderrocar <a href=\"https:\/\/iwell-guard.com\/ca\/?page_id=171714\">Kumarbi<\/a>, que el va agafar i li va arrencar els testicles amb les dents.<\/p><p>La &#8216;llavor viril&#8217; d&#8217;Anu va fluir aleshores dins de Kumarbi; de la llavor van cr\u00e9ixer tres d\u00e9us dins de Kumarbi: <a href=\"https:\/\/iwell-guard.com\/ca\/?page_id=171715\">Teshub<\/a>, el d\u00e9u del Tigris Aranza\u1e2b, i un altre d\u00e9u m\u00e9s. Anu riu des del cel del dolor de Kumarbi, anuncia el naixement pr\u00f2xim dels seus descendents venjatius i escapa cap al cel.<\/p><p><span data-nosnippet>Aquest relat \u00e9s un dels episodis de teogonia m\u00e9s c\u00e8lebres de la literatura de l&#8217;Orient antic i es discuteix, en la <span class=\"iwg-fachbegriff\" data-tooltip=\"La ci\u00e8ncia que investiga les religions de manera comparativa i sense vincle de fe.\" tabindex=\"0\">ci\u00e8ncia de les religions<\/span> comparada, com el model m\u00e9s important del <span class=\"iwg-fachbegriff\" data-tooltip=\"Un relat transm\u00e8s sobre d\u00e9us, or\u00edgens i l'ordre del m\u00f3n.\" tabindex=\"0\">mite<\/span> grec d&#8217;Ur\u00e0. Walter Burkert ha tractat \u00e0mpliament aquests paral\u00b7lelismes a <em>Die orientalisierende Epoche<\/em> (1984) i a <em>Babylon, Memphis, Persepolis<\/em> (2003).<\/span><\/p><p>Tant la semblan\u00e7a estructural (successi\u00f3 de generacions, castraci\u00f3 del pare pel fill) com el <span class=\"iwg-fachbegriff\" data-tooltip=\"Un element de contingut recurrent en l'art o el relat.\" tabindex=\"0\">motiu<\/span> com\u00fa de la fecundaci\u00f3 per esperma vessat fan probable la depend\u00e8ncia en la hist\u00f2ria de les religions, encara que les vies exactes de transmissi\u00f3 continuen sent objecte de debat.<\/p><p>En un altre relat conservat de manera fragment\u00e0ria, l&#8217;ordre c\u00f2smic es reparteix de nou: Anu rep el cel, Kumarbi la terra, Teshub els aires.<\/p><p>Aquesta divisi\u00f3 cosmol\u00f2gica, que recorda la distribuci\u00f3 grega entre Zeus, Posid\u00f3 i Hades, \u00e9s hist\u00f2ricament notable. En les llistes de d\u00e9us hurrites es coneix com les &#8216;Tres mons&#8217; i constitueix la base de l&#8217;estructura teol\u00f2gica del pante\u00f3 hurrita.<\/p>\t\t\t\t\t\t\t\t<\/div>\n\t\t\t\t<\/div>\n\t\t\t\t\t<\/div>\n\t\t\t\t<\/div>\n\t\t<div class=\"elementor-element elementor-element-iwgw-anuhethiti-s4 e-flex e-con-boxed e-con e-parent\" data-id=\"iwgw-anuhethiti-s4\" data-element_type=\"container\" data-e-type=\"container\">\n\t\t\t\t\t<div class=\"e-con-inner\">\n\t\t\t\t<div class=\"elementor-element elementor-element-iwgw-anuhethiti-s4h elementor-widget elementor-widget-heading\" data-id=\"iwgw-anuhethiti-s4h\" data-element_type=\"widget\" data-e-type=\"widget\" data-widget_type=\"heading.default\">\n\t\t\t\t\t<h2 class=\"elementor-heading-title elementor-size-default\">Culte i veneraci\u00f3<\/h2>\t\t\t\t<\/div>\n\t\t<div class=\"elementor-element elementor-element-iwgw-anuhethiti-s4c e-con-full e-flex e-con e-child\" data-id=\"iwgw-anuhethiti-s4c\" data-element_type=\"container\" data-e-type=\"container\">\n\t\t\t\t<div class=\"elementor-element elementor-element-iwgw-anuhethiti-s4t elementor-widget elementor-widget-text-editor\" data-id=\"iwgw-anuhethiti-s4t\" data-element_type=\"widget\" data-e-type=\"widget\" data-widget_type=\"text-editor.default\">\n\t\t\t\t\t\t\t\t\t<p>A difer\u00e8ncia de Mesopot\u00e0mia, on Anu tenia a Uruk un <span class=\"iwg-fachbegriff\" data-tooltip=\"Un edifici destinat al culte d'una o diverses divinitats.\" tabindex=\"0\">temple<\/span> propi (l&#8217;Eanna, compartit amb Inanna\/I\u0161tar), a l&#8217;Anat\u00f2lia no hi ha grans santuaris independents dedicats a Anu. Volkert Haas mostra que Anu apareix regularment a les llistes de d\u00e9us hitites, per\u00f2 gaireb\u00e9 mai en calendaris festius ni en el culte diari del temple.<\/p><p>Una excepci\u00f3 la constitueixen els rituals de jurament hurrita-hitites, en els quals Anu \u00e9s invocat com a &#8216;cel&#8217; i testimoni del jurament. La f\u00f3rmula de jurament &#8216;Que el cel i la terra ho escoltin&#8217; est\u00e0 \u00e0mpliament estesa a l&#8217;Orient antic i documentada en tractats hitites; en aquests contextos, Anu personifica el &#8216;cel&#8217;.<\/p><p>A les llistes de <span class=\"iwg-fachbegriff\" data-tooltip=\"El conjunt de d\u00e9us d'una religi\u00f3 o cultura.\" tabindex=\"0\">pante\u00f3<\/span> hurrites, com les procedents de Bo\u011fazk\u00f6y, Anu figura habitualment en les files superiors, la qual cosa indica un reconeixement teol\u00f2gic sense activitat cultual pr\u00e0ctica.<\/p><p>Des del punt de vista de la hist\u00f2ria de les religions, aquesta dist\u00e0ncia entre el rang teol\u00f2gic i l&#8217;abs\u00e8ncia de pr\u00e0ctica cultual resulta especialment reveladora. A les llistes d&#8217;ofrenes festives apareix com a receptor de petites porcions d&#8217;ofrena, pa, cervesa, vi, generalment assignades de manera gen\u00e8rica dins la llista de d\u00e9us, sense una atenci\u00f3 cultual pr\u00f2pia.<\/p><p>En els rituals de jurament hurrites <em>itkahi<\/em>, Anu \u00e9s invocat juntament amb &#8216;la terra, les muntanyes, els rius, les fonts, el vent i els n\u00favols&#8217; com a testimoni c\u00f2smic. Aquesta invocaci\u00f3 ritualitzada de la natura forma part de la f\u00f3rmula est\u00e0ndard de l&#8217;Orient antic per als juraments de tractat i mostra la funci\u00f3 d&#8217;Anu com a cosmos personificat, no com a d\u00e9u individualitzat.<\/p>\t\t\t\t\t\t\t\t<\/div>\n\t\t\t\t<\/div>\n\t\t\t\t\t<\/div>\n\t\t\t\t<\/div>\n\t\t<div class=\"elementor-element elementor-element-iwgw-anuhethiti-s5 e-flex e-con-boxed e-con e-parent\" data-id=\"iwgw-anuhethiti-s5\" data-element_type=\"container\" data-e-type=\"container\">\n\t\t\t\t\t<div class=\"e-con-inner\">\n\t\t\t\t<div class=\"elementor-element elementor-element-iwgw-anuhethiti-s5h elementor-widget elementor-widget-heading\" data-id=\"iwgw-anuhethiti-s5h\" data-element_type=\"widget\" data-e-type=\"widget\" data-widget_type=\"heading.default\">\n\t\t\t\t\t<h2 class=\"elementor-heading-title elementor-size-default\">Pr\u00e0ctica de protecci\u00f3 i elements apotropaics<\/h2>\t\t\t\t<\/div>\n\t\t<div class=\"elementor-element elementor-element-iwgw-anuhethiti-s5c e-con-full e-flex e-con e-child\" data-id=\"iwgw-anuhethiti-s5c\" data-element_type=\"container\" data-e-type=\"container\">\n\t\t\t\t<div class=\"elementor-element elementor-element-iwgw-anuhethiti-s5t elementor-widget elementor-widget-text-editor\" data-id=\"iwgw-anuhethiti-s5t\" data-element_type=\"widget\" data-e-type=\"widget\" data-widget_type=\"text-editor.default\">\n\t\t\t\t\t\t\t\t\t<p>En el seu context hitita, Anu dif\u00edcilment era invocat com a d\u00e9u protector; la seva funci\u00f3 \u00e9s m\u00e9s teog\u00f2nica i cosmol\u00f2gica que protectora a nivell individual. En els rituals de jurament est\u00e0 documentada la seva funci\u00f3 d\u00bb&#8217;escoltar&#8217; com a testimoni del jurament; no es coneix cap acte de protecci\u00f3 directa per al qui jura.<\/p><p><span data-nosnippet>No hi ha const\u00e0ncia, en les fonts hitites, de pr\u00e0ctiques apotropaiques amb refer\u00e8ncia directa a Anu. En els rituals m\u00e0gics mesopot\u00e0mics \u00e9s invocat de vegades, per\u00f2 gaireb\u00e9 mai en el context hitita. Volkert Haas ha mostrat a <em>Materia Magica et Medica Hethitica<\/em> (2003) que la pr\u00e0ctica ritual protectora hitita utilitzava principalment divinitats locals anat\u00f2lies, despr\u00e9s hurrites, i nom\u00e9s marginalment importacions mesopot\u00e0miques.<\/span><\/p><p>Aquesta reserva cultual posa de manifest el car\u00e0cter teol\u00f2gic-funcional d&#8217;Anu dins el <span class=\"iwg-fachbegriff\" data-tooltip=\"El conjunt de d\u00e9us d'una religi\u00f3 o cultura.\" tabindex=\"0\">pante\u00f3<\/span> hitita: \u00e9s m\u00e9s una posici\u00f3 dins la successi\u00f3 teog\u00f2nica que una figura cultualment viva.<\/p><p>iWell Guard el recull com una figura hist\u00f2rico-mitol\u00f2gica sense funci\u00f3 de protecci\u00f3 actual. El seu significat s&#8217;esgota en el relat teog\u00f2nic i en el seu paper de mitjancer en la transmissi\u00f3 hist\u00f2rica de la teogonia entre l&#8217;Orient i el m\u00f3n hel\u00b7l\u00e8nic.<\/p><p>Malgrat la seva marginalitat cultual, Anu roman present en les f\u00f3rmules de jurament com a garant. En els tractats de vassallatge, la f\u00f3rmula &#8216;Que el cel i la terra ho escoltin&#8217; es desenvolupa sovint invocant per separat Anu, la terra, les muntanyes i els rius. Aquesta invocaci\u00f3 ritualitzada de la natura mostra que Anu, tot i no ser una figura de protecci\u00f3 personal, va romandre viu com a inst\u00e0ncia c\u00f2smica del jurament.<\/p>\t\t\t\t\t\t\t\t<\/div>\n\t\t\t\t<\/div>\n\t\t\t\t\t<\/div>\n\t\t\t\t<\/div>\n\t\t<div class=\"elementor-element elementor-element-iwgw-anuhethiti-s6 e-flex e-con-boxed e-con e-parent\" data-id=\"iwgw-anuhethiti-s6\" data-element_type=\"container\" data-e-type=\"container\">\n\t\t\t\t\t<div class=\"e-con-inner\">\n\t\t\t\t<div class=\"elementor-element elementor-element-iwgw-anuhethiti-s6h elementor-widget elementor-widget-heading\" data-id=\"iwgw-anuhethiti-s6h\" data-element_type=\"widget\" data-e-type=\"widget\" data-widget_type=\"heading.default\">\n\t\t\t\t\t<h2 class=\"elementor-heading-title elementor-size-default\">Paral\u00b7lelismes en altres cultures<\/h2>\t\t\t\t<\/div>\n\t\t<div class=\"elementor-element elementor-element-iwgw-anuhethiti-s6c e-con-full e-flex e-con e-child\" data-id=\"iwgw-anuhethiti-s6c\" data-element_type=\"container\" data-e-type=\"container\">\n\t\t\t\t<div class=\"elementor-element elementor-element-iwgw-anuhethiti-s6t elementor-widget elementor-widget-text-editor\" data-id=\"iwgw-anuhethiti-s6t\" data-element_type=\"widget\" data-e-type=\"widget\" data-widget_type=\"text-editor.default\">\n\t\t\t\t\t\t\t\t\t<p>El paral\u00b7lel m\u00e9s important \u00e9s l&#8217;Ur\u00e0 grec: igual que Anu, Ur\u00e0 \u00e9s emasculat pel seu fill, en aquest cas per Cronos amb una fal\u00e7, i l&#8217;esperma que en surt genera \u00e9ssers divins i monstruosos.<\/p><p>Afrodita neix de l&#8217;esperma caigut al mar. Els paral\u00b7lelismes amb el <span class=\"iwg-fachbegriff\" data-tooltip=\"Un relat transm\u00e8s sobre d\u00e9us, or\u00edgens i l'ordre del m\u00f3n.\" tabindex=\"0\">mite<\/span> hurrita-hitita d&#8217;Anu-Kumarbi s\u00f3n tan estrets que Hans G\u00fcterbock ja el 1946, i Walter Burkert en diversos estudis, van postular una influ\u00e8ncia directa.<\/p><p>En el <a href=\"https:\/\/iwell-guard.com\/ca\/fenicis-cartago-baal-tanit-proteccio\/\">pante\u00f3 fenici<\/a> no hi ha una teogonia d&#8217;emasculaci\u00f3 expressament testimoniada; tot i aix\u00f2, Fil\u00f3 de Biblos cita fragments de teogonia que presenten seq\u00fc\u00e8ncies de generacions estructuralment similars. Albert Baumgarten ha discutit \u00e0mpliament aquests paral\u00b7lelismes a <em>The Phoenician History of Philo of Byblos<\/em> (1981).<\/p><p>Des del punt de vista de la hist\u00f2ria de les religions, Anu \u00e9s un testimoni clau de la transmissi\u00f3 teog\u00f2nica mesopot\u00e0mica-anat\u00f2lica-grega. Mary Bachvarova ha estudiat detalladament els mecanismes de transmissi\u00f3 a <em>From Hittite to Homer<\/em> (2016) i ha mostrat que els cantors hurrites (kaluti) i la mediaci\u00f3 a trav\u00e9s de les zones de contacte del nord de S\u00edria i Xipre van ser les vies de transmissi\u00f3 m\u00e9s importants.<\/p><p>Una dificultat particular de la recerca sobre Anu en el context hitita rau en la distinci\u00f3 entre \u00abAnu com a gran d\u00e9u mesopot\u00e0mic\u00bb i \u00abAnu dins del cicle de Kumarbi com a posici\u00f3 teog\u00f2nica\u00bb. Tot i que ambdues facetes estan relacionades, els seus \u00e0mbits funcionals s\u00f3n diferents: en el context mesopot\u00e0mic Anu \u00e9s culticament actiu, mentre que en el material hitita \u00e9s sobretot m\u00edtic i literari.<\/p><p>En comparaci\u00f3 amb el d\u00e9u paternal semita occidental El, que exerceix funcions similars, el perfil mitol\u00f2gic d&#8217;Anu queda encara m\u00e9s clarament limitat a la seq\u00fc\u00e8ncia de creaci\u00f3. El es mant\u00e9 com a d\u00e9u patern suprem actiu en els textos ugar\u00edtics; Anu, en canvi, \u00e9s emp\u00e8s a un segon pla per la successi\u00f3 de generacions. Aquesta difer\u00e8ncia t\u00e9 una import\u00e0ncia hist\u00f2rica considerable.<\/p>\t\t\t\t\t\t\t\t<\/div>\n\t\t\t\t<\/div>\n\t\t\t\t\t<\/div>\n\t\t\t\t<\/div>\n\t\t<div class=\"elementor-element elementor-element-iwgw-anuhethiti-s7 e-flex e-con-boxed e-con e-parent\" data-id=\"iwgw-anuhethiti-s7\" data-element_type=\"container\" data-e-type=\"container\">\n\t\t\t\t\t<div class=\"e-con-inner\">\n\t\t\t\t<div class=\"elementor-element elementor-element-iwgw-anuhethiti-s7h elementor-widget elementor-widget-heading\" data-id=\"iwgw-anuhethiti-s7h\" data-element_type=\"widget\" data-e-type=\"widget\" data-widget_type=\"heading.default\">\n\t\t\t\t\t<h2 class=\"elementor-heading-title elementor-size-default\">Recepci\u00f3 i investigaci\u00f3 actuals<\/h2>\t\t\t\t<\/div>\n\t\t<div class=\"elementor-element elementor-element-iwgw-anuhethiti-s7c e-con-full e-flex e-con e-child\" data-id=\"iwgw-anuhethiti-s7c\" data-element_type=\"container\" data-e-type=\"container\">\n\t\t\t\t<div class=\"elementor-element elementor-element-iwgw-anuhethiti-s7t elementor-widget elementor-widget-text-editor\" data-id=\"iwgw-anuhethiti-s7t\" data-element_type=\"widget\" data-e-type=\"widget\" data-widget_type=\"text-editor.default\">\n\t\t\t\t\t\t\t\t\t<p>La recerca sobre Anu en el context hitita forma part principalment de la recerca sobre el cicle de Kumarbi. Hi ha aportacions importants de G\u00fcterbock, Beckman, Hoffner, Bachvarova i Burkert. En el context mesopot\u00e0mic m\u00e9s ampli, la recerca sobre Anu de Wolfgang Heimpel i Andrew George \u00e9s una refer\u00e8ncia est\u00e0ndard. L&#8217;edici\u00f3 de l&#8217;arxiu de l&#8217;Eanna d&#8217;Uruk feta per Bertin i Beaulieu proporciona material sobre el culte a Anu en l&#8217;\u00e0mbit mesopot\u00e0mic.<\/p><p>Popularment Anu \u00e9s pr\u00e0cticament desconegut; apareix ocasionalment en adaptacions ficcionals de la <span class=\"iwg-fachbegriff\" data-tooltip=\"El conjunt dels relats m\u00edtics sobre d\u00e9us transmesos d'una cultura.\" tabindex=\"0\">mitologia<\/span> de l&#8217;Orient Pr\u00f2xim antic. En la recerca acad\u00e8mica de les religions \u00e9s un objecte d&#8217;estudi central per a la teogonia i la successi\u00f3 de generacions dels d\u00e9us. No existeix cap revifada espiritual en sentit neopag\u00e0.<\/p><p>Cient\u00edficament, Anu es considera en el context hitita un baula important de la cadena teog\u00f2nica i un testimoni clau del vincle m\u00edtic entre l&#8217;Orient Pr\u00f2xim antic i Gr\u00e8cia. iWell Guard el presenta, en conseq\u00fc\u00e8ncia, com una figura hist\u00f2rico-mitol\u00f2gica sense cap relaci\u00f3 de protecci\u00f3 actual.<\/p><p>Una q\u00fcesti\u00f3 de recerca actual interessant \u00e9s la transmissi\u00f3 de la teogonia d&#8217;Anu a trav\u00e9s de la tradici\u00f3 fen\u00edcia cap al m\u00f3n grec. L&#8217;edici\u00f3 de Fil\u00f3 de Biblos feta per Albert Baumgarten, aix\u00ed com els estudis de Bonnet sobre els contactes fenici-grecs, mostren que els motius teog\u00f2nics es van infiltrar en el m\u00f3n hel\u00b7l\u00e8nic per diverses vies.<\/p>\t\t\t\t\t\t\t\t<\/div>\n\t\t\t\t<\/div>\n\t\t\t\t\t<\/div>\n\t\t\t\t<\/div>\n\t\t<div class=\"elementor-element elementor-element-iwgw-anuhethiti-s8 e-flex e-con-boxed e-con e-parent\" data-id=\"iwgw-anuhethiti-s8\" data-element_type=\"container\" data-e-type=\"container\">\n\t\t\t\t\t<div class=\"e-con-inner\">\n\t\t\t\t<div class=\"elementor-element elementor-element-iwgw-anuhethiti-s8h elementor-widget elementor-widget-heading\" data-id=\"iwgw-anuhethiti-s8h\" data-element_type=\"widget\" data-e-type=\"widget\" data-widget_type=\"heading.default\">\n\t\t\t\t\t<h2 class=\"elementor-heading-title elementor-size-default\">Bibliografia i fonts<\/h2>\t\t\t\t<\/div>\n\t\t<div class=\"elementor-element elementor-element-iwgw-anuhethiti-s8c e-con-full e-flex e-con e-child\" data-id=\"iwgw-anuhethiti-s8c\" data-element_type=\"container\" data-e-type=\"container\">\n\t\t\t\t<div class=\"elementor-element elementor-element-iwgw-anuhethiti-s8t elementor-widget elementor-widget-text-editor\" data-id=\"iwgw-anuhethiti-s8t\" data-element_type=\"widget\" data-e-type=\"widget\" data-widget_type=\"text-editor.default\">\n\t\t\t\t\t\t\t\t\t<p>Les obres de refer\u00e8ncia m\u00e9s importants sobre la recerca d&#8217;Anu en el context hitita es recullen a la selecci\u00f3 seg\u00fcent; inclouen edicions de la teogonia, estudis comparatius de religions i s\u00edntesis. La primera edici\u00f3 del cicle de Kumarbi feta per Hans G\u00fcterbock \u00e9s la base filol\u00f2gica; la traducci\u00f3 de Beckman fa accessible el material en angl\u00e8s.<\/p><p>Les dues obres de Walter Burkert sobre l&#8217;\u00e8poca orientalitzant i sobre la transmissi\u00f3 teog\u00f2nica s\u00f3n les aportacions comparatives de religions m\u00e9s importants. La s\u00edntesi de Bachvarova ofereix la visi\u00f3 actual sobre la connexi\u00f3 Hitita-Homer amb vies de transmissi\u00f3 detallades.<\/p>\t\t\t\t\t\t\t\t<\/div>\n\t\t\t\t<\/div>\n\t\t\t\t\t<\/div>\n\t\t\t\t<\/div>\n\t\t<div class=\"elementor-element elementor-element-cp20fdaf04 e-flex e-con-boxed e-con e-parent\" data-id=\"cp20fdaf04\" data-element_type=\"container\" data-e-type=\"container\">\n\t\t\t\t\t<div class=\"e-con-inner\">\n\t\t\t\t<div class=\"elementor-element elementor-element-cp2206d895 elementor-widget elementor-widget-heading\" data-id=\"cp2206d895\" data-element_type=\"widget\" data-e-type=\"widget\" data-widget_type=\"heading.default\">\n\t\t\t\t\t<h2 class=\"elementor-heading-title elementor-size-default\">Anu en el cicle de Kumarbi de les tauletes hitites<\/h2>\t\t\t\t<\/div>\n\t\t<div class=\"elementor-element elementor-element-cp25a26074 e-flex e-con-boxed e-con e-child\" data-id=\"cp25a26074\" data-element_type=\"container\" data-e-type=\"container\">\n\t\t\t\t\t<div class=\"e-con-inner\">\n\t\t\t\t<div class=\"elementor-element elementor-element-cp27fb1287 elementor-widget elementor-widget-text-editor\" data-id=\"cp27fb1287\" data-element_type=\"widget\" data-e-type=\"widget\" data-widget_type=\"text-editor.default\">\n\t\t\t\t\t\t\t\t\t<p>L&#8217;Anu hitita no \u00e9s id\u00e8ntic al d\u00e9u celestial mesopot\u00e0mic Anu, encara que porta el mateix nom. Apareix sobretot a les tauletes de l&#8217;anomenat cicle de Kumarbi de Hattusa, un grup de relats hurrites-hitites sobre la successi\u00f3 dels reis divins.<\/p><p>El text central d&#8217;aquest grup s&#8217;anomena habitualment en la recerca <em>Regnat al cel<\/em> o <em>Teogonia<\/em>, i va ser editat de manera exhaustiva per primera vegada per Hans Gustav G\u00fcterbock.<\/p><p>En aquest text, Anu es troba a l&#8217;inici d&#8217;una s\u00e8rie de governants. Abans d&#8217;ell, Alalu havia regnat nou anys, fins que Anu el va enderrocar i el va desterrar al m\u00f3n subterrani. Anu mateix governa tamb\u00e9 nou anys, fins que Kumarbi s&#8217;al\u00e7a contra ell. Aquesta successi\u00f3 de generacions dona al cicle la seva estructura fonamental: cada governant \u00e9s substitu\u00eft violentament pel seg\u00fcent.<\/p><p>Les tauletes estan redactades en llengua hitita, per\u00f2 es basen en models hurrites, de manera que Anu hi apareix com una figura d&#8217;un material narratiu mediat i tradu\u00eft diverses vegades. La conservaci\u00f3 \u00e9s fragment\u00e0ria, i alguns passatges nom\u00e9s es poden completar mitjan\u00e7ant passatges paral\u00b7lels.<\/p><p>Des del punt de vista de la hist\u00f2ria de les religions, l&#8217;Anu hitita \u00e9s, per tant, menys important com a divinitat de culte independent que com a baula d&#8217;un relat literari de successi\u00f3. El seu nom senyala l&#8217;antiga connexi\u00f3 de la <span class=\"iwg-fachbegriff\" data-tooltip=\"La transmissi\u00f3 de coneixements i relats a trav\u00e9s de generacions.\" tabindex=\"0\">tradici\u00f3<\/span> anat\u00f2lica amb les concepcions mesopot\u00e0miques, sense que aix\u00f2 demostri una adopci\u00f3 completa del concepte mesopot\u00e0mic d&#8217;Anu.<\/p>\t\t\t\t\t\t\t\t<\/div>\n\t\t\t\t\t<\/div>\n\t\t\t\t<\/div>\n\t\t\t\t\t<\/div>\n\t\t\t\t<\/div>\n\t\t<div class=\"elementor-element elementor-element-cp2435674a e-flex e-con-boxed e-con e-parent\" data-id=\"cp2435674a\" data-element_type=\"container\" data-e-type=\"container\">\n\t\t\t\t\t<div class=\"e-con-inner\">\n\t\t\t\t<div class=\"elementor-element elementor-element-cp2d4da2f0 elementor-widget elementor-widget-heading\" data-id=\"cp2d4da2f0\" data-element_type=\"widget\" data-e-type=\"widget\" data-widget_type=\"heading.default\">\n\t\t\t\t\t<h2 class=\"elementor-heading-title elementor-size-default\">L'emasculaci\u00f3 d'Anu i les seves conseq\u00fc\u00e8ncies<\/h2>\t\t\t\t<\/div>\n\t\t<div class=\"elementor-element elementor-element-cp2795a26c e-flex e-con-boxed e-con e-child\" data-id=\"cp2795a26c\" data-element_type=\"container\" data-e-type=\"container\">\n\t\t\t\t\t<div class=\"e-con-inner\">\n\t\t\t\t<div class=\"elementor-element elementor-element-cp2710b098 elementor-widget elementor-widget-text-editor\" data-id=\"cp2710b098\" data-element_type=\"widget\" data-e-type=\"widget\" data-widget_type=\"text-editor.default\">\n\t\t\t\t\t\t\t\t\t<p>L&#8217;episodi de conseq\u00fc\u00e8ncies m\u00e9s grans al voltant de l&#8217;Anu hitita \u00e9s la seva castraci\u00f3 per part de Kumarbi. Quan Kumarbi es disposa a lluitar contra Anu, aquest primer cedeix, per\u00f2 despr\u00e9s fuig cap amunt, cap al cel.<\/p><p>Kumarbi l&#8217;agafa pels peus, l&#8217;estira cap avall i li mossega els genitals. Amb aix\u00f2 Kumarbi queda embarassat i porta dins seu diverses divinitats, entre elles el futur d\u00e9u de la tempesta Te\u0161ub.<\/p><p>El text descriu tot seguit com Kumarbi intenta desfer-se d&#8217;all\u00f2 que s&#8217;ha format en el seu interior, i com els d\u00e9us que porta a dins surten a la llum a trav\u00e9s de diferents orificis o parts del cos.<\/p><p>Els detalls resten en part poc clars a causa dels danys a les tauletes, per\u00f2 el proc\u00e9s b\u00e0sic est\u00e0 confirmat: de l&#8217;acte violent contra Anu sorgeix la generaci\u00f3 de d\u00e9us seg\u00fcent, la que Kumarbi mateix acabar\u00e0 derrocant m\u00e9s endavant.<\/p><p>Aquest episodi ha rebut una gran atenci\u00f3 en els estudis d&#8217;antiguitat, perqu\u00e8 recorda estructuralment la Teogonia grega d&#8217;Hes\u00edode, on Cronos castra el seu pare Ur\u00e0. Investigadors com G\u00fcterbock, i despr\u00e9s d&#8217;ell nombrosos grecistes i orientalistes de l&#8217;antiguitat, han parlat per aix\u00f2 d&#8217;una relaci\u00f3 de motius entre la <span class=\"iwg-fachbegriff\" data-tooltip=\"La transmissi\u00f3 de coneixements i relats al llarg de generacions.\" tabindex=\"0\">tradici\u00f3<\/span> anat\u00f2lico-hurrita i la grega.<\/p><p>Les vies exactes de transmissi\u00f3 continuen sent objecte de debat, i no est\u00e0 confirmat que hi hagi una depend\u00e8ncia liter\u00e0ria directa. El que s\u00ed \u00e9s segur \u00e9s que l&#8217;episodi de la castraci\u00f3 ha convertit l&#8217;Anu hitita en un punt de refer\u00e8ncia central per a la mitologia comparada. Dins del cicle, aquest episodi explica tamb\u00e9 l&#8217;origen de Te\u0161ub i, per tant, la condici\u00f3 pr\u00e8via per a la seva posterior lluita contra <a href=\"https:\/\/iwell-guard.com\/ca\/?page_id=171718\">Ullikummi<\/a>.<\/p>\t\t\t\t\t\t\t\t<\/div>\n\t\t\t\t\t<\/div>\n\t\t\t\t<\/div>\n\t\t\t\t\t<\/div>\n\t\t\t\t<\/div>\n\t\t<div class=\"elementor-element elementor-element-iwgw-anuhethiti-lit e-flex e-con-boxed e-con e-parent\" data-id=\"iwgw-anuhethiti-lit\" data-element_type=\"container\" data-e-type=\"container\">\n\t\t\t\t\t<div class=\"e-con-inner\">\n\t\t\t\t<div class=\"elementor-element elementor-element-iwgw-anuhethiti-lith elementor-widget elementor-widget-heading\" data-id=\"iwgw-anuhethiti-lith\" data-element_type=\"widget\" data-e-type=\"widget\" data-widget_type=\"heading.default\">\n\t\t\t\t\t<h2 class=\"elementor-heading-title elementor-size-default\">Bibliografia (selecci\u00f3)<\/h2>\t\t\t\t<\/div>\n\t\t<div class=\"elementor-element elementor-element-iwgw-anuhethiti-litc e-con-full e-flex e-con e-child\" data-id=\"iwgw-anuhethiti-litc\" data-element_type=\"container\" data-e-type=\"container\">\n\t\t\t\t<div class=\"elementor-element elementor-element-iwgw-anuhethiti-litt elementor-widget elementor-widget-text-editor\" data-id=\"iwgw-anuhethiti-litt\" data-element_type=\"widget\" data-e-type=\"widget\" data-widget_type=\"text-editor.default\">\n\t\t\t\t\t\t\t\t\t<ul><li>Hans G\u00fcterbock: <em>Kumarbi. Mythen vom churritischen Kronos<\/em> (Z\u00fcrich 1946)<\/li><li>Gary Beckman: <em>Hittite Myths<\/em> (SBL 1998)<\/li><li>Walter Burkert: <em>Die orientalisierende Epoche<\/em> (Heidelberg 1984)<\/li><li><span data-nosnippet>Walter Burkert: <em>Babylon, Memphis, Persepolis<\/em> (Cambridge MA 2003)<\/span><\/li><li>Mary Bachvarova: <em>From Hittite to Homer<\/em> (Cambridge 2016)<\/li><li>Volkert Haas: <em>Geschichte der hethitischen Religion<\/em> (Leiden 1994)<\/li><\/ul>\t\t\t\t\t\t\t\t<\/div>\n\t\t\t\t<\/div>\n\t\t\t\t\t<\/div>\n\t\t\t\t<\/div>\n\t\t<div class=\"elementor-element elementor-element-iwgkw-add-anuhethitisch e-flex e-con-boxed e-con e-parent\" data-id=\"iwgkw-add-anuhethitisch\" data-element_type=\"container\" data-e-type=\"container\">\n\t\t\t\t\t<div class=\"e-con-inner\">\n\t\t\t\t<div class=\"elementor-element elementor-element-iwgkw-add-anuhethitisch-t elementor-widget elementor-widget-text-editor\" data-id=\"iwgkw-add-anuhethitisch-t\" data-element_type=\"widget\" data-e-type=\"widget\" data-widget_type=\"text-editor.default\">\n\t\t\t\t\t\t\t\t\t<p>L&#8217;Anu de la <span class=\"iwg-fachbegriff\" data-tooltip=\"La transmissi\u00f3 de coneixements i relats al llarg de generacions.\" tabindex=\"0\">tradici\u00f3<\/span> hitita se sustenta sobre una capa de substrat hattita m\u00e9s antiga: la religi\u00f3 anat\u00f2lica, tal com es documenta a les tauletes de \u1e2aattu\u0161a, va incorporar noms de d\u00e9us hattites, llocs de culte i seq\u00fc\u00e8ncies festives, i els va entrella\u00e7ar amb mites hurrites com el cicle de Kumarbi.<\/p><p>Encara que Anu mateix t\u00e9 un origen hurrita-mesopot\u00e0mic, el seu perfil hitita resulta incomprensible sense el rerefons hattita de la llengua c\u00faltica i dels c\u00e0rrecs sacerdotals.<\/p>\t\t\t\t\t\t\t\t<\/div>\n\t\t\t\t\t<\/div>\n\t\t\t\t<\/div>\n\t\t<div class=\"elementor-element elementor-element-iwgkw2-add-anuhethitisch e-flex e-con-boxed e-con e-parent\" data-id=\"iwgkw2-add-anuhethitisch\" data-element_type=\"container\" data-e-type=\"container\">\n\t\t\t\t\t<div class=\"e-con-inner\">\n\t\t\t\t<div class=\"elementor-element elementor-element-iwgkw2-add-anuhethitisch-t elementor-widget elementor-widget-text-editor\" data-id=\"iwgkw2-add-anuhethitisch-t\" data-element_type=\"widget\" data-e-type=\"widget\" data-widget_type=\"text-editor.default\">\n\t\t\t\t\t\t\t\t\t<p>Anu \u00e9s, en el cicle hattita-hurrita de Kumarbi, el d\u00e9u del cel m\u00e9s antic, la destituci\u00f3 del qual per part de Kumarbi posa en marxa la successi\u00f3 din\u00e0stica de d\u00e9us i marca l&#8217;equivalent anat\u00f2lic de les imatges celestes mesopot\u00e0miques.<\/p>\t\t\t\t\t\t\t\t<\/div>\n\t\t\t\t\t<\/div>\n\t\t\t\t<\/div>\n\t\t<div class=\"elementor-element elementor-element-iwgw-anuhethiti-kwd e-flex e-con-boxed e-con e-parent\" data-id=\"iwgw-anuhethiti-kwd\" data-element_type=\"container\" data-e-type=\"container\">\n\t\t\t\t\t<div class=\"e-con-inner\">\n\t\t<div class=\"elementor-element elementor-element-iwgw-anuhethiti-kwdc e-con-full e-flex e-con e-child\" data-id=\"iwgw-anuhethiti-kwdc\" data-element_type=\"container\" data-e-type=\"container\">\n\t\t\t\t<div class=\"elementor-element elementor-element-iwgw-anuhethiti-kwdt elementor-widget elementor-widget-text-editor\" data-id=\"iwgw-anuhethiti-kwdt\" data-element_type=\"widget\" data-e-type=\"widget\" data-widget_type=\"text-editor.default\">\n\t\t\t\t\t\t\t\t\t<p><em>Termes clau relacionats: Anu, hitites, hurrites, cicle de Kumarbi, Alalu, teogonia, d\u00e9u del cel, castraci\u00f3.<\/em><\/p>\t\t\t\t\t\t\t\t<\/div>\n\t\t\t\t<\/div>\n\t\t\t\t\t<\/div>\n\t\t\t\t<\/div>\n\t\t<div class=\"elementor-element elementor-element-iwgw-anuhethiti-cc e-flex e-con-boxed e-con e-parent\" data-id=\"iwgw-anuhethiti-cc\" data-element_type=\"container\" data-e-type=\"container\" id=\"iwg-cc-anu-hethitisch\">\n\t\t\t\t\t<div class=\"e-con-inner\">\n\t\t<div class=\"elementor-element elementor-element-iwgw-anuhethiti-ccinner e-flex e-con-boxed e-con e-parent\" data-id=\"iwgw-anuhethiti-ccinner\" data-element_type=\"container\" data-e-type=\"container\" data-settings=\"{&quot;background_background&quot;:&quot;classic&quot;}\">\n\t\t\t\t\t<div class=\"e-con-inner\">\n\t\t\t\t<div class=\"elementor-element elementor-element-iwgw-anuhethiti-cch elementor-widget elementor-widget-heading\" data-id=\"iwgw-anuhethiti-cch\" data-element_type=\"widget\" data-e-type=\"widget\" data-widget_type=\"heading.default\">\n\t\t\t\t\t<h2 class=\"elementor-heading-title elementor-size-default\">iWell Guard i tradicions de protecci\u00f3<\/h2>\t\t\t\t<\/div>\n\t\t\t\t<div class=\"elementor-element elementor-element-iwgw-anuhethiti-cct elementor-widget elementor-widget-text-editor\" data-id=\"iwgw-anuhethiti-cct\" data-element_type=\"widget\" data-e-type=\"widget\" data-widget_type=\"text-editor.default\">\n\t\t\t\t\t\t\t\t\t<div data-nosnippet=\"true\"><p>iWell Guard s&#8217;inspira en la tradici\u00f3 cultural i hist\u00f2rica dels objectes protectors portables, seguint la tradici\u00f3 de l&#8217;<a href=\"https:\/\/iwell-guard.com\/ca\/hitita-anatolic-tarhunna-deus-proteccio\/\">hitita<\/a> i de moltes altres cultures d&#8217;arreu del m\u00f3n. 41 capes, or aut\u00e8ntic, plat\u00ed, plata, fabricat a Alemanya. Dret de devoluci\u00f3 de 30 dies.<\/p><\/div>\t\t\t\t\t\t\t\t<\/div>\n\t\t\t\t<div class=\"elementor-element elementor-element-iwgw-anuhethiti-ccb iwg-cc-button iwg-cc-cta-2026-05-13 elementor-widget elementor-widget-jet-button\" data-id=\"iwgw-anuhethiti-ccb\" data-element_type=\"widget\" data-e-type=\"widget\" data-widget_type=\"jet-button.default\">\n\t\t\t\t<div class=\"elementor-widget-container\">\n\t\t\t\t\t<div class=\"elementor-jet-button jet-elements\"><div class=\"jet-button__container\"><a class=\"jet-button__instance jet-button__instance--icon-left hover-effect-1\" href=\"\/ueber-iwell-guard\/?utm_source=iwell-guard.com&amp;utm_medium=info-box&amp;utm_campaign=wesen-tradition\"><div class=\"jet-button__plane jet-button__plane-normal\"><\/div><div class=\"jet-button__plane jet-button__plane-hover\"><\/div><div class=\"jet-button__state jet-button__state-normal\"><span class=\"jet-button__label\">M\u00e9s informaci\u00f3 sobre l'iWell Guard<\/span><\/div><div class=\"jet-button__state jet-button__state-hover\"><span class=\"jet-button__label\">M\u00e9s informaci\u00f3 sobre l'iWell Guard<\/span><\/div><\/a><\/div><\/div><style>.elementor-element.elementor-element-iwgw-anuhethiti-ccb .jet-button__instance{width:320px;height:56px;}.elementor-element.elementor-element-iwgw-anuhethiti-ccb .jet-button__state-normal .jet-button__label{text-align:center;margin:0px 0px 0px 0px;color:#1a1b20;font-family:Montserrat,sans-serif;font-size:13px;font-weight:400;letter-spacing:4px;line-height:1.714em;text-transform:uppercase;}.elementor-element.elementor-element-iwgw-anuhethiti-ccb .jet-button__state-hover .jet-button__label{text-align:center;margin:0px 0px 0px 0px;color:#FECC76;font-family:Montserrat,sans-serif;font-size:13px;font-weight:400;letter-spacing:4px;line-height:1.714em;text-transform:uppercase;}.elementor-element.elementor-element-iwgw-anuhethiti-ccb .jet-button__plane-normal{background-color:#FECC76;border-style:solid;border-color:#C99540;border-width:2px 2px 2px 2px;}.elementor-element.elementor-element-iwgw-anuhethiti-ccb .jet-button__plane-hover{background-color:rgba(0,0,0,0.55);border-style:solid;border-color:#FECC76;border-width:2px 2px 2px 2px;}<\/style>\t\t\t\t<\/div>\n\t\t\t\t<\/div>\n\t\t\t\t<div class=\"elementor-element elementor-element-iwgw-anuhethiti-ccd elementor-widget elementor-widget-text-editor\" data-id=\"iwgw-anuhethiti-ccd\" data-element_type=\"widget\" data-e-type=\"widget\" data-widget_type=\"text-editor.default\">\n\t\t\t\t\t\t\t\t\t<div data-nosnippet=\"true\"><p style=\"text-align:center;font-size:13px;opacity:0.7;margin-top:14px\" data-nosnippet=\"true\">Les experi\u00e8ncies personals poden variar. No \u00e9s un producte sanitari. No \u00e9s una promesa de curaci\u00f3.<\/p><\/div>\t\t\t\t\t\t\t\t<\/div>\n\t\t\t\t\t<\/div>\n\t\t\t\t<\/div>\n\t\t\t\t\t<\/div>\n\t\t\t\t<\/div>\n\t\t<div class=\"elementor-element elementor-element-iwgw-anuhethiti-disc e-flex e-con-boxed e-con e-parent\" data-id=\"iwgw-anuhethiti-disc\" data-element_type=\"container\" data-e-type=\"container\">\n\t\t\t\t\t<div class=\"e-con-inner\">\n\t\t\t\t<div class=\"elementor-element elementor-element-iwgw-anuhethiti-discw elementor-widget elementor-widget-html\" data-id=\"iwgw-anuhethiti-discw\" data-element_type=\"widget\" data-e-type=\"widget\" data-widget_type=\"html.default\">\n\t\t\t\t\t<footer data-nosnippet=\"true\" class=\"iwg-disclaimer-block\"><p data-nosnippet=\"true\">iWell Guard <strong>no \u00e9s un producte sanitari<\/strong> i no substitueix cap tractament m\u00e8dic o psicoterap\u00e8utic. Els continguts d'hist\u00f2ria de les religions s\u00f3n una classificaci\u00f3 culturohist\u00f2rica, no una recomanaci\u00f3 de pr\u00e0ctica espiritual.<\/p><\/footer>\t\t\t\t<\/div>\n\t\t\t\t\t<\/div>\n\t\t\t\t<\/div>\n\t\t\t\t<\/div>\n\t\t","protected":false},"excerpt":{"rendered":"","protected":false},"author":3,"featured_media":2835,"parent":0,"menu_order":0,"comment_status":"closed","ping_status":"closed","template":"elementor_header_footer","meta":{"_yoast_wpseo_focuskw":"Anu Hitites Hurrites D\u00e9u del cel","_yoast_wpseo_title":"Anu \u2013 D\u00e9u del cel hatti\u00e0-hurrita, Cicle de Kumarbi","_yoast_wpseo_metadesc":"Anu \u00e9s, en el cicle hurrita-hitita de Kumarbi, el segon rei del cel abans de Kumarbi. An\u00e0lisi de la hist\u00f2ria de les religions amb el mite.","_yoast_wpseo_meta-robots-noindex":"","_yoast_wpseo_canonical":"","_angie_page":false,"gefaehrdungsstufe":"2","wesen_kultur":"hethitisch","wesen_klasse":"goetter","footnotes":""},"categories":[],"class_list":["post-171717","page","type-page","status-publish","has-post-thumbnail","hentry"],"yoast_head":"<!-- This site is optimized with the Yoast SEO Premium plugin v27.7 (Yoast SEO v28.3) - https:\/\/yoast.com\/product\/yoast-seo-premium-wordpress\/ -->\n<title>Anu \u2013 D\u00e9u del cel hatti\u00e0-hurrita, Cicle de Kumarbi<\/title>\n<meta name=\"description\" content=\"Anu \u00e9s, en el cicle hurrita-hitita de Kumarbi, el segon rei del cel abans de Kumarbi. An\u00e0lisi de la hist\u00f2ria de les religions amb el mite.\" \/>\n<meta name=\"robots\" content=\"index, follow, max-snippet:-1, max-image-preview:large, max-video-preview:-1\" \/>\n<link rel=\"canonical\" href=\"https:\/\/iwell-guard.com\/ca\/anu-deu-del-cel-hitita\/\" \/>\n<meta property=\"og:locale\" content=\"ca_ES\" \/>\n<meta property=\"og:type\" content=\"article\" \/>\n<meta property=\"og:title\" content=\"Anu \u2013 D\u00e9u del cel hatti\u00e0-hurrita\" \/>\n<meta property=\"og:description\" content=\"Anu \u00e9s, en el cicle hurrita-hitita de Kumarbi, el segon rei del cel abans de Kumarbi. An\u00e0lisi de la hist\u00f2ria de les religions amb el mite.\" \/>\n<meta property=\"og:url\" content=\"https:\/\/iwell-guard.com\/ca\/anu-deu-del-cel-hitita\/\" \/>\n<meta property=\"og:site_name\" content=\"iWell Guard\" \/>\n<meta property=\"article:modified_time\" content=\"2026-09-05T16:05:23+00:00\" \/>\n<meta property=\"og:image\" content=\"https:\/\/iwell-guard.com\/wp-content\/uploads\/2026\/05\/goetter_hethitisch_anu-hethitisch.webp\" \/>\n\t<meta property=\"og:image:width\" content=\"1024\" \/>\n\t<meta property=\"og:image:height\" content=\"1536\" \/>\n\t<meta property=\"og:image:type\" content=\"image\/webp\" \/>\n<meta name=\"twitter:card\" content=\"summary_large_image\" \/>\n<script type=\"application\/ld+json\" class=\"yoast-schema-graph\">{\"@context\":\"https:\\\/\\\/schema.org\",\"@graph\":[{\"@type\":\"WebPage\",\"@id\":\"https:\\\/\\\/iwell-guard.com\\\/ca\\\/anu-deu-del-cel-hitita\\\/\",\"url\":\"https:\\\/\\\/iwell-guard.com\\\/ca\\\/anu-deu-del-cel-hitita\\\/\",\"name\":\"Anu \u2013 D\u00e9u del cel hatti\u00e0-hurrita, Cicle de Kumarbi\",\"isPartOf\":{\"@id\":\"https:\\\/\\\/iwell-guard.com\\\/ca\\\/#website\"},\"primaryImageOfPage\":{\"@id\":\"https:\\\/\\\/iwell-guard.com\\\/ca\\\/anu-deu-del-cel-hitita\\\/#primaryimage\"},\"image\":{\"@id\":\"https:\\\/\\\/iwell-guard.com\\\/ca\\\/anu-deu-del-cel-hitita\\\/#primaryimage\"},\"thumbnailUrl\":\"https:\\\/\\\/iwell-guard.com\\\/wp-content\\\/uploads\\\/2026\\\/05\\\/goetter_hethitisch_anu-hethitisch.webp\",\"datePublished\":\"2026-09-05T15:41:45+00:00\",\"dateModified\":\"2026-09-05T16:05:23+00:00\",\"description\":\"Anu \u00e9s, en el cicle hurrita-hitita de Kumarbi, el segon rei del cel abans de Kumarbi. An\u00e0lisi de la hist\u00f2ria de les religions amb el mite.\",\"breadcrumb\":{\"@id\":\"https:\\\/\\\/iwell-guard.com\\\/ca\\\/anu-deu-del-cel-hitita\\\/#breadcrumb\"},\"inLanguage\":\"ca\",\"potentialAction\":[{\"@type\":\"ReadAction\",\"target\":[\"https:\\\/\\\/iwell-guard.com\\\/ca\\\/anu-deu-del-cel-hitita\\\/\"]}]},{\"@type\":\"ImageObject\",\"inLanguage\":\"ca\",\"@id\":\"https:\\\/\\\/iwell-guard.com\\\/ca\\\/anu-deu-del-cel-hitita\\\/#primaryimage\",\"url\":\"https:\\\/\\\/iwell-guard.com\\\/wp-content\\\/uploads\\\/2026\\\/05\\\/goetter_hethitisch_anu-hethitisch.webp\",\"contentUrl\":\"https:\\\/\\\/iwell-guard.com\\\/wp-content\\\/uploads\\\/2026\\\/05\\\/goetter_hethitisch_anu-hethitisch.webp\",\"width\":1024,\"height\":1536,\"caption\":\"D\u00e9us de la tradici\u00f3 hitita.\"},{\"@type\":\"BreadcrumbList\",\"@id\":\"https:\\\/\\\/iwell-guard.com\\\/ca\\\/anu-deu-del-cel-hitita\\\/#breadcrumb\",\"itemListElement\":[{\"@type\":\"ListItem\",\"position\":1,\"name\":\"Start\",\"item\":\"https:\\\/\\\/iwell-guard.com\\\/ca\\\/?page_id=171333\"},{\"@type\":\"ListItem\",\"position\":2,\"name\":\"Anu \u2013 D\u00e9u del cel hatti\u00e0-hurrita\"}]},{\"@type\":\"WebSite\",\"@id\":\"https:\\\/\\\/iwell-guard.com\\\/ca\\\/#website\",\"url\":\"https:\\\/\\\/iwell-guard.com\\\/ca\\\/\",\"name\":\"iWell Guard\",\"description\":\"Schutz vor dunklen Einfl\u00fcssen\",\"publisher\":{\"@id\":\"https:\\\/\\\/iwell-guard.com\\\/ca\\\/#organization\"},\"potentialAction\":[{\"@type\":\"SearchAction\",\"target\":{\"@type\":\"EntryPoint\",\"urlTemplate\":\"https:\\\/\\\/iwell-guard.com\\\/ca\\\/?s={search_term_string}\"},\"query-input\":{\"@type\":\"PropertyValueSpecification\",\"valueRequired\":true,\"valueName\":\"search_term_string\"}}],\"inLanguage\":\"ca\"},{\"@type\":\"Organization\",\"@id\":\"https:\\\/\\\/iwell-guard.com\\\/ca\\\/#organization\",\"name\":\"Ittermann electronic GmbH\",\"url\":\"https:\\\/\\\/iwell-guard.com\\\/ca\\\/\",\"logo\":{\"@type\":\"ImageObject\",\"inLanguage\":\"ca\",\"@id\":\"https:\\\/\\\/iwell-guard.com\\\/ca\\\/#\\\/schema\\\/logo\\\/image\\\/\",\"url\":\"https:\\\/\\\/iwell-guard.com\\\/wp-content\\\/uploads\\\/2026\\\/05\\\/Ittermann-Logo-1182x237-1.png\",\"contentUrl\":\"https:\\\/\\\/iwell-guard.com\\\/wp-content\\\/uploads\\\/2026\\\/05\\\/Ittermann-Logo-1182x237-1.png\",\"width\":1182,\"height\":237,\"caption\":\"Ittermann electronic GmbH\"},\"image\":{\"@id\":\"https:\\\/\\\/iwell-guard.com\\\/ca\\\/#\\\/schema\\\/logo\\\/image\\\/\"},\"sameAs\":[\"https:\\\/\\\/pantip.com\\\/profile\\\/9367242\",\"https:\\\/\\\/micro.blog\\\/iwellguard\",\"https:\\\/\\\/www.diggerslist.com\\\/iwellguard\\\/about\",\"https:\\\/\\\/skitterphoto.com\\\/photographers\\\/2870314\\\/iwell-guard\",\"https:\\\/\\\/iwellguard.wordpress.com\\\/2026\\\/06\\\/06\\\/iwell-guard\\\/\",\"https:\\\/\\\/hub.docker.com\\\/u\\\/iwellguard\",\"https:\\\/\\\/www.pinterest.com\\\/iwellguard\\\/\",\"https:\\\/\\\/bit.ly\\\/m\\\/iwellguard\",\"https:\\\/\\\/entre-vos-mains.alsace.eu\\\/profiles\\\/iwellguard\\\/activity\",\"https:\\\/\\\/gravatar.com\\\/reallybeded8fd34\",\"https:\\\/\\\/naijamatta.com\\\/iwellguard\",\"https:\\\/\\\/www.goodreads.com\\\/iwellguard\",\"https:\\\/\\\/profile.hatena.ne.jp\\\/iwellguard\\\/\",\"https:\\\/\\\/experiment.com\\\/users\\\/iwellguard\",\"https:\\\/\\\/wakelet.com\\\/@iWellGuard82270\",\"https:\\\/\\\/www.chordie.com\\\/forum\\\/profile.php?id=2555664\",\"https:\\\/\\\/www.instapaper.com\\\/p\\\/17757966\",\"https:\\\/\\\/www.mapleprimes.com\\\/users\\\/iwellguard\",\"https:\\\/\\\/businesslistingplus.com\\\/profile\\\/iwell-guard\\\/\",\"https:\\\/\\\/telegra.ph\\\/iWell-Guard-06-06\",\"https:\\\/\\\/pbase.com\\\/iwellguard\\\/iwellguard\",\"https:\\\/\\\/b.hatena.ne.jp\\\/iwellguard\\\/20260607#bookmark-4788405196491818882\",\"https:\\\/\\\/fliphtml5.com\\\/home\\\/iwellguard\",\"https:\\\/\\\/anyflip.com\\\/homepage\\\/cmiwl#About\",\"https:\\\/\\\/transfur.com\\\/Users\\\/iwellguard\",\"http:\\\/\\\/delphi.larsbo.org\\\/user\\\/iwellguard\",\"https:\\\/\\\/jobs.lajobsportal.org\\\/profiles\\\/8380803-iwell-guard\",\"https:\\\/\\\/md.chaosdorf.de\\\/s\\\/jfbe5SBdJD\",\"https:\\\/\\\/www.lingvolive.com\\\/en-us\\\/profile\\\/9ecaeaca-ce11-4e51-9e71-01d55e2bff36\\\/translations\",\"https:\\\/\\\/www.fitday.com\\\/fitness\\\/forums\\\/members\\\/iwellguard.html\",\"https:\\\/\\\/www.mymeetbook.com\\\/iwellguard\",\"https:\\\/\\\/pxhere.com\\\/en\\\/photographer-me\\\/5040798\",\"https:\\\/\\\/disqus.com\\\/by\\\/iwellguard\\\/about\\\/\",\"https:\\\/\\\/pastelink.net\\\/hjwciqwq\",\"https:\\\/\\\/pubhtml5.com\\\/homepage\\\/scjhn\\\/\",\"https:\\\/\\\/www.bitchute.com\\\/channel\\\/2O2eOKzNqujT\",\"https:\\\/\\\/audiomack.com\\\/iwellguard\"]},{\"@type\":\"Article\",\"@id\":\"https:\\\/\\\/iwell-guard.com\\\/ca\\\/anu-deu-del-cel-hitita\\\/#article\",\"isPartOf\":{\"@id\":\"https:\\\/\\\/iwell-guard.com\\\/ca\\\/anu-deu-del-cel-hitita\\\/\"},\"author\":{\"name\":\"Ralf Ittermann\",\"@id\":\"https:\\\/\\\/iwell-guard.com\\\/ca\\\/#\\\/schema\\\/person\\\/ee2a27f1cac3406c7c6fb5820cb7349f\"},\"headline\":\"Anu \u2013 D\u00e9u del cel hatti\u00e0-hurrita\",\"datePublished\":\"2026-09-05T15:41:45+00:00\",\"dateModified\":\"2026-09-05T16:05:23+00:00\",\"mainEntityOfPage\":{\"@id\":\"https:\\\/\\\/iwell-guard.com\\\/ca\\\/anu-deu-del-cel-hitita\\\/\"},\"publisher\":{\"@id\":\"https:\\\/\\\/iwell-guard.com\\\/ca\\\/#organization\"},\"image\":{\"@id\":\"https:\\\/\\\/iwell-guard.com\\\/ca\\\/anu-deu-del-cel-hitita\\\/#primaryimage\"},\"thumbnailUrl\":\"https:\\\/\\\/iwell-guard.com\\\/wp-content\\\/uploads\\\/2026\\\/05\\\/goetter_hethitisch_anu-hethitisch.webp\",\"inLanguage\":\"ca\",\"description\":\"Anu \u00e9s, en el cicle hurrita-hitita de Kumarbi, el segon rei del cel abans de Kumarbi. An\u00e0lisi de la hist\u00f2ria de les religions amb el mite.\"}]}<\/script>\n<!-- \/ Yoast SEO Premium plugin. -->","yoast_head_json":{"title":"Anu \u2013 D\u00e9u del cel hatti\u00e0-hurrita, Cicle de Kumarbi","description":"Anu \u00e9s, en el cicle hurrita-hitita de Kumarbi, el segon rei del cel abans de Kumarbi. An\u00e0lisi de la hist\u00f2ria de les religions amb el mite.","robots":{"index":"index","follow":"follow","max-snippet":"max-snippet:-1","max-image-preview":"max-image-preview:large","max-video-preview":"max-video-preview:-1"},"canonical":"https:\/\/iwell-guard.com\/ca\/anu-deu-del-cel-hitita\/","og_locale":"ca_ES","og_type":"article","og_title":"Anu \u2013 D\u00e9u del cel hatti\u00e0-hurrita","og_description":"Anu \u00e9s, en el cicle hurrita-hitita de Kumarbi, el segon rei del cel abans de Kumarbi. An\u00e0lisi de la hist\u00f2ria de les religions amb el mite.","og_url":"https:\/\/iwell-guard.com\/ca\/anu-deu-del-cel-hitita\/","og_site_name":"iWell Guard","article_modified_time":"2026-09-05T16:05:23+00:00","og_image":[{"width":1024,"height":1536,"url":"https:\/\/iwell-guard.com\/wp-content\/uploads\/2026\/05\/goetter_hethitisch_anu-hethitisch.webp","type":"image\/webp"}],"twitter_card":"summary_large_image","schema":{"@context":"https:\/\/schema.org","@graph":[{"@type":"Article","@id":"https:\/\/iwell-guard.com\/ca\/anu-deu-del-cel-hitita\/#article","isPartOf":{"@id":"https:\/\/iwell-guard.com\/ca\/anu-deu-del-cel-hitita\/"},"author":{"name":"Ralf Ittermann","@id":"https:\/\/iwell-guard.com\/ca\/#\/schema\/person\/ee2a27f1cac3406c7c6fb5820cb7349f"},"headline":"Anu \u2013 D\u00e9u del cel hatti\u00e0-hurrita","datePublished":"2026-09-05T15:41:45+00:00","dateModified":"2026-09-05T16:05:23+00:00","mainEntityOfPage":{"@id":"https:\/\/iwell-guard.com\/ca\/anu-deu-del-cel-hitita\/"},"publisher":{"@id":"https:\/\/iwell-guard.com\/ca\/#organization"},"image":{"@id":"https:\/\/iwell-guard.com\/ca\/anu-deu-del-cel-hitita\/#primaryimage"},"thumbnailUrl":"https:\/\/iwell-guard.com\/wp-content\/uploads\/2026\/05\/goetter_hethitisch_anu-hethitisch.webp","inLanguage":"ca","description":"Anu \u00e9s, en el cicle hurrita-hitita de Kumarbi, el segon rei del cel abans de Kumarbi. An\u00e0lisi de la hist\u00f2ria de les religions amb el mite."},{"@type":"WebPage","@id":"https:\/\/iwell-guard.com\/ca\/anu-deu-del-cel-hitita\/","url":"https:\/\/iwell-guard.com\/ca\/anu-deu-del-cel-hitita\/","name":"Anu \u2013 D\u00e9u del cel hatti\u00e0-hurrita, Cicle de Kumarbi","isPartOf":{"@id":"https:\/\/iwell-guard.com\/ca\/#website"},"primaryImageOfPage":{"@id":"https:\/\/iwell-guard.com\/ca\/anu-deu-del-cel-hitita\/#primaryimage"},"image":{"@id":"https:\/\/iwell-guard.com\/ca\/anu-deu-del-cel-hitita\/#primaryimage"},"thumbnailUrl":"https:\/\/iwell-guard.com\/wp-content\/uploads\/2026\/05\/goetter_hethitisch_anu-hethitisch.webp","datePublished":"2026-09-05T15:41:45+00:00","dateModified":"2026-09-05T16:05:23+00:00","description":"Anu \u00e9s, en el cicle hurrita-hitita de Kumarbi, el segon rei del cel abans de Kumarbi. An\u00e0lisi de la hist\u00f2ria de les religions amb el mite.","breadcrumb":{"@id":"https:\/\/iwell-guard.com\/ca\/anu-deu-del-cel-hitita\/#breadcrumb"},"inLanguage":"ca","potentialAction":[{"@type":"ReadAction","target":["https:\/\/iwell-guard.com\/ca\/anu-deu-del-cel-hitita\/"]}]},{"@type":"ImageObject","inLanguage":"ca","@id":"https:\/\/iwell-guard.com\/ca\/anu-deu-del-cel-hitita\/#primaryimage","url":"https:\/\/iwell-guard.com\/wp-content\/uploads\/2026\/05\/goetter_hethitisch_anu-hethitisch.webp","contentUrl":"https:\/\/iwell-guard.com\/wp-content\/uploads\/2026\/05\/goetter_hethitisch_anu-hethitisch.webp","width":1024,"height":1536,"caption":"D\u00e9us de la tradici\u00f3 hitita."},{"@type":"BreadcrumbList","@id":"https:\/\/iwell-guard.com\/ca\/anu-deu-del-cel-hitita\/#breadcrumb","itemListElement":[{"@type":"ListItem","position":1,"name":"Start","item":"https:\/\/iwell-guard.com\/ca\/?page_id=171333"},{"@type":"ListItem","position":2,"name":"Anu \u2013 D\u00e9u del cel hatti\u00e0-hurrita"}]},{"@type":"WebSite","@id":"https:\/\/iwell-guard.com\/ca\/#website","url":"https:\/\/iwell-guard.com\/ca\/","name":"iWell Guard","description":"Schutz vor dunklen Einfl\u00fcssen","publisher":{"@id":"https:\/\/iwell-guard.com\/ca\/#organization"},"potentialAction":[{"@type":"SearchAction","target":{"@type":"EntryPoint","urlTemplate":"https:\/\/iwell-guard.com\/ca\/?s={search_term_string}"},"query-input":{"@type":"PropertyValueSpecification","valueRequired":true,"valueName":"search_term_string"}}],"inLanguage":"ca"},{"@type":"Organization","@id":"https:\/\/iwell-guard.com\/ca\/#organization","name":"Ittermann electronic GmbH","url":"https:\/\/iwell-guard.com\/ca\/","logo":{"@type":"ImageObject","inLanguage":"ca","@id":"https:\/\/iwell-guard.com\/ca\/#\/schema\/logo\/image\/","url":"https:\/\/iwell-guard.com\/wp-content\/uploads\/2026\/05\/Ittermann-Logo-1182x237-1.png","contentUrl":"https:\/\/iwell-guard.com\/wp-content\/uploads\/2026\/05\/Ittermann-Logo-1182x237-1.png","width":1182,"height":237,"caption":"Ittermann electronic GmbH"},"image":{"@id":"https:\/\/iwell-guard.com\/ca\/#\/schema\/logo\/image\/"},"sameAs":["https:\/\/pantip.com\/profile\/9367242","https:\/\/micro.blog\/iwellguard","https:\/\/www.diggerslist.com\/iwellguard\/about","https:\/\/skitterphoto.com\/photographers\/2870314\/iwell-guard","https:\/\/iwellguard.wordpress.com\/2026\/06\/06\/iwell-guard\/","https:\/\/hub.docker.com\/u\/iwellguard","https:\/\/www.pinterest.com\/iwellguard\/","https:\/\/bit.ly\/m\/iwellguard","https:\/\/entre-vos-mains.alsace.eu\/profiles\/iwellguard\/activity","https:\/\/gravatar.com\/reallybeded8fd34","https:\/\/naijamatta.com\/iwellguard","https:\/\/www.goodreads.com\/iwellguard","https:\/\/profile.hatena.ne.jp\/iwellguard\/","https:\/\/experiment.com\/users\/iwellguard","https:\/\/wakelet.com\/@iWellGuard82270","https:\/\/www.chordie.com\/forum\/profile.php?id=2555664","https:\/\/www.instapaper.com\/p\/17757966","https:\/\/www.mapleprimes.com\/users\/iwellguard","https:\/\/businesslistingplus.com\/profile\/iwell-guard\/","https:\/\/telegra.ph\/iWell-Guard-06-06","https:\/\/pbase.com\/iwellguard\/iwellguard","https:\/\/b.hatena.ne.jp\/iwellguard\/20260607#bookmark-4788405196491818882","https:\/\/fliphtml5.com\/home\/iwellguard","https:\/\/anyflip.com\/homepage\/cmiwl#About","https:\/\/transfur.com\/Users\/iwellguard","http:\/\/delphi.larsbo.org\/user\/iwellguard","https:\/\/jobs.lajobsportal.org\/profiles\/8380803-iwell-guard","https:\/\/md.chaosdorf.de\/s\/jfbe5SBdJD","https:\/\/www.lingvolive.com\/en-us\/profile\/9ecaeaca-ce11-4e51-9e71-01d55e2bff36\/translations","https:\/\/www.fitday.com\/fitness\/forums\/members\/iwellguard.html","https:\/\/www.mymeetbook.com\/iwellguard","https:\/\/pxhere.com\/en\/photographer-me\/5040798","https:\/\/disqus.com\/by\/iwellguard\/about\/","https:\/\/pastelink.net\/hjwciqwq","https:\/\/pubhtml5.com\/homepage\/scjhn\/","https:\/\/www.bitchute.com\/channel\/2O2eOKzNqujT","https:\/\/audiomack.com\/iwellguard"]},{"@type":"Person","@id":"https:\/\/iwell-guard.com\/ca\/#\/schema\/person\/ee2a27f1cac3406c7c6fb5820cb7349f","name":"Ralf Ittermann","image":{"@type":"ImageObject","inLanguage":"ca","@id":"https:\/\/secure.gravatar.com\/avatar\/073c0153e350a5005b68eb752b445fea71f6b24a26da9449ad7e155e6b446c9d?s=96&d=mm&r=g","url":"https:\/\/secure.gravatar.com\/avatar\/073c0153e350a5005b68eb752b445fea71f6b24a26da9449ad7e155e6b446c9d?s=96&d=mm&r=g","contentUrl":"https:\/\/secure.gravatar.com\/avatar\/073c0153e350a5005b68eb752b445fea71f6b24a26da9449ad7e155e6b446c9d?s=96&d=mm&r=g","caption":"Ralf Ittermann"},"givenName":"Ralf","familyName":"Ittermann","jobTitle":"Gesch\u00e4ftsf\u00fchrer und redaktioneller Verantwortlicher","url":"https:\/\/iwell-guard.com\/ca\/author\/claude\/","description":"Ralf Ittermann ist Gesch\u00e4ftsf\u00fchrer der Ittermann electronic GmbH und redaktioneller Verantwortlicher des iWell-Guard-Lexikons. Er verbindet langj\u00e4hrige Erfahrung in der Pr\u00e4zisionsfertigung mit medialer Praxis und religionsgeschichtlicher Quellenarbeit.","worksFor":{"@type":"Organization","name":"Ittermann electronic GmbH","url":"https:\/\/ittermann.de\/","address":{"@type":"PostalAddress","streetAddress":"K\u00f6hlergasse 16-18","postalCode":"99842","addressLocality":"Ruhla","addressCountry":"DE"}},"knowsAbout":["Religionsgeschichte","Mythologie","Mediale Praxis","Energetische Diagnostik","Schutzpraxis","Volksglauben","Westliche Esoterik"]},{"@type":"Article","@id":"https:\/\/iwell-guard.com\/ca\/anu-deu-del-cel-hitita\/#article","isPartOf":{"@id":"https:\/\/iwell-guard.com\/ca\/anu-deu-del-cel-hitita\/"},"author":{"name":"Ralf Ittermann","@id":"https:\/\/iwell-guard.com\/ca\/#\/schema\/person\/ee2a27f1cac3406c7c6fb5820cb7349f"},"headline":"Anu \u2013 D\u00e9u del cel hatti\u00e0-hurrita","datePublished":"2026-09-05T15:41:45+00:00","dateModified":"2026-09-05T16:05:23+00:00","mainEntityOfPage":{"@id":"https:\/\/iwell-guard.com\/ca\/anu-deu-del-cel-hitita\/"},"publisher":{"@id":"https:\/\/iwell-guard.com\/ca\/#organization"},"image":{"@id":"https:\/\/iwell-guard.com\/ca\/anu-deu-del-cel-hitita\/#primaryimage"},"thumbnailUrl":"https:\/\/iwell-guard.com\/wp-content\/uploads\/2026\/05\/goetter_hethitisch_anu-hethitisch.webp","inLanguage":"ca","description":"Anu \u00e9s, en el cicle hurrita-hitita de Kumarbi, el segon rei del cel abans de Kumarbi. An\u00e0lisi de la hist\u00f2ria de les religions amb el mite."}]}},"_links":{"self":[{"href":"https:\/\/iwell-guard.com\/ca\/wp-json\/wp\/v2\/pages\/171717","targetHints":{"allow":["GET"]}}],"collection":[{"href":"https:\/\/iwell-guard.com\/ca\/wp-json\/wp\/v2\/pages"}],"about":[{"href":"https:\/\/iwell-guard.com\/ca\/wp-json\/wp\/v2\/types\/page"}],"author":[{"embeddable":true,"href":"https:\/\/iwell-guard.com\/ca\/wp-json\/wp\/v2\/users\/3"}],"replies":[{"embeddable":true,"href":"https:\/\/iwell-guard.com\/ca\/wp-json\/wp\/v2\/comments?post=171717"}],"version-history":[{"count":0,"href":"https:\/\/iwell-guard.com\/ca\/wp-json\/wp\/v2\/pages\/171717\/revisions"}],"wp:featuredmedia":[{"embeddable":true,"href":"https:\/\/iwell-guard.com\/ca\/wp-json\/wp\/v2\/media\/2835"}],"wp:attachment":[{"href":"https:\/\/iwell-guard.com\/ca\/wp-json\/wp\/v2\/media?parent=171717"}],"wp:term":[{"taxonomy":"category","embeddable":true,"href":"https:\/\/iwell-guard.com\/ca\/wp-json\/wp\/v2\/categories?post=171717"}],"curies":[{"name":"wp","href":"https:\/\/api.w.org\/{rel}","templated":true}]}}