{"id":171715,"date":"2026-09-05T15:41:44","date_gmt":"2026-09-05T15:41:44","guid":{"rendered":"https:\/\/iwell-guard.com\/?page_id=171715"},"modified":"2026-09-05T16:05:19","modified_gmt":"2026-09-05T16:05:19","slug":"teshub-deu-hurrita-tempesta","status":"publish","type":"page","link":"https:\/\/iwell-guard.com\/ca\/teshub-deu-hurrita-tempesta\/","title":{"rendered":"Teshub \u2013 D\u00e9u hurrita de la tempesta"},"content":{"rendered":"\t\t<div data-elementor-type=\"wp-page\" data-elementor-id=\"171715\" class=\"elementor elementor-171715 elementor-2618 elementor-bc-flex-widget\" data-elementor-post-type=\"page\">\n\t\t\t\t<div class=\"elementor-element elementor-element-iwgw-teshub-hero e-flex e-con-boxed e-con e-parent\" data-id=\"iwgw-teshub-hero\" data-element_type=\"container\" data-e-type=\"container\" data-settings=\"{&quot;background_background&quot;:&quot;classic&quot;}\">\n\t\t\t\t\t<div class=\"e-con-inner\">\n\t\t<div class=\"elementor-element elementor-element-iwgw-teshub-hl e-flex e-con-boxed e-con e-child\" data-id=\"iwgw-teshub-hl\" data-element_type=\"container\" data-e-type=\"container\">\n\t\t\t\t\t<div class=\"e-con-inner\">\n\t\t<div class=\"elementor-element elementor-element-iwgw-teshub-htxt e-con-full e-flex e-con e-child\" data-id=\"iwgw-teshub-htxt\" data-element_type=\"container\" data-e-type=\"container\">\n\t\t\t\t<div class=\"elementor-element elementor-element-iwgw-teshub-h1 elementor-widget elementor-widget-heading\" data-id=\"iwgw-teshub-h1\" data-element_type=\"widget\" data-e-type=\"widget\" data-widget_type=\"heading.default\">\n\t\t\t\t\t<h1 class=\"elementor-heading-title elementor-size-default\">Teshub, d\u00e9u hurrita-hitita de la tempesta i sobir\u00e0 imperial<\/h1>\t\t\t\t<\/div>\n\t\t\t\t<div class=\"elementor-element elementor-element-iwgw-teshub-lead elementor-widget elementor-widget-text-editor\" data-id=\"iwgw-teshub-lead\" data-element_type=\"widget\" data-e-type=\"widget\" data-widget_type=\"text-editor.default\">\n\t\t\t\t\t\t\t\t\t<p>Teshub \u00e9s el d\u00e9u suprem de la tempesta del pante\u00f3 hurrita i, des del segle XIV a. C., apareix en la religi\u00f3 imperial hitita al costat de <a href=\"https:\/\/iwell-guard.com\/ca\/tarhunna-deu-tempesta-hitites\/\">Tarhunna<\/a> com a d\u00e9u imperial d&#8217;igual rang o dominant. En el cicle de Kumarbi estableix el nou ordre div\u00ed despr\u00e9s de la caiguda del seu pare <a href=\"https:\/\/iwell-guard.com\/ca\/?page_id=171714\">Kumarbi<\/a>.<\/p>\t\t\t\t\t\t\t\t<\/div>\n\t\t\t\t<\/div>\n\t\t<div class=\"elementor-element elementor-element-iwgw-teshub-pillc e-con-full e-flex e-con e-child\" data-id=\"iwgw-teshub-pillc\" data-element_type=\"container\" data-e-type=\"container\">\n\t\t\t\t<div class=\"elementor-element elementor-element-iwgw-teshub-pills elementor-widget elementor-widget-html\" data-id=\"iwgw-teshub-pills\" data-element_type=\"widget\" data-e-type=\"widget\" data-widget_type=\"html.default\">\n\t\t\t\t\t<div class=\"iwg-pill-row\"><span class=\"iwg-klasse-badge\" tabindex=\"0\" data-tooltip=\"D\u00e9u de la tempesta de la tradici\u00f3 hitita.\">D\u00e9u de la tempesta<\/span><a href=\"https:\/\/iwell-guard.com\/ca\/hitita-anatolic-tarhunna-deus-proteccio\/\" class=\"iwg-kultur-badge\" tabindex=\"0\" data-tooltip=\"Mitologia de la tradici\u00f3 hitita.\">Hitita<\/a><span class=\"iwg-tradition-badge\" tabindex=\"0\" data-tooltip=\"Divinitat major.\">Divinitat major<\/span><\/div>\t\t\t\t<\/div>\n\t\t\t\t<\/div>\n\t\t<div class=\"elementor-element elementor-element-iwgw-teshub-tocc e-con-full e-flex e-con e-child\" data-id=\"iwgw-teshub-tocc\" data-element_type=\"container\" data-e-type=\"container\">\n\t\t\t\t<div class=\"elementor-element elementor-element-iwgw-teshub-toc elementor-toc--minimized-on-tablet elementor-widget elementor-widget-table-of-contents\" data-id=\"iwgw-teshub-toc\" data-element_type=\"widget\" data-e-type=\"widget\" data-settings=\"{&quot;headings_by_tags&quot;:[&quot;h2&quot;,&quot;h3&quot;],&quot;minimize_box&quot;:&quot;yes&quot;,&quot;marker_view&quot;:&quot;bullets&quot;,&quot;no_headings_message&quot;:&quot;No s&#039;ha trobat cap encap\\u00e7alament en aquesta p\\u00e0gina.&quot;,&quot;exclude_headings_by_selector&quot;:[],&quot;icon&quot;:{&quot;value&quot;:&quot;fas fa-circle&quot;,&quot;library&quot;:&quot;fa-solid&quot;,&quot;rendered_tag&quot;:&quot;&lt;svg class=\\&quot;e-font-icon-svg e-fas-circle\\&quot; viewBox=\\&quot;0 0 512 512\\&quot; xmlns=\\&quot;http:\\\/\\\/www.w3.org\\\/2000\\\/svg\\&quot;&gt;&lt;path d=\\&quot;M256 8C119 8 8 119 8 256s111 248 248 248 248-111 248-248S393 8 256 8z\\&quot;&gt;&lt;\\\/path&gt;&lt;\\\/svg&gt;&quot;},&quot;minimized_on&quot;:&quot;tablet&quot;,&quot;hierarchical_view&quot;:&quot;yes&quot;,&quot;min_height&quot;:{&quot;unit&quot;:&quot;px&quot;,&quot;size&quot;:&quot;&quot;,&quot;sizes&quot;:[]},&quot;min_height_tablet&quot;:{&quot;unit&quot;:&quot;px&quot;,&quot;size&quot;:&quot;&quot;,&quot;sizes&quot;:[]},&quot;min_height_mobile&quot;:{&quot;unit&quot;:&quot;px&quot;,&quot;size&quot;:&quot;&quot;,&quot;sizes&quot;:[]}}\" data-widget_type=\"table-of-contents.default\">\n\t\t\t\t\t\t\t\t\t<div class=\"elementor-toc__header\">\n\t\t\t\t\t\t<h2 class=\"elementor-toc__header-title\">\n\t\t\t\t\u00cdndex\t\t\t<\/h2>\n\t\t\t\t\t\t\t\t\t\t<div class=\"elementor-toc__toggle-button elementor-toc__toggle-button--expand\" role=\"button\" tabindex=\"0\" aria-controls=\"elementor-toc__iwgw-teshub-toc\" aria-expanded=\"true\" aria-label=\"Open table of contents\"><svg aria-hidden=\"true\" class=\"e-font-icon-svg e-fas-chevron-down\" viewBox=\"0 0 448 512\" xmlns=\"http:\/\/www.w3.org\/2000\/svg\"><path d=\"M207.029 381.476L12.686 187.132c-9.373-9.373-9.373-24.569 0-33.941l22.667-22.667c9.357-9.357 24.522-9.375 33.901-.04L224 284.505l154.745-154.021c9.379-9.335 24.544-9.317 33.901.04l22.667 22.667c9.373 9.373 9.373 24.569 0 33.941L240.971 381.476c-9.373 9.372-24.569 9.372-33.942 0z\"><\/path><\/svg><\/div>\n\t\t\t\t<div class=\"elementor-toc__toggle-button elementor-toc__toggle-button--collapse\" role=\"button\" tabindex=\"0\" aria-controls=\"elementor-toc__iwgw-teshub-toc\" aria-expanded=\"true\" aria-label=\"Close table of contents\"><svg aria-hidden=\"true\" class=\"e-font-icon-svg e-fas-chevron-up\" viewBox=\"0 0 448 512\" xmlns=\"http:\/\/www.w3.org\/2000\/svg\"><path d=\"M240.971 130.524l194.343 194.343c9.373 9.373 9.373 24.569 0 33.941l-22.667 22.667c-9.357 9.357-24.522 9.375-33.901.04L224 227.495 69.255 381.516c-9.379 9.335-24.544 9.317-33.901-.04l-22.667-22.667c-9.373-9.373-9.373-24.569 0-33.941L207.03 130.525c9.372-9.373 24.568-9.373 33.941-.001z\"><\/path><\/svg><\/div>\n\t\t\t\t\t<\/div>\n\t\t\t\t<div id=\"elementor-toc__iwgw-teshub-toc\" class=\"elementor-toc__body\">\n\t\t\t<div class=\"elementor-toc__spinner-container\">\n\t\t\t\t<svg class=\"elementor-toc__spinner eicon-animation-spin e-font-icon-svg e-eicon-loading\" aria-hidden=\"true\" viewBox=\"0 0 1000 1000\" xmlns=\"http:\/\/www.w3.org\/2000\/svg\"><path d=\"M500 975V858C696 858 858 696 858 500S696 142 500 142 142 304 142 500H25C25 237 238 25 500 25S975 237 975 500 763 975 500 975Z\"><\/path><\/svg>\t\t\t<\/div>\n\t\t<\/div>\n\t\t\t\t\t\t<\/div>\n\t\t\t\t<\/div>\n\t\t\t\t\t<\/div>\n\t\t\t\t<\/div>\n\t\t<div class=\"elementor-element elementor-element-iwgw-teshub-hr e-con-full e-flex e-con e-child\" data-id=\"iwgw-teshub-hr\" data-element_type=\"container\" data-e-type=\"container\">\n\t\t\t\t<div class=\"elementor-element elementor-element-iwgw-teshub-heroimg iwg-hero-image elementor-widget elementor-widget-image\" data-id=\"iwgw-teshub-heroimg\" data-element_type=\"widget\" data-e-type=\"widget\" data-widget_type=\"image.default\">\n\t\t\t\t\t\t\t\t\t\t\t\t\t\t\t<img fetchpriority=\"high\" decoding=\"async\" width=\"683\" height=\"1024\" src=\"https:\/\/iwell-guard.com\/wp-content\/uploads\/2026\/05\/goetter_hethitisch_teshub-683x1024.webp\" class=\"attachment-large size-large wp-image-2843\" alt=\"Teshub \u2013 D\u00e9u hurrita de la tempesta\" srcset=\"https:\/\/iwell-guard.com\/wp-content\/uploads\/2026\/05\/goetter_hethitisch_teshub-683x1024.webp 683w, https:\/\/iwell-guard.com\/wp-content\/uploads\/2026\/05\/goetter_hethitisch_teshub-200x300.webp 200w, https:\/\/iwell-guard.com\/wp-content\/uploads\/2026\/05\/goetter_hethitisch_teshub-768x1152.webp 768w, https:\/\/iwell-guard.com\/wp-content\/uploads\/2026\/05\/goetter_hethitisch_teshub.webp 1024w\" sizes=\"(max-width: 683px) 100vw, 683px\" \/>\t\t\t\t\t\t\t\t\t\t\t\t\t\t\t<\/div>\n\t\t\t\t<\/div>\n\t\t\t\t\t<\/div>\n\t\t\t\t<\/div>\n\t\t\t\t<section class=\"elementor-section elementor-top-section elementor-element elementor-element-sec-iwgcomp2-teshub elementor-section-boxed elementor-section-height-default elementor-section-height-default\" data-id=\"sec-iwgcomp2-teshub\" data-element_type=\"section\" data-e-type=\"section\">\n\t\t\t\t\t\t<div class=\"elementor-container elementor-column-gap-default\">\n\t\t\t\t\t<div class=\"elementor-column elementor-col-100 elementor-top-column elementor-element elementor-element-col-iwgcomp2-teshub\" data-id=\"col-iwgcomp2-teshub\" data-element_type=\"column\" data-e-type=\"column\">\n\t\t\t<div class=\"elementor-widget-wrap elementor-element-populated\">\n\t\t\t\t\t\t<div class=\"elementor-element elementor-element-iwgcomp2-teshub elementor-widget elementor-widget-text-editor\" data-id=\"iwgcomp2-teshub\" data-element_type=\"widget\" data-e-type=\"widget\" data-widget_type=\"text-editor.default\">\n\t\t\t\t\t\t\t\t\t<p>Te\u0161ub \u00e9s el d\u00e9u de la tempesta <strong>hurrita-hitita<\/strong> i principal d\u00e9u del culte estatal hitita.<\/p>\t\t\t\t\t\t\t\t<\/div>\n\t\t\t\t\t<\/div>\n\t\t<\/div>\n\t\t\t\t\t<\/div>\n\t\t<\/section>\n\t\t<div class=\"elementor-element elementor-element-iwgw-teshub-s0 e-flex e-con-boxed e-con e-parent\" data-id=\"iwgw-teshub-s0\" data-element_type=\"container\" data-e-type=\"container\">\n\t\t\t\t\t<div class=\"e-con-inner\">\n\t\t\t\t<div class=\"elementor-element elementor-element-iwgw-teshub-s0h elementor-widget elementor-widget-heading\" data-id=\"iwgw-teshub-s0h\" data-element_type=\"widget\" data-e-type=\"widget\" data-widget_type=\"heading.default\">\n\t\t\t\t\t<h2 class=\"elementor-heading-title elementor-size-default\">Classificaci\u00f3 i perfil breu<\/h2>\t\t\t\t<\/div>\n\t\t<div class=\"elementor-element elementor-element-iwgw-teshub-s0c e-con-full e-flex e-con e-child\" data-id=\"iwgw-teshub-s0c\" data-element_type=\"container\" data-e-type=\"container\">\n\t\t\t\t<div class=\"elementor-element elementor-element-iwgw-teshub-s0t elementor-widget elementor-widget-text-editor\" data-id=\"iwgw-teshub-s0t\" data-element_type=\"widget\" data-e-type=\"widget\" data-widget_type=\"text-editor.default\">\n\t\t\t\t\t\t\t\t\t<p>Teshub \u00e9s una de les divinitats millor documentades de l&#8217;edat del bronze tardana. Daniel Schwemer li ha dedicat una monografia de m\u00e9s de 700 p\u00e0gines a <em>Die Wettergottgestalten Mesopotamiens und Nordsyriens<\/em> (2001).<\/p><p>Des del punt de vista de la hist\u00f2ria de les religions, Teshub \u00e9s el d\u00e9u hurrita de la tempesta, probablement originari del poble hurrita del nord de Mesopot\u00e0mia, que es va difondre al llarg del segon mil\u00b7lenni a. C. des de l&#8217;\u00e8poca de l&#8217;imperi de Mitanni cap al Llevant i Anat\u00f2lia.<\/p><p>En la <a href=\"https:\/\/iwell-guard.com\/ca\/hitita-anatolic-tarhunna-deus-proteccio\/\">religi\u00f3 imperial hitita<\/a>, sota Tud\u1e2baliya IV i els seus successors, Teshub va esdevenir, juntament amb <a href=\"https:\/\/iwell-guard.com\/ca\/tarhunna-deu-tempesta-hitites\/\">Tarhunna<\/a>, la <span class=\"iwg-fachbegriff\" data-tooltip=\"Un \u00e9sser venerat com a div\u00ed dins d'una religi\u00f3.\" tabindex=\"0\">divinitat<\/span> masculina suprema. Tots dos noms sovint s&#8217;usen de manera sin\u00f2nima en els textos; distingir-los \u00e9s una tasca filol\u00f2gica que en molts casos resulta dif\u00edcil. La &#8216;teologia de la traducci\u00f3&#8217; hitita treballava amb equival\u00e8ncies funcionals, sense arribar a unificar completament els d\u00e9us.<\/p><p>La seva funci\u00f3 \u00e9s \u00e0mplia: tempesta, pluja, batalla, protecci\u00f3 reial, jurament de pactes, vict\u00f2ria sobre les forces del caos. Trevor Bryce l&#8217;ha anomenat &#8216;sobir\u00e0 cosmic&#8217; a <em>The Kingdom of the Hittites<\/em> (2005), la vict\u00f2ria del qual sobre els gigants de pedra garanteix l&#8217;ordre cosmic.<\/p><p>En els tractats de vassallatge, Teshub apareix com a garant suprem del jurament juntament amb Tarhunna; la f\u00f3rmula de c\u00e0stig amena\u00e7a amb ser &#8216;trencat com un gerro d&#8217;argila&#8217; en cas de trencar el jurament.<\/p>\t\t\t\t\t\t\t\t<\/div>\n\t\t\t\t<\/div>\n\t\t\t\t\t<\/div>\n\t\t\t\t<\/div>\n\t\t<div class=\"elementor-element elementor-element-iwgw-teshub-s1 e-flex e-con-boxed e-con e-parent\" data-id=\"iwgw-teshub-s1\" data-element_type=\"container\" data-e-type=\"container\">\n\t\t\t\t\t<div class=\"e-con-inner\">\n\t\t\t\t<div class=\"elementor-element elementor-element-iwgw-teshub-s1h elementor-widget elementor-widget-heading\" data-id=\"iwgw-teshub-s1h\" data-element_type=\"widget\" data-e-type=\"widget\" data-widget_type=\"heading.default\">\n\t\t\t\t\t<h2 class=\"elementor-heading-title elementor-size-default\">Nom i etimologia<\/h2>\t\t\t\t<\/div>\n\t\t<div class=\"elementor-element elementor-element-iwgw-teshub-s1c e-con-full e-flex e-con e-child\" data-id=\"iwgw-teshub-s1c\" data-element_type=\"container\" data-e-type=\"container\">\n\t\t\t\t<div class=\"elementor-element elementor-element-iwgw-teshub-s1t elementor-widget elementor-widget-text-editor\" data-id=\"iwgw-teshub-s1t\" data-element_type=\"widget\" data-e-type=\"widget\" data-widget_type=\"text-editor.default\">\n\t\t\t\t\t\t\t\t\t<p>El nom Teshub \u00e9s hurrita i es troba escrit en textos cune\u00efformes com <em>Te-\u0161u-ub<\/em>, <em>Te-e\u0161-\u0161u-pa<\/em> o logogr\u00e0ficament com DU. L&#8217;etimologia no est\u00e0 definitivament establerta; una derivaci\u00f3 plausible relaciona l&#8217;element <em>te\u0161\u0161-<\/em> amb un verb hurrita que significa &#8216;tronar&#8217;; Teshub seria llavors &#8216;el que trona&#8217;. Volkert Haas i Schwemer han discutit aquesta etimologia com la m\u00e9s probable.<\/p><p>En urarteu apareix la forma Tei\u0161eba (dins del <span class=\"iwg-fachbegriff\" data-tooltip=\"El conjunt de d\u00e9us d'una religi\u00f3 o cultura.\" tabindex=\"0\">pante\u00f3<\/span> urarteu); en accadi \u00e9s identificat amb Adad; en hitita s&#8217;escriu logogr\u00e0ficament com DU, cosa que va facilitar la seva identificaci\u00f3 amb <a href=\"https:\/\/iwell-guard.com\/ca\/tarhunna-deu-tempesta-hitites\/\">Tarhunna<\/a>. En jerogl\u00edfic luvita apareix com DEUS.TONITRUS, el mateix logograma que Tarhunna.<\/p><p>Aquesta superposici\u00f3 de noms i logogrames \u00e9s un exemple cl\u00e0ssic de la &#8216;teologia de la traducci\u00f3&#8217; hitita: les divinitats locals es tradueixen les unes en les altres mitjan\u00e7ant identitat funcional, sense que es produeixi una fusi\u00f3 completa. En sem\u00edtic occidental li correspon l&#8217;antic Hadad siri\u00e0, que al seu torn est\u00e0 emparentat amb <a href=\"https:\/\/iwell-guard.com\/ca\/?page_id=171721\">Baal-Hadad<\/a> de la <a href=\"https:\/\/iwell-guard.com\/ca\/fenicis-cartago-baal-tanit-proteccio\/\">tradici\u00f3 fen\u00edcia<\/a>. La constel\u00b7laci\u00f3 de d\u00e9us de la tempesta de l&#8217;edat del bronze tardana est\u00e0 densament entrella\u00e7ada al llarg de la regi\u00f3 nord-occidental d&#8217;\u00c0sia i el Llevant.<\/p>\t\t\t\t\t\t\t\t<\/div>\n\t\t\t\t<\/div>\n\t\t\t\t\t<\/div>\n\t\t\t\t<\/div>\n\t\t<div class=\"elementor-element elementor-element-iwgw-teshub-s2 e-flex e-con-boxed e-con e-parent\" data-id=\"iwgw-teshub-s2\" data-element_type=\"container\" data-e-type=\"container\">\n\t\t\t\t\t<div class=\"e-con-inner\">\n\t\t\t\t<div class=\"elementor-element elementor-element-iwgw-teshub-s2h elementor-widget elementor-widget-heading\" data-id=\"iwgw-teshub-s2h\" data-element_type=\"widget\" data-e-type=\"widget\" data-widget_type=\"heading.default\">\n\t\t\t\t\t<h2 class=\"elementor-heading-title elementor-size-default\">Descripci\u00f3 i iconografia<\/h2>\t\t\t\t<\/div>\n\t\t<div class=\"elementor-element elementor-element-iwgw-teshub-s2c e-con-full e-flex e-con e-child\" data-id=\"iwgw-teshub-s2c\" data-element_type=\"container\" data-e-type=\"container\">\n\t\t\t\t<div class=\"elementor-element elementor-element-iwgw-teshub-s2t elementor-widget elementor-widget-text-editor\" data-id=\"iwgw-teshub-s2t\" data-element_type=\"widget\" data-e-type=\"widget\" data-widget_type=\"text-editor.default\">\n\t\t\t\t\t\t\t\t\t<p>Teshub apareix en la iconografia hurrita-hitita com un home barbut i robust, amb un faldell\u00ed curt, un tocat div\u00ed punxegut, un feix de llamps i una destral de guerra. La seva muntura o carro \u00e9s tirat per una parella de bous anomenats \u0160eri (&#8216;Dia&#8217;) i \u1e2aurri (&#8216;Nit&#8217;). Aquesta tradici\u00f3 iconogr\u00e0fica es troba fixada de manera <span class=\"iwg-fachbegriff\" data-tooltip=\"Que pertany al conjunt de textos reconegut oficialment per una religi\u00f3.\" tabindex=\"0\">can\u00f2nica<\/span> a Yaz\u0131l\u0131kaya, en relleus de Hattu\u0161a i en nombrosos segells i figuretes de bronze.<\/p><p>Destaca la process\u00f3 divina de la Cambra A de Yaz\u0131l\u0131kaya, on Teshub encap\u00e7ala la fila masculina i s&#8217;enfronta al centre a la seva esposa <a href=\"https:\/\/iwell-guard.com\/ca\/?page_id=171716\">Hebat<\/a>; <a href=\"https:\/\/iwell-guard.com\/ca\/?page_id=171720\">Sarruma<\/a>, el seu fill, es troba al costat de Hebat sobre un lleopard. Aquesta tr\u00edada \u00e9s la fam\u00edlia divina hurrita m\u00e9s important i va esdevenir el cim del pante\u00f3 en el culte imperial hitita.<\/p><p>En relleus hitites i del nord de S\u00edria (Karkami\u0161, Alep), Teshub apareix sovint amb la destral aixecada, trepitjant un toro al davant o a sota seu; aquesta pose \u00e9s una f\u00f3rmula antiga siri\u00e0 del d\u00e9u de la tempesta.<\/p><p>Kay Kohlmeyer va publicar detalladament els monumentals relleus de basalt del temple d&#8217;Alep a <em>Der <span class=\"iwg-fachbegriff\" data-tooltip=\"Un edifici destinat a la veneraci\u00f3 d'una o diverses divinitats.\" tabindex=\"0\">Tempel<\/span> des Wettergottes von Aleppo<\/em> (2000); mostren Teshub en diverses variants i s\u00f3n les imatges de d\u00e9u de la tempesta m\u00e9s impressionants de l&#8217;antiga <span class=\"iwg-fachbegriff\" data-tooltip=\"\u00c8poca prehist\u00f2rica posterior a l'edat del bronze, caracteritzada pel treball del ferro.\" tabindex=\"0\">edat del ferro<\/span> siriana.<\/p>\t\t\t\t\t\t\t\t<\/div>\n\t\t\t\t<\/div>\n\t\t\t\t\t<\/div>\n\t\t\t\t<\/div>\n\t\t<div class=\"elementor-element elementor-element-iwgw-teshub-s3 e-flex e-con-boxed e-con e-parent\" data-id=\"iwgw-teshub-s3\" data-element_type=\"container\" data-e-type=\"container\">\n\t\t\t\t\t<div class=\"e-con-inner\">\n\t\t\t\t<div class=\"elementor-element elementor-element-iwgw-teshub-s3h elementor-widget elementor-widget-heading\" data-id=\"iwgw-teshub-s3h\" data-element_type=\"widget\" data-e-type=\"widget\" data-widget_type=\"heading.default\">\n\t\t\t\t\t<h2 class=\"elementor-heading-title elementor-size-default\">Relats mitol\u00f2gics<\/h2>\t\t\t\t<\/div>\n\t\t<div class=\"elementor-element elementor-element-iwgw-teshub-s3c e-con-full e-flex e-con e-child\" data-id=\"iwgw-teshub-s3c\" data-element_type=\"container\" data-e-type=\"container\">\n\t\t\t\t<div class=\"elementor-element elementor-element-iwgw-teshub-s3t elementor-widget elementor-widget-text-editor\" data-id=\"iwgw-teshub-s3t\" data-element_type=\"widget\" data-e-type=\"widget\" data-widget_type=\"text-editor.default\">\n\t\t\t\t\t\t\t\t\t<p>Teshub \u00e9s la figura principal del cicle de Kumarbi. Neix, segons el &#8216;Cant de Kumarbi&#8217;, de l&#8217;interior del seu pare <a href=\"https:\/\/iwell-guard.com\/ca\/?page_id=171714\">Kumarbi<\/a>, despr\u00e9s que aquest hagu\u00e9s empassat amb les dents la &#8216;llavor viril&#8217; d&#8217;Anu. Tres d\u00e9us creixen a l&#8217;interior de Kumarbi: Teshub com el m\u00e9s poder\u00f3s, un riu i un altre d\u00e9u. Esquincen Kumarbi i surten a l&#8217;exterior.<\/p><p>Despr\u00e9s de la caiguda de Kumarbi, Teshub assumeix la reialesa al cel. Segueixen intents repetits de Kumarbi per destronar-lo: mitjan\u00e7ant <a href=\"https:\/\/iwell-guard.com\/ca\/?page_id=171718\">Ullikummi<\/a>, el gigant de pedra que creix cap al cel sobre l&#8217;espatlla del gegant primigeni Upelluri i amena\u00e7a el <span class=\"iwg-fachbegriff\" data-tooltip=\"Una construcci\u00f3 destinada a la veneraci\u00f3 d'una o diverses divinitats.\" tabindex=\"0\">temple<\/span> de Teshub a Kummiya; mitjan\u00e7ant el monstre mar\u00ed <a href=\"https:\/\/iwell-guard.com\/ca\/?page_id=171719\">Hedammu<\/a>, que amena\u00e7a de devorar la terra; mitjan\u00e7ant la &#8216;criatura de plata&#8217; i altres \u00e9ssers.<\/p><p>En totes les narracions Teshub ven\u00e7 amb l&#8217;ajuda de la seva germana \u0160au\u0161ga i del d\u00e9u ferrer Ea, que fa servir la serra amb la qual antigament se van separar el cel i la terra.<\/p><p>Una altra narraci\u00f3 \u00e9s el &#8216;Cant del Mar&#8217; (CTH 346), un text conservat fragment\u00e0riament en el qual Teshub lluita contra el mar. Els paral\u00b7lelismes amb el cicle de Baal ugar\u00edtic, en el qual <a href=\"https:\/\/iwell-guard.com\/ca\/?page_id=171721\">Baal<\/a> lluita contra <a href=\"https:\/\/iwell-guard.com\/ca\/?page_id=171727\">Yam<\/a>, s\u00f3n especialment evidents.<\/p><p>Mary Bachvarova ha tractat aquests paral\u00b7lelismes de manera detallada a <em>From Hittite to Homer<\/em> (2016) i ha mostrat que els mites del combat contra el mar van emigrar, a trav\u00e9s del Llevant i Xipre, cap al cercle mitol\u00f2gic grec al voltant de Tif\u00f3 i Apol\u00b7lo.<\/p><p>En un altre fragment mitol\u00f2gic, el &#8216;Cant de l&#8217;Alliberament&#8217; (CTH 789), Teshub actua com a mediador en un conflicte entre els d\u00e9us de les ciutats d&#8217;Ebla i Megi.<\/p><p>El text \u00e9s biling\u00fce hurrita-hitita i va ser establert per Erich Neu en una edici\u00f3 monumental (1996). Teshub exigeix l&#8217;alliberament dels esclaus de la ciutat d&#8217;Ikinkalis i amena\u00e7a Ebla amb la destrucci\u00f3 si no es compleix aquesta exig\u00e8ncia.<\/p><p>Aquesta narraci\u00f3 \u00e9s especialment valuosa des del punt de vista de la ci\u00e8ncia de la religi\u00f3, ja que mostra Teshub com un d\u00e9u socio\u00e8tic que defensa l&#8217;alliberament dels no lliures. \u00c9s una de les poques narracions divines de l&#8217;Orient Antic amb un contingut expl\u00edcitament \u00e8tic, i s&#8217;inscriu en una l\u00ednia amb el <span class=\"iwg-fachbegriff\" data-tooltip=\"Un element de contingut recurrent en l'art o la narrativa.\" tabindex=\"0\">motiu<\/span> b\u00edblic de l&#8217;\u00c8xode, sense que es pugui demostrar una depend\u00e8ncia directa.<\/p>\t\t\t\t\t\t\t\t<\/div>\n\t\t\t\t<\/div>\n\t\t\t\t\t<\/div>\n\t\t\t\t<\/div>\n\t\t<div class=\"elementor-element elementor-element-iwgw-teshub-s4 e-flex e-con-boxed e-con e-parent\" data-id=\"iwgw-teshub-s4\" data-element_type=\"container\" data-e-type=\"container\">\n\t\t\t\t\t<div class=\"e-con-inner\">\n\t\t\t\t<div class=\"elementor-element elementor-element-iwgw-teshub-s4h elementor-widget elementor-widget-heading\" data-id=\"iwgw-teshub-s4h\" data-element_type=\"widget\" data-e-type=\"widget\" data-widget_type=\"heading.default\">\n\t\t\t\t\t<h2 class=\"elementor-heading-title elementor-size-default\">Culte i veneraci\u00f3<\/h2>\t\t\t\t<\/div>\n\t\t<div class=\"elementor-element elementor-element-iwgw-teshub-s4c e-con-full e-flex e-con e-child\" data-id=\"iwgw-teshub-s4c\" data-element_type=\"container\" data-e-type=\"container\">\n\t\t\t\t<div class=\"elementor-element elementor-element-iwgw-teshub-s4t elementor-widget elementor-widget-text-editor\" data-id=\"iwgw-teshub-s4t\" data-element_type=\"widget\" data-e-type=\"widget\" data-widget_type=\"text-editor.default\">\n\t\t\t\t\t\t\t\t\t<p>Els llocs de culte m\u00e9s importants de Teshub eren Alep (\u1e2aalab), Kummiya (localitzaci\u00f3 desconeguda, probablement al nord de S\u00edria o al sud d&#8217;Anat\u00f2lia) i \u0160amu\u1e2ba. El seu <span class=\"iwg-fachbegriff\" data-tooltip=\"Una construcci\u00f3 destinada a la veneraci\u00f3 d'una o diverses divinitats.\" tabindex=\"0\">temple<\/span> a Alep va ser, des de l&#8217;\u00e8poca assirios\u00edria antiga, el <span class=\"iwg-fachbegriff\" data-tooltip=\"Un lloc sagrat dedicat a la veneraci\u00f3 d'una divinitat.\" tabindex=\"0\">santuari<\/span> del d\u00e9u de la tempesta m\u00e9s important del nord de S\u00edria; al segle XIV aC va ser integrat en la religi\u00f3 imperial sota sobirania hitita.<\/p><p>Les excavacions dirigides per Kay Kohlmeyer han desenterrat al <span class=\"iwg-fachbegriff\" data-tooltip=\"Una construcci\u00f3 destinada a la veneraci\u00f3 d'una o diverses divinitats.\" tabindex=\"0\">temple<\/span> d&#8217;Alep magn\u00edfics relleus de basalt del segle IX aC que representen Teshub com a d\u00e9u de la tempesta.<\/p><p>A \u1e2aattu\u0161a hi havia un <span class=\"iwg-fachbegriff\" data-tooltip=\"Una construcci\u00f3 destinada a la veneraci\u00f3 d'una o diverses divinitats.\" tabindex=\"0\">temple<\/span> propi de Teshub, aix\u00ed com a les altres grans ciutats hitites. La festa anual principal estava estretament lligada al ritual hurrita-hitita de reuni\u00f3 de d\u00e9us <em>itkalzi<\/em>, que garantia la puresa de tots els <span class=\"iwg-fachbegriff\" data-tooltip=\"Una construcci\u00f3 destinada a la veneraci\u00f3 d'una o diverses divinitats.\" tabindex=\"0\">temples<\/span>. Joost Hazenbos ha estudiat l&#8217;organitzaci\u00f3 d&#8217;aquests <span class=\"iwg-fachbegriff\" data-tooltip=\"Una construcci\u00f3 destinada a la veneraci\u00f3 d'una o diverses divinitats.\" tabindex=\"0\">temples<\/span> a <em>The Organization of the Anatolian Local Cults<\/em> (2003).<\/p><p>Els tractats de vassallatge hitites inclouen Teshub com a segon d\u00e9u del jurament al costat de Tarhunna; la seva f\u00f3rmula de jurament estableix que qui trenqui el jurament ha de ser &#8216;esmicolat com un gerro d&#8217;argila&#8217;. En les fonts hurrites apareix com el garant suprem dels tractats. L&#8217;organitzaci\u00f3 sacerdotal inclo\u00efa cantors hurrites (<em>kaluti<\/em>), que transmetien ling\u00fc\u00edsticament els cants festius hurrites en la seva llengua original.<\/p>\t\t\t\t\t\t\t\t<\/div>\n\t\t\t\t<\/div>\n\t\t\t\t\t<\/div>\n\t\t\t\t<\/div>\n\t\t<div class=\"elementor-element elementor-element-iwgw-teshub-s5 e-flex e-con-boxed e-con e-parent\" data-id=\"iwgw-teshub-s5\" data-element_type=\"container\" data-e-type=\"container\">\n\t\t\t\t\t<div class=\"e-con-inner\">\n\t\t\t\t<div class=\"elementor-element elementor-element-iwgw-teshub-s5h elementor-widget elementor-widget-heading\" data-id=\"iwgw-teshub-s5h\" data-element_type=\"widget\" data-e-type=\"widget\" data-widget_type=\"heading.default\">\n\t\t\t\t\t<h2 class=\"elementor-heading-title elementor-size-default\">Pr\u00e0ctica de protecci\u00f3 i elements apotropaics<\/h2>\t\t\t\t<\/div>\n\t\t<div class=\"elementor-element elementor-element-iwgw-teshub-s5c e-con-full e-flex e-con e-child\" data-id=\"iwgw-teshub-s5c\" data-element_type=\"container\" data-e-type=\"container\">\n\t\t\t\t<div class=\"elementor-element elementor-element-iwgw-teshub-s5t elementor-widget elementor-widget-text-editor\" data-id=\"iwgw-teshub-s5t\" data-element_type=\"widget\" data-e-type=\"widget\" data-widget_type=\"text-editor.default\">\n\t\t\t\t\t\t\t\t\t<p>Teshub era el d\u00e9u protector suprem del rei i de la reialesa. Apareix sovint en segells reials com a figura protectora; la f\u00f3rmula iconogr\u00e0fica de l\u00bbabra\u00e7ada divina&#8217; de Yaz\u0131l\u0131kaya mostra un altre d\u00e9u (normalment <a href=\"https:\/\/iwell-guard.com\/ca\/?page_id=171720\">Sarruma<\/a>) abra\u00e7ant el rei, per\u00f2 Teshub \u00e9s la inst\u00e0ncia protectora suprema.<\/p><p>De manera <span class=\"iwg-fachbegriff\" data-tooltip=\"Que allunya la desgr\u00e0cia: relatiu a signes i objectes destinats a mantenir allunyades les influ\u00e8ncies nocives.\" tabindex=\"0\">apotropaica<\/span> es dipositaven figuretes de Teshub als fonaments de temples i palaus; es coneixen figures de bronze amb una destral al\u00e7ada en nombre considerable procedents de \u1e2aattu\u0161a, Karkami\u0161 i altres jaciments.<\/p><p>En el ritual m\u00e0gic hurrita <em>itkahi<\/em> s&#8217;utilitzaven figures d&#8217;argila com a imatges protectores, que portaven el poder de Teshub a la llar. Volkert Haas ha descrit detalladament aquestes pr\u00e0ctiques protectores dom\u00e8stiques a <em>Materia Magica et Medica Hethitica<\/em> (2003).<\/p><p data-nosnippet=\"true\">Des d&#8217;una perspectiva cient\u00edfica, la funci\u00f3 protectora de Teshub est\u00e0 estretament lligada a l&#8217;ordre pol\u00edtic: no protegeix l&#8217;individu en particular, sin\u00f3 l&#8217;ordre de l&#8217;imperi. L&#8217;iWell Guard el considera una figura hist\u00f2rica i no un destinatari actual de protecci\u00f3. Les promeses de curaci\u00f3 o d&#8217;efecte espiritual no formen part, des del punt de vista cient\u00edfic, d&#8217;aquesta presentaci\u00f3 lexicogr\u00e0fica.<\/p><p>En les preg\u00e0ries hitites contra la pesta de Mur\u0161ili II, Teshub \u00e9s invocat juntament amb Tarhunna com a d\u00e9u que ha de posar fi a l&#8217;epid\u00e8mia. Aquesta doble <span class=\"iwg-fachbegriff\" data-tooltip=\"L'acte de dirigir-se a una divinitat o poder mitjan\u00e7ant s\u00faplica o conjur.\" tabindex=\"0\">invocaci\u00f3<\/span> mostra l&#8217;estreta relaci\u00f3 religiosa i pol\u00edtica entre aquestes dues hip\u00f2stasis del d\u00e9u de la tempesta dins del culte imperial.<\/p><p>Tamb\u00e9 en els tractats de vassallatge hitites amb Mittani, amb Alep i amb Karkami\u0161, Teshub apareix com a garant del jurament en primera l\u00ednia; el seu nom, dins la f\u00f3rmula del tractat, garanteix un ordre pol\u00edtic molt concret.<\/p>\t\t\t\t\t\t\t\t<\/div>\n\t\t\t\t<\/div>\n\t\t\t\t\t<\/div>\n\t\t\t\t<\/div>\n\t\t<div class=\"elementor-element elementor-element-iwgw-teshub-s6 e-flex e-con-boxed e-con e-parent\" data-id=\"iwgw-teshub-s6\" data-element_type=\"container\" data-e-type=\"container\">\n\t\t\t\t\t<div class=\"e-con-inner\">\n\t\t\t\t<div class=\"elementor-element elementor-element-iwgw-teshub-s6h elementor-widget elementor-widget-heading\" data-id=\"iwgw-teshub-s6h\" data-element_type=\"widget\" data-e-type=\"widget\" data-widget_type=\"heading.default\">\n\t\t\t\t\t<h2 class=\"elementor-heading-title elementor-size-default\">Paral\u00b7lelismes en altres cultures<\/h2>\t\t\t\t<\/div>\n\t\t<div class=\"elementor-element elementor-element-iwgw-teshub-s6c e-con-full e-flex e-con e-child\" data-id=\"iwgw-teshub-s6c\" data-element_type=\"container\" data-e-type=\"container\">\n\t\t\t\t<div class=\"elementor-element elementor-element-iwgw-teshub-s6t elementor-widget elementor-widget-text-editor\" data-id=\"iwgw-teshub-s6t\" data-element_type=\"widget\" data-e-type=\"widget\" data-widget_type=\"text-editor.default\">\n\t\t\t\t\t\t\t\t\t<p>Teshub est\u00e0 estretament relacionat amb <a href=\"https:\/\/iwell-guard.com\/ca\/tarhunna-deu-tempesta-hitites\/\">Tarhunna<\/a>, amb l&#8217;antic siri\u00e0 Hadad i Adad, amb el <a href=\"https:\/\/iwell-guard.com\/ca\/?page_id=171721\">Baal-Hadad<\/a> de tradici\u00f3 setentrional occidental i amb el urarteu Tei\u0161eba. El seu <span class=\"iwg-fachbegriff\" data-tooltip=\"Un element de contingut recurrent en l'art o la narraci\u00f3.\" tabindex=\"0\">motiu<\/span> del combat amb el drac presenta paral\u00b7lelismes estrets amb el combat entre Indra i Vrtra i amb el combat entre Zeus i Tif\u00f3. Daniel Schwemer ha tractat aquests paral\u00b7lelismes de manera detallada en la seva monografia (2001).<\/p><p>Amb <a href=\"https:\/\/iwell-guard.com\/ca\/?page_id=171721\">Baal<\/a>, Teshub comparteix el combat contra el mar (<a href=\"https:\/\/iwell-guard.com\/ca\/?page_id=171727\">Yam<\/a>); amb Zeus, el combat contra el monstre de pedra (Tif\u00f3 correspon a <a href=\"https:\/\/iwell-guard.com\/ca\/?page_id=171718\">Ullikummi<\/a>).<\/p><p>Hans G\u00fcterbock i Walter Burkert han tractat \u00e0mpliament la influ\u00e8ncia de la <span class=\"iwg-fachbegriff\" data-tooltip=\"El conjunt de les narracions transmeses sobre d\u00e9us d'una cultura.\" tabindex=\"0\">mitologia<\/span> hurrita-hitita en la teogonia grega; Burkert ha reconstru\u00eft les vies de transmissi\u00f3 cultural i hist\u00f2rica a <em>Die orientalisierende Epoche<\/em> (1984) i a <em>Babylon, Memphis, Persepolis<\/em> (2003).<\/p><p>Des del punt de vista de la hist\u00f2ria de les religions, Teshub pertany al tipus de d\u00e9u de la tempesta de l&#8217;\u00c0sia nord-occidental de finals de l&#8217;edat del bronze i \u00e9s un testimoni clau de les interrelacions culturals entre Anat\u00f2lia, S\u00edria, Mesopot\u00e0mia i l&#8217;Egeu. El seu perfil presenta fortes concordances amb <a href=\"https:\/\/iwell-guard.com\/ca\/?page_id=171721\">Baal-Hadad<\/a> de la <a href=\"https:\/\/iwell-guard.com\/ca\/fenicis-cartago-baal-tanit-proteccio\/\">tradici\u00f3 fen\u00edcia<\/a>.<\/p><p>Teshub ocupa una posici\u00f3 especial notable en el <span class=\"iwg-fachbegriff\" data-tooltip=\"El conjunt dels d\u00e9us d'una religi\u00f3 o cultura.\" tabindex=\"0\">pante\u00f3<\/span> urarteu dels segles IX al VII aC; all\u00e0 apareix com Tei\u0161eba en segon lloc despr\u00e9s del d\u00e9u estatal \u1e2aaldi i abans del d\u00e9u solar \u0160iwini. La tr\u00edada urartea mostra la continu\u00eftat ininterrompuda de la religi\u00f3 hurrita fins i tot despr\u00e9s de la caiguda de l&#8217;imperi hitita.<\/p>\t\t\t\t\t\t\t\t<\/div>\n\t\t\t\t<\/div>\n\t\t\t\t\t<\/div>\n\t\t\t\t<\/div>\n\t\t<div class=\"elementor-element elementor-element-iwgw-teshub-s7 e-flex e-con-boxed e-con e-parent\" data-id=\"iwgw-teshub-s7\" data-element_type=\"container\" data-e-type=\"container\">\n\t\t\t\t\t<div class=\"e-con-inner\">\n\t\t\t\t<div class=\"elementor-element elementor-element-iwgw-teshub-s7h elementor-widget elementor-widget-heading\" data-id=\"iwgw-teshub-s7h\" data-element_type=\"widget\" data-e-type=\"widget\" data-widget_type=\"heading.default\">\n\t\t\t\t\t<h2 class=\"elementor-heading-title elementor-size-default\">Recepci\u00f3 i investigaci\u00f3 actuals<\/h2>\t\t\t\t<\/div>\n\t\t<div class=\"elementor-element elementor-element-iwgw-teshub-s7c e-con-full e-flex e-con e-child\" data-id=\"iwgw-teshub-s7c\" data-element_type=\"container\" data-e-type=\"container\">\n\t\t\t\t<div class=\"elementor-element elementor-element-iwgw-teshub-s7t elementor-widget elementor-widget-text-editor\" data-id=\"iwgw-teshub-s7t\" data-element_type=\"widget\" data-e-type=\"widget\" data-widget_type=\"text-editor.default\">\n\t\t\t\t\t\t\t\t\t<p>La recerca moderna sobre Teshub comen\u00e7a amb Hans G\u00fcterbock i Emmanuel Laroche (cat\u00e0leg CTH). Contribucions recents importants han estat aportades per Daniel Schwemer, Volkert Haas, Itamar Singer i Mary Bachvarova. La monografia de Schwemer continua sent la descripci\u00f3 m\u00e9s exhaustiva fins avui; \u00e9s tamb\u00e9 la refer\u00e8ncia est\u00e0ndard per a Tarhunna i Baal-Hadad.<\/p><p>En la recepci\u00f3 popular, Teshub \u00e9s pr\u00e0cticament desconegut. En la publicitat tur\u00edstica turca sobre \u00c7orum i Bo\u011fazkale se l&#8217;esmenta ocasionalment com a &#8216;d\u00e9u anatoli de la tempesta&#8217;. A S\u00edria, el <span class=\"iwg-fachbegriff\" data-tooltip=\"Un edifici dedicat a la veneraci\u00f3 d'una o diverses divinitats.\" tabindex=\"0\">temple<\/span> d&#8217;Alep va ser fins a la guerra civil un lloc important del patrimoni cultural; el seu dest\u00ed despr\u00e9s de 2012 no s&#8217;ha aclarit del tot, i els treballs de restauraci\u00f3 es van reprendre a partir de 2018.<\/p><p>Des del punt de vista cient\u00edfic, Teshub es considera avui un exemple central de la tradici\u00f3 del d\u00e9u de la tempesta de l&#8217;Orient Pr\u00f2xim antic. Els focus actuals de la recerca se centren en la delimitaci\u00f3 precisa respecte a Tarhunna, en el paper de Teshub en els tractats de vassallatge i en la transmissi\u00f3 dels seus mites a la teogonia grega. L&#8217;iWell Guard el presenta com a membre hist\u00f2ric del <span class=\"iwg-fachbegriff\" data-tooltip=\"El conjunt de d\u00e9us d'una religi\u00f3 o cultura.\" tabindex=\"0\">pante\u00f3<\/span> i no com a destinatari espiritual.<\/p><p>Els treballs de restauraci\u00f3 del <span class=\"iwg-fachbegriff\" data-tooltip=\"Un edifici dedicat a la veneraci\u00f3 d'una o diverses divinitats.\" tabindex=\"0\">temple<\/span> d&#8217;Alep despr\u00e9s dels danys de guerra s\u00f3n un projecte arqueol\u00f2gic actual important; una part dels relleus de basalt s&#8217;ha pogut conservar i assegurar al museu d&#8217;Alep. Els resultats de recerca de la missi\u00f3 siri\u00e0-alemanya, dirigida per Kay Kohlmeyer, es continuen publicant a la col\u00b7lecci\u00f3 <em>Damaszener Forschungen<\/em>.<\/p>\t\t\t\t\t\t\t\t<\/div>\n\t\t\t\t<\/div>\n\t\t\t\t\t<\/div>\n\t\t\t\t<\/div>\n\t\t<div class=\"elementor-element elementor-element-iwgw-teshub-s8 e-flex e-con-boxed e-con e-parent\" data-id=\"iwgw-teshub-s8\" data-element_type=\"container\" data-e-type=\"container\">\n\t\t\t\t\t<div class=\"e-con-inner\">\n\t\t\t\t<div class=\"elementor-element elementor-element-iwgw-teshub-s8h elementor-widget elementor-widget-heading\" data-id=\"iwgw-teshub-s8h\" data-element_type=\"widget\" data-e-type=\"widget\" data-widget_type=\"heading.default\">\n\t\t\t\t\t<h2 class=\"elementor-heading-title elementor-size-default\">Bibliografia i fonts<\/h2>\t\t\t\t<\/div>\n\t\t<div class=\"elementor-element elementor-element-iwgw-teshub-s8c e-con-full e-flex e-con e-child\" data-id=\"iwgw-teshub-s8c\" data-element_type=\"container\" data-e-type=\"container\">\n\t\t\t\t<div class=\"elementor-element elementor-element-iwgw-teshub-s8t elementor-widget elementor-widget-text-editor\" data-id=\"iwgw-teshub-s8t\" data-element_type=\"widget\" data-e-type=\"widget\" data-widget_type=\"text-editor.default\">\n\t\t\t\t\t\t\t\t\t<p>Les obres de refer\u00e8ncia m\u00e9s importants sobre la recerca de Teshub es recullen en la selecci\u00f3 seg\u00fcent. Inclouen monografies, edicions i s\u00edntesis hist\u00f2riques. La monografia de Schwemer continua sent la m\u00e9s detallada, amb una bibliografia extensa i un tractament exhaustiu de totes les hip\u00f2stasis conegudes de Teshub. La publicaci\u00f3 de Kay Kohlmeyer sobre el <span class=\"iwg-fachbegriff\" data-tooltip=\"Un edifici dedicat a la veneraci\u00f3 d'una o diverses divinitats.\" tabindex=\"0\">temple<\/span> d&#8217;Alep \u00e9s el complement arqueol\u00f2gic m\u00e9s important; l&#8217;estudi de Bachvarova sobre la connexi\u00f3 hitita-hom\u00e8rica \u00e9s l&#8217;obra comparativa m\u00e9s important de l&#8217;\u00faltima generaci\u00f3.<\/p>\t\t\t\t\t\t\t\t<\/div>\n\t\t\t\t<\/div>\n\t\t\t\t\t<\/div>\n\t\t\t\t<\/div>\n\t\t<div class=\"elementor-element elementor-element-cp224b8235 e-flex e-con-boxed e-con e-parent\" data-id=\"cp224b8235\" data-element_type=\"container\" data-e-type=\"container\">\n\t\t\t\t\t<div class=\"e-con-inner\">\n\t\t\t\t<div class=\"elementor-element elementor-element-cp263d9115 elementor-widget elementor-widget-heading\" data-id=\"cp263d9115\" data-element_type=\"widget\" data-e-type=\"widget\" data-widget_type=\"heading.default\">\n\t\t\t\t\t<h2 class=\"elementor-heading-title elementor-size-default\">El cant d'Ullikummi i la caiguda de Teshub<\/h2>\t\t\t\t<\/div>\n\t\t<div class=\"elementor-element elementor-element-cp24990c0c e-flex e-con-boxed e-con e-child\" data-id=\"cp24990c0c\" data-element_type=\"container\" data-e-type=\"container\">\n\t\t\t\t\t<div class=\"e-con-inner\">\n\t\t\t\t<div class=\"elementor-element elementor-element-cp2662854b elementor-widget elementor-widget-text-editor\" data-id=\"cp2662854b\" data-element_type=\"widget\" data-e-type=\"widget\" data-widget_type=\"text-editor.default\">\n\t\t\t\t\t\t\t\t\t<p>Entre els textos m\u00e9s impressionants de la <span class=\"iwg-fachbegriff\" data-tooltip=\"La transmissi\u00f3 de coneixements i narracions al llarg de generacions.\" tabindex=\"0\">tradici\u00f3<\/span> hitita hi ha l&#8217;anomenat Cant d&#8217;Ullikummi, un episodi del cicle m\u00edtic m\u00e9s ampli de Kumarbi. El d\u00e9u destronat <a href=\"https:\/\/iwell-guard.com\/ca\/?page_id=171714\">Kumarbi<\/a> engendra amb una roca un \u00e9sser fet de diorita, anomenat Ullikummi, destinat a enderrocar Teshub del poder.<\/p><p>Ullikummi creix sobre l&#8217;espatlla del gigant Upelluri, que sost\u00e9 el m\u00f3n, i s&#8217;eleva sense obstacles fins que arriba al cel.<\/p><p>Teshub mira des de la muntanya Hazzi i reconeix l&#8217;amena\u00e7a. Un primer atac dels d\u00e9us fracassa perqu\u00e8 Ullikummi \u00e9s cec, sord i insensible, i res no l&#8217;atura.<\/p><p>El canvi decisiu l&#8217;aporta el savi d\u00e9u Ea, que va al vell magatzem dels d\u00e9us i n&#8217;agafa l&#8217;antiga eina de tall amb la qual, en el seu moment, es van separar el cel i la terra. Amb aquesta eina, Ullikummi \u00e9s tallat pels peus de l&#8217;espatlla d&#8217;Upelluri, i aix\u00ed queda desposse\u00eft de la seva for\u00e7a.<\/p><p>El text s&#8217;ha transm\u00e8s en tauletes d&#8217;argila en llengua hitita provinents de l&#8217;arxiu de Hattuscha, per\u00f2 es basa en un original hurrita. Hans Gustav G\u00fcterbock va editar el Cant d&#8217;Ullikummi el 1951 i el 1952, i aix\u00ed va fer accessible un dels textos clau per a la comparaci\u00f3 amb la teogonia grega.<\/p><p>La narraci\u00f3 no mostra Teshub com un sobir\u00e0 indiscutit, sin\u00f3 com un rei la posici\u00f3 del qual s&#8217;ha de defensar constantment. \u00c9s, per tant, un testimoni central de la concepci\u00f3 hitita del poder div\u00ed com un estat precari.<\/p>\t\t\t\t\t\t\t\t<\/div>\n\t\t\t\t\t<\/div>\n\t\t\t\t<\/div>\n\t\t\t\t\t<\/div>\n\t\t\t\t<\/div>\n\t\t<div class=\"elementor-element elementor-element-cp2cb5f7c0 e-flex e-con-boxed e-con e-parent\" data-id=\"cp2cb5f7c0\" data-element_type=\"container\" data-e-type=\"container\">\n\t\t\t\t\t<div class=\"e-con-inner\">\n\t\t\t\t<div class=\"elementor-element elementor-element-cp2e132455 elementor-widget elementor-widget-heading\" data-id=\"cp2e132455\" data-element_type=\"widget\" data-e-type=\"widget\" data-widget_type=\"heading.default\">\n\t\t\t\t\t<h2 class=\"elementor-heading-title elementor-size-default\">Teshub i el drac Illujanka<\/h2>\t\t\t\t<\/div>\n\t\t<div class=\"elementor-element elementor-element-cp24b232d0 e-flex e-con-boxed e-con e-child\" data-id=\"cp24b232d0\" data-element_type=\"container\" data-e-type=\"container\">\n\t\t\t\t\t<div class=\"e-con-inner\">\n\t\t\t\t<div class=\"elementor-element elementor-element-cp259e779e elementor-widget elementor-widget-text-editor\" data-id=\"cp259e779e\" data-element_type=\"widget\" data-e-type=\"widget\" data-widget_type=\"text-editor.default\">\n\t\t\t\t\t\t\t\t\t<p>A m\u00e9s del cicle de Kumarbi hi ha un segon gran <span class=\"iwg-fachbegriff\" data-tooltip=\"Un relat transm\u00e8s sobre d\u00e9us, or\u00edgens i l'ordre del m\u00f3n.\" tabindex=\"0\">mite<\/span> en qu\u00e8 el d\u00e9u del temps hi t\u00e9 el paper principal: el combat contra el drac Illuyanka. Aquest text estava lligat a la festa hitita d&#8217;Any Nou <em>purulli<\/em> i s&#8217;ha transm\u00e8s en dues versions, que l&#8217;escriba Kella atribueix a un sacerdot de la ciutat de Nerik.<\/p><p>En la versi\u00f3 m\u00e9s antiga, el drac derrota primer el d\u00e9u del temps. La deessa Inara organitza aleshores una festa i aconsegueix l&#8217;ajut de l&#8217;home mortal Hupasija, que li demana una recompensa a canvi. Durant la festa, el drac i la seva cria s&#8217;emborratxen, s\u00f3n lligats i el d\u00e9u del temps els mata.<\/p><p>En la versi\u00f3 m\u00e9s recent, el drac ha robat el cor i els ulls al d\u00e9u del temps. El d\u00e9u engendra un fill, que es casa amb la filla del drac i reclama com a dot el cor i els ulls. Un cop restablert aix\u00ed, el d\u00e9u del temps mata el drac, per\u00f2 es veu obligat a sacrificar tamb\u00e9 el seu propi fill, que estava al costat de la fam\u00edlia pol\u00edtica.<\/p><p>La vinculaci\u00f3 del <span class=\"iwg-fachbegriff\" data-tooltip=\"Un relat transm\u00e8s sobre d\u00e9us, or\u00edgens i l'ordre del m\u00f3n.\" tabindex=\"0\">mite<\/span> amb la festa purulli \u00e9s cient\u00edficament rellevant. Es tracta d&#8217;un cas poc freq\u00fcent en qu\u00e8 un text narratiu est\u00e0 expl\u00edcitament vinculat a una ocasi\u00f3 ritual concreta.<\/p><p>Calvert Watkins ha tractat el <span class=\"iwg-fachbegriff\" data-tooltip=\"Un relat transm\u00e8s sobre d\u00e9us, or\u00edgens i l'ordre del m\u00f3n.\" tabindex=\"0\">mite<\/span> d&#8217;Illuyanka, en el seu treball comparatiu de lleng\u00fces, com a exemple d&#8217;un patr\u00f3 narratiu indoeuropeu en qu\u00e8 un heroi mata un drac. Alhora, el relat demostra que el d\u00e9u del temps hitita es concebia com a vencible i que devia la seva vict\u00f2ria a l&#8217;ajuda humana i divina.<\/p>\t\t\t\t\t\t\t\t<\/div>\n\t\t\t\t\t<\/div>\n\t\t\t\t<\/div>\n\t\t\t\t\t<\/div>\n\t\t\t\t<\/div>\n\t\t<div class=\"elementor-element elementor-element-cp25d451a5 e-flex e-con-boxed e-con e-parent\" data-id=\"cp25d451a5\" data-element_type=\"container\" data-e-type=\"container\">\n\t\t\t\t\t<div class=\"e-con-inner\">\n\t\t\t\t<div class=\"elementor-element elementor-element-cp2c6279ab elementor-widget elementor-widget-heading\" data-id=\"cp2c6279ab\" data-element_type=\"widget\" data-e-type=\"widget\" data-widget_type=\"heading.default\">\n\t\t\t\t\t<h2 class=\"elementor-heading-title elementor-size-default\">El santuari rupestre de Yaz\u0131l\u0131kaya<\/h2>\t\t\t\t<\/div>\n\t\t<div class=\"elementor-element elementor-element-cp24364644 e-flex e-con-boxed e-con e-child\" data-id=\"cp24364644\" data-element_type=\"container\" data-e-type=\"container\">\n\t\t\t\t\t<div class=\"e-con-inner\">\n\t\t\t\t<div class=\"elementor-element elementor-element-cp225cd153 elementor-widget elementor-widget-text-editor\" data-id=\"cp225cd153\" data-element_type=\"widget\" data-e-type=\"widget\" data-widget_type=\"text-editor.default\">\n\t\t\t\t\t\t\t\t\t<p>A uns dos quil\u00f2metres al nord-est de la capital hitita, Hattusa, es troba el santuari rupestre de Yaz\u0131l\u0131kaya, una cambra rocosa natural les parets de la qual es van cobrir, al segle XIII abans de la nostra era, amb relleus del pante\u00f3 hitita.<\/p><p>A la cambra m\u00e9s gran, la A, dues processons avancen l&#8217;una cap a l&#8217;altra: una masculina des de l&#8217;esquerra i una femenina des de la dreta. Al punt on es troben hi ha el d\u00e9u de la tempesta, identificat en els relleus mitjan\u00e7ant inscripcions jerogl\u00edfiques com el hurrita Teixub, i davant seu la seva esposa Hebat.<\/p><p>Teixub es dre\u00e7a sobre dos d\u00e9us de la muntanya encorbats, un tipus iconogr\u00e0fic que expressa el seu vincle amb les muntanyes. Darrere seu i davant d&#8217;Hebat segueixen els seus fills, entre ells el d\u00e9u Sharruma, dret sobre una pantera. La identificaci\u00f3 de les figures es basa en els signes jerogl\u00edfics luvites i en la comparaci\u00f3 amb les llistes de d\u00e9us dels arxius de tauletes d&#8217;argila.<\/p><p>La recerca interpreta majorit\u00e0riament Yaz\u0131l\u0131kaya com un lloc vinculat a la festa d&#8217;Any Nou i possiblement al culte funerari de la fam\u00edlia reial. La cambra m\u00e9s petita, la B, cont\u00e9 un <span class=\"iwg-fachbegriff\" data-tooltip=\"Una representaci\u00f3 esculpida en relleu sobre una superf\u00edcie.\" tabindex=\"0\">relleu<\/span> del rei Tudhaliya IV i alguns el consideren un monument commemoratiu d&#8217;aquest sobir\u00e0. Kurt Bittel, que va excavar Hattusa durant d\u00e8cades, va documentar el <span class=\"iwg-fachbegriff\" data-tooltip=\"Un lloc sagrat dedicat a la veneraci\u00f3 d'una divinitat.\" tabindex=\"0\">santuari<\/span> minuciosament.<\/p><p>Yaz\u0131l\u0131kaya \u00e9s l&#8217;\u00fanic lloc on tota la jerarquia divina estatal de l&#8217;\u00e8poca hitita tardana s&#8217;ha conservat en pedra, i Teixub s&#8217;hi troba literalment al centre. Aix\u00f2 converteix el <span class=\"iwg-fachbegriff\" data-tooltip=\"Un lloc sagrat dedicat a la veneraci\u00f3 d'una divinitat.\" tabindex=\"0\">santuari<\/span> en la font arqueol\u00f2gica m\u00e9s important sobre la seva posici\u00f3 en el <span class=\"iwg-fachbegriff\" data-tooltip=\"El conjunt dels d\u00e9us d'una religi\u00f3 o cultura.\" tabindex=\"0\">pante\u00f3<\/span>.<\/p>\t\t\t\t\t\t\t\t<\/div>\n\t\t\t\t\t<\/div>\n\t\t\t\t<\/div>\n\t\t\t\t\t<\/div>\n\t\t\t\t<\/div>\n\t\t<div class=\"elementor-element elementor-element-cp26382bdc e-flex e-con-boxed e-con e-parent\" data-id=\"cp26382bdc\" data-element_type=\"container\" data-e-type=\"container\">\n\t\t\t\t\t<div class=\"e-con-inner\">\n\t\t\t\t<div class=\"elementor-element elementor-element-cp29a5dce3 elementor-widget elementor-widget-heading\" data-id=\"cp29a5dce3\" data-element_type=\"widget\" data-e-type=\"widget\" data-widget_type=\"heading.default\">\n\t\t\t\t\t<h2 class=\"elementor-heading-title elementor-size-default\">Del Teixub hurrita al d\u00e9u imperial hitita<\/h2>\t\t\t\t<\/div>\n\t\t<div class=\"elementor-element elementor-element-cp28354bbc e-flex e-con-boxed e-con e-child\" data-id=\"cp28354bbc\" data-element_type=\"container\" data-e-type=\"container\">\n\t\t\t\t\t<div class=\"e-con-inner\">\n\t\t\t\t<div class=\"elementor-element elementor-element-cp2ab489b1 elementor-widget elementor-widget-text-editor\" data-id=\"cp2ab489b1\" data-element_type=\"widget\" data-e-type=\"widget\" data-widget_type=\"text-editor.default\">\n\t\t\t\t\t\t\t\t\t<p>Teixub no era originalment un d\u00e9u hitita, sin\u00f3 hurrita. Els hurrites, un poble la llengua del qual no \u00e9s ni sem\u00edtica ni indoeuropea, vivien al nord de Mesopot\u00e0mia i al nord de S\u00edria i van exercir una forta influ\u00e8ncia cultural sobre l&#8217;imperi hitita durant el segon mil\u00b7lenni abans de la nostra era.<\/p><p>Amb aquesta influ\u00e8ncia, Teixub va entrar tamb\u00e9 al <span class=\"iwg-fachbegriff\" data-tooltip=\"El conjunt dels d\u00e9us d'una religi\u00f3 o cultura.\" tabindex=\"0\">pante\u00f3<\/span> hitita, on es va fondre amb el d\u00e9u de la tempesta aut\u00f2cton, que els hitites escrivien amb el sumerograma corresponent al d\u00e9u de la tempesta.<\/p><p>L&#8217;ascens de Teixub a divinitat imperial est\u00e0 estretament lligat a la casa reial hitita del per\u00edode tard\u00e0.<\/p><p>Especialment la reina Puduhepa, hurrita de naixement i esposa d&#8217;Hattusili III, va afavorir els cultes hurrites a la cort. Sota la seva influ\u00e8ncia i la del seu fill Tudhaliya IV, el pante\u00f3 hurrita, amb Teixub al capdavant, va ser integrat en el culte estatal, cosa que es fa visible precisament a Yaz\u0131l\u0131kaya.<\/p><p>Ling\u00fc\u00edsticament, aquesta superposici\u00f3 es manifesta amb claredat. El mateix d\u00e9u es diu Taru en h\u00e0tic; en hitita se sol escriure nom\u00e9s logogr\u00e0ficament; en hurrita, Teixub; en luvita, Tarhunt; i a la zona arameo-sir\u00edaca li correspon Hadad.<\/p><p>Aquesta diversitat de noms demostra que es tracta d&#8217;una funci\u00f3 divina, la del senyor de la tempesta, que va adoptar formes pr\u00f2pies en moltes lleng\u00fces de l&#8217;Orient Antic.<\/p><p>Volkert Haas ha exposat \u00e0mpliament, a la seva <em>Geschichte der hethitischen Religion<\/em>, l&#8217;empremta hurrita del culte hitita tard\u00e0. Per a Teixub, aix\u00f2 significa que la seva hist\u00f2ria nom\u00e9s es pot entendre com una hist\u00f2ria de traducci\u00f3 cultural entre hurrites i hitites.<\/p>\t\t\t\t\t\t\t\t<\/div>\n\t\t\t\t\t<\/div>\n\t\t\t\t<\/div>\n\t\t\t\t\t<\/div>\n\t\t\t\t<\/div>\n\t\t<div class=\"elementor-element elementor-element-iwgw-teshub-lit e-flex e-con-boxed e-con e-parent\" data-id=\"iwgw-teshub-lit\" data-element_type=\"container\" data-e-type=\"container\">\n\t\t\t\t\t<div class=\"e-con-inner\">\n\t\t\t\t<div class=\"elementor-element elementor-element-iwgw-teshub-lith elementor-widget elementor-widget-heading\" data-id=\"iwgw-teshub-lith\" data-element_type=\"widget\" data-e-type=\"widget\" data-widget_type=\"heading.default\">\n\t\t\t\t\t<h2 class=\"elementor-heading-title elementor-size-default\">Bibliografia (selecci\u00f3)<\/h2>\t\t\t\t<\/div>\n\t\t<div class=\"elementor-element elementor-element-iwgw-teshub-litc e-con-full e-flex e-con e-child\" data-id=\"iwgw-teshub-litc\" data-element_type=\"container\" data-e-type=\"container\">\n\t\t\t\t<div class=\"elementor-element elementor-element-iwgw-teshub-litt elementor-widget elementor-widget-text-editor\" data-id=\"iwgw-teshub-litt\" data-element_type=\"widget\" data-e-type=\"widget\" data-widget_type=\"text-editor.default\">\n\t\t\t\t\t\t\t\t\t<div data-nosnippet=\"true\"><ul><li>Daniel Schwemer: <em>Die Wettergottgestalten Mesopotamiens und Nordsyriens<\/em> (Wiesbaden 2001)<\/li><li>Volkert Haas: <em>Geschichte der hethitischen Religion<\/em> (Leiden 1994)<\/li><li>Gary Beckman: <em>Hittite Myths<\/em> (SBL 1998)<\/li><li>Mary Bachvarova: <em>From Hittite to Homer<\/em> (Cambridge 2016)<\/li><li>Trevor Bryce: <em>The Kingdom of the Hittites<\/em> (Oxford 2005)<\/li><li>Kay Kohlmeyer: <em>Der <span class=\"iwg-fachbegriff\" data-tooltip=\"Un edifici dedicat a la veneraci\u00f3 d'una o diverses divinitats.\" tabindex=\"0\">Tempel<\/span> des Wettergottes von Aleppo<\/em> (M\u00fcnster 2000)<\/li><\/ul><\/div>\t\t\t\t\t\t\t\t<\/div>\n\t\t\t\t<\/div>\n\t\t\t\t\t<\/div>\n\t\t\t\t<\/div>\n\t\t<div class=\"elementor-element elementor-element-iwgkw-add-teshub e-flex e-con-boxed e-con e-parent\" data-id=\"iwgkw-add-teshub\" data-element_type=\"container\" data-e-type=\"container\">\n\t\t\t\t\t<div class=\"e-con-inner\">\n\t\t\t\t<div class=\"elementor-element elementor-element-iwgkw-add-teshub-t elementor-widget elementor-widget-text-editor\" data-id=\"iwgkw-add-teshub-t\" data-element_type=\"widget\" data-e-type=\"widget\" data-widget_type=\"text-editor.default\">\n\t\t\t\t\t\t\t\t\t<p>El <span class=\"iwg-fachbegriff\" data-tooltip=\"El conjunt d'actes de veneraci\u00f3 religiosa dedicats a una divinitat o figura sagrada.\" tabindex=\"0\">culte<\/span> de Teshub constitu\u00efa, en l&#8217;\u00e0mbit hurrita-hitita, un element central de la religi\u00f3 imperial. A Hattu\u0161a, Kummanni i Alep, els reis mantenien <span class=\"iwg-fachbegriff\" data-tooltip=\"Un edifici destinat a la veneraci\u00f3 d'una o diverses divinitats.\" tabindex=\"0\">temples<\/span> on sacrificis de bous, preg\u00e0ries a la tempesta i calendaris festius honoraven el d\u00e9u de la tempesta.<\/p><p>El seu <span class=\"iwg-fachbegriff\" data-tooltip=\"El conjunt d'actes de veneraci\u00f3 religiosa dedicats a una divinitat o figura sagrada.\" tabindex=\"0\">culte<\/span> estava estretament lligat a la reialesa: el sobir\u00e0 era considerat el seu representant terrenal, i els tractats d&#8217;alian\u00e7a es juraven sota la <span class=\"iwg-fachbegriff\" data-tooltip=\"L'acte de pregar o invocar una divinitat o poder.\" tabindex=\"0\">invocaci\u00f3<\/span> de Teshub, la qual cosa arrelava el seu <span class=\"iwg-fachbegriff\" data-tooltip=\"El conjunt d'actes de veneraci\u00f3 religiosa dedicats a una divinitat o figura sagrada.\" tabindex=\"0\">culte<\/span> alhora en el pla pol\u00edtic i cosmol\u00f2gic.<\/p>\t\t\t\t\t\t\t\t<\/div>\n\t\t\t\t\t<\/div>\n\t\t\t\t<\/div>\n\t\t<div class=\"elementor-element elementor-element-iwgkw2-add-teshub e-flex e-con-boxed e-con e-parent\" data-id=\"iwgkw2-add-teshub\" data-element_type=\"container\" data-e-type=\"container\">\n\t\t\t\t\t<div class=\"e-con-inner\">\n\t\t\t\t<div class=\"elementor-element elementor-element-iwgkw2-add-teshub-t elementor-widget elementor-widget-text-editor\" data-id=\"iwgkw2-add-teshub-t\" data-element_type=\"widget\" data-e-type=\"widget\" data-widget_type=\"text-editor.default\">\n\t\t\t\t\t\t\t\t\t<p>Teshub apareix en les fonts hurrites-hitites com el d\u00e9u suprem de la tempesta i <em>senyor de l&#8217;imperi<\/em>, que travessa les muntanyes amb el seu carro de guerra i, en el cicle de Kumarbi, sobreviu a la lluita divina per la sobirania del m\u00f3n.<\/p>\t\t\t\t\t\t\t\t<\/div>\n\t\t\t\t\t<\/div>\n\t\t\t\t<\/div>\n\t\t<div class=\"elementor-element elementor-element-iwgw-teshub-kwd e-flex e-con-boxed e-con e-parent\" data-id=\"iwgw-teshub-kwd\" data-element_type=\"container\" data-e-type=\"container\">\n\t\t\t\t\t<div class=\"e-con-inner\">\n\t\t<div class=\"elementor-element elementor-element-iwgw-teshub-kwdc e-con-full e-flex e-con e-child\" data-id=\"iwgw-teshub-kwdc\" data-element_type=\"container\" data-e-type=\"container\">\n\t\t\t\t<div class=\"elementor-element elementor-element-iwgw-teshub-kwdt elementor-widget elementor-widget-text-editor\" data-id=\"iwgw-teshub-kwdt\" data-element_type=\"widget\" data-e-type=\"widget\" data-widget_type=\"text-editor.default\">\n\t\t\t\t\t\t\t\t\t<p><em>Termes clau relacionats: Teshub, d\u00e9u hurrita de la tempesta, cicle de Kumarbi, Ullikummi, Alep, Kummiya, \u0160eri, \u1e2aurri.<\/em><\/p>\t\t\t\t\t\t\t\t<\/div>\n\t\t\t\t<\/div>\n\t\t\t\t\t<\/div>\n\t\t\t\t<\/div>\n\t\t<div class=\"elementor-element elementor-element-iwgw-teshub-cc e-flex e-con-boxed e-con e-parent\" data-id=\"iwgw-teshub-cc\" data-element_type=\"container\" data-e-type=\"container\" id=\"iwg-cc-teshub\">\n\t\t\t\t\t<div class=\"e-con-inner\">\n\t\t<div class=\"elementor-element elementor-element-iwgw-teshub-ccinner e-flex e-con-boxed e-con e-parent\" data-id=\"iwgw-teshub-ccinner\" data-element_type=\"container\" data-e-type=\"container\" data-settings=\"{&quot;background_background&quot;:&quot;classic&quot;}\">\n\t\t\t\t\t<div class=\"e-con-inner\">\n\t\t\t\t<div class=\"elementor-element elementor-element-iwgw-teshub-cch elementor-widget elementor-widget-heading\" data-id=\"iwgw-teshub-cch\" data-element_type=\"widget\" data-e-type=\"widget\" data-widget_type=\"heading.default\">\n\t\t\t\t\t<h2 class=\"elementor-heading-title elementor-size-default\">iWell Guard i tradicions de protecci\u00f3<\/h2>\t\t\t\t<\/div>\n\t\t\t\t<div class=\"elementor-element elementor-element-iwgw-teshub-cct elementor-widget elementor-widget-text-editor\" data-id=\"iwgw-teshub-cct\" data-element_type=\"widget\" data-e-type=\"widget\" data-widget_type=\"text-editor.default\">\n\t\t\t\t\t\t\t\t\t<div data-nosnippet=\"true\"><p>iWell Guard s&#8217;inspira en la tradici\u00f3 cultural i hist\u00f2rica dels objectes protectors portables, seguint la tradici\u00f3 de l&#8217;<a href=\"https:\/\/iwell-guard.com\/ca\/hitita-anatolic-tarhunna-deus-proteccio\/\">hitita<\/a> i de moltes altres cultures d&#8217;arreu del m\u00f3n. 41 capes, or aut\u00e8ntic, plat\u00ed, plata, fabricat a Alemanya. Dret de devoluci\u00f3 de 30 dies.<\/p><\/div>\t\t\t\t\t\t\t\t<\/div>\n\t\t\t\t<div class=\"elementor-element elementor-element-iwgw-teshub-ccb iwg-cc-button iwg-cc-cta-2026-05-13 elementor-widget elementor-widget-jet-button\" data-id=\"iwgw-teshub-ccb\" data-element_type=\"widget\" data-e-type=\"widget\" data-widget_type=\"jet-button.default\">\n\t\t\t\t<div class=\"elementor-widget-container\">\n\t\t\t\t\t<div class=\"elementor-jet-button jet-elements\"><div class=\"jet-button__container\"><a class=\"jet-button__instance jet-button__instance--icon-left hover-effect-1\" href=\"\/ueber-iwell-guard\/?utm_source=iwell-guard.com&amp;utm_medium=info-box&amp;utm_campaign=wesen-tradition\"><div class=\"jet-button__plane jet-button__plane-normal\"><\/div><div class=\"jet-button__plane jet-button__plane-hover\"><\/div><div class=\"jet-button__state jet-button__state-normal\"><span class=\"jet-button__label\">M\u00e9s informaci\u00f3 sobre l'iWell Guard<\/span><\/div><div class=\"jet-button__state jet-button__state-hover\"><span class=\"jet-button__label\">M\u00e9s informaci\u00f3 sobre l'iWell Guard<\/span><\/div><\/a><\/div><\/div><style>.elementor-element.elementor-element-iwgw-teshub-ccb .jet-button__instance{width:320px;height:56px;}.elementor-element.elementor-element-iwgw-teshub-ccb .jet-button__state-normal .jet-button__label{text-align:center;margin:0px 0px 0px 0px;color:#1a1b20;font-family:Montserrat,sans-serif;font-size:13px;font-weight:400;letter-spacing:4px;line-height:1.714em;text-transform:uppercase;}.elementor-element.elementor-element-iwgw-teshub-ccb .jet-button__state-hover .jet-button__label{text-align:center;margin:0px 0px 0px 0px;color:#FECC76;font-family:Montserrat,sans-serif;font-size:13px;font-weight:400;letter-spacing:4px;line-height:1.714em;text-transform:uppercase;}.elementor-element.elementor-element-iwgw-teshub-ccb .jet-button__plane-normal{background-color:#FECC76;border-style:solid;border-color:#C99540;border-width:2px 2px 2px 2px;}.elementor-element.elementor-element-iwgw-teshub-ccb .jet-button__plane-hover{background-color:rgba(0,0,0,0.55);border-style:solid;border-color:#FECC76;border-width:2px 2px 2px 2px;}<\/style>\t\t\t\t<\/div>\n\t\t\t\t<\/div>\n\t\t\t\t<div class=\"elementor-element elementor-element-iwgw-teshub-ccd elementor-widget elementor-widget-text-editor\" data-id=\"iwgw-teshub-ccd\" data-element_type=\"widget\" data-e-type=\"widget\" data-widget_type=\"text-editor.default\">\n\t\t\t\t\t\t\t\t\t<div data-nosnippet=\"true\"><p style=\"text-align:center;font-size:13px;opacity:0.7;margin-top:14px\" data-nosnippet=\"true\">Les experi\u00e8ncies personals poden variar. No \u00e9s un producte sanitari. No \u00e9s una promesa de curaci\u00f3.<\/p><\/div>\t\t\t\t\t\t\t\t<\/div>\n\t\t\t\t\t<\/div>\n\t\t\t\t<\/div>\n\t\t\t\t\t<\/div>\n\t\t\t\t<\/div>\n\t\t<div class=\"elementor-element elementor-element-iwgw-teshub-disc e-flex e-con-boxed e-con e-parent\" data-id=\"iwgw-teshub-disc\" data-element_type=\"container\" data-e-type=\"container\">\n\t\t\t\t\t<div class=\"e-con-inner\">\n\t\t\t\t<div class=\"elementor-element elementor-element-iwgw-teshub-discw elementor-widget elementor-widget-html\" data-id=\"iwgw-teshub-discw\" data-element_type=\"widget\" data-e-type=\"widget\" data-widget_type=\"html.default\">\n\t\t\t\t\t<footer data-nosnippet=\"true\" class=\"iwg-disclaimer-block\"><p data-nosnippet=\"true\">iWell Guard <strong>no \u00e9s un producte sanitari<\/strong> i no substitueix cap tractament m\u00e8dic o psicoterap\u00e8utic. Els continguts d'hist\u00f2ria de les religions s\u00f3n una classificaci\u00f3 culturohist\u00f2rica, no una recomanaci\u00f3 de pr\u00e0ctica espiritual.<\/p><\/footer>\t\t\t\t<\/div>\n\t\t\t\t\t<\/div>\n\t\t\t\t<\/div>\n\t\t\t\t<\/div>\n\t\t","protected":false},"excerpt":{"rendered":"","protected":false},"author":3,"featured_media":2843,"parent":0,"menu_order":0,"comment_status":"closed","ping_status":"closed","template":"elementor_header_footer","meta":{"_yoast_wpseo_focuskw":"Teshub, d\u00e9u hurrita de la tempesta","_yoast_wpseo_title":"Teshub \u2013 D\u00e9u hurrita de la tempesta, mite i culte","_yoast_wpseo_metadesc":"Teshub \u00e9s el d\u00e9u hurrita de la tempesta que estableix el domini div\u00ed en el cicle de Kumarbi. An\u00e0lisi des de la hist\u00f2ria de les religions amb fonts.","_yoast_wpseo_meta-robots-noindex":"","_yoast_wpseo_canonical":"","_angie_page":false,"gefaehrdungsstufe":"3","wesen_kultur":"hethitisch","wesen_klasse":"goetter","footnotes":""},"categories":[],"class_list":["post-171715","page","type-page","status-publish","has-post-thumbnail","hentry"],"yoast_head":"<!-- This site is optimized with the Yoast SEO Premium plugin v27.7 (Yoast SEO v28.3) - https:\/\/yoast.com\/product\/yoast-seo-premium-wordpress\/ -->\n<title>Teshub \u2013 D\u00e9u hurrita de la tempesta, mite i culte<\/title>\n<meta name=\"description\" content=\"Teshub \u00e9s el d\u00e9u hurrita de la tempesta que estableix el domini div\u00ed en el cicle de Kumarbi. An\u00e0lisi des de la hist\u00f2ria de les religions amb fonts.\" \/>\n<meta name=\"robots\" content=\"index, follow, max-snippet:-1, max-image-preview:large, max-video-preview:-1\" \/>\n<link rel=\"canonical\" href=\"https:\/\/iwell-guard.com\/ca\/teshub-deu-hurrita-tempesta\/\" \/>\n<meta property=\"og:locale\" content=\"ca_ES\" \/>\n<meta property=\"og:type\" content=\"article\" \/>\n<meta property=\"og:title\" content=\"Teshub \u2013 D\u00e9u hurrita de la tempesta\" \/>\n<meta property=\"og:description\" content=\"Teshub \u00e9s el d\u00e9u hurrita de la tempesta que estableix el domini div\u00ed en el cicle de Kumarbi. An\u00e0lisi des de la hist\u00f2ria de les religions amb fonts.\" \/>\n<meta property=\"og:url\" content=\"https:\/\/iwell-guard.com\/ca\/teshub-deu-hurrita-tempesta\/\" \/>\n<meta property=\"og:site_name\" content=\"iWell Guard\" \/>\n<meta property=\"article:modified_time\" content=\"2026-09-05T16:05:19+00:00\" \/>\n<meta property=\"og:image\" content=\"https:\/\/iwell-guard.com\/wp-content\/uploads\/2026\/05\/goetter_hethitisch_teshub.webp\" \/>\n\t<meta property=\"og:image:width\" content=\"1024\" \/>\n\t<meta property=\"og:image:height\" content=\"1536\" \/>\n\t<meta property=\"og:image:type\" content=\"image\/webp\" \/>\n<meta name=\"twitter:card\" content=\"summary_large_image\" \/>\n<script type=\"application\/ld+json\" class=\"yoast-schema-graph\">{\"@context\":\"https:\\\/\\\/schema.org\",\"@graph\":[{\"@type\":\"WebPage\",\"@id\":\"https:\\\/\\\/iwell-guard.com\\\/ca\\\/teshub-deu-hurrita-tempesta\\\/\",\"url\":\"https:\\\/\\\/iwell-guard.com\\\/ca\\\/teshub-deu-hurrita-tempesta\\\/\",\"name\":\"Teshub \u2013 D\u00e9u hurrita de la tempesta, mite i culte\",\"isPartOf\":{\"@id\":\"https:\\\/\\\/iwell-guard.com\\\/ca\\\/#website\"},\"primaryImageOfPage\":{\"@id\":\"https:\\\/\\\/iwell-guard.com\\\/ca\\\/teshub-deu-hurrita-tempesta\\\/#primaryimage\"},\"image\":{\"@id\":\"https:\\\/\\\/iwell-guard.com\\\/ca\\\/teshub-deu-hurrita-tempesta\\\/#primaryimage\"},\"thumbnailUrl\":\"https:\\\/\\\/iwell-guard.com\\\/wp-content\\\/uploads\\\/2026\\\/05\\\/goetter_hethitisch_teshub.webp\",\"datePublished\":\"2026-09-05T15:41:44+00:00\",\"dateModified\":\"2026-09-05T16:05:19+00:00\",\"description\":\"Teshub \u00e9s el d\u00e9u hurrita de la tempesta que estableix el domini div\u00ed en el cicle de Kumarbi. An\u00e0lisi des de la hist\u00f2ria de les religions amb fonts.\",\"breadcrumb\":{\"@id\":\"https:\\\/\\\/iwell-guard.com\\\/ca\\\/teshub-deu-hurrita-tempesta\\\/#breadcrumb\"},\"inLanguage\":\"ca\",\"potentialAction\":[{\"@type\":\"ReadAction\",\"target\":[\"https:\\\/\\\/iwell-guard.com\\\/ca\\\/teshub-deu-hurrita-tempesta\\\/\"]}]},{\"@type\":\"ImageObject\",\"inLanguage\":\"ca\",\"@id\":\"https:\\\/\\\/iwell-guard.com\\\/ca\\\/teshub-deu-hurrita-tempesta\\\/#primaryimage\",\"url\":\"https:\\\/\\\/iwell-guard.com\\\/wp-content\\\/uploads\\\/2026\\\/05\\\/goetter_hethitisch_teshub.webp\",\"contentUrl\":\"https:\\\/\\\/iwell-guard.com\\\/wp-content\\\/uploads\\\/2026\\\/05\\\/goetter_hethitisch_teshub.webp\",\"width\":1024,\"height\":1536,\"caption\":\"D\u00e9us de la tradici\u00f3 hitita.\"},{\"@type\":\"BreadcrumbList\",\"@id\":\"https:\\\/\\\/iwell-guard.com\\\/ca\\\/teshub-deu-hurrita-tempesta\\\/#breadcrumb\",\"itemListElement\":[{\"@type\":\"ListItem\",\"position\":1,\"name\":\"Start\",\"item\":\"https:\\\/\\\/iwell-guard.com\\\/ca\\\/?page_id=171333\"},{\"@type\":\"ListItem\",\"position\":2,\"name\":\"Teshub \u2013 D\u00e9u hurrita de la tempesta\"}]},{\"@type\":\"WebSite\",\"@id\":\"https:\\\/\\\/iwell-guard.com\\\/ca\\\/#website\",\"url\":\"https:\\\/\\\/iwell-guard.com\\\/ca\\\/\",\"name\":\"iWell Guard\",\"description\":\"Schutz vor dunklen Einfl\u00fcssen\",\"publisher\":{\"@id\":\"https:\\\/\\\/iwell-guard.com\\\/ca\\\/#organization\"},\"potentialAction\":[{\"@type\":\"SearchAction\",\"target\":{\"@type\":\"EntryPoint\",\"urlTemplate\":\"https:\\\/\\\/iwell-guard.com\\\/ca\\\/?s={search_term_string}\"},\"query-input\":{\"@type\":\"PropertyValueSpecification\",\"valueRequired\":true,\"valueName\":\"search_term_string\"}}],\"inLanguage\":\"ca\"},{\"@type\":\"Organization\",\"@id\":\"https:\\\/\\\/iwell-guard.com\\\/ca\\\/#organization\",\"name\":\"Ittermann electronic GmbH\",\"url\":\"https:\\\/\\\/iwell-guard.com\\\/ca\\\/\",\"logo\":{\"@type\":\"ImageObject\",\"inLanguage\":\"ca\",\"@id\":\"https:\\\/\\\/iwell-guard.com\\\/ca\\\/#\\\/schema\\\/logo\\\/image\\\/\",\"url\":\"https:\\\/\\\/iwell-guard.com\\\/wp-content\\\/uploads\\\/2026\\\/05\\\/Ittermann-Logo-1182x237-1.png\",\"contentUrl\":\"https:\\\/\\\/iwell-guard.com\\\/wp-content\\\/uploads\\\/2026\\\/05\\\/Ittermann-Logo-1182x237-1.png\",\"width\":1182,\"height\":237,\"caption\":\"Ittermann electronic GmbH\"},\"image\":{\"@id\":\"https:\\\/\\\/iwell-guard.com\\\/ca\\\/#\\\/schema\\\/logo\\\/image\\\/\"},\"sameAs\":[\"https:\\\/\\\/pantip.com\\\/profile\\\/9367242\",\"https:\\\/\\\/micro.blog\\\/iwellguard\",\"https:\\\/\\\/www.diggerslist.com\\\/iwellguard\\\/about\",\"https:\\\/\\\/skitterphoto.com\\\/photographers\\\/2870314\\\/iwell-guard\",\"https:\\\/\\\/iwellguard.wordpress.com\\\/2026\\\/06\\\/06\\\/iwell-guard\\\/\",\"https:\\\/\\\/hub.docker.com\\\/u\\\/iwellguard\",\"https:\\\/\\\/www.pinterest.com\\\/iwellguard\\\/\",\"https:\\\/\\\/bit.ly\\\/m\\\/iwellguard\",\"https:\\\/\\\/entre-vos-mains.alsace.eu\\\/profiles\\\/iwellguard\\\/activity\",\"https:\\\/\\\/gravatar.com\\\/reallybeded8fd34\",\"https:\\\/\\\/naijamatta.com\\\/iwellguard\",\"https:\\\/\\\/www.goodreads.com\\\/iwellguard\",\"https:\\\/\\\/profile.hatena.ne.jp\\\/iwellguard\\\/\",\"https:\\\/\\\/experiment.com\\\/users\\\/iwellguard\",\"https:\\\/\\\/wakelet.com\\\/@iWellGuard82270\",\"https:\\\/\\\/www.chordie.com\\\/forum\\\/profile.php?id=2555664\",\"https:\\\/\\\/www.instapaper.com\\\/p\\\/17757966\",\"https:\\\/\\\/www.mapleprimes.com\\\/users\\\/iwellguard\",\"https:\\\/\\\/businesslistingplus.com\\\/profile\\\/iwell-guard\\\/\",\"https:\\\/\\\/telegra.ph\\\/iWell-Guard-06-06\",\"https:\\\/\\\/pbase.com\\\/iwellguard\\\/iwellguard\",\"https:\\\/\\\/b.hatena.ne.jp\\\/iwellguard\\\/20260607#bookmark-4788405196491818882\",\"https:\\\/\\\/fliphtml5.com\\\/home\\\/iwellguard\",\"https:\\\/\\\/anyflip.com\\\/homepage\\\/cmiwl#About\",\"https:\\\/\\\/transfur.com\\\/Users\\\/iwellguard\",\"http:\\\/\\\/delphi.larsbo.org\\\/user\\\/iwellguard\",\"https:\\\/\\\/jobs.lajobsportal.org\\\/profiles\\\/8380803-iwell-guard\",\"https:\\\/\\\/md.chaosdorf.de\\\/s\\\/jfbe5SBdJD\",\"https:\\\/\\\/www.lingvolive.com\\\/en-us\\\/profile\\\/9ecaeaca-ce11-4e51-9e71-01d55e2bff36\\\/translations\",\"https:\\\/\\\/www.fitday.com\\\/fitness\\\/forums\\\/members\\\/iwellguard.html\",\"https:\\\/\\\/www.mymeetbook.com\\\/iwellguard\",\"https:\\\/\\\/pxhere.com\\\/en\\\/photographer-me\\\/5040798\",\"https:\\\/\\\/disqus.com\\\/by\\\/iwellguard\\\/about\\\/\",\"https:\\\/\\\/pastelink.net\\\/hjwciqwq\",\"https:\\\/\\\/pubhtml5.com\\\/homepage\\\/scjhn\\\/\",\"https:\\\/\\\/www.bitchute.com\\\/channel\\\/2O2eOKzNqujT\",\"https:\\\/\\\/audiomack.com\\\/iwellguard\"]},{\"@type\":\"Article\",\"@id\":\"https:\\\/\\\/iwell-guard.com\\\/ca\\\/teshub-deu-hurrita-tempesta\\\/#article\",\"isPartOf\":{\"@id\":\"https:\\\/\\\/iwell-guard.com\\\/ca\\\/teshub-deu-hurrita-tempesta\\\/\"},\"author\":{\"name\":\"Ralf Ittermann\",\"@id\":\"https:\\\/\\\/iwell-guard.com\\\/ca\\\/#\\\/schema\\\/person\\\/ee2a27f1cac3406c7c6fb5820cb7349f\"},\"headline\":\"Teshub \u2013 D\u00e9u hurrita de la tempesta\",\"datePublished\":\"2026-09-05T15:41:44+00:00\",\"dateModified\":\"2026-09-05T16:05:19+00:00\",\"mainEntityOfPage\":{\"@id\":\"https:\\\/\\\/iwell-guard.com\\\/ca\\\/teshub-deu-hurrita-tempesta\\\/\"},\"publisher\":{\"@id\":\"https:\\\/\\\/iwell-guard.com\\\/ca\\\/#organization\"},\"image\":{\"@id\":\"https:\\\/\\\/iwell-guard.com\\\/ca\\\/teshub-deu-hurrita-tempesta\\\/#primaryimage\"},\"thumbnailUrl\":\"https:\\\/\\\/iwell-guard.com\\\/wp-content\\\/uploads\\\/2026\\\/05\\\/goetter_hethitisch_teshub.webp\",\"inLanguage\":\"ca\",\"description\":\"Teshub \u00e9s el d\u00e9u hurrita de la tempesta que estableix el domini div\u00ed en el cicle de Kumarbi. An\u00e0lisi des de la hist\u00f2ria de les religions amb fonts.\"}]}<\/script>\n<!-- \/ Yoast SEO Premium plugin. -->","yoast_head_json":{"title":"Teshub \u2013 D\u00e9u hurrita de la tempesta, mite i culte","description":"Teshub \u00e9s el d\u00e9u hurrita de la tempesta que estableix el domini div\u00ed en el cicle de Kumarbi. An\u00e0lisi des de la hist\u00f2ria de les religions amb fonts.","robots":{"index":"index","follow":"follow","max-snippet":"max-snippet:-1","max-image-preview":"max-image-preview:large","max-video-preview":"max-video-preview:-1"},"canonical":"https:\/\/iwell-guard.com\/ca\/teshub-deu-hurrita-tempesta\/","og_locale":"ca_ES","og_type":"article","og_title":"Teshub \u2013 D\u00e9u hurrita de la tempesta","og_description":"Teshub \u00e9s el d\u00e9u hurrita de la tempesta que estableix el domini div\u00ed en el cicle de Kumarbi. An\u00e0lisi des de la hist\u00f2ria de les religions amb fonts.","og_url":"https:\/\/iwell-guard.com\/ca\/teshub-deu-hurrita-tempesta\/","og_site_name":"iWell Guard","article_modified_time":"2026-09-05T16:05:19+00:00","og_image":[{"width":1024,"height":1536,"url":"https:\/\/iwell-guard.com\/wp-content\/uploads\/2026\/05\/goetter_hethitisch_teshub.webp","type":"image\/webp"}],"twitter_card":"summary_large_image","schema":{"@context":"https:\/\/schema.org","@graph":[{"@type":"Article","@id":"https:\/\/iwell-guard.com\/ca\/teshub-deu-hurrita-tempesta\/#article","isPartOf":{"@id":"https:\/\/iwell-guard.com\/ca\/teshub-deu-hurrita-tempesta\/"},"author":{"name":"Ralf Ittermann","@id":"https:\/\/iwell-guard.com\/ca\/#\/schema\/person\/ee2a27f1cac3406c7c6fb5820cb7349f"},"headline":"Teshub \u2013 D\u00e9u hurrita de la tempesta","datePublished":"2026-09-05T15:41:44+00:00","dateModified":"2026-09-05T16:05:19+00:00","mainEntityOfPage":{"@id":"https:\/\/iwell-guard.com\/ca\/teshub-deu-hurrita-tempesta\/"},"publisher":{"@id":"https:\/\/iwell-guard.com\/ca\/#organization"},"image":{"@id":"https:\/\/iwell-guard.com\/ca\/teshub-deu-hurrita-tempesta\/#primaryimage"},"thumbnailUrl":"https:\/\/iwell-guard.com\/wp-content\/uploads\/2026\/05\/goetter_hethitisch_teshub.webp","inLanguage":"ca","description":"Teshub \u00e9s el d\u00e9u hurrita de la tempesta que estableix el domini div\u00ed en el cicle de Kumarbi. An\u00e0lisi des de la hist\u00f2ria de les religions amb fonts."},{"@type":"WebPage","@id":"https:\/\/iwell-guard.com\/ca\/teshub-deu-hurrita-tempesta\/","url":"https:\/\/iwell-guard.com\/ca\/teshub-deu-hurrita-tempesta\/","name":"Teshub \u2013 D\u00e9u hurrita de la tempesta, mite i culte","isPartOf":{"@id":"https:\/\/iwell-guard.com\/ca\/#website"},"primaryImageOfPage":{"@id":"https:\/\/iwell-guard.com\/ca\/teshub-deu-hurrita-tempesta\/#primaryimage"},"image":{"@id":"https:\/\/iwell-guard.com\/ca\/teshub-deu-hurrita-tempesta\/#primaryimage"},"thumbnailUrl":"https:\/\/iwell-guard.com\/wp-content\/uploads\/2026\/05\/goetter_hethitisch_teshub.webp","datePublished":"2026-09-05T15:41:44+00:00","dateModified":"2026-09-05T16:05:19+00:00","description":"Teshub \u00e9s el d\u00e9u hurrita de la tempesta que estableix el domini div\u00ed en el cicle de Kumarbi. An\u00e0lisi des de la hist\u00f2ria de les religions amb fonts.","breadcrumb":{"@id":"https:\/\/iwell-guard.com\/ca\/teshub-deu-hurrita-tempesta\/#breadcrumb"},"inLanguage":"ca","potentialAction":[{"@type":"ReadAction","target":["https:\/\/iwell-guard.com\/ca\/teshub-deu-hurrita-tempesta\/"]}]},{"@type":"ImageObject","inLanguage":"ca","@id":"https:\/\/iwell-guard.com\/ca\/teshub-deu-hurrita-tempesta\/#primaryimage","url":"https:\/\/iwell-guard.com\/wp-content\/uploads\/2026\/05\/goetter_hethitisch_teshub.webp","contentUrl":"https:\/\/iwell-guard.com\/wp-content\/uploads\/2026\/05\/goetter_hethitisch_teshub.webp","width":1024,"height":1536,"caption":"D\u00e9us de la tradici\u00f3 hitita."},{"@type":"BreadcrumbList","@id":"https:\/\/iwell-guard.com\/ca\/teshub-deu-hurrita-tempesta\/#breadcrumb","itemListElement":[{"@type":"ListItem","position":1,"name":"Start","item":"https:\/\/iwell-guard.com\/ca\/?page_id=171333"},{"@type":"ListItem","position":2,"name":"Teshub \u2013 D\u00e9u hurrita de la tempesta"}]},{"@type":"WebSite","@id":"https:\/\/iwell-guard.com\/ca\/#website","url":"https:\/\/iwell-guard.com\/ca\/","name":"iWell Guard","description":"Schutz vor dunklen Einfl\u00fcssen","publisher":{"@id":"https:\/\/iwell-guard.com\/ca\/#organization"},"potentialAction":[{"@type":"SearchAction","target":{"@type":"EntryPoint","urlTemplate":"https:\/\/iwell-guard.com\/ca\/?s={search_term_string}"},"query-input":{"@type":"PropertyValueSpecification","valueRequired":true,"valueName":"search_term_string"}}],"inLanguage":"ca"},{"@type":"Organization","@id":"https:\/\/iwell-guard.com\/ca\/#organization","name":"Ittermann electronic GmbH","url":"https:\/\/iwell-guard.com\/ca\/","logo":{"@type":"ImageObject","inLanguage":"ca","@id":"https:\/\/iwell-guard.com\/ca\/#\/schema\/logo\/image\/","url":"https:\/\/iwell-guard.com\/wp-content\/uploads\/2026\/05\/Ittermann-Logo-1182x237-1.png","contentUrl":"https:\/\/iwell-guard.com\/wp-content\/uploads\/2026\/05\/Ittermann-Logo-1182x237-1.png","width":1182,"height":237,"caption":"Ittermann electronic GmbH"},"image":{"@id":"https:\/\/iwell-guard.com\/ca\/#\/schema\/logo\/image\/"},"sameAs":["https:\/\/pantip.com\/profile\/9367242","https:\/\/micro.blog\/iwellguard","https:\/\/www.diggerslist.com\/iwellguard\/about","https:\/\/skitterphoto.com\/photographers\/2870314\/iwell-guard","https:\/\/iwellguard.wordpress.com\/2026\/06\/06\/iwell-guard\/","https:\/\/hub.docker.com\/u\/iwellguard","https:\/\/www.pinterest.com\/iwellguard\/","https:\/\/bit.ly\/m\/iwellguard","https:\/\/entre-vos-mains.alsace.eu\/profiles\/iwellguard\/activity","https:\/\/gravatar.com\/reallybeded8fd34","https:\/\/naijamatta.com\/iwellguard","https:\/\/www.goodreads.com\/iwellguard","https:\/\/profile.hatena.ne.jp\/iwellguard\/","https:\/\/experiment.com\/users\/iwellguard","https:\/\/wakelet.com\/@iWellGuard82270","https:\/\/www.chordie.com\/forum\/profile.php?id=2555664","https:\/\/www.instapaper.com\/p\/17757966","https:\/\/www.mapleprimes.com\/users\/iwellguard","https:\/\/businesslistingplus.com\/profile\/iwell-guard\/","https:\/\/telegra.ph\/iWell-Guard-06-06","https:\/\/pbase.com\/iwellguard\/iwellguard","https:\/\/b.hatena.ne.jp\/iwellguard\/20260607#bookmark-4788405196491818882","https:\/\/fliphtml5.com\/home\/iwellguard","https:\/\/anyflip.com\/homepage\/cmiwl#About","https:\/\/transfur.com\/Users\/iwellguard","http:\/\/delphi.larsbo.org\/user\/iwellguard","https:\/\/jobs.lajobsportal.org\/profiles\/8380803-iwell-guard","https:\/\/md.chaosdorf.de\/s\/jfbe5SBdJD","https:\/\/www.lingvolive.com\/en-us\/profile\/9ecaeaca-ce11-4e51-9e71-01d55e2bff36\/translations","https:\/\/www.fitday.com\/fitness\/forums\/members\/iwellguard.html","https:\/\/www.mymeetbook.com\/iwellguard","https:\/\/pxhere.com\/en\/photographer-me\/5040798","https:\/\/disqus.com\/by\/iwellguard\/about\/","https:\/\/pastelink.net\/hjwciqwq","https:\/\/pubhtml5.com\/homepage\/scjhn\/","https:\/\/www.bitchute.com\/channel\/2O2eOKzNqujT","https:\/\/audiomack.com\/iwellguard"]},{"@type":"Person","@id":"https:\/\/iwell-guard.com\/ca\/#\/schema\/person\/ee2a27f1cac3406c7c6fb5820cb7349f","name":"Ralf Ittermann","image":{"@type":"ImageObject","inLanguage":"ca","@id":"https:\/\/secure.gravatar.com\/avatar\/073c0153e350a5005b68eb752b445fea71f6b24a26da9449ad7e155e6b446c9d?s=96&d=mm&r=g","url":"https:\/\/secure.gravatar.com\/avatar\/073c0153e350a5005b68eb752b445fea71f6b24a26da9449ad7e155e6b446c9d?s=96&d=mm&r=g","contentUrl":"https:\/\/secure.gravatar.com\/avatar\/073c0153e350a5005b68eb752b445fea71f6b24a26da9449ad7e155e6b446c9d?s=96&d=mm&r=g","caption":"Ralf Ittermann"},"givenName":"Ralf","familyName":"Ittermann","jobTitle":"Gesch\u00e4ftsf\u00fchrer und redaktioneller Verantwortlicher","url":"https:\/\/iwell-guard.com\/ca\/author\/claude\/","description":"Ralf Ittermann ist Gesch\u00e4ftsf\u00fchrer der Ittermann electronic GmbH und redaktioneller Verantwortlicher des iWell-Guard-Lexikons. Er verbindet langj\u00e4hrige Erfahrung in der Pr\u00e4zisionsfertigung mit medialer Praxis und religionsgeschichtlicher Quellenarbeit.","worksFor":{"@type":"Organization","name":"Ittermann electronic GmbH","url":"https:\/\/ittermann.de\/","address":{"@type":"PostalAddress","streetAddress":"K\u00f6hlergasse 16-18","postalCode":"99842","addressLocality":"Ruhla","addressCountry":"DE"}},"knowsAbout":["Religionsgeschichte","Mythologie","Mediale Praxis","Energetische Diagnostik","Schutzpraxis","Volksglauben","Westliche Esoterik"]},{"@type":"Article","@id":"https:\/\/iwell-guard.com\/ca\/teshub-deu-hurrita-tempesta\/#article","isPartOf":{"@id":"https:\/\/iwell-guard.com\/ca\/teshub-deu-hurrita-tempesta\/"},"author":{"name":"Ralf Ittermann","@id":"https:\/\/iwell-guard.com\/ca\/#\/schema\/person\/ee2a27f1cac3406c7c6fb5820cb7349f"},"headline":"Teshub \u2013 D\u00e9u hurrita de la tempesta","datePublished":"2026-09-05T15:41:44+00:00","dateModified":"2026-09-05T16:05:19+00:00","mainEntityOfPage":{"@id":"https:\/\/iwell-guard.com\/ca\/teshub-deu-hurrita-tempesta\/"},"publisher":{"@id":"https:\/\/iwell-guard.com\/ca\/#organization"},"image":{"@id":"https:\/\/iwell-guard.com\/ca\/teshub-deu-hurrita-tempesta\/#primaryimage"},"thumbnailUrl":"https:\/\/iwell-guard.com\/wp-content\/uploads\/2026\/05\/goetter_hethitisch_teshub.webp","inLanguage":"ca","description":"Teshub \u00e9s el d\u00e9u hurrita de la tempesta que estableix el domini div\u00ed en el cicle de Kumarbi. An\u00e0lisi des de la hist\u00f2ria de les religions amb fonts."}]}},"_links":{"self":[{"href":"https:\/\/iwell-guard.com\/ca\/wp-json\/wp\/v2\/pages\/171715","targetHints":{"allow":["GET"]}}],"collection":[{"href":"https:\/\/iwell-guard.com\/ca\/wp-json\/wp\/v2\/pages"}],"about":[{"href":"https:\/\/iwell-guard.com\/ca\/wp-json\/wp\/v2\/types\/page"}],"author":[{"embeddable":true,"href":"https:\/\/iwell-guard.com\/ca\/wp-json\/wp\/v2\/users\/3"}],"replies":[{"embeddable":true,"href":"https:\/\/iwell-guard.com\/ca\/wp-json\/wp\/v2\/comments?post=171715"}],"version-history":[{"count":0,"href":"https:\/\/iwell-guard.com\/ca\/wp-json\/wp\/v2\/pages\/171715\/revisions"}],"wp:featuredmedia":[{"embeddable":true,"href":"https:\/\/iwell-guard.com\/ca\/wp-json\/wp\/v2\/media\/2843"}],"wp:attachment":[{"href":"https:\/\/iwell-guard.com\/ca\/wp-json\/wp\/v2\/media?parent=171715"}],"wp:term":[{"taxonomy":"category","embeddable":true,"href":"https:\/\/iwell-guard.com\/ca\/wp-json\/wp\/v2\/categories?post=171715"}],"curies":[{"name":"wp","href":"https:\/\/api.w.org\/{rel}","templated":true}]}}