{"id":171711,"date":"2026-09-05T15:41:42","date_gmt":"2026-09-05T15:41:42","guid":{"rendered":"https:\/\/iwell-guard.com\/?page_id=171711"},"modified":"2026-09-05T17:22:47","modified_gmt":"2026-09-05T17:22:47","slug":"tarhunna-deu-tempesta-hitites","status":"publish","type":"page","link":"https:\/\/iwell-guard.com\/ca\/tarhunna-deu-tempesta-hitites\/","title":{"rendered":"Tarhunna \u2013 D\u00e9u de la tempesta dels hitites"},"content":{"rendered":"\t\t<div data-elementor-type=\"wp-page\" data-elementor-id=\"171711\" class=\"elementor elementor-171711 elementor-2614 elementor-bc-flex-widget\" data-elementor-post-type=\"page\">\n\t\t\t\t<div class=\"elementor-element elementor-element-iwgw-tarhunna-hero e-flex e-con-boxed e-con e-parent\" data-id=\"iwgw-tarhunna-hero\" data-element_type=\"container\" data-e-type=\"container\" data-settings=\"{&quot;background_background&quot;:&quot;classic&quot;}\">\n\t\t\t\t\t<div class=\"e-con-inner\">\n\t\t<div class=\"elementor-element elementor-element-iwgw-tarhunna-hl e-flex e-con-boxed e-con e-child\" data-id=\"iwgw-tarhunna-hl\" data-element_type=\"container\" data-e-type=\"container\">\n\t\t\t\t\t<div class=\"e-con-inner\">\n\t\t<div class=\"elementor-element elementor-element-iwgw-tarhunna-htxt e-con-full e-flex e-con e-child\" data-id=\"iwgw-tarhunna-htxt\" data-element_type=\"container\" data-e-type=\"container\">\n\t\t\t\t<div class=\"elementor-element elementor-element-iwgw-tarhunna-h1 elementor-widget elementor-widget-heading\" data-id=\"iwgw-tarhunna-h1\" data-element_type=\"widget\" data-e-type=\"widget\" data-widget_type=\"heading.default\">\n\t\t\t\t\t<h1 class=\"elementor-heading-title elementor-size-default\">Tarhunna, d\u00e9u de la tempesta hitita i senyor de l'imperi<\/h1>\t\t\t\t<\/div>\n\t\t\t\t<div class=\"elementor-element elementor-element-iwgw-tarhunna-lead elementor-widget elementor-widget-text-editor\" data-id=\"iwgw-tarhunna-lead\" data-element_type=\"widget\" data-e-type=\"widget\" data-widget_type=\"text-editor.default\">\n\t\t\t\t\t\t\t\t\t<p>Tarhunna, escrit en textos cune\u00efformes majorit\u00e0riament com <em>D U<\/em> o <em>Tar\u1e2bunna<\/em>, \u00e9s el d\u00e9u suprem de la tempesta de l&#8217;imperi hitita durant el segon mil\u00b7lenni abans de Crist. Com a d\u00e9u del tro i de la tempesta, governa el cel sobre l&#8217;Anat\u00f2lia, protegeix el gran rei en la batalla i ocupa el centre de nombrosos tractats estatals que segellen els seus juraments.<\/p>\t\t\t\t\t\t\t\t<\/div>\n\t\t\t\t<\/div>\n\t\t<div class=\"elementor-element elementor-element-iwgw-tarhunna-pillc e-con-full e-flex e-con e-child\" data-id=\"iwgw-tarhunna-pillc\" data-element_type=\"container\" data-e-type=\"container\">\n\t\t\t\t<div class=\"elementor-element elementor-element-iwgw-tarhunna-pills elementor-widget elementor-widget-html\" data-id=\"iwgw-tarhunna-pills\" data-element_type=\"widget\" data-e-type=\"widget\" data-widget_type=\"html.default\">\n\t\t\t\t\t<div class=\"iwg-pill-row\"><span class=\"iwg-klasse-badge\" tabindex=\"0\" data-tooltip=\"D\u00e9u de la tempesta de la tradici\u00f3 hitita.\">D\u00e9u de la tempesta<\/span><a href=\"https:\/\/iwell-guard.com\/ca\/hitita-anatolic-tarhunna-deus-proteccio\/\" class=\"iwg-kultur-badge\" tabindex=\"0\" data-tooltip=\"Mitologia de la tradici\u00f3 hitita.\">Hitita<\/a><span class=\"iwg-tradition-badge\" tabindex=\"0\" data-tooltip=\"Divinitat major.\">Divinitat major<\/span><\/div>\t\t\t\t<\/div>\n\t\t\t\t<\/div>\n\t\t<div class=\"elementor-element elementor-element-iwgw-tarhunna-tocc e-con-full e-flex e-con e-child\" data-id=\"iwgw-tarhunna-tocc\" data-element_type=\"container\" data-e-type=\"container\">\n\t\t\t\t<div class=\"elementor-element elementor-element-iwgw-tarhunna-toc elementor-toc--minimized-on-tablet elementor-widget elementor-widget-table-of-contents\" data-id=\"iwgw-tarhunna-toc\" data-element_type=\"widget\" data-e-type=\"widget\" data-settings=\"{&quot;headings_by_tags&quot;:[&quot;h2&quot;,&quot;h3&quot;],&quot;minimize_box&quot;:&quot;yes&quot;,&quot;marker_view&quot;:&quot;bullets&quot;,&quot;no_headings_message&quot;:&quot;No s&#039;ha trobat cap encap\\u00e7alament en aquesta p\\u00e0gina.&quot;,&quot;exclude_headings_by_selector&quot;:[],&quot;icon&quot;:{&quot;value&quot;:&quot;fas fa-circle&quot;,&quot;library&quot;:&quot;fa-solid&quot;,&quot;rendered_tag&quot;:&quot;&lt;svg class=\\&quot;e-font-icon-svg e-fas-circle\\&quot; viewBox=\\&quot;0 0 512 512\\&quot; xmlns=\\&quot;http:\\\/\\\/www.w3.org\\\/2000\\\/svg\\&quot;&gt;&lt;path d=\\&quot;M256 8C119 8 8 119 8 256s111 248 248 248 248-111 248-248S393 8 256 8z\\&quot;&gt;&lt;\\\/path&gt;&lt;\\\/svg&gt;&quot;},&quot;minimized_on&quot;:&quot;tablet&quot;,&quot;hierarchical_view&quot;:&quot;yes&quot;,&quot;min_height&quot;:{&quot;unit&quot;:&quot;px&quot;,&quot;size&quot;:&quot;&quot;,&quot;sizes&quot;:[]},&quot;min_height_tablet&quot;:{&quot;unit&quot;:&quot;px&quot;,&quot;size&quot;:&quot;&quot;,&quot;sizes&quot;:[]},&quot;min_height_mobile&quot;:{&quot;unit&quot;:&quot;px&quot;,&quot;size&quot;:&quot;&quot;,&quot;sizes&quot;:[]}}\" data-widget_type=\"table-of-contents.default\">\n\t\t\t\t\t\t\t\t\t<div class=\"elementor-toc__header\">\n\t\t\t\t\t\t<h2 class=\"elementor-toc__header-title\">\n\t\t\t\t\u00cdndex\t\t\t<\/h2>\n\t\t\t\t\t\t\t\t\t\t<div class=\"elementor-toc__toggle-button elementor-toc__toggle-button--expand\" role=\"button\" tabindex=\"0\" aria-controls=\"elementor-toc__iwgw-tarhunna-toc\" aria-expanded=\"true\" aria-label=\"Open table of contents\"><svg aria-hidden=\"true\" class=\"e-font-icon-svg e-fas-chevron-down\" viewBox=\"0 0 448 512\" xmlns=\"http:\/\/www.w3.org\/2000\/svg\"><path d=\"M207.029 381.476L12.686 187.132c-9.373-9.373-9.373-24.569 0-33.941l22.667-22.667c9.357-9.357 24.522-9.375 33.901-.04L224 284.505l154.745-154.021c9.379-9.335 24.544-9.317 33.901.04l22.667 22.667c9.373 9.373 9.373 24.569 0 33.941L240.971 381.476c-9.373 9.372-24.569 9.372-33.942 0z\"><\/path><\/svg><\/div>\n\t\t\t\t<div class=\"elementor-toc__toggle-button elementor-toc__toggle-button--collapse\" role=\"button\" tabindex=\"0\" aria-controls=\"elementor-toc__iwgw-tarhunna-toc\" aria-expanded=\"true\" aria-label=\"Close table of contents\"><svg aria-hidden=\"true\" class=\"e-font-icon-svg e-fas-chevron-up\" viewBox=\"0 0 448 512\" xmlns=\"http:\/\/www.w3.org\/2000\/svg\"><path d=\"M240.971 130.524l194.343 194.343c9.373 9.373 9.373 24.569 0 33.941l-22.667 22.667c-9.357 9.357-24.522 9.375-33.901.04L224 227.495 69.255 381.516c-9.379 9.335-24.544 9.317-33.901-.04l-22.667-22.667c-9.373-9.373-9.373-24.569 0-33.941L207.03 130.525c9.372-9.373 24.568-9.373 33.941-.001z\"><\/path><\/svg><\/div>\n\t\t\t\t\t<\/div>\n\t\t\t\t<div id=\"elementor-toc__iwgw-tarhunna-toc\" class=\"elementor-toc__body\">\n\t\t\t<div class=\"elementor-toc__spinner-container\">\n\t\t\t\t<svg class=\"elementor-toc__spinner eicon-animation-spin e-font-icon-svg e-eicon-loading\" aria-hidden=\"true\" viewBox=\"0 0 1000 1000\" xmlns=\"http:\/\/www.w3.org\/2000\/svg\"><path d=\"M500 975V858C696 858 858 696 858 500S696 142 500 142 142 304 142 500H25C25 237 238 25 500 25S975 237 975 500 763 975 500 975Z\"><\/path><\/svg>\t\t\t<\/div>\n\t\t<\/div>\n\t\t\t\t\t\t<\/div>\n\t\t\t\t<\/div>\n\t\t\t\t\t<\/div>\n\t\t\t\t<\/div>\n\t\t<div class=\"elementor-element elementor-element-iwgw-tarhunna-hr e-con-full e-flex e-con e-child\" data-id=\"iwgw-tarhunna-hr\" data-element_type=\"container\" data-e-type=\"container\">\n\t\t\t\t<div class=\"elementor-element elementor-element-iwgw-tarhunna-heroimg iwg-hero-image elementor-widget elementor-widget-image\" data-id=\"iwgw-tarhunna-heroimg\" data-element_type=\"widget\" data-e-type=\"widget\" data-widget_type=\"image.default\">\n\t\t\t\t\t\t\t\t\t\t\t\t\t\t\t<img fetchpriority=\"high\" decoding=\"async\" width=\"683\" height=\"1024\" src=\"https:\/\/iwell-guard.com\/wp-content\/uploads\/2026\/05\/goetter_hethitisch_tarhunna-683x1024.webp\" class=\"attachment-large size-large wp-image-173568\" alt=\"Tarhunna \u2013 d\u00e9us de la tradici\u00f3 hitita, il\u00b7lustraci\u00f3 historicocultural\" srcset=\"https:\/\/iwell-guard.com\/wp-content\/uploads\/2026\/05\/goetter_hethitisch_tarhunna-683x1024.webp 683w, https:\/\/iwell-guard.com\/wp-content\/uploads\/2026\/05\/goetter_hethitisch_tarhunna-200x300.webp 200w, https:\/\/iwell-guard.com\/wp-content\/uploads\/2026\/05\/goetter_hethitisch_tarhunna-768x1152.webp 768w, https:\/\/iwell-guard.com\/wp-content\/uploads\/2026\/05\/goetter_hethitisch_tarhunna.webp 1024w\" sizes=\"(max-width: 683px) 100vw, 683px\" \/>\t\t\t\t\t\t\t\t\t\t\t\t\t\t\t<\/div>\n\t\t\t\t<\/div>\n\t\t\t\t\t<\/div>\n\t\t\t\t<\/div>\n\t\t<div class=\"elementor-element elementor-element-iwgw-tarhunna-s0 e-flex e-con-boxed e-con e-parent\" data-id=\"iwgw-tarhunna-s0\" data-element_type=\"container\" data-e-type=\"container\">\n\t\t\t\t\t<div class=\"e-con-inner\">\n\t\t\t\t<div class=\"elementor-element elementor-element-iwgw-tarhunna-s0h elementor-widget elementor-widget-heading\" data-id=\"iwgw-tarhunna-s0h\" data-element_type=\"widget\" data-e-type=\"widget\" data-widget_type=\"heading.default\">\n\t\t\t\t\t<h2 class=\"elementor-heading-title elementor-size-default\">Classificaci\u00f3 i perfil breu<\/h2>\t\t\t\t<\/div>\n\t\t<div class=\"elementor-element elementor-element-iwgw-tarhunna-s0c e-con-full e-flex e-con e-child\" data-id=\"iwgw-tarhunna-s0c\" data-element_type=\"container\" data-e-type=\"container\">\n\t\t\t\t<div class=\"elementor-element elementor-element-iwgw-tarhunna-s0t elementor-widget elementor-widget-text-editor\" data-id=\"iwgw-tarhunna-s0t\" data-element_type=\"widget\" data-e-type=\"widget\" data-widget_type=\"text-editor.default\">\n\t\t\t\t\t\t\t\t\t<p>Tarhunna pertany al cercle m\u00e9s \u00edntim del pante\u00f3 estatal hitita i apareix en textos dels arxius de \u1e2aattu\u0161a (avui Bo\u011fazkale) com el principal d\u00e9u mascul\u00ed de l&#8217;imperi.<\/p><p>Volkert Haas ha mostrat en la seva <em>Geschichte der hethitischen Religion<\/em> (1994) que Tarhunna \u00e9s documentable de manera cont\u00ednua des del per\u00edode paleohitita dels segles XVII i XVI a. C. i que va romandre la divinitat central de la tempesta fins a la caiguda de l&#8217;imperi cap al 1180 a. C. El seu \u00e0mbit d&#8217;acci\u00f3 \u00e9s ampli: tempestes, pluja, poder en la batalla, protecci\u00f3 reial, jurament de tractats i fertilitat dels camps.<\/p><p>Dins de la <a href=\"https:\/\/iwell-guard.com\/ca\/hitita-anatolic-tarhunna-deus-proteccio\/\">tradici\u00f3 hitita<\/a>, ocupa una posici\u00f3 similar a la de <a href=\"https:\/\/iwell-guard.com\/ca\/teshub-deu-hurrita-tempesta\/\">Teshub<\/a> en el <span class=\"iwg-fachbegriff\" data-tooltip=\"El conjunt de d\u00e9us d'una religi\u00f3 o cultura.\" tabindex=\"0\">pante\u00f3<\/span> hurrita, amb qui es va anar identificant progressivament en el culte imperial dels grans reis.<\/p><p>Trevor Bryce anomena aquesta fusi\u00f3 a <em>The Kingdom of the Hittites<\/em> (2005) un dels moviments m\u00e9s importants de la hist\u00f2ria religiosa de l&#8217;Anat\u00f2lia de l&#8217;<span class=\"iwg-fachbegriff\" data-tooltip=\"\u00c8poca prehist\u00f2rica en qu\u00e8 el bronze era el metall m\u00e9s important per a estris.\" tabindex=\"0\">edat del bronze<\/span> tardana. Tarhunna apareix en variants locals, com el d\u00e9u de la tempesta de Nerik, d&#8217;Alep, de Ziplanda o de \u1e2aattu\u0161a, cadascuna amb els seus propis santuaris, calendaris festius i jerarquies sacerdotals.<\/p><p>Des del punt de vista de la ci\u00e8ncia de la religi\u00f3, Tarhunna pertany al tipus est\u00e8s del d\u00e9u indoeuropeu de la tempesta, que governa des del cim d&#8217;una muntanya alta o des del seu tron entre n\u00favols. Es troben paral\u00b7lelismes amb Indra, Zeus i el germ\u00e0nic Donar; Tarhunna, per\u00f2, es distingeix d&#8217;aquests per una forta component jur\u00eddica i contractual, que el converteix en garant dels juraments.<\/p><p>La <span class=\"iwg-fachbegriff\" data-tooltip=\"La doctrina cient\u00edfica sobre D\u00e9u i la fe d'una religi\u00f3.\" tabindex=\"0\">teologia<\/span> hitita va entrella\u00e7ar el d\u00e9u de la tempesta amb la reialesa d&#8217;una manera \u00fanica i intensa: el gran rei \u00e9s &#8216;fill&#8217; o &#8216;servent predilecte&#8217; de Tarhunna, i la seva legitimitat dep\u00e8n de la benevol\u00e8ncia divina.<\/p>\t\t\t\t\t\t\t\t<\/div>\n\t\t\t\t<\/div>\n\t\t\t\t\t<\/div>\n\t\t\t\t<\/div>\n\t\t<div class=\"elementor-element elementor-element-iwgw-tarhunna-s1 e-flex e-con-boxed e-con e-parent\" data-id=\"iwgw-tarhunna-s1\" data-element_type=\"container\" data-e-type=\"container\">\n\t\t\t\t\t<div class=\"e-con-inner\">\n\t\t\t\t<div class=\"elementor-element elementor-element-iwgw-tarhunna-s1h elementor-widget elementor-widget-heading\" data-id=\"iwgw-tarhunna-s1h\" data-element_type=\"widget\" data-e-type=\"widget\" data-widget_type=\"heading.default\">\n\t\t\t\t\t<h2 class=\"elementor-heading-title elementor-size-default\">Nom i etimologia<\/h2>\t\t\t\t<\/div>\n\t\t<div class=\"elementor-element elementor-element-iwgw-tarhunna-s1c e-con-full e-flex e-con e-child\" data-id=\"iwgw-tarhunna-s1c\" data-element_type=\"container\" data-e-type=\"container\">\n\t\t\t\t<div class=\"elementor-element elementor-element-iwgw-tarhunna-s1t elementor-widget elementor-widget-text-editor\" data-id=\"iwgw-tarhunna-s1t\" data-element_type=\"widget\" data-e-type=\"widget\" data-widget_type=\"text-editor.default\">\n\t\t\t\t\t\t\t\t\t<p>El nom Tarhunna deriva de l&#8217;arrel indoeuropea <em>*terh\u2082-<\/em> &#8216;travessar, v\u00e8ncer, ser fort&#8217;. Calvert Watkins ha demostrat \u00e0mpliament a <em>How to Kill a Dragon<\/em> (1995) que aquesta arrel va donar en hitita el verb <em>tar\u1e2b-<\/em> &#8216;v\u00e8ncer, sotmetre&#8217;.<\/p><p>Tarhunna \u00e9s, doncs, literalment el &#8216;vencedor&#8217; o el &#8216;sotmetedor&#8217;, un nom significatiu que anticipa de manera program\u00e0tica el seu principal combat mitol\u00f2gic contra la serp Illuyanka. La formaci\u00f3 del nom amb l&#8217;element <em>-na<\/em> \u00e9s productiva en anatoli i forma noms de d\u00e9us a partir d&#8217;arrels verbals.<\/p><p>En els textos cune\u00efformes, el nom s&#8217;escriu gaireb\u00e9 sempre amb el logograma sumeri DU (llegit: <em>I\u0161kur\/Adad<\/em>) o DIM, seguit de complements fon\u00e8tics hitites com <em>-a\u0161, -un, -ni<\/em>. Una rara grafia fon\u00e8tica <em>Tar-\u1e2bu-na-a\u0161<\/em> es troba en rituals festius paleohitites.<\/p><p>En luvita apareix la forma <em>Tar\u1e2bunt<\/em>, en palaic <em>Tar\u1e2bunna<\/em>. La variaci\u00f3 de la forma \u00e9s un indici important de la hist\u00f2ria ling\u00fc\u00edstica i es discuteix detalladament en els treballs de H. Craig Melchert (<em>Anatolian Historical Phonology<\/em>, 1994).<\/p><p>Les inscripcions luvites jerogl\u00edfiques del per\u00edode tard\u00e0 i posthitita a Karkami\u0161, Mara\u015f i Tabal mostren un d\u00e9u dret amb destral i feix de llamps. El logograma DEUS.TONITRUS el designa directament com &#8216;d\u00e9u del tro&#8217;. En el material acadi de llistes de d\u00e9us s&#8217;identifica amb Adad, que al seu torn correspon al semita occidental Hadad. Aquesta cadena d&#8217;identificacions mostra la percepci\u00f3 constant de Tarhunna com &#8216;el d\u00e9u de la tempesta&#8217; per excel\u00b7l\u00e8ncia en el context de l&#8217;Orient Antic.<\/p>\t\t\t\t\t\t\t\t<\/div>\n\t\t\t\t<\/div>\n\t\t\t\t\t<\/div>\n\t\t\t\t<\/div>\n\t\t<div class=\"elementor-element elementor-element-iwgw-tarhunna-s2 e-flex e-con-boxed e-con e-parent\" data-id=\"iwgw-tarhunna-s2\" data-element_type=\"container\" data-e-type=\"container\">\n\t\t\t\t\t<div class=\"e-con-inner\">\n\t\t\t\t<div class=\"elementor-element elementor-element-iwgw-tarhunna-s2h elementor-widget elementor-widget-heading\" data-id=\"iwgw-tarhunna-s2h\" data-element_type=\"widget\" data-e-type=\"widget\" data-widget_type=\"heading.default\">\n\t\t\t\t\t<h2 class=\"elementor-heading-title elementor-size-default\">Descripci\u00f3 i iconografia<\/h2>\t\t\t\t<\/div>\n\t\t<div class=\"elementor-element elementor-element-iwgw-tarhunna-s2c e-con-full e-flex e-con e-child\" data-id=\"iwgw-tarhunna-s2c\" data-element_type=\"container\" data-e-type=\"container\">\n\t\t\t\t<div class=\"elementor-element elementor-element-iwgw-tarhunna-s2t elementor-widget elementor-widget-text-editor\" data-id=\"iwgw-tarhunna-s2t\" data-element_type=\"widget\" data-e-type=\"widget\" data-widget_type=\"text-editor.default\">\n\t\t\t\t\t\t\t\t\t<p>Iconogr\u00e0ficament, Tarhunna apareix com un home barbut amb un faldell\u00ed curt i cenyit, un casquet punxegut amb banyes al cap, una forquilla de llamps de tres puntes en una m\u00e0 i una destral de guerra en l&#8217;altra.<\/p><p>Aquesta iconografia queda fixada de manera <span class=\"iwg-fachbegriff\" data-tooltip=\"Que pertany al conjunt de textos reconegut oficialment per una religi\u00f3.\" tabindex=\"0\">can\u00f2nica<\/span> als relleus rupestres de Yaz\u0131l\u0131kaya, el gran santuari rupestre prop de \u1e2aattu\u0161a. Kurt Bittel va descriure, a <em>Die Hethiter<\/em> (1976), Tarhunna a la cambra principal A del santuari com a capdavanter de la process\u00f3 masculina de d\u00e9us.<\/p><p>Caracter\u00edstica \u00e9s la seva muntura, o m\u00e9s ben dit, el seu tir: Tarhunna condueix un carro estirat per dos braus anomenats \u0160eri (&#8216;dia&#8217;) i \u1e2aurri (&#8216;nit&#8217;).<\/p><p>Aquesta iconografia del tir de braus \u00e9s un indici directe de la influ\u00e8ncia hurrita; vincula estretament Tarhunna amb <a href=\"https:\/\/iwell-guard.com\/ca\/teshub-deu-hurrita-tempesta\/\">Teshub<\/a>. El brau mateix \u00e9s el seu animal sagrat i \u00e9s sacrificat en el <span class=\"iwg-fachbegriff\" data-tooltip=\"El conjunt d'actes de veneraci\u00f3 religiosa dedicats a una divinitat o figura sagrada.\" tabindex=\"0\">culte<\/span>; en nombrosos relleus un brau apareix al costat del d\u00e9u de la tempesta o el porta damunt l&#8217;esquena.<\/p><p>La figureta de bronze d&#8217;un Tarhunna caminant procedent de Tarsus mostra el d\u00e9u amb la destral al\u00e7ada i \u00e9s un dels objectes individuals m\u00e9s coneguts de l&#8217;art menor hitita.<\/p><p>A m\u00e9s, es coneixen relleus rupestres en els quals Tarhunna assumeix la protecci\u00f3 reial: a Yaz\u0131l\u0131kaya, el d\u00e9u de la tempesta de \u1e2aattu\u0161a abra\u00e7a el gran rei Tud\u1e2baliya IV i el posa aix\u00ed sota protecci\u00f3 divina.<\/p><p>La f\u00f3rmula iconogr\u00e0fica de l&#8217;abra\u00e7ada divina es coneix en la recerca com el &#8216;tutelary gesture&#8217; i \u00e9s un tret distintiu de la legitimaci\u00f3 reial. A Karkami\u0161, Alep i altres jaciments neohitites, la iconografia de Tarhunna es mant\u00e9 present fins al segle VIII a. C., sovint associada al <span class=\"iwg-fachbegriff\" data-tooltip=\"Un signe que representa una idea o un significat.\" tabindex=\"0\">s\u00edmbol<\/span> del disc solar alat de la reialesa.<\/p>\t\t\t\t\t\t\t\t<\/div>\n\t\t\t\t<\/div>\n\t\t\t\t\t<\/div>\n\t\t\t\t<\/div>\n\t\t<div class=\"elementor-element elementor-element-iwgw-tarhunna-s3 e-flex e-con-boxed e-con e-parent\" data-id=\"iwgw-tarhunna-s3\" data-element_type=\"container\" data-e-type=\"container\">\n\t\t\t\t\t<div class=\"e-con-inner\">\n\t\t\t\t<div class=\"elementor-element elementor-element-iwgw-tarhunna-s3h elementor-widget elementor-widget-heading\" data-id=\"iwgw-tarhunna-s3h\" data-element_type=\"widget\" data-e-type=\"widget\" data-widget_type=\"heading.default\">\n\t\t\t\t\t<h2 class=\"elementor-heading-title elementor-size-default\">Relats mitol\u00f2gics<\/h2>\t\t\t\t<\/div>\n\t\t<div class=\"elementor-element elementor-element-iwgw-tarhunna-s3c e-con-full e-flex e-con e-child\" data-id=\"iwgw-tarhunna-s3c\" data-element_type=\"container\" data-e-type=\"container\">\n\t\t\t\t<div class=\"elementor-element elementor-element-iwgw-tarhunna-s3t elementor-widget elementor-widget-text-editor\" data-id=\"iwgw-tarhunna-s3t\" data-element_type=\"widget\" data-e-type=\"widget\" data-widget_type=\"text-editor.default\">\n\t\t\t\t\t\t\t\t\t<p>El relat m\u00e9s important sobre Tarhunna \u00e9s el <span class=\"iwg-fachbegriff\" data-tooltip=\"Un relat transm\u00e8s sobre d\u00e9us, or\u00edgens i l'ordre del m\u00f3n.\" tabindex=\"0\">mite<\/span> del combat contra el drac <em>Illuyanka<\/em>, una serp monstruosa. El text es conserva en dues versions procedents de l&#8217;antiga festa hitita de primavera <em>purulli<\/em> (CTH 321) i va ser editat per Gary Beckman a <em>Hittite Myths<\/em> (1998).<\/p><p>En la primera versi\u00f3, Tarhunna \u00e9s ven\u00e7ut per Illuyanka i perd el cor i els ulls; nom\u00e9s l&#8217;ast\u00facia de la deessa Inara i del mortal \u1e2aupa\u0161iya condueix a la destrucci\u00f3 del drac.<\/p><p>Inara organitza una festa, hi convida Illuyanka, el fa embriagar-se i afartar-se, despr\u00e9s \u1e2aupa\u0161iya lliga la serp amb una corda, i Tarhunna pot matar-la.<\/p><p>En la segona versi\u00f3, Tarhunna t\u00e9 un fill amb una dona mortal, el qual, contra tot pron\u00f2stic, esdev\u00e9 gendre d&#8217;Illuyanka i retorna al seu pare els \u00f2rgans robats.<\/p><p>El fill demana llavors al seu pare que el mati, ja que no pot mantenir la lleialtat envers ambdues parts. Tarhunna satisf\u00e0 aquesta petici\u00f3 tr\u00e0gica i recupera el seu poder.<\/p><p>El <span class=\"iwg-fachbegriff\" data-tooltip=\"Un element de contingut recurrent en l'art o en la narraci\u00f3.\" tabindex=\"0\">motiu<\/span> del combat del d\u00e9u de la tempesta contra el drac \u00e9s, en la hist\u00f2ria de les religions, un dels patrons narratius indoeuropeus m\u00e9s antics. Watkins va demostrar que la f\u00f3rmula &#8216;l&#8217;heroi va matar el drac&#8217; (indoeuropeu <em>*gwhen- h\u2083egwhim<\/em>) es conserva en gaireb\u00e9 totes les lleng\u00fces indoeuropees. En el cas de Tarhunna es converteix en un mite estacional: la vict\u00f2ria sobre el drac marca el canvi de l&#8217;hivern mort a la primavera f\u00e8rtil.<\/p><p>Altres relats en els quals apareix Tarhunna s\u00f3n el <span class=\"iwg-fachbegriff\" data-tooltip=\"Un relat transm\u00e8s sobre d\u00e9us, or\u00edgens i l'ordre del m\u00f3n.\" tabindex=\"0\">mite<\/span> de <a href=\"https:\/\/iwell-guard.com\/ca\/telipinu-deu-vegetacio-hitites\/\">Telipinu<\/a>, en el qual Tarhunna cerca el seu fill desaparegut, i el cicle d&#8217;<a href=\"https:\/\/iwell-guard.com\/ca\/ullikummi-gegant-de-pedra\/\">Ullikummi<\/a>, en el qual, com a <a href=\"https:\/\/iwell-guard.com\/ca\/teshub-deu-hurrita-tempesta\/\">Teshub<\/a>, lluita contra el gigant de pedra. En els tres relats, Tarhunna no apareix com un \u00e9sser infal\u00b7lible; \u00e9s vulnerable, pot perdre, necessita aliats i enginy.<\/p>\t\t\t\t\t\t\t\t<\/div>\n\t\t\t\t<\/div>\n\t\t\t\t\t<\/div>\n\t\t\t\t<\/div>\n\t\t<div class=\"elementor-element elementor-element-iwgw-tarhunna-s4 e-flex e-con-boxed e-con e-parent\" data-id=\"iwgw-tarhunna-s4\" data-element_type=\"container\" data-e-type=\"container\">\n\t\t\t\t\t<div class=\"e-con-inner\">\n\t\t\t\t<div class=\"elementor-element elementor-element-iwgw-tarhunna-s4h elementor-widget elementor-widget-heading\" data-id=\"iwgw-tarhunna-s4h\" data-element_type=\"widget\" data-e-type=\"widget\" data-widget_type=\"heading.default\">\n\t\t\t\t\t<h2 class=\"elementor-heading-title elementor-size-default\">Culte i veneraci\u00f3<\/h2>\t\t\t\t<\/div>\n\t\t<div class=\"elementor-element elementor-element-iwgw-tarhunna-s4c e-con-full e-flex e-con e-child\" data-id=\"iwgw-tarhunna-s4c\" data-element_type=\"container\" data-e-type=\"container\">\n\t\t\t\t<div class=\"elementor-element elementor-element-iwgw-tarhunna-s4t elementor-widget elementor-widget-text-editor\" data-id=\"iwgw-tarhunna-s4t\" data-element_type=\"widget\" data-e-type=\"widget\" data-widget_type=\"text-editor.default\">\n\t\t\t\t\t\t\t\t\t<p>El <span class=\"iwg-fachbegriff\" data-tooltip=\"El conjunt d'actes de veneraci\u00f3 religiosa dedicats a una divinitat o figura sagrada.\" tabindex=\"0\">culte<\/span> de Tarhunna estava est\u00e8s per tot el territori de l&#8217;imperi hitita. El seu <span class=\"iwg-fachbegriff\" data-tooltip=\"Un lloc sagrat dedicat a la veneraci\u00f3 d'una divinitat.\" tabindex=\"0\">santuari<\/span> m\u00e9s important es trobava a Nerik, una ciutat del nord d&#8217;Anat\u00f2lia que va ser temporalment perduda davant els hostils ka\u0161kis i la recuperaci\u00f3 de la qual va esdevenir un imperatiu de pol\u00edtica religiosa.<\/p><p>El d\u00e9u de la tempesta de Nerik era una hip\u00f2stasi local independent i destinatari de nombroses preg\u00e0ries del gran rei Mur\u0161ili II (com, per exemple, CTH 376). Un segon lloc de veneraci\u00f3 principal era Alep (\u1e2aalab), seu ja des de l&#8217;\u00e8poca siriana antiga d&#8217;un important d\u00e9u de la tempesta; despr\u00e9s de la seva integraci\u00f3 en el <span class=\"iwg-fachbegriff\" data-tooltip=\"El conjunt de d\u00e9us d'una religi\u00f3 o cultura.\" tabindex=\"0\">pante\u00f3<\/span> hitita, es va reconstruir el seu <span class=\"iwg-fachbegriff\" data-tooltip=\"Un edifici dedicat a la veneraci\u00f3 d'una o diverses divinitats.\" tabindex=\"0\">temple<\/span> local a \u1e2aattu\u0161a.<\/p><p>La festa de primavera <em>purulli<\/em> era la festa anual principal de Tarhunna. Volkert Haas n&#8217;ha reconstru\u00eft el desenvolupament: process\u00f3 festiva, repetici\u00f3 ritual del combat contra el drac, <span class=\"iwg-fachbegriff\" data-tooltip=\"Ofrena a una divinitat per expressar gratitud, petici\u00f3 o veneraci\u00f3.\" tabindex=\"0\">sacrifici<\/span> de toros, ofrena de menjar als d\u00e9us amb pa, cervesa i vi.<\/p><p>Al temple imperial de \u1e2aattu\u0161a s&#8217;hi feien <span class=\"iwg-fachbegriff\" data-tooltip=\"Ofrena a una divinitat per expressar gratitud, petici\u00f3 o veneraci\u00f3.\" tabindex=\"0\">ofrenes<\/span> di\u00e0ries; els hitites mantenien extensos inventaris dels temples, on es registraven utensilis de culte, vestidures i estatuetes. Un estudi detallat d&#8217;aquests inventaris es troba a l&#8217;obra de Jared Miller <em>Royal Hittite Instructions<\/em> (2013).<\/p><p>En el dret dels tractats estatals, Tarhunna \u00e9s el d\u00e9u suprem dels juraments. Els tractats entre reis hitites i governants vassalls comencen habitualment amb una llarga llista de d\u00e9us, encap\u00e7alada pel \u00abd\u00e9u de la tempesta del cel\u00bb. Si una part trenca el jurament, Tarhunna l&#8217;ha d&#8217;\u00abesclafar com un gerro d&#8217;argila\u00bb, tal com es documenta en els tractats amb Aziru d&#8217;Amurru o amb \u0160attiwaza de Mitanni.<\/p><p>L&#8217;organitzaci\u00f3 sacerdotal del seu culte comprenia diverses categories: els sacerdots <em>SANGA<\/em> per al servei diari, els encantadors <em>L\u00daAZU<\/em> per a rituals especials i les sacerdotesses <em>SAL \u0160U.GI<\/em> (\u00abdones velles\u00bb) per a rituals apotropaics i de curaci\u00f3.<\/p>\t\t\t\t\t\t\t\t<\/div>\n\t\t\t\t<\/div>\n\t\t\t\t\t<\/div>\n\t\t\t\t<\/div>\n\t\t<div class=\"elementor-element elementor-element-iwgw-tarhunna-s5 e-flex e-con-boxed e-con e-parent\" data-id=\"iwgw-tarhunna-s5\" data-element_type=\"container\" data-e-type=\"container\">\n\t\t\t\t\t<div class=\"e-con-inner\">\n\t\t\t\t<div class=\"elementor-element elementor-element-iwgw-tarhunna-s5h elementor-widget elementor-widget-heading\" data-id=\"iwgw-tarhunna-s5h\" data-element_type=\"widget\" data-e-type=\"widget\" data-widget_type=\"heading.default\">\n\t\t\t\t\t<h2 class=\"elementor-heading-title elementor-size-default\">Pr\u00e0ctica de protecci\u00f3 i elements apotropaics<\/h2>\t\t\t\t<\/div>\n\t\t<div class=\"elementor-element elementor-element-iwgw-tarhunna-s5c e-con-full e-flex e-con e-child\" data-id=\"iwgw-tarhunna-s5c\" data-element_type=\"container\" data-e-type=\"container\">\n\t\t\t\t<div class=\"elementor-element elementor-element-iwgw-tarhunna-s5t elementor-widget elementor-widget-text-editor\" data-id=\"iwgw-tarhunna-s5t\" data-element_type=\"widget\" data-e-type=\"widget\" data-widget_type=\"text-editor.default\">\n\t\t\t\t\t\t\t\t\t<p>En la vida quotidiana hitita, Tarhunna era invocat sovint per protegir-se de danys meteorol\u00f2gics, sequeres i incursions enemigues. S&#8217;han conservat nombroses preg\u00e0ries (en hitita <em>arkuwar<\/em>) adre\u00e7ades al d\u00e9u de la tempesta de \u1e2aatti, com les preg\u00e0ries contra la pesta de Mur\u0161ili II (CTH 378), en les quals el rei demana la fi d&#8217;una gran epid\u00e8mia.<\/p><p>Aquests textos s\u00f3n cient\u00edficament rellevants perqu\u00e8 contenen una argumentaci\u00f3 teol\u00f2gica sofisticada: el rei dialoga amb el d\u00e9u, al\u00b7ludeix als seus propis actes d&#8217;expiaci\u00f3 i exhorta els d\u00e9us a no abandonar del tot els seus servents.<\/p><p>Els ritus apotropaics feien servir sovint els s\u00edmbols de Tarhunna: la destral i el llamp de tres puntes. En segells i amulets apareix el d\u00e9u de la tempesta representat caminant amb l&#8217;arma al\u00e7ada com a imatge protectora. En les ofrenes de fundaci\u00f3 es dipositaven figuretes de bronze amb la iconografia de Tarhunna als fonaments de temples i palaus; el jaciment de Hattu\u0161a n&#8217;ha proporcionat un nombre considerable.<\/p><p>Volkert Haas ha mostrat a <em>Materia Magica et Medica Hethitica<\/em> (2003) que eines associades al llamp (destrals de pedra, probablement troballes neol\u00edtiques interpretades com a \u00abpedres de llamp\u00bb) es guardaven a les cases per garantir protecci\u00f3 contra els llamps.<\/p><p>Des d&#8217;un punt de vista cient\u00edfic, resulta interessant l&#8217;estreta vinculaci\u00f3 entre el poder imperial i la promesa de protecci\u00f3: Tarhunna no garanteix la protecci\u00f3 primordialment a l&#8217;individu, sin\u00f3 al rei i, per mitj\u00e0 d&#8217;ell, al poble, contra el caos i els enemics.<\/p><p>La invocaci\u00f3 de protecci\u00f3 individual est\u00e0 documentada de manera m\u00e9s escassa en el material hitita que a Mesopot\u00e0mia o Ugarit, per\u00f2 hi \u00e9s present en textos de les \u00abdones velles\u00bb (<em>\u1e2aAR.\u1e2aAR<\/em>). iWell Guard considera Tarhunna una figura hist\u00f2rico-religiosa i no un destinatari actual de protecci\u00f3.<\/p>\t\t\t\t\t\t\t\t<\/div>\n\t\t\t\t<\/div>\n\t\t\t\t\t<\/div>\n\t\t\t\t<\/div>\n\t\t<div class=\"elementor-element elementor-element-iwgw-tarhunna-s6 e-flex e-con-boxed e-con e-parent\" data-id=\"iwgw-tarhunna-s6\" data-element_type=\"container\" data-e-type=\"container\">\n\t\t\t\t\t<div class=\"e-con-inner\">\n\t\t\t\t<div class=\"elementor-element elementor-element-iwgw-tarhunna-s6h elementor-widget elementor-widget-heading\" data-id=\"iwgw-tarhunna-s6h\" data-element_type=\"widget\" data-e-type=\"widget\" data-widget_type=\"heading.default\">\n\t\t\t\t\t<h2 class=\"elementor-heading-title elementor-size-default\">Paral\u00b7lelismes en altres cultures<\/h2>\t\t\t\t<\/div>\n\t\t<div class=\"elementor-element elementor-element-iwgw-tarhunna-s6c e-con-full e-flex e-con e-child\" data-id=\"iwgw-tarhunna-s6c\" data-element_type=\"container\" data-e-type=\"container\">\n\t\t\t\t<div class=\"elementor-element elementor-element-iwgw-tarhunna-s6t elementor-widget elementor-widget-text-editor\" data-id=\"iwgw-tarhunna-s6t\" data-element_type=\"widget\" data-e-type=\"widget\" data-widget_type=\"text-editor.default\">\n\t\t\t\t\t\t\t\t\t<p>Tarhunna pertany al gran tipus del d\u00e9u de la tempesta indoeuropeu i est\u00e0 estretament relacionat amb el hurrita <a href=\"https:\/\/iwell-guard.com\/ca\/teshub-deu-hurrita-tempesta\/\">Teshub<\/a>, l&#8217;oest-sem\u00edtic Hadad i Indra.<\/p><p>Pel que fa al <span class=\"iwg-fachbegriff\" data-tooltip=\"Un element recurrent de contingut en l'art o la narrativa.\" tabindex=\"0\">motiu<\/span> del combat contra el drac, es poden tra\u00e7ar paral\u00b7lelismes amb la vict\u00f2ria d&#8217;Indra sobre Vrtra al Rigveda, el combat de Zeus contra Tif\u00f3 i el combat de Thor contra la serp de Midgard. Daniel Schwemer va presentar a <em>Die Wettergottgestalten Mesopotamiens und Nordsyriens<\/em> (2001) un estudi comparatiu exhaustiu d&#8217;aquesta tradici\u00f3; l&#8217;obra continua sent avui la refer\u00e8ncia est\u00e0ndard.<\/p><p>En el <a href=\"https:\/\/iwell-guard.com\/ca\/fenicis-cartago-baal-tanit-proteccio\/\">pante\u00f3 fenici<\/a>, el d\u00e9u Baal-Hadad correspon en funci\u00f3 i en el <span class=\"iwg-fachbegriff\" data-tooltip=\"Un relat transm\u00e8s sobre d\u00e9us, or\u00edgens i l'ordre del m\u00f3n.\" tabindex=\"0\">mite<\/span> del combat contra el drac molt de prop al perfil de Tarhunna. Aqu\u00ed tamb\u00e9 el d\u00e9u de la tempesta lluita contra l&#8217;aigua ca\u00f2tica, en aquest cas Yam, que correspon estructuralment a Illuyanka, l&#8217;antagonista de Tarhunna. Aquests paral\u00b7lelismes no s\u00f3n casuals, sin\u00f3 el resultat d&#8217;un intens intercanvi cultural durant l&#8217;edat del bronze tardana entre Anat\u00f2lia, el nord de S\u00edria i el Llevant.<\/p><p>Des del punt de vista de la hist\u00f2ria de les religions, la difusi\u00f3 del motiu del combat contra el drac es basa tant en una her\u00e8ncia indoeuropea com en les tradicions del d\u00e9u de la tempesta nord-oest-sem\u00edtiques; la variant hitita \u00e9s una forma mixta particularment ben documentada. Tamb\u00e9 el material luvita i palaic registra tradicions pr\u00f2pies del d\u00e9u de la tempesta, que en part s&#8217;identifiquen amb Tarhunna i en part se&#8217;n distingeixen.<\/p><p>Mary Bachvarova ha tra\u00e7at detalladament a <em>From Hittite to Homer<\/em> (2016) la transmissi\u00f3 d&#8217;aquests mites anatolics del d\u00e9u de la tempesta cap al material narratiu grec, i hi assenyala especialment el <span class=\"iwg-fachbegriff\" data-tooltip=\"Un relat transm\u00e8s sobre d\u00e9us, or\u00edgens i l'ordre del m\u00f3n.\" tabindex=\"0\">mite<\/span> de Tif\u00f3, que presenta pr\u00e9stecs estructurals de l&#8217;\u00e0mbit anat\u00f2lic-siri\u00e0.<\/p>\t\t\t\t\t\t\t\t<\/div>\n\t\t\t\t<\/div>\n\t\t\t\t\t<\/div>\n\t\t\t\t<\/div>\n\t\t<div class=\"elementor-element elementor-element-iwgw-tarhunna-s7 e-flex e-con-boxed e-con e-parent\" data-id=\"iwgw-tarhunna-s7\" data-element_type=\"container\" data-e-type=\"container\">\n\t\t\t\t\t<div class=\"e-con-inner\">\n\t\t\t\t<div class=\"elementor-element elementor-element-iwgw-tarhunna-s7h elementor-widget elementor-widget-heading\" data-id=\"iwgw-tarhunna-s7h\" data-element_type=\"widget\" data-e-type=\"widget\" data-widget_type=\"heading.default\">\n\t\t\t\t\t<h2 class=\"elementor-heading-title elementor-size-default\">Recepci\u00f3 i investigaci\u00f3 actuals<\/h2>\t\t\t\t<\/div>\n\t\t<div class=\"elementor-element elementor-element-iwgw-tarhunna-s7c e-con-full e-flex e-con e-child\" data-id=\"iwgw-tarhunna-s7c\" data-element_type=\"container\" data-e-type=\"container\">\n\t\t\t\t<div class=\"elementor-element elementor-element-iwgw-tarhunna-s7t elementor-widget elementor-widget-text-editor\" data-id=\"iwgw-tarhunna-s7t\" data-element_type=\"widget\" data-e-type=\"widget\" data-widget_type=\"text-editor.default\">\n\t\t\t\t\t\t\t\t\t<p>La investigaci\u00f3 hitittol\u00f2gica moderna comen\u00e7a amb el desxiframent de l&#8217;escriptura cune\u00efforme hittita per part de Bed\u0159ich Hrozn\u00fd el 1915. Des d&#8217;aleshores, els textos sobre Tarhunna s&#8217;han publicat en nombroses edicions, sobretot en les s\u00e8ries <em>Keilschrifttexte aus Boghazk\u00f6y<\/em> (KBo) i <em>Keilschrifturkunden aus Boghazk\u00f6y<\/em> (KUB).<\/p><p>Volkert Haas, Trevor Bryce, Daniel Schwemer i Gary Beckman es troben entre les principals autoritats del segle XX i inicis del XXI. Itamar Singer, a <em>Hittite Prayers<\/em> (SBL 2002), va traduir i comentar les preg\u00e0ries m\u00e9s importants adre\u00e7ades a Tarhunna.<\/p><p>En la recepci\u00f3 popular, Tarhunna \u00e9s menys conegut que els seus parents indoeuropeus Thor o Zeus. En l&#8217;\u00e0mbit cultural turc viu, des de finals dels anys vint del segle XXI, un modest retorn gr\u00e0cies a la promoci\u00f3 de Yaz\u0131l\u0131kaya i Bo\u011fazkale com a Patrimoni Mundial de la UNESCO. A difer\u00e8ncia de la <span class=\"iwg-fachbegriff\" data-tooltip=\"El conjunt de relats m\u00edtics sobre d\u00e9us transmesos per una cultura.\" tabindex=\"0\">mitologia<\/span> germ\u00e0nica, gaireb\u00e9 no s&#8217;observa un renaixement espiritual de tipus neopag\u00e0.<\/p><p>Cient\u00edficament, avui Tarhunna es presenta sobretot com a objecte d&#8217;estudi de la <span class=\"iwg-fachbegriff\" data-tooltip=\"El conjunt de relats m\u00edtics sobre d\u00e9us transmesos per una cultura.\" tabindex=\"0\">mitologia<\/span> comparada i de la hist\u00f2ria religiosa del pr\u00f2xim orient antic. Els focus de recerca actuals se centren en l&#8217;estudi de les hip\u00f2stasis locals (el d\u00e9u de la tempesta de Nerik, Alep, Ziplanda), en la relaci\u00f3 entre Tarhunna i <a href=\"https:\/\/iwell-guard.com\/ca\/teshub-deu-hurrita-tempesta\/\">Teixub<\/a>, aix\u00ed com en la tradici\u00f3 jerogl\u00edfica luvita de l&#8217;<span class=\"iwg-fachbegriff\" data-tooltip=\"\u00c8poca prehist\u00f2rica posterior a l'edat del bronze, marcada pel treball del ferro.\" tabindex=\"0\">edat del ferro<\/span> tardohittita. iWell Guard recull Tarhunna en aquest marc historicofilol\u00f2gic.<\/p>\t\t\t\t\t\t\t\t<\/div>\n\t\t\t\t<\/div>\n\t\t\t\t\t<\/div>\n\t\t\t\t<\/div>\n\t\t<div class=\"elementor-element elementor-element-iwgw-tarhunna-s8 e-flex e-con-boxed e-con e-parent\" data-id=\"iwgw-tarhunna-s8\" data-element_type=\"container\" data-e-type=\"container\">\n\t\t\t\t\t<div class=\"e-con-inner\">\n\t\t\t\t<div class=\"elementor-element elementor-element-iwgw-tarhunna-s8h elementor-widget elementor-widget-heading\" data-id=\"iwgw-tarhunna-s8h\" data-element_type=\"widget\" data-e-type=\"widget\" data-widget_type=\"heading.default\">\n\t\t\t\t\t<h2 class=\"elementor-heading-title elementor-size-default\">Bibliografia i fonts<\/h2>\t\t\t\t<\/div>\n\t\t<div class=\"elementor-element elementor-element-iwgw-tarhunna-s8c e-con-full e-flex e-con e-child\" data-id=\"iwgw-tarhunna-s8c\" data-element_type=\"container\" data-e-type=\"container\">\n\t\t\t\t<div class=\"elementor-element elementor-element-iwgw-tarhunna-s8t elementor-widget elementor-widget-text-editor\" data-id=\"iwgw-tarhunna-s8t\" data-element_type=\"widget\" data-e-type=\"widget\" data-widget_type=\"text-editor.default\">\n\t\t\t\t\t\t\t\t\t<p>Les obres seg\u00fcents s\u00f3n les refer\u00e8ncies b\u00e0siques m\u00e9s importants sobre Tarhunna i el <span class=\"iwg-fachbegriff\" data-tooltip=\"El conjunt de d\u00e9us d'una religi\u00f3 o cultura.\" tabindex=\"0\">pante\u00f3<\/span> hittita del d\u00e9u de la tempesta, i tamb\u00e9 es citen en la resta del treball del l\u00e8xic.<\/p>\t\t\t\t\t\t\t\t<\/div>\n\t\t\t\t<\/div>\n\t\t\t\t\t<\/div>\n\t\t\t\t<\/div>\n\t\t<div class=\"elementor-element elementor-element-cp2ba3ac4e e-flex e-con-boxed e-con e-parent\" data-id=\"cp2ba3ac4e\" data-element_type=\"container\" data-e-type=\"container\">\n\t\t\t\t\t<div class=\"e-con-inner\">\n\t\t\t\t<div class=\"elementor-element elementor-element-cp2fd93c83 elementor-widget elementor-widget-heading\" data-id=\"cp2fd93c83\" data-element_type=\"widget\" data-e-type=\"widget\" data-widget_type=\"heading.default\">\n\t\t\t\t\t<h2 class=\"elementor-heading-title elementor-size-default\">Tarhunna en els tractats estatals hittites<\/h2>\t\t\t\t<\/div>\n\t\t<div class=\"elementor-element elementor-element-cp2a9ea383 e-flex e-con-boxed e-con e-child\" data-id=\"cp2a9ea383\" data-element_type=\"container\" data-e-type=\"container\">\n\t\t\t\t\t<div class=\"e-con-inner\">\n\t\t\t\t<div class=\"elementor-element elementor-element-cp258c629f elementor-widget elementor-widget-text-editor\" data-id=\"cp258c629f\" data-element_type=\"widget\" data-e-type=\"widget\" data-widget_type=\"text-editor.default\">\n\t\t\t\t\t\t\t\t\t<p>Un grup de fonts especialment revelador sobre Tarhunna s\u00f3n els tractats estatals hittites. Quan un gran rei hittita signava un tractat amb un vassall o amb un sobir\u00e0 estranger, aquest quedava avalat per una llarga llista de d\u00e9us de les dues parts, invocats com a testimonis i garants del tractat.<\/p><p>En aquestes llistes de d\u00e9us, el d\u00e9u de la tempesta ocupa regularment el primer lloc o un dels primers.<\/p><p>Els tractats esmenten sovint tota una s\u00e8rie de d\u00e9us de la tempesta de diferents llocs: el d\u00e9u de la tempesta del cel, el d\u00e9u de la tempesta d&#8217;Hatti, el d\u00e9u de la tempesta de Nerik, el d\u00e9u de la tempesta de Zippalanda i moltes altres manifestacions locals.<\/p><p>Aquesta enumeraci\u00f3 mostra que Tarhunna no es concebia com una figura \u00fanica i centralitzada, sin\u00f3 com un d\u00e9u que tenia una pres\u00e8ncia pr\u00f2pia, arrelada localment, a cada lloc de culte important.<\/p><p>Les f\u00f3rmules de maledicci\u00f3 al final dels tractats s\u00f3n particularment impressionants. Qui trenqui el tractat ha de ser destru\u00eft pel d\u00e9u de la tempesta i la resta de d\u00e9us, juntament amb el seu pa\u00eds, la seva descend\u00e8ncia i les seves possessions. El d\u00e9u de la tempesta apareix aqu\u00ed com a guardi\u00e0 del jurament i de l&#8217;ordre entre estats.<\/p><p>El fam\u00f3s tractat entre Hattusili III i Rams\u00e8s II d&#8217;Egipte, del qual s&#8217;han conservat tant una versi\u00f3 hittita com una eg\u00edpcia, invoca expressament, a la banda hittita, el d\u00e9u de la tempesta. Aquests tractats s\u00f3n, doncs, una font de primer ordre per con\u00e8ixer el paper preeminent que Tarhunna exercia en l&#8217;ordre pol\u00edtic i jur\u00eddic de l&#8217;imperi hittita.<\/p>\t\t\t\t\t\t\t\t<\/div>\n\t\t\t\t\t<\/div>\n\t\t\t\t<\/div>\n\t\t\t\t\t<\/div>\n\t\t\t\t<\/div>\n\t\t<div class=\"elementor-element elementor-element-cp2476cc38 e-flex e-con-boxed e-con e-parent\" data-id=\"cp2476cc38\" data-element_type=\"container\" data-e-type=\"container\">\n\t\t\t\t\t<div class=\"e-con-inner\">\n\t\t\t\t<div class=\"elementor-element elementor-element-cp218f24de elementor-widget elementor-widget-heading\" data-id=\"cp218f24de\" data-element_type=\"widget\" data-e-type=\"widget\" data-widget_type=\"heading.default\">\n\t\t\t\t\t<h2 class=\"elementor-heading-title elementor-size-default\">El d\u00e9u de la tempesta de Nerik i el problema de les manifestacions locals<\/h2>\t\t\t\t<\/div>\n\t\t<div class=\"elementor-element elementor-element-cp28b609ad e-flex e-con-boxed e-con e-child\" data-id=\"cp28b609ad\" data-element_type=\"container\" data-e-type=\"container\">\n\t\t\t\t\t<div class=\"e-con-inner\">\n\t\t\t\t<div class=\"elementor-element elementor-element-cp23309475 elementor-widget elementor-widget-text-editor\" data-id=\"cp23309475\" data-element_type=\"widget\" data-e-type=\"widget\" data-widget_type=\"text-editor.default\">\n\t\t\t\t\t\t\t\t\t<p>Entre els nombrosos d\u00e9us de la tempesta locals de l&#8217;imperi hittita, el d\u00e9u de la tempesta de Nerik t\u00e9 una import\u00e0ncia especial. Nerik era una antiga ciutat de culte al nord del territori nuclear hittita, ocupada temporalment pels caskes, un poble muntanyenc hostil.<\/p><p>La p\u00e8rdua i la posterior recuperaci\u00f3 de Nerik van preocupar els reis hittites durant generacions, i el <span class=\"iwg-fachbegriff\" data-tooltip=\"El conjunt d'actes de veneraci\u00f3 religiosa dedicats a una divinitat o figura sagrada.\" tabindex=\"0\">culte<\/span> del d\u00e9u de la tempesta local hi estava estretament lligat.<\/p><p>Hattusili III explica \u00e0mpliament, en el seu text autobiogr\u00e0fic conegut com l&#8217;Apologia, la seva vinculaci\u00f3 amb Nerik i amb el seu d\u00e9u de la tempesta. S&#8217;hi presenta com aquell que va restaurar la ciutat i el seu <span class=\"iwg-fachbegriff\" data-tooltip=\"El conjunt d'actes de veneraci\u00f3 religiosa dedicats a una divinitat o figura sagrada.\" tabindex=\"0\">culte<\/span>.<\/p><p>El d\u00e9u de la tempesta de Nerik era, doncs, no solament una entitat religiosa sin\u00f3 tamb\u00e9 una q\u00fcesti\u00f3 altament pol\u00edtica, i la seva veneraci\u00f3 determinava la legitimitat d&#8217;un sobir\u00e0.<\/p><p>Aqu\u00ed es fa pal\u00e8s un problema fonamental en el tractament de Tarhunna. Els textos hittites distingeixen amb cura entre els diferents d\u00e9us de la tempesta locals, per\u00f2 al mateix temps els tracten com a manifestacions d&#8217;un mateix \u00e0mbit d&#8217;acci\u00f3 div\u00ed.<\/p><p>No es pot respondre amb certesa, a partir de les fonts, si un hitita antic entenia el d\u00e9u de la tempesta de Nerik i el de Zippalanda com dos d\u00e9us diferents o com dos aspectes d&#8217;un mateix d\u00e9u.<\/p><p>La investigaci\u00f3 parla de manifestacions locals i subratlla que la pregunta moderna sobre la identitat de la <span class=\"iwg-fachbegriff\" data-tooltip=\"Un \u00e9sser venerat com a div\u00ed dins d'una religi\u00f3.\" tabindex=\"0\">divinitat<\/span> \u00e9s, en part, aliena als textos antics. El cas de Nerik \u00e9s tan important precisament perqu\u00e8 est\u00e0 especialment ben documentat i mostra fins a quin punt el <span class=\"iwg-fachbegriff\" data-tooltip=\"El conjunt d'actes de veneraci\u00f3 religiosa dedicats a una divinitat o figura sagrada.\" tabindex=\"0\">culte<\/span> local, la hist\u00f2ria de l&#8217;imperi i la ideologia reial estaven entrella\u00e7ats.<\/p>\t\t\t\t\t\t\t\t<\/div>\n\t\t\t\t\t<\/div>\n\t\t\t\t<\/div>\n\t\t\t\t\t<\/div>\n\t\t\t\t<\/div>\n\t\t<div class=\"elementor-element elementor-element-cp2574822b e-flex e-con-boxed e-con e-parent\" data-id=\"cp2574822b\" data-element_type=\"container\" data-e-type=\"container\">\n\t\t\t\t\t<div class=\"e-con-inner\">\n\t\t\t\t<div class=\"elementor-element elementor-element-cp24676e24 elementor-widget elementor-widget-heading\" data-id=\"cp24676e24\" data-element_type=\"widget\" data-e-type=\"widget\" data-widget_type=\"heading.default\">\n\t\t\t\t\t<h2 class=\"elementor-heading-title elementor-size-default\">Tarhunt a l'Anat\u00f2lia luvita i posthittita<\/h2>\t\t\t\t<\/div>\n\t\t<div class=\"elementor-element elementor-element-cp26710a68 e-flex e-con-boxed e-con e-child\" data-id=\"cp26710a68\" data-element_type=\"container\" data-e-type=\"container\">\n\t\t\t\t\t<div class=\"e-con-inner\">\n\t\t\t\t<div class=\"elementor-element elementor-element-cp2952e01d elementor-widget elementor-widget-text-editor\" data-id=\"cp2952e01d\" data-element_type=\"widget\" data-e-type=\"widget\" data-widget_type=\"text-editor.default\">\n\t\t\t\t\t\t\t\t\t<p>El d\u00e9u hitita Tarhunna tenia una equival\u00e8ncia estretament emparentada entre els luvites, un poble d&#8217;Anat\u00f2lia tamb\u00e9 de llengua indoeuropea, el d\u00e9u de la tempesta dels quals es deia Tarhunt. A difer\u00e8ncia de l&#8217;hitita, que va desapar\u00e8ixer despr\u00e9s de l&#8217;enfonsament del gran imperi hitita cap al 1180 abans de la nostra era, el luvita va perdurar, i amb ell el <span class=\"iwg-fachbegriff\" data-tooltip=\"El conjunt d'actes rituals de veneraci\u00f3 dirigits a una divinitat o figura sagrada.\" tabindex=\"0\">culte<\/span> a Tarhunt.<\/p><p>En els anomenats regnes petits neohitites, que van subsistir a l&#8217;Anat\u00f2lia sud-oriental i al nord de S\u00edria despr\u00e9s de l&#8217;enfonsament del gran imperi, Tarhunt \u00e9s una <span class=\"iwg-fachbegriff\" data-tooltip=\"Un \u00e9sser venerat com a div\u00ed dins d'una religi\u00f3.\" tabindex=\"0\">divinitat<\/span> central. Apareix en inscripcions jerogl\u00edfiques luvites i en nombrosos relleus, per exemple de Karkemish, Malatya i altres principats.<\/p><p>Aquestes inscripcions, redactades en l&#8217;escriptura jerogl\u00edfica luvita, es van desxifrar al llarg del segle XX, amb treballs fonamentals d&#8217;Emmanuel Laroche, John David Hawkins i d&#8217;altres.<\/p><p>En els relleus d&#8217;aquesta \u00e8poca, Tarhunt apareix sovint sobre un brau o un carro tirat per braus, amb destral i feix de llamps. Aquesta iconografia s&#8217;inscriu en la tradici\u00f3 de l&#8217;antic d\u00e9u de la tempesta anatoli, per\u00f2 mostra tamb\u00e9 influ\u00e8ncies de l&#8217;\u00e0mbit siri\u00e0.<\/p><p>Des del punt de vista ling\u00fc\u00edstic, el nom Tarhunt est\u00e0 relacionat amb el verb hitita que significa v\u00e8ncer o ser poder\u00f3s, de manera que el nom div\u00ed significaria aproximadament el victori\u00f3s o el poder\u00f3s.<\/p><p>A trav\u00e9s del luvita i dels noms personals anatolis, la denominaci\u00f3 del d\u00e9u de la tempesta es pot seguir fins i tot en l&#8217;\u00e8poca grecoromana de l&#8217;\u00c0sia Menor. Tarhunna i Tarhunt s\u00f3n aix\u00ed un exemple de com una <span class=\"iwg-fachbegriff\" data-tooltip=\"Un \u00e9sser venerat com a div\u00ed dins d'una religi\u00f3.\" tabindex=\"0\">divinitat<\/span> va poder sobreviure segles a l&#8217;enfonsament del reialme que havia sostingut el seu culte principal.<\/p>\t\t\t\t\t\t\t\t<\/div>\n\t\t\t\t\t<\/div>\n\t\t\t\t<\/div>\n\t\t\t\t\t<\/div>\n\t\t\t\t<\/div>\n\t\t<div class=\"elementor-element elementor-element-iwgw-tarhunna-lit e-flex e-con-boxed e-con e-parent\" data-id=\"iwgw-tarhunna-lit\" data-element_type=\"container\" data-e-type=\"container\">\n\t\t\t\t\t<div class=\"e-con-inner\">\n\t\t\t\t<div class=\"elementor-element elementor-element-iwgw-tarhunna-lith elementor-widget elementor-widget-heading\" data-id=\"iwgw-tarhunna-lith\" data-element_type=\"widget\" data-e-type=\"widget\" data-widget_type=\"heading.default\">\n\t\t\t\t\t<h2 class=\"elementor-heading-title elementor-size-default\">Bibliografia (selecci\u00f3)<\/h2>\t\t\t\t<\/div>\n\t\t<div class=\"elementor-element elementor-element-iwgw-tarhunna-litc e-con-full e-flex e-con e-child\" data-id=\"iwgw-tarhunna-litc\" data-element_type=\"container\" data-e-type=\"container\">\n\t\t\t\t<div class=\"elementor-element elementor-element-iwgw-tarhunna-litt elementor-widget elementor-widget-text-editor\" data-id=\"iwgw-tarhunna-litt\" data-element_type=\"widget\" data-e-type=\"widget\" data-widget_type=\"text-editor.default\">\n\t\t\t\t\t\t\t\t\t<div data-nosnippet=\"true\"><ul><li>Volkert Haas: <em>Geschichte der hethitischen Religion<\/em> (Leiden 1994)<\/li><li>Trevor Bryce: <em>The Kingdom of the Hittites<\/em> (Oxford 2005)<\/li><li>Daniel Schwemer: <em>Die Wettergottgestalten Mesopotamiens und Nordsyriens<\/em> (Wiesbaden 2001)<\/li><li>Gary Beckman: <em>Hittite Myths<\/em> (SBL 1998)<\/li><li>Calvert Watkins: <em>How to Kill a Dragon<\/em> (Oxford 1995)<\/li><li>Jared Miller: <em>Royal Hittite Instructions<\/em> (SBL 2013)<\/li><\/ul><\/div>\t\t\t\t\t\t\t\t<\/div>\n\t\t\t\t<\/div>\n\t\t\t\t\t<\/div>\n\t\t\t\t<\/div>\n\t\t<div class=\"elementor-element elementor-element-iwgkw2-add-tarhunna e-flex e-con-boxed e-con e-parent\" data-id=\"iwgkw2-add-tarhunna\" data-element_type=\"container\" data-e-type=\"container\">\n\t\t\t\t\t<div class=\"e-con-inner\">\n\t\t\t\t<div class=\"elementor-element elementor-element-iwgkw2-add-tarhunna-t elementor-widget elementor-widget-text-editor\" data-id=\"iwgkw2-add-tarhunna-t\" data-element_type=\"widget\" data-e-type=\"widget\" data-widget_type=\"text-editor.default\">\n\t\t\t\t\t\t\t\t\t<p>Com a d\u00e9u de la tempesta i <em>senyor del regne<\/em>, Tarhunna garantia en la ideologia reial hitita la pluja, la vict\u00f2ria i la fidelitat als tractats, com testimonien els tractats estatals i els relleus rupestres d&#8217;Hattu\u0161a.<\/p>\t\t\t\t\t\t\t\t<\/div>\n\t\t\t\t\t<\/div>\n\t\t\t\t<\/div>\n\t\t<div class=\"elementor-element elementor-element-iwgw-tarhunna-kwd e-flex e-con-boxed e-con e-parent\" data-id=\"iwgw-tarhunna-kwd\" data-element_type=\"container\" data-e-type=\"container\">\n\t\t\t\t\t<div class=\"e-con-inner\">\n\t\t<div class=\"elementor-element elementor-element-iwgw-tarhunna-kwdc e-con-full e-flex e-con e-child\" data-id=\"iwgw-tarhunna-kwdc\" data-element_type=\"container\" data-e-type=\"container\">\n\t\t\t\t<div class=\"elementor-element elementor-element-iwgw-tarhunna-kwdt elementor-widget elementor-widget-text-editor\" data-id=\"iwgw-tarhunna-kwdt\" data-element_type=\"widget\" data-e-type=\"widget\" data-widget_type=\"text-editor.default\">\n\t\t\t\t\t\t\t\t\t<p><em>Termes clau relacionats: Tarhunna hitites d\u00e9u de la tempesta Illuyanka purulli Nerik \u1e2aattu\u0161a d\u00e9u del carro.<\/em><\/p>\t\t\t\t\t\t\t\t<\/div>\n\t\t\t\t<\/div>\n\t\t\t\t\t<\/div>\n\t\t\t\t<\/div>\n\t\t<div class=\"elementor-element elementor-element-iwgw-tarhunna-cc e-flex e-con-boxed e-con e-parent\" data-id=\"iwgw-tarhunna-cc\" data-element_type=\"container\" data-e-type=\"container\" id=\"iwg-cc-tarhunna\">\n\t\t\t\t\t<div class=\"e-con-inner\">\n\t\t<div class=\"elementor-element elementor-element-iwgw-tarhunna-ccinner e-flex e-con-boxed e-con e-parent\" data-id=\"iwgw-tarhunna-ccinner\" data-element_type=\"container\" data-e-type=\"container\" data-settings=\"{&quot;background_background&quot;:&quot;classic&quot;}\">\n\t\t\t\t\t<div class=\"e-con-inner\">\n\t\t\t\t<div class=\"elementor-element elementor-element-iwgw-tarhunna-cch elementor-widget elementor-widget-heading\" data-id=\"iwgw-tarhunna-cch\" data-element_type=\"widget\" data-e-type=\"widget\" data-widget_type=\"heading.default\">\n\t\t\t\t\t<h2 class=\"elementor-heading-title elementor-size-default\">iWell Guard i tradicions de protecci\u00f3<\/h2>\t\t\t\t<\/div>\n\t\t\t\t<div class=\"elementor-element elementor-element-iwgw-tarhunna-cct elementor-widget elementor-widget-text-editor\" data-id=\"iwgw-tarhunna-cct\" data-element_type=\"widget\" data-e-type=\"widget\" data-widget_type=\"text-editor.default\">\n\t\t\t\t\t\t\t\t\t<div data-nosnippet=\"true\"><p>iWell Guard s&#8217;inspira en la tradici\u00f3 cultural i hist\u00f2rica dels objectes protectors portables, seguint la tradici\u00f3 de l&#8217;<a href=\"https:\/\/iwell-guard.com\/ca\/hitita-anatolic-tarhunna-deus-proteccio\/\">hitita<\/a> i de moltes altres cultures d&#8217;arreu del m\u00f3n. 41 capes, or aut\u00e8ntic, plat\u00ed, plata, fabricat a Alemanya. Dret de devoluci\u00f3 de 30 dies.<\/p><\/div>\t\t\t\t\t\t\t\t<\/div>\n\t\t\t\t<div class=\"elementor-element elementor-element-iwgw-tarhunna-ccb iwg-cc-button iwg-cc-cta-2026-05-13 elementor-widget elementor-widget-jet-button\" data-id=\"iwgw-tarhunna-ccb\" data-element_type=\"widget\" data-e-type=\"widget\" data-widget_type=\"jet-button.default\">\n\t\t\t\t<div class=\"elementor-widget-container\">\n\t\t\t\t\t<div class=\"elementor-jet-button jet-elements\"><div class=\"jet-button__container\"><a class=\"jet-button__instance jet-button__instance--icon-left hover-effect-1\" href=\"\/ueber-iwell-guard\/?utm_source=iwell-guard.com&amp;utm_medium=info-box&amp;utm_campaign=wesen-tradition\"><div class=\"jet-button__plane jet-button__plane-normal\"><\/div><div class=\"jet-button__plane jet-button__plane-hover\"><\/div><div class=\"jet-button__state jet-button__state-normal\"><span class=\"jet-button__label\">M\u00e9s informaci\u00f3 sobre l'iWell Guard<\/span><\/div><div class=\"jet-button__state jet-button__state-hover\"><span class=\"jet-button__label\">M\u00e9s informaci\u00f3 sobre l'iWell Guard<\/span><\/div><\/a><\/div><\/div><style>.elementor-element.elementor-element-iwgw-tarhunna-ccb .jet-button__instance{width:320px;height:56px;}.elementor-element.elementor-element-iwgw-tarhunna-ccb .jet-button__state-normal .jet-button__label{text-align:center;margin:0px 0px 0px 0px;color:#1a1b20;font-family:Montserrat,sans-serif;font-size:13px;font-weight:400;letter-spacing:4px;line-height:1.714em;text-transform:uppercase;}.elementor-element.elementor-element-iwgw-tarhunna-ccb .jet-button__state-hover .jet-button__label{text-align:center;margin:0px 0px 0px 0px;color:#FECC76;font-family:Montserrat,sans-serif;font-size:13px;font-weight:400;letter-spacing:4px;line-height:1.714em;text-transform:uppercase;}.elementor-element.elementor-element-iwgw-tarhunna-ccb .jet-button__plane-normal{background-color:#FECC76;border-style:solid;border-color:#C99540;border-width:2px 2px 2px 2px;}.elementor-element.elementor-element-iwgw-tarhunna-ccb .jet-button__plane-hover{background-color:rgba(0,0,0,0.55);border-style:solid;border-color:#FECC76;border-width:2px 2px 2px 2px;}<\/style>\t\t\t\t<\/div>\n\t\t\t\t<\/div>\n\t\t\t\t<div class=\"elementor-element elementor-element-iwgw-tarhunna-ccd elementor-widget elementor-widget-text-editor\" data-id=\"iwgw-tarhunna-ccd\" data-element_type=\"widget\" data-e-type=\"widget\" data-widget_type=\"text-editor.default\">\n\t\t\t\t\t\t\t\t\t<div data-nosnippet=\"true\"><p style=\"text-align:center;font-size:13px;opacity:0.7;margin-top:14px\" data-nosnippet=\"true\">Les experi\u00e8ncies personals poden variar. No \u00e9s un producte sanitari. No \u00e9s una promesa de curaci\u00f3.<\/p><\/div>\t\t\t\t\t\t\t\t<\/div>\n\t\t\t\t\t<\/div>\n\t\t\t\t<\/div>\n\t\t\t\t\t<\/div>\n\t\t\t\t<\/div>\n\t\t<div class=\"elementor-element elementor-element-iwgw-tarhunna-disc e-flex e-con-boxed e-con e-parent\" data-id=\"iwgw-tarhunna-disc\" data-element_type=\"container\" data-e-type=\"container\">\n\t\t\t\t\t<div class=\"e-con-inner\">\n\t\t\t\t<div class=\"elementor-element elementor-element-iwgw-tarhunna-discw elementor-widget elementor-widget-html\" data-id=\"iwgw-tarhunna-discw\" data-element_type=\"widget\" data-e-type=\"widget\" data-widget_type=\"html.default\">\n\t\t\t\t\t<footer data-nosnippet=\"true\" class=\"iwg-disclaimer-block\"><p data-nosnippet=\"true\">iWell Guard <strong>no \u00e9s un producte sanitari<\/strong> i no substitueix cap tractament m\u00e8dic o psicoterap\u00e8utic. Els continguts d'hist\u00f2ria de les religions s\u00f3n una classificaci\u00f3 culturohist\u00f2rica, no una recomanaci\u00f3 de pr\u00e0ctica espiritual.<\/p><\/footer>\t\t\t\t<\/div>\n\t\t\t\t\t<\/div>\n\t\t\t\t<\/div>\n\t\t\t\t<\/div>\n\t\t","protected":false},"excerpt":{"rendered":"","protected":false},"author":3,"featured_media":2841,"parent":0,"menu_order":0,"comment_status":"closed","ping_status":"closed","template":"elementor_header_footer","meta":{"_yoast_wpseo_focuskw":"Tarhunna d\u00e9u tempesta hitites","_yoast_wpseo_title":"Tarhunna \u2013 D\u00e9u de la tempesta hitita, culte i fonts","_yoast_wpseo_metadesc":"Tarhunna, el d\u00e9u de la tempesta hitita, \u00e9s considerat senyor de l'imperi i vencedor en batalla. An\u00e0lisi des de la ci\u00e8ncia de la religi\u00f3 amb mitologia i culte.","_yoast_wpseo_meta-robots-noindex":"","_yoast_wpseo_canonical":"","_angie_page":false,"gefaehrdungsstufe":"3","wesen_kultur":"hethitisch","wesen_klasse":"goetter","footnotes":""},"categories":[],"class_list":["post-171711","page","type-page","status-publish","has-post-thumbnail","hentry"],"yoast_head":"<!-- This site is optimized with the Yoast SEO Premium plugin v27.7 (Yoast SEO v28.3) - https:\/\/yoast.com\/product\/yoast-seo-premium-wordpress\/ -->\n<title>Tarhunna \u2013 D\u00e9u de la tempesta hitita, culte i fonts<\/title>\n<meta name=\"description\" content=\"Tarhunna, el d\u00e9u de la tempesta hitita, \u00e9s considerat senyor de l&#039;imperi i vencedor en batalla. An\u00e0lisi des de la ci\u00e8ncia de la religi\u00f3 amb mitologia i culte.\" \/>\n<meta name=\"robots\" content=\"index, follow, max-snippet:-1, max-image-preview:large, max-video-preview:-1\" \/>\n<link rel=\"canonical\" href=\"https:\/\/iwell-guard.com\/ca\/tarhunna-deu-tempesta-hitites\/\" \/>\n<meta property=\"og:locale\" content=\"ca_ES\" \/>\n<meta property=\"og:type\" content=\"article\" \/>\n<meta property=\"og:title\" content=\"Tarhunna \u2013 D\u00e9u de la tempesta dels hitites\" \/>\n<meta property=\"og:description\" content=\"Tarhunna, el d\u00e9u de la tempesta hitita, \u00e9s considerat senyor de l&#039;imperi i vencedor en batalla. An\u00e0lisi des de la ci\u00e8ncia de la religi\u00f3 amb mitologia i culte.\" \/>\n<meta property=\"og:url\" content=\"https:\/\/iwell-guard.com\/ca\/tarhunna-deu-tempesta-hitites\/\" \/>\n<meta property=\"og:site_name\" content=\"iWell Guard\" \/>\n<meta property=\"article:modified_time\" content=\"2026-09-05T17:22:47+00:00\" \/>\n<meta property=\"og:image\" content=\"https:\/\/iwell-guard.com\/wp-content\/uploads\/2026\/05\/goetter_hethitisch_tarhunna.webp\" \/>\n\t<meta property=\"og:image:width\" content=\"1024\" \/>\n\t<meta property=\"og:image:height\" content=\"1536\" \/>\n\t<meta property=\"og:image:type\" content=\"image\/webp\" \/>\n<meta name=\"twitter:card\" content=\"summary_large_image\" \/>\n<script type=\"application\/ld+json\" class=\"yoast-schema-graph\">{\"@context\":\"https:\\\/\\\/schema.org\",\"@graph\":[{\"@type\":\"WebPage\",\"@id\":\"https:\\\/\\\/iwell-guard.com\\\/ca\\\/tarhunna-deu-tempesta-hitites\\\/\",\"url\":\"https:\\\/\\\/iwell-guard.com\\\/ca\\\/tarhunna-deu-tempesta-hitites\\\/\",\"name\":\"Tarhunna \u2013 D\u00e9u de la tempesta hitita, culte i fonts\",\"isPartOf\":{\"@id\":\"https:\\\/\\\/iwell-guard.com\\\/ca\\\/#website\"},\"primaryImageOfPage\":{\"@id\":\"https:\\\/\\\/iwell-guard.com\\\/ca\\\/tarhunna-deu-tempesta-hitites\\\/#primaryimage\"},\"image\":{\"@id\":\"https:\\\/\\\/iwell-guard.com\\\/ca\\\/tarhunna-deu-tempesta-hitites\\\/#primaryimage\"},\"thumbnailUrl\":\"https:\\\/\\\/iwell-guard.com\\\/wp-content\\\/uploads\\\/2026\\\/05\\\/goetter_hethitisch_tarhunna.webp\",\"datePublished\":\"2026-09-05T15:41:42+00:00\",\"dateModified\":\"2026-09-05T17:22:47+00:00\",\"description\":\"Tarhunna, el d\u00e9u de la tempesta hitita, \u00e9s considerat senyor de l'imperi i vencedor en batalla. An\u00e0lisi des de la ci\u00e8ncia de la religi\u00f3 amb mitologia i culte.\",\"breadcrumb\":{\"@id\":\"https:\\\/\\\/iwell-guard.com\\\/ca\\\/tarhunna-deu-tempesta-hitites\\\/#breadcrumb\"},\"inLanguage\":\"ca\",\"potentialAction\":[{\"@type\":\"ReadAction\",\"target\":[\"https:\\\/\\\/iwell-guard.com\\\/ca\\\/tarhunna-deu-tempesta-hitites\\\/\"]}]},{\"@type\":\"ImageObject\",\"inLanguage\":\"ca\",\"@id\":\"https:\\\/\\\/iwell-guard.com\\\/ca\\\/tarhunna-deu-tempesta-hitites\\\/#primaryimage\",\"url\":\"https:\\\/\\\/iwell-guard.com\\\/wp-content\\\/uploads\\\/2026\\\/05\\\/goetter_hethitisch_tarhunna.webp\",\"contentUrl\":\"https:\\\/\\\/iwell-guard.com\\\/wp-content\\\/uploads\\\/2026\\\/05\\\/goetter_hethitisch_tarhunna.webp\",\"width\":1024,\"height\":1536,\"caption\":\"D\u00e9us de la tradici\u00f3 hitita.\"},{\"@type\":\"BreadcrumbList\",\"@id\":\"https:\\\/\\\/iwell-guard.com\\\/ca\\\/tarhunna-deu-tempesta-hitites\\\/#breadcrumb\",\"itemListElement\":[{\"@type\":\"ListItem\",\"position\":1,\"name\":\"Start\",\"item\":\"https:\\\/\\\/iwell-guard.com\\\/ca\\\/?page_id=171333\"},{\"@type\":\"ListItem\",\"position\":2,\"name\":\"Tarhunna \u2013 D\u00e9u de la tempesta dels hitites\"}]},{\"@type\":\"WebSite\",\"@id\":\"https:\\\/\\\/iwell-guard.com\\\/ca\\\/#website\",\"url\":\"https:\\\/\\\/iwell-guard.com\\\/ca\\\/\",\"name\":\"iWell Guard\",\"description\":\"Schutz vor dunklen Einfl\u00fcssen\",\"publisher\":{\"@id\":\"https:\\\/\\\/iwell-guard.com\\\/ca\\\/#organization\"},\"potentialAction\":[{\"@type\":\"SearchAction\",\"target\":{\"@type\":\"EntryPoint\",\"urlTemplate\":\"https:\\\/\\\/iwell-guard.com\\\/ca\\\/?s={search_term_string}\"},\"query-input\":{\"@type\":\"PropertyValueSpecification\",\"valueRequired\":true,\"valueName\":\"search_term_string\"}}],\"inLanguage\":\"ca\"},{\"@type\":\"Organization\",\"@id\":\"https:\\\/\\\/iwell-guard.com\\\/ca\\\/#organization\",\"name\":\"Ittermann electronic GmbH\",\"url\":\"https:\\\/\\\/iwell-guard.com\\\/ca\\\/\",\"logo\":{\"@type\":\"ImageObject\",\"inLanguage\":\"ca\",\"@id\":\"https:\\\/\\\/iwell-guard.com\\\/ca\\\/#\\\/schema\\\/logo\\\/image\\\/\",\"url\":\"https:\\\/\\\/iwell-guard.com\\\/wp-content\\\/uploads\\\/2026\\\/05\\\/Ittermann-Logo-1182x237-1.png\",\"contentUrl\":\"https:\\\/\\\/iwell-guard.com\\\/wp-content\\\/uploads\\\/2026\\\/05\\\/Ittermann-Logo-1182x237-1.png\",\"width\":1182,\"height\":237,\"caption\":\"Ittermann electronic GmbH\"},\"image\":{\"@id\":\"https:\\\/\\\/iwell-guard.com\\\/ca\\\/#\\\/schema\\\/logo\\\/image\\\/\"},\"sameAs\":[\"https:\\\/\\\/pantip.com\\\/profile\\\/9367242\",\"https:\\\/\\\/micro.blog\\\/iwellguard\",\"https:\\\/\\\/www.diggerslist.com\\\/iwellguard\\\/about\",\"https:\\\/\\\/skitterphoto.com\\\/photographers\\\/2870314\\\/iwell-guard\",\"https:\\\/\\\/iwellguard.wordpress.com\\\/2026\\\/06\\\/06\\\/iwell-guard\\\/\",\"https:\\\/\\\/hub.docker.com\\\/u\\\/iwellguard\",\"https:\\\/\\\/www.pinterest.com\\\/iwellguard\\\/\",\"https:\\\/\\\/bit.ly\\\/m\\\/iwellguard\",\"https:\\\/\\\/entre-vos-mains.alsace.eu\\\/profiles\\\/iwellguard\\\/activity\",\"https:\\\/\\\/gravatar.com\\\/reallybeded8fd34\",\"https:\\\/\\\/naijamatta.com\\\/iwellguard\",\"https:\\\/\\\/www.goodreads.com\\\/iwellguard\",\"https:\\\/\\\/profile.hatena.ne.jp\\\/iwellguard\\\/\",\"https:\\\/\\\/experiment.com\\\/users\\\/iwellguard\",\"https:\\\/\\\/wakelet.com\\\/@iWellGuard82270\",\"https:\\\/\\\/www.chordie.com\\\/forum\\\/profile.php?id=2555664\",\"https:\\\/\\\/www.instapaper.com\\\/p\\\/17757966\",\"https:\\\/\\\/www.mapleprimes.com\\\/users\\\/iwellguard\",\"https:\\\/\\\/businesslistingplus.com\\\/profile\\\/iwell-guard\\\/\",\"https:\\\/\\\/telegra.ph\\\/iWell-Guard-06-06\",\"https:\\\/\\\/pbase.com\\\/iwellguard\\\/iwellguard\",\"https:\\\/\\\/b.hatena.ne.jp\\\/iwellguard\\\/20260607#bookmark-4788405196491818882\",\"https:\\\/\\\/fliphtml5.com\\\/home\\\/iwellguard\",\"https:\\\/\\\/anyflip.com\\\/homepage\\\/cmiwl#About\",\"https:\\\/\\\/transfur.com\\\/Users\\\/iwellguard\",\"http:\\\/\\\/delphi.larsbo.org\\\/user\\\/iwellguard\",\"https:\\\/\\\/jobs.lajobsportal.org\\\/profiles\\\/8380803-iwell-guard\",\"https:\\\/\\\/md.chaosdorf.de\\\/s\\\/jfbe5SBdJD\",\"https:\\\/\\\/www.lingvolive.com\\\/en-us\\\/profile\\\/9ecaeaca-ce11-4e51-9e71-01d55e2bff36\\\/translations\",\"https:\\\/\\\/www.fitday.com\\\/fitness\\\/forums\\\/members\\\/iwellguard.html\",\"https:\\\/\\\/www.mymeetbook.com\\\/iwellguard\",\"https:\\\/\\\/pxhere.com\\\/en\\\/photographer-me\\\/5040798\",\"https:\\\/\\\/disqus.com\\\/by\\\/iwellguard\\\/about\\\/\",\"https:\\\/\\\/pastelink.net\\\/hjwciqwq\",\"https:\\\/\\\/pubhtml5.com\\\/homepage\\\/scjhn\\\/\",\"https:\\\/\\\/www.bitchute.com\\\/channel\\\/2O2eOKzNqujT\",\"https:\\\/\\\/audiomack.com\\\/iwellguard\"]},{\"@type\":\"Article\",\"@id\":\"https:\\\/\\\/iwell-guard.com\\\/ca\\\/tarhunna-deu-tempesta-hitites\\\/#article\",\"isPartOf\":{\"@id\":\"https:\\\/\\\/iwell-guard.com\\\/ca\\\/tarhunna-deu-tempesta-hitites\\\/\"},\"author\":{\"name\":\"Ralf Ittermann\",\"@id\":\"https:\\\/\\\/iwell-guard.com\\\/ca\\\/#\\\/schema\\\/person\\\/ee2a27f1cac3406c7c6fb5820cb7349f\"},\"headline\":\"Tarhunna \u2013 D\u00e9u de la tempesta dels hitites\",\"datePublished\":\"2026-09-05T15:41:42+00:00\",\"dateModified\":\"2026-09-05T17:22:47+00:00\",\"mainEntityOfPage\":{\"@id\":\"https:\\\/\\\/iwell-guard.com\\\/ca\\\/tarhunna-deu-tempesta-hitites\\\/\"},\"publisher\":{\"@id\":\"https:\\\/\\\/iwell-guard.com\\\/ca\\\/#organization\"},\"image\":{\"@id\":\"https:\\\/\\\/iwell-guard.com\\\/ca\\\/tarhunna-deu-tempesta-hitites\\\/#primaryimage\"},\"thumbnailUrl\":\"https:\\\/\\\/iwell-guard.com\\\/wp-content\\\/uploads\\\/2026\\\/05\\\/goetter_hethitisch_tarhunna.webp\",\"inLanguage\":\"ca\",\"description\":\"Tarhunna, el d\u00e9u de la tempesta hitita, \u00e9s considerat senyor de l'imperi i vencedor en batalla. An\u00e0lisi des de la ci\u00e8ncia de la religi\u00f3 amb mitologia i culte.\"}]}<\/script>\n<!-- \/ Yoast SEO Premium plugin. -->","yoast_head_json":{"title":"Tarhunna \u2013 D\u00e9u de la tempesta hitita, culte i fonts","description":"Tarhunna, el d\u00e9u de la tempesta hitita, \u00e9s considerat senyor de l'imperi i vencedor en batalla. An\u00e0lisi des de la ci\u00e8ncia de la religi\u00f3 amb mitologia i culte.","robots":{"index":"index","follow":"follow","max-snippet":"max-snippet:-1","max-image-preview":"max-image-preview:large","max-video-preview":"max-video-preview:-1"},"canonical":"https:\/\/iwell-guard.com\/ca\/tarhunna-deu-tempesta-hitites\/","og_locale":"ca_ES","og_type":"article","og_title":"Tarhunna \u2013 D\u00e9u de la tempesta dels hitites","og_description":"Tarhunna, el d\u00e9u de la tempesta hitita, \u00e9s considerat senyor de l'imperi i vencedor en batalla. An\u00e0lisi des de la ci\u00e8ncia de la religi\u00f3 amb mitologia i culte.","og_url":"https:\/\/iwell-guard.com\/ca\/tarhunna-deu-tempesta-hitites\/","og_site_name":"iWell Guard","article_modified_time":"2026-09-05T17:22:47+00:00","og_image":[{"width":1024,"height":1536,"url":"https:\/\/iwell-guard.com\/wp-content\/uploads\/2026\/05\/goetter_hethitisch_tarhunna.webp","type":"image\/webp"}],"twitter_card":"summary_large_image","schema":{"@context":"https:\/\/schema.org","@graph":[{"@type":"Article","@id":"https:\/\/iwell-guard.com\/ca\/tarhunna-deu-tempesta-hitites\/#article","isPartOf":{"@id":"https:\/\/iwell-guard.com\/ca\/tarhunna-deu-tempesta-hitites\/"},"author":{"name":"Ralf Ittermann","@id":"https:\/\/iwell-guard.com\/ca\/#\/schema\/person\/ee2a27f1cac3406c7c6fb5820cb7349f"},"headline":"Tarhunna \u2013 D\u00e9u de la tempesta dels hitites","datePublished":"2026-09-05T15:41:42+00:00","dateModified":"2026-09-05T17:22:47+00:00","mainEntityOfPage":{"@id":"https:\/\/iwell-guard.com\/ca\/tarhunna-deu-tempesta-hitites\/"},"publisher":{"@id":"https:\/\/iwell-guard.com\/ca\/#organization"},"image":{"@id":"https:\/\/iwell-guard.com\/ca\/tarhunna-deu-tempesta-hitites\/#primaryimage"},"thumbnailUrl":"https:\/\/iwell-guard.com\/wp-content\/uploads\/2026\/05\/goetter_hethitisch_tarhunna.webp","inLanguage":"ca","description":"Tarhunna, el d\u00e9u de la tempesta hitita, \u00e9s considerat senyor de l'imperi i vencedor en batalla. An\u00e0lisi des de la ci\u00e8ncia de la religi\u00f3 amb mitologia i culte."},{"@type":"WebPage","@id":"https:\/\/iwell-guard.com\/ca\/tarhunna-deu-tempesta-hitites\/","url":"https:\/\/iwell-guard.com\/ca\/tarhunna-deu-tempesta-hitites\/","name":"Tarhunna \u2013 D\u00e9u de la tempesta hitita, culte i fonts","isPartOf":{"@id":"https:\/\/iwell-guard.com\/ca\/#website"},"primaryImageOfPage":{"@id":"https:\/\/iwell-guard.com\/ca\/tarhunna-deu-tempesta-hitites\/#primaryimage"},"image":{"@id":"https:\/\/iwell-guard.com\/ca\/tarhunna-deu-tempesta-hitites\/#primaryimage"},"thumbnailUrl":"https:\/\/iwell-guard.com\/wp-content\/uploads\/2026\/05\/goetter_hethitisch_tarhunna.webp","datePublished":"2026-09-05T15:41:42+00:00","dateModified":"2026-09-05T17:22:47+00:00","description":"Tarhunna, el d\u00e9u de la tempesta hitita, \u00e9s considerat senyor de l'imperi i vencedor en batalla. An\u00e0lisi des de la ci\u00e8ncia de la religi\u00f3 amb mitologia i culte.","breadcrumb":{"@id":"https:\/\/iwell-guard.com\/ca\/tarhunna-deu-tempesta-hitites\/#breadcrumb"},"inLanguage":"ca","potentialAction":[{"@type":"ReadAction","target":["https:\/\/iwell-guard.com\/ca\/tarhunna-deu-tempesta-hitites\/"]}]},{"@type":"ImageObject","inLanguage":"ca","@id":"https:\/\/iwell-guard.com\/ca\/tarhunna-deu-tempesta-hitites\/#primaryimage","url":"https:\/\/iwell-guard.com\/wp-content\/uploads\/2026\/05\/goetter_hethitisch_tarhunna.webp","contentUrl":"https:\/\/iwell-guard.com\/wp-content\/uploads\/2026\/05\/goetter_hethitisch_tarhunna.webp","width":1024,"height":1536,"caption":"D\u00e9us de la tradici\u00f3 hitita."},{"@type":"BreadcrumbList","@id":"https:\/\/iwell-guard.com\/ca\/tarhunna-deu-tempesta-hitites\/#breadcrumb","itemListElement":[{"@type":"ListItem","position":1,"name":"Start","item":"https:\/\/iwell-guard.com\/ca\/?page_id=171333"},{"@type":"ListItem","position":2,"name":"Tarhunna \u2013 D\u00e9u de la tempesta dels hitites"}]},{"@type":"WebSite","@id":"https:\/\/iwell-guard.com\/ca\/#website","url":"https:\/\/iwell-guard.com\/ca\/","name":"iWell Guard","description":"Schutz vor dunklen Einfl\u00fcssen","publisher":{"@id":"https:\/\/iwell-guard.com\/ca\/#organization"},"potentialAction":[{"@type":"SearchAction","target":{"@type":"EntryPoint","urlTemplate":"https:\/\/iwell-guard.com\/ca\/?s={search_term_string}"},"query-input":{"@type":"PropertyValueSpecification","valueRequired":true,"valueName":"search_term_string"}}],"inLanguage":"ca"},{"@type":"Organization","@id":"https:\/\/iwell-guard.com\/ca\/#organization","name":"Ittermann electronic GmbH","url":"https:\/\/iwell-guard.com\/ca\/","logo":{"@type":"ImageObject","inLanguage":"ca","@id":"https:\/\/iwell-guard.com\/ca\/#\/schema\/logo\/image\/","url":"https:\/\/iwell-guard.com\/wp-content\/uploads\/2026\/05\/Ittermann-Logo-1182x237-1.png","contentUrl":"https:\/\/iwell-guard.com\/wp-content\/uploads\/2026\/05\/Ittermann-Logo-1182x237-1.png","width":1182,"height":237,"caption":"Ittermann electronic GmbH"},"image":{"@id":"https:\/\/iwell-guard.com\/ca\/#\/schema\/logo\/image\/"},"sameAs":["https:\/\/pantip.com\/profile\/9367242","https:\/\/micro.blog\/iwellguard","https:\/\/www.diggerslist.com\/iwellguard\/about","https:\/\/skitterphoto.com\/photographers\/2870314\/iwell-guard","https:\/\/iwellguard.wordpress.com\/2026\/06\/06\/iwell-guard\/","https:\/\/hub.docker.com\/u\/iwellguard","https:\/\/www.pinterest.com\/iwellguard\/","https:\/\/bit.ly\/m\/iwellguard","https:\/\/entre-vos-mains.alsace.eu\/profiles\/iwellguard\/activity","https:\/\/gravatar.com\/reallybeded8fd34","https:\/\/naijamatta.com\/iwellguard","https:\/\/www.goodreads.com\/iwellguard","https:\/\/profile.hatena.ne.jp\/iwellguard\/","https:\/\/experiment.com\/users\/iwellguard","https:\/\/wakelet.com\/@iWellGuard82270","https:\/\/www.chordie.com\/forum\/profile.php?id=2555664","https:\/\/www.instapaper.com\/p\/17757966","https:\/\/www.mapleprimes.com\/users\/iwellguard","https:\/\/businesslistingplus.com\/profile\/iwell-guard\/","https:\/\/telegra.ph\/iWell-Guard-06-06","https:\/\/pbase.com\/iwellguard\/iwellguard","https:\/\/b.hatena.ne.jp\/iwellguard\/20260607#bookmark-4788405196491818882","https:\/\/fliphtml5.com\/home\/iwellguard","https:\/\/anyflip.com\/homepage\/cmiwl#About","https:\/\/transfur.com\/Users\/iwellguard","http:\/\/delphi.larsbo.org\/user\/iwellguard","https:\/\/jobs.lajobsportal.org\/profiles\/8380803-iwell-guard","https:\/\/md.chaosdorf.de\/s\/jfbe5SBdJD","https:\/\/www.lingvolive.com\/en-us\/profile\/9ecaeaca-ce11-4e51-9e71-01d55e2bff36\/translations","https:\/\/www.fitday.com\/fitness\/forums\/members\/iwellguard.html","https:\/\/www.mymeetbook.com\/iwellguard","https:\/\/pxhere.com\/en\/photographer-me\/5040798","https:\/\/disqus.com\/by\/iwellguard\/about\/","https:\/\/pastelink.net\/hjwciqwq","https:\/\/pubhtml5.com\/homepage\/scjhn\/","https:\/\/www.bitchute.com\/channel\/2O2eOKzNqujT","https:\/\/audiomack.com\/iwellguard"]},{"@type":"Person","@id":"https:\/\/iwell-guard.com\/ca\/#\/schema\/person\/ee2a27f1cac3406c7c6fb5820cb7349f","name":"Ralf Ittermann","image":{"@type":"ImageObject","inLanguage":"ca","@id":"https:\/\/secure.gravatar.com\/avatar\/073c0153e350a5005b68eb752b445fea71f6b24a26da9449ad7e155e6b446c9d?s=96&d=mm&r=g","url":"https:\/\/secure.gravatar.com\/avatar\/073c0153e350a5005b68eb752b445fea71f6b24a26da9449ad7e155e6b446c9d?s=96&d=mm&r=g","contentUrl":"https:\/\/secure.gravatar.com\/avatar\/073c0153e350a5005b68eb752b445fea71f6b24a26da9449ad7e155e6b446c9d?s=96&d=mm&r=g","caption":"Ralf Ittermann"},"givenName":"Ralf","familyName":"Ittermann","jobTitle":"Gesch\u00e4ftsf\u00fchrer und redaktioneller Verantwortlicher","url":"https:\/\/iwell-guard.com\/ca\/author\/claude\/","description":"Ralf Ittermann ist Gesch\u00e4ftsf\u00fchrer der Ittermann electronic GmbH und redaktioneller Verantwortlicher des iWell-Guard-Lexikons. Er verbindet langj\u00e4hrige Erfahrung in der Pr\u00e4zisionsfertigung mit medialer Praxis und religionsgeschichtlicher Quellenarbeit.","worksFor":{"@type":"Organization","name":"Ittermann electronic GmbH","url":"https:\/\/ittermann.de\/","address":{"@type":"PostalAddress","streetAddress":"K\u00f6hlergasse 16-18","postalCode":"99842","addressLocality":"Ruhla","addressCountry":"DE"}},"knowsAbout":["Religionsgeschichte","Mythologie","Mediale Praxis","Energetische Diagnostik","Schutzpraxis","Volksglauben","Westliche Esoterik"]},{"@type":"Article","@id":"https:\/\/iwell-guard.com\/ca\/tarhunna-deu-tempesta-hitites\/#article","isPartOf":{"@id":"https:\/\/iwell-guard.com\/ca\/tarhunna-deu-tempesta-hitites\/"},"author":{"name":"Ralf Ittermann","@id":"https:\/\/iwell-guard.com\/ca\/#\/schema\/person\/ee2a27f1cac3406c7c6fb5820cb7349f"},"headline":"Tarhunna \u2013 D\u00e9u de la tempesta dels hitites","datePublished":"2026-09-05T15:41:42+00:00","dateModified":"2026-09-05T17:22:47+00:00","mainEntityOfPage":{"@id":"https:\/\/iwell-guard.com\/ca\/tarhunna-deu-tempesta-hitites\/"},"publisher":{"@id":"https:\/\/iwell-guard.com\/ca\/#organization"},"image":{"@id":"https:\/\/iwell-guard.com\/ca\/tarhunna-deu-tempesta-hitites\/#primaryimage"},"thumbnailUrl":"https:\/\/iwell-guard.com\/wp-content\/uploads\/2026\/05\/goetter_hethitisch_tarhunna.webp","inLanguage":"ca","description":"Tarhunna, el d\u00e9u de la tempesta hitita, \u00e9s considerat senyor de l'imperi i vencedor en batalla. An\u00e0lisi des de la ci\u00e8ncia de la religi\u00f3 amb mitologia i culte."}]}},"_links":{"self":[{"href":"https:\/\/iwell-guard.com\/ca\/wp-json\/wp\/v2\/pages\/171711","targetHints":{"allow":["GET"]}}],"collection":[{"href":"https:\/\/iwell-guard.com\/ca\/wp-json\/wp\/v2\/pages"}],"about":[{"href":"https:\/\/iwell-guard.com\/ca\/wp-json\/wp\/v2\/types\/page"}],"author":[{"embeddable":true,"href":"https:\/\/iwell-guard.com\/ca\/wp-json\/wp\/v2\/users\/3"}],"replies":[{"embeddable":true,"href":"https:\/\/iwell-guard.com\/ca\/wp-json\/wp\/v2\/comments?post=171711"}],"version-history":[{"count":0,"href":"https:\/\/iwell-guard.com\/ca\/wp-json\/wp\/v2\/pages\/171711\/revisions"}],"wp:featuredmedia":[{"embeddable":true,"href":"https:\/\/iwell-guard.com\/ca\/wp-json\/wp\/v2\/media\/2841"}],"wp:attachment":[{"href":"https:\/\/iwell-guard.com\/ca\/wp-json\/wp\/v2\/media?parent=171711"}],"wp:term":[{"taxonomy":"category","embeddable":true,"href":"https:\/\/iwell-guard.com\/ca\/wp-json\/wp\/v2\/categories?post=171711"}],"curies":[{"name":"wp","href":"https:\/\/api.w.org\/{rel}","templated":true}]}}