{"id":171703,"date":"2026-09-05T15:41:38","date_gmt":"2026-09-05T15:41:38","guid":{"rendered":"https:\/\/iwell-guard.com\/?page_id=171703"},"modified":"2026-09-05T16:04:50","modified_gmt":"2026-09-05T16:04:50","slug":"menrva-deessa-etrusca-saviesa-guerra","status":"publish","type":"page","link":"https:\/\/iwell-guard.com\/ca\/menrva-deessa-etrusca-saviesa-guerra\/","title":{"rendered":"Menrva &#8211; Deessa etrusca de la saviesa i de la guerra"},"content":{"rendered":"\t\t<div data-elementor-type=\"wp-page\" data-elementor-id=\"171703\" class=\"elementor elementor-171703 elementor-2606 elementor-bc-flex-widget\" data-elementor-post-type=\"page\">\n\t\t\t\t<div class=\"elementor-element elementor-element-iwgw-menrva-hero e-flex e-con-boxed e-con e-parent\" data-id=\"iwgw-menrva-hero\" data-element_type=\"container\" data-e-type=\"container\" data-settings=\"{&quot;background_background&quot;:&quot;classic&quot;}\">\n\t\t\t\t\t<div class=\"e-con-inner\">\n\t\t<div class=\"elementor-element elementor-element-iwgw-menrva-hl e-flex e-con-boxed e-con e-child\" data-id=\"iwgw-menrva-hl\" data-element_type=\"container\" data-e-type=\"container\">\n\t\t\t\t\t<div class=\"e-con-inner\">\n\t\t<div class=\"elementor-element elementor-element-iwgw-menrva-htxt e-con-full e-flex e-con e-child\" data-id=\"iwgw-menrva-htxt\" data-element_type=\"container\" data-e-type=\"container\">\n\t\t\t\t<div class=\"elementor-element elementor-element-iwgw-menrva-h1 elementor-widget elementor-widget-heading\" data-id=\"iwgw-menrva-h1\" data-element_type=\"widget\" data-e-type=\"widget\" data-widget_type=\"heading.default\">\n\t\t\t\t\t<h1 class=\"elementor-heading-title elementor-size-default\">Menrva - Deessa etrusca de la saviesa, l'artesania i la guerra<\/h1>\t\t\t\t<\/div>\n\t\t\t\t<div class=\"elementor-element elementor-element-iwgw-menrva-lead elementor-widget elementor-widget-text-editor\" data-id=\"iwgw-menrva-lead\" data-element_type=\"widget\" data-e-type=\"widget\" data-widget_type=\"text-editor.default\">\n\t\t\t\t\t\t\t\t\t<p>Menrva (tamb\u00e9 escrita Menerva, Menarva) \u00e9s, en la religi\u00f3 etrusca, la deessa de la saviesa, l&#8217;artesania, la guerra i la curaci\u00f3. Forma, juntament amb <a href=\"https:\/\/iwell-guard.com\/ca\/?page_id=171701\">Tinia<\/a> i <a href=\"https:\/\/iwell-guard.com\/ca\/?page_id=171702\">Uni<\/a>, la tr\u00edada capitolina, i \u00e9s la predecessora directa de la Minerva romana. Aquesta presentaci\u00f3 descriu la seva posici\u00f3 des del punt de vista de la hist\u00f2ria de les religions dins el <span class=\"iwg-fachbegriff\" data-tooltip=\"El conjunt dels d\u00e9us d'una religi\u00f3 o cultura.\" tabindex=\"0\">pante\u00f3<\/span> etrusc.<\/p>\t\t\t\t\t\t\t\t<\/div>\n\t\t\t\t<\/div>\n\t\t<div class=\"elementor-element elementor-element-iwgw-menrva-pillc e-con-full e-flex e-con e-child\" data-id=\"iwgw-menrva-pillc\" data-element_type=\"container\" data-e-type=\"container\">\n\t\t\t\t<div class=\"elementor-element elementor-element-iwgw-menrva-pills elementor-widget elementor-widget-html\" data-id=\"iwgw-menrva-pills\" data-element_type=\"widget\" data-e-type=\"widget\" data-widget_type=\"html.default\">\n\t\t\t\t\t<div class=\"iwg-pill-row\"><span class=\"iwg-klasse-badge\" tabindex=\"0\" data-tooltip=\"Deessa de la tradici\u00f3 etrusca.\">Deessa<\/span><a href=\"https:\/\/iwell-guard.com\/ca\/?page_id=171664\" class=\"iwg-kultur-badge\" tabindex=\"0\" data-tooltip=\"Mitologia de la tradici\u00f3 etrusca.\">Etrusca<\/a><span class=\"iwg-tradition-badge\" tabindex=\"0\" data-tooltip=\"Deessa de la saviesa.\">Deessa de la saviesa<\/span><\/div>\t\t\t\t<\/div>\n\t\t\t\t<\/div>\n\t\t<div class=\"elementor-element elementor-element-iwgw-menrva-tocc e-con-full e-flex e-con e-child\" data-id=\"iwgw-menrva-tocc\" data-element_type=\"container\" data-e-type=\"container\">\n\t\t\t\t<div class=\"elementor-element elementor-element-iwgw-menrva-toc elementor-toc--minimized-on-tablet elementor-widget elementor-widget-table-of-contents\" data-id=\"iwgw-menrva-toc\" data-element_type=\"widget\" data-e-type=\"widget\" data-settings=\"{&quot;headings_by_tags&quot;:[&quot;h2&quot;,&quot;h3&quot;],&quot;minimize_box&quot;:&quot;yes&quot;,&quot;marker_view&quot;:&quot;bullets&quot;,&quot;no_headings_message&quot;:&quot;No s&#039;ha trobat cap encap\\u00e7alament en aquesta p\\u00e0gina.&quot;,&quot;exclude_headings_by_selector&quot;:[],&quot;icon&quot;:{&quot;value&quot;:&quot;fas fa-circle&quot;,&quot;library&quot;:&quot;fa-solid&quot;,&quot;rendered_tag&quot;:&quot;&lt;svg class=\\&quot;e-font-icon-svg e-fas-circle\\&quot; viewBox=\\&quot;0 0 512 512\\&quot; xmlns=\\&quot;http:\\\/\\\/www.w3.org\\\/2000\\\/svg\\&quot;&gt;&lt;path d=\\&quot;M256 8C119 8 8 119 8 256s111 248 248 248 248-111 248-248S393 8 256 8z\\&quot;&gt;&lt;\\\/path&gt;&lt;\\\/svg&gt;&quot;},&quot;minimized_on&quot;:&quot;tablet&quot;,&quot;hierarchical_view&quot;:&quot;yes&quot;,&quot;min_height&quot;:{&quot;unit&quot;:&quot;px&quot;,&quot;size&quot;:&quot;&quot;,&quot;sizes&quot;:[]},&quot;min_height_tablet&quot;:{&quot;unit&quot;:&quot;px&quot;,&quot;size&quot;:&quot;&quot;,&quot;sizes&quot;:[]},&quot;min_height_mobile&quot;:{&quot;unit&quot;:&quot;px&quot;,&quot;size&quot;:&quot;&quot;,&quot;sizes&quot;:[]}}\" data-widget_type=\"table-of-contents.default\">\n\t\t\t\t\t\t\t\t\t<div class=\"elementor-toc__header\">\n\t\t\t\t\t\t<h2 class=\"elementor-toc__header-title\">\n\t\t\t\t\u00cdndex\t\t\t<\/h2>\n\t\t\t\t\t\t\t\t\t\t<div class=\"elementor-toc__toggle-button elementor-toc__toggle-button--expand\" role=\"button\" tabindex=\"0\" aria-controls=\"elementor-toc__iwgw-menrva-toc\" aria-expanded=\"true\" aria-label=\"Open table of contents\"><svg aria-hidden=\"true\" class=\"e-font-icon-svg e-fas-chevron-down\" viewBox=\"0 0 448 512\" xmlns=\"http:\/\/www.w3.org\/2000\/svg\"><path d=\"M207.029 381.476L12.686 187.132c-9.373-9.373-9.373-24.569 0-33.941l22.667-22.667c9.357-9.357 24.522-9.375 33.901-.04L224 284.505l154.745-154.021c9.379-9.335 24.544-9.317 33.901.04l22.667 22.667c9.373 9.373 9.373 24.569 0 33.941L240.971 381.476c-9.373 9.372-24.569 9.372-33.942 0z\"><\/path><\/svg><\/div>\n\t\t\t\t<div class=\"elementor-toc__toggle-button elementor-toc__toggle-button--collapse\" role=\"button\" tabindex=\"0\" aria-controls=\"elementor-toc__iwgw-menrva-toc\" aria-expanded=\"true\" aria-label=\"Close table of contents\"><svg aria-hidden=\"true\" class=\"e-font-icon-svg e-fas-chevron-up\" viewBox=\"0 0 448 512\" xmlns=\"http:\/\/www.w3.org\/2000\/svg\"><path d=\"M240.971 130.524l194.343 194.343c9.373 9.373 9.373 24.569 0 33.941l-22.667 22.667c-9.357 9.357-24.522 9.375-33.901.04L224 227.495 69.255 381.516c-9.379 9.335-24.544 9.317-33.901-.04l-22.667-22.667c-9.373-9.373-9.373-24.569 0-33.941L207.03 130.525c9.372-9.373 24.568-9.373 33.941-.001z\"><\/path><\/svg><\/div>\n\t\t\t\t\t<\/div>\n\t\t\t\t<div id=\"elementor-toc__iwgw-menrva-toc\" class=\"elementor-toc__body\">\n\t\t\t<div class=\"elementor-toc__spinner-container\">\n\t\t\t\t<svg class=\"elementor-toc__spinner eicon-animation-spin e-font-icon-svg e-eicon-loading\" aria-hidden=\"true\" viewBox=\"0 0 1000 1000\" xmlns=\"http:\/\/www.w3.org\/2000\/svg\"><path d=\"M500 975V858C696 858 858 696 858 500S696 142 500 142 142 304 142 500H25C25 237 238 25 500 25S975 237 975 500 763 975 500 975Z\"><\/path><\/svg>\t\t\t<\/div>\n\t\t<\/div>\n\t\t\t\t\t\t<\/div>\n\t\t\t\t<\/div>\n\t\t\t\t\t<\/div>\n\t\t\t\t<\/div>\n\t\t<div class=\"elementor-element elementor-element-iwgw-menrva-hr e-con-full e-flex e-con e-child\" data-id=\"iwgw-menrva-hr\" data-element_type=\"container\" data-e-type=\"container\">\n\t\t\t\t<div class=\"elementor-element elementor-element-iwgw-menrva-heroimg iwg-hero-image elementor-widget elementor-widget-image\" data-id=\"iwgw-menrva-heroimg\" data-element_type=\"widget\" data-e-type=\"widget\" data-widget_type=\"image.default\">\n\t\t\t\t\t\t\t\t\t\t\t\t\t\t\t<img fetchpriority=\"high\" decoding=\"async\" width=\"683\" height=\"1024\" src=\"https:\/\/iwell-guard.com\/wp-content\/uploads\/2026\/05\/goetter_etruskisch_menrva-683x1024.webp\" class=\"attachment-large size-large wp-image-2817\" alt=\"Menrva \u2013 Deessa etrusca de la saviesa i de la guerra\" srcset=\"https:\/\/iwell-guard.com\/wp-content\/uploads\/2026\/05\/goetter_etruskisch_menrva-683x1024.webp 683w, https:\/\/iwell-guard.com\/wp-content\/uploads\/2026\/05\/goetter_etruskisch_menrva-200x300.webp 200w, https:\/\/iwell-guard.com\/wp-content\/uploads\/2026\/05\/goetter_etruskisch_menrva-768x1152.webp 768w, https:\/\/iwell-guard.com\/wp-content\/uploads\/2026\/05\/goetter_etruskisch_menrva.webp 1024w\" sizes=\"(max-width: 683px) 100vw, 683px\" \/>\t\t\t\t\t\t\t\t\t\t\t\t\t\t\t<\/div>\n\t\t\t\t<\/div>\n\t\t\t\t\t<\/div>\n\t\t\t\t<\/div>\n\t\t<div class=\"elementor-element elementor-element-iwgw-menrva-s0 e-flex e-con-boxed e-con e-parent\" data-id=\"iwgw-menrva-s0\" data-element_type=\"container\" data-e-type=\"container\">\n\t\t\t\t\t<div class=\"e-con-inner\">\n\t\t\t\t<div class=\"elementor-element elementor-element-iwgw-menrva-s0h elementor-widget elementor-widget-heading\" data-id=\"iwgw-menrva-s0h\" data-element_type=\"widget\" data-e-type=\"widget\" data-widget_type=\"heading.default\">\n\t\t\t\t\t<h2 class=\"elementor-heading-title elementor-size-default\">Classificaci\u00f3 dins el pante\u00f3 etrusc<\/h2>\t\t\t\t<\/div>\n\t\t<div class=\"elementor-element elementor-element-iwgw-menrva-s0c e-con-full e-flex e-con e-child\" data-id=\"iwgw-menrva-s0c\" data-element_type=\"container\" data-e-type=\"container\">\n\t\t\t\t<div class=\"elementor-element elementor-element-iwgw-menrva-s0t elementor-widget elementor-widget-text-editor\" data-id=\"iwgw-menrva-s0t\" data-element_type=\"widget\" data-e-type=\"widget\" data-widget_type=\"text-editor.default\">\n\t\t\t\t\t\t\t\t\t<p>Menrva es troba entre les principals de\u00eftats de la religi\u00f3 etrusca. Com a part de la tr\u00edada capitolina Tinia-Uni-Menrva, va tenir un paper central en el culte estatal etrusc, que amb l&#8217;erecci\u00f3 etrusca del Capitoli rom\u00e0 (finals del segle VI aC) va passar tamb\u00e9 a formar part de l&#8217;organitzaci\u00f3 religiosa de l&#8217;Estat rom\u00e0.<\/p><p>Larissa Bonfante i Nancy Thomson de Grummond han tractat Menrva en les seves obres de refer\u00e8ncia sobre la religi\u00f3 etrusca. Es tracta d&#8217;una de les deesses m\u00e9s freq\u00fcents en l&#8217;art etrusc, la qual cosa documenta la seva import\u00e0ncia.<\/p><p>Menrva forma part d&#8217;una religi\u00f3 cujo inter\u00e8s des de la hist\u00f2ria de les religions rau en el fet que fa de pont entre la <span class=\"iwg-fachbegriff\" data-tooltip=\"La transmissi\u00f3 de coneixement i relats al llarg de generacions.\" tabindex=\"0\">tradici\u00f3<\/span> grega-mediterr\u00e0nia i la it\u00e0lica-romana. Massimo Pallottino, Jacques Heurgon, Sybille Haynes, Mauro Cristofani i Giovanni Colonna han aportat contribucions cient\u00edfiques essencials, que han demostrat que la religi\u00f3 etrusca constitueix una tradici\u00f3 pr\u00f2pia i independent.<\/p><p>La <span class=\"iwg-fachbegriff\" data-tooltip=\"La disciplina cient\u00edfica que estudia D\u00e9u i la fe d'una religi\u00f3.\" tabindex=\"0\">teologia<\/span> etrusca disposava d&#8217;un <span class=\"iwg-fachbegriff\" data-tooltip=\"El conjunt dels d\u00e9us d'una religi\u00f3 o cultura.\" tabindex=\"0\">pante\u00f3<\/span> clarament estructurat, amb rangs fixos i compet\u00e8ncies ben repartides; Menrva hi tenia un lloc consolidat com a deessa de la saviesa, l&#8217;artesania i la guerra. Mentre que estudis m\u00e9s antics solien presentar aquest sistema div\u00ed com a misteri\u00f3s o estrany, avui es considera una variant pr\u00f2pia de la religi\u00f3 mediterr\u00e0nia.<\/p><p>En la hist\u00f2ria religiosa d&#8217;It\u00e0lia, els etruscos van ocupar una posici\u00f3 mediadora entre les influ\u00e8ncies gregues i la incipient religi\u00f3 romana. Que Menrva es convert\u00eds en la Minerva romana n&#8217;\u00e9s un exemple d&#8217;aquest paper mediador, que desperta un inter\u00e8s cient\u00edfic particular.<\/p><p>La investigaci\u00f3 religioetnol\u00f2gica de les darreres d\u00e8cades considera la religi\u00f3 etrusca com una estructura tancada en si mateixa i, des del punt de vista fenomenol\u00f2gic, pr\u00f2pia i independent. La vella interpretaci\u00f3 que la veia com una simple derivaci\u00f3 de la religi\u00f3 grega ha estat substitu\u00efda per una visi\u00f3 molt m\u00e9s diferenciada, de la qual tamb\u00e9 es beneficia la comprensi\u00f3 de Menrva.<\/p>\t\t\t\t\t\t\t\t<\/div>\n\t\t\t\t<\/div>\n\t\t\t\t\t<\/div>\n\t\t\t\t<\/div>\n\t\t<div class=\"elementor-element elementor-element-iwgw-menrva-s1 e-flex e-con-boxed e-con e-parent\" data-id=\"iwgw-menrva-s1\" data-element_type=\"container\" data-e-type=\"container\">\n\t\t\t\t\t<div class=\"e-con-inner\">\n\t\t\t\t<div class=\"elementor-element elementor-element-iwgw-menrva-s1h elementor-widget elementor-widget-heading\" data-id=\"iwgw-menrva-s1h\" data-element_type=\"widget\" data-e-type=\"widget\" data-widget_type=\"heading.default\">\n\t\t\t\t\t<h2 class=\"elementor-heading-title elementor-size-default\">Nom i etimologia<\/h2>\t\t\t\t<\/div>\n\t\t<div class=\"elementor-element elementor-element-iwgw-menrva-s1c e-con-full e-flex e-con e-child\" data-id=\"iwgw-menrva-s1c\" data-element_type=\"container\" data-e-type=\"container\">\n\t\t\t\t<div class=\"elementor-element elementor-element-iwgw-menrva-s1t elementor-widget elementor-widget-text-editor\" data-id=\"iwgw-menrva-s1t\" data-element_type=\"widget\" data-e-type=\"widget\" data-widget_type=\"text-editor.default\">\n\t\t\t\t\t\t\t\t\t<p>El nom Menrva est\u00e0 relacionat amb l&#8217;arrel indoeuropea *men- (&#8216;pensar, opinar, recordar&#8217;), la qual cosa concorda amb la seva funci\u00f3 com a deessa de la saviesa. Aquesta etimologia tamb\u00e9 est\u00e0 documentada per a la Minerva romana; el Menrva etrusc i la Minerva romana estan ling\u00fc\u00edsticament emparentats.<\/p><p>En inscripcions etrusques apareix tamb\u00e9 com a Menerva o Menarva. La hist\u00f2ria fon\u00e8tica exacta \u00e9s objecte d&#8217;investigaci\u00f3. L&#8217;<em>Editio Minor<\/em> de Helmut Rix recull els testimonis epigr\u00e0fics.<\/p><p>L&#8217;etrusc no es pot adscriure amb certesa a cap fam\u00edlia ling\u00fc\u00edstica coneguda; es considera una llengua a\u00efllada o s&#8217;atribueix hipot\u00e8ticament a un grup tirseni\u00e0, al qual potser tamb\u00e9 pertanyerien el lemni i el r\u00e8tic. El desxiframent dels textos ocupa la investigaci\u00f3 des del segle XIX i encara avui no s&#8217;ha completat.<\/p><p>Com a obra epigr\u00e0fica fonamental serveix l&#8217;Editio Minor de Helmut Rix, que recull el corpus ling\u00fc\u00edstic etrusc; tamb\u00e9 hi s\u00f3n documentades les variants d&#8217;escriptura del nom Menrva. Avui es complementa amb el Thesaurus Linguae Etruscae i la base de dades en l\u00ednia ETP, l&#8217;Etruscan Texts Project.<\/p><p>Sobre l&#8217;origen dels etruscos ja hi havia desacord a l&#8217;<span class=\"iwg-fachbegriff\" data-tooltip=\"\u00c8poca de la cultura grega i romana, aproximadament del 800 aC al 600 dC.\" tabindex=\"0\">Antiguitat<\/span>: Herodot els feia derivar de L\u00eddia, mentre que Dion\u00eds d&#8217;Halicarn\u00e0s els considerava un poble itali\u00e0 aut\u00f2cton. Aquesta q\u00fcesti\u00f3 \u00e9s rellevant per a la hist\u00f2ria de les religions, perqu\u00e8 afecta possibles vincles entre la religi\u00f3 etrusca i cultes de l&#8217;\u00c0sia Menor.<\/p><p>Avui la ling\u00fc\u00edstica i l&#8217;epigrafia treballen estretament unides. Els estudis comparatius, tamb\u00e9 sobre te\u00f2nims com Menrva, s&#8217;han vist molt facilitats per l&#8217;edici\u00f3 digital de textos etruscs, l&#8217;Etruscan Texts Project (ETP). Contribucions capdavanteres en aquest \u00e0mbit provenen de Marie-Laurence Haack i Vincent Jolivet.<\/p>\t\t\t\t\t\t\t\t<\/div>\n\t\t\t\t<\/div>\n\t\t\t\t\t<\/div>\n\t\t\t\t<\/div>\n\t\t<div class=\"elementor-element elementor-element-iwgw-menrva-s2 e-flex e-con-boxed e-con e-parent\" data-id=\"iwgw-menrva-s2\" data-element_type=\"container\" data-e-type=\"container\">\n\t\t\t\t\t<div class=\"e-con-inner\">\n\t\t\t\t<div class=\"elementor-element elementor-element-iwgw-menrva-s2h elementor-widget elementor-widget-heading\" data-id=\"iwgw-menrva-s2h\" data-element_type=\"widget\" data-e-type=\"widget\" data-widget_type=\"heading.default\">\n\t\t\t\t\t<h2 class=\"elementor-heading-title elementor-size-default\">Descripci\u00f3 i iconografia<\/h2>\t\t\t\t<\/div>\n\t\t<div class=\"elementor-element elementor-element-iwgw-menrva-s2c e-con-full e-flex e-con e-child\" data-id=\"iwgw-menrva-s2c\" data-element_type=\"container\" data-e-type=\"container\">\n\t\t\t\t<div class=\"elementor-element elementor-element-iwgw-menrva-s2t elementor-widget elementor-widget-text-editor\" data-id=\"iwgw-menrva-s2t\" data-element_type=\"widget\" data-e-type=\"widget\" data-widget_type=\"text-editor.default\">\n\t\t\t\t\t\t\t\t\t<p>Menrva es representada en l&#8217;art etrusc com una deessa armada, amb casc, llan\u00e7a, escut i de vegades tamb\u00e9 un gorgoneion sobre l&#8217;\u00e8gida. Aquesta <span class=\"iwg-fachbegriff\" data-tooltip=\"Disciplina que estudia el contingut de les imatges i el seu significat.\" tabindex=\"0\">iconografia<\/span> est\u00e0 manllevada de l&#8217;Atena grega, amb accents propis etruscs.<\/p><p>En els miralls etruscs, Menrva apareix sovint en escenes mitol\u00f2giques, sovint amb inscripci\u00f3 explicativa. Una representaci\u00f3 important la mostra en el moment de n\u00e9ixer del cap de Tinia, un paral\u00b7lel directe amb el naixement d&#8217;Atena del cap de Zeus. Aquesta escena est\u00e0 documentada en diversos miralls dels segles IV i III aC.<\/p><p>Des del punt de vista de la fenomenologia religiosa, l&#8217;art figuratiu dels etruscs \u00e9s extraordin\u00e0riament ric, i constitueix alhora la font principal del nostre coneixement, especialment pel que fa a les nombroses representacions de Menrva. Miralls, gerros, pintures funer\u00e0ries i bronzes proporcionen la major part del material. Larissa Bonfante ha destacat en els seus estudis que aquest llenguatge visual constitueix una tradici\u00f3 pr\u00f2pia i no \u00e9s una simple derivaci\u00f3.<\/p><p>Una font de primer ordre per a la religi\u00f3 i l&#8217;escatologia dels etruscs \u00e9s la pintura funer\u00e0ria, sobretot la de Tarqu\u00ednia, Cerveteri i Vulci. Les seves imatges mostren banquets, episodis mitol\u00f2gics i tamb\u00e9 dansa i m\u00fasica, i dibuixen un m\u00e9s enll\u00e0 concebut com a continuaci\u00f3 de la vida terrenal.<\/p><p>En la <span class=\"iwg-fachbegriff\" data-tooltip=\"Disciplina que estudia el contingut de les imatges i el seu significat.\" tabindex=\"0\">iconografia<\/span> etrusca predominen les escenes amb m\u00faltiples figures, les refer\u00e8ncies narratives i els missatges simb\u00f2licament condensats; tamb\u00e9 Menrva hi apareix regularment en aquests contextos figuratius. L&#8217;estudi d&#8217;aquest llenguatge visual \u00e9s objecte de la iconografia religiosa etrusca.<\/p><p>Una caracter\u00edstica pr\u00f2pia de l&#8217;art figuratiu etrusc \u00e9s una densa superposici\u00f3 narrativa. Un sol mirall o un sol gerro pot contenir diverses refer\u00e8ncies mitol\u00f2giques simult\u00e0nies, per exemple quan Menrva apareix al costat d&#8217;altres figures. Aquesta densitat exigeix a la recerca una an\u00e0lisi acurada del context de la imatge.<\/p>\t\t\t\t\t\t\t\t<\/div>\n\t\t\t\t<\/div>\n\t\t\t\t\t<\/div>\n\t\t\t\t<\/div>\n\t\t<div class=\"elementor-element elementor-element-iwgw-menrva-s3 e-flex e-con-boxed e-con e-parent\" data-id=\"iwgw-menrva-s3\" data-element_type=\"container\" data-e-type=\"container\">\n\t\t\t\t\t<div class=\"e-con-inner\">\n\t\t\t\t<div class=\"elementor-element elementor-element-iwgw-menrva-s3h elementor-widget elementor-widget-heading\" data-id=\"iwgw-menrva-s3h\" data-element_type=\"widget\" data-e-type=\"widget\" data-widget_type=\"heading.default\">\n\t\t\t\t\t<h2 class=\"elementor-heading-title elementor-size-default\">Relats mitol\u00f2gics<\/h2>\t\t\t\t<\/div>\n\t\t<div class=\"elementor-element elementor-element-iwgw-menrva-s3c e-con-full e-flex e-con e-child\" data-id=\"iwgw-menrva-s3c\" data-element_type=\"container\" data-e-type=\"container\">\n\t\t\t\t<div class=\"elementor-element elementor-element-iwgw-menrva-s3t elementor-widget elementor-widget-text-editor\" data-id=\"iwgw-menrva-s3t\" data-element_type=\"widget\" data-e-type=\"widget\" data-widget_type=\"text-editor.default\">\n\t\t\t\t\t\t\t\t\t<p>La <span class=\"iwg-fachbegriff\" data-tooltip=\"El conjunt de relats transmesos sobre els d\u00e9us d'una cultura.\" tabindex=\"0\">mitologia<\/span> etrusca de Menrva mostra nombrosos vincles amb la tradici\u00f3 grega d&#8217;Atena. \u00c9s coneguda la narraci\u00f3 del naixement de Menrva del cap de Tinia, una adaptaci\u00f3 directa del <span class=\"iwg-fachbegriff\" data-tooltip=\"Un relat transm\u00e8s sobre d\u00e9us, or\u00edgens i l'ordre del m\u00f3n.\" tabindex=\"0\">mite<\/span> grec. En miralls etruscs, aquesta escena est\u00e0 documentada amb la inscripci\u00f3 &#8216;Menrva&#8217;.<\/p><p>Altres narracions mostren Menrva com a ajudant dels herois, com a consellera i com a protectora. En l&#8217;adaptaci\u00f3 etrusca de la guerra de Troia (en miralls i sarc\u00f2fags), Menrva apareix sovint al costat dels herois grecs.<\/p><p>La <span class=\"iwg-fachbegriff\" data-tooltip=\"El conjunt de relats transmesos sobre els d\u00e9us d'una cultura.\" tabindex=\"0\">mitologia<\/span> dels etruscs, a difer\u00e8ncia de la grega o la romana, no s&#8217;ha transm\u00e8s en textos narratius elaborats. Els mites relacionats amb Menrva s&#8217;han de reconstruir a partir de representacions figuratives, inscripcions i la tradici\u00f3 secund\u00e0ria grecoromana. Aquesta situaci\u00f3 de fonts indirectes exigeix una especial cautela metodol\u00f2gica.<\/p><p>La relaci\u00f3 entre la <span class=\"iwg-fachbegriff\" data-tooltip=\"El conjunt de relats transmesos sobre els d\u00e9us d'una cultura.\" tabindex=\"0\">mitologia<\/span> etrusca i la grega \u00e9s complexa. D&#8217;una banda, els etruscs van adoptar nombrosos materials grecs, per exemple relatius a Aquil\u00b7les, Odisseu i \u00c8dip, per\u00f2 d&#8217;altra banda els van donar interpretacions i \u00e8mfasis propis. La recerca estudia intensament com va tenir lloc aquesta apropiaci\u00f3 en detall, per exemple en l&#8217;adopci\u00f3 dels trets d&#8217;Atena en Menrva.<\/p><p>Un tret t\u00edpic de la <span class=\"iwg-fachbegriff\" data-tooltip=\"La disciplina que estudia D\u00e9u i la fe d'una religi\u00f3.\" tabindex=\"0\">teologia<\/span> etrusca \u00e9s el consell div\u00ed, el consensus deorum. El d\u00e9u suprem Tinia, del cap del qual neix Menrva segons la <span class=\"iwg-fachbegriff\" data-tooltip=\"La transmissi\u00f3 de coneixements i relats a trav\u00e9s de generacions.\" tabindex=\"0\">tradici\u00f3<\/span> etrusca, no actua tot sol, sin\u00f3 que es consulta amb els altres d\u00e9us. Des del punt de vista de la fenomenologia religiosa, aquest organisme constitueix una particularitat.<\/p><p>La <span class=\"iwg-fachbegriff\" data-tooltip=\"El conjunt de relats transmesos sobre els d\u00e9us d'una cultura.\" tabindex=\"0\">mitologia<\/span> etrusca no ha deixat una tradici\u00f3 narrativa tancada en si mateixa; s&#8217;ha de reconstruir a partir d&#8217;escenes figuratives, inscripcions i fonts secund\u00e0ries, la qual cosa exigeix una interpretaci\u00f3 acurada. En el cas d&#8217;una deessa com Menrva, es mostra especialment \u00fatil un m\u00e8tode que combini la inscripci\u00f3 etrusca, el model iconogr\u00e0fic grec i la lectura contextual de l&#8217;escena.<\/p>\t\t\t\t\t\t\t\t<\/div>\n\t\t\t\t<\/div>\n\t\t\t\t\t<\/div>\n\t\t\t\t<\/div>\n\t\t<div class=\"elementor-element elementor-element-iwgw-menrva-s4 e-flex e-con-boxed e-con e-parent\" data-id=\"iwgw-menrva-s4\" data-element_type=\"container\" data-e-type=\"container\">\n\t\t\t\t\t<div class=\"e-con-inner\">\n\t\t\t\t<div class=\"elementor-element elementor-element-iwgw-menrva-s4h elementor-widget elementor-widget-heading\" data-id=\"iwgw-menrva-s4h\" data-element_type=\"widget\" data-e-type=\"widget\" data-widget_type=\"heading.default\">\n\t\t\t\t\t<h2 class=\"elementor-heading-title elementor-size-default\">Menrva com a deessa de l'artesania<\/h2>\t\t\t\t<\/div>\n\t\t<div class=\"elementor-element elementor-element-iwgw-menrva-s4c e-con-full e-flex e-con e-child\" data-id=\"iwgw-menrva-s4c\" data-element_type=\"container\" data-e-type=\"container\">\n\t\t\t\t<div class=\"elementor-element elementor-element-iwgw-menrva-s4t elementor-widget elementor-widget-text-editor\" data-id=\"iwgw-menrva-s4t\" data-element_type=\"widget\" data-e-type=\"widget\" data-widget_type=\"text-editor.default\">\n\t\t\t\t\t\t\t\t\t<p>Menrva no \u00e9s nom\u00e9s deessa de la guerra, sin\u00f3 tamb\u00e9 deessa de l&#8217;artesania, l&#8217;art del teixit, l&#8217;art de la curaci\u00f3 i les arts creatives. Aquesta funci\u00f3 multidimensional correspon a la grega Atena. Tot i aix\u00f2, la tradici\u00f3 etrusca posa un \u00e8mfasi especialment fort en el vessant artesanal i art\u00edstic.<\/p><p>Els artesans etruscos, en particular els forjadors de bronze i els escultors, invocaven Menrva com a deessa protectora. L&#8217;art del bronze etrusc es considera excel\u00b7lent a l&#8217;<span class=\"iwg-fachbegriff\" data-tooltip=\"\u00c8poca de la cultura grega i romana, aproximadament del 800 aC al 600 dC\" tabindex=\"0\">Antiguitat<\/span>, cosa que refor\u00e7ava religiosament el vincle amb Menrva. Larissa Bonfante ha documentat aquesta connexi\u00f3 a <em>Etruscan Bronzes<\/em>.<\/p><p>La Disciplina Etrusca, el sistema ordenat d&#8217;endevinaci\u00f3 dels etruscs, compr\u00e8n tres branques: l&#8217;examen de les entranyes (haruspicina), la interpretaci\u00f3 dels llamps (fulguratio) i l&#8217;observaci\u00f3 dels ocells (auspicia). Transmesa pels etruscs als romans, es va mantenir en pr\u00e0ctica fins al segle IV dC. Devem descripcions detallades a Cicer\u00f3 i S\u00e8neca.<\/p><p>La Disciplina Etrusca es transmetia en escoles sacerdotals creades expressament per a aix\u00f2. Entre els seus escrits importants hi havia els Libri Rituales, els Libri Haruspicini i els Libri Fulgurales. Aquests llibres no s&#8217;han conservat, per\u00f2 es poden reconstruir parcialment a partir de citacions d&#8217;autors romans com Cicer\u00f3, Fest i Macrobi.<\/p><p>El sistema de culte etrusc estava fortament vinculat a cada ciutat. Cadascun dels grans centres, \u00e9s a dir, Tarqu\u00ednia, Cere, Vulci, Ve\u00efs, Clusium, Volsinii, Cortona, Perusa, Arezzo, Volterra, Populonia i Roselle, tenia els seus propis cultes principals i particularitats religioses, de manera que tamb\u00e9 la veneraci\u00f3 de Menrva variava segons el lloc.<\/p><p>Com a sistema religi\u00f3s-divinatori tancat, la Disciplina Etrusca es compta entre les pr\u00e0ctiques endevinat\u00f2ries m\u00e9s desenvolupades de l&#8217;<span class=\"iwg-fachbegriff\" data-tooltip=\"\u00c8poca de la cultura grega i romana, aproximadament del 800 aC al 600 dC\" tabindex=\"0\">Antiguitat<\/span>. Els romans la van adoptar de manera sistem\u00e0tica, i es va continuar practicant fins a l&#8217;<span class=\"iwg-fachbegriff\" data-tooltip=\"\u00c8poca de la cultura grega i romana, aproximadament del 800 aC al 600 dC\" tabindex=\"0\">Antiguitat<\/span> tardana. Aquesta continu\u00eftat \u00e9s hist\u00f2ricament notable.<\/p>\t\t\t\t\t\t\t\t<\/div>\n\t\t\t\t<\/div>\n\t\t\t\t\t<\/div>\n\t\t\t\t<\/div>\n\t\t<div class=\"elementor-element elementor-element-iwgw-menrva-s5 e-flex e-con-boxed e-con e-parent\" data-id=\"iwgw-menrva-s5\" data-element_type=\"container\" data-e-type=\"container\">\n\t\t\t\t\t<div class=\"e-con-inner\">\n\t\t\t\t<div class=\"elementor-element elementor-element-iwgw-menrva-s5h elementor-widget elementor-widget-heading\" data-id=\"iwgw-menrva-s5h\" data-element_type=\"widget\" data-e-type=\"widget\" data-widget_type=\"heading.default\">\n\t\t\t\t\t<h2 class=\"elementor-heading-title elementor-size-default\">Culte i rituals<\/h2>\t\t\t\t<\/div>\n\t\t<div class=\"elementor-element elementor-element-iwgw-menrva-s5c e-con-full e-flex e-con e-child\" data-id=\"iwgw-menrva-s5c\" data-element_type=\"container\" data-e-type=\"container\">\n\t\t\t\t<div class=\"elementor-element elementor-element-iwgw-menrva-s5t elementor-widget elementor-widget-text-editor\" data-id=\"iwgw-menrva-s5t\" data-element_type=\"widget\" data-e-type=\"widget\" data-widget_type=\"text-editor.default\">\n\t\t\t\t\t\t\t\t\t<p>Menrva va ser venerada en nombrosos temples urbans etruscos. Els llocs de culte m\u00e9s importants eren Ve\u00efs, Tarqu\u00ednia, Vols\u00ednii i el tur\u00f3 Capitol\u00ed de Roma. El <span class=\"iwg-fachbegriff\" data-tooltip=\"Un edifici dedicat a la veneraci\u00f3 d'una o diverses divinitats.\" tabindex=\"0\">temple<\/span> de Portonaccio, prop de Ve\u00efs (segle VI aC), li estava dedicat i \u00e9s un dels santuaris etruscos millor conservats.<\/p><p>Els rituals inclo\u00efen <span class=\"iwg-fachbegriff\" data-tooltip=\"Ofrena a una divinitat per expressar gratitud, petici\u00f3 o veneraci\u00f3.\" tabindex=\"0\">ofrenes<\/span>, preg\u00e0ries i processons. Els artesans i els soldats es comptaven entre els seus devots m\u00e9s importants. Les festes de les Quinquatria a Roma (del 19 al 23 de mar\u00e7), dedicades a Minerva, probablement tenen precedents etruscos.<\/p><p>Des del punt de vista arquitect\u00f2nic, els temples etruscos, on tamb\u00e9 es venerava Menrva, destaquen per l&#8217;estil tusc\u00e0, un ordre de columnes propi que Vitruvi descriu en el seu tractat De Architectura. Les seves plantes emfasitzen la cel\u00b7la i un ampli vest\u00edbul frontal, i es distingeixen clarament dels models grecs.<\/p><p>Molts <span class=\"iwg-fachbegriff\" data-tooltip=\"Un edifici dedicat a la veneraci\u00f3 d'una o diverses divinitats.\" tabindex=\"0\">temples<\/span> etruscos tenien dimensions monumentals. El <span class=\"iwg-fachbegriff\" data-tooltip=\"Un edifici dedicat a la veneraci\u00f3 d'una o diverses divinitats.\" tabindex=\"0\">temple<\/span> de J\u00fapiter al Capitoli rom\u00e0, per exemple, va ser constru\u00eft per arquitectes i artistes etruscos, sobretot per Vulca de Ve\u00efs. Com que l&#8217;edifici albergava la tr\u00edada capitolina, incloent-hi Minerva, \u00e9s a dir Menrva, es considera un testimoni arquitect\u00f2nic de la religiositat etrusca en la Roma primitiva.<\/p><p>La lliga de les dotze ciutats etrusques es reunia cada any al Fanum Voltumnae, prop de Vols\u00ednii, en una assemblea alhora religiosa i pol\u00edtica. La divinitat protectora d&#8217;aquesta confederaci\u00f3 era Voltumna, la import\u00e0ncia religiosa del qual anava m\u00e9s enll\u00e0 dels cultes de cada ciutat.<\/p>\t\t\t\t\t\t\t\t<\/div>\n\t\t\t\t<\/div>\n\t\t\t\t\t<\/div>\n\t\t\t\t<\/div>\n\t\t<div class=\"elementor-element elementor-element-iwgw-menrva-s6 e-flex e-con-boxed e-con e-parent\" data-id=\"iwgw-menrva-s6\" data-element_type=\"container\" data-e-type=\"container\">\n\t\t\t\t\t<div class=\"e-con-inner\">\n\t\t\t\t<div class=\"elementor-element elementor-element-iwgw-menrva-s6h elementor-widget elementor-widget-heading\" data-id=\"iwgw-menrva-s6h\" data-element_type=\"widget\" data-e-type=\"widget\" data-widget_type=\"heading.default\">\n\t\t\t\t\t<h2 class=\"elementor-heading-title elementor-size-default\">Tradicions de protecci\u00f3 i elements apotropaics<\/h2>\t\t\t\t<\/div>\n\t\t<div class=\"elementor-element elementor-element-iwgw-menrva-s6c e-con-full e-flex e-con e-child\" data-id=\"iwgw-menrva-s6c\" data-element_type=\"container\" data-e-type=\"container\">\n\t\t\t\t<div class=\"elementor-element elementor-element-iwgw-menrva-s6t elementor-widget elementor-widget-text-editor\" data-id=\"iwgw-menrva-s6t\" data-element_type=\"widget\" data-e-type=\"widget\" data-widget_type=\"text-editor.default\">\n\t\t\t\t\t\t\t\t\t<p>Menrva era invocada en contextos de protecci\u00f3 principalment en relaci\u00f3 amb la guerra, l&#8217;artesania i la curaci\u00f3. Els soldats li pregaven abans de la batalla, els artesans abans de tasques importants, els sanadors abans dels tractaments. La Gorgoneion-Egida \u00e9s un <span class=\"iwg-fachbegriff\" data-tooltip=\"Un signe que representa una idea o significat.\" tabindex=\"0\">s\u00edmbol<\/span> apotropaic central de Menrva.<\/p><p>Imatges apotropaiques relacionades amb Menrva es troben en escuts, fa\u00e7anes de temples i amulets personals. Larissa Bonfante ha analitzat aquest llenguatge iconogr\u00e0fic en diverses obres.<\/p><p><span data-nosnippet>El costum protector etrusc disposa de nombrosos signes de defensa: amulets f\u00e0l\u00b7lics, imatges de Gorgoneion, s\u00edmbols d&#8217;ull, bullae i certes f\u00f3rmules. El Gorgoneion apareix tamb\u00e9 a l&#8217;Egida de Menrva. Larissa Bonfante ha estudiat el llenguatge visual d&#8217;aquests s\u00edmbols protectors a la seva obra Etruscan Mirrors, publicada a partir de 1980.<\/span><\/p><p>Els s\u00edmbols de defensa estaven molt estesos a la cultura etrusca, com l&#8217;ull de Tinia, els amulets f\u00e0l\u00b7lics i els Gorgoneia. Es col\u00b7locaven a temples, tombes, capelles dom\u00e8stiques i objectes personals. Aquesta pr\u00e0ctica va continuar tant en la creen\u00e7a popular romana com en la de la resta de la Mediterr\u00e0nia.<\/p><p>En el context etrusc, l&#8217;acte protector estava estretament lligat a la Disciplina Etrusca. Abans de qualsevol empresa important, ja fos la fundaci\u00f3 d&#8217;una ciutat, una campanya militar o la construcci\u00f3 d&#8217;una casa, es consultava la voluntat divina mitjan\u00e7ant l&#8217;<span class=\"iwg-fachbegriff\" data-tooltip=\"L'art d'interpretar signes per descobrir coses ocultes o futures.\" tabindex=\"0\">endevinaci\u00f3<\/span>.<\/p>\t\t\t\t\t\t\t\t<\/div>\n\t\t\t\t<\/div>\n\t\t\t\t\t<\/div>\n\t\t\t\t<\/div>\n\t\t<div class=\"elementor-element elementor-element-iwgw-menrva-s7 e-flex e-con-boxed e-con e-parent\" data-id=\"iwgw-menrva-s7\" data-element_type=\"container\" data-e-type=\"container\">\n\t\t\t\t\t<div class=\"e-con-inner\">\n\t\t\t\t<div class=\"elementor-element elementor-element-iwgw-menrva-s7h elementor-widget elementor-widget-heading\" data-id=\"iwgw-menrva-s7h\" data-element_type=\"widget\" data-e-type=\"widget\" data-widget_type=\"heading.default\">\n\t\t\t\t\t<h2 class=\"elementor-heading-title elementor-size-default\">Paral\u00b7lelismes en altres cultures<\/h2>\t\t\t\t<\/div>\n\t\t<div class=\"elementor-element elementor-element-iwgw-menrva-s7c e-con-full e-flex e-con e-child\" data-id=\"iwgw-menrva-s7c\" data-element_type=\"container\" data-e-type=\"container\">\n\t\t\t\t<div class=\"elementor-element elementor-element-iwgw-menrva-s7t elementor-widget elementor-widget-text-editor\" data-id=\"iwgw-menrva-s7t\" data-element_type=\"widget\" data-e-type=\"widget\" data-widget_type=\"text-editor.default\">\n\t\t\t\t\t\t\t\t\t<p>Menrva correspon funcionalment a l&#8217;Atena grega i a la Minerva romana. La relaci\u00f3 entre Atena i Menrva \u00e9s estreta tant iconogr\u00e0ficament com mitol\u00f2gicament: els etruscs van adoptar el tipus iconogr\u00e0fic d&#8217;Atena i tamb\u00e9 nombrosos mites d&#8217;Atena. La tradici\u00f3 romana de Minerva es remunta llavors, a trav\u00e9s de la mediaci\u00f3 etrusca, al <span class=\"iwg-fachbegriff\" data-tooltip=\"El conjunt de pr\u00e0ctiques de veneraci\u00f3 religiosa dirigides a una divinitat o figura sagrada.\" tabindex=\"0\">culte<\/span> grec d&#8217;Atena.<\/p><p>Comparativament, Menrva es pot relacionar amb altres deesses de la saviesa i de l&#8217;artesania: Sarasvati (v\u00e8dica), Brigid (c\u00e8ltica), Neith (eg\u00edpcia). Aquesta comparabilitat mostra la configuraci\u00f3 religiosa universal d&#8217;una &#8216;deessa pensant&#8217;.<\/p><p>Mitjan\u00e7ant la interpretatio Romana, les divinitats etrusques van rebre noms romans: Tinia es va convertir en Iupiter, Uni en Iuno i Menrva en Minerva. Aquestes equiparacions solien captar nom\u00e9s trets seleccionats, no la figura completa. La recerca dels darrers cinquanta anys ha anat determinant quins trets etruscos propis de Menrva es van conservar en aquest proc\u00e9s.<\/p><p>M\u00faltiples contactes amb tradicions anat\u00f2lies, fen\u00edcies i del pr\u00f2xim orient marquen la religi\u00f3 etrusca. L&#8217;intercanvi fenici queda especialment documentat per les L\u00e0mines de Pyrgi. Aquesta interconnexi\u00f3 mediterr\u00e0nia constitueix un dels camps de recerca importants de les darreres d\u00e8cades.<\/p><p>Des d&#8217;una perspectiva comparativa, el <span class=\"iwg-fachbegriff\" data-tooltip=\"El conjunt de pr\u00e0ctiques de veneraci\u00f3 religiosa dirigides a una divinitat o figura sagrada.\" tabindex=\"0\">culte<\/span> etrusc, incloent-hi la veneraci\u00f3 de Menrva, pertany a la fam\u00edlia religiosa mediterr\u00e0nia m\u00e9s \u00e0mplia i es relaciona amb Gr\u00e8cia, Fen\u00edcia, Egipte, Anat\u00f2lia i el Laci. Aquesta xarxa de connexions constitueix un camp de recerca rellevant.<\/p>\t\t\t\t\t\t\t\t<\/div>\n\t\t\t\t<\/div>\n\t\t\t\t\t<\/div>\n\t\t\t\t<\/div>\n\t\t<div class=\"elementor-element elementor-element-iwgw-menrva-s8 e-flex e-con-boxed e-con e-parent\" data-id=\"iwgw-menrva-s8\" data-element_type=\"container\" data-e-type=\"container\">\n\t\t\t\t\t<div class=\"e-con-inner\">\n\t\t\t\t<div class=\"elementor-element elementor-element-iwgw-menrva-s8h elementor-widget elementor-widget-heading\" data-id=\"iwgw-menrva-s8h\" data-element_type=\"widget\" data-e-type=\"widget\" data-widget_type=\"heading.default\">\n\t\t\t\t\t<h2 class=\"elementor-heading-title elementor-size-default\">Investigaci\u00f3 actual<\/h2>\t\t\t\t<\/div>\n\t\t<div class=\"elementor-element elementor-element-iwgw-menrva-s8c e-con-full e-flex e-con e-child\" data-id=\"iwgw-menrva-s8c\" data-element_type=\"container\" data-e-type=\"container\">\n\t\t\t\t<div class=\"elementor-element elementor-element-iwgw-menrva-s8t elementor-widget elementor-widget-text-editor\" data-id=\"iwgw-menrva-s8t\" data-element_type=\"widget\" data-e-type=\"widget\" data-widget_type=\"text-editor.default\">\n\t\t\t\t\t\t\t\t\t<p>La recerca sobre Menrva ha fet progressos importants en els darrers 50 anys. Nous descobriments a Veio, Tarqu\u00ednia, Cerveteri i Volsinii han matisat la imatge que en ten\u00edem. Entre els investigadors i investigadores destacats hi ha Larissa Bonfante, Nancy Thomson de Grummond, Mauro Cristofani i Anna Marina Moretti Sgubini.<\/p><p>La recerca examina intensament la relaci\u00f3 entre l&#8217;Atena grega i la Menrva etrusca: on hi ha adopcions directes i on desenvolupaments etruscos propis? Aquesta q\u00fcesti\u00f3 \u00e9s objecte de discussi\u00f3 actual.<\/p><p>Avui la religi\u00f3 etrusca, i amb ella deesses com Menrva, \u00e9s objecte d&#8217;una recerca internacionalment connectada. Entre els centres importants hi ha les universitats de Flor\u00e8ncia, Roma la Sapienza, Pisa, T\u00fcbingen i Princeton. Cada any diversos congressos internacionals es dediquen a aspectes concrets del tema.<\/p><p>Els projectes internacionals sobre la religi\u00f3 etrusca recorren avui a m\u00e8todes digitals: escanejos tridimensionals de temples i tombes, bases de dades d&#8217;inscripcions i fonts iconogr\u00e0fiques, i an\u00e0lisis GIS de l&#8217;estructura dels assentaments. Aquests m\u00e8todes obren noves perspectives, tamb\u00e9 sobre els llocs de culte de Menrva.<\/p><p>La recerca actual sobre l&#8217;etruscologia arriba a un p\u00fablic m\u00e9s ampli mitjan\u00e7ant exposicions, per exemple al Museu Vatic\u00e0, al Museo Nazionale Etrusco di Villa Giulia i al Museu de Belles Arts de Boston, aix\u00ed com a trav\u00e9s de nombroses publicacions.<\/p>\t\t\t\t\t\t\t\t<\/div>\n\t\t\t\t<\/div>\n\t\t\t\t\t<\/div>\n\t\t\t\t<\/div>\n\t\t<div class=\"elementor-element elementor-element-iwgw-menrva-s9 e-flex e-con-boxed e-con e-parent\" data-id=\"iwgw-menrva-s9\" data-element_type=\"container\" data-e-type=\"container\">\n\t\t\t\t\t<div class=\"e-con-inner\">\n\t\t\t\t<div class=\"elementor-element elementor-element-iwgw-menrva-s9h elementor-widget elementor-widget-heading\" data-id=\"iwgw-menrva-s9h\" data-element_type=\"widget\" data-e-type=\"widget\" data-widget_type=\"heading.default\">\n\t\t\t\t\t<h2 class=\"elementor-heading-title elementor-size-default\">Fonts i estat de la recerca<\/h2>\t\t\t\t<\/div>\n\t\t<div class=\"elementor-element elementor-element-iwgw-menrva-s9c e-con-full e-flex e-con e-child\" data-id=\"iwgw-menrva-s9c\" data-element_type=\"container\" data-e-type=\"container\">\n\t\t\t\t<div class=\"elementor-element elementor-element-iwgw-menrva-s9t elementor-widget elementor-widget-text-editor\" data-id=\"iwgw-menrva-s9t\" data-element_type=\"widget\" data-e-type=\"widget\" data-widget_type=\"text-editor.default\">\n\t\t\t\t\t\t\t\t\t<p>Les fonts m\u00e9s importants per a la recerca sobre Menrva s\u00f3n les inscripcions etrusques, els miralls etruscos amb inscripcions, els complexos de temples (Portonaccio, Veio) i les fonts secund\u00e0ries grecoromanes. L&#8217;<em>Editio Minor<\/em> de Helmut Rix \u00e9s l&#8217;edici\u00f3 est\u00e0ndard dels textos.<\/p><p>Una an\u00e0lisi m\u00e9s aprofundida en el conjunt de la <a href=\"https:\/\/iwell-guard.com\/ca\/?page_id=171664\">hist\u00f2ria de la religi\u00f3 etrusca<\/a> mostra com s&#8217;ha d&#8217;entendre Menrva dins de l&#8217;entramat de relacions amb Tinia, Uni i els altres Atua. Aquesta xarxa de relacions \u00e9s essencial des del punt de vista cient\u00edfic per comprendre el pante\u00f3 etrusc.<\/p><p>La base documental sobre la religi\u00f3 etrusca \u00e9s desigual: testimonis epigr\u00e0fics, recollits a l&#8217;Editio Minor de Helmut Rix, troballes arqueol\u00f2giques, fonts iconogr\u00e0fiques i bibliografia secund\u00e0ria. Qui vulgui comprendre adequadament Menrva ha d&#8217;analitzar aquesta diversitat de manera interdisciplin\u00e0ria; la recerca m\u00e9s recent combina sistem\u00e0ticament la filologia, l&#8217;<span class=\"iwg-fachbegriff\" data-tooltip=\"Ci\u00e8ncia que estudia les cultures del passat a partir de les restes materials.\" tabindex=\"0\">arqueologia<\/span>, la <span class=\"iwg-fachbegriff\" data-tooltip=\"La ci\u00e8ncia que estudia les religions de manera comparativa i sense vinculaci\u00f3 de fe.\" tabindex=\"0\">ci\u00e8ncia de la religi\u00f3<\/span> i l&#8217;antropologia.<\/p><p>Una cr\u00edtica de fonts adequada exigeix con\u00e8ixer tant els testimonis originals etruscos com la tradici\u00f3 secund\u00e0ria grecoromana. Aquesta doble aproximaci\u00f3 \u00e9s exigent, per\u00f2 imprescindible per a una reconstrucci\u00f3 hist\u00f2rico-religiosa s\u00f2lida de Menrva.<\/p><p>Una interpretaci\u00f3 hist\u00f2rica rigorosa de Menrva requereix tenir una visi\u00f3 de conjunt tant de les fonts epigr\u00e0fiques, arqueol\u00f2giques i liter\u00e0ries com dels enfocaments de la <span class=\"iwg-fachbegriff\" data-tooltip=\"La ci\u00e8ncia que estudia les religions de manera comparativa i sense vinculaci\u00f3 de fe.\" tabindex=\"0\">ci\u00e8ncia de la religi\u00f3<\/span> moderna. Aquest tractament complex es considera l&#8217;est\u00e0ndard en la recerca.<\/p>\t\t\t\t\t\t\t\t<\/div>\n\t\t\t\t<\/div>\n\t\t\t\t\t<\/div>\n\t\t\t\t<\/div>\n\t\t<div class=\"elementor-element elementor-element-cp2831c424 e-flex e-con-boxed e-con e-parent\" data-id=\"cp2831c424\" data-element_type=\"container\" data-e-type=\"container\">\n\t\t\t\t\t<div class=\"e-con-inner\">\n\t\t\t\t<div class=\"elementor-element elementor-element-cp209d5a25 elementor-widget elementor-widget-heading\" data-id=\"cp209d5a25\" data-element_type=\"widget\" data-e-type=\"widget\" data-widget_type=\"heading.default\">\n\t\t\t\t\t<h2 class=\"elementor-heading-title elementor-size-default\">Menrva en els miralls de bronze etruscos: la font iconogr\u00e0fica m\u00e9s important<\/h2>\t\t\t\t<\/div>\n\t\t<div class=\"elementor-element elementor-element-cp25a0aa3d e-flex e-con-boxed e-con e-child\" data-id=\"cp25a0aa3d\" data-element_type=\"container\" data-e-type=\"container\">\n\t\t\t\t\t<div class=\"e-con-inner\">\n\t\t\t\t<div class=\"elementor-element elementor-element-cp2f1bb64a elementor-widget elementor-widget-text-editor\" data-id=\"cp2f1bb64a\" data-element_type=\"widget\" data-e-type=\"widget\" data-widget_type=\"text-editor.default\">\n\t\t\t\t\t\t\t\t\t<p>La deessa etrusca Menrva ens ha arribat sobretot a trav\u00e9s dels miralls de bronze gravats, que es van fabricar en gran nombre entre el segle V i el segle II abans de la nostra era.<\/p><p>Aquests miralls, decorats al revers amb escenes mitol\u00f2giques, constitueixen la font iconogr\u00e0fica m\u00e9s rica per a la <span class=\"iwg-fachbegriff\" data-tooltip=\"El conjunt dels relats m\u00edtics sobre d\u00e9us transmesos per una cultura.\" tabindex=\"0\">mitologia<\/span> etrusca en general. Menrva hi apareix amb una freq\u00fc\u00e8ncia especial, sovint identificada sense ambig\u00fcitat per una inscripci\u00f3, la qual cosa la converteix en una de les divinitats etrusques m\u00e9s f\u00e0cilment identificables.<\/p><p>Als miralls, Menrva se sol representar com una deessa armada, amb casc, llan\u00e7a i escut, i de vegades amb serps al vestit o amb el rostre terrible de la Gorgona.<\/p><p>Aquesta <span class=\"iwg-fachbegriff\" data-tooltip=\"L'estudi dels continguts de les imatges i el seu significat.\" tabindex=\"0\">iconografia<\/span> guerrera coincideix en gran mesura amb la imatge de l&#8217;Atena grega, i l&#8217;art etrusc es va inspirar clarament en models grecs en aquest punt. Al mateix temps, Menrva apareix en escenes espec\u00edficament etrusques que no tenen un equivalent exacte en la <span class=\"iwg-fachbegriff\" data-tooltip=\"El conjunt dels relats m\u00edtics sobre d\u00e9us transmesos per una cultura.\" tabindex=\"0\">mitologia<\/span> grega.<\/p><p>Un exemple molt discutit \u00e9s una representaci\u00f3 en un mirall on Menrva treu un infant d&#8217;un recipient o l&#8217;assisteix; l&#8217;escena s&#8217;ha relacionat amb l&#8217;etrusc Maris i suggereix idees sobre el naixement, la crian\u00e7a o fins i tot una mena de renaixement que van m\u00e9s enll\u00e0 de la funci\u00f3 de l&#8217;Atena grega.<\/p><p>Aquestes imatges mostren que Menrva no era simplement una Atena etrusca, sin\u00f3 una <span class=\"iwg-fachbegriff\" data-tooltip=\"Un \u00e9sser venerat com a div\u00ed dins d'una religi\u00f3.\" tabindex=\"0\">divinitat<\/span> pr\u00f2pia amb un ventall de funcions en part diferent, que inclo\u00efa tamb\u00e9 \u00e0mbits de la curaci\u00f3, el creixement i la infantesa. Figures de deesses emparentades es troben tamb\u00e9 en les <a href=\"https:\/\/iwell-guard.com\/ca\/?page_id=171664\">cultures it\u00e0liques<\/a> ve\u00efnes.<\/p>\t\t\t\t\t\t\t\t<\/div>\n\t\t\t\t\t<\/div>\n\t\t\t\t<\/div>\n\t\t\t\t\t<\/div>\n\t\t\t\t<\/div>\n\t\t<div class=\"elementor-element elementor-element-cp23cfeee3 e-flex e-con-boxed e-con e-parent\" data-id=\"cp23cfeee3\" data-element_type=\"container\" data-e-type=\"container\">\n\t\t\t\t\t<div class=\"e-con-inner\">\n\t\t\t\t<div class=\"elementor-element elementor-element-cp2f04d6ba elementor-widget elementor-widget-heading\" data-id=\"cp2f04d6ba\" data-element_type=\"widget\" data-e-type=\"widget\" data-widget_type=\"heading.default\">\n\t\t\t\t\t<h2 class=\"elementor-heading-title elementor-size-default\">De la Menrva etrusca a la Minerva romana: un proc\u00e9s d'adopci\u00f3<\/h2>\t\t\t\t<\/div>\n\t\t<div class=\"elementor-element elementor-element-cp260f78a4 e-flex e-con-boxed e-con e-child\" data-id=\"cp260f78a4\" data-element_type=\"container\" data-e-type=\"container\">\n\t\t\t\t\t<div class=\"e-con-inner\">\n\t\t\t\t<div class=\"elementor-element elementor-element-cp2934c062 elementor-widget elementor-widget-text-editor\" data-id=\"cp2934c062\" data-element_type=\"widget\" data-e-type=\"widget\" data-widget_type=\"text-editor.default\">\n\t\t\t\t\t\t\t\t\t<p>El nom Menrva i el nom de la deessa romana Minerva estan clarament emparentats, i la recerca ling\u00fc\u00edstica considera que la Minerva romana va prendre el seu nom de l&#8217;etrusc o d&#8217;un fons it\u00e0lic com\u00fa. Menrva \u00e9s, doncs, un dels pocs casos en qu\u00e8 el nom d&#8217;una de\u00eftat etrusca continua directament en la religi\u00f3 romana.<\/p><p>Tot i aix\u00f2, el proc\u00e9s d&#8217;adopci\u00f3 nom\u00e9s es pot reconstruir a grans trets. Roma i les ciutats etrusques van mantenir un contacte estret durant segles, i durant un temps la mateixa Roma va formar part de l&#8217;\u00e0rea d&#8217;influ\u00e8ncia etrusca. En aquesta fase es van transmetre nombrosos elements culturals i religiosos, entre ells aspectes de l&#8217;arquitectura dels temples, de l&#8217;<span class=\"iwg-fachbegriff\" data-tooltip=\"La predicci\u00f3 d'esdeveniments futurs mitjan\u00e7ant mitjans religiosos o m\u00e0gics.\" tabindex=\"0\">endevinaci\u00f3<\/span> i, precisament, els noms dels d\u00e9us.<\/p><p>Minerva es va integrar a Roma en la tr\u00edada capitolina juntament amb J\u00fapiter i Juno, \u00e9s a dir, en una posici\u00f3 que podria correspondre a la constel\u00b7laci\u00f3 etrusca de Tinia, <a href=\"https:\/\/iwell-guard.com\/ca\/?page_id=171702\">Uni<\/a> i Menrva.<\/p><p>Precisament en aquest punt cal ser prudent. La correspond\u00e8ncia exacta entre els dos grups de tres resulta convincent, per\u00f2 podria ser en part una infer\u00e8ncia des del model rom\u00e0, m\u00e9s ben conegut, cap a la banda etrusca. El que \u00e9s segur \u00e9s que Menrva era una <span class=\"iwg-fachbegriff\" data-tooltip=\"Un \u00e9sser venerat com a div\u00ed dins d'una religi\u00f3.\" tabindex=\"0\">divinitat<\/span> de primer rang i que el seu nom va trobar el cam\u00ed cap a la religi\u00f3 romana.<\/p><p>No es pot determinar amb precisi\u00f3 a partir de les fonts com es van despla\u00e7ar exactament les seves funcions en aquest proc\u00e9s, ni si la Menrva etrusca, amb els seus vincles amb l&#8217;artesania, la curaci\u00f3 i la infantesa, va ser adoptada tal com era o va ser transformada.<\/p><p>El cas de Menrva mostra de manera exemplar com de estretament entrella\u00e7ades estaven la religi\u00f3 etrusca i la romana, i alhora com \u00e9s dif\u00edcil determinar amb precisi\u00f3 el sentit i el contingut d&#8217;aquestes adopcions.<\/p>\t\t\t\t\t\t\t\t<\/div>\n\t\t\t\t\t<\/div>\n\t\t\t\t<\/div>\n\t\t\t\t\t<\/div>\n\t\t\t\t<\/div>\n\t\t<div class=\"elementor-element elementor-element-cp2d8bee14 e-flex e-con-boxed e-con e-parent\" data-id=\"cp2d8bee14\" data-element_type=\"container\" data-e-type=\"container\">\n\t\t\t\t\t<div class=\"e-con-inner\">\n\t\t\t\t<div class=\"elementor-element elementor-element-cp24a35acd elementor-widget elementor-widget-heading\" data-id=\"cp24a35acd\" data-element_type=\"widget\" data-e-type=\"widget\" data-widget_type=\"heading.default\">\n\t\t\t\t\t<h2 class=\"elementor-heading-title elementor-size-default\">Menrva al fetge de bronze de Piacenza i en el sistema d'endevinaci\u00f3<\/h2>\t\t\t\t<\/div>\n\t\t<div class=\"elementor-element elementor-element-cp24f26b71 e-flex e-con-boxed e-con e-child\" data-id=\"cp24f26b71\" data-element_type=\"container\" data-e-type=\"container\">\n\t\t\t\t\t<div class=\"e-con-inner\">\n\t\t\t\t<div class=\"elementor-element elementor-element-cp22f28ce4 elementor-widget elementor-widget-text-editor\" data-id=\"cp22f28ce4\" data-element_type=\"widget\" data-e-type=\"widget\" data-widget_type=\"text-editor.default\">\n\t\t\t\t\t\t\t\t\t<p><span data-nosnippet>Com altres divinitats etrusques importants, Menrva tamb\u00e9 apareix registrada al fetge de bronze de Piacenza, aquell model de fetge de bronze trobat el 1877 i datat del segle II o I abans de la nostra era, que probablement servia com a material d&#8217;ensenyament per als endevins que interpretaven les entranyes. La superf\u00edcie est\u00e0 dividida en nombrosos camps amb noms de d\u00e9us gravats, i Menrva hi ocupa un lloc fix.<\/span><\/p><p>El fet que Menrva aparegui al fetge no \u00e9s un detall menor. Mostra que estava integrada en el sistema altament formalitzat de la doctrina endevinat\u00f2ria etrusca, la <em>disciplina etrusca<\/em>. S&#8217;interpreta que els setze camps del marge del fetge corresponen a una divisi\u00f3 del cel en setze regions, cadascuna de les quals tenia assignada una divinitat.<\/p><p>A partir de la posici\u00f3 de les anomalies observades al fetge de l&#8217;animal examinat, l&#8217;especialista dedu\u00efa la voluntat de la <span class=\"iwg-fachbegriff\" data-tooltip=\"Un \u00e9sser venerat com a div\u00ed dins d'una religi\u00f3.\" tabindex=\"0\">divinitat<\/span> corresponent. Menrva no era, doncs, nom\u00e9s objecte de <span class=\"iwg-fachbegriff\" data-tooltip=\"Un relat transm\u00e8s sobre d\u00e9us, or\u00edgens i l'ordre del m\u00f3n.\" tabindex=\"0\">mite<\/span>, art de mirall i culte de temple, sin\u00f3 tamb\u00e9 una magnitud amb la qual comptava de manera pr\u00e0ctica l&#8217;<span class=\"iwg-fachbegriff\" data-tooltip=\"La predicci\u00f3 d'esdeveniments futurs mitjan\u00e7ant mitjans religiosos o m\u00e0gics.\" tabindex=\"0\">endevinaci\u00f3<\/span>.<\/p><p>El funcionament exacte, per\u00f2, continua sent poc clar, perqu\u00e8 no s&#8217;ha conservat cap text doctrinal etrusc complet sobre l&#8217;hepatosc\u00f2pia. Sabem que Menrva tenia un lloc dins del sistema, per\u00f2 no sabem amb detall quin significat tenia el seu camp ni quina relaci\u00f3 guardava amb els camps de les divinitats ve\u00efnes.<\/p><p>El fetge de bronze continua sent un document fascinant, per\u00f2 nom\u00e9s parcialment llegible. Per situar Menrva, per\u00f2, resulta important: demostra que la deessa era present en els tres grans \u00e0mbits de la religi\u00f3 etrusca, en el <span class=\"iwg-fachbegriff\" data-tooltip=\"Un relat transm\u00e8s sobre d\u00e9us, or\u00edgens i l'ordre del m\u00f3n.\" tabindex=\"0\">mite<\/span> dels miralls, en el <span class=\"iwg-fachbegriff\" data-tooltip=\"El conjunt dels actes de veneraci\u00f3 religiosa dedicats a una divinitat o figura sagrada.\" tabindex=\"0\">culte<\/span> p\u00fablic i en la disciplina erudita de l&#8217;endevinaci\u00f3, que va donar als etruscs una fama especial en el m\u00f3n antic.<\/p>\t\t\t\t\t\t\t\t<\/div>\n\t\t\t\t\t<\/div>\n\t\t\t\t<\/div>\n\t\t\t\t\t<\/div>\n\t\t\t\t<\/div>\n\t\t<div class=\"elementor-element elementor-element-iwgw-menrva-lit e-flex e-con-boxed e-con e-parent\" data-id=\"iwgw-menrva-lit\" data-element_type=\"container\" data-e-type=\"container\">\n\t\t\t\t\t<div class=\"e-con-inner\">\n\t\t\t\t<div class=\"elementor-element elementor-element-iwgw-menrva-lith elementor-widget elementor-widget-heading\" data-id=\"iwgw-menrva-lith\" data-element_type=\"widget\" data-e-type=\"widget\" data-widget_type=\"heading.default\">\n\t\t\t\t\t<h2 class=\"elementor-heading-title elementor-size-default\">Bibliografia (selecci\u00f3)<\/h2>\t\t\t\t<\/div>\n\t\t<div class=\"elementor-element elementor-element-iwgw-menrva-litc e-con-full e-flex e-con e-child\" data-id=\"iwgw-menrva-litc\" data-element_type=\"container\" data-e-type=\"container\">\n\t\t\t\t<div class=\"elementor-element elementor-element-iwgw-menrva-litt elementor-widget elementor-widget-text-editor\" data-id=\"iwgw-menrva-litt\" data-element_type=\"widget\" data-e-type=\"widget\" data-widget_type=\"text-editor.default\">\n\t\t\t\t\t\t\t\t\t<ul><li>Larissa Bonfante: <em>Etruscan Mythology<\/em> (2006)<\/li><li>Jean-Rene Jannot: <em>Religion in Ancient Etruria<\/em> (2005)<\/li><li>Massimo Pallottino: <em>Die Etrusker<\/em> (1942)<\/li><li>Larissa Bonfante: <em>Etruscan Bronzes<\/em><\/li><\/ul>\n<p class=\"iwg-bib-more\"><span data-nosnippet>M\u00e9s obres de refer\u00e8ncia a la <a href=\"https:\/\/iwell-guard.com\/ca\/?page_id=171483\">bibliografia<\/a>.<\/span><\/p>\t\t\t\t\t\t\t\t<\/div>\n\t\t\t\t<\/div>\n\t\t\t\t\t<\/div>\n\t\t\t\t<\/div>\n\t\t<div class=\"elementor-element elementor-element-iwgw-menrva-kwd e-flex e-con-boxed e-con e-parent\" data-id=\"iwgw-menrva-kwd\" data-element_type=\"container\" data-e-type=\"container\">\n\t\t\t\t\t<div class=\"e-con-inner\">\n\t\t<div class=\"elementor-element elementor-element-iwgw-menrva-kwdc e-con-full e-flex e-con e-child\" data-id=\"iwgw-menrva-kwdc\" data-element_type=\"container\" data-e-type=\"container\">\n\t\t\t\t<div class=\"elementor-element elementor-element-iwgw-menrva-kwdt elementor-widget elementor-widget-text-editor\" data-id=\"iwgw-menrva-kwdt\" data-element_type=\"widget\" data-e-type=\"widget\" data-widget_type=\"text-editor.default\">\n\t\t\t\t\t\t\t\t\t<p><em>Termes clau relacionats: Menrva Etruscos Deessa Saviesa Guerra Artesania Portonaccio Veii Atena.<\/em><\/p>\t\t\t\t\t\t\t\t<\/div>\n\t\t\t\t<\/div>\n\t\t\t\t\t<\/div>\n\t\t\t\t<\/div>\n\t\t<div class=\"elementor-element elementor-element-iwgw-menrva-cc e-flex e-con-boxed e-con e-parent\" data-id=\"iwgw-menrva-cc\" data-element_type=\"container\" data-e-type=\"container\" id=\"iwg-cc-menrva\">\n\t\t\t\t\t<div class=\"e-con-inner\">\n\t\t<div class=\"elementor-element elementor-element-iwgw-menrva-ccinner e-flex e-con-boxed e-con e-parent\" data-id=\"iwgw-menrva-ccinner\" data-element_type=\"container\" data-e-type=\"container\" data-settings=\"{&quot;background_background&quot;:&quot;classic&quot;}\">\n\t\t\t\t\t<div class=\"e-con-inner\">\n\t\t\t\t<div class=\"elementor-element elementor-element-iwgw-menrva-cch elementor-widget elementor-widget-heading\" data-id=\"iwgw-menrva-cch\" data-element_type=\"widget\" data-e-type=\"widget\" data-widget_type=\"heading.default\">\n\t\t\t\t\t<h2 class=\"elementor-heading-title elementor-size-default\">iWell Guard i tradicions de protecci\u00f3<\/h2>\t\t\t\t<\/div>\n\t\t\t\t<div class=\"elementor-element elementor-element-iwgw-menrva-cct elementor-widget elementor-widget-text-editor\" data-id=\"iwgw-menrva-cct\" data-element_type=\"widget\" data-e-type=\"widget\" data-widget_type=\"text-editor.default\">\n\t\t\t\t\t\t\t\t\t<div data-nosnippet=\"true\"><p>iWell Guard s&#8217;inscriu en la tradici\u00f3 cultural i hist\u00f2rica dels objectes de protecci\u00f3 portables, seguint la tradici\u00f3 de l&#8217;<a href=\"https:\/\/iwell-guard.com\/ca\/?page_id=171664\">Etrusc<\/a> i de moltes altres cultures d&#8217;arreu del m\u00f3n. 41 capes, or aut\u00e8ntic, plat\u00ed, plata, fabricat a Alemanya. Dret de devoluci\u00f3 de 30 dies.<\/p><\/div>\t\t\t\t\t\t\t\t<\/div>\n\t\t\t\t<div class=\"elementor-element elementor-element-iwgw-menrva-ccb iwg-cc-button iwg-cc-cta-2026-05-13 elementor-widget elementor-widget-jet-button\" data-id=\"iwgw-menrva-ccb\" data-element_type=\"widget\" data-e-type=\"widget\" data-widget_type=\"jet-button.default\">\n\t\t\t\t<div class=\"elementor-widget-container\">\n\t\t\t\t\t<div class=\"elementor-jet-button jet-elements\"><div class=\"jet-button__container\"><a class=\"jet-button__instance jet-button__instance--icon-left hover-effect-1\" href=\"\/ueber-iwell-guard\/?utm_source=iwell-guard.com&amp;utm_medium=info-box&amp;utm_campaign=wesen-tradition\"><div class=\"jet-button__plane jet-button__plane-normal\"><\/div><div class=\"jet-button__plane jet-button__plane-hover\"><\/div><div class=\"jet-button__state jet-button__state-normal\"><span class=\"jet-button__label\">M\u00e9s informaci\u00f3 sobre l'iWell Guard<\/span><\/div><div class=\"jet-button__state jet-button__state-hover\"><span class=\"jet-button__label\">M\u00e9s informaci\u00f3 sobre l'iWell Guard<\/span><\/div><\/a><\/div><\/div><style>.elementor-element.elementor-element-iwgw-menrva-ccb .jet-button__instance{width:320px;height:56px;}.elementor-element.elementor-element-iwgw-menrva-ccb .jet-button__state-normal .jet-button__label{text-align:center;margin:0px 0px 0px 0px;color:#1a1b20;font-family:Montserrat,sans-serif;font-size:13px;font-weight:400;letter-spacing:4px;line-height:1.714em;text-transform:uppercase;}.elementor-element.elementor-element-iwgw-menrva-ccb .jet-button__state-hover .jet-button__label{text-align:center;margin:0px 0px 0px 0px;color:#FECC76;font-family:Montserrat,sans-serif;font-size:13px;font-weight:400;letter-spacing:4px;line-height:1.714em;text-transform:uppercase;}.elementor-element.elementor-element-iwgw-menrva-ccb .jet-button__plane-normal{background-color:#FECC76;border-style:solid;border-color:#C99540;border-width:2px 2px 2px 2px;}.elementor-element.elementor-element-iwgw-menrva-ccb .jet-button__plane-hover{background-color:rgba(0,0,0,0.55);border-style:solid;border-color:#FECC76;border-width:2px 2px 2px 2px;}<\/style>\t\t\t\t<\/div>\n\t\t\t\t<\/div>\n\t\t\t\t<div class=\"elementor-element elementor-element-iwgw-menrva-ccd elementor-widget elementor-widget-text-editor\" data-id=\"iwgw-menrva-ccd\" data-element_type=\"widget\" data-e-type=\"widget\" data-widget_type=\"text-editor.default\">\n\t\t\t\t\t\t\t\t\t<div data-nosnippet=\"true\"><p style=\"text-align:center;font-size:13px;opacity:0.7;margin-top:14px\" data-nosnippet=\"true\">Les experi\u00e8ncies personals poden variar. No \u00e9s un producte sanitari. No \u00e9s una promesa de curaci\u00f3.<\/p><\/div>\t\t\t\t\t\t\t\t<\/div>\n\t\t\t\t\t<\/div>\n\t\t\t\t<\/div>\n\t\t\t\t\t<\/div>\n\t\t\t\t<\/div>\n\t\t<div class=\"elementor-element elementor-element-iwgw-menrva-disc e-flex e-con-boxed e-con e-parent\" data-id=\"iwgw-menrva-disc\" data-element_type=\"container\" data-e-type=\"container\">\n\t\t\t\t\t<div class=\"e-con-inner\">\n\t\t\t\t<div class=\"elementor-element elementor-element-iwgw-menrva-discw elementor-widget elementor-widget-html\" data-id=\"iwgw-menrva-discw\" data-element_type=\"widget\" data-e-type=\"widget\" data-widget_type=\"html.default\">\n\t\t\t\t\t<footer data-nosnippet=\"true\" class=\"iwg-disclaimer-block\"><p data-nosnippet=\"true\">iWell Guard <strong>no \u00e9s un producte sanitari<\/strong> i no substitueix cap tractament m\u00e8dic o psicoterap\u00e8utic. Els continguts d'hist\u00f2ria de les religions s\u00f3n una classificaci\u00f3 culturohist\u00f2rica, no una recomanaci\u00f3 de pr\u00e0ctica espiritual.<\/p><\/footer>\t\t\t\t<\/div>\n\t\t\t\t\t<\/div>\n\t\t\t\t<\/div>\n\t\t\t\t<\/div>\n\t\t","protected":false},"excerpt":{"rendered":"","protected":false},"author":3,"featured_media":2817,"parent":0,"menu_order":0,"comment_status":"closed","ping_status":"closed","template":"elementor_header_footer","meta":{"_yoast_wpseo_focuskw":"Menrva Etruscos","_yoast_wpseo_title":"Menrva - Deessa etrusca, mite i culte","_yoast_wpseo_metadesc":"Menrva \u00e9s la deessa etrusca de la saviesa, l'artesania i la guerra. Ordenaci\u00f3 religiosa i hist\u00f2rica amb mite, culte i fonts.","_yoast_wpseo_meta-robots-noindex":"","_yoast_wpseo_canonical":"","_angie_page":false,"gefaehrdungsstufe":"2","wesen_kultur":"etruskisch","wesen_klasse":"goetter","footnotes":""},"categories":[],"class_list":["post-171703","page","type-page","status-publish","has-post-thumbnail","hentry"],"yoast_head":"<!-- This site is optimized with the Yoast SEO Premium plugin v27.7 (Yoast SEO v28.3) - https:\/\/yoast.com\/product\/yoast-seo-premium-wordpress\/ -->\n<title>Menrva - Deessa etrusca, mite i culte<\/title>\n<meta name=\"description\" content=\"Menrva \u00e9s la deessa etrusca de la saviesa, l&#039;artesania i la guerra. Ordenaci\u00f3 religiosa i hist\u00f2rica amb mite, culte i fonts.\" \/>\n<meta name=\"robots\" content=\"index, follow, max-snippet:-1, max-image-preview:large, max-video-preview:-1\" \/>\n<link rel=\"canonical\" href=\"https:\/\/iwell-guard.com\/ca\/menrva-deessa-etrusca-saviesa-guerra\/\" \/>\n<meta property=\"og:locale\" content=\"ca_ES\" \/>\n<meta property=\"og:type\" content=\"article\" \/>\n<meta property=\"og:title\" content=\"Menrva - Deessa etrusca de la saviesa i de la guerra\" \/>\n<meta property=\"og:description\" content=\"Menrva \u00e9s la deessa etrusca de la saviesa, l&#039;artesania i la guerra. Ordenaci\u00f3 religiosa i hist\u00f2rica amb mite, culte i fonts.\" \/>\n<meta property=\"og:url\" content=\"https:\/\/iwell-guard.com\/ca\/menrva-deessa-etrusca-saviesa-guerra\/\" \/>\n<meta property=\"og:site_name\" content=\"iWell Guard\" \/>\n<meta property=\"article:modified_time\" content=\"2026-09-05T16:04:50+00:00\" \/>\n<meta property=\"og:image\" content=\"https:\/\/iwell-guard.com\/wp-content\/uploads\/2026\/05\/goetter_etruskisch_menrva.webp\" \/>\n\t<meta property=\"og:image:width\" content=\"1024\" \/>\n\t<meta property=\"og:image:height\" content=\"1536\" \/>\n\t<meta property=\"og:image:type\" content=\"image\/webp\" \/>\n<meta name=\"twitter:card\" content=\"summary_large_image\" \/>\n<script type=\"application\/ld+json\" class=\"yoast-schema-graph\">{\"@context\":\"https:\\\/\\\/schema.org\",\"@graph\":[{\"@type\":\"WebPage\",\"@id\":\"https:\\\/\\\/iwell-guard.com\\\/ca\\\/menrva-deessa-etrusca-saviesa-guerra\\\/\",\"url\":\"https:\\\/\\\/iwell-guard.com\\\/ca\\\/menrva-deessa-etrusca-saviesa-guerra\\\/\",\"name\":\"Menrva - Deessa etrusca, mite i culte\",\"isPartOf\":{\"@id\":\"https:\\\/\\\/iwell-guard.com\\\/ca\\\/#website\"},\"primaryImageOfPage\":{\"@id\":\"https:\\\/\\\/iwell-guard.com\\\/ca\\\/menrva-deessa-etrusca-saviesa-guerra\\\/#primaryimage\"},\"image\":{\"@id\":\"https:\\\/\\\/iwell-guard.com\\\/ca\\\/menrva-deessa-etrusca-saviesa-guerra\\\/#primaryimage\"},\"thumbnailUrl\":\"https:\\\/\\\/iwell-guard.com\\\/wp-content\\\/uploads\\\/2026\\\/05\\\/goetter_etruskisch_menrva.webp\",\"datePublished\":\"2026-09-05T15:41:38+00:00\",\"dateModified\":\"2026-09-05T16:04:50+00:00\",\"description\":\"Menrva \u00e9s la deessa etrusca de la saviesa, l'artesania i la guerra. Ordenaci\u00f3 religiosa i hist\u00f2rica amb mite, culte i fonts.\",\"breadcrumb\":{\"@id\":\"https:\\\/\\\/iwell-guard.com\\\/ca\\\/menrva-deessa-etrusca-saviesa-guerra\\\/#breadcrumb\"},\"inLanguage\":\"ca\",\"potentialAction\":[{\"@type\":\"ReadAction\",\"target\":[\"https:\\\/\\\/iwell-guard.com\\\/ca\\\/menrva-deessa-etrusca-saviesa-guerra\\\/\"]}]},{\"@type\":\"ImageObject\",\"inLanguage\":\"ca\",\"@id\":\"https:\\\/\\\/iwell-guard.com\\\/ca\\\/menrva-deessa-etrusca-saviesa-guerra\\\/#primaryimage\",\"url\":\"https:\\\/\\\/iwell-guard.com\\\/wp-content\\\/uploads\\\/2026\\\/05\\\/goetter_etruskisch_menrva.webp\",\"contentUrl\":\"https:\\\/\\\/iwell-guard.com\\\/wp-content\\\/uploads\\\/2026\\\/05\\\/goetter_etruskisch_menrva.webp\",\"width\":1024,\"height\":1536,\"caption\":\"D\u00e9us de la tradici\u00f3 etrusca.\"},{\"@type\":\"BreadcrumbList\",\"@id\":\"https:\\\/\\\/iwell-guard.com\\\/ca\\\/menrva-deessa-etrusca-saviesa-guerra\\\/#breadcrumb\",\"itemListElement\":[{\"@type\":\"ListItem\",\"position\":1,\"name\":\"Start\",\"item\":\"https:\\\/\\\/iwell-guard.com\\\/ca\\\/?page_id=171333\"},{\"@type\":\"ListItem\",\"position\":2,\"name\":\"Menrva &#8211; Deessa etrusca de la saviesa i de la guerra\"}]},{\"@type\":\"WebSite\",\"@id\":\"https:\\\/\\\/iwell-guard.com\\\/ca\\\/#website\",\"url\":\"https:\\\/\\\/iwell-guard.com\\\/ca\\\/\",\"name\":\"iWell Guard\",\"description\":\"Schutz vor dunklen Einfl\u00fcssen\",\"publisher\":{\"@id\":\"https:\\\/\\\/iwell-guard.com\\\/ca\\\/#organization\"},\"potentialAction\":[{\"@type\":\"SearchAction\",\"target\":{\"@type\":\"EntryPoint\",\"urlTemplate\":\"https:\\\/\\\/iwell-guard.com\\\/ca\\\/?s={search_term_string}\"},\"query-input\":{\"@type\":\"PropertyValueSpecification\",\"valueRequired\":true,\"valueName\":\"search_term_string\"}}],\"inLanguage\":\"ca\"},{\"@type\":\"Organization\",\"@id\":\"https:\\\/\\\/iwell-guard.com\\\/ca\\\/#organization\",\"name\":\"Ittermann electronic GmbH\",\"url\":\"https:\\\/\\\/iwell-guard.com\\\/ca\\\/\",\"logo\":{\"@type\":\"ImageObject\",\"inLanguage\":\"ca\",\"@id\":\"https:\\\/\\\/iwell-guard.com\\\/ca\\\/#\\\/schema\\\/logo\\\/image\\\/\",\"url\":\"https:\\\/\\\/iwell-guard.com\\\/wp-content\\\/uploads\\\/2026\\\/05\\\/Ittermann-Logo-1182x237-1.png\",\"contentUrl\":\"https:\\\/\\\/iwell-guard.com\\\/wp-content\\\/uploads\\\/2026\\\/05\\\/Ittermann-Logo-1182x237-1.png\",\"width\":1182,\"height\":237,\"caption\":\"Ittermann electronic GmbH\"},\"image\":{\"@id\":\"https:\\\/\\\/iwell-guard.com\\\/ca\\\/#\\\/schema\\\/logo\\\/image\\\/\"},\"sameAs\":[\"https:\\\/\\\/pantip.com\\\/profile\\\/9367242\",\"https:\\\/\\\/micro.blog\\\/iwellguard\",\"https:\\\/\\\/www.diggerslist.com\\\/iwellguard\\\/about\",\"https:\\\/\\\/skitterphoto.com\\\/photographers\\\/2870314\\\/iwell-guard\",\"https:\\\/\\\/iwellguard.wordpress.com\\\/2026\\\/06\\\/06\\\/iwell-guard\\\/\",\"https:\\\/\\\/hub.docker.com\\\/u\\\/iwellguard\",\"https:\\\/\\\/www.pinterest.com\\\/iwellguard\\\/\",\"https:\\\/\\\/bit.ly\\\/m\\\/iwellguard\",\"https:\\\/\\\/entre-vos-mains.alsace.eu\\\/profiles\\\/iwellguard\\\/activity\",\"https:\\\/\\\/gravatar.com\\\/reallybeded8fd34\",\"https:\\\/\\\/naijamatta.com\\\/iwellguard\",\"https:\\\/\\\/www.goodreads.com\\\/iwellguard\",\"https:\\\/\\\/profile.hatena.ne.jp\\\/iwellguard\\\/\",\"https:\\\/\\\/experiment.com\\\/users\\\/iwellguard\",\"https:\\\/\\\/wakelet.com\\\/@iWellGuard82270\",\"https:\\\/\\\/www.chordie.com\\\/forum\\\/profile.php?id=2555664\",\"https:\\\/\\\/www.instapaper.com\\\/p\\\/17757966\",\"https:\\\/\\\/www.mapleprimes.com\\\/users\\\/iwellguard\",\"https:\\\/\\\/businesslistingplus.com\\\/profile\\\/iwell-guard\\\/\",\"https:\\\/\\\/telegra.ph\\\/iWell-Guard-06-06\",\"https:\\\/\\\/pbase.com\\\/iwellguard\\\/iwellguard\",\"https:\\\/\\\/b.hatena.ne.jp\\\/iwellguard\\\/20260607#bookmark-4788405196491818882\",\"https:\\\/\\\/fliphtml5.com\\\/home\\\/iwellguard\",\"https:\\\/\\\/anyflip.com\\\/homepage\\\/cmiwl#About\",\"https:\\\/\\\/transfur.com\\\/Users\\\/iwellguard\",\"http:\\\/\\\/delphi.larsbo.org\\\/user\\\/iwellguard\",\"https:\\\/\\\/jobs.lajobsportal.org\\\/profiles\\\/8380803-iwell-guard\",\"https:\\\/\\\/md.chaosdorf.de\\\/s\\\/jfbe5SBdJD\",\"https:\\\/\\\/www.lingvolive.com\\\/en-us\\\/profile\\\/9ecaeaca-ce11-4e51-9e71-01d55e2bff36\\\/translations\",\"https:\\\/\\\/www.fitday.com\\\/fitness\\\/forums\\\/members\\\/iwellguard.html\",\"https:\\\/\\\/www.mymeetbook.com\\\/iwellguard\",\"https:\\\/\\\/pxhere.com\\\/en\\\/photographer-me\\\/5040798\",\"https:\\\/\\\/disqus.com\\\/by\\\/iwellguard\\\/about\\\/\",\"https:\\\/\\\/pastelink.net\\\/hjwciqwq\",\"https:\\\/\\\/pubhtml5.com\\\/homepage\\\/scjhn\\\/\",\"https:\\\/\\\/www.bitchute.com\\\/channel\\\/2O2eOKzNqujT\",\"https:\\\/\\\/audiomack.com\\\/iwellguard\"]},{\"@type\":\"Article\",\"@id\":\"https:\\\/\\\/iwell-guard.com\\\/ca\\\/menrva-deessa-etrusca-saviesa-guerra\\\/#article\",\"isPartOf\":{\"@id\":\"https:\\\/\\\/iwell-guard.com\\\/ca\\\/menrva-deessa-etrusca-saviesa-guerra\\\/\"},\"author\":{\"name\":\"Ralf Ittermann\",\"@id\":\"https:\\\/\\\/iwell-guard.com\\\/ca\\\/#\\\/schema\\\/person\\\/ee2a27f1cac3406c7c6fb5820cb7349f\"},\"headline\":\"Menrva &#8211; Deessa etrusca de la saviesa i de la guerra\",\"datePublished\":\"2026-09-05T15:41:38+00:00\",\"dateModified\":\"2026-09-05T16:04:50+00:00\",\"mainEntityOfPage\":{\"@id\":\"https:\\\/\\\/iwell-guard.com\\\/ca\\\/menrva-deessa-etrusca-saviesa-guerra\\\/\"},\"publisher\":{\"@id\":\"https:\\\/\\\/iwell-guard.com\\\/ca\\\/#organization\"},\"image\":{\"@id\":\"https:\\\/\\\/iwell-guard.com\\\/ca\\\/menrva-deessa-etrusca-saviesa-guerra\\\/#primaryimage\"},\"thumbnailUrl\":\"https:\\\/\\\/iwell-guard.com\\\/wp-content\\\/uploads\\\/2026\\\/05\\\/goetter_etruskisch_menrva.webp\",\"inLanguage\":\"ca\",\"description\":\"Menrva \u00e9s la deessa etrusca de la saviesa, l'artesania i la guerra. Ordenaci\u00f3 religiosa i hist\u00f2rica amb mite, culte i fonts.\"}]}<\/script>\n<!-- \/ Yoast SEO Premium plugin. -->","yoast_head_json":{"title":"Menrva - Deessa etrusca, mite i culte","description":"Menrva \u00e9s la deessa etrusca de la saviesa, l'artesania i la guerra. Ordenaci\u00f3 religiosa i hist\u00f2rica amb mite, culte i fonts.","robots":{"index":"index","follow":"follow","max-snippet":"max-snippet:-1","max-image-preview":"max-image-preview:large","max-video-preview":"max-video-preview:-1"},"canonical":"https:\/\/iwell-guard.com\/ca\/menrva-deessa-etrusca-saviesa-guerra\/","og_locale":"ca_ES","og_type":"article","og_title":"Menrva - Deessa etrusca de la saviesa i de la guerra","og_description":"Menrva \u00e9s la deessa etrusca de la saviesa, l'artesania i la guerra. Ordenaci\u00f3 religiosa i hist\u00f2rica amb mite, culte i fonts.","og_url":"https:\/\/iwell-guard.com\/ca\/menrva-deessa-etrusca-saviesa-guerra\/","og_site_name":"iWell Guard","article_modified_time":"2026-09-05T16:04:50+00:00","og_image":[{"width":1024,"height":1536,"url":"https:\/\/iwell-guard.com\/wp-content\/uploads\/2026\/05\/goetter_etruskisch_menrva.webp","type":"image\/webp"}],"twitter_card":"summary_large_image","schema":{"@context":"https:\/\/schema.org","@graph":[{"@type":"Article","@id":"https:\/\/iwell-guard.com\/ca\/menrva-deessa-etrusca-saviesa-guerra\/#article","isPartOf":{"@id":"https:\/\/iwell-guard.com\/ca\/menrva-deessa-etrusca-saviesa-guerra\/"},"author":{"name":"Ralf Ittermann","@id":"https:\/\/iwell-guard.com\/ca\/#\/schema\/person\/ee2a27f1cac3406c7c6fb5820cb7349f"},"headline":"Menrva &#8211; Deessa etrusca de la saviesa i de la guerra","datePublished":"2026-09-05T15:41:38+00:00","dateModified":"2026-09-05T16:04:50+00:00","mainEntityOfPage":{"@id":"https:\/\/iwell-guard.com\/ca\/menrva-deessa-etrusca-saviesa-guerra\/"},"publisher":{"@id":"https:\/\/iwell-guard.com\/ca\/#organization"},"image":{"@id":"https:\/\/iwell-guard.com\/ca\/menrva-deessa-etrusca-saviesa-guerra\/#primaryimage"},"thumbnailUrl":"https:\/\/iwell-guard.com\/wp-content\/uploads\/2026\/05\/goetter_etruskisch_menrva.webp","inLanguage":"ca","description":"Menrva \u00e9s la deessa etrusca de la saviesa, l'artesania i la guerra. Ordenaci\u00f3 religiosa i hist\u00f2rica amb mite, culte i fonts."},{"@type":"WebPage","@id":"https:\/\/iwell-guard.com\/ca\/menrva-deessa-etrusca-saviesa-guerra\/","url":"https:\/\/iwell-guard.com\/ca\/menrva-deessa-etrusca-saviesa-guerra\/","name":"Menrva - Deessa etrusca, mite i culte","isPartOf":{"@id":"https:\/\/iwell-guard.com\/ca\/#website"},"primaryImageOfPage":{"@id":"https:\/\/iwell-guard.com\/ca\/menrva-deessa-etrusca-saviesa-guerra\/#primaryimage"},"image":{"@id":"https:\/\/iwell-guard.com\/ca\/menrva-deessa-etrusca-saviesa-guerra\/#primaryimage"},"thumbnailUrl":"https:\/\/iwell-guard.com\/wp-content\/uploads\/2026\/05\/goetter_etruskisch_menrva.webp","datePublished":"2026-09-05T15:41:38+00:00","dateModified":"2026-09-05T16:04:50+00:00","description":"Menrva \u00e9s la deessa etrusca de la saviesa, l'artesania i la guerra. Ordenaci\u00f3 religiosa i hist\u00f2rica amb mite, culte i fonts.","breadcrumb":{"@id":"https:\/\/iwell-guard.com\/ca\/menrva-deessa-etrusca-saviesa-guerra\/#breadcrumb"},"inLanguage":"ca","potentialAction":[{"@type":"ReadAction","target":["https:\/\/iwell-guard.com\/ca\/menrva-deessa-etrusca-saviesa-guerra\/"]}]},{"@type":"ImageObject","inLanguage":"ca","@id":"https:\/\/iwell-guard.com\/ca\/menrva-deessa-etrusca-saviesa-guerra\/#primaryimage","url":"https:\/\/iwell-guard.com\/wp-content\/uploads\/2026\/05\/goetter_etruskisch_menrva.webp","contentUrl":"https:\/\/iwell-guard.com\/wp-content\/uploads\/2026\/05\/goetter_etruskisch_menrva.webp","width":1024,"height":1536,"caption":"D\u00e9us de la tradici\u00f3 etrusca."},{"@type":"BreadcrumbList","@id":"https:\/\/iwell-guard.com\/ca\/menrva-deessa-etrusca-saviesa-guerra\/#breadcrumb","itemListElement":[{"@type":"ListItem","position":1,"name":"Start","item":"https:\/\/iwell-guard.com\/ca\/?page_id=171333"},{"@type":"ListItem","position":2,"name":"Menrva &#8211; Deessa etrusca de la saviesa i de la guerra"}]},{"@type":"WebSite","@id":"https:\/\/iwell-guard.com\/ca\/#website","url":"https:\/\/iwell-guard.com\/ca\/","name":"iWell Guard","description":"Schutz vor dunklen Einfl\u00fcssen","publisher":{"@id":"https:\/\/iwell-guard.com\/ca\/#organization"},"potentialAction":[{"@type":"SearchAction","target":{"@type":"EntryPoint","urlTemplate":"https:\/\/iwell-guard.com\/ca\/?s={search_term_string}"},"query-input":{"@type":"PropertyValueSpecification","valueRequired":true,"valueName":"search_term_string"}}],"inLanguage":"ca"},{"@type":"Organization","@id":"https:\/\/iwell-guard.com\/ca\/#organization","name":"Ittermann electronic GmbH","url":"https:\/\/iwell-guard.com\/ca\/","logo":{"@type":"ImageObject","inLanguage":"ca","@id":"https:\/\/iwell-guard.com\/ca\/#\/schema\/logo\/image\/","url":"https:\/\/iwell-guard.com\/wp-content\/uploads\/2026\/05\/Ittermann-Logo-1182x237-1.png","contentUrl":"https:\/\/iwell-guard.com\/wp-content\/uploads\/2026\/05\/Ittermann-Logo-1182x237-1.png","width":1182,"height":237,"caption":"Ittermann electronic GmbH"},"image":{"@id":"https:\/\/iwell-guard.com\/ca\/#\/schema\/logo\/image\/"},"sameAs":["https:\/\/pantip.com\/profile\/9367242","https:\/\/micro.blog\/iwellguard","https:\/\/www.diggerslist.com\/iwellguard\/about","https:\/\/skitterphoto.com\/photographers\/2870314\/iwell-guard","https:\/\/iwellguard.wordpress.com\/2026\/06\/06\/iwell-guard\/","https:\/\/hub.docker.com\/u\/iwellguard","https:\/\/www.pinterest.com\/iwellguard\/","https:\/\/bit.ly\/m\/iwellguard","https:\/\/entre-vos-mains.alsace.eu\/profiles\/iwellguard\/activity","https:\/\/gravatar.com\/reallybeded8fd34","https:\/\/naijamatta.com\/iwellguard","https:\/\/www.goodreads.com\/iwellguard","https:\/\/profile.hatena.ne.jp\/iwellguard\/","https:\/\/experiment.com\/users\/iwellguard","https:\/\/wakelet.com\/@iWellGuard82270","https:\/\/www.chordie.com\/forum\/profile.php?id=2555664","https:\/\/www.instapaper.com\/p\/17757966","https:\/\/www.mapleprimes.com\/users\/iwellguard","https:\/\/businesslistingplus.com\/profile\/iwell-guard\/","https:\/\/telegra.ph\/iWell-Guard-06-06","https:\/\/pbase.com\/iwellguard\/iwellguard","https:\/\/b.hatena.ne.jp\/iwellguard\/20260607#bookmark-4788405196491818882","https:\/\/fliphtml5.com\/home\/iwellguard","https:\/\/anyflip.com\/homepage\/cmiwl#About","https:\/\/transfur.com\/Users\/iwellguard","http:\/\/delphi.larsbo.org\/user\/iwellguard","https:\/\/jobs.lajobsportal.org\/profiles\/8380803-iwell-guard","https:\/\/md.chaosdorf.de\/s\/jfbe5SBdJD","https:\/\/www.lingvolive.com\/en-us\/profile\/9ecaeaca-ce11-4e51-9e71-01d55e2bff36\/translations","https:\/\/www.fitday.com\/fitness\/forums\/members\/iwellguard.html","https:\/\/www.mymeetbook.com\/iwellguard","https:\/\/pxhere.com\/en\/photographer-me\/5040798","https:\/\/disqus.com\/by\/iwellguard\/about\/","https:\/\/pastelink.net\/hjwciqwq","https:\/\/pubhtml5.com\/homepage\/scjhn\/","https:\/\/www.bitchute.com\/channel\/2O2eOKzNqujT","https:\/\/audiomack.com\/iwellguard"]},{"@type":"Person","@id":"https:\/\/iwell-guard.com\/ca\/#\/schema\/person\/ee2a27f1cac3406c7c6fb5820cb7349f","name":"Ralf Ittermann","image":{"@type":"ImageObject","inLanguage":"ca","@id":"https:\/\/secure.gravatar.com\/avatar\/073c0153e350a5005b68eb752b445fea71f6b24a26da9449ad7e155e6b446c9d?s=96&d=mm&r=g","url":"https:\/\/secure.gravatar.com\/avatar\/073c0153e350a5005b68eb752b445fea71f6b24a26da9449ad7e155e6b446c9d?s=96&d=mm&r=g","contentUrl":"https:\/\/secure.gravatar.com\/avatar\/073c0153e350a5005b68eb752b445fea71f6b24a26da9449ad7e155e6b446c9d?s=96&d=mm&r=g","caption":"Ralf Ittermann"},"givenName":"Ralf","familyName":"Ittermann","jobTitle":"Gesch\u00e4ftsf\u00fchrer und redaktioneller Verantwortlicher","url":"https:\/\/iwell-guard.com\/ca\/author\/claude\/","description":"Ralf Ittermann ist Gesch\u00e4ftsf\u00fchrer der Ittermann electronic GmbH und redaktioneller Verantwortlicher des iWell-Guard-Lexikons. Er verbindet langj\u00e4hrige Erfahrung in der Pr\u00e4zisionsfertigung mit medialer Praxis und religionsgeschichtlicher Quellenarbeit.","worksFor":{"@type":"Organization","name":"Ittermann electronic GmbH","url":"https:\/\/ittermann.de\/","address":{"@type":"PostalAddress","streetAddress":"K\u00f6hlergasse 16-18","postalCode":"99842","addressLocality":"Ruhla","addressCountry":"DE"}},"knowsAbout":["Religionsgeschichte","Mythologie","Mediale Praxis","Energetische Diagnostik","Schutzpraxis","Volksglauben","Westliche Esoterik"]},{"@type":"Article","@id":"https:\/\/iwell-guard.com\/ca\/menrva-deessa-etrusca-saviesa-guerra\/#article","isPartOf":{"@id":"https:\/\/iwell-guard.com\/ca\/menrva-deessa-etrusca-saviesa-guerra\/"},"author":{"name":"Ralf Ittermann","@id":"https:\/\/iwell-guard.com\/ca\/#\/schema\/person\/ee2a27f1cac3406c7c6fb5820cb7349f"},"headline":"Menrva &#8211; Deessa etrusca de la saviesa i de la guerra","datePublished":"2026-09-05T15:41:38+00:00","dateModified":"2026-09-05T16:04:50+00:00","mainEntityOfPage":{"@id":"https:\/\/iwell-guard.com\/ca\/menrva-deessa-etrusca-saviesa-guerra\/"},"publisher":{"@id":"https:\/\/iwell-guard.com\/ca\/#organization"},"image":{"@id":"https:\/\/iwell-guard.com\/ca\/menrva-deessa-etrusca-saviesa-guerra\/#primaryimage"},"thumbnailUrl":"https:\/\/iwell-guard.com\/wp-content\/uploads\/2026\/05\/goetter_etruskisch_menrva.webp","inLanguage":"ca","description":"Menrva \u00e9s la deessa etrusca de la saviesa, l'artesania i la guerra. Ordenaci\u00f3 religiosa i hist\u00f2rica amb mite, culte i fonts."}]}},"_links":{"self":[{"href":"https:\/\/iwell-guard.com\/ca\/wp-json\/wp\/v2\/pages\/171703","targetHints":{"allow":["GET"]}}],"collection":[{"href":"https:\/\/iwell-guard.com\/ca\/wp-json\/wp\/v2\/pages"}],"about":[{"href":"https:\/\/iwell-guard.com\/ca\/wp-json\/wp\/v2\/types\/page"}],"author":[{"embeddable":true,"href":"https:\/\/iwell-guard.com\/ca\/wp-json\/wp\/v2\/users\/3"}],"replies":[{"embeddable":true,"href":"https:\/\/iwell-guard.com\/ca\/wp-json\/wp\/v2\/comments?post=171703"}],"version-history":[{"count":0,"href":"https:\/\/iwell-guard.com\/ca\/wp-json\/wp\/v2\/pages\/171703\/revisions"}],"wp:featuredmedia":[{"embeddable":true,"href":"https:\/\/iwell-guard.com\/ca\/wp-json\/wp\/v2\/media\/2817"}],"wp:attachment":[{"href":"https:\/\/iwell-guard.com\/ca\/wp-json\/wp\/v2\/media?parent=171703"}],"wp:term":[{"taxonomy":"category","embeddable":true,"href":"https:\/\/iwell-guard.com\/ca\/wp-json\/wp\/v2\/categories?post=171703"}],"curies":[{"name":"wp","href":"https:\/\/api.w.org\/{rel}","templated":true}]}}