{"id":171685,"date":"2026-09-05T15:41:27","date_gmt":"2026-09-05T15:41:27","guid":{"rendered":"https:\/\/iwell-guard.com\/?page_id=171685"},"modified":"2026-09-05T16:04:22","modified_gmt":"2026-09-05T16:04:22","slug":"wendigo-esperit-canibal","status":"publish","type":"page","link":"https:\/\/iwell-guard.com\/ca\/wendigo-esperit-canibal\/","title":{"rendered":"Wendigo \u2013 Esperit can\u00edbal dels pobles del bosc nord-americans"},"content":{"rendered":"\t\t<div data-elementor-type=\"wp-page\" data-elementor-id=\"171685\" class=\"elementor elementor-171685 elementor-2588 elementor-bc-flex-widget\" data-elementor-post-type=\"page\">\n\t\t\t\t<div class=\"elementor-element elementor-element-iwgw-wendigo-hero e-flex e-con-boxed e-con e-parent\" data-id=\"iwgw-wendigo-hero\" data-element_type=\"container\" data-e-type=\"container\" data-settings=\"{&quot;background_background&quot;:&quot;classic&quot;}\">\n\t\t\t\t\t<div class=\"e-con-inner\">\n\t\t<div class=\"elementor-element elementor-element-iwgw-wendigo-hl e-flex e-con-boxed e-con e-child\" data-id=\"iwgw-wendigo-hl\" data-element_type=\"container\" data-e-type=\"container\">\n\t\t\t\t\t<div class=\"e-con-inner\">\n\t\t<div class=\"elementor-element elementor-element-iwgw-wendigo-htxt e-con-full e-flex e-con e-child\" data-id=\"iwgw-wendigo-htxt\" data-element_type=\"container\" data-e-type=\"container\">\n\t\t\t\t<div class=\"elementor-element elementor-element-iwgw-wendigo-h1 elementor-widget elementor-widget-heading\" data-id=\"iwgw-wendigo-h1\" data-element_type=\"widget\" data-e-type=\"widget\" data-widget_type=\"heading.default\">\n\t\t\t\t\t<h1 class=\"elementor-heading-title elementor-size-default\">Wendigo, esperit can\u00edbal i dimoni del fred dels pobles del bosc nord-americans<\/h1>\t\t\t\t<\/div>\n\t\t\t\t<div class=\"elementor-element elementor-element-iwgw-wendigo-lead elementor-widget elementor-widget-text-editor\" data-id=\"iwgw-wendigo-lead\" data-element_type=\"widget\" data-e-type=\"widget\" data-widget_type=\"text-editor.default\">\n\t\t\t\t\t\t\t\t\t<p>Wendigo (algonqu\u00ed <em>Wiindigoo<\/em>, en diverses lleng\u00fces tamb\u00e9 Witiko, Wetiko, Windigo) \u00e9s l&#8217;esperit can\u00edbal i dimoni del fred dels pobles del bosc nord-americans, especialment dels anishinabe (ojibwa, algonquins, cree). Es compta entre els esperits malignes m\u00e9s temuts de la hist\u00f2ria religiosa americana.<\/p>\t\t\t\t\t\t\t\t<\/div>\n\t\t\t\t<\/div>\n\t\t<div class=\"elementor-element elementor-element-iwgw-wendigo-pillc e-con-full e-flex e-con e-child\" data-id=\"iwgw-wendigo-pillc\" data-element_type=\"container\" data-e-type=\"container\">\n\t\t\t\t<div class=\"elementor-element elementor-element-iwgw-wendigo-pills elementor-widget elementor-widget-html\" data-id=\"iwgw-wendigo-pills\" data-element_type=\"widget\" data-e-type=\"widget\" data-widget_type=\"html.default\">\n\t\t\t\t\t<div class=\"iwg-pill-row\"><span class=\"iwg-klasse-badge\" tabindex=\"0\" data-tooltip=\"Esperit maligne de la tradici\u00f3 nadiua americana.\">Esperit maligne<\/span><a href=\"https:\/\/iwell-guard.com\/ca\/?page_id=171662\" class=\"iwg-kultur-badge\" tabindex=\"0\" data-tooltip=\"Mitologia de la tradici\u00f3 nadiua americana.\">Nadiu americ\u00e0<\/a><span class=\"iwg-tradition-badge\" tabindex=\"0\" data-tooltip=\"Dimoni can\u00edbal.\">Dimoni can\u00edbal<\/span><\/div>\t\t\t\t<\/div>\n\t\t\t\t<\/div>\n\t\t<div class=\"elementor-element elementor-element-iwgw-wendigo-tocc e-con-full e-flex e-con e-child\" data-id=\"iwgw-wendigo-tocc\" data-element_type=\"container\" data-e-type=\"container\">\n\t\t\t\t<div class=\"elementor-element elementor-element-iwgw-wendigo-toc elementor-toc--minimized-on-tablet elementor-widget elementor-widget-table-of-contents\" data-id=\"iwgw-wendigo-toc\" data-element_type=\"widget\" data-e-type=\"widget\" data-settings=\"{&quot;headings_by_tags&quot;:[&quot;h2&quot;,&quot;h3&quot;],&quot;minimize_box&quot;:&quot;yes&quot;,&quot;marker_view&quot;:&quot;bullets&quot;,&quot;no_headings_message&quot;:&quot;No s&#039;ha trobat cap encap\\u00e7alament en aquesta p\\u00e0gina.&quot;,&quot;exclude_headings_by_selector&quot;:[],&quot;icon&quot;:{&quot;value&quot;:&quot;fas fa-circle&quot;,&quot;library&quot;:&quot;fa-solid&quot;,&quot;rendered_tag&quot;:&quot;&lt;svg class=\\&quot;e-font-icon-svg e-fas-circle\\&quot; viewBox=\\&quot;0 0 512 512\\&quot; xmlns=\\&quot;http:\\\/\\\/www.w3.org\\\/2000\\\/svg\\&quot;&gt;&lt;path d=\\&quot;M256 8C119 8 8 119 8 256s111 248 248 248 248-111 248-248S393 8 256 8z\\&quot;&gt;&lt;\\\/path&gt;&lt;\\\/svg&gt;&quot;},&quot;minimized_on&quot;:&quot;tablet&quot;,&quot;hierarchical_view&quot;:&quot;yes&quot;,&quot;min_height&quot;:{&quot;unit&quot;:&quot;px&quot;,&quot;size&quot;:&quot;&quot;,&quot;sizes&quot;:[]},&quot;min_height_tablet&quot;:{&quot;unit&quot;:&quot;px&quot;,&quot;size&quot;:&quot;&quot;,&quot;sizes&quot;:[]},&quot;min_height_mobile&quot;:{&quot;unit&quot;:&quot;px&quot;,&quot;size&quot;:&quot;&quot;,&quot;sizes&quot;:[]}}\" data-widget_type=\"table-of-contents.default\">\n\t\t\t\t\t\t\t\t\t<div class=\"elementor-toc__header\">\n\t\t\t\t\t\t<h2 class=\"elementor-toc__header-title\">\n\t\t\t\t\u00cdndex\t\t\t<\/h2>\n\t\t\t\t\t\t\t\t\t\t<div class=\"elementor-toc__toggle-button elementor-toc__toggle-button--expand\" role=\"button\" tabindex=\"0\" aria-controls=\"elementor-toc__iwgw-wendigo-toc\" aria-expanded=\"true\" aria-label=\"Open table of contents\"><svg aria-hidden=\"true\" class=\"e-font-icon-svg e-fas-chevron-down\" viewBox=\"0 0 448 512\" xmlns=\"http:\/\/www.w3.org\/2000\/svg\"><path d=\"M207.029 381.476L12.686 187.132c-9.373-9.373-9.373-24.569 0-33.941l22.667-22.667c9.357-9.357 24.522-9.375 33.901-.04L224 284.505l154.745-154.021c9.379-9.335 24.544-9.317 33.901.04l22.667 22.667c9.373 9.373 9.373 24.569 0 33.941L240.971 381.476c-9.373 9.372-24.569 9.372-33.942 0z\"><\/path><\/svg><\/div>\n\t\t\t\t<div class=\"elementor-toc__toggle-button elementor-toc__toggle-button--collapse\" role=\"button\" tabindex=\"0\" aria-controls=\"elementor-toc__iwgw-wendigo-toc\" aria-expanded=\"true\" aria-label=\"Close table of contents\"><svg aria-hidden=\"true\" class=\"e-font-icon-svg e-fas-chevron-up\" viewBox=\"0 0 448 512\" xmlns=\"http:\/\/www.w3.org\/2000\/svg\"><path d=\"M240.971 130.524l194.343 194.343c9.373 9.373 9.373 24.569 0 33.941l-22.667 22.667c-9.357 9.357-24.522 9.375-33.901.04L224 227.495 69.255 381.516c-9.379 9.335-24.544 9.317-33.901-.04l-22.667-22.667c-9.373-9.373-9.373-24.569 0-33.941L207.03 130.525c9.372-9.373 24.568-9.373 33.941-.001z\"><\/path><\/svg><\/div>\n\t\t\t\t\t<\/div>\n\t\t\t\t<div id=\"elementor-toc__iwgw-wendigo-toc\" class=\"elementor-toc__body\">\n\t\t\t<div class=\"elementor-toc__spinner-container\">\n\t\t\t\t<svg class=\"elementor-toc__spinner eicon-animation-spin e-font-icon-svg e-eicon-loading\" aria-hidden=\"true\" viewBox=\"0 0 1000 1000\" xmlns=\"http:\/\/www.w3.org\/2000\/svg\"><path d=\"M500 975V858C696 858 858 696 858 500S696 142 500 142 142 304 142 500H25C25 237 238 25 500 25S975 237 975 500 763 975 500 975Z\"><\/path><\/svg>\t\t\t<\/div>\n\t\t<\/div>\n\t\t\t\t\t\t<\/div>\n\t\t\t\t<\/div>\n\t\t\t\t\t<\/div>\n\t\t\t\t<\/div>\n\t\t<div class=\"elementor-element elementor-element-iwgw-wendigo-hr e-con-full e-flex e-con e-child\" data-id=\"iwgw-wendigo-hr\" data-element_type=\"container\" data-e-type=\"container\">\n\t\t\t\t<div class=\"elementor-element elementor-element-iwgw-wendigo-heroimg iwg-hero-image elementor-widget elementor-widget-image\" data-id=\"iwgw-wendigo-heroimg\" data-element_type=\"widget\" data-e-type=\"widget\" data-widget_type=\"image.default\">\n\t\t\t\t\t\t\t\t\t\t\t\t\t\t\t<img fetchpriority=\"high\" decoding=\"async\" width=\"683\" height=\"1024\" src=\"https:\/\/iwell-guard.com\/wp-content\/uploads\/2026\/05\/geister_native-american_wendigo-683x1024.webp\" class=\"attachment-large size-large wp-image-2701\" alt=\"Wendigo \u2013 Esperit can\u00edbal dels pobles del bosc nord-americans\" srcset=\"https:\/\/iwell-guard.com\/wp-content\/uploads\/2026\/05\/geister_native-american_wendigo-683x1024.webp 683w, https:\/\/iwell-guard.com\/wp-content\/uploads\/2026\/05\/geister_native-american_wendigo-200x300.webp 200w, https:\/\/iwell-guard.com\/wp-content\/uploads\/2026\/05\/geister_native-american_wendigo-768x1152.webp 768w, https:\/\/iwell-guard.com\/wp-content\/uploads\/2026\/05\/geister_native-american_wendigo.webp 1024w\" sizes=\"(max-width: 683px) 100vw, 683px\" \/>\t\t\t\t\t\t\t\t\t\t\t\t\t\t\t<\/div>\n\t\t\t\t<\/div>\n\t\t\t\t\t<\/div>\n\t\t\t\t<\/div>\n\t\t\t\t<section class=\"elementor-section elementor-top-section elementor-element elementor-element-sec-iwgcomp-wendigo elementor-section-boxed elementor-section-height-default elementor-section-height-default\" data-id=\"sec-iwgcomp-wendigo\" data-element_type=\"section\" data-e-type=\"section\">\n\t\t\t\t\t\t<div class=\"elementor-container elementor-column-gap-default\">\n\t\t\t\t\t<div class=\"elementor-column elementor-col-100 elementor-top-column elementor-element elementor-element-col-iwgcomp-wendigo\" data-id=\"col-iwgcomp-wendigo\" data-element_type=\"column\" data-e-type=\"column\">\n\t\t\t<div class=\"elementor-widget-wrap elementor-element-populated\">\n\t\t\t\t\t\t<div class=\"elementor-element elementor-element-iwgcomp-wendigo elementor-widget elementor-widget-text-editor\" data-id=\"iwgcomp-wendigo\" data-element_type=\"widget\" data-e-type=\"widget\" data-widget_type=\"text-editor.default\">\n\t\t\t\t\t\t\t\t\t<p>El Wendigo, com a <strong>esperit can\u00edbal algonqu\u00ed<\/strong>, \u00e9s l&#8217;encarnaci\u00f3 central de la fam, la imposici\u00f3 de l&#8217;hivern i el tab\u00fa cultural en les narracions dels parlants algonquins nord-americans.<\/p>\t\t\t\t\t\t\t\t<\/div>\n\t\t\t\t\t<\/div>\n\t\t<\/div>\n\t\t\t\t\t<\/div>\n\t\t<\/section>\n\t\t<div class=\"elementor-element elementor-element-iwgw-wendigo-s0 e-flex e-con-boxed e-con e-parent\" data-id=\"iwgw-wendigo-s0\" data-element_type=\"container\" data-e-type=\"container\">\n\t\t\t\t\t<div class=\"e-con-inner\">\n\t\t\t\t<div class=\"elementor-element elementor-element-iwgw-wendigo-s0h elementor-widget elementor-widget-heading\" data-id=\"iwgw-wendigo-s0h\" data-element_type=\"widget\" data-e-type=\"widget\" data-widget_type=\"heading.default\">\n\t\t\t\t\t<h2 class=\"elementor-heading-title elementor-size-default\">Ubicaci\u00f3 en la religi\u00f3 algonquina<\/h2>\t\t\t\t<\/div>\n\t\t<div class=\"elementor-element elementor-element-iwgw-wendigo-s0c e-con-full e-flex e-con e-child\" data-id=\"iwgw-wendigo-s0c\" data-element_type=\"container\" data-e-type=\"container\">\n\t\t\t\t<div class=\"elementor-element elementor-element-iwgw-wendigo-s0t elementor-widget elementor-widget-text-editor\" data-id=\"iwgw-wendigo-s0t\" data-element_type=\"widget\" data-e-type=\"widget\" data-widget_type=\"text-editor.default\">\n\t\t\t\t\t\t\t\t\t<p>El Wendigo pertany al <span class=\"iwg-fachbegriff\" data-tooltip=\"El conjunt de d\u00e9us d'una religi\u00f3 o cultura.\" tabindex=\"0\">pante\u00f3<\/span> d&#8217;esperits malignes dels pobles de llengua algonquina de la zona forestal nord-americana: anishinabe (ojibwa, chippewa, algonquins), cree, innu, naskapi.<\/p><p>Geogr\u00e0ficament, l&#8217;\u00e0rea de difusi\u00f3 de les narracions sobre el Wendigo s&#8217;est\u00e9n des dels Grans Llacs al sud fins a la pen\u00ednsula del Labrador al nord, i des de la costa atl\u00e0ntica a l&#8217;est fins a les Muntanyes Rocalloses a l&#8217;oest. Aix\u00ed, el Wendigo constitueix una tradici\u00f3 panalgonquina que es difon amb una consist\u00e8ncia sorprenent m\u00e9s enll\u00e0 de fronteres ling\u00fc\u00edstiques i tribals.<\/p><p>Des del punt de vista de la ci\u00e8ncia de la religi\u00f3, el Wendigo pertany a la classe dels <em>esperits can\u00edbals<\/em>, \u00e9ssers que sorgeixen del consum de carn humana o que, al seu torn, devoren \u00e9ssers humans. Comparables estructuralment s\u00f3n els \u00e9ssers kurdaitcha de l&#8217;Austr\u00e0lia aborigen, els \u00e9ssers vamp\u00edrics eslaus i del sud-est europeu, els onibaba japonesos i, amb grans difer\u00e8ncies culturals, els \u00e9ssers soucouyant del Carib.<\/p><p>La concepci\u00f3 espec\u00edfica algonquina del Wendigo combina, per\u00f2, el <span class=\"iwg-fachbegriff\" data-tooltip=\"Un element de contingut recurrent en l'art o la narraci\u00f3.\" tabindex=\"0\">motiu<\/span> can\u00edbal amb el <span class=\"iwg-fachbegriff\" data-tooltip=\"Un element de contingut recurrent en l'art o la narraci\u00f3.\" tabindex=\"0\">motiu<\/span> del fred: el Wendigo no \u00e9s nom\u00e9s un devorador d&#8217;homes, sin\u00f3 tamb\u00e9 el fred i la fam personificats.<\/p><p>Els primers registres europeus sobre el Wendigo procedeixen dels informes dels missioners jesu\u00eftes francesos de la primera meitat del segle XVII. Paul LeJeune menciona l&#8217;\u00e9sser el 1636 en les seves <em>Relations<\/em>; jesu\u00eftes posteriors n&#8217;han ofert descripcions m\u00e9s detallades.<\/p><p><span data-nosnippet>L&#8217;estudi etnogr\u00e0fic modern est\u00e0 marcat especialment pels treballs de Diamond Jenness (<em>The Ojibwa Indians<\/em>, 1935), Ruth Landes (<em>Ojibwa Religion and the Midewiwin<\/em>, 1968) i Basil Johnston (<em>The Manitous<\/em>, 1995).<\/span><\/p><p>Una observaci\u00f3 notable \u00e9s que la tradici\u00f3 del Wendigo, malgrat la seva difusi\u00f3 geogr\u00e0fica, presenta una variaci\u00f3 regional considerable en els detalls. Entre els cree i els innu, situats m\u00e9s al nord, el component de gel \u00e9s especialment pronunciat, perqu\u00e8 all\u00e0 els hiverns s\u00f3n m\u00e9s durs.<\/p><p>Entre els anishinabe m\u00e9s meridionals de la regi\u00f3 dels Grans Llacs, destaca m\u00e9s el component social: el Wendigo hi \u00e9s menys el fred personificat que l&#8217;avar\u00edcia destructiva de la comunitat personificada. Aquesta diferenciaci\u00f3 regional ha estat descrita per l&#8217;antrop\u00f2loga canadenca Heather Howard a <em>Aboriginal Peoples in Canadian Cities<\/em> (2011) com un exemple de la diversitat cultural-hist\u00f2rica de la religi\u00f3 ind\u00edgena dins d&#8217;una tradici\u00f3 aparentment unit\u00e0ria.<\/p>\t\t\t\t\t\t\t\t<\/div>\n\t\t\t\t<\/div>\n\t\t\t\t\t<\/div>\n\t\t\t\t<\/div>\n\t\t<div class=\"elementor-element elementor-element-iwgw-wendigo-s1 e-flex e-con-boxed e-con e-parent\" data-id=\"iwgw-wendigo-s1\" data-element_type=\"container\" data-e-type=\"container\">\n\t\t\t\t\t<div class=\"e-con-inner\">\n\t\t\t\t<div class=\"elementor-element elementor-element-iwgw-wendigo-s1h elementor-widget elementor-widget-heading\" data-id=\"iwgw-wendigo-s1h\" data-element_type=\"widget\" data-e-type=\"widget\" data-widget_type=\"heading.default\">\n\t\t\t\t\t<h2 class=\"elementor-heading-title elementor-size-default\">Nom i etimologia<\/h2>\t\t\t\t<\/div>\n\t\t<div class=\"elementor-element elementor-element-iwgw-wendigo-s1c e-con-full e-flex e-con e-child\" data-id=\"iwgw-wendigo-s1c\" data-element_type=\"container\" data-e-type=\"container\">\n\t\t\t\t<div class=\"elementor-element elementor-element-iwgw-wendigo-s1t elementor-widget elementor-widget-text-editor\" data-id=\"iwgw-wendigo-s1t\" data-element_type=\"widget\" data-e-type=\"widget\" data-widget_type=\"text-editor.default\">\n\t\t\t\t\t\t\t\t\t<p>El nom algonqu\u00ed varia segons la llengua. En ojibwa, l&#8217;\u00e9sser es diu <em>Wiindigoo<\/em> o <em>Windigo<\/em>; en cree, <em>Witiko<\/em> o <em>Wetiko<\/em>; en innu, <em>Atshen<\/em>; en la tradici\u00f3 dels voyageurs francocanadencs (una apropiaci\u00f3 notable de la tradici\u00f3 ind\u00edgena per part de comerciants de pells no ind\u00edgenes), <em>Wendigo<\/em>. L&#8217;escriptura est\u00e0ndard anglesa <em>Wendigo<\/em> no es va generalitzar fins al segle XIX.<\/p><p>L&#8217;etimologia no est\u00e0 clarament resolta. El ling\u00fcista canadenc Rand Valentine proposa derivar <em>wiindigoo<\/em> d&#8217;una arrel <em>wiind-<\/em> (dolent, nociu) i un sufix d&#8217;\u00e9sser <em>-igoo<\/em>, de manera que Wiindigoo significaria literalment <em>el dolent<\/em>. Una etimologia alternativa relaciona l&#8217;arrel amb el significat de <em>consumir<\/em>, d&#8217;on resultaria <em>el que consumeix<\/em>.<\/p><p>\u00c9s notable la funci\u00f3 ling\u00fc\u00edstica de la paraula <em>wiindigoo<\/em>: en la llengua ojibwa no s&#8217;utilitza nom\u00e9s com a substantiu (l&#8217;\u00e9sser Wendigo), sin\u00f3 tamb\u00e9 com a verb (<em>wiindigowin<\/em>, transformar-se en un Wendigo) i com a adjectiu (comportament de tipus wendigo). Aquest \u00fas gramatical flexible mostra la posici\u00f3 central del concepte en l&#8217;imaginari algonqu\u00ed.<\/p>\t\t\t\t\t\t\t\t<\/div>\n\t\t\t\t<\/div>\n\t\t\t\t\t<\/div>\n\t\t\t\t<\/div>\n\t\t<div class=\"elementor-element elementor-element-iwgw-wendigo-s2 e-flex e-con-boxed e-con e-parent\" data-id=\"iwgw-wendigo-s2\" data-element_type=\"container\" data-e-type=\"container\">\n\t\t\t\t\t<div class=\"e-con-inner\">\n\t\t\t\t<div class=\"elementor-element elementor-element-iwgw-wendigo-s2h elementor-widget elementor-widget-heading\" data-id=\"iwgw-wendigo-s2h\" data-element_type=\"widget\" data-e-type=\"widget\" data-widget_type=\"heading.default\">\n\t\t\t\t\t<h2 class=\"elementor-heading-title elementor-size-default\">Descripci\u00f3 i iconografia<\/h2>\t\t\t\t<\/div>\n\t\t<div class=\"elementor-element elementor-element-iwgw-wendigo-s2c e-con-full e-flex e-con e-child\" data-id=\"iwgw-wendigo-s2c\" data-element_type=\"container\" data-e-type=\"container\">\n\t\t\t\t<div class=\"elementor-element elementor-element-iwgw-wendigo-s2t elementor-widget elementor-widget-text-editor\" data-id=\"iwgw-wendigo-s2t\" data-element_type=\"widget\" data-e-type=\"widget\" data-widget_type=\"text-editor.default\">\n\t\t\t\t\t\t\t\t\t<p>En les narracions tradicionals algonquines, el Wendigo es descriu com una figura grossa, magra i esquel\u00e8tica. El seu cos \u00e9s consumit i cobert d&#8217;una pell que sobresurt dels ossos; la seva boca est\u00e0 prove\u00efda de dents llargues i esmolades, el seu al\u00e8 \u00e9s glacial i fa pudor de podridura.<\/p><p>De vegades es representa com una variant elevada del cos hum\u00e0, de diversos metres d&#8217;al\u00e7ada; de vegades, com una figura distorsionada i deshidratada amb pell de gel.<\/p><p>Caracter\u00edstica \u00e9s la connotaci\u00f3 de gel: el Wendigo sovint es descriu com format <em>de gel<\/em> o <em>travessat de gel<\/em>. El seu al\u00e8 es diu que produeix boira gelada; all\u00e0 on va, l&#8217;aire es congela. Aquest component de gel el vincula amb la dur\u00edssima tradici\u00f3 hivernal canadenca i el converteix en la percepci\u00f3 personificada del perill de l&#8217;hivern.<\/p><p>En la iconografia popular moderna, especialment a trav\u00e9s de la difusi\u00f3 del motiu del Wendigo en pel\u00b7l\u00edcules de terror i literatura fant\u00e0stica des dels anys 1980, ha sorgit una tradici\u00f3 pict\u00f2rica pr\u00f2pia que dota el Wendigo de banyes de c\u00e9rvol, cap d&#8217;animal i proporcions sobrenaturals exagerades. Aquesta tradici\u00f3 pict\u00f2rica, per\u00f2, no \u00e9s una tradici\u00f3 algonquina, sin\u00f3 una apropiaci\u00f3 popular-cultural contempor\u00e0nia que sovint \u00e9s criticada en el debat ind\u00edgena.<\/p>\t\t\t\t\t\t\t\t<\/div>\n\t\t\t\t<\/div>\n\t\t\t\t\t<\/div>\n\t\t\t\t<\/div>\n\t\t<div class=\"elementor-element elementor-element-iwgw-wendigo-s3 e-flex e-con-boxed e-con e-parent\" data-id=\"iwgw-wendigo-s3\" data-element_type=\"container\" data-e-type=\"container\">\n\t\t\t\t\t<div class=\"e-con-inner\">\n\t\t\t\t<div class=\"elementor-element elementor-element-iwgw-wendigo-s3h elementor-widget elementor-widget-heading\" data-id=\"iwgw-wendigo-s3h\" data-element_type=\"widget\" data-e-type=\"widget\" data-widget_type=\"heading.default\">\n\t\t\t\t\t<h2 class=\"elementor-heading-title elementor-size-default\">Relats mitol\u00f2gics<\/h2>\t\t\t\t<\/div>\n\t\t<div class=\"elementor-element elementor-element-iwgw-wendigo-s3c e-con-full e-flex e-con e-child\" data-id=\"iwgw-wendigo-s3c\" data-element_type=\"container\" data-e-type=\"container\">\n\t\t\t\t<div class=\"elementor-element elementor-element-iwgw-wendigo-s3t elementor-widget elementor-widget-text-editor\" data-id=\"iwgw-wendigo-s3t\" data-element_type=\"widget\" data-e-type=\"widget\" data-widget_type=\"text-editor.default\">\n\t\t\t\t\t\t\t\t\t<p>La <span class=\"iwg-fachbegriff\" data-tooltip=\"La transmissi\u00f3 de coneixements i relats a trav\u00e9s de generacions.\" tabindex=\"0\">tradici\u00f3<\/span> mitol\u00f2gica al voltant del Wendigo \u00e9s extensa i s&#8217;ha transm\u00e8s en nombroses versions. Una classe central de relats descriu com un \u00e9sser hum\u00e0 es converteix en Wendigo en menjar carn humana.<\/p><p>Aquest proc\u00e9s \u00e9s irreversible segons la creen\u00e7a algonquina: qui ha menjat carn humana un cop (per exemple en una situaci\u00f3 extrema d&#8217;emerg\u00e8ncia durant l&#8217;hivern del nord del Canad\u00e0) desenvolupa una fam insaciable de m\u00e9s carn i es converteix en un esperit can\u00edbal.<\/p><p>Una segona classe de relats descriu el <em>somni del Wendigo<\/em>: un jove o una jove somia repetidament que es converteix en Wendigo. Aquest fenomen on\u00edric es considera una crisi espiritual greu que requereix intervenci\u00f3 ritual.<\/p><p>Si els somnis no es superen, la persona que somia pot lliscar realment cap a l&#8217;estat de Wendigo, una malaltia mental que en la literatura etnopsiqui\u00e0trica s&#8217;ha descrit com <em>psicosi del Wendigo<\/em> o <em>Wiindigoo Syndrome<\/em>.<\/p><p>Una tercera classe de relats tracta de trobades amb el Wendigo a la natura salvatge. Els joves ca\u00e7adors que s&#8217;allunyen massa del grup principal poden trobar-se amb un Wendigo, generalment despr\u00e9s que caigui la nit, sovint durant els mesos hivernals amb molta neu.<\/p><p>La trobada sol ser mortal; molt poques persones en donen testimoni, i en aquests casos cal sotmetre la persona immediatament a una elaborada <span class=\"iwg-fachbegriff\" data-tooltip=\"Un acte solemne que segueix regles establertes.\" tabindex=\"0\">cerim\u00f2nia<\/span> de purificaci\u00f3 per evitar que ella mateixa es converteixi en Wendigo.<\/p><p>Una quarta classe important de relats fa refer\u00e8ncia a la <em>fam\u00edlia Wendigo<\/em>: en algunes tradicions, el Wendigo apareix formant part d&#8217;una fam\u00edlia Wendigo, amb esposa Wendigo, fills Wendigo i una fam\u00edlia Wendigo extensa.<\/p><p>Aquesta forma social del Wendigo mostra que no es tracta d&#8217;una figura terror\u00edfica solit\u00e0ria, sin\u00f3 d&#8217;un anti-m\u00f3n social propi que, segons la creen\u00e7a, porta una exist\u00e8ncia paral\u00b7lela pr\u00f2pia a les zones remotes i salvatges del nord del Canad\u00e0 i la regi\u00f3 dels Grans Llacs.<\/p><p>Aquest m\u00f3n social del Wendigo apareix als relats com un mirall grotesc de la societat humana, amb estructures similars, per\u00f2 \u00edntegrament can\u00edbal i corrupte.<\/p>\t\t\t\t\t\t\t\t<\/div>\n\t\t\t\t<\/div>\n\t\t\t\t\t<\/div>\n\t\t\t\t<\/div>\n\t\t<div class=\"elementor-element elementor-element-iwgw-wendigo-s4 e-flex e-con-boxed e-con e-parent\" data-id=\"iwgw-wendigo-s4\" data-element_type=\"container\" data-e-type=\"container\">\n\t\t\t\t\t<div class=\"e-con-inner\">\n\t\t\t\t<div class=\"elementor-element elementor-element-iwgw-wendigo-s4h elementor-widget elementor-widget-heading\" data-id=\"iwgw-wendigo-s4h\" data-element_type=\"widget\" data-e-type=\"widget\" data-widget_type=\"heading.default\">\n\t\t\t\t\t<h2 class=\"elementor-heading-title elementor-size-default\">Psicosi del Wendigo i debat etnopsiqui\u00e0tric<\/h2>\t\t\t\t<\/div>\n\t\t<div class=\"elementor-element elementor-element-iwgw-wendigo-s4c e-con-full e-flex e-con e-child\" data-id=\"iwgw-wendigo-s4c\" data-element_type=\"container\" data-e-type=\"container\">\n\t\t\t\t<div class=\"elementor-element elementor-element-iwgw-wendigo-s4t elementor-widget elementor-widget-text-editor\" data-id=\"iwgw-wendigo-s4t\" data-element_type=\"widget\" data-e-type=\"widget\" data-widget_type=\"text-editor.default\">\n\t\t\t\t\t\t\t\t\t<p>En la literatura etnopsiqui\u00e0trica, l&#8217;anomenada <em>psicosi del Wendigo<\/em> o <em>Wiindigoo Syndrome<\/em> \u00e9s un concepte molt debatut. Descriu un quadre cl\u00ednic en qu\u00e8 una persona creu que s&#8217;est\u00e0 transformant en un Wendigo, amb una fam insaciable de carn humana, amb prediccions dels seus futurs actes can\u00edbals i, en alguns casos, amb un comportament can\u00edbal real.<\/p><p><span data-nosnippet>L&#8217;estatus psiqui\u00e0tric de la psicosi del Wendigo \u00e9s controvertit. La literatura etnopsiqui\u00e0trica m\u00e9s antiga (Morton Teicher, <em>Windigo Psychosis<\/em>, 1960) va classificar el diagn\u00f2stic com una s\u00edndrome psiqui\u00e0trica espec\u00edfica d&#8217;una cultura.<\/span><\/p><p><span data-nosnippet>Estudis cr\u00edtics m\u00e9s recents, especialment els treballs de Lou Marano (<em>Windigo Psychosis: The Anatomy of an Emic-Etic Confusion<\/em>, 1982), han rebutjat el diagn\u00f2stic com una construcci\u00f3 etnogr\u00e0fica que amagaria les veritables realitats socioecon\u00f2miques de la fam hivernal al nord del Canad\u00e0.<\/span><\/p><p>La visi\u00f3 de la ci\u00e8ncia de les religions \u00e9s que la tradici\u00f3 del Wendigo \u00e9s principalment una elaboraci\u00f3 cultural de la situaci\u00f3 existencial d&#8217;emerg\u00e8ncia que suposa l&#8217;hivern del nord del Canad\u00e0.<\/p><p>En les condicions extremes en qu\u00e8 fam\u00edlies de ca\u00e7adors a\u00efllades havien de sobreviure setmanes o mesos sense subministraments, el canibalisme era una amena\u00e7a real, que no es va entendre nom\u00e9s com un problema f\u00edsic, sin\u00f3 tamb\u00e9 com un problema religi\u00f3s i espiritual. El Wendigo \u00e9s l&#8217;encarnaci\u00f3 personificada d&#8217;aquesta amena\u00e7a i, alhora, la forma ritual d&#8217;elaborar-ne la defensa.<\/p>\t\t\t\t\t\t\t\t<\/div>\n\t\t\t\t<\/div>\n\t\t\t\t\t<\/div>\n\t\t\t\t<\/div>\n\t\t<div class=\"elementor-element elementor-element-iwgw-wendigo-s5 e-flex e-con-boxed e-con e-parent\" data-id=\"iwgw-wendigo-s5\" data-element_type=\"container\" data-e-type=\"container\">\n\t\t\t\t\t<div class=\"e-con-inner\">\n\t\t\t\t<div class=\"elementor-element elementor-element-iwgw-wendigo-s5h elementor-widget elementor-widget-heading\" data-id=\"iwgw-wendigo-s5h\" data-element_type=\"widget\" data-e-type=\"widget\" data-widget_type=\"heading.default\">\n\t\t\t\t\t<h2 class=\"elementor-heading-title elementor-size-default\">Pr\u00e0ctica de protecci\u00f3 i acci\u00f3 apotropaica<\/h2>\t\t\t\t<\/div>\n\t\t<div class=\"elementor-element elementor-element-iwgw-wendigo-s5c e-con-full e-flex e-con e-child\" data-id=\"iwgw-wendigo-s5c\" data-element_type=\"container\" data-e-type=\"container\">\n\t\t\t\t<div class=\"elementor-element elementor-element-iwgw-wendigo-s5t elementor-widget elementor-widget-text-editor\" data-id=\"iwgw-wendigo-s5t\" data-element_type=\"widget\" data-e-type=\"widget\" data-widget_type=\"text-editor.default\">\n\t\t\t\t\t\t\t\t\t<p>La pr\u00e0ctica de protecci\u00f3 contra el Wendigo constitueix un \u00e0mbit important de la religi\u00f3 algonquina. Se centra en quatre \u00e0rees: evitar el canibalisme (fins i tot en situacions extremes d&#8217;emerg\u00e8ncia), la purificaci\u00f3 despr\u00e9s d&#8217;una possible contaminaci\u00f3 pel Wendigo, el reconeixement dels senyals del Wendigo en un mateix o en altres, i la mort ritual d&#8217;un Wendigo confirmat.<\/p><p>Les pr\u00e0ctiques de protecci\u00f3 concretes inclouen cremar tabac en les quatre direccions cardinals abans de qualsevol expedici\u00f3 llarga a la natura salvatge, escampar <span class=\"iwg-fachbegriff\" data-tooltip=\"Un relat transm\u00e8s amb sovint un nucli hist\u00f2ric i trets meravellosos.\" tabindex=\"0\">saviesa<\/span> de b\u00fafal i herba dol\u00e7a per la zona del campament, beure ritualment greix per enfortir la calor interior (una pr\u00e0ctica anticanibal\u00edstica concreta), i portar petits amulets protectors fets d&#8217;os o de pedra, atorgats en una visi\u00f3.<\/p><p>Una pr\u00e0ctica de protecci\u00f3 especialment impactant \u00e9s la mort ritual d&#8217;un Wendigo confirmat. Quan una persona s&#8217;havia transformat definitivament en un Wendigo, generalment reconegut pel seu comportament, les seves prediccions o els seus actes can\u00edbals, segons la tradici\u00f3 algonquina calia matar-la <span class=\"iwg-fachbegriff\" data-tooltip=\"Que pertany a un proc\u00e9s d'acci\u00f3 religiosa establert.\" tabindex=\"0\">ritualment<\/span>.<\/p><p>Aquesta mort la decidia i l&#8217;executava la comunitat de manera col\u00b7lectiva; el cos calia despr\u00e9s cremar-lo amb foc i travessar el cor amb ferro o pedra per evitar-ne el retorn. Aquesta pr\u00e0ctica ha estat documentada en diversos casos hist\u00f2rics davant les autoritats canadenques, fet que ha donat lloc a complicats conflictes juridicocolonials.<\/p><p>Dins de la religi\u00f3 Mide dels anishinabe (Midewiwin, la societat sagrada institucionalitzada dels ojibwa) hi ha procediments rituals espec\u00edfics per tractar l&#8217;amena\u00e7a del Wendigo. El sanador <em>Mide<\/em>, un iniciat d&#8217;alt grau de la societat Mide, disposa de procediments de curaci\u00f3 contra els primers senyals d&#8217;una transformaci\u00f3 en Wendigo.<\/p><p>Aquests inclouen beure greix de porc gras, fumigar amb resina d&#8217;avet, cantar rituals de can\u00e7ons especials Mide i, en casos extrems, l&#8217;expulsi\u00f3 de l&#8217;esperit Wendigo mitjan\u00e7ant una sessi\u00f3 col\u00b7lectiva de tambor. Ruth Landes va descriure sistem\u00e0ticament aquesta pr\u00e0ctica de curaci\u00f3 Mide contra el Wendigo en les seves obres etnogr\u00e0fiques.<\/p>\t\t\t\t\t\t\t\t<\/div>\n\t\t\t\t<\/div>\n\t\t\t\t\t<\/div>\n\t\t\t\t<\/div>\n\t\t<div class=\"elementor-element elementor-element-iwgw-wendigo-s6 e-flex e-con-boxed e-con e-parent\" data-id=\"iwgw-wendigo-s6\" data-element_type=\"container\" data-e-type=\"container\">\n\t\t\t\t\t<div class=\"e-con-inner\">\n\t\t\t\t<div class=\"elementor-element elementor-element-iwgw-wendigo-s6h elementor-widget elementor-widget-heading\" data-id=\"iwgw-wendigo-s6h\" data-element_type=\"widget\" data-e-type=\"widget\" data-widget_type=\"heading.default\">\n\t\t\t\t\t<h2 class=\"elementor-heading-title elementor-size-default\">Paral\u00b7lelismes en altres cultures<\/h2>\t\t\t\t<\/div>\n\t\t<div class=\"elementor-element elementor-element-iwgw-wendigo-s6c e-con-full e-flex e-con e-child\" data-id=\"iwgw-wendigo-s6c\" data-element_type=\"container\" data-e-type=\"container\">\n\t\t\t\t<div class=\"elementor-element elementor-element-iwgw-wendigo-s6t elementor-widget elementor-widget-text-editor\" data-id=\"iwgw-wendigo-s6t\" data-element_type=\"widget\" data-e-type=\"widget\" data-widget_type=\"text-editor.default\">\n\t\t\t\t\t\t\t\t\t<p>El Wendigo ha estat comparat regularment amb altres concepcions d&#8217;esperit can\u00edbal en la <span class=\"iwg-fachbegriff\" data-tooltip=\"La ci\u00e8ncia que estudia les religions de manera comparativa i sense adscripci\u00f3 de fe.\" tabindex=\"0\">hist\u00f2ria comparada de les religions<\/span>. S\u00f3n comparables estructuralment: el vampir sud-est europeu (especialment en la tradici\u00f3 s\u00e8rbia del <em>Vrykolakas<\/em>), el Were-Hyaena de l&#8217;\u00c0frica occidental, la Tlazolteotl mexicana en els seus aspectes can\u00edbals, l&#8217;Onibaba japon\u00e8s i l&#8217;Atua-Kasai polinesi.<\/p><p>Dins d&#8217;Am\u00e8rica del Nord, la tradici\u00f3 del Wendigo est\u00e0 estretament relacionada amb l&#8217;<em>Skadegamutc<\/em> dels wabanaki i amb els esperits can\u00edbals dels pobles de la costa nord-oest (com la dansa canibalesca <em>Hamatsa<\/em> dels kwakwaka&#8217;wakw). Aquesta \u00faltima resulta especialment interessant des de l&#8217;etnologia religiosa, perqu\u00e8 transforma la tradici\u00f3 de tipus wendigo en forma ritualitzada com a <span class=\"iwg-fachbegriff\" data-tooltip=\"Pas ritual pel qual alg\u00fa \u00e9s adm\u00e8s a un nou estatus o comunitat.\" tabindex=\"0\">iniciaci\u00f3<\/span>&#8211;<span class=\"iwg-fachbegriff\" data-tooltip=\"Una seq\u00fc\u00e8ncia regulada d'accions simb\u00f2liques amb significat religi\u00f3s o cultural.\" tabindex=\"0\">ritual<\/span> juvenil.<\/p><p>El debat psicoanal\u00edtic des de Jung ha interpretat el Wendigo com a expressi\u00f3 simb\u00f2lica de la part inconscient de l&#8217;ombra. El psiquiatre nord-americ\u00e0 John Mack ha descrit el Wendigo com una encarnaci\u00f3 culturalment espec\u00edfica de l&#8217;<em>agressi\u00f3 oral<\/em>. Aquestes lectures psicoanal\u00edtiques s\u00f3n cient\u00edficament controvertides, perqu\u00e8 abandonen l&#8217;especificitat historicocultural de la tradici\u00f3 algonquina a favor d&#8217;una psicologia profunda universalista.<\/p><p>Una paral\u00b7lelisme addicional apareix en la tradici\u00f3 n\u00f2rdica del <em>Trold<\/em> i el <em>Draugr<\/em>, on tamb\u00e9 es fusionen en una \u00fanica figura la for\u00e7a destructiva de l&#8217;hivern i els morts sense enterrar.<\/p><p>Aquesta converg\u00e8ncia entre cultures sub\u00e0rtiques molt distants \u00e9s interessant des de l&#8217;etnologia religiosa i suggereix que l&#8217;experi\u00e8ncia existencial de l&#8217;hivern llarg, fosc i famolenc orienta la imaginaci\u00f3 religiosa en una direcci\u00f3 determinada. Tot i aix\u00f2, la connexi\u00f3 hist\u00f2rica entre les tradicions del Wendigo algonqu\u00ed i les tradicions del Draugr n\u00f2rdic queda descartada; es tracta de desenvolupaments convergents sota condicions ecol\u00f2giques similars.<\/p>\t\t\t\t\t\t\t\t<\/div>\n\t\t\t\t<\/div>\n\t\t\t\t\t<\/div>\n\t\t\t\t<\/div>\n\t\t<div class=\"elementor-element elementor-element-iwgw-wendigo-s7 e-flex e-con-boxed e-con e-parent\" data-id=\"iwgw-wendigo-s7\" data-element_type=\"container\" data-e-type=\"container\">\n\t\t\t\t\t<div class=\"e-con-inner\">\n\t\t\t\t<div class=\"elementor-element elementor-element-iwgw-wendigo-s7h elementor-widget elementor-widget-heading\" data-id=\"iwgw-wendigo-s7h\" data-element_type=\"widget\" data-e-type=\"widget\" data-widget_type=\"heading.default\">\n\t\t\t\t\t<h2 class=\"elementor-heading-title elementor-size-default\">Recepci\u00f3 i investigaci\u00f3 actuals<\/h2>\t\t\t\t<\/div>\n\t\t<div class=\"elementor-element elementor-element-iwgw-wendigo-s7c e-con-full e-flex e-con e-child\" data-id=\"iwgw-wendigo-s7c\" data-element_type=\"container\" data-e-type=\"container\">\n\t\t\t\t<div class=\"elementor-element elementor-element-iwgw-wendigo-s7t elementor-widget elementor-widget-text-editor\" data-id=\"iwgw-wendigo-s7t\" data-element_type=\"widget\" data-e-type=\"widget\" data-widget_type=\"text-editor.default\">\n\t\t\t\t\t\t\t\t\t<p>El Wendigo \u00e9s avui una de les figures religioses amer\u00ednides m\u00e9s conegudes en la cultura popular occidental. La novel\u00b7la <em>Pet Sematary<\/em> (1983) de Stephen King, l&#8217;adaptaci\u00f3 cinematogr\u00e0fica <em>Wendigo<\/em> (2001) de Larry Fessenden i nombroses altres novel\u00b7les, pel\u00b7l\u00edcules i c\u00f2mics han dif\u00f3s \u00e0mpliament el <span class=\"iwg-fachbegriff\" data-tooltip=\"Un element tem\u00e0tic recurrent en l'art o la narrativa.\" tabindex=\"0\">motiu<\/span> del Wendigo. Aquesta difusi\u00f3 en la cultura popular, tanmateix, sovint ha desfigurat la tradici\u00f3 religiosa espec\u00edficament algonquina i l&#8217;ha redu\u00eft a una figura d&#8217;horror desarrelada.<\/p><p>En el debat acad\u00e8mic ind\u00edgena, el te\u00f2leg anishinabe Basil Johnston (<em>The Manitous<\/em>, 1995) ha defensat la tradici\u00f3 genu\u00efna del Wendigo davant l&#8217;apropiaci\u00f3 de la cultura popular. Johnston interpreta el Wendigo com una figura simb\u00f2lica de cr\u00edtica cultural: representa la for\u00e7a destructora de la comunitat que \u00e9s la cobd\u00edcia, el consum insaciable, l&#8217;egoisme. Des d&#8217;aquesta perspectiva, l&#8217;economia capitalista moderna seria una forma de domini social del Wendigo.<\/p><p>Des del punt de vista cient\u00edfic, el Wendigo constitueix un advertiment important sobre com els esperits nocius ind\u00edgenes no es poden encaixar simplement en les categories europees de <span class=\"iwg-fachbegriff\" data-tooltip=\"\u00c9sser espiritual al qual s'atribueix un efecte nociu o ambivalent.\" tabindex=\"0\">dimoni<\/span>. L&#8217;entrella\u00e7ament espec\u00edfic de canibalisme, fred, bogeria i crisi social present en el concepte del Wendigo \u00e9s una construcci\u00f3 genu\u00efnament <span class=\"iwg-fachbegriff\" data-tooltip=\"La doctrina cient\u00edfica sobre D\u00e9u i la fe d'una religi\u00f3.\" tabindex=\"0\">teol\u00f2gica<\/span> algonquina, que mereix una atenci\u00f3 pr\u00f2pia dins la hist\u00f2ria comparada de les religions.<\/p><p>La refer\u00e8ncia d&#8217;iWell Guard a la tradici\u00f3 del Wendigo descriu aquestes dades des d&#8217;una perspectiva historicoreligiosa, sense promeses d&#8217;efecte ni recomanacions espirituals. En el context lexicogr\u00e0fic pan-ind\u00edgena, el Wendigo es compta entre les figures de <a href=\"https:\/\/iwell-guard.com\/ca\/?page_id=171662\">Native American<\/a> de m\u00e0xim inter\u00e8s hist\u00f2ric.<\/p><p>Una important l\u00ednia de recerca m\u00e9s recent connecta el Wendigo amb discursos ecol\u00f2gics. L&#8217;escriptora anishinabe contempor\u00e0nia Louise Erdrich, en la seva novel\u00b7la <em>The Sentence<\/em> (2021), i l&#8217;activista amer\u00ednida Winona LaDuke, a <em>The Winona LaDuke Reader<\/em> (2002), han interpretat el Wendigo com a <span class=\"iwg-fachbegriff\" data-tooltip=\"Un signe que representa una idea o un significat.\" tabindex=\"0\">s\u00edmbol<\/span> de l&#8217;explotaci\u00f3 industrial de recursos.<\/p><p>Aquesta lectura connecta la tradici\u00f3 cl\u00e0ssica del Wendigo amb el debat clim\u00e0tic ind\u00edgena contemporani i converteix l&#8217;esperit can\u00edbal en una figura d&#8217;advertiment contra l&#8217;economia destructiva de l&#8217;era f\u00f2ssil. El Wendigo es transforma aix\u00ed d&#8217;una figura d&#8217;esperit nociu exclusivament negativa en una figura de reflexi\u00f3 cr\u00edtica sobre les tend\u00e8ncies destructives de les societats humanes.<\/p>\t\t\t\t\t\t\t\t<\/div>\n\t\t\t\t<\/div>\n\t\t\t\t\t<\/div>\n\t\t\t\t<\/div>\n\t\t<div class=\"elementor-element elementor-element-iwgw-wendigo-s8 e-flex e-con-boxed e-con e-parent\" data-id=\"iwgw-wendigo-s8\" data-element_type=\"container\" data-e-type=\"container\">\n\t\t\t\t\t<div class=\"e-con-inner\">\n\t\t\t\t<div class=\"elementor-element elementor-element-iwgw-wendigo-s8h elementor-widget elementor-widget-heading\" data-id=\"iwgw-wendigo-s8h\" data-element_type=\"widget\" data-e-type=\"widget\" data-widget_type=\"heading.default\">\n\t\t\t\t\t<h2 class=\"elementor-heading-title elementor-size-default\">Bibliografia i fonts<\/h2>\t\t\t\t<\/div>\n\t\t<div class=\"elementor-element elementor-element-iwgw-wendigo-s8c e-con-full e-flex e-con e-child\" data-id=\"iwgw-wendigo-s8c\" data-element_type=\"container\" data-e-type=\"container\">\n\t\t\t\t<div class=\"elementor-element elementor-element-iwgw-wendigo-s8t elementor-widget elementor-widget-text-editor\" data-id=\"iwgw-wendigo-s8t\" data-element_type=\"widget\" data-e-type=\"widget\" data-widget_type=\"text-editor.default\">\n\t\t\t\t\t\t\t\t\t<p>La selecci\u00f3 seg\u00fcent presenta obres centrals de la religi\u00f3 algonquina i de la recerca etnopsiqui\u00e0trica sobre la tradici\u00f3 del Wendigo.<\/p>\t\t\t\t\t\t\t\t<\/div>\n\t\t\t\t<\/div>\n\t\t\t\t\t<\/div>\n\t\t\t\t<\/div>\n\t\t<div class=\"elementor-element elementor-element-cp23d235ba e-flex e-con-boxed e-con e-parent\" data-id=\"cp23d235ba\" data-element_type=\"container\" data-e-type=\"container\">\n\t\t\t\t\t<div class=\"e-con-inner\">\n\t\t\t\t<div class=\"elementor-element elementor-element-cp2ba62cba elementor-widget elementor-widget-heading\" data-id=\"cp2ba62cba\" data-element_type=\"widget\" data-e-type=\"widget\" data-widget_type=\"heading.default\">\n\t\t\t\t\t<h2 class=\"elementor-heading-title elementor-size-default\">La documentaci\u00f3 etnogr\u00e0fica entre els grups algonquins<\/h2>\t\t\t\t<\/div>\n\t\t<div class=\"elementor-element elementor-element-cp28ccd276 e-flex e-con-boxed e-con e-child\" data-id=\"cp28ccd276\" data-element_type=\"container\" data-e-type=\"container\">\n\t\t\t\t\t<div class=\"e-con-inner\">\n\t\t\t\t<div class=\"elementor-element elementor-element-cp2c891751 elementor-widget elementor-widget-text-editor\" data-id=\"cp2c891751\" data-element_type=\"widget\" data-e-type=\"widget\" data-widget_type=\"text-editor.default\">\n\t\t\t\t\t\t\t\t\t<p>La creen\u00e7a en el Wendigo \u00e9s present entre els grups de parla algonquina de la regi\u00f3 boscosa del nord-est i de la zona sub\u00e0rtica, entre ells els Ojibwe, els Cree i els Innu.<\/p><p>L&#8217;ortografia varia considerablement, perqu\u00e8 prov\u00e9 de diferents lleng\u00fces i sistemes de transcripci\u00f3; s\u00f3n habituals, entre altres formes, <em>wiindigoo<\/em> en ojibwe i <em>witiko<\/em> en una transcripci\u00f3 propera al cree. Aquesta mateixa varietat ja mostra que no es tracta d&#8217;una figura unit\u00e0ria, sin\u00f3 d&#8217;un conjunt de creences que varien segons la regi\u00f3.<\/p><p>Les primeres refer\u00e8ncies es troben en els informes dels jesu\u00eftes del segle XVII i en els registres dels comerciants de pells. Una documentaci\u00f3 m\u00e9s sistem\u00e0tica del tema es va produir al segle XX, per exemple gr\u00e0cies a A. Irving Hallowell, que va treballar amb els Ojibwe de la regi\u00f3 del riu Berens, i a treballs sobre els Cree i els Innu.<\/p><p>En aquestes fonts, el Wendigo apareix com un \u00e9sser vinculat a l&#8217;hivern, la fam i el canibalisme. Pot tractar-se d&#8217;un \u00e9sser espiritual aut\u00f2nom o d&#8217;una persona que es transforma en aquest \u00e9sser en menjar carn humana.<\/p><p>La recerca insisteix en el fet que, en el seu context original, el Wendigo no era una simple figura de terror. Representava un perill real en un entorn on morir de fam a l&#8217;hivern era un dest\u00ed conegut, i alhora simbolitzava una prohibici\u00f3 moral.<\/p><p>Menjar carn humana es considerava la transgressi\u00f3 \u00faltima, i el Wendigo encarnava tant la temptaci\u00f3 com la conseq\u00fc\u00e8ncia d&#8217;aquesta transgressi\u00f3. Una representaci\u00f3 que el redueix a un simple monstre no fa just\u00edcia a aquesta dimensi\u00f3 social i moral.<\/p>\t\t\t\t\t\t\t\t<\/div>\n\t\t\t\t\t<\/div>\n\t\t\t\t<\/div>\n\t\t\t\t\t<\/div>\n\t\t\t\t<\/div>\n\t\t<div class=\"elementor-element elementor-element-cp27114041 e-flex e-con-boxed e-con e-parent\" data-id=\"cp27114041\" data-element_type=\"container\" data-e-type=\"container\">\n\t\t\t\t\t<div class=\"e-con-inner\">\n\t\t\t\t<div class=\"elementor-element elementor-element-cp217c0701 elementor-widget elementor-widget-heading\" data-id=\"cp217c0701\" data-element_type=\"widget\" data-e-type=\"widget\" data-widget_type=\"heading.default\">\n\t\t\t\t\t<h2 class=\"elementor-heading-title elementor-size-default\">El debat sobre l'anomenat concepte de la psicosi Windigo<\/h2>\t\t\t\t<\/div>\n\t\t<div class=\"elementor-element elementor-element-cp203ce08e e-flex e-con-boxed e-con e-child\" data-id=\"cp203ce08e\" data-element_type=\"container\" data-e-type=\"container\">\n\t\t\t\t\t<div class=\"e-con-inner\">\n\t\t\t\t<div class=\"elementor-element elementor-element-cp2971d777 elementor-widget elementor-widget-text-editor\" data-id=\"cp2971d777\" data-element_type=\"widget\" data-e-type=\"widget\" data-widget_type=\"text-editor.default\">\n\t\t\t\t\t\t\t\t\t<p>Una l\u00ednia de recerca pr\u00f2pia tracta la q\u00fcesti\u00f3 de si va existir un trastorn ps\u00edquic propi, anomenat en la literatura m\u00e9s antiga psicosi Windigo.<\/p><p>Antrop\u00f2legs de principis del segle XX descrivien aix\u00ed casos en qu\u00e8 determinades persones desenvolupaven, suposadament, un desig compulsiu de menjar carn humana i es consideraven a si mateixes Wendigo. Aquest concepte es va presentar durant molt temps com a exemple d&#8217;un trastorn lligat a una cultura concreta.<\/p><p>Des dels anys 1980, aquesta interpretaci\u00f3 ha estat q\u00fcestionada de manera fonamental. Lou Marano va exposar, en un treball molt influent, que amb prou feines es pot trobar un cas documentat que sostingui el diagn\u00f2stic.<\/p><p>Un examen detallat va mostrar que els informes conservats eren sovint relats de segona o tercera m\u00e0, morts justificades pel sospit de ser Wendigo, o b\u00e9 material interpretat des de fora. Marano va parlar d&#8217;una construcci\u00f3 de la mateixa antropologia.<\/p><p>La recerca actual veu en la psicosi Windigo, sobretot, un exemple de com es creen els mites cient\u00edfics. Els autors ind\u00edgenes han afegit que l&#8217;obsessi\u00f3 per una malaltia mental ex\u00f2tica va amagar la veritable comprensi\u00f3 del Wendigo. Des de perspectives Cree i Ojibwe, el Wendigo s&#8217;ha interpretat cada vegada m\u00e9s com una imatge de la cobd\u00edcia, l&#8217;explotaci\u00f3 i el creixement sense mesura.<\/p><p>Autors com Basil Johnston, un erudit ojibwe, han relacionat expl\u00edcitament el Wendigo amb la destrucci\u00f3 del territori i de la comunitat provocada pel consum descontrolat.<\/p><p>Aquesta lectura no \u00e9s una simple trasp\u00f2sici\u00f3 moderna, sin\u00f3 que es connecta amb el vincle original entre el Wendigo i l&#8217;egoisme desmesurat. El debat en la recerca mostra, doncs, dues coses: la fragilitat de les dades etnogr\u00e0fiques m\u00e9s antigues i la vitalitat de la figura en la reflexi\u00f3 ind\u00edgena actual.<\/p>\t\t\t\t\t\t\t\t<\/div>\n\t\t\t\t\t<\/div>\n\t\t\t\t<\/div>\n\t\t\t\t\t<\/div>\n\t\t\t\t<\/div>\n\t\t<div class=\"elementor-element elementor-element-iwgw-wendigo-lit e-flex e-con-boxed e-con e-parent\" data-id=\"iwgw-wendigo-lit\" data-element_type=\"container\" data-e-type=\"container\">\n\t\t\t\t\t<div class=\"e-con-inner\">\n\t\t\t\t<div class=\"elementor-element elementor-element-iwgw-wendigo-lith elementor-widget elementor-widget-heading\" data-id=\"iwgw-wendigo-lith\" data-element_type=\"widget\" data-e-type=\"widget\" data-widget_type=\"heading.default\">\n\t\t\t\t\t<h2 class=\"elementor-heading-title elementor-size-default\">Bibliografia (selecci\u00f3)<\/h2>\t\t\t\t<\/div>\n\t\t<div class=\"elementor-element elementor-element-iwgw-wendigo-litc e-con-full e-flex e-con e-child\" data-id=\"iwgw-wendigo-litc\" data-element_type=\"container\" data-e-type=\"container\">\n\t\t\t\t<div class=\"elementor-element elementor-element-iwgw-wendigo-litt elementor-widget elementor-widget-text-editor\" data-id=\"iwgw-wendigo-litt\" data-element_type=\"widget\" data-e-type=\"widget\" data-widget_type=\"text-editor.default\">\n\t\t\t\t\t\t\t\t\t<ul><li>Basil Johnston: <em>The Manitous<\/em> (1995)<\/li><li>Morton Teicher: <em>Windigo Psychosis<\/em> (1960)<\/li><li><span data-nosnippet>Lou Marano: <em>Windigo Psychosis: The Anatomy of an Emic-Etic Confusion<\/em> (1982)<\/span><\/li><li>Diamond Jenness: <em>The Ojibwa Indians<\/em> (1935)<\/li><li>Ruth Landes: <em>Ojibwa Religion and the Midewiwin<\/em> (1968)<\/li><li>Paul LeJeune: <em>Relations<\/em> (1636)<\/li><\/ul>\t\t\t\t\t\t\t\t<\/div>\n\t\t\t\t<\/div>\n\t\t\t\t\t<\/div>\n\t\t\t\t<\/div>\n\t\t<div class=\"elementor-element elementor-element-iwgw-wendigo-kwd e-flex e-con-boxed e-con e-parent\" data-id=\"iwgw-wendigo-kwd\" data-element_type=\"container\" data-e-type=\"container\">\n\t\t\t\t\t<div class=\"e-con-inner\">\n\t\t<div class=\"elementor-element elementor-element-iwgw-wendigo-kwdc e-con-full e-flex e-con e-child\" data-id=\"iwgw-wendigo-kwdc\" data-element_type=\"container\" data-e-type=\"container\">\n\t\t\t\t<div class=\"elementor-element elementor-element-iwgw-wendigo-kwdt elementor-widget elementor-widget-text-editor\" data-id=\"iwgw-wendigo-kwdt\" data-element_type=\"widget\" data-e-type=\"widget\" data-widget_type=\"text-editor.default\">\n\t\t\t\t\t\t\t\t\t<p><em>Termes clau relacionats: Wendigo Wiindigoo Witiko Wetiko Algonquins Ojibwe Cree Psicosi Wendigo Hamatsa.<\/em><\/p>\t\t\t\t\t\t\t\t<\/div>\n\t\t\t\t<\/div>\n\t\t\t\t\t<\/div>\n\t\t\t\t<\/div>\n\t\t<div class=\"elementor-element elementor-element-iwgw-wendigo-cc e-flex e-con-boxed e-con e-parent\" data-id=\"iwgw-wendigo-cc\" data-element_type=\"container\" data-e-type=\"container\" id=\"iwg-cc-wendigo\">\n\t\t\t\t\t<div class=\"e-con-inner\">\n\t\t<div class=\"elementor-element elementor-element-iwgw-wendigo-ccinner e-flex e-con-boxed e-con e-parent\" data-id=\"iwgw-wendigo-ccinner\" data-element_type=\"container\" data-e-type=\"container\" data-settings=\"{&quot;background_background&quot;:&quot;classic&quot;}\">\n\t\t\t\t\t<div class=\"e-con-inner\">\n\t\t\t\t<div class=\"elementor-element elementor-element-iwgw-wendigo-cch elementor-widget elementor-widget-heading\" data-id=\"iwgw-wendigo-cch\" data-element_type=\"widget\" data-e-type=\"widget\" data-widget_type=\"heading.default\">\n\t\t\t\t\t<h2 class=\"elementor-heading-title elementor-size-default\">iWell Guard i tradicions de protecci\u00f3<\/h2>\t\t\t\t<\/div>\n\t\t\t\t<div class=\"elementor-element elementor-element-iwgw-wendigo-cct elementor-widget elementor-widget-text-editor\" data-id=\"iwgw-wendigo-cct\" data-element_type=\"widget\" data-e-type=\"widget\" data-widget_type=\"text-editor.default\">\n\t\t\t\t\t\t\t\t\t<div data-nosnippet=\"true\"><p>iWell Guard s&#8217;inspira en la tradici\u00f3 cultural i hist\u00f2rica dels objectes protectors port\u00e0tils, seguint la tradici\u00f3 dels <a href=\"https:\/\/iwell-guard.com\/ca\/?page_id=171662\">Native American<\/a> i de moltes altres cultures d&#8217;arreu del m\u00f3n. 41 capes, or aut\u00e8ntic, plat\u00ed, plata, fabricat a Alemanya. Dret de devoluci\u00f3 de 30 dies.<\/p><\/div>\t\t\t\t\t\t\t\t<\/div>\n\t\t\t\t<div class=\"elementor-element elementor-element-iwgw-wendigo-ccb iwg-cc-button iwg-cc-cta-2026-05-13 elementor-widget elementor-widget-jet-button\" data-id=\"iwgw-wendigo-ccb\" data-element_type=\"widget\" data-e-type=\"widget\" data-widget_type=\"jet-button.default\">\n\t\t\t\t<div class=\"elementor-widget-container\">\n\t\t\t\t\t<div class=\"elementor-jet-button jet-elements\"><div class=\"jet-button__container\"><a class=\"jet-button__instance jet-button__instance--icon-left hover-effect-1\" href=\"\/ueber-iwell-guard\/?utm_source=iwell-guard.com&amp;utm_medium=info-box&amp;utm_campaign=wesen-tradition\"><div class=\"jet-button__plane jet-button__plane-normal\"><\/div><div class=\"jet-button__plane jet-button__plane-hover\"><\/div><div class=\"jet-button__state jet-button__state-normal\"><span class=\"jet-button__label\">M\u00e9s informaci\u00f3 sobre l'iWell Guard<\/span><\/div><div class=\"jet-button__state jet-button__state-hover\"><span class=\"jet-button__label\">M\u00e9s informaci\u00f3 sobre l'iWell Guard<\/span><\/div><\/a><\/div><\/div><style>.elementor-element.elementor-element-iwgw-wendigo-ccb .jet-button__instance{width:320px;height:56px;}.elementor-element.elementor-element-iwgw-wendigo-ccb .jet-button__state-normal .jet-button__label{text-align:center;margin:0px 0px 0px 0px;color:#1a1b20;font-family:Montserrat,sans-serif;font-size:13px;font-weight:400;letter-spacing:4px;line-height:1.714em;text-transform:uppercase;}.elementor-element.elementor-element-iwgw-wendigo-ccb .jet-button__state-hover .jet-button__label{text-align:center;margin:0px 0px 0px 0px;color:#FECC76;font-family:Montserrat,sans-serif;font-size:13px;font-weight:400;letter-spacing:4px;line-height:1.714em;text-transform:uppercase;}.elementor-element.elementor-element-iwgw-wendigo-ccb .jet-button__plane-normal{background-color:#FECC76;border-style:solid;border-color:#C99540;border-width:2px 2px 2px 2px;}.elementor-element.elementor-element-iwgw-wendigo-ccb .jet-button__plane-hover{background-color:rgba(0,0,0,0.55);border-style:solid;border-color:#FECC76;border-width:2px 2px 2px 2px;}<\/style>\t\t\t\t<\/div>\n\t\t\t\t<\/div>\n\t\t\t\t<div class=\"elementor-element elementor-element-iwgw-wendigo-ccd elementor-widget elementor-widget-text-editor\" data-id=\"iwgw-wendigo-ccd\" data-element_type=\"widget\" data-e-type=\"widget\" data-widget_type=\"text-editor.default\">\n\t\t\t\t\t\t\t\t\t<div data-nosnippet=\"true\"><p style=\"text-align:center;font-size:13px;opacity:0.7;margin-top:14px\" data-nosnippet=\"true\">Les experi\u00e8ncies personals poden variar. No \u00e9s un producte sanitari. No \u00e9s una promesa de curaci\u00f3.<\/p><\/div>\t\t\t\t\t\t\t\t<\/div>\n\t\t\t\t\t<\/div>\n\t\t\t\t<\/div>\n\t\t\t\t\t<\/div>\n\t\t\t\t<\/div>\n\t\t<div class=\"elementor-element elementor-element-iwgw-wendigo-disc e-flex e-con-boxed e-con e-parent\" data-id=\"iwgw-wendigo-disc\" data-element_type=\"container\" data-e-type=\"container\">\n\t\t\t\t\t<div class=\"e-con-inner\">\n\t\t\t\t<div class=\"elementor-element elementor-element-iwgw-wendigo-discw elementor-widget elementor-widget-html\" data-id=\"iwgw-wendigo-discw\" data-element_type=\"widget\" data-e-type=\"widget\" data-widget_type=\"html.default\">\n\t\t\t\t\t<footer data-nosnippet=\"true\" class=\"iwg-disclaimer-block\"><p data-nosnippet=\"true\">iWell Guard <strong>no \u00e9s un producte sanitari<\/strong> i no substitueix cap tractament m\u00e8dic o psicoterap\u00e8utic. Els continguts d'hist\u00f2ria de les religions s\u00f3n una classificaci\u00f3 culturohist\u00f2rica, no una recomanaci\u00f3 de pr\u00e0ctica espiritual.<\/p><\/footer>\t\t\t\t<\/div>\n\t\t\t\t\t<\/div>\n\t\t\t\t<\/div>\n\t\t\t\t<\/div>\n\t\t","protected":false},"excerpt":{"rendered":"","protected":false},"author":3,"featured_media":2701,"parent":0,"menu_order":0,"comment_status":"closed","ping_status":"closed","template":"elementor_header_footer","meta":{"_yoast_wpseo_focuskw":"Wendigo esperit can\u00edbal algonqu\u00ed","_yoast_wpseo_title":"Wendigo \u2013 Esperit can\u00edbal algonqu\u00ed","_yoast_wpseo_metadesc":"El Wendigo, esperit can\u00edbal dels pobles del bosc nord-americans, \u00e9s un esperit maligne central de la tradici\u00f3 algonquina amb un mite propi.","_yoast_wpseo_meta-robots-noindex":"","_yoast_wpseo_canonical":"","_angie_page":false,"gefaehrdungsstufe":"5","wesen_kultur":"native-american","wesen_klasse":"geister","footnotes":""},"categories":[],"class_list":["post-171685","page","type-page","status-publish","has-post-thumbnail","hentry"],"yoast_head":"<!-- This site is optimized with the Yoast SEO Premium plugin v27.7 (Yoast SEO v28.3) - https:\/\/yoast.com\/product\/yoast-seo-premium-wordpress\/ -->\n<title>Wendigo \u2013 Esperit can\u00edbal algonqu\u00ed<\/title>\n<meta name=\"description\" content=\"El Wendigo, esperit can\u00edbal dels pobles del bosc nord-americans, \u00e9s un esperit maligne central de la tradici\u00f3 algonquina amb un mite propi.\" \/>\n<meta name=\"robots\" content=\"index, follow, max-snippet:-1, max-image-preview:large, max-video-preview:-1\" \/>\n<link rel=\"canonical\" href=\"https:\/\/iwell-guard.com\/ca\/wendigo-esperit-canibal\/\" \/>\n<meta property=\"og:locale\" content=\"ca_ES\" \/>\n<meta property=\"og:type\" content=\"article\" \/>\n<meta property=\"og:title\" content=\"Wendigo \u2013 Esperit can\u00edbal dels pobles del bosc nord-americans\" \/>\n<meta property=\"og:description\" content=\"El Wendigo, esperit can\u00edbal dels pobles del bosc nord-americans, \u00e9s un esperit maligne central de la tradici\u00f3 algonquina amb un mite propi.\" \/>\n<meta property=\"og:url\" content=\"https:\/\/iwell-guard.com\/ca\/wendigo-esperit-canibal\/\" \/>\n<meta property=\"og:site_name\" content=\"iWell Guard\" \/>\n<meta property=\"article:modified_time\" content=\"2026-09-05T16:04:22+00:00\" \/>\n<meta property=\"og:image\" content=\"https:\/\/iwell-guard.com\/wp-content\/uploads\/2026\/05\/geister_native-american_wendigo.webp\" \/>\n\t<meta property=\"og:image:width\" content=\"1024\" \/>\n\t<meta property=\"og:image:height\" content=\"1536\" \/>\n\t<meta property=\"og:image:type\" content=\"image\/webp\" \/>\n<meta name=\"twitter:card\" content=\"summary_large_image\" \/>\n<script type=\"application\/ld+json\" class=\"yoast-schema-graph\">{\"@context\":\"https:\\\/\\\/schema.org\",\"@graph\":[{\"@type\":\"WebPage\",\"@id\":\"https:\\\/\\\/iwell-guard.com\\\/ca\\\/wendigo-esperit-canibal\\\/\",\"url\":\"https:\\\/\\\/iwell-guard.com\\\/ca\\\/wendigo-esperit-canibal\\\/\",\"name\":\"Wendigo \u2013 Esperit can\u00edbal algonqu\u00ed\",\"isPartOf\":{\"@id\":\"https:\\\/\\\/iwell-guard.com\\\/ca\\\/#website\"},\"primaryImageOfPage\":{\"@id\":\"https:\\\/\\\/iwell-guard.com\\\/ca\\\/wendigo-esperit-canibal\\\/#primaryimage\"},\"image\":{\"@id\":\"https:\\\/\\\/iwell-guard.com\\\/ca\\\/wendigo-esperit-canibal\\\/#primaryimage\"},\"thumbnailUrl\":\"https:\\\/\\\/iwell-guard.com\\\/wp-content\\\/uploads\\\/2026\\\/05\\\/geister_native-american_wendigo.webp\",\"datePublished\":\"2026-09-05T15:41:27+00:00\",\"dateModified\":\"2026-09-05T16:04:22+00:00\",\"description\":\"El Wendigo, esperit can\u00edbal dels pobles del bosc nord-americans, \u00e9s un esperit maligne central de la tradici\u00f3 algonquina amb un mite propi.\",\"breadcrumb\":{\"@id\":\"https:\\\/\\\/iwell-guard.com\\\/ca\\\/wendigo-esperit-canibal\\\/#breadcrumb\"},\"inLanguage\":\"ca\",\"potentialAction\":[{\"@type\":\"ReadAction\",\"target\":[\"https:\\\/\\\/iwell-guard.com\\\/ca\\\/wendigo-esperit-canibal\\\/\"]}]},{\"@type\":\"ImageObject\",\"inLanguage\":\"ca\",\"@id\":\"https:\\\/\\\/iwell-guard.com\\\/ca\\\/wendigo-esperit-canibal\\\/#primaryimage\",\"url\":\"https:\\\/\\\/iwell-guard.com\\\/wp-content\\\/uploads\\\/2026\\\/05\\\/geister_native-american_wendigo.webp\",\"contentUrl\":\"https:\\\/\\\/iwell-guard.com\\\/wp-content\\\/uploads\\\/2026\\\/05\\\/geister_native-american_wendigo.webp\",\"width\":1024,\"height\":1536,\"caption\":\"Esperits de la tradici\u00f3 nativa americana.\"},{\"@type\":\"BreadcrumbList\",\"@id\":\"https:\\\/\\\/iwell-guard.com\\\/ca\\\/wendigo-esperit-canibal\\\/#breadcrumb\",\"itemListElement\":[{\"@type\":\"ListItem\",\"position\":1,\"name\":\"Start\",\"item\":\"https:\\\/\\\/iwell-guard.com\\\/ca\\\/?page_id=171333\"},{\"@type\":\"ListItem\",\"position\":2,\"name\":\"Wendigo \u2013 Esperit can\u00edbal dels pobles del bosc nord-americans\"}]},{\"@type\":\"WebSite\",\"@id\":\"https:\\\/\\\/iwell-guard.com\\\/ca\\\/#website\",\"url\":\"https:\\\/\\\/iwell-guard.com\\\/ca\\\/\",\"name\":\"iWell Guard\",\"description\":\"Schutz vor dunklen Einfl\u00fcssen\",\"publisher\":{\"@id\":\"https:\\\/\\\/iwell-guard.com\\\/ca\\\/#organization\"},\"potentialAction\":[{\"@type\":\"SearchAction\",\"target\":{\"@type\":\"EntryPoint\",\"urlTemplate\":\"https:\\\/\\\/iwell-guard.com\\\/ca\\\/?s={search_term_string}\"},\"query-input\":{\"@type\":\"PropertyValueSpecification\",\"valueRequired\":true,\"valueName\":\"search_term_string\"}}],\"inLanguage\":\"ca\"},{\"@type\":\"Organization\",\"@id\":\"https:\\\/\\\/iwell-guard.com\\\/ca\\\/#organization\",\"name\":\"Ittermann electronic GmbH\",\"url\":\"https:\\\/\\\/iwell-guard.com\\\/ca\\\/\",\"logo\":{\"@type\":\"ImageObject\",\"inLanguage\":\"ca\",\"@id\":\"https:\\\/\\\/iwell-guard.com\\\/ca\\\/#\\\/schema\\\/logo\\\/image\\\/\",\"url\":\"https:\\\/\\\/iwell-guard.com\\\/wp-content\\\/uploads\\\/2026\\\/05\\\/Ittermann-Logo-1182x237-1.png\",\"contentUrl\":\"https:\\\/\\\/iwell-guard.com\\\/wp-content\\\/uploads\\\/2026\\\/05\\\/Ittermann-Logo-1182x237-1.png\",\"width\":1182,\"height\":237,\"caption\":\"Ittermann electronic GmbH\"},\"image\":{\"@id\":\"https:\\\/\\\/iwell-guard.com\\\/ca\\\/#\\\/schema\\\/logo\\\/image\\\/\"},\"sameAs\":[\"https:\\\/\\\/pantip.com\\\/profile\\\/9367242\",\"https:\\\/\\\/micro.blog\\\/iwellguard\",\"https:\\\/\\\/www.diggerslist.com\\\/iwellguard\\\/about\",\"https:\\\/\\\/skitterphoto.com\\\/photographers\\\/2870314\\\/iwell-guard\",\"https:\\\/\\\/iwellguard.wordpress.com\\\/2026\\\/06\\\/06\\\/iwell-guard\\\/\",\"https:\\\/\\\/hub.docker.com\\\/u\\\/iwellguard\",\"https:\\\/\\\/www.pinterest.com\\\/iwellguard\\\/\",\"https:\\\/\\\/bit.ly\\\/m\\\/iwellguard\",\"https:\\\/\\\/entre-vos-mains.alsace.eu\\\/profiles\\\/iwellguard\\\/activity\",\"https:\\\/\\\/gravatar.com\\\/reallybeded8fd34\",\"https:\\\/\\\/naijamatta.com\\\/iwellguard\",\"https:\\\/\\\/www.goodreads.com\\\/iwellguard\",\"https:\\\/\\\/profile.hatena.ne.jp\\\/iwellguard\\\/\",\"https:\\\/\\\/experiment.com\\\/users\\\/iwellguard\",\"https:\\\/\\\/wakelet.com\\\/@iWellGuard82270\",\"https:\\\/\\\/www.chordie.com\\\/forum\\\/profile.php?id=2555664\",\"https:\\\/\\\/www.instapaper.com\\\/p\\\/17757966\",\"https:\\\/\\\/www.mapleprimes.com\\\/users\\\/iwellguard\",\"https:\\\/\\\/businesslistingplus.com\\\/profile\\\/iwell-guard\\\/\",\"https:\\\/\\\/telegra.ph\\\/iWell-Guard-06-06\",\"https:\\\/\\\/pbase.com\\\/iwellguard\\\/iwellguard\",\"https:\\\/\\\/b.hatena.ne.jp\\\/iwellguard\\\/20260607#bookmark-4788405196491818882\",\"https:\\\/\\\/fliphtml5.com\\\/home\\\/iwellguard\",\"https:\\\/\\\/anyflip.com\\\/homepage\\\/cmiwl#About\",\"https:\\\/\\\/transfur.com\\\/Users\\\/iwellguard\",\"http:\\\/\\\/delphi.larsbo.org\\\/user\\\/iwellguard\",\"https:\\\/\\\/jobs.lajobsportal.org\\\/profiles\\\/8380803-iwell-guard\",\"https:\\\/\\\/md.chaosdorf.de\\\/s\\\/jfbe5SBdJD\",\"https:\\\/\\\/www.lingvolive.com\\\/en-us\\\/profile\\\/9ecaeaca-ce11-4e51-9e71-01d55e2bff36\\\/translations\",\"https:\\\/\\\/www.fitday.com\\\/fitness\\\/forums\\\/members\\\/iwellguard.html\",\"https:\\\/\\\/www.mymeetbook.com\\\/iwellguard\",\"https:\\\/\\\/pxhere.com\\\/en\\\/photographer-me\\\/5040798\",\"https:\\\/\\\/disqus.com\\\/by\\\/iwellguard\\\/about\\\/\",\"https:\\\/\\\/pastelink.net\\\/hjwciqwq\",\"https:\\\/\\\/pubhtml5.com\\\/homepage\\\/scjhn\\\/\",\"https:\\\/\\\/www.bitchute.com\\\/channel\\\/2O2eOKzNqujT\",\"https:\\\/\\\/audiomack.com\\\/iwellguard\"]},{\"@type\":\"Article\",\"@id\":\"https:\\\/\\\/iwell-guard.com\\\/ca\\\/wendigo-esperit-canibal\\\/#article\",\"isPartOf\":{\"@id\":\"https:\\\/\\\/iwell-guard.com\\\/ca\\\/wendigo-esperit-canibal\\\/\"},\"author\":{\"name\":\"Ralf Ittermann\",\"@id\":\"https:\\\/\\\/iwell-guard.com\\\/ca\\\/#\\\/schema\\\/person\\\/ee2a27f1cac3406c7c6fb5820cb7349f\"},\"headline\":\"Wendigo \u2013 Esperit can\u00edbal dels pobles del bosc nord-americans\",\"datePublished\":\"2026-09-05T15:41:27+00:00\",\"dateModified\":\"2026-09-05T16:04:22+00:00\",\"mainEntityOfPage\":{\"@id\":\"https:\\\/\\\/iwell-guard.com\\\/ca\\\/wendigo-esperit-canibal\\\/\"},\"publisher\":{\"@id\":\"https:\\\/\\\/iwell-guard.com\\\/ca\\\/#organization\"},\"image\":{\"@id\":\"https:\\\/\\\/iwell-guard.com\\\/ca\\\/wendigo-esperit-canibal\\\/#primaryimage\"},\"thumbnailUrl\":\"https:\\\/\\\/iwell-guard.com\\\/wp-content\\\/uploads\\\/2026\\\/05\\\/geister_native-american_wendigo.webp\",\"inLanguage\":\"ca\",\"description\":\"El Wendigo, esperit can\u00edbal dels pobles del bosc nord-americans, \u00e9s un esperit maligne central de la tradici\u00f3 algonquina amb un mite propi.\"}]}<\/script>\n<!-- \/ Yoast SEO Premium plugin. -->","yoast_head_json":{"title":"Wendigo \u2013 Esperit can\u00edbal algonqu\u00ed","description":"El Wendigo, esperit can\u00edbal dels pobles del bosc nord-americans, \u00e9s un esperit maligne central de la tradici\u00f3 algonquina amb un mite propi.","robots":{"index":"index","follow":"follow","max-snippet":"max-snippet:-1","max-image-preview":"max-image-preview:large","max-video-preview":"max-video-preview:-1"},"canonical":"https:\/\/iwell-guard.com\/ca\/wendigo-esperit-canibal\/","og_locale":"ca_ES","og_type":"article","og_title":"Wendigo \u2013 Esperit can\u00edbal dels pobles del bosc nord-americans","og_description":"El Wendigo, esperit can\u00edbal dels pobles del bosc nord-americans, \u00e9s un esperit maligne central de la tradici\u00f3 algonquina amb un mite propi.","og_url":"https:\/\/iwell-guard.com\/ca\/wendigo-esperit-canibal\/","og_site_name":"iWell Guard","article_modified_time":"2026-09-05T16:04:22+00:00","og_image":[{"width":1024,"height":1536,"url":"https:\/\/iwell-guard.com\/wp-content\/uploads\/2026\/05\/geister_native-american_wendigo.webp","type":"image\/webp"}],"twitter_card":"summary_large_image","schema":{"@context":"https:\/\/schema.org","@graph":[{"@type":"Article","@id":"https:\/\/iwell-guard.com\/ca\/wendigo-esperit-canibal\/#article","isPartOf":{"@id":"https:\/\/iwell-guard.com\/ca\/wendigo-esperit-canibal\/"},"author":{"name":"Ralf Ittermann","@id":"https:\/\/iwell-guard.com\/ca\/#\/schema\/person\/ee2a27f1cac3406c7c6fb5820cb7349f"},"headline":"Wendigo \u2013 Esperit can\u00edbal dels pobles del bosc nord-americans","datePublished":"2026-09-05T15:41:27+00:00","dateModified":"2026-09-05T16:04:22+00:00","mainEntityOfPage":{"@id":"https:\/\/iwell-guard.com\/ca\/wendigo-esperit-canibal\/"},"publisher":{"@id":"https:\/\/iwell-guard.com\/ca\/#organization"},"image":{"@id":"https:\/\/iwell-guard.com\/ca\/wendigo-esperit-canibal\/#primaryimage"},"thumbnailUrl":"https:\/\/iwell-guard.com\/wp-content\/uploads\/2026\/05\/geister_native-american_wendigo.webp","inLanguage":"ca","description":"El Wendigo, esperit can\u00edbal dels pobles del bosc nord-americans, \u00e9s un esperit maligne central de la tradici\u00f3 algonquina amb un mite propi."},{"@type":"WebPage","@id":"https:\/\/iwell-guard.com\/ca\/wendigo-esperit-canibal\/","url":"https:\/\/iwell-guard.com\/ca\/wendigo-esperit-canibal\/","name":"Wendigo \u2013 Esperit can\u00edbal algonqu\u00ed","isPartOf":{"@id":"https:\/\/iwell-guard.com\/ca\/#website"},"primaryImageOfPage":{"@id":"https:\/\/iwell-guard.com\/ca\/wendigo-esperit-canibal\/#primaryimage"},"image":{"@id":"https:\/\/iwell-guard.com\/ca\/wendigo-esperit-canibal\/#primaryimage"},"thumbnailUrl":"https:\/\/iwell-guard.com\/wp-content\/uploads\/2026\/05\/geister_native-american_wendigo.webp","datePublished":"2026-09-05T15:41:27+00:00","dateModified":"2026-09-05T16:04:22+00:00","description":"El Wendigo, esperit can\u00edbal dels pobles del bosc nord-americans, \u00e9s un esperit maligne central de la tradici\u00f3 algonquina amb un mite propi.","breadcrumb":{"@id":"https:\/\/iwell-guard.com\/ca\/wendigo-esperit-canibal\/#breadcrumb"},"inLanguage":"ca","potentialAction":[{"@type":"ReadAction","target":["https:\/\/iwell-guard.com\/ca\/wendigo-esperit-canibal\/"]}]},{"@type":"ImageObject","inLanguage":"ca","@id":"https:\/\/iwell-guard.com\/ca\/wendigo-esperit-canibal\/#primaryimage","url":"https:\/\/iwell-guard.com\/wp-content\/uploads\/2026\/05\/geister_native-american_wendigo.webp","contentUrl":"https:\/\/iwell-guard.com\/wp-content\/uploads\/2026\/05\/geister_native-american_wendigo.webp","width":1024,"height":1536,"caption":"Esperits de la tradici\u00f3 nativa americana."},{"@type":"BreadcrumbList","@id":"https:\/\/iwell-guard.com\/ca\/wendigo-esperit-canibal\/#breadcrumb","itemListElement":[{"@type":"ListItem","position":1,"name":"Start","item":"https:\/\/iwell-guard.com\/ca\/?page_id=171333"},{"@type":"ListItem","position":2,"name":"Wendigo \u2013 Esperit can\u00edbal dels pobles del bosc nord-americans"}]},{"@type":"WebSite","@id":"https:\/\/iwell-guard.com\/ca\/#website","url":"https:\/\/iwell-guard.com\/ca\/","name":"iWell Guard","description":"Schutz vor dunklen Einfl\u00fcssen","publisher":{"@id":"https:\/\/iwell-guard.com\/ca\/#organization"},"potentialAction":[{"@type":"SearchAction","target":{"@type":"EntryPoint","urlTemplate":"https:\/\/iwell-guard.com\/ca\/?s={search_term_string}"},"query-input":{"@type":"PropertyValueSpecification","valueRequired":true,"valueName":"search_term_string"}}],"inLanguage":"ca"},{"@type":"Organization","@id":"https:\/\/iwell-guard.com\/ca\/#organization","name":"Ittermann electronic GmbH","url":"https:\/\/iwell-guard.com\/ca\/","logo":{"@type":"ImageObject","inLanguage":"ca","@id":"https:\/\/iwell-guard.com\/ca\/#\/schema\/logo\/image\/","url":"https:\/\/iwell-guard.com\/wp-content\/uploads\/2026\/05\/Ittermann-Logo-1182x237-1.png","contentUrl":"https:\/\/iwell-guard.com\/wp-content\/uploads\/2026\/05\/Ittermann-Logo-1182x237-1.png","width":1182,"height":237,"caption":"Ittermann electronic GmbH"},"image":{"@id":"https:\/\/iwell-guard.com\/ca\/#\/schema\/logo\/image\/"},"sameAs":["https:\/\/pantip.com\/profile\/9367242","https:\/\/micro.blog\/iwellguard","https:\/\/www.diggerslist.com\/iwellguard\/about","https:\/\/skitterphoto.com\/photographers\/2870314\/iwell-guard","https:\/\/iwellguard.wordpress.com\/2026\/06\/06\/iwell-guard\/","https:\/\/hub.docker.com\/u\/iwellguard","https:\/\/www.pinterest.com\/iwellguard\/","https:\/\/bit.ly\/m\/iwellguard","https:\/\/entre-vos-mains.alsace.eu\/profiles\/iwellguard\/activity","https:\/\/gravatar.com\/reallybeded8fd34","https:\/\/naijamatta.com\/iwellguard","https:\/\/www.goodreads.com\/iwellguard","https:\/\/profile.hatena.ne.jp\/iwellguard\/","https:\/\/experiment.com\/users\/iwellguard","https:\/\/wakelet.com\/@iWellGuard82270","https:\/\/www.chordie.com\/forum\/profile.php?id=2555664","https:\/\/www.instapaper.com\/p\/17757966","https:\/\/www.mapleprimes.com\/users\/iwellguard","https:\/\/businesslistingplus.com\/profile\/iwell-guard\/","https:\/\/telegra.ph\/iWell-Guard-06-06","https:\/\/pbase.com\/iwellguard\/iwellguard","https:\/\/b.hatena.ne.jp\/iwellguard\/20260607#bookmark-4788405196491818882","https:\/\/fliphtml5.com\/home\/iwellguard","https:\/\/anyflip.com\/homepage\/cmiwl#About","https:\/\/transfur.com\/Users\/iwellguard","http:\/\/delphi.larsbo.org\/user\/iwellguard","https:\/\/jobs.lajobsportal.org\/profiles\/8380803-iwell-guard","https:\/\/md.chaosdorf.de\/s\/jfbe5SBdJD","https:\/\/www.lingvolive.com\/en-us\/profile\/9ecaeaca-ce11-4e51-9e71-01d55e2bff36\/translations","https:\/\/www.fitday.com\/fitness\/forums\/members\/iwellguard.html","https:\/\/www.mymeetbook.com\/iwellguard","https:\/\/pxhere.com\/en\/photographer-me\/5040798","https:\/\/disqus.com\/by\/iwellguard\/about\/","https:\/\/pastelink.net\/hjwciqwq","https:\/\/pubhtml5.com\/homepage\/scjhn\/","https:\/\/www.bitchute.com\/channel\/2O2eOKzNqujT","https:\/\/audiomack.com\/iwellguard"]},{"@type":"Person","@id":"https:\/\/iwell-guard.com\/ca\/#\/schema\/person\/ee2a27f1cac3406c7c6fb5820cb7349f","name":"Ralf Ittermann","image":{"@type":"ImageObject","inLanguage":"ca","@id":"https:\/\/secure.gravatar.com\/avatar\/073c0153e350a5005b68eb752b445fea71f6b24a26da9449ad7e155e6b446c9d?s=96&d=mm&r=g","url":"https:\/\/secure.gravatar.com\/avatar\/073c0153e350a5005b68eb752b445fea71f6b24a26da9449ad7e155e6b446c9d?s=96&d=mm&r=g","contentUrl":"https:\/\/secure.gravatar.com\/avatar\/073c0153e350a5005b68eb752b445fea71f6b24a26da9449ad7e155e6b446c9d?s=96&d=mm&r=g","caption":"Ralf Ittermann"},"givenName":"Ralf","familyName":"Ittermann","jobTitle":"Gesch\u00e4ftsf\u00fchrer und redaktioneller Verantwortlicher","url":"https:\/\/iwell-guard.com\/ca\/author\/claude\/","description":"Ralf Ittermann ist Gesch\u00e4ftsf\u00fchrer der Ittermann electronic GmbH und redaktioneller Verantwortlicher des iWell-Guard-Lexikons. Er verbindet langj\u00e4hrige Erfahrung in der Pr\u00e4zisionsfertigung mit medialer Praxis und religionsgeschichtlicher Quellenarbeit.","worksFor":{"@type":"Organization","name":"Ittermann electronic GmbH","url":"https:\/\/ittermann.de\/","address":{"@type":"PostalAddress","streetAddress":"K\u00f6hlergasse 16-18","postalCode":"99842","addressLocality":"Ruhla","addressCountry":"DE"}},"knowsAbout":["Religionsgeschichte","Mythologie","Mediale Praxis","Energetische Diagnostik","Schutzpraxis","Volksglauben","Westliche Esoterik"]},{"@type":"Article","@id":"https:\/\/iwell-guard.com\/ca\/wendigo-esperit-canibal\/#article","isPartOf":{"@id":"https:\/\/iwell-guard.com\/ca\/wendigo-esperit-canibal\/"},"author":{"name":"Ralf Ittermann","@id":"https:\/\/iwell-guard.com\/ca\/#\/schema\/person\/ee2a27f1cac3406c7c6fb5820cb7349f"},"headline":"Wendigo \u2013 Esperit can\u00edbal dels pobles del bosc nord-americans","datePublished":"2026-09-05T15:41:27+00:00","dateModified":"2026-09-05T16:04:22+00:00","mainEntityOfPage":{"@id":"https:\/\/iwell-guard.com\/ca\/wendigo-esperit-canibal\/"},"publisher":{"@id":"https:\/\/iwell-guard.com\/ca\/#organization"},"image":{"@id":"https:\/\/iwell-guard.com\/ca\/wendigo-esperit-canibal\/#primaryimage"},"thumbnailUrl":"https:\/\/iwell-guard.com\/wp-content\/uploads\/2026\/05\/geister_native-american_wendigo.webp","inLanguage":"ca","description":"El Wendigo, esperit can\u00edbal dels pobles del bosc nord-americans, \u00e9s un esperit maligne central de la tradici\u00f3 algonquina amb un mite propi."}]}},"_links":{"self":[{"href":"https:\/\/iwell-guard.com\/ca\/wp-json\/wp\/v2\/pages\/171685","targetHints":{"allow":["GET"]}}],"collection":[{"href":"https:\/\/iwell-guard.com\/ca\/wp-json\/wp\/v2\/pages"}],"about":[{"href":"https:\/\/iwell-guard.com\/ca\/wp-json\/wp\/v2\/types\/page"}],"author":[{"embeddable":true,"href":"https:\/\/iwell-guard.com\/ca\/wp-json\/wp\/v2\/users\/3"}],"replies":[{"embeddable":true,"href":"https:\/\/iwell-guard.com\/ca\/wp-json\/wp\/v2\/comments?post=171685"}],"version-history":[{"count":0,"href":"https:\/\/iwell-guard.com\/ca\/wp-json\/wp\/v2\/pages\/171685\/revisions"}],"wp:featuredmedia":[{"embeddable":true,"href":"https:\/\/iwell-guard.com\/ca\/wp-json\/wp\/v2\/media\/2701"}],"wp:attachment":[{"href":"https:\/\/iwell-guard.com\/ca\/wp-json\/wp\/v2\/media?parent=171685"}],"wp:term":[{"taxonomy":"category","embeddable":true,"href":"https:\/\/iwell-guard.com\/ca\/wp-json\/wp\/v2\/categories?post=171685"}],"curies":[{"name":"wp","href":"https:\/\/api.w.org\/{rel}","templated":true}]}}