{"id":171675,"date":"2026-09-05T15:41:22","date_gmt":"2026-09-05T15:41:22","guid":{"rendered":"https:\/\/iwell-guard.com\/?page_id=171675"},"modified":"2026-09-05T16:04:08","modified_gmt":"2026-09-05T16:04:08","slug":"pachakamak-deu-oracular-andes","status":"publish","type":"page","link":"https:\/\/iwell-guard.com\/ca\/pachakamak-deu-oracular-andes\/","title":{"rendered":"Pachakamak \u2013 D\u00e9u oracular dels Andes"},"content":{"rendered":"\t\t<div data-elementor-type=\"wp-page\" data-elementor-id=\"171675\" class=\"elementor elementor-171675 elementor-2578 elementor-bc-flex-widget\" data-elementor-post-type=\"page\">\n\t\t\t\t<div class=\"elementor-element elementor-element-iwgw-pachakamak-hero e-flex e-con-boxed e-con e-parent\" data-id=\"iwgw-pachakamak-hero\" data-element_type=\"container\" data-e-type=\"container\" data-settings=\"{&quot;background_background&quot;:&quot;classic&quot;}\">\n\t\t\t\t\t<div class=\"e-con-inner\">\n\t\t<div class=\"elementor-element elementor-element-iwgw-pachakamak-hl e-flex e-con-boxed e-con e-child\" data-id=\"iwgw-pachakamak-hl\" data-element_type=\"container\" data-e-type=\"container\">\n\t\t\t\t\t<div class=\"e-con-inner\">\n\t\t<div class=\"elementor-element elementor-element-iwgw-pachakamak-htxt e-con-full e-flex e-con e-child\" data-id=\"iwgw-pachakamak-htxt\" data-element_type=\"container\" data-e-type=\"container\">\n\t\t\t\t<div class=\"elementor-element elementor-element-iwgw-pachakamak-h1 elementor-widget elementor-widget-heading\" data-id=\"iwgw-pachakamak-h1\" data-element_type=\"widget\" data-e-type=\"widget\" data-widget_type=\"heading.default\">\n\t\t\t\t\t<h1 class=\"elementor-heading-title elementor-size-default\">Pachakamak, d\u00e9u creador i oracular de la costa pac\u00edfica dels Andes centrals<\/h1>\t\t\t\t<\/div>\n\t\t\t\t<div class=\"elementor-element elementor-element-iwgw-pachakamak-lead elementor-widget elementor-widget-text-editor\" data-id=\"iwgw-pachakamak-lead\" data-element_type=\"widget\" data-e-type=\"widget\" data-widget_type=\"text-editor.default\">\n\t\t\t\t\t\t\t\t\t<p>Pachakamak (en qu\u00edtxua <em>Pacha Kamaq<\/em>, animador del m\u00f3n, guardi\u00e0 del m\u00f3n) \u00e9s el d\u00e9u suprem de la costa pac\u00edfica dels Andes centrals i patr\u00f3 del lloc de pelegrinatge preshispanic m\u00e9s important dels Andes. El seu <span class=\"iwg-fachbegriff\" data-tooltip=\"Una construcci\u00f3 dedicada al culte d'una o m\u00e9s divinitats.\" tabindex=\"0\">temple<\/span>, situat al sud de l&#8217;actual Lima, va ser durant segles un centre oracular interregional. Com a d\u00e9u creador i oracular, Pachakamak va marcar l&#8217;ordre religi\u00f3s de la costa pac\u00edfica dels Andes centrals.<\/p>\t\t\t\t\t\t\t\t<\/div>\n\t\t\t\t<\/div>\n\t\t<div class=\"elementor-element elementor-element-iwgw-pachakamak-pillc e-con-full e-flex e-con e-child\" data-id=\"iwgw-pachakamak-pillc\" data-element_type=\"container\" data-e-type=\"container\">\n\t\t\t\t<div class=\"elementor-element elementor-element-iwgw-pachakamak-pills elementor-widget elementor-widget-html\" data-id=\"iwgw-pachakamak-pills\" data-element_type=\"widget\" data-e-type=\"widget\" data-widget_type=\"html.default\">\n\t\t\t\t\t<div class=\"iwg-pill-row\"><span class=\"iwg-klasse-badge\" tabindex=\"0\" data-tooltip=\"D\u00e9u de la tradici\u00f3 andina \/ inca.\">D\u00e9u<\/span><a href=\"https:\/\/iwell-guard.com\/ca\/?page_id=171661\" class=\"iwg-kultur-badge\" tabindex=\"0\" data-tooltip=\"Mitologia de la tradici\u00f3 andina \/ inca.\">Andes \/ Inca<\/a><span class=\"iwg-tradition-badge\" tabindex=\"0\" data-tooltip=\"Alta divinitat oracular.\">Alta divinitat oracular<\/span><\/div>\t\t\t\t<\/div>\n\t\t\t\t<\/div>\n\t\t<div class=\"elementor-element elementor-element-iwgw-pachakamak-tocc e-con-full e-flex e-con e-child\" data-id=\"iwgw-pachakamak-tocc\" data-element_type=\"container\" data-e-type=\"container\">\n\t\t\t\t<div class=\"elementor-element elementor-element-iwgw-pachakamak-toc elementor-toc--minimized-on-tablet elementor-widget elementor-widget-table-of-contents\" data-id=\"iwgw-pachakamak-toc\" data-element_type=\"widget\" data-e-type=\"widget\" data-settings=\"{&quot;headings_by_tags&quot;:[&quot;h2&quot;,&quot;h3&quot;],&quot;minimize_box&quot;:&quot;yes&quot;,&quot;marker_view&quot;:&quot;bullets&quot;,&quot;no_headings_message&quot;:&quot;No s&#039;ha trobat cap encap\\u00e7alament en aquesta p\\u00e0gina.&quot;,&quot;exclude_headings_by_selector&quot;:[],&quot;icon&quot;:{&quot;value&quot;:&quot;fas fa-circle&quot;,&quot;library&quot;:&quot;fa-solid&quot;,&quot;rendered_tag&quot;:&quot;&lt;svg class=\\&quot;e-font-icon-svg e-fas-circle\\&quot; viewBox=\\&quot;0 0 512 512\\&quot; xmlns=\\&quot;http:\\\/\\\/www.w3.org\\\/2000\\\/svg\\&quot;&gt;&lt;path d=\\&quot;M256 8C119 8 8 119 8 256s111 248 248 248 248-111 248-248S393 8 256 8z\\&quot;&gt;&lt;\\\/path&gt;&lt;\\\/svg&gt;&quot;},&quot;minimized_on&quot;:&quot;tablet&quot;,&quot;hierarchical_view&quot;:&quot;yes&quot;,&quot;min_height&quot;:{&quot;unit&quot;:&quot;px&quot;,&quot;size&quot;:&quot;&quot;,&quot;sizes&quot;:[]},&quot;min_height_tablet&quot;:{&quot;unit&quot;:&quot;px&quot;,&quot;size&quot;:&quot;&quot;,&quot;sizes&quot;:[]},&quot;min_height_mobile&quot;:{&quot;unit&quot;:&quot;px&quot;,&quot;size&quot;:&quot;&quot;,&quot;sizes&quot;:[]}}\" data-widget_type=\"table-of-contents.default\">\n\t\t\t\t\t\t\t\t\t<div class=\"elementor-toc__header\">\n\t\t\t\t\t\t<h2 class=\"elementor-toc__header-title\">\n\t\t\t\t\u00cdndex\t\t\t<\/h2>\n\t\t\t\t\t\t\t\t\t\t<div class=\"elementor-toc__toggle-button elementor-toc__toggle-button--expand\" role=\"button\" tabindex=\"0\" aria-controls=\"elementor-toc__iwgw-pachakamak-toc\" aria-expanded=\"true\" aria-label=\"Open table of contents\"><svg aria-hidden=\"true\" class=\"e-font-icon-svg e-fas-chevron-down\" viewBox=\"0 0 448 512\" xmlns=\"http:\/\/www.w3.org\/2000\/svg\"><path d=\"M207.029 381.476L12.686 187.132c-9.373-9.373-9.373-24.569 0-33.941l22.667-22.667c9.357-9.357 24.522-9.375 33.901-.04L224 284.505l154.745-154.021c9.379-9.335 24.544-9.317 33.901.04l22.667 22.667c9.373 9.373 9.373 24.569 0 33.941L240.971 381.476c-9.373 9.372-24.569 9.372-33.942 0z\"><\/path><\/svg><\/div>\n\t\t\t\t<div class=\"elementor-toc__toggle-button elementor-toc__toggle-button--collapse\" role=\"button\" tabindex=\"0\" aria-controls=\"elementor-toc__iwgw-pachakamak-toc\" aria-expanded=\"true\" aria-label=\"Close table of contents\"><svg aria-hidden=\"true\" class=\"e-font-icon-svg e-fas-chevron-up\" viewBox=\"0 0 448 512\" xmlns=\"http:\/\/www.w3.org\/2000\/svg\"><path d=\"M240.971 130.524l194.343 194.343c9.373 9.373 9.373 24.569 0 33.941l-22.667 22.667c-9.357 9.357-24.522 9.375-33.901.04L224 227.495 69.255 381.516c-9.379 9.335-24.544 9.317-33.901-.04l-22.667-22.667c-9.373-9.373-9.373-24.569 0-33.941L207.03 130.525c9.372-9.373 24.568-9.373 33.941-.001z\"><\/path><\/svg><\/div>\n\t\t\t\t\t<\/div>\n\t\t\t\t<div id=\"elementor-toc__iwgw-pachakamak-toc\" class=\"elementor-toc__body\">\n\t\t\t<div class=\"elementor-toc__spinner-container\">\n\t\t\t\t<svg class=\"elementor-toc__spinner eicon-animation-spin e-font-icon-svg e-eicon-loading\" aria-hidden=\"true\" viewBox=\"0 0 1000 1000\" xmlns=\"http:\/\/www.w3.org\/2000\/svg\"><path d=\"M500 975V858C696 858 858 696 858 500S696 142 500 142 142 304 142 500H25C25 237 238 25 500 25S975 237 975 500 763 975 500 975Z\"><\/path><\/svg>\t\t\t<\/div>\n\t\t<\/div>\n\t\t\t\t\t\t<\/div>\n\t\t\t\t<\/div>\n\t\t\t\t\t<\/div>\n\t\t\t\t<\/div>\n\t\t<div class=\"elementor-element elementor-element-iwgw-pachakamak-hr e-con-full e-flex e-con e-child\" data-id=\"iwgw-pachakamak-hr\" data-element_type=\"container\" data-e-type=\"container\">\n\t\t\t\t<div class=\"elementor-element elementor-element-iwgw-pachakamak-heroimg iwg-hero-image elementor-widget elementor-widget-image\" data-id=\"iwgw-pachakamak-heroimg\" data-element_type=\"widget\" data-e-type=\"widget\" data-widget_type=\"image.default\">\n\t\t\t\t\t\t\t\t\t\t\t\t\t\t\t<img fetchpriority=\"high\" decoding=\"async\" width=\"683\" height=\"1024\" src=\"https:\/\/iwell-guard.com\/wp-content\/uploads\/2026\/05\/goetter_anden-inka_pachakamak-683x1024.webp\" class=\"attachment-large size-large wp-image-2681\" alt=\"Pachakamak \u2013 D\u00e9u oracular dels Andes\" srcset=\"https:\/\/iwell-guard.com\/wp-content\/uploads\/2026\/05\/goetter_anden-inka_pachakamak-683x1024.webp 683w, https:\/\/iwell-guard.com\/wp-content\/uploads\/2026\/05\/goetter_anden-inka_pachakamak-200x300.webp 200w, https:\/\/iwell-guard.com\/wp-content\/uploads\/2026\/05\/goetter_anden-inka_pachakamak-768x1152.webp 768w, https:\/\/iwell-guard.com\/wp-content\/uploads\/2026\/05\/goetter_anden-inka_pachakamak.webp 1024w\" sizes=\"(max-width: 683px) 100vw, 683px\" \/>\t\t\t\t\t\t\t\t\t\t\t\t\t\t\t<\/div>\n\t\t\t\t<\/div>\n\t\t\t\t\t<\/div>\n\t\t\t\t<\/div>\n\t\t<div class=\"elementor-element elementor-element-iwgw-pachakamak-s0 e-flex e-con-boxed e-con e-parent\" data-id=\"iwgw-pachakamak-s0\" data-element_type=\"container\" data-e-type=\"container\">\n\t\t\t\t\t<div class=\"e-con-inner\">\n\t\t\t\t<div class=\"elementor-element elementor-element-iwgw-pachakamak-s0h elementor-widget elementor-widget-heading\" data-id=\"iwgw-pachakamak-s0h\" data-element_type=\"widget\" data-e-type=\"widget\" data-widget_type=\"heading.default\">\n\t\t\t\t\t<h2 class=\"elementor-heading-title elementor-size-default\">Ubicaci\u00f3 en el pante\u00f3 and\u00ed<\/h2>\t\t\t\t<\/div>\n\t\t<div class=\"elementor-element elementor-element-iwgw-pachakamak-s0c e-con-full e-flex e-con e-child\" data-id=\"iwgw-pachakamak-s0c\" data-element_type=\"container\" data-e-type=\"container\">\n\t\t\t\t<div class=\"elementor-element elementor-element-iwgw-pachakamak-s0t elementor-widget elementor-widget-text-editor\" data-id=\"iwgw-pachakamak-s0t\" data-element_type=\"widget\" data-e-type=\"widget\" data-widget_type=\"text-editor.default\">\n\t\t\t\t\t\t\t\t\t<p>Pachakamak \u00e9s la divinitat suprema central de la regi\u00f3 de Lima i de la costa pac\u00edfica dels Andes centrals, la hist\u00f2ria del qual de veneraci\u00f3 \u00e9s anterior a l&#8217;Imperi inca.<\/p><p>El seu santuari principal, el monumental complex d&#8217;adob de Pachacamac (avui zona arqueol\u00f2gica al sud de Lima), ja existia en la cultura Lima (ca. 200, 700 dC), va ser ampliat despr\u00e9s durant la fase Wari (700, 1000), est\u00e8s en la fase Ychsma (1100, 1470) i finalment integrat pels inques dins de l&#8217;Imperi, sense que aix\u00f2 li fes perdre el seu car\u00e0cter propi.<\/p><p>Els cronistes espanyols, encap\u00e7alats per Miguel de Estete, que el 1533 va visitar el <span class=\"iwg-fachbegriff\" data-tooltip=\"Un edifici destinat a la veneraci\u00f3 d'una o diverses divinitats.\" tabindex=\"0\">temple<\/span> juntament amb Hernando Pizarro i el va saquejar, descriuen Pachakamak com <em>tan grande templo y tan reverenciado<\/em>, el santuari m\u00e9s gran i m\u00e9s venerat dels Andes.<\/p><p>El seu <span class=\"iwg-fachbegriff\" data-tooltip=\"Un lloc o instituci\u00f3 on es demana un veredicte div\u00ed.\" tabindex=\"0\">oracle<\/span> era fam\u00f3s a tot l&#8217;Imperi inca i fins i tot va ser consultat pel sobir\u00e0 inca Huayna C\u00e1pac. La classificaci\u00f3 de Pachakamak dins de la ci\u00e8ncia de la religi\u00f3 com a <em>santuari oracular panand\u00ed<\/em> va ser desenvolupada sistem\u00e0ticament per Maria Rostworowski en la seva obra de refer\u00e8ncia <em>Pachacamac y el Se\u00f1or de los Milagros<\/em> (1992).<\/p><p>Pachakamak es troba en una complexa relaci\u00f3 teol\u00f2gica amb <a href=\"https:\/\/iwell-guard.com\/ca\/?page_id=171673\">Viracocha<\/a>: en algunes fonts se&#8217;ls identifica com la mateixa entitat, en d&#8217;altres es presenten com a emparentats, per exemple com a pare i fill, o com a doble aspecte d&#8217;un \u00e9sser superior.<\/p><p>Aquesta relaci\u00f3 reflecteix el fet que els inques van haver d&#8217;integrar la <span class=\"iwg-fachbegriff\" data-tooltip=\"La doctrina cient\u00edfica sobre d\u00e9u i la fe d'una religi\u00f3.\" tabindex=\"0\">teologia<\/span> costanera m\u00e9s antiga de Pachakamak dins la seva pr\u00f2pia <span class=\"iwg-fachbegriff\" data-tooltip=\"La doctrina cient\u00edfica sobre d\u00e9u i la fe d'una religi\u00f3.\" tabindex=\"0\">teologia<\/span> de l&#8217;altipl\u00e0, sense dissoldre-la del tot.<\/p><p>La religi\u00f3 de la regi\u00f3 de Lima tenia, abans de la conquesta inca, una identitat pr\u00f2pia en la qual Pachakamak era el d\u00e9u suprem m\u00e9s poder\u00f3s, encara que no l&#8217;\u00fanic. Al seu costat es veneraven santuaris locals huaca i divinitats preincaiques com <em>Vichama<\/em>, un avatar-fill de Pachakamak.<\/p><p>La conquesta de la regi\u00f3 per l&#8217;inca Tupac Yupanqui (ca. 1470) es va dur a terme amb cautela: a difer\u00e8ncia d&#8217;altres prov\u00edncies, el d\u00e9u principal local no va ser substitu\u00eft per Inti, sin\u00f3 que es va trobar una soluci\u00f3 teol\u00f2gica doble, en la qual es van erigir temples d&#8217;Inti al costat del <span class=\"iwg-fachbegriff\" data-tooltip=\"Un edifici destinat a la veneraci\u00f3 d'una o diverses divinitats.\" tabindex=\"0\">temple<\/span> de Pachakamak.<\/p>\t\t\t\t\t\t\t\t<\/div>\n\t\t\t\t<\/div>\n\t\t\t\t\t<\/div>\n\t\t\t\t<\/div>\n\t\t<div class=\"elementor-element elementor-element-iwgw-pachakamak-s1 e-flex e-con-boxed e-con e-parent\" data-id=\"iwgw-pachakamak-s1\" data-element_type=\"container\" data-e-type=\"container\">\n\t\t\t\t\t<div class=\"e-con-inner\">\n\t\t\t\t<div class=\"elementor-element elementor-element-iwgw-pachakamak-s1h elementor-widget elementor-widget-heading\" data-id=\"iwgw-pachakamak-s1h\" data-element_type=\"widget\" data-e-type=\"widget\" data-widget_type=\"heading.default\">\n\t\t\t\t\t<h2 class=\"elementor-heading-title elementor-size-default\">Nom i etimologia<\/h2>\t\t\t\t<\/div>\n\t\t<div class=\"elementor-element elementor-element-iwgw-pachakamak-s1c e-con-full e-flex e-con e-child\" data-id=\"iwgw-pachakamak-s1c\" data-element_type=\"container\" data-e-type=\"container\">\n\t\t\t\t<div class=\"elementor-element elementor-element-iwgw-pachakamak-s1t elementor-widget elementor-widget-text-editor\" data-id=\"iwgw-pachakamak-s1t\" data-element_type=\"widget\" data-e-type=\"widget\" data-widget_type=\"text-editor.default\">\n\t\t\t\t\t\t\t\t\t<p>El nom <em>Pacha Kamaq<\/em> \u00e9s una formaci\u00f3 qu\u00edtxua a partir de <em>pacha<\/em> (m\u00f3n, temps, espai, com en <a href=\"https:\/\/iwell-guard.com\/ca\/?page_id=171672\">Pachamama<\/a>) i <em>kamaq<\/em> (animador, conservador, generador). Diego Gonz\u00e1lez Holgu\u00edn tradueix <em>kamaq<\/em> en el seu <em>Vocabulario<\/em> (1608) com <em>el criador<\/em>, el creador. Aix\u00ed, Pacha Kamaq \u00e9s estructuralment l&#8217;<em>animador del m\u00f3n<\/em>.<\/p><p>\u00c9s remarcable la proximitat ling\u00fc\u00edstica estreta amb <em>kamay<\/em>, el terme qu\u00edtxua per a l&#8217;energia animadora que dona a una cosa la seva forma espec\u00edfica.<\/p><p>L&#8217;antrop\u00f2leg peru\u00e0 Gerald Taylor ha mostrat en els seus treballs sobre la <span class=\"iwg-fachbegriff\" data-tooltip=\"La doctrina cient\u00edfica sobre D\u00e9u i la fe d'una religi\u00f3.\" tabindex=\"0\">teologia<\/span> qu\u00edtxua (1974, 2001) que <em>kamay<\/em> no designa una creaci\u00f3 substancial en sentit judeocristi\u00e0, sin\u00f3 una posada en forma constant, l&#8217;animar-se continu del m\u00f3n per una for\u00e7a numinosa. Pacha Kamaq no \u00e9s, per tant, un creador \u00fanic com el d\u00e9u b\u00edblic, sin\u00f3 un animador permanent del m\u00f3n.<\/p><p>La regi\u00f3 de Pachacamac, a la costa pac\u00edfica peruana, ha pres el seu nom del d\u00e9u. El nom espanyol del <span class=\"iwg-fachbegriff\" data-tooltip=\"Un lloc sagrat dedicat a la veneraci\u00f3 d'una divinitat.\" tabindex=\"0\">santuari<\/span> era <em>Pachacama<\/em> o <em>Pachacamac<\/em>, segons la cr\u00f2nica. En la llengua local dels ychsma (un dialecte de substrat aimara de la regi\u00f3 de Lima) potser existia una denominaci\u00f3 pr\u00f2pia que no s&#8217;ha conservat.<\/p><p>Marco Curatola ha proposat una etimologia teol\u00f2gicament molt reveladora a <em>Adivinaci\u00f3n y or\u00e1culos en el mundo andino antiguo<\/em> (2008): <em>Pacha Kamaq<\/em> com a <em>compressor del m\u00f3n<\/em> o <em>connector del m\u00f3n<\/em>, en relaci\u00f3 amb els significats derivats de <em>kamay<\/em> com <em>donar forma a alguna cosa<\/em>, <em>condensar<\/em>, <em>comprimir<\/em>.<\/p><p>En aquesta lectura, Pachakamak seria la for\u00e7a que dona al m\u00f3n la seva forma concreta i el mant\u00e9 unit, una interpretaci\u00f3 que coincideix amb el debat modern sobre <em>kamay<\/em> com a concepte and\u00ed d&#8217;energia.<\/p>\t\t\t\t\t\t\t\t<\/div>\n\t\t\t\t<\/div>\n\t\t\t\t\t<\/div>\n\t\t\t\t<\/div>\n\t\t<div class=\"elementor-element elementor-element-iwgw-pachakamak-s2 e-flex e-con-boxed e-con e-parent\" data-id=\"iwgw-pachakamak-s2\" data-element_type=\"container\" data-e-type=\"container\">\n\t\t\t\t\t<div class=\"e-con-inner\">\n\t\t\t\t<div class=\"elementor-element elementor-element-iwgw-pachakamak-s2h elementor-widget elementor-widget-heading\" data-id=\"iwgw-pachakamak-s2h\" data-element_type=\"widget\" data-e-type=\"widget\" data-widget_type=\"heading.default\">\n\t\t\t\t\t<h2 class=\"elementor-heading-title elementor-size-default\">Descripci\u00f3 i iconografia<\/h2>\t\t\t\t<\/div>\n\t\t<div class=\"elementor-element elementor-element-iwgw-pachakamak-s2c e-con-full e-flex e-con e-child\" data-id=\"iwgw-pachakamak-s2c\" data-element_type=\"container\" data-e-type=\"container\">\n\t\t\t\t<div class=\"elementor-element elementor-element-iwgw-pachakamak-s2t elementor-widget elementor-widget-text-editor\" data-id=\"iwgw-pachakamak-s2t\" data-element_type=\"widget\" data-e-type=\"widget\" data-widget_type=\"text-editor.default\">\n\t\t\t\t\t\t\t\t\t<p>El <span class=\"iwg-fachbegriff\" data-tooltip=\"Representaci\u00f3 d'una divinitat que es venera en un temple o santuari.\" tabindex=\"0\">\u00eddol de culte<\/span> m\u00e9s important que s&#8217;ha conservat \u00e9s el fam\u00f3s \u00eddol de doble figura de fusta (<span class=\"iwg-fachbegriff\" data-tooltip=\"Una imatge o est\u00e0tua venerada com a divina.\" tabindex=\"0\">\u00eddol<\/span>) de Pachacamac, desenterrat el 1938 sota el paviment de la zona superior del temple i que avui es troba al Museo de Sitio de Pachacamac.<\/p><p>Es tracta d&#8217;una estela de fusta tallada d&#8217;uns 2,30 m d&#8217;al\u00e7ada, amb dos rostres oposats al ter\u00e7 superior i una s\u00e8rie de figures antropomorfes estilitzades al llarg del tronc. El doble rostre ha portat repetidament a especular que Pachakamak fos una <span class=\"iwg-fachbegriff\" data-tooltip=\"Un \u00e9sser venerat com a div\u00ed dins d'una religi\u00f3.\" tabindex=\"0\">divinitat<\/span> de tipus j\u00e0nic, que mira alhora en dues direccions.<\/p><p>La dataci\u00f3 arqueol\u00f2gica de l&#8217;estela de fusta \u00e9s controvertida. L&#8217;estudi m\u00e9s recent mitjan\u00e7ant radiocarboni (Eeckhout 2018) la data cap al 760-890 dC, \u00e9s a dir, en la fase Wari.<\/p><p>Segons aix\u00f2, l&#8217;<span class=\"iwg-fachbegriff\" data-tooltip=\"Una imatge o est\u00e0tua venerada com a divina.\" tabindex=\"0\">\u00eddol<\/span> no procediria d&#8217;una producci\u00f3 d&#8217;\u00e8poca inca, sin\u00f3 que ja es trobava al lloc quan els inques van integrar el santuari, i va ser assumit per ells, un cas notable de toler\u00e0ncia de la pol\u00edtica religiosa inca envers els grans santuaris locals.<\/p><p>Miguel de Estete, que el 1533 va poder entrar al Sanctasanct\u00f2rum (fet que constitu\u00efa un sacrilegi religi\u00f3s, ja que nom\u00e9s els sacerdots de m\u00e9s alt rang hi tenien acc\u00e9s), descriu la cambra com fosca, amb decoraci\u00f3 d&#8217;imatges a les parets i, al centre, una figura tosca de fusta amb rostre hum\u00e0. Aquesta descripci\u00f3 coincideix amb l&#8217;<span class=\"iwg-fachbegriff\" data-tooltip=\"Una llosa dreta de pedra o fusta, inscrita o decorada amb imatges.\" tabindex=\"0\">estela<\/span> de doble figura conservada.<\/p>\t\t\t\t\t\t\t\t<\/div>\n\t\t\t\t<\/div>\n\t\t\t\t\t<\/div>\n\t\t\t\t<\/div>\n\t\t<div class=\"elementor-element elementor-element-iwgw-pachakamak-s3 e-flex e-con-boxed e-con e-parent\" data-id=\"iwgw-pachakamak-s3\" data-element_type=\"container\" data-e-type=\"container\">\n\t\t\t\t\t<div class=\"e-con-inner\">\n\t\t\t\t<div class=\"elementor-element elementor-element-iwgw-pachakamak-s3h elementor-widget elementor-widget-heading\" data-id=\"iwgw-pachakamak-s3h\" data-element_type=\"widget\" data-e-type=\"widget\" data-widget_type=\"heading.default\">\n\t\t\t\t\t<h2 class=\"elementor-heading-title elementor-size-default\">Relats mitol\u00f2gics<\/h2>\t\t\t\t<\/div>\n\t\t<div class=\"elementor-element elementor-element-iwgw-pachakamak-s3c e-con-full e-flex e-con e-child\" data-id=\"iwgw-pachakamak-s3c\" data-element_type=\"container\" data-e-type=\"container\">\n\t\t\t\t<div class=\"elementor-element elementor-element-iwgw-pachakamak-s3t elementor-widget elementor-widget-text-editor\" data-id=\"iwgw-pachakamak-s3t\" data-element_type=\"widget\" data-e-type=\"widget\" data-widget_type=\"text-editor.default\">\n\t\t\t\t\t\t\t\t\t<p>La font m\u00e9s important per a la <span class=\"iwg-fachbegriff\" data-tooltip=\"El conjunt de narracions sobre d\u00e9us transmeses per una cultura.\" tabindex=\"0\">mitologia<\/span> de Pachakamak \u00e9s el <em>Manuscrit de Huarochiri<\/em> (ca. 1608), redactat en qu\u00edtxua i recollit pel capell\u00e0 Francisco de Avila a la prov\u00edncia de Huarochiri, un dels documents m\u00e9s valuosos conservats de la <span class=\"iwg-fachbegriff\" data-tooltip=\"El conjunt de narracions sobre d\u00e9us transmeses per una cultura.\" tabindex=\"0\">mitologia<\/span> andina ind\u00edgena.<\/p><p>Cont\u00e9 diversos mites de Pachakamak, entre els quals destaca el fam\u00f3s <span class=\"iwg-fachbegriff\" data-tooltip=\"Una narraci\u00f3 transmesa sobre d\u00e9us, or\u00edgens i l'ordre del m\u00f3n.\" tabindex=\"0\">mite<\/span> de Kuni Raya Wiraqucha, sovint llegit com un relat sobre el mateix Pachakamak i els seus germans.<\/p><p>Un mite central narra la rivalitat entre Pachakamak i el seu germ\u00e0 o doble, <em>Kon<\/em>. Tots dos lluiten pel domini del m\u00f3n; Pachakamak acaba vencent i desterra Kon al desert, fet que explica la sequedat de la costa andina.<\/p><p>Una altra narraci\u00f3 presenta Pachakamak com el violador d&#8217;una dona divina, la filla de la qual, desesperada, es transforma en un rierol, un <span class=\"iwg-fachbegriff\" data-tooltip=\"Una narraci\u00f3 transmesa sobre d\u00e9us, or\u00edgens i l'ordre del m\u00f3n.\" tabindex=\"0\">mite<\/span> que mostra l&#8217;ambig\u00fcitat t\u00edpica de les grans divinitats andines.<\/p><p>Des del punt de vista de l&#8217;etnologia religiosa, resulta especialment interessant el relat de la creaci\u00f3 de la primera humanitat: Pachakamak crea un home i una dona i els abandona al m\u00f3n sense aliment. L&#8217;home mor; la dona jura venjar-se del creador adorant el sol.<\/p><p>D&#8217;aquesta adoraci\u00f3 neix un infant que Pachakamak mata, per\u00f2 en transforma el cos en plantes, esdevenint aix\u00ed l&#8217;etiologia del cultiu and\u00ed del blat de moro, les mongetes i la carbassa. Gerald Taylor va estudiar sistem\u00e0ticament la complexitat d&#8217;aquests mites a <em>Ritos y tradiciones de Huarochiri<\/em> (1987).<\/p><p>El Manuscrit de Huarochiri \u00e9s d&#8217;especial inter\u00e8s pel seu car\u00e0cter doble, com a text religi\u00f3s-mitol\u00f2gic i com a motiu de persecuci\u00f3 espanyola. El capell\u00e0 Francisco de Avila va recollir els mites per utilitzar-los com a base de la seva campanya d&#8217;<em>extirpacion de idolatrias<\/em>; alhora, el manuscrit constitueix un dels pocs documents conservats de <span class=\"iwg-fachbegriff\" data-tooltip=\"Concepci\u00f3 sobre l'estructura i l'ordre del m\u00f3n dins d'una cultura.\" tabindex=\"0\">cosmologia<\/span> ind\u00edgena en la seva pr\u00f2pia llengua (qu\u00edtxua).<\/p><p>Frank Salomon i George Urioste van editar i comentar el text complet en la seva edici\u00f3 anglesa (<em>The Huarochiri Manuscript<\/em>, 1991).<\/p>\t\t\t\t\t\t\t\t<\/div>\n\t\t\t\t<\/div>\n\t\t\t\t\t<\/div>\n\t\t\t\t<\/div>\n\t\t<div class=\"elementor-element elementor-element-iwgw-pachakamak-s4 e-flex e-con-boxed e-con e-parent\" data-id=\"iwgw-pachakamak-s4\" data-element_type=\"container\" data-e-type=\"container\">\n\t\t\t\t\t<div class=\"e-con-inner\">\n\t\t\t\t<div class=\"elementor-element elementor-element-iwgw-pachakamak-s4h elementor-widget elementor-widget-heading\" data-id=\"iwgw-pachakamak-s4h\" data-element_type=\"widget\" data-e-type=\"widget\" data-widget_type=\"heading.default\">\n\t\t\t\t\t<h2 class=\"elementor-heading-title elementor-size-default\">Culte i pelegrinatge<\/h2>\t\t\t\t<\/div>\n\t\t<div class=\"elementor-element elementor-element-iwgw-pachakamak-s4c e-con-full e-flex e-con e-child\" data-id=\"iwgw-pachakamak-s4c\" data-element_type=\"container\" data-e-type=\"container\">\n\t\t\t\t<div class=\"elementor-element elementor-element-iwgw-pachakamak-s4t elementor-widget elementor-widget-text-editor\" data-id=\"iwgw-pachakamak-s4t\" data-element_type=\"widget\" data-e-type=\"widget\" data-widget_type=\"text-editor.default\">\n\t\t\t\t\t\t\t\t\t<p>Pachacamac va ser el lloc de pelegrinatge m\u00e9s important de l&#8217;Am\u00e8rica del Sud prehisp\u00e0nica. <span class=\"iwg-fachbegriff\" data-tooltip=\"Una persona que empr\u00e8n un viatge de motivaci\u00f3 religiosa a un lloc sagrat.\" tabindex=\"0\">Pelegrins<\/span> es dirigien des de tot l&#8217;Imperi Inca, i fins i tot des dels regnes ve\u00efns com el Chim\u00fa, cap a la costa del Pac\u00edfic per consultar l&#8217;<span class=\"iwg-fachbegriff\" data-tooltip=\"Un lloc o instituci\u00f3 on s'obt\u00e9 un veredicte div\u00ed.\" tabindex=\"0\">oracle<\/span>. Els pelegrins havien de pujar la pir\u00e0mide del temple seguint un ritual de purificaci\u00f3 de diverses etapes, complint dejunis cada cop m\u00e9s estrictes a mesura que s&#8217;acostaven al sancta sanctorum i oferint presents: teixits, metalls preciosos, petxines de spondylus, sacrificis de llames.<\/p><p>L&#8217;<span class=\"iwg-fachbegriff\" data-tooltip=\"Un lloc o instituci\u00f3 on s'obt\u00e9 un veredicte div\u00ed.\" tabindex=\"0\">oracle<\/span> era transm\u00e8s per una classe sacerdotal pr\u00f2pia, que rebia les preguntes i lliurava la resposta del d\u00e9u en una forma fixada <span class=\"iwg-fachbegriff\" data-tooltip=\"Pertanyent a una seq\u00fc\u00e8ncia d'acci\u00f3 religiosa establerta.\" tabindex=\"0\">ritualment<\/span>. Les respostes solien tenir la forma d&#8217;una simple afirmaci\u00f3 de s\u00ed o no, o d&#8217;una predicci\u00f3 ambigua.<\/p><p>C\u00e8lebre \u00e9s la pregunta oracular de Huayna C\u00e1pac sobre el desenlla\u00e7 de la guerra contra els quitenys, que va ser respost negativament, una resposta que la retrospectiva hist\u00f2rica va confirmar amb la mort de Huayna C\u00e1pac a causa de l&#8217;epid\u00e8mia de verola.<\/p><p>Al voltant del temple principal s&#8217;aixecava un complex de temples secundaris dedicats a altres divinitats: <a href=\"https:\/\/iwell-guard.com\/ca\/?page_id=171671\">Inti<\/a>, <a href=\"https:\/\/iwell-guard.com\/ca\/?page_id=171674\">Mama Killa<\/a>, un <span class=\"iwg-fachbegriff\" data-tooltip=\"Una construcci\u00f3 destinada a la veneraci\u00f3 d'una o m\u00e9s divinitats.\" tabindex=\"0\">temple<\/span> lunar espec\u00edfic per a les Acllacuna, aix\u00ed com santuaris m\u00e9s petits dedicats a divinitats de rellev\u00e0ncia regional. Maria Rostworowski ha descrit el <em>Senyoriu de Pachacamac<\/em> com una xarxa espiritual i pol\u00edtica que, mitjan\u00e7ant relacions de parentiu, lligava els <span class=\"iwg-fachbegriff\" data-tooltip=\"Una persona que empr\u00e8n un viatge de motivaci\u00f3 religiosa a un lloc sagrat.\" tabindex=\"0\">pelegrins<\/span> al <span class=\"iwg-fachbegriff\" data-tooltip=\"Un lloc sagrat dedicat a la veneraci\u00f3 d'una divinitat.\" tabindex=\"0\">santuari<\/span>.<\/p><p>El complex de temples de Pachakamak inclo\u00efa, a m\u00e9s del <span class=\"iwg-fachbegriff\" data-tooltip=\"Un lloc sagrat dedicat a la veneraci\u00f3 d'una divinitat.\" tabindex=\"0\">santuari<\/span> de la pir\u00e0mide principal, el seu propi Acllahuasi (<span class=\"iwg-fachbegriff\" data-tooltip=\"Una construcci\u00f3 destinada a la veneraci\u00f3 d'una o m\u00e9s divinitats.\" tabindex=\"0\">temple<\/span> de dones amb clausura de verges del sol), una pla\u00e7a de mercat, diversos allotjaments per a pelegrins i un cementiri que, arqueol\u00f2gicament, ha aportat m\u00e9s de 1300 m\u00f2mies.<\/p><p>Aquestes m\u00f2mies mostren que el <span class=\"iwg-fachbegriff\" data-tooltip=\"Un lloc sagrat dedicat a la veneraci\u00f3 d'una divinitat.\" tabindex=\"0\">santuari<\/span> tamb\u00e9 servia com a lloc de mort per als <span class=\"iwg-fachbegriff\" data-tooltip=\"Una persona que empr\u00e8n un viatge de motivaci\u00f3 religiosa a un lloc sagrat.\" tabindex=\"0\">pelegrins<\/span>: qui arribava a la destinaci\u00f3 del pelegrinatge, un cop mort, era enterrat aqu\u00ed, un equivalent prehisp\u00e0nic al desig de ser enterrat a Jerusalem o a la Meca.<\/p>\t\t\t\t\t\t\t\t<\/div>\n\t\t\t\t<\/div>\n\t\t\t\t\t<\/div>\n\t\t\t\t<\/div>\n\t\t<div class=\"elementor-element elementor-element-iwgw-pachakamak-s5 e-flex e-con-boxed e-con e-parent\" data-id=\"iwgw-pachakamak-s5\" data-element_type=\"container\" data-e-type=\"container\">\n\t\t\t\t\t<div class=\"e-con-inner\">\n\t\t\t\t<div class=\"elementor-element elementor-element-iwgw-pachakamak-s5h elementor-widget elementor-widget-heading\" data-id=\"iwgw-pachakamak-s5h\" data-element_type=\"widget\" data-e-type=\"widget\" data-widget_type=\"heading.default\">\n\t\t\t\t\t<h2 class=\"elementor-heading-title elementor-size-default\">Pr\u00e0ctica de protecci\u00f3 i elements apotropaics<\/h2>\t\t\t\t<\/div>\n\t\t<div class=\"elementor-element elementor-element-iwgw-pachakamak-s5c e-con-full e-flex e-con e-child\" data-id=\"iwgw-pachakamak-s5c\" data-element_type=\"container\" data-e-type=\"container\">\n\t\t\t\t<div class=\"elementor-element elementor-element-iwgw-pachakamak-s5t elementor-widget elementor-widget-text-editor\" data-id=\"iwgw-pachakamak-s5t\" data-element_type=\"widget\" data-e-type=\"widget\" data-widget_type=\"text-editor.default\">\n\t\t\t\t\t\t\t\t\t<p>La pr\u00e0ctica de protecci\u00f3 espec\u00edfica en el context de Pachakamak es dirigia sobretot a dos \u00e0mbits: la protecci\u00f3 contra els terratr\u00e8mols i la seguretat dels vaticinis oraculars. Com que la costa pac\u00edfica dels Andes centrals \u00e9s s\u00edsmicament molt activa, Pachakamak, en la seva funci\u00f3 de <em>sacsejador del m\u00f3n<\/em> (una de les seves ambig\u00fces funcions duals), era considerat alhora causant i protector davant dels terratr\u00e8mols.<\/p><p>Estete relata rituals de s\u00faplica dels <span class=\"iwg-fachbegriff\" data-tooltip=\"Una persona que empr\u00e8n un viatge amb motivaci\u00f3 religiosa cap a un lloc sagrat.\" tabindex=\"0\">pelegrins<\/span> contra els terratr\u00e8mols, en qu\u00e8 es enterraven petites figuretes de fang.<\/p><p>Amb finalitat <span class=\"iwg-fachbegriff\" data-tooltip=\"Que allunya el mal: dit de signes i objectes destinats a mantenir a ratlla influ\u00e8ncies nocives.\" tabindex=\"0\">apotropaica<\/span> contra respostes falses dels <span class=\"iwg-fachbegriff\" data-tooltip=\"Un lloc o instituci\u00f3 on es demana un veredicte div\u00ed.\" tabindex=\"0\">oracles<\/span> o contra la ira del d\u00e9u en cas d&#8217;impuresa, servien les petxines de spondylus, portades com a collarets o com a <span class=\"iwg-fachbegriff\" data-tooltip=\"Un objecte portat al qual s'atribueix un efecte protector contra el mal.\" tabindex=\"0\">amulet<\/span> pectoral.<\/p><p>Aquestes petxines vermelles o taronges, procedents de les aig\u00fces m\u00e9s c\u00e0lides de l&#8217;Equador, eren l&#8217;objecte d&#8217;intercanvi ritual m\u00e9s important de les cultures costaneres andines, i, segons les troballes arqueol\u00f2giques, van ser dipositades en grans quantitats al <span class=\"iwg-fachbegriff\" data-tooltip=\"Una construcci\u00f3 destinada a la veneraci\u00f3 d'una o m\u00e9s divinitats.\" tabindex=\"0\">temple<\/span> de Pachakamak. Maria Rostworowski ho ha descrit com l&#8217;<em>economia de l&#8217;spondylus<\/em>.<\/p><p>Pachakamak tenia una funci\u00f3 distributiva especial com a <em>pare dels nadons<\/em>: era invocat per les fam\u00edlies que esperaven el naixement d&#8217;un fill, amb la petici\u00f3 de protecci\u00f3 contra els avortaments. La pr\u00e0ctica ofrenat\u00f2ria corresponent inclo\u00efa penjar petites figuretes de fusta tallada al <span class=\"iwg-fachbegriff\" data-tooltip=\"Una construcci\u00f3 destinada a la veneraci\u00f3 d'una o m\u00e9s divinitats.\" tabindex=\"0\">temple<\/span>, fet documentat arqueol\u00f2gicament a la zona del temple de les dones.<\/p>\t\t\t\t\t\t\t\t<\/div>\n\t\t\t\t<\/div>\n\t\t\t\t\t<\/div>\n\t\t\t\t<\/div>\n\t\t<div class=\"elementor-element elementor-element-iwgw-pachakamak-s6 e-flex e-con-boxed e-con e-parent\" data-id=\"iwgw-pachakamak-s6\" data-element_type=\"container\" data-e-type=\"container\">\n\t\t\t\t\t<div class=\"e-con-inner\">\n\t\t\t\t<div class=\"elementor-element elementor-element-iwgw-pachakamak-s6h elementor-widget elementor-widget-heading\" data-id=\"iwgw-pachakamak-s6h\" data-element_type=\"widget\" data-e-type=\"widget\" data-widget_type=\"heading.default\">\n\t\t\t\t\t<h2 class=\"elementor-heading-title elementor-size-default\">Paral\u00b7lelismes en altres cultures<\/h2>\t\t\t\t<\/div>\n\t\t<div class=\"elementor-element elementor-element-iwgw-pachakamak-s6c e-con-full e-flex e-con e-child\" data-id=\"iwgw-pachakamak-s6c\" data-element_type=\"container\" data-e-type=\"container\">\n\t\t\t\t<div class=\"elementor-element elementor-element-iwgw-pachakamak-s6t elementor-widget elementor-widget-text-editor\" data-id=\"iwgw-pachakamak-s6t\" data-element_type=\"widget\" data-e-type=\"widget\" data-widget_type=\"text-editor.default\">\n\t\t\t\t\t\t\t\t\t<p>Estructuralment, Pachakamak es pot comparar amb altres grans divinitats-<span class=\"iwg-fachbegriff\" data-tooltip=\"Un lloc o instituci\u00f3 on s'obt\u00e9 un veredicte div\u00ed.\" tabindex=\"0\">oracle<\/span> de la hist\u00f2ria de les religions. El paral\u00b7lel m\u00e9s estret \u00e9s el grec <em>Apol\u00b7lo de Delfos<\/em>, el <span class=\"iwg-fachbegriff\" data-tooltip=\"Un lloc o instituci\u00f3 on s'obt\u00e9 un veredicte div\u00ed.\" tabindex=\"0\">oracle<\/span> del qual va ser consultat de manera interregional durant segles i es transmetia mitjan\u00e7ant una jerarquia sacerdotal institucional.<\/p><p>Tamb\u00e9 l&#8217;<span class=\"iwg-fachbegriff\" data-tooltip=\"Un lloc o instituci\u00f3 on s'obt\u00e9 un veredicte div\u00ed.\" tabindex=\"0\">oracle<\/span> egipci d&#8217;Amon a Siwa, c\u00e8lebre sobretot en l&#8217;\u00e8poca hel\u00b7len\u00edstica, s&#8217;inscriu en aquest patr\u00f3 estructural.<\/p><p>Dins d&#8217;Am\u00e8rica, el <span class=\"iwg-fachbegriff\" data-tooltip=\"El conjunt de pr\u00e0ctiques religioses de veneraci\u00f3 d'una divinitat o figura sagrada.\" tabindex=\"0\">culte<\/span> a Pachakamak presenta similituds amb l&#8217;<span class=\"iwg-fachbegriff\" data-tooltip=\"Un lloc o instituci\u00f3 on s'obt\u00e9 un veredicte div\u00ed.\" tabindex=\"0\">oracle<\/span> de Quetzalcoatl a Cholula, dels asteques, i amb la instituci\u00f3 endevinat\u00f2ria maia dels sacerdots <em>chilam balam<\/em>. La comparaci\u00f3 amb el lloc de pelegrinatge mesoameric\u00e0 de Cholula \u00e9s especialment reveladora, ja que all\u00e0 tamb\u00e9 un <span class=\"iwg-fachbegriff\" data-tooltip=\"Un lloc sagrat dedicat a la veneraci\u00f3 d'una divinitat.\" tabindex=\"0\">santuari<\/span> preimperial va ser integrat per un imperi posterior (els mexica) sense perdre la seva identitat pr\u00f2pia.<\/p><p>La iconografia de doble cara de l&#8217;<span class=\"iwg-fachbegriff\" data-tooltip=\"Una llosa de pedra o fusta dreta, inscrita o il\u00b7lustrada.\" tabindex=\"0\">estela<\/span> de Pachakamak ha portat repetidament, en la literatura de les ci\u00e8ncies de la religi\u00f3, a la conjectura que Pachakamak seria una variant andina del tipus Janus, una divinitat que pot mirar cap a dues direccions o dos plans temporals. Si aquest paral\u00b7lelisme va m\u00e9s enll\u00e0 d&#8217;una simple semblan\u00e7a formal iconogr\u00e0fica \u00e9s una q\u00fcesti\u00f3 discutida.<\/p>\t\t\t\t\t\t\t\t<\/div>\n\t\t\t\t<\/div>\n\t\t\t\t\t<\/div>\n\t\t\t\t<\/div>\n\t\t<div class=\"elementor-element elementor-element-iwgw-pachakamak-s7 e-flex e-con-boxed e-con e-parent\" data-id=\"iwgw-pachakamak-s7\" data-element_type=\"container\" data-e-type=\"container\">\n\t\t\t\t\t<div class=\"e-con-inner\">\n\t\t\t\t<div class=\"elementor-element elementor-element-iwgw-pachakamak-s7h elementor-widget elementor-widget-heading\" data-id=\"iwgw-pachakamak-s7h\" data-element_type=\"widget\" data-e-type=\"widget\" data-widget_type=\"heading.default\">\n\t\t\t\t\t<h2 class=\"elementor-heading-title elementor-size-default\">Recepci\u00f3 i investigaci\u00f3 actuals<\/h2>\t\t\t\t<\/div>\n\t\t<div class=\"elementor-element elementor-element-iwgw-pachakamak-s7c e-con-full e-flex e-con e-child\" data-id=\"iwgw-pachakamak-s7c\" data-element_type=\"container\" data-e-type=\"container\">\n\t\t\t\t<div class=\"elementor-element elementor-element-iwgw-pachakamak-s7t elementor-widget elementor-widget-text-editor\" data-id=\"iwgw-pachakamak-s7t\" data-element_type=\"widget\" data-e-type=\"widget\" data-widget_type=\"text-editor.default\">\n\t\t\t\t\t\t\t\t\t<p>El complex arqueol\u00f2gic de Pachacamac (Ministeri de Cultura del Per\u00fa, uns 465 ha) \u00e9s avui un dels jaciments arqueol\u00f2gics m\u00e9s importants de Sud-am\u00e8rica. La missi\u00f3 belga dirigida per Peter Eeckhout ha excavat sistem\u00e0ticament, des dels anys 1990, grans parts del complex de temples.<\/p><p>Les troballes, entre les quals hi ha m\u00f2mies, teixits, el c\u00e8lebre <span class=\"iwg-fachbegriff\" data-tooltip=\"Una imatge o figura venerada com a divina.\" tabindex=\"0\">\u00eddol<\/span> de fusta, dip\u00f2sits de closques de Spondylus i una clausura acllahuasi completa, s\u00f3n accessibles en part al museu del jaciment i en part al Museo de Antropolog\u00eda de Lima.<\/p><p>Des del punt de vista cient\u00edfic, Maria Rostworowski, amb <em>Pachacamac y el Se\u00f1or de los Milagros<\/em> (1992), ha mostrat la notable continu\u00eftat entre el <span class=\"iwg-fachbegriff\" data-tooltip=\"El conjunt de pr\u00e0ctiques religioses de veneraci\u00f3 d'una divinitat o figura sagrada.\" tabindex=\"0\">culte<\/span> prehisp\u00e0nic a Pachakamak i el modern <span class=\"iwg-fachbegriff\" data-tooltip=\"El conjunt de pr\u00e0ctiques religioses de veneraci\u00f3 d'una divinitat o figura sagrada.\" tabindex=\"0\">culte<\/span> del <em>Se\u00f1or de los Milagros<\/em> de Lima.<\/p><p>Aquest darrer, que cada octubre atreu centenars de milers de pelegrins a la <span class=\"iwg-fachbegriff\" data-tooltip=\"Una process\u00f3 religiosa solemne.\" tabindex=\"0\">process\u00f3<\/span> de Crist de Lima, \u00e9s, segons Rostworowski, estructuralment i topogr\u00e0ficament un successor del culte a Pachakamak: el mateix flux interregional de pelegrins, la mateixa exig\u00e8ncia de puresa, la mateixa funci\u00f3 de protecci\u00f3 contra els terratr\u00e8mols, nom\u00e9s sota una nova aparen\u00e7a cristiana.<\/p><p>Aquesta continu\u00eftat funcional amb un canvi de titularitat teol\u00f2gica \u00e9s un dels exemples m\u00e9s impressionants de <span class=\"iwg-fachbegriff\" data-tooltip=\"Fusi\u00f3 d'idees o divinitats provinents de diverses tradicions religioses.\" tabindex=\"0\">sincretisme<\/span> religi\u00f3s a Am\u00e8rica i ha estat desenvolupada m\u00e9s a fons en treballs recents de Peter Eeckhout, Krzysztof Makowski i Marco Curatola. L&#8217;observaci\u00f3 etnorreligiosa no fa cap afirmaci\u00f3 sobre efectes espirituals, sin\u00f3 que descriu una constataci\u00f3 cultural a llarg termini.<\/p><p>Una l\u00ednia de recerca actual s&#8217;ocupa de la seq\u00fc\u00e8ncia de fases constructives del complex del <span class=\"iwg-fachbegriff\" data-tooltip=\"Un edifici dedicat a la veneraci\u00f3 d'una o diverses divinitats.\" tabindex=\"0\">temple<\/span>. Eeckhout ha identificat set grans fases constructives, que abasten des de la cultura Lima fins a Wari, Ychsma i l&#8217;Inca, arribant fins a la fase colonial.<\/p><p>Aquesta hist\u00f2ria de fases constructives \u00e9s un microcosmos de la hist\u00f2ria cultural dels Andes centrals i permet resseguir en el material les continu\u00eftats i les ruptures religioses. En particular, la fase inca (aproximadament entre 1470 i 1533) mostra una integraci\u00f3 respectuosa del santuari m\u00e9s antic, que contrasta amb la pol\u00edtica violenta dels inques en altres regions.<\/p>\t\t\t\t\t\t\t\t<\/div>\n\t\t\t\t<\/div>\n\t\t\t\t\t<\/div>\n\t\t\t\t<\/div>\n\t\t<div class=\"elementor-element elementor-element-iwgw-pachakamak-s8 e-flex e-con-boxed e-con e-parent\" data-id=\"iwgw-pachakamak-s8\" data-element_type=\"container\" data-e-type=\"container\">\n\t\t\t\t\t<div class=\"e-con-inner\">\n\t\t\t\t<div class=\"elementor-element elementor-element-iwgw-pachakamak-s8h elementor-widget elementor-widget-heading\" data-id=\"iwgw-pachakamak-s8h\" data-element_type=\"widget\" data-e-type=\"widget\" data-widget_type=\"heading.default\">\n\t\t\t\t\t<h2 class=\"elementor-heading-title elementor-size-default\">Bibliografia i fonts<\/h2>\t\t\t\t<\/div>\n\t\t<div class=\"elementor-element elementor-element-iwgw-pachakamak-s8c e-con-full e-flex e-con e-child\" data-id=\"iwgw-pachakamak-s8c\" data-element_type=\"container\" data-e-type=\"container\">\n\t\t\t\t<div class=\"elementor-element elementor-element-iwgw-pachakamak-s8t elementor-widget elementor-widget-text-editor\" data-id=\"iwgw-pachakamak-s8t\" data-element_type=\"widget\" data-e-type=\"widget\" data-widget_type=\"text-editor.default\">\n\t\t\t\t\t\t\t\t\t<p>La selecci\u00f3 seg\u00fcent recull obres centrals de l&#8217;<span class=\"iwg-fachbegriff\" data-tooltip=\"Ci\u00e8ncia que estudia les cultures del passat a partir de les troballes materials.\" tabindex=\"0\">arqueologia<\/span> i de la hist\u00f2ria de les religions sobre el <span class=\"iwg-fachbegriff\" data-tooltip=\"Un lloc sagrat dedicat a la veneraci\u00f3 d'una divinitat.\" tabindex=\"0\">santuari<\/span> de Pachakamak i sobre l&#8217;\u00e9sser <span class=\"iwg-fachbegriff\" data-tooltip=\"Un lloc o instituci\u00f3 on s'obt\u00e9 un veredicte div\u00ed.\" tabindex=\"0\">oracle<\/span> costaner-and\u00ed.<\/p>\t\t\t\t\t\t\t\t<\/div>\n\t\t\t\t<\/div>\n\t\t\t\t\t<\/div>\n\t\t\t\t<\/div>\n\t\t<div class=\"elementor-element elementor-element-cp2298d666 e-flex e-con-boxed e-con e-parent\" data-id=\"cp2298d666\" data-element_type=\"container\" data-e-type=\"container\">\n\t\t\t\t\t<div class=\"e-con-inner\">\n\t\t\t\t<div class=\"elementor-element elementor-element-cp294b2814 elementor-widget elementor-widget-heading\" data-id=\"cp294b2814\" data-element_type=\"widget\" data-e-type=\"widget\" data-widget_type=\"heading.default\">\n\t\t\t\t\t<h2 class=\"elementor-heading-title elementor-size-default\">L'oracle de Pachacamac i la seva influ\u00e8ncia supraregional<\/h2>\t\t\t\t<\/div>\n\t\t<div class=\"elementor-element elementor-element-cp21cb3e89 e-flex e-con-boxed e-con e-child\" data-id=\"cp21cb3e89\" data-element_type=\"container\" data-e-type=\"container\">\n\t\t\t\t\t<div class=\"e-con-inner\">\n\t\t\t\t<div class=\"elementor-element elementor-element-cp27e1748b elementor-widget elementor-widget-text-editor\" data-id=\"cp27e1748b\" data-element_type=\"widget\" data-e-type=\"widget\" data-widget_type=\"text-editor.default\">\n\t\t\t\t\t\t\t\t\t<p>El lloc de culte de Pachacamac, a la costa central del Per\u00fa, al sud de l&#8217;actual Lima, va ser molt abans de l&#8217;\u00e8poca inca un important santuari de <span class=\"iwg-fachbegriff\" data-tooltip=\"Una persona que empr\u00e8n un viatge de motivaci\u00f3 religiosa a un lloc sagrat.\" tabindex=\"0\">pelegrinatge<\/span> i d&#8217;oracle.<\/p><p>Els treballs arqueol\u00f2gics, iniciats per Max Uhle cap al 1896 i continuats per projectes posteriors, han mostrat que el lloc va ser utilitzat durant m\u00e9s d&#8217;un mil\u00b7lenni i presenta capes constructives de la cultura Lima, dels Wari i finalment dels inques. L&#8217;<span class=\"iwg-fachbegriff\" data-tooltip=\"Un lloc o instituci\u00f3 on s'obt\u00e9 un veredicte div\u00ed.\" tabindex=\"0\">oracle<\/span> de <em>Pachakamak<\/em> era considerat tan poder\u00f3s que la seva autoritat s&#8217;estenia molt m\u00e9s enll\u00e0 de la regi\u00f3.<\/p><p>Les fonts espanyoles, sobretot els relats vinculats a l&#8217;expedici\u00f3 de Pizarro, descriuen com Hernando Pizarro va visitar el <span class=\"iwg-fachbegriff\" data-tooltip=\"Un lloc sagrat dedicat a la veneraci\u00f3 d'una divinitat.\" tabindex=\"0\">santuari<\/span> el 1533, amb l&#8217;expectativa de trobar-hi grans tresors d&#8217;or.<\/p><p>El relat de Miguel de Estete descriu com els espanyols van penetrar al sagrari i hi van trobar una <span class=\"iwg-fachbegriff\" data-tooltip=\"Representaci\u00f3 visual d'una divinitat venerada al temple o al santuari.\" tabindex=\"0\">imatge de culte<\/span> de fusta que els va semblar insignificant. Aquesta descripci\u00f3 est\u00e0 tenyida de decepci\u00f3 i rebuig religi\u00f3s, per\u00f2 documenta que hi havia un <span class=\"iwg-fachbegriff\" data-tooltip=\"Una imatge o est\u00e0tua venerada com a divina.\" tabindex=\"0\">\u00eddol<\/span> central i apartat, al qual nom\u00e9s els sacerdots tenien acc\u00e9s.<\/p><p>L&#8217;<span class=\"iwg-fachbegriff\" data-tooltip=\"Un lloc o instituci\u00f3 on s'obt\u00e9 un veredicte div\u00ed.\" tabindex=\"0\">oracle<\/span> operava aparentment mitjan\u00e7ant una xarxa de santuaris filials, anomenats parents o fills de <em>Pachakamak<\/em>, erigits en regions llunyanes i que pagaven tribut al santuari principal. Aquest sistema vinculava <span class=\"iwg-fachbegriff\" data-tooltip=\"Pertanyent a un procediment ritual establert.\" tabindex=\"0\">ritualment<\/span> i econ\u00f2micament \u00e0mplies zones de la costa i de l&#8217;altipl\u00e0 a Pachacamac.<\/p><p>Els inques van assumir el <span class=\"iwg-fachbegriff\" data-tooltip=\"Un lloc sagrat dedicat a la veneraci\u00f3 d'una divinitat.\" tabindex=\"0\">santuari<\/span> sense destruir-lo, i hi van afegir un temple del Sol, una estrat\u00e8gia t\u00edpica d&#8217;integraci\u00f3 de cultes forasters. L&#8217;excavaci\u00f3 arqueol\u00f2gica del jaciment continua avui dia i aporta constantment noves troballes sobre enterraments i fases constructives.<\/p>\t\t\t\t\t\t\t\t<\/div>\n\t\t\t\t\t<\/div>\n\t\t\t\t<\/div>\n\t\t\t\t\t<\/div>\n\t\t\t\t<\/div>\n\t\t<div class=\"elementor-element elementor-element-cp28ab2728 e-flex e-con-boxed e-con e-parent\" data-id=\"cp28ab2728\" data-element_type=\"container\" data-e-type=\"container\">\n\t\t\t\t\t<div class=\"e-con-inner\">\n\t\t\t\t<div class=\"elementor-element elementor-element-cp240c0555 elementor-widget elementor-widget-heading\" data-id=\"cp240c0555\" data-element_type=\"widget\" data-e-type=\"widget\" data-widget_type=\"heading.default\">\n\t\t\t\t\t<h2 class=\"elementor-heading-title elementor-size-default\">El relat de la creaci\u00f3 en els cronistes i el problema del seu origen<\/h2>\t\t\t\t<\/div>\n\t\t<div class=\"elementor-element elementor-element-cp2b51a292 e-flex e-con-boxed e-con e-child\" data-id=\"cp2b51a292\" data-element_type=\"container\" data-e-type=\"container\">\n\t\t\t\t\t<div class=\"e-con-inner\">\n\t\t\t\t<div class=\"elementor-element elementor-element-cp24e4798d elementor-widget elementor-widget-text-editor\" data-id=\"cp24e4798d\" data-element_type=\"widget\" data-e-type=\"widget\" data-widget_type=\"text-editor.default\">\n\t\t\t\t\t\t\t\t\t<p>Diverses fonts colonials transmeten mites de creaci\u00f3 en els quals <em>Pachakamak<\/em> apareix com a creador del m\u00f3n o de la humanitat.<\/p><p>En una versi\u00f3 recollida pel cronista Pedro Cieza de Le\u00f3n i desenvolupada amb m\u00e9s detall per Antonio de la Calancha al segle XVII, <em>Pachakamak<\/em> crea una primera parella humana que, tot i aix\u00f2, passa fam; despr\u00e9s de la mort de l&#8217;home, del cos enterrat d&#8217;una figura assassinada per <em>Pachakamak<\/em> neixen les plantes aliment\u00e0ries.<\/p><p>Aquests relats vinculen el d\u00e9u amb la mort, la terra i l&#8217;origen dels conreus.<\/p><p>Aqu\u00ed cal una especial prud\u00e8ncia des del punt de vista de la cr\u00edtica de fonts. Calancha era monjo agust\u00ed i va escriure amb l&#8217;objectiu de documentar la hist\u00f2ria de la missi\u00f3; la seva transcripci\u00f3 dels mites andins est\u00e0 marcada per patrons d&#8217;interpretaci\u00f3 cristians, com la recerca de paral\u00b7lelismes amb els relats b\u00edblics de la creaci\u00f3 i la caiguda.<\/p><p>No sempre \u00e9s possible determinar quina part d&#8217;una versi\u00f3 transmesa \u00e9s tradici\u00f3 precolonial i quina part van afegir els cronistes per harmonitzar-la o comparar-la amb altres relats.<\/p><p>A aix\u00f2 s&#8217;hi afegeix un problema ling\u00fc\u00edstic. El nom <em>Pachakamak<\/em>, sovint interpretat com aquell que anima o ordena el m\u00f3n, s&#8217;assembla a un terme teol\u00f2gic que els missioners cristians van adoptar deliberadament per trobar una expressi\u00f3 ind\u00edgena per al d\u00e9u cristi\u00e0. La literatura missionera colonial va carregar el nom encara m\u00e9s de significat per aquest motiu.<\/p><p>La recerca actual, com els treballs de Sabine MacCormack sobre la percepci\u00f3 colonial de la religi\u00f3 andina, adverteix per tant que els relats de creaci\u00f3 no s&#8217;han de llegir sense examen com a pura her\u00e8ncia precolonial, sin\u00f3 com a textos sorgits en la tensi\u00f3 entre la <span class=\"iwg-fachbegriff\" data-tooltip=\"La transmissi\u00f3 de coneixement i relats al llarg de generacions.\" tabindex=\"0\">tradici\u00f3<\/span> ind\u00edgena i l&#8217;inter\u00e8s missioner.<\/p>\t\t\t\t\t\t\t\t<\/div>\n\t\t\t\t\t<\/div>\n\t\t\t\t<\/div>\n\t\t\t\t\t<\/div>\n\t\t\t\t<\/div>\n\t\t<div class=\"elementor-element elementor-element-iwgw-pachakamak-lit e-flex e-con-boxed e-con e-parent\" data-id=\"iwgw-pachakamak-lit\" data-element_type=\"container\" data-e-type=\"container\">\n\t\t\t\t\t<div class=\"e-con-inner\">\n\t\t\t\t<div class=\"elementor-element elementor-element-iwgw-pachakamak-lith elementor-widget elementor-widget-heading\" data-id=\"iwgw-pachakamak-lith\" data-element_type=\"widget\" data-e-type=\"widget\" data-widget_type=\"heading.default\">\n\t\t\t\t\t<h2 class=\"elementor-heading-title elementor-size-default\">Bibliografia (selecci\u00f3)<\/h2>\t\t\t\t<\/div>\n\t\t<div class=\"elementor-element elementor-element-iwgw-pachakamak-litc e-con-full e-flex e-con e-child\" data-id=\"iwgw-pachakamak-litc\" data-element_type=\"container\" data-e-type=\"container\">\n\t\t\t\t<div class=\"elementor-element elementor-element-iwgw-pachakamak-litt elementor-widget elementor-widget-text-editor\" data-id=\"iwgw-pachakamak-litt\" data-element_type=\"widget\" data-e-type=\"widget\" data-widget_type=\"text-editor.default\">\n\t\t\t\t\t\t\t\t\t<ul><li>Maria Rostworowski: <em>Pachacamac y el Senor de los Milagros<\/em> (1992)<\/li><li>Gerald Taylor: <em>Ritos y tradiciones de Huarochiri<\/em> (1987)<\/li><li>Peter Eeckhout: <em>Pachacamac et le Projet Ychsma<\/em> (2003)<\/li><li>Miguel de Estete: <em>Relacion del viaje<\/em> (1533\/1534)<\/li><li>Krzysztof Makowski: <em>Senores de los Imperios del Sol<\/em> (2010)<\/li><li>Marco Curatola: <em>Adivinacion y oraculos en el mundo andino antiguo<\/em> (2008)<\/li><\/ul>\t\t\t\t\t\t\t\t<\/div>\n\t\t\t\t<\/div>\n\t\t\t\t\t<\/div>\n\t\t\t\t<\/div>\n\t\t<div class=\"elementor-element elementor-element-iwgkw2-add-pachakamak e-flex e-con-boxed e-con e-parent\" data-id=\"iwgkw2-add-pachakamak\" data-element_type=\"container\" data-e-type=\"container\">\n\t\t\t\t\t<div class=\"e-con-inner\">\n\t\t\t\t<div class=\"elementor-element elementor-element-iwgkw2-add-pachakamak-t elementor-widget elementor-widget-text-editor\" data-id=\"iwgkw2-add-pachakamak-t\" data-element_type=\"widget\" data-e-type=\"widget\" data-widget_type=\"text-editor.default\">\n\t\t\t\t\t\t\t\t\t<p>Com a <em>d\u00e9u de l&#8217;oracle<\/em> de la costa pac\u00edfica del centre dels Andes, Pachakamak ja abans de l&#8217;\u00e8poca inca era dest\u00ed de grans pelegrinatges; el seu <span class=\"iwg-fachbegriff\" data-tooltip=\"Un lloc sagrat dedicat a la veneraci\u00f3 d'una divinitat.\" tabindex=\"0\">santuari<\/span> al sud de Lima era considerat un dels <span class=\"iwg-fachbegriff\" data-tooltip=\"Un lloc o instituci\u00f3 on s'obt\u00e9 un veredicte div\u00ed.\" tabindex=\"0\">oracles<\/span> m\u00e9s importants del m\u00f3n and\u00ed.<\/p>\t\t\t\t\t\t\t\t<\/div>\n\t\t\t\t\t<\/div>\n\t\t\t\t<\/div>\n\t\t<div class=\"elementor-element elementor-element-iwgw-pachakamak-kwd e-flex e-con-boxed e-con e-parent\" data-id=\"iwgw-pachakamak-kwd\" data-element_type=\"container\" data-e-type=\"container\">\n\t\t\t\t\t<div class=\"e-con-inner\">\n\t\t<div class=\"elementor-element elementor-element-iwgw-pachakamak-kwdc e-con-full e-flex e-con e-child\" data-id=\"iwgw-pachakamak-kwdc\" data-element_type=\"container\" data-e-type=\"container\">\n\t\t\t\t<div class=\"elementor-element elementor-element-iwgw-pachakamak-kwdt elementor-widget elementor-widget-text-editor\" data-id=\"iwgw-pachakamak-kwdt\" data-element_type=\"widget\" data-e-type=\"widget\" data-widget_type=\"text-editor.default\">\n\t\t\t\t\t\t\t\t\t<p><em>Termes clau relacionats: Pachakamak Pacha Kamaq Pachacamac Ychsma Wari Huarochiri Spondylus Kuni Raya <span class=\"iwg-fachbegriff\" data-tooltip=\"Un lloc o instituci\u00f3 on s'obt\u00e9 un veredicte div\u00ed.\" tabindex=\"0\">oracle<\/span>.<\/em><\/p>\t\t\t\t\t\t\t\t<\/div>\n\t\t\t\t<\/div>\n\t\t\t\t\t<\/div>\n\t\t\t\t<\/div>\n\t\t<div class=\"elementor-element elementor-element-iwgw-pachakamak-cc e-flex e-con-boxed e-con e-parent\" data-id=\"iwgw-pachakamak-cc\" data-element_type=\"container\" data-e-type=\"container\" id=\"iwg-cc-pachakamak\">\n\t\t\t\t\t<div class=\"e-con-inner\">\n\t\t<div class=\"elementor-element elementor-element-iwgw-pachakamak-ccinner e-flex e-con-boxed e-con e-parent\" data-id=\"iwgw-pachakamak-ccinner\" data-element_type=\"container\" data-e-type=\"container\" data-settings=\"{&quot;background_background&quot;:&quot;classic&quot;}\">\n\t\t\t\t\t<div class=\"e-con-inner\">\n\t\t\t\t<div class=\"elementor-element elementor-element-iwgw-pachakamak-cch elementor-widget elementor-widget-heading\" data-id=\"iwgw-pachakamak-cch\" data-element_type=\"widget\" data-e-type=\"widget\" data-widget_type=\"heading.default\">\n\t\t\t\t\t<h2 class=\"elementor-heading-title elementor-size-default\">iWell Guard i tradicions de protecci\u00f3<\/h2>\t\t\t\t<\/div>\n\t\t\t\t<div class=\"elementor-element elementor-element-iwgw-pachakamak-cct elementor-widget elementor-widget-text-editor\" data-id=\"iwgw-pachakamak-cct\" data-element_type=\"widget\" data-e-type=\"widget\" data-widget_type=\"text-editor.default\">\n\t\t\t\t\t\t\t\t\t<div data-nosnippet=\"true\"><p>iWell Guard s&#8217;inscriu en la tradici\u00f3 cultural i hist\u00f2rica dels objectes protectors portables, en la tradici\u00f3 dels <a href=\"https:\/\/iwell-guard.com\/ca\/?page_id=171661\">Andes \/ Inques<\/a> i de moltes altres cultures d&#8217;arreu del m\u00f3n. 41 capes, or aut\u00e8ntic, plat\u00ed, plata, fabricat a Alemanya. Dret de devoluci\u00f3 de 30 dies.<\/p><\/div>\t\t\t\t\t\t\t\t<\/div>\n\t\t\t\t<div class=\"elementor-element elementor-element-iwgw-pachakamak-ccb iwg-cc-button iwg-cc-cta-2026-05-13 elementor-widget elementor-widget-jet-button\" data-id=\"iwgw-pachakamak-ccb\" data-element_type=\"widget\" data-e-type=\"widget\" data-widget_type=\"jet-button.default\">\n\t\t\t\t<div class=\"elementor-widget-container\">\n\t\t\t\t\t<div class=\"elementor-jet-button jet-elements\"><div class=\"jet-button__container\"><a class=\"jet-button__instance jet-button__instance--icon-left hover-effect-1\" href=\"\/ueber-iwell-guard\/?utm_source=iwell-guard.com&amp;utm_medium=info-box&amp;utm_campaign=wesen-tradition\"><div class=\"jet-button__plane jet-button__plane-normal\"><\/div><div class=\"jet-button__plane jet-button__plane-hover\"><\/div><div class=\"jet-button__state jet-button__state-normal\"><span class=\"jet-button__label\">M\u00e9s informaci\u00f3 sobre l'iWell Guard<\/span><\/div><div class=\"jet-button__state jet-button__state-hover\"><span class=\"jet-button__label\">M\u00e9s informaci\u00f3 sobre l'iWell Guard<\/span><\/div><\/a><\/div><\/div><style>.elementor-element.elementor-element-iwgw-pachakamak-ccb .jet-button__instance{width:320px;height:56px;}.elementor-element.elementor-element-iwgw-pachakamak-ccb .jet-button__state-normal .jet-button__label{text-align:center;margin:0px 0px 0px 0px;color:#1a1b20;font-family:Montserrat,sans-serif;font-size:13px;font-weight:400;letter-spacing:4px;line-height:1.714em;text-transform:uppercase;}.elementor-element.elementor-element-iwgw-pachakamak-ccb .jet-button__state-hover .jet-button__label{text-align:center;margin:0px 0px 0px 0px;color:#FECC76;font-family:Montserrat,sans-serif;font-size:13px;font-weight:400;letter-spacing:4px;line-height:1.714em;text-transform:uppercase;}.elementor-element.elementor-element-iwgw-pachakamak-ccb .jet-button__plane-normal{background-color:#FECC76;border-style:solid;border-color:#C99540;border-width:2px 2px 2px 2px;}.elementor-element.elementor-element-iwgw-pachakamak-ccb .jet-button__plane-hover{background-color:rgba(0,0,0,0.55);border-style:solid;border-color:#FECC76;border-width:2px 2px 2px 2px;}<\/style>\t\t\t\t<\/div>\n\t\t\t\t<\/div>\n\t\t\t\t<div class=\"elementor-element elementor-element-iwgw-pachakamak-ccd elementor-widget elementor-widget-text-editor\" data-id=\"iwgw-pachakamak-ccd\" data-element_type=\"widget\" data-e-type=\"widget\" data-widget_type=\"text-editor.default\">\n\t\t\t\t\t\t\t\t\t<div data-nosnippet=\"true\"><p style=\"text-align:center;font-size:13px;opacity:0.7;margin-top:14px\" data-nosnippet=\"true\">Les experi\u00e8ncies personals poden variar. No \u00e9s un producte sanitari. No \u00e9s una promesa de curaci\u00f3.<\/p><\/div>\t\t\t\t\t\t\t\t<\/div>\n\t\t\t\t\t<\/div>\n\t\t\t\t<\/div>\n\t\t\t\t\t<\/div>\n\t\t\t\t<\/div>\n\t\t<div class=\"elementor-element elementor-element-iwgw-pachakamak-disc e-flex e-con-boxed e-con e-parent\" data-id=\"iwgw-pachakamak-disc\" data-element_type=\"container\" data-e-type=\"container\">\n\t\t\t\t\t<div class=\"e-con-inner\">\n\t\t\t\t<div class=\"elementor-element elementor-element-iwgw-pachakamak-discw elementor-widget elementor-widget-html\" data-id=\"iwgw-pachakamak-discw\" data-element_type=\"widget\" data-e-type=\"widget\" data-widget_type=\"html.default\">\n\t\t\t\t\t<footer data-nosnippet=\"true\" class=\"iwg-disclaimer-block\"><p data-nosnippet=\"true\">iWell Guard <strong>no \u00e9s un producte sanitari<\/strong> i no substitueix cap tractament m\u00e8dic o psicoterap\u00e8utic. Els continguts d'hist\u00f2ria de les religions s\u00f3n una classificaci\u00f3 culturohist\u00f2rica, no una recomanaci\u00f3 de pr\u00e0ctica espiritual.<\/p><\/footer>\t\t\t\t<\/div>\n\t\t\t\t\t<\/div>\n\t\t\t\t<\/div>\n\t\t\t\t<\/div>\n\t\t","protected":false},"excerpt":{"rendered":"","protected":false},"author":3,"featured_media":2681,"parent":0,"menu_order":0,"comment_status":"closed","ping_status":"closed","template":"elementor_header_footer","meta":{"_yoast_wpseo_focuskw":"Pachakamak d\u00e9u oracular Andes","_yoast_wpseo_title":"Pachakamak \u2013 D\u00e9u oracular dels Andes","_yoast_wpseo_metadesc":"Pachakamak, d\u00e9u oracular de la costa pac\u00edfica dels Andes centrals, era patr\u00f3 del lloc de pelegrinatge preshispanic m\u00e9s important dels Andes amb una ciutat-temple.","_yoast_wpseo_meta-robots-noindex":"","_yoast_wpseo_canonical":"","_angie_page":false,"gefaehrdungsstufe":"2","wesen_kultur":"anden-inka","wesen_klasse":"goetter","footnotes":""},"categories":[],"class_list":["post-171675","page","type-page","status-publish","has-post-thumbnail","hentry"],"yoast_head":"<!-- This site is optimized with the Yoast SEO Premium plugin v27.7 (Yoast SEO v28.3) - https:\/\/yoast.com\/product\/yoast-seo-premium-wordpress\/ -->\n<title>Pachakamak \u2013 D\u00e9u oracular dels Andes<\/title>\n<meta name=\"description\" content=\"Pachakamak, d\u00e9u oracular de la costa pac\u00edfica dels Andes centrals, era patr\u00f3 del lloc de pelegrinatge preshispanic m\u00e9s important dels Andes amb una ciutat-temple.\" \/>\n<meta name=\"robots\" content=\"index, follow, max-snippet:-1, max-image-preview:large, max-video-preview:-1\" \/>\n<link rel=\"canonical\" href=\"https:\/\/iwell-guard.com\/ca\/pachakamak-deu-oracular-andes\/\" \/>\n<meta property=\"og:locale\" content=\"ca_ES\" \/>\n<meta property=\"og:type\" content=\"article\" \/>\n<meta property=\"og:title\" content=\"Pachakamak \u2013 D\u00e9u oracular dels Andes\" \/>\n<meta property=\"og:description\" content=\"Pachakamak, d\u00e9u oracular de la costa pac\u00edfica dels Andes centrals, era patr\u00f3 del lloc de pelegrinatge preshispanic m\u00e9s important dels Andes amb una ciutat-temple.\" \/>\n<meta property=\"og:url\" content=\"https:\/\/iwell-guard.com\/ca\/pachakamak-deu-oracular-andes\/\" \/>\n<meta property=\"og:site_name\" content=\"iWell Guard\" \/>\n<meta property=\"article:modified_time\" content=\"2026-09-05T16:04:08+00:00\" \/>\n<meta property=\"og:image\" content=\"https:\/\/iwell-guard.com\/wp-content\/uploads\/2026\/05\/goetter_anden-inka_pachakamak.webp\" \/>\n\t<meta property=\"og:image:width\" content=\"1024\" \/>\n\t<meta property=\"og:image:height\" content=\"1536\" \/>\n\t<meta property=\"og:image:type\" content=\"image\/webp\" \/>\n<meta name=\"twitter:card\" content=\"summary_large_image\" \/>\n<script type=\"application\/ld+json\" class=\"yoast-schema-graph\">{\"@context\":\"https:\\\/\\\/schema.org\",\"@graph\":[{\"@type\":\"WebPage\",\"@id\":\"https:\\\/\\\/iwell-guard.com\\\/ca\\\/pachakamak-deu-oracular-andes\\\/\",\"url\":\"https:\\\/\\\/iwell-guard.com\\\/ca\\\/pachakamak-deu-oracular-andes\\\/\",\"name\":\"Pachakamak \u2013 D\u00e9u oracular dels Andes\",\"isPartOf\":{\"@id\":\"https:\\\/\\\/iwell-guard.com\\\/ca\\\/#website\"},\"primaryImageOfPage\":{\"@id\":\"https:\\\/\\\/iwell-guard.com\\\/ca\\\/pachakamak-deu-oracular-andes\\\/#primaryimage\"},\"image\":{\"@id\":\"https:\\\/\\\/iwell-guard.com\\\/ca\\\/pachakamak-deu-oracular-andes\\\/#primaryimage\"},\"thumbnailUrl\":\"https:\\\/\\\/iwell-guard.com\\\/wp-content\\\/uploads\\\/2026\\\/05\\\/goetter_anden-inka_pachakamak.webp\",\"datePublished\":\"2026-09-05T15:41:22+00:00\",\"dateModified\":\"2026-09-05T16:04:08+00:00\",\"description\":\"Pachakamak, d\u00e9u oracular de la costa pac\u00edfica dels Andes centrals, era patr\u00f3 del lloc de pelegrinatge preshispanic m\u00e9s important dels Andes amb una ciutat-temple.\",\"breadcrumb\":{\"@id\":\"https:\\\/\\\/iwell-guard.com\\\/ca\\\/pachakamak-deu-oracular-andes\\\/#breadcrumb\"},\"inLanguage\":\"ca\",\"potentialAction\":[{\"@type\":\"ReadAction\",\"target\":[\"https:\\\/\\\/iwell-guard.com\\\/ca\\\/pachakamak-deu-oracular-andes\\\/\"]}]},{\"@type\":\"ImageObject\",\"inLanguage\":\"ca\",\"@id\":\"https:\\\/\\\/iwell-guard.com\\\/ca\\\/pachakamak-deu-oracular-andes\\\/#primaryimage\",\"url\":\"https:\\\/\\\/iwell-guard.com\\\/wp-content\\\/uploads\\\/2026\\\/05\\\/goetter_anden-inka_pachakamak.webp\",\"contentUrl\":\"https:\\\/\\\/iwell-guard.com\\\/wp-content\\\/uploads\\\/2026\\\/05\\\/goetter_anden-inka_pachakamak.webp\",\"width\":1024,\"height\":1536,\"caption\":\"D\u00e9us de la tradici\u00f3 andina inca.\"},{\"@type\":\"BreadcrumbList\",\"@id\":\"https:\\\/\\\/iwell-guard.com\\\/ca\\\/pachakamak-deu-oracular-andes\\\/#breadcrumb\",\"itemListElement\":[{\"@type\":\"ListItem\",\"position\":1,\"name\":\"Start\",\"item\":\"https:\\\/\\\/iwell-guard.com\\\/ca\\\/?page_id=171333\"},{\"@type\":\"ListItem\",\"position\":2,\"name\":\"Pachakamak \u2013 D\u00e9u oracular dels Andes\"}]},{\"@type\":\"WebSite\",\"@id\":\"https:\\\/\\\/iwell-guard.com\\\/ca\\\/#website\",\"url\":\"https:\\\/\\\/iwell-guard.com\\\/ca\\\/\",\"name\":\"iWell Guard\",\"description\":\"Schutz vor dunklen Einfl\u00fcssen\",\"publisher\":{\"@id\":\"https:\\\/\\\/iwell-guard.com\\\/ca\\\/#organization\"},\"potentialAction\":[{\"@type\":\"SearchAction\",\"target\":{\"@type\":\"EntryPoint\",\"urlTemplate\":\"https:\\\/\\\/iwell-guard.com\\\/ca\\\/?s={search_term_string}\"},\"query-input\":{\"@type\":\"PropertyValueSpecification\",\"valueRequired\":true,\"valueName\":\"search_term_string\"}}],\"inLanguage\":\"ca\"},{\"@type\":\"Organization\",\"@id\":\"https:\\\/\\\/iwell-guard.com\\\/ca\\\/#organization\",\"name\":\"Ittermann electronic GmbH\",\"url\":\"https:\\\/\\\/iwell-guard.com\\\/ca\\\/\",\"logo\":{\"@type\":\"ImageObject\",\"inLanguage\":\"ca\",\"@id\":\"https:\\\/\\\/iwell-guard.com\\\/ca\\\/#\\\/schema\\\/logo\\\/image\\\/\",\"url\":\"https:\\\/\\\/iwell-guard.com\\\/wp-content\\\/uploads\\\/2026\\\/05\\\/Ittermann-Logo-1182x237-1.png\",\"contentUrl\":\"https:\\\/\\\/iwell-guard.com\\\/wp-content\\\/uploads\\\/2026\\\/05\\\/Ittermann-Logo-1182x237-1.png\",\"width\":1182,\"height\":237,\"caption\":\"Ittermann electronic GmbH\"},\"image\":{\"@id\":\"https:\\\/\\\/iwell-guard.com\\\/ca\\\/#\\\/schema\\\/logo\\\/image\\\/\"},\"sameAs\":[\"https:\\\/\\\/pantip.com\\\/profile\\\/9367242\",\"https:\\\/\\\/micro.blog\\\/iwellguard\",\"https:\\\/\\\/www.diggerslist.com\\\/iwellguard\\\/about\",\"https:\\\/\\\/skitterphoto.com\\\/photographers\\\/2870314\\\/iwell-guard\",\"https:\\\/\\\/iwellguard.wordpress.com\\\/2026\\\/06\\\/06\\\/iwell-guard\\\/\",\"https:\\\/\\\/hub.docker.com\\\/u\\\/iwellguard\",\"https:\\\/\\\/www.pinterest.com\\\/iwellguard\\\/\",\"https:\\\/\\\/bit.ly\\\/m\\\/iwellguard\",\"https:\\\/\\\/entre-vos-mains.alsace.eu\\\/profiles\\\/iwellguard\\\/activity\",\"https:\\\/\\\/gravatar.com\\\/reallybeded8fd34\",\"https:\\\/\\\/naijamatta.com\\\/iwellguard\",\"https:\\\/\\\/www.goodreads.com\\\/iwellguard\",\"https:\\\/\\\/profile.hatena.ne.jp\\\/iwellguard\\\/\",\"https:\\\/\\\/experiment.com\\\/users\\\/iwellguard\",\"https:\\\/\\\/wakelet.com\\\/@iWellGuard82270\",\"https:\\\/\\\/www.chordie.com\\\/forum\\\/profile.php?id=2555664\",\"https:\\\/\\\/www.instapaper.com\\\/p\\\/17757966\",\"https:\\\/\\\/www.mapleprimes.com\\\/users\\\/iwellguard\",\"https:\\\/\\\/businesslistingplus.com\\\/profile\\\/iwell-guard\\\/\",\"https:\\\/\\\/telegra.ph\\\/iWell-Guard-06-06\",\"https:\\\/\\\/pbase.com\\\/iwellguard\\\/iwellguard\",\"https:\\\/\\\/b.hatena.ne.jp\\\/iwellguard\\\/20260607#bookmark-4788405196491818882\",\"https:\\\/\\\/fliphtml5.com\\\/home\\\/iwellguard\",\"https:\\\/\\\/anyflip.com\\\/homepage\\\/cmiwl#About\",\"https:\\\/\\\/transfur.com\\\/Users\\\/iwellguard\",\"http:\\\/\\\/delphi.larsbo.org\\\/user\\\/iwellguard\",\"https:\\\/\\\/jobs.lajobsportal.org\\\/profiles\\\/8380803-iwell-guard\",\"https:\\\/\\\/md.chaosdorf.de\\\/s\\\/jfbe5SBdJD\",\"https:\\\/\\\/www.lingvolive.com\\\/en-us\\\/profile\\\/9ecaeaca-ce11-4e51-9e71-01d55e2bff36\\\/translations\",\"https:\\\/\\\/www.fitday.com\\\/fitness\\\/forums\\\/members\\\/iwellguard.html\",\"https:\\\/\\\/www.mymeetbook.com\\\/iwellguard\",\"https:\\\/\\\/pxhere.com\\\/en\\\/photographer-me\\\/5040798\",\"https:\\\/\\\/disqus.com\\\/by\\\/iwellguard\\\/about\\\/\",\"https:\\\/\\\/pastelink.net\\\/hjwciqwq\",\"https:\\\/\\\/pubhtml5.com\\\/homepage\\\/scjhn\\\/\",\"https:\\\/\\\/www.bitchute.com\\\/channel\\\/2O2eOKzNqujT\",\"https:\\\/\\\/audiomack.com\\\/iwellguard\"]},{\"@type\":\"Article\",\"@id\":\"https:\\\/\\\/iwell-guard.com\\\/ca\\\/pachakamak-deu-oracular-andes\\\/#article\",\"isPartOf\":{\"@id\":\"https:\\\/\\\/iwell-guard.com\\\/ca\\\/pachakamak-deu-oracular-andes\\\/\"},\"author\":{\"name\":\"Ralf Ittermann\",\"@id\":\"https:\\\/\\\/iwell-guard.com\\\/ca\\\/#\\\/schema\\\/person\\\/ee2a27f1cac3406c7c6fb5820cb7349f\"},\"headline\":\"Pachakamak \u2013 D\u00e9u oracular dels Andes\",\"datePublished\":\"2026-09-05T15:41:22+00:00\",\"dateModified\":\"2026-09-05T16:04:08+00:00\",\"mainEntityOfPage\":{\"@id\":\"https:\\\/\\\/iwell-guard.com\\\/ca\\\/pachakamak-deu-oracular-andes\\\/\"},\"publisher\":{\"@id\":\"https:\\\/\\\/iwell-guard.com\\\/ca\\\/#organization\"},\"image\":{\"@id\":\"https:\\\/\\\/iwell-guard.com\\\/ca\\\/pachakamak-deu-oracular-andes\\\/#primaryimage\"},\"thumbnailUrl\":\"https:\\\/\\\/iwell-guard.com\\\/wp-content\\\/uploads\\\/2026\\\/05\\\/goetter_anden-inka_pachakamak.webp\",\"inLanguage\":\"ca\",\"description\":\"Pachakamak, d\u00e9u oracular de la costa pac\u00edfica dels Andes centrals, era patr\u00f3 del lloc de pelegrinatge preshispanic m\u00e9s important dels Andes amb una ciutat-temple.\"}]}<\/script>\n<!-- \/ Yoast SEO Premium plugin. -->","yoast_head_json":{"title":"Pachakamak \u2013 D\u00e9u oracular dels Andes","description":"Pachakamak, d\u00e9u oracular de la costa pac\u00edfica dels Andes centrals, era patr\u00f3 del lloc de pelegrinatge preshispanic m\u00e9s important dels Andes amb una ciutat-temple.","robots":{"index":"index","follow":"follow","max-snippet":"max-snippet:-1","max-image-preview":"max-image-preview:large","max-video-preview":"max-video-preview:-1"},"canonical":"https:\/\/iwell-guard.com\/ca\/pachakamak-deu-oracular-andes\/","og_locale":"ca_ES","og_type":"article","og_title":"Pachakamak \u2013 D\u00e9u oracular dels Andes","og_description":"Pachakamak, d\u00e9u oracular de la costa pac\u00edfica dels Andes centrals, era patr\u00f3 del lloc de pelegrinatge preshispanic m\u00e9s important dels Andes amb una ciutat-temple.","og_url":"https:\/\/iwell-guard.com\/ca\/pachakamak-deu-oracular-andes\/","og_site_name":"iWell Guard","article_modified_time":"2026-09-05T16:04:08+00:00","og_image":[{"width":1024,"height":1536,"url":"https:\/\/iwell-guard.com\/wp-content\/uploads\/2026\/05\/goetter_anden-inka_pachakamak.webp","type":"image\/webp"}],"twitter_card":"summary_large_image","schema":{"@context":"https:\/\/schema.org","@graph":[{"@type":"Article","@id":"https:\/\/iwell-guard.com\/ca\/pachakamak-deu-oracular-andes\/#article","isPartOf":{"@id":"https:\/\/iwell-guard.com\/ca\/pachakamak-deu-oracular-andes\/"},"author":{"name":"Ralf Ittermann","@id":"https:\/\/iwell-guard.com\/ca\/#\/schema\/person\/ee2a27f1cac3406c7c6fb5820cb7349f"},"headline":"Pachakamak \u2013 D\u00e9u oracular dels Andes","datePublished":"2026-09-05T15:41:22+00:00","dateModified":"2026-09-05T16:04:08+00:00","mainEntityOfPage":{"@id":"https:\/\/iwell-guard.com\/ca\/pachakamak-deu-oracular-andes\/"},"publisher":{"@id":"https:\/\/iwell-guard.com\/ca\/#organization"},"image":{"@id":"https:\/\/iwell-guard.com\/ca\/pachakamak-deu-oracular-andes\/#primaryimage"},"thumbnailUrl":"https:\/\/iwell-guard.com\/wp-content\/uploads\/2026\/05\/goetter_anden-inka_pachakamak.webp","inLanguage":"ca","description":"Pachakamak, d\u00e9u oracular de la costa pac\u00edfica dels Andes centrals, era patr\u00f3 del lloc de pelegrinatge preshispanic m\u00e9s important dels Andes amb una ciutat-temple."},{"@type":"WebPage","@id":"https:\/\/iwell-guard.com\/ca\/pachakamak-deu-oracular-andes\/","url":"https:\/\/iwell-guard.com\/ca\/pachakamak-deu-oracular-andes\/","name":"Pachakamak \u2013 D\u00e9u oracular dels Andes","isPartOf":{"@id":"https:\/\/iwell-guard.com\/ca\/#website"},"primaryImageOfPage":{"@id":"https:\/\/iwell-guard.com\/ca\/pachakamak-deu-oracular-andes\/#primaryimage"},"image":{"@id":"https:\/\/iwell-guard.com\/ca\/pachakamak-deu-oracular-andes\/#primaryimage"},"thumbnailUrl":"https:\/\/iwell-guard.com\/wp-content\/uploads\/2026\/05\/goetter_anden-inka_pachakamak.webp","datePublished":"2026-09-05T15:41:22+00:00","dateModified":"2026-09-05T16:04:08+00:00","description":"Pachakamak, d\u00e9u oracular de la costa pac\u00edfica dels Andes centrals, era patr\u00f3 del lloc de pelegrinatge preshispanic m\u00e9s important dels Andes amb una ciutat-temple.","breadcrumb":{"@id":"https:\/\/iwell-guard.com\/ca\/pachakamak-deu-oracular-andes\/#breadcrumb"},"inLanguage":"ca","potentialAction":[{"@type":"ReadAction","target":["https:\/\/iwell-guard.com\/ca\/pachakamak-deu-oracular-andes\/"]}]},{"@type":"ImageObject","inLanguage":"ca","@id":"https:\/\/iwell-guard.com\/ca\/pachakamak-deu-oracular-andes\/#primaryimage","url":"https:\/\/iwell-guard.com\/wp-content\/uploads\/2026\/05\/goetter_anden-inka_pachakamak.webp","contentUrl":"https:\/\/iwell-guard.com\/wp-content\/uploads\/2026\/05\/goetter_anden-inka_pachakamak.webp","width":1024,"height":1536,"caption":"D\u00e9us de la tradici\u00f3 andina inca."},{"@type":"BreadcrumbList","@id":"https:\/\/iwell-guard.com\/ca\/pachakamak-deu-oracular-andes\/#breadcrumb","itemListElement":[{"@type":"ListItem","position":1,"name":"Start","item":"https:\/\/iwell-guard.com\/ca\/?page_id=171333"},{"@type":"ListItem","position":2,"name":"Pachakamak \u2013 D\u00e9u oracular dels Andes"}]},{"@type":"WebSite","@id":"https:\/\/iwell-guard.com\/ca\/#website","url":"https:\/\/iwell-guard.com\/ca\/","name":"iWell Guard","description":"Schutz vor dunklen Einfl\u00fcssen","publisher":{"@id":"https:\/\/iwell-guard.com\/ca\/#organization"},"potentialAction":[{"@type":"SearchAction","target":{"@type":"EntryPoint","urlTemplate":"https:\/\/iwell-guard.com\/ca\/?s={search_term_string}"},"query-input":{"@type":"PropertyValueSpecification","valueRequired":true,"valueName":"search_term_string"}}],"inLanguage":"ca"},{"@type":"Organization","@id":"https:\/\/iwell-guard.com\/ca\/#organization","name":"Ittermann electronic GmbH","url":"https:\/\/iwell-guard.com\/ca\/","logo":{"@type":"ImageObject","inLanguage":"ca","@id":"https:\/\/iwell-guard.com\/ca\/#\/schema\/logo\/image\/","url":"https:\/\/iwell-guard.com\/wp-content\/uploads\/2026\/05\/Ittermann-Logo-1182x237-1.png","contentUrl":"https:\/\/iwell-guard.com\/wp-content\/uploads\/2026\/05\/Ittermann-Logo-1182x237-1.png","width":1182,"height":237,"caption":"Ittermann electronic GmbH"},"image":{"@id":"https:\/\/iwell-guard.com\/ca\/#\/schema\/logo\/image\/"},"sameAs":["https:\/\/pantip.com\/profile\/9367242","https:\/\/micro.blog\/iwellguard","https:\/\/www.diggerslist.com\/iwellguard\/about","https:\/\/skitterphoto.com\/photographers\/2870314\/iwell-guard","https:\/\/iwellguard.wordpress.com\/2026\/06\/06\/iwell-guard\/","https:\/\/hub.docker.com\/u\/iwellguard","https:\/\/www.pinterest.com\/iwellguard\/","https:\/\/bit.ly\/m\/iwellguard","https:\/\/entre-vos-mains.alsace.eu\/profiles\/iwellguard\/activity","https:\/\/gravatar.com\/reallybeded8fd34","https:\/\/naijamatta.com\/iwellguard","https:\/\/www.goodreads.com\/iwellguard","https:\/\/profile.hatena.ne.jp\/iwellguard\/","https:\/\/experiment.com\/users\/iwellguard","https:\/\/wakelet.com\/@iWellGuard82270","https:\/\/www.chordie.com\/forum\/profile.php?id=2555664","https:\/\/www.instapaper.com\/p\/17757966","https:\/\/www.mapleprimes.com\/users\/iwellguard","https:\/\/businesslistingplus.com\/profile\/iwell-guard\/","https:\/\/telegra.ph\/iWell-Guard-06-06","https:\/\/pbase.com\/iwellguard\/iwellguard","https:\/\/b.hatena.ne.jp\/iwellguard\/20260607#bookmark-4788405196491818882","https:\/\/fliphtml5.com\/home\/iwellguard","https:\/\/anyflip.com\/homepage\/cmiwl#About","https:\/\/transfur.com\/Users\/iwellguard","http:\/\/delphi.larsbo.org\/user\/iwellguard","https:\/\/jobs.lajobsportal.org\/profiles\/8380803-iwell-guard","https:\/\/md.chaosdorf.de\/s\/jfbe5SBdJD","https:\/\/www.lingvolive.com\/en-us\/profile\/9ecaeaca-ce11-4e51-9e71-01d55e2bff36\/translations","https:\/\/www.fitday.com\/fitness\/forums\/members\/iwellguard.html","https:\/\/www.mymeetbook.com\/iwellguard","https:\/\/pxhere.com\/en\/photographer-me\/5040798","https:\/\/disqus.com\/by\/iwellguard\/about\/","https:\/\/pastelink.net\/hjwciqwq","https:\/\/pubhtml5.com\/homepage\/scjhn\/","https:\/\/www.bitchute.com\/channel\/2O2eOKzNqujT","https:\/\/audiomack.com\/iwellguard"]},{"@type":"Person","@id":"https:\/\/iwell-guard.com\/ca\/#\/schema\/person\/ee2a27f1cac3406c7c6fb5820cb7349f","name":"Ralf Ittermann","image":{"@type":"ImageObject","inLanguage":"ca","@id":"https:\/\/secure.gravatar.com\/avatar\/073c0153e350a5005b68eb752b445fea71f6b24a26da9449ad7e155e6b446c9d?s=96&d=mm&r=g","url":"https:\/\/secure.gravatar.com\/avatar\/073c0153e350a5005b68eb752b445fea71f6b24a26da9449ad7e155e6b446c9d?s=96&d=mm&r=g","contentUrl":"https:\/\/secure.gravatar.com\/avatar\/073c0153e350a5005b68eb752b445fea71f6b24a26da9449ad7e155e6b446c9d?s=96&d=mm&r=g","caption":"Ralf Ittermann"},"givenName":"Ralf","familyName":"Ittermann","jobTitle":"Gesch\u00e4ftsf\u00fchrer und redaktioneller Verantwortlicher","url":"https:\/\/iwell-guard.com\/ca\/author\/claude\/","description":"Ralf Ittermann ist Gesch\u00e4ftsf\u00fchrer der Ittermann electronic GmbH und redaktioneller Verantwortlicher des iWell-Guard-Lexikons. Er verbindet langj\u00e4hrige Erfahrung in der Pr\u00e4zisionsfertigung mit medialer Praxis und religionsgeschichtlicher Quellenarbeit.","worksFor":{"@type":"Organization","name":"Ittermann electronic GmbH","url":"https:\/\/ittermann.de\/","address":{"@type":"PostalAddress","streetAddress":"K\u00f6hlergasse 16-18","postalCode":"99842","addressLocality":"Ruhla","addressCountry":"DE"}},"knowsAbout":["Religionsgeschichte","Mythologie","Mediale Praxis","Energetische Diagnostik","Schutzpraxis","Volksglauben","Westliche Esoterik"]},{"@type":"Article","@id":"https:\/\/iwell-guard.com\/ca\/pachakamak-deu-oracular-andes\/#article","isPartOf":{"@id":"https:\/\/iwell-guard.com\/ca\/pachakamak-deu-oracular-andes\/"},"author":{"name":"Ralf Ittermann","@id":"https:\/\/iwell-guard.com\/ca\/#\/schema\/person\/ee2a27f1cac3406c7c6fb5820cb7349f"},"headline":"Pachakamak \u2013 D\u00e9u oracular dels Andes","datePublished":"2026-09-05T15:41:22+00:00","dateModified":"2026-09-05T16:04:08+00:00","mainEntityOfPage":{"@id":"https:\/\/iwell-guard.com\/ca\/pachakamak-deu-oracular-andes\/"},"publisher":{"@id":"https:\/\/iwell-guard.com\/ca\/#organization"},"image":{"@id":"https:\/\/iwell-guard.com\/ca\/pachakamak-deu-oracular-andes\/#primaryimage"},"thumbnailUrl":"https:\/\/iwell-guard.com\/wp-content\/uploads\/2026\/05\/goetter_anden-inka_pachakamak.webp","inLanguage":"ca","description":"Pachakamak, d\u00e9u oracular de la costa pac\u00edfica dels Andes centrals, era patr\u00f3 del lloc de pelegrinatge preshispanic m\u00e9s important dels Andes amb una ciutat-temple."}]}},"_links":{"self":[{"href":"https:\/\/iwell-guard.com\/ca\/wp-json\/wp\/v2\/pages\/171675","targetHints":{"allow":["GET"]}}],"collection":[{"href":"https:\/\/iwell-guard.com\/ca\/wp-json\/wp\/v2\/pages"}],"about":[{"href":"https:\/\/iwell-guard.com\/ca\/wp-json\/wp\/v2\/types\/page"}],"author":[{"embeddable":true,"href":"https:\/\/iwell-guard.com\/ca\/wp-json\/wp\/v2\/users\/3"}],"replies":[{"embeddable":true,"href":"https:\/\/iwell-guard.com\/ca\/wp-json\/wp\/v2\/comments?post=171675"}],"version-history":[{"count":0,"href":"https:\/\/iwell-guard.com\/ca\/wp-json\/wp\/v2\/pages\/171675\/revisions"}],"wp:featuredmedia":[{"embeddable":true,"href":"https:\/\/iwell-guard.com\/ca\/wp-json\/wp\/v2\/media\/2681"}],"wp:attachment":[{"href":"https:\/\/iwell-guard.com\/ca\/wp-json\/wp\/v2\/media?parent=171675"}],"wp:term":[{"taxonomy":"category","embeddable":true,"href":"https:\/\/iwell-guard.com\/ca\/wp-json\/wp\/v2\/categories?post=171675"}],"curies":[{"name":"wp","href":"https:\/\/api.w.org\/{rel}","templated":true}]}}