{"id":171673,"date":"2026-09-05T15:41:20","date_gmt":"2026-09-05T15:41:20","guid":{"rendered":"https:\/\/iwell-guard.com\/?page_id=171673"},"modified":"2026-09-05T16:04:03","modified_gmt":"2026-09-05T16:04:03","slug":"viracocha-deu-creador-andes","status":"publish","type":"page","link":"https:\/\/iwell-guard.com\/ca\/viracocha-deu-creador-andes\/","title":{"rendered":"Viracocha \u2013 D\u00e9u creador dels Andes"},"content":{"rendered":"\t\t<div data-elementor-type=\"wp-page\" data-elementor-id=\"171673\" class=\"elementor elementor-171673 elementor-2576 elementor-bc-flex-widget\" data-elementor-post-type=\"page\">\n\t\t\t\t<div class=\"elementor-element elementor-element-iwgw-viracocha-hero e-flex e-con-boxed e-con e-parent\" data-id=\"iwgw-viracocha-hero\" data-element_type=\"container\" data-e-type=\"container\" data-settings=\"{&quot;background_background&quot;:&quot;classic&quot;}\">\n\t\t\t\t\t<div class=\"e-con-inner\">\n\t\t<div class=\"elementor-element elementor-element-iwgw-viracocha-hl e-flex e-con-boxed e-con e-child\" data-id=\"iwgw-viracocha-hl\" data-element_type=\"container\" data-e-type=\"container\">\n\t\t\t\t\t<div class=\"e-con-inner\">\n\t\t<div class=\"elementor-element elementor-element-iwgw-viracocha-htxt e-con-full e-flex e-con e-child\" data-id=\"iwgw-viracocha-htxt\" data-element_type=\"container\" data-e-type=\"container\">\n\t\t\t\t<div class=\"elementor-element elementor-element-iwgw-viracocha-h1 elementor-widget elementor-widget-heading\" data-id=\"iwgw-viracocha-h1\" data-element_type=\"widget\" data-e-type=\"widget\" data-widget_type=\"heading.default\">\n\t\t\t\t\t<h1 class=\"elementor-heading-title elementor-size-default\">Viracocha, d\u00e9u creador i ordenador c\u00f2smic del m\u00f3n and\u00ed<\/h1>\t\t\t\t<\/div>\n\t\t\t\t<div class=\"elementor-element elementor-element-iwgw-viracocha-lead elementor-widget elementor-widget-text-editor\" data-id=\"iwgw-viracocha-lead\" data-element_type=\"widget\" data-e-type=\"widget\" data-widget_type=\"text-editor.default\">\n\t\t\t\t\t\t\t\t\t<p>Viracocha (qu\u00edtxua: <em>Wiraqucha<\/em>) \u00e9s, en les primeres cr\u00f2niques de l&#8217;antic Per\u00fa espanyol, el d\u00e9u creador suprem dels Andes, que crea el m\u00f3n a partir del llac Titicaca i modela la humanitat amb pedra. En la <span class=\"iwg-fachbegriff\" data-tooltip=\"La doctrina cient\u00edfica sobre D\u00e9u i sobre la fe d'una religi\u00f3.\" tabindex=\"0\">teologia<\/span> estatal de l&#8217;imperi inca tard\u00e0 va quedar en un segon pla davant <a href=\"https:\/\/iwell-guard.com\/ca\/?page_id=171671\">Inti<\/a>, per\u00f2 va conservar la seva import\u00e0ncia com a principi cosmol\u00f2gic.<\/p>\t\t\t\t\t\t\t\t<\/div>\n\t\t\t\t<\/div>\n\t\t<div class=\"elementor-element elementor-element-iwgw-viracocha-pillc e-con-full e-flex e-con e-child\" data-id=\"iwgw-viracocha-pillc\" data-element_type=\"container\" data-e-type=\"container\">\n\t\t\t\t<div class=\"elementor-element elementor-element-iwgw-viracocha-pills elementor-widget elementor-widget-html\" data-id=\"iwgw-viracocha-pills\" data-element_type=\"widget\" data-e-type=\"widget\" data-widget_type=\"html.default\">\n\t\t\t\t\t<div class=\"iwg-pill-row\"><span class=\"iwg-klasse-badge\" tabindex=\"0\" data-tooltip=\"Creador de la tradici\u00f3 Andes \/ Inca.\">Creador<\/span><a href=\"https:\/\/iwell-guard.com\/ca\/?page_id=171661\" class=\"iwg-kultur-badge\" tabindex=\"0\" data-tooltip=\"Mitologia de la tradici\u00f3 Andes \/ Inca.\">Andes \/ Inca<\/a><span class=\"iwg-tradition-badge\" tabindex=\"0\" data-tooltip=\"D\u00e9u creador.\">D\u00e9u creador<\/span><\/div>\t\t\t\t<\/div>\n\t\t\t\t<\/div>\n\t\t<div class=\"elementor-element elementor-element-iwgw-viracocha-tocc e-con-full e-flex e-con e-child\" data-id=\"iwgw-viracocha-tocc\" data-element_type=\"container\" data-e-type=\"container\">\n\t\t\t\t<div class=\"elementor-element elementor-element-iwgw-viracocha-toc elementor-toc--minimized-on-tablet elementor-widget elementor-widget-table-of-contents\" data-id=\"iwgw-viracocha-toc\" data-element_type=\"widget\" data-e-type=\"widget\" data-settings=\"{&quot;headings_by_tags&quot;:[&quot;h2&quot;,&quot;h3&quot;],&quot;minimize_box&quot;:&quot;yes&quot;,&quot;marker_view&quot;:&quot;bullets&quot;,&quot;no_headings_message&quot;:&quot;No s&#039;ha trobat cap encap\\u00e7alament en aquesta p\\u00e0gina.&quot;,&quot;exclude_headings_by_selector&quot;:[],&quot;icon&quot;:{&quot;value&quot;:&quot;fas fa-circle&quot;,&quot;library&quot;:&quot;fa-solid&quot;,&quot;rendered_tag&quot;:&quot;&lt;svg class=\\&quot;e-font-icon-svg e-fas-circle\\&quot; viewBox=\\&quot;0 0 512 512\\&quot; xmlns=\\&quot;http:\\\/\\\/www.w3.org\\\/2000\\\/svg\\&quot;&gt;&lt;path d=\\&quot;M256 8C119 8 8 119 8 256s111 248 248 248 248-111 248-248S393 8 256 8z\\&quot;&gt;&lt;\\\/path&gt;&lt;\\\/svg&gt;&quot;},&quot;minimized_on&quot;:&quot;tablet&quot;,&quot;hierarchical_view&quot;:&quot;yes&quot;,&quot;min_height&quot;:{&quot;unit&quot;:&quot;px&quot;,&quot;size&quot;:&quot;&quot;,&quot;sizes&quot;:[]},&quot;min_height_tablet&quot;:{&quot;unit&quot;:&quot;px&quot;,&quot;size&quot;:&quot;&quot;,&quot;sizes&quot;:[]},&quot;min_height_mobile&quot;:{&quot;unit&quot;:&quot;px&quot;,&quot;size&quot;:&quot;&quot;,&quot;sizes&quot;:[]}}\" data-widget_type=\"table-of-contents.default\">\n\t\t\t\t\t\t\t\t\t<div class=\"elementor-toc__header\">\n\t\t\t\t\t\t<h2 class=\"elementor-toc__header-title\">\n\t\t\t\t\u00cdndex\t\t\t<\/h2>\n\t\t\t\t\t\t\t\t\t\t<div class=\"elementor-toc__toggle-button elementor-toc__toggle-button--expand\" role=\"button\" tabindex=\"0\" aria-controls=\"elementor-toc__iwgw-viracocha-toc\" aria-expanded=\"true\" aria-label=\"Open table of contents\"><svg aria-hidden=\"true\" class=\"e-font-icon-svg e-fas-chevron-down\" viewBox=\"0 0 448 512\" xmlns=\"http:\/\/www.w3.org\/2000\/svg\"><path d=\"M207.029 381.476L12.686 187.132c-9.373-9.373-9.373-24.569 0-33.941l22.667-22.667c9.357-9.357 24.522-9.375 33.901-.04L224 284.505l154.745-154.021c9.379-9.335 24.544-9.317 33.901.04l22.667 22.667c9.373 9.373 9.373 24.569 0 33.941L240.971 381.476c-9.373 9.372-24.569 9.372-33.942 0z\"><\/path><\/svg><\/div>\n\t\t\t\t<div class=\"elementor-toc__toggle-button elementor-toc__toggle-button--collapse\" role=\"button\" tabindex=\"0\" aria-controls=\"elementor-toc__iwgw-viracocha-toc\" aria-expanded=\"true\" aria-label=\"Close table of contents\"><svg aria-hidden=\"true\" class=\"e-font-icon-svg e-fas-chevron-up\" viewBox=\"0 0 448 512\" xmlns=\"http:\/\/www.w3.org\/2000\/svg\"><path d=\"M240.971 130.524l194.343 194.343c9.373 9.373 9.373 24.569 0 33.941l-22.667 22.667c-9.357 9.357-24.522 9.375-33.901.04L224 227.495 69.255 381.516c-9.379 9.335-24.544 9.317-33.901-.04l-22.667-22.667c-9.373-9.373-9.373-24.569 0-33.941L207.03 130.525c9.372-9.373 24.568-9.373 33.941-.001z\"><\/path><\/svg><\/div>\n\t\t\t\t\t<\/div>\n\t\t\t\t<div id=\"elementor-toc__iwgw-viracocha-toc\" class=\"elementor-toc__body\">\n\t\t\t<div class=\"elementor-toc__spinner-container\">\n\t\t\t\t<svg class=\"elementor-toc__spinner eicon-animation-spin e-font-icon-svg e-eicon-loading\" aria-hidden=\"true\" viewBox=\"0 0 1000 1000\" xmlns=\"http:\/\/www.w3.org\/2000\/svg\"><path d=\"M500 975V858C696 858 858 696 858 500S696 142 500 142 142 304 142 500H25C25 237 238 25 500 25S975 237 975 500 763 975 500 975Z\"><\/path><\/svg>\t\t\t<\/div>\n\t\t<\/div>\n\t\t\t\t\t\t<\/div>\n\t\t\t\t<\/div>\n\t\t\t\t\t<\/div>\n\t\t\t\t<\/div>\n\t\t<div class=\"elementor-element elementor-element-iwgw-viracocha-hr e-con-full e-flex e-con e-child\" data-id=\"iwgw-viracocha-hr\" data-element_type=\"container\" data-e-type=\"container\">\n\t\t\t\t<div class=\"elementor-element elementor-element-iwgw-viracocha-heroimg iwg-hero-image elementor-widget elementor-widget-image\" data-id=\"iwgw-viracocha-heroimg\" data-element_type=\"widget\" data-e-type=\"widget\" data-widget_type=\"image.default\">\n\t\t\t\t\t\t\t\t\t\t\t\t\t\t\t<img fetchpriority=\"high\" decoding=\"async\" width=\"683\" height=\"1024\" src=\"https:\/\/iwell-guard.com\/wp-content\/uploads\/2026\/05\/goetter_anden-inka_viracocha-683x1024.webp\" class=\"attachment-large size-large wp-image-2684\" alt=\"Viracocha \u2013 D\u00e9u creador dels Andes\" srcset=\"https:\/\/iwell-guard.com\/wp-content\/uploads\/2026\/05\/goetter_anden-inka_viracocha-683x1024.webp 683w, https:\/\/iwell-guard.com\/wp-content\/uploads\/2026\/05\/goetter_anden-inka_viracocha-200x300.webp 200w, https:\/\/iwell-guard.com\/wp-content\/uploads\/2026\/05\/goetter_anden-inka_viracocha-768x1152.webp 768w, https:\/\/iwell-guard.com\/wp-content\/uploads\/2026\/05\/goetter_anden-inka_viracocha.webp 1024w\" sizes=\"(max-width: 683px) 100vw, 683px\" \/>\t\t\t\t\t\t\t\t\t\t\t\t\t\t\t<\/div>\n\t\t\t\t<\/div>\n\t\t\t\t\t<\/div>\n\t\t\t\t<\/div>\n\t\t\t\t<section class=\"elementor-section elementor-top-section elementor-element elementor-element-sec-iwgcomp-viracocha elementor-section-boxed elementor-section-height-default elementor-section-height-default\" data-id=\"sec-iwgcomp-viracocha\" data-element_type=\"section\" data-e-type=\"section\">\n\t\t\t\t\t\t<div class=\"elementor-container elementor-column-gap-default\">\n\t\t\t\t\t<div class=\"elementor-column elementor-col-100 elementor-top-column elementor-element elementor-element-col-iwgcomp-viracocha\" data-id=\"col-iwgcomp-viracocha\" data-element_type=\"column\" data-e-type=\"column\">\n\t\t\t<div class=\"elementor-widget-wrap elementor-element-populated\">\n\t\t\t\t\t\t<div class=\"elementor-element elementor-element-iwgcomp-viracocha elementor-widget elementor-widget-text-editor\" data-id=\"iwgcomp-viracocha\" data-element_type=\"widget\" data-e-type=\"widget\" data-widget_type=\"text-editor.default\">\n\t\t\t\t\t\t\t\t\t<p>Viracocha, el <strong>d\u00e9u creador inca<\/strong>, \u00e9s considerat la divinitat suprema m\u00e9s antiga de la <span class=\"iwg-fachbegriff\" data-tooltip=\"Concepci\u00f3 sobre l'estructura i l'ordre del m\u00f3n dins d'una cultura.\" tabindex=\"0\">cosmologia<\/span> inca.<\/p>\t\t\t\t\t\t\t\t<\/div>\n\t\t\t\t\t<\/div>\n\t\t<\/div>\n\t\t\t\t\t<\/div>\n\t\t<\/section>\n\t\t<div class=\"elementor-element elementor-element-iwgw-viracocha-s0 e-flex e-con-boxed e-con e-parent\" data-id=\"iwgw-viracocha-s0\" data-element_type=\"container\" data-e-type=\"container\">\n\t\t\t\t\t<div class=\"e-con-inner\">\n\t\t\t\t<div class=\"elementor-element elementor-element-iwgw-viracocha-s0h elementor-widget elementor-widget-heading\" data-id=\"iwgw-viracocha-s0h\" data-element_type=\"widget\" data-e-type=\"widget\" data-widget_type=\"heading.default\">\n\t\t\t\t\t<h2 class=\"elementor-heading-title elementor-size-default\">Ubicaci\u00f3 en el pante\u00f3 and\u00ed<\/h2>\t\t\t\t<\/div>\n\t\t<div class=\"elementor-element elementor-element-iwgw-viracocha-s0c e-con-full e-flex e-con e-child\" data-id=\"iwgw-viracocha-s0c\" data-element_type=\"container\" data-e-type=\"container\">\n\t\t\t\t<div class=\"elementor-element elementor-element-iwgw-viracocha-s0t elementor-widget elementor-widget-text-editor\" data-id=\"iwgw-viracocha-s0t\" data-element_type=\"widget\" data-e-type=\"widget\" data-widget_type=\"text-editor.default\">\n\t\t\t\t\t\t\t\t\t<p>Viracocha \u00e9s una figura teol\u00f2gicament complexa que apareix a les cr\u00f2niques amb nombrosos ep\u00edtets: <em>Apu Qun Tiqsi Wiraqucha<\/em>, <em>Pachayachachiq<\/em> (Mestre del M\u00f3n), <em>Illa Tiqsi Wiraqucha<\/em> (Wiraqucha-fonament de llum). Aquests noms d&#8217;aspecte cal llegir-los, segons l&#8217;indici de Pierre Duviol, com a testimoni d&#8217;una <span class=\"iwg-fachbegriff\" data-tooltip=\"La doctrina cient\u00edfica sobre D\u00e9u i sobre la fe d'una religi\u00f3.\" tabindex=\"0\">teologia<\/span> genu\u00efnament andina i filos\u00f2fico-especulativa, activa sota la superf\u00edcie del culte d&#8217;alta cultura amb aparen\u00e7a personal-divina.<\/p><p>Les cr\u00f2niques primerenques (Cieza de Le\u00f3n, Sarmiento de Gamboa, Crist\u00f3bal de Molina) presenten Viracocha com l&#8217;\u00e9sser suprem per damunt de totes les altres divinitats.<\/p><p>Garcilaso de la Vega, que escriu m\u00e9s tard i est\u00e0 m\u00e9s orientat cap a la posici\u00f3 posterior d&#8217;Inti en \u00e8poca inca, descriu la relaci\u00f3 de manera m\u00e9s complicada: Inti seria el sobir\u00e0 visible i Viracocha el creador invisible. Des del punt de vista de la ci\u00e8ncia de les religions, s&#8217;hi reconeix una estratificaci\u00f3 teol\u00f2gica en qu\u00e8 conviuen una creen\u00e7a creadora m\u00e9s antiga i una <span class=\"iwg-fachbegriff\" data-tooltip=\"La doctrina cient\u00edfica sobre D\u00e9u i sobre la fe d'una religi\u00f3.\" tabindex=\"0\">teologia<\/span> solar imperial m\u00e9s jove.<\/p><p>\u00c9s remarcable que, a la zona aimara, Viracocha era anomenat <em>Tunupa<\/em> o <em>Tonopa<\/em>, una figura amb narracions mitol\u00f2giques pr\u00f2pies que l&#8217;etn\u00f2loga de la religi\u00f3 Th\u00e9r\u00e8se Bouysse-Cassagne ha estudiat detingudament a <em>Lluvias y cenizas<\/em> (1988).<\/p><p>Entre els aimares, Tunupa \u00e9s un creador menys inequ\u00edvoc que el Viracocha inca; presenta tamb\u00e9 trets propers al trickster i est\u00e0 estretament vinculat al vulcanisme de la regi\u00f3.<\/p>\t\t\t\t\t\t\t\t<\/div>\n\t\t\t\t<\/div>\n\t\t\t\t\t<\/div>\n\t\t\t\t<\/div>\n\t\t<div class=\"elementor-element elementor-element-iwgw-viracocha-s1 e-flex e-con-boxed e-con e-parent\" data-id=\"iwgw-viracocha-s1\" data-element_type=\"container\" data-e-type=\"container\">\n\t\t\t\t\t<div class=\"e-con-inner\">\n\t\t\t\t<div class=\"elementor-element elementor-element-iwgw-viracocha-s1h elementor-widget elementor-widget-heading\" data-id=\"iwgw-viracocha-s1h\" data-element_type=\"widget\" data-e-type=\"widget\" data-widget_type=\"heading.default\">\n\t\t\t\t\t<h2 class=\"elementor-heading-title elementor-size-default\">Nom i etimologia<\/h2>\t\t\t\t<\/div>\n\t\t<div class=\"elementor-element elementor-element-iwgw-viracocha-s1c e-con-full e-flex e-con e-child\" data-id=\"iwgw-viracocha-s1c\" data-element_type=\"container\" data-e-type=\"container\">\n\t\t\t\t<div class=\"elementor-element elementor-element-iwgw-viracocha-s1t elementor-widget elementor-widget-text-editor\" data-id=\"iwgw-viracocha-s1t\" data-element_type=\"widget\" data-e-type=\"widget\" data-widget_type=\"text-editor.default\">\n\t\t\t\t\t\t\t\t\t<p>L&#8217;etimologia del nom <em>Wiraqucha<\/em> \u00e9s discutida des de fa temps. Garcilaso de la Vega el fa derivar de <em>wira<\/em> (greix, nata) i <em>qucha<\/em> (llac), i el tradueix com a <em>greix del llac<\/em> o <em>escuma sobre l&#8217;aigua<\/em>. Aquesta etimologia s&#8217;adiu b\u00e9 amb el <span class=\"iwg-fachbegriff\" data-tooltip=\"Un relat transm\u00e8s sobre d\u00e9us, or\u00edgens i l'ordre del m\u00f3n.\" tabindex=\"0\">mite<\/span> del creador aqu\u00e0tic sorgit del Titicaca, per\u00f2 no \u00e9s ling\u00fc\u00edsticament concloent.<\/p><p>Una lectura alternativa vincula la primera s\u00edl\u00b7laba amb <em>wila<\/em> (aimara: sang) i arriba a <em>sang del llac<\/em> o a la idea d&#8217;una aigua vermella i volc\u00e0nica.<\/p><p>C\u00e9sar Itier, en els seus treballs ling\u00fc\u00edstics (2008, 2013), ha assenyalat una possible tercera lectura, segons la qual <em>wira<\/em> podria remuntar-se a una arrel antiga <em>wir-<\/em> amb el significat de <em>resplendor<\/em> o <em>llu\u00efssor de llum<\/em>; aix\u00ed, Wiraqucha seria la <em>resplendor lluminosa del llac<\/em>.<\/p><p>En l&#8217;\u00fas colonial, <em>wiraqucha<\/em> es va convertir molt aviat en una forma de tractament per als espanyols, primer perqu\u00e8 els inques van prendre els conqueridors barbats per manifestacions del d\u00e9u creador barbat, i despr\u00e9s com a f\u00f3rmula honor\u00edfica general, encara avui usada en algunes regions de parla qu\u00edtxua per dir <em>senyor<\/em> o <em>se\u00f1or<\/em>.<\/p>\t\t\t\t\t\t\t\t<\/div>\n\t\t\t\t<\/div>\n\t\t\t\t\t<\/div>\n\t\t\t\t<\/div>\n\t\t<div class=\"elementor-element elementor-element-iwgw-viracocha-s2 e-flex e-con-boxed e-con e-parent\" data-id=\"iwgw-viracocha-s2\" data-element_type=\"container\" data-e-type=\"container\">\n\t\t\t\t\t<div class=\"e-con-inner\">\n\t\t\t\t<div class=\"elementor-element elementor-element-iwgw-viracocha-s2h elementor-widget elementor-widget-heading\" data-id=\"iwgw-viracocha-s2h\" data-element_type=\"widget\" data-e-type=\"widget\" data-widget_type=\"heading.default\">\n\t\t\t\t\t<h2 class=\"elementor-heading-title elementor-size-default\">Descripci\u00f3 i iconografia<\/h2>\t\t\t\t<\/div>\n\t\t<div class=\"elementor-element elementor-element-iwgw-viracocha-s2c e-con-full e-flex e-con e-child\" data-id=\"iwgw-viracocha-s2c\" data-element_type=\"container\" data-e-type=\"container\">\n\t\t\t\t<div class=\"elementor-element elementor-element-iwgw-viracocha-s2t elementor-widget elementor-widget-text-editor\" data-id=\"iwgw-viracocha-s2t\" data-element_type=\"widget\" data-e-type=\"widget\" data-widget_type=\"text-editor.default\">\n\t\t\t\t\t\t\t\t\t<p>A les fonts, Viracocha \u00e9s descrit sovint, de manera inusual, com un anci\u00e0 barbut que recorre els Andes amb un mantell llarg, un bast\u00f3 i una corona solar.<\/p><p>Aquesta descripci\u00f3 s&#8217;allunya de la iconografia ind\u00edgena t\u00edpica dels Andes, on els homes barbuts s\u00f3n pr\u00e0cticament desconeguts, i ha donat lloc a l&#8217;antiga especulaci\u00f3 que Viracocha seria un ress\u00f2 hist\u00f2ric d&#8217;un visitant precolomb\u00ed procedent d&#8217;Eur\u00e0sia. Aquesta especulaci\u00f3 ha estat descartada per la recerca moderna.<\/p><p>La font iconogr\u00e0fica principal \u00e9s la famosa <em>Porta del Sol de Tiwanaku<\/em> (aprox. 600\u20131000 dC), al centre de la qual apareix una figura central amb corona radiada i els bra\u00e7os estesos sim\u00e8tricament, en els quals sost\u00e9 dos bastons (sovint interpretats com a llan\u00e7adores de projectils).<\/p><p>Aquesta figura, anomenada <em>Staffgod<\/em>, s&#8217;identifica regularment amb Viracocha en la literatura arqueol\u00f2gica, encara que no s&#8217;ha transm\u00e8s la denominaci\u00f3 \u00e8mica pr\u00f2pia de la cultura de Tiwanaku per a aquesta figura. Karen Wise i John Janusek, en la seva recerca sobre Tiwanaku, han advertit repetidament sobre la necessitat de prud\u00e8ncia en aquesta identificaci\u00f3.<\/p><p>Tamb\u00e9 \u00e9s habitual la vinculaci\u00f3 de Viracocha amb la capital inca de Cusco i el seu <span class=\"iwg-fachbegriff\" data-tooltip=\"Un edifici destinat al culte d'una o diverses divinitats.\" tabindex=\"0\">temple<\/span> central, el Coricancha. Segons Sarmiento, l&#8217;inca Pachacuti hauria fet erigir una est\u00e0tua pr\u00f2pia de Wiraqucha al Coricancha, una imatge completa d&#8217;or que els espanyols encara van trobar el 1532.<\/p>\t\t\t\t\t\t\t\t<\/div>\n\t\t\t\t<\/div>\n\t\t\t\t\t<\/div>\n\t\t\t\t<\/div>\n\t\t<div class=\"elementor-element elementor-element-iwgw-viracocha-s3 e-flex e-con-boxed e-con e-parent\" data-id=\"iwgw-viracocha-s3\" data-element_type=\"container\" data-e-type=\"container\">\n\t\t\t\t\t<div class=\"e-con-inner\">\n\t\t\t\t<div class=\"elementor-element elementor-element-iwgw-viracocha-s3h elementor-widget elementor-widget-heading\" data-id=\"iwgw-viracocha-s3h\" data-element_type=\"widget\" data-e-type=\"widget\" data-widget_type=\"heading.default\">\n\t\t\t\t\t<h2 class=\"elementor-heading-title elementor-size-default\">Relats mitol\u00f2gics<\/h2>\t\t\t\t<\/div>\n\t\t<div class=\"elementor-element elementor-element-iwgw-viracocha-s3c e-con-full e-flex e-con e-child\" data-id=\"iwgw-viracocha-s3c\" data-element_type=\"container\" data-e-type=\"container\">\n\t\t\t\t<div class=\"elementor-element elementor-element-iwgw-viracocha-s3t elementor-widget elementor-widget-text-editor\" data-id=\"iwgw-viracocha-s3t\" data-element_type=\"widget\" data-e-type=\"widget\" data-widget_type=\"text-editor.default\">\n\t\t\t\t\t\t\t\t\t<p>El mite principal comen\u00e7a en una fase de foscor del m\u00f3n. Viracocha apareix a l&#8217;<em>Isla del Sol<\/em>, al llac Titicaca, i crea primer una primera humanitat de pedra, que despr\u00e9s destrueix en la gran inundaci\u00f3 a causa de la seva desobedi\u00e8ncia.<\/p><p>Segons Crist\u00f3bal de Molina, a continuaci\u00f3 modela a <em>Tiwanaku<\/em> una segona humanitat de fang, assigna a cada grup hum\u00e0 la seva llengua, vestimenta i territori, i els envia a caminar per als Andes.<\/p><p>Tot seguit, Viracocha mateix recorre els Andes cap al nord, ensenya a la gent l&#8217;agricultura, el teixit i la religi\u00f3, i finalment abandona el m\u00f3n a la costa del Pac\u00edfic, on desapareix caminant sobre l&#8217;aigua en direcci\u00f3 oest.<\/p><p>Aquest episodi final va ser interpretat per alguns te\u00f2legs inques com un senyal de que Viracocha tornaria algun dia des de l&#8217;oest, una expectativa messi\u00e0nica que, en els primers anys de la conquesta espanyola, es va projectar breument sobre els conquistadors, fet que ajuda a explicar la r\u00e0pida derrota militar de l&#8217;Imperi inca.<\/p><p>El fill de Viracocha apareix en algunes fonts com <em>Imaymana Viracocha<\/em> o com <em>Tocapo Viracocha<\/em>, els quals, com a germans o acompanyants del creador, recorren els Andes creant l&#8217;ordre c\u00f2smic.<\/p><p>Aquesta tr\u00edada dels tres Wiraquchas va recordar als cronistes espanyols la Trinitat cristiana, cosa que ha donat lloc a discussions sobre una possible missi\u00f3 precristiana als Andes, hip\u00f2tesi que no es pot demostrar hist\u00f2ricament.<\/p><p>Una font especialment important \u00e9s el <span class=\"iwg-fachbegriff\" data-tooltip=\"Un relat transm\u00e8s sobre d\u00e9us, or\u00edgens i l'ordre del m\u00f3n.\" tabindex=\"0\">mite<\/span> del <em>volc\u00e0 de Cacha<\/em>, transm\u00e8s per Cieza de Le\u00f3n (1553): segons aquest relat, Viracocha va arribar a Cacha, on els habitants, a causa del seu aspecte estrany, no van voler creure&#8217;l i el van atacar.<\/p><p>Davant aix\u00f2, el creador va fer caure foc del cel i va cremar la terra fins que els habitants de Cacha van recon\u00e8ixer la seva culpa i van demanar el seu perd\u00f3.<\/p><p>La troballa arqueol\u00f2gica d&#8217;un llit de lava volc\u00e0nica prop de Raqchi\/Cacha ha donat al <span class=\"iwg-fachbegriff\" data-tooltip=\"Un relat transm\u00e8s sobre d\u00e9us, or\u00edgens i l'ordre del m\u00f3n.\" tabindex=\"0\">mite<\/span> una explicaci\u00f3 geol\u00f2gica plausible. Sarmiento de Gamboa relata que els inques van erigir m\u00e9s tard en aquest mateix lloc el gran temple doble amb els alts murs d&#8217;adob, les restes del qual encara dominen avui la vall.<\/p>\t\t\t\t\t\t\t\t<\/div>\n\t\t\t\t<\/div>\n\t\t\t\t\t<\/div>\n\t\t\t\t<\/div>\n\t\t<div class=\"elementor-element elementor-element-iwgw-viracocha-s4 e-flex e-con-boxed e-con e-parent\" data-id=\"iwgw-viracocha-s4\" data-element_type=\"container\" data-e-type=\"container\">\n\t\t\t\t\t<div class=\"e-con-inner\">\n\t\t\t\t<div class=\"elementor-element elementor-element-iwgw-viracocha-s4h elementor-widget elementor-widget-heading\" data-id=\"iwgw-viracocha-s4h\" data-element_type=\"widget\" data-e-type=\"widget\" data-widget_type=\"heading.default\">\n\t\t\t\t\t<h2 class=\"elementor-heading-title elementor-size-default\">Culte i veneraci\u00f3<\/h2>\t\t\t\t<\/div>\n\t\t<div class=\"elementor-element elementor-element-iwgw-viracocha-s4c e-con-full e-flex e-con e-child\" data-id=\"iwgw-viracocha-s4c\" data-element_type=\"container\" data-e-type=\"container\">\n\t\t\t\t<div class=\"elementor-element elementor-element-iwgw-viracocha-s4t elementor-widget elementor-widget-text-editor\" data-id=\"iwgw-viracocha-s4t\" data-element_type=\"widget\" data-e-type=\"widget\" data-widget_type=\"text-editor.default\">\n\t\t\t\t\t\t\t\t\t<p>El <span class=\"iwg-fachbegriff\" data-tooltip=\"El conjunt d'actes de veneraci\u00f3 religiosa dedicats a una divinitat o figura sagrada.\" tabindex=\"0\">culte<\/span> espec\u00edfic a Viracocha estava menys institucionalitzat que el <span class=\"iwg-fachbegriff\" data-tooltip=\"El conjunt d'actes de veneraci\u00f3 religiosa dedicats a una divinitat o figura sagrada.\" tabindex=\"0\">culte<\/span> a Inti. Els principals llocs de culte es trobaven al Coricancha de Cusco, on existia una cambra pr\u00f2pia dedicada a Viracocha, aix\u00ed com als santuaris preinques de Pacaritambo, Tiwanaku i l&#8217;Isla del Sol.<\/p><p>Tamb\u00e9 el gran complex cultual de Pachacamac, a la costa pac\u00edfica del Per\u00fa, va ser atribu\u00eft per alguns cronistes a Viracocha, encara que all\u00ed es venerava m\u00e9s aviat el d\u00e9u oracular <a href=\"https:\/\/iwell-guard.com\/ca\/?page_id=171675\">Pachakamak<\/a>.<\/p><p>L&#8217;inca Pachacuti (regnat 1438-1471) \u00e9s considerat, segons Sarmiento de Gamboa, el gran impulsor del culte a Viracocha. Es diu que Pachacuti va sentir en una visi\u00f3 la veu del creador i que, arran d&#8217;aix\u00f2, va fer erigir <span class=\"iwg-fachbegriff\" data-tooltip=\"Un edifici dedicat a la veneraci\u00f3 d'una o m\u00e9s divinitats.\" tabindex=\"0\">temples<\/span> tant a Cusco com a la regi\u00f3 de Cacha.<\/p><p>El complex arqueol\u00f2gic de <em>Raqchi<\/em>, prop de San Pedro de Cacha, amb els seus monumentals murs d&#8217;adob, s&#8217;identifica tradicionalment com el gran <span class=\"iwg-fachbegriff\" data-tooltip=\"Un edifici dedicat a la veneraci\u00f3 d'una o m\u00e9s divinitats.\" tabindex=\"0\">temple<\/span> de Viracocha constru\u00eft per Pachacuti.<\/p><p>La pr\u00e0ctica ritual d&#8217;ofrenes a Viracocha inclo\u00efa sacrificis de llames (habitualment una euga de llama blanca, en contrast amb l&#8217;euga marr\u00f3 destinada a Inti), cremes de fulles de blat de moro i de coca, aix\u00ed com libacions de chicha. A difer\u00e8ncia del <span class=\"iwg-fachbegriff\" data-tooltip=\"El conjunt d'actes de veneraci\u00f3 religiosa dedicats a una divinitat o figura sagrada.\" tabindex=\"0\">culte<\/span> a Inti, no hi havia una hora del dia fixada, ja que es concebia Viracocha com una entitat per damunt dels cossos celestes.<\/p>\t\t\t\t\t\t\t\t<\/div>\n\t\t\t\t<\/div>\n\t\t\t\t\t<\/div>\n\t\t\t\t<\/div>\n\t\t<div class=\"elementor-element elementor-element-iwgw-viracocha-s5 e-flex e-con-boxed e-con e-parent\" data-id=\"iwgw-viracocha-s5\" data-element_type=\"container\" data-e-type=\"container\">\n\t\t\t\t\t<div class=\"e-con-inner\">\n\t\t\t\t<div class=\"elementor-element elementor-element-iwgw-viracocha-s5h elementor-widget elementor-widget-heading\" data-id=\"iwgw-viracocha-s5h\" data-element_type=\"widget\" data-e-type=\"widget\" data-widget_type=\"heading.default\">\n\t\t\t\t\t<h2 class=\"elementor-heading-title elementor-size-default\">Pr\u00e0ctica de protecci\u00f3 i elements apotropaics<\/h2>\t\t\t\t<\/div>\n\t\t<div class=\"elementor-element elementor-element-iwgw-viracocha-s5c e-con-full e-flex e-con e-child\" data-id=\"iwgw-viracocha-s5c\" data-element_type=\"container\" data-e-type=\"container\">\n\t\t\t\t<div class=\"elementor-element elementor-element-iwgw-viracocha-s5t elementor-widget elementor-widget-text-editor\" data-id=\"iwgw-viracocha-s5t\" data-element_type=\"widget\" data-e-type=\"widget\" data-widget_type=\"text-editor.default\">\n\t\t\t\t\t\t\t\t\t<p>Una pr\u00e0ctica de protecci\u00f3 espec\u00edfica dedicada a Viracocha \u00e9s dif\u00edcil de documentar en les fonts. El d\u00e9u creador era, en la <span class=\"iwg-fachbegriff\" data-tooltip=\"La doctrina cient\u00edfica sobre D\u00e9u i sobre la fe d'una religi\u00f3.\" tabindex=\"0\">teologia<\/span> de l&#8217;\u00e8poca inca, massa distant i massa general per ser invocat directament en situacions concretes de la vida. La veneraci\u00f3 protectora es dirigia m\u00e9s b\u00e9 a les figures mediadores, Inti, <a href=\"https:\/\/iwell-guard.com\/ca\/?page_id=171676\">Illapa<\/a> i els senyors locals de les muntanyes, els <em>Apu<\/em>, mentre que Viracocha actuava com a principi d&#8217;ordre subjacent.<\/p><p>Tot i aix\u00f2, en les actes de l&#8217;<em>extirpaci\u00f3n de idolatr\u00edas<\/em> (segle XVII) es fa refer\u00e8ncia repetidament a amulets dom\u00e8stics en forma de petites figures de pedra, anomenades <em>conopa<\/em> o <em>illa<\/em>, que presenten vincles amb la <span class=\"iwg-fachbegriff\" data-tooltip=\"La doctrina cient\u00edfica sobre D\u00e9u i sobre la fe d'una religi\u00f3.\" tabindex=\"0\">teologia<\/span> de Viracocha.<\/p><p>Aquestes figuretes de pedra, generalment en forma de petites llames, de blat de moro o de figures humanes, es consideraven encarnacions de la for\u00e7a creadora, destinada a entrar a la llar i protegir-la. Es guardaven a les capes inferiors del revestiment de les parets o sota la llar de foc, i en dies de festa se les esquitxava amb greix de llama i chicha.<\/p><p>Des del punt de vista de la ci\u00e8ncia de les religions, \u00e9s rellevant que aquesta pr\u00e0ctica de la conopa no es concebia com una acci\u00f3 m\u00e0gica coactiva, sin\u00f3 com el manteniment d&#8217;una relaci\u00f3 amb la subst\u00e0ncia creadora del m\u00f3n, present a la casa, al camp i al ramat. El context d&#8217;iWell Guard descriu aquesta pr\u00e0ctica com un fenomen hist\u00f2ric, no com una recomanaci\u00f3 d&#8217;efic\u00e0cia.<\/p><p>En la pr\u00e0ctica religiosa popular actual de les comunitats de l&#8217;altipl\u00e0 peru\u00e0 i bolivi\u00e0, les figuretes de pedra conopa continuen sovint en \u00fas sota el nou nom d&#8217;<em>illa<\/em>.<\/p><p>Les utilitzen sobretot els pastors, que guarden petites llames de pedra o figuretes tallades d&#8217;alpaca sota el llindar de la porta o al dormitori per assegurar la salut del ramat. Olivia Harris ha documentat a <em>Of Bread and Blood<\/em> (2000) la persist\u00e8ncia d&#8217;aquesta pr\u00e0ctica als pobles aimares de Bol\u00edvia.<\/p>\t\t\t\t\t\t\t\t<\/div>\n\t\t\t\t<\/div>\n\t\t\t\t\t<\/div>\n\t\t\t\t<\/div>\n\t\t<div class=\"elementor-element elementor-element-iwgw-viracocha-s6 e-flex e-con-boxed e-con e-parent\" data-id=\"iwgw-viracocha-s6\" data-element_type=\"container\" data-e-type=\"container\">\n\t\t\t\t\t<div class=\"e-con-inner\">\n\t\t\t\t<div class=\"elementor-element elementor-element-iwgw-viracocha-s6h elementor-widget elementor-widget-heading\" data-id=\"iwgw-viracocha-s6h\" data-element_type=\"widget\" data-e-type=\"widget\" data-widget_type=\"heading.default\">\n\t\t\t\t\t<h2 class=\"elementor-heading-title elementor-size-default\">Paral\u00b7lelismes en altres cultures<\/h2>\t\t\t\t<\/div>\n\t\t<div class=\"elementor-element elementor-element-iwgw-viracocha-s6c e-con-full e-flex e-con e-child\" data-id=\"iwgw-viracocha-s6c\" data-element_type=\"container\" data-e-type=\"container\">\n\t\t\t\t<div class=\"elementor-element elementor-element-iwgw-viracocha-s6t elementor-widget elementor-widget-text-editor\" data-id=\"iwgw-viracocha-s6t\" data-element_type=\"widget\" data-e-type=\"widget\" data-widget_type=\"text-editor.default\">\n\t\t\t\t\t\t\t\t\t<p>Estructuralment, Viracocha es pot comparar amb altres figures de <em>deus otiosus<\/em> de la hist\u00f2ria de les religions, d\u00e9us creadors que despr\u00e9s de la creaci\u00f3 passen a un segon pla i reben un <span class=\"iwg-fachbegriff\" data-tooltip=\"El conjunt d'actes de veneraci\u00f3 religiosa dedicats a una divinitat o figura sagrada.\" tabindex=\"0\">culte<\/span> menys directe que el que reben els d\u00e9us especialitzats m\u00e9s joves. Mircea Eliade va descriure aquest patr\u00f3 per a religions africanes i siberianes; Pierre Duviols i Henrique Urbano l&#8217;han aplicat a Viracocha.<\/p><p>Hi s\u00f3n emparentats, per exemple, el gran d\u00e9u altafric\u00e0 <em>Nyame<\/em> dels akan, el gran d\u00e9u polinesi <em>Io<\/em> dels maori o el <em>Baiame<\/em> de la religi\u00f3 aborigen australiana. En tots aquests casos trobem un creador que descansa retirat al cel, mentre que la pr\u00e0ctica religiosa quotidiana s&#8217;adre\u00e7a a divinitats m\u00e9s joves i properes.<\/p><p>Dins dels Andes, Viracocha est\u00e0 estretament emparentat amb el d\u00e9u costaner Pachakamak; en algunes cr\u00f2niques tots dos s\u00f3n descrits com a pare i fill o com a germans.<\/p><p>Mary Eyzaguirre, en el seu treball sobre el <span class=\"iwg-fachbegriff\" data-tooltip=\"El conjunt d'actes de veneraci\u00f3 religiosa dedicats a una divinitat o figura sagrada.\" tabindex=\"0\">culte<\/span> a Pachakamak (2003), ha examinat detalladament l&#8217;entrella\u00e7ament teol\u00f2gic d&#8217;aquests dos grans d\u00e9us. Es troben figures comparables de d\u00e9u creador en el context nord-americ\u00e0, per exemple en <a href=\"https:\/\/iwell-guard.com\/ca\/?page_id=171681\">Wakan Tanka<\/a> dels lakota i en el <a href=\"https:\/\/iwell-guard.com\/ca\/?page_id=171684\">Tunkasila<\/a>, l&#8217;avi.<\/p><p>La discussi\u00f3 cient\u00edfica especialitzada sobre Viracocha ha plantejat tamb\u00e9 la q\u00fcesti\u00f3 de fins a quin punt la teologia creadora andina s&#8217;ha de classificar com a monoteista o com a politeista.<\/p><p>Pierre Duviols, a <em>Cultura andina y represi\u00f3n<\/em> (1986), ha argumentat que la <span class=\"iwg-fachbegriff\" data-tooltip=\"La disciplina cient\u00edfica que estudia D\u00e9u i la fe d'una religi\u00f3.\" tabindex=\"0\">teologia<\/span> de l&#8217;\u00e8poca inca no correspon ni al <span class=\"iwg-fachbegriff\" data-tooltip=\"La creen\u00e7a en un \u00fanic d\u00e9u.\" tabindex=\"0\">monoteisme<\/span> cl\u00e0ssic ni al <span class=\"iwg-fachbegriff\" data-tooltip=\"La creen\u00e7a en diversos d\u00e9us.\" tabindex=\"0\">politeisme<\/span> cl\u00e0ssic, sin\u00f3 m\u00e9s b\u00e9 a un <em>henoteisme<\/em>, en el qual un gran d\u00e9u roman en un segon pla mentre es veneren nombrosos \u00e9ssers inferiors.<\/p><p>Max Mueller va introduir aquesta categoria al segle XIX per a l&#8217;hinduisme v\u00e8dic, i \u00e9s transferible a les condicions andines.<\/p><p>Tamb\u00e9 la comparaci\u00f3 amb l&#8217;antic persa <em>Ahura Mazda<\/em>, el mesopot\u00e0mic <em>An<\/em> o l&#8217;antic grec <em>Ouranos<\/em> ha deixat rastre en la literatura cient\u00edfica. En tots tres casos es tracta de figures creadores que estructuralment cedeixen el lloc a d\u00e9us principals m\u00e9s joves (Mitra, Marduk, Zeus) i que, tot i aix\u00ed, resten centrals en la reflexi\u00f3 teol\u00f2gico-filos\u00f2fica.<\/p>\t\t\t\t\t\t\t\t<\/div>\n\t\t\t\t<\/div>\n\t\t\t\t\t<\/div>\n\t\t\t\t<\/div>\n\t\t<div class=\"elementor-element elementor-element-iwgw-viracocha-s7 e-flex e-con-boxed e-con e-parent\" data-id=\"iwgw-viracocha-s7\" data-element_type=\"container\" data-e-type=\"container\">\n\t\t\t\t\t<div class=\"e-con-inner\">\n\t\t\t\t<div class=\"elementor-element elementor-element-iwgw-viracocha-s7h elementor-widget elementor-widget-heading\" data-id=\"iwgw-viracocha-s7h\" data-element_type=\"widget\" data-e-type=\"widget\" data-widget_type=\"heading.default\">\n\t\t\t\t\t<h2 class=\"elementor-heading-title elementor-size-default\">Recepci\u00f3 i investigaci\u00f3 actuals<\/h2>\t\t\t\t<\/div>\n\t\t<div class=\"elementor-element elementor-element-iwgw-viracocha-s7c e-con-full e-flex e-con e-child\" data-id=\"iwgw-viracocha-s7c\" data-element_type=\"container\" data-e-type=\"container\">\n\t\t\t\t<div class=\"elementor-element elementor-element-iwgw-viracocha-s7t elementor-widget elementor-widget-text-editor\" data-id=\"iwgw-viracocha-s7t\" data-element_type=\"widget\" data-e-type=\"widget\" data-widget_type=\"text-editor.default\">\n\t\t\t\t\t\t\t\t\t<p>El <span class=\"iwg-fachbegriff\" data-tooltip=\"El conjunt d'actes de veneraci\u00f3 religiosa dedicats a una divinitat o figura sagrada.\" tabindex=\"0\">culte<\/span> a Viracocha es va extingir en gran part amb la conquesta. La missi\u00f3 espanyola va identificar r\u00e0pidament el d\u00e9u creador amb el D\u00e9u cristi\u00e0, la qual cosa va facilitar la cristianitzaci\u00f3 per\u00f2 alhora va fer esvair-se la veneraci\u00f3 aut\u00f2noma de Viracocha.<\/p><p>A les comunitats altipl\u00e0niques de parla qu\u00edtxua actuals, <em>Wiraqucha<\/em> ja no \u00e9s un objecte de culte propi, sin\u00f3 una denominaci\u00f3 per al D\u00e9u cat\u00f2lic-cristi\u00e0 (<em>Dios Wiraqucha<\/em>) o per a l&#8217;anci\u00e0 venerable.<\/p><p>En la recerca acad\u00e8mica, Viracocha continua tenint import\u00e0ncia com a figura d&#8217;una teologia creadora pre-imperial. Henrique Urbano (<em>Wiraqocha y Ayar<\/em>, 1981), Pierre Duviols, Th\u00e9r\u00e8se Bouysse-Cassagne i C\u00e9sar Itier han mostrat, en les darreres d\u00e8cades, com els cronistes espanyols van llegir i, en part, transformar els conceptes <span class=\"iwg-fachbegriff\" data-tooltip=\"La doctrina cient\u00edfica sobre D\u00e9u i sobre la fe d'una religi\u00f3.\" tabindex=\"0\">teol\u00f2gics<\/span> andins a trav\u00e9s d&#8217;ulleres cristianes.<\/p><p>Per aix\u00f2 \u00e9s metodol\u00f2gicament dif\u00edcil reconstruir, darrere les fonts cron\u00edstiques, el Viracocha genu\u00ed preincaic i incaic.<\/p><p>Arqueol\u00f2gicament, la recerca sobre el <em>Staffgod<\/em> a Tiwanaku, Chav\u00edn (amb la famosa pe\u00e7a iconogr\u00e0fica de la <span class=\"iwg-fachbegriff\" data-tooltip=\"Una llosa de pedra o fusta dreta, inscrita o decorada amb imatges.\" tabindex=\"0\">estela<\/span> Raimondi) i Wari ha aportat noves dades sobre una possible tradici\u00f3 del d\u00e9u creador de continu\u00eftat molt antiga.<\/p><p>L&#8217;arc que aniria de Chav\u00edn (cap al 900 a. C.) passant per Tiwanaku\/Wari (cap al 500-1000 d. C.) fins als inques (1438, 1532), si es confirma, seria un dels grans arcs de la hist\u00f2ria religiosa llatinoamericana.<\/p><p>Una l\u00ednia de recerca recent important \u00e9s l&#8217;estudi arqueoastron\u00f2mic de la relaci\u00f3 entre Viracocha i el cel estrellat. Gary Urton ha mostrat a <em>At the Crossroads of the Earth and the Sky<\/em> (1981) que els inques entenien la <em>Via L\u00e0ctia<\/em> (Mayu) com un riu c\u00f2smic guiat pel cel per Wiraqucha.<\/p><p>Aquesta estructura cosmol\u00f2gica profunda va passar desapercebuda durant la missi\u00f3 espanyola i nom\u00e9s ha esdevingut accessible gr\u00e0cies a l&#8217;etnoastronomia moderna.<\/p>\t\t\t\t\t\t\t\t<\/div>\n\t\t\t\t<\/div>\n\t\t\t\t\t<\/div>\n\t\t\t\t<\/div>\n\t\t<div class=\"elementor-element elementor-element-iwgw-viracocha-s8 e-flex e-con-boxed e-con e-parent\" data-id=\"iwgw-viracocha-s8\" data-element_type=\"container\" data-e-type=\"container\">\n\t\t\t\t\t<div class=\"e-con-inner\">\n\t\t\t\t<div class=\"elementor-element elementor-element-iwgw-viracocha-s8h elementor-widget elementor-widget-heading\" data-id=\"iwgw-viracocha-s8h\" data-element_type=\"widget\" data-e-type=\"widget\" data-widget_type=\"heading.default\">\n\t\t\t\t\t<h2 class=\"elementor-heading-title elementor-size-default\">Bibliografia i fonts<\/h2>\t\t\t\t<\/div>\n\t\t<div class=\"elementor-element elementor-element-iwgw-viracocha-s8c e-con-full e-flex e-con e-child\" data-id=\"iwgw-viracocha-s8c\" data-element_type=\"container\" data-e-type=\"container\">\n\t\t\t\t<div class=\"elementor-element elementor-element-iwgw-viracocha-s8t elementor-widget elementor-widget-text-editor\" data-id=\"iwgw-viracocha-s8t\" data-element_type=\"widget\" data-e-type=\"widget\" data-widget_type=\"text-editor.default\">\n\t\t\t\t\t\t\t\t\t<p>La seg\u00fcent selecci\u00f3 recull obres centrals de l&#8217;etnologia andina i de la hist\u00f2ria de les religions sobre la q\u00fcesti\u00f3 de Viracocha, amb una atenci\u00f3 especial a la capa teol\u00f2gico-filos\u00f2fica profunda de la religi\u00f3 de l&#8217;\u00e8poca inca.<\/p>\t\t\t\t\t\t\t\t<\/div>\n\t\t\t\t<\/div>\n\t\t\t\t\t<\/div>\n\t\t\t\t<\/div>\n\t\t<div class=\"elementor-element elementor-element-cp20b19ce8 e-flex e-con-boxed e-con e-parent\" data-id=\"cp20b19ce8\" data-element_type=\"container\" data-e-type=\"container\">\n\t\t\t\t\t<div class=\"e-con-inner\">\n\t\t\t\t<div class=\"elementor-element elementor-element-cp2cd2ff6b elementor-widget elementor-widget-heading\" data-id=\"cp2cd2ff6b\" data-element_type=\"widget\" data-e-type=\"widget\" data-widget_type=\"heading.default\">\n\t\t\t\t\t<h2 class=\"elementor-heading-title elementor-size-default\">Viracocha en les cr\u00f2niques del segle XVI<\/h2>\t\t\t\t<\/div>\n\t\t<div class=\"elementor-element elementor-element-cp270124ee e-flex e-con-boxed e-con e-child\" data-id=\"cp270124ee\" data-element_type=\"container\" data-e-type=\"container\">\n\t\t\t\t\t<div class=\"e-con-inner\">\n\t\t\t\t<div class=\"elementor-element elementor-element-cp2c92af90 elementor-widget elementor-widget-text-editor\" data-id=\"cp2c92af90\" data-element_type=\"widget\" data-e-type=\"widget\" data-widget_type=\"text-editor.default\">\n\t\t\t\t\t\t\t\t\t<p>Gaireb\u00e9 tot el que se sap sobre Viracocha prov\u00e9 de cr\u00f2niques espanyoles i mestisses redactades despr\u00e9s de la conquesta de l&#8217;Imperi Inca.<\/p><p>Entre les fonts m\u00e9s importants hi ha les obres de Juan de Betanzos, casat amb una dona de la noblesa inca i que va escriure cap al 1551, de Pedro Cieza de Le\u00f3n, de Crist\u00f3bal de Molina de Cusco, aix\u00ed com l&#8217;extensa obra de Bernab\u00e9 Cobo del segle XVII.<\/p><p>Aquests textos coincideixen en trets generals, per\u00f2 difereixen considerablement en detalls.<\/p><p>A les cr\u00f2niques, Viracocha apareix com una figura creadora que, al llac Titicaca, d\u00f3na origen al m\u00f3n, al Sol, a la Lluna i als primers \u00e9ssers humans, i que despr\u00e9s recorre la terra fins que finalment desapareix pel mar.<\/p><p>La investigaci\u00f3 ja va observar aviat que aquest relat podria estar fortament adaptat a concepcions europees. Alguns cronistes tendien a apropar Viracocha a un d\u00e9u suprem gaireb\u00e9 monoteista, cosa que afavoria els interessos missioners de trobar un punt de connexi\u00f3 amb el d\u00e9u creador cristi\u00e0.<\/p><p>Sabine MacCormack i altres han demostrat que les cr\u00f2niques van estilitzar en part Viracocha com un \u00e9sser suprem abstracte que potser no ocupava aquest lloc central en el <span class=\"iwg-fachbegriff\" data-tooltip=\"El conjunt d'actes de veneraci\u00f3 religiosa dedicats a una divinitat o figura sagrada.\" tabindex=\"0\">culte<\/span> precolonial. A m\u00e9s, cal tenir en compte que Viracocha tamb\u00e9 era el nom d&#8217;un governant inca hist\u00f2ric, i que els observadors espanyols no siempre distingien clarament entre tots dos.<\/p><p>Per aix\u00f2, una presentaci\u00f3 rigorosa ha de subratllar que la imatge transmesa de Viracocha cont\u00e9 una construcci\u00f3 colonial, la base precolonial de la qual nom\u00e9s es pot reconstruir de manera incerta. Sobre la pr\u00e0ctica religiosa regional dels inques, vegeu tamb\u00e9 <a href=\"https:\/\/iwell-guard.com\/ca\/?page_id=171671\">Inti<\/a>.<\/p>\t\t\t\t\t\t\t\t<\/div>\n\t\t\t\t\t<\/div>\n\t\t\t\t<\/div>\n\t\t\t\t\t<\/div>\n\t\t\t\t<\/div>\n\t\t<div class=\"elementor-element elementor-element-cp287f08ac e-flex e-con-boxed e-con e-parent\" data-id=\"cp287f08ac\" data-element_type=\"container\" data-e-type=\"container\">\n\t\t\t\t\t<div class=\"e-con-inner\">\n\t\t\t\t<div class=\"elementor-element elementor-element-cp286b8694 elementor-widget elementor-widget-heading\" data-id=\"cp286b8694\" data-element_type=\"widget\" data-e-type=\"widget\" data-widget_type=\"heading.default\">\n\t\t\t\t\t<h2 class=\"elementor-heading-title elementor-size-default\">El debat sobre Viracocha com a d\u00e9u suprem<\/h2>\t\t\t\t<\/div>\n\t\t<div class=\"elementor-element elementor-element-cp2779dfd9 e-flex e-con-boxed e-con e-child\" data-id=\"cp2779dfd9\" data-element_type=\"container\" data-e-type=\"container\">\n\t\t\t\t\t<div class=\"e-con-inner\">\n\t\t\t\t<div class=\"elementor-element elementor-element-cp27b87720 elementor-widget elementor-widget-text-editor\" data-id=\"cp27b87720\" data-element_type=\"widget\" data-e-type=\"widget\" data-widget_type=\"text-editor.default\">\n\t\t\t\t\t\t\t\t\t<p>Un debat de llarga tradici\u00f3 en els estudis andins gira al voltant de la q\u00fcesti\u00f3 de si Viracocha va ser, en l&#8217;Imperi Inca precolonial, un d\u00e9u suprem que es situava per damunt de les altres divinitats.<\/p><p>A finals del segle XIX i principis del XX, alguns investigadors van sostenir que els inques, sota la superf\u00edcie del culte solar, veneraven un d\u00e9u creador abstracte proper al concepte cristi\u00e0 de d\u00e9u. Aquesta visi\u00f3 s&#8217;ajustava a teories que buscaven en les altes cultures una tend\u00e8ncia cap al <span class=\"iwg-fachbegriff\" data-tooltip=\"La creen\u00e7a en un \u00fanic d\u00e9u.\" tabindex=\"0\">monoteisme<\/span>.<\/p><p>Investigacions posteriors han relativitzat considerablement aquesta interpretaci\u00f3. Cr\u00edtics com Pierre Duviols i R. T. Zuidema van assenyalar que les fonts que presenten Viracocha com el d\u00e9u suprem estan gaireb\u00e9 totes influ\u00efdes per interessos missioners.<\/p><p>En el <span class=\"iwg-fachbegriff\" data-tooltip=\"El conjunt d'actes de veneraci\u00f3 religiosa dedicats a una divinitat o figura sagrada.\" tabindex=\"0\">culte<\/span> realment documentat dels inques, el d\u00e9u solar ocupava el centre de la veneraci\u00f3 estatal, amb el Coricancha de Cusco com a principal <span class=\"iwg-fachbegriff\" data-tooltip=\"Un lloc sagrat dedicat a la veneraci\u00f3 d'una divinitat.\" tabindex=\"0\">santuari<\/span>. Viracocha s\u00ed que tenia un <span class=\"iwg-fachbegriff\" data-tooltip=\"Una construcci\u00f3 dedicada a la veneraci\u00f3 d'una o diverses divinitats.\" tabindex=\"0\">temple<\/span> i un <span class=\"iwg-fachbegriff\" data-tooltip=\"El conjunt d'actes de veneraci\u00f3 religiosa dedicats a una divinitat o figura sagrada.\" tabindex=\"0\">culte<\/span>, per\u00f2 la seva suposada superioritat sobre totes les altres divinitats \u00e9s dif\u00edcil de justificar amb les fonts.<\/p><p>La investigaci\u00f3 actual tendeix cap a una posici\u00f3 interm\u00e8dia. Viracocha va ser una figura creadora i origin\u00e0ria important, la veneraci\u00f3 de la qual va tenir rellev\u00e0ncia regional i en contextos determinats, per\u00f2 no el centre d&#8217;un sistema pensat en termes monoteistes.<\/p><p>Avui la idea d&#8217;un Viracocha com a d\u00e9u suprem es considera en gran mesura un producte de la <span class=\"iwg-fachbegriff\" data-tooltip=\"La disciplina cient\u00edfica que estudia D\u00e9u i la fe d'una religi\u00f3.\" tabindex=\"0\">teologia<\/span> colonial, que buscava en la religi\u00f3 andina un equivalent a la seva pr\u00f2pia imatge de d\u00e9u.<\/p><p>Aquest cas \u00e9s, en <span class=\"iwg-fachbegriff\" data-tooltip=\"La disciplina que estudia les religions de manera comparativa i sense vinculaci\u00f3 confessional.\" tabindex=\"0\">ci\u00e8ncies de la religi\u00f3<\/span>, un exemple citat sovint de com els interessos missioners poden condicionar la reconstrucci\u00f3 d&#8217;una religi\u00f3 desapareguda. Per a la presentaci\u00f3 de Viracocha, aix\u00f2 implica que cal matisar qualsevol afirmaci\u00f3 sobre el seu rang dins el <span class=\"iwg-fachbegriff\" data-tooltip=\"El conjunt de d\u00e9us d'una religi\u00f3 o cultura.\" tabindex=\"0\">pante\u00f3<\/span>.<\/p>\t\t\t\t\t\t\t\t<\/div>\n\t\t\t\t\t<\/div>\n\t\t\t\t<\/div>\n\t\t\t\t\t<\/div>\n\t\t\t\t<\/div>\n\t\t<div class=\"elementor-element elementor-element-iwgw-viracocha-lit e-flex e-con-boxed e-con e-parent\" data-id=\"iwgw-viracocha-lit\" data-element_type=\"container\" data-e-type=\"container\">\n\t\t\t\t\t<div class=\"e-con-inner\">\n\t\t\t\t<div class=\"elementor-element elementor-element-iwgw-viracocha-lith elementor-widget elementor-widget-heading\" data-id=\"iwgw-viracocha-lith\" data-element_type=\"widget\" data-e-type=\"widget\" data-widget_type=\"heading.default\">\n\t\t\t\t\t<h2 class=\"elementor-heading-title elementor-size-default\">Bibliografia (selecci\u00f3)<\/h2>\t\t\t\t<\/div>\n\t\t<div class=\"elementor-element elementor-element-iwgw-viracocha-litc e-con-full e-flex e-con e-child\" data-id=\"iwgw-viracocha-litc\" data-element_type=\"container\" data-e-type=\"container\">\n\t\t\t\t<div class=\"elementor-element elementor-element-iwgw-viracocha-litt elementor-widget elementor-widget-text-editor\" data-id=\"iwgw-viracocha-litt\" data-element_type=\"widget\" data-e-type=\"widget\" data-widget_type=\"text-editor.default\">\n\t\t\t\t\t\t\t\t\t<ul><li>Henrique Urbano: <em>Wiraqocha y Ayar<\/em> (1981)<\/li><li>Pierre Duviols: <em>La lutte contre les religions autochtones<\/em> (1971)<\/li><li>Therese Bouysse-Cassagne: <em>Lluvias y cenizas<\/em> (1988)<\/li><li>Cesar Itier: <em>Les Incas<\/em> (2008)<\/li><li>Pedro Sarmiento de Gamboa: <em>Historia indica<\/em> (1572)<\/li><li>Cristobal de Molina: <em>Relacion de las fabulas y ritos de los Incas<\/em> (1575)<\/li><li>John Janusek: <em>Ancient Tiwanaku<\/em> (2008)<\/li><\/ul>\t\t\t\t\t\t\t\t<\/div>\n\t\t\t\t<\/div>\n\t\t\t\t\t<\/div>\n\t\t\t\t<\/div>\n\t\t<div class=\"elementor-element elementor-element-iwgkw2-add-viracocha e-flex e-con-boxed e-con e-parent\" data-id=\"iwgkw2-add-viracocha\" data-element_type=\"container\" data-e-type=\"container\">\n\t\t\t\t\t<div class=\"e-con-inner\">\n\t\t\t\t<div class=\"elementor-element elementor-element-iwgkw2-add-viracocha-t elementor-widget elementor-widget-text-editor\" data-id=\"iwgkw2-add-viracocha-t\" data-element_type=\"widget\" data-e-type=\"widget\" data-widget_type=\"text-editor.default\">\n\t\t\t\t\t\t\t\t\t<p>En les tradicions andines, Viracocha \u00e9s considerat un <em>ordenador<\/em> <em>c\u00f2smic<\/em> que va establir el Sol, la Lluna i les estrelles, i que va originar els humans a partir de les aig\u00fces del llac Titicaca; els cronistes espanyols Cieza de Le\u00f3n i Betanzos documenten aquest <span class=\"iwg-fachbegriff\" data-tooltip=\"El conjunt de d\u00e9us d'una religi\u00f3 o cultura.\" tabindex=\"0\">pante\u00f3<\/span>.<\/p>\t\t\t\t\t\t\t\t<\/div>\n\t\t\t\t\t<\/div>\n\t\t\t\t<\/div>\n\t\t<div class=\"elementor-element elementor-element-iwgw-viracocha-kwd e-flex e-con-boxed e-con e-parent\" data-id=\"iwgw-viracocha-kwd\" data-element_type=\"container\" data-e-type=\"container\">\n\t\t\t\t\t<div class=\"e-con-inner\">\n\t\t<div class=\"elementor-element elementor-element-iwgw-viracocha-kwdc e-con-full e-flex e-con e-child\" data-id=\"iwgw-viracocha-kwdc\" data-element_type=\"container\" data-e-type=\"container\">\n\t\t\t\t<div class=\"elementor-element elementor-element-iwgw-viracocha-kwdt elementor-widget elementor-widget-text-editor\" data-id=\"iwgw-viracocha-kwdt\" data-element_type=\"widget\" data-e-type=\"widget\" data-widget_type=\"text-editor.default\">\n\t\t\t\t\t\t\t\t\t<p><em>Termes clau relacionats: Viracocha Wiraqucha Tunupa Pachayachachiq Tiwanaku Staffgod Pacaritambo Raqchi Cacha.<\/em><\/p>\t\t\t\t\t\t\t\t<\/div>\n\t\t\t\t<\/div>\n\t\t\t\t\t<\/div>\n\t\t\t\t<\/div>\n\t\t<div class=\"elementor-element elementor-element-iwgw-viracocha-cc e-flex e-con-boxed e-con e-parent\" data-id=\"iwgw-viracocha-cc\" data-element_type=\"container\" data-e-type=\"container\" id=\"iwg-cc-viracocha\">\n\t\t\t\t\t<div class=\"e-con-inner\">\n\t\t<div class=\"elementor-element elementor-element-iwgw-viracocha-ccinner e-flex e-con-boxed e-con e-parent\" data-id=\"iwgw-viracocha-ccinner\" data-element_type=\"container\" data-e-type=\"container\" data-settings=\"{&quot;background_background&quot;:&quot;classic&quot;}\">\n\t\t\t\t\t<div class=\"e-con-inner\">\n\t\t\t\t<div class=\"elementor-element elementor-element-iwgw-viracocha-cch elementor-widget elementor-widget-heading\" data-id=\"iwgw-viracocha-cch\" data-element_type=\"widget\" data-e-type=\"widget\" data-widget_type=\"heading.default\">\n\t\t\t\t\t<h2 class=\"elementor-heading-title elementor-size-default\">iWell Guard i tradicions de protecci\u00f3<\/h2>\t\t\t\t<\/div>\n\t\t\t\t<div class=\"elementor-element elementor-element-iwgw-viracocha-cct elementor-widget elementor-widget-text-editor\" data-id=\"iwgw-viracocha-cct\" data-element_type=\"widget\" data-e-type=\"widget\" data-widget_type=\"text-editor.default\">\n\t\t\t\t\t\t\t\t\t<div data-nosnippet=\"true\"><p>iWell Guard s&#8217;inscriu en la tradici\u00f3 cultural i hist\u00f2rica dels objectes protectors portables, en la tradici\u00f3 dels <a href=\"https:\/\/iwell-guard.com\/ca\/?page_id=171661\">Andes \/ Inques<\/a> i de moltes altres cultures d&#8217;arreu del m\u00f3n. 41 capes, or aut\u00e8ntic, plat\u00ed, plata, fabricat a Alemanya. Dret de devoluci\u00f3 de 30 dies.<\/p><\/div>\t\t\t\t\t\t\t\t<\/div>\n\t\t\t\t<div class=\"elementor-element elementor-element-iwgw-viracocha-ccb iwg-cc-button iwg-cc-cta-2026-05-13 elementor-widget elementor-widget-jet-button\" data-id=\"iwgw-viracocha-ccb\" data-element_type=\"widget\" data-e-type=\"widget\" data-widget_type=\"jet-button.default\">\n\t\t\t\t<div class=\"elementor-widget-container\">\n\t\t\t\t\t<div class=\"elementor-jet-button jet-elements\"><div class=\"jet-button__container\"><a class=\"jet-button__instance jet-button__instance--icon-left hover-effect-1\" href=\"\/ueber-iwell-guard\/?utm_source=iwell-guard.com&amp;utm_medium=info-box&amp;utm_campaign=wesen-tradition\"><div class=\"jet-button__plane jet-button__plane-normal\"><\/div><div class=\"jet-button__plane jet-button__plane-hover\"><\/div><div class=\"jet-button__state jet-button__state-normal\"><span class=\"jet-button__label\">M\u00e9s informaci\u00f3 sobre l'iWell Guard<\/span><\/div><div class=\"jet-button__state jet-button__state-hover\"><span class=\"jet-button__label\">M\u00e9s informaci\u00f3 sobre l'iWell Guard<\/span><\/div><\/a><\/div><\/div><style>.elementor-element.elementor-element-iwgw-viracocha-ccb .jet-button__instance{width:320px;height:56px;}.elementor-element.elementor-element-iwgw-viracocha-ccb .jet-button__state-normal .jet-button__label{text-align:center;margin:0px 0px 0px 0px;color:#1a1b20;font-family:Montserrat,sans-serif;font-size:13px;font-weight:400;letter-spacing:4px;line-height:1.714em;text-transform:uppercase;}.elementor-element.elementor-element-iwgw-viracocha-ccb .jet-button__state-hover .jet-button__label{text-align:center;margin:0px 0px 0px 0px;color:#FECC76;font-family:Montserrat,sans-serif;font-size:13px;font-weight:400;letter-spacing:4px;line-height:1.714em;text-transform:uppercase;}.elementor-element.elementor-element-iwgw-viracocha-ccb .jet-button__plane-normal{background-color:#FECC76;border-style:solid;border-color:#C99540;border-width:2px 2px 2px 2px;}.elementor-element.elementor-element-iwgw-viracocha-ccb .jet-button__plane-hover{background-color:rgba(0,0,0,0.55);border-style:solid;border-color:#FECC76;border-width:2px 2px 2px 2px;}<\/style>\t\t\t\t<\/div>\n\t\t\t\t<\/div>\n\t\t\t\t<div class=\"elementor-element elementor-element-iwgw-viracocha-ccd elementor-widget elementor-widget-text-editor\" data-id=\"iwgw-viracocha-ccd\" data-element_type=\"widget\" data-e-type=\"widget\" data-widget_type=\"text-editor.default\">\n\t\t\t\t\t\t\t\t\t<div data-nosnippet=\"true\"><p style=\"text-align:center;font-size:13px;opacity:0.7;margin-top:14px\" data-nosnippet=\"true\">Les experi\u00e8ncies personals poden variar. No \u00e9s un producte sanitari. No \u00e9s una promesa de curaci\u00f3.<\/p><\/div>\t\t\t\t\t\t\t\t<\/div>\n\t\t\t\t\t<\/div>\n\t\t\t\t<\/div>\n\t\t\t\t\t<\/div>\n\t\t\t\t<\/div>\n\t\t<div class=\"elementor-element elementor-element-iwgw-viracocha-disc e-flex e-con-boxed e-con e-parent\" data-id=\"iwgw-viracocha-disc\" data-element_type=\"container\" data-e-type=\"container\">\n\t\t\t\t\t<div class=\"e-con-inner\">\n\t\t\t\t<div class=\"elementor-element elementor-element-iwgw-viracocha-discw elementor-widget elementor-widget-html\" data-id=\"iwgw-viracocha-discw\" data-element_type=\"widget\" data-e-type=\"widget\" data-widget_type=\"html.default\">\n\t\t\t\t\t<footer data-nosnippet=\"true\" class=\"iwg-disclaimer-block\"><p data-nosnippet=\"true\">iWell Guard <strong>no \u00e9s un producte sanitari<\/strong> i no substitueix cap tractament m\u00e8dic o psicoterap\u00e8utic. Els continguts d'hist\u00f2ria de les religions s\u00f3n una classificaci\u00f3 culturohist\u00f2rica, no una recomanaci\u00f3 de pr\u00e0ctica espiritual.<\/p><\/footer>\t\t\t\t<\/div>\n\t\t\t\t\t<\/div>\n\t\t\t\t<\/div>\n\t\t\t\t<\/div>\n\t\t","protected":false},"excerpt":{"rendered":"","protected":false},"author":3,"featured_media":2684,"parent":0,"menu_order":0,"comment_status":"closed","ping_status":"closed","template":"elementor_header_footer","meta":{"_yoast_wpseo_focuskw":"Viracocha d\u00e9u creador inca","_yoast_wpseo_title":"Viracocha \u2013 D\u00e9u creador inca i mite","_yoast_wpseo_metadesc":"Viracocha, el d\u00e9u creador dels Andes, \u00e9s considerat en les primeres cr\u00f2niques l'\u00e9sser suprem abans d'Inti. An\u00e0lisi des de la ci\u00e8ncia de les religions, amb culte.","_yoast_wpseo_meta-robots-noindex":"","_yoast_wpseo_canonical":"","_angie_page":false,"gefaehrdungsstufe":"1","wesen_kultur":"anden-inka","wesen_klasse":"goetter","footnotes":""},"categories":[],"class_list":["post-171673","page","type-page","status-publish","has-post-thumbnail","hentry"],"yoast_head":"<!-- This site is optimized with the Yoast SEO Premium plugin v27.7 (Yoast SEO v28.3) - https:\/\/yoast.com\/product\/yoast-seo-premium-wordpress\/ -->\n<title>Viracocha \u2013 D\u00e9u creador inca i mite<\/title>\n<meta name=\"description\" content=\"Viracocha, el d\u00e9u creador dels Andes, \u00e9s considerat en les primeres cr\u00f2niques l&#039;\u00e9sser suprem abans d&#039;Inti. An\u00e0lisi des de la ci\u00e8ncia de les religions, amb culte.\" \/>\n<meta name=\"robots\" content=\"index, follow, max-snippet:-1, max-image-preview:large, max-video-preview:-1\" \/>\n<link rel=\"canonical\" href=\"https:\/\/iwell-guard.com\/ca\/viracocha-deu-creador-andes\/\" \/>\n<meta property=\"og:locale\" content=\"ca_ES\" \/>\n<meta property=\"og:type\" content=\"article\" \/>\n<meta property=\"og:title\" content=\"Viracocha \u2013 D\u00e9u creador dels Andes\" \/>\n<meta property=\"og:description\" content=\"Viracocha, el d\u00e9u creador dels Andes, \u00e9s considerat en les primeres cr\u00f2niques l&#039;\u00e9sser suprem abans d&#039;Inti. An\u00e0lisi des de la ci\u00e8ncia de les religions, amb culte.\" \/>\n<meta property=\"og:url\" content=\"https:\/\/iwell-guard.com\/ca\/viracocha-deu-creador-andes\/\" \/>\n<meta property=\"og:site_name\" content=\"iWell Guard\" \/>\n<meta property=\"article:modified_time\" content=\"2026-09-05T16:04:03+00:00\" \/>\n<meta property=\"og:image\" content=\"https:\/\/iwell-guard.com\/wp-content\/uploads\/2026\/05\/goetter_anden-inka_viracocha.webp\" \/>\n\t<meta property=\"og:image:width\" content=\"1024\" \/>\n\t<meta property=\"og:image:height\" content=\"1536\" \/>\n\t<meta property=\"og:image:type\" content=\"image\/webp\" \/>\n<meta name=\"twitter:card\" content=\"summary_large_image\" \/>\n<script type=\"application\/ld+json\" class=\"yoast-schema-graph\">{\"@context\":\"https:\\\/\\\/schema.org\",\"@graph\":[{\"@type\":\"WebPage\",\"@id\":\"https:\\\/\\\/iwell-guard.com\\\/ca\\\/viracocha-deu-creador-andes\\\/\",\"url\":\"https:\\\/\\\/iwell-guard.com\\\/ca\\\/viracocha-deu-creador-andes\\\/\",\"name\":\"Viracocha \u2013 D\u00e9u creador inca i mite\",\"isPartOf\":{\"@id\":\"https:\\\/\\\/iwell-guard.com\\\/ca\\\/#website\"},\"primaryImageOfPage\":{\"@id\":\"https:\\\/\\\/iwell-guard.com\\\/ca\\\/viracocha-deu-creador-andes\\\/#primaryimage\"},\"image\":{\"@id\":\"https:\\\/\\\/iwell-guard.com\\\/ca\\\/viracocha-deu-creador-andes\\\/#primaryimage\"},\"thumbnailUrl\":\"https:\\\/\\\/iwell-guard.com\\\/wp-content\\\/uploads\\\/2026\\\/05\\\/goetter_anden-inka_viracocha.webp\",\"datePublished\":\"2026-09-05T15:41:20+00:00\",\"dateModified\":\"2026-09-05T16:04:03+00:00\",\"description\":\"Viracocha, el d\u00e9u creador dels Andes, \u00e9s considerat en les primeres cr\u00f2niques l'\u00e9sser suprem abans d'Inti. An\u00e0lisi des de la ci\u00e8ncia de les religions, amb culte.\",\"breadcrumb\":{\"@id\":\"https:\\\/\\\/iwell-guard.com\\\/ca\\\/viracocha-deu-creador-andes\\\/#breadcrumb\"},\"inLanguage\":\"ca\",\"potentialAction\":[{\"@type\":\"ReadAction\",\"target\":[\"https:\\\/\\\/iwell-guard.com\\\/ca\\\/viracocha-deu-creador-andes\\\/\"]}]},{\"@type\":\"ImageObject\",\"inLanguage\":\"ca\",\"@id\":\"https:\\\/\\\/iwell-guard.com\\\/ca\\\/viracocha-deu-creador-andes\\\/#primaryimage\",\"url\":\"https:\\\/\\\/iwell-guard.com\\\/wp-content\\\/uploads\\\/2026\\\/05\\\/goetter_anden-inka_viracocha.webp\",\"contentUrl\":\"https:\\\/\\\/iwell-guard.com\\\/wp-content\\\/uploads\\\/2026\\\/05\\\/goetter_anden-inka_viracocha.webp\",\"width\":1024,\"height\":1536,\"caption\":\"D\u00e9us de la tradici\u00f3 andina inca.\"},{\"@type\":\"BreadcrumbList\",\"@id\":\"https:\\\/\\\/iwell-guard.com\\\/ca\\\/viracocha-deu-creador-andes\\\/#breadcrumb\",\"itemListElement\":[{\"@type\":\"ListItem\",\"position\":1,\"name\":\"Start\",\"item\":\"https:\\\/\\\/iwell-guard.com\\\/ca\\\/?page_id=171333\"},{\"@type\":\"ListItem\",\"position\":2,\"name\":\"Viracocha \u2013 D\u00e9u creador dels Andes\"}]},{\"@type\":\"WebSite\",\"@id\":\"https:\\\/\\\/iwell-guard.com\\\/ca\\\/#website\",\"url\":\"https:\\\/\\\/iwell-guard.com\\\/ca\\\/\",\"name\":\"iWell Guard\",\"description\":\"Schutz vor dunklen Einfl\u00fcssen\",\"publisher\":{\"@id\":\"https:\\\/\\\/iwell-guard.com\\\/ca\\\/#organization\"},\"potentialAction\":[{\"@type\":\"SearchAction\",\"target\":{\"@type\":\"EntryPoint\",\"urlTemplate\":\"https:\\\/\\\/iwell-guard.com\\\/ca\\\/?s={search_term_string}\"},\"query-input\":{\"@type\":\"PropertyValueSpecification\",\"valueRequired\":true,\"valueName\":\"search_term_string\"}}],\"inLanguage\":\"ca\"},{\"@type\":\"Organization\",\"@id\":\"https:\\\/\\\/iwell-guard.com\\\/ca\\\/#organization\",\"name\":\"Ittermann electronic GmbH\",\"url\":\"https:\\\/\\\/iwell-guard.com\\\/ca\\\/\",\"logo\":{\"@type\":\"ImageObject\",\"inLanguage\":\"ca\",\"@id\":\"https:\\\/\\\/iwell-guard.com\\\/ca\\\/#\\\/schema\\\/logo\\\/image\\\/\",\"url\":\"https:\\\/\\\/iwell-guard.com\\\/wp-content\\\/uploads\\\/2026\\\/05\\\/Ittermann-Logo-1182x237-1.png\",\"contentUrl\":\"https:\\\/\\\/iwell-guard.com\\\/wp-content\\\/uploads\\\/2026\\\/05\\\/Ittermann-Logo-1182x237-1.png\",\"width\":1182,\"height\":237,\"caption\":\"Ittermann electronic GmbH\"},\"image\":{\"@id\":\"https:\\\/\\\/iwell-guard.com\\\/ca\\\/#\\\/schema\\\/logo\\\/image\\\/\"},\"sameAs\":[\"https:\\\/\\\/pantip.com\\\/profile\\\/9367242\",\"https:\\\/\\\/micro.blog\\\/iwellguard\",\"https:\\\/\\\/www.diggerslist.com\\\/iwellguard\\\/about\",\"https:\\\/\\\/skitterphoto.com\\\/photographers\\\/2870314\\\/iwell-guard\",\"https:\\\/\\\/iwellguard.wordpress.com\\\/2026\\\/06\\\/06\\\/iwell-guard\\\/\",\"https:\\\/\\\/hub.docker.com\\\/u\\\/iwellguard\",\"https:\\\/\\\/www.pinterest.com\\\/iwellguard\\\/\",\"https:\\\/\\\/bit.ly\\\/m\\\/iwellguard\",\"https:\\\/\\\/entre-vos-mains.alsace.eu\\\/profiles\\\/iwellguard\\\/activity\",\"https:\\\/\\\/gravatar.com\\\/reallybeded8fd34\",\"https:\\\/\\\/naijamatta.com\\\/iwellguard\",\"https:\\\/\\\/www.goodreads.com\\\/iwellguard\",\"https:\\\/\\\/profile.hatena.ne.jp\\\/iwellguard\\\/\",\"https:\\\/\\\/experiment.com\\\/users\\\/iwellguard\",\"https:\\\/\\\/wakelet.com\\\/@iWellGuard82270\",\"https:\\\/\\\/www.chordie.com\\\/forum\\\/profile.php?id=2555664\",\"https:\\\/\\\/www.instapaper.com\\\/p\\\/17757966\",\"https:\\\/\\\/www.mapleprimes.com\\\/users\\\/iwellguard\",\"https:\\\/\\\/businesslistingplus.com\\\/profile\\\/iwell-guard\\\/\",\"https:\\\/\\\/telegra.ph\\\/iWell-Guard-06-06\",\"https:\\\/\\\/pbase.com\\\/iwellguard\\\/iwellguard\",\"https:\\\/\\\/b.hatena.ne.jp\\\/iwellguard\\\/20260607#bookmark-4788405196491818882\",\"https:\\\/\\\/fliphtml5.com\\\/home\\\/iwellguard\",\"https:\\\/\\\/anyflip.com\\\/homepage\\\/cmiwl#About\",\"https:\\\/\\\/transfur.com\\\/Users\\\/iwellguard\",\"http:\\\/\\\/delphi.larsbo.org\\\/user\\\/iwellguard\",\"https:\\\/\\\/jobs.lajobsportal.org\\\/profiles\\\/8380803-iwell-guard\",\"https:\\\/\\\/md.chaosdorf.de\\\/s\\\/jfbe5SBdJD\",\"https:\\\/\\\/www.lingvolive.com\\\/en-us\\\/profile\\\/9ecaeaca-ce11-4e51-9e71-01d55e2bff36\\\/translations\",\"https:\\\/\\\/www.fitday.com\\\/fitness\\\/forums\\\/members\\\/iwellguard.html\",\"https:\\\/\\\/www.mymeetbook.com\\\/iwellguard\",\"https:\\\/\\\/pxhere.com\\\/en\\\/photographer-me\\\/5040798\",\"https:\\\/\\\/disqus.com\\\/by\\\/iwellguard\\\/about\\\/\",\"https:\\\/\\\/pastelink.net\\\/hjwciqwq\",\"https:\\\/\\\/pubhtml5.com\\\/homepage\\\/scjhn\\\/\",\"https:\\\/\\\/www.bitchute.com\\\/channel\\\/2O2eOKzNqujT\",\"https:\\\/\\\/audiomack.com\\\/iwellguard\"]},{\"@type\":\"Article\",\"@id\":\"https:\\\/\\\/iwell-guard.com\\\/ca\\\/viracocha-deu-creador-andes\\\/#article\",\"isPartOf\":{\"@id\":\"https:\\\/\\\/iwell-guard.com\\\/ca\\\/viracocha-deu-creador-andes\\\/\"},\"author\":{\"name\":\"Ralf Ittermann\",\"@id\":\"https:\\\/\\\/iwell-guard.com\\\/ca\\\/#\\\/schema\\\/person\\\/ee2a27f1cac3406c7c6fb5820cb7349f\"},\"headline\":\"Viracocha \u2013 D\u00e9u creador dels Andes\",\"datePublished\":\"2026-09-05T15:41:20+00:00\",\"dateModified\":\"2026-09-05T16:04:03+00:00\",\"mainEntityOfPage\":{\"@id\":\"https:\\\/\\\/iwell-guard.com\\\/ca\\\/viracocha-deu-creador-andes\\\/\"},\"publisher\":{\"@id\":\"https:\\\/\\\/iwell-guard.com\\\/ca\\\/#organization\"},\"image\":{\"@id\":\"https:\\\/\\\/iwell-guard.com\\\/ca\\\/viracocha-deu-creador-andes\\\/#primaryimage\"},\"thumbnailUrl\":\"https:\\\/\\\/iwell-guard.com\\\/wp-content\\\/uploads\\\/2026\\\/05\\\/goetter_anden-inka_viracocha.webp\",\"inLanguage\":\"ca\",\"description\":\"Viracocha, el d\u00e9u creador dels Andes, \u00e9s considerat en les primeres cr\u00f2niques l'\u00e9sser suprem abans d'Inti. An\u00e0lisi des de la ci\u00e8ncia de les religions, amb culte.\"}]}<\/script>\n<!-- \/ Yoast SEO Premium plugin. -->","yoast_head_json":{"title":"Viracocha \u2013 D\u00e9u creador inca i mite","description":"Viracocha, el d\u00e9u creador dels Andes, \u00e9s considerat en les primeres cr\u00f2niques l'\u00e9sser suprem abans d'Inti. An\u00e0lisi des de la ci\u00e8ncia de les religions, amb culte.","robots":{"index":"index","follow":"follow","max-snippet":"max-snippet:-1","max-image-preview":"max-image-preview:large","max-video-preview":"max-video-preview:-1"},"canonical":"https:\/\/iwell-guard.com\/ca\/viracocha-deu-creador-andes\/","og_locale":"ca_ES","og_type":"article","og_title":"Viracocha \u2013 D\u00e9u creador dels Andes","og_description":"Viracocha, el d\u00e9u creador dels Andes, \u00e9s considerat en les primeres cr\u00f2niques l'\u00e9sser suprem abans d'Inti. An\u00e0lisi des de la ci\u00e8ncia de les religions, amb culte.","og_url":"https:\/\/iwell-guard.com\/ca\/viracocha-deu-creador-andes\/","og_site_name":"iWell Guard","article_modified_time":"2026-09-05T16:04:03+00:00","og_image":[{"width":1024,"height":1536,"url":"https:\/\/iwell-guard.com\/wp-content\/uploads\/2026\/05\/goetter_anden-inka_viracocha.webp","type":"image\/webp"}],"twitter_card":"summary_large_image","schema":{"@context":"https:\/\/schema.org","@graph":[{"@type":"Article","@id":"https:\/\/iwell-guard.com\/ca\/viracocha-deu-creador-andes\/#article","isPartOf":{"@id":"https:\/\/iwell-guard.com\/ca\/viracocha-deu-creador-andes\/"},"author":{"name":"Ralf Ittermann","@id":"https:\/\/iwell-guard.com\/ca\/#\/schema\/person\/ee2a27f1cac3406c7c6fb5820cb7349f"},"headline":"Viracocha \u2013 D\u00e9u creador dels Andes","datePublished":"2026-09-05T15:41:20+00:00","dateModified":"2026-09-05T16:04:03+00:00","mainEntityOfPage":{"@id":"https:\/\/iwell-guard.com\/ca\/viracocha-deu-creador-andes\/"},"publisher":{"@id":"https:\/\/iwell-guard.com\/ca\/#organization"},"image":{"@id":"https:\/\/iwell-guard.com\/ca\/viracocha-deu-creador-andes\/#primaryimage"},"thumbnailUrl":"https:\/\/iwell-guard.com\/wp-content\/uploads\/2026\/05\/goetter_anden-inka_viracocha.webp","inLanguage":"ca","description":"Viracocha, el d\u00e9u creador dels Andes, \u00e9s considerat en les primeres cr\u00f2niques l'\u00e9sser suprem abans d'Inti. An\u00e0lisi des de la ci\u00e8ncia de les religions, amb culte."},{"@type":"WebPage","@id":"https:\/\/iwell-guard.com\/ca\/viracocha-deu-creador-andes\/","url":"https:\/\/iwell-guard.com\/ca\/viracocha-deu-creador-andes\/","name":"Viracocha \u2013 D\u00e9u creador inca i mite","isPartOf":{"@id":"https:\/\/iwell-guard.com\/ca\/#website"},"primaryImageOfPage":{"@id":"https:\/\/iwell-guard.com\/ca\/viracocha-deu-creador-andes\/#primaryimage"},"image":{"@id":"https:\/\/iwell-guard.com\/ca\/viracocha-deu-creador-andes\/#primaryimage"},"thumbnailUrl":"https:\/\/iwell-guard.com\/wp-content\/uploads\/2026\/05\/goetter_anden-inka_viracocha.webp","datePublished":"2026-09-05T15:41:20+00:00","dateModified":"2026-09-05T16:04:03+00:00","description":"Viracocha, el d\u00e9u creador dels Andes, \u00e9s considerat en les primeres cr\u00f2niques l'\u00e9sser suprem abans d'Inti. An\u00e0lisi des de la ci\u00e8ncia de les religions, amb culte.","breadcrumb":{"@id":"https:\/\/iwell-guard.com\/ca\/viracocha-deu-creador-andes\/#breadcrumb"},"inLanguage":"ca","potentialAction":[{"@type":"ReadAction","target":["https:\/\/iwell-guard.com\/ca\/viracocha-deu-creador-andes\/"]}]},{"@type":"ImageObject","inLanguage":"ca","@id":"https:\/\/iwell-guard.com\/ca\/viracocha-deu-creador-andes\/#primaryimage","url":"https:\/\/iwell-guard.com\/wp-content\/uploads\/2026\/05\/goetter_anden-inka_viracocha.webp","contentUrl":"https:\/\/iwell-guard.com\/wp-content\/uploads\/2026\/05\/goetter_anden-inka_viracocha.webp","width":1024,"height":1536,"caption":"D\u00e9us de la tradici\u00f3 andina inca."},{"@type":"BreadcrumbList","@id":"https:\/\/iwell-guard.com\/ca\/viracocha-deu-creador-andes\/#breadcrumb","itemListElement":[{"@type":"ListItem","position":1,"name":"Start","item":"https:\/\/iwell-guard.com\/ca\/?page_id=171333"},{"@type":"ListItem","position":2,"name":"Viracocha \u2013 D\u00e9u creador dels Andes"}]},{"@type":"WebSite","@id":"https:\/\/iwell-guard.com\/ca\/#website","url":"https:\/\/iwell-guard.com\/ca\/","name":"iWell Guard","description":"Schutz vor dunklen Einfl\u00fcssen","publisher":{"@id":"https:\/\/iwell-guard.com\/ca\/#organization"},"potentialAction":[{"@type":"SearchAction","target":{"@type":"EntryPoint","urlTemplate":"https:\/\/iwell-guard.com\/ca\/?s={search_term_string}"},"query-input":{"@type":"PropertyValueSpecification","valueRequired":true,"valueName":"search_term_string"}}],"inLanguage":"ca"},{"@type":"Organization","@id":"https:\/\/iwell-guard.com\/ca\/#organization","name":"Ittermann electronic GmbH","url":"https:\/\/iwell-guard.com\/ca\/","logo":{"@type":"ImageObject","inLanguage":"ca","@id":"https:\/\/iwell-guard.com\/ca\/#\/schema\/logo\/image\/","url":"https:\/\/iwell-guard.com\/wp-content\/uploads\/2026\/05\/Ittermann-Logo-1182x237-1.png","contentUrl":"https:\/\/iwell-guard.com\/wp-content\/uploads\/2026\/05\/Ittermann-Logo-1182x237-1.png","width":1182,"height":237,"caption":"Ittermann electronic GmbH"},"image":{"@id":"https:\/\/iwell-guard.com\/ca\/#\/schema\/logo\/image\/"},"sameAs":["https:\/\/pantip.com\/profile\/9367242","https:\/\/micro.blog\/iwellguard","https:\/\/www.diggerslist.com\/iwellguard\/about","https:\/\/skitterphoto.com\/photographers\/2870314\/iwell-guard","https:\/\/iwellguard.wordpress.com\/2026\/06\/06\/iwell-guard\/","https:\/\/hub.docker.com\/u\/iwellguard","https:\/\/www.pinterest.com\/iwellguard\/","https:\/\/bit.ly\/m\/iwellguard","https:\/\/entre-vos-mains.alsace.eu\/profiles\/iwellguard\/activity","https:\/\/gravatar.com\/reallybeded8fd34","https:\/\/naijamatta.com\/iwellguard","https:\/\/www.goodreads.com\/iwellguard","https:\/\/profile.hatena.ne.jp\/iwellguard\/","https:\/\/experiment.com\/users\/iwellguard","https:\/\/wakelet.com\/@iWellGuard82270","https:\/\/www.chordie.com\/forum\/profile.php?id=2555664","https:\/\/www.instapaper.com\/p\/17757966","https:\/\/www.mapleprimes.com\/users\/iwellguard","https:\/\/businesslistingplus.com\/profile\/iwell-guard\/","https:\/\/telegra.ph\/iWell-Guard-06-06","https:\/\/pbase.com\/iwellguard\/iwellguard","https:\/\/b.hatena.ne.jp\/iwellguard\/20260607#bookmark-4788405196491818882","https:\/\/fliphtml5.com\/home\/iwellguard","https:\/\/anyflip.com\/homepage\/cmiwl#About","https:\/\/transfur.com\/Users\/iwellguard","http:\/\/delphi.larsbo.org\/user\/iwellguard","https:\/\/jobs.lajobsportal.org\/profiles\/8380803-iwell-guard","https:\/\/md.chaosdorf.de\/s\/jfbe5SBdJD","https:\/\/www.lingvolive.com\/en-us\/profile\/9ecaeaca-ce11-4e51-9e71-01d55e2bff36\/translations","https:\/\/www.fitday.com\/fitness\/forums\/members\/iwellguard.html","https:\/\/www.mymeetbook.com\/iwellguard","https:\/\/pxhere.com\/en\/photographer-me\/5040798","https:\/\/disqus.com\/by\/iwellguard\/about\/","https:\/\/pastelink.net\/hjwciqwq","https:\/\/pubhtml5.com\/homepage\/scjhn\/","https:\/\/www.bitchute.com\/channel\/2O2eOKzNqujT","https:\/\/audiomack.com\/iwellguard"]},{"@type":"Person","@id":"https:\/\/iwell-guard.com\/ca\/#\/schema\/person\/ee2a27f1cac3406c7c6fb5820cb7349f","name":"Ralf Ittermann","image":{"@type":"ImageObject","inLanguage":"ca","@id":"https:\/\/secure.gravatar.com\/avatar\/073c0153e350a5005b68eb752b445fea71f6b24a26da9449ad7e155e6b446c9d?s=96&d=mm&r=g","url":"https:\/\/secure.gravatar.com\/avatar\/073c0153e350a5005b68eb752b445fea71f6b24a26da9449ad7e155e6b446c9d?s=96&d=mm&r=g","contentUrl":"https:\/\/secure.gravatar.com\/avatar\/073c0153e350a5005b68eb752b445fea71f6b24a26da9449ad7e155e6b446c9d?s=96&d=mm&r=g","caption":"Ralf Ittermann"},"givenName":"Ralf","familyName":"Ittermann","jobTitle":"Gesch\u00e4ftsf\u00fchrer und redaktioneller Verantwortlicher","url":"https:\/\/iwell-guard.com\/ca\/author\/claude\/","description":"Ralf Ittermann ist Gesch\u00e4ftsf\u00fchrer der Ittermann electronic GmbH und redaktioneller Verantwortlicher des iWell-Guard-Lexikons. Er verbindet langj\u00e4hrige Erfahrung in der Pr\u00e4zisionsfertigung mit medialer Praxis und religionsgeschichtlicher Quellenarbeit.","worksFor":{"@type":"Organization","name":"Ittermann electronic GmbH","url":"https:\/\/ittermann.de\/","address":{"@type":"PostalAddress","streetAddress":"K\u00f6hlergasse 16-18","postalCode":"99842","addressLocality":"Ruhla","addressCountry":"DE"}},"knowsAbout":["Religionsgeschichte","Mythologie","Mediale Praxis","Energetische Diagnostik","Schutzpraxis","Volksglauben","Westliche Esoterik"]},{"@type":"Article","@id":"https:\/\/iwell-guard.com\/ca\/viracocha-deu-creador-andes\/#article","isPartOf":{"@id":"https:\/\/iwell-guard.com\/ca\/viracocha-deu-creador-andes\/"},"author":{"name":"Ralf Ittermann","@id":"https:\/\/iwell-guard.com\/ca\/#\/schema\/person\/ee2a27f1cac3406c7c6fb5820cb7349f"},"headline":"Viracocha \u2013 D\u00e9u creador dels Andes","datePublished":"2026-09-05T15:41:20+00:00","dateModified":"2026-09-05T16:04:03+00:00","mainEntityOfPage":{"@id":"https:\/\/iwell-guard.com\/ca\/viracocha-deu-creador-andes\/"},"publisher":{"@id":"https:\/\/iwell-guard.com\/ca\/#organization"},"image":{"@id":"https:\/\/iwell-guard.com\/ca\/viracocha-deu-creador-andes\/#primaryimage"},"thumbnailUrl":"https:\/\/iwell-guard.com\/wp-content\/uploads\/2026\/05\/goetter_anden-inka_viracocha.webp","inLanguage":"ca","description":"Viracocha, el d\u00e9u creador dels Andes, \u00e9s considerat en les primeres cr\u00f2niques l'\u00e9sser suprem abans d'Inti. An\u00e0lisi des de la ci\u00e8ncia de les religions, amb culte."}]}},"_links":{"self":[{"href":"https:\/\/iwell-guard.com\/ca\/wp-json\/wp\/v2\/pages\/171673","targetHints":{"allow":["GET"]}}],"collection":[{"href":"https:\/\/iwell-guard.com\/ca\/wp-json\/wp\/v2\/pages"}],"about":[{"href":"https:\/\/iwell-guard.com\/ca\/wp-json\/wp\/v2\/types\/page"}],"author":[{"embeddable":true,"href":"https:\/\/iwell-guard.com\/ca\/wp-json\/wp\/v2\/users\/3"}],"replies":[{"embeddable":true,"href":"https:\/\/iwell-guard.com\/ca\/wp-json\/wp\/v2\/comments?post=171673"}],"version-history":[{"count":0,"href":"https:\/\/iwell-guard.com\/ca\/wp-json\/wp\/v2\/pages\/171673\/revisions"}],"wp:featuredmedia":[{"embeddable":true,"href":"https:\/\/iwell-guard.com\/ca\/wp-json\/wp\/v2\/media\/2684"}],"wp:attachment":[{"href":"https:\/\/iwell-guard.com\/ca\/wp-json\/wp\/v2\/media?parent=171673"}],"wp:term":[{"taxonomy":"category","embeddable":true,"href":"https:\/\/iwell-guard.com\/ca\/wp-json\/wp\/v2\/categories?post=171673"}],"curies":[{"name":"wp","href":"https:\/\/api.w.org\/{rel}","templated":true}]}}