{"id":171671,"date":"2026-09-05T15:41:20","date_gmt":"2026-09-05T15:41:20","guid":{"rendered":"https:\/\/iwell-guard.com\/?page_id=171671"},"modified":"2026-09-05T16:04:02","modified_gmt":"2026-09-05T16:04:02","slug":"inti-deu-del-sol-dels-inques","status":"publish","type":"page","link":"https:\/\/iwell-guard.com\/ca\/inti-deu-del-sol-dels-inques\/","title":{"rendered":"Inti \u2013 D\u00e9u del Sol dels Inques"},"content":{"rendered":"\t\t<div data-elementor-type=\"wp-page\" data-elementor-id=\"171671\" class=\"elementor elementor-171671 elementor-2574 elementor-bc-flex-widget\" data-elementor-post-type=\"page\">\n\t\t\t\t<div class=\"elementor-element elementor-element-iwgw-inti-hero e-flex e-con-boxed e-con e-parent\" data-id=\"iwgw-inti-hero\" data-element_type=\"container\" data-e-type=\"container\" data-settings=\"{&quot;background_background&quot;:&quot;classic&quot;}\">\n\t\t\t\t\t<div class=\"e-con-inner\">\n\t\t<div class=\"elementor-element elementor-element-iwgw-inti-hl e-flex e-con-boxed e-con e-child\" data-id=\"iwgw-inti-hl\" data-element_type=\"container\" data-e-type=\"container\">\n\t\t\t\t\t<div class=\"e-con-inner\">\n\t\t<div class=\"elementor-element elementor-element-iwgw-inti-htxt e-con-full e-flex e-con e-child\" data-id=\"iwgw-inti-htxt\" data-element_type=\"container\" data-e-type=\"container\">\n\t\t\t\t<div class=\"elementor-element elementor-element-iwgw-inti-h1 elementor-widget elementor-widget-heading\" data-id=\"iwgw-inti-h1\" data-element_type=\"widget\" data-e-type=\"widget\" data-widget_type=\"heading.default\">\n\t\t\t\t\t<h1 class=\"elementor-heading-title elementor-size-default\">Inti, d\u00e9u del Sol dels inques i patriarca de la dinastia governant<\/h1>\t\t\t\t<\/div>\n\t\t\t\t<div class=\"elementor-element elementor-element-iwgw-inti-lead elementor-widget elementor-widget-text-editor\" data-id=\"iwgw-inti-lead\" data-element_type=\"widget\" data-e-type=\"widget\" data-widget_type=\"text-editor.default\">\n\t\t\t\t\t\t\t\t\t<p>Inti, el d\u00e9u del Sol dels inques, \u00e9s considerat pare de la dinastia governant i ocupa el centre de la gran festa del Sol, l&#8217;Inti Raymi. El seu <span class=\"iwg-fachbegriff\" data-tooltip=\"El conjunt d'actes de veneraci\u00f3 religiosa cap a una divinitat o figura sagrada.\" tabindex=\"0\">culte<\/span> \u00e9s un element central de la hist\u00f2ria religiosa andina i va ser elevat oficialment a religi\u00f3 d&#8217;estat per l&#8217;Imperi Inca.<\/p>\t\t\t\t\t\t\t\t<\/div>\n\t\t\t\t<\/div>\n\t\t<div class=\"elementor-element elementor-element-iwgw-inti-pillc e-con-full e-flex e-con e-child\" data-id=\"iwgw-inti-pillc\" data-element_type=\"container\" data-e-type=\"container\">\n\t\t\t\t<div class=\"elementor-element elementor-element-iwgw-inti-pills elementor-widget elementor-widget-html\" data-id=\"iwgw-inti-pills\" data-element_type=\"widget\" data-e-type=\"widget\" data-widget_type=\"html.default\">\n\t\t\t\t\t<div class=\"iwg-pill-row\"><span class=\"iwg-klasse-badge\" tabindex=\"0\" data-tooltip=\"D\u00e9u de la tradici\u00f3 Andes \/ Inca.\">D\u00e9u<\/span><a href=\"https:\/\/iwell-guard.com\/ca\/?page_id=171661\" class=\"iwg-kultur-badge\" tabindex=\"0\" data-tooltip=\"Mitologia de la tradici\u00f3 Andes \/ Inca.\">Andes \/ Inca<\/a><span class=\"iwg-tradition-badge\" tabindex=\"0\" data-tooltip=\"Divinitat suprema.\">Divinitat suprema<\/span><\/div>\t\t\t\t<\/div>\n\t\t\t\t<\/div>\n\t\t<div class=\"elementor-element elementor-element-iwgw-inti-tocc e-con-full e-flex e-con e-child\" data-id=\"iwgw-inti-tocc\" data-element_type=\"container\" data-e-type=\"container\">\n\t\t\t\t<div class=\"elementor-element elementor-element-iwgw-inti-toc elementor-toc--minimized-on-tablet elementor-widget elementor-widget-table-of-contents\" data-id=\"iwgw-inti-toc\" data-element_type=\"widget\" data-e-type=\"widget\" data-settings=\"{&quot;headings_by_tags&quot;:[&quot;h2&quot;,&quot;h3&quot;],&quot;minimize_box&quot;:&quot;yes&quot;,&quot;marker_view&quot;:&quot;bullets&quot;,&quot;no_headings_message&quot;:&quot;No s&#039;ha trobat cap encap\\u00e7alament en aquesta p\\u00e0gina.&quot;,&quot;exclude_headings_by_selector&quot;:[],&quot;icon&quot;:{&quot;value&quot;:&quot;fas fa-circle&quot;,&quot;library&quot;:&quot;fa-solid&quot;,&quot;rendered_tag&quot;:&quot;&lt;svg class=\\&quot;e-font-icon-svg e-fas-circle\\&quot; viewBox=\\&quot;0 0 512 512\\&quot; xmlns=\\&quot;http:\\\/\\\/www.w3.org\\\/2000\\\/svg\\&quot;&gt;&lt;path d=\\&quot;M256 8C119 8 8 119 8 256s111 248 248 248 248-111 248-248S393 8 256 8z\\&quot;&gt;&lt;\\\/path&gt;&lt;\\\/svg&gt;&quot;},&quot;minimized_on&quot;:&quot;tablet&quot;,&quot;hierarchical_view&quot;:&quot;yes&quot;,&quot;min_height&quot;:{&quot;unit&quot;:&quot;px&quot;,&quot;size&quot;:&quot;&quot;,&quot;sizes&quot;:[]},&quot;min_height_tablet&quot;:{&quot;unit&quot;:&quot;px&quot;,&quot;size&quot;:&quot;&quot;,&quot;sizes&quot;:[]},&quot;min_height_mobile&quot;:{&quot;unit&quot;:&quot;px&quot;,&quot;size&quot;:&quot;&quot;,&quot;sizes&quot;:[]}}\" data-widget_type=\"table-of-contents.default\">\n\t\t\t\t\t\t\t\t\t<div class=\"elementor-toc__header\">\n\t\t\t\t\t\t<h2 class=\"elementor-toc__header-title\">\n\t\t\t\t\u00cdndex\t\t\t<\/h2>\n\t\t\t\t\t\t\t\t\t\t<div class=\"elementor-toc__toggle-button elementor-toc__toggle-button--expand\" role=\"button\" tabindex=\"0\" aria-controls=\"elementor-toc__iwgw-inti-toc\" aria-expanded=\"true\" aria-label=\"Open table of contents\"><svg aria-hidden=\"true\" class=\"e-font-icon-svg e-fas-chevron-down\" viewBox=\"0 0 448 512\" xmlns=\"http:\/\/www.w3.org\/2000\/svg\"><path d=\"M207.029 381.476L12.686 187.132c-9.373-9.373-9.373-24.569 0-33.941l22.667-22.667c9.357-9.357 24.522-9.375 33.901-.04L224 284.505l154.745-154.021c9.379-9.335 24.544-9.317 33.901.04l22.667 22.667c9.373 9.373 9.373 24.569 0 33.941L240.971 381.476c-9.373 9.372-24.569 9.372-33.942 0z\"><\/path><\/svg><\/div>\n\t\t\t\t<div class=\"elementor-toc__toggle-button elementor-toc__toggle-button--collapse\" role=\"button\" tabindex=\"0\" aria-controls=\"elementor-toc__iwgw-inti-toc\" aria-expanded=\"true\" aria-label=\"Close table of contents\"><svg aria-hidden=\"true\" class=\"e-font-icon-svg e-fas-chevron-up\" viewBox=\"0 0 448 512\" xmlns=\"http:\/\/www.w3.org\/2000\/svg\"><path d=\"M240.971 130.524l194.343 194.343c9.373 9.373 9.373 24.569 0 33.941l-22.667 22.667c-9.357 9.357-24.522 9.375-33.901.04L224 227.495 69.255 381.516c-9.379 9.335-24.544 9.317-33.901-.04l-22.667-22.667c-9.373-9.373-9.373-24.569 0-33.941L207.03 130.525c9.372-9.373 24.568-9.373 33.941-.001z\"><\/path><\/svg><\/div>\n\t\t\t\t\t<\/div>\n\t\t\t\t<div id=\"elementor-toc__iwgw-inti-toc\" class=\"elementor-toc__body\">\n\t\t\t<div class=\"elementor-toc__spinner-container\">\n\t\t\t\t<svg class=\"elementor-toc__spinner eicon-animation-spin e-font-icon-svg e-eicon-loading\" aria-hidden=\"true\" viewBox=\"0 0 1000 1000\" xmlns=\"http:\/\/www.w3.org\/2000\/svg\"><path d=\"M500 975V858C696 858 858 696 858 500S696 142 500 142 142 304 142 500H25C25 237 238 25 500 25S975 237 975 500 763 975 500 975Z\"><\/path><\/svg>\t\t\t<\/div>\n\t\t<\/div>\n\t\t\t\t\t\t<\/div>\n\t\t\t\t<\/div>\n\t\t\t\t\t<\/div>\n\t\t\t\t<\/div>\n\t\t<div class=\"elementor-element elementor-element-iwgw-inti-hr e-con-full e-flex e-con e-child\" data-id=\"iwgw-inti-hr\" data-element_type=\"container\" data-e-type=\"container\">\n\t\t\t\t<div class=\"elementor-element elementor-element-iwgw-inti-heroimg iwg-hero-image elementor-widget elementor-widget-image\" data-id=\"iwgw-inti-heroimg\" data-element_type=\"widget\" data-e-type=\"widget\" data-widget_type=\"image.default\">\n\t\t\t\t\t\t\t\t\t\t\t\t\t\t\t<img fetchpriority=\"high\" decoding=\"async\" width=\"683\" height=\"1024\" src=\"https:\/\/iwell-guard.com\/wp-content\/uploads\/2026\/05\/goetter_anden-inka_inti-683x1024.webp\" class=\"attachment-large size-large wp-image-2678\" alt=\"Inti \u2013 D\u00e9u del Sol dels Inques\" srcset=\"https:\/\/iwell-guard.com\/wp-content\/uploads\/2026\/05\/goetter_anden-inka_inti-683x1024.webp 683w, https:\/\/iwell-guard.com\/wp-content\/uploads\/2026\/05\/goetter_anden-inka_inti-200x300.webp 200w, https:\/\/iwell-guard.com\/wp-content\/uploads\/2026\/05\/goetter_anden-inka_inti-768x1152.webp 768w, https:\/\/iwell-guard.com\/wp-content\/uploads\/2026\/05\/goetter_anden-inka_inti.webp 1024w\" sizes=\"(max-width: 683px) 100vw, 683px\" \/>\t\t\t\t\t\t\t\t\t\t\t\t\t\t\t<\/div>\n\t\t\t\t<\/div>\n\t\t\t\t\t<\/div>\n\t\t\t\t<\/div>\n\t\t\t\t<section class=\"elementor-section elementor-top-section elementor-element elementor-element-sec-iwgcomp-inti elementor-section-boxed elementor-section-height-default elementor-section-height-default\" data-id=\"sec-iwgcomp-inti\" data-element_type=\"section\" data-e-type=\"section\">\n\t\t\t\t\t\t<div class=\"elementor-container elementor-column-gap-default\">\n\t\t\t\t\t<div class=\"elementor-column elementor-col-100 elementor-top-column elementor-element elementor-element-col-iwgcomp-inti\" data-id=\"col-iwgcomp-inti\" data-element_type=\"column\" data-e-type=\"column\">\n\t\t\t<div class=\"elementor-widget-wrap elementor-element-populated\">\n\t\t\t\t\t\t<div class=\"elementor-element elementor-element-iwgcomp-inti elementor-widget elementor-widget-text-editor\" data-id=\"iwgcomp-inti\" data-element_type=\"widget\" data-e-type=\"widget\" data-widget_type=\"text-editor.default\">\n\t\t\t\t\t\t\t\t\t<p>Inti \u00e9s el <strong>d\u00e9u del Sol inca<\/strong> i ocupa un lloc central en el <span class=\"iwg-fachbegriff\" data-tooltip=\"El conjunt de d\u00e9us d'una religi\u00f3 o cultura.\" tabindex=\"0\">pante\u00f3<\/span> de l&#8217;alta cultura andina.<\/p>\t\t\t\t\t\t\t\t<\/div>\n\t\t\t\t\t<\/div>\n\t\t<\/div>\n\t\t\t\t\t<\/div>\n\t\t<\/section>\n\t\t<div class=\"elementor-element elementor-element-iwgw-inti-s0 e-flex e-con-boxed e-con e-parent\" data-id=\"iwgw-inti-s0\" data-element_type=\"container\" data-e-type=\"container\">\n\t\t\t\t\t<div class=\"e-con-inner\">\n\t\t\t\t<div class=\"elementor-element elementor-element-iwgw-inti-s0h elementor-widget elementor-widget-heading\" data-id=\"iwgw-inti-s0h\" data-element_type=\"widget\" data-e-type=\"widget\" data-widget_type=\"heading.default\">\n\t\t\t\t\t<h2 class=\"elementor-heading-title elementor-size-default\">Ubicaci\u00f3 en el pante\u00f3 and\u00ed<\/h2>\t\t\t\t<\/div>\n\t\t<div class=\"elementor-element elementor-element-iwgw-inti-s0c e-con-full e-flex e-con e-child\" data-id=\"iwgw-inti-s0c\" data-element_type=\"container\" data-e-type=\"container\">\n\t\t\t\t<div class=\"elementor-element elementor-element-iwgw-inti-s0t elementor-widget elementor-widget-text-editor\" data-id=\"iwgw-inti-s0t\" data-element_type=\"widget\" data-e-type=\"widget\" data-widget_type=\"text-editor.default\">\n\t\t\t\t\t\t\t\t\t<p>Inti (qu\u00edtxua: <em>inti<\/em>, sol) constitueix, dins el <span class=\"iwg-fachbegriff\" data-tooltip=\"El conjunt de d\u00e9us d'una religi\u00f3 o cultura.\" tabindex=\"0\">pante\u00f3<\/span> oficial de l&#8217;Imperi inca (Tawantinsuyu, ca. 1438-1533), una de les divinitats supremes centrals, i apareix regularment a les cr\u00f2niques colonials al costat del d\u00e9u creador <a href=\"https:\/\/iwell-guard.com\/ca\/?page_id=171673\">Viracocha<\/a> i de la deessa de la lluna <a href=\"https:\/\/iwell-guard.com\/ca\/?page_id=171674\">Mama Killa<\/a>.<\/p><p>El cronista peru\u00e0 Garcilaso de la Vega el descriu, en els seus <em>Comentarios Reales de los Incas<\/em> (1609), com el rostre visible de l&#8217;\u00e9sser suprem, que legitimava els sobirans inques i organitzava l&#8217;imperi tant econ\u00f2micament com pel calendari.<\/p><p>Des del punt de vista de la ci\u00e8ncia de les religions, Inti pertany al grup de les teologies solars din\u00e0stiques, conegudes en formes comparables al <span class=\"iwg-fachbegriff\" data-tooltip=\"El conjunt de pr\u00e0ctiques de veneraci\u00f3 religiosa cap a una divinitat o figura sagrada.\" tabindex=\"0\">culte<\/span> egipci antic de Re, al <span class=\"iwg-fachbegriff\" data-tooltip=\"El conjunt de pr\u00e0ctiques de veneraci\u00f3 religiosa cap a una divinitat o figura sagrada.\" tabindex=\"0\">culte<\/span> japon\u00e8s d&#8217;Amaterasu o en els cultes solars del pr\u00f2xim orient antic.<\/p><p>Mircea Eliade descriu, a la seva <em>Hist\u00f2ria de les idees i creences religioses<\/em>, la tend\u00e8ncia de les altes cultures tardanes a erigir una divinitat solar com a garant de l&#8217;ordre pol\u00edtic; Inti s&#8217;ajusta a aquest patr\u00f3. Els sobirans inques portaven el t\u00edtol d&#8217;<em>Intip Churin<\/em> (fill del Sol) i en derivaven la seva pretensi\u00f3 universal de sobirania sobre l&#8217;altipl\u00e0 and\u00ed i el m\u00f3n dels <a href=\"https:\/\/iwell-guard.com\/ca\/?page_id=171661\">inques dels Andes<\/a>.<\/p><p>\u00c9s remarcable que Inti no tenia una posici\u00f3 comparablement destacada en les altes cultures preincaiques dels Andes (Chav\u00edn, Moche, Tiwanaku, Wari). Va ser nom\u00e9s la <span class=\"iwg-fachbegriff\" data-tooltip=\"La doctrina cient\u00edfica sobre D\u00e9u i la fe d'una religi\u00f3.\" tabindex=\"0\">teologia<\/span> estatal de l&#8217;Imperi inca la que el va col\u00b7locar al capdamunt del pante\u00f3 visible.<\/p><p>Catherine Allen assenyala a <em>The Hold Life Has<\/em> (2002) que la veneraci\u00f3 de la mare terra <a href=\"https:\/\/iwell-guard.com\/ca\/?page_id=171672\">Pachamama<\/a> i dels esperits locals de les muntanyes, els Apu, \u00e9s encara avui, en moltes comunitats, m\u00e9s important a la pr\u00e0ctica que la teologia solar superior d&#8217;Inti, la qual cosa indica que Inti funcionava principalment com a <span class=\"iwg-fachbegriff\" data-tooltip=\"Un \u00e9sser venerat com a div\u00ed dins d'una religi\u00f3.\" tabindex=\"0\">divinitat<\/span> imperial, mentre que la vida religiosa andina quotidiana concreta estava m\u00e9s determinada per la mare terra i els senyors locals de les muntanyes.<\/p>\t\t\t\t\t\t\t\t<\/div>\n\t\t\t\t<\/div>\n\t\t\t\t\t<\/div>\n\t\t\t\t<\/div>\n\t\t<div class=\"elementor-element elementor-element-iwgw-inti-s1 e-flex e-con-boxed e-con e-parent\" data-id=\"iwgw-inti-s1\" data-element_type=\"container\" data-e-type=\"container\">\n\t\t\t\t\t<div class=\"e-con-inner\">\n\t\t\t\t<div class=\"elementor-element elementor-element-iwgw-inti-s1h elementor-widget elementor-widget-heading\" data-id=\"iwgw-inti-s1h\" data-element_type=\"widget\" data-e-type=\"widget\" data-widget_type=\"heading.default\">\n\t\t\t\t\t<h2 class=\"elementor-heading-title elementor-size-default\">Nom i etimologia<\/h2>\t\t\t\t<\/div>\n\t\t<div class=\"elementor-element elementor-element-iwgw-inti-s1c e-con-full e-flex e-con e-child\" data-id=\"iwgw-inti-s1c\" data-element_type=\"container\" data-e-type=\"container\">\n\t\t\t\t<div class=\"elementor-element elementor-element-iwgw-inti-s1t elementor-widget elementor-widget-text-editor\" data-id=\"iwgw-inti-s1t\" data-element_type=\"widget\" data-e-type=\"widget\" data-widget_type=\"text-editor.default\">\n\t\t\t\t\t\t\t\t\t<p>El nom <em>Inti<\/em> est\u00e0 documentat des dels primers diccionaris colonials de qu\u00edtxua (Domingo de Santo Tom\u00e1s 1560, Diego Gonz\u00e1lez Holgu\u00edn 1608) com a denominaci\u00f3 gen\u00e8rica tant del Sol com a cos celeste com de la <span class=\"iwg-fachbegriff\" data-tooltip=\"Un \u00e9sser venerat com a div\u00ed dins d'una religi\u00f3.\" tabindex=\"0\">divinitat<\/span> personificada.<\/p><p>Aquesta doble significaci\u00f3, astre f\u00edsic i persona divina, \u00e9s t\u00edpica del pensament religi\u00f3s and\u00ed, en el qual la separaci\u00f3 entre el pla natural i el numin\u00f3s es tra\u00e7a amb menys nitidesa que en les teologies europees.<\/p><p>Inti apareix a les fonts amb diversos noms d&#8217;aspecte: <em>Apu Inti<\/em> (Senyor Sol), <em>Churi Inti<\/em> (Fill-Sol), <em>Wayna Inti<\/em> (Jove-Sol) i <em>Inti Illapa<\/em> (Tro-Sol) designen respectivament diferents formes de manifestaci\u00f3, que el cronista Juan de Betanzos descriu a la seva <em>Suma y narraci\u00f3n de los Incas<\/em> (1551) com tres persones d&#8217;una teologia solar tri\u00e0dica.<\/p><p>Aquesta tr\u00edada ha portat etn\u00f2legs de la religi\u00f3 com Pierre Duviols a advertir prud\u00e8ncia: la doctrina cristiana de la Trinitat dels cronistes espanyols potser hi superposa una aut\u00e8ntica pluriformitat ind\u00edgena.<\/p><p>El nom de la festa suprema, <em>Inti Raymi<\/em>, \u00e9s una formaci\u00f3 qu\u00edtxua de <em>inti<\/em> i <em>raymi<\/em> (festa, assemblea festiva). Designa la festa del solstici de l&#8217;hivern austral (juny) i des de 1944 s&#8217;ha reconstru\u00eft i posat en escena anualment a Cusco com a festa folkl\u00f2rica, encara que sense la pr\u00e0ctica hist\u00f2rica de sacrificis d&#8217;animals.<\/p><p>El nom de la festa s&#8217;ha establert tamb\u00e9 com a denominaci\u00f3 d&#8217;un c\u00f2mput temporal and\u00ed propi, en el qual els anys es compten a partir de l&#8217;inici m\u00edtic de l&#8217;imperi.<\/p>\t\t\t\t\t\t\t\t<\/div>\n\t\t\t\t<\/div>\n\t\t\t\t\t<\/div>\n\t\t\t\t<\/div>\n\t\t<div class=\"elementor-element elementor-element-iwgw-inti-s2 e-flex e-con-boxed e-con e-parent\" data-id=\"iwgw-inti-s2\" data-element_type=\"container\" data-e-type=\"container\">\n\t\t\t\t\t<div class=\"e-con-inner\">\n\t\t\t\t<div class=\"elementor-element elementor-element-iwgw-inti-s2h elementor-widget elementor-widget-heading\" data-id=\"iwgw-inti-s2h\" data-element_type=\"widget\" data-e-type=\"widget\" data-widget_type=\"heading.default\">\n\t\t\t\t\t<h2 class=\"elementor-heading-title elementor-size-default\">Descripci\u00f3 i iconografia<\/h2>\t\t\t\t<\/div>\n\t\t<div class=\"elementor-element elementor-element-iwgw-inti-s2c e-con-full e-flex e-con e-child\" data-id=\"iwgw-inti-s2c\" data-element_type=\"container\" data-e-type=\"container\">\n\t\t\t\t<div class=\"elementor-element elementor-element-iwgw-inti-s2t elementor-widget elementor-widget-text-editor\" data-id=\"iwgw-inti-s2t\" data-element_type=\"widget\" data-e-type=\"widget\" data-widget_type=\"text-editor.default\">\n\t\t\t\t\t\t\t\t\t<p>La representaci\u00f3 iconogr\u00e0fica d&#8217;Inti nom\u00e9s es pot rastrejar de manera fragment\u00e0ria en fonts prehisp\u00e0niques, ja que l&#8217;Imperi Inca no va tenir una tradici\u00f3 pict\u00f2rica escrita en sentit estricte.<\/p><p>La font principal la constitueix la tradici\u00f3 secund\u00e0ria de l&#8217;\u00e8poca colonial, aix\u00ed com la famosa placa d&#8217;or que suposadament es trobava instal\u00b7lada al temple del Sol <em>Coricancha<\/em> a Cusco: un disc circular envoltat de raigs amb un rostre antropomorf, l&#8217;anomenat <em>Punchao<\/em>. Aquesta <span class=\"iwg-fachbegriff\" data-tooltip=\"Representaci\u00f3 d'una divinitat que es venera en un temple o santuari.\" tabindex=\"0\">imatge de culte<\/span> va ser confiscada pels espanyols durant la conquesta de Vilcabamba el 1572 i traslladada a Espanya, per\u00f2 des de llavors ha desaparegut.<\/p><p>Garcilaso de la Vega descriu el <span class=\"iwg-fachbegriff\" data-tooltip=\"Lloc sagrat dedicat a la veneraci\u00f3 d'una divinitat.\" tabindex=\"0\">santuari<\/span> del Coricancha com un espai interior completament revestit de plaques d&#8217;or. Al centre hi havia el Punchao, flanquejat pels cossos momificats dels governants incas difunts (<em>mallqui<\/em>), considerats l&#8217;encarnaci\u00f3 eternament viva del llinatge d&#8217;Inti.<\/p><p>Els cronistes espanyols Polo de Ondegardo i Crist\u00f3bal de Albornoz confirmen aquesta disposici\u00f3 en els seus informes d&#8217;inspecci\u00f3 de la d\u00e8cada de 1560. Els cortesans de l&#8217;Inca portaven, en dies festius, corones d&#8217;or amb raigs que reprodu\u00efen formalment el Punchao.<\/p><p>En els teixits inques conservats, els keros (recipients per beure) i les pintures murals colonials (com les de l&#8217;escola de Cusco), Inti se sol representar com un rostre daurat amb raigs dentats, de vegades coronat amb una corona d&#8217;espigues de blat de moro o de quinoa.<\/p><p>En els nivells superiors de les pintures andines colonials (per exemple, <em>El triomf de sant Miquel<\/em>, escola cusquenya, segle XVII), la iconografia d&#8217;Inti se superposa amb motius cristians d&#8217;<span class=\"iwg-fachbegriff\" data-tooltip=\"En les religions abrah\u00e0miques, un \u00e9sser missatger celestial de D\u00e9u.\" tabindex=\"0\">\u00e0ngels<\/span> i del Sol Iustitiae, un rastre de sincretisme iconogr\u00e0fic que la historiadora de l&#8217;art Teresa Gisbert ha documentat sistem\u00e0ticament a <em>Iconograf\u00eda y mitos ind\u00edgenas en el arte<\/em> (1980).<\/p>\t\t\t\t\t\t\t\t<\/div>\n\t\t\t\t<\/div>\n\t\t\t\t\t<\/div>\n\t\t\t\t<\/div>\n\t\t<div class=\"elementor-element elementor-element-iwgw-inti-s3 e-flex e-con-boxed e-con e-parent\" data-id=\"iwgw-inti-s3\" data-element_type=\"container\" data-e-type=\"container\">\n\t\t\t\t\t<div class=\"e-con-inner\">\n\t\t\t\t<div class=\"elementor-element elementor-element-iwgw-inti-s3h elementor-widget elementor-widget-heading\" data-id=\"iwgw-inti-s3h\" data-element_type=\"widget\" data-e-type=\"widget\" data-widget_type=\"heading.default\">\n\t\t\t\t\t<h2 class=\"elementor-heading-title elementor-size-default\">Relats mitol\u00f2gics<\/h2>\t\t\t\t<\/div>\n\t\t<div class=\"elementor-element elementor-element-iwgw-inti-s3c e-con-full e-flex e-con e-child\" data-id=\"iwgw-inti-s3c\" data-element_type=\"container\" data-e-type=\"container\">\n\t\t\t\t<div class=\"elementor-element elementor-element-iwgw-inti-s3t elementor-widget elementor-widget-text-editor\" data-id=\"iwgw-inti-s3t\" data-element_type=\"widget\" data-e-type=\"widget\" data-widget_type=\"text-editor.default\">\n\t\t\t\t\t\t\t\t\t<p>El <span class=\"iwg-fachbegriff\" data-tooltip=\"Un relat transm\u00e8s sobre d\u00e9us, or\u00edgens i l'ordre del m\u00f3n.\" tabindex=\"0\">mite<\/span> m\u00e9s important sobre Inti \u00e9s el mite inca de l&#8217;origen al llac Titicaca, transm\u00e8s sobretot per Garcilaso de la Vega i Juan de Betanzos. Segons aquest relat, despr\u00e9s d&#8217;una fase de foscor del m\u00f3n, Inti s&#8217;al\u00e7a del llac Titicaca i envia els seus fills <em>Manco Capac<\/em> i <em>Mama Ocllo<\/em> per ensenyar als homes l&#8217;agricultura, el teixit i l&#8217;ordre religi\u00f3s.<\/p><p>Al lloc on el bast\u00f3 d&#8217;or de Manco penetra a la terra s&#8217;hauria de fundar la ciutat de Cusco, la posterior capital del Tawantinsuyu.<\/p><p>En una tradici\u00f3 paral\u00b7lela, recollida per Pedro Sarmiento de Gamboa a la <em>Historia indica<\/em> (1572), Manco Capac i els seus germans apareixen en canvi del sistema de coves de Pacaritambo, prop de Cusco. Aquestes dues tradicions d&#8217;origen ja es van conciliar en la <span class=\"iwg-fachbegriff\" data-tooltip=\"La doctrina erudita sobre d\u00e9u i la fe d'una religi\u00f3.\" tabindex=\"0\">teologia<\/span> d&#8217;\u00e8poca inca, interpretant l&#8217;esdeveniment del Titicaca com la fase c\u00f2smica i el de Pacaritambo com la fase terrenal d&#8217;una mateixa missi\u00f3.<\/p><p>Un altre fil m\u00edtic vincula Inti amb el d\u00e9u creador <a href=\"https:\/\/iwell-guard.com\/ca\/?page_id=171673\">Viracocha<\/a>. Segons Crist\u00f3bal de Molina (<em>Relaci\u00f3n de las f\u00e1bulas y ritos de los Incas<\/em>, 1575), Viracocha crea al Titicaca el sol, la lluna i les estrelles, i els ordena que emprenguin les seves traject\u00f2ries al cel.<\/p><p>Aqu\u00ed Inti \u00e9s una manifestaci\u00f3 secund\u00e0ria del principi creador superior. Aquesta jerarquia cosmog\u00f2nica va ser reinterpretada per alguns governants inques, especialment <em>Pachacuti<\/em> (reg. 1438, 1471), a favor d&#8217;una posici\u00f3 m\u00e9s forta d&#8217;Inti, fet que va determinar la teologia estatal posterior.<\/p><p>Mitol\u00f2gicament, Inti est\u00e0 vinculat tamb\u00e9 a la seva germana i esposa <a href=\"https:\/\/iwell-guard.com\/ca\/?page_id=171674\">Mama Killa<\/a> (la lluna) i al d\u00e9u del tro <a href=\"https:\/\/iwell-guard.com\/ca\/?page_id=171676\">Illapa<\/a>, que en algunes fonts es considera un aspecte o germ\u00e0 d&#8217;Inti. Els sacerdots inques interpretaven l&#8217;eclipsi lunar com l&#8217;atac d&#8217;un animal c\u00f2smic contra Mama Killa, al qual calia fer front amb sorolls i trets de fletxes.<\/p>\t\t\t\t\t\t\t\t<\/div>\n\t\t\t\t<\/div>\n\t\t\t\t\t<\/div>\n\t\t\t\t<\/div>\n\t\t<div class=\"elementor-element elementor-element-iwgw-inti-s4 e-flex e-con-boxed e-con e-parent\" data-id=\"iwgw-inti-s4\" data-element_type=\"container\" data-e-type=\"container\">\n\t\t\t\t\t<div class=\"e-con-inner\">\n\t\t\t\t<div class=\"elementor-element elementor-element-iwgw-inti-s4h elementor-widget elementor-widget-heading\" data-id=\"iwgw-inti-s4h\" data-element_type=\"widget\" data-e-type=\"widget\" data-widget_type=\"heading.default\">\n\t\t\t\t\t<h2 class=\"elementor-heading-title elementor-size-default\">Culte i veneraci\u00f3 al Tawantinsuyu<\/h2>\t\t\t\t<\/div>\n\t\t<div class=\"elementor-element elementor-element-iwgw-inti-s4c e-con-full e-flex e-con e-child\" data-id=\"iwgw-inti-s4c\" data-element_type=\"container\" data-e-type=\"container\">\n\t\t\t\t<div class=\"elementor-element elementor-element-iwgw-inti-s4t elementor-widget elementor-widget-text-editor\" data-id=\"iwgw-inti-s4t\" data-element_type=\"widget\" data-e-type=\"widget\" data-widget_type=\"text-editor.default\">\n\t\t\t\t\t\t\t\t\t<p>El <span class=\"iwg-fachbegriff\" data-tooltip=\"La totalitat dels actes de veneraci\u00f3 religiosa dedicats a una divinitat o figura sagrada.\" tabindex=\"0\">culte<\/span> estatal a Inti estava \u00e0mpliament institucionalitzat en l&#8217;Imperi inca. El seu centre era el temple del Sol <em>Coricancha<\/em> (en qu\u00edtxua <em>quri kancha<\/em>, recinte daurat) a Cusco, els fonaments del qual encara avui formen la base del convent dominic\u00e0 de Santo Domingo.<\/p><p>Aqu\u00ed es conservaven les m\u00f2mies dels sobirans inques com a avantpassats vius, se les alimentava di\u00e0riament i en dies festius eren dutes en process\u00f3 per la pla\u00e7a principal, <em>Huacaypata<\/em>.<\/p><p>Al <span class=\"iwg-fachbegriff\" data-tooltip=\"Un edifici dedicat a la veneraci\u00f3 d'una o diverses divinitats.\" tabindex=\"0\">temple<\/span> hi estaven adscrits m\u00e9s de 4.000 sacerdots i les <em>Acllacuna<\/em>, les verges escollides del Sol.<\/p><p>Aquestes darreres vivien en cases de dones tancades (<em>acllahuasi<\/em>), teixien les teles m\u00e9s fines (<em>cumbi<\/em>) per al <span class=\"iwg-fachbegriff\" data-tooltip=\"La totalitat dels actes de veneraci\u00f3 religiosa dedicats a una divinitat o figura sagrada.\" tabindex=\"0\">culte<\/span> i preparaven la cervesa de blat de moro ritual, la <em>chicha<\/em>. La modesta conservaci\u00f3 de l&#8217;Acllahuasi a Cusco (avui Santa Catalina), aix\u00ed com les inscripcions inques de Choquequirao, donen una idea de la dimensi\u00f3 material d&#8217;aquest sacerdoci femen\u00ed.<\/p><p>El punt culminant de l&#8217;any cultual era l&#8217;<em>Inti Raymi<\/em>, la festa del solstici del 21\/24 de juny. El mateix Inca sacrificava llames i porquets d&#8217;\u00cdndies a la pla\u00e7a principal de Cusco, feia libacions de chicha en un plat d&#8217;or i adre\u00e7ava la seva <span class=\"iwg-fachbegriff\" data-tooltip=\"L'adre\u00e7a verbal de l'\u00e9sser hum\u00e0 a una divinitat.\" tabindex=\"0\">preg\u00e0ria<\/span> al sol naixent.<\/p><p>Polo de Ondegardo relata processons al llarg de les l\u00ednies <em>ceque<\/em>, un sistema de <span class=\"iwg-fachbegriff\" data-tooltip=\"Un lloc sagrat dedicat a la veneraci\u00f3 d'una divinitat.\" tabindex=\"0\">santuari<\/span> lineal que s&#8217;irradiava des del Coricancha, format per 41 l\u00ednies rectes i 328 anomenats santuaris huaca, que Tom Zuidema va reconstruir sistem\u00e0ticament per primera vegada a <em>The Ceque System of Cuzco<\/em> (1964).<\/p><p>A m\u00e9s del culte principal de Cusco, hi havia temples solars regionals, entre d&#8217;altres a Vilcashuaman, Pachacamac (en sincretisme amb l&#8217;antic d\u00e9u oracular <a href=\"https:\/\/iwell-guard.com\/ca\/?page_id=171675\">Pachakamak<\/a>), a la <em>Isla del Sol<\/em> del llac Titicaca, i a la prov\u00edncia de Cajamarca, al nord del Per\u00fa.<\/p><p>Aquests santuaris regionals estaven connectats entre si mitjan\u00e7ant la xarxa vi\u00e0ria <em>Qhapaq Nan<\/em> i formaven una xarxa de comunicaci\u00f3 imperial en la qual la <span class=\"iwg-fachbegriff\" data-tooltip=\"La doctrina cient\u00edfica sobre D\u00e9u i sobre la fe d'una religi\u00f3.\" tabindex=\"0\">teologia<\/span> solar i el control administratiu estaven indissolublement entrella\u00e7ats.<\/p>\t\t\t\t\t\t\t\t<\/div>\n\t\t\t\t<\/div>\n\t\t\t\t\t<\/div>\n\t\t\t\t<\/div>\n\t\t<div class=\"elementor-element elementor-element-iwgw-inti-s5 e-flex e-con-boxed e-con e-parent\" data-id=\"iwgw-inti-s5\" data-element_type=\"container\" data-e-type=\"container\">\n\t\t\t\t\t<div class=\"e-con-inner\">\n\t\t\t\t<div class=\"elementor-element elementor-element-iwgw-inti-s5h elementor-widget elementor-widget-heading\" data-id=\"iwgw-inti-s5h\" data-element_type=\"widget\" data-e-type=\"widget\" data-widget_type=\"heading.default\">\n\t\t\t\t\t<h2 class=\"elementor-heading-title elementor-size-default\">Pr\u00e0ctica de protecci\u00f3 i elements apotropaics<\/h2>\t\t\t\t<\/div>\n\t\t<div class=\"elementor-element elementor-element-iwgw-inti-s5c e-con-full e-flex e-con e-child\" data-id=\"iwgw-inti-s5c\" data-element_type=\"container\" data-e-type=\"container\">\n\t\t\t\t<div class=\"elementor-element elementor-element-iwgw-inti-s5t elementor-widget elementor-widget-text-editor\" data-id=\"iwgw-inti-s5t\" data-element_type=\"widget\" data-e-type=\"widget\" data-widget_type=\"text-editor.default\">\n\t\t\t\t\t\t\t\t\t<p>All\u00e0 on Inti actuava com a divinitat suprema a escala imperial, existia tamb\u00e9 una pr\u00e0ctica solar quotidiana que, en part, encara pervivia fins fa poc als pobles de l&#8217;altipl\u00e0 cusquenc i bolivi\u00e0. No s&#8217;ha d&#8217;entendre en el sentit de promeses d&#8217;efecte modernes, sin\u00f3 que documenta una determinada pr\u00e0ctica de percepci\u00f3 religiosa.<\/p><p>Catherine Allen (<em>The Hold Life Has<\/em>, 2002) descriu, per exemple, que al poble de Sonqo les dones grans obren al mat\u00ed la porta cap a l&#8217;est i es passen la primera llum del sol pel cap, acompanyat d&#8217;un murmuri en qu\u00edtxua amb el qual demanen a Inti el <em>samay<\/em> (l&#8217;al\u00e8 de la vida).<\/p><p>En la pr\u00e0ctica de l&#8217;\u00e8poca inca, els sacerdots utilitzaven miralls d&#8217;or per concentrar la llum del sol i encendre el foc ritual a l&#8217;<span class=\"iwg-fachbegriff\" data-tooltip=\"Lloc elevat o taula per a sacrificis i actes religiosos.\" tabindex=\"0\">altar<\/span> del Coricancha. Cobo relata un dispositiu corresponent amb miralls c\u00f2ncaus polits.<\/p><p>Com a element <span class=\"iwg-fachbegriff\" data-tooltip=\"Que allunya la desgr\u00e0cia: dit de signes i objectes destinats a mantenir a dist\u00e0ncia influ\u00e8ncies nocives.\" tabindex=\"0\">apotropaic<\/span> contra els perills nocturns, especialment contra els esperits mal\u00e8fics anomenats en el <span class=\"iwg-fachbegriff\" data-tooltip=\"Una narraci\u00f3 transmesa sobre d\u00e9us, or\u00edgens i l'ordre del m\u00f3n.\" tabindex=\"0\">mite<\/span> <em>supay<\/em> (vegeu <a href=\"https:\/\/iwell-guard.com\/ca\/?page_id=171678\">Supay<\/a>), es feien servir amulets solars de l\u00e0mina d&#8217;or, portats al pit en forma de <em>chacana<\/em> o de r\u00e8pliques rodones del Punchao.<\/p><p>\u00c9s rellevant, des del punt de vista de la ci\u00e8ncia de la religi\u00f3, que aquestes pr\u00e0ctiques no s&#8217;entenien com un domini m\u00e0gic, sin\u00f3 com <em>ayni<\/em>, \u00e9s a dir, com una relaci\u00f3 d&#8217;obligaci\u00f3 reciproca. Qui saluda el sol al mat\u00ed s&#8217;incorpora a la xarxa reciproca que, segons la concepci\u00f3 andina, uneix les persones, els avantpassats, les muntanyes i els astres.<\/p><p>L&#8217;etn\u00f2leg de la religi\u00f3 Frank Salomon ha mostrat a <em>The Cord Keepers<\/em> (2004) com aquesta l\u00f2gica reciproca arriba fins a les comunitats qu\u00edtxues actuals.<\/p>\t\t\t\t\t\t\t\t<\/div>\n\t\t\t\t<\/div>\n\t\t\t\t\t<\/div>\n\t\t\t\t<\/div>\n\t\t<div class=\"elementor-element elementor-element-iwgw-inti-s6 e-flex e-con-boxed e-con e-parent\" data-id=\"iwgw-inti-s6\" data-element_type=\"container\" data-e-type=\"container\">\n\t\t\t\t\t<div class=\"e-con-inner\">\n\t\t\t\t<div class=\"elementor-element elementor-element-iwgw-inti-s6h elementor-widget elementor-widget-heading\" data-id=\"iwgw-inti-s6h\" data-element_type=\"widget\" data-e-type=\"widget\" data-widget_type=\"heading.default\">\n\t\t\t\t\t<h2 class=\"elementor-heading-title elementor-size-default\">Paral\u00b7lelismes en altres cultures<\/h2>\t\t\t\t<\/div>\n\t\t<div class=\"elementor-element elementor-element-iwgw-inti-s6c e-con-full e-flex e-con e-child\" data-id=\"iwgw-inti-s6c\" data-element_type=\"container\" data-e-type=\"container\">\n\t\t\t\t<div class=\"elementor-element elementor-element-iwgw-inti-s6t elementor-widget elementor-widget-text-editor\" data-id=\"iwgw-inti-s6t\" data-element_type=\"widget\" data-e-type=\"widget\" data-widget_type=\"text-editor.default\">\n\t\t\t\t\t\t\t\t\t<p>La recerca cient\u00edfica comparada ha destacat, des d&#8217;Eduard Seler i Konrad Theodor Preuss, paral\u00b7lelismes recurrents entre Inti i altres teologies solars din\u00e0stiques. Especialment notables s\u00f3n les semblances estructurals amb el <span class=\"iwg-fachbegriff\" data-tooltip=\"La totalitat dels actes de veneraci\u00f3 religiosa dedicats a una divinitat o figura sagrada.\" tabindex=\"0\">culte<\/span> egipci antic a Ra o At\u00f3n, amb el <span class=\"iwg-fachbegriff\" data-tooltip=\"La totalitat dels actes de veneraci\u00f3 religiosa dedicats a una divinitat o figura sagrada.\" tabindex=\"0\">culte<\/span> japon\u00e8s a Amaterasu de la dinastia Yamato, i amb la <span class=\"iwg-fachbegriff\" data-tooltip=\"La doctrina cient\u00edfica sobre D\u00e9u i sobre la fe d'una religi\u00f3.\" tabindex=\"0\">teologia<\/span> romana del <em>Sol Invictus<\/em> del segle III.<\/p><p>En tots aquests casos, el sol apareix com a garant d&#8217;una dinastia governant, com a principi calendaristic central i com a element iconogr\u00e0ficament dominant de l&#8217;art estatal. L&#8217;historiador franc\u00e8s de la religi\u00f3 Henri Frankfort va descriure a <em>Kingship and the Gods<\/em> (1948) el patr\u00f3 estructural d&#8217;una reialesa divina, en el qual Inti, Ra i Amaterasu ocupen posicions funcionalment comparables.<\/p><p>Cal tenir en compte, per\u00f2, que el patr\u00f3 de Frankfort no implica cap connexi\u00f3 geneal\u00f2gica entre aquestes teologies solars: es tracta de desenvolupaments convergents en condicions socioestructurals similars pr\u00f2pies d&#8217;una alta cultura de base agr\u00e0ria.<\/p><p>Dins d&#8217;Am\u00e8rica, Inti presenta paral\u00b7lelismes clars amb l&#8217;asteca Huitzilopochtli i amb el d\u00e9u solar mesoameric\u00e0 Tonatiuh, sense que es pugui demostrar cap contacte directe entre aquestes cultures abans de 1532. Els complexos culturals andins van romandre en gran part a\u00efllats. En l&#8217;espai americ\u00e0 m\u00e9s ampli, la figura solar principal \u00e9s menys present: entre els lakota de Nord-am\u00e8rica, <a href=\"https:\/\/iwell-guard.com\/ca\/?page_id=171681\">Wakan Tanka<\/a> constitueix un \u00e9sser suprem m\u00e9s aviat global i menys espec\u00edficament solar.<\/p>\t\t\t\t\t\t\t\t<\/div>\n\t\t\t\t<\/div>\n\t\t\t\t\t<\/div>\n\t\t\t\t<\/div>\n\t\t<div class=\"elementor-element elementor-element-iwgw-inti-s7 e-flex e-con-boxed e-con e-parent\" data-id=\"iwgw-inti-s7\" data-element_type=\"container\" data-e-type=\"container\">\n\t\t\t\t\t<div class=\"e-con-inner\">\n\t\t\t\t<div class=\"elementor-element elementor-element-iwgw-inti-s7h elementor-widget elementor-widget-heading\" data-id=\"iwgw-inti-s7h\" data-element_type=\"widget\" data-e-type=\"widget\" data-widget_type=\"heading.default\">\n\t\t\t\t\t<h2 class=\"elementor-heading-title elementor-size-default\">Recepci\u00f3 i investigaci\u00f3 actuals<\/h2>\t\t\t\t<\/div>\n\t\t<div class=\"elementor-element elementor-element-iwgw-inti-s7c e-con-full e-flex e-con e-child\" data-id=\"iwgw-inti-s7c\" data-element_type=\"container\" data-e-type=\"container\">\n\t\t\t\t<div class=\"elementor-element elementor-element-iwgw-inti-s7t elementor-widget elementor-widget-text-editor\" data-id=\"iwgw-inti-s7t\" data-element_type=\"widget\" data-e-type=\"widget\" data-widget_type=\"text-editor.default\">\n\t\t\t\t\t\t\t\t\t<p>Despr\u00e9s de la conquesta el 1532, el 1572 el <span class=\"iwg-fachbegriff\" data-tooltip=\"El conjunt d'actes religiosos de veneraci\u00f3 dedicats a una divinitat o figura sagrada.\" tabindex=\"0\">culte<\/span> estatal a Inti va ser sistem\u00e0ticament reprimit per l&#8217;administraci\u00f3 colonial espanyola. L&#8217;arquebisbe Bartolom\u00e9 Lobo Guerrero i el seu visitador Francisco de \u00c1vila van dur a terme, durant les d\u00e8cades de 1610 i 1620, grans campanyes d&#8217;<em>extirpaci\u00f3n de idolatr\u00edas<\/em>, que van comportar la destrucci\u00f3 de milers de santuaris huaca.<\/p><p>Tot i aix\u00f2, el culte solar es va mantenir en formes de religiositat popular, com en les processons de muntanya de <em>Qoyllur Rit&#8217;i<\/em> prop de Cusco, on l&#8217;\u00faltim gel matinal del glacial (avui molt retrocedit a causa del canvi clim\u00e0tic) es considera una manifestaci\u00f3 d&#8217;Inti.<\/p><p>Des de 1944, cada 24 de juny es celebra a Cusco la festa de l&#8217;<em>Inti Raymi<\/em>, un festival folkl\u00f2ric reconstru\u00eft que se representa a la fortalesa de Sacsayhuam\u00e1n.<\/p><p>La posada en escena es deu a l&#8217;escriptor peru\u00e0 Faustino Espinoza Navarro i es basa sobretot en els relats de Garcilaso de la Vega. T\u00e9 un car\u00e0cter tur\u00edstic considerable, per\u00f2 alhora \u00e9s un punt de refer\u00e8ncia d&#8217;una identitat ind\u00edgena redescoberta (<em>movimiento indigenista<\/em>).<\/p><p>En la investigaci\u00f3 acad\u00e8mica actual, l&#8217;inter\u00e8s se centra menys en el <span class=\"iwg-fachbegriff\" data-tooltip=\"El conjunt d'actes religiosos de veneraci\u00f3 dedicats a una divinitat o figura sagrada.\" tabindex=\"0\">culte<\/span> monol\u00edtic a Inti que en la q\u00fcesti\u00f3 de la religiositat local.<\/p><p>Frank Salomon, Tom Zuidema, Catherine Allen, Sabine MacCormack (<em>Religion in the Andes<\/em>, 1991) i Brian Bauer (<em>The Sacred Landscape of the Inca<\/em>, 1998) han mostrat com el culte solar estatal es va superposar a una densa xarxa de santuaris huaca locals i de veneracions de muntanyes apu, i com va continuar vigent de forma sincr\u00e8tica despr\u00e9s de 1532.<\/p><p>Els estudis arqueoastron\u00f2mics actuals sobre santuaris de pedra com Machu Picchu (Reinhard 2007, Ziegler 2015) van precisant cont\u00ednuament aquesta imatge.<\/p>\t\t\t\t\t\t\t\t<\/div>\n\t\t\t\t<\/div>\n\t\t\t\t\t<\/div>\n\t\t\t\t<\/div>\n\t\t<div class=\"elementor-element elementor-element-iwgw-inti-s8 e-flex e-con-boxed e-con e-parent\" data-id=\"iwgw-inti-s8\" data-element_type=\"container\" data-e-type=\"container\">\n\t\t\t\t\t<div class=\"e-con-inner\">\n\t\t\t\t<div class=\"elementor-element elementor-element-iwgw-inti-s8h elementor-widget elementor-widget-heading\" data-id=\"iwgw-inti-s8h\" data-element_type=\"widget\" data-e-type=\"widget\" data-widget_type=\"heading.default\">\n\t\t\t\t\t<h2 class=\"elementor-heading-title elementor-size-default\">Bibliografia i fonts<\/h2>\t\t\t\t<\/div>\n\t\t<div class=\"elementor-element elementor-element-iwgw-inti-s8c e-con-full e-flex e-con e-child\" data-id=\"iwgw-inti-s8c\" data-element_type=\"container\" data-e-type=\"container\">\n\t\t\t\t<div class=\"elementor-element elementor-element-iwgw-inti-s8t elementor-widget elementor-widget-text-editor\" data-id=\"iwgw-inti-s8t\" data-element_type=\"widget\" data-e-type=\"widget\" data-widget_type=\"text-editor.default\">\n\t\t\t\t\t\t\t\t\t<p>La selecci\u00f3 seg\u00fcent recull fonts hist\u00f2riques centrals i estudis cient\u00edfics moderns sobre el <span class=\"iwg-fachbegriff\" data-tooltip=\"El conjunt d'actes religiosos de veneraci\u00f3 dedicats a una divinitat o figura sagrada.\" tabindex=\"0\">culte<\/span> a Inti dins l&#8217;Imperi inca. Va des de les cr\u00f2niques colonials dels segles XVI i XVII fins a obres de l&#8217;etnologia andina moderna i l&#8217;<span class=\"iwg-fachbegriff\" data-tooltip=\"Ci\u00e8ncia que estudia les cultures del passat a partir de restes materials.\" tabindex=\"0\">arqueologia<\/span>.<\/p>\t\t\t\t\t\t\t\t<\/div>\n\t\t\t\t<\/div>\n\t\t\t\t\t<\/div>\n\t\t\t\t<\/div>\n\t\t<div class=\"elementor-element elementor-element-cp2e221a20 e-flex e-con-boxed e-con e-parent\" data-id=\"cp2e221a20\" data-element_type=\"container\" data-e-type=\"container\">\n\t\t\t\t\t<div class=\"e-con-inner\">\n\t\t\t\t<div class=\"elementor-element elementor-element-cp28758ced elementor-widget elementor-widget-heading\" data-id=\"cp28758ced\" data-element_type=\"widget\" data-e-type=\"widget\" data-widget_type=\"heading.default\">\n\t\t\t\t\t<h2 class=\"elementor-heading-title elementor-size-default\">L'Inti Raymi com a festa estatal de l'Imperi inca<\/h2>\t\t\t\t<\/div>\n\t\t<div class=\"elementor-element elementor-element-cp264cc543 e-flex e-con-boxed e-con e-child\" data-id=\"cp264cc543\" data-element_type=\"container\" data-e-type=\"container\">\n\t\t\t\t\t<div class=\"e-con-inner\">\n\t\t\t\t<div class=\"elementor-element elementor-element-cp2c0825f5 elementor-widget elementor-widget-text-editor\" data-id=\"cp2c0825f5\" data-element_type=\"widget\" data-e-type=\"widget\" data-widget_type=\"text-editor.default\">\n\t\t\t\t\t\t\t\t\t<p>La festa m\u00e9s important transmesa del culte solar era l&#8217;<em>Inti Raymi<\/em>, que se celebrava a Cusco durant el solstici d&#8217;hivern del mes de juny.<\/p><p>Es coneix sobretot per la descripci\u00f3 del cronista Crist\u00f3bal de Molina de Cusco, que va documentar les festes inques a la d\u00e8cada de 1570, aix\u00ed com per les dades de Garcilaso de la Vega i Bernab\u00e9 Cobo. La festa marcava el comen\u00e7ament d&#8217;un nou cicle anual i vinculava el sol, la fertilitat de la terra i el poder de l&#8217;inca.<\/p><p>Segons les cr\u00f2niques, la noblesa es reunia a la pla\u00e7a central de Cusco. Se sacrificaven llames, s&#8217;oferien blat de moro i chicha, i se retia homenatge al sol en una <span class=\"iwg-fachbegriff\" data-tooltip=\"Un acte solemne que se celebra seguint regles fixes.\" tabindex=\"0\">cerim\u00f2nia<\/span> en la qual l&#8217;inca, com a fill del sol, tenia un paper destacat.<\/p><p>La festa servia aix\u00ed alhora per a la veneraci\u00f3 religiosa i per confirmar l&#8217;ordre pol\u00edtic. L&#8217;administraci\u00f3 colonial espanyola va prohibir la festa a finals del segle XVI considerant-la idolatria.<\/p><p>L&#8217;actual <em>Inti Raymi<\/em>, que se celebra anualment a Cusco des de 1944, no \u00e9s una continuaci\u00f3 ininterrompuda, sin\u00f3 una reconstrucci\u00f3 moderna. Es deu a una iniciativa de l&#8217;escriptor i indigenista Faustino Espinoza Navarro i se basa sobretot en el text de Garcilaso.<\/p><p>La investigaci\u00f3 situa la festa moderna dins l&#8217;indigenisme peru\u00e0 del segle XX, un moviment que va posar l&#8217;accent en l&#8217;her\u00e8ncia inca com a base de la identitat nacional. Es tracta, doncs, d&#8217;un cas ben documentat en qu\u00e8 un <span class=\"iwg-fachbegriff\" data-tooltip=\"Una seq\u00fc\u00e8ncia ordenada d'actes simb\u00f2lics amb significat religi\u00f3s o cultural.\" tabindex=\"0\">ritual<\/span> precolonial va ser recreat a partir de cr\u00f2niques i convertit en un element de la identitat moderna, sense que hi hagu\u00e9s una <span class=\"iwg-fachbegriff\" data-tooltip=\"La transmissi\u00f3 de coneixements i relats al llarg de generacions.\" tabindex=\"0\">transmissi\u00f3<\/span> cultual continuada.<\/p>\t\t\t\t\t\t\t\t<\/div>\n\t\t\t\t\t<\/div>\n\t\t\t\t<\/div>\n\t\t\t\t\t<\/div>\n\t\t\t\t<\/div>\n\t\t<div class=\"elementor-element elementor-element-cp220ba088 e-flex e-con-boxed e-con e-parent\" data-id=\"cp220ba088\" data-element_type=\"container\" data-e-type=\"container\">\n\t\t\t\t\t<div class=\"e-con-inner\">\n\t\t\t\t<div class=\"elementor-element elementor-element-cp2dc475fc elementor-widget elementor-widget-heading\" data-id=\"cp2dc475fc\" data-element_type=\"widget\" data-e-type=\"widget\" data-widget_type=\"heading.default\">\n\t\t\t\t\t<h2 class=\"elementor-heading-title elementor-size-default\">El Coricancha i la transmissi\u00f3 material del culte solar<\/h2>\t\t\t\t<\/div>\n\t\t<div class=\"elementor-element elementor-element-cp259331e8 e-flex e-con-boxed e-con e-child\" data-id=\"cp259331e8\" data-element_type=\"container\" data-e-type=\"container\">\n\t\t\t\t\t<div class=\"e-con-inner\">\n\t\t\t\t<div class=\"elementor-element elementor-element-cp2dcafdd8 elementor-widget elementor-widget-text-editor\" data-id=\"cp2dcafdd8\" data-element_type=\"widget\" data-e-type=\"widget\" data-widget_type=\"text-editor.default\">\n\t\t\t\t\t\t\t\t\t<p>El <span class=\"iwg-fachbegriff\" data-tooltip=\"Un lloc sagrat dedicat a la veneraci\u00f3 d'una divinitat.\" tabindex=\"0\">santuari<\/span> central del d\u00e9u sol era el <em>Coricancha<\/em> de Cusco, nom que se pot traduir com a recinte d&#8217;or o clos daurat. Les fonts espanyoles el descriuen ricament ornat amb or, amb parets que en part haurien estat revestides amb l\u00e0mines d&#8217;aquest metall.<\/p><p>Despr\u00e9s de la conquesta, l&#8217;or va ser fos, i sobre els fonaments del santuari els espanyols hi van construir el convent de Santo Domingo. El mass\u00eds mur de pedra inca s&#8217;ha conservat fins avui i \u00e9s visible al nucli urb\u00e0 de Cusco.<\/p><p>Per a l&#8217;an\u00e0lisi cient\u00edfica, el <em>Coricancha<\/em> \u00e9s important perqu\u00e8 constitueix un cas rar en qu\u00e8 conflueixen fonts escrites i restes constructives. L&#8217;arquitectura conservada permet fer deduccions sobre la disposici\u00f3 dels espais, encara que la funci\u00f3 exacta d&#8217;algunes zones continua sent objecte de debat.<\/p><p>Es discuteix, entre altres coses, si al <em>Coricancha<\/em> no nom\u00e9s s&#8217;hi trobava el sol, sin\u00f3 tamb\u00e9 altres divinitats i fins i tot els cossos embalsamats de governants difunts.<\/p><p>L&#8217;astr\u00f2nom i antrop\u00f2leg R. T. Zuidema ha defensat, en una s\u00e8rie de treballs, la tesi que del <em>Coricancha<\/em> partia un sistema de l\u00ednies imagin\u00e0ries, les anomenades <em>ceque<\/em>, al llarg de les quals se situaven nombrosos santuaris als voltants de Cusco. Aquestes l\u00ednies haurien tingut tant funcions rituals com calend\u00e0riques.<\/p><p>La tesi \u00e9s influent, per\u00f2 no exempta de controv\u00e8rsia, ja que se basa sobretot en la llista de santuaris de Bernab\u00e9 Cobo, la interpretaci\u00f3 de la qual \u00e9s discutida. El <em>Coricancha<\/em> continua sent, doncs, un punt de refer\u00e8ncia central per\u00f2 nom\u00e9s parcialment esclarit per comprendre el culte solar.<\/p>\t\t\t\t\t\t\t\t<\/div>\n\t\t\t\t\t<\/div>\n\t\t\t\t<\/div>\n\t\t\t\t\t<\/div>\n\t\t\t\t<\/div>\n\t\t<div class=\"elementor-element elementor-element-iwgw-inti-lit e-flex e-con-boxed e-con e-parent\" data-id=\"iwgw-inti-lit\" data-element_type=\"container\" data-e-type=\"container\">\n\t\t\t\t\t<div class=\"e-con-inner\">\n\t\t\t\t<div class=\"elementor-element elementor-element-iwgw-inti-lith elementor-widget elementor-widget-heading\" data-id=\"iwgw-inti-lith\" data-element_type=\"widget\" data-e-type=\"widget\" data-widget_type=\"heading.default\">\n\t\t\t\t\t<h2 class=\"elementor-heading-title elementor-size-default\">Bibliografia (selecci\u00f3)<\/h2>\t\t\t\t<\/div>\n\t\t<div class=\"elementor-element elementor-element-iwgw-inti-litc e-con-full e-flex e-con e-child\" data-id=\"iwgw-inti-litc\" data-element_type=\"container\" data-e-type=\"container\">\n\t\t\t\t<div class=\"elementor-element elementor-element-iwgw-inti-litt elementor-widget elementor-widget-text-editor\" data-id=\"iwgw-inti-litt\" data-element_type=\"widget\" data-e-type=\"widget\" data-widget_type=\"text-editor.default\">\n\t\t\t\t\t\t\t\t\t<ul><li>Garcilaso de la Vega: <em>Comentarios Reales de los Incas<\/em> (1609)<\/li><li>Bernabe Cobo: <em>Historia del Nuevo Mundo<\/em> (1653)<\/li><li>Catherine Allen: <em>The Hold Life Has<\/em> (2002)<\/li><li>Tom Zuidema: <em>The Ceque System of Cuzco<\/em> (1964)<\/li><li>Sabine MacCormack: <em>Religion in the Andes<\/em> (1991)<\/li><li>Brian Bauer: <em>The Sacred Landscape of the Inca<\/em> (1998)<\/li><li>Teresa Gisbert: <em>Iconografia y mitos indigenas en el arte<\/em> (1980)<\/li><\/ul>\t\t\t\t\t\t\t\t<\/div>\n\t\t\t\t<\/div>\n\t\t\t\t\t<\/div>\n\t\t\t\t<\/div>\n\t\t<div class=\"elementor-element elementor-element-iwgkw2-add-inti e-flex e-con-boxed e-con e-parent\" data-id=\"iwgkw2-add-inti\" data-element_type=\"container\" data-e-type=\"container\">\n\t\t\t\t\t<div class=\"e-con-inner\">\n\t\t\t\t<div class=\"elementor-element elementor-element-iwgkw2-add-inti-t elementor-widget elementor-widget-text-editor\" data-id=\"iwgkw2-add-inti-t\" data-element_type=\"widget\" data-e-type=\"widget\" data-widget_type=\"text-editor.default\">\n\t\t\t\t\t\t\t\t\t<p>Com a <strong>avantpassat fundador<\/strong> dels governants inques, Inti legitimava la l\u00ednia reial de Cusco i vinculava el centre pol\u00edtic de l&#8217;imperi amb un relat c\u00f2smic d&#8217;ascend\u00e8ncia.<\/p>\t\t\t\t\t\t\t\t<\/div>\n\t\t\t\t\t<\/div>\n\t\t\t\t<\/div>\n\t\t<div class=\"elementor-element elementor-element-iwgw-inti-kwd e-flex e-con-boxed e-con e-parent\" data-id=\"iwgw-inti-kwd\" data-element_type=\"container\" data-e-type=\"container\">\n\t\t\t\t\t<div class=\"e-con-inner\">\n\t\t<div class=\"elementor-element elementor-element-iwgw-inti-kwdc e-con-full e-flex e-con e-child\" data-id=\"iwgw-inti-kwdc\" data-element_type=\"container\" data-e-type=\"container\">\n\t\t\t\t<div class=\"elementor-element elementor-element-iwgw-inti-kwdt elementor-widget elementor-widget-text-editor\" data-id=\"iwgw-inti-kwdt\" data-element_type=\"widget\" data-e-type=\"widget\" data-widget_type=\"text-editor.default\">\n\t\t\t\t\t\t\t\t\t<p><em>Termes clau relacionats: Inti Quechua Capac Inti Raymi Cusco Coricancha Pachakuti Punchao Tawantinsuyu.<\/em><\/p>\t\t\t\t\t\t\t\t<\/div>\n\t\t\t\t<\/div>\n\t\t\t\t\t<\/div>\n\t\t\t\t<\/div>\n\t\t<div class=\"elementor-element elementor-element-iwgw-inti-cc e-flex e-con-boxed e-con e-parent\" data-id=\"iwgw-inti-cc\" data-element_type=\"container\" data-e-type=\"container\" id=\"iwg-cc-inti\">\n\t\t\t\t\t<div class=\"e-con-inner\">\n\t\t<div class=\"elementor-element elementor-element-iwgw-inti-ccinner e-flex e-con-boxed e-con e-parent\" data-id=\"iwgw-inti-ccinner\" data-element_type=\"container\" data-e-type=\"container\" data-settings=\"{&quot;background_background&quot;:&quot;classic&quot;}\">\n\t\t\t\t\t<div class=\"e-con-inner\">\n\t\t\t\t<div class=\"elementor-element elementor-element-iwgw-inti-cch elementor-widget elementor-widget-heading\" data-id=\"iwgw-inti-cch\" data-element_type=\"widget\" data-e-type=\"widget\" data-widget_type=\"heading.default\">\n\t\t\t\t\t<h2 class=\"elementor-heading-title elementor-size-default\">iWell Guard i tradicions de protecci\u00f3<\/h2>\t\t\t\t<\/div>\n\t\t\t\t<div class=\"elementor-element elementor-element-iwgw-inti-cct elementor-widget elementor-widget-text-editor\" data-id=\"iwgw-inti-cct\" data-element_type=\"widget\" data-e-type=\"widget\" data-widget_type=\"text-editor.default\">\n\t\t\t\t\t\t\t\t\t<div data-nosnippet=\"true\"><p>iWell Guard s&#8217;inscriu en la tradici\u00f3 cultural i hist\u00f2rica dels objectes protectors portables, en la tradici\u00f3 dels <a href=\"https:\/\/iwell-guard.com\/ca\/?page_id=171661\">Andes \/ Inques<\/a> i de moltes altres cultures d&#8217;arreu del m\u00f3n. 41 capes, or aut\u00e8ntic, plat\u00ed, plata, fabricat a Alemanya. Dret de devoluci\u00f3 de 30 dies.<\/p><\/div>\t\t\t\t\t\t\t\t<\/div>\n\t\t\t\t<div class=\"elementor-element elementor-element-iwgw-inti-ccb iwg-cc-button iwg-cc-cta-2026-05-13 elementor-widget elementor-widget-jet-button\" data-id=\"iwgw-inti-ccb\" data-element_type=\"widget\" data-e-type=\"widget\" data-widget_type=\"jet-button.default\">\n\t\t\t\t<div class=\"elementor-widget-container\">\n\t\t\t\t\t<div class=\"elementor-jet-button jet-elements\"><div class=\"jet-button__container\"><a class=\"jet-button__instance jet-button__instance--icon-left hover-effect-1\" href=\"\/ueber-iwell-guard\/?utm_source=iwell-guard.com&amp;utm_medium=info-box&amp;utm_campaign=wesen-tradition\"><div class=\"jet-button__plane jet-button__plane-normal\"><\/div><div class=\"jet-button__plane jet-button__plane-hover\"><\/div><div class=\"jet-button__state jet-button__state-normal\"><span class=\"jet-button__label\">M\u00e9s informaci\u00f3 sobre l'iWell Guard<\/span><\/div><div class=\"jet-button__state jet-button__state-hover\"><span class=\"jet-button__label\">M\u00e9s informaci\u00f3 sobre l'iWell Guard<\/span><\/div><\/a><\/div><\/div><style>.elementor-element.elementor-element-iwgw-inti-ccb .jet-button__instance{width:320px;height:56px;}.elementor-element.elementor-element-iwgw-inti-ccb .jet-button__state-normal .jet-button__label{text-align:center;margin:0px 0px 0px 0px;color:#1a1b20;font-family:Montserrat,sans-serif;font-size:13px;font-weight:400;letter-spacing:4px;line-height:1.714em;text-transform:uppercase;}.elementor-element.elementor-element-iwgw-inti-ccb .jet-button__state-hover .jet-button__label{text-align:center;margin:0px 0px 0px 0px;color:#FECC76;font-family:Montserrat,sans-serif;font-size:13px;font-weight:400;letter-spacing:4px;line-height:1.714em;text-transform:uppercase;}.elementor-element.elementor-element-iwgw-inti-ccb .jet-button__plane-normal{background-color:#FECC76;border-style:solid;border-color:#C99540;border-width:2px 2px 2px 2px;}.elementor-element.elementor-element-iwgw-inti-ccb .jet-button__plane-hover{background-color:rgba(0,0,0,0.55);border-style:solid;border-color:#FECC76;border-width:2px 2px 2px 2px;}<\/style>\t\t\t\t<\/div>\n\t\t\t\t<\/div>\n\t\t\t\t<div class=\"elementor-element elementor-element-iwgw-inti-ccd elementor-widget elementor-widget-text-editor\" data-id=\"iwgw-inti-ccd\" data-element_type=\"widget\" data-e-type=\"widget\" data-widget_type=\"text-editor.default\">\n\t\t\t\t\t\t\t\t\t<div data-nosnippet=\"true\"><p style=\"text-align:center;font-size:13px;opacity:0.7;margin-top:14px\" data-nosnippet=\"true\">Les experi\u00e8ncies personals poden variar. No \u00e9s un producte sanitari. No \u00e9s una promesa de curaci\u00f3.<\/p><\/div>\t\t\t\t\t\t\t\t<\/div>\n\t\t\t\t\t<\/div>\n\t\t\t\t<\/div>\n\t\t\t\t\t<\/div>\n\t\t\t\t<\/div>\n\t\t<div class=\"elementor-element elementor-element-iwgw-inti-disc e-flex e-con-boxed e-con e-parent\" data-id=\"iwgw-inti-disc\" data-element_type=\"container\" data-e-type=\"container\">\n\t\t\t\t\t<div class=\"e-con-inner\">\n\t\t\t\t<div class=\"elementor-element elementor-element-iwgw-inti-discw elementor-widget elementor-widget-html\" data-id=\"iwgw-inti-discw\" data-element_type=\"widget\" data-e-type=\"widget\" data-widget_type=\"html.default\">\n\t\t\t\t\t<footer data-nosnippet=\"true\" class=\"iwg-disclaimer-block\"><p data-nosnippet=\"true\">iWell Guard <strong>no \u00e9s un producte sanitari<\/strong> i no substitueix cap tractament m\u00e8dic o psicoterap\u00e8utic. Els continguts d'hist\u00f2ria de les religions s\u00f3n una classificaci\u00f3 culturohist\u00f2rica, no una recomanaci\u00f3 de pr\u00e0ctica espiritual.<\/p><\/footer>\t\t\t\t<\/div>\n\t\t\t\t\t<\/div>\n\t\t\t\t<\/div>\n\t\t\t\t<\/div>\n\t\t","protected":false},"excerpt":{"rendered":"","protected":false},"author":3,"featured_media":2678,"parent":0,"menu_order":0,"comment_status":"closed","ping_status":"closed","template":"elementor_header_footer","meta":{"_yoast_wpseo_focuskw":"Inti d\u00e9u del Sol inca","_yoast_wpseo_title":"Inti \u2013 D\u00e9u del Sol inca i pante\u00f3","_yoast_wpseo_metadesc":"Inti, el d\u00e9u del Sol dels inques, \u00e9s considerat pare de la dinastia governant i centre de l'Inti Raymi, culte estatal juntament amb Viracocha i Mama Killa.","_yoast_wpseo_meta-robots-noindex":"","_yoast_wpseo_canonical":"","_angie_page":false,"gefaehrdungsstufe":"2","wesen_kultur":"anden-inka","wesen_klasse":"goetter","footnotes":""},"categories":[],"class_list":["post-171671","page","type-page","status-publish","has-post-thumbnail","hentry"],"yoast_head":"<!-- This site is optimized with the Yoast SEO Premium plugin v27.7 (Yoast SEO v28.3) - https:\/\/yoast.com\/product\/yoast-seo-premium-wordpress\/ -->\n<title>Inti \u2013 D\u00e9u del Sol inca i pante\u00f3<\/title>\n<meta name=\"description\" content=\"Inti, el d\u00e9u del Sol dels inques, \u00e9s considerat pare de la dinastia governant i centre de l&#039;Inti Raymi, culte estatal juntament amb Viracocha i Mama Killa.\" \/>\n<meta name=\"robots\" content=\"index, follow, max-snippet:-1, max-image-preview:large, max-video-preview:-1\" \/>\n<link rel=\"canonical\" href=\"https:\/\/iwell-guard.com\/ca\/inti-deu-del-sol-dels-inques\/\" \/>\n<meta property=\"og:locale\" content=\"ca_ES\" \/>\n<meta property=\"og:type\" content=\"article\" \/>\n<meta property=\"og:title\" content=\"Inti \u2013 D\u00e9u del Sol dels Inques\" \/>\n<meta property=\"og:description\" content=\"Inti, el d\u00e9u del Sol dels inques, \u00e9s considerat pare de la dinastia governant i centre de l&#039;Inti Raymi, culte estatal juntament amb Viracocha i Mama Killa.\" \/>\n<meta property=\"og:url\" content=\"https:\/\/iwell-guard.com\/ca\/inti-deu-del-sol-dels-inques\/\" \/>\n<meta property=\"og:site_name\" content=\"iWell Guard\" \/>\n<meta property=\"article:modified_time\" content=\"2026-09-05T16:04:02+00:00\" \/>\n<meta property=\"og:image\" content=\"https:\/\/iwell-guard.com\/wp-content\/uploads\/2026\/05\/goetter_anden-inka_inti.webp\" \/>\n\t<meta property=\"og:image:width\" content=\"1024\" \/>\n\t<meta property=\"og:image:height\" content=\"1536\" \/>\n\t<meta property=\"og:image:type\" content=\"image\/webp\" \/>\n<meta name=\"twitter:card\" content=\"summary_large_image\" \/>\n<script type=\"application\/ld+json\" class=\"yoast-schema-graph\">{\"@context\":\"https:\\\/\\\/schema.org\",\"@graph\":[{\"@type\":\"WebPage\",\"@id\":\"https:\\\/\\\/iwell-guard.com\\\/ca\\\/inti-deu-del-sol-dels-inques\\\/\",\"url\":\"https:\\\/\\\/iwell-guard.com\\\/ca\\\/inti-deu-del-sol-dels-inques\\\/\",\"name\":\"Inti \u2013 D\u00e9u del Sol inca i pante\u00f3\",\"isPartOf\":{\"@id\":\"https:\\\/\\\/iwell-guard.com\\\/ca\\\/#website\"},\"primaryImageOfPage\":{\"@id\":\"https:\\\/\\\/iwell-guard.com\\\/ca\\\/inti-deu-del-sol-dels-inques\\\/#primaryimage\"},\"image\":{\"@id\":\"https:\\\/\\\/iwell-guard.com\\\/ca\\\/inti-deu-del-sol-dels-inques\\\/#primaryimage\"},\"thumbnailUrl\":\"https:\\\/\\\/iwell-guard.com\\\/wp-content\\\/uploads\\\/2026\\\/05\\\/goetter_anden-inka_inti.webp\",\"datePublished\":\"2026-09-05T15:41:20+00:00\",\"dateModified\":\"2026-09-05T16:04:02+00:00\",\"description\":\"Inti, el d\u00e9u del Sol dels inques, \u00e9s considerat pare de la dinastia governant i centre de l'Inti Raymi, culte estatal juntament amb Viracocha i Mama Killa.\",\"breadcrumb\":{\"@id\":\"https:\\\/\\\/iwell-guard.com\\\/ca\\\/inti-deu-del-sol-dels-inques\\\/#breadcrumb\"},\"inLanguage\":\"ca\",\"potentialAction\":[{\"@type\":\"ReadAction\",\"target\":[\"https:\\\/\\\/iwell-guard.com\\\/ca\\\/inti-deu-del-sol-dels-inques\\\/\"]}]},{\"@type\":\"ImageObject\",\"inLanguage\":\"ca\",\"@id\":\"https:\\\/\\\/iwell-guard.com\\\/ca\\\/inti-deu-del-sol-dels-inques\\\/#primaryimage\",\"url\":\"https:\\\/\\\/iwell-guard.com\\\/wp-content\\\/uploads\\\/2026\\\/05\\\/goetter_anden-inka_inti.webp\",\"contentUrl\":\"https:\\\/\\\/iwell-guard.com\\\/wp-content\\\/uploads\\\/2026\\\/05\\\/goetter_anden-inka_inti.webp\",\"width\":1024,\"height\":1536,\"caption\":\"D\u00e9us de la tradici\u00f3 andina inca.\"},{\"@type\":\"BreadcrumbList\",\"@id\":\"https:\\\/\\\/iwell-guard.com\\\/ca\\\/inti-deu-del-sol-dels-inques\\\/#breadcrumb\",\"itemListElement\":[{\"@type\":\"ListItem\",\"position\":1,\"name\":\"Start\",\"item\":\"https:\\\/\\\/iwell-guard.com\\\/ca\\\/?page_id=171333\"},{\"@type\":\"ListItem\",\"position\":2,\"name\":\"Inti \u2013 D\u00e9u del Sol dels Inques\"}]},{\"@type\":\"WebSite\",\"@id\":\"https:\\\/\\\/iwell-guard.com\\\/ca\\\/#website\",\"url\":\"https:\\\/\\\/iwell-guard.com\\\/ca\\\/\",\"name\":\"iWell Guard\",\"description\":\"Schutz vor dunklen Einfl\u00fcssen\",\"publisher\":{\"@id\":\"https:\\\/\\\/iwell-guard.com\\\/ca\\\/#organization\"},\"potentialAction\":[{\"@type\":\"SearchAction\",\"target\":{\"@type\":\"EntryPoint\",\"urlTemplate\":\"https:\\\/\\\/iwell-guard.com\\\/ca\\\/?s={search_term_string}\"},\"query-input\":{\"@type\":\"PropertyValueSpecification\",\"valueRequired\":true,\"valueName\":\"search_term_string\"}}],\"inLanguage\":\"ca\"},{\"@type\":\"Organization\",\"@id\":\"https:\\\/\\\/iwell-guard.com\\\/ca\\\/#organization\",\"name\":\"Ittermann electronic GmbH\",\"url\":\"https:\\\/\\\/iwell-guard.com\\\/ca\\\/\",\"logo\":{\"@type\":\"ImageObject\",\"inLanguage\":\"ca\",\"@id\":\"https:\\\/\\\/iwell-guard.com\\\/ca\\\/#\\\/schema\\\/logo\\\/image\\\/\",\"url\":\"https:\\\/\\\/iwell-guard.com\\\/wp-content\\\/uploads\\\/2026\\\/05\\\/Ittermann-Logo-1182x237-1.png\",\"contentUrl\":\"https:\\\/\\\/iwell-guard.com\\\/wp-content\\\/uploads\\\/2026\\\/05\\\/Ittermann-Logo-1182x237-1.png\",\"width\":1182,\"height\":237,\"caption\":\"Ittermann electronic GmbH\"},\"image\":{\"@id\":\"https:\\\/\\\/iwell-guard.com\\\/ca\\\/#\\\/schema\\\/logo\\\/image\\\/\"},\"sameAs\":[\"https:\\\/\\\/pantip.com\\\/profile\\\/9367242\",\"https:\\\/\\\/micro.blog\\\/iwellguard\",\"https:\\\/\\\/www.diggerslist.com\\\/iwellguard\\\/about\",\"https:\\\/\\\/skitterphoto.com\\\/photographers\\\/2870314\\\/iwell-guard\",\"https:\\\/\\\/iwellguard.wordpress.com\\\/2026\\\/06\\\/06\\\/iwell-guard\\\/\",\"https:\\\/\\\/hub.docker.com\\\/u\\\/iwellguard\",\"https:\\\/\\\/www.pinterest.com\\\/iwellguard\\\/\",\"https:\\\/\\\/bit.ly\\\/m\\\/iwellguard\",\"https:\\\/\\\/entre-vos-mains.alsace.eu\\\/profiles\\\/iwellguard\\\/activity\",\"https:\\\/\\\/gravatar.com\\\/reallybeded8fd34\",\"https:\\\/\\\/naijamatta.com\\\/iwellguard\",\"https:\\\/\\\/www.goodreads.com\\\/iwellguard\",\"https:\\\/\\\/profile.hatena.ne.jp\\\/iwellguard\\\/\",\"https:\\\/\\\/experiment.com\\\/users\\\/iwellguard\",\"https:\\\/\\\/wakelet.com\\\/@iWellGuard82270\",\"https:\\\/\\\/www.chordie.com\\\/forum\\\/profile.php?id=2555664\",\"https:\\\/\\\/www.instapaper.com\\\/p\\\/17757966\",\"https:\\\/\\\/www.mapleprimes.com\\\/users\\\/iwellguard\",\"https:\\\/\\\/businesslistingplus.com\\\/profile\\\/iwell-guard\\\/\",\"https:\\\/\\\/telegra.ph\\\/iWell-Guard-06-06\",\"https:\\\/\\\/pbase.com\\\/iwellguard\\\/iwellguard\",\"https:\\\/\\\/b.hatena.ne.jp\\\/iwellguard\\\/20260607#bookmark-4788405196491818882\",\"https:\\\/\\\/fliphtml5.com\\\/home\\\/iwellguard\",\"https:\\\/\\\/anyflip.com\\\/homepage\\\/cmiwl#About\",\"https:\\\/\\\/transfur.com\\\/Users\\\/iwellguard\",\"http:\\\/\\\/delphi.larsbo.org\\\/user\\\/iwellguard\",\"https:\\\/\\\/jobs.lajobsportal.org\\\/profiles\\\/8380803-iwell-guard\",\"https:\\\/\\\/md.chaosdorf.de\\\/s\\\/jfbe5SBdJD\",\"https:\\\/\\\/www.lingvolive.com\\\/en-us\\\/profile\\\/9ecaeaca-ce11-4e51-9e71-01d55e2bff36\\\/translations\",\"https:\\\/\\\/www.fitday.com\\\/fitness\\\/forums\\\/members\\\/iwellguard.html\",\"https:\\\/\\\/www.mymeetbook.com\\\/iwellguard\",\"https:\\\/\\\/pxhere.com\\\/en\\\/photographer-me\\\/5040798\",\"https:\\\/\\\/disqus.com\\\/by\\\/iwellguard\\\/about\\\/\",\"https:\\\/\\\/pastelink.net\\\/hjwciqwq\",\"https:\\\/\\\/pubhtml5.com\\\/homepage\\\/scjhn\\\/\",\"https:\\\/\\\/www.bitchute.com\\\/channel\\\/2O2eOKzNqujT\",\"https:\\\/\\\/audiomack.com\\\/iwellguard\"]},{\"@type\":\"Article\",\"@id\":\"https:\\\/\\\/iwell-guard.com\\\/ca\\\/inti-deu-del-sol-dels-inques\\\/#article\",\"isPartOf\":{\"@id\":\"https:\\\/\\\/iwell-guard.com\\\/ca\\\/inti-deu-del-sol-dels-inques\\\/\"},\"author\":{\"name\":\"Ralf Ittermann\",\"@id\":\"https:\\\/\\\/iwell-guard.com\\\/ca\\\/#\\\/schema\\\/person\\\/ee2a27f1cac3406c7c6fb5820cb7349f\"},\"headline\":\"Inti \u2013 D\u00e9u del Sol dels Inques\",\"datePublished\":\"2026-09-05T15:41:20+00:00\",\"dateModified\":\"2026-09-05T16:04:02+00:00\",\"mainEntityOfPage\":{\"@id\":\"https:\\\/\\\/iwell-guard.com\\\/ca\\\/inti-deu-del-sol-dels-inques\\\/\"},\"publisher\":{\"@id\":\"https:\\\/\\\/iwell-guard.com\\\/ca\\\/#organization\"},\"image\":{\"@id\":\"https:\\\/\\\/iwell-guard.com\\\/ca\\\/inti-deu-del-sol-dels-inques\\\/#primaryimage\"},\"thumbnailUrl\":\"https:\\\/\\\/iwell-guard.com\\\/wp-content\\\/uploads\\\/2026\\\/05\\\/goetter_anden-inka_inti.webp\",\"inLanguage\":\"ca\",\"description\":\"Inti, el d\u00e9u del Sol dels inques, \u00e9s considerat pare de la dinastia governant i centre de l'Inti Raymi, culte estatal juntament amb Viracocha i Mama Killa.\"}]}<\/script>\n<!-- \/ Yoast SEO Premium plugin. -->","yoast_head_json":{"title":"Inti \u2013 D\u00e9u del Sol inca i pante\u00f3","description":"Inti, el d\u00e9u del Sol dels inques, \u00e9s considerat pare de la dinastia governant i centre de l'Inti Raymi, culte estatal juntament amb Viracocha i Mama Killa.","robots":{"index":"index","follow":"follow","max-snippet":"max-snippet:-1","max-image-preview":"max-image-preview:large","max-video-preview":"max-video-preview:-1"},"canonical":"https:\/\/iwell-guard.com\/ca\/inti-deu-del-sol-dels-inques\/","og_locale":"ca_ES","og_type":"article","og_title":"Inti \u2013 D\u00e9u del Sol dels Inques","og_description":"Inti, el d\u00e9u del Sol dels inques, \u00e9s considerat pare de la dinastia governant i centre de l'Inti Raymi, culte estatal juntament amb Viracocha i Mama Killa.","og_url":"https:\/\/iwell-guard.com\/ca\/inti-deu-del-sol-dels-inques\/","og_site_name":"iWell Guard","article_modified_time":"2026-09-05T16:04:02+00:00","og_image":[{"width":1024,"height":1536,"url":"https:\/\/iwell-guard.com\/wp-content\/uploads\/2026\/05\/goetter_anden-inka_inti.webp","type":"image\/webp"}],"twitter_card":"summary_large_image","schema":{"@context":"https:\/\/schema.org","@graph":[{"@type":"Article","@id":"https:\/\/iwell-guard.com\/ca\/inti-deu-del-sol-dels-inques\/#article","isPartOf":{"@id":"https:\/\/iwell-guard.com\/ca\/inti-deu-del-sol-dels-inques\/"},"author":{"name":"Ralf Ittermann","@id":"https:\/\/iwell-guard.com\/ca\/#\/schema\/person\/ee2a27f1cac3406c7c6fb5820cb7349f"},"headline":"Inti \u2013 D\u00e9u del Sol dels Inques","datePublished":"2026-09-05T15:41:20+00:00","dateModified":"2026-09-05T16:04:02+00:00","mainEntityOfPage":{"@id":"https:\/\/iwell-guard.com\/ca\/inti-deu-del-sol-dels-inques\/"},"publisher":{"@id":"https:\/\/iwell-guard.com\/ca\/#organization"},"image":{"@id":"https:\/\/iwell-guard.com\/ca\/inti-deu-del-sol-dels-inques\/#primaryimage"},"thumbnailUrl":"https:\/\/iwell-guard.com\/wp-content\/uploads\/2026\/05\/goetter_anden-inka_inti.webp","inLanguage":"ca","description":"Inti, el d\u00e9u del Sol dels inques, \u00e9s considerat pare de la dinastia governant i centre de l'Inti Raymi, culte estatal juntament amb Viracocha i Mama Killa."},{"@type":"WebPage","@id":"https:\/\/iwell-guard.com\/ca\/inti-deu-del-sol-dels-inques\/","url":"https:\/\/iwell-guard.com\/ca\/inti-deu-del-sol-dels-inques\/","name":"Inti \u2013 D\u00e9u del Sol inca i pante\u00f3","isPartOf":{"@id":"https:\/\/iwell-guard.com\/ca\/#website"},"primaryImageOfPage":{"@id":"https:\/\/iwell-guard.com\/ca\/inti-deu-del-sol-dels-inques\/#primaryimage"},"image":{"@id":"https:\/\/iwell-guard.com\/ca\/inti-deu-del-sol-dels-inques\/#primaryimage"},"thumbnailUrl":"https:\/\/iwell-guard.com\/wp-content\/uploads\/2026\/05\/goetter_anden-inka_inti.webp","datePublished":"2026-09-05T15:41:20+00:00","dateModified":"2026-09-05T16:04:02+00:00","description":"Inti, el d\u00e9u del Sol dels inques, \u00e9s considerat pare de la dinastia governant i centre de l'Inti Raymi, culte estatal juntament amb Viracocha i Mama Killa.","breadcrumb":{"@id":"https:\/\/iwell-guard.com\/ca\/inti-deu-del-sol-dels-inques\/#breadcrumb"},"inLanguage":"ca","potentialAction":[{"@type":"ReadAction","target":["https:\/\/iwell-guard.com\/ca\/inti-deu-del-sol-dels-inques\/"]}]},{"@type":"ImageObject","inLanguage":"ca","@id":"https:\/\/iwell-guard.com\/ca\/inti-deu-del-sol-dels-inques\/#primaryimage","url":"https:\/\/iwell-guard.com\/wp-content\/uploads\/2026\/05\/goetter_anden-inka_inti.webp","contentUrl":"https:\/\/iwell-guard.com\/wp-content\/uploads\/2026\/05\/goetter_anden-inka_inti.webp","width":1024,"height":1536,"caption":"D\u00e9us de la tradici\u00f3 andina inca."},{"@type":"BreadcrumbList","@id":"https:\/\/iwell-guard.com\/ca\/inti-deu-del-sol-dels-inques\/#breadcrumb","itemListElement":[{"@type":"ListItem","position":1,"name":"Start","item":"https:\/\/iwell-guard.com\/ca\/?page_id=171333"},{"@type":"ListItem","position":2,"name":"Inti \u2013 D\u00e9u del Sol dels Inques"}]},{"@type":"WebSite","@id":"https:\/\/iwell-guard.com\/ca\/#website","url":"https:\/\/iwell-guard.com\/ca\/","name":"iWell Guard","description":"Schutz vor dunklen Einfl\u00fcssen","publisher":{"@id":"https:\/\/iwell-guard.com\/ca\/#organization"},"potentialAction":[{"@type":"SearchAction","target":{"@type":"EntryPoint","urlTemplate":"https:\/\/iwell-guard.com\/ca\/?s={search_term_string}"},"query-input":{"@type":"PropertyValueSpecification","valueRequired":true,"valueName":"search_term_string"}}],"inLanguage":"ca"},{"@type":"Organization","@id":"https:\/\/iwell-guard.com\/ca\/#organization","name":"Ittermann electronic GmbH","url":"https:\/\/iwell-guard.com\/ca\/","logo":{"@type":"ImageObject","inLanguage":"ca","@id":"https:\/\/iwell-guard.com\/ca\/#\/schema\/logo\/image\/","url":"https:\/\/iwell-guard.com\/wp-content\/uploads\/2026\/05\/Ittermann-Logo-1182x237-1.png","contentUrl":"https:\/\/iwell-guard.com\/wp-content\/uploads\/2026\/05\/Ittermann-Logo-1182x237-1.png","width":1182,"height":237,"caption":"Ittermann electronic GmbH"},"image":{"@id":"https:\/\/iwell-guard.com\/ca\/#\/schema\/logo\/image\/"},"sameAs":["https:\/\/pantip.com\/profile\/9367242","https:\/\/micro.blog\/iwellguard","https:\/\/www.diggerslist.com\/iwellguard\/about","https:\/\/skitterphoto.com\/photographers\/2870314\/iwell-guard","https:\/\/iwellguard.wordpress.com\/2026\/06\/06\/iwell-guard\/","https:\/\/hub.docker.com\/u\/iwellguard","https:\/\/www.pinterest.com\/iwellguard\/","https:\/\/bit.ly\/m\/iwellguard","https:\/\/entre-vos-mains.alsace.eu\/profiles\/iwellguard\/activity","https:\/\/gravatar.com\/reallybeded8fd34","https:\/\/naijamatta.com\/iwellguard","https:\/\/www.goodreads.com\/iwellguard","https:\/\/profile.hatena.ne.jp\/iwellguard\/","https:\/\/experiment.com\/users\/iwellguard","https:\/\/wakelet.com\/@iWellGuard82270","https:\/\/www.chordie.com\/forum\/profile.php?id=2555664","https:\/\/www.instapaper.com\/p\/17757966","https:\/\/www.mapleprimes.com\/users\/iwellguard","https:\/\/businesslistingplus.com\/profile\/iwell-guard\/","https:\/\/telegra.ph\/iWell-Guard-06-06","https:\/\/pbase.com\/iwellguard\/iwellguard","https:\/\/b.hatena.ne.jp\/iwellguard\/20260607#bookmark-4788405196491818882","https:\/\/fliphtml5.com\/home\/iwellguard","https:\/\/anyflip.com\/homepage\/cmiwl#About","https:\/\/transfur.com\/Users\/iwellguard","http:\/\/delphi.larsbo.org\/user\/iwellguard","https:\/\/jobs.lajobsportal.org\/profiles\/8380803-iwell-guard","https:\/\/md.chaosdorf.de\/s\/jfbe5SBdJD","https:\/\/www.lingvolive.com\/en-us\/profile\/9ecaeaca-ce11-4e51-9e71-01d55e2bff36\/translations","https:\/\/www.fitday.com\/fitness\/forums\/members\/iwellguard.html","https:\/\/www.mymeetbook.com\/iwellguard","https:\/\/pxhere.com\/en\/photographer-me\/5040798","https:\/\/disqus.com\/by\/iwellguard\/about\/","https:\/\/pastelink.net\/hjwciqwq","https:\/\/pubhtml5.com\/homepage\/scjhn\/","https:\/\/www.bitchute.com\/channel\/2O2eOKzNqujT","https:\/\/audiomack.com\/iwellguard"]},{"@type":"Person","@id":"https:\/\/iwell-guard.com\/ca\/#\/schema\/person\/ee2a27f1cac3406c7c6fb5820cb7349f","name":"Ralf Ittermann","image":{"@type":"ImageObject","inLanguage":"ca","@id":"https:\/\/secure.gravatar.com\/avatar\/073c0153e350a5005b68eb752b445fea71f6b24a26da9449ad7e155e6b446c9d?s=96&d=mm&r=g","url":"https:\/\/secure.gravatar.com\/avatar\/073c0153e350a5005b68eb752b445fea71f6b24a26da9449ad7e155e6b446c9d?s=96&d=mm&r=g","contentUrl":"https:\/\/secure.gravatar.com\/avatar\/073c0153e350a5005b68eb752b445fea71f6b24a26da9449ad7e155e6b446c9d?s=96&d=mm&r=g","caption":"Ralf Ittermann"},"givenName":"Ralf","familyName":"Ittermann","jobTitle":"Gesch\u00e4ftsf\u00fchrer und redaktioneller Verantwortlicher","url":"https:\/\/iwell-guard.com\/ca\/author\/claude\/","description":"Ralf Ittermann ist Gesch\u00e4ftsf\u00fchrer der Ittermann electronic GmbH und redaktioneller Verantwortlicher des iWell-Guard-Lexikons. Er verbindet langj\u00e4hrige Erfahrung in der Pr\u00e4zisionsfertigung mit medialer Praxis und religionsgeschichtlicher Quellenarbeit.","worksFor":{"@type":"Organization","name":"Ittermann electronic GmbH","url":"https:\/\/ittermann.de\/","address":{"@type":"PostalAddress","streetAddress":"K\u00f6hlergasse 16-18","postalCode":"99842","addressLocality":"Ruhla","addressCountry":"DE"}},"knowsAbout":["Religionsgeschichte","Mythologie","Mediale Praxis","Energetische Diagnostik","Schutzpraxis","Volksglauben","Westliche Esoterik"]},{"@type":"Article","@id":"https:\/\/iwell-guard.com\/ca\/inti-deu-del-sol-dels-inques\/#article","isPartOf":{"@id":"https:\/\/iwell-guard.com\/ca\/inti-deu-del-sol-dels-inques\/"},"author":{"name":"Ralf Ittermann","@id":"https:\/\/iwell-guard.com\/ca\/#\/schema\/person\/ee2a27f1cac3406c7c6fb5820cb7349f"},"headline":"Inti \u2013 D\u00e9u del Sol dels Inques","datePublished":"2026-09-05T15:41:20+00:00","dateModified":"2026-09-05T16:04:02+00:00","mainEntityOfPage":{"@id":"https:\/\/iwell-guard.com\/ca\/inti-deu-del-sol-dels-inques\/"},"publisher":{"@id":"https:\/\/iwell-guard.com\/ca\/#organization"},"image":{"@id":"https:\/\/iwell-guard.com\/ca\/inti-deu-del-sol-dels-inques\/#primaryimage"},"thumbnailUrl":"https:\/\/iwell-guard.com\/wp-content\/uploads\/2026\/05\/goetter_anden-inka_inti.webp","inLanguage":"ca","description":"Inti, el d\u00e9u del Sol dels inques, \u00e9s considerat pare de la dinastia governant i centre de l'Inti Raymi, culte estatal juntament amb Viracocha i Mama Killa."}]}},"_links":{"self":[{"href":"https:\/\/iwell-guard.com\/ca\/wp-json\/wp\/v2\/pages\/171671","targetHints":{"allow":["GET"]}}],"collection":[{"href":"https:\/\/iwell-guard.com\/ca\/wp-json\/wp\/v2\/pages"}],"about":[{"href":"https:\/\/iwell-guard.com\/ca\/wp-json\/wp\/v2\/types\/page"}],"author":[{"embeddable":true,"href":"https:\/\/iwell-guard.com\/ca\/wp-json\/wp\/v2\/users\/3"}],"replies":[{"embeddable":true,"href":"https:\/\/iwell-guard.com\/ca\/wp-json\/wp\/v2\/comments?post=171671"}],"version-history":[{"count":0,"href":"https:\/\/iwell-guard.com\/ca\/wp-json\/wp\/v2\/pages\/171671\/revisions"}],"wp:featuredmedia":[{"embeddable":true,"href":"https:\/\/iwell-guard.com\/ca\/wp-json\/wp\/v2\/media\/2678"}],"wp:attachment":[{"href":"https:\/\/iwell-guard.com\/ca\/wp-json\/wp\/v2\/media?parent=171671"}],"wp:term":[{"taxonomy":"category","embeddable":true,"href":"https:\/\/iwell-guard.com\/ca\/wp-json\/wp\/v2\/categories?post=171671"}],"curies":[{"name":"wp","href":"https:\/\/api.w.org\/{rel}","templated":true}]}}