{"id":171668,"date":"2026-09-05T15:41:19","date_gmt":"2026-09-05T15:41:19","guid":{"rendered":"https:\/\/iwell-guard.com\/?page_id=171668"},"modified":"2026-09-05T16:03:59","modified_gmt":"2026-09-05T16:03:59","slug":"inuit-artic-sedna-tornit-proteccio","status":"publish","type":"page","link":"https:\/\/iwell-guard.com\/ca\/inuit-artic-sedna-tornit-proteccio\/","title":{"rendered":"Inuit i l&#8217;\u00c0rtic \u2013 Sedna, tornit i pr\u00e0ctica protectora"},"content":{"rendered":"\t\t<div data-elementor-type=\"wp-page\" data-elementor-id=\"171668\" class=\"elementor elementor-171668 elementor-2572 elementor-bc-flex-widget\" data-elementor-post-type=\"page\">\n\t\t\t\t<div class=\"elementor-element elementor-element-iwgcn-inuit-hero iwg-kultur-hero e-flex e-con-boxed e-con e-parent\" data-id=\"iwgcn-inuit-hero\" data-element_type=\"container\" data-e-type=\"container\">\n\t\t\t\t\t<div class=\"e-con-inner\">\n\t\t<div class=\"elementor-element elementor-element-iwgcn-inuit-hl iwg-kultur-hero-left e-flex e-con-boxed e-con e-child\" data-id=\"iwgcn-inuit-hl\" data-element_type=\"container\" data-e-type=\"container\">\n\t\t\t\t\t<div class=\"e-con-inner\">\n\t\t\t\t<div class=\"elementor-element elementor-element-iwgcn-inuit-h1 elementor-widget elementor-widget-heading\" data-id=\"iwgcn-inuit-h1\" data-element_type=\"widget\" data-e-type=\"widget\" data-widget_type=\"heading.default\">\n\t\t\t\t\t<h1 class=\"elementor-heading-title elementor-size-default\">Inuit i l'\u00c0rtic, Sedna, angakkuq i objectes de protecci\u00f3<\/h1>\t\t\t\t<\/div>\n\t\t<div class=\"elementor-element elementor-element-iwgcn-inuit-leadc e-con-full e-flex e-con e-child\" data-id=\"iwgcn-inuit-leadc\" data-element_type=\"container\" data-e-type=\"container\">\n\t\t\t\t<div class=\"elementor-element elementor-element-iwgcn-inuit-lead elementor-widget elementor-widget-text-editor\" data-id=\"iwgcn-inuit-lead\" data-element_type=\"widget\" data-e-type=\"widget\" data-widget_type=\"text-editor.default\">\n\t\t\t\t\t\t\t\t\t<p>La poblaci\u00f3 inuit, des de Sib\u00e8ria (iupik) fins a Alaska, el Canad\u00e0, Groenl\u00e0ndia i el Labrador, va desenvolupar una tradici\u00f3 religiosa en la qual el mar, els animals de ca\u00e7a i el m\u00f3n espiritual dels difunts estructuren la vida.<\/p><p>Sedna com a senyora dels animals marins, els angakkuq (xamans) com a especialistes rituals, i objectes de protecci\u00f3 port\u00e0tils fets d&#8217;os, pedra i vori de morsa configuren l&#8217;inventari religi\u00f3s d&#8217;aquesta cultura circumpolar.<\/p>\t\t\t\t\t\t\t\t<\/div>\n\t\t\t\t<\/div>\n\t\t\t\t\t<\/div>\n\t\t\t\t<\/div>\n\t\t<div class=\"elementor-element elementor-element-iwgcn-inuit-hr iwg-kultur-hero-right e-flex e-con-boxed e-con e-child\" data-id=\"iwgcn-inuit-hr\" data-element_type=\"container\" data-e-type=\"container\">\n\t\t\t\t\t<div class=\"e-con-inner\">\n\t\t\t\t<div class=\"elementor-element elementor-element-iwgcn-inuit-himg iwg-hero-image elementor-widget elementor-widget-image\" data-id=\"iwgcn-inuit-himg\" data-element_type=\"widget\" data-e-type=\"widget\" data-widget_type=\"image.default\">\n\t\t\t\t\t\t\t\t\t\t\t\t\t\t\t<img fetchpriority=\"high\" decoding=\"async\" width=\"683\" height=\"1024\" src=\"https:\/\/iwell-guard.com\/wp-content\/uploads\/2026\/05\/goetter_inuit_igaluk-683x1024.webp\" class=\"attachment-large size-large wp-image-2882\" alt=\"Inuit i l\u2019\u00c0rtic \u2013 Sedna, tornit i pr\u00e0ctica protectora\" srcset=\"https:\/\/iwell-guard.com\/wp-content\/uploads\/2026\/05\/goetter_inuit_igaluk-683x1024.webp 683w, https:\/\/iwell-guard.com\/wp-content\/uploads\/2026\/05\/goetter_inuit_igaluk-200x300.webp 200w, https:\/\/iwell-guard.com\/wp-content\/uploads\/2026\/05\/goetter_inuit_igaluk-768x1152.webp 768w, https:\/\/iwell-guard.com\/wp-content\/uploads\/2026\/05\/goetter_inuit_igaluk.webp 1024w\" sizes=\"(max-width: 683px) 100vw, 683px\" \/>\t\t\t\t\t\t\t\t\t\t\t\t\t\t\t<\/div>\n\t\t\t\t\t<\/div>\n\t\t\t\t<\/div>\n\t\t\t\t\t<\/div>\n\t\t\t\t<\/div>\n\t\t<div class=\"elementor-element elementor-element-iwgcn-inuit-s0 e-flex e-con-boxed e-con e-parent\" data-id=\"iwgcn-inuit-s0\" data-element_type=\"container\" data-e-type=\"container\">\n\t\t\t\t\t<div class=\"e-con-inner\">\n\t\t\t\t<div class=\"elementor-element elementor-element-iwgcn-inuit-s0h elementor-widget elementor-widget-heading\" data-id=\"iwgcn-inuit-s0h\" data-element_type=\"widget\" data-e-type=\"widget\" data-widget_type=\"heading.default\">\n\t\t\t\t\t<h2 class=\"elementor-heading-title elementor-size-default\">Sedna, senyora dels animals marins<\/h2>\t\t\t\t<\/div>\n\t\t<div class=\"elementor-element elementor-element-iwgcn-inuit-s0-c e-con-full e-flex e-con e-child\" data-id=\"iwgcn-inuit-s0-c\" data-element_type=\"container\" data-e-type=\"container\">\n\t\t\t\t<div class=\"elementor-element elementor-element-iwgcn-inuit-s0t elementor-widget elementor-widget-text-editor\" data-id=\"iwgcn-inuit-s0t\" data-element_type=\"widget\" data-e-type=\"widget\" data-widget_type=\"text-editor.default\">\n\t\t\t\t\t\t\t\t\t<p>Sedna (tamb\u00e9 anomenada Nuliajuk, Takannakapsaluk, Arnapkapfaaluk) \u00e9s la <span class=\"iwg-fachbegriff\" data-tooltip=\"Un \u00e9sser venerat com a div\u00ed dins d'una religi\u00f3.\" tabindex=\"0\">divinitat<\/span> central de la religi\u00f3 inuit circumpolar. En el <span class=\"iwg-fachbegriff\" data-tooltip=\"Una narraci\u00f3 transmesa sobre d\u00e9us, or\u00edgens i l'ordre del m\u00f3n.\" tabindex=\"0\">mite<\/span> m\u00e9s conegut, \u00e9s una jove que, abandonada pel seu pare en un vaixell, s&#8217;aferra a la vora de l&#8217;embarcaci\u00f3; el pare li talla els dits, dels quals sorgeixen foques, morses i balenes.<\/p><p>Sedna s&#8217;enfonsa al fons del mar i hi regna com a senyora de tots els animals de ca\u00e7a. Quan la ca\u00e7a no re\u00efx, \u00e9s perqu\u00e8 els seus cabells estan embullats a causa de les transgressions dels tab\u00fas per part dels humans, i el <span class=\"iwg-fachbegriff\" data-tooltip=\"Especialista religi\u00f3s al qual s'atribueix la mediaci\u00f3 entre els humans i el m\u00f3n espiritual.\" tabindex=\"0\">xaman<\/span> ha de baixar fins a ella per pentinar-li els cabells.<\/p>\t\t\t\t\t\t\t\t<\/div>\n\t\t\t\t<\/div>\n\t\t\t\t\t<\/div>\n\t\t\t\t<\/div>\n\t\t<div class=\"elementor-element elementor-element-iwgcn-inuit-s1 e-flex e-con-boxed e-con e-parent\" data-id=\"iwgcn-inuit-s1\" data-element_type=\"container\" data-e-type=\"container\">\n\t\t\t\t\t<div class=\"e-con-inner\">\n\t\t\t\t<div class=\"elementor-element elementor-element-iwgcn-inuit-s1h elementor-widget elementor-widget-heading\" data-id=\"iwgcn-inuit-s1h\" data-element_type=\"widget\" data-e-type=\"widget\" data-widget_type=\"heading.default\">\n\t\t\t\t\t<h2 class=\"elementor-heading-title elementor-size-default\">Sila, els tornit i el pante\u00f3 espiritual<\/h2>\t\t\t\t<\/div>\n\t\t<div class=\"elementor-element elementor-element-iwgcn-inuit-s1-c e-con-full e-flex e-con e-child\" data-id=\"iwgcn-inuit-s1-c\" data-element_type=\"container\" data-e-type=\"container\">\n\t\t\t\t<div class=\"elementor-element elementor-element-iwgcn-inuit-s1t elementor-widget elementor-widget-text-editor\" data-id=\"iwgcn-inuit-s1t\" data-element_type=\"widget\" data-e-type=\"widget\" data-widget_type=\"text-editor.default\">\n\t\t\t\t\t\t\t\t\t<p>Sila \u00e9s el principi omniabastador de l&#8217;al\u00e8, el temps atmosf\u00e8ric i la consci\u00e8ncia, una entitat quasi de\u00efsta sense una personificaci\u00f3 clara, comparable al Tao xin\u00e8s o al mana polinesi. Els tornit (singular: tornarssuk) s\u00f3n esperits auxiliars poderosos, sovint amb forma animal o semianimal.<\/p><p>Els tunit s\u00f3n els gegants m\u00edtics avantpassats que van habitar la terra abans dels inuit actuals. Els morts continuen vivint en dos cels i un infram\u00f3n: un cel \u00e9s per als morts en circumst\u00e0ncies heroiques, i l&#8217;infram\u00f3n \u00e9s reservat per a les morts naturals.<\/p>\t\t\t\t\t\t\t\t<\/div>\n\t\t\t\t<\/div>\n\t\t\t\t\t<\/div>\n\t\t\t\t<\/div>\n\t\t<div class=\"elementor-element elementor-element-iwgcn-inuit-s2 e-flex e-con-boxed e-con e-parent\" data-id=\"iwgcn-inuit-s2\" data-element_type=\"container\" data-e-type=\"container\">\n\t\t\t\t\t<div class=\"e-con-inner\">\n\t\t\t\t<div class=\"elementor-element elementor-element-iwgcn-inuit-s2h elementor-widget elementor-widget-heading\" data-id=\"iwgcn-inuit-s2h\" data-element_type=\"widget\" data-e-type=\"widget\" data-widget_type=\"heading.default\">\n\t\t\t\t\t<h2 class=\"elementor-heading-title elementor-size-default\">L'angakkuq, el xaman<\/h2>\t\t\t\t<\/div>\n\t\t<div class=\"elementor-element elementor-element-iwgcn-inuit-s2-c e-con-full e-flex e-con e-child\" data-id=\"iwgcn-inuit-s2-c\" data-element_type=\"container\" data-e-type=\"container\">\n\t\t\t\t<div class=\"elementor-element elementor-element-iwgcn-inuit-s2t elementor-widget elementor-widget-text-editor\" data-id=\"iwgcn-inuit-s2t\" data-element_type=\"widget\" data-e-type=\"widget\" data-widget_type=\"text-editor.default\">\n\t\t\t\t\t\t\t\t\t<p>L&#8217;angakkuq (plural: angakkut) \u00e9s l&#8217;especialista religi\u00f3s dels inuit. La seva <span class=\"iwg-fachbegriff\" data-tooltip=\"Pas ritual mitjan\u00e7ant el qual alg\u00fa \u00e9s adm\u00e8s a un nou estatus o comunitat.\" tabindex=\"0\">iniciaci\u00f3<\/span> compr\u00e8n una cerca espiritual a la tundra, la trobada amb esperits auxiliars i l&#8217;adquisici\u00f3 d&#8217;una \u00abfor\u00e7a interior\u00bb (qaumaneq). Actua com a guaridor, endev\u00ed del temps i mediador amb el m\u00f3n espiritual.<\/p><p>Els viatges en tr\u00e0ngol sovint es fan acompanyat per animals, \u00f3s polar, llop, \u00e0guila. El tambor (qilaut) \u00e9s el seu instrument central, fet sovint de manera senzilla amb fusta de deriva i pell de foca. Tamb\u00e9 hi ha const\u00e0ncia de xamanesses en la tradici\u00f3.<\/p>\t\t\t\t\t\t\t\t<\/div>\n\t\t\t\t<\/div>\n\t\t\t\t\t<\/div>\n\t\t\t\t<\/div>\n\t\t<div class=\"elementor-element elementor-element-iwgcn-inuit-s3 e-flex e-con-boxed e-con e-parent\" data-id=\"iwgcn-inuit-s3\" data-element_type=\"container\" data-e-type=\"container\">\n\t\t\t\t\t<div class=\"e-con-inner\">\n\t\t\t\t<div class=\"elementor-element elementor-element-iwgcn-inuit-s3h elementor-widget elementor-widget-heading\" data-id=\"iwgcn-inuit-s3h\" data-element_type=\"widget\" data-e-type=\"widget\" data-widget_type=\"heading.default\">\n\t\t\t\t\t<h2 class=\"elementor-heading-title elementor-size-default\">Objectes de protecci\u00f3, tupilak, amulets d'os i vori<\/h2>\t\t\t\t<\/div>\n\t\t<div class=\"elementor-element elementor-element-iwgcn-inuit-s3-c e-con-full e-flex e-con e-child\" data-id=\"iwgcn-inuit-s3-c\" data-element_type=\"container\" data-e-type=\"container\">\n\t\t\t\t<div class=\"elementor-element elementor-element-iwgcn-inuit-s3t elementor-widget elementor-widget-text-editor\" data-id=\"iwgcn-inuit-s3t\" data-element_type=\"widget\" data-e-type=\"widget\" data-widget_type=\"text-editor.default\">\n\t\t\t\t\t\t\t\t\t<p>Els tupilak eren origin\u00e0riament construccions <span class=\"iwg-fachbegriff\" data-tooltip=\"Un \u00e9sser sense cos al qual s'atribueix una acci\u00f3 en el m\u00f3n.\" tabindex=\"0\">espirituals<\/span>, \u00e9ssers animats que un <span class=\"iwg-fachbegriff\" data-tooltip=\"Especialista religi\u00f3s al qual s'atribueix la mediaci\u00f3 entre els humans i el m\u00f3n espiritual.\" tabindex=\"0\">xaman<\/span> enviava en un acte d&#8217;atac o de protecci\u00f3. En la tradici\u00f3 del Groenl\u00e0ndia oriental, tamb\u00e9 es representaven com a figures esculpides en vori de morsa, os de balena o banya de carib\u00fa.<\/p><p>Avui les esculpides de tupilak s\u00f3n souvenirs populars internacionalment i conserven un rerefons religi\u00f3s-tradicional. A m\u00e9s, hi ha amulets port\u00e0tils fets de dents animals, ossos i pedra, sovint amb animals simb\u00f2lics (\u00f3s, balena) tallats.<\/p>\t\t\t\t\t\t\t\t<\/div>\n\t\t\t\t<\/div>\n\t\t\t\t\t<\/div>\n\t\t\t\t<\/div>\n\t\t<div class=\"elementor-element elementor-element-iwgcn-inuit-s4 e-flex e-con-boxed e-con e-parent\" data-id=\"iwgcn-inuit-s4\" data-element_type=\"container\" data-e-type=\"container\">\n\t\t\t\t\t<div class=\"e-con-inner\">\n\t\t\t\t<div class=\"elementor-element elementor-element-iwgcn-inuit-s4h elementor-widget elementor-widget-heading\" data-id=\"iwgcn-inuit-s4h\" data-element_type=\"widget\" data-e-type=\"widget\" data-widget_type=\"heading.default\">\n\t\t\t\t\t<h2 class=\"elementor-heading-title elementor-size-default\">Inukshuk i marcatge del territori<\/h2>\t\t\t\t<\/div>\n\t\t<div class=\"elementor-element elementor-element-iwgcn-inuit-s4-c e-con-full e-flex e-con e-child\" data-id=\"iwgcn-inuit-s4-c\" data-element_type=\"container\" data-e-type=\"container\">\n\t\t\t\t<div class=\"elementor-element elementor-element-iwgcn-inuit-s4t elementor-widget elementor-widget-text-editor\" data-id=\"iwgcn-inuit-s4t\" data-element_type=\"widget\" data-e-type=\"widget\" data-widget_type=\"text-editor.default\">\n\t\t\t\t\t\t\t\t\t<p>Els inukshuk (plural: inuksuit) s\u00f3n construccions de pedra antropomorfes que serveixen com a marcadors al territori \u00e0rtic: camins, corredors de carib\u00fa, llocs de pesca, amagatalls. Etimol\u00f2gicament significa \u00abamb forma humana\u00bb. No s\u00f3n d\u00e9us en si mateixos, per\u00f2 formen part de la relaci\u00f3 religiosa i pr\u00e0ctica amb el territori. L&#8217;inukshuk \u00e9s avui l&#8217;emblema de Nunavut i <span class=\"iwg-fachbegriff\" data-tooltip=\"Un signe que representa una idea o significat.\" tabindex=\"0\">s\u00edmbol<\/span> dels Jocs Ol\u00edmpics de 2010 a Vancouver.<\/p>\t\t\t\t\t\t\t\t<\/div>\n\t\t\t\t<\/div>\n\t\t\t\t\t<\/div>\n\t\t\t\t<\/div>\n\t\t<div class=\"elementor-element elementor-element-iwgcn-inuit-s5 e-flex e-con-boxed e-con e-parent\" data-id=\"iwgcn-inuit-s5\" data-element_type=\"container\" data-e-type=\"container\">\n\t\t\t\t\t<div class=\"e-con-inner\">\n\t\t\t\t<div class=\"elementor-element elementor-element-iwgcn-inuit-s5h elementor-widget elementor-widget-heading\" data-id=\"iwgcn-inuit-s5h\" data-element_type=\"widget\" data-e-type=\"widget\" data-widget_type=\"heading.default\">\n\t\t\t\t\t<h2 class=\"elementor-heading-title elementor-size-default\">Sistema de tab\u00fas i ritus de ca\u00e7a<\/h2>\t\t\t\t<\/div>\n\t\t<div class=\"elementor-element elementor-element-iwgcn-inuit-s5-c e-con-full e-flex e-con e-child\" data-id=\"iwgcn-inuit-s5-c\" data-element_type=\"container\" data-e-type=\"container\">\n\t\t\t\t<div class=\"elementor-element elementor-element-iwgcn-inuit-s5t elementor-widget elementor-widget-text-editor\" data-id=\"iwgcn-inuit-s5t\" data-element_type=\"widget\" data-e-type=\"widget\" data-widget_type=\"text-editor.default\">\n\t\t\t\t\t\t\t\t\t<p>La religi\u00f3 inuit est\u00e0 fortament estructurada per tab\u00fas: certs animals no es poden menjar junts, les dones durant la menstruaci\u00f3 i despr\u00e9s del part estan subjectes a restriccions, i la ca\u00e7a terrestre i marina es mantenen ritualment separades. Les transgressions provoquen pertorbacions de Sila i la ira de Sedna.<\/p><p>El festival despr\u00e9s d&#8217;una ca\u00e7a reeixida (especialment en la captura de balenes i \u00f3ssos polars) \u00e9s un gran <span class=\"iwg-fachbegriff\" data-tooltip=\"Una seq\u00fc\u00e8ncia regulada d'accions simb\u00f2liques amb significat religi\u00f3s o cultural.\" tabindex=\"0\">ritual<\/span> amb tambor, cant i repartiment d&#8217;aliments. Les restes dels animals, sobretot bufetes i mand\u00edbules, es retornen al mar perqu\u00e8 l&#8217;animal pugui ren\u00e9ixer.<\/p>\t\t\t\t\t\t\t\t<\/div>\n\t\t\t\t<\/div>\n\t\t\t\t\t<\/div>\n\t\t\t\t<\/div>\n\t\t<div class=\"elementor-element elementor-element-iwgcn-inuit-s6 e-flex e-con-boxed e-con e-parent\" data-id=\"iwgcn-inuit-s6\" data-element_type=\"container\" data-e-type=\"container\">\n\t\t\t\t\t<div class=\"e-con-inner\">\n\t\t\t\t<div class=\"elementor-element elementor-element-iwgcn-inuit-s6h elementor-widget elementor-widget-heading\" data-id=\"iwgcn-inuit-s6h\" data-element_type=\"widget\" data-e-type=\"widget\" data-widget_type=\"heading.default\">\n\t\t\t\t\t<h2 class=\"elementor-heading-title elementor-size-default\">Cristianitzaci\u00f3 i revitalitzaci\u00f3<\/h2>\t\t\t\t<\/div>\n\t\t<div class=\"elementor-element elementor-element-iwgcn-inuit-s6-c e-con-full e-flex e-con e-child\" data-id=\"iwgcn-inuit-s6-c\" data-element_type=\"container\" data-e-type=\"container\">\n\t\t\t\t<div class=\"elementor-element elementor-element-iwgcn-inuit-s6t elementor-widget elementor-widget-text-editor\" data-id=\"iwgcn-inuit-s6t\" data-element_type=\"widget\" data-e-type=\"widget\" data-widget_type=\"text-editor.default\">\n\t\t\t\t\t\t\t\t\t<p>A partir del segle XVIII (Groenl\u00e0ndia, missi\u00f3 danesa) i durant els segles XIX i XX (Canad\u00e0, Alaska), els inuit van ser majorit\u00e0riament cristianitzats (luterans a Groenl\u00e0ndia, anglicans i cat\u00f2lics romans al Canad\u00e0, ortodoxos russos a Alaska). El <span class=\"iwg-fachbegriff\" data-tooltip=\"Sistema religi\u00f3s en qu\u00e8 uns especialistes es comuniquen amb el m\u00f3n espiritual.\" tabindex=\"0\">xamanisme<\/span> va ser en part reprimit violentament.<\/p><p>Avui t\u00e9 lloc una revitalitzaci\u00f3 cultural i religiosa, amb la pr\u00f2pia tradici\u00f3 de cant gutural (throat singing) i un renaixement de la joieria i l&#8217;escultura. Obres importants en l&#8217;\u00e0mbit de la ci\u00e8ncia de les religions: Knud Rasmussen <em>Across Arctic America<\/em>, Daniel Merkur <em>Becoming Half Hidden<\/em>, Ann Fienup-Riordan.<\/p>\t\t\t\t\t\t\t\t<\/div>\n\t\t\t\t<\/div>\n\t\t\t\t\t<\/div>\n\t\t\t\t<\/div>\n\t\t<div class=\"elementor-element elementor-element-cp2c681877 e-flex e-con-boxed e-con e-parent\" data-id=\"cp2c681877\" data-element_type=\"container\" data-e-type=\"container\">\n\t\t\t\t\t<div class=\"e-con-inner\">\n\t\t\t\t<div class=\"elementor-element elementor-element-cp2dcf12fa elementor-widget elementor-widget-heading\" data-id=\"cp2dcf12fa\" data-element_type=\"widget\" data-e-type=\"widget\" data-widget_type=\"heading.default\">\n\t\t\t\t\t<h2 class=\"elementor-heading-title elementor-size-default\">Diversitat regional des de Groenl\u00e0ndia fins a Alaska<\/h2>\t\t\t\t<\/div>\n\t\t<div class=\"elementor-element elementor-element-cp2495f6fe e-flex e-con-boxed e-con e-child\" data-id=\"cp2495f6fe\" data-element_type=\"container\" data-e-type=\"container\">\n\t\t\t\t\t<div class=\"e-con-inner\">\n\t\t\t\t<div class=\"elementor-element elementor-element-cp24069c82 elementor-widget elementor-widget-text-editor\" data-id=\"cp24069c82\" data-element_type=\"widget\" data-e-type=\"widget\" data-widget_type=\"text-editor.default\">\n\t\t\t\t\t\t\t\t\t<p>Els inuits habiten un espai immens i escassament poblat, que s&#8217;est\u00e9n des de l&#8217;est de Groenl\u00e0ndia, passant per l&#8217;\u00c0rtic canadenc, fins a Alaska i l&#8217;estret de Bering. En aquesta vastitud es dona una fam\u00edlia ling\u00fc\u00edstica emparentada i formes de vida similars, per\u00f2 no una religi\u00f3 unificada.<\/p><p>Les tradicions regionals dels inuits de Groenl\u00e0ndia, dels grups canadencs com els iglulik o els netsilik, i dels yupik i i\u00f1upiat d&#8217;Alaska, difereixen considerablement en noms de d\u00e9us, rituals i relats.<\/p><p>La literatura m\u00e9s antiga sovint utilitzava el terme esquimal, que avui es considera despectiu al Canad\u00e0 i a Groenl\u00e0ndia i \u00e9s substitu\u00eft per inuit, mentre que a Alaska encara s&#8217;utilitzen sovint yupik i i\u00f1upiat com a autodenominacions. Aquesta q\u00fcesti\u00f3 terminol\u00f2gica no \u00e9s nom\u00e9s ling\u00fc\u00edstica, sin\u00f3 que afecta la identitat de les comunitats.<\/p><p>Malgrat aquesta diversitat, es poden identificar trets generals compartits. Un d&#8217;ells \u00e9s la idea que els animals i les forces naturals tenen una dimensi\u00f3 interior pr\u00f2pia, s\u00f3n una mena de persona a la qual cal tractar amb respecte. Un altre \u00e9s la import\u00e0ncia de les prohibicions i normes que regulen la ca\u00e7a, el naixement i la mort.<\/p><p>I un altre \u00e9s la figura d&#8217;una persona capa\u00e7 de comunicar-se amb els esperits, anomenada <em>angakkoq<\/em> en l&#8217;\u00e0mbit groenland\u00e8s. Ara b\u00e9, la manera concreta com es manifestaven aquests elements variava d&#8217;una regi\u00f3 a l&#8217;altra.<\/p>\t\t\t\t\t\t\t\t<\/div>\n\t\t\t\t\t<\/div>\n\t\t\t\t<\/div>\n\t\t\t\t\t<\/div>\n\t\t\t\t<\/div>\n\t\t<div class=\"elementor-element elementor-element-cp219dc107 e-flex e-con-boxed e-con e-parent\" data-id=\"cp219dc107\" data-element_type=\"container\" data-e-type=\"container\">\n\t\t\t\t\t<div class=\"e-con-inner\">\n\t\t\t\t<div class=\"elementor-element elementor-element-cp2a9ccc41 elementor-widget elementor-widget-heading\" data-id=\"cp2a9ccc41\" data-element_type=\"widget\" data-e-type=\"widget\" data-widget_type=\"heading.default\">\n\t\t\t\t\t<h2 class=\"elementor-heading-title elementor-size-default\">La cosmovisi\u00f3: \u00e0nimes, animals i l'equilibri de la ca\u00e7a<\/h2>\t\t\t\t<\/div>\n\t\t<div class=\"elementor-element elementor-element-cp230ccb3a e-flex e-con-boxed e-con e-child\" data-id=\"cp230ccb3a\" data-element_type=\"container\" data-e-type=\"container\">\n\t\t\t\t\t<div class=\"e-con-inner\">\n\t\t\t\t<div class=\"elementor-element elementor-element-cp2888c8cb elementor-widget elementor-widget-text-editor\" data-id=\"cp2888c8cb\" data-element_type=\"widget\" data-e-type=\"widget\" data-widget_type=\"text-editor.default\">\n\t\t\t\t\t\t\t\t\t<p>Al centre de les concepcions religioses inuits hi ha la relaci\u00f3 entre els humans i els animals de qu\u00e8 dep\u00e8n la superviv\u00e8ncia a l&#8217;\u00c0rtic. Es creia habitualment que els animals es lliuraven volunt\u00e0riament als ca\u00e7adors, sempre que fossin tractats amb respecte.<\/p><p>D&#8217;aquesta creen\u00e7a se&#8217;n derivava una xarxa densa de prohibicions. Certes activitats no es podien barrejar, com el processament d&#8217;animals terrestres i marins, i els ossos i les restes s&#8217;havien de tractar de manera prescrita.<\/p><p>Si es violaven aquestes normes, es pensava que els animals es retiraven i amena\u00e7ava la fam. En moltes regions, sobretot a la zona central canadenca, era funci\u00f3 d&#8217;una senyora dels animals marins vigilar les foques i les balenes.<\/p><p>Aquesta figura, sovint anomenada <a href=\"https:\/\/iwell-guard.com\/ca\/?page_id=171751\">Sedna<\/a>, encara que amb noms diversos, vivia al fons del mar. Quan els humans trencaven les normes, les faltes se li quedaven enredades als cabells i els animals no apareixien. Aleshores un <em>angakkoq<\/em> havia de baixar fins a ella en un viatge espiritual, pentinar-li els cabells i reconciliar-la.<\/p><p>Es considerava sovint que el propi \u00e9sser hum\u00e0 estava format per diverses parts d&#8217;\u00e0nima, entre elles una part vital i una part relacionada amb el nom. El nom d&#8217;una persona morta s&#8217;atorgava sovint a un infant nascut de nou, que rebia aix\u00ed un vincle amb la persona difunta.<\/p><p>Aquestes concepcions varien segons la regi\u00f3, per\u00f2 mostren de manera constant una cosmovisi\u00f3 en qu\u00e8 l&#8217;\u00e9sser hum\u00e0, l&#8217;animal i el m\u00f3n dels esperits no estaven separats, sin\u00f3 units en un equilibri sempre precari.<\/p>\t\t\t\t\t\t\t\t<\/div>\n\t\t\t\t\t<\/div>\n\t\t\t\t<\/div>\n\t\t\t\t\t<\/div>\n\t\t\t\t<\/div>\n\t\t<div class=\"elementor-element elementor-element-cp2067134f e-flex e-con-boxed e-con e-parent\" data-id=\"cp2067134f\" data-element_type=\"container\" data-e-type=\"container\">\n\t\t\t\t\t<div class=\"e-con-inner\">\n\t\t\t\t<div class=\"elementor-element elementor-element-cp2edc26b7 elementor-widget elementor-widget-heading\" data-id=\"cp2edc26b7\" data-element_type=\"widget\" data-e-type=\"widget\" data-widget_type=\"heading.default\">\n\t\t\t\t\t<h2 class=\"elementor-heading-title elementor-size-default\">Transmissi\u00f3 oral i els registres de les expedicions de Thule<\/h2>\t\t\t\t<\/div>\n\t\t<div class=\"elementor-element elementor-element-cp2ba33b27 e-flex e-con-boxed e-con e-child\" data-id=\"cp2ba33b27\" data-element_type=\"container\" data-e-type=\"container\">\n\t\t\t\t\t<div class=\"e-con-inner\">\n\t\t\t\t<div class=\"elementor-element elementor-element-cp29bb5b38 elementor-widget elementor-widget-text-editor\" data-id=\"cp29bb5b38\" data-element_type=\"widget\" data-e-type=\"widget\" data-widget_type=\"text-editor.default\">\n\t\t\t\t\t\t\t\t\t<p>La religi\u00f3 dels inuits era oral. El coneixement vivia en relats, cants, f\u00f3rmules d&#8217;encantament i en l&#8217;ensenyament pr\u00e0ctic transm\u00e8s per la gent gran. No existia una escriptura pr\u00f2pia; a Groenl\u00e0ndia no va apar\u00e8ixer una forma escrita de la llengua fins al segle divuit, amb la missi\u00f3 danesa, i al Canad\u00e0, m\u00e9s tard, l&#8217;escriptura sil\u00b7l\u00e0bica.<\/p><p>El registre sistem\u00e0tic m\u00e9s important de les concepcions tradicionals prov\u00e9 de la cinquena expedici\u00f3 de Thule, de 1921 a 1924, dirigida per Knud Rasmussen.<\/p><p>Rasmussen, que havia crescut a Groenl\u00e0ndia i dominava la llengua, va viatjar per l&#8217;\u00c0rtic canadenc i va recollir relats, can\u00e7ons i testimonis de diversos <em>angakkut<\/em>, entre ells l&#8217;\u00e0mpliament citat Aua.<\/p><p>Els seus volums encara avui s\u00f3n una font central, per\u00f2 cal llegir-los amb esperit cr\u00edtic, perqu\u00e8 en aquella \u00e8poca la missi\u00f3 i el canvi social ja havien transformat profundament les tradicions antigues. Rasmussen sovint va documentar una religi\u00f3 en transici\u00f3.<\/p><p>Fonts m\u00e9s antigues s\u00f3n els informes dels missioners danesos a Groenl\u00e0ndia, com Hans Egede, aix\u00ed com els registres de balers i expedicionaris. Sovint s\u00f3n fragmentaris i marcats per una mirada externa, missionera o curiosa.<\/p><p>Per als yupik i i\u00f1upiat d&#8217;Alaska hi ha col\u00b7leccions etnogr\u00e0fiques pr\u00f2pies, sorgides m\u00e9s tard. La investigaci\u00f3 actual dona molta import\u00e0ncia a incorporar el coneixement conservat en les mateixes comunitats i a no tractar les fonts colonials com a informes neutres.<\/p>\t\t\t\t\t\t\t\t<\/div>\n\t\t\t\t\t<\/div>\n\t\t\t\t<\/div>\n\t\t\t\t\t<\/div>\n\t\t\t\t<\/div>\n\t\t<div class=\"elementor-element elementor-element-cp2cc56393 e-flex e-con-boxed e-con e-parent\" data-id=\"cp2cc56393\" data-element_type=\"container\" data-e-type=\"container\">\n\t\t\t\t\t<div class=\"e-con-inner\">\n\t\t\t\t<div class=\"elementor-element elementor-element-cp24dc10b6 elementor-widget elementor-widget-heading\" data-id=\"cp24dc10b6\" data-element_type=\"widget\" data-e-type=\"widget\" data-widget_type=\"heading.default\">\n\t\t\t\t\t<h2 class=\"elementor-heading-title elementor-size-default\">Cristianitzaci\u00f3 i situaci\u00f3 actual<\/h2>\t\t\t\t<\/div>\n\t\t<div class=\"elementor-element elementor-element-cp2c6dae47 e-flex e-con-boxed e-con e-child\" data-id=\"cp2c6dae47\" data-element_type=\"container\" data-e-type=\"container\">\n\t\t\t\t\t<div class=\"e-con-inner\">\n\t\t\t\t<div class=\"elementor-element elementor-element-cp24be8146 elementor-widget elementor-widget-text-editor\" data-id=\"cp24be8146\" data-element_type=\"widget\" data-e-type=\"widget\" data-widget_type=\"text-editor.default\">\n\t\t\t\t\t\t\t\t\t<p>La cristianitzaci\u00f3 dels inuits va tenir un desenvolupament diferent segons la regi\u00f3, per\u00f2 va ser profunda a tot arreu. A Groenl\u00e0ndia va comen\u00e7ar la missi\u00f3 danesa al segle divuit; a l&#8217;\u00c0rtic canadenc van arribar missioners anglicans i cat\u00f2lics, sobretot al segle dinou i a principis del vint; a Alaska van actuar missions ortodoxes russes i, m\u00e9s tard, protestants.<\/p><p>Els <em>angakkut<\/em> van patir en molts llocs pressions per abandonar la seva pr\u00e0ctica, i els rituals antics van caure en descr\u00e8dit o van ser prohibits.<\/p><p>La conseq\u00fc\u00e8ncia va ser una interrupci\u00f3 generalitzada de la pr\u00e0ctica p\u00fablica de la religi\u00f3 tradicional. Avui la majoria dels inuits s\u00f3n cristians de diverses confessions.<\/p><p>Alhora, es van conservar alguns elements de l&#8217;antiga cosmovisi\u00f3, per exemple en relats, en concepcions sobre el tracte amb els animals i en la pr\u00e0ctica de posar noms. En algunes comunitats van perv\u00edure idees sobre esperits i prohibicions relacionades amb la ca\u00e7a, fins i tot sota una aparen\u00e7a cristiana.<\/p><p>Des de finals del segle vint hi ha un inter\u00e8s creixent per la pr\u00f2pia <span class=\"iwg-fachbegriff\" data-tooltip=\"La transmissi\u00f3 de coneixement i relats al llarg de generacions.\" tabindex=\"0\">tradici\u00f3<\/span> cultural. Organitzacions inuits, escoles i investigadors de les mateixes comunitats recullen relats, documenten lleng\u00fces i transmeten el coneixement tradicional, sovint sota el terme <em>Inuit Qaujimajatuqangit<\/em>, que designa el coneixement transm\u00e8s dels inuits.<\/p><p>Aix\u00f2 \u00e9s menys una revifada religiosa en sentit estricte que una reafirmaci\u00f3 cultural. Una presentaci\u00f3 seriosa descriu, doncs, la situaci\u00f3 actual com marcada pel cristianisme, amb concepcions antigues encara vives i un conreu conscient del patrimoni cultural, evitant la imatge d&#8217;una antiga religi\u00f3 practicada de manera ininterrompuda.<\/p>\t\t\t\t\t\t\t\t<\/div>\n\t\t\t\t\t<\/div>\n\t\t\t\t<\/div>\n\t\t\t\t\t<\/div>\n\t\t\t\t<\/div>\n\t\t<div class=\"elementor-element elementor-element-iwgha-inuit-sec e-flex e-con-boxed e-con e-parent\" data-id=\"iwgha-inuit-sec\" data-element_type=\"container\" data-e-type=\"container\">\n\t\t\t\t\t<div class=\"e-con-inner\">\n\t\t\t\t<div class=\"elementor-element elementor-element-iwgha-inuit-h elementor-widget elementor-widget-heading\" data-id=\"iwgha-inuit-h\" data-element_type=\"widget\" data-e-type=\"widget\" data-widget_type=\"heading.default\">\n\t\t\t\t\t<h2 class=\"elementor-heading-title elementor-size-default\">\u00c9ssers d'aquesta tradici\u00f3 (10)<\/h2>\t\t\t\t<\/div>\n\t\t<div class=\"elementor-element elementor-element-iwgha-inuit-gc e-flex e-con-boxed e-con e-parent\" data-id=\"iwgha-inuit-gc\" data-element_type=\"container\" data-e-type=\"container\">\n\t\t\t\t\t<div class=\"e-con-inner\">\n\t\t\t\t<div class=\"elementor-element elementor-element-iwgha-inuit-grid elementor-widget elementor-widget-text-editor\" data-id=\"iwgha-inuit-grid\" data-element_type=\"widget\" data-e-type=\"widget\" data-widget_type=\"text-editor.default\">\n\t\t\t\t\t\t\t\t\t<div class=\"iwg-wesen-grid\"><a class=\"iwg-wesen-card\" href=\"https:\/\/iwell-guard.com\/ca\/anguta-pare-de-sedna-i-guardia-del-mon-dels-morts\/\" aria-label=\"Anguta \u2013 Pare de Sedna i guardi\u00e0 del m\u00f3n dels morts\"><div class=\"iwg-wesen-card-imgwrap\"><img decoding=\"async\" src=\"https:\/\/iwell-guard.com\/wp-content\/uploads\/2026\/05\/geister_inuit_anguta-200x300.webp\" alt=\"Anguta \u2013 Pare de Sedna i guardi\u00e0 del m\u00f3n dels morts\" loading=\"lazy\"><\/div><div class=\"iwg-wesen-card-body\"><div class=\"iwg-wesen-card-name\">Anguta \u2013 Pare de Sedna i guardi\u00e0 del m\u00f3n dels morts<\/div><div class=\"iwg-wesen-card-arrow\">\u2192 Zum Wesen<\/div><\/div><\/a><a class=\"iwg-wesen-card\" href=\"https:\/\/iwell-guard.com\/ca\/igaluk-deu-lluna-tradicio-inuit\/\" aria-label=\"Igaluk \u2013 D\u00e9u de la lluna en la tradici\u00f3 inuit\"><div class=\"iwg-wesen-card-imgwrap\"><img decoding=\"async\" src=\"https:\/\/iwell-guard.com\/wp-content\/uploads\/2026\/05\/goetter_inuit_igaluk-200x300.webp\" alt=\"Igaluk \u2013 D\u00e9u de la lluna en la tradici\u00f3 inuit\" loading=\"lazy\"><\/div><div class=\"iwg-wesen-card-body\"><div class=\"iwg-wesen-card-name\">Igaluk \u2013 D\u00e9u de la lluna en la tradici\u00f3 inuit<\/div><div class=\"iwg-wesen-card-arrow\">\u2192 Zum Wesen<\/div><\/div><\/a><a class=\"iwg-wesen-card\" href=\"https:\/\/iwell-guard.com\/ca\/malina-deessa-del-sol-inuit\/\" aria-label=\"Malina \u2013 Deessa del sol dels inuit\"><div class=\"iwg-wesen-card-imgwrap\"><img decoding=\"async\" src=\"https:\/\/iwell-guard.com\/wp-content\/uploads\/2026\/05\/goetter_inuit_malina-inuit-200x300.webp\" alt=\"Malina \u2013 Deessa del sol dels inuit\" loading=\"lazy\"><\/div><div class=\"iwg-wesen-card-body\"><div class=\"iwg-wesen-card-name\">Malina \u2013 Deessa del sol dels inuit<\/div><div class=\"iwg-wesen-card-arrow\">\u2192 Zum Wesen<\/div><\/div><\/a><a class=\"iwg-wesen-card\" href=\"https:\/\/iwell-guard.com\/ca\/nanook-senyor-os-polar-inuit\/\" aria-label=\"Nanook \u2013 Senyor de l\u2019\u00d3s Polar de la tradici\u00f3 inuit\"><div class=\"iwg-wesen-card-imgwrap\"><img decoding=\"async\" src=\"https:\/\/iwell-guard.com\/wp-content\/uploads\/2026\/05\/geister_inuit_nanook-200x300.webp\" alt=\"Nanook \u2013 Senyor de l\u2019\u00d3s Polar de la tradici\u00f3 inuit\" loading=\"lazy\"><\/div><div class=\"iwg-wesen-card-body\"><div class=\"iwg-wesen-card-name\">Nanook \u2013 Senyor de l\u2019\u00d3s Polar de la tradici\u00f3 inuit<\/div><div class=\"iwg-wesen-card-arrow\">\u2192 Zum Wesen<\/div><\/div><\/a><a class=\"iwg-wesen-card\" href=\"https:\/\/iwell-guard.com\/ca\/pinga-senyora-dels-animals-de-terra\/\" aria-label=\"Pinga \u2013 Senyora dels animals de terra i de les parteres\"><div class=\"iwg-wesen-card-imgwrap\"><img decoding=\"async\" src=\"https:\/\/iwell-guard.com\/wp-content\/uploads\/2026\/05\/geister_inuit_pinga-200x300.webp\" alt=\"Pinga \u2013 Senyora dels animals de terra i de les parteres\" loading=\"lazy\"><\/div><div class=\"iwg-wesen-card-body\"><div class=\"iwg-wesen-card-name\">Pinga \u2013 Senyora dels animals de terra i de les parteres<\/div><div class=\"iwg-wesen-card-arrow\">\u2192 Zum Wesen<\/div><\/div><\/a><a class=\"iwg-wesen-card\" href=\"https:\/\/iwell-guard.com\/ca\/qailertetang-companya-del-temps-guardiana-animals\/\" aria-label=\"Qailertetang \u2013 companya del temps i guardiana dels animals\"><div class=\"iwg-wesen-card-imgwrap\"><img decoding=\"async\" src=\"https:\/\/iwell-guard.com\/wp-content\/uploads\/2026\/05\/geister_inuit_qailertetang-200x300.webp\" alt=\"Qailertetang \u2013 companya del temps i guardiana dels animals\" loading=\"lazy\"><\/div><div class=\"iwg-wesen-card-body\"><div class=\"iwg-wesen-card-name\">Qailertetang \u2013 companya del temps i guardiana dels animals<\/div><div class=\"iwg-wesen-card-arrow\">\u2192 Zum Wesen<\/div><\/div><\/a><a class=\"iwg-wesen-card\" href=\"https:\/\/iwell-guard.com\/ca\/sedna-senyora-del-mar-inuit\/\" aria-label=\"Sedna \u2013 Senyora del mar dels inuit\"><div class=\"iwg-wesen-card-imgwrap\"><img decoding=\"async\" src=\"https:\/\/iwell-guard.com\/wp-content\/uploads\/2026\/05\/goetter_inuit_sedna-1-200x300.webp\" alt=\"Sedna \u2013 Senyora del mar dels inuit\" loading=\"lazy\"><\/div><div class=\"iwg-wesen-card-body\"><div class=\"iwg-wesen-card-name\">Sedna \u2013 Senyora del mar dels inuit<\/div><div class=\"iwg-wesen-card-arrow\">\u2192 Zum Wesen<\/div><\/div><\/a><a class=\"iwg-wesen-card\" href=\"https:\/\/iwell-guard.com\/ca\/sila-ale-del-mon-senyor-del-temps-inuit\/\" aria-label=\"Sila \u2013 Al\u00e8 del m\u00f3n i senyor del temps dels inuit\"><div class=\"iwg-wesen-card-imgwrap\"><img decoding=\"async\" src=\"https:\/\/iwell-guard.com\/wp-content\/uploads\/2026\/05\/geister_inuit_sila-200x300.webp\" alt=\"Sila \u2013 Al\u00e8 del m\u00f3n i senyor del temps dels inuit\" loading=\"lazy\"><\/div><div class=\"iwg-wesen-card-body\"><div class=\"iwg-wesen-card-name\">Sila \u2013 Al\u00e8 del m\u00f3n i senyor del temps dels inuit<\/div><div class=\"iwg-wesen-card-arrow\">\u2192 Zum Wesen<\/div><\/div><\/a><a class=\"iwg-wesen-card\" href=\"https:\/\/iwell-guard.com\/ca\/tornarssuk-gran-esperit-protector-xamans-inuits\/\" aria-label=\"Tornarssuk \u2013 Gran esperit protector dels xamans inuits\"><div class=\"iwg-wesen-card-imgwrap\"><img decoding=\"async\" src=\"https:\/\/iwell-guard.com\/wp-content\/uploads\/2026\/05\/geister_inuit_tornarssuk-200x300.webp\" alt=\"Tornarssuk \u2013 Gran esperit protector dels xamans inuits\" loading=\"lazy\"><\/div><div class=\"iwg-wesen-card-body\"><div class=\"iwg-wesen-card-name\">Tornarssuk \u2013 Gran esperit protector dels xamans inuits<\/div><div class=\"iwg-wesen-card-arrow\">\u2192 Zum Wesen<\/div><\/div><\/a><a class=\"iwg-wesen-card\" href=\"https:\/\/iwell-guard.com\/ca\/tupilak-esperit-venjanca-artificial-inuit-groenlandia\/\" aria-label=\"Tupilak \u2013 Esperit de venjan\u00e7a artificial dels inuit de Groenl\u00e0ndia\"><div class=\"iwg-wesen-card-imgwrap\"><img decoding=\"async\" src=\"https:\/\/iwell-guard.com\/wp-content\/uploads\/2026\/05\/geister_inuit_tupilak-200x300.webp\" alt=\"Tupilak \u2013 Esperit de venjan\u00e7a artificial dels inuit de Groenl\u00e0ndia\" loading=\"lazy\"><\/div><div class=\"iwg-wesen-card-body\"><div class=\"iwg-wesen-card-name\">Tupilak \u2013 Esperit de venjan\u00e7a artificial dels inuit de Groenl\u00e0ndia<\/div><div class=\"iwg-wesen-card-arrow\">\u2192 Zum Wesen<\/div><\/div><\/a><\/div>\t\t\t\t\t\t\t\t<\/div>\n\t\t\t\t\t<\/div>\n\t\t\t\t<\/div>\n\t\t\t\t\t<\/div>\n\t\t\t\t<\/div>\n\t\t<div class=\"elementor-element elementor-element-iwgcn-inuit-kwd e-flex e-con-boxed e-con e-parent\" data-id=\"iwgcn-inuit-kwd\" data-element_type=\"container\" data-e-type=\"container\">\n\t\t\t\t\t<div class=\"e-con-inner\">\n\t\t<div class=\"elementor-element elementor-element-iwgcn-inuit-kwd-c e-con-full e-flex e-con e-child\" data-id=\"iwgcn-inuit-kwd-c\" data-element_type=\"container\" data-e-type=\"container\">\n\t\t\t\t<div class=\"elementor-element elementor-element-iwgcn-inuit-kwdt elementor-widget elementor-widget-text-editor\" data-id=\"iwgcn-inuit-kwdt\" data-element_type=\"widget\" data-e-type=\"widget\" data-widget_type=\"text-editor.default\">\n\t\t\t\t\t\t\t\t\t<p><em>Termes clau relacionats: Inuit Yupik Sedna Sila Tornit Tunit Angakkuq Iqaluit Greenland Tupilak Inukshuk.<\/em><\/p>\t\t\t\t\t\t\t\t<\/div>\n\t\t\t\t<\/div>\n\t\t\t\t\t<\/div>\n\t\t\t\t<\/div>\n\t\t<div class=\"elementor-element elementor-element-iwgcn-inuit-cc e-flex e-con-boxed e-con e-parent\" data-id=\"iwgcn-inuit-cc\" data-element_type=\"container\" data-e-type=\"container\" id=\"iwg-cc-inuit\">\n\t\t\t\t\t<div class=\"e-con-inner\">\n\t\t<div class=\"elementor-element elementor-element-iwgcn-inuit-ccinner e-flex e-con-boxed e-con e-parent\" data-id=\"iwgcn-inuit-ccinner\" data-element_type=\"container\" data-e-type=\"container\" data-settings=\"{&quot;background_background&quot;:&quot;classic&quot;}\">\n\t\t\t\t\t<div class=\"e-con-inner\">\n\t\t\t\t<div class=\"elementor-element elementor-element-iwgcn-inuit-cch elementor-widget elementor-widget-heading\" data-id=\"iwgcn-inuit-cch\" data-element_type=\"widget\" data-e-type=\"widget\" data-widget_type=\"heading.default\">\n\t\t\t\t\t<h2 class=\"elementor-heading-title elementor-size-default\">Objectes de protecci\u00f3 d'aquesta tradici\u00f3 cultural<\/h2>\t\t\t\t<\/div>\n\t\t\t\t<div class=\"elementor-element elementor-element-iwgcn-inuit-cct elementor-widget elementor-widget-text-editor\" data-id=\"iwgcn-inuit-cct\" data-element_type=\"widget\" data-e-type=\"widget\" data-widget_type=\"text-editor.default\">\n\t\t\t\t\t\t\t\t\t<p>La tradici\u00f3 \u00e0rtica dels inuit coneix les figures tallades tupilak, fetes de vori de morsa o os de balena, amulets port\u00e0tils fets de dents d&#8217;animals i pedra, aix\u00ed com els inuksuit com a marcadors del territori; cada fam\u00edlia t\u00e9 els seus propis objectes de protecci\u00f3 amb una hist\u00f2ria personal.<\/p><div data-nosnippet=\"true\"><p>iWell Guard s&#8217;inscriu en aquesta l\u00ednia cultural i hist\u00f2rica d&#8217;objectes de protecci\u00f3 port\u00e0tils, amb una arquitectura de materials contempor\u00e0nia, fabricat a Alemanya. 41 capes, or aut\u00e8ntic, plat\u00ed, plata. Dret de devoluci\u00f3 de 30 dies.<\/p><\/div>\t\t\t\t\t\t\t\t<\/div>\n\t\t\t\t<div class=\"elementor-element elementor-element-iwgcn-inuit-ccb iwg-cc-button iwg-cc-cta-2026-05-13 elementor-widget elementor-widget-jet-button\" data-id=\"iwgcn-inuit-ccb\" data-element_type=\"widget\" data-e-type=\"widget\" data-widget_type=\"jet-button.default\">\n\t\t\t\t<div class=\"elementor-widget-container\">\n\t\t\t\t\t<div class=\"elementor-jet-button jet-elements\"><div class=\"jet-button__container\"><a class=\"jet-button__instance jet-button__instance--icon-left hover-effect-1\" href=\"\/ueber-iwell-guard\/?utm_source=iwell-guard.com&amp;utm_medium=info-box&amp;utm_campaign=kultur-tradition\"><div class=\"jet-button__plane jet-button__plane-normal\"><\/div><div class=\"jet-button__plane jet-button__plane-hover\"><\/div><div class=\"jet-button__state jet-button__state-normal\"><span class=\"jet-button__label\">M\u00e9s informaci\u00f3 sobre l'iWell Guard<\/span><\/div><div class=\"jet-button__state jet-button__state-hover\"><span class=\"jet-button__label\">M\u00e9s informaci\u00f3 sobre l'iWell Guard<\/span><\/div><\/a><\/div><\/div><style>.elementor-element.elementor-element-iwgcn-inuit-ccb .jet-button__instance{width:320px;height:56px;}.elementor-element.elementor-element-iwgcn-inuit-ccb .jet-button__state-normal .jet-button__label{text-align:center;margin:0px 0px 0px 0px;color:#1a1b20;font-family:Montserrat,sans-serif;font-size:13px;font-weight:400;letter-spacing:4px;line-height:1.714em;text-transform:uppercase;}.elementor-element.elementor-element-iwgcn-inuit-ccb .jet-button__state-hover .jet-button__label{text-align:center;margin:0px 0px 0px 0px;color:#FECC76;font-family:Montserrat,sans-serif;font-size:13px;font-weight:400;letter-spacing:4px;line-height:1.714em;text-transform:uppercase;}.elementor-element.elementor-element-iwgcn-inuit-ccb .jet-button__plane-normal{background-color:#FECC76;border-style:solid;border-color:#C99540;border-width:2px 2px 2px 2px;}.elementor-element.elementor-element-iwgcn-inuit-ccb .jet-button__plane-hover{background-color:rgba(0,0,0,0.55);border-style:solid;border-color:#FECC76;border-width:2px 2px 2px 2px;}<\/style>\t\t\t\t<\/div>\n\t\t\t\t<\/div>\n\t\t\t\t<div class=\"elementor-element elementor-element-iwgcn-inuit-ccd elementor-widget elementor-widget-text-editor\" data-id=\"iwgcn-inuit-ccd\" data-element_type=\"widget\" data-e-type=\"widget\" data-widget_type=\"text-editor.default\">\n\t\t\t\t\t\t\t\t\t<div data-nosnippet=\"true\"><p style=\"text-align:center;font-size:13px;opacity:0.7;margin-top:14px\" data-nosnippet=\"true\">Les experi\u00e8ncies personals poden variar. No \u00e9s un producte sanitari. No \u00e9s una promesa de curaci\u00f3.<\/p><\/div>\t\t\t\t\t\t\t\t<\/div>\n\t\t\t\t\t<\/div>\n\t\t\t\t<\/div>\n\t\t\t\t\t<\/div>\n\t\t\t\t<\/div>\n\t\t<div class=\"elementor-element elementor-element-iwgcn-inuit-disc e-flex e-con-boxed e-con e-parent\" data-id=\"iwgcn-inuit-disc\" data-element_type=\"container\" data-e-type=\"container\">\n\t\t\t\t\t<div class=\"e-con-inner\">\n\t\t\t\t<div class=\"elementor-element elementor-element-iwgcn-inuit-discw elementor-widget elementor-widget-html\" data-id=\"iwgcn-inuit-discw\" data-element_type=\"widget\" data-e-type=\"widget\" data-widget_type=\"html.default\">\n\t\t\t\t\t<footer data-nosnippet=\"true\" class=\"iwg-disclaimer-block\"><p data-nosnippet=\"true\">iWell Guard <strong>no \u00e9s un producte sanitari<\/strong> i no substitueix cap tractament m\u00e8dic o psicoterap\u00e8utic. Els continguts d'hist\u00f2ria de les religions s\u00f3n una classificaci\u00f3 culturohist\u00f2rica, no una recomanaci\u00f3 de pr\u00e0ctica espiritual.<\/p><\/footer>\t\t\t\t<\/div>\n\t\t\t\t\t<\/div>\n\t\t\t\t<\/div>\n\t\t\t\t<\/div>\n\t\t","protected":false},"excerpt":{"rendered":"","protected":false},"author":3,"featured_media":2882,"parent":0,"menu_order":0,"comment_status":"closed","ping_status":"closed","template":"elementor_header_footer","meta":{"_yoast_wpseo_focuskw":"Religi\u00f3 Inuit","_yoast_wpseo_title":"Inuit - Religi\u00f3 \u00e0rtica, angakkuq i objectes de protecci\u00f3","_yoast_wpseo_metadesc":"Religi\u00f3 inuit a iWell Guard: tradicions \u00e0rtiques amb Sedna, tornit, angakkuq i objectes de protecci\u00f3, situades des de la perspectiva de la ci\u00e8ncia de les religions.","_yoast_wpseo_meta-robots-noindex":"","_yoast_wpseo_canonical":"","_angie_page":false,"gefaehrdungsstufe":"","wesen_kultur":"","wesen_klasse":"","footnotes":""},"categories":[],"class_list":["post-171668","page","type-page","status-publish","has-post-thumbnail","hentry"],"yoast_head":"<!-- This site is optimized with the Yoast SEO Premium plugin v27.7 (Yoast SEO v28.3) - https:\/\/yoast.com\/product\/yoast-seo-premium-wordpress\/ -->\n<title>Inuit - Religi\u00f3 \u00e0rtica, angakkuq i objectes de protecci\u00f3<\/title>\n<meta name=\"description\" content=\"Religi\u00f3 inuit a iWell Guard: tradicions \u00e0rtiques amb Sedna, tornit, angakkuq i objectes de protecci\u00f3, situades des de la perspectiva de la ci\u00e8ncia de les religions.\" \/>\n<meta name=\"robots\" content=\"index, follow, max-snippet:-1, max-image-preview:large, max-video-preview:-1\" \/>\n<link rel=\"canonical\" href=\"https:\/\/iwell-guard.com\/ca\/inuit-artic-sedna-tornit-proteccio\/\" \/>\n<meta property=\"og:locale\" content=\"ca_ES\" \/>\n<meta property=\"og:type\" content=\"article\" \/>\n<meta property=\"og:title\" content=\"Inuit i l&#039;\u00c0rtic \u2013 Sedna, tornit i pr\u00e0ctica protectora\" \/>\n<meta property=\"og:description\" content=\"Religi\u00f3 inuit a iWell Guard: tradicions \u00e0rtiques amb Sedna, tornit, angakkuq i objectes de protecci\u00f3, situades des de la perspectiva de la ci\u00e8ncia de les religions.\" \/>\n<meta property=\"og:url\" content=\"https:\/\/iwell-guard.com\/ca\/inuit-artic-sedna-tornit-proteccio\/\" \/>\n<meta property=\"og:site_name\" content=\"iWell Guard\" \/>\n<meta property=\"article:modified_time\" content=\"2026-09-05T16:03:59+00:00\" \/>\n<meta property=\"og:image\" content=\"https:\/\/iwell-guard.com\/wp-content\/uploads\/2026\/05\/goetter_inuit_igaluk.webp\" \/>\n\t<meta property=\"og:image:width\" content=\"1024\" \/>\n\t<meta property=\"og:image:height\" content=\"1536\" \/>\n\t<meta property=\"og:image:type\" content=\"image\/webp\" \/>\n<meta name=\"twitter:card\" content=\"summary_large_image\" \/>\n<script type=\"application\/ld+json\" class=\"yoast-schema-graph\">{\"@context\":\"https:\\\/\\\/schema.org\",\"@graph\":[{\"@type\":\"WebPage\",\"@id\":\"https:\\\/\\\/iwell-guard.com\\\/ca\\\/inuit-artic-sedna-tornit-proteccio\\\/\",\"url\":\"https:\\\/\\\/iwell-guard.com\\\/ca\\\/inuit-artic-sedna-tornit-proteccio\\\/\",\"name\":\"Inuit - Religi\u00f3 \u00e0rtica, angakkuq i objectes de protecci\u00f3\",\"isPartOf\":{\"@id\":\"https:\\\/\\\/iwell-guard.com\\\/ca\\\/#website\"},\"primaryImageOfPage\":{\"@id\":\"https:\\\/\\\/iwell-guard.com\\\/ca\\\/inuit-artic-sedna-tornit-proteccio\\\/#primaryimage\"},\"image\":{\"@id\":\"https:\\\/\\\/iwell-guard.com\\\/ca\\\/inuit-artic-sedna-tornit-proteccio\\\/#primaryimage\"},\"thumbnailUrl\":\"https:\\\/\\\/iwell-guard.com\\\/wp-content\\\/uploads\\\/2026\\\/05\\\/goetter_inuit_igaluk.webp\",\"datePublished\":\"2026-09-05T15:41:19+00:00\",\"dateModified\":\"2026-09-05T16:03:59+00:00\",\"description\":\"Religi\u00f3 inuit a iWell Guard: tradicions \u00e0rtiques amb Sedna, tornit, angakkuq i objectes de protecci\u00f3, situades des de la perspectiva de la ci\u00e8ncia de les religions.\",\"breadcrumb\":{\"@id\":\"https:\\\/\\\/iwell-guard.com\\\/ca\\\/inuit-artic-sedna-tornit-proteccio\\\/#breadcrumb\"},\"inLanguage\":\"ca\",\"potentialAction\":[{\"@type\":\"ReadAction\",\"target\":[\"https:\\\/\\\/iwell-guard.com\\\/ca\\\/inuit-artic-sedna-tornit-proteccio\\\/\"]}]},{\"@type\":\"ImageObject\",\"inLanguage\":\"ca\",\"@id\":\"https:\\\/\\\/iwell-guard.com\\\/ca\\\/inuit-artic-sedna-tornit-proteccio\\\/#primaryimage\",\"url\":\"https:\\\/\\\/iwell-guard.com\\\/wp-content\\\/uploads\\\/2026\\\/05\\\/goetter_inuit_igaluk.webp\",\"contentUrl\":\"https:\\\/\\\/iwell-guard.com\\\/wp-content\\\/uploads\\\/2026\\\/05\\\/goetter_inuit_igaluk.webp\",\"width\":1024,\"height\":1536,\"caption\":\"D\u00e9us de la tradici\u00f3 inuit.\"},{\"@type\":\"BreadcrumbList\",\"@id\":\"https:\\\/\\\/iwell-guard.com\\\/ca\\\/inuit-artic-sedna-tornit-proteccio\\\/#breadcrumb\",\"itemListElement\":[{\"@type\":\"ListItem\",\"position\":1,\"name\":\"Start\",\"item\":\"https:\\\/\\\/iwell-guard.com\\\/ca\\\/?page_id=171333\"},{\"@type\":\"ListItem\",\"position\":2,\"name\":\"Inuit i l&#8217;\u00c0rtic \u2013 Sedna, tornit i pr\u00e0ctica protectora\"}]},{\"@type\":\"WebSite\",\"@id\":\"https:\\\/\\\/iwell-guard.com\\\/ca\\\/#website\",\"url\":\"https:\\\/\\\/iwell-guard.com\\\/ca\\\/\",\"name\":\"iWell Guard\",\"description\":\"Schutz vor dunklen Einfl\u00fcssen\",\"publisher\":{\"@id\":\"https:\\\/\\\/iwell-guard.com\\\/ca\\\/#organization\"},\"potentialAction\":[{\"@type\":\"SearchAction\",\"target\":{\"@type\":\"EntryPoint\",\"urlTemplate\":\"https:\\\/\\\/iwell-guard.com\\\/ca\\\/?s={search_term_string}\"},\"query-input\":{\"@type\":\"PropertyValueSpecification\",\"valueRequired\":true,\"valueName\":\"search_term_string\"}}],\"inLanguage\":\"ca\"},{\"@type\":\"Organization\",\"@id\":\"https:\\\/\\\/iwell-guard.com\\\/ca\\\/#organization\",\"name\":\"Ittermann electronic GmbH\",\"url\":\"https:\\\/\\\/iwell-guard.com\\\/ca\\\/\",\"logo\":{\"@type\":\"ImageObject\",\"inLanguage\":\"ca\",\"@id\":\"https:\\\/\\\/iwell-guard.com\\\/ca\\\/#\\\/schema\\\/logo\\\/image\\\/\",\"url\":\"https:\\\/\\\/iwell-guard.com\\\/wp-content\\\/uploads\\\/2026\\\/05\\\/Ittermann-Logo-1182x237-1.png\",\"contentUrl\":\"https:\\\/\\\/iwell-guard.com\\\/wp-content\\\/uploads\\\/2026\\\/05\\\/Ittermann-Logo-1182x237-1.png\",\"width\":1182,\"height\":237,\"caption\":\"Ittermann electronic GmbH\"},\"image\":{\"@id\":\"https:\\\/\\\/iwell-guard.com\\\/ca\\\/#\\\/schema\\\/logo\\\/image\\\/\"},\"sameAs\":[\"https:\\\/\\\/pantip.com\\\/profile\\\/9367242\",\"https:\\\/\\\/micro.blog\\\/iwellguard\",\"https:\\\/\\\/www.diggerslist.com\\\/iwellguard\\\/about\",\"https:\\\/\\\/skitterphoto.com\\\/photographers\\\/2870314\\\/iwell-guard\",\"https:\\\/\\\/iwellguard.wordpress.com\\\/2026\\\/06\\\/06\\\/iwell-guard\\\/\",\"https:\\\/\\\/hub.docker.com\\\/u\\\/iwellguard\",\"https:\\\/\\\/www.pinterest.com\\\/iwellguard\\\/\",\"https:\\\/\\\/bit.ly\\\/m\\\/iwellguard\",\"https:\\\/\\\/entre-vos-mains.alsace.eu\\\/profiles\\\/iwellguard\\\/activity\",\"https:\\\/\\\/gravatar.com\\\/reallybeded8fd34\",\"https:\\\/\\\/naijamatta.com\\\/iwellguard\",\"https:\\\/\\\/www.goodreads.com\\\/iwellguard\",\"https:\\\/\\\/profile.hatena.ne.jp\\\/iwellguard\\\/\",\"https:\\\/\\\/experiment.com\\\/users\\\/iwellguard\",\"https:\\\/\\\/wakelet.com\\\/@iWellGuard82270\",\"https:\\\/\\\/www.chordie.com\\\/forum\\\/profile.php?id=2555664\",\"https:\\\/\\\/www.instapaper.com\\\/p\\\/17757966\",\"https:\\\/\\\/www.mapleprimes.com\\\/users\\\/iwellguard\",\"https:\\\/\\\/businesslistingplus.com\\\/profile\\\/iwell-guard\\\/\",\"https:\\\/\\\/telegra.ph\\\/iWell-Guard-06-06\",\"https:\\\/\\\/pbase.com\\\/iwellguard\\\/iwellguard\",\"https:\\\/\\\/b.hatena.ne.jp\\\/iwellguard\\\/20260607#bookmark-4788405196491818882\",\"https:\\\/\\\/fliphtml5.com\\\/home\\\/iwellguard\",\"https:\\\/\\\/anyflip.com\\\/homepage\\\/cmiwl#About\",\"https:\\\/\\\/transfur.com\\\/Users\\\/iwellguard\",\"http:\\\/\\\/delphi.larsbo.org\\\/user\\\/iwellguard\",\"https:\\\/\\\/jobs.lajobsportal.org\\\/profiles\\\/8380803-iwell-guard\",\"https:\\\/\\\/md.chaosdorf.de\\\/s\\\/jfbe5SBdJD\",\"https:\\\/\\\/www.lingvolive.com\\\/en-us\\\/profile\\\/9ecaeaca-ce11-4e51-9e71-01d55e2bff36\\\/translations\",\"https:\\\/\\\/www.fitday.com\\\/fitness\\\/forums\\\/members\\\/iwellguard.html\",\"https:\\\/\\\/www.mymeetbook.com\\\/iwellguard\",\"https:\\\/\\\/pxhere.com\\\/en\\\/photographer-me\\\/5040798\",\"https:\\\/\\\/disqus.com\\\/by\\\/iwellguard\\\/about\\\/\",\"https:\\\/\\\/pastelink.net\\\/hjwciqwq\",\"https:\\\/\\\/pubhtml5.com\\\/homepage\\\/scjhn\\\/\",\"https:\\\/\\\/www.bitchute.com\\\/channel\\\/2O2eOKzNqujT\",\"https:\\\/\\\/audiomack.com\\\/iwellguard\"]}]}<\/script>\n<!-- \/ Yoast SEO Premium plugin. -->","yoast_head_json":{"title":"Inuit - Religi\u00f3 \u00e0rtica, angakkuq i objectes de protecci\u00f3","description":"Religi\u00f3 inuit a iWell Guard: tradicions \u00e0rtiques amb Sedna, tornit, angakkuq i objectes de protecci\u00f3, situades des de la perspectiva de la ci\u00e8ncia de les religions.","robots":{"index":"index","follow":"follow","max-snippet":"max-snippet:-1","max-image-preview":"max-image-preview:large","max-video-preview":"max-video-preview:-1"},"canonical":"https:\/\/iwell-guard.com\/ca\/inuit-artic-sedna-tornit-proteccio\/","og_locale":"ca_ES","og_type":"article","og_title":"Inuit i l'\u00c0rtic \u2013 Sedna, tornit i pr\u00e0ctica protectora","og_description":"Religi\u00f3 inuit a iWell Guard: tradicions \u00e0rtiques amb Sedna, tornit, angakkuq i objectes de protecci\u00f3, situades des de la perspectiva de la ci\u00e8ncia de les religions.","og_url":"https:\/\/iwell-guard.com\/ca\/inuit-artic-sedna-tornit-proteccio\/","og_site_name":"iWell Guard","article_modified_time":"2026-09-05T16:03:59+00:00","og_image":[{"width":1024,"height":1536,"url":"https:\/\/iwell-guard.com\/wp-content\/uploads\/2026\/05\/goetter_inuit_igaluk.webp","type":"image\/webp"}],"twitter_card":"summary_large_image","schema":{"@context":"https:\/\/schema.org","@graph":[{"@type":"WebPage","@id":"https:\/\/iwell-guard.com\/ca\/inuit-artic-sedna-tornit-proteccio\/","url":"https:\/\/iwell-guard.com\/ca\/inuit-artic-sedna-tornit-proteccio\/","name":"Inuit - Religi\u00f3 \u00e0rtica, angakkuq i objectes de protecci\u00f3","isPartOf":{"@id":"https:\/\/iwell-guard.com\/ca\/#website"},"primaryImageOfPage":{"@id":"https:\/\/iwell-guard.com\/ca\/inuit-artic-sedna-tornit-proteccio\/#primaryimage"},"image":{"@id":"https:\/\/iwell-guard.com\/ca\/inuit-artic-sedna-tornit-proteccio\/#primaryimage"},"thumbnailUrl":"https:\/\/iwell-guard.com\/wp-content\/uploads\/2026\/05\/goetter_inuit_igaluk.webp","datePublished":"2026-09-05T15:41:19+00:00","dateModified":"2026-09-05T16:03:59+00:00","description":"Religi\u00f3 inuit a iWell Guard: tradicions \u00e0rtiques amb Sedna, tornit, angakkuq i objectes de protecci\u00f3, situades des de la perspectiva de la ci\u00e8ncia de les religions.","breadcrumb":{"@id":"https:\/\/iwell-guard.com\/ca\/inuit-artic-sedna-tornit-proteccio\/#breadcrumb"},"inLanguage":"ca","potentialAction":[{"@type":"ReadAction","target":["https:\/\/iwell-guard.com\/ca\/inuit-artic-sedna-tornit-proteccio\/"]}]},{"@type":"ImageObject","inLanguage":"ca","@id":"https:\/\/iwell-guard.com\/ca\/inuit-artic-sedna-tornit-proteccio\/#primaryimage","url":"https:\/\/iwell-guard.com\/wp-content\/uploads\/2026\/05\/goetter_inuit_igaluk.webp","contentUrl":"https:\/\/iwell-guard.com\/wp-content\/uploads\/2026\/05\/goetter_inuit_igaluk.webp","width":1024,"height":1536,"caption":"D\u00e9us de la tradici\u00f3 inuit."},{"@type":"BreadcrumbList","@id":"https:\/\/iwell-guard.com\/ca\/inuit-artic-sedna-tornit-proteccio\/#breadcrumb","itemListElement":[{"@type":"ListItem","position":1,"name":"Start","item":"https:\/\/iwell-guard.com\/ca\/?page_id=171333"},{"@type":"ListItem","position":2,"name":"Inuit i l&#8217;\u00c0rtic \u2013 Sedna, tornit i pr\u00e0ctica protectora"}]},{"@type":"WebSite","@id":"https:\/\/iwell-guard.com\/ca\/#website","url":"https:\/\/iwell-guard.com\/ca\/","name":"iWell Guard","description":"Schutz vor dunklen Einfl\u00fcssen","publisher":{"@id":"https:\/\/iwell-guard.com\/ca\/#organization"},"potentialAction":[{"@type":"SearchAction","target":{"@type":"EntryPoint","urlTemplate":"https:\/\/iwell-guard.com\/ca\/?s={search_term_string}"},"query-input":{"@type":"PropertyValueSpecification","valueRequired":true,"valueName":"search_term_string"}}],"inLanguage":"ca"},{"@type":"Organization","@id":"https:\/\/iwell-guard.com\/ca\/#organization","name":"Ittermann electronic GmbH","url":"https:\/\/iwell-guard.com\/ca\/","logo":{"@type":"ImageObject","inLanguage":"ca","@id":"https:\/\/iwell-guard.com\/ca\/#\/schema\/logo\/image\/","url":"https:\/\/iwell-guard.com\/wp-content\/uploads\/2026\/05\/Ittermann-Logo-1182x237-1.png","contentUrl":"https:\/\/iwell-guard.com\/wp-content\/uploads\/2026\/05\/Ittermann-Logo-1182x237-1.png","width":1182,"height":237,"caption":"Ittermann electronic GmbH"},"image":{"@id":"https:\/\/iwell-guard.com\/ca\/#\/schema\/logo\/image\/"},"sameAs":["https:\/\/pantip.com\/profile\/9367242","https:\/\/micro.blog\/iwellguard","https:\/\/www.diggerslist.com\/iwellguard\/about","https:\/\/skitterphoto.com\/photographers\/2870314\/iwell-guard","https:\/\/iwellguard.wordpress.com\/2026\/06\/06\/iwell-guard\/","https:\/\/hub.docker.com\/u\/iwellguard","https:\/\/www.pinterest.com\/iwellguard\/","https:\/\/bit.ly\/m\/iwellguard","https:\/\/entre-vos-mains.alsace.eu\/profiles\/iwellguard\/activity","https:\/\/gravatar.com\/reallybeded8fd34","https:\/\/naijamatta.com\/iwellguard","https:\/\/www.goodreads.com\/iwellguard","https:\/\/profile.hatena.ne.jp\/iwellguard\/","https:\/\/experiment.com\/users\/iwellguard","https:\/\/wakelet.com\/@iWellGuard82270","https:\/\/www.chordie.com\/forum\/profile.php?id=2555664","https:\/\/www.instapaper.com\/p\/17757966","https:\/\/www.mapleprimes.com\/users\/iwellguard","https:\/\/businesslistingplus.com\/profile\/iwell-guard\/","https:\/\/telegra.ph\/iWell-Guard-06-06","https:\/\/pbase.com\/iwellguard\/iwellguard","https:\/\/b.hatena.ne.jp\/iwellguard\/20260607#bookmark-4788405196491818882","https:\/\/fliphtml5.com\/home\/iwellguard","https:\/\/anyflip.com\/homepage\/cmiwl#About","https:\/\/transfur.com\/Users\/iwellguard","http:\/\/delphi.larsbo.org\/user\/iwellguard","https:\/\/jobs.lajobsportal.org\/profiles\/8380803-iwell-guard","https:\/\/md.chaosdorf.de\/s\/jfbe5SBdJD","https:\/\/www.lingvolive.com\/en-us\/profile\/9ecaeaca-ce11-4e51-9e71-01d55e2bff36\/translations","https:\/\/www.fitday.com\/fitness\/forums\/members\/iwellguard.html","https:\/\/www.mymeetbook.com\/iwellguard","https:\/\/pxhere.com\/en\/photographer-me\/5040798","https:\/\/disqus.com\/by\/iwellguard\/about\/","https:\/\/pastelink.net\/hjwciqwq","https:\/\/pubhtml5.com\/homepage\/scjhn\/","https:\/\/www.bitchute.com\/channel\/2O2eOKzNqujT","https:\/\/audiomack.com\/iwellguard"]}]}},"_links":{"self":[{"href":"https:\/\/iwell-guard.com\/ca\/wp-json\/wp\/v2\/pages\/171668","targetHints":{"allow":["GET"]}}],"collection":[{"href":"https:\/\/iwell-guard.com\/ca\/wp-json\/wp\/v2\/pages"}],"about":[{"href":"https:\/\/iwell-guard.com\/ca\/wp-json\/wp\/v2\/types\/page"}],"author":[{"embeddable":true,"href":"https:\/\/iwell-guard.com\/ca\/wp-json\/wp\/v2\/users\/3"}],"replies":[{"embeddable":true,"href":"https:\/\/iwell-guard.com\/ca\/wp-json\/wp\/v2\/comments?post=171668"}],"version-history":[{"count":0,"href":"https:\/\/iwell-guard.com\/ca\/wp-json\/wp\/v2\/pages\/171668\/revisions"}],"wp:featuredmedia":[{"embeddable":true,"href":"https:\/\/iwell-guard.com\/ca\/wp-json\/wp\/v2\/media\/2882"}],"wp:attachment":[{"href":"https:\/\/iwell-guard.com\/ca\/wp-json\/wp\/v2\/media?parent=171668"}],"wp:term":[{"taxonomy":"category","embeddable":true,"href":"https:\/\/iwell-guard.com\/ca\/wp-json\/wp\/v2\/categories?post=171668"}],"curies":[{"name":"wp","href":"https:\/\/api.w.org\/{rel}","templated":true}]}}