{"id":171667,"date":"2026-09-05T15:41:17","date_gmt":"2026-09-05T15:41:17","guid":{"rendered":"https:\/\/iwell-guard.com\/?page_id=171667"},"modified":"2026-09-05T16:03:54","modified_gmt":"2026-09-05T16:03:54","slug":"xamanisme-siberia-i-tengrisme-estepa-taiga","status":"publish","type":"page","link":"https:\/\/iwell-guard.com\/ca\/xamanisme-siberia-i-tengrisme-estepa-taiga\/","title":{"rendered":"Xamanisme sib\u00e8ric i tengrisme \u2013 Estepa i taig\u00e0"},"content":{"rendered":"\t\t<div data-elementor-type=\"wp-page\" data-elementor-id=\"171667\" class=\"elementor elementor-171667 elementor-2570 elementor-bc-flex-widget\" data-elementor-post-type=\"page\">\n\t\t\t\t<div class=\"elementor-element elementor-element-iwgcn-sibirischt-hero iwg-kultur-hero e-flex e-con-boxed e-con e-parent\" data-id=\"iwgcn-sibirischt-hero\" data-element_type=\"container\" data-e-type=\"container\">\n\t\t\t\t\t<div class=\"e-con-inner\">\n\t\t<div class=\"elementor-element elementor-element-iwgcn-sibirischt-hl iwg-kultur-hero-left e-flex e-con-boxed e-con e-child\" data-id=\"iwgcn-sibirischt-hl\" data-element_type=\"container\" data-e-type=\"container\">\n\t\t\t\t\t<div class=\"e-con-inner\">\n\t\t\t\t<div class=\"elementor-element elementor-element-iwgcn-sibirischt-h1 elementor-widget elementor-widget-heading\" data-id=\"iwgcn-sibirischt-h1\" data-element_type=\"widget\" data-e-type=\"widget\" data-widget_type=\"heading.default\">\n\t\t\t\t\t<h1 class=\"elementor-heading-title elementor-size-default\">Sib\u00e8ria i l'estepa, xamanisme i tengrisme<\/h1>\t\t\t\t<\/div>\n\t\t<div class=\"elementor-element elementor-element-iwgcn-sibirischt-leadc e-con-full e-flex e-con e-child\" data-id=\"iwgcn-sibirischt-leadc\" data-element_type=\"container\" data-e-type=\"container\">\n\t\t\t\t<div class=\"elementor-element elementor-element-iwgcn-sibirischt-lead elementor-widget elementor-widget-text-editor\" data-id=\"iwgcn-sibirischt-lead\" data-element_type=\"widget\" data-e-type=\"widget\" data-widget_type=\"text-editor.default\">\n\t\t\t\t\t\t\t\t\t<p>El terme \u00ab<span class=\"iwg-fachbegriff\" data-tooltip=\"Sistema religi\u00f3s en el qual uns especialistes tracten amb el m\u00f3n dels esperits.\" tabindex=\"0\">xamanisme<\/span>\u00bb prov\u00e9 del mot tung\u00fas \u0161aman, l&#8217;especialista religi\u00f3s que, mitjan\u00e7ant el tr\u00e0ngol, fa de mitjancer entre el m\u00f3n dels humans i el dels esperits.<\/p><p>Des de Sib\u00e8ria (tungusos, burjats, iacuts, evenks, txuktxis), aquesta forma religiosa s&#8217;est\u00e9n per l&#8217;estepa mongola-turca fins a Corea i el Jap\u00f3, i tamb\u00e9 cap a tradicions ind\u00edgenes americanes. El tengrisme \u00e9s la forma d&#8217;orientaci\u00f3 monoteista dels pobles de l&#8217;estepa, amb Tengri com a d\u00e9u suprem del cel.<\/p>\t\t\t\t\t\t\t\t<\/div>\n\t\t\t\t<\/div>\n\t\t\t\t\t<\/div>\n\t\t\t\t<\/div>\n\t\t<div class=\"elementor-element elementor-element-iwgcn-sibirischt-hr iwg-kultur-hero-right e-flex e-con-boxed e-con e-child\" data-id=\"iwgcn-sibirischt-hr\" data-element_type=\"container\" data-e-type=\"container\">\n\t\t\t\t\t<div class=\"e-con-inner\">\n\t\t\t\t<div class=\"elementor-element elementor-element-iwgcn-sibirischt-himg iwg-hero-image elementor-widget elementor-widget-image\" data-id=\"iwgcn-sibirischt-himg\" data-element_type=\"widget\" data-e-type=\"widget\" data-widget_type=\"image.default\">\n\t\t\t\t\t\t\t\t\t\t\t\t\t\t\t<img fetchpriority=\"high\" decoding=\"async\" width=\"683\" height=\"1024\" src=\"https:\/\/iwell-guard.com\/wp-content\/uploads\/2026\/05\/goetter_sibirisch-tengrismus_tengri-683x1024.webp\" class=\"attachment-large size-large wp-image-2857\" alt=\"Xamanisme sib\u00e8ric i tengrisme \u2013 Estepa i taig\u00e0\" srcset=\"https:\/\/iwell-guard.com\/wp-content\/uploads\/2026\/05\/goetter_sibirisch-tengrismus_tengri-683x1024.webp 683w, https:\/\/iwell-guard.com\/wp-content\/uploads\/2026\/05\/goetter_sibirisch-tengrismus_tengri-200x300.webp 200w, https:\/\/iwell-guard.com\/wp-content\/uploads\/2026\/05\/goetter_sibirisch-tengrismus_tengri-768x1152.webp 768w, https:\/\/iwell-guard.com\/wp-content\/uploads\/2026\/05\/goetter_sibirisch-tengrismus_tengri.webp 1024w\" sizes=\"(max-width: 683px) 100vw, 683px\" \/>\t\t\t\t\t\t\t\t\t\t\t\t\t\t\t<\/div>\n\t\t\t\t\t<\/div>\n\t\t\t\t<\/div>\n\t\t\t\t\t<\/div>\n\t\t\t\t<\/div>\n\t\t<div class=\"elementor-element elementor-element-iwgcn-sibirischt-s0 e-flex e-con-boxed e-con e-parent\" data-id=\"iwgcn-sibirischt-s0\" data-element_type=\"container\" data-e-type=\"container\">\n\t\t\t\t\t<div class=\"e-con-inner\">\n\t\t\t\t<div class=\"elementor-element elementor-element-iwgcn-sibirischt-s0h elementor-widget elementor-widget-heading\" data-id=\"iwgcn-sibirischt-s0h\" data-element_type=\"widget\" data-e-type=\"widget\" data-widget_type=\"heading.default\">\n\t\t\t\t\t<h2 class=\"elementor-heading-title elementor-size-default\">Xamanisme, forma religiosa, no una religi\u00f3<\/h2>\t\t\t\t<\/div>\n\t\t<div class=\"elementor-element elementor-element-iwgcn-sibirischt-s0-c e-con-full e-flex e-con e-child\" data-id=\"iwgcn-sibirischt-s0-c\" data-element_type=\"container\" data-e-type=\"container\">\n\t\t\t\t<div class=\"elementor-element elementor-element-iwgcn-sibirischt-s0t elementor-widget elementor-widget-text-editor\" data-id=\"iwgcn-sibirischt-s0t\" data-element_type=\"widget\" data-e-type=\"widget\" data-widget_type=\"text-editor.default\">\n\t\t\t\t\t\t\t\t\t<p>Mircea Eliade va encunyar, amb la seva obra de refer\u00e8ncia <em><span class=\"iwg-fachbegriff\" data-tooltip=\"Sistema religi\u00f3s en el qual uns especialistes tracten amb el m\u00f3n dels esperits.\" tabindex=\"0\">Xamanisme<\/span><\/em> (1951), el terme com a categoria pr\u00f2pia de la ci\u00e8ncia de la religi\u00f3: el <span class=\"iwg-fachbegriff\" data-tooltip=\"Sistema religi\u00f3s en el qual uns especialistes tracten amb el m\u00f3n dels esperits.\" tabindex=\"0\">xamanisme<\/span> \u00e9s una t\u00e8cnica religiosa d&#8217;\u00e8xtasi, no una religi\u00f3 pr\u00f2pia amb una doctrina fixa.<\/p><p>El <span class=\"iwg-fachbegriff\" data-tooltip=\"Especialista religi\u00f3s a qui s'atribueix la mediaci\u00f3 entre els humans i el m\u00f3n dels esperits.\" tabindex=\"0\">xaman<\/span> (home o dona) entra en contacte amb els mons dels esperits mitjan\u00e7ant el tr\u00e0ngol, indu\u00eft pel tambor, la dansa, t\u00e8cniques de respiraci\u00f3 o medicines vegetals, per guarir, cercar all\u00f2 perdut o llegir el futur. Elements constitutius: esperits auxiliars, viatge de l&#8217;\u00e0nima, ascensi\u00f3 i descens per un eix del m\u00f3n (arbre del m\u00f3n, muntanya del m\u00f3n).<\/p>\t\t\t\t\t\t\t\t<\/div>\n\t\t\t\t<\/div>\n\t\t\t\t\t<\/div>\n\t\t\t\t<\/div>\n\t\t<div class=\"elementor-element elementor-element-iwgcn-sibirischt-s1 e-flex e-con-boxed e-con e-parent\" data-id=\"iwgcn-sibirischt-s1\" data-element_type=\"container\" data-e-type=\"container\">\n\t\t\t\t\t<div class=\"e-con-inner\">\n\t\t\t\t<div class=\"elementor-element elementor-element-iwgcn-sibirischt-s1h elementor-widget elementor-widget-heading\" data-id=\"iwgcn-sibirischt-s1h\" data-element_type=\"widget\" data-e-type=\"widget\" data-widget_type=\"heading.default\">\n\t\t\t\t\t<h2 class=\"elementor-heading-title elementor-size-default\">Xamans sib\u00e8rics, tungusos, burjats, iacuts<\/h2>\t\t\t\t<\/div>\n\t\t<div class=\"elementor-element elementor-element-iwgcn-sibirischt-s1-c e-con-full e-flex e-con e-child\" data-id=\"iwgcn-sibirischt-s1-c\" data-element_type=\"container\" data-e-type=\"container\">\n\t\t\t\t<div class=\"elementor-element elementor-element-iwgcn-sibirischt-s1t elementor-widget elementor-widget-text-editor\" data-id=\"iwgcn-sibirischt-s1t\" data-element_type=\"widget\" data-e-type=\"widget\" data-widget_type=\"text-editor.default\">\n\t\t\t\t\t\t\t\t\t<p>Els xamans tung\u00fas-evenks de Sib\u00e8ria es consideren el prototip. La seva pr\u00e0ctica de tr\u00e0ngol utilitza un tambor caracter\u00edstic (amb representacions cosmol\u00f2giques), una capa xam\u00e0nica amb penjolls met\u00e0l\u00b7lics (<span class=\"iwg-fachbegriff\" data-tooltip=\"Un signe que representa una idea o significat.\" tabindex=\"0\">s\u00edmbol<\/span> d&#8217;esquelet ossi), una corona de banyes i una \u00abllengua\u00bb de ferro (penjoll en forma de llengua).<\/p><p>Els burjats, a la vora del llac Baikal, tenen xamanes i xamans amb <span class=\"iwg-fachbegriff\" data-tooltip=\"Transici\u00f3 ritual per la qual alg\u00fa s'incorpora a un nou estatus o comunitat.\" tabindex=\"0\">iniciaci\u00f3<\/span> a c\u00e0rrec dels esperits ancestrals. Entre els iacuts existeix la distinci\u00f3 entre xamans blancs (guarici\u00f3) i xamans negres (ofensius).<\/p>\t\t\t\t\t\t\t\t<\/div>\n\t\t\t\t<\/div>\n\t\t\t\t\t<\/div>\n\t\t\t\t<\/div>\n\t\t<div class=\"elementor-element elementor-element-iwgcn-sibirischt-s2 e-flex e-con-boxed e-con e-parent\" data-id=\"iwgcn-sibirischt-s2\" data-element_type=\"container\" data-e-type=\"container\">\n\t\t\t\t\t<div class=\"e-con-inner\">\n\t\t\t\t<div class=\"elementor-element elementor-element-iwgcn-sibirischt-s2h elementor-widget elementor-widget-heading\" data-id=\"iwgcn-sibirischt-s2h\" data-element_type=\"widget\" data-e-type=\"widget\" data-widget_type=\"heading.default\">\n\t\t\t\t\t<h2 class=\"elementor-heading-title elementor-size-default\">Tengrisme, teologia de l'estepa<\/h2>\t\t\t\t<\/div>\n\t\t<div class=\"elementor-element elementor-element-iwgcn-sibirischt-s2-c e-con-full e-flex e-con e-child\" data-id=\"iwgcn-sibirischt-s2-c\" data-element_type=\"container\" data-e-type=\"container\">\n\t\t\t\t<div class=\"elementor-element elementor-element-iwgcn-sibirischt-s2t elementor-widget elementor-widget-text-editor\" data-id=\"iwgcn-sibirischt-s2t\" data-element_type=\"widget\" data-e-type=\"widget\" data-widget_type=\"text-editor.default\">\n\t\t\t\t\t\t\t\t\t<p>Tengri (mongol: Tngri, turc: Tanr\u0131) designa tant el cel com el d\u00e9u del cel, un dels conceptes religiosos centreasi\u00e0tics m\u00e9s antics, documentat des dels xiongnu (segle III a. e. c.) i present de manera continuada entre els huns, els turcs, els mongols i els khitan.<\/p><p>El fundador de l&#8217;imperi mongol Genguis Khan es va invocar el mandat de Tengri. La religi\u00f3 de Tengri \u00e9s quasi-monoteista, amb Tengri per damunt de tots els altres esperits i forces naturals. El neotengrisme actual \u00e9s un moviment identitari a Mong\u00f2lia, el Kazakhstan i el Kirguizistan.<\/p>\t\t\t\t\t\t\t\t<\/div>\n\t\t\t\t<\/div>\n\t\t\t\t\t<\/div>\n\t\t\t\t<\/div>\n\t\t<div class=\"elementor-element elementor-element-iwgcn-sibirischt-s3 e-flex e-con-boxed e-con e-parent\" data-id=\"iwgcn-sibirischt-s3\" data-element_type=\"container\" data-e-type=\"container\">\n\t\t\t\t\t<div class=\"e-con-inner\">\n\t\t\t\t<div class=\"elementor-element elementor-element-iwgcn-sibirischt-s3h elementor-widget elementor-widget-heading\" data-id=\"iwgcn-sibirischt-s3h\" data-element_type=\"widget\" data-e-type=\"widget\" data-widget_type=\"heading.default\">\n\t\t\t\t\t<h2 class=\"elementor-heading-title elementor-size-default\">Objectes de protecci\u00f3 i inventari ritual<\/h2>\t\t\t\t<\/div>\n\t\t<div class=\"elementor-element elementor-element-iwgcn-sibirischt-s3-c e-con-full e-flex e-con e-child\" data-id=\"iwgcn-sibirischt-s3-c\" data-element_type=\"container\" data-e-type=\"container\">\n\t\t\t\t<div class=\"elementor-element elementor-element-iwgcn-sibirischt-s3t elementor-widget elementor-widget-text-editor\" data-id=\"iwgcn-sibirischt-s3t\" data-element_type=\"widget\" data-e-type=\"widget\" data-widget_type=\"text-editor.default\">\n\t\t\t\t\t\t\t\t\t<p>Els ongon (mongol) o ongor (burjat) s\u00f3n receptacles d&#8217;<span class=\"iwg-fachbegriff\" data-tooltip=\"\u00c9sser incorpori al qual s'atribueix un efecte en el m\u00f3n.\" tabindex=\"0\">esperit<\/span>, petites figuretes o penjolls de feltre, fusta o metall, on s&#8217;hi allotja l&#8217;esperit auxiliar del xaman o l&#8217;esperit de la llar. Es pengen a la iurta o es porten al cos.<\/p><p>Els miralls de xaman (mongol: toli), de bronze, pengen en filera de la capa i protegeixen mitjan\u00e7ant la reflexi\u00f3. Els ovoo (mongol) s\u00f3n pir\u00e0mides de pedres als colls de muntanya, on els viatgers hi deixen pedres, teles khadak o bitllets. Els khadak de protecci\u00f3, de seda blava, s\u00f3n omnipresents.<\/p>\t\t\t\t\t\t\t\t<\/div>\n\t\t\t\t<\/div>\n\t\t\t\t\t<\/div>\n\t\t\t\t<\/div>\n\t\t<div class=\"elementor-element elementor-element-iwgcn-sibirischt-s4 e-flex e-con-boxed e-con e-parent\" data-id=\"iwgcn-sibirischt-s4\" data-element_type=\"container\" data-e-type=\"container\">\n\t\t\t\t\t<div class=\"e-con-inner\">\n\t\t\t\t<div class=\"elementor-element elementor-element-iwgcn-sibirischt-s4h elementor-widget elementor-widget-heading\" data-id=\"iwgcn-sibirischt-s4h\" data-element_type=\"widget\" data-e-type=\"widget\" data-widget_type=\"heading.default\">\n\t\t\t\t\t<h2 class=\"elementor-heading-title elementor-size-default\">Medicina vegetal i vincles amb animals<\/h2>\t\t\t\t<\/div>\n\t\t<div class=\"elementor-element elementor-element-iwgcn-sibirischt-s4-c e-con-full e-flex e-con e-child\" data-id=\"iwgcn-sibirischt-s4-c\" data-element_type=\"container\" data-e-type=\"container\">\n\t\t\t\t<div class=\"elementor-element elementor-element-iwgcn-sibirischt-s4t elementor-widget elementor-widget-text-editor\" data-id=\"iwgcn-sibirischt-s4t\" data-element_type=\"widget\" data-e-type=\"widget\" data-widget_type=\"text-editor.default\">\n\t\t\t\t\t\t\t\t\t<p>Els xamans sib\u00e8rics utilitzen ajuts al tr\u00e0ngol que varien segons la regi\u00f3: a l&#8217;oest de Sib\u00e8ria, l&#8217;ag\u00e0ric de fibra (Amanita muscaria, possiblement corresponent al soma indoirani\u00e0); al centre de Sib\u00e8ria, extractes de tabac i fumigacions de ginebre. Els aliats en forma d&#8217;esperit animal s\u00f3n un tret constitutiu de la cultura: l&#8217;\u00f3s (especialment entre els ainu del Jap\u00f3, cuya tradici\u00f3 religiosa est\u00e0 vinculada a la sib\u00e8rica), el llop, l&#8217;\u00e0guila, el c\u00e9rvol, el ren. La capa xam\u00e0nica sol dur elements de banya o plomes que representen aquest vincle amb l&#8217;esperit animal.<\/p>\t\t\t\t\t\t\t\t<\/div>\n\t\t\t\t<\/div>\n\t\t\t\t\t<\/div>\n\t\t\t\t<\/div>\n\t\t<div class=\"elementor-element elementor-element-iwgcn-sibirischt-s5 e-flex e-con-boxed e-con e-parent\" data-id=\"iwgcn-sibirischt-s5\" data-element_type=\"container\" data-e-type=\"container\">\n\t\t\t\t\t<div class=\"e-con-inner\">\n\t\t\t\t<div class=\"elementor-element elementor-element-iwgcn-sibirischt-s5h elementor-widget elementor-widget-heading\" data-id=\"iwgcn-sibirischt-s5h\" data-element_type=\"widget\" data-e-type=\"widget\" data-widget_type=\"heading.default\">\n\t\t\t\t\t<h2 class=\"elementor-heading-title elementor-size-default\">\u00c8poca sovi\u00e8tica i revitalitzaci\u00f3<\/h2>\t\t\t\t<\/div>\n\t\t<div class=\"elementor-element elementor-element-iwgcn-sibirischt-s5-c e-con-full e-flex e-con e-child\" data-id=\"iwgcn-sibirischt-s5-c\" data-element_type=\"container\" data-e-type=\"container\">\n\t\t\t\t<div class=\"elementor-element elementor-element-iwgcn-sibirischt-s5t elementor-widget elementor-widget-text-editor\" data-id=\"iwgcn-sibirischt-s5t\" data-element_type=\"widget\" data-e-type=\"widget\" data-widget_type=\"text-editor.default\">\n\t\t\t\t\t\t\t\t\t<p>Al segle XX, els xamans van ser perseguits massivament a la Uni\u00f3 Sovi\u00e8tica, considerats \u00abenemics del poble\u00bb i \u00abfuncionaris de la superstici\u00f3\u00bb. Molts van ser afusellats o enviats a camps durant la d\u00e8cada de 1930, els seus tambors destru\u00efts i les seves capes portades a museus.<\/p><p>Amb la fi de la Uni\u00f3 Sovi\u00e8tica el 1991, va comen\u00e7ar un renaixement xam\u00e0nic a Burj\u00e0tia, Mong\u00f2lia i Tuv\u00e0, amb les seves pr\u00f2pies associacions, mestres i una nova visibilitat. Actualment, Mong\u00f2lia compta amb diversos centenars de xamans en actiu.<\/p>\t\t\t\t\t\t\t\t<\/div>\n\t\t\t\t<\/div>\n\t\t\t\t\t<\/div>\n\t\t\t\t<\/div>\n\t\t<div class=\"elementor-element elementor-element-iwgcn-sibirischt-s6 e-flex e-con-boxed e-con e-parent\" data-id=\"iwgcn-sibirischt-s6\" data-element_type=\"container\" data-e-type=\"container\">\n\t\t\t\t\t<div class=\"e-con-inner\">\n\t\t\t\t<div class=\"elementor-element elementor-element-iwgcn-sibirischt-s6h elementor-widget elementor-widget-heading\" data-id=\"iwgcn-sibirischt-s6h\" data-element_type=\"widget\" data-e-type=\"widget\" data-widget_type=\"heading.default\">\n\t\t\t\t\t<h2 class=\"elementor-heading-title elementor-size-default\">Situaci\u00f3 de les fonts i estat de la investigaci\u00f3<\/h2>\t\t\t\t<\/div>\n\t\t<div class=\"elementor-element elementor-element-iwgcn-sibirischt-s6-c e-con-full e-flex e-con e-child\" data-id=\"iwgcn-sibirischt-s6-c\" data-element_type=\"container\" data-e-type=\"container\">\n\t\t\t\t<div class=\"elementor-element elementor-element-iwgcn-sibirischt-s6t elementor-widget elementor-widget-text-editor\" data-id=\"iwgcn-sibirischt-s6t\" data-element_type=\"widget\" data-e-type=\"widget\" data-widget_type=\"text-editor.default\">\n\t\t\t\t\t\t\t\t\t<p>Obres importants: Mircea Eliade <em>Le Chamanisme et les techniques archa\u00efques de l&#8217;Ekstase<\/em> (1951), Vladimir Basilov, Nikolai \u0160okorov, Caroline Humphrey, Roberte Hamayon.<\/p><p>Per al tengrisme: Jean-Paul Roux <em>La religion des Turcs et des Mongols<\/em>. Tamb\u00e9 la Historia secreta dels mongols (segle XIII) \u00e9s una font. El <span class=\"iwg-fachbegriff\" data-tooltip=\"Sistema religi\u00f3s en el qual uns especialistes tracten amb el m\u00f3n dels esperits.\" tabindex=\"0\">xamanisme<\/span> com a categoria global de comparaci\u00f3 es discuteix en treballs de Michael Harner i de la Foundation for Shamanic Studies.<\/p>\t\t\t\t\t\t\t\t<\/div>\n\t\t\t\t<\/div>\n\t\t\t\t\t<\/div>\n\t\t\t\t<\/div>\n\t\t<div class=\"elementor-element elementor-element-cp26124946 e-flex e-con-boxed e-con e-parent\" data-id=\"cp26124946\" data-element_type=\"container\" data-e-type=\"container\">\n\t\t\t\t\t<div class=\"e-con-inner\">\n\t\t\t\t<div class=\"elementor-element elementor-element-cp2c8730e2 elementor-widget elementor-widget-heading\" data-id=\"cp2c8730e2\" data-element_type=\"widget\" data-e-type=\"widget\" data-widget_type=\"heading.default\">\n\t\t\t\t\t<h2 class=\"elementor-heading-title elementor-size-default\">El tengrisme com a terme i la seva problem\u00e0tica<\/h2>\t\t\t\t<\/div>\n\t\t<div class=\"elementor-element elementor-element-cp29cf177b e-flex e-con-boxed e-con e-child\" data-id=\"cp29cf177b\" data-element_type=\"container\" data-e-type=\"container\">\n\t\t\t\t\t<div class=\"e-con-inner\">\n\t\t\t\t<div class=\"elementor-element elementor-element-cp2d12b06e elementor-widget elementor-widget-text-editor\" data-id=\"cp2d12b06e\" data-element_type=\"widget\" data-e-type=\"widget\" data-widget_type=\"text-editor.default\">\n\t\t\t\t\t\t\t\t\t<p>El terme tengrisme \u00e9s una formaci\u00f3 moderna i no descriu una religi\u00f3 unit\u00e0ria ni hist\u00f2ricament ben delimitada. Deriva de la paraula <em>Tengri<\/em>, que en nombroses lleng\u00fces t\u00farquiques i mong\u00f2liques designa el cel i, al mateix temps, un poder celestial.<\/p><p>En els testimonis m\u00e9s antics, les inscripcions r\u00faniques altt\u00farquiques de la vall d&#8217;Orkhon del segle vuit\u00e8, Tengri apareix com la inst\u00e0ncia que atorga al governant el seu poder i dona ordre al poble.<\/p><p>L&#8217;\u00fas actual del terme tengrisme, per\u00f2, est\u00e0 fortament marcat per desenvolupaments posteriors. Al segle dinou i vint, investigadors i m\u00e9s tard tamb\u00e9 moviments nacionals a l&#8217;\u00c0sia Central van encunyar el terme per descriure una suposada religi\u00f3 comuna, preisl\u00e0mica i prebudista, dels pobles de l&#8217;estepa.<\/p><p>La <span class=\"iwg-fachbegriff\" data-tooltip=\"La ci\u00e8ncia que estudia les religions de manera comparativa i sense vinculaci\u00f3 de fe.\" tabindex=\"0\">ci\u00e8ncia de les religions<\/span> convida aqu\u00ed a la prud\u00e8ncia. All\u00f2 que s&#8217;aplega sota el nom de tengrisme compr\u00e8n tradicions molt diferents en un espai ampli i durant un per\u00edode llarg.<\/p><p>El que \u00e9s cert \u00e9s que la veneraci\u00f3 del cel, d&#8217;una divinitat de la terra i d&#8217;una multitud d&#8217;esperits va tenir un paper central entre molts pobles de l&#8217;estepa. Si d&#8217;aix\u00f2 se&#8217;n pot reconstruir un sistema doctrinal coherent \u00e9s un tema discutit.<\/p><p>Per aix\u00f2, les exposicions rigoroses prefereixen parlar de creen\u00e7a celestial o de la religi\u00f3 dels primers turcs i mongols, i tracten el tengrisme com un concepte modern d&#8217;agrupaci\u00f3, no com una unitat hist\u00f2rica.<\/p>\t\t\t\t\t\t\t\t<\/div>\n\t\t\t\t\t<\/div>\n\t\t\t\t<\/div>\n\t\t\t\t\t<\/div>\n\t\t\t\t<\/div>\n\t\t<div class=\"elementor-element elementor-element-cp265ca085 e-flex e-con-boxed e-con e-parent\" data-id=\"cp265ca085\" data-element_type=\"container\" data-e-type=\"container\">\n\t\t\t\t\t<div class=\"e-con-inner\">\n\t\t\t\t<div class=\"elementor-element elementor-element-cp27cb318d elementor-widget elementor-widget-heading\" data-id=\"cp27cb318d\" data-element_type=\"widget\" data-e-type=\"widget\" data-widget_type=\"heading.default\">\n\t\t\t\t\t<h2 class=\"elementor-heading-title elementor-size-default\">El xamanisme de Sib\u00e8ria en la seva diversitat regional<\/h2>\t\t\t\t<\/div>\n\t\t<div class=\"elementor-element elementor-element-cp2d8b8f0c e-flex e-con-boxed e-con e-child\" data-id=\"cp2d8b8f0c\" data-element_type=\"container\" data-e-type=\"container\">\n\t\t\t\t\t<div class=\"e-con-inner\">\n\t\t\t\t<div class=\"elementor-element elementor-element-cp25923221 elementor-widget elementor-widget-text-editor\" data-id=\"cp25923221\" data-element_type=\"widget\" data-e-type=\"widget\" data-widget_type=\"text-editor.default\">\n\t\t\t\t\t\t\t\t\t<p>A m\u00e9s de la fe celeste de l&#8217;estepa hi ha el <span class=\"iwg-fachbegriff\" data-tooltip=\"Sistema religi\u00f3s en qu\u00e8 uns especialistes es comuniquen amb el m\u00f3n dels esperits.\" tabindex=\"0\">xamanisme<\/span> de la zona boscosa siberiana, que tampoc no \u00e9s una religi\u00f3 unificada, sin\u00f3 un conjunt de pr\u00e0ctiques emparentades.<\/p><p>Es troben entre els evenks, iacuts, buriats, nganasans, khantis i molts altres pobles, que parlen lleng\u00fces turqueses, tung\u00fasiques o urals. La mateixa paraula <span class=\"iwg-fachbegriff\" data-tooltip=\"Especialista religi\u00f3s a qui s'atribueix la mediaci\u00f3 entre els humans i el m\u00f3n dels esperits.\" tabindex=\"0\">xaman<\/span> prov\u00e9 del tung\u00fas i va ser portada a les lleng\u00fces europees per viatgers russos.<\/p><p>Aquestes tradicions comparteixen la idea que certes persones tenen la capacitat de connectar amb el m\u00f3n dels esperits per guarir, recuperar \u00e0nimes perdudes, assegurar la ca\u00e7a o acompanyar els morts.<\/p><p>Tanmateix, hi ha difer\u00e8ncies regionals importants. En alguns pobles, el <span class=\"iwg-fachbegriff\" data-tooltip=\"Especialista religi\u00f3s a qui s'atribueix la mediaci\u00f3 entre els humans i el m\u00f3n dels esperits.\" tabindex=\"0\">xaman<\/span> \u00e9s cridat pels esperits i passa per una crisi de malaltia, mentre que en d&#8217;altres el c\u00e0rrec \u00e9s m\u00e9s aviat hereditari. L&#8217;equipament amb tambor, vestimenta i corona varia considerablement d&#8217;un poble a l&#8217;altre, i tamb\u00e9 la <span class=\"iwg-fachbegriff\" data-tooltip=\"Concepci\u00f3 de l'estructura i l'ordre del m\u00f3n dins d'una cultura.\" tabindex=\"0\">cosmologia<\/span> canvia.<\/p><p>\u00c9s habitual la idea d&#8217;un m\u00f3n dividit en diversos nivells, sovint anomenats m\u00f3n superior, m\u00f3n mitj\u00e0 i m\u00f3n inferior, units per un arbre del m\u00f3n o un pal central. La investigaci\u00f3 m\u00e9s antiga, com la de Mircea Eliade, tendia a fondre tot aix\u00f2 en un <span class=\"iwg-fachbegriff\" data-tooltip=\"Sistema religi\u00f3s en qu\u00e8 uns especialistes es comuniquen amb el m\u00f3n dels esperits.\" tabindex=\"0\">xamanisme<\/span> universal.<\/p><p>L&#8217;<span class=\"iwg-fachbegriff\" data-tooltip=\"Ci\u00e8ncia que estudia comparativament cultures i societats.\" tabindex=\"0\">etnologia<\/span> m\u00e9s recent, entre altres els treballs de Roberte Hamayon, critica aquesta uniformitzaci\u00f3 i subratlla que cada tradici\u00f3 s&#8217;ha d&#8217;entendre a partir dels seus contextos socials i ecol\u00f2gics concrets.<\/p>\t\t\t\t\t\t\t\t<\/div>\n\t\t\t\t\t<\/div>\n\t\t\t\t<\/div>\n\t\t\t\t\t<\/div>\n\t\t\t\t<\/div>\n\t\t<div class=\"elementor-element elementor-element-cp2aa950e9 e-flex e-con-boxed e-con e-parent\" data-id=\"cp2aa950e9\" data-element_type=\"container\" data-e-type=\"container\">\n\t\t\t\t\t<div class=\"e-con-inner\">\n\t\t\t\t<div class=\"elementor-element elementor-element-cp269ac4bd elementor-widget elementor-widget-heading\" data-id=\"cp269ac4bd\" data-element_type=\"widget\" data-e-type=\"widget\" data-widget_type=\"heading.default\">\n\t\t\t\t\t<h2 class=\"elementor-heading-title elementor-size-default\">La situaci\u00f3 de les fonts entre relats de viatge i etnografia<\/h2>\t\t\t\t<\/div>\n\t\t<div class=\"elementor-element elementor-element-cp2937eb34 e-flex e-con-boxed e-con e-child\" data-id=\"cp2937eb34\" data-element_type=\"container\" data-e-type=\"container\">\n\t\t\t\t\t<div class=\"e-con-inner\">\n\t\t\t\t<div class=\"elementor-element elementor-element-cp2d587b58 elementor-widget elementor-widget-text-editor\" data-id=\"cp2d587b58\" data-element_type=\"widget\" data-e-type=\"widget\" data-widget_type=\"text-editor.default\">\n\t\t\t\t\t\t\t\t\t<p>La <span class=\"iwg-fachbegriff\" data-tooltip=\"La transmissi\u00f3 de coneixement i relats al llarg de generacions.\" tabindex=\"0\">transmissi\u00f3<\/span> escrita sobre les religions de Sib\u00e8ria i de l&#8217;estepa est\u00e0 marcada des de fora. Dels primers temps hi ha les inscripcions alt\u00farquiques i altmong\u00f2liques, aix\u00ed com informes xinesos sobre els ve\u00efns del nord. Aquests textos s\u00f3n breus i escrits sobretot des de la perspectiva del poder i la diplom\u00e0cia, no per inter\u00e8s religi\u00f3s.<\/p><p>Una segona capa la formen els relats de viatge de l&#8217;edat mitjana i de l&#8217;inici de l&#8217;edat moderna. Els enviats europeus i, m\u00e9s tard, els exploradors russos van descriure sessions xam\u00e0niques, sovint amb estranyesa, burla o amb l&#8217;objectiu de qualificar l&#8217;estrany com a superstici\u00f3.<\/p><p>Amb l&#8217;expansi\u00f3 russa cap a Sib\u00e8ria va sorgir tamb\u00e9 una \u00e0mplia literatura missionera i administrativa, en la qual les religions aut\u00f2ctones eren combatudes per\u00f2 tamb\u00e9 documentades.<\/p><p>La capa m\u00e9s aprofitable cient\u00edficament prov\u00e9 de la investigaci\u00f3 de camp etnogr\u00e0fica de finals del segle dinou i del segle vint. Investigadors com Vlad\u00edmir Bogoraz i Lev Sternberg, alguns d&#8217;ells exiliats pol\u00edtics, van reunir un material extens. Durant l&#8217;\u00e8poca sovi\u00e8tica, el <span class=\"iwg-fachbegriff\" data-tooltip=\"Sistema religi\u00f3s en el qual especialistes es comuniquen amb el m\u00f3n dels esperits.\" tabindex=\"0\">xamanisme<\/span> va ser reprimit per l&#8217;Estat, els xamans van ser perseguits, i moltes tradicions es van trencar o nom\u00e9s es van transmetre en secret.<\/p><p>Aquesta hist\u00f2ria t\u00e9 com a conseq\u00fc\u00e8ncia que les fonts actuals presenten llacunes i que les revitalitzacions posteriors han hagut de recolzar-se en part en llibres etnogr\u00e0fics. Una lectura cr\u00edtica ha de tenir sempre present aquest filtre dels observadors i de la repressi\u00f3.<\/p>\t\t\t\t\t\t\t\t<\/div>\n\t\t\t\t\t<\/div>\n\t\t\t\t<\/div>\n\t\t\t\t\t<\/div>\n\t\t\t\t<\/div>\n\t\t<div class=\"elementor-element elementor-element-cp2cf12a6a e-flex e-con-boxed e-con e-parent\" data-id=\"cp2cf12a6a\" data-element_type=\"container\" data-e-type=\"container\">\n\t\t\t\t\t<div class=\"e-con-inner\">\n\t\t\t\t<div class=\"elementor-element elementor-element-cp2d60c43e elementor-widget elementor-widget-heading\" data-id=\"cp2d60c43e\" data-element_type=\"widget\" data-e-type=\"widget\" data-widget_type=\"heading.default\">\n\t\t\t\t\t<h2 class=\"elementor-heading-title elementor-size-default\">Revitalitzaci\u00f3 i situaci\u00f3 actual<\/h2>\t\t\t\t<\/div>\n\t\t<div class=\"elementor-element elementor-element-cp2851cf1c e-flex e-con-boxed e-con e-child\" data-id=\"cp2851cf1c\" data-element_type=\"container\" data-e-type=\"container\">\n\t\t\t\t\t<div class=\"e-con-inner\">\n\t\t\t\t<div class=\"elementor-element elementor-element-cp2f36f6e4 elementor-widget elementor-widget-text-editor\" data-id=\"cp2f36f6e4\" data-element_type=\"widget\" data-e-type=\"widget\" data-widget_type=\"text-editor.default\">\n\t\t\t\t\t\t\t\t\t<p>Despr\u00e9s de la fi de la Uni\u00f3 Sovi\u00e8tica, es va produir en diverses regions de Sib\u00e8ria i dels estats ve\u00efns un renaixement de les religions precristianes i prebudistes.<\/p><p>A les rep\u00fabliques de Buri\u00e0tia, Tuv\u00e0 i Sakh\u00e0 van sorgir associacions de xamans que van reorganitzar en part l&#8217;ofici, van oferir formacions i van dur a terme rituals p\u00fablics. Aquests moviments estan estretament lligats al desig d&#8217;autoafirmaci\u00f3 cultural davant d\u00e8cades de russificaci\u00f3.<\/p><p>La valoraci\u00f3 des de l&#8217;estudi de les religions d&#8217;aquesta revitalitzaci\u00f3 \u00e9s sobria. D&#8217;una banda, les pr\u00e0ctiques actuals s&#8217;enllacen amb tradicions reals, sovint conservades de manera oculta. D&#8217;altra banda, les ruptures s\u00f3n evidents, i alguns elements es reconstrueixen a partir de la literatura etnogr\u00e0fica o de l&#8217;intercanvi amb corrents internacionals. Per aix\u00f2 els investigadors parlen d&#8217;un neoxamanisme, on la reconstrucci\u00f3 i la innovaci\u00f3 conflueixen.<\/p><p>En el m\u00f3n mongol, el <span class=\"iwg-fachbegriff\" data-tooltip=\"Sistema religi\u00f3s en el qual els especialistes es comuniquen amb el m\u00f3n dels esperits.\" tabindex=\"0\">xamanisme<\/span> es combina tamb\u00e9 amb el budisme tibet\u00e0, present des de fa segles. Ambd\u00f3s sistemes es troben en part en compet\u00e8ncia, en part en una divisi\u00f3 pr\u00e0ctica de funcions. Tamb\u00e9 el modern tengrisme pol\u00edtic, que en alguns pa\u00efsos de l&#8217;\u00c0sia Central es debat com a element de la identitat nacional, forma part d&#8217;aquest quadre.<\/p><p>\u00c9s menys una religi\u00f3 popular viscuda que un projecte intel\u00b7lectual i pol\u00edtic que invoca el passat de l&#8217;estepa. Per a una descripci\u00f3 rigorosa cal dir: la situaci\u00f3 actual \u00e9s diversa, molt diferent segons la regi\u00f3, i no s&#8217;ha de descriure ni com una continuaci\u00f3 ininterrompuda d&#8217;una religi\u00f3 mil\u00b7len\u00e0ria ni com una simple invenci\u00f3.<\/p>\t\t\t\t\t\t\t\t<\/div>\n\t\t\t\t\t<\/div>\n\t\t\t\t<\/div>\n\t\t\t\t\t<\/div>\n\t\t\t\t<\/div>\n\t\t<div class=\"elementor-element elementor-element-iwgha-sibirischten-sec e-flex e-con-boxed e-con e-parent\" data-id=\"iwgha-sibirischten-sec\" data-element_type=\"container\" data-e-type=\"container\">\n\t\t\t\t\t<div class=\"e-con-inner\">\n\t\t\t\t<div class=\"elementor-element elementor-element-iwgha-sibirischten-h elementor-widget elementor-widget-heading\" data-id=\"iwgha-sibirischten-h\" data-element_type=\"widget\" data-e-type=\"widget\" data-widget_type=\"heading.default\">\n\t\t\t\t\t<h2 class=\"elementor-heading-title elementor-size-default\">\u00c9ssers d'aquesta tradici\u00f3 (10)<\/h2>\t\t\t\t<\/div>\n\t\t<div class=\"elementor-element elementor-element-iwgha-sibirischten-gc e-flex e-con-boxed e-con e-parent\" data-id=\"iwgha-sibirischten-gc\" data-element_type=\"container\" data-e-type=\"container\">\n\t\t\t\t\t<div class=\"e-con-inner\">\n\t\t\t\t<div class=\"elementor-element elementor-element-iwgha-sibirischten-grid elementor-widget elementor-widget-text-editor\" data-id=\"iwgha-sibirischten-grid\" data-element_type=\"widget\" data-e-type=\"widget\" data-widget_type=\"text-editor.default\">\n\t\t\t\t\t\t\t\t\t<div class=\"iwg-wesen-grid\"><a class=\"iwg-wesen-card\" href=\"https:\/\/iwell-guard.com\/ca\/ajisit-deessa-iacuta-naixement\/\" aria-label=\"Ajisit \u2013 Deessa iacuta del naixement\"><div class=\"iwg-wesen-card-imgwrap\"><img decoding=\"async\" src=\"https:\/\/iwell-guard.com\/wp-content\/uploads\/2026\/05\/goetter_sibirisch-tengrismus_ajisit-200x300.webp\" alt=\"Ajisit \u2013 Deessa iacuta del naixement\" loading=\"lazy\"><\/div><div class=\"iwg-wesen-card-body\"><div class=\"iwg-wesen-card-name\">Ajisit \u2013 Deessa iacuta del naixement<\/div><div class=\"iwg-wesen-card-arrow\">\u2192 A l&#039;\u00e9sser<\/div><\/div><\/a><a class=\"iwg-wesen-card\" href=\"https:\/\/iwell-guard.com\/ca\/asbuiga-esperit-protector-cavalls\/\" aria-label=\"Asbuiga \u2013 Esperit protector burjat dels cavalls\"><div class=\"iwg-wesen-card-imgwrap\"><img decoding=\"async\" src=\"https:\/\/iwell-guard.com\/wp-content\/uploads\/2026\/05\/geister_sibirisch-tengrismus_asbuiga-200x300.webp\" alt=\"Asbuiga \u2013 Esperit protector burjat dels cavalls\" loading=\"lazy\"><\/div><div class=\"iwg-wesen-card-body\"><div class=\"iwg-wesen-card-name\">Asbuiga \u2013 Esperit protector burjat dels cavalls<\/div><div class=\"iwg-wesen-card-arrow\">\u2192 A l&#039;\u00e9sser<\/div><\/div><\/a><a class=\"iwg-wesen-card\" href=\"https:\/\/iwell-guard.com\/ca\/buga-deu-suprem-evenkis-tunguses\/\" aria-label=\"Buga \u2013 D\u00e9u suprem dels evenkis (tunguses)\"><div class=\"iwg-wesen-card-imgwrap\"><img decoding=\"async\" src=\"https:\/\/iwell-guard.com\/wp-content\/uploads\/2026\/05\/goetter_sibirisch-tengrismus_buga-tungus-200x300.webp\" alt=\"Buga \u2013 D\u00e9u suprem dels evenkis (tunguses)\" loading=\"lazy\"><\/div><div class=\"iwg-wesen-card-body\"><div class=\"iwg-wesen-card-name\">Buga \u2013 D\u00e9u suprem dels evenkis (tunguses)<\/div><div class=\"iwg-wesen-card-arrow\">\u2192 A l&#039;\u00e9sser<\/div><\/div><\/a><a class=\"iwg-wesen-card\" href=\"https:\/\/iwell-guard.com\/ca\/erlik-khan-senyor-inframon-altais\/\" aria-label=\"Erlik Khan \u2013 Senyor de l\u2019infram\u00f3n dels altais\"><div class=\"iwg-wesen-card-imgwrap\"><img decoding=\"async\" src=\"https:\/\/iwell-guard.com\/wp-content\/uploads\/2026\/05\/daemonen_sibirisch-tengrismus_erlik-khan-200x300.webp\" alt=\"Erlik Khan \u2013 Senyor de l\u2019infram\u00f3n dels altais\" loading=\"lazy\"><\/div><div class=\"iwg-wesen-card-body\"><div class=\"iwg-wesen-card-name\">Erlik Khan \u2013 Senyor de l\u2019infram\u00f3n dels altais<\/div><div class=\"iwg-wesen-card-arrow\">\u2192 A l&#039;\u00e9sser<\/div><\/div><\/a><a class=\"iwg-wesen-card\" href=\"https:\/\/iwell-guard.com\/ca\/khormusta-deu-celeste-suprem-mongols\/\" aria-label=\"Khormusta \u2013 El d\u00e9u celeste suprem dels mongols\"><div class=\"iwg-wesen-card-imgwrap\"><img decoding=\"async\" src=\"https:\/\/iwell-guard.com\/wp-content\/uploads\/2026\/05\/goetter_sibirisch-tengrismus_khormusta-200x300.webp\" alt=\"Khormusta \u2013 El d\u00e9u celeste suprem dels mongols\" loading=\"lazy\"><\/div><div class=\"iwg-wesen-card-body\"><div class=\"iwg-wesen-card-name\">Khormusta \u2013 El d\u00e9u celeste suprem dels mongols<\/div><div class=\"iwg-wesen-card-arrow\">\u2192 A l&#039;\u00e9sser<\/div><\/div><\/a><a class=\"iwg-wesen-card\" href=\"https:\/\/iwell-guard.com\/ca\/tengri-deu-del-cel-dels-tengristes\/\" aria-label=\"Tengri \u2013 D\u00e9u del cel dels tengristes\"><div class=\"iwg-wesen-card-imgwrap\"><img decoding=\"async\" src=\"https:\/\/iwell-guard.com\/wp-content\/uploads\/2026\/05\/goetter_sibirisch-tengrismus_tengri-200x300.webp\" alt=\"Tengri \u2013 D\u00e9u del cel dels tengristes\" loading=\"lazy\"><\/div><div class=\"iwg-wesen-card-body\"><div class=\"iwg-wesen-card-name\">Tengri \u2013 D\u00e9u del cel dels tengristes<\/div><div class=\"iwg-wesen-card-arrow\">\u2192 A l&#039;\u00e9sser<\/div><\/div><\/a><a class=\"iwg-wesen-card\" href=\"https:\/\/iwell-guard.com\/ca\/ulgen-deu-de-la-llum-dels-altaics\/\" aria-label=\"\u00dclgen \u2013 El d\u00e9u de la llum dels altaics\"><div class=\"iwg-wesen-card-imgwrap\"><img decoding=\"async\" src=\"https:\/\/iwell-guard.com\/wp-content\/uploads\/2026\/05\/goetter_sibirisch-tengrismus_uelgen-200x300.webp\" alt=\"\u00dclgen \u2013 El d\u00e9u de la llum dels altaics\" loading=\"lazy\"><\/div><div class=\"iwg-wesen-card-body\"><div class=\"iwg-wesen-card-name\">\u00dclgen \u2013 El d\u00e9u de la llum dels altaics<\/div><div class=\"iwg-wesen-card-arrow\">\u2192 A l&#039;\u00e9sser<\/div><\/div><\/a><a class=\"iwg-wesen-card\" href=\"https:\/\/iwell-guard.com\/ca\/umai-deessa-mare-infants-turcs\/\" aria-label=\"Umai \u2013 Deessa mare i de la infantesa dels turcs\"><div class=\"iwg-wesen-card-imgwrap\"><img decoding=\"async\" src=\"https:\/\/iwell-guard.com\/wp-content\/uploads\/2026\/05\/goetter_sibirisch-tengrismus_umai-200x300.webp\" alt=\"Umai \u2013 Deessa mare i de la infantesa dels turcs\" loading=\"lazy\"><\/div><div class=\"iwg-wesen-card-body\"><div class=\"iwg-wesen-card-name\">Umai \u2013 Deessa mare i de la infantesa dels turcs<\/div><div class=\"iwg-wesen-card-arrow\">\u2192 A l&#039;\u00e9sser<\/div><\/div><\/a><a class=\"iwg-wesen-card\" href=\"https:\/\/iwell-guard.com\/ca\/yer-sub-esperit-terra-aigua-turcs\/\" aria-label=\"Yer-Sub \u2013 Esperit de la Terra i l\u2019Aigua dels turcs\"><div class=\"iwg-wesen-card-imgwrap\"><img decoding=\"async\" src=\"https:\/\/iwell-guard.com\/wp-content\/uploads\/2026\/05\/geister_sibirisch-tengrismus_yer-sub-200x300.webp\" alt=\"Yer-Sub \u2013 Esperit de la Terra i l\u2019Aigua dels turcs\" loading=\"lazy\"><\/div><div class=\"iwg-wesen-card-body\"><div class=\"iwg-wesen-card-name\">Yer-Sub \u2013 Esperit de la Terra i l\u2019Aigua dels turcs<\/div><div class=\"iwg-wesen-card-arrow\">\u2192 A l&#039;\u00e9sser<\/div><\/div><\/a><a class=\"iwg-wesen-card\" href=\"https:\/\/iwell-guard.com\/ca\/yhych-khan-senyor-jacut-dels-cavalls\/\" aria-label=\"Yhych-Khan \u2013 Senyor jacut dels cavalls\"><div class=\"iwg-wesen-card-imgwrap\"><img decoding=\"async\" src=\"https:\/\/iwell-guard.com\/wp-content\/uploads\/2026\/05\/goetter_sibirisch-tengrismus_yhych-khan-200x300.webp\" alt=\"Yhych-Khan \u2013 Senyor jacut dels cavalls\" loading=\"lazy\"><\/div><div class=\"iwg-wesen-card-body\"><div class=\"iwg-wesen-card-name\">Yhych-Khan \u2013 Senyor jacut dels cavalls<\/div><div class=\"iwg-wesen-card-arrow\">\u2192 A l&#039;\u00e9sser<\/div><\/div><\/a><\/div>\t\t\t\t\t\t\t\t<\/div>\n\t\t\t\t\t<\/div>\n\t\t\t\t<\/div>\n\t\t\t\t\t<\/div>\n\t\t\t\t<\/div>\n\t\t<div class=\"elementor-element elementor-element-iwgkw2-add-sibirischtengr e-flex e-con-boxed e-con e-parent\" data-id=\"iwgkw2-add-sibirischtengr\" data-element_type=\"container\" data-e-type=\"container\">\n\t\t\t\t\t<div class=\"e-con-inner\">\n\t\t\t\t<div class=\"elementor-element elementor-element-iwgkw2-add-sibirischtengr-t elementor-widget elementor-widget-text-editor\" data-id=\"iwgkw2-add-sibirischtengr-t\" data-element_type=\"widget\" data-e-type=\"widget\" data-widget_type=\"text-editor.default\">\n\t\t\t\t\t\t\t\t\t<p>En el tengrisme siberi\u00e0, la <em>pr\u00e0ctica de protecci\u00f3<\/em> constitueix una part fixa del ritual xam\u00e0nic, en el qual el tambor, la fumigaci\u00f3 i les ofrenes han de protegir la fam\u00edlia i el ramat dels esperits de malaltia i de cam\u00ed.<\/p>\t\t\t\t\t\t\t\t<\/div>\n\t\t\t\t\t<\/div>\n\t\t\t\t<\/div>\n\t\t<div class=\"elementor-element elementor-element-iwgcn-sibirischt-kwd e-flex e-con-boxed e-con e-parent\" data-id=\"iwgcn-sibirischt-kwd\" data-element_type=\"container\" data-e-type=\"container\">\n\t\t\t\t\t<div class=\"e-con-inner\">\n\t\t<div class=\"elementor-element elementor-element-iwgcn-sibirischt-kwd-c e-con-full e-flex e-con e-child\" data-id=\"iwgcn-sibirischt-kwd-c\" data-element_type=\"container\" data-e-type=\"container\">\n\t\t\t\t<div class=\"elementor-element elementor-element-iwgcn-sibirischt-kwdt elementor-widget elementor-widget-text-editor\" data-id=\"iwgcn-sibirischt-kwdt\" data-element_type=\"widget\" data-e-type=\"widget\" data-widget_type=\"text-editor.default\">\n\t\t\t\t\t\t\t\t\t<p><em>Conceptes clau relacionats: <span class=\"iwg-fachbegriff\" data-tooltip=\"Especialista religi\u00f3s al qual s'atribueix la mediaci\u00f3 entre els humans i el m\u00f3n dels esperits.\" tabindex=\"0\">Xaman<\/span> Tengri Buriats Tungusos Iacuts Mongols Iurts Ongon Onggor Ovoo Khan Tengri Asbuiga.<\/em><\/p>\t\t\t\t\t\t\t\t<\/div>\n\t\t\t\t<\/div>\n\t\t\t\t\t<\/div>\n\t\t\t\t<\/div>\n\t\t<div class=\"elementor-element elementor-element-iwgcn-sibirischt-cc e-flex e-con-boxed e-con e-parent\" data-id=\"iwgcn-sibirischt-cc\" data-element_type=\"container\" data-e-type=\"container\" id=\"iwg-cc-sibirisch-tengrismus\">\n\t\t\t\t\t<div class=\"e-con-inner\">\n\t\t<div class=\"elementor-element elementor-element-iwgcn-sibirischt-ccinner e-flex e-con-boxed e-con e-parent\" data-id=\"iwgcn-sibirischt-ccinner\" data-element_type=\"container\" data-e-type=\"container\" data-settings=\"{&quot;background_background&quot;:&quot;classic&quot;}\">\n\t\t\t\t\t<div class=\"e-con-inner\">\n\t\t\t\t<div class=\"elementor-element elementor-element-iwgcn-sibirischt-cch elementor-widget elementor-widget-heading\" data-id=\"iwgcn-sibirischt-cch\" data-element_type=\"widget\" data-e-type=\"widget\" data-widget_type=\"heading.default\">\n\t\t\t\t\t<h2 class=\"elementor-heading-title elementor-size-default\">Objectes de protecci\u00f3 d'aquesta tradici\u00f3 cultural<\/h2>\t\t\t\t<\/div>\n\t\t\t\t<div class=\"elementor-element elementor-element-iwgcn-sibirischt-cct elementor-widget elementor-widget-text-editor\" data-id=\"iwgcn-sibirischt-cct\" data-element_type=\"widget\" data-e-type=\"widget\" data-widget_type=\"text-editor.default\">\n\t\t\t\t\t\t\t\t\t<p>La tradici\u00f3 sib\u00e8rico-tengrista coneix les figuretes Ongon com a receptacles d&#8217;<span class=\"iwg-fachbegriff\" data-tooltip=\"Un \u00e9sser sense cos al qual s'atribueix efecte en el m\u00f3n.\" tabindex=\"0\">esperit<\/span>, els miralls de xaman (Toli) de bronze, els mocadors de seda Khadak i les pir\u00e0mides de pedra Ovoo als colls de muntanya com a objectes de protecci\u00f3 port\u00e0tils i fixos.<\/p><div data-nosnippet=\"true\"><p>iWell Guard s&#8217;insereix en aquesta l\u00ednia culturohist\u00f2rica d&#8217;objectes de protecci\u00f3 port\u00e0tils, en una arquitectura de materials contempor\u00e0nia, fabricat a Alemanya. 41 capes, or aut\u00e8ntic, plat\u00ed, plata. Dret de devoluci\u00f3 de 30 dies.<\/p><\/div>\t\t\t\t\t\t\t\t<\/div>\n\t\t\t\t<div class=\"elementor-element elementor-element-iwgcn-sibirischt-ccb iwg-cc-button iwg-cc-cta-2026-05-13 elementor-widget elementor-widget-jet-button\" data-id=\"iwgcn-sibirischt-ccb\" data-element_type=\"widget\" data-e-type=\"widget\" data-widget_type=\"jet-button.default\">\n\t\t\t\t<div class=\"elementor-widget-container\">\n\t\t\t\t\t<div class=\"elementor-jet-button jet-elements\"><div class=\"jet-button__container\"><a class=\"jet-button__instance jet-button__instance--icon-left hover-effect-1\" href=\"\/ueber-iwell-guard\/?utm_source=iwell-guard.com&amp;utm_medium=info-box&amp;utm_campaign=kultur-tradition\"><div class=\"jet-button__plane jet-button__plane-normal\"><\/div><div class=\"jet-button__plane jet-button__plane-hover\"><\/div><div class=\"jet-button__state jet-button__state-normal\"><span class=\"jet-button__label\">M\u00e9s informaci\u00f3 sobre l'iWell Guard<\/span><\/div><div class=\"jet-button__state jet-button__state-hover\"><span class=\"jet-button__label\">M\u00e9s informaci\u00f3 sobre l'iWell Guard<\/span><\/div><\/a><\/div><\/div><style>.elementor-element.elementor-element-iwgcn-sibirischt-ccb .jet-button__instance{width:320px;height:56px;}.elementor-element.elementor-element-iwgcn-sibirischt-ccb .jet-button__state-normal .jet-button__label{text-align:center;margin:0px 0px 0px 0px;color:#1a1b20;font-family:Montserrat,sans-serif;font-size:13px;font-weight:400;letter-spacing:4px;line-height:1.714em;text-transform:uppercase;}.elementor-element.elementor-element-iwgcn-sibirischt-ccb .jet-button__state-hover .jet-button__label{text-align:center;margin:0px 0px 0px 0px;color:#FECC76;font-family:Montserrat,sans-serif;font-size:13px;font-weight:400;letter-spacing:4px;line-height:1.714em;text-transform:uppercase;}.elementor-element.elementor-element-iwgcn-sibirischt-ccb .jet-button__plane-normal{background-color:#FECC76;border-style:solid;border-color:#C99540;border-width:2px 2px 2px 2px;}.elementor-element.elementor-element-iwgcn-sibirischt-ccb .jet-button__plane-hover{background-color:rgba(0,0,0,0.55);border-style:solid;border-color:#FECC76;border-width:2px 2px 2px 2px;}<\/style>\t\t\t\t<\/div>\n\t\t\t\t<\/div>\n\t\t\t\t<div class=\"elementor-element elementor-element-iwgcn-sibirischt-ccd elementor-widget elementor-widget-text-editor\" data-id=\"iwgcn-sibirischt-ccd\" data-element_type=\"widget\" data-e-type=\"widget\" data-widget_type=\"text-editor.default\">\n\t\t\t\t\t\t\t\t\t<div data-nosnippet=\"true\"><p style=\"text-align:center;font-size:13px;opacity:0.7;margin-top:14px\" data-nosnippet=\"true\">Les experi\u00e8ncies personals poden variar. No \u00e9s un producte sanitari. No \u00e9s una promesa de curaci\u00f3.<\/p><\/div>\t\t\t\t\t\t\t\t<\/div>\n\t\t\t\t\t<\/div>\n\t\t\t\t<\/div>\n\t\t\t\t\t<\/div>\n\t\t\t\t<\/div>\n\t\t<div class=\"elementor-element elementor-element-iwgcn-sibirischt-disc e-flex e-con-boxed e-con e-parent\" data-id=\"iwgcn-sibirischt-disc\" data-element_type=\"container\" data-e-type=\"container\">\n\t\t\t\t\t<div class=\"e-con-inner\">\n\t\t\t\t<div class=\"elementor-element elementor-element-iwgcn-sibirischt-discw elementor-widget elementor-widget-html\" data-id=\"iwgcn-sibirischt-discw\" data-element_type=\"widget\" data-e-type=\"widget\" data-widget_type=\"html.default\">\n\t\t\t\t\t<footer data-nosnippet=\"true\" class=\"iwg-disclaimer-block\"><p data-nosnippet=\"true\">iWell Guard <strong>no \u00e9s un producte sanitari<\/strong> i no substitueix cap tractament m\u00e8dic o psicoterap\u00e8utic. Els continguts d'hist\u00f2ria de les religions s\u00f3n una classificaci\u00f3 culturohist\u00f2rica, no una recomanaci\u00f3 de pr\u00e0ctica espiritual.<\/p><\/footer>\t\t\t\t<\/div>\n\t\t\t\t\t<\/div>\n\t\t\t\t<\/div>\n\t\t\t\t<\/div>\n\t\t","protected":false},"excerpt":{"rendered":"","protected":false},"author":3,"featured_media":2857,"parent":0,"menu_order":0,"comment_status":"closed","ping_status":"closed","template":"elementor_header_footer","meta":{"_yoast_wpseo_focuskw":"xamanisme sib\u00e8ric","_yoast_wpseo_title":"Sib\u00e8ria \u2013 Xamanisme, tengrisme i pr\u00e0ctica de protecci\u00f3","_yoast_wpseo_metadesc":"Religi\u00f3 sib\u00e8rico-centreasi\u00e0tica a iWell Guard: xamanisme, tengrisme, tradici\u00f3 burjata, situats des de la ci\u00e8ncia de la religi\u00f3.","_yoast_wpseo_meta-robots-noindex":"","_yoast_wpseo_canonical":"","_angie_page":false,"gefaehrdungsstufe":"","wesen_kultur":"","wesen_klasse":"","footnotes":""},"categories":[],"class_list":["post-171667","page","type-page","status-publish","has-post-thumbnail","hentry"],"yoast_head":"<!-- This site is optimized with the Yoast SEO Premium plugin v27.7 (Yoast SEO v28.3) - https:\/\/yoast.com\/product\/yoast-seo-premium-wordpress\/ -->\n<title>Sib\u00e8ria \u2013 Xamanisme, tengrisme i pr\u00e0ctica de protecci\u00f3<\/title>\n<meta name=\"description\" content=\"Religi\u00f3 sib\u00e8rico-centreasi\u00e0tica a iWell Guard: xamanisme, tengrisme, tradici\u00f3 burjata, situats des de la ci\u00e8ncia de la religi\u00f3.\" \/>\n<meta name=\"robots\" content=\"index, follow, max-snippet:-1, max-image-preview:large, max-video-preview:-1\" \/>\n<link rel=\"canonical\" href=\"https:\/\/iwell-guard.com\/ca\/xamanisme-siberia-i-tengrisme-estepa-taiga\/\" \/>\n<meta property=\"og:locale\" content=\"ca_ES\" \/>\n<meta property=\"og:type\" content=\"article\" \/>\n<meta property=\"og:title\" content=\"Xamanisme sib\u00e8ric i tengrisme \u2013 Estepa i taig\u00e0\" \/>\n<meta property=\"og:description\" content=\"Religi\u00f3 sib\u00e8rico-centreasi\u00e0tica a iWell Guard: xamanisme, tengrisme, tradici\u00f3 burjata, situats des de la ci\u00e8ncia de la religi\u00f3.\" \/>\n<meta property=\"og:url\" content=\"https:\/\/iwell-guard.com\/ca\/xamanisme-siberia-i-tengrisme-estepa-taiga\/\" \/>\n<meta property=\"og:site_name\" content=\"iWell Guard\" \/>\n<meta property=\"article:modified_time\" content=\"2026-09-05T16:03:54+00:00\" \/>\n<meta property=\"og:image\" content=\"https:\/\/iwell-guard.com\/wp-content\/uploads\/2026\/05\/goetter_sibirisch-tengrismus_tengri.webp\" \/>\n\t<meta property=\"og:image:width\" content=\"1024\" \/>\n\t<meta property=\"og:image:height\" content=\"1536\" \/>\n\t<meta property=\"og:image:type\" content=\"image\/webp\" \/>\n<meta name=\"twitter:card\" content=\"summary_large_image\" \/>\n<script type=\"application\/ld+json\" class=\"yoast-schema-graph\">{\"@context\":\"https:\\\/\\\/schema.org\",\"@graph\":[{\"@type\":\"WebPage\",\"@id\":\"https:\\\/\\\/iwell-guard.com\\\/ca\\\/xamanisme-siberia-i-tengrisme-estepa-taiga\\\/\",\"url\":\"https:\\\/\\\/iwell-guard.com\\\/ca\\\/xamanisme-siberia-i-tengrisme-estepa-taiga\\\/\",\"name\":\"Sib\u00e8ria \u2013 Xamanisme, tengrisme i pr\u00e0ctica de protecci\u00f3\",\"isPartOf\":{\"@id\":\"https:\\\/\\\/iwell-guard.com\\\/ca\\\/#website\"},\"primaryImageOfPage\":{\"@id\":\"https:\\\/\\\/iwell-guard.com\\\/ca\\\/xamanisme-siberia-i-tengrisme-estepa-taiga\\\/#primaryimage\"},\"image\":{\"@id\":\"https:\\\/\\\/iwell-guard.com\\\/ca\\\/xamanisme-siberia-i-tengrisme-estepa-taiga\\\/#primaryimage\"},\"thumbnailUrl\":\"https:\\\/\\\/iwell-guard.com\\\/wp-content\\\/uploads\\\/2026\\\/05\\\/goetter_sibirisch-tengrismus_tengri.webp\",\"datePublished\":\"2026-09-05T15:41:17+00:00\",\"dateModified\":\"2026-09-05T16:03:54+00:00\",\"description\":\"Religi\u00f3 sib\u00e8rico-centreasi\u00e0tica a iWell Guard: xamanisme, tengrisme, tradici\u00f3 burjata, situats des de la ci\u00e8ncia de la religi\u00f3.\",\"breadcrumb\":{\"@id\":\"https:\\\/\\\/iwell-guard.com\\\/ca\\\/xamanisme-siberia-i-tengrisme-estepa-taiga\\\/#breadcrumb\"},\"inLanguage\":\"ca\",\"potentialAction\":[{\"@type\":\"ReadAction\",\"target\":[\"https:\\\/\\\/iwell-guard.com\\\/ca\\\/xamanisme-siberia-i-tengrisme-estepa-taiga\\\/\"]}]},{\"@type\":\"ImageObject\",\"inLanguage\":\"ca\",\"@id\":\"https:\\\/\\\/iwell-guard.com\\\/ca\\\/xamanisme-siberia-i-tengrisme-estepa-taiga\\\/#primaryimage\",\"url\":\"https:\\\/\\\/iwell-guard.com\\\/wp-content\\\/uploads\\\/2026\\\/05\\\/goetter_sibirisch-tengrismus_tengri.webp\",\"contentUrl\":\"https:\\\/\\\/iwell-guard.com\\\/wp-content\\\/uploads\\\/2026\\\/05\\\/goetter_sibirisch-tengrismus_tengri.webp\",\"width\":1024,\"height\":1536,\"caption\":\"D\u00e9us de la tradici\u00f3 siberiana-tengrista.\"},{\"@type\":\"BreadcrumbList\",\"@id\":\"https:\\\/\\\/iwell-guard.com\\\/ca\\\/xamanisme-siberia-i-tengrisme-estepa-taiga\\\/#breadcrumb\",\"itemListElement\":[{\"@type\":\"ListItem\",\"position\":1,\"name\":\"Start\",\"item\":\"https:\\\/\\\/iwell-guard.com\\\/ca\\\/?page_id=171333\"},{\"@type\":\"ListItem\",\"position\":2,\"name\":\"Xamanisme sib\u00e8ric i tengrisme \u2013 Estepa i taig\u00e0\"}]},{\"@type\":\"WebSite\",\"@id\":\"https:\\\/\\\/iwell-guard.com\\\/ca\\\/#website\",\"url\":\"https:\\\/\\\/iwell-guard.com\\\/ca\\\/\",\"name\":\"iWell Guard\",\"description\":\"Schutz vor dunklen Einfl\u00fcssen\",\"publisher\":{\"@id\":\"https:\\\/\\\/iwell-guard.com\\\/ca\\\/#organization\"},\"potentialAction\":[{\"@type\":\"SearchAction\",\"target\":{\"@type\":\"EntryPoint\",\"urlTemplate\":\"https:\\\/\\\/iwell-guard.com\\\/ca\\\/?s={search_term_string}\"},\"query-input\":{\"@type\":\"PropertyValueSpecification\",\"valueRequired\":true,\"valueName\":\"search_term_string\"}}],\"inLanguage\":\"ca\"},{\"@type\":\"Organization\",\"@id\":\"https:\\\/\\\/iwell-guard.com\\\/ca\\\/#organization\",\"name\":\"Ittermann electronic GmbH\",\"url\":\"https:\\\/\\\/iwell-guard.com\\\/ca\\\/\",\"logo\":{\"@type\":\"ImageObject\",\"inLanguage\":\"ca\",\"@id\":\"https:\\\/\\\/iwell-guard.com\\\/ca\\\/#\\\/schema\\\/logo\\\/image\\\/\",\"url\":\"https:\\\/\\\/iwell-guard.com\\\/wp-content\\\/uploads\\\/2026\\\/05\\\/Ittermann-Logo-1182x237-1.png\",\"contentUrl\":\"https:\\\/\\\/iwell-guard.com\\\/wp-content\\\/uploads\\\/2026\\\/05\\\/Ittermann-Logo-1182x237-1.png\",\"width\":1182,\"height\":237,\"caption\":\"Ittermann electronic GmbH\"},\"image\":{\"@id\":\"https:\\\/\\\/iwell-guard.com\\\/ca\\\/#\\\/schema\\\/logo\\\/image\\\/\"},\"sameAs\":[\"https:\\\/\\\/pantip.com\\\/profile\\\/9367242\",\"https:\\\/\\\/micro.blog\\\/iwellguard\",\"https:\\\/\\\/www.diggerslist.com\\\/iwellguard\\\/about\",\"https:\\\/\\\/skitterphoto.com\\\/photographers\\\/2870314\\\/iwell-guard\",\"https:\\\/\\\/iwellguard.wordpress.com\\\/2026\\\/06\\\/06\\\/iwell-guard\\\/\",\"https:\\\/\\\/hub.docker.com\\\/u\\\/iwellguard\",\"https:\\\/\\\/www.pinterest.com\\\/iwellguard\\\/\",\"https:\\\/\\\/bit.ly\\\/m\\\/iwellguard\",\"https:\\\/\\\/entre-vos-mains.alsace.eu\\\/profiles\\\/iwellguard\\\/activity\",\"https:\\\/\\\/gravatar.com\\\/reallybeded8fd34\",\"https:\\\/\\\/naijamatta.com\\\/iwellguard\",\"https:\\\/\\\/www.goodreads.com\\\/iwellguard\",\"https:\\\/\\\/profile.hatena.ne.jp\\\/iwellguard\\\/\",\"https:\\\/\\\/experiment.com\\\/users\\\/iwellguard\",\"https:\\\/\\\/wakelet.com\\\/@iWellGuard82270\",\"https:\\\/\\\/www.chordie.com\\\/forum\\\/profile.php?id=2555664\",\"https:\\\/\\\/www.instapaper.com\\\/p\\\/17757966\",\"https:\\\/\\\/www.mapleprimes.com\\\/users\\\/iwellguard\",\"https:\\\/\\\/businesslistingplus.com\\\/profile\\\/iwell-guard\\\/\",\"https:\\\/\\\/telegra.ph\\\/iWell-Guard-06-06\",\"https:\\\/\\\/pbase.com\\\/iwellguard\\\/iwellguard\",\"https:\\\/\\\/b.hatena.ne.jp\\\/iwellguard\\\/20260607#bookmark-4788405196491818882\",\"https:\\\/\\\/fliphtml5.com\\\/home\\\/iwellguard\",\"https:\\\/\\\/anyflip.com\\\/homepage\\\/cmiwl#About\",\"https:\\\/\\\/transfur.com\\\/Users\\\/iwellguard\",\"http:\\\/\\\/delphi.larsbo.org\\\/user\\\/iwellguard\",\"https:\\\/\\\/jobs.lajobsportal.org\\\/profiles\\\/8380803-iwell-guard\",\"https:\\\/\\\/md.chaosdorf.de\\\/s\\\/jfbe5SBdJD\",\"https:\\\/\\\/www.lingvolive.com\\\/en-us\\\/profile\\\/9ecaeaca-ce11-4e51-9e71-01d55e2bff36\\\/translations\",\"https:\\\/\\\/www.fitday.com\\\/fitness\\\/forums\\\/members\\\/iwellguard.html\",\"https:\\\/\\\/www.mymeetbook.com\\\/iwellguard\",\"https:\\\/\\\/pxhere.com\\\/en\\\/photographer-me\\\/5040798\",\"https:\\\/\\\/disqus.com\\\/by\\\/iwellguard\\\/about\\\/\",\"https:\\\/\\\/pastelink.net\\\/hjwciqwq\",\"https:\\\/\\\/pubhtml5.com\\\/homepage\\\/scjhn\\\/\",\"https:\\\/\\\/www.bitchute.com\\\/channel\\\/2O2eOKzNqujT\",\"https:\\\/\\\/audiomack.com\\\/iwellguard\"]}]}<\/script>\n<!-- \/ Yoast SEO Premium plugin. -->","yoast_head_json":{"title":"Sib\u00e8ria \u2013 Xamanisme, tengrisme i pr\u00e0ctica de protecci\u00f3","description":"Religi\u00f3 sib\u00e8rico-centreasi\u00e0tica a iWell Guard: xamanisme, tengrisme, tradici\u00f3 burjata, situats des de la ci\u00e8ncia de la religi\u00f3.","robots":{"index":"index","follow":"follow","max-snippet":"max-snippet:-1","max-image-preview":"max-image-preview:large","max-video-preview":"max-video-preview:-1"},"canonical":"https:\/\/iwell-guard.com\/ca\/xamanisme-siberia-i-tengrisme-estepa-taiga\/","og_locale":"ca_ES","og_type":"article","og_title":"Xamanisme sib\u00e8ric i tengrisme \u2013 Estepa i taig\u00e0","og_description":"Religi\u00f3 sib\u00e8rico-centreasi\u00e0tica a iWell Guard: xamanisme, tengrisme, tradici\u00f3 burjata, situats des de la ci\u00e8ncia de la religi\u00f3.","og_url":"https:\/\/iwell-guard.com\/ca\/xamanisme-siberia-i-tengrisme-estepa-taiga\/","og_site_name":"iWell Guard","article_modified_time":"2026-09-05T16:03:54+00:00","og_image":[{"width":1024,"height":1536,"url":"https:\/\/iwell-guard.com\/wp-content\/uploads\/2026\/05\/goetter_sibirisch-tengrismus_tengri.webp","type":"image\/webp"}],"twitter_card":"summary_large_image","schema":{"@context":"https:\/\/schema.org","@graph":[{"@type":"WebPage","@id":"https:\/\/iwell-guard.com\/ca\/xamanisme-siberia-i-tengrisme-estepa-taiga\/","url":"https:\/\/iwell-guard.com\/ca\/xamanisme-siberia-i-tengrisme-estepa-taiga\/","name":"Sib\u00e8ria \u2013 Xamanisme, tengrisme i pr\u00e0ctica de protecci\u00f3","isPartOf":{"@id":"https:\/\/iwell-guard.com\/ca\/#website"},"primaryImageOfPage":{"@id":"https:\/\/iwell-guard.com\/ca\/xamanisme-siberia-i-tengrisme-estepa-taiga\/#primaryimage"},"image":{"@id":"https:\/\/iwell-guard.com\/ca\/xamanisme-siberia-i-tengrisme-estepa-taiga\/#primaryimage"},"thumbnailUrl":"https:\/\/iwell-guard.com\/wp-content\/uploads\/2026\/05\/goetter_sibirisch-tengrismus_tengri.webp","datePublished":"2026-09-05T15:41:17+00:00","dateModified":"2026-09-05T16:03:54+00:00","description":"Religi\u00f3 sib\u00e8rico-centreasi\u00e0tica a iWell Guard: xamanisme, tengrisme, tradici\u00f3 burjata, situats des de la ci\u00e8ncia de la religi\u00f3.","breadcrumb":{"@id":"https:\/\/iwell-guard.com\/ca\/xamanisme-siberia-i-tengrisme-estepa-taiga\/#breadcrumb"},"inLanguage":"ca","potentialAction":[{"@type":"ReadAction","target":["https:\/\/iwell-guard.com\/ca\/xamanisme-siberia-i-tengrisme-estepa-taiga\/"]}]},{"@type":"ImageObject","inLanguage":"ca","@id":"https:\/\/iwell-guard.com\/ca\/xamanisme-siberia-i-tengrisme-estepa-taiga\/#primaryimage","url":"https:\/\/iwell-guard.com\/wp-content\/uploads\/2026\/05\/goetter_sibirisch-tengrismus_tengri.webp","contentUrl":"https:\/\/iwell-guard.com\/wp-content\/uploads\/2026\/05\/goetter_sibirisch-tengrismus_tengri.webp","width":1024,"height":1536,"caption":"D\u00e9us de la tradici\u00f3 siberiana-tengrista."},{"@type":"BreadcrumbList","@id":"https:\/\/iwell-guard.com\/ca\/xamanisme-siberia-i-tengrisme-estepa-taiga\/#breadcrumb","itemListElement":[{"@type":"ListItem","position":1,"name":"Start","item":"https:\/\/iwell-guard.com\/ca\/?page_id=171333"},{"@type":"ListItem","position":2,"name":"Xamanisme sib\u00e8ric i tengrisme \u2013 Estepa i taig\u00e0"}]},{"@type":"WebSite","@id":"https:\/\/iwell-guard.com\/ca\/#website","url":"https:\/\/iwell-guard.com\/ca\/","name":"iWell Guard","description":"Schutz vor dunklen Einfl\u00fcssen","publisher":{"@id":"https:\/\/iwell-guard.com\/ca\/#organization"},"potentialAction":[{"@type":"SearchAction","target":{"@type":"EntryPoint","urlTemplate":"https:\/\/iwell-guard.com\/ca\/?s={search_term_string}"},"query-input":{"@type":"PropertyValueSpecification","valueRequired":true,"valueName":"search_term_string"}}],"inLanguage":"ca"},{"@type":"Organization","@id":"https:\/\/iwell-guard.com\/ca\/#organization","name":"Ittermann electronic GmbH","url":"https:\/\/iwell-guard.com\/ca\/","logo":{"@type":"ImageObject","inLanguage":"ca","@id":"https:\/\/iwell-guard.com\/ca\/#\/schema\/logo\/image\/","url":"https:\/\/iwell-guard.com\/wp-content\/uploads\/2026\/05\/Ittermann-Logo-1182x237-1.png","contentUrl":"https:\/\/iwell-guard.com\/wp-content\/uploads\/2026\/05\/Ittermann-Logo-1182x237-1.png","width":1182,"height":237,"caption":"Ittermann electronic GmbH"},"image":{"@id":"https:\/\/iwell-guard.com\/ca\/#\/schema\/logo\/image\/"},"sameAs":["https:\/\/pantip.com\/profile\/9367242","https:\/\/micro.blog\/iwellguard","https:\/\/www.diggerslist.com\/iwellguard\/about","https:\/\/skitterphoto.com\/photographers\/2870314\/iwell-guard","https:\/\/iwellguard.wordpress.com\/2026\/06\/06\/iwell-guard\/","https:\/\/hub.docker.com\/u\/iwellguard","https:\/\/www.pinterest.com\/iwellguard\/","https:\/\/bit.ly\/m\/iwellguard","https:\/\/entre-vos-mains.alsace.eu\/profiles\/iwellguard\/activity","https:\/\/gravatar.com\/reallybeded8fd34","https:\/\/naijamatta.com\/iwellguard","https:\/\/www.goodreads.com\/iwellguard","https:\/\/profile.hatena.ne.jp\/iwellguard\/","https:\/\/experiment.com\/users\/iwellguard","https:\/\/wakelet.com\/@iWellGuard82270","https:\/\/www.chordie.com\/forum\/profile.php?id=2555664","https:\/\/www.instapaper.com\/p\/17757966","https:\/\/www.mapleprimes.com\/users\/iwellguard","https:\/\/businesslistingplus.com\/profile\/iwell-guard\/","https:\/\/telegra.ph\/iWell-Guard-06-06","https:\/\/pbase.com\/iwellguard\/iwellguard","https:\/\/b.hatena.ne.jp\/iwellguard\/20260607#bookmark-4788405196491818882","https:\/\/fliphtml5.com\/home\/iwellguard","https:\/\/anyflip.com\/homepage\/cmiwl#About","https:\/\/transfur.com\/Users\/iwellguard","http:\/\/delphi.larsbo.org\/user\/iwellguard","https:\/\/jobs.lajobsportal.org\/profiles\/8380803-iwell-guard","https:\/\/md.chaosdorf.de\/s\/jfbe5SBdJD","https:\/\/www.lingvolive.com\/en-us\/profile\/9ecaeaca-ce11-4e51-9e71-01d55e2bff36\/translations","https:\/\/www.fitday.com\/fitness\/forums\/members\/iwellguard.html","https:\/\/www.mymeetbook.com\/iwellguard","https:\/\/pxhere.com\/en\/photographer-me\/5040798","https:\/\/disqus.com\/by\/iwellguard\/about\/","https:\/\/pastelink.net\/hjwciqwq","https:\/\/pubhtml5.com\/homepage\/scjhn\/","https:\/\/www.bitchute.com\/channel\/2O2eOKzNqujT","https:\/\/audiomack.com\/iwellguard"]}]}},"_links":{"self":[{"href":"https:\/\/iwell-guard.com\/ca\/wp-json\/wp\/v2\/pages\/171667","targetHints":{"allow":["GET"]}}],"collection":[{"href":"https:\/\/iwell-guard.com\/ca\/wp-json\/wp\/v2\/pages"}],"about":[{"href":"https:\/\/iwell-guard.com\/ca\/wp-json\/wp\/v2\/types\/page"}],"author":[{"embeddable":true,"href":"https:\/\/iwell-guard.com\/ca\/wp-json\/wp\/v2\/users\/3"}],"replies":[{"embeddable":true,"href":"https:\/\/iwell-guard.com\/ca\/wp-json\/wp\/v2\/comments?post=171667"}],"version-history":[{"count":0,"href":"https:\/\/iwell-guard.com\/ca\/wp-json\/wp\/v2\/pages\/171667\/revisions"}],"wp:featuredmedia":[{"embeddable":true,"href":"https:\/\/iwell-guard.com\/ca\/wp-json\/wp\/v2\/media\/2857"}],"wp:attachment":[{"href":"https:\/\/iwell-guard.com\/ca\/wp-json\/wp\/v2\/media?parent=171667"}],"wp:term":[{"taxonomy":"category","embeddable":true,"href":"https:\/\/iwell-guard.com\/ca\/wp-json\/wp\/v2\/categories?post=171667"}],"curies":[{"name":"wp","href":"https:\/\/api.w.org\/{rel}","templated":true}]}}