{"id":171666,"date":"2026-09-05T15:41:17","date_gmt":"2026-09-05T15:41:17","guid":{"rendered":"https:\/\/iwell-guard.com\/?page_id=171666"},"modified":"2026-09-05T16:03:54","modified_gmt":"2026-09-05T16:03:54","slug":"fenicis-cartago-baal-tanit-proteccio","status":"publish","type":"page","link":"https:\/\/iwell-guard.com\/ca\/fenicis-cartago-baal-tanit-proteccio\/","title":{"rendered":"Fenicis i Cartago \u2013 Baal, Tanit i tradici\u00f3 de protecci\u00f3"},"content":{"rendered":"\t\t<div data-elementor-type=\"wp-page\" data-elementor-id=\"171666\" class=\"elementor elementor-171666 elementor-2569 elementor-bc-flex-widget\" data-elementor-post-type=\"page\">\n\t\t\t\t<div class=\"elementor-element elementor-element-iwgcn-phoenizisc-hero iwg-kultur-hero e-flex e-con-boxed e-con e-parent\" data-id=\"iwgcn-phoenizisc-hero\" data-element_type=\"container\" data-e-type=\"container\">\n\t\t\t\t\t<div class=\"e-con-inner\">\n\t\t<div class=\"elementor-element elementor-element-iwgcn-phoenizisc-hl iwg-kultur-hero-left e-flex e-con-boxed e-con e-child\" data-id=\"iwgcn-phoenizisc-hl\" data-element_type=\"container\" data-e-type=\"container\">\n\t\t\t\t\t<div class=\"e-con-inner\">\n\t\t\t\t<div class=\"elementor-element elementor-element-iwgcn-phoenizisc-h1 elementor-widget elementor-widget-heading\" data-id=\"iwgcn-phoenizisc-h1\" data-element_type=\"widget\" data-e-type=\"widget\" data-widget_type=\"heading.default\">\n\t\t\t\t\t<h1 class=\"elementor-heading-title elementor-size-default\">D\u00e9us fenicis, Baal, Astart\u00e9 i el pante\u00f3 de Cartago<\/h1>\t\t\t\t<\/div>\n\t\t<div class=\"elementor-element elementor-element-iwgcn-phoenizisc-leadc e-con-full e-flex e-con e-child\" data-id=\"iwgcn-phoenizisc-leadc\" data-element_type=\"container\" data-e-type=\"container\">\n\t\t\t\t<div class=\"elementor-element elementor-element-iwgcn-phoenizisc-lead elementor-widget elementor-widget-text-editor\" data-id=\"iwgcn-phoenizisc-lead\" data-element_type=\"widget\" data-e-type=\"widget\" data-widget_type=\"text-editor.default\">\n\t\t\t\t\t\t\t\t\t<p>Els fenicis, habitants de la costa oriental de la Mediterr\u00e0nia (avui el L\u00edban, el nord d&#8217;Israel, S\u00edria) des de finals del segon mil\u00b7lenni a. e. c., van ser els grans navegants i comerciants de l&#8217;<span class=\"iwg-fachbegriff\" data-tooltip=\"\u00c8poca de la cultura grega i romana, aproximadament del 800 a. C. al 600 d. C.\" tabindex=\"0\">Antiguitat<\/span>. Les seves col\u00f2nies, sobretot Cartago (fundada el 814 a. e. c.), Gades i Cartago Nova, van escampar la religi\u00f3 fen\u00edcia per tota la Mediterr\u00e0nia.<\/p><p>Baal, Astart\u00e9, Melqart i Tanit ocupaven el centre d&#8217;un culte que unia navegaci\u00f3, ciutat i reialesa.<\/p>\n<p class=\"iwg-kwfix\">El pante\u00f3 fenici s&#8217;ha transm\u00e8s sobretot a trav\u00e9s de cultes locals i col\u00f2nies com Cartago.<\/p>\t\t\t\t\t\t\t\t<\/div>\n\t\t\t\t<\/div>\n\t\t\t\t\t<\/div>\n\t\t\t\t<\/div>\n\t\t<div class=\"elementor-element elementor-element-iwgcn-phoenizisc-hr iwg-kultur-hero-right e-flex e-con-boxed e-con e-child\" data-id=\"iwgcn-phoenizisc-hr\" data-element_type=\"container\" data-e-type=\"container\">\n\t\t\t\t\t<div class=\"e-con-inner\">\n\t\t\t\t<div class=\"elementor-element elementor-element-iwgcn-phoenizisc-himg iwg-hero-image elementor-widget elementor-widget-image\" data-id=\"iwgcn-phoenizisc-himg\" data-element_type=\"widget\" data-e-type=\"widget\" data-widget_type=\"image.default\">\n\t\t\t\t\t\t\t\t\t\t\t\t\t\t\t<img fetchpriority=\"high\" decoding=\"async\" width=\"683\" height=\"1024\" src=\"https:\/\/iwell-guard.com\/wp-content\/uploads\/2026\/05\/goetter_phoenizisch_baal-hadad-683x1024.webp\" class=\"attachment-large size-large wp-image-2845\" alt=\"Fenicis i Cartago \u2013 Baal, Tanit i tradici\u00f3 de protecci\u00f3\" srcset=\"https:\/\/iwell-guard.com\/wp-content\/uploads\/2026\/05\/goetter_phoenizisch_baal-hadad-683x1024.webp 683w, https:\/\/iwell-guard.com\/wp-content\/uploads\/2026\/05\/goetter_phoenizisch_baal-hadad-200x300.webp 200w, https:\/\/iwell-guard.com\/wp-content\/uploads\/2026\/05\/goetter_phoenizisch_baal-hadad-768x1152.webp 768w, https:\/\/iwell-guard.com\/wp-content\/uploads\/2026\/05\/goetter_phoenizisch_baal-hadad.webp 1024w\" sizes=\"(max-width: 683px) 100vw, 683px\" \/>\t\t\t\t\t\t\t\t\t\t\t\t\t\t\t<\/div>\n\t\t\t\t\t<\/div>\n\t\t\t\t<\/div>\n\t\t\t\t\t<\/div>\n\t\t\t\t<\/div>\n\t\t<div class=\"elementor-element elementor-element-iwgcn-phoenizisc-s0 e-flex e-con-boxed e-con e-parent\" data-id=\"iwgcn-phoenizisc-s0\" data-element_type=\"container\" data-e-type=\"container\">\n\t\t\t\t\t<div class=\"e-con-inner\">\n\t\t\t\t<div class=\"elementor-element elementor-element-iwgcn-phoenizisc-s0h elementor-widget elementor-widget-heading\" data-id=\"iwgcn-phoenizisc-s0h\" data-element_type=\"widget\" data-e-type=\"widget\" data-widget_type=\"heading.default\">\n\t\t\t\t\t<h2 class=\"elementor-heading-title elementor-size-default\">Fen\u00edcia, ciutats i col\u00f2nies<\/h2>\t\t\t\t<\/div>\n\t\t<div class=\"elementor-element elementor-element-iwgcn-phoenizisc-s0-c e-con-full e-flex e-con e-child\" data-id=\"iwgcn-phoenizisc-s0-c\" data-element_type=\"container\" data-e-type=\"container\">\n\t\t\t\t<div class=\"elementor-element elementor-element-iwgcn-phoenizisc-s0t elementor-widget elementor-widget-text-editor\" data-id=\"iwgcn-phoenizisc-s0t\" data-element_type=\"widget\" data-e-type=\"widget\" data-widget_type=\"text-editor.default\">\n\t\t\t\t\t\t\t\t\t<p>Les ciutats-estat fen\u00edcies, Tir, Sid\u00f3, Biblos, Arwad, Berytus, eren regnes majorit\u00e0riament independents units per una llengua comuna (cananeu-fenici, sem\u00edtic) i una cultura compartida. Es dedicaven al comer\u00e7 d&#8217;alta mar, la tintoreria (porpra), la fabricaci\u00f3 de vidre i el comer\u00e7 de fusta i metalls.<\/p><p>Les seves col\u00f2nies, Cartago, \u00datica, Motya, Tharros, Gades, es van fundar entre els segles IX i VII a. e. c. Cartago es va convertir en un gran imperi que va xocar amb Roma en les guerres p\u00faniques i va caure el 146 a. e. c.<\/p>\n<p class=\"iwg-kwfix\">El pante\u00f3 de Cartago, marcat per la di\u00e0spora libio-p\u00fanica, destaca especialment Baal Hammon i Tanit, i es considera l&#8217;expressi\u00f3 m\u00e9s influent del pante\u00f3 fenici a la Mediterr\u00e0nia occidental.<\/p>\t\t\t\t\t\t\t\t<\/div>\n\t\t\t\t<\/div>\n\t\t\t\t\t<\/div>\n\t\t\t\t<\/div>\n\t\t<div class=\"elementor-element elementor-element-iwgcn-phoenizisc-s1 e-flex e-con-boxed e-con e-parent\" data-id=\"iwgcn-phoenizisc-s1\" data-element_type=\"container\" data-e-type=\"container\">\n\t\t\t\t\t<div class=\"e-con-inner\">\n\t\t\t\t<div class=\"elementor-element elementor-element-iwgcn-phoenizisc-s1h elementor-widget elementor-widget-heading\" data-id=\"iwgcn-phoenizisc-s1h\" data-element_type=\"widget\" data-e-type=\"widget\" data-widget_type=\"heading.default\">\n\t\t\t\t\t<h2 class=\"elementor-heading-title elementor-size-default\">Pante\u00f3, Baal, Astart\u00e9, Melqart, Eixmun<\/h2>\t\t\t\t<\/div>\n\t\t<div class=\"elementor-element elementor-element-iwgcn-phoenizisc-s1-c e-con-full e-flex e-con e-child\" data-id=\"iwgcn-phoenizisc-s1-c\" data-element_type=\"container\" data-e-type=\"container\">\n\t\t\t\t<div class=\"elementor-element elementor-element-iwgcn-phoenizisc-s1t elementor-widget elementor-widget-text-editor\" data-id=\"iwgcn-phoenizisc-s1t\" data-element_type=\"widget\" data-e-type=\"widget\" data-widget_type=\"text-editor.default\">\n\t\t\t\t\t\t\t\t\t<p>Baal (que significa \u00absenyor\u00bb) no \u00e9s un \u00fanic d\u00e9u, sin\u00f3 un t\u00edtol: Baal Shamim (cel), Baal Hadad (temps atmosf\u00e8ric), Baal Hammon (Cartago), Baal Melqart (Tir). Astart\u00e9 \u00e9s la deessa m\u00e9s important, de l&#8217;amor, la fertilitat i la guerra, amb <span class=\"iwg-fachbegriff\" data-tooltip=\"Una construcci\u00f3 dedicada a la veneraci\u00f3 d'una o m\u00e9s divinitats.\" tabindex=\"0\">temple<\/span> propi a Sid\u00f3 i Aphaca.<\/p><p>Melqart (pr\u00f2piament Milk-Qart, \u00abrei de la ciutat\u00bb) \u00e9s el d\u00e9u protector de Tir, associat a un ritu de mort i resurrecci\u00f3 primaveral. Eixmun, a Sid\u00f3, \u00e9s d\u00e9u de la sanaci\u00f3, i el seu <span class=\"iwg-fachbegriff\" data-tooltip=\"Un lloc sagrat dedicat a la veneraci\u00f3 d'una divinitat.\" tabindex=\"0\">santuari<\/span> a Bostan e\u0161-\u0160\u0113h era un gran centre de pelegrinatge. A Cartago, Tanit apareix com el \u00abrostre de Baal\u00bb, equiparada a Baal Hammon.<\/p>\n<p class=\"iwg-kwfix\">A la Mediterr\u00e0nia occidental, va ser sobretot Cartago qui va configurar la imatge del pante\u00f3 fenici: la di\u00e0spora libio-p\u00fanica va situar Baal Hammon i Tanit al centre del seu culte.<\/p>\t\t\t\t\t\t\t\t<\/div>\n\t\t\t\t<\/div>\n\t\t\t\t\t<\/div>\n\t\t\t\t<\/div>\n\t\t<div class=\"elementor-element elementor-element-iwgcn-phoenizisc-s2 e-flex e-con-boxed e-con e-parent\" data-id=\"iwgcn-phoenizisc-s2\" data-element_type=\"container\" data-e-type=\"container\">\n\t\t\t\t\t<div class=\"e-con-inner\">\n\t\t\t\t<div class=\"elementor-element elementor-element-iwgcn-phoenizisc-s2h elementor-widget elementor-widget-heading\" data-id=\"iwgcn-phoenizisc-s2h\" data-element_type=\"widget\" data-e-type=\"widget\" data-widget_type=\"heading.default\">\n\t\t\t\t\t<h2 class=\"elementor-heading-title elementor-size-default\">Tanit, Baal Hammon i el Tofet<\/h2>\t\t\t\t<\/div>\n\t\t<div class=\"elementor-element elementor-element-iwgcn-phoenizisc-s2-c e-con-full e-flex e-con e-child\" data-id=\"iwgcn-phoenizisc-s2-c\" data-element_type=\"container\" data-e-type=\"container\">\n\t\t\t\t<div class=\"elementor-element elementor-element-iwgcn-phoenizisc-s2t elementor-widget elementor-widget-text-editor\" data-id=\"iwgcn-phoenizisc-s2t\" data-element_type=\"widget\" data-e-type=\"widget\" data-widget_type=\"text-editor.default\">\n\t\t\t\t\t\t\t\t\t<p>A Cartago, Tanit (Tanit Pene Baal) es va convertir en la deessa suprema. El seu <span class=\"iwg-fachbegriff\" data-tooltip=\"Un signe que representa una idea o un significat.\" tabindex=\"0\">s\u00edmbol<\/span>, una figura femenina estilitzada amb els bra\u00e7os al\u00e7ats, el tronc triangular i el cap circular, decorava esteles, mosaics i penjolls port\u00e0tils.<\/p><p>Els jaciments del Tofet a Cartago, Motya i altres col\u00f2nies p\u00faniques s\u00f3n cementiris de nadons i infants petits amb inscripcions que testimonien <span class=\"iwg-fachbegriff\" data-tooltip=\"Ofrena a una divinitat per expressar gratitud, petici\u00f3 o veneraci\u00f3.\" tabindex=\"0\">ofrenes<\/span> a Tanit i Baal Hammon. La q\u00fcesti\u00f3 de si es van practicar realment sacrificis infantils (mlk) o si les esteles commemoren infants morts per causes naturals \u00e9s objecte de debat en l&#8217;\u00e0mbit de l&#8217;estudi de les religions.<\/p>\t\t\t\t\t\t\t\t<\/div>\n\t\t\t\t<\/div>\n\t\t\t\t\t<\/div>\n\t\t\t\t<\/div>\n\t\t<div class=\"elementor-element elementor-element-iwgcn-phoenizisc-s3 e-flex e-con-boxed e-con e-parent\" data-id=\"iwgcn-phoenizisc-s3\" data-element_type=\"container\" data-e-type=\"container\">\n\t\t\t\t\t<div class=\"e-con-inner\">\n\t\t\t\t<div class=\"elementor-element elementor-element-iwgcn-phoenizisc-s3h elementor-widget elementor-widget-heading\" data-id=\"iwgcn-phoenizisc-s3h\" data-element_type=\"widget\" data-e-type=\"widget\" data-widget_type=\"heading.default\">\n\t\t\t\t\t<h2 class=\"elementor-heading-title elementor-size-default\">Mitologia, els textos d'Ugarit com a clau<\/h2>\t\t\t\t<\/div>\n\t\t<div class=\"elementor-element elementor-element-iwgcn-phoenizisc-s3-c e-con-full e-flex e-con e-child\" data-id=\"iwgcn-phoenizisc-s3-c\" data-element_type=\"container\" data-e-type=\"container\">\n\t\t\t\t<div class=\"elementor-element elementor-element-iwgcn-phoenizisc-s3t elementor-widget elementor-widget-text-editor\" data-id=\"iwgcn-phoenizisc-s3t\" data-element_type=\"widget\" data-e-type=\"widget\" data-widget_type=\"text-editor.default\">\n\t\t\t\t\t\t\t\t\t<p>La <span class=\"iwg-fachbegriff\" data-tooltip=\"El conjunt de relats sobre d\u00e9us transmesos per una cultura.\" tabindex=\"0\">mitologia<\/span> fen\u00edcia nom\u00e9s s&#8217;ha transm\u00e8s de manera fragment\u00e0ria (Fil\u00f3 de Biblos, citacions eusebianes). La font clau \u00e9s la molt propera Ugarit (Ras Shamra, segle XIV a. e. c.), on les tauletes d&#8217;argila trobades transmeten el cicle de Baal: la lluita de Baal contra el d\u00e9u del mar Yam, contra el d\u00e9u de la mort Mot, la seva mort i la seva resurrecci\u00f3.<\/p><p>Aquests relats configuren el rerefons imaginatiu de la B\u00edblia hebrea (on Baal apareix com a rival de JHWH) i dels mites posteriors d&#8217;Adonis.<\/p>\t\t\t\t\t\t\t\t<\/div>\n\t\t\t\t<\/div>\n\t\t\t\t\t<\/div>\n\t\t\t\t<\/div>\n\t\t<div class=\"elementor-element elementor-element-iwgcn-phoenizisc-s4 e-flex e-con-boxed e-con e-parent\" data-id=\"iwgcn-phoenizisc-s4\" data-element_type=\"container\" data-e-type=\"container\">\n\t\t\t\t\t<div class=\"e-con-inner\">\n\t\t\t\t<div class=\"elementor-element elementor-element-iwgcn-phoenizisc-s4h elementor-widget elementor-widget-heading\" data-id=\"iwgcn-phoenizisc-s4h\" data-element_type=\"widget\" data-e-type=\"widget\" data-widget_type=\"heading.default\">\n\t\t\t\t\t<h2 class=\"elementor-heading-title elementor-size-default\">Objectes de protecci\u00f3, ulls, mans, s\u00edmbol de Tanit<\/h2>\t\t\t\t<\/div>\n\t\t<div class=\"elementor-element elementor-element-iwgcn-phoenizisc-s4-c e-con-full e-flex e-con e-child\" data-id=\"iwgcn-phoenizisc-s4-c\" data-element_type=\"container\" data-e-type=\"container\">\n\t\t\t\t<div class=\"elementor-element elementor-element-iwgcn-phoenizisc-s4t elementor-widget elementor-widget-text-editor\" data-id=\"iwgcn-phoenizisc-s4t\" data-element_type=\"widget\" data-e-type=\"widget\" data-widget_type=\"text-editor.default\">\n\t\t\t\t\t\t\t\t\t<p>Els fenicis i els cartaginesos treballaven amb una fina fabricaci\u00f3 de vidre i orfebreria, i produ\u00efen penjolls de protecci\u00f3 d&#8217;una gran varietat: talismans d&#8217;ull (precursors de l&#8217;actual nazar boncuk), amulets de m\u00e0 (precursors de l&#8217;hamsa), penjolls amb el <span class=\"iwg-fachbegriff\" data-tooltip=\"Un signe que representa una idea o un significat.\" tabindex=\"0\">s\u00edmbol<\/span> de Tanit, escarabeus (d&#8217;influ\u00e8ncia eg\u00edpcia), figuretes de Bes (tamb\u00e9 importades d&#8217;Egipte) i penjolls en forma de mitja lluna (lunulae). L&#8217;abast transcultural dels objectes de protecci\u00f3 fenicis \u00e9s enorme, des d&#8217;Espanya fins a Mesopot\u00e0mia.<\/p>\t\t\t\t\t\t\t\t<\/div>\n\t\t\t\t<\/div>\n\t\t\t\t\t<\/div>\n\t\t\t\t<\/div>\n\t\t<div class=\"elementor-element elementor-element-x-phoenizisch-s-faq e-flex e-con-boxed e-con e-parent\" data-id=\"x-phoenizisch-s-faq\" data-element_type=\"container\" data-e-type=\"container\">\n\t\t\t\t\t<div class=\"e-con-inner\">\n\t\t\t\t<div class=\"elementor-element elementor-element-x-phoenizisch-h-faq elementor-widget elementor-widget-heading\" data-id=\"x-phoenizisch-h-faq\" data-element_type=\"widget\" data-e-type=\"widget\" data-widget_type=\"heading.default\">\n\t\t\t\t\t<h2 class=\"elementor-heading-title elementor-size-default\">Preguntes freq\u00fcents sobre els d\u00e9us fenicis<\/h2>\t\t\t\t<\/div>\n\t\t<div class=\"elementor-element elementor-element-iwgcn-phoenizisc-s4-c e-con-full e-flex e-con e-child\" data-id=\"iwgcn-phoenizisc-s4-c\" data-element_type=\"container\" data-e-type=\"container\">\n\t\t\t\t<div class=\"elementor-element elementor-element-x-phoenizisch-t-faq elementor-widget elementor-widget-text-editor\" data-id=\"x-phoenizisch-t-faq\" data-element_type=\"widget\" data-e-type=\"widget\" data-widget_type=\"text-editor.default\">\n\t\t\t\t\t\t\t\t\t<h3>Quants d\u00e9us fenicis hi ha?<\/h3>\n<p>Es coneixen entre 30 i 40 d\u00e9us amb nom a partir de fonts fenicio-canaanites, documentats sobretot pels textos d&#8217;Ugarit (segle XIII a. C.) i per esments b\u00edblics. Els principals d\u00e9us s\u00f3n El (pare), Baal (fill del tro), Aixera (mare), Astart\u00e9\/Anat (amor\/guerra), Melqart (d\u00e9u-rei de la ciutat), Eixmun (curaci\u00f3), Yamm (caos del mar) i Mot (mort).<\/p>\n<h3>Qui \u00e9s Baal a la B\u00edblia?<\/h3>\n<p>A la B\u00edblia hebrea, Baal \u00e9s el principal adversari de Jahv\u00e8, i els profetes israelites lluiten contra el seu culte. L&#8217;episodi m\u00e9s conegut \u00e9s la confrontaci\u00f3 al mont Carmel (1 Reis 18), on Elies ven\u00e7 450 sacerdots de Baal. Al Nou Testament, Belzeb\u00fa (Baal-Zebul) es va convertir en sin\u00f2nim del diable.<\/p>\n<h3>Qui eren els fenicis?<\/h3>\n<p>Els fenicis eren un poble semita de navegants de la Mediterr\u00e0nia oriental (actualment L\u00edban, S\u00edria i la costa d&#8217;Israel), organitzats en ciutats estat com Tir, Sid\u00f3 i Biblos. Van fundar Cartago (a l&#8217;actual Tun\u00edsia, l&#8217;any 814 a. C.), que va esdevenir un imperi mediterrani fins que Roma la va destruir l&#8217;any 146 a. C. Van inventar l&#8217;alfabet fenici, base dels alfabets grec, llat\u00ed, hebreu i \u00e0rab.<\/p>\n<h3>Qu\u00e8 \u00e9s el tofet?<\/h3>\n<p>El tofet (de l&#8217;hebreu, tambor) eren santuaris fenicio-cartaginesos on se sacrificaven infants, sobretot en els ritus molk dedicats a Baal Hammon. Les troballes arqueol\u00f2giques de Cartago, Sardenya i Sic\u00edlia mostren desenes de milers d&#8217;urnes de nadons. Aquesta pr\u00e0ctica \u00e9s discutida en l&#8217;\u00e0mbit de la ci\u00e8ncia de la religi\u00f3: alguns hi veuen mortalitat infantil, altres hi veuen <span class=\"iwg-fachbegriff\" data-tooltip=\"Ofrena a una divinitat per expressar gratitud, s\u00faplica o veneraci\u00f3.\" tabindex=\"0\">sacrificis<\/span> reals. La B\u00edblia hebrea condemna aquesta pr\u00e0ctica (Lev\u00edtic 18,21) i anomena la vall d&#8217;Hinnom, a Jerusalem, com a tofet.<\/p>\n<script type=\"application\/ld+json\">{\"@context\":\"https:\/\/schema.org\",\"@type\":\"FAQPage\",\"mainEntity\":[{\"@type\":\"Question\",\"name\":\"Quants d\u00e9us fenicis hi ha?\",\"acceptedAnswer\":{\"@type\":\"Answer\",\"text\":\"Es coneixen entre 30 i 40 d\u00e9us amb nom a partir de fonts fenicio-canaanites, documentats sobretot pels textos d'Ugarit (segle XIII a. C.) i per esments b\u00edblics. Els principals d\u00e9us s\u00f3n El (pare), Baal (fill del tro), Aixera (mare), Astart\u00e9\/Anat (amor\/guerra), Melqart (d\u00e9u-rei de la ciutat), Eixmun (curaci\u00f3), Yamm (caos del mar) i Mot (mort).\"}},{\"@type\":\"Question\",\"name\":\"Qui \u00e9s Baal a la B\u00edblia?\",\"acceptedAnswer\":{\"@type\":\"Answer\",\"text\":\"A la B\u00edblia hebrea, Baal \u00e9s el principal adversari de Jahv\u00e8, i els profetes israelites lluiten contra el seu culte. L'episodi m\u00e9s conegut \u00e9s la confrontaci\u00f3 al mont Carmel (1 Reis 18), on Elies ven\u00e7 450 sacerdots de Baal. Al Nou Testament, Belzeb\u00fa (Baal-Zebul) es va convertir en sin\u00f2nim del diable.\"}},{\"@type\":\"Question\",\"name\":\"Qui eren els fenicis?\",\"acceptedAnswer\":{\"@type\":\"Answer\",\"text\":\"Els fenicis eren un poble semita de navegants de la Mediterr\u00e0nia oriental (actualment L\u00edban, S\u00edria i la costa d'Israel), organitzats en ciutats estat com Tir, Sid\u00f3 i Biblos. Van fundar Cartago (a l'actual Tun\u00edsia, l'any 814 a. C.), que va esdevenir un imperi mediterrani fins que Roma la va destruir l'any 146 a. C. Van inventar l'alfabet fenici, base dels alfabets grec, llat\u00ed, hebreu i \u00e0rab.\"}},{\"@type\":\"Question\",\"name\":\"Qu\u00e8 \u00e9s el tofet?\",\"acceptedAnswer\":{\"@type\":\"Answer\",\"text\":\"El tofet (de l'hebreu, tambor) eren santuaris fenicio-cartaginesos on se sacrificaven infants, sobretot en els ritus molk dedicats a Baal Hammon. Les troballes arqueol\u00f2giques de Cartago, Sardenya i Sic\u00edlia mostren desenes de milers d'urnes de nadons. Aquesta pr\u00e0ctica \u00e9s discutida cient\u00edficament, alguns hi veuen mortalitat infantil, altres hi veuen sacrificis reals. La B\u00edblia hebrea condemna aquesta pr\u00e0ctica (Lev\u00edtic 18,21) i anomena la vall d'Hinnom, a Jerusalem, com a tofet.\"}}]}<\/script>\t\t\t\t\t\t\t\t<\/div>\n\t\t\t\t<\/div>\n\t\t\t\t\t<\/div>\n\t\t\t\t<\/div>\n\t\t<div class=\"elementor-element elementor-element-iwgcn-phoenizisc-s5 e-flex e-con-boxed e-con e-parent\" data-id=\"iwgcn-phoenizisc-s5\" data-element_type=\"container\" data-e-type=\"container\">\n\t\t\t\t\t<div class=\"e-con-inner\">\n\t\t\t\t<div class=\"elementor-element elementor-element-iwgcn-phoenizisc-s5h elementor-widget elementor-widget-heading\" data-id=\"iwgcn-phoenizisc-s5h\" data-element_type=\"widget\" data-e-type=\"widget\" data-widget_type=\"heading.default\">\n\t\t\t\t\t<h2 class=\"elementor-heading-title elementor-size-default\">Transicions, p\u00fanic, neop\u00fanic, cristianisme<\/h2>\t\t\t\t<\/div>\n\t\t<div class=\"elementor-element elementor-element-iwgcn-phoenizisc-s5-c e-con-full e-flex e-con e-child\" data-id=\"iwgcn-phoenizisc-s5-c\" data-element_type=\"container\" data-e-type=\"container\">\n\t\t\t\t<div class=\"elementor-element elementor-element-iwgcn-phoenizisc-s5t elementor-widget elementor-widget-text-editor\" data-id=\"iwgcn-phoenizisc-s5t\" data-element_type=\"widget\" data-e-type=\"widget\" data-widget_type=\"text-editor.default\">\n\t\t\t\t\t\t\t\t\t<p>Despr\u00e9s del 146 aC, la llengua i la religi\u00f3 p\u00faniques van continuar vives a les prov\u00edncies romanes d&#8217;\u00c0frica i Hisp\u00e0nia (inscripcions fins al segle V). El culte a Saturn al nord d&#8217;\u00c0frica rom\u00e0 \u00e9s una continuaci\u00f3 del culte a Baal-Hammon. Agust\u00ed d&#8217;Hipona (354, 430), de formaci\u00f3 nord-africana, encara coneixia personalment la tradici\u00f3 p\u00fanica. La tradici\u00f3 mediterr\u00e0nia de la <span class=\"iwg-fachbegriff\" data-tooltip=\"Pr\u00e0ctiques que pretenen intervenir en el curs dels esdeveniments mitjan\u00e7ant accions o f\u00f3rmules especials.\" tabindex=\"0\">m\u00e0gia<\/span> (defixions, encanteris d&#8217;amor i de maledicci\u00f3) t\u00e9 arrels p\u00faniques profundes.<\/p>\t\t\t\t\t\t\t\t<\/div>\n\t\t\t\t<\/div>\n\t\t\t\t\t<\/div>\n\t\t\t\t<\/div>\n\t\t<div class=\"elementor-element elementor-element-iwgcn-phoenizisc-s6 e-flex e-con-boxed e-con e-parent\" data-id=\"iwgcn-phoenizisc-s6\" data-element_type=\"container\" data-e-type=\"container\">\n\t\t\t\t\t<div class=\"e-con-inner\">\n\t\t\t\t<div class=\"elementor-element elementor-element-iwgcn-phoenizisc-s6h elementor-widget elementor-widget-heading\" data-id=\"iwgcn-phoenizisc-s6h\" data-element_type=\"widget\" data-e-type=\"widget\" data-widget_type=\"heading.default\">\n\t\t\t\t\t<h2 class=\"elementor-heading-title elementor-size-default\">Situaci\u00f3 de les fonts i estat de la investigaci\u00f3<\/h2>\t\t\t\t<\/div>\n\t\t<div class=\"elementor-element elementor-element-iwgcn-phoenizisc-s6-c e-con-full e-flex e-con e-child\" data-id=\"iwgcn-phoenizisc-s6-c\" data-element_type=\"container\" data-e-type=\"container\">\n\t\t\t\t<div class=\"elementor-element elementor-element-iwgcn-phoenizisc-s6t elementor-widget elementor-widget-text-editor\" data-id=\"iwgcn-phoenizisc-s6t\" data-element_type=\"widget\" data-e-type=\"widget\" data-widget_type=\"text-editor.default\">\n\t\t\t\t\t\t\t\t\t<p>Els textos originals fenicis s\u00f3n inscripcions breus; els m\u00e9s importants s\u00f3n el sarc\u00f2fag d&#8217;Ahiram (Biblos), les l\u00e0mines de Pyrgi (a Etr\u00faria, triling\u00fces) i les esteles de Cartago. Obres modernes rellevants: Sabatino Moscati, <em>The Phoenicians<\/em>; Maria Eugenia Aubet, <em>The Phoenicians and the West<\/em>; Glenn Markoe. Els aspectes religiosos es tracten a Corinne Bonnet i Paolo Xella.<\/p>\t\t\t\t\t\t\t\t<\/div>\n\t\t\t\t<\/div>\n\t\t\t\t\t<\/div>\n\t\t\t\t<\/div>\n\t\t<div class=\"elementor-element elementor-element-cp291034c7 e-flex e-con-boxed e-con e-parent\" data-id=\"cp291034c7\" data-element_type=\"container\" data-e-type=\"container\">\n\t\t\t\t\t<div class=\"e-con-inner\">\n\t\t\t\t<div class=\"elementor-element elementor-element-cp266d058f elementor-widget elementor-widget-heading\" data-id=\"cp266d058f\" data-element_type=\"widget\" data-e-type=\"widget\" data-widget_type=\"heading.default\">\n\t\t\t\t\t<h2 class=\"elementor-heading-title elementor-size-default\">Les ciutats estat i els seus d\u00e9us propis<\/h2>\t\t\t\t<\/div>\n\t\t<div class=\"elementor-element elementor-element-cp242aeac8 e-flex e-con-boxed e-con e-child\" data-id=\"cp242aeac8\" data-element_type=\"container\" data-e-type=\"container\">\n\t\t\t\t\t<div class=\"e-con-inner\">\n\t\t\t\t<div class=\"elementor-element elementor-element-cp22b444d8 elementor-widget elementor-widget-text-editor\" data-id=\"cp22b444d8\" data-element_type=\"widget\" data-e-type=\"widget\" data-widget_type=\"text-editor.default\">\n\t\t\t\t\t\t\t\t\t<p>La religi\u00f3 fen\u00edcia no es pot descriure com un sistema unitari, ja que els fenicis mai van formar un estat unificat. S&#8217;organitzaven en ciutats estat independents a la costa del Llevant, sobretot Biblos, Sid\u00f3, Tir i Arados. Cada ciutat tenia la seva pr\u00f2pia constel\u00b7laci\u00f3 de d\u00e9us, encap\u00e7alada sovint per una parella divina formada per un d\u00e9u protector i una deessa.<\/p><p>A Biblos, la m\u00e9s antiga de les ciutats, el centre era la Senyora de Biblos, una deessa que els observadors grecs identificaven amb la seva pr\u00f2pia deessa de l&#8217;amor. A Sid\u00f3 destacaven <a href=\"https:\/\/iwell-guard.com\/ca\/?page_id=171726\">Eixmun<\/a>, un d\u00e9u curador, i la deessa Astart\u00e9; el <span class=\"iwg-fachbegriff\" data-tooltip=\"Lloc sagrat dedicat a la veneraci\u00f3 d'una divinitat.\" tabindex=\"0\">santuari<\/span> d&#8217;Eixmun prop de Sid\u00f3 \u00e9s un dels pocs santuaris fenicis conservats arquitect\u00f2nicament.<\/p><p>Tir venerava <a href=\"https:\/\/iwell-guard.com\/ca\/?page_id=171723\">Melqart<\/a>, el nom del qual significa literalment rei de la ciutat, estretament vinculat a la casa reial. El seu <span class=\"iwg-fachbegriff\" data-tooltip=\"Conjunt de les pr\u00e0ctiques de veneraci\u00f3 religiosa dedicades a una divinitat o figura sagrada.\" tabindex=\"0\">culte<\/span> inclo\u00efa una festa anual en qu\u00e8 se celebrava el despertar del d\u00e9u.<\/p><p>Aquesta vinculaci\u00f3 dels d\u00e9us a una ciutat explica per qu\u00e8 l&#8217;expansi\u00f3 fen\u00edcia pel Mediterrani va ser tamb\u00e9 una difusi\u00f3 religiosa. Els colons portaven amb ells el <span class=\"iwg-fachbegriff\" data-tooltip=\"Conjunt de les pr\u00e0ctiques de veneraci\u00f3 religiosa dedicades a una divinitat o figura sagrada.\" tabindex=\"0\">culte<\/span> de la seva ciutat mare. Aix\u00ed, el Melqart de Tir va esdevenir el d\u00e9u principal de Cartago i va ser venerat fins a Gades, a l&#8217;actual Espanya.<\/p><p>La recerca en hist\u00f2ria de les religions, com els treballs de Corinne Bonnet, ha mostrat que aquests d\u00e9us no van romandre r\u00edgids, sin\u00f3 que es van adaptar al context local corresponent.<\/p>\t\t\t\t\t\t\t\t<\/div>\n\t\t\t\t\t<\/div>\n\t\t\t\t<\/div>\n\t\t\t\t\t<\/div>\n\t\t\t\t<\/div>\n\t\t<div class=\"elementor-element elementor-element-cp2eb921f8 e-flex e-con-boxed e-con e-parent\" data-id=\"cp2eb921f8\" data-element_type=\"container\" data-e-type=\"container\">\n\t\t\t\t\t<div class=\"e-con-inner\">\n\t\t\t\t<div class=\"elementor-element elementor-element-cp26c47128 elementor-widget elementor-widget-heading\" data-id=\"cp26c47128\" data-element_type=\"widget\" data-e-type=\"widget\" data-widget_type=\"heading.default\">\n\t\t\t\t\t<h2 class=\"elementor-heading-title elementor-size-default\">La complicada situaci\u00f3 de les fonts i la p\u00e8rdua de la literatura fen\u00edcia<\/h2>\t\t\t\t<\/div>\n\t\t<div class=\"elementor-element elementor-element-cp2e1fe3e8 e-flex e-con-boxed e-con e-child\" data-id=\"cp2e1fe3e8\" data-element_type=\"container\" data-e-type=\"container\">\n\t\t\t\t\t<div class=\"e-con-inner\">\n\t\t\t\t<div class=\"elementor-element elementor-element-cp20c4e10a elementor-widget elementor-widget-text-editor\" data-id=\"cp20c4e10a\" data-element_type=\"widget\" data-e-type=\"widget\" data-widget_type=\"text-editor.default\">\n\t\t\t\t\t\t\t\t\t<p>La reconstrucci\u00f3 de la religi\u00f3 fen\u00edcia pateix un problema fonamental. Els fenicis escrivien sobre papir, que no ha perdurat en el clima humit de la costa. Una literatura religiosa pr\u00f2pia, si va ser extensa, s&#8217;ha perdut gaireb\u00e9 del tot. El que queda s\u00f3n inscripcions sobre material durador, sobretot inscripcions votives, funer\u00e0ries i de construcci\u00f3 sobre pedra i metall.<\/p><p>Aquestes inscripcions s\u00f3n formul\u00e0ries i breus. Esmenten noms de d\u00e9us, donants i motius, per\u00f2 gaireb\u00e9 no donen informaci\u00f3 sobre mites o doctrines.<\/p><p>El text llarg m\u00e9s important \u00e9s el sarc\u00f2fag del rei Eshmunazar de Sid\u00f3, la <span class=\"iwg-fachbegriff\" data-tooltip=\"Un text gravat o esculpit en un suport dur.\" tabindex=\"0\">inscripci\u00f3<\/span> del qual cont\u00e9 maledicions contra els profanadors de tombes i informaci\u00f3 sobre fundacions de temples. De les col\u00f2nies, especialment de Cartago, provenen milers d&#8217;esteles votives, que tamb\u00e9 estan redactades segons un patr\u00f3 fix.<\/p><p>Per als mites i la <span class=\"iwg-fachbegriff\" data-tooltip=\"La doctrina cient\u00edfica sobre D\u00e9u i sobre la fe d'una religi\u00f3.\" tabindex=\"0\">teologia<\/span> depenem de relats externs. El m\u00e9s important \u00e9s l&#8217;anomenada Hist\u00f2ria fen\u00edcia de Fil\u00f3 de Biblos, transmesa nom\u00e9s en fragments pel pare de l&#8217;Esgl\u00e9sia Eusebi. Fil\u00f3 es basava en un autor m\u00e9s antic anomenat Sanchuniat\u00f3.<\/p><p>La fiabilitat d&#8217;aquesta <span class=\"iwg-fachbegriff\" data-tooltip=\"La transmissi\u00f3 de coneixements i relats al llarg de generacions.\" tabindex=\"0\">tradici\u00f3<\/span> es discuteix des de fa temps en la recerca, sobretot perqu\u00e8 Fil\u00f3 va escriure en l&#8217;\u00e8poca imperial romana i va interpretar el seu material a la manera grega. Les troballes de la ciutat nord-siriana d&#8217;Ugarit, emparentada per\u00f2 m\u00e9s antiga i no estrictament fen\u00edcia, aporten paral\u00b7lels valuosos, per\u00f2 no poden traslladar-se sense reserves als fenicis.<\/p>\t\t\t\t\t\t\t\t<\/div>\n\t\t\t\t\t<\/div>\n\t\t\t\t<\/div>\n\t\t\t\t\t<\/div>\n\t\t\t\t<\/div>\n\t\t<div class=\"elementor-element elementor-element-cp26d88466 e-flex e-con-boxed e-con e-parent\" data-id=\"cp26d88466\" data-element_type=\"container\" data-e-type=\"container\">\n\t\t\t\t\t<div class=\"e-con-inner\">\n\t\t\t\t<div class=\"elementor-element elementor-element-cp24571bb5 elementor-widget elementor-widget-heading\" data-id=\"cp24571bb5\" data-element_type=\"widget\" data-e-type=\"widget\" data-widget_type=\"heading.default\">\n\t\t\t\t\t<h2 class=\"elementor-heading-title elementor-size-default\">El Tophet i el debat sobre els sacrificis d'infants<\/h2>\t\t\t\t<\/div>\n\t\t<div class=\"elementor-element elementor-element-cp2c4887e6 e-flex e-con-boxed e-con e-child\" data-id=\"cp2c4887e6\" data-element_type=\"container\" data-e-type=\"container\">\n\t\t\t\t\t<div class=\"e-con-inner\">\n\t\t\t\t<div class=\"elementor-element elementor-element-cp24a9e18f elementor-widget elementor-widget-text-editor\" data-id=\"cp24a9e18f\" data-element_type=\"widget\" data-e-type=\"widget\" data-widget_type=\"text-editor.default\">\n\t\t\t\t\t\t\t\t\t<p>Pocs temes de la religi\u00f3 fen\u00edcia i p\u00fanica s\u00f3n tan controvertits com els anomenats santuaris de Tophet. A Cartago i altres localitats fen\u00edcies occidentals es van trobar recintes emmurallats amb milers d&#8217;urnes que contenien ossos cremats de nadons i animals joves. Sobre les urnes hi havia esteles votives, sovint dedicades als d\u00e9us Baal Hammon i Tinnit.<\/p><p>Autors de l&#8217;<span class=\"iwg-fachbegriff\" data-tooltip=\"\u00c8poca de la cultura grega i romana, aproximadament del 800 a. C. al 600 d. C.\" tabindex=\"0\">antiguitat<\/span> com l&#8217;historiador grec Diodor van descriure sacrificis rituals d&#8217;infants entre els cartaginesos, sovint amb to d&#8217;indignaci\u00f3. Durant molt temps aquesta descripci\u00f3 es va considerar propaganda hostil dels vencedors de Cartago.<\/p><p>Una part de la recerca va interpretar per aix\u00f2 els Tophets com a simples cementiris per a infants morts prematurament. Altres investigadors, basant-se en estudis osteol\u00f2gics i en les f\u00f3rmules de les inscripcions, mantenen la interpretaci\u00f3 com a recinte de sacrifici, on en situacions d&#8217;emerg\u00e8ncia especials o com a compliment d&#8217;un vot es <span class=\"iwg-fachbegriff\" data-tooltip=\"Lliurat al sagrat mitjan\u00e7ant un acte religi\u00f3s i aix\u00ed separat de l'\u00e0mbit quotidi\u00e0.\" tabindex=\"0\">consagraven<\/span> infants.<\/p><p>L&#8217;estat actual de la recerca \u00e9s prudentment matisat. Molt apunta a que al Tophet efectivament van tenir lloc actes de sacrifici, per\u00f2 que aquests no tenien el car\u00e0cter massiu i quotidi\u00e0 que suggeria la pol\u00e8mica <span class=\"iwg-fachbegriff\" data-tooltip=\"\u00c8poca de la cultura grega i romana, aproximadament del 800 a. C. al 600 d. C.\" tabindex=\"0\">antiga<\/span>. La freq\u00fc\u00e8ncia, la difusi\u00f3 regional i el desenvolupament ritual exacte segueixen sense estar clars.<\/p><p>L&#8217;exemple mostra de manera exemplar fins a quin punt la percepci\u00f3 d&#8217;una religi\u00f3 pot estar marcada per les fonts dels seus adversaris i com \u00e9s de dif\u00edcil jutjar una pr\u00e0ctica de la qual s&#8217;ha perdut la seva pr\u00f2pia veu.<\/p>\t\t\t\t\t\t\t\t<\/div>\n\t\t\t\t\t<\/div>\n\t\t\t\t<\/div>\n\t\t\t\t\t<\/div>\n\t\t\t\t<\/div>\n\t\t<div class=\"elementor-element elementor-element-cp2b4b708f e-flex e-con-boxed e-con e-parent\" data-id=\"cp2b4b708f\" data-element_type=\"container\" data-e-type=\"container\">\n\t\t\t\t\t<div class=\"e-con-inner\">\n\t\t\t\t<div class=\"elementor-element elementor-element-cp2bade67c elementor-widget elementor-widget-heading\" data-id=\"cp2bade67c\" data-element_type=\"widget\" data-e-type=\"widget\" data-widget_type=\"heading.default\">\n\t\t\t\t\t<h2 class=\"elementor-heading-title elementor-size-default\">L'expansi\u00f3 pel Mediterrani i la perviv\u00e8ncia posterior<\/h2>\t\t\t\t<\/div>\n\t\t<div class=\"elementor-element elementor-element-cp2e59e6ee e-flex e-con-boxed e-con e-child\" data-id=\"cp2e59e6ee\" data-element_type=\"container\" data-e-type=\"container\">\n\t\t\t\t\t<div class=\"e-con-inner\">\n\t\t\t\t<div class=\"elementor-element elementor-element-cp2b3f4ceb elementor-widget elementor-widget-text-editor\" data-id=\"cp2b3f4ceb\" data-element_type=\"widget\" data-e-type=\"widget\" data-widget_type=\"text-editor.default\">\n\t\t\t\t\t\t\t\t\t<p>La religi\u00f3 fen\u00edcia es va estendre amb el comer\u00e7 i la fundaci\u00f3 de col\u00f2nies per tot el Mediterrani. Es van establir enclavaments a Xipre, Sic\u00edlia, Sardenya, Malta, l&#8217;actual Tun\u00edsia i la costa ib\u00e8rica.<\/p><p>En aquestes col\u00f2nies, el <span class=\"iwg-fachbegriff\" data-tooltip=\"El conjunt d'actes rituals de veneraci\u00f3 dedicats a una divinitat o figura sagrada.\" tabindex=\"0\">culte<\/span> fenici es va trobar amb tradicions locals, i van sorgir diverses formes mixtes. A Xipre, el <span class=\"iwg-fachbegriff\" data-tooltip=\"El conjunt d'actes rituals de veneraci\u00f3 dedicats a una divinitat o figura sagrada.\" tabindex=\"0\">culte<\/span> d&#8217;Astart\u00e9 es va fusionar amb concepcions locals i gregues, un proc\u00e9s que es considera en part responsable de la formaci\u00f3 de l&#8217;Afrodita grega.<\/p><p>Cartago va desenvolupar a partir de l&#8217;her\u00e8ncia t\u00edria una religi\u00f3 p\u00fanica pr\u00f2pia, en la qual Baal Hammon i la deessa Tinnit van passar a un lloc central. Despr\u00e9s de la destrucci\u00f3 de Cartago per Roma l&#8217;any 146 abans de Crist, aquests cultes van perdurar en forma romanitzada.<\/p><p>Baal Hammon es va fusionar amb el Saturn rom\u00e0, i al nord d&#8217;\u00c0frica els santuaris de Saturn van florir fins a l&#8217;\u00e8poca imperial. Melqart tamb\u00e9 es va identificar sovint amb H\u00e8racles, cosa que va assegurar la seva veneraci\u00f3 en llocs com Gades m\u00e9s enll\u00e0 de l&#8217;\u00e8poca fen\u00edcia.<\/p><p>Una perviv\u00e8ncia indirecta per\u00f2 de gran transcend\u00e8ncia es troba en l&#8217;escriptura. L&#8217;alfabet fenici, una escriptura purament conson\u00e0ntica, va ser adoptat pels grecs i ampliat amb signes voc\u00e0lics. A trav\u00e9s del grec i l&#8217;etrusc va arribar finalment al m\u00f3n llat\u00ed.<\/p><p>Tamb\u00e9 \u00e9s hist\u00f2ricament significatiu que molts noms de d\u00e9us i formes de culte dels fenicis estaven estretament relacionats amb els dels israelites ve\u00efns. La confrontaci\u00f3 amb el <span class=\"iwg-fachbegriff\" data-tooltip=\"El conjunt d'actes rituals de veneraci\u00f3 dedicats a una divinitat o figura sagrada.\" tabindex=\"0\">culte<\/span> a Baal que descriu l&#8217;Antic Testament \u00e9s, per tant, alhora una font important, encara que parcial, per a la religi\u00f3 del Llevant.<\/p>\t\t\t\t\t\t\t\t<\/div>\n\t\t\t\t\t<\/div>\n\t\t\t\t<\/div>\n\t\t\t\t\t<\/div>\n\t\t\t\t<\/div>\n\t\t<div class=\"elementor-element elementor-element-iwgha-phoenizisch-sec e-flex e-con-boxed e-con e-parent\" data-id=\"iwgha-phoenizisch-sec\" data-element_type=\"container\" data-e-type=\"container\">\n\t\t\t\t\t<div class=\"e-con-inner\">\n\t\t\t\t<div class=\"elementor-element elementor-element-iwgha-phoenizisch-h elementor-widget elementor-widget-heading\" data-id=\"iwgha-phoenizisch-h\" data-element_type=\"widget\" data-e-type=\"widget\" data-widget_type=\"heading.default\">\n\t\t\t\t\t<h2 class=\"elementor-heading-title elementor-size-default\">\u00c9ssers d'aquesta tradici\u00f3 (11)<\/h2>\t\t\t\t<\/div>\n\t\t<div class=\"elementor-element elementor-element-iwgha-phoenizisch-gc e-flex e-con-boxed e-con e-parent\" data-id=\"iwgha-phoenizisch-gc\" data-element_type=\"container\" data-e-type=\"container\">\n\t\t\t\t\t<div class=\"e-con-inner\">\n\t\t\t\t<div class=\"elementor-element elementor-element-iwgha-phoenizisch-grid elementor-widget elementor-widget-text-editor\" data-id=\"iwgha-phoenizisch-grid\" data-element_type=\"widget\" data-e-type=\"widget\" data-widget_type=\"text-editor.default\">\n\t\t\t\t\t\t\t\t\t<div class=\"iwg-wesen-grid\"><a class=\"iwg-wesen-card\" href=\"https:\/\/iwell-guard.com\/ca\/anat-deessa-guerrera-fenicia\/\" aria-label=\"Anat \u2013 Deessa guerrera fen\u00edcia\"><div class=\"iwg-wesen-card-imgwrap\"><img decoding=\"async\" src=\"https:\/\/iwell-guard.com\/wp-content\/uploads\/2026\/05\/goetter_phoenizisch_anat-phoenix-200x300.webp\" alt=\"Anat \u2013 Deessa guerrera fen\u00edcia\" loading=\"lazy\"><\/div><div class=\"iwg-wesen-card-body\"><div class=\"iwg-wesen-card-name\">Anat \u2013 Deessa guerrera fen\u00edcia<\/div><div class=\"iwg-wesen-card-arrow\">\u2192 A l&#039;\u00e9sser<\/div><\/div><\/a><a class=\"iwg-wesen-card\" href=\"https:\/\/iwell-guard.com\/ca\/astarte-deessa-fenicia\/\" aria-label=\"Astart\u00e9 \u2013 Deessa fen\u00edcia\"><div class=\"iwg-wesen-card-imgwrap\"><img decoding=\"async\" src=\"https:\/\/iwell-guard.com\/wp-content\/uploads\/2026\/05\/goetter_phoenizisch_astarte-phoenix-200x300.webp\" alt=\"Astart\u00e9 \u2013 Deessa fen\u00edcia\" loading=\"lazy\"><\/div><div class=\"iwg-wesen-card-body\"><div class=\"iwg-wesen-card-name\">Astart\u00e9 \u2013 Deessa fen\u00edcia<\/div><div class=\"iwg-wesen-card-arrow\">\u2192 A l&#039;\u00e9sser<\/div><\/div><\/a><a class=\"iwg-wesen-card\" href=\"https:\/\/iwell-guard.com\/ca\/baal-hadad-deu-fenici-tempesta\/\" aria-label=\"Baal-Hadad \u2013 D\u00e9u fenici de la tempesta\"><div class=\"iwg-wesen-card-imgwrap\"><img decoding=\"async\" src=\"https:\/\/iwell-guard.com\/wp-content\/uploads\/2026\/05\/goetter_phoenizisch_baal-hadad-200x300.webp\" alt=\"Baal-Hadad \u2013 D\u00e9u fenici de la tempesta\" loading=\"lazy\"><\/div><div class=\"iwg-wesen-card-body\"><div class=\"iwg-wesen-card-name\">Baal-Hadad \u2013 D\u00e9u fenici de la tempesta<\/div><div class=\"iwg-wesen-card-arrow\">\u2192 A l&#039;\u00e9sser<\/div><\/div><\/a><a class=\"iwg-wesen-card\" href=\"https:\/\/iwell-guard.com\/ca\/baal-hadad-deu-fenici-tempesta\/\" aria-label=\"Baal-Hadad \u2013 D\u00e9u fenici de la tempesta\"><div class=\"iwg-wesen-card-imgwrap\"><img decoding=\"async\" src=\"https:\/\/iwell-guard.com\/wp-content\/uploads\/2026\/05\/goetter_phoenizisch_baal-hadad-200x300.webp\" alt=\"Baal-Hadad \u2013 D\u00e9u fenici de la tempesta\" loading=\"lazy\"><\/div><div class=\"iwg-wesen-card-body\"><div class=\"iwg-wesen-card-name\">Baal-Hadad \u2013 D\u00e9u fenici de la tempesta<\/div><div class=\"iwg-wesen-card-arrow\">\u2192 A l&#039;\u00e9sser<\/div><\/div><\/a><a class=\"iwg-wesen-card\" href=\"https:\/\/iwell-guard.com\/ca\/baal-hammon-alt-deu-cartagines\/\" aria-label=\"Baal-Hammon \u2013 Alt d\u00e9u cartagin\u00e8s\"><div class=\"iwg-wesen-card-imgwrap\"><img decoding=\"async\" src=\"https:\/\/iwell-guard.com\/wp-content\/uploads\/2026\/05\/goetter_phoenizisch_baal-hammon-200x300.webp\" alt=\"Baal-Hammon \u2013 Alt d\u00e9u cartagin\u00e8s\" loading=\"lazy\"><\/div><div class=\"iwg-wesen-card-body\"><div class=\"iwg-wesen-card-name\">Baal-Hammon \u2013 Alt d\u00e9u cartagin\u00e8s<\/div><div class=\"iwg-wesen-card-arrow\">\u2192 A l&#039;\u00e9sser<\/div><\/div><\/a><a class=\"iwg-wesen-card\" href=\"https:\/\/iwell-guard.com\/ca\/eshmun-deu-guaridor-sido\/\" aria-label=\"Eshmun \u2013 D\u00e9u guaridor de Sid\u00f3\"><div class=\"iwg-wesen-card-imgwrap\"><img decoding=\"async\" src=\"https:\/\/iwell-guard.com\/wp-content\/uploads\/2026\/05\/goetter_phoenizisch_eshmun-200x300.webp\" alt=\"Eshmun \u2013 D\u00e9u guaridor de Sid\u00f3\" loading=\"lazy\"><\/div><div class=\"iwg-wesen-card-body\"><div class=\"iwg-wesen-card-name\">Eshmun \u2013 D\u00e9u guaridor de Sid\u00f3<\/div><div class=\"iwg-wesen-card-arrow\">\u2192 A l&#039;\u00e9sser<\/div><\/div><\/a><a class=\"iwg-wesen-card\" href=\"https:\/\/iwell-guard.com\/ca\/eshmun-deu-guaridor-sido\/\" aria-label=\"Eshmun \u2013 D\u00e9u guaridor de Sid\u00f3\"><div class=\"iwg-wesen-card-imgwrap\"><img decoding=\"async\" src=\"https:\/\/iwell-guard.com\/wp-content\/uploads\/2026\/05\/goetter_phoenizisch_eshmun-200x300.webp\" alt=\"Eshmun \u2013 D\u00e9u guaridor de Sid\u00f3\" loading=\"lazy\"><\/div><div class=\"iwg-wesen-card-body\"><div class=\"iwg-wesen-card-name\">Eshmun \u2013 D\u00e9u guaridor de Sid\u00f3<\/div><div class=\"iwg-wesen-card-arrow\">\u2192 A l&#039;\u00e9sser<\/div><\/div><\/a><a class=\"iwg-wesen-card\" href=\"https:\/\/iwell-guard.com\/ca\/melqart-deu-ciutat-de-tir\/\" aria-label=\"Melqart \u2013 D\u00e9u de la ciutat de Tir\"><div class=\"iwg-wesen-card-imgwrap\"><img decoding=\"async\" src=\"https:\/\/iwell-guard.com\/wp-content\/uploads\/2026\/05\/goetter_phoenizisch_melqart-200x300.webp\" alt=\"Melqart \u2013 D\u00e9u de la ciutat de Tir\" loading=\"lazy\"><\/div><div class=\"iwg-wesen-card-body\"><div class=\"iwg-wesen-card-name\">Melqart \u2013 D\u00e9u de la ciutat de Tir<\/div><div class=\"iwg-wesen-card-arrow\">\u2192 A l&#039;\u00e9sser<\/div><\/div><\/a><a class=\"iwg-wesen-card\" href=\"https:\/\/iwell-guard.com\/ca\/mot-deu-fenici-mort\/\" aria-label=\"Mot \u2013 D\u00e9u fenici de la mort\"><div class=\"iwg-wesen-card-imgwrap\"><img decoding=\"async\" src=\"https:\/\/iwell-guard.com\/wp-content\/uploads\/2026\/05\/goetter_phoenizisch_mot-phoenix-200x300.webp\" alt=\"Mot \u2013 D\u00e9u fenici de la mort\" loading=\"lazy\"><\/div><div class=\"iwg-wesen-card-body\"><div class=\"iwg-wesen-card-name\">Mot \u2013 D\u00e9u fenici de la mort<\/div><div class=\"iwg-wesen-card-arrow\">\u2192 A l&#039;\u00e9sser<\/div><\/div><\/a><a class=\"iwg-wesen-card\" href=\"https:\/\/iwell-guard.com\/ca\/reshef-deu-fenici-pesta-guerra\/\" aria-label=\"Reshef \u2013 D\u00e9u fenici de la pesta i la guerra\"><div class=\"iwg-wesen-card-imgwrap\"><img decoding=\"async\" src=\"https:\/\/iwell-guard.com\/wp-content\/uploads\/2026\/05\/goetter_phoenizisch_reshef-200x300.webp\" alt=\"Reshef \u2013 D\u00e9u fenici de la pesta i la guerra\" loading=\"lazy\"><\/div><div class=\"iwg-wesen-card-body\"><div class=\"iwg-wesen-card-name\">Reshef \u2013 D\u00e9u fenici de la pesta i la guerra<\/div><div class=\"iwg-wesen-card-arrow\">\u2192 A l&#039;\u00e9sser<\/div><\/div><\/a><a class=\"iwg-wesen-card\" href=\"https:\/\/iwell-guard.com\/ca\/tanit-deessa-suprema-cartago\/\" aria-label=\"Tanit \u2013 Deessa suprema de Cartago\"><div class=\"iwg-wesen-card-imgwrap\"><img decoding=\"async\" src=\"https:\/\/iwell-guard.com\/wp-content\/uploads\/2026\/05\/goetter_phoenizisch_tanit-200x300.webp\" alt=\"Tanit \u2013 Deessa suprema de Cartago\" loading=\"lazy\"><\/div><div class=\"iwg-wesen-card-body\"><div class=\"iwg-wesen-card-name\">Tanit \u2013 Deessa suprema de Cartago<\/div><div class=\"iwg-wesen-card-arrow\">\u2192 A l&#039;\u00e9sser<\/div><\/div><\/a><a class=\"iwg-wesen-card\" href=\"https:\/\/iwell-guard.com\/ca\/yam-deu-fenici-mar\/\" aria-label=\"Yam \u2013 D\u00e9u fenici del mar\"><div class=\"iwg-wesen-card-imgwrap\"><img decoding=\"async\" src=\"https:\/\/iwell-guard.com\/wp-content\/uploads\/2026\/05\/goetter_phoenizisch_yam-200x300.webp\" alt=\"Yam \u2013 D\u00e9u fenici del mar\" loading=\"lazy\"><\/div><div class=\"iwg-wesen-card-body\"><div class=\"iwg-wesen-card-name\">Yam \u2013 D\u00e9u fenici del mar<\/div><div class=\"iwg-wesen-card-arrow\">\u2192 A l&#039;\u00e9sser<\/div><\/div><\/a><\/div>\t\t\t\t\t\t\t\t<\/div>\n\t\t\t\t\t<\/div>\n\t\t\t\t<\/div>\n\t\t\t\t\t<\/div>\n\t\t\t\t<\/div>\n\t\t<div class=\"elementor-element elementor-element-iwgkw2-add-phoenizisch e-flex e-con-boxed e-con e-parent\" data-id=\"iwgkw2-add-phoenizisch\" data-element_type=\"container\" data-e-type=\"container\">\n\t\t\t\t\t<div class=\"e-con-inner\">\n\t\t\t\t<div class=\"elementor-element elementor-element-iwgkw2-add-phoenizisch-t elementor-widget elementor-widget-text-editor\" data-id=\"iwgkw2-add-phoenizisch-t\" data-element_type=\"widget\" data-e-type=\"widget\" data-widget_type=\"text-editor.default\">\n\t\t\t\t\t\t\t\t\t<p>La <em>pr\u00e0ctica protectora<\/em> fen\u00edcia combinava amulets de pasta de vidre, s\u00edmbols de Tanit i caps de Bes amb altars dom\u00e8stics per a Baal i Astart\u00e9; les troballes arqueol\u00f2giques de Cartago, Sid\u00f3 i Sardenya evidencien una xarxa densa de signes de protecci\u00f3 quotidians.<\/p>\t\t\t\t\t\t\t\t<\/div>\n\t\t\t\t\t<\/div>\n\t\t\t\t<\/div>\n\t\t<div class=\"elementor-element elementor-element-iwgcn-phoenizisc-kwd e-flex e-con-boxed e-con e-parent\" data-id=\"iwgcn-phoenizisc-kwd\" data-element_type=\"container\" data-e-type=\"container\">\n\t\t\t\t\t<div class=\"e-con-inner\">\n\t\t<div class=\"elementor-element elementor-element-iwgcn-phoenizisc-kwd-c e-con-full e-flex e-con e-child\" data-id=\"iwgcn-phoenizisc-kwd-c\" data-element_type=\"container\" data-e-type=\"container\">\n\t\t\t\t<div class=\"elementor-element elementor-element-iwgcn-phoenizisc-kwdt elementor-widget elementor-widget-text-editor\" data-id=\"iwgcn-phoenizisc-kwdt\" data-element_type=\"widget\" data-e-type=\"widget\" data-widget_type=\"text-editor.default\">\n\t\t\t\t\t\t\t\t\t<p><em>Termes clau relacionats: Fenicis Cartago Tir Sid\u00f3 Biblos Baal Tanit Melqart Astart\u00e9 Eshmun Moloc Tophet P\u00fanic.<\/em><\/p>\t\t\t\t\t\t\t\t<\/div>\n\t\t\t\t<\/div>\n\t\t\t\t\t<\/div>\n\t\t\t\t<\/div>\n\t\t<div class=\"elementor-element elementor-element-iwgcn-phoenizisc-cc e-flex e-con-boxed e-con e-parent\" data-id=\"iwgcn-phoenizisc-cc\" data-element_type=\"container\" data-e-type=\"container\" id=\"iwg-cc-phoenizisch\">\n\t\t\t\t\t<div class=\"e-con-inner\">\n\t\t<div class=\"elementor-element elementor-element-iwgcn-phoenizisc-ccinner e-flex e-con-boxed e-con e-parent\" data-id=\"iwgcn-phoenizisc-ccinner\" data-element_type=\"container\" data-e-type=\"container\" data-settings=\"{&quot;background_background&quot;:&quot;classic&quot;}\">\n\t\t\t\t\t<div class=\"e-con-inner\">\n\t\t\t\t<div class=\"elementor-element elementor-element-iwgcn-phoenizisc-cch elementor-widget elementor-widget-heading\" data-id=\"iwgcn-phoenizisc-cch\" data-element_type=\"widget\" data-e-type=\"widget\" data-widget_type=\"heading.default\">\n\t\t\t\t\t<h2 class=\"elementor-heading-title elementor-size-default\">Objectes de protecci\u00f3 d'aquesta tradici\u00f3 cultural<\/h2>\t\t\t\t<\/div>\n\t\t\t\t<div class=\"elementor-element elementor-element-iwgcn-phoenizisc-cct elementor-widget elementor-widget-text-editor\" data-id=\"iwgcn-phoenizisc-cct\" data-element_type=\"widget\" data-e-type=\"widget\" data-widget_type=\"text-editor.default\">\n\t\t\t\t\t\t\t\t\t<p>La tradici\u00f3 fen\u00edcia-p\u00fanica va produir amulets d&#8217;ull (precursors del nazar boncuk), penjolls en forma de m\u00e0 (precursors de la hamsa), joieria amb el <span class=\"iwg-fachbegriff\" data-tooltip=\"Un signe que representa una idea o un significat.\" tabindex=\"0\">s\u00edmbol<\/span> de Tanit, escarabats i penjolls lunulars en forma de mitja lluna, una de les tradicions de protecci\u00f3 port\u00e0til m\u00e9s influents de l&#8217;<span class=\"iwg-fachbegriff\" data-tooltip=\"\u00c8poca de la cultura grega i romana, aproximadament del 800 aC al 600 dC.\" tabindex=\"0\">Antiguitat<\/span>.<\/p><div data-nosnippet=\"true\"><p>iWell Guard s&#8217;inscriu en aquesta l\u00ednia cultural i hist\u00f2rica d&#8217;objectes de protecci\u00f3 port\u00e0tils, amb una arquitectura de materials contempor\u00e0nia, fabricat a Alemanya. 41 capes, or aut\u00e8ntic, plat\u00ed, plata. Dret de devoluci\u00f3 de 30 dies.<\/p><\/div>\t\t\t\t\t\t\t\t<\/div>\n\t\t\t\t<div class=\"elementor-element elementor-element-iwgcn-phoenizisc-ccb iwg-cc-button iwg-cc-cta-2026-05-13 elementor-widget elementor-widget-jet-button\" data-id=\"iwgcn-phoenizisc-ccb\" data-element_type=\"widget\" data-e-type=\"widget\" data-widget_type=\"jet-button.default\">\n\t\t\t\t<div class=\"elementor-widget-container\">\n\t\t\t\t\t<div class=\"elementor-jet-button jet-elements\"><div class=\"jet-button__container\"><a class=\"jet-button__instance jet-button__instance--icon-left hover-effect-1\" href=\"\/ueber-iwell-guard\/?utm_source=iwell-guard.com&amp;utm_medium=info-box&amp;utm_campaign=kultur-tradition\"><div class=\"jet-button__plane jet-button__plane-normal\"><\/div><div class=\"jet-button__plane jet-button__plane-hover\"><\/div><div class=\"jet-button__state jet-button__state-normal\"><span class=\"jet-button__label\">M\u00e9s informaci\u00f3 sobre l'iWell Guard<\/span><\/div><div class=\"jet-button__state jet-button__state-hover\"><span class=\"jet-button__label\">M\u00e9s informaci\u00f3 sobre l'iWell Guard<\/span><\/div><\/a><\/div><\/div><style>.elementor-element.elementor-element-iwgcn-phoenizisc-ccb .jet-button__instance{width:320px;height:56px;}.elementor-element.elementor-element-iwgcn-phoenizisc-ccb .jet-button__state-normal .jet-button__label{text-align:center;margin:0px 0px 0px 0px;color:#1a1b20;font-family:Montserrat,sans-serif;font-size:13px;font-weight:400;letter-spacing:4px;line-height:1.714em;text-transform:uppercase;}.elementor-element.elementor-element-iwgcn-phoenizisc-ccb .jet-button__state-hover .jet-button__label{text-align:center;margin:0px 0px 0px 0px;color:#FECC76;font-family:Montserrat,sans-serif;font-size:13px;font-weight:400;letter-spacing:4px;line-height:1.714em;text-transform:uppercase;}.elementor-element.elementor-element-iwgcn-phoenizisc-ccb .jet-button__plane-normal{background-color:#FECC76;border-style:solid;border-color:#C99540;border-width:2px 2px 2px 2px;}.elementor-element.elementor-element-iwgcn-phoenizisc-ccb .jet-button__plane-hover{background-color:rgba(0,0,0,0.55);border-style:solid;border-color:#FECC76;border-width:2px 2px 2px 2px;}<\/style>\t\t\t\t<\/div>\n\t\t\t\t<\/div>\n\t\t\t\t<div class=\"elementor-element elementor-element-iwgcn-phoenizisc-ccd elementor-widget elementor-widget-text-editor\" data-id=\"iwgcn-phoenizisc-ccd\" data-element_type=\"widget\" data-e-type=\"widget\" data-widget_type=\"text-editor.default\">\n\t\t\t\t\t\t\t\t\t<div data-nosnippet=\"true\"><p style=\"text-align:center;font-size:13px;opacity:0.7;margin-top:14px\" data-nosnippet=\"true\">Les experi\u00e8ncies personals poden variar. No \u00e9s un producte sanitari. No \u00e9s una promesa de curaci\u00f3.<\/p><\/div>\t\t\t\t\t\t\t\t<\/div>\n\t\t\t\t\t<\/div>\n\t\t\t\t<\/div>\n\t\t\t\t\t<\/div>\n\t\t\t\t<\/div>\n\t\t<div class=\"elementor-element elementor-element-iwgcn-phoenizisc-disc e-flex e-con-boxed e-con e-parent\" data-id=\"iwgcn-phoenizisc-disc\" data-element_type=\"container\" data-e-type=\"container\">\n\t\t\t\t\t<div class=\"e-con-inner\">\n\t\t\t\t<div class=\"elementor-element elementor-element-iwgcn-phoenizisc-discw elementor-widget elementor-widget-html\" data-id=\"iwgcn-phoenizisc-discw\" data-element_type=\"widget\" data-e-type=\"widget\" data-widget_type=\"html.default\">\n\t\t\t\t\t<footer data-nosnippet=\"true\" class=\"iwg-disclaimer-block\"><p data-nosnippet=\"true\">iWell Guard <strong>no \u00e9s un producte sanitari<\/strong> i no substitueix cap tractament m\u00e8dic o psicoterap\u00e8utic. Els continguts d'hist\u00f2ria de les religions s\u00f3n una classificaci\u00f3 culturohist\u00f2rica, no una recomanaci\u00f3 de pr\u00e0ctica espiritual.<\/p><\/footer>\t\t\t\t<\/div>\n\t\t\t\t\t<\/div>\n\t\t\t\t<\/div>\n\t\t\t\t<\/div>\n\t\t","protected":false},"excerpt":{"rendered":"","protected":false},"author":3,"featured_media":2845,"parent":0,"menu_order":0,"comment_status":"closed","ping_status":"closed","template":"elementor_header_footer","meta":{"_yoast_wpseo_focuskw":"d\u00e9us fenicis","_yoast_wpseo_title":"D\u00e9us fenicis \u2013 Baal, Astart\u00e9, Cartago | iWell Guard","_yoast_wpseo_metadesc":"D\u00e9us dels fenicis i cartaginesos: Baal Hammon, Astart\u00e9 (Tanit), Melqart, El, Aixera. Mite, temple de Tir i conflictes b\u00edblics.","_yoast_wpseo_meta-robots-noindex":"","_yoast_wpseo_canonical":"","_angie_page":false,"gefaehrdungsstufe":"","wesen_kultur":"","wesen_klasse":"","footnotes":""},"categories":[],"class_list":["post-171666","page","type-page","status-publish","has-post-thumbnail","hentry"],"yoast_head":"<!-- This site is optimized with the Yoast SEO Premium plugin v27.7 (Yoast SEO v28.3) - https:\/\/yoast.com\/product\/yoast-seo-premium-wordpress\/ -->\n<title>D\u00e9us fenicis \u2013 Baal, Astart\u00e9, Cartago | iWell Guard<\/title>\n<meta name=\"description\" content=\"D\u00e9us dels fenicis i cartaginesos: Baal Hammon, Astart\u00e9 (Tanit), Melqart, El, Aixera. Mite, temple de Tir i conflictes b\u00edblics.\" \/>\n<meta name=\"robots\" content=\"index, follow, max-snippet:-1, max-image-preview:large, max-video-preview:-1\" \/>\n<link rel=\"canonical\" href=\"https:\/\/iwell-guard.com\/ca\/fenicis-cartago-baal-tanit-proteccio\/\" \/>\n<meta property=\"og:locale\" content=\"ca_ES\" \/>\n<meta property=\"og:type\" content=\"article\" \/>\n<meta property=\"og:title\" content=\"Fenicis i Cartago \u2013 Baal, Tanit i tradici\u00f3 de protecci\u00f3\" \/>\n<meta property=\"og:description\" content=\"D\u00e9us dels fenicis i cartaginesos: Baal Hammon, Astart\u00e9 (Tanit), Melqart, El, Aixera. Mite, temple de Tir i conflictes b\u00edblics.\" \/>\n<meta property=\"og:url\" content=\"https:\/\/iwell-guard.com\/ca\/fenicis-cartago-baal-tanit-proteccio\/\" \/>\n<meta property=\"og:site_name\" content=\"iWell Guard\" \/>\n<meta property=\"article:modified_time\" content=\"2026-09-05T16:03:54+00:00\" \/>\n<meta property=\"og:image\" content=\"https:\/\/iwell-guard.com\/wp-content\/uploads\/2026\/05\/goetter_phoenizisch_baal-hadad.webp\" \/>\n\t<meta property=\"og:image:width\" content=\"1024\" \/>\n\t<meta property=\"og:image:height\" content=\"1536\" \/>\n\t<meta property=\"og:image:type\" content=\"image\/webp\" \/>\n<meta name=\"twitter:card\" content=\"summary_large_image\" \/>\n<script type=\"application\/ld+json\" class=\"yoast-schema-graph\">{\"@context\":\"https:\\\/\\\/schema.org\",\"@graph\":[{\"@type\":\"WebPage\",\"@id\":\"https:\\\/\\\/iwell-guard.com\\\/ca\\\/fenicis-cartago-baal-tanit-proteccio\\\/\",\"url\":\"https:\\\/\\\/iwell-guard.com\\\/ca\\\/fenicis-cartago-baal-tanit-proteccio\\\/\",\"name\":\"D\u00e9us fenicis \u2013 Baal, Astart\u00e9, Cartago | iWell Guard\",\"isPartOf\":{\"@id\":\"https:\\\/\\\/iwell-guard.com\\\/ca\\\/#website\"},\"primaryImageOfPage\":{\"@id\":\"https:\\\/\\\/iwell-guard.com\\\/ca\\\/fenicis-cartago-baal-tanit-proteccio\\\/#primaryimage\"},\"image\":{\"@id\":\"https:\\\/\\\/iwell-guard.com\\\/ca\\\/fenicis-cartago-baal-tanit-proteccio\\\/#primaryimage\"},\"thumbnailUrl\":\"https:\\\/\\\/iwell-guard.com\\\/wp-content\\\/uploads\\\/2026\\\/05\\\/goetter_phoenizisch_baal-hadad.webp\",\"datePublished\":\"2026-09-05T15:41:17+00:00\",\"dateModified\":\"2026-09-05T16:03:54+00:00\",\"description\":\"D\u00e9us dels fenicis i cartaginesos: Baal Hammon, Astart\u00e9 (Tanit), Melqart, El, Aixera. Mite, temple de Tir i conflictes b\u00edblics.\",\"breadcrumb\":{\"@id\":\"https:\\\/\\\/iwell-guard.com\\\/ca\\\/fenicis-cartago-baal-tanit-proteccio\\\/#breadcrumb\"},\"inLanguage\":\"ca\",\"potentialAction\":[{\"@type\":\"ReadAction\",\"target\":[\"https:\\\/\\\/iwell-guard.com\\\/ca\\\/fenicis-cartago-baal-tanit-proteccio\\\/\"]}]},{\"@type\":\"ImageObject\",\"inLanguage\":\"ca\",\"@id\":\"https:\\\/\\\/iwell-guard.com\\\/ca\\\/fenicis-cartago-baal-tanit-proteccio\\\/#primaryimage\",\"url\":\"https:\\\/\\\/iwell-guard.com\\\/wp-content\\\/uploads\\\/2026\\\/05\\\/goetter_phoenizisch_baal-hadad.webp\",\"contentUrl\":\"https:\\\/\\\/iwell-guard.com\\\/wp-content\\\/uploads\\\/2026\\\/05\\\/goetter_phoenizisch_baal-hadad.webp\",\"width\":1024,\"height\":1536,\"caption\":\"D\u00e9us de la tradici\u00f3 fen\u00edcia.\"},{\"@type\":\"BreadcrumbList\",\"@id\":\"https:\\\/\\\/iwell-guard.com\\\/ca\\\/fenicis-cartago-baal-tanit-proteccio\\\/#breadcrumb\",\"itemListElement\":[{\"@type\":\"ListItem\",\"position\":1,\"name\":\"Start\",\"item\":\"https:\\\/\\\/iwell-guard.com\\\/ca\\\/?page_id=171333\"},{\"@type\":\"ListItem\",\"position\":2,\"name\":\"Fenicis i Cartago \u2013 Baal, Tanit i tradici\u00f3 de protecci\u00f3\"}]},{\"@type\":\"WebSite\",\"@id\":\"https:\\\/\\\/iwell-guard.com\\\/ca\\\/#website\",\"url\":\"https:\\\/\\\/iwell-guard.com\\\/ca\\\/\",\"name\":\"iWell Guard\",\"description\":\"Schutz vor dunklen Einfl\u00fcssen\",\"publisher\":{\"@id\":\"https:\\\/\\\/iwell-guard.com\\\/ca\\\/#organization\"},\"potentialAction\":[{\"@type\":\"SearchAction\",\"target\":{\"@type\":\"EntryPoint\",\"urlTemplate\":\"https:\\\/\\\/iwell-guard.com\\\/ca\\\/?s={search_term_string}\"},\"query-input\":{\"@type\":\"PropertyValueSpecification\",\"valueRequired\":true,\"valueName\":\"search_term_string\"}}],\"inLanguage\":\"ca\"},{\"@type\":\"Organization\",\"@id\":\"https:\\\/\\\/iwell-guard.com\\\/ca\\\/#organization\",\"name\":\"Ittermann electronic GmbH\",\"url\":\"https:\\\/\\\/iwell-guard.com\\\/ca\\\/\",\"logo\":{\"@type\":\"ImageObject\",\"inLanguage\":\"ca\",\"@id\":\"https:\\\/\\\/iwell-guard.com\\\/ca\\\/#\\\/schema\\\/logo\\\/image\\\/\",\"url\":\"https:\\\/\\\/iwell-guard.com\\\/wp-content\\\/uploads\\\/2026\\\/05\\\/Ittermann-Logo-1182x237-1.png\",\"contentUrl\":\"https:\\\/\\\/iwell-guard.com\\\/wp-content\\\/uploads\\\/2026\\\/05\\\/Ittermann-Logo-1182x237-1.png\",\"width\":1182,\"height\":237,\"caption\":\"Ittermann electronic GmbH\"},\"image\":{\"@id\":\"https:\\\/\\\/iwell-guard.com\\\/ca\\\/#\\\/schema\\\/logo\\\/image\\\/\"},\"sameAs\":[\"https:\\\/\\\/pantip.com\\\/profile\\\/9367242\",\"https:\\\/\\\/micro.blog\\\/iwellguard\",\"https:\\\/\\\/www.diggerslist.com\\\/iwellguard\\\/about\",\"https:\\\/\\\/skitterphoto.com\\\/photographers\\\/2870314\\\/iwell-guard\",\"https:\\\/\\\/iwellguard.wordpress.com\\\/2026\\\/06\\\/06\\\/iwell-guard\\\/\",\"https:\\\/\\\/hub.docker.com\\\/u\\\/iwellguard\",\"https:\\\/\\\/www.pinterest.com\\\/iwellguard\\\/\",\"https:\\\/\\\/bit.ly\\\/m\\\/iwellguard\",\"https:\\\/\\\/entre-vos-mains.alsace.eu\\\/profiles\\\/iwellguard\\\/activity\",\"https:\\\/\\\/gravatar.com\\\/reallybeded8fd34\",\"https:\\\/\\\/naijamatta.com\\\/iwellguard\",\"https:\\\/\\\/www.goodreads.com\\\/iwellguard\",\"https:\\\/\\\/profile.hatena.ne.jp\\\/iwellguard\\\/\",\"https:\\\/\\\/experiment.com\\\/users\\\/iwellguard\",\"https:\\\/\\\/wakelet.com\\\/@iWellGuard82270\",\"https:\\\/\\\/www.chordie.com\\\/forum\\\/profile.php?id=2555664\",\"https:\\\/\\\/www.instapaper.com\\\/p\\\/17757966\",\"https:\\\/\\\/www.mapleprimes.com\\\/users\\\/iwellguard\",\"https:\\\/\\\/businesslistingplus.com\\\/profile\\\/iwell-guard\\\/\",\"https:\\\/\\\/telegra.ph\\\/iWell-Guard-06-06\",\"https:\\\/\\\/pbase.com\\\/iwellguard\\\/iwellguard\",\"https:\\\/\\\/b.hatena.ne.jp\\\/iwellguard\\\/20260607#bookmark-4788405196491818882\",\"https:\\\/\\\/fliphtml5.com\\\/home\\\/iwellguard\",\"https:\\\/\\\/anyflip.com\\\/homepage\\\/cmiwl#About\",\"https:\\\/\\\/transfur.com\\\/Users\\\/iwellguard\",\"http:\\\/\\\/delphi.larsbo.org\\\/user\\\/iwellguard\",\"https:\\\/\\\/jobs.lajobsportal.org\\\/profiles\\\/8380803-iwell-guard\",\"https:\\\/\\\/md.chaosdorf.de\\\/s\\\/jfbe5SBdJD\",\"https:\\\/\\\/www.lingvolive.com\\\/en-us\\\/profile\\\/9ecaeaca-ce11-4e51-9e71-01d55e2bff36\\\/translations\",\"https:\\\/\\\/www.fitday.com\\\/fitness\\\/forums\\\/members\\\/iwellguard.html\",\"https:\\\/\\\/www.mymeetbook.com\\\/iwellguard\",\"https:\\\/\\\/pxhere.com\\\/en\\\/photographer-me\\\/5040798\",\"https:\\\/\\\/disqus.com\\\/by\\\/iwellguard\\\/about\\\/\",\"https:\\\/\\\/pastelink.net\\\/hjwciqwq\",\"https:\\\/\\\/pubhtml5.com\\\/homepage\\\/scjhn\\\/\",\"https:\\\/\\\/www.bitchute.com\\\/channel\\\/2O2eOKzNqujT\",\"https:\\\/\\\/audiomack.com\\\/iwellguard\"]}]}<\/script>\n<!-- \/ Yoast SEO Premium plugin. -->","yoast_head_json":{"title":"D\u00e9us fenicis \u2013 Baal, Astart\u00e9, Cartago | iWell Guard","description":"D\u00e9us dels fenicis i cartaginesos: Baal Hammon, Astart\u00e9 (Tanit), Melqart, El, Aixera. Mite, temple de Tir i conflictes b\u00edblics.","robots":{"index":"index","follow":"follow","max-snippet":"max-snippet:-1","max-image-preview":"max-image-preview:large","max-video-preview":"max-video-preview:-1"},"canonical":"https:\/\/iwell-guard.com\/ca\/fenicis-cartago-baal-tanit-proteccio\/","og_locale":"ca_ES","og_type":"article","og_title":"Fenicis i Cartago \u2013 Baal, Tanit i tradici\u00f3 de protecci\u00f3","og_description":"D\u00e9us dels fenicis i cartaginesos: Baal Hammon, Astart\u00e9 (Tanit), Melqart, El, Aixera. Mite, temple de Tir i conflictes b\u00edblics.","og_url":"https:\/\/iwell-guard.com\/ca\/fenicis-cartago-baal-tanit-proteccio\/","og_site_name":"iWell Guard","article_modified_time":"2026-09-05T16:03:54+00:00","og_image":[{"width":1024,"height":1536,"url":"https:\/\/iwell-guard.com\/wp-content\/uploads\/2026\/05\/goetter_phoenizisch_baal-hadad.webp","type":"image\/webp"}],"twitter_card":"summary_large_image","schema":{"@context":"https:\/\/schema.org","@graph":[{"@type":"WebPage","@id":"https:\/\/iwell-guard.com\/ca\/fenicis-cartago-baal-tanit-proteccio\/","url":"https:\/\/iwell-guard.com\/ca\/fenicis-cartago-baal-tanit-proteccio\/","name":"D\u00e9us fenicis \u2013 Baal, Astart\u00e9, Cartago | iWell Guard","isPartOf":{"@id":"https:\/\/iwell-guard.com\/ca\/#website"},"primaryImageOfPage":{"@id":"https:\/\/iwell-guard.com\/ca\/fenicis-cartago-baal-tanit-proteccio\/#primaryimage"},"image":{"@id":"https:\/\/iwell-guard.com\/ca\/fenicis-cartago-baal-tanit-proteccio\/#primaryimage"},"thumbnailUrl":"https:\/\/iwell-guard.com\/wp-content\/uploads\/2026\/05\/goetter_phoenizisch_baal-hadad.webp","datePublished":"2026-09-05T15:41:17+00:00","dateModified":"2026-09-05T16:03:54+00:00","description":"D\u00e9us dels fenicis i cartaginesos: Baal Hammon, Astart\u00e9 (Tanit), Melqart, El, Aixera. Mite, temple de Tir i conflictes b\u00edblics.","breadcrumb":{"@id":"https:\/\/iwell-guard.com\/ca\/fenicis-cartago-baal-tanit-proteccio\/#breadcrumb"},"inLanguage":"ca","potentialAction":[{"@type":"ReadAction","target":["https:\/\/iwell-guard.com\/ca\/fenicis-cartago-baal-tanit-proteccio\/"]}]},{"@type":"ImageObject","inLanguage":"ca","@id":"https:\/\/iwell-guard.com\/ca\/fenicis-cartago-baal-tanit-proteccio\/#primaryimage","url":"https:\/\/iwell-guard.com\/wp-content\/uploads\/2026\/05\/goetter_phoenizisch_baal-hadad.webp","contentUrl":"https:\/\/iwell-guard.com\/wp-content\/uploads\/2026\/05\/goetter_phoenizisch_baal-hadad.webp","width":1024,"height":1536,"caption":"D\u00e9us de la tradici\u00f3 fen\u00edcia."},{"@type":"BreadcrumbList","@id":"https:\/\/iwell-guard.com\/ca\/fenicis-cartago-baal-tanit-proteccio\/#breadcrumb","itemListElement":[{"@type":"ListItem","position":1,"name":"Start","item":"https:\/\/iwell-guard.com\/ca\/?page_id=171333"},{"@type":"ListItem","position":2,"name":"Fenicis i Cartago \u2013 Baal, Tanit i tradici\u00f3 de protecci\u00f3"}]},{"@type":"WebSite","@id":"https:\/\/iwell-guard.com\/ca\/#website","url":"https:\/\/iwell-guard.com\/ca\/","name":"iWell Guard","description":"Schutz vor dunklen Einfl\u00fcssen","publisher":{"@id":"https:\/\/iwell-guard.com\/ca\/#organization"},"potentialAction":[{"@type":"SearchAction","target":{"@type":"EntryPoint","urlTemplate":"https:\/\/iwell-guard.com\/ca\/?s={search_term_string}"},"query-input":{"@type":"PropertyValueSpecification","valueRequired":true,"valueName":"search_term_string"}}],"inLanguage":"ca"},{"@type":"Organization","@id":"https:\/\/iwell-guard.com\/ca\/#organization","name":"Ittermann electronic GmbH","url":"https:\/\/iwell-guard.com\/ca\/","logo":{"@type":"ImageObject","inLanguage":"ca","@id":"https:\/\/iwell-guard.com\/ca\/#\/schema\/logo\/image\/","url":"https:\/\/iwell-guard.com\/wp-content\/uploads\/2026\/05\/Ittermann-Logo-1182x237-1.png","contentUrl":"https:\/\/iwell-guard.com\/wp-content\/uploads\/2026\/05\/Ittermann-Logo-1182x237-1.png","width":1182,"height":237,"caption":"Ittermann electronic GmbH"},"image":{"@id":"https:\/\/iwell-guard.com\/ca\/#\/schema\/logo\/image\/"},"sameAs":["https:\/\/pantip.com\/profile\/9367242","https:\/\/micro.blog\/iwellguard","https:\/\/www.diggerslist.com\/iwellguard\/about","https:\/\/skitterphoto.com\/photographers\/2870314\/iwell-guard","https:\/\/iwellguard.wordpress.com\/2026\/06\/06\/iwell-guard\/","https:\/\/hub.docker.com\/u\/iwellguard","https:\/\/www.pinterest.com\/iwellguard\/","https:\/\/bit.ly\/m\/iwellguard","https:\/\/entre-vos-mains.alsace.eu\/profiles\/iwellguard\/activity","https:\/\/gravatar.com\/reallybeded8fd34","https:\/\/naijamatta.com\/iwellguard","https:\/\/www.goodreads.com\/iwellguard","https:\/\/profile.hatena.ne.jp\/iwellguard\/","https:\/\/experiment.com\/users\/iwellguard","https:\/\/wakelet.com\/@iWellGuard82270","https:\/\/www.chordie.com\/forum\/profile.php?id=2555664","https:\/\/www.instapaper.com\/p\/17757966","https:\/\/www.mapleprimes.com\/users\/iwellguard","https:\/\/businesslistingplus.com\/profile\/iwell-guard\/","https:\/\/telegra.ph\/iWell-Guard-06-06","https:\/\/pbase.com\/iwellguard\/iwellguard","https:\/\/b.hatena.ne.jp\/iwellguard\/20260607#bookmark-4788405196491818882","https:\/\/fliphtml5.com\/home\/iwellguard","https:\/\/anyflip.com\/homepage\/cmiwl#About","https:\/\/transfur.com\/Users\/iwellguard","http:\/\/delphi.larsbo.org\/user\/iwellguard","https:\/\/jobs.lajobsportal.org\/profiles\/8380803-iwell-guard","https:\/\/md.chaosdorf.de\/s\/jfbe5SBdJD","https:\/\/www.lingvolive.com\/en-us\/profile\/9ecaeaca-ce11-4e51-9e71-01d55e2bff36\/translations","https:\/\/www.fitday.com\/fitness\/forums\/members\/iwellguard.html","https:\/\/www.mymeetbook.com\/iwellguard","https:\/\/pxhere.com\/en\/photographer-me\/5040798","https:\/\/disqus.com\/by\/iwellguard\/about\/","https:\/\/pastelink.net\/hjwciqwq","https:\/\/pubhtml5.com\/homepage\/scjhn\/","https:\/\/www.bitchute.com\/channel\/2O2eOKzNqujT","https:\/\/audiomack.com\/iwellguard"]}]}},"_links":{"self":[{"href":"https:\/\/iwell-guard.com\/ca\/wp-json\/wp\/v2\/pages\/171666","targetHints":{"allow":["GET"]}}],"collection":[{"href":"https:\/\/iwell-guard.com\/ca\/wp-json\/wp\/v2\/pages"}],"about":[{"href":"https:\/\/iwell-guard.com\/ca\/wp-json\/wp\/v2\/types\/page"}],"author":[{"embeddable":true,"href":"https:\/\/iwell-guard.com\/ca\/wp-json\/wp\/v2\/users\/3"}],"replies":[{"embeddable":true,"href":"https:\/\/iwell-guard.com\/ca\/wp-json\/wp\/v2\/comments?post=171666"}],"version-history":[{"count":0,"href":"https:\/\/iwell-guard.com\/ca\/wp-json\/wp\/v2\/pages\/171666\/revisions"}],"wp:featuredmedia":[{"embeddable":true,"href":"https:\/\/iwell-guard.com\/ca\/wp-json\/wp\/v2\/media\/2845"}],"wp:attachment":[{"href":"https:\/\/iwell-guard.com\/ca\/wp-json\/wp\/v2\/media?parent=171666"}],"wp:term":[{"taxonomy":"category","embeddable":true,"href":"https:\/\/iwell-guard.com\/ca\/wp-json\/wp\/v2\/categories?post=171666"}],"curies":[{"name":"wp","href":"https:\/\/api.w.org\/{rel}","templated":true}]}}