{"id":171664,"date":"2026-09-05T15:41:16","date_gmt":"2026-09-05T15:41:16","guid":{"rendered":"https:\/\/iwell-guard.com\/?page_id=171664"},"modified":"2026-09-05T16:03:49","modified_gmt":"2026-09-05T16:03:49","slug":"religio-etrusca-haruspex-disciplina-proteccio","status":"publish","type":"page","link":"https:\/\/iwell-guard.com\/ca\/religio-etrusca-haruspex-disciplina-proteccio\/","title":{"rendered":"Religi\u00f3 etrusca \u2013 Haruspex, Disciplina i pr\u00e0ctica de protecci\u00f3"},"content":{"rendered":"\t\t<div data-elementor-type=\"wp-page\" data-elementor-id=\"171664\" class=\"elementor elementor-171664 elementor-2567 elementor-bc-flex-widget\" data-elementor-post-type=\"page\">\n\t\t\t\t<div class=\"elementor-element elementor-element-iwgcn-etruskisch-hero iwg-kultur-hero e-flex e-con-boxed e-con e-parent\" data-id=\"iwgcn-etruskisch-hero\" data-element_type=\"container\" data-e-type=\"container\">\n\t\t\t\t\t<div class=\"e-con-inner\">\n\t\t<div class=\"elementor-element elementor-element-iwgcn-etruskisch-hl iwg-kultur-hero-left e-flex e-con-boxed e-con e-child\" data-id=\"iwgcn-etruskisch-hl\" data-element_type=\"container\" data-e-type=\"container\">\n\t\t\t\t\t<div class=\"e-con-inner\">\n\t\t\t\t<div class=\"elementor-element elementor-element-iwgcn-etruskisch-h1 elementor-widget elementor-widget-heading\" data-id=\"iwgcn-etruskisch-h1\" data-element_type=\"widget\" data-e-type=\"widget\" data-widget_type=\"heading.default\">\n\t\t\t\t\t<h1 class=\"elementor-heading-title elementor-size-default\">D\u00e9us etruscs, Tinia, Uni i el pante\u00f3 dels har\u00faspexs<\/h1>\t\t\t\t<\/div>\n\t\t<div class=\"elementor-element elementor-element-iwgcn-etruskisch-leadc e-con-full e-flex e-con e-child\" data-id=\"iwgcn-etruskisch-leadc\" data-element_type=\"container\" data-e-type=\"container\">\n\t\t\t\t<div class=\"elementor-element elementor-element-iwgcn-etruskisch-lead elementor-widget elementor-widget-text-editor\" data-id=\"iwgcn-etruskisch-lead\" data-element_type=\"widget\" data-e-type=\"widget\" data-widget_type=\"text-editor.default\">\n\t\t\t\t\t\t\t\t\t<p>Els etruscs van habitar entre els segles IX i I aC l&#8217;actual Etr\u00faria (Toscana, Laci, \u00dambria) i van desenvolupar una alta cultura pr\u00f2pia amb una religi\u00f3 complexa. La seva tradici\u00f3 va influir de manera decisiva la Roma primitiva, des de l&#8217;haruspicina fins a la bulla com a penjoll protector. La llengua etrusca no \u00e9s indoeuropea i nom\u00e9s s&#8217;ha desxifrat parcialment.<\/p><p>La tradici\u00f3 protectora etrusca es presenta aqu\u00ed de manera independent.<\/p>\n<p class=\"iwg-kwfix\">El pante\u00f3 dels har\u00faspexs, \u00e9s a dir, el cercle de d\u00e9us que els auguradors (haruspices) consultaven en interpretar el fetge, dividia el cel en setze sectors i assignava a cada regi\u00f3 una divinitat pr\u00f2pia.<\/p>\t\t\t\t\t\t\t\t<\/div>\n\t\t\t\t<\/div>\n\t\t\t\t\t<\/div>\n\t\t\t\t<\/div>\n\t\t<div class=\"elementor-element elementor-element-iwgcn-etruskisch-hr iwg-kultur-hero-right e-flex e-con-boxed e-con e-child\" data-id=\"iwgcn-etruskisch-hr\" data-element_type=\"container\" data-e-type=\"container\">\n\t\t\t\t\t<div class=\"e-con-inner\">\n\t\t\t\t<div class=\"elementor-element elementor-element-iwgcn-etruskisch-himg iwg-hero-image elementor-widget elementor-widget-image\" data-id=\"iwgcn-etruskisch-himg\" data-element_type=\"widget\" data-e-type=\"widget\" data-widget_type=\"image.default\">\n\t\t\t\t\t\t\t\t\t\t\t\t\t\t\t<img fetchpriority=\"high\" decoding=\"async\" width=\"683\" height=\"1024\" src=\"https:\/\/iwell-guard.com\/wp-content\/uploads\/2026\/05\/goetter_etruskisch_aita-1-683x1024.webp\" class=\"attachment-large size-large wp-image-2816\" alt=\"Religi\u00f3 etrusca \u2013 Haruspex, Disciplina i pr\u00e0ctica de protecci\u00f3\" srcset=\"https:\/\/iwell-guard.com\/wp-content\/uploads\/2026\/05\/goetter_etruskisch_aita-1-683x1024.webp 683w, https:\/\/iwell-guard.com\/wp-content\/uploads\/2026\/05\/goetter_etruskisch_aita-1-200x300.webp 200w, https:\/\/iwell-guard.com\/wp-content\/uploads\/2026\/05\/goetter_etruskisch_aita-1-768x1152.webp 768w, https:\/\/iwell-guard.com\/wp-content\/uploads\/2026\/05\/goetter_etruskisch_aita-1.webp 1024w\" sizes=\"(max-width: 683px) 100vw, 683px\" \/>\t\t\t\t\t\t\t\t\t\t\t\t\t\t\t<\/div>\n\t\t\t\t\t<\/div>\n\t\t\t\t<\/div>\n\t\t\t\t\t<\/div>\n\t\t\t\t<\/div>\n\t\t<div class=\"elementor-element elementor-element-iwgcn-etruskisch-s0 e-flex e-con-boxed e-con e-parent\" data-id=\"iwgcn-etruskisch-s0\" data-element_type=\"container\" data-e-type=\"container\">\n\t\t\t\t\t<div class=\"e-con-inner\">\n\t\t\t\t<div class=\"elementor-element elementor-element-iwgcn-etruskisch-s0h elementor-widget elementor-widget-heading\" data-id=\"iwgcn-etruskisch-s0h\" data-element_type=\"widget\" data-e-type=\"widget\" data-widget_type=\"heading.default\">\n\t\t\t\t\t<h2 class=\"elementor-heading-title elementor-size-default\">Fases hist\u00f2riques i expansi\u00f3<\/h2>\t\t\t\t<\/div>\n\t\t<div class=\"elementor-element elementor-element-iwgcn-etruskisch-s0-c e-con-full e-flex e-con e-child\" data-id=\"iwgcn-etruskisch-s0-c\" data-element_type=\"container\" data-e-type=\"container\">\n\t\t\t\t<div class=\"elementor-element elementor-element-iwgcn-etruskisch-s0t elementor-widget elementor-widget-text-editor\" data-id=\"iwgcn-etruskisch-s0t\" data-element_type=\"widget\" data-e-type=\"widget\" data-widget_type=\"text-editor.default\">\n\t\t\t\t\t\t\t\t\t<p>La cultura etrusca es va desenvolupar a partir de la cultura local de Villanova (des d&#8217;aproximadament el 900 aC) i va florir entre els segles VII i V aC. Els principals centres eren Tarqu\u00ednia, Cere, Vulci, Veios, Volterra, Perusa i Clusi.<\/p><p>Reis etruscs van governar temporalment tamb\u00e9 a Roma (dinastia dels Tarquinis). Amb la conquesta romana d&#8217;Etr\u00faria (segles IV\/III aC), els etruscs es van integrar en el m\u00f3n rom\u00e0, i la seva religi\u00f3 i llengua van sobreviure fins a l&#8217;inici de l&#8217;\u00e8poca imperial.<\/p>\n<p class=\"iwg-kwfix\">En l&#8217;examen del fetge, els haruspices consultaven un cercle de d\u00e9us fix: el cel estava dividit en setze sectors, i cada regi\u00f3 pertanyia a una divinitat pr\u00f2pia.<\/p>\t\t\t\t\t\t\t\t<\/div>\n\t\t\t\t<\/div>\n\t\t\t\t\t<\/div>\n\t\t\t\t<\/div>\n\t\t<div class=\"elementor-element elementor-element-iwgcn-etruskisch-s1 e-flex e-con-boxed e-con e-parent\" data-id=\"iwgcn-etruskisch-s1\" data-element_type=\"container\" data-e-type=\"container\">\n\t\t\t\t\t<div class=\"e-con-inner\">\n\t\t\t\t<div class=\"elementor-element elementor-element-iwgcn-etruskisch-s1h elementor-widget elementor-widget-heading\" data-id=\"iwgcn-etruskisch-s1h\" data-element_type=\"widget\" data-e-type=\"widget\" data-widget_type=\"heading.default\">\n\t\t\t\t\t<h2 class=\"elementor-heading-title elementor-size-default\">Pante\u00f3, Tinia, Uni, Menrva<\/h2>\t\t\t\t<\/div>\n\t\t<div class=\"elementor-element elementor-element-iwgcn-etruskisch-s1-c e-con-full e-flex e-con e-child\" data-id=\"iwgcn-etruskisch-s1-c\" data-element_type=\"container\" data-e-type=\"container\">\n\t\t\t\t<div class=\"elementor-element elementor-element-iwgcn-etruskisch-s1t elementor-widget elementor-widget-text-editor\" data-id=\"iwgcn-etruskisch-s1t\" data-element_type=\"widget\" data-e-type=\"widget\" data-widget_type=\"text-editor.default\">\n\t\t\t\t\t\t\t\t\t<p>La tr\u00edada principal de d\u00e9us etruscs estava formada per Tinia (d\u00e9u del cel, m\u00e9s tard identificat amb el grec Zeus i el rom\u00e0 Iuppiter), Uni (deessa del cel, m\u00e9s tard Hera\/Iuno) i Menrva (deessa de la saviesa i la guerra, m\u00e9s tard Atena\/Minerva). Aquesta tr\u00edada va ser adoptada al <span class=\"iwg-fachbegriff\" data-tooltip=\"Un lloc sagrat dedicat a la veneraci\u00f3 d'una divinitat.\" tabindex=\"0\">santuari<\/span> del Capitoli a Roma.<\/p><p>A m\u00e9s: Turms (equivalent d&#8217;Hermes), Sethlans (Hefest), Aplu (Apol\u00b7lo), Fufluns (Dion\u00eds), Selvans (bosc), Nethuns (aigua). Voltumna era el d\u00e9u federal de la lliga etrusca, el seu <span class=\"iwg-fachbegriff\" data-tooltip=\"Un lloc sagrat dedicat a la veneraci\u00f3 d'una divinitat.\" tabindex=\"0\">santuari<\/span> a Volsinii era el lloc de reuni\u00f3 de les dotze ciutats.<\/p>\t\t\t\t\t\t\t\t<\/div>\n\t\t\t\t<\/div>\n\t\t\t\t\t<\/div>\n\t\t\t\t<\/div>\n\t\t<div class=\"elementor-element elementor-element-iwgcn-etruskisch-s2 e-flex e-con-boxed e-con e-parent\" data-id=\"iwgcn-etruskisch-s2\" data-element_type=\"container\" data-e-type=\"container\">\n\t\t\t\t\t<div class=\"e-con-inner\">\n\t\t\t\t<div class=\"elementor-element elementor-element-iwgcn-etruskisch-s2h elementor-widget elementor-widget-heading\" data-id=\"iwgcn-etruskisch-s2h\" data-element_type=\"widget\" data-e-type=\"widget\" data-widget_type=\"heading.default\">\n\t\t\t\t\t<h2 class=\"elementor-heading-title elementor-size-default\">Disciplina Etrusca, saviesa religiosa<\/h2>\t\t\t\t<\/div>\n\t\t<div class=\"elementor-element elementor-element-iwgcn-etruskisch-s2-c e-con-full e-flex e-con e-child\" data-id=\"iwgcn-etruskisch-s2-c\" data-element_type=\"container\" data-e-type=\"container\">\n\t\t\t\t<div class=\"elementor-element elementor-element-iwgcn-etruskisch-s2t elementor-widget elementor-widget-text-editor\" data-id=\"iwgcn-etruskisch-s2t\" data-element_type=\"widget\" data-e-type=\"widget\" data-widget_type=\"text-editor.default\">\n\t\t\t\t\t\t\t\t\t<p>La religi\u00f3 etrusca estava fortament sistematitzada i tenia una casta pr\u00f2pia d&#8217;erudits. La Disciplina Etrusca comprenia tres \u00e0mbits de coneixement: Libri Haruspicini (examen del fetge, haruspicina), Libri Fulgurales (interpretaci\u00f3 dels llamps) i Libri Rituales (doctrina ritual, fundaci\u00f3 de ciutats, delimitaci\u00f3 de fronteres, ci\u00e8ncia de la mort).<\/p><p>El fundador m\u00edtic d&#8217;aquesta doctrina era Tages, que segons la <span class=\"iwg-fachbegriff\" data-tooltip=\"Un relat transm\u00e8s amb sovint un nucli hist\u00f2ric i trets meravellosos.\" tabindex=\"0\">llegenda<\/span> va sorgir d&#8217;un solc en un camp etrusc. Els llibres estaven gravats en bronze o escrits sobre lli; el Liber Linteus conservat \u00e9s l&#8217;\u00fanic testimoni textual etrusc extens que ha arribat fins a nosaltres (reutilitzat en una benda de m\u00f2mia eg\u00edpcia).<\/p>\t\t\t\t\t\t\t\t<\/div>\n\t\t\t\t<\/div>\n\t\t\t\t\t<\/div>\n\t\t\t\t<\/div>\n\t\t<div class=\"elementor-element elementor-element-iwgcn-etruskisch-s3 e-flex e-con-boxed e-con e-parent\" data-id=\"iwgcn-etruskisch-s3\" data-element_type=\"container\" data-e-type=\"container\">\n\t\t\t\t\t<div class=\"e-con-inner\">\n\t\t\t\t<div class=\"elementor-element elementor-element-iwgcn-etruskisch-s3h elementor-widget elementor-widget-heading\" data-id=\"iwgcn-etruskisch-s3h\" data-element_type=\"widget\" data-e-type=\"widget\" data-widget_type=\"heading.default\">\n\t\t\t\t\t<h2 class=\"elementor-heading-title elementor-size-default\">L'haruspex i l'examen del fetge<\/h2>\t\t\t\t<\/div>\n\t\t<div class=\"elementor-element elementor-element-iwgcn-etruskisch-s3-c e-con-full e-flex e-con e-child\" data-id=\"iwgcn-etruskisch-s3-c\" data-element_type=\"container\" data-e-type=\"container\">\n\t\t\t\t<div class=\"elementor-element elementor-element-iwgcn-etruskisch-s3t elementor-widget elementor-widget-text-editor\" data-id=\"iwgcn-etruskisch-s3t\" data-element_type=\"widget\" data-e-type=\"widget\" data-widget_type=\"text-editor.default\">\n\t\t\t\t\t\t\t\t\t<p>L&#8217;haruspex (en etrusc: netsvis) llegia la voluntat dels d\u00e9us en el fetge de l&#8217;animal sacrificat. El fetge de bronze de Piacenza, un model amb 40 divisions assignades a diferents d\u00e9us, permet entendre la complexitat d&#8217;aquesta pr\u00e0ctica.<\/p><p>Els romans van adoptar l&#8217;examen etrusc del fetge, que amb el temps de l&#8217;\u00e8poca imperial es va convertir en una instituci\u00f3 a escala de tot l&#8217;imperi. Tamb\u00e9 la interpretaci\u00f3 dels llamps seguia una divisi\u00f3 estrictament sistem\u00e0tica del cel en 16 sectors.<\/p>\t\t\t\t\t\t\t\t<\/div>\n\t\t\t\t<\/div>\n\t\t\t\t\t<\/div>\n\t\t\t\t<\/div>\n\t\t<div class=\"elementor-element elementor-element-iwgcn-etruskisch-s4 e-flex e-con-boxed e-con e-parent\" data-id=\"iwgcn-etruskisch-s4\" data-element_type=\"container\" data-e-type=\"container\">\n\t\t\t\t\t<div class=\"e-con-inner\">\n\t\t\t\t<div class=\"elementor-element elementor-element-iwgcn-etruskisch-s4h elementor-widget elementor-widget-heading\" data-id=\"iwgcn-etruskisch-s4h\" data-element_type=\"widget\" data-e-type=\"widget\" data-widget_type=\"heading.default\">\n\t\t\t\t\t<h2 class=\"elementor-heading-title elementor-size-default\">La bulla, penjoll protector dels infants<\/h2>\t\t\t\t<\/div>\n\t\t<div class=\"elementor-element elementor-element-iwgcn-etruskisch-s4-c e-con-full e-flex e-con e-child\" data-id=\"iwgcn-etruskisch-s4-c\" data-element_type=\"container\" data-e-type=\"container\">\n\t\t\t\t<div class=\"elementor-element elementor-element-iwgcn-etruskisch-s4t elementor-widget elementor-widget-text-editor\" data-id=\"iwgcn-etruskisch-s4t\" data-element_type=\"widget\" data-e-type=\"widget\" data-widget_type=\"text-editor.default\">\n\t\t\t\t\t\t\t\t\t<p>La bulla, un penjoll buit d&#8217;or (per als fills de la noblesa), cuir o bronze, es penjava al coll dels infants despr\u00e9s del naixement i els protegia de forces nocives, especialment del mal d&#8217;ull.<\/p><p>Al seu interior es podien tancar subst\u00e0ncies d&#8217;<span class=\"iwg-fachbegriff\" data-tooltip=\"Un objecte portat al qual s'atribueix un efecte protector i preventiu contra el mal.\" tabindex=\"0\">amulet<\/span>, sovint tamb\u00e9 un fascinus (signe f\u00e0l\u00b7lic de protecci\u00f3). La tradici\u00f3 va ser adoptada pels romans; les bullae s\u00f3n l&#8217;objecte de protecci\u00f3 infantil port\u00e0til arquet\u00edpic de l&#8217;<span class=\"iwg-fachbegriff\" data-tooltip=\"\u00c8poca de la cultura grega i romana, aproximadament del 800 aC al 600 dC.\" tabindex=\"0\">antiguitat<\/span> it\u00e0lica. Les dones adultes solien portar penjolls lunula (en forma de mitja lluna).<\/p>\t\t\t\t\t\t\t\t<\/div>\n\t\t\t\t<\/div>\n\t\t\t\t\t<\/div>\n\t\t\t\t<\/div>\n\t\t<div class=\"elementor-element elementor-element-x-etruskisch-s-faq e-flex e-con-boxed e-con e-parent\" data-id=\"x-etruskisch-s-faq\" data-element_type=\"container\" data-e-type=\"container\">\n\t\t\t\t\t<div class=\"e-con-inner\">\n\t\t\t\t<div class=\"elementor-element elementor-element-x-etruskisch-h-faq elementor-widget elementor-widget-heading\" data-id=\"x-etruskisch-h-faq\" data-element_type=\"widget\" data-e-type=\"widget\" data-widget_type=\"heading.default\">\n\t\t\t\t\t<h2 class=\"elementor-heading-title elementor-size-default\">Preguntes freq\u00fcents sobre els d\u00e9us etruscs<\/h2>\t\t\t\t<\/div>\n\t\t<div class=\"elementor-element elementor-element-iwgcn-etruskisch-s4-c e-con-full e-flex e-con e-child\" data-id=\"iwgcn-etruskisch-s4-c\" data-element_type=\"container\" data-e-type=\"container\">\n\t\t\t\t<div class=\"elementor-element elementor-element-x-etruskisch-t-faq elementor-widget elementor-widget-text-editor\" data-id=\"x-etruskisch-t-faq\" data-element_type=\"widget\" data-e-type=\"widget\" data-widget_type=\"text-editor.default\">\n\t\t\t\t\t\t\t\t\t<h3>Quants d\u00e9us etruscs es coneixen?<\/h3>\n<p>Es coneixen pel nom uns 200 d\u00e9us etruscs, molts nom\u00e9s a trav\u00e9s d&#8217;inscripcions o representacions en miralls de bronze. L&#8217;escriptura etrusca encara no s&#8217;ha desxifrat en la mesura que permetria reconstruir una religi\u00f3 completa. Els d\u00e9us principals s\u00f3n Tinia, Uni i Menerva (la tr\u00edada), a m\u00e9s d&#8217;Aita (infram\u00f3n), Nethuns (mar), Fufluns (vi), entre altres.<\/p>\n<h3>Qui \u00e9s Tinia?<\/h3>\n<p>Tinia \u00e9s el d\u00e9u principal etrusc, tro i cel, comparable a Zeus\/J\u00fapiter. Amb la seva esposa Uni i la seva filla Menerva formava la tr\u00edada etrusca, que va passar directament al <span class=\"iwg-fachbegriff\" data-tooltip=\"El conjunt dels d\u00e9us d'una religi\u00f3 o cultura.\" tabindex=\"0\">pante\u00f3<\/span> rom\u00e0 com la tr\u00edada capitolina.<\/p>\n<h3>Qu\u00e8 \u00e9s la disciplina de l&#8217;haruspicina?<\/h3>\n<p>L&#8217;haruspex era el sacerdot endev\u00ed etrusc que llegia la voluntat dels d\u00e9us a partir del fetge d&#8217;animals (sobretot d&#8217;ovelles). El fetge de Piacenza (model de bronze, segle II a. C.) mostra 40 regions, cadascuna assignada a una <span class=\"iwg-fachbegriff\" data-tooltip=\"Un \u00e9sser venerat com a div\u00ed dins d'una religi\u00f3.\" tabindex=\"0\">divinitat<\/span>. Aquesta Disciplina Etrusca es va seguir practicant a Roma fins al segle IV d. C., i senadors imperials consultaven els haruspicis.<\/p>\n<h3>Qu\u00e8 va passar amb la religi\u00f3 etrusca?<\/h3>\n<p>Amb la conquesta romana d&#8217;Etr\u00faria (segles IV-III a. C.), molts d\u00e9us van ser assimilats al <span class=\"iwg-fachbegriff\" data-tooltip=\"El conjunt dels d\u00e9us d'una religi\u00f3 o cultura.\" tabindex=\"0\">pante\u00f3<\/span> rom\u00e0: Tinia \u2192 Iuppiter, Uni \u2192 Iuno, Menerva \u2192 Minerva. La pr\u00e0ctica de l&#8217;haruspicina va perdurar fins a l&#8217;\u00e8poca cristiana. La llengua etrusca es va extingir al segle I d. C., per\u00f2 la seva religi\u00f3 va sobreviure fragment\u00e0riament a Roma.<\/p>\n<script type=\"application\/ld+json\">{\"@context\":\"https:\/\/schema.org\",\"@type\":\"FAQPage\",\"mainEntity\":[{\"@type\":\"Question\",\"name\":\"Quants d\u00e9us etruscs es coneixen?\",\"acceptedAnswer\":{\"@type\":\"Answer\",\"text\":\"Es coneixen pel nom uns 200 d\u00e9us etruscs, molts nom\u00e9s a trav\u00e9s d'inscripcions o representacions en miralls de bronze. L'escriptura etrusca encara no s'ha desxifrat en la mesura que permetria reconstruir una religi\u00f3 completa. Els d\u00e9us principals s\u00f3n Tinia, Uni i Menerva (la tr\u00edada), a m\u00e9s d'Aita (infram\u00f3n), Nethuns (mar), Fufluns (vi), entre altres.\"}},{\"@type\":\"Question\",\"name\":\"Qui \u00e9s Tinia?\",\"acceptedAnswer\":{\"@type\":\"Answer\",\"text\":\"Tinia \u00e9s el d\u00e9u principal etrusc, tro i cel, comparable a Zeus\/J\u00fapiter. Amb la seva esposa Uni i la seva filla Menerva formava la tr\u00edada etrusca, que va passar directament al pante\u00f3 rom\u00e0 com la tr\u00edada capitolina.\"}},{\"@type\":\"Question\",\"name\":\"Qu\u00e8 \u00e9s la disciplina de l'haruspicina?\",\"acceptedAnswer\":{\"@type\":\"Answer\",\"text\":\"L'haruspex era el sacerdot endev\u00ed etrusc que llegia la voluntat dels d\u00e9us a partir del fetge d'animals (sobretot d'ovelles). El fetge de Piacenza (model de bronze, segle II a. C.) mostra 40 regions, cadascuna assignada a una divinitat. Aquesta Disciplina Etrusca es va seguir practicant a Roma fins al segle IV d. C., i senadors imperials consultaven els haruspicis.\"}},{\"@type\":\"Question\",\"name\":\"Qu\u00e8 va passar amb la religi\u00f3 etrusca?\",\"acceptedAnswer\":{\"@type\":\"Answer\",\"text\":\"Amb la conquesta romana d'Etr\u00faria (segles IV-III a. C.), molts d\u00e9us van ser assimilats al pante\u00f3 rom\u00e0: Tinia \u2192 Iuppiter, Uni \u2192 Iuno, Menerva \u2192 Minerva. La pr\u00e0ctica de l'haruspicina va perdurar fins a l'\u00e8poca cristiana. La llengua etrusca es va extingir al segle I d. C., per\u00f2 la seva religi\u00f3 va sobreviure fragment\u00e0riament a Roma.\"}}]}<\/script>\t\t\t\t\t\t\t\t<\/div>\n\t\t\t\t<\/div>\n\t\t\t\t\t<\/div>\n\t\t\t\t<\/div>\n\t\t<div class=\"elementor-element elementor-element-iwgcn-etruskisch-s5 e-flex e-con-boxed e-con e-parent\" data-id=\"iwgcn-etruskisch-s5\" data-element_type=\"container\" data-e-type=\"container\">\n\t\t\t\t\t<div class=\"e-con-inner\">\n\t\t\t\t<div class=\"elementor-element elementor-element-iwgcn-etruskisch-s5h elementor-widget elementor-widget-heading\" data-id=\"iwgcn-etruskisch-s5h\" data-element_type=\"widget\" data-e-type=\"widget\" data-widget_type=\"heading.default\">\n\t\t\t\t\t<h2 class=\"elementor-heading-title elementor-size-default\">Culte als morts i vida despr\u00e9s de la mort<\/h2>\t\t\t\t<\/div>\n\t\t<div class=\"elementor-element elementor-element-iwgcn-etruskisch-s5-c e-con-full e-flex e-con e-child\" data-id=\"iwgcn-etruskisch-s5-c\" data-element_type=\"container\" data-e-type=\"container\">\n\t\t\t\t<div class=\"elementor-element elementor-element-iwgcn-etruskisch-s5t elementor-widget elementor-widget-text-editor\" data-id=\"iwgcn-etruskisch-s5t\" data-element_type=\"widget\" data-e-type=\"widget\" data-widget_type=\"text-editor.default\">\n\t\t\t\t\t\t\t\t\t<p>Les necr\u00f2polis etrusques, Banditaccia prop de Caere, Tarqu\u00ednia, Vulci, es troben entre les ciutats dels morts m\u00e9s impressionants de l&#8217;<span class=\"iwg-fachbegriff\" data-tooltip=\"\u00c8poca de la cultura grega i romana, aproximadament del 800 a. C. al 600 d. C.\" tabindex=\"0\">Antiguitat<\/span>. Les tombes de t\u00famul estan concebudes com a cases dels difunts, amb pintures murals i de sostre, mobles i vaixella de menjar i beure.<\/p><p>La concepci\u00f3 de la vida despr\u00e9s de la mort inclo\u00efa una exist\u00e8ncia habitable i joiosa (fase primerenca) i \u00e9ssers ombr\u00edvols de l&#8217;infram\u00f3n com Charun i Vanth (fase tardana). Els sarc\u00f2fags de Cerveteri mostren els difunts com a parelles que mengen juntes.<\/p>\t\t\t\t\t\t\t\t<\/div>\n\t\t\t\t<\/div>\n\t\t\t\t\t<\/div>\n\t\t\t\t<\/div>\n\t\t<div class=\"elementor-element elementor-element-iwgcn-etruskisch-s6 e-flex e-con-boxed e-con e-parent\" data-id=\"iwgcn-etruskisch-s6\" data-element_type=\"container\" data-e-type=\"container\">\n\t\t\t\t\t<div class=\"e-con-inner\">\n\t\t\t\t<div class=\"elementor-element elementor-element-iwgcn-etruskisch-s6h elementor-widget elementor-widget-heading\" data-id=\"iwgcn-etruskisch-s6h\" data-element_type=\"widget\" data-e-type=\"widget\" data-widget_type=\"heading.default\">\n\t\t\t\t\t<h2 class=\"elementor-heading-title elementor-size-default\">Situaci\u00f3 de les fonts i estat de la investigaci\u00f3<\/h2>\t\t\t\t<\/div>\n\t\t<div class=\"elementor-element elementor-element-iwgcn-etruskisch-s6-c e-con-full e-flex e-con e-child\" data-id=\"iwgcn-etruskisch-s6-c\" data-element_type=\"container\" data-e-type=\"container\">\n\t\t\t\t<div class=\"elementor-element elementor-element-iwgcn-etruskisch-s6t elementor-widget elementor-widget-text-editor\" data-id=\"iwgcn-etruskisch-s6t\" data-element_type=\"widget\" data-e-type=\"widget\" data-widget_type=\"text-editor.default\">\n\t\t\t\t\t\t\t\t\t<p>Els textos originals etruscs s\u00f3n escassos (Liber Linteus, Tabula Capuana, Cippus Perusinus, moltes inscripcions funer\u00e0ries breus). La llengua no \u00e9s indoeuropea i s&#8217;ha desxifrat nom\u00e9s parcialment a nivell l\u00e8xic. Obres importants: Jean-Ren\u00e9 Jannot <em>Religion in Ancient Etruria<\/em>, Larissa Bonfante, Massimo Pallottino. Fonts de l&#8217;<span class=\"iwg-fachbegriff\" data-tooltip=\"\u00c8poca de la cultura grega i romana, aproximadament del 800 a. C. al 600 d. C.\" tabindex=\"0\">Antiguitat<\/span>: Cicer\u00f3 <em>De Divinatione<\/em>, Livi, Servi. Tamb\u00e9 Macrobi i Fest citen la pr\u00e0ctica religiosa etrusca.<\/p>\t\t\t\t\t\t\t\t<\/div>\n\t\t\t\t<\/div>\n\t\t\t\t\t<\/div>\n\t\t\t\t<\/div>\n\t\t<div class=\"elementor-element elementor-element-cp2379e352 e-flex e-con-boxed e-con e-parent\" data-id=\"cp2379e352\" data-element_type=\"container\" data-e-type=\"container\">\n\t\t\t\t\t<div class=\"e-con-inner\">\n\t\t\t\t<div class=\"elementor-element elementor-element-cp2d0f1837 elementor-widget elementor-widget-heading\" data-id=\"cp2d0f1837\" data-element_type=\"widget\" data-e-type=\"widget\" data-widget_type=\"heading.default\">\n\t\t\t\t\t<h2 class=\"elementor-heading-title elementor-size-default\">La disciplina etrusca de la interpretaci\u00f3 de senyals<\/h2>\t\t\t\t<\/div>\n\t\t<div class=\"elementor-element elementor-element-cp2526f005 e-flex e-con-boxed e-con e-child\" data-id=\"cp2526f005\" data-element_type=\"container\" data-e-type=\"container\">\n\t\t\t\t\t<div class=\"e-con-inner\">\n\t\t\t\t<div class=\"elementor-element elementor-element-cp2bd55497 elementor-widget elementor-widget-text-editor\" data-id=\"cp2bd55497\" data-element_type=\"widget\" data-e-type=\"widget\" data-widget_type=\"text-editor.default\">\n\t\t\t\t\t\t\t\t\t<p>Al centre de la religi\u00f3 etrusca hi havia un sistema altament formalitzat d&#8217;interpretaci\u00f3 de senyals, que els autors antics resumien sota el terme <em>Etrusca disciplina<\/em>. Segons Cicer\u00f3 i altres fonts romanes, es dividia en tres branques principals: l&#8217;examen de les entranyes (<em>haruspicina<\/em>), la interpretaci\u00f3 dels llamps (<em>fulgura<\/em>) i la interpretaci\u00f3 dels prodigis (<em>ostenta<\/em>).<\/p><p>A difer\u00e8ncia de la m\u00e0ntica grega, que es basava m\u00e9s en la inspiraci\u00f3 i els oracles, la pr\u00e0ctica etrusca partia del sup\u00f2sit que la voluntat dels d\u00e9us es podia llegir de manera sistem\u00e0tica en el m\u00f3n material.<\/p><p>El testimoni m\u00e9s conegut de l&#8217;examen del fetge \u00e9s el fetge de bronze de Piacenza, un model d&#8217;un fetge d&#8217;ovella trobat el 1877, la superf\u00edcie del qual est\u00e0 dividida en m\u00e9s de quaranta camps inscrits.<\/p><p>Cada camp porta el nom d&#8217;una <span class=\"iwg-fachbegriff\" data-tooltip=\"Un \u00e9sser venerat com a div\u00ed dins d'una religi\u00f3.\" tabindex=\"0\">divinitat<\/span> i s&#8217;assigna a una regi\u00f3 del cel. L&#8217;haruspex comparava els resultats observats en l&#8217;animal sacrificat real amb aquest mapa c\u00f2smic. La recerca, com els treballs de Massimo Pallottino i, m\u00e9s tard, Nancy de Grummond, hi veu un reflex de la concepci\u00f3 etrusca d&#8217;un cel ordenat i dividit en sectors.<\/p><p>La doctrina dels llamps distingia els llamps segons la direcci\u00f3 d&#8217;origen i assignava a cadascun un subjecte div\u00ed diferent. El d\u00e9u del tro <a href=\"https:\/\/iwell-guard.com\/ca\/?page_id=171701\">Tinia<\/a> disposava de diversos tipus de llamps, alguns dels quals nom\u00e9s podien ser llan\u00e7ats despr\u00e9s de consultar altres d\u00e9us.<\/p><p>Aquesta jerarquia reflecteix una <span class=\"iwg-fachbegriff\" data-tooltip=\"La doctrina cient\u00edfica sobre D\u00e9u i la fe d'una religi\u00f3.\" tabindex=\"0\">teologia<\/span> en la qual ni tan sols el d\u00e9u suprem actuava de manera il\u00b7limitada. Els int\u00e8rprets etruscs, els <em>haruspices<\/em>, van seguir sent especialistes molt sol\u00b7licitats fins a l&#8217;\u00e8poca imperial romana, i encara eren consultats al segle IV despr\u00e9s de Crist.<\/p>\t\t\t\t\t\t\t\t<\/div>\n\t\t\t\t\t<\/div>\n\t\t\t\t<\/div>\n\t\t\t\t\t<\/div>\n\t\t\t\t<\/div>\n\t\t<div class=\"elementor-element elementor-element-cp271212c2 e-flex e-con-boxed e-con e-parent\" data-id=\"cp271212c2\" data-element_type=\"container\" data-e-type=\"container\">\n\t\t\t\t\t<div class=\"e-con-inner\">\n\t\t\t\t<div class=\"elementor-element elementor-element-cp27de1175 elementor-widget elementor-widget-heading\" data-id=\"cp27de1175\" data-element_type=\"widget\" data-e-type=\"widget\" data-widget_type=\"heading.default\">\n\t\t\t\t\t<h2 class=\"elementor-heading-title elementor-size-default\">La llengua etrusca i el problema de la seva transmissi\u00f3<\/h2>\t\t\t\t<\/div>\n\t\t<div class=\"elementor-element elementor-element-cp2d236892 e-flex e-con-boxed e-con e-child\" data-id=\"cp2d236892\" data-element_type=\"container\" data-e-type=\"container\">\n\t\t\t\t\t<div class=\"e-con-inner\">\n\t\t\t\t<div class=\"elementor-element elementor-element-cp2442545c elementor-widget elementor-widget-text-editor\" data-id=\"cp2442545c\" data-element_type=\"widget\" data-e-type=\"widget\" data-widget_type=\"text-editor.default\">\n\t\t\t\t\t\t\t\t\t<p>La llengua etrusca no \u00e9s un idioma indoeuropeu i no t\u00e9 un parentiu proper establert dins de la Mediterr\u00e0nia. Nom\u00e9s el fragment de l&#8217;<span class=\"iwg-fachbegriff\" data-tooltip=\"Una llosa de pedra o fusta dreta, amb inscripci\u00f3 o imatges.\" tabindex=\"0\">estela<\/span> de Lemnos, procedent de l&#8217;Egeu septentrional, mostra coincid\u00e8ncies notables, per la qual cosa alguns investigadors parlen d&#8217;una fam\u00edlia ling\u00fc\u00edstica tirs\u00e8nica.<\/p><p>L&#8217;escriptura en si \u00e9s f\u00e0cilment llegible, ja que deriva d&#8217;un alfabet grec occidental. La comprensi\u00f3, per\u00f2, topa amb el vocabulari limitat conegut.<\/p><p>Es coneixen unes tretze mil inscripcions, per\u00f2 la immensa majoria s\u00f3n breus inscripcions funer\u00e0ries i votives amb f\u00f3rmules, noms i indicacions de parentiu que es repeteixen constantment. Els textos llargs i coherents s\u00f3n escassos.<\/p><p>El m\u00e9s extens \u00e9s el <em>Liber Linteus<\/em>, un llibre ritual escrit sobre lli que va arribar a Egipte com a benes de m\u00f2mia i que avui es conserva a Zagreb. Cont\u00e9 un calendari cultual amb instruccions sacrificials, per\u00f2 moltes de les seves parts continuen essent incomprensibles.<\/p><p>Altres textos clau s\u00f3n la Tabula Capuana, una tauleta d&#8217;argila amb prescripcions rituals, i la Tabula Cortonensis, una tauleta de bronze de contingut jur\u00eddic. Les inscripcions biling\u00fces, que permetrien una comparaci\u00f3 directa, s\u00f3n extremadament rares.<\/p><p>La m\u00e9s important \u00e9s el trio de l\u00e0mines d&#8217;or de Pyrgi, que transmet un text etrusc juntament amb un text fenici, documentant aix\u00ed un pont cap a l&#8217;\u00e0mbit cultural <a href=\"https:\/\/iwell-guard.com\/ca\/?page_id=171666\">fenici<\/a>. Per aix\u00f2 la investigaci\u00f3 ling\u00fc\u00edstica treballa amb el m\u00e8tode combinatori, \u00e9s a dir, la deducci\u00f3 de significats a partir del context. Els aven\u00e7os segurs s\u00f3n lents i alguns termes religiosos continuen essent avui dia controvertits.<\/p>\t\t\t\t\t\t\t\t<\/div>\n\t\t\t\t\t<\/div>\n\t\t\t\t<\/div>\n\t\t\t\t\t<\/div>\n\t\t\t\t<\/div>\n\t\t<div class=\"elementor-element elementor-element-cp217c70b4 e-flex e-con-boxed e-con e-parent\" data-id=\"cp217c70b4\" data-element_type=\"container\" data-e-type=\"container\">\n\t\t\t\t\t<div class=\"e-con-inner\">\n\t\t\t\t<div class=\"elementor-element elementor-element-cp24ec51dc elementor-widget elementor-widget-heading\" data-id=\"cp24ec51dc\" data-element_type=\"widget\" data-e-type=\"widget\" data-widget_type=\"heading.default\">\n\t\t\t\t\t<h2 class=\"elementor-heading-title elementor-size-default\">Concepcions de l'ultratomba i l'imaginari de les tombes<\/h2>\t\t\t\t<\/div>\n\t\t<div class=\"elementor-element elementor-element-cp2bec5284 e-flex e-con-boxed e-con e-child\" data-id=\"cp2bec5284\" data-element_type=\"container\" data-e-type=\"container\">\n\t\t\t\t\t<div class=\"e-con-inner\">\n\t\t\t\t<div class=\"elementor-element elementor-element-cp267866d0 elementor-widget elementor-widget-text-editor\" data-id=\"cp267866d0\" data-element_type=\"widget\" data-e-type=\"widget\" data-widget_type=\"text-editor.default\">\n\t\t\t\t\t\t\t\t\t<p>La major part del nostre coneixement sobre la religi\u00f3 etrusca prov\u00e9 de les necr\u00f2polis, ja que els assentaments i els <span class=\"iwg-fachbegriff\" data-tooltip=\"Un edifici destinat a la veneraci\u00f3 d'una o diverses divinitats.\" tabindex=\"0\">temples<\/span> estan molt pitjor conservats. Les cambres funer\u00e0ries de Tarqu\u00ednia, Cerveteri i altres llocs estaven en part decorades de manera elaborada amb pintures murals.<\/p><p>Les imatges m\u00e9s antigues, dels segles sis\u00e8 i cinqu\u00e8 abans de Crist, mostren sobretot escenes de banquet, danses i jocs, \u00e9s a dir, una imatge festiva i orientada cap a la vida terrenal.<\/p><p>A les tombes m\u00e9s tardanes, dels segles quart i tercer, el to canvia notablement. Ara apareixen figures demon\u00edaques que acompanyen o amenacen els difunts. La m\u00e9s coneguda \u00e9s <a href=\"https:\/\/iwell-guard.com\/ca\/?page_id=171706\">Charun<\/a>, un \u00e9sser de la mort amb martell, el nom del qual recorda el grec Caront, per\u00f2 que t\u00e9 una funci\u00f3 pr\u00f2pia.<\/p><p>S&#8217;hi afegeix la <a href=\"https:\/\/iwell-guard.com\/ca\/?page_id=171707\">Vanth<\/a> alada, sovint representada com una acompanyant sense car\u00e0cter amena\u00e7ador. La investigaci\u00f3 interpreta aquest canvi en part com una creixent influ\u00e8ncia grega, en part com una reacci\u00f3 a la crisi pol\u00edtica de les ciutats etrusques sota la pressi\u00f3 romana.<\/p><p>Sobre la concepci\u00f3 exacta de l&#8217;ultratomba, les imatges donen menys informaci\u00f3 de la que es podria esperar. Hi ha indicis d&#8217;un infram\u00f3n amb governants propis, per\u00f2 no es pot copsar un sistema doctrinal tan elaborat com el d&#8217;Egipte.<\/p><p>Sarc\u00f2fags i urnes ciner\u00e0ries amb figures jacents dels difunts mostren un inter\u00e8s persistent per la persona individual. Si aix\u00f2 expressa una esperan\u00e7a de perviv\u00e8ncia o si sobretot pretenia assegurar el rang social de la fam\u00edlia \u00e9s una q\u00fcesti\u00f3 que la investigaci\u00f3 valora de maneres diferents.<\/p>\t\t\t\t\t\t\t\t<\/div>\n\t\t\t\t\t<\/div>\n\t\t\t\t<\/div>\n\t\t\t\t\t<\/div>\n\t\t\t\t<\/div>\n\t\t<div class=\"elementor-element elementor-element-cp2b06ffed e-flex e-con-boxed e-con e-parent\" data-id=\"cp2b06ffed\" data-element_type=\"container\" data-e-type=\"container\">\n\t\t\t\t\t<div class=\"e-con-inner\">\n\t\t\t\t<div class=\"elementor-element elementor-element-cp2208928c elementor-widget elementor-widget-heading\" data-id=\"cp2208928c\" data-element_type=\"widget\" data-e-type=\"widget\" data-widget_type=\"heading.default\">\n\t\t\t\t\t<h2 class=\"elementor-heading-title elementor-size-default\">Hist\u00f2ria de la investigaci\u00f3 i la imatge dels etruscos a Occident<\/h2>\t\t\t\t<\/div>\n\t\t<div class=\"elementor-element elementor-element-cp2eaa4608 e-flex e-con-boxed e-con e-child\" data-id=\"cp2eaa4608\" data-element_type=\"container\" data-e-type=\"container\">\n\t\t\t\t\t<div class=\"e-con-inner\">\n\t\t\t\t<div class=\"elementor-element elementor-element-cp25981fd6 elementor-widget elementor-widget-text-editor\" data-id=\"cp25981fd6\" data-element_type=\"widget\" data-e-type=\"widget\" data-widget_type=\"text-editor.default\">\n\t\t\t\t\t\t\t\t\t<p>L&#8217;inter\u00e8s pels etruscos va sorgir en el Renaixement, quan els erudits toscans hi veien un passat glori\u00f3s de la seva terra.<\/p><p>Aquest entusiasme, anomenat etruscheria, estava fortament marcat per l&#8217;orgull local i barrejava troballes amb especulaci\u00f3. Al segle divuit va sorgir, amb l&#8217;Accademia Etrusca de Cortona, una primera ocupaci\u00f3 institucional, que igualment tenia trets rom\u00e0ntics.<\/p><p>Un gir cr\u00edtic el van portar el segle dinou i principis del vint, amb l&#8217;excavaci\u00f3 sistem\u00e0tica de les necr\u00f2polis i la recopilaci\u00f3 de les inscripcions al <em>Corpus Inscriptionum Etruscarum<\/em>. Massimo Pallottino va marcar la investigaci\u00f3 moderna a partir dels anys 1940.<\/p><p>Es va oposar a l&#8217;antiga pregunta sobre l&#8217;origen dels etruscos i va subratllar, en canvi, que un poble es forma mitjan\u00e7ant el seu desenvolupament in situ, no per una \u00fanica migraci\u00f3.<\/p><p>La q\u00fcesti\u00f3 de l&#8217;origen en si es remunta a Her\u00f2dot, que afirmava una migraci\u00f3 des de L\u00eddia, mentre que Dion\u00eds d&#8217;Halicarn\u00e0s considerava els etruscos aut\u00f2ctons. Les investigacions gen\u00e8tiques dels \u00faltims anys donen m\u00e9s suport a una continu\u00eftat amb la poblaci\u00f3 local de l&#8217;edat del bronze, sense tancar el debat.<\/p><p>Per a la hist\u00f2ria de la religi\u00f3 \u00e9s important tenir en compte que moltes not\u00edcies <span class=\"iwg-fachbegriff\" data-tooltip=\"\u00c8poca de la cultura grega i romana, aproximadament del 800 aC al 600 dC.\" tabindex=\"0\">antigues<\/span> sobre els etruscos provenen d&#8217;autors romans que tenien un inter\u00e8s propi, per exemple justificar l&#8217;apropiaci\u00f3 de l&#8217;endevinaci\u00f3 dels presagis. Per aix\u00f2 la religi\u00f3 etrusca ens ha arribat en gran part filtrada per una lent romana, cosa que obliga a tractar amb prud\u00e8ncia qualsevol reconstrucci\u00f3.<\/p>\t\t\t\t\t\t\t\t<\/div>\n\t\t\t\t\t<\/div>\n\t\t\t\t<\/div>\n\t\t\t\t\t<\/div>\n\t\t\t\t<\/div>\n\t\t<div class=\"elementor-element elementor-element-iwgha-etruskisch-sec e-flex e-con-boxed e-con e-parent\" data-id=\"iwgha-etruskisch-sec\" data-element_type=\"container\" data-e-type=\"container\">\n\t\t\t\t\t<div class=\"e-con-inner\">\n\t\t\t\t<div class=\"elementor-element elementor-element-iwgha-etruskisch-h elementor-widget elementor-widget-heading\" data-id=\"iwgha-etruskisch-h\" data-element_type=\"widget\" data-e-type=\"widget\" data-widget_type=\"heading.default\">\n\t\t\t\t\t<h2 class=\"elementor-heading-title elementor-size-default\">\u00c9ssers d'aquesta tradici\u00f3 (10)<\/h2>\t\t\t\t<\/div>\n\t\t<div class=\"elementor-element elementor-element-iwgha-etruskisch-gc e-flex e-con-boxed e-con e-parent\" data-id=\"iwgha-etruskisch-gc\" data-element_type=\"container\" data-e-type=\"container\">\n\t\t\t\t\t<div class=\"e-con-inner\">\n\t\t\t\t<div class=\"elementor-element elementor-element-iwgha-etruskisch-grid elementor-widget elementor-widget-text-editor\" data-id=\"iwgha-etruskisch-grid\" data-element_type=\"widget\" data-e-type=\"widget\" data-widget_type=\"text-editor.default\">\n\t\t\t\t\t\t\t\t\t<div class=\"iwg-wesen-grid\"><a class=\"iwg-wesen-card\" href=\"https:\/\/iwell-guard.com\/ca\/aita-deu-etrusc-de-linfern\/\" aria-label=\"Aita \u2013 D\u00e9u etrusc de l\u2019infram\u00f3n\"><div class=\"iwg-wesen-card-imgwrap\"><img decoding=\"async\" src=\"https:\/\/iwell-guard.com\/wp-content\/uploads\/2026\/05\/goetter_etruskisch_aita-1-200x300.webp\" alt=\"Aita \u2013 D\u00e9u etrusc de l\u2019infram\u00f3n\" loading=\"lazy\"><\/div><div class=\"iwg-wesen-card-body\"><div class=\"iwg-wesen-card-name\">Aita \u2013 D\u00e9u etrusc de l\u2019infram\u00f3n<\/div><div class=\"iwg-wesen-card-arrow\">\u2192 A l&#039;\u00e9sser<\/div><\/div><\/a><a class=\"iwg-wesen-card\" href=\"https:\/\/iwell-guard.com\/ca\/charun-dimoni-etrusc-dels-morts\/\" aria-label=\"Charun \u2013 Dimoni etrusc dels morts\"><div class=\"iwg-wesen-card-imgwrap\"><img decoding=\"async\" src=\"https:\/\/iwell-guard.com\/wp-content\/uploads\/2026\/05\/daemonen_etruskisch_charun-200x300.webp\" alt=\"Charun \u2013 Dimoni etrusc dels morts\" loading=\"lazy\"><\/div><div class=\"iwg-wesen-card-body\"><div class=\"iwg-wesen-card-name\">Charun \u2013 Dimoni etrusc dels morts<\/div><div class=\"iwg-wesen-card-arrow\">\u2192 A l&#039;\u00e9sser<\/div><\/div><\/a><a class=\"iwg-wesen-card\" href=\"https:\/\/iwell-guard.com\/ca\/menrva-deessa-etrusca-saviesa-guerra\/\" aria-label=\"Menrva \u2013 Deessa etrusca de la saviesa i de la guerra\"><div class=\"iwg-wesen-card-imgwrap\"><img decoding=\"async\" src=\"https:\/\/iwell-guard.com\/wp-content\/uploads\/2026\/05\/goetter_etruskisch_menrva-200x300.webp\" alt=\"Menrva \u2013 Deessa etrusca de la saviesa i de la guerra\" loading=\"lazy\"><\/div><div class=\"iwg-wesen-card-body\"><div class=\"iwg-wesen-card-name\">Menrva \u2013 Deessa etrusca de la saviesa i de la guerra<\/div><div class=\"iwg-wesen-card-arrow\">\u2192 A l&#039;\u00e9sser<\/div><\/div><\/a><a class=\"iwg-wesen-card\" href=\"https:\/\/iwell-guard.com\/ca\/sethlans-deu-etrusc-forja-foc\/\" aria-label=\"Sethlans \u2013 D\u00e9u etrusc de la forja i del foc\"><div class=\"iwg-wesen-card-imgwrap\"><img decoding=\"async\" src=\"https:\/\/iwell-guard.com\/wp-content\/uploads\/2026\/05\/goetter_etruskisch_sethlans-200x300.webp\" alt=\"Sethlans \u2013 D\u00e9u etrusc de la forja i del foc\" loading=\"lazy\"><\/div><div class=\"iwg-wesen-card-body\"><div class=\"iwg-wesen-card-name\">Sethlans \u2013 D\u00e9u etrusc de la forja i del foc<\/div><div class=\"iwg-wesen-card-arrow\">\u2192 A l&#039;\u00e9sser<\/div><\/div><\/a><a class=\"iwg-wesen-card\" href=\"https:\/\/iwell-guard.com\/ca\/tinia-deu-suprem-etruscos\/\" aria-label=\"Tinia \u2013 D\u00e9u suprem dels etruscos\"><div class=\"iwg-wesen-card-imgwrap\"><img decoding=\"async\" src=\"https:\/\/iwell-guard.com\/wp-content\/uploads\/2026\/05\/goetter_etruskisch_tinia-1-200x300.webp\" alt=\"Tinia \u2013 D\u00e9u suprem dels etruscos\" loading=\"lazy\"><\/div><div class=\"iwg-wesen-card-body\"><div class=\"iwg-wesen-card-name\">Tinia \u2013 D\u00e9u suprem dels etruscos<\/div><div class=\"iwg-wesen-card-arrow\">\u2192 A l&#039;\u00e9sser<\/div><\/div><\/a><a class=\"iwg-wesen-card\" href=\"https:\/\/iwell-guard.com\/ca\/tuchulcha-dimoni-etrusc-inframon\/\" aria-label=\"Tuchulcha \u2013 Dimoni etrusc de l\u2019infram\u00f3n\"><div class=\"iwg-wesen-card-imgwrap\"><img decoding=\"async\" src=\"https:\/\/iwell-guard.com\/wp-content\/uploads\/2026\/05\/daemonen_etruskisch_tuchulcha-200x300.webp\" alt=\"Tuchulcha \u2013 Dimoni etrusc de l\u2019infram\u00f3n\" loading=\"lazy\"><\/div><div class=\"iwg-wesen-card-body\"><div class=\"iwg-wesen-card-name\">Tuchulcha \u2013 Dimoni etrusc de l\u2019infram\u00f3n<\/div><div class=\"iwg-wesen-card-arrow\">\u2192 A l&#039;\u00e9sser<\/div><\/div><\/a><a class=\"iwg-wesen-card\" href=\"https:\/\/iwell-guard.com\/ca\/turms-missatger-dels-deus-etrusc\/\" aria-label=\"Turms \u2013 Missatger etrusc dels d\u00e9us i de\u00eftat dels morts\"><div class=\"iwg-wesen-card-imgwrap\"><img decoding=\"async\" src=\"https:\/\/iwell-guard.com\/wp-content\/uploads\/2026\/05\/goetter_etruskisch_turms-200x300.webp\" alt=\"Turms \u2013 Missatger etrusc dels d\u00e9us i de\u00eftat dels morts\" loading=\"lazy\"><\/div><div class=\"iwg-wesen-card-body\"><div class=\"iwg-wesen-card-name\">Turms \u2013 Missatger etrusc dels d\u00e9us i de\u00eftat dels morts<\/div><div class=\"iwg-wesen-card-arrow\">\u2192 A l&#039;\u00e9sser<\/div><\/div><\/a><a class=\"iwg-wesen-card\" href=\"https:\/\/iwell-guard.com\/ca\/uni-deessa-suprema-etruscs\/\" aria-label=\"Uni \u2013 Deessa suprema dels etruscs\"><div class=\"iwg-wesen-card-imgwrap\"><img decoding=\"async\" src=\"https:\/\/iwell-guard.com\/wp-content\/uploads\/2026\/05\/goetter_etruskisch_uni-200x300.webp\" alt=\"Uni \u2013 Deessa suprema dels etruscs\" loading=\"lazy\"><\/div><div class=\"iwg-wesen-card-body\"><div class=\"iwg-wesen-card-name\">Uni \u2013 Deessa suprema dels etruscs<\/div><div class=\"iwg-wesen-card-arrow\">\u2192 A l&#039;\u00e9sser<\/div><\/div><\/a><a class=\"iwg-wesen-card\" href=\"https:\/\/iwell-guard.com\/ca\/vanth-dimoni-etrusca-inframon\/\" aria-label=\"Vanth \u2013 Dimoni etrusca de l\u2019infram\u00f3n\"><div class=\"iwg-wesen-card-imgwrap\"><img decoding=\"async\" src=\"https:\/\/iwell-guard.com\/wp-content\/uploads\/2026\/05\/daemonen_etruskisch_vanth-200x300.webp\" alt=\"Vanth \u2013 Dimoni etrusca de l\u2019infram\u00f3n\" loading=\"lazy\"><\/div><div class=\"iwg-wesen-card-body\"><div class=\"iwg-wesen-card-name\">Vanth \u2013 Dimoni etrusca de l\u2019infram\u00f3n<\/div><div class=\"iwg-wesen-card-arrow\">\u2192 A l&#039;\u00e9sser<\/div><\/div><\/a><a class=\"iwg-wesen-card\" href=\"https:\/\/iwell-guard.com\/ca\/voltumna-deu-federal-lliga-etrusca\/\" aria-label=\"Voltumna \u2013 D\u00e9u federal de la lliga etrusca\"><div class=\"iwg-wesen-card-imgwrap\"><img decoding=\"async\" src=\"https:\/\/iwell-guard.com\/wp-content\/uploads\/2026\/05\/goetter_etruskisch_voltumna-1-200x300.webp\" alt=\"Voltumna \u2013 D\u00e9u federal de la lliga etrusca\" loading=\"lazy\"><\/div><div class=\"iwg-wesen-card-body\"><div class=\"iwg-wesen-card-name\">Voltumna \u2013 D\u00e9u federal de la lliga etrusca<\/div><div class=\"iwg-wesen-card-arrow\">\u2192 A l&#039;\u00e9sser<\/div><\/div><\/a><\/div>\t\t\t\t\t\t\t\t<\/div>\n\t\t\t\t\t<\/div>\n\t\t\t\t<\/div>\n\t\t\t\t\t<\/div>\n\t\t\t\t<\/div>\n\t\t<div class=\"elementor-element elementor-element-iwgkw2-add-etruskisch e-flex e-con-boxed e-con e-parent\" data-id=\"iwgkw2-add-etruskisch\" data-element_type=\"container\" data-e-type=\"container\">\n\t\t\t\t\t<div class=\"e-con-inner\">\n\t\t\t\t<div class=\"elementor-element elementor-element-iwgkw2-add-etruskisch-t elementor-widget elementor-widget-text-editor\" data-id=\"iwgkw2-add-etruskisch-t\" data-element_type=\"widget\" data-e-type=\"widget\" data-widget_type=\"text-editor.default\">\n\t\t\t\t\t\t\t\t\t<p>La religi\u00f3 etrusca forma una tradici\u00f3 <em>it\u00e0lica<\/em> pr\u00f2pia, la disciplina etrusca de la qual va ser adoptada pels romans i va marcar, fins a l&#8217;<span class=\"iwg-fachbegriff\" data-tooltip=\"\u00c8poca de transici\u00f3 entre l'Antiguitat i l'edat mitjana, aproximadament del segle III al VII.\" tabindex=\"0\">antiguitat tardana<\/span>, l&#8217;hepatosc\u00f2pia, la interpretaci\u00f3 dels llamps i l&#8217;ordenaci\u00f3 ritual.<\/p>\t\t\t\t\t\t\t\t<\/div>\n\t\t\t\t\t<\/div>\n\t\t\t\t<\/div>\n\t\t<div class=\"elementor-element elementor-element-iwgcn-etruskisch-kwd e-flex e-con-boxed e-con e-parent\" data-id=\"iwgcn-etruskisch-kwd\" data-element_type=\"container\" data-e-type=\"container\">\n\t\t\t\t\t<div class=\"e-con-inner\">\n\t\t<div class=\"elementor-element elementor-element-iwgcn-etruskisch-kwd-c e-con-full e-flex e-con e-child\" data-id=\"iwgcn-etruskisch-kwd-c\" data-element_type=\"container\" data-e-type=\"container\">\n\t\t\t\t<div class=\"elementor-element elementor-element-iwgcn-etruskisch-kwdt elementor-widget elementor-widget-text-editor\" data-id=\"iwgcn-etruskisch-kwdt\" data-element_type=\"widget\" data-e-type=\"widget\" data-widget_type=\"text-editor.default\">\n\t\t\t\t\t\t\t\t\t<p><em>Termes clau relacionats: Etruscos, Haruspex, Disciplina Etrusca, Bulla, Tinia, Uni, Menrva, Voltumna, Liber Linteus, Tages.<\/em><\/p>\t\t\t\t\t\t\t\t<\/div>\n\t\t\t\t<\/div>\n\t\t\t\t\t<\/div>\n\t\t\t\t<\/div>\n\t\t<div class=\"elementor-element elementor-element-iwgcn-etruskisch-cc e-flex e-con-boxed e-con e-parent\" data-id=\"iwgcn-etruskisch-cc\" data-element_type=\"container\" data-e-type=\"container\" id=\"iwg-cc-etruskisch\">\n\t\t\t\t\t<div class=\"e-con-inner\">\n\t\t<div class=\"elementor-element elementor-element-iwgcn-etruskisch-ccinner e-flex e-con-boxed e-con e-parent\" data-id=\"iwgcn-etruskisch-ccinner\" data-element_type=\"container\" data-e-type=\"container\" data-settings=\"{&quot;background_background&quot;:&quot;classic&quot;}\">\n\t\t\t\t\t<div class=\"e-con-inner\">\n\t\t\t\t<div class=\"elementor-element elementor-element-iwgcn-etruskisch-cch elementor-widget elementor-widget-heading\" data-id=\"iwgcn-etruskisch-cch\" data-element_type=\"widget\" data-e-type=\"widget\" data-widget_type=\"heading.default\">\n\t\t\t\t\t<h2 class=\"elementor-heading-title elementor-size-default\">Objectes de protecci\u00f3 d'aquesta tradici\u00f3 cultural<\/h2>\t\t\t\t<\/div>\n\t\t\t\t<div class=\"elementor-element elementor-element-iwgcn-etruskisch-cct elementor-widget elementor-widget-text-editor\" data-id=\"iwgcn-etruskisch-cct\" data-element_type=\"widget\" data-e-type=\"widget\" data-widget_type=\"text-editor.default\">\n\t\t\t\t\t\t\t\t\t<p>La tradici\u00f3 etrusca coneixia la Bulla, un penjoll de protecci\u00f3 buit per a infants, fet d&#8217;or, bronze o cuir, farcit de subst\u00e0ncies d&#8217;<span class=\"iwg-fachbegriff\" data-tooltip=\"Un objecte portat al qual s'atribueix un efecte protector i d'allunyament de la desgr\u00e0cia.\" tabindex=\"0\">amulet<\/span>, aix\u00ed com penjolls lunula per a dones i signes f\u00e0l\u00b7lics fascinus contra el mal d&#8217;ull.<\/p><div data-nosnippet=\"true\"><p>iWell Guard s&#8217;inscriu en aquesta l\u00ednia cultural i hist\u00f2rica d&#8217;objectes de protecci\u00f3 portables, en una arquitectura de materials contempor\u00e0nia, fabricat a Alemanya. 41 capes, or aut\u00e8ntic, plat\u00ed, plata. Dret de devoluci\u00f3 de 30 dies.<\/p><\/div>\t\t\t\t\t\t\t\t<\/div>\n\t\t\t\t<div class=\"elementor-element elementor-element-iwgcn-etruskisch-ccb iwg-cc-button iwg-cc-cta-2026-05-13 elementor-widget elementor-widget-jet-button\" data-id=\"iwgcn-etruskisch-ccb\" data-element_type=\"widget\" data-e-type=\"widget\" data-widget_type=\"jet-button.default\">\n\t\t\t\t<div class=\"elementor-widget-container\">\n\t\t\t\t\t<div class=\"elementor-jet-button jet-elements\"><div class=\"jet-button__container\"><a class=\"jet-button__instance jet-button__instance--icon-left hover-effect-1\" href=\"\/ueber-iwell-guard\/?utm_source=iwell-guard.com&amp;utm_medium=info-box&amp;utm_campaign=kultur-tradition\"><div class=\"jet-button__plane jet-button__plane-normal\"><\/div><div class=\"jet-button__plane jet-button__plane-hover\"><\/div><div class=\"jet-button__state jet-button__state-normal\"><span class=\"jet-button__label\">M\u00e9s informaci\u00f3 sobre l'iWell Guard<\/span><\/div><div class=\"jet-button__state jet-button__state-hover\"><span class=\"jet-button__label\">M\u00e9s informaci\u00f3 sobre l'iWell Guard<\/span><\/div><\/a><\/div><\/div><style>.elementor-element.elementor-element-iwgcn-etruskisch-ccb .jet-button__instance{width:320px;height:56px;}.elementor-element.elementor-element-iwgcn-etruskisch-ccb .jet-button__state-normal .jet-button__label{text-align:center;margin:0px 0px 0px 0px;color:#1a1b20;font-family:Montserrat,sans-serif;font-size:13px;font-weight:400;letter-spacing:4px;line-height:1.714em;text-transform:uppercase;}.elementor-element.elementor-element-iwgcn-etruskisch-ccb .jet-button__state-hover .jet-button__label{text-align:center;margin:0px 0px 0px 0px;color:#FECC76;font-family:Montserrat,sans-serif;font-size:13px;font-weight:400;letter-spacing:4px;line-height:1.714em;text-transform:uppercase;}.elementor-element.elementor-element-iwgcn-etruskisch-ccb .jet-button__plane-normal{background-color:#FECC76;border-style:solid;border-color:#C99540;border-width:2px 2px 2px 2px;}.elementor-element.elementor-element-iwgcn-etruskisch-ccb .jet-button__plane-hover{background-color:rgba(0,0,0,0.55);border-style:solid;border-color:#FECC76;border-width:2px 2px 2px 2px;}<\/style>\t\t\t\t<\/div>\n\t\t\t\t<\/div>\n\t\t\t\t<div class=\"elementor-element elementor-element-iwgcn-etruskisch-ccd elementor-widget elementor-widget-text-editor\" data-id=\"iwgcn-etruskisch-ccd\" data-element_type=\"widget\" data-e-type=\"widget\" data-widget_type=\"text-editor.default\">\n\t\t\t\t\t\t\t\t\t<div data-nosnippet=\"true\"><p style=\"text-align:center;font-size:13px;opacity:0.7;margin-top:14px\" data-nosnippet=\"true\">Les experi\u00e8ncies personals poden variar. No \u00e9s un producte sanitari. No \u00e9s una promesa de curaci\u00f3.<\/p><\/div>\t\t\t\t\t\t\t\t<\/div>\n\t\t\t\t\t<\/div>\n\t\t\t\t<\/div>\n\t\t\t\t\t<\/div>\n\t\t\t\t<\/div>\n\t\t<div class=\"elementor-element elementor-element-iwgcn-etruskisch-disc e-flex e-con-boxed e-con e-parent\" data-id=\"iwgcn-etruskisch-disc\" data-element_type=\"container\" data-e-type=\"container\">\n\t\t\t\t\t<div class=\"e-con-inner\">\n\t\t\t\t<div class=\"elementor-element elementor-element-iwgcn-etruskisch-discw elementor-widget elementor-widget-html\" data-id=\"iwgcn-etruskisch-discw\" data-element_type=\"widget\" data-e-type=\"widget\" data-widget_type=\"html.default\">\n\t\t\t\t\t<footer data-nosnippet=\"true\" class=\"iwg-disclaimer-block\"><p data-nosnippet=\"true\">iWell Guard <strong>no \u00e9s un producte sanitari<\/strong> i no substitueix cap tractament m\u00e8dic o psicoterap\u00e8utic. Els continguts d'hist\u00f2ria de les religions s\u00f3n una classificaci\u00f3 culturohist\u00f2rica, no una recomanaci\u00f3 de pr\u00e0ctica espiritual.<\/p><\/footer>\t\t\t\t<\/div>\n\t\t\t\t\t<\/div>\n\t\t\t\t<\/div>\n\t\t\t\t<\/div>\n\t\t","protected":false},"excerpt":{"rendered":"","protected":false},"author":3,"featured_media":2816,"parent":0,"menu_order":0,"comment_status":"closed","ping_status":"closed","template":"elementor_header_footer","meta":{"_yoast_wpseo_focuskw":"d\u00e9us etruscs","_yoast_wpseo_title":"D\u00e9us etruscs \u2013 Tinia, Uni, Menerva | iWell Guard","_yoast_wpseo_metadesc":"D\u00e9us dels etruscs: Tinia (d\u00e9u principal), Uni, Menerva, Aita. Religi\u00f3 dels har\u00faspexs, model de la tr\u00edada capitolina romana","_yoast_wpseo_meta-robots-noindex":"","_yoast_wpseo_canonical":"","_angie_page":false,"gefaehrdungsstufe":"","wesen_kultur":"","wesen_klasse":"","footnotes":""},"categories":[],"class_list":["post-171664","page","type-page","status-publish","has-post-thumbnail","hentry"],"yoast_head":"<!-- This site is optimized with the Yoast SEO Premium plugin v27.7 (Yoast SEO v28.3) - https:\/\/yoast.com\/product\/yoast-seo-premium-wordpress\/ -->\n<title>D\u00e9us etruscs \u2013 Tinia, Uni, Menerva | iWell Guard<\/title>\n<meta name=\"description\" content=\"D\u00e9us dels etruscs: Tinia (d\u00e9u principal), Uni, Menerva, Aita. Religi\u00f3 dels har\u00faspexs, model de la tr\u00edada capitolina romana\" \/>\n<meta name=\"robots\" content=\"index, follow, max-snippet:-1, max-image-preview:large, max-video-preview:-1\" \/>\n<link rel=\"canonical\" href=\"https:\/\/iwell-guard.com\/ca\/religio-etrusca-haruspex-disciplina-proteccio\/\" \/>\n<meta property=\"og:locale\" content=\"ca_ES\" \/>\n<meta property=\"og:type\" content=\"article\" \/>\n<meta property=\"og:title\" content=\"Religi\u00f3 etrusca \u2013 Haruspex, Disciplina i pr\u00e0ctica de protecci\u00f3\" \/>\n<meta property=\"og:description\" content=\"D\u00e9us dels etruscs: Tinia (d\u00e9u principal), Uni, Menerva, Aita. Religi\u00f3 dels har\u00faspexs, model de la tr\u00edada capitolina romana\" \/>\n<meta property=\"og:url\" content=\"https:\/\/iwell-guard.com\/ca\/religio-etrusca-haruspex-disciplina-proteccio\/\" \/>\n<meta property=\"og:site_name\" content=\"iWell Guard\" \/>\n<meta property=\"article:modified_time\" content=\"2026-09-05T16:03:49+00:00\" \/>\n<meta property=\"og:image\" content=\"https:\/\/iwell-guard.com\/wp-content\/uploads\/2026\/05\/goetter_etruskisch_aita-1.webp\" \/>\n\t<meta property=\"og:image:width\" content=\"1024\" \/>\n\t<meta property=\"og:image:height\" content=\"1536\" \/>\n\t<meta property=\"og:image:type\" content=\"image\/webp\" \/>\n<meta name=\"twitter:card\" content=\"summary_large_image\" \/>\n<script type=\"application\/ld+json\" class=\"yoast-schema-graph\">{\"@context\":\"https:\\\/\\\/schema.org\",\"@graph\":[{\"@type\":\"WebPage\",\"@id\":\"https:\\\/\\\/iwell-guard.com\\\/ca\\\/religio-etrusca-haruspex-disciplina-proteccio\\\/\",\"url\":\"https:\\\/\\\/iwell-guard.com\\\/ca\\\/religio-etrusca-haruspex-disciplina-proteccio\\\/\",\"name\":\"D\u00e9us etruscs \u2013 Tinia, Uni, Menerva | iWell Guard\",\"isPartOf\":{\"@id\":\"https:\\\/\\\/iwell-guard.com\\\/ca\\\/#website\"},\"primaryImageOfPage\":{\"@id\":\"https:\\\/\\\/iwell-guard.com\\\/ca\\\/religio-etrusca-haruspex-disciplina-proteccio\\\/#primaryimage\"},\"image\":{\"@id\":\"https:\\\/\\\/iwell-guard.com\\\/ca\\\/religio-etrusca-haruspex-disciplina-proteccio\\\/#primaryimage\"},\"thumbnailUrl\":\"https:\\\/\\\/iwell-guard.com\\\/wp-content\\\/uploads\\\/2026\\\/05\\\/goetter_etruskisch_aita-1.webp\",\"datePublished\":\"2026-09-05T15:41:16+00:00\",\"dateModified\":\"2026-09-05T16:03:49+00:00\",\"description\":\"D\u00e9us dels etruscs: Tinia (d\u00e9u principal), Uni, Menerva, Aita. Religi\u00f3 dels har\u00faspexs, model de la tr\u00edada capitolina romana\",\"breadcrumb\":{\"@id\":\"https:\\\/\\\/iwell-guard.com\\\/ca\\\/religio-etrusca-haruspex-disciplina-proteccio\\\/#breadcrumb\"},\"inLanguage\":\"ca\",\"potentialAction\":[{\"@type\":\"ReadAction\",\"target\":[\"https:\\\/\\\/iwell-guard.com\\\/ca\\\/religio-etrusca-haruspex-disciplina-proteccio\\\/\"]}]},{\"@type\":\"ImageObject\",\"inLanguage\":\"ca\",\"@id\":\"https:\\\/\\\/iwell-guard.com\\\/ca\\\/religio-etrusca-haruspex-disciplina-proteccio\\\/#primaryimage\",\"url\":\"https:\\\/\\\/iwell-guard.com\\\/wp-content\\\/uploads\\\/2026\\\/05\\\/goetter_etruskisch_aita-1.webp\",\"contentUrl\":\"https:\\\/\\\/iwell-guard.com\\\/wp-content\\\/uploads\\\/2026\\\/05\\\/goetter_etruskisch_aita-1.webp\",\"width\":1024,\"height\":1536,\"caption\":\"D\u00e9us de la tradici\u00f3 etrusca.\"},{\"@type\":\"BreadcrumbList\",\"@id\":\"https:\\\/\\\/iwell-guard.com\\\/ca\\\/religio-etrusca-haruspex-disciplina-proteccio\\\/#breadcrumb\",\"itemListElement\":[{\"@type\":\"ListItem\",\"position\":1,\"name\":\"Start\",\"item\":\"https:\\\/\\\/iwell-guard.com\\\/ca\\\/?page_id=171333\"},{\"@type\":\"ListItem\",\"position\":2,\"name\":\"Religi\u00f3 etrusca \u2013 Haruspex, Disciplina i pr\u00e0ctica de protecci\u00f3\"}]},{\"@type\":\"WebSite\",\"@id\":\"https:\\\/\\\/iwell-guard.com\\\/ca\\\/#website\",\"url\":\"https:\\\/\\\/iwell-guard.com\\\/ca\\\/\",\"name\":\"iWell Guard\",\"description\":\"Schutz vor dunklen Einfl\u00fcssen\",\"publisher\":{\"@id\":\"https:\\\/\\\/iwell-guard.com\\\/ca\\\/#organization\"},\"potentialAction\":[{\"@type\":\"SearchAction\",\"target\":{\"@type\":\"EntryPoint\",\"urlTemplate\":\"https:\\\/\\\/iwell-guard.com\\\/ca\\\/?s={search_term_string}\"},\"query-input\":{\"@type\":\"PropertyValueSpecification\",\"valueRequired\":true,\"valueName\":\"search_term_string\"}}],\"inLanguage\":\"ca\"},{\"@type\":\"Organization\",\"@id\":\"https:\\\/\\\/iwell-guard.com\\\/ca\\\/#organization\",\"name\":\"Ittermann electronic GmbH\",\"url\":\"https:\\\/\\\/iwell-guard.com\\\/ca\\\/\",\"logo\":{\"@type\":\"ImageObject\",\"inLanguage\":\"ca\",\"@id\":\"https:\\\/\\\/iwell-guard.com\\\/ca\\\/#\\\/schema\\\/logo\\\/image\\\/\",\"url\":\"https:\\\/\\\/iwell-guard.com\\\/wp-content\\\/uploads\\\/2026\\\/05\\\/Ittermann-Logo-1182x237-1.png\",\"contentUrl\":\"https:\\\/\\\/iwell-guard.com\\\/wp-content\\\/uploads\\\/2026\\\/05\\\/Ittermann-Logo-1182x237-1.png\",\"width\":1182,\"height\":237,\"caption\":\"Ittermann electronic GmbH\"},\"image\":{\"@id\":\"https:\\\/\\\/iwell-guard.com\\\/ca\\\/#\\\/schema\\\/logo\\\/image\\\/\"},\"sameAs\":[\"https:\\\/\\\/pantip.com\\\/profile\\\/9367242\",\"https:\\\/\\\/micro.blog\\\/iwellguard\",\"https:\\\/\\\/www.diggerslist.com\\\/iwellguard\\\/about\",\"https:\\\/\\\/skitterphoto.com\\\/photographers\\\/2870314\\\/iwell-guard\",\"https:\\\/\\\/iwellguard.wordpress.com\\\/2026\\\/06\\\/06\\\/iwell-guard\\\/\",\"https:\\\/\\\/hub.docker.com\\\/u\\\/iwellguard\",\"https:\\\/\\\/www.pinterest.com\\\/iwellguard\\\/\",\"https:\\\/\\\/bit.ly\\\/m\\\/iwellguard\",\"https:\\\/\\\/entre-vos-mains.alsace.eu\\\/profiles\\\/iwellguard\\\/activity\",\"https:\\\/\\\/gravatar.com\\\/reallybeded8fd34\",\"https:\\\/\\\/naijamatta.com\\\/iwellguard\",\"https:\\\/\\\/www.goodreads.com\\\/iwellguard\",\"https:\\\/\\\/profile.hatena.ne.jp\\\/iwellguard\\\/\",\"https:\\\/\\\/experiment.com\\\/users\\\/iwellguard\",\"https:\\\/\\\/wakelet.com\\\/@iWellGuard82270\",\"https:\\\/\\\/www.chordie.com\\\/forum\\\/profile.php?id=2555664\",\"https:\\\/\\\/www.instapaper.com\\\/p\\\/17757966\",\"https:\\\/\\\/www.mapleprimes.com\\\/users\\\/iwellguard\",\"https:\\\/\\\/businesslistingplus.com\\\/profile\\\/iwell-guard\\\/\",\"https:\\\/\\\/telegra.ph\\\/iWell-Guard-06-06\",\"https:\\\/\\\/pbase.com\\\/iwellguard\\\/iwellguard\",\"https:\\\/\\\/b.hatena.ne.jp\\\/iwellguard\\\/20260607#bookmark-4788405196491818882\",\"https:\\\/\\\/fliphtml5.com\\\/home\\\/iwellguard\",\"https:\\\/\\\/anyflip.com\\\/homepage\\\/cmiwl#About\",\"https:\\\/\\\/transfur.com\\\/Users\\\/iwellguard\",\"http:\\\/\\\/delphi.larsbo.org\\\/user\\\/iwellguard\",\"https:\\\/\\\/jobs.lajobsportal.org\\\/profiles\\\/8380803-iwell-guard\",\"https:\\\/\\\/md.chaosdorf.de\\\/s\\\/jfbe5SBdJD\",\"https:\\\/\\\/www.lingvolive.com\\\/en-us\\\/profile\\\/9ecaeaca-ce11-4e51-9e71-01d55e2bff36\\\/translations\",\"https:\\\/\\\/www.fitday.com\\\/fitness\\\/forums\\\/members\\\/iwellguard.html\",\"https:\\\/\\\/www.mymeetbook.com\\\/iwellguard\",\"https:\\\/\\\/pxhere.com\\\/en\\\/photographer-me\\\/5040798\",\"https:\\\/\\\/disqus.com\\\/by\\\/iwellguard\\\/about\\\/\",\"https:\\\/\\\/pastelink.net\\\/hjwciqwq\",\"https:\\\/\\\/pubhtml5.com\\\/homepage\\\/scjhn\\\/\",\"https:\\\/\\\/www.bitchute.com\\\/channel\\\/2O2eOKzNqujT\",\"https:\\\/\\\/audiomack.com\\\/iwellguard\"]}]}<\/script>\n<!-- \/ Yoast SEO Premium plugin. -->","yoast_head_json":{"title":"D\u00e9us etruscs \u2013 Tinia, Uni, Menerva | iWell Guard","description":"D\u00e9us dels etruscs: Tinia (d\u00e9u principal), Uni, Menerva, Aita. Religi\u00f3 dels har\u00faspexs, model de la tr\u00edada capitolina romana","robots":{"index":"index","follow":"follow","max-snippet":"max-snippet:-1","max-image-preview":"max-image-preview:large","max-video-preview":"max-video-preview:-1"},"canonical":"https:\/\/iwell-guard.com\/ca\/religio-etrusca-haruspex-disciplina-proteccio\/","og_locale":"ca_ES","og_type":"article","og_title":"Religi\u00f3 etrusca \u2013 Haruspex, Disciplina i pr\u00e0ctica de protecci\u00f3","og_description":"D\u00e9us dels etruscs: Tinia (d\u00e9u principal), Uni, Menerva, Aita. Religi\u00f3 dels har\u00faspexs, model de la tr\u00edada capitolina romana","og_url":"https:\/\/iwell-guard.com\/ca\/religio-etrusca-haruspex-disciplina-proteccio\/","og_site_name":"iWell Guard","article_modified_time":"2026-09-05T16:03:49+00:00","og_image":[{"width":1024,"height":1536,"url":"https:\/\/iwell-guard.com\/wp-content\/uploads\/2026\/05\/goetter_etruskisch_aita-1.webp","type":"image\/webp"}],"twitter_card":"summary_large_image","schema":{"@context":"https:\/\/schema.org","@graph":[{"@type":"WebPage","@id":"https:\/\/iwell-guard.com\/ca\/religio-etrusca-haruspex-disciplina-proteccio\/","url":"https:\/\/iwell-guard.com\/ca\/religio-etrusca-haruspex-disciplina-proteccio\/","name":"D\u00e9us etruscs \u2013 Tinia, Uni, Menerva | iWell Guard","isPartOf":{"@id":"https:\/\/iwell-guard.com\/ca\/#website"},"primaryImageOfPage":{"@id":"https:\/\/iwell-guard.com\/ca\/religio-etrusca-haruspex-disciplina-proteccio\/#primaryimage"},"image":{"@id":"https:\/\/iwell-guard.com\/ca\/religio-etrusca-haruspex-disciplina-proteccio\/#primaryimage"},"thumbnailUrl":"https:\/\/iwell-guard.com\/wp-content\/uploads\/2026\/05\/goetter_etruskisch_aita-1.webp","datePublished":"2026-09-05T15:41:16+00:00","dateModified":"2026-09-05T16:03:49+00:00","description":"D\u00e9us dels etruscs: Tinia (d\u00e9u principal), Uni, Menerva, Aita. Religi\u00f3 dels har\u00faspexs, model de la tr\u00edada capitolina romana","breadcrumb":{"@id":"https:\/\/iwell-guard.com\/ca\/religio-etrusca-haruspex-disciplina-proteccio\/#breadcrumb"},"inLanguage":"ca","potentialAction":[{"@type":"ReadAction","target":["https:\/\/iwell-guard.com\/ca\/religio-etrusca-haruspex-disciplina-proteccio\/"]}]},{"@type":"ImageObject","inLanguage":"ca","@id":"https:\/\/iwell-guard.com\/ca\/religio-etrusca-haruspex-disciplina-proteccio\/#primaryimage","url":"https:\/\/iwell-guard.com\/wp-content\/uploads\/2026\/05\/goetter_etruskisch_aita-1.webp","contentUrl":"https:\/\/iwell-guard.com\/wp-content\/uploads\/2026\/05\/goetter_etruskisch_aita-1.webp","width":1024,"height":1536,"caption":"D\u00e9us de la tradici\u00f3 etrusca."},{"@type":"BreadcrumbList","@id":"https:\/\/iwell-guard.com\/ca\/religio-etrusca-haruspex-disciplina-proteccio\/#breadcrumb","itemListElement":[{"@type":"ListItem","position":1,"name":"Start","item":"https:\/\/iwell-guard.com\/ca\/?page_id=171333"},{"@type":"ListItem","position":2,"name":"Religi\u00f3 etrusca \u2013 Haruspex, Disciplina i pr\u00e0ctica de protecci\u00f3"}]},{"@type":"WebSite","@id":"https:\/\/iwell-guard.com\/ca\/#website","url":"https:\/\/iwell-guard.com\/ca\/","name":"iWell Guard","description":"Schutz vor dunklen Einfl\u00fcssen","publisher":{"@id":"https:\/\/iwell-guard.com\/ca\/#organization"},"potentialAction":[{"@type":"SearchAction","target":{"@type":"EntryPoint","urlTemplate":"https:\/\/iwell-guard.com\/ca\/?s={search_term_string}"},"query-input":{"@type":"PropertyValueSpecification","valueRequired":true,"valueName":"search_term_string"}}],"inLanguage":"ca"},{"@type":"Organization","@id":"https:\/\/iwell-guard.com\/ca\/#organization","name":"Ittermann electronic GmbH","url":"https:\/\/iwell-guard.com\/ca\/","logo":{"@type":"ImageObject","inLanguage":"ca","@id":"https:\/\/iwell-guard.com\/ca\/#\/schema\/logo\/image\/","url":"https:\/\/iwell-guard.com\/wp-content\/uploads\/2026\/05\/Ittermann-Logo-1182x237-1.png","contentUrl":"https:\/\/iwell-guard.com\/wp-content\/uploads\/2026\/05\/Ittermann-Logo-1182x237-1.png","width":1182,"height":237,"caption":"Ittermann electronic GmbH"},"image":{"@id":"https:\/\/iwell-guard.com\/ca\/#\/schema\/logo\/image\/"},"sameAs":["https:\/\/pantip.com\/profile\/9367242","https:\/\/micro.blog\/iwellguard","https:\/\/www.diggerslist.com\/iwellguard\/about","https:\/\/skitterphoto.com\/photographers\/2870314\/iwell-guard","https:\/\/iwellguard.wordpress.com\/2026\/06\/06\/iwell-guard\/","https:\/\/hub.docker.com\/u\/iwellguard","https:\/\/www.pinterest.com\/iwellguard\/","https:\/\/bit.ly\/m\/iwellguard","https:\/\/entre-vos-mains.alsace.eu\/profiles\/iwellguard\/activity","https:\/\/gravatar.com\/reallybeded8fd34","https:\/\/naijamatta.com\/iwellguard","https:\/\/www.goodreads.com\/iwellguard","https:\/\/profile.hatena.ne.jp\/iwellguard\/","https:\/\/experiment.com\/users\/iwellguard","https:\/\/wakelet.com\/@iWellGuard82270","https:\/\/www.chordie.com\/forum\/profile.php?id=2555664","https:\/\/www.instapaper.com\/p\/17757966","https:\/\/www.mapleprimes.com\/users\/iwellguard","https:\/\/businesslistingplus.com\/profile\/iwell-guard\/","https:\/\/telegra.ph\/iWell-Guard-06-06","https:\/\/pbase.com\/iwellguard\/iwellguard","https:\/\/b.hatena.ne.jp\/iwellguard\/20260607#bookmark-4788405196491818882","https:\/\/fliphtml5.com\/home\/iwellguard","https:\/\/anyflip.com\/homepage\/cmiwl#About","https:\/\/transfur.com\/Users\/iwellguard","http:\/\/delphi.larsbo.org\/user\/iwellguard","https:\/\/jobs.lajobsportal.org\/profiles\/8380803-iwell-guard","https:\/\/md.chaosdorf.de\/s\/jfbe5SBdJD","https:\/\/www.lingvolive.com\/en-us\/profile\/9ecaeaca-ce11-4e51-9e71-01d55e2bff36\/translations","https:\/\/www.fitday.com\/fitness\/forums\/members\/iwellguard.html","https:\/\/www.mymeetbook.com\/iwellguard","https:\/\/pxhere.com\/en\/photographer-me\/5040798","https:\/\/disqus.com\/by\/iwellguard\/about\/","https:\/\/pastelink.net\/hjwciqwq","https:\/\/pubhtml5.com\/homepage\/scjhn\/","https:\/\/www.bitchute.com\/channel\/2O2eOKzNqujT","https:\/\/audiomack.com\/iwellguard"]}]}},"_links":{"self":[{"href":"https:\/\/iwell-guard.com\/ca\/wp-json\/wp\/v2\/pages\/171664","targetHints":{"allow":["GET"]}}],"collection":[{"href":"https:\/\/iwell-guard.com\/ca\/wp-json\/wp\/v2\/pages"}],"about":[{"href":"https:\/\/iwell-guard.com\/ca\/wp-json\/wp\/v2\/types\/page"}],"author":[{"embeddable":true,"href":"https:\/\/iwell-guard.com\/ca\/wp-json\/wp\/v2\/users\/3"}],"replies":[{"embeddable":true,"href":"https:\/\/iwell-guard.com\/ca\/wp-json\/wp\/v2\/comments?post=171664"}],"version-history":[{"count":0,"href":"https:\/\/iwell-guard.com\/ca\/wp-json\/wp\/v2\/pages\/171664\/revisions"}],"wp:featuredmedia":[{"embeddable":true,"href":"https:\/\/iwell-guard.com\/ca\/wp-json\/wp\/v2\/media\/2816"}],"wp:attachment":[{"href":"https:\/\/iwell-guard.com\/ca\/wp-json\/wp\/v2\/media?parent=171664"}],"wp:term":[{"taxonomy":"category","embeddable":true,"href":"https:\/\/iwell-guard.com\/ca\/wp-json\/wp\/v2\/categories?post=171664"}],"curies":[{"name":"wp","href":"https:\/\/api.w.org\/{rel}","templated":true}]}}