{"id":171662,"date":"2026-09-05T15:41:16","date_gmt":"2026-09-05T15:41:16","guid":{"rendered":"https:\/\/iwell-guard.com\/?page_id=171662"},"modified":"2026-09-05T16:03:48","modified_gmt":"2026-09-05T16:03:48","slug":"deus-indigenes-americans-wakan-tanka-first-nations","status":"publish","type":"page","link":"https:\/\/iwell-guard.com\/ca\/deus-indigenes-americans-wakan-tanka-first-nations\/","title":{"rendered":"D\u00e9us ind\u00edgenes americans \u2013 Wakan Tanka i First Nations"},"content":{"rendered":"\t\t<div data-elementor-type=\"wp-page\" data-elementor-id=\"171662\" class=\"elementor elementor-171662 elementor-2565 elementor-bc-flex-widget\" data-elementor-post-type=\"page\">\n\t\t\t\t<div class=\"elementor-element elementor-element-iwgcn-nativeamer-hero iwg-kultur-hero e-flex e-con-boxed e-con e-parent\" data-id=\"iwgcn-nativeamer-hero\" data-element_type=\"container\" data-e-type=\"container\">\n\t\t\t\t\t<div class=\"e-con-inner\">\n\t\t<div class=\"elementor-element elementor-element-iwgcn-nativeamer-hl iwg-kultur-hero-left e-flex e-con-boxed e-con e-child\" data-id=\"iwgcn-nativeamer-hl\" data-element_type=\"container\" data-e-type=\"container\">\n\t\t\t\t\t<div class=\"e-con-inner\">\n\t\t\t\t<div class=\"elementor-element elementor-element-iwgcn-nativeamer-h1 elementor-widget elementor-widget-heading\" data-id=\"iwgcn-nativeamer-h1\" data-element_type=\"widget\" data-e-type=\"widget\" data-widget_type=\"heading.default\">\n\t\t\t\t\t<h1 class=\"elementor-heading-title elementor-size-default\">D\u00e9us ind\u00edgenes americans, Lakota, Hopi i Navajo d'Am\u00e8rica del Nord<\/h1>\t\t\t\t<\/div>\n\t\t<div class=\"elementor-element elementor-element-iwgcn-nativeamer-leadc e-con-full e-flex e-con e-child\" data-id=\"iwgcn-nativeamer-leadc\" data-element_type=\"container\" data-e-type=\"container\">\n\t\t\t\t<div class=\"elementor-element elementor-element-iwgcn-nativeamer-lead elementor-widget elementor-widget-text-editor\" data-id=\"iwgcn-nativeamer-lead\" data-element_type=\"widget\" data-e-type=\"widget\" data-widget_type=\"text-editor.default\">\n\t\t\t\t\t\t\t\t\t<p>Les tradicions religioses dels pobles ind\u00edgenes d&#8217;Am\u00e8rica del Nord s\u00f3n tan diverses com les seves lleng\u00fces i cultures: els Lakota a les planes, els Hopi i Pueblo al sud-oest, els Navajo (Din\u00e9) com a naci\u00f3 tribal m\u00e9s gran, els Inuit a l&#8217;extrem nord, els Cherokee al sud-est, i els Haida i Tlingit a la costa nord-oest.<\/p><p>Malgrat aquesta diversitat, moltes tradicions comparteixen refer\u00e8ncies al Gran <span class=\"iwg-fachbegriff\" data-tooltip=\"Un \u00e9sser incorpori al qual s'atribueix una influ\u00e8ncia en el m\u00f3n.\" tabindex=\"0\">Esperit<\/span>, a guies espirituals amb forma animal, al paisatge sagrat i a objectes protectors port\u00e0tils.<\/p><p>Aquesta panor\u00e0mica se centra en les religions ind\u00edgenes d&#8217;Am\u00e8rica del Nord i les seves tradicions de protecci\u00f3.<\/p>\n<p class=\"iwg-kwfix\">Les First Nations no comparteixen un pante\u00f3 com\u00fa; cada una de les moltes nacions transmet els seus propis d\u00e9us i esperits.<\/p>\t\t\t\t\t\t\t\t<\/div>\n\t\t\t\t<\/div>\n\t\t\t\t\t<\/div>\n\t\t\t\t<\/div>\n\t\t<div class=\"elementor-element elementor-element-iwgcn-nativeamer-hr iwg-kultur-hero-right e-flex e-con-boxed e-con e-child\" data-id=\"iwgcn-nativeamer-hr\" data-element_type=\"container\" data-e-type=\"container\">\n\t\t\t\t\t<div class=\"e-con-inner\">\n\t\t\t\t<div class=\"elementor-element elementor-element-iwgcn-nativeamer-himg iwg-hero-image elementor-widget elementor-widget-image\" data-id=\"iwgcn-nativeamer-himg\" data-element_type=\"widget\" data-e-type=\"widget\" data-widget_type=\"image.default\">\n\t\t\t\t\t\t\t\t\t\t\t\t\t\t\t<img fetchpriority=\"high\" decoding=\"async\" width=\"683\" height=\"1024\" src=\"https:\/\/iwell-guard.com\/wp-content\/uploads\/2026\/05\/goetter_native-american_changing-woman-683x1024.webp\" class=\"attachment-large size-large wp-image-2703\" alt=\"D\u00e9us ind\u00edgenes americans \u2013 Wakan Tanka i First Nations\" srcset=\"https:\/\/iwell-guard.com\/wp-content\/uploads\/2026\/05\/goetter_native-american_changing-woman-683x1024.webp 683w, https:\/\/iwell-guard.com\/wp-content\/uploads\/2026\/05\/goetter_native-american_changing-woman-200x300.webp 200w, https:\/\/iwell-guard.com\/wp-content\/uploads\/2026\/05\/goetter_native-american_changing-woman-768x1152.webp 768w, https:\/\/iwell-guard.com\/wp-content\/uploads\/2026\/05\/goetter_native-american_changing-woman.webp 1024w\" sizes=\"(max-width: 683px) 100vw, 683px\" \/>\t\t\t\t\t\t\t\t\t\t\t\t\t\t\t<\/div>\n\t\t\t\t\t<\/div>\n\t\t\t\t<\/div>\n\t\t\t\t\t<\/div>\n\t\t\t\t<\/div>\n\t\t<div class=\"elementor-element elementor-element-iwgcn-nativeamer-s0 e-flex e-con-boxed e-con e-parent\" data-id=\"iwgcn-nativeamer-s0\" data-element_type=\"container\" data-e-type=\"container\">\n\t\t\t\t\t<div class=\"e-con-inner\">\n\t\t\t\t<div class=\"elementor-element elementor-element-iwgcn-nativeamer-s0h elementor-widget elementor-widget-heading\" data-id=\"iwgcn-nativeamer-s0h\" data-element_type=\"widget\" data-e-type=\"widget\" data-widget_type=\"heading.default\">\n\t\t\t\t\t<h2 class=\"elementor-heading-title elementor-size-default\">Diversitat de les \u00e0rees culturals<\/h2>\t\t\t\t<\/div>\n\t\t<div class=\"elementor-element elementor-element-iwgcn-nativeamer-s0-c e-con-full e-flex e-con e-child\" data-id=\"iwgcn-nativeamer-s0-c\" data-element_type=\"container\" data-e-type=\"container\">\n\t\t\t\t<div class=\"elementor-element elementor-element-iwgcn-nativeamer-s0t elementor-widget elementor-widget-text-editor\" data-id=\"iwgcn-nativeamer-s0t\" data-element_type=\"widget\" data-e-type=\"widget\" data-widget_type=\"text-editor.default\">\n\t\t\t\t\t\t\t\t\t<p>L&#8217;antropologia divideix tradicionalment els pobles ind\u00edgenes d&#8217;Am\u00e8rica del Nord en \u00e0rees culturals: l&#8217;\u00c0rtic (Inuit, Yupik), la Sub\u00e0rtica (Dene), la costa nord-oest (Haida, Tlingit, Kwakwaka&#8217;wakw), el Plateau (Nez Perce), les Planes (Lakota, Cheyenne, Crow, Blackfoot), els boscos orientals (Iroquois, Cherokee, Algonquin), el sud-oest (Hopi, Pueblo, Navajo, Apache), la Gran Conca (Shoshone, Ute) i Calif\u00f2rnia (Pomo, Chumash).<\/p><p>Cada \u00e0rea t\u00e9 els seus propis \u00e8mfasis religiosos, des de pr\u00e0ctiques xam\u00e0niques fins a la medicina de plantes i una <span class=\"iwg-fachbegriff\" data-tooltip=\"Concepci\u00f3 de l'estructura i l'ordre del m\u00f3n dins d'una cultura.\" tabindex=\"0\">cosmologia<\/span> estructurada per clans.<\/p>\t\t\t\t\t\t\t\t<\/div>\n\t\t\t\t<\/div>\n\t\t\t\t\t<\/div>\n\t\t\t\t<\/div>\n\t\t<div class=\"elementor-element elementor-element-iwgcn-nativeamer-s1 e-flex e-con-boxed e-con e-parent\" data-id=\"iwgcn-nativeamer-s1\" data-element_type=\"container\" data-e-type=\"container\">\n\t\t\t\t\t<div class=\"e-con-inner\">\n\t\t\t\t<div class=\"elementor-element elementor-element-iwgcn-nativeamer-s1h elementor-widget elementor-widget-heading\" data-id=\"iwgcn-nativeamer-s1h\" data-element_type=\"widget\" data-e-type=\"widget\" data-widget_type=\"heading.default\">\n\t\t\t\t\t<h2 class=\"elementor-heading-title elementor-size-default\">Lakota, Wakan Tanka, Dansa del Sol, Cerca de la Visi\u00f3<\/h2>\t\t\t\t<\/div>\n\t\t<div class=\"elementor-element elementor-element-iwgcn-nativeamer-s1-c e-con-full e-flex e-con e-child\" data-id=\"iwgcn-nativeamer-s1-c\" data-element_type=\"container\" data-e-type=\"container\">\n\t\t\t\t<div class=\"elementor-element elementor-element-iwgcn-nativeamer-s1t elementor-widget elementor-widget-text-editor\" data-id=\"iwgcn-nativeamer-s1t\" data-element_type=\"widget\" data-e-type=\"widget\" data-widget_type=\"text-editor.default\">\n\t\t\t\t\t\t\t\t\t<p>Els Lakota (una de les tres lleng\u00fces principals dels Sioux) veneren Wakan Tanka, el \u00abGran <span class=\"iwg-fachbegriff\" data-tooltip=\"Un \u00e9sser incorpori al qual s'atribueix una influ\u00e8ncia en el m\u00f3n.\" tabindex=\"0\">Esperit<\/span>\u00bb o, m\u00e9s exactament, el \u00abgran <span class=\"iwg-fachbegriff\" data-tooltip=\"Pertanyent a l'\u00e0mbit div\u00ed i, per tant, sostret de l'\u00fas quotidi\u00e0.\" tabindex=\"0\">sagrat<\/span>-ser\u00bb, un principi que ho impregna tot i que es manifesta en m\u00faltiples aspectes. La Dansa del Sol \u00e9s el ritual col\u00b7lectiu m\u00e9s important de l&#8217;any i combina dansa, dejuni i prova f\u00edsica.<\/p><p>La Cerca de la Visi\u00f3 (Hanblecha), quatre dies de dejuni en solitari a la natura, marca les transicions vitals i la trobada personal amb l&#8217;<span class=\"iwg-fachbegriff\" data-tooltip=\"Un \u00e9sser incorpori al qual s'atribueix una influ\u00e8ncia en el m\u00f3n.\" tabindex=\"0\">esperit<\/span>. Un objecte ceremonial important \u00e9s la Chanunpa (pipa sagrada), que la Dona B\u00fafal Blanca va portar.<\/p>\t\t\t\t\t\t\t\t<\/div>\n\t\t\t\t<\/div>\n\t\t\t\t\t<\/div>\n\t\t\t\t<\/div>\n\t\t<div class=\"elementor-element elementor-element-iwgcn-nativeamer-s2 e-flex e-con-boxed e-con e-parent\" data-id=\"iwgcn-nativeamer-s2\" data-element_type=\"container\" data-e-type=\"container\">\n\t\t\t\t\t<div class=\"e-con-inner\">\n\t\t\t\t<div class=\"elementor-element elementor-element-iwgcn-nativeamer-s2h elementor-widget elementor-widget-heading\" data-id=\"iwgcn-nativeamer-s2h\" data-element_type=\"widget\" data-e-type=\"widget\" data-widget_type=\"heading.default\">\n\t\t\t\t\t<h2 class=\"elementor-heading-title elementor-size-default\">Hopi i Pueblo, la religi\u00f3 Kachina<\/h2>\t\t\t\t<\/div>\n\t\t<div class=\"elementor-element elementor-element-iwgcn-nativeamer-s2-c e-con-full e-flex e-con e-child\" data-id=\"iwgcn-nativeamer-s2-c\" data-element_type=\"container\" data-e-type=\"container\">\n\t\t\t\t<div class=\"elementor-element elementor-element-iwgcn-nativeamer-s2t elementor-widget elementor-widget-text-editor\" data-id=\"iwgcn-nativeamer-s2t\" data-element_type=\"widget\" data-e-type=\"widget\" data-widget_type=\"text-editor.default\">\n\t\t\t\t\t\t\t\t\t<p>Entre els Hopi i els Pueblo del sud-oest, els esperits Kachina organitzen la vida religiosa. Els Kachines s\u00f3n mediadors entre el m\u00f3n div\u00ed i el m\u00f3n hum\u00e0, encarnats en cicles anuals de dansa per ballarins emmascarats.<\/p><p>Els Hopi tenen m\u00e9s de 300 figures Kachina, cadascuna amb la seva funci\u00f3 pr\u00f2pia (pluja, fertilitat, curaci\u00f3 de malalties, ensenyament dels joves). Les nines Kachina esculpides en fusta de xop serveixen per a l&#8217;educaci\u00f3 religiosa. La tradici\u00f3 Pueblo coneix la kiva com a espai de reuni\u00f3 i iniciaci\u00f3.<\/p>\t\t\t\t\t\t\t\t<\/div>\n\t\t\t\t<\/div>\n\t\t\t\t\t<\/div>\n\t\t\t\t<\/div>\n\t\t<div class=\"elementor-element elementor-element-iwgcn-nativeamer-s3 e-flex e-con-boxed e-con e-parent\" data-id=\"iwgcn-nativeamer-s3\" data-element_type=\"container\" data-e-type=\"container\">\n\t\t\t\t\t<div class=\"e-con-inner\">\n\t\t\t\t<div class=\"elementor-element elementor-element-iwgcn-nativeamer-s3h elementor-widget elementor-widget-heading\" data-id=\"iwgcn-nativeamer-s3h\" data-element_type=\"widget\" data-e-type=\"widget\" data-widget_type=\"heading.default\">\n\t\t\t\t\t<h2 class=\"elementor-heading-title elementor-size-default\">Navajo (Din\u00e9), Hozh\u00f3 i camins de curaci\u00f3<\/h2>\t\t\t\t<\/div>\n\t\t<div class=\"elementor-element elementor-element-iwgcn-nativeamer-s3-c e-con-full e-flex e-con e-child\" data-id=\"iwgcn-nativeamer-s3-c\" data-element_type=\"container\" data-e-type=\"container\">\n\t\t\t\t<div class=\"elementor-element elementor-element-iwgcn-nativeamer-s3t elementor-widget elementor-widget-text-editor\" data-id=\"iwgcn-nativeamer-s3t\" data-element_type=\"widget\" data-e-type=\"widget\" data-widget_type=\"text-editor.default\">\n\t\t\t\t\t\t\t\t\t<p>Els Navajo s&#8217;anomenen a si mateixos Din\u00e9 (\u00abel poble\u00bb). Al centre de la seva religi\u00f3 hi ha Hozh\u00f3: bellesa, harmonia, equilibri. Els mites de creaci\u00f3 narren l&#8217;ascens des de quatre inframons fins al m\u00f3n actual.<\/p><p>Els rituals de curaci\u00f3 (chants, camins) com el Blessingway, l&#8217;Enemyway i el Nightway s\u00f3n cerim\u00f2nies complexes de diversos dies que inclouen pintures de sorra (iik\u00e1\u00e1h), cants i preg\u00e0ries. Les pintures de sorra es destrueixen despr\u00e9s del seu \u00fas: no estan fetes per durar, sin\u00f3 per a l&#8217;acte de curaci\u00f3.<\/p>\t\t\t\t\t\t\t\t<\/div>\n\t\t\t\t<\/div>\n\t\t\t\t\t<\/div>\n\t\t\t\t<\/div>\n\t\t<div class=\"elementor-element elementor-element-iwgcn-nativeamer-s4 e-flex e-con-boxed e-con e-parent\" data-id=\"iwgcn-nativeamer-s4\" data-element_type=\"container\" data-e-type=\"container\">\n\t\t\t\t\t<div class=\"e-con-inner\">\n\t\t\t\t<div class=\"elementor-element elementor-element-iwgcn-nativeamer-s4h elementor-widget elementor-widget-heading\" data-id=\"iwgcn-nativeamer-s4h\" data-element_type=\"widget\" data-e-type=\"widget\" data-widget_type=\"heading.default\">\n\t\t\t\t\t<h2 class=\"elementor-heading-title elementor-size-default\">Objectes protectors, bosses de medicina, atrapasomnis, plomes<\/h2>\t\t\t\t<\/div>\n\t\t<div class=\"elementor-element elementor-element-iwgcn-nativeamer-s4-c e-con-full e-flex e-con e-child\" data-id=\"iwgcn-nativeamer-s4-c\" data-element_type=\"container\" data-e-type=\"container\">\n\t\t\t\t<div class=\"elementor-element elementor-element-iwgcn-nativeamer-s4t elementor-widget elementor-widget-text-editor\" data-id=\"iwgcn-nativeamer-s4t\" data-element_type=\"widget\" data-e-type=\"widget\" data-widget_type=\"text-editor.default\">\n\t\t\t\t\t\t\t\t\t<p>Les bosses de medicina (Medicine Bundle \/ Pouch), bosses de cuir amb objectes sagrats adquirits personalment, s\u00f3n centrals en moltes tradicions de les planes i dels boscos. Els atrapasomnis (Dreamcatcher, origin\u00e0riament de la tradici\u00f3 Ojibwe) es pengen sobre els llocs de dormir i filtren els somnis a trav\u00e9s del seu patr\u00f3 de teranyina.<\/p><p>Les plomes d&#8217;\u00e0guila es consideren els objectes port\u00e0tils m\u00e9s sagrats; el seu \u00fas requereix perm\u00eds i un acte que ho justifiqui. El turquesa \u00e9s una pedra protectora central al sud-oest (tradici\u00f3 d&#8217;ornamentaci\u00f3 Navajo, Pueblo, Hopi). Els fetitxes d&#8217;esperit animal en pedra (Zuni) s&#8217;utilitzen en la pr\u00e0ctica de les bosses de medicina.<\/p>\t\t\t\t\t\t\t\t<\/div>\n\t\t\t\t<\/div>\n\t\t\t\t\t<\/div>\n\t\t\t\t<\/div>\n\t\t<div class=\"elementor-element elementor-element-x-native-american-s-faq e-flex e-con-boxed e-con e-parent\" data-id=\"x-native-american-s-faq\" data-element_type=\"container\" data-e-type=\"container\">\n\t\t\t\t\t<div class=\"e-con-inner\">\n\t\t\t\t<div class=\"elementor-element elementor-element-x-native-american-h-faq elementor-widget elementor-widget-heading\" data-id=\"x-native-american-h-faq\" data-element_type=\"widget\" data-e-type=\"widget\" data-widget_type=\"heading.default\">\n\t\t\t\t\t<h2 class=\"elementor-heading-title elementor-size-default\">Preguntes freq\u00fcents sobre els d\u00e9us ind\u00edgenes americans<\/h2>\t\t\t\t<\/div>\n\t\t<div class=\"elementor-element elementor-element-iwgcn-nativeamer-s4-c e-con-full e-flex e-con e-child\" data-id=\"iwgcn-nativeamer-s4-c\" data-element_type=\"container\" data-e-type=\"container\">\n\t\t\t\t<div class=\"elementor-element elementor-element-x-native-american-t-faq elementor-widget elementor-widget-text-editor\" data-id=\"x-native-american-t-faq\" data-element_type=\"widget\" data-e-type=\"widget\" data-widget_type=\"text-editor.default\">\n\t\t\t\t\t\t\t\t\t<h3>Quants d\u00e9us indis hi ha?<\/h3>\n<p>No existeix una \u00fanica religi\u00f3 ind\u00edgena; m\u00e9s de 500 tribus de les First Nations d&#8217;Am\u00e8rica del Nord tenen cadascuna les seves pr\u00f2pies religions. Els indis de les planes (lakota, cheyenne, crow) es centren en Wakan Tanka. Les fam\u00edlies ling\u00fc\u00edstiques algonquines (cree, ojibwe) en Manitou. Els pueblo (hopi, zuni) en els esperits kachina. El trickster Coyote \u00e9s present a l&#8217;oest americ\u00e0. En total, centenars de divinitats i esperits diferents.<\/p>\n<h3>Qui \u00e9s Wakan Tanka?<\/h3>\n<p>Wakan Tanka (lakota: Gran Misteri) \u00e9s el poder sagrat suprem dels sioux lakota. A difer\u00e8ncia del D\u00e9u cristi\u00e0, Wakan Tanka no \u00e9s una persona, sin\u00f3 una realitat que ho impregna tot amb set aspectes. La trobada amb la Dona Bis\u00f3 Blanc \u00e9s el mite fundacional de la pipa sagrada (Chanunpa) i dels set ritus lakota.<\/p>\n<h3>Qu\u00e8 \u00e9s el Sun Dance?<\/h3>\n<p>El Sun Dance (lakota: Wi Wanyang Wachipi) \u00e9s el <span class=\"iwg-fachbegriff\" data-tooltip=\"Una seq\u00fc\u00e8ncia reglada d'accions simb\u00f2liques amb significat religi\u00f3s o cultural.\" tabindex=\"0\">ritual<\/span> m\u00e9s important dels indis de les planes, una <span class=\"iwg-fachbegriff\" data-tooltip=\"Un acte solemne que es desenvolupa segons regles fixes.\" tabindex=\"0\">cerim\u00f2nia<\/span> de quatre dies coincidint amb el solstici d&#8217;estiu. Els balladors s&#8217;abstenen de menjar i beure, i alguns es lliguen amb corretges a trav\u00e9s de punxes de fusta clavades al pit fins a l&#8217;arbre del ball del sol. El <span class=\"iwg-fachbegriff\" data-tooltip=\"Una seq\u00fc\u00e8ncia reglada d'accions simb\u00f2liques amb significat religi\u00f3s o cultural.\" tabindex=\"0\">ritual<\/span> va ser prohibit el 1881 pel govern dels EUA i torn\u00e0 a ser legal el 1978 amb l&#8217;American Indian Religious Freedom Act.<\/p>\n<h3>Qui \u00e9s Coyote?<\/h3>\n<p>Coyote \u00e9s l&#8217;<span class=\"iwg-fachbegriff\" data-tooltip=\"Un \u00e9sser incorpori al qual s'atribueix una acci\u00f3 en el m\u00f3n.\" tabindex=\"0\">esperit<\/span> embuscador (trickster) de moltes tribus de l&#8217;oest d&#8217;Am\u00e8rica del Nord (navajo, apatxe, klamath, maidu, entre altres), creador i entremaliat alhora. Porta als humans el foc i les plantes de blat de moro, per\u00f2 tamb\u00e9 \u00e9s seductor i mentider.<\/p><p>Les seves hist\u00f2ries contenen sovint elements er\u00f2tics i obscens, a difer\u00e8ncia dels contes indis cristianitzats per a infants. Des del punt de vista de la ci\u00e8ncia de les religions, Coyote \u00e9s el trickster protot\u00edpic, emparentat amb l&#8217;aranya Anansi de l&#8217;\u00c0frica occidental i amb Loki n\u00f2rdic.<\/p>\n<script type=\"application\/ld+json\">{\"@context\":\"https:\/\/schema.org\",\"@type\":\"FAQPage\",\"mainEntity\":[{\"@type\":\"Question\",\"name\":\"Quants d\u00e9us indis hi ha?\",\"acceptedAnswer\":{\"@type\":\"Answer\",\"text\":\"No existeix una \u00fanica religi\u00f3 ind\u00edgena; m\u00e9s de 500 tribus de les First Nations d'Am\u00e8rica del Nord tenen cadascuna les seves pr\u00f2pies religions. Els indis de les planes (lakota, cheyenne, crow) es centren en Wakan Tanka. Les fam\u00edlies ling\u00fc\u00edstiques algonquines (cree, ojibwe) en Manitou. Els pueblo (hopi, zuni) en els esperits kachina. El trickster Coyote \u00e9s present a l'oest americ\u00e0. En total, centenars de divinitats i esperits diferents.\"}},{\"@type\":\"Question\",\"name\":\"Qui \u00e9s Wakan Tanka?\",\"acceptedAnswer\":{\"@type\":\"Answer\",\"text\":\"Wakan Tanka (lakota: Gran Misteri) \u00e9s el poder sagrat suprem dels sioux lakota. A difer\u00e8ncia del D\u00e9u cristi\u00e0, Wakan Tanka no \u00e9s una persona, sin\u00f3 una realitat que ho impregna tot amb set aspectes. La trobada amb la Dona Bis\u00f3 Blanc \u00e9s el mite fundacional de la pipa sagrada (Chanunpa) i dels set ritus lakota.\"}},{\"@type\":\"Question\",\"name\":\"Qu\u00e8 \u00e9s el Sun Dance?\",\"acceptedAnswer\":{\"@type\":\"Answer\",\"text\":\"El Sun Dance (lakota: Wi Wanyang Wachipi) \u00e9s el ritual m\u00e9s important dels indis de les planes, una cerim\u00f2nia de quatre dies coincidint amb el solstici d'estiu. Els balladors s'abstenen de menjar i beure, i alguns es lliguen amb corretges a trav\u00e9s de punxes de fusta clavades al pit fins a l'arbre del ball del sol. El ritual va ser prohibit el 1881 pel govern dels EUA i torn\u00e0 a ser legal el 1978 amb l'American Indian Religious Freedom Act.\"}},{\"@type\":\"Question\",\"name\":\"Qui \u00e9s Coyote?\",\"acceptedAnswer\":{\"@type\":\"Answer\",\"text\":\"Coyote \u00e9s l'esperit embuscador (trickster) de moltes tribus de l'oest d'Am\u00e8rica del Nord (navajo, apatxe, klamath, maidu, entre altres), creador i entremaliat alhora. Porta als humans el foc i les plantes de blat de moro, per\u00f2 tamb\u00e9 \u00e9s seductor i mentider. Les seves hist\u00f2ries contenen sovint elements er\u00f2tics i obscens, a difer\u00e8ncia dels contes indis cristianitzats per a infants. Des del punt de vista de la ci\u00e8ncia de les religions, Coyote \u00e9s el trickster protot\u00edpic, emparentat amb l'aranya Anansi de l'\u00c0frica occidental i amb Loki n\u00f2rdic.\"}}]}<\/script>\t\t\t\t\t\t\t\t<\/div>\n\t\t\t\t<\/div>\n\t\t\t\t\t<\/div>\n\t\t\t\t<\/div>\n\t\t<div class=\"elementor-element elementor-element-iwgcn-nativeamer-s5 e-flex e-con-boxed e-con e-parent\" data-id=\"iwgcn-nativeamer-s5\" data-element_type=\"container\" data-e-type=\"container\">\n\t\t\t\t\t<div class=\"e-con-inner\">\n\t\t\t\t<div class=\"elementor-element elementor-element-iwgcn-nativeamer-s5h elementor-widget elementor-widget-heading\" data-id=\"iwgcn-nativeamer-s5h\" data-element_type=\"widget\" data-e-type=\"widget\" data-widget_type=\"heading.default\">\n\t\t\t\t\t<h2 class=\"elementor-heading-title elementor-size-default\">Sweat Lodge, ritual de la pipa, peiot<\/h2>\t\t\t\t<\/div>\n\t\t<div class=\"elementor-element elementor-element-iwgcn-nativeamer-s5-c e-con-full e-flex e-con e-child\" data-id=\"iwgcn-nativeamer-s5-c\" data-element_type=\"container\" data-e-type=\"container\">\n\t\t\t\t<div class=\"elementor-element elementor-element-iwgcn-nativeamer-s5t elementor-widget elementor-widget-text-editor\" data-id=\"iwgcn-nativeamer-s5t\" data-element_type=\"widget\" data-e-type=\"widget\" data-widget_type=\"text-editor.default\">\n\t\t\t\t\t\t\t\t\t<p>La Sweat Lodge (Inipi en lakota) \u00e9s una pr\u00e0ctica de purificaci\u00f3 panind\u00edgena: una tenda baixa en forma de c\u00fapula feta de branques de salze amb pedres calentes i aigua, quatre rondes amb preg\u00e0ries, cants sanadors i reflexi\u00f3.<\/p><p>La <span class=\"iwg-fachbegriff\" data-tooltip=\"Un acte solemne que es desenvolupa segons regles fixes.\" tabindex=\"0\">cerim\u00f2nia<\/span> de la pipa (Pipe Ceremony) santifica reunions i pactes. La Native American Church (fundada el 1918) utilitza el peiot (Lophophora williamsii) com a medicina vegetal sacramental i avui \u00e9s una gran organitzaci\u00f3 amb la seva pr\u00f2pia <span class=\"iwg-fachbegriff\" data-tooltip=\"La doctrina cient\u00edfica sobre D\u00e9u i sobre la fe d'una religi\u00f3.\" tabindex=\"0\">teologia<\/span>.<\/p>\t\t\t\t\t\t\t\t<\/div>\n\t\t\t\t<\/div>\n\t\t\t\t\t<\/div>\n\t\t\t\t<\/div>\n\t\t<div class=\"elementor-element elementor-element-iwgcn-nativeamer-s6 e-flex e-con-boxed e-con e-parent\" data-id=\"iwgcn-nativeamer-s6\" data-element_type=\"container\" data-e-type=\"container\">\n\t\t\t\t\t<div class=\"e-con-inner\">\n\t\t\t\t<div class=\"elementor-element elementor-element-iwgcn-nativeamer-s6h elementor-widget elementor-widget-heading\" data-id=\"iwgcn-nativeamer-s6h\" data-element_type=\"widget\" data-e-type=\"widget\" data-widget_type=\"heading.default\">\n\t\t\t\t\t<h2 class=\"elementor-heading-title elementor-size-default\">Situaci\u00f3 actual i recerca<\/h2>\t\t\t\t<\/div>\n\t\t<div class=\"elementor-element elementor-element-iwgcn-nativeamer-s6-c e-con-full e-flex e-con e-child\" data-id=\"iwgcn-nativeamer-s6-c\" data-element_type=\"container\" data-e-type=\"container\">\n\t\t\t\t<div class=\"elementor-element elementor-element-iwgcn-nativeamer-s6t elementor-widget elementor-widget-text-editor\" data-id=\"iwgcn-nativeamer-s6t\" data-element_type=\"widget\" data-e-type=\"widget\" data-widget_type=\"text-editor.default\">\n\t\t\t\t\t\t\t\t\t<p>Avui viuen als EUA aproximadament 5,6 milions de nadius americans, i uns 2 milions m\u00e9s al Canad\u00e0. La llibertat religiosa nom\u00e9s es va garantir plenament amb l&#8217;American Indian Religious Freedom Act de 1978; fins llavors, moltes pr\u00e0ctiques estaven prohibides.<\/p><p>Obres cient\u00edfiques de refer\u00e8ncia: Ake Hultkrantz <em>The Religions of the American Indians<\/em>, Sam Gill, Joel Martin, Vine Deloria Jr. (perspectiva ind\u00edgena).<\/p>\t\t\t\t\t\t\t\t<\/div>\n\t\t\t\t<\/div>\n\t\t\t\t\t<\/div>\n\t\t\t\t<\/div>\n\t\t<div class=\"elementor-element elementor-element-cp272f9782 e-flex e-con-boxed e-con e-parent\" data-id=\"cp272f9782\" data-element_type=\"container\" data-e-type=\"container\">\n\t\t\t\t\t<div class=\"e-con-inner\">\n\t\t\t\t<div class=\"elementor-element elementor-element-cp2db7ec3f elementor-widget elementor-widget-heading\" data-id=\"cp2db7ec3f\" data-element_type=\"widget\" data-e-type=\"widget\" data-widget_type=\"heading.default\">\n\t\t\t\t\t<h2 class=\"elementor-heading-title elementor-size-default\">\u00c0rees culturals i la diversitat de nacions ind\u00edgenes<\/h2>\t\t\t\t<\/div>\n\t\t<div class=\"elementor-element elementor-element-cp2c9c87c4 e-flex e-con-boxed e-con e-child\" data-id=\"cp2c9c87c4\" data-element_type=\"container\" data-e-type=\"container\">\n\t\t\t\t\t<div class=\"e-con-inner\">\n\t\t\t\t<div class=\"elementor-element elementor-element-cp2cad2b1f elementor-widget elementor-widget-text-editor\" data-id=\"cp2cad2b1f\" data-element_type=\"widget\" data-e-type=\"widget\" data-widget_type=\"text-editor.default\">\n\t\t\t\t\t\t\t\t\t<p>Parlar de la religi\u00f3 dels nadius americans \u00e9s una simplificaci\u00f3 que des de fa temps es considera problem\u00e0tica en la recerca. A Am\u00e8rica del Nord van existir i existeixen centenars de nacions aut\u00f2nomes amb lleng\u00fces, formes socials i concepcions religioses pr\u00f2pies. No hi ha una \u00fanica religi\u00f3 ind\u00edgena, igual com no hi ha una \u00fanica religi\u00f3 europea.<\/p><p>Per ordenar aquesta diversitat, l&#8217;<span class=\"iwg-fachbegriff\" data-tooltip=\"Ci\u00e8ncia que estudia comparativament cultures i societats.\" tabindex=\"0\">etnologia<\/span> utilitza el concepte d&#8217;\u00e0rees culturals, \u00e9s a dir, regions m\u00e9s grans amb condicions ambientals i trets culturals semblants.<\/p><p>\u00c9s habitual distingir, per exemple, entre la costa nord-oest, l&#8217;\u00e0rea de Calif\u00f2rnia, el Plateau, les Grans Planes, la sub\u00e0rtica, l&#8217;\u00e0rtica, el sud-oest, el sud-est i els boscos del nord-est. Aquesta divisi\u00f3 \u00e9s una eina auxiliar, no una autodescripci\u00f3 ind\u00edgena.<\/p><p>Ja dins d&#8217;una mateixa \u00e0rea hi ha grans difer\u00e8ncies. Al sud-oest, per exemple, les comunitats pueblo sedent\u00e0ries dels hopi i els zuni, amb els seus ritus a la kiva i els ballarins amb m\u00e0scara, es diferencien clarament dels din\u00e9, \u00e9s a dir, els navajo, les cerim\u00f2nies curatives i pintures de sorra dels quals tenen una l\u00f2gica pr\u00f2pia.<\/p><p>A la costa nord-oest, la pesca del salm\u00f3, les festes potlatch i un sistema complex d&#8217;escuts i rangs van marcar la religi\u00f3, mentre que a les Grans Planes ho van fer la ca\u00e7a del bis\u00f3, la recerca de visions i cerim\u00f2nies com la Dansa del Sol.<\/p><p>Una presentaci\u00f3 seriosa ha de preguntar sempre de quina naci\u00f3, quina regi\u00f3 i quina \u00e8poca es parla. Les afirmacions generals sobre l&#8217;espiritualitat \u00edndia no fan just\u00edcia al seu objecte. Diverses p\u00e0gines d&#8217;aquest lexic\u00f3 dedicades a \u00e9ssers concrets tracten temes relacionats d&#8217;aquest \u00e0mbit cultural.<\/p>\t\t\t\t\t\t\t\t<\/div>\n\t\t\t\t\t<\/div>\n\t\t\t\t<\/div>\n\t\t\t\t\t<\/div>\n\t\t\t\t<\/div>\n\t\t<div class=\"elementor-element elementor-element-cp26746451 e-flex e-con-boxed e-con e-parent\" data-id=\"cp26746451\" data-element_type=\"container\" data-e-type=\"container\">\n\t\t\t\t\t<div class=\"e-con-inner\">\n\t\t\t\t<div class=\"elementor-element elementor-element-cp2331554d elementor-widget elementor-widget-heading\" data-id=\"cp2331554d\" data-element_type=\"widget\" data-e-type=\"widget\" data-widget_type=\"heading.default\">\n\t\t\t\t\t<h2 class=\"elementor-heading-title elementor-size-default\">Patrons conceptuals recurrents<\/h2>\t\t\t\t<\/div>\n\t\t<div class=\"elementor-element elementor-element-cp2ff0d8b0 e-flex e-con-boxed e-con e-child\" data-id=\"cp2ff0d8b0\" data-element_type=\"container\" data-e-type=\"container\">\n\t\t\t\t\t<div class=\"e-con-inner\">\n\t\t\t\t<div class=\"elementor-element elementor-element-cp2435d678 elementor-widget elementor-widget-text-editor\" data-id=\"cp2435d678\" data-element_type=\"widget\" data-e-type=\"widget\" data-widget_type=\"text-editor.default\">\n\t\t\t\t\t\t\t\t\t<p>Malgrat tota la diversitat, es poden identificar alguns patrons conceptuals que apareixen en moltes tradicions nord-americanes, encara que no en totes. \u00c9s freq\u00fcent la idea que no nom\u00e9s les persones, sin\u00f3 tamb\u00e9 els animals, les plantes, els llocs i les forces naturals poden ser persones amb voluntat pr\u00f2pia.<\/p><p>La recerca parla aqu\u00ed d&#8217;una ontologia relacional o personal, en la qual la frontera entre hum\u00e0 i no hum\u00e0 \u00e9s permeable.<\/p><p>Sovint apareix la idea d&#8217;una for\u00e7a o misteri que ho impregna tot i que cada tradici\u00f3 anomena de manera diferent. Aquests conceptes s\u00f3n dif\u00edcils de traduir, i les traduccions antigues com a gran <span class=\"iwg-fachbegriff\" data-tooltip=\"Un \u00e9sser sense cos al qual s'atribueix acci\u00f3 en el m\u00f3n.\" tabindex=\"0\">esperit<\/span> sovint distorsionen m\u00e9s del que expliquen. Cada concepte pertany al seu context ling\u00fc\u00edstic i cultural propi.<\/p><p>Molt estesa \u00e9s la figura del <em>trickster<\/em>, un \u00e9sser ambigu que \u00e9s alhora portador de cultura i pertorbador, i que segons la regi\u00f3 apareix com a coiot, corb, aranya o mustela. Els relats del trickster expliquen l&#8217;origen del m\u00f3n i de l&#8217;ordre, per\u00f2 al mateix temps trenquen normes i en mostren els l\u00edmits.<\/p><p>Tamb\u00e9 \u00e9s freq\u00fcent la recerca de visions, un esfor\u00e7 normalment acompanyat de dejuni i a\u00efllament per aconseguir una trobada decisiva amb una for\u00e7a protectora. A m\u00e9s, hi tenen un paper important els rituals de curaci\u00f3 i purificaci\u00f3, com la cabana de suor, aix\u00ed com festes comunit\u00e0ries lligades al calendari. Cal tenir present que cadascun d&#8217;aquests patrons t\u00e9, en cada naci\u00f3, una forma, unes regles i uns significats propis.<\/p>\t\t\t\t\t\t\t\t<\/div>\n\t\t\t\t\t<\/div>\n\t\t\t\t<\/div>\n\t\t\t\t\t<\/div>\n\t\t\t\t<\/div>\n\t\t<div class=\"elementor-element elementor-element-cp224447f0 e-flex e-con-boxed e-con e-parent\" data-id=\"cp224447f0\" data-element_type=\"container\" data-e-type=\"container\">\n\t\t\t\t\t<div class=\"e-con-inner\">\n\t\t\t\t<div class=\"elementor-element elementor-element-cp203f136e elementor-widget elementor-widget-heading\" data-id=\"cp203f136e\" data-element_type=\"widget\" data-e-type=\"widget\" data-widget_type=\"heading.default\">\n\t\t\t\t\t<h2 class=\"elementor-heading-title elementor-size-default\">Escriptura, hist\u00f2ria de la recerca i cr\u00edtica de fonts<\/h2>\t\t\t\t<\/div>\n\t\t<div class=\"elementor-element elementor-element-cp2481166d e-flex e-con-boxed e-con e-child\" data-id=\"cp2481166d\" data-element_type=\"container\" data-e-type=\"container\">\n\t\t\t\t\t<div class=\"e-con-inner\">\n\t\t\t\t<div class=\"elementor-element elementor-element-cp2bf90ac8 elementor-widget elementor-widget-text-editor\" data-id=\"cp2bf90ac8\" data-element_type=\"widget\" data-e-type=\"widget\" data-widget_type=\"text-editor.default\">\n\t\t\t\t\t\t\t\t\t<p>Les tradicions nord-americanes es van transmetre oralment. Per aix\u00f2 les fonts escrites provenen quasi sempre de persones alienes: missioners, viatgers, funcionaris administratius i, m\u00e9s tard, etn\u00f2legs. Cadascuna d&#8217;aquestes fonts porta impresa la perspectiva i l&#8217;inter\u00e8s dels seus autors, fet que converteix la cr\u00edtica de fonts en un requisit b\u00e0sic per estudiar aquest tema.<\/p><p>Un paper important, per\u00f2 ambivalent, el va tenir l&#8217;<span class=\"iwg-fachbegriff\" data-tooltip=\"Ci\u00e8ncia que estudia comparativament cultures i societats.\" tabindex=\"0\">etnologia<\/span> nord-americana al voltant de Franz Boas i els seus deixebles, a finals del segle XIX i principis del XX.<\/p><p>Van recollir un gran nombre de relats, cants i descripcions rituals, sovint partint de la idea que documentaven un m\u00f3n a punt de desapar\u00e8ixer. Gr\u00e0cies a aquest enfocament la recerca disposa d&#8217;un material extens, per\u00f2 alhora va n\u00e9ixer de la idea err\u00f2nia de l&#8217;indi en via d&#8217;extinci\u00f3.<\/p><p>Tamb\u00e9 \u00e9s problem\u00e0tic que molts registres es van fer sense el consentiment de les comunitats i que, en part, van deixar const\u00e0ncia d&#8217;un coneixement reservat als iniciats. Per aix\u00f2, avui dia cient\u00edfics i comunitats ind\u00edgenes exigeixen tenir veu sobre qu\u00e8 es pot investigar, publicar i exposar. Lleis com la normativa nord-americana sobre troballes funer\u00e0ries i objectes rituals han comportat canvis en aquest sentit.<\/p><p>A tot aix\u00f2 s&#8217;hi afegeix una hist\u00f2ria d&#8217;apropiaci\u00f3 popular. Des del segle XIX, les concepcions ind\u00edgenes han estat romantitzades, incorporades en l&#8217;<span class=\"iwg-fachbegriff\" data-tooltip=\"Terme general per a doctrines que reivindiquen un coneixement ocult, accessible nom\u00e9s als iniciats.\" tabindex=\"0\">esoterisme<\/span> i barrejades amb elements inventats, com en la construcci\u00f3, molt difosa per\u00f2 tardana i en part no ind\u00edgena, dels animals de poder.<\/p><p>Per aix\u00f2, l&#8217;<span class=\"iwg-fachbegriff\" data-tooltip=\"La ci\u00e8ncia que estudia les religions de manera comparativa i sense vincle de fe.\" tabindex=\"0\">ci\u00e8ncia de la religi\u00f3<\/span> distingeix acuradament entre les tradicions hist\u00f2riques i actuals de cada naci\u00f3 i el que se n&#8217;ha fet a Occident.<\/p>\t\t\t\t\t\t\t\t<\/div>\n\t\t\t\t\t<\/div>\n\t\t\t\t<\/div>\n\t\t\t\t\t<\/div>\n\t\t\t\t<\/div>\n\t\t<div class=\"elementor-element elementor-element-cp2e2cb90a e-flex e-con-boxed e-con e-parent\" data-id=\"cp2e2cb90a\" data-element_type=\"container\" data-e-type=\"container\">\n\t\t\t\t\t<div class=\"e-con-inner\">\n\t\t\t\t<div class=\"elementor-element elementor-element-cp274f0d22 elementor-widget elementor-widget-heading\" data-id=\"cp274f0d22\" data-element_type=\"widget\" data-e-type=\"widget\" data-widget_type=\"heading.default\">\n\t\t\t\t\t<h2 class=\"elementor-heading-title elementor-size-default\">Pressi\u00f3 colonial, nous moviments i revitalitzaci\u00f3<\/h2>\t\t\t\t<\/div>\n\t\t<div class=\"elementor-element elementor-element-cp21fd34af e-flex e-con-boxed e-con e-child\" data-id=\"cp21fd34af\" data-element_type=\"container\" data-e-type=\"container\">\n\t\t\t\t\t<div class=\"e-con-inner\">\n\t\t\t\t<div class=\"elementor-element elementor-element-cp2f6864ed elementor-widget elementor-widget-text-editor\" data-id=\"cp2f6864ed\" data-element_type=\"widget\" data-e-type=\"widget\" data-widget_type=\"text-editor.default\">\n\t\t\t\t\t\t\t\t\t<p>La hist\u00f2ria religiosa dels pobles ind\u00edgenes de l&#8217;Am\u00e8rica del Nord des de la colonitzaci\u00f3 ha estat marcada per una pressi\u00f3 aclaparadora. La p\u00e8rdua de terres, els trasllats for\u00e7ats, les epid\u00e8mies i les pol\u00edtiques deliberades van afectar els fonaments religiosos de moltes nacions. Als Estats Units i al Canad\u00e0, generacions d&#8217;infants ind\u00edgenes van ser internats en escoles on estava prohibit parlar les seves lleng\u00fces i practicar les seves cerim\u00f2nies. Alguns rituals van estar legalment prohibits durant certs per\u00edodes.<\/p><p>Sota aquesta pressi\u00f3 van sorgir tamb\u00e9 noves formes religioses. Al segle XIX es va estendre la Dansa dels Esperits, un moviment prof\u00e8tic que esperava una renovaci\u00f3 del m\u00f3n i el retorn dels difunts, i la seva repressi\u00f3 va culminar el 1890 en la massacre de Wounded Knee.<\/p><p>Gaireb\u00e9 alhora va n\u00e9ixer la Native American Church, que combina l&#8217;\u00fas ritual del cactus peiot amb elements cristians i \u00e9s avui una comunitat religiosa reconeguda i d&#8217;abast supraregional.<\/p><p>No va ser fins a la segona meitat del segle XX que la situaci\u00f3 legal va millorar. Als Estats Units, l&#8217;American Indian Religious Freedom Act de 1978 va posar sota protecci\u00f3 expl\u00edcita la lliure pr\u00e0ctica religiosa, encara que la seva aplicaci\u00f3 pr\u00e0ctica, per exemple pel que fa a l&#8217;acc\u00e9s als llocs sagrats, continua sent motiu de controv\u00e8rsia.<\/p><p>Des de la d\u00e8cada de 1970 s&#8217;observa una \u00e0mplia revitalitzaci\u00f3. Les nacions mantenen programes ling\u00fc\u00edstics, reprenen cerim\u00f2nies i reclamen als museus la devoluci\u00f3 d&#8217;objectes sagrats i restes ancestrals.<\/p><p>Al mateix temps, moltes comunitats es distancien fermament de l&#8217;apropiaci\u00f3 comercial de la seva religi\u00f3 per part de persones alienes. Una representaci\u00f3 adequada mostra, per tant, la religi\u00f3 ind\u00edgena de l&#8217;Am\u00e8rica del Nord com una realitat viva del present, sostinguda per nacions pr\u00f2pies, i no com un cap\u00edtol hist\u00f2ric tancat.<\/p>\t\t\t\t\t\t\t\t<\/div>\n\t\t\t\t\t<\/div>\n\t\t\t\t<\/div>\n\t\t\t\t\t<\/div>\n\t\t\t\t<\/div>\n\t\t<div class=\"elementor-element elementor-element-iwgha-nativeameric-sec e-flex e-con-boxed e-con e-parent\" data-id=\"iwgha-nativeameric-sec\" data-element_type=\"container\" data-e-type=\"container\">\n\t\t\t\t\t<div class=\"e-con-inner\">\n\t\t\t\t<div class=\"elementor-element elementor-element-iwgha-nativeameric-h elementor-widget elementor-widget-heading\" data-id=\"iwgha-nativeameric-h\" data-element_type=\"widget\" data-e-type=\"widget\" data-widget_type=\"heading.default\">\n\t\t\t\t\t<h2 class=\"elementor-heading-title elementor-size-default\">\u00c9ssers d'aquesta tradici\u00f3 (10)<\/h2>\t\t\t\t<\/div>\n\t\t<div class=\"elementor-element elementor-element-iwgha-nativeameric-gc e-flex e-con-boxed e-con e-parent\" data-id=\"iwgha-nativeameric-gc\" data-element_type=\"container\" data-e-type=\"container\">\n\t\t\t\t\t<div class=\"e-con-inner\">\n\t\t\t\t<div class=\"elementor-element elementor-element-iwgha-nativeameric-grid elementor-widget elementor-widget-text-editor\" data-id=\"iwgha-nativeameric-grid\" data-element_type=\"widget\" data-e-type=\"widget\" data-widget_type=\"text-editor.default\">\n\t\t\t\t\t\t\t\t\t<div class=\"iwg-wesen-grid\"><a class=\"iwg-wesen-card\" href=\"https:\/\/iwell-guard.com\/ca\/changing-woman-deessa-cicle-vital-navahos\/\" aria-label=\"Changing Woman \u2013 Deessa del cicle vital dels navahos\"><div class=\"iwg-wesen-card-imgwrap\"><img decoding=\"async\" src=\"https:\/\/iwell-guard.com\/wp-content\/uploads\/2026\/05\/goetter_native-american_changing-woman-200x300.webp\" alt=\"Changing Woman \u2013 Deessa del cicle vital dels navahos\" loading=\"lazy\"><\/div><div class=\"iwg-wesen-card-body\"><div class=\"iwg-wesen-card-name\">Changing Woman \u2013 Deessa del cicle vital dels navahos<\/div><div class=\"iwg-wesen-card-arrow\">\u2192 A l&#039;\u00e9sser<\/div><\/div><\/a><a class=\"iwg-wesen-card\" href=\"https:\/\/iwell-guard.com\/ca\/coyote-trickster-indis-nord-americans\/\" aria-label=\"Coyote \u2013 trickster dels indis nord-americans\"><div class=\"iwg-wesen-card-imgwrap\"><img decoding=\"async\" src=\"https:\/\/iwell-guard.com\/wp-content\/uploads\/2026\/05\/geister_native-american_coyote-200x300.webp\" alt=\"Coyote \u2013 trickster dels indis nord-americans\" loading=\"lazy\"><\/div><div class=\"iwg-wesen-card-body\"><div class=\"iwg-wesen-card-name\">Coyote \u2013 trickster dels indis nord-americans<\/div><div class=\"iwg-wesen-card-arrow\">\u2192 A l&#039;\u00e9sser<\/div><\/div><\/a><a class=\"iwg-wesen-card\" href=\"https:\/\/iwell-guard.com\/ca\/iktomi-trickster-esperit-arana-lakota\/\" aria-label=\"Iktomi \u2013 Trickster i esperit-aranya dels lakota\"><div class=\"iwg-wesen-card-imgwrap\"><img decoding=\"async\" src=\"https:\/\/iwell-guard.com\/wp-content\/uploads\/2026\/05\/geister_native-american_iktomi-200x300.webp\" alt=\"Iktomi \u2013 Trickster i esperit-aranya dels lakota\" loading=\"lazy\"><\/div><div class=\"iwg-wesen-card-body\"><div class=\"iwg-wesen-card-name\">Iktomi \u2013 Trickster i esperit-aranya dels lakota<\/div><div class=\"iwg-wesen-card-arrow\">\u2192 A l&#039;\u00e9sser<\/div><\/div><\/a><a class=\"iwg-wesen-card\" href=\"https:\/\/iwell-guard.com\/ca\/kachina-ajudants-espirituals-hopi-pueblo\/\" aria-label=\"Kachina \u2013 Ajudants espirituals dels hopi i dels pobles pueblo\"><div class=\"iwg-wesen-card-imgwrap\"><img decoding=\"async\" src=\"https:\/\/iwell-guard.com\/wp-content\/uploads\/2026\/05\/geister_native-american_kachina-200x300.webp\" alt=\"Kachina \u2013 Ajudants espirituals dels hopi i dels pobles pueblo\" loading=\"lazy\"><\/div><div class=\"iwg-wesen-card-body\"><div class=\"iwg-wesen-card-name\">Kachina \u2013 Ajudants espirituals dels hopi i dels pobles pueblo<\/div><div class=\"iwg-wesen-card-arrow\">\u2192 A l&#039;\u00e9sser<\/div><\/div><\/a><a class=\"iwg-wesen-card\" href=\"https:\/\/iwell-guard.com\/ca\/spider-grandmother-avia-creadora-pueblo\/\" aria-label=\"Spider Grandmother \u2013 \u00c0via Creadora dels pobles Pueblo\"><div class=\"iwg-wesen-card-imgwrap\"><img decoding=\"async\" src=\"https:\/\/iwell-guard.com\/wp-content\/uploads\/2026\/05\/goetter_native-american_spider-grandmother-200x300.webp\" alt=\"Spider Grandmother \u2013 \u00c0via Creadora dels pobles Pueblo\" loading=\"lazy\"><\/div><div class=\"iwg-wesen-card-body\"><div class=\"iwg-wesen-card-name\">Spider Grandmother \u2013 \u00c0via Creadora dels pobles Pueblo<\/div><div class=\"iwg-wesen-card-arrow\">\u2192 A l&#039;\u00e9sser<\/div><\/div><\/a><a class=\"iwg-wesen-card\" href=\"https:\/\/iwell-guard.com\/ca\/thunderbird-ocell-del-tro\/\" aria-label=\"Thunderbird \u2013 l\u2019ocell del tro dels indis nord-americans\"><div class=\"iwg-wesen-card-imgwrap\"><img decoding=\"async\" src=\"https:\/\/iwell-guard.com\/wp-content\/uploads\/2026\/05\/goetter_native-american_thunderbird-200x300.webp\" alt=\"Thunderbird \u2013 l\u2019ocell del tro dels indis nord-americans\" loading=\"lazy\"><\/div><div class=\"iwg-wesen-card-body\"><div class=\"iwg-wesen-card-name\">Thunderbird \u2013 l\u2019ocell del tro dels indis nord-americans<\/div><div class=\"iwg-wesen-card-arrow\">\u2192 A l&#039;\u00e9sser<\/div><\/div><\/a><a class=\"iwg-wesen-card\" href=\"https:\/\/iwell-guard.com\/ca\/tunkasila-avi-cel-lakota\/\" aria-label=\"Tunkasila \u2013 Avi Cel dels lakota\"><div class=\"iwg-wesen-card-imgwrap\"><img decoding=\"async\" src=\"https:\/\/iwell-guard.com\/wp-content\/uploads\/2026\/05\/goetter_native-american_tunkasila-grossvater-himmel-200x300.webp\" alt=\"Tunkasila \u2013 Avi Cel dels lakota\" loading=\"lazy\"><\/div><div class=\"iwg-wesen-card-body\"><div class=\"iwg-wesen-card-name\">Tunkasila \u2013 Avi Cel dels lakota<\/div><div class=\"iwg-wesen-card-arrow\">\u2192 A l&#039;\u00e9sser<\/div><\/div><\/a><a class=\"iwg-wesen-card\" href=\"https:\/\/iwell-guard.com\/ca\/wakan-tanka-gran-poder-sagrat-lakota\/\" aria-label=\"Wakan Tanka \u2013 El Gran Poder Sagrat dels Lakota\"><div class=\"iwg-wesen-card-imgwrap\"><img decoding=\"async\" src=\"https:\/\/iwell-guard.com\/wp-content\/uploads\/2026\/05\/goetter_native-american_wakan-tanka-200x300.webp\" alt=\"Wakan Tanka \u2013 El Gran Poder Sagrat dels Lakota\" loading=\"lazy\"><\/div><div class=\"iwg-wesen-card-body\"><div class=\"iwg-wesen-card-name\">Wakan Tanka \u2013 El Gran Poder Sagrat dels Lakota<\/div><div class=\"iwg-wesen-card-arrow\">\u2192 A l&#039;\u00e9sser<\/div><\/div><\/a><a class=\"iwg-wesen-card\" href=\"https:\/\/iwell-guard.com\/ca\/wendigo-esperit-canibal\/\" aria-label=\"Wendigo \u2013 Esperit can\u00edbal dels pobles del bosc nord-americans\"><div class=\"iwg-wesen-card-imgwrap\"><img decoding=\"async\" src=\"https:\/\/iwell-guard.com\/wp-content\/uploads\/2026\/05\/geister_native-american_wendigo-200x300.webp\" alt=\"Wendigo \u2013 Esperit can\u00edbal dels pobles del bosc nord-americans\" loading=\"lazy\"><\/div><div class=\"iwg-wesen-card-body\"><div class=\"iwg-wesen-card-name\">Wendigo \u2013 Esperit can\u00edbal dels pobles del bosc nord-americans<\/div><div class=\"iwg-wesen-card-arrow\">\u2192 A l&#039;\u00e9sser<\/div><\/div><\/a><a class=\"iwg-wesen-card\" href=\"https:\/\/iwell-guard.com\/ca\/white-buffalo-calf-woman-dona-sagrada-lakota\/\" aria-label=\"White Buffalo Calf Woman \u2013 Dona sagrada dels lakota\"><div class=\"iwg-wesen-card-imgwrap\"><img decoding=\"async\" src=\"https:\/\/iwell-guard.com\/wp-content\/uploads\/2026\/05\/geister_native-american_white-buffalo-calf-woman-200x300.webp\" alt=\"White Buffalo Calf Woman \u2013 Dona sagrada dels lakota\" loading=\"lazy\"><\/div><div class=\"iwg-wesen-card-body\"><div class=\"iwg-wesen-card-name\">White Buffalo Calf Woman \u2013 Dona sagrada dels lakota<\/div><div class=\"iwg-wesen-card-arrow\">\u2192 A l&#039;\u00e9sser<\/div><\/div><\/a><\/div>\t\t\t\t\t\t\t\t<\/div>\n\t\t\t\t\t<\/div>\n\t\t\t\t<\/div>\n\t\t\t\t\t<\/div>\n\t\t\t\t<\/div>\n\t\t<div class=\"elementor-element elementor-element-iwgcn-nativeamer-kwd e-flex e-con-boxed e-con e-parent\" data-id=\"iwgcn-nativeamer-kwd\" data-element_type=\"container\" data-e-type=\"container\">\n\t\t\t\t\t<div class=\"e-con-inner\">\n\t\t<div class=\"elementor-element elementor-element-iwgcn-nativeamer-kwd-c e-con-full e-flex e-con e-child\" data-id=\"iwgcn-nativeamer-kwd-c\" data-element_type=\"container\" data-e-type=\"container\">\n\t\t\t\t<div class=\"elementor-element elementor-element-iwgcn-nativeamer-kwdt elementor-widget elementor-widget-text-editor\" data-id=\"iwgcn-nativeamer-kwdt\" data-element_type=\"widget\" data-e-type=\"widget\" data-widget_type=\"text-editor.default\">\n\t\t\t\t\t\t\t\t\t<p><em>Termes clau relacionats: Lakota Hopi Navajo Din\u00e9 Cherokee Haida Tlingit Inuit Manitou Wakan Tanka Sun Dance Vision Quest Medicine Bundle Dreamcatcher Kachina.<\/em><\/p>\t\t\t\t\t\t\t\t<\/div>\n\t\t\t\t<\/div>\n\t\t\t\t\t<\/div>\n\t\t\t\t<\/div>\n\t\t<div class=\"elementor-element elementor-element-iwgcn-nativeamer-cc e-flex e-con-boxed e-con e-parent\" data-id=\"iwgcn-nativeamer-cc\" data-element_type=\"container\" data-e-type=\"container\" id=\"iwg-cc-native-american\">\n\t\t\t\t\t<div class=\"e-con-inner\">\n\t\t<div class=\"elementor-element elementor-element-iwgcn-nativeamer-ccinner e-flex e-con-boxed e-con e-parent\" data-id=\"iwgcn-nativeamer-ccinner\" data-element_type=\"container\" data-e-type=\"container\" data-settings=\"{&quot;background_background&quot;:&quot;classic&quot;}\">\n\t\t\t\t\t<div class=\"e-con-inner\">\n\t\t\t\t<div class=\"elementor-element elementor-element-iwgcn-nativeamer-cch elementor-widget elementor-widget-heading\" data-id=\"iwgcn-nativeamer-cch\" data-element_type=\"widget\" data-e-type=\"widget\" data-widget_type=\"heading.default\">\n\t\t\t\t\t<h2 class=\"elementor-heading-title elementor-size-default\">Objectes de protecci\u00f3 d'aquesta tradici\u00f3 cultural<\/h2>\t\t\t\t<\/div>\n\t\t\t\t<div class=\"elementor-element elementor-element-iwgcn-nativeamer-cct elementor-widget elementor-widget-text-editor\" data-id=\"iwgcn-nativeamer-cct\" data-element_type=\"widget\" data-e-type=\"widget\" data-widget_type=\"text-editor.default\">\n\t\t\t\t\t\t\t\t\t<p>Les tradicions ind\u00edgenes de l&#8217;Am\u00e8rica del Nord, lakota, hopi, navajo i moltes altres, coneixen bosses de medicina (Medicine Bundle), atrapasomnis, plomes d&#8217;\u00e0guila i fetitxes d&#8217;esperits animals fets de pedra com a objectes de protecci\u00f3 portables; la joieria de turquesa dels pueblos del sud-oest gaudeix de gran estima.<\/p><div data-nosnippet=\"true\"><p>iWell Guard s&#8217;inscriu en aquesta l\u00ednia culturohist\u00f2rica d&#8217;objectes de protecci\u00f3 portables, en una arquitectura de materials contempor\u00e0nia, fabricat a Alemanya. 41 capes, or veritable, plat\u00ed, plata. Dret de devoluci\u00f3 de 30 dies.<\/p><\/div>\t\t\t\t\t\t\t\t<\/div>\n\t\t\t\t<div class=\"elementor-element elementor-element-iwgcn-nativeamer-ccb iwg-cc-button iwg-cc-cta-2026-05-13 elementor-widget elementor-widget-jet-button\" data-id=\"iwgcn-nativeamer-ccb\" data-element_type=\"widget\" data-e-type=\"widget\" data-widget_type=\"jet-button.default\">\n\t\t\t\t<div class=\"elementor-widget-container\">\n\t\t\t\t\t<div class=\"elementor-jet-button jet-elements\"><div class=\"jet-button__container\"><a class=\"jet-button__instance jet-button__instance--icon-left hover-effect-1\" href=\"\/ueber-iwell-guard\/?utm_source=iwell-guard.com&amp;utm_medium=info-box&amp;utm_campaign=kultur-tradition\"><div class=\"jet-button__plane jet-button__plane-normal\"><\/div><div class=\"jet-button__plane jet-button__plane-hover\"><\/div><div class=\"jet-button__state jet-button__state-normal\"><span class=\"jet-button__label\">M\u00e9s informaci\u00f3 sobre l'iWell Guard<\/span><\/div><div class=\"jet-button__state jet-button__state-hover\"><span class=\"jet-button__label\">M\u00e9s informaci\u00f3 sobre l'iWell Guard<\/span><\/div><\/a><\/div><\/div><style>.elementor-element.elementor-element-iwgcn-nativeamer-ccb .jet-button__instance{width:320px;height:56px;}.elementor-element.elementor-element-iwgcn-nativeamer-ccb .jet-button__state-normal .jet-button__label{text-align:center;margin:0px 0px 0px 0px;color:#1a1b20;font-family:Montserrat,sans-serif;font-size:13px;font-weight:400;letter-spacing:4px;line-height:1.714em;text-transform:uppercase;}.elementor-element.elementor-element-iwgcn-nativeamer-ccb .jet-button__state-hover .jet-button__label{text-align:center;margin:0px 0px 0px 0px;color:#FECC76;font-family:Montserrat,sans-serif;font-size:13px;font-weight:400;letter-spacing:4px;line-height:1.714em;text-transform:uppercase;}.elementor-element.elementor-element-iwgcn-nativeamer-ccb .jet-button__plane-normal{background-color:#FECC76;border-style:solid;border-color:#C99540;border-width:2px 2px 2px 2px;}.elementor-element.elementor-element-iwgcn-nativeamer-ccb .jet-button__plane-hover{background-color:rgba(0,0,0,0.55);border-style:solid;border-color:#FECC76;border-width:2px 2px 2px 2px;}<\/style>\t\t\t\t<\/div>\n\t\t\t\t<\/div>\n\t\t\t\t<div class=\"elementor-element elementor-element-iwgcn-nativeamer-ccd elementor-widget elementor-widget-text-editor\" data-id=\"iwgcn-nativeamer-ccd\" data-element_type=\"widget\" data-e-type=\"widget\" data-widget_type=\"text-editor.default\">\n\t\t\t\t\t\t\t\t\t<div data-nosnippet=\"true\"><p style=\"text-align:center;font-size:13px;opacity:0.7;margin-top:14px\" data-nosnippet=\"true\">Les experi\u00e8ncies personals poden variar. No \u00e9s un producte sanitari. No \u00e9s una promesa de curaci\u00f3.<\/p><\/div>\t\t\t\t\t\t\t\t<\/div>\n\t\t\t\t\t<\/div>\n\t\t\t\t<\/div>\n\t\t\t\t\t<\/div>\n\t\t\t\t<\/div>\n\t\t<div class=\"elementor-element elementor-element-iwgcn-nativeamer-disc e-flex e-con-boxed e-con e-parent\" data-id=\"iwgcn-nativeamer-disc\" data-element_type=\"container\" data-e-type=\"container\">\n\t\t\t\t\t<div class=\"e-con-inner\">\n\t\t\t\t<div class=\"elementor-element elementor-element-iwgcn-nativeamer-discw elementor-widget elementor-widget-html\" data-id=\"iwgcn-nativeamer-discw\" data-element_type=\"widget\" data-e-type=\"widget\" data-widget_type=\"html.default\">\n\t\t\t\t\t<footer data-nosnippet=\"true\" class=\"iwg-disclaimer-block\"><p data-nosnippet=\"true\">iWell Guard <strong>no \u00e9s un producte sanitari<\/strong> i no substitueix cap tractament m\u00e8dic o psicoterap\u00e8utic. Els continguts d'hist\u00f2ria de les religions s\u00f3n una classificaci\u00f3 culturohist\u00f2rica, no una recomanaci\u00f3 de pr\u00e0ctica espiritual.<\/p><\/footer>\t\t\t\t<\/div>\n\t\t\t\t\t<\/div>\n\t\t\t\t<\/div>\n\t\t<div class=\"elementor-element elementor-element-iwgssrev-nativeamerican e-flex e-con-boxed e-con e-parent\" data-id=\"iwgssrev-nativeamerican\" data-element_type=\"container\" data-e-type=\"container\">\n\t\t\t\t\t<div class=\"e-con-inner\">\n\t\t\t\t<div class=\"elementor-element elementor-element-iwgssrev-nativeamerican-h elementor-widget elementor-widget-heading\" data-id=\"iwgssrev-nativeamerican-h\" data-element_type=\"widget\" data-e-type=\"widget\" data-widget_type=\"heading.default\">\n\t\t\t\t\t<h2 class=\"elementor-heading-title elementor-size-default\">S\u00edmbols de protecci\u00f3 de les cultures ind\u00edgenes de l'Am\u00e8rica del Nord<\/h2>\t\t\t\t<\/div>\n\t\t\t\t<div class=\"elementor-element elementor-element-iwgssrev-nativeamerican-t elementor-widget elementor-widget-text-editor\" data-id=\"iwgssrev-nativeamerican-t\" data-element_type=\"widget\" data-e-type=\"widget\" data-widget_type=\"text-editor.default\">\n\t\t\t\t\t\t\t\t\t<p>El lexic\u00f3 de s\u00edmbols de protecci\u00f3 tracta diversos signes i objectes de les cultures ind\u00edgenes de l&#8217;Am\u00e8rica del Nord en p\u00e0gines pr\u00f2pies: <a href=\"https:\/\/iwell-guard.com\/ca\/?page_id=171883\">Atrapasomnis<\/a>. La p\u00e0gina dedicada als <a href=\"https:\/\/iwell-guard.com\/ca\/?page_id=171653\">s\u00edmbols de protecci\u00f3<\/a> ofereix una visi\u00f3 transversal de totes les cultures.<\/p>\t\t\t\t\t\t\t\t<\/div>\n\t\t\t\t\t<\/div>\n\t\t\t\t<\/div>\n\t\t\t\t<\/div>\n\t\t","protected":false},"excerpt":{"rendered":"","protected":false},"author":3,"featured_media":2703,"parent":0,"menu_order":0,"comment_status":"closed","ping_status":"closed","template":"elementor_header_footer","meta":{"_yoast_wpseo_focuskw":"d\u00e9us ind\u00edgenes americans","_yoast_wpseo_title":"D\u00e9us ind\u00edgenes americans - Lakota, Hopi i First Nations","_yoast_wpseo_metadesc":"D\u00e9us dels pobles ind\u00edgenes d'Am\u00e8rica del Nord: Wakan Tanka (Lakota), Manitou (Algonquin), Awonawilona (Zuni). Dansa del Sol, Cerem\u00f2nia de la Pipa i el Coyote embaucador.","_yoast_wpseo_meta-robots-noindex":"","_yoast_wpseo_canonical":"","_angie_page":false,"gefaehrdungsstufe":"","wesen_kultur":"","wesen_klasse":"","footnotes":""},"categories":[],"class_list":["post-171662","page","type-page","status-publish","has-post-thumbnail","hentry"],"yoast_head":"<!-- This site is optimized with the Yoast SEO Premium plugin v27.7 (Yoast SEO v28.3) - https:\/\/yoast.com\/product\/yoast-seo-premium-wordpress\/ -->\n<title>D\u00e9us ind\u00edgenes americans - Lakota, Hopi i First Nations<\/title>\n<meta name=\"description\" content=\"D\u00e9us dels pobles ind\u00edgenes d&#039;Am\u00e8rica del Nord: Wakan Tanka (Lakota), Manitou (Algonquin), Awonawilona (Zuni). Dansa del Sol, Cerem\u00f2nia de la Pipa i el Coyote embaucador.\" \/>\n<meta name=\"robots\" content=\"index, follow, max-snippet:-1, max-image-preview:large, max-video-preview:-1\" \/>\n<link rel=\"canonical\" href=\"https:\/\/iwell-guard.com\/ca\/deus-indigenes-americans-wakan-tanka-first-nations\/\" \/>\n<meta property=\"og:locale\" content=\"ca_ES\" \/>\n<meta property=\"og:type\" content=\"article\" \/>\n<meta property=\"og:title\" content=\"D\u00e9us ind\u00edgenes americans \u2013 Wakan Tanka i First Nations\" \/>\n<meta property=\"og:description\" content=\"D\u00e9us dels pobles ind\u00edgenes d&#039;Am\u00e8rica del Nord: Wakan Tanka (Lakota), Manitou (Algonquin), Awonawilona (Zuni). Dansa del Sol, Cerem\u00f2nia de la Pipa i el Coyote embaucador.\" \/>\n<meta property=\"og:url\" content=\"https:\/\/iwell-guard.com\/ca\/deus-indigenes-americans-wakan-tanka-first-nations\/\" \/>\n<meta property=\"og:site_name\" content=\"iWell Guard\" \/>\n<meta property=\"article:modified_time\" content=\"2026-09-05T16:03:48+00:00\" \/>\n<meta property=\"og:image\" content=\"https:\/\/iwell-guard.com\/wp-content\/uploads\/2026\/05\/goetter_native-american_changing-woman.webp\" \/>\n\t<meta property=\"og:image:width\" content=\"1024\" \/>\n\t<meta property=\"og:image:height\" content=\"1536\" \/>\n\t<meta property=\"og:image:type\" content=\"image\/webp\" \/>\n<meta name=\"twitter:card\" content=\"summary_large_image\" \/>\n<script type=\"application\/ld+json\" class=\"yoast-schema-graph\">{\"@context\":\"https:\\\/\\\/schema.org\",\"@graph\":[{\"@type\":\"WebPage\",\"@id\":\"https:\\\/\\\/iwell-guard.com\\\/ca\\\/deus-indigenes-americans-wakan-tanka-first-nations\\\/\",\"url\":\"https:\\\/\\\/iwell-guard.com\\\/ca\\\/deus-indigenes-americans-wakan-tanka-first-nations\\\/\",\"name\":\"D\u00e9us ind\u00edgenes americans - Lakota, Hopi i First Nations\",\"isPartOf\":{\"@id\":\"https:\\\/\\\/iwell-guard.com\\\/ca\\\/#website\"},\"primaryImageOfPage\":{\"@id\":\"https:\\\/\\\/iwell-guard.com\\\/ca\\\/deus-indigenes-americans-wakan-tanka-first-nations\\\/#primaryimage\"},\"image\":{\"@id\":\"https:\\\/\\\/iwell-guard.com\\\/ca\\\/deus-indigenes-americans-wakan-tanka-first-nations\\\/#primaryimage\"},\"thumbnailUrl\":\"https:\\\/\\\/iwell-guard.com\\\/wp-content\\\/uploads\\\/2026\\\/05\\\/goetter_native-american_changing-woman.webp\",\"datePublished\":\"2026-09-05T15:41:16+00:00\",\"dateModified\":\"2026-09-05T16:03:48+00:00\",\"description\":\"D\u00e9us dels pobles ind\u00edgenes d'Am\u00e8rica del Nord: Wakan Tanka (Lakota), Manitou (Algonquin), Awonawilona (Zuni). Dansa del Sol, Cerem\u00f2nia de la Pipa i el Coyote embaucador.\",\"breadcrumb\":{\"@id\":\"https:\\\/\\\/iwell-guard.com\\\/ca\\\/deus-indigenes-americans-wakan-tanka-first-nations\\\/#breadcrumb\"},\"inLanguage\":\"ca\",\"potentialAction\":[{\"@type\":\"ReadAction\",\"target\":[\"https:\\\/\\\/iwell-guard.com\\\/ca\\\/deus-indigenes-americans-wakan-tanka-first-nations\\\/\"]}]},{\"@type\":\"ImageObject\",\"inLanguage\":\"ca\",\"@id\":\"https:\\\/\\\/iwell-guard.com\\\/ca\\\/deus-indigenes-americans-wakan-tanka-first-nations\\\/#primaryimage\",\"url\":\"https:\\\/\\\/iwell-guard.com\\\/wp-content\\\/uploads\\\/2026\\\/05\\\/goetter_native-american_changing-woman.webp\",\"contentUrl\":\"https:\\\/\\\/iwell-guard.com\\\/wp-content\\\/uploads\\\/2026\\\/05\\\/goetter_native-american_changing-woman.webp\",\"width\":1024,\"height\":1536,\"caption\":\"D\u00e9us de la tradici\u00f3 nativa americana.\"},{\"@type\":\"BreadcrumbList\",\"@id\":\"https:\\\/\\\/iwell-guard.com\\\/ca\\\/deus-indigenes-americans-wakan-tanka-first-nations\\\/#breadcrumb\",\"itemListElement\":[{\"@type\":\"ListItem\",\"position\":1,\"name\":\"Start\",\"item\":\"https:\\\/\\\/iwell-guard.com\\\/ca\\\/?page_id=171333\"},{\"@type\":\"ListItem\",\"position\":2,\"name\":\"D\u00e9us ind\u00edgenes americans \u2013 Wakan Tanka i First Nations\"}]},{\"@type\":\"WebSite\",\"@id\":\"https:\\\/\\\/iwell-guard.com\\\/ca\\\/#website\",\"url\":\"https:\\\/\\\/iwell-guard.com\\\/ca\\\/\",\"name\":\"iWell Guard\",\"description\":\"Schutz vor dunklen Einfl\u00fcssen\",\"publisher\":{\"@id\":\"https:\\\/\\\/iwell-guard.com\\\/ca\\\/#organization\"},\"potentialAction\":[{\"@type\":\"SearchAction\",\"target\":{\"@type\":\"EntryPoint\",\"urlTemplate\":\"https:\\\/\\\/iwell-guard.com\\\/ca\\\/?s={search_term_string}\"},\"query-input\":{\"@type\":\"PropertyValueSpecification\",\"valueRequired\":true,\"valueName\":\"search_term_string\"}}],\"inLanguage\":\"ca\"},{\"@type\":\"Organization\",\"@id\":\"https:\\\/\\\/iwell-guard.com\\\/ca\\\/#organization\",\"name\":\"Ittermann electronic GmbH\",\"url\":\"https:\\\/\\\/iwell-guard.com\\\/ca\\\/\",\"logo\":{\"@type\":\"ImageObject\",\"inLanguage\":\"ca\",\"@id\":\"https:\\\/\\\/iwell-guard.com\\\/ca\\\/#\\\/schema\\\/logo\\\/image\\\/\",\"url\":\"https:\\\/\\\/iwell-guard.com\\\/wp-content\\\/uploads\\\/2026\\\/05\\\/Ittermann-Logo-1182x237-1.png\",\"contentUrl\":\"https:\\\/\\\/iwell-guard.com\\\/wp-content\\\/uploads\\\/2026\\\/05\\\/Ittermann-Logo-1182x237-1.png\",\"width\":1182,\"height\":237,\"caption\":\"Ittermann electronic GmbH\"},\"image\":{\"@id\":\"https:\\\/\\\/iwell-guard.com\\\/ca\\\/#\\\/schema\\\/logo\\\/image\\\/\"},\"sameAs\":[\"https:\\\/\\\/pantip.com\\\/profile\\\/9367242\",\"https:\\\/\\\/micro.blog\\\/iwellguard\",\"https:\\\/\\\/www.diggerslist.com\\\/iwellguard\\\/about\",\"https:\\\/\\\/skitterphoto.com\\\/photographers\\\/2870314\\\/iwell-guard\",\"https:\\\/\\\/iwellguard.wordpress.com\\\/2026\\\/06\\\/06\\\/iwell-guard\\\/\",\"https:\\\/\\\/hub.docker.com\\\/u\\\/iwellguard\",\"https:\\\/\\\/www.pinterest.com\\\/iwellguard\\\/\",\"https:\\\/\\\/bit.ly\\\/m\\\/iwellguard\",\"https:\\\/\\\/entre-vos-mains.alsace.eu\\\/profiles\\\/iwellguard\\\/activity\",\"https:\\\/\\\/gravatar.com\\\/reallybeded8fd34\",\"https:\\\/\\\/naijamatta.com\\\/iwellguard\",\"https:\\\/\\\/www.goodreads.com\\\/iwellguard\",\"https:\\\/\\\/profile.hatena.ne.jp\\\/iwellguard\\\/\",\"https:\\\/\\\/experiment.com\\\/users\\\/iwellguard\",\"https:\\\/\\\/wakelet.com\\\/@iWellGuard82270\",\"https:\\\/\\\/www.chordie.com\\\/forum\\\/profile.php?id=2555664\",\"https:\\\/\\\/www.instapaper.com\\\/p\\\/17757966\",\"https:\\\/\\\/www.mapleprimes.com\\\/users\\\/iwellguard\",\"https:\\\/\\\/businesslistingplus.com\\\/profile\\\/iwell-guard\\\/\",\"https:\\\/\\\/telegra.ph\\\/iWell-Guard-06-06\",\"https:\\\/\\\/pbase.com\\\/iwellguard\\\/iwellguard\",\"https:\\\/\\\/b.hatena.ne.jp\\\/iwellguard\\\/20260607#bookmark-4788405196491818882\",\"https:\\\/\\\/fliphtml5.com\\\/home\\\/iwellguard\",\"https:\\\/\\\/anyflip.com\\\/homepage\\\/cmiwl#About\",\"https:\\\/\\\/transfur.com\\\/Users\\\/iwellguard\",\"http:\\\/\\\/delphi.larsbo.org\\\/user\\\/iwellguard\",\"https:\\\/\\\/jobs.lajobsportal.org\\\/profiles\\\/8380803-iwell-guard\",\"https:\\\/\\\/md.chaosdorf.de\\\/s\\\/jfbe5SBdJD\",\"https:\\\/\\\/www.lingvolive.com\\\/en-us\\\/profile\\\/9ecaeaca-ce11-4e51-9e71-01d55e2bff36\\\/translations\",\"https:\\\/\\\/www.fitday.com\\\/fitness\\\/forums\\\/members\\\/iwellguard.html\",\"https:\\\/\\\/www.mymeetbook.com\\\/iwellguard\",\"https:\\\/\\\/pxhere.com\\\/en\\\/photographer-me\\\/5040798\",\"https:\\\/\\\/disqus.com\\\/by\\\/iwellguard\\\/about\\\/\",\"https:\\\/\\\/pastelink.net\\\/hjwciqwq\",\"https:\\\/\\\/pubhtml5.com\\\/homepage\\\/scjhn\\\/\",\"https:\\\/\\\/www.bitchute.com\\\/channel\\\/2O2eOKzNqujT\",\"https:\\\/\\\/audiomack.com\\\/iwellguard\"]}]}<\/script>\n<!-- \/ Yoast SEO Premium plugin. -->","yoast_head_json":{"title":"D\u00e9us ind\u00edgenes americans - Lakota, Hopi i First Nations","description":"D\u00e9us dels pobles ind\u00edgenes d'Am\u00e8rica del Nord: Wakan Tanka (Lakota), Manitou (Algonquin), Awonawilona (Zuni). Dansa del Sol, Cerem\u00f2nia de la Pipa i el Coyote embaucador.","robots":{"index":"index","follow":"follow","max-snippet":"max-snippet:-1","max-image-preview":"max-image-preview:large","max-video-preview":"max-video-preview:-1"},"canonical":"https:\/\/iwell-guard.com\/ca\/deus-indigenes-americans-wakan-tanka-first-nations\/","og_locale":"ca_ES","og_type":"article","og_title":"D\u00e9us ind\u00edgenes americans \u2013 Wakan Tanka i First Nations","og_description":"D\u00e9us dels pobles ind\u00edgenes d'Am\u00e8rica del Nord: Wakan Tanka (Lakota), Manitou (Algonquin), Awonawilona (Zuni). Dansa del Sol, Cerem\u00f2nia de la Pipa i el Coyote embaucador.","og_url":"https:\/\/iwell-guard.com\/ca\/deus-indigenes-americans-wakan-tanka-first-nations\/","og_site_name":"iWell Guard","article_modified_time":"2026-09-05T16:03:48+00:00","og_image":[{"width":1024,"height":1536,"url":"https:\/\/iwell-guard.com\/wp-content\/uploads\/2026\/05\/goetter_native-american_changing-woman.webp","type":"image\/webp"}],"twitter_card":"summary_large_image","schema":{"@context":"https:\/\/schema.org","@graph":[{"@type":"WebPage","@id":"https:\/\/iwell-guard.com\/ca\/deus-indigenes-americans-wakan-tanka-first-nations\/","url":"https:\/\/iwell-guard.com\/ca\/deus-indigenes-americans-wakan-tanka-first-nations\/","name":"D\u00e9us ind\u00edgenes americans - Lakota, Hopi i First Nations","isPartOf":{"@id":"https:\/\/iwell-guard.com\/ca\/#website"},"primaryImageOfPage":{"@id":"https:\/\/iwell-guard.com\/ca\/deus-indigenes-americans-wakan-tanka-first-nations\/#primaryimage"},"image":{"@id":"https:\/\/iwell-guard.com\/ca\/deus-indigenes-americans-wakan-tanka-first-nations\/#primaryimage"},"thumbnailUrl":"https:\/\/iwell-guard.com\/wp-content\/uploads\/2026\/05\/goetter_native-american_changing-woman.webp","datePublished":"2026-09-05T15:41:16+00:00","dateModified":"2026-09-05T16:03:48+00:00","description":"D\u00e9us dels pobles ind\u00edgenes d'Am\u00e8rica del Nord: Wakan Tanka (Lakota), Manitou (Algonquin), Awonawilona (Zuni). Dansa del Sol, Cerem\u00f2nia de la Pipa i el Coyote embaucador.","breadcrumb":{"@id":"https:\/\/iwell-guard.com\/ca\/deus-indigenes-americans-wakan-tanka-first-nations\/#breadcrumb"},"inLanguage":"ca","potentialAction":[{"@type":"ReadAction","target":["https:\/\/iwell-guard.com\/ca\/deus-indigenes-americans-wakan-tanka-first-nations\/"]}]},{"@type":"ImageObject","inLanguage":"ca","@id":"https:\/\/iwell-guard.com\/ca\/deus-indigenes-americans-wakan-tanka-first-nations\/#primaryimage","url":"https:\/\/iwell-guard.com\/wp-content\/uploads\/2026\/05\/goetter_native-american_changing-woman.webp","contentUrl":"https:\/\/iwell-guard.com\/wp-content\/uploads\/2026\/05\/goetter_native-american_changing-woman.webp","width":1024,"height":1536,"caption":"D\u00e9us de la tradici\u00f3 nativa americana."},{"@type":"BreadcrumbList","@id":"https:\/\/iwell-guard.com\/ca\/deus-indigenes-americans-wakan-tanka-first-nations\/#breadcrumb","itemListElement":[{"@type":"ListItem","position":1,"name":"Start","item":"https:\/\/iwell-guard.com\/ca\/?page_id=171333"},{"@type":"ListItem","position":2,"name":"D\u00e9us ind\u00edgenes americans \u2013 Wakan Tanka i First Nations"}]},{"@type":"WebSite","@id":"https:\/\/iwell-guard.com\/ca\/#website","url":"https:\/\/iwell-guard.com\/ca\/","name":"iWell Guard","description":"Schutz vor dunklen Einfl\u00fcssen","publisher":{"@id":"https:\/\/iwell-guard.com\/ca\/#organization"},"potentialAction":[{"@type":"SearchAction","target":{"@type":"EntryPoint","urlTemplate":"https:\/\/iwell-guard.com\/ca\/?s={search_term_string}"},"query-input":{"@type":"PropertyValueSpecification","valueRequired":true,"valueName":"search_term_string"}}],"inLanguage":"ca"},{"@type":"Organization","@id":"https:\/\/iwell-guard.com\/ca\/#organization","name":"Ittermann electronic GmbH","url":"https:\/\/iwell-guard.com\/ca\/","logo":{"@type":"ImageObject","inLanguage":"ca","@id":"https:\/\/iwell-guard.com\/ca\/#\/schema\/logo\/image\/","url":"https:\/\/iwell-guard.com\/wp-content\/uploads\/2026\/05\/Ittermann-Logo-1182x237-1.png","contentUrl":"https:\/\/iwell-guard.com\/wp-content\/uploads\/2026\/05\/Ittermann-Logo-1182x237-1.png","width":1182,"height":237,"caption":"Ittermann electronic GmbH"},"image":{"@id":"https:\/\/iwell-guard.com\/ca\/#\/schema\/logo\/image\/"},"sameAs":["https:\/\/pantip.com\/profile\/9367242","https:\/\/micro.blog\/iwellguard","https:\/\/www.diggerslist.com\/iwellguard\/about","https:\/\/skitterphoto.com\/photographers\/2870314\/iwell-guard","https:\/\/iwellguard.wordpress.com\/2026\/06\/06\/iwell-guard\/","https:\/\/hub.docker.com\/u\/iwellguard","https:\/\/www.pinterest.com\/iwellguard\/","https:\/\/bit.ly\/m\/iwellguard","https:\/\/entre-vos-mains.alsace.eu\/profiles\/iwellguard\/activity","https:\/\/gravatar.com\/reallybeded8fd34","https:\/\/naijamatta.com\/iwellguard","https:\/\/www.goodreads.com\/iwellguard","https:\/\/profile.hatena.ne.jp\/iwellguard\/","https:\/\/experiment.com\/users\/iwellguard","https:\/\/wakelet.com\/@iWellGuard82270","https:\/\/www.chordie.com\/forum\/profile.php?id=2555664","https:\/\/www.instapaper.com\/p\/17757966","https:\/\/www.mapleprimes.com\/users\/iwellguard","https:\/\/businesslistingplus.com\/profile\/iwell-guard\/","https:\/\/telegra.ph\/iWell-Guard-06-06","https:\/\/pbase.com\/iwellguard\/iwellguard","https:\/\/b.hatena.ne.jp\/iwellguard\/20260607#bookmark-4788405196491818882","https:\/\/fliphtml5.com\/home\/iwellguard","https:\/\/anyflip.com\/homepage\/cmiwl#About","https:\/\/transfur.com\/Users\/iwellguard","http:\/\/delphi.larsbo.org\/user\/iwellguard","https:\/\/jobs.lajobsportal.org\/profiles\/8380803-iwell-guard","https:\/\/md.chaosdorf.de\/s\/jfbe5SBdJD","https:\/\/www.lingvolive.com\/en-us\/profile\/9ecaeaca-ce11-4e51-9e71-01d55e2bff36\/translations","https:\/\/www.fitday.com\/fitness\/forums\/members\/iwellguard.html","https:\/\/www.mymeetbook.com\/iwellguard","https:\/\/pxhere.com\/en\/photographer-me\/5040798","https:\/\/disqus.com\/by\/iwellguard\/about\/","https:\/\/pastelink.net\/hjwciqwq","https:\/\/pubhtml5.com\/homepage\/scjhn\/","https:\/\/www.bitchute.com\/channel\/2O2eOKzNqujT","https:\/\/audiomack.com\/iwellguard"]}]}},"_links":{"self":[{"href":"https:\/\/iwell-guard.com\/ca\/wp-json\/wp\/v2\/pages\/171662","targetHints":{"allow":["GET"]}}],"collection":[{"href":"https:\/\/iwell-guard.com\/ca\/wp-json\/wp\/v2\/pages"}],"about":[{"href":"https:\/\/iwell-guard.com\/ca\/wp-json\/wp\/v2\/types\/page"}],"author":[{"embeddable":true,"href":"https:\/\/iwell-guard.com\/ca\/wp-json\/wp\/v2\/users\/3"}],"replies":[{"embeddable":true,"href":"https:\/\/iwell-guard.com\/ca\/wp-json\/wp\/v2\/comments?post=171662"}],"version-history":[{"count":0,"href":"https:\/\/iwell-guard.com\/ca\/wp-json\/wp\/v2\/pages\/171662\/revisions"}],"wp:featuredmedia":[{"embeddable":true,"href":"https:\/\/iwell-guard.com\/ca\/wp-json\/wp\/v2\/media\/2703"}],"wp:attachment":[{"href":"https:\/\/iwell-guard.com\/ca\/wp-json\/wp\/v2\/media?parent=171662"}],"wp:term":[{"taxonomy":"category","embeddable":true,"href":"https:\/\/iwell-guard.com\/ca\/wp-json\/wp\/v2\/categories?post=171662"}],"curies":[{"name":"wp","href":"https:\/\/api.w.org\/{rel}","templated":true}]}}