{"id":171661,"date":"2026-09-05T15:41:14","date_gmt":"2026-09-05T15:41:14","guid":{"rendered":"https:\/\/iwell-guard.com\/?page_id=171661"},"modified":"2026-09-05T16:03:45","modified_gmt":"2026-09-05T16:03:45","slug":"cultures-andines-i-inques-inti-pachamama-viracocha","status":"publish","type":"page","link":"https:\/\/iwell-guard.com\/ca\/cultures-andines-i-inques-inti-pachamama-viracocha\/","title":{"rendered":"Cultures andines i inques \u2013 Inti, Pachamama i Viracocha"},"content":{"rendered":"\t\t<div data-elementor-type=\"wp-page\" data-elementor-id=\"171661\" class=\"elementor elementor-171661 elementor-2564 elementor-bc-flex-widget\" data-elementor-post-type=\"page\">\n\t\t\t\t<div class=\"elementor-element elementor-element-iwgcn-andeninka-hero iwg-kultur-hero e-flex e-con-boxed e-con e-parent\" data-id=\"iwgcn-andeninka-hero\" data-element_type=\"container\" data-e-type=\"container\">\n\t\t\t\t\t<div class=\"e-con-inner\">\n\t\t<div class=\"elementor-element elementor-element-iwgcn-andeninka-hl iwg-kultur-hero-left e-flex e-con-boxed e-con e-child\" data-id=\"iwgcn-andeninka-hl\" data-element_type=\"container\" data-e-type=\"container\">\n\t\t\t\t\t<div class=\"e-con-inner\">\n\t\t\t\t<div class=\"elementor-element elementor-element-iwgcn-andeninka-h1 elementor-widget elementor-widget-heading\" data-id=\"iwgcn-andeninka-h1\" data-element_type=\"widget\" data-e-type=\"widget\" data-widget_type=\"heading.default\">\n\t\t\t\t\t<h1 class=\"elementor-heading-title elementor-size-default\">Cultures andines, inques, Pachamama i Chakana<\/h1>\t\t\t\t<\/div>\n\t\t<div class=\"elementor-element elementor-element-iwgcn-andeninka-leadc e-con-full e-flex e-con e-child\" data-id=\"iwgcn-andeninka-leadc\" data-element_type=\"container\" data-e-type=\"container\">\n\t\t\t\t<div class=\"elementor-element elementor-element-iwgcn-andeninka-lead elementor-widget elementor-widget-text-editor\" data-id=\"iwgcn-andeninka-lead\" data-element_type=\"widget\" data-e-type=\"widget\" data-widget_type=\"text-editor.default\">\n\t\t\t\t\t\t\t\t\t<p>La regi\u00f3 andina, des de Col\u00f2mbia fins al nord de Xile, ha acollit des del tercer mil\u00b7lenni aC cultures avan\u00e7ades complexes: Caral, Chav\u00edn, Moche, Nazca, Wari, Tiwanaku i finalment els inques. Les comunitats de llengua qu\u00edtxua i aimara mantenen fins avui tradicions religioses en les quals la mare terra Pachamama, la divinitat solar Inti i les muntanyes (Apus) constitueixen punts de refer\u00e8ncia centrals.<\/p><p>La pr\u00e0ctica de protecci\u00f3 andina es tracta en un apartat propi.<\/p>\t\t\t\t\t\t\t\t<\/div>\n\t\t\t\t<\/div>\n\t\t\t\t\t<\/div>\n\t\t\t\t<\/div>\n\t\t<div class=\"elementor-element elementor-element-iwgcn-andeninka-hr iwg-kultur-hero-right e-flex e-con-boxed e-con e-child\" data-id=\"iwgcn-andeninka-hr\" data-element_type=\"container\" data-e-type=\"container\">\n\t\t\t\t\t<div class=\"e-con-inner\">\n\t\t\t\t<div class=\"elementor-element elementor-element-iwgcn-andeninka-himg iwg-hero-image elementor-widget elementor-widget-image\" data-id=\"iwgcn-andeninka-himg\" data-element_type=\"widget\" data-e-type=\"widget\" data-widget_type=\"image.default\">\n\t\t\t\t\t\t\t\t\t\t\t\t\t\t\t<img fetchpriority=\"high\" decoding=\"async\" width=\"683\" height=\"1024\" src=\"https:\/\/iwell-guard.com\/wp-content\/uploads\/2026\/05\/goetter_anden-inka_illapa-683x1024.webp\" class=\"attachment-large size-large wp-image-2677\" alt=\"Cultures andines i inques \u2013 Inti, Pachamama i Viracocha\" srcset=\"https:\/\/iwell-guard.com\/wp-content\/uploads\/2026\/05\/goetter_anden-inka_illapa-683x1024.webp 683w, https:\/\/iwell-guard.com\/wp-content\/uploads\/2026\/05\/goetter_anden-inka_illapa-200x300.webp 200w, https:\/\/iwell-guard.com\/wp-content\/uploads\/2026\/05\/goetter_anden-inka_illapa-768x1152.webp 768w, https:\/\/iwell-guard.com\/wp-content\/uploads\/2026\/05\/goetter_anden-inka_illapa.webp 1024w\" sizes=\"(max-width: 683px) 100vw, 683px\" \/>\t\t\t\t\t\t\t\t\t\t\t\t\t\t\t<\/div>\n\t\t\t\t\t<\/div>\n\t\t\t\t<\/div>\n\t\t\t\t\t<\/div>\n\t\t\t\t<\/div>\n\t\t<div class=\"elementor-element elementor-element-iwgcn-andeninka-s0 e-flex e-con-boxed e-con e-parent\" data-id=\"iwgcn-andeninka-s0\" data-element_type=\"container\" data-e-type=\"container\">\n\t\t\t\t\t<div class=\"e-con-inner\">\n\t\t\t\t<div class=\"elementor-element elementor-element-iwgcn-andeninka-s0h elementor-widget elementor-widget-heading\" data-id=\"iwgcn-andeninka-s0h\" data-element_type=\"widget\" data-e-type=\"widget\" data-widget_type=\"heading.default\">\n\t\t\t\t\t<h2 class=\"elementor-heading-title elementor-size-default\">Fases hist\u00f2riques, pre-inca i inca<\/h2>\t\t\t\t<\/div>\n\t\t<div class=\"elementor-element elementor-element-iwgcn-andeninka-s0-c e-con-full e-flex e-con e-child\" data-id=\"iwgcn-andeninka-s0-c\" data-element_type=\"container\" data-e-type=\"container\">\n\t\t\t\t<div class=\"elementor-element elementor-element-iwgcn-andeninka-s0t elementor-widget elementor-widget-text-editor\" data-id=\"iwgcn-andeninka-s0t\" data-element_type=\"widget\" data-e-type=\"widget\" data-widget_type=\"text-editor.default\">\n\t\t\t\t\t\t\t\t\t<p>Molt abans dels inques, les societats andines van desenvolupar complexos religiosos: Caral com a indret de temple m\u00e9s antic del Nou M\u00f3n (des d&#8217;aproximadament el 2600 aC), Chav\u00edn de Hu\u00e1ntar (1200\u2013500 aC) amb la <span class=\"iwg-fachbegriff\" data-tooltip=\"Una llosa de pedra o fusta dreta, inscrita o decorada amb imatges.\" tabindex=\"0\">estela<\/span> Lanz\u00f3n com a objecte de culte central, Moche (100\u2013800 dC) amb pir\u00e0mides Huaca i pr\u00e0ctiques de sacrifici, i Tiwanaku, vora el llac Titicaca, com a centre cosmol\u00f2gic amb la Porta del Sol i la iconografia de Viracocha.<\/p><p>Els inques (aproximadament 1438\u20131533 dC) es consideraven successors i sintetitzadors d&#8217;aquestes tradicions.<\/p>\t\t\t\t\t\t\t\t<\/div>\n\t\t\t\t<\/div>\n\t\t\t\t\t<\/div>\n\t\t\t\t<\/div>\n\t\t<div class=\"elementor-element elementor-element-iwgcn-andeninka-s1 e-flex e-con-boxed e-con e-parent\" data-id=\"iwgcn-andeninka-s1\" data-element_type=\"container\" data-e-type=\"container\">\n\t\t\t\t\t<div class=\"e-con-inner\">\n\t\t\t\t<div class=\"elementor-element elementor-element-iwgcn-andeninka-s1h elementor-widget elementor-widget-heading\" data-id=\"iwgcn-andeninka-s1h\" data-element_type=\"widget\" data-e-type=\"widget\" data-widget_type=\"heading.default\">\n\t\t\t\t\t<h2 class=\"elementor-heading-title elementor-size-default\">Inti, Pachamama, Viracocha, el pante\u00f3 inca<\/h2>\t\t\t\t<\/div>\n\t\t<div class=\"elementor-element elementor-element-iwgcn-andeninka-s1-c e-con-full e-flex e-con e-child\" data-id=\"iwgcn-andeninka-s1-c\" data-element_type=\"container\" data-e-type=\"container\">\n\t\t\t\t<div class=\"elementor-element elementor-element-iwgcn-andeninka-s1t elementor-widget elementor-widget-text-editor\" data-id=\"iwgcn-andeninka-s1t\" data-element_type=\"widget\" data-e-type=\"widget\" data-widget_type=\"text-editor.default\">\n\t\t\t\t\t\t\t\t\t<p>Inti, el d\u00e9u del Sol, \u00e9s considerat el pare de la dinastia governant inca. Pachamama (Mare Terra) \u00e9s la <span class=\"iwg-fachbegriff\" data-tooltip=\"Un \u00e9sser venerat com a div\u00ed dins d'una religi\u00f3.\" tabindex=\"0\">divinitat<\/span> femenina central, responsable de la fertilitat dels camps i dels animals.<\/p><p>Viracocha apareix com a creador de totes les coses: va sorgir del llac Titicaca, va formar el Sol i la Lluna, i va crear els humans. Mama Killa (deessa de la Lluna) \u00e9s germana i esposa d&#8217;Inti. Pachakamak \u00e9s una <span class=\"iwg-fachbegriff\" data-tooltip=\"Un \u00e9sser venerat com a div\u00ed dins d'una religi\u00f3.\" tabindex=\"0\">divinitat<\/span> pananadina pr\u00f2pia (terra, terratr\u00e8mols), i el seu <span class=\"iwg-fachbegriff\" data-tooltip=\"Un lloc sagrat dedicat a la veneraci\u00f3 d'una divinitat.\" tabindex=\"0\">santuari<\/span> prop de Lima va ser un lloc de pelegrinatge durant mil\u00b7lennis.<\/p>\t\t\t\t\t\t\t\t<\/div>\n\t\t\t\t<\/div>\n\t\t\t\t\t<\/div>\n\t\t\t\t<\/div>\n\t\t<div class=\"elementor-element elementor-element-iwgcn-andeninka-s2 e-flex e-con-boxed e-con e-parent\" data-id=\"iwgcn-andeninka-s2\" data-element_type=\"container\" data-e-type=\"container\">\n\t\t\t\t\t<div class=\"e-con-inner\">\n\t\t\t\t<div class=\"elementor-element elementor-element-iwgcn-andeninka-s2h elementor-widget elementor-widget-heading\" data-id=\"iwgcn-andeninka-s2h\" data-element_type=\"widget\" data-e-type=\"widget\" data-widget_type=\"heading.default\">\n\t\t\t\t\t<h2 class=\"elementor-heading-title elementor-size-default\">Apus, les muntanyes com a \u00e9ssers vius<\/h2>\t\t\t\t<\/div>\n\t\t<div class=\"elementor-element elementor-element-iwgcn-andeninka-s2-c e-con-full e-flex e-con e-child\" data-id=\"iwgcn-andeninka-s2-c\" data-element_type=\"container\" data-e-type=\"container\">\n\t\t\t\t<div class=\"elementor-element elementor-element-iwgcn-andeninka-s2t elementor-widget elementor-widget-text-editor\" data-id=\"iwgcn-andeninka-s2t\" data-element_type=\"widget\" data-e-type=\"widget\" data-widget_type=\"text-editor.default\">\n\t\t\t\t\t\t\t\t\t<p>En la concepci\u00f3 andina, les muntanyes (Apus) no s\u00f3n elements del paisatge, sin\u00f3 \u00e9ssers vius amb personalitat, g\u00e8nere i jerarquia. Apus importants: Ausangate (regi\u00f3 de Cusco), Salkantay, Illimani (La Paz), Huayna Picchu, Chimborazo (Equador). Se&#8217;ls honra amb ofrenes despacho (paquets ceremonials amb fulles de coca, borrissol de blat de moro, dol\u00e7os i vins dol\u00e7os). Aquesta pr\u00e0ctica encara \u00e9s viva avui en comunitats rurals de parla qu\u00edtxua i aimara.<\/p>\t\t\t\t\t\t\t\t<\/div>\n\t\t\t\t<\/div>\n\t\t\t\t\t<\/div>\n\t\t\t\t<\/div>\n\t\t<div class=\"elementor-element elementor-element-iwgcn-andeninka-s3 e-flex e-con-boxed e-con e-parent\" data-id=\"iwgcn-andeninka-s3\" data-element_type=\"container\" data-e-type=\"container\">\n\t\t\t\t\t<div class=\"e-con-inner\">\n\t\t\t\t<div class=\"elementor-element elementor-element-iwgcn-andeninka-s3h elementor-widget elementor-widget-heading\" data-id=\"iwgcn-andeninka-s3h\" data-element_type=\"widget\" data-e-type=\"widget\" data-widget_type=\"heading.default\">\n\t\t\t\t\t<h2 class=\"elementor-heading-title elementor-size-default\">Chakana, la creu andina<\/h2>\t\t\t\t<\/div>\n\t\t<div class=\"elementor-element elementor-element-iwgcn-andeninka-s3-c e-con-full e-flex e-con e-child\" data-id=\"iwgcn-andeninka-s3-c\" data-element_type=\"container\" data-e-type=\"container\">\n\t\t\t\t<div class=\"elementor-element elementor-element-iwgcn-andeninka-s3t elementor-widget elementor-widget-text-editor\" data-id=\"iwgcn-andeninka-s3t\" data-element_type=\"widget\" data-e-type=\"widget\" data-widget_type=\"text-editor.default\">\n\t\t\t\t\t\t\t\t\t<p>La Chakana, la creu andina graonada de quatre puntes, \u00e9s el <span class=\"iwg-fachbegriff\" data-tooltip=\"Un signe que representa una idea o significat.\" tabindex=\"0\">s\u00edmbol<\/span> m\u00e9s emblem\u00e0tic de la <span class=\"iwg-fachbegriff\" data-tooltip=\"La concepci\u00f3 de l'estructura i l'ordre del m\u00f3n dins d'una cultura.\" tabindex=\"0\">cosmologia<\/span> andina. Representa els tres mons, Hanan Pacha (m\u00f3n superior, estrelles, d\u00e9us), Kay Pacha (m\u00f3n intermedi, humans) i Uku Pacha (m\u00f3n inferior, difunts, llavors), aix\u00ed com els quatre punts cardinals i les virtuts centrals (Ayni, reciprocitat, Munay, amor, Yachay, coneixement, Llank&#8217;ay, treball).<\/p><p>Avui dia els penjolls de Chakana en plata portables estan molt estesos.<\/p>\t\t\t\t\t\t\t\t<\/div>\n\t\t\t\t<\/div>\n\t\t\t\t\t<\/div>\n\t\t\t\t<\/div>\n\t\t<div class=\"elementor-element elementor-element-iwgcn-andeninka-s4 e-flex e-con-boxed e-con e-parent\" data-id=\"iwgcn-andeninka-s4\" data-element_type=\"container\" data-e-type=\"container\">\n\t\t\t\t\t<div class=\"e-con-inner\">\n\t\t\t\t<div class=\"elementor-element elementor-element-iwgcn-andeninka-s4h elementor-widget elementor-widget-heading\" data-id=\"iwgcn-andeninka-s4h\" data-element_type=\"widget\" data-e-type=\"widget\" data-widget_type=\"heading.default\">\n\t\t\t\t\t<h2 class=\"elementor-heading-title elementor-size-default\">Objectes de protecci\u00f3: Aguayo, Despacho, Mesa<\/h2>\t\t\t\t<\/div>\n\t\t<div class=\"elementor-element elementor-element-iwgcn-andeninka-s4-c e-con-full e-flex e-con e-child\" data-id=\"iwgcn-andeninka-s4-c\" data-element_type=\"container\" data-e-type=\"container\">\n\t\t\t\t<div class=\"elementor-element elementor-element-iwgcn-andeninka-s4t elementor-widget elementor-widget-text-editor\" data-id=\"iwgcn-andeninka-s4t\" data-element_type=\"widget\" data-e-type=\"widget\" data-widget_type=\"text-editor.default\">\n\t\t\t\t\t\t\t\t\t<p>Objectes rituals i de protecci\u00f3: l&#8217;aguayo (manta teixida de llana d&#8217;alpaca o d&#8217;ovella amb patrons simb\u00f2lics, utilitzada com a pe\u00e7a de roba, com a farcell de c\u00e0rrega i en cerim\u00f2nies), les bosses despacho (paquets rituals d&#8217;ofrena a la Pachamama), la mesa (taula ritual amb pedres, plomes i figuretes). Les fulles de coca s\u00f3n omnipresents: es <span class=\"iwg-fachbegriff\" data-tooltip=\"Transm\u00e8s al sagrat mitjan\u00e7ant un acte religi\u00f3s i aix\u00ed elevat per damunt de l'ordinari.\" tabindex=\"0\">consagren<\/span>, es masteguen, es cremen com a encens i es llencen com a <span class=\"iwg-fachbegriff\" data-tooltip=\"Un lloc o instituci\u00f3 on es demana un designi div\u00ed.\" tabindex=\"0\">oracle<\/span> (coca-leyendo). Els khipus (cordes amb nusos) originalment servien per a l&#8217;administraci\u00f3, per\u00f2 tamb\u00e9 tenien una funci\u00f3 cerimonial.<\/p>\t\t\t\t\t\t\t\t<\/div>\n\t\t\t\t<\/div>\n\t\t\t\t\t<\/div>\n\t\t\t\t<\/div>\n\t\t<div class=\"elementor-element elementor-element-iwgcn-andeninka-s5 e-flex e-con-boxed e-con e-parent\" data-id=\"iwgcn-andeninka-s5\" data-element_type=\"container\" data-e-type=\"container\">\n\t\t\t\t\t<div class=\"e-con-inner\">\n\t\t\t\t<div class=\"elementor-element elementor-element-iwgcn-andeninka-s5h elementor-widget elementor-widget-heading\" data-id=\"iwgcn-andeninka-s5h\" data-element_type=\"widget\" data-e-type=\"widget\" data-widget_type=\"heading.default\">\n\t\t\t\t\t<h2 class=\"elementor-heading-title elementor-size-default\">Conquesta espanyola i sincretisme<\/h2>\t\t\t\t<\/div>\n\t\t<div class=\"elementor-element elementor-element-iwgcn-andeninka-s5-c e-con-full e-flex e-con e-child\" data-id=\"iwgcn-andeninka-s5-c\" data-element_type=\"container\" data-e-type=\"container\">\n\t\t\t\t<div class=\"elementor-element elementor-element-iwgcn-andeninka-s5t elementor-widget elementor-widget-text-editor\" data-id=\"iwgcn-andeninka-s5t\" data-element_type=\"widget\" data-e-type=\"widget\" data-widget_type=\"text-editor.default\">\n\t\t\t\t\t\t\t\t\t<p>Amb la conquesta espanyola (Pizarro, 1532) la religi\u00f3 inca va ser oficialment reprimida, per\u00f2 de fet es va conservar mitjan\u00e7ant el <span class=\"iwg-fachbegriff\" data-tooltip=\"Fusi\u00f3 de conceptes o divinitats provinents de diverses tradicions religioses.\" tabindex=\"0\">sincretisme<\/span>. La <span class=\"iwg-fachbegriff\" data-tooltip=\"La religiositat viscuda en la vida quotidiana, sovint al costat de la doctrina oficial.\" tabindex=\"0\">religiositat popular<\/span> andina actual combina la veneraci\u00f3 cat\u00f2lica dels sants amb rituals a la Pachamama: durant la Setmana Santa els <span class=\"iwg-fachbegriff\" data-tooltip=\"Una persona que empr\u00e8n un viatge motivat religiosament cap a un lloc sagrat.\" tabindex=\"0\">pelegrins<\/span> pugen a l&#8217;Apu Qoyllur Riti, per Tots Sants es preparen despachos per als difunts, i la Verge de Copacabana tamb\u00e9 \u00e9s identificada amb Pachamama. Des de la ci\u00e8ncia de la religi\u00f3, aix\u00f2 constitueix un paradigma de la resili\u00e8ncia de les tradicions ind\u00edgenes.<\/p>\t\t\t\t\t\t\t\t<\/div>\n\t\t\t\t<\/div>\n\t\t\t\t\t<\/div>\n\t\t\t\t<\/div>\n\t\t<div class=\"elementor-element elementor-element-iwgcn-andeninka-s6 e-flex e-con-boxed e-con e-parent\" data-id=\"iwgcn-andeninka-s6\" data-element_type=\"container\" data-e-type=\"container\">\n\t\t\t\t\t<div class=\"e-con-inner\">\n\t\t\t\t<div class=\"elementor-element elementor-element-iwgcn-andeninka-s6h elementor-widget elementor-widget-heading\" data-id=\"iwgcn-andeninka-s6h\" data-element_type=\"widget\" data-e-type=\"widget\" data-widget_type=\"heading.default\">\n\t\t\t\t\t<h2 class=\"elementor-heading-title elementor-size-default\">Situaci\u00f3 de les fonts i estat de la investigaci\u00f3<\/h2>\t\t\t\t<\/div>\n\t\t<div class=\"elementor-element elementor-element-iwgcn-andeninka-s6-c e-con-full e-flex e-con e-child\" data-id=\"iwgcn-andeninka-s6-c\" data-element_type=\"container\" data-e-type=\"container\">\n\t\t\t\t<div class=\"elementor-element elementor-element-iwgcn-andeninka-s6t elementor-widget elementor-widget-text-editor\" data-id=\"iwgcn-andeninka-s6t\" data-element_type=\"widget\" data-e-type=\"widget\" data-widget_type=\"text-editor.default\">\n\t\t\t\t\t\t\t\t\t<p>Obres importants: Frank Salomon i Stuart Schwartz <em>South America<\/em> (Cambridge History of the Native Peoples), Catherine Allen <em>The Hold Life Has<\/em>, Tom Zuidema sobre l&#8217;estructura del calendari, Gary Urton sobre els khipus. Cronistes espanyols: Garcilaso de la Vega (ell mateix mest\u00eds), Crist\u00f3bal de Molina, Bernab\u00e9 Cobo. Les fonts sovint tenen un biaix colonial i cal llegir-les de manera cr\u00edtica.<\/p>\t\t\t\t\t\t\t\t<\/div>\n\t\t\t\t<\/div>\n\t\t\t\t\t<\/div>\n\t\t\t\t<\/div>\n\t\t<div class=\"elementor-element elementor-element-cp2b1ebdc1 e-flex e-con-boxed e-con e-parent\" data-id=\"cp2b1ebdc1\" data-element_type=\"container\" data-e-type=\"container\">\n\t\t\t\t\t<div class=\"e-con-inner\">\n\t\t\t\t<div class=\"elementor-element elementor-element-cp2b5140c5 elementor-widget elementor-widget-heading\" data-id=\"cp2b5140c5\" data-element_type=\"widget\" data-e-type=\"widget\" data-widget_type=\"heading.default\">\n\t\t\t\t\t<h2 class=\"elementor-heading-title elementor-size-default\">Abans dels inques: les cultures andines<\/h2>\t\t\t\t<\/div>\n\t\t<div class=\"elementor-element elementor-element-cp28d11653 e-flex e-con-boxed e-con e-child\" data-id=\"cp28d11653\" data-element_type=\"container\" data-e-type=\"container\">\n\t\t\t\t\t<div class=\"e-con-inner\">\n\t\t\t\t<div class=\"elementor-element elementor-element-cp2b82f5cb elementor-widget elementor-widget-text-editor\" data-id=\"cp2b82f5cb\" data-element_type=\"widget\" data-e-type=\"widget\" data-widget_type=\"text-editor.default\">\n\t\t\t\t\t\t\t\t\t<p>L&#8217;Imperi Inca va ser, en la llarga hist\u00f2ria de l&#8217;\u00e0mbit cultural and\u00ed, un fenomen tard\u00e0 i de curta durada. En la seva forma imperial nom\u00e9s va existir durant aproximadament un segle abans de la conquesta espanyola. Abans, al llarg de mil\u00b7lennis, s&#8217;hi havien desenvolupat nombroses cultures, les concepcions religioses de les quals l&#8217;Imperi Inca en part va assumir i en part va reformular.<\/p><p>Entre els primers centres hi ha el complex de temples de Chav\u00edn de Hu\u00e1ntar, a l&#8217;altipl\u00e0 peru\u00e0, la iconografia del qual va con\u00e8ixer una \u00e0mplia difusi\u00f3 cap a la meitat del primer mil\u00b7lenni abans de la nostra era.<\/p><p>A la costa nord del Per\u00fa van sorgir m\u00e9s tard els moche, amb la seva cer\u00e0mica expressiva i els seus rituals de sacrifici, aix\u00ed com el regne chim\u00fa, amb la gran ciutat de t\u00e0pia Chan Chan. A l&#8217;altipl\u00e0, al voltant del llac Titicaca, es trobava el centre de Tiwanaku, l&#8217;arquitectura monumental i la <span class=\"iwg-fachbegriff\" data-tooltip=\"Doctrina sobre els continguts de les imatges i el seu significat.\" tabindex=\"0\">iconografia<\/span> del qual van influir fortament en el pensament and\u00ed posterior.<\/p><p>Aquestes cultures compartien trets fonamentals, com la veneraci\u00f3 de muntanyes, fonts d&#8217;aigua i avantpassats, la import\u00e0ncia dels t\u00e8xtils com a portadors de significat i una relaci\u00f3 marcada entre vius i morts. Alhora, es diferenciaven considerablement en llengua, forma pol\u00edtica i llenguatge visual.<\/p><p>Els mateixos inques van presentar el seu domini mitjan\u00e7ant relats d&#8217;origen propis i van integrar santuaris m\u00e9s antics dins del seu propi sistema religi\u00f3s. Per aix\u00f2 la recerca subratlla que bona part del que es considera t\u00edpicament inca es basa en fonaments andins m\u00e9s antics. El nucli <a href=\"https:\/\/iwell-guard.com\/ca\/?page_id=171660\">Mitologia de Mesoam\u00e8rica<\/a> tracta temes relacionats.<\/p>\t\t\t\t\t\t\t\t<\/div>\n\t\t\t\t\t<\/div>\n\t\t\t\t<\/div>\n\t\t\t\t\t<\/div>\n\t\t\t\t<\/div>\n\t\t<div class=\"elementor-element elementor-element-cp20a5d715 e-flex e-con-boxed e-con e-parent\" data-id=\"cp20a5d715\" data-element_type=\"container\" data-e-type=\"container\">\n\t\t\t\t\t<div class=\"e-con-inner\">\n\t\t\t\t<div class=\"elementor-element elementor-element-cp2f80471b elementor-widget elementor-widget-heading\" data-id=\"cp2f80471b\" data-element_type=\"widget\" data-e-type=\"widget\" data-widget_type=\"heading.default\">\n\t\t\t\t\t<h2 class=\"elementor-heading-title elementor-size-default\">La visi\u00f3 del m\u00f3n andina: huaca, ayllu i reciprocitat<\/h2>\t\t\t\t<\/div>\n\t\t<div class=\"elementor-element elementor-element-cp23ccae05 e-flex e-con-boxed e-con e-child\" data-id=\"cp23ccae05\" data-element_type=\"container\" data-e-type=\"container\">\n\t\t\t\t\t<div class=\"e-con-inner\">\n\t\t\t\t<div class=\"elementor-element elementor-element-cp2ce08c02 elementor-widget elementor-widget-text-editor\" data-id=\"cp2ce08c02\" data-element_type=\"widget\" data-e-type=\"widget\" data-widget_type=\"text-editor.default\">\n\t\t\t\t\t\t\t\t\t<p>En el pensament and\u00ed, el mateix paisatge est\u00e0 animat. Les muntanyes, roques, fonts, llacs i llocs especials es consideren <em>huaca<\/em>, portadors d&#8217;un poder propi i destinataris de veneraci\u00f3.<\/p><p>Els cims de les muntanyes altes, anomenats <em>apu<\/em>, es consideren \u00e9ssers protectors poderosos que vetllen pel clima, els ramats i les persones. Aquesta concepci\u00f3 vincula estretament la religi\u00f3 amb la geografia concreta de l&#8217;altipl\u00e0.<\/p><p>La Terra \u00e9s invocada com <em>Pachamama<\/em>, un principi femen\u00ed de fertilitat i aliment. El terme <em>pacha<\/em> designa alhora espai i temps, de manera que una traducci\u00f3 exacta resulta dif\u00edcil.<\/p><p>Hi ha una divisi\u00f3 estesa del m\u00f3n en una esfera superior, una mitjana i una inferior, que no es pensen estrictament com a bones i dolentes, sin\u00f3 com a \u00e0mbits relacionats entre si.<\/p><p>La unitat b\u00e0sica de la societat era l&#8217;<em>ayllu<\/em>, un grup de parentiu i econ\u00f2mic unit per avantpassats comuns, terra comuna i santuaris comuns. La pr\u00e0ctica religiosa i l&#8217;ordre social dif\u00edcilment es poden separar aqu\u00ed, ja que els avantpassats, sovint conservats com a cossos momificats, seguien considerant-se membres de la comunitat i participaven en les festes.<\/p><p>Un principi rector \u00e9s la reciprocitat, l&#8217;intercanvi mutu regulat. Entre les persones es manifesta en obligacions laborals i intercanvi de dons, i entre les persones i els poders, en ofrenes.<\/p><p>Una forma habitual \u00e9s l&#8217;ofrena a la terra o <em>despacho<\/em>, en la qual objectes seleccionats, fulles i aliments es reuneixen en un embolcall i s&#8217;ofereixen a la terra o a les muntanyes. La reciprocitat no \u00e9s, doncs, un simple <span class=\"iwg-fachbegriff\" data-tooltip=\"Una pr\u00e0ctica transmesa i repetida regularment en una comunitat.\" tabindex=\"0\">costum<\/span>, sin\u00f3 el patr\u00f3 fonamental amb el qual es pensa la relaci\u00f3 entre l&#8217;\u00e9sser hum\u00e0 i el cosmos.<\/p>\t\t\t\t\t\t\t\t<\/div>\n\t\t\t\t\t<\/div>\n\t\t\t\t<\/div>\n\t\t\t\t\t<\/div>\n\t\t\t\t<\/div>\n\t\t<div class=\"elementor-element elementor-element-cp277927fd e-flex e-con-boxed e-con e-parent\" data-id=\"cp277927fd\" data-element_type=\"container\" data-e-type=\"container\">\n\t\t\t\t\t<div class=\"e-con-inner\">\n\t\t\t\t<div class=\"elementor-element elementor-element-cp29f1ffb8 elementor-widget elementor-widget-heading\" data-id=\"cp29f1ffb8\" data-element_type=\"widget\" data-e-type=\"widget\" data-widget_type=\"heading.default\">\n\t\t\t\t\t<h2 class=\"elementor-heading-title elementor-size-default\">Estat de les fonts: chronistas i khipu<\/h2>\t\t\t\t<\/div>\n\t\t<div class=\"elementor-element elementor-element-cp20258d08 e-flex e-con-boxed e-con e-child\" data-id=\"cp20258d08\" data-element_type=\"container\" data-e-type=\"container\">\n\t\t\t\t\t<div class=\"e-con-inner\">\n\t\t\t\t<div class=\"elementor-element elementor-element-cp27717277 elementor-widget elementor-widget-text-editor\" data-id=\"cp27717277\" data-element_type=\"widget\" data-e-type=\"widget\" data-widget_type=\"text-editor.default\">\n\t\t\t\t\t\t\t\t\t<p>Les cultures andines no coneixien una escriptura pr\u00f2piament dita. El principal mitj\u00e0 de registre era el <em>khipu<\/em>, un sistema de cordes anusades amb el qual es registraven sobretot xifres, dades administratives i probablement tamb\u00e9 continguts narratius.<\/p><p>La recerca pot llegir en bona mesura els khipu relacionats amb xifres, mentre que un possible \u00fas narratiu segueix sent objecte de debat. Per aix\u00f2 falta, per a la hist\u00f2ria de la religi\u00f3, una tradici\u00f3 textual ind\u00edgena comparable a la mesoamericana.<\/p><p>Les principals fonts escrites procedeixen, doncs, de l&#8217;\u00e8poca colonial i van ser redactades per espanyols o per andins formats en la tradici\u00f3 escrita espanyola. Entre els primers cronistes hi ha Pedro de Cieza de Le\u00f3n i Juan de Betanzos.<\/p><p>Especialment valuosa \u00e9s l&#8217;extensa obra de Felipe Guam\u00e1n Poma de Ayala, un autor ind\u00edgena que cap al 1615 va escriure una cr\u00f2nica il\u00b7lustrada amb una cr\u00edtica colonial contundent. El mest\u00eds Inca Garcilaso de la Vega, al seu torn, va escriure des de la perspectiva d&#8217;un origen mig inca.<\/p><p>Un grup de fonts propi s\u00f3n les anomenades actes d&#8217;extirpaci\u00f3 d&#8217;idolatries. Al segle XVII, campanyes eclesi\u00e0stiques a l&#8217;arquebisbat de Lima van dur a terme procediments sistem\u00e0tics contra els cultes andins.<\/p><p>Els registres d&#8217;interrogatori resultants, per exemple en l&#8217;entorn de Francisco de \u00c1vila, aporten, en contra de la seva intenci\u00f3, descripcions detallades de la religi\u00f3 local, entre elles el text de Huarochir\u00ed, redactat en llengua qu\u00edtxua, una de les poques col\u00b7leccions ind\u00edgenes de mites andins.<\/p><p>Totes aquestes fonts estan marcades per les circumst\u00e0ncies de la seva creaci\u00f3. Els cronistes van encaixar les concepcions andines en categories europees, i les actes d&#8217;extirpaci\u00f3 van sorgir sota coacci\u00f3. Per aix\u00f2 la recerca moderna, com els treballs de Frank Salomon o Sabine MacCormack, les llegeix de manera cr\u00edtica amb les fonts i les complementa amb l&#8217;<span class=\"iwg-fachbegriff\" data-tooltip=\"Ci\u00e8ncia que estudia les cultures del passat a partir de troballes materials.\" tabindex=\"0\">arqueologia<\/span> i amb el treball de camp etnogr\u00e0fic en les comunitats andines actuals.<\/p>\t\t\t\t\t\t\t\t<\/div>\n\t\t\t\t\t<\/div>\n\t\t\t\t<\/div>\n\t\t\t\t\t<\/div>\n\t\t\t\t<\/div>\n\t\t<div class=\"elementor-element elementor-element-cp24230570 e-flex e-con-boxed e-con e-parent\" data-id=\"cp24230570\" data-element_type=\"container\" data-e-type=\"container\">\n\t\t\t\t\t<div class=\"e-con-inner\">\n\t\t\t\t<div class=\"elementor-element elementor-element-cp24a3102c elementor-widget elementor-widget-heading\" data-id=\"cp24a3102c\" data-element_type=\"widget\" data-e-type=\"widget\" data-widget_type=\"heading.default\">\n\t\t\t\t\t<h2 class=\"elementor-heading-title elementor-size-default\">La religi\u00f3 andina en l'actualitat<\/h2>\t\t\t\t<\/div>\n\t\t<div class=\"elementor-element elementor-element-cp231a8b7a e-flex e-con-boxed e-con e-child\" data-id=\"cp231a8b7a\" data-element_type=\"container\" data-e-type=\"container\">\n\t\t\t\t\t<div class=\"e-con-inner\">\n\t\t\t\t<div class=\"elementor-element elementor-element-cp2b976005 elementor-widget elementor-widget-text-editor\" data-id=\"cp2b976005\" data-element_type=\"widget\" data-e-type=\"widget\" data-widget_type=\"text-editor.default\">\n\t\t\t\t\t\t\t\t\t<p>La conquesta espanyola i la posterior evangelitzaci\u00f3 no van eliminar la religi\u00f3 andina, sin\u00f3 que la van for\u00e7ar a adoptar noves formes. En moltes comunitats de l&#8217;altipl\u00e0 del Per\u00fa, Bol\u00edvia i l&#8217;Equador encara subsisteixen pr\u00e0ctiques que combinen concepcions antigues amb el catolicisme. Els sants de l&#8217;Esgl\u00e9sia s&#8217;associen amb muntanyes i llocs concrets, i les festes de pelegrinatge coincideixen amb el calendari agrari i festiu.<\/p><p>Les ofrenes a la terra dedicades a la <em>Pachamama<\/em> i a les muntanyes continuen sent habituals, especialment a l&#8217;inici del per\u00edode de conreu, en la construcci\u00f3 d&#8217;una casa o a l&#8217;inici de projectes importants. Especialistes, coneguts amb noms diversos a les regions de parla qu\u00edtxua i aimara, duen a terme aquests rituals, interpreten senyals i tracten malalties enteses com una relaci\u00f3 alterada amb els llocs i les forces sobrenaturals.<\/p><p>En les darreres d\u00e8cades, algunes d&#8217;aquestes pr\u00e0ctiques han entrat en el mercat tur\u00edstic i esot\u00e8ric. Termes com Pachamama o Apu es comercialitzen internacionalment, i s&#8217;organitzen cerim\u00f2nies posades en escena per a visitants que paguen. La <span class=\"iwg-fachbegriff\" data-tooltip=\"La ci\u00e8ncia que estudia les religions de manera comparativa i sense vincle de fe.\" tabindex=\"0\">ci\u00e8ncia de la religi\u00f3<\/span> adverteix, en aquest sentit, de la necessitat de distingir entre la pr\u00e0ctica viscuda de les comunitats locals i la seva apropiaci\u00f3 comercial.<\/p><p>Alhora, la tradici\u00f3 andina ha adquirit rellev\u00e0ncia pol\u00edtica. A Bol\u00edvia i l&#8217;Equador, conceptes com la <em>Pachamama<\/em> i l&#8217;ideal del bon viure, <em>sumak kawsay<\/em> o <em>suma qama\u00f1a<\/em>, s&#8217;han incorporat als textos constitucionals i als programes pol\u00edtics.<\/p><p>Fins a quin punt aix\u00f2 reflecteix la religi\u00f3 viscuda o m\u00e9s b\u00e9 constitueix un projecte simb\u00f2lic estatal \u00e9s objecte de debat. Una representaci\u00f3 adequada mostra, per tant, la religi\u00f3 andina com un \u00e0mbit viu, disputat i molt divers segons la regi\u00f3, no com una her\u00e8ncia inca perduda.<\/p>\t\t\t\t\t\t\t\t<\/div>\n\t\t\t\t\t<\/div>\n\t\t\t\t<\/div>\n\t\t\t\t\t<\/div>\n\t\t\t\t<\/div>\n\t\t<div class=\"elementor-element elementor-element-iwgha-andeninka-sec e-flex e-con-boxed e-con e-parent\" data-id=\"iwgha-andeninka-sec\" data-element_type=\"container\" data-e-type=\"container\">\n\t\t\t\t\t<div class=\"e-con-inner\">\n\t\t\t\t<div class=\"elementor-element elementor-element-iwgha-andeninka-h elementor-widget elementor-widget-heading\" data-id=\"iwgha-andeninka-h\" data-element_type=\"widget\" data-e-type=\"widget\" data-widget_type=\"heading.default\">\n\t\t\t\t\t<h2 class=\"elementor-heading-title elementor-size-default\">\u00c9ssers d'aquesta tradici\u00f3 (10)<\/h2>\t\t\t\t<\/div>\n\t\t<div class=\"elementor-element elementor-element-iwgha-andeninka-gc e-flex e-con-boxed e-con e-parent\" data-id=\"iwgha-andeninka-gc\" data-element_type=\"container\" data-e-type=\"container\">\n\t\t\t\t\t<div class=\"e-con-inner\">\n\t\t\t\t<div class=\"elementor-element elementor-element-iwgha-andeninka-grid elementor-widget elementor-widget-text-editor\" data-id=\"iwgha-andeninka-grid\" data-element_type=\"widget\" data-e-type=\"widget\" data-widget_type=\"text-editor.default\">\n\t\t\t\t\t\t\t\t\t<div class=\"iwg-wesen-grid\"><a class=\"iwg-wesen-card\" href=\"https:\/\/iwell-guard.com\/ca\/apu-ausangate-divinitat-muntanyenca-andes\/\" aria-label=\"Apu Ausangate \u2013 Divinitat muntanyenca dels Andes\"><div class=\"iwg-wesen-card-imgwrap\"><img decoding=\"async\" src=\"https:\/\/iwell-guard.com\/wp-content\/uploads\/2026\/05\/geister_anden-inka_apu-ausangate-200x300.webp\" alt=\"Apu Ausangate \u2013 Divinitat muntanyenca dels Andes\" loading=\"lazy\"><\/div><div class=\"iwg-wesen-card-body\"><div class=\"iwg-wesen-card-name\">Apu Ausangate \u2013 Divinitat muntanyenca dels Andes<\/div><div class=\"iwg-wesen-card-arrow\">\u2192 A l&#039;\u00e9sser<\/div><\/div><\/a><a class=\"iwg-wesen-card\" href=\"https:\/\/iwell-guard.com\/ca\/illapa-deu-tro-temps-inques\/\" aria-label=\"Illapa \u2013 D\u00e9u del tro i del temps dels inques\"><div class=\"iwg-wesen-card-imgwrap\"><img decoding=\"async\" src=\"https:\/\/iwell-guard.com\/wp-content\/uploads\/2026\/05\/goetter_anden-inka_illapa-200x300.webp\" alt=\"Illapa \u2013 D\u00e9u del tro i del temps dels inques\" loading=\"lazy\"><\/div><div class=\"iwg-wesen-card-body\"><div class=\"iwg-wesen-card-name\">Illapa \u2013 D\u00e9u del tro i del temps dels inques<\/div><div class=\"iwg-wesen-card-arrow\">\u2192 A l&#039;\u00e9sser<\/div><\/div><\/a><a class=\"iwg-wesen-card\" href=\"https:\/\/iwell-guard.com\/ca\/inti-deu-del-sol-dels-inques\/\" aria-label=\"Inti \u2013 D\u00e9u del Sol dels Inques\"><div class=\"iwg-wesen-card-imgwrap\"><img decoding=\"async\" src=\"https:\/\/iwell-guard.com\/wp-content\/uploads\/2026\/05\/goetter_anden-inka_inti-200x300.webp\" alt=\"Inti \u2013 D\u00e9u del Sol dels Inques\" loading=\"lazy\"><\/div><div class=\"iwg-wesen-card-body\"><div class=\"iwg-wesen-card-name\">Inti \u2013 D\u00e9u del Sol dels Inques<\/div><div class=\"iwg-wesen-card-arrow\">\u2192 A l&#039;\u00e9sser<\/div><\/div><\/a><a class=\"iwg-wesen-card\" href=\"https:\/\/iwell-guard.com\/ca\/mama-cocha-deessa-mar-andes\/\" aria-label=\"Mama Cocha \u2013 Deessa del mar dels Andes\"><div class=\"iwg-wesen-card-imgwrap\"><img decoding=\"async\" src=\"https:\/\/iwell-guard.com\/wp-content\/uploads\/2026\/05\/goetter_anden-inka_mama-cocha-200x300.webp\" alt=\"Mama Cocha \u2013 Deessa del mar dels Andes\" loading=\"lazy\"><\/div><div class=\"iwg-wesen-card-body\"><div class=\"iwg-wesen-card-name\">Mama Cocha \u2013 Deessa del mar dels Andes<\/div><div class=\"iwg-wesen-card-arrow\">\u2192 A l&#039;\u00e9sser<\/div><\/div><\/a><a class=\"iwg-wesen-card\" href=\"https:\/\/iwell-guard.com\/ca\/mama-killa-deessa-lunar-inques\/\" aria-label=\"Mama Killa \u2013 Deessa lunar dels inques\"><div class=\"iwg-wesen-card-imgwrap\"><img decoding=\"async\" src=\"https:\/\/iwell-guard.com\/wp-content\/uploads\/2026\/05\/goetter_anden-inka_mama-killa-200x300.webp\" alt=\"Mama Killa \u2013 Deessa lunar dels inques\" loading=\"lazy\"><\/div><div class=\"iwg-wesen-card-body\"><div class=\"iwg-wesen-card-name\">Mama Killa \u2013 Deessa lunar dels inques<\/div><div class=\"iwg-wesen-card-arrow\">\u2192 A l&#039;\u00e9sser<\/div><\/div><\/a><a class=\"iwg-wesen-card\" href=\"https:\/\/iwell-guard.com\/ca\/pachakamak-deu-oracular-andes\/\" aria-label=\"Pachakamak \u2013 D\u00e9u oracular dels Andes\"><div class=\"iwg-wesen-card-imgwrap\"><img decoding=\"async\" src=\"https:\/\/iwell-guard.com\/wp-content\/uploads\/2026\/05\/goetter_anden-inka_pachakamak-200x300.webp\" alt=\"Pachakamak \u2013 D\u00e9u oracular dels Andes\" loading=\"lazy\"><\/div><div class=\"iwg-wesen-card-body\"><div class=\"iwg-wesen-card-name\">Pachakamak \u2013 D\u00e9u oracular dels Andes<\/div><div class=\"iwg-wesen-card-arrow\">\u2192 A l&#039;\u00e9sser<\/div><\/div><\/a><a class=\"iwg-wesen-card\" href=\"https:\/\/iwell-guard.com\/ca\/pachamama-mare-terra-andes\/\" aria-label=\"Pachamama \u2013 Mare Terra dels Andes\"><div class=\"iwg-wesen-card-imgwrap\"><img decoding=\"async\" src=\"https:\/\/iwell-guard.com\/wp-content\/uploads\/2026\/05\/goetter_anden-inka_pachamama-1-200x300.webp\" alt=\"Pachamama \u2013 Mare Terra dels Andes\" loading=\"lazy\"><\/div><div class=\"iwg-wesen-card-body\"><div class=\"iwg-wesen-card-name\">Pachamama \u2013 Mare Terra dels Andes<\/div><div class=\"iwg-wesen-card-arrow\">\u2192 A l&#039;\u00e9sser<\/div><\/div><\/a><a class=\"iwg-wesen-card\" href=\"https:\/\/iwell-guard.com\/ca\/supay-esperits-malefics-inframon-andes\/\" aria-label=\"Supay \u2013 Esperits mal\u00e9fics i senyor de l\u2019infram\u00f3n dels Andes\"><div class=\"iwg-wesen-card-imgwrap\"><img decoding=\"async\" src=\"https:\/\/iwell-guard.com\/wp-content\/uploads\/2026\/05\/geister_anden-inka_supay-200x300.webp\" alt=\"Supay \u2013 Esperits mal\u00e9fics i senyor de l\u2019infram\u00f3n dels Andes\" loading=\"lazy\"><\/div><div class=\"iwg-wesen-card-body\"><div class=\"iwg-wesen-card-name\">Supay \u2013 Esperits mal\u00e9fics i senyor de l\u2019infram\u00f3n dels Andes<\/div><div class=\"iwg-wesen-card-arrow\">\u2192 A l&#039;\u00e9sser<\/div><\/div><\/a><a class=\"iwg-wesen-card\" href=\"https:\/\/iwell-guard.com\/ca\/viracocha-deu-creador-andes\/\" aria-label=\"Viracocha \u2013 D\u00e9u creador dels Andes\"><div class=\"iwg-wesen-card-imgwrap\"><img decoding=\"async\" src=\"https:\/\/iwell-guard.com\/wp-content\/uploads\/2026\/05\/goetter_anden-inka_viracocha-200x300.webp\" alt=\"Viracocha \u2013 D\u00e9u creador dels Andes\" loading=\"lazy\"><\/div><div class=\"iwg-wesen-card-body\"><div class=\"iwg-wesen-card-name\">Viracocha \u2013 D\u00e9u creador dels Andes<\/div><div class=\"iwg-wesen-card-arrow\">\u2192 A l&#039;\u00e9sser<\/div><\/div><\/a><a class=\"iwg-wesen-card\" href=\"https:\/\/iwell-guard.com\/ca\/yacumama-serp-aigua-andes-amazonia\/\" aria-label=\"Yacumama \u2013 la serp d\u2019aigua dels Andes i l\u2019Amaz\u00f2nia\"><div class=\"iwg-wesen-card-imgwrap\"><img decoding=\"async\" src=\"https:\/\/iwell-guard.com\/wp-content\/uploads\/2026\/05\/geister_anden-inka_yacumama-200x300.webp\" alt=\"Yacumama \u2013 la serp d\u2019aigua dels Andes i l\u2019Amaz\u00f2nia\" loading=\"lazy\"><\/div><div class=\"iwg-wesen-card-body\"><div class=\"iwg-wesen-card-name\">Yacumama \u2013 la serp d\u2019aigua dels Andes i l\u2019Amaz\u00f2nia<\/div><div class=\"iwg-wesen-card-arrow\">\u2192 A l&#039;\u00e9sser<\/div><\/div><\/a><\/div>\t\t\t\t\t\t\t\t<\/div>\n\t\t\t\t\t<\/div>\n\t\t\t\t<\/div>\n\t\t\t\t\t<\/div>\n\t\t\t\t<\/div>\n\t\t<div class=\"elementor-element elementor-element-iwgcn-andeninka-kwd e-flex e-con-boxed e-con e-parent\" data-id=\"iwgcn-andeninka-kwd\" data-element_type=\"container\" data-e-type=\"container\">\n\t\t\t\t\t<div class=\"e-con-inner\">\n\t\t<div class=\"elementor-element elementor-element-iwgcn-andeninka-kwd-c e-con-full e-flex e-con e-child\" data-id=\"iwgcn-andeninka-kwd-c\" data-element_type=\"container\" data-e-type=\"container\">\n\t\t\t\t<div class=\"elementor-element elementor-element-iwgcn-andeninka-kwdt elementor-widget elementor-widget-text-editor\" data-id=\"iwgcn-andeninka-kwdt\" data-element_type=\"widget\" data-e-type=\"widget\" data-widget_type=\"text-editor.default\">\n\t\t\t\t\t\t\t\t\t<p><em>Termes clau relacionats: Pachamama Inti Viracocha Mama Killa Apus Chakana Aguayo Qu\u00edtxua Aimara Cusco Tiwanaku Sacsayhuam\u00e1n Despacho.<\/em><\/p>\t\t\t\t\t\t\t\t<\/div>\n\t\t\t\t<\/div>\n\t\t\t\t\t<\/div>\n\t\t\t\t<\/div>\n\t\t<div class=\"elementor-element elementor-element-iwgcn-andeninka-cc e-flex e-con-boxed e-con e-parent\" data-id=\"iwgcn-andeninka-cc\" data-element_type=\"container\" data-e-type=\"container\" id=\"iwg-cc-anden-inka\">\n\t\t\t\t\t<div class=\"e-con-inner\">\n\t\t<div class=\"elementor-element elementor-element-iwgcn-andeninka-ccinner e-flex e-con-boxed e-con e-parent\" data-id=\"iwgcn-andeninka-ccinner\" data-element_type=\"container\" data-e-type=\"container\" data-settings=\"{&quot;background_background&quot;:&quot;classic&quot;}\">\n\t\t\t\t\t<div class=\"e-con-inner\">\n\t\t\t\t<div class=\"elementor-element elementor-element-iwgcn-andeninka-cch elementor-widget elementor-widget-heading\" data-id=\"iwgcn-andeninka-cch\" data-element_type=\"widget\" data-e-type=\"widget\" data-widget_type=\"heading.default\">\n\t\t\t\t\t<h2 class=\"elementor-heading-title elementor-size-default\">Objectes de protecci\u00f3 d'aquesta tradici\u00f3 cultural<\/h2>\t\t\t\t<\/div>\n\t\t\t\t<div class=\"elementor-element elementor-element-iwgcn-andeninka-cct elementor-widget elementor-widget-text-editor\" data-id=\"iwgcn-andeninka-cct\" data-element_type=\"widget\" data-e-type=\"widget\" data-widget_type=\"text-editor.default\">\n\t\t\t\t\t\t\t\t\t<p>Les cultures andines, des de Chav\u00edn fins als Inques, utilitzen penjolls chakana, teixits aguayo, bosses despacho i fulles de coca com a objectes de protecci\u00f3 port\u00e0tils; les muntanyes apus es veneren amb pir\u00e0mides de pedra (apachetas) al llarg dels camins.<\/p><div data-nosnippet=\"true\"><p>iWell Guard s&#8217;inscriu en aquesta l\u00ednia cultural i hist\u00f2rica d&#8217;objectes de protecci\u00f3 port\u00e0tils, amb una arquitectura de materials contempor\u00e0nia, fabricat a Alemanya. 41 capes, or aut\u00e8ntic, plat\u00ed, plata. Dret de devoluci\u00f3 de 30 dies.<\/p><\/div>\t\t\t\t\t\t\t\t<\/div>\n\t\t\t\t<div class=\"elementor-element elementor-element-iwgcn-andeninka-ccb iwg-cc-button iwg-cc-cta-2026-05-13 elementor-widget elementor-widget-jet-button\" data-id=\"iwgcn-andeninka-ccb\" data-element_type=\"widget\" data-e-type=\"widget\" data-widget_type=\"jet-button.default\">\n\t\t\t\t<div class=\"elementor-widget-container\">\n\t\t\t\t\t<div class=\"elementor-jet-button jet-elements\"><div class=\"jet-button__container\"><a class=\"jet-button__instance jet-button__instance--icon-left hover-effect-1\" href=\"\/ueber-iwell-guard\/?utm_source=iwell-guard.com&amp;utm_medium=info-box&amp;utm_campaign=kultur-tradition\"><div class=\"jet-button__plane jet-button__plane-normal\"><\/div><div class=\"jet-button__plane jet-button__plane-hover\"><\/div><div class=\"jet-button__state jet-button__state-normal\"><span class=\"jet-button__label\">M\u00e9s informaci\u00f3 sobre l'iWell Guard<\/span><\/div><div class=\"jet-button__state jet-button__state-hover\"><span class=\"jet-button__label\">M\u00e9s informaci\u00f3 sobre l'iWell Guard<\/span><\/div><\/a><\/div><\/div><style>.elementor-element.elementor-element-iwgcn-andeninka-ccb .jet-button__instance{width:320px;height:56px;}.elementor-element.elementor-element-iwgcn-andeninka-ccb .jet-button__state-normal .jet-button__label{text-align:center;margin:0px 0px 0px 0px;color:#1a1b20;font-family:Montserrat,sans-serif;font-size:13px;font-weight:400;letter-spacing:4px;line-height:1.714em;text-transform:uppercase;}.elementor-element.elementor-element-iwgcn-andeninka-ccb .jet-button__state-hover .jet-button__label{text-align:center;margin:0px 0px 0px 0px;color:#FECC76;font-family:Montserrat,sans-serif;font-size:13px;font-weight:400;letter-spacing:4px;line-height:1.714em;text-transform:uppercase;}.elementor-element.elementor-element-iwgcn-andeninka-ccb .jet-button__plane-normal{background-color:#FECC76;border-style:solid;border-color:#C99540;border-width:2px 2px 2px 2px;}.elementor-element.elementor-element-iwgcn-andeninka-ccb .jet-button__plane-hover{background-color:rgba(0,0,0,0.55);border-style:solid;border-color:#FECC76;border-width:2px 2px 2px 2px;}<\/style>\t\t\t\t<\/div>\n\t\t\t\t<\/div>\n\t\t\t\t<div class=\"elementor-element elementor-element-iwgcn-andeninka-ccd elementor-widget elementor-widget-text-editor\" data-id=\"iwgcn-andeninka-ccd\" data-element_type=\"widget\" data-e-type=\"widget\" data-widget_type=\"text-editor.default\">\n\t\t\t\t\t\t\t\t\t<div data-nosnippet=\"true\"><p style=\"text-align:center;font-size:13px;opacity:0.7;margin-top:14px\" data-nosnippet=\"true\">Les experi\u00e8ncies personals poden variar. No \u00e9s un producte sanitari. No \u00e9s una promesa de curaci\u00f3.<\/p><\/div>\t\t\t\t\t\t\t\t<\/div>\n\t\t\t\t\t<\/div>\n\t\t\t\t<\/div>\n\t\t\t\t\t<\/div>\n\t\t\t\t<\/div>\n\t\t<div class=\"elementor-element elementor-element-iwgcn-andeninka-disc e-flex e-con-boxed e-con e-parent\" data-id=\"iwgcn-andeninka-disc\" data-element_type=\"container\" data-e-type=\"container\">\n\t\t\t\t\t<div class=\"e-con-inner\">\n\t\t\t\t<div class=\"elementor-element elementor-element-iwgcn-andeninka-discw elementor-widget elementor-widget-html\" data-id=\"iwgcn-andeninka-discw\" data-element_type=\"widget\" data-e-type=\"widget\" data-widget_type=\"html.default\">\n\t\t\t\t\t<footer data-nosnippet=\"true\" class=\"iwg-disclaimer-block\"><p data-nosnippet=\"true\">iWell Guard <strong>no \u00e9s un producte sanitari<\/strong> i no substitueix cap tractament m\u00e8dic o psicoterap\u00e8utic. Els continguts d'hist\u00f2ria de les religions s\u00f3n una classificaci\u00f3 culturohist\u00f2rica, no una recomanaci\u00f3 de pr\u00e0ctica espiritual.<\/p><\/footer>\t\t\t\t<\/div>\n\t\t\t\t\t<\/div>\n\t\t\t\t<\/div>\n\t\t<div class=\"elementor-element elementor-element-iwgssrev-andeninka e-flex e-con-boxed e-con e-parent\" data-id=\"iwgssrev-andeninka\" data-element_type=\"container\" data-e-type=\"container\">\n\t\t\t\t\t<div class=\"e-con-inner\">\n\t\t\t\t<div class=\"elementor-element elementor-element-iwgssrev-andeninka-h elementor-widget elementor-widget-heading\" data-id=\"iwgssrev-andeninka-h\" data-element_type=\"widget\" data-e-type=\"widget\" data-widget_type=\"heading.default\">\n\t\t\t\t\t<h2 class=\"elementor-heading-title elementor-size-default\">S\u00edmbols de protecci\u00f3 dels Andes<\/h2>\t\t\t\t<\/div>\n\t\t\t\t<div class=\"elementor-element elementor-element-iwgssrev-andeninka-t elementor-widget elementor-widget-text-editor\" data-id=\"iwgssrev-andeninka-t\" data-element_type=\"widget\" data-e-type=\"widget\" data-widget_type=\"text-editor.default\">\n\t\t\t\t\t\t\t\t\t<p>El lexic\u00f3 dels s\u00edmbols de protecci\u00f3 tracta diversos signes i objectes dels Andes en p\u00e0gines pr\u00f2pies: <a href=\"https:\/\/iwell-guard.com\/ca\/?page_id=171912\">Chakana<\/a>. La p\u00e0gina dedicada als <a href=\"https:\/\/iwell-guard.com\/ca\/?page_id=171653\">s\u00edmbols de protecci\u00f3<\/a> ofereix una visi\u00f3 transversal a diverses cultures.<\/p>\t\t\t\t\t\t\t\t<\/div>\n\t\t\t\t\t<\/div>\n\t\t\t\t<\/div>\n\t\t\t\t<\/div>\n\t\t","protected":false},"excerpt":{"rendered":"","protected":false},"author":3,"featured_media":2677,"parent":0,"menu_order":0,"comment_status":"closed","ping_status":"closed","template":"elementor_header_footer","meta":{"_yoast_wpseo_focuskw":"Cultures andines i inques","_yoast_wpseo_title":"Cultures andines \u2013 Inques, Pachamama i pr\u00e0ctica de protecci\u00f3","_yoast_wpseo_metadesc":"Cultures andines a iWell Guard: Inti, Pachamama, Viracocha i objectes de protecci\u00f3 com la Chakana i les pedres Apus, situats des de la ci\u00e8ncia de la religi\u00f3.","_yoast_wpseo_meta-robots-noindex":"","_yoast_wpseo_canonical":"","_angie_page":false,"gefaehrdungsstufe":"","wesen_kultur":"","wesen_klasse":"","footnotes":""},"categories":[],"class_list":["post-171661","page","type-page","status-publish","has-post-thumbnail","hentry"],"yoast_head":"<!-- This site is optimized with the Yoast SEO Premium plugin v27.7 (Yoast SEO v28.3) - https:\/\/yoast.com\/product\/yoast-seo-premium-wordpress\/ -->\n<title>Cultures andines \u2013 Inques, Pachamama i pr\u00e0ctica de protecci\u00f3<\/title>\n<meta name=\"description\" content=\"Cultures andines a iWell Guard: Inti, Pachamama, Viracocha i objectes de protecci\u00f3 com la Chakana i les pedres Apus, situats des de la ci\u00e8ncia de la religi\u00f3.\" \/>\n<meta name=\"robots\" content=\"index, follow, max-snippet:-1, max-image-preview:large, max-video-preview:-1\" \/>\n<link rel=\"canonical\" href=\"https:\/\/iwell-guard.com\/ca\/cultures-andines-i-inques-inti-pachamama-viracocha\/\" \/>\n<meta property=\"og:locale\" content=\"ca_ES\" \/>\n<meta property=\"og:type\" content=\"article\" \/>\n<meta property=\"og:title\" content=\"Cultures andines i inques \u2013 Inti, Pachamama i Viracocha\" \/>\n<meta property=\"og:description\" content=\"Cultures andines a iWell Guard: Inti, Pachamama, Viracocha i objectes de protecci\u00f3 com la Chakana i les pedres Apus, situats des de la ci\u00e8ncia de la religi\u00f3.\" \/>\n<meta property=\"og:url\" content=\"https:\/\/iwell-guard.com\/ca\/cultures-andines-i-inques-inti-pachamama-viracocha\/\" \/>\n<meta property=\"og:site_name\" content=\"iWell Guard\" \/>\n<meta property=\"article:modified_time\" content=\"2026-09-05T16:03:45+00:00\" \/>\n<meta property=\"og:image\" content=\"https:\/\/iwell-guard.com\/wp-content\/uploads\/2026\/05\/goetter_anden-inka_illapa.webp\" \/>\n\t<meta property=\"og:image:width\" content=\"1024\" \/>\n\t<meta property=\"og:image:height\" content=\"1536\" \/>\n\t<meta property=\"og:image:type\" content=\"image\/webp\" \/>\n<meta name=\"twitter:card\" content=\"summary_large_image\" \/>\n<script type=\"application\/ld+json\" class=\"yoast-schema-graph\">{\"@context\":\"https:\\\/\\\/schema.org\",\"@graph\":[{\"@type\":\"WebPage\",\"@id\":\"https:\\\/\\\/iwell-guard.com\\\/ca\\\/cultures-andines-i-inques-inti-pachamama-viracocha\\\/\",\"url\":\"https:\\\/\\\/iwell-guard.com\\\/ca\\\/cultures-andines-i-inques-inti-pachamama-viracocha\\\/\",\"name\":\"Cultures andines \u2013 Inques, Pachamama i pr\u00e0ctica de protecci\u00f3\",\"isPartOf\":{\"@id\":\"https:\\\/\\\/iwell-guard.com\\\/ca\\\/#website\"},\"primaryImageOfPage\":{\"@id\":\"https:\\\/\\\/iwell-guard.com\\\/ca\\\/cultures-andines-i-inques-inti-pachamama-viracocha\\\/#primaryimage\"},\"image\":{\"@id\":\"https:\\\/\\\/iwell-guard.com\\\/ca\\\/cultures-andines-i-inques-inti-pachamama-viracocha\\\/#primaryimage\"},\"thumbnailUrl\":\"https:\\\/\\\/iwell-guard.com\\\/wp-content\\\/uploads\\\/2026\\\/05\\\/goetter_anden-inka_illapa.webp\",\"datePublished\":\"2026-09-05T15:41:14+00:00\",\"dateModified\":\"2026-09-05T16:03:45+00:00\",\"description\":\"Cultures andines a iWell Guard: Inti, Pachamama, Viracocha i objectes de protecci\u00f3 com la Chakana i les pedres Apus, situats des de la ci\u00e8ncia de la religi\u00f3.\",\"breadcrumb\":{\"@id\":\"https:\\\/\\\/iwell-guard.com\\\/ca\\\/cultures-andines-i-inques-inti-pachamama-viracocha\\\/#breadcrumb\"},\"inLanguage\":\"ca\",\"potentialAction\":[{\"@type\":\"ReadAction\",\"target\":[\"https:\\\/\\\/iwell-guard.com\\\/ca\\\/cultures-andines-i-inques-inti-pachamama-viracocha\\\/\"]}]},{\"@type\":\"ImageObject\",\"inLanguage\":\"ca\",\"@id\":\"https:\\\/\\\/iwell-guard.com\\\/ca\\\/cultures-andines-i-inques-inti-pachamama-viracocha\\\/#primaryimage\",\"url\":\"https:\\\/\\\/iwell-guard.com\\\/wp-content\\\/uploads\\\/2026\\\/05\\\/goetter_anden-inka_illapa.webp\",\"contentUrl\":\"https:\\\/\\\/iwell-guard.com\\\/wp-content\\\/uploads\\\/2026\\\/05\\\/goetter_anden-inka_illapa.webp\",\"width\":1024,\"height\":1536,\"caption\":\"D\u00e9us de la tradici\u00f3 andina inca.\"},{\"@type\":\"BreadcrumbList\",\"@id\":\"https:\\\/\\\/iwell-guard.com\\\/ca\\\/cultures-andines-i-inques-inti-pachamama-viracocha\\\/#breadcrumb\",\"itemListElement\":[{\"@type\":\"ListItem\",\"position\":1,\"name\":\"Start\",\"item\":\"https:\\\/\\\/iwell-guard.com\\\/ca\\\/?page_id=171333\"},{\"@type\":\"ListItem\",\"position\":2,\"name\":\"Cultures andines i inques \u2013 Inti, Pachamama i Viracocha\"}]},{\"@type\":\"WebSite\",\"@id\":\"https:\\\/\\\/iwell-guard.com\\\/ca\\\/#website\",\"url\":\"https:\\\/\\\/iwell-guard.com\\\/ca\\\/\",\"name\":\"iWell Guard\",\"description\":\"Schutz vor dunklen Einfl\u00fcssen\",\"publisher\":{\"@id\":\"https:\\\/\\\/iwell-guard.com\\\/ca\\\/#organization\"},\"potentialAction\":[{\"@type\":\"SearchAction\",\"target\":{\"@type\":\"EntryPoint\",\"urlTemplate\":\"https:\\\/\\\/iwell-guard.com\\\/ca\\\/?s={search_term_string}\"},\"query-input\":{\"@type\":\"PropertyValueSpecification\",\"valueRequired\":true,\"valueName\":\"search_term_string\"}}],\"inLanguage\":\"ca\"},{\"@type\":\"Organization\",\"@id\":\"https:\\\/\\\/iwell-guard.com\\\/ca\\\/#organization\",\"name\":\"Ittermann electronic GmbH\",\"url\":\"https:\\\/\\\/iwell-guard.com\\\/ca\\\/\",\"logo\":{\"@type\":\"ImageObject\",\"inLanguage\":\"ca\",\"@id\":\"https:\\\/\\\/iwell-guard.com\\\/ca\\\/#\\\/schema\\\/logo\\\/image\\\/\",\"url\":\"https:\\\/\\\/iwell-guard.com\\\/wp-content\\\/uploads\\\/2026\\\/05\\\/Ittermann-Logo-1182x237-1.png\",\"contentUrl\":\"https:\\\/\\\/iwell-guard.com\\\/wp-content\\\/uploads\\\/2026\\\/05\\\/Ittermann-Logo-1182x237-1.png\",\"width\":1182,\"height\":237,\"caption\":\"Ittermann electronic GmbH\"},\"image\":{\"@id\":\"https:\\\/\\\/iwell-guard.com\\\/ca\\\/#\\\/schema\\\/logo\\\/image\\\/\"},\"sameAs\":[\"https:\\\/\\\/pantip.com\\\/profile\\\/9367242\",\"https:\\\/\\\/micro.blog\\\/iwellguard\",\"https:\\\/\\\/www.diggerslist.com\\\/iwellguard\\\/about\",\"https:\\\/\\\/skitterphoto.com\\\/photographers\\\/2870314\\\/iwell-guard\",\"https:\\\/\\\/iwellguard.wordpress.com\\\/2026\\\/06\\\/06\\\/iwell-guard\\\/\",\"https:\\\/\\\/hub.docker.com\\\/u\\\/iwellguard\",\"https:\\\/\\\/www.pinterest.com\\\/iwellguard\\\/\",\"https:\\\/\\\/bit.ly\\\/m\\\/iwellguard\",\"https:\\\/\\\/entre-vos-mains.alsace.eu\\\/profiles\\\/iwellguard\\\/activity\",\"https:\\\/\\\/gravatar.com\\\/reallybeded8fd34\",\"https:\\\/\\\/naijamatta.com\\\/iwellguard\",\"https:\\\/\\\/www.goodreads.com\\\/iwellguard\",\"https:\\\/\\\/profile.hatena.ne.jp\\\/iwellguard\\\/\",\"https:\\\/\\\/experiment.com\\\/users\\\/iwellguard\",\"https:\\\/\\\/wakelet.com\\\/@iWellGuard82270\",\"https:\\\/\\\/www.chordie.com\\\/forum\\\/profile.php?id=2555664\",\"https:\\\/\\\/www.instapaper.com\\\/p\\\/17757966\",\"https:\\\/\\\/www.mapleprimes.com\\\/users\\\/iwellguard\",\"https:\\\/\\\/businesslistingplus.com\\\/profile\\\/iwell-guard\\\/\",\"https:\\\/\\\/telegra.ph\\\/iWell-Guard-06-06\",\"https:\\\/\\\/pbase.com\\\/iwellguard\\\/iwellguard\",\"https:\\\/\\\/b.hatena.ne.jp\\\/iwellguard\\\/20260607#bookmark-4788405196491818882\",\"https:\\\/\\\/fliphtml5.com\\\/home\\\/iwellguard\",\"https:\\\/\\\/anyflip.com\\\/homepage\\\/cmiwl#About\",\"https:\\\/\\\/transfur.com\\\/Users\\\/iwellguard\",\"http:\\\/\\\/delphi.larsbo.org\\\/user\\\/iwellguard\",\"https:\\\/\\\/jobs.lajobsportal.org\\\/profiles\\\/8380803-iwell-guard\",\"https:\\\/\\\/md.chaosdorf.de\\\/s\\\/jfbe5SBdJD\",\"https:\\\/\\\/www.lingvolive.com\\\/en-us\\\/profile\\\/9ecaeaca-ce11-4e51-9e71-01d55e2bff36\\\/translations\",\"https:\\\/\\\/www.fitday.com\\\/fitness\\\/forums\\\/members\\\/iwellguard.html\",\"https:\\\/\\\/www.mymeetbook.com\\\/iwellguard\",\"https:\\\/\\\/pxhere.com\\\/en\\\/photographer-me\\\/5040798\",\"https:\\\/\\\/disqus.com\\\/by\\\/iwellguard\\\/about\\\/\",\"https:\\\/\\\/pastelink.net\\\/hjwciqwq\",\"https:\\\/\\\/pubhtml5.com\\\/homepage\\\/scjhn\\\/\",\"https:\\\/\\\/www.bitchute.com\\\/channel\\\/2O2eOKzNqujT\",\"https:\\\/\\\/audiomack.com\\\/iwellguard\"]}]}<\/script>\n<!-- \/ Yoast SEO Premium plugin. -->","yoast_head_json":{"title":"Cultures andines \u2013 Inques, Pachamama i pr\u00e0ctica de protecci\u00f3","description":"Cultures andines a iWell Guard: Inti, Pachamama, Viracocha i objectes de protecci\u00f3 com la Chakana i les pedres Apus, situats des de la ci\u00e8ncia de la religi\u00f3.","robots":{"index":"index","follow":"follow","max-snippet":"max-snippet:-1","max-image-preview":"max-image-preview:large","max-video-preview":"max-video-preview:-1"},"canonical":"https:\/\/iwell-guard.com\/ca\/cultures-andines-i-inques-inti-pachamama-viracocha\/","og_locale":"ca_ES","og_type":"article","og_title":"Cultures andines i inques \u2013 Inti, Pachamama i Viracocha","og_description":"Cultures andines a iWell Guard: Inti, Pachamama, Viracocha i objectes de protecci\u00f3 com la Chakana i les pedres Apus, situats des de la ci\u00e8ncia de la religi\u00f3.","og_url":"https:\/\/iwell-guard.com\/ca\/cultures-andines-i-inques-inti-pachamama-viracocha\/","og_site_name":"iWell Guard","article_modified_time":"2026-09-05T16:03:45+00:00","og_image":[{"width":1024,"height":1536,"url":"https:\/\/iwell-guard.com\/wp-content\/uploads\/2026\/05\/goetter_anden-inka_illapa.webp","type":"image\/webp"}],"twitter_card":"summary_large_image","schema":{"@context":"https:\/\/schema.org","@graph":[{"@type":"WebPage","@id":"https:\/\/iwell-guard.com\/ca\/cultures-andines-i-inques-inti-pachamama-viracocha\/","url":"https:\/\/iwell-guard.com\/ca\/cultures-andines-i-inques-inti-pachamama-viracocha\/","name":"Cultures andines \u2013 Inques, Pachamama i pr\u00e0ctica de protecci\u00f3","isPartOf":{"@id":"https:\/\/iwell-guard.com\/ca\/#website"},"primaryImageOfPage":{"@id":"https:\/\/iwell-guard.com\/ca\/cultures-andines-i-inques-inti-pachamama-viracocha\/#primaryimage"},"image":{"@id":"https:\/\/iwell-guard.com\/ca\/cultures-andines-i-inques-inti-pachamama-viracocha\/#primaryimage"},"thumbnailUrl":"https:\/\/iwell-guard.com\/wp-content\/uploads\/2026\/05\/goetter_anden-inka_illapa.webp","datePublished":"2026-09-05T15:41:14+00:00","dateModified":"2026-09-05T16:03:45+00:00","description":"Cultures andines a iWell Guard: Inti, Pachamama, Viracocha i objectes de protecci\u00f3 com la Chakana i les pedres Apus, situats des de la ci\u00e8ncia de la religi\u00f3.","breadcrumb":{"@id":"https:\/\/iwell-guard.com\/ca\/cultures-andines-i-inques-inti-pachamama-viracocha\/#breadcrumb"},"inLanguage":"ca","potentialAction":[{"@type":"ReadAction","target":["https:\/\/iwell-guard.com\/ca\/cultures-andines-i-inques-inti-pachamama-viracocha\/"]}]},{"@type":"ImageObject","inLanguage":"ca","@id":"https:\/\/iwell-guard.com\/ca\/cultures-andines-i-inques-inti-pachamama-viracocha\/#primaryimage","url":"https:\/\/iwell-guard.com\/wp-content\/uploads\/2026\/05\/goetter_anden-inka_illapa.webp","contentUrl":"https:\/\/iwell-guard.com\/wp-content\/uploads\/2026\/05\/goetter_anden-inka_illapa.webp","width":1024,"height":1536,"caption":"D\u00e9us de la tradici\u00f3 andina inca."},{"@type":"BreadcrumbList","@id":"https:\/\/iwell-guard.com\/ca\/cultures-andines-i-inques-inti-pachamama-viracocha\/#breadcrumb","itemListElement":[{"@type":"ListItem","position":1,"name":"Start","item":"https:\/\/iwell-guard.com\/ca\/?page_id=171333"},{"@type":"ListItem","position":2,"name":"Cultures andines i inques \u2013 Inti, Pachamama i Viracocha"}]},{"@type":"WebSite","@id":"https:\/\/iwell-guard.com\/ca\/#website","url":"https:\/\/iwell-guard.com\/ca\/","name":"iWell Guard","description":"Schutz vor dunklen Einfl\u00fcssen","publisher":{"@id":"https:\/\/iwell-guard.com\/ca\/#organization"},"potentialAction":[{"@type":"SearchAction","target":{"@type":"EntryPoint","urlTemplate":"https:\/\/iwell-guard.com\/ca\/?s={search_term_string}"},"query-input":{"@type":"PropertyValueSpecification","valueRequired":true,"valueName":"search_term_string"}}],"inLanguage":"ca"},{"@type":"Organization","@id":"https:\/\/iwell-guard.com\/ca\/#organization","name":"Ittermann electronic GmbH","url":"https:\/\/iwell-guard.com\/ca\/","logo":{"@type":"ImageObject","inLanguage":"ca","@id":"https:\/\/iwell-guard.com\/ca\/#\/schema\/logo\/image\/","url":"https:\/\/iwell-guard.com\/wp-content\/uploads\/2026\/05\/Ittermann-Logo-1182x237-1.png","contentUrl":"https:\/\/iwell-guard.com\/wp-content\/uploads\/2026\/05\/Ittermann-Logo-1182x237-1.png","width":1182,"height":237,"caption":"Ittermann electronic GmbH"},"image":{"@id":"https:\/\/iwell-guard.com\/ca\/#\/schema\/logo\/image\/"},"sameAs":["https:\/\/pantip.com\/profile\/9367242","https:\/\/micro.blog\/iwellguard","https:\/\/www.diggerslist.com\/iwellguard\/about","https:\/\/skitterphoto.com\/photographers\/2870314\/iwell-guard","https:\/\/iwellguard.wordpress.com\/2026\/06\/06\/iwell-guard\/","https:\/\/hub.docker.com\/u\/iwellguard","https:\/\/www.pinterest.com\/iwellguard\/","https:\/\/bit.ly\/m\/iwellguard","https:\/\/entre-vos-mains.alsace.eu\/profiles\/iwellguard\/activity","https:\/\/gravatar.com\/reallybeded8fd34","https:\/\/naijamatta.com\/iwellguard","https:\/\/www.goodreads.com\/iwellguard","https:\/\/profile.hatena.ne.jp\/iwellguard\/","https:\/\/experiment.com\/users\/iwellguard","https:\/\/wakelet.com\/@iWellGuard82270","https:\/\/www.chordie.com\/forum\/profile.php?id=2555664","https:\/\/www.instapaper.com\/p\/17757966","https:\/\/www.mapleprimes.com\/users\/iwellguard","https:\/\/businesslistingplus.com\/profile\/iwell-guard\/","https:\/\/telegra.ph\/iWell-Guard-06-06","https:\/\/pbase.com\/iwellguard\/iwellguard","https:\/\/b.hatena.ne.jp\/iwellguard\/20260607#bookmark-4788405196491818882","https:\/\/fliphtml5.com\/home\/iwellguard","https:\/\/anyflip.com\/homepage\/cmiwl#About","https:\/\/transfur.com\/Users\/iwellguard","http:\/\/delphi.larsbo.org\/user\/iwellguard","https:\/\/jobs.lajobsportal.org\/profiles\/8380803-iwell-guard","https:\/\/md.chaosdorf.de\/s\/jfbe5SBdJD","https:\/\/www.lingvolive.com\/en-us\/profile\/9ecaeaca-ce11-4e51-9e71-01d55e2bff36\/translations","https:\/\/www.fitday.com\/fitness\/forums\/members\/iwellguard.html","https:\/\/www.mymeetbook.com\/iwellguard","https:\/\/pxhere.com\/en\/photographer-me\/5040798","https:\/\/disqus.com\/by\/iwellguard\/about\/","https:\/\/pastelink.net\/hjwciqwq","https:\/\/pubhtml5.com\/homepage\/scjhn\/","https:\/\/www.bitchute.com\/channel\/2O2eOKzNqujT","https:\/\/audiomack.com\/iwellguard"]}]}},"_links":{"self":[{"href":"https:\/\/iwell-guard.com\/ca\/wp-json\/wp\/v2\/pages\/171661","targetHints":{"allow":["GET"]}}],"collection":[{"href":"https:\/\/iwell-guard.com\/ca\/wp-json\/wp\/v2\/pages"}],"about":[{"href":"https:\/\/iwell-guard.com\/ca\/wp-json\/wp\/v2\/types\/page"}],"author":[{"embeddable":true,"href":"https:\/\/iwell-guard.com\/ca\/wp-json\/wp\/v2\/users\/3"}],"replies":[{"embeddable":true,"href":"https:\/\/iwell-guard.com\/ca\/wp-json\/wp\/v2\/comments?post=171661"}],"version-history":[{"count":0,"href":"https:\/\/iwell-guard.com\/ca\/wp-json\/wp\/v2\/pages\/171661\/revisions"}],"wp:featuredmedia":[{"embeddable":true,"href":"https:\/\/iwell-guard.com\/ca\/wp-json\/wp\/v2\/media\/2677"}],"wp:attachment":[{"href":"https:\/\/iwell-guard.com\/ca\/wp-json\/wp\/v2\/media?parent=171661"}],"wp:term":[{"taxonomy":"category","embeddable":true,"href":"https:\/\/iwell-guard.com\/ca\/wp-json\/wp\/v2\/categories?post=171661"}],"curies":[{"name":"wp","href":"https:\/\/api.w.org\/{rel}","templated":true}]}}