{"id":171659,"date":"2026-09-05T15:41:14","date_gmt":"2026-09-05T15:41:14","guid":{"rendered":"https:\/\/iwell-guard.com\/?page_id=171659"},"modified":"2026-09-05T16:03:43","modified_gmt":"2026-09-05T16:03:43","slug":"iran-zoroastrisme-avesta-ahura-mazda-faravahar","status":"publish","type":"page","link":"https:\/\/iwell-guard.com\/ca\/iran-zoroastrisme-avesta-ahura-mazda-faravahar\/","title":{"rendered":"Iran i zoroastrisme \u2013 Avesta, Ahura Mazda i Faravahar"},"content":{"rendered":"\t\t<div data-elementor-type=\"wp-page\" data-elementor-id=\"171659\" class=\"elementor elementor-171659 elementor-2556 elementor-bc-flex-widget\" data-elementor-post-type=\"page\">\n\t\t\t\t<div class=\"elementor-element elementor-element-iwgcn-iranzoroas-hero iwg-kultur-hero e-flex e-con-boxed e-con e-parent\" data-id=\"iwgcn-iranzoroas-hero\" data-element_type=\"container\" data-e-type=\"container\">\n\t\t\t\t\t<div class=\"e-con-inner\">\n\t\t<div class=\"elementor-element elementor-element-iwgcn-iranzoroas-hl iwg-kultur-hero-left e-flex e-con-boxed e-con e-child\" data-id=\"iwgcn-iranzoroas-hl\" data-element_type=\"container\" data-e-type=\"container\">\n\t\t\t\t\t<div class=\"e-con-inner\">\n\t\t\t\t<div class=\"elementor-element elementor-element-iwgcn-iranzoroas-h1 elementor-widget elementor-widget-heading\" data-id=\"iwgcn-iranzoroas-h1\" data-element_type=\"widget\" data-e-type=\"widget\" data-widget_type=\"heading.default\">\n\t\t\t\t\t<h1 class=\"elementor-heading-title elementor-size-default\">Iran i zoroastrisme, Ahura Mazda, Avesta i Faravahar<\/h1>\t\t\t\t<\/div>\n\t\t<div class=\"elementor-element elementor-element-iwgcn-iranzoroas-leadc e-con-full e-flex e-con e-child\" data-id=\"iwgcn-iranzoroas-leadc\" data-element_type=\"container\" data-e-type=\"container\">\n\t\t\t\t<div class=\"elementor-element elementor-element-iwgcn-iranzoroas-lead elementor-widget elementor-widget-text-editor\" data-id=\"iwgcn-iranzoroas-lead\" data-element_type=\"widget\" data-e-type=\"widget\" data-widget_type=\"text-editor.default\">\n\t\t\t\t\t\t\t\t\t<p>El zoroastrisme, fundat per Zaratustra en el primer o segon mil\u00b7lenni abans de la nostra era, \u00e9s una de les religions monoteistes documentades m\u00e9s antigues. Ahura Mazda ocupa el centre com a creador; el m\u00f3n es concep de manera dualista entre la seva acci\u00f3 i el principi destructiu d&#8217;Angra Mainyu. El zoroastrisme ha influ\u00eft profundament en l&#8217;escatologia jueva, cristiana i isl\u00e0mica.<\/p><p>Un apartat propi situa la pr\u00e0ctica de protecci\u00f3 zoro\u00e0strica des de la ci\u00e8ncia de les religions.<\/p>\t\t\t\t\t\t\t\t<\/div>\n\t\t\t\t<\/div>\n\t\t\t\t\t<\/div>\n\t\t\t\t<\/div>\n\t\t<div class=\"elementor-element elementor-element-iwgcn-iranzoroas-hr iwg-kultur-hero-right e-flex e-con-boxed e-con e-child\" data-id=\"iwgcn-iranzoroas-hr\" data-element_type=\"container\" data-e-type=\"container\">\n\t\t\t\t\t<div class=\"e-con-inner\">\n\t\t\t\t<div class=\"elementor-element elementor-element-iwgcn-iranzoroas-himg iwg-hero-image elementor-widget elementor-widget-image\" data-id=\"iwgcn-iranzoroas-himg\" data-element_type=\"widget\" data-e-type=\"widget\" data-widget_type=\"image.default\">\n\t\t\t\t\t\t\t\t\t\t\t\t\t\t\t<img fetchpriority=\"high\" decoding=\"async\" width=\"683\" height=\"1024\" src=\"https:\/\/iwell-guard.com\/wp-content\/uploads\/2026\/05\/goetter_iran-zoroastrismus_ahura-mazda-683x1024.webp\" class=\"attachment-large size-large wp-image-2901\" alt=\"Iran i zoroastrisme \u2013 Avesta, Ahura Mazda i Faravahar\" srcset=\"https:\/\/iwell-guard.com\/wp-content\/uploads\/2026\/05\/goetter_iran-zoroastrismus_ahura-mazda-683x1024.webp 683w, https:\/\/iwell-guard.com\/wp-content\/uploads\/2026\/05\/goetter_iran-zoroastrismus_ahura-mazda-200x300.webp 200w, https:\/\/iwell-guard.com\/wp-content\/uploads\/2026\/05\/goetter_iran-zoroastrismus_ahura-mazda-768x1152.webp 768w, https:\/\/iwell-guard.com\/wp-content\/uploads\/2026\/05\/goetter_iran-zoroastrismus_ahura-mazda.webp 1024w\" sizes=\"(max-width: 683px) 100vw, 683px\" \/>\t\t\t\t\t\t\t\t\t\t\t\t\t\t\t<\/div>\n\t\t\t\t\t<\/div>\n\t\t\t\t<\/div>\n\t\t\t\t\t<\/div>\n\t\t\t\t<\/div>\n\t\t<div class=\"elementor-element elementor-element-iwgcn-iranzoroas-s0 e-flex e-con-boxed e-con e-parent\" data-id=\"iwgcn-iranzoroas-s0\" data-element_type=\"container\" data-e-type=\"container\">\n\t\t\t\t\t<div class=\"e-con-inner\">\n\t\t\t\t<div class=\"elementor-element elementor-element-iwgcn-iranzoroas-s0h elementor-widget elementor-widget-heading\" data-id=\"iwgcn-iranzoroas-s0h\" data-element_type=\"widget\" data-e-type=\"widget\" data-widget_type=\"heading.default\">\n\t\t\t\t\t<h2 class=\"elementor-heading-title elementor-size-default\">Zaratustra i la dataci\u00f3<\/h2>\t\t\t\t<\/div>\n\t\t<div class=\"elementor-element elementor-element-iwgcn-iranzoroas-s0-c e-con-full e-flex e-con e-child\" data-id=\"iwgcn-iranzoroas-s0-c\" data-element_type=\"container\" data-e-type=\"container\">\n\t\t\t\t<div class=\"elementor-element elementor-element-iwgcn-iranzoroas-s0t elementor-widget elementor-widget-text-editor\" data-id=\"iwgcn-iranzoroas-s0t\" data-element_type=\"widget\" data-e-type=\"widget\" data-widget_type=\"text-editor.default\">\n\t\t\t\t\t\t\t\t\t<p>Sobre la persona de Zaratustra (gr. Zoroaster) nom\u00e9s es conserven de manera fiable els seus propis himnes, les Gathes. La dataci\u00f3 varia considerablement en la investigaci\u00f3: les estimacions m\u00e9s conservadores el situen al segle VI a. e. c., per\u00f2 les an\u00e0lisis ling\u00fc\u00edstiques i hist\u00f2riques dels seus himnes suggereixen una dataci\u00f3 molt m\u00e9s antiga, entre el 1500 i el 1000 a. e. c.<\/p><p>Es presumeix que la seva activitat hist\u00f2rica va tenir lloc a l&#8217;Iran oriental o a l&#8217;\u00c0sia Central. El <span class=\"iwg-fachbegriff\" data-tooltip=\"La creen\u00e7a en un \u00fanic d\u00e9u.\" tabindex=\"0\">monoteisme<\/span> que va formular, amb un fort accent \u00e8tic, es contraposa a les tradicions politeistes indoiranianes anteriors.<\/p>\t\t\t\t\t\t\t\t<\/div>\n\t\t\t\t<\/div>\n\t\t\t\t\t<\/div>\n\t\t\t\t<\/div>\n\t\t<div class=\"elementor-element elementor-element-iwgcn-iranzoroas-s1 e-flex e-con-boxed e-con e-parent\" data-id=\"iwgcn-iranzoroas-s1\" data-element_type=\"container\" data-e-type=\"container\">\n\t\t\t\t\t<div class=\"e-con-inner\">\n\t\t\t\t<div class=\"elementor-element elementor-element-iwgcn-iranzoroas-s1h elementor-widget elementor-widget-heading\" data-id=\"iwgcn-iranzoroas-s1h\" data-element_type=\"widget\" data-e-type=\"widget\" data-widget_type=\"heading.default\">\n\t\t\t\t\t<h2 class=\"elementor-heading-title elementor-size-default\">Avesta i pante\u00f3<\/h2>\t\t\t\t<\/div>\n\t\t<div class=\"elementor-element elementor-element-iwgcn-iranzoroas-s1-c e-con-full e-flex e-con e-child\" data-id=\"iwgcn-iranzoroas-s1-c\" data-element_type=\"container\" data-e-type=\"container\">\n\t\t\t\t<div class=\"elementor-element elementor-element-iwgcn-iranzoroas-s1t elementor-widget elementor-widget-text-editor\" data-id=\"iwgcn-iranzoroas-s1t\" data-element_type=\"widget\" data-e-type=\"widget\" data-widget_type=\"text-editor.default\">\n\t\t\t\t\t\t\t\t\t<p>Les escriptures sagrades del zoroastrisme estan reunides a l&#8217;Avesta: les Gathes (himnes propis de Zaratustra, en av\u00e8stic antic), el Yasna (corpus lit\u00fargic), el Visperad, el Vendidad i els Yashts.<\/p><p>A m\u00e9s d&#8217;Ahura Mazda i Angra Mainyu, hi apareixen els sis Amesha Spentas (els Immortals Sants), Vohu Manah (bona intenci\u00f3), Asha Vahishta (la millor veritat), Khshathra Vairya (regne desitjat), Spenta Armaiti (devoci\u00f3 sagrada), Haurvatat (integritat) i Ameretat (immortalitat), com a personificacions d&#8217;aspectes div\u00ed\u00adns. Els Yazatas s\u00f3n \u00e9ssers dignes de veneraci\u00f3 amb funcions c\u00f2smiques espec\u00edfiques: Mithra (el pacte), Anahita (l&#8217;aigua) i Sraosha (l&#8217;obedi\u00e8ncia, la protecci\u00f3).<\/p>\t\t\t\t\t\t\t\t<\/div>\n\t\t\t\t<\/div>\n\t\t\t\t\t<\/div>\n\t\t\t\t<\/div>\n\t\t<div class=\"elementor-element elementor-element-iwgcn-iranzoroas-s2 e-flex e-con-boxed e-con e-parent\" data-id=\"iwgcn-iranzoroas-s2\" data-element_type=\"container\" data-e-type=\"container\">\n\t\t\t\t\t<div class=\"e-con-inner\">\n\t\t\t\t<div class=\"elementor-element elementor-element-iwgcn-iranzoroas-s2h elementor-widget elementor-widget-heading\" data-id=\"iwgcn-iranzoroas-s2h\" data-element_type=\"widget\" data-e-type=\"widget\" data-widget_type=\"heading.default\">\n\t\t\t\t\t<h2 class=\"elementor-heading-title elementor-size-default\">Cosmologia i \u00e8tica<\/h2>\t\t\t\t<\/div>\n\t\t<div class=\"elementor-element elementor-element-iwgcn-iranzoroas-s2-c e-con-full e-flex e-con e-child\" data-id=\"iwgcn-iranzoroas-s2-c\" data-element_type=\"container\" data-e-type=\"container\">\n\t\t\t\t<div class=\"elementor-element elementor-element-iwgcn-iranzoroas-s2t elementor-widget elementor-widget-text-editor\" data-id=\"iwgcn-iranzoroas-s2t\" data-element_type=\"widget\" data-e-type=\"widget\" data-widget_type=\"text-editor.default\">\n\t\t\t\t\t\t\t\t\t<p>La <span class=\"iwg-fachbegriff\" data-tooltip=\"Concepci\u00f3 de l'estructura i l'ordre del m\u00f3n dins d'una cultura.\" tabindex=\"0\">cosmologia<\/span> zoro\u00e0strica \u00e9s expl\u00edcitament dualista: Ahura Mazda i Angra Mainyu s&#8217;oposen com a principis independents; l&#8217;\u00e9sser hum\u00e0 \u00e9s convidat a actuar, mitjan\u00e7ant un comportament \u00e8tic, al costat d&#8217;Asha (la veritat, l&#8217;ordre c\u00f2smic) contra Druj (la mentida, el caos).<\/p><p>El m\u00f3n es concep dins d&#8217;una concepci\u00f3 lineal del temps: creaci\u00f3, lluita entre el b\u00e9 i el mal, vict\u00f2ria final d&#8217;Asha amb la resurrecci\u00f3 dels morts i el judici definitiu. Aquesta escatologia ha influ\u00eft profundament les religions abrah\u00e0miques.<\/p>\t\t\t\t\t\t\t\t<\/div>\n\t\t\t\t<\/div>\n\t\t\t\t\t<\/div>\n\t\t\t\t<\/div>\n\t\t<div class=\"elementor-element elementor-element-iwgcn-iranzoroas-s3 e-flex e-con-boxed e-con e-parent\" data-id=\"iwgcn-iranzoroas-s3\" data-element_type=\"container\" data-e-type=\"container\">\n\t\t\t\t\t<div class=\"e-con-inner\">\n\t\t\t\t<div class=\"elementor-element elementor-element-iwgcn-iranzoroas-s3h elementor-widget elementor-widget-heading\" data-id=\"iwgcn-iranzoroas-s3h\" data-element_type=\"widget\" data-e-type=\"widget\" data-widget_type=\"heading.default\">\n\t\t\t\t\t<h2 class=\"elementor-heading-title elementor-size-default\">Faravahar, el s\u00edmbol alat del sol<\/h2>\t\t\t\t<\/div>\n\t\t<div class=\"elementor-element elementor-element-iwgcn-iranzoroas-s3-c e-con-full e-flex e-con e-child\" data-id=\"iwgcn-iranzoroas-s3-c\" data-element_type=\"container\" data-e-type=\"container\">\n\t\t\t\t<div class=\"elementor-element elementor-element-iwgcn-iranzoroas-s3t elementor-widget elementor-widget-text-editor\" data-id=\"iwgcn-iranzoroas-s3t\" data-element_type=\"widget\" data-e-type=\"widget\" data-widget_type=\"text-editor.default\">\n\t\t\t\t\t\t\t\t\t<p>El Faravahar, el s\u00edmbol solar alat amb figura humana dins d&#8217;un cercle, \u00e9s avui el senyal d&#8217;identitat zoro\u00e0strica m\u00e9s visualment reconeixible. Es documenta en relleus aquem\u00e8nides (Pers\u00e8polis) a partir del segle VI a. e. c.<\/p><p>La seva interpretaci\u00f3 es discuteix des de la ci\u00e8ncia de les religions: tradicionalment es llegeix com a Fravashi (aspecte de guardi\u00e0 div\u00ed de l&#8217;\u00e0nima); d&#8217;altres l&#8217;interpreten com una representaci\u00f3 del mateix Ahura Mazda o com un s\u00edmbol reial de bona sort (Khvarenah).<\/p>\t\t\t\t\t\t\t\t<\/div>\n\t\t\t\t<\/div>\n\t\t\t\t\t<\/div>\n\t\t\t\t<\/div>\n\t\t<div class=\"elementor-element elementor-element-iwgcn-iranzoroas-s4 e-flex e-con-boxed e-con e-parent\" data-id=\"iwgcn-iranzoroas-s4\" data-element_type=\"container\" data-e-type=\"container\">\n\t\t\t\t\t<div class=\"e-con-inner\">\n\t\t\t\t<div class=\"elementor-element elementor-element-iwgcn-iranzoroas-s4h elementor-widget elementor-widget-heading\" data-id=\"iwgcn-iranzoroas-s4h\" data-element_type=\"widget\" data-e-type=\"widget\" data-widget_type=\"heading.default\">\n\t\t\t\t\t<h2 class=\"elementor-heading-title elementor-size-default\">Sudreh-Kushti, camisa i cord\u00f3 sagrats<\/h2>\t\t\t\t<\/div>\n\t\t<div class=\"elementor-element elementor-element-iwgcn-iranzoroas-s4-c e-con-full e-flex e-con e-child\" data-id=\"iwgcn-iranzoroas-s4-c\" data-element_type=\"container\" data-e-type=\"container\">\n\t\t\t\t<div class=\"elementor-element elementor-element-iwgcn-iranzoroas-s4t elementor-widget elementor-widget-text-editor\" data-id=\"iwgcn-iranzoroas-s4t\" data-element_type=\"widget\" data-e-type=\"widget\" data-widget_type=\"text-editor.default\">\n\t\t\t\t\t\t\t\t\t<p>Els zoro\u00e0strics practicants porten, despr\u00e9s de la <span class=\"iwg-fachbegriff\" data-tooltip=\"Tr\u00e0nsit ritual mitjan\u00e7ant el qual alg\u00fa \u00e9s adm\u00e8s en un nou estatus o comunitat.\" tabindex=\"0\">iniciaci\u00f3<\/span> Sedreh-Pushi (comparable a la confirmaci\u00f3, habitualment al voltant dels set o deu anys), la camisa sagrada Sudreh, de cot\u00f3 blanc, i el cord\u00f3 sagrat Kushti, de llana, cargolat tres vegades al voltant de la cintura.<\/p><p>En el <span class=\"iwg-fachbegriff\" data-tooltip=\"Una seq\u00fc\u00e8ncia ordenada d'accions simb\u00f2liques amb significat religi\u00f3s o cultural.\" tabindex=\"0\">ritual<\/span> diari Padyab-Kushti es deslliga i es torna a lligar el cord\u00f3, una renovaci\u00f3 corporal del comprom\u00eds amb Asha. Els 72 fils del Kushti corresponen als cap\u00edtols del Yasna.<\/p>\t\t\t\t\t\t\t\t<\/div>\n\t\t\t\t<\/div>\n\t\t\t\t\t<\/div>\n\t\t\t\t<\/div>\n\t\t<div class=\"elementor-element elementor-element-iwgcn-iranzoroas-s5 e-flex e-con-boxed e-con e-parent\" data-id=\"iwgcn-iranzoroas-s5\" data-element_type=\"container\" data-e-type=\"container\">\n\t\t\t\t\t<div class=\"e-con-inner\">\n\t\t\t\t<div class=\"elementor-element elementor-element-iwgcn-iranzoroas-s5h elementor-widget elementor-widget-heading\" data-id=\"iwgcn-iranzoroas-s5h\" data-element_type=\"widget\" data-e-type=\"widget\" data-widget_type=\"heading.default\">\n\t\t\t\t\t<h2 class=\"elementor-heading-title elementor-size-default\">Difusi\u00f3 actual, parsis i zoro\u00e0strics iranians<\/h2>\t\t\t\t<\/div>\n\t\t<div class=\"elementor-element elementor-element-iwgcn-iranzoroas-s5-c e-con-full e-flex e-con e-child\" data-id=\"iwgcn-iranzoroas-s5-c\" data-element_type=\"container\" data-e-type=\"container\">\n\t\t\t\t<div class=\"elementor-element elementor-element-iwgcn-iranzoroas-s5t elementor-widget elementor-widget-text-editor\" data-id=\"iwgcn-iranzoroas-s5t\" data-element_type=\"widget\" data-e-type=\"widget\" data-widget_type=\"text-editor.default\">\n\t\t\t\t\t\t\t\t\t<p>Despr\u00e9s de la conquesta \u00e0rab de P\u00e8rsia al segle VII, part de la comunitat zoro\u00e0strica va emigrar a l&#8217;\u00cdndia, on van formar, com a parsis (avui principalment a la regi\u00f3 de Mumbai), una minoria econ\u00f2micament i culturalment rellevant.<\/p><p>A l&#8217;Iran subsisteixen comunitats m\u00e9s petites a Yazd, Kerman i Teheran. La religi\u00f3 no \u00e9s missionera i el nombre d&#8217;adeptes arreu del m\u00f3n es xifra en poques centenars de milers. Al segle XX es va formar una di\u00e0spora zoro\u00e0strica a Am\u00e8rica del Nord i Europa.<\/p>\t\t\t\t\t\t\t\t<\/div>\n\t\t\t\t<\/div>\n\t\t\t\t\t<\/div>\n\t\t\t\t<\/div>\n\t\t<div class=\"elementor-element elementor-element-iwgcn-iranzoroas-s6 e-flex e-con-boxed e-con e-parent\" data-id=\"iwgcn-iranzoroas-s6\" data-element_type=\"container\" data-e-type=\"container\">\n\t\t\t\t\t<div class=\"e-con-inner\">\n\t\t\t\t<div class=\"elementor-element elementor-element-iwgcn-iranzoroas-s6h elementor-widget elementor-widget-heading\" data-id=\"iwgcn-iranzoroas-s6h\" data-element_type=\"widget\" data-e-type=\"widget\" data-widget_type=\"heading.default\">\n\t\t\t\t\t<h2 class=\"elementor-heading-title elementor-size-default\">Situaci\u00f3 de les fonts i estat de la investigaci\u00f3<\/h2>\t\t\t\t<\/div>\n\t\t<div class=\"elementor-element elementor-element-iwgcn-iranzoroas-s6-c e-con-full e-flex e-con e-child\" data-id=\"iwgcn-iranzoroas-s6-c\" data-element_type=\"container\" data-e-type=\"container\">\n\t\t\t\t<div class=\"elementor-element elementor-element-iwgcn-iranzoroas-s6t elementor-widget elementor-widget-text-editor\" data-id=\"iwgcn-iranzoroas-s6t\" data-element_type=\"widget\" data-e-type=\"widget\" data-widget_type=\"text-editor.default\">\n\t\t\t\t\t\t\t\t\t<footer class=\"iwg-literatur\"><p>Traduccions importants: Mary Boyce, <em>A History of Zoroastrianism<\/em> (3 volums, 1975, 1991); Helmut Humbach per a les Gathes; Albert de Jong, <em>Traditions of the Magi<\/em>. Ubicaci\u00f3 acad\u00e8mica: Geo Widengren, Bruce Lincoln. Tamb\u00e9 el maniqueisme, fundat per Mani al segle III, es basa en la <span class=\"iwg-fachbegriff\" data-tooltip=\"Concepci\u00f3 de l'estructura i l'ordre del m\u00f3n dins d'una cultura.\" tabindex=\"0\">cosmologia<\/span> zoro\u00e0strica.<\/p><\/footer>\t\t\t\t\t\t\t\t<\/div>\n\t\t\t\t<\/div>\n\t\t\t\t\t<\/div>\n\t\t\t\t<\/div>\n\t\t<div class=\"elementor-element elementor-element-cp27fd4d10 e-flex e-con-boxed e-con e-parent\" data-id=\"cp27fd4d10\" data-element_type=\"container\" data-e-type=\"container\">\n\t\t\t\t\t<div class=\"e-con-inner\">\n\t\t\t\t<div class=\"elementor-element elementor-element-cp27b264ec elementor-widget elementor-widget-heading\" data-id=\"cp27b264ec\" data-element_type=\"widget\" data-e-type=\"widget\" data-widget_type=\"heading.default\">\n\t\t\t\t\t<h2 class=\"elementor-heading-title elementor-size-default\">Avesta i literatura pahlavi: l'estat de les fonts<\/h2>\t\t\t\t<\/div>\n\t\t<div class=\"elementor-element elementor-element-cp254b322d e-flex e-con-boxed e-con e-child\" data-id=\"cp254b322d\" data-element_type=\"container\" data-e-type=\"container\">\n\t\t\t\t\t<div class=\"e-con-inner\">\n\t\t\t\t<div class=\"elementor-element elementor-element-cp21217e3d elementor-widget elementor-widget-text-editor\" data-id=\"cp21217e3d\" data-element_type=\"widget\" data-e-type=\"widget\" data-widget_type=\"text-editor.default\">\n\t\t\t\t\t\t\t\t\t<p>Les fonts m\u00e9s antigues del zoroastrisme es troben recollides a l&#8217;<em>Avesta<\/em>, un corpus de textos religiosos en una llengua iraniana antiga, l&#8217;av\u00e8stic. El nucli, les <em>Gathas<\/em>, s\u00f3n himnes que, segons la tradici\u00f3, es remunten al mateix fundador de la religi\u00f3, Zaratustra, i que ling\u00fc\u00edsticament s\u00f3n molt antics.<\/p><p>Estan integrats en el ritual lit\u00fargic m\u00e9s tard\u00e0, el <em>Yasna<\/em>. S&#8217;hi afegeixen els <em>Yashts<\/em>, himnes dedicats a diferents \u00e9ssers divins, aix\u00ed com textos lit\u00fargics i de dret de puresa com el <em>Vendidad<\/em>.<\/p><p>L&#8217;Avesta es va transmetre oralment durant molts segles i no es va posar per escrit fins una \u00e8poca relativament tardana. Una part considerable es va perdre; el que s&#8217;ha conservat es considera un fragment d&#8217;un conjunt un cop molt m\u00e9s extens. Els manuscrits actuals no s\u00f3n anteriors al segle 13, la qual cosa planteja problemes especials per a la cr\u00edtica textual.<\/p><p>Una segona capa la forma la literatura en persa mitj\u00e0, tamb\u00e9 anomenat pahlavi, produ\u00efda sobretot en el per\u00edode sass\u00e0nida tard\u00e0 i durant els primers segles isl\u00e0mics.<\/p><p>En formen part el <em>Denkard<\/em>, una mena d&#8217;enciclop\u00e8dia de la religi\u00f3, el <em>Bundahishn<\/em>, amb la <span class=\"iwg-fachbegriff\" data-tooltip=\"Concepci\u00f3 sobre l'estructura i l'ordre del m\u00f3n dins d'una cultura.\" tabindex=\"0\">cosmologia<\/span> i l&#8217;escatologia zoroastrianes, i nombrosos comentaris i textos jur\u00eddics. Sovint aquestes obres s\u00f3n resums de materials av\u00e8stics perduts i, per tant, resulten imprescindibles, per\u00f2 al mateix temps estan marcades per la visi\u00f3 teol\u00f2gica de la seva \u00e8poca.<\/p><p>Per a la recerca occidental, el desxiframent d&#8217;aquestes lleng\u00fces va ser un proc\u00e9s llarg. Abraham Hyacinthe Anquetil-Duperron va publicar el 1771 la primera traducci\u00f3 europea de l&#8217;Avesta, basada en l&#8217;ensenyament rebut de sacerdots a l&#8217;\u00cdndia.<\/p><p>Generacions posteriors, com Christian Bartholomae amb el seu diccionari d&#8217;irani\u00e0 antic, van crear les bases filol\u00f2giques. Tot i aix\u00ed, les fonts continuen sent incompletes, i molt del que es sap sobre els inicis de la religi\u00f3 \u00e9s fruit de la reconstrucci\u00f3.<\/p>\t\t\t\t\t\t\t\t<\/div>\n\t\t\t\t\t<\/div>\n\t\t\t\t<\/div>\n\t\t\t\t\t<\/div>\n\t\t\t\t<\/div>\n\t\t<div class=\"elementor-element elementor-element-cp25408a86 e-flex e-con-boxed e-con e-parent\" data-id=\"cp25408a86\" data-element_type=\"container\" data-e-type=\"container\">\n\t\t\t\t\t<div class=\"e-con-inner\">\n\t\t\t\t<div class=\"elementor-element elementor-element-cp2d9ffc82 elementor-widget elementor-widget-heading\" data-id=\"cp2d9ffc82\" data-element_type=\"widget\" data-e-type=\"widget\" data-widget_type=\"heading.default\">\n\t\t\t\t\t<h2 class=\"elementor-heading-title elementor-size-default\">L'enfrontament c\u00f2smic i la visi\u00f3 del m\u00f3n<\/h2>\t\t\t\t<\/div>\n\t\t<div class=\"elementor-element elementor-element-cp257fcf7d e-flex e-con-boxed e-con e-child\" data-id=\"cp257fcf7d\" data-element_type=\"container\" data-e-type=\"container\">\n\t\t\t\t\t<div class=\"e-con-inner\">\n\t\t\t\t<div class=\"elementor-element elementor-element-cp21d72b97 elementor-widget elementor-widget-text-editor\" data-id=\"cp21d72b97\" data-element_type=\"widget\" data-e-type=\"widget\" data-widget_type=\"text-editor.default\">\n\t\t\t\t\t\t\t\t\t<p>La visi\u00f3 del m\u00f3n zoroastriana est\u00e0 marcada per un contrast entre dos principis fonamentals. D&#8217;una banda hi ha <em>Ahura Mazda<\/em>, el senyor savi, font d&#8217;ordre, llum i vida.<\/p><p>Se li oposa el principi destructor, anomenat en els textos m\u00e9s tardans <em>Angra Mainyu<\/em> o, en persa mitj\u00e0, <em>Ahriman<\/em>, que representa la mentida, el caos i la mort. Si es tracta d&#8217;un dualisme estricte o d&#8217;un ordre finalment englobat per Ahura Mazda \u00e9s una vella q\u00fcesti\u00f3 debatuda en la recerca.<\/p><p>La hist\u00f2ria del m\u00f3n es concep com un enfrontament de durada limitada. Segons l&#8217;esquema del <em>Bundahishn<\/em>, es divideix en diversos grans per\u00edodes, al final dels quals hi ha una renovaci\u00f3 del m\u00f3n, la <em>frashokereti<\/em>. En aquest proc\u00e9s, el mal \u00e9s ven\u00e7ut, els morts s\u00f3n ressuscitats i s&#8217;estableix un estat d&#8217;ordre perfecte.<\/p><p>En aquest esdeveniment, l&#8217;\u00e9sser hum\u00e0 no \u00e9s un simple espectador, sin\u00f3 un company de lluita que, mitjan\u00e7ant bons pensaments, bones paraules i bones accions, enforteix el costat de l&#8217;ordre.<\/p><p>Entre el d\u00e9u suprem i el m\u00f3n hi ha els <em>Amesha Spentas<\/em>, els Immortals Ben\u00e8fics, un grup d&#8217;\u00e9ssers que encarnen cadascun un aspecte de la creaci\u00f3 bona i que protegeixen els \u00e0mbits que els corresponen, com el foc, l&#8217;aigua, les plantes o el metall.<\/p><p>A m\u00e9s, apareixen nombrosos <em>Yazatas<\/em>, \u00e9ssers dignes de veneraci\u00f3, als quals estan dedicats els Yashts. El costat hostil, per la seva part, est\u00e0 poblat de <em>Daevas<\/em> i altres \u00e9ssers nocius.<\/p><p>Despr\u00e9s de la mort, l&#8217;\u00e0nima ha de travessar un pont, l&#8217;estat del qual dep\u00e8n del balan\u00e7 de la seva vida. Es fa ample i f\u00e0cil de creuar per als justos, i estret i perill\u00f3s per als malvats.<\/p><p>Aquesta concepci\u00f3 de judici, pont i retribuci\u00f3 a l&#8217;altra vida \u00e9s un dels elements m\u00e9s debatuts en la recerca a causa de les possibles connexions amb el judaisme, el cristianisme i l&#8217;islam.<\/p>\t\t\t\t\t\t\t\t<\/div>\n\t\t\t\t\t<\/div>\n\t\t\t\t<\/div>\n\t\t\t\t\t<\/div>\n\t\t\t\t<\/div>\n\t\t<div class=\"elementor-element elementor-element-cp2e6b25c1 e-flex e-con-boxed e-con e-parent\" data-id=\"cp2e6b25c1\" data-element_type=\"container\" data-e-type=\"container\">\n\t\t\t\t\t<div class=\"e-con-inner\">\n\t\t\t\t<div class=\"elementor-element elementor-element-cp2450c831 elementor-widget elementor-widget-heading\" data-id=\"cp2450c831\" data-element_type=\"widget\" data-e-type=\"widget\" data-widget_type=\"heading.default\">\n\t\t\t\t\t<h2 class=\"elementor-heading-title elementor-size-default\">Ritual, foc i puresa<\/h2>\t\t\t\t<\/div>\n\t\t<div class=\"elementor-element elementor-element-cp296b9f76 e-flex e-con-boxed e-con e-child\" data-id=\"cp296b9f76\" data-element_type=\"container\" data-e-type=\"container\">\n\t\t\t\t\t<div class=\"e-con-inner\">\n\t\t\t\t<div class=\"elementor-element elementor-element-cp2bb53da9 elementor-widget elementor-widget-text-editor\" data-id=\"cp2bb53da9\" data-element_type=\"widget\" data-e-type=\"widget\" data-widget_type=\"text-editor.default\">\n\t\t\t\t\t\t\t\t\t<p>El foc no \u00e9s, en el zoroastrisme, un d\u00e9u, sin\u00f3 un <span class=\"iwg-fachbegriff\" data-tooltip=\"Un signe que representa una idea o significat.\" tabindex=\"0\">s\u00edmbol<\/span> i portador de la puresa i de l&#8217;ordre div\u00ed. Als temples, sovint anomenats des de fora temples del foc, es mant\u00e9 de manera permanent un foc consagrat, tingut a cura per sacerdots.<\/p><p>El grau m\u00e9s elevat d&#8217;un foc d&#8217;aquest tipus, l&#8217;<em>Atash Bahram<\/em>, es crea mitjan\u00e7ant un <span class=\"iwg-fachbegriff\" data-tooltip=\"Una seq\u00fc\u00e8ncia reglada d'accions simb\u00f2liques amb significat religi\u00f3s o cultural.\" tabindex=\"0\">ritual<\/span> llarg i complex, en el qual es reuneixen i es purifiquen focs procedents de diverses fonts.<\/p><p>El centre del culte principal el constitueix el <em>Yasna<\/em>, una <span class=\"iwg-fachbegriff\" data-tooltip=\"L'ordre establert del culte religi\u00f3s d'una comunitat de fe.\" tabindex=\"0\">lit\u00fargia<\/span> de diverses hores durant la qual un sacerdot recita els textos av\u00e8stics i, alhora, realitza accions rituals amb aigua, plantes i el suc de la planta <em>haoma<\/em>. A m\u00e9s, existeixen devocions m\u00e9s breus i preg\u00e0ries dom\u00e8stiques que els mateixos laics duen a terme.<\/p><p>Les concepcions de puresa impregnen la vida quotidiana. La mort i la descomposici\u00f3 es consideren l&#8217;atac m\u00e9s fort de la for\u00e7a destructora. Per aix\u00f2, els cossos morts no han de contaminar els elements purs de la terra, l&#8217;aigua i el foc. D&#8217;aquesta l\u00f2gica va sorgir l&#8217;\u00fas de les anomenades torres del silenci, <em>dakhma<\/em>, on els cossos eren abandonats a les aus carronyeres.<\/p><p>En l&#8217;\u00e8poca moderna, aquesta pr\u00e0ctica nom\u00e9s \u00e9s possible en molts llocs de manera limitada o ja no ho \u00e9s en absolut, de manera que tamb\u00e9 es donen enterraments en tombes especialment segellades o incineracions, una q\u00fcesti\u00f3 que continua sent controvertida dins de la comunitat.<\/p><p>El calendari ritual est\u00e0 marcat per festes fixes. La m\u00e9s coneguda \u00e9s el <em>Nouruz<\/em>, la festa de Cap d&#8217;Any que coincideix amb l&#8217;equinocci de primavera i que se celebra molt m\u00e9s enll\u00e0 de la comunitat religiosa, a l&#8217;Iran i als pa\u00efsos ve\u00efns. S&#8217;hi afegeixen les sis festes <em>Gahanbar<\/em>, que corresponen a les etapes de la creaci\u00f3, aix\u00ed com dies de commemoraci\u00f3 dels difunts. Aquestes festes uneixen <span class=\"iwg-fachbegriff\" data-tooltip=\"Concepci\u00f3 sobre l'estructura i l'ordre del m\u00f3n dins d'una cultura.\" tabindex=\"0\">cosmologia<\/span>, any agr\u00edcola i vida comunit\u00e0ria.<\/p>\t\t\t\t\t\t\t\t<\/div>\n\t\t\t\t\t<\/div>\n\t\t\t\t<\/div>\n\t\t\t\t\t<\/div>\n\t\t\t\t<\/div>\n\t\t<div class=\"elementor-element elementor-element-cp2a38c545 e-flex e-con-boxed e-con e-parent\" data-id=\"cp2a38c545\" data-element_type=\"container\" data-e-type=\"container\">\n\t\t\t\t\t<div class=\"e-con-inner\">\n\t\t\t\t<div class=\"elementor-element elementor-element-cp247060ad elementor-widget elementor-widget-heading\" data-id=\"cp247060ad\" data-element_type=\"widget\" data-e-type=\"widget\" data-widget_type=\"heading.default\">\n\t\t\t\t\t<h2 class=\"elementor-heading-title elementor-size-default\">Parsis, iranis i el zoroastrisme actual<\/h2>\t\t\t\t<\/div>\n\t\t<div class=\"elementor-element elementor-element-cp26906393 e-flex e-con-boxed e-con e-child\" data-id=\"cp26906393\" data-element_type=\"container\" data-e-type=\"container\">\n\t\t\t\t\t<div class=\"e-con-inner\">\n\t\t\t\t<div class=\"elementor-element elementor-element-cp25825757 elementor-widget elementor-widget-text-editor\" data-id=\"cp25825757\" data-element_type=\"widget\" data-e-type=\"widget\" data-widget_type=\"text-editor.default\">\n\t\t\t\t\t\t\t\t\t<p>Despr\u00e9s de la conquesta \u00e0rab-isl\u00e0mica de l&#8217;Iran al segle VII, el zoroastrisme va perdre la seva posici\u00f3 com a religi\u00f3 d&#8217;estat i, al llarg dels segles, es va convertir en una petita minoria.<\/p><p>Una part dels creients va emigrar a l&#8217;\u00cdndia, segons la <span class=\"iwg-fachbegriff\" data-tooltip=\"La transmissi\u00f3 de coneixements i relats al llarg de generacions.\" tabindex=\"0\">tradici\u00f3<\/span>, cap als segles VIII a X. Els seus descendents s\u00f3n els <em>parsis<\/em>, que es van establir principalment a la regi\u00f3 de Gujarat i m\u00e9s tard a Mumbai.<\/p><p>Sota el domini brit\u00e0nic, els parsis van desenvolupar una comunitat pr\u00f2spera i amb gran orientaci\u00f3 educativa, amb fundacions, escoles i temples propis. Al mateix temps, el nombre redu\u00eft, una baixa taxa de natalitat i una estricta regla de descend\u00e8ncia van provocar un declivi demogr\u00e0fic constant que perdura fins avui i que \u00e9s objecte de debat intern, per exemple sobre si s&#8217;ha d&#8217;admetre els fills de matrimonis amb no zoroastrians.<\/p><p>A l&#8217;Iran mateix va perdurar una comunitat m\u00e9s petita, els <em>iranis<\/em>, amb centres a Yazd, Kerman i Teheran. Durant molt de temps van viure sota discriminacions legals, per\u00f2 avui s\u00f3n reconeguts constitucionalment com a minoria religiosa, encara que num\u00e8ricament molt redu\u00efda. A m\u00e9s, existeixen comunitats a la di\u00e0spora, sobretot a Am\u00e8rica del Nord, el Regne Unit i Austr\u00e0lia.<\/p><p>L&#8217;estudi cient\u00edfic d&#8217;aquesta religi\u00f3 est\u00e0 estretament lligat a noms com Mary Boyce, el treball de camp de la qual entre zoroastrians iranians als anys seixanta i la seva hist\u00f2ria de la religi\u00f3 en diversos volums continuen sent obres de refer\u00e8ncia.<\/p><p>Investigadors posteriors com Jenny Rose o Albert de Jong han matisat aquesta visi\u00f3, tot destacant especialment la diversitat de la pr\u00e0ctica. Una representaci\u00f3 adequada ha de mostrar el zoroastrisme com una religi\u00f3 contempor\u00e0nia viva, encara que amena\u00e7ada, i no nom\u00e9s com un fenomen antic. Hi ha punts de contacte amb l&#8217;\u00e0mbit cultural tractat al centre tem\u00e0tic de <a href=\"https:\/\/iwell-guard.com\/ca\/mesopotamia\/\">Mesopot\u00e0mia<\/a>.<\/p>\t\t\t\t\t\t\t\t<\/div>\n\t\t\t\t\t<\/div>\n\t\t\t\t<\/div>\n\t\t\t\t\t<\/div>\n\t\t\t\t<\/div>\n\t\t<div class=\"elementor-element elementor-element-iwgcn-iranzoroas-kwd e-flex e-con-boxed e-con e-parent\" data-id=\"iwgcn-iranzoroas-kwd\" data-element_type=\"container\" data-e-type=\"container\">\n\t\t\t\t\t<div class=\"e-con-inner\">\n\t\t<div class=\"elementor-element elementor-element-iwgcn-iranzoroas-kwd-c e-con-full e-flex e-con e-child\" data-id=\"iwgcn-iranzoroas-kwd-c\" data-element_type=\"container\" data-e-type=\"container\">\n\t\t\t\t<div class=\"elementor-element elementor-element-iwgcn-iranzoroas-kwdt elementor-widget elementor-widget-text-editor\" data-id=\"iwgcn-iranzoroas-kwdt\" data-element_type=\"widget\" data-e-type=\"widget\" data-widget_type=\"text-editor.default\">\n\t\t\t\t\t\t\t\t\t<p><em>Conceptes clau relacionats: Zarathustra Avesta Ahura Mazda Angra Mainyu Faravahar Kushti Sudreh Amesha Spentas Yazatas Asha Druj Gathas Yasna.<\/em><\/p>\t\t\t\t\t\t\t\t<\/div>\n\t\t\t\t<\/div>\n\t\t\t\t\t<\/div>\n\t\t\t\t<\/div>\n\t\t<div class=\"elementor-element elementor-element-iwgcn-iranzoroas-cc e-flex e-con-boxed e-con e-parent\" data-id=\"iwgcn-iranzoroas-cc\" data-element_type=\"container\" data-e-type=\"container\" id=\"iwg-cc-iran-zoroastrismus\">\n\t\t\t\t\t<div class=\"e-con-inner\">\n\t\t<div class=\"elementor-element elementor-element-iwgcn-iranzoroas-ccinner e-flex e-con-boxed e-con e-parent\" data-id=\"iwgcn-iranzoroas-ccinner\" data-element_type=\"container\" data-e-type=\"container\" data-settings=\"{&quot;background_background&quot;:&quot;classic&quot;}\">\n\t\t\t\t\t<div class=\"e-con-inner\">\n\t\t\t\t<div class=\"elementor-element elementor-element-iwgcn-iranzoroas-cch elementor-widget elementor-widget-heading\" data-id=\"iwgcn-iranzoroas-cch\" data-element_type=\"widget\" data-e-type=\"widget\" data-widget_type=\"heading.default\">\n\t\t\t\t\t<h2 class=\"elementor-heading-title elementor-size-default\">Objectes de protecci\u00f3 d'aquesta tradici\u00f3 cultural<\/h2>\t\t\t\t<\/div>\n\t\t\t\t<div class=\"elementor-element elementor-element-iwgcn-iranzoroas-cct elementor-widget elementor-widget-text-editor\" data-id=\"iwgcn-iranzoroas-cct\" data-element_type=\"widget\" data-e-type=\"widget\" data-widget_type=\"text-editor.default\">\n\t\t\t\t\t\t\t\t\t<p>La tradici\u00f3 zoroastriana-iraniana acompanya els seus portadors mitjan\u00e7ant la camisa sagrada Sudreh i el cord\u00f3 sagrat Kushti; el Faravahar serveix com a signe visible d&#8217;identitat i protecci\u00f3, complementat amb penjolls de versos de l&#8217;Avesta i amulets protectors.<\/p><div data-nosnippet=\"true\"><p>iWell Guard s&#8217;inscriu en aquesta l\u00ednia culturohist\u00f2rica d&#8217;objectes de protecci\u00f3 portables, amb una arquitectura de materials contempor\u00e0nia, fabricat a Alemanya. 41 capes, or aut\u00e8ntic, plat\u00ed, plata. Dret de devoluci\u00f3 de 30 dies.<\/p><\/div>\t\t\t\t\t\t\t\t<\/div>\n\t\t\t\t<div class=\"elementor-element elementor-element-iwgcn-iranzoroas-ccb iwg-cc-button iwg-cc-cta-2026-05-13 elementor-widget elementor-widget-jet-button\" data-id=\"iwgcn-iranzoroas-ccb\" data-element_type=\"widget\" data-e-type=\"widget\" data-widget_type=\"jet-button.default\">\n\t\t\t\t<div class=\"elementor-widget-container\">\n\t\t\t\t\t<div class=\"elementor-jet-button jet-elements\"><div class=\"jet-button__container\"><a class=\"jet-button__instance jet-button__instance--icon-left hover-effect-1\" href=\"\/ueber-iwell-guard\/?utm_source=iwell-guard.com&amp;utm_medium=info-box&amp;utm_campaign=kultur-tradition\"><div class=\"jet-button__plane jet-button__plane-normal\"><\/div><div class=\"jet-button__plane jet-button__plane-hover\"><\/div><div class=\"jet-button__state jet-button__state-normal\"><span class=\"jet-button__label\">M\u00e9s informaci\u00f3 sobre l'iWell Guard<\/span><\/div><div class=\"jet-button__state jet-button__state-hover\"><span class=\"jet-button__label\">M\u00e9s informaci\u00f3 sobre l'iWell Guard<\/span><\/div><\/a><\/div><\/div><style>.elementor-element.elementor-element-iwgcn-iranzoroas-ccb .jet-button__instance{width:320px;height:56px;}.elementor-element.elementor-element-iwgcn-iranzoroas-ccb .jet-button__state-normal .jet-button__label{text-align:center;margin:0px 0px 0px 0px;color:#1a1b20;font-family:Montserrat,sans-serif;font-size:13px;font-weight:400;letter-spacing:4px;line-height:1.714em;text-transform:uppercase;}.elementor-element.elementor-element-iwgcn-iranzoroas-ccb .jet-button__state-hover .jet-button__label{text-align:center;margin:0px 0px 0px 0px;color:#FECC76;font-family:Montserrat,sans-serif;font-size:13px;font-weight:400;letter-spacing:4px;line-height:1.714em;text-transform:uppercase;}.elementor-element.elementor-element-iwgcn-iranzoroas-ccb .jet-button__plane-normal{background-color:#FECC76;border-style:solid;border-color:#C99540;border-width:2px 2px 2px 2px;}.elementor-element.elementor-element-iwgcn-iranzoroas-ccb .jet-button__plane-hover{background-color:rgba(0,0,0,0.55);border-style:solid;border-color:#FECC76;border-width:2px 2px 2px 2px;}<\/style>\t\t\t\t<\/div>\n\t\t\t\t<\/div>\n\t\t\t\t<div class=\"elementor-element elementor-element-iwgcn-iranzoroas-ccd elementor-widget elementor-widget-text-editor\" data-id=\"iwgcn-iranzoroas-ccd\" data-element_type=\"widget\" data-e-type=\"widget\" data-widget_type=\"text-editor.default\">\n\t\t\t\t\t\t\t\t\t<div data-nosnippet=\"true\"><p style=\"text-align:center;font-size:13px;opacity:0.7;margin-top:14px\" data-nosnippet=\"true\">Les experi\u00e8ncies personals poden variar. No \u00e9s un producte sanitari. No \u00e9s una promesa de curaci\u00f3.<\/p><\/div>\t\t\t\t\t\t\t\t<\/div>\n\t\t\t\t\t<\/div>\n\t\t\t\t<\/div>\n\t\t\t\t\t<\/div>\n\t\t\t\t<\/div>\n\t\t<div class=\"elementor-element elementor-element-iwgcn-iranzoroas-disc e-flex e-con-boxed e-con e-parent\" data-id=\"iwgcn-iranzoroas-disc\" data-element_type=\"container\" data-e-type=\"container\">\n\t\t\t\t\t<div class=\"e-con-inner\">\n\t\t\t\t<div class=\"elementor-element elementor-element-iwgcn-iranzoroas-discw elementor-widget elementor-widget-html\" data-id=\"iwgcn-iranzoroas-discw\" data-element_type=\"widget\" data-e-type=\"widget\" data-widget_type=\"html.default\">\n\t\t\t\t\t<footer data-nosnippet=\"true\" class=\"iwg-disclaimer-block\"><p data-nosnippet=\"true\">iWell Guard <strong>no \u00e9s un producte sanitari<\/strong> i no substitueix cap tractament m\u00e8dic o psicoterap\u00e8utic. Els continguts d'hist\u00f2ria de les religions s\u00f3n una classificaci\u00f3 culturohist\u00f2rica, no una recomanaci\u00f3 de pr\u00e0ctica espiritual.<\/p><\/footer>\t\t\t\t<\/div>\n\t\t\t\t\t<\/div>\n\t\t\t\t<\/div>\n\t\t<div class=\"elementor-element elementor-element-iwgssrev-iranzoroastrismus e-flex e-con-boxed e-con e-parent\" data-id=\"iwgssrev-iranzoroastrismus\" data-element_type=\"container\" data-e-type=\"container\">\n\t\t\t\t\t<div class=\"e-con-inner\">\n\t\t\t\t<div class=\"elementor-element elementor-element-iwgssrev-iranzoroastrismus-h elementor-widget elementor-widget-heading\" data-id=\"iwgssrev-iranzoroastrismus-h\" data-element_type=\"widget\" data-e-type=\"widget\" data-widget_type=\"heading.default\">\n\t\t\t\t\t<h2 class=\"elementor-heading-title elementor-size-default\">S\u00edmbols de protecci\u00f3 de l'Iran i el zoroastrisme<\/h2>\t\t\t\t<\/div>\n\t\t\t\t<div class=\"elementor-element elementor-element-iwgssrev-iranzoroastrismus-t elementor-widget elementor-widget-text-editor\" data-id=\"iwgssrev-iranzoroastrismus-t\" data-element_type=\"widget\" data-e-type=\"widget\" data-widget_type=\"text-editor.default\">\n\t\t\t\t\t\t\t\t\t<p>El lexic\u00f3 de s\u00edmbols de protecci\u00f3 tracta diversos signes i objectes de l&#8217;Iran i el zoroastrisme en p\u00e0gines pr\u00f2pies: <a href=\"https:\/\/iwell-guard.com\/ca\/?page_id=171906\">Faravahar<\/a> i <a href=\"https:\/\/iwell-guard.com\/ca\/?page_id=171973\">Kushti<\/a>. La p\u00e0gina dedicada als <a href=\"https:\/\/iwell-guard.com\/ca\/?page_id=171653\">s\u00edmbols de protecci\u00f3<\/a> ofereix una visi\u00f3 transversal entre cultures.<\/p>\t\t\t\t\t\t\t\t<\/div>\n\t\t\t\t\t<\/div>\n\t\t\t\t<\/div>\n\t\t\t\t<\/div>\n\t\t","protected":false},"excerpt":{"rendered":"","protected":false},"author":3,"featured_media":2901,"parent":0,"menu_order":0,"comment_status":"closed","ping_status":"closed","template":"elementor_header_footer","meta":{"_yoast_wpseo_focuskw":"Tradici\u00f3 de protecci\u00f3 zoro\u00e0strica","_yoast_wpseo_title":"Zoroastrisme \u2013 Ahura Mazda, Avesta i pr\u00e0ctica de protecci\u00f3","_yoast_wpseo_metadesc":"Zoroastrisme a iWell Guard: Ahura Mazda, Avesta, Faravahar i el cord\u00f3 sagrat Kushti, situats des de la ci\u00e8ncia de les religions.","_yoast_wpseo_meta-robots-noindex":"","_yoast_wpseo_canonical":"","_angie_page":false,"gefaehrdungsstufe":"","wesen_kultur":"","wesen_klasse":"","footnotes":""},"categories":[],"class_list":["post-171659","page","type-page","status-publish","has-post-thumbnail","hentry"],"yoast_head":"<!-- This site is optimized with the Yoast SEO Premium plugin v27.7 (Yoast SEO v28.3) - https:\/\/yoast.com\/product\/yoast-seo-premium-wordpress\/ -->\n<title>Zoroastrisme \u2013 Ahura Mazda, Avesta i pr\u00e0ctica de protecci\u00f3<\/title>\n<meta name=\"description\" content=\"Zoroastrisme a iWell Guard: Ahura Mazda, Avesta, Faravahar i el cord\u00f3 sagrat Kushti, situats des de la ci\u00e8ncia de les religions.\" \/>\n<meta name=\"robots\" content=\"index, follow, max-snippet:-1, max-image-preview:large, max-video-preview:-1\" \/>\n<link rel=\"canonical\" href=\"https:\/\/iwell-guard.com\/ca\/iran-zoroastrisme-avesta-ahura-mazda-faravahar\/\" \/>\n<meta property=\"og:locale\" content=\"ca_ES\" \/>\n<meta property=\"og:type\" content=\"article\" \/>\n<meta property=\"og:title\" content=\"Iran i zoroastrisme \u2013 Avesta, Ahura Mazda i Faravahar\" \/>\n<meta property=\"og:description\" content=\"Zoroastrisme a iWell Guard: Ahura Mazda, Avesta, Faravahar i el cord\u00f3 sagrat Kushti, situats des de la ci\u00e8ncia de les religions.\" \/>\n<meta property=\"og:url\" content=\"https:\/\/iwell-guard.com\/ca\/iran-zoroastrisme-avesta-ahura-mazda-faravahar\/\" \/>\n<meta property=\"og:site_name\" content=\"iWell Guard\" \/>\n<meta property=\"article:modified_time\" content=\"2026-09-05T16:03:43+00:00\" \/>\n<meta property=\"og:image\" content=\"https:\/\/iwell-guard.com\/wp-content\/uploads\/2026\/05\/goetter_iran-zoroastrismus_ahura-mazda.webp\" \/>\n\t<meta property=\"og:image:width\" content=\"1024\" \/>\n\t<meta property=\"og:image:height\" content=\"1536\" \/>\n\t<meta property=\"og:image:type\" content=\"image\/webp\" \/>\n<meta name=\"twitter:card\" content=\"summary_large_image\" \/>\n<script type=\"application\/ld+json\" class=\"yoast-schema-graph\">{\"@context\":\"https:\\\/\\\/schema.org\",\"@graph\":[{\"@type\":\"WebPage\",\"@id\":\"https:\\\/\\\/iwell-guard.com\\\/ca\\\/iran-zoroastrisme-avesta-ahura-mazda-faravahar\\\/\",\"url\":\"https:\\\/\\\/iwell-guard.com\\\/ca\\\/iran-zoroastrisme-avesta-ahura-mazda-faravahar\\\/\",\"name\":\"Zoroastrisme \u2013 Ahura Mazda, Avesta i pr\u00e0ctica de protecci\u00f3\",\"isPartOf\":{\"@id\":\"https:\\\/\\\/iwell-guard.com\\\/ca\\\/#website\"},\"primaryImageOfPage\":{\"@id\":\"https:\\\/\\\/iwell-guard.com\\\/ca\\\/iran-zoroastrisme-avesta-ahura-mazda-faravahar\\\/#primaryimage\"},\"image\":{\"@id\":\"https:\\\/\\\/iwell-guard.com\\\/ca\\\/iran-zoroastrisme-avesta-ahura-mazda-faravahar\\\/#primaryimage\"},\"thumbnailUrl\":\"https:\\\/\\\/iwell-guard.com\\\/wp-content\\\/uploads\\\/2026\\\/05\\\/goetter_iran-zoroastrismus_ahura-mazda.webp\",\"datePublished\":\"2026-09-05T15:41:14+00:00\",\"dateModified\":\"2026-09-05T16:03:43+00:00\",\"description\":\"Zoroastrisme a iWell Guard: Ahura Mazda, Avesta, Faravahar i el cord\u00f3 sagrat Kushti, situats des de la ci\u00e8ncia de les religions.\",\"breadcrumb\":{\"@id\":\"https:\\\/\\\/iwell-guard.com\\\/ca\\\/iran-zoroastrisme-avesta-ahura-mazda-faravahar\\\/#breadcrumb\"},\"inLanguage\":\"ca\",\"potentialAction\":[{\"@type\":\"ReadAction\",\"target\":[\"https:\\\/\\\/iwell-guard.com\\\/ca\\\/iran-zoroastrisme-avesta-ahura-mazda-faravahar\\\/\"]}]},{\"@type\":\"ImageObject\",\"inLanguage\":\"ca\",\"@id\":\"https:\\\/\\\/iwell-guard.com\\\/ca\\\/iran-zoroastrisme-avesta-ahura-mazda-faravahar\\\/#primaryimage\",\"url\":\"https:\\\/\\\/iwell-guard.com\\\/wp-content\\\/uploads\\\/2026\\\/05\\\/goetter_iran-zoroastrismus_ahura-mazda.webp\",\"contentUrl\":\"https:\\\/\\\/iwell-guard.com\\\/wp-content\\\/uploads\\\/2026\\\/05\\\/goetter_iran-zoroastrismus_ahura-mazda.webp\",\"width\":1024,\"height\":1536,\"caption\":\"D\u00e9us de la tradici\u00f3 iran-zoroastrisme.\"},{\"@type\":\"BreadcrumbList\",\"@id\":\"https:\\\/\\\/iwell-guard.com\\\/ca\\\/iran-zoroastrisme-avesta-ahura-mazda-faravahar\\\/#breadcrumb\",\"itemListElement\":[{\"@type\":\"ListItem\",\"position\":1,\"name\":\"Start\",\"item\":\"https:\\\/\\\/iwell-guard.com\\\/ca\\\/?page_id=171333\"},{\"@type\":\"ListItem\",\"position\":2,\"name\":\"Iran i zoroastrisme \u2013 Avesta, Ahura Mazda i Faravahar\"}]},{\"@type\":\"WebSite\",\"@id\":\"https:\\\/\\\/iwell-guard.com\\\/ca\\\/#website\",\"url\":\"https:\\\/\\\/iwell-guard.com\\\/ca\\\/\",\"name\":\"iWell Guard\",\"description\":\"Schutz vor dunklen Einfl\u00fcssen\",\"publisher\":{\"@id\":\"https:\\\/\\\/iwell-guard.com\\\/ca\\\/#organization\"},\"potentialAction\":[{\"@type\":\"SearchAction\",\"target\":{\"@type\":\"EntryPoint\",\"urlTemplate\":\"https:\\\/\\\/iwell-guard.com\\\/ca\\\/?s={search_term_string}\"},\"query-input\":{\"@type\":\"PropertyValueSpecification\",\"valueRequired\":true,\"valueName\":\"search_term_string\"}}],\"inLanguage\":\"ca\"},{\"@type\":\"Organization\",\"@id\":\"https:\\\/\\\/iwell-guard.com\\\/ca\\\/#organization\",\"name\":\"Ittermann electronic GmbH\",\"url\":\"https:\\\/\\\/iwell-guard.com\\\/ca\\\/\",\"logo\":{\"@type\":\"ImageObject\",\"inLanguage\":\"ca\",\"@id\":\"https:\\\/\\\/iwell-guard.com\\\/ca\\\/#\\\/schema\\\/logo\\\/image\\\/\",\"url\":\"https:\\\/\\\/iwell-guard.com\\\/wp-content\\\/uploads\\\/2026\\\/05\\\/Ittermann-Logo-1182x237-1.png\",\"contentUrl\":\"https:\\\/\\\/iwell-guard.com\\\/wp-content\\\/uploads\\\/2026\\\/05\\\/Ittermann-Logo-1182x237-1.png\",\"width\":1182,\"height\":237,\"caption\":\"Ittermann electronic GmbH\"},\"image\":{\"@id\":\"https:\\\/\\\/iwell-guard.com\\\/ca\\\/#\\\/schema\\\/logo\\\/image\\\/\"},\"sameAs\":[\"https:\\\/\\\/pantip.com\\\/profile\\\/9367242\",\"https:\\\/\\\/micro.blog\\\/iwellguard\",\"https:\\\/\\\/www.diggerslist.com\\\/iwellguard\\\/about\",\"https:\\\/\\\/skitterphoto.com\\\/photographers\\\/2870314\\\/iwell-guard\",\"https:\\\/\\\/iwellguard.wordpress.com\\\/2026\\\/06\\\/06\\\/iwell-guard\\\/\",\"https:\\\/\\\/hub.docker.com\\\/u\\\/iwellguard\",\"https:\\\/\\\/www.pinterest.com\\\/iwellguard\\\/\",\"https:\\\/\\\/bit.ly\\\/m\\\/iwellguard\",\"https:\\\/\\\/entre-vos-mains.alsace.eu\\\/profiles\\\/iwellguard\\\/activity\",\"https:\\\/\\\/gravatar.com\\\/reallybeded8fd34\",\"https:\\\/\\\/naijamatta.com\\\/iwellguard\",\"https:\\\/\\\/www.goodreads.com\\\/iwellguard\",\"https:\\\/\\\/profile.hatena.ne.jp\\\/iwellguard\\\/\",\"https:\\\/\\\/experiment.com\\\/users\\\/iwellguard\",\"https:\\\/\\\/wakelet.com\\\/@iWellGuard82270\",\"https:\\\/\\\/www.chordie.com\\\/forum\\\/profile.php?id=2555664\",\"https:\\\/\\\/www.instapaper.com\\\/p\\\/17757966\",\"https:\\\/\\\/www.mapleprimes.com\\\/users\\\/iwellguard\",\"https:\\\/\\\/businesslistingplus.com\\\/profile\\\/iwell-guard\\\/\",\"https:\\\/\\\/telegra.ph\\\/iWell-Guard-06-06\",\"https:\\\/\\\/pbase.com\\\/iwellguard\\\/iwellguard\",\"https:\\\/\\\/b.hatena.ne.jp\\\/iwellguard\\\/20260607#bookmark-4788405196491818882\",\"https:\\\/\\\/fliphtml5.com\\\/home\\\/iwellguard\",\"https:\\\/\\\/anyflip.com\\\/homepage\\\/cmiwl#About\",\"https:\\\/\\\/transfur.com\\\/Users\\\/iwellguard\",\"http:\\\/\\\/delphi.larsbo.org\\\/user\\\/iwellguard\",\"https:\\\/\\\/jobs.lajobsportal.org\\\/profiles\\\/8380803-iwell-guard\",\"https:\\\/\\\/md.chaosdorf.de\\\/s\\\/jfbe5SBdJD\",\"https:\\\/\\\/www.lingvolive.com\\\/en-us\\\/profile\\\/9ecaeaca-ce11-4e51-9e71-01d55e2bff36\\\/translations\",\"https:\\\/\\\/www.fitday.com\\\/fitness\\\/forums\\\/members\\\/iwellguard.html\",\"https:\\\/\\\/www.mymeetbook.com\\\/iwellguard\",\"https:\\\/\\\/pxhere.com\\\/en\\\/photographer-me\\\/5040798\",\"https:\\\/\\\/disqus.com\\\/by\\\/iwellguard\\\/about\\\/\",\"https:\\\/\\\/pastelink.net\\\/hjwciqwq\",\"https:\\\/\\\/pubhtml5.com\\\/homepage\\\/scjhn\\\/\",\"https:\\\/\\\/www.bitchute.com\\\/channel\\\/2O2eOKzNqujT\",\"https:\\\/\\\/audiomack.com\\\/iwellguard\"]}]}<\/script>\n<!-- \/ Yoast SEO Premium plugin. -->","yoast_head_json":{"title":"Zoroastrisme \u2013 Ahura Mazda, Avesta i pr\u00e0ctica de protecci\u00f3","description":"Zoroastrisme a iWell Guard: Ahura Mazda, Avesta, Faravahar i el cord\u00f3 sagrat Kushti, situats des de la ci\u00e8ncia de les religions.","robots":{"index":"index","follow":"follow","max-snippet":"max-snippet:-1","max-image-preview":"max-image-preview:large","max-video-preview":"max-video-preview:-1"},"canonical":"https:\/\/iwell-guard.com\/ca\/iran-zoroastrisme-avesta-ahura-mazda-faravahar\/","og_locale":"ca_ES","og_type":"article","og_title":"Iran i zoroastrisme \u2013 Avesta, Ahura Mazda i Faravahar","og_description":"Zoroastrisme a iWell Guard: Ahura Mazda, Avesta, Faravahar i el cord\u00f3 sagrat Kushti, situats des de la ci\u00e8ncia de les religions.","og_url":"https:\/\/iwell-guard.com\/ca\/iran-zoroastrisme-avesta-ahura-mazda-faravahar\/","og_site_name":"iWell Guard","article_modified_time":"2026-09-05T16:03:43+00:00","og_image":[{"width":1024,"height":1536,"url":"https:\/\/iwell-guard.com\/wp-content\/uploads\/2026\/05\/goetter_iran-zoroastrismus_ahura-mazda.webp","type":"image\/webp"}],"twitter_card":"summary_large_image","schema":{"@context":"https:\/\/schema.org","@graph":[{"@type":"WebPage","@id":"https:\/\/iwell-guard.com\/ca\/iran-zoroastrisme-avesta-ahura-mazda-faravahar\/","url":"https:\/\/iwell-guard.com\/ca\/iran-zoroastrisme-avesta-ahura-mazda-faravahar\/","name":"Zoroastrisme \u2013 Ahura Mazda, Avesta i pr\u00e0ctica de protecci\u00f3","isPartOf":{"@id":"https:\/\/iwell-guard.com\/ca\/#website"},"primaryImageOfPage":{"@id":"https:\/\/iwell-guard.com\/ca\/iran-zoroastrisme-avesta-ahura-mazda-faravahar\/#primaryimage"},"image":{"@id":"https:\/\/iwell-guard.com\/ca\/iran-zoroastrisme-avesta-ahura-mazda-faravahar\/#primaryimage"},"thumbnailUrl":"https:\/\/iwell-guard.com\/wp-content\/uploads\/2026\/05\/goetter_iran-zoroastrismus_ahura-mazda.webp","datePublished":"2026-09-05T15:41:14+00:00","dateModified":"2026-09-05T16:03:43+00:00","description":"Zoroastrisme a iWell Guard: Ahura Mazda, Avesta, Faravahar i el cord\u00f3 sagrat Kushti, situats des de la ci\u00e8ncia de les religions.","breadcrumb":{"@id":"https:\/\/iwell-guard.com\/ca\/iran-zoroastrisme-avesta-ahura-mazda-faravahar\/#breadcrumb"},"inLanguage":"ca","potentialAction":[{"@type":"ReadAction","target":["https:\/\/iwell-guard.com\/ca\/iran-zoroastrisme-avesta-ahura-mazda-faravahar\/"]}]},{"@type":"ImageObject","inLanguage":"ca","@id":"https:\/\/iwell-guard.com\/ca\/iran-zoroastrisme-avesta-ahura-mazda-faravahar\/#primaryimage","url":"https:\/\/iwell-guard.com\/wp-content\/uploads\/2026\/05\/goetter_iran-zoroastrismus_ahura-mazda.webp","contentUrl":"https:\/\/iwell-guard.com\/wp-content\/uploads\/2026\/05\/goetter_iran-zoroastrismus_ahura-mazda.webp","width":1024,"height":1536,"caption":"D\u00e9us de la tradici\u00f3 iran-zoroastrisme."},{"@type":"BreadcrumbList","@id":"https:\/\/iwell-guard.com\/ca\/iran-zoroastrisme-avesta-ahura-mazda-faravahar\/#breadcrumb","itemListElement":[{"@type":"ListItem","position":1,"name":"Start","item":"https:\/\/iwell-guard.com\/ca\/?page_id=171333"},{"@type":"ListItem","position":2,"name":"Iran i zoroastrisme \u2013 Avesta, Ahura Mazda i Faravahar"}]},{"@type":"WebSite","@id":"https:\/\/iwell-guard.com\/ca\/#website","url":"https:\/\/iwell-guard.com\/ca\/","name":"iWell Guard","description":"Schutz vor dunklen Einfl\u00fcssen","publisher":{"@id":"https:\/\/iwell-guard.com\/ca\/#organization"},"potentialAction":[{"@type":"SearchAction","target":{"@type":"EntryPoint","urlTemplate":"https:\/\/iwell-guard.com\/ca\/?s={search_term_string}"},"query-input":{"@type":"PropertyValueSpecification","valueRequired":true,"valueName":"search_term_string"}}],"inLanguage":"ca"},{"@type":"Organization","@id":"https:\/\/iwell-guard.com\/ca\/#organization","name":"Ittermann electronic GmbH","url":"https:\/\/iwell-guard.com\/ca\/","logo":{"@type":"ImageObject","inLanguage":"ca","@id":"https:\/\/iwell-guard.com\/ca\/#\/schema\/logo\/image\/","url":"https:\/\/iwell-guard.com\/wp-content\/uploads\/2026\/05\/Ittermann-Logo-1182x237-1.png","contentUrl":"https:\/\/iwell-guard.com\/wp-content\/uploads\/2026\/05\/Ittermann-Logo-1182x237-1.png","width":1182,"height":237,"caption":"Ittermann electronic GmbH"},"image":{"@id":"https:\/\/iwell-guard.com\/ca\/#\/schema\/logo\/image\/"},"sameAs":["https:\/\/pantip.com\/profile\/9367242","https:\/\/micro.blog\/iwellguard","https:\/\/www.diggerslist.com\/iwellguard\/about","https:\/\/skitterphoto.com\/photographers\/2870314\/iwell-guard","https:\/\/iwellguard.wordpress.com\/2026\/06\/06\/iwell-guard\/","https:\/\/hub.docker.com\/u\/iwellguard","https:\/\/www.pinterest.com\/iwellguard\/","https:\/\/bit.ly\/m\/iwellguard","https:\/\/entre-vos-mains.alsace.eu\/profiles\/iwellguard\/activity","https:\/\/gravatar.com\/reallybeded8fd34","https:\/\/naijamatta.com\/iwellguard","https:\/\/www.goodreads.com\/iwellguard","https:\/\/profile.hatena.ne.jp\/iwellguard\/","https:\/\/experiment.com\/users\/iwellguard","https:\/\/wakelet.com\/@iWellGuard82270","https:\/\/www.chordie.com\/forum\/profile.php?id=2555664","https:\/\/www.instapaper.com\/p\/17757966","https:\/\/www.mapleprimes.com\/users\/iwellguard","https:\/\/businesslistingplus.com\/profile\/iwell-guard\/","https:\/\/telegra.ph\/iWell-Guard-06-06","https:\/\/pbase.com\/iwellguard\/iwellguard","https:\/\/b.hatena.ne.jp\/iwellguard\/20260607#bookmark-4788405196491818882","https:\/\/fliphtml5.com\/home\/iwellguard","https:\/\/anyflip.com\/homepage\/cmiwl#About","https:\/\/transfur.com\/Users\/iwellguard","http:\/\/delphi.larsbo.org\/user\/iwellguard","https:\/\/jobs.lajobsportal.org\/profiles\/8380803-iwell-guard","https:\/\/md.chaosdorf.de\/s\/jfbe5SBdJD","https:\/\/www.lingvolive.com\/en-us\/profile\/9ecaeaca-ce11-4e51-9e71-01d55e2bff36\/translations","https:\/\/www.fitday.com\/fitness\/forums\/members\/iwellguard.html","https:\/\/www.mymeetbook.com\/iwellguard","https:\/\/pxhere.com\/en\/photographer-me\/5040798","https:\/\/disqus.com\/by\/iwellguard\/about\/","https:\/\/pastelink.net\/hjwciqwq","https:\/\/pubhtml5.com\/homepage\/scjhn\/","https:\/\/www.bitchute.com\/channel\/2O2eOKzNqujT","https:\/\/audiomack.com\/iwellguard"]}]}},"_links":{"self":[{"href":"https:\/\/iwell-guard.com\/ca\/wp-json\/wp\/v2\/pages\/171659","targetHints":{"allow":["GET"]}}],"collection":[{"href":"https:\/\/iwell-guard.com\/ca\/wp-json\/wp\/v2\/pages"}],"about":[{"href":"https:\/\/iwell-guard.com\/ca\/wp-json\/wp\/v2\/types\/page"}],"author":[{"embeddable":true,"href":"https:\/\/iwell-guard.com\/ca\/wp-json\/wp\/v2\/users\/3"}],"replies":[{"embeddable":true,"href":"https:\/\/iwell-guard.com\/ca\/wp-json\/wp\/v2\/comments?post=171659"}],"version-history":[{"count":0,"href":"https:\/\/iwell-guard.com\/ca\/wp-json\/wp\/v2\/pages\/171659\/revisions"}],"wp:featuredmedia":[{"embeddable":true,"href":"https:\/\/iwell-guard.com\/ca\/wp-json\/wp\/v2\/media\/2901"}],"wp:attachment":[{"href":"https:\/\/iwell-guard.com\/ca\/wp-json\/wp\/v2\/media?parent=171659"}],"wp:term":[{"taxonomy":"category","embeddable":true,"href":"https:\/\/iwell-guard.com\/ca\/wp-json\/wp\/v2\/categories?post=171659"}],"curies":[{"name":"wp","href":"https:\/\/api.w.org\/{rel}","templated":true}]}}