{"id":171656,"date":"2026-09-05T15:41:13","date_gmt":"2026-09-05T15:41:13","guid":{"rendered":"https:\/\/iwell-guard.com\/?page_id=171656"},"modified":"2026-09-05T16:03:38","modified_gmt":"2026-09-05T16:03:38","slug":"penjoll-protector-iwell-guard-comprar","status":"publish","type":"page","link":"https:\/\/iwell-guard.com\/ca\/penjoll-protector-iwell-guard-comprar\/","title":{"rendered":"Comprar el penjoll protector iWell Guard"},"content":{"rendered":"\t\t<div data-elementor-type=\"wp-page\" data-elementor-id=\"171656\" class=\"elementor elementor-171656 elementor-2550\" data-elementor-post-type=\"page\">\n\t\t\t\t<div class=\"elementor-element elementor-element-iwgk-hero e-flex e-con-boxed e-con e-parent\" data-id=\"iwgk-hero\" data-element_type=\"container\" data-e-type=\"container\" id=\"kauf-hero\" data-settings=\"{&quot;background_background&quot;:&quot;classic&quot;}\">\n\t\t\t\t\t<div class=\"e-con-inner\">\n\t\t<div class=\"elementor-element elementor-element-iwgk-herohlft e-flex e-con-boxed e-con e-child\" data-id=\"iwgk-herohlft\" data-element_type=\"container\" data-e-type=\"container\">\n\t\t\t\t\t<div class=\"e-con-inner\">\n\t\t<div class=\"elementor-element elementor-element-iwgk-heroinner e-flex e-con-boxed e-con e-child\" data-id=\"iwgk-heroinner\" data-element_type=\"container\" data-e-type=\"container\">\n\t\t\t\t\t<div class=\"e-con-inner\">\n\t\t\t\t<div class=\"elementor-element elementor-element-iwgk-h1 elementor-widget elementor-widget-heading\" data-id=\"iwgk-h1\" data-element_type=\"widget\" data-e-type=\"widget\" data-widget_type=\"heading.default\">\n\t\t\t\t\t<h1 class=\"elementor-heading-title elementor-size-default\">Comprar el penjoll protector iWell Guard<\/h1>\t\t\t\t<\/div>\n\t\t\t\t<div class=\"elementor-element elementor-element-iwgk-pills iwg-pills elementor-widget elementor-widget-html\" data-id=\"iwgk-pills\" data-element_type=\"widget\" data-e-type=\"widget\" data-widget_type=\"html.default\">\n\t\t\t\t\t<div class=\"iwg-pill-row\"><span class=\"iwg-klasse-badge\" tabindex=\"0\" data-tooltip=\"iWell Guard \u00e9s un producte, un penjoll protector de fabricaci\u00f3 de precisi\u00f3 alemanya.\">Producte<\/span><span class=\"iwg-tradition-badge\" tabindex=\"0\" data-tooltip=\"Objecte protector port\u00e0til, dut a prop del cos al coll o a la butxaca. S'inscriu en la tradici\u00f3 mil\u00b7len\u00e0ria dels objectes protectors port\u00e0tils (penjolls de Pazuzu, Hamsa, Mezuzah, medalles de Sant Crist\u00f2fol).\">Penjoll protector<\/span><span class=\"iwg-tradition-badge\" tabindex=\"0\" data-tooltip=\"Fabricat a Alemanya: tots els components es munten a la nostra f\u00e0brica a Alemanya.\">Fabricat a Alemanya<\/span><\/div>\t\t\t\t<\/div>\n\t\t\t\t<div class=\"elementor-element elementor-element-iwgk-herolead elementor-widget elementor-widget-text-editor\" data-id=\"iwgk-herolead\" data-element_type=\"widget\" data-e-type=\"widget\" data-widget_type=\"text-editor.default\">\n\t\t\t\t\t\t\t\t\t<p>El iWell Guard \u00e9s un <strong>penjoll protector<\/strong> que es porta a prop del cos, fabricat amb precisi\u00f3 alemanya i inspirat en la tradici\u00f3 mil\u00b7len\u00e0ria dels objectes protectors port\u00e0tils. Aqu\u00ed trobar\u00e0 l&#8217;acc\u00e9s directe a la botiga.<\/p><p>Una variant de producte. Enviament directe a Alemanya, \u00c0ustria i Su\u00efssa. 30 dies de dret de devoluci\u00f3.<\/p>\t\t\t\t\t\t\t\t<\/div>\n\t\t\t\t\t<\/div>\n\t\t\t\t<\/div>\n\t\t\t\t\t<\/div>\n\t\t\t\t<\/div>\n\t\t<div class=\"elementor-element elementor-element-iwgk-herorgt e-flex e-con-boxed e-con e-child\" data-id=\"iwgk-herorgt\" data-element_type=\"container\" data-e-type=\"container\">\n\t\t\t\t\t<div class=\"e-con-inner\">\n\t\t\t\t<div class=\"elementor-element elementor-element-iwgk-heroimg iwg-hero-image elementor-widget elementor-widget-image\" data-id=\"iwgk-heroimg\" data-element_type=\"widget\" data-e-type=\"widget\" data-widget_type=\"image.default\">\n\t\t\t\t\t\t\t\t\t\t\t\t\t\t\t<img fetchpriority=\"high\" decoding=\"async\" width=\"361\" height=\"440\" src=\"https:\/\/iwell-guard.com\/wp-content\/uploads\/2026\/04\/iWell-Guard-Vorderseite-Glow.png\" class=\"attachment-large size-large wp-image-492\" alt=\"iWell Guard Schutzanh\u00e4nger, Vorderseite mit Glow-Effekt\" srcset=\"https:\/\/iwell-guard.com\/wp-content\/uploads\/2026\/04\/iWell-Guard-Vorderseite-Glow.png 361w, https:\/\/iwell-guard.com\/wp-content\/uploads\/2026\/04\/iWell-Guard-Vorderseite-Glow-246x300.png 246w\" sizes=\"(max-width: 361px) 100vw, 361px\" \/>\t\t\t\t\t\t\t\t\t\t\t\t\t\t\t<\/div>\n\t\t\t\t\t<\/div>\n\t\t\t\t<\/div>\n\t\t\t\t\t<\/div>\n\t\t\t\t<\/div>\n\t\t<div class=\"elementor-element elementor-element-iwgbc-diff-schutzanhaenge e-flex e-con-boxed e-con e-parent\" data-id=\"iwgbc-diff-schutzanhaenge\" data-element_type=\"container\" data-e-type=\"container\">\n\t\t\t\t\t<div class=\"e-con-inner\">\n\t\t\t\t<div class=\"elementor-element elementor-element-iwgbc-diff-schutzanhaenge-t elementor-widget elementor-widget-text-editor\" data-id=\"iwgbc-diff-schutzanhaenge-t\" data-element_type=\"widget\" data-e-type=\"widget\" data-widget_type=\"text-editor.default\">\n\t\t\t\t\t\t\t\t\t<p>En aquesta p\u00e0gina pot <strong>comprar<\/strong> directament el penjoll protector iWell Guard. El proc\u00e9s de compra inclou la selecci\u00f3, la finalitzaci\u00f3 de la comanda, el pagament i l&#8217;enviament dins la UE. <strong>Encarregui el penjoll protector<\/strong> c\u00f2modament a la botiga en l\u00ednia, amb enviament a Alemanya, \u00c0ustria i Su\u00efssa. En comprar-lo, rebr\u00e0 30 dies de dret de devoluci\u00f3 a partir de la data de lliurament i una factura de <em>Ittermann electronic GmbH<\/em>.<\/p>\t\t\t\t\t\t\t\t<\/div>\n\t\t\t\t\t<\/div>\n\t\t\t\t<\/div>\n\t\t<div class=\"elementor-element elementor-element-iwgk-ctas e-flex e-con-boxed e-con e-parent\" data-id=\"iwgk-ctas\" data-element_type=\"container\" data-e-type=\"container\" id=\"kauf-cta\" data-settings=\"{&quot;background_background&quot;:&quot;classic&quot;}\">\n\t\t\t\t\t<div class=\"e-con-inner\">\n\t\t<div class=\"elementor-element elementor-element-iwgk-ctainner e-flex e-con-boxed e-con e-child\" data-id=\"iwgk-ctainner\" data-element_type=\"container\" data-e-type=\"container\">\n\t\t\t\t\t<div class=\"e-con-inner\">\n\t\t\t\t<div class=\"elementor-element elementor-element-iwgk-ctalead iwg-cta-lead elementor-widget elementor-widget-text-editor\" data-id=\"iwgk-ctalead\" data-element_type=\"widget\" data-e-type=\"widget\" data-widget_type=\"text-editor.default\">\n\t\t\t\t\t\t\t\t\t<p style=\"text-align:center;font-size:17px;line-height:1.5\"><strong><a href=\"https:\/\/ittermann.de\/produkt-kategorie\/iwell-alle-produkte\/?utm_source=iwell-guard.com&#038;utm_medium=kauf-page&#038;utm_campaign=schutzanhaenger-iwell-guard-kaufen\" class=\"iwg-shop-cta\" target=\"_blank\" rel=\"noopener\">Encarregar directament a la botiga.<\/a><\/strong> La comanda es tramita a trav\u00e9s d&#8217;ittermann.de, amb enviament a Alemanya, \u00c0ustria i Su\u00efssa. Les despeses d&#8217;enviament per a AT i CH es mostren durant el proc\u00e9s de compra.<\/p>\t\t\t\t\t\t\t\t<\/div>\n\t\t\t\t<div class=\"elementor-element elementor-element-iwgk-ctabtn iwg-shop-cta-kauf iwg-shop-cta elementor-widget elementor-widget-jet-button\" data-id=\"iwgk-ctabtn\" data-element_type=\"widget\" data-e-type=\"widget\" data-widget_type=\"jet-button.default\">\n\t\t\t\t<div class=\"elementor-widget-container\">\n\t\t\t\t\t<div class=\"elementor-jet-button jet-elements\"><div class=\"jet-button__container\"><a class=\"jet-button__instance jet-button__instance--icon-left hover-effect-1\" href=\"https:\/\/ittermann.de\/produkt-kategorie\/iwell-alle-produkte\/?utm_source=iwell-guard.com&amp;utm_medium=kauf-page&amp;utm_campaign=schutzanhaenger-iwell-guard-kaufen\"><div class=\"jet-button__plane jet-button__plane-normal\"><\/div><div class=\"jet-button__plane jet-button__plane-hover\"><\/div><div class=\"jet-button__state jet-button__state-normal\"><span class=\"jet-button__label\">A la botiga \u2014 iwell-guard a la botiga d'ittermann.de<\/span><\/div><div class=\"jet-button__state jet-button__state-hover\"><span class=\"jet-button__label\">A la botiga \u2014 iwell-guard a la botiga d'ittermann.de<\/span><\/div><\/a><\/div><\/div><style>.elementor-element.elementor-element-iwgk-ctabtn .jet-button__instance{width:480px;height:72px;}.elementor-element.elementor-element-iwgk-ctabtn .jet-button__state-normal .jet-button__label{text-align:center;margin:0px 0px 0px 0px;color:#1a1b20;font-family:Montserrat,sans-serif;font-size:14px;font-weight:400;letter-spacing:5px;line-height:1.714em;text-transform:uppercase;}.elementor-element.elementor-element-iwgk-ctabtn .jet-button__state-hover .jet-button__label{text-align:center;margin:0px 0px 0px 0px;color:#FECC76;font-family:Montserrat,sans-serif;font-size:14px;font-weight:400;letter-spacing:5px;line-height:1.714em;text-transform:uppercase;}.elementor-element.elementor-element-iwgk-ctabtn .jet-button__plane-normal{background-color:#FECC76;border-style:solid;border-color:#C99540;border-width:2px 2px 2px 2px;}.elementor-element.elementor-element-iwgk-ctabtn .jet-button__plane-hover{background-color:rgba(0,0,0,0.55);border-style:solid;border-color:#FECC76;border-width:2px 2px 2px 2px;}<\/style>\t\t\t\t<\/div>\n\t\t\t\t<\/div>\n\t\t\t\t<div class=\"elementor-element elementor-element-iwgk-ctasub iwg-cta-sub elementor-widget elementor-widget-text-editor\" data-id=\"iwgk-ctasub\" data-element_type=\"widget\" data-e-type=\"widget\" data-widget_type=\"text-editor.default\">\n\t\t\t\t\t\t\t\t\t<div data-nosnippet=\"true\"><p style=\"text-align:center;font-size:14px;opacity:0.75\" data-nosnippet=\"true\">Una variant de producte. 30 dies de dret de devoluci\u00f3. No \u00e9s un producte m\u00e8dic, no promet cap curaci\u00f3.<\/p><\/div>\t\t\t\t\t\t\t\t<\/div>\n\t\t\t\t\t<\/div>\n\t\t\t\t<\/div>\n\t\t\t\t\t<\/div>\n\t\t\t\t<\/div>\n\t\t<div class=\"elementor-element elementor-element-iwgk-auf e-flex e-con-boxed e-con e-parent\" data-id=\"iwgk-auf\" data-element_type=\"container\" data-e-type=\"container\" id=\"kauf-aufbau\">\n\t\t\t\t\t<div class=\"e-con-inner\">\n\t\t\t\t<div class=\"elementor-element elementor-element-iwgk-aufh elementor-widget elementor-widget-heading\" data-id=\"iwgk-aufh\" data-element_type=\"widget\" data-e-type=\"widget\" data-widget_type=\"heading.default\">\n\t\t\t\t\t<h2 class=\"elementor-heading-title elementor-size-default\">Estructura i materials<\/h2>\t\t\t\t<\/div>\n\t\t\t\t<div class=\"elementor-element elementor-element-iwgk-auft elementor-widget elementor-widget-text-editor\" data-id=\"iwgk-auft\" data-element_type=\"widget\" data-e-type=\"widget\" data-widget_type=\"text-editor.default\">\n\t\t\t\t\t\t\t\t\t<ul><li>41 nivells al xip, disposats per optimitzar i refor\u00e7ar l&#8217;efecte<\/li><li>16 nivells de metalls aut\u00e8ntics: diverses capes d&#8217;or fi (24 quirats), plat\u00ed aut\u00e8ntic i plata aut\u00e8ntica<\/li><li>Subst\u00e0ncies refor\u00e7adores de l&#8217;efecte: entre d&#8217;altres, silici<\/li><li>Diversos nivells configurats com a estructures de mirall de Kozyrev<\/li><li>8 m\u00f2duls d&#8217;afirmaci\u00f3 amb s\u00edmbols refor\u00e7adors a l&#8217;interior de les estructures de Kozyrev<\/li><li>Marc de fibra de carboni fabricat mitjan\u00e7ant impressi\u00f3 3D com a forma exterior<\/li><li>Accents daurats com a element de disseny<\/li><li>Corretja de cuir negre, ajustable a la longitud desitjada<\/li><li>Format: xip quadrat, costat d&#8217;una polzada (2,54 cm)<\/li><\/ul><p>Trobar\u00e0 una descripci\u00f3 detallada de l&#8217;estructura i el sentit d&#8217;actuaci\u00f3 a <a href=\"https:\/\/iwell-guard.com\/ca\/?page_id=171433\">Sobre iWell Guard<\/a> i a <a href=\"https:\/\/iwell-guard.com\/ca\/?page_id=171624\">Tecnologia iWell<\/a>.<\/p>\t\t\t\t\t\t\t\t<\/div>\n\t\t\t\t\t<\/div>\n\t\t\t\t<\/div>\n\t\t<div class=\"elementor-element elementor-element-iwgk-mig e-flex e-con-boxed e-con e-parent\" data-id=\"iwgk-mig\" data-element_type=\"container\" data-e-type=\"container\" id=\"kauf-mig\">\n\t\t\t\t\t<div class=\"e-con-inner\">\n\t\t\t\t<div class=\"elementor-element elementor-element-iwgk-migh elementor-widget elementor-widget-heading\" data-id=\"iwgk-migh\" data-element_type=\"widget\" data-e-type=\"widget\" data-widget_type=\"heading.default\">\n\t\t\t\t\t<h2 class=\"elementor-heading-title elementor-size-default\">Fabricat a Alemanya<\/h2>\t\t\t\t<\/div>\n\t\t\t\t<div class=\"elementor-element elementor-element-iwgk-migt elementor-widget elementor-widget-text-editor\" data-id=\"iwgk-migt\" data-element_type=\"widget\" data-e-type=\"widget\" data-widget_type=\"text-editor.default\">\n\t\t\t\t\t\t\t\t\t<p>Tots els iWell Guard es munten a la nostra f\u00e0brica a Alemanya. Els components s\u00f3n muntats amb cura pel nostre personal a les nostres instal\u00b7lacions.<\/p>\t\t\t\t\t\t\t\t<\/div>\n\t\t\t\t\t<\/div>\n\t\t\t\t<\/div>\n\t\t<div class=\"elementor-element elementor-element-iwgk-tw e-flex e-con-boxed e-con e-parent\" data-id=\"iwgk-tw\" data-element_type=\"container\" data-e-type=\"container\" id=\"kauf-tragweise\">\n\t\t\t\t\t<div class=\"e-con-inner\">\n\t\t\t\t<div class=\"elementor-element elementor-element-iwgk-twh elementor-widget elementor-widget-heading\" data-id=\"iwgk-twh\" data-element_type=\"widget\" data-e-type=\"widget\" data-widget_type=\"heading.default\">\n\t\t\t\t\t<h2 class=\"elementor-heading-title elementor-size-default\">Manera de portar-lo<\/h2>\t\t\t\t<\/div>\n\t\t\t\t<div class=\"elementor-element elementor-element-iwgk-twt elementor-widget elementor-widget-text-editor\" data-id=\"iwgk-twt\" data-element_type=\"widget\" data-e-type=\"widget\" data-widget_type=\"text-editor.default\">\n\t\t\t\t\t\t\t\t\t<p>Porti el iWell Guard com a penjoll al coll o a prop del cos en una butxaca de la seva roba. No cal cap <span class=\"iwg-fachbegriff\" data-tooltip=\"Una seq\u00fc\u00e8ncia regulada d'accions simb\u00f2liques amb significat religi\u00f3s o cultural.\" tabindex=\"0\">ritual<\/span>, ni cap c\u00e0rrega ni cap activaci\u00f3.<\/p>\t\t\t\t\t\t\t\t<\/div>\n\t\t\t\t\t<\/div>\n\t\t\t\t<\/div>\n\t\t<div class=\"elementor-element elementor-element-iwgk-rg e-flex e-con-boxed e-con e-parent\" data-id=\"iwgk-rg\" data-element_type=\"container\" data-e-type=\"container\" id=\"kauf-rueckgabe\">\n\t\t\t\t\t<div class=\"e-con-inner\">\n\t\t\t\t<div class=\"elementor-element elementor-element-iwgk-rgh elementor-widget elementor-widget-heading\" data-id=\"iwgk-rgh\" data-element_type=\"widget\" data-e-type=\"widget\" data-widget_type=\"heading.default\">\n\t\t\t\t\t<h2 class=\"elementor-heading-title elementor-size-default\">30 dies de dret de devoluci\u00f3<\/h2>\t\t\t\t<\/div>\n\t\t\t\t<div class=\"elementor-element elementor-element-iwgk-rgt elementor-widget elementor-widget-text-editor\" data-id=\"iwgk-rgt\" data-element_type=\"widget\" data-e-type=\"widget\" data-widget_type=\"text-editor.default\">\n\t\t\t\t\t\t\t\t\t<p>Per als productes que impliquen l&#8217;\u00e0mbit de la consci\u00e8ncia, la majoria de persones nom\u00e9s tenen una manera sensata de jutjar-los: provar-los.<\/p><p>Per minimitzar el risc per a vost\u00e8, oferim als compradors del nostre penjoll un <strong>dret de devoluci\u00f3 de 30 dies<\/strong>.<\/p><ul><li>Els compradors poden retornar el producte en un termini de <strong>30 dies sense necessitat de justificaci\u00f3<\/strong>, sempre que el penjoll estigui en perfecte estat.<\/li><li>L&#8217;import ja pagat es reemborsar\u00e0 <strong>sense deduccions i sense demora<\/strong> despr\u00e9s de la comprovaci\u00f3 corresponent.<\/li><\/ul>\t\t\t\t\t\t\t\t<\/div>\n\t\t\t\t\t<\/div>\n\t\t\t\t<\/div>\n\t\t<div class=\"elementor-element elementor-element-iwgk-intl e-flex e-con-boxed e-con e-parent\" data-id=\"iwgk-intl\" data-element_type=\"container\" data-e-type=\"container\" id=\"kauf-international\">\n\t\t\t\t\t<div class=\"e-con-inner\">\n\t\t\t\t<div class=\"elementor-element elementor-element-iwgk-intlh elementor-widget elementor-widget-heading\" data-id=\"iwgk-intlh\" data-element_type=\"widget\" data-e-type=\"widget\" data-widget_type=\"heading.default\">\n\t\t\t\t\t<h2 class=\"elementor-heading-title elementor-size-default\">Enviament fora d'Alemanya, \u00c0ustria i Su\u00efssa<\/h2>\t\t\t\t<\/div>\n\t\t\t\t<div class=\"elementor-element elementor-element-iwgk-intlt elementor-widget elementor-widget-text-editor\" data-id=\"iwgk-intlt\" data-element_type=\"widget\" data-e-type=\"widget\" data-widget_type=\"text-editor.default\">\n\t\t\t\t\t\t\t\t\t<p>L&#8217;enviament directe est\u00e0 limitat actualment a Alemanya, \u00c0ustria i Su\u00efssa. Estem preparant l&#8217;enviament internacional. Si hi est\u00e0 interessat, pot contactar-nos mitjan\u00e7ant el <a href=\"https:\/\/iwell-guard.com\/ca\/?page_id=171482\">formulari de contacte<\/a>.<\/p>\t\t\t\t\t\t\t\t<\/div>\n\t\t\t\t\t<\/div>\n\t\t\t\t<\/div>\n\t\t<div class=\"elementor-element elementor-element-iwgk-trd e-flex e-con-boxed e-con e-parent\" data-id=\"iwgk-trd\" data-element_type=\"container\" data-e-type=\"container\" id=\"kauf-tradition\">\n\t\t\t\t\t<div class=\"e-con-inner\">\n\t\t\t\t<div class=\"elementor-element elementor-element-iwgk-trdh elementor-widget elementor-widget-heading\" data-id=\"iwgk-trdh\" data-element_type=\"widget\" data-e-type=\"widget\" data-widget_type=\"heading.default\">\n\t\t\t\t\t<h2 class=\"elementor-heading-title elementor-size-default\">Ubicaci\u00f3 en el context de les tradicions de protecci\u00f3<\/h2>\t\t\t\t<\/div>\n\t\t\t\t<div class=\"elementor-element elementor-element-iwgk-trdt elementor-widget elementor-widget-text-editor\" data-id=\"iwgk-trdt\" data-element_type=\"widget\" data-e-type=\"widget\" data-widget_type=\"text-editor.default\">\n\t\t\t\t\t\t\t\t\t<p>Els objectes protectors portats sobre el cos estan documentats en pr\u00e0cticament totes les cultures: objectes que s&#8217;havien de portar per allunyar influ\u00e8ncies perjudicials. Les dones embarassades de Mesopot\u00e0mia, per exemple, portaven el penjoll de bronze de Pazuzu com a contramesura contra Lamashtu.<\/p><p>A la Mediterr\u00e0nia, la <a href=\"https:\/\/iwell-guard.com\/ca\/?page_id=171650\">m\u00e0 de Hamsa<\/a> i el <a href=\"https:\/\/iwell-guard.com\/ca\/?page_id=171654\">mal d&#8217;ull<\/a> encara acompanyen la vida quotidiana avui dia. En el judaisme, la <a href=\"https:\/\/iwell-guard.com\/ca\/?page_id=171652\">Mezuzah<\/a> protegeix l&#8217;entrada de la llar. La pr\u00e0ctica cristiana coneix les medalles de Sant Crist\u00f2fol, els escapularis i els penjolls de creu bene\u00efts.<\/p><p>El iWell Guard s&#8217;inscriu en aquesta l\u00ednia hist\u00f2rica i cultural d&#8217;objectes protectors port\u00e0tils, amb una arquitectura de materials contempor\u00e0nia i fabricaci\u00f3 alemanya.<\/p><p><strong>Aprofundiment al l\u00e8xic:<\/strong><\/p><ul><li><a href=\"https:\/\/iwell-guard.com\/ca\/?page_id=171653\">Panorama de tots els s\u00edmbols de protecci\u00f3<\/a><\/li><li><a href=\"https:\/\/iwell-guard.com\/ca\/?page_id=171433\">Sobre el iWell Guard, estructura, manera de portar-lo, funci\u00f3<\/a><\/li><li><a href=\"https:\/\/iwell-guard.com\/ca\/?page_id=171624\">La tecnologia iWell<\/a><\/li><li><a href=\"https:\/\/iwell-guard.com\/ca\/?page_id=171432\">Metodologia de la comprovaci\u00f3 de l&#8217;iWell Guard<\/a><\/li><li><a href=\"https:\/\/iwell-guard.com\/ca\/?page_id=171434\">Experi\u00e8ncies d&#8217;altres usuaris<\/a><\/li><li><a href=\"https:\/\/iwell-guard.com\/ca\/?page_id=171484\">Preguntes freq\u00fcents<\/a><\/li><\/ul>\t\t\t\t\t\t\t\t<\/div>\n\t\t\t\t\t<\/div>\n\t\t\t\t<\/div>\n\t\t<div class=\"elementor-element elementor-element-iwgk-cta2s e-flex e-con-boxed e-con e-parent\" data-id=\"iwgk-cta2s\" data-element_type=\"container\" data-e-type=\"container\" id=\"kauf-cta2\" data-settings=\"{&quot;background_background&quot;:&quot;classic&quot;}\">\n\t\t\t\t\t<div class=\"e-con-inner\">\n\t\t<div class=\"elementor-element elementor-element-iwgk-cta2inner e-flex e-con-boxed e-con e-child\" data-id=\"iwgk-cta2inner\" data-element_type=\"container\" data-e-type=\"container\">\n\t\t\t\t\t<div class=\"e-con-inner\">\n\t\t\t\t<div class=\"elementor-element elementor-element-iwgk-cta2lead iwg-cta-lead elementor-widget elementor-widget-text-editor\" data-id=\"iwgk-cta2lead\" data-element_type=\"widget\" data-e-type=\"widget\" data-widget_type=\"text-editor.default\">\n\t\t\t\t\t\t\t\t\t<p style=\"text-align:center;font-size:17px;line-height:1.5\"><strong>Preparat per fer la comanda?<\/strong> Directament a la botiga. 30 dies de dret de devoluci\u00f3.<\/p>\t\t\t\t\t\t\t\t<\/div>\n\t\t\t\t<div class=\"elementor-element elementor-element-iwgk-cta2btn iwg-shop-cta-kauf iwg-shop-cta elementor-widget elementor-widget-jet-button\" data-id=\"iwgk-cta2btn\" data-element_type=\"widget\" data-e-type=\"widget\" data-widget_type=\"jet-button.default\">\n\t\t\t\t<div class=\"elementor-widget-container\">\n\t\t\t\t\t<div class=\"elementor-jet-button jet-elements\"><div class=\"jet-button__container\"><a class=\"jet-button__instance jet-button__instance--icon-left hover-effect-1\" href=\"https:\/\/ittermann.de\/produkt-kategorie\/iwell-alle-produkte\/?utm_source=iwell-guard.com&amp;utm_medium=kauf-page&amp;utm_campaign=schutzanhaenger-iwell-guard-kaufen\"><div class=\"jet-button__plane jet-button__plane-normal\"><\/div><div class=\"jet-button__plane jet-button__plane-hover\"><\/div><div class=\"jet-button__state jet-button__state-normal\"><span class=\"jet-button__label\">A la botiga \u2014 iwell-guard a la botiga d'ittermann.de<\/span><\/div><div class=\"jet-button__state jet-button__state-hover\"><span class=\"jet-button__label\">A la botiga \u2014 iwell-guard a la botiga d'ittermann.de<\/span><\/div><\/a><\/div><\/div><style>.elementor-element.elementor-element-iwgk-cta2btn .jet-button__instance{width:480px;height:72px;}.elementor-element.elementor-element-iwgk-cta2btn .jet-button__state-normal .jet-button__label{text-align:center;margin:0px 0px 0px 0px;color:#1a1b20;font-family:Montserrat,sans-serif;font-size:14px;font-weight:400;letter-spacing:5px;line-height:1.714em;text-transform:uppercase;}.elementor-element.elementor-element-iwgk-cta2btn .jet-button__state-hover .jet-button__label{text-align:center;margin:0px 0px 0px 0px;color:#FECC76;font-family:Montserrat,sans-serif;font-size:14px;font-weight:400;letter-spacing:5px;line-height:1.714em;text-transform:uppercase;}.elementor-element.elementor-element-iwgk-cta2btn .jet-button__plane-normal{background-color:#FECC76;border-style:solid;border-color:#C99540;border-width:2px 2px 2px 2px;}.elementor-element.elementor-element-iwgk-cta2btn .jet-button__plane-hover{background-color:rgba(0,0,0,0.55);border-style:solid;border-color:#FECC76;border-width:2px 2px 2px 2px;}<\/style>\t\t\t\t<\/div>\n\t\t\t\t<\/div>\n\t\t\t\t\t<\/div>\n\t\t\t\t<\/div>\n\t\t\t\t\t<\/div>\n\t\t\t\t<\/div>\n\t\t<div class=\"elementor-element elementor-element-iwgk-disc e-flex e-con-boxed e-con e-parent\" data-id=\"iwgk-disc\" data-element_type=\"container\" data-e-type=\"container\" id=\"kauf-disclaimer\">\n\t\t\t\t\t<div class=\"e-con-inner\">\n\t\t<div class=\"elementor-element elementor-element-iwgk-discinner e-flex e-con-boxed e-con e-child\" data-id=\"iwgk-discinner\" data-element_type=\"container\" data-e-type=\"container\">\n\t\t\t\t\t<div class=\"e-con-inner\">\n\t\t\t\t<div class=\"elementor-element elementor-element-iwgk-disch iwg-disclaimer elementor-widget elementor-widget-html\" data-id=\"iwgk-disch\" data-element_type=\"widget\" data-e-type=\"widget\" data-widget_type=\"html.default\">\n\t\t\t\t\t<footer data-nosnippet=\"true\" class=\"iwg-disclaimer-block\"><p data-nosnippet=\"true\">iWell Guard <strong>no \u00e9s un producte m\u00e8dic<\/strong> i no substitueix cap tractament m\u00e8dic o psicoterap\u00e8utic. <strong>No promet cap curaci\u00f3.<\/strong> Les percepcions personals poden variar. Termes de l'estudi de les religions com \u00abdimoni\u00bb, \u00abmaledicci\u00f3\u00bb o \u00abm\u00e0gia negra\u00bb s'utilitzen en aquest lloc web com a termes culturals i hist\u00f2rics.<\/p><\/footer>\t\t\t\t<\/div>\n\t\t\t\t\t<\/div>\n\t\t\t\t<\/div>\n\t\t\t\t\t<\/div>\n\t\t\t\t<\/div>\n\t\t\t\t<\/div>\n\t\t","protected":false},"excerpt":{"rendered":"","protected":false},"author":3,"featured_media":492,"parent":0,"menu_order":0,"comment_status":"closed","ping_status":"closed","template":"","meta":{"_yoast_wpseo_focuskw":"Comprar el penjoll protector iWell Guard","_yoast_wpseo_title":"Comprar el penjoll protector iWell Guard \u2013 Comanda i enviament","_yoast_wpseo_metadesc":"Encarregui el penjoll protector iWell Guard directament a la botiga. 41 nivells, or fi, plat\u00ed, plata, fabricat a Alemanya, 30 dies de dret de devoluci\u00f3. Enviament DE, AT, CH.","_yoast_wpseo_meta-robots-noindex":"","_yoast_wpseo_canonical":"","_angie_page":false,"gefaehrdungsstufe":"","wesen_kultur":"","wesen_klasse":"","footnotes":""},"categories":[],"class_list":["post-171656","page","type-page","status-publish","has-post-thumbnail","hentry"],"yoast_head":"<!-- This site is optimized with the Yoast SEO Premium plugin v27.7 (Yoast SEO v28.3) - https:\/\/yoast.com\/product\/yoast-seo-premium-wordpress\/ -->\n<title>Comprar el penjoll protector iWell Guard \u2013 Comanda i enviament<\/title>\n<meta name=\"description\" content=\"Encarregui el penjoll protector iWell Guard directament a la botiga. 41 nivells, or fi, plat\u00ed, plata, fabricat a Alemanya, 30 dies de dret de devoluci\u00f3. Enviament DE, AT, CH.\" \/>\n<meta name=\"robots\" content=\"index, follow, max-snippet:-1, max-image-preview:large, max-video-preview:-1\" \/>\n<link rel=\"canonical\" href=\"https:\/\/iwell-guard.com\/ca\/penjoll-protector-iwell-guard-comprar\/\" \/>\n<meta property=\"og:locale\" content=\"ca_ES\" \/>\n<meta property=\"og:type\" content=\"article\" \/>\n<meta property=\"og:title\" content=\"Comprar el penjoll protector iWell Guard\" \/>\n<meta property=\"og:description\" content=\"Encarregui el penjoll protector iWell Guard directament a la botiga. 41 nivells, or fi, plat\u00ed, plata, fabricat a Alemanya, 30 dies de dret de devoluci\u00f3. Enviament DE, AT, CH.\" \/>\n<meta property=\"og:url\" content=\"https:\/\/iwell-guard.com\/ca\/penjoll-protector-iwell-guard-comprar\/\" \/>\n<meta property=\"og:site_name\" content=\"iWell Guard\" \/>\n<meta property=\"article:modified_time\" content=\"2026-09-05T16:03:38+00:00\" \/>\n<meta property=\"og:image\" content=\"https:\/\/iwell-guard.com\/wp-content\/uploads\/2026\/04\/iWell-Guard-Vorderseite-Glow.png\" \/>\n\t<meta property=\"og:image:width\" content=\"361\" \/>\n\t<meta property=\"og:image:height\" content=\"440\" \/>\n\t<meta property=\"og:image:type\" content=\"image\/png\" \/>\n<meta name=\"twitter:card\" content=\"summary_large_image\" \/>\n<script type=\"application\/ld+json\" class=\"yoast-schema-graph\">{\"@context\":\"https:\\\/\\\/schema.org\",\"@graph\":[{\"@type\":\"WebPage\",\"@id\":\"https:\\\/\\\/iwell-guard.com\\\/ca\\\/penjoll-protector-iwell-guard-comprar\\\/\",\"url\":\"https:\\\/\\\/iwell-guard.com\\\/ca\\\/penjoll-protector-iwell-guard-comprar\\\/\",\"name\":\"Comprar el penjoll protector iWell Guard \u2013 Comanda i enviament\",\"isPartOf\":{\"@id\":\"https:\\\/\\\/iwell-guard.com\\\/ca\\\/#website\"},\"primaryImageOfPage\":{\"@id\":\"https:\\\/\\\/iwell-guard.com\\\/ca\\\/penjoll-protector-iwell-guard-comprar\\\/#primaryimage\"},\"image\":{\"@id\":\"https:\\\/\\\/iwell-guard.com\\\/ca\\\/penjoll-protector-iwell-guard-comprar\\\/#primaryimage\"},\"thumbnailUrl\":\"https:\\\/\\\/iwell-guard.com\\\/wp-content\\\/uploads\\\/2026\\\/04\\\/iWell-Guard-Vorderseite-Glow.png\",\"datePublished\":\"2026-09-05T15:41:13+00:00\",\"dateModified\":\"2026-09-05T16:03:38+00:00\",\"description\":\"Encarregui el penjoll protector iWell Guard directament a la botiga. 41 nivells, or fi, plat\u00ed, plata, fabricat a Alemanya, 30 dies de dret de devoluci\u00f3. Enviament DE, AT, CH.\",\"breadcrumb\":{\"@id\":\"https:\\\/\\\/iwell-guard.com\\\/ca\\\/penjoll-protector-iwell-guard-comprar\\\/#breadcrumb\"},\"inLanguage\":\"ca\",\"potentialAction\":[{\"@type\":\"ReadAction\",\"target\":[\"https:\\\/\\\/iwell-guard.com\\\/ca\\\/penjoll-protector-iwell-guard-comprar\\\/\"]}]},{\"@type\":\"ImageObject\",\"inLanguage\":\"ca\",\"@id\":\"https:\\\/\\\/iwell-guard.com\\\/ca\\\/penjoll-protector-iwell-guard-comprar\\\/#primaryimage\",\"url\":\"https:\\\/\\\/iwell-guard.com\\\/wp-content\\\/uploads\\\/2026\\\/04\\\/iWell-Guard-Vorderseite-Glow.png\",\"contentUrl\":\"https:\\\/\\\/iwell-guard.com\\\/wp-content\\\/uploads\\\/2026\\\/04\\\/iWell-Guard-Vorderseite-Glow.png\",\"width\":361,\"height\":440,\"caption\":\"iWell Guard vista frontal amb resplendor\"},{\"@type\":\"BreadcrumbList\",\"@id\":\"https:\\\/\\\/iwell-guard.com\\\/ca\\\/penjoll-protector-iwell-guard-comprar\\\/#breadcrumb\",\"itemListElement\":[{\"@type\":\"ListItem\",\"position\":1,\"name\":\"Start\",\"item\":\"https:\\\/\\\/iwell-guard.com\\\/ca\\\/?page_id=171333\"},{\"@type\":\"ListItem\",\"position\":2,\"name\":\"Comprar el penjoll protector iWell Guard\"}]},{\"@type\":\"WebSite\",\"@id\":\"https:\\\/\\\/iwell-guard.com\\\/ca\\\/#website\",\"url\":\"https:\\\/\\\/iwell-guard.com\\\/ca\\\/\",\"name\":\"iWell Guard\",\"description\":\"Schutz vor dunklen Einfl\u00fcssen\",\"publisher\":{\"@id\":\"https:\\\/\\\/iwell-guard.com\\\/ca\\\/#organization\"},\"potentialAction\":[{\"@type\":\"SearchAction\",\"target\":{\"@type\":\"EntryPoint\",\"urlTemplate\":\"https:\\\/\\\/iwell-guard.com\\\/ca\\\/?s={search_term_string}\"},\"query-input\":{\"@type\":\"PropertyValueSpecification\",\"valueRequired\":true,\"valueName\":\"search_term_string\"}}],\"inLanguage\":\"ca\"},{\"@type\":\"Organization\",\"@id\":\"https:\\\/\\\/iwell-guard.com\\\/ca\\\/#organization\",\"name\":\"Ittermann electronic GmbH\",\"url\":\"https:\\\/\\\/iwell-guard.com\\\/ca\\\/\",\"logo\":{\"@type\":\"ImageObject\",\"inLanguage\":\"ca\",\"@id\":\"https:\\\/\\\/iwell-guard.com\\\/ca\\\/#\\\/schema\\\/logo\\\/image\\\/\",\"url\":\"https:\\\/\\\/iwell-guard.com\\\/wp-content\\\/uploads\\\/2026\\\/05\\\/Ittermann-Logo-1182x237-1.png\",\"contentUrl\":\"https:\\\/\\\/iwell-guard.com\\\/wp-content\\\/uploads\\\/2026\\\/05\\\/Ittermann-Logo-1182x237-1.png\",\"width\":1182,\"height\":237,\"caption\":\"Ittermann electronic GmbH\"},\"image\":{\"@id\":\"https:\\\/\\\/iwell-guard.com\\\/ca\\\/#\\\/schema\\\/logo\\\/image\\\/\"},\"sameAs\":[\"https:\\\/\\\/pantip.com\\\/profile\\\/9367242\",\"https:\\\/\\\/micro.blog\\\/iwellguard\",\"https:\\\/\\\/www.diggerslist.com\\\/iwellguard\\\/about\",\"https:\\\/\\\/skitterphoto.com\\\/photographers\\\/2870314\\\/iwell-guard\",\"https:\\\/\\\/iwellguard.wordpress.com\\\/2026\\\/06\\\/06\\\/iwell-guard\\\/\",\"https:\\\/\\\/hub.docker.com\\\/u\\\/iwellguard\",\"https:\\\/\\\/www.pinterest.com\\\/iwellguard\\\/\",\"https:\\\/\\\/bit.ly\\\/m\\\/iwellguard\",\"https:\\\/\\\/entre-vos-mains.alsace.eu\\\/profiles\\\/iwellguard\\\/activity\",\"https:\\\/\\\/gravatar.com\\\/reallybeded8fd34\",\"https:\\\/\\\/naijamatta.com\\\/iwellguard\",\"https:\\\/\\\/www.goodreads.com\\\/iwellguard\",\"https:\\\/\\\/profile.hatena.ne.jp\\\/iwellguard\\\/\",\"https:\\\/\\\/experiment.com\\\/users\\\/iwellguard\",\"https:\\\/\\\/wakelet.com\\\/@iWellGuard82270\",\"https:\\\/\\\/www.chordie.com\\\/forum\\\/profile.php?id=2555664\",\"https:\\\/\\\/www.instapaper.com\\\/p\\\/17757966\",\"https:\\\/\\\/www.mapleprimes.com\\\/users\\\/iwellguard\",\"https:\\\/\\\/businesslistingplus.com\\\/profile\\\/iwell-guard\\\/\",\"https:\\\/\\\/telegra.ph\\\/iWell-Guard-06-06\",\"https:\\\/\\\/pbase.com\\\/iwellguard\\\/iwellguard\",\"https:\\\/\\\/b.hatena.ne.jp\\\/iwellguard\\\/20260607#bookmark-4788405196491818882\",\"https:\\\/\\\/fliphtml5.com\\\/home\\\/iwellguard\",\"https:\\\/\\\/anyflip.com\\\/homepage\\\/cmiwl#About\",\"https:\\\/\\\/transfur.com\\\/Users\\\/iwellguard\",\"http:\\\/\\\/delphi.larsbo.org\\\/user\\\/iwellguard\",\"https:\\\/\\\/jobs.lajobsportal.org\\\/profiles\\\/8380803-iwell-guard\",\"https:\\\/\\\/md.chaosdorf.de\\\/s\\\/jfbe5SBdJD\",\"https:\\\/\\\/www.lingvolive.com\\\/en-us\\\/profile\\\/9ecaeaca-ce11-4e51-9e71-01d55e2bff36\\\/translations\",\"https:\\\/\\\/www.fitday.com\\\/fitness\\\/forums\\\/members\\\/iwellguard.html\",\"https:\\\/\\\/www.mymeetbook.com\\\/iwellguard\",\"https:\\\/\\\/pxhere.com\\\/en\\\/photographer-me\\\/5040798\",\"https:\\\/\\\/disqus.com\\\/by\\\/iwellguard\\\/about\\\/\",\"https:\\\/\\\/pastelink.net\\\/hjwciqwq\",\"https:\\\/\\\/pubhtml5.com\\\/homepage\\\/scjhn\\\/\",\"https:\\\/\\\/www.bitchute.com\\\/channel\\\/2O2eOKzNqujT\",\"https:\\\/\\\/audiomack.com\\\/iwellguard\"]}]}<\/script>\n<!-- \/ Yoast SEO Premium plugin. -->","yoast_head_json":{"title":"Comprar el penjoll protector iWell Guard \u2013 Comanda i enviament","description":"Encarregui el penjoll protector iWell Guard directament a la botiga. 41 nivells, or fi, plat\u00ed, plata, fabricat a Alemanya, 30 dies de dret de devoluci\u00f3. Enviament DE, AT, CH.","robots":{"index":"index","follow":"follow","max-snippet":"max-snippet:-1","max-image-preview":"max-image-preview:large","max-video-preview":"max-video-preview:-1"},"canonical":"https:\/\/iwell-guard.com\/ca\/penjoll-protector-iwell-guard-comprar\/","og_locale":"ca_ES","og_type":"article","og_title":"Comprar el penjoll protector iWell Guard","og_description":"Encarregui el penjoll protector iWell Guard directament a la botiga. 41 nivells, or fi, plat\u00ed, plata, fabricat a Alemanya, 30 dies de dret de devoluci\u00f3. Enviament DE, AT, CH.","og_url":"https:\/\/iwell-guard.com\/ca\/penjoll-protector-iwell-guard-comprar\/","og_site_name":"iWell Guard","article_modified_time":"2026-09-05T16:03:38+00:00","og_image":[{"width":361,"height":440,"url":"https:\/\/iwell-guard.com\/wp-content\/uploads\/2026\/04\/iWell-Guard-Vorderseite-Glow.png","type":"image\/png"}],"twitter_card":"summary_large_image","schema":{"@context":"https:\/\/schema.org","@graph":[{"@type":"WebPage","@id":"https:\/\/iwell-guard.com\/ca\/penjoll-protector-iwell-guard-comprar\/","url":"https:\/\/iwell-guard.com\/ca\/penjoll-protector-iwell-guard-comprar\/","name":"Comprar el penjoll protector iWell Guard \u2013 Comanda i enviament","isPartOf":{"@id":"https:\/\/iwell-guard.com\/ca\/#website"},"primaryImageOfPage":{"@id":"https:\/\/iwell-guard.com\/ca\/penjoll-protector-iwell-guard-comprar\/#primaryimage"},"image":{"@id":"https:\/\/iwell-guard.com\/ca\/penjoll-protector-iwell-guard-comprar\/#primaryimage"},"thumbnailUrl":"https:\/\/iwell-guard.com\/wp-content\/uploads\/2026\/04\/iWell-Guard-Vorderseite-Glow.png","datePublished":"2026-09-05T15:41:13+00:00","dateModified":"2026-09-05T16:03:38+00:00","description":"Encarregui el penjoll protector iWell Guard directament a la botiga. 41 nivells, or fi, plat\u00ed, plata, fabricat a Alemanya, 30 dies de dret de devoluci\u00f3. Enviament DE, AT, CH.","breadcrumb":{"@id":"https:\/\/iwell-guard.com\/ca\/penjoll-protector-iwell-guard-comprar\/#breadcrumb"},"inLanguage":"ca","potentialAction":[{"@type":"ReadAction","target":["https:\/\/iwell-guard.com\/ca\/penjoll-protector-iwell-guard-comprar\/"]}]},{"@type":"ImageObject","inLanguage":"ca","@id":"https:\/\/iwell-guard.com\/ca\/penjoll-protector-iwell-guard-comprar\/#primaryimage","url":"https:\/\/iwell-guard.com\/wp-content\/uploads\/2026\/04\/iWell-Guard-Vorderseite-Glow.png","contentUrl":"https:\/\/iwell-guard.com\/wp-content\/uploads\/2026\/04\/iWell-Guard-Vorderseite-Glow.png","width":361,"height":440,"caption":"iWell Guard vista frontal amb resplendor"},{"@type":"BreadcrumbList","@id":"https:\/\/iwell-guard.com\/ca\/penjoll-protector-iwell-guard-comprar\/#breadcrumb","itemListElement":[{"@type":"ListItem","position":1,"name":"Start","item":"https:\/\/iwell-guard.com\/ca\/?page_id=171333"},{"@type":"ListItem","position":2,"name":"Comprar el penjoll protector iWell Guard"}]},{"@type":"WebSite","@id":"https:\/\/iwell-guard.com\/ca\/#website","url":"https:\/\/iwell-guard.com\/ca\/","name":"iWell Guard","description":"Schutz vor dunklen Einfl\u00fcssen","publisher":{"@id":"https:\/\/iwell-guard.com\/ca\/#organization"},"potentialAction":[{"@type":"SearchAction","target":{"@type":"EntryPoint","urlTemplate":"https:\/\/iwell-guard.com\/ca\/?s={search_term_string}"},"query-input":{"@type":"PropertyValueSpecification","valueRequired":true,"valueName":"search_term_string"}}],"inLanguage":"ca"},{"@type":"Organization","@id":"https:\/\/iwell-guard.com\/ca\/#organization","name":"Ittermann electronic GmbH","url":"https:\/\/iwell-guard.com\/ca\/","logo":{"@type":"ImageObject","inLanguage":"ca","@id":"https:\/\/iwell-guard.com\/ca\/#\/schema\/logo\/image\/","url":"https:\/\/iwell-guard.com\/wp-content\/uploads\/2026\/05\/Ittermann-Logo-1182x237-1.png","contentUrl":"https:\/\/iwell-guard.com\/wp-content\/uploads\/2026\/05\/Ittermann-Logo-1182x237-1.png","width":1182,"height":237,"caption":"Ittermann electronic GmbH"},"image":{"@id":"https:\/\/iwell-guard.com\/ca\/#\/schema\/logo\/image\/"},"sameAs":["https:\/\/pantip.com\/profile\/9367242","https:\/\/micro.blog\/iwellguard","https:\/\/www.diggerslist.com\/iwellguard\/about","https:\/\/skitterphoto.com\/photographers\/2870314\/iwell-guard","https:\/\/iwellguard.wordpress.com\/2026\/06\/06\/iwell-guard\/","https:\/\/hub.docker.com\/u\/iwellguard","https:\/\/www.pinterest.com\/iwellguard\/","https:\/\/bit.ly\/m\/iwellguard","https:\/\/entre-vos-mains.alsace.eu\/profiles\/iwellguard\/activity","https:\/\/gravatar.com\/reallybeded8fd34","https:\/\/naijamatta.com\/iwellguard","https:\/\/www.goodreads.com\/iwellguard","https:\/\/profile.hatena.ne.jp\/iwellguard\/","https:\/\/experiment.com\/users\/iwellguard","https:\/\/wakelet.com\/@iWellGuard82270","https:\/\/www.chordie.com\/forum\/profile.php?id=2555664","https:\/\/www.instapaper.com\/p\/17757966","https:\/\/www.mapleprimes.com\/users\/iwellguard","https:\/\/businesslistingplus.com\/profile\/iwell-guard\/","https:\/\/telegra.ph\/iWell-Guard-06-06","https:\/\/pbase.com\/iwellguard\/iwellguard","https:\/\/b.hatena.ne.jp\/iwellguard\/20260607#bookmark-4788405196491818882","https:\/\/fliphtml5.com\/home\/iwellguard","https:\/\/anyflip.com\/homepage\/cmiwl#About","https:\/\/transfur.com\/Users\/iwellguard","http:\/\/delphi.larsbo.org\/user\/iwellguard","https:\/\/jobs.lajobsportal.org\/profiles\/8380803-iwell-guard","https:\/\/md.chaosdorf.de\/s\/jfbe5SBdJD","https:\/\/www.lingvolive.com\/en-us\/profile\/9ecaeaca-ce11-4e51-9e71-01d55e2bff36\/translations","https:\/\/www.fitday.com\/fitness\/forums\/members\/iwellguard.html","https:\/\/www.mymeetbook.com\/iwellguard","https:\/\/pxhere.com\/en\/photographer-me\/5040798","https:\/\/disqus.com\/by\/iwellguard\/about\/","https:\/\/pastelink.net\/hjwciqwq","https:\/\/pubhtml5.com\/homepage\/scjhn\/","https:\/\/www.bitchute.com\/channel\/2O2eOKzNqujT","https:\/\/audiomack.com\/iwellguard"]}]}},"_links":{"self":[{"href":"https:\/\/iwell-guard.com\/ca\/wp-json\/wp\/v2\/pages\/171656","targetHints":{"allow":["GET"]}}],"collection":[{"href":"https:\/\/iwell-guard.com\/ca\/wp-json\/wp\/v2\/pages"}],"about":[{"href":"https:\/\/iwell-guard.com\/ca\/wp-json\/wp\/v2\/types\/page"}],"author":[{"embeddable":true,"href":"https:\/\/iwell-guard.com\/ca\/wp-json\/wp\/v2\/users\/3"}],"replies":[{"embeddable":true,"href":"https:\/\/iwell-guard.com\/ca\/wp-json\/wp\/v2\/comments?post=171656"}],"version-history":[{"count":0,"href":"https:\/\/iwell-guard.com\/ca\/wp-json\/wp\/v2\/pages\/171656\/revisions"}],"wp:featuredmedia":[{"embeddable":true,"href":"https:\/\/iwell-guard.com\/ca\/wp-json\/wp\/v2\/media\/492"}],"wp:attachment":[{"href":"https:\/\/iwell-guard.com\/ca\/wp-json\/wp\/v2\/media?parent=171656"}],"wp:term":[{"taxonomy":"category","embeddable":true,"href":"https:\/\/iwell-guard.com\/ca\/wp-json\/wp\/v2\/categories?post=171656"}],"curies":[{"name":"wp","href":"https:\/\/api.w.org\/{rel}","templated":true}]}}