{"id":171653,"date":"2026-09-05T15:41:11","date_gmt":"2026-09-05T15:41:11","guid":{"rendered":"https:\/\/iwell-guard.com\/?page_id=171653"},"modified":"2026-09-05T16:03:35","modified_gmt":"2026-09-05T16:03:35","slug":"simbols-de-proteccio","status":"publish","type":"page","link":"https:\/\/iwell-guard.com\/ca\/simbols-de-proteccio\/","title":{"rendered":"S\u00edmbols de protecci\u00f3"},"content":{"rendered":"\t\t<div data-elementor-type=\"wp-page\" data-elementor-id=\"171653\" class=\"elementor elementor-171653 elementor-2473 elementor-bc-flex-widget\" data-elementor-post-type=\"page\">\n\t\t\t\t<div class=\"elementor-element elementor-element-sshero e-flex e-con-boxed e-con e-parent\" data-id=\"sshero\" data-element_type=\"container\" data-e-type=\"container\">\n\t\t\t\t\t<div class=\"e-con-inner\">\n\t\t<div class=\"elementor-element elementor-element-ssherolft e-flex e-con-boxed e-con e-parent\" data-id=\"ssherolft\" data-element_type=\"container\" data-e-type=\"container\">\n\t\t\t\t\t<div class=\"e-con-inner\">\n\t\t<div class=\"elementor-element elementor-element-sshh1c e-con-full e-flex e-con e-parent\" data-id=\"sshh1c\" data-element_type=\"container\" data-e-type=\"container\">\n\t\t\t\t<div class=\"elementor-element elementor-element-sshh1 elementor-widget elementor-widget-heading\" data-id=\"sshh1\" data-element_type=\"widget\" data-e-type=\"widget\" data-widget_type=\"heading.default\">\n\t\t\t\t\t<h1 class=\"elementor-heading-title elementor-size-default\">S\u00edmbols de protecci\u00f3, Hamsa, Mezuz\u00e0 i Nazar<\/h1>\t\t\t\t<\/div>\n\t\t\t\t<div class=\"elementor-element elementor-element-sshlead elementor-widget elementor-widget-text-editor\" data-id=\"sshlead\" data-element_type=\"widget\" data-e-type=\"widget\" data-widget_type=\"text-editor.default\">\n\t\t\t\t\t\t\t\t\t<p>Des de fa mil\u00b7lennis, les persones porten s\u00edmbols de protecci\u00f3, des de la Hamsa fins a la Mezuz\u00e0 i el Nazar. M\u00e0, ull, rotlle, mirall, vidre: cada cultura ha trobat respostes pr\u00f2pies a la pregunta de com protegir-se del mal, la malaltia i l&#8217;enveja. Aquest l\u00e8xic classifica els objectes de protecci\u00f3 m\u00e9s importants des de la perspectiva de l&#8217;estudi de les religions.<\/p>\t\t\t\t\t\t\t\t<\/div>\n\t\t\t\t<\/div>\n\t\t<div class=\"elementor-element elementor-element-sshpc e-con-full e-flex e-con e-parent\" data-id=\"sshpc\" data-element_type=\"container\" data-e-type=\"container\">\n\t\t\t\t<div class=\"elementor-element elementor-element-sshp elementor-widget elementor-widget-html\" data-id=\"sshp\" data-element_type=\"widget\" data-e-type=\"widget\" data-widget_type=\"html.default\">\n\t\t\t\t\t<div class=\"iwg-pill-row\"><span class=\"iwg-klasse-badge\" tabindex=\"0\" data-tooltip=\"Visi\u00f3 general de la classe: p\u00e0gina recopilat\u00f2ria que enlla\u00e7a s\u00edmbols de protecci\u00f3 de diverses cultures i compara les seves funcions comunes.\">Visi\u00f3 general de la classe<\/span><\/div>\t\t\t\t<\/div>\n\t\t\t\t<\/div>\n\t\t\t\t\t<\/div>\n\t\t\t\t<\/div>\n\t\t<div class=\"elementor-element elementor-element-ssherorgt e-flex e-con-boxed e-con e-parent\" data-id=\"ssherorgt\" data-element_type=\"container\" data-e-type=\"container\" data-settings=\"{&quot;background_background&quot;:&quot;classic&quot;}\">\n\t\t\t\t\t<div class=\"e-con-inner\">\n\t\t\t\t<div class=\"elementor-element elementor-element-ssheroimg iwg-hero-image elementor-widget elementor-widget-image\" data-id=\"ssheroimg\" data-element_type=\"widget\" data-e-type=\"widget\" data-widget_type=\"image.default\">\n\t\t\t\t\t\t\t\t\t\t\t\t\t\t\t<img fetchpriority=\"high\" decoding=\"async\" width=\"683\" height=\"1024\" src=\"https:\/\/iwell-guard.com\/wp-content\/uploads\/2026\/05\/schutzsymbol_mediterran_hamsa-683x1024.webp\" class=\"attachment-large size-large wp-image-2470\" alt=\"S\u00edmbols de protecci\u00f3\" srcset=\"https:\/\/iwell-guard.com\/wp-content\/uploads\/2026\/05\/schutzsymbol_mediterran_hamsa-683x1024.webp 683w, https:\/\/iwell-guard.com\/wp-content\/uploads\/2026\/05\/schutzsymbol_mediterran_hamsa-200x300.webp 200w, https:\/\/iwell-guard.com\/wp-content\/uploads\/2026\/05\/schutzsymbol_mediterran_hamsa-768x1152.webp 768w, https:\/\/iwell-guard.com\/wp-content\/uploads\/2026\/05\/schutzsymbol_mediterran_hamsa.webp 1024w\" sizes=\"(max-width: 683px) 100vw, 683px\" \/>\t\t\t\t\t\t\t\t\t\t\t\t\t\t\t<\/div>\n\t\t\t\t\t<\/div>\n\t\t\t\t<\/div>\n\t\t\t\t\t<\/div>\n\t\t\t\t<\/div>\n\t\t\t\t<section class=\"elementor-section elementor-top-section elementor-element elementor-element-sec-iwgcomp2-schutzsymbole elementor-section-boxed elementor-section-height-default elementor-section-height-default\" data-id=\"sec-iwgcomp2-schutzsymbole\" data-element_type=\"section\" data-e-type=\"section\">\n\t\t\t\t\t\t<div class=\"elementor-container elementor-column-gap-default\">\n\t\t\t\t\t<div class=\"elementor-column elementor-col-100 elementor-top-column elementor-element elementor-element-col-iwgcomp2-schutzsymbole\" data-id=\"col-iwgcomp2-schutzsymbole\" data-element_type=\"column\" data-e-type=\"column\">\n\t\t\t<div class=\"elementor-widget-wrap elementor-element-populated\">\n\t\t\t\t\t\t<div class=\"elementor-element elementor-element-iwgcomp2-schutzsymbole elementor-widget elementor-widget-text-editor\" data-id=\"iwgcomp2-schutzsymbole\" data-element_type=\"widget\" data-e-type=\"widget\" data-widget_type=\"text-editor.default\">\n\t\t\t\t\t\t\t\t\t<p>Els s\u00edmbols de protecci\u00f3 actuen contra el <strong>mal d&#8217;ull<\/strong> i creences de dany similars.<\/p>\t\t\t\t\t\t\t\t<\/div>\n\t\t\t\t\t<\/div>\n\t\t<\/div>\n\t\t\t\t\t<\/div>\n\t\t<\/section>\n\t\t<div class=\"elementor-element elementor-element-sssec1 e-flex e-con-boxed e-con e-parent\" data-id=\"sssec1\" data-element_type=\"container\" data-e-type=\"container\">\n\t\t\t\t\t<div class=\"e-con-inner\">\n\t\t\t\t<div class=\"elementor-element elementor-element-sssec1h elementor-widget elementor-widget-heading\" data-id=\"sssec1h\" data-element_type=\"widget\" data-e-type=\"widget\" data-widget_type=\"heading.default\">\n\t\t\t\t\t<h2 class=\"elementor-heading-title elementor-size-default\">Qu\u00e8 s\u00f3n els s\u00edmbols de protecci\u00f3<\/h2>\t\t\t\t<\/div>\n\t\t<div class=\"elementor-element elementor-element-sssec1b e-con-full e-flex e-con e-parent\" data-id=\"sssec1b\" data-element_type=\"container\" data-e-type=\"container\">\n\t\t\t\t<div class=\"elementor-element elementor-element-sssec1t elementor-widget elementor-widget-html\" data-id=\"sssec1t\" data-element_type=\"widget\" data-e-type=\"widget\" data-widget_type=\"html.default\">\n\t\t\t\t\t<p>Un s\u00edmbol de protecci\u00f3 \u00e9s un signe material o espiritual que dins d'una tradici\u00f3 es considera efica\u00e7 contra amenaces invisibles. La creen\u00e7a en la seva efic\u00e0cia va des de l'efecte m\u00e0gic directe fins a l'oraci\u00f3 religiosa i l'autoafirmaci\u00f3 psicol\u00f2gica. En totes les cultures, els s\u00edmbols de protecci\u00f3 s'han fet port\u00e0tils, com a penjoll, bra\u00e7alet, arracada, bossa o adhesiu, i de vegades tamb\u00e9 com a objecte fixat a un lloc, com la <a href=\"https:\/\/iwell-guard.com\/ca\/?page_id=171652\">Mezuz\u00e0<\/a> jueva al brancal de la porta.<\/p><p>Des de l'etnologia de la religi\u00f3 es distingeixen tres funcions principals: apotropaica (defensiva), profil\u00e0ctica (preventiva) i propiciat\u00f2ria (conciliadora). La majoria dels s\u00edmbols de protecci\u00f3 funcionen en diversos d'aquests modes alhora, segons la situaci\u00f3 i qui els porta.<\/p>\t\t\t\t<\/div>\n\t\t\t\t<\/div>\n\t\t\t\t\t<\/div>\n\t\t\t\t<\/div>\n\t\t<div class=\"elementor-element elementor-element-ssgrid01 e-flex e-con-boxed e-con e-parent\" data-id=\"ssgrid01\" data-element_type=\"container\" data-e-type=\"container\">\n\t\t\t\t\t<div class=\"e-con-inner\">\n\t\t\t\t<div class=\"elementor-element elementor-element-ssgrid01h elementor-widget elementor-widget-heading\" data-id=\"ssgrid01h\" data-element_type=\"widget\" data-e-type=\"widget\" data-widget_type=\"heading.default\">\n\t\t\t\t\t<h2 class=\"elementor-heading-title elementor-size-default\">Panor\u00e0mica dels s\u00edmbols de protecci\u00f3<\/h2>\t\t\t\t<\/div>\n\t\t<div class=\"elementor-element elementor-element-ssgrid01b e-flex e-con-boxed e-con e-parent\" data-id=\"ssgrid01b\" data-element_type=\"container\" data-e-type=\"container\">\n\t\t\t\t\t<div class=\"e-con-inner\">\n\t\t\t\t<div class=\"elementor-element elementor-element-ssgrid01i elementor-widget elementor-widget-text-editor\" data-id=\"ssgrid01i\" data-element_type=\"widget\" data-e-type=\"widget\" data-widget_type=\"text-editor.default\">\n\t\t\t\t\t\t\t\t\t<p>La panor\u00e0mica seg\u00fcent condueix a les p\u00e0gines detallades de cada s\u00edmbol de protecci\u00f3, des de la classificaci\u00f3 b\u00e0sica dels conceptes fins als objectes de protecci\u00f3 de cada cultura.<\/p>\t\t\t\t\t\t\t\t<\/div>\n\t\t\t\t<div class=\"elementor-element elementor-element-ssgrid01t elementor-widget elementor-widget-html\" data-id=\"ssgrid01t\" data-element_type=\"widget\" data-e-type=\"widget\" data-widget_type=\"html.default\">\n\t\t\t\t\t<div class=\"iwg-wesen-grid\"><a class=\"iwg-wesen-card\" href=\"https:\/\/iwell-guard.com\/ca\/amulet-talisma-signes-proteccio-fonaments\/\" aria-label=\"Amulet, talism\u00e0 i signes de protecci\u00f3 \u2013 Fonaments\"><div class=\"iwg-wesen-card-imgwrap\"><img decoding=\"async\" src=\"https:\/\/iwell-guard.com\/wp-content\/uploads\/2026\/05\/schutzsymbol_universell_amulett-talisman-200x300.webp\" alt=\"Amulet, talism\u00e0 i signes de protecci\u00f3 \u2013 Fonaments\" loading=\"lazy\"><\/div><div class=\"iwg-wesen-card-body\"><div class=\"iwg-wesen-card-name\">Amulet, talism\u00e0 i signes de protecci\u00f3 \u2013 Fonaments<\/div><div class=\"iwg-wesen-card-arrow\">\u2192 A l&#039;\u00e9sser<\/div><\/div><\/a><a class=\"iwg-wesen-card\" href=\"https:\/\/iwell-guard.com\/ca\/hamsa\/\" aria-label=\"Hamsa\"><div class=\"iwg-wesen-card-imgwrap\"><img decoding=\"async\" src=\"https:\/\/iwell-guard.com\/wp-content\/uploads\/2026\/05\/schutzsymbol_mediterran_hamsa-200x300.webp\" alt=\"Hamsa\" loading=\"lazy\"><\/div><div class=\"iwg-wesen-card-body\"><div class=\"iwg-wesen-card-name\">Hamsa<\/div><div class=\"iwg-wesen-card-arrow\">\u2192 A l&#039;\u00e9sser<\/div><\/div><\/a><a class=\"iwg-wesen-card\" href=\"https:\/\/iwell-guard.com\/ca\/mezuzah\/\" aria-label=\"Mezuzah\"><div class=\"iwg-wesen-card-imgwrap\"><img decoding=\"async\" src=\"https:\/\/iwell-guard.com\/wp-content\/uploads\/2026\/05\/schutzsymbol_judentum_mezuzah-200x300.webp\" alt=\"Mezuzah\" loading=\"lazy\"><\/div><div class=\"iwg-wesen-card-body\"><div class=\"iwg-wesen-card-name\">Mezuzah<\/div><div class=\"iwg-wesen-card-arrow\">\u2192 A l&#039;\u00e9sser<\/div><\/div><\/a><a class=\"iwg-wesen-card\" href=\"https:\/\/iwell-guard.com\/ca\/mal-d-ull\/\" aria-label=\"Mal d\u2019ull\"><div class=\"iwg-wesen-card-imgwrap\"><img decoding=\"async\" src=\"https:\/\/iwell-guard.com\/wp-content\/uploads\/2026\/05\/schutzsymbol_mediterran_boeser-blick-200x300.webp\" alt=\"Mal d\u2019ull\" loading=\"lazy\"><\/div><div class=\"iwg-wesen-card-body\"><div class=\"iwg-wesen-card-name\">Mal d\u2019ull<\/div><div class=\"iwg-wesen-card-arrow\">\u2192 A l&#039;\u00e9sser<\/div><\/div><\/a><a class=\"iwg-wesen-card\" href=\"https:\/\/iwell-guard.com\/ca\/nazar-boncugu-ull-blau-mal-dull\/\" aria-label=\"Nazar Boncu\u011fu \u2013 l\u2019ull blau protector contra el mal d\u2019ull\"><div class=\"iwg-wesen-card-imgwrap\"><img decoding=\"async\" src=\"https:\/\/iwell-guard.com\/wp-content\/uploads\/2026\/05\/schutzsymbol_tuerkei_nazar-2-200x300.webp\" alt=\"Nazar Boncu\u011fu \u2013 l\u2019ull blau protector contra el mal d\u2019ull\" loading=\"lazy\"><\/div><div class=\"iwg-wesen-card-body\"><div class=\"iwg-wesen-card-name\">Nazar Boncu\u011fu \u2013 l\u2019ull blau protector contra el mal d\u2019ull<\/div><div class=\"iwg-wesen-card-arrow\">\u2192 A l&#039;\u00e9sser<\/div><\/div><\/a><a class=\"iwg-wesen-card\" href=\"https:\/\/iwell-guard.com\/ca\/ull-horus-wedjat-simbol-protector-egipci\/\" aria-label=\"Ull d\u2019Horus \u2013 el Wedjat com a s\u00edmbol protector egipci\"><div class=\"iwg-wesen-card-imgwrap\"><img decoding=\"async\" src=\"https:\/\/iwell-guard.com\/wp-content\/uploads\/2026\/05\/schutzsymbol_aegypten_horusauge-2-200x300.webp\" alt=\"Ull d\u2019Horus \u2013 el Wedjat com a s\u00edmbol protector egipci\" loading=\"lazy\"><\/div><div class=\"iwg-wesen-card-body\"><div class=\"iwg-wesen-card-name\">Ull d\u2019Horus \u2013 el Wedjat com a s\u00edmbol protector egipci<\/div><div class=\"iwg-wesen-card-arrow\">\u2192 A l&#039;\u00e9sser<\/div><\/div><\/a><a class=\"iwg-wesen-card\" href=\"https:\/\/iwell-guard.com\/ca\/amulet-pazuzu-proteccio-lamaixtu\/\" aria-label=\"Amulet de Pazuzu: protecci\u00f3 mesopot\u00e0mica contra Lamaixtu\"><div class=\"iwg-wesen-card-imgwrap\"><img decoding=\"async\" src=\"https:\/\/iwell-guard.com\/wp-content\/uploads\/2026\/05\/schutzsymbol_mesopotamien_pazuzu-amulett-2-200x300.webp\" alt=\"Amulet de Pazuzu: protecci\u00f3 mesopot\u00e0mica contra Lamaixtu\" loading=\"lazy\"><\/div><div class=\"iwg-wesen-card-body\"><div class=\"iwg-wesen-card-name\">Amulet de Pazuzu: protecci\u00f3 mesopot\u00e0mica contra Lamaixtu<\/div><div class=\"iwg-wesen-card-arrow\">\u2192 A l&#039;\u00e9sser<\/div><\/div><\/a><a class=\"iwg-wesen-card\" href=\"https:\/\/iwell-guard.com\/ca\/martell-de-thor-mjolnir-simbol-protector-germanic\/\" aria-label=\"Martell de Thor \u2013 Mj\u00f6lnir com a s\u00edmbol protector germ\u00e0nic\"><div class=\"iwg-wesen-card-imgwrap\"><img decoding=\"async\" src=\"https:\/\/iwell-guard.com\/wp-content\/uploads\/2026\/05\/schutzsymbol_germanisch_thorshammer-200x300.webp\" alt=\"Martell de Thor \u2013 Mj\u00f6lnir com a s\u00edmbol protector germ\u00e0nic\" loading=\"lazy\"><\/div><div class=\"iwg-wesen-card-body\"><div class=\"iwg-wesen-card-name\">Martell de Thor \u2013 Mj\u00f6lnir com a s\u00edmbol protector germ\u00e0nic<\/div><div class=\"iwg-wesen-card-arrow\">\u2192 A l&#039;\u00e9sser<\/div><\/div><\/a><a class=\"iwg-wesen-card\" href=\"https:\/\/iwell-guard.com\/ca\/creu-i-crucifix-el-signe-protector-cristia\/\" aria-label=\"Creu i crucifix \u2013 el signe protector cristi\u00e0\"><div class=\"iwg-wesen-card-imgwrap\"><img decoding=\"async\" src=\"https:\/\/iwell-guard.com\/wp-content\/uploads\/2026\/05\/schutzsymbol_christentum_kreuz-2-200x300.webp\" alt=\"Creu i crucifix \u2013 el signe protector cristi\u00e0\" loading=\"lazy\"><\/div><div class=\"iwg-wesen-card-body\"><div class=\"iwg-wesen-card-name\">Creu i crucifix \u2013 el signe protector cristi\u00e0<\/div><div class=\"iwg-wesen-card-arrow\">\u2192 A l&#039;\u00e9sser<\/div><\/div><\/a><a class=\"iwg-wesen-card\" href=\"https:\/\/iwell-guard.com\/ca\/medalles-cristianes-de-proteccio\/\" aria-label=\"Medalles cristianes de protecci\u00f3 \u2013 Benet, Maria, Crist\u00f2for\"><div class=\"iwg-wesen-card-imgwrap\"><img decoding=\"async\" src=\"https:\/\/iwell-guard.com\/wp-content\/uploads\/2026\/05\/schutzsymbol_christentum_schutzmedaillen-2-200x300.webp\" alt=\"Medalles cristianes de protecci\u00f3 \u2013 Benet, Maria, Crist\u00f2for\" loading=\"lazy\"><\/div><div class=\"iwg-wesen-card-body\"><div class=\"iwg-wesen-card-name\">Medalles cristianes de protecci\u00f3 \u2013 Benet, Maria, Crist\u00f2for<\/div><div class=\"iwg-wesen-card-arrow\">\u2192 A l&#039;\u00e9sser<\/div><\/div><\/a><a class=\"iwg-wesen-card\" href=\"https:\/\/iwell-guard.com\/ca\/pentagrama-estrella-cinc-puntes-simbol-proteccio\/\" aria-label=\"Pentagrama \u2013 l\u2019estrella de cinc puntes com a s\u00edmbol de protecci\u00f3\"><div class=\"iwg-wesen-card-imgwrap\"><img decoding=\"async\" src=\"https:\/\/iwell-guard.com\/wp-content\/uploads\/2026\/05\/schutzsymbol_universell_pentagramm-200x300.webp\" alt=\"Pentagrama \u2013 l\u2019estrella de cinc puntes com a s\u00edmbol de protecci\u00f3\" loading=\"lazy\"><\/div><div class=\"iwg-wesen-card-body\"><div class=\"iwg-wesen-card-name\">Pentagrama \u2013 l\u2019estrella de cinc puntes com a s\u00edmbol de protecci\u00f3<\/div><div class=\"iwg-wesen-card-arrow\">\u2192 A l&#039;\u00e9sser<\/div><\/div><\/a><a class=\"iwg-wesen-card\" href=\"https:\/\/iwell-guard.com\/ca\/om-el-signe-sagrat-com-a-proteccio-i-benediccio\/\" aria-label=\"Om \u2013 el signe sagrat com a protecci\u00f3 i benedicci\u00f3\"><div class=\"iwg-wesen-card-imgwrap\"><img decoding=\"async\" src=\"https:\/\/iwell-guard.com\/wp-content\/uploads\/2026\/05\/schutzsymbol_hinduismus_om-200x300.webp\" alt=\"Om \u2013 el signe sagrat com a protecci\u00f3 i benedicci\u00f3\" loading=\"lazy\"><\/div><div class=\"iwg-wesen-card-body\"><div class=\"iwg-wesen-card-name\">Om \u2013 el signe sagrat com a protecci\u00f3 i benedicci\u00f3<\/div><div class=\"iwg-wesen-card-arrow\">\u2192 A l&#039;\u00e9sser<\/div><\/div><\/a><a class=\"iwg-wesen-card\" href=\"https:\/\/iwell-guard.com\/ca\/omamori-bossa-protectora-japonesa\/\" aria-label=\"Omamori \u2013 la bossa protectora japonesa\"><div class=\"iwg-wesen-card-imgwrap\"><img decoding=\"async\" src=\"https:\/\/iwell-guard.com\/wp-content\/uploads\/2026\/05\/schutzsymbol_japan_omamori-200x300.webp\" alt=\"Omamori \u2013 la bossa protectora japonesa\" loading=\"lazy\"><\/div><div class=\"iwg-wesen-card-body\"><div class=\"iwg-wesen-card-name\">Omamori \u2013 la bossa protectora japonesa<\/div><div class=\"iwg-wesen-card-arrow\">\u2192 A l&#039;\u00e9sser<\/div><\/div><\/a><a class=\"iwg-wesen-card\" href=\"https:\/\/iwell-guard.com\/ca\/atrapasomnis-objecte-protector-ojibwe\/\" aria-label=\"Atrapasomnis \u2013 objecte protector dels ojibwe\"><div class=\"iwg-wesen-card-imgwrap\"><img decoding=\"async\" src=\"https:\/\/iwell-guard.com\/wp-content\/uploads\/2026\/05\/schutzsymbol_indigen_traumfaenger-200x300.webp\" alt=\"Atrapasomnis \u2013 objecte protector dels ojibwe\" loading=\"lazy\"><\/div><div class=\"iwg-wesen-card-body\"><div class=\"iwg-wesen-card-name\">Atrapasomnis \u2013 objecte protector dels ojibwe<\/div><div class=\"iwg-wesen-card-arrow\">\u2192 A l&#039;\u00e9sser<\/div><\/div><\/a><a class=\"iwg-wesen-card\" href=\"https:\/\/iwell-guard.com\/ca\/ferradura-simbol-sort-proteccio-porta\/\" aria-label=\"Ferradura \u2013 el s\u00edmbol de sort i protecci\u00f3 sobre la porta\"><div class=\"iwg-wesen-card-imgwrap\"><img decoding=\"async\" src=\"https:\/\/iwell-guard.com\/wp-content\/uploads\/2026\/05\/schutzsymbol_volksmagie_hufeisen-200x300.webp\" alt=\"Ferradura \u2013 el s\u00edmbol de sort i protecci\u00f3 sobre la porta\" loading=\"lazy\"><\/div><div class=\"iwg-wesen-card-body\"><div class=\"iwg-wesen-card-name\">Ferradura \u2013 el s\u00edmbol de sort i protecci\u00f3 sobre la porta<\/div><div class=\"iwg-wesen-card-arrow\">\u2192 A l&#039;\u00e9sser<\/div><\/div><\/a><a class=\"iwg-wesen-card\" href=\"https:\/\/iwell-guard.com\/ca\/trevol-quatre-fulles-sort-proteccio\/\" aria-label=\"Tr\u00e8vol de quatre fulles \u2013 Signe de sort i protecci\u00f3\"><div class=\"iwg-wesen-card-imgwrap\"><img decoding=\"async\" src=\"https:\/\/iwell-guard.com\/wp-content\/uploads\/2026\/05\/schutzsymbol_volksmagie_kleeblatt-200x300.webp\" alt=\"Tr\u00e8vol de quatre fulles \u2013 Signe de sort i protecci\u00f3\" loading=\"lazy\"><\/div><div class=\"iwg-wesen-card-body\"><div class=\"iwg-wesen-card-name\">Tr\u00e8vol de quatre fulles \u2013 Signe de sort i protecci\u00f3<\/div><div class=\"iwg-wesen-card-arrow\">\u2192 A l&#039;\u00e9sser<\/div><\/div><\/a><a class=\"iwg-wesen-card\" href=\"https:\/\/iwell-guard.com\/ca\/anch-signe-egipci-de-la-vida-simbol-protector\/\" aria-label=\"Anch \u2013 el signe egipci de la vida com a s\u00edmbol protector\"><div class=\"iwg-wesen-card-imgwrap\"><img decoding=\"async\" src=\"https:\/\/iwell-guard.com\/wp-content\/uploads\/2026\/05\/schutzsymbol_aegypten_anch-200x300.webp\" alt=\"Anch \u2013 el signe egipci de la vida com a s\u00edmbol protector\" loading=\"lazy\"><\/div><div class=\"iwg-wesen-card-body\"><div class=\"iwg-wesen-card-name\">Anch \u2013 el signe egipci de la vida com a s\u00edmbol protector<\/div><div class=\"iwg-wesen-card-arrow\">\u2192 A l&#039;\u00e9sser<\/div><\/div><\/a><a class=\"iwg-wesen-card\" href=\"https:\/\/iwell-guard.com\/ca\/pilar-djed-signe-egipci-estabilitat\/\" aria-label=\"Pilar Djed \u2013 el signe egipci de l\u2019estabilitat\"><div class=\"iwg-wesen-card-imgwrap\"><img decoding=\"async\" src=\"https:\/\/iwell-guard.com\/wp-content\/uploads\/2026\/05\/schutzsymbol_aegypten_djed-200x300.webp\" alt=\"Pilar Djed \u2013 el signe egipci de l\u2019estabilitat\" loading=\"lazy\"><\/div><div class=\"iwg-wesen-card-body\"><div class=\"iwg-wesen-card-name\">Pilar Djed \u2013 el signe egipci de l\u2019estabilitat<\/div><div class=\"iwg-wesen-card-arrow\">\u2192 A l&#039;\u00e9sser<\/div><\/div><\/a><a class=\"iwg-wesen-card\" href=\"https:\/\/iwell-guard.com\/ca\/escarabat-amulet-renaixement-egipci\/\" aria-label=\"Escarabat \u2013 l\u2019amulet egipci del renaixement\"><div class=\"iwg-wesen-card-imgwrap\"><img decoding=\"async\" src=\"https:\/\/iwell-guard.com\/wp-content\/uploads\/2026\/05\/schutzsymbol_aegypten_skarabaeus-200x300.webp\" alt=\"Escarabat \u2013 l\u2019amulet egipci del renaixement\" loading=\"lazy\"><\/div><div class=\"iwg-wesen-card-body\"><div class=\"iwg-wesen-card-name\">Escarabat \u2013 l\u2019amulet egipci del renaixement<\/div><div class=\"iwg-wesen-card-arrow\">\u2192 A l&#039;\u00e9sser<\/div><\/div><\/a><a class=\"iwg-wesen-card\" href=\"https:\/\/iwell-guard.com\/ca\/estrella-de-david-signe-de-proteccio\/\" aria-label=\"L\u2019Estrella de David \u2013 el Magen David com a signe de protecci\u00f3\"><div class=\"iwg-wesen-card-imgwrap\"><img decoding=\"async\" src=\"https:\/\/iwell-guard.com\/wp-content\/uploads\/2026\/05\/schutzsymbol_judentum_davidstern-200x300.webp\" alt=\"L\u2019Estrella de David \u2013 el Magen David com a signe de protecci\u00f3\" loading=\"lazy\"><\/div><div class=\"iwg-wesen-card-body\"><div class=\"iwg-wesen-card-name\">L\u2019Estrella de David \u2013 el Magen David com a signe de protecci\u00f3<\/div><div class=\"iwg-wesen-card-arrow\">\u2192 A l&#039;\u00e9sser<\/div><\/div><\/a><a class=\"iwg-wesen-card\" href=\"https:\/\/iwell-guard.com\/ca\/fil-vermell-cinta-protectora-mal-ull\/\" aria-label=\"Fil vermell \u2013 la cinta protectora contra el mal d\u2019ull\"><div class=\"iwg-wesen-card-imgwrap\"><img decoding=\"async\" src=\"https:\/\/iwell-guard.com\/wp-content\/uploads\/2026\/05\/schutzsymbol_judentum_roter-faden-200x300.webp\" alt=\"Fil vermell \u2013 la cinta protectora contra el mal d\u2019ull\" loading=\"lazy\"><\/div><div class=\"iwg-wesen-card-body\"><div class=\"iwg-wesen-card-name\">Fil vermell \u2013 la cinta protectora contra el mal d\u2019ull<\/div><div class=\"iwg-wesen-card-arrow\">\u2192 A l&#039;\u00e9sser<\/div><\/div><\/a><a class=\"iwg-wesen-card\" href=\"https:\/\/iwell-guard.com\/ca\/creu-celtica-alta-signe-proteccio\/\" aria-label=\"Creu c\u00e8ltica \u2013 Creu alta i signe de protecci\u00f3\"><div class=\"iwg-wesen-card-imgwrap\"><img decoding=\"async\" src=\"https:\/\/iwell-guard.com\/wp-content\/uploads\/2026\/05\/schutzsymbol_keltisch_keltisches-kreuz-200x300.webp\" alt=\"Creu c\u00e8ltica \u2013 Creu alta i signe de protecci\u00f3\" loading=\"lazy\"><\/div><div class=\"iwg-wesen-card-body\"><div class=\"iwg-wesen-card-name\">Creu c\u00e8ltica \u2013 Creu alta i signe de protecci\u00f3<\/div><div class=\"iwg-wesen-card-arrow\">\u2192 A l&#039;\u00e9sser<\/div><\/div><\/a><a class=\"iwg-wesen-card\" href=\"https:\/\/iwell-guard.com\/ca\/triquetra-nus-triada-celtic\/\" aria-label=\"Triquetra: el nus de la tr\u00edada c\u00e8ltic\"><div class=\"iwg-wesen-card-imgwrap\"><img decoding=\"async\" src=\"https:\/\/iwell-guard.com\/wp-content\/uploads\/2026\/05\/schutzsymbol_keltisch_triquetra-200x300.webp\" alt=\"Triquetra: el nus de la tr\u00edada c\u00e8ltic\" loading=\"lazy\"><\/div><div class=\"iwg-wesen-card-body\"><div class=\"iwg-wesen-card-name\">Triquetra: el nus de la tr\u00edada c\u00e8ltic<\/div><div class=\"iwg-wesen-card-arrow\">\u2192 A l&#039;\u00e9sser<\/div><\/div><\/a><a class=\"iwg-wesen-card\" href=\"https:\/\/iwell-guard.com\/ca\/valknut-nus-nordic-dels-caiguts\/\" aria-label=\"Valknut \u2013 el nus n\u00f2rdic dels caiguts en combat\"><div class=\"iwg-wesen-card-imgwrap\"><img decoding=\"async\" src=\"https:\/\/iwell-guard.com\/wp-content\/uploads\/2026\/05\/schutzsymbol_germanisch_valknut-200x300.webp\" alt=\"Valknut \u2013 el nus n\u00f2rdic dels caiguts en combat\" loading=\"lazy\"><\/div><div class=\"iwg-wesen-card-body\"><div class=\"iwg-wesen-card-name\">Valknut \u2013 el nus n\u00f2rdic dels caiguts en combat<\/div><div class=\"iwg-wesen-card-arrow\">\u2192 A l&#039;\u00e9sser<\/div><\/div><\/a><a class=\"iwg-wesen-card\" href=\"https:\/\/iwell-guard.com\/ca\/vegvisir-senyal-islandes-de-proteccio\/\" aria-label=\"Vegv\u00edsir \u2013 el senyal island\u00e8s com a s\u00edmbol de protecci\u00f3\"><div class=\"iwg-wesen-card-imgwrap\"><img decoding=\"async\" src=\"https:\/\/iwell-guard.com\/wp-content\/uploads\/2026\/05\/schutzsymbol_germanisch_vegvisir-200x300.webp\" alt=\"Vegv\u00edsir \u2013 el senyal island\u00e8s com a s\u00edmbol de protecci\u00f3\" loading=\"lazy\"><\/div><div class=\"iwg-wesen-card-body\"><div class=\"iwg-wesen-card-name\">Vegv\u00edsir \u2013 el senyal island\u00e8s com a s\u00edmbol de protecci\u00f3<\/div><div class=\"iwg-wesen-card-arrow\">\u2192 A l&#039;\u00e9sser<\/div><\/div><\/a><a class=\"iwg-wesen-card\" href=\"https:\/\/iwell-guard.com\/ca\/nus-infinit-simbol-budista-fortuna\/\" aria-label=\"Nus infinit \u2013 el s\u00edmbol budista de la fortuna\"><div class=\"iwg-wesen-card-imgwrap\"><img decoding=\"async\" src=\"https:\/\/iwell-guard.com\/wp-content\/uploads\/2026\/05\/schutzsymbol_buddhismus_endloser-knoten-200x300.webp\" alt=\"Nus infinit \u2013 el s\u00edmbol budista de la fortuna\" loading=\"lazy\"><\/div><div class=\"iwg-wesen-card-body\"><div class=\"iwg-wesen-card-name\">Nus infinit \u2013 el s\u00edmbol budista de la fortuna<\/div><div class=\"iwg-wesen-card-arrow\">\u2192 A l&#039;\u00e9sser<\/div><\/div><\/a><a class=\"iwg-wesen-card\" href=\"https:\/\/iwell-guard.com\/ca\/vajra-llamp-diamant-budisme\/\" aria-label=\"Vajra \u2013 El llamp i el diamant en el budisme\"><div class=\"iwg-wesen-card-imgwrap\"><img decoding=\"async\" src=\"https:\/\/iwell-guard.com\/wp-content\/uploads\/2026\/05\/schutzsymbol_tibet_vajra-200x300.webp\" alt=\"Vajra \u2013 El llamp i el diamant en el budisme\" loading=\"lazy\"><\/div><div class=\"iwg-wesen-card-body\"><div class=\"iwg-wesen-card-name\">Vajra \u2013 El llamp i el diamant en el budisme<\/div><div class=\"iwg-wesen-card-arrow\">\u2192 A l&#039;\u00e9sser<\/div><\/div><\/a><a class=\"iwg-wesen-card\" href=\"https:\/\/iwell-guard.com\/ca\/gau-capsula-amulet-tibetana\/\" aria-label=\"Gau \u2013 la c\u00e0psula amulet tibetana\"><div class=\"iwg-wesen-card-imgwrap\"><img decoding=\"async\" src=\"https:\/\/iwell-guard.com\/wp-content\/uploads\/2026\/05\/schutzsymbol_tibet_gau-200x300.webp\" alt=\"Gau \u2013 la c\u00e0psula amulet tibetana\" loading=\"lazy\"><\/div><div class=\"iwg-wesen-card-body\"><div class=\"iwg-wesen-card-name\">Gau \u2013 la c\u00e0psula amulet tibetana<\/div><div class=\"iwg-wesen-card-arrow\">\u2192 A l&#039;\u00e9sser<\/div><\/div><\/a><a class=\"iwg-wesen-card\" href=\"https:\/\/iwell-guard.com\/ca\/bagua-spiegel-espill-xines-proteccio\/\" aria-label=\"Mirall Bagua \u2013 l\u2019espill de protecci\u00f3 xin\u00e8s\"><div class=\"iwg-wesen-card-imgwrap\"><img decoding=\"async\" src=\"https:\/\/iwell-guard.com\/wp-content\/uploads\/2026\/05\/schutzsymbol_china_bagua-spiegel-200x300.webp\" alt=\"Mirall Bagua \u2013 l\u2019espill de protecci\u00f3 xin\u00e8s\" loading=\"lazy\"><\/div><div class=\"iwg-wesen-card-body\"><div class=\"iwg-wesen-card-name\">Mirall Bagua \u2013 l\u2019espill de protecci\u00f3 xin\u00e8s<\/div><div class=\"iwg-wesen-card-arrow\">\u2192 A l&#039;\u00e9sser<\/div><\/div><\/a><a class=\"iwg-wesen-card\" href=\"https:\/\/iwell-guard.com\/ca\/bujeok-talisma-protector-corea\/\" aria-label=\"Bujeok \u2013 el talism\u00e0 protector core\u00e0\"><div class=\"iwg-wesen-card-imgwrap\"><img decoding=\"async\" src=\"https:\/\/iwell-guard.com\/wp-content\/uploads\/2026\/05\/schutzsymbol_korea_bujeok-200x300.webp\" alt=\"Bujeok \u2013 el talism\u00e0 protector core\u00e0\" loading=\"lazy\"><\/div><div class=\"iwg-wesen-card-body\"><div class=\"iwg-wesen-card-name\">Bujeok \u2013 el talism\u00e0 protector core\u00e0<\/div><div class=\"iwg-wesen-card-arrow\">\u2192 A l&#039;\u00e9sser<\/div><\/div><\/a><a class=\"iwg-wesen-card\" href=\"https:\/\/iwell-guard.com\/ca\/daruma-nina-desitjos-proteccio\/\" aria-label=\"Daruma \u2013 la nina japonesa de desitjos i protecci\u00f3\"><div class=\"iwg-wesen-card-imgwrap\"><img decoding=\"async\" src=\"https:\/\/iwell-guard.com\/wp-content\/uploads\/2026\/05\/schutzsymbol_japan_daruma-200x300.webp\" alt=\"Daruma \u2013 la nina japonesa de desitjos i protecci\u00f3\" loading=\"lazy\"><\/div><div class=\"iwg-wesen-card-body\"><div class=\"iwg-wesen-card-name\">Daruma \u2013 la nina japonesa de desitjos i protecci\u00f3<\/div><div class=\"iwg-wesen-card-arrow\">\u2192 A l&#039;\u00e9sser<\/div><\/div><\/a><a class=\"iwg-wesen-card\" href=\"https:\/\/iwell-guard.com\/ca\/maneki-neko-gat-de-la-sort-japones\/\" aria-label=\"Maneki-neko: el gat de la sort japon\u00e8s que saluda amb la pota\"><div class=\"iwg-wesen-card-imgwrap\"><img decoding=\"async\" src=\"https:\/\/iwell-guard.com\/wp-content\/uploads\/2026\/05\/schutzsymbol_japan_maneki-neko-200x300.webp\" alt=\"Maneki-neko: el gat de la sort japon\u00e8s que saluda amb la pota\" loading=\"lazy\"><\/div><div class=\"iwg-wesen-card-body\"><div class=\"iwg-wesen-card-name\">Maneki-neko: el gat de la sort japon\u00e8s que saluda amb la pota<\/div><div class=\"iwg-wesen-card-arrow\">\u2192 A l&#039;\u00e9sser<\/div><\/div><\/a><a class=\"iwg-wesen-card\" href=\"https:\/\/iwell-guard.com\/ca\/adinkra-simbols-akan-ghana\/\" aria-label=\"Adinkra \u2013 els s\u00edmbols dels akan de Ghana\"><div class=\"iwg-wesen-card-imgwrap\"><img decoding=\"async\" src=\"https:\/\/iwell-guard.com\/wp-content\/uploads\/2026\/05\/schutzsymbol_afrika_adinkra-200x300.webp\" alt=\"Adinkra \u2013 els s\u00edmbols dels akan de Ghana\" loading=\"lazy\"><\/div><div class=\"iwg-wesen-card-body\"><div class=\"iwg-wesen-card-name\">Adinkra \u2013 els s\u00edmbols dels akan de Ghana<\/div><div class=\"iwg-wesen-card-arrow\">\u2192 A l&#039;\u00e9sser<\/div><\/div><\/a><a class=\"iwg-wesen-card\" href=\"https:\/\/iwell-guard.com\/ca\/veve-signes-rituals-vodou\/\" aria-label=\"Veve \u2013 els signes rituals del Vodou\"><div class=\"iwg-wesen-card-imgwrap\"><img decoding=\"async\" src=\"https:\/\/iwell-guard.com\/wp-content\/uploads\/2026\/05\/schutzsymbol_vodou_veve-200x300.webp\" alt=\"Veve \u2013 els signes rituals del Vodou\" loading=\"lazy\"><\/div><div class=\"iwg-wesen-card-body\"><div class=\"iwg-wesen-card-name\">Veve \u2013 els signes rituals del Vodou<\/div><div class=\"iwg-wesen-card-arrow\">\u2192 A l&#039;\u00e9sser<\/div><\/div><\/a><a class=\"iwg-wesen-card\" href=\"https:\/\/iwell-guard.com\/ca\/hei-tiki-penjoll-dels-maori\/\" aria-label=\"Hei-tiki \u2013 el penjoll dels maori\"><div class=\"iwg-wesen-card-imgwrap\"><img decoding=\"async\" src=\"https:\/\/iwell-guard.com\/wp-content\/uploads\/2026\/05\/schutzsymbol_polynesien_hei-tiki-200x300.webp\" alt=\"Hei-tiki \u2013 el penjoll dels maori\" loading=\"lazy\"><\/div><div class=\"iwg-wesen-card-body\"><div class=\"iwg-wesen-card-name\">Hei-tiki \u2013 el penjoll dels maori<\/div><div class=\"iwg-wesen-card-arrow\">\u2192 A l&#039;\u00e9sser<\/div><\/div><\/a><a class=\"iwg-wesen-card\" href=\"https:\/\/iwell-guard.com\/ca\/faravahar-simbol-zoroastrisme\/\" aria-label=\"Faravahar: el s\u00edmbol del zoroastrisme\"><div class=\"iwg-wesen-card-imgwrap\"><img decoding=\"async\" src=\"https:\/\/iwell-guard.com\/wp-content\/uploads\/2026\/05\/schutzsymbol_iran_faravahar-200x300.webp\" alt=\"Faravahar: el s\u00edmbol del zoroastrisme\" loading=\"lazy\"><\/div><div class=\"iwg-wesen-card-body\"><div class=\"iwg-wesen-card-name\">Faravahar: el s\u00edmbol del zoroastrisme<\/div><div class=\"iwg-wesen-card-arrow\">\u2192 A l&#039;\u00e9sser<\/div><\/div><\/a><a class=\"iwg-wesen-card\" href=\"https:\/\/iwell-guard.com\/ca\/kolowrat-roda-solar-eslava\/\" aria-label=\"Kolowrat: la roda solar eslava\"><div class=\"iwg-wesen-card-imgwrap\"><img decoding=\"async\" src=\"https:\/\/iwell-guard.com\/wp-content\/uploads\/2026\/05\/schutzsymbol_slawisch_kolowrat-200x300.webp\" alt=\"Kolowrat: la roda solar eslava\" loading=\"lazy\"><\/div><div class=\"iwg-wesen-card-body\"><div class=\"iwg-wesen-card-name\">Kolowrat: la roda solar eslava<\/div><div class=\"iwg-wesen-card-arrow\">\u2192 A l&#039;\u00e9sser<\/div><\/div><\/a><a class=\"iwg-wesen-card\" href=\"https:\/\/iwell-guard.com\/ca\/gorgoneion-cap-de-medusa-signe-proteccio\/\" aria-label=\"Gorgoneion \u2013 el cap de Medusa com a signe de protecci\u00f3\"><div class=\"iwg-wesen-card-imgwrap\"><img decoding=\"async\" src=\"https:\/\/iwell-guard.com\/wp-content\/uploads\/2026\/05\/schutzsymbol_griechenland_gorgoneion-200x300.webp\" alt=\"Gorgoneion \u2013 el cap de Medusa com a signe de protecci\u00f3\" loading=\"lazy\"><\/div><div class=\"iwg-wesen-card-body\"><div class=\"iwg-wesen-card-name\">Gorgoneion \u2013 el cap de Medusa com a signe de protecci\u00f3<\/div><div class=\"iwg-wesen-card-arrow\">\u2192 A l&#039;\u00e9sser<\/div><\/div><\/a><a class=\"iwg-wesen-card\" href=\"https:\/\/iwell-guard.com\/ca\/bulla-amulet-proteccio-infants\/\" aria-label=\"Bulla \u2013 l\u2019amulet protector rom\u00e0 dels infants\"><div class=\"iwg-wesen-card-imgwrap\"><img decoding=\"async\" src=\"https:\/\/iwell-guard.com\/wp-content\/uploads\/2026\/05\/schutzsymbol_rom_bulla-200x300.webp\" alt=\"Bulla \u2013 l\u2019amulet protector rom\u00e0 dels infants\" loading=\"lazy\"><\/div><div class=\"iwg-wesen-card-body\"><div class=\"iwg-wesen-card-name\">Bulla \u2013 l\u2019amulet protector rom\u00e0 dels infants<\/div><div class=\"iwg-wesen-card-arrow\">\u2192 A l&#039;\u00e9sser<\/div><\/div><\/a><a class=\"iwg-wesen-card\" href=\"https:\/\/iwell-guard.com\/ca\/tawiz-amulet-protector-islamic\/\" aria-label=\"Ta\u02bfw\u012bz \u2013 l\u2019amulet protector isl\u00e0mic\"><div class=\"iwg-wesen-card-imgwrap\"><img decoding=\"async\" src=\"https:\/\/iwell-guard.com\/wp-content\/uploads\/2026\/05\/schutzsymbol_islam_tawiz-200x300.webp\" alt=\"Ta\u02bfw\u012bz \u2013 l\u2019amulet protector isl\u00e0mic\" loading=\"lazy\"><\/div><div class=\"iwg-wesen-card-body\"><div class=\"iwg-wesen-card-name\">Ta\u02bfw\u012bz \u2013 l\u2019amulet protector isl\u00e0mic<\/div><div class=\"iwg-wesen-card-arrow\">\u2192 A l&#039;\u00e9sser<\/div><\/div><\/a><a class=\"iwg-wesen-card\" href=\"https:\/\/iwell-guard.com\/ca\/rudraksha-perla-sagrada-shiva\/\" aria-label=\"Rudraksha \u2013 la perla sagrada de Shiva\"><div class=\"iwg-wesen-card-imgwrap\"><img decoding=\"async\" src=\"https:\/\/iwell-guard.com\/wp-content\/uploads\/2026\/05\/schutzsymbol_hinduismus_rudraksha-200x300.webp\" alt=\"Rudraksha \u2013 la perla sagrada de Shiva\" loading=\"lazy\"><\/div><div class=\"iwg-wesen-card-body\"><div class=\"iwg-wesen-card-name\">Rudraksha \u2013 la perla sagrada de Shiva<\/div><div class=\"iwg-wesen-card-arrow\">\u2192 A l&#039;\u00e9sser<\/div><\/div><\/a><a class=\"iwg-wesen-card\" href=\"https:\/\/iwell-guard.com\/ca\/chakana-la-creu-andina\/\" aria-label=\"Chakana: la creu andina\"><div class=\"iwg-wesen-card-imgwrap\"><img decoding=\"async\" src=\"https:\/\/iwell-guard.com\/wp-content\/uploads\/2026\/05\/schutzsymbol_anden_chakana-200x300.webp\" alt=\"Chakana: la creu andina\" loading=\"lazy\"><\/div><div class=\"iwg-wesen-card-body\"><div class=\"iwg-wesen-card-name\">Chakana: la creu andina<\/div><div class=\"iwg-wesen-card-arrow\">\u2192 A l&#039;\u00e9sser<\/div><\/div><\/a><a class=\"iwg-wesen-card\" href=\"https:\/\/iwell-guard.com\/ca\/amulet-de-bes-deu-protector-egipci\/\" aria-label=\"Amulet de Bes \u2013 el d\u00e9u protector egipci de la llar i el naixement\"><div class=\"iwg-wesen-card-imgwrap\"><img decoding=\"async\" src=\"https:\/\/iwell-guard.com\/wp-content\/uploads\/2026\/05\/schutzsymbol_aegypten_bes-amulett-200x300.webp\" alt=\"Amulet de Bes \u2013 el d\u00e9u protector egipci de la llar i el naixement\" loading=\"lazy\"><\/div><div class=\"iwg-wesen-card-body\"><div class=\"iwg-wesen-card-name\">Amulet de Bes \u2013 el d\u00e9u protector egipci de la llar i el naixement<\/div><div class=\"iwg-wesen-card-arrow\">\u2192 A l&#039;\u00e9sser<\/div><\/div><\/a><a class=\"iwg-wesen-card\" href=\"https:\/\/iwell-guard.com\/ca\/cippus-horus-estela-egipcia\/\" aria-label=\"Cippus d\u2019Horus \u2013 l\u2019estela eg\u00edpcia de protecci\u00f3 i curaci\u00f3\"><div class=\"iwg-wesen-card-imgwrap\"><img decoding=\"async\" src=\"https:\/\/iwell-guard.com\/wp-content\/uploads\/2026\/05\/schutzsymbol_aegypten_cippus-horus-200x300.webp\" alt=\"Cippus d\u2019Horus \u2013 l\u2019estela eg\u00edpcia de protecci\u00f3 i curaci\u00f3\" loading=\"lazy\"><\/div><div class=\"iwg-wesen-card-body\"><div class=\"iwg-wesen-card-name\">Cippus d\u2019Horus \u2013 l\u2019estela eg\u00edpcia de protecci\u00f3 i curaci\u00f3<\/div><div class=\"iwg-wesen-card-arrow\">\u2192 A l&#039;\u00e9sser<\/div><\/div><\/a><a class=\"iwg-wesen-card\" href=\"https:\/\/iwell-guard.com\/ca\/nus-disis-amulet-tit-deessa-isis\/\" aria-label=\"Nus d\u2019Isis \u2013 l\u2019amulet tit de la deessa Isis\"><div class=\"iwg-wesen-card-imgwrap\"><img decoding=\"async\" src=\"https:\/\/iwell-guard.com\/wp-content\/uploads\/2026\/05\/schutzsymbol_aegypten_isisknoten-200x300.webp\" alt=\"Nus d\u2019Isis \u2013 l\u2019amulet tit de la deessa Isis\" loading=\"lazy\"><\/div><div class=\"iwg-wesen-card-body\"><div class=\"iwg-wesen-card-name\">Nus d\u2019Isis \u2013 l\u2019amulet tit de la deessa Isis<\/div><div class=\"iwg-wesen-card-arrow\">\u2192 A l&#039;\u00e9sser<\/div><\/div><\/a><a class=\"iwg-wesen-card\" href=\"https:\/\/iwell-guard.com\/ca\/menat-amulet-coll-hathor\/\" aria-label=\"Menat: l\u2019amulet egipci per al coll d\u2019Hathor\"><div class=\"iwg-wesen-card-imgwrap\"><img decoding=\"async\" src=\"https:\/\/iwell-guard.com\/wp-content\/uploads\/2026\/05\/schutzsymbol_aegypten_menat-200x300.webp\" alt=\"Menat: l\u2019amulet egipci per al coll d\u2019Hathor\" loading=\"lazy\"><\/div><div class=\"iwg-wesen-card-body\"><div class=\"iwg-wesen-card-name\">Menat: l\u2019amulet egipci per al coll d\u2019Hathor<\/div><div class=\"iwg-wesen-card-arrow\">\u2192 A l&#039;\u00e9sser<\/div><\/div><\/a><a class=\"iwg-wesen-card\" href=\"https:\/\/iwell-guard.com\/ca\/placa-lamaschtu-tauleta-proteccio-dimoni-part\/\" aria-label=\"Placa de Lamaschtu \u2013 Tauleta de protecci\u00f3 contra la dimoni del part\"><div class=\"iwg-wesen-card-imgwrap\"><img decoding=\"async\" src=\"https:\/\/iwell-guard.com\/wp-content\/uploads\/2026\/05\/schutzsymbol_mesopotamien_lamaschtu-plakette-200x300.webp\" alt=\"Placa de Lamaschtu \u2013 Tauleta de protecci\u00f3 contra la dimoni del part\" loading=\"lazy\"><\/div><div class=\"iwg-wesen-card-body\"><div class=\"iwg-wesen-card-name\">Placa de Lamaschtu \u2013 Tauleta de protecci\u00f3 contra la dimoni del part<\/div><div class=\"iwg-wesen-card-arrow\">\u2192 A l&#039;\u00e9sser<\/div><\/div><\/a><a class=\"iwg-wesen-card\" href=\"https:\/\/iwell-guard.com\/ca\/lamassu-guardia-alat-portes-mesopotamia\/\" aria-label=\"Lamassu \u2013 el guardi\u00e0 alat de les portes de Mesopot\u00e0mia\"><div class=\"iwg-wesen-card-imgwrap\"><img decoding=\"async\" src=\"https:\/\/iwell-guard.com\/wp-content\/uploads\/2026\/05\/schutzsymbol_mesopotamien_lamassu-200x300.webp\" alt=\"Lamassu \u2013 el guardi\u00e0 alat de les portes de Mesopot\u00e0mia\" loading=\"lazy\"><\/div><div class=\"iwg-wesen-card-body\"><div class=\"iwg-wesen-card-name\">Lamassu \u2013 el guardi\u00e0 alat de les portes de Mesopot\u00e0mia<\/div><div class=\"iwg-wesen-card-arrow\">\u2192 A l&#039;\u00e9sser<\/div><\/div><\/a><a class=\"iwg-wesen-card\" href=\"https:\/\/iwell-guard.com\/ca\/apkallu-figures-protectores-cases-mesopotamiques\/\" aria-label=\"Apkallu \u2013 les figures protectores de les cases mesopot\u00e0miques\"><div class=\"iwg-wesen-card-imgwrap\"><img decoding=\"async\" src=\"https:\/\/iwell-guard.com\/wp-content\/uploads\/2026\/05\/schutzsymbol_mesopotamien_apkallu-200x300.webp\" alt=\"Apkallu \u2013 les figures protectores de les cases mesopot\u00e0miques\" loading=\"lazy\"><\/div><div class=\"iwg-wesen-card-body\"><div class=\"iwg-wesen-card-name\">Apkallu \u2013 les figures protectores de les cases mesopot\u00e0miques<\/div><div class=\"iwg-wesen-card-arrow\">\u2192 A l&#039;\u00e9sser<\/div><\/div><\/a><a class=\"iwg-wesen-card\" href=\"https:\/\/iwell-guard.com\/ca\/segell-cilindric-segell-i-amulet-orient-antic\/\" aria-label=\"Segell cil\u00edndric \u2013 Segell i amulet de l\u2019Orient Antic\"><div class=\"iwg-wesen-card-imgwrap\"><img decoding=\"async\" src=\"https:\/\/iwell-guard.com\/wp-content\/uploads\/2026\/05\/schutzsymbol_mesopotamien_zylindersiegel-200x300.webp\" alt=\"Segell cil\u00edndric \u2013 Segell i amulet de l\u2019Orient Antic\" loading=\"lazy\"><\/div><div class=\"iwg-wesen-card-body\"><div class=\"iwg-wesen-card-name\">Segell cil\u00edndric \u2013 Segell i amulet de l\u2019Orient Antic<\/div><div class=\"iwg-wesen-card-arrow\">\u2192 A l&#039;\u00e9sser<\/div><\/div><\/a><a class=\"iwg-wesen-card\" href=\"https:\/\/iwell-guard.com\/ca\/aegishjalmur-elm-del-terror\/\" aria-label=\"\u00c6gishj\u00e1lmur \u2013 l\u2019Elm del Terror\"><div class=\"iwg-wesen-card-imgwrap\"><img decoding=\"async\" src=\"https:\/\/iwell-guard.com\/wp-content\/uploads\/2026\/05\/schutzsymbol_germanisch_aegishjalmur-200x300.webp\" alt=\"\u00c6gishj\u00e1lmur \u2013 l\u2019Elm del Terror\" loading=\"lazy\"><\/div><div class=\"iwg-wesen-card-body\"><div class=\"iwg-wesen-card-name\">\u00c6gishj\u00e1lmur \u2013 l\u2019Elm del Terror<\/div><div class=\"iwg-wesen-card-arrow\">\u2192 A l&#039;\u00e9sser<\/div><\/div><\/a><a class=\"iwg-wesen-card\" href=\"https:\/\/iwell-guard.com\/ca\/runes-protectores-signes-germanics\/\" aria-label=\"Runes protectores \u2013 Runes com a signes de protecci\u00f3 germ\u00e0nics\"><div class=\"iwg-wesen-card-imgwrap\"><img decoding=\"async\" src=\"https:\/\/iwell-guard.com\/wp-content\/uploads\/2026\/05\/schutzsymbol_germanisch_schutzrunen-200x300.webp\" alt=\"Runes protectores \u2013 Runes com a signes de protecci\u00f3 germ\u00e0nics\" loading=\"lazy\"><\/div><div class=\"iwg-wesen-card-body\"><div class=\"iwg-wesen-card-name\">Runes protectores \u2013 Runes com a signes de protecci\u00f3 germ\u00e0nics<\/div><div class=\"iwg-wesen-card-arrow\">\u2192 A l&#039;\u00e9sser<\/div><\/div><\/a><a class=\"iwg-wesen-card\" href=\"https:\/\/iwell-guard.com\/ca\/bracteat-medallo-protector-migracions\/\" aria-label=\"Bracteat: el medall\u00f3 d\u2019or protector de l\u2019\u00e8poca de les migracions\"><div class=\"iwg-wesen-card-imgwrap\"><img decoding=\"async\" src=\"https:\/\/iwell-guard.com\/wp-content\/uploads\/2026\/05\/schutzsymbol_germanisch_brakteat-200x300.webp\" alt=\"Bracteat: el medall\u00f3 d\u2019or protector de l\u2019\u00e8poca de les migracions\" loading=\"lazy\"><\/div><div class=\"iwg-wesen-card-body\"><div class=\"iwg-wesen-card-name\">Bracteat: el medall\u00f3 d\u2019or protector de l\u2019\u00e8poca de les migracions<\/div><div class=\"iwg-wesen-card-arrow\">\u2192 A l&#039;\u00e9sser<\/div><\/div><\/a><a class=\"iwg-wesen-card\" href=\"https:\/\/iwell-guard.com\/ca\/creu-del-troll-amulet-de-ferro\/\" aria-label=\"Creu del Troll: l\u2019amulet de ferro protector contra els trolls\"><div class=\"iwg-wesen-card-imgwrap\"><img decoding=\"async\" src=\"https:\/\/iwell-guard.com\/wp-content\/uploads\/2026\/05\/schutzsymbol_germanisch_trollkreuz-200x300.webp\" alt=\"Creu del Troll: l\u2019amulet de ferro protector contra els trolls\" loading=\"lazy\"><\/div><div class=\"iwg-wesen-card-body\"><div class=\"iwg-wesen-card-name\">Creu del Troll: l\u2019amulet de ferro protector contra els trolls<\/div><div class=\"iwg-wesen-card-arrow\">\u2192 A l&#039;\u00e9sser<\/div><\/div><\/a><a class=\"iwg-wesen-card\" href=\"https:\/\/iwell-guard.com\/ca\/creu-de-brigid-proteccio-irlanda\/\" aria-label=\"Creu de Brigid: la creu de protecci\u00f3 trenada d\u2019Irlanda\"><div class=\"iwg-wesen-card-imgwrap\"><img decoding=\"async\" src=\"https:\/\/iwell-guard.com\/wp-content\/uploads\/2026\/05\/schutzsymbol_keltisch_brigidkreuz-200x300.webp\" alt=\"Creu de Brigid: la creu de protecci\u00f3 trenada d\u2019Irlanda\" loading=\"lazy\"><\/div><div class=\"iwg-wesen-card-body\"><div class=\"iwg-wesen-card-name\">Creu de Brigid: la creu de protecci\u00f3 trenada d\u2019Irlanda<\/div><div class=\"iwg-wesen-card-arrow\">\u2192 A l&#039;\u00e9sser<\/div><\/div><\/a><a class=\"iwg-wesen-card\" href=\"https:\/\/iwell-guard.com\/ca\/triskele-signe-triple-espiral\/\" aria-label=\"Triskele \u2013 el signe de la triple espiral\"><div class=\"iwg-wesen-card-imgwrap\"><img decoding=\"async\" src=\"https:\/\/iwell-guard.com\/wp-content\/uploads\/2026\/05\/schutzsymbol_keltisch_triskele-200x300.webp\" alt=\"Triskele \u2013 el signe de la triple espiral\" loading=\"lazy\"><\/div><div class=\"iwg-wesen-card-body\"><div class=\"iwg-wesen-card-name\">Triskele \u2013 el signe de la triple espiral<\/div><div class=\"iwg-wesen-card-arrow\">\u2192 A l&#039;\u00e9sser<\/div><\/div><\/a><a class=\"iwg-wesen-card\" href=\"https:\/\/iwell-guard.com\/ca\/awen-signe-inspiracio\/\" aria-label=\"Awen \u2013 el signe de la inspiraci\u00f3\"><div class=\"iwg-wesen-card-imgwrap\"><img decoding=\"async\" src=\"https:\/\/iwell-guard.com\/wp-content\/uploads\/2026\/05\/schutzsymbol_keltisch_awen-200x300.webp\" alt=\"Awen \u2013 el signe de la inspiraci\u00f3\" loading=\"lazy\"><\/div><div class=\"iwg-wesen-card-body\"><div class=\"iwg-wesen-card-name\">Awen \u2013 el signe de la inspiraci\u00f3<\/div><div class=\"iwg-wesen-card-arrow\">\u2192 A l&#039;\u00e9sser<\/div><\/div><\/a><a class=\"iwg-wesen-card\" href=\"https:\/\/iwell-guard.com\/ca\/donnerzeichen-signe-eslau-contra-el-llamp\/\" aria-label=\"Donnerzeichen \u2013 el signe eslau contra el llamp\"><div class=\"iwg-wesen-card-imgwrap\"><img decoding=\"async\" src=\"https:\/\/iwell-guard.com\/wp-content\/uploads\/2026\/05\/schutzsymbol_slawisch_donnerzeichen-200x300.webp\" alt=\"Donnerzeichen \u2013 el signe eslau contra el llamp\" loading=\"lazy\"><\/div><div class=\"iwg-wesen-card-body\"><div class=\"iwg-wesen-card-name\">Donnerzeichen \u2013 el signe eslau contra el llamp<\/div><div class=\"iwg-wesen-card-arrow\">\u2192 A l&#039;\u00e9sser<\/div><\/div><\/a><a class=\"iwg-wesen-card\" href=\"https:\/\/iwell-guard.com\/ca\/lunula-amulet-lunar-nenes\/\" aria-label=\"Lunula, l\u2019amulet lunar rom\u00e0 de les nenes\"><div class=\"iwg-wesen-card-imgwrap\"><img decoding=\"async\" src=\"https:\/\/iwell-guard.com\/wp-content\/uploads\/2026\/05\/schutzsymbol_rom_lunula-200x300.webp\" alt=\"Lunula, l\u2019amulet lunar rom\u00e0 de les nenes\" loading=\"lazy\"><\/div><div class=\"iwg-wesen-card-body\"><div class=\"iwg-wesen-card-name\">Lunula, l\u2019amulet lunar rom\u00e0 de les nenes<\/div><div class=\"iwg-wesen-card-arrow\">\u2192 A l&#039;\u00e9sser<\/div><\/div><\/a><a class=\"iwg-wesen-card\" href=\"https:\/\/iwell-guard.com\/ca\/fascinum-amulet-roma-mal-dull\/\" aria-label=\"Fascinum: l\u2019amulet rom\u00e0 de protecci\u00f3 contra el mal d\u2019ull\"><div class=\"iwg-wesen-card-imgwrap\"><img decoding=\"async\" src=\"https:\/\/iwell-guard.com\/wp-content\/uploads\/2026\/05\/schutzsymbol_rom_fascinum-200x300.webp\" alt=\"Fascinum: l\u2019amulet rom\u00e0 de protecci\u00f3 contra el mal d\u2019ull\" loading=\"lazy\"><\/div><div class=\"iwg-wesen-card-body\"><div class=\"iwg-wesen-card-name\">Fascinum: l\u2019amulet rom\u00e0 de protecci\u00f3 contra el mal d\u2019ull<\/div><div class=\"iwg-wesen-card-arrow\">\u2192 A l&#039;\u00e9sser<\/div><\/div><\/a><a class=\"iwg-wesen-card\" href=\"https:\/\/iwell-guard.com\/ca\/quadrat-sator-quadrat-magic-de-lletres\/\" aria-label=\"Quadrat SATOR: el quadrat m\u00e0gic de lletres\"><div class=\"iwg-wesen-card-imgwrap\"><img decoding=\"async\" src=\"https:\/\/iwell-guard.com\/wp-content\/uploads\/2026\/05\/schutzsymbol_rom_sator-quadrat-200x300.webp\" alt=\"Quadrat SATOR: el quadrat m\u00e0gic de lletres\" loading=\"lazy\"><\/div><div class=\"iwg-wesen-card-body\"><div class=\"iwg-wesen-card-name\">Quadrat SATOR: el quadrat m\u00e0gic de lletres<\/div><div class=\"iwg-wesen-card-arrow\">\u2192 A l&#039;\u00e9sser<\/div><\/div><\/a><a class=\"iwg-wesen-card\" href=\"https:\/\/iwell-guard.com\/ca\/triangle-abracadabra-amulet-que-sesvaeix\/\" aria-label=\"Triangle d\u2019Abracadabra \u2013 l\u2019amulet protector que s\u2019esvaeix\"><div class=\"iwg-wesen-card-imgwrap\"><img decoding=\"async\" src=\"https:\/\/iwell-guard.com\/wp-content\/uploads\/2026\/05\/schutzsymbol_rom_abracadabra-200x300.webp\" alt=\"Triangle d\u2019Abracadabra \u2013 l\u2019amulet protector que s\u2019esvaeix\" loading=\"lazy\"><\/div><div class=\"iwg-wesen-card-body\"><div class=\"iwg-wesen-card-name\">Triangle d\u2019Abracadabra \u2013 l\u2019amulet protector que s\u2019esvaeix<\/div><div class=\"iwg-wesen-card-arrow\">\u2192 A l&#039;\u00e9sser<\/div><\/div><\/a><a class=\"iwg-wesen-card\" href=\"https:\/\/iwell-guard.com\/ca\/chai-signe-hebreu-vida\/\" aria-label=\"Chai: el signe hebreu de la vida\"><div class=\"iwg-wesen-card-imgwrap\"><img decoding=\"async\" src=\"https:\/\/iwell-guard.com\/wp-content\/uploads\/2026\/05\/schutzsymbol_judentum_chai-200x300.webp\" alt=\"Chai: el signe hebreu de la vida\" loading=\"lazy\"><\/div><div class=\"iwg-wesen-card-body\"><div class=\"iwg-wesen-card-name\">Chai: el signe hebreu de la vida<\/div><div class=\"iwg-wesen-card-arrow\">\u2192 A l&#039;\u00e9sser<\/div><\/div><\/a><a class=\"iwg-wesen-card\" href=\"https:\/\/iwell-guard.com\/ca\/amulet-cabalistic-proteccio-jueva\/\" aria-label=\"Amulet cabal\u00edstic \u2013 l\u2019amulet protector jueu\"><div class=\"iwg-wesen-card-imgwrap\"><img decoding=\"async\" src=\"https:\/\/iwell-guard.com\/wp-content\/uploads\/2026\/05\/schutzsymbol_judentum_kabbala-amulett-200x300.webp\" alt=\"Amulet cabal\u00edstic \u2013 l\u2019amulet protector jueu\" loading=\"lazy\"><\/div><div class=\"iwg-wesen-card-body\"><div class=\"iwg-wesen-card-name\">Amulet cabal\u00edstic \u2013 l\u2019amulet protector jueu<\/div><div class=\"iwg-wesen-card-arrow\">\u2192 A l&#039;\u00e9sser<\/div><\/div><\/a><a class=\"iwg-wesen-card\" href=\"https:\/\/iwell-guard.com\/ca\/schiwiti-tafel-imatge-devocional-jueva\/\" aria-label=\"Taula de Schiwiti \u2013 la imatge devocional i protectora jueva\"><div class=\"iwg-wesen-card-imgwrap\"><img decoding=\"async\" src=\"https:\/\/iwell-guard.com\/wp-content\/uploads\/2026\/05\/schutzsymbol_judentum_schiwiti-200x300.webp\" alt=\"Taula de Schiwiti \u2013 la imatge devocional i protectora jueva\" loading=\"lazy\"><\/div><div class=\"iwg-wesen-card-body\"><div class=\"iwg-wesen-card-name\">Taula de Schiwiti \u2013 la imatge devocional i protectora jueva<\/div><div class=\"iwg-wesen-card-arrow\">\u2192 A l&#039;\u00e9sser<\/div><\/div><\/a><a class=\"iwg-wesen-card\" href=\"https:\/\/iwell-guard.com\/ca\/segell-de-salomo-el-signe-sobre-els-esperits\/\" aria-label=\"Segell de Salom\u00f3 \u2013 el signe sobre els esperits\"><div class=\"iwg-wesen-card-imgwrap\"><img decoding=\"async\" src=\"https:\/\/iwell-guard.com\/wp-content\/uploads\/2026\/05\/schutzsymbol_judentum_siegel-salomos-200x300.webp\" alt=\"Segell de Salom\u00f3 \u2013 el signe sobre els esperits\" loading=\"lazy\"><\/div><div class=\"iwg-wesen-card-body\"><div class=\"iwg-wesen-card-name\">Segell de Salom\u00f3 \u2013 el signe sobre els esperits<\/div><div class=\"iwg-wesen-card-arrow\">\u2192 A l&#039;\u00e9sser<\/div><\/div><\/a><a class=\"iwg-wesen-card\" href=\"https:\/\/iwell-guard.com\/ca\/ayat-al-kursi-vers-del-tron\/\" aria-label=\"Ayat al-Kursi \u2013 el vers del Tron com a text de protecci\u00f3\"><div class=\"iwg-wesen-card-imgwrap\"><img decoding=\"async\" src=\"https:\/\/iwell-guard.com\/wp-content\/uploads\/2026\/05\/schutzsymbol_islam_ayat-al-kursi-200x300.webp\" alt=\"Ayat al-Kursi \u2013 el vers del Tron com a text de protecci\u00f3\" loading=\"lazy\"><\/div><div class=\"iwg-wesen-card-body\"><div class=\"iwg-wesen-card-name\">Ayat al-Kursi \u2013 el vers del Tron com a text de protecci\u00f3<\/div><div class=\"iwg-wesen-card-arrow\">\u2192 A l&#039;\u00e9sser<\/div><\/div><\/a><a class=\"iwg-wesen-card\" href=\"https:\/\/iwell-guard.com\/ca\/zulfiqar-espasa-de-ali-signe-de-proteccio\/\" aria-label=\"Zulfiqar \u2013 l\u2019espasa d\u2019Ali com a signe de protecci\u00f3\"><div class=\"iwg-wesen-card-imgwrap\"><img decoding=\"async\" src=\"https:\/\/iwell-guard.com\/wp-content\/uploads\/2026\/05\/schutzsymbol_islam_zulfiqar-200x300.webp\" alt=\"Zulfiqar \u2013 l\u2019espasa d\u2019Ali com a signe de protecci\u00f3\" loading=\"lazy\"><\/div><div class=\"iwg-wesen-card-body\"><div class=\"iwg-wesen-card-name\">Zulfiqar \u2013 l\u2019espasa d\u2019Ali com a signe de protecci\u00f3<\/div><div class=\"iwg-wesen-card-arrow\">\u2192 A l&#039;\u00e9sser<\/div><\/div><\/a><a class=\"iwg-wesen-card\" href=\"https:\/\/iwell-guard.com\/ca\/buduh-quadrat-magic-islam\/\" aria-label=\"Buduh \u2013 el quadrat m\u00e0gic de l\u2019islam\"><div class=\"iwg-wesen-card-imgwrap\"><img decoding=\"async\" src=\"https:\/\/iwell-guard.com\/wp-content\/uploads\/2026\/05\/schutzsymbol_islam_buduh-200x300.webp\" alt=\"Buduh \u2013 el quadrat m\u00e0gic de l\u2019islam\" loading=\"lazy\"><\/div><div class=\"iwg-wesen-card-body\"><div class=\"iwg-wesen-card-name\">Buduh \u2013 el quadrat m\u00e0gic de l\u2019islam<\/div><div class=\"iwg-wesen-card-arrow\">\u2192 A l&#039;\u00e9sser<\/div><\/div><\/a><a class=\"iwg-wesen-card\" href=\"https:\/\/iwell-guard.com\/ca\/maschallah-formula-mal-ull\/\" aria-label=\"Maschal\u00b7l\u00e0 \u2013 la f\u00f3rmula de protecci\u00f3 contra el mal d\u2019ull\"><div class=\"iwg-wesen-card-imgwrap\"><img decoding=\"async\" src=\"https:\/\/iwell-guard.com\/wp-content\/uploads\/2026\/05\/schutzsymbol_islam_maschallah-200x300.webp\" alt=\"Maschal\u00b7l\u00e0 \u2013 la f\u00f3rmula de protecci\u00f3 contra el mal d\u2019ull\" loading=\"lazy\"><\/div><div class=\"iwg-wesen-card-body\"><div class=\"iwg-wesen-card-name\">Maschal\u00b7l\u00e0 \u2013 la f\u00f3rmula de protecci\u00f3 contra el mal d\u2019ull<\/div><div class=\"iwg-wesen-card-arrow\">\u2192 A l&#039;\u00e9sser<\/div><\/div><\/a><a class=\"iwg-wesen-card\" href=\"https:\/\/iwell-guard.com\/ca\/gris-gris-bossa-protectora\/\" aria-label=\"Gris-gris: la bossa protectora que es porta\"><div class=\"iwg-wesen-card-imgwrap\"><img decoding=\"async\" src=\"https:\/\/iwell-guard.com\/wp-content\/uploads\/2026\/05\/schutzsymbol_afrika_gris-gris-200x300.webp\" alt=\"Gris-gris: la bossa protectora que es porta\" loading=\"lazy\"><\/div><div class=\"iwg-wesen-card-body\"><div class=\"iwg-wesen-card-name\">Gris-gris: la bossa protectora que es porta<\/div><div class=\"iwg-wesen-card-arrow\">\u2192 A l&#039;\u00e9sser<\/div><\/div><\/a><a class=\"iwg-wesen-card\" href=\"https:\/\/iwell-guard.com\/ca\/nkisi-figura-de-poder-congo\/\" aria-label=\"Nkisi \u2013 la figura de poder de la regi\u00f3 del Congo\"><div class=\"iwg-wesen-card-imgwrap\"><img decoding=\"async\" src=\"https:\/\/iwell-guard.com\/wp-content\/uploads\/2026\/05\/schutzsymbol_afrika_nkisi-200x300.webp\" alt=\"Nkisi \u2013 la figura de poder de la regi\u00f3 del Congo\" loading=\"lazy\"><\/div><div class=\"iwg-wesen-card-body\"><div class=\"iwg-wesen-card-name\">Nkisi \u2013 la figura de poder de la regi\u00f3 del Congo<\/div><div class=\"iwg-wesen-card-arrow\">\u2192 A l&#039;\u00e9sser<\/div><\/div><\/a><a class=\"iwg-wesen-card\" href=\"https:\/\/iwell-guard.com\/ca\/mojo-bag-sarro-protector-hoodoo\/\" aria-label=\"Mojo Bag \u2013 el sarr\u00f3 protector de la tradici\u00f3 hoodoo\"><div class=\"iwg-wesen-card-imgwrap\"><img decoding=\"async\" src=\"https:\/\/iwell-guard.com\/wp-content\/uploads\/2026\/05\/schutzsymbol_afrika_mojo-bag-200x300.webp\" alt=\"Mojo Bag \u2013 el sarr\u00f3 protector de la tradici\u00f3 hoodoo\" loading=\"lazy\"><\/div><div class=\"iwg-wesen-card-body\"><div class=\"iwg-wesen-card-name\">Mojo Bag \u2013 el sarr\u00f3 protector de la tradici\u00f3 hoodoo<\/div><div class=\"iwg-wesen-card-arrow\">\u2192 A l&#039;\u00e9sser<\/div><\/div><\/a><a class=\"iwg-wesen-card\" href=\"https:\/\/iwell-guard.com\/ca\/eleggua-cap-protector-entrada\/\" aria-label=\"Eleggua \u2013 el cap protector a l\u2019entrada de la casa\"><div class=\"iwg-wesen-card-imgwrap\"><img decoding=\"async\" src=\"https:\/\/iwell-guard.com\/wp-content\/uploads\/2026\/05\/schutzsymbol_afrika_eleggua-200x300.webp\" alt=\"Eleggua \u2013 el cap protector a l\u2019entrada de la casa\" loading=\"lazy\"><\/div><div class=\"iwg-wesen-card-body\"><div class=\"iwg-wesen-card-name\">Eleggua \u2013 el cap protector a l\u2019entrada de la casa<\/div><div class=\"iwg-wesen-card-arrow\">\u2192 A l&#039;\u00e9sser<\/div><\/div><\/a><a class=\"iwg-wesen-card\" href=\"https:\/\/iwell-guard.com\/ca\/kushti-el-cinturo-sagrat-dels-zoroastrians\/\" aria-label=\"Kushti \u2013 el cintur\u00f3 sagrat dels zoroastrians\"><div class=\"iwg-wesen-card-imgwrap\"><img decoding=\"async\" src=\"https:\/\/iwell-guard.com\/wp-content\/uploads\/2026\/05\/schutzsymbol_iran_kushti-200x300.webp\" alt=\"Kushti \u2013 el cintur\u00f3 sagrat dels zoroastrians\" loading=\"lazy\"><\/div><div class=\"iwg-wesen-card-body\"><div class=\"iwg-wesen-card-name\">Kushti \u2013 el cintur\u00f3 sagrat dels zoroastrians<\/div><div class=\"iwg-wesen-card-arrow\">\u2192 A l&#039;\u00e9sser<\/div><\/div><\/a><a class=\"iwg-wesen-card\" href=\"https:\/\/iwell-guard.com\/ca\/amulet-lilith-proteccio-llit-part\/\" aria-label=\"Amulet de Lilith \u2013 Protecci\u00f3 al llit de part jueu\"><div class=\"iwg-wesen-card-imgwrap\"><img decoding=\"async\" src=\"https:\/\/iwell-guard.com\/wp-content\/uploads\/2026\/05\/schutzsymbol_judentum_lilith-amulett-200x300.webp\" alt=\"Amulet de Lilith \u2013 Protecci\u00f3 al llit de part jueu\" loading=\"lazy\"><\/div><div class=\"iwg-wesen-card-body\"><div class=\"iwg-wesen-card-name\">Amulet de Lilith \u2013 Protecci\u00f3 al llit de part jueu<\/div><div class=\"iwg-wesen-card-arrow\">\u2192 A l&#039;\u00e9sser<\/div><\/div><\/a><a class=\"iwg-wesen-card\" href=\"https:\/\/iwell-guard.com\/ca\/cornicello-amulet-en-forma-de-banya\/\" aria-label=\"Cornicello: l\u2019amulet itali\u00e0 en forma de banya\"><div class=\"iwg-wesen-card-imgwrap\"><img decoding=\"async\" src=\"https:\/\/iwell-guard.com\/wp-content\/uploads\/2026\/05\/schutzsymbol_italien_cornicello-1-200x300.webp\" alt=\"Cornicello: l\u2019amulet itali\u00e0 en forma de banya\" loading=\"lazy\"><\/div><div class=\"iwg-wesen-card-body\"><div class=\"iwg-wesen-card-name\">Cornicello: l\u2019amulet itali\u00e0 en forma de banya<\/div><div class=\"iwg-wesen-card-arrow\">\u2192 A l&#039;\u00e9sser<\/div><\/div><\/a><a class=\"iwg-wesen-card\" href=\"https:\/\/iwell-guard.com\/ca\/mano-cornuta-la-ma-banyuda-contra-el-mal-dull\/\" aria-label=\"Mano cornuta \u2013 la m\u00e0 banyuda contra el mal d\u2019ull\"><div class=\"iwg-wesen-card-imgwrap\"><img decoding=\"async\" src=\"https:\/\/iwell-guard.com\/wp-content\/uploads\/2026\/05\/schutzsymbol_italien_mano-cornuta-200x300.webp\" alt=\"Mano cornuta \u2013 la m\u00e0 banyuda contra el mal d\u2019ull\" loading=\"lazy\"><\/div><div class=\"iwg-wesen-card-body\"><div class=\"iwg-wesen-card-name\">Mano cornuta \u2013 la m\u00e0 banyuda contra el mal d\u2019ull<\/div><div class=\"iwg-wesen-card-arrow\">\u2192 A l&#039;\u00e9sser<\/div><\/div><\/a><a class=\"iwg-wesen-card\" href=\"https:\/\/iwell-guard.com\/ca\/mano-fico-la-ma-de-la-figa\/\" aria-label=\"Mano fico \u2013 la m\u00e0 de la figa com a amulet protector\"><div class=\"iwg-wesen-card-imgwrap\"><img decoding=\"async\" src=\"https:\/\/iwell-guard.com\/wp-content\/uploads\/2026\/05\/schutzsymbol_italien_mano-fico-200x300.webp\" alt=\"Mano fico \u2013 la m\u00e0 de la figa com a amulet protector\" loading=\"lazy\"><\/div><div class=\"iwg-wesen-card-body\"><div class=\"iwg-wesen-card-name\">Mano fico \u2013 la m\u00e0 de la figa com a amulet protector<\/div><div class=\"iwg-wesen-card-arrow\">\u2192 A l&#039;\u00e9sser<\/div><\/div><\/a><a class=\"iwg-wesen-card\" href=\"https:\/\/iwell-guard.com\/ca\/cimaruta-amulet-napolita-branca-ruda\/\" aria-label=\"Cimaruta \u2013 l\u2019amulet napolit\u00e0 en forma de branca de ruda\"><div class=\"iwg-wesen-card-imgwrap\"><img decoding=\"async\" src=\"https:\/\/iwell-guard.com\/wp-content\/uploads\/2026\/05\/schutzsymbol_italien_cimaruta-200x300.webp\" alt=\"Cimaruta \u2013 l\u2019amulet napolit\u00e0 en forma de branca de ruda\" loading=\"lazy\"><\/div><div class=\"iwg-wesen-card-body\"><div class=\"iwg-wesen-card-name\">Cimaruta \u2013 l\u2019amulet napolit\u00e0 en forma de branca de ruda<\/div><div class=\"iwg-wesen-card-arrow\">\u2192 A l&#039;\u00e9sser<\/div><\/div><\/a><a class=\"iwg-wesen-card\" href=\"https:\/\/iwell-guard.com\/ca\/nazar-battu-careta-protectora-india\/\" aria-label=\"Nazar Battu \u2013 la careta protectora \u00edndia\"><div class=\"iwg-wesen-card-imgwrap\"><img decoding=\"async\" src=\"https:\/\/iwell-guard.com\/wp-content\/uploads\/2026\/05\/schutzsymbol_indien_nazar-battu-200x300.webp\" alt=\"Nazar Battu \u2013 la careta protectora \u00edndia\" loading=\"lazy\"><\/div><div class=\"iwg-wesen-card-body\"><div class=\"iwg-wesen-card-name\">Nazar Battu \u2013 la careta protectora \u00edndia<\/div><div class=\"iwg-wesen-card-arrow\">\u2192 A l&#039;\u00e9sser<\/div><\/div><\/a><a class=\"iwg-wesen-card\" href=\"https:\/\/iwell-guard.com\/ca\/azabache-el-puny-de-gagat-negre-contra-el-mal-dull\/\" aria-label=\"Azabache \u2013 el puny de gagat negre contra el mal d\u2019ull\"><div class=\"iwg-wesen-card-imgwrap\"><img decoding=\"async\" src=\"https:\/\/iwell-guard.com\/wp-content\/uploads\/2026\/05\/schutzsymbol_lateinamerika_azabache-200x300.webp\" alt=\"Azabache \u2013 el puny de gagat negre contra el mal d\u2019ull\" loading=\"lazy\"><\/div><div class=\"iwg-wesen-card-body\"><div class=\"iwg-wesen-card-name\">Azabache \u2013 el puny de gagat negre contra el mal d\u2019ull<\/div><div class=\"iwg-wesen-card-arrow\">\u2192 A l&#039;\u00e9sser<\/div><\/div><\/a><a class=\"iwg-wesen-card\" href=\"https:\/\/iwell-guard.com\/ca\/nus-celta-patro-infinit\/\" aria-label=\"El nus celta \u2013 el patr\u00f3 de nusos infinit\"><div class=\"iwg-wesen-card-imgwrap\"><img decoding=\"async\" src=\"https:\/\/iwell-guard.com\/wp-content\/uploads\/2026\/05\/schutzsymbol_keltisch_keltischer-knoten-200x300.webp\" alt=\"El nus celta \u2013 el patr\u00f3 de nusos infinit\" loading=\"lazy\"><\/div><div class=\"iwg-wesen-card-body\"><div class=\"iwg-wesen-card-name\">El nus celta \u2013 el patr\u00f3 de nusos infinit<\/div><div class=\"iwg-wesen-card-arrow\">\u2192 A l&#039;\u00e9sser<\/div><\/div><\/a><a class=\"iwg-wesen-card\" href=\"https:\/\/iwell-guard.com\/ca\/ma-de-deu-signe-protector-eslau\/\" aria-label=\"M\u00e0 de D\u00e9u \u2013 el signe protector eslau R\u0119ka Boga\"><div class=\"iwg-wesen-card-imgwrap\"><img decoding=\"async\" src=\"https:\/\/iwell-guard.com\/wp-content\/uploads\/2026\/05\/schutzsymbol_slawisch_hand-gottes-200x300.webp\" alt=\"M\u00e0 de D\u00e9u \u2013 el signe protector eslau R\u0119ka Boga\" loading=\"lazy\"><\/div><div class=\"iwg-wesen-card-body\"><div class=\"iwg-wesen-card-name\">M\u00e0 de D\u00e9u \u2013 el signe protector eslau R\u0119ka Boga<\/div><div class=\"iwg-wesen-card-arrow\">\u2192 A l&#039;\u00e9sser<\/div><\/div><\/a><a class=\"iwg-wesen-card\" href=\"https:\/\/iwell-guard.com\/ca\/obereg-terme-collectiu-eslau-amulets-protectors\/\" aria-label=\"Obereg: el terme col\u00b7lectiu eslau per als amulets protectors\"><div class=\"iwg-wesen-card-imgwrap\"><img decoding=\"async\" src=\"https:\/\/iwell-guard.com\/wp-content\/uploads\/2026\/05\/schutzsymbol_slawisch_obereg-200x300.webp\" alt=\"Obereg: el terme col\u00b7lectiu eslau per als amulets protectors\" loading=\"lazy\"><\/div><div class=\"iwg-wesen-card-body\"><div class=\"iwg-wesen-card-name\">Obereg: el terme col\u00b7lectiu eslau per als amulets protectors<\/div><div class=\"iwg-wesen-card-arrow\">\u2192 A l&#039;\u00e9sser<\/div><\/div><\/a><a class=\"iwg-wesen-card\" href=\"https:\/\/iwell-guard.com\/ca\/lunula-eslava-amulet-mitja-lluna\/\" aria-label=\"La l\u00fanula eslava: l\u2019amulet en forma de mitja lluna\"><div class=\"iwg-wesen-card-imgwrap\"><img decoding=\"async\" src=\"https:\/\/iwell-guard.com\/wp-content\/uploads\/2026\/05\/schutzsymbol_slawisch_lunula-200x300.webp\" alt=\"La l\u00fanula eslava: l\u2019amulet en forma de mitja lluna\" loading=\"lazy\"><\/div><div class=\"iwg-wesen-card-body\"><div class=\"iwg-wesen-card-name\">La l\u00fanula eslava: l\u2019amulet en forma de mitja lluna<\/div><div class=\"iwg-wesen-card-arrow\">\u2192 A l&#039;\u00e9sser<\/div><\/div><\/a><a class=\"iwg-wesen-card\" href=\"https:\/\/iwell-guard.com\/ca\/ashtamangala-vuit-simbols-bon-auguri\/\" aria-label=\"Ashtamangala \u2013 els vuit s\u00edmbols de bon auguri\"><div class=\"iwg-wesen-card-imgwrap\"><img decoding=\"async\" src=\"https:\/\/iwell-guard.com\/wp-content\/uploads\/2026\/05\/schutzsymbol_buddhismus_ashtamangala-200x300.webp\" alt=\"Ashtamangala \u2013 els vuit s\u00edmbols de bon auguri\" loading=\"lazy\"><\/div><div class=\"iwg-wesen-card-body\"><div class=\"iwg-wesen-card-name\">Ashtamangala \u2013 els vuit s\u00edmbols de bon auguri<\/div><div class=\"iwg-wesen-card-arrow\">\u2192 A l&#039;\u00e9sser<\/div><\/div><\/a><a class=\"iwg-wesen-card\" href=\"https:\/\/iwell-guard.com\/ca\/dharmachakra-roda-ensenyament-budista\/\" aria-label=\"Dharmachakra: la roda de l\u2019ensenyament budista\"><div class=\"iwg-wesen-card-imgwrap\"><img decoding=\"async\" src=\"https:\/\/iwell-guard.com\/wp-content\/uploads\/2026\/05\/schutzsymbol_buddhismus_dharmachakra-200x300.webp\" alt=\"Dharmachakra: la roda de l\u2019ensenyament budista\" loading=\"lazy\"><\/div><div class=\"iwg-wesen-card-body\"><div class=\"iwg-wesen-card-name\">Dharmachakra: la roda de l\u2019ensenyament budista<\/div><div class=\"iwg-wesen-card-arrow\">\u2192 A l&#039;\u00e9sser<\/div><\/div><\/a><a class=\"iwg-wesen-card\" href=\"https:\/\/iwell-guard.com\/ca\/mala-rosari-budista-108-perles\/\" aria-label=\"Mala \u2013 el rosari budista de 108 perles\"><div class=\"iwg-wesen-card-imgwrap\"><img decoding=\"async\" src=\"https:\/\/iwell-guard.com\/wp-content\/uploads\/2026\/05\/schutzsymbol_buddhismus_mala-200x300.webp\" alt=\"Mala \u2013 el rosari budista de 108 perles\" loading=\"lazy\"><\/div><div class=\"iwg-wesen-card-body\"><div class=\"iwg-wesen-card-name\">Mala \u2013 el rosari budista de 108 perles<\/div><div class=\"iwg-wesen-card-arrow\">\u2192 A l&#039;\u00e9sser<\/div><\/div><\/a><a class=\"iwg-wesen-card\" href=\"https:\/\/iwell-guard.com\/ca\/phurba-punyal-ritual-tibet\/\" aria-label=\"Phurba \u2013 el punyal ritual tricantonat del Tibet\"><div class=\"iwg-wesen-card-imgwrap\"><img decoding=\"async\" src=\"https:\/\/iwell-guard.com\/wp-content\/uploads\/2026\/05\/schutzsymbol_tibet_phurba-200x300.webp\" alt=\"Phurba \u2013 el punyal ritual tricantonat del Tibet\" loading=\"lazy\"><\/div><div class=\"iwg-wesen-card-body\"><div class=\"iwg-wesen-card-name\">Phurba \u2013 el punyal ritual tricantonat del Tibet<\/div><div class=\"iwg-wesen-card-arrow\">\u2192 A l&#039;\u00e9sser<\/div><\/div><\/a><a class=\"iwg-wesen-card\" href=\"https:\/\/iwell-guard.com\/ca\/perles-dzi-agata-tibet\/\" aria-label=\"Perles Dzi \u2013 les perles d\u2019\u00e0gata del Tibet\"><div class=\"iwg-wesen-card-imgwrap\"><img decoding=\"async\" src=\"https:\/\/iwell-guard.com\/wp-content\/uploads\/2026\/05\/schutzsymbol_tibet_dzi-perlen-200x300.webp\" alt=\"Perles Dzi \u2013 les perles d\u2019\u00e0gata del Tibet\" loading=\"lazy\"><\/div><div class=\"iwg-wesen-card-body\"><div class=\"iwg-wesen-card-name\">Perles Dzi \u2013 les perles d\u2019\u00e0gata del Tibet<\/div><div class=\"iwg-wesen-card-arrow\">\u2192 A l&#039;\u00e9sser<\/div><\/div><\/a><a class=\"iwg-wesen-card\" href=\"https:\/\/iwell-guard.com\/ca\/schutzknoten-corda-beneida-tibet\/\" aria-label=\"Schutzknoten \u2013 la corda bene\u00efda del Tibet\"><div class=\"iwg-wesen-card-imgwrap\"><img decoding=\"async\" src=\"https:\/\/iwell-guard.com\/wp-content\/uploads\/2026\/05\/schutzsymbol_tibet_schutzknoten-200x300.webp\" alt=\"Schutzknoten \u2013 la corda bene\u00efda del Tibet\" loading=\"lazy\"><\/div><div class=\"iwg-wesen-card-body\"><div class=\"iwg-wesen-card-name\">Schutzknoten \u2013 la corda bene\u00efda del Tibet<\/div><div class=\"iwg-wesen-card-arrow\">\u2192 A l&#039;\u00e9sser<\/div><\/div><\/a><a class=\"iwg-wesen-card\" href=\"https:\/\/iwell-guard.com\/ca\/windpferd-lungta-banderes-pregaries-tibetanes\/\" aria-label=\"Windpferd \u2013 el Lungta de les banderes de preg\u00e0ries tibetanes\"><div class=\"iwg-wesen-card-imgwrap\"><img decoding=\"async\" src=\"https:\/\/iwell-guard.com\/wp-content\/uploads\/2026\/05\/schutzsymbol_tibet_windpferd-200x300.webp\" alt=\"Windpferd \u2013 el Lungta de les banderes de preg\u00e0ries tibetanes\" loading=\"lazy\"><\/div><div class=\"iwg-wesen-card-body\"><div class=\"iwg-wesen-card-name\">Windpferd \u2013 el Lungta de les banderes de preg\u00e0ries tibetanes<\/div><div class=\"iwg-wesen-card-arrow\">\u2192 A l&#039;\u00e9sser<\/div><\/div><\/a><a class=\"iwg-wesen-card\" href=\"https:\/\/iwell-guard.com\/ca\/fu-talisman\/\" aria-label=\"Fu-Talisman \u2013 el talism\u00e0 de paper taoista\"><div class=\"iwg-wesen-card-imgwrap\"><img decoding=\"async\" src=\"https:\/\/iwell-guard.com\/wp-content\/uploads\/2026\/05\/schutzsymbol_daoismus_fu-talisman-200x300.webp\" alt=\"Fu-Talisman \u2013 el talism\u00e0 de paper taoista\" loading=\"lazy\"><\/div><div class=\"iwg-wesen-card-body\"><div class=\"iwg-wesen-card-name\">Fu-Talisman \u2013 el talism\u00e0 de paper taoista<\/div><div class=\"iwg-wesen-card-arrow\">\u2192 A l&#039;\u00e9sser<\/div><\/div><\/a><a class=\"iwg-wesen-card\" href=\"https:\/\/iwell-guard.com\/ca\/espasa-de-monedes-objecte-apotropaic-taoista\/\" aria-label=\"Espasa de monedes: l\u2019objecte apotropaic taoista fet de monedes de bronze\"><div class=\"iwg-wesen-card-imgwrap\"><img decoding=\"async\" src=\"https:\/\/iwell-guard.com\/wp-content\/uploads\/2026\/05\/schutzsymbol_china_muenzschwert-200x300.webp\" alt=\"Espasa de monedes: l\u2019objecte apotropaic taoista fet de monedes de bronze\" loading=\"lazy\"><\/div><div class=\"iwg-wesen-card-body\"><div class=\"iwg-wesen-card-name\">Espasa de monedes: l\u2019objecte apotropaic taoista fet de monedes de bronze<\/div><div class=\"iwg-wesen-card-arrow\">\u2192 A l&#039;\u00e9sser<\/div><\/div><\/a><a class=\"iwg-wesen-card\" href=\"https:\/\/iwell-guard.com\/ca\/amulet-de-moneda-moneda-de-la-sort-xinesa\/\" aria-label=\"Amulet de moneda: la moneda de la sort xinesa\"><div class=\"iwg-wesen-card-imgwrap\"><img decoding=\"async\" src=\"https:\/\/iwell-guard.com\/wp-content\/uploads\/2026\/05\/schutzsymbol_china_muenzamulett-200x300.webp\" alt=\"Amulet de moneda: la moneda de la sort xinesa\" loading=\"lazy\"><\/div><div class=\"iwg-wesen-card-body\"><div class=\"iwg-wesen-card-name\">Amulet de moneda: la moneda de la sort xinesa<\/div><div class=\"iwg-wesen-card-arrow\">\u2192 A l&#039;\u00e9sser<\/div><\/div><\/a><a class=\"iwg-wesen-card\" href=\"https:\/\/iwell-guard.com\/ca\/pixiu-ser-fabulos-alat-figura-protectora\/\" aria-label=\"Pixiu \u2013 l\u2019\u00e9sser fabul\u00f3s alat com a figura protectora\"><div class=\"iwg-wesen-card-imgwrap\"><img decoding=\"async\" src=\"https:\/\/iwell-guard.com\/wp-content\/uploads\/2026\/05\/schutzsymbol_china_pixiu-200x300.webp\" alt=\"Pixiu \u2013 l\u2019\u00e9sser fabul\u00f3s alat com a figura protectora\" loading=\"lazy\"><\/div><div class=\"iwg-wesen-card-body\"><div class=\"iwg-wesen-card-name\">Pixiu \u2013 l\u2019\u00e9sser fabul\u00f3s alat com a figura protectora<\/div><div class=\"iwg-wesen-card-arrow\">\u2192 A l&#039;\u00e9sser<\/div><\/div><\/a><a class=\"iwg-wesen-card\" href=\"https:\/\/iwell-guard.com\/ca\/menshen-deus-xinesos-de-la-porta\/\" aria-label=\"Menshen \u2013 els d\u00e9us xinesos de la porta\"><div class=\"iwg-wesen-card-imgwrap\"><img decoding=\"async\" src=\"https:\/\/iwell-guard.com\/wp-content\/uploads\/2026\/05\/schutzsymbol_china_tuergoetter-200x300.webp\" alt=\"Menshen \u2013 els d\u00e9us xinesos de la porta\" loading=\"lazy\"><\/div><div class=\"iwg-wesen-card-body\"><div class=\"iwg-wesen-card-name\">Menshen \u2013 els d\u00e9us xinesos de la porta<\/div><div class=\"iwg-wesen-card-arrow\">\u2192 A l&#039;\u00e9sser<\/div><\/div><\/a><a class=\"iwg-wesen-card\" href=\"https:\/\/iwell-guard.com\/ca\/fusta-de-presseguer-xina-dimonis\/\" aria-label=\"Fusta de pr\u00e9ssec: la fusta que allunya els dimonis a la Xina\"><div class=\"iwg-wesen-card-imgwrap\"><img decoding=\"async\" src=\"https:\/\/iwell-guard.com\/wp-content\/uploads\/2026\/05\/schutzsymbol_china_pfirsichholz-200x300.webp\" alt=\"Fusta de pr\u00e9ssec: la fusta que allunya els dimonis a la Xina\" loading=\"lazy\"><\/div><div class=\"iwg-wesen-card-body\"><div class=\"iwg-wesen-card-name\">Fusta de pr\u00e9ssec: la fusta que allunya els dimonis a la Xina<\/div><div class=\"iwg-wesen-card-arrow\">\u2192 A l&#039;\u00e9sser<\/div><\/div><\/a><a class=\"iwg-wesen-card\" href=\"https:\/\/iwell-guard.com\/ca\/sri-yantra-diagrama-geometric-hinduisme\/\" aria-label=\"Sri Yantra \u2013 el diagrama geom\u00e8tric de veneraci\u00f3 de l\u2019hinduisme\"><div class=\"iwg-wesen-card-imgwrap\"><img decoding=\"async\" src=\"https:\/\/iwell-guard.com\/wp-content\/uploads\/2026\/05\/schutzsymbol_hinduismus_sri-yantra-200x300.webp\" alt=\"Sri Yantra \u2013 el diagrama geom\u00e8tric de veneraci\u00f3 de l\u2019hinduisme\" loading=\"lazy\"><\/div><div class=\"iwg-wesen-card-body\"><div class=\"iwg-wesen-card-name\">Sri Yantra \u2013 el diagrama geom\u00e8tric de veneraci\u00f3 de l\u2019hinduisme<\/div><div class=\"iwg-wesen-card-arrow\">\u2192 A l&#039;\u00e9sser<\/div><\/div><\/a><a class=\"iwg-wesen-card\" href=\"https:\/\/iwell-guard.com\/ca\/fil-negre-proteccio-mal-ull\/\" aria-label=\"Fil negre \u2013 la cinta protectora contra el mal d\u2019ull\"><div class=\"iwg-wesen-card-imgwrap\"><img decoding=\"async\" src=\"https:\/\/iwell-guard.com\/wp-content\/uploads\/2026\/05\/schutzsymbol_hinduismus_schwarzer-faden-200x300.webp\" alt=\"Fil negre \u2013 la cinta protectora contra el mal d\u2019ull\" loading=\"lazy\"><\/div><div class=\"iwg-wesen-card-body\"><div class=\"iwg-wesen-card-name\">Fil negre \u2013 la cinta protectora contra el mal d\u2019ull<\/div><div class=\"iwg-wesen-card-arrow\">\u2192 A l&#039;\u00e9sser<\/div><\/div><\/a><a class=\"iwg-wesen-card\" href=\"https:\/\/iwell-guard.com\/ca\/hanuman-kavach\/\" aria-label=\"Hanuman-Kavach: el penjoll de protecci\u00f3 i l\u2019himne de protecci\u00f3 d\u2019Hanuman\"><div class=\"iwg-wesen-card-imgwrap\"><img decoding=\"async\" src=\"https:\/\/iwell-guard.com\/wp-content\/uploads\/2026\/05\/schutzsymbol_hinduismus_hanuman-kavach-200x300.webp\" alt=\"Hanuman-Kavach: el penjoll de protecci\u00f3 i l\u2019himne de protecci\u00f3 d\u2019Hanuman\" loading=\"lazy\"><\/div><div class=\"iwg-wesen-card-body\"><div class=\"iwg-wesen-card-name\">Hanuman-Kavach: el penjoll de protecci\u00f3 i l\u2019himne de protecci\u00f3 d\u2019Hanuman<\/div><div class=\"iwg-wesen-card-arrow\">\u2192 A l&#039;\u00e9sser<\/div><\/div><\/a><a class=\"iwg-wesen-card\" href=\"https:\/\/iwell-guard.com\/ca\/tilaka-signe-frontal-hinduisme\/\" aria-label=\"Tilaka: el signe frontal de l\u2019hinduisme\"><div class=\"iwg-wesen-card-imgwrap\"><img decoding=\"async\" src=\"https:\/\/iwell-guard.com\/wp-content\/uploads\/2026\/05\/schutzsymbol_hinduismus_tilaka-200x300.webp\" alt=\"Tilaka: el signe frontal de l\u2019hinduisme\" loading=\"lazy\"><\/div><div class=\"iwg-wesen-card-body\"><div class=\"iwg-wesen-card-name\">Tilaka: el signe frontal de l\u2019hinduisme<\/div><div class=\"iwg-wesen-card-arrow\">\u2192 A l&#039;\u00e9sser<\/div><\/div><\/a><a class=\"iwg-wesen-card\" href=\"https:\/\/iwell-guard.com\/ca\/trishula-el-trident-de-xiva\/\" aria-label=\"Trishula \u2013 el trident de Xiva\"><div class=\"iwg-wesen-card-imgwrap\"><img decoding=\"async\" src=\"https:\/\/iwell-guard.com\/wp-content\/uploads\/2026\/05\/schutzsymbol_hinduismus_trishula-200x300.webp\" alt=\"Trishula \u2013 el trident de Xiva\" loading=\"lazy\"><\/div><div class=\"iwg-wesen-card-body\"><div class=\"iwg-wesen-card-name\">Trishula \u2013 el trident de Xiva<\/div><div class=\"iwg-wesen-card-arrow\">\u2192 A l&#039;\u00e9sser<\/div><\/div><\/a><a class=\"iwg-wesen-card\" href=\"https:\/\/iwell-guard.com\/ca\/swastika-simbol-sort-proteccio-hinduisme\/\" aria-label=\"Swastika \u2013 l\u2019antic s\u00edmbol de sort i protecci\u00f3 de l\u2019hinduisme\"><div class=\"iwg-wesen-card-imgwrap\"><img decoding=\"async\" src=\"https:\/\/iwell-guard.com\/wp-content\/uploads\/2026\/05\/schutzsymbol_hinduismus_swastika-200x300.webp\" alt=\"Swastika \u2013 l\u2019antic s\u00edmbol de sort i protecci\u00f3 de l\u2019hinduisme\" loading=\"lazy\"><\/div><div class=\"iwg-wesen-card-body\"><div class=\"iwg-wesen-card-name\">Swastika \u2013 l\u2019antic s\u00edmbol de sort i protecci\u00f3 de l\u2019hinduisme<\/div><div class=\"iwg-wesen-card-arrow\">\u2192 A l&#039;\u00e9sser<\/div><\/div><\/a><a class=\"iwg-wesen-card\" href=\"https:\/\/iwell-guard.com\/ca\/bossa-de-medicina-dels-pobles-de-les-planes\/\" aria-label=\"Bossa de medicina dels pobles de les Planes de Nord-am\u00e8rica\"><div class=\"iwg-wesen-card-imgwrap\"><img decoding=\"async\" src=\"https:\/\/iwell-guard.com\/wp-content\/uploads\/2026\/05\/schutzsymbol_indigen_medizinbeutel-200x300.webp\" alt=\"Bossa de medicina dels pobles de les Planes de Nord-am\u00e8rica\" loading=\"lazy\"><\/div><div class=\"iwg-wesen-card-body\"><div class=\"iwg-wesen-card-name\">Bossa de medicina dels pobles de les Planes de Nord-am\u00e8rica<\/div><div class=\"iwg-wesen-card-arrow\">\u2192 A l&#039;\u00e9sser<\/div><\/div><\/a><a class=\"iwg-wesen-card\" href=\"https:\/\/iwell-guard.com\/ca\/la-roda-de-la-medicina-cercle-de-pedres\/\" aria-label=\"La roda de la medicina: cercle de pedres de les quatre direccions\"><div class=\"iwg-wesen-card-imgwrap\"><img decoding=\"async\" src=\"https:\/\/iwell-guard.com\/wp-content\/uploads\/2026\/05\/schutzsymbol_indigen_medizinrad-200x300.webp\" alt=\"La roda de la medicina: cercle de pedres de les quatre direccions\" loading=\"lazy\"><\/div><div class=\"iwg-wesen-card-body\"><div class=\"iwg-wesen-card-name\">La roda de la medicina: cercle de pedres de les quatre direccions<\/div><div class=\"iwg-wesen-card-arrow\">\u2192 A l&#039;\u00e9sser<\/div><\/div><\/a><a class=\"iwg-wesen-card\" href=\"https:\/\/iwell-guard.com\/ca\/ull-de-deu-ojo-de-dios-huitxol-mexic\/\" aria-label=\"L\u2019ull de D\u00e9u (Ojo de Dios) dels huitxol de M\u00e8xic\"><div class=\"iwg-wesen-card-imgwrap\"><img decoding=\"async\" src=\"https:\/\/iwell-guard.com\/wp-content\/uploads\/2026\/05\/schutzsymbol_indigen_gottesauge-200x300.webp\" alt=\"L\u2019ull de D\u00e9u (Ojo de Dios) dels huitxol de M\u00e8xic\" loading=\"lazy\"><\/div><div class=\"iwg-wesen-card-body\"><div class=\"iwg-wesen-card-name\">L\u2019ull de D\u00e9u (Ojo de Dios) dels huitxol de M\u00e8xic<\/div><div class=\"iwg-wesen-card-arrow\">\u2192 A l&#039;\u00e9sser<\/div><\/div><\/a><a class=\"iwg-wesen-card\" href=\"https:\/\/iwell-guard.com\/ca\/milagros-plaquetes-votives-religiositat-popular\/\" aria-label=\"Milagros: plaquetes votives de la religiositat popular\"><div class=\"iwg-wesen-card-imgwrap\"><img decoding=\"async\" src=\"https:\/\/iwell-guard.com\/wp-content\/uploads\/2026\/05\/schutzsymbol_lateinamerika_milagros-200x300.webp\" alt=\"Milagros: plaquetes votives de la religiositat popular\" loading=\"lazy\"><\/div><div class=\"iwg-wesen-card-body\"><div class=\"iwg-wesen-card-name\">Milagros: plaquetes votives de la religiositat popular<\/div><div class=\"iwg-wesen-card-arrow\">\u2192 A l&#039;\u00e9sser<\/div><\/div><\/a><a class=\"iwg-wesen-card\" href=\"https:\/\/iwell-guard.com\/ca\/mullu-petxina-sagrada-andes\/\" aria-label=\"Mullu: la petxina sagrada de Spondylus dels Andes\"><div class=\"iwg-wesen-card-imgwrap\"><img decoding=\"async\" src=\"https:\/\/iwell-guard.com\/wp-content\/uploads\/2026\/05\/schutzsymbol_anden_mullu-200x300.webp\" alt=\"Mullu: la petxina sagrada de Spondylus dels Andes\" loading=\"lazy\"><\/div><div class=\"iwg-wesen-card-body\"><div class=\"iwg-wesen-card-name\">Mullu: la petxina sagrada de Spondylus dels Andes<\/div><div class=\"iwg-wesen-card-arrow\">\u2192 A l&#039;\u00e9sser<\/div><\/div><\/a><a class=\"iwg-wesen-card\" href=\"https:\/\/iwell-guard.com\/ca\/hei-matau-penjoll-ham-pesca-maori\/\" aria-label=\"Hei Matau: penjoll d\u2019ham de pesca dels M\u0101ori\"><div class=\"iwg-wesen-card-imgwrap\"><img decoding=\"async\" src=\"https:\/\/iwell-guard.com\/wp-content\/uploads\/2026\/05\/schutzsymbol_polynesien_hei-matau-200x300.webp\" alt=\"Hei Matau: penjoll d\u2019ham de pesca dels M\u0101ori\" loading=\"lazy\"><\/div><div class=\"iwg-wesen-card-body\"><div class=\"iwg-wesen-card-name\">Hei Matau: penjoll d\u2019ham de pesca dels M\u0101ori<\/div><div class=\"iwg-wesen-card-arrow\">\u2192 A l&#039;\u00e9sser<\/div><\/div><\/a><a class=\"iwg-wesen-card\" href=\"https:\/\/iwell-guard.com\/ca\/tambor-sami-xaman-sapmi\/\" aria-label=\"Tambor sami: tambor de xaman de S\u00e1pmi\"><div class=\"iwg-wesen-card-imgwrap\"><img decoding=\"async\" src=\"https:\/\/iwell-guard.com\/wp-content\/uploads\/2026\/05\/schutzsymbol_sami_trommel-200x300.webp\" alt=\"Tambor sami: tambor de xaman de S\u00e1pmi\" loading=\"lazy\"><\/div><div class=\"iwg-wesen-card-body\"><div class=\"iwg-wesen-card-name\">Tambor sami: tambor de xaman de S\u00e1pmi<\/div><div class=\"iwg-wesen-card-arrow\">\u2192 A l&#039;\u00e9sser<\/div><\/div><\/a><a class=\"iwg-wesen-card\" href=\"https:\/\/iwell-guard.com\/ca\/cinturo-amulets-inuit-proteccio-artic\/\" aria-label=\"Cintur\u00f3 d\u2019amulets dels inuit: protecci\u00f3 de l\u2019\u00c0rtic\"><div class=\"iwg-wesen-card-imgwrap\"><img decoding=\"async\" src=\"https:\/\/iwell-guard.com\/wp-content\/uploads\/2026\/05\/schutzsymbol_inuit_amulettguertel-200x300.webp\" alt=\"Cintur\u00f3 d\u2019amulets dels inuit: protecci\u00f3 de l\u2019\u00c0rtic\" loading=\"lazy\"><\/div><div class=\"iwg-wesen-card-body\"><div class=\"iwg-wesen-card-name\">Cintur\u00f3 d\u2019amulets dels inuit: protecci\u00f3 de l\u2019\u00c0rtic<\/div><div class=\"iwg-wesen-card-arrow\">\u2192 A l&#039;\u00e9sser<\/div><\/div><\/a><a class=\"iwg-wesen-card\" href=\"https:\/\/iwell-guard.com\/ca\/toli-mirall-xamanic-bronze-siberia\/\" aria-label=\"Toli: el mirall xam\u00e0nic de bronze de Sib\u00e8ria\"><div class=\"iwg-wesen-card-imgwrap\"><img decoding=\"async\" src=\"https:\/\/iwell-guard.com\/wp-content\/uploads\/2026\/05\/schutzsymbol_sibirien_toli-200x300.webp\" alt=\"Toli: el mirall xam\u00e0nic de bronze de Sib\u00e8ria\" loading=\"lazy\"><\/div><div class=\"iwg-wesen-card-body\"><div class=\"iwg-wesen-card-name\">Toli: el mirall xam\u00e0nic de bronze de Sib\u00e8ria<\/div><div class=\"iwg-wesen-card-arrow\">\u2192 A l&#039;\u00e9sser<\/div><\/div><\/a><a class=\"iwg-wesen-card\" href=\"https:\/\/iwell-guard.com\/ca\/ongon-residencia-material-esperit-protector\/\" aria-label=\"Ongon: la resid\u00e8ncia material de l\u2019esperit protector\"><div class=\"iwg-wesen-card-imgwrap\"><img decoding=\"async\" src=\"https:\/\/iwell-guard.com\/wp-content\/uploads\/2026\/05\/schutzsymbol_sibirien_ongon-200x300.webp\" alt=\"Ongon: la resid\u00e8ncia material de l\u2019esperit protector\" loading=\"lazy\"><\/div><div class=\"iwg-wesen-card-body\"><div class=\"iwg-wesen-card-name\">Ongon: la resid\u00e8ncia material de l\u2019esperit protector<\/div><div class=\"iwg-wesen-card-arrow\">\u2192 A l&#039;\u00e9sser<\/div><\/div><\/a><a class=\"iwg-wesen-card\" href=\"https:\/\/iwell-guard.com\/ca\/churinga-objecte-sagrat-aborigens-australia\/\" aria-label=\"Churinga: objecte sagrat dels abor\u00edgens d\u2019Austr\u00e0lia\"><div class=\"iwg-wesen-card-imgwrap\"><img decoding=\"async\" src=\"https:\/\/iwell-guard.com\/wp-content\/uploads\/2026\/05\/schutzsymbol_aboriginal_churinga-200x300.webp\" alt=\"Churinga: objecte sagrat dels abor\u00edgens d\u2019Austr\u00e0lia\" loading=\"lazy\"><\/div><div class=\"iwg-wesen-card-body\"><div class=\"iwg-wesen-card-name\">Churinga: objecte sagrat dels abor\u00edgens d\u2019Austr\u00e0lia<\/div><div class=\"iwg-wesen-card-arrow\">\u2192 A l&#039;\u00e9sser<\/div><\/div><\/a><a class=\"iwg-wesen-card\" href=\"https:\/\/iwell-guard.com\/ca\/ofuda-talisman-japones-altar-domestic\/\" aria-label=\"Ofuda: el talism\u00e0 xintoista japon\u00e8s per a l\u2019altar dom\u00e8stic\"><div class=\"iwg-wesen-card-imgwrap\"><img decoding=\"async\" src=\"https:\/\/iwell-guard.com\/wp-content\/uploads\/2026\/05\/schutzsymbol_japan_ofuda-200x300.webp\" alt=\"Ofuda: el talism\u00e0 xintoista japon\u00e8s per a l\u2019altar dom\u00e8stic\" loading=\"lazy\"><\/div><div class=\"iwg-wesen-card-body\"><div class=\"iwg-wesen-card-name\">Ofuda: el talism\u00e0 xintoista japon\u00e8s per a l\u2019altar dom\u00e8stic<\/div><div class=\"iwg-wesen-card-arrow\">\u2192 A l&#039;\u00e9sser<\/div><\/div><\/a><a class=\"iwg-wesen-card\" href=\"https:\/\/iwell-guard.com\/ca\/shimenawa-corda-sagrada-palla-de-riu-shinto\/\" aria-label=\"Shimenawa \u2013 la corda sagrada de palla de riu del Shinto\"><div class=\"iwg-wesen-card-imgwrap\"><img decoding=\"async\" src=\"https:\/\/iwell-guard.com\/wp-content\/uploads\/2026\/05\/schutzsymbol_japan_shimenawa-200x300.webp\" alt=\"Shimenawa \u2013 la corda sagrada de palla de riu del Shinto\" loading=\"lazy\"><\/div><div class=\"iwg-wesen-card-body\"><div class=\"iwg-wesen-card-name\">Shimenawa \u2013 la corda sagrada de palla de riu del Shinto<\/div><div class=\"iwg-wesen-card-arrow\">\u2192 A l&#039;\u00e9sser<\/div><\/div><\/a><a class=\"iwg-wesen-card\" href=\"https:\/\/iwell-guard.com\/ca\/hamaya-fletxa-trencadora-dimonis-any-nou-japones\/\" aria-label=\"Hamaya \u2013 la fletxa trencadora de dimonis de l\u2019Any Nou japon\u00e8s\"><div class=\"iwg-wesen-card-imgwrap\"><img decoding=\"async\" src=\"https:\/\/iwell-guard.com\/wp-content\/uploads\/2026\/05\/schutzsymbol_japan_hamaya-200x300.webp\" alt=\"Hamaya \u2013 la fletxa trencadora de dimonis de l\u2019Any Nou japon\u00e8s\" loading=\"lazy\"><\/div><div class=\"iwg-wesen-card-body\"><div class=\"iwg-wesen-card-name\">Hamaya \u2013 la fletxa trencadora de dimonis de l\u2019Any Nou japon\u00e8s<\/div><div class=\"iwg-wesen-card-arrow\">\u2192 A l&#039;\u00e9sser<\/div><\/div><\/a><a class=\"iwg-wesen-card\" href=\"https:\/\/iwell-guard.com\/ca\/shisa-guardians-teulats-okinawa\/\" aria-label=\"Shisa \u2013 els guardians teulats en forma de lle\u00f3 d\u2019Okinawa\"><div class=\"iwg-wesen-card-imgwrap\"><img decoding=\"async\" src=\"https:\/\/iwell-guard.com\/wp-content\/uploads\/2026\/05\/schutzsymbol_japan_shisa-200x300.webp\" alt=\"Shisa \u2013 els guardians teulats en forma de lle\u00f3 d\u2019Okinawa\" loading=\"lazy\"><\/div><div class=\"iwg-wesen-card-body\"><div class=\"iwg-wesen-card-name\">Shisa \u2013 els guardians teulats en forma de lle\u00f3 d\u2019Okinawa<\/div><div class=\"iwg-wesen-card-arrow\">\u2192 A l&#039;\u00e9sser<\/div><\/div><\/a><a class=\"iwg-wesen-card\" href=\"https:\/\/iwell-guard.com\/ca\/haetae-esser-protector-coreano-foc-mal\/\" aria-label=\"Haetae \u2013 l\u2019\u00e9sser protector core\u00e0 contra el foc i el mal\"><div class=\"iwg-wesen-card-imgwrap\"><img decoding=\"async\" src=\"https:\/\/iwell-guard.com\/wp-content\/uploads\/2026\/05\/schutzsymbol_korea_haetae-200x300.webp\" alt=\"Haetae \u2013 l\u2019\u00e9sser protector core\u00e0 contra el foc i el mal\" loading=\"lazy\"><\/div><div class=\"iwg-wesen-card-body\"><div class=\"iwg-wesen-card-name\">Haetae \u2013 l\u2019\u00e9sser protector core\u00e0 contra el foc i el mal<\/div><div class=\"iwg-wesen-card-arrow\">\u2192 A l&#039;\u00e9sser<\/div><\/div><\/a><a class=\"iwg-wesen-card\" href=\"https:\/\/iwell-guard.com\/ca\/rajola-dokkaebi-rostre-protector-teulades-coreanes\/\" aria-label=\"Rajola dokkaebi \u2013 el rostre protector a les teulades coreanes\"><div class=\"iwg-wesen-card-imgwrap\"><img decoding=\"async\" src=\"https:\/\/iwell-guard.com\/wp-content\/uploads\/2026\/05\/schutzsymbol_korea_dokkaebi-ziegel-200x300.webp\" alt=\"Rajola dokkaebi \u2013 el rostre protector a les teulades coreanes\" loading=\"lazy\"><\/div><div class=\"iwg-wesen-card-body\"><div class=\"iwg-wesen-card-name\">Rajola dokkaebi \u2013 el rostre protector a les teulades coreanes<\/div><div class=\"iwg-wesen-card-arrow\">\u2192 A l&#039;\u00e9sser<\/div><\/div><\/a><a class=\"iwg-wesen-card\" href=\"https:\/\/iwell-guard.com\/ca\/quadrats-magics-signe-protector-quadricules\/\" aria-label=\"Quadrats m\u00e0gics com a signe protector: quadr\u00edcules num\u00e8riques\"><div class=\"iwg-wesen-card-imgwrap\"><img decoding=\"async\" src=\"https:\/\/iwell-guard.com\/wp-content\/uploads\/2026\/05\/schutzsymbol_universell_magische-quadrate-200x300.webp\" alt=\"Quadrats m\u00e0gics com a signe protector: quadr\u00edcules num\u00e8riques\" loading=\"lazy\"><\/div><div class=\"iwg-wesen-card-body\"><div class=\"iwg-wesen-card-name\">Quadrats m\u00e0gics com a signe protector: quadr\u00edcules num\u00e8riques<\/div><div class=\"iwg-wesen-card-arrow\">\u2192 A l&#039;\u00e9sser<\/div><\/div><\/a><a class=\"iwg-wesen-card\" href=\"https:\/\/iwell-guard.com\/ca\/cercle-de-proteccio-com-delimitacio-contra-el-mal\/\" aria-label=\"El cercle de protecci\u00f3 com a delimitaci\u00f3 contra el mal\"><div class=\"iwg-wesen-card-imgwrap\"><img decoding=\"async\" src=\"https:\/\/iwell-guard.com\/wp-content\/uploads\/2026\/05\/schutzsymbol_universell_schutzkreis-200x300.webp\" alt=\"El cercle de protecci\u00f3 com a delimitaci\u00f3 contra el mal\" loading=\"lazy\"><\/div><div class=\"iwg-wesen-card-body\"><div class=\"iwg-wesen-card-name\">El cercle de protecci\u00f3 com a delimitaci\u00f3 contra el mal<\/div><div class=\"iwg-wesen-card-arrow\">\u2192 A l&#039;\u00e9sser<\/div><\/div><\/a><a class=\"iwg-wesen-card\" href=\"https:\/\/iwell-guard.com\/ca\/proteccio-del-llindar-porta-finestra-entrada\/\" aria-label=\"Protecci\u00f3 del llindar: porta, finestra i entrada de la casa\"><div class=\"iwg-wesen-card-imgwrap\"><img decoding=\"async\" src=\"https:\/\/iwell-guard.com\/wp-content\/uploads\/2026\/05\/schutzsymbol_universell_schwellenschutz-200x300.webp\" alt=\"Protecci\u00f3 del llindar: porta, finestra i entrada de la casa\" loading=\"lazy\"><\/div><div class=\"iwg-wesen-card-body\"><div class=\"iwg-wesen-card-name\">Protecci\u00f3 del llindar: porta, finestra i entrada de la casa<\/div><div class=\"iwg-wesen-card-arrow\">\u2192 A l&#039;\u00e9sser<\/div><\/div><\/a><a class=\"iwg-wesen-card\" href=\"https:\/\/iwell-guard.com\/ca\/mirall-com-a-mitja-de-proteccio-principi-de-la-reflexio\/\" aria-label=\"El mirall com a mitj\u00e0 de protecci\u00f3: el principi de la reflexi\u00f3\"><div class=\"iwg-wesen-card-imgwrap\"><img decoding=\"async\" src=\"https:\/\/iwell-guard.com\/wp-content\/uploads\/2026\/05\/schutzsymbol_universell_spiegel-abwehr-200x300.webp\" alt=\"El mirall com a mitj\u00e0 de protecci\u00f3: el principi de la reflexi\u00f3\" loading=\"lazy\"><\/div><div class=\"iwg-wesen-card-body\"><div class=\"iwg-wesen-card-name\">El mirall com a mitj\u00e0 de protecci\u00f3: el principi de la reflexi\u00f3<\/div><div class=\"iwg-wesen-card-arrow\">\u2192 A l&#039;\u00e9sser<\/div><\/div><\/a><a class=\"iwg-wesen-card\" href=\"https:\/\/iwell-guard.com\/ca\/sal-i-ferro-substancies-apotropaiques\/\" aria-label=\"Sal i ferro com a subst\u00e0ncies apotropaiques\"><div class=\"iwg-wesen-card-imgwrap\"><img decoding=\"async\" src=\"https:\/\/iwell-guard.com\/wp-content\/uploads\/2026\/05\/schutzsymbol_universell_salz-eisen-200x300.webp\" alt=\"Sal i ferro com a subst\u00e0ncies apotropaiques\" loading=\"lazy\"><\/div><div class=\"iwg-wesen-card-body\"><div class=\"iwg-wesen-card-name\">Sal i ferro com a subst\u00e0ncies apotropaiques<\/div><div class=\"iwg-wesen-card-arrow\">\u2192 A l&#039;\u00e9sser<\/div><\/div><\/a><a class=\"iwg-wesen-card\" href=\"https:\/\/iwell-guard.com\/ca\/colors-protectors-blau-roig-negre-defensa\/\" aria-label=\"Colors protectors \u2013 Blau, roig i negre com a defensa\"><div class=\"iwg-wesen-card-imgwrap\"><img decoding=\"async\" src=\"https:\/\/iwell-guard.com\/wp-content\/uploads\/2026\/05\/schutzsymbol_universell_schutzfarben-200x300.webp\" alt=\"Colors protectors \u2013 Blau, roig i negre com a defensa\" loading=\"lazy\"><\/div><div class=\"iwg-wesen-card-body\"><div class=\"iwg-wesen-card-name\">Colors protectors \u2013 Blau, roig i negre com a defensa<\/div><div class=\"iwg-wesen-card-arrow\">\u2192 A l&#039;\u00e9sser<\/div><\/div><\/a><a class=\"iwg-wesen-card\" href=\"https:\/\/iwell-guard.com\/ca\/gestos-proteccio-figa-banyes-ma-protectora\/\" aria-label=\"Gestos de protecci\u00f3: la figa, el gest de les banyes, la m\u00e0 protectora\"><div class=\"iwg-wesen-card-imgwrap\"><img decoding=\"async\" src=\"https:\/\/iwell-guard.com\/wp-content\/uploads\/2026\/05\/schutzsymbol_universell_schutzgesten-200x300.webp\" alt=\"Gestos de protecci\u00f3: la figa, el gest de les banyes, la m\u00e0 protectora\" loading=\"lazy\"><\/div><div class=\"iwg-wesen-card-body\"><div class=\"iwg-wesen-card-name\">Gestos de protecci\u00f3: la figa, el gest de les banyes, la m\u00e0 protectora<\/div><div class=\"iwg-wesen-card-arrow\">\u2192 A l&#039;\u00e9sser<\/div><\/div><\/a><a class=\"iwg-wesen-card\" href=\"https:\/\/iwell-guard.com\/ca\/tatuatge-protector-marques-permanents-pell\/\" aria-label=\"Tatuatge protector \u2013 marques permanents a la pell\"><div class=\"iwg-wesen-card-imgwrap\"><img decoding=\"async\" src=\"https:\/\/iwell-guard.com\/wp-content\/uploads\/2026\/05\/schutzsymbol_universell_taetowierung-200x300.webp\" alt=\"Tatuatge protector \u2013 marques permanents a la pell\" loading=\"lazy\"><\/div><div class=\"iwg-wesen-card-body\"><div class=\"iwg-wesen-card-name\">Tatuatge protector \u2013 marques permanents a la pell<\/div><div class=\"iwg-wesen-card-arrow\">\u2192 A l&#039;\u00e9sser<\/div><\/div><\/a><a class=\"iwg-wesen-card\" href=\"https:\/\/iwell-guard.com\/ca\/campanes-i-esquelles-com-a-proteccio-sorollosa\/\" aria-label=\"Campanes i esquelles com a protecci\u00f3 sorollosa\"><div class=\"iwg-wesen-card-imgwrap\"><img decoding=\"async\" src=\"https:\/\/iwell-guard.com\/wp-content\/uploads\/2026\/05\/schutzsymbol_universell_glocken-200x300.webp\" alt=\"Campanes i esquelles com a protecci\u00f3 sorollosa\" loading=\"lazy\"><\/div><div class=\"iwg-wesen-card-body\"><div class=\"iwg-wesen-card-name\">Campanes i esquelles com a protecci\u00f3 sorollosa<\/div><div class=\"iwg-wesen-card-arrow\">\u2192 A l&#039;\u00e9sser<\/div><\/div><\/a><a class=\"iwg-wesen-card\" href=\"https:\/\/iwell-guard.com\/ca\/ampolla-de-bruixa\/\" aria-label=\"Ampolla de bruixa \u2013 recipient soterrat contra el maleficis\"><div class=\"iwg-wesen-card-imgwrap\"><img decoding=\"async\" src=\"https:\/\/iwell-guard.com\/wp-content\/uploads\/2026\/05\/schutzsymbol_volksmagie_hexenflasche-200x300.webp\" alt=\"Ampolla de bruixa \u2013 recipient soterrat contra el maleficis\" loading=\"lazy\"><\/div><div class=\"iwg-wesen-card-body\"><div class=\"iwg-wesen-card-name\">Ampolla de bruixa \u2013 recipient soterrat contra el maleficis<\/div><div class=\"iwg-wesen-card-arrow\">\u2192 A l&#039;\u00e9sser<\/div><\/div><\/a><a class=\"iwg-wesen-card\" href=\"https:\/\/iwell-guard.com\/ca\/marques-apotropaiques-gravades-proteccio-construccio\/\" aria-label=\"Marques apotropaiques gravades: signes de protecci\u00f3 en la construcci\u00f3\"><div class=\"iwg-wesen-card-imgwrap\"><img decoding=\"async\" src=\"https:\/\/iwell-guard.com\/wp-content\/uploads\/2026\/05\/schutzsymbol_volksmagie_ritzzeichen-200x300.webp\" alt=\"Marques apotropaiques gravades: signes de protecci\u00f3 en la construcci\u00f3\" loading=\"lazy\"><\/div><div class=\"iwg-wesen-card-body\"><div class=\"iwg-wesen-card-name\">Marques apotropaiques gravades: signes de protecci\u00f3 en la construcci\u00f3<\/div><div class=\"iwg-wesen-card-arrow\">\u2192 A l&#039;\u00e9sser<\/div><\/div><\/a><a class=\"iwg-wesen-card\" href=\"https:\/\/iwell-guard.com\/ca\/hex-signs-rosetes-estelades-pennsylvania-dutch\/\" aria-label=\"Hex Signs: rosetes estelades pintades dels Pennsylvania Dutch\"><div class=\"iwg-wesen-card-imgwrap\"><img decoding=\"async\" src=\"https:\/\/iwell-guard.com\/wp-content\/uploads\/2026\/05\/schutzsymbol_volksmagie_hex-signs-200x300.webp\" alt=\"Hex Signs: rosetes estelades pintades dels Pennsylvania Dutch\" loading=\"lazy\"><\/div><div class=\"iwg-wesen-card-body\"><div class=\"iwg-wesen-card-name\">Hex Signs: rosetes estelades pintades dels Pennsylvania Dutch<\/div><div class=\"iwg-wesen-card-arrow\">\u2192 A l&#039;\u00e9sser<\/div><\/div><\/a><a class=\"iwg-wesen-card\" href=\"https:\/\/iwell-guard.com\/ca\/hagstein-pedra-protectora-perforada-magia-popular\/\" aria-label=\"Hagstein: la pedra protectora perforada de la m\u00e0gia popular\"><div class=\"iwg-wesen-card-imgwrap\"><img decoding=\"async\" src=\"https:\/\/iwell-guard.com\/wp-content\/uploads\/2026\/05\/schutzsymbol_volksmagie_hagstein-200x300.webp\" alt=\"Hagstein: la pedra protectora perforada de la m\u00e0gia popular\" loading=\"lazy\"><\/div><div class=\"iwg-wesen-card-body\"><div class=\"iwg-wesen-card-name\">Hagstein: la pedra protectora perforada de la m\u00e0gia popular<\/div><div class=\"iwg-wesen-card-arrow\">\u2192 A l&#039;\u00e9sser<\/div><\/div><\/a><a class=\"iwg-wesen-card\" href=\"https:\/\/iwell-guard.com\/ca\/serbera-cacadors-arbre-fusta-proteccio\/\" aria-label=\"Serbera de ca\u00e7adors \u2013 arbre i fusta de protecci\u00f3 de la m\u00e0gia popular\"><div class=\"iwg-wesen-card-imgwrap\"><img decoding=\"async\" src=\"https:\/\/iwell-guard.com\/wp-content\/uploads\/2026\/05\/schutzsymbol_volksmagie_eberesche-200x300.webp\" alt=\"Serbera de ca\u00e7adors \u2013 arbre i fusta de protecci\u00f3 de la m\u00e0gia popular\" loading=\"lazy\"><\/div><div class=\"iwg-wesen-card-body\"><div class=\"iwg-wesen-card-name\">Serbera de ca\u00e7adors \u2013 arbre i fusta de protecci\u00f3 de la m\u00e0gia popular<\/div><div class=\"iwg-wesen-card-arrow\">\u2192 A l&#039;\u00e9sser<\/div><\/div><\/a><a class=\"iwg-wesen-card\" href=\"https:\/\/iwell-guard.com\/ca\/himmelsbrief-carta-de-proteccio\/\" aria-label=\"Himmelsbrief \u2013 carta de protecci\u00f3 duta pel poble\"><div class=\"iwg-wesen-card-imgwrap\"><img decoding=\"async\" src=\"https:\/\/iwell-guard.com\/wp-content\/uploads\/2026\/05\/schutzsymbol_volksmagie_himmelsbrief-200x300.webp\" alt=\"Himmelsbrief \u2013 carta de protecci\u00f3 duta pel poble\" loading=\"lazy\"><\/div><div class=\"iwg-wesen-card-body\"><div class=\"iwg-wesen-card-name\">Himmelsbrief \u2013 carta de protecci\u00f3 duta pel poble<\/div><div class=\"iwg-wesen-card-arrow\">\u2192 A l&#039;\u00e9sser<\/div><\/div><\/a><a class=\"iwg-wesen-card\" href=\"https:\/\/iwell-guard.com\/ca\/alraune-arrel-protectora-sort-magia-popular\/\" aria-label=\"Alraune \u2013 arrel protectora i de la sort de la m\u00e0gia popular\"><div class=\"iwg-wesen-card-imgwrap\"><img decoding=\"async\" src=\"https:\/\/iwell-guard.com\/wp-content\/uploads\/2026\/05\/schutzsymbol_volksmagie_alraune-200x300.webp\" alt=\"Alraune \u2013 arrel protectora i de la sort de la m\u00e0gia popular\" loading=\"lazy\"><\/div><div class=\"iwg-wesen-card-body\"><div class=\"iwg-wesen-card-name\">Alraune \u2013 arrel protectora i de la sort de la m\u00e0gia popular<\/div><div class=\"iwg-wesen-card-arrow\">\u2192 A l&#039;\u00e9sser<\/div><\/div><\/a><a class=\"iwg-wesen-card\" href=\"https:\/\/iwell-guard.com\/ca\/amulet-de-la-sort-significat-origen\/\" aria-label=\"Amulet de la sort \u2013 significat, origen i visi\u00f3 general\"><div class=\"iwg-wesen-card-imgwrap\"><img decoding=\"async\" src=\"https:\/\/iwell-guard.com\/wp-content\/uploads\/2026\/05\/schutzsymbol_volksmagie_kleeblatt-200x300.webp\" alt=\"Amulet de la sort \u2013 significat, origen i visi\u00f3 general\" loading=\"lazy\"><\/div><div class=\"iwg-wesen-card-body\"><div class=\"iwg-wesen-card-name\">Amulet de la sort \u2013 significat, origen i visi\u00f3 general<\/div><div class=\"iwg-wesen-card-arrow\">\u2192 A l&#039;\u00e9sser<\/div><\/div><\/a><\/div>\t\t\t\t<\/div>\n\t\t\t\t\t<\/div>\n\t\t\t\t<\/div>\n\t\t\t\t\t<\/div>\n\t\t\t\t<\/div>\n\t\t<div class=\"elementor-element elementor-element-sssec2 e-flex e-con-boxed e-con e-parent\" data-id=\"sssec2\" data-element_type=\"container\" data-e-type=\"container\">\n\t\t\t\t\t<div class=\"e-con-inner\">\n\t\t\t\t<div class=\"elementor-element elementor-element-sssec2h elementor-widget elementor-widget-heading\" data-id=\"sssec2h\" data-element_type=\"widget\" data-e-type=\"widget\" data-widget_type=\"heading.default\">\n\t\t\t\t\t<h2 class=\"elementor-heading-title elementor-size-default\">Lemes al l\u00e8xic<\/h2>\t\t\t\t<\/div>\n\t\t<div class=\"elementor-element elementor-element-sssec2b e-con-full e-flex e-con e-parent\" data-id=\"sssec2b\" data-element_type=\"container\" data-e-type=\"container\">\n\t\t\t\t<div class=\"elementor-element elementor-element-sssec2t elementor-widget elementor-widget-html\" data-id=\"sssec2t\" data-element_type=\"widget\" data-e-type=\"widget\" data-widget_type=\"html.default\">\n\t\t\t\t\t<p>El l\u00e8xic d'iwell-guard tracta els s\u00edmbols de protecci\u00f3 en p\u00e0gines pr\u00f2pies i detallades. Una classificaci\u00f3 b\u00e0sica dels conceptes s'ofereix a la p\u00e0gina sobre amulet, talism\u00e0 i signe protector. A continuaci\u00f3 hi ha les p\u00e0gines detallades de cada s\u00edmbol, des de Hamsa, Mezuz\u00e0 i mal d'ull fins a l'amulet de Pazuzu, l'ull d'Horus i el martell de Thor, i fins al pentagrama, l'Om, l'Omamori, l'atrapasomnis, la ferradura i el tr\u00e8vol de quatre fulles. La graella de targetes a dalt condueix directament a totes les p\u00e0gines.<\/p>\t\t\t\t<\/div>\n\t\t\t\t<\/div>\n\t\t\t\t\t<\/div>\n\t\t\t\t<\/div>\n\t\t<div class=\"elementor-element elementor-element-sssec3 e-flex e-con-boxed e-con e-parent\" data-id=\"sssec3\" data-element_type=\"container\" data-e-type=\"container\">\n\t\t\t\t\t<div class=\"e-con-inner\">\n\t\t\t\t<div class=\"elementor-element elementor-element-sssec3h elementor-widget elementor-widget-heading\" data-id=\"sssec3h\" data-element_type=\"widget\" data-e-type=\"widget\" data-widget_type=\"heading.default\">\n\t\t\t\t\t<h2 class=\"elementor-heading-title elementor-size-default\">Cl\u00fasters relacionats a trav\u00e9s dels lemes de les entitats<\/h2>\t\t\t\t<\/div>\n\t\t<div class=\"elementor-element elementor-element-sssec3b e-con-full e-flex e-con e-parent\" data-id=\"sssec3b\" data-element_type=\"container\" data-e-type=\"container\">\n\t\t\t\t<div class=\"elementor-element elementor-element-sssec3t elementor-widget elementor-widget-html\" data-id=\"sssec3t\" data-element_type=\"widget\" data-e-type=\"widget\" data-widget_type=\"html.default\">\n\t\t\t\t\t<p>Tres altres cl\u00fasters de s\u00edmbols de protecci\u00f3 es cobreixen paral\u00b7lelament al l\u00e8xic a trav\u00e9s dels lemes de les entitats: els penjolls mesopot\u00e0mics de <a href=\"https:\/\/iwell-guard.com\/ca\/pazuzu\/\">Pazuzu<\/a> com a contrapartida hist\u00f2rica de protecci\u00f3 contra <a href=\"https:\/\/iwell-guard.com\/ca\/lamashtu\/\">Lamashtu<\/a>, les estatuetes eg\u00edpcies de <a href=\"https:\/\/iwell-guard.com\/ca\/bes\/\">Bes<\/a> per a fam\u00edlies i dones embarassades, i les pr\u00e0ctiques de protecci\u00f3 grecoromanes contra <a href=\"https:\/\/iwell-guard.com\/ca\/lamia\/\">Lamia<\/a> i <a href=\"https:\/\/iwell-guard.com\/ca\/striga\/\">Striga<\/a> davant el mal causat per la mirada.<\/p>\t\t\t\t<\/div>\n\t\t\t\t<\/div>\n\t\t\t\t\t<\/div>\n\t\t\t\t<\/div>\n\t\t<div class=\"elementor-element elementor-element-sssec4 e-flex e-con-boxed e-con e-parent\" data-id=\"sssec4\" data-element_type=\"container\" data-e-type=\"container\">\n\t\t\t\t\t<div class=\"e-con-inner\">\n\t\t\t\t<div class=\"elementor-element elementor-element-sssec4h elementor-widget elementor-widget-heading\" data-id=\"sssec4h\" data-element_type=\"widget\" data-e-type=\"widget\" data-widget_type=\"heading.default\">\n\t\t\t\t\t<h2 class=\"elementor-heading-title elementor-size-default\">Ampliacions previstes<\/h2>\t\t\t\t<\/div>\n\t\t<div class=\"elementor-element elementor-element-sssec4b e-con-full e-flex e-con e-parent\" data-id=\"sssec4b\" data-element_type=\"container\" data-e-type=\"container\">\n\t\t\t\t<div class=\"elementor-element elementor-element-sssec4t elementor-widget elementor-widget-html\" data-id=\"sssec4t\" data-element_type=\"widget\" data-e-type=\"widget\" data-widget_type=\"html.default\">\n\t\t\t\t\t<p>La secci\u00f3 de s\u00edmbols de protecci\u00f3 compta amb m\u00e9s de 130 p\u00e0gines individuals. Inclou s\u00edmbols i objectes de l'Orient Antic, Egipte, l'Antiguitat, el judaisme, el cristianisme, l'islam, les religions del sud i l'est d'\u00c0sia, les cultures ind\u00edgenes i la m\u00e0gia popular europea, complementats amb principis de protecci\u00f3 transversals com el cercle de protecci\u00f3, la protecci\u00f3 del llindar i els colors de protecci\u00f3.<\/p>\t\t\t\t<\/div>\n\t\t\t\t<\/div>\n\t\t\t\t\t<\/div>\n\t\t\t\t<\/div>\n\t\t<div class=\"elementor-element elementor-element-sssec5 e-flex e-con-boxed e-con e-parent\" data-id=\"sssec5\" data-element_type=\"container\" data-e-type=\"container\">\n\t\t\t\t\t<div class=\"e-con-inner\">\n\t\t\t\t<div class=\"elementor-element elementor-element-sssec5h elementor-widget elementor-widget-heading\" data-id=\"sssec5h\" data-element_type=\"widget\" data-e-type=\"widget\" data-widget_type=\"heading.default\">\n\t\t\t\t\t<h2 class=\"elementor-heading-title elementor-size-default\">Ubicaci\u00f3 dins del concepte de marca<\/h2>\t\t\t\t<\/div>\n\t\t<div class=\"elementor-element elementor-element-sssec5b e-con-full e-flex e-con e-parent\" data-id=\"sssec5b\" data-element_type=\"container\" data-e-type=\"container\">\n\t\t\t\t<div class=\"elementor-element elementor-element-sssec5t elementor-widget elementor-widget-html\" data-id=\"sssec5t\" data-element_type=\"widget\" data-e-type=\"widget\" data-widget_type=\"html.default\">\n\t\t\t\t\t<p>L'iWell Guard, com a penjoll protector modern, s'inspira en aquesta tradici\u00f3 mil\u00b7len\u00e0ria. No pret\u00e9n substituir ni superar aquesta cultura simb\u00f2lica, sin\u00f3 ser-ne una forma contempor\u00e0nia, fabricada a Alemanya, amb una arquitectura de materials clarament documentada. Qui s'interessi per la profunditat cultural i hist\u00f2rica trobar\u00e0 al l\u00e8xic el treball de fonts que hi ha darrere del concepte del penjoll.<\/p>\t\t\t\t<\/div>\n\t\t\t\t<\/div>\n\t\t\t\t\t<\/div>\n\t\t\t\t<\/div>\n\t\t<div class=\"elementor-element elementor-element-sssec6 e-flex e-con-boxed e-con e-parent\" data-id=\"sssec6\" data-element_type=\"container\" data-e-type=\"container\">\n\t\t\t\t\t<div class=\"e-con-inner\">\n\t\t\t\t<div class=\"elementor-element elementor-element-sssec6h elementor-widget elementor-widget-heading\" data-id=\"sssec6h\" data-element_type=\"widget\" data-e-type=\"widget\" data-widget_type=\"heading.default\">\n\t\t\t\t\t<div class=\"elementor-heading-title elementor-size-default\">Av\u00eds legal<\/div>\t\t\t\t<\/div>\n\t\t<div class=\"elementor-element elementor-element-sssec6b e-con-full e-flex e-con e-parent\" data-id=\"sssec6b\" data-element_type=\"container\" data-e-type=\"container\">\n\t\t\t\t<div class=\"elementor-element elementor-element-sssec6t elementor-widget elementor-widget-html\" data-id=\"sssec6t\" data-element_type=\"widget\" data-e-type=\"widget\" data-widget_type=\"html.default\">\n\t\t\t\t\t<footer data-nosnippet=\"true\" class=\"iwg-disclaimer-block\"><p data-nosnippet=\"true\">Els continguts s\u00f3n una classificaci\u00f3 des de l'estudi de les religions i la hist\u00f2ria cultural. iwell-guard no \u00e9s un producte m\u00e8dic i no substitueix cap tractament m\u00e8dic o psicoterap\u00e8utic. Les percepcions personals poden variar. Cap promesa de curaci\u00f3.<\/p><\/footer>\t\t\t\t<\/div>\n\t\t\t\t<\/div>\n\t\t\t\t\t<\/div>\n\t\t\t\t<\/div>\n\t\t<div class=\"elementor-element elementor-element-ssscta e-flex e-con-boxed e-con e-parent\" data-id=\"ssscta\" data-element_type=\"container\" data-e-type=\"container\">\n\t\t\t\t\t<div class=\"e-con-inner\">\n\t\t\t\t<div class=\"elementor-element elementor-element-ssctab elementor-align-center elementor-widget elementor-widget-button\" data-id=\"ssctab\" data-element_type=\"widget\" data-e-type=\"widget\" data-widget_type=\"button.default\">\n\t\t\t\t\t\t\t\t\t\t<a class=\"elementor-button elementor-button-link elementor-size-md\" href=\"\/ueber-iwell-guard\/\">\n\t\t\t\t\t\t<span class=\"elementor-button-content-wrapper\">\n\t\t\t\t\t\t\t\t\t<span class=\"elementor-button-text\">M\u00e9s informaci\u00f3 sobre l'iWell Guard<\/span>\n\t\t\t\t\t<\/span>\n\t\t\t\t\t<\/a>\n\t\t\t\t\t\t\t\t<\/div>\n\t\t\t\t\t<\/div>\n\t\t\t\t<\/div>\n\t\t<div class=\"elementor-element elementor-element-iwgkw-add-schutzsymbole e-flex e-con-boxed e-con e-parent\" data-id=\"iwgkw-add-schutzsymbole\" data-element_type=\"container\" data-e-type=\"container\">\n\t\t\t\t\t<div class=\"e-con-inner\">\n\t\t\t\t<div class=\"elementor-element elementor-element-iwgkw-add-schutzsymbole-t elementor-widget elementor-widget-text-editor\" data-id=\"iwgkw-add-schutzsymbole-t\" data-element_type=\"widget\" data-e-type=\"widget\" data-widget_type=\"text-editor.default\">\n\t\t\t\t\t\t\t\t\t<p>La <em>comparaci\u00f3<\/em> des de l&#8217;estudi de les religions de molts s\u00edmbols de protecci\u00f3 mostra patrons funcionals recurrents: la Hamsa, la Mezuz\u00e0 i els amulets contra el mal d&#8217;ull marquen, cadascun al seu manera, llindars, cossos o espais on es vol evitar la desgr\u00e0cia. Malgrat el seu origen cultural divers, comparteixen el principi de tra\u00e7ar una frontera visible. La comparaci\u00f3 de moltes tradicions tamb\u00e9 mostra que no \u00e9s el material, sin\u00f3 l&#8217;\u00fas ritual, el que determina l&#8217;efic\u00e0cia que se&#8217;ls atribueix.<\/p>\t\t\t\t\t\t\t\t<\/div>\n\t\t\t\t\t<\/div>\n\t\t\t\t<\/div>\n\t\t\t\t<section class=\"elementor-section elementor-top-section elementor-element elementor-element-p3-schutzsymbole-cl-1a87f7 elementor-section-boxed elementor-section-height-default elementor-section-height-default\" data-id=\"p3-schutzsymbole-cl-1a87f7\" data-element_type=\"section\" data-e-type=\"section\">\n\t\t\t\t\t\t<div class=\"elementor-container elementor-column-gap-default\">\n\t\t\t\t\t<div class=\"elementor-column elementor-col-100 elementor-top-column elementor-element elementor-element-p3-schutzsymbole-cl-col-1d6221\" data-id=\"p3-schutzsymbole-cl-col-1d6221\" data-element_type=\"column\" data-e-type=\"column\">\n\t\t\t<div class=\"elementor-widget-wrap elementor-element-populated\">\n\t\t\t\t\t\t<div class=\"elementor-element elementor-element-p3-schutzsymbole-cl-h elementor-widget elementor-widget-heading\" data-id=\"p3-schutzsymbole-cl-h\" data-element_type=\"widget\" data-e-type=\"widget\" data-widget_type=\"heading.default\">\n\t\t\t\t\t<h2 class=\"elementor-heading-title elementor-size-default\">S\u00edmbols de protecci\u00f3 d'arreu del m\u00f3n, una panor\u00e0mica transcultural<\/h2>\t\t\t\t<\/div>\n\t\t\t\t<div class=\"elementor-element elementor-element-p3-schutzsymbole-cl-t elementor-widget elementor-widget-text-editor\" data-id=\"p3-schutzsymbole-cl-t\" data-element_type=\"widget\" data-e-type=\"widget\" data-widget_type=\"text-editor.default\">\n\t\t\t\t\t\t\t\t\t\nEls s\u00edmbols de protecci\u00f3 d&#8217;arreu del m\u00f3n segueixen una l\u00f2gica sorprenentment uniforme: designen, identifiquen i delimiten. Diuen a un interlocutor invisible (<span class=\"iwg-fachbegriff\" data-tooltip=\"\u00c9sser espiritual al qual s'atribueix un efecte nociu o ambigu.\" tabindex=\"0\">dimoni<\/span>, <span class=\"iwg-fachbegriff\" data-tooltip=\"Un \u00e9sser incorpori al qual s'atribueix un efecte en el m\u00f3n.\" tabindex=\"0\">esperit<\/span>, <span class=\"iwg-fachbegriff\" data-tooltip=\"Creen\u00e7a estesa segons la qual una mirada envejosa d'una altra persona pot causar mal.\" tabindex=\"0\">mal d&#8217;ull<\/span>): aquesta casa, aquesta persona, aquest infant pertany a un poder amb el qual no et conv\u00e9 enfrontar-te. Ja sigui la <a href=\"https:\/\/iwell-guard.com\/ca\/?page_id=171650\">hamsa<\/a> al Pr\u00f2xim Orient, la <a href=\"https:\/\/iwell-guard.com\/ca\/?page_id=171652\">mezuz\u00e0<\/a> a la porta jueva, l&#8217;<a href=\"https:\/\/iwell-guard.com\/ca\/?page_id=171654\">ull de Nazar<\/a> contra el mal d&#8217;ull, l&#8217;<span class=\"iwg-fachbegriff\" data-tooltip=\"Un objecte portat al qual s'atribueix un efecte protector, allunyador del mal.\" tabindex=\"0\">amulet<\/span> de Pazuzu a Mesopot\u00e0mia o el peu de bruixa als Alps, la funci\u00f3 es mant\u00e9: un signe visible d&#8217;una relaci\u00f3 de protecci\u00f3 superior.<\/p>\n<p>Fenomenol\u00f2gicament, els s\u00edmbols de protecci\u00f3 es poden classificar en quatre fam\u00edlies: (1) <strong>s\u00edmbols d&#8217;ull<\/strong> (Nazar, ull d&#8217;Horus, Wadjet), la mirada es retorna; (2) <strong>s\u00edmbols de m\u00e0<\/strong> (hamsa, m\u00e0 de F\u00e0tima), la m\u00e0 protectora de la <span class=\"iwg-fachbegriff\" data-tooltip=\"Un \u00e9sser venerat com a div\u00ed dins d'una religi\u00f3.\" tabindex=\"0\">divinitat<\/span>; (3) <strong>s\u00edmbols de llindar<\/strong> (mezuz\u00e0, inscripcions a les portes, creus), es marca el l\u00edmit; (4) <strong>s\u00edmbols d&#8217;animals i \u00e9ssers<\/strong> (<span class=\"iwg-fachbegriff\" data-tooltip=\"Un objecte portat al qual s'atribueix un efecte protector, allunyador del mal.\" tabindex=\"0\">amulet<\/span> de Pazuzu, plaques de dracs, figures de Bes), un \u00e9sser m\u00e9s fort protegeix d&#8217;un altre m\u00e9s feble. Aquestes quatre fam\u00edlies es troben en gaireb\u00e9 totes les cultures documentades, sovint combinades.<\/p>\t\t\t\t\t\t\t\t<\/div>\n\t\t\t\t\t<\/div>\n\t\t<\/div>\n\t\t\t\t\t<\/div>\n\t\t<\/section>\n\t\t\t\t<section class=\"elementor-section elementor-top-section elementor-element elementor-element-p3-schutzsymbole-faq-0bf8be elementor-section-boxed elementor-section-height-default elementor-section-height-default\" data-id=\"p3-schutzsymbole-faq-0bf8be\" data-element_type=\"section\" data-e-type=\"section\">\n\t\t\t\t\t\t<div class=\"elementor-container elementor-column-gap-default\">\n\t\t\t\t\t<div class=\"elementor-column elementor-col-100 elementor-top-column elementor-element elementor-element-p3-schutzsymbole-faq-col-00e84c\" data-id=\"p3-schutzsymbole-faq-col-00e84c\" data-element_type=\"column\" data-e-type=\"column\">\n\t\t\t<div class=\"elementor-widget-wrap elementor-element-populated\">\n\t\t\t\t\t\t<div class=\"elementor-element elementor-element-p3-schutzsymbole-faq-h elementor-widget elementor-widget-heading\" data-id=\"p3-schutzsymbole-faq-h\" data-element_type=\"widget\" data-e-type=\"widget\" data-widget_type=\"heading.default\">\n\t\t\t\t\t<h2 class=\"elementor-heading-title elementor-size-default\">Preguntes freq\u00fcents sobre s\u00edmbols de protecci\u00f3 d'arreu del m\u00f3n<\/h2>\t\t\t\t<\/div>\n\t\t\t\t<div class=\"elementor-element elementor-element-p3-schutzsymbole-faq-t elementor-widget elementor-widget-text-editor\" data-id=\"p3-schutzsymbole-faq-t\" data-element_type=\"widget\" data-e-type=\"widget\" data-widget_type=\"text-editor.default\">\n\t\t\t\t\t\t\t\t\t\n<details class=\"iwg-faq-item\">\n  <summary><strong>Quins s\u00edmbols de protecci\u00f3 existeixen arreu del m\u00f3n?<\/strong><\/summary>\n  <p>Els s\u00edmbols de protecci\u00f3 transculturals m\u00e9s importants s\u00f3n: la hamsa (Pr\u00f2xim Orient, Nord d&#8217;\u00c0frica), la mezuz\u00e0 (judaisme), l&#8217;ull de Nazar contra el mal d&#8217;ull (Turquia, Mediterrani), l&#8217;<span class=\"iwg-fachbegriff\" data-tooltip=\"Un objecte portat al qual s'atribueix un efecte protector, allunyador del mal.\" tabindex=\"0\">amulet<\/span> de Pazuzu (Mesopot\u00e0mia), l&#8217;ull d&#8217;Horus i Wadjet (Egipte), les plaques de dracs (China), el peu de bruixa (Alps) i les creus, les imatges de sants i les medalles de Sant Crist\u00f2fol (\u00e0mbit cultural cristi\u00e0). Totes comparteixen la funci\u00f3 de marcar visiblement un l\u00edmit.<\/p>\n<\/details>\n\n<details class=\"iwg-faq-item\">\n  <summary><strong>Per a qu\u00e8 serveixen els s\u00edmbols de protecci\u00f3?<\/strong><\/summary>\n  <p>Els s\u00edmbols de protecci\u00f3 compleixen tres funcions: primer, designen la persona o el lloc com a pertanyent a un poder superior; segon, delimiten, \u00e9s a dir, senyalen a \u00e9ssers invisibles el l\u00edmit que no s&#8217;ha de traspassar; tercer, fan present per al mateix portador una relaci\u00f3 de protecci\u00f3 i, aix\u00ed, estabilitzen una consci\u00e8ncia pr\u00f2pia de seguretat i pertinen\u00e7a.<\/p>\n<\/details>\t\t\t\t\t\t\t\t<\/div>\n\t\t\t\t<div class=\"elementor-element elementor-element-p3-schutzsymbole-faq-s elementor-widget elementor-widget-html\" data-id=\"p3-schutzsymbole-faq-s\" data-element_type=\"widget\" data-e-type=\"widget\" data-widget_type=\"html.default\">\n\t\t\t\t\t<script type=\"application\/ld+json\">{\"@context\": \"https:\/\/schema.org\", \"@type\": \"FAQPage\", \"mainEntity\": [{\"@type\": \"Question\", \"name\": \"Quins s\u00edmbols de protecci\u00f3 existeixen arreu del m\u00f3n?\", \"acceptedAnswer\": {\"@type\": \"Answer\", \"text\": \"Els s\u00edmbols de protecci\u00f3 transculturals m\u00e9s importants s\u00f3n: la hamsa (Pr\u00f2xim Orient, Nord d'\u00c0frica), la mezuz\u00e0 (judaisme), l'ull de Nazar contra el mal d'ull (Turquia, Mediterrani), l'amulet de Pazuzu (Mesopot\u00e0mia), l'ull d'Horus i Wadjet (Egipte), les plaques de dracs (China), el peu de bruixa (Alps) i les creus, les imatges de sants i les medalles de Sant Crist\u00f2fol (\u00e0mbit cultural cristi\u00e0). Totes comparteixen la funci\u00f3 de marcar visiblement un l\u00edmit.\"}}, {\"@type\": \"Question\", \"name\": \"Per a qu\u00e8 serveixen els s\u00edmbols de protecci\u00f3?\", \"acceptedAnswer\": {\"@type\": \"Answer\", \"text\": \"Els s\u00edmbols de protecci\u00f3 compleixen tres funcions: primer, designen la persona o el lloc com a pertanyent a un poder superior; segon, delimiten, senyalant a \u00e9ssers invisibles el l\u00edmit que no s'ha de traspassar; tercer, fan present per al mateix portador una relaci\u00f3 de protecci\u00f3 i, aix\u00ed, estabilitzen una consci\u00e8ncia pr\u00f2pia de seguretat i pertinen\u00e7a.\"}}]}<\/script>\t\t\t\t<\/div>\n\t\t\t\t\t<\/div>\n\t\t<\/div>\n\t\t\t\t\t<\/div>\n\t\t<\/section>\n\t\t<div class=\"elementor-element elementor-element-iwgcb-schutzsy-sec e-flex e-con-boxed e-con e-parent\" data-id=\"iwgcb-schutzsy-sec\" data-element_type=\"container\" data-e-type=\"container\" id=\"iwg-cb-schutzsymbole\">\n\t\t\t\t\t<div class=\"e-con-inner\">\n\t\t<div class=\"elementor-element elementor-element-iwgcb-schutzsy-inner e-flex e-con-boxed e-con e-parent\" data-id=\"iwgcb-schutzsy-inner\" data-element_type=\"container\" data-e-type=\"container\" data-settings=\"{&quot;background_background&quot;:&quot;classic&quot;}\">\n\t\t\t\t\t<div class=\"e-con-inner\">\n\t\t\t\t<div class=\"elementor-element elementor-element-iwgcb-schutzsy-h elementor-widget elementor-widget-heading\" data-id=\"iwgcb-schutzsy-h\" data-element_type=\"widget\" data-e-type=\"widget\" data-widget_type=\"heading.default\">\n\t\t\t\t\t<h2 class=\"elementor-heading-title elementor-size-default\">iWell Guard i tradicions de protecci\u00f3<\/h2>\t\t\t\t<\/div>\n\t\t\t\t<div class=\"elementor-element elementor-element-iwgcb-schutzsy-t elementor-widget elementor-widget-text-editor\" data-id=\"iwgcb-schutzsy-t\" data-element_type=\"widget\" data-e-type=\"widget\" data-widget_type=\"text-editor.default\">\n\t\t\t\t\t\t\t\t\t<div data-nosnippet=\"true\"><p>Al llarg de totes les cultures documentades es poden trobar objectes de protecci\u00f3 que la gent portava al cos, des dels amulets de <a href=\"https:\/\/iwell-guard.com\/ca\/pazuzu\/\">Pazuzu<\/a> a Mesopot\u00e0mia, passant per la <a href=\"https:\/\/iwell-guard.com\/ca\/?page_id=171650\">Hamsa<\/a> a la Mediterr\u00e0nia, fins a la <a href=\"https:\/\/iwell-guard.com\/ca\/?page_id=171652\">Mezuz\u00e0<\/a> als brancals de les portes jueves i les medalles cristianes de protecci\u00f3. iWell Guard recull aquesta tradici\u00f3 amb una arquitectura de materials contempor\u00e0nia, fabricada a Alemanya, 41 nivells, or de veritat, plat\u00ed, plata. Dret de devoluci\u00f3 de 30 dies.<\/p><\/div>\t\t\t\t\t\t\t\t<\/div>\n\t\t\t\t<div class=\"elementor-element elementor-element-iwgcb-schutzsy-b iwg-cb-button iwg-cb-cta-2026-05-13 elementor-widget elementor-widget-jet-button\" data-id=\"iwgcb-schutzsy-b\" data-element_type=\"widget\" data-e-type=\"widget\" data-widget_type=\"jet-button.default\">\n\t\t\t\t<div class=\"elementor-widget-container\">\n\t\t\t\t\t<div class=\"elementor-jet-button jet-elements\"><div class=\"jet-button__container\"><a class=\"jet-button__instance jet-button__instance--icon-left hover-effect-1\" href=\"\/ueber-iwell-guard\/?utm_source=iwell-guard.com&amp;utm_medium=info-box&amp;utm_campaign=hub-tradition\"><div class=\"jet-button__plane jet-button__plane-normal\"><\/div><div class=\"jet-button__plane jet-button__plane-hover\"><\/div><div class=\"jet-button__state jet-button__state-normal\"><span class=\"jet-button__label\">M\u00e9s informaci\u00f3 sobre l'iWell Guard<\/span><\/div><div class=\"jet-button__state jet-button__state-hover\"><span class=\"jet-button__label\">M\u00e9s informaci\u00f3 sobre l'iWell Guard<\/span><\/div><\/a><\/div><\/div><style>.elementor-element.elementor-element-iwgcb-schutzsy-b .jet-button__instance{width:320px;height:56px;}.elementor-element.elementor-element-iwgcb-schutzsy-b .jet-button__state-normal .jet-button__label{text-align:center;margin:0px 0px 0px 0px;color:#1a1b20;font-family:Montserrat,sans-serif;font-size:13px;font-weight:400;letter-spacing:4px;line-height:1.714em;text-transform:uppercase;}.elementor-element.elementor-element-iwgcb-schutzsy-b .jet-button__state-hover .jet-button__label{text-align:center;margin:0px 0px 0px 0px;color:#FECC76;font-family:Montserrat,sans-serif;font-size:13px;font-weight:400;letter-spacing:4px;line-height:1.714em;text-transform:uppercase;}.elementor-element.elementor-element-iwgcb-schutzsy-b .jet-button__plane-normal{background-color:#FECC76;border-style:solid;border-color:#C99540;border-width:2px 2px 2px 2px;}.elementor-element.elementor-element-iwgcb-schutzsy-b .jet-button__plane-hover{background-color:rgba(0,0,0,0.55);border-style:solid;border-color:#FECC76;border-width:2px 2px 2px 2px;}<\/style>\t\t\t\t<\/div>\n\t\t\t\t<\/div>\n\t\t\t\t<div class=\"elementor-element elementor-element-iwgcb-schutzsy-d elementor-widget elementor-widget-text-editor\" data-id=\"iwgcb-schutzsy-d\" data-element_type=\"widget\" data-e-type=\"widget\" data-widget_type=\"text-editor.default\">\n\t\t\t\t\t\t\t\t\t<div data-nosnippet=\"true\"><p style=\"text-align:center;font-size:13px;opacity:0.7;margin-top:14px\" data-nosnippet=\"true\">Les experi\u00e8ncies personals poden variar. No \u00e9s un producte sanitari. No \u00e9s una promesa de curaci\u00f3.<\/p><\/div>\t\t\t\t\t\t\t\t<\/div>\n\t\t\t\t\t<\/div>\n\t\t\t\t<\/div>\n\t\t\t\t\t<\/div>\n\t\t\t\t<\/div>\n\t\t\t\t<\/div>\n\t\t","protected":false},"excerpt":{"rendered":"","protected":false},"author":3,"featured_media":2470,"parent":0,"menu_order":0,"comment_status":"closed","ping_status":"closed","template":"elementor_header_footer","meta":{"_yoast_wpseo_focuskw":"simbols-de-proteccio","_yoast_wpseo_title":"S\u00edmbols de protecci\u00f3 de moltes cultures | iWell Guard","_yoast_wpseo_metadesc":"Els s\u00edmbols de protecci\u00f3 s\u00f3n objectes port\u00e0tils contra el mal, la malaltia i el mal d'ull. Hamsa, mezuz\u00e0, mal d'ull, classificats des de l'estudi de les religions.","_yoast_wpseo_meta-robots-noindex":"","_yoast_wpseo_canonical":"","_angie_page":false,"gefaehrdungsstufe":"","wesen_kultur":"","wesen_klasse":"","footnotes":""},"categories":[],"class_list":["post-171653","page","type-page","status-publish","has-post-thumbnail","hentry"],"yoast_head":"<!-- This site is optimized with the Yoast SEO Premium plugin v27.7 (Yoast SEO v28.3) - https:\/\/yoast.com\/product\/yoast-seo-premium-wordpress\/ -->\n<title>S\u00edmbols de protecci\u00f3 de moltes cultures | iWell Guard<\/title>\n<meta name=\"description\" content=\"Els s\u00edmbols de protecci\u00f3 s\u00f3n objectes port\u00e0tils contra el mal, la malaltia i el mal d&#039;ull. Hamsa, mezuz\u00e0, mal d&#039;ull, classificats des de l&#039;estudi de les religions.\" \/>\n<meta name=\"robots\" content=\"index, follow, max-snippet:-1, max-image-preview:large, max-video-preview:-1\" \/>\n<link rel=\"canonical\" href=\"https:\/\/iwell-guard.com\/ca\/simbols-de-proteccio\/\" \/>\n<meta property=\"og:locale\" content=\"ca_ES\" \/>\n<meta property=\"og:type\" content=\"article\" \/>\n<meta property=\"og:title\" content=\"S\u00edmbols de protecci\u00f3\" \/>\n<meta property=\"og:description\" content=\"Els s\u00edmbols de protecci\u00f3 s\u00f3n objectes port\u00e0tils contra el mal, la malaltia i el mal d&#039;ull. Hamsa, mezuz\u00e0, mal d&#039;ull, classificats des de l&#039;estudi de les religions.\" \/>\n<meta property=\"og:url\" content=\"https:\/\/iwell-guard.com\/ca\/simbols-de-proteccio\/\" \/>\n<meta property=\"og:site_name\" content=\"iWell Guard\" \/>\n<meta property=\"article:modified_time\" content=\"2026-09-05T16:03:35+00:00\" \/>\n<meta property=\"og:image\" content=\"https:\/\/iwell-guard.com\/wp-content\/uploads\/2026\/05\/schutzsymbol_mediterran_hamsa.webp\" \/>\n\t<meta property=\"og:image:width\" content=\"1024\" \/>\n\t<meta property=\"og:image:height\" content=\"1536\" \/>\n\t<meta property=\"og:image:type\" content=\"image\/webp\" \/>\n<meta name=\"twitter:card\" content=\"summary_large_image\" \/>\n<script type=\"application\/ld+json\" class=\"yoast-schema-graph\">{\"@context\":\"https:\\\/\\\/schema.org\",\"@graph\":[{\"@type\":\"WebPage\",\"@id\":\"https:\\\/\\\/iwell-guard.com\\\/ca\\\/simbols-de-proteccio\\\/\",\"url\":\"https:\\\/\\\/iwell-guard.com\\\/ca\\\/simbols-de-proteccio\\\/\",\"name\":\"S\u00edmbols de protecci\u00f3 de moltes cultures | iWell Guard\",\"isPartOf\":{\"@id\":\"https:\\\/\\\/iwell-guard.com\\\/ca\\\/#website\"},\"primaryImageOfPage\":{\"@id\":\"https:\\\/\\\/iwell-guard.com\\\/ca\\\/simbols-de-proteccio\\\/#primaryimage\"},\"image\":{\"@id\":\"https:\\\/\\\/iwell-guard.com\\\/ca\\\/simbols-de-proteccio\\\/#primaryimage\"},\"thumbnailUrl\":\"https:\\\/\\\/iwell-guard.com\\\/wp-content\\\/uploads\\\/2026\\\/05\\\/schutzsymbol_mediterran_hamsa.webp\",\"datePublished\":\"2026-09-05T15:41:11+00:00\",\"dateModified\":\"2026-09-05T16:03:35+00:00\",\"description\":\"Els s\u00edmbols de protecci\u00f3 s\u00f3n objectes port\u00e0tils contra el mal, la malaltia i el mal d'ull. Hamsa, mezuz\u00e0, mal d'ull, classificats des de l'estudi de les religions.\",\"breadcrumb\":{\"@id\":\"https:\\\/\\\/iwell-guard.com\\\/ca\\\/simbols-de-proteccio\\\/#breadcrumb\"},\"inLanguage\":\"ca\",\"potentialAction\":[{\"@type\":\"ReadAction\",\"target\":[\"https:\\\/\\\/iwell-guard.com\\\/ca\\\/simbols-de-proteccio\\\/\"]}]},{\"@type\":\"ImageObject\",\"inLanguage\":\"ca\",\"@id\":\"https:\\\/\\\/iwell-guard.com\\\/ca\\\/simbols-de-proteccio\\\/#primaryimage\",\"url\":\"https:\\\/\\\/iwell-guard.com\\\/wp-content\\\/uploads\\\/2026\\\/05\\\/schutzsymbol_mediterran_hamsa.webp\",\"contentUrl\":\"https:\\\/\\\/iwell-guard.com\\\/wp-content\\\/uploads\\\/2026\\\/05\\\/schutzsymbol_mediterran_hamsa.webp\",\"width\":1024,\"height\":1536,\"caption\":\"S\u00edmbol de protecci\u00f3 Hamsa com a penjoll de filigrana de plata amb ull blau sobre fons de pedra fosca\"},{\"@type\":\"BreadcrumbList\",\"@id\":\"https:\\\/\\\/iwell-guard.com\\\/ca\\\/simbols-de-proteccio\\\/#breadcrumb\",\"itemListElement\":[{\"@type\":\"ListItem\",\"position\":1,\"name\":\"Start\",\"item\":\"https:\\\/\\\/iwell-guard.com\\\/ca\\\/?page_id=171333\"},{\"@type\":\"ListItem\",\"position\":2,\"name\":\"S\u00edmbols de protecci\u00f3\"}]},{\"@type\":\"WebSite\",\"@id\":\"https:\\\/\\\/iwell-guard.com\\\/ca\\\/#website\",\"url\":\"https:\\\/\\\/iwell-guard.com\\\/ca\\\/\",\"name\":\"iWell Guard\",\"description\":\"Schutz vor dunklen Einfl\u00fcssen\",\"publisher\":{\"@id\":\"https:\\\/\\\/iwell-guard.com\\\/ca\\\/#organization\"},\"potentialAction\":[{\"@type\":\"SearchAction\",\"target\":{\"@type\":\"EntryPoint\",\"urlTemplate\":\"https:\\\/\\\/iwell-guard.com\\\/ca\\\/?s={search_term_string}\"},\"query-input\":{\"@type\":\"PropertyValueSpecification\",\"valueRequired\":true,\"valueName\":\"search_term_string\"}}],\"inLanguage\":\"ca\"},{\"@type\":\"Organization\",\"@id\":\"https:\\\/\\\/iwell-guard.com\\\/ca\\\/#organization\",\"name\":\"Ittermann electronic GmbH\",\"url\":\"https:\\\/\\\/iwell-guard.com\\\/ca\\\/\",\"logo\":{\"@type\":\"ImageObject\",\"inLanguage\":\"ca\",\"@id\":\"https:\\\/\\\/iwell-guard.com\\\/ca\\\/#\\\/schema\\\/logo\\\/image\\\/\",\"url\":\"https:\\\/\\\/iwell-guard.com\\\/wp-content\\\/uploads\\\/2026\\\/05\\\/Ittermann-Logo-1182x237-1.png\",\"contentUrl\":\"https:\\\/\\\/iwell-guard.com\\\/wp-content\\\/uploads\\\/2026\\\/05\\\/Ittermann-Logo-1182x237-1.png\",\"width\":1182,\"height\":237,\"caption\":\"Ittermann electronic GmbH\"},\"image\":{\"@id\":\"https:\\\/\\\/iwell-guard.com\\\/ca\\\/#\\\/schema\\\/logo\\\/image\\\/\"},\"sameAs\":[\"https:\\\/\\\/pantip.com\\\/profile\\\/9367242\",\"https:\\\/\\\/micro.blog\\\/iwellguard\",\"https:\\\/\\\/www.diggerslist.com\\\/iwellguard\\\/about\",\"https:\\\/\\\/skitterphoto.com\\\/photographers\\\/2870314\\\/iwell-guard\",\"https:\\\/\\\/iwellguard.wordpress.com\\\/2026\\\/06\\\/06\\\/iwell-guard\\\/\",\"https:\\\/\\\/hub.docker.com\\\/u\\\/iwellguard\",\"https:\\\/\\\/www.pinterest.com\\\/iwellguard\\\/\",\"https:\\\/\\\/bit.ly\\\/m\\\/iwellguard\",\"https:\\\/\\\/entre-vos-mains.alsace.eu\\\/profiles\\\/iwellguard\\\/activity\",\"https:\\\/\\\/gravatar.com\\\/reallybeded8fd34\",\"https:\\\/\\\/naijamatta.com\\\/iwellguard\",\"https:\\\/\\\/www.goodreads.com\\\/iwellguard\",\"https:\\\/\\\/profile.hatena.ne.jp\\\/iwellguard\\\/\",\"https:\\\/\\\/experiment.com\\\/users\\\/iwellguard\",\"https:\\\/\\\/wakelet.com\\\/@iWellGuard82270\",\"https:\\\/\\\/www.chordie.com\\\/forum\\\/profile.php?id=2555664\",\"https:\\\/\\\/www.instapaper.com\\\/p\\\/17757966\",\"https:\\\/\\\/www.mapleprimes.com\\\/users\\\/iwellguard\",\"https:\\\/\\\/businesslistingplus.com\\\/profile\\\/iwell-guard\\\/\",\"https:\\\/\\\/telegra.ph\\\/iWell-Guard-06-06\",\"https:\\\/\\\/pbase.com\\\/iwellguard\\\/iwellguard\",\"https:\\\/\\\/b.hatena.ne.jp\\\/iwellguard\\\/20260607#bookmark-4788405196491818882\",\"https:\\\/\\\/fliphtml5.com\\\/home\\\/iwellguard\",\"https:\\\/\\\/anyflip.com\\\/homepage\\\/cmiwl#About\",\"https:\\\/\\\/transfur.com\\\/Users\\\/iwellguard\",\"http:\\\/\\\/delphi.larsbo.org\\\/user\\\/iwellguard\",\"https:\\\/\\\/jobs.lajobsportal.org\\\/profiles\\\/8380803-iwell-guard\",\"https:\\\/\\\/md.chaosdorf.de\\\/s\\\/jfbe5SBdJD\",\"https:\\\/\\\/www.lingvolive.com\\\/en-us\\\/profile\\\/9ecaeaca-ce11-4e51-9e71-01d55e2bff36\\\/translations\",\"https:\\\/\\\/www.fitday.com\\\/fitness\\\/forums\\\/members\\\/iwellguard.html\",\"https:\\\/\\\/www.mymeetbook.com\\\/iwellguard\",\"https:\\\/\\\/pxhere.com\\\/en\\\/photographer-me\\\/5040798\",\"https:\\\/\\\/disqus.com\\\/by\\\/iwellguard\\\/about\\\/\",\"https:\\\/\\\/pastelink.net\\\/hjwciqwq\",\"https:\\\/\\\/pubhtml5.com\\\/homepage\\\/scjhn\\\/\",\"https:\\\/\\\/www.bitchute.com\\\/channel\\\/2O2eOKzNqujT\",\"https:\\\/\\\/audiomack.com\\\/iwellguard\"]}]}<\/script>\n<!-- \/ Yoast SEO Premium plugin. -->","yoast_head_json":{"title":"S\u00edmbols de protecci\u00f3 de moltes cultures | iWell Guard","description":"Els s\u00edmbols de protecci\u00f3 s\u00f3n objectes port\u00e0tils contra el mal, la malaltia i el mal d'ull. Hamsa, mezuz\u00e0, mal d'ull, classificats des de l'estudi de les religions.","robots":{"index":"index","follow":"follow","max-snippet":"max-snippet:-1","max-image-preview":"max-image-preview:large","max-video-preview":"max-video-preview:-1"},"canonical":"https:\/\/iwell-guard.com\/ca\/simbols-de-proteccio\/","og_locale":"ca_ES","og_type":"article","og_title":"S\u00edmbols de protecci\u00f3","og_description":"Els s\u00edmbols de protecci\u00f3 s\u00f3n objectes port\u00e0tils contra el mal, la malaltia i el mal d'ull. Hamsa, mezuz\u00e0, mal d'ull, classificats des de l'estudi de les religions.","og_url":"https:\/\/iwell-guard.com\/ca\/simbols-de-proteccio\/","og_site_name":"iWell Guard","article_modified_time":"2026-09-05T16:03:35+00:00","og_image":[{"width":1024,"height":1536,"url":"https:\/\/iwell-guard.com\/wp-content\/uploads\/2026\/05\/schutzsymbol_mediterran_hamsa.webp","type":"image\/webp"}],"twitter_card":"summary_large_image","schema":{"@context":"https:\/\/schema.org","@graph":[{"@type":"WebPage","@id":"https:\/\/iwell-guard.com\/ca\/simbols-de-proteccio\/","url":"https:\/\/iwell-guard.com\/ca\/simbols-de-proteccio\/","name":"S\u00edmbols de protecci\u00f3 de moltes cultures | iWell Guard","isPartOf":{"@id":"https:\/\/iwell-guard.com\/ca\/#website"},"primaryImageOfPage":{"@id":"https:\/\/iwell-guard.com\/ca\/simbols-de-proteccio\/#primaryimage"},"image":{"@id":"https:\/\/iwell-guard.com\/ca\/simbols-de-proteccio\/#primaryimage"},"thumbnailUrl":"https:\/\/iwell-guard.com\/wp-content\/uploads\/2026\/05\/schutzsymbol_mediterran_hamsa.webp","datePublished":"2026-09-05T15:41:11+00:00","dateModified":"2026-09-05T16:03:35+00:00","description":"Els s\u00edmbols de protecci\u00f3 s\u00f3n objectes port\u00e0tils contra el mal, la malaltia i el mal d'ull. Hamsa, mezuz\u00e0, mal d'ull, classificats des de l'estudi de les religions.","breadcrumb":{"@id":"https:\/\/iwell-guard.com\/ca\/simbols-de-proteccio\/#breadcrumb"},"inLanguage":"ca","potentialAction":[{"@type":"ReadAction","target":["https:\/\/iwell-guard.com\/ca\/simbols-de-proteccio\/"]}]},{"@type":"ImageObject","inLanguage":"ca","@id":"https:\/\/iwell-guard.com\/ca\/simbols-de-proteccio\/#primaryimage","url":"https:\/\/iwell-guard.com\/wp-content\/uploads\/2026\/05\/schutzsymbol_mediterran_hamsa.webp","contentUrl":"https:\/\/iwell-guard.com\/wp-content\/uploads\/2026\/05\/schutzsymbol_mediterran_hamsa.webp","width":1024,"height":1536,"caption":"S\u00edmbol de protecci\u00f3 Hamsa com a penjoll de filigrana de plata amb ull blau sobre fons de pedra fosca"},{"@type":"BreadcrumbList","@id":"https:\/\/iwell-guard.com\/ca\/simbols-de-proteccio\/#breadcrumb","itemListElement":[{"@type":"ListItem","position":1,"name":"Start","item":"https:\/\/iwell-guard.com\/ca\/?page_id=171333"},{"@type":"ListItem","position":2,"name":"S\u00edmbols de protecci\u00f3"}]},{"@type":"WebSite","@id":"https:\/\/iwell-guard.com\/ca\/#website","url":"https:\/\/iwell-guard.com\/ca\/","name":"iWell Guard","description":"Schutz vor dunklen Einfl\u00fcssen","publisher":{"@id":"https:\/\/iwell-guard.com\/ca\/#organization"},"potentialAction":[{"@type":"SearchAction","target":{"@type":"EntryPoint","urlTemplate":"https:\/\/iwell-guard.com\/ca\/?s={search_term_string}"},"query-input":{"@type":"PropertyValueSpecification","valueRequired":true,"valueName":"search_term_string"}}],"inLanguage":"ca"},{"@type":"Organization","@id":"https:\/\/iwell-guard.com\/ca\/#organization","name":"Ittermann electronic GmbH","url":"https:\/\/iwell-guard.com\/ca\/","logo":{"@type":"ImageObject","inLanguage":"ca","@id":"https:\/\/iwell-guard.com\/ca\/#\/schema\/logo\/image\/","url":"https:\/\/iwell-guard.com\/wp-content\/uploads\/2026\/05\/Ittermann-Logo-1182x237-1.png","contentUrl":"https:\/\/iwell-guard.com\/wp-content\/uploads\/2026\/05\/Ittermann-Logo-1182x237-1.png","width":1182,"height":237,"caption":"Ittermann electronic GmbH"},"image":{"@id":"https:\/\/iwell-guard.com\/ca\/#\/schema\/logo\/image\/"},"sameAs":["https:\/\/pantip.com\/profile\/9367242","https:\/\/micro.blog\/iwellguard","https:\/\/www.diggerslist.com\/iwellguard\/about","https:\/\/skitterphoto.com\/photographers\/2870314\/iwell-guard","https:\/\/iwellguard.wordpress.com\/2026\/06\/06\/iwell-guard\/","https:\/\/hub.docker.com\/u\/iwellguard","https:\/\/www.pinterest.com\/iwellguard\/","https:\/\/bit.ly\/m\/iwellguard","https:\/\/entre-vos-mains.alsace.eu\/profiles\/iwellguard\/activity","https:\/\/gravatar.com\/reallybeded8fd34","https:\/\/naijamatta.com\/iwellguard","https:\/\/www.goodreads.com\/iwellguard","https:\/\/profile.hatena.ne.jp\/iwellguard\/","https:\/\/experiment.com\/users\/iwellguard","https:\/\/wakelet.com\/@iWellGuard82270","https:\/\/www.chordie.com\/forum\/profile.php?id=2555664","https:\/\/www.instapaper.com\/p\/17757966","https:\/\/www.mapleprimes.com\/users\/iwellguard","https:\/\/businesslistingplus.com\/profile\/iwell-guard\/","https:\/\/telegra.ph\/iWell-Guard-06-06","https:\/\/pbase.com\/iwellguard\/iwellguard","https:\/\/b.hatena.ne.jp\/iwellguard\/20260607#bookmark-4788405196491818882","https:\/\/fliphtml5.com\/home\/iwellguard","https:\/\/anyflip.com\/homepage\/cmiwl#About","https:\/\/transfur.com\/Users\/iwellguard","http:\/\/delphi.larsbo.org\/user\/iwellguard","https:\/\/jobs.lajobsportal.org\/profiles\/8380803-iwell-guard","https:\/\/md.chaosdorf.de\/s\/jfbe5SBdJD","https:\/\/www.lingvolive.com\/en-us\/profile\/9ecaeaca-ce11-4e51-9e71-01d55e2bff36\/translations","https:\/\/www.fitday.com\/fitness\/forums\/members\/iwellguard.html","https:\/\/www.mymeetbook.com\/iwellguard","https:\/\/pxhere.com\/en\/photographer-me\/5040798","https:\/\/disqus.com\/by\/iwellguard\/about\/","https:\/\/pastelink.net\/hjwciqwq","https:\/\/pubhtml5.com\/homepage\/scjhn\/","https:\/\/www.bitchute.com\/channel\/2O2eOKzNqujT","https:\/\/audiomack.com\/iwellguard"]}]}},"_links":{"self":[{"href":"https:\/\/iwell-guard.com\/ca\/wp-json\/wp\/v2\/pages\/171653","targetHints":{"allow":["GET"]}}],"collection":[{"href":"https:\/\/iwell-guard.com\/ca\/wp-json\/wp\/v2\/pages"}],"about":[{"href":"https:\/\/iwell-guard.com\/ca\/wp-json\/wp\/v2\/types\/page"}],"author":[{"embeddable":true,"href":"https:\/\/iwell-guard.com\/ca\/wp-json\/wp\/v2\/users\/3"}],"replies":[{"embeddable":true,"href":"https:\/\/iwell-guard.com\/ca\/wp-json\/wp\/v2\/comments?post=171653"}],"version-history":[{"count":0,"href":"https:\/\/iwell-guard.com\/ca\/wp-json\/wp\/v2\/pages\/171653\/revisions"}],"wp:featuredmedia":[{"embeddable":true,"href":"https:\/\/iwell-guard.com\/ca\/wp-json\/wp\/v2\/media\/2470"}],"wp:attachment":[{"href":"https:\/\/iwell-guard.com\/ca\/wp-json\/wp\/v2\/media?parent=171653"}],"wp:term":[{"taxonomy":"category","embeddable":true,"href":"https:\/\/iwell-guard.com\/ca\/wp-json\/wp\/v2\/categories?post=171653"}],"curies":[{"name":"wp","href":"https:\/\/api.w.org\/{rel}","templated":true}]}}