{"id":171647,"date":"2026-09-05T15:41:08","date_gmt":"2026-09-05T15:41:08","guid":{"rendered":"https:\/\/iwell-guard.com\/?page_id=171647"},"modified":"2026-09-05T16:03:26","modified_gmt":"2026-09-05T16:03:26","slug":"jupiter","status":"publish","type":"page","link":"https:\/\/iwell-guard.com\/ca\/jupiter\/","title":{"rendered":"Jupiter"},"content":{"rendered":"\t\t<div data-elementor-type=\"wp-page\" data-elementor-id=\"171647\" class=\"elementor elementor-171647 elementor-2456 elementor-bc-flex-widget\" data-elementor-post-type=\"page\">\n\t\t\t\t<div class=\"elementor-element elementor-element-10fdade e-flex e-con-boxed e-con e-parent\" data-id=\"10fdade\" data-element_type=\"container\" data-e-type=\"container\" data-settings=\"{&quot;background_background&quot;:&quot;classic&quot;}\">\n\t\t\t\t\t<div class=\"e-con-inner\">\n\t\t<div class=\"elementor-element elementor-element-herohlft0 e-flex e-con-boxed e-con e-child\" data-id=\"herohlft0\" data-element_type=\"container\" data-e-type=\"container\">\n\t\t\t\t\t<div class=\"e-con-inner\">\n\t\t<div class=\"elementor-element elementor-element-c3ceb64 e-con-full e-flex e-con e-child\" data-id=\"c3ceb64\" data-element_type=\"container\" data-e-type=\"container\">\n\t\t\t\t<div class=\"elementor-element elementor-element-96ae5e1 elementor-widget elementor-widget-heading\" data-id=\"96ae5e1\" data-element_type=\"widget\" data-e-type=\"widget\" data-widget_type=\"heading.default\">\n\t\t\t\t\t<h1 class=\"elementor-heading-title elementor-size-default\">J\u00fapiter, d\u00e9u suprem del pante\u00f3 rom\u00e0<\/h1>\t\t\t\t<\/div>\n\t\t\t\t<div class=\"elementor-element elementor-element-e45238a elementor-widget elementor-widget-text-editor\" data-id=\"e45238a\" data-element_type=\"widget\" data-e-type=\"widget\" data-widget_type=\"text-editor.default\">\n\t\t\t\t\t\t\t\t\t<p><strong>J\u00fapiter \u00e9s<\/strong> el d\u00e9u suprem del pante\u00f3 rom\u00e0 i l&#8217;equivalent gen\u00e8tic del Zeus grec. El seu nom conserva l&#8217;arrel indoeuropea dyeu-pater (pare cel), que l&#8217;emparenta amb el v\u00e8dic Dyaus Pita, el germ\u00e0nic Tyr i el grec Zeus dins una mateixa fam\u00edlia ling\u00fc\u00edstica.<\/p><p>Com a d\u00e9u de la llum del dia, del tro, del jurament i de l&#8217;ordre pol\u00edtic, J\u00fapiter ocupa durant m\u00e9s de mil anys el centre de la religi\u00f3 romana i \u00e9s considerat el garant suprem de l&#8217;ordre estatal de Roma.<\/p>\t\t\t\t\t\t\t\t<\/div>\n\t\t\t\t<\/div>\n\t\t<div class=\"elementor-element elementor-element-klsbdg01 e-con-full e-flex e-con e-parent\" data-id=\"klsbdg01\" data-element_type=\"container\" data-e-type=\"container\">\n\t\t\t\t<div class=\"elementor-element elementor-element-klshtm01 elementor-widget elementor-widget-html\" data-id=\"klshtm01\" data-element_type=\"widget\" data-e-type=\"widget\" data-widget_type=\"html.default\">\n\t\t\t\t\t<div class=\"iwg-pill-row\"><span class=\"iwg-klasse-badge\" tabindex=\"0\" data-tooltip=\"D\u00e9u \/ Deessa: Poder suprem personificat dins el pante\u00f3 d'una cultura.\">D\u00e9u<\/span><a href=\"https:\/\/iwell-guard.com\/ca\/roma\/\" class=\"iwg-kultur-badge\" tabindex=\"0\" data-tooltip=\"Mitologia de l'Imperi Roma, aprox. 700 aC fins 500 dC.\">Roma<\/a><\/div>\t\t\t\t<\/div>\n\t\t\t\t<\/div>\n\t\t<div class=\"elementor-element elementor-element-3f74855 e-con-full e-flex e-con e-child\" data-id=\"3f74855\" data-element_type=\"container\" data-e-type=\"container\">\n\t\t\t\t<div class=\"elementor-element elementor-element-1c30362 elementor-toc--minimized-on-tablet elementor-widget elementor-widget-table-of-contents\" data-id=\"1c30362\" data-element_type=\"widget\" data-e-type=\"widget\" data-settings=\"{&quot;exclude_headings_by_selector&quot;:[],&quot;no_headings_message&quot;:&quot;No s&#039;ha trobat cap encap\\u00e7alament en aquesta p\\u00e0gina.&quot;,&quot;headings_by_tags&quot;:[&quot;h2&quot;,&quot;h3&quot;],&quot;marker_view&quot;:&quot;bullets&quot;,&quot;minimize_box&quot;:&quot;yes&quot;,&quot;icon&quot;:{&quot;value&quot;:&quot;fas fa-circle&quot;,&quot;library&quot;:&quot;fa-solid&quot;,&quot;rendered_tag&quot;:&quot;&lt;svg class=\\&quot;e-font-icon-svg e-fas-circle\\&quot; viewBox=\\&quot;0 0 512 512\\&quot; xmlns=\\&quot;http:\\\/\\\/www.w3.org\\\/2000\\\/svg\\&quot;&gt;&lt;path d=\\&quot;M256 8C119 8 8 119 8 256s111 248 248 248 248-111 248-248S393 8 256 8z\\&quot;&gt;&lt;\\\/path&gt;&lt;\\\/svg&gt;&quot;},&quot;minimized_on&quot;:&quot;tablet&quot;,&quot;hierarchical_view&quot;:&quot;yes&quot;,&quot;min_height&quot;:{&quot;unit&quot;:&quot;px&quot;,&quot;size&quot;:&quot;&quot;,&quot;sizes&quot;:[]},&quot;min_height_tablet&quot;:{&quot;unit&quot;:&quot;px&quot;,&quot;size&quot;:&quot;&quot;,&quot;sizes&quot;:[]},&quot;min_height_mobile&quot;:{&quot;unit&quot;:&quot;px&quot;,&quot;size&quot;:&quot;&quot;,&quot;sizes&quot;:[]}}\" data-widget_type=\"table-of-contents.default\">\n\t\t\t\t\t\t\t\t\t<div class=\"elementor-toc__header\">\n\t\t\t\t\t\t<h2 class=\"elementor-toc__header-title\">\n\t\t\t\t\u00cdndex\t\t\t<\/h2>\n\t\t\t\t\t\t\t\t\t\t<div class=\"elementor-toc__toggle-button elementor-toc__toggle-button--expand\" role=\"button\" tabindex=\"0\" aria-controls=\"elementor-toc__1c30362\" aria-expanded=\"true\" aria-label=\"Open table of contents\"><svg aria-hidden=\"true\" class=\"e-font-icon-svg e-fas-chevron-down\" viewBox=\"0 0 448 512\" xmlns=\"http:\/\/www.w3.org\/2000\/svg\"><path d=\"M207.029 381.476L12.686 187.132c-9.373-9.373-9.373-24.569 0-33.941l22.667-22.667c9.357-9.357 24.522-9.375 33.901-.04L224 284.505l154.745-154.021c9.379-9.335 24.544-9.317 33.901.04l22.667 22.667c9.373 9.373 9.373 24.569 0 33.941L240.971 381.476c-9.373 9.372-24.569 9.372-33.942 0z\"><\/path><\/svg><\/div>\n\t\t\t\t<div class=\"elementor-toc__toggle-button elementor-toc__toggle-button--collapse\" role=\"button\" tabindex=\"0\" aria-controls=\"elementor-toc__1c30362\" aria-expanded=\"true\" aria-label=\"Close table of contents\"><svg aria-hidden=\"true\" class=\"e-font-icon-svg e-fas-chevron-up\" viewBox=\"0 0 448 512\" xmlns=\"http:\/\/www.w3.org\/2000\/svg\"><path d=\"M240.971 130.524l194.343 194.343c9.373 9.373 9.373 24.569 0 33.941l-22.667 22.667c-9.357 9.357-24.522 9.375-33.901.04L224 227.495 69.255 381.516c-9.379 9.335-24.544 9.317-33.901-.04l-22.667-22.667c-9.373-9.373-9.373-24.569 0-33.941L207.03 130.525c9.372-9.373 24.568-9.373 33.941-.001z\"><\/path><\/svg><\/div>\n\t\t\t\t\t<\/div>\n\t\t\t\t<div id=\"elementor-toc__1c30362\" class=\"elementor-toc__body\">\n\t\t\t<div class=\"elementor-toc__spinner-container\">\n\t\t\t\t<svg class=\"elementor-toc__spinner eicon-animation-spin e-font-icon-svg e-eicon-loading\" aria-hidden=\"true\" viewBox=\"0 0 1000 1000\" xmlns=\"http:\/\/www.w3.org\/2000\/svg\"><path d=\"M500 975V858C696 858 858 696 858 500S696 142 500 142 142 304 142 500H25C25 237 238 25 500 25S975 237 975 500 763 975 500 975Z\"><\/path><\/svg>\t\t\t<\/div>\n\t\t<\/div>\n\t\t\t\t\t\t<\/div>\n\t\t\t\t<\/div>\n\t\t\t\t\t<\/div>\n\t\t\t\t<\/div>\n\t\t<div class=\"elementor-element elementor-element-herorght0 e-con-full e-flex e-con e-child\" data-id=\"herorght0\" data-element_type=\"container\" data-e-type=\"container\">\n\t\t\t\t<div class=\"elementor-element elementor-element-heroimg00 iwg-hero-image elementor-widget elementor-widget-image\" data-id=\"heroimg00\" data-element_type=\"widget\" data-e-type=\"widget\" data-widget_type=\"image.default\">\n\t\t\t\t\t\t\t\t\t\t\t\t\t\t\t<img fetchpriority=\"high\" decoding=\"async\" width=\"683\" height=\"1024\" src=\"https:\/\/iwell-guard.com\/wp-content\/uploads\/2026\/05\/praktiken_jupiter-683x1024.webp\" class=\"attachment-large size-large wp-image-3401\" alt=\"Jupiter\" srcset=\"https:\/\/iwell-guard.com\/wp-content\/uploads\/2026\/05\/praktiken_jupiter-683x1024.webp 683w, https:\/\/iwell-guard.com\/wp-content\/uploads\/2026\/05\/praktiken_jupiter-200x300.webp 200w, https:\/\/iwell-guard.com\/wp-content\/uploads\/2026\/05\/praktiken_jupiter-768x1152.webp 768w, https:\/\/iwell-guard.com\/wp-content\/uploads\/2026\/05\/praktiken_jupiter.webp 1024w\" sizes=\"(max-width: 683px) 100vw, 683px\" \/>\t\t\t\t\t\t\t\t\t\t\t\t\t\t\t<\/div>\n\t\t\t\t<\/div>\n\t\t\t\t\t<\/div>\n\t\t\t\t<\/div>\n\t\t<div class=\"elementor-element elementor-element-32917199 e-flex e-con-boxed e-con e-parent\" data-id=\"32917199\" data-element_type=\"container\" data-e-type=\"container\">\n\t\t\t\t\t<div class=\"e-con-inner\">\n\t\t<div class=\"elementor-element elementor-element-26e916cb e-flex e-con-boxed e-con e-child\" data-id=\"26e916cb\" data-element_type=\"container\" data-e-type=\"container\">\n\t\t\t\t\t<div class=\"e-con-inner\">\n\t\t<div class=\"elementor-element elementor-element-253a40d4 e-flex e-con-boxed e-con e-child\" data-id=\"253a40d4\" data-element_type=\"container\" data-e-type=\"container\">\n\t\t\t\t\t<div class=\"e-con-inner\">\n\t\t\t\t\t<\/div>\n\t\t\t\t<\/div>\n\t\t<div class=\"elementor-element elementor-element-159dcf9a e-flex e-con-boxed e-con e-child\" data-id=\"159dcf9a\" data-element_type=\"container\" data-e-type=\"container\">\n\t\t\t\t\t<div class=\"e-con-inner\">\n\t\t\t\t<div class=\"elementor-element elementor-element-48cee66f elementor-widget elementor-widget-heading\" data-id=\"48cee66f\" data-element_type=\"widget\" data-e-type=\"widget\" data-widget_type=\"heading.default\">\n\t\t\t\t\t<h2 class=\"elementor-heading-title elementor-size-default\">Resum r\u00e0pid: J\u00fapiter<\/h2>\t\t\t\t<\/div>\n\t\t\t\t<div class=\"elementor-element elementor-element-3f50d82c elementor-widget elementor-widget-text-editor\" data-id=\"3f50d82c\" data-element_type=\"widget\" data-e-type=\"widget\" data-widget_type=\"text-editor.default\">\n\t\t\t\t\t\t\t\t\t<p><strong>Tipus:<\/strong> d\u00e9u suprem, d\u00e9u del cel indoeuropeu<br><strong>Origen:<\/strong> religi\u00f3 romana, her\u00e8ncia indoeuropea<br><strong>Funci\u00f3:<\/strong> cel, temps atmosf\u00e8ric, jurament, dret i ordre estatal<br><strong>Fonts:<\/strong> Virgili, Ovidi, Cicer\u00f3, Aulus Geli, inscripcions IOM<br><strong>Relacionat amb:<\/strong> Zeus, Juno, Minerva, Dyaus Pita, Tyr<\/p>\t\t\t\t\t\t\t\t<\/div>\n\t\t\t\t\t<\/div>\n\t\t\t\t<\/div>\n\t\t\t\t\t<\/div>\n\t\t\t\t<\/div>\n\t\t\t\t\t<\/div>\n\t\t\t\t<\/div>\n\t\t<div class=\"elementor-element elementor-element-18613602 e-flex e-con-boxed e-con e-parent\" data-id=\"18613602\" data-element_type=\"container\" data-e-type=\"container\">\n\t\t\t\t\t<div class=\"e-con-inner\">\n\t\t\t\t<div class=\"elementor-element elementor-element-262b8a9f elementor-widget elementor-widget-heading\" data-id=\"262b8a9f\" data-element_type=\"widget\" data-e-type=\"widget\" data-widget_type=\"heading.default\">\n\t\t\t\t\t<h2 class=\"elementor-heading-title elementor-size-default\">Introducci\u00f3<\/h2>\t\t\t\t<\/div>\n\t\t<div class=\"elementor-element elementor-element-46dcb7d e-con-full e-flex e-con e-child\" data-id=\"46dcb7d\" data-element_type=\"container\" data-e-type=\"container\">\n\t\t<div class=\"elementor-element elementor-element-61d3ab3 e-flex e-con-boxed e-con e-child\" data-id=\"61d3ab3\" data-element_type=\"container\" data-e-type=\"container\">\n\t\t\t\t\t<div class=\"e-con-inner\">\n\t\t\t\t<div class=\"elementor-element elementor-element-117c166 elementor-widget elementor-widget-heading\" data-id=\"117c166\" data-element_type=\"widget\" data-e-type=\"widget\" data-widget_type=\"heading.default\">\n\t\t\t\t\t<div class=\"elementor-heading-title elementor-size-default\">Per\u00edode dels textos<\/div>\t\t\t\t<\/div>\n\t\t\t\t<div class=\"elementor-element elementor-element-73997a0 elementor-widget elementor-widget-text-editor\" data-id=\"73997a0\" data-element_type=\"widget\" data-e-type=\"widget\" data-widget_type=\"text-editor.default\">\n\t\t\t\t\t\t\t\t\t<p>J\u00fapiter est\u00e0 documentat durant m\u00e9s de mil anys en la religi\u00f3 romana. El <span class=\"iwg-fachbegriff\" data-tooltip=\"Una construcci\u00f3 dedicada a la veneraci\u00f3 d'una o diverses divinitats.\" tabindex=\"0\">temple<\/span> capitol\u00ed es data tradicionalment el 509 aC, l&#8217;any de fundaci\u00f3 de la Rep\u00fablica.<\/p><p>Els testimonis literaris m\u00e9s extensos provenen de la Rep\u00fablica tardana i de l&#8217;inici de l&#8217;Imperi, de Cicer\u00f3, Virgili, Ovidi i Horaci. Autors antiquaris com Aulus Geli descriuen encara el <span class=\"iwg-fachbegriff\" data-tooltip=\"El conjunt d'actes de veneraci\u00f3 religiosa dedicats a una divinitat o figura sagrada.\" tabindex=\"0\">culte<\/span> al segle II dC, abans que perdi la seva base institucional amb les prohibicions de sacrificis del segle IV.<\/p>\t\t\t\t\t\t\t\t<\/div>\n\t\t\t\t\t<\/div>\n\t\t\t\t<\/div>\n\t\t<div class=\"elementor-element elementor-element-d47b156 e-flex e-con-boxed e-con e-child\" data-id=\"d47b156\" data-element_type=\"container\" data-e-type=\"container\">\n\t\t\t\t\t<div class=\"e-con-inner\">\n\t\t\t\t<div class=\"elementor-element elementor-element-ff38c2b elementor-widget elementor-widget-heading\" data-id=\"ff38c2b\" data-element_type=\"widget\" data-e-type=\"widget\" data-widget_type=\"heading.default\">\n\t\t\t\t\t<div class=\"elementor-heading-title elementor-size-default\">\u00c0rea de difusi\u00f3<\/div>\t\t\t\t<\/div>\n\t\t\t\t<div class=\"elementor-element elementor-element-4e49fcc elementor-widget elementor-widget-text-editor\" data-id=\"4e49fcc\" data-element_type=\"widget\" data-e-type=\"widget\" data-widget_type=\"text-editor.default\">\n\t\t\t\t\t\t\t\t\t<p>El <span class=\"iwg-fachbegriff\" data-tooltip=\"El conjunt d'actes de veneraci\u00f3 religiosa dedicats a una divinitat o figura sagrada.\" tabindex=\"0\">culte<\/span> t\u00e9 el seu centre al Capitoli de Roma, per\u00f2 s&#8217;est\u00e9n per tot l&#8217;Imperi. Ja abans de la supremacia romana, els llatins veneraven conjuntament J\u00fapiter Latiaris al mont Alb\u00e0.<\/p><p>Durant l&#8217;Imperi, les legions erigeixen altars a J\u00fapiter Optimus Maximus a les prov\u00edncies frontereres, des de Brit\u00e0nia fins a Mesopot\u00e0mia, com a acte de fidelitat a l&#8217;Imperi.<\/p>\t\t\t\t\t\t\t\t<\/div>\n\t\t\t\t\t<\/div>\n\t\t\t\t<\/div>\n\t\t\t\t<\/div>\n\t\t<div class=\"elementor-element elementor-element-db03c39 e-con-full e-flex e-con e-child\" data-id=\"db03c39\" data-element_type=\"container\" data-e-type=\"container\">\n\t\t<div class=\"elementor-element elementor-element-229a87b e-flex e-con-boxed e-con e-child\" data-id=\"229a87b\" data-element_type=\"container\" data-e-type=\"container\">\n\t\t\t\t\t<div class=\"e-con-inner\">\n\t\t\t\t<div class=\"elementor-element elementor-element-1f471fc elementor-widget elementor-widget-heading\" data-id=\"1f471fc\" data-element_type=\"widget\" data-e-type=\"widget\" data-widget_type=\"heading.default\">\n\t\t\t\t\t<div class=\"elementor-heading-title elementor-size-default\">Estat de les fonts<\/div>\t\t\t\t<\/div>\n\t\t\t\t<div class=\"elementor-element elementor-element-36b1201 elementor-widget elementor-widget-text-editor\" data-id=\"36b1201\" data-element_type=\"widget\" data-e-type=\"widget\" data-widget_type=\"text-editor.default\">\n\t\t\t\t\t\t\t\t\t<p>La <span class=\"iwg-fachbegriff\" data-tooltip=\"La transmissi\u00f3 de coneixements i relats al llarg de generacions.\" tabindex=\"0\">transmissi\u00f3<\/span> \u00e9s \u00e0mplia. Les fonts liter\u00e0ries s\u00f3n l&#8217;Eneida de Virgili, les Metamorfosis i els Fasti d&#8217;Ovidi, i l&#8217;obra De divinatione de Cicer\u00f3. S&#8217;hi afegeixen la pedra calend\u00e0rica conservada, els fasti, i milers d&#8217;inscripcions IOM conservades. La recerca moderna, com la de Georg Wissowa, Kurt Latte i Mary Beard, ha intentat desprendre la imatge de J\u00fapiter de les capes liter\u00e0ries afegides.<\/p>\t\t\t\t\t\t\t\t<\/div>\n\t\t\t\t\t<\/div>\n\t\t\t\t<\/div>\n\t\t\t\t<\/div>\n\t\t\t\t\t<\/div>\n\t\t\t\t<\/div>\n\t\t<div class=\"elementor-element elementor-element-3ae0637c e-flex e-con-boxed e-con e-parent\" data-id=\"3ae0637c\" data-element_type=\"container\" data-e-type=\"container\">\n\t\t\t\t\t<div class=\"e-con-inner\">\n\t\t\t\t<div class=\"elementor-element elementor-element-31d07739 elementor-widget elementor-widget-heading\" data-id=\"31d07739\" data-element_type=\"widget\" data-e-type=\"widget\" data-widget_type=\"heading.default\">\n\t\t\t\t\t<h2 class=\"elementor-heading-title elementor-size-default\">Nom<\/h2>\t\t\t\t<\/div>\n\t\t<div class=\"elementor-element elementor-element-b7642947 e-con-full e-flex e-con e-child\" data-id=\"b7642947\" data-element_type=\"container\" data-e-type=\"container\">\n\t\t\t\t<div class=\"elementor-element elementor-element-a086266 elementor-widget elementor-widget-text-editor\" data-id=\"a086266\" data-element_type=\"widget\" data-e-type=\"widget\" data-widget_type=\"text-editor.default\">\n\t\t\t\t\t\t\t\t\t<p>El nom Iuppiter \u00e9s ling\u00fc\u00edsticament un vocatiu, l&#8217;al\u00b7locuci\u00f3 \u00abOh Pare Cel\u00bb. En la ling\u00fc\u00edstica indoeuropea comparada, representada per \u00c9mile Benveniste i Georges Dum\u00e9zil, dyeu-pater es considera un dels noms de d\u00e9us reconstru\u00efbles amb m\u00e9s seguretat de la religi\u00f3 protoindoeuropea. El v\u00e8dic Dyaus Pita, el grec Zeus, l&#8217;il\u00b7liri Deipaturos i el rom\u00e0 Iuppiter s\u00f3n gen\u00e8ticament id\u00e8ntics des del punt de vista ling\u00fc\u00edstic.<\/p><p>En el <span class=\"iwg-fachbegriff\" data-tooltip=\"El conjunt d'actes de veneraci\u00f3 religiosa dedicats a una divinitat o figura sagrada.\" tabindex=\"0\">culte<\/span>, J\u00fapiter porta nombrosos ep\u00edtets que designen els seus \u00e0mbits d&#8217;acci\u00f3. Com a Iuppiter Pluvius \u00e9s d\u00e9u de la pluja, com a Iuppiter Tonans d\u00e9u del tro, com a Iuppiter Fulgur d\u00e9u del llamp.<\/p><p>Iuppiter Stator garanteix la perman\u00e8ncia de l&#8217;estat, Iuppiter Victor l&#8217;\u00e8xit militar, i Iuppiter Feretrius est\u00e0 relacionat amb les armes de la vict\u00f2ria. El nom complet Iuppiter Optimus Maximus, el Millor i el M\u00e9s Gran, designa el principal destinatari del culte estatal p\u00fablic.<\/p>\t\t\t\t\t\t\t\t<\/div>\n\t\t\t\t<\/div>\n\t\t\t\t\t<\/div>\n\t\t\t\t<\/div>\n\t\t<div class=\"elementor-element elementor-element-709a44a8 e-flex e-con-boxed e-con e-parent\" data-id=\"709a44a8\" data-element_type=\"container\" data-e-type=\"container\">\n\t\t\t\t\t<div class=\"e-con-inner\">\n\t\t\t\t<div class=\"elementor-element elementor-element-2f585873 elementor-widget elementor-widget-heading\" data-id=\"2f585873\" data-element_type=\"widget\" data-e-type=\"widget\" data-widget_type=\"heading.default\">\n\t\t\t\t\t<h2 class=\"elementor-heading-title elementor-size-default\">Descripci\u00f3<\/h2>\t\t\t\t<\/div>\n\t\t<div class=\"elementor-element elementor-element-70621c12 e-con-full e-flex e-con e-child\" data-id=\"70621c12\" data-element_type=\"container\" data-e-type=\"container\">\n\t\t\t\t<div class=\"elementor-element elementor-element-4296eb49 elementor-widget elementor-widget-text-editor\" data-id=\"4296eb49\" data-element_type=\"widget\" data-e-type=\"widget\" data-widget_type=\"text-editor.default\">\n\t\t\t\t\t\t\t\t\t<p>L&#8217;\u00e0mbit d&#8217;acci\u00f3 de J\u00fapiter es divideix en diversos eixos principals. En l&#8217;\u00e0mbit meteorol\u00f2gic \u00e9s d\u00e9u de la pluja, del tro i del llamp, i governa el cel i la llum del dia.<\/p><p>Com a guardi\u00e0 del jurament, rep tota promesa vinculant de la pol\u00edtica romana: els tractats entre estats, el jurament consular i el jurament de l&#8217;ex\u00e8rcit. Com a garant de l&#8217;ordre pol\u00edtic, assegura la perman\u00e8ncia de l&#8217;estat i l&#8217;\u00e8xit en la guerra.<\/p><p>En la religi\u00f3, J\u00fapiter no era un d\u00e9u m\u00e9s entre molts, sin\u00f3 el garant suprem de l&#8217;ordre rom\u00e0. El seu ep\u00edtet Optimus Maximus el vinculava al <span class=\"iwg-fachbegriff\" data-tooltip=\"Una construcci\u00f3 dedicada a la veneraci\u00f3 d'una o diverses divinitats.\" tabindex=\"0\">temple<\/span> capitol\u00ed, que ja en \u00e8poca republicana constitu\u00efa el centre religi\u00f3s de la ciutat.<\/p><p>J\u00fapiter compartia la cel\u00b7la amb Juno i Minerva, la tr\u00edada capitolina, per\u00f2 el <span class=\"iwg-fachbegriff\" data-tooltip=\"Un petit lloc sagrat de cust\u00f2dia o devoci\u00f3.\" tabindex=\"0\">santuari<\/span> central i la preemin\u00e8ncia pol\u00edtica li pertanyien a ell.<\/p><p>Responsable del seu servei era el flamen Dialis, el m\u00e9s elevat en rang dels tres grans flamines. Estava sotm\u00e8s a nombroses prohibicions rituals: no podia abandonar el territori de la ciutat per un per\u00edode llarg, no podia muntar a cavall ni tocar cap mort. Aquestes restriccions, que Aulus Geli descriu a les Noctes Atticae, mostren que el sacerdot mateix era, en certa manera, un <span class=\"iwg-fachbegriff\" data-tooltip=\"Un lloc sagrat dedicat a la veneraci\u00f3 d'una divinitat.\" tabindex=\"0\">santuari<\/span> vivent.<\/p>\t\t\t\t\t\t\t\t<\/div>\n\t\t\t\t<\/div>\n\t\t\t\t\t<\/div>\n\t\t\t\t<\/div>\n\t\t<div class=\"elementor-element elementor-element-44e71476 e-flex e-con-boxed e-con e-parent\" data-id=\"44e71476\" data-element_type=\"container\" data-e-type=\"container\">\n\t\t\t\t\t<div class=\"e-con-inner\">\n\t\t\t\t<div class=\"elementor-element elementor-element-3c1fc3f0 elementor-widget elementor-widget-heading\" data-id=\"3c1fc3f0\" data-element_type=\"widget\" data-e-type=\"widget\" data-widget_type=\"heading.default\">\n\t\t\t\t\t<h2 class=\"elementor-heading-title elementor-size-default\">Fitxa: J\u00fapiter<\/h2>\t\t\t\t<\/div>\n\t\t<div class=\"elementor-element elementor-element-84f33b8e e-con-full e-flex e-con e-child\" data-id=\"84f33b8e\" data-element_type=\"container\" data-e-type=\"container\">\n\t\t\t\t<div class=\"elementor-element elementor-element-hqkdc67p elementor-widget elementor-widget-text-editor\" data-id=\"hqkdc67p\" data-element_type=\"widget\" data-e-type=\"widget\" data-widget_type=\"text-editor.default\">\n\t\t\t\t\t\t\t\t\t<p>La fitxa seg\u00fcent resumeix els trets essencials de J\u00fapiter dins la tradici\u00f3 romana.<\/p>\t\t\t\t\t\t\t\t<\/div>\n\t\t\t\t<\/div>\n\t\t<div class=\"elementor-element elementor-element-pemmx7c5 e-con-full e-flex e-con e-child\" data-id=\"pemmx7c5\" data-element_type=\"container\" data-e-type=\"container\">\n\t\t<div class=\"elementor-element elementor-element-pemmx7c1 e-con-full e-flex e-con e-child\" data-id=\"pemmx7c1\" data-element_type=\"container\" data-e-type=\"container\">\n\t\t<div class=\"elementor-element elementor-element-qh9oavvu iwg-steckbrief-card e-flex e-con-boxed e-con e-child\" data-id=\"qh9oavvu\" data-element_type=\"container\" data-e-type=\"container\">\n\t\t\t\t\t<div class=\"e-con-inner\">\n\t\t\t\t<div class=\"elementor-element elementor-element-awzx8k2k elementor-widget elementor-widget-heading\" data-id=\"awzx8k2k\" data-element_type=\"widget\" data-e-type=\"widget\" data-widget_type=\"heading.default\">\n\t\t\t\t\t<div class=\"elementor-heading-title elementor-size-default\">Origen<\/div>\t\t\t\t<\/div>\n\t\t\t\t<div class=\"elementor-element elementor-element-x6rowhv0 elementor-widget elementor-widget-text-editor\" data-id=\"x6rowhv0\" data-element_type=\"widget\" data-e-type=\"widget\" data-widget_type=\"text-editor.default\">\n\t\t\t\t\t\t\t\t\t<p>J\u00fapiter es remunta a un d\u00e9u del cel indoeuropeu, el nom del qual, dyeu-pater, es compta entre els noms de d\u00e9us reconstru\u00efbles amb seguretat de la religi\u00f3 protoindoeuropea. El J\u00fapiter m\u00e9s antic, genu\u00efnament rom\u00e0, apareix sobretot com a d\u00e9u del cel i del temps atmosf\u00e8ric amb una funci\u00f3 marcadament estatal. Ep\u00edtets com J\u00fapiter Latiaris remeten a una \u00e8poca anterior a la supremacia romana al Laci.<\/p>\t\t\t\t\t\t\t\t<\/div>\n\t\t\t\t\t<\/div>\n\t\t\t\t<\/div>\n\t\t<div class=\"elementor-element elementor-element-8e3o4kxs iwg-steckbrief-card e-flex e-con-boxed e-con e-child\" data-id=\"8e3o4kxs\" data-element_type=\"container\" data-e-type=\"container\">\n\t\t\t\t\t<div class=\"e-con-inner\">\n\t\t\t\t<div class=\"elementor-element elementor-element-08rkdgov elementor-widget elementor-widget-heading\" data-id=\"08rkdgov\" data-element_type=\"widget\" data-e-type=\"widget\" data-widget_type=\"heading.default\">\n\t\t\t\t\t<div class=\"elementor-heading-title elementor-size-default\">Funci\u00f3<\/div>\t\t\t\t<\/div>\n\t\t\t\t<div class=\"elementor-element elementor-element-uwjelx8s elementor-widget elementor-widget-text-editor\" data-id=\"uwjelx8s\" data-element_type=\"widget\" data-e-type=\"widget\" data-widget_type=\"text-editor.default\">\n\t\t\t\t\t\t\t\t\t<p>J\u00fapiter governa el temps atmosf\u00e8ric, el tro i el llamp, vetlla per la fidelitat i el dret, i garanteix l&#8217;ordre estatal. Els juraments dels funcionaris i els tractats internacionals es tancaven sota la seva <span class=\"iwg-fachbegriff\" data-tooltip=\"L'acte d'invocar o suplicar una divinitat o poder.\" tabindex=\"0\">invocaci\u00f3<\/span>. El consol feia sacrificis al Capitoli en assumir el c\u00e0rrec, i el general victori\u00f3s condu\u00efa la seva desfilada triomfal fins al temple de J\u00fapiter.<\/p>\t\t\t\t\t\t\t\t<\/div>\n\t\t\t\t\t<\/div>\n\t\t\t\t<\/div>\n\t\t<div class=\"elementor-element elementor-element-jm2n74ec iwg-steckbrief-card e-flex e-con-boxed e-con e-child\" data-id=\"jm2n74ec\" data-element_type=\"container\" data-e-type=\"container\">\n\t\t\t\t\t<div class=\"e-con-inner\">\n\t\t\t\t<div class=\"elementor-element elementor-element-8vufse4c elementor-widget elementor-widget-heading\" data-id=\"8vufse4c\" data-element_type=\"widget\" data-e-type=\"widget\" data-widget_type=\"heading.default\">\n\t\t\t\t\t<div class=\"elementor-heading-title elementor-size-default\">Aparen\u00e7a<\/div>\t\t\t\t<\/div>\n\t\t\t\t<div class=\"elementor-element elementor-element-mwb9u015 elementor-widget elementor-widget-text-editor\" data-id=\"mwb9u015\" data-element_type=\"widget\" data-e-type=\"widget\" data-widget_type=\"text-editor.default\">\n\t\t\t\t\t\t\t\t\t<p>Des de la identificaci\u00f3 amb Zeus, J\u00fapiter es representa majorit\u00e0riament seguint el model grec, com un d\u00e9u barbut i entronitzat amb ceptre i feix de llamps, sovint acompanyat de l&#8217;\u00e0guila. La <span class=\"iwg-fachbegriff\" data-tooltip=\"Representaci\u00f3 visual d'una divinitat venerada en un temple o santuari.\" tabindex=\"0\">imatge de culte<\/span> del <span class=\"iwg-fachbegriff\" data-tooltip=\"Un edifici dedicat a la veneraci\u00f3 d'una o diverses divinitats.\" tabindex=\"0\">temple<\/span> capitol\u00ed es trobava a la <span class=\"iwg-fachbegriff\" data-tooltip=\"Un petit lloc sagrat de cust\u00f2dia o devoci\u00f3.\" tabindex=\"0\">cel\u00b7la<\/span> central de la tr\u00edada. En el Renaixement apareix com a tema pict\u00f2ric sobretot en les escenes de transformaci\u00f3 dels seus afers amorosos.<\/p>\t\t\t\t\t\t\t\t<\/div>\n\t\t\t\t\t<\/div>\n\t\t\t\t<\/div>\n\t\t\t\t<\/div>\n\t\t<div class=\"elementor-element elementor-element-pemmx7c2 e-con-full e-flex e-con e-child\" data-id=\"pemmx7c2\" data-element_type=\"container\" data-e-type=\"container\">\n\t\t<div class=\"elementor-element elementor-element-37ss2yr6 iwg-steckbrief-card e-flex e-con-boxed e-con e-child\" data-id=\"37ss2yr6\" data-element_type=\"container\" data-e-type=\"container\">\n\t\t\t\t\t<div class=\"e-con-inner\">\n\t\t\t\t<div class=\"elementor-element elementor-element-3v0wp3wx elementor-widget elementor-widget-heading\" data-id=\"3v0wp3wx\" data-element_type=\"widget\" data-e-type=\"widget\" data-widget_type=\"heading.default\">\n\t\t\t\t\t<div class=\"elementor-heading-title elementor-size-default\">Veneraci\u00f3<\/div>\t\t\t\t<\/div>\n\t\t\t\t<div class=\"elementor-element elementor-element-w3247g2m elementor-widget elementor-widget-text-editor\" data-id=\"w3247g2m\" data-element_type=\"widget\" data-e-type=\"widget\" data-widget_type=\"text-editor.default\">\n\t\t\t\t\t\t\t\t\t<p>El <span class=\"iwg-fachbegriff\" data-tooltip=\"El conjunt d'actes de veneraci\u00f3 religiosa dedicats a una divinitat o figura sagrada.\" tabindex=\"0\">culte<\/span> p\u00fablic tenia el seu centre al <span class=\"iwg-fachbegriff\" data-tooltip=\"Un edifici dedicat a la veneraci\u00f3 d'una o diverses divinitats.\" tabindex=\"0\">temple<\/span> capitol\u00ed. Cada idus, la meitat del mes, estava <span class=\"iwg-fachbegriff\" data-tooltip=\"Lliurat al sagrat mitjan\u00e7ant un acte religi\u00f3s i, per tant, separat de l'\u00fas quotidi\u00e0.\" tabindex=\"0\">consagrat<\/span> a J\u00fapiter; en aquests dies, el flamen Dialis sacrificava una ovella blanca. Un significat propi tenia l&#8217;epulum Iovis, l&#8217;\u00e0pat festiu de J\u00fapiter, en el qual les imatges dels d\u00e9us es col\u00b7locaven sobre coixins i eren servides amb menjar.<\/p>\t\t\t\t\t\t\t\t<\/div>\n\t\t\t\t\t<\/div>\n\t\t\t\t<\/div>\n\t\t<div class=\"elementor-element elementor-element-0qpjal9w iwg-steckbrief-card e-flex e-con-boxed e-con e-child\" data-id=\"0qpjal9w\" data-element_type=\"container\" data-e-type=\"container\">\n\t\t\t\t\t<div class=\"e-con-inner\">\n\t\t\t\t<div class=\"elementor-element elementor-element-6ndoih0o elementor-widget elementor-widget-heading\" data-id=\"6ndoih0o\" data-element_type=\"widget\" data-e-type=\"widget\" data-widget_type=\"heading.default\">\n\t\t\t\t\t<div class=\"elementor-heading-title elementor-size-default\">S\u00edmbols<\/div>\t\t\t\t<\/div>\n\t\t\t\t<div class=\"elementor-element elementor-element-6684tyh9 elementor-widget elementor-widget-text-editor\" data-id=\"6684tyh9\" data-element_type=\"widget\" data-e-type=\"widget\" data-widget_type=\"text-editor.default\">\n\t\t\t\t\t\t\t\t\t<p>J\u00fapiter est\u00e0 associat al llamp, considerat la manifestaci\u00f3 m\u00e9s directa de la seva voluntat. Un lloc colpit pel llamp es tancava com a bidental i no es podia trepitjar. Altres senyals de la seva voluntat provenien de l&#8217;observaci\u00f3 dels ocells. L&#8217;\u00e0guila i el ceptre s\u00f3n els seus atributs iconogr\u00e0fics habituals.<\/p>\t\t\t\t\t\t\t\t<\/div>\n\t\t\t\t\t<\/div>\n\t\t\t\t<\/div>\n\t\t<div class=\"elementor-element elementor-element-3lfi7x32 iwg-steckbrief-card e-flex e-con-boxed e-con e-child\" data-id=\"3lfi7x32\" data-element_type=\"container\" data-e-type=\"container\">\n\t\t\t\t\t<div class=\"e-con-inner\">\n\t\t\t\t<div class=\"elementor-element elementor-element-0kg99ga1 elementor-widget elementor-widget-heading\" data-id=\"0kg99ga1\" data-element_type=\"widget\" data-e-type=\"widget\" data-widget_type=\"heading.default\">\n\t\t\t\t\t<div class=\"elementor-heading-title elementor-size-default\">Paral\u00b7lelismes<\/div>\t\t\t\t<\/div>\n\t\t\t\t<div class=\"elementor-element elementor-element-n0fum6kp elementor-widget elementor-widget-text-editor\" data-id=\"n0fum6kp\" data-element_type=\"widget\" data-e-type=\"widget\" data-widget_type=\"text-editor.default\">\n\t\t\t\t\t\t\t\t\t<p>J\u00fapiter representa paradigm\u00e0ticament el pare-cel indoeuropeu. Estan emparentats ling\u00fc\u00edsticament el grec Zeus, el v\u00e8dic Dyaus Pita, el germ\u00e0nic Tyr i l&#8217;il\u00b7liri Deipaturos. En el l\u00e8xic, J\u00fapiter s&#8217;inclou entre les divinitats supremes, junt amb Zeus, Anu, Brahma, Odin i Amon-Ra.<\/p>\t\t\t\t\t\t\t\t<\/div>\n\t\t\t\t\t<\/div>\n\t\t\t\t<\/div>\n\t\t\t\t<\/div>\n\t\t\t\t<\/div>\n\t\t\t\t\t<\/div>\n\t\t\t\t<\/div>\n\t\t<div class=\"elementor-element elementor-element-7533bc7a e-flex e-con-boxed e-con e-parent\" data-id=\"7533bc7a\" data-element_type=\"container\" data-e-type=\"container\">\n\t\t\t\t\t<div class=\"e-con-inner\">\n\t\t\t\t<div class=\"elementor-element elementor-element-2447d18d elementor-widget elementor-widget-heading\" data-id=\"2447d18d\" data-element_type=\"widget\" data-e-type=\"widget\" data-widget_type=\"heading.default\">\n\t\t\t\t\t<h2 class=\"elementor-heading-title elementor-size-default\">Recepci\u00f3 i hist\u00f2ria de la influ\u00e8ncia<\/h2>\t\t\t\t<\/div>\n\t\t<div class=\"elementor-element elementor-element-d5d0260c e-con-full e-flex e-con e-child\" data-id=\"d5d0260c\" data-element_type=\"container\" data-e-type=\"container\">\n\t\t\t\t<div class=\"elementor-element elementor-element-341be2ac elementor-widget elementor-widget-text-editor\" data-id=\"341be2ac\" data-element_type=\"widget\" data-e-type=\"widget\" data-widget_type=\"text-editor.default\">\n\t\t\t\t\t\t\t\t\t<p>Ja des d&#8217;antic els romans van identificar J\u00fapiter amb el grec Zeus. Aquesta interpretatio no era una simple traducci\u00f3, sin\u00f3 un proc\u00e9s llarg durant el qual la <span class=\"iwg-fachbegriff\" data-tooltip=\"El conjunt de relats sobre d\u00e9us transmesos per una cultura.\" tabindex=\"0\">mitologia<\/span> grega es va transferir al d\u00e9u rom\u00e0.<\/p><p>Mentre que el J\u00fapiter aut\u00f2cton apareix origin\u00e0riament com a d\u00e9u del cel i del temps amb una funci\u00f3 d&#8217;estat, la identificaci\u00f3 va comportar el material narratiu de la poesia grega: el naixement a Creta, la lluita contra els titans i els nombrosos amors.<\/p><p>Els poetes romans van escriure en aquest sentit. A l&#8217;Eneida de Virgili, J\u00fapiter \u00e9s qui guia el dest\u00ed i promet a Enees i als seus descendents el domini del m\u00f3n.<\/p><p>Ovidi va recollir a les Metamorfosis les llegendes de transformaci\u00f3 i els va donar una forma liter\u00e0ria que va marcar la imatge europea posterior de J\u00fapiter m\u00e9s que cap relat de culte. La investigaci\u00f3 subratlla que aquesta apropiaci\u00f3 liter\u00e0ria no s&#8217;ha de confondre amb la religi\u00f3 viscuda.<\/p><p>Amb l&#8217;ascens del cristianisme, el culte a J\u00fapiter va perdre la seva base estatal. Teodosi I va prohibir el 391 els <span class=\"iwg-fachbegriff\" data-tooltip=\"Ofrena a una divinitat per expressar gratitud, s\u00faplica o veneraci\u00f3.\" tabindex=\"0\">sacrificis<\/span> pagans, i el <span class=\"iwg-fachbegriff\" data-tooltip=\"Un edifici dedicat a la veneraci\u00f3 d'una o diverses divinitats.\" tabindex=\"0\">temple<\/span> capitol\u00ed va caure en decad\u00e8ncia. Tot i aix\u00ed, el nom no va desapar\u00e8ixer.<\/p><p>El planeta m\u00e9s gran del sistema solar en porta el nom, i el dia de la setmana llat\u00ed dies Iovis pervie en el franc\u00e8s jeudi i l&#8217;itali\u00e0 gioved\u00ec. Agust\u00ed va polemitzar contra J\u00fapiter com a \u00eddol, per\u00f2 al mateix temps va adoptar figures del llenguatge del culte a l&#8217;Optimus Maximus per al d\u00e9u cristi\u00e0.<\/p>\t\t\t\t\t\t\t\t<\/div>\n\t\t\t\t<\/div>\n\t\t\t\t\t<\/div>\n\t\t\t\t<\/div>\n\t\t<div class=\"elementor-element elementor-element-5a584676 e-flex e-con-boxed e-con e-parent\" data-id=\"5a584676\" data-element_type=\"container\" data-e-type=\"container\">\n\t\t\t\t\t<div class=\"e-con-inner\">\n\t\t\t\t<div class=\"elementor-element elementor-element-6d0757bf elementor-widget elementor-widget-heading\" data-id=\"6d0757bf\" data-element_type=\"widget\" data-e-type=\"widget\" data-widget_type=\"heading.default\">\n\t\t\t\t\t<h2 class=\"elementor-heading-title elementor-size-default\">J\u00fapiter, paral\u00b7lelismes en altres cultures<\/h2>\t\t\t\t<\/div>\n\t\t<div class=\"elementor-element elementor-element-60563f68 e-con-full e-flex e-con e-child\" data-id=\"60563f68\" data-element_type=\"container\" data-e-type=\"container\">\n\t\t\t\t<div class=\"elementor-element elementor-element-5a93fdd6 elementor-widget elementor-widget-text-editor\" data-id=\"5a93fdd6\" data-element_type=\"widget\" data-e-type=\"widget\" data-widget_type=\"text-editor.default\">\n\t\t\t\t\t\t\t\t\t<p>J\u00fapiter \u00e9s, en sentit de religi\u00f3 comparada, paradigm\u00e0tic del tipus indoeuropeu del pare-cel. El v\u00e8dic Dyaus Pita, el grec Zeus, l&#8217;il\u00b7liri Deipaturos i el rom\u00e0 Iuppiter es remunten a la mateixa arrel ling\u00fc\u00edstica dyeu-pater. El nucli m\u00edtic com\u00fa \u00e9s el d&#8217;un d\u00e9u del cel di\u00fcrn que governa el temps, el tro i la llei.<\/p><p>M\u00e9s enll\u00e0 d&#8217;aquesta estreta fam\u00edlia ling\u00fc\u00edstica, J\u00fapiter es pot comparar amb altres divinitats supremes que ocupen una posici\u00f3 estructuralment similar dins el seu pante\u00f3, com el mesopot\u00e0mic Anu, l&#8217;indi Brahma, el germ\u00e0nic Odin i l&#8217;egipci Amon-Ra. Aquestes comparacions mostren el paper recurrent d&#8217;un d\u00e9u suprem com a garant de l&#8217;ordre i la llei.<\/p>\t\t\t\t\t\t\t\t<\/div>\n\t\t\t\t<\/div>\n\t\t\t\t\t<\/div>\n\t\t\t\t<\/div>\n\t\t<div class=\"elementor-element elementor-element-36dd7469 e-flex e-con-boxed e-con e-parent\" data-id=\"36dd7469\" data-element_type=\"container\" data-e-type=\"container\">\n\t\t\t\t\t<div class=\"e-con-inner\">\n\t\t\t\t<div class=\"elementor-element elementor-element-13760ab4 elementor-widget elementor-widget-heading\" data-id=\"13760ab4\" data-element_type=\"widget\" data-e-type=\"widget\" data-widget_type=\"heading.default\">\n\t\t\t\t\t<h2 class=\"elementor-heading-title elementor-size-default\">Enlla\u00e7os relacionats<\/h2>\t\t\t\t<\/div>\n\t\t<div class=\"elementor-element elementor-element-28c87796 e-con-full e-flex e-con e-child\" data-id=\"28c87796\" data-element_type=\"container\" data-e-type=\"container\">\n\t\t\t\t<div class=\"elementor-element elementor-element-5d6538df elementor-widget elementor-widget-text-editor\" data-id=\"5d6538df\" data-element_type=\"widget\" data-e-type=\"widget\" data-widget_type=\"text-editor.default\">\n\t\t\t\t\t\t\t\t\t<ul><li><a href=\"https:\/\/iwell-guard.com\/ca\/?page_id=171431\">D\u00e9us<\/a>: llista dels d\u00e9us<\/li><li><a href=\"https:\/\/iwell-guard.com\/ca\/roma\/\">Roma<\/a>: <span class=\"iwg-fachbegriff\" data-tooltip=\"El conjunt de relats sobre d\u00e9us transmesos per una cultura.\" tabindex=\"0\">mitologia<\/span> romana<\/li><li><a href=\"https:\/\/iwell-guard.com\/ca\/?page_id=171587\">Juno<\/a>: esposa de J\u00fapiter i part de la tr\u00edada capitolina<\/li><li><a href=\"https:\/\/iwell-guard.com\/ca\/?page_id=171462\">Zeus<\/a>: equivalent grec de J\u00fapiter<\/li><\/ul>\t\t\t\t\t\t\t\t<\/div>\n\t\t\t\t<\/div>\n\t\t\t\t\t<\/div>\n\t\t\t\t<\/div>\n\t\t<div class=\"elementor-element elementor-element-grl4kl40 e-flex e-con-boxed e-con e-parent\" data-id=\"grl4kl40\" data-element_type=\"container\" data-e-type=\"container\">\n\t\t\t\t\t<div class=\"e-con-inner\">\n\t\t\t\t<div class=\"elementor-element elementor-element-bzsbfrmh elementor-widget elementor-widget-heading\" data-id=\"bzsbfrmh\" data-element_type=\"widget\" data-e-type=\"widget\" data-widget_type=\"heading.default\">\n\t\t\t\t\t<h2 class=\"elementor-heading-title elementor-size-default\">Bibliografia (selecci\u00f3)<\/h2>\t\t\t\t<\/div>\n\t\t<div class=\"elementor-element elementor-element-2c13224a e-con-full e-flex e-con e-child\" data-id=\"2c13224a\" data-element_type=\"container\" data-e-type=\"container\">\n\t\t\t\t<div class=\"elementor-element elementor-element-0eymh9ub elementor-widget elementor-widget-text-editor\" data-id=\"0eymh9ub\" data-element_type=\"widget\" data-e-type=\"widget\" data-widget_type=\"text-editor.default\">\n\t\t\t\t\t\t\t\t\t<footer class=\"iwg-literatur\"><ul><li><span data-nosnippet>Mary Beard, John North, Simon Price: Religions of Rome, Cambridge University Press 1998.<\/span><\/li><li><span data-nosnippet>Georg Wissowa: Religion und Kultus der R\u00f6mer, C. H. Beck, M\u00fcnchen 1912.<\/span><\/li><li><span data-nosnippet>Kurt Latte: R\u00f6mische Religionsgeschichte, C. H. Beck, M\u00fcnchen 1960.<\/span><\/li><li><span data-nosnippet>Georges Dum\u00e9zil: La religion romaine archa\u00efque, Payot, Paris 1966.<\/span><\/li><li><span data-nosnippet>\u00c9mile Benveniste: Le vocabulaire des institutions indo-europ\u00e9ennes, \u00c9ditions de Minuit, Paris 1969.<\/span><\/li><\/ul><\/footer>\t\t\t\t\t\t\t\t<\/div>\n\t\t\t\t<\/div>\n\t\t\t\t\t<\/div>\n\t\t\t\t<\/div>\n\t\t\t\t<section class=\"elementor-section elementor-top-section elementor-element elementor-element-wv-jupiter-faq elementor-section-boxed elementor-section-height-default elementor-section-height-default\" data-id=\"wv-jupiter-faq\" data-element_type=\"section\" data-e-type=\"section\">\n\t\t\t\t\t\t<div class=\"elementor-container elementor-column-gap-default\">\n\t\t\t\t\t<div class=\"elementor-column elementor-col-100 elementor-top-column elementor-element elementor-element-wv-jupiter-faq-col\" data-id=\"wv-jupiter-faq-col\" data-element_type=\"column\" data-e-type=\"column\">\n\t\t\t<div class=\"elementor-widget-wrap elementor-element-populated\">\n\t\t\t\t\t\t<div class=\"elementor-element elementor-element-wv-jupiter-h elementor-widget elementor-widget-heading\" data-id=\"wv-jupiter-h\" data-element_type=\"widget\" data-e-type=\"widget\" data-widget_type=\"heading.default\">\n\t\t\t\t\t<h2 class=\"elementor-heading-title elementor-size-default\">Preguntes freq\u00fcents sobre J\u00fapiter<\/h2>\t\t\t\t<\/div>\n\t\t\t\t<div class=\"elementor-element elementor-element-wv-jupiter-t elementor-widget elementor-widget-text-editor\" data-id=\"wv-jupiter-t\" data-element_type=\"widget\" data-e-type=\"widget\" data-widget_type=\"text-editor.default\">\n\t\t\t\t\t\t\t\t\t\n<details class=\"iwg-faq-item\">\n  <summary><strong>Qui \u00e9s J\u00fapiter?<\/strong><\/summary>\n  <p>J\u00fapiter \u00e9s el d\u00e9u suprem del pante\u00f3 rom\u00e0 i l&#8217;equivalent gen\u00e8tic del Zeus grec. El seu nom conserva l&#8217;arrel indoeuropea dyeu-pater, \u00abpare del cel\u00bb. Aquesta arrel el vincula amb el v\u00e8dic Dyaus Pita, el germ\u00e0nic Tyr i el grec Zeus, formant una mateixa fam\u00edlia ling\u00fc\u00edstica. Com a d\u00e9u de la llum di\u00fcrna, del tro, del jurament i de l&#8217;ordre pol\u00edtic, ocupa durant m\u00e9s de mil anys el centre de la religi\u00f3 romana. \u00c9s considerat el garant suprem de l&#8217;ordre estatal de Roma.<\/p>\n<\/details>\n\n<details class=\"iwg-faq-item\">\n  <summary><strong>Quin paper tenia J\u00fapiter en el culte estatal rom\u00e0?<\/strong><\/summary>\n  <p>J\u00fapiter no era un d\u00e9u m\u00e9s entre molts, sin\u00f3 el garant suprem de l&#8217;ordre rom\u00e0. Sota la seva invocaci\u00f3 es prestaven els juraments dels magistrats, el jurament militar i els tractats internacionals. El c\u00f2nsol oferia un sacrifici en prendre possessi\u00f3 del c\u00e0rrec al Capitoli, i el general victori\u00f3s condu\u00efa la seva process\u00f3 triomfal fins al temple de J\u00fapiter. El seu nom complet, Iuppiter Optimus Maximus, \u00abel Millor i el M\u00e9s Gran\u00bb, designa el principal destinatari del culte estatal p\u00fablic.<\/p>\n<\/details>\n\n<details class=\"iwg-faq-item\">\n  <summary><strong>Qu\u00e8 \u00e9s la tr\u00edada capitolina?<\/strong><\/summary>\n  <p>Al <span class=\"iwg-fachbegriff\" data-tooltip=\"Un edifici dedicat al culte d'una o diverses divinitats.\" tabindex=\"0\">temple<\/span> capitol\u00ed, J\u00fapiter compartia la cella amb Juno i Minerva, formant la tr\u00edada capitolina. Tanmateix, el <span class=\"iwg-fachbegriff\" data-tooltip=\"Un petit lloc sagrat de culte o devoci\u00f3.\" tabindex=\"0\">santuari<\/span> central i la preemin\u00e8ncia pol\u00edtica li corresponien a ell. Encarregat del seu servei era el flamen Dialis, el m\u00e9s alt en rang dels tres grans flamines, sotm\u00e8s a nombroses prohibicions rituals, com ara no muntar a cavall ni tocar un mort.<\/p>\n<\/details>\n\n<details class=\"iwg-faq-item\">\n  <summary><strong>Quina relaci\u00f3 t\u00e9 J\u00fapiter amb el Zeus grec?<\/strong><\/summary>\n  <p>Ja des de ben aviat, els romans van identificar J\u00fapiter amb el Zeus grec. Aquesta interpretatio no va ser una simple traducci\u00f3, sin\u00f3 un proc\u00e9s llarg i complex, al llarg del qual la mitologia grega es va traslladar al d\u00e9u rom\u00e0. El J\u00fapiter aut\u00f2cton apareix origin\u00e0riament com a d\u00e9u del cel i del temps atmosf\u00e8ric, amb una funci\u00f3 de dret p\u00fablic. La identificaci\u00f3 va comportar el material narratiu de la poesia grega, com ara el naixement a Creta i la lluita contra els titans.<\/p>\n<\/details>\n\t\t\t\t\t\t\t\t<\/div>\n\t\t\t\t<div class=\"elementor-element elementor-element-wv-jupiter-s elementor-widget elementor-widget-html\" data-id=\"wv-jupiter-s\" data-element_type=\"widget\" data-e-type=\"widget\" data-widget_type=\"html.default\">\n\t\t\t\t\t<script type=\"application\/ld+json\">{\"@context\": \"https:\/\/schema.org\", \"@type\": \"FAQPage\", \"mainEntity\": [{\"@type\": \"Question\", \"name\": \"Qui \u00e9s J\u00fapiter?\", \"acceptedAnswer\": {\"@type\": \"Answer\", \"text\": \"J\u00fapiter \u00e9s el d\u00e9u suprem del pante\u00f3 rom\u00e0 i l'equivalent gen\u00e8tic del grec Zeus. El seu nom conserva l'arrel indoeuropea dyeu-pater, pare del cel, que el vincula amb el v\u00e8dic Dyaus Pita, el germ\u00e0nic Tyr i el grec Zeus dins d'una mateixa fam\u00edlia de mots. Com a d\u00e9u de la llum del dia, del tro, del jurament i de l'ordre pol\u00edtic, ocupa durant m\u00e9s de mil anys el centre de la religi\u00f3 romana i es considera el garant suprem de l'ordre estatal de Roma.\"}}, {\"@type\": \"Question\", \"name\": \"Quin paper tenia J\u00fapiter en el culte estatal rom\u00e0?\", \"acceptedAnswer\": {\"@type\": \"Answer\", \"text\": \"J\u00fapiter no era un d\u00e9u m\u00e9s entre molts, sin\u00f3 el garant suprem de l'ordre rom\u00e0. Sota la seva invocaci\u00f3 es feien els juraments dels magistrats, el jurament militar i els tractats internacionals. El c\u00f2nsol oferia sacrificis en prendre possessi\u00f3 del c\u00e0rrec al Capitoli, i el general victori\u00f3s portava el seu desfilada triomfal fins al temple de J\u00fapiter. El seu nom complet, Iuppiter Optimus Maximus, el millor i el m\u00e9s gran, designa el destinatari principal del culte estatal p\u00fablic.\"}}, {\"@type\": \"Question\", \"name\": \"Qu\u00e8 \u00e9s la tr\u00edada capitolina?\", \"acceptedAnswer\": {\"@type\": \"Answer\", \"text\": \"Al temple capitol\u00ed, J\u00fapiter compartia la cel\u00b7la amb Juno i Minerva, la tr\u00edada capitolina. Per\u00f2 el santuari central i la preemin\u00e8ncia pol\u00edtica li pertanyien a ell. El seu culte era responsabilitat del flamen Dialis, el de rang m\u00e9s alt dels tres grans flamines, que estava subjecte a nombroses prohibicions rituals, com no pujar mai a cavall ni tocar mai un mort.\"}}, {\"@type\": \"Question\", \"name\": \"Quina relaci\u00f3 t\u00e9 J\u00fapiter amb el grec Zeus?\", \"acceptedAnswer\": {\"@type\": \"Answer\", \"text\": \"Ja d'antic, els romans van identificar J\u00fapiter amb el grec Zeus. Aquesta interpretatio no va ser una simple traducci\u00f3, sin\u00f3 un proc\u00e9s llarg i complex, al llarg del qual la mitologia grega es va transferir al d\u00e9u rom\u00e0. El J\u00fapiter aut\u00f2cton apareix origin\u00e0riament com a d\u00e9u del cel i del temps amb una funci\u00f3 d'ordre estatal, mentre que la identificaci\u00f3 va comportar el material narratiu de la poesia grega, com el naixement a Creta i la lluita contra els titans.\"}}]}<\/script>\t\t\t\t<\/div>\n\t\t\t\t\t<\/div>\n\t\t<\/div>\n\t\t\t\t\t<\/div>\n\t\t<\/section>\n\t\t\t\t<\/div>\n\t\t","protected":false},"excerpt":{"rendered":"","protected":false},"author":3,"featured_media":3401,"parent":0,"menu_order":0,"comment_status":"closed","ping_status":"closed","template":"elementor_header_footer","meta":{"_yoast_wpseo_focuskw":"J\u00fapiter, d\u00e9u suprem rom\u00e0","_yoast_wpseo_title":"J\u00fapiter - D\u00e9u suprem del pante\u00f3 rom\u00e0","_yoast_wpseo_metadesc":"J\u00fapiter Optimus Maximus, d\u00e9u suprem del pante\u00f3 rom\u00e0: her\u00e8ncia indoeuropea, tr\u00edada capitolina, culte estatal i perviv\u00e8ncia.","_yoast_wpseo_meta-robots-noindex":"","_yoast_wpseo_canonical":"","_angie_page":false,"gefaehrdungsstufe":"2","wesen_kultur":"rom","wesen_klasse":"goetter","footnotes":""},"categories":[],"class_list":["post-171647","page","type-page","status-publish","has-post-thumbnail","hentry"],"yoast_head":"<!-- This site is optimized with the Yoast SEO Premium plugin v27.7 (Yoast SEO v28.3) - https:\/\/yoast.com\/product\/yoast-seo-premium-wordpress\/ -->\n<title>J\u00fapiter - D\u00e9u suprem del pante\u00f3 rom\u00e0<\/title>\n<meta name=\"description\" content=\"J\u00fapiter Optimus Maximus, d\u00e9u suprem del pante\u00f3 rom\u00e0: her\u00e8ncia indoeuropea, tr\u00edada capitolina, culte estatal i perviv\u00e8ncia.\" \/>\n<meta name=\"robots\" content=\"index, follow, max-snippet:-1, max-image-preview:large, max-video-preview:-1\" \/>\n<link rel=\"canonical\" href=\"https:\/\/iwell-guard.com\/ca\/jupiter\/\" \/>\n<meta property=\"og:locale\" content=\"ca_ES\" \/>\n<meta property=\"og:type\" content=\"article\" \/>\n<meta property=\"og:title\" content=\"Jupiter\" \/>\n<meta property=\"og:description\" content=\"J\u00fapiter Optimus Maximus, d\u00e9u suprem del pante\u00f3 rom\u00e0: her\u00e8ncia indoeuropea, tr\u00edada capitolina, culte estatal i perviv\u00e8ncia.\" \/>\n<meta property=\"og:url\" content=\"https:\/\/iwell-guard.com\/ca\/jupiter\/\" \/>\n<meta property=\"og:site_name\" content=\"iWell Guard\" \/>\n<meta property=\"article:modified_time\" content=\"2026-09-05T16:03:26+00:00\" \/>\n<meta property=\"og:image\" content=\"https:\/\/iwell-guard.com\/wp-content\/uploads\/2026\/05\/praktiken_jupiter.webp\" \/>\n\t<meta property=\"og:image:width\" content=\"1024\" \/>\n\t<meta property=\"og:image:height\" content=\"1536\" \/>\n\t<meta property=\"og:image:type\" content=\"image\/webp\" \/>\n<meta name=\"twitter:card\" content=\"summary_large_image\" \/>\n<script type=\"application\/ld+json\" class=\"yoast-schema-graph\">{\"@context\":\"https:\\\/\\\/schema.org\",\"@graph\":[{\"@type\":\"WebPage\",\"@id\":\"https:\\\/\\\/iwell-guard.com\\\/ca\\\/jupiter\\\/\",\"url\":\"https:\\\/\\\/iwell-guard.com\\\/ca\\\/jupiter\\\/\",\"name\":\"J\u00fapiter - D\u00e9u suprem del pante\u00f3 rom\u00e0\",\"isPartOf\":{\"@id\":\"https:\\\/\\\/iwell-guard.com\\\/ca\\\/#website\"},\"primaryImageOfPage\":{\"@id\":\"https:\\\/\\\/iwell-guard.com\\\/ca\\\/jupiter\\\/#primaryimage\"},\"image\":{\"@id\":\"https:\\\/\\\/iwell-guard.com\\\/ca\\\/jupiter\\\/#primaryimage\"},\"thumbnailUrl\":\"https:\\\/\\\/iwell-guard.com\\\/wp-content\\\/uploads\\\/2026\\\/05\\\/praktiken_jupiter.webp\",\"datePublished\":\"2026-09-05T15:41:08+00:00\",\"dateModified\":\"2026-09-05T16:03:26+00:00\",\"description\":\"J\u00fapiter Optimus Maximus, d\u00e9u suprem del pante\u00f3 rom\u00e0: her\u00e8ncia indoeuropea, tr\u00edada capitolina, culte estatal i perviv\u00e8ncia.\",\"breadcrumb\":{\"@id\":\"https:\\\/\\\/iwell-guard.com\\\/ca\\\/jupiter\\\/#breadcrumb\"},\"inLanguage\":\"ca\",\"potentialAction\":[{\"@type\":\"ReadAction\",\"target\":[\"https:\\\/\\\/iwell-guard.com\\\/ca\\\/jupiter\\\/\"]}]},{\"@type\":\"ImageObject\",\"inLanguage\":\"ca\",\"@id\":\"https:\\\/\\\/iwell-guard.com\\\/ca\\\/jupiter\\\/#primaryimage\",\"url\":\"https:\\\/\\\/iwell-guard.com\\\/wp-content\\\/uploads\\\/2026\\\/05\\\/praktiken_jupiter.webp\",\"contentUrl\":\"https:\\\/\\\/iwell-guard.com\\\/wp-content\\\/uploads\\\/2026\\\/05\\\/praktiken_jupiter.webp\",\"width\":1024,\"height\":1536,\"caption\":\"Pr\u00e0ctica. Representaci\u00f3 historicoil\u00b7lustrativa.\"},{\"@type\":\"BreadcrumbList\",\"@id\":\"https:\\\/\\\/iwell-guard.com\\\/ca\\\/jupiter\\\/#breadcrumb\",\"itemListElement\":[{\"@type\":\"ListItem\",\"position\":1,\"name\":\"Start\",\"item\":\"https:\\\/\\\/iwell-guard.com\\\/ca\\\/?page_id=171333\"},{\"@type\":\"ListItem\",\"position\":2,\"name\":\"Jupiter\"}]},{\"@type\":\"WebSite\",\"@id\":\"https:\\\/\\\/iwell-guard.com\\\/ca\\\/#website\",\"url\":\"https:\\\/\\\/iwell-guard.com\\\/ca\\\/\",\"name\":\"iWell Guard\",\"description\":\"Schutz vor dunklen Einfl\u00fcssen\",\"publisher\":{\"@id\":\"https:\\\/\\\/iwell-guard.com\\\/ca\\\/#organization\"},\"potentialAction\":[{\"@type\":\"SearchAction\",\"target\":{\"@type\":\"EntryPoint\",\"urlTemplate\":\"https:\\\/\\\/iwell-guard.com\\\/ca\\\/?s={search_term_string}\"},\"query-input\":{\"@type\":\"PropertyValueSpecification\",\"valueRequired\":true,\"valueName\":\"search_term_string\"}}],\"inLanguage\":\"ca\"},{\"@type\":\"Organization\",\"@id\":\"https:\\\/\\\/iwell-guard.com\\\/ca\\\/#organization\",\"name\":\"Ittermann electronic GmbH\",\"url\":\"https:\\\/\\\/iwell-guard.com\\\/ca\\\/\",\"logo\":{\"@type\":\"ImageObject\",\"inLanguage\":\"ca\",\"@id\":\"https:\\\/\\\/iwell-guard.com\\\/ca\\\/#\\\/schema\\\/logo\\\/image\\\/\",\"url\":\"https:\\\/\\\/iwell-guard.com\\\/wp-content\\\/uploads\\\/2026\\\/05\\\/Ittermann-Logo-1182x237-1.png\",\"contentUrl\":\"https:\\\/\\\/iwell-guard.com\\\/wp-content\\\/uploads\\\/2026\\\/05\\\/Ittermann-Logo-1182x237-1.png\",\"width\":1182,\"height\":237,\"caption\":\"Ittermann electronic GmbH\"},\"image\":{\"@id\":\"https:\\\/\\\/iwell-guard.com\\\/ca\\\/#\\\/schema\\\/logo\\\/image\\\/\"},\"sameAs\":[\"https:\\\/\\\/pantip.com\\\/profile\\\/9367242\",\"https:\\\/\\\/micro.blog\\\/iwellguard\",\"https:\\\/\\\/www.diggerslist.com\\\/iwellguard\\\/about\",\"https:\\\/\\\/skitterphoto.com\\\/photographers\\\/2870314\\\/iwell-guard\",\"https:\\\/\\\/iwellguard.wordpress.com\\\/2026\\\/06\\\/06\\\/iwell-guard\\\/\",\"https:\\\/\\\/hub.docker.com\\\/u\\\/iwellguard\",\"https:\\\/\\\/www.pinterest.com\\\/iwellguard\\\/\",\"https:\\\/\\\/bit.ly\\\/m\\\/iwellguard\",\"https:\\\/\\\/entre-vos-mains.alsace.eu\\\/profiles\\\/iwellguard\\\/activity\",\"https:\\\/\\\/gravatar.com\\\/reallybeded8fd34\",\"https:\\\/\\\/naijamatta.com\\\/iwellguard\",\"https:\\\/\\\/www.goodreads.com\\\/iwellguard\",\"https:\\\/\\\/profile.hatena.ne.jp\\\/iwellguard\\\/\",\"https:\\\/\\\/experiment.com\\\/users\\\/iwellguard\",\"https:\\\/\\\/wakelet.com\\\/@iWellGuard82270\",\"https:\\\/\\\/www.chordie.com\\\/forum\\\/profile.php?id=2555664\",\"https:\\\/\\\/www.instapaper.com\\\/p\\\/17757966\",\"https:\\\/\\\/www.mapleprimes.com\\\/users\\\/iwellguard\",\"https:\\\/\\\/businesslistingplus.com\\\/profile\\\/iwell-guard\\\/\",\"https:\\\/\\\/telegra.ph\\\/iWell-Guard-06-06\",\"https:\\\/\\\/pbase.com\\\/iwellguard\\\/iwellguard\",\"https:\\\/\\\/b.hatena.ne.jp\\\/iwellguard\\\/20260607#bookmark-4788405196491818882\",\"https:\\\/\\\/fliphtml5.com\\\/home\\\/iwellguard\",\"https:\\\/\\\/anyflip.com\\\/homepage\\\/cmiwl#About\",\"https:\\\/\\\/transfur.com\\\/Users\\\/iwellguard\",\"http:\\\/\\\/delphi.larsbo.org\\\/user\\\/iwellguard\",\"https:\\\/\\\/jobs.lajobsportal.org\\\/profiles\\\/8380803-iwell-guard\",\"https:\\\/\\\/md.chaosdorf.de\\\/s\\\/jfbe5SBdJD\",\"https:\\\/\\\/www.lingvolive.com\\\/en-us\\\/profile\\\/9ecaeaca-ce11-4e51-9e71-01d55e2bff36\\\/translations\",\"https:\\\/\\\/www.fitday.com\\\/fitness\\\/forums\\\/members\\\/iwellguard.html\",\"https:\\\/\\\/www.mymeetbook.com\\\/iwellguard\",\"https:\\\/\\\/pxhere.com\\\/en\\\/photographer-me\\\/5040798\",\"https:\\\/\\\/disqus.com\\\/by\\\/iwellguard\\\/about\\\/\",\"https:\\\/\\\/pastelink.net\\\/hjwciqwq\",\"https:\\\/\\\/pubhtml5.com\\\/homepage\\\/scjhn\\\/\",\"https:\\\/\\\/www.bitchute.com\\\/channel\\\/2O2eOKzNqujT\",\"https:\\\/\\\/audiomack.com\\\/iwellguard\"]},{\"@type\":\"Article\",\"@id\":\"https:\\\/\\\/iwell-guard.com\\\/ca\\\/jupiter\\\/#article\",\"isPartOf\":{\"@id\":\"https:\\\/\\\/iwell-guard.com\\\/ca\\\/jupiter\\\/\"},\"author\":{\"name\":\"Ralf Ittermann\",\"@id\":\"https:\\\/\\\/iwell-guard.com\\\/ca\\\/#\\\/schema\\\/person\\\/ee2a27f1cac3406c7c6fb5820cb7349f\"},\"headline\":\"Jupiter\",\"datePublished\":\"2026-09-05T15:41:08+00:00\",\"dateModified\":\"2026-09-05T16:03:26+00:00\",\"mainEntityOfPage\":{\"@id\":\"https:\\\/\\\/iwell-guard.com\\\/ca\\\/jupiter\\\/\"},\"publisher\":{\"@id\":\"https:\\\/\\\/iwell-guard.com\\\/ca\\\/#organization\"},\"image\":{\"@id\":\"https:\\\/\\\/iwell-guard.com\\\/ca\\\/jupiter\\\/#primaryimage\"},\"thumbnailUrl\":\"https:\\\/\\\/iwell-guard.com\\\/wp-content\\\/uploads\\\/2026\\\/05\\\/praktiken_jupiter.webp\",\"inLanguage\":\"ca\",\"description\":\"J\u00fapiter Optimus Maximus, d\u00e9u suprem del pante\u00f3 rom\u00e0: her\u00e8ncia indoeuropea, tr\u00edada capitolina, culte estatal i perviv\u00e8ncia.\"}]}<\/script>\n<!-- \/ Yoast SEO Premium plugin. -->","yoast_head_json":{"title":"J\u00fapiter - D\u00e9u suprem del pante\u00f3 rom\u00e0","description":"J\u00fapiter Optimus Maximus, d\u00e9u suprem del pante\u00f3 rom\u00e0: her\u00e8ncia indoeuropea, tr\u00edada capitolina, culte estatal i perviv\u00e8ncia.","robots":{"index":"index","follow":"follow","max-snippet":"max-snippet:-1","max-image-preview":"max-image-preview:large","max-video-preview":"max-video-preview:-1"},"canonical":"https:\/\/iwell-guard.com\/ca\/jupiter\/","og_locale":"ca_ES","og_type":"article","og_title":"Jupiter","og_description":"J\u00fapiter Optimus Maximus, d\u00e9u suprem del pante\u00f3 rom\u00e0: her\u00e8ncia indoeuropea, tr\u00edada capitolina, culte estatal i perviv\u00e8ncia.","og_url":"https:\/\/iwell-guard.com\/ca\/jupiter\/","og_site_name":"iWell Guard","article_modified_time":"2026-09-05T16:03:26+00:00","og_image":[{"width":1024,"height":1536,"url":"https:\/\/iwell-guard.com\/wp-content\/uploads\/2026\/05\/praktiken_jupiter.webp","type":"image\/webp"}],"twitter_card":"summary_large_image","schema":{"@context":"https:\/\/schema.org","@graph":[{"@type":"Article","@id":"https:\/\/iwell-guard.com\/ca\/jupiter\/#article","isPartOf":{"@id":"https:\/\/iwell-guard.com\/ca\/jupiter\/"},"author":{"name":"Ralf Ittermann","@id":"https:\/\/iwell-guard.com\/ca\/#\/schema\/person\/ee2a27f1cac3406c7c6fb5820cb7349f"},"headline":"Jupiter","datePublished":"2026-09-05T15:41:08+00:00","dateModified":"2026-09-05T16:03:26+00:00","mainEntityOfPage":{"@id":"https:\/\/iwell-guard.com\/ca\/jupiter\/"},"publisher":{"@id":"https:\/\/iwell-guard.com\/ca\/#organization"},"image":{"@id":"https:\/\/iwell-guard.com\/ca\/jupiter\/#primaryimage"},"thumbnailUrl":"https:\/\/iwell-guard.com\/wp-content\/uploads\/2026\/05\/praktiken_jupiter.webp","inLanguage":"ca","description":"J\u00fapiter Optimus Maximus, d\u00e9u suprem del pante\u00f3 rom\u00e0: her\u00e8ncia indoeuropea, tr\u00edada capitolina, culte estatal i perviv\u00e8ncia."},{"@type":"WebPage","@id":"https:\/\/iwell-guard.com\/ca\/jupiter\/","url":"https:\/\/iwell-guard.com\/ca\/jupiter\/","name":"J\u00fapiter - D\u00e9u suprem del pante\u00f3 rom\u00e0","isPartOf":{"@id":"https:\/\/iwell-guard.com\/ca\/#website"},"primaryImageOfPage":{"@id":"https:\/\/iwell-guard.com\/ca\/jupiter\/#primaryimage"},"image":{"@id":"https:\/\/iwell-guard.com\/ca\/jupiter\/#primaryimage"},"thumbnailUrl":"https:\/\/iwell-guard.com\/wp-content\/uploads\/2026\/05\/praktiken_jupiter.webp","datePublished":"2026-09-05T15:41:08+00:00","dateModified":"2026-09-05T16:03:26+00:00","description":"J\u00fapiter Optimus Maximus, d\u00e9u suprem del pante\u00f3 rom\u00e0: her\u00e8ncia indoeuropea, tr\u00edada capitolina, culte estatal i perviv\u00e8ncia.","breadcrumb":{"@id":"https:\/\/iwell-guard.com\/ca\/jupiter\/#breadcrumb"},"inLanguage":"ca","potentialAction":[{"@type":"ReadAction","target":["https:\/\/iwell-guard.com\/ca\/jupiter\/"]}]},{"@type":"ImageObject","inLanguage":"ca","@id":"https:\/\/iwell-guard.com\/ca\/jupiter\/#primaryimage","url":"https:\/\/iwell-guard.com\/wp-content\/uploads\/2026\/05\/praktiken_jupiter.webp","contentUrl":"https:\/\/iwell-guard.com\/wp-content\/uploads\/2026\/05\/praktiken_jupiter.webp","width":1024,"height":1536,"caption":"Pr\u00e0ctica. Representaci\u00f3 historicoil\u00b7lustrativa."},{"@type":"BreadcrumbList","@id":"https:\/\/iwell-guard.com\/ca\/jupiter\/#breadcrumb","itemListElement":[{"@type":"ListItem","position":1,"name":"Start","item":"https:\/\/iwell-guard.com\/ca\/?page_id=171333"},{"@type":"ListItem","position":2,"name":"Jupiter"}]},{"@type":"WebSite","@id":"https:\/\/iwell-guard.com\/ca\/#website","url":"https:\/\/iwell-guard.com\/ca\/","name":"iWell Guard","description":"Schutz vor dunklen Einfl\u00fcssen","publisher":{"@id":"https:\/\/iwell-guard.com\/ca\/#organization"},"potentialAction":[{"@type":"SearchAction","target":{"@type":"EntryPoint","urlTemplate":"https:\/\/iwell-guard.com\/ca\/?s={search_term_string}"},"query-input":{"@type":"PropertyValueSpecification","valueRequired":true,"valueName":"search_term_string"}}],"inLanguage":"ca"},{"@type":"Organization","@id":"https:\/\/iwell-guard.com\/ca\/#organization","name":"Ittermann electronic GmbH","url":"https:\/\/iwell-guard.com\/ca\/","logo":{"@type":"ImageObject","inLanguage":"ca","@id":"https:\/\/iwell-guard.com\/ca\/#\/schema\/logo\/image\/","url":"https:\/\/iwell-guard.com\/wp-content\/uploads\/2026\/05\/Ittermann-Logo-1182x237-1.png","contentUrl":"https:\/\/iwell-guard.com\/wp-content\/uploads\/2026\/05\/Ittermann-Logo-1182x237-1.png","width":1182,"height":237,"caption":"Ittermann electronic GmbH"},"image":{"@id":"https:\/\/iwell-guard.com\/ca\/#\/schema\/logo\/image\/"},"sameAs":["https:\/\/pantip.com\/profile\/9367242","https:\/\/micro.blog\/iwellguard","https:\/\/www.diggerslist.com\/iwellguard\/about","https:\/\/skitterphoto.com\/photographers\/2870314\/iwell-guard","https:\/\/iwellguard.wordpress.com\/2026\/06\/06\/iwell-guard\/","https:\/\/hub.docker.com\/u\/iwellguard","https:\/\/www.pinterest.com\/iwellguard\/","https:\/\/bit.ly\/m\/iwellguard","https:\/\/entre-vos-mains.alsace.eu\/profiles\/iwellguard\/activity","https:\/\/gravatar.com\/reallybeded8fd34","https:\/\/naijamatta.com\/iwellguard","https:\/\/www.goodreads.com\/iwellguard","https:\/\/profile.hatena.ne.jp\/iwellguard\/","https:\/\/experiment.com\/users\/iwellguard","https:\/\/wakelet.com\/@iWellGuard82270","https:\/\/www.chordie.com\/forum\/profile.php?id=2555664","https:\/\/www.instapaper.com\/p\/17757966","https:\/\/www.mapleprimes.com\/users\/iwellguard","https:\/\/businesslistingplus.com\/profile\/iwell-guard\/","https:\/\/telegra.ph\/iWell-Guard-06-06","https:\/\/pbase.com\/iwellguard\/iwellguard","https:\/\/b.hatena.ne.jp\/iwellguard\/20260607#bookmark-4788405196491818882","https:\/\/fliphtml5.com\/home\/iwellguard","https:\/\/anyflip.com\/homepage\/cmiwl#About","https:\/\/transfur.com\/Users\/iwellguard","http:\/\/delphi.larsbo.org\/user\/iwellguard","https:\/\/jobs.lajobsportal.org\/profiles\/8380803-iwell-guard","https:\/\/md.chaosdorf.de\/s\/jfbe5SBdJD","https:\/\/www.lingvolive.com\/en-us\/profile\/9ecaeaca-ce11-4e51-9e71-01d55e2bff36\/translations","https:\/\/www.fitday.com\/fitness\/forums\/members\/iwellguard.html","https:\/\/www.mymeetbook.com\/iwellguard","https:\/\/pxhere.com\/en\/photographer-me\/5040798","https:\/\/disqus.com\/by\/iwellguard\/about\/","https:\/\/pastelink.net\/hjwciqwq","https:\/\/pubhtml5.com\/homepage\/scjhn\/","https:\/\/www.bitchute.com\/channel\/2O2eOKzNqujT","https:\/\/audiomack.com\/iwellguard"]},{"@type":"Person","@id":"https:\/\/iwell-guard.com\/ca\/#\/schema\/person\/ee2a27f1cac3406c7c6fb5820cb7349f","name":"Ralf Ittermann","image":{"@type":"ImageObject","inLanguage":"ca","@id":"https:\/\/secure.gravatar.com\/avatar\/073c0153e350a5005b68eb752b445fea71f6b24a26da9449ad7e155e6b446c9d?s=96&d=mm&r=g","url":"https:\/\/secure.gravatar.com\/avatar\/073c0153e350a5005b68eb752b445fea71f6b24a26da9449ad7e155e6b446c9d?s=96&d=mm&r=g","contentUrl":"https:\/\/secure.gravatar.com\/avatar\/073c0153e350a5005b68eb752b445fea71f6b24a26da9449ad7e155e6b446c9d?s=96&d=mm&r=g","caption":"Ralf Ittermann"},"givenName":"Ralf","familyName":"Ittermann","jobTitle":"Gesch\u00e4ftsf\u00fchrer und redaktioneller Verantwortlicher","url":"https:\/\/iwell-guard.com\/ca\/author\/claude\/","description":"Ralf Ittermann ist Gesch\u00e4ftsf\u00fchrer der Ittermann electronic GmbH und redaktioneller Verantwortlicher des iWell-Guard-Lexikons. Er verbindet langj\u00e4hrige Erfahrung in der Pr\u00e4zisionsfertigung mit medialer Praxis und religionsgeschichtlicher Quellenarbeit.","worksFor":{"@type":"Organization","name":"Ittermann electronic GmbH","url":"https:\/\/ittermann.de\/","address":{"@type":"PostalAddress","streetAddress":"K\u00f6hlergasse 16-18","postalCode":"99842","addressLocality":"Ruhla","addressCountry":"DE"}},"knowsAbout":["Religionsgeschichte","Mythologie","Mediale Praxis","Energetische Diagnostik","Schutzpraxis","Volksglauben","Westliche Esoterik"]},{"@type":"Article","@id":"https:\/\/iwell-guard.com\/ca\/jupiter\/#article","isPartOf":{"@id":"https:\/\/iwell-guard.com\/ca\/jupiter\/"},"author":{"name":"Ralf Ittermann","@id":"https:\/\/iwell-guard.com\/ca\/#\/schema\/person\/ee2a27f1cac3406c7c6fb5820cb7349f"},"headline":"Jupiter","datePublished":"2026-09-05T15:41:08+00:00","dateModified":"2026-09-05T16:03:26+00:00","mainEntityOfPage":{"@id":"https:\/\/iwell-guard.com\/ca\/jupiter\/"},"publisher":{"@id":"https:\/\/iwell-guard.com\/ca\/#organization"},"image":{"@id":"https:\/\/iwell-guard.com\/ca\/jupiter\/#primaryimage"},"thumbnailUrl":"https:\/\/iwell-guard.com\/wp-content\/uploads\/2026\/05\/praktiken_jupiter.webp","inLanguage":"ca","description":"J\u00fapiter Optimus Maximus, d\u00e9u suprem del pante\u00f3 rom\u00e0: her\u00e8ncia indoeuropea, tr\u00edada capitolina, culte estatal i perviv\u00e8ncia."}]}},"_links":{"self":[{"href":"https:\/\/iwell-guard.com\/ca\/wp-json\/wp\/v2\/pages\/171647","targetHints":{"allow":["GET"]}}],"collection":[{"href":"https:\/\/iwell-guard.com\/ca\/wp-json\/wp\/v2\/pages"}],"about":[{"href":"https:\/\/iwell-guard.com\/ca\/wp-json\/wp\/v2\/types\/page"}],"author":[{"embeddable":true,"href":"https:\/\/iwell-guard.com\/ca\/wp-json\/wp\/v2\/users\/3"}],"replies":[{"embeddable":true,"href":"https:\/\/iwell-guard.com\/ca\/wp-json\/wp\/v2\/comments?post=171647"}],"version-history":[{"count":0,"href":"https:\/\/iwell-guard.com\/ca\/wp-json\/wp\/v2\/pages\/171647\/revisions"}],"wp:featuredmedia":[{"embeddable":true,"href":"https:\/\/iwell-guard.com\/ca\/wp-json\/wp\/v2\/media\/3401"}],"wp:attachment":[{"href":"https:\/\/iwell-guard.com\/ca\/wp-json\/wp\/v2\/media?parent=171647"}],"wp:term":[{"taxonomy":"category","embeddable":true,"href":"https:\/\/iwell-guard.com\/ca\/wp-json\/wp\/v2\/categories?post=171647"}],"curies":[{"name":"wp","href":"https:\/\/api.w.org\/{rel}","templated":true}]}}