{"id":171643,"date":"2026-09-05T15:41:06","date_gmt":"2026-09-05T15:41:06","guid":{"rendered":"https:\/\/iwell-guard.com\/?page_id=171643"},"modified":"2026-09-05T16:03:17","modified_gmt":"2026-09-05T16:03:17","slug":"gnosi","status":"publish","type":"page","link":"https:\/\/iwell-guard.com\/ca\/gnosi\/","title":{"rendered":"Gnosi"},"content":{"rendered":"\t\t<div data-elementor-type=\"wp-page\" data-elementor-id=\"171643\" class=\"elementor elementor-171643 elementor-2442 elementor-bc-flex-widget\" data-elementor-post-type=\"page\">\n\t\t\t\t<div class=\"elementor-element elementor-element-hero8f1ad61 e-flex e-con-boxed e-con e-parent\" data-id=\"hero8f1ad61\" data-element_type=\"container\" data-e-type=\"container\">\n\t\t\t\t\t<div class=\"e-con-inner\">\n\t\t\t\t<div class=\"elementor-element elementor-element-heroimg5cc0a2f iwg-hero-image elementor-widget elementor-widget-image\" data-id=\"heroimg5cc0a2f\" data-element_type=\"widget\" data-e-type=\"widget\" data-widget_type=\"image.default\">\n\t\t\t\t\t\t\t\t\t\t\t\t\t\t\t<img fetchpriority=\"high\" decoding=\"async\" width=\"683\" height=\"1024\" src=\"https:\/\/iwell-guard.com\/wp-content\/uploads\/2026\/05\/praktiken_gnosis-683x1024.webp\" class=\"attachment-large size-large wp-image-3398\" alt=\"Gnosi\" srcset=\"https:\/\/iwell-guard.com\/wp-content\/uploads\/2026\/05\/praktiken_gnosis-683x1024.webp 683w, https:\/\/iwell-guard.com\/wp-content\/uploads\/2026\/05\/praktiken_gnosis-200x300.webp 200w, https:\/\/iwell-guard.com\/wp-content\/uploads\/2026\/05\/praktiken_gnosis-768x1152.webp 768w, https:\/\/iwell-guard.com\/wp-content\/uploads\/2026\/05\/praktiken_gnosis.webp 1024w\" sizes=\"(max-width: 683px) 100vw, 683px\" \/>\t\t\t\t\t\t\t\t\t\t\t\t\t\t\t<\/div>\n\t\t\t\t\t<\/div>\n\t\t\t\t<\/div>\n\t\t\t\t<section class=\"elementor-section elementor-top-section elementor-element elementor-element-sec-5bd5d4a elementor-section-boxed elementor-section-height-default elementor-section-height-default\" data-id=\"sec-5bd5d4a\" data-element_type=\"section\" data-e-type=\"section\" id=\"sec-5bd5d4a\">\n\t\t\t\t\t\t<div class=\"elementor-container elementor-column-gap-default\">\n\t\t\t\t\t<div class=\"elementor-column elementor-col-100 elementor-top-column elementor-element elementor-element-col-5bd5d4a\" data-id=\"col-5bd5d4a\" data-element_type=\"column\" data-e-type=\"column\" id=\"col-5bd5d4a\">\n\t\t\t<div class=\"elementor-widget-wrap elementor-element-populated\">\n\t\t\t\t\t\t<div class=\"elementor-element elementor-element-wh-5bd5d4a elementor-widget elementor-widget-heading\" data-id=\"wh-5bd5d4a\" data-element_type=\"widget\" data-e-type=\"widget\" id=\"h1-5bd5d4a\" data-widget_type=\"heading.default\">\n\t\t\t\t\t<h1 class=\"elementor-heading-title elementor-size-default\">Gnosi, cam\u00ed de coneixement entre el Pleroma i el Demi\u00fcrg<\/h1>\t\t\t\t<\/div>\n\t\t\t\t<div class=\"elementor-element elementor-element-we-5bd5d4a elementor-widget elementor-widget-text-editor\" data-id=\"we-5bd5d4a\" data-element_type=\"widget\" data-e-type=\"widget\" id=\"ed-5bd5d4a-b\" data-widget_type=\"text-editor.default\">\n\t\t\t\t\t\t\t\t\t<p class=\"iwg-lead\"><span class=\"iwg-fachbegriff\" data-tooltip=\"Corrent religi\u00f3s de l'antiguitat tardana que ensenyava la salvaci\u00f3 mitjan\u00e7ant un coneixement salv\u00edfic especial.\" tabindex=\"0\">Gnosi<\/span> designa el <strong>cam\u00ed de coneixement<\/strong> propi de l&#8217;antiguitat tardana entre el <strong>Pleroma<\/strong> div\u00ed i el m\u00f3n material del <strong>Demi\u00fcrg<\/strong>, una <span class=\"iwg-fachbegriff\" data-tooltip=\"Concepci\u00f3 de l'estructura i l'ordre del m\u00f3n dins d'una cultura.\" tabindex=\"0\">cosmologia<\/span> dualista amb un <span class=\"iwg-fachbegriff\" data-tooltip=\"Un relat transm\u00e8s sobre d\u00e9us, or\u00edgens i l'ordre del m\u00f3n.\" tabindex=\"0\">mite<\/span> de salvaci\u00f3.<\/p>\n<p class=\"iwg-lead\"><strong><span class=\"iwg-fachbegriff\" tabindex=\"0\" data-tooltip=\"Corrent religi\u00f3s de l'antiguitat tardana dels segles II\u2013III; ensenya una cosmologia dualista amb arconts inferiors.\">Gnosi<\/span><\/strong>, del grec gn\u014dsis, coneixement, designa un corrent religiosofilos\u00f2fic de l&#8217;<span class=\"iwg-fachbegriff\" data-tooltip=\"\u00c8poca de transici\u00f3 entre l'antiguitat i l'edat mitjana, aproximadament entre els segles III i VII.\" tabindex=\"0\">antiguitat tardana<\/span> centrat en la convicci\u00f3 que l&#8217;\u00e9sser hum\u00e0 pot alliberar-se del seu enredament c\u00f2smic mitjan\u00e7ant un coneixement interior ocult.<\/p><p class=\"iwg-lead\">El m\u00f3n no es considera una bona creaci\u00f3 del D\u00e9u suprem, sin\u00f3 l&#8217;obra d&#8217;un demi\u00fcrg imperfecte; el veritable D\u00e9u transmund\u00e0 roman m\u00e9s enll\u00e0, i nom\u00e9s l&#8217;espurna divina que dorm en l&#8217;\u00e9sser hum\u00e0 pot, mitjan\u00e7ant el coneixement, recordar-lo.<\/p>\n<h2 id=\"quellen-und-textfunde\">Fonts i troballes textuals<\/h2>\n<p>Fins al segle XX, els investigadors coneixien la <span class=\"iwg-fachbegriff\" data-tooltip=\"Corrent religi\u00f3s de l'antiguitat tardana que ensenyava la salvaci\u00f3 mitjan\u00e7ant un coneixement salv\u00edfic especial.\" tabindex=\"0\">gnosi<\/span> gaireb\u00e9 exclusivament a trav\u00e9s dels escrits pol\u00e8mics dels pares de l&#8217;Esgl\u00e9sia Irineu, Hip\u00f2lit, Tertul\u00b7li\u00e0 i Epifani, que la combatien com a <span class=\"iwg-fachbegriff\" tabindex=\"0\" data-tooltip=\"En la tradici\u00f3 cristiana, doctrina que s'aparta de la posici\u00f3 ortodoxa; a l'antiguitat i l'edat mitjana era sancionada.\">heretgia<\/span>. El 1945, un pag\u00e8s egipci va trobar a Nag Hammadi 13 c\u00f2dexs coptes amb 52 textos gn\u00f2stics originals, l&#8217;<em>Ap\u00f2crif de Joan<\/em>, l&#8217;<em>Evangeli de la Veritat<\/em>, l&#8217;<em>Evangeli segons Tom\u00e0s<\/em>, l&#8217;<em>Evangeli segons Felip<\/em>, el <em>Tro. Ment Perfecta<\/em>, la <em>Pistis Sophia<\/em>.<\/p><p>Nom\u00e9s aquesta troballa va permetre veure des de dins l&#8217;autodescripci\u00f3 gn\u00f2stica.<\/p>\n<h2 id=\"grundlehre\">Doctrines fonamentals<\/h2>\n<p>Malgrat una considerable diversitat, la majoria dels sistemes gn\u00f2stics comparteixen un nucli com\u00fa. Al capdamunt de l&#8217;\u00e9sser hi ha el Pare inefable, del qual s&#8217;esplaia el Pleroma dels eons. Per una caiguda de la Sofia inferior sorgeix el Demi\u00fcrg, sovint anomenat Jaldabaoth o Saklas, que crea el m\u00f3n material com una pres\u00f3.<\/p><p>Els \u00e9ssers humans porten en si l&#8217;espurna divina, per\u00f2 no en s\u00f3n conscients. Un missatger del Pleroma, entre els cristians el Crist, en altres sistemes Set o la mateixa Sofia, porta el coneixement salvador. Qui l&#8217;acull allibera la seva espurna de l&#8217;embolcall corporal i, despr\u00e9s de la mort, torna al Pleroma.<\/p>\n<h2 id=\"schulen\">Escoles i corrents<\/h2>\n<p>La <span class=\"iwg-fachbegriff\" data-tooltip=\"\u00c8poca de la cultura grega i romana, aproximadament del 800 aC al 600 dC.\" tabindex=\"0\">gnosi<\/span> <span class=\"iwg-fachbegriff\" data-tooltip=\"Corrent religi\u00f3s de l'antiguitat tardana que ensenyava la salvaci\u00f3 mitjan\u00e7ant un coneixement salv\u00edfic especial.\" tabindex=\"0\">antiga<\/span> no \u00e9s un moviment uniforme. Els valentinians, al voltant de Valent\u00ed (s. II), desenvolupen una elaborada doctrina dels eons i s&#8217;apropen a la gran Esgl\u00e9sia cristiana. Els setians treballen amb la figura de Set com a portador de salvaci\u00f3 i recorren \u00e0mpliament a la literatura jueva.<\/p><p>El maniqueisme de Mani (s. III) esdev\u00e9 una religi\u00f3 mundial pr\u00f2pia, que s&#8217;est\u00e9n des del nord d&#8217;\u00c0frica fins a la Xina. Els mandeus, al sud de l&#8217;actual Iraq, s\u00f3n l&#8217;\u00fanica comunitat gn\u00f2stica que perdura fins avui; veneren Joan Baptista i consideren Jes\u00fas un fals profeta.<\/p>\n<h2 id=\"dualismus\">Dualisme i les seves matisacions<\/h2>\n<p>Un tret caracter\u00edstic de la <span class=\"iwg-fachbegriff\" data-tooltip=\"Corrent religi\u00f3s de l'antiguitat tardana que ensenyava la salvaci\u00f3 mitjan\u00e7ant un coneixement salv\u00edfic especial.\" tabindex=\"0\">gnosi<\/span> \u00e9s un dualisme metaf\u00edsic. Va des de la separaci\u00f3 estricta entre D\u00e9u i Demi\u00fcrg, <span class=\"iwg-fachbegriff\" data-tooltip=\"Un \u00e9sser incorpori al qual s'atribueix acci\u00f3 en el m\u00f3n.\" tabindex=\"0\">esperit<\/span> i mat\u00e8ria, fins a la doctrina maniquea m\u00e9s radical de dos principis eternament enfrontats. Aquestes estructures dualistes perduren en la hist\u00f2ria religiosa occidental, en els bogomils de Bulg\u00e0ria, els c\u00e0tars del sud de Fran\u00e7a (s. XII-XIII), i parcialment en la <span class=\"iwg-fachbegriff\" data-tooltip=\"La doctrina cient\u00edfica sobre D\u00e9u i sobre la fe d'una religi\u00f3.\" tabindex=\"0\">teologia<\/span> protestant de la depravaci\u00f3 del m\u00f3n.<\/p>\n<h2 id=\"rezeption\">Recepci\u00f3 moderna<\/h2>\n<p>Als segles XIX i XX, la <span class=\"iwg-fachbegriff\" data-tooltip=\"Corrent religi\u00f3s de l'antiguitat tardana que ensenyava la salvaci\u00f3 mitjan\u00e7ant un coneixement salv\u00edfic especial.\" tabindex=\"0\">gnosi<\/span> \u00e9s rebuda des de diversos \u00e0mbits. C. G. Jung hi veu una forma precursora de l&#8217;autoconeixement de la psicologia profunda i comenta extensament la <em>Pistis Sophia<\/em>.<\/p><p>Hans Jonas presenta amb <em><span class=\"iwg-fachbegriff\" data-tooltip=\"Corrent religi\u00f3s de l'antiguitat tardana que ensenyava la salvaci\u00f3 mitjan\u00e7ant un coneixement salv\u00edfic especial.\" tabindex=\"0\">Gnosis<\/span> und sp\u00e4tantiker <span class=\"iwg-fachbegriff\" data-tooltip=\"Un \u00e9sser incorpori al qual s'atribueix acci\u00f3 en el m\u00f3n.\" tabindex=\"0\">Geist<\/span><\/em> (1934) un estudi de refer\u00e8ncia en la hist\u00f2ria de la filosofia i posa de manifest una afinitat electiva amb l&#8217;experi\u00e8ncia existencialista de l&#8217;exist\u00e8ncia del segle XX. En l&#8217;<span class=\"iwg-fachbegriff\" data-tooltip=\"Terme gen\u00e8ric per a doctrines que reivindiquen un coneixement ocult, accessible nom\u00e9s als iniciats.\" tabindex=\"0\">esoterisme<\/span>, la <span class=\"iwg-fachbegriff\" data-tooltip=\"Corrent religi\u00f3s de l'antiguitat tardana que ensenyava la salvaci\u00f3 mitjan\u00e7ant un coneixement salv\u00edfic especial.\" tabindex=\"0\">gnosi<\/span> es considera, per a molts corrents moderns, des de la Societat Teos\u00f2fica fins a <span class=\"iwg-fachbegriff\" tabindex=\"0\" data-tooltip=\"Esoterista austr\u00edac (1861\u20131925); fundador de l'antroposofia i de la pedagogia Waldorf.\">Rudolf Steiner<\/span> i moviments contemporanis, com una contratradici\u00f3 europea secreta enfront del cristianisme majoritari.<\/p>\n<h2 id=\"esoterische-aufnahme\">Recepci\u00f3 esot\u00e8rica avui<\/h2>\n<p>En l&#8217;escena esot\u00e8rica actual, la <span class=\"iwg-fachbegriff\" data-tooltip=\"Corrent religi\u00f3s de l'antiguitat tardana que ensenyava la salvaci\u00f3 mitjan\u00e7ant un coneixement salv\u00edfic especial.\" tabindex=\"0\">gnosi<\/span> s&#8217;utilitza sovint com a xifra general per a un \u00abconeixement espiritual basat en l&#8217;experi\u00e8ncia, m\u00e9s enll\u00e0 de la religi\u00f3 dogm\u00e0tica\u00bb. Aquest \u00fas \u00e9s simp\u00e0tic, per\u00f2 hist\u00f2ricament imprec\u00eds. La <span class=\"iwg-fachbegriff\" data-tooltip=\"Corrent religi\u00f3s de l'antiguitat tardana que ensenyava la salvaci\u00f3 mitjan\u00e7ant un coneixement salv\u00edfic especial.\" tabindex=\"0\">gnosi<\/span> <span class=\"iwg-fachbegriff\" data-tooltip=\"\u00c8poca de la cultura grega i romana, aproximadament del 800 aC al 600 dC.\" tabindex=\"0\">antiga<\/span> \u00e9s, de manera molt concreta, una doctrina dualista de salvaci\u00f3 amb textos, ritus i mites propis.<\/p><p>Qui la prengui seriosament des d&#8217;un punt de vista hist\u00f2ric no pot evitar la confrontaci\u00f3 amb els originals de Nag Hammadi. Qui l&#8217;usi nom\u00e9s com a xifra pot fer-ho, per\u00f2 no hauria d&#8217;emprar el terme per a afirmacions hist\u00f2riques.<\/p>\n<h2 id=\"abgrenzungen\">Delimitacions<\/h2>\n<p>La <span class=\"iwg-fachbegriff\" data-tooltip=\"Corrent religi\u00f3s de l'antiguitat tardana que ensenyava la salvaci\u00f3 mitjan\u00e7ant un coneixement salv\u00edfic especial.\" tabindex=\"0\">gnosi<\/span> no \u00e9s id\u00e8ntica a l&#8217;<span class=\"iwg-fachbegriff\" tabindex=\"0\" data-tooltip=\"Tradici\u00f3 esot\u00e8rica derivada del Corpus Hermeticum (s. I-III) amb la doctrina de la correspond\u00e8ncia micro-macrocosmos.\">hermetisme<\/span> (encara que tots dos comparteixen arrels de l&#8217;<span class=\"iwg-fachbegriff\" data-tooltip=\"\u00c8poca de transici\u00f3 entre l'antiguitat i l'edat mitjana, aproximadament entre els segles III i VII.\" tabindex=\"0\">antiguitat tardana<\/span>), ni amb la <span class=\"iwg-fachbegriff\" tabindex=\"0\" data-tooltip=\"M\u00edstica jueva amb obres principals com el Sefer Yetzir\u00e0, el Zohar i l'escola luri\u00e0nica.\">c\u00e0bala<\/span> (encara que la doctrina de les <span class=\"iwg-fachbegriff\" tabindex=\"0\" data-tooltip=\"En la c\u00e0bala luri\u00e0nica, les closques d'energia contaminada que cal alliberar en la pr\u00e0ctica del tikun.\">klipot<\/span> soni dualista), ni amb el <span class=\"iwg-fachbegriff\" tabindex=\"0\" data-tooltip=\"Tradici\u00f3 filos\u00f2fica de l'antiguitat tardana (Plot\u00ed, I\u00e0mblic, Procle) amb la doctrina de l'U i l'emanaci\u00f3 esglaonada.\">neoplatonisme<\/span> (que considera el m\u00f3n com a autocomunicaci\u00f3 emanativa de l&#8217;U, no com a error del demi\u00fcrg). Qui llegeixi \u00abgn\u00f2stic\u00bb en una p\u00e0gina de detall hauria de comprovar a quina de les tres esferes es refereix.<\/p>\n<h2 id=\"quellen\">Fonts<\/h2>\n<ul>\n<li><span data-nosnippet>Hans Jonas: <em><span class=\"iwg-fachbegriff\" data-tooltip=\"Corrent religi\u00f3s de l'antiguitat tardana que ensenyava la salvaci\u00f3 mitjan\u00e7ant un coneixement salv\u00edfic especial.\" tabindex=\"0\">Gnosis<\/span> und sp\u00e4tantiker <span class=\"iwg-fachbegriff\" data-tooltip=\"Un \u00e9sser incorpori al qual s'atribueix acci\u00f3 en el m\u00f3n.\" tabindex=\"0\">Geist<\/span><\/em>, G\u00f6ttingen 1934\/54 (obra de refer\u00e8ncia).<\/span><\/li>\n<li><span data-nosnippet>James M. Robinson (ed.): <em>The Nag Hammadi Library in English<\/em>, Brill, 4a ed. 1996.<\/span><\/li>\n<li><span data-nosnippet>Kurt Rudolph: <em>Die <span class=\"iwg-fachbegriff\" data-tooltip=\"Corrent religi\u00f3s de l'antiguitat tardana que ensenyava la salvaci\u00f3 mitjan\u00e7ant un coneixement salv\u00edfic especial.\" tabindex=\"0\">Gnosis<\/span>. Wesen und Geschichte einer sp\u00e4tantiken Religion<\/em>, G\u00f6ttingen 1977.<\/span><\/li>\n<li><span data-nosnippet>Christoph Markschies: <em>Die <span class=\"iwg-fachbegriff\" data-tooltip=\"Corrent religi\u00f3s de l'antiguitat tardana que ensenyava la salvaci\u00f3 mitjan\u00e7ant un coneixement salv\u00edfic especial.\" tabindex=\"0\">Gnosis<\/span><\/em>, Beck Wissen, Munic 2001.<\/span><\/li>\n<li><span data-nosnippet>April D. DeConick: <em>The Gnostic New Age<\/em>, Columbia UP 2016.<\/span><\/li>\n<\/ul>\n\t\t\t\t\t\t\t\t<\/div>\n\t\t\t\t\t<\/div>\n\t\t<\/div>\n\t\t\t\t\t<\/div>\n\t\t<\/section>\n\t\t\t\t<\/div>\n\t\t","protected":false},"excerpt":{"rendered":"","protected":false},"author":3,"featured_media":3398,"parent":0,"menu_order":0,"comment_status":"closed","ping_status":"closed","template":"elementor_header_footer","meta":{"_yoast_wpseo_focuskw":"Cam\u00ed de coneixement gn\u00f2stic","_yoast_wpseo_title":"Gnosi \u2013 Cam\u00ed de coneixement i Pleroma | iWell Guard","_yoast_wpseo_metadesc":"La gnosi designa la religi\u00f3 de coneixement de l'antiguitat tardana amb el Pleroma, els eons i el Demi\u00fcrg. Textos centrals, mite de Sofia i corrents.","_yoast_wpseo_meta-robots-noindex":"","_yoast_wpseo_canonical":"","_angie_page":false,"gefaehrdungsstufe":"","wesen_kultur":"","wesen_klasse":"","footnotes":""},"categories":[],"class_list":["post-171643","page","type-page","status-publish","has-post-thumbnail","hentry"],"yoast_head":"<!-- This site is optimized with the Yoast SEO Premium plugin v27.7 (Yoast SEO v28.3) - https:\/\/yoast.com\/product\/yoast-seo-premium-wordpress\/ -->\n<title>Gnosi \u2013 Cam\u00ed de coneixement i Pleroma | iWell Guard<\/title>\n<meta name=\"description\" content=\"La gnosi designa la religi\u00f3 de coneixement de l&#039;antiguitat tardana amb el Pleroma, els eons i el Demi\u00fcrg. Textos centrals, mite de Sofia i corrents.\" \/>\n<meta name=\"robots\" content=\"index, follow, max-snippet:-1, max-image-preview:large, max-video-preview:-1\" \/>\n<link rel=\"canonical\" href=\"https:\/\/iwell-guard.com\/ca\/gnosi\/\" \/>\n<meta property=\"og:locale\" content=\"ca_ES\" \/>\n<meta property=\"og:type\" content=\"article\" \/>\n<meta property=\"og:title\" content=\"Gnosi\" \/>\n<meta property=\"og:description\" content=\"La gnosi designa la religi\u00f3 de coneixement de l&#039;antiguitat tardana amb el Pleroma, els eons i el Demi\u00fcrg. Textos centrals, mite de Sofia i corrents.\" \/>\n<meta property=\"og:url\" content=\"https:\/\/iwell-guard.com\/ca\/gnosi\/\" \/>\n<meta property=\"og:site_name\" content=\"iWell Guard\" \/>\n<meta property=\"article:modified_time\" content=\"2026-09-05T16:03:17+00:00\" \/>\n<meta property=\"og:image\" content=\"https:\/\/iwell-guard.com\/wp-content\/uploads\/2026\/05\/praktiken_gnosis.webp\" \/>\n\t<meta property=\"og:image:width\" content=\"1024\" \/>\n\t<meta property=\"og:image:height\" content=\"1536\" \/>\n\t<meta property=\"og:image:type\" content=\"image\/webp\" \/>\n<meta name=\"twitter:card\" content=\"summary_large_image\" \/>\n<script type=\"application\/ld+json\" class=\"yoast-schema-graph\">{\"@context\":\"https:\\\/\\\/schema.org\",\"@graph\":[{\"@type\":\"WebPage\",\"@id\":\"https:\\\/\\\/iwell-guard.com\\\/ca\\\/gnosi\\\/\",\"url\":\"https:\\\/\\\/iwell-guard.com\\\/ca\\\/gnosi\\\/\",\"name\":\"Gnosi \u2013 Cam\u00ed de coneixement i Pleroma | iWell Guard\",\"isPartOf\":{\"@id\":\"https:\\\/\\\/iwell-guard.com\\\/ca\\\/#website\"},\"primaryImageOfPage\":{\"@id\":\"https:\\\/\\\/iwell-guard.com\\\/ca\\\/gnosi\\\/#primaryimage\"},\"image\":{\"@id\":\"https:\\\/\\\/iwell-guard.com\\\/ca\\\/gnosi\\\/#primaryimage\"},\"thumbnailUrl\":\"https:\\\/\\\/iwell-guard.com\\\/wp-content\\\/uploads\\\/2026\\\/05\\\/praktiken_gnosis.webp\",\"datePublished\":\"2026-09-05T15:41:06+00:00\",\"dateModified\":\"2026-09-05T16:03:17+00:00\",\"description\":\"La gnosi designa la religi\u00f3 de coneixement de l'antiguitat tardana amb el Pleroma, els eons i el Demi\u00fcrg. Textos centrals, mite de Sofia i corrents.\",\"breadcrumb\":{\"@id\":\"https:\\\/\\\/iwell-guard.com\\\/ca\\\/gnosi\\\/#breadcrumb\"},\"inLanguage\":\"ca\",\"potentialAction\":[{\"@type\":\"ReadAction\",\"target\":[\"https:\\\/\\\/iwell-guard.com\\\/ca\\\/gnosi\\\/\"]}]},{\"@type\":\"ImageObject\",\"inLanguage\":\"ca\",\"@id\":\"https:\\\/\\\/iwell-guard.com\\\/ca\\\/gnosi\\\/#primaryimage\",\"url\":\"https:\\\/\\\/iwell-guard.com\\\/wp-content\\\/uploads\\\/2026\\\/05\\\/praktiken_gnosis.webp\",\"contentUrl\":\"https:\\\/\\\/iwell-guard.com\\\/wp-content\\\/uploads\\\/2026\\\/05\\\/praktiken_gnosis.webp\",\"width\":1024,\"height\":1536,\"caption\":\"Pr\u00e0ctica. Representaci\u00f3 historicoil\u00b7lustrativa.\"},{\"@type\":\"BreadcrumbList\",\"@id\":\"https:\\\/\\\/iwell-guard.com\\\/ca\\\/gnosi\\\/#breadcrumb\",\"itemListElement\":[{\"@type\":\"ListItem\",\"position\":1,\"name\":\"Start\",\"item\":\"https:\\\/\\\/iwell-guard.com\\\/ca\\\/?page_id=171333\"},{\"@type\":\"ListItem\",\"position\":2,\"name\":\"Gnosi\"}]},{\"@type\":\"WebSite\",\"@id\":\"https:\\\/\\\/iwell-guard.com\\\/ca\\\/#website\",\"url\":\"https:\\\/\\\/iwell-guard.com\\\/ca\\\/\",\"name\":\"iWell Guard\",\"description\":\"Schutz vor dunklen Einfl\u00fcssen\",\"publisher\":{\"@id\":\"https:\\\/\\\/iwell-guard.com\\\/ca\\\/#organization\"},\"potentialAction\":[{\"@type\":\"SearchAction\",\"target\":{\"@type\":\"EntryPoint\",\"urlTemplate\":\"https:\\\/\\\/iwell-guard.com\\\/ca\\\/?s={search_term_string}\"},\"query-input\":{\"@type\":\"PropertyValueSpecification\",\"valueRequired\":true,\"valueName\":\"search_term_string\"}}],\"inLanguage\":\"ca\"},{\"@type\":\"Organization\",\"@id\":\"https:\\\/\\\/iwell-guard.com\\\/ca\\\/#organization\",\"name\":\"Ittermann electronic GmbH\",\"url\":\"https:\\\/\\\/iwell-guard.com\\\/ca\\\/\",\"logo\":{\"@type\":\"ImageObject\",\"inLanguage\":\"ca\",\"@id\":\"https:\\\/\\\/iwell-guard.com\\\/ca\\\/#\\\/schema\\\/logo\\\/image\\\/\",\"url\":\"https:\\\/\\\/iwell-guard.com\\\/wp-content\\\/uploads\\\/2026\\\/05\\\/Ittermann-Logo-1182x237-1.png\",\"contentUrl\":\"https:\\\/\\\/iwell-guard.com\\\/wp-content\\\/uploads\\\/2026\\\/05\\\/Ittermann-Logo-1182x237-1.png\",\"width\":1182,\"height\":237,\"caption\":\"Ittermann electronic GmbH\"},\"image\":{\"@id\":\"https:\\\/\\\/iwell-guard.com\\\/ca\\\/#\\\/schema\\\/logo\\\/image\\\/\"},\"sameAs\":[\"https:\\\/\\\/pantip.com\\\/profile\\\/9367242\",\"https:\\\/\\\/micro.blog\\\/iwellguard\",\"https:\\\/\\\/www.diggerslist.com\\\/iwellguard\\\/about\",\"https:\\\/\\\/skitterphoto.com\\\/photographers\\\/2870314\\\/iwell-guard\",\"https:\\\/\\\/iwellguard.wordpress.com\\\/2026\\\/06\\\/06\\\/iwell-guard\\\/\",\"https:\\\/\\\/hub.docker.com\\\/u\\\/iwellguard\",\"https:\\\/\\\/www.pinterest.com\\\/iwellguard\\\/\",\"https:\\\/\\\/bit.ly\\\/m\\\/iwellguard\",\"https:\\\/\\\/entre-vos-mains.alsace.eu\\\/profiles\\\/iwellguard\\\/activity\",\"https:\\\/\\\/gravatar.com\\\/reallybeded8fd34\",\"https:\\\/\\\/naijamatta.com\\\/iwellguard\",\"https:\\\/\\\/www.goodreads.com\\\/iwellguard\",\"https:\\\/\\\/profile.hatena.ne.jp\\\/iwellguard\\\/\",\"https:\\\/\\\/experiment.com\\\/users\\\/iwellguard\",\"https:\\\/\\\/wakelet.com\\\/@iWellGuard82270\",\"https:\\\/\\\/www.chordie.com\\\/forum\\\/profile.php?id=2555664\",\"https:\\\/\\\/www.instapaper.com\\\/p\\\/17757966\",\"https:\\\/\\\/www.mapleprimes.com\\\/users\\\/iwellguard\",\"https:\\\/\\\/businesslistingplus.com\\\/profile\\\/iwell-guard\\\/\",\"https:\\\/\\\/telegra.ph\\\/iWell-Guard-06-06\",\"https:\\\/\\\/pbase.com\\\/iwellguard\\\/iwellguard\",\"https:\\\/\\\/b.hatena.ne.jp\\\/iwellguard\\\/20260607#bookmark-4788405196491818882\",\"https:\\\/\\\/fliphtml5.com\\\/home\\\/iwellguard\",\"https:\\\/\\\/anyflip.com\\\/homepage\\\/cmiwl#About\",\"https:\\\/\\\/transfur.com\\\/Users\\\/iwellguard\",\"http:\\\/\\\/delphi.larsbo.org\\\/user\\\/iwellguard\",\"https:\\\/\\\/jobs.lajobsportal.org\\\/profiles\\\/8380803-iwell-guard\",\"https:\\\/\\\/md.chaosdorf.de\\\/s\\\/jfbe5SBdJD\",\"https:\\\/\\\/www.lingvolive.com\\\/en-us\\\/profile\\\/9ecaeaca-ce11-4e51-9e71-01d55e2bff36\\\/translations\",\"https:\\\/\\\/www.fitday.com\\\/fitness\\\/forums\\\/members\\\/iwellguard.html\",\"https:\\\/\\\/www.mymeetbook.com\\\/iwellguard\",\"https:\\\/\\\/pxhere.com\\\/en\\\/photographer-me\\\/5040798\",\"https:\\\/\\\/disqus.com\\\/by\\\/iwellguard\\\/about\\\/\",\"https:\\\/\\\/pastelink.net\\\/hjwciqwq\",\"https:\\\/\\\/pubhtml5.com\\\/homepage\\\/scjhn\\\/\",\"https:\\\/\\\/www.bitchute.com\\\/channel\\\/2O2eOKzNqujT\",\"https:\\\/\\\/audiomack.com\\\/iwellguard\"]}]}<\/script>\n<!-- \/ Yoast SEO Premium plugin. -->","yoast_head_json":{"title":"Gnosi \u2013 Cam\u00ed de coneixement i Pleroma | iWell Guard","description":"La gnosi designa la religi\u00f3 de coneixement de l'antiguitat tardana amb el Pleroma, els eons i el Demi\u00fcrg. Textos centrals, mite de Sofia i corrents.","robots":{"index":"index","follow":"follow","max-snippet":"max-snippet:-1","max-image-preview":"max-image-preview:large","max-video-preview":"max-video-preview:-1"},"canonical":"https:\/\/iwell-guard.com\/ca\/gnosi\/","og_locale":"ca_ES","og_type":"article","og_title":"Gnosi","og_description":"La gnosi designa la religi\u00f3 de coneixement de l'antiguitat tardana amb el Pleroma, els eons i el Demi\u00fcrg. Textos centrals, mite de Sofia i corrents.","og_url":"https:\/\/iwell-guard.com\/ca\/gnosi\/","og_site_name":"iWell Guard","article_modified_time":"2026-09-05T16:03:17+00:00","og_image":[{"width":1024,"height":1536,"url":"https:\/\/iwell-guard.com\/wp-content\/uploads\/2026\/05\/praktiken_gnosis.webp","type":"image\/webp"}],"twitter_card":"summary_large_image","schema":{"@context":"https:\/\/schema.org","@graph":[{"@type":"WebPage","@id":"https:\/\/iwell-guard.com\/ca\/gnosi\/","url":"https:\/\/iwell-guard.com\/ca\/gnosi\/","name":"Gnosi \u2013 Cam\u00ed de coneixement i Pleroma | iWell Guard","isPartOf":{"@id":"https:\/\/iwell-guard.com\/ca\/#website"},"primaryImageOfPage":{"@id":"https:\/\/iwell-guard.com\/ca\/gnosi\/#primaryimage"},"image":{"@id":"https:\/\/iwell-guard.com\/ca\/gnosi\/#primaryimage"},"thumbnailUrl":"https:\/\/iwell-guard.com\/wp-content\/uploads\/2026\/05\/praktiken_gnosis.webp","datePublished":"2026-09-05T15:41:06+00:00","dateModified":"2026-09-05T16:03:17+00:00","description":"La gnosi designa la religi\u00f3 de coneixement de l'antiguitat tardana amb el Pleroma, els eons i el Demi\u00fcrg. Textos centrals, mite de Sofia i corrents.","breadcrumb":{"@id":"https:\/\/iwell-guard.com\/ca\/gnosi\/#breadcrumb"},"inLanguage":"ca","potentialAction":[{"@type":"ReadAction","target":["https:\/\/iwell-guard.com\/ca\/gnosi\/"]}]},{"@type":"ImageObject","inLanguage":"ca","@id":"https:\/\/iwell-guard.com\/ca\/gnosi\/#primaryimage","url":"https:\/\/iwell-guard.com\/wp-content\/uploads\/2026\/05\/praktiken_gnosis.webp","contentUrl":"https:\/\/iwell-guard.com\/wp-content\/uploads\/2026\/05\/praktiken_gnosis.webp","width":1024,"height":1536,"caption":"Pr\u00e0ctica. Representaci\u00f3 historicoil\u00b7lustrativa."},{"@type":"BreadcrumbList","@id":"https:\/\/iwell-guard.com\/ca\/gnosi\/#breadcrumb","itemListElement":[{"@type":"ListItem","position":1,"name":"Start","item":"https:\/\/iwell-guard.com\/ca\/?page_id=171333"},{"@type":"ListItem","position":2,"name":"Gnosi"}]},{"@type":"WebSite","@id":"https:\/\/iwell-guard.com\/ca\/#website","url":"https:\/\/iwell-guard.com\/ca\/","name":"iWell Guard","description":"Schutz vor dunklen Einfl\u00fcssen","publisher":{"@id":"https:\/\/iwell-guard.com\/ca\/#organization"},"potentialAction":[{"@type":"SearchAction","target":{"@type":"EntryPoint","urlTemplate":"https:\/\/iwell-guard.com\/ca\/?s={search_term_string}"},"query-input":{"@type":"PropertyValueSpecification","valueRequired":true,"valueName":"search_term_string"}}],"inLanguage":"ca"},{"@type":"Organization","@id":"https:\/\/iwell-guard.com\/ca\/#organization","name":"Ittermann electronic GmbH","url":"https:\/\/iwell-guard.com\/ca\/","logo":{"@type":"ImageObject","inLanguage":"ca","@id":"https:\/\/iwell-guard.com\/ca\/#\/schema\/logo\/image\/","url":"https:\/\/iwell-guard.com\/wp-content\/uploads\/2026\/05\/Ittermann-Logo-1182x237-1.png","contentUrl":"https:\/\/iwell-guard.com\/wp-content\/uploads\/2026\/05\/Ittermann-Logo-1182x237-1.png","width":1182,"height":237,"caption":"Ittermann electronic GmbH"},"image":{"@id":"https:\/\/iwell-guard.com\/ca\/#\/schema\/logo\/image\/"},"sameAs":["https:\/\/pantip.com\/profile\/9367242","https:\/\/micro.blog\/iwellguard","https:\/\/www.diggerslist.com\/iwellguard\/about","https:\/\/skitterphoto.com\/photographers\/2870314\/iwell-guard","https:\/\/iwellguard.wordpress.com\/2026\/06\/06\/iwell-guard\/","https:\/\/hub.docker.com\/u\/iwellguard","https:\/\/www.pinterest.com\/iwellguard\/","https:\/\/bit.ly\/m\/iwellguard","https:\/\/entre-vos-mains.alsace.eu\/profiles\/iwellguard\/activity","https:\/\/gravatar.com\/reallybeded8fd34","https:\/\/naijamatta.com\/iwellguard","https:\/\/www.goodreads.com\/iwellguard","https:\/\/profile.hatena.ne.jp\/iwellguard\/","https:\/\/experiment.com\/users\/iwellguard","https:\/\/wakelet.com\/@iWellGuard82270","https:\/\/www.chordie.com\/forum\/profile.php?id=2555664","https:\/\/www.instapaper.com\/p\/17757966","https:\/\/www.mapleprimes.com\/users\/iwellguard","https:\/\/businesslistingplus.com\/profile\/iwell-guard\/","https:\/\/telegra.ph\/iWell-Guard-06-06","https:\/\/pbase.com\/iwellguard\/iwellguard","https:\/\/b.hatena.ne.jp\/iwellguard\/20260607#bookmark-4788405196491818882","https:\/\/fliphtml5.com\/home\/iwellguard","https:\/\/anyflip.com\/homepage\/cmiwl#About","https:\/\/transfur.com\/Users\/iwellguard","http:\/\/delphi.larsbo.org\/user\/iwellguard","https:\/\/jobs.lajobsportal.org\/profiles\/8380803-iwell-guard","https:\/\/md.chaosdorf.de\/s\/jfbe5SBdJD","https:\/\/www.lingvolive.com\/en-us\/profile\/9ecaeaca-ce11-4e51-9e71-01d55e2bff36\/translations","https:\/\/www.fitday.com\/fitness\/forums\/members\/iwellguard.html","https:\/\/www.mymeetbook.com\/iwellguard","https:\/\/pxhere.com\/en\/photographer-me\/5040798","https:\/\/disqus.com\/by\/iwellguard\/about\/","https:\/\/pastelink.net\/hjwciqwq","https:\/\/pubhtml5.com\/homepage\/scjhn\/","https:\/\/www.bitchute.com\/channel\/2O2eOKzNqujT","https:\/\/audiomack.com\/iwellguard"]}]}},"_links":{"self":[{"href":"https:\/\/iwell-guard.com\/ca\/wp-json\/wp\/v2\/pages\/171643","targetHints":{"allow":["GET"]}}],"collection":[{"href":"https:\/\/iwell-guard.com\/ca\/wp-json\/wp\/v2\/pages"}],"about":[{"href":"https:\/\/iwell-guard.com\/ca\/wp-json\/wp\/v2\/types\/page"}],"author":[{"embeddable":true,"href":"https:\/\/iwell-guard.com\/ca\/wp-json\/wp\/v2\/users\/3"}],"replies":[{"embeddable":true,"href":"https:\/\/iwell-guard.com\/ca\/wp-json\/wp\/v2\/comments?post=171643"}],"version-history":[{"count":0,"href":"https:\/\/iwell-guard.com\/ca\/wp-json\/wp\/v2\/pages\/171643\/revisions"}],"wp:featuredmedia":[{"embeddable":true,"href":"https:\/\/iwell-guard.com\/ca\/wp-json\/wp\/v2\/media\/3398"}],"wp:attachment":[{"href":"https:\/\/iwell-guard.com\/ca\/wp-json\/wp\/v2\/media?parent=171643"}],"wp:term":[{"taxonomy":"category","embeddable":true,"href":"https:\/\/iwell-guard.com\/ca\/wp-json\/wp\/v2\/categories?post=171643"}],"curies":[{"name":"wp","href":"https:\/\/api.w.org\/{rel}","templated":true}]}}