{"id":171635,"date":"2026-09-05T15:41:03","date_gmt":"2026-09-05T15:41:03","guid":{"rendered":"https:\/\/iwell-guard.com\/?page_id=171635"},"modified":"2026-09-05T16:03:06","modified_gmt":"2026-09-05T16:03:06","slug":"belial","status":"publish","type":"page","link":"https:\/\/iwell-guard.com\/ca\/belial\/","title":{"rendered":"Belial"},"content":{"rendered":"\t\t<div data-elementor-type=\"wp-page\" data-elementor-id=\"171635\" class=\"elementor elementor-171635 elementor-2257 elementor-bc-flex-widget\" data-elementor-post-type=\"page\">\n\t\t\t\t<div class=\"elementor-element elementor-element-10fdade e-flex e-con-boxed e-con e-parent\" data-id=\"10fdade\" data-element_type=\"container\" data-e-type=\"container\" data-settings=\"{&quot;background_background&quot;:&quot;classic&quot;}\">\n\t\t\t\t\t<div class=\"e-con-inner\">\n\t\t<div class=\"elementor-element elementor-element-herohlft0 e-flex e-con-boxed e-con e-child\" data-id=\"herohlft0\" data-element_type=\"container\" data-e-type=\"container\">\n\t\t\t\t\t<div class=\"e-con-inner\">\n\t\t<div class=\"elementor-element elementor-element-c3ceb64 e-con-full e-flex e-con e-child\" data-id=\"c3ceb64\" data-element_type=\"container\" data-e-type=\"container\">\n\t\t\t\t<div class=\"elementor-element elementor-element-96ae5e1 elementor-widget elementor-widget-heading\" data-id=\"96ae5e1\" data-element_type=\"widget\" data-e-type=\"widget\" data-widget_type=\"heading.default\">\n\t\t\t\t\t<h1 class=\"elementor-heading-title elementor-size-default\">Belial, rei i \u00e0ngel de les paraules<\/h1>\t\t\t\t<\/div>\n\t\t\t\t<div class=\"elementor-element elementor-element-e45238a elementor-widget elementor-widget-text-editor\" data-id=\"e45238a\" data-element_type=\"widget\" data-e-type=\"widget\" data-widget_type=\"text-editor.default\">\n\t\t\t\t\t\t\t\t\t<p><strong>Belial pertany<\/strong> a les figures m\u00e9s antigues i ling\u00fc\u00edsticament m\u00e9s riques de la demonologia jueva i cristiana. A difer\u00e8ncia de Bael o Paimon, la l\u00ednia dels quals passa pels d\u00e9us fenicis i orientals, Belial arrela en l&#8217;\u00fas ling\u00fc\u00edstic hebreu i en l&#8217;apocal\u00edptica jueva primerenca.<\/p><p>D&#8217;un concepte abstracte moral es va desenvolupar, a trav\u00e9s dels escrits de Qumran, un adversari c\u00f2smic amb nom propi. A la Goecia figura com a seixanta-vuit\u00e8 <span class=\"iwg-fachbegriff\" data-tooltip=\"Un \u00e9sser incorpori al qual s'atribueix efecte en el m\u00f3n.\" tabindex=\"0\">esperit<\/span> i \u00e9s considerat rei amb comandament sobre vuitanta legions.<\/p>\t\t\t\t\t\t\t\t<\/div>\n\t\t\t\t<\/div>\n\t\t<div class=\"elementor-element elementor-element-klsbdg01 e-con-full e-flex e-con e-parent\" data-id=\"klsbdg01\" data-element_type=\"container\" data-e-type=\"container\">\n\t\t\t\t<div class=\"elementor-element elementor-element-klshtm01 elementor-widget elementor-widget-html\" data-id=\"klshtm01\" data-element_type=\"widget\" data-e-type=\"widget\" data-widget_type=\"html.default\">\n\t\t\t\t\t<div class=\"iwg-pill-row\"><span class=\"iwg-klasse-badge\" tabindex=\"0\" data-tooltip=\"Daemon: \u00e9sser sobrenatural, sovint perjudicial, situat entre els d\u00e9us i els humans.\">Dimoni<\/span><a href=\"https:\/\/iwell-guard.com\/ca\/?page_id=171364\" class=\"iwg-kultur-badge\" tabindex=\"0\" data-tooltip=\"Tradici\u00f3 cristiana des del segle I dC.\">Cristianisme<\/a><\/div>\t\t\t\t<\/div>\n\t\t\t\t<\/div>\n\t\t<div class=\"elementor-element elementor-element-3f74855 e-con-full e-flex e-con e-child\" data-id=\"3f74855\" data-element_type=\"container\" data-e-type=\"container\">\n\t\t\t\t<div class=\"elementor-element elementor-element-1c30362 elementor-toc--minimized-on-tablet elementor-widget elementor-widget-table-of-contents\" data-id=\"1c30362\" data-element_type=\"widget\" data-e-type=\"widget\" data-settings=\"{&quot;exclude_headings_by_selector&quot;:[],&quot;no_headings_message&quot;:&quot;No s&#039;ha trobat cap encap\\u00e7alament en aquesta p\\u00e0gina.&quot;,&quot;headings_by_tags&quot;:[&quot;h2&quot;,&quot;h3&quot;],&quot;marker_view&quot;:&quot;bullets&quot;,&quot;minimize_box&quot;:&quot;yes&quot;,&quot;icon&quot;:{&quot;value&quot;:&quot;fas fa-circle&quot;,&quot;library&quot;:&quot;fa-solid&quot;,&quot;rendered_tag&quot;:&quot;&lt;svg class=\\&quot;e-font-icon-svg e-fas-circle\\&quot; viewBox=\\&quot;0 0 512 512\\&quot; xmlns=\\&quot;http:\\\/\\\/www.w3.org\\\/2000\\\/svg\\&quot;&gt;&lt;path d=\\&quot;M256 8C119 8 8 119 8 256s111 248 248 248 248-111 248-248S393 8 256 8z\\&quot;&gt;&lt;\\\/path&gt;&lt;\\\/svg&gt;&quot;},&quot;minimized_on&quot;:&quot;tablet&quot;,&quot;hierarchical_view&quot;:&quot;yes&quot;,&quot;min_height&quot;:{&quot;unit&quot;:&quot;px&quot;,&quot;size&quot;:&quot;&quot;,&quot;sizes&quot;:[]},&quot;min_height_tablet&quot;:{&quot;unit&quot;:&quot;px&quot;,&quot;size&quot;:&quot;&quot;,&quot;sizes&quot;:[]},&quot;min_height_mobile&quot;:{&quot;unit&quot;:&quot;px&quot;,&quot;size&quot;:&quot;&quot;,&quot;sizes&quot;:[]}}\" data-widget_type=\"table-of-contents.default\">\n\t\t\t\t\t\t\t\t\t<div class=\"elementor-toc__header\">\n\t\t\t\t\t\t<h2 class=\"elementor-toc__header-title\">\n\t\t\t\t\u00cdndex\t\t\t<\/h2>\n\t\t\t\t\t\t\t\t\t\t<div class=\"elementor-toc__toggle-button elementor-toc__toggle-button--expand\" role=\"button\" tabindex=\"0\" aria-controls=\"elementor-toc__1c30362\" aria-expanded=\"true\" aria-label=\"Open table of contents\"><svg aria-hidden=\"true\" class=\"e-font-icon-svg e-fas-chevron-down\" viewBox=\"0 0 448 512\" xmlns=\"http:\/\/www.w3.org\/2000\/svg\"><path d=\"M207.029 381.476L12.686 187.132c-9.373-9.373-9.373-24.569 0-33.941l22.667-22.667c9.357-9.357 24.522-9.375 33.901-.04L224 284.505l154.745-154.021c9.379-9.335 24.544-9.317 33.901.04l22.667 22.667c9.373 9.373 9.373 24.569 0 33.941L240.971 381.476c-9.373 9.372-24.569 9.372-33.942 0z\"><\/path><\/svg><\/div>\n\t\t\t\t<div class=\"elementor-toc__toggle-button elementor-toc__toggle-button--collapse\" role=\"button\" tabindex=\"0\" aria-controls=\"elementor-toc__1c30362\" aria-expanded=\"true\" aria-label=\"Close table of contents\"><svg aria-hidden=\"true\" class=\"e-font-icon-svg e-fas-chevron-up\" viewBox=\"0 0 448 512\" xmlns=\"http:\/\/www.w3.org\/2000\/svg\"><path d=\"M240.971 130.524l194.343 194.343c9.373 9.373 9.373 24.569 0 33.941l-22.667 22.667c-9.357 9.357-24.522 9.375-33.901.04L224 227.495 69.255 381.516c-9.379 9.335-24.544 9.317-33.901-.04l-22.667-22.667c-9.373-9.373-9.373-24.569 0-33.941L207.03 130.525c9.372-9.373 24.568-9.373 33.941-.001z\"><\/path><\/svg><\/div>\n\t\t\t\t\t<\/div>\n\t\t\t\t<div id=\"elementor-toc__1c30362\" class=\"elementor-toc__body\">\n\t\t\t<div class=\"elementor-toc__spinner-container\">\n\t\t\t\t<svg class=\"elementor-toc__spinner eicon-animation-spin e-font-icon-svg e-eicon-loading\" aria-hidden=\"true\" viewBox=\"0 0 1000 1000\" xmlns=\"http:\/\/www.w3.org\/2000\/svg\"><path d=\"M500 975V858C696 858 858 696 858 500S696 142 500 142 142 304 142 500H25C25 237 238 25 500 25S975 237 975 500 763 975 500 975Z\"><\/path><\/svg>\t\t\t<\/div>\n\t\t<\/div>\n\t\t\t\t\t\t<\/div>\n\t\t\t\t<\/div>\n\t\t\t\t\t<\/div>\n\t\t\t\t<\/div>\n\t\t<div class=\"elementor-element elementor-element-herorght0 e-con-full e-flex e-con e-child\" data-id=\"herorght0\" data-element_type=\"container\" data-e-type=\"container\">\n\t\t\t\t<div class=\"elementor-element elementor-element-heroimg00 iwg-hero-image elementor-widget elementor-widget-image\" data-id=\"heroimg00\" data-element_type=\"widget\" data-e-type=\"widget\" data-widget_type=\"image.default\">\n\t\t\t\t\t\t\t\t\t\t\t\t\t\t\t<img fetchpriority=\"high\" decoding=\"async\" width=\"683\" height=\"1024\" src=\"https:\/\/iwell-guard.com\/wp-content\/uploads\/2026\/05\/daemonen_christentum_belial-683x1024.webp\" class=\"attachment-large size-large wp-image-173628\" alt=\"Belial, dimoni de la tradici\u00f3 cristiano-ocultista de la Go\u00e8cia\" srcset=\"https:\/\/iwell-guard.com\/wp-content\/uploads\/2026\/05\/daemonen_christentum_belial-683x1024.webp 683w, https:\/\/iwell-guard.com\/wp-content\/uploads\/2026\/05\/daemonen_christentum_belial-200x300.webp 200w, https:\/\/iwell-guard.com\/wp-content\/uploads\/2026\/05\/daemonen_christentum_belial-768x1152.webp 768w, https:\/\/iwell-guard.com\/wp-content\/uploads\/2026\/05\/daemonen_christentum_belial.webp 1024w\" sizes=\"(max-width: 683px) 100vw, 683px\" \/>\t\t\t\t\t\t\t\t\t\t\t\t\t\t\t<\/div>\n\t\t\t\t<\/div>\n\t\t\t\t\t<\/div>\n\t\t\t\t<\/div>\n\t\t<div class=\"elementor-element elementor-element-32917199 e-flex e-con-boxed e-con e-parent\" data-id=\"32917199\" data-element_type=\"container\" data-e-type=\"container\">\n\t\t\t\t\t<div class=\"e-con-inner\">\n\t\t<div class=\"elementor-element elementor-element-26e916cb e-flex e-con-boxed e-con e-child\" data-id=\"26e916cb\" data-element_type=\"container\" data-e-type=\"container\">\n\t\t\t\t\t<div class=\"e-con-inner\">\n\t\t<div class=\"elementor-element elementor-element-253a40d4 e-flex e-con-boxed e-con e-child\" data-id=\"253a40d4\" data-element_type=\"container\" data-e-type=\"container\">\n\t\t\t\t\t<div class=\"e-con-inner\">\n\t\t\t\t<div class=\"elementor-element elementor-element-1200c304 elementor-widget elementor-widget-heading\" data-id=\"1200c304\" data-element_type=\"widget\" data-e-type=\"widget\" data-widget_type=\"heading.default\">\n\t\t\t\t\t<h2 class=\"elementor-heading-title elementor-size-default\">Belial<\/h2>\t\t\t\t<\/div>\n\t\t\t\t<div class=\"elementor-element elementor-element-11758e7f elementor-widget elementor-widget-text-editor\" data-id=\"11758e7f\" data-element_type=\"widget\" data-e-type=\"widget\" data-widget_type=\"text-editor.default\">\n\t\t\t\t\t\t\t\t\t<p><strong>Belial pertany<\/strong> a les figures m\u00e9s antigues i ling\u00fc\u00edsticament m\u00e9s riques de la demonologia jueva i cristiana. A difer\u00e8ncia de Bael o Paimon, la l\u00ednia dels quals passa pels d\u00e9us fenicis i orientals, Belial arrela en l&#8217;\u00fas ling\u00fc\u00edstic hebreu i en l&#8217;apocal\u00edptica jueva primerenca.<\/p><p>D&#8217;un concepte abstracte moral es va desenvolupar, a trav\u00e9s dels escrits de Qumran, un adversari c\u00f2smic amb nom propi. A la Goecia figura com a seixanta-vuit\u00e8 <span class=\"iwg-fachbegriff\" data-tooltip=\"Un \u00e9sser incorpori al qual s'atribueix efecte en el m\u00f3n.\" tabindex=\"0\">esperit<\/span> i \u00e9s considerat rei amb comandament sobre vuitanta legions.<\/p>\t\t\t\t\t\t\t\t<\/div>\n\t\t\t\t\t<\/div>\n\t\t\t\t<\/div>\n\t\t<div class=\"elementor-element elementor-element-159dcf9a e-flex e-con-boxed e-con e-child\" data-id=\"159dcf9a\" data-element_type=\"container\" data-e-type=\"container\">\n\t\t\t\t\t<div class=\"e-con-inner\">\n\t\t\t\t<div class=\"elementor-element elementor-element-48cee66f elementor-widget elementor-widget-heading\" data-id=\"48cee66f\" data-element_type=\"widget\" data-e-type=\"widget\" data-widget_type=\"heading.default\">\n\t\t\t\t\t<h2 class=\"elementor-heading-title elementor-size-default\">Visi\u00f3 r\u00e0pida: Belial<\/h2>\t\t\t\t<\/div>\n\t\t\t\t<div class=\"elementor-element elementor-element-3f50d82c elementor-widget elementor-widget-text-editor\" data-id=\"3f50d82c\" data-element_type=\"widget\" data-e-type=\"widget\" data-widget_type=\"text-editor.default\">\n\t\t\t\t\t\t\t\t\t<p><strong>Tipus:<\/strong> <span class=\"iwg-fachbegriff\" data-tooltip=\"\u00c9sser espiritual al qual s'atribueix un efecte perjudicial o ambivalent.\" tabindex=\"0\">Dimoni<\/span>, rei-<span class=\"iwg-fachbegriff\" data-tooltip=\"Un \u00e9sser incorpori al qual s'atribueix influ\u00e8ncia en el m\u00f3n.\" tabindex=\"0\">esperit<\/span> de l&#8217;Ars Goetia<br><strong>Origen:<\/strong> B\u00edblia hebrea, apocal\u00edptica jueva primitiva<br><strong>Rang:<\/strong> rei, 68\u00e8 <span class=\"iwg-fachbegriff\" data-tooltip=\"Un \u00e9sser incorpori al qual s'atribueix influ\u00e8ncia en el m\u00f3n.\" tabindex=\"0\">esperit<\/span> de la Goetia, comandament sobre 80 legions<br><strong>Fonts:<\/strong> Manuscrits de Qumran, Testament dels Dotze Patriarques, Lemegeton<br><strong>Relacionat amb:<\/strong> Llucifer, Samael, Asasel, Mastema<\/p>\t\t\t\t\t\t\t\t<\/div>\n\t\t\t\t\t<\/div>\n\t\t\t\t<\/div>\n\t\t\t\t\t<\/div>\n\t\t\t\t<\/div>\n\t\t\t\t\t<\/div>\n\t\t\t\t<\/div>\n\t\t<div class=\"elementor-element elementor-element-18613602 e-flex e-con-boxed e-con e-parent\" data-id=\"18613602\" data-element_type=\"container\" data-e-type=\"container\">\n\t\t\t\t\t<div class=\"e-con-inner\">\n\t\t\t\t<div class=\"elementor-element elementor-element-262b8a9f elementor-widget elementor-widget-heading\" data-id=\"262b8a9f\" data-element_type=\"widget\" data-e-type=\"widget\" data-widget_type=\"heading.default\">\n\t\t\t\t\t<h2 class=\"elementor-heading-title elementor-size-default\">Introducci\u00f3<\/h2>\t\t\t\t<\/div>\n\t\t<div class=\"elementor-element elementor-element-46dcb7d e-con-full e-flex e-con e-child\" data-id=\"46dcb7d\" data-element_type=\"container\" data-e-type=\"container\">\n\t\t<div class=\"elementor-element elementor-element-61d3ab3 e-flex e-con-boxed e-con e-child\" data-id=\"61d3ab3\" data-element_type=\"container\" data-e-type=\"container\">\n\t\t\t\t\t<div class=\"e-con-inner\">\n\t\t\t\t<div class=\"elementor-element elementor-element-117c166 elementor-widget elementor-widget-heading\" data-id=\"117c166\" data-element_type=\"widget\" data-e-type=\"widget\" data-widget_type=\"heading.default\">\n\t\t\t\t\t<div class=\"elementor-heading-title elementor-size-default\">Per\u00edode dels textos<\/div>\t\t\t\t<\/div>\n\t\t\t\t<div class=\"elementor-element elementor-element-73997a0 elementor-widget elementor-widget-text-editor\" data-id=\"73997a0\" data-element_type=\"widget\" data-e-type=\"widget\" data-widget_type=\"text-editor.default\">\n\t\t\t\t\t\t\t\t\t<p>La <span class=\"iwg-fachbegriff\" data-tooltip=\"La transmissi\u00f3 de coneixements i narracions a trav\u00e9s de generacions.\" tabindex=\"0\">tradici\u00f3<\/span> sobre Belial s&#8217;est\u00e9n al llarg de m\u00e9s de dos mil\u00b7lennis. A la B\u00edblia hebrea, el mot apareix com a terme gen\u00e8ric, sense figura personal.<\/p><p>La figura demonol\u00f2gica espec\u00edfica es fa palpable en els escrits de Qumran dels segles II i I abans de la nostra era. Una represa liter\u00e0ria segueix a la baixa edat mitjana amb el Liber Belial cap al 1382, i finalment la configuraci\u00f3 m\u00e0gico-ocultista al Lemegeton del segle XVII.<\/p>\t\t\t\t\t\t\t\t<\/div>\n\t\t\t\t\t<\/div>\n\t\t\t\t<\/div>\n\t\t<div class=\"elementor-element elementor-element-d47b156 e-flex e-con-boxed e-con e-child\" data-id=\"d47b156\" data-element_type=\"container\" data-e-type=\"container\">\n\t\t\t\t\t<div class=\"e-con-inner\">\n\t\t\t\t<div class=\"elementor-element elementor-element-ff38c2b elementor-widget elementor-widget-heading\" data-id=\"ff38c2b\" data-element_type=\"widget\" data-e-type=\"widget\" data-widget_type=\"heading.default\">\n\t\t\t\t\t<div class=\"elementor-heading-title elementor-size-default\">\u00c0rea de difusi\u00f3<\/div>\t\t\t\t<\/div>\n\t\t\t\t<div class=\"elementor-element elementor-element-4e49fcc elementor-widget elementor-widget-text-editor\" data-id=\"4e49fcc\" data-element_type=\"widget\" data-e-type=\"widget\" data-widget_type=\"text-editor.default\">\n\t\t\t\t\t\t\t\t\t<p>L&#8217;espai d&#8217;origen \u00e9s l&#8217;Israel <span class=\"iwg-fachbegriff\" data-tooltip=\"\u00c8poca de la cultura grega i romana, aproximadament del 800 aC al 600 dC.\" tabindex=\"0\">antic<\/span> i el judaisme primerenc de Palestina, palpable sobretot en els textos de la comunitat de Qumran, prop del mar Mort. A trav\u00e9s del Nou Testament, el nom va passar al m\u00f3n cristi\u00e0 de parla grega.<\/p><p>A l&#8217;Europa central llatina, Belial es va difondre gr\u00e0cies a la impremta primerenca, i a l&#8217;edat moderna a trav\u00e9s dels grimoris fins arribar a l&#8217;<span class=\"iwg-fachbegriff\" data-tooltip=\"Terme gen\u00e8ric per a doctrines que reivindiquen un coneixement ocult, accessible nom\u00e9s als iniciats.\" tabindex=\"0\">esoterisme<\/span> occidental actual.<\/p>\t\t\t\t\t\t\t\t<\/div>\n\t\t\t\t\t<\/div>\n\t\t\t\t<\/div>\n\t\t\t\t<\/div>\n\t\t<div class=\"elementor-element elementor-element-db03c39 e-con-full e-flex e-con e-child\" data-id=\"db03c39\" data-element_type=\"container\" data-e-type=\"container\">\n\t\t<div class=\"elementor-element elementor-element-229a87b e-flex e-con-boxed e-con e-child\" data-id=\"229a87b\" data-element_type=\"container\" data-e-type=\"container\">\n\t\t\t\t\t<div class=\"e-con-inner\">\n\t\t\t\t<div class=\"elementor-element elementor-element-1f471fc elementor-widget elementor-widget-heading\" data-id=\"1f471fc\" data-element_type=\"widget\" data-e-type=\"widget\" data-widget_type=\"heading.default\">\n\t\t\t\t\t<div class=\"elementor-heading-title elementor-size-default\">Estat de les fonts<\/div>\t\t\t\t<\/div>\n\t\t\t\t<div class=\"elementor-element elementor-element-36b1201 elementor-widget elementor-widget-text-editor\" data-id=\"36b1201\" data-element_type=\"widget\" data-e-type=\"widget\" data-widget_type=\"text-editor.default\">\n\t\t\t\t\t\t\t\t\t<p>El grup de fonts m\u00e9s important s\u00f3n els escrits de Qumran, en concret el Rotlle de la Guerra (1QM), la Regla de la Comunitat (1QS) i els Hodayot. S&#8217;hi afegeixen el Testament dels Dotze Patriarques i un \u00fanic passatge del Nou Testament (2 Co 6, 15).<\/p><p>Per a la tradici\u00f3 posterior, el Liber Belial de Jacobus de Theramo i el Lemegeton s\u00f3n determinants. La recerca acad\u00e8mica tracta Belial sobretot en el context dels estudis de Qumran i de la tradici\u00f3 del Liber Belial.<\/p>\t\t\t\t\t\t\t\t<\/div>\n\t\t\t\t\t<\/div>\n\t\t\t\t<\/div>\n\t\t\t\t<\/div>\n\t\t\t\t\t<\/div>\n\t\t\t\t<\/div>\n\t\t<div class=\"elementor-element elementor-element-3ae0637c e-flex e-con-boxed e-con e-parent\" data-id=\"3ae0637c\" data-element_type=\"container\" data-e-type=\"container\">\n\t\t\t\t\t<div class=\"e-con-inner\">\n\t\t\t\t<div class=\"elementor-element elementor-element-31d07739 elementor-widget elementor-widget-heading\" data-id=\"31d07739\" data-element_type=\"widget\" data-e-type=\"widget\" data-widget_type=\"heading.default\">\n\t\t\t\t\t<h2 class=\"elementor-heading-title elementor-size-default\">Nom<\/h2>\t\t\t\t<\/div>\n\t\t<div class=\"elementor-element elementor-element-b7642947 e-con-full e-flex e-con e-child\" data-id=\"b7642947\" data-element_type=\"container\" data-e-type=\"container\">\n\t\t\t\t<div class=\"elementor-element elementor-element-a086266 elementor-widget elementor-widget-text-editor\" data-id=\"a086266\" data-element_type=\"widget\" data-e-type=\"widget\" data-widget_type=\"text-editor.default\">\n\t\t\t\t\t\t\t\t\t<p>El nom \u00e9s ling\u00fc\u00edsticament discutit. L&#8217;explicaci\u00f3 m\u00e9s estesa descompon l&#8217;hebreu beliyya&#8217;al (\u05d1\u05b0\u05bc\u05dc\u05b4\u05d9\u05b7\u05bc\u05e2\u05b7\u05dc) en la negaci\u00f3 beli (sense, no) i un segon element. Si aquest s&#8217;ent\u00e9n com ya&#8217;al en el sentit de profit, resulta el significat sense profit o inutilitat.<\/p><p>Una altra lectura relaciona el segon component amb l&#8217;arrel que significa pujar, i arriba a un significat com el que no puja, interpretat com a designaci\u00f3 del m\u00f3n subterrani. La Septuaginta tradueix sovint belial per paranomos (sense llei) o asebes (impiu).<\/p><p>Al Nou Testament, el nom apareix en la forma Beliar, amb r en lloc de l. Aquesta variant fon\u00e8tica est\u00e0 ben documentada i tamb\u00e9 es troba en altres textos jueus i cristians primerencs.<\/p><p>A la B\u00edblia hebrea, l&#8217;expressi\u00f3 bene beli&#8217;al, fills de Belial, designa homes violents i sense llei (Jt 19, 22; 1Sa 10, 27), encara sense cap relaci\u00f3 amb un <span class=\"iwg-fachbegriff\" data-tooltip=\"\u00c9sser espiritual al qual s'atribueix un efecte perjudicial o ambigu.\" tabindex=\"0\">dimoni<\/span> concret.<\/p>\t\t\t\t\t\t\t\t<\/div>\n\t\t\t\t<\/div>\n\t\t\t\t\t<\/div>\n\t\t\t\t<\/div>\n\t\t<div class=\"elementor-element elementor-element-709a44a8 e-flex e-con-boxed e-con e-parent\" data-id=\"709a44a8\" data-element_type=\"container\" data-e-type=\"container\">\n\t\t\t\t\t<div class=\"e-con-inner\">\n\t\t\t\t<div class=\"elementor-element elementor-element-2f585873 elementor-widget elementor-widget-heading\" data-id=\"2f585873\" data-element_type=\"widget\" data-e-type=\"widget\" data-widget_type=\"heading.default\">\n\t\t\t\t\t<h2 class=\"elementor-heading-title elementor-size-default\">Descripci\u00f3<\/h2>\t\t\t\t<\/div>\n\t\t<div class=\"elementor-element elementor-element-70621c12 e-con-full e-flex e-con e-child\" data-id=\"70621c12\" data-element_type=\"container\" data-e-type=\"container\">\n\t\t\t\t<div class=\"elementor-element elementor-element-4296eb49 elementor-widget elementor-widget-text-editor\" data-id=\"4296eb49\" data-element_type=\"widget\" data-e-type=\"widget\" data-widget_type=\"text-editor.default\">\n\t\t\t\t\t\t\t\t\t<p>Belial no \u00e9s, en el judaisme primitiu, un \u00e9sser amb una forma corporal fixa, sin\u00f3 una pot\u00e8ncia personal concebuda com a cap de les tenebres.<\/p><p>En el Rotlle de la Guerra encap\u00e7ala l&#8217;ex\u00e8rcit enemic, i la Regla de la Comunitat descriu un domini limitat de Belial, durant el qual les tenebres exerceixen poder sobre el m\u00f3n i sobre els cors dels homes. Les Hodayot parlen dels lla\u00e7os i les xarxes de Belial, dels quals D\u00e9u allibera els qui preguen.<\/p><p>No \u00e9s fins a la Goetia que rep una forma iconogr\u00e0fica fixa. All\u00e0 apareix com a rei-<span class=\"iwg-fachbegriff\" data-tooltip=\"Un \u00e9sser incorpori al qual s'atribueix influ\u00e8ncia en el m\u00f3n.\" tabindex=\"0\">esperit<\/span> de particular promin\u00e8ncia, i el text el descriu com creat immediatament despr\u00e9s de Llucifer. La iconografia el mostra com dos <span class=\"iwg-fachbegriff\" data-tooltip=\"En les religions abra\u00e0miques, un \u00e9sser missatger celestial de D\u00e9u.\" tabindex=\"0\">\u00e0ngels<\/span> resplendents damunt un carro de foc, una imatge que ressona amb la visi\u00f3 del carro-tron d&#8217;Ezequiel (Ez 1) i que vincula Belial amb les classes ang\u00e8liques superiors.<\/p><p>En la recepci\u00f3 liter\u00e0ria, Belial sovint es representa com l&#8217;encarnaci\u00f3 de la mentida i de les paraules boniques sense subst\u00e0ncia. El Paradise Lost de John Milton en fa un dels <span class=\"iwg-fachbegriff\" data-tooltip=\"En les religions abra\u00e0miques, un \u00e9sser missatger celestial de D\u00e9u.\" tabindex=\"0\">\u00e0ngels<\/span> caiguts m\u00e9s eloq\u00fcents del consell infernal, un orador elegant que roman t\u00edmid en l&#8217;acci\u00f3.<\/p><p>Aquesta caracteritzaci\u00f3 no est\u00e0 documentada hist\u00f2ricament, per\u00f2 enlla\u00e7a amb l&#8217;antiga concepci\u00f3 qumr\u00e0nica de Belial com a antipr\u00edncep de la veritat.<\/p>\t\t\t\t\t\t\t\t<\/div>\n\t\t\t\t<\/div>\n\t\t\t\t\t<\/div>\n\t\t\t\t<\/div>\n\t\t<div class=\"elementor-element elementor-element-44e71476 e-flex e-con-boxed e-con e-parent\" data-id=\"44e71476\" data-element_type=\"container\" data-e-type=\"container\">\n\t\t\t\t\t<div class=\"e-con-inner\">\n\t\t\t\t<div class=\"elementor-element elementor-element-3c1fc3f0 elementor-widget elementor-widget-heading\" data-id=\"3c1fc3f0\" data-element_type=\"widget\" data-e-type=\"widget\" data-widget_type=\"heading.default\">\n\t\t\t\t\t<h2 class=\"elementor-heading-title elementor-size-default\">Fitxa: Belial<\/h2>\t\t\t\t<\/div>\n\t\t<div class=\"elementor-element elementor-element-84f33b8e e-con-full e-flex e-con e-child\" data-id=\"84f33b8e\" data-element_type=\"container\" data-e-type=\"container\">\n\t\t\t\t<div class=\"elementor-element elementor-element-hqkdc67p elementor-widget elementor-widget-text-editor\" data-id=\"hqkdc67p\" data-element_type=\"widget\" data-e-type=\"widget\" data-widget_type=\"text-editor.default\">\n\t\t\t\t\t\t\t\t\t<p>Els camps seg\u00fcents resumeixen la tradici\u00f3 de la Goecia sobre Belial i les seves arrels dins la hist\u00f2ria de les religions.<\/p>\t\t\t\t\t\t\t\t<\/div>\n\t\t\t\t<\/div>\n\t\t<div class=\"elementor-element elementor-element-pemmx7c5 e-con-full e-flex e-con e-child\" data-id=\"pemmx7c5\" data-element_type=\"container\" data-e-type=\"container\">\n\t\t<div class=\"elementor-element elementor-element-pemmx7c1 e-con-full e-flex e-con e-child\" data-id=\"pemmx7c1\" data-element_type=\"container\" data-e-type=\"container\">\n\t\t<div class=\"elementor-element elementor-element-qh9oavvu iwg-steckbrief-card e-flex e-con-boxed e-con e-child\" data-id=\"qh9oavvu\" data-element_type=\"container\" data-e-type=\"container\">\n\t\t\t\t\t<div class=\"e-con-inner\">\n\t\t\t\t<div class=\"elementor-element elementor-element-awzx8k2k elementor-widget elementor-widget-heading\" data-id=\"awzx8k2k\" data-element_type=\"widget\" data-e-type=\"widget\" data-widget_type=\"heading.default\">\n\t\t\t\t\t<div class=\"elementor-heading-title elementor-size-default\">Origen<\/div>\t\t\t\t<\/div>\n\t\t\t\t<div class=\"elementor-element elementor-element-x6rowhv0 elementor-widget elementor-widget-text-editor\" data-id=\"x6rowhv0\" data-element_type=\"widget\" data-e-type=\"widget\" data-widget_type=\"text-editor.default\">\n\t\t\t\t\t\t\t\t\t<p>Belial arrela en l&#8217;\u00fas ling\u00fc\u00edstic hebreu, on beliyya&#8217;al era inicialment un concepte abstracte moral amb el significat de corrupci\u00f3 o maldat. La figura es va convertir en una pot\u00e8ncia personal nom\u00e9s en l&#8217;apocal\u00edptica jueva primerenca, especialment als escrits de Qumran. La Goecia el descriu com a creat immediatament despr\u00e9s de Llucifer i l&#8217;insereix aix\u00ed en el m\u00f3n dels \u00e0ngels caiguts.<\/p>\t\t\t\t\t\t\t\t<\/div>\n\t\t\t\t\t<\/div>\n\t\t\t\t<\/div>\n\t\t<div class=\"elementor-element elementor-element-8e3o4kxs iwg-steckbrief-card e-flex e-con-boxed e-con e-child\" data-id=\"8e3o4kxs\" data-element_type=\"container\" data-e-type=\"container\">\n\t\t\t\t\t<div class=\"e-con-inner\">\n\t\t\t\t<div class=\"elementor-element elementor-element-08rkdgov elementor-widget elementor-widget-heading\" data-id=\"08rkdgov\" data-element_type=\"widget\" data-e-type=\"widget\" data-widget_type=\"heading.default\">\n\t\t\t\t\t<div class=\"elementor-heading-title elementor-size-default\">Rang i funci\u00f3<\/div>\t\t\t\t<\/div>\n\t\t\t\t<div class=\"elementor-element elementor-element-uwjelx8s elementor-widget elementor-widget-text-editor\" data-id=\"uwjelx8s\" data-element_type=\"widget\" data-e-type=\"widget\" data-widget_type=\"text-editor.default\">\n\t\t\t\t\t\t\t\t\t<p>En la Goetia, Belial \u00e9s un rei-<span class=\"iwg-fachbegriff\" data-tooltip=\"Un \u00e9sser incorpori al qual s'atribueix influ\u00e8ncia en el m\u00f3n.\" tabindex=\"0\">esperit<\/span> amb comandament sobre vuitanta legions i figura com el seixanta-vuit\u00e8 <span class=\"iwg-fachbegriff\" data-tooltip=\"Un \u00e9sser incorpori al qual s'atribueix influ\u00e8ncia en el m\u00f3n.\" tabindex=\"0\">esperit<\/span> del cat\u00e0leg. Segons el Lemegeton, atorga dignitats, rangs senatorials i favors, i envia respostes sinceres a les preguntes. En la tradici\u00f3 de Qumran, la seva funci\u00f3 \u00e9s diferent: hi apareix com l&#8217;antagonista del Pr\u00edncep de la Llum, comandant els fills de les tenebres.<\/p>\t\t\t\t\t\t\t\t<\/div>\n\t\t\t\t\t<\/div>\n\t\t\t\t<\/div>\n\t\t<div class=\"elementor-element elementor-element-jm2n74ec iwg-steckbrief-card e-flex e-con-boxed e-con e-child\" data-id=\"jm2n74ec\" data-element_type=\"container\" data-e-type=\"container\">\n\t\t\t\t\t<div class=\"e-con-inner\">\n\t\t\t\t<div class=\"elementor-element elementor-element-8vufse4c elementor-widget elementor-widget-heading\" data-id=\"8vufse4c\" data-element_type=\"widget\" data-e-type=\"widget\" data-widget_type=\"heading.default\">\n\t\t\t\t\t<div class=\"elementor-heading-title elementor-size-default\">Aparen\u00e7a<\/div>\t\t\t\t<\/div>\n\t\t\t\t<div class=\"elementor-element elementor-element-mwb9u015 elementor-widget elementor-widget-text-editor\" data-id=\"mwb9u015\" data-element_type=\"widget\" data-e-type=\"widget\" data-widget_type=\"text-editor.default\">\n\t\t\t\t\t\t\t\t\t<p>La Goetia no descriu Belial amb forma animal, sin\u00f3 com dos <span class=\"iwg-fachbegriff\" data-tooltip=\"En les religions abrah\u00e0miques, un \u00e9sser missatger celestial de D\u00e9u.\" tabindex=\"0\">\u00e0ngels<\/span> resplendents sobre un carro de foc. Aquesta imatge recull la visi\u00f3 del carro-tron d&#8217;Ezequiel i subratlla la seva proximitat amb les classes ang\u00e8liques superiors. En els textos de Qumran, en canvi, no se&#8217;n descriu la forma: \u00e9s purament una figura de poder de les tenebres.<\/p>\t\t\t\t\t\t\t\t<\/div>\n\t\t\t\t\t<\/div>\n\t\t\t\t<\/div>\n\t\t\t\t<\/div>\n\t\t<div class=\"elementor-element elementor-element-pemmx7c2 e-con-full e-flex e-con e-child\" data-id=\"pemmx7c2\" data-element_type=\"container\" data-e-type=\"container\">\n\t\t<div class=\"elementor-element elementor-element-37ss2yr6 iwg-steckbrief-card e-flex e-con-boxed e-con e-child\" data-id=\"37ss2yr6\" data-element_type=\"container\" data-e-type=\"container\">\n\t\t\t\t\t<div class=\"e-con-inner\">\n\t\t\t\t<div class=\"elementor-element elementor-element-3v0wp3wx elementor-widget elementor-widget-heading\" data-id=\"3v0wp3wx\" data-element_type=\"widget\" data-e-type=\"widget\" data-widget_type=\"heading.default\">\n\t\t\t\t\t<div class=\"elementor-heading-title elementor-size-default\">Invocaci\u00f3 ritual<\/div>\t\t\t\t<\/div>\n\t\t\t\t<div class=\"elementor-element elementor-element-w3247g2m elementor-widget elementor-widget-text-editor\" data-id=\"w3247g2m\" data-element_type=\"widget\" data-e-type=\"widget\" data-widget_type=\"text-editor.default\">\n\t\t\t\t\t\t\t\t\t<p>Un tret caracter\u00edstic de la representaci\u00f3 de la Goetia \u00e9s l&#8217;exig\u00e8ncia d&#8217;ofrenes. Sense el gest adequat, segons el text, Belial no donar\u00e0 cap resposta vera\u00e7. Aquesta condici\u00f3 de la pr\u00e0ctica m\u00e0gica est\u00e0 formulada de manera especialment expl\u00edcita en el cas de Belial dins el Lemegeton, i el distingeix d&#8217;altres esperits que responen sense cap requisit previ.<\/p>\t\t\t\t\t\t\t\t<\/div>\n\t\t\t\t\t<\/div>\n\t\t\t\t<\/div>\n\t\t<div class=\"elementor-element elementor-element-0qpjal9w iwg-steckbrief-card e-flex e-con-boxed e-con e-child\" data-id=\"0qpjal9w\" data-element_type=\"container\" data-e-type=\"container\">\n\t\t\t\t\t<div class=\"e-con-inner\">\n\t\t\t\t<div class=\"elementor-element elementor-element-6ndoih0o elementor-widget elementor-widget-heading\" data-id=\"6ndoih0o\" data-element_type=\"widget\" data-e-type=\"widget\" data-widget_type=\"heading.default\">\n\t\t\t\t\t<div class=\"elementor-heading-title elementor-size-default\">Segell i s\u00edmbols<\/div>\t\t\t\t<\/div>\n\t\t\t\t<div class=\"elementor-element elementor-element-6684tyh9 elementor-widget elementor-widget-text-editor\" data-id=\"6684tyh9\" data-element_type=\"widget\" data-e-type=\"widget\" data-widget_type=\"text-editor.default\">\n\t\t\t\t\t\t\t\t\t<p>El segell de Belial de la Goetia mostra un patr\u00f3 geom\u00e8tricament complex de l\u00ednies i cercles. Astrol\u00f2gicament, Belial s&#8217;associa amb Aquari, com a element se li atribueix la terra i com a planeta, Saturn. En l&#8217;hermetisme renaixentista, se&#8217;l va classificar com un dels quatre pr\u00ednceps infernals de la regi\u00f3 de la terra, vinculat a la in\u00e8rcia de la mat\u00e8ria.<\/p>\t\t\t\t\t\t\t\t<\/div>\n\t\t\t\t\t<\/div>\n\t\t\t\t<\/div>\n\t\t<div class=\"elementor-element elementor-element-3lfi7x32 iwg-steckbrief-card e-flex e-con-boxed e-con e-child\" data-id=\"3lfi7x32\" data-element_type=\"container\" data-e-type=\"container\">\n\t\t\t\t\t<div class=\"e-con-inner\">\n\t\t\t\t<div class=\"elementor-element elementor-element-0kg99ga1 elementor-widget elementor-widget-heading\" data-id=\"0kg99ga1\" data-element_type=\"widget\" data-e-type=\"widget\" data-widget_type=\"heading.default\">\n\t\t\t\t\t<div class=\"elementor-heading-title elementor-size-default\">Esperits relacionats<\/div>\t\t\t\t<\/div>\n\t\t\t\t<div class=\"elementor-element elementor-element-n0fum6kp elementor-widget elementor-widget-text-editor\" data-id=\"n0fum6kp\" data-element_type=\"widget\" data-e-type=\"widget\" data-widget_type=\"text-editor.default\">\n\t\t\t\t\t\t\t\t\t<p>En el judaisme primitiu, Belial figura al costat d&#8217;altres noms per a la for\u00e7a contr\u00e0ria a D\u00e9u, entre ells Satan, Mastema, Asasel i Sammael. Aquests noms no designen sempre una mateixa persona clarament delimitada, sin\u00f3 que se solapen segons el text. En la Goetia, Llucifer se li considera immediatament superior en jerarquia, mentre que amb Samael el vincula la interpretaci\u00f3 cabal\u00edstica posterior.<\/p>\t\t\t\t\t\t\t\t<\/div>\n\t\t\t\t\t<\/div>\n\t\t\t\t<\/div>\n\t\t\t\t<\/div>\n\t\t\t\t<\/div>\n\t\t\t\t\t<\/div>\n\t\t\t\t<\/div>\n\t\t<div class=\"elementor-element elementor-element-7533bc7a e-flex e-con-boxed e-con e-parent\" data-id=\"7533bc7a\" data-element_type=\"container\" data-e-type=\"container\">\n\t\t\t\t\t<div class=\"e-con-inner\">\n\t\t\t\t<div class=\"elementor-element elementor-element-2447d18d elementor-widget elementor-widget-heading\" data-id=\"2447d18d\" data-element_type=\"widget\" data-e-type=\"widget\" data-widget_type=\"heading.default\">\n\t\t\t\t\t<h2 class=\"elementor-heading-title elementor-size-default\">Recepci\u00f3 i hist\u00f2ria de la influ\u00e8ncia<\/h2>\t\t\t\t<\/div>\n\t\t<div class=\"elementor-element elementor-element-d5d0260c e-con-full e-flex e-con e-child\" data-id=\"d5d0260c\" data-element_type=\"container\" data-e-type=\"container\">\n\t\t\t\t<div class=\"elementor-element elementor-element-341be2ac elementor-widget elementor-widget-text-editor\" data-id=\"341be2ac\" data-element_type=\"widget\" data-e-type=\"widget\" data-widget_type=\"text-editor.default\">\n\t\t\t\t\t\t\t\t\t<p>En el cristianisme, Belial es va fondre en gran part amb la figura del diable, per\u00f2 va conservar prou perfil propi per continuar existint com a nom independent en certs g\u00e8neres textuals. Escrits paleocristians com l&#8217;Ascensi\u00f3 d&#8217;Isa\u00efes utilitzen Beliar com a designaci\u00f3 de la for\u00e7a contr\u00e0ria a D\u00e9u, de vegades amb trets escatol\u00f2gics i anticristians.<\/p><p>Belial va tenir una notable carrera posterior a la baixa edat mitjana a trav\u00e9s del Liber Belial, un tractat processal llat\u00ed de Jacobus de Theramo, de finals del segle XIV.<\/p><p>En aquesta obra, Belial acusa Crist en nom de l&#8217;infern, ja que aquest, en el seu descens al m\u00f3n dels morts, havia arrabassat les \u00e0nimes. Mois\u00e8s i Salom\u00f3 actuen com a advocats. L&#8217;obra va esdevenir un dels primers llibres alemanys impresos.<\/p><p>En la demonologia de l&#8217;edat moderna primerenca, els grimoris van incloure Belial en les jerarquies dels pr\u00ednceps infernals. La Pseudomonarchia Daemonum de Johann Weyer i l&#8217;Ars Goetia el presenten com un rei poder\u00f3s amb un nombre fix de legions d&#8217;esperits sota el seu comandament.<\/p><p>Heinrich Cornelius Agrippa l&#8217;anomena a De occulta philosophia (1533) com a responsable de falsos cultes idol\u00e0trics i disputes diab\u00f2liques. Aquestes sistematitzacions s\u00f3n construccions erudites de l&#8217;edat moderna primerenca i no una continuaci\u00f3 de la <span class=\"iwg-fachbegriff\" data-tooltip=\"La transmissi\u00f3 de coneixements i relats a trav\u00e9s de generacions.\" tabindex=\"0\">tradici\u00f3<\/span> antiga, per\u00f2 han determinat la imatge moderna de Belial.<\/p><p><span data-nosnippet>L&#8217;edici\u00f3 Crowley-Mathers de la Goetia (1904) el va popularitzar en l&#8217;<span class=\"iwg-fachbegriff\" data-tooltip=\"Terme gen\u00e8ric per a doctrines que reivindiquen un coneixement ocult, accessible nom\u00e9s als iniciats.\" tabindex=\"0\">esoterisme<\/span> contemporani, mentre que l&#8217;edici\u00f3 de Joseph Peterson (2001) el va fer accessible filol\u00f2gicament. Crowley interpreta Belial com la resist\u00e8ncia personificada contra la voluntat, una lectura psicol\u00f2gica que la <span class=\"iwg-fachbegriff\" data-tooltip=\"Pr\u00e0ctiques que pretenen influir en el curs dels esdeveniments mitjan\u00e7ant accions o f\u00f3rmules especials.\" tabindex=\"0\">m\u00e0gia<\/span> del caos moderna ha adoptat.<\/span><\/p><p>La investigaci\u00f3 en ci\u00e8ncies de la religi\u00f3 hi veu una interpretaci\u00f3 moderna pr\u00f2pia que t\u00e9 poc a veure amb la tradici\u00f3 jueva-cristiana de Belial. Qui avui es troba amb Belial, sol trobar-se amb aquesta figura tardana i liter\u00e0riament elaborada, no pas amb el Belial dels textos de Qumran.<\/p>\t\t\t\t\t\t\t\t<\/div>\n\t\t\t\t<\/div>\n\t\t\t\t\t<\/div>\n\t\t\t\t<\/div>\n\t\t<div class=\"elementor-element elementor-element-5a584676 e-flex e-con-boxed e-con e-parent\" data-id=\"5a584676\" data-element_type=\"container\" data-e-type=\"container\">\n\t\t\t\t\t<div class=\"e-con-inner\">\n\t\t\t\t<div class=\"elementor-element elementor-element-6d0757bf elementor-widget elementor-widget-heading\" data-id=\"6d0757bf\" data-element_type=\"widget\" data-e-type=\"widget\" data-widget_type=\"heading.default\">\n\t\t\t\t\t<h2 class=\"elementor-heading-title elementor-size-default\">Belial, paral\u00b7lelismes en altres cultures<\/h2>\t\t\t\t<\/div>\n\t\t<div class=\"elementor-element elementor-element-60563f68 e-con-full e-flex e-con e-child\" data-id=\"60563f68\" data-element_type=\"container\" data-e-type=\"container\">\n\t\t\t\t<div class=\"elementor-element elementor-element-5a93fdd6 elementor-widget elementor-widget-text-editor\" data-id=\"5a93fdd6\" data-element_type=\"widget\" data-e-type=\"widget\" data-widget_type=\"text-editor.default\">\n\t\t\t\t\t\t\t\t\t<p>La figura de Belial s&#8217;insereix en un entramat historicoreligi\u00f3s. En el zoroastrisme persa trobem l&#8217;Aeshma Daeva, l&#8217;<span class=\"iwg-fachbegriff\" data-tooltip=\"Un \u00e9sser incorpori al qual s'atribueix influ\u00e8ncia en el m\u00f3n.\" tabindex=\"0\">esperit<\/span> de la ira que emmascara la veritat, amb una funci\u00f3 estructuralment similar.<\/p><p>La tradici\u00f3 mesopot\u00e0mica de Lamashtu coneix \u00e9ssers que, amb una eloq\u00fc\u00e8ncia seductora, trenquen les promeses. En el context hind\u00fa, l&#8217;equivalent al t\u00f2pic de Belial \u00e9s l&#8217;Asura Vritra, que bloqueja el flux de la vida mitjan\u00e7ant promeses enganyoses.<\/p><p>Aquests paral\u00b7lelismes no s\u00f3n cadenes causals, per\u00f2 mostren un patr\u00f3 recurrent en la fenomenologia de la religi\u00f3: la resist\u00e8ncia contra el sagrat com a for\u00e7a seductora del llenguatge, no com a terror brut. En la <span class=\"iwg-fachbegriff\" data-tooltip=\"Corrent religi\u00f3s centrat en l'experi\u00e8ncia directa de D\u00e9u.\" tabindex=\"0\">m\u00edstica<\/span> jueva mateixa, la figura torna a transformar-se.<\/p><p>La <span class=\"iwg-fachbegriff\" data-tooltip=\"Corrent de la m\u00edstica jueva amb obres principals com el Sefer Ietsir\u00e0 i el Sohar.\" tabindex=\"0\">cabala<\/span> luri\u00e0nica situa Belial dins l&#8217;\u00e0mbit de la Sitra Achra, l&#8217;altre costat, i l&#8217;ent\u00e9n com una for\u00e7a estructural en el drama c\u00f2smic de la restauraci\u00f3 dels vasos de llum trencats. La tradici\u00f3 hass\u00eddica, finalment, interpreta les forces semblants a Belial sobretot com a obstacles interns en el cam\u00ed espiritual.<\/p>\t\t\t\t\t\t\t\t<\/div>\n\t\t\t\t<\/div>\n\t\t\t\t\t<\/div>\n\t\t\t\t<\/div>\n\t\t<div class=\"elementor-element elementor-element-36dd7469 e-flex e-con-boxed e-con e-parent\" data-id=\"36dd7469\" data-element_type=\"container\" data-e-type=\"container\">\n\t\t\t\t\t<div class=\"e-con-inner\">\n\t\t\t\t<div class=\"elementor-element elementor-element-13760ab4 elementor-widget elementor-widget-heading\" data-id=\"13760ab4\" data-element_type=\"widget\" data-e-type=\"widget\" data-widget_type=\"heading.default\">\n\t\t\t\t\t<h2 class=\"elementor-heading-title elementor-size-default\">Enlla\u00e7os relacionats<\/h2>\t\t\t\t<\/div>\n\t\t<div class=\"elementor-element elementor-element-28c87796 e-con-full e-flex e-con e-child\" data-id=\"28c87796\" data-element_type=\"container\" data-e-type=\"container\">\n\t\t\t\t<div class=\"elementor-element elementor-element-5d6538df elementor-widget elementor-widget-text-editor\" data-id=\"5d6538df\" data-element_type=\"widget\" data-e-type=\"widget\" data-widget_type=\"text-editor.default\">\n\t\t\t\t\t\t\t\t\t<ul><li><a href=\"https:\/\/iwell-guard.com\/ca\/dimonis\/\">Dimonis<\/a>: panorama dels dimonis<\/li><li><a href=\"https:\/\/iwell-guard.com\/ca\/?page_id=171622\">Goetia<\/a>: la tradici\u00f3 de l&#8217;Ars Goetia<\/li><li><a href=\"https:\/\/iwell-guard.com\/ca\/?page_id=171364\">Cristianisme<\/a>: contextualitzaci\u00f3 cultural<\/li><li><a href=\"https:\/\/iwell-guard.com\/ca\/?page_id=171370\">Llucifer<\/a>: l&#8217;<span class=\"iwg-fachbegriff\" data-tooltip=\"Un \u00e9sser incorpori al qual s'atribueix influ\u00e8ncia en el m\u00f3n.\" tabindex=\"0\">esperit<\/span> immediatament superior a Belial<\/li><li><a href=\"https:\/\/iwell-guard.com\/ca\/?page_id=171509\">Samael<\/a>: figura advers\u00e0ria emparentada de la tradici\u00f3 jueva<\/li><\/ul>\t\t\t\t\t\t\t\t<\/div>\n\t\t\t\t<\/div>\n\t\t\t\t\t<\/div>\n\t\t\t\t<\/div>\n\t\t<div class=\"elementor-element elementor-element-grl4kl40 e-flex e-con-boxed e-con e-parent\" data-id=\"grl4kl40\" data-element_type=\"container\" data-e-type=\"container\">\n\t\t\t\t\t<div class=\"e-con-inner\">\n\t\t\t\t<div class=\"elementor-element elementor-element-bzsbfrmh elementor-widget elementor-widget-heading\" data-id=\"bzsbfrmh\" data-element_type=\"widget\" data-e-type=\"widget\" data-widget_type=\"heading.default\">\n\t\t\t\t\t<h2 class=\"elementor-heading-title elementor-size-default\">Bibliografia (selecci\u00f3)<\/h2>\t\t\t\t<\/div>\n\t\t<div class=\"elementor-element elementor-element-2c13224a e-con-full e-flex e-con e-child\" data-id=\"2c13224a\" data-element_type=\"container\" data-e-type=\"container\">\n\t\t\t\t<div class=\"elementor-element elementor-element-0eymh9ub elementor-widget elementor-widget-text-editor\" data-id=\"0eymh9ub\" data-element_type=\"widget\" data-e-type=\"widget\" data-widget_type=\"text-editor.default\">\n\t\t\t\t\t\t\t\t\t<footer class=\"iwg-literatura\"><ul><li><span data-nosnippet>Joseph H. Peterson (Hg.): The Lesser Key of Solomon, Weiser 2001.<\/span><\/li><li><span data-nosnippet>Florentino Garc\u00eda Mart\u00ednez: The Dead Sea Scrolls Translated, Brill 1996.<\/span><\/li><li><span data-nosnippet>Heinrich Cornelius Agrippa: De occulta philosophia libri tres, K\u00f6ln 1533, Buch III.<\/span><\/li><li><span data-nosnippet>Jeffrey Burton Russell: The Devil. Perceptions of Evil from Antiquity to Primitive Christianity, Cornell UP 1977.<\/span><\/li><li><span data-nosnippet>Stephen Skinner, David Rankine: The Goetia of Dr. Rudd, Llewellyn 2007.<\/span><\/li><\/ul><\/footer>\t\t\t\t\t\t\t\t<\/div>\n\t\t\t\t<\/div>\n\t\t\t\t\t<\/div>\n\t\t\t\t<\/div>\n\t\t<div class=\"elementor-element elementor-element-iwgca-belial-sec e-flex e-con-boxed e-con e-parent\" data-id=\"iwgca-belial-sec\" data-element_type=\"container\" data-e-type=\"container\" id=\"iwg-ca-belial\">\n\t\t\t\t\t<div class=\"e-con-inner\">\n\t\t\t\t<div class=\"elementor-element elementor-element-iwgca-belial-te iwg-ca-textwrap elementor-widget elementor-widget-text-editor\" data-id=\"iwgca-belial-te\" data-element_type=\"widget\" data-e-type=\"widget\" data-widget_type=\"text-editor.default\">\n\t\t\t\t\t\t\t\t\t<div data-nosnippet=\"true\"><p class=\"iwg-ca-bridge\">La pr\u00e0ctica de protecci\u00f3 descrita aqu\u00ed \u00e9s una interpretaci\u00f3 cient\u00edfica de tradicions hist\u00f2riques. iWell Guard s&#8217;inscriu en aquesta l\u00ednia cultural d&#8217;objectes de protecci\u00f3 portables i en representa una forma contempor\u00e0nia. <a href=\"\/ueber-iwell-guard\/?utm_source=iwell-guard.com&#038;utm_medium=text-link&#038;utm_campaign=schadwesen-tradition\">M\u00e9s sobre iWell Guard \u2192<\/a><\/p><\/div>\t\t\t\t\t\t\t\t<\/div>\n\t\t\t\t\t<\/div>\n\t\t\t\t<\/div>\n\t\t\t\t<section class=\"elementor-section elementor-top-section elementor-element elementor-element-wv-belial-faq elementor-section-boxed elementor-section-height-default elementor-section-height-default\" data-id=\"wv-belial-faq\" data-element_type=\"section\" data-e-type=\"section\">\n\t\t\t\t\t\t<div class=\"elementor-container elementor-column-gap-default\">\n\t\t\t\t\t<div class=\"elementor-column elementor-col-100 elementor-top-column elementor-element elementor-element-wv-belial-faq-col\" data-id=\"wv-belial-faq-col\" data-element_type=\"column\" data-e-type=\"column\">\n\t\t\t<div class=\"elementor-widget-wrap elementor-element-populated\">\n\t\t\t\t\t\t<div class=\"elementor-element elementor-element-wv-belial-h elementor-widget elementor-widget-heading\" data-id=\"wv-belial-h\" data-element_type=\"widget\" data-e-type=\"widget\" data-widget_type=\"heading.default\">\n\t\t\t\t\t<h2 class=\"elementor-heading-title elementor-size-default\">Preguntes freq\u00fcents sobre Belial<\/h2>\t\t\t\t<\/div>\n\t\t\t\t<div class=\"elementor-element elementor-element-wv-belial-t elementor-widget elementor-widget-text-editor\" data-id=\"wv-belial-t\" data-element_type=\"widget\" data-e-type=\"widget\" data-widget_type=\"text-editor.default\">\n\t\t\t\t\t\t\t\t\t\n<details class=\"iwg-faq-item\">\n  <summary><strong>Qui \u00e9s Belial?<\/strong><\/summary>\n  <p>Belial \u00e9s una de les figures m\u00e9s antigues de la demonologia jueva i cristiana. Les seves arrels es troben en l&#8217;\u00fas ling\u00fc\u00edstic hebreu i en l&#8217;apocal\u00edptica jueva primitiva. A partir d&#8217;un concepte abstracte moral, es va desenvolupar, a trav\u00e9s dels escrits de Qumran, un adversari c\u00f2smic amb nom propi, que all\u00ed encap\u00e7ala els fills de les tenebres. En la Goetia, Belial apareix com el seixanta-vuit\u00e8 esperit i \u00e9s considerat un rei amb comandament sobre vuitanta legions.<\/p>\n<\/details>\n\n<details class=\"iwg-faq-item\">\n  <summary><strong>D&#8217;on prov\u00e9 el nom Belial?<\/strong><\/summary>\n  <p>El nom \u00e9s ling\u00fc\u00edsticament controvertit. L&#8217;explicaci\u00f3 m\u00e9s estesa descompon l&#8217;hebreu beliyya&#8217;al en la negaci\u00f3 beli i un segon element. Aquest s&#8217;interpreta com a profit i porta al significat de sense profit o inutilitat. Una altra lectura relaciona el segon component amb l&#8217;arrel que significa pujar, la qual cosa s&#8217;ha interpretat com una designaci\u00f3 de l&#8217;infram\u00f3n. En el Nou Testament, el nom apareix en la forma Beliar, amb r en lloc de l.<\/p>\n<\/details>\n\n<details class=\"iwg-faq-item\">\n  <summary><strong>Com es representa Belial en la Goetia?<\/strong><\/summary>\n  <p>\u00c9s la Goetia la que dona a Belial una forma iconogr\u00e0fica fixa. No el descriu amb forma animal, sin\u00f3 com dos \u00e0ngels resplendents sobre un carro de foc. Aquesta imatge recorda la visi\u00f3 del carro-tron d&#8217;Ezequiel i el vincula amb les classes ang\u00e8liques superiors. El text indica que Belial va ser creat immediatament despr\u00e9s de Llucifer. Un tret caracter\u00edstic \u00e9s l&#8217;exig\u00e8ncia d&#8217;ofrenes, sense les quals, segons el text, no dona respostes veraces.<\/p>\n<\/details>\n\n<details class=\"iwg-faq-item\">\n  <summary><strong>Quines fonts transmeten Belial?<\/strong><\/summary>\n  <p>El grup de fonts m\u00e9s important s\u00f3n els escrits de Qumran, concretament el Rotlle de la Guerra, la Regla de la Comunitat i els Hodayot. S&#8217;hi afegeixen el Testament dels Dotze Patriarques i un \u00fanic passatge neotestamentari a 2 Co 6, 15. Per a la tradici\u00f3 posterior s\u00f3n fonamentals el Liber Belial de Jacobus de Theramo, de finals del segle XIV, i el Lemegeton del segle XVII. La investigaci\u00f3 acad\u00e8mica tracta Belial sobretot en el context dels estudis de Qumran i de la tradici\u00f3 del Liber Belial.<\/p>\n<\/details>\n\t\t\t\t\t\t\t\t<\/div>\n\t\t\t\t<div class=\"elementor-element elementor-element-wv-belial-s elementor-widget elementor-widget-html\" data-id=\"wv-belial-s\" data-element_type=\"widget\" data-e-type=\"widget\" data-widget_type=\"html.default\">\n\t\t\t\t\t<script type=\"application\/ld+json\">{\"@context\": \"https:\/\/schema.org\", \"@type\": \"FAQPage\", \"mainEntity\": [{\"@type\": \"Question\", \"name\": \"Qui \u00e9s Belial?\", \"acceptedAnswer\": {\"@type\": \"Answer\", \"text\": \"Belial \u00e9s una de les figures m\u00e9s antigues de la demonologia jueva i cristiana, i les seves arrels es troben en l'\u00fas ling\u00fc\u00edstic hebreu i en l'apocal\u00edptica jueva primitiva. A partir d'un concepte abstracte moral, es va desenvolupar, a trav\u00e9s dels escrits de Qumran, un adversari c\u00f2smic amb nom propi, que all\u00ed encap\u00e7ala els fills de les tenebres. En la Goetia, Belial apareix com el seixanta-vuit\u00e8 esperit i \u00e9s considerat un rei amb comandament sobre vuitanta legions.\"}}, {\"@type\": \"Question\", \"name\": \"D'on prov\u00e9 el nom Belial?\", \"acceptedAnswer\": {\"@type\": \"Answer\", \"text\": \"El nom \u00e9s ling\u00fc\u00edsticament controvertit. L'explicaci\u00f3 m\u00e9s estesa descompon l'hebreu beliyya'al en la negaci\u00f3 beli i un segon element que, interpretat com a profit, porta al significat de sense profit o inutilitat. Una altra lectura relaciona el segon component amb l'arrel que significa pujar, la qual cosa s'ha interpretat com una designaci\u00f3 de l'infram\u00f3n. En el Nou Testament, el nom apareix en la forma Beliar, amb r en lloc de l.\"}}, {\"@type\": \"Question\", \"name\": \"Com es representa Belial en la Goetia?\", \"acceptedAnswer\": {\"@type\": \"Answer\", \"text\": \"\u00c9s la Goetia la que dona a Belial una forma iconogr\u00e0fica fixa. No el descriu amb forma animal, sin\u00f3 com dos \u00e0ngels resplendents sobre un carro de foc, una imatge que recorda la visi\u00f3 del carro-tron d'Ezequiel i el vincula amb les classes ang\u00e8liques superiors. El text indica que Belial va ser creat immediatament despr\u00e9s de Llucifer. Un tret caracter\u00edstic \u00e9s l'exig\u00e8ncia d'ofrenes, sense les quals, segons el text, no dona respostes veraces.\"}}, {\"@type\": \"Question\", \"name\": \"Quines fonts transmeten Belial?\", \"acceptedAnswer\": {\"@type\": \"Answer\", \"text\": \"El grup de fonts m\u00e9s important s\u00f3n els escrits de Qumran, concretament el Rotlle de la Guerra, la Regla de la Comunitat i els Hodayot. S'hi afegeixen el Testament dels Dotze Patriarques i un \u00fanic passatge neotestamentari a 2 Co 6, 15. Per a la tradici\u00f3 posterior s\u00f3n fonamentals el Liber Belial de Jacobus de Theramo, de finals del segle XIV, i el Lemegeton del segle XVII. La investigaci\u00f3 acad\u00e8mica tracta Belial sobretot en el context dels estudis de Qumran i de la tradici\u00f3 del Liber Belial.\"}}]}<\/script>\t\t\t\t<\/div>\n\t\t\t\t\t<\/div>\n\t\t<\/div>\n\t\t\t\t\t<\/div>\n\t\t<\/section>\n\t\t\t\t<\/div>\n\t\t","protected":false},"excerpt":{"rendered":"","protected":false},"author":3,"featured_media":2428,"parent":0,"menu_order":0,"comment_status":"closed","ping_status":"closed","template":"elementor_header_footer","meta":{"_yoast_wpseo_focuskw":"Belial","_yoast_wpseo_title":"Belial: 68\u00e8 esperit de la Goecia i adversari | iWell Guard","_yoast_wpseo_metadesc":"Belial a la B\u00edblia hebrea, a Qumran i a la Goecia. Etimologia, rang de rei, sigil i situaci\u00f3 dins de la hist\u00f2ria de les religions.","_yoast_wpseo_meta-robots-noindex":"","_yoast_wpseo_canonical":"","_angie_page":false,"gefaehrdungsstufe":"4","wesen_kultur":"christentum","wesen_klasse":"daemonen","footnotes":""},"categories":[],"class_list":["post-171635","page","type-page","status-publish","has-post-thumbnail","hentry"],"yoast_head":"<!-- This site is optimized with the Yoast SEO Premium plugin v27.7 (Yoast SEO v28.3) - https:\/\/yoast.com\/product\/yoast-seo-premium-wordpress\/ -->\n<title>Belial: 68\u00e8 esperit de la Goecia i adversari | iWell Guard<\/title>\n<meta name=\"description\" content=\"Belial a la B\u00edblia hebrea, a Qumran i a la Goecia. Etimologia, rang de rei, sigil i situaci\u00f3 dins de la hist\u00f2ria de les religions.\" \/>\n<meta name=\"robots\" content=\"index, follow, max-snippet:-1, max-image-preview:large, max-video-preview:-1\" \/>\n<link rel=\"canonical\" href=\"https:\/\/iwell-guard.com\/ca\/belial\/\" \/>\n<meta property=\"og:locale\" content=\"ca_ES\" \/>\n<meta property=\"og:type\" content=\"article\" \/>\n<meta property=\"og:title\" content=\"Belial\" \/>\n<meta property=\"og:description\" content=\"Belial a la B\u00edblia hebrea, a Qumran i a la Goecia. Etimologia, rang de rei, sigil i situaci\u00f3 dins de la hist\u00f2ria de les religions.\" \/>\n<meta property=\"og:url\" content=\"https:\/\/iwell-guard.com\/ca\/belial\/\" \/>\n<meta property=\"og:site_name\" content=\"iWell Guard\" \/>\n<meta property=\"article:modified_time\" content=\"2026-09-05T16:03:06+00:00\" \/>\n<meta property=\"og:image\" content=\"https:\/\/iwell-guard.com\/wp-content\/uploads\/2026\/05\/daemonen_christentum_belial.webp\" \/>\n\t<meta property=\"og:image:width\" content=\"1024\" \/>\n\t<meta property=\"og:image:height\" content=\"1536\" \/>\n\t<meta property=\"og:image:type\" content=\"image\/webp\" \/>\n<meta name=\"twitter:card\" content=\"summary_large_image\" \/>\n<script type=\"application\/ld+json\" class=\"yoast-schema-graph\">{\"@context\":\"https:\\\/\\\/schema.org\",\"@graph\":[{\"@type\":\"WebPage\",\"@id\":\"https:\\\/\\\/iwell-guard.com\\\/ca\\\/belial\\\/\",\"url\":\"https:\\\/\\\/iwell-guard.com\\\/ca\\\/belial\\\/\",\"name\":\"Belial: 68\u00e8 esperit de la Goecia i adversari | iWell Guard\",\"isPartOf\":{\"@id\":\"https:\\\/\\\/iwell-guard.com\\\/ca\\\/#website\"},\"primaryImageOfPage\":{\"@id\":\"https:\\\/\\\/iwell-guard.com\\\/ca\\\/belial\\\/#primaryimage\"},\"image\":{\"@id\":\"https:\\\/\\\/iwell-guard.com\\\/ca\\\/belial\\\/#primaryimage\"},\"thumbnailUrl\":\"https:\\\/\\\/iwell-guard.com\\\/wp-content\\\/uploads\\\/2026\\\/05\\\/daemonen_christentum_belial.webp\",\"datePublished\":\"2026-09-05T15:41:03+00:00\",\"dateModified\":\"2026-09-05T16:03:06+00:00\",\"description\":\"Belial a la B\u00edblia hebrea, a Qumran i a la Goecia. Etimologia, rang de rei, sigil i situaci\u00f3 dins de la hist\u00f2ria de les religions.\",\"breadcrumb\":{\"@id\":\"https:\\\/\\\/iwell-guard.com\\\/ca\\\/belial\\\/#breadcrumb\"},\"inLanguage\":\"ca\",\"potentialAction\":[{\"@type\":\"ReadAction\",\"target\":[\"https:\\\/\\\/iwell-guard.com\\\/ca\\\/belial\\\/\"]}]},{\"@type\":\"ImageObject\",\"inLanguage\":\"ca\",\"@id\":\"https:\\\/\\\/iwell-guard.com\\\/ca\\\/belial\\\/#primaryimage\",\"url\":\"https:\\\/\\\/iwell-guard.com\\\/wp-content\\\/uploads\\\/2026\\\/05\\\/daemonen_christentum_belial.webp\",\"contentUrl\":\"https:\\\/\\\/iwell-guard.com\\\/wp-content\\\/uploads\\\/2026\\\/05\\\/daemonen_christentum_belial.webp\",\"width\":1024,\"height\":1536,\"caption\":\"Belial, dimoni de la tradici\u00f3 cristiano-ocultista de la Go\u00e8cia\"},{\"@type\":\"BreadcrumbList\",\"@id\":\"https:\\\/\\\/iwell-guard.com\\\/ca\\\/belial\\\/#breadcrumb\",\"itemListElement\":[{\"@type\":\"ListItem\",\"position\":1,\"name\":\"Start\",\"item\":\"https:\\\/\\\/iwell-guard.com\\\/ca\\\/?page_id=171333\"},{\"@type\":\"ListItem\",\"position\":2,\"name\":\"Belial\"}]},{\"@type\":\"WebSite\",\"@id\":\"https:\\\/\\\/iwell-guard.com\\\/ca\\\/#website\",\"url\":\"https:\\\/\\\/iwell-guard.com\\\/ca\\\/\",\"name\":\"iWell Guard\",\"description\":\"Schutz vor dunklen Einfl\u00fcssen\",\"publisher\":{\"@id\":\"https:\\\/\\\/iwell-guard.com\\\/ca\\\/#organization\"},\"potentialAction\":[{\"@type\":\"SearchAction\",\"target\":{\"@type\":\"EntryPoint\",\"urlTemplate\":\"https:\\\/\\\/iwell-guard.com\\\/ca\\\/?s={search_term_string}\"},\"query-input\":{\"@type\":\"PropertyValueSpecification\",\"valueRequired\":true,\"valueName\":\"search_term_string\"}}],\"inLanguage\":\"ca\"},{\"@type\":\"Organization\",\"@id\":\"https:\\\/\\\/iwell-guard.com\\\/ca\\\/#organization\",\"name\":\"Ittermann electronic GmbH\",\"url\":\"https:\\\/\\\/iwell-guard.com\\\/ca\\\/\",\"logo\":{\"@type\":\"ImageObject\",\"inLanguage\":\"ca\",\"@id\":\"https:\\\/\\\/iwell-guard.com\\\/ca\\\/#\\\/schema\\\/logo\\\/image\\\/\",\"url\":\"https:\\\/\\\/iwell-guard.com\\\/wp-content\\\/uploads\\\/2026\\\/05\\\/Ittermann-Logo-1182x237-1.png\",\"contentUrl\":\"https:\\\/\\\/iwell-guard.com\\\/wp-content\\\/uploads\\\/2026\\\/05\\\/Ittermann-Logo-1182x237-1.png\",\"width\":1182,\"height\":237,\"caption\":\"Ittermann electronic GmbH\"},\"image\":{\"@id\":\"https:\\\/\\\/iwell-guard.com\\\/ca\\\/#\\\/schema\\\/logo\\\/image\\\/\"},\"sameAs\":[\"https:\\\/\\\/pantip.com\\\/profile\\\/9367242\",\"https:\\\/\\\/micro.blog\\\/iwellguard\",\"https:\\\/\\\/www.diggerslist.com\\\/iwellguard\\\/about\",\"https:\\\/\\\/skitterphoto.com\\\/photographers\\\/2870314\\\/iwell-guard\",\"https:\\\/\\\/iwellguard.wordpress.com\\\/2026\\\/06\\\/06\\\/iwell-guard\\\/\",\"https:\\\/\\\/hub.docker.com\\\/u\\\/iwellguard\",\"https:\\\/\\\/www.pinterest.com\\\/iwellguard\\\/\",\"https:\\\/\\\/bit.ly\\\/m\\\/iwellguard\",\"https:\\\/\\\/entre-vos-mains.alsace.eu\\\/profiles\\\/iwellguard\\\/activity\",\"https:\\\/\\\/gravatar.com\\\/reallybeded8fd34\",\"https:\\\/\\\/naijamatta.com\\\/iwellguard\",\"https:\\\/\\\/www.goodreads.com\\\/iwellguard\",\"https:\\\/\\\/profile.hatena.ne.jp\\\/iwellguard\\\/\",\"https:\\\/\\\/experiment.com\\\/users\\\/iwellguard\",\"https:\\\/\\\/wakelet.com\\\/@iWellGuard82270\",\"https:\\\/\\\/www.chordie.com\\\/forum\\\/profile.php?id=2555664\",\"https:\\\/\\\/www.instapaper.com\\\/p\\\/17757966\",\"https:\\\/\\\/www.mapleprimes.com\\\/users\\\/iwellguard\",\"https:\\\/\\\/businesslistingplus.com\\\/profile\\\/iwell-guard\\\/\",\"https:\\\/\\\/telegra.ph\\\/iWell-Guard-06-06\",\"https:\\\/\\\/pbase.com\\\/iwellguard\\\/iwellguard\",\"https:\\\/\\\/b.hatena.ne.jp\\\/iwellguard\\\/20260607#bookmark-4788405196491818882\",\"https:\\\/\\\/fliphtml5.com\\\/home\\\/iwellguard\",\"https:\\\/\\\/anyflip.com\\\/homepage\\\/cmiwl#About\",\"https:\\\/\\\/transfur.com\\\/Users\\\/iwellguard\",\"http:\\\/\\\/delphi.larsbo.org\\\/user\\\/iwellguard\",\"https:\\\/\\\/jobs.lajobsportal.org\\\/profiles\\\/8380803-iwell-guard\",\"https:\\\/\\\/md.chaosdorf.de\\\/s\\\/jfbe5SBdJD\",\"https:\\\/\\\/www.lingvolive.com\\\/en-us\\\/profile\\\/9ecaeaca-ce11-4e51-9e71-01d55e2bff36\\\/translations\",\"https:\\\/\\\/www.fitday.com\\\/fitness\\\/forums\\\/members\\\/iwellguard.html\",\"https:\\\/\\\/www.mymeetbook.com\\\/iwellguard\",\"https:\\\/\\\/pxhere.com\\\/en\\\/photographer-me\\\/5040798\",\"https:\\\/\\\/disqus.com\\\/by\\\/iwellguard\\\/about\\\/\",\"https:\\\/\\\/pastelink.net\\\/hjwciqwq\",\"https:\\\/\\\/pubhtml5.com\\\/homepage\\\/scjhn\\\/\",\"https:\\\/\\\/www.bitchute.com\\\/channel\\\/2O2eOKzNqujT\",\"https:\\\/\\\/audiomack.com\\\/iwellguard\"]},{\"@type\":\"Article\",\"@id\":\"https:\\\/\\\/iwell-guard.com\\\/ca\\\/belial\\\/#article\",\"isPartOf\":{\"@id\":\"https:\\\/\\\/iwell-guard.com\\\/ca\\\/belial\\\/\"},\"author\":{\"name\":\"Ralf Ittermann\",\"@id\":\"https:\\\/\\\/iwell-guard.com\\\/ca\\\/#\\\/schema\\\/person\\\/ee2a27f1cac3406c7c6fb5820cb7349f\"},\"headline\":\"Belial\",\"datePublished\":\"2026-09-05T15:41:03+00:00\",\"dateModified\":\"2026-09-05T16:03:06+00:00\",\"mainEntityOfPage\":{\"@id\":\"https:\\\/\\\/iwell-guard.com\\\/ca\\\/belial\\\/\"},\"publisher\":{\"@id\":\"https:\\\/\\\/iwell-guard.com\\\/ca\\\/#organization\"},\"image\":{\"@id\":\"https:\\\/\\\/iwell-guard.com\\\/ca\\\/belial\\\/#primaryimage\"},\"thumbnailUrl\":\"https:\\\/\\\/iwell-guard.com\\\/wp-content\\\/uploads\\\/2026\\\/05\\\/daemonen_christentum_belial.webp\",\"inLanguage\":\"ca\",\"description\":\"Belial a la B\u00edblia hebrea, a Qumran i a la Goecia. Etimologia, rang de rei, sigil i situaci\u00f3 dins de la hist\u00f2ria de les religions.\"}]}<\/script>\n<!-- \/ Yoast SEO Premium plugin. -->","yoast_head_json":{"title":"Belial: 68\u00e8 esperit de la Goecia i adversari | iWell Guard","description":"Belial a la B\u00edblia hebrea, a Qumran i a la Goecia. Etimologia, rang de rei, sigil i situaci\u00f3 dins de la hist\u00f2ria de les religions.","robots":{"index":"index","follow":"follow","max-snippet":"max-snippet:-1","max-image-preview":"max-image-preview:large","max-video-preview":"max-video-preview:-1"},"canonical":"https:\/\/iwell-guard.com\/ca\/belial\/","og_locale":"ca_ES","og_type":"article","og_title":"Belial","og_description":"Belial a la B\u00edblia hebrea, a Qumran i a la Goecia. Etimologia, rang de rei, sigil i situaci\u00f3 dins de la hist\u00f2ria de les religions.","og_url":"https:\/\/iwell-guard.com\/ca\/belial\/","og_site_name":"iWell Guard","article_modified_time":"2026-09-05T16:03:06+00:00","og_image":[{"width":1024,"height":1536,"url":"https:\/\/iwell-guard.com\/wp-content\/uploads\/2026\/05\/daemonen_christentum_belial.webp","type":"image\/webp"}],"twitter_card":"summary_large_image","schema":{"@context":"https:\/\/schema.org","@graph":[{"@type":"Article","@id":"https:\/\/iwell-guard.com\/ca\/belial\/#article","isPartOf":{"@id":"https:\/\/iwell-guard.com\/ca\/belial\/"},"author":{"name":"Ralf Ittermann","@id":"https:\/\/iwell-guard.com\/ca\/#\/schema\/person\/ee2a27f1cac3406c7c6fb5820cb7349f"},"headline":"Belial","datePublished":"2026-09-05T15:41:03+00:00","dateModified":"2026-09-05T16:03:06+00:00","mainEntityOfPage":{"@id":"https:\/\/iwell-guard.com\/ca\/belial\/"},"publisher":{"@id":"https:\/\/iwell-guard.com\/ca\/#organization"},"image":{"@id":"https:\/\/iwell-guard.com\/ca\/belial\/#primaryimage"},"thumbnailUrl":"https:\/\/iwell-guard.com\/wp-content\/uploads\/2026\/05\/daemonen_christentum_belial.webp","inLanguage":"ca","description":"Belial a la B\u00edblia hebrea, a Qumran i a la Goecia. Etimologia, rang de rei, sigil i situaci\u00f3 dins de la hist\u00f2ria de les religions."},{"@type":"WebPage","@id":"https:\/\/iwell-guard.com\/ca\/belial\/","url":"https:\/\/iwell-guard.com\/ca\/belial\/","name":"Belial: 68\u00e8 esperit de la Goecia i adversari | iWell Guard","isPartOf":{"@id":"https:\/\/iwell-guard.com\/ca\/#website"},"primaryImageOfPage":{"@id":"https:\/\/iwell-guard.com\/ca\/belial\/#primaryimage"},"image":{"@id":"https:\/\/iwell-guard.com\/ca\/belial\/#primaryimage"},"thumbnailUrl":"https:\/\/iwell-guard.com\/wp-content\/uploads\/2026\/05\/daemonen_christentum_belial.webp","datePublished":"2026-09-05T15:41:03+00:00","dateModified":"2026-09-05T16:03:06+00:00","description":"Belial a la B\u00edblia hebrea, a Qumran i a la Goecia. Etimologia, rang de rei, sigil i situaci\u00f3 dins de la hist\u00f2ria de les religions.","breadcrumb":{"@id":"https:\/\/iwell-guard.com\/ca\/belial\/#breadcrumb"},"inLanguage":"ca","potentialAction":[{"@type":"ReadAction","target":["https:\/\/iwell-guard.com\/ca\/belial\/"]}]},{"@type":"ImageObject","inLanguage":"ca","@id":"https:\/\/iwell-guard.com\/ca\/belial\/#primaryimage","url":"https:\/\/iwell-guard.com\/wp-content\/uploads\/2026\/05\/daemonen_christentum_belial.webp","contentUrl":"https:\/\/iwell-guard.com\/wp-content\/uploads\/2026\/05\/daemonen_christentum_belial.webp","width":1024,"height":1536,"caption":"Belial, dimoni de la tradici\u00f3 cristiano-ocultista de la Go\u00e8cia"},{"@type":"BreadcrumbList","@id":"https:\/\/iwell-guard.com\/ca\/belial\/#breadcrumb","itemListElement":[{"@type":"ListItem","position":1,"name":"Start","item":"https:\/\/iwell-guard.com\/ca\/?page_id=171333"},{"@type":"ListItem","position":2,"name":"Belial"}]},{"@type":"WebSite","@id":"https:\/\/iwell-guard.com\/ca\/#website","url":"https:\/\/iwell-guard.com\/ca\/","name":"iWell Guard","description":"Schutz vor dunklen Einfl\u00fcssen","publisher":{"@id":"https:\/\/iwell-guard.com\/ca\/#organization"},"potentialAction":[{"@type":"SearchAction","target":{"@type":"EntryPoint","urlTemplate":"https:\/\/iwell-guard.com\/ca\/?s={search_term_string}"},"query-input":{"@type":"PropertyValueSpecification","valueRequired":true,"valueName":"search_term_string"}}],"inLanguage":"ca"},{"@type":"Organization","@id":"https:\/\/iwell-guard.com\/ca\/#organization","name":"Ittermann electronic GmbH","url":"https:\/\/iwell-guard.com\/ca\/","logo":{"@type":"ImageObject","inLanguage":"ca","@id":"https:\/\/iwell-guard.com\/ca\/#\/schema\/logo\/image\/","url":"https:\/\/iwell-guard.com\/wp-content\/uploads\/2026\/05\/Ittermann-Logo-1182x237-1.png","contentUrl":"https:\/\/iwell-guard.com\/wp-content\/uploads\/2026\/05\/Ittermann-Logo-1182x237-1.png","width":1182,"height":237,"caption":"Ittermann electronic GmbH"},"image":{"@id":"https:\/\/iwell-guard.com\/ca\/#\/schema\/logo\/image\/"},"sameAs":["https:\/\/pantip.com\/profile\/9367242","https:\/\/micro.blog\/iwellguard","https:\/\/www.diggerslist.com\/iwellguard\/about","https:\/\/skitterphoto.com\/photographers\/2870314\/iwell-guard","https:\/\/iwellguard.wordpress.com\/2026\/06\/06\/iwell-guard\/","https:\/\/hub.docker.com\/u\/iwellguard","https:\/\/www.pinterest.com\/iwellguard\/","https:\/\/bit.ly\/m\/iwellguard","https:\/\/entre-vos-mains.alsace.eu\/profiles\/iwellguard\/activity","https:\/\/gravatar.com\/reallybeded8fd34","https:\/\/naijamatta.com\/iwellguard","https:\/\/www.goodreads.com\/iwellguard","https:\/\/profile.hatena.ne.jp\/iwellguard\/","https:\/\/experiment.com\/users\/iwellguard","https:\/\/wakelet.com\/@iWellGuard82270","https:\/\/www.chordie.com\/forum\/profile.php?id=2555664","https:\/\/www.instapaper.com\/p\/17757966","https:\/\/www.mapleprimes.com\/users\/iwellguard","https:\/\/businesslistingplus.com\/profile\/iwell-guard\/","https:\/\/telegra.ph\/iWell-Guard-06-06","https:\/\/pbase.com\/iwellguard\/iwellguard","https:\/\/b.hatena.ne.jp\/iwellguard\/20260607#bookmark-4788405196491818882","https:\/\/fliphtml5.com\/home\/iwellguard","https:\/\/anyflip.com\/homepage\/cmiwl#About","https:\/\/transfur.com\/Users\/iwellguard","http:\/\/delphi.larsbo.org\/user\/iwellguard","https:\/\/jobs.lajobsportal.org\/profiles\/8380803-iwell-guard","https:\/\/md.chaosdorf.de\/s\/jfbe5SBdJD","https:\/\/www.lingvolive.com\/en-us\/profile\/9ecaeaca-ce11-4e51-9e71-01d55e2bff36\/translations","https:\/\/www.fitday.com\/fitness\/forums\/members\/iwellguard.html","https:\/\/www.mymeetbook.com\/iwellguard","https:\/\/pxhere.com\/en\/photographer-me\/5040798","https:\/\/disqus.com\/by\/iwellguard\/about\/","https:\/\/pastelink.net\/hjwciqwq","https:\/\/pubhtml5.com\/homepage\/scjhn\/","https:\/\/www.bitchute.com\/channel\/2O2eOKzNqujT","https:\/\/audiomack.com\/iwellguard"]},{"@type":"Person","@id":"https:\/\/iwell-guard.com\/ca\/#\/schema\/person\/ee2a27f1cac3406c7c6fb5820cb7349f","name":"Ralf Ittermann","image":{"@type":"ImageObject","inLanguage":"ca","@id":"https:\/\/secure.gravatar.com\/avatar\/073c0153e350a5005b68eb752b445fea71f6b24a26da9449ad7e155e6b446c9d?s=96&d=mm&r=g","url":"https:\/\/secure.gravatar.com\/avatar\/073c0153e350a5005b68eb752b445fea71f6b24a26da9449ad7e155e6b446c9d?s=96&d=mm&r=g","contentUrl":"https:\/\/secure.gravatar.com\/avatar\/073c0153e350a5005b68eb752b445fea71f6b24a26da9449ad7e155e6b446c9d?s=96&d=mm&r=g","caption":"Ralf Ittermann"},"givenName":"Ralf","familyName":"Ittermann","jobTitle":"Gesch\u00e4ftsf\u00fchrer und redaktioneller Verantwortlicher","url":"https:\/\/iwell-guard.com\/ca\/author\/claude\/","description":"Ralf Ittermann ist Gesch\u00e4ftsf\u00fchrer der Ittermann electronic GmbH und redaktioneller Verantwortlicher des iWell-Guard-Lexikons. Er verbindet langj\u00e4hrige Erfahrung in der Pr\u00e4zisionsfertigung mit medialer Praxis und religionsgeschichtlicher Quellenarbeit.","worksFor":{"@type":"Organization","name":"Ittermann electronic GmbH","url":"https:\/\/ittermann.de\/","address":{"@type":"PostalAddress","streetAddress":"K\u00f6hlergasse 16-18","postalCode":"99842","addressLocality":"Ruhla","addressCountry":"DE"}},"knowsAbout":["Religionsgeschichte","Mythologie","Mediale Praxis","Energetische Diagnostik","Schutzpraxis","Volksglauben","Westliche Esoterik"]},{"@type":"Article","@id":"https:\/\/iwell-guard.com\/ca\/belial\/#article","isPartOf":{"@id":"https:\/\/iwell-guard.com\/ca\/belial\/"},"author":{"name":"Ralf Ittermann","@id":"https:\/\/iwell-guard.com\/ca\/#\/schema\/person\/ee2a27f1cac3406c7c6fb5820cb7349f"},"headline":"Belial","datePublished":"2026-09-05T15:41:03+00:00","dateModified":"2026-09-05T16:03:06+00:00","mainEntityOfPage":{"@id":"https:\/\/iwell-guard.com\/ca\/belial\/"},"publisher":{"@id":"https:\/\/iwell-guard.com\/ca\/#organization"},"image":{"@id":"https:\/\/iwell-guard.com\/ca\/belial\/#primaryimage"},"thumbnailUrl":"https:\/\/iwell-guard.com\/wp-content\/uploads\/2026\/05\/daemonen_christentum_belial.webp","inLanguage":"ca","description":"Belial a la B\u00edblia hebrea, a Qumran i a la Goecia. Etimologia, rang de rei, sigil i situaci\u00f3 dins de la hist\u00f2ria de les religions."}]}},"_links":{"self":[{"href":"https:\/\/iwell-guard.com\/ca\/wp-json\/wp\/v2\/pages\/171635","targetHints":{"allow":["GET"]}}],"collection":[{"href":"https:\/\/iwell-guard.com\/ca\/wp-json\/wp\/v2\/pages"}],"about":[{"href":"https:\/\/iwell-guard.com\/ca\/wp-json\/wp\/v2\/types\/page"}],"author":[{"embeddable":true,"href":"https:\/\/iwell-guard.com\/ca\/wp-json\/wp\/v2\/users\/3"}],"replies":[{"embeddable":true,"href":"https:\/\/iwell-guard.com\/ca\/wp-json\/wp\/v2\/comments?post=171635"}],"version-history":[{"count":0,"href":"https:\/\/iwell-guard.com\/ca\/wp-json\/wp\/v2\/pages\/171635\/revisions"}],"wp:featuredmedia":[{"embeddable":true,"href":"https:\/\/iwell-guard.com\/ca\/wp-json\/wp\/v2\/media\/2428"}],"wp:attachment":[{"href":"https:\/\/iwell-guard.com\/ca\/wp-json\/wp\/v2\/media?parent=171635"}],"wp:term":[{"taxonomy":"category","embeddable":true,"href":"https:\/\/iwell-guard.com\/ca\/wp-json\/wp\/v2\/categories?post=171635"}],"curies":[{"name":"wp","href":"https:\/\/api.w.org\/{rel}","templated":true}]}}