{"id":171634,"date":"2026-09-05T15:41:01","date_gmt":"2026-09-05T15:41:01","guid":{"rendered":"https:\/\/iwell-guard.com\/?page_id=171634"},"modified":"2026-09-05T16:03:03","modified_gmt":"2026-09-05T16:03:03","slug":"bael","status":"publish","type":"page","link":"https:\/\/iwell-guard.com\/ca\/bael\/","title":{"rendered":"Bael"},"content":{"rendered":"\t\t<div data-elementor-type=\"wp-page\" data-elementor-id=\"171634\" class=\"elementor elementor-171634 elementor-2256 elementor-bc-flex-widget\" data-elementor-post-type=\"page\">\n\t\t\t\t<div class=\"elementor-element elementor-element-10fdade e-flex e-con-boxed e-con e-parent\" data-id=\"10fdade\" data-element_type=\"container\" data-e-type=\"container\" data-settings=\"{&quot;background_background&quot;:&quot;classic&quot;}\">\n\t\t\t\t\t<div class=\"e-con-inner\">\n\t\t<div class=\"elementor-element elementor-element-herohlft0 e-flex e-con-boxed e-con e-child\" data-id=\"herohlft0\" data-element_type=\"container\" data-e-type=\"container\">\n\t\t\t\t\t<div class=\"e-con-inner\">\n\t\t<div class=\"elementor-element elementor-element-c3ceb64 e-con-full e-flex e-con e-child\" data-id=\"c3ceb64\" data-element_type=\"container\" data-e-type=\"container\">\n\t\t\t\t<div class=\"elementor-element elementor-element-96ae5e1 elementor-widget elementor-widget-heading\" data-id=\"96ae5e1\" data-element_type=\"widget\" data-e-type=\"widget\" data-widget_type=\"heading.default\">\n\t\t\t\t\t<h1 class=\"elementor-heading-title elementor-size-default\">Bael, Primer Rei de la Goetia<\/h1>\t\t\t\t<\/div>\n\t\t\t\t<div class=\"elementor-element elementor-element-e45238a elementor-widget elementor-widget-text-editor\" data-id=\"e45238a\" data-element_type=\"widget\" data-e-type=\"widget\" data-widget_type=\"text-editor.default\">\n\t\t\t\t\t\t\t\t\t<p><strong>Bael \u00e9s el primer<\/strong> dels setanta-dos esperits de l&#8217;Ars Goetia, un llibre del Lemegeton que es documenta a partir del segle XVII i que va ser tradu\u00eft de nou al segle XIX per S. L. MacGregor Mathers.<\/p><p>Dins la jerarquia demon\u00edaca, Bael figura com a rei al capdavant del cat\u00e0leg i comanda seixanta-sis legions. El seu nom remet al d\u00e9u sem\u00edtic Baal, un antic d\u00e9u suprem de la regi\u00f3 sirocananea, que la demonologia cristiana va despla\u00e7ar al registre dels esperits caiguts. Com a Primer Rei, Bael forma part dels \u00e9ssers que la tradici\u00f3 reuneix sota el nom de 72 esperits de la Goetia.<\/p>\t\t\t\t\t\t\t\t<\/div>\n\t\t\t\t<\/div>\n\t\t<div class=\"elementor-element elementor-element-klsbdg01 e-con-full e-flex e-con e-parent\" data-id=\"klsbdg01\" data-element_type=\"container\" data-e-type=\"container\">\n\t\t\t\t<div class=\"elementor-element elementor-element-klshtm01 elementor-widget elementor-widget-html\" data-id=\"klshtm01\" data-element_type=\"widget\" data-e-type=\"widget\" data-widget_type=\"html.default\">\n\t\t\t\t\t<div class=\"iwg-pill-row\"><span class=\"iwg-klasse-badge\" tabindex=\"0\" data-tooltip=\"Daemon: \u00e9sser sobrenatural, sovint perjudicial, situat entre els d\u00e9us i els humans.\">Dimoni<\/span><a href=\"https:\/\/iwell-guard.com\/ca\/?page_id=171364\" class=\"iwg-kultur-badge\" tabindex=\"0\" data-tooltip=\"Tradici\u00f3 cristiana des del segle I dC.\">Cristianisme<\/a><\/div>\t\t\t\t<\/div>\n\t\t\t\t<\/div>\n\t\t<div class=\"elementor-element elementor-element-3f74855 e-con-full e-flex e-con e-child\" data-id=\"3f74855\" data-element_type=\"container\" data-e-type=\"container\">\n\t\t\t\t<div class=\"elementor-element elementor-element-1c30362 elementor-toc--minimized-on-tablet elementor-widget elementor-widget-table-of-contents\" data-id=\"1c30362\" data-element_type=\"widget\" data-e-type=\"widget\" data-settings=\"{&quot;exclude_headings_by_selector&quot;:[],&quot;no_headings_message&quot;:&quot;No s&#039;ha trobat cap encap\\u00e7alament en aquesta p\\u00e0gina.&quot;,&quot;headings_by_tags&quot;:[&quot;h2&quot;,&quot;h3&quot;],&quot;marker_view&quot;:&quot;bullets&quot;,&quot;minimize_box&quot;:&quot;yes&quot;,&quot;icon&quot;:{&quot;value&quot;:&quot;fas fa-circle&quot;,&quot;library&quot;:&quot;fa-solid&quot;,&quot;rendered_tag&quot;:&quot;&lt;svg class=\\&quot;e-font-icon-svg e-fas-circle\\&quot; viewBox=\\&quot;0 0 512 512\\&quot; xmlns=\\&quot;http:\\\/\\\/www.w3.org\\\/2000\\\/svg\\&quot;&gt;&lt;path d=\\&quot;M256 8C119 8 8 119 8 256s111 248 248 248 248-111 248-248S393 8 256 8z\\&quot;&gt;&lt;\\\/path&gt;&lt;\\\/svg&gt;&quot;},&quot;minimized_on&quot;:&quot;tablet&quot;,&quot;hierarchical_view&quot;:&quot;yes&quot;,&quot;min_height&quot;:{&quot;unit&quot;:&quot;px&quot;,&quot;size&quot;:&quot;&quot;,&quot;sizes&quot;:[]},&quot;min_height_tablet&quot;:{&quot;unit&quot;:&quot;px&quot;,&quot;size&quot;:&quot;&quot;,&quot;sizes&quot;:[]},&quot;min_height_mobile&quot;:{&quot;unit&quot;:&quot;px&quot;,&quot;size&quot;:&quot;&quot;,&quot;sizes&quot;:[]}}\" data-widget_type=\"table-of-contents.default\">\n\t\t\t\t\t\t\t\t\t<div class=\"elementor-toc__header\">\n\t\t\t\t\t\t<h2 class=\"elementor-toc__header-title\">\n\t\t\t\t\u00cdndex\t\t\t<\/h2>\n\t\t\t\t\t\t\t\t\t\t<div class=\"elementor-toc__toggle-button elementor-toc__toggle-button--expand\" role=\"button\" tabindex=\"0\" aria-controls=\"elementor-toc__1c30362\" aria-expanded=\"true\" aria-label=\"Open table of contents\"><svg aria-hidden=\"true\" class=\"e-font-icon-svg e-fas-chevron-down\" viewBox=\"0 0 448 512\" xmlns=\"http:\/\/www.w3.org\/2000\/svg\"><path d=\"M207.029 381.476L12.686 187.132c-9.373-9.373-9.373-24.569 0-33.941l22.667-22.667c9.357-9.357 24.522-9.375 33.901-.04L224 284.505l154.745-154.021c9.379-9.335 24.544-9.317 33.901.04l22.667 22.667c9.373 9.373 9.373 24.569 0 33.941L240.971 381.476c-9.373 9.372-24.569 9.372-33.942 0z\"><\/path><\/svg><\/div>\n\t\t\t\t<div class=\"elementor-toc__toggle-button elementor-toc__toggle-button--collapse\" role=\"button\" tabindex=\"0\" aria-controls=\"elementor-toc__1c30362\" aria-expanded=\"true\" aria-label=\"Close table of contents\"><svg aria-hidden=\"true\" class=\"e-font-icon-svg e-fas-chevron-up\" viewBox=\"0 0 448 512\" xmlns=\"http:\/\/www.w3.org\/2000\/svg\"><path d=\"M240.971 130.524l194.343 194.343c9.373 9.373 9.373 24.569 0 33.941l-22.667 22.667c-9.357 9.357-24.522 9.375-33.901.04L224 227.495 69.255 381.516c-9.379 9.335-24.544 9.317-33.901-.04l-22.667-22.667c-9.373-9.373-9.373-24.569 0-33.941L207.03 130.525c9.372-9.373 24.568-9.373 33.941-.001z\"><\/path><\/svg><\/div>\n\t\t\t\t\t<\/div>\n\t\t\t\t<div id=\"elementor-toc__1c30362\" class=\"elementor-toc__body\">\n\t\t\t<div class=\"elementor-toc__spinner-container\">\n\t\t\t\t<svg class=\"elementor-toc__spinner eicon-animation-spin e-font-icon-svg e-eicon-loading\" aria-hidden=\"true\" viewBox=\"0 0 1000 1000\" xmlns=\"http:\/\/www.w3.org\/2000\/svg\"><path d=\"M500 975V858C696 858 858 696 858 500S696 142 500 142 142 304 142 500H25C25 237 238 25 500 25S975 237 975 500 763 975 500 975Z\"><\/path><\/svg>\t\t\t<\/div>\n\t\t<\/div>\n\t\t\t\t\t\t<\/div>\n\t\t\t\t<\/div>\n\t\t\t\t\t<\/div>\n\t\t\t\t<\/div>\n\t\t<div class=\"elementor-element elementor-element-herorght0 e-con-full e-flex e-con e-child\" data-id=\"herorght0\" data-element_type=\"container\" data-e-type=\"container\">\n\t\t\t\t<div class=\"elementor-element elementor-element-heroimg00 iwg-hero-image elementor-widget elementor-widget-image\" data-id=\"heroimg00\" data-element_type=\"widget\" data-e-type=\"widget\" data-widget_type=\"image.default\">\n\t\t\t\t\t\t\t\t\t\t\t\t\t\t\t<img fetchpriority=\"high\" decoding=\"async\" width=\"683\" height=\"1024\" src=\"https:\/\/iwell-guard.com\/wp-content\/uploads\/2026\/05\/daemonen_christentum_bael-683x1024.webp\" class=\"attachment-large size-large wp-image-173629\" alt=\"Bael, dimoni de la tradici\u00f3 cristiano-ocultista de la Go\u00e8tia\" srcset=\"https:\/\/iwell-guard.com\/wp-content\/uploads\/2026\/05\/daemonen_christentum_bael-683x1024.webp 683w, https:\/\/iwell-guard.com\/wp-content\/uploads\/2026\/05\/daemonen_christentum_bael-200x300.webp 200w, https:\/\/iwell-guard.com\/wp-content\/uploads\/2026\/05\/daemonen_christentum_bael-768x1152.webp 768w, https:\/\/iwell-guard.com\/wp-content\/uploads\/2026\/05\/daemonen_christentum_bael.webp 1024w\" sizes=\"(max-width: 683px) 100vw, 683px\" \/>\t\t\t\t\t\t\t\t\t\t\t\t\t\t\t<\/div>\n\t\t\t\t<\/div>\n\t\t\t\t\t<\/div>\n\t\t\t\t<\/div>\n\t\t<div class=\"elementor-element elementor-element-32917199 e-flex e-con-boxed e-con e-parent\" data-id=\"32917199\" data-element_type=\"container\" data-e-type=\"container\">\n\t\t\t\t\t<div class=\"e-con-inner\">\n\t\t<div class=\"elementor-element elementor-element-26e916cb e-flex e-con-boxed e-con e-child\" data-id=\"26e916cb\" data-element_type=\"container\" data-e-type=\"container\">\n\t\t\t\t\t<div class=\"e-con-inner\">\n\t\t<div class=\"elementor-element elementor-element-253a40d4 e-flex e-con-boxed e-con e-child\" data-id=\"253a40d4\" data-element_type=\"container\" data-e-type=\"container\">\n\t\t\t\t\t<div class=\"e-con-inner\">\n\t\t\t\t<div class=\"elementor-element elementor-element-1200c304 elementor-widget elementor-widget-heading\" data-id=\"1200c304\" data-element_type=\"widget\" data-e-type=\"widget\" data-widget_type=\"heading.default\">\n\t\t\t\t\t<h2 class=\"elementor-heading-title elementor-size-default\">Bael<\/h2>\t\t\t\t<\/div>\n\t\t\t\t<div class=\"elementor-element elementor-element-11758e7f elementor-widget elementor-widget-text-editor\" data-id=\"11758e7f\" data-element_type=\"widget\" data-e-type=\"widget\" data-widget_type=\"text-editor.default\">\n\t\t\t\t\t\t\t\t\t<p><strong>Bael \u00e9s el primer<\/strong> dels setanta-dos esperits de l&#8217;Ars Goetia, un llibre del Lemegeton que es documenta a partir del segle XVII i que va ser tradu\u00eft de nou al segle XIX per S. L. MacGregor Mathers.<\/p><p>Dins la jerarquia demon\u00edaca, Bael figura com a rei al capdavant del cat\u00e0leg i comanda seixanta-sis legions. El seu nom remet al d\u00e9u sem\u00edtic Baal, un antic d\u00e9u suprem de la regi\u00f3 sirocananea, que la demonologia cristiana va despla\u00e7ar al registre dels esperits caiguts.<\/p>\t\t\t\t\t\t\t\t<\/div>\n\t\t\t\t\t<\/div>\n\t\t\t\t<\/div>\n\t\t<div class=\"elementor-element elementor-element-159dcf9a e-flex e-con-boxed e-con e-child\" data-id=\"159dcf9a\" data-element_type=\"container\" data-e-type=\"container\">\n\t\t\t\t\t<div class=\"e-con-inner\">\n\t\t\t\t<div class=\"elementor-element elementor-element-48cee66f elementor-widget elementor-widget-heading\" data-id=\"48cee66f\" data-element_type=\"widget\" data-e-type=\"widget\" data-widget_type=\"heading.default\">\n\t\t\t\t\t<h2 class=\"elementor-heading-title elementor-size-default\">Resum r\u00e0pid: Bael<\/h2>\t\t\t\t<\/div>\n\t\t\t\t<div class=\"elementor-element elementor-element-3f50d82c elementor-widget elementor-widget-text-editor\" data-id=\"3f50d82c\" data-element_type=\"widget\" data-e-type=\"widget\" data-widget_type=\"text-editor.default\">\n\t\t\t\t\t\t\t\t\t<p><span data-nosnippet><strong>Tipus:<\/strong> <span class=\"iwg-fachbegriff\" data-tooltip=\"\u00c9sser espiritual al qual s'atribueix un efecte perjudicial o ambivalent.\" tabindex=\"0\">Dimoni<\/span>, rei de l&#8217;Ars Goetia<br><strong>Origen:<\/strong> Regi\u00f3 sem\u00edtica occidental, derivat del nom del d\u00e9u Baal<br><strong>Rang:<\/strong> Primer dels 72 esperits, rei sobre 66 legions<br><strong>Fonts:<\/strong> Pseudomonarchia Daemonum (1577), Ars Goetia, Dictionnaire infernal<br><strong>Relacionat:<\/strong> Beelzebub, Paimon, Belial, Asmodai<\/span><\/p>\t\t\t\t\t\t\t\t<\/div>\n\t\t\t\t\t<\/div>\n\t\t\t\t<\/div>\n\t\t\t\t\t<\/div>\n\t\t\t\t<\/div>\n\t\t\t\t\t<\/div>\n\t\t\t\t<\/div>\n\t\t<div class=\"elementor-element elementor-element-18613602 e-flex e-con-boxed e-con e-parent\" data-id=\"18613602\" data-element_type=\"container\" data-e-type=\"container\">\n\t\t\t\t\t<div class=\"e-con-inner\">\n\t\t\t\t<div class=\"elementor-element elementor-element-262b8a9f elementor-widget elementor-widget-heading\" data-id=\"262b8a9f\" data-element_type=\"widget\" data-e-type=\"widget\" data-widget_type=\"heading.default\">\n\t\t\t\t\t<h2 class=\"elementor-heading-title elementor-size-default\">Introducci\u00f3<\/h2>\t\t\t\t<\/div>\n\t\t<div class=\"elementor-element elementor-element-46dcb7d e-con-full e-flex e-con e-child\" data-id=\"46dcb7d\" data-element_type=\"container\" data-e-type=\"container\">\n\t\t<div class=\"elementor-element elementor-element-61d3ab3 e-flex e-con-boxed e-con e-child\" data-id=\"61d3ab3\" data-element_type=\"container\" data-e-type=\"container\">\n\t\t\t\t\t<div class=\"e-con-inner\">\n\t\t\t\t<div class=\"elementor-element elementor-element-117c166 elementor-widget elementor-widget-heading\" data-id=\"117c166\" data-element_type=\"widget\" data-e-type=\"widget\" data-widget_type=\"heading.default\">\n\t\t\t\t\t<div class=\"elementor-heading-title elementor-size-default\">Per\u00edode dels textos<\/div>\t\t\t\t<\/div>\n\t\t\t\t<div class=\"elementor-element elementor-element-73997a0 elementor-widget elementor-widget-text-editor\" data-id=\"73997a0\" data-element_type=\"widget\" data-e-type=\"widget\" data-widget_type=\"text-editor.default\">\n\t\t\t\t\t\t\t\t\t<p>Les fonts determinants provenen de l&#8217;edat moderna primerenca. La Pseudomonarchia Daemonum va apar\u00e8ixer el 1577 com a annex a l&#8217;obra De praestigiis daemonum de Johann Weyer. La <span class=\"iwg-fachbegriff\" data-tooltip=\"La transmissi\u00f3 de coneixement i relats a trav\u00e9s de generacions.\" tabindex=\"0\">transmissi\u00f3<\/span> manuscrita del Lemegeton nom\u00e9s es fa palpable al segle XVII, encara que les seves fonts es remunten en part a \u00e8poques anteriors.<\/p><p>El Dictionnaire infernal de Collin de Plancy va apar\u00e8ixer el 1818, i la seva influent edici\u00f3 il\u00b7lustrada el va seguir el 1863. El rerefons historicoreligi\u00f3s del nom es remunta fins al segon mil\u00b7lenni abans de Crist.<\/p>\t\t\t\t\t\t\t\t<\/div>\n\t\t\t\t\t<\/div>\n\t\t\t\t<\/div>\n\t\t<div class=\"elementor-element elementor-element-d47b156 e-flex e-con-boxed e-con e-child\" data-id=\"d47b156\" data-element_type=\"container\" data-e-type=\"container\">\n\t\t\t\t\t<div class=\"e-con-inner\">\n\t\t\t\t<div class=\"elementor-element elementor-element-ff38c2b elementor-widget elementor-widget-heading\" data-id=\"ff38c2b\" data-element_type=\"widget\" data-e-type=\"widget\" data-widget_type=\"heading.default\">\n\t\t\t\t\t<div class=\"elementor-heading-title elementor-size-default\">\u00c0rea de difusi\u00f3<\/div>\t\t\t\t<\/div>\n\t\t\t\t<div class=\"elementor-element elementor-element-4e49fcc elementor-widget elementor-widget-text-editor\" data-id=\"4e49fcc\" data-element_type=\"widget\" data-e-type=\"widget\" data-widget_type=\"text-editor.default\">\n\t\t\t\t\t\t\t\t\t<p><span data-nosnippet>El nom Bael remet a la regi\u00f3 sem\u00edtica occidental, \u00e9s a dir, S\u00edria, Fen\u00edcia i l&#8217;antic Israel, on el nom div\u00ed Baal era com\u00fa. La figura demonol\u00f2gica de Bael, en canvi, \u00e9s un producte de la tradici\u00f3 grimoire de l&#8217;Europa occidental, transmesa sobretot a Fran\u00e7a, Anglaterra i l&#8217;\u00e0rea de parla alemanya. A trav\u00e9s de l&#8217;edici\u00f3 anglesa de la Goetia de 1904, la figura va assolir un p\u00fablic internacional.<\/span><\/p>\t\t\t\t\t\t\t\t<\/div>\n\t\t\t\t\t<\/div>\n\t\t\t\t<\/div>\n\t\t\t\t<\/div>\n\t\t<div class=\"elementor-element elementor-element-db03c39 e-con-full e-flex e-con e-child\" data-id=\"db03c39\" data-element_type=\"container\" data-e-type=\"container\">\n\t\t<div class=\"elementor-element elementor-element-229a87b e-flex e-con-boxed e-con e-child\" data-id=\"229a87b\" data-element_type=\"container\" data-e-type=\"container\">\n\t\t\t\t\t<div class=\"e-con-inner\">\n\t\t\t\t<div class=\"elementor-element elementor-element-1f471fc elementor-widget elementor-widget-heading\" data-id=\"1f471fc\" data-element_type=\"widget\" data-e-type=\"widget\" data-widget_type=\"heading.default\">\n\t\t\t\t\t<div class=\"elementor-heading-title elementor-size-default\">Estat de les fonts<\/div>\t\t\t\t<\/div>\n\t\t\t\t<div class=\"elementor-element elementor-element-36b1201 elementor-widget elementor-widget-text-editor\" data-id=\"36b1201\" data-element_type=\"widget\" data-e-type=\"widget\" data-widget_type=\"text-editor.default\">\n\t\t\t\t\t\t\t\t\t<p>Els textos centrals s\u00f3n la Pseudomonarchia Daemonum de Johann Weyer, l&#8217;Ars Goetia com a primer llibre del Lemegeton, i el Dictionnaire infernal. Weyer va adoptar una llista m\u00e9s antiga i la va reordenar.<\/p><p>Si la llista de la Goetia prov\u00e9 d&#8217;un nucli hist\u00f2ric unitari o va ser compilada a partir de diverses fonts \u00e9s una q\u00fcesti\u00f3 oberta en la recerca. Joseph Peterson, editor d&#8217;una edici\u00f3 comentada, s&#8217;inclina per la tesi de la compilaci\u00f3 i remet a llistes d&#8217;esperits \u00e0rabs i jueus m\u00e9s antigues.<\/p>\t\t\t\t\t\t\t\t<\/div>\n\t\t\t\t\t<\/div>\n\t\t\t\t<\/div>\n\t\t\t\t<\/div>\n\t\t\t\t\t<\/div>\n\t\t\t\t<\/div>\n\t\t<div class=\"elementor-element elementor-element-3ae0637c e-flex e-con-boxed e-con e-parent\" data-id=\"3ae0637c\" data-element_type=\"container\" data-e-type=\"container\">\n\t\t\t\t\t<div class=\"e-con-inner\">\n\t\t\t\t<div class=\"elementor-element elementor-element-31d07739 elementor-widget elementor-widget-heading\" data-id=\"31d07739\" data-element_type=\"widget\" data-e-type=\"widget\" data-widget_type=\"heading.default\">\n\t\t\t\t\t<h2 class=\"elementor-heading-title elementor-size-default\">Nom<\/h2>\t\t\t\t<\/div>\n\t\t<div class=\"elementor-element elementor-element-b7642947 e-con-full e-flex e-con e-child\" data-id=\"b7642947\" data-element_type=\"container\" data-e-type=\"container\">\n\t\t\t\t<div class=\"elementor-element elementor-element-a086266 elementor-widget elementor-widget-text-editor\" data-id=\"a086266\" data-element_type=\"widget\" data-e-type=\"widget\" data-widget_type=\"text-editor.default\">\n\t\t\t\t\t\t\t\t\t<p>El nom Bael \u00e9s una de les moltes variants ortogr\u00e0fiques del mot sem\u00edtic ba\u02bfal, que simplement significa senyor o propietari. A la regi\u00f3 sem\u00edtica occidental, ba\u02bfal no era un nom propi, sin\u00f3 un t\u00edtol atribu\u00eft a diverses divinitats locals.<\/p><p>El m\u00e9s conegut \u00e9s el d\u00e9u ugar\u00edtic de la tempesta Ba\u02bfal, els mites del qual es conserven a les tauletes d&#8217;argila de Ras Shamra. A m\u00e9s, hi havia el Ba\u02bfal de Tir, el Ba\u02bfal-Hammon de Cartago i nombroses divinitats locals, cadascuna considerada senyora del seu lloc de culte.<\/p><p>En la tradici\u00f3 grimoire, la figura apareix com Bael; en la cultura popular, tamb\u00e9 com Baal o Bhaal. Una etapa interm\u00e8dia estretament relacionada \u00e9s Beelzebub, el nom del qual apareix com ba\u02bfal z\u0259b\u00fbb, senyor de les mosques, al segon llibre dels Reis. Aquestes variants ortogr\u00e0fiques amaguen el fet que darrere seu s&#8217;hi amaguen diverses l\u00ednies de transmissi\u00f3 separades: el d\u00e9u de la tempesta de l&#8217;<span class=\"iwg-fachbegriff\" data-tooltip=\"\u00c8poca de la cultura grega i romana, aproximadament del 800 aC al 600 dC.\" tabindex=\"0\">antiguitat<\/span>, la pol\u00e8mica b\u00edblica i el pr\u00edncep infernal de l&#8217;edat moderna primerenca.<\/p>\t\t\t\t\t\t\t\t<\/div>\n\t\t\t\t<\/div>\n\t\t\t\t\t<\/div>\n\t\t\t\t<\/div>\n\t\t<div class=\"elementor-element elementor-element-709a44a8 e-flex e-con-boxed e-con e-parent\" data-id=\"709a44a8\" data-element_type=\"container\" data-e-type=\"container\">\n\t\t\t\t\t<div class=\"e-con-inner\">\n\t\t\t\t<div class=\"elementor-element elementor-element-2f585873 elementor-widget elementor-widget-heading\" data-id=\"2f585873\" data-element_type=\"widget\" data-e-type=\"widget\" data-widget_type=\"heading.default\">\n\t\t\t\t\t<h2 class=\"elementor-heading-title elementor-size-default\">Descripci\u00f3<\/h2>\t\t\t\t<\/div>\n\t\t<div class=\"elementor-element elementor-element-70621c12 e-con-full e-flex e-con e-child\" data-id=\"70621c12\" data-element_type=\"container\" data-e-type=\"container\">\n\t\t\t\t<div class=\"elementor-element elementor-element-4296eb49 elementor-widget elementor-widget-text-editor\" data-id=\"4296eb49\" data-element_type=\"widget\" data-e-type=\"widget\" data-widget_type=\"text-editor.default\">\n\t\t\t\t\t\t\t\t\t<p>La tradici\u00f3 iconogr\u00e0fica de Bael \u00e9s notable. Segons l&#8217;Ars Goetia, apareix amb tres caps, en una variant amb un cap de gripau, un cap hum\u00e0 i un cap de gat, sostinguts per potes d&#8217;aranya. Tamb\u00e9 hi ha representacions amb dos caps d&#8217;animal en lloc de tres. El text del Lemegeton parla d&#8217;una veu rasposa i ronca.<\/p><p><span data-nosnippet>La capacitat que els textos li atribueixen \u00e9s la d&#8217;atorgar invisibilitat a qui el convoca, a m\u00e9s d&#8217;ast\u00facia. La forma h\u00edbrida home-animal no \u00e9s inusual en el material grimoire de l&#8217;Europa occidental, per\u00f2 la combinaci\u00f3 home-gat-gripau \u00e9s exclusiva de Bael. Va ser fixada iconogr\u00e0ficament per Collin de Plancy en l&#8217;edici\u00f3 il\u00b7lustrada del Dictionnaire infernal de 1863.<\/span><\/p><p>Aquesta il\u00b7lustraci\u00f3 determina encara avui la imatge popular de Bael. Fonts m\u00e9s antigues, com el Munich Handbook of Necromancy del segle XV, no ofereixen imatges i transmeten la descripci\u00f3 nom\u00e9s amb paraules. La iconografia del cap de gripau no t\u00e9 res a veure amb el d\u00e9u hist\u00f2ric de la tempesta Baal, sin\u00f3 que \u00e9s un producte propi de l&#8217;imaginari del final de l&#8217;edat mitjana i de l&#8217;edat moderna primerenca.<\/p>\t\t\t\t\t\t\t\t<\/div>\n\t\t\t\t<\/div>\n\t\t\t\t\t<\/div>\n\t\t\t\t<\/div>\n\t\t<div class=\"elementor-element elementor-element-44e71476 e-flex e-con-boxed e-con e-parent\" data-id=\"44e71476\" data-element_type=\"container\" data-e-type=\"container\">\n\t\t\t\t\t<div class=\"e-con-inner\">\n\t\t\t\t<div class=\"elementor-element elementor-element-3c1fc3f0 elementor-widget elementor-widget-heading\" data-id=\"3c1fc3f0\" data-element_type=\"widget\" data-e-type=\"widget\" data-widget_type=\"heading.default\">\n\t\t\t\t\t<h2 class=\"elementor-heading-title elementor-size-default\">Fitxa: Bael<\/h2>\t\t\t\t<\/div>\n\t\t<div class=\"elementor-element elementor-element-84f33b8e e-con-full e-flex e-con e-child\" data-id=\"84f33b8e\" data-element_type=\"container\" data-e-type=\"container\">\n\t\t\t\t<div class=\"elementor-element elementor-element-hqkdc67p elementor-widget elementor-widget-text-editor\" data-id=\"hqkdc67p\" data-element_type=\"widget\" data-e-type=\"widget\" data-widget_type=\"text-editor.default\">\n\t\t\t\t\t\t\t\t\t<p>Els camps seg\u00fcents resumeixen les dades m\u00e9s importants de les fonts sobre Bael.<\/p>\t\t\t\t\t\t\t\t<\/div>\n\t\t\t\t<\/div>\n\t\t<div class=\"elementor-element elementor-element-pemmx7c5 e-con-full e-flex e-con e-child\" data-id=\"pemmx7c5\" data-element_type=\"container\" data-e-type=\"container\">\n\t\t<div class=\"elementor-element elementor-element-pemmx7c1 e-con-full e-flex e-con e-child\" data-id=\"pemmx7c1\" data-element_type=\"container\" data-e-type=\"container\">\n\t\t<div class=\"elementor-element elementor-element-qh9oavvu iwg-steckbrief-card e-flex e-con-boxed e-con e-child\" data-id=\"qh9oavvu\" data-element_type=\"container\" data-e-type=\"container\">\n\t\t\t\t\t<div class=\"e-con-inner\">\n\t\t\t\t<div class=\"elementor-element elementor-element-awzx8k2k elementor-widget elementor-widget-heading\" data-id=\"awzx8k2k\" data-element_type=\"widget\" data-e-type=\"widget\" data-widget_type=\"heading.default\">\n\t\t\t\t\t<div class=\"elementor-heading-title elementor-size-default\">Origen<\/div>\t\t\t\t<\/div>\n\t\t\t\t<div class=\"elementor-element elementor-element-x6rowhv0 elementor-widget elementor-widget-text-editor\" data-id=\"x6rowhv0\" data-element_type=\"widget\" data-e-type=\"widget\" data-widget_type=\"text-editor.default\">\n\t\t\t\t\t\t\t\t\t<p>El nom deriva del sem\u00edtic Baal, un dels noms divins m\u00e9s importants de la regi\u00f3 sirocananea. Baal significa senyor i designava tant Hadad, el d\u00e9u de la tempesta i del temps, com diverses divinitats protectores locals. La demonologia cristiana va despla\u00e7ar aquest antic d\u00e9u suprem al registre dels esperits caiguts. Del Lemegeton ja no es pot recon\u00e8ixer cap funci\u00f3 relacionada amb la tempesta o la fertilitat.<\/p>\t\t\t\t\t\t\t\t<\/div>\n\t\t\t\t\t<\/div>\n\t\t\t\t<\/div>\n\t\t<div class=\"elementor-element elementor-element-8e3o4kxs iwg-steckbrief-card e-flex e-con-boxed e-con e-child\" data-id=\"8e3o4kxs\" data-element_type=\"container\" data-e-type=\"container\">\n\t\t\t\t\t<div class=\"e-con-inner\">\n\t\t\t\t<div class=\"elementor-element elementor-element-08rkdgov elementor-widget elementor-widget-heading\" data-id=\"08rkdgov\" data-element_type=\"widget\" data-e-type=\"widget\" data-widget_type=\"heading.default\">\n\t\t\t\t\t<div class=\"elementor-heading-title elementor-size-default\">Rang i funci\u00f3<\/div>\t\t\t\t<\/div>\n\t\t\t\t<div class=\"elementor-element elementor-element-uwjelx8s elementor-widget elementor-widget-text-editor\" data-id=\"uwjelx8s\" data-element_type=\"widget\" data-e-type=\"widget\" data-widget_type=\"text-editor.default\">\n\t\t\t\t\t\t\t\t\t<p>Bael \u00e9s rei i ocupa el primer lloc del cat\u00e0leg de la Goetia. Sota el seu comandament hi ha seixanta-sis legions. Segons la Pseudomonarchia Daemonum, governa la part oriental del regne infernal. El rei se situa a la jerarquia de la Goetia per damunt dels ducs, marquesos, comtes, presidents i cavallers que apareixen m\u00e9s endavant.<\/p>\t\t\t\t\t\t\t\t<\/div>\n\t\t\t\t\t<\/div>\n\t\t\t\t<\/div>\n\t\t<div class=\"elementor-element elementor-element-jm2n74ec iwg-steckbrief-card e-flex e-con-boxed e-con e-child\" data-id=\"jm2n74ec\" data-element_type=\"container\" data-e-type=\"container\">\n\t\t\t\t\t<div class=\"e-con-inner\">\n\t\t\t\t<div class=\"elementor-element elementor-element-8vufse4c elementor-widget elementor-widget-heading\" data-id=\"8vufse4c\" data-element_type=\"widget\" data-e-type=\"widget\" data-widget_type=\"heading.default\">\n\t\t\t\t\t<div class=\"elementor-heading-title elementor-size-default\">Aparen\u00e7a<\/div>\t\t\t\t<\/div>\n\t\t\t\t<div class=\"elementor-element elementor-element-mwb9u015 elementor-widget elementor-widget-text-editor\" data-id=\"mwb9u015\" data-element_type=\"widget\" data-e-type=\"widget\" data-widget_type=\"text-editor.default\">\n\t\t\t\t\t\t\t\t\t<p><span data-nosnippet>Segons l&#8217;Ars Goetia, Bael apareix amb tres caps, un cap de gripau, un cap hum\u00e0 i un cap de gat, sostinguts per potes d&#8217;aranya. La seva veu es descriu com a rasposa i ronca. Tamb\u00e9 hi ha representacions amb dos caps en lloc de tres. La imatge actualment m\u00e9s coneguda prov\u00e9 del Dictionnaire infernal de 1863.<\/span><\/p>\t\t\t\t\t\t\t\t<\/div>\n\t\t\t\t\t<\/div>\n\t\t\t\t<\/div>\n\t\t\t\t<\/div>\n\t\t<div class=\"elementor-element elementor-element-pemmx7c2 e-con-full e-flex e-con e-child\" data-id=\"pemmx7c2\" data-element_type=\"container\" data-e-type=\"container\">\n\t\t<div class=\"elementor-element elementor-element-37ss2yr6 iwg-steckbrief-card e-flex e-con-boxed e-con e-child\" data-id=\"37ss2yr6\" data-element_type=\"container\" data-e-type=\"container\">\n\t\t\t\t\t<div class=\"e-con-inner\">\n\t\t\t\t<div class=\"elementor-element elementor-element-3v0wp3wx elementor-widget elementor-widget-heading\" data-id=\"3v0wp3wx\" data-element_type=\"widget\" data-e-type=\"widget\" data-widget_type=\"heading.default\">\n\t\t\t\t\t<div class=\"elementor-heading-title elementor-size-default\">Invocaci\u00f3 ritual<\/div>\t\t\t\t<\/div>\n\t\t\t\t<div class=\"elementor-element elementor-element-w3247g2m elementor-widget elementor-widget-text-editor\" data-id=\"w3247g2m\" data-element_type=\"widget\" data-e-type=\"widget\" data-widget_type=\"text-editor.default\">\n\t\t\t\t\t\t\t\t\t<p>En el context ritual de la Goetia, Bael \u00e9s invocat tenint en compte correspond\u00e8ncies astrol\u00f2giques, normalment relacionades amb el Sol i l&#8217;element foc. La <span class=\"iwg-fachbegriff\" data-tooltip=\"L'adre\u00e7ar-se suplicant o conjurant a una divinitat o poder.\" tabindex=\"0\">invocaci\u00f3<\/span> segueix les indicacions dels textos salom\u00f2nics. iWell Guard segueix la descripci\u00f3 des de la ci\u00e8ncia de la religi\u00f3 i s&#8217;abst\u00e9 de donar instruccions per a una <span class=\"iwg-fachbegriff\" data-tooltip=\"Un ritual ling\u00fc\u00edstic destinat a convocar o vincular un poder.\" tabindex=\"0\">evocaci\u00f3<\/span>.<\/p>\t\t\t\t\t\t\t\t<\/div>\n\t\t\t\t\t<\/div>\n\t\t\t\t<\/div>\n\t\t<div class=\"elementor-element elementor-element-0qpjal9w iwg-steckbrief-card e-flex e-con-boxed e-con e-child\" data-id=\"0qpjal9w\" data-element_type=\"container\" data-e-type=\"container\">\n\t\t\t\t\t<div class=\"e-con-inner\">\n\t\t\t\t<div class=\"elementor-element elementor-element-6ndoih0o elementor-widget elementor-widget-heading\" data-id=\"6ndoih0o\" data-element_type=\"widget\" data-e-type=\"widget\" data-widget_type=\"heading.default\">\n\t\t\t\t\t<div class=\"elementor-heading-title elementor-size-default\">Segell i s\u00edmbols<\/div>\t\t\t\t<\/div>\n\t\t\t\t<div class=\"elementor-element elementor-element-6684tyh9 elementor-widget elementor-widget-text-editor\" data-id=\"6684tyh9\" data-element_type=\"widget\" data-e-type=\"widget\" data-widget_type=\"text-editor.default\">\n\t\t\t\t\t\t\t\t\t<p><span data-nosnippet>Bael apareix al Lemegeton amb un segell propi, un dibuix geom\u00e8tric fet de l\u00ednies i cercles, que es reprodueix a les edicions modernes de grimoris. El segell serveix com a \u00e0ncora de la <span class=\"iwg-fachbegriff\" data-tooltip=\"L'adre\u00e7ar-se suplicant o conjurant a una divinitat o poder.\" tabindex=\"0\">invocaci\u00f3<\/span> i, dins la <span class=\"iwg-fachbegriff\" data-tooltip=\"Pr\u00e0ctiques que pretenen intervenir en el curs de les coses mitjan\u00e7ant accions o f\u00f3rmules especials.\" tabindex=\"0\">m\u00e0gia<\/span> ceremonial, es tra\u00e7a tradicionalment sobre pergam\u00ed o metall. L&#8217;edici\u00f3 d&#8217;Aleister Crowley de 1904 va traslladar el segell a una lectura moderna i ocultista.<\/span><\/p>\t\t\t\t\t\t\t\t<\/div>\n\t\t\t\t\t<\/div>\n\t\t\t\t<\/div>\n\t\t<div class=\"elementor-element elementor-element-3lfi7x32 iwg-steckbrief-card e-flex e-con-boxed e-con e-child\" data-id=\"3lfi7x32\" data-element_type=\"container\" data-e-type=\"container\">\n\t\t\t\t\t<div class=\"e-con-inner\">\n\t\t\t\t<div class=\"elementor-element elementor-element-0kg99ga1 elementor-widget elementor-widget-heading\" data-id=\"0kg99ga1\" data-element_type=\"widget\" data-e-type=\"widget\" data-widget_type=\"heading.default\">\n\t\t\t\t\t<div class=\"elementor-heading-title elementor-size-default\">Esperits relacionats<\/div>\t\t\t\t<\/div>\n\t\t\t\t<div class=\"elementor-element elementor-element-n0fum6kp elementor-widget elementor-widget-text-editor\" data-id=\"n0fum6kp\" data-element_type=\"widget\" data-e-type=\"widget\" data-widget_type=\"text-editor.default\">\n\t\t\t\t\t\t\t\t\t<p>Dins el Lemegeton, Bael obre una s\u00e8rie de reis entre els quals hi ha Paimon com a nov\u00e8 <span class=\"iwg-fachbegriff\" data-tooltip=\"Un \u00e9sser sense cos al qual s'atribueix acci\u00f3 en el m\u00f3n.\" tabindex=\"0\">esperit<\/span>, Asmodai com a trenta-dos\u00e8 <span class=\"iwg-fachbegriff\" data-tooltip=\"Un \u00e9sser sense cos al qual s'atribueix acci\u00f3 en el m\u00f3n.\" tabindex=\"0\">esperit<\/span> i Belial com a seixanta-vuit\u00e8 <span class=\"iwg-fachbegriff\" data-tooltip=\"Un \u00e9sser sense cos al qual s'atribueix acci\u00f3 en el m\u00f3n.\" tabindex=\"0\">esperit<\/span>. Tamb\u00e9 hi \u00e9s estretament relacionat Beelzebub, que, com Bael, prov\u00e9 del nom div\u00ed Baal. Les difer\u00e8ncies entre els reis s\u00f3n m\u00ednimes en el text original.<\/p>\t\t\t\t\t\t\t\t<\/div>\n\t\t\t\t\t<\/div>\n\t\t\t\t<\/div>\n\t\t\t\t<\/div>\n\t\t\t\t<\/div>\n\t\t\t\t\t<\/div>\n\t\t\t\t<\/div>\n\t\t<div class=\"elementor-element elementor-element-7533bc7a e-flex e-con-boxed e-con e-parent\" data-id=\"7533bc7a\" data-element_type=\"container\" data-e-type=\"container\">\n\t\t\t\t\t<div class=\"e-con-inner\">\n\t\t\t\t<div class=\"elementor-element elementor-element-2447d18d elementor-widget elementor-widget-heading\" data-id=\"2447d18d\" data-element_type=\"widget\" data-e-type=\"widget\" data-widget_type=\"heading.default\">\n\t\t\t\t\t<h2 class=\"elementor-heading-title elementor-size-default\">Recepci\u00f3 i hist\u00f2ria de la influ\u00e8ncia<\/h2>\t\t\t\t<\/div>\n\t\t<div class=\"elementor-element elementor-element-d5d0260c e-con-full e-flex e-con e-child\" data-id=\"d5d0260c\" data-element_type=\"container\" data-e-type=\"container\">\n\t\t\t\t<div class=\"elementor-element elementor-element-341be2ac elementor-widget elementor-widget-text-editor\" data-id=\"341be2ac\" data-element_type=\"widget\" data-e-type=\"widget\" data-widget_type=\"text-editor.default\">\n\t\t\t\t\t\t\t\t\t<p>\u00c9s important per situar-lo el fet que Johann Weyer no volia escriure un llibre d&#8217;evocacions. Era metge i deixeble de Heinrich Cornelius Agrippa von Nettesheim, i perseguia un objectiu il\u00b7lustrat: volia demostrar com d&#8217;absurdes i contradict\u00f2ries eren les idees dels mags, per tal de treure fonament a la persecuci\u00f3 de bruixes.<\/p><p>El fet que el seu cat\u00e0leg fos llegit m\u00e9s tard com una guia pr\u00e0ctica anava en contra de la seva intenci\u00f3. Owen Davies ha assenyalat aquest gir de la pol\u00e8mica cap al manual d&#8217;\u00fas com un tret t\u00edpic de la hist\u00f2ria de la influ\u00e8ncia d&#8217;aquest tipus de textos.<\/p><p><span data-nosnippet>Amb la redescoberta dels grimoris per part dels corrents ocultistes del segle XIX, Bael va tornar a l&#8217;imaginari popular. Un paper clau el va exercir Samuel Liddell MacGregor Mathers, que el 1904 va publicar una edici\u00f3 anglesa del Lemegeton titulada The Goetia, en la qual tamb\u00e9 va participar Aleister Crowley.<\/span><\/p><p>Aquesta edici\u00f3 va posar el cat\u00e0leg dels 72 esperits a l&#8217;abast d&#8217;un p\u00fablic m\u00e9s ampli i es va convertir en la base de gaireb\u00e9 totes les refer\u00e8ncies posteriors. Crowley va interpretar els esperits com a aspectes de la pr\u00f2pia consci\u00e8ncia, una lectura psicologitzant que difereix profundament de l&#8217;antiga tradici\u00f3 ceremonial.<\/p><p>En la literatura de fantasia, els jocs de rol i els videojocs, el nom apareix en innombrables variants gr\u00e0fiques, sovint com a Baal o Bhaal.<\/p><p>En aix\u00f2 sovint es confonen dues tradicions separades: el d\u00e9u del temps <span class=\"iwg-fachbegriff\" data-tooltip=\"\u00c8poca de la cultura grega i romana, aproximadament del 800 aC al 600 dC.\" tabindex=\"0\">antic<\/span> i el <span class=\"iwg-fachbegriff\" data-tooltip=\"\u00c9sser espiritual al qual s'atribueix un efecte nociu o ambigu.\" tabindex=\"0\">dimoni<\/span> dels grimoris. Aquesta barreja no \u00e9s un error de transmissi\u00f3, sin\u00f3 un proc\u00e9s t\u00edpic d&#8217;apropiaci\u00f3 cultural popular, en el qual un nom sonor es desvincula dels seus significats hist\u00f2rics. Ja el Paradise Lost de John Milton presenta Baal com a <span class=\"iwg-fachbegriff\" data-tooltip=\"En les religions abra\u00e0miques, un \u00e9sser celestial missatger de D\u00e9u.\" tabindex=\"0\">\u00e0ngel<\/span> caigut, encara que sense l&#8217;aspecte dels tres caps.<\/p>\t\t\t\t\t\t\t\t<\/div>\n\t\t\t\t<\/div>\n\t\t\t\t\t<\/div>\n\t\t\t\t<\/div>\n\t\t<div class=\"elementor-element elementor-element-5a584676 e-flex e-con-boxed e-con e-parent\" data-id=\"5a584676\" data-element_type=\"container\" data-e-type=\"container\">\n\t\t\t\t\t<div class=\"e-con-inner\">\n\t\t\t\t<div class=\"elementor-element elementor-element-6d0757bf elementor-widget elementor-widget-heading\" data-id=\"6d0757bf\" data-element_type=\"widget\" data-e-type=\"widget\" data-widget_type=\"heading.default\">\n\t\t\t\t\t<h2 class=\"elementor-heading-title elementor-size-default\">Bael, paral\u00b7lelismes en altres cultures<\/h2>\t\t\t\t<\/div>\n\t\t<div class=\"elementor-element elementor-element-60563f68 e-con-full e-flex e-con e-child\" data-id=\"60563f68\" data-element_type=\"container\" data-e-type=\"container\">\n\t\t\t\t<div class=\"elementor-element elementor-element-5a93fdd6 elementor-widget elementor-widget-text-editor\" data-id=\"5a93fdd6\" data-element_type=\"widget\" data-e-type=\"widget\" data-widget_type=\"text-editor.default\">\n\t\t\t\t\t\t\t\t\t<p>En la <span class=\"iwg-fachbegriff\" data-tooltip=\"La ci\u00e8ncia que estudia les religions de manera comparada i sense vincle de fe.\" tabindex=\"0\">ci\u00e8ncia de la religi\u00f3<\/span> comparada, Bael es compara amb divinitats de la tempesta i de la reialesa d&#8217;altres cultures emparentades, com el mesopot\u00e0mic Adad, l&#8217;hitita Tarhuns o l&#8217;ugar\u00edtic Baal-Hadad. Aquestes comparacions no busquen una filiaci\u00f3 hist\u00f2rica, sin\u00f3 un parentiu tipol\u00f2gic. La l\u00ednia hist\u00f2rico-religiosa \u00e9s aqu\u00ed m\u00e9s clara que en altres esperits de la Goetia, ja que el mateix nom estableix la connexi\u00f3 amb el <span class=\"iwg-fachbegriff\" data-tooltip=\"El conjunt de d\u00e9us d'una religi\u00f3 o cultura.\" tabindex=\"0\">pante\u00f3<\/span> semita occidental.<\/p><p>El Bael de la Goetia \u00e9s un exemple de la reinterpretaci\u00f3 dels d\u00e9us antics per part del cristianisme, un proc\u00e9s que la <span class=\"iwg-fachbegriff\" data-tooltip=\"La ci\u00e8ncia que estudia les religions de manera comparada i sense vincle de fe.\" tabindex=\"0\">ci\u00e8ncia de la religi\u00f3<\/span> anomena interpretatio diabolica. El pare de l&#8217;Esgl\u00e9sia Agust\u00ed va formular el principi segons el qual els d\u00e9us dels pagans eren dimonis.<\/p><p>D&#8217;aquesta manera, l&#8217;antic d\u00e9u suprem va acabar formant part de la demonologia cristiana. Qui vulgui estudiar Bael hauria, doncs, de distingir les capes: el d\u00e9u de la tempesta cananeu, la pol\u00e8mica b\u00edblica i el senyor infernal de l&#8217;edat moderna.<\/p>\t\t\t\t\t\t\t\t<\/div>\n\t\t\t\t<\/div>\n\t\t\t\t\t<\/div>\n\t\t\t\t<\/div>\n\t\t<div class=\"elementor-element elementor-element-36dd7469 e-flex e-con-boxed e-con e-parent\" data-id=\"36dd7469\" data-element_type=\"container\" data-e-type=\"container\">\n\t\t\t\t\t<div class=\"e-con-inner\">\n\t\t\t\t<div class=\"elementor-element elementor-element-13760ab4 elementor-widget elementor-widget-heading\" data-id=\"13760ab4\" data-element_type=\"widget\" data-e-type=\"widget\" data-widget_type=\"heading.default\">\n\t\t\t\t\t<h2 class=\"elementor-heading-title elementor-size-default\">Enlla\u00e7os relacionats<\/h2>\t\t\t\t<\/div>\n\t\t<div class=\"elementor-element elementor-element-28c87796 e-con-full e-flex e-con e-child\" data-id=\"28c87796\" data-element_type=\"container\" data-e-type=\"container\">\n\t\t\t\t<div class=\"elementor-element elementor-element-5d6538df elementor-widget elementor-widget-text-editor\" data-id=\"5d6538df\" data-element_type=\"widget\" data-e-type=\"widget\" data-widget_type=\"text-editor.default\">\n\t\t\t\t\t\t\t\t\t<ul><li><a href=\"https:\/\/iwell-guard.com\/ca\/dimonis\/\">Dimonis<\/a>: visi\u00f3 general dels dimonis<\/li><li><a href=\"https:\/\/iwell-guard.com\/ca\/?page_id=171622\">Goetia<\/a>: la tradici\u00f3 de l&#8217;Ars Goetia<\/li><li><a href=\"https:\/\/iwell-guard.com\/ca\/?page_id=171364\">Cristianisme<\/a>: contextualitzaci\u00f3 cultural<\/li><li><a href=\"https:\/\/iwell-guard.com\/ca\/?page_id=171361\">Asmodai<\/a>: un altre rei de la Goetia<\/li><li><a href=\"https:\/\/iwell-guard.com\/ca\/?page_id=171370\">Llucifer<\/a>: figura central de la demonologia cristiana<\/li><\/ul>\t\t\t\t\t\t\t\t<\/div>\n\t\t\t\t<\/div>\n\t\t\t\t\t<\/div>\n\t\t\t\t<\/div>\n\t\t<div class=\"elementor-element elementor-element-grl4kl40 e-flex e-con-boxed e-con e-parent\" data-id=\"grl4kl40\" data-element_type=\"container\" data-e-type=\"container\">\n\t\t\t\t\t<div class=\"e-con-inner\">\n\t\t\t\t<div class=\"elementor-element elementor-element-bzsbfrmh elementor-widget elementor-widget-heading\" data-id=\"bzsbfrmh\" data-element_type=\"widget\" data-e-type=\"widget\" data-widget_type=\"heading.default\">\n\t\t\t\t\t<h2 class=\"elementor-heading-title elementor-size-default\">Bibliografia (selecci\u00f3)<\/h2>\t\t\t\t<\/div>\n\t\t<div class=\"elementor-element elementor-element-2c13224a e-con-full e-flex e-con e-child\" data-id=\"2c13224a\" data-element_type=\"container\" data-e-type=\"container\">\n\t\t\t\t<div class=\"elementor-element elementor-element-0eymh9ub elementor-widget elementor-widget-text-editor\" data-id=\"0eymh9ub\" data-element_type=\"widget\" data-e-type=\"widget\" data-widget_type=\"text-editor.default\">\n\t\t\t\t\t\t\t\t\t<footer class=\"iwg-literatur\"><ul><li><span data-nosnippet>Joseph H. Peterson (Ed.): The Lesser Key of Solomon, Weiser 2001.<\/span><\/li><li><span data-nosnippet>Mark S. Smith: The Early History of God. Yahweh and the Other Deities in Ancient Israel, Eerdmans 2002.<\/span><\/li><li><span data-nosnippet>Wolfgang Behringer: Hexen. Glaube, Verfolgung, Vermarktung, M\u00fcnchen 2005.<\/span><\/li><li><span data-nosnippet>Henk Vreekamp: The Land of Baal, Eerdmans 2014.<\/span><\/li><\/ul><\/footer>\t\t\t\t\t\t\t\t<\/div>\n\t\t\t\t<\/div>\n\t\t\t\t\t<\/div>\n\t\t\t\t<\/div>\n\t\t<div class=\"elementor-element elementor-element-iwgca-bael-sec e-flex e-con-boxed e-con e-parent\" data-id=\"iwgca-bael-sec\" data-element_type=\"container\" data-e-type=\"container\" id=\"iwg-ca-bael\">\n\t\t\t\t\t<div class=\"e-con-inner\">\n\t\t\t\t<div class=\"elementor-element elementor-element-iwgca-bael-te iwg-ca-textwrap elementor-widget elementor-widget-text-editor\" data-id=\"iwgca-bael-te\" data-element_type=\"widget\" data-e-type=\"widget\" data-widget_type=\"text-editor.default\">\n\t\t\t\t\t\t\t\t\t<div data-nosnippet=\"true\"><p class=\"iwg-ca-bridge\">La pr\u00e0ctica de protecci\u00f3 descrita aqu\u00ed \u00e9s una interpretaci\u00f3 cient\u00edfica de tradicions hist\u00f2riques. iWell Guard s&#8217;inscriu en aquesta l\u00ednia cultural d&#8217;objectes de protecci\u00f3 portables i en representa una forma contempor\u00e0nia. <a href=\"\/ueber-iwell-guard\/?utm_source=iwell-guard.com&#038;utm_medium=text-link&#038;utm_campaign=schadwesen-tradition\">M\u00e9s sobre iWell Guard \u2192<\/a><\/p><\/div>\t\t\t\t\t\t\t\t<\/div>\n\t\t\t\t\t<\/div>\n\t\t\t\t<\/div>\n\t\t\t\t<section class=\"elementor-section elementor-top-section elementor-element elementor-element-wv-bael-faq elementor-section-boxed elementor-section-height-default elementor-section-height-default\" data-id=\"wv-bael-faq\" data-element_type=\"section\" data-e-type=\"section\">\n\t\t\t\t\t\t<div class=\"elementor-container elementor-column-gap-default\">\n\t\t\t\t\t<div class=\"elementor-column elementor-col-100 elementor-top-column elementor-element elementor-element-wv-bael-faq-col\" data-id=\"wv-bael-faq-col\" data-element_type=\"column\" data-e-type=\"column\">\n\t\t\t<div class=\"elementor-widget-wrap elementor-element-populated\">\n\t\t\t\t\t\t<div class=\"elementor-element elementor-element-wv-bael-h elementor-widget elementor-widget-heading\" data-id=\"wv-bael-h\" data-element_type=\"widget\" data-e-type=\"widget\" data-widget_type=\"heading.default\">\n\t\t\t\t\t<h2 class=\"elementor-heading-title elementor-size-default\">Preguntes freq\u00fcents sobre Bael<\/h2>\t\t\t\t<\/div>\n\t\t\t\t<div class=\"elementor-element elementor-element-wv-bael-t elementor-widget elementor-widget-text-editor\" data-id=\"wv-bael-t\" data-element_type=\"widget\" data-e-type=\"widget\" data-widget_type=\"text-editor.default\">\n\t\t\t\t\t\t\t\t\t\n<details class=\"iwg-faq-item\">\n  <summary><strong>Qui \u00e9s Bael?<\/strong><\/summary>\n  <p>Bael \u00e9s el primer dels setanta-dos esperits de l&#8217;Ars Goetia, el primer llibre del Lemegeton. En la jerarquia demon\u00edaca, ocupa el lloc de rei al capdamunt del registre i comanda seixanta-sis legions. El seu nom remet al d\u00e9u sem\u00edtic Baal, un antic d\u00e9u suprem de la regi\u00f3 sirocananea, que la demonologia cristiana va traslladar al registre dels esperits caiguts.<\/p>\n<\/details>\n\n<details class=\"iwg-faq-item\">\n  <summary><strong>D&#8217;on prov\u00e9 el nom Bael?<\/strong><\/summary>\n  <p>El nom Bael \u00e9s una variant ortogr\u00e0fica de la paraula sem\u00edtica occidental ba\u02bfal, que simplement significa senyor o propietari. En l&#8217;\u00e0mbit sem\u00edtic occidental, Ba\u02bfal no era un nom propi, sin\u00f3 un t\u00edtol atribu\u00eft a diverses divinitats locals, com el d\u00e9u del temps ugar\u00edtic o el Ba\u02bfal de Tir. Darrere de les diverses variants ortogr\u00e0fiques s&#8217;amaguen diverses tradicions independents, entre elles el d\u00e9u del temps antic, la pol\u00e8mica b\u00edblica i el pr\u00edncep infernal de l&#8217;\u00e8poca moderna.<\/p>\n<\/details>\n\n<details class=\"iwg-faq-item\">\n  <summary><strong>Com es descriu Bael a les fonts?<\/strong><\/summary>\n  <p>Segons l&#8217;Ars Goetia, Bael apareix amb tres caps, en una variant amb un cap de gripau, un cap hum\u00e0 i un cap de gat, sostinguts per potes d&#8217;aranya. Tamb\u00e9 hi ha representacions amb dos caps d&#8217;animal en lloc de tres. El text del Lemegeton parla d&#8217;una veu rasposa i ronca. Els textos li atribueixen la capacitat de conferir invisibilitat a qui l&#8217;invoca. La iconografia avui habitual va ser fixada per Collin de Plancy en l&#8217;edici\u00f3 il\u00b7lustrada del Dictionnaire infernal de 1863.<\/p>\n<\/details>\n\n<details class=\"iwg-faq-item\">\n  <summary><strong>Quines fonts transmeten Bael?<\/strong><\/summary>\n  <p>Els textos centrals s\u00f3n la Pseudomonarchia Daemonum de Johann Weyer, de l&#8217;any 1577, l&#8217;Ars Goetia com a primer llibre del Lemegeton i el Dictionnaire infernal de Collin de Plancy. Weyer va prendre una llista anterior i la va reordenar, per\u00f2 amb la seva obra perseguia un objectiu il\u00b7lustrat i no pas un manual d&#8217;invocaci\u00f3. A trav\u00e9s de l&#8217;edici\u00f3 anglesa de la Goetia de 1904, en la qual van participar Samuel Liddell MacGregor Mathers i Aleister Crowley, la figura va arribar a un p\u00fablic internacional.<\/p>\n<\/details>\n\t\t\t\t\t\t\t\t<\/div>\n\t\t\t\t<div class=\"elementor-element elementor-element-wv-bael-s elementor-widget elementor-widget-html\" data-id=\"wv-bael-s\" data-element_type=\"widget\" data-e-type=\"widget\" data-widget_type=\"html.default\">\n\t\t\t\t\t<script type=\"application\/ld+json\">{\"@context\": \"https:\/\/schema.org\", \"@type\": \"FAQPage\", \"mainEntity\": [{\"@type\": \"Question\", \"name\": \"Qui \u00e9s Bael?\", \"acceptedAnswer\": {\"@type\": \"Answer\", \"text\": \"Bael \u00e9s el primer dels setanta-dos esperits de l'Ars Goetia, el primer llibre del Lemegeton. En la jerarquia demon\u00edaca, ocupa el lloc de rei al capdamunt del registre i comanda seixanta-sis legions. El seu nom remet al d\u00e9u sem\u00edtic Baal, un antic d\u00e9u suprem de la regi\u00f3 sirocananea, que la demonologia cristiana va traslladar al registre dels esperits caiguts.\"}}, {\"@type\": \"Question\", \"name\": \"D'on prov\u00e9 el nom Bael?\", \"acceptedAnswer\": {\"@type\": \"Answer\", \"text\": \"El nom Bael \u00e9s una variant ortogr\u00e0fica de la paraula sem\u00edtica occidental ba\u02bfal, que simplement significa senyor o propietari. En l'\u00e0mbit sem\u00edtic occidental, Ba\u02bfal no era un nom propi, sin\u00f3 un t\u00edtol atribu\u00eft a diverses divinitats locals, com el d\u00e9u del temps ugar\u00edtic o el Ba\u02bfal de Tir. Darrere de les diverses variants ortogr\u00e0fiques s'amaguen diverses tradicions independents: el d\u00e9u del temps antic, la pol\u00e8mica b\u00edblica i el pr\u00edncep infernal de l'\u00e8poca moderna.\"}}, {\"@type\": \"Question\", \"name\": \"Com es descriu Bael a les fonts?\", \"acceptedAnswer\": {\"@type\": \"Answer\", \"text\": \"Segons l'Ars Goetia, Bael apareix amb tres caps, en una variant amb un cap de gripau, un cap hum\u00e0 i un cap de gat, sostinguts per potes d'aranya. Tamb\u00e9 hi ha representacions amb dos caps d'animal en lloc de tres, i el text del Lemegeton parla d'una veu rasposa i ronca. Els textos li atribueixen la capacitat de conferir invisibilitat a qui l'invoca. La iconografia avui habitual va ser fixada per Collin de Plancy en l'edici\u00f3 il\u00b7lustrada del Dictionnaire infernal de 1863.\"}}, {\"@type\": \"Question\", \"name\": \"Quines fonts transmeten Bael?\", \"acceptedAnswer\": {\"@type\": \"Answer\", \"text\": \"Els textos centrals s\u00f3n la Pseudomonarchia Daemonum de Johann Weyer, de l'any 1577, l'Ars Goetia com a primer llibre del Lemegeton i el Dictionnaire infernal de Collin de Plancy. Weyer va prendre una llista anterior i la va reordenar, per\u00f2 amb la seva obra perseguia un objectiu il\u00b7lustrat i no pas un manual d'invocaci\u00f3. A trav\u00e9s de l'edici\u00f3 anglesa de la Goetia de 1904, en la qual van participar Samuel Liddell MacGregor Mathers i Aleister Crowley, la figura va arribar a un p\u00fablic internacional.\"}}]}<\/script>\t\t\t\t<\/div>\n\t\t\t\t\t<\/div>\n\t\t<\/div>\n\t\t\t\t\t<\/div>\n\t\t<\/section>\n\t\t\t\t<\/div>\n\t\t","protected":false},"excerpt":{"rendered":"","protected":false},"author":3,"featured_media":2427,"parent":0,"menu_order":0,"comment_status":"closed","ping_status":"closed","template":"elementor_header_footer","meta":{"_yoast_wpseo_focuskw":"Bael","_yoast_wpseo_title":"Bael, Primer Rei dels 72 esperits de la Goetia | iWell Guard","_yoast_wpseo_metadesc":"Bael a la Goetia: rerefons fenici, iconografia de tres caps, tradici\u00f3 del Lemegeton i hist\u00f2ria de la seva recepci\u00f3.","_yoast_wpseo_meta-robots-noindex":"","_yoast_wpseo_canonical":"","_angie_page":false,"gefaehrdungsstufe":"4","wesen_kultur":"christentum","wesen_klasse":"daemonen","footnotes":""},"categories":[],"class_list":["post-171634","page","type-page","status-publish","has-post-thumbnail","hentry"],"yoast_head":"<!-- This site is optimized with the Yoast SEO Premium plugin v27.7 (Yoast SEO v28.3) - https:\/\/yoast.com\/product\/yoast-seo-premium-wordpress\/ -->\n<title>Bael, Primer Rei dels 72 esperits de la Goetia | iWell Guard<\/title>\n<meta name=\"description\" content=\"Bael a la Goetia: rerefons fenici, iconografia de tres caps, tradici\u00f3 del Lemegeton i hist\u00f2ria de la seva recepci\u00f3.\" \/>\n<meta name=\"robots\" content=\"index, follow, max-snippet:-1, max-image-preview:large, max-video-preview:-1\" \/>\n<link rel=\"canonical\" href=\"https:\/\/iwell-guard.com\/ca\/bael\/\" \/>\n<meta property=\"og:locale\" content=\"ca_ES\" \/>\n<meta property=\"og:type\" content=\"article\" \/>\n<meta property=\"og:title\" content=\"Bael\" \/>\n<meta property=\"og:description\" content=\"Bael a la Goetia: rerefons fenici, iconografia de tres caps, tradici\u00f3 del Lemegeton i hist\u00f2ria de la seva recepci\u00f3.\" \/>\n<meta property=\"og:url\" content=\"https:\/\/iwell-guard.com\/ca\/bael\/\" \/>\n<meta property=\"og:site_name\" content=\"iWell Guard\" \/>\n<meta property=\"article:modified_time\" content=\"2026-09-05T16:03:03+00:00\" \/>\n<meta property=\"og:image\" content=\"https:\/\/iwell-guard.com\/wp-content\/uploads\/2026\/05\/daemonen_christentum_bael.webp\" \/>\n\t<meta property=\"og:image:width\" content=\"1024\" \/>\n\t<meta property=\"og:image:height\" content=\"1536\" \/>\n\t<meta property=\"og:image:type\" content=\"image\/webp\" \/>\n<meta name=\"twitter:card\" content=\"summary_large_image\" \/>\n<script type=\"application\/ld+json\" class=\"yoast-schema-graph\">{\"@context\":\"https:\\\/\\\/schema.org\",\"@graph\":[{\"@type\":\"WebPage\",\"@id\":\"https:\\\/\\\/iwell-guard.com\\\/ca\\\/bael\\\/\",\"url\":\"https:\\\/\\\/iwell-guard.com\\\/ca\\\/bael\\\/\",\"name\":\"Bael, Primer Rei dels 72 esperits de la Goetia | iWell Guard\",\"isPartOf\":{\"@id\":\"https:\\\/\\\/iwell-guard.com\\\/ca\\\/#website\"},\"primaryImageOfPage\":{\"@id\":\"https:\\\/\\\/iwell-guard.com\\\/ca\\\/bael\\\/#primaryimage\"},\"image\":{\"@id\":\"https:\\\/\\\/iwell-guard.com\\\/ca\\\/bael\\\/#primaryimage\"},\"thumbnailUrl\":\"https:\\\/\\\/iwell-guard.com\\\/wp-content\\\/uploads\\\/2026\\\/05\\\/daemonen_christentum_bael.webp\",\"datePublished\":\"2026-09-05T15:41:01+00:00\",\"dateModified\":\"2026-09-05T16:03:03+00:00\",\"description\":\"Bael a la Goetia: rerefons fenici, iconografia de tres caps, tradici\u00f3 del Lemegeton i hist\u00f2ria de la seva recepci\u00f3.\",\"breadcrumb\":{\"@id\":\"https:\\\/\\\/iwell-guard.com\\\/ca\\\/bael\\\/#breadcrumb\"},\"inLanguage\":\"ca\",\"potentialAction\":[{\"@type\":\"ReadAction\",\"target\":[\"https:\\\/\\\/iwell-guard.com\\\/ca\\\/bael\\\/\"]}]},{\"@type\":\"ImageObject\",\"inLanguage\":\"ca\",\"@id\":\"https:\\\/\\\/iwell-guard.com\\\/ca\\\/bael\\\/#primaryimage\",\"url\":\"https:\\\/\\\/iwell-guard.com\\\/wp-content\\\/uploads\\\/2026\\\/05\\\/daemonen_christentum_bael.webp\",\"contentUrl\":\"https:\\\/\\\/iwell-guard.com\\\/wp-content\\\/uploads\\\/2026\\\/05\\\/daemonen_christentum_bael.webp\",\"width\":1024,\"height\":1536,\"caption\":\"Bael, dimoni de la tradici\u00f3 cristiano-ocultista de la Go\u00e8tia\"},{\"@type\":\"BreadcrumbList\",\"@id\":\"https:\\\/\\\/iwell-guard.com\\\/ca\\\/bael\\\/#breadcrumb\",\"itemListElement\":[{\"@type\":\"ListItem\",\"position\":1,\"name\":\"Start\",\"item\":\"https:\\\/\\\/iwell-guard.com\\\/ca\\\/?page_id=171333\"},{\"@type\":\"ListItem\",\"position\":2,\"name\":\"Bael\"}]},{\"@type\":\"WebSite\",\"@id\":\"https:\\\/\\\/iwell-guard.com\\\/ca\\\/#website\",\"url\":\"https:\\\/\\\/iwell-guard.com\\\/ca\\\/\",\"name\":\"iWell Guard\",\"description\":\"Schutz vor dunklen Einfl\u00fcssen\",\"publisher\":{\"@id\":\"https:\\\/\\\/iwell-guard.com\\\/ca\\\/#organization\"},\"potentialAction\":[{\"@type\":\"SearchAction\",\"target\":{\"@type\":\"EntryPoint\",\"urlTemplate\":\"https:\\\/\\\/iwell-guard.com\\\/ca\\\/?s={search_term_string}\"},\"query-input\":{\"@type\":\"PropertyValueSpecification\",\"valueRequired\":true,\"valueName\":\"search_term_string\"}}],\"inLanguage\":\"ca\"},{\"@type\":\"Organization\",\"@id\":\"https:\\\/\\\/iwell-guard.com\\\/ca\\\/#organization\",\"name\":\"Ittermann electronic GmbH\",\"url\":\"https:\\\/\\\/iwell-guard.com\\\/ca\\\/\",\"logo\":{\"@type\":\"ImageObject\",\"inLanguage\":\"ca\",\"@id\":\"https:\\\/\\\/iwell-guard.com\\\/ca\\\/#\\\/schema\\\/logo\\\/image\\\/\",\"url\":\"https:\\\/\\\/iwell-guard.com\\\/wp-content\\\/uploads\\\/2026\\\/05\\\/Ittermann-Logo-1182x237-1.png\",\"contentUrl\":\"https:\\\/\\\/iwell-guard.com\\\/wp-content\\\/uploads\\\/2026\\\/05\\\/Ittermann-Logo-1182x237-1.png\",\"width\":1182,\"height\":237,\"caption\":\"Ittermann electronic GmbH\"},\"image\":{\"@id\":\"https:\\\/\\\/iwell-guard.com\\\/ca\\\/#\\\/schema\\\/logo\\\/image\\\/\"},\"sameAs\":[\"https:\\\/\\\/pantip.com\\\/profile\\\/9367242\",\"https:\\\/\\\/micro.blog\\\/iwellguard\",\"https:\\\/\\\/www.diggerslist.com\\\/iwellguard\\\/about\",\"https:\\\/\\\/skitterphoto.com\\\/photographers\\\/2870314\\\/iwell-guard\",\"https:\\\/\\\/iwellguard.wordpress.com\\\/2026\\\/06\\\/06\\\/iwell-guard\\\/\",\"https:\\\/\\\/hub.docker.com\\\/u\\\/iwellguard\",\"https:\\\/\\\/www.pinterest.com\\\/iwellguard\\\/\",\"https:\\\/\\\/bit.ly\\\/m\\\/iwellguard\",\"https:\\\/\\\/entre-vos-mains.alsace.eu\\\/profiles\\\/iwellguard\\\/activity\",\"https:\\\/\\\/gravatar.com\\\/reallybeded8fd34\",\"https:\\\/\\\/naijamatta.com\\\/iwellguard\",\"https:\\\/\\\/www.goodreads.com\\\/iwellguard\",\"https:\\\/\\\/profile.hatena.ne.jp\\\/iwellguard\\\/\",\"https:\\\/\\\/experiment.com\\\/users\\\/iwellguard\",\"https:\\\/\\\/wakelet.com\\\/@iWellGuard82270\",\"https:\\\/\\\/www.chordie.com\\\/forum\\\/profile.php?id=2555664\",\"https:\\\/\\\/www.instapaper.com\\\/p\\\/17757966\",\"https:\\\/\\\/www.mapleprimes.com\\\/users\\\/iwellguard\",\"https:\\\/\\\/businesslistingplus.com\\\/profile\\\/iwell-guard\\\/\",\"https:\\\/\\\/telegra.ph\\\/iWell-Guard-06-06\",\"https:\\\/\\\/pbase.com\\\/iwellguard\\\/iwellguard\",\"https:\\\/\\\/b.hatena.ne.jp\\\/iwellguard\\\/20260607#bookmark-4788405196491818882\",\"https:\\\/\\\/fliphtml5.com\\\/home\\\/iwellguard\",\"https:\\\/\\\/anyflip.com\\\/homepage\\\/cmiwl#About\",\"https:\\\/\\\/transfur.com\\\/Users\\\/iwellguard\",\"http:\\\/\\\/delphi.larsbo.org\\\/user\\\/iwellguard\",\"https:\\\/\\\/jobs.lajobsportal.org\\\/profiles\\\/8380803-iwell-guard\",\"https:\\\/\\\/md.chaosdorf.de\\\/s\\\/jfbe5SBdJD\",\"https:\\\/\\\/www.lingvolive.com\\\/en-us\\\/profile\\\/9ecaeaca-ce11-4e51-9e71-01d55e2bff36\\\/translations\",\"https:\\\/\\\/www.fitday.com\\\/fitness\\\/forums\\\/members\\\/iwellguard.html\",\"https:\\\/\\\/www.mymeetbook.com\\\/iwellguard\",\"https:\\\/\\\/pxhere.com\\\/en\\\/photographer-me\\\/5040798\",\"https:\\\/\\\/disqus.com\\\/by\\\/iwellguard\\\/about\\\/\",\"https:\\\/\\\/pastelink.net\\\/hjwciqwq\",\"https:\\\/\\\/pubhtml5.com\\\/homepage\\\/scjhn\\\/\",\"https:\\\/\\\/www.bitchute.com\\\/channel\\\/2O2eOKzNqujT\",\"https:\\\/\\\/audiomack.com\\\/iwellguard\"]},{\"@type\":\"Article\",\"@id\":\"https:\\\/\\\/iwell-guard.com\\\/ca\\\/bael\\\/#article\",\"isPartOf\":{\"@id\":\"https:\\\/\\\/iwell-guard.com\\\/ca\\\/bael\\\/\"},\"author\":{\"name\":\"Ralf Ittermann\",\"@id\":\"https:\\\/\\\/iwell-guard.com\\\/ca\\\/#\\\/schema\\\/person\\\/ee2a27f1cac3406c7c6fb5820cb7349f\"},\"headline\":\"Bael\",\"datePublished\":\"2026-09-05T15:41:01+00:00\",\"dateModified\":\"2026-09-05T16:03:03+00:00\",\"mainEntityOfPage\":{\"@id\":\"https:\\\/\\\/iwell-guard.com\\\/ca\\\/bael\\\/\"},\"publisher\":{\"@id\":\"https:\\\/\\\/iwell-guard.com\\\/ca\\\/#organization\"},\"image\":{\"@id\":\"https:\\\/\\\/iwell-guard.com\\\/ca\\\/bael\\\/#primaryimage\"},\"thumbnailUrl\":\"https:\\\/\\\/iwell-guard.com\\\/wp-content\\\/uploads\\\/2026\\\/05\\\/daemonen_christentum_bael.webp\",\"inLanguage\":\"ca\",\"description\":\"Bael a la Goetia: rerefons fenici, iconografia de tres caps, tradici\u00f3 del Lemegeton i hist\u00f2ria de la seva recepci\u00f3.\"}]}<\/script>\n<!-- \/ Yoast SEO Premium plugin. -->","yoast_head_json":{"title":"Bael, Primer Rei dels 72 esperits de la Goetia | iWell Guard","description":"Bael a la Goetia: rerefons fenici, iconografia de tres caps, tradici\u00f3 del Lemegeton i hist\u00f2ria de la seva recepci\u00f3.","robots":{"index":"index","follow":"follow","max-snippet":"max-snippet:-1","max-image-preview":"max-image-preview:large","max-video-preview":"max-video-preview:-1"},"canonical":"https:\/\/iwell-guard.com\/ca\/bael\/","og_locale":"ca_ES","og_type":"article","og_title":"Bael","og_description":"Bael a la Goetia: rerefons fenici, iconografia de tres caps, tradici\u00f3 del Lemegeton i hist\u00f2ria de la seva recepci\u00f3.","og_url":"https:\/\/iwell-guard.com\/ca\/bael\/","og_site_name":"iWell Guard","article_modified_time":"2026-09-05T16:03:03+00:00","og_image":[{"width":1024,"height":1536,"url":"https:\/\/iwell-guard.com\/wp-content\/uploads\/2026\/05\/daemonen_christentum_bael.webp","type":"image\/webp"}],"twitter_card":"summary_large_image","schema":{"@context":"https:\/\/schema.org","@graph":[{"@type":"Article","@id":"https:\/\/iwell-guard.com\/ca\/bael\/#article","isPartOf":{"@id":"https:\/\/iwell-guard.com\/ca\/bael\/"},"author":{"name":"Ralf Ittermann","@id":"https:\/\/iwell-guard.com\/ca\/#\/schema\/person\/ee2a27f1cac3406c7c6fb5820cb7349f"},"headline":"Bael","datePublished":"2026-09-05T15:41:01+00:00","dateModified":"2026-09-05T16:03:03+00:00","mainEntityOfPage":{"@id":"https:\/\/iwell-guard.com\/ca\/bael\/"},"publisher":{"@id":"https:\/\/iwell-guard.com\/ca\/#organization"},"image":{"@id":"https:\/\/iwell-guard.com\/ca\/bael\/#primaryimage"},"thumbnailUrl":"https:\/\/iwell-guard.com\/wp-content\/uploads\/2026\/05\/daemonen_christentum_bael.webp","inLanguage":"ca","description":"Bael a la Goetia: rerefons fenici, iconografia de tres caps, tradici\u00f3 del Lemegeton i hist\u00f2ria de la seva recepci\u00f3."},{"@type":"WebPage","@id":"https:\/\/iwell-guard.com\/ca\/bael\/","url":"https:\/\/iwell-guard.com\/ca\/bael\/","name":"Bael, Primer Rei dels 72 esperits de la Goetia | iWell Guard","isPartOf":{"@id":"https:\/\/iwell-guard.com\/ca\/#website"},"primaryImageOfPage":{"@id":"https:\/\/iwell-guard.com\/ca\/bael\/#primaryimage"},"image":{"@id":"https:\/\/iwell-guard.com\/ca\/bael\/#primaryimage"},"thumbnailUrl":"https:\/\/iwell-guard.com\/wp-content\/uploads\/2026\/05\/daemonen_christentum_bael.webp","datePublished":"2026-09-05T15:41:01+00:00","dateModified":"2026-09-05T16:03:03+00:00","description":"Bael a la Goetia: rerefons fenici, iconografia de tres caps, tradici\u00f3 del Lemegeton i hist\u00f2ria de la seva recepci\u00f3.","breadcrumb":{"@id":"https:\/\/iwell-guard.com\/ca\/bael\/#breadcrumb"},"inLanguage":"ca","potentialAction":[{"@type":"ReadAction","target":["https:\/\/iwell-guard.com\/ca\/bael\/"]}]},{"@type":"ImageObject","inLanguage":"ca","@id":"https:\/\/iwell-guard.com\/ca\/bael\/#primaryimage","url":"https:\/\/iwell-guard.com\/wp-content\/uploads\/2026\/05\/daemonen_christentum_bael.webp","contentUrl":"https:\/\/iwell-guard.com\/wp-content\/uploads\/2026\/05\/daemonen_christentum_bael.webp","width":1024,"height":1536,"caption":"Bael, dimoni de la tradici\u00f3 cristiano-ocultista de la Go\u00e8tia"},{"@type":"BreadcrumbList","@id":"https:\/\/iwell-guard.com\/ca\/bael\/#breadcrumb","itemListElement":[{"@type":"ListItem","position":1,"name":"Start","item":"https:\/\/iwell-guard.com\/ca\/?page_id=171333"},{"@type":"ListItem","position":2,"name":"Bael"}]},{"@type":"WebSite","@id":"https:\/\/iwell-guard.com\/ca\/#website","url":"https:\/\/iwell-guard.com\/ca\/","name":"iWell Guard","description":"Schutz vor dunklen Einfl\u00fcssen","publisher":{"@id":"https:\/\/iwell-guard.com\/ca\/#organization"},"potentialAction":[{"@type":"SearchAction","target":{"@type":"EntryPoint","urlTemplate":"https:\/\/iwell-guard.com\/ca\/?s={search_term_string}"},"query-input":{"@type":"PropertyValueSpecification","valueRequired":true,"valueName":"search_term_string"}}],"inLanguage":"ca"},{"@type":"Organization","@id":"https:\/\/iwell-guard.com\/ca\/#organization","name":"Ittermann electronic GmbH","url":"https:\/\/iwell-guard.com\/ca\/","logo":{"@type":"ImageObject","inLanguage":"ca","@id":"https:\/\/iwell-guard.com\/ca\/#\/schema\/logo\/image\/","url":"https:\/\/iwell-guard.com\/wp-content\/uploads\/2026\/05\/Ittermann-Logo-1182x237-1.png","contentUrl":"https:\/\/iwell-guard.com\/wp-content\/uploads\/2026\/05\/Ittermann-Logo-1182x237-1.png","width":1182,"height":237,"caption":"Ittermann electronic GmbH"},"image":{"@id":"https:\/\/iwell-guard.com\/ca\/#\/schema\/logo\/image\/"},"sameAs":["https:\/\/pantip.com\/profile\/9367242","https:\/\/micro.blog\/iwellguard","https:\/\/www.diggerslist.com\/iwellguard\/about","https:\/\/skitterphoto.com\/photographers\/2870314\/iwell-guard","https:\/\/iwellguard.wordpress.com\/2026\/06\/06\/iwell-guard\/","https:\/\/hub.docker.com\/u\/iwellguard","https:\/\/www.pinterest.com\/iwellguard\/","https:\/\/bit.ly\/m\/iwellguard","https:\/\/entre-vos-mains.alsace.eu\/profiles\/iwellguard\/activity","https:\/\/gravatar.com\/reallybeded8fd34","https:\/\/naijamatta.com\/iwellguard","https:\/\/www.goodreads.com\/iwellguard","https:\/\/profile.hatena.ne.jp\/iwellguard\/","https:\/\/experiment.com\/users\/iwellguard","https:\/\/wakelet.com\/@iWellGuard82270","https:\/\/www.chordie.com\/forum\/profile.php?id=2555664","https:\/\/www.instapaper.com\/p\/17757966","https:\/\/www.mapleprimes.com\/users\/iwellguard","https:\/\/businesslistingplus.com\/profile\/iwell-guard\/","https:\/\/telegra.ph\/iWell-Guard-06-06","https:\/\/pbase.com\/iwellguard\/iwellguard","https:\/\/b.hatena.ne.jp\/iwellguard\/20260607#bookmark-4788405196491818882","https:\/\/fliphtml5.com\/home\/iwellguard","https:\/\/anyflip.com\/homepage\/cmiwl#About","https:\/\/transfur.com\/Users\/iwellguard","http:\/\/delphi.larsbo.org\/user\/iwellguard","https:\/\/jobs.lajobsportal.org\/profiles\/8380803-iwell-guard","https:\/\/md.chaosdorf.de\/s\/jfbe5SBdJD","https:\/\/www.lingvolive.com\/en-us\/profile\/9ecaeaca-ce11-4e51-9e71-01d55e2bff36\/translations","https:\/\/www.fitday.com\/fitness\/forums\/members\/iwellguard.html","https:\/\/www.mymeetbook.com\/iwellguard","https:\/\/pxhere.com\/en\/photographer-me\/5040798","https:\/\/disqus.com\/by\/iwellguard\/about\/","https:\/\/pastelink.net\/hjwciqwq","https:\/\/pubhtml5.com\/homepage\/scjhn\/","https:\/\/www.bitchute.com\/channel\/2O2eOKzNqujT","https:\/\/audiomack.com\/iwellguard"]},{"@type":"Person","@id":"https:\/\/iwell-guard.com\/ca\/#\/schema\/person\/ee2a27f1cac3406c7c6fb5820cb7349f","name":"Ralf Ittermann","image":{"@type":"ImageObject","inLanguage":"ca","@id":"https:\/\/secure.gravatar.com\/avatar\/073c0153e350a5005b68eb752b445fea71f6b24a26da9449ad7e155e6b446c9d?s=96&d=mm&r=g","url":"https:\/\/secure.gravatar.com\/avatar\/073c0153e350a5005b68eb752b445fea71f6b24a26da9449ad7e155e6b446c9d?s=96&d=mm&r=g","contentUrl":"https:\/\/secure.gravatar.com\/avatar\/073c0153e350a5005b68eb752b445fea71f6b24a26da9449ad7e155e6b446c9d?s=96&d=mm&r=g","caption":"Ralf Ittermann"},"givenName":"Ralf","familyName":"Ittermann","jobTitle":"Gesch\u00e4ftsf\u00fchrer und redaktioneller Verantwortlicher","url":"https:\/\/iwell-guard.com\/ca\/author\/claude\/","description":"Ralf Ittermann ist Gesch\u00e4ftsf\u00fchrer der Ittermann electronic GmbH und redaktioneller Verantwortlicher des iWell-Guard-Lexikons. Er verbindet langj\u00e4hrige Erfahrung in der Pr\u00e4zisionsfertigung mit medialer Praxis und religionsgeschichtlicher Quellenarbeit.","worksFor":{"@type":"Organization","name":"Ittermann electronic GmbH","url":"https:\/\/ittermann.de\/","address":{"@type":"PostalAddress","streetAddress":"K\u00f6hlergasse 16-18","postalCode":"99842","addressLocality":"Ruhla","addressCountry":"DE"}},"knowsAbout":["Religionsgeschichte","Mythologie","Mediale Praxis","Energetische Diagnostik","Schutzpraxis","Volksglauben","Westliche Esoterik"]},{"@type":"Article","@id":"https:\/\/iwell-guard.com\/ca\/bael\/#article","isPartOf":{"@id":"https:\/\/iwell-guard.com\/ca\/bael\/"},"author":{"name":"Ralf Ittermann","@id":"https:\/\/iwell-guard.com\/ca\/#\/schema\/person\/ee2a27f1cac3406c7c6fb5820cb7349f"},"headline":"Bael","datePublished":"2026-09-05T15:41:01+00:00","dateModified":"2026-09-05T16:03:03+00:00","mainEntityOfPage":{"@id":"https:\/\/iwell-guard.com\/ca\/bael\/"},"publisher":{"@id":"https:\/\/iwell-guard.com\/ca\/#organization"},"image":{"@id":"https:\/\/iwell-guard.com\/ca\/bael\/#primaryimage"},"thumbnailUrl":"https:\/\/iwell-guard.com\/wp-content\/uploads\/2026\/05\/daemonen_christentum_bael.webp","inLanguage":"ca","description":"Bael a la Goetia: rerefons fenici, iconografia de tres caps, tradici\u00f3 del Lemegeton i hist\u00f2ria de la seva recepci\u00f3."}]}},"_links":{"self":[{"href":"https:\/\/iwell-guard.com\/ca\/wp-json\/wp\/v2\/pages\/171634","targetHints":{"allow":["GET"]}}],"collection":[{"href":"https:\/\/iwell-guard.com\/ca\/wp-json\/wp\/v2\/pages"}],"about":[{"href":"https:\/\/iwell-guard.com\/ca\/wp-json\/wp\/v2\/types\/page"}],"author":[{"embeddable":true,"href":"https:\/\/iwell-guard.com\/ca\/wp-json\/wp\/v2\/users\/3"}],"replies":[{"embeddable":true,"href":"https:\/\/iwell-guard.com\/ca\/wp-json\/wp\/v2\/comments?post=171634"}],"version-history":[{"count":0,"href":"https:\/\/iwell-guard.com\/ca\/wp-json\/wp\/v2\/pages\/171634\/revisions"}],"wp:featuredmedia":[{"embeddable":true,"href":"https:\/\/iwell-guard.com\/ca\/wp-json\/wp\/v2\/media\/2427"}],"wp:attachment":[{"href":"https:\/\/iwell-guard.com\/ca\/wp-json\/wp\/v2\/media?parent=171634"}],"wp:term":[{"taxonomy":"category","embeddable":true,"href":"https:\/\/iwell-guard.com\/ca\/wp-json\/wp\/v2\/categories?post=171634"}],"curies":[{"name":"wp","href":"https:\/\/api.w.org\/{rel}","templated":true}]}}