{"id":171620,"date":"2026-09-05T15:40:55","date_gmt":"2026-09-05T15:40:55","guid":{"rendered":"https:\/\/iwell-guard.com\/?page_id=171620"},"modified":"2026-09-05T16:02:42","modified_gmt":"2026-09-05T16:02:42","slug":"gello","status":"publish","type":"page","link":"https:\/\/iwell-guard.com\/ca\/gello\/","title":{"rendered":"Gello"},"content":{"rendered":"\t\t<div data-elementor-type=\"wp-page\" data-elementor-id=\"171620\" class=\"elementor elementor-171620 elementor-2207 elementor-bc-flex-widget\" data-elementor-post-type=\"page\">\n\t\t\t\t<div class=\"elementor-element elementor-element-x-h1-2207 e-con-boxed e-flex e-con e-parent\" data-id=\"x-h1-2207\" data-element_type=\"container\" data-e-type=\"container\">\n\t\t\t\t\t<div class=\"e-con-inner\">\n\t\t\t\t<div class=\"elementor-element elementor-element-x-h1w-2207 elementor-widget elementor-widget-heading\" data-id=\"x-h1w-2207\" data-element_type=\"widget\" data-e-type=\"widget\" data-widget_type=\"heading.default\">\n\t\t\t\t\t<h1 class=\"elementor-heading-title elementor-size-default\">Gello, dimoni infantil de la tradici\u00f3 grega<\/h1>\t\t\t\t<\/div>\n\t\t\t\t\t<\/div>\n\t\t\t\t<\/div>\n\t\t<div class=\"elementor-element elementor-element-bld-h-gello e-con-boxed e-flex e-con e-parent\" data-id=\"bld-h-gello\" data-element_type=\"container\" data-e-type=\"container\">\n\t\t\t\t\t<div class=\"e-con-inner\">\n\t\t\t\t<div class=\"elementor-element elementor-element-bld-i-gello elementor-widget elementor-widget-image\" data-id=\"bld-i-gello\" data-element_type=\"widget\" data-e-type=\"widget\" data-widget_type=\"image.default\">\n\t\t\t\t\t\t\t\t\t\t\t\t\t\t\t<img fetchpriority=\"high\" decoding=\"async\" width=\"683\" height=\"1024\" src=\"https:\/\/iwell-guard.com\/wp-content\/uploads\/2026\/05\/daemonen_griechenland_gello-683x1024.webp\" class=\"attachment-large size-large wp-image-173659\" alt=\"Gello - dimonis de la tradici\u00f3 de Gr\u00e8cia, historicoil\u00b7lustratiu\" srcset=\"https:\/\/iwell-guard.com\/wp-content\/uploads\/2026\/05\/daemonen_griechenland_gello-683x1024.webp 683w, https:\/\/iwell-guard.com\/wp-content\/uploads\/2026\/05\/daemonen_griechenland_gello-200x300.webp 200w, https:\/\/iwell-guard.com\/wp-content\/uploads\/2026\/05\/daemonen_griechenland_gello-768x1152.webp 768w, https:\/\/iwell-guard.com\/wp-content\/uploads\/2026\/05\/daemonen_griechenland_gello.webp 1024w\" sizes=\"(max-width: 683px) 100vw, 683px\" \/>\t\t\t\t\t\t\t\t\t\t\t\t\t\t\t<\/div>\n\t\t\t\t\t<\/div>\n\t\t\t\t<\/div>\n\t\t<div class=\"elementor-element elementor-element-x404-s0 e-con-boxed e-flex e-con e-parent\" data-id=\"x404-s0\" data-element_type=\"container\" data-e-type=\"container\">\n\t\t\t\t\t<div class=\"e-con-inner\">\n\t\t\t\t<div class=\"elementor-element elementor-element-x404-h0 elementor-widget elementor-widget-heading\" data-id=\"x404-h0\" data-element_type=\"widget\" data-e-type=\"widget\" data-widget_type=\"heading.default\">\n\t\t\t\t\t<h2 class=\"elementor-heading-title elementor-size-default\">Gello<\/h2>\t\t\t\t<\/div>\n\t\t<div class=\"elementor-element elementor-element-x404-s0-bw e-flex e-con-boxed e-con e-parent\" data-id=\"x404-s0-bw\" data-element_type=\"container\" data-e-type=\"container\" data-settings=\"{&quot;background_background&quot;:&quot;classic&quot;}\">\n\t\t\t\t\t<div class=\"e-con-inner\">\n\t\t\t\t<div class=\"elementor-element elementor-element-x404-t0 elementor-widget elementor-widget-text-editor\" data-id=\"x404-t0\" data-element_type=\"widget\" data-e-type=\"widget\" data-widget_type=\"text-editor.default\">\n\t\t\t\t\t\t\t\t\t<p>Gello (\u0393\u03b5\u03bb\u03bb\u03ce) \u00e9s un dimoni de la tradici\u00f3 grega que amena\u00e7a la inf\u00e0ncia, amb arrels en la m\u00e0gia popular de l&#8217;antiguitat tardana i bizantina.<\/p><p>Pertany a la gran fam\u00edlia cultural i antropol\u00f2gica d&#8217;\u00e9ssers que amenacen les dones embarassades, les pu\u00e8rperes i els nadons, emparentat amb la mesopot\u00e0mia Lamashtu, la jueva Lilith, la romana Strix i la s\u00edria Lilitu. Qui vulgui entendre el conjunt trobar\u00e0 a la visi\u00f3 general <a href=\"https:\/\/iwell-guard.com\/ca\/?page_id=171497\">Dimonis infantils<\/a> la classificaci\u00f3 transcultural.<\/p><p>El nom de Gello apareix per primera vegada en la poetessa grega Safo (cap al 600 aC, fragment 178 Lobel-Page) com a proverbi: \u00abm\u00e9s estimadora de nens que Gello\u00bb era una expressi\u00f3 ir\u00f2nica per referir-se a una persona cruel.<\/p><p>La tradici\u00f3 posterior desenvolupa a partir d&#8217;aquesta refer\u00e8ncia un perfil complet: Gello \u00e9s una jove morta prematurament que torna a aquest m\u00f3n com a <span class=\"iwg-fachbegriff\" data-tooltip=\"Un \u00e9sser incorpori al qual s'atribueix efecte en el m\u00f3n.\" tabindex=\"0\">esperit<\/span> venjatiu i ataca els fills d&#8217;altres mares perqu\u00e8 ella mateixa no va poder tenir o criar fills.<\/p><div><h3>Gello en la tradici\u00f3 grecobizantina<\/h3><p>Gello (tamb\u00e9 <em>Gylou<\/em>, <em>Gelloudes<\/em> o <em>Gillo<\/em>) \u00e9s una figura dimon\u00edaca femenina de la tradici\u00f3 grecobizantina, que estructuralment pertany a la classe ampliada de s\u00facubes, especialitzada en amena\u00e7ar dones embarassades, pu\u00e8rperes i nadons. L&#8217;esment m\u00e9s antic apareix en Safo (fragment 178), on Gello apareix com un \u00e9sser que encarna les nenes mortes prematurament.<\/p><p>En la tradici\u00f3 bizantina esdev\u00e9 una figura de dimoni de malaltia plenament desenvolupada, contra la qual s&#8217;utilitzen amulets i f\u00f3rmules lit\u00fargiques de protecci\u00f3. La recerca m\u00e9s recent (Sarah Iles Johnston, <em>Restless Dead<\/em>, 1999; Richard Greenfield, <em>Traditions of Belief in Late Byzantine Demonology<\/em>, 1988) ha aprofundit en la profunditat historicoreligiosa de la tradici\u00f3 de Gello.<\/p><\/div>\t\t\t\t\t\t\t\t<\/div>\n\t\t\t\t\t<\/div>\n\t\t\t\t<\/div>\n\t\t\t\t\t<\/div>\n\t\t\t\t<\/div>\n\t\t<div class=\"elementor-element elementor-element-x404-s1 e-con-boxed e-flex e-con e-parent\" data-id=\"x404-s1\" data-element_type=\"container\" data-e-type=\"container\">\n\t\t\t\t\t<div class=\"e-con-inner\">\n\t\t\t\t<div class=\"elementor-element elementor-element-x404-h1 elementor-widget elementor-widget-heading\" data-id=\"x404-h1\" data-element_type=\"widget\" data-e-type=\"widget\" data-widget_type=\"heading.default\">\n\t\t\t\t\t<h2 class=\"elementor-heading-title elementor-size-default\">Context i antecedents<\/h2>\t\t\t\t<\/div>\n\t\t<div class=\"elementor-element elementor-element-x404-s1-bw e-flex e-con-boxed e-con e-parent\" data-id=\"x404-s1-bw\" data-element_type=\"container\" data-e-type=\"container\" data-settings=\"{&quot;background_background&quot;:&quot;classic&quot;}\">\n\t\t\t\t\t<div class=\"e-con-inner\">\n\t\t\t\t<div class=\"elementor-element elementor-element-x404-t1 elementor-widget elementor-widget-text-editor\" data-id=\"x404-t1\" data-element_type=\"widget\" data-e-type=\"widget\" data-widget_type=\"text-editor.default\">\n\t\t\t\t\t\t\t\t\t<p>La tradici\u00f3 prov\u00e9 de la m\u00e0gia popular grega i bizantina de l&#8217;antiguitat tardana i est\u00e0 ben documentada en la recerca historicoreligiosa com el complex de dimonis infantils de l&#8217;antiguitat tardana.<\/p>\t\t\t\t\t\t\t\t<\/div>\n\t\t\t\t\t<\/div>\n\t\t\t\t<\/div>\n\t\t\t\t\t<\/div>\n\t\t\t\t<\/div>\n\t\t<div class=\"elementor-element elementor-element-add-gello-s0 e-con-boxed e-flex e-con e-parent\" data-id=\"add-gello-s0\" data-element_type=\"container\" data-e-type=\"container\">\n\t\t\t\t\t<div class=\"e-con-inner\">\n\t\t\t\t<div class=\"elementor-element elementor-element-add-gello-h0 elementor-widget elementor-widget-heading\" data-id=\"add-gello-h0\" data-element_type=\"widget\" data-e-type=\"widget\" data-widget_type=\"heading.default\">\n\t\t\t\t\t<h2 class=\"elementor-heading-title elementor-size-default\">Rerefons mitol\u00f2gic<\/h2>\t\t\t\t<\/div>\n\t\t<div class=\"elementor-element elementor-element-add-gello-s0-bw e-flex e-con-boxed e-con e-parent\" data-id=\"add-gello-s0-bw\" data-element_type=\"container\" data-e-type=\"container\" data-settings=\"{&quot;background_background&quot;:&quot;classic&quot;}\">\n\t\t\t\t\t<div class=\"e-con-inner\">\n\t\t\t\t<div class=\"elementor-element elementor-element-add-gello-t0 elementor-widget elementor-widget-text-editor\" data-id=\"add-gello-t0\" data-element_type=\"widget\" data-e-type=\"widget\" data-widget_type=\"text-editor.default\">\n\t\t\t\t\t\t\t\t\t<p>Les fonts m\u00e9s importants sobre la tradici\u00f3 de Gello s\u00f3n els textos de protecci\u00f3 de l&#8217;antiguitat tardana i bizantins contra els dimonis infantils. El text central \u00e9s el \u00abRelat de sant Sisinni\u00bb, una llegenda hagiogr\u00e0fica ap\u00f2crifa en qu\u00e8 sant Sisinni i els seus germans Synidoros i Sinodoros persegueixen un dimoni infantil anomenat Gyllou (aquesta \u00e9s la variant ortogr\u00e0fica bizantina) i li forcen a revelar els seus dotze noms.<\/p><p>La llista de noms \u00e9s <span class=\"iwg-fachbegriff\" tabindex=\"0\" data-tooltip=\"Que allunya el mal; els s\u00edmbols apotropaics (Pazuzu, Hamsa, Nazar) protegeixen de la m\u00e0gia perjudicial i del mal d'ull.\">apotropaica<\/span>: qui coneix els dotze noms t\u00e9 poder sobre el dimoni.<\/p><p>A m\u00e9s, es conserven tauletes de plom del segle VI al X, portades com a amulets protectors, on hi ha gravades f\u00f3rmules de protecci\u00f3 contra Gello. Aquest grup de fonts epigr\u00e0fiques t\u00e9 un valor historicoreligi\u00f3s especial, ja que demostra que la tradici\u00f3 era tant liter\u00e0ria com present en la pr\u00e0ctica concreta.<\/p><p>Estudis filol\u00f2gics importants s\u00f3n els d&#8217;A. Greenfield (\u00abTraditions of Belief in Late Byzantine Demonology\u00bb, 1988) i R. P. H. Greenfield (\u00abSt. Sisinnios, the Archangel Michael and the Female Demon Gylou\u00bb, 1989).<\/p><div><h3>Parentiu amb Lilith i Lamia<\/h3><p>Gello forma, junt amb la jueva Lilith, la grega Lamia i la mesopot\u00e0mia Lamashtu, una classe de dimonis femenins relacionats amb el part, la connexi\u00f3 hist\u00f2rica de la qual ha estat estudiada sistem\u00e0ticament dins la <span class=\"iwg-fachbegriff\" data-tooltip=\"La ci\u00e8ncia que estudia les religions de manera comparativa i sense vincle de fe.\" tabindex=\"0\">ci\u00e8ncia de les religions<\/span> comparada des de Bernhard Bare (<em>The Demon Child Killer in Greek and Mesopotamian Tradition<\/em>, 1976).<\/p><p>Els paral\u00b7lelismes estructurals s\u00f3n tan estrets que cal suposar una arrel comuna de l&#8217;Orient Pr\u00f2xim antic, que ha desenvolupat expressions pr\u00f2pies en les diferents cultures mediterr\u00e0nies. La tradici\u00f3 mariana ortodoxa bizantina t\u00e9 el seu propi conjunt d&#8217;invocacions i amulets de protecci\u00f3 contra Gello, que en part es continuen practicant en la religiositat popular grega ortodoxa fins avui.<\/p><\/div>\t\t\t\t\t\t\t\t<\/div>\n\t\t\t\t\t<\/div>\n\t\t\t\t<\/div>\n\t\t\t\t\t<\/div>\n\t\t\t\t<\/div>\n\t\t<div class=\"elementor-element elementor-element-add-gello-s1 e-con-boxed e-flex e-con e-parent\" data-id=\"add-gello-s1\" data-element_type=\"container\" data-e-type=\"container\">\n\t\t\t\t\t<div class=\"e-con-inner\">\n\t\t\t\t<div class=\"elementor-element elementor-element-add-gello-h1 elementor-widget elementor-widget-heading\" data-id=\"add-gello-h1\" data-element_type=\"widget\" data-e-type=\"widget\" data-widget_type=\"heading.default\">\n\t\t\t\t\t<h2 class=\"elementor-heading-title elementor-size-default\">Fonts<\/h2>\t\t\t\t<\/div>\n\t\t<div class=\"elementor-element elementor-element-add-gello-s1-bw e-flex e-con-boxed e-con e-parent\" data-id=\"add-gello-s1-bw\" data-element_type=\"container\" data-e-type=\"container\" data-settings=\"{&quot;background_background&quot;:&quot;classic&quot;}\">\n\t\t\t\t\t<div class=\"e-con-inner\">\n\t\t\t\t<div class=\"elementor-element elementor-element-add-gello-t1 elementor-widget elementor-widget-text-editor\" data-id=\"add-gello-t1\" data-element_type=\"widget\" data-e-type=\"widget\" data-widget_type=\"text-editor.default\">\n\t\t\t\t\t\t\t\t\t<p>Bibliografia principal: A. Greenfield, \u00abTraditions of Belief in Late Byzantine Demonology\u00bb (1988); R. P. H. Greenfield sobre Sisinnios i Gylou (1989); Karl Preisendanz, \u00abPapyri Graecae Magicae\u00bb per a la tradici\u00f3 de la <span class=\"iwg-fachbegriff\" data-tooltip=\"\u00c8poca de transici\u00f3 entre l'antiguitat i l'edat mitjana, aproximadament del segle III al VII.\" tabindex=\"0\">antiguitat tardana<\/span> <span class=\"iwg-fachbegriff\" data-tooltip=\"Pr\u00e0ctiques que pretenen intervenir en el curs dels esdeveniments mitjan\u00e7ant accions o f\u00f3rmules especials.\" tabindex=\"0\">m\u00e0gica<\/span>. A m\u00e9s, el grup de fonts arqueol\u00f2giques i epigr\u00e0fiques dels amulets de plom dels segles VI al X, que s&#8217;han editat en diverses publicacions col\u00b7lectives.<\/p><div><h3>Gello dins el camp de protecci\u00f3 d&#8217;iWell Guard<\/h3><p>Gello queda inclosa en la segona capa del camp de protecci\u00f3 d&#8217;iWell Guard (vegeu <a href=\"https:\/\/iwell-guard.com\/ca\/?page_id=171627\">visi\u00f3 general de funcionament<\/a>): els intents d&#8217;esperits i dimonis d&#8217;amena\u00e7ar el portador o el seu embar\u00e0s, part o els seus nadons s\u00f3n rebutjats per l&#8217;escut protector.<\/p><p>La tradici\u00f3 hist\u00f2rica de protecci\u00f3 contra Gello ofereix una lli\u00e7\u00f3 historicoreligiosa: les pr\u00e0ctiques de protecci\u00f3 contra aquesta classe de dimonis estan elaborades en gaireb\u00e9 totes les cultures mediterr\u00e0nies desenvolupades, la qual cosa suggereix la base experiencial universal que hi ha darrere d&#8217;aquests relats.<\/p><\/div>\t\t\t\t\t\t\t\t<\/div>\n\t\t\t\t\t<\/div>\n\t\t\t\t<\/div>\n\t\t\t\t\t<\/div>\n\t\t\t\t<\/div>\n\t\t<div class=\"elementor-element elementor-element-add-gello-s2 e-con-boxed e-flex e-con e-parent\" data-id=\"add-gello-s2\" data-element_type=\"container\" data-e-type=\"container\">\n\t\t\t\t\t<div class=\"e-con-inner\">\n\t\t\t\t<div class=\"elementor-element elementor-element-add-gello-h2 elementor-widget elementor-widget-heading\" data-id=\"add-gello-h2\" data-element_type=\"widget\" data-e-type=\"widget\" data-widget_type=\"heading.default\">\n\t\t\t\t\t<h2 class=\"elementor-heading-title elementor-size-default\">Paral\u00b7lelismes<\/h2>\t\t\t\t<\/div>\n\t\t<div class=\"elementor-element elementor-element-add-gello-s2-bw e-flex e-con-boxed e-con e-parent\" data-id=\"add-gello-s2-bw\" data-element_type=\"container\" data-e-type=\"container\" data-settings=\"{&quot;background_background&quot;:&quot;classic&quot;}\">\n\t\t\t\t\t<div class=\"e-con-inner\">\n\t\t\t\t<div class=\"elementor-element elementor-element-add-gello-t2 elementor-widget elementor-widget-text-editor\" data-id=\"add-gello-t2\" data-element_type=\"widget\" data-e-type=\"widget\" data-widget_type=\"text-editor.default\">\n\t\t\t\t\t\t\t\t\t<footer class=\"iwg-literatur\"><p>Gello t\u00e9 nombroses paral\u00b7leles en tradicions ve\u00efnes: en el m\u00f3n sem\u00edtic correspon en gran mesura a Lilith i a la Lamashtu acc\u00e0dia, amb qui comparteix els trets, amena\u00e7adora per als infants, femenina, amb gran mobilitat (viatja pels aires), amb un estatus ambivalent entre esperit i dimoni.<\/p><p>En la tradici\u00f3 romana, l&#8217;\u00e9sser m\u00e9s emparentat \u00e9s l&#8217;Strix (un dimoni infant\u00edvor amb forma d&#8217;ocell); en la tradici\u00f3 eslava, la Mora o Mara; en la tradici\u00f3 jueva, Lilith amb les seves predecessores.<\/p><p>La recerca antropol\u00f2gica cultural veu en aquesta constant transcultural menys un efecte de difusi\u00f3 que una converg\u00e8ncia funcional: l&#8217;elevada mortalitat de nadons i pu\u00e8rperes en les societats premodernes va generar una necessitat d&#8217;explicaci\u00f3 i de protecci\u00f3 que va donar lloc a perfils d&#8217;\u00e9ssers similars en nombroses cultures.<\/p><p>La tradici\u00f3 de protecci\u00f3 contra Gello i els seus parents \u00e9s la base hist\u00f2rica m\u00e9s \u00e0mplia de la posterior tradici\u00f3 protectora en general; els amulets apotropaics, les invocacions de protecci\u00f3 i les pr\u00e0ctiques de purificaci\u00f3 ritualitzades tenen aqu\u00ed el seu domini d&#8217;aplicaci\u00f3 m\u00e9s antic i culturalment m\u00e9s constant.<\/p><h3>Refer\u00e8ncies a iWell Guard<\/h3><p>A iWell Guard, Gello \u00e9s una entrada al l\u00e8xic de la tradici\u00f3 grega (vegeu <a href=\"https:\/\/iwell-guard.com\/ca\/grecia\/\">Gr\u00e8cia<\/a>) i alhora forma part de la visi\u00f3 de classe <a href=\"https:\/\/iwell-guard.com\/ca\/?page_id=171497\">Dimonis infant\u00edvors<\/a>. Entrades relacionades s\u00f3n <a href=\"https:\/\/iwell-guard.com\/ca\/lamia\/\">Lamia<\/a> com la dimoni infant\u00edvora grega m\u00e9s destacada, <a href=\"https:\/\/iwell-guard.com\/ca\/empusa\/\">Empusa<\/a> del complex de s\u00facubes m\u00e9s estretament emparentat, i <a href=\"https:\/\/iwell-guard.com\/ca\/?page_id=171360\">Lilith<\/a> com a equivalent jueva.<\/p><p>La tradici\u00f3 de Gello forma part de la <span class=\"iwg-fachbegriff\" data-tooltip=\"El conjunt de les narracions m\u00edtiques transmeses sobre els d\u00e9us d'una cultura.\" tabindex=\"0\">mitologia<\/span> grega tardoantiga i de la recerca sobre dimonis infant\u00edvors del folklore.<\/p><p>La tradici\u00f3 de Gello forma part de la <span class=\"iwg-fachbegriff\" data-tooltip=\"El conjunt de les narracions m\u00edtiques transmeses sobre els d\u00e9us d'una cultura.\" tabindex=\"0\">mitologia<\/span> grega tardoantiga i de la recerca sobre dimonis infant\u00edvors del folklore.<\/p><p>La tradici\u00f3 de Gello forma part de la <span class=\"iwg-fachbegriff\" data-tooltip=\"El conjunt de les narracions m\u00edtiques transmeses sobre els d\u00e9us d'una cultura.\" tabindex=\"0\">mitologia<\/span> grega tardoantiga i de la tradici\u00f3 del folklore popular.<\/p><\/footer>\t\t\t\t\t\t\t\t<\/div>\n\t\t\t\t\t<\/div>\n\t\t\t\t<\/div>\n\t\t\t\t\t<\/div>\n\t\t\t\t<\/div>\n\t\t\t\t<\/div>\n\t\t","protected":false},"excerpt":{"rendered":"","protected":false},"author":3,"featured_media":2279,"parent":0,"menu_order":0,"comment_status":"closed","ping_status":"closed","template":"elementor_header_footer","meta":{"_yoast_wpseo_focuskw":"gello","_yoast_wpseo_title":"Gello \u2013 dimoni infantil de la tradici\u00f3 bizantina","_yoast_wpseo_metadesc":"Dimoni infantil de la tradici\u00f3 grecobizantina, paral\u00b7lel a Lamia i Mormo. Se li atribueix causar mal a les dones embarassades i als nadons. Se'n parla en fonts primerenques","_yoast_wpseo_meta-robots-noindex":"1","_yoast_wpseo_canonical":"","_angie_page":false,"gefaehrdungsstufe":"","wesen_kultur":"","wesen_klasse":"","footnotes":""},"categories":[],"class_list":["post-171620","page","type-page","status-publish","has-post-thumbnail","hentry"],"yoast_head":"<!-- This site is optimized with the Yoast SEO Premium plugin v27.7 (Yoast SEO v28.3) - https:\/\/yoast.com\/product\/yoast-seo-premium-wordpress\/ -->\n<title>Gello \u2013 dimoni infantil de la tradici\u00f3 bizantina<\/title>\n<meta name=\"description\" content=\"Dimoni infantil de la tradici\u00f3 grecobizantina, paral\u00b7lel a Lamia i Mormo. Se li atribueix causar mal a les dones embarassades i als nadons. Se&#039;n parla en fonts primerenques\" \/>\n<meta name=\"robots\" content=\"noindex, follow\" \/>\n<meta property=\"og:locale\" content=\"ca_ES\" \/>\n<meta property=\"og:type\" content=\"article\" \/>\n<meta property=\"og:title\" content=\"Gello\" \/>\n<meta property=\"og:description\" content=\"Dimoni infantil de la tradici\u00f3 grecobizantina, paral\u00b7lel a Lamia i Mormo. Se li atribueix causar mal a les dones embarassades i als nadons. Se&#039;n parla en fonts primerenques\" \/>\n<meta property=\"og:url\" content=\"https:\/\/iwell-guard.com\/ca\/gello\/\" \/>\n<meta property=\"og:site_name\" content=\"iWell Guard\" \/>\n<meta property=\"article:modified_time\" content=\"2026-09-05T16:02:42+00:00\" \/>\n<meta property=\"og:image\" content=\"https:\/\/iwell-guard.com\/wp-content\/uploads\/2026\/05\/daemonen_griechenland_gello.webp\" \/>\n\t<meta property=\"og:image:width\" content=\"1024\" \/>\n\t<meta property=\"og:image:height\" content=\"1536\" \/>\n\t<meta property=\"og:image:type\" content=\"image\/webp\" \/>\n<meta name=\"twitter:card\" content=\"summary_large_image\" \/>\n<script type=\"application\/ld+json\" class=\"yoast-schema-graph\">{\"@context\":\"https:\\\/\\\/schema.org\",\"@graph\":[{\"@type\":\"WebPage\",\"@id\":\"https:\\\/\\\/iwell-guard.com\\\/ca\\\/gello\\\/\",\"url\":\"https:\\\/\\\/iwell-guard.com\\\/ca\\\/gello\\\/\",\"name\":\"Gello \u2013 dimoni infantil de la tradici\u00f3 bizantina\",\"isPartOf\":{\"@id\":\"https:\\\/\\\/iwell-guard.com\\\/ca\\\/#website\"},\"primaryImageOfPage\":{\"@id\":\"https:\\\/\\\/iwell-guard.com\\\/ca\\\/gello\\\/#primaryimage\"},\"image\":{\"@id\":\"https:\\\/\\\/iwell-guard.com\\\/ca\\\/gello\\\/#primaryimage\"},\"thumbnailUrl\":\"https:\\\/\\\/iwell-guard.com\\\/wp-content\\\/uploads\\\/2026\\\/05\\\/daemonen_griechenland_gello.webp\",\"datePublished\":\"2026-09-05T15:40:55+00:00\",\"dateModified\":\"2026-09-05T16:02:42+00:00\",\"description\":\"Dimoni infantil de la tradici\u00f3 grecobizantina, paral\u00b7lel a Lamia i Mormo. Se li atribueix causar mal a les dones embarassades i als nadons. Se'n parla en fonts primerenques\",\"breadcrumb\":{\"@id\":\"https:\\\/\\\/iwell-guard.com\\\/ca\\\/gello\\\/#breadcrumb\"},\"inLanguage\":\"ca\",\"potentialAction\":[{\"@type\":\"ReadAction\",\"target\":[\"https:\\\/\\\/iwell-guard.com\\\/ca\\\/gello\\\/\"]}]},{\"@type\":\"ImageObject\",\"inLanguage\":\"ca\",\"@id\":\"https:\\\/\\\/iwell-guard.com\\\/ca\\\/gello\\\/#primaryimage\",\"url\":\"https:\\\/\\\/iwell-guard.com\\\/wp-content\\\/uploads\\\/2026\\\/05\\\/daemonen_griechenland_gello.webp\",\"contentUrl\":\"https:\\\/\\\/iwell-guard.com\\\/wp-content\\\/uploads\\\/2026\\\/05\\\/daemonen_griechenland_gello.webp\",\"width\":1024,\"height\":1536,\"caption\":\"Dimonis de la tradici\u00f3 grega.\"},{\"@type\":\"BreadcrumbList\",\"@id\":\"https:\\\/\\\/iwell-guard.com\\\/ca\\\/gello\\\/#breadcrumb\",\"itemListElement\":[{\"@type\":\"ListItem\",\"position\":1,\"name\":\"Start\",\"item\":\"https:\\\/\\\/iwell-guard.com\\\/ca\\\/?page_id=171333\"},{\"@type\":\"ListItem\",\"position\":2,\"name\":\"Gello\"}]},{\"@type\":\"WebSite\",\"@id\":\"https:\\\/\\\/iwell-guard.com\\\/ca\\\/#website\",\"url\":\"https:\\\/\\\/iwell-guard.com\\\/ca\\\/\",\"name\":\"iWell Guard\",\"description\":\"Schutz vor dunklen Einfl\u00fcssen\",\"publisher\":{\"@id\":\"https:\\\/\\\/iwell-guard.com\\\/ca\\\/#organization\"},\"potentialAction\":[{\"@type\":\"SearchAction\",\"target\":{\"@type\":\"EntryPoint\",\"urlTemplate\":\"https:\\\/\\\/iwell-guard.com\\\/ca\\\/?s={search_term_string}\"},\"query-input\":{\"@type\":\"PropertyValueSpecification\",\"valueRequired\":true,\"valueName\":\"search_term_string\"}}],\"inLanguage\":\"ca\"},{\"@type\":\"Organization\",\"@id\":\"https:\\\/\\\/iwell-guard.com\\\/ca\\\/#organization\",\"name\":\"Ittermann electronic GmbH\",\"url\":\"https:\\\/\\\/iwell-guard.com\\\/ca\\\/\",\"logo\":{\"@type\":\"ImageObject\",\"inLanguage\":\"ca\",\"@id\":\"https:\\\/\\\/iwell-guard.com\\\/ca\\\/#\\\/schema\\\/logo\\\/image\\\/\",\"url\":\"https:\\\/\\\/iwell-guard.com\\\/wp-content\\\/uploads\\\/2026\\\/05\\\/Ittermann-Logo-1182x237-1.png\",\"contentUrl\":\"https:\\\/\\\/iwell-guard.com\\\/wp-content\\\/uploads\\\/2026\\\/05\\\/Ittermann-Logo-1182x237-1.png\",\"width\":1182,\"height\":237,\"caption\":\"Ittermann electronic GmbH\"},\"image\":{\"@id\":\"https:\\\/\\\/iwell-guard.com\\\/ca\\\/#\\\/schema\\\/logo\\\/image\\\/\"},\"sameAs\":[\"https:\\\/\\\/pantip.com\\\/profile\\\/9367242\",\"https:\\\/\\\/micro.blog\\\/iwellguard\",\"https:\\\/\\\/www.diggerslist.com\\\/iwellguard\\\/about\",\"https:\\\/\\\/skitterphoto.com\\\/photographers\\\/2870314\\\/iwell-guard\",\"https:\\\/\\\/iwellguard.wordpress.com\\\/2026\\\/06\\\/06\\\/iwell-guard\\\/\",\"https:\\\/\\\/hub.docker.com\\\/u\\\/iwellguard\",\"https:\\\/\\\/www.pinterest.com\\\/iwellguard\\\/\",\"https:\\\/\\\/bit.ly\\\/m\\\/iwellguard\",\"https:\\\/\\\/entre-vos-mains.alsace.eu\\\/profiles\\\/iwellguard\\\/activity\",\"https:\\\/\\\/gravatar.com\\\/reallybeded8fd34\",\"https:\\\/\\\/naijamatta.com\\\/iwellguard\",\"https:\\\/\\\/www.goodreads.com\\\/iwellguard\",\"https:\\\/\\\/profile.hatena.ne.jp\\\/iwellguard\\\/\",\"https:\\\/\\\/experiment.com\\\/users\\\/iwellguard\",\"https:\\\/\\\/wakelet.com\\\/@iWellGuard82270\",\"https:\\\/\\\/www.chordie.com\\\/forum\\\/profile.php?id=2555664\",\"https:\\\/\\\/www.instapaper.com\\\/p\\\/17757966\",\"https:\\\/\\\/www.mapleprimes.com\\\/users\\\/iwellguard\",\"https:\\\/\\\/businesslistingplus.com\\\/profile\\\/iwell-guard\\\/\",\"https:\\\/\\\/telegra.ph\\\/iWell-Guard-06-06\",\"https:\\\/\\\/pbase.com\\\/iwellguard\\\/iwellguard\",\"https:\\\/\\\/b.hatena.ne.jp\\\/iwellguard\\\/20260607#bookmark-4788405196491818882\",\"https:\\\/\\\/fliphtml5.com\\\/home\\\/iwellguard\",\"https:\\\/\\\/anyflip.com\\\/homepage\\\/cmiwl#About\",\"https:\\\/\\\/transfur.com\\\/Users\\\/iwellguard\",\"http:\\\/\\\/delphi.larsbo.org\\\/user\\\/iwellguard\",\"https:\\\/\\\/jobs.lajobsportal.org\\\/profiles\\\/8380803-iwell-guard\",\"https:\\\/\\\/md.chaosdorf.de\\\/s\\\/jfbe5SBdJD\",\"https:\\\/\\\/www.lingvolive.com\\\/en-us\\\/profile\\\/9ecaeaca-ce11-4e51-9e71-01d55e2bff36\\\/translations\",\"https:\\\/\\\/www.fitday.com\\\/fitness\\\/forums\\\/members\\\/iwellguard.html\",\"https:\\\/\\\/www.mymeetbook.com\\\/iwellguard\",\"https:\\\/\\\/pxhere.com\\\/en\\\/photographer-me\\\/5040798\",\"https:\\\/\\\/disqus.com\\\/by\\\/iwellguard\\\/about\\\/\",\"https:\\\/\\\/pastelink.net\\\/hjwciqwq\",\"https:\\\/\\\/pubhtml5.com\\\/homepage\\\/scjhn\\\/\",\"https:\\\/\\\/www.bitchute.com\\\/channel\\\/2O2eOKzNqujT\",\"https:\\\/\\\/audiomack.com\\\/iwellguard\"]}]}<\/script>\n<!-- \/ Yoast SEO Premium plugin. -->","yoast_head_json":{"title":"Gello \u2013 dimoni infantil de la tradici\u00f3 bizantina","description":"Dimoni infantil de la tradici\u00f3 grecobizantina, paral\u00b7lel a Lamia i Mormo. Se li atribueix causar mal a les dones embarassades i als nadons. Se'n parla en fonts primerenques","robots":{"index":"noindex","follow":"follow"},"og_locale":"ca_ES","og_type":"article","og_title":"Gello","og_description":"Dimoni infantil de la tradici\u00f3 grecobizantina, paral\u00b7lel a Lamia i Mormo. Se li atribueix causar mal a les dones embarassades i als nadons. Se'n parla en fonts primerenques","og_url":"https:\/\/iwell-guard.com\/ca\/gello\/","og_site_name":"iWell Guard","article_modified_time":"2026-09-05T16:02:42+00:00","og_image":[{"width":1024,"height":1536,"url":"https:\/\/iwell-guard.com\/wp-content\/uploads\/2026\/05\/daemonen_griechenland_gello.webp","type":"image\/webp"}],"twitter_card":"summary_large_image","schema":{"@context":"https:\/\/schema.org","@graph":[{"@type":"WebPage","@id":"https:\/\/iwell-guard.com\/ca\/gello\/","url":"https:\/\/iwell-guard.com\/ca\/gello\/","name":"Gello \u2013 dimoni infantil de la tradici\u00f3 bizantina","isPartOf":{"@id":"https:\/\/iwell-guard.com\/ca\/#website"},"primaryImageOfPage":{"@id":"https:\/\/iwell-guard.com\/ca\/gello\/#primaryimage"},"image":{"@id":"https:\/\/iwell-guard.com\/ca\/gello\/#primaryimage"},"thumbnailUrl":"https:\/\/iwell-guard.com\/wp-content\/uploads\/2026\/05\/daemonen_griechenland_gello.webp","datePublished":"2026-09-05T15:40:55+00:00","dateModified":"2026-09-05T16:02:42+00:00","description":"Dimoni infantil de la tradici\u00f3 grecobizantina, paral\u00b7lel a Lamia i Mormo. Se li atribueix causar mal a les dones embarassades i als nadons. Se'n parla en fonts primerenques","breadcrumb":{"@id":"https:\/\/iwell-guard.com\/ca\/gello\/#breadcrumb"},"inLanguage":"ca","potentialAction":[{"@type":"ReadAction","target":["https:\/\/iwell-guard.com\/ca\/gello\/"]}]},{"@type":"ImageObject","inLanguage":"ca","@id":"https:\/\/iwell-guard.com\/ca\/gello\/#primaryimage","url":"https:\/\/iwell-guard.com\/wp-content\/uploads\/2026\/05\/daemonen_griechenland_gello.webp","contentUrl":"https:\/\/iwell-guard.com\/wp-content\/uploads\/2026\/05\/daemonen_griechenland_gello.webp","width":1024,"height":1536,"caption":"Dimonis de la tradici\u00f3 grega."},{"@type":"BreadcrumbList","@id":"https:\/\/iwell-guard.com\/ca\/gello\/#breadcrumb","itemListElement":[{"@type":"ListItem","position":1,"name":"Start","item":"https:\/\/iwell-guard.com\/ca\/?page_id=171333"},{"@type":"ListItem","position":2,"name":"Gello"}]},{"@type":"WebSite","@id":"https:\/\/iwell-guard.com\/ca\/#website","url":"https:\/\/iwell-guard.com\/ca\/","name":"iWell Guard","description":"Schutz vor dunklen Einfl\u00fcssen","publisher":{"@id":"https:\/\/iwell-guard.com\/ca\/#organization"},"potentialAction":[{"@type":"SearchAction","target":{"@type":"EntryPoint","urlTemplate":"https:\/\/iwell-guard.com\/ca\/?s={search_term_string}"},"query-input":{"@type":"PropertyValueSpecification","valueRequired":true,"valueName":"search_term_string"}}],"inLanguage":"ca"},{"@type":"Organization","@id":"https:\/\/iwell-guard.com\/ca\/#organization","name":"Ittermann electronic GmbH","url":"https:\/\/iwell-guard.com\/ca\/","logo":{"@type":"ImageObject","inLanguage":"ca","@id":"https:\/\/iwell-guard.com\/ca\/#\/schema\/logo\/image\/","url":"https:\/\/iwell-guard.com\/wp-content\/uploads\/2026\/05\/Ittermann-Logo-1182x237-1.png","contentUrl":"https:\/\/iwell-guard.com\/wp-content\/uploads\/2026\/05\/Ittermann-Logo-1182x237-1.png","width":1182,"height":237,"caption":"Ittermann electronic GmbH"},"image":{"@id":"https:\/\/iwell-guard.com\/ca\/#\/schema\/logo\/image\/"},"sameAs":["https:\/\/pantip.com\/profile\/9367242","https:\/\/micro.blog\/iwellguard","https:\/\/www.diggerslist.com\/iwellguard\/about","https:\/\/skitterphoto.com\/photographers\/2870314\/iwell-guard","https:\/\/iwellguard.wordpress.com\/2026\/06\/06\/iwell-guard\/","https:\/\/hub.docker.com\/u\/iwellguard","https:\/\/www.pinterest.com\/iwellguard\/","https:\/\/bit.ly\/m\/iwellguard","https:\/\/entre-vos-mains.alsace.eu\/profiles\/iwellguard\/activity","https:\/\/gravatar.com\/reallybeded8fd34","https:\/\/naijamatta.com\/iwellguard","https:\/\/www.goodreads.com\/iwellguard","https:\/\/profile.hatena.ne.jp\/iwellguard\/","https:\/\/experiment.com\/users\/iwellguard","https:\/\/wakelet.com\/@iWellGuard82270","https:\/\/www.chordie.com\/forum\/profile.php?id=2555664","https:\/\/www.instapaper.com\/p\/17757966","https:\/\/www.mapleprimes.com\/users\/iwellguard","https:\/\/businesslistingplus.com\/profile\/iwell-guard\/","https:\/\/telegra.ph\/iWell-Guard-06-06","https:\/\/pbase.com\/iwellguard\/iwellguard","https:\/\/b.hatena.ne.jp\/iwellguard\/20260607#bookmark-4788405196491818882","https:\/\/fliphtml5.com\/home\/iwellguard","https:\/\/anyflip.com\/homepage\/cmiwl#About","https:\/\/transfur.com\/Users\/iwellguard","http:\/\/delphi.larsbo.org\/user\/iwellguard","https:\/\/jobs.lajobsportal.org\/profiles\/8380803-iwell-guard","https:\/\/md.chaosdorf.de\/s\/jfbe5SBdJD","https:\/\/www.lingvolive.com\/en-us\/profile\/9ecaeaca-ce11-4e51-9e71-01d55e2bff36\/translations","https:\/\/www.fitday.com\/fitness\/forums\/members\/iwellguard.html","https:\/\/www.mymeetbook.com\/iwellguard","https:\/\/pxhere.com\/en\/photographer-me\/5040798","https:\/\/disqus.com\/by\/iwellguard\/about\/","https:\/\/pastelink.net\/hjwciqwq","https:\/\/pubhtml5.com\/homepage\/scjhn\/","https:\/\/www.bitchute.com\/channel\/2O2eOKzNqujT","https:\/\/audiomack.com\/iwellguard"]}]}},"_links":{"self":[{"href":"https:\/\/iwell-guard.com\/ca\/wp-json\/wp\/v2\/pages\/171620","targetHints":{"allow":["GET"]}}],"collection":[{"href":"https:\/\/iwell-guard.com\/ca\/wp-json\/wp\/v2\/pages"}],"about":[{"href":"https:\/\/iwell-guard.com\/ca\/wp-json\/wp\/v2\/types\/page"}],"author":[{"embeddable":true,"href":"https:\/\/iwell-guard.com\/ca\/wp-json\/wp\/v2\/users\/3"}],"replies":[{"embeddable":true,"href":"https:\/\/iwell-guard.com\/ca\/wp-json\/wp\/v2\/comments?post=171620"}],"version-history":[{"count":0,"href":"https:\/\/iwell-guard.com\/ca\/wp-json\/wp\/v2\/pages\/171620\/revisions"}],"wp:featuredmedia":[{"embeddable":true,"href":"https:\/\/iwell-guard.com\/ca\/wp-json\/wp\/v2\/media\/2279"}],"wp:attachment":[{"href":"https:\/\/iwell-guard.com\/ca\/wp-json\/wp\/v2\/media?parent=171620"}],"wp:term":[{"taxonomy":"category","embeddable":true,"href":"https:\/\/iwell-guard.com\/ca\/wp-json\/wp\/v2\/categories?post=171620"}],"curies":[{"name":"wp","href":"https:\/\/api.w.org\/{rel}","templated":true}]}}