{"id":171613,"date":"2026-09-05T15:40:51","date_gmt":"2026-09-05T15:40:51","guid":{"rendered":"https:\/\/iwell-guard.com\/?page_id=171613"},"modified":"2026-09-05T16:02:30","modified_gmt":"2026-09-05T16:02:30","slug":"leanan-sidhe","status":"publish","type":"page","link":"https:\/\/iwell-guard.com\/ca\/leanan-sidhe\/","title":{"rendered":"Leanan Sidhe"},"content":{"rendered":"\t\t<div data-elementor-type=\"wp-page\" data-elementor-id=\"171613\" class=\"elementor elementor-171613 elementor-2189 elementor-bc-flex-widget\" data-elementor-post-type=\"page\">\n\t\t\t\t<div class=\"elementor-element elementor-element-10fdade e-flex e-con-boxed e-con e-parent\" data-id=\"10fdade\" data-element_type=\"container\" data-e-type=\"container\" data-settings=\"{&quot;background_background&quot;:&quot;classic&quot;}\">\n\t\t\t\t\t<div class=\"e-con-inner\">\n\t\t<div class=\"elementor-element elementor-element-herohlft0 e-flex e-con-boxed e-con e-child\" data-id=\"herohlft0\" data-element_type=\"container\" data-e-type=\"container\">\n\t\t\t\t\t<div class=\"e-con-inner\">\n\t\t<div class=\"elementor-element elementor-element-c3ceb64 e-con-full e-flex e-con e-child\" data-id=\"c3ceb64\" data-element_type=\"container\" data-e-type=\"container\">\n\t\t\t\t<div class=\"elementor-element elementor-element-96ae5e1 elementor-widget elementor-widget-heading\" data-id=\"96ae5e1\" data-element_type=\"widget\" data-e-type=\"widget\" data-widget_type=\"heading.default\">\n\t\t\t\t\t<h1 class=\"elementor-heading-title elementor-size-default\">Leanan Sidhe, esperit de la tradici\u00f3 celta<\/h1>\t\t\t\t<\/div>\n\t\t\t\t<div class=\"elementor-element elementor-element-e45238a elementor-widget elementor-widget-text-editor\" data-id=\"e45238a\" data-element_type=\"widget\" data-e-type=\"widget\" data-widget_type=\"text-editor.default\">\n\t\t\t\t\t\t\t\t\t<p>Leanan Sidhe \u00e9s l&#8217;<span class=\"iwg-fachbegriff\" data-tooltip=\"Un \u00e9sser incorpori al qual s'atribueix influ\u00e8ncia en el m\u00f3n.\" tabindex=\"0\">esperit<\/span> de la tradici\u00f3 celta, una dona sobrenatural o F\u00e9in que apareix a poetes i artistes, els inspira i alhora els esgota. Representa, en termes de hist\u00f2ria de les religions, el tipus de \u00abl&#8217;amant fada\u00bb, una figura de transgressi\u00f3 de la frontera entre el m\u00f3n dels humans i l&#8217;Altre M\u00f3n.<\/p>\t\t\t\t\t\t\t\t<\/div>\n\t\t\t\t<\/div>\n\t\t<div class=\"elementor-element elementor-element-klsbdg01 e-con-full e-flex e-con e-parent\" data-id=\"klsbdg01\" data-element_type=\"container\" data-e-type=\"container\">\n\t\t\t\t<div class=\"elementor-element elementor-element-klshtm01 elementor-widget elementor-widget-html\" data-id=\"klshtm01\" data-element_type=\"widget\" data-e-type=\"widget\" data-widget_type=\"html.default\">\n\t\t\t\t\t<div class=\"iwg-pill-row\"><span class=\"iwg-klasse-badge\" tabindex=\"0\" data-tooltip=\"Esperit: \u00c9sser incorpori o semicorpori, difunts, \u00e9ssers de la natura, esperits de la llar o guardians dels llindars. Actua en la vida quotidiana, sovint lligat a llocs o fam\u00edlies.\">Esperit<\/span><a href=\"https:\/\/iwell-guard.com\/ca\/?page_id=171367\" class=\"iwg-kultur-badge\" tabindex=\"0\" data-tooltip=\"Religi\u00f3 c\u00e8ltica de l'Europa Occidental i les Illes Brit\u00e0niques, transmesa mitol\u00f2gicament mitjan\u00e7ant textos irlandesos i gal\u00b7lesos.\">C\u00e8ltic<\/a><\/div>\t\t\t\t<\/div>\n\t\t\t\t<\/div>\n\t\t<div class=\"elementor-element elementor-element-3f74855 e-con-full e-flex e-con e-child\" data-id=\"3f74855\" data-element_type=\"container\" data-e-type=\"container\">\n\t\t\t\t<div class=\"elementor-element elementor-element-1c30362 elementor-toc--minimized-on-tablet elementor-widget elementor-widget-table-of-contents\" data-id=\"1c30362\" data-element_type=\"widget\" data-e-type=\"widget\" data-settings=\"{&quot;exclude_headings_by_selector&quot;:[],&quot;no_headings_message&quot;:&quot;No s&#039;ha trobat cap encap\\u00e7alament en aquesta p\\u00e0gina.&quot;,&quot;headings_by_tags&quot;:[&quot;h2&quot;,&quot;h3&quot;],&quot;marker_view&quot;:&quot;bullets&quot;,&quot;minimize_box&quot;:&quot;yes&quot;,&quot;icon&quot;:{&quot;value&quot;:&quot;fas fa-circle&quot;,&quot;library&quot;:&quot;fa-solid&quot;,&quot;rendered_tag&quot;:&quot;&lt;svg class=\\&quot;e-font-icon-svg e-fas-circle\\&quot; viewBox=\\&quot;0 0 512 512\\&quot; xmlns=\\&quot;http:\\\/\\\/www.w3.org\\\/2000\\\/svg\\&quot;&gt;&lt;path d=\\&quot;M256 8C119 8 8 119 8 256s111 248 248 248 248-111 248-248S393 8 256 8z\\&quot;&gt;&lt;\\\/path&gt;&lt;\\\/svg&gt;&quot;},&quot;minimized_on&quot;:&quot;tablet&quot;,&quot;hierarchical_view&quot;:&quot;yes&quot;,&quot;min_height&quot;:{&quot;unit&quot;:&quot;px&quot;,&quot;size&quot;:&quot;&quot;,&quot;sizes&quot;:[]},&quot;min_height_tablet&quot;:{&quot;unit&quot;:&quot;px&quot;,&quot;size&quot;:&quot;&quot;,&quot;sizes&quot;:[]},&quot;min_height_mobile&quot;:{&quot;unit&quot;:&quot;px&quot;,&quot;size&quot;:&quot;&quot;,&quot;sizes&quot;:[]}}\" data-widget_type=\"table-of-contents.default\">\n\t\t\t\t\t\t\t\t\t<div class=\"elementor-toc__header\">\n\t\t\t\t\t\t<h2 class=\"elementor-toc__header-title\">\n\t\t\t\t\u00cdndex\t\t\t<\/h2>\n\t\t\t\t\t\t\t\t\t\t<div class=\"elementor-toc__toggle-button elementor-toc__toggle-button--expand\" role=\"button\" tabindex=\"0\" aria-controls=\"elementor-toc__1c30362\" aria-expanded=\"true\" aria-label=\"Open table of contents\"><svg aria-hidden=\"true\" class=\"e-font-icon-svg e-fas-chevron-down\" viewBox=\"0 0 448 512\" xmlns=\"http:\/\/www.w3.org\/2000\/svg\"><path d=\"M207.029 381.476L12.686 187.132c-9.373-9.373-9.373-24.569 0-33.941l22.667-22.667c9.357-9.357 24.522-9.375 33.901-.04L224 284.505l154.745-154.021c9.379-9.335 24.544-9.317 33.901.04l22.667 22.667c9.373 9.373 9.373 24.569 0 33.941L240.971 381.476c-9.373 9.372-24.569 9.372-33.942 0z\"><\/path><\/svg><\/div>\n\t\t\t\t<div class=\"elementor-toc__toggle-button elementor-toc__toggle-button--collapse\" role=\"button\" tabindex=\"0\" aria-controls=\"elementor-toc__1c30362\" aria-expanded=\"true\" aria-label=\"Close table of contents\"><svg aria-hidden=\"true\" class=\"e-font-icon-svg e-fas-chevron-up\" viewBox=\"0 0 448 512\" xmlns=\"http:\/\/www.w3.org\/2000\/svg\"><path d=\"M240.971 130.524l194.343 194.343c9.373 9.373 9.373 24.569 0 33.941l-22.667 22.667c-9.357 9.357-24.522 9.375-33.901.04L224 227.495 69.255 381.516c-9.379 9.335-24.544 9.317-33.901-.04l-22.667-22.667c-9.373-9.373-9.373-24.569 0-33.941L207.03 130.525c9.372-9.373 24.568-9.373 33.941-.001z\"><\/path><\/svg><\/div>\n\t\t\t\t\t<\/div>\n\t\t\t\t<div id=\"elementor-toc__1c30362\" class=\"elementor-toc__body\">\n\t\t\t<div class=\"elementor-toc__spinner-container\">\n\t\t\t\t<svg class=\"elementor-toc__spinner eicon-animation-spin e-font-icon-svg e-eicon-loading\" aria-hidden=\"true\" viewBox=\"0 0 1000 1000\" xmlns=\"http:\/\/www.w3.org\/2000\/svg\"><path d=\"M500 975V858C696 858 858 696 858 500S696 142 500 142 142 304 142 500H25C25 237 238 25 500 25S975 237 975 500 763 975 500 975Z\"><\/path><\/svg>\t\t\t<\/div>\n\t\t<\/div>\n\t\t\t\t\t\t<\/div>\n\t\t\t\t<\/div>\n\t\t\t\t\t<\/div>\n\t\t\t\t<\/div>\n\t\t<div class=\"elementor-element elementor-element-herorght0 e-con-full e-flex e-con e-child\" data-id=\"herorght0\" data-element_type=\"container\" data-e-type=\"container\">\n\t\t\t\t<div class=\"elementor-element elementor-element-heroimg00 iwg-hero-image elementor-widget elementor-widget-image\" data-id=\"heroimg00\" data-element_type=\"widget\" data-e-type=\"widget\" data-widget_type=\"image.default\">\n\t\t\t\t\t\t\t\t\t\t\t\t\t\t\t<img fetchpriority=\"high\" decoding=\"async\" width=\"683\" height=\"1024\" src=\"https:\/\/iwell-guard.com\/wp-content\/uploads\/2026\/04\/geister_keltisch_leanan-sidhe-683x1024.webp\" class=\"attachment-large size-large wp-image-1612\" alt=\"Leanan Sidhe\" srcset=\"https:\/\/iwell-guard.com\/wp-content\/uploads\/2026\/04\/geister_keltisch_leanan-sidhe-683x1024.webp 683w, https:\/\/iwell-guard.com\/wp-content\/uploads\/2026\/04\/geister_keltisch_leanan-sidhe-200x300.webp 200w, https:\/\/iwell-guard.com\/wp-content\/uploads\/2026\/04\/geister_keltisch_leanan-sidhe-768x1152.webp 768w, https:\/\/iwell-guard.com\/wp-content\/uploads\/2026\/04\/geister_keltisch_leanan-sidhe.webp 1024w\" sizes=\"(max-width: 683px) 100vw, 683px\" \/>\t\t\t\t\t\t\t\t\t\t\t\t\t\t\t<\/div>\n\t\t\t\t<\/div>\n\t\t\t\t\t<\/div>\n\t\t\t\t<\/div>\n\t\t<div class=\"elementor-element elementor-element-32917199 e-flex e-con-boxed e-con e-parent\" data-id=\"32917199\" data-element_type=\"container\" data-e-type=\"container\">\n\t\t\t\t\t<div class=\"e-con-inner\">\n\t\t<div class=\"elementor-element elementor-element-26e916cb e-flex e-con-boxed e-con e-child\" data-id=\"26e916cb\" data-element_type=\"container\" data-e-type=\"container\">\n\t\t\t\t\t<div class=\"e-con-inner\">\n\t\t<div class=\"elementor-element elementor-element-253a40d4 e-flex e-con-boxed e-con e-child\" data-id=\"253a40d4\" data-element_type=\"container\" data-e-type=\"container\">\n\t\t\t\t\t<div class=\"e-con-inner\">\n\t\t\t\t<div class=\"elementor-element elementor-element-1200c304 elementor-widget elementor-widget-heading\" data-id=\"1200c304\" data-element_type=\"widget\" data-e-type=\"widget\" data-widget_type=\"heading.default\">\n\t\t\t\t\t<h2 class=\"elementor-heading-title elementor-size-default\">Leanan Sidhe<\/h2>\t\t\t\t<\/div>\n\t\t\t\t<div class=\"elementor-element elementor-element-11758e7f elementor-widget elementor-widget-text-editor\" data-id=\"11758e7f\" data-element_type=\"widget\" data-e-type=\"widget\" data-widget_type=\"text-editor.default\">\n\t\t\t\t\t\t\t\t\t<p>Leanan Sidhe (\u00abdona fada\u00bb o \u00abamant fada\u00bb) es representa com una for\u00e7a femenina sobrenatural que dona inspiraci\u00f3 als poetes, per\u00f2 que tamb\u00e9 els porta patiment i esgotament. Pertany als Sidhe, els \u00e9ssers fades irlandesos.<\/p><p>Segons la llegenda, estableix relacions amoroses o espirituals amb poetes com Ois\u00edn o altres artistes, relacions que condueixen al geni art\u00edstic, per\u00f2 tamb\u00e9 a la bogeria o la mort. Encarna la for\u00e7a ambivalent de la inspiraci\u00f3 art\u00edstica.<\/p>\t\t\t\t\t\t\t\t<\/div>\n\t\t\t\t\t<\/div>\n\t\t\t\t<\/div>\n\t\t<div class=\"elementor-element elementor-element-159dcf9a e-flex e-con-boxed e-con e-child\" data-id=\"159dcf9a\" data-element_type=\"container\" data-e-type=\"container\">\n\t\t\t\t\t<div class=\"e-con-inner\">\n\t\t\t\t<div class=\"elementor-element elementor-element-48cee66f elementor-widget elementor-widget-heading\" data-id=\"48cee66f\" data-element_type=\"widget\" data-e-type=\"widget\" data-widget_type=\"heading.default\">\n\t\t\t\t\t<h2 class=\"elementor-heading-title elementor-size-default\">Resum: Leanan Sidhe<\/h2>\t\t\t\t<\/div>\n\t\t\t\t<div class=\"elementor-element elementor-element-3f50d82c elementor-widget elementor-widget-text-editor\" data-id=\"3f50d82c\" data-element_type=\"widget\" data-e-type=\"widget\" data-widget_type=\"text-editor.default\">\n\t\t\t\t\t\t\t\t\t<p>Els testimonis provenen de cicles narratius i po\u00e8tics irlandesos, especialment els Fenian Tales (Fiannaigecht), on dones fades apareixen com a amants o muses. Les fixacions escrites es produeixen a partir de l&#8217;edat mitjana. La figura \u00e9s present en els espais culturals celtes (Irlanda, Esc\u00f2cia, Gal\u00b7les) amb noms i funcions diferents. Reculls folkl\u00f2rics moderns i pr\u00e9stecs literaris (com el de W. B. <span class=\"iwg-fachbegriff\" tabindex=\"0\" data-tooltip=\"William Butler Yeats (1865\u20131939); poeta i folklorista irland\u00e8s; membre de l'Alba Daurada.\">Yeats<\/span>) han popularitzat la figura.<\/p>\t\t\t\t\t\t\t\t<\/div>\n\t\t\t\t\t<\/div>\n\t\t\t\t<\/div>\n\t\t\t\t\t<\/div>\n\t\t\t\t<\/div>\n\t\t\t\t\t<\/div>\n\t\t\t\t<\/div>\n\t\t<div class=\"elementor-element elementor-element-18613602 e-flex e-con-boxed e-con e-parent\" data-id=\"18613602\" data-element_type=\"container\" data-e-type=\"container\">\n\t\t\t\t\t<div class=\"e-con-inner\">\n\t\t\t\t<div class=\"elementor-element elementor-element-262b8a9f elementor-widget elementor-widget-heading\" data-id=\"262b8a9f\" data-element_type=\"widget\" data-e-type=\"widget\" data-widget_type=\"heading.default\">\n\t\t\t\t\t<h2 class=\"elementor-heading-title elementor-size-default\">Introducci\u00f3<\/h2>\t\t\t\t<\/div>\n\t\t<div class=\"elementor-element elementor-element-46dcb7d e-con-full e-flex e-con e-child\" data-id=\"46dcb7d\" data-element_type=\"container\" data-e-type=\"container\">\n\t\t<div class=\"elementor-element elementor-element-61d3ab3 e-flex e-con-boxed e-con e-child\" data-id=\"61d3ab3\" data-element_type=\"container\" data-e-type=\"container\">\n\t\t\t\t\t<div class=\"e-con-inner\">\n\t\t\t\t<div class=\"elementor-element elementor-element-117c166 elementor-widget elementor-widget-heading\" data-id=\"117c166\" data-element_type=\"widget\" data-e-type=\"widget\" data-widget_type=\"heading.default\">\n\t\t\t\t\t<div class=\"elementor-heading-title elementor-size-default\">Per\u00edode dels textos<\/div>\t\t\t\t<\/div>\n\t\t\t\t<div class=\"elementor-element elementor-element-73997a0 elementor-widget elementor-widget-text-editor\" data-id=\"73997a0\" data-element_type=\"widget\" data-e-type=\"widget\" data-widget_type=\"text-editor.default\">\n\t\t\t\t\t\t\t\t\t<p>La figura de la Leanan S\u00eddhe es pot resseguir des de les tradicions fades irlandeses medievals fins als reculls del segle XIX, on els folkloristes van fixar les narracions orals. W. B. Yeats la va incloure en la seva antologia de contes i llegendes irlandeses, i va consolidar la imatge, avui habitual, de la musa que esgota. En aquesta forma liter\u00e0ria continua viva, transformada respecte a la tradici\u00f3 de poble, per\u00f2 amb el seu nucli d&#8217;amant perillosa clarament reconeixible.<\/p>\t\t\t\t\t\t\t\t<\/div>\n\t\t\t\t\t<\/div>\n\t\t\t\t<\/div>\n\t\t<div class=\"elementor-element elementor-element-d47b156 e-flex e-con-boxed e-con e-child\" data-id=\"d47b156\" data-element_type=\"container\" data-e-type=\"container\">\n\t\t\t\t\t<div class=\"e-con-inner\">\n\t\t\t\t<div class=\"elementor-element elementor-element-ff38c2b elementor-widget elementor-widget-heading\" data-id=\"ff38c2b\" data-element_type=\"widget\" data-e-type=\"widget\" data-widget_type=\"heading.default\">\n\t\t\t\t\t<div class=\"elementor-heading-title elementor-size-default\">\u00c0rea de difusi\u00f3<\/div>\t\t\t\t<\/div>\n\t\t\t\t<div class=\"elementor-element elementor-element-4e49fcc elementor-widget elementor-widget-text-editor\" data-id=\"4e49fcc\" data-element_type=\"widget\" data-e-type=\"widget\" data-widget_type=\"text-editor.default\">\n\t\t\t\t\t\t\t\t\t<p>Leanan Sidhe no es limitava a una regi\u00f3 o localitat concreta, sin\u00f3 que era coneguda i venerada, o respectuosament temuda, arreu del m\u00f3n celta. Tant en grans centres urbans com en regions rurals perif\u00e8riques, tant entre l&#8217;elit social com entre la gent senzilla, el significat espiritual o cultural d&#8217;aquesta entitat era reconegut de manera constant i universal.<\/p><p>La Leanan S\u00eddhe no era un motiu marginal, sin\u00f3 part de la creen\u00e7a fada irlandesa que regulava en conjunt la relaci\u00f3 dels humans amb l&#8217;Altre M\u00f3n i que, per tant, formava part de l&#8217;autoimatge de les comunitats rurals. Amb l&#8217;emigraci\u00f3 irlandesa del segle XIX i mitjan\u00e7ant els escrits de Yeats i altres recol\u00b7lectors, les narracions sobre ella van arribar a Gran Bretanya i Am\u00e8rica del Nord, on es van transmetre en una forma sorprenentment constant.<\/p>\t\t\t\t\t\t\t\t<\/div>\n\t\t\t\t\t<\/div>\n\t\t\t\t<\/div>\n\t\t\t\t<\/div>\n\t\t<div class=\"elementor-element elementor-element-db03c39 e-con-full e-flex e-con e-child\" data-id=\"db03c39\" data-element_type=\"container\" data-e-type=\"container\">\n\t\t<div class=\"elementor-element elementor-element-229a87b e-flex e-con-boxed e-con e-child\" data-id=\"229a87b\" data-element_type=\"container\" data-e-type=\"container\">\n\t\t\t\t\t<div class=\"e-con-inner\">\n\t\t\t\t<div class=\"elementor-element elementor-element-1f471fc elementor-widget elementor-widget-heading\" data-id=\"1f471fc\" data-element_type=\"widget\" data-e-type=\"widget\" data-widget_type=\"heading.default\">\n\t\t\t\t\t<div class=\"elementor-heading-title elementor-size-default\">Estat de les fonts<\/div>\t\t\t\t<\/div>\n\t\t\t\t<div class=\"elementor-element elementor-element-36b1201 elementor-widget elementor-widget-text-editor\" data-id=\"36b1201\" data-element_type=\"widget\" data-e-type=\"widget\" data-widget_type=\"text-editor.default\">\n\t\t\t\t\t\t\t\t\t<p>Fonts prim\u00e0ries: l&#8217;Achtneigh \u00d3enfhir, sagues heroiques irlandeses i cicles po\u00e8tics (Fenian Tales), de manera fragment\u00e0ria en manuscrits com el Yellow Book of Lecan i altres c\u00f2dexs medievals. Per\u00edode: les narracions s\u00f3n orals i <span class=\"iwg-fachbegriff\" data-tooltip=\"Provinent de l'\u00e8poca anterior a l'expansi\u00f3 del cristianisme.\" tabindex=\"0\">precristianes<\/span>, escrites a partir del segle VIII-IX. La <span class=\"iwg-fachbegriff\" data-tooltip=\"El conjunt de narracions transmeses sobre d\u00e9us d'una cultura.\" tabindex=\"0\">mitologia<\/span> de l&#8217;Altre M\u00f3n \u00e9s caracter\u00edstica de la religi\u00f3 celta insular.<\/p><p>Investigadors: Proinsias Mac Cana (Celtic Mythology), Patrice Colum (Legends of Ireland) descriuen les Sidhe i les dones fades. Modernament: treballs folkl\u00f2rics de Katharine Briggs i altres.<\/p>\t\t\t\t\t\t\t\t<\/div>\n\t\t\t\t\t<\/div>\n\t\t\t\t<\/div>\n\t\t\t\t<\/div>\n\t\t\t\t\t<\/div>\n\t\t\t\t<\/div>\n\t\t<div class=\"elementor-element elementor-element-3ae0637c e-flex e-con-boxed e-con e-parent\" data-id=\"3ae0637c\" data-element_type=\"container\" data-e-type=\"container\">\n\t\t\t\t\t<div class=\"e-con-inner\">\n\t\t\t\t<div class=\"elementor-element elementor-element-31d07739 elementor-widget elementor-widget-heading\" data-id=\"31d07739\" data-element_type=\"widget\" data-e-type=\"widget\" data-widget_type=\"heading.default\">\n\t\t\t\t\t<h2 class=\"elementor-heading-title elementor-size-default\">Nom<\/h2>\t\t\t\t<\/div>\n\t\t<div class=\"elementor-element elementor-element-b7642947 e-con-full e-flex e-con e-child\" data-id=\"b7642947\" data-element_type=\"container\" data-e-type=\"container\">\n\t\t\t\t<div class=\"elementor-element elementor-element-a086266 elementor-widget elementor-widget-text-editor\" data-id=\"a086266\" data-element_type=\"widget\" data-e-type=\"widget\" data-widget_type=\"text-editor.default\">\n\t\t\t\t\t\t\t\t\t<p>Leanan Sidhe es representa en les diverses fonts i tradicions art\u00edstiques amb certs elements iconogr\u00e0fics recurrents que es mantenen relativament constants al llarg de les d\u00e8cades i dels diferents espais geogr\u00e0fics. Aquests elements no s\u00f3n purament decoratius o triats a l&#8217;atzar, sin\u00f3 que estan codificats simb\u00f2licament i tenen un gran significat.<\/p><p>El que expliquen les narracions irlandeses sobre la Leanan S\u00eddhe descriu alhora la seva manera d&#8217;actuar: la seva bellesa, que atreu poetes i m\u00fasics, el seu do de despertar la for\u00e7a creativa, i el preu que en cobra, \u00e9s a dir, el temps de vida de l&#8217;amant. Ja el seu nom, que ve a significar l&#8217;amant fada, resumeix aquesta doble cara. Qui coneix la tradici\u00f3 narrativa irlandesa ent\u00e9n els signes de seguida: l&#8217;artista que es consumia jove, creant amb febre, era considerat alhora la seva v\u00edctima i el seu escollit. W. B. Yeats va recollir aquest patr\u00f3 interpretatiu i la va descriure com una musa el seu amor de la qual consumeix. Cada detall de les descripcions pertany a aquesta imatge transmesa.<\/p>\t\t\t\t\t\t\t\t<\/div>\n\t\t\t\t<\/div>\n\t\t\t\t\t<\/div>\n\t\t\t\t<\/div>\n\t\t<div class=\"elementor-element elementor-element-709a44a8 e-flex e-con-boxed e-con e-parent\" data-id=\"709a44a8\" data-element_type=\"container\" data-e-type=\"container\">\n\t\t\t\t\t<div class=\"e-con-inner\">\n\t\t\t\t<div class=\"elementor-element elementor-element-2f585873 elementor-widget elementor-widget-heading\" data-id=\"2f585873\" data-element_type=\"widget\" data-e-type=\"widget\" data-widget_type=\"heading.default\">\n\t\t\t\t\t<h2 class=\"elementor-heading-title elementor-size-default\">Caracter\u00edstiques<\/h2>\t\t\t\t<\/div>\n\t\t<div class=\"elementor-element elementor-element-70621c12 e-con-full e-flex e-con e-child\" data-id=\"70621c12\" data-element_type=\"container\" data-e-type=\"container\">\n\t\t\t\t<div class=\"elementor-element elementor-element-4296eb49 elementor-widget elementor-widget-text-editor\" data-id=\"4296eb49\" data-element_type=\"widget\" data-e-type=\"widget\" data-widget_type=\"text-editor.default\">\n\t\t\t\t\t\t\t\t\t<p>Leanan Sidhe era central en la pr\u00e0ctica religiosa, en els rituals quotidians i en la comprensi\u00f3 di\u00e0ria del m\u00f3n celta. Les persones s&#8217;adre\u00e7aven a aquesta entitat en situacions vitals cr\u00edtiques o determinades, o en certes \u00e8poques rituals de l&#8217;any, amb rituals estructurats i sovint elaborats, preg\u00e0ries o ofrenes.<\/p><p>El tracte amb la Leanan S\u00eddhe seguia regles fixes en les narracions populars irlandeses: se sabia que el seu favor donava inspiraci\u00f3, per\u00f2 costava for\u00e7a vital, i aquest coneixement es transmetia dins les fam\u00edlies i les comunitats de poble. A difer\u00e8ncia dels rituals de temple, aqu\u00ed no hi havia sacerdots, sin\u00f3 narradors experimentats i coneixedors que ensenyaven com afrontar la fada o com evitar-la.<\/p><p>El fet que les hist\u00f2ries sobre la Leanan S\u00eddhe s&#8217;expliquessin a Irlanda durant segles es devia a la seva utilitat pr\u00e0ctica: explicaven per qu\u00e8 els artistes dotats sovint morien joves i alertaven alhora d&#8217;un pacte que es paga car. Les narracions tenien un efecte preventiu, ja que instaven a la prud\u00e8ncia envers el m\u00f3n fada, interpretaven la malaltia i l&#8217;esgotament, i acompanyaven la confrontaci\u00f3 amb el pas de la vida a la mort, que arribava aviat als seus amants.<\/p>\t\t\t\t\t\t\t\t<\/div>\n\t\t\t\t<\/div>\n\t\t\t\t\t<\/div>\n\t\t\t\t<\/div>\n\t\t<div class=\"elementor-element elementor-element-44e71476 e-flex e-con-boxed e-con e-parent\" data-id=\"44e71476\" data-element_type=\"container\" data-e-type=\"container\">\n\t\t\t\t\t<div class=\"e-con-inner\">\n\t\t\t\t<div class=\"elementor-element elementor-element-3c1fc3f0 elementor-widget elementor-widget-heading\" data-id=\"3c1fc3f0\" data-element_type=\"widget\" data-e-type=\"widget\" data-widget_type=\"heading.default\">\n\t\t\t\t\t<h2 class=\"elementor-heading-title elementor-size-default\">Fitxa: Leanan Sidhe<\/h2>\t\t\t\t<\/div>\n\t\t<div class=\"elementor-element elementor-element-84f33b8e e-con-full e-flex e-con e-child\" data-id=\"84f33b8e\" data-element_type=\"container\" data-e-type=\"container\">\n\t\t\t\t<div class=\"elementor-element elementor-element-hqkdc67p elementor-widget elementor-widget-text-editor\" data-id=\"hqkdc67p\" data-element_type=\"widget\" data-e-type=\"widget\" data-widget_type=\"text-editor.default\">\n\t\t\t\t\t\t\t\t\t<p>La fitxa tracta Leanan Sidhe en sis aspectes: el seu origen a l&#8217;Altre M\u00f3n i la <span class=\"iwg-fachbegriff\" data-tooltip=\"El conjunt de narracions transmeses sobre d\u00e9us d'una cultura.\" tabindex=\"0\">mitologia<\/span> celta, els seus vincles amb poetes i artistes, la seva iconografia i atributs sobrenaturals, les seves forces ambivalents inspiradores i perjudicials, aix\u00ed com mesures de protecci\u00f3 espiritual i analogies culturals. Aix\u00ed es perfila un retrat d&#8217;aquesta figura enigm\u00e0tica i fronterera.<\/p>\t\t\t\t\t\t\t\t<\/div>\n\t\t\t\t<\/div>\n\t\t<div class=\"elementor-element elementor-element-pemmx7c5 e-con-full e-flex e-con e-child\" data-id=\"pemmx7c5\" data-element_type=\"container\" data-e-type=\"container\">\n\t\t<div class=\"elementor-element elementor-element-pemmx7c1 e-con-full e-flex e-con e-child\" data-id=\"pemmx7c1\" data-element_type=\"container\" data-e-type=\"container\">\n\t\t<div class=\"elementor-element elementor-element-qh9oavvu iwg-steckbrief-card e-flex e-con-boxed e-con e-child\" data-id=\"qh9oavvu\" data-element_type=\"container\" data-e-type=\"container\">\n\t\t\t\t\t<div class=\"e-con-inner\">\n\t\t\t\t<div class=\"elementor-element elementor-element-awzx8k2k elementor-widget elementor-widget-heading\" data-id=\"awzx8k2k\" data-element_type=\"widget\" data-e-type=\"widget\" data-widget_type=\"heading.default\">\n\t\t\t\t\t<div class=\"elementor-heading-title elementor-size-default\">Origen<\/div>\t\t\t\t<\/div>\n\t\t\t\t<div class=\"elementor-element elementor-element-x6rowhv0 elementor-widget elementor-widget-text-editor\" data-id=\"x6rowhv0\" data-element_type=\"widget\" data-e-type=\"widget\" data-widget_type=\"text-editor.default\">\n\t\t\t\t\t\t\t\t\t<p>Leanan Sidhe prov\u00e9 de l&#8217;Altre M\u00f3n (T\u00edr na n\u00d3g, Mag Mell), aquella esfera sobrenatural de la <span class=\"iwg-fachbegriff\" data-tooltip=\"Concepci\u00f3 sobre l'estructura i l'ordre del m\u00f3n dins d'una cultura.\" tabindex=\"0\">cosmologia<\/span> c\u00e8ltica. Se la considera sovint una de les Tuatha D\u00e9 Danann o un \u00e9sser fada independent.<\/p><p>Geogr\u00e0ficament, \u00e9s pr\u00f2pia de les tradicions irlandeses, amb variants escoceses i gal\u00b7leses. Les seves primeres mencions es troben en complexos llegendaris dels segles VIII-X que conserven material m\u00e9s antic.<\/p>\t\t\t\t\t\t\t\t<\/div>\n\t\t\t\t\t<\/div>\n\t\t\t\t<\/div>\n\t\t<div class=\"elementor-element elementor-element-8e3o4kxs iwg-steckbrief-card e-flex e-con-boxed e-con e-child\" data-id=\"8e3o4kxs\" data-element_type=\"container\" data-e-type=\"container\">\n\t\t\t\t\t<div class=\"e-con-inner\">\n\t\t\t\t<div class=\"elementor-element elementor-element-08rkdgov elementor-widget elementor-widget-heading\" data-id=\"08rkdgov\" data-element_type=\"widget\" data-e-type=\"widget\" data-widget_type=\"heading.default\">\n\t\t\t\t\t<div class=\"elementor-heading-title elementor-size-default\">Relacionat amb<\/div>\t\t\t\t<\/div>\n\t\t\t\t<div class=\"elementor-element elementor-element-uwjelx8s elementor-widget elementor-widget-text-editor\" data-id=\"uwjelx8s\" data-element_type=\"widget\" data-e-type=\"widget\" data-widget_type=\"text-editor.default\">\n\t\t\t\t\t\t\t\t\t<p>Leanan Sidhe era invocada per poetes, cantants, m\u00fasics i persones amb talent art\u00edstic per obtenir inspiraci\u00f3 i geni creatiu. Es manifesta principalment a artistes masculins, especialment poetes-guerrers (fil\u00ed). La seva veneraci\u00f3 no \u00e9s organitzada ni cultual, sin\u00f3 folkl\u00f2rica i individual. En algunes tradicions es proven <span class=\"iwg-fachbegriff\" data-tooltip=\"Ofrena a una divinitat per expressar gratitud, s\u00faplica o veneraci\u00f3.\" tabindex=\"0\">ofrenes<\/span> o apaivagaments per canalitzar el seu influx ambivalent.<\/p>\t\t\t\t\t\t\t\t<\/div>\n\t\t\t\t\t<\/div>\n\t\t\t\t<\/div>\n\t\t<div class=\"elementor-element elementor-element-jm2n74ec iwg-steckbrief-card e-flex e-con-boxed e-con e-child\" data-id=\"jm2n74ec\" data-element_type=\"container\" data-e-type=\"container\">\n\t\t\t\t\t<div class=\"e-con-inner\">\n\t\t\t\t<div class=\"elementor-element elementor-element-8vufse4c elementor-widget elementor-widget-heading\" data-id=\"8vufse4c\" data-element_type=\"widget\" data-e-type=\"widget\" data-widget_type=\"heading.default\">\n\t\t\t\t\t<div class=\"elementor-heading-title elementor-size-default\">Representaci\u00f3<\/div>\t\t\t\t<\/div>\n\t\t\t\t<div class=\"elementor-element elementor-element-mwb9u015 elementor-widget elementor-widget-text-editor\" data-id=\"mwb9u015\" data-element_type=\"widget\" data-e-type=\"widget\" data-widget_type=\"text-editor.default\">\n\t\t\t\t\t\t\t\t\t<p>Leanan Sidhe \u00e9s sovint representada com una dona extraordin\u00e0riament bella i sobrenatural, amb trets refinats o lluminosos que en delaten la naturalesa no humana. Mitol\u00f2gicament porta vestits de fada o teixits resplendents. En algunes narracions apareix amb un to verd\u00f3s o coberta de pells d&#8217;animal. \u00c9s jove per\u00f2 intemporal, i irradia alhora desig i perill.<\/p>\t\t\t\t\t\t\t\t<\/div>\n\t\t\t\t\t<\/div>\n\t\t\t\t<\/div>\n\t\t\t\t<\/div>\n\t\t<div class=\"elementor-element elementor-element-pemmx7c2 e-con-full e-flex e-con e-child\" data-id=\"pemmx7c2\" data-element_type=\"container\" data-e-type=\"container\">\n\t\t<div class=\"elementor-element elementor-element-37ss2yr6 iwg-steckbrief-card e-flex e-con-boxed e-con e-child\" data-id=\"37ss2yr6\" data-element_type=\"container\" data-e-type=\"container\">\n\t\t\t\t\t<div class=\"e-con-inner\">\n\t\t\t\t<div class=\"elementor-element elementor-element-3v0wp3wx elementor-widget elementor-widget-heading\" data-id=\"3v0wp3wx\" data-element_type=\"widget\" data-e-type=\"widget\" data-widget_type=\"heading.default\">\n\t\t\t\t\t<div class=\"elementor-heading-title elementor-size-default\">Funci\u00f3<\/div>\t\t\t\t<\/div>\n\t\t\t\t<div class=\"elementor-element elementor-element-w3247g2m elementor-widget elementor-widget-text-editor\" data-id=\"w3247g2m\" data-element_type=\"widget\" data-e-type=\"widget\" data-widget_type=\"text-editor.default\">\n\t\t\t\t\t\t\t\t\t<strong>\u00c0mbit d&#8217;acci\u00f3:<\/strong><p>La Leanan Sidhe \u00e9s una figura dimon\u00edaca o ambivalent de la <span class=\"iwg-fachbegriff\" data-tooltip=\"La cultura popular transmesa amb els seus costums, narracions i can\u00e7ons.\" tabindex=\"0\">folklore<\/span> irlandesa i escocesa que actua en el sofriment i la inspiraci\u00f3 art\u00edstica. Fa de musa per a poetes i m\u00fasics, per\u00f2 el preu sovint \u00e9s la bogeria o la mort prematura de l&#8217;enamorat. Actua en dos \u00e0mbits: la inspiraci\u00f3 art\u00edstica (\u00e8xtasi, geni) i la perdici\u00f3 er\u00f2tica (addicci\u00f3, consumpci\u00f3).<\/p>\t\t\t\t\t\t\t\t<\/div>\n\t\t\t\t\t<\/div>\n\t\t\t\t<\/div>\n\t\t<div class=\"elementor-element elementor-element-0qpjal9w iwg-steckbrief-card e-flex e-con-boxed e-con e-child\" data-id=\"0qpjal9w\" data-element_type=\"container\" data-e-type=\"container\">\n\t\t\t\t\t<div class=\"e-con-inner\">\n\t\t\t\t<div class=\"elementor-element elementor-element-6ndoih0o elementor-widget elementor-widget-heading\" data-id=\"6ndoih0o\" data-element_type=\"widget\" data-e-type=\"widget\" data-widget_type=\"heading.default\">\n\t\t\t\t\t<div class=\"elementor-heading-title elementor-size-default\">Defenses contra Leanan Sidhe<\/div>\t\t\t\t<\/div>\n\t\t\t\t<div class=\"elementor-element elementor-element-6684tyh9 elementor-widget elementor-widget-text-editor\" data-id=\"6684tyh9\" data-element_type=\"widget\" data-e-type=\"widget\" data-widget_type=\"text-editor.default\">\n\t\t\t\t\t\t\t\t\t<p>Leanan Sidhe \u00e9s ambivalent: inspira el geni art\u00edstic, per\u00f2 amb un preu elevat, bogeria, esgotament o mort de l&#8217;artista. No \u00e9s dolenta, per\u00f2 \u00e9s perillosa.<\/p><p>Les pr\u00e0ctiques de protecci\u00f3 consisteixen a limitar el contacte o mantenir la dist\u00e0ncia mitjan\u00e7ant objectes de ferro i cants. Algunes tradicions recomanen la <span class=\"iwg-fachbegriff\" data-tooltip=\"L'acte de dirigir-se a una divinitat o poder amb s\u00faplica o conjur.\" tabindex=\"0\">invocaci\u00f3<\/span> amb respecte, per\u00f2 sense implicaci\u00f3 emocional. La interpretaci\u00f3 moderna aconsella prud\u00e8ncia psicol\u00f2gica davant d&#8217;aquesta \u00abobsessi\u00f3 inspiradora\u00bb.<\/p>\t\t\t\t\t\t\t\t<\/div>\n\t\t\t\t\t<\/div>\n\t\t\t\t<\/div>\n\t\t<div class=\"elementor-element elementor-element-3lfi7x32 iwg-steckbrief-card e-flex e-con-boxed e-con e-child\" data-id=\"3lfi7x32\" data-element_type=\"container\" data-e-type=\"container\">\n\t\t\t\t\t<div class=\"e-con-inner\">\n\t\t\t\t<div class=\"elementor-element elementor-element-0kg99ga1 elementor-widget elementor-widget-heading\" data-id=\"0kg99ga1\" data-element_type=\"widget\" data-e-type=\"widget\" data-widget_type=\"heading.default\">\n\t\t\t\t\t<div class=\"elementor-heading-title elementor-size-default\">Elements comparables<\/div>\t\t\t\t<\/div>\n\t\t\t\t<div class=\"elementor-element elementor-element-n0fum6kp elementor-widget elementor-widget-text-editor\" data-id=\"n0fum6kp\" data-element_type=\"widget\" data-e-type=\"widget\" data-widget_type=\"text-editor.default\">\n\t\t\t\t\t\t\t\t\t<p>Es poden comparar les Muses (gregues) com a inspiradores, encara que actuen amb menys ambival\u00e8ncia. La romana Libitina com a <span class=\"iwg-fachbegriff\" data-tooltip=\"Un \u00e9sser incorpori al qual s'atribueix influ\u00e8ncia en el m\u00f3n.\" tabindex=\"0\">esperit<\/span> de les ballarines i de la mort. En la <span class=\"iwg-fachbegriff\" data-tooltip=\"La cultura popular transmesa amb els seus costums, narracions i can\u00e7ons.\" tabindex=\"0\">folklore<\/span> europea: Lorelei (germ\u00e0nica), les fades medievals, i tamb\u00e9 les italianes streghe (bruixes-fades). El tipus de \u00abl&#8217;amant sobrenatural\u00bb \u00e9s present a tot Europa.<\/p>\t\t\t\t\t\t\t\t<\/div>\n\t\t\t\t\t<\/div>\n\t\t\t\t<\/div>\n\t\t\t\t<\/div>\n\t\t\t\t<\/div>\n\t\t\t\t\t<\/div>\n\t\t\t\t<\/div>\n\t\t<div class=\"elementor-element elementor-element-7533bc7a e-flex e-con-boxed e-con e-parent\" data-id=\"7533bc7a\" data-element_type=\"container\" data-e-type=\"container\">\n\t\t\t\t\t<div class=\"e-con-inner\">\n\t\t\t\t<div class=\"elementor-element elementor-element-2447d18d elementor-widget elementor-widget-heading\" data-id=\"2447d18d\" data-element_type=\"widget\" data-e-type=\"widget\" data-widget_type=\"heading.default\">\n\t\t\t\t\t<h2 class=\"elementor-heading-title elementor-size-default\">Protecci\u00f3 en la vida quotidiana<\/h2>\t\t\t\t<\/div>\n\t\t<div class=\"elementor-element elementor-element-d5d0260c e-con-full e-flex e-con e-child\" data-id=\"d5d0260c\" data-element_type=\"container\" data-e-type=\"container\">\n\t\t\t\t<div class=\"elementor-element elementor-element-341be2ac elementor-widget elementor-widget-text-editor\" data-id=\"341be2ac\" data-element_type=\"widget\" data-e-type=\"widget\" data-widget_type=\"text-editor.default\">\n\t\t\t\t\t\t\t\t\t<p><strong>Rituals de veneraci\u00f3 i apaivagament<\/strong><\/p><p>La pr\u00e0ctica c\u00e8ltica no preveu f\u00f3rmules d&#8217;invocaci\u00f3 directes; la veneraci\u00f3 es fa mitjan\u00e7ant poesia, m\u00fasica i meditaci\u00f3 melanc\u00f2lica en espais liminars (riberes de riu, turons, capvespre).<\/p><p><strong>Conjurs i invocacions<\/strong><\/p><p>No hi ha documentades paraules de conjur fixes; m\u00e9s aviat les invocacions s\u00f3n impl\u00edcites en la poesia i la m\u00fasica.<\/p><p><strong>Amulets i pr\u00e0ctiques de protecci\u00f3<\/strong><\/p><p>La protecci\u00f3 contra la Leanan Sidhe requereix joies de ferro i evitar els indrets de fades al capvespre.<\/p>\t\t\t\t\t\t\t\t<\/div>\n\t\t\t\t<\/div>\n\t\t\t\t\t<\/div>\n\t\t\t\t<\/div>\n\t\t<div class=\"elementor-element elementor-element-5a584676 e-flex e-con-boxed e-con e-parent\" data-id=\"5a584676\" data-element_type=\"container\" data-e-type=\"container\">\n\t\t\t\t\t<div class=\"e-con-inner\">\n\t\t\t\t<div class=\"elementor-element elementor-element-6d0757bf elementor-widget elementor-widget-heading\" data-id=\"6d0757bf\" data-element_type=\"widget\" data-e-type=\"widget\" data-widget_type=\"heading.default\">\n\t\t\t\t\t<h2 class=\"elementor-heading-title elementor-size-default\">Leanan Sidhe, paral\u00b7lelismes en altres cultures<\/h2>\t\t\t\t<\/div>\n\t\t<div class=\"elementor-element elementor-element-60563f68 e-con-full e-flex e-con e-child\" data-id=\"60563f68\" data-element_type=\"container\" data-e-type=\"container\">\n\t\t\t\t<div class=\"elementor-element elementor-element-5a93fdd6 elementor-widget elementor-widget-text-editor\" data-id=\"5a93fdd6\" data-element_type=\"widget\" data-e-type=\"widget\" data-widget_type=\"text-editor.default\">\n\t\t\t\t\t\t\t\t\t<p><p><strong>Tradici\u00f3 jueva:<\/strong> No hi ha una correspond\u00e8ncia directa. De manera llunyana es podria considerar Lilith com a for\u00e7a femenina sobrenatural que sedueix o perjudica Adam en textos ap\u00f2crifs.<\/p><p><strong>M\u00f3n grecorom\u00e0:<\/strong> Les Muses com a inspiradores de les arts, encara que sense compartir l&#8217;ambival\u00e8ncia de Leanan Sidhe. Hera o Afrodita en el seu paper de seductora perillosa. Tamb\u00e9 el dimoni grec Eros\/Cupido com a for\u00e7a enlluernadora i ambivalent.<\/p><p><strong>Mesopot\u00e0mia:<\/strong> Inanna com a deessa de l&#8217;amor i del perill de l&#8217;inframon, que sedueix i condemna els mortals. Compartia amb Leanan l&#8217;ambival\u00e8ncia entre gr\u00e0cia i destrucci\u00f3.<\/p><p><strong>\u00cdndia\/\u00c0sia:<\/strong> Les apsares (ballarines i seductores celestials) en la <span class=\"iwg-fachbegriff\" data-tooltip=\"El conjunt de narracions transmeses sobre els d\u00e9us d'una cultura.\" tabindex=\"0\">mitologia<\/span> hind\u00fa, que corrompen o confonen els savis. Tamb\u00e9 la kitsune japonesa com a seductora sobrenatural amb un doble aspecte de benefici i dany.<\/p>\t\t\t\t\t\t\t\t<\/div>\n\t\t\t\t<\/div>\n\t\t\t\t\t<\/div>\n\t\t\t\t<\/div>\n\t\t<div class=\"elementor-element elementor-element-cp1975c4c e-flex e-con-boxed e-con e-parent\" data-id=\"cp1975c4c\" data-element_type=\"container\" data-e-type=\"container\">\n\t\t\t\t\t<div class=\"e-con-inner\">\n\t\t\t\t<div class=\"elementor-element elementor-element-cp10d1e36 elementor-widget elementor-widget-heading\" data-id=\"cp10d1e36\" data-element_type=\"widget\" data-e-type=\"widget\" data-widget_type=\"heading.default\">\n\t\t\t\t\t<h2 class=\"elementor-heading-title elementor-size-default\">Cr\u00edtica de fonts: entre tradici\u00f3 popular i construcci\u00f3 liter\u00e0ria<\/h2>\t\t\t\t<\/div>\n\t\t<div class=\"elementor-element elementor-element-cp6d4a22a e-con-full e-flex e-con e-child\" data-id=\"cp6d4a22a\" data-element_type=\"container\" data-e-type=\"container\">\n\t\t\t\t<div class=\"elementor-element elementor-element-cpea9a5b2 elementor-widget elementor-widget-text-editor\" data-id=\"cpea9a5b2\" data-element_type=\"widget\" data-e-type=\"widget\" data-widget_type=\"text-editor.default\">\n\t\t\t\t\t\t\t\t\t<p>La Leanan S\u00eddhe \u00e9s un \u00e9sser en relaci\u00f3 amb el qual les fonts exigeixen una prud\u00e8ncia especial. A difer\u00e8ncia de moltes figures de la <span class=\"iwg-fachbegriff\" data-tooltip=\"El conjunt de relats m\u00edtics transmesos d'una cultura.\" tabindex=\"0\">mitologia<\/span> irlandesa, no hi ha cap <span class=\"iwg-fachbegriff\" data-tooltip=\"La transmissi\u00f3 de coneixements i relats al llarg de generacions.\" tabindex=\"0\">tradici\u00f3<\/span> liter\u00e0ria medieval que la conegui amb aquest nom i en aquesta forma tan definida.<\/p><p>El terme <em>leann\u00e1n s\u00eddhe<\/em> es compon de <em>leann\u00e1n<\/em> (\u00abestimat\u00bb, \u00abamant\u00bb, tamb\u00e9 \u00abcompany de confian\u00e7a\u00bb) i <em>s\u00eddhe<\/em> (genitiu de <em>s\u00edd<\/em>, l'\u00bbAltre M\u00f3n\u00bb o el \u00abtur\u00f3 de les fades\u00bb) i significa literalment quelcom aix\u00ed com \u00abamant de l&#8217;Altre M\u00f3n\u00bb.<\/p><p>La idea avui habitual segons la qual una bella dona de l&#8217;Altre M\u00f3n tria artistes humans com a amants, els concedeix inspiraci\u00f3 i, a canvi, els consumeix la vida perqu\u00e8 morin joves i gloriosos, \u00e9s, en aquesta forma tan definida, molt fruit de la cultura escrita del segle dinou i principis del segle vint.<\/p><p><span data-nosnippet>William Butler Yeats va incorporar aquest \u00e9sser a la seva col\u00b7lecci\u00f3 de 1888 <em>Fairy and Folk Tales of the Irish Peasantry<\/em> i li va donar una forma liter\u00e0ria decisiva. La literatura angloirlandesa del renaixement c\u00e8ltic va adoptar amb entusiasme aquest <span class=\"iwg-fachbegriff\" data-tooltip=\"Un element tem\u00e0tic recurrent en l'art o en la narraci\u00f3.\" tabindex=\"0\">motiu<\/span>, perqu\u00e8 s&#8217;ajustava a la idea rom\u00e0ntica de l&#8217;artista que es consumeix per la seva art.<\/span><\/p><p>Aix\u00f2 no vol dir que la Leanan S\u00eddhe sigui una pura invenci\u00f3. La creen\u00e7a subjacent en amants de l&#8217;Altre M\u00f3n, en un amor sobrenatural que consumeix i en una inspiraci\u00f3 perillosa est\u00e0 \u00e0mpliament documentada en la tradici\u00f3 popular irlandesa i escocesa-ga\u00e8lica.<\/p><p>Per\u00f2 la figura espec\u00edfica i coherent de la \u00abmusa de l&#8217;artista\u00bb \u00e9s una s\u00edntesi que nom\u00e9s la literatura ha dut a terme. Una presentaci\u00f3 rigorosa ha de distingir aquests dos nivells: el material dispers de <span class=\"iwg-fachbegriff\" data-tooltip=\"La cultura popular transmesa amb costums, relats i can\u00e7ons.\" tabindex=\"0\">folklore<\/span> i la s\u00edntesi liter\u00e0ria.<\/p>\t\t\t\t\t\t\t\t<\/div>\n\t\t\t\t<\/div>\n\t\t\t\t\t<\/div>\n\t\t\t\t<\/div>\n\t\t<div class=\"elementor-element elementor-element-cpbde8da4 e-flex e-con-boxed e-con e-parent\" data-id=\"cpbde8da4\" data-element_type=\"container\" data-e-type=\"container\">\n\t\t\t\t\t<div class=\"e-con-inner\">\n\t\t\t\t<div class=\"elementor-element elementor-element-cp422a771 elementor-widget elementor-widget-heading\" data-id=\"cp422a771\" data-element_type=\"widget\" data-e-type=\"widget\" data-widget_type=\"heading.default\">\n\t\t\t\t\t<h2 class=\"elementor-heading-title elementor-size-default\">El context m\u00e9s ampli: les amants de l'Altre M\u00f3n en la tradici\u00f3 ga\u00e8lica<\/h2>\t\t\t\t<\/div>\n\t\t<div class=\"elementor-element elementor-element-cp2e3e3df e-con-full e-flex e-con e-child\" data-id=\"cp2e3e3df\" data-element_type=\"container\" data-e-type=\"container\">\n\t\t\t\t<div class=\"elementor-element elementor-element-cpa04c149 elementor-widget elementor-widget-text-editor\" data-id=\"cpa04c149\" data-element_type=\"widget\" data-e-type=\"widget\" data-widget_type=\"text-editor.default\">\n\t\t\t\t\t\t\t\t\t<p>Si es situa la Leanan S\u00eddhe dins el marc m\u00e9s ampli de les concepcions ga\u00e8liques sobre l&#8217;Altre M\u00f3n, es fa visible la seva plausibilitat com a figura folkl\u00f2rica. La literatura irlandesa medieval coneix nombrosos relats sobre l&#8217;<em>aithed<\/em>, el rapte o la fugida, i sobre el festeig d&#8217;una dona de l&#8217;Altre M\u00f3n a un mortal.<\/p><p>En textos com <em>Echtrae Connlai<\/em> o <em>Immram Brain<\/em>, una dona del <em>s\u00edd<\/em> convida un home a l&#8217;Altre M\u00f3n; la trobada transforma irreversiblement la seva vida i el separa del m\u00f3n ordinari.<\/p><p>Aquests relats no s\u00f3n sempre funestos, per\u00f2 tots comparteixen el tret que el contacte amb la dona de l&#8217;Altre M\u00f3n arrenca la persona del seu ordre social. Perd la noci\u00f3 del temps, el vincle amb la fam\u00edlia i el clan, a vegades fins i tot la vida.<\/p><p>La <span class=\"iwg-fachbegriff\" data-tooltip=\"La transmissi\u00f3 de coneixements i relats a trav\u00e9s de generacions.\" tabindex=\"0\">tradici\u00f3<\/span> escocesa-ga\u00e8lica coneix figures emparentades, i la creen\u00e7a en un company sobrenatural que porta alhora fortuna i ru\u00efna est\u00e0 ben documentada en les col\u00b7leccions folkl\u00f2riques del segle dinou.<\/p><p>En aquest context, la Leanan S\u00eddhe apareix com una intensificaci\u00f3 d&#8217;un patr\u00f3 est\u00e8s, aplicada al cas particular de l&#8217;artista. L&#8217;amor de l&#8217;Altre M\u00f3n, que en els textos antics es dirigia a reis i herois, es transfereix en la figura moderna al poeta, al m\u00fasic i al pintor. Aix\u00f2 s&#8217;adequa a una \u00e8poca que va situar l&#8217;artista en el lloc de l&#8217;heroi.<\/p><p>Des de la ci\u00e8ncia de la religi\u00f3, la Leanan S\u00eddhe pot llegir-se, doncs, com un exemple de com un antic esquema m\u00edtic es reformula en l&#8217;\u00e8poca moderna sense que canvi\u00ef la l\u00f2gica de fons: l&#8217;intercanvi perill\u00f3s entre els mons. Figures emparentades de l&#8217;Altre M\u00f3n irland\u00e8s s\u00f3n la <a href=\"https:\/\/iwell-guard.com\/ca\/?page_id=171384\">Banshee<\/a> i els habitants de l&#8217;<a href=\"https:\/\/iwell-guard.com\/ca\/?page_id=171777\">Aos S\u00ed<\/a>.<\/p>\t\t\t\t\t\t\t\t<\/div>\n\t\t\t\t<\/div>\n\t\t\t\t\t<\/div>\n\t\t\t\t<\/div>\n\t\t<div class=\"elementor-element elementor-element-cp40630f5 e-flex e-con-boxed e-con e-parent\" data-id=\"cp40630f5\" data-element_type=\"container\" data-e-type=\"container\">\n\t\t\t\t\t<div class=\"e-con-inner\">\n\t\t\t\t<div class=\"elementor-element elementor-element-cp8aa7acb elementor-widget elementor-widget-heading\" data-id=\"cp8aa7acb\" data-element_type=\"widget\" data-e-type=\"widget\" data-widget_type=\"heading.default\">\n\t\t\t\t\t<h2 class=\"elementor-heading-title elementor-size-default\">L'intercanvi de temps de vida per un do<\/h2>\t\t\t\t<\/div>\n\t\t<div class=\"elementor-element elementor-element-cp5bfbc7a e-con-full e-flex e-con e-child\" data-id=\"cp5bfbc7a\" data-element_type=\"container\" data-e-type=\"container\">\n\t\t\t\t<div class=\"elementor-element elementor-element-cp4134262 elementor-widget elementor-widget-text-editor\" data-id=\"cp4134262\" data-element_type=\"widget\" data-e-type=\"widget\" data-widget_type=\"text-editor.default\">\n\t\t\t\t\t\t\t\t\t<p>El motiu central de la <span class=\"iwg-fachbegriff\" data-tooltip=\"La transmissi\u00f3 de coneixements i relats a trav\u00e9s de generacions.\" tabindex=\"0\">tradici\u00f3<\/span> de la Leanan S\u00eddhe \u00e9s un intercanvi: un do sobrenatural i la gl\u00f2ria a canvi de temps de vida. Aquest patr\u00f3 \u00e9s molt est\u00e8s en la folklor\u00edstica comparada i no es limita a Irlanda.<\/p><p>Forma part d&#8217;un grup de concepcions segons les quals les capacitats extraordin\u00e0ries no s&#8217;obtenen de franc, sin\u00f3 que exigeixen un preu que sovint no s&#8217;ha de pagar fins molt m\u00e9s tard, de manera inevitable.<\/p><p>En la variant irlandesa, l&#8217;artista estimat per la Leanan S\u00eddhe \u00e9s productiu i brillant, per\u00f2 inquiet i de vida curta. El do i l&#8217;esgotament s\u00f3n les dues cares d&#8217;una mateixa relaci\u00f3.<\/p><p>Yeats i, despr\u00e9s d&#8217;ell, altres autors ho van interpretar com una imatge de la concepci\u00f3 rom\u00e0ntica del geni que es consumeix en la seva obra. La figura oferia un llenguatge m\u00edtic per a un fenomen real: la mort prematura d&#8217;artistes talentosos, que no es podia explicar i que, per aix\u00f2, es tradu\u00efa en una relaci\u00f3 sobrenatural.<\/p><p>\u00c9s notable que la <span class=\"iwg-fachbegriff\" data-tooltip=\"La transmissi\u00f3 de coneixements i relats a trav\u00e9s de generacions.\" tabindex=\"0\">tradici\u00f3<\/span> sovint deixa a la persona una possibilitat d&#8217;elecci\u00f3, encara que constru\u00efda de manera tr\u00e0gica. Qui accepta l&#8217;amor de la Leanan S\u00eddhe obt\u00e9 el do i perd una vida llarga; qui el rebutja, es queda sense talent.<\/p><p>No hi ha cap desenlla\u00e7 bo, nom\u00e9s p\u00e8rdues diferents. Aquesta estructura vincula la Leanan S\u00eddhe amb les grans hist\u00f2ries del pacte i de la felicitat venuda.<\/p><p>Tanmateix, se&#8217;n distingeix perqu\u00e8 no es signa cap contracte ni hi ha cap culpa: l&#8217;artista \u00e9s estimat, no enganyat. El preu est\u00e0 incorporat al mateix amor. \u00c9s precisament aquesta fusi\u00f3 d&#8217;afecte i ru\u00efna la que fa que la figura sigui tan efica\u00e7 liter\u00e0riament i tan reveladora des del punt de vista de la hist\u00f2ria de les religions.<\/p>\t\t\t\t\t\t\t\t<\/div>\n\t\t\t\t<\/div>\n\t\t\t\t\t<\/div>\n\t\t\t\t<\/div>\n\t\t<div class=\"elementor-element elementor-element-36dd7469 e-flex e-con-boxed e-con e-parent\" data-id=\"36dd7469\" data-element_type=\"container\" data-e-type=\"container\">\n\t\t\t\t\t<div class=\"e-con-inner\">\n\t\t\t\t<div class=\"elementor-element elementor-element-13760ab4 elementor-widget elementor-widget-heading\" data-id=\"13760ab4\" data-element_type=\"widget\" data-e-type=\"widget\" data-widget_type=\"heading.default\">\n\t\t\t\t\t<h2 class=\"elementor-heading-title elementor-size-default\">Enlla\u00e7os relacionats<\/h2>\t\t\t\t<\/div>\n\t\t<div class=\"elementor-element elementor-element-28c87796 e-con-full e-flex e-con e-child\" data-id=\"28c87796\" data-element_type=\"container\" data-e-type=\"container\">\n\t\t\t\t<div class=\"elementor-element elementor-element-5d6538df elementor-widget elementor-widget-text-editor\" data-id=\"5d6538df\" data-element_type=\"widget\" data-e-type=\"widget\" data-widget_type=\"text-editor.default\">\n\t\t\t\t\t\t\t\t\t<ul><li><a href=\"https:\/\/iwell-guard.com\/ca\/?page_id=171384\">Banshee<\/a><\/li><li><a href=\"https:\/\/iwell-guard.com\/ca\/?page_id=171360\">Lilith<\/a><\/li><\/ul>\t\t\t\t\t\t\t\t<\/div>\n\t\t\t\t<\/div>\n\t\t\t\t\t<\/div>\n\t\t\t\t<\/div>\n\t\t<div class=\"elementor-element elementor-element-grl4kl40 e-flex e-con-boxed e-con e-parent\" data-id=\"grl4kl40\" data-element_type=\"container\" data-e-type=\"container\">\n\t\t\t\t\t<div class=\"e-con-inner\">\n\t\t\t\t<div class=\"elementor-element elementor-element-bzsbfrmh elementor-widget elementor-widget-heading\" data-id=\"bzsbfrmh\" data-element_type=\"widget\" data-e-type=\"widget\" data-widget_type=\"heading.default\">\n\t\t\t\t\t<h2 class=\"elementor-heading-title elementor-size-default\">Fonts i bibliografia<\/h2>\t\t\t\t<\/div>\n\t\t<div class=\"elementor-element elementor-element-2c13224a e-con-full e-flex e-con e-child\" data-id=\"2c13224a\" data-element_type=\"container\" data-e-type=\"container\">\n\t\t\t\t<div class=\"elementor-element elementor-element-0eymh9ub elementor-widget elementor-widget-text-editor\" data-id=\"0eymh9ub\" data-element_type=\"widget\" data-e-type=\"widget\" data-widget_type=\"text-editor.default\">\n\t\t\t\t\t\t\t\t\t<ul><li><span data-nosnippet>William Butler <span class=\"iwg-fachbegriff\" tabindex=\"0\" data-tooltip=\"William Butler Yeats (1865\u20131939); poeta i folklorista irland\u00e8s; membre de l'Alba Daurada.\">Yeats<\/span>: <em>Fairy and Folk Tales of the Irish Peasantry<\/em>. Walter Scott, 1888.<\/span><\/li><\/ul>\t\t\t\t\t\t\t\t<\/div>\n\t\t\t\t<\/div>\n\t\t\t\t\t<\/div>\n\t\t\t\t<\/div>\n\t\t\t\t<\/div>\n\t\t","protected":false},"excerpt":{"rendered":"","protected":false},"author":3,"featured_media":1612,"parent":0,"menu_order":0,"comment_status":"closed","ping_status":"closed","template":"elementor_header_footer","meta":{"_yoast_wpseo_focuskw":"Leanan Sidhe","_yoast_wpseo_title":"Leanan Sidhe: la amant fada que esgota els poetes","_yoast_wpseo_metadesc":"Leanan Sidhe, l'amant fada dels poetes irlandesos: inspiraci\u00f3 a canvi de for\u00e7a vital. Creen\u00e7a popular, empremta de Yeats i mitjans de protecci\u00f3 transmesos com el ferro.","_yoast_wpseo_meta-robots-noindex":"","_yoast_wpseo_canonical":"","_angie_page":false,"gefaehrdungsstufe":"4","wesen_kultur":"keltisch","wesen_klasse":"geister","footnotes":""},"categories":[],"class_list":["post-171613","page","type-page","status-publish","has-post-thumbnail","hentry"],"yoast_head":"<!-- This site is optimized with the Yoast SEO Premium plugin v27.7 (Yoast SEO v28.3) - https:\/\/yoast.com\/product\/yoast-seo-premium-wordpress\/ -->\n<title>Leanan Sidhe: la amant fada que esgota els poetes<\/title>\n<meta name=\"description\" content=\"Leanan Sidhe, l&#039;amant fada dels poetes irlandesos: inspiraci\u00f3 a canvi de for\u00e7a vital. Creen\u00e7a popular, empremta de Yeats i mitjans de protecci\u00f3 transmesos com el ferro.\" \/>\n<meta name=\"robots\" content=\"index, follow, max-snippet:-1, max-image-preview:large, max-video-preview:-1\" \/>\n<link rel=\"canonical\" href=\"https:\/\/iwell-guard.com\/ca\/leanan-sidhe\/\" \/>\n<meta property=\"og:locale\" content=\"ca_ES\" \/>\n<meta property=\"og:type\" content=\"article\" \/>\n<meta property=\"og:title\" content=\"Leanan Sidhe\" \/>\n<meta property=\"og:description\" content=\"Leanan Sidhe, l&#039;amant fada dels poetes irlandesos: inspiraci\u00f3 a canvi de for\u00e7a vital. Creen\u00e7a popular, empremta de Yeats i mitjans de protecci\u00f3 transmesos com el ferro.\" \/>\n<meta property=\"og:url\" content=\"https:\/\/iwell-guard.com\/ca\/leanan-sidhe\/\" \/>\n<meta property=\"og:site_name\" content=\"iWell Guard\" \/>\n<meta property=\"article:modified_time\" content=\"2026-09-05T16:02:30+00:00\" \/>\n<meta property=\"og:image\" content=\"https:\/\/iwell-guard.com\/wp-content\/uploads\/2026\/04\/geister_keltisch_leanan-sidhe.webp\" \/>\n\t<meta property=\"og:image:width\" content=\"1024\" \/>\n\t<meta property=\"og:image:height\" content=\"1536\" \/>\n\t<meta property=\"og:image:type\" content=\"image\/webp\" \/>\n<meta name=\"twitter:card\" content=\"summary_large_image\" \/>\n<script type=\"application\/ld+json\" class=\"yoast-schema-graph\">{\"@context\":\"https:\\\/\\\/schema.org\",\"@graph\":[{\"@type\":\"WebPage\",\"@id\":\"https:\\\/\\\/iwell-guard.com\\\/ca\\\/leanan-sidhe\\\/\",\"url\":\"https:\\\/\\\/iwell-guard.com\\\/ca\\\/leanan-sidhe\\\/\",\"name\":\"Leanan Sidhe: la amant fada que esgota els poetes\",\"isPartOf\":{\"@id\":\"https:\\\/\\\/iwell-guard.com\\\/ca\\\/#website\"},\"primaryImageOfPage\":{\"@id\":\"https:\\\/\\\/iwell-guard.com\\\/ca\\\/leanan-sidhe\\\/#primaryimage\"},\"image\":{\"@id\":\"https:\\\/\\\/iwell-guard.com\\\/ca\\\/leanan-sidhe\\\/#primaryimage\"},\"thumbnailUrl\":\"https:\\\/\\\/iwell-guard.com\\\/wp-content\\\/uploads\\\/2026\\\/04\\\/geister_keltisch_leanan-sidhe.webp\",\"datePublished\":\"2026-09-05T15:40:51+00:00\",\"dateModified\":\"2026-09-05T16:02:30+00:00\",\"description\":\"Leanan Sidhe, l'amant fada dels poetes irlandesos: inspiraci\u00f3 a canvi de for\u00e7a vital. Creen\u00e7a popular, empremta de Yeats i mitjans de protecci\u00f3 transmesos com el ferro.\",\"breadcrumb\":{\"@id\":\"https:\\\/\\\/iwell-guard.com\\\/ca\\\/leanan-sidhe\\\/#breadcrumb\"},\"inLanguage\":\"ca\",\"potentialAction\":[{\"@type\":\"ReadAction\",\"target\":[\"https:\\\/\\\/iwell-guard.com\\\/ca\\\/leanan-sidhe\\\/\"]}]},{\"@type\":\"ImageObject\",\"inLanguage\":\"ca\",\"@id\":\"https:\\\/\\\/iwell-guard.com\\\/ca\\\/leanan-sidhe\\\/#primaryimage\",\"url\":\"https:\\\/\\\/iwell-guard.com\\\/wp-content\\\/uploads\\\/2026\\\/04\\\/geister_keltisch_leanan-sidhe.webp\",\"contentUrl\":\"https:\\\/\\\/iwell-guard.com\\\/wp-content\\\/uploads\\\/2026\\\/04\\\/geister_keltisch_leanan-sidhe.webp\",\"width\":1024,\"height\":1536,\"caption\":\"Esperits de la tradici\u00f3 c\u00e8ltica.\"},{\"@type\":\"BreadcrumbList\",\"@id\":\"https:\\\/\\\/iwell-guard.com\\\/ca\\\/leanan-sidhe\\\/#breadcrumb\",\"itemListElement\":[{\"@type\":\"ListItem\",\"position\":1,\"name\":\"Start\",\"item\":\"https:\\\/\\\/iwell-guard.com\\\/ca\\\/?page_id=171333\"},{\"@type\":\"ListItem\",\"position\":2,\"name\":\"Leanan Sidhe\"}]},{\"@type\":\"WebSite\",\"@id\":\"https:\\\/\\\/iwell-guard.com\\\/ca\\\/#website\",\"url\":\"https:\\\/\\\/iwell-guard.com\\\/ca\\\/\",\"name\":\"iWell Guard\",\"description\":\"Schutz vor dunklen Einfl\u00fcssen\",\"publisher\":{\"@id\":\"https:\\\/\\\/iwell-guard.com\\\/ca\\\/#organization\"},\"potentialAction\":[{\"@type\":\"SearchAction\",\"target\":{\"@type\":\"EntryPoint\",\"urlTemplate\":\"https:\\\/\\\/iwell-guard.com\\\/ca\\\/?s={search_term_string}\"},\"query-input\":{\"@type\":\"PropertyValueSpecification\",\"valueRequired\":true,\"valueName\":\"search_term_string\"}}],\"inLanguage\":\"ca\"},{\"@type\":\"Organization\",\"@id\":\"https:\\\/\\\/iwell-guard.com\\\/ca\\\/#organization\",\"name\":\"Ittermann electronic GmbH\",\"url\":\"https:\\\/\\\/iwell-guard.com\\\/ca\\\/\",\"logo\":{\"@type\":\"ImageObject\",\"inLanguage\":\"ca\",\"@id\":\"https:\\\/\\\/iwell-guard.com\\\/ca\\\/#\\\/schema\\\/logo\\\/image\\\/\",\"url\":\"https:\\\/\\\/iwell-guard.com\\\/wp-content\\\/uploads\\\/2026\\\/05\\\/Ittermann-Logo-1182x237-1.png\",\"contentUrl\":\"https:\\\/\\\/iwell-guard.com\\\/wp-content\\\/uploads\\\/2026\\\/05\\\/Ittermann-Logo-1182x237-1.png\",\"width\":1182,\"height\":237,\"caption\":\"Ittermann electronic GmbH\"},\"image\":{\"@id\":\"https:\\\/\\\/iwell-guard.com\\\/ca\\\/#\\\/schema\\\/logo\\\/image\\\/\"},\"sameAs\":[\"https:\\\/\\\/pantip.com\\\/profile\\\/9367242\",\"https:\\\/\\\/micro.blog\\\/iwellguard\",\"https:\\\/\\\/www.diggerslist.com\\\/iwellguard\\\/about\",\"https:\\\/\\\/skitterphoto.com\\\/photographers\\\/2870314\\\/iwell-guard\",\"https:\\\/\\\/iwellguard.wordpress.com\\\/2026\\\/06\\\/06\\\/iwell-guard\\\/\",\"https:\\\/\\\/hub.docker.com\\\/u\\\/iwellguard\",\"https:\\\/\\\/www.pinterest.com\\\/iwellguard\\\/\",\"https:\\\/\\\/bit.ly\\\/m\\\/iwellguard\",\"https:\\\/\\\/entre-vos-mains.alsace.eu\\\/profiles\\\/iwellguard\\\/activity\",\"https:\\\/\\\/gravatar.com\\\/reallybeded8fd34\",\"https:\\\/\\\/naijamatta.com\\\/iwellguard\",\"https:\\\/\\\/www.goodreads.com\\\/iwellguard\",\"https:\\\/\\\/profile.hatena.ne.jp\\\/iwellguard\\\/\",\"https:\\\/\\\/experiment.com\\\/users\\\/iwellguard\",\"https:\\\/\\\/wakelet.com\\\/@iWellGuard82270\",\"https:\\\/\\\/www.chordie.com\\\/forum\\\/profile.php?id=2555664\",\"https:\\\/\\\/www.instapaper.com\\\/p\\\/17757966\",\"https:\\\/\\\/www.mapleprimes.com\\\/users\\\/iwellguard\",\"https:\\\/\\\/businesslistingplus.com\\\/profile\\\/iwell-guard\\\/\",\"https:\\\/\\\/telegra.ph\\\/iWell-Guard-06-06\",\"https:\\\/\\\/pbase.com\\\/iwellguard\\\/iwellguard\",\"https:\\\/\\\/b.hatena.ne.jp\\\/iwellguard\\\/20260607#bookmark-4788405196491818882\",\"https:\\\/\\\/fliphtml5.com\\\/home\\\/iwellguard\",\"https:\\\/\\\/anyflip.com\\\/homepage\\\/cmiwl#About\",\"https:\\\/\\\/transfur.com\\\/Users\\\/iwellguard\",\"http:\\\/\\\/delphi.larsbo.org\\\/user\\\/iwellguard\",\"https:\\\/\\\/jobs.lajobsportal.org\\\/profiles\\\/8380803-iwell-guard\",\"https:\\\/\\\/md.chaosdorf.de\\\/s\\\/jfbe5SBdJD\",\"https:\\\/\\\/www.lingvolive.com\\\/en-us\\\/profile\\\/9ecaeaca-ce11-4e51-9e71-01d55e2bff36\\\/translations\",\"https:\\\/\\\/www.fitday.com\\\/fitness\\\/forums\\\/members\\\/iwellguard.html\",\"https:\\\/\\\/www.mymeetbook.com\\\/iwellguard\",\"https:\\\/\\\/pxhere.com\\\/en\\\/photographer-me\\\/5040798\",\"https:\\\/\\\/disqus.com\\\/by\\\/iwellguard\\\/about\\\/\",\"https:\\\/\\\/pastelink.net\\\/hjwciqwq\",\"https:\\\/\\\/pubhtml5.com\\\/homepage\\\/scjhn\\\/\",\"https:\\\/\\\/www.bitchute.com\\\/channel\\\/2O2eOKzNqujT\",\"https:\\\/\\\/audiomack.com\\\/iwellguard\"]},{\"@type\":\"Article\",\"@id\":\"https:\\\/\\\/iwell-guard.com\\\/ca\\\/leanan-sidhe\\\/#article\",\"isPartOf\":{\"@id\":\"https:\\\/\\\/iwell-guard.com\\\/ca\\\/leanan-sidhe\\\/\"},\"author\":{\"name\":\"Ralf Ittermann\",\"@id\":\"https:\\\/\\\/iwell-guard.com\\\/ca\\\/#\\\/schema\\\/person\\\/ee2a27f1cac3406c7c6fb5820cb7349f\"},\"headline\":\"Leanan Sidhe\",\"datePublished\":\"2026-09-05T15:40:51+00:00\",\"dateModified\":\"2026-09-05T16:02:30+00:00\",\"mainEntityOfPage\":{\"@id\":\"https:\\\/\\\/iwell-guard.com\\\/ca\\\/leanan-sidhe\\\/\"},\"publisher\":{\"@id\":\"https:\\\/\\\/iwell-guard.com\\\/ca\\\/#organization\"},\"image\":{\"@id\":\"https:\\\/\\\/iwell-guard.com\\\/ca\\\/leanan-sidhe\\\/#primaryimage\"},\"thumbnailUrl\":\"https:\\\/\\\/iwell-guard.com\\\/wp-content\\\/uploads\\\/2026\\\/04\\\/geister_keltisch_leanan-sidhe.webp\",\"inLanguage\":\"ca\",\"description\":\"Leanan Sidhe, l'amant fada dels poetes irlandesos: inspiraci\u00f3 a canvi de for\u00e7a vital. Creen\u00e7a popular, empremta de Yeats i mitjans de protecci\u00f3 transmesos com el ferro.\"}]}<\/script>\n<!-- \/ Yoast SEO Premium plugin. -->","yoast_head_json":{"title":"Leanan Sidhe: la amant fada que esgota els poetes","description":"Leanan Sidhe, l'amant fada dels poetes irlandesos: inspiraci\u00f3 a canvi de for\u00e7a vital. Creen\u00e7a popular, empremta de Yeats i mitjans de protecci\u00f3 transmesos com el ferro.","robots":{"index":"index","follow":"follow","max-snippet":"max-snippet:-1","max-image-preview":"max-image-preview:large","max-video-preview":"max-video-preview:-1"},"canonical":"https:\/\/iwell-guard.com\/ca\/leanan-sidhe\/","og_locale":"ca_ES","og_type":"article","og_title":"Leanan Sidhe","og_description":"Leanan Sidhe, l'amant fada dels poetes irlandesos: inspiraci\u00f3 a canvi de for\u00e7a vital. Creen\u00e7a popular, empremta de Yeats i mitjans de protecci\u00f3 transmesos com el ferro.","og_url":"https:\/\/iwell-guard.com\/ca\/leanan-sidhe\/","og_site_name":"iWell Guard","article_modified_time":"2026-09-05T16:02:30+00:00","og_image":[{"width":1024,"height":1536,"url":"https:\/\/iwell-guard.com\/wp-content\/uploads\/2026\/04\/geister_keltisch_leanan-sidhe.webp","type":"image\/webp"}],"twitter_card":"summary_large_image","schema":{"@context":"https:\/\/schema.org","@graph":[{"@type":"Article","@id":"https:\/\/iwell-guard.com\/ca\/leanan-sidhe\/#article","isPartOf":{"@id":"https:\/\/iwell-guard.com\/ca\/leanan-sidhe\/"},"author":{"name":"Ralf Ittermann","@id":"https:\/\/iwell-guard.com\/ca\/#\/schema\/person\/ee2a27f1cac3406c7c6fb5820cb7349f"},"headline":"Leanan Sidhe","datePublished":"2026-09-05T15:40:51+00:00","dateModified":"2026-09-05T16:02:30+00:00","mainEntityOfPage":{"@id":"https:\/\/iwell-guard.com\/ca\/leanan-sidhe\/"},"publisher":{"@id":"https:\/\/iwell-guard.com\/ca\/#organization"},"image":{"@id":"https:\/\/iwell-guard.com\/ca\/leanan-sidhe\/#primaryimage"},"thumbnailUrl":"https:\/\/iwell-guard.com\/wp-content\/uploads\/2026\/04\/geister_keltisch_leanan-sidhe.webp","inLanguage":"ca","description":"Leanan Sidhe, l'amant fada dels poetes irlandesos: inspiraci\u00f3 a canvi de for\u00e7a vital. Creen\u00e7a popular, empremta de Yeats i mitjans de protecci\u00f3 transmesos com el ferro."},{"@type":"WebPage","@id":"https:\/\/iwell-guard.com\/ca\/leanan-sidhe\/","url":"https:\/\/iwell-guard.com\/ca\/leanan-sidhe\/","name":"Leanan Sidhe: la amant fada que esgota els poetes","isPartOf":{"@id":"https:\/\/iwell-guard.com\/ca\/#website"},"primaryImageOfPage":{"@id":"https:\/\/iwell-guard.com\/ca\/leanan-sidhe\/#primaryimage"},"image":{"@id":"https:\/\/iwell-guard.com\/ca\/leanan-sidhe\/#primaryimage"},"thumbnailUrl":"https:\/\/iwell-guard.com\/wp-content\/uploads\/2026\/04\/geister_keltisch_leanan-sidhe.webp","datePublished":"2026-09-05T15:40:51+00:00","dateModified":"2026-09-05T16:02:30+00:00","description":"Leanan Sidhe, l'amant fada dels poetes irlandesos: inspiraci\u00f3 a canvi de for\u00e7a vital. Creen\u00e7a popular, empremta de Yeats i mitjans de protecci\u00f3 transmesos com el ferro.","breadcrumb":{"@id":"https:\/\/iwell-guard.com\/ca\/leanan-sidhe\/#breadcrumb"},"inLanguage":"ca","potentialAction":[{"@type":"ReadAction","target":["https:\/\/iwell-guard.com\/ca\/leanan-sidhe\/"]}]},{"@type":"ImageObject","inLanguage":"ca","@id":"https:\/\/iwell-guard.com\/ca\/leanan-sidhe\/#primaryimage","url":"https:\/\/iwell-guard.com\/wp-content\/uploads\/2026\/04\/geister_keltisch_leanan-sidhe.webp","contentUrl":"https:\/\/iwell-guard.com\/wp-content\/uploads\/2026\/04\/geister_keltisch_leanan-sidhe.webp","width":1024,"height":1536,"caption":"Esperits de la tradici\u00f3 c\u00e8ltica."},{"@type":"BreadcrumbList","@id":"https:\/\/iwell-guard.com\/ca\/leanan-sidhe\/#breadcrumb","itemListElement":[{"@type":"ListItem","position":1,"name":"Start","item":"https:\/\/iwell-guard.com\/ca\/?page_id=171333"},{"@type":"ListItem","position":2,"name":"Leanan Sidhe"}]},{"@type":"WebSite","@id":"https:\/\/iwell-guard.com\/ca\/#website","url":"https:\/\/iwell-guard.com\/ca\/","name":"iWell Guard","description":"Schutz vor dunklen Einfl\u00fcssen","publisher":{"@id":"https:\/\/iwell-guard.com\/ca\/#organization"},"potentialAction":[{"@type":"SearchAction","target":{"@type":"EntryPoint","urlTemplate":"https:\/\/iwell-guard.com\/ca\/?s={search_term_string}"},"query-input":{"@type":"PropertyValueSpecification","valueRequired":true,"valueName":"search_term_string"}}],"inLanguage":"ca"},{"@type":"Organization","@id":"https:\/\/iwell-guard.com\/ca\/#organization","name":"Ittermann electronic GmbH","url":"https:\/\/iwell-guard.com\/ca\/","logo":{"@type":"ImageObject","inLanguage":"ca","@id":"https:\/\/iwell-guard.com\/ca\/#\/schema\/logo\/image\/","url":"https:\/\/iwell-guard.com\/wp-content\/uploads\/2026\/05\/Ittermann-Logo-1182x237-1.png","contentUrl":"https:\/\/iwell-guard.com\/wp-content\/uploads\/2026\/05\/Ittermann-Logo-1182x237-1.png","width":1182,"height":237,"caption":"Ittermann electronic GmbH"},"image":{"@id":"https:\/\/iwell-guard.com\/ca\/#\/schema\/logo\/image\/"},"sameAs":["https:\/\/pantip.com\/profile\/9367242","https:\/\/micro.blog\/iwellguard","https:\/\/www.diggerslist.com\/iwellguard\/about","https:\/\/skitterphoto.com\/photographers\/2870314\/iwell-guard","https:\/\/iwellguard.wordpress.com\/2026\/06\/06\/iwell-guard\/","https:\/\/hub.docker.com\/u\/iwellguard","https:\/\/www.pinterest.com\/iwellguard\/","https:\/\/bit.ly\/m\/iwellguard","https:\/\/entre-vos-mains.alsace.eu\/profiles\/iwellguard\/activity","https:\/\/gravatar.com\/reallybeded8fd34","https:\/\/naijamatta.com\/iwellguard","https:\/\/www.goodreads.com\/iwellguard","https:\/\/profile.hatena.ne.jp\/iwellguard\/","https:\/\/experiment.com\/users\/iwellguard","https:\/\/wakelet.com\/@iWellGuard82270","https:\/\/www.chordie.com\/forum\/profile.php?id=2555664","https:\/\/www.instapaper.com\/p\/17757966","https:\/\/www.mapleprimes.com\/users\/iwellguard","https:\/\/businesslistingplus.com\/profile\/iwell-guard\/","https:\/\/telegra.ph\/iWell-Guard-06-06","https:\/\/pbase.com\/iwellguard\/iwellguard","https:\/\/b.hatena.ne.jp\/iwellguard\/20260607#bookmark-4788405196491818882","https:\/\/fliphtml5.com\/home\/iwellguard","https:\/\/anyflip.com\/homepage\/cmiwl#About","https:\/\/transfur.com\/Users\/iwellguard","http:\/\/delphi.larsbo.org\/user\/iwellguard","https:\/\/jobs.lajobsportal.org\/profiles\/8380803-iwell-guard","https:\/\/md.chaosdorf.de\/s\/jfbe5SBdJD","https:\/\/www.lingvolive.com\/en-us\/profile\/9ecaeaca-ce11-4e51-9e71-01d55e2bff36\/translations","https:\/\/www.fitday.com\/fitness\/forums\/members\/iwellguard.html","https:\/\/www.mymeetbook.com\/iwellguard","https:\/\/pxhere.com\/en\/photographer-me\/5040798","https:\/\/disqus.com\/by\/iwellguard\/about\/","https:\/\/pastelink.net\/hjwciqwq","https:\/\/pubhtml5.com\/homepage\/scjhn\/","https:\/\/www.bitchute.com\/channel\/2O2eOKzNqujT","https:\/\/audiomack.com\/iwellguard"]},{"@type":"Person","@id":"https:\/\/iwell-guard.com\/ca\/#\/schema\/person\/ee2a27f1cac3406c7c6fb5820cb7349f","name":"Ralf Ittermann","image":{"@type":"ImageObject","inLanguage":"ca","@id":"https:\/\/secure.gravatar.com\/avatar\/073c0153e350a5005b68eb752b445fea71f6b24a26da9449ad7e155e6b446c9d?s=96&d=mm&r=g","url":"https:\/\/secure.gravatar.com\/avatar\/073c0153e350a5005b68eb752b445fea71f6b24a26da9449ad7e155e6b446c9d?s=96&d=mm&r=g","contentUrl":"https:\/\/secure.gravatar.com\/avatar\/073c0153e350a5005b68eb752b445fea71f6b24a26da9449ad7e155e6b446c9d?s=96&d=mm&r=g","caption":"Ralf Ittermann"},"givenName":"Ralf","familyName":"Ittermann","jobTitle":"Gesch\u00e4ftsf\u00fchrer und redaktioneller Verantwortlicher","url":"https:\/\/iwell-guard.com\/ca\/author\/claude\/","description":"Ralf Ittermann ist Gesch\u00e4ftsf\u00fchrer der Ittermann electronic GmbH und redaktioneller Verantwortlicher des iWell-Guard-Lexikons. Er verbindet langj\u00e4hrige Erfahrung in der Pr\u00e4zisionsfertigung mit medialer Praxis und religionsgeschichtlicher Quellenarbeit.","worksFor":{"@type":"Organization","name":"Ittermann electronic GmbH","url":"https:\/\/ittermann.de\/","address":{"@type":"PostalAddress","streetAddress":"K\u00f6hlergasse 16-18","postalCode":"99842","addressLocality":"Ruhla","addressCountry":"DE"}},"knowsAbout":["Religionsgeschichte","Mythologie","Mediale Praxis","Energetische Diagnostik","Schutzpraxis","Volksglauben","Westliche Esoterik"]},{"@type":"Article","@id":"https:\/\/iwell-guard.com\/ca\/leanan-sidhe\/#article","isPartOf":{"@id":"https:\/\/iwell-guard.com\/ca\/leanan-sidhe\/"},"author":{"name":"Ralf Ittermann","@id":"https:\/\/iwell-guard.com\/ca\/#\/schema\/person\/ee2a27f1cac3406c7c6fb5820cb7349f"},"headline":"Leanan Sidhe","datePublished":"2026-09-05T15:40:51+00:00","dateModified":"2026-09-05T16:02:30+00:00","mainEntityOfPage":{"@id":"https:\/\/iwell-guard.com\/ca\/leanan-sidhe\/"},"publisher":{"@id":"https:\/\/iwell-guard.com\/ca\/#organization"},"image":{"@id":"https:\/\/iwell-guard.com\/ca\/leanan-sidhe\/#primaryimage"},"thumbnailUrl":"https:\/\/iwell-guard.com\/wp-content\/uploads\/2026\/04\/geister_keltisch_leanan-sidhe.webp","inLanguage":"ca","description":"Leanan Sidhe, l'amant fada dels poetes irlandesos: inspiraci\u00f3 a canvi de for\u00e7a vital. Creen\u00e7a popular, empremta de Yeats i mitjans de protecci\u00f3 transmesos com el ferro."}]}},"_links":{"self":[{"href":"https:\/\/iwell-guard.com\/ca\/wp-json\/wp\/v2\/pages\/171613","targetHints":{"allow":["GET"]}}],"collection":[{"href":"https:\/\/iwell-guard.com\/ca\/wp-json\/wp\/v2\/pages"}],"about":[{"href":"https:\/\/iwell-guard.com\/ca\/wp-json\/wp\/v2\/types\/page"}],"author":[{"embeddable":true,"href":"https:\/\/iwell-guard.com\/ca\/wp-json\/wp\/v2\/users\/3"}],"replies":[{"embeddable":true,"href":"https:\/\/iwell-guard.com\/ca\/wp-json\/wp\/v2\/comments?post=171613"}],"version-history":[{"count":0,"href":"https:\/\/iwell-guard.com\/ca\/wp-json\/wp\/v2\/pages\/171613\/revisions"}],"wp:featuredmedia":[{"embeddable":true,"href":"https:\/\/iwell-guard.com\/ca\/wp-json\/wp\/v2\/media\/1612"}],"wp:attachment":[{"href":"https:\/\/iwell-guard.com\/ca\/wp-json\/wp\/v2\/media?parent=171613"}],"wp:term":[{"taxonomy":"category","embeddable":true,"href":"https:\/\/iwell-guard.com\/ca\/wp-json\/wp\/v2\/categories?post=171613"}],"curies":[{"name":"wp","href":"https:\/\/api.w.org\/{rel}","templated":true}]}}