{"id":171611,"date":"2026-09-05T15:40:51","date_gmt":"2026-09-05T15:40:51","guid":{"rendered":"https:\/\/iwell-guard.com\/?page_id=171611"},"modified":"2026-09-05T16:02:28","modified_gmt":"2026-09-05T16:02:28","slug":"treball-de-lombra","status":"publish","type":"page","link":"https:\/\/iwell-guard.com\/ca\/treball-de-lombra\/","title":{"rendered":"Treball de l&#8217;ombra"},"content":{"rendered":"\t\t<div data-elementor-type=\"wp-page\" data-elementor-id=\"171611\" class=\"elementor elementor-171611 elementor-2186 elementor-bc-flex-widget\" data-elementor-post-type=\"page\">\n\t\t\t\t<div class=\"elementor-element elementor-element-10fdade e-flex e-con-boxed e-con e-parent\" data-id=\"10fdade\" data-element_type=\"container\" data-e-type=\"container\" data-settings=\"{&quot;background_background&quot;:&quot;classic&quot;}\">\n\t\t\t\t\t<div class=\"e-con-inner\">\n\t\t<div class=\"elementor-element elementor-element-herohlft0 e-flex e-con-boxed e-con e-child\" data-id=\"herohlft0\" data-element_type=\"container\" data-e-type=\"container\">\n\t\t\t\t\t<div class=\"e-con-inner\">\n\t\t<div class=\"elementor-element elementor-element-c3ceb64 e-con-full e-flex e-con e-child\" data-id=\"c3ceb64\" data-element_type=\"container\" data-e-type=\"container\">\n\t\t\t\t<div class=\"elementor-element elementor-element-96ae5e1 elementor-widget elementor-widget-heading\" data-id=\"96ae5e1\" data-element_type=\"widget\" data-e-type=\"widget\" data-widget_type=\"heading.default\">\n\t\t\t\t\t<h1 class=\"elementor-heading-title elementor-size-default\">Treball de l'ombra, \u00e9ssers de llum, New Age<\/h1>\t\t\t\t<\/div>\n\t\t\t\t<div class=\"elementor-element elementor-element-e45238a elementor-widget elementor-widget-text-editor\" data-id=\"e45238a\" data-element_type=\"widget\" data-e-type=\"widget\" data-widget_type=\"text-editor.default\">\n\t\t\t\t\t\t\t\t\t<p>El treball de l&#8217;ombra \u00e9s, tant en la psicologia profunda junguiana com en les adaptacions esot\u00e8riques contempor\u00e0nies, un proc\u00e9s psicol\u00f2gic i espiritual d&#8217;integraci\u00f3 dels aspectes inconscients, reprimits o rebutjats de l&#8217;individu. Des de la ci\u00e8ncia de la religi\u00f3, es tracta d&#8217;una demonologia psicologitzada: sobrenaturalitat interior en lloc d&#8217;entitat externa.<\/p>\t\t\t\t\t\t\t\t<\/div>\n\t\t\t\t<\/div>\n\t\t<div class=\"elementor-element elementor-element-klsbdg01 e-con-full e-flex e-con e-parent\" data-id=\"klsbdg01\" data-element_type=\"container\" data-e-type=\"container\">\n\t\t\t\t<div class=\"elementor-element elementor-element-klshtm01 elementor-widget elementor-widget-html\" data-id=\"klshtm01\" data-element_type=\"widget\" data-e-type=\"widget\" data-widget_type=\"html.default\">\n\t\t\t\t\t<div class=\"iwg-pill-row\"><span class=\"iwg-klasse-badge\" tabindex=\"0\" data-tooltip=\"Pr\u00e0ctica: acci\u00f3 ritual, m\u00e0gica o espiritual amb un objectiu definit, protecci\u00f3, dany, efecte amor\u00f3s, contacte amb \u00e9ssers o camps d'informaci\u00f3 c\u00f2smics. Documentada hist\u00f2ricament des de l'edat del bronze.\">Pr\u00e0ctica<\/span><span class=\"iwg-kultur-badge\" tabindex=\"0\" data-tooltip=\"Fenomen transcultural, documentat en diverses cultures amb estructures afins.\">Transversal<\/span><\/div>\t\t\t\t<\/div>\n\t\t\t\t<\/div>\n\t\t<div class=\"elementor-element elementor-element-3f74855 e-con-full e-flex e-con e-child\" data-id=\"3f74855\" data-element_type=\"container\" data-e-type=\"container\">\n\t\t\t\t<div class=\"elementor-element elementor-element-1c30362 elementor-toc--minimized-on-tablet elementor-widget elementor-widget-table-of-contents\" data-id=\"1c30362\" data-element_type=\"widget\" data-e-type=\"widget\" data-settings=\"{&quot;exclude_headings_by_selector&quot;:[],&quot;no_headings_message&quot;:&quot;No s&#039;ha trobat cap encap\\u00e7alament en aquesta p\\u00e0gina.&quot;,&quot;headings_by_tags&quot;:[&quot;h2&quot;,&quot;h3&quot;],&quot;marker_view&quot;:&quot;bullets&quot;,&quot;minimize_box&quot;:&quot;yes&quot;,&quot;icon&quot;:{&quot;value&quot;:&quot;fas fa-circle&quot;,&quot;library&quot;:&quot;fa-solid&quot;,&quot;rendered_tag&quot;:&quot;&lt;svg class=\\&quot;e-font-icon-svg e-fas-circle\\&quot; viewBox=\\&quot;0 0 512 512\\&quot; xmlns=\\&quot;http:\\\/\\\/www.w3.org\\\/2000\\\/svg\\&quot;&gt;&lt;path d=\\&quot;M256 8C119 8 8 119 8 256s111 248 248 248 248-111 248-248S393 8 256 8z\\&quot;&gt;&lt;\\\/path&gt;&lt;\\\/svg&gt;&quot;},&quot;minimized_on&quot;:&quot;tablet&quot;,&quot;hierarchical_view&quot;:&quot;yes&quot;,&quot;min_height&quot;:{&quot;unit&quot;:&quot;px&quot;,&quot;size&quot;:&quot;&quot;,&quot;sizes&quot;:[]},&quot;min_height_tablet&quot;:{&quot;unit&quot;:&quot;px&quot;,&quot;size&quot;:&quot;&quot;,&quot;sizes&quot;:[]},&quot;min_height_mobile&quot;:{&quot;unit&quot;:&quot;px&quot;,&quot;size&quot;:&quot;&quot;,&quot;sizes&quot;:[]}}\" data-widget_type=\"table-of-contents.default\">\n\t\t\t\t\t\t\t\t\t<div class=\"elementor-toc__header\">\n\t\t\t\t\t\t<h2 class=\"elementor-toc__header-title\">\n\t\t\t\t\u00cdndex\t\t\t<\/h2>\n\t\t\t\t\t\t\t\t\t\t<div class=\"elementor-toc__toggle-button elementor-toc__toggle-button--expand\" role=\"button\" tabindex=\"0\" aria-controls=\"elementor-toc__1c30362\" aria-expanded=\"true\" aria-label=\"Open table of contents\"><svg aria-hidden=\"true\" class=\"e-font-icon-svg e-fas-chevron-down\" viewBox=\"0 0 448 512\" xmlns=\"http:\/\/www.w3.org\/2000\/svg\"><path d=\"M207.029 381.476L12.686 187.132c-9.373-9.373-9.373-24.569 0-33.941l22.667-22.667c9.357-9.357 24.522-9.375 33.901-.04L224 284.505l154.745-154.021c9.379-9.335 24.544-9.317 33.901.04l22.667 22.667c9.373 9.373 9.373 24.569 0 33.941L240.971 381.476c-9.373 9.372-24.569 9.372-33.942 0z\"><\/path><\/svg><\/div>\n\t\t\t\t<div class=\"elementor-toc__toggle-button elementor-toc__toggle-button--collapse\" role=\"button\" tabindex=\"0\" aria-controls=\"elementor-toc__1c30362\" aria-expanded=\"true\" aria-label=\"Close table of contents\"><svg aria-hidden=\"true\" class=\"e-font-icon-svg e-fas-chevron-up\" viewBox=\"0 0 448 512\" xmlns=\"http:\/\/www.w3.org\/2000\/svg\"><path d=\"M240.971 130.524l194.343 194.343c9.373 9.373 9.373 24.569 0 33.941l-22.667 22.667c-9.357 9.357-24.522 9.375-33.901.04L224 227.495 69.255 381.516c-9.379 9.335-24.544 9.317-33.901-.04l-22.667-22.667c-9.373-9.373-9.373-24.569 0-33.941L207.03 130.525c9.372-9.373 24.568-9.373 33.941-.001z\"><\/path><\/svg><\/div>\n\t\t\t\t\t<\/div>\n\t\t\t\t<div id=\"elementor-toc__1c30362\" class=\"elementor-toc__body\">\n\t\t\t<div class=\"elementor-toc__spinner-container\">\n\t\t\t\t<svg class=\"elementor-toc__spinner eicon-animation-spin e-font-icon-svg e-eicon-loading\" aria-hidden=\"true\" viewBox=\"0 0 1000 1000\" xmlns=\"http:\/\/www.w3.org\/2000\/svg\"><path d=\"M500 975V858C696 858 858 696 858 500S696 142 500 142 142 304 142 500H25C25 237 238 25 500 25S975 237 975 500 763 975 500 975Z\"><\/path><\/svg>\t\t\t<\/div>\n\t\t<\/div>\n\t\t\t\t\t\t<\/div>\n\t\t\t\t<\/div>\n\t\t\t\t\t<\/div>\n\t\t\t\t<\/div>\n\t\t<div class=\"elementor-element elementor-element-herorght0 e-con-full e-flex e-con e-child\" data-id=\"herorght0\" data-element_type=\"container\" data-e-type=\"container\">\n\t\t\t\t<div class=\"elementor-element elementor-element-heroimg00 iwg-hero-image elementor-widget elementor-widget-image\" data-id=\"heroimg00\" data-element_type=\"widget\" data-e-type=\"widget\" data-widget_type=\"image.default\">\n\t\t\t\t\t\t\t\t\t\t\t\t\t\t\t<img fetchpriority=\"high\" decoding=\"async\" width=\"683\" height=\"1024\" src=\"https:\/\/iwell-guard.com\/wp-content\/uploads\/2026\/04\/lichtwesen_new-age-683x1024.webp\" class=\"attachment-large size-large wp-image-173678\" alt=\"New Age - il\u00b7lustraci\u00f3 lluminosa de l&apos;\u00e9sser de llum\" srcset=\"https:\/\/iwell-guard.com\/wp-content\/uploads\/2026\/04\/lichtwesen_new-age-683x1024.webp 683w, https:\/\/iwell-guard.com\/wp-content\/uploads\/2026\/04\/lichtwesen_new-age-200x300.webp 200w, https:\/\/iwell-guard.com\/wp-content\/uploads\/2026\/04\/lichtwesen_new-age-768x1152.webp 768w, https:\/\/iwell-guard.com\/wp-content\/uploads\/2026\/04\/lichtwesen_new-age.webp 1024w\" sizes=\"(max-width: 683px) 100vw, 683px\" \/>\t\t\t\t\t\t\t\t\t\t\t\t\t\t\t<\/div>\n\t\t\t\t<\/div>\n\t\t\t\t\t<\/div>\n\t\t\t\t<\/div>\n\t\t<div class=\"elementor-element elementor-element-32917199 e-flex e-con-boxed e-con e-parent\" data-id=\"32917199\" data-element_type=\"container\" data-e-type=\"container\">\n\t\t\t\t\t<div class=\"e-con-inner\">\n\t\t<div class=\"elementor-element elementor-element-26e916cb e-flex e-con-boxed e-con e-child\" data-id=\"26e916cb\" data-element_type=\"container\" data-e-type=\"container\">\n\t\t\t\t\t<div class=\"e-con-inner\">\n\t\t<div class=\"elementor-element elementor-element-253a40d4 e-flex e-con-boxed e-con e-child\" data-id=\"253a40d4\" data-element_type=\"container\" data-e-type=\"container\">\n\t\t\t\t\t<div class=\"e-con-inner\">\n\t\t\t\t<div class=\"elementor-element elementor-element-1200c304 elementor-widget elementor-widget-heading\" data-id=\"1200c304\" data-element_type=\"widget\" data-e-type=\"widget\" data-widget_type=\"heading.default\">\n\t\t\t\t\t<h2 class=\"elementor-heading-title elementor-size-default\">Treball de l'ombra<\/h2>\t\t\t\t<\/div>\n\t\t\t\t<div class=\"elementor-element elementor-element-11758e7f elementor-widget elementor-widget-text-editor\" data-id=\"11758e7f\" data-element_type=\"widget\" data-e-type=\"widget\" data-widget_type=\"text-editor.default\">\n\t\t\t\t\t\t\t\t\t<p>El treball de l&#8217;ombra designa la confrontaci\u00f3 conscient amb l&#8217;\u201combra\u201d, els impulsos reprimits, els trets rebutjats de la personalitat i els complexos inconscients. Jung descrivia l&#8217;ombra com el \u201caltre jo\u201d que neguem. Els mites i pr\u00e0ctiques centrals inclouen l&#8217;an\u00e0lisi de somnis, la imaginaci\u00f3 activa (di\u00e0leg amb figures inconscients), la integraci\u00f3 de traumes i la reflexi\u00f3 sobre patrons de comportament. Funcionalment, el treball de l&#8217;ombra substitueix l&#8217;exorcisme tradicional de dimonis per un psicodrama interior i la integraci\u00f3, en lloc de la defensa davant d&#8217;una agressi\u00f3 externa.<\/p>\t\t\t\t\t\t\t\t<\/div>\n\t\t\t\t\t<\/div>\n\t\t\t\t<\/div>\n\t\t<div class=\"elementor-element elementor-element-159dcf9a e-flex e-con-boxed e-con e-child\" data-id=\"159dcf9a\" data-element_type=\"container\" data-e-type=\"container\">\n\t\t\t\t\t<div class=\"e-con-inner\">\n\t\t\t\t<div class=\"elementor-element elementor-element-48cee66f elementor-widget elementor-widget-heading\" data-id=\"48cee66f\" data-element_type=\"widget\" data-e-type=\"widget\" data-widget_type=\"heading.default\">\n\t\t\t\t\t<h2 class=\"elementor-heading-title elementor-size-default\">D'un cop d'ull: treball de l'ombra<\/h2>\t\t\t\t<\/div>\n\t\t\t\t<div class=\"elementor-element elementor-element-3f50d82c elementor-widget elementor-widget-text-editor\" data-id=\"3f50d82c\" data-element_type=\"widget\" data-e-type=\"widget\" data-widget_type=\"text-editor.default\">\n\t\t\t\t\t\t\t\t\t<p><span data-nosnippet>El treball de l&#8217;ombra es basa en l&#8217;obra completa de <span class=\"iwg-fachbegriff\" tabindex=\"0\" data-tooltip=\"Psic\u00f2leg profund su\u00eds (1875\u20131961); fundador de la psicologia anal\u00edtica.\">Carl Gustav Jung<\/span> (Collected Works, vol. 6 i 9, Psyche and <span class=\"iwg-fachbegriff\" data-tooltip=\"Un signe que representa una idea o un significat.\" tabindex=\"0\">Symbol<\/span>; especialment Psychology and Alchemy, 1944; Aion, 1951). Bibliografia secund\u00e0ria central: Erich Neumann (The Origins and History of Consciousness, 1954), Robert Johnson (Owning Your Own Shadow, 1991), James Hillman (Re-visioning Psychology, 1975).<\/span><\/p><p>Difusi\u00f3: psicologia junguiana (cl\u00ednics, formadors), espiritualitat New Age, literatura psicol\u00f2gica de divulgaci\u00f3. Estat de la recerca: Murray Stein (Jung&#8217;s Map of the Soul), Giovanni Sorcinelli (Jung and the Shadow), Paul Kugler (The Alchemy of the Self).<\/p>\t\t\t\t\t\t\t\t<\/div>\n\t\t\t\t\t<\/div>\n\t\t\t\t<\/div>\n\t\t\t\t\t<\/div>\n\t\t\t\t<\/div>\n\t\t\t\t\t<\/div>\n\t\t\t\t<\/div>\n\t\t<div class=\"elementor-element elementor-element-18613602 e-flex e-con-boxed e-con e-parent\" data-id=\"18613602\" data-element_type=\"container\" data-e-type=\"container\">\n\t\t\t\t\t<div class=\"e-con-inner\">\n\t\t\t\t<div class=\"elementor-element elementor-element-262b8a9f elementor-widget elementor-widget-heading\" data-id=\"262b8a9f\" data-element_type=\"widget\" data-e-type=\"widget\" data-widget_type=\"heading.default\">\n\t\t\t\t\t<h2 class=\"elementor-heading-title elementor-size-default\">Context<\/h2>\t\t\t\t<\/div>\n\t\t<div class=\"elementor-element elementor-element-46dcb7d e-con-full e-flex e-con e-child\" data-id=\"46dcb7d\" data-element_type=\"container\" data-e-type=\"container\">\n\t\t<div class=\"elementor-element elementor-element-61d3ab3 e-flex e-con-boxed e-con e-child\" data-id=\"61d3ab3\" data-element_type=\"container\" data-e-type=\"container\">\n\t\t\t\t\t<div class=\"e-con-inner\">\n\t\t\t\t<div class=\"elementor-element elementor-element-117c166 elementor-widget elementor-widget-heading\" data-id=\"117c166\" data-element_type=\"widget\" data-e-type=\"widget\" data-widget_type=\"heading.default\">\n\t\t\t\t\t<div class=\"elementor-heading-title elementor-size-default\">Per\u00edode dels textos<\/div>\t\t\t\t<\/div>\n\t\t\t\t<div class=\"elementor-element elementor-element-73997a0 elementor-widget elementor-widget-text-editor\" data-id=\"73997a0\" data-element_type=\"widget\" data-e-type=\"widget\" data-widget_type=\"text-editor.default\">\n\t\t\t\t\t\t\t\t\t<p>La <span class=\"iwg-fachbegriff\" data-tooltip=\"La transmissi\u00f3 de coneixements i narracions al llarg de generacions.\" tabindex=\"0\">transmissi\u00f3<\/span> escrita sobre el treball de l&#8217;ombra es remunta diversos segles enrere, amb tota probabilitat sobre tradicions orals encara m\u00e9s antigues que hi van existir pr\u00e8viament. El New Age ha conservat aquesta entitat o aquest concepte durant per\u00edodes extraordin\u00e0riament llargs i l&#8217;ha transm\u00e8s amb cura de generaci\u00f3 en generaci\u00f3, la qual cosa apunta a una import\u00e0ncia religiosa i cultural central.<\/p><p>La hist\u00f2ria del treball de l&#8217;ombra abasta nom\u00e9s un segle aproximadament. Jung va encunyar el concepte d&#8217;ombra a la primera meitat del segle XX, i el moviment del potencial hum\u00e0, junt amb autors com Robert A. Johnson o Debbie Ford, el van difondre a un p\u00fablic ampli a partir dels anys 1970 i 1990. A la d\u00e8cada de 2020, el treball de l&#8217;ombra es va difondre de nou a trav\u00e9s de les xarxes socials, per exemple en forma de plantilles de diari amb preguntes predefinides. El nucli jungui\u00e0 encara hi \u00e9s reconeixible, sovint, per\u00f2, molt simplificat.<\/p>\t\t\t\t\t\t\t\t<\/div>\n\t\t\t\t\t<\/div>\n\t\t\t\t<\/div>\n\t\t<div class=\"elementor-element elementor-element-d47b156 e-flex e-con-boxed e-con e-child\" data-id=\"d47b156\" data-element_type=\"container\" data-e-type=\"container\">\n\t\t\t\t\t<div class=\"e-con-inner\">\n\t\t\t\t<div class=\"elementor-element elementor-element-ff38c2b elementor-widget elementor-widget-heading\" data-id=\"ff38c2b\" data-element_type=\"widget\" data-e-type=\"widget\" data-widget_type=\"heading.default\">\n\t\t\t\t\t<div class=\"elementor-heading-title elementor-size-default\">\u00c0rea de difusi\u00f3<\/div>\t\t\t\t<\/div>\n\t\t\t\t<div class=\"elementor-element elementor-element-4e49fcc elementor-widget elementor-widget-text-editor\" data-id=\"4e49fcc\" data-element_type=\"widget\" data-e-type=\"widget\" data-widget_type=\"text-editor.default\">\n\t\t\t\t\t\t\t\t\t<p>El treball de l&#8217;ombra no estava limitat a una regi\u00f3 o localitzaci\u00f3 concreta, sin\u00f3 que era conegut universalment en tot el m\u00f3n New Age, i venerat o temut amb respecte. Tant en grans centres urbans com en regions rurals perif\u00e8riques, tant entre l&#8217;elit social com entre la gent senzilla, el significat espiritual o cultural d&#8217;aquesta entitat era reconegut de manera constant i universal.<\/p><p>El treball de l&#8217;ombra mai va estar lligat a un poble o a una regi\u00f3 concreta, sin\u00f3 que es va difondre a trav\u00e9s dels canals de la cultura moderna de la psicologia i de l&#8217;autoajuda. Des de l&#8217;escola de Zuric de Jung, el concepte d&#8217;ombra va arribar, mitjan\u00e7ant traduccions i el moviment americ\u00e0 del potencial hum\u00e0, al mercat internacional del llibre, i m\u00e9s tard a seminaris, p\u00f2dcasts i xarxes socials. Aquestes fonts comunes expliquen per qu\u00e8 les formes de pr\u00e0ctica, com les preguntes de diari o les meditacions de l&#8217;infant interior, es semblen tant arreu del m\u00f3n.<\/p>\t\t\t\t\t\t\t\t<\/div>\n\t\t\t\t\t<\/div>\n\t\t\t\t<\/div>\n\t\t\t\t<\/div>\n\t\t<div class=\"elementor-element elementor-element-db03c39 e-con-full e-flex e-con e-child\" data-id=\"db03c39\" data-element_type=\"container\" data-e-type=\"container\">\n\t\t<div class=\"elementor-element elementor-element-229a87b e-flex e-con-boxed e-con e-child\" data-id=\"229a87b\" data-element_type=\"container\" data-e-type=\"container\">\n\t\t\t\t\t<div class=\"e-con-inner\">\n\t\t\t\t<div class=\"elementor-element elementor-element-1f471fc elementor-widget elementor-widget-heading\" data-id=\"1f471fc\" data-element_type=\"widget\" data-e-type=\"widget\" data-widget_type=\"heading.default\">\n\t\t\t\t\t<div class=\"elementor-heading-title elementor-size-default\">Estat de les fonts<\/div>\t\t\t\t<\/div>\n\t\t\t\t<div class=\"elementor-element elementor-element-36b1201 elementor-widget elementor-widget-text-editor\" data-id=\"36b1201\" data-element_type=\"widget\" data-e-type=\"widget\" data-widget_type=\"text-editor.default\">\n\t\t\t\t\t\t\t\t\t<p><span data-nosnippet>Les fonts prim\u00e0ries s\u00f3n les Obres completes de Jung (1934, 1961; en angl\u00e8s, Collected Works, Bollingen Series, 20 vol.), especialment Psychology and Alchemy (1944), Aion (1951), Mysterium Coniunctionis (1955). Per\u00edode: 1920\u20131960 (recerca de Jung), i posteriorment popularitzaci\u00f3 des de 1970 fins a l&#8217;actualitat.<\/span><\/p><p><span data-nosnippet>\u00c0mbit ling\u00fc\u00edstic: alemany (Jung), m\u00e9s tard angl\u00e8s (\u00e0mbit acad\u00e8mic i popular). Geogr\u00e0ficament: Zuric (Institut Jung, fundat el 1948), despr\u00e9s la professi\u00f3 psicol\u00f2gica global. Investigadors: Erich Neumann, James Hillman, Robert Moore, James Hollis (The Eden Project, Mythopoeic Men). La teoria est\u00e0 acad\u00e8micament establerta en psicologia, psiquiatria i <span class=\"iwg-fachbegriff\" data-tooltip=\"Terme gen\u00e8ric per a doctrines que reclamen un coneixement ocult, accessible nom\u00e9s als iniciats.\" tabindex=\"0\">esoterisme<\/span>.<\/span><\/p>\t\t\t\t\t\t\t\t<\/div>\n\t\t\t\t\t<\/div>\n\t\t\t\t<\/div>\n\t\t\t\t<\/div>\n\t\t\t\t\t<\/div>\n\t\t\t\t<\/div>\n\t\t<div class=\"elementor-element elementor-element-3ae0637c e-flex e-con-boxed e-con e-parent\" data-id=\"3ae0637c\" data-element_type=\"container\" data-e-type=\"container\">\n\t\t\t\t\t<div class=\"e-con-inner\">\n\t\t\t\t<div class=\"elementor-element elementor-element-31d07739 elementor-widget elementor-widget-heading\" data-id=\"31d07739\" data-element_type=\"widget\" data-e-type=\"widget\" data-widget_type=\"heading.default\">\n\t\t\t\t\t<h2 class=\"elementor-heading-title elementor-size-default\">Nom<\/h2>\t\t\t\t<\/div>\n\t\t<div class=\"elementor-element elementor-element-b7642947 e-con-full e-flex e-con e-child\" data-id=\"b7642947\" data-element_type=\"container\" data-e-type=\"container\">\n\t\t\t\t<div class=\"elementor-element elementor-element-a086266 elementor-widget elementor-widget-text-editor\" data-id=\"a086266\" data-element_type=\"widget\" data-e-type=\"widget\" data-widget_type=\"text-editor.default\">\n\t\t\t\t\t\t\t\t\t<p>El treball de l&#8217;ombra es representa, en les diverses fonts i tradicions art\u00edstiques, amb certs elements iconogr\u00e0fics recurrents que es mantenen relativament constants al llarg de les d\u00e8cades i en diferents espais geogr\u00e0fics. Aquests elements no s\u00f3n ni purament decoratius ni triats a l&#8217;atzar: estan codificats simb\u00f2licament de manera profunda i tenen un gran significat.<\/p><p>El treball de l&#8217;ombra no coneix objectes sagrats ni atributs divins; el seu nivell de significat rau en els conceptes de la psicologia junguiana. L&#8217;ombra designa els aspectes reprimits i no viscuts de la personalitat, junt amb conceptes com la persona, la projecci\u00f3 i la individuaci\u00f3. Qui estigui familiaritzat amb aquest marc conceptual pot situar les diferents pr\u00e0ctiques: el diari com a observaci\u00f3 de si mateix, el treball amb l&#8217;infant interior com a acc\u00e9s a empremtes primerenques, i l&#8217;an\u00e0lisi de les projeccions com a mirall dels propis aspectes reprimits. El mateix Jung utilitzava per a aix\u00f2 el terme t\u00e8cnic d&#8217;arquetip.<\/p>\t\t\t\t\t\t\t\t<\/div>\n\t\t\t\t<\/div>\n\t\t\t\t\t<\/div>\n\t\t\t\t<\/div>\n\t\t<div class=\"elementor-element elementor-element-709a44a8 e-flex e-con-boxed e-con e-parent\" data-id=\"709a44a8\" data-element_type=\"container\" data-e-type=\"container\">\n\t\t\t\t\t<div class=\"e-con-inner\">\n\t\t\t\t<div class=\"elementor-element elementor-element-2f585873 elementor-widget elementor-widget-heading\" data-id=\"2f585873\" data-element_type=\"widget\" data-e-type=\"widget\" data-widget_type=\"heading.default\">\n\t\t\t\t\t<h2 class=\"elementor-heading-title elementor-size-default\">Trets caracter\u00edstics<\/h2>\t\t\t\t<\/div>\n\t\t<div class=\"elementor-element elementor-element-70621c12 e-con-full e-flex e-con e-child\" data-id=\"70621c12\" data-element_type=\"container\" data-e-type=\"container\">\n\t\t\t\t<div class=\"elementor-element elementor-element-4296eb49 elementor-widget elementor-widget-text-editor\" data-id=\"4296eb49\" data-element_type=\"widget\" data-e-type=\"widget\" data-widget_type=\"text-editor.default\">\n\t\t\t\t\t\t\t\t\t<p>El treball d&#8217;ombra va ser central en la pr\u00e0ctica religiosa, els rituals quotidians i la comprensi\u00f3 di\u00e0ria del New Age. Les persones s&#8217;adre\u00e7aven a aquesta entitat en situacions vitals cr\u00edtiques o determinades, o en certes \u00e8poques rituals de l&#8217;any, mitjan\u00e7ant rituals estructurats i sovint elaborats, oracions o ofrenes.<\/p><p>El treball d&#8217;ombra t\u00e9, en lloc d&#8217;antigues normes cultuals, un origen clarament identificable: C. G. Jung va desenvolupar el concepte de l&#8217;ombra en el marc de la seva psicologia anal\u00edtica, i el fet de treballar-hi pertanyia origin\u00e0riament a la pr\u00e0ctica psicoterap\u00e8utica d&#8217;analistes formats. Nom\u00e9s m\u00e9s tard els \u00e0mbits d&#8217;autoconeixement i del New Age van treure el m\u00e8tode d&#8217;aquest marc professional; avui dia sovint s\u00f3n coaches i organitzadors de seminaris sense formaci\u00f3 terap\u00e8utica qui dirigeixen aquests exercicis.<\/p><p>El fet que el treball d&#8217;ombra s&#8217;hagi mantingut des dels temps de Jung fins a l&#8217;escena actual d&#8217;autoconeixement s&#8217;explica per les finalitats que se li atribueixen. Les aplicacions s\u00f3n diverses: alguns exercicis pretenen prevenir, per exemple reconeixent projeccions abans que carreguin les relacions. D&#8217;altres apunten a processar ferides antigues, com en el treball amb el \u00abnen interior\u00bb. D&#8217;altres encara es presenten com a acompanyament en fases de canvi, com separacions o nous inicis professionals. Tot i aix\u00f2, no hi ha proves d&#8217;efic\u00e0cia en sentit cient\u00edfic per als formats d&#8217;aquest \u00e0mbit.<\/p>\t\t\t\t\t\t\t\t<\/div>\n\t\t\t\t<\/div>\n\t\t\t\t\t<\/div>\n\t\t\t\t<\/div>\n\t\t<div class=\"elementor-element elementor-element-44e71476 e-flex e-con-boxed e-con e-parent\" data-id=\"44e71476\" data-element_type=\"container\" data-e-type=\"container\">\n\t\t\t\t\t<div class=\"e-con-inner\">\n\t\t\t\t<div class=\"elementor-element elementor-element-3c1fc3f0 elementor-widget elementor-widget-heading\" data-id=\"3c1fc3f0\" data-element_type=\"widget\" data-e-type=\"widget\" data-widget_type=\"heading.default\">\n\t\t\t\t\t<h2 class=\"elementor-heading-title elementor-size-default\">Fitxa: Treball d'ombra<\/h2>\t\t\t\t<\/div>\n\t\t<div class=\"elementor-element elementor-element-84f33b8e e-con-full e-flex e-con e-child\" data-id=\"84f33b8e\" data-element_type=\"container\" data-e-type=\"container\">\n\t\t\t\t<div class=\"elementor-element elementor-element-hqkdc67p elementor-widget elementor-widget-text-editor\" data-id=\"hqkdc67p\" data-element_type=\"widget\" data-e-type=\"widget\" data-widget_type=\"text-editor.default\">\n\t\t\t\t\t\t\t\t\t<p>La fitxa sobre el treball d&#8217;ombra examina el seu origen psicol\u00f2gico-mitol\u00f2gic en la teoria junguiana, la seva aplicaci\u00f3 pr\u00e0ctica en l&#8217;espiritualitat moderna i la psicoter\u00e0pia, la seva sem\u00e0ntica (arquetip, complex, self), les pr\u00e0ctiques socials (clearing de trauma, treball amb somnis) i els paral\u00b7lelismes culturals amb rituals d&#8217;integraci\u00f3 demon\u00edaca en tradicions m\u00e9s antigues.<\/p>\t\t\t\t\t\t\t\t<\/div>\n\t\t\t\t<\/div>\n\t\t<div class=\"elementor-element elementor-element-pemmx7c5 e-con-full e-flex e-con e-child\" data-id=\"pemmx7c5\" data-element_type=\"container\" data-e-type=\"container\">\n\t\t<div class=\"elementor-element elementor-element-pemmx7c1 e-con-full e-flex e-con e-child\" data-id=\"pemmx7c1\" data-element_type=\"container\" data-e-type=\"container\">\n\t\t<div class=\"elementor-element elementor-element-qh9oavvu iwg-steckbrief-card e-flex e-con-boxed e-con e-child\" data-id=\"qh9oavvu\" data-element_type=\"container\" data-e-type=\"container\">\n\t\t\t\t\t<div class=\"e-con-inner\">\n\t\t\t\t<div class=\"elementor-element elementor-element-awzx8k2k elementor-widget elementor-widget-heading\" data-id=\"awzx8k2k\" data-element_type=\"widget\" data-e-type=\"widget\" data-widget_type=\"heading.default\">\n\t\t\t\t\t<div class=\"elementor-heading-title elementor-size-default\">Origen<\/div>\t\t\t\t<\/div>\n\t\t\t\t<div class=\"elementor-element elementor-element-x6rowhv0 elementor-widget elementor-widget-text-editor\" data-id=\"x6rowhv0\" data-element_type=\"widget\" data-e-type=\"widget\" data-widget_type=\"text-editor.default\">\n\t\t\t\t\t\t\t\t\t<p><span data-nosnippet>El treball d&#8217;ombra va sorgir de la psicologia profunda junguiana a Z\u00faric durant les d\u00e8cades de 1920 i 1950. Origen geogr\u00e0fic: Su\u00efssa (Jung), m\u00e9s tard Am\u00e8rica (moviment psicol\u00f2gic) i finalment, arreu del m\u00f3n. Dataci\u00f3 temporal: primera formulaci\u00f3 te\u00f2rica el 1917 i el 1920 (escrits de Jung sobre l&#8217;inconscient i els arquetips), conceptualitzaci\u00f3 completa a Aion (1951).<\/span><\/p><p>Origen cultural: el romanticisme europeu (la ment inconscient), el renaixement de l&#8217;<span class=\"iwg-fachbegriff\" tabindex=\"0\" data-tooltip=\"Connexi\u00f3 premoderna entre la filosofia natural i la ci\u00e8ncia simb\u00f2lica; treballa amb la transformaci\u00f3 de la mat\u00e8ria com a transformaci\u00f3 interior.\">alqu\u00edmia<\/span> (inter\u00e8s de Jung), la psicologia moderna. Primers testimonis: els textos psicol\u00f2gics de Jung, m\u00e9s tard estudis de casos cl\u00ednics i manuals de formaci\u00f3 (Neumann, Johnson).<\/p>\t\t\t\t\t\t\t\t<\/div>\n\t\t\t\t\t<\/div>\n\t\t\t\t<\/div>\n\t\t<div class=\"elementor-element elementor-element-8e3o4kxs iwg-steckbrief-card e-flex e-con-boxed e-con e-child\" data-id=\"8e3o4kxs\" data-element_type=\"container\" data-e-type=\"container\">\n\t\t\t\t\t<div class=\"e-con-inner\">\n\t\t\t\t<div class=\"elementor-element elementor-element-08rkdgov elementor-widget elementor-widget-heading\" data-id=\"08rkdgov\" data-element_type=\"widget\" data-e-type=\"widget\" data-widget_type=\"heading.default\">\n\t\t\t\t\t<div class=\"elementor-heading-title elementor-size-default\">Objecte d'acci\u00f3<\/div>\t\t\t\t<\/div>\n\t\t\t\t<div class=\"elementor-element elementor-element-uwjelx8s elementor-widget elementor-widget-text-editor\" data-id=\"uwjelx8s\" data-element_type=\"widget\" data-e-type=\"widget\" data-widget_type=\"text-editor.default\">\n\t\t\t\t\t\t\t\t\t<p>El treball d&#8217;ombra s&#8217;adre\u00e7ava inicialment a analistes junguians i psicoterapeutes. M\u00e9s tard el p\u00fablic es va ampliar: estudiants de psicologia, cercadors espirituals, supervivents de trauma, persones interessades en el desenvolupament personal, artistes i escriptors. Motius: crisi psicol\u00f2gica, desig d&#8217;autoconeixement, curaci\u00f3 de traumes, maduresa espiritual. Context social: la malaltia ps\u00edquica com a senyal de l&#8217;inconscient (no de demonologia), s\u00edntesi secular-m\u00edstica, un moviment de la religi\u00f3 externa cap a la psique interior.<\/p>\t\t\t\t\t\t\t\t<\/div>\n\t\t\t\t\t<\/div>\n\t\t\t\t<\/div>\n\t\t<div class=\"elementor-element elementor-element-jm2n74ec iwg-steckbrief-card e-flex e-con-boxed e-con e-child\" data-id=\"jm2n74ec\" data-element_type=\"container\" data-e-type=\"container\">\n\t\t\t\t\t<div class=\"e-con-inner\">\n\t\t\t\t<div class=\"elementor-element elementor-element-8vufse4c elementor-widget elementor-widget-heading\" data-id=\"8vufse4c\" data-element_type=\"widget\" data-e-type=\"widget\" data-widget_type=\"heading.default\">\n\t\t\t\t\t<div class=\"elementor-heading-title elementor-size-default\">Representaci\u00f3<\/div>\t\t\t\t<\/div>\n\t\t\t\t<div class=\"elementor-element elementor-element-mwb9u015 elementor-widget elementor-widget-text-editor\" data-id=\"mwb9u015\" data-element_type=\"widget\" data-e-type=\"widget\" data-widget_type=\"text-editor.default\">\n\t\t\t\t\t\t\t\t\t<p>Iconogr\u00e0ficament, el treball d&#8217;ombra sovint es visualitza com una figura o energia interior, en lloc d&#8217;una entitat externa. En l&#8217;art ter\u00e0pia junguiana: l&#8217;ombra com a doble fosc, reina de les ombres, ala demon\u00edaca, monstre o infant ferit.<\/p><p>Color: negre, gris, vermell fosc. Atributs: cadenes (captivitat), reflex al mirall (l&#8217;inconscient), imatges on\u00edriques (desencadenants de trauma). En imaginaris moderns: bloquejos energ\u00e8tics, txacres bloquejats, \u00e9ssers-ombra interiors. Terap\u00e8uticament es tracten com a s\u00edmbols ps\u00edquics, no com a realitats.<\/p>\t\t\t\t\t\t\t\t<\/div>\n\t\t\t\t\t<\/div>\n\t\t\t\t<\/div>\n\t\t\t\t<\/div>\n\t\t<div class=\"elementor-element elementor-element-pemmx7c2 e-con-full e-flex e-con e-child\" data-id=\"pemmx7c2\" data-element_type=\"container\" data-e-type=\"container\">\n\t\t<div class=\"elementor-element elementor-element-37ss2yr6 iwg-steckbrief-card e-flex e-con-boxed e-con e-child\" data-id=\"37ss2yr6\" data-element_type=\"container\" data-e-type=\"container\">\n\t\t\t\t\t<div class=\"e-con-inner\">\n\t\t\t\t<div class=\"elementor-element elementor-element-3v0wp3wx elementor-widget elementor-widget-heading\" data-id=\"3v0wp3wx\" data-element_type=\"widget\" data-e-type=\"widget\" data-widget_type=\"heading.default\">\n\t\t\t\t\t<div class=\"elementor-heading-title elementor-size-default\">Funci\u00f3<\/div>\t\t\t\t<\/div>\n\t\t\t\t<div class=\"elementor-element elementor-element-w3247g2m elementor-widget elementor-widget-text-editor\" data-id=\"w3247g2m\" data-element_type=\"widget\" data-e-type=\"widget\" data-widget_type=\"text-editor.default\">\n\t\t\t\t\t\t\t\t\t<strong>\u00c0mbit d&#8217;acci\u00f3:<\/strong><p>El treball d&#8217;ombra \u00e9s un concepte de psicologia profunda que es remunta a <span class=\"iwg-fachbegriff\" tabindex=\"0\" data-tooltip=\"Psic\u00f2leg profund su\u00eds (1875\u20131961); fundador de la psicologia anal\u00edtica.\">Carl Gustav Jung<\/span> i que fa refer\u00e8ncia a la integraci\u00f3 conscient de parts inconscients, reprimides o desintegrades de la personalitat.<\/p>\t\t\t\t\t\t\t\t<\/div>\n\t\t\t\t\t<\/div>\n\t\t\t\t<\/div>\n\t\t<div class=\"elementor-element elementor-element-0qpjal9w iwg-steckbrief-card e-flex e-con-boxed e-con e-child\" data-id=\"0qpjal9w\" data-element_type=\"container\" data-e-type=\"container\">\n\t\t\t\t\t<div class=\"e-con-inner\">\n\t\t\t\t<div class=\"elementor-element elementor-element-6ndoih0o elementor-widget elementor-widget-heading\" data-id=\"6ndoih0o\" data-element_type=\"widget\" data-e-type=\"widget\" data-widget_type=\"heading.default\">\n\t\t\t\t\t<div class=\"elementor-heading-title elementor-size-default\">Defensa envers el treball d'ombra<\/div>\t\t\t\t<\/div>\n\t\t\t\t<div class=\"elementor-element elementor-element-6684tyh9 elementor-widget elementor-widget-text-editor\" data-id=\"6684tyh9\" data-element_type=\"widget\" data-e-type=\"widget\" data-widget_type=\"text-editor.default\">\n\t\t\t\t\t\t\t\t\t<p>La pr\u00e0ctica del treball d&#8217;ombra utilitza t\u00e8cniques d&#8217;integraci\u00f3 en lloc de conjurs: la imaginaci\u00f3 activa (di\u00e0leg amb figures de l&#8217;ombra), l&#8217;an\u00e0lisi de somnis (desxifrar s\u00edmbols inconscients), el treball corporal (alliberar el trauma retingut al cos, Somatic Experiencing), l&#8217;art ter\u00e0pia dial\u00f2gica, l&#8217;escriptura de diari, el psicodrama simb\u00f2lic (representar actituds interiors). No \u00e9s defensiva (protecci\u00f3), sin\u00f3 transformadora: acceptaci\u00f3, comprensi\u00f3, integraci\u00f3. Jung subratllava: negar l&#8217;ombra porta a la projecci\u00f3 i a les neurosis; la integraci\u00f3 condueix a la totalitat (individuaci\u00f3).<\/p>\t\t\t\t\t\t\t\t<\/div>\n\t\t\t\t\t<\/div>\n\t\t\t\t<\/div>\n\t\t<div class=\"elementor-element elementor-element-3lfi7x32 iwg-steckbrief-card e-flex e-con-boxed e-con e-child\" data-id=\"3lfi7x32\" data-element_type=\"container\" data-e-type=\"container\">\n\t\t\t\t\t<div class=\"e-con-inner\">\n\t\t\t\t<div class=\"elementor-element elementor-element-0kg99ga1 elementor-widget elementor-widget-heading\" data-id=\"0kg99ga1\" data-element_type=\"widget\" data-e-type=\"widget\" data-widget_type=\"heading.default\">\n\t\t\t\t\t<div class=\"elementor-heading-title elementor-size-default\">Elements comparables<\/div>\t\t\t\t<\/div>\n\t\t\t\t<div class=\"elementor-element elementor-element-n0fum6kp elementor-widget elementor-widget-text-editor\" data-id=\"n0fum6kp\" data-element_type=\"widget\" data-e-type=\"widget\" data-widget_type=\"text-editor.default\">\n\t\t\t\t\t\t\t\t\t<p>Figures comparables s\u00f3n els dimonis psicologitzats (l&#8217;ombra adleriana, l&#8217;Id de Freud), la fase alqu\u00edmica de la nigredo (l&#8217;ennegriment, la dissoluci\u00f3 interior), la negaci\u00f3 ioga taoista (fosc, femen\u00ed, inconscient), la purgatio o via negativa cristiana (purificaci\u00f3, depuraci\u00f3), la confrontaci\u00f3 budista amb el dukkha (el sofriment com a cam\u00ed). Tots comparteixen: la consci\u00e8ncia de l&#8217;inconscient, la transformaci\u00f3 en lloc de la fugida, l&#8217;infern interior com a etapa de curaci\u00f3.<\/p>\t\t\t\t\t\t\t\t<\/div>\n\t\t\t\t\t<\/div>\n\t\t\t\t<\/div>\n\t\t\t\t<\/div>\n\t\t\t\t<\/div>\n\t\t\t\t\t<\/div>\n\t\t\t\t<\/div>\n\t\t<div class=\"elementor-element elementor-element-7533bc7a e-flex e-con-boxed e-con e-parent\" data-id=\"7533bc7a\" data-element_type=\"container\" data-e-type=\"container\">\n\t\t\t\t\t<div class=\"e-con-inner\">\n\t\t\t\t<div class=\"elementor-element elementor-element-2447d18d elementor-widget elementor-widget-heading\" data-id=\"2447d18d\" data-element_type=\"widget\" data-e-type=\"widget\" data-widget_type=\"heading.default\">\n\t\t\t\t\t<h2 class=\"elementor-heading-title elementor-size-default\">Protecci\u00f3 en la vida quotidiana<\/h2>\t\t\t\t<\/div>\n\t\t<div class=\"elementor-element elementor-element-d5d0260c e-con-full e-flex e-con e-child\" data-id=\"d5d0260c\" data-element_type=\"container\" data-e-type=\"container\">\n\t\t\t\t<div class=\"elementor-element elementor-element-341be2ac elementor-widget elementor-widget-text-editor\" data-id=\"341be2ac\" data-element_type=\"widget\" data-e-type=\"widget\" data-widget_type=\"text-editor.default\">\n\t\t\t\t\t\t\t\t\t<p><strong>Pr\u00e0ctiques d&#8217;integraci\u00f3 de l&#8217;ombra<\/strong><\/p><p>Jung recomanava el m\u00e8tode de la \u00abimaginaci\u00f3 activa\u00bb, la imaginaci\u00f3 conscient d&#8217;imatges on\u00edriques i de l&#8217;inconscient.<\/p><p><strong>Di\u00e0legs interiors i confrontaci\u00f3<\/strong><\/p><p>La transmissi\u00f3 textual prov\u00e9 de les obres completes de Jung (Collected Works vol. 7, 9).<\/p><p><strong>Simbolisme i imatges de l&#8217;\u00e0nima<\/strong><\/p><p>L&#8217;ombra mateixa \u00e9s el concepte central de l&#8217;<span class=\"iwg-fachbegriff\" data-tooltip=\"Un objecte portat al qual s'atribueix un efecte protector i que allunya els mals.\" tabindex=\"0\">amulet<\/span>, no un objecte extern.<\/p>\t\t\t\t\t\t\t\t<\/div>\n\t\t\t\t<\/div>\n\t\t\t\t\t<\/div>\n\t\t\t\t<\/div>\n\t\t<div class=\"elementor-element elementor-element-5a584676 e-flex e-con-boxed e-con e-parent\" data-id=\"5a584676\" data-element_type=\"container\" data-e-type=\"container\">\n\t\t\t\t\t<div class=\"e-con-inner\">\n\t\t\t\t<div class=\"elementor-element elementor-element-6d0757bf elementor-widget elementor-widget-heading\" data-id=\"6d0757bf\" data-element_type=\"widget\" data-e-type=\"widget\" data-widget_type=\"heading.default\">\n\t\t\t\t\t<h2 class=\"elementor-heading-title elementor-size-default\">Treball d'ombra, paral\u00b7lelismes en altres cultures<\/h2>\t\t\t\t<\/div>\n\t\t<div class=\"elementor-element elementor-element-60563f68 e-con-full e-flex e-con e-child\" data-id=\"60563f68\" data-element_type=\"container\" data-e-type=\"container\">\n\t\t\t\t<div class=\"elementor-element elementor-element-5a93fdd6 elementor-widget elementor-widget-text-editor\" data-id=\"5a93fdd6\" data-element_type=\"widget\" data-e-type=\"widget\" data-widget_type=\"text-editor.default\">\n\t\t\t\t\t\t\t\t\t<p><strong>Tradici\u00f3 jueva:<\/strong> La <span class=\"iwg-fachbegriff\" tabindex=\"0\" data-tooltip=\"Corrent religi\u00f3s centrat en l'experi\u00e8ncia directa de D\u00e9u; central en la tradici\u00f3 jueva, cristiana i isl\u00e0mica.\">m\u00edstica<\/span> jueva (C\u00e0bala) coneix la Sitra Achra (l&#8217;altre costat, el costat maligne) i les impures Kelipot (closques malignes). La <span class=\"iwg-fachbegriff\" tabindex=\"0\" data-tooltip=\"M\u00edstica jueva amb obres principals Sefer Yetzir\u00e0, Zohar i l'escola luri\u00e0nica; doctrina de les Sefirot, el Tetragrammaton i el Tikkun.\">C\u00e0bala<\/span> lurianica (Isaac Luria, segle XVI) posa l&#8217;accent en el Tzimtzum (retirada de D\u00e9u) i la Sitra Achra com a necessaris per a la creaci\u00f3, una esp\u00e8cie de treball estructural amb l&#8217;ombra.<\/p><p>Homil\u00e8tica rab\u00ednica: el Yetzer HaRah (inclinaci\u00f3 al mal) ha de ser integrat, no destru\u00eft (el <span class=\"iwg-fachbegriff\" tabindex=\"0\" data-tooltip=\"Obra principal del judaisme rab\u00ednic, en versi\u00f3 babil\u00f2nica i jerosolimitana; cont\u00e9 la Mixn\u00e0 i la Guemar\u00e0.\">Talmud<\/span>: la llibertat humana consisteix en la tria, no en l&#8217;eradicaci\u00f3).<\/p><p><strong>M\u00f3n grecorom\u00e0:<\/strong> les parts plat\u00f2niques de l&#8217;\u00e0nima (desig b\u00e0sic, coratge combatiu, pensament racional) han de ser harmonitzades. Els neoplat\u00f2nics posen l&#8217;accent en la k\u00e0tharsis ps\u00edquica (purificaci\u00f3 de l&#8217;inconscient). El viatge al m\u00f3n subterrani en l&#8217;Eneida o la <span class=\"iwg-fachbegriff\" tabindex=\"0\" data-tooltip=\"Obra principal de Dante (ca. 1308\u20131320); visi\u00f3 en tres parts de l'infern, el purgatori i el parad\u00eds.\">Divina Com\u00e8dia<\/span> \u00e9s un cam\u00ed literari cap a l&#8217;ombra: l&#8217;enfrontament amb l&#8217;Hades com a autoconeixement. Estoics com S\u00e8neca posen l&#8217;accent en l&#8217;autoexamen i la presa de consci\u00e8ncia d&#8217;all\u00f2 inconscient.<\/p><p><strong>Mesopot\u00e0mia:<\/strong> els mites mesopot\u00e0mics (el descens d&#8217;Innana, el dol de Gilgamesh) mostren el descens al regne de les ombres com a transformaci\u00f3. No hi ha un concepte expl\u00edcit com l&#8217;ombra de Jung, per\u00f2 s\u00ed un enfrontament existencial amb el mal i la mort com a maduraci\u00f3 interior.<\/p><p><strong>\u00cdndia\/\u00c0sia:<\/strong> el tantrisme posa l&#8217;accent en la fusi\u00f3 amb Xiva o Kali (aspectes foscos de la <span class=\"iwg-fachbegriff\" data-tooltip=\"Un \u00e9sser venerat com a div\u00ed dins d'una religi\u00f3.\" tabindex=\"0\">divinitat<\/span>). La pr\u00e0ctica budista tibetana del Ch\u00f6d (separaci\u00f3\/<span class=\"iwg-fachbegriff\" data-tooltip=\"Ofrena a una divinitat per expressar gratitud, petici\u00f3 o veneraci\u00f3.\" tabindex=\"0\">ofrena<\/span>) \u00e9s un enfrontament amb les pors interiors i l&#8217;afecci\u00f3 a l&#8217;ego. Taoisme: l&#8217;harmonia yin-yang requereix l&#8217;acceptaci\u00f3 de la foscor, la feminitat, la passivitat, un treball cultural amb l&#8217;ombra. La vipassan\u00e0 budista (visi\u00f3 clara) porta al coneixement de l&#8217;inconscient (Anicca, Dukkha, Anatta).<\/p>\t\t\t\t\t\t\t\t<\/div>\n\t\t\t\t<\/div>\n\t\t\t\t\t<\/div>\n\t\t\t\t<\/div>\n\t\t<div class=\"elementor-element elementor-element-cpfcbdcf7 e-flex e-con-boxed e-con e-parent\" data-id=\"cpfcbdcf7\" data-element_type=\"container\" data-e-type=\"container\">\n\t\t\t\t\t<div class=\"e-con-inner\">\n\t\t\t\t<div class=\"elementor-element elementor-element-cpde7fd90 elementor-widget elementor-widget-heading\" data-id=\"cpde7fd90\" data-element_type=\"widget\" data-e-type=\"widget\" data-widget_type=\"heading.default\">\n\t\t\t\t\t<h2 class=\"elementor-heading-title elementor-size-default\">El concepte de l'ombra en C. G. Jung<\/h2>\t\t\t\t<\/div>\n\t\t<div class=\"elementor-element elementor-element-cp08d57bd e-con-full e-flex e-con e-child\" data-id=\"cp08d57bd\" data-element_type=\"container\" data-e-type=\"container\">\n\t\t\t\t<div class=\"elementor-element elementor-element-cpfad6419 elementor-widget elementor-widget-text-editor\" data-id=\"cpfad6419\" data-element_type=\"widget\" data-e-type=\"widget\" data-widget_type=\"text-editor.default\">\n\t\t\t\t\t\t\t\t\t<p>El terme treball amb l&#8217;ombra prov\u00e9 del concepte de l&#8217;ombra en la psicologia anal\u00edtica de Carl Gustav Jung. Jung anomenava ombra aquelles parts de la personalitat que el jo ha rebutjat i reprimit per considerar-les incompatibles amb la seva pr\u00f2pia imatge. Segons Jung, aquestes inclouen no nom\u00e9s qualitats percebudes com a negatives, sin\u00f3 tamb\u00e9 possibilitats i capacitats no viscudes.<\/p><p><span data-nosnippet>Jung va desenvolupar aquesta idea en nombrosos escrits, com <em>Aion<\/em> (1951) i en assaigs sobre el desenvolupament de la personalitat. Entenia l&#8217;enfrontament amb l&#8217;ombra com a part del que ell anomenava proc\u00e9s d&#8217;individuaci\u00f3, \u00e9s a dir, el desenvolupament gradual cap a una personalitat m\u00e9s integral. \u00c9s important destacar que Jung concebia l&#8217;ombra com un concepte ps\u00edquic, no com un \u00e9sser aut\u00f2nom.<\/span><\/p><p>Dins de la psicologia acad\u00e8mica, l&#8217;obra de Jung \u00e9s controvertida i es considera en part no verificable emp\u00edricament en sentit estricte. Tot i aix\u00f2, el concepte de l&#8217;ombra ha tingut una \u00e0mplia repercussi\u00f3 cultural. El treball amb l&#8217;ombra posterior es basa en aquest terme, per\u00f2 en molts casos el desvincula del context especialitzat de la psicologia anal\u00edtica.<\/p>\t\t\t\t\t\t\t\t<\/div>\n\t\t\t\t<\/div>\n\t\t\t\t\t<\/div>\n\t\t\t\t<\/div>\n\t\t<div class=\"elementor-element elementor-element-cp8f5d871 e-flex e-con-boxed e-con e-parent\" data-id=\"cp8f5d871\" data-element_type=\"container\" data-e-type=\"container\">\n\t\t\t\t\t<div class=\"e-con-inner\">\n\t\t\t\t<div class=\"elementor-element elementor-element-cpa5c12ac elementor-widget elementor-widget-heading\" data-id=\"cpa5c12ac\" data-element_type=\"widget\" data-e-type=\"widget\" data-widget_type=\"heading.default\">\n\t\t\t\t\t<h2 class=\"elementor-heading-title elementor-size-default\">Popularitzaci\u00f3 i transformaci\u00f3 en pr\u00e0ctica esot\u00e8rica<\/h2>\t\t\t\t<\/div>\n\t\t<div class=\"elementor-element elementor-element-cp718326b e-con-full e-flex e-con e-child\" data-id=\"cp718326b\" data-element_type=\"container\" data-e-type=\"container\">\n\t\t\t\t<div class=\"elementor-element elementor-element-cp7e638f8 elementor-widget elementor-widget-text-editor\" data-id=\"cp7e638f8\" data-element_type=\"widget\" data-e-type=\"widget\" data-widget_type=\"text-editor.default\">\n\t\t\t\t\t\t\t\t\t<p>Del terme especialitzat de Jung a la pr\u00e0ctica popular d&#8217;autoajuda hi ha hagut un llarg cam\u00ed. Ja en la psicologia humanista i en part del moviment de desenvolupament personal del segle XX es van recollir i simplificar idees jungianes. L&#8217;autor Robert Bly va contribuir a difondre un concepte accessible de l&#8217;ombra amb <em>A Little Book on the Human Shadow<\/em> (1988).<\/p><p>Des de la d\u00e8cada de 2010, el terme treball amb l&#8217;ombra s&#8217;ha est\u00e8s molt, especialment a trav\u00e9s de plataformes en l\u00ednia, literatura d&#8217;autoajuda i xarxes socials. En aquest proc\u00e9s es combinen elements psicol\u00f2gics, esot\u00e8rics i espirituals. En algunes descripcions, el treball amb l&#8217;ombra apareix com a m\u00e8tode pur d&#8217;autoreflexi\u00f3; en altres, es vincula a rituals, fases lunars o idees del moviment modern de la bruixeria.<\/p><p>Des del punt de vista de la ci\u00e8ncia de les religions, aquesta evoluci\u00f3 \u00e9s un exemple t\u00edpic del recorregut d&#8217;un terme entre la ci\u00e8ncia, la cultura terap\u00e8utica i l&#8217;<span class=\"iwg-fachbegriff\" data-tooltip=\"Terme gen\u00e8ric per a doctrines que reclamen un coneixement ocult, accessible nom\u00e9s als iniciats.\" tabindex=\"0\">esoterisme<\/span>. El terme es mant\u00e9 igual, per\u00f2 el seu significat i la seva pretensi\u00f3 metodol\u00f2gica varien considerablement segons el context. iWell Guard descriu aquesta diversitat sense destacar cap variant en particular com la correcta.<\/p>\t\t\t\t\t\t\t\t<\/div>\n\t\t\t\t<\/div>\n\t\t\t\t\t<\/div>\n\t\t\t\t<\/div>\n\t\t<div class=\"elementor-element elementor-element-cpb76f584 e-flex e-con-boxed e-con e-parent\" data-id=\"cpb76f584\" data-element_type=\"container\" data-e-type=\"container\">\n\t\t\t\t\t<div class=\"e-con-inner\">\n\t\t\t\t<div class=\"elementor-element elementor-element-cp5211b92 elementor-widget elementor-widget-heading\" data-id=\"cp5211b92\" data-element_type=\"widget\" data-e-type=\"widget\" data-widget_type=\"heading.default\">\n\t\t\t\t\t<h2 class=\"elementor-heading-title elementor-size-default\">Cr\u00edtica, delimitaci\u00f3 i \u00fas responsable<\/h2>\t\t\t\t<\/div>\n\t\t<div class=\"elementor-element elementor-element-cpc4bad5e e-con-full e-flex e-con e-child\" data-id=\"cpc4bad5e\" data-element_type=\"container\" data-e-type=\"container\">\n\t\t\t\t<div class=\"elementor-element elementor-element-cp3316c99 elementor-widget elementor-widget-text-editor\" data-id=\"cp3316c99\" data-element_type=\"widget\" data-e-type=\"widget\" data-widget_type=\"text-editor.default\">\n\t\t\t\t\t\t\t\t\t<p>Des del punt de vista especialitzat, s&#8217;ha criticat repetidament que el treball amb l&#8217;ombra popular pot donar la impressi\u00f3 que q\u00fcestions ps\u00edquiques profundes es poden abordar en solitari i amb exercicis senzills. Associacions professionals i psicoterapeutes assenyalen que l&#8217;enfrontament amb experi\u00e8ncies reprimides, especialment quan es tracta de continguts angoixants o traum\u00e0tics, pot requerir acompanyament professional. El treball amb l&#8217;ombra no substitueix el diagn\u00f2stic ni la ter\u00e0pia.<\/p><p>Per tant, cal distingir clarament la pr\u00e0ctica popular del treball psicoterap\u00e8utic amb continguts reprimits que es realitza en procediments fonamentats en la psicologia profunda. Igualment, cal distingir-la d&#8217;interpretacions purament esot\u00e8riques que conceben l&#8217;ombra com una for\u00e7a o entitat externa. Aquestes interpretacions no corresponen al concepte original de Jung.<\/p><p data-nosnippet=\"true\">iWell Guard presenta el treball amb l&#8217;ombra com un fenomen cultural que es remunta a un concepte psicol\u00f2gic i que ha evolucionat en direccions diverses. El lexic\u00f3 no ofereix cap instrucci\u00f3 ni cap promesa de curaci\u00f3. Qui vulgui aprofundir en pr\u00e0ctiques relacionades amb la interpretaci\u00f3 de si mateix trobar\u00e0 contextualitzacions en els articles sobre l&#8217;\u00e0mbit de les <a href=\"https:\/\/iwell-guard.com\/ca\/?page_id=171771\">pr\u00e0ctiques<\/a> modernes.<\/p>\t\t\t\t\t\t\t\t<\/div>\n\t\t\t\t<\/div>\n\t\t\t\t\t<\/div>\n\t\t\t\t<\/div>\n\t\t<div class=\"elementor-element elementor-element-36dd7469 e-flex e-con-boxed e-con e-parent\" data-id=\"36dd7469\" data-element_type=\"container\" data-e-type=\"container\">\n\t\t\t\t\t<div class=\"e-con-inner\">\n\t\t\t\t<div class=\"elementor-element elementor-element-13760ab4 elementor-widget elementor-widget-heading\" data-id=\"13760ab4\" data-element_type=\"widget\" data-e-type=\"widget\" data-widget_type=\"heading.default\">\n\t\t\t\t\t<h2 class=\"elementor-heading-title elementor-size-default\">Enlla\u00e7os relacionats<\/h2>\t\t\t\t<\/div>\n\t\t<div class=\"elementor-element elementor-element-28c87796 e-con-full e-flex e-con e-child\" data-id=\"28c87796\" data-element_type=\"container\" data-e-type=\"container\">\n\t\t\t\t<div class=\"elementor-element elementor-element-5d6538df elementor-widget elementor-widget-text-editor\" data-id=\"5d6538df\" data-element_type=\"widget\" data-e-type=\"widget\" data-widget_type=\"text-editor.default\">\n\t\t\t\t\t\t\t\t\t<ul><\/ul>\t\t\t\t\t\t\t\t<\/div>\n\t\t\t\t<\/div>\n\t\t\t\t\t<\/div>\n\t\t\t\t<\/div>\n\t\t<div class=\"elementor-element elementor-element-grl4kl40 e-flex e-con-boxed e-con e-parent\" data-id=\"grl4kl40\" data-element_type=\"container\" data-e-type=\"container\">\n\t\t\t\t\t<div class=\"e-con-inner\">\n\t\t\t\t<div class=\"elementor-element elementor-element-bzsbfrmh elementor-widget elementor-widget-heading\" data-id=\"bzsbfrmh\" data-element_type=\"widget\" data-e-type=\"widget\" data-widget_type=\"heading.default\">\n\t\t\t\t\t<h2 class=\"elementor-heading-title elementor-size-default\">Bibliografia (selecci\u00f3)<\/h2>\t\t\t\t<\/div>\n\t\t<div class=\"elementor-element elementor-element-2c13224a e-con-full e-flex e-con e-child\" data-id=\"2c13224a\" data-element_type=\"container\" data-e-type=\"container\">\n\t\t\t\t<div class=\"elementor-element elementor-element-0eymh9ub elementor-widget elementor-widget-text-editor\" data-id=\"0eymh9ub\" data-element_type=\"widget\" data-e-type=\"widget\" data-widget_type=\"text-editor.default\">\n\t\t\t\t\t\t\t\t\t<footer class=\"iwg-literatur\"><ul><li><span data-nosnippet><span class=\"iwg-fachbegriff\" tabindex=\"0\" data-tooltip=\"Psic\u00f2leg profund su\u00eds (1875\u20131961); fundador de la psicologia anal\u00edtica.\">Carl Gustav Jung<\/span>: <em>The Practice of the Jungian Approach<\/em>. Collected Works Volume 7, Princeton University Press, 1966.<\/span><\/li><\/ul><\/footer>\t\t\t\t\t\t\t\t<\/div>\n\t\t\t\t<\/div>\n\t\t\t\t\t<\/div>\n\t\t\t\t<\/div>\n\t\t<div class=\"elementor-element elementor-element-iwgkw-add-schattenarbeit e-flex e-con-boxed e-con e-parent\" data-id=\"iwgkw-add-schattenarbeit\" data-element_type=\"container\" data-e-type=\"container\">\n\t\t\t\t\t<div class=\"e-con-inner\">\n\t\t\t\t<div class=\"elementor-element elementor-element-iwgkw-add-schattenarbeit-t elementor-widget elementor-widget-text-editor\" data-id=\"iwgkw-add-schattenarbeit-t\" data-element_type=\"widget\" data-e-type=\"widget\" data-widget_type=\"text-editor.default\">\n\t\t\t\t\t\t\t\t\t<p>En la recepci\u00f3 New-Age, el treball de l&#8217;ombra sovint es planteja en tensi\u00f3 amb la idea d&#8217;<em>\u00e9ssers de llum<\/em> incorporis: mentre els corrents de channeling emfatitzen l&#8217;ascens cap al llumin\u00f3s, el treball de l&#8217;ombra en la tradici\u00f3 junguiana remet a la necessitat d&#8217;integrar conscientment aspectes escindits de la personalitat. Cient\u00edficament, el terme descriu aix\u00ed menys un \u00e9sser que un procediment psicologicoespiritual, que existeix en ambients esot\u00e8rics en paral\u00b7lel a la ret\u00f2rica dels \u00e9ssers de llum.<\/p>\t\t\t\t\t\t\t\t<\/div>\n\t\t\t\t\t<\/div>\n\t\t\t\t<\/div>\n\t\t\t\t<\/div>\n\t\t","protected":false},"excerpt":{"rendered":"","protected":false},"author":3,"featured_media":2274,"parent":0,"menu_order":0,"comment_status":"closed","ping_status":"closed","template":"elementor_header_footer","meta":{"_yoast_wpseo_focuskw":"Treball de l'ombra","_yoast_wpseo_title":"Treball de l'ombra \u2013 psicologia profunda junguiana i esoterisme","_yoast_wpseo_metadesc":"El treball de l'ombra com a concepte de C.G. Jung i en la pr\u00e0ctica moderna New Age. M\u00e8todes, metodologia i valoraci\u00f3 cr\u00edtica en el context d'iWell Guard.","_yoast_wpseo_meta-robots-noindex":"1","_yoast_wpseo_canonical":"","_angie_page":false,"gefaehrdungsstufe":"","wesen_kultur":"","wesen_klasse":"","footnotes":""},"categories":[],"class_list":["post-171611","page","type-page","status-publish","has-post-thumbnail","hentry"],"yoast_head":"<!-- This site is optimized with the Yoast SEO Premium plugin v27.7 (Yoast SEO v28.3) - https:\/\/yoast.com\/product\/yoast-seo-premium-wordpress\/ -->\n<title>Treball de l&#039;ombra \u2013 psicologia profunda junguiana i esoterisme<\/title>\n<meta name=\"description\" content=\"El treball de l&#039;ombra com a concepte de C.G. Jung i en la pr\u00e0ctica moderna New Age. M\u00e8todes, metodologia i valoraci\u00f3 cr\u00edtica en el context d&#039;iWell Guard.\" \/>\n<meta name=\"robots\" content=\"noindex, follow\" \/>\n<meta property=\"og:locale\" content=\"ca_ES\" \/>\n<meta property=\"og:type\" content=\"article\" \/>\n<meta property=\"og:title\" content=\"Treball de l&#039;ombra\" \/>\n<meta property=\"og:description\" content=\"El treball de l&#039;ombra com a concepte de C.G. Jung i en la pr\u00e0ctica moderna New Age. M\u00e8todes, metodologia i valoraci\u00f3 cr\u00edtica en el context d&#039;iWell Guard.\" \/>\n<meta property=\"og:url\" content=\"https:\/\/iwell-guard.com\/ca\/treball-de-lombra\/\" \/>\n<meta property=\"og:site_name\" content=\"iWell Guard\" \/>\n<meta property=\"article:modified_time\" content=\"2026-09-05T16:02:28+00:00\" \/>\n<meta property=\"og:image\" content=\"https:\/\/iwell-guard.com\/wp-content\/uploads\/2026\/05\/Praktiken-1200x661-Hintergrund-sym.webp\" \/>\n\t<meta property=\"og:image:width\" content=\"1200\" \/>\n\t<meta property=\"og:image:height\" content=\"661\" \/>\n\t<meta property=\"og:image:type\" content=\"image\/webp\" \/>\n<meta name=\"twitter:card\" content=\"summary_large_image\" \/>\n<script type=\"application\/ld+json\" class=\"yoast-schema-graph\">{\"@context\":\"https:\\\/\\\/schema.org\",\"@graph\":[{\"@type\":\"WebPage\",\"@id\":\"https:\\\/\\\/iwell-guard.com\\\/ca\\\/treball-de-lombra\\\/\",\"url\":\"https:\\\/\\\/iwell-guard.com\\\/ca\\\/treball-de-lombra\\\/\",\"name\":\"Treball de l'ombra \u2013 psicologia profunda junguiana i esoterisme\",\"isPartOf\":{\"@id\":\"https:\\\/\\\/iwell-guard.com\\\/ca\\\/#website\"},\"primaryImageOfPage\":{\"@id\":\"https:\\\/\\\/iwell-guard.com\\\/ca\\\/treball-de-lombra\\\/#primaryimage\"},\"image\":{\"@id\":\"https:\\\/\\\/iwell-guard.com\\\/ca\\\/treball-de-lombra\\\/#primaryimage\"},\"thumbnailUrl\":\"https:\\\/\\\/iwell-guard.com\\\/wp-content\\\/uploads\\\/2026\\\/05\\\/Praktiken-1200x661-Hintergrund-sym.webp\",\"datePublished\":\"2026-09-05T15:40:51+00:00\",\"dateModified\":\"2026-09-05T16:02:28+00:00\",\"description\":\"El treball de l'ombra com a concepte de C.G. Jung i en la pr\u00e0ctica moderna New Age. M\u00e8todes, metodologia i valoraci\u00f3 cr\u00edtica en el context d'iWell Guard.\",\"breadcrumb\":{\"@id\":\"https:\\\/\\\/iwell-guard.com\\\/ca\\\/treball-de-lombra\\\/#breadcrumb\"},\"inLanguage\":\"ca\",\"potentialAction\":[{\"@type\":\"ReadAction\",\"target\":[\"https:\\\/\\\/iwell-guard.com\\\/ca\\\/treball-de-lombra\\\/\"]}]},{\"@type\":\"ImageObject\",\"inLanguage\":\"ca\",\"@id\":\"https:\\\/\\\/iwell-guard.com\\\/ca\\\/treball-de-lombra\\\/#primaryimage\",\"url\":\"https:\\\/\\\/iwell-guard.com\\\/wp-content\\\/uploads\\\/2026\\\/05\\\/Praktiken-1200x661-Hintergrund-sym.webp\",\"contentUrl\":\"https:\\\/\\\/iwell-guard.com\\\/wp-content\\\/uploads\\\/2026\\\/05\\\/Praktiken-1200x661-Hintergrund-sym.webp\",\"width\":1200,\"height\":661,\"caption\":\"Fons Pr\u00e0ctiques 1200\u00d7661 mosaic\"},{\"@type\":\"BreadcrumbList\",\"@id\":\"https:\\\/\\\/iwell-guard.com\\\/ca\\\/treball-de-lombra\\\/#breadcrumb\",\"itemListElement\":[{\"@type\":\"ListItem\",\"position\":1,\"name\":\"Start\",\"item\":\"https:\\\/\\\/iwell-guard.com\\\/ca\\\/?page_id=171333\"},{\"@type\":\"ListItem\",\"position\":2,\"name\":\"Treball de l&#8217;ombra\"}]},{\"@type\":\"WebSite\",\"@id\":\"https:\\\/\\\/iwell-guard.com\\\/ca\\\/#website\",\"url\":\"https:\\\/\\\/iwell-guard.com\\\/ca\\\/\",\"name\":\"iWell Guard\",\"description\":\"Schutz vor dunklen Einfl\u00fcssen\",\"publisher\":{\"@id\":\"https:\\\/\\\/iwell-guard.com\\\/ca\\\/#organization\"},\"potentialAction\":[{\"@type\":\"SearchAction\",\"target\":{\"@type\":\"EntryPoint\",\"urlTemplate\":\"https:\\\/\\\/iwell-guard.com\\\/ca\\\/?s={search_term_string}\"},\"query-input\":{\"@type\":\"PropertyValueSpecification\",\"valueRequired\":true,\"valueName\":\"search_term_string\"}}],\"inLanguage\":\"ca\"},{\"@type\":\"Organization\",\"@id\":\"https:\\\/\\\/iwell-guard.com\\\/ca\\\/#organization\",\"name\":\"Ittermann electronic GmbH\",\"url\":\"https:\\\/\\\/iwell-guard.com\\\/ca\\\/\",\"logo\":{\"@type\":\"ImageObject\",\"inLanguage\":\"ca\",\"@id\":\"https:\\\/\\\/iwell-guard.com\\\/ca\\\/#\\\/schema\\\/logo\\\/image\\\/\",\"url\":\"https:\\\/\\\/iwell-guard.com\\\/wp-content\\\/uploads\\\/2026\\\/05\\\/Ittermann-Logo-1182x237-1.png\",\"contentUrl\":\"https:\\\/\\\/iwell-guard.com\\\/wp-content\\\/uploads\\\/2026\\\/05\\\/Ittermann-Logo-1182x237-1.png\",\"width\":1182,\"height\":237,\"caption\":\"Ittermann electronic GmbH\"},\"image\":{\"@id\":\"https:\\\/\\\/iwell-guard.com\\\/ca\\\/#\\\/schema\\\/logo\\\/image\\\/\"},\"sameAs\":[\"https:\\\/\\\/pantip.com\\\/profile\\\/9367242\",\"https:\\\/\\\/micro.blog\\\/iwellguard\",\"https:\\\/\\\/www.diggerslist.com\\\/iwellguard\\\/about\",\"https:\\\/\\\/skitterphoto.com\\\/photographers\\\/2870314\\\/iwell-guard\",\"https:\\\/\\\/iwellguard.wordpress.com\\\/2026\\\/06\\\/06\\\/iwell-guard\\\/\",\"https:\\\/\\\/hub.docker.com\\\/u\\\/iwellguard\",\"https:\\\/\\\/www.pinterest.com\\\/iwellguard\\\/\",\"https:\\\/\\\/bit.ly\\\/m\\\/iwellguard\",\"https:\\\/\\\/entre-vos-mains.alsace.eu\\\/profiles\\\/iwellguard\\\/activity\",\"https:\\\/\\\/gravatar.com\\\/reallybeded8fd34\",\"https:\\\/\\\/naijamatta.com\\\/iwellguard\",\"https:\\\/\\\/www.goodreads.com\\\/iwellguard\",\"https:\\\/\\\/profile.hatena.ne.jp\\\/iwellguard\\\/\",\"https:\\\/\\\/experiment.com\\\/users\\\/iwellguard\",\"https:\\\/\\\/wakelet.com\\\/@iWellGuard82270\",\"https:\\\/\\\/www.chordie.com\\\/forum\\\/profile.php?id=2555664\",\"https:\\\/\\\/www.instapaper.com\\\/p\\\/17757966\",\"https:\\\/\\\/www.mapleprimes.com\\\/users\\\/iwellguard\",\"https:\\\/\\\/businesslistingplus.com\\\/profile\\\/iwell-guard\\\/\",\"https:\\\/\\\/telegra.ph\\\/iWell-Guard-06-06\",\"https:\\\/\\\/pbase.com\\\/iwellguard\\\/iwellguard\",\"https:\\\/\\\/b.hatena.ne.jp\\\/iwellguard\\\/20260607#bookmark-4788405196491818882\",\"https:\\\/\\\/fliphtml5.com\\\/home\\\/iwellguard\",\"https:\\\/\\\/anyflip.com\\\/homepage\\\/cmiwl#About\",\"https:\\\/\\\/transfur.com\\\/Users\\\/iwellguard\",\"http:\\\/\\\/delphi.larsbo.org\\\/user\\\/iwellguard\",\"https:\\\/\\\/jobs.lajobsportal.org\\\/profiles\\\/8380803-iwell-guard\",\"https:\\\/\\\/md.chaosdorf.de\\\/s\\\/jfbe5SBdJD\",\"https:\\\/\\\/www.lingvolive.com\\\/en-us\\\/profile\\\/9ecaeaca-ce11-4e51-9e71-01d55e2bff36\\\/translations\",\"https:\\\/\\\/www.fitday.com\\\/fitness\\\/forums\\\/members\\\/iwellguard.html\",\"https:\\\/\\\/www.mymeetbook.com\\\/iwellguard\",\"https:\\\/\\\/pxhere.com\\\/en\\\/photographer-me\\\/5040798\",\"https:\\\/\\\/disqus.com\\\/by\\\/iwellguard\\\/about\\\/\",\"https:\\\/\\\/pastelink.net\\\/hjwciqwq\",\"https:\\\/\\\/pubhtml5.com\\\/homepage\\\/scjhn\\\/\",\"https:\\\/\\\/www.bitchute.com\\\/channel\\\/2O2eOKzNqujT\",\"https:\\\/\\\/audiomack.com\\\/iwellguard\"]}]}<\/script>\n<!-- \/ Yoast SEO Premium plugin. -->","yoast_head_json":{"title":"Treball de l'ombra \u2013 psicologia profunda junguiana i esoterisme","description":"El treball de l'ombra com a concepte de C.G. Jung i en la pr\u00e0ctica moderna New Age. M\u00e8todes, metodologia i valoraci\u00f3 cr\u00edtica en el context d'iWell Guard.","robots":{"index":"noindex","follow":"follow"},"og_locale":"ca_ES","og_type":"article","og_title":"Treball de l'ombra","og_description":"El treball de l'ombra com a concepte de C.G. Jung i en la pr\u00e0ctica moderna New Age. M\u00e8todes, metodologia i valoraci\u00f3 cr\u00edtica en el context d'iWell Guard.","og_url":"https:\/\/iwell-guard.com\/ca\/treball-de-lombra\/","og_site_name":"iWell Guard","article_modified_time":"2026-09-05T16:02:28+00:00","og_image":[{"width":1200,"height":661,"url":"https:\/\/iwell-guard.com\/wp-content\/uploads\/2026\/05\/Praktiken-1200x661-Hintergrund-sym.webp","type":"image\/webp"}],"twitter_card":"summary_large_image","schema":{"@context":"https:\/\/schema.org","@graph":[{"@type":"WebPage","@id":"https:\/\/iwell-guard.com\/ca\/treball-de-lombra\/","url":"https:\/\/iwell-guard.com\/ca\/treball-de-lombra\/","name":"Treball de l'ombra \u2013 psicologia profunda junguiana i esoterisme","isPartOf":{"@id":"https:\/\/iwell-guard.com\/ca\/#website"},"primaryImageOfPage":{"@id":"https:\/\/iwell-guard.com\/ca\/treball-de-lombra\/#primaryimage"},"image":{"@id":"https:\/\/iwell-guard.com\/ca\/treball-de-lombra\/#primaryimage"},"thumbnailUrl":"https:\/\/iwell-guard.com\/wp-content\/uploads\/2026\/05\/Praktiken-1200x661-Hintergrund-sym.webp","datePublished":"2026-09-05T15:40:51+00:00","dateModified":"2026-09-05T16:02:28+00:00","description":"El treball de l'ombra com a concepte de C.G. Jung i en la pr\u00e0ctica moderna New Age. M\u00e8todes, metodologia i valoraci\u00f3 cr\u00edtica en el context d'iWell Guard.","breadcrumb":{"@id":"https:\/\/iwell-guard.com\/ca\/treball-de-lombra\/#breadcrumb"},"inLanguage":"ca","potentialAction":[{"@type":"ReadAction","target":["https:\/\/iwell-guard.com\/ca\/treball-de-lombra\/"]}]},{"@type":"ImageObject","inLanguage":"ca","@id":"https:\/\/iwell-guard.com\/ca\/treball-de-lombra\/#primaryimage","url":"https:\/\/iwell-guard.com\/wp-content\/uploads\/2026\/05\/Praktiken-1200x661-Hintergrund-sym.webp","contentUrl":"https:\/\/iwell-guard.com\/wp-content\/uploads\/2026\/05\/Praktiken-1200x661-Hintergrund-sym.webp","width":1200,"height":661,"caption":"Fons Pr\u00e0ctiques 1200\u00d7661 mosaic"},{"@type":"BreadcrumbList","@id":"https:\/\/iwell-guard.com\/ca\/treball-de-lombra\/#breadcrumb","itemListElement":[{"@type":"ListItem","position":1,"name":"Start","item":"https:\/\/iwell-guard.com\/ca\/?page_id=171333"},{"@type":"ListItem","position":2,"name":"Treball de l&#8217;ombra"}]},{"@type":"WebSite","@id":"https:\/\/iwell-guard.com\/ca\/#website","url":"https:\/\/iwell-guard.com\/ca\/","name":"iWell Guard","description":"Schutz vor dunklen Einfl\u00fcssen","publisher":{"@id":"https:\/\/iwell-guard.com\/ca\/#organization"},"potentialAction":[{"@type":"SearchAction","target":{"@type":"EntryPoint","urlTemplate":"https:\/\/iwell-guard.com\/ca\/?s={search_term_string}"},"query-input":{"@type":"PropertyValueSpecification","valueRequired":true,"valueName":"search_term_string"}}],"inLanguage":"ca"},{"@type":"Organization","@id":"https:\/\/iwell-guard.com\/ca\/#organization","name":"Ittermann electronic GmbH","url":"https:\/\/iwell-guard.com\/ca\/","logo":{"@type":"ImageObject","inLanguage":"ca","@id":"https:\/\/iwell-guard.com\/ca\/#\/schema\/logo\/image\/","url":"https:\/\/iwell-guard.com\/wp-content\/uploads\/2026\/05\/Ittermann-Logo-1182x237-1.png","contentUrl":"https:\/\/iwell-guard.com\/wp-content\/uploads\/2026\/05\/Ittermann-Logo-1182x237-1.png","width":1182,"height":237,"caption":"Ittermann electronic GmbH"},"image":{"@id":"https:\/\/iwell-guard.com\/ca\/#\/schema\/logo\/image\/"},"sameAs":["https:\/\/pantip.com\/profile\/9367242","https:\/\/micro.blog\/iwellguard","https:\/\/www.diggerslist.com\/iwellguard\/about","https:\/\/skitterphoto.com\/photographers\/2870314\/iwell-guard","https:\/\/iwellguard.wordpress.com\/2026\/06\/06\/iwell-guard\/","https:\/\/hub.docker.com\/u\/iwellguard","https:\/\/www.pinterest.com\/iwellguard\/","https:\/\/bit.ly\/m\/iwellguard","https:\/\/entre-vos-mains.alsace.eu\/profiles\/iwellguard\/activity","https:\/\/gravatar.com\/reallybeded8fd34","https:\/\/naijamatta.com\/iwellguard","https:\/\/www.goodreads.com\/iwellguard","https:\/\/profile.hatena.ne.jp\/iwellguard\/","https:\/\/experiment.com\/users\/iwellguard","https:\/\/wakelet.com\/@iWellGuard82270","https:\/\/www.chordie.com\/forum\/profile.php?id=2555664","https:\/\/www.instapaper.com\/p\/17757966","https:\/\/www.mapleprimes.com\/users\/iwellguard","https:\/\/businesslistingplus.com\/profile\/iwell-guard\/","https:\/\/telegra.ph\/iWell-Guard-06-06","https:\/\/pbase.com\/iwellguard\/iwellguard","https:\/\/b.hatena.ne.jp\/iwellguard\/20260607#bookmark-4788405196491818882","https:\/\/fliphtml5.com\/home\/iwellguard","https:\/\/anyflip.com\/homepage\/cmiwl#About","https:\/\/transfur.com\/Users\/iwellguard","http:\/\/delphi.larsbo.org\/user\/iwellguard","https:\/\/jobs.lajobsportal.org\/profiles\/8380803-iwell-guard","https:\/\/md.chaosdorf.de\/s\/jfbe5SBdJD","https:\/\/www.lingvolive.com\/en-us\/profile\/9ecaeaca-ce11-4e51-9e71-01d55e2bff36\/translations","https:\/\/www.fitday.com\/fitness\/forums\/members\/iwellguard.html","https:\/\/www.mymeetbook.com\/iwellguard","https:\/\/pxhere.com\/en\/photographer-me\/5040798","https:\/\/disqus.com\/by\/iwellguard\/about\/","https:\/\/pastelink.net\/hjwciqwq","https:\/\/pubhtml5.com\/homepage\/scjhn\/","https:\/\/www.bitchute.com\/channel\/2O2eOKzNqujT","https:\/\/audiomack.com\/iwellguard"]}]}},"_links":{"self":[{"href":"https:\/\/iwell-guard.com\/ca\/wp-json\/wp\/v2\/pages\/171611","targetHints":{"allow":["GET"]}}],"collection":[{"href":"https:\/\/iwell-guard.com\/ca\/wp-json\/wp\/v2\/pages"}],"about":[{"href":"https:\/\/iwell-guard.com\/ca\/wp-json\/wp\/v2\/types\/page"}],"author":[{"embeddable":true,"href":"https:\/\/iwell-guard.com\/ca\/wp-json\/wp\/v2\/users\/3"}],"replies":[{"embeddable":true,"href":"https:\/\/iwell-guard.com\/ca\/wp-json\/wp\/v2\/comments?post=171611"}],"version-history":[{"count":0,"href":"https:\/\/iwell-guard.com\/ca\/wp-json\/wp\/v2\/pages\/171611\/revisions"}],"wp:featuredmedia":[{"embeddable":true,"href":"https:\/\/iwell-guard.com\/ca\/wp-json\/wp\/v2\/media\/2274"}],"wp:attachment":[{"href":"https:\/\/iwell-guard.com\/ca\/wp-json\/wp\/v2\/media?parent=171611"}],"wp:term":[{"taxonomy":"category","embeddable":true,"href":"https:\/\/iwell-guard.com\/ca\/wp-json\/wp\/v2\/categories?post=171611"}],"curies":[{"name":"wp","href":"https:\/\/api.w.org\/{rel}","templated":true}]}}