{"id":171606,"date":"2026-09-05T15:40:48","date_gmt":"2026-09-05T15:40:48","guid":{"rendered":"https:\/\/iwell-guard.com\/?page_id=171606"},"modified":"2026-09-05T16:02:18","modified_gmt":"2026-09-05T16:02:18","slug":"baron-samedi","status":"publish","type":"page","link":"https:\/\/iwell-guard.com\/ca\/baron-samedi\/","title":{"rendered":"Baron Samedi"},"content":{"rendered":"\t\t<div data-elementor-type=\"wp-page\" data-elementor-id=\"171606\" class=\"elementor elementor-171606 elementor-2170 elementor-bc-flex-widget\" data-elementor-post-type=\"page\">\n\t\t\t\t<div class=\"elementor-element elementor-element-10fdade e-flex e-con-boxed e-con e-parent\" data-id=\"10fdade\" data-element_type=\"container\" data-e-type=\"container\" data-settings=\"{&quot;background_background&quot;:&quot;classic&quot;}\">\n\t\t\t\t\t<div class=\"e-con-inner\">\n\t\t<div class=\"elementor-element elementor-element-herohlft0 e-flex e-con-boxed e-con e-child\" data-id=\"herohlft0\" data-element_type=\"container\" data-e-type=\"container\">\n\t\t\t\t\t<div class=\"e-con-inner\">\n\t\t<div class=\"elementor-element elementor-element-c3ceb64 e-con-full e-flex e-con e-child\" data-id=\"c3ceb64\" data-element_type=\"container\" data-e-type=\"container\">\n\t\t\t\t<div class=\"elementor-element elementor-element-96ae5e1 elementor-widget elementor-widget-heading\" data-id=\"96ae5e1\" data-element_type=\"widget\" data-e-type=\"widget\" data-widget_type=\"heading.default\">\n\t\t\t\t\t<h1 class=\"elementor-heading-title elementor-size-default\">Baron Samedi, d\u00e9u de la tradici\u00f3 haitiana<\/h1>\t\t\t\t<\/div>\n\t\t\t\t<div class=\"elementor-element elementor-element-e45238a elementor-widget elementor-widget-text-editor\" data-id=\"e45238a\" data-element_type=\"widget\" data-e-type=\"widget\" data-widget_type=\"text-editor.default\">\n\t\t\t\t\t\t\t\t\t<p>Baron Samedi \u00e9s un d\u00e9u de la tradici\u00f3 haitiana.<\/p><p><strong>Senyor dels Gede, guia dels morts, presagi de la mort.<\/strong> Baron Samedi \u00e9s el l\u00edder de la fam\u00edlia <em>Gede<\/em>, els loa que governen la mort, la terra i el m\u00e9s enll\u00e0.<\/p><p>Amb frac negre, barret de copa i la cara pintada de blanc com una calavera, personifica la frontera entre els vius i els avantpassats. Al Vodou, Baron Samedi no provoca por, sin\u00f3 respecte i un humor negre. Empassa flames, li encanta el rom, i les seves rialles ressonen des dels cementiris.<\/p>\t\t\t\t\t\t\t\t<\/div>\n\t\t\t\t<\/div>\n\t\t<div class=\"elementor-element elementor-element-klsbdg01 e-con-full e-flex e-con e-parent\" data-id=\"klsbdg01\" data-element_type=\"container\" data-e-type=\"container\">\n\t\t\t\t<div class=\"elementor-element elementor-element-klshtm01 elementor-widget elementor-widget-html\" data-id=\"klshtm01\" data-element_type=\"widget\" data-e-type=\"widget\" data-widget_type=\"html.default\">\n\t\t\t\t\t<div class=\"iwg-pill-row\"><span class=\"iwg-klasse-badge\" tabindex=\"0\" data-tooltip=\"D\u00e9u \/ deessa: Poder suprem personificat en el pante\u00f3 d'una cultura, amb funcions clares: forces de la natura, dest\u00ed, guerra, fertilitat. Venerat mitjan\u00e7ant cultes, ofrenes i institucions de temples.\">D\u00e9u<\/span><a href=\"https:\/\/iwell-guard.com\/ca\/?page_id=171617\" class=\"iwg-kultur-badge\" tabindex=\"0\" data-tooltip=\"Tradici\u00f3 Vodou haitiana-oest-africana amb \u00e9ssers Lwa, que hist\u00f2ricament es va traslladar de l'\u00c0frica Occidental al Carib.\">Vodou<\/a><a href=\"https:\/\/iwell-guard.com\/ca\/?page_id=171461\" class=\"iwg-tradition-badge\" tabindex=\"0\" data-tooltip=\"D\u00e9us del m\u00f3n dels morts, sobirans del m\u00e9s enll\u00e0, jutges dels morts, guies d'\u00e0nimes.\">Divinitat dels morts<\/a><\/div>\t\t\t\t<\/div>\n\t\t\t\t<\/div>\n\t\t<div class=\"elementor-element elementor-element-3f74855 e-con-full e-flex e-con e-child\" data-id=\"3f74855\" data-element_type=\"container\" data-e-type=\"container\">\n\t\t\t\t<div class=\"elementor-element elementor-element-1c30362 elementor-toc--minimized-on-tablet elementor-widget elementor-widget-table-of-contents\" data-id=\"1c30362\" data-element_type=\"widget\" data-e-type=\"widget\" data-settings=\"{&quot;exclude_headings_by_selector&quot;:[],&quot;no_headings_message&quot;:&quot;No s&#039;ha trobat cap encap\\u00e7alament en aquesta p\\u00e0gina.&quot;,&quot;headings_by_tags&quot;:[&quot;h2&quot;,&quot;h3&quot;],&quot;marker_view&quot;:&quot;bullets&quot;,&quot;minimize_box&quot;:&quot;yes&quot;,&quot;icon&quot;:{&quot;value&quot;:&quot;fas fa-circle&quot;,&quot;library&quot;:&quot;fa-solid&quot;,&quot;rendered_tag&quot;:&quot;&lt;svg class=\\&quot;e-font-icon-svg e-fas-circle\\&quot; viewBox=\\&quot;0 0 512 512\\&quot; xmlns=\\&quot;http:\\\/\\\/www.w3.org\\\/2000\\\/svg\\&quot;&gt;&lt;path d=\\&quot;M256 8C119 8 8 119 8 256s111 248 248 248 248-111 248-248S393 8 256 8z\\&quot;&gt;&lt;\\\/path&gt;&lt;\\\/svg&gt;&quot;},&quot;minimized_on&quot;:&quot;tablet&quot;,&quot;hierarchical_view&quot;:&quot;yes&quot;,&quot;min_height&quot;:{&quot;unit&quot;:&quot;px&quot;,&quot;size&quot;:&quot;&quot;,&quot;sizes&quot;:[]},&quot;min_height_tablet&quot;:{&quot;unit&quot;:&quot;px&quot;,&quot;size&quot;:&quot;&quot;,&quot;sizes&quot;:[]},&quot;min_height_mobile&quot;:{&quot;unit&quot;:&quot;px&quot;,&quot;size&quot;:&quot;&quot;,&quot;sizes&quot;:[]}}\" data-widget_type=\"table-of-contents.default\">\n\t\t\t\t\t\t\t\t\t<div class=\"elementor-toc__header\">\n\t\t\t\t\t\t<h2 class=\"elementor-toc__header-title\">\n\t\t\t\t\u00cdndex\t\t\t<\/h2>\n\t\t\t\t\t\t\t\t\t\t<div class=\"elementor-toc__toggle-button elementor-toc__toggle-button--expand\" role=\"button\" tabindex=\"0\" aria-controls=\"elementor-toc__1c30362\" aria-expanded=\"true\" aria-label=\"Open table of contents\"><svg aria-hidden=\"true\" class=\"e-font-icon-svg e-fas-chevron-down\" viewBox=\"0 0 448 512\" xmlns=\"http:\/\/www.w3.org\/2000\/svg\"><path d=\"M207.029 381.476L12.686 187.132c-9.373-9.373-9.373-24.569 0-33.941l22.667-22.667c9.357-9.357 24.522-9.375 33.901-.04L224 284.505l154.745-154.021c9.379-9.335 24.544-9.317 33.901.04l22.667 22.667c9.373 9.373 9.373 24.569 0 33.941L240.971 381.476c-9.373 9.372-24.569 9.372-33.942 0z\"><\/path><\/svg><\/div>\n\t\t\t\t<div class=\"elementor-toc__toggle-button elementor-toc__toggle-button--collapse\" role=\"button\" tabindex=\"0\" aria-controls=\"elementor-toc__1c30362\" aria-expanded=\"true\" aria-label=\"Close table of contents\"><svg aria-hidden=\"true\" class=\"e-font-icon-svg e-fas-chevron-up\" viewBox=\"0 0 448 512\" xmlns=\"http:\/\/www.w3.org\/2000\/svg\"><path d=\"M240.971 130.524l194.343 194.343c9.373 9.373 9.373 24.569 0 33.941l-22.667 22.667c-9.357 9.357-24.522 9.375-33.901.04L224 227.495 69.255 381.516c-9.379 9.335-24.544 9.317-33.901-.04l-22.667-22.667c-9.373-9.373-9.373-24.569 0-33.941L207.03 130.525c9.372-9.373 24.568-9.373 33.941-.001z\"><\/path><\/svg><\/div>\n\t\t\t\t\t<\/div>\n\t\t\t\t<div id=\"elementor-toc__1c30362\" class=\"elementor-toc__body\">\n\t\t\t<div class=\"elementor-toc__spinner-container\">\n\t\t\t\t<svg class=\"elementor-toc__spinner eicon-animation-spin e-font-icon-svg e-eicon-loading\" aria-hidden=\"true\" viewBox=\"0 0 1000 1000\" xmlns=\"http:\/\/www.w3.org\/2000\/svg\"><path d=\"M500 975V858C696 858 858 696 858 500S696 142 500 142 142 304 142 500H25C25 237 238 25 500 25S975 237 975 500 763 975 500 975Z\"><\/path><\/svg>\t\t\t<\/div>\n\t\t<\/div>\n\t\t\t\t\t\t<\/div>\n\t\t\t\t<\/div>\n\t\t\t\t\t<\/div>\n\t\t\t\t<\/div>\n\t\t<div class=\"elementor-element elementor-element-herorght0 e-con-full e-flex e-con e-child\" data-id=\"herorght0\" data-element_type=\"container\" data-e-type=\"container\">\n\t\t\t\t<div class=\"elementor-element elementor-element-heroimg00 iwg-hero-image elementor-widget elementor-widget-image\" data-id=\"heroimg00\" data-element_type=\"widget\" data-e-type=\"widget\" data-widget_type=\"image.default\">\n\t\t\t\t\t\t\t\t\t\t\t\t\t\t\t<img fetchpriority=\"high\" decoding=\"async\" width=\"683\" height=\"1024\" src=\"https:\/\/iwell-guard.com\/wp-content\/uploads\/2026\/04\/goetter_vodou_baron-samedi-683x1024.webp\" class=\"attachment-large size-large wp-image-1772\" alt=\"Baron Samedi\" srcset=\"https:\/\/iwell-guard.com\/wp-content\/uploads\/2026\/04\/goetter_vodou_baron-samedi-683x1024.webp 683w, https:\/\/iwell-guard.com\/wp-content\/uploads\/2026\/04\/goetter_vodou_baron-samedi-200x300.webp 200w, https:\/\/iwell-guard.com\/wp-content\/uploads\/2026\/04\/goetter_vodou_baron-samedi-768x1152.webp 768w, https:\/\/iwell-guard.com\/wp-content\/uploads\/2026\/04\/goetter_vodou_baron-samedi.webp 1024w\" sizes=\"(max-width: 683px) 100vw, 683px\" \/>\t\t\t\t\t\t\t\t\t\t\t\t\t\t\t<\/div>\n\t\t\t\t<\/div>\n\t\t\t\t\t<\/div>\n\t\t\t\t<\/div>\n\t\t<div class=\"elementor-element elementor-element-32917199 e-flex e-con-boxed e-con e-parent\" data-id=\"32917199\" data-element_type=\"container\" data-e-type=\"container\">\n\t\t\t\t\t<div class=\"e-con-inner\">\n\t\t<div class=\"elementor-element elementor-element-26e916cb e-flex e-con-boxed e-con e-child\" data-id=\"26e916cb\" data-element_type=\"container\" data-e-type=\"container\">\n\t\t\t\t\t<div class=\"e-con-inner\">\n\t\t<div class=\"elementor-element elementor-element-253a40d4 e-flex e-con-boxed e-con e-child\" data-id=\"253a40d4\" data-element_type=\"container\" data-e-type=\"container\">\n\t\t\t\t\t<div class=\"e-con-inner\">\n\t\t\t\t<div class=\"elementor-element elementor-element-1200c304 elementor-widget elementor-widget-heading\" data-id=\"1200c304\" data-element_type=\"widget\" data-e-type=\"widget\" data-widget_type=\"heading.default\">\n\t\t\t\t\t<h2 class=\"elementor-heading-title elementor-size-default\">Baron Samedi<\/h2>\t\t\t\t<\/div>\n\t\t\t\t\t<\/div>\n\t\t\t\t<\/div>\n\t\t<div class=\"elementor-element elementor-element-159dcf9a e-flex e-con-boxed e-con e-child\" data-id=\"159dcf9a\" data-element_type=\"container\" data-e-type=\"container\">\n\t\t\t\t\t<div class=\"e-con-inner\">\n\t\t\t\t<div class=\"elementor-element elementor-element-48cee66f elementor-widget elementor-widget-heading\" data-id=\"48cee66f\" data-element_type=\"widget\" data-e-type=\"widget\" data-widget_type=\"heading.default\">\n\t\t\t\t\t<h2 class=\"elementor-heading-title elementor-size-default\">Resum: Baron Samedi<\/h2>\t\t\t\t<\/div>\n\t\t\t\t<div class=\"elementor-element elementor-element-3f50d82c elementor-widget elementor-widget-text-editor\" data-id=\"3f50d82c\" data-element_type=\"widget\" data-e-type=\"widget\" data-widget_type=\"text-editor.default\">\n\t\t\t\t\t\t\t\t\t<p><strong>Tipus:<\/strong> Loa Vodou de la fam\u00edlia Petro, senyor dels morts i dels cementiris<br><span class=\"iwg-fachbegriff\" data-tooltip=\"El conjunt de d\u00e9us d'una religi\u00f3 o cultura.\" tabindex=\"0\">Pante\u00f3<\/span>: Vodou (Hait\u00ed), Vodou de Louisiana (EUA), di\u00e0spora Vodou<br>Funci\u00f3: guiar els morts cap al m\u00e9s enll\u00e0, curaci\u00f3 en casos extrems, sexualitat<br>Atributs principals: barret de copa, frac negre i violeta, ulleres de sol (amb un vidre que hi falta), cigar, rom<br>Principals llocs de culte: cementiris a Hait\u00ed (especialment Port-au-Prince), temples <span class=\"iwg-fachbegriff\" data-tooltip=\"Una construcci\u00f3 destinada a la veneraci\u00f3 d'una o m\u00e9s divinitats.\" tabindex=\"0\">Hounfor<\/span><br>Popularment: un dels esperits m\u00e9s populars en la cultura criolla<\/p>\t\t\t\t\t\t\t\t<\/div>\n\t\t\t\t\t<\/div>\n\t\t\t\t<\/div>\n\t\t\t\t\t<\/div>\n\t\t\t\t<\/div>\n\t\t\t\t\t<\/div>\n\t\t\t\t<\/div>\n\t\t<div class=\"elementor-element elementor-element-18613602 e-flex e-con-boxed e-con e-parent\" data-id=\"18613602\" data-element_type=\"container\" data-e-type=\"container\">\n\t\t\t\t\t<div class=\"e-con-inner\">\n\t\t\t\t<div class=\"elementor-element elementor-element-262b8a9f elementor-widget elementor-widget-heading\" data-id=\"262b8a9f\" data-element_type=\"widget\" data-e-type=\"widget\" data-widget_type=\"heading.default\">\n\t\t\t\t\t<h2 class=\"elementor-heading-title elementor-size-default\">Introducci\u00f3<\/h2>\t\t\t\t<\/div>\n\t\t<div class=\"elementor-element elementor-element-46dcb7d e-con-full e-flex e-con e-child\" data-id=\"46dcb7d\" data-element_type=\"container\" data-e-type=\"container\">\n\t\t<div class=\"elementor-element elementor-element-61d3ab3 e-flex e-con-boxed e-con e-child\" data-id=\"61d3ab3\" data-element_type=\"container\" data-e-type=\"container\">\n\t\t\t\t\t<div class=\"e-con-inner\">\n\t\t\t\t<div class=\"elementor-element elementor-element-117c166 elementor-widget elementor-widget-heading\" data-id=\"117c166\" data-element_type=\"widget\" data-e-type=\"widget\" data-widget_type=\"heading.default\">\n\t\t\t\t\t<h3 class=\"elementor-heading-title elementor-size-default\">Per\u00edode dels textos<\/h3>\t\t\t\t<\/div>\n\t\t\t\t<div class=\"elementor-element elementor-element-73997a0 elementor-widget elementor-widget-text-editor\" data-id=\"73997a0\" data-element_type=\"widget\" data-e-type=\"widget\" data-widget_type=\"text-editor.default\">\n\t\t\t\t\t\t\t\t\t<p>Baron Samedi (crioll <em>Bawon Samedi<\/em>) es desenvolupa a partir de les arrels vodun de l&#8217;\u00c0frica Occidental (Dahomey, Yoruba) a la col\u00f2nia de Saint-Domingue (actualment Hait\u00ed) durant els segles XVII-XVIII. Pertany a la fam\u00edlia <em>Gu\u00e9d\u00e9<\/em> dels loa dels morts, centrals en la festa de novembre <em>Fete Gede<\/em> (tradici\u00f3 de Tots Sants).<\/p><p><span data-nosnippet>Al segle XX es va fer internacionalment conegut gr\u00e0cies a la cultura popular (la pel\u00b7l\u00edcula de James Bond <em>Live and Let Die<\/em>, 1973), encara que aquesta imatge en distorsiona molt el significat.<\/span><\/p>\t\t\t\t\t\t\t\t<\/div>\n\t\t\t\t\t<\/div>\n\t\t\t\t<\/div>\n\t\t<div class=\"elementor-element elementor-element-d47b156 e-flex e-con-boxed e-con e-child\" data-id=\"d47b156\" data-element_type=\"container\" data-e-type=\"container\">\n\t\t\t\t\t<div class=\"e-con-inner\">\n\t\t\t\t<div class=\"elementor-element elementor-element-ff38c2b elementor-widget elementor-widget-heading\" data-id=\"ff38c2b\" data-element_type=\"widget\" data-e-type=\"widget\" data-widget_type=\"heading.default\">\n\t\t\t\t\t<h3 class=\"elementor-heading-title elementor-size-default\">\u00c0rea de difusi\u00f3<\/h3>\t\t\t\t<\/div>\n\t\t\t\t<div class=\"elementor-element elementor-element-4e49fcc elementor-widget elementor-widget-text-editor\" data-id=\"4e49fcc\" data-element_type=\"widget\" data-e-type=\"widget\" data-widget_type=\"text-editor.default\">\n\t\t\t\t\t\t\t\t\t<p>Principals centres de culte: tots els cementiris haitians (Baron Samedi pren la primera tomba com el seu seient), especialment els grans de Port-au-Prince. Els <em>hounfor<\/em> (<span class=\"iwg-fachbegriff\" data-tooltip=\"Una construcci\u00f3 dedicada a la veneraci\u00f3 d'una o diverses divinitats.\" tabindex=\"0\">temples<\/span> tradicionals del vod\u00fa) tenen un espai propi dedicat a ell. Present a la di\u00e0spora haitiana a Nova Orleans, Miami, Nova York i Mont-real. La festa associada, <em>Fete Gede<\/em> (1&ndash;2 de novembre), \u00e9s una de les festes populars vod\u00fa m\u00e9s grans.<\/p>\t\t\t\t\t\t\t\t<\/div>\n\t\t\t\t\t<\/div>\n\t\t\t\t<\/div>\n\t\t\t\t<\/div>\n\t\t<div class=\"elementor-element elementor-element-db03c39 e-con-full e-flex e-con e-child\" data-id=\"db03c39\" data-element_type=\"container\" data-e-type=\"container\">\n\t\t<div class=\"elementor-element elementor-element-229a87b e-flex e-con-boxed e-con e-child\" data-id=\"229a87b\" data-element_type=\"container\" data-e-type=\"container\">\n\t\t\t\t\t<div class=\"e-con-inner\">\n\t\t\t\t<div class=\"elementor-element elementor-element-1f471fc elementor-widget elementor-widget-heading\" data-id=\"1f471fc\" data-element_type=\"widget\" data-e-type=\"widget\" data-widget_type=\"heading.default\">\n\t\t\t\t\t<h3 class=\"elementor-heading-title elementor-size-default\">Estat de les fonts<\/h3>\t\t\t\t<\/div>\n\t\t\t\t<div class=\"elementor-element elementor-element-36b1201 elementor-widget elementor-widget-text-editor\" data-id=\"36b1201\" data-element_type=\"widget\" data-e-type=\"widget\" data-widget_type=\"text-editor.default\">\n\t\t\t\t\t\t\t\t\t<p><span data-nosnippet>Fonts centrals: els estudis de Dewitt-Talents, <em>Divine Horsemen<\/em> de Maya Deren (1953, etnografia vodou cl\u00e0ssica), <em>Le Vaudou ha\u00eftien<\/em> d&#8217;Alfred M\u00e9traux (1958), <em>Mama Lola<\/em> de Karen McCarthy Brown. Refer\u00e8ncies acad\u00e8miques importants: Desmangles, <em>The Faces of the Gods<\/em>; Ramsey, <em>The Spirits and the Law<\/em>. Des del punt de vista historicocultural: Hurbon, <em>Voodoo: Search for the Spirit<\/em>.<\/span><\/p>\t\t\t\t\t\t\t\t<\/div>\n\t\t\t\t\t<\/div>\n\t\t\t\t<\/div>\n\t\t\t\t<\/div>\n\t\t\t\t\t<\/div>\n\t\t\t\t<\/div>\n\t\t<div class=\"elementor-element elementor-element-3ae0637c e-flex e-con-boxed e-con e-parent\" data-id=\"3ae0637c\" data-element_type=\"container\" data-e-type=\"container\">\n\t\t\t\t\t<div class=\"e-con-inner\">\n\t\t\t\t<div class=\"elementor-element elementor-element-31d07739 elementor-widget elementor-widget-heading\" data-id=\"31d07739\" data-element_type=\"widget\" data-e-type=\"widget\" data-widget_type=\"heading.default\">\n\t\t\t\t\t<h2 class=\"elementor-heading-title elementor-size-default\">Nom<\/h2>\t\t\t\t<\/div>\n\t\t<div class=\"elementor-element elementor-element-b7642947 e-con-full e-flex e-con e-child\" data-id=\"b7642947\" data-element_type=\"container\" data-e-type=\"container\">\n\t\t\t\t<div class=\"elementor-element elementor-element-a086266 elementor-widget elementor-widget-text-editor\" data-id=\"a086266\" data-element_type=\"widget\" data-e-type=\"widget\" data-widget_type=\"text-editor.default\">\n\t\t\t\t\t\t\t\t\t<p>Baron Samedi es representa sempre amb la imatge d&#8217;un empresari de pompes f\u00fanebres o d&#8217;un mort benestant: frac negre, armilla blanca, barret de copa, sovint amb bast\u00f3 o pipa. T\u00e9 la cara pintada com una calavera, amb pintura blanca de cal\u00e7, conques dels ulls negres i una l\u00ednia ampla sobre el nas.<\/p><p>Un somriure ample i tenebr\u00f3s completa la m\u00e0scara. El seu <span class=\"iwg-fachbegriff\" data-tooltip=\"Un signe que representa una idea o un significat.\" tabindex=\"0\">s\u00edmbol<\/span> de loa (veve) est\u00e0 format per creus i l\u00ednies entrella\u00e7ades. Baron Samedi estima el rom, el vi i les cigarretes, veritables <span class=\"iwg-fachbegriff\" data-tooltip=\"Ofrena a una divinitat per expressar gratitud, s\u00faplica o veneraci\u00f3.\" tabindex=\"0\">ofrenes<\/span> a les seves festes.<\/p>\t\t\t\t\t\t\t\t<\/div>\n\t\t\t\t<\/div>\n\t\t\t\t\t<\/div>\n\t\t\t\t<\/div>\n\t\t<div class=\"elementor-element elementor-element-709a44a8 e-flex e-con-boxed e-con e-parent\" data-id=\"709a44a8\" data-element_type=\"container\" data-e-type=\"container\">\n\t\t\t\t\t<div class=\"e-con-inner\">\n\t\t\t\t<div class=\"elementor-element elementor-element-2f585873 elementor-widget elementor-widget-heading\" data-id=\"2f585873\" data-element_type=\"widget\" data-e-type=\"widget\" data-widget_type=\"heading.default\">\n\t\t\t\t\t<h2 class=\"elementor-heading-title elementor-size-default\">Trets caracter\u00edstics<\/h2>\t\t\t\t<\/div>\n\t\t<div class=\"elementor-element elementor-element-70621c12 e-con-full e-flex e-con e-child\" data-id=\"70621c12\" data-element_type=\"container\" data-e-type=\"container\">\n\t\t\t\t<div class=\"elementor-element elementor-element-4296eb49 elementor-widget elementor-widget-text-editor\" data-id=\"4296eb49\" data-element_type=\"widget\" data-e-type=\"widget\" data-widget_type=\"text-editor.default\">\n\t\t\t\t\t\t\t\t\t<p>Baron Samedi obre les portes de l&#8217;ultratomba. No \u00e9s cruel, sin\u00f3 pragm\u00e0tic: sense ell no hi ha connexi\u00f3 amb els avantpassats, ni bene\u00efment ancestral, ni curaci\u00f3 a trav\u00e9s del coneixement dels avantpassats. En els ritus s&#8217;invoca mitjan\u00e7ant <em>possessions<\/em>: el houngan o la mambo entra en <span class=\"iwg-fachbegriff\" tabindex=\"0\" data-tooltip=\"Estat de consci\u00e8ncia alterat amb l'atenci\u00f3 restringida; provocat de manera conscient en la pr\u00e0ctica xam\u00e0nica i medi\u00famnica.\">tr\u00e0nsit<\/span>, i Baron Samedi \u00abcavalca\u00bb el sacerdot.<\/p><p>Aleshores parla en un vod\u00fa trencat i groller, fa bromes sobre la mort i dona consells pr\u00e0ctics, sovint amb negociacions de diners. Les <span class=\"iwg-fachbegriff\" data-tooltip=\"Ofrena a una divinitat per expressar gratitud, s\u00faplica o veneraci\u00f3.\" tabindex=\"0\">ofrenes<\/span> al cementiri, els donatius de rom i la m\u00fasica forta formen part de les seves festes. L&#8217;1 i el 2 de novembre (Tots Sants\/Fidels Difunts) t\u00e9 lloc la <em>F\u00e8te Gede<\/em>, en qu\u00e8 centenars de milers de <span class=\"iwg-fachbegriff\" data-tooltip=\"Una persona que empr\u00e8n un viatge motivat religiosament cap a un lloc sagrat.\" tabindex=\"0\">pelegrins<\/span> visiten els cementiris d&#8217;Hait\u00ed per ballar amb els gede.<\/p><p><strong>Aparen\u00e7a i simbolisme<\/strong><\/p><p><em>Baron Samedi<\/em> es representa com un home negre i alt, vestit amb un vestit negre o frac i barret de copa, sovint amb un maquillatge blanc de calavera pintat a la cara. Porta un bast\u00f3 o un cigar. Els seus moviments s\u00f3n dansaires i salvatges. Els seus atributs s\u00f3n ossos, creus i rom. Es representa com a divertit, obsc\u00e8 i perill\u00f3s alhora.<\/p>\t\t\t\t\t\t\t\t<\/div>\n\t\t\t\t<\/div>\n\t\t\t\t\t<\/div>\n\t\t\t\t<\/div>\n\t\t<div class=\"elementor-element elementor-element-44e71476 e-flex e-con-boxed e-con e-parent\" data-id=\"44e71476\" data-element_type=\"container\" data-e-type=\"container\">\n\t\t\t\t\t<div class=\"e-con-inner\">\n\t\t\t\t<div class=\"elementor-element elementor-element-3c1fc3f0 elementor-widget elementor-widget-heading\" data-id=\"3c1fc3f0\" data-element_type=\"widget\" data-e-type=\"widget\" data-widget_type=\"heading.default\">\n\t\t\t\t\t<h2 class=\"elementor-heading-title elementor-size-default\">Fitxa: Baron Samedi<\/h2>\t\t\t\t<\/div>\n\t\t<div class=\"elementor-element elementor-element-84f33b8e e-con-full e-flex e-con e-child\" data-id=\"84f33b8e\" data-element_type=\"container\" data-e-type=\"container\">\n\t\t\t\t<div class=\"elementor-element elementor-element-hqkdc67p elementor-widget elementor-widget-text-editor\" data-id=\"hqkdc67p\" data-element_type=\"widget\" data-e-type=\"widget\" data-widget_type=\"text-editor.default\">\n\t\t\t\t\t\t\t\t\t<p>Els aspectes m\u00e9s importants de Baron Samedi d&#8217;un cop d&#8217;ull. Els camps seg\u00fcents resumeixen l&#8217;origen, la funci\u00f3, l&#8217;aparen\u00e7a, la veneraci\u00f3, els s\u00edmbols i els paral\u00b7lelismes.<\/p>\t\t\t\t\t\t\t\t<\/div>\n\t\t\t\t<\/div>\n\t\t<div class=\"elementor-element elementor-element-pemmx7c5 e-con-full e-flex e-con e-child\" data-id=\"pemmx7c5\" data-element_type=\"container\" data-e-type=\"container\">\n\t\t<div class=\"elementor-element elementor-element-pemmx7c1 e-con-full e-flex e-con e-child\" data-id=\"pemmx7c1\" data-element_type=\"container\" data-e-type=\"container\">\n\t\t<div class=\"elementor-element elementor-element-qh9oavvu iwg-steckbrief-card e-flex e-con-boxed e-con e-child\" data-id=\"qh9oavvu\" data-element_type=\"container\" data-e-type=\"container\">\n\t\t\t\t\t<div class=\"e-con-inner\">\n\t\t\t\t<div class=\"elementor-element elementor-element-awzx8k2k elementor-widget elementor-widget-heading\" data-id=\"awzx8k2k\" data-element_type=\"widget\" data-e-type=\"widget\" data-widget_type=\"heading.default\">\n\t\t\t\t\t<div class=\"elementor-heading-title elementor-size-default\">Tradici\u00f3<\/div>\t\t\t\t<\/div>\n\t\t\t\t<div class=\"elementor-element elementor-element-x6rowhv0 elementor-widget elementor-widget-text-editor\" data-id=\"x6rowhv0\" data-element_type=\"widget\" data-e-type=\"widget\" data-widget_type=\"text-editor.default\">\n\t\t\t\t\t\t\t\t\t<p>Baron Samedi \u00e9s el cap de la fam\u00edlia de loa <em>Gu\u00e9d\u00e9<\/em> i l\u00edder dels esperits dels morts. Esp\u00f2s de <em>Maman Brigitte<\/em> (loa patrona dels cementiris). Germ\u00e0\/cos\u00ed dels altres barons loa (Baron La Croix, Baron Cimeti\u00e8re, Baron Kriminel).<\/p><p>Sense el seu perm\u00eds cap \u00e0nima pot passar a l&#8217;altre m\u00f3n, ell ha de llan\u00e7ar la primera palada de terra a cada tomba. Tamb\u00e9 acull els moribunds al llindar.<\/p>\t\t\t\t\t\t\t\t<\/div>\n\t\t\t\t\t<\/div>\n\t\t\t\t<\/div>\n\t\t<div class=\"elementor-element elementor-element-8e3o4kxs iwg-steckbrief-card e-flex e-con-boxed e-con e-child\" data-id=\"8e3o4kxs\" data-element_type=\"container\" data-e-type=\"container\">\n\t\t\t\t\t<div class=\"e-con-inner\">\n\t\t\t\t<div class=\"elementor-element elementor-element-08rkdgov elementor-widget elementor-widget-heading\" data-id=\"08rkdgov\" data-element_type=\"widget\" data-e-type=\"widget\" data-widget_type=\"heading.default\">\n\t\t\t\t\t<div class=\"elementor-heading-title elementor-size-default\">Destinataris<\/div>\t\t\t\t<\/div>\n\t\t\t\t<div class=\"elementor-element elementor-element-uwjelx8s elementor-widget elementor-widget-text-editor\" data-id=\"uwjelx8s\" data-element_type=\"widget\" data-e-type=\"widget\" data-widget_type=\"text-editor.default\">\n\t\t\t\t\t\t\t\t\t<p>Funci\u00f3 de guia dels morts cap a l&#8217;altre m\u00f3n. De\u00eftat sanadora <em>in extremis<\/em>, quan cap altre loa pot ajudar, hom s&#8217;adre\u00e7a al Bar\u00f3, perqu\u00e8 \u00e9s ell qui decideix sobre la mort.<\/p><p>Patr\u00f3 de la sexualitat (en forma obscena i vitalista, els balls <em>Banda<\/em> del Fete Gede s\u00f3n sexualment expl\u00edcits). Protector dels infants, en algunes tradicions se li demana la curaci\u00f3 de nens malalts.<\/p>\t\t\t\t\t\t\t\t<\/div>\n\t\t\t\t\t<\/div>\n\t\t\t\t<\/div>\n\t\t<div class=\"elementor-element elementor-element-jm2n74ec iwg-steckbrief-card e-flex e-con-boxed e-con e-child\" data-id=\"jm2n74ec\" data-element_type=\"container\" data-e-type=\"container\">\n\t\t\t\t\t<div class=\"e-con-inner\">\n\t\t\t\t<div class=\"elementor-element elementor-element-8vufse4c elementor-widget elementor-widget-heading\" data-id=\"8vufse4c\" data-element_type=\"widget\" data-e-type=\"widget\" data-widget_type=\"heading.default\">\n\t\t\t\t\t<div class=\"elementor-heading-title elementor-size-default\">Aparen\u00e7a<\/div>\t\t\t\t<\/div>\n\t\t\t\t<div class=\"elementor-element elementor-element-mwb9u015 elementor-widget elementor-widget-text-editor\" data-id=\"mwb9u015\" data-element_type=\"widget\" data-e-type=\"widget\" data-widget_type=\"text-editor.default\">\n\t\t\t\t\t\t\t\t\t<p>Figura masculina alta i prima, de pell fosca, vestida amb formalitat de <em>casaca negra o violeta amb barret de copa<\/em>. Tret caracter\u00edstic: <em>ulleres de sol amb un vidre trencat<\/em> en un ull (un ull mira aquest m\u00f3n, l&#8217;altre el m\u00f3n dels esperits).<\/p><p>Sovint amb un <em>cigar<\/em> o una llarga pipa de tabac a la boca. Dits llargs i foscos com ossos, rostre de calavera sota el barret. Durant la possessi\u00f3 del seu hounsi (el seu \u00abcavall\u00bb), el posse\u00eft balla amb aquesta indument\u00e0ria.<\/p>\t\t\t\t\t\t\t\t<\/div>\n\t\t\t\t\t<\/div>\n\t\t\t\t<\/div>\n\t\t\t\t<\/div>\n\t\t<div class=\"elementor-element elementor-element-pemmx7c2 e-con-full e-flex e-con e-child\" data-id=\"pemmx7c2\" data-element_type=\"container\" data-e-type=\"container\">\n\t\t<div class=\"elementor-element elementor-element-37ss2yr6 iwg-steckbrief-card e-flex e-con-boxed e-con e-child\" data-id=\"37ss2yr6\" data-element_type=\"container\" data-e-type=\"container\">\n\t\t\t\t\t<div class=\"e-con-inner\">\n\t\t\t\t<div class=\"elementor-element elementor-element-3v0wp3wx elementor-widget elementor-widget-heading\" data-id=\"3v0wp3wx\" data-element_type=\"widget\" data-e-type=\"widget\" data-widget_type=\"heading.default\">\n\t\t\t\t\t<div class=\"elementor-heading-title elementor-size-default\">\u00c0mbit d'acci\u00f3<\/div>\t\t\t\t<\/div>\n\t\t\t\t<div class=\"elementor-element elementor-element-w3247g2m elementor-widget elementor-widget-text-editor\" data-id=\"w3247g2m\" data-element_type=\"widget\" data-e-type=\"widget\" data-widget_type=\"text-editor.default\">\n\t\t\t\t\t\t\t\t\t<p><strong>\u00c0mbit d&#8217;acci\u00f3:<\/strong> Baron Samedi \u00e9s invocat en tot dol vod\u00fa, ja que sense ell els morts no poden passar a l&#8217;altre m\u00f3n.<\/p><p>Durant el <em>Fete Gede<\/em> (a principis de novembre), milers d&#8217;haitians porten menjar i rom als cementiris. En cas de malaltia greu, hom s&#8217;hi adre\u00e7a quan altres curacions han fallat. <span class=\"iwg-fachbegriff\" data-tooltip=\"L'acte de dirigir-se a una divinitat o poder mitjan\u00e7ant una petici\u00f3 o invocaci\u00f3.\" tabindex=\"0\">Invocaci\u00f3<\/span> personal amb rom, tabac, cacauets i suc de blat de moro. La consulta es fa a trav\u00e9s de l&#8217;houngan (sacerdot), a qui ell posseeix.<\/p>\t\t\t\t\t\t\t\t<\/div>\n\t\t\t\t\t<\/div>\n\t\t\t\t<\/div>\n\t\t<div class=\"elementor-element elementor-element-0qpjal9w iwg-steckbrief-card e-flex e-con-boxed e-con e-child\" data-id=\"0qpjal9w\" data-element_type=\"container\" data-e-type=\"container\">\n\t\t\t\t\t<div class=\"e-con-inner\">\n\t\t\t\t<div class=\"elementor-element elementor-element-6ndoih0o elementor-widget elementor-widget-heading\" data-id=\"6ndoih0o\" data-element_type=\"widget\" data-e-type=\"widget\" data-widget_type=\"heading.default\">\n\t\t\t\t\t<div class=\"elementor-heading-title elementor-size-default\">Formes de defensa<\/div>\t\t\t\t<\/div>\n\t\t\t\t<div class=\"elementor-element elementor-element-6684tyh9 elementor-widget elementor-widget-text-editor\" data-id=\"6684tyh9\" data-element_type=\"widget\" data-e-type=\"widget\" data-widget_type=\"text-editor.default\">\n\t\t\t\t\t\t\t\t\t<p>Barret de copa, casaca negra o violeta, ulleres de sol amb un vidre trencat, cigar\/pipa de tabac, rom (Clairin o Barbancourt), cacauets, calavera i ossos, gall negre (animal de sacrifici), creu negra (<span class=\"iwg-fachbegriff\" data-tooltip=\"Un signe que representa una idea o un significat.\" tabindex=\"0\">s\u00edmbol<\/span> dels cementiris). Planta sagrada: celid\u00f2nia, caputxina. Colors sagrats: negre i violeta.<\/p>\t\t\t\t\t\t\t\t<\/div>\n\t\t\t\t\t<\/div>\n\t\t\t\t<\/div>\n\t\t<div class=\"elementor-element elementor-element-3lfi7x32 iwg-steckbrief-card e-flex e-con-boxed e-con e-child\" data-id=\"3lfi7x32\" data-element_type=\"container\" data-e-type=\"container\">\n\t\t\t\t\t<div class=\"e-con-inner\">\n\t\t\t\t<div class=\"elementor-element elementor-element-0kg99ga1 elementor-widget elementor-widget-heading\" data-id=\"0kg99ga1\" data-element_type=\"widget\" data-e-type=\"widget\" data-widget_type=\"heading.default\">\n\t\t\t\t\t<div class=\"elementor-heading-title elementor-size-default\">Equivalents<\/div>\t\t\t\t<\/div>\n\t\t\t\t<div class=\"elementor-element elementor-element-n0fum6kp elementor-widget elementor-widget-text-editor\" data-id=\"n0fum6kp\" data-element_type=\"widget\" data-e-type=\"widget\" data-widget_type=\"text-editor.default\">\n\t\t\t\t\t\t\t\t\t<p>Arrels de l&#8217;\u00c0frica occidental: <em>Eshu\/Elegba<\/em> (yoruba, d\u00e9u del llindar), <em>Legba<\/em> (vodun-dahomei\u00e0, obridor de portes). Sincretismes caribenys: <em>Ogou Feray<\/em> (fam\u00edlia de loa), <em>Papa Legba<\/em> (loa emparentat). Paral\u00b7lelismes globals de guies dels morts: <em>Hermes Psychopompos<\/em> (Gr\u00e8cia), <em>Anubis<\/em> (Egipte, guia dels morts), <em>Charon<\/em> (barquer), <em>Yama<\/em> (hinduisme-budisme), <em>Mictlantecuhtli<\/em> (asteca), <em>H\u00e8cate<\/em> (encreuaments de camins). En el folklore occidental: la <em>Mort<\/em> personificada com a guardiana del llindar.<\/p>\t\t\t\t\t\t\t\t<\/div>\n\t\t\t\t\t<\/div>\n\t\t\t\t<\/div>\n\t\t\t\t<\/div>\n\t\t\t\t<\/div>\n\t\t\t\t\t<\/div>\n\t\t\t\t<\/div>\n\t\t<div class=\"elementor-element elementor-element-7533bc7a e-flex e-con-boxed e-con e-parent\" data-id=\"7533bc7a\" data-element_type=\"container\" data-e-type=\"container\">\n\t\t\t\t\t<div class=\"e-con-inner\">\n\t\t\t\t<div class=\"elementor-element elementor-element-2447d18d elementor-widget elementor-widget-heading\" data-id=\"2447d18d\" data-element_type=\"widget\" data-e-type=\"widget\" data-widget_type=\"heading.default\">\n\t\t\t\t\t<h2 class=\"elementor-heading-title elementor-size-default\">Protecci\u00f3 en la vida quotidiana<\/h2>\t\t\t\t<\/div>\n\t\t<div class=\"elementor-element elementor-element-d5d0260c e-con-full e-flex e-con e-child\" data-id=\"d5d0260c\" data-element_type=\"container\" data-e-type=\"container\">\n\t\t\t\t<div class=\"elementor-element elementor-element-341be2ac elementor-widget elementor-widget-text-editor\" data-id=\"341be2ac\" data-element_type=\"widget\" data-e-type=\"widget\" data-widget_type=\"text-editor.default\">\n\t\t\t\t\t\t\t\t\t<p><strong>Rituals de veneraci\u00f3<\/strong><\/p><p>Baron Samedi (crioll haiti\u00e0 <em>Bawon Samdi<\/em>, \u00abBar\u00f3 Dissabte\u00bb) \u00e9s el cap de la fam\u00edlia de loa <em>Gu\u00e9d\u00e9<\/em>, els esperits dels morts en el vod\u00fa haiti\u00e0. Les seves festes se celebren el cap de setmana de Tots Sants (1-2 de novembre) als cementiris (<em>F\u00e8t Gede<\/em>), una s\u00edntesi criolla amb el Dia dels Morts cat\u00f2lic.<\/p><p>Els devots es vesteixen de negre i violeta, beuen rom clairin amb bitxos, fumen cigars i ballen la banda. Els rituals centrals tenen lloc en un hounfor (<span class=\"iwg-fachbegriff\" data-tooltip=\"Un edifici dedicat a la veneraci\u00f3 d'una o diverses divinitats.\" tabindex=\"0\">temple<\/span> vod\u00fa) amb el diagrama v\u00e8v\u00e8 de Baron Samedi (creu, calavera, ta\u00fct) (cf. M\u00e9traux, <em>Voodoo in Haiti<\/em>; Hurbon, <em>Voodoo: Search for the Spirit<\/em>).<\/p><p><strong>Invocacions<\/strong><\/p><p>L&#8217;houngan (sacerdot vod\u00fa) i la manbo (sacerdotessa) invoquen Baron Samedi amb ritmes de tambor (ritme <em>Banda<\/em>) i cants crioles. La <span class=\"iwg-fachbegriff\" data-tooltip=\"L'acte de dirigir-se a una divinitat o poder mitjan\u00e7ant una petici\u00f3 o invocaci\u00f3.\" tabindex=\"0\">invocaci\u00f3<\/span> comen\u00e7a amb \u00abBawon Samdi, Bawon Lacroix, Bawon Cimiti\u00e8re\u00bb, ja que \u00e9s invocat sota tres aspectes. La possessi\u00f3 (<em>chevauchement<\/em>) per Baron Samedi es caracteritza pel seu vestit negre, el barret de copa i un llenguatge sexualment insinuant.<\/p><p><strong>Amulets i s\u00edmbols de protecci\u00f3<\/strong><\/p><p>Els diagrames v\u00e8v\u00e8 (creu amb ta\u00fct, calavera) es dibuixen amb farina de blat de moro al terra del temple. Les ulleres de sol negres (sovint amb nom\u00e9s un vidre) s\u00f3n l&#8217;atribut ic\u00f2nic de Baron Samedi. Penjolls de calavera fets d&#8217;os o pl\u00e0stic. Terra de cementiri d&#8217;un cementiri haiti\u00e0 actiu com a protecci\u00f3 contra la malaltia i la mort. La variant del v\u00e8v\u00e8 amb un sol punt al centre serveix com a tatuatge de protecci\u00f3 personal.<\/p>\t\t\t\t\t\t\t\t<\/div>\n\t\t\t\t<\/div>\n\t\t\t\t\t<\/div>\n\t\t\t\t<\/div>\n\t\t<div class=\"elementor-element elementor-element-5a584676 e-flex e-con-boxed e-con e-parent\" data-id=\"5a584676\" data-element_type=\"container\" data-e-type=\"container\">\n\t\t\t\t\t<div class=\"e-con-inner\">\n\t\t\t\t<div class=\"elementor-element elementor-element-6d0757bf elementor-widget elementor-widget-heading\" data-id=\"6d0757bf\" data-element_type=\"widget\" data-e-type=\"widget\" data-widget_type=\"heading.default\">\n\t\t\t\t\t<h2 class=\"elementor-heading-title elementor-size-default\">Baron Samedi, paral\u00b7lelismes en altres cultures<\/h2>\t\t\t\t<\/div>\n\t\t<div class=\"elementor-element elementor-element-60563f68 e-con-full e-flex e-con e-child\" data-id=\"60563f68\" data-element_type=\"container\" data-e-type=\"container\">\n\t\t\t\t<div class=\"elementor-element elementor-element-5a93fdd6 elementor-widget elementor-widget-text-editor\" data-id=\"5a93fdd6\" data-element_type=\"widget\" data-e-type=\"widget\" data-widget_type=\"text-editor.default\">\n\t\t\t\t\t\t\t\t\t<p>En les tradicions europees, Baron Samedi recorda la Mort segadora, Caront (Gr\u00e8cia), Plut\u00f3\/Hades. En les cultures mexicanes s&#8217;assembla a la <em>Santa Muerte<\/em> o la <em>Catrina<\/em>, figures misterioses i humor\u00edstiques que negocien amb la mort.<\/p><p>En el <span class=\"iwg-fachbegriff\" data-tooltip=\"La cultura popular transmesa amb els seus costums, narracions i can\u00e7ons.\" tabindex=\"0\">folklore<\/span> d&#8217;altres cultures de la di\u00e0spora africana (Santer\u00eda, Candombl\u00e9) existeixen guies dels morts an\u00e0legs. Tot i aix\u00f2, Baron Samedi \u00e9s una figura pr\u00f2pia, no simplement una variant d&#8217;un altre d\u00e9u, sin\u00f3 producte de la s\u00edntesi haitiana.<\/p>\t\t\t\t\t\t\t\t<\/div>\n\t\t\t\t<\/div>\n\t\t\t\t\t<\/div>\n\t\t\t\t<\/div>\n\t\t<div class=\"elementor-element elementor-element-cp53f19fb e-flex e-con-boxed e-con e-parent\" data-id=\"cp53f19fb\" data-element_type=\"container\" data-e-type=\"container\">\n\t\t\t\t\t<div class=\"e-con-inner\">\n\t\t\t\t<div class=\"elementor-element elementor-element-cp50c5f83 elementor-widget elementor-widget-heading\" data-id=\"cp50c5f83\" data-element_type=\"widget\" data-e-type=\"widget\" data-widget_type=\"heading.default\">\n\t\t\t\t\t<h2 class=\"elementor-heading-title elementor-size-default\">Baron Samedi i la fam\u00edlia dels esperits Gede<\/h2>\t\t\t\t<\/div>\n\t\t<div class=\"elementor-element elementor-element-cpe02d513 e-con-full e-flex e-con e-child\" data-id=\"cpe02d513\" data-element_type=\"container\" data-e-type=\"container\">\n\t\t\t\t<div class=\"elementor-element elementor-element-cp9532f25 elementor-widget elementor-widget-text-editor\" data-id=\"cp9532f25\" data-element_type=\"widget\" data-e-type=\"widget\" data-widget_type=\"text-editor.default\">\n\t\t\t\t\t\t\t\t\t<p>El Baron Samedi nom\u00e9s es pot entendre dins del conjunt dels <em>Gede<\/em>, la fam\u00edlia dels esperits de la mort i dels avantpassats en el vod\u00fa haiti\u00e0. Els Gede s\u00f3n els Lwa encarregats de l&#8217;\u00e0mbit de la mort, dels cementiris i dels difunts, per\u00f2 alhora, i aix\u00f2 \u00e9s decisiu per comprendre&#8217;ls, tamb\u00e9 de la sexualitat, la procreaci\u00f3 i la for\u00e7a vital.<\/p><p>Segons la l\u00f2gica del vod\u00fa, la mort i la fertilitat van juntes, perqu\u00e8 totes dues afecten la transici\u00f3 i la renovaci\u00f3 de la vida.<\/p><p>Dins d&#8217;aquesta fam\u00edlia, el Baron Samedi ocupa una posici\u00f3 destacada com a cap. Al seu costat hi ha altres barons, com <em>Baron La Croix<\/em>, <em>Baron Cimeti\u00e8re<\/em> i <em>Baron Kriminel<\/em>, entesos en part com a aspectes seus i en part com a figures pr\u00f2pies.<\/p><p>Al seu costat hi ha la seva companya <em>Maman Brigitte<\/em>, l&#8217;\u00fanica Lwa concebuda com a femenina de rang comparable en aquest \u00e0mbit, considerada senyora dels cementiris i protectora de les tombes.<\/p><p>El Baron Samedi \u00e9s considerat pare o l\u00edder dels nombrosos esperits Gede, que apareixen com una colla sorollosa, grollera i irrespectuosa. Aquesta estructura familiar no \u00e9s nom\u00e9s un ordre geneal\u00f2gic, sin\u00f3 tamb\u00e9 funcional: el Baron Samedi decideix si un difunt \u00e9s realment adm\u00e8s al regne dels morts.<\/p><p>Segons la creen\u00e7a, sense la seva intervenci\u00f3 cap tomba no acaba d&#8217;engolir definitivament el seu ocupant. Ell \u00e9s, doncs, el porter entre els vius i els morts, i els altres Gede formen el seu seguici. Funcions relacionades es troben en <a href=\"https:\/\/iwell-guard.com\/ca\/?page_id=171604\">Papa Legba<\/a>, que obre en general les portes del m\u00f3n dels esperits.<\/p>\t\t\t\t\t\t\t\t<\/div>\n\t\t\t\t<\/div>\n\t\t\t\t\t<\/div>\n\t\t\t\t<\/div>\n\t\t<div class=\"elementor-element elementor-element-cp8650e66 e-flex e-con-boxed e-con e-parent\" data-id=\"cp8650e66\" data-element_type=\"container\" data-e-type=\"container\">\n\t\t\t\t\t<div class=\"e-con-inner\">\n\t\t\t\t<div class=\"elementor-element elementor-element-cp6a7dc07 elementor-widget elementor-widget-heading\" data-id=\"cp6a7dc07\" data-element_type=\"widget\" data-e-type=\"widget\" data-widget_type=\"heading.default\">\n\t\t\t\t\t<h2 class=\"elementor-heading-title elementor-size-default\">Iconografia i atributs rituals<\/h2>\t\t\t\t<\/div>\n\t\t<div class=\"elementor-element elementor-element-cp697d657 e-con-full e-flex e-con e-child\" data-id=\"cp697d657\" data-element_type=\"container\" data-e-type=\"container\">\n\t\t\t\t<div class=\"elementor-element elementor-element-cpf1945c3 elementor-widget elementor-widget-text-editor\" data-id=\"cpf1945c3\" data-element_type=\"widget\" data-e-type=\"widget\" data-widget_type=\"text-editor.default\">\n\t\t\t\t\t\t\t\t\t<p>El Baron Samedi \u00e9s una de les Lwa amb una iconografia m\u00e9s clarament definida.<\/p><p>Quan en una cerim\u00f2nia \u00e9s \u00abmuntat\u00bb per un creient, \u00e9s a dir, quan pren possessi\u00f3 d&#8217;ell, apareix amb una imatge fixa. Aquesta inclou frac o vestit negre, barret de copa i sovint unes ulleres fosques a les quals de vegades els falta un vidre. S&#8217;interpreta que amb un ull mira cap al m\u00f3n dels vius i amb l&#8217;altre cap al dels morts.<\/p><p>El rostre es pinta o s&#8217;imagina sovint blanc o com una calavera.<\/p><p>Els seus atributs uneixen el cementiri amb el gaudi. Beu rom fort, macerat amb vint-i-una tavelles de pebre picant, una barreja gaireb\u00e9 inaguantable per a qualsevol altra persona, i fuma cigars o cigarrets.<\/p><p>Se li atribueixen la creu de la tomba, la pala, el f\u00e8retre i els colors negre i violeta. El seu lloc de culte central \u00e9s el <em>Kwa Baron<\/em>, la primera creu d&#8217;un cementiri haiti\u00e0, considerada el seu seient, on se li ofereixen <span class=\"iwg-fachbegriff\" data-tooltip=\"Ofrena a una divinitat per expressar gratitud, petici\u00f3 o veneraci\u00f3.\" tabindex=\"0\">ofrenes<\/span>.<\/p><p>\u00c9s caracter\u00edstic el seu comportament en estat de possessi\u00f3. El Baron Samedi i els Gede s\u00f3n coneguts pel llenguatge obsc\u00e8, els balls sexualment provocatius i les bromes grolleres. Aquest comportament no \u00e9s un desviament, sin\u00f3 part del seu sentit: en mostrar-se de manera exageradament vital, festiva i desvergonyida, els esperits de la mort es burlen de la mort i afirmen el poder de la vida davant d&#8217;ella.<\/p><p>La recerca ha descrit aquest riure davant la mort com un element religi\u00f3s central del culte Gede. La posada en escena aparentment irrespectuosa \u00e9s precisament l&#8217;expressi\u00f3 d&#8217;una reflexi\u00f3 seriosa sobre la mortalitat.<\/p>\t\t\t\t\t\t\t\t<\/div>\n\t\t\t\t<\/div>\n\t\t\t\t\t<\/div>\n\t\t\t\t<\/div>\n\t\t<div class=\"elementor-element elementor-element-cpdcdc2c6 e-flex e-con-boxed e-con e-parent\" data-id=\"cpdcdc2c6\" data-element_type=\"container\" data-e-type=\"container\">\n\t\t\t\t\t<div class=\"e-con-inner\">\n\t\t\t\t<div class=\"elementor-element elementor-element-cpa77efb1 elementor-widget elementor-widget-heading\" data-id=\"cpa77efb1\" data-element_type=\"widget\" data-e-type=\"widget\" data-widget_type=\"heading.default\">\n\t\t\t\t\t<h2 class=\"elementor-heading-title elementor-size-default\">Arrels africanes i reformulaci\u00f3 criolla<\/h2>\t\t\t\t<\/div>\n\t\t<div class=\"elementor-element elementor-element-cp077d930 e-con-full e-flex e-con e-child\" data-id=\"cp077d930\" data-element_type=\"container\" data-e-type=\"container\">\n\t\t\t\t<div class=\"elementor-element elementor-element-cp898d1f0 elementor-widget elementor-widget-text-editor\" data-id=\"cp898d1f0\" data-element_type=\"widget\" data-e-type=\"widget\" data-widget_type=\"text-editor.default\">\n\t\t\t\t\t\t\t\t\t<p>L&#8217;origen del Baron Samedi es remunta a la complexa hist\u00f2ria de formaci\u00f3 del vod\u00fa haiti\u00e0, que va sorgir de religions de l&#8217;\u00c0frica occidental sota les condicions de l&#8217;esclavitud a la col\u00f2nia francesa de Saint-Domingue.<\/p><p>La recerca veu en els esperits Gede vincles, sobretot, amb concepcions procedents de l&#8217;\u00e0mbit fon i ioruba de l&#8217;actual Ben\u00edn i Nig\u00e8ria, on la mort, els avantpassats i la terra tenien cultes propis. Tanmateix, no es pot demostrar una equiparaci\u00f3 directa i inequ\u00edvoca del Baron Samedi amb una \u00fanica <span class=\"iwg-fachbegriff\" data-tooltip=\"\u00c9sser venerat com a div\u00ed dins d'una religi\u00f3.\" tabindex=\"0\">divinitat<\/span> africana concreta; es tracta m\u00e9s b\u00e9 d&#8217;una creaci\u00f3 criolla nova.<\/p><p>En aquesta nova creaci\u00f3 hi han entrat diverses capes. Del catolicisme, al qual les persones esclavitzades van ser for\u00e7osament sotmeses, provenen elements com la creu del cementiri i la vinculaci\u00f3 amb el dia de Tots Sants.<\/p><p>El nom mateix \u00e9s francocriol\u00ed: <em>Baron<\/em> com a t\u00edtol, <em>Samedi<\/em> que significa \u00abdissabte\u00bb. La recerca discuteix diverses interpretacions del nom del dia, sense que cap estigui plenament confirmada; sovint es considera una relaci\u00f3 amb el s\u00e0bat o amb el dia dels rituals de commemoraci\u00f3 dels difunts.<\/p><p>\u00c9s important no confondre aquesta s\u00edntesi amb una simple barreja. Els africans esclavitzats i els seus descendents van formar, sota la pressi\u00f3 de la societat colonial, una religi\u00f3 pr\u00f2pia i coherent a partir d&#8217;elements africans, europeus i, en part, ind\u00edgenes caribenys. El Baron Samedi \u00e9s un producte d&#8217;aquesta apropiaci\u00f3 creativa.<\/p><p>Porta un t\u00edtol nobiliari europeu i un dia de la setmana cristi\u00e0 en el seu nom, est\u00e0 vinculat al cementiri cat\u00f2lic i, tot i aix\u00f2, s&#8217;inscriu plenament en la l\u00f2gica d&#8217;arrel africana d&#8217;una religi\u00f3 en la qual els morts i els vius es troben en un intercanvi constant. Precisament en aquesta fusi\u00f3 rau el seu inter\u00e8s des del punt de vista de la hist\u00f2ria de les religions.<\/p>\t\t\t\t\t\t\t\t<\/div>\n\t\t\t\t<\/div>\n\t\t\t\t\t<\/div>\n\t\t\t\t<\/div>\n\t\t<div class=\"elementor-element elementor-element-cpb136227 e-flex e-con-boxed e-con e-parent\" data-id=\"cpb136227\" data-element_type=\"container\" data-e-type=\"container\">\n\t\t\t\t\t<div class=\"e-con-inner\">\n\t\t\t\t<div class=\"elementor-element elementor-element-cp44bbfa0 elementor-widget elementor-widget-heading\" data-id=\"cp44bbfa0\" data-element_type=\"widget\" data-e-type=\"widget\" data-widget_type=\"heading.default\">\n\t\t\t\t\t<h2 class=\"elementor-heading-title elementor-size-default\">Recepci\u00f3: de la creu del cementiri a la cultura popular<\/h2>\t\t\t\t<\/div>\n\t\t<div class=\"elementor-element elementor-element-cpbc3ec8a e-con-full e-flex e-con e-child\" data-id=\"cpbc3ec8a\" data-element_type=\"container\" data-e-type=\"container\">\n\t\t\t\t<div class=\"elementor-element elementor-element-cp97f24de elementor-widget elementor-widget-text-editor\" data-id=\"cp97f24de\" data-element_type=\"widget\" data-e-type=\"widget\" data-widget_type=\"text-editor.default\">\n\t\t\t\t\t\t\t\t\t<p>Baron Samedi s&#8217;ha convertit en una de les figures del vodou m\u00e9s conegudes de la cultura popular occidental, i aquesta recepci\u00f3 sovint s&#8217;allunya for\u00e7a de la realitat religiosa.<\/p><p>Ja des de principis del segle XX, relats de viatges sensacionalistes i pel\u00b7l\u00edcules van difondre una imatge distorsionada del vodou haiti\u00e0. Baron Samedi hi va ser representat sovint com una figura fosca i amena\u00e7adora, vinculada al tamb\u00e9 distorsionat <span class=\"iwg-fachbegriff\" data-tooltip=\"Un element tem\u00e0tic recurrent en l'art o la narrativa.\" tabindex=\"0\">motiu<\/span> del \u00abzombi\u00bb.<\/p><p><span data-nosnippet>Una representaci\u00f3 especialment influent la va oferir la pel\u00b7l\u00edcula de James Bond <em>Live and Let Die<\/em> de 1973, on un personatge anomenat Baron Samedi apareix com un antagonista inquietant i rialler. Pel\u00b7l\u00edcules posteriors, c\u00f2mics, jocs de rol i videojocs van reprendre aquest <span class=\"iwg-fachbegriff\" data-tooltip=\"Un element tem\u00e0tic recurrent en l'art o la narrativa.\" tabindex=\"0\">motiu<\/span> i van consolidar la imatge de l&#8217;esperit de la mort amb barret de copa com a figura de terror.<\/span><\/p><p>Tamb\u00e9 forma part de la seva hist\u00f2ria de recepci\u00f3 una instrumentalitzaci\u00f3 pol\u00edtica: el dictador haiti\u00e0 Fran\u00e7ois Duvalier es va posar en escena de manera deliberada seguint el model de Baron Samedi, per envoltar el seu poder d&#8217;una por sobrenatural.<\/p><p>Aquesta <span class=\"iwg-fachbegriff\" data-tooltip=\"La transmissi\u00f3 de coneixements i relats al llarg de generacions.\" tabindex=\"0\">tradici\u00f3<\/span> popular deixa de banda els trets essencials de la figura religiosa.<\/p><p>En el vodou viscut, Baron Samedi no \u00e9s una simple figura de terror, sin\u00f3 un lwa ambivalent, sovint c\u00f2mic i for\u00e7a proper a la gent.<\/p><p>S&#8217;hi recorre com a ajudant, especialment en q\u00fcestions de vida i mort, per exemple quan amena\u00e7a una malaltia greu: com que cap persona pot morir sense que Baron Samedi obri la tomba, la <span class=\"iwg-fachbegriff\" data-tooltip=\"L'acte de pregar o invocar una divinitat o poder.\" tabindex=\"0\">invocaci\u00f3<\/span> del Bar\u00f3 pot, segons la comprensi\u00f3 dels creients, aturar la mort.<\/p><p>Se&#8217;l considera tamb\u00e9 protector dels infants i un <span class=\"iwg-fachbegriff\" data-tooltip=\"Un \u00e9sser incorpori a qui s'atribueix una acci\u00f3 en el m\u00f3n.\" tabindex=\"0\">esperit<\/span> que diu la veritat amb franquesa i sense embuts. Per a una classificaci\u00f3 seriosa cal, per tant, separar la figura terror\u00edfica del cinema de la figura religiosa, molt m\u00e9s complexa, que continua venerant-se vivament en el vodou haiti\u00e0 d&#8217;avui.<\/p>\t\t\t\t\t\t\t\t<\/div>\n\t\t\t\t<\/div>\n\t\t\t\t\t<\/div>\n\t\t\t\t<\/div>\n\t\t<div class=\"elementor-element elementor-element-36dd7469 e-flex e-con-boxed e-con e-parent\" data-id=\"36dd7469\" data-element_type=\"container\" data-e-type=\"container\">\n\t\t\t\t\t<div class=\"e-con-inner\">\n\t\t\t\t<div class=\"elementor-element elementor-element-13760ab4 elementor-widget elementor-widget-heading\" data-id=\"13760ab4\" data-element_type=\"widget\" data-e-type=\"widget\" data-widget_type=\"heading.default\">\n\t\t\t\t\t<h2 class=\"elementor-heading-title elementor-size-default\">Enlla\u00e7os relacionats<\/h2>\t\t\t\t<\/div>\n\t\t<div class=\"elementor-element elementor-element-28c87796 e-con-full e-flex e-con e-child\" data-id=\"28c87796\" data-element_type=\"container\" data-e-type=\"container\">\n\t\t\t\t<div class=\"elementor-element elementor-element-5d6538df elementor-widget elementor-widget-text-editor\" data-id=\"5d6538df\" data-element_type=\"widget\" data-e-type=\"widget\" data-widget_type=\"text-editor.default\">\n\t\t\t\t\t\t\t\t\t<ul><li><a href=\"https:\/\/iwell-guard.com\/ca\/?page_id=171604\">Papa Legba, obridor de portes, loa previ<\/a><\/li><li><a href=\"https:\/\/iwell-guard.com\/ca\/?page_id=171608\">Erzulie, fam\u00edlia de loa de l&#8217;amor<\/a><\/li><li><a href=\"https:\/\/iwell-guard.com\/ca\/?page_id=171605\">Zombi, morts explotables com a esclaus, tradici\u00f3 del Bar\u00f3<\/a><\/li><li><a href=\"https:\/\/iwell-guard.com\/ca\/?page_id=171607\">Bokor, sacerdot de vodou de m\u00e0gia negra<\/a><\/li><li><a href=\"https:\/\/iwell-guard.com\/ca\/?page_id=171617\">Vodou, panorama del pante\u00f3<\/a><\/li><li><a href=\"https:\/\/iwell-guard.com\/ca\/?page_id=171461\">Divinitats de la mort, subcategoria<\/a><\/li><li><a href=\"https:\/\/iwell-guard.com\/ca\/?page_id=171431\">D\u00e9us, panorama de classes<\/a><\/li><\/ul>\t\t\t\t\t\t\t\t<\/div>\n\t\t\t\t<\/div>\n\t\t\t\t\t<\/div>\n\t\t\t\t<\/div>\n\t\t<div class=\"elementor-element elementor-element-grl4kl40 e-flex e-con-boxed e-con e-parent\" data-id=\"grl4kl40\" data-element_type=\"container\" data-e-type=\"container\">\n\t\t\t\t\t<div class=\"e-con-inner\">\n\t\t\t\t<div class=\"elementor-element elementor-element-bzsbfrmh elementor-widget elementor-widget-heading\" data-id=\"bzsbfrmh\" data-element_type=\"widget\" data-e-type=\"widget\" data-widget_type=\"heading.default\">\n\t\t\t\t\t<h2 class=\"elementor-heading-title elementor-size-default\">Bibliografia (selecci\u00f3)<\/h2>\t\t\t\t<\/div>\n\t\t<div class=\"elementor-element elementor-element-2c13224a e-con-full e-flex e-con e-child\" data-id=\"2c13224a\" data-element_type=\"container\" data-e-type=\"container\">\n\t\t\t\t<div class=\"elementor-element elementor-element-0eymh9ub elementor-widget elementor-widget-text-editor\" data-id=\"0eymh9ub\" data-element_type=\"widget\" data-e-type=\"widget\" data-widget_type=\"text-editor.default\">\n\t\t\t\t\t\t\t\t\t<footer class=\"iwg-literatur\" data-nosnippet=\"true\"><ul><li><span data-nosnippet>M\u00e9traux, Alfred: <em>Le Vaudou ha\u00eftien<\/em>. Paris 1958 (angl. Voodoo in Haiti).<\/span><\/li><li><span data-nosnippet>Desmangles, Leslie G.: <em>The Faces of the Gods. Vodou and Roman Catholicism in Haiti<\/em>. Chapel Hill 1992.<\/span><\/li><li><span data-nosnippet>Ramsey, Kate: <em>The Spirits and the Law. Vodou and Power in Haiti<\/em>. Chicago 2011.<\/span><\/li><\/ul><\/footer>\n<p class=\"iwg-bib-more\"><span data-nosnippet>M\u00e9s obres de refer\u00e8ncia al <a href=\"https:\/\/iwell-guard.com\/ca\/?page_id=171483\">Repertori bibliogr\u00e0fic<\/a>.<\/span><\/p>\t\t\t\t\t\t\t\t<\/div>\n\t\t\t\t<\/div>\n\t\t\t\t\t<\/div>\n\t\t\t\t<\/div>\n\t\t<div class=\"elementor-element elementor-element-c0e0d3c e-con-boxed e-flex e-con e-parent\" data-id=\"c0e0d3c\" data-element_type=\"container\" data-e-type=\"container\">\n\t\t\t\t\t<div class=\"e-con-inner\">\n\t\t\t\t<div class=\"elementor-element elementor-element-5434c42 elementor-widget elementor-widget-text-editor\" data-id=\"5434c42\" data-element_type=\"widget\" data-e-type=\"widget\" data-widget_type=\"text-editor.default\">\n\t\t\t\t\t\t\t\t\t\n<h2>Preguntes freq\u00fcents sobre Baron Samedi<\/h2>\n<div class=\"iwg-faq-q\"><h3>Qui \u00e9s Baron Samedi en el vodou?<\/h3><p>Baron Samedi (en crioll Bawon Samdi, Bar\u00f3 Dissabte) \u00e9s, en el vodou haiti\u00e0, el l\u00edder dels Gede, la fam\u00edlia dels loa de la mort i dels avantpassats. Un loa \u00e9s un <span class=\"iwg-fachbegriff\" data-tooltip=\"Un \u00e9sser incorpori a qui s'atribueix una acci\u00f3 en el m\u00f3n.\" tabindex=\"0\">esperit<\/span> o una <span class=\"iwg-fachbegriff\" data-tooltip=\"Un \u00e9sser venerat com a div\u00ed dins d'una religi\u00f3.\" tabindex=\"0\">divinitat<\/span> a trav\u00e9s de la qual els creients del vodou entren en contacte amb all\u00f2 div\u00ed.<\/p><p>Baron Samedi es representa amb barret de copa, levita negra, ulleres de sol fosques sovint amb un sol vidre i el rostre pintat de blanc a mode de calavera. Es troba en el llindar entre els vius i els morts i rep cada \u00e0nima quan entra al m\u00f3n dels morts.<\/p><\/div>\n<div class=\"iwg-faq-q\"><h3>Per qu\u00e8 Baron Samedi \u00e9s considerat alhora esperit de la mort i esperit vital?<\/h3><p>Baron Samedi encarna una doble naturalesa t\u00edpica del vodou: \u00e9s senyor de la mort, per\u00f2 alhora soroll\u00f3s, groller i vital, conegut per les seves bromes procaces, el rom i el tabac. Aquesta uni\u00f3 entre mort i alegria de viure no \u00e9s una contradicci\u00f3, sin\u00f3 l&#8217;expressi\u00f3 de la concepci\u00f3 vodou segons la qual mort i fertilitat estan estretament vinculades.<\/p><p>Baron Samedi tamb\u00e9 \u00e9s considerat un guaridor en casos desesperats: mentre no hagi obert una tomba, un moribund no pot accedir al seu regne. Per aix\u00f2 tamb\u00e9 se l&#8217;invoca en cas de malaltia greu.<\/p><\/div>\n<script type=\"application\/ld+json\">{\"@context\":\"https:\/\/schema.org\",\"@type\":\"FAQPage\",\"mainEntity\":[{\"@type\":\"Question\",\"name\":\"Qui \u00e9s Baron Samedi en el vodou?\",\"acceptedAnswer\":{\"@type\":\"Answer\",\"text\":\"Baron Samedi (en crioll Bawon Samdi, Bar\u00f3 Dissabte) \u00e9s, en el vodou haiti\u00e0, el l\u00edder dels Gede, la fam\u00edlia dels loa de la mort i dels avantpassats. Un loa \u00e9s un esperit o una divinitat a trav\u00e9s de la qual els creients del vodou entren en contacte amb all\u00f2 div\u00ed.Baron Samedi es representa amb barret de copa, levita negra, ulleres de sol fosques sovint amb un sol vidre i el rostre pintat de blanc a mode de calavera. Es troba en el llindar entre els vius i els morts i rep cada \u00e0nima quan entra al m\u00f3n dels morts.\"}},{\"@type\":\"Question\",\"name\":\"Per qu\u00e8 Baron Samedi \u00e9s considerat alhora esperit de la mort i esperit vital?\",\"acceptedAnswer\":{\"@type\":\"Answer\",\"text\":\"Baron Samedi encarna una doble naturalesa t\u00edpica del vodou: \u00e9s senyor de la mort, per\u00f2 alhora soroll\u00f3s, groller i vital, conegut per les seves bromes procaces, el rom i el tabac. Aquesta uni\u00f3 entre mort i alegria de viure no \u00e9s una contradicci\u00f3, sin\u00f3 l'expressi\u00f3 de la concepci\u00f3 vodou segons la qual mort i fertilitat estan estretament vinculades.Baron Samedi tamb\u00e9 \u00e9s considerat un guaridor en casos desesperats: mentre no hagi obert una tomba, un moribund no pot accedir al seu regne. Per aix\u00f2 tamb\u00e9 se l'invoca en cas de malaltia greu.\"}}]}<\/script>\t\t\t\t\t\t\t\t<\/div>\n\t\t\t\t\t<\/div>\n\t\t\t\t<\/div>\n\t\t\t\t<\/div>\n\t\t","protected":false},"excerpt":{"rendered":"","protected":false},"author":3,"featured_media":1772,"parent":0,"menu_order":0,"comment_status":"closed","ping_status":"closed","template":"elementor_header_footer","meta":{"_yoast_wpseo_focuskw":"Baron Samedi","_yoast_wpseo_title":"Baron Samedi \u2013 Loa dels morts al Vodou d'Hait\u00ed","_yoast_wpseo_metadesc":"Baron Samedi, Loa dels morts al Vodou d'Hait\u00ed. Cara de calavera, ofrenes de rom, F\u00e8te Gede i la connexi\u00f3 amb els avantpassats. Pante\u00f3 i simbolisme.","_yoast_wpseo_meta-robots-noindex":"","_yoast_wpseo_canonical":"","_angie_page":false,"gefaehrdungsstufe":"3","wesen_kultur":"vodou","wesen_klasse":"goetter","footnotes":""},"categories":[],"class_list":["post-171606","page","type-page","status-publish","has-post-thumbnail","hentry"],"yoast_head":"<!-- This site is optimized with the Yoast SEO Premium plugin v27.7 (Yoast SEO v28.3) - https:\/\/yoast.com\/product\/yoast-seo-premium-wordpress\/ -->\n<title>Baron Samedi \u2013 Loa dels morts al Vodou d&#039;Hait\u00ed<\/title>\n<meta name=\"description\" content=\"Baron Samedi, Loa dels morts al Vodou d&#039;Hait\u00ed. Cara de calavera, ofrenes de rom, F\u00e8te Gede i la connexi\u00f3 amb els avantpassats. Pante\u00f3 i simbolisme.\" \/>\n<meta name=\"robots\" content=\"index, follow, max-snippet:-1, max-image-preview:large, max-video-preview:-1\" \/>\n<link rel=\"canonical\" href=\"https:\/\/iwell-guard.com\/ca\/baron-samedi\/\" \/>\n<meta property=\"og:locale\" content=\"ca_ES\" \/>\n<meta property=\"og:type\" content=\"article\" \/>\n<meta property=\"og:title\" content=\"Baron Samedi\" \/>\n<meta property=\"og:description\" content=\"Baron Samedi, Loa dels morts al Vodou d&#039;Hait\u00ed. Cara de calavera, ofrenes de rom, F\u00e8te Gede i la connexi\u00f3 amb els avantpassats. Pante\u00f3 i simbolisme.\" \/>\n<meta property=\"og:url\" content=\"https:\/\/iwell-guard.com\/ca\/baron-samedi\/\" \/>\n<meta property=\"og:site_name\" content=\"iWell Guard\" \/>\n<meta property=\"article:modified_time\" content=\"2026-09-05T16:02:18+00:00\" \/>\n<meta property=\"og:image\" content=\"https:\/\/iwell-guard.com\/wp-content\/uploads\/2026\/04\/goetter_vodou_baron-samedi.webp\" \/>\n\t<meta property=\"og:image:width\" content=\"1024\" \/>\n\t<meta property=\"og:image:height\" content=\"1536\" \/>\n\t<meta property=\"og:image:type\" content=\"image\/webp\" \/>\n<meta name=\"twitter:card\" content=\"summary_large_image\" \/>\n<script type=\"application\/ld+json\" class=\"yoast-schema-graph\">{\"@context\":\"https:\\\/\\\/schema.org\",\"@graph\":[{\"@type\":\"WebPage\",\"@id\":\"https:\\\/\\\/iwell-guard.com\\\/ca\\\/baron-samedi\\\/\",\"url\":\"https:\\\/\\\/iwell-guard.com\\\/ca\\\/baron-samedi\\\/\",\"name\":\"Baron Samedi \u2013 Loa dels morts al Vodou d'Hait\u00ed\",\"isPartOf\":{\"@id\":\"https:\\\/\\\/iwell-guard.com\\\/ca\\\/#website\"},\"primaryImageOfPage\":{\"@id\":\"https:\\\/\\\/iwell-guard.com\\\/ca\\\/baron-samedi\\\/#primaryimage\"},\"image\":{\"@id\":\"https:\\\/\\\/iwell-guard.com\\\/ca\\\/baron-samedi\\\/#primaryimage\"},\"thumbnailUrl\":\"https:\\\/\\\/iwell-guard.com\\\/wp-content\\\/uploads\\\/2026\\\/04\\\/goetter_vodou_baron-samedi.webp\",\"datePublished\":\"2026-09-05T15:40:48+00:00\",\"dateModified\":\"2026-09-05T16:02:18+00:00\",\"description\":\"Baron Samedi, Loa dels morts al Vodou d'Hait\u00ed. Cara de calavera, ofrenes de rom, F\u00e8te Gede i la connexi\u00f3 amb els avantpassats. Pante\u00f3 i simbolisme.\",\"breadcrumb\":{\"@id\":\"https:\\\/\\\/iwell-guard.com\\\/ca\\\/baron-samedi\\\/#breadcrumb\"},\"inLanguage\":\"ca\",\"potentialAction\":[{\"@type\":\"ReadAction\",\"target\":[\"https:\\\/\\\/iwell-guard.com\\\/ca\\\/baron-samedi\\\/\"]}]},{\"@type\":\"ImageObject\",\"inLanguage\":\"ca\",\"@id\":\"https:\\\/\\\/iwell-guard.com\\\/ca\\\/baron-samedi\\\/#primaryimage\",\"url\":\"https:\\\/\\\/iwell-guard.com\\\/wp-content\\\/uploads\\\/2026\\\/04\\\/goetter_vodou_baron-samedi.webp\",\"contentUrl\":\"https:\\\/\\\/iwell-guard.com\\\/wp-content\\\/uploads\\\/2026\\\/04\\\/goetter_vodou_baron-samedi.webp\",\"width\":1024,\"height\":1536,\"caption\":\"D\u00e9us de la tradici\u00f3 vodou.\"},{\"@type\":\"BreadcrumbList\",\"@id\":\"https:\\\/\\\/iwell-guard.com\\\/ca\\\/baron-samedi\\\/#breadcrumb\",\"itemListElement\":[{\"@type\":\"ListItem\",\"position\":1,\"name\":\"Start\",\"item\":\"https:\\\/\\\/iwell-guard.com\\\/ca\\\/?page_id=171333\"},{\"@type\":\"ListItem\",\"position\":2,\"name\":\"Baron Samedi\"}]},{\"@type\":\"WebSite\",\"@id\":\"https:\\\/\\\/iwell-guard.com\\\/ca\\\/#website\",\"url\":\"https:\\\/\\\/iwell-guard.com\\\/ca\\\/\",\"name\":\"iWell Guard\",\"description\":\"Schutz vor dunklen Einfl\u00fcssen\",\"publisher\":{\"@id\":\"https:\\\/\\\/iwell-guard.com\\\/ca\\\/#organization\"},\"potentialAction\":[{\"@type\":\"SearchAction\",\"target\":{\"@type\":\"EntryPoint\",\"urlTemplate\":\"https:\\\/\\\/iwell-guard.com\\\/ca\\\/?s={search_term_string}\"},\"query-input\":{\"@type\":\"PropertyValueSpecification\",\"valueRequired\":true,\"valueName\":\"search_term_string\"}}],\"inLanguage\":\"ca\"},{\"@type\":\"Organization\",\"@id\":\"https:\\\/\\\/iwell-guard.com\\\/ca\\\/#organization\",\"name\":\"Ittermann electronic GmbH\",\"url\":\"https:\\\/\\\/iwell-guard.com\\\/ca\\\/\",\"logo\":{\"@type\":\"ImageObject\",\"inLanguage\":\"ca\",\"@id\":\"https:\\\/\\\/iwell-guard.com\\\/ca\\\/#\\\/schema\\\/logo\\\/image\\\/\",\"url\":\"https:\\\/\\\/iwell-guard.com\\\/wp-content\\\/uploads\\\/2026\\\/05\\\/Ittermann-Logo-1182x237-1.png\",\"contentUrl\":\"https:\\\/\\\/iwell-guard.com\\\/wp-content\\\/uploads\\\/2026\\\/05\\\/Ittermann-Logo-1182x237-1.png\",\"width\":1182,\"height\":237,\"caption\":\"Ittermann electronic GmbH\"},\"image\":{\"@id\":\"https:\\\/\\\/iwell-guard.com\\\/ca\\\/#\\\/schema\\\/logo\\\/image\\\/\"},\"sameAs\":[\"https:\\\/\\\/pantip.com\\\/profile\\\/9367242\",\"https:\\\/\\\/micro.blog\\\/iwellguard\",\"https:\\\/\\\/www.diggerslist.com\\\/iwellguard\\\/about\",\"https:\\\/\\\/skitterphoto.com\\\/photographers\\\/2870314\\\/iwell-guard\",\"https:\\\/\\\/iwellguard.wordpress.com\\\/2026\\\/06\\\/06\\\/iwell-guard\\\/\",\"https:\\\/\\\/hub.docker.com\\\/u\\\/iwellguard\",\"https:\\\/\\\/www.pinterest.com\\\/iwellguard\\\/\",\"https:\\\/\\\/bit.ly\\\/m\\\/iwellguard\",\"https:\\\/\\\/entre-vos-mains.alsace.eu\\\/profiles\\\/iwellguard\\\/activity\",\"https:\\\/\\\/gravatar.com\\\/reallybeded8fd34\",\"https:\\\/\\\/naijamatta.com\\\/iwellguard\",\"https:\\\/\\\/www.goodreads.com\\\/iwellguard\",\"https:\\\/\\\/profile.hatena.ne.jp\\\/iwellguard\\\/\",\"https:\\\/\\\/experiment.com\\\/users\\\/iwellguard\",\"https:\\\/\\\/wakelet.com\\\/@iWellGuard82270\",\"https:\\\/\\\/www.chordie.com\\\/forum\\\/profile.php?id=2555664\",\"https:\\\/\\\/www.instapaper.com\\\/p\\\/17757966\",\"https:\\\/\\\/www.mapleprimes.com\\\/users\\\/iwellguard\",\"https:\\\/\\\/businesslistingplus.com\\\/profile\\\/iwell-guard\\\/\",\"https:\\\/\\\/telegra.ph\\\/iWell-Guard-06-06\",\"https:\\\/\\\/pbase.com\\\/iwellguard\\\/iwellguard\",\"https:\\\/\\\/b.hatena.ne.jp\\\/iwellguard\\\/20260607#bookmark-4788405196491818882\",\"https:\\\/\\\/fliphtml5.com\\\/home\\\/iwellguard\",\"https:\\\/\\\/anyflip.com\\\/homepage\\\/cmiwl#About\",\"https:\\\/\\\/transfur.com\\\/Users\\\/iwellguard\",\"http:\\\/\\\/delphi.larsbo.org\\\/user\\\/iwellguard\",\"https:\\\/\\\/jobs.lajobsportal.org\\\/profiles\\\/8380803-iwell-guard\",\"https:\\\/\\\/md.chaosdorf.de\\\/s\\\/jfbe5SBdJD\",\"https:\\\/\\\/www.lingvolive.com\\\/en-us\\\/profile\\\/9ecaeaca-ce11-4e51-9e71-01d55e2bff36\\\/translations\",\"https:\\\/\\\/www.fitday.com\\\/fitness\\\/forums\\\/members\\\/iwellguard.html\",\"https:\\\/\\\/www.mymeetbook.com\\\/iwellguard\",\"https:\\\/\\\/pxhere.com\\\/en\\\/photographer-me\\\/5040798\",\"https:\\\/\\\/disqus.com\\\/by\\\/iwellguard\\\/about\\\/\",\"https:\\\/\\\/pastelink.net\\\/hjwciqwq\",\"https:\\\/\\\/pubhtml5.com\\\/homepage\\\/scjhn\\\/\",\"https:\\\/\\\/www.bitchute.com\\\/channel\\\/2O2eOKzNqujT\",\"https:\\\/\\\/audiomack.com\\\/iwellguard\"]},{\"@type\":\"Article\",\"@id\":\"https:\\\/\\\/iwell-guard.com\\\/ca\\\/baron-samedi\\\/#article\",\"isPartOf\":{\"@id\":\"https:\\\/\\\/iwell-guard.com\\\/ca\\\/baron-samedi\\\/\"},\"author\":{\"name\":\"Ralf Ittermann\",\"@id\":\"https:\\\/\\\/iwell-guard.com\\\/ca\\\/#\\\/schema\\\/person\\\/ee2a27f1cac3406c7c6fb5820cb7349f\"},\"headline\":\"Baron Samedi\",\"datePublished\":\"2026-09-05T15:40:48+00:00\",\"dateModified\":\"2026-09-05T16:02:18+00:00\",\"mainEntityOfPage\":{\"@id\":\"https:\\\/\\\/iwell-guard.com\\\/ca\\\/baron-samedi\\\/\"},\"publisher\":{\"@id\":\"https:\\\/\\\/iwell-guard.com\\\/ca\\\/#organization\"},\"image\":{\"@id\":\"https:\\\/\\\/iwell-guard.com\\\/ca\\\/baron-samedi\\\/#primaryimage\"},\"thumbnailUrl\":\"https:\\\/\\\/iwell-guard.com\\\/wp-content\\\/uploads\\\/2026\\\/04\\\/goetter_vodou_baron-samedi.webp\",\"inLanguage\":\"ca\",\"description\":\"Baron Samedi, Loa dels morts al Vodou d'Hait\u00ed. Cara de calavera, ofrenes de rom, F\u00e8te Gede i la connexi\u00f3 amb els avantpassats. Pante\u00f3 i simbolisme.\"}]}<\/script>\n<!-- \/ Yoast SEO Premium plugin. -->","yoast_head_json":{"title":"Baron Samedi \u2013 Loa dels morts al Vodou d'Hait\u00ed","description":"Baron Samedi, Loa dels morts al Vodou d'Hait\u00ed. Cara de calavera, ofrenes de rom, F\u00e8te Gede i la connexi\u00f3 amb els avantpassats. Pante\u00f3 i simbolisme.","robots":{"index":"index","follow":"follow","max-snippet":"max-snippet:-1","max-image-preview":"max-image-preview:large","max-video-preview":"max-video-preview:-1"},"canonical":"https:\/\/iwell-guard.com\/ca\/baron-samedi\/","og_locale":"ca_ES","og_type":"article","og_title":"Baron Samedi","og_description":"Baron Samedi, Loa dels morts al Vodou d'Hait\u00ed. Cara de calavera, ofrenes de rom, F\u00e8te Gede i la connexi\u00f3 amb els avantpassats. Pante\u00f3 i simbolisme.","og_url":"https:\/\/iwell-guard.com\/ca\/baron-samedi\/","og_site_name":"iWell Guard","article_modified_time":"2026-09-05T16:02:18+00:00","og_image":[{"width":1024,"height":1536,"url":"https:\/\/iwell-guard.com\/wp-content\/uploads\/2026\/04\/goetter_vodou_baron-samedi.webp","type":"image\/webp"}],"twitter_card":"summary_large_image","schema":{"@context":"https:\/\/schema.org","@graph":[{"@type":"Article","@id":"https:\/\/iwell-guard.com\/ca\/baron-samedi\/#article","isPartOf":{"@id":"https:\/\/iwell-guard.com\/ca\/baron-samedi\/"},"author":{"name":"Ralf Ittermann","@id":"https:\/\/iwell-guard.com\/ca\/#\/schema\/person\/ee2a27f1cac3406c7c6fb5820cb7349f"},"headline":"Baron Samedi","datePublished":"2026-09-05T15:40:48+00:00","dateModified":"2026-09-05T16:02:18+00:00","mainEntityOfPage":{"@id":"https:\/\/iwell-guard.com\/ca\/baron-samedi\/"},"publisher":{"@id":"https:\/\/iwell-guard.com\/ca\/#organization"},"image":{"@id":"https:\/\/iwell-guard.com\/ca\/baron-samedi\/#primaryimage"},"thumbnailUrl":"https:\/\/iwell-guard.com\/wp-content\/uploads\/2026\/04\/goetter_vodou_baron-samedi.webp","inLanguage":"ca","description":"Baron Samedi, Loa dels morts al Vodou d'Hait\u00ed. Cara de calavera, ofrenes de rom, F\u00e8te Gede i la connexi\u00f3 amb els avantpassats. Pante\u00f3 i simbolisme."},{"@type":"WebPage","@id":"https:\/\/iwell-guard.com\/ca\/baron-samedi\/","url":"https:\/\/iwell-guard.com\/ca\/baron-samedi\/","name":"Baron Samedi \u2013 Loa dels morts al Vodou d'Hait\u00ed","isPartOf":{"@id":"https:\/\/iwell-guard.com\/ca\/#website"},"primaryImageOfPage":{"@id":"https:\/\/iwell-guard.com\/ca\/baron-samedi\/#primaryimage"},"image":{"@id":"https:\/\/iwell-guard.com\/ca\/baron-samedi\/#primaryimage"},"thumbnailUrl":"https:\/\/iwell-guard.com\/wp-content\/uploads\/2026\/04\/goetter_vodou_baron-samedi.webp","datePublished":"2026-09-05T15:40:48+00:00","dateModified":"2026-09-05T16:02:18+00:00","description":"Baron Samedi, Loa dels morts al Vodou d'Hait\u00ed. Cara de calavera, ofrenes de rom, F\u00e8te Gede i la connexi\u00f3 amb els avantpassats. Pante\u00f3 i simbolisme.","breadcrumb":{"@id":"https:\/\/iwell-guard.com\/ca\/baron-samedi\/#breadcrumb"},"inLanguage":"ca","potentialAction":[{"@type":"ReadAction","target":["https:\/\/iwell-guard.com\/ca\/baron-samedi\/"]}]},{"@type":"ImageObject","inLanguage":"ca","@id":"https:\/\/iwell-guard.com\/ca\/baron-samedi\/#primaryimage","url":"https:\/\/iwell-guard.com\/wp-content\/uploads\/2026\/04\/goetter_vodou_baron-samedi.webp","contentUrl":"https:\/\/iwell-guard.com\/wp-content\/uploads\/2026\/04\/goetter_vodou_baron-samedi.webp","width":1024,"height":1536,"caption":"D\u00e9us de la tradici\u00f3 vodou."},{"@type":"BreadcrumbList","@id":"https:\/\/iwell-guard.com\/ca\/baron-samedi\/#breadcrumb","itemListElement":[{"@type":"ListItem","position":1,"name":"Start","item":"https:\/\/iwell-guard.com\/ca\/?page_id=171333"},{"@type":"ListItem","position":2,"name":"Baron Samedi"}]},{"@type":"WebSite","@id":"https:\/\/iwell-guard.com\/ca\/#website","url":"https:\/\/iwell-guard.com\/ca\/","name":"iWell Guard","description":"Schutz vor dunklen Einfl\u00fcssen","publisher":{"@id":"https:\/\/iwell-guard.com\/ca\/#organization"},"potentialAction":[{"@type":"SearchAction","target":{"@type":"EntryPoint","urlTemplate":"https:\/\/iwell-guard.com\/ca\/?s={search_term_string}"},"query-input":{"@type":"PropertyValueSpecification","valueRequired":true,"valueName":"search_term_string"}}],"inLanguage":"ca"},{"@type":"Organization","@id":"https:\/\/iwell-guard.com\/ca\/#organization","name":"Ittermann electronic GmbH","url":"https:\/\/iwell-guard.com\/ca\/","logo":{"@type":"ImageObject","inLanguage":"ca","@id":"https:\/\/iwell-guard.com\/ca\/#\/schema\/logo\/image\/","url":"https:\/\/iwell-guard.com\/wp-content\/uploads\/2026\/05\/Ittermann-Logo-1182x237-1.png","contentUrl":"https:\/\/iwell-guard.com\/wp-content\/uploads\/2026\/05\/Ittermann-Logo-1182x237-1.png","width":1182,"height":237,"caption":"Ittermann electronic GmbH"},"image":{"@id":"https:\/\/iwell-guard.com\/ca\/#\/schema\/logo\/image\/"},"sameAs":["https:\/\/pantip.com\/profile\/9367242","https:\/\/micro.blog\/iwellguard","https:\/\/www.diggerslist.com\/iwellguard\/about","https:\/\/skitterphoto.com\/photographers\/2870314\/iwell-guard","https:\/\/iwellguard.wordpress.com\/2026\/06\/06\/iwell-guard\/","https:\/\/hub.docker.com\/u\/iwellguard","https:\/\/www.pinterest.com\/iwellguard\/","https:\/\/bit.ly\/m\/iwellguard","https:\/\/entre-vos-mains.alsace.eu\/profiles\/iwellguard\/activity","https:\/\/gravatar.com\/reallybeded8fd34","https:\/\/naijamatta.com\/iwellguard","https:\/\/www.goodreads.com\/iwellguard","https:\/\/profile.hatena.ne.jp\/iwellguard\/","https:\/\/experiment.com\/users\/iwellguard","https:\/\/wakelet.com\/@iWellGuard82270","https:\/\/www.chordie.com\/forum\/profile.php?id=2555664","https:\/\/www.instapaper.com\/p\/17757966","https:\/\/www.mapleprimes.com\/users\/iwellguard","https:\/\/businesslistingplus.com\/profile\/iwell-guard\/","https:\/\/telegra.ph\/iWell-Guard-06-06","https:\/\/pbase.com\/iwellguard\/iwellguard","https:\/\/b.hatena.ne.jp\/iwellguard\/20260607#bookmark-4788405196491818882","https:\/\/fliphtml5.com\/home\/iwellguard","https:\/\/anyflip.com\/homepage\/cmiwl#About","https:\/\/transfur.com\/Users\/iwellguard","http:\/\/delphi.larsbo.org\/user\/iwellguard","https:\/\/jobs.lajobsportal.org\/profiles\/8380803-iwell-guard","https:\/\/md.chaosdorf.de\/s\/jfbe5SBdJD","https:\/\/www.lingvolive.com\/en-us\/profile\/9ecaeaca-ce11-4e51-9e71-01d55e2bff36\/translations","https:\/\/www.fitday.com\/fitness\/forums\/members\/iwellguard.html","https:\/\/www.mymeetbook.com\/iwellguard","https:\/\/pxhere.com\/en\/photographer-me\/5040798","https:\/\/disqus.com\/by\/iwellguard\/about\/","https:\/\/pastelink.net\/hjwciqwq","https:\/\/pubhtml5.com\/homepage\/scjhn\/","https:\/\/www.bitchute.com\/channel\/2O2eOKzNqujT","https:\/\/audiomack.com\/iwellguard"]},{"@type":"Person","@id":"https:\/\/iwell-guard.com\/ca\/#\/schema\/person\/ee2a27f1cac3406c7c6fb5820cb7349f","name":"Ralf Ittermann","image":{"@type":"ImageObject","inLanguage":"ca","@id":"https:\/\/secure.gravatar.com\/avatar\/073c0153e350a5005b68eb752b445fea71f6b24a26da9449ad7e155e6b446c9d?s=96&d=mm&r=g","url":"https:\/\/secure.gravatar.com\/avatar\/073c0153e350a5005b68eb752b445fea71f6b24a26da9449ad7e155e6b446c9d?s=96&d=mm&r=g","contentUrl":"https:\/\/secure.gravatar.com\/avatar\/073c0153e350a5005b68eb752b445fea71f6b24a26da9449ad7e155e6b446c9d?s=96&d=mm&r=g","caption":"Ralf Ittermann"},"givenName":"Ralf","familyName":"Ittermann","jobTitle":"Gesch\u00e4ftsf\u00fchrer und redaktioneller Verantwortlicher","url":"https:\/\/iwell-guard.com\/ca\/author\/claude\/","description":"Ralf Ittermann ist Gesch\u00e4ftsf\u00fchrer der Ittermann electronic GmbH und redaktioneller Verantwortlicher des iWell-Guard-Lexikons. Er verbindet langj\u00e4hrige Erfahrung in der Pr\u00e4zisionsfertigung mit medialer Praxis und religionsgeschichtlicher Quellenarbeit.","worksFor":{"@type":"Organization","name":"Ittermann electronic GmbH","url":"https:\/\/ittermann.de\/","address":{"@type":"PostalAddress","streetAddress":"K\u00f6hlergasse 16-18","postalCode":"99842","addressLocality":"Ruhla","addressCountry":"DE"}},"knowsAbout":["Religionsgeschichte","Mythologie","Mediale Praxis","Energetische Diagnostik","Schutzpraxis","Volksglauben","Westliche Esoterik"]},{"@type":"Article","@id":"https:\/\/iwell-guard.com\/ca\/baron-samedi\/#article","isPartOf":{"@id":"https:\/\/iwell-guard.com\/ca\/baron-samedi\/"},"author":{"name":"Ralf Ittermann","@id":"https:\/\/iwell-guard.com\/ca\/#\/schema\/person\/ee2a27f1cac3406c7c6fb5820cb7349f"},"headline":"Baron Samedi","datePublished":"2026-09-05T15:40:48+00:00","dateModified":"2026-09-05T16:02:18+00:00","mainEntityOfPage":{"@id":"https:\/\/iwell-guard.com\/ca\/baron-samedi\/"},"publisher":{"@id":"https:\/\/iwell-guard.com\/ca\/#organization"},"image":{"@id":"https:\/\/iwell-guard.com\/ca\/baron-samedi\/#primaryimage"},"thumbnailUrl":"https:\/\/iwell-guard.com\/wp-content\/uploads\/2026\/04\/goetter_vodou_baron-samedi.webp","inLanguage":"ca","description":"Baron Samedi, Loa dels morts al Vodou d'Hait\u00ed. Cara de calavera, ofrenes de rom, F\u00e8te Gede i la connexi\u00f3 amb els avantpassats. Pante\u00f3 i simbolisme."}]}},"_links":{"self":[{"href":"https:\/\/iwell-guard.com\/ca\/wp-json\/wp\/v2\/pages\/171606","targetHints":{"allow":["GET"]}}],"collection":[{"href":"https:\/\/iwell-guard.com\/ca\/wp-json\/wp\/v2\/pages"}],"about":[{"href":"https:\/\/iwell-guard.com\/ca\/wp-json\/wp\/v2\/types\/page"}],"author":[{"embeddable":true,"href":"https:\/\/iwell-guard.com\/ca\/wp-json\/wp\/v2\/users\/3"}],"replies":[{"embeddable":true,"href":"https:\/\/iwell-guard.com\/ca\/wp-json\/wp\/v2\/comments?post=171606"}],"version-history":[{"count":0,"href":"https:\/\/iwell-guard.com\/ca\/wp-json\/wp\/v2\/pages\/171606\/revisions"}],"wp:featuredmedia":[{"embeddable":true,"href":"https:\/\/iwell-guard.com\/ca\/wp-json\/wp\/v2\/media\/1772"}],"wp:attachment":[{"href":"https:\/\/iwell-guard.com\/ca\/wp-json\/wp\/v2\/media?parent=171606"}],"wp:term":[{"taxonomy":"category","embeddable":true,"href":"https:\/\/iwell-guard.com\/ca\/wp-json\/wp\/v2\/categories?post=171606"}],"curies":[{"name":"wp","href":"https:\/\/api.w.org\/{rel}","templated":true}]}}