{"id":171602,"date":"2026-09-05T15:40:46","date_gmt":"2026-09-05T15:40:46","guid":{"rendered":"https:\/\/iwell-guard.com\/?page_id=171602"},"modified":"2026-09-05T16:02:13","modified_gmt":"2026-09-05T16:02:13","slug":"marid","status":"publish","type":"page","link":"https:\/\/iwell-guard.com\/ca\/marid\/","title":{"rendered":"Marid"},"content":{"rendered":"\t\t<div data-elementor-type=\"wp-page\" data-elementor-id=\"171602\" class=\"elementor elementor-171602 elementor-2165 elementor-bc-flex-widget\" data-elementor-post-type=\"page\">\n\t\t\t\t<div class=\"elementor-element elementor-element-10fdade e-flex e-con-boxed e-con e-parent\" data-id=\"10fdade\" data-element_type=\"container\" data-e-type=\"container\" data-settings=\"{&quot;background_background&quot;:&quot;classic&quot;}\">\n\t\t\t\t\t<div class=\"e-con-inner\">\n\t\t<div class=\"elementor-element elementor-element-herohlft0 e-flex e-con-boxed e-con e-child\" data-id=\"herohlft0\" data-element_type=\"container\" data-e-type=\"container\">\n\t\t\t\t\t<div class=\"e-con-inner\">\n\t\t<div class=\"elementor-element elementor-element-c3ceb64 e-con-full e-flex e-con e-child\" data-id=\"c3ceb64\" data-element_type=\"container\" data-e-type=\"container\">\n\t\t\t\t<div class=\"elementor-element elementor-element-96ae5e1 elementor-widget elementor-widget-heading\" data-id=\"96ae5e1\" data-element_type=\"widget\" data-e-type=\"widget\" data-widget_type=\"heading.default\">\n\t\t\t\t\t<h1 class=\"elementor-heading-title elementor-size-default\">Marid, dimoni de la tradici\u00f3 isl\u00e0mica<\/h1>\t\t\t\t<\/div>\n\t\t\t\t<div class=\"elementor-element elementor-element-e45238a elementor-widget elementor-widget-text-editor\" data-id=\"e45238a\" data-element_type=\"widget\" data-e-type=\"widget\" data-widget_type=\"text-editor.default\">\n\t\t\t\t\t\t\t\t\t<p>Marid \u00e9s el <span class=\"iwg-fachbegriff\" data-tooltip=\"\u00c9sser espiritual al qual s'atribueix un efecte nociu o ambivalent.\" tabindex=\"0\">dimoni<\/span> de la tradici\u00f3 isl\u00e0mica, un djinn rebel d&#8217;una for\u00e7a extraordin\u00e0ria i naturalesa advers\u00e0ria. La seva import\u00e0ncia en l&#8217;estudi de les religions rau en la seva representaci\u00f3 de la independ\u00e8ncia c\u00f2smica fora de l&#8217;ordre div\u00ed, en la demonologia com a for\u00e7a maligna i en el <span class=\"iwg-fachbegriff\" data-tooltip=\"Corrent religi\u00f3s centrat en l'experi\u00e8ncia directa de D\u00e9u.\" tabindex=\"0\">misticisme<\/span> suf\u00ed com a prova de temptaci\u00f3 (Fitna) per als creients.<\/p>\t\t\t\t\t\t\t\t<\/div>\n\t\t\t\t<\/div>\n\t\t<div class=\"elementor-element elementor-element-klsbdg01 e-con-full e-flex e-con e-parent\" data-id=\"klsbdg01\" data-element_type=\"container\" data-e-type=\"container\">\n\t\t\t\t<div class=\"elementor-element elementor-element-klshtm01 elementor-widget elementor-widget-html\" data-id=\"klshtm01\" data-element_type=\"widget\" data-e-type=\"widget\" data-widget_type=\"html.default\">\n\t\t\t\t\t<div class=\"iwg-pill-row\"><span class=\"iwg-klasse-badge\" tabindex=\"0\" data-tooltip=\"Dimoni: \u00c9sser sobrenatural amb un efecte majorit\u00e0riament perjudicial o ambivalent. Se situa entre els d\u00e9us i els humans, provoca malaltia, temptaci\u00f3 o infortuni, i s'allunya mitjan\u00e7ant conjurs, amulets apotropaics i rituals.\">Dimoni<\/span><a href=\"https:\/\/iwell-guard.com\/ca\/?page_id=171365\" class=\"iwg-kultur-badge\" tabindex=\"0\" data-tooltip=\"M\u00f3n de creences isl\u00e0mic amb arc\u00e0ngels, jinn i \u00e9ssers religiosos.\">Islam<\/a><\/div>\t\t\t\t<\/div>\n\t\t\t\t<\/div>\n\t\t<div class=\"elementor-element elementor-element-3f74855 e-con-full e-flex e-con e-child\" data-id=\"3f74855\" data-element_type=\"container\" data-e-type=\"container\">\n\t\t\t\t<div class=\"elementor-element elementor-element-1c30362 elementor-toc--minimized-on-tablet elementor-widget elementor-widget-table-of-contents\" data-id=\"1c30362\" data-element_type=\"widget\" data-e-type=\"widget\" data-settings=\"{&quot;exclude_headings_by_selector&quot;:[],&quot;no_headings_message&quot;:&quot;No s&#039;ha trobat cap encap\\u00e7alament en aquesta p\\u00e0gina.&quot;,&quot;headings_by_tags&quot;:[&quot;h2&quot;,&quot;h3&quot;],&quot;marker_view&quot;:&quot;bullets&quot;,&quot;minimize_box&quot;:&quot;yes&quot;,&quot;icon&quot;:{&quot;value&quot;:&quot;fas fa-circle&quot;,&quot;library&quot;:&quot;fa-solid&quot;,&quot;rendered_tag&quot;:&quot;&lt;svg class=\\&quot;e-font-icon-svg e-fas-circle\\&quot; viewBox=\\&quot;0 0 512 512\\&quot; xmlns=\\&quot;http:\\\/\\\/www.w3.org\\\/2000\\\/svg\\&quot;&gt;&lt;path d=\\&quot;M256 8C119 8 8 119 8 256s111 248 248 248 248-111 248-248S393 8 256 8z\\&quot;&gt;&lt;\\\/path&gt;&lt;\\\/svg&gt;&quot;},&quot;minimized_on&quot;:&quot;tablet&quot;,&quot;hierarchical_view&quot;:&quot;yes&quot;,&quot;min_height&quot;:{&quot;unit&quot;:&quot;px&quot;,&quot;size&quot;:&quot;&quot;,&quot;sizes&quot;:[]},&quot;min_height_tablet&quot;:{&quot;unit&quot;:&quot;px&quot;,&quot;size&quot;:&quot;&quot;,&quot;sizes&quot;:[]},&quot;min_height_mobile&quot;:{&quot;unit&quot;:&quot;px&quot;,&quot;size&quot;:&quot;&quot;,&quot;sizes&quot;:[]}}\" data-widget_type=\"table-of-contents.default\">\n\t\t\t\t\t\t\t\t\t<div class=\"elementor-toc__header\">\n\t\t\t\t\t\t<h2 class=\"elementor-toc__header-title\">\n\t\t\t\t\u00cdndex\t\t\t<\/h2>\n\t\t\t\t\t\t\t\t\t\t<div class=\"elementor-toc__toggle-button elementor-toc__toggle-button--expand\" role=\"button\" tabindex=\"0\" aria-controls=\"elementor-toc__1c30362\" aria-expanded=\"true\" aria-label=\"Open table of contents\"><svg aria-hidden=\"true\" class=\"e-font-icon-svg e-fas-chevron-down\" viewBox=\"0 0 448 512\" xmlns=\"http:\/\/www.w3.org\/2000\/svg\"><path d=\"M207.029 381.476L12.686 187.132c-9.373-9.373-9.373-24.569 0-33.941l22.667-22.667c9.357-9.357 24.522-9.375 33.901-.04L224 284.505l154.745-154.021c9.379-9.335 24.544-9.317 33.901.04l22.667 22.667c9.373 9.373 9.373 24.569 0 33.941L240.971 381.476c-9.373 9.372-24.569 9.372-33.942 0z\"><\/path><\/svg><\/div>\n\t\t\t\t<div class=\"elementor-toc__toggle-button elementor-toc__toggle-button--collapse\" role=\"button\" tabindex=\"0\" aria-controls=\"elementor-toc__1c30362\" aria-expanded=\"true\" aria-label=\"Close table of contents\"><svg aria-hidden=\"true\" class=\"e-font-icon-svg e-fas-chevron-up\" viewBox=\"0 0 448 512\" xmlns=\"http:\/\/www.w3.org\/2000\/svg\"><path d=\"M240.971 130.524l194.343 194.343c9.373 9.373 9.373 24.569 0 33.941l-22.667 22.667c-9.357 9.357-24.522 9.375-33.901.04L224 227.495 69.255 381.516c-9.379 9.335-24.544 9.317-33.901-.04l-22.667-22.667c-9.373-9.373-9.373-24.569 0-33.941L207.03 130.525c9.372-9.373 24.568-9.373 33.941-.001z\"><\/path><\/svg><\/div>\n\t\t\t\t\t<\/div>\n\t\t\t\t<div id=\"elementor-toc__1c30362\" class=\"elementor-toc__body\">\n\t\t\t<div class=\"elementor-toc__spinner-container\">\n\t\t\t\t<svg class=\"elementor-toc__spinner eicon-animation-spin e-font-icon-svg e-eicon-loading\" aria-hidden=\"true\" viewBox=\"0 0 1000 1000\" xmlns=\"http:\/\/www.w3.org\/2000\/svg\"><path d=\"M500 975V858C696 858 858 696 858 500S696 142 500 142 142 304 142 500H25C25 237 238 25 500 25S975 237 975 500 763 975 500 975Z\"><\/path><\/svg>\t\t\t<\/div>\n\t\t<\/div>\n\t\t\t\t\t\t<\/div>\n\t\t\t\t<\/div>\n\t\t\t\t\t<\/div>\n\t\t\t\t<\/div>\n\t\t<div class=\"elementor-element elementor-element-herorght0 e-con-full e-flex e-con e-child\" data-id=\"herorght0\" data-element_type=\"container\" data-e-type=\"container\">\n\t\t\t\t<div class=\"elementor-element elementor-element-heroimg00 iwg-hero-image elementor-widget elementor-widget-image\" data-id=\"heroimg00\" data-element_type=\"widget\" data-e-type=\"widget\" data-widget_type=\"image.default\">\n\t\t\t\t\t\t\t\t\t\t\t\t\t\t\t<img fetchpriority=\"high\" decoding=\"async\" width=\"683\" height=\"1024\" src=\"https:\/\/iwell-guard.com\/wp-content\/uploads\/2026\/04\/goetter_islam_marid-683x1024.webp\" class=\"attachment-large size-large wp-image-173709\" alt=\"Marid - D\u00e9us de la tradici\u00f3 isl\u00e0mica, il\u00b7lustratiu i hist\u00f2ric\" srcset=\"https:\/\/iwell-guard.com\/wp-content\/uploads\/2026\/04\/goetter_islam_marid-683x1024.webp 683w, https:\/\/iwell-guard.com\/wp-content\/uploads\/2026\/04\/goetter_islam_marid-200x300.webp 200w, https:\/\/iwell-guard.com\/wp-content\/uploads\/2026\/04\/goetter_islam_marid-768x1152.webp 768w, https:\/\/iwell-guard.com\/wp-content\/uploads\/2026\/04\/goetter_islam_marid.webp 1024w\" sizes=\"(max-width: 683px) 100vw, 683px\" \/>\t\t\t\t\t\t\t\t\t\t\t\t\t\t\t<\/div>\n\t\t\t\t<\/div>\n\t\t\t\t\t<\/div>\n\t\t\t\t<\/div>\n\t\t<div class=\"elementor-element elementor-element-32917199 e-flex e-con-boxed e-con e-parent\" data-id=\"32917199\" data-element_type=\"container\" data-e-type=\"container\">\n\t\t\t\t\t<div class=\"e-con-inner\">\n\t\t<div class=\"elementor-element elementor-element-26e916cb e-flex e-con-boxed e-con e-child\" data-id=\"26e916cb\" data-element_type=\"container\" data-e-type=\"container\">\n\t\t\t\t\t<div class=\"e-con-inner\">\n\t\t<div class=\"elementor-element elementor-element-253a40d4 e-flex e-con-boxed e-con e-child\" data-id=\"253a40d4\" data-element_type=\"container\" data-e-type=\"container\">\n\t\t\t\t\t<div class=\"e-con-inner\">\n\t\t\t\t<div class=\"elementor-element elementor-element-1200c304 elementor-widget elementor-widget-heading\" data-id=\"1200c304\" data-element_type=\"widget\" data-e-type=\"widget\" data-widget_type=\"heading.default\">\n\t\t\t\t\t<h2 class=\"elementor-heading-title elementor-size-default\">Marid<\/h2>\t\t\t\t<\/div>\n\t\t\t\t<div class=\"elementor-element elementor-element-11758e7f elementor-widget elementor-widget-text-editor\" data-id=\"11758e7f\" data-element_type=\"widget\" data-e-type=\"widget\" data-widget_type=\"text-editor.default\">\n\t\t\t\t\t\t\t\t\t<p>Marid actua com a pr\u00edncep djinn i adversari. Les seves caracter\u00edstiques inclouen una for\u00e7a sobrenatural, rebel\u00b7lia contra l&#8217;ordre de D\u00e9u i capacitat de seducci\u00f3.<\/p><p>Els mites centrals s\u00f3n: els marids en la hist\u00f2ria del tron de l&#8217;ocell (Sura 27:39, 40, on un marid ha de servir Salom\u00f3), el perill que els marids representen per als profetes (hadith), els marids com a caps de djinns rebels sota Iblis (Tafsir), i les tradicions m\u00edstiques de la prova de temptaci\u00f3 en textos suf\u00eds.<\/p>\t\t\t\t\t\t\t\t<\/div>\n\t\t\t\t\t<\/div>\n\t\t\t\t<\/div>\n\t\t<div class=\"elementor-element elementor-element-159dcf9a e-flex e-con-boxed e-con e-child\" data-id=\"159dcf9a\" data-element_type=\"container\" data-e-type=\"container\">\n\t\t\t\t\t<div class=\"e-con-inner\">\n\t\t\t\t<div class=\"elementor-element elementor-element-48cee66f elementor-widget elementor-widget-heading\" data-id=\"48cee66f\" data-element_type=\"widget\" data-e-type=\"widget\" data-widget_type=\"heading.default\">\n\t\t\t\t\t<h2 class=\"elementor-heading-title elementor-size-default\">Resum r\u00e0pid: Marid<\/h2>\t\t\t\t<\/div>\n\t\t\t\t<div class=\"elementor-element elementor-element-3f50d82c elementor-widget elementor-widget-text-editor\" data-id=\"3f50d82c\" data-element_type=\"widget\" data-e-type=\"widget\" data-widget_type=\"text-editor.default\">\n\t\t\t\t\t\t\t\t\t<p>Marid s&#8217;esmenta a l&#8217;Alcor\u00e0 (27:39, un djinn poder\u00f3s, en \u00e0rab: marid) i es desenvolupa en col\u00b7leccions de hadith (Tirmidhi, Ibn Majah). La seva atribuci\u00f3 cronol\u00f2gica es situa en el per\u00edode isl\u00e0mic primerenc (segle VII). L&#8217;estat de la recerca (Schimmel, Hughes, Wild, Schmoldt) documenta els marids com a figura demon\u00edaca destacada en la demonologia isl\u00e0mica i les tradicions m\u00e0giques.<\/p>\t\t\t\t\t\t\t\t<\/div>\n\t\t\t\t\t<\/div>\n\t\t\t\t<\/div>\n\t\t\t\t\t<\/div>\n\t\t\t\t<\/div>\n\t\t\t\t\t<\/div>\n\t\t\t\t<\/div>\n\t\t<div class=\"elementor-element elementor-element-18613602 e-flex e-con-boxed e-con e-parent\" data-id=\"18613602\" data-element_type=\"container\" data-e-type=\"container\">\n\t\t\t\t\t<div class=\"e-con-inner\">\n\t\t\t\t<div class=\"elementor-element elementor-element-262b8a9f elementor-widget elementor-widget-heading\" data-id=\"262b8a9f\" data-element_type=\"widget\" data-e-type=\"widget\" data-widget_type=\"heading.default\">\n\t\t\t\t\t<h2 class=\"elementor-heading-title elementor-size-default\">Introducci\u00f3<\/h2>\t\t\t\t<\/div>\n\t\t<div class=\"elementor-element elementor-element-46dcb7d e-con-full e-flex e-con e-child\" data-id=\"46dcb7d\" data-element_type=\"container\" data-e-type=\"container\">\n\t\t<div class=\"elementor-element elementor-element-61d3ab3 e-flex e-con-boxed e-con e-child\" data-id=\"61d3ab3\" data-element_type=\"container\" data-e-type=\"container\">\n\t\t\t\t\t<div class=\"e-con-inner\">\n\t\t\t\t<div class=\"elementor-element elementor-element-117c166 elementor-widget elementor-widget-heading\" data-id=\"117c166\" data-element_type=\"widget\" data-e-type=\"widget\" data-widget_type=\"heading.default\">\n\t\t\t\t\t<h3 class=\"elementor-heading-title elementor-size-default\">Per\u00edode dels textos<\/h3>\t\t\t\t<\/div>\n\t\t\t\t<div class=\"elementor-element elementor-element-73997a0 elementor-widget elementor-widget-text-editor\" data-id=\"73997a0\" data-element_type=\"widget\" data-e-type=\"widget\" data-widget_type=\"text-editor.default\">\n\t\t\t\t\t\t\t\t\t<p>La continu\u00eftat \u00e9s notable i mostra un arrelament cultural profund. Fins i tot en temps moderns el record roman viu, sovint transformat, per\u00f2 reconeixible en els seus trets essencials. El conjunt mostra estabilitat i una import\u00e0ncia continuada al llarg de generacions i segles, la qual cosa subratlla la profunditat arquet\u00edpica d&#8217;aquesta figura.<\/p><h3>Classificaci\u00f3 mitol\u00f2gica<\/h3><p>Marid \u00e9s una classe de dimonis o djinns poderosos en la <span class=\"iwg-fachbegriff\" data-tooltip=\"El conjunt de relats divins transmesos per una cultura.\" tabindex=\"0\">mitologia<\/span> isl\u00e0mica. Els marids s\u00f3n una de les esp\u00e8cies de djinns m\u00e9s fortes i perilloses. Sovint s&#8217;esmenten com a adversaris o servents for\u00e7ats. La seva posici\u00f3 \u00e9s ambivalent: criatures de foc, lliures i poderoses.<\/p>\t\t\t\t\t\t\t\t<\/div>\n\t\t\t\t\t<\/div>\n\t\t\t\t<\/div>\n\t\t<div class=\"elementor-element elementor-element-d47b156 e-flex e-con-boxed e-con e-child\" data-id=\"d47b156\" data-element_type=\"container\" data-e-type=\"container\">\n\t\t\t\t\t<div class=\"e-con-inner\">\n\t\t\t\t<div class=\"elementor-element elementor-element-ff38c2b elementor-widget elementor-widget-heading\" data-id=\"ff38c2b\" data-element_type=\"widget\" data-e-type=\"widget\" data-widget_type=\"heading.default\">\n\t\t\t\t\t<h3 class=\"elementor-heading-title elementor-size-default\">\u00c0rea de difusi\u00f3<\/h3>\t\t\t\t<\/div>\n\t\t\t\t<div class=\"elementor-element elementor-element-4e49fcc elementor-widget elementor-widget-text-editor\" data-id=\"4e49fcc\" data-element_type=\"widget\" data-e-type=\"widget\" data-widget_type=\"text-editor.default\">\n\t\t\t\t\t\t\t\t\t<p>Marid no es limitava a regions concretes, sin\u00f3 que era conegut i venerat universalment al m\u00f3n isl\u00e0mic. Tant en centres urbans com en zones rurals, tant entre l&#8217;elit com entre la gent senzilla, la seva import\u00e0ncia espiritual era reconeguda i respectada de manera constant.<\/p><p>Aix\u00f2 mostra el seu paper central en l&#8217;autocomprensi\u00f3 cultural. El comer\u00e7, la migraci\u00f3 i els intercanvis culturals van difondre i estabilitzar la seva veneraci\u00f3, el que va donar lloc a una representaci\u00f3 sorprenentment uniforme al llarg de grans espais geogr\u00e0fics i temporals.<\/p>\t\t\t\t\t\t\t\t<\/div>\n\t\t\t\t\t<\/div>\n\t\t\t\t<\/div>\n\t\t\t\t<\/div>\n\t\t<div class=\"elementor-element elementor-element-db03c39 e-con-full e-flex e-con e-child\" data-id=\"db03c39\" data-element_type=\"container\" data-e-type=\"container\">\n\t\t<div class=\"elementor-element elementor-element-229a87b e-flex e-con-boxed e-con e-child\" data-id=\"229a87b\" data-element_type=\"container\" data-e-type=\"container\">\n\t\t\t\t\t<div class=\"e-con-inner\">\n\t\t\t\t<div class=\"elementor-element elementor-element-1f471fc elementor-widget elementor-widget-heading\" data-id=\"1f471fc\" data-element_type=\"widget\" data-e-type=\"widget\" data-widget_type=\"heading.default\">\n\t\t\t\t\t<h3 class=\"elementor-heading-title elementor-size-default\">Estat de les fonts<\/h3>\t\t\t\t<\/div>\n\t\t\t\t<div class=\"elementor-element elementor-element-36b1201 elementor-widget elementor-widget-text-editor\" data-id=\"36b1201\" data-element_type=\"widget\" data-e-type=\"widget\" data-widget_type=\"text-editor.default\">\n\t\t\t\t\t\t\t\t\t<p>Les fonts prim\u00e0ries s\u00f3n l&#8217;Alcor\u00e0 (27:39 esmenta el marid; 27:17, 44 relat del tron de l&#8217;ocell amb la capacitat dels djinns, en \u00e0rab, segle VII), col\u00b7leccions de hadith (Jami&#8217; at-Tirmidhi, Sunan Ibn Majah, en \u00e0rab), obres de tafsir (Tabari sobre la Sura 27:39, Ibn Kathir) i literatura m\u00e0gica (Kitab al-Ghayb, Shams al-Ma&#8217;arif, en \u00e0rab, segle XIII).<\/p><p>Com a fonts secund\u00e0ries, Schimmel (Mystical Dimensions), Hughes (Dictionary of Islam), Wild (Islamic Demonology) i McLeod (Judeo-Islamic Angelology) han analitzat el paper del marid com a poder demon\u00edac temut.<\/p>\t\t\t\t\t\t\t\t<\/div>\n\t\t\t\t\t<\/div>\n\t\t\t\t<\/div>\n\t\t\t\t<\/div>\n\t\t\t\t\t<\/div>\n\t\t\t\t<\/div>\n\t\t<div class=\"elementor-element elementor-element-3ae0637c e-flex e-con-boxed e-con e-parent\" data-id=\"3ae0637c\" data-element_type=\"container\" data-e-type=\"container\">\n\t\t\t\t\t<div class=\"e-con-inner\">\n\t\t\t\t<div class=\"elementor-element elementor-element-31d07739 elementor-widget elementor-widget-heading\" data-id=\"31d07739\" data-element_type=\"widget\" data-e-type=\"widget\" data-widget_type=\"heading.default\">\n\t\t\t\t\t<h2 class=\"elementor-heading-title elementor-size-default\">Nom i variants<\/h2>\t\t\t\t<\/div>\n\t\t<div class=\"elementor-element elementor-element-b7642947 e-con-full e-flex e-con e-child\" data-id=\"b7642947\" data-element_type=\"container\" data-e-type=\"container\">\n\t\t\t\t<div class=\"elementor-element elementor-element-a086266 elementor-widget elementor-widget-text-editor\" data-id=\"a086266\" data-element_type=\"widget\" data-e-type=\"widget\" data-widget_type=\"text-editor.default\">\n\t\t\t\t\t\t\t\t\t<p>Marid es representa amb determinats elements iconogr\u00e0fics codificats simb\u00f2licament i carregats de significat profund. Aquests elements transmeten essencialment les funcions, les fonts de poder, l&#8217;\u00e0mbit de compet\u00e8ncia i el paper c\u00f2smic d&#8217;aquesta entitat. El sistema visual permet als iniciats i a les persones cultes recon\u00e8ixer-ne el significat profund.<\/p><p>La tradici\u00f3 descriu el marid amb trets recurrents: una figura gigantesca, la vinculaci\u00f3 amb el mar, i el motiu de l&#8217;esperit confinat en ampolles o recipients, tal com desenvolupen els relats de Les mil i una nits. Ja el mateix Alcor\u00e0, a la sura as-Saffat (37,7), esmenta el sat\u00e0 rebel del qual el cel es protegeix. Aquests trets es van transmetre al llarg de segles i fan que la classe dels marid sigui clarament distingible dins la doctrina dels djinns.<\/p>\t\t\t\t\t\t\t\t<\/div>\n\t\t\t\t<\/div>\n\t\t\t\t\t<\/div>\n\t\t\t\t<\/div>\n\t\t<div class=\"elementor-element elementor-element-709a44a8 e-flex e-con-boxed e-con e-parent\" data-id=\"709a44a8\" data-element_type=\"container\" data-e-type=\"container\">\n\t\t\t\t\t<div class=\"e-con-inner\">\n\t\t\t\t<div class=\"elementor-element elementor-element-2f585873 elementor-widget elementor-widget-heading\" data-id=\"2f585873\" data-element_type=\"widget\" data-e-type=\"widget\" data-widget_type=\"heading.default\">\n\t\t\t\t\t<h2 class=\"elementor-heading-title elementor-size-default\">Descripci\u00f3<\/h2>\t\t\t\t<\/div>\n\t\t<div class=\"elementor-element elementor-element-70621c12 e-con-full e-flex e-con e-child\" data-id=\"70621c12\" data-element_type=\"container\" data-e-type=\"container\">\n\t\t\t\t<div class=\"elementor-element elementor-element-4296eb49 elementor-widget elementor-widget-text-editor\" data-id=\"4296eb49\" data-element_type=\"widget\" data-e-type=\"widget\" data-widget_type=\"text-editor.default\">\n\t\t\t\t\t\t\t\t\t<p>Marid ocupava un lloc central en la pr\u00e0ctica religiosa i la comprensi\u00f3 quotidiana de l&#8217;islam. La gent s&#8217;adre\u00e7ava a aquesta entitat en situacions cr\u00edtiques o en determinades \u00e8poques rituals de l&#8217;any, amb rituals estructurats, preg\u00e0ries o ofrenes. La pr\u00e0ctica es transmetia amb precisi\u00f3 i sovint era dirigida per sacerdots o especialistes.<\/p><p>El tracte amb els marids va formar part durant molt temps del coneixement quotidi\u00e0 al m\u00f3n isl\u00e0mic, perqu\u00e8 es consideraven necess\u00e0ries les mesures de protecci\u00f3. Servien a diversos prop\u00f2sits: la recitaci\u00f3 de l&#8217;Alcor\u00e0 i les f\u00f3rmules de protecci\u00f3 pretenien evitar d&#8217;entrada l&#8217;acc\u00e9s dels djinns rebels, els exorcistes intentaven resoldre plagues existents, i el motiu de confinar-los en un recipient segellat, conegut de Les mil i una nits, mostra l&#8217;intent de control permanent sobre aquesta classe d&#8217;esperits.<\/p><h3>Aparen\u00e7a i simbolisme<\/h3><p>Els marids es representen com a \u00e9ssers enormes i esfere\u00efdors, sovint amb pell negra o roja com el foc i ales. Poden adoptar formes diverses. Els seus ulls cremen com brases. El foc i l&#8217;aire turbulent s\u00f3n els seus s\u00edmbols. Cadenes i segells els mantenen a ratlla.<\/p>\t\t\t\t\t\t\t\t<\/div>\n\t\t\t\t<\/div>\n\t\t\t\t\t<\/div>\n\t\t\t\t<\/div>\n\t\t<div class=\"elementor-element elementor-element-44e71476 e-flex e-con-boxed e-con e-parent\" data-id=\"44e71476\" data-element_type=\"container\" data-e-type=\"container\">\n\t\t\t\t\t<div class=\"e-con-inner\">\n\t\t\t\t<div class=\"elementor-element elementor-element-3c1fc3f0 elementor-widget elementor-widget-heading\" data-id=\"3c1fc3f0\" data-element_type=\"widget\" data-e-type=\"widget\" data-widget_type=\"heading.default\">\n\t\t\t\t\t<h2 class=\"elementor-heading-title elementor-size-default\">Fitxa: Marid<\/h2>\t\t\t\t<\/div>\n\t\t<div class=\"elementor-element elementor-element-84f33b8e e-con-full e-flex e-con e-child\" data-id=\"84f33b8e\" data-element_type=\"container\" data-e-type=\"container\">\n\t\t\t\t<div class=\"elementor-element elementor-element-hqkdc67p elementor-widget elementor-widget-text-editor\" data-id=\"hqkdc67p\" data-element_type=\"widget\" data-e-type=\"widget\" data-widget_type=\"text-editor.default\">\n\t\t\t\t\t\t\t\t\t<p>La fitxa descriu Marid a trav\u00e9s de sis dimensions: el seu origen en les tradicions demonol\u00f2giques cor\u00e0niques i liter\u00e0ries, el seu p\u00fablic entre els creients com a temptaci\u00f3 i poder per als mags, els trets iconogr\u00e0fics de foc i aigua propis de la natura djinn, el seu paper funcional com a adversari i seductor, comparacions amb altres dimonis isl\u00e0mics i no isl\u00e0mics, i el seu paper com a prova (Fitna) en la purificaci\u00f3 m\u00edstica.<\/p>\t\t\t\t\t\t\t\t<\/div>\n\t\t\t\t<\/div>\n\t\t<div class=\"elementor-element elementor-element-pemmx7c5 e-con-full e-flex e-con e-child\" data-id=\"pemmx7c5\" data-element_type=\"container\" data-e-type=\"container\">\n\t\t<div class=\"elementor-element elementor-element-pemmx7c1 e-con-full e-flex e-con e-child\" data-id=\"pemmx7c1\" data-element_type=\"container\" data-e-type=\"container\">\n\t\t<div class=\"elementor-element elementor-element-qh9oavvu iwg-steckbrief-card e-flex e-con-boxed e-con e-child\" data-id=\"qh9oavvu\" data-element_type=\"container\" data-e-type=\"container\">\n\t\t\t\t\t<div class=\"e-con-inner\">\n\t\t\t\t<div class=\"elementor-element elementor-element-awzx8k2k elementor-widget elementor-widget-heading\" data-id=\"awzx8k2k\" data-element_type=\"widget\" data-e-type=\"widget\" data-widget_type=\"heading.default\">\n\t\t\t\t\t<div class=\"elementor-heading-title elementor-size-default\">Context cultural<\/div>\t\t\t\t<\/div>\n\t\t\t\t<div class=\"elementor-element elementor-element-x6rowhv0 elementor-widget elementor-widget-text-editor\" data-id=\"x6rowhv0\" data-element_type=\"widget\" data-e-type=\"widget\" data-widget_type=\"text-editor.default\">\n\t\t\t\t\t\t\t\t\t<p>Marid apareix per primera vegada a l&#8217;Alcor\u00e0 del segle VII, amb arrels en les tradicions \u00e0rabs i sem\u00edtiques dels djinns. El seu origen geogr\u00e0fic se situa a la pen\u00ednsula Ar\u00e0biga, especialment en els deserts i les aig\u00fces com a h\u00e0bitats dels djinns.<\/p><p>La primera menci\u00f3 es data a l&#8217;Alcor\u00e0 27:39 (per\u00edode de la Meca, 610-632 EC). El marc teol\u00f2gic com a classe de djinn rebel es va establir en els comentaris de hadith i els tractats m\u00e0gics (segles XIII-XV).<\/p>\t\t\t\t\t\t\t\t<\/div>\n\t\t\t\t\t<\/div>\n\t\t\t\t<\/div>\n\t\t<div class=\"elementor-element elementor-element-8e3o4kxs iwg-steckbrief-card e-flex e-con-boxed e-con e-child\" data-id=\"8e3o4kxs\" data-element_type=\"container\" data-e-type=\"container\">\n\t\t\t\t\t<div class=\"e-con-inner\">\n\t\t\t\t<div class=\"elementor-element elementor-element-08rkdgov elementor-widget elementor-widget-heading\" data-id=\"08rkdgov\" data-element_type=\"widget\" data-e-type=\"widget\" data-widget_type=\"heading.default\">\n\t\t\t\t\t<div class=\"elementor-heading-title elementor-size-default\">P\u00fablic del marid<\/div>\t\t\t\t<\/div>\n\t\t\t\t<div class=\"elementor-element elementor-element-uwjelx8s elementor-widget elementor-widget-text-editor\" data-id=\"uwjelx8s\" data-element_type=\"widget\" data-e-type=\"widget\" data-widget_type=\"text-editor.default\">\n\t\t\t\t\t\t\t\t\t<p>Marid s&#8217;adre\u00e7ava principalment a persones amb contactes demon\u00edacs o intencions m\u00e0giques. El seu p\u00fablic s\u00f3n els mags (sahirun), els sedu\u00efts (que el marid conquereix), els creients en temps de temptaci\u00f3 i els iniciats m\u00edstics sense prou protecci\u00f3. Les ocasions s\u00f3n les hores nocturnes (temps d&#8217;activitat dels djinns), la solitud, la impuresa (ritual) i la neglig\u00e8ncia respecte al mandat de D\u00e9u. El contacte es produeix m\u00e9s sovint en contra de la voluntat que no pas de manera desitjada.<\/p>\t\t\t\t\t\t\t\t<\/div>\n\t\t\t\t\t<\/div>\n\t\t\t\t<\/div>\n\t\t<div class=\"elementor-element elementor-element-jm2n74ec iwg-steckbrief-card e-flex e-con-boxed e-con e-child\" data-id=\"jm2n74ec\" data-element_type=\"container\" data-e-type=\"container\">\n\t\t\t\t\t<div class=\"e-con-inner\">\n\t\t\t\t<div class=\"elementor-element elementor-element-8vufse4c elementor-widget elementor-widget-heading\" data-id=\"8vufse4c\" data-element_type=\"widget\" data-e-type=\"widget\" data-widget_type=\"heading.default\">\n\t\t\t\t\t<div class=\"elementor-heading-title elementor-size-default\">Aparen\u00e7a<\/div>\t\t\t\t<\/div>\n\t\t\t\t<div class=\"elementor-element elementor-element-mwb9u015 elementor-widget elementor-widget-text-editor\" data-id=\"mwb9u015\" data-element_type=\"widget\" data-e-type=\"widget\" data-widget_type=\"text-editor.default\">\n\t\t\t\t\t\t\t\t\t<p>Marid iconogr\u00e0ficament: figura poderosa i demon\u00edaca amb trets sobrenaturals. Representaci\u00f3 t\u00edpica: gigantesc, encarnant els elements del foc i de l&#8217;aigua, de color negre o vermell, de vegades amb ales, banyes o trets animals. Els seus atributs s\u00f3n cadenes (la lligadura de Salom\u00f3), al\u00e8 de foc i for\u00e7a de l&#8217;aigua. En els contes \u00e0rabs i les descripcions dels djinns: terror\u00edfic, gaireb\u00e9 indomable.<\/p>\t\t\t\t\t\t\t\t<\/div>\n\t\t\t\t\t<\/div>\n\t\t\t\t<\/div>\n\t\t\t\t<\/div>\n\t\t<div class=\"elementor-element elementor-element-pemmx7c2 e-con-full e-flex e-con e-child\" data-id=\"pemmx7c2\" data-element_type=\"container\" data-e-type=\"container\">\n\t\t<div class=\"elementor-element elementor-element-37ss2yr6 iwg-steckbrief-card e-flex e-con-boxed e-con e-child\" data-id=\"37ss2yr6\" data-element_type=\"container\" data-e-type=\"container\">\n\t\t\t\t\t<div class=\"e-con-inner\">\n\t\t\t\t<div class=\"elementor-element elementor-element-3v0wp3wx elementor-widget elementor-widget-heading\" data-id=\"3v0wp3wx\" data-element_type=\"widget\" data-e-type=\"widget\" data-widget_type=\"heading.default\">\n\t\t\t\t\t<div class=\"elementor-heading-title elementor-size-default\">Activitat<\/div>\t\t\t\t<\/div>\n\t\t\t\t<div class=\"elementor-element elementor-element-w3247g2m elementor-widget elementor-widget-text-editor\" data-id=\"w3247g2m\" data-element_type=\"widget\" data-e-type=\"widget\" data-widget_type=\"text-editor.default\">\n\t\t\t\t\t\t\t\t\t<p><strong>\u00c0mbit d&#8217;acci\u00f3:<\/strong> El <em>M\u0101rid<\/em> (\u0645\u0627\u0631\u062f, pl. <em>maraid<\/em>) \u00e9s, en la demonologia isl\u00e0mica cl\u00e0ssica, la classe m\u00e9s poderosa i rebel dels djinns, per sobre de les classes inferiors <em>jinn<\/em> (en sentit estricte), <em>shaitan<\/em>, <em>\u02bfifr\u012bt<\/em> i <em>ghul<\/em>.<\/p><p>Ja l&#8217;Alcor\u00e0 esmenta el M\u0101rid en una f\u00f3rmula de c\u00e0stig (sura 37:7: \u00abHem embellit el cel amb estrelles i l&#8217;hem protegit de tot Satan\u00e0s rebel\/<em>shaitan m\u0101rid<\/em>\u00bb).<\/p><p>Els cicles narratius de les <em>Mil i una nits<\/em>, especialment les hist\u00f2ries sobre Salom\u00f3 (<em>Sulayman<\/em>) i el seu anell segell, atribueixen al M\u0101rid el poder de moure muntanyes, separar mars i apar\u00e8ixer en llocs llunyans.<\/p><p>En la tradici\u00f3 m\u00edstica-ocultista (al-B\u016bn\u012b, <em>Shams al-Ma\u02bf\u0101rif<\/em>, s. XIII), s\u00f3n considerats els \u00e9ssers m\u00e9s alts del m\u00f3n invisible, que nom\u00e9s poden ser lligats mitjan\u00e7ant els noms m\u00e9s poderosos de D\u00e9u i conjurs segellats.<\/p>\t\t\t\t\t\t\t\t<\/div>\n\t\t\t\t\t<\/div>\n\t\t\t\t<\/div>\n\t\t<div class=\"elementor-element elementor-element-0qpjal9w iwg-steckbrief-card e-flex e-con-boxed e-con e-child\" data-id=\"0qpjal9w\" data-element_type=\"container\" data-e-type=\"container\">\n\t\t\t\t\t<div class=\"e-con-inner\">\n\t\t\t\t<div class=\"elementor-element elementor-element-6ndoih0o elementor-widget elementor-widget-heading\" data-id=\"6ndoih0o\" data-element_type=\"widget\" data-e-type=\"widget\" data-widget_type=\"heading.default\">\n\t\t\t\t\t<div class=\"elementor-heading-title elementor-size-default\">Amulets protectors<\/div>\t\t\t\t<\/div>\n\t\t\t\t<div class=\"elementor-element elementor-element-6684tyh9 elementor-widget elementor-widget-text-editor\" data-id=\"6684tyh9\" data-element_type=\"widget\" data-e-type=\"widget\" data-widget_type=\"text-editor.default\">\n\t\t\t\t\t\t\t\t\t<p>El Marid era considerat perjudicial i rebel. Les pr\u00e0ctiques de protecci\u00f3 inclo\u00efen preg\u00e0ries (dua) demanant la protecci\u00f3 d&#8217;Al\u00b7l\u00e0 contra els marids, la recitaci\u00f3 de versos cor\u00e1nics (Ayat al-Kursi, sura 2:255), l&#8217;\u00fas de <span class=\"iwg-fachbegriff\" data-tooltip=\"Un objecte que es porta al qual s'atribueix un efecte protector i d'allunyament del mal.\" tabindex=\"0\">amulets<\/span> protectors amb els noms sagrats d&#8217;Al\u00b7l\u00e0 (taweez) i la purificaci\u00f3 ritual (wudhu).<\/p><p>En la <span class=\"iwg-fachbegriff\" data-tooltip=\"Corrent religi\u00f3s centrat en l'experi\u00e8ncia directa de D\u00e9u.\" tabindex=\"0\">m\u00edstica<\/span> suf\u00ed, els marids eren entesos com una prova (fitna) que el creient havia de superar amb for\u00e7a espiritual. La protecci\u00f3 consistia en la proximitat al manament d&#8217;Al\u00b7l\u00e0 (taqwa).<\/p>\t\t\t\t\t\t\t\t<\/div>\n\t\t\t\t\t<\/div>\n\t\t\t\t<\/div>\n\t\t<div class=\"elementor-element elementor-element-3lfi7x32 iwg-steckbrief-card e-flex e-con-boxed e-con e-child\" data-id=\"3lfi7x32\" data-element_type=\"container\" data-e-type=\"container\">\n\t\t\t\t\t<div class=\"e-con-inner\">\n\t\t\t\t<div class=\"elementor-element elementor-element-0kg99ga1 elementor-widget elementor-widget-heading\" data-id=\"0kg99ga1\" data-element_type=\"widget\" data-e-type=\"widget\" data-widget_type=\"heading.default\">\n\t\t\t\t\t<div class=\"elementor-heading-title elementor-size-default\">Equivalents<\/div>\t\t\t\t<\/div>\n\t\t\t\t<div class=\"elementor-element elementor-element-n0fum6kp elementor-widget elementor-widget-text-editor\" data-id=\"n0fum6kp\" data-element_type=\"widget\" data-e-type=\"widget\" data-widget_type=\"text-editor.default\">\n\t\t\t\t\t\t\t\t\t<p>Figures comparables dins l&#8217;islam: Ibl\u00eds (<span class=\"iwg-fachbegriff\" data-tooltip=\"\u00c9sser espiritual al qual s'atribueix un efecte perjudicial o ambivalent.\" tabindex=\"0\">dimoni<\/span> principal, per\u00f2 amb estatus d&#8217;<span class=\"iwg-fachbegriff\" data-tooltip=\"En les religions abra\u00e0miques, un \u00e9sser missatger celestial de D\u00e9u.\" tabindex=\"0\">\u00e0ngel<\/span> caigut), els shayatin (dimonis en general, per\u00f2 menys poderosos), altres classes de djinns (qarin, afrit). Fora de l&#8217;islam: l&#8217;Azazel jueu (pr\u00edncep <span class=\"iwg-fachbegriff\" data-tooltip=\"\u00c9sser espiritual al qual s'atribueix un efecte perjudicial o ambivalent.\" tabindex=\"0\">demon\u00edac<\/span>), els dimonis cristians (Belzeb\u00fa, Mammona), la mesopot\u00e0mica Lamashtu (dimonessa rebel). La combinaci\u00f3 de for\u00e7a elemental i oposici\u00f3 \u00e9s el que caracteritza el Marid.<\/p>\t\t\t\t\t\t\t\t<\/div>\n\t\t\t\t\t<\/div>\n\t\t\t\t<\/div>\n\t\t\t\t<\/div>\n\t\t\t\t<\/div>\n\t\t\t\t\t<\/div>\n\t\t\t\t<\/div>\n\t\t<div class=\"elementor-element elementor-element-5a584676 e-flex e-con-boxed e-con e-parent\" data-id=\"5a584676\" data-element_type=\"container\" data-e-type=\"container\">\n\t\t\t\t\t<div class=\"e-con-inner\">\n\t\t\t\t<div class=\"elementor-element elementor-element-6d0757bf elementor-widget elementor-widget-heading\" data-id=\"6d0757bf\" data-element_type=\"widget\" data-e-type=\"widget\" data-widget_type=\"heading.default\">\n\t\t\t\t\t<h2 class=\"elementor-heading-title elementor-size-default\">Marid, paral\u00b7lelismes en altres cultures<\/h2>\t\t\t\t<\/div>\n\t\t<div class=\"elementor-element elementor-element-60563f68 e-con-full e-flex e-con e-child\" data-id=\"60563f68\" data-element_type=\"container\" data-e-type=\"container\">\n\t\t\t\t<div class=\"elementor-element elementor-element-5a93fdd6 elementor-widget elementor-widget-text-editor\" data-id=\"5a93fdd6\" data-element_type=\"widget\" data-e-type=\"widget\" data-widget_type=\"text-editor.default\">\n\t\t\t\t\t\t\t\t\t<p>Els marids es compten entre les classes m\u00e9s poderoses de djinns i fan de pont funcional entre els yakshas del m\u00f3n indi i els daimons del m\u00f3n mediterrani de l&#8217;antiguitat tardana. A difer\u00e8ncia dels esperits d&#8217;altres tradicions, sovint unidimensionalment malignes, els marids en la demonologia isl\u00e0mica s\u00f3n ambivalents: poden convertir-se, poden establir pactes i, en la tradici\u00f3 de Salom\u00f3, fins i tot poden ser posats al servei d&#8217;alg\u00fa.<\/p>\n<p><p><strong>Tradici\u00f3 jueva:<\/strong> Paral\u00b7lel jueu: Azazel (pr\u00edncep <span class=\"iwg-fachbegriff\" data-tooltip=\"\u00c9sser espiritual al qual s'atribueix un efecte perjudicial o ambivalent.\" tabindex=\"0\">demon\u00edac<\/span>, cap de turc) o Samael (arc\u00e0ngel demon\u00edac). La difer\u00e8ncia: el Marid \u00e9s per naturalesa un djinn originari, no un \u00e9sser caigut; Samael\/Azazel s\u00f3n \u00e9ssers ang\u00e8lics caiguts. Comparteixen la funci\u00f3 d&#8217;oposici\u00f3.<\/p><p><strong>M\u00f3n grecorom\u00e0:<\/strong> Equivalent grec: Tif\u00f3 (for\u00e7a del caos), els gigants o els titans. La difer\u00e8ncia: aquests s\u00f3n oposants dels d\u00e9us en la cosmogonia; el Marid \u00e9s una for\u00e7a demon\u00edaca quotidiana. M\u00e9s proper: les harpies o les f\u00faries (\u00e9ssers mal\u00e8fics amb control elemental).<\/p><p><strong>Mesopot\u00e0mia:<\/strong> Equivalent mesopot\u00e0mic: Tiamat (<span class=\"iwg-fachbegriff\" data-tooltip=\"\u00c9sser espiritual al qual s'atribueix un efecte perjudicial o ambivalent.\" tabindex=\"0\">dimoni<\/span> del caos, oposant de Marduk), Labartu o Lamashtu (dimonessa rebel). El Marid i aquests poders comparteixen l&#8217;oposici\u00f3 c\u00f2smica i la for\u00e7a elemental. Per\u00f2 el Marid \u00e9s m\u00e9s individual i interactiu.<\/p><p><strong>\u00cdndia\/\u00c0sia:<\/strong> Equivalent indi: els asures (contrapoders demon\u00edacs, hinduisme) o els raksasas (classe de dimonis). Comparteixen la funci\u00f3 d&#8217;oposici\u00f3 i temptaci\u00f3. Paral\u00b7lel budista: els mares o els yakshas demon\u00edacs amb poders sobrenaturals i capacitat de temptaci\u00f3.<\/p>\t\t\t\t\t\t\t\t<\/div>\n\t\t\t\t<\/div>\n\t\t\t\t\t<\/div>\n\t\t\t\t<\/div>\n\t\t<div class=\"elementor-element elementor-element-cp9017bf9 e-flex e-con-boxed e-con e-parent\" data-id=\"cp9017bf9\" data-element_type=\"container\" data-e-type=\"container\">\n\t\t\t\t\t<div class=\"e-con-inner\">\n\t\t\t\t<div class=\"elementor-element elementor-element-cpb1845ef elementor-widget elementor-widget-heading\" data-id=\"cpb1845ef\" data-element_type=\"widget\" data-e-type=\"widget\" data-widget_type=\"heading.default\">\n\t\t\t\t\t<h2 class=\"elementor-heading-title elementor-size-default\">El Marid en la classificaci\u00f3 dels djinns<\/h2>\t\t\t\t<\/div>\n\t\t<div class=\"elementor-element elementor-element-cpb5e4d0b e-con-full e-flex e-con e-child\" data-id=\"cpb5e4d0b\" data-element_type=\"container\" data-e-type=\"container\">\n\t\t\t\t<div class=\"elementor-element elementor-element-cpb1e5b2b elementor-widget elementor-widget-text-editor\" data-id=\"cpb1e5b2b\" data-element_type=\"widget\" data-e-type=\"widget\" data-widget_type=\"text-editor.default\">\n\t\t\t\t\t\t\t\t\t<p>El Marid pertany a l&#8217;ampla classe dels djinns, aquells \u00e9ssers creats de foc sense fum que, en la cosmovisi\u00f3 isl\u00e0mica, se situen entre els \u00e0ngels i els humans. Dins d&#8217;aquesta classe, l&#8217;erudici\u00f3 isl\u00e0mica va intentar establir diversos ordenaments, i en diverses d&#8217;aquestes classificacions el Marid apareix com un subgrup especialment poder\u00f3s.<\/p><p>Una classificaci\u00f3 estesa, encara que no transmesa de manera uniforme, distingeix diversos tipus de djinns segons la seva for\u00e7a i mal\u00edcia. El <em>jinn<\/em> senzill representa el g\u00e8nere en general, l&#8217;<em>\u02bfifrit<\/em> els representants especialment forts i perillosos, el <em>shaytan<\/em> aquells inclinats al mal, i el <em>marid<\/em> els \u00e9ssers m\u00e9s poderosos, sovint descrits com a desafiants i rebels.<\/p><p>La paraula \u00e0rab <em>m\u0101rid<\/em> significa \u00abinsolent\u00bb, \u00abrebel\u00bb, \u00abobstinat\u00bb, i prov\u00e9 d&#8217;una arrel que designa la insubmissi\u00f3 i la resist\u00e8ncia.<\/p><p>Cal destacar que aquesta classificaci\u00f3 no forma part d&#8217;una doctrina fixa de l&#8217;Alcor\u00e0. L&#8217;<em>Alcor\u00e0<\/em> parla dels djinns com una creaci\u00f3 pr\u00f2pia, de la seva capacitat de creure o no creure i de la seva responsabilitat davant D\u00e9u, per\u00f2 no coneix en aquesta forma la subdivisi\u00f3 posterior en <em>\u02bfifrit<\/em>, <em>marid<\/em> i altres tipus.<\/p><p>Aquest ordenament graduat es va desenvolupar nom\u00e9s en la literatura postcor\u00e1nica, en la tradici\u00f3 popular i, sobretot, en la literatura narrativa. El Marid \u00e9s, doncs, menys un objecte de la <span class=\"iwg-fachbegriff\" data-tooltip=\"La doctrina cient\u00edfica sobre D\u00e9u i sobre la fe d'una religi\u00f3.\" tabindex=\"0\">teologia<\/span> que de l&#8217;imaginari popular, on ocupa el rang del djinn m\u00e9s fort i m\u00e9s dif\u00edcil de dominar.<\/p>\t\t\t\t\t\t\t\t<\/div>\n\t\t\t\t<\/div>\n\t\t\t\t\t<\/div>\n\t\t\t\t<\/div>\n\t\t<div class=\"elementor-element elementor-element-cpb11cd64 e-flex e-con-boxed e-con e-parent\" data-id=\"cpb11cd64\" data-element_type=\"container\" data-e-type=\"container\">\n\t\t\t\t\t<div class=\"e-con-inner\">\n\t\t\t\t<div class=\"elementor-element elementor-element-cp2e744d9 elementor-widget elementor-widget-heading\" data-id=\"cp2e744d9\" data-element_type=\"widget\" data-e-type=\"widget\" data-widget_type=\"heading.default\">\n\t\t\t\t\t<h2 class=\"elementor-heading-title elementor-size-default\">El Marid a les Mil i una nits<\/h2>\t\t\t\t<\/div>\n\t\t<div class=\"elementor-element elementor-element-cpc514abc e-con-full e-flex e-con e-child\" data-id=\"cpc514abc\" data-element_type=\"container\" data-e-type=\"container\">\n\t\t\t\t<div class=\"elementor-element elementor-element-cp642390a elementor-widget elementor-widget-text-editor\" data-id=\"cp642390a\" data-element_type=\"widget\" data-e-type=\"widget\" data-widget_type=\"text-editor.default\">\n\t\t\t\t\t\t\t\t\t<p>La seva llar liter\u00e0ria m\u00e9s coneguda, el m\u0101rid la t\u00e9 a la col\u00b7lecci\u00f3 <em>Les mil i una nits<\/em>, aquell corpus de narracions \u00e0rabs crescut al llarg de segles.<\/p><p>All\u00e0 apareixen djinns de tota mena, i el m\u0101rid es presenta com el m\u00e9s poder\u00f3s d&#8217;entre ells, sovint de mida colossal, amb forces sobrehumanes i la capacitat de rec\u00f3rrer grans dist\u00e0ncies en molt poc temps o d&#8217;aixecar tota mena de construccions.<\/p><p>Caracter\u00edstica d&#8217;aquestes narracions \u00e9s la relaci\u00f3 entre el m\u0101rid i un interlocutor hum\u00e0. En moltes hist\u00f2ries, el poder\u00f3s djinn est\u00e0 vinculat a un objecte, un anell, una ll\u00e0ntia, una ampolla o un segell, i ha de servir a qui posseeix aquest objecte o coneix la f\u00f3rmula adequada.<\/p><p>La tensi\u00f3 d&#8217;aquestes narracions viu del desnivell entre el poder immens d&#8217;aquest \u00e9sser i la seva servitud for\u00e7ada. El m\u0101rid pot complir desitjos, per\u00f2 \u00e9s alhora perill\u00f3s, perqu\u00e8 pot executar les ordres al peu de la lletra i no segons la intenci\u00f3 de qui les formula.<\/p><p>La recerca sobre la literatura narrativa subratlla que <em>Les mil i una nits<\/em> no \u00e9s cap manual religi\u00f3s, sin\u00f3 literatura d&#8217;entreteniment que recull idees religioses i les elabora lliurement. Per tant, el m\u0101rid d&#8217;aquestes narracions no es pot equiparar sense m\u00e9s al m\u0101rid de la concepci\u00f3 teol\u00f2gica o de la religiositat popular.<\/p><p>Tot i aix\u00f2, ha sigut precisament la figura liter\u00e0ria la que m\u00e9s ha marcat la percepci\u00f3 posterior. A trav\u00e9s de les traduccions europees des del segle divuit, la imatge de l&#8217;esperit vinculat a una ll\u00e0ntia que compleix desitjos es va fer coneguda arreu del m\u00f3n i es va desprendre del seu context original dins l&#8217;<a href=\"https:\/\/iwell-guard.com\/ca\/?page_id=171365\">univers de creences isl\u00e0mic<\/a>.<\/p>\t\t\t\t\t\t\t\t<\/div>\n\t\t\t\t<\/div>\n\t\t\t\t\t<\/div>\n\t\t\t\t<\/div>\n\t\t<div class=\"elementor-element elementor-element-cp65a8e75 e-flex e-con-boxed e-con e-parent\" data-id=\"cp65a8e75\" data-element_type=\"container\" data-e-type=\"container\">\n\t\t\t\t\t<div class=\"e-con-inner\">\n\t\t\t\t<div class=\"elementor-element elementor-element-cpded7bfc elementor-widget elementor-widget-heading\" data-id=\"cpded7bfc\" data-element_type=\"widget\" data-e-type=\"widget\" data-widget_type=\"heading.default\">\n\t\t\t\t\t<h2 class=\"elementor-heading-title elementor-size-default\">El m\u0101rid en la religiositat popular i la pr\u00e0ctica d'invocaci\u00f3<\/h2>\t\t\t\t<\/div>\n\t\t<div class=\"elementor-element elementor-element-cp71dfbdb e-con-full e-flex e-con e-child\" data-id=\"cp71dfbdb\" data-element_type=\"container\" data-e-type=\"container\">\n\t\t\t\t<div class=\"elementor-element elementor-element-cp2ad8734 elementor-widget elementor-widget-text-editor\" data-id=\"cp2ad8734\" data-element_type=\"widget\" data-e-type=\"widget\" data-widget_type=\"text-editor.default\">\n\t\t\t\t\t\t\t\t\t<p>A banda de la <span class=\"iwg-fachbegriff\" data-tooltip=\"La doctrina cient\u00edfica sobre D\u00e9u i sobre la fe d'una religi\u00f3.\" tabindex=\"0\">teologia<\/span> i la literatura narrativa, hi ha una tercera capa de transmissi\u00f3 en la qual apareix el m\u0101rid: la religiositat popular viscuda i la pr\u00e0ctica m\u00e0gica associada en diverses regions del m\u00f3n isl\u00e0mic. Aqu\u00ed el m\u0101rid forma part d&#8217;un m\u00f3n d&#8217;esperits diferenciat amb el qual la gent compta en la vida quotidiana, sense que aix\u00f2 coincideixi necess\u00e0riament amb la religi\u00f3 erudita.<\/p><p>En aquesta capa, el m\u0101rid es considera el djinn m\u00e9s poder\u00f3s i el m\u00e9s dif\u00edcil de controlar. En algunes regions s&#8217;atribu\u00efen certes malalties, especialment patiments greus, perllongats o sentits com inexplicables, a l&#8217;acci\u00f3 d&#8217;un m\u0101rid.<\/p><p>Tamb\u00e9 en relats sobre la denominada possessi\u00f3, el m\u0101rid apareix com un intr\u00fas especialment persistent, m\u00e9s dif\u00edcil d&#8217;expulsar que un djinn ordinari. Curanders i persones a qui s&#8217;atribu\u00efa experi\u00e8ncia en el tracte amb el m\u00f3n dels esperits es dedicaven a m\u00e8todes per calmar, lligar o fer retirar un <span class=\"iwg-fachbegriff\" data-tooltip=\"Un \u00e9sser incorpori al qual s'atribueix acci\u00f3 en el m\u00f3n.\" tabindex=\"0\">esperit<\/span> d&#8217;aquest tipus.<\/p><p>La recerca en ci\u00e8ncies de la religi\u00f3, per exemple els treballs sobre la concepci\u00f3 dels djinns en l&#8217;islam popular, adverteix aqu\u00ed d&#8217;una doble precauci\u00f3. Primer, les tradicions regionals difereixen considerablement, de manera que no existeix una imatge unit\u00e0ria del m\u0101rid en la religiositat popular. Segon, aquesta pr\u00e0ctica es troba en tensi\u00f3 amb la doctrina isl\u00e0mica normativa, que rebutja majorit\u00e0riament la invocaci\u00f3 d&#8217;esperits i les pr\u00e0ctiques m\u00e0giques.<\/p><p>El m\u0101rid \u00e9s, doncs, un bon exemple de la multiplicitat de la realitat religiosa: la mateixa figura amb prou feines apareix en la <span class=\"iwg-fachbegriff\" data-tooltip=\"La doctrina cient\u00edfica sobre D\u00e9u i sobre la fe d'una religi\u00f3.\" tabindex=\"0\">teologia<\/span>, en la literatura narrativa \u00e9s el gran complidor de desitjos, i en la religiositat popular \u00e9s una pot\u00e8ncia malaltissa temuda. Quina d&#8217;aquestes capes es consideri dep\u00e8n de la font en q\u00fcesti\u00f3, i no es poden traduir sense m\u00e9s les unes en les altres.<\/p>\t\t\t\t\t\t\t\t<\/div>\n\t\t\t\t<\/div>\n\t\t\t\t\t<\/div>\n\t\t\t\t<\/div>\n\t\t<div class=\"elementor-element elementor-element-36dd7469 e-flex e-con-boxed e-con e-parent\" data-id=\"36dd7469\" data-element_type=\"container\" data-e-type=\"container\">\n\t\t\t\t\t<div class=\"e-con-inner\">\n\t\t\t\t<div class=\"elementor-element elementor-element-13760ab4 elementor-widget elementor-widget-heading\" data-id=\"13760ab4\" data-element_type=\"widget\" data-e-type=\"widget\" data-widget_type=\"heading.default\">\n\t\t\t\t\t<h2 class=\"elementor-heading-title elementor-size-default\">Enlla\u00e7os relacionats<\/h2>\t\t\t\t<\/div>\n\t\t<div class=\"elementor-element elementor-element-28c87796 e-con-full e-flex e-con e-child\" data-id=\"28c87796\" data-element_type=\"container\" data-e-type=\"container\">\n\t\t\t\t<div class=\"elementor-element elementor-element-5d6538df elementor-widget elementor-widget-text-editor\" data-id=\"5d6538df\" data-element_type=\"widget\" data-e-type=\"widget\" data-widget_type=\"text-editor.default\">\n\t\t\t\t\t\t\t\t\t<ul><li><a href=\"https:\/\/iwell-guard.com\/ca\/?page_id=171378\">Ghul, classe de djinn inferior<\/a><\/li><li><a href=\"https:\/\/iwell-guard.com\/ca\/?page_id=171377\">\u02bfIfr\u012bt, classe de djinn poderosa i emparentada<\/a><\/li><li><a href=\"https:\/\/iwell-guard.com\/ca\/?page_id=171376\">Shayatin, parents sat\u00e0nics dels djinns<\/a><\/li><li><a href=\"https:\/\/iwell-guard.com\/ca\/?page_id=171365\">Tradici\u00f3 isl\u00e0mica, context general<\/a><\/li><\/ul>\t\t\t\t\t\t\t\t<\/div>\n\t\t\t\t<\/div>\n\t\t\t\t\t<\/div>\n\t\t\t\t<\/div>\n\t\t<div class=\"elementor-element elementor-element-grl4kl40 e-flex e-con-boxed e-con e-parent\" data-id=\"grl4kl40\" data-element_type=\"container\" data-e-type=\"container\">\n\t\t\t\t\t<div class=\"e-con-inner\">\n\t\t\t\t<div class=\"elementor-element elementor-element-bzsbfrmh elementor-widget elementor-widget-heading\" data-id=\"bzsbfrmh\" data-element_type=\"widget\" data-e-type=\"widget\" data-widget_type=\"heading.default\">\n\t\t\t\t\t<h2 class=\"elementor-heading-title elementor-size-default\">Bibliografia (selecci\u00f3)<\/h2>\t\t\t\t<\/div>\n\t\t<div class=\"elementor-element elementor-element-2c13224a e-con-full e-flex e-con e-child\" data-id=\"2c13224a\" data-element_type=\"container\" data-e-type=\"container\">\n\t\t\t\t<div class=\"elementor-element elementor-element-0eymh9ub elementor-widget elementor-widget-text-editor\" data-id=\"0eymh9ub\" data-element_type=\"widget\" data-e-type=\"widget\" data-widget_type=\"text-editor.default\">\n\t\t\t\t\t\t\t\t\t<footer class=\"iwg-literatur\" data-nosnippet=\"true\"><ul><li><span data-nosnippet>El-Zein, Amira: <em>Islam, Arabs, and the Intelligent World of the Jinn<\/em>. Syracuse UP, Syracuse 2009.<\/span><\/li><li><span data-nosnippet>MacDonald, D. B.: Art. \u201eDjinn\u00bb, a: <em>Encyclopaedia of Islam<\/em>, 2a ed. Brill, Leiden 1965.<\/span><\/li><li><span data-nosnippet>Henninger, Joseph: <em>Geisterglaube bei den vorislamischen Arabern<\/em>. A: <em>Festschrift Paul Schebesta<\/em>, Viena 1963.<\/span><\/li><li>Doutt\u00e9, Edmond: <em><span class=\"iwg-fachbegriff\" data-tooltip=\"Pr\u00e0ctiques que volen intervenir en el curs dels esdeveniments mitjan\u00e7ant accions o f\u00f3rmules especials.\" tabindex=\"0\">Magie<\/span> et religion dans l&#8217;Afrique du Nord<\/em>. Alger 1909.<\/li><li><span data-nosnippet>Lebling, Robert: <em>Legends of the Fire Spirits<\/em>. I.B. Tauris, Londres 2010.<\/span><\/li><li><span data-nosnippet>Burge, Stephen R.: <em>Angels in Islam<\/em>. Routledge, Londres 2012.<\/span><\/li><\/ul><\/footer>\t\t\t\t\t\t\t\t<\/div>\n\t\t\t\t<\/div>\n\t\t\t\t\t<\/div>\n\t\t\t\t<\/div>\n\t\t<div class=\"elementor-element elementor-element-iwgca-marid-sec e-flex e-con-boxed e-con e-parent\" data-id=\"iwgca-marid-sec\" data-element_type=\"container\" data-e-type=\"container\" id=\"iwg-ca-marid\">\n\t\t\t\t\t<div class=\"e-con-inner\">\n\t\t\t\t<div class=\"elementor-element elementor-element-iwgca-marid-te iwg-ca-textwrap elementor-widget elementor-widget-text-editor\" data-id=\"iwgca-marid-te\" data-element_type=\"widget\" data-e-type=\"widget\" data-widget_type=\"text-editor.default\">\n\t\t\t\t\t\t\t\t\t<div data-nosnippet=\"true\"><p class=\"iwg-ca-bridge\">La pr\u00e0ctica de protecci\u00f3 descrita aqu\u00ed \u00e9s una interpretaci\u00f3 cient\u00edfica de tradicions hist\u00f2riques. iWell Guard s&#8217;inscriu en aquesta l\u00ednia cultural d&#8217;objectes de protecci\u00f3 portables i en representa una forma contempor\u00e0nia. <a href=\"\/ueber-iwell-guard\/?utm_source=iwell-guard.com&#038;utm_medium=text-link&#038;utm_campaign=schadwesen-tradition\">M\u00e9s sobre iWell Guard \u2192<\/a><\/p><\/div>\t\t\t\t\t\t\t\t<\/div>\n\t\t\t\t\t<\/div>\n\t\t\t\t<\/div>\n\t\t\t\t<\/div>\n\t\t","protected":false},"excerpt":{"rendered":"","protected":false},"author":3,"featured_media":1745,"parent":0,"menu_order":0,"comment_status":"closed","ping_status":"closed","template":"elementor_header_footer","meta":{"_yoast_wpseo_focuskw":"Marid","_yoast_wpseo_title":"Marid - Djinn d'una for\u00e7a extraordin\u00e0ria","_yoast_wpseo_metadesc":"Marid \u00e9s el llinatge de djinns m\u00e9s poder\u00f3s de la cosmologia popular \u00e0rab. \u00c9ssers fets de foc sense fum, amb poder sobre el temps, els mars i les tempestes.","_yoast_wpseo_meta-robots-noindex":"","_yoast_wpseo_canonical":"","_angie_page":false,"gefaehrdungsstufe":"3","wesen_kultur":"islam","wesen_klasse":"daemonen","footnotes":""},"categories":[],"class_list":["post-171602","page","type-page","status-publish","has-post-thumbnail","hentry"],"yoast_head":"<!-- This site is optimized with the Yoast SEO Premium plugin v27.7 (Yoast SEO v28.3) - https:\/\/yoast.com\/product\/yoast-seo-premium-wordpress\/ -->\n<title>Marid - Djinn d&#039;una for\u00e7a extraordin\u00e0ria<\/title>\n<meta name=\"description\" content=\"Marid \u00e9s el llinatge de djinns m\u00e9s poder\u00f3s de la cosmologia popular \u00e0rab. \u00c9ssers fets de foc sense fum, amb poder sobre el temps, els mars i les tempestes.\" \/>\n<meta name=\"robots\" content=\"index, follow, max-snippet:-1, max-image-preview:large, max-video-preview:-1\" \/>\n<link rel=\"canonical\" href=\"https:\/\/iwell-guard.com\/ca\/marid\/\" \/>\n<meta property=\"og:locale\" content=\"ca_ES\" \/>\n<meta property=\"og:type\" content=\"article\" \/>\n<meta property=\"og:title\" content=\"Marid\" \/>\n<meta property=\"og:description\" content=\"Marid \u00e9s el llinatge de djinns m\u00e9s poder\u00f3s de la cosmologia popular \u00e0rab. \u00c9ssers fets de foc sense fum, amb poder sobre el temps, els mars i les tempestes.\" \/>\n<meta property=\"og:url\" content=\"https:\/\/iwell-guard.com\/ca\/marid\/\" \/>\n<meta property=\"og:site_name\" content=\"iWell Guard\" \/>\n<meta property=\"article:modified_time\" content=\"2026-09-05T16:02:13+00:00\" \/>\n<meta property=\"og:image\" content=\"https:\/\/iwell-guard.com\/wp-content\/uploads\/2026\/04\/goetter_islam_marid.webp\" \/>\n\t<meta property=\"og:image:width\" content=\"1024\" \/>\n\t<meta property=\"og:image:height\" content=\"1536\" \/>\n\t<meta property=\"og:image:type\" content=\"image\/webp\" \/>\n<meta name=\"twitter:card\" content=\"summary_large_image\" \/>\n<script type=\"application\/ld+json\" class=\"yoast-schema-graph\">{\"@context\":\"https:\\\/\\\/schema.org\",\"@graph\":[{\"@type\":\"WebPage\",\"@id\":\"https:\\\/\\\/iwell-guard.com\\\/ca\\\/marid\\\/\",\"url\":\"https:\\\/\\\/iwell-guard.com\\\/ca\\\/marid\\\/\",\"name\":\"Marid - Djinn d'una for\u00e7a extraordin\u00e0ria\",\"isPartOf\":{\"@id\":\"https:\\\/\\\/iwell-guard.com\\\/ca\\\/#website\"},\"primaryImageOfPage\":{\"@id\":\"https:\\\/\\\/iwell-guard.com\\\/ca\\\/marid\\\/#primaryimage\"},\"image\":{\"@id\":\"https:\\\/\\\/iwell-guard.com\\\/ca\\\/marid\\\/#primaryimage\"},\"thumbnailUrl\":\"https:\\\/\\\/iwell-guard.com\\\/wp-content\\\/uploads\\\/2026\\\/04\\\/goetter_islam_marid.webp\",\"datePublished\":\"2026-09-05T15:40:46+00:00\",\"dateModified\":\"2026-09-05T16:02:13+00:00\",\"description\":\"Marid \u00e9s el llinatge de djinns m\u00e9s poder\u00f3s de la cosmologia popular \u00e0rab. \u00c9ssers fets de foc sense fum, amb poder sobre el temps, els mars i les tempestes.\",\"breadcrumb\":{\"@id\":\"https:\\\/\\\/iwell-guard.com\\\/ca\\\/marid\\\/#breadcrumb\"},\"inLanguage\":\"ca\",\"potentialAction\":[{\"@type\":\"ReadAction\",\"target\":[\"https:\\\/\\\/iwell-guard.com\\\/ca\\\/marid\\\/\"]}]},{\"@type\":\"ImageObject\",\"inLanguage\":\"ca\",\"@id\":\"https:\\\/\\\/iwell-guard.com\\\/ca\\\/marid\\\/#primaryimage\",\"url\":\"https:\\\/\\\/iwell-guard.com\\\/wp-content\\\/uploads\\\/2026\\\/04\\\/goetter_islam_marid.webp\",\"contentUrl\":\"https:\\\/\\\/iwell-guard.com\\\/wp-content\\\/uploads\\\/2026\\\/04\\\/goetter_islam_marid.webp\",\"width\":1024,\"height\":1536,\"caption\":\"D\u00e9us de la tradici\u00f3 isl\u00e0mica.\"},{\"@type\":\"BreadcrumbList\",\"@id\":\"https:\\\/\\\/iwell-guard.com\\\/ca\\\/marid\\\/#breadcrumb\",\"itemListElement\":[{\"@type\":\"ListItem\",\"position\":1,\"name\":\"Start\",\"item\":\"https:\\\/\\\/iwell-guard.com\\\/ca\\\/?page_id=171333\"},{\"@type\":\"ListItem\",\"position\":2,\"name\":\"Marid\"}]},{\"@type\":\"WebSite\",\"@id\":\"https:\\\/\\\/iwell-guard.com\\\/ca\\\/#website\",\"url\":\"https:\\\/\\\/iwell-guard.com\\\/ca\\\/\",\"name\":\"iWell Guard\",\"description\":\"Schutz vor dunklen Einfl\u00fcssen\",\"publisher\":{\"@id\":\"https:\\\/\\\/iwell-guard.com\\\/ca\\\/#organization\"},\"potentialAction\":[{\"@type\":\"SearchAction\",\"target\":{\"@type\":\"EntryPoint\",\"urlTemplate\":\"https:\\\/\\\/iwell-guard.com\\\/ca\\\/?s={search_term_string}\"},\"query-input\":{\"@type\":\"PropertyValueSpecification\",\"valueRequired\":true,\"valueName\":\"search_term_string\"}}],\"inLanguage\":\"ca\"},{\"@type\":\"Organization\",\"@id\":\"https:\\\/\\\/iwell-guard.com\\\/ca\\\/#organization\",\"name\":\"Ittermann electronic GmbH\",\"url\":\"https:\\\/\\\/iwell-guard.com\\\/ca\\\/\",\"logo\":{\"@type\":\"ImageObject\",\"inLanguage\":\"ca\",\"@id\":\"https:\\\/\\\/iwell-guard.com\\\/ca\\\/#\\\/schema\\\/logo\\\/image\\\/\",\"url\":\"https:\\\/\\\/iwell-guard.com\\\/wp-content\\\/uploads\\\/2026\\\/05\\\/Ittermann-Logo-1182x237-1.png\",\"contentUrl\":\"https:\\\/\\\/iwell-guard.com\\\/wp-content\\\/uploads\\\/2026\\\/05\\\/Ittermann-Logo-1182x237-1.png\",\"width\":1182,\"height\":237,\"caption\":\"Ittermann electronic GmbH\"},\"image\":{\"@id\":\"https:\\\/\\\/iwell-guard.com\\\/ca\\\/#\\\/schema\\\/logo\\\/image\\\/\"},\"sameAs\":[\"https:\\\/\\\/pantip.com\\\/profile\\\/9367242\",\"https:\\\/\\\/micro.blog\\\/iwellguard\",\"https:\\\/\\\/www.diggerslist.com\\\/iwellguard\\\/about\",\"https:\\\/\\\/skitterphoto.com\\\/photographers\\\/2870314\\\/iwell-guard\",\"https:\\\/\\\/iwellguard.wordpress.com\\\/2026\\\/06\\\/06\\\/iwell-guard\\\/\",\"https:\\\/\\\/hub.docker.com\\\/u\\\/iwellguard\",\"https:\\\/\\\/www.pinterest.com\\\/iwellguard\\\/\",\"https:\\\/\\\/bit.ly\\\/m\\\/iwellguard\",\"https:\\\/\\\/entre-vos-mains.alsace.eu\\\/profiles\\\/iwellguard\\\/activity\",\"https:\\\/\\\/gravatar.com\\\/reallybeded8fd34\",\"https:\\\/\\\/naijamatta.com\\\/iwellguard\",\"https:\\\/\\\/www.goodreads.com\\\/iwellguard\",\"https:\\\/\\\/profile.hatena.ne.jp\\\/iwellguard\\\/\",\"https:\\\/\\\/experiment.com\\\/users\\\/iwellguard\",\"https:\\\/\\\/wakelet.com\\\/@iWellGuard82270\",\"https:\\\/\\\/www.chordie.com\\\/forum\\\/profile.php?id=2555664\",\"https:\\\/\\\/www.instapaper.com\\\/p\\\/17757966\",\"https:\\\/\\\/www.mapleprimes.com\\\/users\\\/iwellguard\",\"https:\\\/\\\/businesslistingplus.com\\\/profile\\\/iwell-guard\\\/\",\"https:\\\/\\\/telegra.ph\\\/iWell-Guard-06-06\",\"https:\\\/\\\/pbase.com\\\/iwellguard\\\/iwellguard\",\"https:\\\/\\\/b.hatena.ne.jp\\\/iwellguard\\\/20260607#bookmark-4788405196491818882\",\"https:\\\/\\\/fliphtml5.com\\\/home\\\/iwellguard\",\"https:\\\/\\\/anyflip.com\\\/homepage\\\/cmiwl#About\",\"https:\\\/\\\/transfur.com\\\/Users\\\/iwellguard\",\"http:\\\/\\\/delphi.larsbo.org\\\/user\\\/iwellguard\",\"https:\\\/\\\/jobs.lajobsportal.org\\\/profiles\\\/8380803-iwell-guard\",\"https:\\\/\\\/md.chaosdorf.de\\\/s\\\/jfbe5SBdJD\",\"https:\\\/\\\/www.lingvolive.com\\\/en-us\\\/profile\\\/9ecaeaca-ce11-4e51-9e71-01d55e2bff36\\\/translations\",\"https:\\\/\\\/www.fitday.com\\\/fitness\\\/forums\\\/members\\\/iwellguard.html\",\"https:\\\/\\\/www.mymeetbook.com\\\/iwellguard\",\"https:\\\/\\\/pxhere.com\\\/en\\\/photographer-me\\\/5040798\",\"https:\\\/\\\/disqus.com\\\/by\\\/iwellguard\\\/about\\\/\",\"https:\\\/\\\/pastelink.net\\\/hjwciqwq\",\"https:\\\/\\\/pubhtml5.com\\\/homepage\\\/scjhn\\\/\",\"https:\\\/\\\/www.bitchute.com\\\/channel\\\/2O2eOKzNqujT\",\"https:\\\/\\\/audiomack.com\\\/iwellguard\"]},{\"@type\":\"Article\",\"@id\":\"https:\\\/\\\/iwell-guard.com\\\/ca\\\/marid\\\/#article\",\"isPartOf\":{\"@id\":\"https:\\\/\\\/iwell-guard.com\\\/ca\\\/marid\\\/\"},\"author\":{\"name\":\"Ralf Ittermann\",\"@id\":\"https:\\\/\\\/iwell-guard.com\\\/ca\\\/#\\\/schema\\\/person\\\/ee2a27f1cac3406c7c6fb5820cb7349f\"},\"headline\":\"Marid\",\"datePublished\":\"2026-09-05T15:40:46+00:00\",\"dateModified\":\"2026-09-05T16:02:13+00:00\",\"mainEntityOfPage\":{\"@id\":\"https:\\\/\\\/iwell-guard.com\\\/ca\\\/marid\\\/\"},\"publisher\":{\"@id\":\"https:\\\/\\\/iwell-guard.com\\\/ca\\\/#organization\"},\"image\":{\"@id\":\"https:\\\/\\\/iwell-guard.com\\\/ca\\\/marid\\\/#primaryimage\"},\"thumbnailUrl\":\"https:\\\/\\\/iwell-guard.com\\\/wp-content\\\/uploads\\\/2026\\\/04\\\/goetter_islam_marid.webp\",\"inLanguage\":\"ca\",\"description\":\"Marid \u00e9s el llinatge de djinns m\u00e9s poder\u00f3s de la cosmologia popular \u00e0rab. \u00c9ssers fets de foc sense fum, amb poder sobre el temps, els mars i les tempestes.\"}]}<\/script>\n<!-- \/ Yoast SEO Premium plugin. -->","yoast_head_json":{"title":"Marid - Djinn d'una for\u00e7a extraordin\u00e0ria","description":"Marid \u00e9s el llinatge de djinns m\u00e9s poder\u00f3s de la cosmologia popular \u00e0rab. \u00c9ssers fets de foc sense fum, amb poder sobre el temps, els mars i les tempestes.","robots":{"index":"index","follow":"follow","max-snippet":"max-snippet:-1","max-image-preview":"max-image-preview:large","max-video-preview":"max-video-preview:-1"},"canonical":"https:\/\/iwell-guard.com\/ca\/marid\/","og_locale":"ca_ES","og_type":"article","og_title":"Marid","og_description":"Marid \u00e9s el llinatge de djinns m\u00e9s poder\u00f3s de la cosmologia popular \u00e0rab. \u00c9ssers fets de foc sense fum, amb poder sobre el temps, els mars i les tempestes.","og_url":"https:\/\/iwell-guard.com\/ca\/marid\/","og_site_name":"iWell Guard","article_modified_time":"2026-09-05T16:02:13+00:00","og_image":[{"width":1024,"height":1536,"url":"https:\/\/iwell-guard.com\/wp-content\/uploads\/2026\/04\/goetter_islam_marid.webp","type":"image\/webp"}],"twitter_card":"summary_large_image","schema":{"@context":"https:\/\/schema.org","@graph":[{"@type":"Article","@id":"https:\/\/iwell-guard.com\/ca\/marid\/#article","isPartOf":{"@id":"https:\/\/iwell-guard.com\/ca\/marid\/"},"author":{"name":"Ralf Ittermann","@id":"https:\/\/iwell-guard.com\/ca\/#\/schema\/person\/ee2a27f1cac3406c7c6fb5820cb7349f"},"headline":"Marid","datePublished":"2026-09-05T15:40:46+00:00","dateModified":"2026-09-05T16:02:13+00:00","mainEntityOfPage":{"@id":"https:\/\/iwell-guard.com\/ca\/marid\/"},"publisher":{"@id":"https:\/\/iwell-guard.com\/ca\/#organization"},"image":{"@id":"https:\/\/iwell-guard.com\/ca\/marid\/#primaryimage"},"thumbnailUrl":"https:\/\/iwell-guard.com\/wp-content\/uploads\/2026\/04\/goetter_islam_marid.webp","inLanguage":"ca","description":"Marid \u00e9s el llinatge de djinns m\u00e9s poder\u00f3s de la cosmologia popular \u00e0rab. \u00c9ssers fets de foc sense fum, amb poder sobre el temps, els mars i les tempestes."},{"@type":"WebPage","@id":"https:\/\/iwell-guard.com\/ca\/marid\/","url":"https:\/\/iwell-guard.com\/ca\/marid\/","name":"Marid - Djinn d'una for\u00e7a extraordin\u00e0ria","isPartOf":{"@id":"https:\/\/iwell-guard.com\/ca\/#website"},"primaryImageOfPage":{"@id":"https:\/\/iwell-guard.com\/ca\/marid\/#primaryimage"},"image":{"@id":"https:\/\/iwell-guard.com\/ca\/marid\/#primaryimage"},"thumbnailUrl":"https:\/\/iwell-guard.com\/wp-content\/uploads\/2026\/04\/goetter_islam_marid.webp","datePublished":"2026-09-05T15:40:46+00:00","dateModified":"2026-09-05T16:02:13+00:00","description":"Marid \u00e9s el llinatge de djinns m\u00e9s poder\u00f3s de la cosmologia popular \u00e0rab. \u00c9ssers fets de foc sense fum, amb poder sobre el temps, els mars i les tempestes.","breadcrumb":{"@id":"https:\/\/iwell-guard.com\/ca\/marid\/#breadcrumb"},"inLanguage":"ca","potentialAction":[{"@type":"ReadAction","target":["https:\/\/iwell-guard.com\/ca\/marid\/"]}]},{"@type":"ImageObject","inLanguage":"ca","@id":"https:\/\/iwell-guard.com\/ca\/marid\/#primaryimage","url":"https:\/\/iwell-guard.com\/wp-content\/uploads\/2026\/04\/goetter_islam_marid.webp","contentUrl":"https:\/\/iwell-guard.com\/wp-content\/uploads\/2026\/04\/goetter_islam_marid.webp","width":1024,"height":1536,"caption":"D\u00e9us de la tradici\u00f3 isl\u00e0mica."},{"@type":"BreadcrumbList","@id":"https:\/\/iwell-guard.com\/ca\/marid\/#breadcrumb","itemListElement":[{"@type":"ListItem","position":1,"name":"Start","item":"https:\/\/iwell-guard.com\/ca\/?page_id=171333"},{"@type":"ListItem","position":2,"name":"Marid"}]},{"@type":"WebSite","@id":"https:\/\/iwell-guard.com\/ca\/#website","url":"https:\/\/iwell-guard.com\/ca\/","name":"iWell Guard","description":"Schutz vor dunklen Einfl\u00fcssen","publisher":{"@id":"https:\/\/iwell-guard.com\/ca\/#organization"},"potentialAction":[{"@type":"SearchAction","target":{"@type":"EntryPoint","urlTemplate":"https:\/\/iwell-guard.com\/ca\/?s={search_term_string}"},"query-input":{"@type":"PropertyValueSpecification","valueRequired":true,"valueName":"search_term_string"}}],"inLanguage":"ca"},{"@type":"Organization","@id":"https:\/\/iwell-guard.com\/ca\/#organization","name":"Ittermann electronic GmbH","url":"https:\/\/iwell-guard.com\/ca\/","logo":{"@type":"ImageObject","inLanguage":"ca","@id":"https:\/\/iwell-guard.com\/ca\/#\/schema\/logo\/image\/","url":"https:\/\/iwell-guard.com\/wp-content\/uploads\/2026\/05\/Ittermann-Logo-1182x237-1.png","contentUrl":"https:\/\/iwell-guard.com\/wp-content\/uploads\/2026\/05\/Ittermann-Logo-1182x237-1.png","width":1182,"height":237,"caption":"Ittermann electronic GmbH"},"image":{"@id":"https:\/\/iwell-guard.com\/ca\/#\/schema\/logo\/image\/"},"sameAs":["https:\/\/pantip.com\/profile\/9367242","https:\/\/micro.blog\/iwellguard","https:\/\/www.diggerslist.com\/iwellguard\/about","https:\/\/skitterphoto.com\/photographers\/2870314\/iwell-guard","https:\/\/iwellguard.wordpress.com\/2026\/06\/06\/iwell-guard\/","https:\/\/hub.docker.com\/u\/iwellguard","https:\/\/www.pinterest.com\/iwellguard\/","https:\/\/bit.ly\/m\/iwellguard","https:\/\/entre-vos-mains.alsace.eu\/profiles\/iwellguard\/activity","https:\/\/gravatar.com\/reallybeded8fd34","https:\/\/naijamatta.com\/iwellguard","https:\/\/www.goodreads.com\/iwellguard","https:\/\/profile.hatena.ne.jp\/iwellguard\/","https:\/\/experiment.com\/users\/iwellguard","https:\/\/wakelet.com\/@iWellGuard82270","https:\/\/www.chordie.com\/forum\/profile.php?id=2555664","https:\/\/www.instapaper.com\/p\/17757966","https:\/\/www.mapleprimes.com\/users\/iwellguard","https:\/\/businesslistingplus.com\/profile\/iwell-guard\/","https:\/\/telegra.ph\/iWell-Guard-06-06","https:\/\/pbase.com\/iwellguard\/iwellguard","https:\/\/b.hatena.ne.jp\/iwellguard\/20260607#bookmark-4788405196491818882","https:\/\/fliphtml5.com\/home\/iwellguard","https:\/\/anyflip.com\/homepage\/cmiwl#About","https:\/\/transfur.com\/Users\/iwellguard","http:\/\/delphi.larsbo.org\/user\/iwellguard","https:\/\/jobs.lajobsportal.org\/profiles\/8380803-iwell-guard","https:\/\/md.chaosdorf.de\/s\/jfbe5SBdJD","https:\/\/www.lingvolive.com\/en-us\/profile\/9ecaeaca-ce11-4e51-9e71-01d55e2bff36\/translations","https:\/\/www.fitday.com\/fitness\/forums\/members\/iwellguard.html","https:\/\/www.mymeetbook.com\/iwellguard","https:\/\/pxhere.com\/en\/photographer-me\/5040798","https:\/\/disqus.com\/by\/iwellguard\/about\/","https:\/\/pastelink.net\/hjwciqwq","https:\/\/pubhtml5.com\/homepage\/scjhn\/","https:\/\/www.bitchute.com\/channel\/2O2eOKzNqujT","https:\/\/audiomack.com\/iwellguard"]},{"@type":"Person","@id":"https:\/\/iwell-guard.com\/ca\/#\/schema\/person\/ee2a27f1cac3406c7c6fb5820cb7349f","name":"Ralf Ittermann","image":{"@type":"ImageObject","inLanguage":"ca","@id":"https:\/\/secure.gravatar.com\/avatar\/073c0153e350a5005b68eb752b445fea71f6b24a26da9449ad7e155e6b446c9d?s=96&d=mm&r=g","url":"https:\/\/secure.gravatar.com\/avatar\/073c0153e350a5005b68eb752b445fea71f6b24a26da9449ad7e155e6b446c9d?s=96&d=mm&r=g","contentUrl":"https:\/\/secure.gravatar.com\/avatar\/073c0153e350a5005b68eb752b445fea71f6b24a26da9449ad7e155e6b446c9d?s=96&d=mm&r=g","caption":"Ralf Ittermann"},"givenName":"Ralf","familyName":"Ittermann","jobTitle":"Gesch\u00e4ftsf\u00fchrer und redaktioneller Verantwortlicher","url":"https:\/\/iwell-guard.com\/ca\/author\/claude\/","description":"Ralf Ittermann ist Gesch\u00e4ftsf\u00fchrer der Ittermann electronic GmbH und redaktioneller Verantwortlicher des iWell-Guard-Lexikons. Er verbindet langj\u00e4hrige Erfahrung in der Pr\u00e4zisionsfertigung mit medialer Praxis und religionsgeschichtlicher Quellenarbeit.","worksFor":{"@type":"Organization","name":"Ittermann electronic GmbH","url":"https:\/\/ittermann.de\/","address":{"@type":"PostalAddress","streetAddress":"K\u00f6hlergasse 16-18","postalCode":"99842","addressLocality":"Ruhla","addressCountry":"DE"}},"knowsAbout":["Religionsgeschichte","Mythologie","Mediale Praxis","Energetische Diagnostik","Schutzpraxis","Volksglauben","Westliche Esoterik"]},{"@type":"Article","@id":"https:\/\/iwell-guard.com\/ca\/marid\/#article","isPartOf":{"@id":"https:\/\/iwell-guard.com\/ca\/marid\/"},"author":{"name":"Ralf Ittermann","@id":"https:\/\/iwell-guard.com\/ca\/#\/schema\/person\/ee2a27f1cac3406c7c6fb5820cb7349f"},"headline":"Marid","datePublished":"2026-09-05T15:40:46+00:00","dateModified":"2026-09-05T16:02:13+00:00","mainEntityOfPage":{"@id":"https:\/\/iwell-guard.com\/ca\/marid\/"},"publisher":{"@id":"https:\/\/iwell-guard.com\/ca\/#organization"},"image":{"@id":"https:\/\/iwell-guard.com\/ca\/marid\/#primaryimage"},"thumbnailUrl":"https:\/\/iwell-guard.com\/wp-content\/uploads\/2026\/04\/goetter_islam_marid.webp","inLanguage":"ca","description":"Marid \u00e9s el llinatge de djinns m\u00e9s poder\u00f3s de la cosmologia popular \u00e0rab. \u00c9ssers fets de foc sense fum, amb poder sobre el temps, els mars i les tempestes."}]}},"_links":{"self":[{"href":"https:\/\/iwell-guard.com\/ca\/wp-json\/wp\/v2\/pages\/171602","targetHints":{"allow":["GET"]}}],"collection":[{"href":"https:\/\/iwell-guard.com\/ca\/wp-json\/wp\/v2\/pages"}],"about":[{"href":"https:\/\/iwell-guard.com\/ca\/wp-json\/wp\/v2\/types\/page"}],"author":[{"embeddable":true,"href":"https:\/\/iwell-guard.com\/ca\/wp-json\/wp\/v2\/users\/3"}],"replies":[{"embeddable":true,"href":"https:\/\/iwell-guard.com\/ca\/wp-json\/wp\/v2\/comments?post=171602"}],"version-history":[{"count":0,"href":"https:\/\/iwell-guard.com\/ca\/wp-json\/wp\/v2\/pages\/171602\/revisions"}],"wp:featuredmedia":[{"embeddable":true,"href":"https:\/\/iwell-guard.com\/ca\/wp-json\/wp\/v2\/media\/1745"}],"wp:attachment":[{"href":"https:\/\/iwell-guard.com\/ca\/wp-json\/wp\/v2\/media?parent=171602"}],"wp:term":[{"taxonomy":"category","embeddable":true,"href":"https:\/\/iwell-guard.com\/ca\/wp-json\/wp\/v2\/categories?post=171602"}],"curies":[{"name":"wp","href":"https:\/\/api.w.org\/{rel}","templated":true}]}}