{"id":171598,"date":"2026-09-05T15:40:44","date_gmt":"2026-09-05T15:40:44","guid":{"rendered":"https:\/\/iwell-guard.com\/?page_id=171598"},"modified":"2026-09-05T16:02:06","modified_gmt":"2026-09-05T16:02:06","slug":"harpies","status":"publish","type":"page","link":"https:\/\/iwell-guard.com\/ca\/harpies\/","title":{"rendered":"Harpies"},"content":{"rendered":"\t\t<div data-elementor-type=\"wp-page\" data-elementor-id=\"171598\" class=\"elementor elementor-171598 elementor-2156 elementor-bc-flex-widget\" data-elementor-post-type=\"page\">\n\t\t\t\t<div class=\"elementor-element elementor-element-10fdade e-flex e-con-boxed e-con e-parent\" data-id=\"10fdade\" data-element_type=\"container\" data-e-type=\"container\" data-settings=\"{&quot;background_background&quot;:&quot;classic&quot;}\">\n\t\t\t\t\t<div class=\"e-con-inner\">\n\t\t<div class=\"elementor-element elementor-element-herohlft0 e-flex e-con-boxed e-con e-child\" data-id=\"herohlft0\" data-element_type=\"container\" data-e-type=\"container\">\n\t\t\t\t\t<div class=\"e-con-inner\">\n\t\t<div class=\"elementor-element elementor-element-c3ceb64 e-con-full e-flex e-con e-child\" data-id=\"c3ceb64\" data-element_type=\"container\" data-e-type=\"container\">\n\t\t\t\t<div class=\"elementor-element elementor-element-96ae5e1 elementor-widget elementor-widget-heading\" data-id=\"96ae5e1\" data-element_type=\"widget\" data-e-type=\"widget\" data-widget_type=\"heading.default\">\n\t\t\t\t\t<h1 class=\"elementor-heading-title elementor-size-default\">Harpies, dimoni de la tradici\u00f3 grega<\/h1>\t\t\t\t<\/div>\n\t\t\t\t<div class=\"elementor-element elementor-element-e45238a elementor-widget elementor-widget-text-editor\" data-id=\"e45238a\" data-element_type=\"widget\" data-e-type=\"widget\" data-widget_type=\"text-editor.default\">\n\t\t\t\t\t\t\t\t\t<p>Les Harpies s\u00f3n dimonis de la tradici\u00f3 grega.<\/p><p>\u00c9ssers de la tempesta lladres, dones-ocell amb urpes, missatgeres de la ira i de la plaga. Les Harpies s\u00f3n \u00e9ssers de la tempesta que irrompen sobtadament, roben i desapareixen. S\u00f3n m\u00e9s r\u00e0pides que el vent, inflexibles i cruels. En la llegenda dels argonautes turmenten el vident Fineu, fins que els argonautes les expulsen. No s\u00f3n deesses, sin\u00f3 dimonis, funcions del mal, no personalitats amb profunditat.<\/p>\t\t\t\t\t\t\t\t<\/div>\n\t\t\t\t<\/div>\n\t\t<div class=\"elementor-element elementor-element-klsbdg01 e-con-full e-flex e-con e-parent\" data-id=\"klsbdg01\" data-element_type=\"container\" data-e-type=\"container\">\n\t\t\t\t<div class=\"elementor-element elementor-element-klshtm01 elementor-widget elementor-widget-html\" data-id=\"klshtm01\" data-element_type=\"widget\" data-e-type=\"widget\" data-widget_type=\"html.default\">\n\t\t\t\t\t<div class=\"iwg-pill-row\"><span class=\"iwg-klasse-badge\" tabindex=\"0\" data-tooltip=\"Dimoni: \u00e9sser sobrenatural amb efecte generalment nociu o ambivalent. Se situa entre d\u00e9us i humans, causa malaltia, temptaci\u00f3 o desgr\u00e0cia i s'allunya mitjan\u00e7ant conjurs, apotropaics i rituals.\">Dimoni<\/span><a href=\"https:\/\/iwell-guard.com\/ca\/grecia\/\" class=\"iwg-kultur-badge\" tabindex=\"0\" data-tooltip=\"Religi\u00f3 i mitologia de la Gr\u00e8cia antiga des de l'\u00e8poca mic\u00e8nica fins a l'antiguitat tardana.\">Gr\u00e8cia<\/a><\/div>\t\t\t\t<\/div>\n\t\t\t\t<\/div>\n\t\t<div class=\"elementor-element elementor-element-3f74855 e-con-full e-flex e-con e-child\" data-id=\"3f74855\" data-element_type=\"container\" data-e-type=\"container\">\n\t\t\t\t<div class=\"elementor-element elementor-element-1c30362 elementor-toc--minimized-on-tablet elementor-widget elementor-widget-table-of-contents\" data-id=\"1c30362\" data-element_type=\"widget\" data-e-type=\"widget\" data-settings=\"{&quot;exclude_headings_by_selector&quot;:[],&quot;no_headings_message&quot;:&quot;No s&#039;ha trobat cap encap\\u00e7alament en aquesta p\\u00e0gina.&quot;,&quot;headings_by_tags&quot;:[&quot;h2&quot;,&quot;h3&quot;],&quot;marker_view&quot;:&quot;bullets&quot;,&quot;minimize_box&quot;:&quot;yes&quot;,&quot;icon&quot;:{&quot;value&quot;:&quot;fas fa-circle&quot;,&quot;library&quot;:&quot;fa-solid&quot;,&quot;rendered_tag&quot;:&quot;&lt;svg class=\\&quot;e-font-icon-svg e-fas-circle\\&quot; viewBox=\\&quot;0 0 512 512\\&quot; xmlns=\\&quot;http:\\\/\\\/www.w3.org\\\/2000\\\/svg\\&quot;&gt;&lt;path d=\\&quot;M256 8C119 8 8 119 8 256s111 248 248 248 248-111 248-248S393 8 256 8z\\&quot;&gt;&lt;\\\/path&gt;&lt;\\\/svg&gt;&quot;},&quot;minimized_on&quot;:&quot;tablet&quot;,&quot;hierarchical_view&quot;:&quot;yes&quot;,&quot;min_height&quot;:{&quot;unit&quot;:&quot;px&quot;,&quot;size&quot;:&quot;&quot;,&quot;sizes&quot;:[]},&quot;min_height_tablet&quot;:{&quot;unit&quot;:&quot;px&quot;,&quot;size&quot;:&quot;&quot;,&quot;sizes&quot;:[]},&quot;min_height_mobile&quot;:{&quot;unit&quot;:&quot;px&quot;,&quot;size&quot;:&quot;&quot;,&quot;sizes&quot;:[]}}\" data-widget_type=\"table-of-contents.default\">\n\t\t\t\t\t\t\t\t\t<div class=\"elementor-toc__header\">\n\t\t\t\t\t\t<h2 class=\"elementor-toc__header-title\">\n\t\t\t\t\u00cdndex\t\t\t<\/h2>\n\t\t\t\t\t\t\t\t\t\t<div class=\"elementor-toc__toggle-button elementor-toc__toggle-button--expand\" role=\"button\" tabindex=\"0\" aria-controls=\"elementor-toc__1c30362\" aria-expanded=\"true\" aria-label=\"Open table of contents\"><svg aria-hidden=\"true\" class=\"e-font-icon-svg e-fas-chevron-down\" viewBox=\"0 0 448 512\" xmlns=\"http:\/\/www.w3.org\/2000\/svg\"><path d=\"M207.029 381.476L12.686 187.132c-9.373-9.373-9.373-24.569 0-33.941l22.667-22.667c9.357-9.357 24.522-9.375 33.901-.04L224 284.505l154.745-154.021c9.379-9.335 24.544-9.317 33.901.04l22.667 22.667c9.373 9.373 9.373 24.569 0 33.941L240.971 381.476c-9.373 9.372-24.569 9.372-33.942 0z\"><\/path><\/svg><\/div>\n\t\t\t\t<div class=\"elementor-toc__toggle-button elementor-toc__toggle-button--collapse\" role=\"button\" tabindex=\"0\" aria-controls=\"elementor-toc__1c30362\" aria-expanded=\"true\" aria-label=\"Close table of contents\"><svg aria-hidden=\"true\" class=\"e-font-icon-svg e-fas-chevron-up\" viewBox=\"0 0 448 512\" xmlns=\"http:\/\/www.w3.org\/2000\/svg\"><path d=\"M240.971 130.524l194.343 194.343c9.373 9.373 9.373 24.569 0 33.941l-22.667 22.667c-9.357 9.357-24.522 9.375-33.901.04L224 227.495 69.255 381.516c-9.379 9.335-24.544 9.317-33.901-.04l-22.667-22.667c-9.373-9.373-9.373-24.569 0-33.941L207.03 130.525c9.372-9.373 24.568-9.373 33.941-.001z\"><\/path><\/svg><\/div>\n\t\t\t\t\t<\/div>\n\t\t\t\t<div id=\"elementor-toc__1c30362\" class=\"elementor-toc__body\">\n\t\t\t<div class=\"elementor-toc__spinner-container\">\n\t\t\t\t<svg class=\"elementor-toc__spinner eicon-animation-spin e-font-icon-svg e-eicon-loading\" aria-hidden=\"true\" viewBox=\"0 0 1000 1000\" xmlns=\"http:\/\/www.w3.org\/2000\/svg\"><path d=\"M500 975V858C696 858 858 696 858 500S696 142 500 142 142 304 142 500H25C25 237 238 25 500 25S975 237 975 500 763 975 500 975Z\"><\/path><\/svg>\t\t\t<\/div>\n\t\t<\/div>\n\t\t\t\t\t\t<\/div>\n\t\t\t\t<\/div>\n\t\t\t\t\t<\/div>\n\t\t\t\t<\/div>\n\t\t<div class=\"elementor-element elementor-element-herorght0 e-con-full e-flex e-con e-child\" data-id=\"herorght0\" data-element_type=\"container\" data-e-type=\"container\">\n\t\t\t\t<div class=\"elementor-element elementor-element-heroimg00 iwg-hero-image elementor-widget elementor-widget-image\" data-id=\"heroimg00\" data-element_type=\"widget\" data-e-type=\"widget\" data-widget_type=\"image.default\">\n\t\t\t\t\t\t\t\t\t\t\t\t\t\t\t<img fetchpriority=\"high\" decoding=\"async\" width=\"683\" height=\"1024\" src=\"https:\/\/iwell-guard.com\/wp-content\/uploads\/2026\/04\/daemonen_griechenland_harpyien-683x1024.webp\" class=\"attachment-large size-large wp-image-173878\" alt=\"Harpies - Dimonis de la tradici\u00f3 grega, il\u00b7lustratiu-hist\u00f2ric\" srcset=\"https:\/\/iwell-guard.com\/wp-content\/uploads\/2026\/04\/daemonen_griechenland_harpyien-683x1024.webp 683w, https:\/\/iwell-guard.com\/wp-content\/uploads\/2026\/04\/daemonen_griechenland_harpyien-200x300.webp 200w, https:\/\/iwell-guard.com\/wp-content\/uploads\/2026\/04\/daemonen_griechenland_harpyien-768x1152.webp 768w, https:\/\/iwell-guard.com\/wp-content\/uploads\/2026\/04\/daemonen_griechenland_harpyien.webp 1024w\" sizes=\"(max-width: 683px) 100vw, 683px\" \/>\t\t\t\t\t\t\t\t\t\t\t\t\t\t\t<\/div>\n\t\t\t\t<\/div>\n\t\t\t\t\t<\/div>\n\t\t\t\t<\/div>\n\t\t<div class=\"elementor-element elementor-element-32917199 e-flex e-con-boxed e-con e-parent\" data-id=\"32917199\" data-element_type=\"container\" data-e-type=\"container\">\n\t\t\t\t\t<div class=\"e-con-inner\">\n\t\t<div class=\"elementor-element elementor-element-26e916cb e-flex e-con-boxed e-con e-child\" data-id=\"26e916cb\" data-element_type=\"container\" data-e-type=\"container\">\n\t\t\t\t\t<div class=\"e-con-inner\">\n\t\t<div class=\"elementor-element elementor-element-253a40d4 e-flex e-con-boxed e-con e-child\" data-id=\"253a40d4\" data-element_type=\"container\" data-e-type=\"container\">\n\t\t\t\t\t<div class=\"e-con-inner\">\n\t\t\t\t<div class=\"elementor-element elementor-element-1200c304 elementor-widget elementor-widget-heading\" data-id=\"1200c304\" data-element_type=\"widget\" data-e-type=\"widget\" data-widget_type=\"heading.default\">\n\t\t\t\t\t<h2 class=\"elementor-heading-title elementor-size-default\">Harpies<\/h2>\t\t\t\t<\/div>\n\t\t\t\t<div class=\"elementor-element elementor-element-11758e7f elementor-widget elementor-widget-text-editor\" data-id=\"11758e7f\" data-element_type=\"widget\" data-e-type=\"widget\" data-widget_type=\"text-editor.default\">\n\t\t\t\t\t\t\t\t\t<div><p><strong>Les Harpies en Hes\u00edode i la <span class=\"iwg-fachbegriff\" data-tooltip=\"Concepci\u00f3 sobre l'estructura i l'ordre del m\u00f3n dins d'una cultura.\" tabindex=\"0\">cosmologia<\/span> grega primitiva<\/strong><\/p><p>La <em>Teogonia<\/em> d&#8217;Hes\u00edode anomena les Harpies filles del titan Taumant i de l&#8217;oce\u00e0nida Electra; pertanyen, doncs, a la generaci\u00f3 dels d\u00e9us, per\u00f2 no s\u00f3n ol\u00edmpiques. Hes\u00edode els dona noms: Aello (la r\u00e0pida com el vent de tempesta), Oc\u00edpete (la que vola de pressa) i, en alguns manuscrits, tamb\u00e9 P\u00f2darge (peu r\u00e0pid). Des del principi s\u00f3n concebudes com a \u00e9ssers del vent, no com a simples dones-ocell.<\/p><p>Aquesta ubicaci\u00f3 cosmol\u00f2gica \u00e9s reveladora: les Harpies s\u00f3n m\u00e9s antigues que els ol\u00edmpics i encarnen les forces naturals no domades del cosmos. Segons Hes\u00edode no s\u00f3n mal\u00e8voles, sin\u00f3 que funcionen com a agents del m\u00f3n div\u00ed, especialitzades en el robatori i el despla\u00e7ament r\u00e0pid. La seva genealogia les vincula amb altres pot\u00e8ncies ct\u00f2niques i a\u00e8ries que precedeixen l&#8217;Olimp ordenat.<\/p><\/div>\t\t\t\t\t\t\t\t<\/div>\n\t\t\t\t\t<\/div>\n\t\t\t\t<\/div>\n\t\t<div class=\"elementor-element elementor-element-159dcf9a e-flex e-con-boxed e-con e-child\" data-id=\"159dcf9a\" data-element_type=\"container\" data-e-type=\"container\">\n\t\t\t\t\t<div class=\"e-con-inner\">\n\t\t\t\t<div class=\"elementor-element elementor-element-48cee66f elementor-widget elementor-widget-heading\" data-id=\"48cee66f\" data-element_type=\"widget\" data-e-type=\"widget\" data-widget_type=\"heading.default\">\n\t\t\t\t\t<h2 class=\"elementor-heading-title elementor-size-default\">Fitxa breu: Harpies<\/h2>\t\t\t\t<\/div>\n\t\t\t\t<div class=\"elementor-element elementor-element-3f50d82c elementor-widget elementor-widget-text-editor\" data-id=\"3f50d82c\" data-element_type=\"widget\" data-e-type=\"widget\" data-widget_type=\"text-editor.default\">\n\t\t\t\t\t\t\t\t\t<p><strong>Tipus:<\/strong> \u00c9sser fabul\u00f3s (dones-ocell, h\u00edbrid)<br><strong>Tradici\u00f3:<\/strong> <span class=\"iwg-fachbegriff\" data-tooltip=\"El conjunt de narracions m\u00edtiques transmeses d'una cultura.\" tabindex=\"0\">Mitologia<\/span> grega<br><strong>Classe:<\/strong> Deessa\/<span class=\"iwg-fachbegriff\" data-tooltip=\"\u00c9sser espiritual al qual s'atribueix un efecte nociu o ambivalent.\" tabindex=\"0\">dimoni<\/span> (subdivina)<br><strong>Rol:<\/strong> Deesses c\u00e0stig de Zeus<br><strong>Fonts:<\/strong> Hes\u00edode Teogonia, Homer, \u00c8squil, Apol\u00b7lodor, Ovidi<br><strong>\u00c0mbit d&#8217;acci\u00f3:<\/strong> Aire, aliment, c\u00e0stig div\u00ed, pesta<br><strong>Conflicte principal:<\/strong> Entre la voluntat dels d\u00e9us i el benestar hum\u00e0<\/p>\t\t\t\t\t\t\t\t<\/div>\n\t\t\t\t\t<\/div>\n\t\t\t\t<\/div>\n\t\t\t\t\t<\/div>\n\t\t\t\t<\/div>\n\t\t\t\t\t<\/div>\n\t\t\t\t<\/div>\n\t\t<div class=\"elementor-element elementor-element-18613602 e-flex e-con-boxed e-con e-parent\" data-id=\"18613602\" data-element_type=\"container\" data-e-type=\"container\">\n\t\t\t\t\t<div class=\"e-con-inner\">\n\t\t\t\t<div class=\"elementor-element elementor-element-262b8a9f elementor-widget elementor-widget-heading\" data-id=\"262b8a9f\" data-element_type=\"widget\" data-e-type=\"widget\" data-widget_type=\"heading.default\">\n\t\t\t\t\t<h2 class=\"elementor-heading-title elementor-size-default\">Context<\/h2>\t\t\t\t<\/div>\n\t\t<div class=\"elementor-element elementor-element-46dcb7d e-con-full e-flex e-con e-child\" data-id=\"46dcb7d\" data-element_type=\"container\" data-e-type=\"container\">\n\t\t<div class=\"elementor-element elementor-element-61d3ab3 e-flex e-con-boxed e-con e-child\" data-id=\"61d3ab3\" data-element_type=\"container\" data-e-type=\"container\">\n\t\t\t\t\t<div class=\"e-con-inner\">\n\t\t\t\t<div class=\"elementor-element elementor-element-117c166 elementor-widget elementor-widget-heading\" data-id=\"117c166\" data-element_type=\"widget\" data-e-type=\"widget\" data-widget_type=\"heading.default\">\n\t\t\t\t\t<div class=\"elementor-heading-title elementor-size-default\">Per\u00edode dels textos<\/div>\t\t\t\t<\/div>\n\t\t\t\t<div class=\"elementor-element elementor-element-73997a0 elementor-widget elementor-widget-text-editor\" data-id=\"73997a0\" data-element_type=\"widget\" data-e-type=\"widget\" data-widget_type=\"text-editor.default\">\n\t\t\t\t\t\t\t\t\t<p>La Teogonia d&#8217;Hes\u00edode, cap al 700 aC, anomena les Harpies filles de Taumant i Electra (Aello, Oc\u00edpete). L&#8217;Odissea d&#8217;Homer, I, 240, 245, les presenta com a causants de perdici\u00f3. L&#8217;Orest\u00edada d&#8217;\u00c8squil ho amplia amb una <span class=\"iwg-fachbegriff\" data-tooltip=\"F\u00f3rmula ling\u00fc\u00edstica amb la qual es vol infligir mal a una persona o cosa.\" tabindex=\"0\">maledicci\u00f3<\/span>. Apol\u00b7lodor, segle II dC, i les Metamorfosis d&#8217;Ovidi: episodi dels argonautes.<\/p>\t\t\t\t\t\t\t\t<\/div>\n\t\t\t\t\t<\/div>\n\t\t\t\t<\/div>\n\t\t<div class=\"elementor-element elementor-element-d47b156 e-flex e-con-boxed e-con e-child\" data-id=\"d47b156\" data-element_type=\"container\" data-e-type=\"container\">\n\t\t\t\t\t<div class=\"e-con-inner\">\n\t\t\t\t<div class=\"elementor-element elementor-element-ff38c2b elementor-widget elementor-widget-heading\" data-id=\"ff38c2b\" data-element_type=\"widget\" data-e-type=\"widget\" data-widget_type=\"heading.default\">\n\t\t\t\t\t<div class=\"elementor-heading-title elementor-size-default\">\u00c0rea de difusi\u00f3<\/div>\t\t\t\t<\/div>\n\t\t\t\t<div class=\"elementor-element elementor-element-4e49fcc elementor-widget elementor-widget-text-editor\" data-id=\"4e49fcc\" data-element_type=\"widget\" data-e-type=\"widget\" data-widget_type=\"text-editor.default\">\n\t\t\t\t\t\t\t\t\t<p><strong>\u00c0rea de difusi\u00f3:<\/strong> Tr\u00e0cia i l&#8217;Egeu septentrional (lloc de naixement de Taumant). <span class=\"iwg-fachbegriff\" data-tooltip=\"Un relat transm\u00e8s amb sovint un nucli hist\u00f2ric i trets meravellosos.\" tabindex=\"0\">Llegenda<\/span> dels Argonautes: Prop\u00f2ntida i mar Negre (<span class=\"iwg-fachbegriff\" data-tooltip=\"F\u00f3rmula verbal amb qu\u00e8 es pret\u00e9n causar mal a una persona o cosa.\" tabindex=\"0\">maledicci\u00f3<\/span> de Fineu). Roma: Harpyiae (f\u00faries de l&#8217;aire). Venerades cultualment com a mensatgeres de la ira, m\u00e9s que com a \u00e9ssers individuals.<\/p>\t\t\t\t\t\t\t\t<\/div>\n\t\t\t\t\t<\/div>\n\t\t\t\t<\/div>\n\t\t\t\t<\/div>\n\t\t<div class=\"elementor-element elementor-element-db03c39 e-con-full e-flex e-con e-child\" data-id=\"db03c39\" data-element_type=\"container\" data-e-type=\"container\">\n\t\t<div class=\"elementor-element elementor-element-229a87b e-flex e-con-boxed e-con e-child\" data-id=\"229a87b\" data-element_type=\"container\" data-e-type=\"container\">\n\t\t\t\t\t<div class=\"e-con-inner\">\n\t\t\t\t<div class=\"elementor-element elementor-element-1f471fc elementor-widget elementor-widget-heading\" data-id=\"1f471fc\" data-element_type=\"widget\" data-e-type=\"widget\" data-widget_type=\"heading.default\">\n\t\t\t\t\t<div class=\"elementor-heading-title elementor-size-default\">Estat de les fonts<\/div>\t\t\t\t<\/div>\n\t\t\t\t<div class=\"elementor-element elementor-element-36b1201 elementor-widget elementor-widget-text-editor\" data-id=\"36b1201\" data-element_type=\"widget\" data-e-type=\"widget\" data-widget_type=\"text-editor.default\">\n\t\t\t\t\t\t\t\t\t<p><strong>Fonts prim\u00e0ries:<\/strong><br><em>Hes\u00edode, Teogonia<\/em> 265, 270<br><em>Homer, Odissea<\/em> I, 240, 245<br><em>\u00c8squil, Orest\u00edada<\/em><br><em>Apol\u00b7lodor, Bibliotheca<\/em> I, 9, 21<br><em>Ovidi, Metamorfosis<\/em> III, 209, 258<br><strong>Fonts secund\u00e0ries:<\/strong> Burkert; Bremmer; West; Rohde<\/p>\t\t\t\t\t\t\t\t<\/div>\n\t\t\t\t\t<\/div>\n\t\t\t\t<\/div>\n\t\t\t\t<\/div>\n\t\t\t\t\t<\/div>\n\t\t\t\t<\/div>\n\t\t<div class=\"elementor-element elementor-element-3ae0637c e-flex e-con-boxed e-con e-parent\" data-id=\"3ae0637c\" data-element_type=\"container\" data-e-type=\"container\">\n\t\t\t\t\t<div class=\"e-con-inner\">\n\t\t\t\t<div class=\"elementor-element elementor-element-31d07739 elementor-widget elementor-widget-heading\" data-id=\"31d07739\" data-element_type=\"widget\" data-e-type=\"widget\" data-widget_type=\"heading.default\">\n\t\t\t\t\t<h2 class=\"elementor-heading-title elementor-size-default\">Nom i variants<\/h2>\t\t\t\t<\/div>\n\t\t<div class=\"elementor-element elementor-element-b7642947 e-con-full e-flex e-con e-child\" data-id=\"b7642947\" data-element_type=\"container\" data-e-type=\"container\">\n\t\t\t\t<div class=\"elementor-element elementor-element-a086266 elementor-widget elementor-widget-text-editor\" data-id=\"a086266\" data-element_type=\"widget\" data-e-type=\"widget\" data-widget_type=\"text-editor.default\">\n\t\t\t\t\t\t\t\t\t<p>Les Harpies es representen com a <span class=\"iwg-fachbegriff\" data-tooltip=\"Un \u00e9sser que combina trets de diversos \u00e9ssers vius.\" tabindex=\"0\">\u00e9ssers mixtos<\/span>: cos superior de dona, cos inferior d&#8217;ocell (\u00e0guila o au de presa). Porten urpes esmolades en lloc de mans. De vegades es representen tacades d&#8217;olor pudent o d&#8217;excrement (en l&#8217;episodi de Fineu).<\/p><p>Els seus s\u00edmbols s\u00f3n el robatori, els remolins de vent, la pesta i la velocitat fulminant. Es representen com a agressives, no est\u00e8ticament com les sirenes, sin\u00f3 m\u00e9s b\u00e9 monstruoses i amena\u00e7adores. Ales i urpes dominen la seva iconografia.<\/p>\t\t\t\t\t\t\t\t<\/div>\n\t\t\t\t<\/div>\n\t\t\t\t\t<\/div>\n\t\t\t\t<\/div>\n\t\t<div class=\"elementor-element elementor-element-709a44a8 e-flex e-con-boxed e-con e-parent\" data-id=\"709a44a8\" data-element_type=\"container\" data-e-type=\"container\">\n\t\t\t\t\t<div class=\"e-con-inner\">\n\t\t\t\t<div class=\"elementor-element elementor-element-2f585873 elementor-widget elementor-widget-heading\" data-id=\"2f585873\" data-element_type=\"widget\" data-e-type=\"widget\" data-widget_type=\"heading.default\">\n\t\t\t\t\t<h2 class=\"elementor-heading-title elementor-size-default\">Trets caracter\u00edstics<\/h2>\t\t\t\t<\/div>\n\t\t<div class=\"elementor-element elementor-element-70621c12 e-con-full e-flex e-con e-child\" data-id=\"70621c12\" data-element_type=\"container\" data-e-type=\"container\">\n\t\t\t\t<div class=\"elementor-element elementor-element-4296eb49 elementor-widget elementor-widget-text-editor\" data-id=\"4296eb49\" data-element_type=\"widget\" data-e-type=\"widget\" data-widget_type=\"text-editor.default\">\n\t\t\t\t\t\t\t\t\t<p>Les Harpies no s\u00f3n venerades, sin\u00f3 temudes i combatudes. S\u00f3n instruments de c\u00e0stig: en l&#8217;episodi de Fineu, Zeus o Posid\u00f3 les envia per turmentar Fineu a causa de la seva desobedi\u00e8ncia. S\u00f3n portadores de pesta, dimonis lladres, forces del caos.<\/p><p>Representen forces naturals incontrolables, tempestes que destrueixen la collita, animals que devoren els humans. De vegades treballen per als d\u00e9us (com a instruments de c\u00e0stig), per\u00f2 no tenen agenda pr\u00f2pia m\u00e9s enll\u00e0 del robatori i el caos. Estan per sota d&#8217;altres dimonis, m\u00e9s aviat animals que reflexives.<\/p><p><strong>Aparen\u00e7a i simbolisme<\/strong><\/p><p>Les Harpies es representen com a <span class=\"iwg-fachbegriff\" data-tooltip=\"Un \u00e9sser que combina trets de diversos \u00e9ssers vius.\" tabindex=\"0\">\u00e9ssers mixtos<\/span>, cos superior de dones boniques (de vegades amb ales a les espatlles) i cos inferior o cames d&#8217;\u00e0guila, o de vegades de drac. Porten mans i peus armats amb urpes. Els seus cabells volen salvatgement, els seus ulls brillen amb intenci\u00f3 mal\u00e8vola. De vegades es mostren amb plomes d&#8217;ocell i una lluentor salvatge.<\/p><p>L&#8217;\u00e0guila \u00e9s el seu animal sagrat, o elles mateixes s\u00f3n mig \u00e0guila. Els seus colors s\u00f3n el gris-marr\u00f3 o el vermell fosc, els colors de la decad\u00e8ncia i del robatori. Fan una pudor terrible, un tret central \u00e9s la seva pestil\u00e8ncia, que ho fa malmetre tot. Encarnen l&#8217;aspecte rapinyaire i salvatge de la natura, all\u00f2 que \u00e9s robat, all\u00f2 que \u00e9s arrabassat.<\/p><div><p><strong>Les Harpies en l&#8217;Argon\u00e0utica d&#8217;Apol\u00b7loni de Rodes<\/strong><\/p><p>Apol\u00b7loni de Rodes (segle III aC) descriu en la seva <em>Argon\u00e0utica<\/em> 2.188-300 el fam\u00f3s episodi en qu\u00e8 els argonautes alliberen el rei cec Fineu de les Harpies.<\/p><p>Aquestes Harpies (Aello i Oc\u00edpete) s\u00f3n mal\u00e8voles i destructives: esgarrapen i embruten tot el menjar que Fineu toca. Apol\u00b7loni les descriu com a noies alades amb cos inferior d&#8217;ocell i cos superior hum\u00e0, r\u00e0pides com el vent.<\/p><p>L&#8217;heroi Zetes i el seu germ\u00e0 Cala\u00b7is, ells mateixos alats (fills de B\u00f2reas, el d\u00e9u del vent nord), persegueixen les Harpies pel mar fins a les illes Estr\u00f2fades. Aquesta dramatitzaci\u00f3 liter\u00e0ria ha marcat fortament la iconografia visual: les Harpies es van representar cada vegada m\u00e9s com a dones-ocell en relleus cl\u00e0ssics i pintures de vasos, i menys com a dimonis abstractes del vent.<\/p><\/div>\t\t\t\t\t\t\t\t<\/div>\n\t\t\t\t<\/div>\n\t\t\t\t\t<\/div>\n\t\t\t\t<\/div>\n\t\t<div class=\"elementor-element elementor-element-44e71476 e-flex e-con-boxed e-con e-parent\" data-id=\"44e71476\" data-element_type=\"container\" data-e-type=\"container\">\n\t\t\t\t\t<div class=\"e-con-inner\">\n\t\t\t\t<div class=\"elementor-element elementor-element-3c1fc3f0 elementor-widget elementor-widget-heading\" data-id=\"3c1fc3f0\" data-element_type=\"widget\" data-e-type=\"widget\" data-widget_type=\"heading.default\">\n\t\t\t\t\t<h2 class=\"elementor-heading-title elementor-size-default\">Fitxa: Harpies<\/h2>\t\t\t\t<\/div>\n\t\t<div class=\"elementor-element elementor-element-84f33b8e e-con-full e-flex e-con e-child\" data-id=\"84f33b8e\" data-element_type=\"container\" data-e-type=\"container\">\n\t\t\t\t<div class=\"elementor-element elementor-element-hqkdc67p elementor-widget elementor-widget-text-editor\" data-id=\"hqkdc67p\" data-element_type=\"widget\" data-e-type=\"widget\" data-widget_type=\"text-editor.default\">\n\t\t\t\t\t\t\t\t\t<p>Les harpies s\u00f3n d\u00e8mons femenins de la tempesta de la mitologia grega, meitat dona, meitat ocell, el nom de les quals prov\u00e9 del mot grec que significa robar. S\u00f3n conegudes sobretot per la llegenda del vident cec Fineu, a qui robaven o embrutaven el menjar, fins que els alats fills de B\u00f2reas les van foragitar durant l&#8217;expedici\u00f3 dels argonautes. L&#8217;Argon\u00e0utiques d&#8217;Apol\u00b7loni de Rodes i l&#8217;Eneida de Virgili s\u00f3n les fonts liter\u00e0ries m\u00e9s importants sobre la seva figura.<\/p>\t\t\t\t\t\t\t\t<\/div>\n\t\t\t\t<\/div>\n\t\t<div class=\"elementor-element elementor-element-pemmx7c5 e-con-full e-flex e-con e-child\" data-id=\"pemmx7c5\" data-element_type=\"container\" data-e-type=\"container\">\n\t\t<div class=\"elementor-element elementor-element-pemmx7c1 e-con-full e-flex e-con e-child\" data-id=\"pemmx7c1\" data-element_type=\"container\" data-e-type=\"container\">\n\t\t<div class=\"elementor-element elementor-element-qh9oavvu iwg-steckbrief-card e-flex e-con-boxed e-con e-child\" data-id=\"qh9oavvu\" data-element_type=\"container\" data-e-type=\"container\">\n\t\t\t\t\t<div class=\"e-con-inner\">\n\t\t\t\t<div class=\"elementor-element elementor-element-awzx8k2k elementor-widget elementor-widget-heading\" data-id=\"awzx8k2k\" data-element_type=\"widget\" data-e-type=\"widget\" data-widget_type=\"heading.default\">\n\t\t\t\t\t<div class=\"elementor-heading-title elementor-size-default\">Tradici\u00f3<\/div>\t\t\t\t<\/div>\n\t\t\t\t<div class=\"elementor-element elementor-element-x6rowhv0 elementor-widget elementor-widget-text-editor\" data-id=\"x6rowhv0\" data-element_type=\"widget\" data-e-type=\"widget\" data-widget_type=\"text-editor.default\">\n\t\t\t\t\t\t\t\t\t<p><strong>Genealogia:<\/strong> Filles de Taumant (meravella, esbala\u00efment) i de l&#8217;oce\u00e0nide Electra. Semidees de la segona generaci\u00f3. Germana: Iris (deessa de l&#8217;arc de Sant Mart\u00ed). <br><strong>Principals Harpies:<\/strong> Al\u00b7lo (vent de tempesta), Oc\u00edpete (voladora r\u00e0pida), Podarga, Celeno, Tiel\u00b7la.<\/p>\t\t\t\t\t\t\t\t<\/div>\n\t\t\t\t\t<\/div>\n\t\t\t\t<\/div>\n\t\t<div class=\"elementor-element elementor-element-8e3o4kxs iwg-steckbrief-card e-flex e-con-boxed e-con e-child\" data-id=\"8e3o4kxs\" data-element_type=\"container\" data-e-type=\"container\">\n\t\t\t\t\t<div class=\"e-con-inner\">\n\t\t\t\t<div class=\"elementor-element elementor-element-08rkdgov elementor-widget elementor-widget-heading\" data-id=\"08rkdgov\" data-element_type=\"widget\" data-e-type=\"widget\" data-widget_type=\"heading.default\">\n\t\t\t\t\t<div class=\"elementor-heading-title elementor-size-default\">P\u00fablic objectiu de les Harpies<\/div>\t\t\t\t<\/div>\n\t\t\t\t<div class=\"elementor-element elementor-element-uwjelx8s elementor-widget elementor-widget-text-editor\" data-id=\"uwjelx8s\" data-element_type=\"widget\" data-e-type=\"widget\" data-widget_type=\"text-editor.default\">\n\t\t\t\t\t\t\t\t\t<p><strong>Funci\u00f3:<\/strong> Deesses castigadores de Zeus, que porten la corrupci\u00f3 quan els humans cometen sacrilegi. No s\u00f3n malignes per si mateixes, sin\u00f3 executores de la venjan\u00e7a divina. Roben aliments, embruten les ofrenes, porten pesta i fam. <br><strong>P\u00fablic objectiu:<\/strong> Reis i governants, exemple Fineu: c\u00e0stig per culpa de sang.<\/p>\t\t\t\t\t\t\t\t<\/div>\n\t\t\t\t\t<\/div>\n\t\t\t\t<\/div>\n\t\t<div class=\"elementor-element elementor-element-jm2n74ec iwg-steckbrief-card e-flex e-con-boxed e-con e-child\" data-id=\"jm2n74ec\" data-element_type=\"container\" data-e-type=\"container\">\n\t\t\t\t\t<div class=\"e-con-inner\">\n\t\t\t\t<div class=\"elementor-element elementor-element-8vufse4c elementor-widget elementor-widget-heading\" data-id=\"8vufse4c\" data-element_type=\"widget\" data-e-type=\"widget\" data-widget_type=\"heading.default\">\n\t\t\t\t\t<div class=\"elementor-heading-title elementor-size-default\">Aparen\u00e7a<\/div>\t\t\t\t<\/div>\n\t\t\t\t<div class=\"elementor-element elementor-element-mwb9u015 elementor-widget elementor-widget-text-editor\" data-id=\"mwb9u015\" data-element_type=\"widget\" data-e-type=\"widget\" data-widget_type=\"text-editor.default\">\n\t\t\t\t\t\t\t\t\t<p>Les fonts antigues descriuen les harpies com \u00e9ssers h\u00edbrids de dona i ocell: alades, amb urpes i rostre de dona. En Homer i Hes\u00edode encara apareixen com a esperits r\u00e0pids de la tempesta; nom\u00e9s la poesia posterior en subratlla l&#8217;aspecte repulsiu. Virgili les descriu a l&#8217;Eneida com a cossos d&#8217;ocell fam\u00e8lics amb rostres p\u00e0l\u00b7lids de donzella, que embruten tot all\u00f2 que toquen.<\/p>\t\t\t\t\t\t\t\t<\/div>\n\t\t\t\t\t<\/div>\n\t\t\t\t<\/div>\n\t\t\t\t<\/div>\n\t\t<div class=\"elementor-element elementor-element-pemmx7c2 e-con-full e-flex e-con e-child\" data-id=\"pemmx7c2\" data-element_type=\"container\" data-e-type=\"container\">\n\t\t<div class=\"elementor-element elementor-element-37ss2yr6 iwg-steckbrief-card e-flex e-con-boxed e-con e-child\" data-id=\"37ss2yr6\" data-element_type=\"container\" data-e-type=\"container\">\n\t\t\t\t\t<div class=\"e-con-inner\">\n\t\t\t\t<div class=\"elementor-element elementor-element-3v0wp3wx elementor-widget elementor-widget-heading\" data-id=\"3v0wp3wx\" data-element_type=\"widget\" data-e-type=\"widget\" data-widget_type=\"heading.default\">\n\t\t\t\t\t<div class=\"elementor-heading-title elementor-size-default\">\u00c0mbit d'acci\u00f3<\/div>\t\t\t\t<\/div>\n\t\t\t\t<div class=\"elementor-element elementor-element-w3247g2m elementor-widget elementor-widget-text-editor\" data-id=\"w3247g2m\" data-element_type=\"widget\" data-e-type=\"widget\" data-widget_type=\"text-editor.default\">\n\t\t\t\t\t\t\t\t\t<p><strong>Efecte m\u00edtic:<\/strong> Fineu de Tr\u00e0cia: les Harpies el persegueixen, devoren i contaminen els aliments, un turment psicol\u00f2gic ja que passa gana. Jas\u00f3 i els argonautes envien Zetes i C\u00e0lais (fills de B\u00f2reas), que maleeixen les Harpies. \u00c8squil: continuaci\u00f3 de la maledicci\u00f3 de la casa d&#8217;Atreu. Mosaics d&#8217;amfiteatres a Roma: <span class=\"iwg-fachbegriff\" data-tooltip=\"Un signe que representa una idea o significat.\" tabindex=\"0\">s\u00edmbol<\/span> de la ira divina.<\/p>\t\t\t\t\t\t\t\t<\/div>\n\t\t\t\t\t<\/div>\n\t\t\t\t<\/div>\n\t\t<div class=\"elementor-element elementor-element-0qpjal9w iwg-steckbrief-card e-flex e-con-boxed e-con e-child\" data-id=\"0qpjal9w\" data-element_type=\"container\" data-e-type=\"container\">\n\t\t\t\t\t<div class=\"e-con-inner\">\n\t\t\t\t<div class=\"elementor-element elementor-element-6ndoih0o elementor-widget elementor-widget-heading\" data-id=\"6ndoih0o\" data-element_type=\"widget\" data-e-type=\"widget\" data-widget_type=\"heading.default\">\n\t\t\t\t\t<div class=\"elementor-heading-title elementor-size-default\">Amulets protectors<\/div>\t\t\t\t<\/div>\n\t\t\t\t<div class=\"elementor-element elementor-element-6684tyh9 elementor-widget elementor-widget-text-editor\" data-id=\"6684tyh9\" data-element_type=\"widget\" data-e-type=\"widget\" data-widget_type=\"text-editor.default\">\n\t\t\t\t\t\t\t\t\t<p>Contra les harpies, considerades dimonis lladres de la tempesta i del rapte, la <span class=\"iwg-fachbegriff\" data-tooltip=\"\u00c8poca de la cultura grega i romana, aproximadament del 800 aC al 600 dC.\" tabindex=\"0\">tradici\u00f3<\/span> <span class=\"iwg-fachbegriff\" data-tooltip=\"La transmissi\u00f3 de coneixements i relats al llarg de generacions.\" tabindex=\"0\">antiga<\/span> coneixia sobretot formes de defensa ritual i narrativa.<\/p><p>En el <span class=\"iwg-fachbegriff\" data-tooltip=\"Un relat transm\u00e8s sobre d\u00e9us, or\u00edgens i l'ordre del m\u00f3n.\" tabindex=\"0\">mite<\/span> del vident cec Fineu, els alats B\u00f2reades Zetes i C\u00e0lais foragiten les harpies, que li roben i embruten els aliments; un relat que ell mateix complia una funci\u00f3 protectora en mostrar que els dimonis podien ser ven\u00e7uts.<\/p><p>En l&#8217;art funerari, com al conegut Monument de les Harpies de Xantos, apareixen \u00e9ssers <span class=\"iwg-fachbegriff\" data-tooltip=\"Un \u00e9sser que reuneix trets de diversos \u00e9ssers vius.\" tabindex=\"0\">h\u00edbrids<\/span> semblants a harpies com a portadores d&#8217;\u00e0nimes, marcant el llindar entre els vius i els morts. No s&#8217;ha transm\u00e8s cap tradici\u00f3 pr\u00f2pia d&#8217;<span class=\"iwg-fachbegriff\" data-tooltip=\"Un objecte portat al cos al qual s'atribueix un efecte protector contra el mal.\" tabindex=\"0\">amulet<\/span> contra les harpies; la defensa es limitava a la <span class=\"iwg-fachbegriff\" data-tooltip=\"L'adre\u00e7ament verbal de l'\u00e9sser hum\u00e0 a una divinitat.\" tabindex=\"0\">preg\u00e0ria<\/span>, la purificaci\u00f3 i el relat m\u00edtic.<\/p>\t\t\t\t\t\t\t\t<\/div>\n\t\t\t\t\t<\/div>\n\t\t\t\t<\/div>\n\t\t<div class=\"elementor-element elementor-element-3lfi7x32 iwg-steckbrief-card e-flex e-con-boxed e-con e-child\" data-id=\"3lfi7x32\" data-element_type=\"container\" data-e-type=\"container\">\n\t\t\t\t\t<div class=\"e-con-inner\">\n\t\t\t\t<div class=\"elementor-element elementor-element-0kg99ga1 elementor-widget elementor-widget-heading\" data-id=\"0kg99ga1\" data-element_type=\"widget\" data-e-type=\"widget\" data-widget_type=\"heading.default\">\n\t\t\t\t\t<div class=\"elementor-heading-title elementor-size-default\">\u00c9ssers relacionats<\/div>\t\t\t\t<\/div>\n\t\t\t\t<div class=\"elementor-element elementor-element-n0fum6kp elementor-widget elementor-widget-text-editor\" data-id=\"n0fum6kp\" data-element_type=\"widget\" data-e-type=\"widget\" data-widget_type=\"text-editor.default\">\n\t\t\t\t\t\t\t\t\t<p>Properes a les Harpies hi ha les Sirenes, tamb\u00e9 dones-au de la mitologia grega, encara que aquestes corrompen mitjan\u00e7ant el cant en lloc del robatori. Tamb\u00e9 hi ha parentiu amb els esperits de la tempesta i el vent, aix\u00ed com amb les Er\u00ednies, amb les quals les Harpies comparteixen la funci\u00f3 d&#8217;executores del c\u00e0stig div\u00ed. Geneal\u00f2gicament es consideren filles de l&#8217;\u00e9sser mar\u00ed Taumant i de l&#8217;oce\u00e0nide Electra, i per tant germanes de la missatgera divina Iris.<\/p>\t\t\t\t\t\t\t\t<\/div>\n\t\t\t\t\t<\/div>\n\t\t\t\t<\/div>\n\t\t\t\t<\/div>\n\t\t\t\t<\/div>\n\t\t\t\t\t<\/div>\n\t\t\t\t<\/div>\n\t\t<div class=\"elementor-element elementor-element-7533bc7a e-flex e-con-boxed e-con e-parent\" data-id=\"7533bc7a\" data-element_type=\"container\" data-e-type=\"container\">\n\t\t\t\t\t<div class=\"e-con-inner\">\n\t\t\t\t<div class=\"elementor-element elementor-element-2447d18d elementor-widget elementor-widget-heading\" data-id=\"2447d18d\" data-element_type=\"widget\" data-e-type=\"widget\" data-widget_type=\"heading.default\">\n\t\t\t\t\t<h2 class=\"elementor-heading-title elementor-size-default\">Defensa pr\u00e0ctica<\/h2>\t\t\t\t<\/div>\n\t\t<div class=\"elementor-element elementor-element-d5d0260c e-con-full e-flex e-con e-child\" data-id=\"d5d0260c\" data-element_type=\"container\" data-e-type=\"container\">\n\t\t\t\t<div class=\"elementor-element elementor-element-341be2ac elementor-widget elementor-widget-text-editor\" data-id=\"341be2ac\" data-element_type=\"widget\" data-e-type=\"widget\" data-widget_type=\"text-editor.default\">\n\t\t\t\t\t\t\t\t\t<p><strong>Rituals de defensa<\/strong><\/p><p>A Tr\u00e0cia i l&#8217;Egeu hi havia rituals de protecci\u00f3 durant les festes de sacrifici, amb mantes o xarxes per repel\u00b7lir-les. Santuaris d&#8217;Apol\u00b7lo: preg\u00e0ries per demanar protecci\u00f3 contra d\u00e8mons del vent.<\/p><p><strong>Encanteris i invocacions<\/strong><\/p><p>No es coneixen invocacions directes a les Harpies, sin\u00f3 f\u00f3rmules de defensa. Tradici\u00f3 estoica: <span class=\"iwg-fachbegriff\" data-tooltip=\"L'adre\u00e7ament verbal de l'\u00e9sser hum\u00e0 a una divinitat.\" tabindex=\"0\">preg\u00e0ria<\/span> a Apol\u00b7lo o Zeus per contenir-les. Papirs m\u00e0gics d&#8217;Egipte: f\u00f3rmules apotropaiques contra dones r\u00e0pides.<\/p><p><strong>Amulets i s\u00edmbols de protecci\u00f3<\/strong><\/p><p>La xarxa (\u03c3\u03ac\u03b3\u03b7\u03bd\u03bf\u03c2) com a <span class=\"iwg-fachbegriff\" data-tooltip=\"Un objecte portat al qual s'atribueix un efecte protector contra el mal.\" tabindex=\"0\">amulet<\/span> per a la captura simb\u00f2lica. Representacions d&#8217;\u00e0guiles o falcons (enemics de les Harpies). Cases romanes: mosaics de Harpies fugint als llindars d&#8217;entrada com a mesura de protecci\u00f3.<\/p>\t\t\t\t\t\t\t\t<\/div>\n\t\t\t\t<\/div>\n\t\t\t\t\t<\/div>\n\t\t\t\t<\/div>\n\t\t<div class=\"elementor-element elementor-element-5a584676 e-flex e-con-boxed e-con e-parent\" data-id=\"5a584676\" data-element_type=\"container\" data-e-type=\"container\">\n\t\t\t\t\t<div class=\"e-con-inner\">\n\t\t\t\t<div class=\"elementor-element elementor-element-6d0757bf elementor-widget elementor-widget-heading\" data-id=\"6d0757bf\" data-element_type=\"widget\" data-e-type=\"widget\" data-widget_type=\"heading.default\">\n\t\t\t\t\t<h2 class=\"elementor-heading-title elementor-size-default\">Les Harpies, paral\u00b7lelismes en altres cultures<\/h2>\t\t\t\t<\/div>\n\t\t<div class=\"elementor-element elementor-element-60563f68 e-con-full e-flex e-con e-child\" data-id=\"60563f68\" data-element_type=\"container\" data-e-type=\"container\">\n\t\t\t\t<div class=\"elementor-element elementor-element-5a93fdd6 elementor-widget elementor-widget-text-editor\" data-id=\"5a93fdd6\" data-element_type=\"widget\" data-e-type=\"widget\" data-widget_type=\"text-editor.default\">\n\t\t\t\t\t\t\t\t\t<p>\u00c9ssers de rapinya i tempesta n&#8217;hi ha arreu: les valqu\u00edries (Escandin\u00e0via, rapte de batalla, per\u00f2 m\u00e9s nobles), les banshees (Irlanda, anunciadores de la mort), els tengu (Jap\u00f3, dimonis lladres). Les harpies tamb\u00e9 s&#8217;assemblen a dimonis d&#8217;altres cultures que roben i turmenten: els rakshasas (\u00cdndia), els jinn (Islam, tot i que m\u00e9s complexos).<\/p><p>Es diferencien en el fet que gaireb\u00e9 no tenen personalitat pr\u00f2pia: s\u00f3n funcions del c\u00e0stig i del caos. Representen el principi del desordre dins la <span class=\"iwg-fachbegriff\" data-tooltip=\"Concepci\u00f3 de l'estructura i l'ordre del m\u00f3n dins una cultura.\" tabindex=\"0\">cosmologia<\/span> grega.<\/p><div><p><strong>Les harpies en Virgili i l&#8217;adaptaci\u00f3 romana<\/strong><\/p><p>L&#8217;<em>Eneida<\/em> de Virgili, 3.209-258, presenta les harpies com a forces c\u00e0stigadores demon\u00edaques. La flota d&#8217;Enees desembarca a les illes Estr\u00f2fades i hi troba ramats espl\u00e8ndids; les harpies s&#8217;hi abaten i profanen tot el que els troians mengen. La descripci\u00f3 llatina \u00e9s m\u00e9s ombr\u00edvola que la d&#8217;Apol\u00b7loni: fan una pudor horrible, sonen com el tro, i el seu contacte \u00e9s una maledicci\u00f3.<\/p><p>La versi\u00f3 de Virgili les vincula amb un c\u00e0stig gaireb\u00e9 k\u00e0rmic; les harpies actuen per ordre de d\u00e9us superiors (especialment Venus i el dest\u00ed). Aix\u00f2 despla\u00e7a la seva funci\u00f3 d&#8217;\u00e9sser natural purament ca\u00f2tic a agent c\u00f2smic del c\u00e0stig.<\/p><p>Els escriptors romans van adoptar aquesta interpretaci\u00f3: les harpies com a encarnacions de l&#8217;avidesa, el pecat i el malbaratament. Apareixen en obres al\u00b7leg\u00f2riques posteriors, com les de Dante Alighieri, com a s\u00edmbols de la fam sense l\u00edmit i del despullament.<\/p><\/div>\t\t\t\t\t\t\t\t<\/div>\n\t\t\t\t<\/div>\n\t\t\t\t\t<\/div>\n\t\t\t\t<\/div>\n\t\t<div class=\"elementor-element elementor-element-cp5a309e2 e-flex e-con-boxed e-con e-parent\" data-id=\"cp5a309e2\" data-element_type=\"container\" data-e-type=\"container\">\n\t\t\t\t\t<div class=\"e-con-inner\">\n\t\t\t\t<div class=\"elementor-element elementor-element-cp8be853b elementor-widget elementor-widget-heading\" data-id=\"cp8be853b\" data-element_type=\"widget\" data-e-type=\"widget\" data-widget_type=\"heading.default\">\n\t\t\t\t\t<h2 class=\"elementor-heading-title elementor-size-default\">Les Harpies i l'episodi de Fineu en Apol\u00b7loni de Rodes<\/h2>\t\t\t\t<\/div>\n\t\t<div class=\"elementor-element elementor-element-cp243d292 e-con-full e-flex e-con e-child\" data-id=\"cp243d292\" data-element_type=\"container\" data-e-type=\"container\">\n\t\t\t\t<div class=\"elementor-element elementor-element-cp851ca19 elementor-widget elementor-widget-text-editor\" data-id=\"cp851ca19\" data-element_type=\"widget\" data-e-type=\"widget\" data-widget_type=\"text-editor.default\">\n\t\t\t\t\t\t\t\t\t<p>El relat <span class=\"iwg-fachbegriff\" data-tooltip=\"\u00c8poca de la cultura grega i romana, aproximadament del 800 aC al 600 dC.\" tabindex=\"0\">antic<\/span> m\u00e9s extens sobre les harpies es troba al segon llibre de l&#8217;<em>Argon\u00e0utica<\/em> d&#8217;Apol\u00b7loni de Rodes, del segle III aC. All\u00e0 els Argonautes, en el seu viatge cap a la C\u00f2lquida, troben el vident cec Fineu, rei de Tr\u00e0cia, castigat pels d\u00e9us per haver revelat el futur amb massa llibertat.<\/p><p>El seu c\u00e0stig consistia que les harpies li arrabassaven els aliments a cada \u00e0pat o els feien malb\u00e9 amb la seva fetor, de manera que estava a punt de morir de fam. Fineu va profetitzar el viatge als Argonautes amb la condici\u00f3 que l&#8217;alliberessin de les harpies.<\/p><p>Els alats fills de B\u00f2reas, Zetes i C\u00e0lais, van perseguir els monstres pels aires fins a les illes Estr\u00f2fades. All\u00e0 la missatgera divina Iris va aturar els B\u00f2reades i va jurar per l&#8217;Estix que les harpies no tornarien a molestar Fineu.<\/p><p>Aquest episodi ja era conegut abans d&#8217;Apol\u00b7loni; es va tractar en l&#8217;epopeia perduda de la poesia primerenca i en trag\u00e8dies \u00e0tiques, com les d&#8217;\u00c8squil i S\u00f2focles, els drames <em>Fineu<\/em> dels quals nom\u00e9s s&#8217;han conservat fragment\u00e0riament.<\/p><p>La recerca hi veu un antic <span class=\"iwg-fachbegriff\" data-tooltip=\"Un element tem\u00e0tic recurrent en l'art o la narrativa.\" tabindex=\"0\">motiu<\/span> del rei afamat, turmentat per \u00e9ssers demon\u00edacs, la redempci\u00f3 del qual va lligada a l&#8217;expedici\u00f3 heroica. En Virgili, les harpies reapareixen a l&#8217;<em>Eneida<\/em>, on troben els troians que desembarquen a les mateixes Estr\u00f2fades.<\/p>\t\t\t\t\t\t\t\t<\/div>\n\t\t\t\t<\/div>\n\t\t\t\t\t<\/div>\n\t\t\t\t<\/div>\n\t\t<div class=\"elementor-element elementor-element-cp0ca5619 e-flex e-con-boxed e-con e-parent\" data-id=\"cp0ca5619\" data-element_type=\"container\" data-e-type=\"container\">\n\t\t\t\t\t<div class=\"e-con-inner\">\n\t\t\t\t<div class=\"elementor-element elementor-element-cp9e9261f elementor-widget elementor-widget-heading\" data-id=\"cp9e9261f\" data-element_type=\"widget\" data-e-type=\"widget\" data-widget_type=\"heading.default\">\n\t\t\t\t\t<h2 class=\"elementor-heading-title elementor-size-default\">De l'esperit del vent a l'\u00e9sser h\u00edbrid: l'evoluci\u00f3 de la imatge<\/h2>\t\t\t\t<\/div>\n\t\t<div class=\"elementor-element elementor-element-cp24b7342 e-con-full e-flex e-con e-child\" data-id=\"cp24b7342\" data-element_type=\"container\" data-e-type=\"container\">\n\t\t\t\t<div class=\"elementor-element elementor-element-cp60e12e9 elementor-widget elementor-widget-text-editor\" data-id=\"cp60e12e9\" data-element_type=\"widget\" data-e-type=\"widget\" data-widget_type=\"text-editor.default\">\n\t\t\t\t\t\t\t\t\t<p>La imatge de les Harpies va canviar considerablement al llarg de l&#8217;<span class=\"iwg-fachbegriff\" data-tooltip=\"\u00c8poca de la cultura grega i romana, aproximadament del 800 a. C. al 600 d. C.\" tabindex=\"0\">Antiguitat<\/span>. En els textos m\u00e9s antics, en Homer i Hes\u00edode, no s\u00f3n dones-ocell repugnants, sin\u00f3 vents de tempesta personificats.<\/p><p>Homer esmenta una Harpia anomenada Podarge, que amb el vent de ponent Z\u00e8fir engendra els cavalls immortals d&#8217;Aquil\u00b7les. Hes\u00edode, a la <em>Teogonia<\/em>, esmenta dues Harpies, Aello i Oc\u00edpete, filles de Taumant i de l&#8217;oce\u00e0nida Electra, i les descriu com a belles de cabells i r\u00e0pides com el vent.<\/p><p>El seu nom se sol derivar del verb grec <em>harpazein<\/em> (robar, arrabassar), que s&#8217;adiu amb la seva funci\u00f3 d&#8217;\u00e9ssers que fan desapar\u00e8ixer persones i coses sense deixar rastre. Quan a l&#8217;Odissea alg\u00fa desapareix inexplicablement, es diu que les Harpies se l&#8217;han endut.<\/p><p>Nom\u00e9s en l&#8217;\u00e8poca postcl\u00e0ssica, clarament palpable en Apol\u00b7loni i Virgili, es consolida la imatge de l&#8217;<span class=\"iwg-fachbegriff\" data-tooltip=\"Un \u00e9sser que combina caracter\u00edstiques de diferents criatures.\" tabindex=\"0\">\u00e9sser h\u00edbrid<\/span> repulsiu, amb cos d&#8217;ocell, rostre de dona, urpes i mala olor.<\/p><p>La <span class=\"iwg-fachbegriff\" data-tooltip=\"La ci\u00e8ncia que estudia les religions de manera comparativa i sense vincle de fe.\" tabindex=\"0\">hist\u00f2ria comparada de les religions<\/span> explica aquest canvi com una fusi\u00f3 de l&#8217;antic concepte d&#8217;esperit del vent amb les idees sobre dimonis de la mort rapinyaires, amb els quals les Harpies estaven emparentades tant iconogr\u00e0ficament com funcionalment. La demonitzaci\u00f3 posterior va despla\u00e7ar gaireb\u00e9 del tot de la mem\u00f2ria la imatge m\u00e9s antiga i neutra.<\/p>\t\t\t\t\t\t\t\t<\/div>\n\t\t\t\t<\/div>\n\t\t\t\t\t<\/div>\n\t\t\t\t<\/div>\n\t\t<div class=\"elementor-element elementor-element-cpdfe1c5d e-flex e-con-boxed e-con e-parent\" data-id=\"cpdfe1c5d\" data-element_type=\"container\" data-e-type=\"container\">\n\t\t\t\t\t<div class=\"e-con-inner\">\n\t\t\t\t<div class=\"elementor-element elementor-element-cpc7285dc elementor-widget elementor-widget-heading\" data-id=\"cpc7285dc\" data-element_type=\"widget\" data-e-type=\"widget\" data-widget_type=\"heading.default\">\n\t\t\t\t\t<h2 class=\"elementor-heading-title elementor-size-default\">Les Harpies en l'art antic i el Monument de les Harpies de Xantos<\/h2>\t\t\t\t<\/div>\n\t\t<div class=\"elementor-element elementor-element-cpbc52ef2 e-con-full e-flex e-con e-child\" data-id=\"cpbc52ef2\" data-element_type=\"container\" data-e-type=\"container\">\n\t\t\t\t<div class=\"elementor-element elementor-element-cp48f8883 elementor-widget elementor-widget-text-editor\" data-id=\"cp48f8883\" data-element_type=\"widget\" data-e-type=\"widget\" data-widget_type=\"text-editor.default\">\n\t\t\t\t\t\t\t\t\t<p>En l&#8217;art grec, les Harpies i els \u00e9ssers que hi s\u00f3n propers, com les Sirenes, les Keres i les Esfinxs, sovint s\u00f3n dif\u00edcils de distingir, ja que totes es representaven com a <span class=\"iwg-fachbegriff\" data-tooltip=\"Un \u00e9sser que combina caracter\u00edstiques de diferents criatures.\" tabindex=\"0\">\u00e9ssers h\u00edbrids<\/span> alats, meitat dona i meitat ocell. En els gerros \u00e0tics apareixen sobretot en relaci\u00f3 amb l&#8217;episodi de Fineu, volant sobre una taula parada o perseguides pels Boreades.<\/p><p>El monument m\u00e9s conegut que porta el seu nom \u00e9s l&#8217;anomenat Monument de les Harpies de Xantos, a L\u00edcia, un elevat monument funerari en forma de pilar del principi del segle V a. C., les plaques de relleu del qual es troben avui al British Museum. Els relleus mostren \u00e9ssers femenins alats que s&#8217;emporten petites figures humanes entre els bra\u00e7os.<\/p><p>La recerca m\u00e9s antiga interpretava aquestes figures com a Harpies, d&#8217;aqu\u00ed el nom del monument. L&#8217;<span class=\"iwg-fachbegriff\" data-tooltip=\"Ci\u00e8ncia que estudia les cultures passades a partir de restes materials.\" tabindex=\"0\">arqueologia<\/span> m\u00e9s recent \u00e9s m\u00e9s prudent: probablement es tracta de Sirenes o, en general, de guies d&#8217;\u00e0nimes que condueixen els difunts cap a l&#8217;altre m\u00f3n. L&#8217;escena il\u00b7lustra, doncs, menys un rapte que un trasllat ordenat de l&#8217;\u00e0nima.<\/p><p>Aquest cas mostra de manera exemplar com n&#8217;\u00e9s, de dif\u00edcil, identificar aquests \u00e9ssers en l&#8217;art i com les denominacions de l&#8217;<span class=\"iwg-fachbegriff\" data-tooltip=\"\u00c8poca de la cultura grega i romana, aproximadament del 800 a. C. al 600 d. C.\" tabindex=\"0\">Antiguitat<\/span> es basen en part en conjectures modernes. La parentela estreta entre Harpia, <a href=\"https:\/\/iwell-guard.com\/ca\/?page_id=171595\">Sirena<\/a> i dimoni de la mort en el pensament grec queda aix\u00ed especialment de manifest.<\/p>\t\t\t\t\t\t\t\t<\/div>\n\t\t\t\t<\/div>\n\t\t\t\t\t<\/div>\n\t\t\t\t<\/div>\n\t\t<div class=\"elementor-element elementor-element-cpc4ce713 e-flex e-con-boxed e-con e-parent\" data-id=\"cpc4ce713\" data-element_type=\"container\" data-e-type=\"container\">\n\t\t\t\t\t<div class=\"e-con-inner\">\n\t\t\t\t<div class=\"elementor-element elementor-element-cpe917330 elementor-widget elementor-widget-heading\" data-id=\"cpe917330\" data-element_type=\"widget\" data-e-type=\"widget\" data-widget_type=\"heading.default\">\n\t\t\t\t\t<h2 class=\"elementor-heading-title elementor-size-default\">Les Harpies a l'Infern de Dante i la recepci\u00f3 medieval<\/h2>\t\t\t\t<\/div>\n\t\t<div class=\"elementor-element elementor-element-cpa0b4cec e-con-full e-flex e-con e-child\" data-id=\"cpa0b4cec\" data-element_type=\"container\" data-e-type=\"container\">\n\t\t\t\t<div class=\"elementor-element elementor-element-cp349a725 elementor-widget elementor-widget-text-editor\" data-id=\"cp349a725\" data-element_type=\"widget\" data-e-type=\"widget\" data-widget_type=\"text-editor.default\">\n\t\t\t\t\t\t\t\t\t<p>M\u00e9s enll\u00e0 de l&#8217;<span class=\"iwg-fachbegriff\" data-tooltip=\"\u00c8poca de la cultura grega i romana, entre aproximadament el 800 a. C. i el 600 d. C.\" tabindex=\"0\">Antiguitat<\/span>, les harpies van continuar exercint influ\u00e8ncia sobretot a trav\u00e9s de l&#8217;<em>Eneida<\/em> de Virgili, que a l&#8217;edat mitjana formava part del curr\u00edculum escolar. La represa m\u00e9s influent es troba a la <em>Divina Com\u00e8dia<\/em> de Dante. Al cant tretz\u00e8 de l&#8217;<em>Infern<\/em>, Dante i Virgili entren al bosc dels su\u00efcides, els arbres marcits del qual s\u00f3n les \u00e0nimes d&#8217;aquells que es van llevar la vida.<\/p><p>A les branques d&#8217;aquest bosc nien les harpies. Dante les descriu amb ales amples, colls i rostres humans, peus amb urpes i ventre emplomat.<\/p><p>Esquincen les fulles dels arbres-\u00e0nima, cosa que causa dolor als condemnats i \u00e9s alhora l&#8217;\u00fanica manera com aquests poden parlar. Dante es basa expl\u00edcitament en la descripci\u00f3 que Virgili fa de les Estr\u00f2fades i trasllada el <span class=\"iwg-fachbegriff\" data-tooltip=\"\u00c8poca de la cultura grega i romana, entre aproximadament el 800 a. C. i el 600 d. C.\" tabindex=\"0\">antic<\/span> <span class=\"iwg-fachbegriff\" data-tooltip=\"Un element tem\u00e0tic recurrent en l'art o la narraci\u00f3.\" tabindex=\"0\">motiu<\/span> del robatori de menjar al turment dels su\u00efcides.<\/p><p>Aquesta associaci\u00f3 entre la harpia i l&#8217;autodestrucci\u00f3 va marcar profundament la imatge posterior a l&#8217;edat mitjana. Durant el Renaixement i el Barroc, les harpies es van convertir en un motiu iconogr\u00e0fic habitual que, en l&#8217;emblem\u00e0tica, representava l&#8217;avar\u00edcia, la cobd\u00edcia i la influ\u00e8ncia nociva.<\/p><p>En l&#8217;her\u00e0ldica apareixen com a animal her\u00e0ldic que uneix cap de dona i cos d&#8217;ocell. El cam\u00ed que va del geni del vent hom\u00e8ric al lladre de menjar virgili\u00e0 i, finalment, al ser infernal dantesc mostra com un <span class=\"iwg-fachbegriff\" data-tooltip=\"Un element tem\u00e0tic recurrent en l'art o la narraci\u00f3.\" tabindex=\"0\">motiu<\/span> ha estat reinterpretat repetidament al llarg de dos mil anys.<\/p>\t\t\t\t\t\t\t\t<\/div>\n\t\t\t\t<\/div>\n\t\t\t\t\t<\/div>\n\t\t\t\t<\/div>\n\t\t<div class=\"elementor-element elementor-element-cp0f8e9ff e-flex e-con-boxed e-con e-parent\" data-id=\"cp0f8e9ff\" data-element_type=\"container\" data-e-type=\"container\">\n\t\t\t\t\t<div class=\"e-con-inner\">\n\t\t\t\t<div class=\"elementor-element elementor-element-cp6630211 elementor-widget elementor-widget-heading\" data-id=\"cp6630211\" data-element_type=\"widget\" data-e-type=\"widget\" data-widget_type=\"heading.default\">\n\t\t\t\t\t<h2 class=\"elementor-heading-title elementor-size-default\">Harpies, Er\u00ednies i el problema dels dimonis punitius<\/h2>\t\t\t\t<\/div>\n\t\t<div class=\"elementor-element elementor-element-cp9f31bbf e-con-full e-flex e-con e-child\" data-id=\"cp9f31bbf\" data-element_type=\"container\" data-e-type=\"container\">\n\t\t\t\t<div class=\"elementor-element elementor-element-cp6a83714 elementor-widget elementor-widget-text-editor\" data-id=\"cp6a83714\" data-element_type=\"widget\" data-e-type=\"widget\" data-widget_type=\"text-editor.default\">\n\t\t\t\t\t\t\t\t\t<p>Des del punt de vista de la ci\u00e8ncia de les religions, resulta interessant preguntar-se com es relacionen les harpies amb altres \u00e9ssers femenins de c\u00e0stig i venjan\u00e7a de la <span class=\"iwg-fachbegriff\" data-tooltip=\"El conjunt de relats transmesos sobre d\u00e9us d'una cultura.\" tabindex=\"0\">mitologia<\/span> grega, especialment amb les <a href=\"https:\/\/iwell-guard.com\/ca\/erinies\/\">Er\u00ednies<\/a>. Ambd\u00f3s grups actuen com a executores del c\u00e0stig div\u00ed, ambd\u00f3s s\u00f3n femenins i ambd\u00f3s es representen amb ales i un aspecte terror\u00edfic.<\/p><p>En algunes fonts, els l\u00edmits es difuminen. Apol\u00b7loni anomena les harpies gosses de Zeus, una f\u00f3rmula que tamb\u00e9 s&#8217;utilitza per a altres executores de c\u00e0stigs.<\/p><p>Al <span class=\"iwg-fachbegriff\" data-tooltip=\"Un relat transm\u00e8s sobre d\u00e9us, or\u00edgens i l'ordre del m\u00f3n.\" tabindex=\"0\">mite<\/span> de Fineu, les harpies no actuen per iniciativa pr\u00f2pia, sin\u00f3 com a instrument d&#8217;un c\u00e0stig imposat pels d\u00e9us. En aix\u00f2 s&#8217;assemblen a les Er\u00ednies, que persegueixen la culpa de sang per enc\u00e0rrec de l&#8217;ordre c\u00f2smic.<\/p><p>Tot i aix\u00f2, les difer\u00e8ncies s\u00f3n clares. Les Er\u00ednies estan lligades a delictes concrets, sobretot l&#8217;assassinat de parents i el trencament de jurament, i tenen una posici\u00f3 cultual ben desenvolupada, per exemple com a Eum\u00e8nides en el <span class=\"iwg-fachbegriff\" data-tooltip=\"El conjunt d'actes de veneraci\u00f3 religiosa dedicats a una divinitat o figura sagrada.\" tabindex=\"0\">culte<\/span> aten\u00e8s. Les harpies, en canvi, tenen una import\u00e0ncia cultual pr\u00e0cticament nul\u00b7la; no es coneixen <span class=\"iwg-fachbegriff\" data-tooltip=\"Un edifici destinat a la veneraci\u00f3 d'una o m\u00e9s divinitats.\" tabindex=\"0\">temples<\/span> ni <span class=\"iwg-fachbegriff\" data-tooltip=\"Ofrena a una divinitat per expressar gratitud, petici\u00f3 o veneraci\u00f3.\" tabindex=\"0\">ofrenes<\/span> dedicats a elles.<\/p><p>S\u00f3n m\u00e9s b\u00e9 figures narratives que objectes de veneraci\u00f3. La investigaci\u00f3 les situa dins un ampli espectre d&#8217;<span class=\"iwg-fachbegriff\" data-tooltip=\"Un \u00e9sser que combina trets de diversos \u00e9ssers vius.\" tabindex=\"0\">\u00e9ssers h\u00edbrids<\/span> que va des de les Ker raptores fins a les sirenes i les Er\u00ednies, i en el qual l&#8217;imaginari grec donava forma a la intervenci\u00f3 sobtada, inexplicable i punitiva de forces sobrehumanes.<\/p>\t\t\t\t\t\t\t\t<\/div>\n\t\t\t\t<\/div>\n\t\t\t\t\t<\/div>\n\t\t\t\t<\/div>\n\t\t<div class=\"elementor-element elementor-element-cpcc0b6fe e-flex e-con-boxed e-con e-parent\" data-id=\"cpcc0b6fe\" data-element_type=\"container\" data-e-type=\"container\">\n\t\t\t\t\t<div class=\"e-con-inner\">\n\t\t\t\t<div class=\"elementor-element elementor-element-cp3ce0320 elementor-widget elementor-widget-heading\" data-id=\"cp3ce0320\" data-element_type=\"widget\" data-e-type=\"widget\" data-widget_type=\"heading.default\">\n\t\t\t\t\t<h2 class=\"elementor-heading-title elementor-size-default\">Genealogia i les filles de Taumant<\/h2>\t\t\t\t<\/div>\n\t\t<div class=\"elementor-element elementor-element-cpe12730f e-con-full e-flex e-con e-child\" data-id=\"cpe12730f\" data-element_type=\"container\" data-e-type=\"container\">\n\t\t\t\t<div class=\"elementor-element elementor-element-cp5e8d74e elementor-widget elementor-widget-text-editor\" data-id=\"cp5e8d74e\" data-element_type=\"widget\" data-e-type=\"widget\" data-widget_type=\"text-editor.default\">\n\t\t\t\t\t\t\t\t\t<p>La col\u00b7locaci\u00f3 de les harpies dins la genealogia divina grega \u00e9s sorprenentment coherent, malgrat la seva escassa import\u00e0ncia cultual. Hes\u00edode les esmenta a la <em>Teogonia<\/em> com a filles del d\u00e9u mar\u00ed Taumant i de l&#8217;oce\u00e0nide Electra. Aix\u00ed, s\u00f3n germanes d&#8217;Iris, la missatgera alada dels d\u00e9us i personificaci\u00f3 de l&#8217;arc de Sant Mart\u00ed.<\/p><p>Aquest parentiu \u00e9s m\u00e9s que un detall geneal\u00f2gic. Ancora fermament les harpies en el domini dels fen\u00f2mens del vent, de l&#8217;aigua i de l&#8217;aire, l&#8217;\u00e0mbit al qual pertanyen segons la seva funci\u00f3 m\u00e9s antiga.<\/p><p>Iris, com a missatgera entre el cel i la terra, i les harpies, com a encarnacions de la r\u00e0fega de tempesta que rapta, procedeixen del mateix domini de forces naturals. \u00c9s per tant coherent que sigui precisament Iris qui intervingui en el <span class=\"iwg-fachbegriff\" data-tooltip=\"Un relat transm\u00e8s sobre d\u00e9us, or\u00edgens i l'ordre del m\u00f3n.\" tabindex=\"0\">mite<\/span> de Fineu i cridi les seves germanes a l&#8217;ordre.<\/p><p>El nombre i els noms de les harpies varien segons la <span class=\"iwg-fachbegriff\" data-tooltip=\"La transmissi\u00f3 de coneixements i relats al llarg de generacions.\" tabindex=\"0\">tradici\u00f3<\/span>. Hes\u00edode n&#8217;esmenta dues, Aello (r\u00e0fega de tempesta) i Oc\u00edpete (vol r\u00e0pid), Homer una tercera, Podarge (peu r\u00e0pid). Autors posteriors afegeixen el nom de Celeno (la Fosca), que t\u00e9 un paper especialment destacat en Virgili, on una Celeno fa als troians una profecia ombr\u00edvola.<\/p><p>Aquestes variacions s\u00f3n t\u00edpiques dels col\u00b7lectius mitol\u00f2gics sense un <span class=\"iwg-fachbegriff\" data-tooltip=\"El conjunt d'actes de veneraci\u00f3 religiosa dedicats a una divinitat o figura sagrada.\" tabindex=\"0\">culte<\/span> fix. Els noms parlants mostren, per\u00f2, de manera constant que la concepci\u00f3 <span class=\"iwg-fachbegriff\" data-tooltip=\"\u00c8poca de la cultura grega i romana, entre aproximadament el 800 a. C. i el 600 d. C.\" tabindex=\"0\">antiga<\/span> entenia les harpies primordialment com a \u00e9ssers que encarnaven la velocitat i el vent, molt abans que s&#8217;impos\u00e9s la imatge de les repulsives dones-ocell.<\/p>\t\t\t\t\t\t\t\t<\/div>\n\t\t\t\t<\/div>\n\t\t\t\t\t<\/div>\n\t\t\t\t<\/div>\n\t\t<div class=\"elementor-element elementor-element-36dd7469 e-flex e-con-boxed e-con e-parent\" data-id=\"36dd7469\" data-element_type=\"container\" data-e-type=\"container\">\n\t\t\t\t\t<div class=\"e-con-inner\">\n\t\t\t\t<div class=\"elementor-element elementor-element-13760ab4 elementor-widget elementor-widget-heading\" data-id=\"13760ab4\" data-element_type=\"widget\" data-e-type=\"widget\" data-widget_type=\"heading.default\">\n\t\t\t\t\t<h2 class=\"elementor-heading-title elementor-size-default\">Enlla\u00e7os relacionats<\/h2>\t\t\t\t<\/div>\n\t\t<div class=\"elementor-element elementor-element-28c87796 e-con-full e-flex e-con e-child\" data-id=\"28c87796\" data-element_type=\"container\" data-e-type=\"container\">\n\t\t\t\t<div class=\"elementor-element elementor-element-5d6538df elementor-widget elementor-widget-text-editor\" data-id=\"5d6538df\" data-element_type=\"widget\" data-e-type=\"widget\" data-widget_type=\"text-editor.default\">\n\t\t\t\t\t\t\t\t\t<ul><li><a href=\"https:\/\/iwell-guard.com\/ca\/?page_id=171504\">Nix, deessa de la nit, mare de la Pesta<\/a><\/li><\/ul>\t\t\t\t\t\t\t\t<\/div>\n\t\t\t\t<\/div>\n\t\t\t\t\t<\/div>\n\t\t\t\t<\/div>\n\t\t<div class=\"elementor-element elementor-element-grl4kl40 e-flex e-con-boxed e-con e-parent\" data-id=\"grl4kl40\" data-element_type=\"container\" data-e-type=\"container\">\n\t\t\t\t\t<div class=\"e-con-inner\">\n\t\t\t\t<div class=\"elementor-element elementor-element-bzsbfrmh elementor-widget elementor-widget-heading\" data-id=\"bzsbfrmh\" data-element_type=\"widget\" data-e-type=\"widget\" data-widget_type=\"heading.default\">\n\t\t\t\t\t<h2 class=\"elementor-heading-title elementor-size-default\">Bibliografia de recerca<\/h2>\t\t\t\t<\/div>\n\t\t<div class=\"elementor-element elementor-element-2c13224a e-con-full e-flex e-con e-child\" data-id=\"2c13224a\" data-element_type=\"container\" data-e-type=\"container\">\n\t\t\t\t<div class=\"elementor-element elementor-element-0eymh9ub elementor-widget elementor-widget-text-editor\" data-id=\"0eymh9ub\" data-element_type=\"widget\" data-e-type=\"widget\" data-widget_type=\"text-editor.default\">\n\t\t\t\t\t\t\t\t\t<footer class=\"iwg-literatur\"><ul><li><span data-nosnippet>West, Martin L.: Hesiod, Theogony: Commentary. 1966<\/span><\/li><li>Bremmer, Jan N.: Greek Religion. 2008<\/li><li>Rohde, Erwin: Psyche. 1925<\/li><li><span data-nosnippet>Vernant, Jean-Pierre: The Universe, the Gods, and Men. 2001<\/span><\/li><\/ul>\n<p class=\"iwg-bib-more\"><span data-nosnippet>M\u00e9s obres de refer\u00e8ncia al <a href=\"https:\/\/iwell-guard.com\/ca\/?page_id=171483\">llistat bibliogr\u00e0fic<\/a>.<\/span><\/p><\/footer>\t\t\t\t\t\t\t\t<\/div>\n\t\t\t\t<\/div>\n\t\t\t\t\t<\/div>\n\t\t\t\t<\/div>\n\t\t<div class=\"elementor-element elementor-element-iwgca-harpyien-sec e-flex e-con-boxed e-con e-parent\" data-id=\"iwgca-harpyien-sec\" data-element_type=\"container\" data-e-type=\"container\" id=\"iwg-ca-harpyien\">\n\t\t\t\t\t<div class=\"e-con-inner\">\n\t\t\t\t<div class=\"elementor-element elementor-element-iwgca-harpyien-te iwg-ca-textwrap elementor-widget elementor-widget-text-editor\" data-id=\"iwgca-harpyien-te\" data-element_type=\"widget\" data-e-type=\"widget\" data-widget_type=\"text-editor.default\">\n\t\t\t\t\t\t\t\t\t<div data-nosnippet=\"true\"><p class=\"iwg-ca-bridge\">La pr\u00e0ctica de protecci\u00f3 descrita aqu\u00ed \u00e9s una classificaci\u00f3 de tradicions hist\u00f2riques des de la perspectiva de la ci\u00e8ncia de les religions. iWell Guard s&#8217;inspira en aquesta l\u00ednia cultural i hist\u00f2rica d&#8217;objectes de protecci\u00f3 portables i n&#8217;\u00e9s una forma contempor\u00e0nia. <a href=\"\/ueber-iwell-guard\/?utm_source=iwell-guard.com&#038;utm_medium=text-link&#038;utm_campaign=schadwesen-tradition\">M\u00e9s informaci\u00f3 sobre l&#8217;iWell Guard \u2192<\/a><\/p><\/div>\t\t\t\t\t\t\t\t<\/div>\n\t\t\t\t\t<\/div>\n\t\t\t\t<\/div>\n\t\t\t\t<\/div>\n\t\t","protected":false},"excerpt":{"rendered":"","protected":false},"author":3,"featured_media":1574,"parent":0,"menu_order":0,"comment_status":"closed","ping_status":"closed","template":"elementor_header_footer","meta":{"_yoast_wpseo_focuskw":"Harpies","_yoast_wpseo_title":"Harpies - Dones-ocell amb urpes, missatgeres de la ira","_yoast_wpseo_metadesc":"Dones-ocell amb urpes, dimonis lladres i \u00e9ssers de la tempesta. El turment de Fineu, la llegenda dels argonautes i el desordre de la natura.","_yoast_wpseo_meta-robots-noindex":"","_yoast_wpseo_canonical":"","_angie_page":false,"gefaehrdungsstufe":"3","wesen_kultur":"griechenland","wesen_klasse":"daemonen","footnotes":""},"categories":[],"class_list":["post-171598","page","type-page","status-publish","has-post-thumbnail","hentry"],"yoast_head":"<!-- This site is optimized with the Yoast SEO Premium plugin v27.7 (Yoast SEO v28.3) - https:\/\/yoast.com\/product\/yoast-seo-premium-wordpress\/ -->\n<title>Harpies - Dones-ocell amb urpes, missatgeres de la ira<\/title>\n<meta name=\"description\" content=\"Dones-ocell amb urpes, dimonis lladres i \u00e9ssers de la tempesta. El turment de Fineu, la llegenda dels argonautes i el desordre de la natura.\" \/>\n<meta name=\"robots\" content=\"index, follow, max-snippet:-1, max-image-preview:large, max-video-preview:-1\" \/>\n<link rel=\"canonical\" href=\"https:\/\/iwell-guard.com\/ca\/harpies\/\" \/>\n<meta property=\"og:locale\" content=\"ca_ES\" \/>\n<meta property=\"og:type\" content=\"article\" \/>\n<meta property=\"og:title\" content=\"Harpies\" \/>\n<meta property=\"og:description\" content=\"Dones-ocell amb urpes, dimonis lladres i \u00e9ssers de la tempesta. El turment de Fineu, la llegenda dels argonautes i el desordre de la natura.\" \/>\n<meta property=\"og:url\" content=\"https:\/\/iwell-guard.com\/ca\/harpies\/\" \/>\n<meta property=\"og:site_name\" content=\"iWell Guard\" \/>\n<meta property=\"article:modified_time\" content=\"2026-09-05T16:02:06+00:00\" \/>\n<meta property=\"og:image\" content=\"https:\/\/iwell-guard.com\/wp-content\/uploads\/2026\/04\/daemonen_griechenland_harpyien.webp\" \/>\n\t<meta property=\"og:image:width\" content=\"1024\" \/>\n\t<meta property=\"og:image:height\" content=\"1536\" \/>\n\t<meta property=\"og:image:type\" content=\"image\/webp\" \/>\n<meta name=\"twitter:card\" content=\"summary_large_image\" \/>\n<script type=\"application\/ld+json\" class=\"yoast-schema-graph\">{\"@context\":\"https:\\\/\\\/schema.org\",\"@graph\":[{\"@type\":\"WebPage\",\"@id\":\"https:\\\/\\\/iwell-guard.com\\\/ca\\\/harpies\\\/\",\"url\":\"https:\\\/\\\/iwell-guard.com\\\/ca\\\/harpies\\\/\",\"name\":\"Harpies - Dones-ocell amb urpes, missatgeres de la ira\",\"isPartOf\":{\"@id\":\"https:\\\/\\\/iwell-guard.com\\\/ca\\\/#website\"},\"primaryImageOfPage\":{\"@id\":\"https:\\\/\\\/iwell-guard.com\\\/ca\\\/harpies\\\/#primaryimage\"},\"image\":{\"@id\":\"https:\\\/\\\/iwell-guard.com\\\/ca\\\/harpies\\\/#primaryimage\"},\"thumbnailUrl\":\"https:\\\/\\\/iwell-guard.com\\\/wp-content\\\/uploads\\\/2026\\\/04\\\/daemonen_griechenland_harpyien.webp\",\"datePublished\":\"2026-09-05T15:40:44+00:00\",\"dateModified\":\"2026-09-05T16:02:06+00:00\",\"description\":\"Dones-ocell amb urpes, dimonis lladres i \u00e9ssers de la tempesta. El turment de Fineu, la llegenda dels argonautes i el desordre de la natura.\",\"breadcrumb\":{\"@id\":\"https:\\\/\\\/iwell-guard.com\\\/ca\\\/harpies\\\/#breadcrumb\"},\"inLanguage\":\"ca\",\"potentialAction\":[{\"@type\":\"ReadAction\",\"target\":[\"https:\\\/\\\/iwell-guard.com\\\/ca\\\/harpies\\\/\"]}]},{\"@type\":\"ImageObject\",\"inLanguage\":\"ca\",\"@id\":\"https:\\\/\\\/iwell-guard.com\\\/ca\\\/harpies\\\/#primaryimage\",\"url\":\"https:\\\/\\\/iwell-guard.com\\\/wp-content\\\/uploads\\\/2026\\\/04\\\/daemonen_griechenland_harpyien.webp\",\"contentUrl\":\"https:\\\/\\\/iwell-guard.com\\\/wp-content\\\/uploads\\\/2026\\\/04\\\/daemonen_griechenland_harpyien.webp\",\"width\":1024,\"height\":1536,\"caption\":\"Dimonis de la tradici\u00f3 grega.\"},{\"@type\":\"BreadcrumbList\",\"@id\":\"https:\\\/\\\/iwell-guard.com\\\/ca\\\/harpies\\\/#breadcrumb\",\"itemListElement\":[{\"@type\":\"ListItem\",\"position\":1,\"name\":\"Start\",\"item\":\"https:\\\/\\\/iwell-guard.com\\\/ca\\\/?page_id=171333\"},{\"@type\":\"ListItem\",\"position\":2,\"name\":\"Harpies\"}]},{\"@type\":\"WebSite\",\"@id\":\"https:\\\/\\\/iwell-guard.com\\\/ca\\\/#website\",\"url\":\"https:\\\/\\\/iwell-guard.com\\\/ca\\\/\",\"name\":\"iWell Guard\",\"description\":\"Schutz vor dunklen Einfl\u00fcssen\",\"publisher\":{\"@id\":\"https:\\\/\\\/iwell-guard.com\\\/ca\\\/#organization\"},\"potentialAction\":[{\"@type\":\"SearchAction\",\"target\":{\"@type\":\"EntryPoint\",\"urlTemplate\":\"https:\\\/\\\/iwell-guard.com\\\/ca\\\/?s={search_term_string}\"},\"query-input\":{\"@type\":\"PropertyValueSpecification\",\"valueRequired\":true,\"valueName\":\"search_term_string\"}}],\"inLanguage\":\"ca\"},{\"@type\":\"Organization\",\"@id\":\"https:\\\/\\\/iwell-guard.com\\\/ca\\\/#organization\",\"name\":\"Ittermann electronic GmbH\",\"url\":\"https:\\\/\\\/iwell-guard.com\\\/ca\\\/\",\"logo\":{\"@type\":\"ImageObject\",\"inLanguage\":\"ca\",\"@id\":\"https:\\\/\\\/iwell-guard.com\\\/ca\\\/#\\\/schema\\\/logo\\\/image\\\/\",\"url\":\"https:\\\/\\\/iwell-guard.com\\\/wp-content\\\/uploads\\\/2026\\\/05\\\/Ittermann-Logo-1182x237-1.png\",\"contentUrl\":\"https:\\\/\\\/iwell-guard.com\\\/wp-content\\\/uploads\\\/2026\\\/05\\\/Ittermann-Logo-1182x237-1.png\",\"width\":1182,\"height\":237,\"caption\":\"Ittermann electronic GmbH\"},\"image\":{\"@id\":\"https:\\\/\\\/iwell-guard.com\\\/ca\\\/#\\\/schema\\\/logo\\\/image\\\/\"},\"sameAs\":[\"https:\\\/\\\/pantip.com\\\/profile\\\/9367242\",\"https:\\\/\\\/micro.blog\\\/iwellguard\",\"https:\\\/\\\/www.diggerslist.com\\\/iwellguard\\\/about\",\"https:\\\/\\\/skitterphoto.com\\\/photographers\\\/2870314\\\/iwell-guard\",\"https:\\\/\\\/iwellguard.wordpress.com\\\/2026\\\/06\\\/06\\\/iwell-guard\\\/\",\"https:\\\/\\\/hub.docker.com\\\/u\\\/iwellguard\",\"https:\\\/\\\/www.pinterest.com\\\/iwellguard\\\/\",\"https:\\\/\\\/bit.ly\\\/m\\\/iwellguard\",\"https:\\\/\\\/entre-vos-mains.alsace.eu\\\/profiles\\\/iwellguard\\\/activity\",\"https:\\\/\\\/gravatar.com\\\/reallybeded8fd34\",\"https:\\\/\\\/naijamatta.com\\\/iwellguard\",\"https:\\\/\\\/www.goodreads.com\\\/iwellguard\",\"https:\\\/\\\/profile.hatena.ne.jp\\\/iwellguard\\\/\",\"https:\\\/\\\/experiment.com\\\/users\\\/iwellguard\",\"https:\\\/\\\/wakelet.com\\\/@iWellGuard82270\",\"https:\\\/\\\/www.chordie.com\\\/forum\\\/profile.php?id=2555664\",\"https:\\\/\\\/www.instapaper.com\\\/p\\\/17757966\",\"https:\\\/\\\/www.mapleprimes.com\\\/users\\\/iwellguard\",\"https:\\\/\\\/businesslistingplus.com\\\/profile\\\/iwell-guard\\\/\",\"https:\\\/\\\/telegra.ph\\\/iWell-Guard-06-06\",\"https:\\\/\\\/pbase.com\\\/iwellguard\\\/iwellguard\",\"https:\\\/\\\/b.hatena.ne.jp\\\/iwellguard\\\/20260607#bookmark-4788405196491818882\",\"https:\\\/\\\/fliphtml5.com\\\/home\\\/iwellguard\",\"https:\\\/\\\/anyflip.com\\\/homepage\\\/cmiwl#About\",\"https:\\\/\\\/transfur.com\\\/Users\\\/iwellguard\",\"http:\\\/\\\/delphi.larsbo.org\\\/user\\\/iwellguard\",\"https:\\\/\\\/jobs.lajobsportal.org\\\/profiles\\\/8380803-iwell-guard\",\"https:\\\/\\\/md.chaosdorf.de\\\/s\\\/jfbe5SBdJD\",\"https:\\\/\\\/www.lingvolive.com\\\/en-us\\\/profile\\\/9ecaeaca-ce11-4e51-9e71-01d55e2bff36\\\/translations\",\"https:\\\/\\\/www.fitday.com\\\/fitness\\\/forums\\\/members\\\/iwellguard.html\",\"https:\\\/\\\/www.mymeetbook.com\\\/iwellguard\",\"https:\\\/\\\/pxhere.com\\\/en\\\/photographer-me\\\/5040798\",\"https:\\\/\\\/disqus.com\\\/by\\\/iwellguard\\\/about\\\/\",\"https:\\\/\\\/pastelink.net\\\/hjwciqwq\",\"https:\\\/\\\/pubhtml5.com\\\/homepage\\\/scjhn\\\/\",\"https:\\\/\\\/www.bitchute.com\\\/channel\\\/2O2eOKzNqujT\",\"https:\\\/\\\/audiomack.com\\\/iwellguard\"]},{\"@type\":\"Article\",\"@id\":\"https:\\\/\\\/iwell-guard.com\\\/ca\\\/harpies\\\/#article\",\"isPartOf\":{\"@id\":\"https:\\\/\\\/iwell-guard.com\\\/ca\\\/harpies\\\/\"},\"author\":{\"name\":\"Ralf Ittermann\",\"@id\":\"https:\\\/\\\/iwell-guard.com\\\/ca\\\/#\\\/schema\\\/person\\\/ee2a27f1cac3406c7c6fb5820cb7349f\"},\"headline\":\"Harpies\",\"datePublished\":\"2026-09-05T15:40:44+00:00\",\"dateModified\":\"2026-09-05T16:02:06+00:00\",\"mainEntityOfPage\":{\"@id\":\"https:\\\/\\\/iwell-guard.com\\\/ca\\\/harpies\\\/\"},\"publisher\":{\"@id\":\"https:\\\/\\\/iwell-guard.com\\\/ca\\\/#organization\"},\"image\":{\"@id\":\"https:\\\/\\\/iwell-guard.com\\\/ca\\\/harpies\\\/#primaryimage\"},\"thumbnailUrl\":\"https:\\\/\\\/iwell-guard.com\\\/wp-content\\\/uploads\\\/2026\\\/04\\\/daemonen_griechenland_harpyien.webp\",\"inLanguage\":\"ca\",\"description\":\"Dones-ocell amb urpes, dimonis lladres i \u00e9ssers de la tempesta. El turment de Fineu, la llegenda dels argonautes i el desordre de la natura.\"}]}<\/script>\n<!-- \/ Yoast SEO Premium plugin. -->","yoast_head_json":{"title":"Harpies - Dones-ocell amb urpes, missatgeres de la ira","description":"Dones-ocell amb urpes, dimonis lladres i \u00e9ssers de la tempesta. El turment de Fineu, la llegenda dels argonautes i el desordre de la natura.","robots":{"index":"index","follow":"follow","max-snippet":"max-snippet:-1","max-image-preview":"max-image-preview:large","max-video-preview":"max-video-preview:-1"},"canonical":"https:\/\/iwell-guard.com\/ca\/harpies\/","og_locale":"ca_ES","og_type":"article","og_title":"Harpies","og_description":"Dones-ocell amb urpes, dimonis lladres i \u00e9ssers de la tempesta. El turment de Fineu, la llegenda dels argonautes i el desordre de la natura.","og_url":"https:\/\/iwell-guard.com\/ca\/harpies\/","og_site_name":"iWell Guard","article_modified_time":"2026-09-05T16:02:06+00:00","og_image":[{"width":1024,"height":1536,"url":"https:\/\/iwell-guard.com\/wp-content\/uploads\/2026\/04\/daemonen_griechenland_harpyien.webp","type":"image\/webp"}],"twitter_card":"summary_large_image","schema":{"@context":"https:\/\/schema.org","@graph":[{"@type":"Article","@id":"https:\/\/iwell-guard.com\/ca\/harpies\/#article","isPartOf":{"@id":"https:\/\/iwell-guard.com\/ca\/harpies\/"},"author":{"name":"Ralf Ittermann","@id":"https:\/\/iwell-guard.com\/ca\/#\/schema\/person\/ee2a27f1cac3406c7c6fb5820cb7349f"},"headline":"Harpies","datePublished":"2026-09-05T15:40:44+00:00","dateModified":"2026-09-05T16:02:06+00:00","mainEntityOfPage":{"@id":"https:\/\/iwell-guard.com\/ca\/harpies\/"},"publisher":{"@id":"https:\/\/iwell-guard.com\/ca\/#organization"},"image":{"@id":"https:\/\/iwell-guard.com\/ca\/harpies\/#primaryimage"},"thumbnailUrl":"https:\/\/iwell-guard.com\/wp-content\/uploads\/2026\/04\/daemonen_griechenland_harpyien.webp","inLanguage":"ca","description":"Dones-ocell amb urpes, dimonis lladres i \u00e9ssers de la tempesta. El turment de Fineu, la llegenda dels argonautes i el desordre de la natura."},{"@type":"WebPage","@id":"https:\/\/iwell-guard.com\/ca\/harpies\/","url":"https:\/\/iwell-guard.com\/ca\/harpies\/","name":"Harpies - Dones-ocell amb urpes, missatgeres de la ira","isPartOf":{"@id":"https:\/\/iwell-guard.com\/ca\/#website"},"primaryImageOfPage":{"@id":"https:\/\/iwell-guard.com\/ca\/harpies\/#primaryimage"},"image":{"@id":"https:\/\/iwell-guard.com\/ca\/harpies\/#primaryimage"},"thumbnailUrl":"https:\/\/iwell-guard.com\/wp-content\/uploads\/2026\/04\/daemonen_griechenland_harpyien.webp","datePublished":"2026-09-05T15:40:44+00:00","dateModified":"2026-09-05T16:02:06+00:00","description":"Dones-ocell amb urpes, dimonis lladres i \u00e9ssers de la tempesta. El turment de Fineu, la llegenda dels argonautes i el desordre de la natura.","breadcrumb":{"@id":"https:\/\/iwell-guard.com\/ca\/harpies\/#breadcrumb"},"inLanguage":"ca","potentialAction":[{"@type":"ReadAction","target":["https:\/\/iwell-guard.com\/ca\/harpies\/"]}]},{"@type":"ImageObject","inLanguage":"ca","@id":"https:\/\/iwell-guard.com\/ca\/harpies\/#primaryimage","url":"https:\/\/iwell-guard.com\/wp-content\/uploads\/2026\/04\/daemonen_griechenland_harpyien.webp","contentUrl":"https:\/\/iwell-guard.com\/wp-content\/uploads\/2026\/04\/daemonen_griechenland_harpyien.webp","width":1024,"height":1536,"caption":"Dimonis de la tradici\u00f3 grega."},{"@type":"BreadcrumbList","@id":"https:\/\/iwell-guard.com\/ca\/harpies\/#breadcrumb","itemListElement":[{"@type":"ListItem","position":1,"name":"Start","item":"https:\/\/iwell-guard.com\/ca\/?page_id=171333"},{"@type":"ListItem","position":2,"name":"Harpies"}]},{"@type":"WebSite","@id":"https:\/\/iwell-guard.com\/ca\/#website","url":"https:\/\/iwell-guard.com\/ca\/","name":"iWell Guard","description":"Schutz vor dunklen Einfl\u00fcssen","publisher":{"@id":"https:\/\/iwell-guard.com\/ca\/#organization"},"potentialAction":[{"@type":"SearchAction","target":{"@type":"EntryPoint","urlTemplate":"https:\/\/iwell-guard.com\/ca\/?s={search_term_string}"},"query-input":{"@type":"PropertyValueSpecification","valueRequired":true,"valueName":"search_term_string"}}],"inLanguage":"ca"},{"@type":"Organization","@id":"https:\/\/iwell-guard.com\/ca\/#organization","name":"Ittermann electronic GmbH","url":"https:\/\/iwell-guard.com\/ca\/","logo":{"@type":"ImageObject","inLanguage":"ca","@id":"https:\/\/iwell-guard.com\/ca\/#\/schema\/logo\/image\/","url":"https:\/\/iwell-guard.com\/wp-content\/uploads\/2026\/05\/Ittermann-Logo-1182x237-1.png","contentUrl":"https:\/\/iwell-guard.com\/wp-content\/uploads\/2026\/05\/Ittermann-Logo-1182x237-1.png","width":1182,"height":237,"caption":"Ittermann electronic GmbH"},"image":{"@id":"https:\/\/iwell-guard.com\/ca\/#\/schema\/logo\/image\/"},"sameAs":["https:\/\/pantip.com\/profile\/9367242","https:\/\/micro.blog\/iwellguard","https:\/\/www.diggerslist.com\/iwellguard\/about","https:\/\/skitterphoto.com\/photographers\/2870314\/iwell-guard","https:\/\/iwellguard.wordpress.com\/2026\/06\/06\/iwell-guard\/","https:\/\/hub.docker.com\/u\/iwellguard","https:\/\/www.pinterest.com\/iwellguard\/","https:\/\/bit.ly\/m\/iwellguard","https:\/\/entre-vos-mains.alsace.eu\/profiles\/iwellguard\/activity","https:\/\/gravatar.com\/reallybeded8fd34","https:\/\/naijamatta.com\/iwellguard","https:\/\/www.goodreads.com\/iwellguard","https:\/\/profile.hatena.ne.jp\/iwellguard\/","https:\/\/experiment.com\/users\/iwellguard","https:\/\/wakelet.com\/@iWellGuard82270","https:\/\/www.chordie.com\/forum\/profile.php?id=2555664","https:\/\/www.instapaper.com\/p\/17757966","https:\/\/www.mapleprimes.com\/users\/iwellguard","https:\/\/businesslistingplus.com\/profile\/iwell-guard\/","https:\/\/telegra.ph\/iWell-Guard-06-06","https:\/\/pbase.com\/iwellguard\/iwellguard","https:\/\/b.hatena.ne.jp\/iwellguard\/20260607#bookmark-4788405196491818882","https:\/\/fliphtml5.com\/home\/iwellguard","https:\/\/anyflip.com\/homepage\/cmiwl#About","https:\/\/transfur.com\/Users\/iwellguard","http:\/\/delphi.larsbo.org\/user\/iwellguard","https:\/\/jobs.lajobsportal.org\/profiles\/8380803-iwell-guard","https:\/\/md.chaosdorf.de\/s\/jfbe5SBdJD","https:\/\/www.lingvolive.com\/en-us\/profile\/9ecaeaca-ce11-4e51-9e71-01d55e2bff36\/translations","https:\/\/www.fitday.com\/fitness\/forums\/members\/iwellguard.html","https:\/\/www.mymeetbook.com\/iwellguard","https:\/\/pxhere.com\/en\/photographer-me\/5040798","https:\/\/disqus.com\/by\/iwellguard\/about\/","https:\/\/pastelink.net\/hjwciqwq","https:\/\/pubhtml5.com\/homepage\/scjhn\/","https:\/\/www.bitchute.com\/channel\/2O2eOKzNqujT","https:\/\/audiomack.com\/iwellguard"]},{"@type":"Person","@id":"https:\/\/iwell-guard.com\/ca\/#\/schema\/person\/ee2a27f1cac3406c7c6fb5820cb7349f","name":"Ralf Ittermann","image":{"@type":"ImageObject","inLanguage":"ca","@id":"https:\/\/secure.gravatar.com\/avatar\/073c0153e350a5005b68eb752b445fea71f6b24a26da9449ad7e155e6b446c9d?s=96&d=mm&r=g","url":"https:\/\/secure.gravatar.com\/avatar\/073c0153e350a5005b68eb752b445fea71f6b24a26da9449ad7e155e6b446c9d?s=96&d=mm&r=g","contentUrl":"https:\/\/secure.gravatar.com\/avatar\/073c0153e350a5005b68eb752b445fea71f6b24a26da9449ad7e155e6b446c9d?s=96&d=mm&r=g","caption":"Ralf Ittermann"},"givenName":"Ralf","familyName":"Ittermann","jobTitle":"Gesch\u00e4ftsf\u00fchrer und redaktioneller Verantwortlicher","url":"https:\/\/iwell-guard.com\/ca\/author\/claude\/","description":"Ralf Ittermann ist Gesch\u00e4ftsf\u00fchrer der Ittermann electronic GmbH und redaktioneller Verantwortlicher des iWell-Guard-Lexikons. Er verbindet langj\u00e4hrige Erfahrung in der Pr\u00e4zisionsfertigung mit medialer Praxis und religionsgeschichtlicher Quellenarbeit.","worksFor":{"@type":"Organization","name":"Ittermann electronic GmbH","url":"https:\/\/ittermann.de\/","address":{"@type":"PostalAddress","streetAddress":"K\u00f6hlergasse 16-18","postalCode":"99842","addressLocality":"Ruhla","addressCountry":"DE"}},"knowsAbout":["Religionsgeschichte","Mythologie","Mediale Praxis","Energetische Diagnostik","Schutzpraxis","Volksglauben","Westliche Esoterik"]},{"@type":"Article","@id":"https:\/\/iwell-guard.com\/ca\/harpies\/#article","isPartOf":{"@id":"https:\/\/iwell-guard.com\/ca\/harpies\/"},"author":{"name":"Ralf Ittermann","@id":"https:\/\/iwell-guard.com\/ca\/#\/schema\/person\/ee2a27f1cac3406c7c6fb5820cb7349f"},"headline":"Harpies","datePublished":"2026-09-05T15:40:44+00:00","dateModified":"2026-09-05T16:02:06+00:00","mainEntityOfPage":{"@id":"https:\/\/iwell-guard.com\/ca\/harpies\/"},"publisher":{"@id":"https:\/\/iwell-guard.com\/ca\/#organization"},"image":{"@id":"https:\/\/iwell-guard.com\/ca\/harpies\/#primaryimage"},"thumbnailUrl":"https:\/\/iwell-guard.com\/wp-content\/uploads\/2026\/04\/daemonen_griechenland_harpyien.webp","inLanguage":"ca","description":"Dones-ocell amb urpes, dimonis lladres i \u00e9ssers de la tempesta. El turment de Fineu, la llegenda dels argonautes i el desordre de la natura."}]}},"_links":{"self":[{"href":"https:\/\/iwell-guard.com\/ca\/wp-json\/wp\/v2\/pages\/171598","targetHints":{"allow":["GET"]}}],"collection":[{"href":"https:\/\/iwell-guard.com\/ca\/wp-json\/wp\/v2\/pages"}],"about":[{"href":"https:\/\/iwell-guard.com\/ca\/wp-json\/wp\/v2\/types\/page"}],"author":[{"embeddable":true,"href":"https:\/\/iwell-guard.com\/ca\/wp-json\/wp\/v2\/users\/3"}],"replies":[{"embeddable":true,"href":"https:\/\/iwell-guard.com\/ca\/wp-json\/wp\/v2\/comments?post=171598"}],"version-history":[{"count":0,"href":"https:\/\/iwell-guard.com\/ca\/wp-json\/wp\/v2\/pages\/171598\/revisions"}],"wp:featuredmedia":[{"embeddable":true,"href":"https:\/\/iwell-guard.com\/ca\/wp-json\/wp\/v2\/media\/1574"}],"wp:attachment":[{"href":"https:\/\/iwell-guard.com\/ca\/wp-json\/wp\/v2\/media?parent=171598"}],"wp:term":[{"taxonomy":"category","embeddable":true,"href":"https:\/\/iwell-guard.com\/ca\/wp-json\/wp\/v2\/categories?post=171598"}],"curies":[{"name":"wp","href":"https:\/\/api.w.org\/{rel}","templated":true}]}}