{"id":171594,"date":"2026-09-05T15:40:42","date_gmt":"2026-09-05T15:40:42","guid":{"rendered":"https:\/\/iwell-guard.com\/?page_id=171594"},"modified":"2026-09-05T16:02:00","modified_gmt":"2026-09-05T16:02:00","slug":"israfil","status":"publish","type":"page","link":"https:\/\/iwell-guard.com\/ca\/israfil\/","title":{"rendered":"Israfil"},"content":{"rendered":"\t\t<div data-elementor-type=\"wp-page\" data-elementor-id=\"171594\" class=\"elementor elementor-171594 elementor-2144 elementor-bc-flex-widget\" data-elementor-post-type=\"page\">\n\t\t\t\t<div class=\"elementor-element elementor-element-10fdade e-flex e-con-boxed e-con e-parent\" data-id=\"10fdade\" data-element_type=\"container\" data-e-type=\"container\" data-settings=\"{&quot;background_background&quot;:&quot;classic&quot;}\">\n\t\t\t\t\t<div class=\"e-con-inner\">\n\t\t<div class=\"elementor-element elementor-element-herohlft0 e-flex e-con-boxed e-con e-child\" data-id=\"herohlft0\" data-element_type=\"container\" data-e-type=\"container\">\n\t\t\t\t\t<div class=\"e-con-inner\">\n\t\t<div class=\"elementor-element elementor-element-c3ceb64 e-con-full e-flex e-con e-child\" data-id=\"c3ceb64\" data-element_type=\"container\" data-e-type=\"container\">\n\t\t\t\t<div class=\"elementor-element elementor-element-96ae5e1 elementor-widget elementor-widget-heading\" data-id=\"96ae5e1\" data-element_type=\"widget\" data-e-type=\"widget\" data-widget_type=\"heading.default\">\n\t\t\t\t\t<h1 class=\"elementor-heading-title elementor-size-default\">Israfil, d\u00e9u de la tradici\u00f3 isl\u00e0mica<\/h1>\t\t\t\t<\/div>\n\t\t\t\t<div class=\"elementor-element elementor-element-e45238a elementor-widget elementor-widget-text-editor\" data-id=\"e45238a\" data-element_type=\"widget\" data-e-type=\"widget\" data-widget_type=\"text-editor.default\">\n\t\t\t\t\t\t\t\t\t<p>Israfil \u00e9s la figura d&#8217;arc\u00e0ngel de la tradici\u00f3 isl\u00e0mica, <span class=\"iwg-fachbegriff\" data-tooltip=\"En les religions abra\u00e0miques, un \u00e9sser missatger celestial de D\u00e9u.\" tabindex=\"0\">\u00e0ngel<\/span> de la trompeta de la resurrecci\u00f3 i heraldi del Judici Final. La seva import\u00e0ncia des del punt de vista de la ci\u00e8ncia de la religi\u00f3 rau en l&#8217;encarnaci\u00f3 de punts d&#8217;inflexi\u00f3 escatol\u00f2gics, en la transformaci\u00f3 c\u00f2smica del terrenal a l&#8217;etern i en la <span class=\"iwg-fachbegriff\" tabindex=\"0\" data-tooltip=\"Corrent religi\u00f3s centrat en l'experi\u00e8ncia directa de D\u00e9u; central en les tradicions jueva, cristiana i isl\u00e0mica.\">m\u00edstica<\/span> com a heraldi de l&#8217;hora (As-Sa&#8217;ah).<\/p>\t\t\t\t\t\t\t\t<\/div>\n\t\t\t\t<\/div>\n\t\t<div class=\"elementor-element elementor-element-klsbdg01 e-con-full e-flex e-con e-parent\" data-id=\"klsbdg01\" data-element_type=\"container\" data-e-type=\"container\">\n\t\t\t\t<div class=\"elementor-element elementor-element-klshtm01 elementor-widget elementor-widget-html\" data-id=\"klshtm01\" data-element_type=\"widget\" data-e-type=\"widget\" data-widget_type=\"html.default\">\n\t\t\t\t\t<div class=\"iwg-pill-row\"><span class=\"iwg-klasse-badge\" tabindex=\"0\" data-tooltip=\"\u00c9ssers de llum: \u00e9ssers il\u00b7luminats, protectors o instructors, arc\u00e0ngels, mestres ascendits, \u00e9ssers de la natura lluminosos. Descrits en tradicions espirituals antigues i modernes com a ajudants i mestres.\">\u00c9sser de llum<\/span><a href=\"https:\/\/iwell-guard.com\/ca\/?page_id=171365\" class=\"iwg-kultur-badge\" tabindex=\"0\" data-tooltip=\"M\u00f3n de creences isl\u00e0mic amb arc\u00e0ngels, djinns i \u00e9ssers religiosos.\">Islam<\/a><span class=\"iwg-tradition-badge\" tabindex=\"0\" data-tooltip=\"Arc\u00e0ngel, la classe ang\u00e8lica m\u00e9s alta en la tradici\u00f3 jueva, cristiana i isl\u00e0mica.\">Arc\u00e0ngel<\/span><\/div>\t\t\t\t<\/div>\n\t\t\t\t<\/div>\n\t\t<div class=\"elementor-element elementor-element-3f74855 e-con-full e-flex e-con e-child\" data-id=\"3f74855\" data-element_type=\"container\" data-e-type=\"container\">\n\t\t\t\t<div class=\"elementor-element elementor-element-1c30362 elementor-toc--minimized-on-tablet elementor-widget elementor-widget-table-of-contents\" data-id=\"1c30362\" data-element_type=\"widget\" data-e-type=\"widget\" data-settings=\"{&quot;exclude_headings_by_selector&quot;:[],&quot;no_headings_message&quot;:&quot;No s&#039;ha trobat cap encap\\u00e7alament en aquesta p\\u00e0gina.&quot;,&quot;headings_by_tags&quot;:[&quot;h2&quot;,&quot;h3&quot;],&quot;marker_view&quot;:&quot;bullets&quot;,&quot;minimize_box&quot;:&quot;yes&quot;,&quot;icon&quot;:{&quot;value&quot;:&quot;fas fa-circle&quot;,&quot;library&quot;:&quot;fa-solid&quot;,&quot;rendered_tag&quot;:&quot;&lt;svg class=\\&quot;e-font-icon-svg e-fas-circle\\&quot; viewBox=\\&quot;0 0 512 512\\&quot; xmlns=\\&quot;http:\\\/\\\/www.w3.org\\\/2000\\\/svg\\&quot;&gt;&lt;path d=\\&quot;M256 8C119 8 8 119 8 256s111 248 248 248 248-111 248-248S393 8 256 8z\\&quot;&gt;&lt;\\\/path&gt;&lt;\\\/svg&gt;&quot;},&quot;minimized_on&quot;:&quot;tablet&quot;,&quot;hierarchical_view&quot;:&quot;yes&quot;,&quot;min_height&quot;:{&quot;unit&quot;:&quot;px&quot;,&quot;size&quot;:&quot;&quot;,&quot;sizes&quot;:[]},&quot;min_height_tablet&quot;:{&quot;unit&quot;:&quot;px&quot;,&quot;size&quot;:&quot;&quot;,&quot;sizes&quot;:[]},&quot;min_height_mobile&quot;:{&quot;unit&quot;:&quot;px&quot;,&quot;size&quot;:&quot;&quot;,&quot;sizes&quot;:[]}}\" data-widget_type=\"table-of-contents.default\">\n\t\t\t\t\t\t\t\t\t<div class=\"elementor-toc__header\">\n\t\t\t\t\t\t<h2 class=\"elementor-toc__header-title\">\n\t\t\t\t\u00cdndex\t\t\t<\/h2>\n\t\t\t\t\t\t\t\t\t\t<div class=\"elementor-toc__toggle-button elementor-toc__toggle-button--expand\" role=\"button\" tabindex=\"0\" aria-controls=\"elementor-toc__1c30362\" aria-expanded=\"true\" aria-label=\"Open table of contents\"><svg aria-hidden=\"true\" class=\"e-font-icon-svg e-fas-chevron-down\" viewBox=\"0 0 448 512\" xmlns=\"http:\/\/www.w3.org\/2000\/svg\"><path d=\"M207.029 381.476L12.686 187.132c-9.373-9.373-9.373-24.569 0-33.941l22.667-22.667c9.357-9.357 24.522-9.375 33.901-.04L224 284.505l154.745-154.021c9.379-9.335 24.544-9.317 33.901.04l22.667 22.667c9.373 9.373 9.373 24.569 0 33.941L240.971 381.476c-9.373 9.372-24.569 9.372-33.942 0z\"><\/path><\/svg><\/div>\n\t\t\t\t<div class=\"elementor-toc__toggle-button elementor-toc__toggle-button--collapse\" role=\"button\" tabindex=\"0\" aria-controls=\"elementor-toc__1c30362\" aria-expanded=\"true\" aria-label=\"Close table of contents\"><svg aria-hidden=\"true\" class=\"e-font-icon-svg e-fas-chevron-up\" viewBox=\"0 0 448 512\" xmlns=\"http:\/\/www.w3.org\/2000\/svg\"><path d=\"M240.971 130.524l194.343 194.343c9.373 9.373 9.373 24.569 0 33.941l-22.667 22.667c-9.357 9.357-24.522 9.375-33.901.04L224 227.495 69.255 381.516c-9.379 9.335-24.544 9.317-33.901-.04l-22.667-22.667c-9.373-9.373-9.373-24.569 0-33.941L207.03 130.525c9.372-9.373 24.568-9.373 33.941-.001z\"><\/path><\/svg><\/div>\n\t\t\t\t\t<\/div>\n\t\t\t\t<div id=\"elementor-toc__1c30362\" class=\"elementor-toc__body\">\n\t\t\t<div class=\"elementor-toc__spinner-container\">\n\t\t\t\t<svg class=\"elementor-toc__spinner eicon-animation-spin e-font-icon-svg e-eicon-loading\" aria-hidden=\"true\" viewBox=\"0 0 1000 1000\" xmlns=\"http:\/\/www.w3.org\/2000\/svg\"><path d=\"M500 975V858C696 858 858 696 858 500S696 142 500 142 142 304 142 500H25C25 237 238 25 500 25S975 237 975 500 763 975 500 975Z\"><\/path><\/svg>\t\t\t<\/div>\n\t\t<\/div>\n\t\t\t\t\t\t<\/div>\n\t\t\t\t<\/div>\n\t\t\t\t\t<\/div>\n\t\t\t\t<\/div>\n\t\t<div class=\"elementor-element elementor-element-herorght0 e-con-full e-flex e-con e-child\" data-id=\"herorght0\" data-element_type=\"container\" data-e-type=\"container\">\n\t\t\t\t<div class=\"elementor-element elementor-element-heroimg00 iwg-hero-image elementor-widget elementor-widget-image\" data-id=\"heroimg00\" data-element_type=\"widget\" data-e-type=\"widget\" data-widget_type=\"image.default\">\n\t\t\t\t\t\t\t\t\t\t\t\t\t\t\t<img fetchpriority=\"high\" decoding=\"async\" width=\"683\" height=\"1024\" src=\"https:\/\/iwell-guard.com\/wp-content\/uploads\/2026\/04\/goetter_islam_israfil-683x1024.webp\" class=\"attachment-large size-large wp-image-173857\" alt=\"Israfil - D\u00e9us de la tradici\u00f3 isl\u00e0mica, il\u00b7lustratiu i hist\u00f2ric\" srcset=\"https:\/\/iwell-guard.com\/wp-content\/uploads\/2026\/04\/goetter_islam_israfil-683x1024.webp 683w, https:\/\/iwell-guard.com\/wp-content\/uploads\/2026\/04\/goetter_islam_israfil-200x300.webp 200w, https:\/\/iwell-guard.com\/wp-content\/uploads\/2026\/04\/goetter_islam_israfil-768x1152.webp 768w, https:\/\/iwell-guard.com\/wp-content\/uploads\/2026\/04\/goetter_islam_israfil.webp 1024w\" sizes=\"(max-width: 683px) 100vw, 683px\" \/>\t\t\t\t\t\t\t\t\t\t\t\t\t\t\t<\/div>\n\t\t\t\t<\/div>\n\t\t\t\t\t<\/div>\n\t\t\t\t<\/div>\n\t\t<div class=\"elementor-element elementor-element-32917199 e-flex e-con-boxed e-con e-parent\" data-id=\"32917199\" data-element_type=\"container\" data-e-type=\"container\">\n\t\t\t\t\t<div class=\"e-con-inner\">\n\t\t<div class=\"elementor-element elementor-element-26e916cb e-flex e-con-boxed e-con e-child\" data-id=\"26e916cb\" data-element_type=\"container\" data-e-type=\"container\">\n\t\t\t\t\t<div class=\"e-con-inner\">\n\t\t<div class=\"elementor-element elementor-element-253a40d4 e-flex e-con-boxed e-con e-child\" data-id=\"253a40d4\" data-element_type=\"container\" data-e-type=\"container\">\n\t\t\t\t\t<div class=\"e-con-inner\">\n\t\t\t\t<div class=\"elementor-element elementor-element-1200c304 elementor-widget elementor-widget-heading\" data-id=\"1200c304\" data-element_type=\"widget\" data-e-type=\"widget\" data-widget_type=\"heading.default\">\n\t\t\t\t\t<h2 class=\"elementor-heading-title elementor-size-default\">Israfil<\/h2>\t\t\t\t<\/div>\n\t\t\t\t<div class=\"elementor-element elementor-element-11758e7f elementor-widget elementor-widget-text-editor\" data-id=\"11758e7f\" data-element_type=\"widget\" data-e-type=\"widget\" data-widget_type=\"text-editor.default\">\n\t\t\t\t\t\t\t\t\t<p>Israfil actua com a <span class=\"iwg-fachbegriff\" data-tooltip=\"En les religions abra\u00e0miques, un \u00e9sser missatger celestial de D\u00e9u.\" tabindex=\"0\">\u00e0ngel<\/span> de la trompeta i missatger de la resurrecci\u00f3. Les seves qualitats inclouen la for\u00e7a, la consci\u00e8ncia c\u00f2smica i la proximitat immediata a l&#8217;instant del m\u00f3n.<\/p><p>Els mites centrals s\u00f3n: els dos tocs de trompeta d&#8217;Israfil (el primer per a la mort, el segon per a la resurrecci\u00f3), la suspensi\u00f3 del temps en bufar la trompeta (tota vida s&#8217;atura, totes les \u00e0nimes s&#8217;alcen), la trobada amb el profeta Mahoma durant l&#8217;ascensi\u00f3 celestial (Isra i Mi&#8217;raj), i les tradicions m\u00edstiques de l&#8217;escatologia suf\u00ed.<\/p>\t\t\t\t\t\t\t\t<\/div>\n\t\t\t\t\t<\/div>\n\t\t\t\t<\/div>\n\t\t<div class=\"elementor-element elementor-element-159dcf9a e-flex e-con-boxed e-con e-child\" data-id=\"159dcf9a\" data-element_type=\"container\" data-e-type=\"container\">\n\t\t\t\t\t<div class=\"e-con-inner\">\n\t\t\t\t<div class=\"elementor-element elementor-element-48cee66f elementor-widget elementor-widget-heading\" data-id=\"48cee66f\" data-element_type=\"widget\" data-e-type=\"widget\" data-widget_type=\"heading.default\">\n\t\t\t\t\t<h2 class=\"elementor-heading-title elementor-size-default\">Fitxa breu: Israfil<\/h2>\t\t\t\t<\/div>\n\t\t\t\t<div class=\"elementor-element elementor-element-3f50d82c elementor-widget elementor-widget-text-editor\" data-id=\"3f50d82c\" data-element_type=\"widget\" data-e-type=\"widget\" data-widget_type=\"text-editor.default\">\n\t\t\t\t\t\t\t\t\t<p>Israfil \u00e9s esmentat indirectament a l&#8217;Alcor\u00e0 (39:68 el dia en que la trompeta sonar\u00e0) i \u00e9s desenvolupat en col\u00b7leccions d&#8217;hadits (Tirmidhi, Ibn Majah, \u00e0rab, s. VIII-IX). L&#8217;atribuci\u00f3 del marc temporal es situa en el per\u00edode isl\u00e0mic primerenc. L&#8217;estat de la recerca (Schimmel, Hughes, Wild) documenta Israfil com a figura central per a l&#8217;escatologia isl\u00e0mica i la <span class=\"iwg-fachbegriff\" data-tooltip=\"Concepci\u00f3 de l'estructura i l'ordre del m\u00f3n dins d'una cultura.\" tabindex=\"0\">cosmologia<\/span> temporal.<\/p>\t\t\t\t\t\t\t\t<\/div>\n\t\t\t\t\t<\/div>\n\t\t\t\t<\/div>\n\t\t\t\t\t<\/div>\n\t\t\t\t<\/div>\n\t\t\t\t\t<\/div>\n\t\t\t\t<\/div>\n\t\t<div class=\"elementor-element elementor-element-18613602 e-flex e-con-boxed e-con e-parent\" data-id=\"18613602\" data-element_type=\"container\" data-e-type=\"container\">\n\t\t\t\t\t<div class=\"e-con-inner\">\n\t\t\t\t<div class=\"elementor-element elementor-element-262b8a9f elementor-widget elementor-widget-heading\" data-id=\"262b8a9f\" data-element_type=\"widget\" data-e-type=\"widget\" data-widget_type=\"heading.default\">\n\t\t\t\t\t<h2 class=\"elementor-heading-title elementor-size-default\">Introducci\u00f3<\/h2>\t\t\t\t<\/div>\n\t\t<div class=\"elementor-element elementor-element-46dcb7d e-con-full e-flex e-con e-child\" data-id=\"46dcb7d\" data-element_type=\"container\" data-e-type=\"container\">\n\t\t<div class=\"elementor-element elementor-element-61d3ab3 e-flex e-con-boxed e-con e-child\" data-id=\"61d3ab3\" data-element_type=\"container\" data-e-type=\"container\">\n\t\t\t\t\t<div class=\"e-con-inner\">\n\t\t\t\t<div class=\"elementor-element elementor-element-117c166 elementor-widget elementor-widget-heading\" data-id=\"117c166\" data-element_type=\"widget\" data-e-type=\"widget\" data-widget_type=\"heading.default\">\n\t\t\t\t\t<div class=\"elementor-heading-title elementor-size-default\">Per\u00edode dels textos<\/div>\t\t\t\t<\/div>\n\t\t\t\t<div class=\"elementor-element elementor-element-73997a0 elementor-widget elementor-widget-text-editor\" data-id=\"73997a0\" data-element_type=\"widget\" data-e-type=\"widget\" data-widget_type=\"text-editor.default\">\n\t\t\t\t\t\t\t\t\t<p>Des dels primers comentaris cor\u00e0niques, passant per la literatura d&#8217;hadits, fins a la cosmografia d&#8217;al-Qazwini al segle XIII, la imatge d&#8217;Israfil s&#8217;ha transm\u00e8s essencialment inalterada: l&#8217;\u00e0ngel amb la trompeta (Sur), que espera el senyal per al Judici Final.<\/p><p>Aquesta concepci\u00f3 tamb\u00e9 \u00e9s present en la pietat isl\u00e0mica actual, per exemple en sermons i literatura devocional sobre la fi del m\u00f3n. Els ornaments han canviat, no l&#8217;ofici de l&#8217;\u00e0ngel.<\/p>\t\t\t\t\t\t\t\t<\/div>\n\t\t\t\t\t<\/div>\n\t\t\t\t<\/div>\n\t\t<div class=\"elementor-element elementor-element-d47b156 e-flex e-con-boxed e-con e-child\" data-id=\"d47b156\" data-element_type=\"container\" data-e-type=\"container\">\n\t\t\t\t\t<div class=\"e-con-inner\">\n\t\t\t\t<div class=\"elementor-element elementor-element-ff38c2b elementor-widget elementor-widget-heading\" data-id=\"ff38c2b\" data-element_type=\"widget\" data-e-type=\"widget\" data-widget_type=\"heading.default\">\n\t\t\t\t\t<div class=\"elementor-heading-title elementor-size-default\">\u00c0rea de difusi\u00f3<\/div>\t\t\t\t<\/div>\n\t\t\t\t<div class=\"elementor-element elementor-element-4e49fcc elementor-widget elementor-widget-text-editor\" data-id=\"4e49fcc\" data-element_type=\"widget\" data-e-type=\"widget\" data-widget_type=\"text-editor.default\">\n\t\t\t\t\t\t\t\t\t<p>Israfil no estava limitat a cap regi\u00f3 o localitat concreta, sin\u00f3 que era conegut i venerat, o respectuosament temut, de manera universal en tot el m\u00f3n isl\u00e0mic. Tant en grans centres urbans com en regions rurals perif\u00e8riques, tant entre l&#8217;elit social com entre el poble senzill, la import\u00e0ncia espiritual o cultural d&#8217;aquesta entitat era reconeguda de manera constant i universal.<\/p><p>Israfil \u00e9s anomenat en tot el m\u00f3n isl\u00e0mic en la mateixa funci\u00f3, des del Magrib fins al sud-est asi\u00e0tic: com l&#8217;\u00e0ngel que toca la trompeta el dia del Judici Final.<\/p><p>Aquesta uniformitat es deu al fonament com\u00fa en l&#8217;exegesi cor\u00e1nica i la literatura d&#8217;hadits, aix\u00ed com a l&#8217;\u00e0mplia difusi\u00f3 d&#8217;obres com la cosmografia d&#8217;al-Qazwini, que van viatjar amb el comer\u00e7 i els viatges d&#8217;erudits per tots els pa\u00efsos isl\u00e0mics. L&#8217;\u00e0ngel de la trompeta pertany, doncs, al patrimoni fix de les creences de totes les regions isl\u00e0miques.<\/p>\t\t\t\t\t\t\t\t<\/div>\n\t\t\t\t\t<\/div>\n\t\t\t\t<\/div>\n\t\t\t\t<\/div>\n\t\t<div class=\"elementor-element elementor-element-db03c39 e-con-full e-flex e-con e-child\" data-id=\"db03c39\" data-element_type=\"container\" data-e-type=\"container\">\n\t\t<div class=\"elementor-element elementor-element-229a87b e-flex e-con-boxed e-con e-child\" data-id=\"229a87b\" data-element_type=\"container\" data-e-type=\"container\">\n\t\t\t\t\t<div class=\"e-con-inner\">\n\t\t\t\t<div class=\"elementor-element elementor-element-1f471fc elementor-widget elementor-widget-heading\" data-id=\"1f471fc\" data-element_type=\"widget\" data-e-type=\"widget\" data-widget_type=\"heading.default\">\n\t\t\t\t\t<div class=\"elementor-heading-title elementor-size-default\">Estat de les fonts<\/div>\t\t\t\t<\/div>\n\t\t\t\t<div class=\"elementor-element elementor-element-36b1201 elementor-widget elementor-widget-text-editor\" data-id=\"36b1201\" data-element_type=\"widget\" data-e-type=\"widget\" data-widget_type=\"text-editor.default\">\n\t\t\t\t\t\t\t\t\t<p>Les fonts prim\u00e0ries s\u00f3n l&#8217;Alcor\u00e0 (39:68 vers de la trompeta, 69:13-14 escenari de la resurrecci\u00f3, \u00e0rab, s. VII), col\u00b7leccions d&#8217;hadits (Jami&#8217;at-Tirmidhi, Sunan Ibn Majah, \u00e0rab), obres de tafsir (Tabari sura 39:68, Ibn Kathir) i l&#8217;escatologia suf\u00ed (Al-Ghazali Ihya, Ibn Arabi Futuhat al-Makkiyya, \u00e0rab, s. XI-XIII).<\/p><p><span data-nosnippet>Com a fonts secund\u00e0ries, Schimmel (Mystical Dimensions, 1975), Hughes (Dictionary of Islam), Wild (Eschatology in Islamic Tradition) i McLeod (Judeo-Islamic Angelology) han analitzat el paper c\u00f2smic d&#8217;Israfil com a arc\u00e0ngel central de la resurrecci\u00f3.<\/span><\/p>\t\t\t\t\t\t\t\t<\/div>\n\t\t\t\t\t<\/div>\n\t\t\t\t<\/div>\n\t\t\t\t<\/div>\n\t\t\t\t\t<\/div>\n\t\t\t\t<\/div>\n\t\t<div class=\"elementor-element elementor-element-3ae0637c e-flex e-con-boxed e-con e-parent\" data-id=\"3ae0637c\" data-element_type=\"container\" data-e-type=\"container\">\n\t\t\t\t\t<div class=\"e-con-inner\">\n\t\t\t\t<div class=\"elementor-element elementor-element-31d07739 elementor-widget elementor-widget-heading\" data-id=\"31d07739\" data-element_type=\"widget\" data-e-type=\"widget\" data-widget_type=\"heading.default\">\n\t\t\t\t\t<h2 class=\"elementor-heading-title elementor-size-default\">Nom<\/h2>\t\t\t\t<\/div>\n\t\t<div class=\"elementor-element elementor-element-b7642947 e-con-full e-flex e-con e-child\" data-id=\"b7642947\" data-element_type=\"container\" data-e-type=\"container\">\n\t\t\t\t<div class=\"elementor-element elementor-element-a086266 elementor-widget elementor-widget-text-editor\" data-id=\"a086266\" data-element_type=\"widget\" data-e-type=\"widget\" data-widget_type=\"text-editor.default\">\n\t\t\t\t\t\t\t\t\t<p>Israfil \u00e9s representat en les diverses fonts i tradicions art\u00edstiques amb determinats elements iconogr\u00e0fics recurrents, que romanen relativament constants al llarg de d\u00e8cades i en diferents espais geogr\u00e0fics. Aquests elements no s\u00f3n purament decoratius ni triats a l&#8217;atzar, sin\u00f3 profundament codificats simb\u00f2licament i carregats de gran significat.<\/p><p>La tradici\u00f3 isl\u00e0mica descriu Israfil a trav\u00e9s del seu ofici i els seus atributs: la trompeta (Sur) als seus llavis, a punt per al toc que inicia la resurrecci\u00f3, el caracteritza inequ\u00edvocament com l&#8217;\u00e0ngel del Judici Final. Els cosm\u00f2grafs com al-Qazwini el descriuen a m\u00e9s d&#8217;una grand\u00e0ria colossal, amb ales que abasten totes les direccions celestials, i en permanent disposici\u00f3 d&#8217;espera del senyal div\u00ed.<\/p><p>Qui coneixia aquestes descripcions entenia immediatament quina funci\u00f3 li correspon a l&#8217;\u00e0ngel en l&#8217;esdeveniment de la salvaci\u00f3: amb el primer toc de trompeta posa en marxa la fi del m\u00f3n, i amb el segon crida els morts a la resurrecci\u00f3.<\/p>\t\t\t\t\t\t\t\t<\/div>\n\t\t\t\t<\/div>\n\t\t\t\t\t<\/div>\n\t\t\t\t<\/div>\n\t\t<div class=\"elementor-element elementor-element-709a44a8 e-flex e-con-boxed e-con e-parent\" data-id=\"709a44a8\" data-element_type=\"container\" data-e-type=\"container\">\n\t\t\t\t\t<div class=\"e-con-inner\">\n\t\t\t\t<div class=\"elementor-element elementor-element-2f585873 elementor-widget elementor-widget-heading\" data-id=\"2f585873\" data-element_type=\"widget\" data-e-type=\"widget\" data-widget_type=\"heading.default\">\n\t\t\t\t\t<h2 class=\"elementor-heading-title elementor-size-default\">Caracter\u00edstiques<\/h2>\t\t\t\t<\/div>\n\t\t<div class=\"elementor-element elementor-element-70621c12 e-con-full e-flex e-con e-child\" data-id=\"70621c12\" data-element_type=\"container\" data-e-type=\"container\">\n\t\t\t\t<div class=\"elementor-element elementor-element-4296eb49 elementor-widget elementor-widget-text-editor\" data-id=\"4296eb49\" data-element_type=\"widget\" data-e-type=\"widget\" data-widget_type=\"text-editor.default\">\n\t\t\t\t\t\t\t\t\t<p>Israfil ocupava un lloc central en la pr\u00e0ctica religiosa, els rituals quotidians i la comprensi\u00f3 popular de l&#8217;islam. Les persones s&#8217;adre\u00e7aven a aquesta entitat en situacions vitals cr\u00edtiques o determinades, o en certes \u00e8poques rituals de l&#8217;any, mitjan\u00e7ant rituals estructurats, sovint elaborats, preg\u00e0ries o ofrenes.<\/p><p>El que es deia sobre Israfil seguia les regles de l&#8217;erudici\u00f3 isl\u00e0mica: els comentaristes cor\u00e0niques interpretaven els passatges sobre el toc de trompeta del Judici Final, els erudits d&#8217;hadits recollien i examinaven les tradicions sobre l&#8217;\u00e0ngel, i cosm\u00f2grafs com al-Qazwini l&#8217;inclo\u00efen en les seves descripcions del m\u00f3n. El discurs sobre l&#8217;\u00e0ngel de la trompeta formava part, doncs, d&#8217;una ci\u00e8ncia ordenada, no d&#8217;una especulaci\u00f3 lliure.<\/p><p>Israfil \u00e9s descrit al llarg de segles en comentaris cor\u00e0niques, col\u00b7leccions de tradicions i cosmografies com la d&#8217;al-Qazwini, cosa que mostra com estava fermament arrelat el seu ofici en la visi\u00f3 del m\u00f3n isl\u00e0mica.<\/p><p>Les seves tasques estan clarament delimitades: el primer toc de la trompeta (Sur) acaba amb el m\u00f3n, el segon desperta els morts per a la resurrecci\u00f3 i el judici. En la pietat popular, l&#8217;\u00e0ngel que espera tamb\u00e9 es considerava una advert\u00e8ncia per viure la pr\u00f2pia vida amb el Judici Final en ment.<\/p>\t\t\t\t\t\t\t\t<\/div>\n\t\t\t\t<\/div>\n\t\t\t\t\t<\/div>\n\t\t\t\t<\/div>\n\t\t<div class=\"elementor-element elementor-element-44e71476 e-flex e-con-boxed e-con e-parent\" data-id=\"44e71476\" data-element_type=\"container\" data-e-type=\"container\">\n\t\t\t\t\t<div class=\"e-con-inner\">\n\t\t\t\t<div class=\"elementor-element elementor-element-3c1fc3f0 elementor-widget elementor-widget-heading\" data-id=\"3c1fc3f0\" data-element_type=\"widget\" data-e-type=\"widget\" data-widget_type=\"heading.default\">\n\t\t\t\t\t<h2 class=\"elementor-heading-title elementor-size-default\">Fitxa: Israfil<\/h2>\t\t\t\t<\/div>\n\t\t<div class=\"elementor-element elementor-element-84f33b8e e-con-full e-flex e-con e-child\" data-id=\"84f33b8e\" data-element_type=\"container\" data-e-type=\"container\">\n\t\t\t\t<div class=\"elementor-element elementor-element-hqkdc67p elementor-widget elementor-widget-text-editor\" data-id=\"hqkdc67p\" data-element_type=\"widget\" data-e-type=\"widget\" data-widget_type=\"text-editor.default\">\n\t\t\t\t\t\t\t\t\t<p>La fitxa recull Israfil a trav\u00e9s de sis dimensions: el seu origen en escenes escatol\u00f2giques cor\u00e0niques, el seu p\u00fablic entre els musulmans creients i els contemplatius m\u00edstics, els atributs iconogr\u00e0fics de la trompeta, el seu paper funcional com a missatger c\u00f2smic de la transformaci\u00f3, comparacions amb pot\u00e8ncies de resurrecci\u00f3 cristianes i jueves, i el seu paper m\u00edstic en les escatologies suf\u00eds.<\/p>\t\t\t\t\t\t\t\t<\/div>\n\t\t\t\t<\/div>\n\t\t<div class=\"elementor-element elementor-element-pemmx7c5 e-con-full e-flex e-con e-child\" data-id=\"pemmx7c5\" data-element_type=\"container\" data-e-type=\"container\">\n\t\t<div class=\"elementor-element elementor-element-pemmx7c1 e-con-full e-flex e-con e-child\" data-id=\"pemmx7c1\" data-element_type=\"container\" data-e-type=\"container\">\n\t\t<div class=\"elementor-element elementor-element-qh9oavvu iwg-steckbrief-card e-flex e-con-boxed e-con e-child\" data-id=\"qh9oavvu\" data-element_type=\"container\" data-e-type=\"container\">\n\t\t\t\t\t<div class=\"e-con-inner\">\n\t\t\t\t<div class=\"elementor-element elementor-element-awzx8k2k elementor-widget elementor-widget-heading\" data-id=\"awzx8k2k\" data-element_type=\"widget\" data-e-type=\"widget\" data-widget_type=\"heading.default\">\n\t\t\t\t\t<div class=\"elementor-heading-title elementor-size-default\">Context cultural<\/div>\t\t\t\t<\/div>\n\t\t\t\t<div class=\"elementor-element elementor-element-x6rowhv0 elementor-widget elementor-widget-text-editor\" data-id=\"x6rowhv0\" data-element_type=\"widget\" data-e-type=\"widget\" data-widget_type=\"text-editor.default\">\n\t\t\t\t\t\t\t\t\t<p>Israfil \u00e9s esmentat en textos cor\u00e0niques del segle VII, amb arrels en les tradicions judeocristianes de resurrecci\u00f3 (els anuncis de Gabriel, el paper escatol\u00f2gic d&#8217;Uriel). El seu origen geogr\u00e0fic es troba a la pen\u00ednsula ar\u00e0biga i l&#8217;Orient Mitj\u00e0.<\/p><p>La primera menci\u00f3 es data a l&#8217;Alcor\u00e0 39:68 (per\u00edode de la Meca, 610-632 EC). El marc teol\u00f2gic com a <span class=\"iwg-fachbegriff\" data-tooltip=\"En les religions abra\u00e0miques, un \u00e9sser missatger celestial de D\u00e9u.\" tabindex=\"0\">\u00e0ngel<\/span> principal de la trompeta es va desenvolupar en comentaris hadits i obres suf\u00eds (segles IX-XIII).<\/p>\t\t\t\t\t\t\t\t<\/div>\n\t\t\t\t\t<\/div>\n\t\t\t\t<\/div>\n\t\t<div class=\"elementor-element elementor-element-8e3o4kxs iwg-steckbrief-card e-flex e-con-boxed e-con e-child\" data-id=\"8e3o4kxs\" data-element_type=\"container\" data-e-type=\"container\">\n\t\t\t\t\t<div class=\"e-con-inner\">\n\t\t\t\t<div class=\"elementor-element elementor-element-08rkdgov elementor-widget elementor-widget-heading\" data-id=\"08rkdgov\" data-element_type=\"widget\" data-e-type=\"widget\" data-widget_type=\"heading.default\">\n\t\t\t\t\t<div class=\"elementor-heading-title elementor-size-default\">P\u00fablic d'Israfil<\/div>\t\t\t\t<\/div>\n\t\t\t\t<div class=\"elementor-element elementor-element-uwjelx8s elementor-widget elementor-widget-text-editor\" data-id=\"uwjelx8s\" data-element_type=\"widget\" data-e-type=\"widget\" data-widget_type=\"text-editor.default\">\n\t\t\t\t\t\t\t\t\t<p>Israfil s&#8217;adre\u00e7ava principalment a musulmans creients interessats en l&#8217;esperan\u00e7a de l&#8217;altre m\u00f3n i el judici. El seu p\u00fablic eren els devots (esperan\u00e7a de resurrecci\u00f3), creients de totes les classes socials, i suf\u00eds (contemplaci\u00f3 m\u00edstica). Les ocasions eren les oracions del divendres (khutba sobre el Dia del Judici), reflexions sobre la mort, discussions sobre els senyals de la fi (Al\u00b7l\u0101ma) i oracions nocturnes m\u00edstiques (Tahajjud). La <span class=\"iwg-fachbegriff\" data-tooltip=\"L'acte de dirigir-se a una divinitat o poder amb s\u00fapliques o conjurs.\" tabindex=\"0\">invocaci\u00f3<\/span> es fa en oracions demanant preparaci\u00f3 (Isti&#8217;dad) per al Dia del Judici.<\/p>\t\t\t\t\t\t\t\t<\/div>\n\t\t\t\t\t<\/div>\n\t\t\t\t<\/div>\n\t\t<div class=\"elementor-element elementor-element-jm2n74ec iwg-steckbrief-card e-flex e-con-boxed e-con e-child\" data-id=\"jm2n74ec\" data-element_type=\"container\" data-e-type=\"container\">\n\t\t\t\t\t<div class=\"e-con-inner\">\n\t\t\t\t<div class=\"elementor-element elementor-element-8vufse4c elementor-widget elementor-widget-heading\" data-id=\"8vufse4c\" data-element_type=\"widget\" data-e-type=\"widget\" data-widget_type=\"heading.default\">\n\t\t\t\t\t<div class=\"elementor-heading-title elementor-size-default\">Representaci\u00f3<\/div>\t\t\t\t<\/div>\n\t\t\t\t<div class=\"elementor-element elementor-element-mwb9u015 elementor-widget elementor-widget-text-editor\" data-id=\"mwb9u015\" data-element_type=\"widget\" data-e-type=\"widget\" data-widget_type=\"text-editor.default\">\n\t\t\t\t\t\t\t\t\t<p>Iconografia d&#8217;Israfil: figura masculina amb ales enormes, platejades o daurades, mirada seriosa i concentrada. Els seus atributs s\u00f3n la trompeta o corn (Sur, en \u00e0rab), de vegades el llibre de les accions (Amal), llum o aur\u00e8ola. En la pintura miniatur\u00edstica suf\u00ed: postura corporal tensa, com a punt de bufar. La connexi\u00f3 iconogr\u00e0fica amb la trompeta i la tensi\u00f3 c\u00f2smica \u00e9s \u00fanica d&#8217;Israfil.<\/p>\t\t\t\t\t\t\t\t<\/div>\n\t\t\t\t\t<\/div>\n\t\t\t\t<\/div>\n\t\t\t\t<\/div>\n\t\t<div class=\"elementor-element elementor-element-pemmx7c2 e-con-full e-flex e-con e-child\" data-id=\"pemmx7c2\" data-element_type=\"container\" data-e-type=\"container\">\n\t\t<div class=\"elementor-element elementor-element-37ss2yr6 iwg-steckbrief-card e-flex e-con-boxed e-con e-child\" data-id=\"37ss2yr6\" data-element_type=\"container\" data-e-type=\"container\">\n\t\t\t\t\t<div class=\"e-con-inner\">\n\t\t\t\t<div class=\"elementor-element elementor-element-3v0wp3wx elementor-widget elementor-widget-heading\" data-id=\"3v0wp3wx\" data-element_type=\"widget\" data-e-type=\"widget\" data-widget_type=\"heading.default\">\n\t\t\t\t\t<div class=\"elementor-heading-title elementor-size-default\">L'efecte d'Israfil<\/div>\t\t\t\t<\/div>\n\t\t\t\t<div class=\"elementor-element elementor-element-w3247g2m elementor-widget elementor-widget-text-editor\" data-id=\"w3247g2m\" data-element_type=\"widget\" data-e-type=\"widget\" data-widget_type=\"text-editor.default\">\n\t\t\t\t\t\t\t\t\t<strong>\u00c0mbit d&#8217;acci\u00f3:<\/strong><p>Israfil (Isr\u0101f\u012bl, Ur\u0101f\u012bl) \u00e9s, en la <span class=\"iwg-fachbegriff\" data-tooltip=\"Creences i costums religiosos difosos en la vida quotidiana.\" tabindex=\"0\">religiositat popular<\/span> isl\u00e0mica i en les fonts can\u00f2niques, l&#8217;arc\u00e0ngel que fa sonar la trompeta (S\u016br) en el Judici Final (Yawm al-Qiy\u0101ma).<\/p>\t\t\t\t\t\t\t\t<\/div>\n\t\t\t\t\t<\/div>\n\t\t\t\t<\/div>\n\t\t<div class=\"elementor-element elementor-element-0qpjal9w iwg-steckbrief-card e-flex e-con-boxed e-con e-child\" data-id=\"0qpjal9w\" data-element_type=\"container\" data-e-type=\"container\">\n\t\t\t\t\t<div class=\"e-con-inner\">\n\t\t\t\t<div class=\"elementor-element elementor-element-6ndoih0o elementor-widget elementor-widget-heading\" data-id=\"6ndoih0o\" data-element_type=\"widget\" data-e-type=\"widget\" data-widget_type=\"heading.default\">\n\t\t\t\t\t<div class=\"elementor-heading-title elementor-size-default\">Formes de defensa<\/div>\t\t\t\t<\/div>\n\t\t\t\t<div class=\"elementor-element elementor-element-6684tyh9 elementor-widget elementor-widget-text-editor\" data-id=\"6684tyh9\" data-element_type=\"widget\" data-e-type=\"widget\" data-widget_type=\"text-editor.default\">\n\t\t\t\t\t\t\t\t\t<p>Israfil era considerat neutral, autoritari i infal\u00b7lible en l&#8217;execuci\u00f3 escatol\u00f2gica. Les pr\u00e0ctiques d&#8217;invocaci\u00f3 inclo\u00efen oracions demanant preparaci\u00f3 (Isti&#8217;dad) per al Dia del Judici, per a la reconciliaci\u00f3 (Muhasaba) i la purificaci\u00f3 interior (Takhalli).<\/p><p>En les tradicions suf\u00eds es practicaven meditacions sobre el toc de trompeta d&#8217;Israfil (Muraqaba ala-s-soor), per cultivar el temor al judici d&#8217;Al\u00b7l\u00e0 (Khawf) i l&#8217;esperan\u00e7a en la seva miseric\u00f2rdia (Raja). El respecte cap a Israfil es manifestava com una vigil\u00e0ncia escatol\u00f2gica.<\/p>\t\t\t\t\t\t\t\t<\/div>\n\t\t\t\t\t<\/div>\n\t\t\t\t<\/div>\n\t\t<div class=\"elementor-element elementor-element-3lfi7x32 iwg-steckbrief-card e-flex e-con-boxed e-con e-child\" data-id=\"3lfi7x32\" data-element_type=\"container\" data-e-type=\"container\">\n\t\t\t\t\t<div class=\"e-con-inner\">\n\t\t\t\t<div class=\"elementor-element elementor-element-0kg99ga1 elementor-widget elementor-widget-heading\" data-id=\"0kg99ga1\" data-element_type=\"widget\" data-e-type=\"widget\" data-widget_type=\"heading.default\">\n\t\t\t\t\t<div class=\"elementor-heading-title elementor-size-default\">\u00c9ssers relacionats<\/div>\t\t\t\t<\/div>\n\t\t\t\t<div class=\"elementor-element elementor-element-n0fum6kp elementor-widget elementor-widget-text-editor\" data-id=\"n0fum6kp\" data-element_type=\"widget\" data-e-type=\"widget\" data-widget_type=\"text-editor.default\">\n\t\t\t\t\t\t\t\t\t<p>Figures comparables dins l&#8217;Islam: Jibril (anunciador de la revelaci\u00f3), Mikail (<span class=\"iwg-fachbegriff\" data-tooltip=\"En les religions abra\u00e0miques, un \u00e9sser missatger celestial de D\u00e9u.\" tabindex=\"0\">\u00e0ngel<\/span> protector), Azrael (\u00e0ngel de la mort). Fora de l&#8217;Islam: el Gabriel cristi\u00e0 (anuncis), l&#8217;Uriel jueu (<span class=\"iwg-fachbegriff\" data-tooltip=\"En les religions abra\u00e0miques, un \u00e9sser missatger celestial de D\u00e9u.\" tabindex=\"0\">\u00e0ngel<\/span> del judici), el Miquel cristi\u00e0 (<span class=\"iwg-fachbegriff\" data-tooltip=\"En les religions abra\u00e0miques, un \u00e9sser missatger celestial de D\u00e9u.\" tabindex=\"0\">\u00e0ngel<\/span> guerrer). La seva funci\u00f3 espec\u00edfica de transformaci\u00f3 c\u00f2smica fa que Israfil sigui \u00fanic.<\/p>\t\t\t\t\t\t\t\t<\/div>\n\t\t\t\t\t<\/div>\n\t\t\t\t<\/div>\n\t\t\t\t<\/div>\n\t\t\t\t<\/div>\n\t\t\t\t\t<\/div>\n\t\t\t\t<\/div>\n\t\t<div class=\"elementor-element elementor-element-7533bc7a e-flex e-con-boxed e-con e-parent\" data-id=\"7533bc7a\" data-element_type=\"container\" data-e-type=\"container\">\n\t\t\t\t\t<div class=\"e-con-inner\">\n\t\t\t\t<div class=\"elementor-element elementor-element-2447d18d elementor-widget elementor-widget-heading\" data-id=\"2447d18d\" data-element_type=\"widget\" data-e-type=\"widget\" data-widget_type=\"heading.default\">\n\t\t\t\t\t<h2 class=\"elementor-heading-title elementor-size-default\">Protecci\u00f3 en la vida quotidiana<\/h2>\t\t\t\t<\/div>\n\t\t<div class=\"elementor-element elementor-element-d5d0260c e-con-full e-flex e-con e-child\" data-id=\"d5d0260c\" data-element_type=\"container\" data-e-type=\"container\">\n\t\t\t\t<div class=\"elementor-element elementor-element-341be2ac elementor-widget elementor-widget-text-editor\" data-id=\"341be2ac\" data-element_type=\"widget\" data-e-type=\"widget\" data-widget_type=\"text-editor.default\">\n\t\t\t\t\t\t\t\t\t<p><strong>Invocacions i pr\u00e0ctica commemorativa<\/strong><\/p><p>Israfil no \u00e9s objecte d&#8217;<span class=\"iwg-fachbegriff\" data-tooltip=\"L'acte de dirigir-se a una divinitat o poder amb s\u00fapliques o conjurs.\" tabindex=\"0\">invocaci\u00f3<\/span> directa en el sentit de les s\u00fapliques (Du&#8217;a).<\/p><p><strong>El so de la trompeta i l&#8217;audici\u00f3 m\u00edstica<\/strong><\/p><p>La sura 39:68 descriu un \u00fanic toc (Naffkha), seguit d&#8217;un segon.<\/p><p><strong>Amulets protectors i preparaci\u00f3 apocal\u00edptica<\/strong><\/p><p>No hi ha pr\u00e0ctiques directes d&#8217;<span class=\"iwg-fachbegriff\" data-tooltip=\"Un objecte portat al cos al qual s'atribueix un efecte protector contra el mal.\" tabindex=\"0\">amulet<\/span> per a Israfil. En el seu lloc, la pr\u00e0ctica commemorativa (Zikr, Salawat sobre el Profeta) \u00e9s la mesura de protecci\u00f3 preventiva.<\/p>\t\t\t\t\t\t\t\t<\/div>\n\t\t\t\t<\/div>\n\t\t\t\t\t<\/div>\n\t\t\t\t<\/div>\n\t\t<div class=\"elementor-element elementor-element-5a584676 e-flex e-con-boxed e-con e-parent\" data-id=\"5a584676\" data-element_type=\"container\" data-e-type=\"container\">\n\t\t\t\t\t<div class=\"e-con-inner\">\n\t\t\t\t<div class=\"elementor-element elementor-element-6d0757bf elementor-widget elementor-widget-heading\" data-id=\"6d0757bf\" data-element_type=\"widget\" data-e-type=\"widget\" data-widget_type=\"heading.default\">\n\t\t\t\t\t<h2 class=\"elementor-heading-title elementor-size-default\">Israfil, paral\u00b7lelismes en altres cultures<\/h2>\t\t\t\t<\/div>\n\t\t<div class=\"elementor-element elementor-element-60563f68 e-con-full e-flex e-con e-child\" data-id=\"60563f68\" data-element_type=\"container\" data-e-type=\"container\">\n\t\t\t\t<div class=\"elementor-element elementor-element-5a93fdd6 elementor-widget elementor-widget-text-editor\" data-id=\"5a93fdd6\" data-element_type=\"widget\" data-e-type=\"widget\" data-widget_type=\"text-editor.default\">\n\t\t\t\t\t\t\t\t\t<p><p><strong>Tradici\u00f3 jueva:<\/strong> Paral\u00b7lel jueu: Uriel (<span class=\"iwg-fachbegriff\" data-tooltip=\"En les religions abra\u00e0miques, un \u00e9sser missatger celestial de D\u00e9u.\" tabindex=\"0\">\u00e0ngel<\/span> del judici, trompetes de destrucci\u00f3 impl\u00edcites en l&#8217;apocal\u00edptica). La difer\u00e8ncia: Uriel \u00e9s m\u00e9s b\u00e9 un anunciador de c\u00e0stig; Israfil \u00e9s un pur anunci de transformaci\u00f3. Tamb\u00e9 Raguel (just\u00edcia c\u00f2smica) presenta trets escatol\u00f2gics.<\/p><p><strong>M\u00f3n grecorom\u00e0:<\/strong> Equivalent grec: Hermes (anunciador de missatgers de la mort), Apol\u00b7lo (<span class=\"iwg-fachbegriff\" data-tooltip=\"Un lloc o instituci\u00f3 on s'obt\u00e9 un pronunciament div\u00ed.\" tabindex=\"0\">oracle<\/span>, per\u00f2 no <span class=\"iwg-fachbegriff\" tabindex=\"0\" data-tooltip=\"Relatiu a la fi dels temps o al dest\u00ed \u00faltim de l'\u00e9sser hum\u00e0; l'escatologia \u00e9s la doctrina de la resurrecci\u00f3, el judici i la consumaci\u00f3.\">escatol\u00f2gic<\/span>). M\u00e9s proper: les Moires\/Parques (missatgeres del dest\u00ed, transformaci\u00f3 temporal). L&#8217;abs\u00e8ncia d&#8217;una <span class=\"iwg-fachbegriff\" data-tooltip=\"El conjunt de narracions transmeses sobre els d\u00e9us d'una cultura.\" tabindex=\"0\">mitologia<\/span> de resurrecci\u00f3 a Gr\u00e8cia fa febles els paral\u00b7lelismes directes.<\/p><p><strong>Mesopot\u00e0mia:<\/strong> Equivalent mesopot\u00e0mic: l&#8217;escenari de l&#8217;Enuma Elish (transformaci\u00f3 c\u00f2smica mitjan\u00e7ant la batalla). M\u00e9s proper: Namtar (<span class=\"iwg-fachbegriff\" data-tooltip=\"\u00c9sser espiritual al qual s'atribueix un efecte perjudicial o ambivalent.\" tabindex=\"0\">dimoni<\/span> missatger de la transformaci\u00f3). L&#8217;abs\u00e8ncia d&#8217;una tradici\u00f3 expl\u00edcita de resurrecci\u00f3 a Mesopot\u00e0mia fa que Israfil sigui espec\u00edficament isl\u00e0mic.<\/p><p><strong>\u00cdndia\/\u00c0sia:<\/strong> Equivalent indi: la trompeta o corn d&#8217;Indra en la transici\u00f3 del m\u00f3n (escatologia hind\u00fa). M\u00e9s proper: Samvarta (d\u00e9u de la dissoluci\u00f3 c\u00f2smica). Paral\u00b7lel budista: la transformaci\u00f3 del Dharmakaya (revelaci\u00f3 de la naturalesa de Buda). Comparteixen la funci\u00f3 de transformaci\u00f3.<\/p>\t\t\t\t\t\t\t\t<\/div>\n\t\t\t\t<\/div>\n\t\t\t\t\t<\/div>\n\t\t\t\t<\/div>\n\t\t<div class=\"elementor-element elementor-element-cp755c51f e-flex e-con-boxed e-con e-parent\" data-id=\"cp755c51f\" data-element_type=\"container\" data-e-type=\"container\">\n\t\t\t\t\t<div class=\"e-con-inner\">\n\t\t\t\t<div class=\"elementor-element elementor-element-cp735a44c elementor-widget elementor-widget-heading\" data-id=\"cp735a44c\" data-element_type=\"widget\" data-e-type=\"widget\" data-widget_type=\"heading.default\">\n\t\t\t\t\t<h2 class=\"elementor-heading-title elementor-size-default\">L'\u00e0ngel de la trompeta i la fi del m\u00f3n<\/h2>\t\t\t\t<\/div>\n\t\t<div class=\"elementor-element elementor-element-cp56677fb e-con-full e-flex e-con e-child\" data-id=\"cp56677fb\" data-element_type=\"container\" data-e-type=\"container\">\n\t\t\t\t<div class=\"elementor-element elementor-element-cpe99fe4e elementor-widget elementor-widget-text-editor\" data-id=\"cpe99fe4e\" data-element_type=\"widget\" data-e-type=\"widget\" data-widget_type=\"text-editor.default\">\n\t\t\t\t\t\t\t\t\t<p>Israfil \u00e9s, en la fe isl\u00e0mica, sobretot l&#8217;<span class=\"iwg-fachbegriff\" data-tooltip=\"En les religions abrah\u00e0miques, un \u00e9sser missatger celestial de D\u00e9u.\" tabindex=\"0\">\u00e0ngel<\/span> de la trompeta. La seva tasca \u00e9s bufar una corn o trompeta al final dels temps, anomenada en les fonts \u00e0rabs generalment <em>as-sur<\/em>.<\/p><p>Segons la doctrina m\u00e9s estesa, aquest so es produeix dues vegades. El primer so de la trompeta fa morir de terror tots els vius i provoca el col\u00b7lapse de l&#8217;ordre del m\u00f3n. El segon so de la trompeta crida els morts a la resurrecci\u00f3 i els reuneix per al judici.<\/p><p>\u00c9s remarcable que el nom Israfil no apareix en el propi Alcor\u00e0. L&#8217;Alcor\u00e0 parla en diversos passatges del so de la trompeta i de qui la bufa, sense anomenar-lo.<\/p><p>La identificaci\u00f3 d&#8217;aquest \u00e0ngel amb el nom Israfil prov\u00e9 de la tradici\u00f3 extracor\u00e1nica, sobretot dels <em>hadits<\/em>, les paraules i relats transmesos sobre el profeta, i de la literatura narrativa posterior.<\/p><p>Israfil pertany aix\u00ed als quatre, o segons el c\u00f2mput, diversos \u00e0ngels destacats, els noms i funcions dels quals la tradici\u00f3 isl\u00e0mica ha desenvolupat m\u00e9s enll\u00e0 del text alcor\u00e0nic.<\/p><p>En la <span class=\"iwg-fachbegriff\" data-tooltip=\"L'actitud i pr\u00e0ctica religiosa viscuda d'una persona.\" tabindex=\"0\">pietat<\/span> isl\u00e0mica popular, Israfil \u00e9s considerat un dels <span class=\"iwg-fachbegriff\" data-tooltip=\"En les religions abrah\u00e0miques, un \u00e9sser missatger celestial de D\u00e9u.\" tabindex=\"0\">\u00e0ngels<\/span> de rang m\u00e9s alt, sovint esmentat al costat de Jibril, Mikail i l&#8217;\u00e0ngel de la mort. La idea de que est\u00e0 sempre a punt amb la trompeta, esperant l&#8217;ordre div\u00ed, t\u00e9 un fort efecte escatol\u00f2gic.<\/p><p>Mant\u00e9 viu el pensament de la inevitabilitat del judici. Des del punt de vista de la ci\u00e8ncia de les religions, Israfil \u00e9s un bon exemple de com un \u00e9sser que en el text sagrat nom\u00e9s apareix com a funci\u00f3 rep, en la tradici\u00f3 posterior, nom, biografia i perfil propis.<\/p>\t\t\t\t\t\t\t\t<\/div>\n\t\t\t\t<\/div>\n\t\t\t\t\t<\/div>\n\t\t\t\t<\/div>\n\t\t<div class=\"elementor-element elementor-element-cpa70cb9e e-flex e-con-boxed e-con e-parent\" data-id=\"cpa70cb9e\" data-element_type=\"container\" data-e-type=\"container\">\n\t\t\t\t\t<div class=\"e-con-inner\">\n\t\t\t\t<div class=\"elementor-element elementor-element-cp505db8d elementor-widget elementor-widget-heading\" data-id=\"cp505db8d\" data-element_type=\"widget\" data-e-type=\"widget\" data-widget_type=\"heading.default\">\n\t\t\t\t\t<h2 class=\"elementor-heading-title elementor-size-default\">Israfil en el hadit i la literatura narrativa<\/h2>\t\t\t\t<\/div>\n\t\t<div class=\"elementor-element elementor-element-cp089d37a e-con-full e-flex e-con e-child\" data-id=\"cp089d37a\" data-element_type=\"container\" data-e-type=\"container\">\n\t\t\t\t<div class=\"elementor-element elementor-element-cp0911ffe elementor-widget elementor-widget-text-editor\" data-id=\"cp0911ffe\" data-element_type=\"widget\" data-e-type=\"widget\" data-widget_type=\"text-editor.default\">\n\t\t\t\t\t\t\t\t\t<p>Les descripcions m\u00e9s detallades d&#8217;Israfil es troben en la literatura de hadits i en les obres narratives conegudes com <em>Qisas al-anbiya<\/em>, les hist\u00f2ries dels profetes.<\/p><p>All\u00e0 es descriu Israfil com un <span class=\"iwg-fachbegriff\" data-tooltip=\"En les religions abrah\u00e0miques, un \u00e9sser missatger celestial de D\u00e9u.\" tabindex=\"0\">\u00e0ngel<\/span> d&#8217;una grandesa colossal, amb diversos parells d&#8217;ales, la figura del qual abasta tota la creaci\u00f3. Algunes tradicions diuen que t\u00e9 quatre ales i que el seu cap arriba fins sota el tron de D\u00e9u.<\/p><p>Una idea estesa en la literatura pietosa fa refer\u00e8ncia a la seva disposici\u00f3 permanent. Israfil tindria la trompeta ja als llavis, la mirada fixa en el tron div\u00ed, i esperaria \u00fanicament l&#8217;ordre de bufar.<\/p><p>Aquestes imatges subratllen que el moment de la fi dep\u00e8n \u00fanicament de D\u00e9u i que fins i tot l&#8217;<span class=\"iwg-fachbegriff\" data-tooltip=\"En les religions abrah\u00e0miques, un \u00e9sser missatger celestial de D\u00e9u.\" tabindex=\"0\">\u00e0ngel<\/span> m\u00e9s poder\u00f3s \u00e9s nom\u00e9s un executor. En algunes tradicions tamb\u00e9 s&#8217;atribueix a Israfil el paper d&#8217;<span class=\"iwg-fachbegriff\" data-tooltip=\"En les religions abrah\u00e0miques, un \u00e9sser missatger celestial de D\u00e9u.\" tabindex=\"0\">\u00e0ngel<\/span> que transmet les decisions divines o els continguts de la taula celestial a altres <span class=\"iwg-fachbegriff\" data-tooltip=\"En les religions abrah\u00e0miques, un \u00e9sser missatger celestial de D\u00e9u.\" tabindex=\"0\">\u00e0ngels<\/span>.<\/p><p>Algunes tradicions narratives relacionen Israfil amb el profeta Muhammad, per exemple explicant que Israfil s&#8217;hauria aparegut al profeta a l&#8217;inici de la seva vocaci\u00f3, abans que Jibril transmet\u00e9s la revelaci\u00f3 regular. Aquests relats, per\u00f2, s\u00f3n valorats de manera diversa i no tots s\u00f3n reconeguts en totes les compilacions.<\/p><p>L&#8217;erudici\u00f3 isl\u00e0mica distingeix aqu\u00ed amb cura entre tradicions ben documentades i altres m\u00e9s febles. Per a l&#8217;an\u00e0lisi acad\u00e8mica \u00e9s decisiu que el perfil d&#8217;Israfil es formi a partir d&#8217;una multiplicitat de textos de pes divers, i no d&#8217;una \u00fanica font autoritativa.<\/p>\t\t\t\t\t\t\t\t<\/div>\n\t\t\t\t<\/div>\n\t\t\t\t\t<\/div>\n\t\t\t\t<\/div>\n\t\t<div class=\"elementor-element elementor-element-cp8e8ce17 e-flex e-con-boxed e-con e-parent\" data-id=\"cp8e8ce17\" data-element_type=\"container\" data-e-type=\"container\">\n\t\t\t\t\t<div class=\"e-con-inner\">\n\t\t\t\t<div class=\"elementor-element elementor-element-cpcabab07 elementor-widget elementor-widget-heading\" data-id=\"cpcabab07\" data-element_type=\"widget\" data-e-type=\"widget\" data-widget_type=\"heading.default\">\n\t\t\t\t\t<h2 class=\"elementor-heading-title elementor-size-default\">Israfil en la comparaci\u00f3 de religions<\/h2>\t\t\t\t<\/div>\n\t\t<div class=\"elementor-element elementor-element-cp59b3110 e-con-full e-flex e-con e-child\" data-id=\"cp59b3110\" data-element_type=\"container\" data-e-type=\"container\">\n\t\t\t\t<div class=\"elementor-element elementor-element-cpb2607a8 elementor-widget elementor-widget-text-editor\" data-id=\"cpb2607a8\" data-element_type=\"widget\" data-e-type=\"widget\" data-widget_type=\"text-editor.default\">\n\t\t\t\t\t\t\t\t\t<p>La figura de l&#8217;\u00e0ngel de la trompeta s&#8217;inscriu en un context m\u00e9s ampli de la hist\u00f2ria de les religions.<\/p><p>La imatge d&#8217;un \u00e0ngel que, amb un so de corn, inicia la fi del m\u00f3n i la resurrecci\u00f3 dels morts, t\u00e9 paral\u00b7lels clars en la <span class=\"iwg-fachbegriff\" data-tooltip=\"La transmissi\u00f3 de coneixements i relats a trav\u00e9s de generacions.\" tabindex=\"0\">tradici\u00f3<\/span> jueva i cristiana.<\/p><p>En el judaisme, el shofar, la banya de molt\u00f3, est\u00e0 vinculat a la idea del gran so de corn al final dels temps, i tamb\u00e9 l&#8217;apocal\u00edptica cristiana, per exemple en la primera carta als Corintis i en l&#8217;Apocalipsi de Joan, coneix la trompeta com a senyal de la resurrecci\u00f3.<\/p><p>Per aix\u00f2 la investigaci\u00f3 veu en Israfil una figura que recull imatges escatol\u00f2giques m\u00e9s antigues del Pr\u00f2xim Orient i les reordena dins el marc isl\u00e0mic. A difer\u00e8ncia de l&#8217;Apocalipsi cristi\u00e0, on diversos <span class=\"iwg-fachbegriff\" data-tooltip=\"En les religions abrah\u00e0miques, un \u00e9sser missatger celestial de D\u00e9u.\" tabindex=\"0\">\u00e0ngels<\/span> bufen la trompeta successivament, la tradici\u00f3 isl\u00e0mica concentra aquesta funci\u00f3 en una \u00fanica figura, amb nom propi. Aix\u00f2 dona a l&#8217;escatologia isl\u00e0mica, en aquest punt, una clara concentraci\u00f3.<\/p><p>Dins l&#8217;angelologia isl\u00e0mica, Israfil se situa al costat dels altres grans \u00e0ngels en una estructura ordenada. Jibril transmet la revelaci\u00f3, Mikail s&#8217;associa amb el prove\u00efment i la pluja, l&#8217;\u00e0ngel de la mort recull les \u00e0nimes, i Israfil est\u00e0 vinculat a la fi i la resurrecci\u00f3 (vegeu <a href=\"https:\/\/iwell-guard.com\/ca\/?page_id=171590\">Gabriel<\/a> per al paral\u00b7lel jueu-cristi\u00e0 de Jibril).<\/p><p>\u00c9s important en la comprensi\u00f3 isl\u00e0mica que tots aquests <span class=\"iwg-fachbegriff\" data-tooltip=\"En les religions abrah\u00e0miques, un \u00e9sser missatger celestial de D\u00e9u.\" tabindex=\"0\">\u00e0ngels<\/span> siguin purs executors de la voluntat divina. No tenen poder propi sobre el moment ni el desenlla\u00e7 dels esdeveniments. Israfil \u00e9s poder\u00f3s, per\u00f2 \u00e9s un servidor, i el seu so de trompeta nom\u00e9s es produeix quan D\u00e9u ho ordena.<\/p>\t\t\t\t\t\t\t\t<\/div>\n\t\t\t\t<\/div>\n\t\t\t\t\t<\/div>\n\t\t\t\t<\/div>\n\t\t<div class=\"elementor-element elementor-element-36dd7469 e-flex e-con-boxed e-con e-parent\" data-id=\"36dd7469\" data-element_type=\"container\" data-e-type=\"container\">\n\t\t\t\t\t<div class=\"e-con-inner\">\n\t\t\t\t<div class=\"elementor-element elementor-element-13760ab4 elementor-widget elementor-widget-heading\" data-id=\"13760ab4\" data-element_type=\"widget\" data-e-type=\"widget\" data-widget_type=\"heading.default\">\n\t\t\t\t\t<h2 class=\"elementor-heading-title elementor-size-default\">Enlla\u00e7os relacionats<\/h2>\t\t\t\t<\/div>\n\t\t<div class=\"elementor-element elementor-element-28c87796 e-con-full e-flex e-con e-child\" data-id=\"28c87796\" data-element_type=\"container\" data-e-type=\"container\">\n\t\t\t\t<div class=\"elementor-element elementor-element-5d6538df elementor-widget elementor-widget-text-editor\" data-id=\"5d6538df\" data-element_type=\"widget\" data-e-type=\"widget\" data-widget_type=\"text-editor.default\">\n\t\t\t\t\t\t\t\t\t<ul><li><a href=\"https:\/\/iwell-guard.com\/ca\/?page_id=171590\">Gabriel<\/a><\/li><li><a href=\"https:\/\/iwell-guard.com\/ca\/?page_id=171593\">Azrael<\/a><\/li><\/ul>\t\t\t\t\t\t\t\t<\/div>\n\t\t\t\t<\/div>\n\t\t\t\t\t<\/div>\n\t\t\t\t<\/div>\n\t\t<div class=\"elementor-element elementor-element-grl4kl40 e-flex e-con-boxed e-con e-parent\" data-id=\"grl4kl40\" data-element_type=\"container\" data-e-type=\"container\">\n\t\t\t\t\t<div class=\"e-con-inner\">\n\t\t\t\t<div class=\"elementor-element elementor-element-bzsbfrmh elementor-widget elementor-widget-heading\" data-id=\"bzsbfrmh\" data-element_type=\"widget\" data-e-type=\"widget\" data-widget_type=\"heading.default\">\n\t\t\t\t\t<h2 class=\"elementor-heading-title elementor-size-default\">Fonts i bibliografia<\/h2>\t\t\t\t<\/div>\n\t\t<div class=\"elementor-element elementor-element-2c13224a e-con-full e-flex e-con e-child\" data-id=\"2c13224a\" data-element_type=\"container\" data-e-type=\"container\">\n\t\t\t\t<div class=\"elementor-element elementor-element-0eymh9ub elementor-widget elementor-widget-text-editor\" data-id=\"0eymh9ub\" data-element_type=\"widget\" data-e-type=\"widget\" data-widget_type=\"text-editor.default\">\n\t\t\t\t\t\t\t\t\t<ul><li><span data-nosnippet>Timothy J. Seyyed: <em>Islamic Eschatology and the Doctrine of the Divine Names<\/em>. Islamic Philosophy Online, 2007.<\/span><\/li><\/ul>\t\t\t\t\t\t\t\t<\/div>\n\t\t\t\t<\/div>\n\t\t\t\t\t<\/div>\n\t\t\t\t<\/div>\n\t\t\t\t<\/div>\n\t\t","protected":false},"excerpt":{"rendered":"","protected":false},"author":3,"featured_media":1596,"parent":0,"menu_order":0,"comment_status":"closed","ping_status":"closed","template":"elementor_header_footer","meta":{"_yoast_wpseo_focuskw":"Israfil","_yoast_wpseo_title":"Israfil - \u00c0ngel de la trompeta de la resurrecci\u00f3 i heraldi","_yoast_wpseo_metadesc":"Israfil, arc\u00e0ngel de la tradici\u00f3 isl\u00e0mica, transm\u00e8s des de fa segles: \u00e0ngel de la trompeta de la resurrecci\u00f3 i heraldi de l'hora As-Sa'ah.","_yoast_wpseo_meta-robots-noindex":"","_yoast_wpseo_canonical":"","_angie_page":false,"gefaehrdungsstufe":"","wesen_kultur":"islam","wesen_klasse":"lichtwesen","footnotes":""},"categories":[],"class_list":["post-171594","page","type-page","status-publish","has-post-thumbnail","hentry"],"yoast_head":"<!-- This site is optimized with the Yoast SEO Premium plugin v27.7 (Yoast SEO v28.3) - https:\/\/yoast.com\/product\/yoast-seo-premium-wordpress\/ -->\n<title>Israfil - \u00c0ngel de la trompeta de la resurrecci\u00f3 i heraldi<\/title>\n<meta name=\"description\" content=\"Israfil, arc\u00e0ngel de la tradici\u00f3 isl\u00e0mica, transm\u00e8s des de fa segles: \u00e0ngel de la trompeta de la resurrecci\u00f3 i heraldi de l&#039;hora As-Sa&#039;ah.\" \/>\n<meta name=\"robots\" content=\"index, follow, max-snippet:-1, max-image-preview:large, max-video-preview:-1\" \/>\n<link rel=\"canonical\" href=\"https:\/\/iwell-guard.com\/ca\/israfil\/\" \/>\n<meta property=\"og:locale\" content=\"ca_ES\" \/>\n<meta property=\"og:type\" content=\"article\" \/>\n<meta property=\"og:title\" content=\"Israfil\" \/>\n<meta property=\"og:description\" content=\"Israfil, arc\u00e0ngel de la tradici\u00f3 isl\u00e0mica, transm\u00e8s des de fa segles: \u00e0ngel de la trompeta de la resurrecci\u00f3 i heraldi de l&#039;hora As-Sa&#039;ah.\" \/>\n<meta property=\"og:url\" content=\"https:\/\/iwell-guard.com\/ca\/israfil\/\" \/>\n<meta property=\"og:site_name\" content=\"iWell Guard\" \/>\n<meta property=\"article:modified_time\" content=\"2026-09-05T16:02:00+00:00\" \/>\n<meta property=\"og:image\" content=\"https:\/\/iwell-guard.com\/wp-content\/uploads\/2026\/04\/goetter_islam_israfil.webp\" \/>\n\t<meta property=\"og:image:width\" content=\"1024\" \/>\n\t<meta property=\"og:image:height\" content=\"1536\" \/>\n\t<meta property=\"og:image:type\" content=\"image\/webp\" \/>\n<meta name=\"twitter:card\" content=\"summary_large_image\" \/>\n<script type=\"application\/ld+json\" class=\"yoast-schema-graph\">{\"@context\":\"https:\\\/\\\/schema.org\",\"@graph\":[{\"@type\":\"WebPage\",\"@id\":\"https:\\\/\\\/iwell-guard.com\\\/ca\\\/israfil\\\/\",\"url\":\"https:\\\/\\\/iwell-guard.com\\\/ca\\\/israfil\\\/\",\"name\":\"Israfil - \u00c0ngel de la trompeta de la resurrecci\u00f3 i heraldi\",\"isPartOf\":{\"@id\":\"https:\\\/\\\/iwell-guard.com\\\/ca\\\/#website\"},\"primaryImageOfPage\":{\"@id\":\"https:\\\/\\\/iwell-guard.com\\\/ca\\\/israfil\\\/#primaryimage\"},\"image\":{\"@id\":\"https:\\\/\\\/iwell-guard.com\\\/ca\\\/israfil\\\/#primaryimage\"},\"thumbnailUrl\":\"https:\\\/\\\/iwell-guard.com\\\/wp-content\\\/uploads\\\/2026\\\/04\\\/goetter_islam_israfil.webp\",\"datePublished\":\"2026-09-05T15:40:42+00:00\",\"dateModified\":\"2026-09-05T16:02:00+00:00\",\"description\":\"Israfil, arc\u00e0ngel de la tradici\u00f3 isl\u00e0mica, transm\u00e8s des de fa segles: \u00e0ngel de la trompeta de la resurrecci\u00f3 i heraldi de l'hora As-Sa'ah.\",\"breadcrumb\":{\"@id\":\"https:\\\/\\\/iwell-guard.com\\\/ca\\\/israfil\\\/#breadcrumb\"},\"inLanguage\":\"ca\",\"potentialAction\":[{\"@type\":\"ReadAction\",\"target\":[\"https:\\\/\\\/iwell-guard.com\\\/ca\\\/israfil\\\/\"]}]},{\"@type\":\"ImageObject\",\"inLanguage\":\"ca\",\"@id\":\"https:\\\/\\\/iwell-guard.com\\\/ca\\\/israfil\\\/#primaryimage\",\"url\":\"https:\\\/\\\/iwell-guard.com\\\/wp-content\\\/uploads\\\/2026\\\/04\\\/goetter_islam_israfil.webp\",\"contentUrl\":\"https:\\\/\\\/iwell-guard.com\\\/wp-content\\\/uploads\\\/2026\\\/04\\\/goetter_islam_israfil.webp\",\"width\":1024,\"height\":1536,\"caption\":\"D\u00e9us de la tradici\u00f3 isl\u00e0mica.\"},{\"@type\":\"BreadcrumbList\",\"@id\":\"https:\\\/\\\/iwell-guard.com\\\/ca\\\/israfil\\\/#breadcrumb\",\"itemListElement\":[{\"@type\":\"ListItem\",\"position\":1,\"name\":\"Start\",\"item\":\"https:\\\/\\\/iwell-guard.com\\\/ca\\\/?page_id=171333\"},{\"@type\":\"ListItem\",\"position\":2,\"name\":\"Israfil\"}]},{\"@type\":\"WebSite\",\"@id\":\"https:\\\/\\\/iwell-guard.com\\\/ca\\\/#website\",\"url\":\"https:\\\/\\\/iwell-guard.com\\\/ca\\\/\",\"name\":\"iWell Guard\",\"description\":\"Schutz vor dunklen Einfl\u00fcssen\",\"publisher\":{\"@id\":\"https:\\\/\\\/iwell-guard.com\\\/ca\\\/#organization\"},\"potentialAction\":[{\"@type\":\"SearchAction\",\"target\":{\"@type\":\"EntryPoint\",\"urlTemplate\":\"https:\\\/\\\/iwell-guard.com\\\/ca\\\/?s={search_term_string}\"},\"query-input\":{\"@type\":\"PropertyValueSpecification\",\"valueRequired\":true,\"valueName\":\"search_term_string\"}}],\"inLanguage\":\"ca\"},{\"@type\":\"Organization\",\"@id\":\"https:\\\/\\\/iwell-guard.com\\\/ca\\\/#organization\",\"name\":\"Ittermann electronic GmbH\",\"url\":\"https:\\\/\\\/iwell-guard.com\\\/ca\\\/\",\"logo\":{\"@type\":\"ImageObject\",\"inLanguage\":\"ca\",\"@id\":\"https:\\\/\\\/iwell-guard.com\\\/ca\\\/#\\\/schema\\\/logo\\\/image\\\/\",\"url\":\"https:\\\/\\\/iwell-guard.com\\\/wp-content\\\/uploads\\\/2026\\\/05\\\/Ittermann-Logo-1182x237-1.png\",\"contentUrl\":\"https:\\\/\\\/iwell-guard.com\\\/wp-content\\\/uploads\\\/2026\\\/05\\\/Ittermann-Logo-1182x237-1.png\",\"width\":1182,\"height\":237,\"caption\":\"Ittermann electronic GmbH\"},\"image\":{\"@id\":\"https:\\\/\\\/iwell-guard.com\\\/ca\\\/#\\\/schema\\\/logo\\\/image\\\/\"},\"sameAs\":[\"https:\\\/\\\/pantip.com\\\/profile\\\/9367242\",\"https:\\\/\\\/micro.blog\\\/iwellguard\",\"https:\\\/\\\/www.diggerslist.com\\\/iwellguard\\\/about\",\"https:\\\/\\\/skitterphoto.com\\\/photographers\\\/2870314\\\/iwell-guard\",\"https:\\\/\\\/iwellguard.wordpress.com\\\/2026\\\/06\\\/06\\\/iwell-guard\\\/\",\"https:\\\/\\\/hub.docker.com\\\/u\\\/iwellguard\",\"https:\\\/\\\/www.pinterest.com\\\/iwellguard\\\/\",\"https:\\\/\\\/bit.ly\\\/m\\\/iwellguard\",\"https:\\\/\\\/entre-vos-mains.alsace.eu\\\/profiles\\\/iwellguard\\\/activity\",\"https:\\\/\\\/gravatar.com\\\/reallybeded8fd34\",\"https:\\\/\\\/naijamatta.com\\\/iwellguard\",\"https:\\\/\\\/www.goodreads.com\\\/iwellguard\",\"https:\\\/\\\/profile.hatena.ne.jp\\\/iwellguard\\\/\",\"https:\\\/\\\/experiment.com\\\/users\\\/iwellguard\",\"https:\\\/\\\/wakelet.com\\\/@iWellGuard82270\",\"https:\\\/\\\/www.chordie.com\\\/forum\\\/profile.php?id=2555664\",\"https:\\\/\\\/www.instapaper.com\\\/p\\\/17757966\",\"https:\\\/\\\/www.mapleprimes.com\\\/users\\\/iwellguard\",\"https:\\\/\\\/businesslistingplus.com\\\/profile\\\/iwell-guard\\\/\",\"https:\\\/\\\/telegra.ph\\\/iWell-Guard-06-06\",\"https:\\\/\\\/pbase.com\\\/iwellguard\\\/iwellguard\",\"https:\\\/\\\/b.hatena.ne.jp\\\/iwellguard\\\/20260607#bookmark-4788405196491818882\",\"https:\\\/\\\/fliphtml5.com\\\/home\\\/iwellguard\",\"https:\\\/\\\/anyflip.com\\\/homepage\\\/cmiwl#About\",\"https:\\\/\\\/transfur.com\\\/Users\\\/iwellguard\",\"http:\\\/\\\/delphi.larsbo.org\\\/user\\\/iwellguard\",\"https:\\\/\\\/jobs.lajobsportal.org\\\/profiles\\\/8380803-iwell-guard\",\"https:\\\/\\\/md.chaosdorf.de\\\/s\\\/jfbe5SBdJD\",\"https:\\\/\\\/www.lingvolive.com\\\/en-us\\\/profile\\\/9ecaeaca-ce11-4e51-9e71-01d55e2bff36\\\/translations\",\"https:\\\/\\\/www.fitday.com\\\/fitness\\\/forums\\\/members\\\/iwellguard.html\",\"https:\\\/\\\/www.mymeetbook.com\\\/iwellguard\",\"https:\\\/\\\/pxhere.com\\\/en\\\/photographer-me\\\/5040798\",\"https:\\\/\\\/disqus.com\\\/by\\\/iwellguard\\\/about\\\/\",\"https:\\\/\\\/pastelink.net\\\/hjwciqwq\",\"https:\\\/\\\/pubhtml5.com\\\/homepage\\\/scjhn\\\/\",\"https:\\\/\\\/www.bitchute.com\\\/channel\\\/2O2eOKzNqujT\",\"https:\\\/\\\/audiomack.com\\\/iwellguard\"]},{\"@type\":\"Article\",\"@id\":\"https:\\\/\\\/iwell-guard.com\\\/ca\\\/israfil\\\/#article\",\"isPartOf\":{\"@id\":\"https:\\\/\\\/iwell-guard.com\\\/ca\\\/israfil\\\/\"},\"author\":{\"name\":\"Ralf Ittermann\",\"@id\":\"https:\\\/\\\/iwell-guard.com\\\/ca\\\/#\\\/schema\\\/person\\\/ee2a27f1cac3406c7c6fb5820cb7349f\"},\"headline\":\"Israfil\",\"datePublished\":\"2026-09-05T15:40:42+00:00\",\"dateModified\":\"2026-09-05T16:02:00+00:00\",\"mainEntityOfPage\":{\"@id\":\"https:\\\/\\\/iwell-guard.com\\\/ca\\\/israfil\\\/\"},\"publisher\":{\"@id\":\"https:\\\/\\\/iwell-guard.com\\\/ca\\\/#organization\"},\"image\":{\"@id\":\"https:\\\/\\\/iwell-guard.com\\\/ca\\\/israfil\\\/#primaryimage\"},\"thumbnailUrl\":\"https:\\\/\\\/iwell-guard.com\\\/wp-content\\\/uploads\\\/2026\\\/04\\\/goetter_islam_israfil.webp\",\"inLanguage\":\"ca\",\"description\":\"Israfil, arc\u00e0ngel de la tradici\u00f3 isl\u00e0mica, transm\u00e8s des de fa segles: \u00e0ngel de la trompeta de la resurrecci\u00f3 i heraldi de l'hora As-Sa'ah.\"}]}<\/script>\n<!-- \/ Yoast SEO Premium plugin. -->","yoast_head_json":{"title":"Israfil - \u00c0ngel de la trompeta de la resurrecci\u00f3 i heraldi","description":"Israfil, arc\u00e0ngel de la tradici\u00f3 isl\u00e0mica, transm\u00e8s des de fa segles: \u00e0ngel de la trompeta de la resurrecci\u00f3 i heraldi de l'hora As-Sa'ah.","robots":{"index":"index","follow":"follow","max-snippet":"max-snippet:-1","max-image-preview":"max-image-preview:large","max-video-preview":"max-video-preview:-1"},"canonical":"https:\/\/iwell-guard.com\/ca\/israfil\/","og_locale":"ca_ES","og_type":"article","og_title":"Israfil","og_description":"Israfil, arc\u00e0ngel de la tradici\u00f3 isl\u00e0mica, transm\u00e8s des de fa segles: \u00e0ngel de la trompeta de la resurrecci\u00f3 i heraldi de l'hora As-Sa'ah.","og_url":"https:\/\/iwell-guard.com\/ca\/israfil\/","og_site_name":"iWell Guard","article_modified_time":"2026-09-05T16:02:00+00:00","og_image":[{"width":1024,"height":1536,"url":"https:\/\/iwell-guard.com\/wp-content\/uploads\/2026\/04\/goetter_islam_israfil.webp","type":"image\/webp"}],"twitter_card":"summary_large_image","schema":{"@context":"https:\/\/schema.org","@graph":[{"@type":"Article","@id":"https:\/\/iwell-guard.com\/ca\/israfil\/#article","isPartOf":{"@id":"https:\/\/iwell-guard.com\/ca\/israfil\/"},"author":{"name":"Ralf Ittermann","@id":"https:\/\/iwell-guard.com\/ca\/#\/schema\/person\/ee2a27f1cac3406c7c6fb5820cb7349f"},"headline":"Israfil","datePublished":"2026-09-05T15:40:42+00:00","dateModified":"2026-09-05T16:02:00+00:00","mainEntityOfPage":{"@id":"https:\/\/iwell-guard.com\/ca\/israfil\/"},"publisher":{"@id":"https:\/\/iwell-guard.com\/ca\/#organization"},"image":{"@id":"https:\/\/iwell-guard.com\/ca\/israfil\/#primaryimage"},"thumbnailUrl":"https:\/\/iwell-guard.com\/wp-content\/uploads\/2026\/04\/goetter_islam_israfil.webp","inLanguage":"ca","description":"Israfil, arc\u00e0ngel de la tradici\u00f3 isl\u00e0mica, transm\u00e8s des de fa segles: \u00e0ngel de la trompeta de la resurrecci\u00f3 i heraldi de l'hora As-Sa'ah."},{"@type":"WebPage","@id":"https:\/\/iwell-guard.com\/ca\/israfil\/","url":"https:\/\/iwell-guard.com\/ca\/israfil\/","name":"Israfil - \u00c0ngel de la trompeta de la resurrecci\u00f3 i heraldi","isPartOf":{"@id":"https:\/\/iwell-guard.com\/ca\/#website"},"primaryImageOfPage":{"@id":"https:\/\/iwell-guard.com\/ca\/israfil\/#primaryimage"},"image":{"@id":"https:\/\/iwell-guard.com\/ca\/israfil\/#primaryimage"},"thumbnailUrl":"https:\/\/iwell-guard.com\/wp-content\/uploads\/2026\/04\/goetter_islam_israfil.webp","datePublished":"2026-09-05T15:40:42+00:00","dateModified":"2026-09-05T16:02:00+00:00","description":"Israfil, arc\u00e0ngel de la tradici\u00f3 isl\u00e0mica, transm\u00e8s des de fa segles: \u00e0ngel de la trompeta de la resurrecci\u00f3 i heraldi de l'hora As-Sa'ah.","breadcrumb":{"@id":"https:\/\/iwell-guard.com\/ca\/israfil\/#breadcrumb"},"inLanguage":"ca","potentialAction":[{"@type":"ReadAction","target":["https:\/\/iwell-guard.com\/ca\/israfil\/"]}]},{"@type":"ImageObject","inLanguage":"ca","@id":"https:\/\/iwell-guard.com\/ca\/israfil\/#primaryimage","url":"https:\/\/iwell-guard.com\/wp-content\/uploads\/2026\/04\/goetter_islam_israfil.webp","contentUrl":"https:\/\/iwell-guard.com\/wp-content\/uploads\/2026\/04\/goetter_islam_israfil.webp","width":1024,"height":1536,"caption":"D\u00e9us de la tradici\u00f3 isl\u00e0mica."},{"@type":"BreadcrumbList","@id":"https:\/\/iwell-guard.com\/ca\/israfil\/#breadcrumb","itemListElement":[{"@type":"ListItem","position":1,"name":"Start","item":"https:\/\/iwell-guard.com\/ca\/?page_id=171333"},{"@type":"ListItem","position":2,"name":"Israfil"}]},{"@type":"WebSite","@id":"https:\/\/iwell-guard.com\/ca\/#website","url":"https:\/\/iwell-guard.com\/ca\/","name":"iWell Guard","description":"Schutz vor dunklen Einfl\u00fcssen","publisher":{"@id":"https:\/\/iwell-guard.com\/ca\/#organization"},"potentialAction":[{"@type":"SearchAction","target":{"@type":"EntryPoint","urlTemplate":"https:\/\/iwell-guard.com\/ca\/?s={search_term_string}"},"query-input":{"@type":"PropertyValueSpecification","valueRequired":true,"valueName":"search_term_string"}}],"inLanguage":"ca"},{"@type":"Organization","@id":"https:\/\/iwell-guard.com\/ca\/#organization","name":"Ittermann electronic GmbH","url":"https:\/\/iwell-guard.com\/ca\/","logo":{"@type":"ImageObject","inLanguage":"ca","@id":"https:\/\/iwell-guard.com\/ca\/#\/schema\/logo\/image\/","url":"https:\/\/iwell-guard.com\/wp-content\/uploads\/2026\/05\/Ittermann-Logo-1182x237-1.png","contentUrl":"https:\/\/iwell-guard.com\/wp-content\/uploads\/2026\/05\/Ittermann-Logo-1182x237-1.png","width":1182,"height":237,"caption":"Ittermann electronic GmbH"},"image":{"@id":"https:\/\/iwell-guard.com\/ca\/#\/schema\/logo\/image\/"},"sameAs":["https:\/\/pantip.com\/profile\/9367242","https:\/\/micro.blog\/iwellguard","https:\/\/www.diggerslist.com\/iwellguard\/about","https:\/\/skitterphoto.com\/photographers\/2870314\/iwell-guard","https:\/\/iwellguard.wordpress.com\/2026\/06\/06\/iwell-guard\/","https:\/\/hub.docker.com\/u\/iwellguard","https:\/\/www.pinterest.com\/iwellguard\/","https:\/\/bit.ly\/m\/iwellguard","https:\/\/entre-vos-mains.alsace.eu\/profiles\/iwellguard\/activity","https:\/\/gravatar.com\/reallybeded8fd34","https:\/\/naijamatta.com\/iwellguard","https:\/\/www.goodreads.com\/iwellguard","https:\/\/profile.hatena.ne.jp\/iwellguard\/","https:\/\/experiment.com\/users\/iwellguard","https:\/\/wakelet.com\/@iWellGuard82270","https:\/\/www.chordie.com\/forum\/profile.php?id=2555664","https:\/\/www.instapaper.com\/p\/17757966","https:\/\/www.mapleprimes.com\/users\/iwellguard","https:\/\/businesslistingplus.com\/profile\/iwell-guard\/","https:\/\/telegra.ph\/iWell-Guard-06-06","https:\/\/pbase.com\/iwellguard\/iwellguard","https:\/\/b.hatena.ne.jp\/iwellguard\/20260607#bookmark-4788405196491818882","https:\/\/fliphtml5.com\/home\/iwellguard","https:\/\/anyflip.com\/homepage\/cmiwl#About","https:\/\/transfur.com\/Users\/iwellguard","http:\/\/delphi.larsbo.org\/user\/iwellguard","https:\/\/jobs.lajobsportal.org\/profiles\/8380803-iwell-guard","https:\/\/md.chaosdorf.de\/s\/jfbe5SBdJD","https:\/\/www.lingvolive.com\/en-us\/profile\/9ecaeaca-ce11-4e51-9e71-01d55e2bff36\/translations","https:\/\/www.fitday.com\/fitness\/forums\/members\/iwellguard.html","https:\/\/www.mymeetbook.com\/iwellguard","https:\/\/pxhere.com\/en\/photographer-me\/5040798","https:\/\/disqus.com\/by\/iwellguard\/about\/","https:\/\/pastelink.net\/hjwciqwq","https:\/\/pubhtml5.com\/homepage\/scjhn\/","https:\/\/www.bitchute.com\/channel\/2O2eOKzNqujT","https:\/\/audiomack.com\/iwellguard"]},{"@type":"Person","@id":"https:\/\/iwell-guard.com\/ca\/#\/schema\/person\/ee2a27f1cac3406c7c6fb5820cb7349f","name":"Ralf Ittermann","image":{"@type":"ImageObject","inLanguage":"ca","@id":"https:\/\/secure.gravatar.com\/avatar\/073c0153e350a5005b68eb752b445fea71f6b24a26da9449ad7e155e6b446c9d?s=96&d=mm&r=g","url":"https:\/\/secure.gravatar.com\/avatar\/073c0153e350a5005b68eb752b445fea71f6b24a26da9449ad7e155e6b446c9d?s=96&d=mm&r=g","contentUrl":"https:\/\/secure.gravatar.com\/avatar\/073c0153e350a5005b68eb752b445fea71f6b24a26da9449ad7e155e6b446c9d?s=96&d=mm&r=g","caption":"Ralf Ittermann"},"givenName":"Ralf","familyName":"Ittermann","jobTitle":"Gesch\u00e4ftsf\u00fchrer und redaktioneller Verantwortlicher","url":"https:\/\/iwell-guard.com\/ca\/author\/claude\/","description":"Ralf Ittermann ist Gesch\u00e4ftsf\u00fchrer der Ittermann electronic GmbH und redaktioneller Verantwortlicher des iWell-Guard-Lexikons. Er verbindet langj\u00e4hrige Erfahrung in der Pr\u00e4zisionsfertigung mit medialer Praxis und religionsgeschichtlicher Quellenarbeit.","worksFor":{"@type":"Organization","name":"Ittermann electronic GmbH","url":"https:\/\/ittermann.de\/","address":{"@type":"PostalAddress","streetAddress":"K\u00f6hlergasse 16-18","postalCode":"99842","addressLocality":"Ruhla","addressCountry":"DE"}},"knowsAbout":["Religionsgeschichte","Mythologie","Mediale Praxis","Energetische Diagnostik","Schutzpraxis","Volksglauben","Westliche Esoterik"]},{"@type":"Article","@id":"https:\/\/iwell-guard.com\/ca\/israfil\/#article","isPartOf":{"@id":"https:\/\/iwell-guard.com\/ca\/israfil\/"},"author":{"name":"Ralf Ittermann","@id":"https:\/\/iwell-guard.com\/ca\/#\/schema\/person\/ee2a27f1cac3406c7c6fb5820cb7349f"},"headline":"Israfil","datePublished":"2026-09-05T15:40:42+00:00","dateModified":"2026-09-05T16:02:00+00:00","mainEntityOfPage":{"@id":"https:\/\/iwell-guard.com\/ca\/israfil\/"},"publisher":{"@id":"https:\/\/iwell-guard.com\/ca\/#organization"},"image":{"@id":"https:\/\/iwell-guard.com\/ca\/israfil\/#primaryimage"},"thumbnailUrl":"https:\/\/iwell-guard.com\/wp-content\/uploads\/2026\/04\/goetter_islam_israfil.webp","inLanguage":"ca","description":"Israfil, arc\u00e0ngel de la tradici\u00f3 isl\u00e0mica, transm\u00e8s des de fa segles: \u00e0ngel de la trompeta de la resurrecci\u00f3 i heraldi de l'hora As-Sa'ah."}]}},"_links":{"self":[{"href":"https:\/\/iwell-guard.com\/ca\/wp-json\/wp\/v2\/pages\/171594","targetHints":{"allow":["GET"]}}],"collection":[{"href":"https:\/\/iwell-guard.com\/ca\/wp-json\/wp\/v2\/pages"}],"about":[{"href":"https:\/\/iwell-guard.com\/ca\/wp-json\/wp\/v2\/types\/page"}],"author":[{"embeddable":true,"href":"https:\/\/iwell-guard.com\/ca\/wp-json\/wp\/v2\/users\/3"}],"replies":[{"embeddable":true,"href":"https:\/\/iwell-guard.com\/ca\/wp-json\/wp\/v2\/comments?post=171594"}],"version-history":[{"count":0,"href":"https:\/\/iwell-guard.com\/ca\/wp-json\/wp\/v2\/pages\/171594\/revisions"}],"wp:featuredmedia":[{"embeddable":true,"href":"https:\/\/iwell-guard.com\/ca\/wp-json\/wp\/v2\/media\/1596"}],"wp:attachment":[{"href":"https:\/\/iwell-guard.com\/ca\/wp-json\/wp\/v2\/media?parent=171594"}],"wp:term":[{"taxonomy":"category","embeddable":true,"href":"https:\/\/iwell-guard.com\/ca\/wp-json\/wp\/v2\/categories?post=171594"}],"curies":[{"name":"wp","href":"https:\/\/api.w.org\/{rel}","templated":true}]}}