{"id":171591,"date":"2026-09-05T15:40:41","date_gmt":"2026-09-05T15:40:41","guid":{"rendered":"https:\/\/iwell-guard.com\/?page_id=171591"},"modified":"2026-09-05T16:01:55","modified_gmt":"2026-09-05T16:01:55","slug":"jibril","status":"publish","type":"page","link":"https:\/\/iwell-guard.com\/ca\/jibril\/","title":{"rendered":"Jibril"},"content":{"rendered":"\t\t<div data-elementor-type=\"wp-page\" data-elementor-id=\"171591\" class=\"elementor elementor-171591 elementor-2141 elementor-bc-flex-widget\" data-elementor-post-type=\"page\">\n\t\t\t\t<div class=\"elementor-element elementor-element-10fdade e-flex e-con-boxed e-con e-parent\" data-id=\"10fdade\" data-element_type=\"container\" data-e-type=\"container\" data-settings=\"{&quot;background_background&quot;:&quot;classic&quot;}\">\n\t\t\t\t\t<div class=\"e-con-inner\">\n\t\t<div class=\"elementor-element elementor-element-herohlft0 e-flex e-con-boxed e-con e-child\" data-id=\"herohlft0\" data-element_type=\"container\" data-e-type=\"container\">\n\t\t\t\t\t<div class=\"e-con-inner\">\n\t\t<div class=\"elementor-element elementor-element-c3ceb64 e-con-full e-flex e-con e-child\" data-id=\"c3ceb64\" data-element_type=\"container\" data-e-type=\"container\">\n\t\t\t\t<div class=\"elementor-element elementor-element-96ae5e1 elementor-widget elementor-widget-heading\" data-id=\"96ae5e1\" data-element_type=\"widget\" data-e-type=\"widget\" data-widget_type=\"heading.default\">\n\t\t\t\t\t<h1 class=\"elementor-heading-title elementor-size-default\">Jibril, d\u00e9u de la tradici\u00f3 isl\u00e0mica<\/h1>\t\t\t\t<\/div>\n\t\t\t\t<div class=\"elementor-element elementor-element-e45238a elementor-widget elementor-widget-text-editor\" data-id=\"e45238a\" data-element_type=\"widget\" data-e-type=\"widget\" data-widget_type=\"text-editor.default\">\n\t\t\t\t\t\t\t\t\t<p>Jibril \u00e9s la figura arcang\u00e8lica de la tradici\u00f3 isl\u00e0mica, <span class=\"iwg-fachbegriff\" data-tooltip=\"En les religions abra\u00f2miques, un \u00e9sser missatger celestial de D\u00e9u.\" tabindex=\"0\">\u00e0ngel<\/span> de la revelaci\u00f3 de l&#8217;Alcor\u00e0 i mitjancer entre Al\u00b7l\u00e0 i els profetes. La seva import\u00e0ncia des del punt de vista de la ci\u00e8ncia de la religi\u00f3 rau en l&#8217;encarnaci\u00f3 del missatge div\u00ed (Wahy), en la connexi\u00f3 directa entre transcend\u00e8ncia i hist\u00f2ria, i en la <span class=\"iwg-fachbegriff\" data-tooltip=\"La doctrina cient\u00edfica sobre D\u00e9u i la fe d'una religi\u00f3.\" tabindex=\"0\">teologia<\/span> alcor\u00e0nica com el missatger celestial m\u00e9s fidel d&#8217;Al\u00b7l\u00e0.<\/p>\t\t\t\t\t\t\t\t<\/div>\n\t\t\t\t<\/div>\n\t\t<div class=\"elementor-element elementor-element-klsbdg01 e-con-full e-flex e-con e-parent\" data-id=\"klsbdg01\" data-element_type=\"container\" data-e-type=\"container\">\n\t\t\t\t<div class=\"elementor-element elementor-element-klshtm01 elementor-widget elementor-widget-html\" data-id=\"klshtm01\" data-element_type=\"widget\" data-e-type=\"widget\" data-widget_type=\"html.default\">\n\t\t\t\t\t<div class=\"iwg-pill-row\"><span class=\"iwg-klasse-badge\" tabindex=\"0\" data-tooltip=\"\u00c9ssers de llum: \u00e9ssers il\u00b7luminats, protectors o instructors, arc\u00e0ngels, mestres ascendits, \u00e9ssers de la natura lluminosos. Descrits en tradicions espirituals antigues i modernes com a ajudants i mestres.\">\u00c9sser de llum<\/span><a href=\"https:\/\/iwell-guard.com\/ca\/?page_id=171365\" class=\"iwg-kultur-badge\" tabindex=\"0\" data-tooltip=\"M\u00f3n de creences isl\u00e0mic amb arc\u00e0ngels, djinns i \u00e9ssers religiosos.\">Islam<\/a><span class=\"iwg-tradition-badge\" tabindex=\"0\" data-tooltip=\"Arc\u00e0ngel, la classe ang\u00e8lica m\u00e9s alta en la tradici\u00f3 jueva, cristiana i isl\u00e0mica.\">Arc\u00e0ngel<\/span><\/div>\t\t\t\t<\/div>\n\t\t\t\t<\/div>\n\t\t<div class=\"elementor-element elementor-element-3f74855 e-con-full e-flex e-con e-child\" data-id=\"3f74855\" data-element_type=\"container\" data-e-type=\"container\">\n\t\t\t\t<div class=\"elementor-element elementor-element-1c30362 elementor-toc--minimized-on-tablet elementor-widget elementor-widget-table-of-contents\" data-id=\"1c30362\" data-element_type=\"widget\" data-e-type=\"widget\" data-settings=\"{&quot;exclude_headings_by_selector&quot;:[],&quot;no_headings_message&quot;:&quot;No s&#039;ha trobat cap encap\\u00e7alament en aquesta p\\u00e0gina.&quot;,&quot;headings_by_tags&quot;:[&quot;h2&quot;,&quot;h3&quot;],&quot;marker_view&quot;:&quot;bullets&quot;,&quot;minimize_box&quot;:&quot;yes&quot;,&quot;icon&quot;:{&quot;value&quot;:&quot;fas fa-circle&quot;,&quot;library&quot;:&quot;fa-solid&quot;,&quot;rendered_tag&quot;:&quot;&lt;svg class=\\&quot;e-font-icon-svg e-fas-circle\\&quot; viewBox=\\&quot;0 0 512 512\\&quot; xmlns=\\&quot;http:\\\/\\\/www.w3.org\\\/2000\\\/svg\\&quot;&gt;&lt;path d=\\&quot;M256 8C119 8 8 119 8 256s111 248 248 248 248-111 248-248S393 8 256 8z\\&quot;&gt;&lt;\\\/path&gt;&lt;\\\/svg&gt;&quot;},&quot;minimized_on&quot;:&quot;tablet&quot;,&quot;hierarchical_view&quot;:&quot;yes&quot;,&quot;min_height&quot;:{&quot;unit&quot;:&quot;px&quot;,&quot;size&quot;:&quot;&quot;,&quot;sizes&quot;:[]},&quot;min_height_tablet&quot;:{&quot;unit&quot;:&quot;px&quot;,&quot;size&quot;:&quot;&quot;,&quot;sizes&quot;:[]},&quot;min_height_mobile&quot;:{&quot;unit&quot;:&quot;px&quot;,&quot;size&quot;:&quot;&quot;,&quot;sizes&quot;:[]}}\" data-widget_type=\"table-of-contents.default\">\n\t\t\t\t\t\t\t\t\t<div class=\"elementor-toc__header\">\n\t\t\t\t\t\t<h2 class=\"elementor-toc__header-title\">\n\t\t\t\t\u00cdndex\t\t\t<\/h2>\n\t\t\t\t\t\t\t\t\t\t<div class=\"elementor-toc__toggle-button elementor-toc__toggle-button--expand\" role=\"button\" tabindex=\"0\" aria-controls=\"elementor-toc__1c30362\" aria-expanded=\"true\" aria-label=\"Open table of contents\"><svg aria-hidden=\"true\" class=\"e-font-icon-svg e-fas-chevron-down\" viewBox=\"0 0 448 512\" xmlns=\"http:\/\/www.w3.org\/2000\/svg\"><path d=\"M207.029 381.476L12.686 187.132c-9.373-9.373-9.373-24.569 0-33.941l22.667-22.667c9.357-9.357 24.522-9.375 33.901-.04L224 284.505l154.745-154.021c9.379-9.335 24.544-9.317 33.901.04l22.667 22.667c9.373 9.373 9.373 24.569 0 33.941L240.971 381.476c-9.373 9.372-24.569 9.372-33.942 0z\"><\/path><\/svg><\/div>\n\t\t\t\t<div class=\"elementor-toc__toggle-button elementor-toc__toggle-button--collapse\" role=\"button\" tabindex=\"0\" aria-controls=\"elementor-toc__1c30362\" aria-expanded=\"true\" aria-label=\"Close table of contents\"><svg aria-hidden=\"true\" class=\"e-font-icon-svg e-fas-chevron-up\" viewBox=\"0 0 448 512\" xmlns=\"http:\/\/www.w3.org\/2000\/svg\"><path d=\"M240.971 130.524l194.343 194.343c9.373 9.373 9.373 24.569 0 33.941l-22.667 22.667c-9.357 9.357-24.522 9.375-33.901.04L224 227.495 69.255 381.516c-9.379 9.335-24.544 9.317-33.901-.04l-22.667-22.667c-9.373-9.373-9.373-24.569 0-33.941L207.03 130.525c9.372-9.373 24.568-9.373 33.941-.001z\"><\/path><\/svg><\/div>\n\t\t\t\t\t<\/div>\n\t\t\t\t<div id=\"elementor-toc__1c30362\" class=\"elementor-toc__body\">\n\t\t\t<div class=\"elementor-toc__spinner-container\">\n\t\t\t\t<svg class=\"elementor-toc__spinner eicon-animation-spin e-font-icon-svg e-eicon-loading\" aria-hidden=\"true\" viewBox=\"0 0 1000 1000\" xmlns=\"http:\/\/www.w3.org\/2000\/svg\"><path d=\"M500 975V858C696 858 858 696 858 500S696 142 500 142 142 304 142 500H25C25 237 238 25 500 25S975 237 975 500 763 975 500 975Z\"><\/path><\/svg>\t\t\t<\/div>\n\t\t<\/div>\n\t\t\t\t\t\t<\/div>\n\t\t\t\t<\/div>\n\t\t\t\t\t<\/div>\n\t\t\t\t<\/div>\n\t\t<div class=\"elementor-element elementor-element-herorght0 e-con-full e-flex e-con e-child\" data-id=\"herorght0\" data-element_type=\"container\" data-e-type=\"container\">\n\t\t\t\t<div class=\"elementor-element elementor-element-heroimg00 iwg-hero-image elementor-widget elementor-widget-image\" data-id=\"heroimg00\" data-element_type=\"widget\" data-e-type=\"widget\" data-widget_type=\"image.default\">\n\t\t\t\t\t\t\t\t\t\t\t\t\t\t\t<img fetchpriority=\"high\" decoding=\"async\" width=\"683\" height=\"1024\" src=\"https:\/\/iwell-guard.com\/wp-content\/uploads\/2026\/04\/goetter_islam_jibril-683x1024.webp\" class=\"attachment-large size-large wp-image-173856\" alt=\"Jibril - D\u00e9us de la tradici\u00f3 isl\u00e0mica, il\u00b7lustratiu hist\u00f2ricament\" srcset=\"https:\/\/iwell-guard.com\/wp-content\/uploads\/2026\/04\/goetter_islam_jibril-683x1024.webp 683w, https:\/\/iwell-guard.com\/wp-content\/uploads\/2026\/04\/goetter_islam_jibril-200x300.webp 200w, https:\/\/iwell-guard.com\/wp-content\/uploads\/2026\/04\/goetter_islam_jibril-768x1152.webp 768w, https:\/\/iwell-guard.com\/wp-content\/uploads\/2026\/04\/goetter_islam_jibril.webp 1024w\" sizes=\"(max-width: 683px) 100vw, 683px\" \/>\t\t\t\t\t\t\t\t\t\t\t\t\t\t\t<\/div>\n\t\t\t\t<\/div>\n\t\t\t\t\t<\/div>\n\t\t\t\t<\/div>\n\t\t<div class=\"elementor-element elementor-element-32917199 e-flex e-con-boxed e-con e-parent\" data-id=\"32917199\" data-element_type=\"container\" data-e-type=\"container\">\n\t\t\t\t\t<div class=\"e-con-inner\">\n\t\t<div class=\"elementor-element elementor-element-26e916cb e-flex e-con-boxed e-con e-child\" data-id=\"26e916cb\" data-element_type=\"container\" data-e-type=\"container\">\n\t\t\t\t\t<div class=\"e-con-inner\">\n\t\t<div class=\"elementor-element elementor-element-253a40d4 e-flex e-con-boxed e-con e-child\" data-id=\"253a40d4\" data-element_type=\"container\" data-e-type=\"container\">\n\t\t\t\t\t<div class=\"e-con-inner\">\n\t\t\t\t<div class=\"elementor-element elementor-element-1200c304 elementor-widget elementor-widget-heading\" data-id=\"1200c304\" data-element_type=\"widget\" data-e-type=\"widget\" data-widget_type=\"heading.default\">\n\t\t\t\t\t<h2 class=\"elementor-heading-title elementor-size-default\">Jibril<\/h2>\t\t\t\t<\/div>\n\t\t\t\t<div class=\"elementor-element elementor-element-11758e7f elementor-widget elementor-widget-text-editor\" data-id=\"11758e7f\" data-element_type=\"widget\" data-e-type=\"widget\" data-widget_type=\"text-editor.default\">\n\t\t\t\t\t\t\t\t\t<p>Jibril (tamb\u00e9 Jabrail) actua com <span class=\"iwg-fachbegriff\" data-tooltip=\"En les religions abra\u00f2miques, un \u00e9sser missatger celestial de D\u00e9u.\" tabindex=\"0\">\u00e0ngel<\/span> de la revelaci\u00f3 i acompanyant de profetes. Les seves qualitats inclouen fidelitat, dignitat, proximitat immediata al tron d&#8217;Al\u00b7l\u00e0 i puresa incorp\u00f2ria.<\/p><p>Els mites centrals s\u00f3n: el lliurament de l&#8217;Alcor\u00e0 a Muh\u00e0mmad per part de Jibril (Sura 26:193, 194), l&#8217;aparici\u00f3 de Jibril davant el profeta (17:85 Ruh = Jibril), l&#8217;assist\u00e8ncia de Jibril durant el viatge nocturn de Muh\u00e0mmad (Isra i Mi&#8217;raj, Hadit), i l&#8217;anunci de Jibril sobre el naixement de Jes\u00fas (Sura 19:16, 21).<\/p>\t\t\t\t\t\t\t\t<\/div>\n\t\t\t\t\t<\/div>\n\t\t\t\t<\/div>\n\t\t<div class=\"elementor-element elementor-element-159dcf9a e-flex e-con-boxed e-con e-child\" data-id=\"159dcf9a\" data-element_type=\"container\" data-e-type=\"container\">\n\t\t\t\t\t<div class=\"e-con-inner\">\n\t\t\t\t<div class=\"elementor-element elementor-element-48cee66f elementor-widget elementor-widget-heading\" data-id=\"48cee66f\" data-element_type=\"widget\" data-e-type=\"widget\" data-widget_type=\"heading.default\">\n\t\t\t\t\t<h2 class=\"elementor-heading-title elementor-size-default\">D'un cop d'ull: Jibril<\/h2>\t\t\t\t<\/div>\n\t\t\t\t<div class=\"elementor-element elementor-element-3f50d82c elementor-widget elementor-widget-text-editor\" data-id=\"3f50d82c\" data-element_type=\"widget\" data-e-type=\"widget\" data-widget_type=\"text-editor.default\">\n\t\t\t\t\t\t\t\t\t<p>Jibril \u00e9s esmentat diverses vegades a l&#8217;Alcor\u00e0 (2:97, 98, 16:102, 26:193, 194) i tractat de manera destacada en col\u00b7leccions de Hadit (Bukhari, Muslim, \u00e0rab, segles VIII-IX). L&#8217;atribuci\u00f3 marc es produeix en el per\u00edode isl\u00e0mic primerenc (segle VII). L&#8217;estat de la investigaci\u00f3 (Schimmel, Hughes, Wild, McLeod) documenta Jibril com a arc\u00e0ngel central de la revelaci\u00f3 alcor\u00e0nica i de la <span class=\"iwg-fachbegriff\" data-tooltip=\"La doctrina cient\u00edfica sobre D\u00e9u i la fe d'una religi\u00f3.\" tabindex=\"0\">teologia<\/span> m\u00edstica.<\/p>\t\t\t\t\t\t\t\t<\/div>\n\t\t\t\t\t<\/div>\n\t\t\t\t<\/div>\n\t\t\t\t\t<\/div>\n\t\t\t\t<\/div>\n\t\t\t\t\t<\/div>\n\t\t\t\t<\/div>\n\t\t<div class=\"elementor-element elementor-element-18613602 e-flex e-con-boxed e-con e-parent\" data-id=\"18613602\" data-element_type=\"container\" data-e-type=\"container\">\n\t\t\t\t\t<div class=\"e-con-inner\">\n\t\t\t\t<div class=\"elementor-element elementor-element-262b8a9f elementor-widget elementor-widget-heading\" data-id=\"262b8a9f\" data-element_type=\"widget\" data-e-type=\"widget\" data-widget_type=\"heading.default\">\n\t\t\t\t\t<h2 class=\"elementor-heading-title elementor-size-default\">Context<\/h2>\t\t\t\t<\/div>\n\t\t<div class=\"elementor-element elementor-element-46dcb7d e-con-full e-flex e-con e-child\" data-id=\"46dcb7d\" data-element_type=\"container\" data-e-type=\"container\">\n\t\t<div class=\"elementor-element elementor-element-61d3ab3 e-flex e-con-boxed e-con e-child\" data-id=\"61d3ab3\" data-element_type=\"container\" data-e-type=\"container\">\n\t\t\t\t\t<div class=\"e-con-inner\">\n\t\t\t\t<div class=\"elementor-element elementor-element-117c166 elementor-widget elementor-widget-heading\" data-id=\"117c166\" data-element_type=\"widget\" data-e-type=\"widget\" data-widget_type=\"heading.default\">\n\t\t\t\t\t<div class=\"elementor-heading-title elementor-size-default\">Per\u00edode dels textos<\/div>\t\t\t\t<\/div>\n\t\t\t\t<div class=\"elementor-element elementor-element-73997a0 elementor-widget elementor-widget-text-editor\" data-id=\"73997a0\" data-element_type=\"widget\" data-e-type=\"widget\" data-widget_type=\"text-editor.default\">\n\t\t\t\t\t\t\t\t\t<p>Des dels versos alcor\u00e0nics m\u00e9s antics fins avui, Jibril \u00e9s indissociable de la pr\u00e0ctica de fe isl\u00e0mica: la creen\u00e7a en els \u00e0ngels compta entre els sis articles de fe, i Jibril \u00e9s anomenat en primer lloc expl\u00edcitament. Tamb\u00e9 el present el coneix vivament, per exemple en l&#8217;anomenat Hadit de Gabriel, que encara avui s&#8217;utilitza com a text d&#8217;ensenyament sobre l&#8217;Islam, l&#8217;Iman i l&#8217;Ihsan en la instrucci\u00f3 religiosa.<\/p>\t\t\t\t\t\t\t\t<\/div>\n\t\t\t\t\t<\/div>\n\t\t\t\t<\/div>\n\t\t<div class=\"elementor-element elementor-element-d47b156 e-flex e-con-boxed e-con e-child\" data-id=\"d47b156\" data-element_type=\"container\" data-e-type=\"container\">\n\t\t\t\t\t<div class=\"e-con-inner\">\n\t\t\t\t<div class=\"elementor-element elementor-element-ff38c2b elementor-widget elementor-widget-heading\" data-id=\"ff38c2b\" data-element_type=\"widget\" data-e-type=\"widget\" data-widget_type=\"heading.default\">\n\t\t\t\t\t<div class=\"elementor-heading-title elementor-size-default\">\u00c0rea de difusi\u00f3<\/div>\t\t\t\t<\/div>\n\t\t\t\t<div class=\"elementor-element elementor-element-4e49fcc elementor-widget elementor-widget-text-editor\" data-id=\"4e49fcc\" data-element_type=\"widget\" data-e-type=\"widget\" data-widget_type=\"text-editor.default\">\n\t\t\t\t\t\t\t\t\t<p>Jibril no estava limitat a una regi\u00f3 o localitat determinada, sin\u00f3 que era conegut i venerat, o temut amb respecte, universalment a tot el m\u00f3n isl\u00e0mic. Ja fos en grans centres urbans o en regions rurals perif\u00e8riques, entre l&#8217;elit social o entre el poble senzill, la import\u00e0ncia espiritual o cultural d&#8217;aquesta entitat era reconeguda de manera cont\u00ednua i universal.<\/p><p>El fet que Jibril sigui esmentat pel seu nom a l&#8217;Alcor\u00e0 i que negar-lo, segons la Sura 2,97-98, es considere hostilitat envers D\u00e9u, mostra la seva import\u00e0ncia en l&#8217;autocomprensi\u00f3 isl\u00e0mica. Amb l&#8217;expansi\u00f3 de l&#8217;Islam mitjan\u00e7ant el comer\u00e7, la conquesta i la missi\u00f3, des d&#8217;Andalusia fins al sud-est asi\u00e0tic, tamb\u00e9 va viatjar el coneixement sobre l&#8217;\u00e0ngel de la revelaci\u00f3, i de manera sorprenentment uniforme, ja que l&#8217;Alcor\u00e0 i el Hadit, com a base textual fixa, transmetien arreu les mateixes afirmacions sobre ell.<\/p>\t\t\t\t\t\t\t\t<\/div>\n\t\t\t\t\t<\/div>\n\t\t\t\t<\/div>\n\t\t\t\t<\/div>\n\t\t<div class=\"elementor-element elementor-element-db03c39 e-con-full e-flex e-con e-child\" data-id=\"db03c39\" data-element_type=\"container\" data-e-type=\"container\">\n\t\t<div class=\"elementor-element elementor-element-229a87b e-flex e-con-boxed e-con e-child\" data-id=\"229a87b\" data-element_type=\"container\" data-e-type=\"container\">\n\t\t\t\t\t<div class=\"e-con-inner\">\n\t\t\t\t<div class=\"elementor-element elementor-element-1f471fc elementor-widget elementor-widget-heading\" data-id=\"1f471fc\" data-element_type=\"widget\" data-e-type=\"widget\" data-widget_type=\"heading.default\">\n\t\t\t\t\t<div class=\"elementor-heading-title elementor-size-default\">Estat de les fonts<\/div>\t\t\t\t<\/div>\n\t\t\t\t<div class=\"elementor-element elementor-element-36b1201 elementor-widget elementor-widget-text-editor\" data-id=\"36b1201\" data-element_type=\"widget\" data-e-type=\"widget\" data-widget_type=\"text-editor.default\">\n\t\t\t\t\t\t\t\t\t<p>Les fonts prim\u00e0ries s\u00f3n l&#8217;Alcor\u00e0 (2:97 Jibril&#8230; amb perm\u00eds d&#8217;Al\u00b7l\u00e0, 16:102 el <span class=\"iwg-fachbegriff\" data-tooltip=\"Un \u00e9sser incorpori al qual s'atribueix una acci\u00f3 al m\u00f3n.\" tabindex=\"0\">Esperit<\/span> Sant, 26:193, 194 vers de revelaci\u00f3 alcor\u00e0nica, \u00e0rab, segle VII), les col\u00b7leccions de hadits (Sahih al-Bukhari 1:1, Sahih Muslim, \u00e0rab) i les obres de tafsir (Tabari, Ibn Kathir).<\/p><p><span data-nosnippet>A nivell secundari, Schimmel (Mystical Dimensions of Islam, 1975), Hughes (Dictionary of Islam), Wild (Islamic Angelology) i McLeod (Judeo-Islamic Angelology) van analitzar el paper central de Jibril en la revelaci\u00f3 isl\u00e0mica i la <span class=\"iwg-fachbegriff\" tabindex=\"0\" data-tooltip=\"Corrent religi\u00f3s centrat en l'experi\u00e8ncia directa de D\u00e9u; central en la tradici\u00f3 jueva, cristiana i isl\u00e0mica.\">m\u00edstica<\/span>&#8211;<span class=\"iwg-fachbegriff\" data-tooltip=\"La doctrina acad\u00e8mica sobre D\u00e9u i sobre la fe d'una religi\u00f3.\" tabindex=\"0\">teologia<\/span> isl\u00e0miques.<\/span><\/p>\t\t\t\t\t\t\t\t<\/div>\n\t\t\t\t\t<\/div>\n\t\t\t\t<\/div>\n\t\t\t\t<\/div>\n\t\t\t\t\t<\/div>\n\t\t\t\t<\/div>\n\t\t<div class=\"elementor-element elementor-element-3ae0637c e-flex e-con-boxed e-con e-parent\" data-id=\"3ae0637c\" data-element_type=\"container\" data-e-type=\"container\">\n\t\t\t\t\t<div class=\"e-con-inner\">\n\t\t\t\t<div class=\"elementor-element elementor-element-31d07739 elementor-widget elementor-widget-heading\" data-id=\"31d07739\" data-element_type=\"widget\" data-e-type=\"widget\" data-widget_type=\"heading.default\">\n\t\t\t\t\t<h2 class=\"elementor-heading-title elementor-size-default\">Nom<\/h2>\t\t\t\t<\/div>\n\t\t<div class=\"elementor-element elementor-element-b7642947 e-con-full e-flex e-con e-child\" data-id=\"b7642947\" data-element_type=\"container\" data-e-type=\"container\">\n\t\t\t\t<div class=\"elementor-element elementor-element-a086266 elementor-widget elementor-widget-text-editor\" data-id=\"a086266\" data-element_type=\"widget\" data-e-type=\"widget\" data-widget_type=\"text-editor.default\">\n\t\t\t\t\t\t\t\t\t<p>Jibril \u00e9s representat en les diverses fonts i tradicions art\u00edstiques amb certs elements iconogr\u00e0fics recurrents, que romanen relativament constants al llarg de les d\u00e8cades i en diferents espais geogr\u00e0fics. Aquests elements no s\u00f3n purament decoratius o triats a l&#8217;atzar, sin\u00f3 que estan codificats profundament de manera simb\u00f2lica i porten un gran significat.<\/p><p>Els trets amb els quals la tradici\u00f3 isl\u00e0mica descriu Jibril denoten el seu c\u00e0rrec: se&#8217;l considera Ruh al-Qudus, l&#8217;Esperit de Santedat, i el missatger que transmet la paraula de D\u00e9u sense alterar-la als profetes. Els relats sobre la seva veritable forma amb sis-centes ales, sobre la seva aparici\u00f3 en forma humana davant Muh\u00e0mmad i sobre el seu paper en la primera revelaci\u00f3 a la cova de Hira no s\u00f3n un ornament. Qui coneix l&#8217;Alcor\u00e0 i el Hadit hi llegeix el seu rang: es troba entre D\u00e9u i els enviats, no ordena per si mateix, sin\u00f3 que transmet. Cada detall de la tradici\u00f3 el situa en aquesta funci\u00f3 de mitjancer.<\/p>\t\t\t\t\t\t\t\t<\/div>\n\t\t\t\t<\/div>\n\t\t\t\t\t<\/div>\n\t\t\t\t<\/div>\n\t\t<div class=\"elementor-element elementor-element-709a44a8 e-flex e-con-boxed e-con e-parent\" data-id=\"709a44a8\" data-element_type=\"container\" data-e-type=\"container\">\n\t\t\t\t\t<div class=\"e-con-inner\">\n\t\t\t\t<div class=\"elementor-element elementor-element-2f585873 elementor-widget elementor-widget-heading\" data-id=\"2f585873\" data-element_type=\"widget\" data-e-type=\"widget\" data-widget_type=\"heading.default\">\n\t\t\t\t\t<h2 class=\"elementor-heading-title elementor-size-default\">Caracter\u00edstiques<\/h2>\t\t\t\t<\/div>\n\t\t<div class=\"elementor-element elementor-element-70621c12 e-con-full e-flex e-con e-child\" data-id=\"70621c12\" data-element_type=\"container\" data-e-type=\"container\">\n\t\t\t\t<div class=\"elementor-element elementor-element-4296eb49 elementor-widget elementor-widget-text-editor\" data-id=\"4296eb49\" data-element_type=\"widget\" data-e-type=\"widget\" data-widget_type=\"text-editor.default\">\n\t\t\t\t\t\t\t\t\t<p>Jibril era central en la pr\u00e0ctica religiosa, en els rituals quotidians i en la comprensi\u00f3 di\u00e0ria de l&#8217;Islam. Les persones s&#8217;adre\u00e7aven a aquesta entitat en situacions vitals cr\u00edtiques o determinades, o en certes \u00e8poques rituals de l&#8217;any, amb rituals, preg\u00e0ries o ofrenes estructurats i sovint elaborats.<\/p><p>La transmissi\u00f3 de la revelaci\u00f3 a Muh\u00e0mmad no va seguir, segons la tradici\u00f3 isl\u00e0mica, un patr\u00f3 aleatori: Jibril va apar\u00e8ixer al llarg d&#8217;uns 23 anys en una seq\u00fc\u00e8ncia ordenada, va recitar els versos amb exactitud i va fer que el profeta els repet\u00eds fins que quedaven fixats. La literatura de Hadit descriu aquest proc\u00e9s com un acte pedag\u00f2gic regulat, no com una experi\u00e8ncia espont\u00e0nia.<\/p><p>El fet que els musulmans es refereixin ininterrompudament, des del segle VII, a Jibril com al transmissor de l&#8217;Alcor\u00e0 forma part del fonament de la comprensi\u00f3 isl\u00e0mica de la revelaci\u00f3. Les seves tasques en la tradici\u00f3 s\u00f3n diverses: protegeix el missatge de la corrupci\u00f3 en el cam\u00ed del cel al profeta, enforteix Muh\u00e0mmad en moments de crisi, com despr\u00e9s de la primera revelaci\u00f3, i acompanya transicions, com en el viatge celestial, en el qual guia el profeta a trav\u00e9s dels cels.<\/p>\t\t\t\t\t\t\t\t<\/div>\n\t\t\t\t<\/div>\n\t\t\t\t\t<\/div>\n\t\t\t\t<\/div>\n\t\t<div class=\"elementor-element elementor-element-44e71476 e-flex e-con-boxed e-con e-parent\" data-id=\"44e71476\" data-element_type=\"container\" data-e-type=\"container\">\n\t\t\t\t\t<div class=\"e-con-inner\">\n\t\t\t\t<div class=\"elementor-element elementor-element-3c1fc3f0 elementor-widget elementor-widget-heading\" data-id=\"3c1fc3f0\" data-element_type=\"widget\" data-e-type=\"widget\" data-widget_type=\"heading.default\">\n\t\t\t\t\t<h2 class=\"elementor-heading-title elementor-size-default\">Fitxa: Jibril<\/h2>\t\t\t\t<\/div>\n\t\t<div class=\"elementor-element elementor-element-84f33b8e e-con-full e-flex e-con e-child\" data-id=\"84f33b8e\" data-element_type=\"container\" data-e-type=\"container\">\n\t\t\t\t<div class=\"elementor-element elementor-element-hqkdc67p elementor-widget elementor-widget-text-editor\" data-id=\"hqkdc67p\" data-element_type=\"widget\" data-e-type=\"widget\" data-widget_type=\"text-editor.default\">\n\t\t\t\t\t\t\t\t\t<p>La fitxa recull Jibril a trav\u00e9s de sis dimensions: el seu origen en les narratives de revelaci\u00f3 alcor\u00e0niques, el seu p\u00fablic entre musulmans creients i m\u00edstics, els trets iconogr\u00e0fics com a \u00e9sser de llum, el seu paper funcional com a mitjancer de la revelaci\u00f3, comparacions amb els Gabriels cristians i jueus, i el seu paper m\u00edstic en la contemplaci\u00f3 suf\u00ed sobre el Wahy (la revelaci\u00f3).<\/p>\t\t\t\t\t\t\t\t<\/div>\n\t\t\t\t<\/div>\n\t\t<div class=\"elementor-element elementor-element-pemmx7c5 e-con-full e-flex e-con e-child\" data-id=\"pemmx7c5\" data-element_type=\"container\" data-e-type=\"container\">\n\t\t<div class=\"elementor-element elementor-element-pemmx7c1 e-con-full e-flex e-con e-child\" data-id=\"pemmx7c1\" data-element_type=\"container\" data-e-type=\"container\">\n\t\t<div class=\"elementor-element elementor-element-qh9oavvu iwg-steckbrief-card e-flex e-con-boxed e-con e-child\" data-id=\"qh9oavvu\" data-element_type=\"container\" data-e-type=\"container\">\n\t\t\t\t\t<div class=\"e-con-inner\">\n\t\t\t\t<div class=\"elementor-element elementor-element-awzx8k2k elementor-widget elementor-widget-heading\" data-id=\"awzx8k2k\" data-element_type=\"widget\" data-e-type=\"widget\" data-widget_type=\"heading.default\">\n\t\t\t\t\t<div class=\"elementor-heading-title elementor-size-default\">Origen<\/div>\t\t\t\t<\/div>\n\t\t\t\t<div class=\"elementor-element elementor-element-x6rowhv0 elementor-widget elementor-widget-text-editor\" data-id=\"x6rowhv0\" data-element_type=\"widget\" data-e-type=\"widget\" data-widget_type=\"text-editor.default\">\n\t\t\t\t\t\t\t\t\t<p>Jibril \u00e9s mencionat en textos cor\u00e4nics del segle VII, amb arrels en la tradici\u00f3 judeocristiana de Gabriel (id\u00e8ntic etimol\u00f2gicament: Jibril = Gabriel). L&#8217;origen geogr\u00e0fic es troba a la pen\u00ednsula ar\u00e0biga i al Pr\u00f2xim Orient.<\/p><p>La dataci\u00f3 de la primera menci\u00f3 \u00e9s Alcor\u00e0 2:97 (per\u00edode de Medina, 623, 632 EC). L&#8217;emmarcament teol\u00f2gic com a principal <span class=\"iwg-fachbegriff\" data-tooltip=\"En les religions abrah\u00e0miques, un \u00e9sser missatger celestial de D\u00e9u.\" tabindex=\"0\">\u00e0ngel<\/span> de la revelaci\u00f3 es va produir immediatament despr\u00e9s de la profecia de Mahoma (610, 632 EC).<\/p>\t\t\t\t\t\t\t\t<\/div>\n\t\t\t\t\t<\/div>\n\t\t\t\t<\/div>\n\t\t<div class=\"elementor-element elementor-element-8e3o4kxs iwg-steckbrief-card e-flex e-con-boxed e-con e-child\" data-id=\"8e3o4kxs\" data-element_type=\"container\" data-e-type=\"container\">\n\t\t\t\t\t<div class=\"e-con-inner\">\n\t\t\t\t<div class=\"elementor-element elementor-element-08rkdgov elementor-widget elementor-widget-heading\" data-id=\"08rkdgov\" data-element_type=\"widget\" data-e-type=\"widget\" data-widget_type=\"heading.default\">\n\t\t\t\t\t<div class=\"elementor-heading-title elementor-size-default\">El p\u00fablic de Jibril<\/div>\t\t\t\t<\/div>\n\t\t\t\t<div class=\"elementor-element elementor-element-uwjelx8s elementor-widget elementor-widget-text-editor\" data-id=\"uwjelx8s\" data-element_type=\"widget\" data-e-type=\"widget\" data-widget_type=\"text-editor.default\">\n\t\t\t\t\t\t\t\t\t<p>Jibril s&#8217;adre\u00e7ava principalment al profeta Mahoma i a la comunitat de creients (Umma). El seu p\u00fablic s\u00f3n tots els musulmans com a receptors del missatge cor\u00e4nic, els m\u00edstics interessats en la <span class=\"iwg-fachbegriff\" data-tooltip=\"Corrent religi\u00f3s centrat en l'experi\u00e8ncia directa de D\u00e9u.\" tabindex=\"0\">m\u00edstica<\/span> de la revelaci\u00f3 (coneixement de la Wahy) i els te\u00f2legs.<\/p><p>Les ocasions s\u00f3n la lectura de l&#8217;Alcor\u00e0, les meditacions sobre la revelaci\u00f3, les preg\u00e0ries m\u00edstiques nocturnes (Tahajjud) i la festa de la revelaci\u00f3 de l&#8217;Alcor\u00e0 (Laylat al-Qadr). La <span class=\"iwg-fachbegriff\" data-tooltip=\"L'acte de suplicar o invocar una divinitat o poder.\" tabindex=\"0\">invocaci\u00f3<\/span> es fa amb rever\u00e8ncia envers la Wahy.<\/p>\t\t\t\t\t\t\t\t<\/div>\n\t\t\t\t\t<\/div>\n\t\t\t\t<\/div>\n\t\t<div class=\"elementor-element elementor-element-jm2n74ec iwg-steckbrief-card e-flex e-con-boxed e-con e-child\" data-id=\"jm2n74ec\" data-element_type=\"container\" data-e-type=\"container\">\n\t\t\t\t\t<div class=\"e-con-inner\">\n\t\t\t\t<div class=\"elementor-element elementor-element-8vufse4c elementor-widget elementor-widget-heading\" data-id=\"8vufse4c\" data-element_type=\"widget\" data-e-type=\"widget\" data-widget_type=\"heading.default\">\n\t\t\t\t\t<div class=\"elementor-heading-title elementor-size-default\">L'aparen\u00e7a de Jibril<\/div>\t\t\t\t<\/div>\n\t\t\t\t<div class=\"elementor-element elementor-element-mwb9u015 elementor-widget elementor-widget-text-editor\" data-id=\"mwb9u015\" data-element_type=\"widget\" data-e-type=\"widget\" data-widget_type=\"text-editor.default\">\n\t\t\t\t\t\t\t\t\t<p>Jibril iconogr\u00e0ficament: figura masculina amb grans ales blanques o platejades, resplendent com la llum, fisonomia digna. Els atributs s\u00f3n un rotle o llibre (text cor\u00e4nic), una aur\u00e8ola de llum (Nur), de vegades un lliri o una salutaci\u00f3 de pau. En les representacions isl\u00e0miques i en les miniatures perses: resplendent, gaireb\u00e9 enlluernador de mirar. La connexi\u00f3 iconogr\u00e0fica amb la subst\u00e0ncia de llum pura distingeix Jibril en l&#8217;art suf\u00ed.<\/p>\t\t\t\t\t\t\t\t<\/div>\n\t\t\t\t\t<\/div>\n\t\t\t\t<\/div>\n\t\t\t\t<\/div>\n\t\t<div class=\"elementor-element elementor-element-pemmx7c2 e-con-full e-flex e-con e-child\" data-id=\"pemmx7c2\" data-element_type=\"container\" data-e-type=\"container\">\n\t\t<div class=\"elementor-element elementor-element-37ss2yr6 iwg-steckbrief-card e-flex e-con-boxed e-con e-child\" data-id=\"37ss2yr6\" data-element_type=\"container\" data-e-type=\"container\">\n\t\t\t\t\t<div class=\"e-con-inner\">\n\t\t\t\t<div class=\"elementor-element elementor-element-3v0wp3wx elementor-widget elementor-widget-heading\" data-id=\"3v0wp3wx\" data-element_type=\"widget\" data-e-type=\"widget\" data-widget_type=\"heading.default\">\n\t\t\t\t\t<div class=\"elementor-heading-title elementor-size-default\">L'acci\u00f3 de Jibril<\/div>\t\t\t\t<\/div>\n\t\t\t\t<div class=\"elementor-element elementor-element-w3247g2m elementor-widget elementor-widget-text-editor\" data-id=\"w3247g2m\" data-element_type=\"widget\" data-e-type=\"widget\" data-widget_type=\"text-editor.default\">\n\t\t\t\t\t\t\t\t\t<strong>\u00c0mbit d&#8217;acci\u00f3:<\/strong><p>Jibril (Gabriel, \u01e7ibr\u012bl) \u00e9s, dins de l&#8217;islam, un dels arc\u00e0ngels m\u00e9s importants i el transmissor de la revelaci\u00f3 al profeta Mahoma.<\/p>\t\t\t\t\t\t\t\t<\/div>\n\t\t\t\t\t<\/div>\n\t\t\t\t<\/div>\n\t\t<div class=\"elementor-element elementor-element-0qpjal9w iwg-steckbrief-card e-flex e-con-boxed e-con e-child\" data-id=\"0qpjal9w\" data-element_type=\"container\" data-e-type=\"container\">\n\t\t\t\t\t<div class=\"e-con-inner\">\n\t\t\t\t<div class=\"elementor-element elementor-element-6ndoih0o elementor-widget elementor-widget-heading\" data-id=\"6ndoih0o\" data-element_type=\"widget\" data-e-type=\"widget\" data-widget_type=\"heading.default\">\n\t\t\t\t\t<div class=\"elementor-heading-title elementor-size-default\">La protecci\u00f3 davant Jibril<\/div>\t\t\t\t<\/div>\n\t\t\t\t<div class=\"elementor-element elementor-element-6684tyh9 elementor-widget elementor-widget-text-editor\" data-id=\"6684tyh9\" data-element_type=\"widget\" data-e-type=\"widget\" data-widget_type=\"text-editor.default\">\n\t\t\t\t\t\t\t\t\t<p>Jibril era considerat digne de confian\u00e7a, <span class=\"iwg-fachbegriff\" data-tooltip=\"Que pertany a l'\u00e0mbit div\u00ed i que, per aquesta ra\u00f3, queda fora de l'\u00fas quotidi\u00e0.\" tabindex=\"0\">sagrat<\/span> i de la m\u00e9s alta integritat. Les pr\u00e0ctiques d&#8217;invocaci\u00f3 inclo\u00efen preg\u00e0ries per demanar comprensi\u00f3 de la revelaci\u00f3 (Fahm al-Wahy), per obtenir proximitat al missatge div\u00ed i per a la purificaci\u00f3 del cor (Tazkiyah).<\/p><p>En les tradicions suf\u00eds es practicaven meditacions dedicades a Jibril (Muraqaba ala-Jibril) per assolir el coneixement m\u00edstic (Ma&#8217;rifah) de la paraula d&#8217;Al\u00b7l\u00e0. El respecte envers Jibril es manifestava com una devoci\u00f3 reverent al missatge cor\u00e4nic.<\/p>\t\t\t\t\t\t\t\t<\/div>\n\t\t\t\t\t<\/div>\n\t\t\t\t<\/div>\n\t\t<div class=\"elementor-element elementor-element-3lfi7x32 iwg-steckbrief-card e-flex e-con-boxed e-con e-child\" data-id=\"3lfi7x32\" data-element_type=\"container\" data-e-type=\"container\">\n\t\t\t\t\t<div class=\"e-con-inner\">\n\t\t\t\t<div class=\"elementor-element elementor-element-0kg99ga1 elementor-widget elementor-widget-heading\" data-id=\"0kg99ga1\" data-element_type=\"widget\" data-e-type=\"widget\" data-widget_type=\"heading.default\">\n\t\t\t\t\t<div class=\"elementor-heading-title elementor-size-default\">Elements comparables<\/div>\t\t\t\t<\/div>\n\t\t\t\t<div class=\"elementor-element elementor-element-n0fum6kp elementor-widget elementor-widget-text-editor\" data-id=\"n0fum6kp\" data-element_type=\"widget\" data-e-type=\"widget\" data-widget_type=\"text-editor.default\">\n\t\t\t\t\t\t\t\t\t<p>Figures comparables dins l&#8217;islam: Mikail (<span class=\"iwg-fachbegriff\" data-tooltip=\"En les religions abrah\u00e0miques, un \u00e9sser missatger celestial de D\u00e9u.\" tabindex=\"0\">\u00e0ngel<\/span> protector, per\u00f2 menys central), Israfil (<span class=\"iwg-fachbegriff\" data-tooltip=\"En les religions abrah\u00e0miques, un \u00e9sser missatger celestial de D\u00e9u.\" tabindex=\"0\">\u00e0ngel<\/span> de la resurrecci\u00f3), Azrael (\u00e0ngel de la mort). Fora de l&#8217;islam: el Gabriel cristi\u00e0 (Anunciaci\u00f3, id\u00e8ntic a Jibril), el Gabriel jueu (revelador, id\u00e8ntic a Jibril). Aquesta identitat que travessa les fronteres religioses fa de Jibril\/Gabriel una figura \u00fanica entre els arc\u00e0ngels.<\/p>\t\t\t\t\t\t\t\t<\/div>\n\t\t\t\t\t<\/div>\n\t\t\t\t<\/div>\n\t\t\t\t<\/div>\n\t\t\t\t<\/div>\n\t\t\t\t\t<\/div>\n\t\t\t\t<\/div>\n\t\t<div class=\"elementor-element elementor-element-7533bc7a e-flex e-con-boxed e-con e-parent\" data-id=\"7533bc7a\" data-element_type=\"container\" data-e-type=\"container\">\n\t\t\t\t\t<div class=\"e-con-inner\">\n\t\t\t\t<div class=\"elementor-element elementor-element-2447d18d elementor-widget elementor-widget-heading\" data-id=\"2447d18d\" data-element_type=\"widget\" data-e-type=\"widget\" data-widget_type=\"heading.default\">\n\t\t\t\t\t<h2 class=\"elementor-heading-title elementor-size-default\">Protecci\u00f3 en la vida quotidiana<\/h2>\t\t\t\t<\/div>\n\t\t<div class=\"elementor-element elementor-element-d5d0260c e-con-full e-flex e-con e-child\" data-id=\"d5d0260c\" data-element_type=\"container\" data-e-type=\"container\">\n\t\t\t\t<div class=\"elementor-element elementor-element-341be2ac elementor-widget elementor-widget-text-editor\" data-id=\"341be2ac\" data-element_type=\"widget\" data-e-type=\"widget\" data-widget_type=\"text-editor.default\">\n\t\t\t\t\t\t\t\t\t<p><strong>Invocacions i contemplaci\u00f3 prof\u00e8tica<\/strong><\/p><p>Jibril no \u00e9s, en cap sentit, objecte d&#8217;invocaci\u00f3 directa com ho seria un <span class=\"iwg-fachbegriff\" data-tooltip=\"\u00c9sser espiritual al qual s'atribueix un efecte nociu o ambivalent.\" tabindex=\"0\">dimoni<\/span>.<\/p><p><strong>Transmissions textuals i noms<\/strong><\/p><p>A l&#8217;Alcor\u00e0, Jibril apareix mencionat pel seu nom setze vegades.<\/p><p><strong>Honors i commemoracions rituals<\/strong><\/p><p>No existeix cap pr\u00e0ctica d&#8217;<span class=\"iwg-fachbegriff\" data-tooltip=\"Objecte portat sobre el cos al qual s'atribueix un efecte protector contra el mal.\" tabindex=\"0\">amulet<\/span> per a Jibril en el sentit d&#8217;un objecte protector.<\/p>\t\t\t\t\t\t\t\t<\/div>\n\t\t\t\t<\/div>\n\t\t\t\t\t<\/div>\n\t\t\t\t<\/div>\n\t\t<div class=\"elementor-element elementor-element-5a584676 e-flex e-con-boxed e-con e-parent\" data-id=\"5a584676\" data-element_type=\"container\" data-e-type=\"container\">\n\t\t\t\t\t<div class=\"e-con-inner\">\n\t\t\t\t<div class=\"elementor-element elementor-element-6d0757bf elementor-widget elementor-widget-heading\" data-id=\"6d0757bf\" data-element_type=\"widget\" data-e-type=\"widget\" data-widget_type=\"heading.default\">\n\t\t\t\t\t<h2 class=\"elementor-heading-title elementor-size-default\">Jibril, paral\u00b7lels en altres cultures<\/h2>\t\t\t\t<\/div>\n\t\t<div class=\"elementor-element elementor-element-60563f68 e-con-full e-flex e-con e-child\" data-id=\"60563f68\" data-element_type=\"container\" data-e-type=\"container\">\n\t\t\t\t<div class=\"elementor-element elementor-element-5a93fdd6 elementor-widget elementor-widget-text-editor\" data-id=\"5a93fdd6\" data-element_type=\"widget\" data-e-type=\"widget\" data-widget_type=\"text-editor.default\">\n\t\t\t\t\t\t\t\t\t<p><p><strong>Tradici\u00f3 jueva:<\/strong> Jibril \u00e9s id\u00e8ntic al Gabriel jueu (hebreu, grec, \u00e0rab: tots signifiquen D\u00e9u \u00e9s la meva for\u00e7a). La funci\u00f3 \u00e9s paral\u00b7lela: revelador de la voluntat divina. La difer\u00e8ncia: en el judaisme, Gabriel tamb\u00e9 \u00e9s anunciador del judici; Jibril \u00e9s principalment el missatger de la revelaci\u00f3. Tots dos s\u00f3n arc\u00e0ngels centrals de les seves tradicions.<\/p><p><strong>M\u00f3n grecorom\u00e0:<\/strong> No hi ha paral\u00b7lels directes en la <span class=\"iwg-fachbegriff\" data-tooltip=\"El conjunt de relats m\u00edtics transmesos sobre els d\u00e9us d'una cultura.\" tabindex=\"0\">mitologia<\/span> cl\u00e0ssica. Llunyanament relacionats: Hermes (missatger dels d\u00e9us, per\u00f2 no transmissor de revelacions), Iris (missatge celestial). La funci\u00f3 espec\u00edfica de la Wahy religiosa (revelaci\u00f3) no existeix a l&#8217;<span class=\"iwg-fachbegriff\" data-tooltip=\"\u00c8poca de la cultura grega i romana, aproximadament del 800 aC al 600 dC.\" tabindex=\"0\">Antiguitat<\/span>.<\/p><p><strong>Mesopot\u00e0mia:<\/strong> Equivalent mesopot\u00e0mic: Nabu (escriba i revelador de la voluntat de Marduk). La difer\u00e8ncia: Nabu escriu els destins terrenals; Jibril transmet un missatge c\u00f2smic i etern. Comparteixen la funci\u00f3 de mediador-escriba.<\/p><p><strong>\u00cdndia\/\u00c0sia:<\/strong> Equivalent indi: Saraswati (deessa de la saviesa i la paraula, hinduisme). Paral\u00b7lel budista: Manjushri (<span class=\"iwg-fachbegriff\" tabindex=\"0\" data-tooltip=\"En el budisme mahayana, un \u00e9sser il\u00b7luminat que posposa la seva pr\u00f2pia alliberament en benefici de l'ensenyament per a altres \u00e9ssers.\">Bodhisattva<\/span> de la saviesa, poder de la paraula). Tots dos comparteixen la funci\u00f3 de mediadors de la saviesa divina i de la paraula del coneixement.<\/p>\t\t\t\t\t\t\t\t<\/div>\n\t\t\t\t<\/div>\n\t\t\t\t\t<\/div>\n\t\t\t\t<\/div>\n\t\t<div class=\"elementor-element elementor-element-cp9292859 e-flex e-con-boxed e-con e-parent\" data-id=\"cp9292859\" data-element_type=\"container\" data-e-type=\"container\">\n\t\t\t\t\t<div class=\"e-con-inner\">\n\t\t\t\t<div class=\"elementor-element elementor-element-cp2eedde7 elementor-widget elementor-widget-heading\" data-id=\"cp2eedde7\" data-element_type=\"widget\" data-e-type=\"widget\" data-widget_type=\"heading.default\">\n\t\t\t\t\t<h2 class=\"elementor-heading-title elementor-size-default\">Jibril i el descens de l'Alcor\u00e0<\/h2>\t\t\t\t<\/div>\n\t\t<div class=\"elementor-element elementor-element-cp5da021c e-con-full e-flex e-con e-child\" data-id=\"cp5da021c\" data-element_type=\"container\" data-e-type=\"container\">\n\t\t\t\t<div class=\"elementor-element elementor-element-cpa2992fb elementor-widget elementor-widget-text-editor\" data-id=\"cpa2992fb\" data-element_type=\"widget\" data-e-type=\"widget\" data-widget_type=\"text-editor.default\">\n\t\t\t\t\t\t\t\t\t<p>La funci\u00f3 central de Jibril (<em>Jibr\u012bl<\/em>, a Occident generalment Gabriel) a l&#8217;islam \u00e9s la transmissi\u00f3 de la revelaci\u00f3. L&#8217;Alcor\u00e0 el designa expl\u00edcitament a la sura 2,97 com aquell que va fer descendir l&#8217;Escriptura \u00abamb perm\u00eds de D\u00e9u\u00bb sobre el cor del profeta Muhammad.<\/p><p>A m\u00e9s, se l&#8217;interpreta com <em>ar-r\u016b\u1e25 al-am\u012bn<\/em>, l'\u00bb<span class=\"iwg-fachbegriff\" data-tooltip=\"Un \u00e9sser incorpori al qual s'atribueix acci\u00f3 en el m\u00f3n.\" tabindex=\"0\">esperit<\/span> digne de confian\u00e7a\u00bb (sura 26,193), i com <em>r\u016b\u1e25 al-qudus<\/em>, l'\u00bb<span class=\"iwg-fachbegriff\" data-tooltip=\"Un \u00e9sser incorpori al qual s'atribueix acci\u00f3 en el m\u00f3n.\" tabindex=\"0\">esperit<\/span> sant\u00bb.<\/p><p>La <span class=\"iwg-fachbegriff\" data-tooltip=\"La transmissi\u00f3 de coneixements i narracions al llarg de generacions.\" tabindex=\"0\">tradici\u00f3<\/span> isl\u00e0mica situa l&#8217;inici d&#8217;aquesta transmissi\u00f3 a la cova de Hira, prop de la Meca, on Jibril s&#8217;hauria aparegut per primera vegada al profeta amb l&#8217;ordre <em>iqra\u02be<\/em>, \u00abllegeix\u00bb o \u00abrecita\u00bb.<\/p><p>El hadit descriu la trobada com una experi\u00e8ncia corporalment aclaparadora: Jibril hauria abra\u00e7at Muhammad tres vegades, fins que aquest va poder recitar els primers versos de la posterior sura 96. En la resta de la biografia del profeta, Jibril apareix repetidament com a intermediari, portant sures concretes, transmetent instruccions i oferint suport en situacions dif\u00edcils.<\/p><p>Teol\u00f2gicament, aquest paper de mitjancer \u00e9s decisiu perqu\u00e8 garanteix la puresa de la revelaci\u00f3. L&#8217;<span class=\"iwg-fachbegriff\" data-tooltip=\"En les religions abra\u00e0miques, un \u00e9sser missatger celestial de D\u00e9u.\" tabindex=\"0\">\u00e0ngel<\/span> no \u00e9s un parlant aut\u00f2nom, sin\u00f3 que transmet \u00fanicament la paraula de D\u00e9u. Per aix\u00f2 la doctrina angelol\u00f2gica isl\u00e0mica subratlla que Jibril no \u00e9s adorat, sin\u00f3 considerat un servent.<\/p><p>Al mateix temps, la seva funci\u00f3 el situa al capdamunt de la jerarquia ang\u00e8lica. Una coneguda <span class=\"iwg-fachbegriff\" data-tooltip=\"La transmissi\u00f3 de coneixements i narracions al llarg de generacions.\" tabindex=\"0\">tradici\u00f3<\/span> fa dir al profeta que Jibril li va portar l&#8217;Alcor\u00e0 en diverses \u00ablectures\u00bb, fet que va influir en el debat posterior sobre les lectures can\u00f2niques de l&#8217;Alcor\u00e0.<\/p>\t\t\t\t\t\t\t\t<\/div>\n\t\t\t\t<\/div>\n\t\t\t\t\t<\/div>\n\t\t\t\t<\/div>\n\t\t<div class=\"elementor-element elementor-element-cp9c15ba2 e-flex e-con-boxed e-con e-parent\" data-id=\"cp9c15ba2\" data-element_type=\"container\" data-e-type=\"container\">\n\t\t\t\t\t<div class=\"e-con-inner\">\n\t\t\t\t<div class=\"elementor-element elementor-element-cpc8bdd9e elementor-widget elementor-widget-heading\" data-id=\"cpc8bdd9e\" data-element_type=\"widget\" data-e-type=\"widget\" data-widget_type=\"heading.default\">\n\t\t\t\t\t<h2 class=\"elementor-heading-title elementor-size-default\">El hadit de Gabriel: un di\u00e0leg did\u00e0ctic sobre la fe<\/h2>\t\t\t\t<\/div>\n\t\t<div class=\"elementor-element elementor-element-cpad3bb99 e-con-full e-flex e-con e-child\" data-id=\"cpad3bb99\" data-element_type=\"container\" data-e-type=\"container\">\n\t\t\t\t<div class=\"elementor-element elementor-element-cp0831769 elementor-widget elementor-widget-text-editor\" data-id=\"cp0831769\" data-element_type=\"widget\" data-e-type=\"widget\" data-widget_type=\"text-editor.default\">\n\t\t\t\t\t\t\t\t\t<p>Un dels episodis m\u00e9s influents sobre Jibril \u00e9s l&#8217;anomenat <em>\u1e24ad\u012bth Jibr\u012bl<\/em>, transm\u00e8s, entre altres, en el recull de Muslim.<\/p><p>En aquest relat, Jibril apareix amb l&#8217;aparen\u00e7a d&#8217;un home vestit amb roba d&#8217;un blanc sorprenent i amb els cabells molt negres, sense cap rastre de viatge, i que ning\u00fa dels presents coneix. S&#8217;asseu davant del profeta, li toca els genolls amb els seus i li fa una s\u00e8rie de preguntes.<\/p><p>Pregunta sobre l&#8217;islam, \u00e9s a dir, les obligacions externes; sobre l&#8217;<em>\u012bm\u0101n<\/em>, la fe; sobre l&#8217;<em>i\u1e25s\u0101n<\/em>, la perfecci\u00f3 interior; i sobre l&#8217;hora del Judici Final.<\/p><p>A cada resposta del profeta, l&#8217;estrany respon \u00abhas dit veritat\u00bb, cosa que sorpr\u00e8n els presents, ja que qui pregunta normalment no t\u00e9 el coneixement per confirmar la resposta. Quan l&#8217;home se&#8217;n va, el profeta explica als seus companys que era Jibril, vingut per ensenyar-los la seva religi\u00f3.<\/p><p>Aquest hadit es va convertir en un text fonamental de la doctrina isl\u00e0mica de la fe. La divisi\u00f3 en Islam, Iman i Ihsan estructura encara avui les obres de pedagogia religiosa i \u00e9s el punt de partida per distingir dret, <span class=\"iwg-fachbegriff\" data-tooltip=\"La doctrina cient\u00edfica sobre D\u00e9u i la fe d'una religi\u00f3.\" tabindex=\"0\">teologia<\/span> i <span class=\"iwg-fachbegriff\" data-tooltip=\"Corrent religi\u00f3s centrat en l'experi\u00e8ncia directa de D\u00e9u.\" tabindex=\"0\">m\u00edstica<\/span>. Destaca el gir did\u00e0ctic del relat: l&#8217;<span class=\"iwg-fachbegriff\" data-tooltip=\"En les religions abra\u00e0miques, un \u00e9sser missatger celestial de D\u00e9u.\" tabindex=\"0\">\u00e0ngel<\/span> coneix les respostes, per\u00f2 igualment pregunta perqu\u00e8 la comunitat aprengui a trav\u00e9s del di\u00e0leg.<\/p><p>\u00c9s la forma de l&#8217;ensenyament, no nom\u00e9s el seu contingut, all\u00f2 que s&#8217;ha transm\u00e8s.<\/p>\t\t\t\t\t\t\t\t<\/div>\n\t\t\t\t<\/div>\n\t\t\t\t\t<\/div>\n\t\t\t\t<\/div>\n\t\t<div class=\"elementor-element elementor-element-cp017eb77 e-flex e-con-boxed e-con e-parent\" data-id=\"cp017eb77\" data-element_type=\"container\" data-e-type=\"container\">\n\t\t\t\t\t<div class=\"e-con-inner\">\n\t\t\t\t<div class=\"elementor-element elementor-element-cpf5c3843 elementor-widget elementor-widget-heading\" data-id=\"cpf5c3843\" data-element_type=\"widget\" data-e-type=\"widget\" data-widget_type=\"heading.default\">\n\t\t\t\t\t<h2 class=\"elementor-heading-title elementor-size-default\">Gabriel a trav\u00e9s de les religions: comparaci\u00f3 i distinci\u00f3<\/h2>\t\t\t\t<\/div>\n\t\t<div class=\"elementor-element elementor-element-cp07fdaf0 e-con-full e-flex e-con e-child\" data-id=\"cp07fdaf0\" data-element_type=\"container\" data-e-type=\"container\">\n\t\t\t\t<div class=\"elementor-element elementor-element-cp3860a96 elementor-widget elementor-widget-text-editor\" data-id=\"cp3860a96\" data-element_type=\"widget\" data-e-type=\"widget\" data-widget_type=\"text-editor.default\">\n\t\t\t\t\t\t\t\t\t<p>Jibril compartei el nom i la funci\u00f3 essencial amb el Gabriel de la <span class=\"iwg-fachbegriff\" data-tooltip=\"La transmissi\u00f3 de coneixements i narracions al llarg de generacions.\" tabindex=\"0\">tradici\u00f3<\/span> jueva i cristiana, i aquesta constataci\u00f3 resulta reveladora per a la <span class=\"iwg-fachbegriff\" data-tooltip=\"La ci\u00e8ncia que estudia les religions de manera comparativa i sense vinculaci\u00f3 confessional.\" tabindex=\"0\">ci\u00e8ncia de les religions<\/span>.<\/p><p>Al llibre de Daniel del Tanakh hebreu, Gabriel interpreta visions, i ja apareix, doncs, com un <span class=\"iwg-fachbegriff\" data-tooltip=\"En les religions abra\u00e0miques, un \u00e9sser missatger celestial de D\u00e9u.\" tabindex=\"0\">\u00e0ngel<\/span> d&#8217;explicaci\u00f3 i mediaci\u00f3. A l&#8217;Evangeli de Lluc anuncia el naixement de Joan Baptista i de Jes\u00fas. En les tres tradicions, Gabriel est\u00e0 vinculat a la paraula divina pronunciada.<\/p><p>L&#8217;islam no ha adoptat simplement aquesta figura, sin\u00f3 que l&#8217;ha integrada en la seva pr\u00f2pia comprensi\u00f3 de la revelaci\u00f3. Mentre que a la tradici\u00f3 cristiana Gabriel sobretot anuncia, a l&#8217;islam Jibril transmet un text complet. Aquest canvi correspon a la diferent concepci\u00f3 de l&#8217;Escriptura: l&#8217;Alcor\u00e0 s&#8217;ent\u00e9n com un descens literal de la paraula, i l&#8217;<span class=\"iwg-fachbegriff\" data-tooltip=\"En les religions abra\u00e0miques, un \u00e9sser missatger celestial de D\u00e9u.\" tabindex=\"0\">\u00e0ngel<\/span> \u00e9s el canal d&#8217;aquest descens.<\/p><p>La tradici\u00f3 musulmana coneix alhora una pol\u00e8mica de distinci\u00f3. Segons l&#8217;exegesi cl\u00e0ssica, la sura 2,97-98 respon a un rebuig jueu de Jibril i declara que qui \u00e9s enemic de D\u00e9u, dels seus \u00e0ngels i, en particular, de Jibril, t\u00e9 D\u00e9u com a enemic. Aquest vers mostra que la figura ang\u00e8lica no \u00e9s nom\u00e9s una her\u00e8ncia compartida, sin\u00f3 tamb\u00e9 objecte de disputa religiosa.<\/p><p>Per a l&#8217;estudi comparat, Jibril \u00e9s aix\u00ed un cas paradigm\u00e0tic: una figura que reapareix a trav\u00e9s de les religions i que, precisament per aix\u00f2, fa visibles les difer\u00e8ncies espec\u00edfiques de cada tradici\u00f3. Qui vulgui comprendre la doctrina angelol\u00f2gica de l&#8217;islam no pot passar per alt aquest entramat d&#8217;adopci\u00f3 i reorientaci\u00f3.<\/p>\t\t\t\t\t\t\t\t<\/div>\n\t\t\t\t<\/div>\n\t\t\t\t\t<\/div>\n\t\t\t\t<\/div>\n\t\t<div class=\"elementor-element elementor-element-36dd7469 e-flex e-con-boxed e-con e-parent\" data-id=\"36dd7469\" data-element_type=\"container\" data-e-type=\"container\">\n\t\t\t\t\t<div class=\"e-con-inner\">\n\t\t\t\t<div class=\"elementor-element elementor-element-13760ab4 elementor-widget elementor-widget-heading\" data-id=\"13760ab4\" data-element_type=\"widget\" data-e-type=\"widget\" data-widget_type=\"heading.default\">\n\t\t\t\t\t<h2 class=\"elementor-heading-title elementor-size-default\">Enlla\u00e7os relacionats<\/h2>\t\t\t\t<\/div>\n\t\t<div class=\"elementor-element elementor-element-28c87796 e-con-full e-flex e-con e-child\" data-id=\"28c87796\" data-element_type=\"container\" data-e-type=\"container\">\n\t\t\t\t<div class=\"elementor-element elementor-element-5d6538df elementor-widget elementor-widget-text-editor\" data-id=\"5d6538df\" data-element_type=\"widget\" data-e-type=\"widget\" data-widget_type=\"text-editor.default\">\n\t\t\t\t\t\t\t\t\t<ul><li><a href=\"https:\/\/iwell-guard.com\/ca\/?page_id=171590\">Gabriel<\/a><\/li><li><a href=\"https:\/\/iwell-guard.com\/ca\/?page_id=171511\">Mikail<\/a><\/li><\/ul>\t\t\t\t\t\t\t\t<\/div>\n\t\t\t\t<\/div>\n\t\t\t\t\t<\/div>\n\t\t\t\t<\/div>\n\t\t<div class=\"elementor-element elementor-element-grl4kl40 e-flex e-con-boxed e-con e-parent\" data-id=\"grl4kl40\" data-element_type=\"container\" data-e-type=\"container\">\n\t\t\t\t\t<div class=\"e-con-inner\">\n\t\t\t\t<div class=\"elementor-element elementor-element-bzsbfrmh elementor-widget elementor-widget-heading\" data-id=\"bzsbfrmh\" data-element_type=\"widget\" data-e-type=\"widget\" data-widget_type=\"heading.default\">\n\t\t\t\t\t<h2 class=\"elementor-heading-title elementor-size-default\">Fonts i bibliografia<\/h2>\t\t\t\t<\/div>\n\t\t<div class=\"elementor-element elementor-element-2c13224a e-con-full e-flex e-con e-child\" data-id=\"2c13224a\" data-element_type=\"container\" data-e-type=\"container\">\n\t\t\t\t<div class=\"elementor-element elementor-element-0eymh9ub elementor-widget elementor-widget-text-editor\" data-id=\"0eymh9ub\" data-element_type=\"widget\" data-e-type=\"widget\" data-widget_type=\"text-editor.default\">\n\t\t\t\t\t\t\t\t\t<footer data-nosnippet class=\"iwg-literatur-footer\"><ul><li><span data-nosnippet>Timothy J. Burge: <em>Angels in Islam: Jalal Abualrub&#8217;s Annotated Translation of Muhammad&#8217;s Description of Divine Beings<\/em>. Lamppost Productions, 2011.<\/span><\/li><\/ul><\/footer>\t\t\t\t\t\t\t\t<\/div>\n\t\t\t\t<\/div>\n\t\t\t\t\t<\/div>\n\t\t\t\t<\/div>\n\t\t\t\t<\/div>\n\t\t","protected":false},"excerpt":{"rendered":"","protected":false},"author":3,"featured_media":1597,"parent":0,"menu_order":0,"comment_status":"closed","ping_status":"closed","template":"elementor_header_footer","meta":{"_yoast_wpseo_focuskw":"Jibril","_yoast_wpseo_title":"Jibril - \u00c0ngel de la revelaci\u00f3 de l'Alcor\u00e0 i mitjancer","_yoast_wpseo_metadesc":"Jibril, arc\u00e0ngel de la tradici\u00f3 isl\u00e0mica i documentat per escrit des de fa segles: \u00e0ngel de la revelaci\u00f3 de l'Alcor\u00e0, acompanyant durant l'Isra i el Mi'raj.","_yoast_wpseo_meta-robots-noindex":"","_yoast_wpseo_canonical":"","_angie_page":false,"gefaehrdungsstufe":"","wesen_kultur":"islam","wesen_klasse":"lichtwesen","footnotes":""},"categories":[],"class_list":["post-171591","page","type-page","status-publish","has-post-thumbnail","hentry"],"yoast_head":"<!-- This site is optimized with the Yoast SEO Premium plugin v27.7 (Yoast SEO v28.3) - https:\/\/yoast.com\/product\/yoast-seo-premium-wordpress\/ -->\n<title>Jibril - \u00c0ngel de la revelaci\u00f3 de l&#039;Alcor\u00e0 i mitjancer<\/title>\n<meta name=\"description\" content=\"Jibril, arc\u00e0ngel de la tradici\u00f3 isl\u00e0mica i documentat per escrit des de fa segles: \u00e0ngel de la revelaci\u00f3 de l&#039;Alcor\u00e0, acompanyant durant l&#039;Isra i el Mi&#039;raj.\" \/>\n<meta name=\"robots\" content=\"index, follow, max-snippet:-1, max-image-preview:large, max-video-preview:-1\" \/>\n<link rel=\"canonical\" href=\"https:\/\/iwell-guard.com\/ca\/jibril\/\" \/>\n<meta property=\"og:locale\" content=\"ca_ES\" \/>\n<meta property=\"og:type\" content=\"article\" \/>\n<meta property=\"og:title\" content=\"Jibril\" \/>\n<meta property=\"og:description\" content=\"Jibril, arc\u00e0ngel de la tradici\u00f3 isl\u00e0mica i documentat per escrit des de fa segles: \u00e0ngel de la revelaci\u00f3 de l&#039;Alcor\u00e0, acompanyant durant l&#039;Isra i el Mi&#039;raj.\" \/>\n<meta property=\"og:url\" content=\"https:\/\/iwell-guard.com\/ca\/jibril\/\" \/>\n<meta property=\"og:site_name\" content=\"iWell Guard\" \/>\n<meta property=\"article:modified_time\" content=\"2026-09-05T16:01:55+00:00\" \/>\n<meta property=\"og:image\" content=\"https:\/\/iwell-guard.com\/wp-content\/uploads\/2026\/04\/goetter_islam_jibril.webp\" \/>\n\t<meta property=\"og:image:width\" content=\"1024\" \/>\n\t<meta property=\"og:image:height\" content=\"1536\" \/>\n\t<meta property=\"og:image:type\" content=\"image\/webp\" \/>\n<meta name=\"twitter:card\" content=\"summary_large_image\" \/>\n<script type=\"application\/ld+json\" class=\"yoast-schema-graph\">{\"@context\":\"https:\\\/\\\/schema.org\",\"@graph\":[{\"@type\":\"WebPage\",\"@id\":\"https:\\\/\\\/iwell-guard.com\\\/ca\\\/jibril\\\/\",\"url\":\"https:\\\/\\\/iwell-guard.com\\\/ca\\\/jibril\\\/\",\"name\":\"Jibril - \u00c0ngel de la revelaci\u00f3 de l'Alcor\u00e0 i mitjancer\",\"isPartOf\":{\"@id\":\"https:\\\/\\\/iwell-guard.com\\\/ca\\\/#website\"},\"primaryImageOfPage\":{\"@id\":\"https:\\\/\\\/iwell-guard.com\\\/ca\\\/jibril\\\/#primaryimage\"},\"image\":{\"@id\":\"https:\\\/\\\/iwell-guard.com\\\/ca\\\/jibril\\\/#primaryimage\"},\"thumbnailUrl\":\"https:\\\/\\\/iwell-guard.com\\\/wp-content\\\/uploads\\\/2026\\\/04\\\/goetter_islam_jibril.webp\",\"datePublished\":\"2026-09-05T15:40:41+00:00\",\"dateModified\":\"2026-09-05T16:01:55+00:00\",\"description\":\"Jibril, arc\u00e0ngel de la tradici\u00f3 isl\u00e0mica i documentat per escrit des de fa segles: \u00e0ngel de la revelaci\u00f3 de l'Alcor\u00e0, acompanyant durant l'Isra i el Mi'raj.\",\"breadcrumb\":{\"@id\":\"https:\\\/\\\/iwell-guard.com\\\/ca\\\/jibril\\\/#breadcrumb\"},\"inLanguage\":\"ca\",\"potentialAction\":[{\"@type\":\"ReadAction\",\"target\":[\"https:\\\/\\\/iwell-guard.com\\\/ca\\\/jibril\\\/\"]}]},{\"@type\":\"ImageObject\",\"inLanguage\":\"ca\",\"@id\":\"https:\\\/\\\/iwell-guard.com\\\/ca\\\/jibril\\\/#primaryimage\",\"url\":\"https:\\\/\\\/iwell-guard.com\\\/wp-content\\\/uploads\\\/2026\\\/04\\\/goetter_islam_jibril.webp\",\"contentUrl\":\"https:\\\/\\\/iwell-guard.com\\\/wp-content\\\/uploads\\\/2026\\\/04\\\/goetter_islam_jibril.webp\",\"width\":1024,\"height\":1536,\"caption\":\"D\u00e9us de la tradici\u00f3 isl\u00e0mica.\"},{\"@type\":\"BreadcrumbList\",\"@id\":\"https:\\\/\\\/iwell-guard.com\\\/ca\\\/jibril\\\/#breadcrumb\",\"itemListElement\":[{\"@type\":\"ListItem\",\"position\":1,\"name\":\"Start\",\"item\":\"https:\\\/\\\/iwell-guard.com\\\/ca\\\/?page_id=171333\"},{\"@type\":\"ListItem\",\"position\":2,\"name\":\"Jibril\"}]},{\"@type\":\"WebSite\",\"@id\":\"https:\\\/\\\/iwell-guard.com\\\/ca\\\/#website\",\"url\":\"https:\\\/\\\/iwell-guard.com\\\/ca\\\/\",\"name\":\"iWell Guard\",\"description\":\"Schutz vor dunklen Einfl\u00fcssen\",\"publisher\":{\"@id\":\"https:\\\/\\\/iwell-guard.com\\\/ca\\\/#organization\"},\"potentialAction\":[{\"@type\":\"SearchAction\",\"target\":{\"@type\":\"EntryPoint\",\"urlTemplate\":\"https:\\\/\\\/iwell-guard.com\\\/ca\\\/?s={search_term_string}\"},\"query-input\":{\"@type\":\"PropertyValueSpecification\",\"valueRequired\":true,\"valueName\":\"search_term_string\"}}],\"inLanguage\":\"ca\"},{\"@type\":\"Organization\",\"@id\":\"https:\\\/\\\/iwell-guard.com\\\/ca\\\/#organization\",\"name\":\"Ittermann electronic GmbH\",\"url\":\"https:\\\/\\\/iwell-guard.com\\\/ca\\\/\",\"logo\":{\"@type\":\"ImageObject\",\"inLanguage\":\"ca\",\"@id\":\"https:\\\/\\\/iwell-guard.com\\\/ca\\\/#\\\/schema\\\/logo\\\/image\\\/\",\"url\":\"https:\\\/\\\/iwell-guard.com\\\/wp-content\\\/uploads\\\/2026\\\/05\\\/Ittermann-Logo-1182x237-1.png\",\"contentUrl\":\"https:\\\/\\\/iwell-guard.com\\\/wp-content\\\/uploads\\\/2026\\\/05\\\/Ittermann-Logo-1182x237-1.png\",\"width\":1182,\"height\":237,\"caption\":\"Ittermann electronic GmbH\"},\"image\":{\"@id\":\"https:\\\/\\\/iwell-guard.com\\\/ca\\\/#\\\/schema\\\/logo\\\/image\\\/\"},\"sameAs\":[\"https:\\\/\\\/pantip.com\\\/profile\\\/9367242\",\"https:\\\/\\\/micro.blog\\\/iwellguard\",\"https:\\\/\\\/www.diggerslist.com\\\/iwellguard\\\/about\",\"https:\\\/\\\/skitterphoto.com\\\/photographers\\\/2870314\\\/iwell-guard\",\"https:\\\/\\\/iwellguard.wordpress.com\\\/2026\\\/06\\\/06\\\/iwell-guard\\\/\",\"https:\\\/\\\/hub.docker.com\\\/u\\\/iwellguard\",\"https:\\\/\\\/www.pinterest.com\\\/iwellguard\\\/\",\"https:\\\/\\\/bit.ly\\\/m\\\/iwellguard\",\"https:\\\/\\\/entre-vos-mains.alsace.eu\\\/profiles\\\/iwellguard\\\/activity\",\"https:\\\/\\\/gravatar.com\\\/reallybeded8fd34\",\"https:\\\/\\\/naijamatta.com\\\/iwellguard\",\"https:\\\/\\\/www.goodreads.com\\\/iwellguard\",\"https:\\\/\\\/profile.hatena.ne.jp\\\/iwellguard\\\/\",\"https:\\\/\\\/experiment.com\\\/users\\\/iwellguard\",\"https:\\\/\\\/wakelet.com\\\/@iWellGuard82270\",\"https:\\\/\\\/www.chordie.com\\\/forum\\\/profile.php?id=2555664\",\"https:\\\/\\\/www.instapaper.com\\\/p\\\/17757966\",\"https:\\\/\\\/www.mapleprimes.com\\\/users\\\/iwellguard\",\"https:\\\/\\\/businesslistingplus.com\\\/profile\\\/iwell-guard\\\/\",\"https:\\\/\\\/telegra.ph\\\/iWell-Guard-06-06\",\"https:\\\/\\\/pbase.com\\\/iwellguard\\\/iwellguard\",\"https:\\\/\\\/b.hatena.ne.jp\\\/iwellguard\\\/20260607#bookmark-4788405196491818882\",\"https:\\\/\\\/fliphtml5.com\\\/home\\\/iwellguard\",\"https:\\\/\\\/anyflip.com\\\/homepage\\\/cmiwl#About\",\"https:\\\/\\\/transfur.com\\\/Users\\\/iwellguard\",\"http:\\\/\\\/delphi.larsbo.org\\\/user\\\/iwellguard\",\"https:\\\/\\\/jobs.lajobsportal.org\\\/profiles\\\/8380803-iwell-guard\",\"https:\\\/\\\/md.chaosdorf.de\\\/s\\\/jfbe5SBdJD\",\"https:\\\/\\\/www.lingvolive.com\\\/en-us\\\/profile\\\/9ecaeaca-ce11-4e51-9e71-01d55e2bff36\\\/translations\",\"https:\\\/\\\/www.fitday.com\\\/fitness\\\/forums\\\/members\\\/iwellguard.html\",\"https:\\\/\\\/www.mymeetbook.com\\\/iwellguard\",\"https:\\\/\\\/pxhere.com\\\/en\\\/photographer-me\\\/5040798\",\"https:\\\/\\\/disqus.com\\\/by\\\/iwellguard\\\/about\\\/\",\"https:\\\/\\\/pastelink.net\\\/hjwciqwq\",\"https:\\\/\\\/pubhtml5.com\\\/homepage\\\/scjhn\\\/\",\"https:\\\/\\\/www.bitchute.com\\\/channel\\\/2O2eOKzNqujT\",\"https:\\\/\\\/audiomack.com\\\/iwellguard\"]},{\"@type\":\"Article\",\"@id\":\"https:\\\/\\\/iwell-guard.com\\\/ca\\\/jibril\\\/#article\",\"isPartOf\":{\"@id\":\"https:\\\/\\\/iwell-guard.com\\\/ca\\\/jibril\\\/\"},\"author\":{\"name\":\"Ralf Ittermann\",\"@id\":\"https:\\\/\\\/iwell-guard.com\\\/ca\\\/#\\\/schema\\\/person\\\/ee2a27f1cac3406c7c6fb5820cb7349f\"},\"headline\":\"Jibril\",\"datePublished\":\"2026-09-05T15:40:41+00:00\",\"dateModified\":\"2026-09-05T16:01:55+00:00\",\"mainEntityOfPage\":{\"@id\":\"https:\\\/\\\/iwell-guard.com\\\/ca\\\/jibril\\\/\"},\"publisher\":{\"@id\":\"https:\\\/\\\/iwell-guard.com\\\/ca\\\/#organization\"},\"image\":{\"@id\":\"https:\\\/\\\/iwell-guard.com\\\/ca\\\/jibril\\\/#primaryimage\"},\"thumbnailUrl\":\"https:\\\/\\\/iwell-guard.com\\\/wp-content\\\/uploads\\\/2026\\\/04\\\/goetter_islam_jibril.webp\",\"inLanguage\":\"ca\",\"description\":\"Jibril, arc\u00e0ngel de la tradici\u00f3 isl\u00e0mica i documentat per escrit des de fa segles: \u00e0ngel de la revelaci\u00f3 de l'Alcor\u00e0, acompanyant durant l'Isra i el Mi'raj.\"}]}<\/script>\n<!-- \/ Yoast SEO Premium plugin. -->","yoast_head_json":{"title":"Jibril - \u00c0ngel de la revelaci\u00f3 de l'Alcor\u00e0 i mitjancer","description":"Jibril, arc\u00e0ngel de la tradici\u00f3 isl\u00e0mica i documentat per escrit des de fa segles: \u00e0ngel de la revelaci\u00f3 de l'Alcor\u00e0, acompanyant durant l'Isra i el Mi'raj.","robots":{"index":"index","follow":"follow","max-snippet":"max-snippet:-1","max-image-preview":"max-image-preview:large","max-video-preview":"max-video-preview:-1"},"canonical":"https:\/\/iwell-guard.com\/ca\/jibril\/","og_locale":"ca_ES","og_type":"article","og_title":"Jibril","og_description":"Jibril, arc\u00e0ngel de la tradici\u00f3 isl\u00e0mica i documentat per escrit des de fa segles: \u00e0ngel de la revelaci\u00f3 de l'Alcor\u00e0, acompanyant durant l'Isra i el Mi'raj.","og_url":"https:\/\/iwell-guard.com\/ca\/jibril\/","og_site_name":"iWell Guard","article_modified_time":"2026-09-05T16:01:55+00:00","og_image":[{"width":1024,"height":1536,"url":"https:\/\/iwell-guard.com\/wp-content\/uploads\/2026\/04\/goetter_islam_jibril.webp","type":"image\/webp"}],"twitter_card":"summary_large_image","schema":{"@context":"https:\/\/schema.org","@graph":[{"@type":"Article","@id":"https:\/\/iwell-guard.com\/ca\/jibril\/#article","isPartOf":{"@id":"https:\/\/iwell-guard.com\/ca\/jibril\/"},"author":{"name":"Ralf Ittermann","@id":"https:\/\/iwell-guard.com\/ca\/#\/schema\/person\/ee2a27f1cac3406c7c6fb5820cb7349f"},"headline":"Jibril","datePublished":"2026-09-05T15:40:41+00:00","dateModified":"2026-09-05T16:01:55+00:00","mainEntityOfPage":{"@id":"https:\/\/iwell-guard.com\/ca\/jibril\/"},"publisher":{"@id":"https:\/\/iwell-guard.com\/ca\/#organization"},"image":{"@id":"https:\/\/iwell-guard.com\/ca\/jibril\/#primaryimage"},"thumbnailUrl":"https:\/\/iwell-guard.com\/wp-content\/uploads\/2026\/04\/goetter_islam_jibril.webp","inLanguage":"ca","description":"Jibril, arc\u00e0ngel de la tradici\u00f3 isl\u00e0mica i documentat per escrit des de fa segles: \u00e0ngel de la revelaci\u00f3 de l'Alcor\u00e0, acompanyant durant l'Isra i el Mi'raj."},{"@type":"WebPage","@id":"https:\/\/iwell-guard.com\/ca\/jibril\/","url":"https:\/\/iwell-guard.com\/ca\/jibril\/","name":"Jibril - \u00c0ngel de la revelaci\u00f3 de l'Alcor\u00e0 i mitjancer","isPartOf":{"@id":"https:\/\/iwell-guard.com\/ca\/#website"},"primaryImageOfPage":{"@id":"https:\/\/iwell-guard.com\/ca\/jibril\/#primaryimage"},"image":{"@id":"https:\/\/iwell-guard.com\/ca\/jibril\/#primaryimage"},"thumbnailUrl":"https:\/\/iwell-guard.com\/wp-content\/uploads\/2026\/04\/goetter_islam_jibril.webp","datePublished":"2026-09-05T15:40:41+00:00","dateModified":"2026-09-05T16:01:55+00:00","description":"Jibril, arc\u00e0ngel de la tradici\u00f3 isl\u00e0mica i documentat per escrit des de fa segles: \u00e0ngel de la revelaci\u00f3 de l'Alcor\u00e0, acompanyant durant l'Isra i el Mi'raj.","breadcrumb":{"@id":"https:\/\/iwell-guard.com\/ca\/jibril\/#breadcrumb"},"inLanguage":"ca","potentialAction":[{"@type":"ReadAction","target":["https:\/\/iwell-guard.com\/ca\/jibril\/"]}]},{"@type":"ImageObject","inLanguage":"ca","@id":"https:\/\/iwell-guard.com\/ca\/jibril\/#primaryimage","url":"https:\/\/iwell-guard.com\/wp-content\/uploads\/2026\/04\/goetter_islam_jibril.webp","contentUrl":"https:\/\/iwell-guard.com\/wp-content\/uploads\/2026\/04\/goetter_islam_jibril.webp","width":1024,"height":1536,"caption":"D\u00e9us de la tradici\u00f3 isl\u00e0mica."},{"@type":"BreadcrumbList","@id":"https:\/\/iwell-guard.com\/ca\/jibril\/#breadcrumb","itemListElement":[{"@type":"ListItem","position":1,"name":"Start","item":"https:\/\/iwell-guard.com\/ca\/?page_id=171333"},{"@type":"ListItem","position":2,"name":"Jibril"}]},{"@type":"WebSite","@id":"https:\/\/iwell-guard.com\/ca\/#website","url":"https:\/\/iwell-guard.com\/ca\/","name":"iWell Guard","description":"Schutz vor dunklen Einfl\u00fcssen","publisher":{"@id":"https:\/\/iwell-guard.com\/ca\/#organization"},"potentialAction":[{"@type":"SearchAction","target":{"@type":"EntryPoint","urlTemplate":"https:\/\/iwell-guard.com\/ca\/?s={search_term_string}"},"query-input":{"@type":"PropertyValueSpecification","valueRequired":true,"valueName":"search_term_string"}}],"inLanguage":"ca"},{"@type":"Organization","@id":"https:\/\/iwell-guard.com\/ca\/#organization","name":"Ittermann electronic GmbH","url":"https:\/\/iwell-guard.com\/ca\/","logo":{"@type":"ImageObject","inLanguage":"ca","@id":"https:\/\/iwell-guard.com\/ca\/#\/schema\/logo\/image\/","url":"https:\/\/iwell-guard.com\/wp-content\/uploads\/2026\/05\/Ittermann-Logo-1182x237-1.png","contentUrl":"https:\/\/iwell-guard.com\/wp-content\/uploads\/2026\/05\/Ittermann-Logo-1182x237-1.png","width":1182,"height":237,"caption":"Ittermann electronic GmbH"},"image":{"@id":"https:\/\/iwell-guard.com\/ca\/#\/schema\/logo\/image\/"},"sameAs":["https:\/\/pantip.com\/profile\/9367242","https:\/\/micro.blog\/iwellguard","https:\/\/www.diggerslist.com\/iwellguard\/about","https:\/\/skitterphoto.com\/photographers\/2870314\/iwell-guard","https:\/\/iwellguard.wordpress.com\/2026\/06\/06\/iwell-guard\/","https:\/\/hub.docker.com\/u\/iwellguard","https:\/\/www.pinterest.com\/iwellguard\/","https:\/\/bit.ly\/m\/iwellguard","https:\/\/entre-vos-mains.alsace.eu\/profiles\/iwellguard\/activity","https:\/\/gravatar.com\/reallybeded8fd34","https:\/\/naijamatta.com\/iwellguard","https:\/\/www.goodreads.com\/iwellguard","https:\/\/profile.hatena.ne.jp\/iwellguard\/","https:\/\/experiment.com\/users\/iwellguard","https:\/\/wakelet.com\/@iWellGuard82270","https:\/\/www.chordie.com\/forum\/profile.php?id=2555664","https:\/\/www.instapaper.com\/p\/17757966","https:\/\/www.mapleprimes.com\/users\/iwellguard","https:\/\/businesslistingplus.com\/profile\/iwell-guard\/","https:\/\/telegra.ph\/iWell-Guard-06-06","https:\/\/pbase.com\/iwellguard\/iwellguard","https:\/\/b.hatena.ne.jp\/iwellguard\/20260607#bookmark-4788405196491818882","https:\/\/fliphtml5.com\/home\/iwellguard","https:\/\/anyflip.com\/homepage\/cmiwl#About","https:\/\/transfur.com\/Users\/iwellguard","http:\/\/delphi.larsbo.org\/user\/iwellguard","https:\/\/jobs.lajobsportal.org\/profiles\/8380803-iwell-guard","https:\/\/md.chaosdorf.de\/s\/jfbe5SBdJD","https:\/\/www.lingvolive.com\/en-us\/profile\/9ecaeaca-ce11-4e51-9e71-01d55e2bff36\/translations","https:\/\/www.fitday.com\/fitness\/forums\/members\/iwellguard.html","https:\/\/www.mymeetbook.com\/iwellguard","https:\/\/pxhere.com\/en\/photographer-me\/5040798","https:\/\/disqus.com\/by\/iwellguard\/about\/","https:\/\/pastelink.net\/hjwciqwq","https:\/\/pubhtml5.com\/homepage\/scjhn\/","https:\/\/www.bitchute.com\/channel\/2O2eOKzNqujT","https:\/\/audiomack.com\/iwellguard"]},{"@type":"Person","@id":"https:\/\/iwell-guard.com\/ca\/#\/schema\/person\/ee2a27f1cac3406c7c6fb5820cb7349f","name":"Ralf Ittermann","image":{"@type":"ImageObject","inLanguage":"ca","@id":"https:\/\/secure.gravatar.com\/avatar\/073c0153e350a5005b68eb752b445fea71f6b24a26da9449ad7e155e6b446c9d?s=96&d=mm&r=g","url":"https:\/\/secure.gravatar.com\/avatar\/073c0153e350a5005b68eb752b445fea71f6b24a26da9449ad7e155e6b446c9d?s=96&d=mm&r=g","contentUrl":"https:\/\/secure.gravatar.com\/avatar\/073c0153e350a5005b68eb752b445fea71f6b24a26da9449ad7e155e6b446c9d?s=96&d=mm&r=g","caption":"Ralf Ittermann"},"givenName":"Ralf","familyName":"Ittermann","jobTitle":"Gesch\u00e4ftsf\u00fchrer und redaktioneller Verantwortlicher","url":"https:\/\/iwell-guard.com\/ca\/author\/claude\/","description":"Ralf Ittermann ist Gesch\u00e4ftsf\u00fchrer der Ittermann electronic GmbH und redaktioneller Verantwortlicher des iWell-Guard-Lexikons. Er verbindet langj\u00e4hrige Erfahrung in der Pr\u00e4zisionsfertigung mit medialer Praxis und religionsgeschichtlicher Quellenarbeit.","worksFor":{"@type":"Organization","name":"Ittermann electronic GmbH","url":"https:\/\/ittermann.de\/","address":{"@type":"PostalAddress","streetAddress":"K\u00f6hlergasse 16-18","postalCode":"99842","addressLocality":"Ruhla","addressCountry":"DE"}},"knowsAbout":["Religionsgeschichte","Mythologie","Mediale Praxis","Energetische Diagnostik","Schutzpraxis","Volksglauben","Westliche Esoterik"]},{"@type":"Article","@id":"https:\/\/iwell-guard.com\/ca\/jibril\/#article","isPartOf":{"@id":"https:\/\/iwell-guard.com\/ca\/jibril\/"},"author":{"name":"Ralf Ittermann","@id":"https:\/\/iwell-guard.com\/ca\/#\/schema\/person\/ee2a27f1cac3406c7c6fb5820cb7349f"},"headline":"Jibril","datePublished":"2026-09-05T15:40:41+00:00","dateModified":"2026-09-05T16:01:55+00:00","mainEntityOfPage":{"@id":"https:\/\/iwell-guard.com\/ca\/jibril\/"},"publisher":{"@id":"https:\/\/iwell-guard.com\/ca\/#organization"},"image":{"@id":"https:\/\/iwell-guard.com\/ca\/jibril\/#primaryimage"},"thumbnailUrl":"https:\/\/iwell-guard.com\/wp-content\/uploads\/2026\/04\/goetter_islam_jibril.webp","inLanguage":"ca","description":"Jibril, arc\u00e0ngel de la tradici\u00f3 isl\u00e0mica i documentat per escrit des de fa segles: \u00e0ngel de la revelaci\u00f3 de l'Alcor\u00e0, acompanyant durant l'Isra i el Mi'raj."}]}},"_links":{"self":[{"href":"https:\/\/iwell-guard.com\/ca\/wp-json\/wp\/v2\/pages\/171591","targetHints":{"allow":["GET"]}}],"collection":[{"href":"https:\/\/iwell-guard.com\/ca\/wp-json\/wp\/v2\/pages"}],"about":[{"href":"https:\/\/iwell-guard.com\/ca\/wp-json\/wp\/v2\/types\/page"}],"author":[{"embeddable":true,"href":"https:\/\/iwell-guard.com\/ca\/wp-json\/wp\/v2\/users\/3"}],"replies":[{"embeddable":true,"href":"https:\/\/iwell-guard.com\/ca\/wp-json\/wp\/v2\/comments?post=171591"}],"version-history":[{"count":0,"href":"https:\/\/iwell-guard.com\/ca\/wp-json\/wp\/v2\/pages\/171591\/revisions"}],"wp:featuredmedia":[{"embeddable":true,"href":"https:\/\/iwell-guard.com\/ca\/wp-json\/wp\/v2\/media\/1597"}],"wp:attachment":[{"href":"https:\/\/iwell-guard.com\/ca\/wp-json\/wp\/v2\/media?parent=171591"}],"wp:term":[{"taxonomy":"category","embeddable":true,"href":"https:\/\/iwell-guard.com\/ca\/wp-json\/wp\/v2\/categories?post=171591"}],"curies":[{"name":"wp","href":"https:\/\/api.w.org\/{rel}","templated":true}]}}