{"id":171590,"date":"2026-09-05T15:40:41","date_gmt":"2026-09-05T15:40:41","guid":{"rendered":"https:\/\/iwell-guard.com\/?page_id=171590"},"modified":"2026-09-05T16:01:55","modified_gmt":"2026-09-05T16:01:55","slug":"gabriel","status":"publish","type":"page","link":"https:\/\/iwell-guard.com\/ca\/gabriel\/","title":{"rendered":"Gabriel"},"content":{"rendered":"\t\t<div data-elementor-type=\"wp-page\" data-elementor-id=\"171590\" class=\"elementor elementor-171590 elementor-2140 elementor-bc-flex-widget\" data-elementor-post-type=\"page\">\n\t\t\t\t<div class=\"elementor-element elementor-element-10fdade e-flex e-con-boxed e-con e-parent\" data-id=\"10fdade\" data-element_type=\"container\" data-e-type=\"container\" data-settings=\"{&quot;background_background&quot;:&quot;classic&quot;}\">\n\t\t\t\t\t<div class=\"e-con-inner\">\n\t\t<div class=\"elementor-element elementor-element-herohlft0 e-flex e-con-boxed e-con e-child\" data-id=\"herohlft0\" data-element_type=\"container\" data-e-type=\"container\">\n\t\t\t\t\t<div class=\"e-con-inner\">\n\t\t<div class=\"elementor-element elementor-element-c3ceb64 e-con-full e-flex e-con e-child\" data-id=\"c3ceb64\" data-element_type=\"container\" data-e-type=\"container\">\n\t\t\t\t<div class=\"elementor-element elementor-element-96ae5e1 elementor-widget elementor-widget-heading\" data-id=\"96ae5e1\" data-element_type=\"widget\" data-e-type=\"widget\" data-widget_type=\"heading.default\">\n\t\t\t\t\t<h1 class=\"elementor-heading-title elementor-size-default\">Gabriel, d\u00e9u de la tradici\u00f3 jueva<\/h1>\t\t\t\t<\/div>\n\t\t\t\t<div class=\"elementor-element elementor-element-e45238a elementor-widget elementor-widget-text-editor\" data-id=\"e45238a\" data-element_type=\"widget\" data-e-type=\"widget\" data-widget_type=\"text-editor.default\">\n\t\t\t\t\t\t\t\t\t<p>Gabriel \u00e9s la figura arcang\u00e8lica de la tradici\u00f3 jueva, missatger de missatges divins i actor en escenes escatol\u00f2giques. La seva import\u00e0ncia des de la ci\u00e8ncia de la religi\u00f3 rau en la mediaci\u00f3 entre el cel i la terra, en la revelaci\u00f3 de la voluntat de D\u00e9u i en l&#8217;establiment del c\u00e0non jueu de l&#8217;angelologia.<\/p>\t\t\t\t\t\t\t\t<\/div>\n\t\t\t\t<\/div>\n\t\t<div class=\"elementor-element elementor-element-klsbdg01 e-con-full e-flex e-con e-parent\" data-id=\"klsbdg01\" data-element_type=\"container\" data-e-type=\"container\">\n\t\t\t\t<div class=\"elementor-element elementor-element-klshtm01 elementor-widget elementor-widget-html\" data-id=\"klshtm01\" data-element_type=\"widget\" data-e-type=\"widget\" data-widget_type=\"html.default\">\n\t\t\t\t\t<div class=\"iwg-pill-row\"><span class=\"iwg-klasse-badge\" tabindex=\"0\" data-tooltip=\"\u00c9ssers de llum: \u00e9ssers il\u00b7luminats, protectors o instructors, arc\u00e0ngels, mestres ascendits, \u00e9ssers de la natura lluminosos. Descrits en tradicions espirituals antigues i modernes com a ajudants i mestres.\">\u00c9sser de llum<\/span><a href=\"https:\/\/iwell-guard.com\/ca\/?page_id=171365\" class=\"iwg-kultur-badge\" tabindex=\"0\" data-tooltip=\"M\u00f3n de creences isl\u00e0mic amb arc\u00e0ngels, djinns i \u00e9ssers religiosos.\">Islam<\/a><span class=\"iwg-tradition-badge\" tabindex=\"0\" data-tooltip=\"Arc\u00e0ngel, la classe ang\u00e8lica m\u00e9s alta en la tradici\u00f3 jueva, cristiana i isl\u00e0mica.\">Arc\u00e0ngel<\/span><\/div>\t\t\t\t<\/div>\n\t\t\t\t<\/div>\n\t\t<div class=\"elementor-element elementor-element-3f74855 e-con-full e-flex e-con e-child\" data-id=\"3f74855\" data-element_type=\"container\" data-e-type=\"container\">\n\t\t\t\t<div class=\"elementor-element elementor-element-1c30362 elementor-toc--minimized-on-tablet elementor-widget elementor-widget-table-of-contents\" data-id=\"1c30362\" data-element_type=\"widget\" data-e-type=\"widget\" data-settings=\"{&quot;exclude_headings_by_selector&quot;:[],&quot;no_headings_message&quot;:&quot;No s&#039;ha trobat cap encap\\u00e7alament en aquesta p\\u00e0gina.&quot;,&quot;headings_by_tags&quot;:[&quot;h2&quot;,&quot;h3&quot;],&quot;marker_view&quot;:&quot;bullets&quot;,&quot;minimize_box&quot;:&quot;yes&quot;,&quot;icon&quot;:{&quot;value&quot;:&quot;fas fa-circle&quot;,&quot;library&quot;:&quot;fa-solid&quot;,&quot;rendered_tag&quot;:&quot;&lt;svg class=\\&quot;e-font-icon-svg e-fas-circle\\&quot; viewBox=\\&quot;0 0 512 512\\&quot; xmlns=\\&quot;http:\\\/\\\/www.w3.org\\\/2000\\\/svg\\&quot;&gt;&lt;path d=\\&quot;M256 8C119 8 8 119 8 256s111 248 248 248 248-111 248-248S393 8 256 8z\\&quot;&gt;&lt;\\\/path&gt;&lt;\\\/svg&gt;&quot;},&quot;minimized_on&quot;:&quot;tablet&quot;,&quot;hierarchical_view&quot;:&quot;yes&quot;,&quot;min_height&quot;:{&quot;unit&quot;:&quot;px&quot;,&quot;size&quot;:&quot;&quot;,&quot;sizes&quot;:[]},&quot;min_height_tablet&quot;:{&quot;unit&quot;:&quot;px&quot;,&quot;size&quot;:&quot;&quot;,&quot;sizes&quot;:[]},&quot;min_height_mobile&quot;:{&quot;unit&quot;:&quot;px&quot;,&quot;size&quot;:&quot;&quot;,&quot;sizes&quot;:[]}}\" data-widget_type=\"table-of-contents.default\">\n\t\t\t\t\t\t\t\t\t<div class=\"elementor-toc__header\">\n\t\t\t\t\t\t<h2 class=\"elementor-toc__header-title\">\n\t\t\t\t\u00cdndex\t\t\t<\/h2>\n\t\t\t\t\t\t\t\t\t\t<div class=\"elementor-toc__toggle-button elementor-toc__toggle-button--expand\" role=\"button\" tabindex=\"0\" aria-controls=\"elementor-toc__1c30362\" aria-expanded=\"true\" aria-label=\"Open table of contents\"><svg aria-hidden=\"true\" class=\"e-font-icon-svg e-fas-chevron-down\" viewBox=\"0 0 448 512\" xmlns=\"http:\/\/www.w3.org\/2000\/svg\"><path d=\"M207.029 381.476L12.686 187.132c-9.373-9.373-9.373-24.569 0-33.941l22.667-22.667c9.357-9.357 24.522-9.375 33.901-.04L224 284.505l154.745-154.021c9.379-9.335 24.544-9.317 33.901.04l22.667 22.667c9.373 9.373 9.373 24.569 0 33.941L240.971 381.476c-9.373 9.372-24.569 9.372-33.942 0z\"><\/path><\/svg><\/div>\n\t\t\t\t<div class=\"elementor-toc__toggle-button elementor-toc__toggle-button--collapse\" role=\"button\" tabindex=\"0\" aria-controls=\"elementor-toc__1c30362\" aria-expanded=\"true\" aria-label=\"Close table of contents\"><svg aria-hidden=\"true\" class=\"e-font-icon-svg e-fas-chevron-up\" viewBox=\"0 0 448 512\" xmlns=\"http:\/\/www.w3.org\/2000\/svg\"><path d=\"M240.971 130.524l194.343 194.343c9.373 9.373 9.373 24.569 0 33.941l-22.667 22.667c-9.357 9.357-24.522 9.375-33.901.04L224 227.495 69.255 381.516c-9.379 9.335-24.544 9.317-33.901-.04l-22.667-22.667c-9.373-9.373-9.373-24.569 0-33.941L207.03 130.525c9.372-9.373 24.568-9.373 33.941-.001z\"><\/path><\/svg><\/div>\n\t\t\t\t\t<\/div>\n\t\t\t\t<div id=\"elementor-toc__1c30362\" class=\"elementor-toc__body\">\n\t\t\t<div class=\"elementor-toc__spinner-container\">\n\t\t\t\t<svg class=\"elementor-toc__spinner eicon-animation-spin e-font-icon-svg e-eicon-loading\" aria-hidden=\"true\" viewBox=\"0 0 1000 1000\" xmlns=\"http:\/\/www.w3.org\/2000\/svg\"><path d=\"M500 975V858C696 858 858 696 858 500S696 142 500 142 142 304 142 500H25C25 237 238 25 500 25S975 237 975 500 763 975 500 975Z\"><\/path><\/svg>\t\t\t<\/div>\n\t\t<\/div>\n\t\t\t\t\t\t<\/div>\n\t\t\t\t<\/div>\n\t\t\t\t\t<\/div>\n\t\t\t\t<\/div>\n\t\t<div class=\"elementor-element elementor-element-herorght0 e-con-full e-flex e-con e-child\" data-id=\"herorght0\" data-element_type=\"container\" data-e-type=\"container\">\n\t\t\t\t<div class=\"elementor-element elementor-element-heroimg00 iwg-hero-image elementor-widget elementor-widget-image\" data-id=\"heroimg00\" data-element_type=\"widget\" data-e-type=\"widget\" data-widget_type=\"image.default\">\n\t\t\t\t\t\t\t\t\t\t\t\t\t\t\t<img fetchpriority=\"high\" decoding=\"async\" width=\"683\" height=\"1024\" src=\"https:\/\/iwell-guard.com\/wp-content\/uploads\/2026\/04\/goetter_judentum_gabriel-683x1024.webp\" class=\"attachment-large size-large wp-image-1609\" alt=\"Gabriel\" srcset=\"https:\/\/iwell-guard.com\/wp-content\/uploads\/2026\/04\/goetter_judentum_gabriel-683x1024.webp 683w, https:\/\/iwell-guard.com\/wp-content\/uploads\/2026\/04\/goetter_judentum_gabriel-200x300.webp 200w, https:\/\/iwell-guard.com\/wp-content\/uploads\/2026\/04\/goetter_judentum_gabriel-768x1152.webp 768w, https:\/\/iwell-guard.com\/wp-content\/uploads\/2026\/04\/goetter_judentum_gabriel.webp 1024w\" sizes=\"(max-width: 683px) 100vw, 683px\" \/>\t\t\t\t\t\t\t\t\t\t\t\t\t\t\t<\/div>\n\t\t\t\t<\/div>\n\t\t\t\t\t<\/div>\n\t\t\t\t<\/div>\n\t\t<div class=\"elementor-element elementor-element-32917199 e-flex e-con-boxed e-con e-parent\" data-id=\"32917199\" data-element_type=\"container\" data-e-type=\"container\">\n\t\t\t\t\t<div class=\"e-con-inner\">\n\t\t<div class=\"elementor-element elementor-element-26e916cb e-flex e-con-boxed e-con e-child\" data-id=\"26e916cb\" data-element_type=\"container\" data-e-type=\"container\">\n\t\t\t\t\t<div class=\"e-con-inner\">\n\t\t<div class=\"elementor-element elementor-element-253a40d4 e-flex e-con-boxed e-con e-child\" data-id=\"253a40d4\" data-element_type=\"container\" data-e-type=\"container\">\n\t\t\t\t\t<div class=\"e-con-inner\">\n\t\t\t\t<div class=\"elementor-element elementor-element-1200c304 elementor-widget elementor-widget-heading\" data-id=\"1200c304\" data-element_type=\"widget\" data-e-type=\"widget\" data-widget_type=\"heading.default\">\n\t\t\t\t\t<h2 class=\"elementor-heading-title elementor-size-default\">Gabriel<\/h2>\t\t\t\t<\/div>\n\t\t\t\t<div class=\"elementor-element elementor-element-11758e7f elementor-widget elementor-widget-text-editor\" data-id=\"11758e7f\" data-element_type=\"widget\" data-e-type=\"widget\" data-widget_type=\"text-editor.default\">\n\t\t\t\t\t\t\t\t\t<p>Gabriel actua com a missatger de D\u00e9u i mediador de la voluntat divina. Les seves qualitats inclouen for\u00e7a, veritat i proximitat immediata al tron de D\u00e9u. Els mites centrals s\u00f3n: les visions de Daniel (Dan 8, 9), on Gabriel revela els temps escatol\u00f2gics; l&#8217;anunciaci\u00f3 de Joan Baptista (Lc 1:11, 20, nom\u00e9s cristi\u00e0); i els seus papers m\u00edstics i cabal\u00edstics en la literatura d&#8217;Henoc i les tradicions del Zohar.<\/p>\t\t\t\t\t\t\t\t<\/div>\n\t\t\t\t\t<\/div>\n\t\t\t\t<\/div>\n\t\t<div class=\"elementor-element elementor-element-159dcf9a e-flex e-con-boxed e-con e-child\" data-id=\"159dcf9a\" data-element_type=\"container\" data-e-type=\"container\">\n\t\t\t\t\t<div class=\"e-con-inner\">\n\t\t\t\t<div class=\"elementor-element elementor-element-48cee66f elementor-widget elementor-widget-heading\" data-id=\"48cee66f\" data-element_type=\"widget\" data-e-type=\"widget\" data-widget_type=\"heading.default\">\n\t\t\t\t\t<h2 class=\"elementor-heading-title elementor-size-default\">Perfil breu: Gabriel<\/h2>\t\t\t\t<\/div>\n\t\t\t\t<div class=\"elementor-element elementor-element-3f50d82c elementor-widget elementor-widget-text-editor\" data-id=\"3f50d82c\" data-element_type=\"widget\" data-e-type=\"widget\" data-widget_type=\"text-editor.default\">\n\t\t\t\t\t\t\t\t\t<p>Gabriel prov\u00e9 de fonts prim\u00e0ries b\u00edbliques: el llibre de Daniel (8:16, 9:21) i escrits ap\u00f2crifs (Henoc 1-2, Tobies 3:17). L&#8217;atribuci\u00f3 de marc es produeix en el per\u00edode hel\u00b7len\u00edstic (segle 2-1 aC).<\/p><p>La recerca jueva documenta Gabriel a Scholem (Judaica, <span class=\"iwg-fachbegriff\" tabindex=\"0\" data-tooltip=\"Corrent religi\u00f3s centrat en l'experi\u00e8ncia directa de D\u00e9u; central en la tradici\u00f3 jueva, cristiana i isl\u00e0mica.\">m\u00edstica<\/span>), Bietenhard (angelologia), Hughes (Dictionary of Islam, visi\u00f3 comparativa) i McLeod (paral\u00b7lels judeo-isl\u00e0mics). L&#8217;estat de la investigaci\u00f3 mostra Gabriel com l&#8217;arquetip d&#8217;arc\u00e0ngel del Pr\u00f2xim Orient.<\/p>\t\t\t\t\t\t\t\t<\/div>\n\t\t\t\t\t<\/div>\n\t\t\t\t<\/div>\n\t\t\t\t\t<\/div>\n\t\t\t\t<\/div>\n\t\t\t\t\t<\/div>\n\t\t\t\t<\/div>\n\t\t<div class=\"elementor-element elementor-element-18613602 e-flex e-con-boxed e-con e-parent\" data-id=\"18613602\" data-element_type=\"container\" data-e-type=\"container\">\n\t\t\t\t\t<div class=\"e-con-inner\">\n\t\t\t\t<div class=\"elementor-element elementor-element-262b8a9f elementor-widget elementor-widget-heading\" data-id=\"262b8a9f\" data-element_type=\"widget\" data-e-type=\"widget\" data-widget_type=\"heading.default\">\n\t\t\t\t\t<h2 class=\"elementor-heading-title elementor-size-default\">Context<\/h2>\t\t\t\t<\/div>\n\t\t<div class=\"elementor-element elementor-element-46dcb7d e-con-full e-flex e-con e-child\" data-id=\"46dcb7d\" data-element_type=\"container\" data-e-type=\"container\">\n\t\t<div class=\"elementor-element elementor-element-61d3ab3 e-flex e-con-boxed e-con e-child\" data-id=\"61d3ab3\" data-element_type=\"container\" data-e-type=\"container\">\n\t\t\t\t\t<div class=\"e-con-inner\">\n\t\t\t\t<div class=\"elementor-element elementor-element-117c166 elementor-widget elementor-widget-heading\" data-id=\"117c166\" data-element_type=\"widget\" data-e-type=\"widget\" data-widget_type=\"heading.default\">\n\t\t\t\t\t<div class=\"elementor-heading-title elementor-size-default\">Per\u00edode dels textos<\/div>\t\t\t\t<\/div>\n\t\t\t\t<div class=\"elementor-element elementor-element-73997a0 elementor-widget elementor-widget-text-editor\" data-id=\"73997a0\" data-element_type=\"widget\" data-e-type=\"widget\" data-widget_type=\"text-editor.default\">\n\t\t\t\t\t\t\t\t\t<p>Des de les visions al llibre de Daniel fins al present, es pot seguir el cam\u00ed de Gabriel a trav\u00e9s de les fonts: passant per l&#8217;Evangeli de Lluc, la tradici\u00f3 isl\u00e0mica i la iconografia cristiana de l&#8217;Anunciaci\u00f3. Encara avui se&#8217;l venera, per exemple en la festivitat de l&#8217;Arc\u00e0ngel de l&#8217;Esgl\u00e9sia cat\u00f2lica el 29 de setembre o en la invocaci\u00f3 com a sant patr\u00f3 dels missatgers i transmissors de not\u00edcies. El nucli de la seva imatge, l&#8217;\u00e0ngel que porta la paraula de D\u00e9u, ha rom\u00e0s invariable.<\/p>\t\t\t\t\t\t\t\t<\/div>\n\t\t\t\t\t<\/div>\n\t\t\t\t<\/div>\n\t\t<div class=\"elementor-element elementor-element-d47b156 e-flex e-con-boxed e-con e-child\" data-id=\"d47b156\" data-element_type=\"container\" data-e-type=\"container\">\n\t\t\t\t\t<div class=\"e-con-inner\">\n\t\t\t\t<div class=\"elementor-element elementor-element-ff38c2b elementor-widget elementor-widget-heading\" data-id=\"ff38c2b\" data-element_type=\"widget\" data-e-type=\"widget\" data-widget_type=\"heading.default\">\n\t\t\t\t\t<div class=\"elementor-heading-title elementor-size-default\">\u00c0rea de difusi\u00f3<\/div>\t\t\t\t<\/div>\n\t\t\t\t<div class=\"elementor-element elementor-element-4e49fcc elementor-widget elementor-widget-text-editor\" data-id=\"4e49fcc\" data-element_type=\"widget\" data-e-type=\"widget\" data-widget_type=\"text-editor.default\">\n\t\t\t\t\t\t\t\t\t<p>Gabriel no estava limitat a una regi\u00f3 o localitat concreta, sin\u00f3 que era conegut universalment i venerat, o temut respectuosament, a tot el m\u00f3n jueu. Tant en grans centres urbans com en regions rurals perif\u00e8riques, tant entre l&#8217;elit social com entre el poble senzill, el significat espiritual o cultural d&#8217;aquesta entitat era reconegut de manera constant i universal.<\/p><p>Gabriel \u00e9s un dels pocs \u00e0ngels que es mencionen i veneren pel seu nom tant en el judaisme com en el cristianisme i l&#8217;islam. Aquesta difusi\u00f3 a trav\u00e9s de tres religions s&#8217;explica per la refer\u00e8ncia comuna a la tradici\u00f3 b\u00edblica: el llibre de Daniel va donar a l&#8217;\u00e0ngel el seu nom i el seu c\u00e0rrec, i l&#8217;Evangeli de Lluc i l&#8217;Alcor\u00e0 van recollir ambd\u00f3s. Aix\u00ed va sorgir una imatge unificada del missatger div\u00ed que travessa fronteres ling\u00fc\u00edstiques i culturals.<\/p>\t\t\t\t\t\t\t\t<\/div>\n\t\t\t\t\t<\/div>\n\t\t\t\t<\/div>\n\t\t\t\t<\/div>\n\t\t<div class=\"elementor-element elementor-element-db03c39 e-con-full e-flex e-con e-child\" data-id=\"db03c39\" data-element_type=\"container\" data-e-type=\"container\">\n\t\t<div class=\"elementor-element elementor-element-229a87b e-flex e-con-boxed e-con e-child\" data-id=\"229a87b\" data-element_type=\"container\" data-e-type=\"container\">\n\t\t\t\t\t<div class=\"e-con-inner\">\n\t\t\t\t<div class=\"elementor-element elementor-element-1f471fc elementor-widget elementor-widget-heading\" data-id=\"1f471fc\" data-element_type=\"widget\" data-e-type=\"widget\" data-widget_type=\"heading.default\">\n\t\t\t\t\t<div class=\"elementor-heading-title elementor-size-default\">Estat de les fonts<\/div>\t\t\t\t<\/div>\n\t\t\t\t<div class=\"elementor-element elementor-element-36b1201 elementor-widget elementor-widget-text-editor\" data-id=\"36b1201\" data-element_type=\"widget\" data-e-type=\"widget\" data-widget_type=\"text-editor.default\">\n\t\t\t\t\t\t\t\t\t<p>Les fonts prim\u00e0ries s\u00f3n el llibre de Daniel (8:16, 9:21, hebreu, 164 aC), 1 Henoc 9:3; 10:9, 10; 20:5 (hebreu, 150 aC), Tobies 3:17; 5:4 (grec, segle 2 aC), aix\u00ed com material cabal\u00edstic (Sefer ha-Bahir, segle 12; Zohar, segle 13).<\/p><p><span data-nosnippet>Com a an\u00e0lisi secund\u00e0ria, Scholem (<span class=\"iwg-fachbegriff\" tabindex=\"0\" data-tooltip=\"Corrent religi\u00f3s centrat en l'experi\u00e8ncia directa de D\u00e9u; central en la tradici\u00f3 jueva, cristiana i isl\u00e0mica.\">m\u00edstica<\/span> i angelologia), Bietenhard (m\u00edstica ang\u00e8lica cristiana, 1949), Hans Karppe (\u00c9sot\u00e9risme et Cabale, en franc\u00e8s) i el volum de di\u00e0leg de McLeod (Judeo-Islamic Angelology, 2002) van estudiar la figura de Gabriel com a centre del sistema jueu d&#8217;arc\u00e0ngels.<\/span><\/p>\t\t\t\t\t\t\t\t<\/div>\n\t\t\t\t\t<\/div>\n\t\t\t\t<\/div>\n\t\t\t\t<\/div>\n\t\t\t\t\t<\/div>\n\t\t\t\t<\/div>\n\t\t<div class=\"elementor-element elementor-element-3ae0637c e-flex e-con-boxed e-con e-parent\" data-id=\"3ae0637c\" data-element_type=\"container\" data-e-type=\"container\">\n\t\t\t\t\t<div class=\"e-con-inner\">\n\t\t\t\t<div class=\"elementor-element elementor-element-31d07739 elementor-widget elementor-widget-heading\" data-id=\"31d07739\" data-element_type=\"widget\" data-e-type=\"widget\" data-widget_type=\"heading.default\">\n\t\t\t\t\t<h2 class=\"elementor-heading-title elementor-size-default\">Nom<\/h2>\t\t\t\t<\/div>\n\t\t<div class=\"elementor-element elementor-element-b7642947 e-con-full e-flex e-con e-child\" data-id=\"b7642947\" data-element_type=\"container\" data-e-type=\"container\">\n\t\t\t\t<div class=\"elementor-element elementor-element-a086266 elementor-widget elementor-widget-text-editor\" data-id=\"a086266\" data-element_type=\"widget\" data-e-type=\"widget\" data-widget_type=\"text-editor.default\">\n\t\t\t\t\t\t\t\t\t<p>Gabriel apareix representat en les diverses fonts i tradicions art\u00edstiques amb determinats elements iconogr\u00e0fics recurrents, que es mantenen relativament constants al llarg de les d\u00e8cades i en diferents espais geogr\u00e0fics. Aquests elements no s\u00f3n purament decoratius ni escollits a l&#8217;atzar, sin\u00f3 que estan codificats amb un profund simbolisme i porten un gran significat.<\/p><p>En l&#8217;art cristi\u00e0, Gabriel \u00e9s reconeixible per trets fixos: el lliri a la m\u00e0 com a s\u00edmbol de la puresa de Maria, sovint un bast\u00f3 de missatger o una filact\u00e8ria amb les paraules de la salutaci\u00f3 de Lluc 1, juntament amb el gest de saludar o assenyalar. Aquest llenguatge visual era llegible per als espectadors com un text. Qui coneixia l&#8217;escena de l&#8217;Anunciaci\u00f3 reconeixia a l&#8217;instant: aqu\u00ed parla el missatger de D\u00e9u a Maria. Cada detall, des de la postura de l&#8217;\u00e0ngel fins al color del seu vestit, seguia normes iconogr\u00e0fiques que els pintors van transmetre al llarg dels segles.<\/p>\t\t\t\t\t\t\t\t<\/div>\n\t\t\t\t<\/div>\n\t\t\t\t\t<\/div>\n\t\t\t\t<\/div>\n\t\t<div class=\"elementor-element elementor-element-709a44a8 e-flex e-con-boxed e-con e-parent\" data-id=\"709a44a8\" data-element_type=\"container\" data-e-type=\"container\">\n\t\t\t\t\t<div class=\"e-con-inner\">\n\t\t\t\t<div class=\"elementor-element elementor-element-2f585873 elementor-widget elementor-widget-heading\" data-id=\"2f585873\" data-element_type=\"widget\" data-e-type=\"widget\" data-widget_type=\"heading.default\">\n\t\t\t\t\t<h2 class=\"elementor-heading-title elementor-size-default\">Caracter\u00edstiques<\/h2>\t\t\t\t<\/div>\n\t\t<div class=\"elementor-element elementor-element-70621c12 e-con-full e-flex e-con e-child\" data-id=\"70621c12\" data-element_type=\"container\" data-e-type=\"container\">\n\t\t\t\t<div class=\"elementor-element elementor-element-4296eb49 elementor-widget elementor-widget-text-editor\" data-id=\"4296eb49\" data-element_type=\"widget\" data-e-type=\"widget\" data-widget_type=\"text-editor.default\">\n\t\t\t\t\t\t\t\t\t<p>Gabriel era central en la pr\u00e0ctica religiosa, els rituals quotidians i la comprensi\u00f3 di\u00e0ria del judaisme. La gent es dirigia a aquesta entitat en situacions vitals cr\u00edtiques o determinades, o en certes \u00e8poques rituals de l&#8217;any, amb rituals estructurats, sovint elaborats, preg\u00e0ries o ofrenes.<\/p><p>La interpretaci\u00f3 dels passatges sobre Gabriel seguia regles fixes: en el judaisme, els erudits interpretaven les visions de Daniel segons els m\u00e8todes de l&#8217;exegesi rab\u00ednica; a les esgl\u00e9sies, te\u00f2legs i predicadors interpretaven l&#8217;escena de l&#8217;Anunciaci\u00f3 de Lluc 1 seguint la tradici\u00f3 doctrinal eclesi\u00e0stica. Qui parlava de l&#8217;\u00e0ngel no ho feia segons el seu propi criteri, sin\u00f3 dins del marc d&#8217;una interpretaci\u00f3 escriptur\u00edstica formada.<\/p><p>El fet que Gabriel aparegui com a missatger des del llibre de Daniel, passant per l&#8217;Evangeli de Lluc, fins a l&#8217;islam, mostra com estava fermament arrelada la seva funci\u00f3 en les tres religions. Les seves tasques varien segons el context: en el llibre de Daniel interpreta visions i anuncia esdeveniments futurs, en l&#8217;Evangeli de Lluc porta a Maria la not\u00edcia del naixement de Jes\u00fas, i en l&#8217;islam se&#8217;l considera el transmissor de la revelaci\u00f3 al profeta Mahoma.<\/p>\t\t\t\t\t\t\t\t<\/div>\n\t\t\t\t<\/div>\n\t\t\t\t\t<\/div>\n\t\t\t\t<\/div>\n\t\t<div class=\"elementor-element elementor-element-44e71476 e-flex e-con-boxed e-con e-parent\" data-id=\"44e71476\" data-element_type=\"container\" data-e-type=\"container\">\n\t\t\t\t\t<div class=\"e-con-inner\">\n\t\t\t\t<div class=\"elementor-element elementor-element-3c1fc3f0 elementor-widget elementor-widget-heading\" data-id=\"3c1fc3f0\" data-element_type=\"widget\" data-e-type=\"widget\" data-widget_type=\"heading.default\">\n\t\t\t\t\t<h2 class=\"elementor-heading-title elementor-size-default\">Fitxa: Gabriel<\/h2>\t\t\t\t<\/div>\n\t\t<div class=\"elementor-element elementor-element-84f33b8e e-con-full e-flex e-con e-child\" data-id=\"84f33b8e\" data-element_type=\"container\" data-e-type=\"container\">\n\t\t\t\t<div class=\"elementor-element elementor-element-hqkdc67p elementor-widget elementor-widget-text-editor\" data-id=\"hqkdc67p\" data-element_type=\"widget\" data-e-type=\"widget\" data-widget_type=\"text-editor.default\">\n\t\t\t\t\t\t\t\t\t<p>La fitxa presenta Gabriel a trav\u00e9s de sis dimensions: el seu origen geogr\u00e0fic i cultural a Judea i el Mediterrani de l&#8217;<span class=\"iwg-fachbegriff\" data-tooltip=\"\u00c8poca de la cultura grega i romana, aproximadament del 800 aC al 600 dC.\" tabindex=\"0\">Antiguitat<\/span>, el seu p\u00fablic entre creients devots i m\u00edstics, els trets iconogr\u00e0fics de la <span class=\"iwg-fachbegriff\" data-tooltip=\"Estudi del contingut de les imatges i el seu significat.\" tabindex=\"0\">iconografia<\/span> arcang\u00e8lica, el seu paper funcional com a missatger de D\u00e9u, comparacions amb arc\u00e0ngels d&#8217;altres cultures, i el seu estatus m\u00edstic en l&#8217;<span class=\"iwg-fachbegriff\" data-tooltip=\"Terme gen\u00e8ric per a doctrines que reivindiquen un coneixement ocult, accessible nom\u00e9s als iniciats.\" tabindex=\"0\">esoterisme<\/span> jueu.<\/p>\t\t\t\t\t\t\t\t<\/div>\n\t\t\t\t<\/div>\n\t\t<div class=\"elementor-element elementor-element-pemmx7c5 e-con-full e-flex e-con e-child\" data-id=\"pemmx7c5\" data-element_type=\"container\" data-e-type=\"container\">\n\t\t<div class=\"elementor-element elementor-element-pemmx7c1 e-con-full e-flex e-con e-child\" data-id=\"pemmx7c1\" data-element_type=\"container\" data-e-type=\"container\">\n\t\t<div class=\"elementor-element elementor-element-qh9oavvu iwg-steckbrief-card e-flex e-con-boxed e-con e-child\" data-id=\"qh9oavvu\" data-element_type=\"container\" data-e-type=\"container\">\n\t\t\t\t\t<div class=\"e-con-inner\">\n\t\t\t\t<div class=\"elementor-element elementor-element-awzx8k2k elementor-widget elementor-widget-heading\" data-id=\"awzx8k2k\" data-element_type=\"widget\" data-e-type=\"widget\" data-widget_type=\"heading.default\">\n\t\t\t\t\t<div class=\"elementor-heading-title elementor-size-default\">Origen<\/div>\t\t\t\t<\/div>\n\t\t\t\t<div class=\"elementor-element elementor-element-x6rowhv0 elementor-widget elementor-widget-text-editor\" data-id=\"x6rowhv0\" data-element_type=\"widget\" data-e-type=\"widget\" data-widget_type=\"text-editor.default\">\n\t\t\t\t\t\t\t\t\t<p>Gabriel apareix per primera vegada al Llibre de Daniel, escrit en l&#8217;\u00e8poca hel\u00b7len\u00edstica tardana de Judea (164 aC, per\u00edode sel\u00e8ucida).<\/p><p>L&#8217;origen geogr\u00e0fic es troba a Jerusalem i Judea; el desenvolupament teol\u00f2gic de fons es va produir durant el per\u00edode de l&#8217;exili babil\u00f2nic (segles VI-V aC) amb una nova sistem\u00e0tica dels <span class=\"iwg-fachbegriff\" data-tooltip=\"En les religions abra\u00e0miques, un \u00e9sser missatger celestial de D\u00e9u.\" tabindex=\"0\">\u00e0ngels<\/span>. El Llibre de Daniel es va escriure a Babil\u00f2nia, fet que marca la presentaci\u00f3 de Gabriel com a mediador c\u00f2smic dins l&#8217;angeologia hel\u00b7len\u00edstica.<\/p>\t\t\t\t\t\t\t\t<\/div>\n\t\t\t\t\t<\/div>\n\t\t\t\t<\/div>\n\t\t<div class=\"elementor-element elementor-element-8e3o4kxs iwg-steckbrief-card e-flex e-con-boxed e-con e-child\" data-id=\"8e3o4kxs\" data-element_type=\"container\" data-e-type=\"container\">\n\t\t\t\t\t<div class=\"e-con-inner\">\n\t\t\t\t<div class=\"elementor-element elementor-element-08rkdgov elementor-widget elementor-widget-heading\" data-id=\"08rkdgov\" data-element_type=\"widget\" data-e-type=\"widget\" data-widget_type=\"heading.default\">\n\t\t\t\t\t<div class=\"elementor-heading-title elementor-size-default\">Objecte d'acci\u00f3<\/div>\t\t\t\t<\/div>\n\t\t\t\t<div class=\"elementor-element elementor-element-uwjelx8s elementor-widget elementor-widget-text-editor\" data-id=\"uwjelx8s\" data-element_type=\"widget\" data-e-type=\"widget\" data-widget_type=\"text-editor.default\">\n\t\t\t\t\t\t\t\t\t<p>Gabriel s&#8217;adre\u00e7ava principalment a jueus pietosos i m\u00edstics com a garant de la voluntat divina. El p\u00fablic social eren sacerdots, profetes, sants i, m\u00e9s endavant, cabalistes. Les ocasions eren moments de revelaci\u00f3, \u00e8poques de crisi (exili, opressi\u00f3), festivitats (Purim, Hanuk\u00e0, on el poder de Gabriel actua mitol\u00f2gicament) i la recerca espiritual personal. La <span class=\"iwg-fachbegriff\" data-tooltip=\"L'acte de dirigir-se a una divinitat o poder amb s\u00faplica o invocaci\u00f3.\" tabindex=\"0\">invocaci\u00f3<\/span> es feia mitjan\u00e7ant la <span class=\"iwg-fachbegriff\" data-tooltip=\"L'adre\u00e7ament ling\u00fc\u00edstic d'una persona a una divinitat.\" tabindex=\"0\">preg\u00e0ria<\/span> i la contemplaci\u00f3 m\u00edstica.<\/p>\t\t\t\t\t\t\t\t<\/div>\n\t\t\t\t\t<\/div>\n\t\t\t\t<\/div>\n\t\t<div class=\"elementor-element elementor-element-jm2n74ec iwg-steckbrief-card e-flex e-con-boxed e-con e-child\" data-id=\"jm2n74ec\" data-element_type=\"container\" data-e-type=\"container\">\n\t\t\t\t\t<div class=\"e-con-inner\">\n\t\t\t\t<div class=\"elementor-element elementor-element-8vufse4c elementor-widget elementor-widget-heading\" data-id=\"8vufse4c\" data-element_type=\"widget\" data-e-type=\"widget\" data-widget_type=\"heading.default\">\n\t\t\t\t\t<div class=\"elementor-heading-title elementor-size-default\">Aparen\u00e7a<\/div>\t\t\t\t<\/div>\n\t\t\t\t<div class=\"elementor-element elementor-element-mwb9u015 elementor-widget elementor-widget-text-editor\" data-id=\"mwb9u015\" data-element_type=\"widget\" data-e-type=\"widget\" data-widget_type=\"text-editor.default\">\n\t\t\t\t\t\t\t\t\t<p>Gabriel iconogr\u00e0ficament: figura masculina amb ales, espasa o bast\u00f3, aur\u00e8ola de llum (halo), de vegades amb el <span class=\"iwg-fachbegriff\" data-tooltip=\"Un signe que representa una idea o un significat.\" tabindex=\"0\">s\u00edmbol<\/span> del lliri (adoptat m\u00e9s tard pel cristianisme). Els atributs s\u00f3n la llan\u00e7a, el pergam\u00ed (revelaci\u00f3) i la balan\u00e7a (judici). En l&#8217;art m\u00edstic jueu: vestidura blanca, sis ales, proximitat a la Xekhin\u00e1 (pres\u00e8ncia de D\u00e9u). La representaci\u00f3 t\u00edpica segueix les descripcions tardanes del <span class=\"iwg-fachbegriff\" tabindex=\"0\" data-tooltip=\"Obra principal del judaisme rab\u00ednic, en versi\u00f3 babil\u00f2nica i jerusalemita; cont\u00e9 la Misn\u00e0 i la Guemar\u00e0.\">Talmud<\/span> i la <span class=\"iwg-fachbegriff\" data-tooltip=\"Un signe que representa una idea o un significat.\" tabindex=\"0\">iconografia<\/span> de la <span class=\"iwg-fachbegriff\" tabindex=\"0\" data-tooltip=\"M\u00edstica jueva amb obres principals com el Sefer Yetzir\u00e0, el Zohar i l'escola luri\u00e0nica; doctrina de les sefirot, el Tetragrama i el Tikkun.\">Cabala<\/span>.<\/p>\t\t\t\t\t\t\t\t<\/div>\n\t\t\t\t\t<\/div>\n\t\t\t\t<\/div>\n\t\t\t\t<\/div>\n\t\t<div class=\"elementor-element elementor-element-pemmx7c2 e-con-full e-flex e-con e-child\" data-id=\"pemmx7c2\" data-element_type=\"container\" data-e-type=\"container\">\n\t\t<div class=\"elementor-element elementor-element-37ss2yr6 iwg-steckbrief-card e-flex e-con-boxed e-con e-child\" data-id=\"37ss2yr6\" data-element_type=\"container\" data-e-type=\"container\">\n\t\t\t\t\t<div class=\"e-con-inner\">\n\t\t\t\t<div class=\"elementor-element elementor-element-3v0wp3wx elementor-widget elementor-widget-heading\" data-id=\"3v0wp3wx\" data-element_type=\"widget\" data-e-type=\"widget\" data-widget_type=\"heading.default\">\n\t\t\t\t\t<div class=\"elementor-heading-title elementor-size-default\">Funci\u00f3<\/div>\t\t\t\t<\/div>\n\t\t\t\t<div class=\"elementor-element elementor-element-w3247g2m elementor-widget elementor-widget-text-editor\" data-id=\"w3247g2m\" data-element_type=\"widget\" data-e-type=\"widget\" data-widget_type=\"text-editor.default\">\n\t\t\t\t\t\t\t\t\t<strong>\u00c0mbit d&#8217;acci\u00f3:<\/strong><p>Gabriel \u00e9s, en el context judeocristi\u00e0 i isl\u00e0mic, un arc\u00e0ngel cuya funci\u00f3 principal \u00e9s la transmissi\u00f3 de missatges divins.<\/p>\t\t\t\t\t\t\t\t<\/div>\n\t\t\t\t\t<\/div>\n\t\t\t\t<\/div>\n\t\t<div class=\"elementor-element elementor-element-0qpjal9w iwg-steckbrief-card e-flex e-con-boxed e-con e-child\" data-id=\"0qpjal9w\" data-element_type=\"container\" data-e-type=\"container\">\n\t\t\t\t\t<div class=\"e-con-inner\">\n\t\t\t\t<div class=\"elementor-element elementor-element-6ndoih0o elementor-widget elementor-widget-heading\" data-id=\"6ndoih0o\" data-element_type=\"widget\" data-e-type=\"widget\" data-widget_type=\"heading.default\">\n\t\t\t\t\t<div class=\"elementor-heading-title elementor-size-default\">Protecci\u00f3<\/div>\t\t\t\t<\/div>\n\t\t\t\t<div class=\"elementor-element elementor-element-6684tyh9 elementor-widget elementor-widget-text-editor\" data-id=\"6684tyh9\" data-element_type=\"widget\" data-e-type=\"widget\" data-widget_type=\"text-editor.default\">\n\t\t\t\t\t\t\t\t\t<p>Gabriel era considerat un \u00e9sser bo i benefactor. Les pr\u00e0ctiques d&#8217;invocaci\u00f3 inclo\u00efen preg\u00e0ries per demanar saviesa, revelaci\u00f3 i protecci\u00f3 contra els dimonis. En la <span class=\"iwg-fachbegriff\" tabindex=\"0\" data-tooltip=\"M\u00edstica jueva amb obres principals com el Sefer Yetzir\u00e0, el Zohar i l'escola luri\u00e0nica; doctrina de les sefirot, el Tetragrama i el Tikkun.\">Cabala<\/span> es practicaven meditacions dedicades a Gabriel (yichudim, unions m\u00edstiques) per canalitzar el poder celestial. El respecte envers Gabriel es manifestava en rever\u00e8ncia, preceptes de puresa, purificaci\u00f3 ritual i dejuni abans dels intents de contacte m\u00edstic.<\/p>\t\t\t\t\t\t\t\t<\/div>\n\t\t\t\t\t<\/div>\n\t\t\t\t<\/div>\n\t\t<div class=\"elementor-element elementor-element-3lfi7x32 iwg-steckbrief-card e-flex e-con-boxed e-con e-child\" data-id=\"3lfi7x32\" data-element_type=\"container\" data-e-type=\"container\">\n\t\t\t\t\t<div class=\"e-con-inner\">\n\t\t\t\t<div class=\"elementor-element elementor-element-0kg99ga1 elementor-widget elementor-widget-heading\" data-id=\"0kg99ga1\" data-element_type=\"widget\" data-e-type=\"widget\" data-widget_type=\"heading.default\">\n\t\t\t\t\t<div class=\"elementor-heading-title elementor-size-default\">Elements comparables<\/div>\t\t\t\t<\/div>\n\t\t\t\t<div class=\"elementor-element elementor-element-n0fum6kp elementor-widget elementor-widget-text-editor\" data-id=\"n0fum6kp\" data-element_type=\"widget\" data-e-type=\"widget\" data-widget_type=\"text-editor.default\">\n\t\t\t\t\t\t\t\t\t<p>Figures comparables: Raguel (arc\u00e0ngel de l&#8217;harmonia, <span class=\"iwg-fachbegriff\" tabindex=\"0\" data-tooltip=\"M\u00edstica jueva amb obres principals Sefer Yetzir\u00e0, Z\u00f3har i l'escola luri\u00e0nica.\">Cabala<\/span>), Miquel (guerrer, vencedor de dimonis), Uriel (\u00e0ngel del foc, <span class=\"iwg-fachbegriff\" data-tooltip=\"En les religions abrah\u00e0miques, un \u00e9sser missatger celestial de D\u00e9u.\" tabindex=\"0\">\u00e0ngel<\/span>, judici), Metatr\u00f3 (\u00e0ngel del tron de la <span class=\"iwg-fachbegriff\" tabindex=\"0\" data-tooltip=\"M\u00edstica jueva amb obres principals Sefer Yetzir\u00e0, Z\u00f3har i l'escola luri\u00e0nica.\">Cabala<\/span>). Fora del judaisme: el Jibril isl\u00e0mic (id\u00e8ntic a Gabriel, Alcor\u00e0, sura 2:97), el Gabriel cristi\u00e0 (Lc 1, Anunciaci\u00f3), els yazatas zoro\u00e0strics (mediadors celestials).<\/p>\t\t\t\t\t\t\t\t<\/div>\n\t\t\t\t\t<\/div>\n\t\t\t\t<\/div>\n\t\t\t\t<\/div>\n\t\t\t\t<\/div>\n\t\t\t\t\t<\/div>\n\t\t\t\t<\/div>\n\t\t<div class=\"elementor-element elementor-element-7533bc7a e-flex e-con-boxed e-con e-parent\" data-id=\"7533bc7a\" data-element_type=\"container\" data-e-type=\"container\">\n\t\t\t\t\t<div class=\"e-con-inner\">\n\t\t\t\t<div class=\"elementor-element elementor-element-2447d18d elementor-widget elementor-widget-heading\" data-id=\"2447d18d\" data-element_type=\"widget\" data-e-type=\"widget\" data-widget_type=\"heading.default\">\n\t\t\t\t\t<h2 class=\"elementor-heading-title elementor-size-default\">Protecci\u00f3 en la vida quotidiana<\/h2>\t\t\t\t<\/div>\n\t\t<div class=\"elementor-element elementor-element-d5d0260c e-con-full e-flex e-con e-child\" data-id=\"d5d0260c\" data-element_type=\"container\" data-e-type=\"container\">\n\t\t\t\t<div class=\"elementor-element elementor-element-341be2ac elementor-widget elementor-widget-text-editor\" data-id=\"341be2ac\" data-element_type=\"widget\" data-e-type=\"widget\" data-widget_type=\"text-editor.default\">\n\t\t\t\t\t\t\t\t\t<p><strong>Veneraci\u00f3 i commemoraci\u00f3 lit\u00fargica<\/strong><\/p><p>Gabriel \u00e9s venerat a les esgl\u00e9sies cristianes el dia de Sant Miquel (29 de setembre) o el dia de Sant Gabriel.<\/p><p><strong>L&#8217;Anunciaci\u00f3 a Maria i la seva repetici\u00f3<\/strong><\/p><p>Les pr\u00e0ctiques lit\u00fargiques (especialment en el cristianisme oriental i la <span class=\"iwg-fachbegriff\" data-tooltip=\"Una breu reflexi\u00f3 religiosa personal o comunit\u00e0ria.\" tabindex=\"0\">devoci\u00f3<\/span> cat\u00f2lica) commemoren di\u00e0riament l&#8217;Anunciaci\u00f3.<\/p><p><strong>Amulets de protecci\u00f3 i signes de gr\u00e0cia<\/strong><\/p><p>El lliri (procedent de la <span class=\"iwg-fachbegriff\" data-tooltip=\"Un signe que representa una idea o un significat.\" tabindex=\"0\">iconografia<\/span> del Renaixement) \u00e9s el <span class=\"iwg-fachbegriff\" data-tooltip=\"Un signe que representa una idea o un significat.\" tabindex=\"0\">s\u00edmbol<\/span> floral de Gabriel.<\/p>\t\t\t\t\t\t\t\t<\/div>\n\t\t\t\t<\/div>\n\t\t\t\t\t<\/div>\n\t\t\t\t<\/div>\n\t\t<div class=\"elementor-element elementor-element-5a584676 e-flex e-con-boxed e-con e-parent\" data-id=\"5a584676\" data-element_type=\"container\" data-e-type=\"container\">\n\t\t\t\t\t<div class=\"e-con-inner\">\n\t\t\t\t<div class=\"elementor-element elementor-element-6d0757bf elementor-widget elementor-widget-heading\" data-id=\"6d0757bf\" data-element_type=\"widget\" data-e-type=\"widget\" data-widget_type=\"heading.default\">\n\t\t\t\t\t<h2 class=\"elementor-heading-title elementor-size-default\">Gabriel, paral\u00b7lelismes en altres cultures<\/h2>\t\t\t\t<\/div>\n\t\t<div class=\"elementor-element elementor-element-60563f68 e-con-full e-flex e-con e-child\" data-id=\"60563f68\" data-element_type=\"container\" data-e-type=\"container\">\n\t\t\t\t<div class=\"elementor-element elementor-element-5a93fdd6 elementor-widget elementor-widget-text-editor\" data-id=\"5a93fdd6\" data-element_type=\"widget\" data-e-type=\"widget\" data-widget_type=\"text-editor.default\">\n\t\t\t\t\t\t\t\t\t<p><p><strong>Tradici\u00f3 jueva:<\/strong> Gabriel \u00e9s central. Els paral\u00b7lels s\u00f3n Miquel (\u00e0ngel de la guerra), Uriel (jutge del foc), Raguel (just\u00edcia), Tzaphkiel (contemplaci\u00f3, <span class=\"iwg-fachbegriff\" tabindex=\"0\" data-tooltip=\"M\u00edstica jueva amb obres principals com el Sefer Yetzir\u00e0, el Sohar i l'escola luri\u00e0nica.\">c\u00e0bala<\/span>). Els quatre estan establerts com a t\u00e8trade d&#8217;arc\u00e0ngels en el <span class=\"iwg-fachbegriff\" tabindex=\"0\" data-tooltip=\"Obra principal del judaisme rab\u00ednic, en versi\u00f3 babil\u00f2nica i jerosolimitana; cont\u00e9 la Mixn\u00e0 i la Guemar\u00e0.\">Talmud<\/span> i la <span class=\"iwg-fachbegriff\" tabindex=\"0\" data-tooltip=\"M\u00edstica jueva amb obres principals com el Sefer Yetzir\u00e0, el Sohar i l'escola luri\u00e0nica.\">c\u00e0bala<\/span> (Scholem). La funci\u00f3 de Gabriel com a \u00e0ngel de la revelaci\u00f3 \u00e9s <span class=\"iwg-fachbegriff\" tabindex=\"0\" data-tooltip=\"Pertanyent a un corpus d'escriptures sagrades establert d'una religi\u00f3; els textos no can\u00f2nics es consideren ap\u00f2crifs.\">can\u00f2nica<\/span> a Henoc 1:9.<\/p><p><strong>M\u00f3n grecorom\u00e0:<\/strong> No hi ha <span class=\"iwg-fachbegriff\" data-tooltip=\"En les religions abrah\u00e0miques, un \u00e9sser missatger celestial de D\u00e9u.\" tabindex=\"0\">\u00e0ngels<\/span> jueus directes a l&#8217;<span class=\"iwg-fachbegriff\" data-tooltip=\"\u00c8poca de la cultura grega i romana, aproximadament del 800 aC al 600 dC.\" tabindex=\"0\">Antiguitat<\/span>. Estan llunyanament relacionats els missatgers divins grecs com Hermes o Iris (missatgers dels d\u00e9us), aix\u00ed com els d\u00e8mons de la tradici\u00f3 hesi\u00f2dica. Els uneix el paper d&#8217;intermediari missatger.<\/p><p><strong>Mesopot\u00e0mia:<\/strong> Equivalent mesopot\u00e0mic: Nabu (escriba de Marduk, revelaci\u00f3), Shamash (d\u00e9u del sol, just\u00edcia). Gabriel comparteix amb Nabu el rol de mediador entre d\u00e9us i humans. Les llistes de dimonis acadis (Enuma Elix) mostren jerarquies similars.<\/p><p><strong>\u00cdndia\/\u00c0sia:<\/strong> No hi ha paral\u00b7lels directes. Hi estan llunyanament relacionats els missatgers d&#8217;Indra (<span class=\"iwg-fachbegriff\" data-tooltip=\"El conjunt de narracions m\u00edtiques transmeses d'una cultura.\" tabindex=\"0\">mitologia<\/span> hind\u00fa), els bodhisattvas com a mediadors de la revelaci\u00f3 (budisme), o les apsares com a missatgeres celestials (literatura s\u00e0nscrita). Comparteixen la funcionalitat de la mediaci\u00f3 c\u00f2smica.<\/p>\t\t\t\t\t\t\t\t<\/div>\n\t\t\t\t<\/div>\n\t\t\t\t\t<\/div>\n\t\t\t\t<\/div>\n\t\t<div class=\"elementor-element elementor-element-cp071532f e-flex e-con-boxed e-con e-parent\" data-id=\"cp071532f\" data-element_type=\"container\" data-e-type=\"container\">\n\t\t\t\t\t<div class=\"e-con-inner\">\n\t\t\t\t<div class=\"elementor-element elementor-element-cp4d85ae2 elementor-widget elementor-widget-heading\" data-id=\"cp4d85ae2\" data-element_type=\"widget\" data-e-type=\"widget\" data-widget_type=\"heading.default\">\n\t\t\t\t\t<h2 class=\"elementor-heading-title elementor-size-default\">Gabriel amb Daniel: les primeres aparicions<\/h2>\t\t\t\t<\/div>\n\t\t<div class=\"elementor-element elementor-element-cpe5177d4 e-con-full e-flex e-con e-child\" data-id=\"cpe5177d4\" data-element_type=\"container\" data-e-type=\"container\">\n\t\t\t\t<div class=\"elementor-element elementor-element-cp7fe7aec elementor-widget elementor-widget-text-editor\" data-id=\"cp7fe7aec\" data-element_type=\"widget\" data-e-type=\"widget\" data-widget_type=\"text-editor.default\">\n\t\t\t\t\t\t\t\t\t<p>Gabriel \u00e9s el primer <span class=\"iwg-fachbegriff\" data-tooltip=\"En les religions abra\u00e0miques, un \u00e9sser missatger celestial de D\u00e9u.\" tabindex=\"0\">\u00e0ngel<\/span> de la B\u00edblia hebrea que porta un nom propi. Apareix al <em>Llibre de Daniel<\/em>, un escrit que en la seva forma actual va sorgir en l&#8217;\u00e8poca hel\u00b7len\u00edstica, al segle II abans de l&#8217;era comuna.<\/p><p>A <em>Daniel<\/em> 8, Gabriel rep l&#8217;enc\u00e0rrec d&#8217;explicar al vident Daniel una visi\u00f3 d&#8217;un molt\u00f3 i un cabr\u00f3. A <em>Daniel<\/em> 9 torna a apar\u00e8ixer per explicar a Daniel la c\u00e8lebre <span class=\"iwg-fachbegriff\" data-tooltip=\"La predicci\u00f3 d'esdeveniments futurs mitjan\u00e7ant mitjans religiosos o m\u00e0gics.\" tabindex=\"0\">profecia<\/span> de les setanta setmanes d&#8217;anys.<\/p><p>Ja en aquestes primeres aparicions es fa pal\u00e8s el paper caracter\u00edstic de Gabriel. \u00c9s l&#8217;<span class=\"iwg-fachbegriff\" data-tooltip=\"En les religions abra\u00e0miques, un \u00e9sser missatger celestial de D\u00e9u.\" tabindex=\"0\">\u00e0ngel<\/span> de la interpretaci\u00f3 i del missatge. No porta principalment c\u00e0stig o guerra, com passa amb Miquel, sin\u00f3 comprensi\u00f3.<\/p><p>Explica a l&#8217;\u00e9sser hum\u00e0 all\u00f2 que aquest no pot entendre per si mateix. Resulta significatiu que Daniel, en veure Gabriel, cau esparverat a terra, fet que subratlla l&#8217;aspecte sobrehum\u00e0 de l&#8217;\u00e0ngel.<\/p><p>La investigaci\u00f3 considera el Llibre de Daniel un pas important en l&#8217;angelologia jueva. Aqu\u00ed els <span class=\"iwg-fachbegriff\" data-tooltip=\"En les religions abra\u00e0miques, un \u00e9sser missatger celestial de D\u00e9u.\" tabindex=\"0\">\u00e0ngels<\/span> s&#8217;individualitzen per primera vegada, reben noms i funcions delimitades. Gabriel i Miquel formen a Daniel el nucli d&#8217;una concepci\u00f3 en desenvolupament d&#8217;\u00e0ngels anomenats i de rang elevat.<\/p><p>Aquesta evoluci\u00f3 continua en la literatura apocal\u00edptica dels segles seg\u00fcents i constitueix la base de la posterior angelologia jueva, cristiana i isl\u00e0mica.<\/p>\t\t\t\t\t\t\t\t<\/div>\n\t\t\t\t<\/div>\n\t\t\t\t\t<\/div>\n\t\t\t\t<\/div>\n\t\t<div class=\"elementor-element elementor-element-cp8abf03a e-flex e-con-boxed e-con e-parent\" data-id=\"cp8abf03a\" data-element_type=\"container\" data-e-type=\"container\">\n\t\t\t\t\t<div class=\"e-con-inner\">\n\t\t\t\t<div class=\"elementor-element elementor-element-cp0111206 elementor-widget elementor-widget-heading\" data-id=\"cp0111206\" data-element_type=\"widget\" data-e-type=\"widget\" data-widget_type=\"heading.default\">\n\t\t\t\t\t<h2 class=\"elementor-heading-title elementor-size-default\">L'anunciaci\u00f3 a Maria i a Zacaries<\/h2>\t\t\t\t<\/div>\n\t\t<div class=\"elementor-element elementor-element-cp5fcef28 e-con-full e-flex e-con e-child\" data-id=\"cp5fcef28\" data-element_type=\"container\" data-e-type=\"container\">\n\t\t\t\t<div class=\"elementor-element elementor-element-cp3b131d7 elementor-widget elementor-widget-text-editor\" data-id=\"cp3b131d7\" data-element_type=\"widget\" data-e-type=\"widget\" data-widget_type=\"text-editor.default\">\n\t\t\t\t\t\t\t\t\t<p>En el cristianisme, Gabriel assoleix la seva m\u00e0xima import\u00e0ncia a trav\u00e9s de l&#8217;<em>Evangeli de Lluc<\/em>. Al primer cap\u00edtol, Gabriel apareix dues vegades. Primer es presenta al sacerdot Zacaries al <span class=\"iwg-fachbegriff\" data-tooltip=\"Un edifici destinat a la veneraci\u00f3 d'una o diverses divinitats.\" tabindex=\"0\">temple<\/span> i li anuncia el naixement de Joan, que m\u00e9s endavant ser\u00e0 Joan Baptista.<\/p><p>Com que Zacaries dubta, es queda mut fins al naixement del nen. Gabriel es presenta expl\u00edcitament amb les paraules que \u00e9s aquell que est\u00e0 davant de D\u00e9u.<\/p><p>Poc despr\u00e9s, Gabriel apareix a la jove Maria a Natzaret i li anuncia el naixement de Jes\u00fas. Aquesta escena, l&#8217;anunciaci\u00f3 a Maria, s&#8217;ha convertit en una de les aparicions ang\u00e8liques de m\u00e9s transcend\u00e8ncia de tota la tradici\u00f3 cristiana.<\/p><p>La salutaci\u00f3 amb la qual Gabriel s&#8217;adre\u00e7a a Maria ha passat a la <span class=\"iwg-fachbegriff\" data-tooltip=\"L'ordre establert del culte d'una comunitat religiosa.\" tabindex=\"0\">lit\u00fargia<\/span> cristiana i a la <span class=\"iwg-fachbegriff\" data-tooltip=\"L'adre\u00e7ament ling\u00fc\u00edstic de l'\u00e9sser hum\u00e0 a una divinitat.\" tabindex=\"0\">preg\u00e0ria<\/span> de l&#8217;Ave Maria. En l&#8217;art figuratiu de l&#8217;edat mitjana i del Renaixement, l&#8217;anunciaci\u00f3 \u00e9s un dels motius representats amb m\u00e9s freq\u00fc\u00e8ncia.<\/p><p>Resulta destacable la continu\u00eftat entre Daniel i l&#8217;Evangeli de Lluc. En tots dos casos, Gabriel \u00e9s l&#8217;<span class=\"iwg-fachbegriff\" data-tooltip=\"En les religions abra\u00e0miques, un \u00e9sser missatger celestial de D\u00e9u.\" tabindex=\"0\">\u00e0ngel<\/span> que anuncia i interpreta un futur transcendent. Lluc s&#8217;enlla\u00e7a deliberadament amb la tradici\u00f3 de Daniel. Gabriel no \u00e9s un missatger escollit a l&#8217;atzar, sin\u00f3 l&#8217;<span class=\"iwg-fachbegriff\" data-tooltip=\"En les religions abra\u00e0miques, un \u00e9sser missatger celestial de D\u00e9u.\" tabindex=\"0\">\u00e0ngel<\/span> ja establert en la <span class=\"iwg-fachbegriff\" data-tooltip=\"La transmissi\u00f3 de coneixements i relats a trav\u00e9s de generacions.\" tabindex=\"0\">tradici\u00f3<\/span> jueva de l&#8217;anunci de la hist\u00f2ria de la salvaci\u00f3.<\/p><p>Per aix\u00f2 la <span class=\"iwg-fachbegriff\" data-tooltip=\"L'estudi dels continguts ic\u00f2nics i el seu significat.\" tabindex=\"0\">iconografia<\/span> cristiana l&#8217;ha dotat de manera fixa d&#8217;atributs del missatge, com un lliri com a s\u00edmbol de la puresa de Maria, una cinta amb inscripci\u00f3 o un bast\u00f3.<\/p>\t\t\t\t\t\t\t\t<\/div>\n\t\t\t\t<\/div>\n\t\t\t\t\t<\/div>\n\t\t\t\t<\/div>\n\t\t<div class=\"elementor-element elementor-element-cp01e140b e-flex e-con-boxed e-con e-parent\" data-id=\"cp01e140b\" data-element_type=\"container\" data-e-type=\"container\">\n\t\t\t\t\t<div class=\"e-con-inner\">\n\t\t\t\t<div class=\"elementor-element elementor-element-cp787b02a elementor-widget elementor-widget-heading\" data-id=\"cp787b02a\" data-element_type=\"widget\" data-e-type=\"widget\" data-widget_type=\"heading.default\">\n\t\t\t\t\t<h2 class=\"elementor-heading-title elementor-size-default\">Jibril i la transmissi\u00f3 de l'Alcor\u00e0<\/h2>\t\t\t\t<\/div>\n\t\t<div class=\"elementor-element elementor-element-cp84e0ad9 e-con-full e-flex e-con e-child\" data-id=\"cp84e0ad9\" data-element_type=\"container\" data-e-type=\"container\">\n\t\t\t\t<div class=\"elementor-element elementor-element-cp0e7df94 elementor-widget elementor-widget-text-editor\" data-id=\"cp0e7df94\" data-element_type=\"widget\" data-e-type=\"widget\" data-widget_type=\"text-editor.default\">\n\t\t\t\t\t\t\t\t\t<p>A l&#8217;islam, Gabriel \u00e9s conegut amb el nom de <em>Jibril<\/em> i \u00e9s l&#8217;<span class=\"iwg-fachbegriff\" data-tooltip=\"En les religions abrah\u00e0miques, un \u00e9sser missatger celestial de D\u00e9u.\" tabindex=\"0\">\u00e0ngel<\/span> m\u00e9s important de tots. \u00c9s l&#8217;<span class=\"iwg-fachbegriff\" data-tooltip=\"En les religions abrah\u00e0miques, un \u00e9sser missatger celestial de D\u00e9u.\" tabindex=\"0\">\u00e0ngel<\/span> de la revelaci\u00f3, mitjan\u00e7ant el qual, segons la doctrina isl\u00e0mica, l&#8217;Alcor\u00e0 va ser transm\u00e8s al profeta Mahoma.<\/p><p>La tradici\u00f3 isl\u00e0mica vincula Jibril amb l&#8217;inici de la revelaci\u00f3 a la cova de Hira, on va apar\u00e8ixer per primera vegada davant Mahoma i li va demanar que recit\u00e9s.<\/p><p>Jibril \u00e9s esmentat pel seu nom en alguns passatges de l&#8217;Alcor\u00e0, com a la sura 2 i la sura 66. M\u00e9s sovint apareix sota descripcions com l&#8217;esperit de confian\u00e7a o l&#8217;esperit sant, on l&#8217;esperit sant, segons la comprensi\u00f3 isl\u00e0mica, s&#8217;identifica amb Jibril i no designa una persona divina pr\u00f2pia com en el cristianisme.<\/p><p>La tradici\u00f3 isl\u00e0mica atribueix a Jibril, a m\u00e9s de la transmissi\u00f3 de l&#8217;Alcor\u00e0, altres funcions, com l&#8217;acompanyament de Mahoma en el viatge nocturn i l&#8217;ascensi\u00f3 als cels.<\/p><p>En comparar les tres religions, s&#8217;observa una notable const\u00e0ncia. Tant en la <span class=\"iwg-fachbegriff\" data-tooltip=\"La transmissi\u00f3 de coneixement i relats al llarg de generacions.\" tabindex=\"0\">tradici\u00f3<\/span> jueva com en la cristiana i la isl\u00e0mica, Gabriel \u00e9s l&#8217;<span class=\"iwg-fachbegriff\" data-tooltip=\"En les religions abrah\u00e0miques, un \u00e9sser missatger celestial de D\u00e9u.\" tabindex=\"0\">\u00e0ngel<\/span> que porta una comunicaci\u00f3 divina central. A Daniel interpreta la visi\u00f3, a Lluc anuncia els naixements decisius, a l&#8217;islam transmet tota la revelaci\u00f3.<\/p><p>Aquesta funci\u00f3 constant com a missatger i mediador converteix Gabriel en una de les poques figures que ocupa un paper destacat i essencialment relacionat en les tres religions abrah\u00e0miques. Dins la jerarquia ang\u00e8lica sol ocupar el lloc m\u00e9s alt, sovint esmentat juntament amb Miquel.<\/p>\t\t\t\t\t\t\t\t<\/div>\n\t\t\t\t<\/div>\n\t\t\t\t\t<\/div>\n\t\t\t\t<\/div>\n\t\t<div class=\"elementor-element elementor-element-36dd7469 e-flex e-con-boxed e-con e-parent\" data-id=\"36dd7469\" data-element_type=\"container\" data-e-type=\"container\">\n\t\t\t\t\t<div class=\"e-con-inner\">\n\t\t\t\t<div class=\"elementor-element elementor-element-13760ab4 elementor-widget elementor-widget-heading\" data-id=\"13760ab4\" data-element_type=\"widget\" data-e-type=\"widget\" data-widget_type=\"heading.default\">\n\t\t\t\t\t<h2 class=\"elementor-heading-title elementor-size-default\">Enlla\u00e7os relacionats<\/h2>\t\t\t\t<\/div>\n\t\t<div class=\"elementor-element elementor-element-28c87796 e-con-full e-flex e-con e-child\" data-id=\"28c87796\" data-element_type=\"container\" data-e-type=\"container\">\n\t\t\t\t<div class=\"elementor-element elementor-element-5d6538df elementor-widget elementor-widget-text-editor\" data-id=\"5d6538df\" data-element_type=\"widget\" data-e-type=\"widget\" data-widget_type=\"text-editor.default\">\n\t\t\t\t\t\t\t\t\t<ul><li><a href=\"https:\/\/iwell-guard.com\/ca\/?page_id=171589\">Uriel<\/a><\/li><\/ul>\t\t\t\t\t\t\t\t<\/div>\n\t\t\t\t<\/div>\n\t\t\t\t\t<\/div>\n\t\t\t\t<\/div>\n\t\t<div class=\"elementor-element elementor-element-grl4kl40 e-flex e-con-boxed e-con e-parent\" data-id=\"grl4kl40\" data-element_type=\"container\" data-e-type=\"container\">\n\t\t\t\t\t<div class=\"e-con-inner\">\n\t\t\t\t<div class=\"elementor-element elementor-element-bzsbfrmh elementor-widget elementor-widget-heading\" data-id=\"bzsbfrmh\" data-element_type=\"widget\" data-e-type=\"widget\" data-widget_type=\"heading.default\">\n\t\t\t\t\t<h2 class=\"elementor-heading-title elementor-size-default\">Fonts i bibliografia<\/h2>\t\t\t\t<\/div>\n\t\t<div class=\"elementor-element elementor-element-2c13224a e-con-full e-flex e-con e-child\" data-id=\"2c13224a\" data-element_type=\"container\" data-e-type=\"container\">\n\t\t\t\t<div class=\"elementor-element elementor-element-0eymh9ub elementor-widget elementor-widget-text-editor\" data-id=\"0eymh9ub\" data-element_type=\"widget\" data-e-type=\"widget\" data-widget_type=\"text-editor.default\">\n\t\t\t\t\t\t\t\t\t<ul><li><span data-nosnippet>David Mach: <em>Archangels in the Bible<\/em>. Biblical Archaeology Review, 1997.<\/span><\/li><\/ul>\t\t\t\t\t\t\t\t<\/div>\n\t\t\t\t<\/div>\n\t\t\t\t\t<\/div>\n\t\t\t\t<\/div>\n\t\t\t\t<\/div>\n\t\t","protected":false},"excerpt":{"rendered":"","protected":false},"author":3,"featured_media":1609,"parent":0,"menu_order":0,"comment_status":"closed","ping_status":"closed","template":"elementor_header_footer","meta":{"_yoast_wpseo_focuskw":"Gabriel","_yoast_wpseo_title":"Gabriel - el missatger de missatges divins","_yoast_wpseo_metadesc":"Gabriel, arc\u00e0ngel de la tradici\u00f3 jueva en una transmissi\u00f3 escrita de segles: missatger div\u00ed de les visions de Daniel, mitjancer entre el cel i la terra.","_yoast_wpseo_meta-robots-noindex":"","_yoast_wpseo_canonical":"","_angie_page":false,"gefaehrdungsstufe":"","wesen_kultur":"christentum","wesen_klasse":"lichtwesen","footnotes":""},"categories":[],"class_list":["post-171590","page","type-page","status-publish","has-post-thumbnail","hentry"],"yoast_head":"<!-- This site is optimized with the Yoast SEO Premium plugin v27.7 (Yoast SEO v28.3) - https:\/\/yoast.com\/product\/yoast-seo-premium-wordpress\/ -->\n<title>Gabriel - el missatger de missatges divins<\/title>\n<meta name=\"description\" content=\"Gabriel, arc\u00e0ngel de la tradici\u00f3 jueva en una transmissi\u00f3 escrita de segles: missatger div\u00ed de les visions de Daniel, mitjancer entre el cel i la terra.\" \/>\n<meta name=\"robots\" content=\"index, follow, max-snippet:-1, max-image-preview:large, max-video-preview:-1\" \/>\n<link rel=\"canonical\" href=\"https:\/\/iwell-guard.com\/ca\/gabriel\/\" \/>\n<meta property=\"og:locale\" content=\"ca_ES\" \/>\n<meta property=\"og:type\" content=\"article\" \/>\n<meta property=\"og:title\" content=\"Gabriel\" \/>\n<meta property=\"og:description\" content=\"Gabriel, arc\u00e0ngel de la tradici\u00f3 jueva en una transmissi\u00f3 escrita de segles: missatger div\u00ed de les visions de Daniel, mitjancer entre el cel i la terra.\" \/>\n<meta property=\"og:url\" content=\"https:\/\/iwell-guard.com\/ca\/gabriel\/\" \/>\n<meta property=\"og:site_name\" content=\"iWell Guard\" \/>\n<meta property=\"article:modified_time\" content=\"2026-09-05T16:01:55+00:00\" \/>\n<meta property=\"og:image\" content=\"https:\/\/iwell-guard.com\/wp-content\/uploads\/2026\/04\/goetter_judentum_gabriel.webp\" \/>\n\t<meta property=\"og:image:width\" content=\"1024\" \/>\n\t<meta property=\"og:image:height\" content=\"1536\" \/>\n\t<meta property=\"og:image:type\" content=\"image\/webp\" \/>\n<meta name=\"twitter:card\" content=\"summary_large_image\" \/>\n<script type=\"application\/ld+json\" class=\"yoast-schema-graph\">{\"@context\":\"https:\\\/\\\/schema.org\",\"@graph\":[{\"@type\":\"WebPage\",\"@id\":\"https:\\\/\\\/iwell-guard.com\\\/ca\\\/gabriel\\\/\",\"url\":\"https:\\\/\\\/iwell-guard.com\\\/ca\\\/gabriel\\\/\",\"name\":\"Gabriel - el missatger de missatges divins\",\"isPartOf\":{\"@id\":\"https:\\\/\\\/iwell-guard.com\\\/ca\\\/#website\"},\"primaryImageOfPage\":{\"@id\":\"https:\\\/\\\/iwell-guard.com\\\/ca\\\/gabriel\\\/#primaryimage\"},\"image\":{\"@id\":\"https:\\\/\\\/iwell-guard.com\\\/ca\\\/gabriel\\\/#primaryimage\"},\"thumbnailUrl\":\"https:\\\/\\\/iwell-guard.com\\\/wp-content\\\/uploads\\\/2026\\\/04\\\/goetter_judentum_gabriel.webp\",\"datePublished\":\"2026-09-05T15:40:41+00:00\",\"dateModified\":\"2026-09-05T16:01:55+00:00\",\"description\":\"Gabriel, arc\u00e0ngel de la tradici\u00f3 jueva en una transmissi\u00f3 escrita de segles: missatger div\u00ed de les visions de Daniel, mitjancer entre el cel i la terra.\",\"breadcrumb\":{\"@id\":\"https:\\\/\\\/iwell-guard.com\\\/ca\\\/gabriel\\\/#breadcrumb\"},\"inLanguage\":\"ca\",\"potentialAction\":[{\"@type\":\"ReadAction\",\"target\":[\"https:\\\/\\\/iwell-guard.com\\\/ca\\\/gabriel\\\/\"]}]},{\"@type\":\"ImageObject\",\"inLanguage\":\"ca\",\"@id\":\"https:\\\/\\\/iwell-guard.com\\\/ca\\\/gabriel\\\/#primaryimage\",\"url\":\"https:\\\/\\\/iwell-guard.com\\\/wp-content\\\/uploads\\\/2026\\\/04\\\/goetter_judentum_gabriel.webp\",\"contentUrl\":\"https:\\\/\\\/iwell-guard.com\\\/wp-content\\\/uploads\\\/2026\\\/04\\\/goetter_judentum_gabriel.webp\",\"width\":1024,\"height\":1536,\"caption\":\"D\u00e9us de la tradici\u00f3 del judaisme.\"},{\"@type\":\"BreadcrumbList\",\"@id\":\"https:\\\/\\\/iwell-guard.com\\\/ca\\\/gabriel\\\/#breadcrumb\",\"itemListElement\":[{\"@type\":\"ListItem\",\"position\":1,\"name\":\"Start\",\"item\":\"https:\\\/\\\/iwell-guard.com\\\/ca\\\/?page_id=171333\"},{\"@type\":\"ListItem\",\"position\":2,\"name\":\"Gabriel\"}]},{\"@type\":\"WebSite\",\"@id\":\"https:\\\/\\\/iwell-guard.com\\\/ca\\\/#website\",\"url\":\"https:\\\/\\\/iwell-guard.com\\\/ca\\\/\",\"name\":\"iWell Guard\",\"description\":\"Schutz vor dunklen Einfl\u00fcssen\",\"publisher\":{\"@id\":\"https:\\\/\\\/iwell-guard.com\\\/ca\\\/#organization\"},\"potentialAction\":[{\"@type\":\"SearchAction\",\"target\":{\"@type\":\"EntryPoint\",\"urlTemplate\":\"https:\\\/\\\/iwell-guard.com\\\/ca\\\/?s={search_term_string}\"},\"query-input\":{\"@type\":\"PropertyValueSpecification\",\"valueRequired\":true,\"valueName\":\"search_term_string\"}}],\"inLanguage\":\"ca\"},{\"@type\":\"Organization\",\"@id\":\"https:\\\/\\\/iwell-guard.com\\\/ca\\\/#organization\",\"name\":\"Ittermann electronic GmbH\",\"url\":\"https:\\\/\\\/iwell-guard.com\\\/ca\\\/\",\"logo\":{\"@type\":\"ImageObject\",\"inLanguage\":\"ca\",\"@id\":\"https:\\\/\\\/iwell-guard.com\\\/ca\\\/#\\\/schema\\\/logo\\\/image\\\/\",\"url\":\"https:\\\/\\\/iwell-guard.com\\\/wp-content\\\/uploads\\\/2026\\\/05\\\/Ittermann-Logo-1182x237-1.png\",\"contentUrl\":\"https:\\\/\\\/iwell-guard.com\\\/wp-content\\\/uploads\\\/2026\\\/05\\\/Ittermann-Logo-1182x237-1.png\",\"width\":1182,\"height\":237,\"caption\":\"Ittermann electronic GmbH\"},\"image\":{\"@id\":\"https:\\\/\\\/iwell-guard.com\\\/ca\\\/#\\\/schema\\\/logo\\\/image\\\/\"},\"sameAs\":[\"https:\\\/\\\/pantip.com\\\/profile\\\/9367242\",\"https:\\\/\\\/micro.blog\\\/iwellguard\",\"https:\\\/\\\/www.diggerslist.com\\\/iwellguard\\\/about\",\"https:\\\/\\\/skitterphoto.com\\\/photographers\\\/2870314\\\/iwell-guard\",\"https:\\\/\\\/iwellguard.wordpress.com\\\/2026\\\/06\\\/06\\\/iwell-guard\\\/\",\"https:\\\/\\\/hub.docker.com\\\/u\\\/iwellguard\",\"https:\\\/\\\/www.pinterest.com\\\/iwellguard\\\/\",\"https:\\\/\\\/bit.ly\\\/m\\\/iwellguard\",\"https:\\\/\\\/entre-vos-mains.alsace.eu\\\/profiles\\\/iwellguard\\\/activity\",\"https:\\\/\\\/gravatar.com\\\/reallybeded8fd34\",\"https:\\\/\\\/naijamatta.com\\\/iwellguard\",\"https:\\\/\\\/www.goodreads.com\\\/iwellguard\",\"https:\\\/\\\/profile.hatena.ne.jp\\\/iwellguard\\\/\",\"https:\\\/\\\/experiment.com\\\/users\\\/iwellguard\",\"https:\\\/\\\/wakelet.com\\\/@iWellGuard82270\",\"https:\\\/\\\/www.chordie.com\\\/forum\\\/profile.php?id=2555664\",\"https:\\\/\\\/www.instapaper.com\\\/p\\\/17757966\",\"https:\\\/\\\/www.mapleprimes.com\\\/users\\\/iwellguard\",\"https:\\\/\\\/businesslistingplus.com\\\/profile\\\/iwell-guard\\\/\",\"https:\\\/\\\/telegra.ph\\\/iWell-Guard-06-06\",\"https:\\\/\\\/pbase.com\\\/iwellguard\\\/iwellguard\",\"https:\\\/\\\/b.hatena.ne.jp\\\/iwellguard\\\/20260607#bookmark-4788405196491818882\",\"https:\\\/\\\/fliphtml5.com\\\/home\\\/iwellguard\",\"https:\\\/\\\/anyflip.com\\\/homepage\\\/cmiwl#About\",\"https:\\\/\\\/transfur.com\\\/Users\\\/iwellguard\",\"http:\\\/\\\/delphi.larsbo.org\\\/user\\\/iwellguard\",\"https:\\\/\\\/jobs.lajobsportal.org\\\/profiles\\\/8380803-iwell-guard\",\"https:\\\/\\\/md.chaosdorf.de\\\/s\\\/jfbe5SBdJD\",\"https:\\\/\\\/www.lingvolive.com\\\/en-us\\\/profile\\\/9ecaeaca-ce11-4e51-9e71-01d55e2bff36\\\/translations\",\"https:\\\/\\\/www.fitday.com\\\/fitness\\\/forums\\\/members\\\/iwellguard.html\",\"https:\\\/\\\/www.mymeetbook.com\\\/iwellguard\",\"https:\\\/\\\/pxhere.com\\\/en\\\/photographer-me\\\/5040798\",\"https:\\\/\\\/disqus.com\\\/by\\\/iwellguard\\\/about\\\/\",\"https:\\\/\\\/pastelink.net\\\/hjwciqwq\",\"https:\\\/\\\/pubhtml5.com\\\/homepage\\\/scjhn\\\/\",\"https:\\\/\\\/www.bitchute.com\\\/channel\\\/2O2eOKzNqujT\",\"https:\\\/\\\/audiomack.com\\\/iwellguard\"]},{\"@type\":\"Article\",\"@id\":\"https:\\\/\\\/iwell-guard.com\\\/ca\\\/gabriel\\\/#article\",\"isPartOf\":{\"@id\":\"https:\\\/\\\/iwell-guard.com\\\/ca\\\/gabriel\\\/\"},\"author\":{\"name\":\"Ralf Ittermann\",\"@id\":\"https:\\\/\\\/iwell-guard.com\\\/ca\\\/#\\\/schema\\\/person\\\/ee2a27f1cac3406c7c6fb5820cb7349f\"},\"headline\":\"Gabriel\",\"datePublished\":\"2026-09-05T15:40:41+00:00\",\"dateModified\":\"2026-09-05T16:01:55+00:00\",\"mainEntityOfPage\":{\"@id\":\"https:\\\/\\\/iwell-guard.com\\\/ca\\\/gabriel\\\/\"},\"publisher\":{\"@id\":\"https:\\\/\\\/iwell-guard.com\\\/ca\\\/#organization\"},\"image\":{\"@id\":\"https:\\\/\\\/iwell-guard.com\\\/ca\\\/gabriel\\\/#primaryimage\"},\"thumbnailUrl\":\"https:\\\/\\\/iwell-guard.com\\\/wp-content\\\/uploads\\\/2026\\\/04\\\/goetter_judentum_gabriel.webp\",\"inLanguage\":\"ca\",\"description\":\"Gabriel, arc\u00e0ngel de la tradici\u00f3 jueva en una transmissi\u00f3 escrita de segles: missatger div\u00ed de les visions de Daniel, mitjancer entre el cel i la terra.\"}]}<\/script>\n<!-- \/ Yoast SEO Premium plugin. -->","yoast_head_json":{"title":"Gabriel - el missatger de missatges divins","description":"Gabriel, arc\u00e0ngel de la tradici\u00f3 jueva en una transmissi\u00f3 escrita de segles: missatger div\u00ed de les visions de Daniel, mitjancer entre el cel i la terra.","robots":{"index":"index","follow":"follow","max-snippet":"max-snippet:-1","max-image-preview":"max-image-preview:large","max-video-preview":"max-video-preview:-1"},"canonical":"https:\/\/iwell-guard.com\/ca\/gabriel\/","og_locale":"ca_ES","og_type":"article","og_title":"Gabriel","og_description":"Gabriel, arc\u00e0ngel de la tradici\u00f3 jueva en una transmissi\u00f3 escrita de segles: missatger div\u00ed de les visions de Daniel, mitjancer entre el cel i la terra.","og_url":"https:\/\/iwell-guard.com\/ca\/gabriel\/","og_site_name":"iWell Guard","article_modified_time":"2026-09-05T16:01:55+00:00","og_image":[{"width":1024,"height":1536,"url":"https:\/\/iwell-guard.com\/wp-content\/uploads\/2026\/04\/goetter_judentum_gabriel.webp","type":"image\/webp"}],"twitter_card":"summary_large_image","schema":{"@context":"https:\/\/schema.org","@graph":[{"@type":"Article","@id":"https:\/\/iwell-guard.com\/ca\/gabriel\/#article","isPartOf":{"@id":"https:\/\/iwell-guard.com\/ca\/gabriel\/"},"author":{"name":"Ralf Ittermann","@id":"https:\/\/iwell-guard.com\/ca\/#\/schema\/person\/ee2a27f1cac3406c7c6fb5820cb7349f"},"headline":"Gabriel","datePublished":"2026-09-05T15:40:41+00:00","dateModified":"2026-09-05T16:01:55+00:00","mainEntityOfPage":{"@id":"https:\/\/iwell-guard.com\/ca\/gabriel\/"},"publisher":{"@id":"https:\/\/iwell-guard.com\/ca\/#organization"},"image":{"@id":"https:\/\/iwell-guard.com\/ca\/gabriel\/#primaryimage"},"thumbnailUrl":"https:\/\/iwell-guard.com\/wp-content\/uploads\/2026\/04\/goetter_judentum_gabriel.webp","inLanguage":"ca","description":"Gabriel, arc\u00e0ngel de la tradici\u00f3 jueva en una transmissi\u00f3 escrita de segles: missatger div\u00ed de les visions de Daniel, mitjancer entre el cel i la terra."},{"@type":"WebPage","@id":"https:\/\/iwell-guard.com\/ca\/gabriel\/","url":"https:\/\/iwell-guard.com\/ca\/gabriel\/","name":"Gabriel - el missatger de missatges divins","isPartOf":{"@id":"https:\/\/iwell-guard.com\/ca\/#website"},"primaryImageOfPage":{"@id":"https:\/\/iwell-guard.com\/ca\/gabriel\/#primaryimage"},"image":{"@id":"https:\/\/iwell-guard.com\/ca\/gabriel\/#primaryimage"},"thumbnailUrl":"https:\/\/iwell-guard.com\/wp-content\/uploads\/2026\/04\/goetter_judentum_gabriel.webp","datePublished":"2026-09-05T15:40:41+00:00","dateModified":"2026-09-05T16:01:55+00:00","description":"Gabriel, arc\u00e0ngel de la tradici\u00f3 jueva en una transmissi\u00f3 escrita de segles: missatger div\u00ed de les visions de Daniel, mitjancer entre el cel i la terra.","breadcrumb":{"@id":"https:\/\/iwell-guard.com\/ca\/gabriel\/#breadcrumb"},"inLanguage":"ca","potentialAction":[{"@type":"ReadAction","target":["https:\/\/iwell-guard.com\/ca\/gabriel\/"]}]},{"@type":"ImageObject","inLanguage":"ca","@id":"https:\/\/iwell-guard.com\/ca\/gabriel\/#primaryimage","url":"https:\/\/iwell-guard.com\/wp-content\/uploads\/2026\/04\/goetter_judentum_gabriel.webp","contentUrl":"https:\/\/iwell-guard.com\/wp-content\/uploads\/2026\/04\/goetter_judentum_gabriel.webp","width":1024,"height":1536,"caption":"D\u00e9us de la tradici\u00f3 del judaisme."},{"@type":"BreadcrumbList","@id":"https:\/\/iwell-guard.com\/ca\/gabriel\/#breadcrumb","itemListElement":[{"@type":"ListItem","position":1,"name":"Start","item":"https:\/\/iwell-guard.com\/ca\/?page_id=171333"},{"@type":"ListItem","position":2,"name":"Gabriel"}]},{"@type":"WebSite","@id":"https:\/\/iwell-guard.com\/ca\/#website","url":"https:\/\/iwell-guard.com\/ca\/","name":"iWell Guard","description":"Schutz vor dunklen Einfl\u00fcssen","publisher":{"@id":"https:\/\/iwell-guard.com\/ca\/#organization"},"potentialAction":[{"@type":"SearchAction","target":{"@type":"EntryPoint","urlTemplate":"https:\/\/iwell-guard.com\/ca\/?s={search_term_string}"},"query-input":{"@type":"PropertyValueSpecification","valueRequired":true,"valueName":"search_term_string"}}],"inLanguage":"ca"},{"@type":"Organization","@id":"https:\/\/iwell-guard.com\/ca\/#organization","name":"Ittermann electronic GmbH","url":"https:\/\/iwell-guard.com\/ca\/","logo":{"@type":"ImageObject","inLanguage":"ca","@id":"https:\/\/iwell-guard.com\/ca\/#\/schema\/logo\/image\/","url":"https:\/\/iwell-guard.com\/wp-content\/uploads\/2026\/05\/Ittermann-Logo-1182x237-1.png","contentUrl":"https:\/\/iwell-guard.com\/wp-content\/uploads\/2026\/05\/Ittermann-Logo-1182x237-1.png","width":1182,"height":237,"caption":"Ittermann electronic GmbH"},"image":{"@id":"https:\/\/iwell-guard.com\/ca\/#\/schema\/logo\/image\/"},"sameAs":["https:\/\/pantip.com\/profile\/9367242","https:\/\/micro.blog\/iwellguard","https:\/\/www.diggerslist.com\/iwellguard\/about","https:\/\/skitterphoto.com\/photographers\/2870314\/iwell-guard","https:\/\/iwellguard.wordpress.com\/2026\/06\/06\/iwell-guard\/","https:\/\/hub.docker.com\/u\/iwellguard","https:\/\/www.pinterest.com\/iwellguard\/","https:\/\/bit.ly\/m\/iwellguard","https:\/\/entre-vos-mains.alsace.eu\/profiles\/iwellguard\/activity","https:\/\/gravatar.com\/reallybeded8fd34","https:\/\/naijamatta.com\/iwellguard","https:\/\/www.goodreads.com\/iwellguard","https:\/\/profile.hatena.ne.jp\/iwellguard\/","https:\/\/experiment.com\/users\/iwellguard","https:\/\/wakelet.com\/@iWellGuard82270","https:\/\/www.chordie.com\/forum\/profile.php?id=2555664","https:\/\/www.instapaper.com\/p\/17757966","https:\/\/www.mapleprimes.com\/users\/iwellguard","https:\/\/businesslistingplus.com\/profile\/iwell-guard\/","https:\/\/telegra.ph\/iWell-Guard-06-06","https:\/\/pbase.com\/iwellguard\/iwellguard","https:\/\/b.hatena.ne.jp\/iwellguard\/20260607#bookmark-4788405196491818882","https:\/\/fliphtml5.com\/home\/iwellguard","https:\/\/anyflip.com\/homepage\/cmiwl#About","https:\/\/transfur.com\/Users\/iwellguard","http:\/\/delphi.larsbo.org\/user\/iwellguard","https:\/\/jobs.lajobsportal.org\/profiles\/8380803-iwell-guard","https:\/\/md.chaosdorf.de\/s\/jfbe5SBdJD","https:\/\/www.lingvolive.com\/en-us\/profile\/9ecaeaca-ce11-4e51-9e71-01d55e2bff36\/translations","https:\/\/www.fitday.com\/fitness\/forums\/members\/iwellguard.html","https:\/\/www.mymeetbook.com\/iwellguard","https:\/\/pxhere.com\/en\/photographer-me\/5040798","https:\/\/disqus.com\/by\/iwellguard\/about\/","https:\/\/pastelink.net\/hjwciqwq","https:\/\/pubhtml5.com\/homepage\/scjhn\/","https:\/\/www.bitchute.com\/channel\/2O2eOKzNqujT","https:\/\/audiomack.com\/iwellguard"]},{"@type":"Person","@id":"https:\/\/iwell-guard.com\/ca\/#\/schema\/person\/ee2a27f1cac3406c7c6fb5820cb7349f","name":"Ralf Ittermann","image":{"@type":"ImageObject","inLanguage":"ca","@id":"https:\/\/secure.gravatar.com\/avatar\/073c0153e350a5005b68eb752b445fea71f6b24a26da9449ad7e155e6b446c9d?s=96&d=mm&r=g","url":"https:\/\/secure.gravatar.com\/avatar\/073c0153e350a5005b68eb752b445fea71f6b24a26da9449ad7e155e6b446c9d?s=96&d=mm&r=g","contentUrl":"https:\/\/secure.gravatar.com\/avatar\/073c0153e350a5005b68eb752b445fea71f6b24a26da9449ad7e155e6b446c9d?s=96&d=mm&r=g","caption":"Ralf Ittermann"},"givenName":"Ralf","familyName":"Ittermann","jobTitle":"Gesch\u00e4ftsf\u00fchrer und redaktioneller Verantwortlicher","url":"https:\/\/iwell-guard.com\/ca\/author\/claude\/","description":"Ralf Ittermann ist Gesch\u00e4ftsf\u00fchrer der Ittermann electronic GmbH und redaktioneller Verantwortlicher des iWell-Guard-Lexikons. Er verbindet langj\u00e4hrige Erfahrung in der Pr\u00e4zisionsfertigung mit medialer Praxis und religionsgeschichtlicher Quellenarbeit.","worksFor":{"@type":"Organization","name":"Ittermann electronic GmbH","url":"https:\/\/ittermann.de\/","address":{"@type":"PostalAddress","streetAddress":"K\u00f6hlergasse 16-18","postalCode":"99842","addressLocality":"Ruhla","addressCountry":"DE"}},"knowsAbout":["Religionsgeschichte","Mythologie","Mediale Praxis","Energetische Diagnostik","Schutzpraxis","Volksglauben","Westliche Esoterik"]},{"@type":"Article","@id":"https:\/\/iwell-guard.com\/ca\/gabriel\/#article","isPartOf":{"@id":"https:\/\/iwell-guard.com\/ca\/gabriel\/"},"author":{"name":"Ralf Ittermann","@id":"https:\/\/iwell-guard.com\/ca\/#\/schema\/person\/ee2a27f1cac3406c7c6fb5820cb7349f"},"headline":"Gabriel","datePublished":"2026-09-05T15:40:41+00:00","dateModified":"2026-09-05T16:01:55+00:00","mainEntityOfPage":{"@id":"https:\/\/iwell-guard.com\/ca\/gabriel\/"},"publisher":{"@id":"https:\/\/iwell-guard.com\/ca\/#organization"},"image":{"@id":"https:\/\/iwell-guard.com\/ca\/gabriel\/#primaryimage"},"thumbnailUrl":"https:\/\/iwell-guard.com\/wp-content\/uploads\/2026\/04\/goetter_judentum_gabriel.webp","inLanguage":"ca","description":"Gabriel, arc\u00e0ngel de la tradici\u00f3 jueva en una transmissi\u00f3 escrita de segles: missatger div\u00ed de les visions de Daniel, mitjancer entre el cel i la terra."}]}},"_links":{"self":[{"href":"https:\/\/iwell-guard.com\/ca\/wp-json\/wp\/v2\/pages\/171590","targetHints":{"allow":["GET"]}}],"collection":[{"href":"https:\/\/iwell-guard.com\/ca\/wp-json\/wp\/v2\/pages"}],"about":[{"href":"https:\/\/iwell-guard.com\/ca\/wp-json\/wp\/v2\/types\/page"}],"author":[{"embeddable":true,"href":"https:\/\/iwell-guard.com\/ca\/wp-json\/wp\/v2\/users\/3"}],"replies":[{"embeddable":true,"href":"https:\/\/iwell-guard.com\/ca\/wp-json\/wp\/v2\/comments?post=171590"}],"version-history":[{"count":0,"href":"https:\/\/iwell-guard.com\/ca\/wp-json\/wp\/v2\/pages\/171590\/revisions"}],"wp:featuredmedia":[{"embeddable":true,"href":"https:\/\/iwell-guard.com\/ca\/wp-json\/wp\/v2\/media\/1609"}],"wp:attachment":[{"href":"https:\/\/iwell-guard.com\/ca\/wp-json\/wp\/v2\/media?parent=171590"}],"wp:term":[{"taxonomy":"category","embeddable":true,"href":"https:\/\/iwell-guard.com\/ca\/wp-json\/wp\/v2\/categories?post=171590"}],"curies":[{"name":"wp","href":"https:\/\/api.w.org\/{rel}","templated":true}]}}