{"id":171587,"date":"2026-09-05T15:40:39","date_gmt":"2026-09-05T15:40:39","guid":{"rendered":"https:\/\/iwell-guard.com\/?page_id=171587"},"modified":"2026-09-05T16:01:50","modified_gmt":"2026-09-05T16:01:50","slug":"juno","status":"publish","type":"page","link":"https:\/\/iwell-guard.com\/ca\/juno\/","title":{"rendered":"Juno"},"content":{"rendered":"\t\t<div data-elementor-type=\"wp-page\" data-elementor-id=\"171587\" class=\"elementor elementor-171587 elementor-2138 elementor-bc-flex-widget\" data-elementor-post-type=\"page\">\n\t\t\t\t<div class=\"elementor-element elementor-element-10fdade e-flex e-con-boxed e-con e-parent\" data-id=\"10fdade\" data-element_type=\"container\" data-e-type=\"container\" data-settings=\"{&quot;background_background&quot;:&quot;classic&quot;}\">\n\t\t\t\t\t<div class=\"e-con-inner\">\n\t\t<div class=\"elementor-element elementor-element-herohlft0 e-flex e-con-boxed e-con e-child\" data-id=\"herohlft0\" data-element_type=\"container\" data-e-type=\"container\">\n\t\t\t\t\t<div class=\"e-con-inner\">\n\t\t<div class=\"elementor-element elementor-element-c3ceb64 e-con-full e-flex e-con e-child\" data-id=\"c3ceb64\" data-element_type=\"container\" data-e-type=\"container\">\n\t\t\t\t<div class=\"elementor-element elementor-element-96ae5e1 elementor-widget elementor-widget-heading\" data-id=\"96ae5e1\" data-element_type=\"widget\" data-e-type=\"widget\" data-widget_type=\"heading.default\">\n\t\t\t\t\t<h1 class=\"elementor-heading-title elementor-size-default\">Juno, deessa de la tradici\u00f3 romana<\/h1>\t\t\t\t<\/div>\n\t\t\t\t<div class=\"elementor-element elementor-element-e45238a elementor-widget elementor-widget-text-editor\" data-id=\"e45238a\" data-element_type=\"widget\" data-e-type=\"widget\" data-widget_type=\"text-editor.default\">\n\t\t\t\t\t\t\t\t\t<p>Juno \u00e9s la deessa del matrimoni, de la vida femenina i de la sobirania de l&#8217;estat en la tradici\u00f3 romana. No nom\u00e9s encarna l&#8217;amor i la sexualitat, sin\u00f3 sobretot la protecci\u00f3 i la dignitat, com a protectora de les dones romanes i com a guardiana del mateix estat. Des del punt de vista de la ci\u00e8ncia de les religions, Juno \u00e9s un exemple de la pluralitzaci\u00f3 de funcions femenines en els politeismes.<\/p>\t\t\t\t\t\t\t\t<\/div>\n\t\t\t\t<\/div>\n\t\t<div class=\"elementor-element elementor-element-klsbdg01 e-con-full e-flex e-con e-parent\" data-id=\"klsbdg01\" data-element_type=\"container\" data-e-type=\"container\">\n\t\t\t\t<div class=\"elementor-element elementor-element-klshtm01 elementor-widget elementor-widget-html\" data-id=\"klshtm01\" data-element_type=\"widget\" data-e-type=\"widget\" data-widget_type=\"html.default\">\n\t\t\t\t\t<div class=\"iwg-pill-row\"><span class=\"iwg-klasse-badge\" tabindex=\"0\" data-tooltip=\"D\u00e9u \/ Deessa: Poder suprem personificat en el pante\u00f3 d'una cultura, amb \u00e0mbits d'actuaci\u00f3 clars, forces de la natura, dest\u00ed, guerra, fertilitat. Venerat mitjan\u00e7ant cultes, ofrenes i institucions de temple.\">Deessa<\/span><a href=\"https:\/\/iwell-guard.com\/ca\/roma\/\" class=\"iwg-kultur-badge\" tabindex=\"0\" data-tooltip=\"Religi\u00f3 romana des de la monarquia fins a l'antiguitat tardana, sincr\u00e8tica amb capes gregues i etrusques.\">Roma<\/a><a href=\"https:\/\/iwell-guard.com\/ca\/?page_id=171460\" class=\"iwg-tradition-badge\" tabindex=\"0\" data-tooltip=\"Divinitats protectores, guardianes de la llar, la ciutat, els naixements, els viatges o les etapes de la vida.\">Divinitat protectora<\/a><\/div>\t\t\t\t<\/div>\n\t\t\t\t<\/div>\n\t\t<div class=\"elementor-element elementor-element-3f74855 e-con-full e-flex e-con e-child\" data-id=\"3f74855\" data-element_type=\"container\" data-e-type=\"container\">\n\t\t\t\t<div class=\"elementor-element elementor-element-1c30362 elementor-toc--minimized-on-tablet elementor-widget elementor-widget-table-of-contents\" data-id=\"1c30362\" data-element_type=\"widget\" data-e-type=\"widget\" data-settings=\"{&quot;exclude_headings_by_selector&quot;:[],&quot;no_headings_message&quot;:&quot;No s&#039;ha trobat cap encap\\u00e7alament en aquesta p\\u00e0gina.&quot;,&quot;headings_by_tags&quot;:[&quot;h2&quot;,&quot;h3&quot;],&quot;marker_view&quot;:&quot;bullets&quot;,&quot;minimize_box&quot;:&quot;yes&quot;,&quot;icon&quot;:{&quot;value&quot;:&quot;fas fa-circle&quot;,&quot;library&quot;:&quot;fa-solid&quot;,&quot;rendered_tag&quot;:&quot;&lt;svg class=\\&quot;e-font-icon-svg e-fas-circle\\&quot; viewBox=\\&quot;0 0 512 512\\&quot; xmlns=\\&quot;http:\\\/\\\/www.w3.org\\\/2000\\\/svg\\&quot;&gt;&lt;path d=\\&quot;M256 8C119 8 8 119 8 256s111 248 248 248 248-111 248-248S393 8 256 8z\\&quot;&gt;&lt;\\\/path&gt;&lt;\\\/svg&gt;&quot;},&quot;minimized_on&quot;:&quot;tablet&quot;,&quot;hierarchical_view&quot;:&quot;yes&quot;,&quot;min_height&quot;:{&quot;unit&quot;:&quot;px&quot;,&quot;size&quot;:&quot;&quot;,&quot;sizes&quot;:[]},&quot;min_height_tablet&quot;:{&quot;unit&quot;:&quot;px&quot;,&quot;size&quot;:&quot;&quot;,&quot;sizes&quot;:[]},&quot;min_height_mobile&quot;:{&quot;unit&quot;:&quot;px&quot;,&quot;size&quot;:&quot;&quot;,&quot;sizes&quot;:[]}}\" data-widget_type=\"table-of-contents.default\">\n\t\t\t\t\t\t\t\t\t<div class=\"elementor-toc__header\">\n\t\t\t\t\t\t<h2 class=\"elementor-toc__header-title\">\n\t\t\t\t\u00cdndex\t\t\t<\/h2>\n\t\t\t\t\t\t\t\t\t\t<div class=\"elementor-toc__toggle-button elementor-toc__toggle-button--expand\" role=\"button\" tabindex=\"0\" aria-controls=\"elementor-toc__1c30362\" aria-expanded=\"true\" aria-label=\"Open table of contents\"><svg aria-hidden=\"true\" class=\"e-font-icon-svg e-fas-chevron-down\" viewBox=\"0 0 448 512\" xmlns=\"http:\/\/www.w3.org\/2000\/svg\"><path d=\"M207.029 381.476L12.686 187.132c-9.373-9.373-9.373-24.569 0-33.941l22.667-22.667c9.357-9.357 24.522-9.375 33.901-.04L224 284.505l154.745-154.021c9.379-9.335 24.544-9.317 33.901.04l22.667 22.667c9.373 9.373 9.373 24.569 0 33.941L240.971 381.476c-9.373 9.372-24.569 9.372-33.942 0z\"><\/path><\/svg><\/div>\n\t\t\t\t<div class=\"elementor-toc__toggle-button elementor-toc__toggle-button--collapse\" role=\"button\" tabindex=\"0\" aria-controls=\"elementor-toc__1c30362\" aria-expanded=\"true\" aria-label=\"Close table of contents\"><svg aria-hidden=\"true\" class=\"e-font-icon-svg e-fas-chevron-up\" viewBox=\"0 0 448 512\" xmlns=\"http:\/\/www.w3.org\/2000\/svg\"><path d=\"M240.971 130.524l194.343 194.343c9.373 9.373 9.373 24.569 0 33.941l-22.667 22.667c-9.357 9.357-24.522 9.375-33.901.04L224 227.495 69.255 381.516c-9.379 9.335-24.544 9.317-33.901-.04l-22.667-22.667c-9.373-9.373-9.373-24.569 0-33.941L207.03 130.525c9.372-9.373 24.568-9.373 33.941-.001z\"><\/path><\/svg><\/div>\n\t\t\t\t\t<\/div>\n\t\t\t\t<div id=\"elementor-toc__1c30362\" class=\"elementor-toc__body\">\n\t\t\t<div class=\"elementor-toc__spinner-container\">\n\t\t\t\t<svg class=\"elementor-toc__spinner eicon-animation-spin e-font-icon-svg e-eicon-loading\" aria-hidden=\"true\" viewBox=\"0 0 1000 1000\" xmlns=\"http:\/\/www.w3.org\/2000\/svg\"><path d=\"M500 975V858C696 858 858 696 858 500S696 142 500 142 142 304 142 500H25C25 237 238 25 500 25S975 237 975 500 763 975 500 975Z\"><\/path><\/svg>\t\t\t<\/div>\n\t\t<\/div>\n\t\t\t\t\t\t<\/div>\n\t\t\t\t<\/div>\n\t\t\t\t\t<\/div>\n\t\t\t\t<\/div>\n\t\t<div class=\"elementor-element elementor-element-herorght0 e-con-full e-flex e-con e-child\" data-id=\"herorght0\" data-element_type=\"container\" data-e-type=\"container\">\n\t\t\t\t<div class=\"elementor-element elementor-element-heroimg00 iwg-hero-image elementor-widget elementor-widget-image\" data-id=\"heroimg00\" data-element_type=\"widget\" data-e-type=\"widget\" data-widget_type=\"image.default\">\n\t\t\t\t\t\t\t\t\t\t\t\t\t\t\t<img fetchpriority=\"high\" decoding=\"async\" width=\"683\" height=\"1024\" src=\"https:\/\/iwell-guard.com\/wp-content\/uploads\/2026\/04\/goetter_rom_juno-683x1024.webp\" class=\"attachment-large size-large wp-image-1645\" alt=\"Juno\" srcset=\"https:\/\/iwell-guard.com\/wp-content\/uploads\/2026\/04\/goetter_rom_juno-683x1024.webp 683w, https:\/\/iwell-guard.com\/wp-content\/uploads\/2026\/04\/goetter_rom_juno-200x300.webp 200w, https:\/\/iwell-guard.com\/wp-content\/uploads\/2026\/04\/goetter_rom_juno-768x1152.webp 768w, https:\/\/iwell-guard.com\/wp-content\/uploads\/2026\/04\/goetter_rom_juno.webp 1024w\" sizes=\"(max-width: 683px) 100vw, 683px\" \/>\t\t\t\t\t\t\t\t\t\t\t\t\t\t\t<\/div>\n\t\t\t\t<\/div>\n\t\t\t\t\t<\/div>\n\t\t\t\t<\/div>\n\t\t<div class=\"elementor-element elementor-element-32917199 e-flex e-con-boxed e-con e-parent\" data-id=\"32917199\" data-element_type=\"container\" data-e-type=\"container\">\n\t\t\t\t\t<div class=\"e-con-inner\">\n\t\t<div class=\"elementor-element elementor-element-26e916cb e-flex e-con-boxed e-con e-child\" data-id=\"26e916cb\" data-element_type=\"container\" data-e-type=\"container\">\n\t\t\t\t\t<div class=\"e-con-inner\">\n\t\t<div class=\"elementor-element elementor-element-253a40d4 e-flex e-con-boxed e-con e-child\" data-id=\"253a40d4\" data-element_type=\"container\" data-e-type=\"container\">\n\t\t\t\t\t<div class=\"e-con-inner\">\n\t\t\t\t<div class=\"elementor-element elementor-element-1200c304 elementor-widget elementor-widget-heading\" data-id=\"1200c304\" data-element_type=\"widget\" data-e-type=\"widget\" data-widget_type=\"heading.default\">\n\t\t\t\t\t<h2 class=\"elementor-heading-title elementor-size-default\">Juno<\/h2>\t\t\t\t<\/div>\n\t\t\t\t<div class=\"elementor-element elementor-element-11758e7f elementor-widget elementor-widget-text-editor\" data-id=\"11758e7f\" data-element_type=\"widget\" data-e-type=\"widget\" data-widget_type=\"text-editor.default\">\n\t\t\t\t\t\t\t\t\t<p>Juno engloba diversos aspectes: Juno Regina (protectora reial), Juno Lucina (assistenta en el part), Juno Pronuba (afavoridora del matrimoni) i Juno Moneta (advertidora). En el <span class=\"iwg-fachbegriff\" data-tooltip=\"Un relat transm\u00e8s sobre d\u00e9us, or\u00edgens i l'ordre del m\u00f3n.\" tabindex=\"0\">mite<\/span> apareix com a esposa de J\u00fapiter, per\u00f2 alhora com a deessa independent amb els seus propis cultes. Central \u00e9s el mes de juny, que li \u00e9s <span class=\"iwg-fachbegriff\" data-tooltip=\"Pertanyent a l'\u00e0mbit div\u00ed i, per tant, excl\u00f2s de l'\u00fas quotidi\u00e0.\" tabindex=\"0\">sagrat<\/span>, i la festa de les Matrones i les Matronalia (1 de mar\u00e7), en la qual s&#8217;honorava les esposes.<\/p>\t\t\t\t\t\t\t\t<\/div>\n\t\t\t\t\t<\/div>\n\t\t\t\t<\/div>\n\t\t<div class=\"elementor-element elementor-element-159dcf9a e-flex e-con-boxed e-con e-child\" data-id=\"159dcf9a\" data-element_type=\"container\" data-e-type=\"container\">\n\t\t\t\t\t<div class=\"e-con-inner\">\n\t\t\t\t<div class=\"elementor-element elementor-element-48cee66f elementor-widget elementor-widget-heading\" data-id=\"48cee66f\" data-element_type=\"widget\" data-e-type=\"widget\" data-widget_type=\"heading.default\">\n\t\t\t\t\t<h2 class=\"elementor-heading-title elementor-size-default\">D'un cop d'ull: Juno<\/h2>\t\t\t\t<\/div>\n\t\t\t\t<div class=\"elementor-element elementor-element-3f50d82c elementor-widget elementor-widget-text-editor\" data-id=\"3f50d82c\" data-element_type=\"widget\" data-e-type=\"widget\" data-widget_type=\"text-editor.default\">\n\t\t\t\t\t\t\t\t\t<p>Fonts: les Metamorfosis i els Fasti d&#8217;Ovidi, l&#8217;Eneida de Virgili, De Natura Deorum de Cicer\u00f3, les Saturnals de Macrobi, inscripcions llatines. El culte a Juno s&#8217;estenia per tot l&#8217;imperi rom\u00e0. Georg Wissowa, <span class=\"iwg-fachbegriff\" tabindex=\"0\" data-tooltip=\"Historiador de les religions alemany (1931\u20132015); obra principal Griechische Religion (1977).\">Walter Burkert<\/span> i Hubert Cancik han estudiat les seves funcions en el <span class=\"iwg-fachbegriff\" data-tooltip=\"El conjunt d'actes de veneraci\u00f3 religiosa dedicats a una divinitat o figura sagrada.\" tabindex=\"0\">culte<\/span> i en l&#8217;estat, i el seu doble paper com a amant i deessa de l&#8217;estat \u00e9s \u00fanic.<\/p>\t\t\t\t\t\t\t\t<\/div>\n\t\t\t\t\t<\/div>\n\t\t\t\t<\/div>\n\t\t\t\t\t<\/div>\n\t\t\t\t<\/div>\n\t\t\t\t\t<\/div>\n\t\t\t\t<\/div>\n\t\t<div class=\"elementor-element elementor-element-18613602 e-flex e-con-boxed e-con e-parent\" data-id=\"18613602\" data-element_type=\"container\" data-e-type=\"container\">\n\t\t\t\t\t<div class=\"e-con-inner\">\n\t\t\t\t<div class=\"elementor-element elementor-element-262b8a9f elementor-widget elementor-widget-heading\" data-id=\"262b8a9f\" data-element_type=\"widget\" data-e-type=\"widget\" data-widget_type=\"heading.default\">\n\t\t\t\t\t<h2 class=\"elementor-heading-title elementor-size-default\">Introducci\u00f3<\/h2>\t\t\t\t<\/div>\n\t\t<div class=\"elementor-element elementor-element-46dcb7d e-con-full e-flex e-con e-child\" data-id=\"46dcb7d\" data-element_type=\"container\" data-e-type=\"container\">\n\t\t<div class=\"elementor-element elementor-element-61d3ab3 e-flex e-con-boxed e-con e-child\" data-id=\"61d3ab3\" data-element_type=\"container\" data-e-type=\"container\">\n\t\t\t\t\t<div class=\"e-con-inner\">\n\t\t\t\t<div class=\"elementor-element elementor-element-117c166 elementor-widget elementor-widget-heading\" data-id=\"117c166\" data-element_type=\"widget\" data-e-type=\"widget\" data-widget_type=\"heading.default\">\n\t\t\t\t\t<h3 class=\"elementor-heading-title elementor-size-default\">Per\u00edode dels textos<\/h3>\t\t\t\t<\/div>\n\t\t\t\t<div class=\"elementor-element elementor-element-73997a0 elementor-widget elementor-widget-text-editor\" data-id=\"73997a0\" data-element_type=\"widget\" data-e-type=\"widget\" data-widget_type=\"text-editor.default\">\n\t\t\t\t\t\t\t\t\t<p>La veneraci\u00f3 de Juno es pot seguir des de la primera \u00e8poca de la monarquia romana, a trav\u00e9s de la Rep\u00fablica, fins a l&#8217;\u00e8poca imperial, quan era ferventment arrelada com a deessa protectora de la ciutat de Roma i part de la Tr\u00edada Capitolina amb J\u00fapiter i Minerva. A l&#8217;edat mitjana el culte p\u00fablic va desapar\u00e8ixer, per\u00f2 el seu nom va romandre present a trav\u00e9s de la literatura llatina i, m\u00e9s tard, de l&#8217;art i l&#8217;\u00f2pera del Renaixement, on apareixia com a esposa de J\u00fapiter i gelosa antagonista.<\/p><h3>Classificaci\u00f3 mitol\u00f2gica<\/h3><p>Juno \u00e9s una de les grans deesses romanes, esposa de J\u00fapiter i reina dels d\u00e9us. \u00c9s deessa del matrimoni, la fertilitat, el naixement i la vida femenina. En la forma grega \u00e9s Hera. Juno \u00e9s complexa, protectora, gelosa, poderosa. El seu paper \u00e9s central per a la societat.<\/p>\t\t\t\t\t\t\t\t<\/div>\n\t\t\t\t\t<\/div>\n\t\t\t\t<\/div>\n\t\t<div class=\"elementor-element elementor-element-d47b156 e-flex e-con-boxed e-con e-child\" data-id=\"d47b156\" data-element_type=\"container\" data-e-type=\"container\">\n\t\t\t\t\t<div class=\"e-con-inner\">\n\t\t\t\t<div class=\"elementor-element elementor-element-ff38c2b elementor-widget elementor-widget-heading\" data-id=\"ff38c2b\" data-element_type=\"widget\" data-e-type=\"widget\" data-widget_type=\"heading.default\">\n\t\t\t\t\t<h3 class=\"elementor-heading-title elementor-size-default\">\u00c0rea de difusi\u00f3<\/h3>\t\t\t\t<\/div>\n\t\t\t\t<div class=\"elementor-element elementor-element-4e49fcc elementor-widget elementor-widget-text-editor\" data-id=\"4e49fcc\" data-element_type=\"widget\" data-e-type=\"widget\" data-widget_type=\"text-editor.default\">\n\t\t\t\t\t\t\t\t\t<p>Juno era coneguda i venerada o temuda universalment a tot el m\u00f3n rom\u00e0, sense limitaci\u00f3 regional ni vinculaci\u00f3 a llocs concrets. Tant en els centres urbans com en les regions rurals perif\u00e8riques, tant entre l&#8217;elit com entre el poble senzill, el significat espiritual o cultural d&#8217;aquesta entitat era reconegut de manera constant i universal.<\/p><p>El fet que Juno fos alhora deessa de la ciutat de Roma i protectora del matrimoni i el naixement unia la pietat estatal i la privada: les dones casades la celebraven en les Matronalia, mentre que els ep\u00edtets Juno Lucina per a l&#8217;assist\u00e8ncia en el part i Juno Moneta per al temple del Capitoli agrupaven diferents \u00e0mbits d&#8217;actuaci\u00f3. La seva veneraci\u00f3 es trobava, m\u00e9s enll\u00e0 de Roma, tamb\u00e9 entre pobles it\u00e0lics com els etruscs, sota la figura d&#8217;Uni.<\/p>\t\t\t\t\t\t\t\t<\/div>\n\t\t\t\t\t<\/div>\n\t\t\t\t<\/div>\n\t\t\t\t<\/div>\n\t\t<div class=\"elementor-element elementor-element-db03c39 e-con-full e-flex e-con e-child\" data-id=\"db03c39\" data-element_type=\"container\" data-e-type=\"container\">\n\t\t<div class=\"elementor-element elementor-element-229a87b e-flex e-con-boxed e-con e-child\" data-id=\"229a87b\" data-element_type=\"container\" data-e-type=\"container\">\n\t\t\t\t\t<div class=\"e-con-inner\">\n\t\t\t\t<div class=\"elementor-element elementor-element-1f471fc elementor-widget elementor-widget-heading\" data-id=\"1f471fc\" data-element_type=\"widget\" data-e-type=\"widget\" data-widget_type=\"heading.default\">\n\t\t\t\t\t<h3 class=\"elementor-heading-title elementor-size-default\">Estat de les fonts<\/h3>\t\t\t\t<\/div>\n\t\t\t\t<div class=\"elementor-element elementor-element-36b1201 elementor-widget elementor-widget-text-editor\" data-id=\"36b1201\" data-element_type=\"widget\" data-e-type=\"widget\" data-widget_type=\"text-editor.default\">\n\t\t\t\t\t\t\t\t\t<p>Fonts prim\u00e0ries: les Metamorfosis d&#8217;Ovidi (especialment l&#8217;amor amb J\u00fapiter), l&#8217;Eneida de Virgili (llibres 1 i 4, Juno com a advers\u00e0ria d&#8217;Eneas), Horaci, Marcial, De Natura Deorum de Cicer\u00f3, les Saturnals de Macrobi (converses de taula sobre Juno i J\u00fapiter).<\/p><p>Per\u00edode: del segle VI aC al segle V dC. Investigadors: Georg Wissowa (R\u00f6mische G\u00f6tter), Karl Latte, <span class=\"iwg-fachbegriff\" tabindex=\"0\" data-tooltip=\"Historiador de les religions alemany (1931\u20132015); obra principal Griechische Religion (1977).\">Walter Burkert<\/span>, Hendrik Versnel. Troballes arqueol\u00f2giques: <span class=\"iwg-fachbegriff\" data-tooltip=\"Una construcci\u00f3 destinada a la veneraci\u00f3 d'una o diverses divinitats.\" tabindex=\"0\">temples<\/span> al Capitoli i a l&#8217;Avent\u00ed, exvots de Camp\u00e0nia i Germ\u00e0nia.<\/p>\t\t\t\t\t\t\t\t<\/div>\n\t\t\t\t\t<\/div>\n\t\t\t\t<\/div>\n\t\t\t\t<\/div>\n\t\t\t\t\t<\/div>\n\t\t\t\t<\/div>\n\t\t<div class=\"elementor-element elementor-element-3ae0637c e-flex e-con-boxed e-con e-parent\" data-id=\"3ae0637c\" data-element_type=\"container\" data-e-type=\"container\">\n\t\t\t\t\t<div class=\"e-con-inner\">\n\t\t\t\t<div class=\"elementor-element elementor-element-31d07739 elementor-widget elementor-widget-heading\" data-id=\"31d07739\" data-element_type=\"widget\" data-e-type=\"widget\" data-widget_type=\"heading.default\">\n\t\t\t\t\t<h2 class=\"elementor-heading-title elementor-size-default\">Nom i variants<\/h2>\t\t\t\t<\/div>\n\t\t<div class=\"elementor-element elementor-element-b7642947 e-con-full e-flex e-con e-child\" data-id=\"b7642947\" data-element_type=\"container\" data-e-type=\"container\">\n\t\t\t\t<div class=\"elementor-element elementor-element-a086266 elementor-widget elementor-widget-text-editor\" data-id=\"a086266\" data-element_type=\"widget\" data-e-type=\"widget\" data-widget_type=\"text-editor.default\">\n\t\t\t\t\t\t\t\t\t<p>Juno es representa en les diverses tradicions i fonts amb determinats elements iconogr\u00e0fics que romanen relativament constants al llarg de les d\u00e8cades i els llocs. Aquests elements no s\u00f3n en absolut merament decoratius ni casuals: estan codificats simb\u00f2licament i porten un significat profund.<\/p><p>En la representaci\u00f3 antiga, es reconeix Juno per uns signes visuals fixos: porta sovint una diadema o corona com a senyal del seu rang de reina del cel, de vegades un ceptre, i se li atribueix el pa\u00f3 com a animal sagrat. Tamb\u00e9 la cabra i determinades formes de vestit formen part del seu repertori iconogr\u00e0fic, de manera que els observadors podien distingir-la d&#8217;altres deesses sense necessitat d&#8217;inscripci\u00f3.<\/p>\t\t\t\t\t\t\t\t<\/div>\n\t\t\t\t<\/div>\n\t\t\t\t\t<\/div>\n\t\t\t\t<\/div>\n\t\t<div class=\"elementor-element elementor-element-709a44a8 e-flex e-con-boxed e-con e-parent\" data-id=\"709a44a8\" data-element_type=\"container\" data-e-type=\"container\">\n\t\t\t\t\t<div class=\"e-con-inner\">\n\t\t\t\t<div class=\"elementor-element elementor-element-2f585873 elementor-widget elementor-widget-heading\" data-id=\"2f585873\" data-element_type=\"widget\" data-e-type=\"widget\" data-widget_type=\"heading.default\">\n\t\t\t\t\t<h2 class=\"elementor-heading-title elementor-size-default\">Caracter\u00edstiques<\/h2>\t\t\t\t<\/div>\n\t\t<div class=\"elementor-element elementor-element-70621c12 e-con-full e-flex e-con e-child\" data-id=\"70621c12\" data-element_type=\"container\" data-e-type=\"container\">\n\t\t\t\t<div class=\"elementor-element elementor-element-4296eb49 elementor-widget elementor-widget-text-editor\" data-id=\"4296eb49\" data-element_type=\"widget\" data-e-type=\"widget\" data-widget_type=\"text-editor.default\">\n\t\t\t\t\t\t\t\t\t<p>Juno era central en la pr\u00e0ctica religiosa i en la comprensi\u00f3 quotidiana de Roma. Les persones s&#8217;adre\u00e7aven a aquesta entitat en determinades situacions cr\u00edtiques de la vida o en certes \u00e8poques de l&#8217;any, amb rituals estructurats, preg\u00e0ries o ofrenes. La pr\u00e0ctica es transmetia amb precisi\u00f3 i era dirigida per sacerdots o especialistes, i mai era arbitr\u00e0ria ni improvisada.<\/p><p>Els ritus dirigits a Juno acompanyaven sobretot el matrimoni i el naixement: les n\u00favies la invocaven demanant assist\u00e8ncia, les embarassades s&#8217;adre\u00e7aven a Juno Lucina perqu\u00e8 el part an\u00e9s b\u00e9, i les Matronalia de l&#8217;1 de mar\u00e7 unien ofrenes i preg\u00e0ries amb el desig de protecci\u00f3 per a la fam\u00edlia i la llar. Aquests actes es consideraven una part necess\u00e0ria de la vida ciutadana i dom\u00e8stica.<\/p><h3>Aparen\u00e7a i simbolisme<\/h3><p>Juno es representa com una dona majestuosa amb vestits celestials, sovint amb diadema o corona. El pa\u00f3 \u00e9s el seu animal sagrat. Els lliris i la magrana s\u00f3n els seus s\u00edmbols. Sovint porta un ceptre. El blanc i l&#8217;or s\u00f3n els seus colors. D&#8217;ella emanen honor i sobirania.<\/p>\t\t\t\t\t\t\t\t<\/div>\n\t\t\t\t<\/div>\n\t\t\t\t\t<\/div>\n\t\t\t\t<\/div>\n\t\t<div class=\"elementor-element elementor-element-44e71476 e-flex e-con-boxed e-con e-parent\" data-id=\"44e71476\" data-element_type=\"container\" data-e-type=\"container\">\n\t\t\t\t\t<div class=\"e-con-inner\">\n\t\t\t\t<div class=\"elementor-element elementor-element-3c1fc3f0 elementor-widget elementor-widget-heading\" data-id=\"3c1fc3f0\" data-element_type=\"widget\" data-e-type=\"widget\" data-widget_type=\"heading.default\">\n\t\t\t\t\t<h2 class=\"elementor-heading-title elementor-size-default\">Fitxa: Juno<\/h2>\t\t\t\t<\/div>\n\t\t<div class=\"elementor-element elementor-element-84f33b8e e-con-full e-flex e-con e-child\" data-id=\"84f33b8e\" data-element_type=\"container\" data-e-type=\"container\">\n\t\t\t\t<div class=\"elementor-element elementor-element-hqkdc67p elementor-widget elementor-widget-text-editor\" data-id=\"hqkdc67p\" data-element_type=\"widget\" data-e-type=\"widget\" data-widget_type=\"text-editor.default\">\n\t\t\t\t\t\t\t\t\t<p>La fitxa desplega l&#8217;ess\u00e8ncia de Juno a trav\u00e9s de sis perspectives: el seu origen hist\u00f2ric i la seva difusi\u00f3, la pr\u00e0ctica de veneraci\u00f3 de diferents grups socials, la seva forma iconogr\u00e0fica, el significat religi\u00f3s i la funci\u00f3 protectora, comparacions amb cultures ve\u00efnes i la visi\u00f3 de conjunt dels seus rols en el cosmos rom\u00e0.<\/p>\t\t\t\t\t\t\t\t<\/div>\n\t\t\t\t<\/div>\n\t\t<div class=\"elementor-element elementor-element-pemmx7c5 e-con-full e-flex e-con e-child\" data-id=\"pemmx7c5\" data-element_type=\"container\" data-e-type=\"container\">\n\t\t<div class=\"elementor-element elementor-element-pemmx7c1 e-con-full e-flex e-con e-child\" data-id=\"pemmx7c1\" data-element_type=\"container\" data-e-type=\"container\">\n\t\t<div class=\"elementor-element elementor-element-qh9oavvu iwg-steckbrief-card e-flex e-con-boxed e-con e-child\" data-id=\"qh9oavvu\" data-element_type=\"container\" data-e-type=\"container\">\n\t\t\t\t\t<div class=\"e-con-inner\">\n\t\t\t\t<div class=\"elementor-element elementor-element-awzx8k2k elementor-widget elementor-widget-heading\" data-id=\"awzx8k2k\" data-element_type=\"widget\" data-e-type=\"widget\" data-widget_type=\"heading.default\">\n\t\t\t\t\t<div class=\"elementor-heading-title elementor-size-default\">L'origen de Juno<\/div>\t\t\t\t<\/div>\n\t\t\t\t<div class=\"elementor-element elementor-element-x6rowhv0 elementor-widget elementor-widget-text-editor\" data-id=\"x6rowhv0\" data-element_type=\"widget\" data-e-type=\"widget\" data-widget_type=\"text-editor.default\">\n\t\t\t\t\t\t\t\t\t<p>Juno t\u00e9 arrels indoeuropees en una deessa celeste; les primeres formes de culte it\u00e0liques mostren la transici\u00f3 d&#8217;una deessa de la fertilitat a una protectora del poder reial. Els primers testimonis del <span class=\"iwg-fachbegriff\" data-tooltip=\"El conjunt d'actes de veneraci\u00f3 religiosa cap a una divinitat o figura sagrada.\" tabindex=\"0\">culte<\/span> es remunten al segle VI aC.<\/p><p>El <span class=\"iwg-fachbegriff\" data-tooltip=\"Un edifici destinat a la veneraci\u00f3 d'una o diverses divinitats.\" tabindex=\"0\">temple<\/span> al Capitoli (juntament amb J\u00fapiter i Minerva en la Tr\u00edada Capitolina) es va fundar cap al 509 aC. La seva identificaci\u00f3 amb l&#8217;etrusca Uni mostra la superposici\u00f3 cultural en la hist\u00f2ria romana primitiva.<\/p>\t\t\t\t\t\t\t\t<\/div>\n\t\t\t\t\t<\/div>\n\t\t\t\t<\/div>\n\t\t<div class=\"elementor-element elementor-element-8e3o4kxs iwg-steckbrief-card e-flex e-con-boxed e-con e-child\" data-id=\"8e3o4kxs\" data-element_type=\"container\" data-e-type=\"container\">\n\t\t\t\t\t<div class=\"e-con-inner\">\n\t\t\t\t<div class=\"elementor-element elementor-element-08rkdgov elementor-widget elementor-widget-heading\" data-id=\"08rkdgov\" data-element_type=\"widget\" data-e-type=\"widget\" data-widget_type=\"heading.default\">\n\t\t\t\t\t<div class=\"elementor-heading-title elementor-size-default\">El p\u00fablic de Juno<\/div>\t\t\t\t<\/div>\n\t\t\t\t<div class=\"elementor-element elementor-element-uwjelx8s elementor-widget elementor-widget-text-editor\" data-id=\"uwjelx8s\" data-element_type=\"widget\" data-e-type=\"widget\" data-widget_type=\"text-editor.default\">\n\t\t\t\t\t\t\t\t\t<p>Juno era invocada per dones de tots els estaments, especialment esposes i mares. El <span class=\"iwg-fachbegriff\" data-tooltip=\"El conjunt d'actes de veneraci\u00f3 religiosa cap a una divinitat o figura sagrada.\" tabindex=\"0\">culte<\/span> de les matrones (Matronalia) era una festa femenina en la qual les senyores oferien petits obsequis a les seves esclaves. Entre l&#8217;elit es pregava a Juno Pronuba en els casaments.<\/p><p>Les dones embarassades s&#8217;adre\u00e7aven a Juno Lucina. En el culte estatal, Juno era invocada com a reina i protectora de l&#8217;imperi, una funci\u00f3 sense paral\u00b7lel en la iconografia dels altres d\u00e9us.<\/p>\t\t\t\t\t\t\t\t<\/div>\n\t\t\t\t\t<\/div>\n\t\t\t\t<\/div>\n\t\t<div class=\"elementor-element elementor-element-jm2n74ec iwg-steckbrief-card e-flex e-con-boxed e-con e-child\" data-id=\"jm2n74ec\" data-element_type=\"container\" data-e-type=\"container\">\n\t\t\t\t\t<div class=\"e-con-inner\">\n\t\t\t\t<div class=\"elementor-element elementor-element-8vufse4c elementor-widget elementor-widget-heading\" data-id=\"8vufse4c\" data-element_type=\"widget\" data-e-type=\"widget\" data-widget_type=\"heading.default\">\n\t\t\t\t\t<div class=\"elementor-heading-title elementor-size-default\">Aparen\u00e7a<\/div>\t\t\t\t<\/div>\n\t\t\t\t<div class=\"elementor-element elementor-element-mwb9u015 elementor-widget elementor-widget-text-editor\" data-id=\"mwb9u015\" data-element_type=\"widget\" data-e-type=\"widget\" data-widget_type=\"text-editor.default\">\n\t\t\t\t\t\t\t\t\t<p>Juno es representava com una dona majestuosa i coronada, sovint amb p\u00e8plos o estola (mantell llarg). Els seus atributs s\u00f3n el pa\u00f3 (<span class=\"iwg-fachbegriff\" data-tooltip=\"Un signe que representa una idea o significat.\" tabindex=\"0\">s\u00edmbol<\/span> de la vanitat i la reialesa), el diadema o la corona, el ceptre i el lliri.<\/p><p>De vegades porta tamb\u00e9 el kalathos (corona alta), especialment com a Regina. En les monedes romanes apareix asseguda en un tron. En els altars, al costat de J\u00fapiter, simbolitza la parella c\u00f2smica del rei i la reina del cel.<\/p>\t\t\t\t\t\t\t\t<\/div>\n\t\t\t\t\t<\/div>\n\t\t\t\t<\/div>\n\t\t\t\t<\/div>\n\t\t<div class=\"elementor-element elementor-element-pemmx7c2 e-con-full e-flex e-con e-child\" data-id=\"pemmx7c2\" data-element_type=\"container\" data-e-type=\"container\">\n\t\t<div class=\"elementor-element elementor-element-37ss2yr6 iwg-steckbrief-card e-flex e-con-boxed e-con e-child\" data-id=\"37ss2yr6\" data-element_type=\"container\" data-e-type=\"container\">\n\t\t\t\t\t<div class=\"e-con-inner\">\n\t\t\t\t<div class=\"elementor-element elementor-element-3v0wp3wx elementor-widget elementor-widget-heading\" data-id=\"3v0wp3wx\" data-element_type=\"widget\" data-e-type=\"widget\" data-widget_type=\"heading.default\">\n\t\t\t\t\t<div class=\"elementor-heading-title elementor-size-default\">L'efecte de Juno<\/div>\t\t\t\t<\/div>\n\t\t\t\t<div class=\"elementor-element elementor-element-w3247g2m elementor-widget elementor-widget-text-editor\" data-id=\"w3247g2m\" data-element_type=\"widget\" data-e-type=\"widget\" data-widget_type=\"text-editor.default\">\n\t\t\t\t\t\t\t\t\t<p><strong>\u00c0mbit d&#8217;acci\u00f3:<\/strong> Juno protegeix les dones en totes les etapes de la vida, nenes, dones i mares. Acompanya el naixement, el matrimoni, la fertilitat i la menopausa. \u00c9s la guardiana del cicle femen\u00ed i de la for\u00e7a del part.<\/p><p>El mes de juny porta el seu nom per donar <span class=\"iwg-fachbegriff\" data-tooltip=\"La invocaci\u00f3 de benedicci\u00f3 i protecci\u00f3, sovint en una f\u00f3rmula ling\u00fc\u00edstica fixa.\" tabindex=\"0\">benedicci\u00f3<\/span> a la temporada de casaments. A Roma \u00e9s deessa de l&#8217;estat i, al mateix temps, de la fertilitat privada, un \u00e9sser que beneeix per igual el poder i la intimitat.<\/p>\t\t\t\t\t\t\t\t<\/div>\n\t\t\t\t\t<\/div>\n\t\t\t\t<\/div>\n\t\t<div class=\"elementor-element elementor-element-0qpjal9w iwg-steckbrief-card e-flex e-con-boxed e-con e-child\" data-id=\"0qpjal9w\" data-element_type=\"container\" data-e-type=\"container\">\n\t\t\t\t\t<div class=\"e-con-inner\">\n\t\t\t\t<div class=\"elementor-element elementor-element-6ndoih0o elementor-widget elementor-widget-heading\" data-id=\"6ndoih0o\" data-element_type=\"widget\" data-e-type=\"widget\" data-widget_type=\"heading.default\">\n\t\t\t\t\t<div class=\"elementor-heading-title elementor-size-default\">Protecci\u00f3<\/div>\t\t\t\t<\/div>\n\t\t\t\t<div class=\"elementor-element elementor-element-6684tyh9 elementor-widget elementor-widget-text-editor\" data-id=\"6684tyh9\" data-element_type=\"widget\" data-e-type=\"widget\" data-widget_type=\"text-editor.default\">\n\t\t\t\t\t\t\t\t\t<p>Juno rebia <span class=\"iwg-fachbegriff\" data-tooltip=\"L'adre\u00e7ar-se de manera suplicant o invocadora a una divinitat o poder.\" tabindex=\"0\">invocaci\u00f3<\/span> i veneraci\u00f3 com a protectora i guardiana, no com a deessa maligna. Durant els parts s&#8217;oferien gallines i libacions. Les dones portaven amulets (bullae) amb imatges de Juno.<\/p><p>Els seus <span class=\"iwg-fachbegriff\" data-tooltip=\"Un edifici destinat a la veneraci\u00f3 d'una o diverses divinitats.\" tabindex=\"0\">temples<\/span> eren llocs de refugi per a dones perseguides. El mes de juny li era <span class=\"iwg-fachbegriff\" data-tooltip=\"Pertanyent a l'\u00e0mbit div\u00ed i, per tant, excl\u00f2s de l'\u00fas quotidi\u00e0.\" tabindex=\"0\">sagrat<\/span>; es preferia celebrar els casaments en altres mesos per no provocar el disgust de Juno. Les ofenses per infidelitat o desobedi\u00e8ncia requerien ritus de propiciaci\u00f3.<\/p>\t\t\t\t\t\t\t\t<\/div>\n\t\t\t\t\t<\/div>\n\t\t\t\t<\/div>\n\t\t<div class=\"elementor-element elementor-element-3lfi7x32 iwg-steckbrief-card e-flex e-con-boxed e-con e-child\" data-id=\"3lfi7x32\" data-element_type=\"container\" data-e-type=\"container\">\n\t\t\t\t\t<div class=\"e-con-inner\">\n\t\t\t\t<div class=\"elementor-element elementor-element-0kg99ga1 elementor-widget elementor-widget-heading\" data-id=\"0kg99ga1\" data-element_type=\"widget\" data-e-type=\"widget\" data-widget_type=\"heading.default\">\n\t\t\t\t\t<div class=\"elementor-heading-title elementor-size-default\">Equivalents<\/div>\t\t\t\t<\/div>\n\t\t\t\t<div class=\"elementor-element elementor-element-n0fum6kp elementor-widget elementor-widget-text-editor\" data-id=\"n0fum6kp\" data-element_type=\"widget\" data-e-type=\"widget\" data-widget_type=\"text-editor.default\">\n\t\t\t\t\t\t\t\t\t<p>En el <span class=\"iwg-fachbegriff\" data-tooltip=\"Un relat transm\u00e8s sobre d\u00e9us, or\u00edgens i l'ordre del m\u00f3n.\" tabindex=\"0\">mite<\/span> grec, la correspond\u00e8ncia m\u00e9s propera \u00e9s Hera, deessa conjugal, per\u00f2 amb menys poder estatal. En l&#8217;\u00e0mbit celta, les Matres i Matronae mostren paral\u00b7lelismes amb la protectora de les dones. En el <span class=\"iwg-fachbegriff\" data-tooltip=\"El conjunt de d\u00e9us d'una religi\u00f3 o cultura.\" tabindex=\"0\">pante\u00f3<\/span> germ\u00e0nic, Frija\/Frigg com a esposa de Wotan correspon parcialment al paper de Juno. La \u00edndia Lakshmi comparteix amb Juno la prosperitat i la <span class=\"iwg-fachbegriff\" data-tooltip=\"L'acte ritual pel qual s'atorga una benedicci\u00f3.\" tabindex=\"0\">benedicci\u00f3<\/span> de les llars.<\/p>\t\t\t\t\t\t\t\t<\/div>\n\t\t\t\t\t<\/div>\n\t\t\t\t<\/div>\n\t\t\t\t<\/div>\n\t\t\t\t<\/div>\n\t\t\t\t\t<\/div>\n\t\t\t\t<\/div>\n\t\t<div class=\"elementor-element elementor-element-5a584676 e-flex e-con-boxed e-con e-parent\" data-id=\"5a584676\" data-element_type=\"container\" data-e-type=\"container\">\n\t\t\t\t\t<div class=\"e-con-inner\">\n\t\t\t\t<div class=\"elementor-element elementor-element-6d0757bf elementor-widget elementor-widget-heading\" data-id=\"6d0757bf\" data-element_type=\"widget\" data-e-type=\"widget\" data-widget_type=\"heading.default\">\n\t\t\t\t\t<h2 class=\"elementor-heading-title elementor-size-default\">Juno, paral\u00b7lelismes en altres cultures<\/h2>\t\t\t\t<\/div>\n\t\t<div class=\"elementor-element elementor-element-60563f68 e-con-full e-flex e-con e-child\" data-id=\"60563f68\" data-element_type=\"container\" data-e-type=\"container\">\n\t\t\t\t<div class=\"elementor-element elementor-element-5a93fdd6 elementor-widget elementor-widget-text-editor\" data-id=\"5a93fdd6\" data-element_type=\"widget\" data-e-type=\"widget\" data-widget_type=\"text-editor.default\">\n\t\t\t\t\t\t\t\t\t<p>Juno correspon a la grega Hera, per\u00f2 en el <span class=\"iwg-fachbegriff\" data-tooltip=\"El conjunt de d\u00e9us d'una religi\u00f3 o cultura.\" tabindex=\"0\">pante\u00f3<\/span> rom\u00e0 assumeix funcions protectores addicionals per al matrimoni, el naixement i la confederaci\u00f3 de ciutats. La seva identificaci\u00f3 amb l&#8217;etrusca Uni i amb la p\u00fanica Tanit-Astart\u00e9 mostra com el <span class=\"iwg-fachbegriff\" data-tooltip=\"El conjunt d'actes de veneraci\u00f3 religiosa cap a una divinitat o figura sagrada.\" tabindex=\"0\">culte<\/span> de Juno va absorbir altres grans deesses mediterr\u00e0nies.<\/p>\n<p><p><strong>Tradici\u00f3 jueva:<\/strong> A la B\u00edblia hebrea no hi ha una deessa directa del matrimoni al costat de JHWH. La Saviesa (Chokhma) es feminitza, per\u00f2 no com a esposa de D\u00e9u. Sincretismes de l&#8217;<span class=\"iwg-fachbegriff\" data-tooltip=\"\u00c8poca de transici\u00f3 entre l'Antiguitat i l'Edat Mitjana, aproximadament del segle III al VII.\" tabindex=\"0\">Antiguitat tardana<\/span> entre jueus hel\u00b7len\u00edstics mostren adaptacions puntuals, per\u00f2 cap instituci\u00f3 de veneraci\u00f3 de Juno.<\/p><p><strong>M\u00f3n grecorom\u00e0:<\/strong> Hera \u00e9s l&#8217;equivalent de Juno, per\u00f2 en la <span class=\"iwg-fachbegriff\" data-tooltip=\"El conjunt de relats m\u00edtics transmesos d'una cultura.\" tabindex=\"0\">mitologia<\/span> grega t\u00e9 menys poder en afers estatals. La fusi\u00f3 de les dues deesses sota el domini rom\u00e0 va crear una iconografia h\u00edbrida. Atena va conservar el seu paper de protectora de l&#8217;estat al costat de Juno\/Hera.<\/p><p><strong>Mesopot\u00e0mia:<\/strong> Inanna\/Ixtar \u00e9s deessa de l&#8217;amor i de la guerra, per\u00f2 no principalment del matrimoni. Namtar i altres deesses comparteixen funcions puntuals, per\u00f2 no un rol central d&#8217;esposa del rei com Juno en el culte estatal rom\u00e0.<\/p><p><strong>\u00cdndia\/\u00c0sia:<\/strong> Lakshmi \u00e9s l&#8217;esposa de Vishnu, per\u00f2 no comparteix les funcions jur\u00eddiques i estatals protectores de Juno. Parvati, en el seu paper d&#8217;esposa de Shiva, mostra paral\u00b7lelismes estructurals culturals, per\u00f2 sense parentiu directe. En el budisme primitiu no hi ha analogia.<\/p>\t\t\t\t\t\t\t\t<\/div>\n\t\t\t\t<\/div>\n\t\t\t\t\t<\/div>\n\t\t\t\t<\/div>\n\t\t<div class=\"elementor-element elementor-element-cp6f78b5b e-flex e-con-boxed e-con e-parent\" data-id=\"cp6f78b5b\" data-element_type=\"container\" data-e-type=\"container\">\n\t\t\t\t\t<div class=\"e-con-inner\">\n\t\t\t\t<div class=\"elementor-element elementor-element-cp1ec1851 elementor-widget elementor-widget-heading\" data-id=\"cp1ec1851\" data-element_type=\"widget\" data-e-type=\"widget\" data-widget_type=\"heading.default\">\n\t\t\t\t\t<h2 class=\"elementor-heading-title elementor-size-default\">La Tr\u00edada Capitolina i Juno Regina<\/h2>\t\t\t\t<\/div>\n\t\t<div class=\"elementor-element elementor-element-cp89c84b3 e-con-full e-flex e-con e-child\" data-id=\"cp89c84b3\" data-element_type=\"container\" data-e-type=\"container\">\n\t\t\t\t<div class=\"elementor-element elementor-element-cp257098b elementor-widget elementor-widget-text-editor\" data-id=\"cp257098b\" data-element_type=\"widget\" data-e-type=\"widget\" data-widget_type=\"text-editor.default\">\n\t\t\t\t\t\t\t\t\t<p>Juno pertany a la tr\u00edada capitolina, la tr\u00edada divina central del culte estatal rom\u00e0, juntament amb J\u00fapiter i Minerva. Al Capitoli s&#8217;aixecava des dels inicis de la Rep\u00fablica el <span class=\"iwg-fachbegriff\" data-tooltip=\"Una construcci\u00f3 dedicada a la veneraci\u00f3 d'una o diverses divinitats.\" tabindex=\"0\">temple<\/span> com\u00fa, on cada <span class=\"iwg-fachbegriff\" data-tooltip=\"Un \u00e9sser venerat com a div\u00ed dins d'una religi\u00f3.\" tabindex=\"0\">divinitat<\/span> tenia la seva pr\u00f2pia <em>cella<\/em>.<\/p><p>En aquesta constel\u00b7laci\u00f3, Juno \u00e9s invocada com <em>Iuno Regina<\/em>, la reina, esposa del d\u00e9u suprem de l&#8217;estat. La tr\u00edada tenia precedents etruscs, i la investigaci\u00f3 hi veu un probable model en la tr\u00edada formada per Tinia, Uni i Menrva.<\/p><p>Juno Regina tamb\u00e9 tenia el seu propi <span class=\"iwg-fachbegriff\" data-tooltip=\"Una construcci\u00f3 dedicada a la veneraci\u00f3 d'una o diverses divinitats.\" tabindex=\"0\">temple<\/span> a l&#8217;Avent\u00ed. Segons la <span class=\"iwg-fachbegriff\" data-tooltip=\"La transmissi\u00f3 de coneixements i relats al llarg de generacions.\" tabindex=\"0\">tradici\u00f3<\/span>, el seu <span class=\"iwg-fachbegriff\" data-tooltip=\"El conjunt d'actes de veneraci\u00f3 religiosa cap a una divinitat o figura sagrada.\" tabindex=\"0\">culte<\/span> va ser dut a Roma des de la conquerida Veii mitjan\u00e7ant l&#8217;<em>evocatio<\/em>: abans de la presa de la ciutat etrusca, el general Camil hauria demanat solemnement a la deessa tutelar local, Juno, que abandon\u00e9s el seu antic empla\u00e7ament i s&#8217;establ\u00eds a Roma.<\/p><p>Aquest episodi, transm\u00e8s per Livi, constitueix un testimoni central de la concepci\u00f3 romana segons la qual les divinitats protectores podien ser traslladades.<\/p><p>Com a <em>Regina<\/em>, Juno era tamb\u00e9 destinat\u00e0ria de vots estatals en temps de crisi. Les fonts relaten diverses vegades ritus extraordinaris, com processons i ofrenes votives, ordenats en honor de Juno arran de prodigis o amenaces militars.<\/p><p>La seva posici\u00f3 dins la tr\u00edada mostra clarament que dins el sistema rom\u00e0 Juno anava molt m\u00e9s enll\u00e0 del paper d&#8217;esposa de J\u00fapiter: era una entitat pr\u00f2pia del culte estatal, amb el seu propi <span class=\"iwg-fachbegriff\" data-tooltip=\"Un lloc sagrat dedicat a la veneraci\u00f3 d'una divinitat.\" tabindex=\"0\">santuari<\/span>, el seu propi personal sacerdotal i les seves pr\u00f2pies festes.<\/p>\t\t\t\t\t\t\t\t<\/div>\n\t\t\t\t<\/div>\n\t\t\t\t\t<\/div>\n\t\t\t\t<\/div>\n\t\t<div class=\"elementor-element elementor-element-cp1f2bcee e-flex e-con-boxed e-con e-parent\" data-id=\"cp1f2bcee\" data-element_type=\"container\" data-e-type=\"container\">\n\t\t\t\t\t<div class=\"e-con-inner\">\n\t\t\t\t<div class=\"elementor-element elementor-element-cpfce93ea elementor-widget elementor-widget-heading\" data-id=\"cpfce93ea\" data-element_type=\"widget\" data-e-type=\"widget\" data-widget_type=\"heading.default\">\n\t\t\t\t\t<h2 class=\"elementor-heading-title elementor-size-default\">Juno Moneta i l'origen del sistema monetari<\/h2>\t\t\t\t<\/div>\n\t\t<div class=\"elementor-element elementor-element-cp065f560 e-con-full e-flex e-con e-child\" data-id=\"cp065f560\" data-element_type=\"container\" data-e-type=\"container\">\n\t\t\t\t<div class=\"elementor-element elementor-element-cp7474d15 elementor-widget elementor-widget-text-editor\" data-id=\"cp7474d15\" data-element_type=\"widget\" data-e-type=\"widget\" data-widget_type=\"text-editor.default\">\n\t\t\t\t\t\t\t\t\t<p>Un dels ep\u00edtets cultuals m\u00e9s coneguts de Juno \u00e9s <em>Moneta<\/em>. El seu <span class=\"iwg-fachbegriff\" data-tooltip=\"Una construcci\u00f3 dedicada a la veneraci\u00f3 d'una o diverses divinitats.\" tabindex=\"0\">temple<\/span> s&#8217;aixecava a l&#8217;Arx, el cim nord del Capitoli, i segons la <span class=\"iwg-fachbegriff\" data-tooltip=\"La transmissi\u00f3 de coneixements i relats al llarg de generacions.\" tabindex=\"0\">tradici\u00f3<\/span> va ser <span class=\"iwg-fachbegriff\" data-tooltip=\"Lliurat al sagrat mitjan\u00e7ant un acte religi\u00f3s, i per tant elevat per sobre del quotidi\u00e0.\" tabindex=\"0\">consagrat<\/span> l&#8217;any 344 aC. Amb aquest <span class=\"iwg-fachbegriff\" data-tooltip=\"Un lloc sagrat dedicat a la veneraci\u00f3 d'una divinitat.\" tabindex=\"0\">santuari<\/span> s&#8217;hi vincula una de les hist\u00f2ries conceptuals de m\u00e9s abast de l&#8217;<span class=\"iwg-fachbegriff\" data-tooltip=\"\u00c8poca de la cultura grega i romana, aproximadament del 800 aC al 600 dC.\" tabindex=\"0\">Antiguitat<\/span>: dins el recinte del temple de Juno Moneta, o molt a prop d&#8217;aquest, es trobava la seca romana.<\/p><p>Del sobrenom <em>Moneta<\/em> deriven la paraula llatina per a moneda i, amb ella, els mots moderns money, monnaie i altres formacions afins.<\/p><p>El significat del propi ep\u00edtet \u00e9s discutit. Una explicaci\u00f3 estesa durant l&#8217;<span class=\"iwg-fachbegriff\" data-tooltip=\"\u00c8poca de la cultura grega i romana, aproximadament del 800 aC al 600 dC.\" tabindex=\"0\">Antiguitat<\/span> el relacionava amb el verb <em>monere<\/em>, avisar o advertir.<\/p><p>Hi encaixa el relat de les oques sagrades de Juno, que es criaven a l&#8217;Arx i que, amb els seus crits, haurien avisat els defensors d&#8217;un atac nocturn dels gals. Si aquesta etimologia \u00e9s certa des del punt de vista de la hist\u00f2ria de la llengua \u00e9s una q\u00fcesti\u00f3 oberta; alguns investigadors consideren altres derivacions. La investigaci\u00f3 encara debat la q\u00fcesti\u00f3 avui dia, sense arribar a una conclusi\u00f3 definitiva.<\/p><p>Des del punt de vista de la hist\u00f2ria de les religions resulta interessant l&#8217;estreta vinculaci\u00f3 entre el <span class=\"iwg-fachbegriff\" data-tooltip=\"Un lloc sagrat dedicat a la veneraci\u00f3 d'una divinitat.\" tabindex=\"0\">santuari<\/span> i l&#8217;administraci\u00f3 financera de l&#8217;estat. El fet que la seca es trob\u00e9s precisament a l&#8217;\u00e0mbit d&#8217;un temple de Juno s&#8217;ajusta al patr\u00f3 rom\u00e0 de posar funcions econ\u00f2miques i administratives sota protecci\u00f3 divina.<\/p><p>Juno Moneta va unir aix\u00ed la idea de l&#8217;advert\u00e8ncia divina amb la fiabilitat de la moneda estatal. Aquesta vinculaci\u00f3 va ser tan estable que va perdurar m\u00e9s enll\u00e0 del significat cultual original de l&#8217;ep\u00edtet i encara avui es fa sentir en la hist\u00f2ria conceptual del diner.<\/p>\t\t\t\t\t\t\t\t<\/div>\n\t\t\t\t<\/div>\n\t\t\t\t\t<\/div>\n\t\t\t\t<\/div>\n\t\t<div class=\"elementor-element elementor-element-cpfac58b8 e-flex e-con-boxed e-con e-parent\" data-id=\"cpfac58b8\" data-element_type=\"container\" data-e-type=\"container\">\n\t\t\t\t\t<div class=\"e-con-inner\">\n\t\t\t\t<div class=\"elementor-element elementor-element-cpbca2a57 elementor-widget elementor-widget-heading\" data-id=\"cpbca2a57\" data-element_type=\"widget\" data-e-type=\"widget\" data-widget_type=\"heading.default\">\n\t\t\t\t\t<h2 class=\"elementor-heading-title elementor-size-default\">Juno i la vida femenina: Lucina, Sospita, Matronalia<\/h2>\t\t\t\t<\/div>\n\t\t<div class=\"elementor-element elementor-element-cpd7729e7 e-con-full e-flex e-con e-child\" data-id=\"cpd7729e7\" data-element_type=\"container\" data-e-type=\"container\">\n\t\t\t\t<div class=\"elementor-element elementor-element-cp04c37e1 elementor-widget elementor-widget-text-editor\" data-id=\"cp04c37e1\" data-element_type=\"widget\" data-e-type=\"widget\" data-widget_type=\"text-editor.default\">\n\t\t\t\t\t\t\t\t\t<p>M\u00e9s enll\u00e0 de la seva funci\u00f3 estatal, Juno era la deessa que acompanyava la vida de les dones romanes. En la seva forma d&#8217;<em>Iuno Lucina<\/em> era la deessa protectora del part; el seu <span class=\"iwg-fachbegriff\" data-tooltip=\"Una construcci\u00f3 destinada al culte d'una o diverses divinitats.\" tabindex=\"0\">temple<\/span> a l&#8217;Esquil\u00ed es considerava una fundaci\u00f3 antiga.<\/p><p>Aquest sobrenom va ser relacionat a l&#8217;<span class=\"iwg-fachbegriff\" data-tooltip=\"\u00c8poca de la cultura grega i romana, aproximadament del 800 aC al 600 dC.\" tabindex=\"0\">Antiguitat<\/span> amb <em>lux<\/em>, la llum, \u00e9s a dir, amb el fet de portar el nen a la llum. Les dones embarassades i les pu\u00e8rperes s&#8217;adre\u00e7aven a Juno Lucina, i tamb\u00e9 el vot d&#8217;ajuda en el part formava part del seu \u00e0mbit.<\/p><p>A Lanuvi, una ciutat al sud de Roma, Juno era venerada com <em>Iuno Sospita<\/em>, la salvadora o auxiliadora. La seva <span class=\"iwg-fachbegriff\" data-tooltip=\"Representaci\u00f3 d'una divinitat venerada en un temple o santuari.\" tabindex=\"0\">imatge de culte<\/span> la mostrava en aspecte guerrer, amb pell de cabra, llan\u00e7a i escut, un tipus ben diferent de la reina serena.<\/p><p>Despr\u00e9s de la incorporaci\u00f3 de Lanuvi, Roma va assumir aquest <span class=\"iwg-fachbegriff\" data-tooltip=\"El conjunt d'actes de veneraci\u00f3 religiosa dedicats a una divinitat o figura sagrada.\" tabindex=\"0\">culte<\/span>, i els c\u00f2nsols romans hi sacrificaven regularment. La recerca considera Juno Sospita un bon exemple de com les Junons it\u00e0liques locals, amb un perfil propi, van ser integrades en el sistema rom\u00e0.<\/p><p>La festa m\u00e9s important per a les dones era les <em>Matronalia<\/em>, el 1 de mar\u00e7, aniversari del temple de Juno Lucina. Aquell dia les dones casades resaven per un matrimoni feli\u00e7, rebien regals dels seus marits i oferien dons a Juno. A m\u00e9s hi havia les <em>Nonae Caprotinae<\/em> al juliol, en les quals tamb\u00e9 participaven les esclaves.<\/p><p>Aquestes festes mostren que Juno era experimentada en la vida quotidiana sobretot com a for\u00e7a protectora del matrimoni, del part i del curs vital de les dones.<\/p><p>El te\u00f2leg Georg Wissowa i investigadors posteriors han dedu\u00eft, a partir de la gran quantitat de sobrenoms, que darrere aquesta \u00fanica Juno hi havia origin\u00e0riament diverses deesses regionals, que el <span class=\"iwg-fachbegriff\" data-tooltip=\"El conjunt d'actes de veneraci\u00f3 religiosa dedicats a una divinitat o figura sagrada.\" tabindex=\"0\">culte<\/span> rom\u00e0 va unir en una sola figura amb m\u00faltiples funcions.<\/p>\t\t\t\t\t\t\t\t<\/div>\n\t\t\t\t<\/div>\n\t\t\t\t\t<\/div>\n\t\t\t\t<\/div>\n\t\t<div class=\"elementor-element elementor-element-cp0ebb171 e-flex e-con-boxed e-con e-parent\" data-id=\"cp0ebb171\" data-element_type=\"container\" data-e-type=\"container\">\n\t\t\t\t\t<div class=\"e-con-inner\">\n\t\t\t\t<div class=\"elementor-element elementor-element-cpd857806 elementor-widget elementor-widget-heading\" data-id=\"cpd857806\" data-element_type=\"widget\" data-e-type=\"widget\" data-widget_type=\"heading.default\">\n\t\t\t\t\t<h2 class=\"elementor-heading-title elementor-size-default\">La ira de Juno a l'Eneida<\/h2>\t\t\t\t<\/div>\n\t\t<div class=\"elementor-element elementor-element-cp87920c3 e-con-full e-flex e-con e-child\" data-id=\"cp87920c3\" data-element_type=\"container\" data-e-type=\"container\">\n\t\t\t\t<div class=\"elementor-element elementor-element-cpa758466 elementor-widget elementor-widget-text-editor\" data-id=\"cpa758466\" data-element_type=\"widget\" data-e-type=\"widget\" data-widget_type=\"text-editor.default\">\n\t\t\t\t\t\t\t\t\t<p>La representaci\u00f3 liter\u00e0riament m\u00e9s influent de Juno prov\u00e9 de l&#8217;<em>Eneida<\/em> de Virgili. All\u00e0 \u00e9s la for\u00e7a contr\u00e0ria que impulsa l&#8217;oposici\u00f3 contra Enees i la fundaci\u00f3 de Roma. Ja l&#8217;inici de l&#8217;epopeia esmenta el seu ressentiment implacable, i la famosa expressi\u00f3 sobre les ll\u00e0grimes de les coses apareix en aquest context.<\/p><p>Juno persegueix els troians per terra i mar perqu\u00e8 diverses ofenses ressonen encara en ella: el judici de Paris, el rapte de Ganimedes i el coneixement de la futura destrucci\u00f3 de Cartago, la seva ciutat preferida, per part de Roma.<\/p><p>Juno interv\u00e9 repetidament de manera activa. Fa que el d\u00e9u dels vents, Eol, deslligui una tempesta contra la flota d&#8217;Enees. Afavoreix la relaci\u00f3 entre Enees i Dido per distreure l&#8217;heroi de la seva missi\u00f3. A la segona part de l&#8217;epopeia, atia la guerra al Laci a trav\u00e9s de la f\u00faria Al\u00b7lecto.<\/p><p>Nom\u00e9s cap al final, en una conversa amb J\u00fapiter, deixa la seva resist\u00e8ncia, encara que amb una condici\u00f3: el nom dels troians ha de fondre&#8217;s en el nou poble, i la llengua i els costums del Laci han de perdurar.<\/p><p>Aquesta Juno liter\u00e0ria no s&#8217;ha d&#8217;identificar simplement amb la deessa de culte. Virgili reelabora patrons \u00e8pics m\u00e9s antics, sobretot l&#8217;Hera de la poesia hom\u00e8rica, i configura Juno com la personificaci\u00f3 de la resist\u00e8ncia hist\u00f2rica, que cal superar per\u00f2 tamb\u00e9 reconciliar.<\/p><p>Cient\u00edficament reveladora \u00e9s la condici\u00f3 final: lliga la interpretaci\u00f3 augustea segons la qual Roma sorgeix de la reconciliaci\u00f3 entre el que \u00e9s estranger i el que \u00e9s propi, i Juno mateixa esdev\u00e9 la for\u00e7a protectora del poble unit. L&#8217;<em>Eneida<\/em> ha configurat aix\u00ed la imatge d&#8217;una Juno col\u00e8rica per\u00f2 finalment integrada, que ha determinat la recepci\u00f3 posterior m\u00e9s que qualsevol testimoni de culte concret.<\/p>\t\t\t\t\t\t\t\t<\/div>\n\t\t\t\t<\/div>\n\t\t\t\t\t<\/div>\n\t\t\t\t<\/div>\n\t\t<div class=\"elementor-element elementor-element-cp57f7e5e e-flex e-con-boxed e-con e-parent\" data-id=\"cp57f7e5e\" data-element_type=\"container\" data-e-type=\"container\">\n\t\t\t\t\t<div class=\"e-con-inner\">\n\t\t\t\t<div class=\"elementor-element elementor-element-cp01ee001 elementor-widget elementor-widget-heading\" data-id=\"cp01ee001\" data-element_type=\"widget\" data-e-type=\"widget\" data-widget_type=\"heading.default\">\n\t\t\t\t\t<h2 class=\"elementor-heading-title elementor-size-default\">L'esperit Juno i l'etimologia del nom<\/h2>\t\t\t\t<\/div>\n\t\t<div class=\"elementor-element elementor-element-cp2d54751 e-con-full e-flex e-con e-child\" data-id=\"cp2d54751\" data-element_type=\"container\" data-e-type=\"container\">\n\t\t\t\t<div class=\"elementor-element elementor-element-cpf6a9e00 elementor-widget elementor-widget-text-editor\" data-id=\"cpf6a9e00\" data-element_type=\"widget\" data-e-type=\"widget\" data-widget_type=\"text-editor.default\">\n\t\t\t\t\t\t\t\t\t<p>Una idea peculiar de la religi\u00f3 romana vincula Juno amb l&#8217;esperit protector personal de la dona. Mentre que cada home tenia el seu <em>Genius<\/em>, una for\u00e7a divina acompanyant lligada al seu dia de naixement i a la seva capacitat generativa, cada dona tenia la seva <em>Iuno<\/em>. Aquesta Juno personal era venerada el dia del naixement de la dona.<\/p><p>El paral\u00b7lelisme entre Genius i Juno suggereix que el nom Juno estava estretament lligat a la for\u00e7a vital i a l&#8217;inici de la vida.<\/p><p>Precisament aqu\u00ed comen\u00e7a l&#8217;etimologia. Una interpretaci\u00f3 estesa en la recerca relaciona el nom <em>Iuno<\/em> amb una arrel indoeuropea que significa for\u00e7a vital o for\u00e7a jove, present tamb\u00e9 en el llat\u00ed <em>iuvenis<\/em>, el jove.<\/p><p>Juno seria, doncs, origin\u00e0riament la pot\u00e8ncia de la for\u00e7a vital juvenil, cosa que concordaria tant amb el seu paper d&#8217;esperit protector personal de la dona com amb la seva compet\u00e8ncia sobre el part i el matrimoni. Aquesta derivaci\u00f3 no est\u00e0 demostrada amb certesa, per\u00f2 es considera la m\u00e9s plausible.<\/p><p>Tamb\u00e9 el nom del mes de juny es relaciona tradicionalment amb Juno, encara que els mateixos autors antics oscil\u00b7laven i alguns proposaven una derivaci\u00f3 d&#8217;<em>iuniores<\/em>, els ciutadans m\u00e9s joves. Aquesta incertesa \u00e9s t\u00edpica: ja els erudits romans de la Rep\u00fablica tardana i de l&#8217;\u00e8poca imperial, com Varr\u00f3, recollien explicacions en compet\u00e8ncia sense decidir-se.<\/p><p>Per a la <span class=\"iwg-fachbegriff\" data-tooltip=\"La ci\u00e8ncia que estudia les religions de manera comparativa i sense comprom\u00eds de fe.\" tabindex=\"0\">ci\u00e8ncia de la religi\u00f3<\/span> moderna, precisament aquesta multiplicitat resulta reveladora. Juno apareix com una <span class=\"iwg-fachbegriff\" data-tooltip=\"Un \u00e9sser venerat com a div\u00ed dins d'una religi\u00f3.\" tabindex=\"0\">divinitat<\/span> el nom, les funcions i els sobrenoms de la qual es van anar condensant al llarg de segles a partir de m\u00faltiples fonts, des de la for\u00e7a vital personal de cada dona fins a la reina del culte estatal al Capitoli.<\/p>\t\t\t\t\t\t\t\t<\/div>\n\t\t\t\t<\/div>\n\t\t\t\t\t<\/div>\n\t\t\t\t<\/div>\n\t\t<div class=\"elementor-element elementor-element-36dd7469 e-flex e-con-boxed e-con e-parent\" data-id=\"36dd7469\" data-element_type=\"container\" data-e-type=\"container\">\n\t\t\t\t\t<div class=\"e-con-inner\">\n\t\t\t\t<div class=\"elementor-element elementor-element-13760ab4 elementor-widget elementor-widget-heading\" data-id=\"13760ab4\" data-element_type=\"widget\" data-e-type=\"widget\" data-widget_type=\"heading.default\">\n\t\t\t\t\t<h2 class=\"elementor-heading-title elementor-size-default\">Enlla\u00e7os relacionats<\/h2>\t\t\t\t<\/div>\n\t\t<div class=\"elementor-element elementor-element-28c87796 e-con-full e-flex e-con e-child\" data-id=\"28c87796\" data-element_type=\"container\" data-e-type=\"container\">\n\t\t\t\t<div class=\"elementor-element elementor-element-5d6538df elementor-widget elementor-widget-text-editor\" data-id=\"5d6538df\" data-element_type=\"widget\" data-e-type=\"widget\" data-widget_type=\"text-editor.default\">\n\t\t\t\t\t\t\t\t\t<ul><li><a href=\"https:\/\/iwell-guard.com\/ca\/roma\/\">Roma, Cultura<\/a><\/li><li><a href=\"https:\/\/iwell-guard.com\/ca\/?page_id=171569\">Frigg, analogia de deesses germ\u00e0niques<\/a><\/li><\/ul>\t\t\t\t\t\t\t\t<\/div>\n\t\t\t\t<\/div>\n\t\t\t\t\t<\/div>\n\t\t\t\t<\/div>\n\t\t<div class=\"elementor-element elementor-element-grl4kl40 e-flex e-con-boxed e-con e-parent\" data-id=\"grl4kl40\" data-element_type=\"container\" data-e-type=\"container\">\n\t\t\t\t\t<div class=\"e-con-inner\">\n\t\t\t\t<div class=\"elementor-element elementor-element-bzsbfrmh elementor-widget elementor-widget-heading\" data-id=\"bzsbfrmh\" data-element_type=\"widget\" data-e-type=\"widget\" data-widget_type=\"heading.default\">\n\t\t\t\t\t<h2 class=\"elementor-heading-title elementor-size-default\">Bibliografia (selecci\u00f3)<\/h2>\t\t\t\t<\/div>\n\t\t<div class=\"elementor-element elementor-element-2c13224a e-con-full e-flex e-con e-child\" data-id=\"2c13224a\" data-element_type=\"container\" data-e-type=\"container\">\n\t\t\t\t<div class=\"elementor-element elementor-element-0eymh9ub elementor-widget elementor-widget-text-editor\" data-id=\"0eymh9ub\" data-element_type=\"widget\" data-e-type=\"widget\" data-widget_type=\"text-editor.default\">\n\t\t\t\t\t\t\t\t\t<footer class=\"iwg-literatur\" data-nosnippet=\"true\"><ul><li><span data-nosnippet>Beard, Mary \/ North, John \/ Price, Simon: <em>Religions of Rome. A History<\/em>. Cambridge University Press, 1998.<\/span><\/li><li><span data-nosnippet>Scheid, John: <em>An Introduction to Roman Religion<\/em>. Edinburgh University Press, 2003.<\/span><\/li><li><span data-nosnippet>Dum\u00e9zil, Georges: <em>Archaic Roman Religion<\/em>. 2 volums, University of Chicago Press, 1970.<\/span><\/li><li><span data-nosnippet>Latte, Kurt: <em>R\u00f6mische Religionsgeschichte<\/em>. C.H. Beck, 1960.<\/span><\/li><\/ul><\/footer>\t\t\t\t\t\t\t\t<\/div>\n\t\t\t\t<\/div>\n\t\t\t\t\t<\/div>\n\t\t\t\t<\/div>\n\t\t\t\t<\/div>\n\t\t","protected":false},"excerpt":{"rendered":"","protected":false},"author":3,"featured_media":1645,"parent":0,"menu_order":0,"comment_status":"closed","ping_status":"closed","template":"elementor_header_footer","meta":{"_yoast_wpseo_focuskw":"Juno","_yoast_wpseo_title":"Juno \u2013 deessa romana del matrimoni i protectora","_yoast_wpseo_metadesc":"La transmissi\u00f3 escrita sobre Juno es remunta diversos segles enrere, amb tota probabilitat","_yoast_wpseo_meta-robots-noindex":"","_yoast_wpseo_canonical":"","_angie_page":false,"gefaehrdungsstufe":"2","wesen_kultur":"rom","wesen_klasse":"goetter","footnotes":""},"categories":[],"class_list":["post-171587","page","type-page","status-publish","has-post-thumbnail","hentry"],"yoast_head":"<!-- This site is optimized with the Yoast SEO Premium plugin v27.7 (Yoast SEO v28.3) - https:\/\/yoast.com\/product\/yoast-seo-premium-wordpress\/ -->\n<title>Juno \u2013 deessa romana del matrimoni i protectora<\/title>\n<meta name=\"description\" content=\"La transmissi\u00f3 escrita sobre Juno es remunta diversos segles enrere, amb tota probabilitat\" \/>\n<meta name=\"robots\" content=\"index, follow, max-snippet:-1, max-image-preview:large, max-video-preview:-1\" \/>\n<link rel=\"canonical\" href=\"https:\/\/iwell-guard.com\/ca\/juno\/\" \/>\n<meta property=\"og:locale\" content=\"ca_ES\" \/>\n<meta property=\"og:type\" content=\"article\" \/>\n<meta property=\"og:title\" content=\"Juno\" \/>\n<meta property=\"og:description\" content=\"La transmissi\u00f3 escrita sobre Juno es remunta diversos segles enrere, amb tota probabilitat\" \/>\n<meta property=\"og:url\" content=\"https:\/\/iwell-guard.com\/ca\/juno\/\" \/>\n<meta property=\"og:site_name\" content=\"iWell Guard\" \/>\n<meta property=\"article:modified_time\" content=\"2026-09-05T16:01:50+00:00\" \/>\n<meta property=\"og:image\" content=\"https:\/\/iwell-guard.com\/wp-content\/uploads\/2026\/04\/goetter_rom_juno.webp\" \/>\n\t<meta property=\"og:image:width\" content=\"1024\" \/>\n\t<meta property=\"og:image:height\" content=\"1536\" \/>\n\t<meta property=\"og:image:type\" content=\"image\/webp\" \/>\n<meta name=\"twitter:card\" content=\"summary_large_image\" \/>\n<script type=\"application\/ld+json\" class=\"yoast-schema-graph\">{\"@context\":\"https:\\\/\\\/schema.org\",\"@graph\":[{\"@type\":\"WebPage\",\"@id\":\"https:\\\/\\\/iwell-guard.com\\\/ca\\\/juno\\\/\",\"url\":\"https:\\\/\\\/iwell-guard.com\\\/ca\\\/juno\\\/\",\"name\":\"Juno \u2013 deessa romana del matrimoni i protectora\",\"isPartOf\":{\"@id\":\"https:\\\/\\\/iwell-guard.com\\\/ca\\\/#website\"},\"primaryImageOfPage\":{\"@id\":\"https:\\\/\\\/iwell-guard.com\\\/ca\\\/juno\\\/#primaryimage\"},\"image\":{\"@id\":\"https:\\\/\\\/iwell-guard.com\\\/ca\\\/juno\\\/#primaryimage\"},\"thumbnailUrl\":\"https:\\\/\\\/iwell-guard.com\\\/wp-content\\\/uploads\\\/2026\\\/04\\\/goetter_rom_juno.webp\",\"datePublished\":\"2026-09-05T15:40:39+00:00\",\"dateModified\":\"2026-09-05T16:01:50+00:00\",\"description\":\"La transmissi\u00f3 escrita sobre Juno es remunta diversos segles enrere, amb tota probabilitat\",\"breadcrumb\":{\"@id\":\"https:\\\/\\\/iwell-guard.com\\\/ca\\\/juno\\\/#breadcrumb\"},\"inLanguage\":\"ca\",\"potentialAction\":[{\"@type\":\"ReadAction\",\"target\":[\"https:\\\/\\\/iwell-guard.com\\\/ca\\\/juno\\\/\"]}]},{\"@type\":\"ImageObject\",\"inLanguage\":\"ca\",\"@id\":\"https:\\\/\\\/iwell-guard.com\\\/ca\\\/juno\\\/#primaryimage\",\"url\":\"https:\\\/\\\/iwell-guard.com\\\/wp-content\\\/uploads\\\/2026\\\/04\\\/goetter_rom_juno.webp\",\"contentUrl\":\"https:\\\/\\\/iwell-guard.com\\\/wp-content\\\/uploads\\\/2026\\\/04\\\/goetter_rom_juno.webp\",\"width\":1024,\"height\":1536,\"caption\":\"D\u00e9us de la tradici\u00f3 romana.\"},{\"@type\":\"BreadcrumbList\",\"@id\":\"https:\\\/\\\/iwell-guard.com\\\/ca\\\/juno\\\/#breadcrumb\",\"itemListElement\":[{\"@type\":\"ListItem\",\"position\":1,\"name\":\"Start\",\"item\":\"https:\\\/\\\/iwell-guard.com\\\/ca\\\/?page_id=171333\"},{\"@type\":\"ListItem\",\"position\":2,\"name\":\"Juno\"}]},{\"@type\":\"WebSite\",\"@id\":\"https:\\\/\\\/iwell-guard.com\\\/ca\\\/#website\",\"url\":\"https:\\\/\\\/iwell-guard.com\\\/ca\\\/\",\"name\":\"iWell Guard\",\"description\":\"Schutz vor dunklen Einfl\u00fcssen\",\"publisher\":{\"@id\":\"https:\\\/\\\/iwell-guard.com\\\/ca\\\/#organization\"},\"potentialAction\":[{\"@type\":\"SearchAction\",\"target\":{\"@type\":\"EntryPoint\",\"urlTemplate\":\"https:\\\/\\\/iwell-guard.com\\\/ca\\\/?s={search_term_string}\"},\"query-input\":{\"@type\":\"PropertyValueSpecification\",\"valueRequired\":true,\"valueName\":\"search_term_string\"}}],\"inLanguage\":\"ca\"},{\"@type\":\"Organization\",\"@id\":\"https:\\\/\\\/iwell-guard.com\\\/ca\\\/#organization\",\"name\":\"Ittermann electronic GmbH\",\"url\":\"https:\\\/\\\/iwell-guard.com\\\/ca\\\/\",\"logo\":{\"@type\":\"ImageObject\",\"inLanguage\":\"ca\",\"@id\":\"https:\\\/\\\/iwell-guard.com\\\/ca\\\/#\\\/schema\\\/logo\\\/image\\\/\",\"url\":\"https:\\\/\\\/iwell-guard.com\\\/wp-content\\\/uploads\\\/2026\\\/05\\\/Ittermann-Logo-1182x237-1.png\",\"contentUrl\":\"https:\\\/\\\/iwell-guard.com\\\/wp-content\\\/uploads\\\/2026\\\/05\\\/Ittermann-Logo-1182x237-1.png\",\"width\":1182,\"height\":237,\"caption\":\"Ittermann electronic GmbH\"},\"image\":{\"@id\":\"https:\\\/\\\/iwell-guard.com\\\/ca\\\/#\\\/schema\\\/logo\\\/image\\\/\"},\"sameAs\":[\"https:\\\/\\\/pantip.com\\\/profile\\\/9367242\",\"https:\\\/\\\/micro.blog\\\/iwellguard\",\"https:\\\/\\\/www.diggerslist.com\\\/iwellguard\\\/about\",\"https:\\\/\\\/skitterphoto.com\\\/photographers\\\/2870314\\\/iwell-guard\",\"https:\\\/\\\/iwellguard.wordpress.com\\\/2026\\\/06\\\/06\\\/iwell-guard\\\/\",\"https:\\\/\\\/hub.docker.com\\\/u\\\/iwellguard\",\"https:\\\/\\\/www.pinterest.com\\\/iwellguard\\\/\",\"https:\\\/\\\/bit.ly\\\/m\\\/iwellguard\",\"https:\\\/\\\/entre-vos-mains.alsace.eu\\\/profiles\\\/iwellguard\\\/activity\",\"https:\\\/\\\/gravatar.com\\\/reallybeded8fd34\",\"https:\\\/\\\/naijamatta.com\\\/iwellguard\",\"https:\\\/\\\/www.goodreads.com\\\/iwellguard\",\"https:\\\/\\\/profile.hatena.ne.jp\\\/iwellguard\\\/\",\"https:\\\/\\\/experiment.com\\\/users\\\/iwellguard\",\"https:\\\/\\\/wakelet.com\\\/@iWellGuard82270\",\"https:\\\/\\\/www.chordie.com\\\/forum\\\/profile.php?id=2555664\",\"https:\\\/\\\/www.instapaper.com\\\/p\\\/17757966\",\"https:\\\/\\\/www.mapleprimes.com\\\/users\\\/iwellguard\",\"https:\\\/\\\/businesslistingplus.com\\\/profile\\\/iwell-guard\\\/\",\"https:\\\/\\\/telegra.ph\\\/iWell-Guard-06-06\",\"https:\\\/\\\/pbase.com\\\/iwellguard\\\/iwellguard\",\"https:\\\/\\\/b.hatena.ne.jp\\\/iwellguard\\\/20260607#bookmark-4788405196491818882\",\"https:\\\/\\\/fliphtml5.com\\\/home\\\/iwellguard\",\"https:\\\/\\\/anyflip.com\\\/homepage\\\/cmiwl#About\",\"https:\\\/\\\/transfur.com\\\/Users\\\/iwellguard\",\"http:\\\/\\\/delphi.larsbo.org\\\/user\\\/iwellguard\",\"https:\\\/\\\/jobs.lajobsportal.org\\\/profiles\\\/8380803-iwell-guard\",\"https:\\\/\\\/md.chaosdorf.de\\\/s\\\/jfbe5SBdJD\",\"https:\\\/\\\/www.lingvolive.com\\\/en-us\\\/profile\\\/9ecaeaca-ce11-4e51-9e71-01d55e2bff36\\\/translations\",\"https:\\\/\\\/www.fitday.com\\\/fitness\\\/forums\\\/members\\\/iwellguard.html\",\"https:\\\/\\\/www.mymeetbook.com\\\/iwellguard\",\"https:\\\/\\\/pxhere.com\\\/en\\\/photographer-me\\\/5040798\",\"https:\\\/\\\/disqus.com\\\/by\\\/iwellguard\\\/about\\\/\",\"https:\\\/\\\/pastelink.net\\\/hjwciqwq\",\"https:\\\/\\\/pubhtml5.com\\\/homepage\\\/scjhn\\\/\",\"https:\\\/\\\/www.bitchute.com\\\/channel\\\/2O2eOKzNqujT\",\"https:\\\/\\\/audiomack.com\\\/iwellguard\"]},{\"@type\":\"Article\",\"@id\":\"https:\\\/\\\/iwell-guard.com\\\/ca\\\/juno\\\/#article\",\"isPartOf\":{\"@id\":\"https:\\\/\\\/iwell-guard.com\\\/ca\\\/juno\\\/\"},\"author\":{\"name\":\"Ralf Ittermann\",\"@id\":\"https:\\\/\\\/iwell-guard.com\\\/ca\\\/#\\\/schema\\\/person\\\/ee2a27f1cac3406c7c6fb5820cb7349f\"},\"headline\":\"Juno\",\"datePublished\":\"2026-09-05T15:40:39+00:00\",\"dateModified\":\"2026-09-05T16:01:50+00:00\",\"mainEntityOfPage\":{\"@id\":\"https:\\\/\\\/iwell-guard.com\\\/ca\\\/juno\\\/\"},\"publisher\":{\"@id\":\"https:\\\/\\\/iwell-guard.com\\\/ca\\\/#organization\"},\"image\":{\"@id\":\"https:\\\/\\\/iwell-guard.com\\\/ca\\\/juno\\\/#primaryimage\"},\"thumbnailUrl\":\"https:\\\/\\\/iwell-guard.com\\\/wp-content\\\/uploads\\\/2026\\\/04\\\/goetter_rom_juno.webp\",\"inLanguage\":\"ca\",\"description\":\"La transmissi\u00f3 escrita sobre Juno es remunta diversos segles enrere, amb tota probabilitat\"}]}<\/script>\n<!-- \/ Yoast SEO Premium plugin. -->","yoast_head_json":{"title":"Juno \u2013 deessa romana del matrimoni i protectora","description":"La transmissi\u00f3 escrita sobre Juno es remunta diversos segles enrere, amb tota probabilitat","robots":{"index":"index","follow":"follow","max-snippet":"max-snippet:-1","max-image-preview":"max-image-preview:large","max-video-preview":"max-video-preview:-1"},"canonical":"https:\/\/iwell-guard.com\/ca\/juno\/","og_locale":"ca_ES","og_type":"article","og_title":"Juno","og_description":"La transmissi\u00f3 escrita sobre Juno es remunta diversos segles enrere, amb tota probabilitat","og_url":"https:\/\/iwell-guard.com\/ca\/juno\/","og_site_name":"iWell Guard","article_modified_time":"2026-09-05T16:01:50+00:00","og_image":[{"width":1024,"height":1536,"url":"https:\/\/iwell-guard.com\/wp-content\/uploads\/2026\/04\/goetter_rom_juno.webp","type":"image\/webp"}],"twitter_card":"summary_large_image","schema":{"@context":"https:\/\/schema.org","@graph":[{"@type":"Article","@id":"https:\/\/iwell-guard.com\/ca\/juno\/#article","isPartOf":{"@id":"https:\/\/iwell-guard.com\/ca\/juno\/"},"author":{"name":"Ralf Ittermann","@id":"https:\/\/iwell-guard.com\/ca\/#\/schema\/person\/ee2a27f1cac3406c7c6fb5820cb7349f"},"headline":"Juno","datePublished":"2026-09-05T15:40:39+00:00","dateModified":"2026-09-05T16:01:50+00:00","mainEntityOfPage":{"@id":"https:\/\/iwell-guard.com\/ca\/juno\/"},"publisher":{"@id":"https:\/\/iwell-guard.com\/ca\/#organization"},"image":{"@id":"https:\/\/iwell-guard.com\/ca\/juno\/#primaryimage"},"thumbnailUrl":"https:\/\/iwell-guard.com\/wp-content\/uploads\/2026\/04\/goetter_rom_juno.webp","inLanguage":"ca","description":"La transmissi\u00f3 escrita sobre Juno es remunta diversos segles enrere, amb tota probabilitat"},{"@type":"WebPage","@id":"https:\/\/iwell-guard.com\/ca\/juno\/","url":"https:\/\/iwell-guard.com\/ca\/juno\/","name":"Juno \u2013 deessa romana del matrimoni i protectora","isPartOf":{"@id":"https:\/\/iwell-guard.com\/ca\/#website"},"primaryImageOfPage":{"@id":"https:\/\/iwell-guard.com\/ca\/juno\/#primaryimage"},"image":{"@id":"https:\/\/iwell-guard.com\/ca\/juno\/#primaryimage"},"thumbnailUrl":"https:\/\/iwell-guard.com\/wp-content\/uploads\/2026\/04\/goetter_rom_juno.webp","datePublished":"2026-09-05T15:40:39+00:00","dateModified":"2026-09-05T16:01:50+00:00","description":"La transmissi\u00f3 escrita sobre Juno es remunta diversos segles enrere, amb tota probabilitat","breadcrumb":{"@id":"https:\/\/iwell-guard.com\/ca\/juno\/#breadcrumb"},"inLanguage":"ca","potentialAction":[{"@type":"ReadAction","target":["https:\/\/iwell-guard.com\/ca\/juno\/"]}]},{"@type":"ImageObject","inLanguage":"ca","@id":"https:\/\/iwell-guard.com\/ca\/juno\/#primaryimage","url":"https:\/\/iwell-guard.com\/wp-content\/uploads\/2026\/04\/goetter_rom_juno.webp","contentUrl":"https:\/\/iwell-guard.com\/wp-content\/uploads\/2026\/04\/goetter_rom_juno.webp","width":1024,"height":1536,"caption":"D\u00e9us de la tradici\u00f3 romana."},{"@type":"BreadcrumbList","@id":"https:\/\/iwell-guard.com\/ca\/juno\/#breadcrumb","itemListElement":[{"@type":"ListItem","position":1,"name":"Start","item":"https:\/\/iwell-guard.com\/ca\/?page_id=171333"},{"@type":"ListItem","position":2,"name":"Juno"}]},{"@type":"WebSite","@id":"https:\/\/iwell-guard.com\/ca\/#website","url":"https:\/\/iwell-guard.com\/ca\/","name":"iWell Guard","description":"Schutz vor dunklen Einfl\u00fcssen","publisher":{"@id":"https:\/\/iwell-guard.com\/ca\/#organization"},"potentialAction":[{"@type":"SearchAction","target":{"@type":"EntryPoint","urlTemplate":"https:\/\/iwell-guard.com\/ca\/?s={search_term_string}"},"query-input":{"@type":"PropertyValueSpecification","valueRequired":true,"valueName":"search_term_string"}}],"inLanguage":"ca"},{"@type":"Organization","@id":"https:\/\/iwell-guard.com\/ca\/#organization","name":"Ittermann electronic GmbH","url":"https:\/\/iwell-guard.com\/ca\/","logo":{"@type":"ImageObject","inLanguage":"ca","@id":"https:\/\/iwell-guard.com\/ca\/#\/schema\/logo\/image\/","url":"https:\/\/iwell-guard.com\/wp-content\/uploads\/2026\/05\/Ittermann-Logo-1182x237-1.png","contentUrl":"https:\/\/iwell-guard.com\/wp-content\/uploads\/2026\/05\/Ittermann-Logo-1182x237-1.png","width":1182,"height":237,"caption":"Ittermann electronic GmbH"},"image":{"@id":"https:\/\/iwell-guard.com\/ca\/#\/schema\/logo\/image\/"},"sameAs":["https:\/\/pantip.com\/profile\/9367242","https:\/\/micro.blog\/iwellguard","https:\/\/www.diggerslist.com\/iwellguard\/about","https:\/\/skitterphoto.com\/photographers\/2870314\/iwell-guard","https:\/\/iwellguard.wordpress.com\/2026\/06\/06\/iwell-guard\/","https:\/\/hub.docker.com\/u\/iwellguard","https:\/\/www.pinterest.com\/iwellguard\/","https:\/\/bit.ly\/m\/iwellguard","https:\/\/entre-vos-mains.alsace.eu\/profiles\/iwellguard\/activity","https:\/\/gravatar.com\/reallybeded8fd34","https:\/\/naijamatta.com\/iwellguard","https:\/\/www.goodreads.com\/iwellguard","https:\/\/profile.hatena.ne.jp\/iwellguard\/","https:\/\/experiment.com\/users\/iwellguard","https:\/\/wakelet.com\/@iWellGuard82270","https:\/\/www.chordie.com\/forum\/profile.php?id=2555664","https:\/\/www.instapaper.com\/p\/17757966","https:\/\/www.mapleprimes.com\/users\/iwellguard","https:\/\/businesslistingplus.com\/profile\/iwell-guard\/","https:\/\/telegra.ph\/iWell-Guard-06-06","https:\/\/pbase.com\/iwellguard\/iwellguard","https:\/\/b.hatena.ne.jp\/iwellguard\/20260607#bookmark-4788405196491818882","https:\/\/fliphtml5.com\/home\/iwellguard","https:\/\/anyflip.com\/homepage\/cmiwl#About","https:\/\/transfur.com\/Users\/iwellguard","http:\/\/delphi.larsbo.org\/user\/iwellguard","https:\/\/jobs.lajobsportal.org\/profiles\/8380803-iwell-guard","https:\/\/md.chaosdorf.de\/s\/jfbe5SBdJD","https:\/\/www.lingvolive.com\/en-us\/profile\/9ecaeaca-ce11-4e51-9e71-01d55e2bff36\/translations","https:\/\/www.fitday.com\/fitness\/forums\/members\/iwellguard.html","https:\/\/www.mymeetbook.com\/iwellguard","https:\/\/pxhere.com\/en\/photographer-me\/5040798","https:\/\/disqus.com\/by\/iwellguard\/about\/","https:\/\/pastelink.net\/hjwciqwq","https:\/\/pubhtml5.com\/homepage\/scjhn\/","https:\/\/www.bitchute.com\/channel\/2O2eOKzNqujT","https:\/\/audiomack.com\/iwellguard"]},{"@type":"Person","@id":"https:\/\/iwell-guard.com\/ca\/#\/schema\/person\/ee2a27f1cac3406c7c6fb5820cb7349f","name":"Ralf Ittermann","image":{"@type":"ImageObject","inLanguage":"ca","@id":"https:\/\/secure.gravatar.com\/avatar\/073c0153e350a5005b68eb752b445fea71f6b24a26da9449ad7e155e6b446c9d?s=96&d=mm&r=g","url":"https:\/\/secure.gravatar.com\/avatar\/073c0153e350a5005b68eb752b445fea71f6b24a26da9449ad7e155e6b446c9d?s=96&d=mm&r=g","contentUrl":"https:\/\/secure.gravatar.com\/avatar\/073c0153e350a5005b68eb752b445fea71f6b24a26da9449ad7e155e6b446c9d?s=96&d=mm&r=g","caption":"Ralf Ittermann"},"givenName":"Ralf","familyName":"Ittermann","jobTitle":"Gesch\u00e4ftsf\u00fchrer und redaktioneller Verantwortlicher","url":"https:\/\/iwell-guard.com\/ca\/author\/claude\/","description":"Ralf Ittermann ist Gesch\u00e4ftsf\u00fchrer der Ittermann electronic GmbH und redaktioneller Verantwortlicher des iWell-Guard-Lexikons. Er verbindet langj\u00e4hrige Erfahrung in der Pr\u00e4zisionsfertigung mit medialer Praxis und religionsgeschichtlicher Quellenarbeit.","worksFor":{"@type":"Organization","name":"Ittermann electronic GmbH","url":"https:\/\/ittermann.de\/","address":{"@type":"PostalAddress","streetAddress":"K\u00f6hlergasse 16-18","postalCode":"99842","addressLocality":"Ruhla","addressCountry":"DE"}},"knowsAbout":["Religionsgeschichte","Mythologie","Mediale Praxis","Energetische Diagnostik","Schutzpraxis","Volksglauben","Westliche Esoterik"]},{"@type":"Article","@id":"https:\/\/iwell-guard.com\/ca\/juno\/#article","isPartOf":{"@id":"https:\/\/iwell-guard.com\/ca\/juno\/"},"author":{"name":"Ralf Ittermann","@id":"https:\/\/iwell-guard.com\/ca\/#\/schema\/person\/ee2a27f1cac3406c7c6fb5820cb7349f"},"headline":"Juno","datePublished":"2026-09-05T15:40:39+00:00","dateModified":"2026-09-05T16:01:50+00:00","mainEntityOfPage":{"@id":"https:\/\/iwell-guard.com\/ca\/juno\/"},"publisher":{"@id":"https:\/\/iwell-guard.com\/ca\/#organization"},"image":{"@id":"https:\/\/iwell-guard.com\/ca\/juno\/#primaryimage"},"thumbnailUrl":"https:\/\/iwell-guard.com\/wp-content\/uploads\/2026\/04\/goetter_rom_juno.webp","inLanguage":"ca","description":"La transmissi\u00f3 escrita sobre Juno es remunta diversos segles enrere, amb tota probabilitat"}]}},"_links":{"self":[{"href":"https:\/\/iwell-guard.com\/ca\/wp-json\/wp\/v2\/pages\/171587","targetHints":{"allow":["GET"]}}],"collection":[{"href":"https:\/\/iwell-guard.com\/ca\/wp-json\/wp\/v2\/pages"}],"about":[{"href":"https:\/\/iwell-guard.com\/ca\/wp-json\/wp\/v2\/types\/page"}],"author":[{"embeddable":true,"href":"https:\/\/iwell-guard.com\/ca\/wp-json\/wp\/v2\/users\/3"}],"replies":[{"embeddable":true,"href":"https:\/\/iwell-guard.com\/ca\/wp-json\/wp\/v2\/comments?post=171587"}],"version-history":[{"count":0,"href":"https:\/\/iwell-guard.com\/ca\/wp-json\/wp\/v2\/pages\/171587\/revisions"}],"wp:featuredmedia":[{"embeddable":true,"href":"https:\/\/iwell-guard.com\/ca\/wp-json\/wp\/v2\/media\/1645"}],"wp:attachment":[{"href":"https:\/\/iwell-guard.com\/ca\/wp-json\/wp\/v2\/media?parent=171587"}],"wp:term":[{"taxonomy":"category","embeddable":true,"href":"https:\/\/iwell-guard.com\/ca\/wp-json\/wp\/v2\/categories?post=171587"}],"curies":[{"name":"wp","href":"https:\/\/api.w.org\/{rel}","templated":true}]}}