{"id":171585,"date":"2026-09-05T15:40:38","date_gmt":"2026-09-05T15:40:38","guid":{"rendered":"https:\/\/iwell-guard.com\/?page_id=171585"},"modified":"2026-09-05T16:01:46","modified_gmt":"2026-09-05T16:01:46","slug":"manannan-mac-lir","status":"publish","type":"page","link":"https:\/\/iwell-guard.com\/ca\/manannan-mac-lir\/","title":{"rendered":"Manannan mac Lir"},"content":{"rendered":"\t\t<div data-elementor-type=\"wp-page\" data-elementor-id=\"171585\" class=\"elementor elementor-171585 elementor-2127 elementor-bc-flex-widget\" data-elementor-post-type=\"page\">\n\t\t\t\t<div class=\"elementor-element elementor-element-10fdade e-flex e-con-boxed e-con e-parent\" data-id=\"10fdade\" data-element_type=\"container\" data-e-type=\"container\" data-settings=\"{&quot;background_background&quot;:&quot;classic&quot;}\">\n\t\t\t\t\t<div class=\"e-con-inner\">\n\t\t<div class=\"elementor-element elementor-element-herohlft0 e-flex e-con-boxed e-con e-child\" data-id=\"herohlft0\" data-element_type=\"container\" data-e-type=\"container\">\n\t\t\t\t\t<div class=\"e-con-inner\">\n\t\t<div class=\"elementor-element elementor-element-c3ceb64 e-con-full e-flex e-con e-child\" data-id=\"c3ceb64\" data-element_type=\"container\" data-e-type=\"container\">\n\t\t\t\t<div class=\"elementor-element elementor-element-96ae5e1 elementor-widget elementor-widget-heading\" data-id=\"96ae5e1\" data-element_type=\"widget\" data-e-type=\"widget\" data-widget_type=\"heading.default\">\n\t\t\t\t\t<h1 class=\"elementor-heading-title elementor-size-default\">Manannan Mac Lir, d\u00e9u de la tradici\u00f3 c\u00e8ltica<\/h1>\t\t\t\t<\/div>\n\t\t\t\t<div class=\"elementor-element elementor-element-e45238a elementor-widget elementor-widget-text-editor\" data-id=\"e45238a\" data-element_type=\"widget\" data-e-type=\"widget\" data-widget_type=\"text-editor.default\">\n\t\t\t\t\t\t\t\t\t<p>Manannan mac Lir \u00e9s el d\u00e9u de la tradici\u00f3 c\u00e8ltica, senyor del mar i de l&#8217;Altre M\u00f3n (T\u00edr na n\u00d3g), d\u00e9u protector dels llindars i de les esferes espirituals. Des del punt de vista de la hist\u00f2ria de les religions, representa el tipus indoeuropeu del d\u00e9u de les fronteres i de les aig\u00fces, i \u00e9s central per al concepte insular-c\u00e8ltic dels mons \u00abde l&#8217;altra banda\u00bb.<\/p>\t\t\t\t\t\t\t\t<\/div>\n\t\t\t\t<\/div>\n\t\t<div class=\"elementor-element elementor-element-klsbdg01 e-con-full e-flex e-con e-parent\" data-id=\"klsbdg01\" data-element_type=\"container\" data-e-type=\"container\">\n\t\t\t\t<div class=\"elementor-element elementor-element-klshtm01 elementor-widget elementor-widget-html\" data-id=\"klshtm01\" data-element_type=\"widget\" data-e-type=\"widget\" data-widget_type=\"html.default\">\n\t\t\t\t\t<div class=\"iwg-pill-row\"><span class=\"iwg-klasse-badge\" tabindex=\"0\" data-tooltip=\"D\u00e9u \/ Deessa: Poder suprem personificat en el pante\u00f3 d'una cultura, amb \u00e0mbits d'actuaci\u00f3 clars, forces de la natura, dest\u00ed, guerra, fertilitat. Venerat mitjan\u00e7ant cultes, ofrenes i institucions de temple.\">D\u00e9u<\/span><a href=\"https:\/\/iwell-guard.com\/ca\/?page_id=171367\" class=\"iwg-kultur-badge\" tabindex=\"0\" data-tooltip=\"Religi\u00f3 c\u00e8ltica de l'Europa occidental i les illes Brit\u00e0niques, transmesa mitol\u00f2gicament a trav\u00e9s de textos irlandesos i gal\u00b7lesos.\">C\u00e8ltic<\/a><\/div>\t\t\t\t<\/div>\n\t\t\t\t<\/div>\n\t\t<div class=\"elementor-element elementor-element-3f74855 e-con-full e-flex e-con e-child\" data-id=\"3f74855\" data-element_type=\"container\" data-e-type=\"container\">\n\t\t\t\t<div class=\"elementor-element elementor-element-1c30362 elementor-toc--minimized-on-tablet elementor-widget elementor-widget-table-of-contents\" data-id=\"1c30362\" data-element_type=\"widget\" data-e-type=\"widget\" data-settings=\"{&quot;exclude_headings_by_selector&quot;:[],&quot;no_headings_message&quot;:&quot;No s&#039;ha trobat cap encap\\u00e7alament en aquesta p\\u00e0gina.&quot;,&quot;headings_by_tags&quot;:[&quot;h2&quot;,&quot;h3&quot;],&quot;marker_view&quot;:&quot;bullets&quot;,&quot;minimize_box&quot;:&quot;yes&quot;,&quot;icon&quot;:{&quot;value&quot;:&quot;fas fa-circle&quot;,&quot;library&quot;:&quot;fa-solid&quot;,&quot;rendered_tag&quot;:&quot;&lt;svg class=\\&quot;e-font-icon-svg e-fas-circle\\&quot; viewBox=\\&quot;0 0 512 512\\&quot; xmlns=\\&quot;http:\\\/\\\/www.w3.org\\\/2000\\\/svg\\&quot;&gt;&lt;path d=\\&quot;M256 8C119 8 8 119 8 256s111 248 248 248 248-111 248-248S393 8 256 8z\\&quot;&gt;&lt;\\\/path&gt;&lt;\\\/svg&gt;&quot;},&quot;minimized_on&quot;:&quot;tablet&quot;,&quot;hierarchical_view&quot;:&quot;yes&quot;,&quot;min_height&quot;:{&quot;unit&quot;:&quot;px&quot;,&quot;size&quot;:&quot;&quot;,&quot;sizes&quot;:[]},&quot;min_height_tablet&quot;:{&quot;unit&quot;:&quot;px&quot;,&quot;size&quot;:&quot;&quot;,&quot;sizes&quot;:[]},&quot;min_height_mobile&quot;:{&quot;unit&quot;:&quot;px&quot;,&quot;size&quot;:&quot;&quot;,&quot;sizes&quot;:[]}}\" data-widget_type=\"table-of-contents.default\">\n\t\t\t\t\t\t\t\t\t<div class=\"elementor-toc__header\">\n\t\t\t\t\t\t<h2 class=\"elementor-toc__header-title\">\n\t\t\t\t\u00cdndex\t\t\t<\/h2>\n\t\t\t\t\t\t\t\t\t\t<div class=\"elementor-toc__toggle-button elementor-toc__toggle-button--expand\" role=\"button\" tabindex=\"0\" aria-controls=\"elementor-toc__1c30362\" aria-expanded=\"true\" aria-label=\"Open table of contents\"><svg aria-hidden=\"true\" class=\"e-font-icon-svg e-fas-chevron-down\" viewBox=\"0 0 448 512\" xmlns=\"http:\/\/www.w3.org\/2000\/svg\"><path d=\"M207.029 381.476L12.686 187.132c-9.373-9.373-9.373-24.569 0-33.941l22.667-22.667c9.357-9.357 24.522-9.375 33.901-.04L224 284.505l154.745-154.021c9.379-9.335 24.544-9.317 33.901.04l22.667 22.667c9.373 9.373 9.373 24.569 0 33.941L240.971 381.476c-9.373 9.372-24.569 9.372-33.942 0z\"><\/path><\/svg><\/div>\n\t\t\t\t<div class=\"elementor-toc__toggle-button elementor-toc__toggle-button--collapse\" role=\"button\" tabindex=\"0\" aria-controls=\"elementor-toc__1c30362\" aria-expanded=\"true\" aria-label=\"Close table of contents\"><svg aria-hidden=\"true\" class=\"e-font-icon-svg e-fas-chevron-up\" viewBox=\"0 0 448 512\" xmlns=\"http:\/\/www.w3.org\/2000\/svg\"><path d=\"M240.971 130.524l194.343 194.343c9.373 9.373 9.373 24.569 0 33.941l-22.667 22.667c-9.357 9.357-24.522 9.375-33.901.04L224 227.495 69.255 381.516c-9.379 9.335-24.544 9.317-33.901-.04l-22.667-22.667c-9.373-9.373-9.373-24.569 0-33.941L207.03 130.525c9.372-9.373 24.568-9.373 33.941-.001z\"><\/path><\/svg><\/div>\n\t\t\t\t\t<\/div>\n\t\t\t\t<div id=\"elementor-toc__1c30362\" class=\"elementor-toc__body\">\n\t\t\t<div class=\"elementor-toc__spinner-container\">\n\t\t\t\t<svg class=\"elementor-toc__spinner eicon-animation-spin e-font-icon-svg e-eicon-loading\" aria-hidden=\"true\" viewBox=\"0 0 1000 1000\" xmlns=\"http:\/\/www.w3.org\/2000\/svg\"><path d=\"M500 975V858C696 858 858 696 858 500S696 142 500 142 142 304 142 500H25C25 237 238 25 500 25S975 237 975 500 763 975 500 975Z\"><\/path><\/svg>\t\t\t<\/div>\n\t\t<\/div>\n\t\t\t\t\t\t<\/div>\n\t\t\t\t<\/div>\n\t\t\t\t\t<\/div>\n\t\t\t\t<\/div>\n\t\t<div class=\"elementor-element elementor-element-herorght0 e-con-full e-flex e-con e-child\" data-id=\"herorght0\" data-element_type=\"container\" data-e-type=\"container\">\n\t\t\t\t<div class=\"elementor-element elementor-element-heroimg00 iwg-hero-image elementor-widget elementor-widget-image\" data-id=\"heroimg00\" data-element_type=\"widget\" data-e-type=\"widget\" data-widget_type=\"image.default\">\n\t\t\t\t\t\t\t\t\t\t\t\t\t\t\t<img fetchpriority=\"high\" decoding=\"async\" width=\"683\" height=\"1024\" src=\"https:\/\/iwell-guard.com\/wp-content\/uploads\/2026\/04\/goetter_keltisch_manannan-mac-lir-683x1024.webp\" class=\"attachment-large size-large wp-image-1617\" alt=\"Manannan mac Lir\" srcset=\"https:\/\/iwell-guard.com\/wp-content\/uploads\/2026\/04\/goetter_keltisch_manannan-mac-lir-683x1024.webp 683w, https:\/\/iwell-guard.com\/wp-content\/uploads\/2026\/04\/goetter_keltisch_manannan-mac-lir-200x300.webp 200w, https:\/\/iwell-guard.com\/wp-content\/uploads\/2026\/04\/goetter_keltisch_manannan-mac-lir-768x1152.webp 768w, https:\/\/iwell-guard.com\/wp-content\/uploads\/2026\/04\/goetter_keltisch_manannan-mac-lir.webp 1024w\" sizes=\"(max-width: 683px) 100vw, 683px\" \/>\t\t\t\t\t\t\t\t\t\t\t\t\t\t\t<\/div>\n\t\t\t\t<\/div>\n\t\t\t\t\t<\/div>\n\t\t\t\t<\/div>\n\t\t<div class=\"elementor-element elementor-element-32917199 e-flex e-con-boxed e-con e-parent\" data-id=\"32917199\" data-element_type=\"container\" data-e-type=\"container\">\n\t\t\t\t\t<div class=\"e-con-inner\">\n\t\t<div class=\"elementor-element elementor-element-26e916cb e-flex e-con-boxed e-con e-child\" data-id=\"26e916cb\" data-element_type=\"container\" data-e-type=\"container\">\n\t\t\t\t\t<div class=\"e-con-inner\">\n\t\t<div class=\"elementor-element elementor-element-253a40d4 e-flex e-con-boxed e-con e-child\" data-id=\"253a40d4\" data-element_type=\"container\" data-e-type=\"container\">\n\t\t\t\t\t<div class=\"e-con-inner\">\n\t\t\t\t<div class=\"elementor-element elementor-element-1200c304 elementor-widget elementor-widget-heading\" data-id=\"1200c304\" data-element_type=\"widget\" data-e-type=\"widget\" data-widget_type=\"heading.default\">\n\t\t\t\t\t<h3 class=\"elementor-heading-title elementor-size-default\">Manannan Mac Lir<\/h3>\t\t\t\t<\/div>\n\t\t\t\t<div class=\"elementor-element elementor-element-11758e7f elementor-widget elementor-widget-text-editor\" data-id=\"11758e7f\" data-element_type=\"widget\" data-e-type=\"widget\" data-widget_type=\"text-editor.default\">\n\t\t\t\t\t\t\t\t\t<p>Manannan \u00e9s representat com un rei sobrenatural del mar i navegant que es mou entre el m\u00f3n hum\u00e0 i l&#8217;Altre M\u00f3n (T\u00edr na n\u00d3g, Mag Mell). Posseeix un cavall que fa invisible (Enbarr) i una nau que es mou sola (Scuabtuinne).<\/p><p>En les sagues irlandeses apareix com a guia d&#8217;\u00e0nimes i protector de viatgers. Segons la llegenda, allunya dimonis i mant\u00e9 a ratlla \u00e9ssers demon\u00edacs. En alguns textos \u00e9s mestre o tutor d&#8217;herois com C\u00fa Chulainn.<\/p>\t\t\t\t\t\t\t\t<\/div>\n\t\t\t\t\t<\/div>\n\t\t\t\t<\/div>\n\t\t<div class=\"elementor-element elementor-element-159dcf9a e-flex e-con-boxed e-con e-child\" data-id=\"159dcf9a\" data-element_type=\"container\" data-e-type=\"container\">\n\t\t\t\t\t<div class=\"e-con-inner\">\n\t\t\t\t<div class=\"elementor-element elementor-element-48cee66f elementor-widget elementor-widget-heading\" data-id=\"48cee66f\" data-element_type=\"widget\" data-e-type=\"widget\" data-widget_type=\"heading.default\">\n\t\t\t\t\t<h2 class=\"elementor-heading-title elementor-size-default\">D'un cop d'ull: Manannan Mac Lir<\/h2>\t\t\t\t<\/div>\n\t\t\t\t<div class=\"elementor-element elementor-element-3f50d82c elementor-widget elementor-widget-text-editor\" data-id=\"3f50d82c\" data-element_type=\"widget\" data-e-type=\"widget\" data-widget_type=\"text-editor.default\">\n\t\t\t\t\t\t\t\t\t<p>Els testimonis provenen de l&#8217;Immram Brain maic Febail (\u00abEl viatge mar\u00edtim de Bran mac Febail\u00bb), l&#8217;Imram Curaig Ma\u00e9l D\u00fain (\u00abEl viatge mar\u00edtim de M\u00e1el D\u00fain\u00bb) i altres mites d&#8217;aventures, que van ser posats per escrit a partir del segle VIII-IX.<\/p><p>Manann\u00e1n \u00e9s esmentat en textos geneal\u00f2gics i en la saga de l&#8217;Ulaid. La seva funci\u00f3 com a psicopomp i guardi\u00e0 de la frontera \u00e9s caracter\u00edstica de la <span class=\"iwg-fachbegriff\" data-tooltip=\"Concepci\u00f3 sobre l'estructura i l'ordre del m\u00f3n dins d'una cultura.\" tabindex=\"0\">cosmologia<\/span> celta insular. Fonts modernes: <span class=\"iwg-fachbegriff\" data-tooltip=\"La transmissi\u00f3 de coneixements i relats al llarg de generacions.\" tabindex=\"0\">tradici\u00f3<\/span> folkl\u00f2rica a Irlanda i Esc\u00f2cia (H\u00e8brides, illa de Man).<\/p>\t\t\t\t\t\t\t\t<\/div>\n\t\t\t\t\t<\/div>\n\t\t\t\t<\/div>\n\t\t\t\t\t<\/div>\n\t\t\t\t<\/div>\n\t\t\t\t\t<\/div>\n\t\t\t\t<\/div>\n\t\t<div class=\"elementor-element elementor-element-18613602 e-flex e-con-boxed e-con e-parent\" data-id=\"18613602\" data-element_type=\"container\" data-e-type=\"container\">\n\t\t\t\t\t<div class=\"e-con-inner\">\n\t\t\t\t<div class=\"elementor-element elementor-element-262b8a9f elementor-widget elementor-widget-heading\" data-id=\"262b8a9f\" data-element_type=\"widget\" data-e-type=\"widget\" data-widget_type=\"heading.default\">\n\t\t\t\t\t<h2 class=\"elementor-heading-title elementor-size-default\">Context<\/h2>\t\t\t\t<\/div>\n\t\t<div class=\"elementor-element elementor-element-46dcb7d e-con-full e-flex e-con e-child\" data-id=\"46dcb7d\" data-element_type=\"container\" data-e-type=\"container\">\n\t\t<div class=\"elementor-element elementor-element-61d3ab3 e-flex e-con-boxed e-con e-child\" data-id=\"61d3ab3\" data-element_type=\"container\" data-e-type=\"container\">\n\t\t\t\t\t<div class=\"e-con-inner\">\n\t\t\t\t<div class=\"elementor-element elementor-element-117c166 elementor-widget elementor-widget-heading\" data-id=\"117c166\" data-element_type=\"widget\" data-e-type=\"widget\" data-widget_type=\"heading.default\">\n\t\t\t\t\t<h3 class=\"elementor-heading-title elementor-size-default\">Per\u00edode dels textos<\/h3>\t\t\t\t<\/div>\n\t\t\t\t<div class=\"elementor-element elementor-element-73997a0 elementor-widget elementor-widget-text-editor\" data-id=\"73997a0\" data-element_type=\"widget\" data-e-type=\"widget\" data-widget_type=\"text-editor.default\">\n\t\t\t\t\t\t\t\t\t<p>Manann\u00e1n mac Lir \u00e9s documentat des dels textos irlandesos altmedievals fins al folklore modern de l&#8217;illa de Man, que li deu el seu nom. Encara al segle XIX, els habitants de l&#8217;illa dipositaven joncs als cims de les muntanyes la vetlla de Sant Joan com a ofrena a Manannan; l&#8217;antic d\u00e9u del mar s&#8217;havia convertit aix\u00ed en una figura llegend\u00e0ria fundadora de l&#8217;illa, en la qual els trets originals romanien tanmateix visibles.<\/p><h3>Classificaci\u00f3 mitol\u00f2gica<\/h3><p>Manannan mac Lir \u00e9s un d\u00e9u i \u00e9sser sobrenatural de la <span class=\"iwg-fachbegriff\" data-tooltip=\"Die Gesamtheit der \u00fcberlieferten G\u00f6ttererz\u00e4hlungen einer Kultur.\" tabindex=\"0\">mitologia<\/span> c\u00e8ltica irlandesa i gal\u00b7lesa. \u00c9s senyor del mar, de la <span class=\"iwg-fachbegriff\" data-tooltip=\"Praktiken, die durch besondere Handlungen oder Formeln in den Lauf der Dinge eingreifen wollen.\" tabindex=\"0\">m\u00e0gia<\/span> i de l&#8217;Altre M\u00f3n. Manannan \u00e9s viatger entre mons i protector. El seu paper \u00e9s central per a la comprensi\u00f3 c\u00e8ltica.<\/p>\t\t\t\t\t\t\t\t<\/div>\n\t\t\t\t\t<\/div>\n\t\t\t\t<\/div>\n\t\t<div class=\"elementor-element elementor-element-d47b156 e-flex e-con-boxed e-con e-child\" data-id=\"d47b156\" data-element_type=\"container\" data-e-type=\"container\">\n\t\t\t\t\t<div class=\"e-con-inner\">\n\t\t\t\t<div class=\"elementor-element elementor-element-ff38c2b elementor-widget elementor-widget-heading\" data-id=\"ff38c2b\" data-element_type=\"widget\" data-e-type=\"widget\" data-widget_type=\"heading.default\">\n\t\t\t\t\t<h3 class=\"elementor-heading-title elementor-size-default\">\u00c0rea de difusi\u00f3<\/h3>\t\t\t\t<\/div>\n\t\t\t\t<div class=\"elementor-element elementor-element-4e49fcc elementor-widget elementor-widget-text-editor\" data-id=\"4e49fcc\" data-element_type=\"widget\" data-e-type=\"widget\" data-widget_type=\"text-editor.default\">\n\t\t\t\t\t\t\t\t\t<p>Manannan mac Lir no es limitava a una regi\u00f3 o localitzaci\u00f3 concreta, sin\u00f3 que era conegut i venerat, o respectuosament temut, de manera universal a tot el m\u00f3n c\u00e8ltic. Tant en els grans centres urbans com en regions rurals perif\u00e8riques, tant entre l&#8217;elit social com entre la gent senzilla, la import\u00e0ncia espiritual o cultural d&#8217;aquesta entitat era reconeguda de manera constant i universal.<\/p><p>La difusi\u00f3 de Manann\u00e1n mac Lir segueix les rutes mar\u00edtimes del mar d&#8217;Irlanda: era conegut a Irlanda, a l&#8217;illa de Man i a Esc\u00f2cia, i l&#8217;illa de Man porta el seu nom. Aquesta dispersi\u00f3 per diverses regions costaneres de parla ga\u00e8lica s&#8217;explica pels estrets vincles mar\u00edtims i comercials entre elles; la forma fonamental del d\u00e9u es mantenia, per\u00f2, id\u00e8ntica a totes les regions: un senyor del mar i de la travessia.<\/p>\t\t\t\t\t\t\t\t<\/div>\n\t\t\t\t\t<\/div>\n\t\t\t\t<\/div>\n\t\t\t\t<\/div>\n\t\t<div class=\"elementor-element elementor-element-db03c39 e-con-full e-flex e-con e-child\" data-id=\"db03c39\" data-element_type=\"container\" data-e-type=\"container\">\n\t\t<div class=\"elementor-element elementor-element-229a87b e-flex e-con-boxed e-con e-child\" data-id=\"229a87b\" data-element_type=\"container\" data-e-type=\"container\">\n\t\t\t\t\t<div class=\"e-con-inner\">\n\t\t\t\t<div class=\"elementor-element elementor-element-1f471fc elementor-widget elementor-widget-heading\" data-id=\"1f471fc\" data-element_type=\"widget\" data-e-type=\"widget\" data-widget_type=\"heading.default\">\n\t\t\t\t\t<h3 class=\"elementor-heading-title elementor-size-default\">Estat de les fonts<\/h3>\t\t\t\t<\/div>\n\t\t\t\t<div class=\"elementor-element elementor-element-36b1201 elementor-widget elementor-widget-text-editor\" data-id=\"36b1201\" data-element_type=\"widget\" data-e-type=\"widget\" data-widget_type=\"text-editor.default\">\n\t\t\t\t\t\t\t\t\t<p>Fonts prim\u00e0ries: Immram Brain maic Febail (ca. segle VIII), Imram Curaig Ma\u00e9l D\u00fain (ca. segle IX), Togail Bruidne D\u00e1 Derga (\u00abDestrucci\u00f3 de la casa de Da Derga\u00bb), i m\u00e9s tard tamb\u00e9 el Mabinogion (gal\u00b7l\u00e8s, segles XI-XIII, amb Manawydan).<\/p><p>Per\u00edode: les tradicions orals s\u00f3n m\u00e9s antigues (possiblement de l&#8217;edat del ferro), la fixaci\u00f3 escrita \u00e9s medieval. Investigadors: Mac Cana (Celtic Mythology), Jenny Rowland (Early Welsh Saga Poetry), W.Y. Evans-Wentz (The Fairy Faith in Celtic Countries) documenten les tradicions sobre Manannan.<\/p>\t\t\t\t\t\t\t\t<\/div>\n\t\t\t\t\t<\/div>\n\t\t\t\t<\/div>\n\t\t\t\t<\/div>\n\t\t\t\t\t<\/div>\n\t\t\t\t<\/div>\n\t\t<div class=\"elementor-element elementor-element-3ae0637c e-flex e-con-boxed e-con e-parent\" data-id=\"3ae0637c\" data-element_type=\"container\" data-e-type=\"container\">\n\t\t\t\t\t<div class=\"e-con-inner\">\n\t\t\t\t<div class=\"elementor-element elementor-element-31d07739 elementor-widget elementor-widget-heading\" data-id=\"31d07739\" data-element_type=\"widget\" data-e-type=\"widget\" data-widget_type=\"heading.default\">\n\t\t\t\t\t<h2 class=\"elementor-heading-title elementor-size-default\">Nom<\/h2>\t\t\t\t<\/div>\n\t\t<div class=\"elementor-element elementor-element-b7642947 e-con-full e-flex e-con e-child\" data-id=\"b7642947\" data-element_type=\"container\" data-e-type=\"container\">\n\t\t\t\t<div class=\"elementor-element elementor-element-a086266 elementor-widget elementor-widget-text-editor\" data-id=\"a086266\" data-element_type=\"widget\" data-e-type=\"widget\" data-widget_type=\"text-editor.default\">\n\t\t\t\t\t\t\t\t\t<p>Manannan mac Lir \u00e9s representat en les diverses fonts i tradicions art\u00edstiques amb certs elements iconogr\u00e0fics recurrents que romanen relativament constants al llarg de d\u00e8cades i en diferents espais geogr\u00e0fics. Aquests elements no s\u00f3n purament decoratius ni triats a l&#8217;atzar, sin\u00f3 que estan codificats amb un profund simbolisme i porten un gran significat.<\/p><p>Els atributs de Manann\u00e1n mac Lir formen un sistema de signes llegible: el mantell de boira representa el seu poder d&#8217;amagar coses i vetllar fronteres, la barca que es mou sola, Alisadora d&#8217;Ones, representa el seu domini sobre el mar, el cavall Aonbharr, que camina sobre l&#8217;aigua, representa l&#8217;anul\u00b7laci\u00f3 del l\u00edmit entre terra i mar, i l&#8217;illa de les pomeres Emain Ablach representa el seu vincle amb l&#8217;Altre M\u00f3n. Qui coneix la tradici\u00f3 narrativa irlandesa capta immediatament, a trav\u00e9s d&#8217;aquests objectes, la compet\u00e8ncia i el rang del d\u00e9u; cap dels atributs \u00e9s arbitrari, tots estan fermament transmesos en els textos medievals.<\/p>\t\t\t\t\t\t\t\t<\/div>\n\t\t\t\t<\/div>\n\t\t\t\t\t<\/div>\n\t\t\t\t<\/div>\n\t\t<div class=\"elementor-element elementor-element-709a44a8 e-flex e-con-boxed e-con e-parent\" data-id=\"709a44a8\" data-element_type=\"container\" data-e-type=\"container\">\n\t\t\t\t\t<div class=\"e-con-inner\">\n\t\t\t\t<div class=\"elementor-element elementor-element-2f585873 elementor-widget elementor-widget-heading\" data-id=\"2f585873\" data-element_type=\"widget\" data-e-type=\"widget\" data-widget_type=\"heading.default\">\n\t\t\t\t\t<h2 class=\"elementor-heading-title elementor-size-default\">Caracter\u00edstiques<\/h2>\t\t\t\t<\/div>\n\t\t<div class=\"elementor-element elementor-element-70621c12 e-con-full e-flex e-con e-child\" data-id=\"70621c12\" data-element_type=\"container\" data-e-type=\"container\">\n\t\t\t\t<div class=\"elementor-element elementor-element-4296eb49 elementor-widget elementor-widget-text-editor\" data-id=\"4296eb49\" data-element_type=\"widget\" data-e-type=\"widget\" data-widget_type=\"text-editor.default\">\n\t\t\t\t\t\t\t\t\t<p>Manannan mac Lir era central en la pr\u00e0ctica religiosa, els rituals quotidians i la comprensi\u00f3 cotidiana dels celtes. Les persones s&#8217;adre\u00e7aven a aquesta entitat en situacions vitals cr\u00edtiques o determinades, o en \u00e8poques rituals concretes de l&#8217;any, amb rituals sovint elaborats i estructurats, oracions o ofrenes.<\/p><p>El tracte amb Manann\u00e1n mac Lir seguia l\u00ednies de transmissi\u00f3 ben establertes: a Irlanda, els poetes eruditsi m\u00e9s tard els escrivans cristians dels monestirs van conservar de manera ordenada els relats sobre el d\u00e9u del mar. A l&#8217;illa de Man, en canvi, es mantenien costums populars, com l&#8217;ofrena de joncs la nit de Sant Joan, que es duien a terme segons regles transmeses i no de manera arbitr\u00e0ria.<\/p><p>El fet que Manann\u00e1n mac Lir fos invocat i narrat durant segles t\u00e9 relaci\u00f3 amb les seves funcions clarament definides: els navegants esperaven d&#8217;ell protecci\u00f3 davant les tempestes i un pas segur, \u00e9s a dir, la defensa contra la desgr\u00e0cia que amena\u00e7ava en el mar. En els relats, apareix tamb\u00e9 com a guia cap a l&#8217;Altre M\u00f3n, acompanyant els herois a trav\u00e9s de la frontera entre els mons, i a l&#8217;illa de Man se li oferien dons per assegurar el bon temps i la pesca.<\/p><h3>Aparen\u00e7a i simbolisme<\/h3><p>Manannan es representa com un home bell\u00edssim i enigm\u00e0tic, amb vestimenta canviant. Munta el seu cavall Enbarr sobre el mar. La boira \u00e9s el seu mantell, que li atorga la invisibilitat. El seu mantell m\u00e0gic i la seva espasa s\u00f3n artefactes llegendaris. La <span class=\"iwg-fachbegriff\" data-tooltip=\"Pr\u00e0ctiques que pretenen intervenir en el curs dels esdeveniments mitjan\u00e7ant accions o f\u00f3rmules especials.\" tabindex=\"0\">m\u00e0gia<\/span> impregna la seva pres\u00e8ncia.<\/p>\t\t\t\t\t\t\t\t<\/div>\n\t\t\t\t<\/div>\n\t\t\t\t\t<\/div>\n\t\t\t\t<\/div>\n\t\t<div class=\"elementor-element elementor-element-44e71476 e-flex e-con-boxed e-con e-parent\" data-id=\"44e71476\" data-element_type=\"container\" data-e-type=\"container\">\n\t\t\t\t\t<div class=\"e-con-inner\">\n\t\t\t\t<div class=\"elementor-element elementor-element-3c1fc3f0 elementor-widget elementor-widget-heading\" data-id=\"3c1fc3f0\" data-element_type=\"widget\" data-e-type=\"widget\" data-widget_type=\"heading.default\">\n\t\t\t\t\t<h2 class=\"elementor-heading-title elementor-size-default\">Fitxa: Manannan Mac Lir<\/h2>\t\t\t\t<\/div>\n\t\t<div class=\"elementor-element elementor-element-84f33b8e e-con-full e-flex e-con e-child\" data-id=\"84f33b8e\" data-element_type=\"container\" data-e-type=\"container\">\n\t\t\t\t<div class=\"elementor-element elementor-element-hqkdc67p elementor-widget elementor-widget-text-editor\" data-id=\"hqkdc67p\" data-element_type=\"widget\" data-e-type=\"widget\" data-widget_type=\"text-editor.default\">\n\t\t\t\t\t\t\t\t\t<p>La fitxa il\u00b7lumina Manannan en sis aspectes: la seva posici\u00f3 com a senyor de l&#8217;Altre M\u00f3n i de la natura marina, el seu paper com a psicopomp i guia de viatgers, els seus atributs caracter\u00edstics i objectes prodigiosos, els seus poders c\u00f2smics i protectors, aix\u00ed com les formes espirituals d&#8217;invocaci\u00f3 i els paral\u00b7lels culturals. Aix\u00ed es dibuixa el perfil d&#8217;aquest enigm\u00e0tic d\u00e9u de frontera.<\/p>\t\t\t\t\t\t\t\t<\/div>\n\t\t\t\t<\/div>\n\t\t<div class=\"elementor-element elementor-element-pemmx7c5 e-con-full e-flex e-con e-child\" data-id=\"pemmx7c5\" data-element_type=\"container\" data-e-type=\"container\">\n\t\t<div class=\"elementor-element elementor-element-pemmx7c1 e-con-full e-flex e-con e-child\" data-id=\"pemmx7c1\" data-element_type=\"container\" data-e-type=\"container\">\n\t\t<div class=\"elementor-element elementor-element-qh9oavvu iwg-steckbrief-card e-flex e-con-boxed e-con e-child\" data-id=\"qh9oavvu\" data-element_type=\"container\" data-e-type=\"container\">\n\t\t\t\t\t<div class=\"e-con-inner\">\n\t\t\t\t<div class=\"elementor-element elementor-element-awzx8k2k elementor-widget elementor-widget-heading\" data-id=\"awzx8k2k\" data-element_type=\"widget\" data-e-type=\"widget\" data-widget_type=\"heading.default\">\n\t\t\t\t\t<div class=\"elementor-heading-title elementor-size-default\">Tradici\u00f3<\/div>\t\t\t\t<\/div>\n\t\t\t\t<div class=\"elementor-element elementor-element-x6rowhv0 elementor-widget elementor-widget-text-editor\" data-id=\"x6rowhv0\" data-element_type=\"widget\" data-e-type=\"widget\" data-widget_type=\"text-editor.default\">\n\t\t\t\t\t\t\t\t\t<p>Manannan prov\u00e9 de l&#8217;Altre M\u00f3n o \u00e9s un \u00e9sser sobrenatural independent, sense una ubicaci\u00f3 geneal\u00f2gica clara dins els Tuatha D\u00e9 Danann. El seu nom combina \u00abMana\u00bb (possiblement \u00ablluna\u00bb o \u00abfor\u00e7a\u00bb) amb \u00abmac Lir\u00bb (\u00abfill del mar\u00bb, Lir \u00e9s un d\u00e9u del mar).<\/p><p>Geogr\u00e0ficament est\u00e0 arrelat a Irlanda i al m\u00f3n insular, amb rastres a l&#8217;illa de Man (Mona Innis, anomenada aix\u00ed en honor seu). Els testimonis literaris daten a partir del segle VIII.<\/p>\t\t\t\t\t\t\t\t<\/div>\n\t\t\t\t\t<\/div>\n\t\t\t\t<\/div>\n\t\t<div class=\"elementor-element elementor-element-8e3o4kxs iwg-steckbrief-card e-flex e-con-boxed e-con e-child\" data-id=\"8e3o4kxs\" data-element_type=\"container\" data-e-type=\"container\">\n\t\t\t\t\t<div class=\"e-con-inner\">\n\t\t\t\t<div class=\"elementor-element elementor-element-08rkdgov elementor-widget elementor-widget-heading\" data-id=\"08rkdgov\" data-element_type=\"widget\" data-e-type=\"widget\" data-widget_type=\"heading.default\">\n\t\t\t\t\t<div class=\"elementor-heading-title elementor-size-default\">Destinataris<\/div>\t\t\t\t<\/div>\n\t\t\t\t<div class=\"elementor-element elementor-element-uwjelx8s elementor-widget elementor-widget-text-editor\" data-id=\"uwjelx8s\" data-element_type=\"widget\" data-e-type=\"widget\" data-widget_type=\"text-editor.default\">\n\t\t\t\t\t\t\t\t\t<p>Manannan era invocat per navegants, viatgers, herois i cercadors espirituals per obtenir protecci\u00f3 al mar, guia cap a l&#8217;Altre M\u00f3n i protecci\u00f3 davant forces demon\u00edaques. Era patr\u00f3 dels viatgers entre els mons. En contextos m\u00e0gics se li demanava secret i ocultaci\u00f3. La seva veneraci\u00f3 no \u00e9s cultualment organitzada, sin\u00f3 folkl\u00f2rica i xam\u00e0nica.<\/p>\t\t\t\t\t\t\t\t<\/div>\n\t\t\t\t\t<\/div>\n\t\t\t\t<\/div>\n\t\t<div class=\"elementor-element elementor-element-jm2n74ec iwg-steckbrief-card e-flex e-con-boxed e-con e-child\" data-id=\"jm2n74ec\" data-element_type=\"container\" data-e-type=\"container\">\n\t\t\t\t\t<div class=\"e-con-inner\">\n\t\t\t\t<div class=\"elementor-element elementor-element-8vufse4c elementor-widget elementor-widget-heading\" data-id=\"8vufse4c\" data-element_type=\"widget\" data-e-type=\"widget\" data-widget_type=\"heading.default\">\n\t\t\t\t\t<div class=\"elementor-heading-title elementor-size-default\">Representaci\u00f3<\/div>\t\t\t\t<\/div>\n\t\t\t\t<div class=\"elementor-element elementor-element-mwb9u015 elementor-widget elementor-widget-text-editor\" data-id=\"mwb9u015\" data-element_type=\"widget\" data-e-type=\"widget\" data-widget_type=\"text-editor.default\">\n\t\t\t\t\t\t\t\t\t<p>Manannan es representa com un home noble i sobrenatural, sovint amb ins\u00edgnies reials i vestimenta fin\u00edssima. De vegades porta una armadura verda o resplendent. El seu cavall Enbarr es descriu com blanc i sobrenaturalment r\u00e0pid. El seu vaixell navega tot sol i \u00e9s invisible. En alguns textos t\u00e9 ulls sobrenaturals o una mirada penetrant que revela la veritat.<\/p>\t\t\t\t\t\t\t\t<\/div>\n\t\t\t\t\t<\/div>\n\t\t\t\t<\/div>\n\t\t\t\t<\/div>\n\t\t<div class=\"elementor-element elementor-element-pemmx7c2 e-con-full e-flex e-con e-child\" data-id=\"pemmx7c2\" data-element_type=\"container\" data-e-type=\"container\">\n\t\t<div class=\"elementor-element elementor-element-37ss2yr6 iwg-steckbrief-card e-flex e-con-boxed e-con e-child\" data-id=\"37ss2yr6\" data-element_type=\"container\" data-e-type=\"container\">\n\t\t\t\t\t<div class=\"e-con-inner\">\n\t\t\t\t<div class=\"elementor-element elementor-element-3v0wp3wx elementor-widget elementor-widget-heading\" data-id=\"3v0wp3wx\" data-element_type=\"widget\" data-e-type=\"widget\" data-widget_type=\"heading.default\">\n\t\t\t\t\t<div class=\"elementor-heading-title elementor-size-default\">Activitat<\/div>\t\t\t\t<\/div>\n\t\t\t\t<div class=\"elementor-element elementor-element-w3247g2m elementor-widget elementor-widget-text-editor\" data-id=\"w3247g2m\" data-element_type=\"widget\" data-e-type=\"widget\" data-widget_type=\"text-editor.default\">\n\t\t\t\t\t\t\t\t\t<strong>\u00c0mbit d&#8217;acci\u00f3:<\/strong> Manannan mac Lir \u00e9s, en la tradici\u00f3 irlandesa, el d\u00e9u del mar, de la boira i del pas entre els mons. El seu poder s&#8217;est\u00e9n sobre totes les masses d&#8217;aigua, des del mar tempestu\u00f3s fins als llacs amagats i les illes m\u00e0giques. Encarna la frontera entre el m\u00f3n dels vius i el m\u00e9s enll\u00e0 (T\u00edr na n\u00d3g). El seu efecte es manifesta en dons meteorol\u00f2gics, seguretat en la navegaci\u00f3 i l&#8217;obertura d&#8217;accessos a regnes sobrenaturals. En la Sanas Cormaic es descriu com el senyor suprem de l&#8217;Altre M\u00f3n, que guia les \u00e0nimes viatgeres i transmet coneixement m\u00edstic.\n\t\t\t\t\t\t\t\t<\/div>\n\t\t\t\t\t<\/div>\n\t\t\t\t<\/div>\n\t\t<div class=\"elementor-element elementor-element-0qpjal9w iwg-steckbrief-card e-flex e-con-boxed e-con e-child\" data-id=\"0qpjal9w\" data-element_type=\"container\" data-e-type=\"container\">\n\t\t\t\t\t<div class=\"e-con-inner\">\n\t\t\t\t<div class=\"elementor-element elementor-element-6ndoih0o elementor-widget elementor-widget-heading\" data-id=\"6ndoih0o\" data-element_type=\"widget\" data-e-type=\"widget\" data-widget_type=\"heading.default\">\n\t\t\t\t\t<div class=\"elementor-heading-title elementor-size-default\">Protecci\u00f3<\/div>\t\t\t\t<\/div>\n\t\t\t\t<div class=\"elementor-element elementor-element-6684tyh9 elementor-widget elementor-widget-text-editor\" data-id=\"6684tyh9\" data-element_type=\"widget\" data-e-type=\"widget\" data-widget_type=\"text-editor.default\">\n\t\t\t\t\t\t\t\t\t<p>Manannan no \u00e9s perill\u00f3s en sentit mal\u00e8vol, per\u00f2 \u00e9s poder\u00f3s i una mica imprevisible. Protegeix davant \u00e9ssers demon\u00edacs, per\u00f2 el seu coneixement de l&#8217;Altre M\u00f3n el fa incontrolable.<\/p><p>Cal respecte i precauci\u00f3 en invocar-lo. La pr\u00e0ctica espiritual moderna el considera un ajudant en els passos fronterers i els viatges interiors. Algunes tradicions ensenyen mantres de protecci\u00f3 o d&#8217;apaivagament per assegurar el seu suport.<\/p>\t\t\t\t\t\t\t\t<\/div>\n\t\t\t\t\t<\/div>\n\t\t\t\t<\/div>\n\t\t<div class=\"elementor-element elementor-element-3lfi7x32 iwg-steckbrief-card e-flex e-con-boxed e-con e-child\" data-id=\"3lfi7x32\" data-element_type=\"container\" data-e-type=\"container\">\n\t\t\t\t\t<div class=\"e-con-inner\">\n\t\t\t\t<div class=\"elementor-element elementor-element-0kg99ga1 elementor-widget elementor-widget-heading\" data-id=\"0kg99ga1\" data-element_type=\"widget\" data-e-type=\"widget\" data-widget_type=\"heading.default\">\n\t\t\t\t\t<div class=\"elementor-heading-title elementor-size-default\">Equivalents<\/div>\t\t\t\t<\/div>\n\t\t\t\t<div class=\"elementor-element elementor-element-n0fum6kp elementor-widget elementor-widget-text-editor\" data-id=\"n0fum6kp\" data-element_type=\"widget\" data-e-type=\"widget\" data-widget_type=\"text-editor.default\">\n\t\t\t\t\t\t\t\t\t<p>Es poden comparar amb Caront (grec) com a barquer dels morts, Posid\u00f3 com a d\u00e9u del mar i senyor dels passos, el germ\u00e0nic Forseti com a d\u00e9u de la frontera i la reconciliaci\u00f3, i el rom\u00e0 Nept\u00fa com a d\u00e9u del mar. En tradicions asi\u00e0tiques: Yama com a d\u00e9u de la mort i guia dels camins, Buda Amitabha com a salvador i guia cap al m\u00e9s enll\u00e0.<\/p>\t\t\t\t\t\t\t\t<\/div>\n\t\t\t\t\t<\/div>\n\t\t\t\t<\/div>\n\t\t\t\t<\/div>\n\t\t\t\t<\/div>\n\t\t\t\t\t<\/div>\n\t\t\t\t<\/div>\n\t\t<div class=\"elementor-element elementor-element-5a584676 e-flex e-con-boxed e-con e-parent\" data-id=\"5a584676\" data-element_type=\"container\" data-e-type=\"container\">\n\t\t\t\t\t<div class=\"e-con-inner\">\n\t\t\t\t<div class=\"elementor-element elementor-element-6d0757bf elementor-widget elementor-widget-heading\" data-id=\"6d0757bf\" data-element_type=\"widget\" data-e-type=\"widget\" data-widget_type=\"heading.default\">\n\t\t\t\t\t<h2 class=\"elementor-heading-title elementor-size-default\">Manannan Mac Lir, paral\u00b7lels en altres cultures<\/h2>\t\t\t\t<\/div>\n\t\t<div class=\"elementor-element elementor-element-60563f68 e-con-full e-flex e-con e-child\" data-id=\"60563f68\" data-element_type=\"container\" data-e-type=\"container\">\n\t\t\t\t<div class=\"elementor-element elementor-element-5a93fdd6 elementor-widget elementor-widget-text-editor\" data-id=\"5a93fdd6\" data-element_type=\"widget\" data-e-type=\"widget\" data-widget_type=\"text-editor.default\">\n\t\t\t\t\t\t\t\t\t<h3>Rituals i veneraci\u00f3<\/h3><p>A les poblacions costaneres d&#8217;Irlanda es feien ofrenes a Manannan mac Lir a la vora de l&#8217;aigua, joies, ofrenes de beguda o de menjar abans de llargs viatges mar\u00edtims. Els druides l&#8217;invocaven mitjan\u00e7ant cants del mar (geis) en fases lunars especials. En el <span class=\"iwg-fachbegriff\" data-tooltip=\"El conjunt d'actes de veneraci\u00f3 religiosa dedicats a una divinitat o figura sagrada.\" tabindex=\"0\">culte<\/span> dels Tuatha D\u00e9 Danann, la seva <span class=\"iwg-fachbegriff\" data-tooltip=\"L'acte de dirigir-se, pregant o invocant, a una divinitat o poder.\" tabindex=\"0\">invocaci\u00f3<\/span> estava <span class=\"iwg-fachbegriff\" data-tooltip=\"Que pertany a un procediment religi\u00f3s establert.\" tabindex=\"0\">ritualment<\/span> reservada als guardians consagrats del coneixement m\u00e0gic.<\/p><h3>Conjurs i invocacions<\/h3><p>Fonts textuals hist\u00f2riques (tradici\u00f3 d&#8217;\u00d3sraighe) transmeten f\u00f3rmules d&#8217;<span class=\"iwg-fachbegriff\" data-tooltip=\"L'acte de dirigir-se, pregant o invocant, a una divinitat o poder.\" tabindex=\"0\">invocaci\u00f3<\/span> a Manannan enmig de la boira: \u00abManannan, senyor de l&#8217;escuma, obre els camins invisibles\u00bb. A la literatura apareix com a conseller i esperit guia, invocat per herois valents. Una <span class=\"iwg-fachbegriff\" data-tooltip=\"L'acte de dirigir-se, pregant o invocant, a una divinitat o poder.\" tabindex=\"0\">invocaci\u00f3<\/span> coneguda en les travessies mar\u00edtimes deia: \u00abManannan mac Lir, ensenya&#8217;m els camins segurs\u00bb.<\/p><h3>Amulets i s\u00edmbols protectors<\/h3><p>S\u00edmbols de l&#8217;onada, la mitja lluna i l&#8217;espiral es gravaven en amulets protectors. Els mariners duien \u00abl&#8217;anell de Manannan\u00bb, un <span class=\"iwg-fachbegriff\" data-tooltip=\"Un signe que representa una idea o un significat.\" tabindex=\"0\">s\u00edmbol<\/span> en forma de nus fet de coure, per a la seguretat en la navegaci\u00f3. En la pr\u00e0ctica esot\u00e8rica moderna, els cristalls de talasoter\u00e0pia (aiguamarina, topazi blau) es consideren vinculats a Manannan.<\/p>\n<p><p><strong>Tradici\u00f3 jueva:<\/strong> No hi ha una correspond\u00e8ncia directa. De manera llunyana podria considerar-se Elies, que es mou entre el cel i la terra i empr\u00e8n viatges sobrenaturals.<\/p><p><strong>M\u00f3n grecorom\u00e0:<\/strong> Caront com a barquer entre la vida i la mort. Hermes\/Mercuri com a psicopomp i d\u00e9u de les fronteres, guia de les \u00e0nimes. Posid\u00f3 com a d\u00e9u del mar i senyor dels passos, Hades com a rei de l&#8217;Altre M\u00f3n. Les funcions se superposen de manera significativa.<\/p><p><strong>Mesopot\u00e0mia:<\/strong> Anu com a d\u00e9u del cel i guardi\u00e0 de fronteres, Ereshkigal com a reina de l&#8217;infram\u00f3n, Nergal com a sobir\u00e0 dels \u00e0mbits ctonis. Tamb\u00e9 Enki, per la seva vinculaci\u00f3 amb les aig\u00fces amagades i la saviesa.<\/p><p><strong>\u00cdndia\/\u00c0sia:<\/strong> Yama com a d\u00e9u de la mort i dels passos, similar a Caront. En el budisme: Mahakala com a d\u00e9u protector i sobir\u00e0 de l&#8217;infram\u00f3n. Tamb\u00e9 els yidams tibetans, com a suports de meditaci\u00f3 per a experi\u00e8ncies de frontera, corresponen funcionalment a Manannan.<\/p>\t\t\t\t\t\t\t\t<\/div>\n\t\t\t\t<\/div>\n\t\t\t\t\t<\/div>\n\t\t\t\t<\/div>\n\t\t<div class=\"elementor-element elementor-element-cp3033f03 e-flex e-con-boxed e-con e-parent\" data-id=\"cp3033f03\" data-element_type=\"container\" data-e-type=\"container\">\n\t\t\t\t\t<div class=\"e-con-inner\">\n\t\t\t\t<div class=\"elementor-element elementor-element-cpd855ff9 elementor-widget elementor-widget-heading\" data-id=\"cpd855ff9\" data-element_type=\"widget\" data-e-type=\"widget\" data-widget_type=\"heading.default\">\n\t\t\t\t\t<h2 class=\"elementor-heading-title elementor-size-default\">Les fonts irlandeses i gal\u00b7leses i la seva estratificaci\u00f3<\/h2>\t\t\t\t<\/div>\n\t\t<div class=\"elementor-element elementor-element-cpb3465a7 e-con-full e-flex e-con e-child\" data-id=\"cpb3465a7\" data-element_type=\"container\" data-e-type=\"container\">\n\t\t\t\t<div class=\"elementor-element elementor-element-cp34f70bc elementor-widget elementor-widget-text-editor\" data-id=\"cp34f70bc\" data-element_type=\"widget\" data-e-type=\"widget\" data-widget_type=\"text-editor.default\">\n\t\t\t\t\t\t\t\t\t<p>Manannan mac Lir, cujo nom significa \u00abel fill del mar\u00bb o \u00abel vinculat al mar\u00bb, est\u00e0 \u00e0mpliament testimoniat en els manuscrits medievals d&#8217;Irlanda, per\u00f2 les fonts s\u00f3n desiguals i sovint van ser escrites segles despr\u00e9s de la cristianitzaci\u00f3.<\/p><p>Els monjos que van redactar aquests textos van integrar els antics d\u00e9us en un nou marc hist\u00f2ric cristi\u00e0, presentant-los, per exemple, com a antics habitants d&#8217;Irlanda o com a reis mortals d&#8217;un temps remot.<\/p><p>Manannan apareix en diversos cicles narratius. En el que es coneix com el Cicle Mitol\u00f2gic, forma part dels <em>Tuatha De Danann<\/em>, el poble div\u00ed que habitava Irlanda abans dels ga\u00e8lics humans.<\/p><p>Al <em>Lebor Gabala Erenn<\/em>, el Llibre de les Invasions, se l&#8217;incorpora a les genealogies d&#8217;aquest poble. En relats com <em>Immram Brain<\/em>, el viatge mar\u00edtim de Bran, i en textos sobre l&#8217;heroi Cu Chulainn, apareix com a senyor d&#8217;un m\u00f3n insular de l&#8217;altra banda.<\/p><p>La <span class=\"iwg-fachbegriff\" data-tooltip=\"La transmissi\u00f3 de coneixements i relats al llarg de generacions.\" tabindex=\"0\">tradici\u00f3<\/span> gal\u00b7lesa coneix una figura emparentada anomenada Manawydan, fill de Llyr, que apareix a la segona i tercera branca del <em>Mabinogi<\/em>. Manawydan, per\u00f2, hi \u00e9s menys un d\u00e9u del mar que un home astut i pacient que evita desgr\u00e0cies mitjan\u00e7ant l&#8217;ofici i l&#8217;enginy.<\/p><p>La relaci\u00f3 entre les dues figures \u00e9s discutida en la investigaci\u00f3: comparteixen el nom del pare i alguns trets, per\u00f2 difereixen considerablement en car\u00e0cter i funci\u00f3.<\/p><p>Aquest estat de les fonts obliga a la prud\u00e8ncia. No es pot reconstruir una imatge unificada i original del d\u00e9u. El que transmeten els manuscrits ja s\u00f3n versions liter\u00e0riament configurades, filtrades pel cristianisme i diferents segons la regi\u00f3 d&#8217;una figura la forma pr\u00e8via a l&#8217;escriptura de la qual roman en gran part en la foscor.<\/p>\t\t\t\t\t\t\t\t<\/div>\n\t\t\t\t<\/div>\n\t\t\t\t\t<\/div>\n\t\t\t\t<\/div>\n\t\t<div class=\"elementor-element elementor-element-cp79ddb12 e-flex e-con-boxed e-con e-parent\" data-id=\"cp79ddb12\" data-element_type=\"container\" data-e-type=\"container\">\n\t\t\t\t\t<div class=\"e-con-inner\">\n\t\t\t\t<div class=\"elementor-element elementor-element-cpf5e0c2f elementor-widget elementor-widget-heading\" data-id=\"cpf5e0c2f\" data-element_type=\"widget\" data-e-type=\"widget\" data-widget_type=\"heading.default\">\n\t\t\t\t\t<h2 class=\"elementor-heading-title elementor-size-default\">El senyor de les illes de l'Altre M\u00f3n i les seves possessions<\/h2>\t\t\t\t<\/div>\n\t\t<div class=\"elementor-element elementor-element-cp6d9e349 e-con-full e-flex e-con e-child\" data-id=\"cp6d9e349\" data-element_type=\"container\" data-e-type=\"container\">\n\t\t\t\t<div class=\"elementor-element elementor-element-cp41bd734 elementor-widget elementor-widget-text-editor\" data-id=\"cp41bd734\" data-element_type=\"widget\" data-e-type=\"widget\" data-widget_type=\"text-editor.default\">\n\t\t\t\t\t\t\t\t\t<p>En la <span class=\"iwg-fachbegriff\" data-tooltip=\"La transmissi\u00f3 de coneixements i relats al llarg de generacions.\" tabindex=\"0\">tradici\u00f3<\/span> irlandesa, Manannan \u00e9s el senyor d&#8217;un Altre M\u00f3n imaginat com un regne insular m\u00e9s enll\u00e0 del mar o sota les onades. La seva resid\u00e8ncia m\u00e9s coneguda es diu <em>Emain Ablach<\/em>, l&#8217;Illa de les Pomes, un lloc allunyat de la vellesa, la malaltia i la mancan\u00e7a.<\/p><p>Al viatge mar\u00edtim de Bran, Manannan se li apareix sobre l&#8217;aigua i li descriu la veritable naturalesa del mar, que per al d\u00e9u \u00e9s una plana florida per la qual passa amb el seu carro, mentre que Bran nom\u00e9s veu onades.<\/p><p>A Manannan se li atribueixen una s\u00e8rie de possessions conegudes per nom, que els textos esmenten repetidament. La seva barca navega sense vela ni rems, guiada nom\u00e9s per la voluntat de qui la mena.<\/p><p>El seu cavall, anomenat en algunes fonts Aonbharr, pot c\u00f3rrer per terra i per aigua per igual. El seu mantell, quan el sacseja entre dues persones, fa que s&#8217;oblidin l&#8217;una de l&#8217;altra. La seva espasa porta un nom propi, i alguns textos parlen d&#8217;una armadura que fa invulnerable.<\/p><p>Un <span class=\"iwg-fachbegriff\" data-tooltip=\"Un element de contingut recurrent en l'art o en la narrativa.\" tabindex=\"0\">motiu<\/span> recurrent s\u00f3n els porcs de Manannan, que es poden matar i menjar i que l&#8217;endem\u00e0 tornen a ser vius, de manera que el seu seguici mai no pateix mancances. Aquest aliment de la immortalitat vincula el d\u00e9u amb la idea d&#8217;un fest\u00ed de l&#8217;Altre M\u00f3n que mai no s&#8217;acaba.<\/p><p>Aquestes possessions s\u00f3n m\u00e9s que un simple atrezzo narratiu. Delimiten el poder del d\u00e9u sobre les fronteres entre els mons, sobre el mar i la terra, sobre el record i l&#8217;oblit, sobre la mort i el retorn. Manannan \u00e9s el transgressor de fronteres per excel\u00b7l\u00e8ncia, i els seus objectes s\u00f3n les eines amb les quals aquestes fronteres es poden travessar.<\/p>\t\t\t\t\t\t\t\t<\/div>\n\t\t\t\t<\/div>\n\t\t\t\t\t<\/div>\n\t\t\t\t<\/div>\n\t\t<div class=\"elementor-element elementor-element-cpb04ffd2 e-flex e-con-boxed e-con e-parent\" data-id=\"cpb04ffd2\" data-element_type=\"container\" data-e-type=\"container\">\n\t\t\t\t\t<div class=\"e-con-inner\">\n\t\t\t\t<div class=\"elementor-element elementor-element-cpd9ce4c0 elementor-widget elementor-widget-heading\" data-id=\"cpd9ce4c0\" data-element_type=\"widget\" data-e-type=\"widget\" data-widget_type=\"heading.default\">\n\t\t\t\t\t<h2 class=\"elementor-heading-title elementor-size-default\">Manannan, Lugh i la paternitat adoptiva en el poble div\u00ed<\/h2>\t\t\t\t<\/div>\n\t\t<div class=\"elementor-element elementor-element-cpc5279ee e-con-full e-flex e-con e-child\" data-id=\"cpc5279ee\" data-element_type=\"container\" data-e-type=\"container\">\n\t\t\t\t<div class=\"elementor-element elementor-element-cpecea760 elementor-widget elementor-widget-text-editor\" data-id=\"cpecea760\" data-element_type=\"widget\" data-e-type=\"widget\" data-widget_type=\"text-editor.default\">\n\t\t\t\t\t\t\t\t\t<p>En la <span class=\"iwg-fachbegriff\" data-tooltip=\"La transmissi\u00f3 de coneixements i relats al llarg de generacions.\" tabindex=\"0\">tradici\u00f3<\/span> irlandesa, Manannan est\u00e0 estretament vinculat a la xarxa de relacions dels <em>Tuatha De Danann<\/em>, especialment mitjan\u00e7ant la instituci\u00f3 de la paternitat adoptiva. A la Irlanda medieval, l&#8217;entrega d&#8217;un infant a un pare adoptiu era una pr\u00e0ctica social important que forjava aliances. Els relats traslladen aquest patr\u00f3 als d\u00e9us.<\/p><p>El m\u00e9s conegut \u00e9s el paper de Manannan com a pare adoptiu del d\u00e9u de la llum Lugh. Segons la <span class=\"iwg-fachbegriff\" data-tooltip=\"La transmissi\u00f3 de coneixements i relats al llarg de generacions.\" tabindex=\"0\">tradici\u00f3<\/span>, Lugh es va criar amb Manannan en el seu regne de l&#8217;altre m\u00f3n, i el d\u00e9u del mar el va dotar d&#8217;alguns dels seus dons abans que Lugh s&#8217;un\u00eds als <em>Tuatha De Danann<\/em>. Aix\u00ed, Manannan es troba a l&#8217;inici de la traject\u00f2ria heroica d&#8217;una de les figures centrals del pante\u00f3 irland\u00e8s.<\/p><p>Fins i tot despr\u00e9s de la derrota dels <em>Tuatha De Danann<\/em> davant els conqueridors humans, Manannan conserva una funci\u00f3 ordenadora.<\/p><p>Una <span class=\"iwg-fachbegriff\" data-tooltip=\"La transmissi\u00f3 de coneixements i relats al llarg de generacions.\" tabindex=\"0\">tradici\u00f3<\/span>, coneguda com <em>Altram Tige Da Medar<\/em>, la crian\u00e7a a la casa dels dos recipients de llet, li atribueix que, despr\u00e9s de la retirada del poble dels d\u00e9us als <em>sid<\/em>, els turons i les llars de l&#8217;altre m\u00f3n, ell els va distribuir entre els diversos d\u00e9us i, aix\u00ed, va ordenar l&#8217;Altre M\u00f3n.<\/p><p>En aquest paper, Manannan actua gaireb\u00e9 com un organitzador de la transici\u00f3 de l&#8217;era dels d\u00e9us a l&#8217;era dels humans.<\/p><p>La seva xarxa de parentiu \u00e9s desigual en les fonts. Diverses dones s&#8217;associen amb ell, entre elles Fand, que t\u00e9 un paper en el relat del llit de malaltia de Cu Chulainn. Tamb\u00e9 se li atribueixen diversos fills.<\/p><p>Aquesta imprecisi\u00f3 \u00e9s t\u00edpica de la tradici\u00f3 divina irlandesa, on les genealogies varien segons el text i la regi\u00f3. Cal retenir que Manannan no \u00e9s un d\u00e9u del mar a\u00efllat, sin\u00f3 una figura que mant\u00e9 unit el poble dels d\u00e9us mitjan\u00e7ant lla\u00e7os de crian\u00e7a i l&#8217;ordenaci\u00f3 de l&#8217;Altre M\u00f3n.<\/p>\t\t\t\t\t\t\t\t<\/div>\n\t\t\t\t<\/div>\n\t\t\t\t\t<\/div>\n\t\t\t\t<\/div>\n\t\t<div class=\"elementor-element elementor-element-cpa5d3d19 e-flex e-con-boxed e-con e-parent\" data-id=\"cpa5d3d19\" data-element_type=\"container\" data-e-type=\"container\">\n\t\t\t\t\t<div class=\"e-con-inner\">\n\t\t\t\t<div class=\"elementor-element elementor-element-cpcf56e79 elementor-widget elementor-widget-heading\" data-id=\"cpcf56e79\" data-element_type=\"widget\" data-e-type=\"widget\" data-widget_type=\"heading.default\">\n\t\t\t\t\t<h2 class=\"elementor-heading-title elementor-size-default\">L'illa de Man i la perviv\u00e8ncia en la creen\u00e7a popular<\/h2>\t\t\t\t<\/div>\n\t\t<div class=\"elementor-element elementor-element-cp2ced30c e-con-full e-flex e-con e-child\" data-id=\"cp2ced30c\" data-element_type=\"container\" data-e-type=\"container\">\n\t\t\t\t<div class=\"elementor-element elementor-element-cp06133ed elementor-widget elementor-widget-text-editor\" data-id=\"cp06133ed\" data-element_type=\"widget\" data-e-type=\"widget\" data-widget_type=\"text-editor.default\">\n\t\t\t\t\t\t\t\t\t<p>L&#8217;illa de Man, al mar d&#8217;Irlanda, deu el seu nom, segons una interpretaci\u00f3 estesa i ja documentada a l&#8217;edat mitjana, a la seva relaci\u00f3 amb Manannan. Els textos irlandesos medievals l&#8217;anomenen com el primer governant o esperit protector de l&#8217;illa i li atribueixen haver-la embolcallat amb boira per amagar-la dels enemics.<\/p><p>Si el nom de l&#8217;illa deriva realment del nom del d\u00e9u o si la relaci\u00f3 es va establir posteriorment de manera secund\u00e0ria no est\u00e0 resolt de manera definitiva des del punt de vista ling\u00fc\u00edstic, per\u00f2 l&#8217;associaci\u00f3 estreta \u00e9s antiga i culturalment influent.<\/p><p>A l&#8217;illa de Man, el record de Manannan es va mantenir fins a l&#8217;\u00e8poca moderna.<\/p><p>Registres de folklore dels segles divuit i dinou documenten el <span class=\"iwg-fachbegriff\" data-tooltip=\"Una pr\u00e0ctica transmesa i repetida regularment en una comunitat.\" tabindex=\"0\">costum<\/span> d&#8217;oferir, a l&#8217;\u00e9sser recordat com <em>Manannan beg mac y Leirr<\/em>, una ofrena de joncs o canyes verdes en el solstici d&#8217;estiu o la vig\u00edlia de determinades festes, sovint en un tur\u00f3. Aquest <span class=\"iwg-fachbegriff\" data-tooltip=\"Una pr\u00e0ctica transmesa i repetida regularment en una comunitat.\" tabindex=\"0\">costum<\/span> vinculava l&#8217;antiga figura amb el ritme de la vida agr\u00edcola i pesquera.<\/p><p>A la mateixa Irlanda, el nom va pervivre en noms de llocs, refranys i relats, sovint molt transformat i separat de la <span class=\"iwg-fachbegriff\" data-tooltip=\"La transmissi\u00f3 de coneixements i relats al llarg de generacions.\" tabindex=\"0\">tradici\u00f3<\/span> erudita. El redescobriment dels manuscrits medievals per la filologia c\u00e8ltica dels segles dinou i vint va retornar el d\u00e9u a la consci\u00e8ncia liter\u00e0ria.<\/p><p>En la vida cultural moderna, Manannan \u00e9s present a l&#8217;illa de Man, per exemple en l&#8217;art p\u00fablic i en el conreu de la identitat local.<\/p><p>Aquesta continu\u00eftat mostra que la figura no \u00e9s nom\u00e9s objecte de la recerca en manuscrits, sin\u00f3 que posseeix, a trav\u00e9s de la cultura insular, una l\u00ednia ininterrompuda, encara que transformada, fins al present. Manannan pertany aix\u00ed a les poques figures divines c\u00e8ltiques cujo nom mai no es va perdre del tot.<\/p>\t\t\t\t\t\t\t\t<\/div>\n\t\t\t\t<\/div>\n\t\t\t\t\t<\/div>\n\t\t\t\t<\/div>\n\t\t<div class=\"elementor-element elementor-element-36dd7469 e-flex e-con-boxed e-con e-parent\" data-id=\"36dd7469\" data-element_type=\"container\" data-e-type=\"container\">\n\t\t\t\t\t<div class=\"e-con-inner\">\n\t\t\t\t<div class=\"elementor-element elementor-element-13760ab4 elementor-widget elementor-widget-heading\" data-id=\"13760ab4\" data-element_type=\"widget\" data-e-type=\"widget\" data-widget_type=\"heading.default\">\n\t\t\t\t\t<h2 class=\"elementor-heading-title elementor-size-default\">Enlla\u00e7os relacionats<\/h2>\t\t\t\t<\/div>\n\t\t<div class=\"elementor-element elementor-element-28c87796 e-con-full e-flex e-con e-child\" data-id=\"28c87796\" data-element_type=\"container\" data-e-type=\"container\">\n\t\t\t\t<div class=\"elementor-element elementor-element-5d6538df elementor-widget elementor-widget-text-editor\" data-id=\"5d6538df\" data-element_type=\"widget\" data-e-type=\"widget\" data-widget_type=\"text-editor.default\">\n\t\t\t\t\t\t\t\t\t<ul><li><a href=\"https:\/\/iwell-guard.com\/ca\/?page_id=171584\">Lugh, d\u00e9u de la llum i guerrer<\/a><\/li><li><a href=\"https:\/\/iwell-guard.com\/ca\/?page_id=171512\">Dagda, d\u00e9u pare i omniscient<\/a><\/li><\/ul>\n\t\t\t\t\t\t\t\t<\/div>\n\t\t\t\t<\/div>\n\t\t\t\t\t<\/div>\n\t\t\t\t<\/div>\n\t\t<div class=\"elementor-element elementor-element-grl4kl40 e-flex e-con-boxed e-con e-parent\" data-id=\"grl4kl40\" data-element_type=\"container\" data-e-type=\"container\">\n\t\t\t\t\t<div class=\"e-con-inner\">\n\t\t\t\t<div class=\"elementor-element elementor-element-bzsbfrmh elementor-widget elementor-widget-heading\" data-id=\"bzsbfrmh\" data-element_type=\"widget\" data-e-type=\"widget\" data-widget_type=\"heading.default\">\n\t\t\t\t\t<h2 class=\"elementor-heading-title elementor-size-default\">Bibliografia (selecci\u00f3)<\/h2>\t\t\t\t<\/div>\n\t\t<div class=\"elementor-element elementor-element-2c13224a e-con-full e-flex e-con e-child\" data-id=\"2c13224a\" data-element_type=\"container\" data-e-type=\"container\">\n\t\t\t\t<div class=\"elementor-element elementor-element-0eymh9ub elementor-widget elementor-widget-text-editor\" data-id=\"0eymh9ub\" data-element_type=\"widget\" data-e-type=\"widget\" data-widget_type=\"text-editor.default\">\n\t\t\t\t\t\t\t\t\t<footer class=\"iwg-literatur\" data-nosnippet=\"true\"><ul><li><span data-nosnippet>\u00d3 h\u00d3g\u00e1in, D.: <em>The Sacred Isle: Belief and Religion in Pre-Christian Ireland<\/em>. Cork University Press, 1999.<\/span><\/li><li><span data-nosnippet>MacKillop, J.: <em>Dictionary of Celtic Mythology<\/em>. Oxford University Press, 2004.<\/span><\/li><\/ul>\n<\/footer>\n<p class=\"iwg-bib-more\"><span data-nosnippet>M\u00e9s obres de refer\u00e8ncia al <a href=\"https:\/\/iwell-guard.com\/ca\/?page_id=171483\">recull bibliogr\u00e0fic<\/a>.<\/span><\/p>\t\t\t\t\t\t\t\t<\/div>\n\t\t\t\t<\/div>\n\t\t\t\t\t<\/div>\n\t\t\t\t<\/div>\n\t\t\t\t<\/div>\n\t\t","protected":false},"excerpt":{"rendered":"","protected":false},"author":3,"featured_media":1617,"parent":0,"menu_order":0,"comment_status":"closed","ping_status":"closed","template":"elementor_header_footer","meta":{"_yoast_wpseo_focuskw":"Manannan mac Lir","_yoast_wpseo_title":"Manannan mac Lir - Senyor del Mar i de l'Altre M\u00f3n","_yoast_wpseo_metadesc":"Manann\u00e1n mac Lir, d\u00e9u del mar c\u00e8ltic i senyor de l'Altre M\u00f3n: mantell de boira, T\u00edr na n\u00d3g i el costum de l'illa de Man. Mite i estat de les fonts.","_yoast_wpseo_meta-robots-noindex":"","_yoast_wpseo_canonical":"","_angie_page":false,"gefaehrdungsstufe":"2","wesen_kultur":"keltisch","wesen_klasse":"goetter","footnotes":""},"categories":[],"class_list":["post-171585","page","type-page","status-publish","has-post-thumbnail","hentry"],"yoast_head":"<!-- This site is optimized with the Yoast SEO Premium plugin v27.7 (Yoast SEO v28.3) - https:\/\/yoast.com\/product\/yoast-seo-premium-wordpress\/ -->\n<title>Manannan mac Lir - Senyor del Mar i de l&#039;Altre M\u00f3n<\/title>\n<meta name=\"description\" content=\"Manann\u00e1n mac Lir, d\u00e9u del mar c\u00e8ltic i senyor de l&#039;Altre M\u00f3n: mantell de boira, T\u00edr na n\u00d3g i el costum de l&#039;illa de Man. Mite i estat de les fonts.\" \/>\n<meta name=\"robots\" content=\"index, follow, max-snippet:-1, max-image-preview:large, max-video-preview:-1\" \/>\n<link rel=\"canonical\" href=\"https:\/\/iwell-guard.com\/ca\/manannan-mac-lir\/\" \/>\n<meta property=\"og:locale\" content=\"ca_ES\" \/>\n<meta property=\"og:type\" content=\"article\" \/>\n<meta property=\"og:title\" content=\"Manannan mac Lir\" \/>\n<meta property=\"og:description\" content=\"Manann\u00e1n mac Lir, d\u00e9u del mar c\u00e8ltic i senyor de l&#039;Altre M\u00f3n: mantell de boira, T\u00edr na n\u00d3g i el costum de l&#039;illa de Man. Mite i estat de les fonts.\" \/>\n<meta property=\"og:url\" content=\"https:\/\/iwell-guard.com\/ca\/manannan-mac-lir\/\" \/>\n<meta property=\"og:site_name\" content=\"iWell Guard\" \/>\n<meta property=\"article:modified_time\" content=\"2026-09-05T16:01:46+00:00\" \/>\n<meta property=\"og:image\" content=\"https:\/\/iwell-guard.com\/wp-content\/uploads\/2026\/04\/goetter_keltisch_manannan-mac-lir.webp\" \/>\n\t<meta property=\"og:image:width\" content=\"1024\" \/>\n\t<meta property=\"og:image:height\" content=\"1536\" \/>\n\t<meta property=\"og:image:type\" content=\"image\/webp\" \/>\n<meta name=\"twitter:card\" content=\"summary_large_image\" \/>\n<script type=\"application\/ld+json\" class=\"yoast-schema-graph\">{\"@context\":\"https:\\\/\\\/schema.org\",\"@graph\":[{\"@type\":\"WebPage\",\"@id\":\"https:\\\/\\\/iwell-guard.com\\\/ca\\\/manannan-mac-lir\\\/\",\"url\":\"https:\\\/\\\/iwell-guard.com\\\/ca\\\/manannan-mac-lir\\\/\",\"name\":\"Manannan mac Lir - Senyor del Mar i de l'Altre M\u00f3n\",\"isPartOf\":{\"@id\":\"https:\\\/\\\/iwell-guard.com\\\/ca\\\/#website\"},\"primaryImageOfPage\":{\"@id\":\"https:\\\/\\\/iwell-guard.com\\\/ca\\\/manannan-mac-lir\\\/#primaryimage\"},\"image\":{\"@id\":\"https:\\\/\\\/iwell-guard.com\\\/ca\\\/manannan-mac-lir\\\/#primaryimage\"},\"thumbnailUrl\":\"https:\\\/\\\/iwell-guard.com\\\/wp-content\\\/uploads\\\/2026\\\/04\\\/goetter_keltisch_manannan-mac-lir.webp\",\"datePublished\":\"2026-09-05T15:40:38+00:00\",\"dateModified\":\"2026-09-05T16:01:46+00:00\",\"description\":\"Manann\u00e1n mac Lir, d\u00e9u del mar c\u00e8ltic i senyor de l'Altre M\u00f3n: mantell de boira, T\u00edr na n\u00d3g i el costum de l'illa de Man. Mite i estat de les fonts.\",\"breadcrumb\":{\"@id\":\"https:\\\/\\\/iwell-guard.com\\\/ca\\\/manannan-mac-lir\\\/#breadcrumb\"},\"inLanguage\":\"ca\",\"potentialAction\":[{\"@type\":\"ReadAction\",\"target\":[\"https:\\\/\\\/iwell-guard.com\\\/ca\\\/manannan-mac-lir\\\/\"]}]},{\"@type\":\"ImageObject\",\"inLanguage\":\"ca\",\"@id\":\"https:\\\/\\\/iwell-guard.com\\\/ca\\\/manannan-mac-lir\\\/#primaryimage\",\"url\":\"https:\\\/\\\/iwell-guard.com\\\/wp-content\\\/uploads\\\/2026\\\/04\\\/goetter_keltisch_manannan-mac-lir.webp\",\"contentUrl\":\"https:\\\/\\\/iwell-guard.com\\\/wp-content\\\/uploads\\\/2026\\\/04\\\/goetter_keltisch_manannan-mac-lir.webp\",\"width\":1024,\"height\":1536,\"caption\":\"D\u00e9us de la tradici\u00f3 c\u00e8ltica.\"},{\"@type\":\"BreadcrumbList\",\"@id\":\"https:\\\/\\\/iwell-guard.com\\\/ca\\\/manannan-mac-lir\\\/#breadcrumb\",\"itemListElement\":[{\"@type\":\"ListItem\",\"position\":1,\"name\":\"Start\",\"item\":\"https:\\\/\\\/iwell-guard.com\\\/ca\\\/?page_id=171333\"},{\"@type\":\"ListItem\",\"position\":2,\"name\":\"Manannan mac Lir\"}]},{\"@type\":\"WebSite\",\"@id\":\"https:\\\/\\\/iwell-guard.com\\\/ca\\\/#website\",\"url\":\"https:\\\/\\\/iwell-guard.com\\\/ca\\\/\",\"name\":\"iWell Guard\",\"description\":\"Schutz vor dunklen Einfl\u00fcssen\",\"publisher\":{\"@id\":\"https:\\\/\\\/iwell-guard.com\\\/ca\\\/#organization\"},\"potentialAction\":[{\"@type\":\"SearchAction\",\"target\":{\"@type\":\"EntryPoint\",\"urlTemplate\":\"https:\\\/\\\/iwell-guard.com\\\/ca\\\/?s={search_term_string}\"},\"query-input\":{\"@type\":\"PropertyValueSpecification\",\"valueRequired\":true,\"valueName\":\"search_term_string\"}}],\"inLanguage\":\"ca\"},{\"@type\":\"Organization\",\"@id\":\"https:\\\/\\\/iwell-guard.com\\\/ca\\\/#organization\",\"name\":\"Ittermann electronic GmbH\",\"url\":\"https:\\\/\\\/iwell-guard.com\\\/ca\\\/\",\"logo\":{\"@type\":\"ImageObject\",\"inLanguage\":\"ca\",\"@id\":\"https:\\\/\\\/iwell-guard.com\\\/ca\\\/#\\\/schema\\\/logo\\\/image\\\/\",\"url\":\"https:\\\/\\\/iwell-guard.com\\\/wp-content\\\/uploads\\\/2026\\\/05\\\/Ittermann-Logo-1182x237-1.png\",\"contentUrl\":\"https:\\\/\\\/iwell-guard.com\\\/wp-content\\\/uploads\\\/2026\\\/05\\\/Ittermann-Logo-1182x237-1.png\",\"width\":1182,\"height\":237,\"caption\":\"Ittermann electronic GmbH\"},\"image\":{\"@id\":\"https:\\\/\\\/iwell-guard.com\\\/ca\\\/#\\\/schema\\\/logo\\\/image\\\/\"},\"sameAs\":[\"https:\\\/\\\/pantip.com\\\/profile\\\/9367242\",\"https:\\\/\\\/micro.blog\\\/iwellguard\",\"https:\\\/\\\/www.diggerslist.com\\\/iwellguard\\\/about\",\"https:\\\/\\\/skitterphoto.com\\\/photographers\\\/2870314\\\/iwell-guard\",\"https:\\\/\\\/iwellguard.wordpress.com\\\/2026\\\/06\\\/06\\\/iwell-guard\\\/\",\"https:\\\/\\\/hub.docker.com\\\/u\\\/iwellguard\",\"https:\\\/\\\/www.pinterest.com\\\/iwellguard\\\/\",\"https:\\\/\\\/bit.ly\\\/m\\\/iwellguard\",\"https:\\\/\\\/entre-vos-mains.alsace.eu\\\/profiles\\\/iwellguard\\\/activity\",\"https:\\\/\\\/gravatar.com\\\/reallybeded8fd34\",\"https:\\\/\\\/naijamatta.com\\\/iwellguard\",\"https:\\\/\\\/www.goodreads.com\\\/iwellguard\",\"https:\\\/\\\/profile.hatena.ne.jp\\\/iwellguard\\\/\",\"https:\\\/\\\/experiment.com\\\/users\\\/iwellguard\",\"https:\\\/\\\/wakelet.com\\\/@iWellGuard82270\",\"https:\\\/\\\/www.chordie.com\\\/forum\\\/profile.php?id=2555664\",\"https:\\\/\\\/www.instapaper.com\\\/p\\\/17757966\",\"https:\\\/\\\/www.mapleprimes.com\\\/users\\\/iwellguard\",\"https:\\\/\\\/businesslistingplus.com\\\/profile\\\/iwell-guard\\\/\",\"https:\\\/\\\/telegra.ph\\\/iWell-Guard-06-06\",\"https:\\\/\\\/pbase.com\\\/iwellguard\\\/iwellguard\",\"https:\\\/\\\/b.hatena.ne.jp\\\/iwellguard\\\/20260607#bookmark-4788405196491818882\",\"https:\\\/\\\/fliphtml5.com\\\/home\\\/iwellguard\",\"https:\\\/\\\/anyflip.com\\\/homepage\\\/cmiwl#About\",\"https:\\\/\\\/transfur.com\\\/Users\\\/iwellguard\",\"http:\\\/\\\/delphi.larsbo.org\\\/user\\\/iwellguard\",\"https:\\\/\\\/jobs.lajobsportal.org\\\/profiles\\\/8380803-iwell-guard\",\"https:\\\/\\\/md.chaosdorf.de\\\/s\\\/jfbe5SBdJD\",\"https:\\\/\\\/www.lingvolive.com\\\/en-us\\\/profile\\\/9ecaeaca-ce11-4e51-9e71-01d55e2bff36\\\/translations\",\"https:\\\/\\\/www.fitday.com\\\/fitness\\\/forums\\\/members\\\/iwellguard.html\",\"https:\\\/\\\/www.mymeetbook.com\\\/iwellguard\",\"https:\\\/\\\/pxhere.com\\\/en\\\/photographer-me\\\/5040798\",\"https:\\\/\\\/disqus.com\\\/by\\\/iwellguard\\\/about\\\/\",\"https:\\\/\\\/pastelink.net\\\/hjwciqwq\",\"https:\\\/\\\/pubhtml5.com\\\/homepage\\\/scjhn\\\/\",\"https:\\\/\\\/www.bitchute.com\\\/channel\\\/2O2eOKzNqujT\",\"https:\\\/\\\/audiomack.com\\\/iwellguard\"]},{\"@type\":\"Article\",\"@id\":\"https:\\\/\\\/iwell-guard.com\\\/ca\\\/manannan-mac-lir\\\/#article\",\"isPartOf\":{\"@id\":\"https:\\\/\\\/iwell-guard.com\\\/ca\\\/manannan-mac-lir\\\/\"},\"author\":{\"name\":\"Ralf Ittermann\",\"@id\":\"https:\\\/\\\/iwell-guard.com\\\/ca\\\/#\\\/schema\\\/person\\\/ee2a27f1cac3406c7c6fb5820cb7349f\"},\"headline\":\"Manannan mac Lir\",\"datePublished\":\"2026-09-05T15:40:38+00:00\",\"dateModified\":\"2026-09-05T16:01:46+00:00\",\"mainEntityOfPage\":{\"@id\":\"https:\\\/\\\/iwell-guard.com\\\/ca\\\/manannan-mac-lir\\\/\"},\"publisher\":{\"@id\":\"https:\\\/\\\/iwell-guard.com\\\/ca\\\/#organization\"},\"image\":{\"@id\":\"https:\\\/\\\/iwell-guard.com\\\/ca\\\/manannan-mac-lir\\\/#primaryimage\"},\"thumbnailUrl\":\"https:\\\/\\\/iwell-guard.com\\\/wp-content\\\/uploads\\\/2026\\\/04\\\/goetter_keltisch_manannan-mac-lir.webp\",\"inLanguage\":\"ca\",\"description\":\"Manann\u00e1n mac Lir, d\u00e9u del mar c\u00e8ltic i senyor de l'Altre M\u00f3n: mantell de boira, T\u00edr na n\u00d3g i el costum de l'illa de Man. Mite i estat de les fonts.\"}]}<\/script>\n<!-- \/ Yoast SEO Premium plugin. -->","yoast_head_json":{"title":"Manannan mac Lir - Senyor del Mar i de l'Altre M\u00f3n","description":"Manann\u00e1n mac Lir, d\u00e9u del mar c\u00e8ltic i senyor de l'Altre M\u00f3n: mantell de boira, T\u00edr na n\u00d3g i el costum de l'illa de Man. Mite i estat de les fonts.","robots":{"index":"index","follow":"follow","max-snippet":"max-snippet:-1","max-image-preview":"max-image-preview:large","max-video-preview":"max-video-preview:-1"},"canonical":"https:\/\/iwell-guard.com\/ca\/manannan-mac-lir\/","og_locale":"ca_ES","og_type":"article","og_title":"Manannan mac Lir","og_description":"Manann\u00e1n mac Lir, d\u00e9u del mar c\u00e8ltic i senyor de l'Altre M\u00f3n: mantell de boira, T\u00edr na n\u00d3g i el costum de l'illa de Man. Mite i estat de les fonts.","og_url":"https:\/\/iwell-guard.com\/ca\/manannan-mac-lir\/","og_site_name":"iWell Guard","article_modified_time":"2026-09-05T16:01:46+00:00","og_image":[{"width":1024,"height":1536,"url":"https:\/\/iwell-guard.com\/wp-content\/uploads\/2026\/04\/goetter_keltisch_manannan-mac-lir.webp","type":"image\/webp"}],"twitter_card":"summary_large_image","schema":{"@context":"https:\/\/schema.org","@graph":[{"@type":"Article","@id":"https:\/\/iwell-guard.com\/ca\/manannan-mac-lir\/#article","isPartOf":{"@id":"https:\/\/iwell-guard.com\/ca\/manannan-mac-lir\/"},"author":{"name":"Ralf Ittermann","@id":"https:\/\/iwell-guard.com\/ca\/#\/schema\/person\/ee2a27f1cac3406c7c6fb5820cb7349f"},"headline":"Manannan mac Lir","datePublished":"2026-09-05T15:40:38+00:00","dateModified":"2026-09-05T16:01:46+00:00","mainEntityOfPage":{"@id":"https:\/\/iwell-guard.com\/ca\/manannan-mac-lir\/"},"publisher":{"@id":"https:\/\/iwell-guard.com\/ca\/#organization"},"image":{"@id":"https:\/\/iwell-guard.com\/ca\/manannan-mac-lir\/#primaryimage"},"thumbnailUrl":"https:\/\/iwell-guard.com\/wp-content\/uploads\/2026\/04\/goetter_keltisch_manannan-mac-lir.webp","inLanguage":"ca","description":"Manann\u00e1n mac Lir, d\u00e9u del mar c\u00e8ltic i senyor de l'Altre M\u00f3n: mantell de boira, T\u00edr na n\u00d3g i el costum de l'illa de Man. Mite i estat de les fonts."},{"@type":"WebPage","@id":"https:\/\/iwell-guard.com\/ca\/manannan-mac-lir\/","url":"https:\/\/iwell-guard.com\/ca\/manannan-mac-lir\/","name":"Manannan mac Lir - Senyor del Mar i de l'Altre M\u00f3n","isPartOf":{"@id":"https:\/\/iwell-guard.com\/ca\/#website"},"primaryImageOfPage":{"@id":"https:\/\/iwell-guard.com\/ca\/manannan-mac-lir\/#primaryimage"},"image":{"@id":"https:\/\/iwell-guard.com\/ca\/manannan-mac-lir\/#primaryimage"},"thumbnailUrl":"https:\/\/iwell-guard.com\/wp-content\/uploads\/2026\/04\/goetter_keltisch_manannan-mac-lir.webp","datePublished":"2026-09-05T15:40:38+00:00","dateModified":"2026-09-05T16:01:46+00:00","description":"Manann\u00e1n mac Lir, d\u00e9u del mar c\u00e8ltic i senyor de l'Altre M\u00f3n: mantell de boira, T\u00edr na n\u00d3g i el costum de l'illa de Man. Mite i estat de les fonts.","breadcrumb":{"@id":"https:\/\/iwell-guard.com\/ca\/manannan-mac-lir\/#breadcrumb"},"inLanguage":"ca","potentialAction":[{"@type":"ReadAction","target":["https:\/\/iwell-guard.com\/ca\/manannan-mac-lir\/"]}]},{"@type":"ImageObject","inLanguage":"ca","@id":"https:\/\/iwell-guard.com\/ca\/manannan-mac-lir\/#primaryimage","url":"https:\/\/iwell-guard.com\/wp-content\/uploads\/2026\/04\/goetter_keltisch_manannan-mac-lir.webp","contentUrl":"https:\/\/iwell-guard.com\/wp-content\/uploads\/2026\/04\/goetter_keltisch_manannan-mac-lir.webp","width":1024,"height":1536,"caption":"D\u00e9us de la tradici\u00f3 c\u00e8ltica."},{"@type":"BreadcrumbList","@id":"https:\/\/iwell-guard.com\/ca\/manannan-mac-lir\/#breadcrumb","itemListElement":[{"@type":"ListItem","position":1,"name":"Start","item":"https:\/\/iwell-guard.com\/ca\/?page_id=171333"},{"@type":"ListItem","position":2,"name":"Manannan mac Lir"}]},{"@type":"WebSite","@id":"https:\/\/iwell-guard.com\/ca\/#website","url":"https:\/\/iwell-guard.com\/ca\/","name":"iWell Guard","description":"Schutz vor dunklen Einfl\u00fcssen","publisher":{"@id":"https:\/\/iwell-guard.com\/ca\/#organization"},"potentialAction":[{"@type":"SearchAction","target":{"@type":"EntryPoint","urlTemplate":"https:\/\/iwell-guard.com\/ca\/?s={search_term_string}"},"query-input":{"@type":"PropertyValueSpecification","valueRequired":true,"valueName":"search_term_string"}}],"inLanguage":"ca"},{"@type":"Organization","@id":"https:\/\/iwell-guard.com\/ca\/#organization","name":"Ittermann electronic GmbH","url":"https:\/\/iwell-guard.com\/ca\/","logo":{"@type":"ImageObject","inLanguage":"ca","@id":"https:\/\/iwell-guard.com\/ca\/#\/schema\/logo\/image\/","url":"https:\/\/iwell-guard.com\/wp-content\/uploads\/2026\/05\/Ittermann-Logo-1182x237-1.png","contentUrl":"https:\/\/iwell-guard.com\/wp-content\/uploads\/2026\/05\/Ittermann-Logo-1182x237-1.png","width":1182,"height":237,"caption":"Ittermann electronic GmbH"},"image":{"@id":"https:\/\/iwell-guard.com\/ca\/#\/schema\/logo\/image\/"},"sameAs":["https:\/\/pantip.com\/profile\/9367242","https:\/\/micro.blog\/iwellguard","https:\/\/www.diggerslist.com\/iwellguard\/about","https:\/\/skitterphoto.com\/photographers\/2870314\/iwell-guard","https:\/\/iwellguard.wordpress.com\/2026\/06\/06\/iwell-guard\/","https:\/\/hub.docker.com\/u\/iwellguard","https:\/\/www.pinterest.com\/iwellguard\/","https:\/\/bit.ly\/m\/iwellguard","https:\/\/entre-vos-mains.alsace.eu\/profiles\/iwellguard\/activity","https:\/\/gravatar.com\/reallybeded8fd34","https:\/\/naijamatta.com\/iwellguard","https:\/\/www.goodreads.com\/iwellguard","https:\/\/profile.hatena.ne.jp\/iwellguard\/","https:\/\/experiment.com\/users\/iwellguard","https:\/\/wakelet.com\/@iWellGuard82270","https:\/\/www.chordie.com\/forum\/profile.php?id=2555664","https:\/\/www.instapaper.com\/p\/17757966","https:\/\/www.mapleprimes.com\/users\/iwellguard","https:\/\/businesslistingplus.com\/profile\/iwell-guard\/","https:\/\/telegra.ph\/iWell-Guard-06-06","https:\/\/pbase.com\/iwellguard\/iwellguard","https:\/\/b.hatena.ne.jp\/iwellguard\/20260607#bookmark-4788405196491818882","https:\/\/fliphtml5.com\/home\/iwellguard","https:\/\/anyflip.com\/homepage\/cmiwl#About","https:\/\/transfur.com\/Users\/iwellguard","http:\/\/delphi.larsbo.org\/user\/iwellguard","https:\/\/jobs.lajobsportal.org\/profiles\/8380803-iwell-guard","https:\/\/md.chaosdorf.de\/s\/jfbe5SBdJD","https:\/\/www.lingvolive.com\/en-us\/profile\/9ecaeaca-ce11-4e51-9e71-01d55e2bff36\/translations","https:\/\/www.fitday.com\/fitness\/forums\/members\/iwellguard.html","https:\/\/www.mymeetbook.com\/iwellguard","https:\/\/pxhere.com\/en\/photographer-me\/5040798","https:\/\/disqus.com\/by\/iwellguard\/about\/","https:\/\/pastelink.net\/hjwciqwq","https:\/\/pubhtml5.com\/homepage\/scjhn\/","https:\/\/www.bitchute.com\/channel\/2O2eOKzNqujT","https:\/\/audiomack.com\/iwellguard"]},{"@type":"Person","@id":"https:\/\/iwell-guard.com\/ca\/#\/schema\/person\/ee2a27f1cac3406c7c6fb5820cb7349f","name":"Ralf Ittermann","image":{"@type":"ImageObject","inLanguage":"ca","@id":"https:\/\/secure.gravatar.com\/avatar\/073c0153e350a5005b68eb752b445fea71f6b24a26da9449ad7e155e6b446c9d?s=96&d=mm&r=g","url":"https:\/\/secure.gravatar.com\/avatar\/073c0153e350a5005b68eb752b445fea71f6b24a26da9449ad7e155e6b446c9d?s=96&d=mm&r=g","contentUrl":"https:\/\/secure.gravatar.com\/avatar\/073c0153e350a5005b68eb752b445fea71f6b24a26da9449ad7e155e6b446c9d?s=96&d=mm&r=g","caption":"Ralf Ittermann"},"givenName":"Ralf","familyName":"Ittermann","jobTitle":"Gesch\u00e4ftsf\u00fchrer und redaktioneller Verantwortlicher","url":"https:\/\/iwell-guard.com\/ca\/author\/claude\/","description":"Ralf Ittermann ist Gesch\u00e4ftsf\u00fchrer der Ittermann electronic GmbH und redaktioneller Verantwortlicher des iWell-Guard-Lexikons. Er verbindet langj\u00e4hrige Erfahrung in der Pr\u00e4zisionsfertigung mit medialer Praxis und religionsgeschichtlicher Quellenarbeit.","worksFor":{"@type":"Organization","name":"Ittermann electronic GmbH","url":"https:\/\/ittermann.de\/","address":{"@type":"PostalAddress","streetAddress":"K\u00f6hlergasse 16-18","postalCode":"99842","addressLocality":"Ruhla","addressCountry":"DE"}},"knowsAbout":["Religionsgeschichte","Mythologie","Mediale Praxis","Energetische Diagnostik","Schutzpraxis","Volksglauben","Westliche Esoterik"]},{"@type":"Article","@id":"https:\/\/iwell-guard.com\/ca\/manannan-mac-lir\/#article","isPartOf":{"@id":"https:\/\/iwell-guard.com\/ca\/manannan-mac-lir\/"},"author":{"name":"Ralf Ittermann","@id":"https:\/\/iwell-guard.com\/ca\/#\/schema\/person\/ee2a27f1cac3406c7c6fb5820cb7349f"},"headline":"Manannan mac Lir","datePublished":"2026-09-05T15:40:38+00:00","dateModified":"2026-09-05T16:01:46+00:00","mainEntityOfPage":{"@id":"https:\/\/iwell-guard.com\/ca\/manannan-mac-lir\/"},"publisher":{"@id":"https:\/\/iwell-guard.com\/ca\/#organization"},"image":{"@id":"https:\/\/iwell-guard.com\/ca\/manannan-mac-lir\/#primaryimage"},"thumbnailUrl":"https:\/\/iwell-guard.com\/wp-content\/uploads\/2026\/04\/goetter_keltisch_manannan-mac-lir.webp","inLanguage":"ca","description":"Manann\u00e1n mac Lir, d\u00e9u del mar c\u00e8ltic i senyor de l'Altre M\u00f3n: mantell de boira, T\u00edr na n\u00d3g i el costum de l'illa de Man. Mite i estat de les fonts."}]}},"_links":{"self":[{"href":"https:\/\/iwell-guard.com\/ca\/wp-json\/wp\/v2\/pages\/171585","targetHints":{"allow":["GET"]}}],"collection":[{"href":"https:\/\/iwell-guard.com\/ca\/wp-json\/wp\/v2\/pages"}],"about":[{"href":"https:\/\/iwell-guard.com\/ca\/wp-json\/wp\/v2\/types\/page"}],"author":[{"embeddable":true,"href":"https:\/\/iwell-guard.com\/ca\/wp-json\/wp\/v2\/users\/3"}],"replies":[{"embeddable":true,"href":"https:\/\/iwell-guard.com\/ca\/wp-json\/wp\/v2\/comments?post=171585"}],"version-history":[{"count":0,"href":"https:\/\/iwell-guard.com\/ca\/wp-json\/wp\/v2\/pages\/171585\/revisions"}],"wp:featuredmedia":[{"embeddable":true,"href":"https:\/\/iwell-guard.com\/ca\/wp-json\/wp\/v2\/media\/1617"}],"wp:attachment":[{"href":"https:\/\/iwell-guard.com\/ca\/wp-json\/wp\/v2\/media?parent=171585"}],"wp:term":[{"taxonomy":"category","embeddable":true,"href":"https:\/\/iwell-guard.com\/ca\/wp-json\/wp\/v2\/categories?post=171585"}],"curies":[{"name":"wp","href":"https:\/\/api.w.org\/{rel}","templated":true}]}}