{"id":171584,"date":"2026-09-05T15:40:38","date_gmt":"2026-09-05T15:40:38","guid":{"rendered":"https:\/\/iwell-guard.com\/?page_id=171584"},"modified":"2026-09-05T16:01:45","modified_gmt":"2026-09-05T16:01:45","slug":"lugh","status":"publish","type":"page","link":"https:\/\/iwell-guard.com\/ca\/lugh\/","title":{"rendered":"Lugh"},"content":{"rendered":"\t\t<div data-elementor-type=\"wp-page\" data-elementor-id=\"171584\" class=\"elementor elementor-171584 elementor-2126 elementor-bc-flex-widget\" data-elementor-post-type=\"page\">\n\t\t\t\t<div class=\"elementor-element elementor-element-10fdade e-flex e-con-boxed e-con e-parent\" data-id=\"10fdade\" data-element_type=\"container\" data-e-type=\"container\" data-settings=\"{&quot;background_background&quot;:&quot;classic&quot;}\">\n\t\t\t\t\t<div class=\"e-con-inner\">\n\t\t<div class=\"elementor-element elementor-element-herohlft0 e-flex e-con-boxed e-con e-child\" data-id=\"herohlft0\" data-element_type=\"container\" data-e-type=\"container\">\n\t\t\t\t\t<div class=\"e-con-inner\">\n\t\t<div class=\"elementor-element elementor-element-c3ceb64 e-con-full e-flex e-con e-child\" data-id=\"c3ceb64\" data-element_type=\"container\" data-e-type=\"container\">\n\t\t\t\t<div class=\"elementor-element elementor-element-96ae5e1 elementor-widget elementor-widget-heading\" data-id=\"96ae5e1\" data-element_type=\"widget\" data-e-type=\"widget\" data-widget_type=\"heading.default\">\n\t\t\t\t\t<h1 class=\"elementor-heading-title elementor-size-default\">Lugh, d\u00e9u de la tradici\u00f3 celta<\/h1>\t\t\t\t<\/div>\n\t\t\t\t<div class=\"elementor-element elementor-element-e45238a elementor-widget elementor-widget-text-editor\" data-id=\"e45238a\" data-element_type=\"widget\" data-e-type=\"widget\" data-widget_type=\"text-editor.default\">\n\t\t\t\t\t\t\t\t\t<p>Lugh \u00e9s el d\u00e9u de la tradici\u00f3 celta, conegut com el \u00abbra\u00e7 llarg\u00bb (Lugh L\u00e1mfhada), d\u00e9u de les arts, de la guerra, de la llum i de l&#8217;habilitat artesanal. Des del punt de vista de la hist\u00f2ria de les religions, representa el tipus indoeuropeu del d\u00e9u cultural universalment dotat i \u00e9s, culturalment i hist\u00f2ricament, una de les divinitats celtes millor documentades.<\/p>\t\t\t\t\t\t\t\t<\/div>\n\t\t\t\t<\/div>\n\t\t<div class=\"elementor-element elementor-element-klsbdg01 e-con-full e-flex e-con e-parent\" data-id=\"klsbdg01\" data-element_type=\"container\" data-e-type=\"container\">\n\t\t\t\t<div class=\"elementor-element elementor-element-klshtm01 elementor-widget elementor-widget-html\" data-id=\"klshtm01\" data-element_type=\"widget\" data-e-type=\"widget\" data-widget_type=\"html.default\">\n\t\t\t\t\t<div class=\"iwg-pill-row\"><span class=\"iwg-klasse-badge\" tabindex=\"0\" data-tooltip=\"D\u00e9u \/ Deessa: Poder m\u00e0xim personificat en el pante\u00f3 d'una cultura, amb compet\u00e8ncies clares, forces de la natura, dest\u00ed, guerra, fertilitat. Venerat mitjan\u00e7ant cultes, ofrenes i institucions de temple.\">D\u00e9u<\/span><a href=\"https:\/\/iwell-guard.com\/ca\/?page_id=171367\" class=\"iwg-kultur-badge\" tabindex=\"0\" data-tooltip=\"Religi\u00f3 celta d'Europa occidental i de les Illes Brit\u00e0niques, transmesa mitol\u00f2gicament a trav\u00e9s de textos irlandesos i gal\u00b7lesos.\">Celta<\/a><a href=\"https:\/\/iwell-guard.com\/ca\/?page_id=171459\" class=\"iwg-tradition-badge\" tabindex=\"0\" data-tooltip=\"Els d\u00e9us m\u00e9s elevats d'un pante\u00f3, sobirania c\u00f2smica, aspecte creador o sobir\u00e0.\">Alta divinitat<\/a><\/div>\t\t\t\t<\/div>\n\t\t\t\t<\/div>\n\t\t<div class=\"elementor-element elementor-element-3f74855 e-con-full e-flex e-con e-child\" data-id=\"3f74855\" data-element_type=\"container\" data-e-type=\"container\">\n\t\t\t\t<div class=\"elementor-element elementor-element-1c30362 elementor-toc--minimized-on-tablet elementor-widget elementor-widget-table-of-contents\" data-id=\"1c30362\" data-element_type=\"widget\" data-e-type=\"widget\" data-settings=\"{&quot;exclude_headings_by_selector&quot;:[],&quot;no_headings_message&quot;:&quot;No s&#039;ha trobat cap encap\\u00e7alament en aquesta p\\u00e0gina.&quot;,&quot;headings_by_tags&quot;:[&quot;h2&quot;,&quot;h3&quot;],&quot;marker_view&quot;:&quot;bullets&quot;,&quot;minimize_box&quot;:&quot;yes&quot;,&quot;icon&quot;:{&quot;value&quot;:&quot;fas fa-circle&quot;,&quot;library&quot;:&quot;fa-solid&quot;,&quot;rendered_tag&quot;:&quot;&lt;svg class=\\&quot;e-font-icon-svg e-fas-circle\\&quot; viewBox=\\&quot;0 0 512 512\\&quot; xmlns=\\&quot;http:\\\/\\\/www.w3.org\\\/2000\\\/svg\\&quot;&gt;&lt;path d=\\&quot;M256 8C119 8 8 119 8 256s111 248 248 248 248-111 248-248S393 8 256 8z\\&quot;&gt;&lt;\\\/path&gt;&lt;\\\/svg&gt;&quot;},&quot;minimized_on&quot;:&quot;tablet&quot;,&quot;hierarchical_view&quot;:&quot;yes&quot;,&quot;min_height&quot;:{&quot;unit&quot;:&quot;px&quot;,&quot;size&quot;:&quot;&quot;,&quot;sizes&quot;:[]},&quot;min_height_tablet&quot;:{&quot;unit&quot;:&quot;px&quot;,&quot;size&quot;:&quot;&quot;,&quot;sizes&quot;:[]},&quot;min_height_mobile&quot;:{&quot;unit&quot;:&quot;px&quot;,&quot;size&quot;:&quot;&quot;,&quot;sizes&quot;:[]}}\" data-widget_type=\"table-of-contents.default\">\n\t\t\t\t\t\t\t\t\t<div class=\"elementor-toc__header\">\n\t\t\t\t\t\t<h2 class=\"elementor-toc__header-title\">\n\t\t\t\t\u00cdndex\t\t\t<\/h2>\n\t\t\t\t\t\t\t\t\t\t<div class=\"elementor-toc__toggle-button elementor-toc__toggle-button--expand\" role=\"button\" tabindex=\"0\" aria-controls=\"elementor-toc__1c30362\" aria-expanded=\"true\" aria-label=\"Open table of contents\"><svg aria-hidden=\"true\" class=\"e-font-icon-svg e-fas-chevron-down\" viewBox=\"0 0 448 512\" xmlns=\"http:\/\/www.w3.org\/2000\/svg\"><path d=\"M207.029 381.476L12.686 187.132c-9.373-9.373-9.373-24.569 0-33.941l22.667-22.667c9.357-9.357 24.522-9.375 33.901-.04L224 284.505l154.745-154.021c9.379-9.335 24.544-9.317 33.901.04l22.667 22.667c9.373 9.373 9.373 24.569 0 33.941L240.971 381.476c-9.373 9.372-24.569 9.372-33.942 0z\"><\/path><\/svg><\/div>\n\t\t\t\t<div class=\"elementor-toc__toggle-button elementor-toc__toggle-button--collapse\" role=\"button\" tabindex=\"0\" aria-controls=\"elementor-toc__1c30362\" aria-expanded=\"true\" aria-label=\"Close table of contents\"><svg aria-hidden=\"true\" class=\"e-font-icon-svg e-fas-chevron-up\" viewBox=\"0 0 448 512\" xmlns=\"http:\/\/www.w3.org\/2000\/svg\"><path d=\"M240.971 130.524l194.343 194.343c9.373 9.373 9.373 24.569 0 33.941l-22.667 22.667c-9.357 9.357-24.522 9.375-33.901.04L224 227.495 69.255 381.516c-9.379 9.335-24.544 9.317-33.901-.04l-22.667-22.667c-9.373-9.373-9.373-24.569 0-33.941L207.03 130.525c9.372-9.373 24.568-9.373 33.941-.001z\"><\/path><\/svg><\/div>\n\t\t\t\t\t<\/div>\n\t\t\t\t<div id=\"elementor-toc__1c30362\" class=\"elementor-toc__body\">\n\t\t\t<div class=\"elementor-toc__spinner-container\">\n\t\t\t\t<svg class=\"elementor-toc__spinner eicon-animation-spin e-font-icon-svg e-eicon-loading\" aria-hidden=\"true\" viewBox=\"0 0 1000 1000\" xmlns=\"http:\/\/www.w3.org\/2000\/svg\"><path d=\"M500 975V858C696 858 858 696 858 500S696 142 500 142 142 304 142 500H25C25 237 238 25 500 25S975 237 975 500 763 975 500 975Z\"><\/path><\/svg>\t\t\t<\/div>\n\t\t<\/div>\n\t\t\t\t\t\t<\/div>\n\t\t\t\t<\/div>\n\t\t\t\t\t<\/div>\n\t\t\t\t<\/div>\n\t\t<div class=\"elementor-element elementor-element-herorght0 e-con-full e-flex e-con e-child\" data-id=\"herorght0\" data-element_type=\"container\" data-e-type=\"container\">\n\t\t\t\t<div class=\"elementor-element elementor-element-heroimg00 iwg-hero-image elementor-widget elementor-widget-image\" data-id=\"heroimg00\" data-element_type=\"widget\" data-e-type=\"widget\" data-widget_type=\"image.default\">\n\t\t\t\t\t\t\t\t\t\t\t\t\t\t\t<img fetchpriority=\"high\" decoding=\"async\" width=\"683\" height=\"1024\" src=\"https:\/\/iwell-guard.com\/wp-content\/uploads\/2026\/04\/goetter_keltisch_lugh-683x1024.webp\" class=\"attachment-large size-large wp-image-1616\" alt=\"Lugh\" srcset=\"https:\/\/iwell-guard.com\/wp-content\/uploads\/2026\/04\/goetter_keltisch_lugh-683x1024.webp 683w, https:\/\/iwell-guard.com\/wp-content\/uploads\/2026\/04\/goetter_keltisch_lugh-200x300.webp 200w, https:\/\/iwell-guard.com\/wp-content\/uploads\/2026\/04\/goetter_keltisch_lugh-768x1152.webp 768w, https:\/\/iwell-guard.com\/wp-content\/uploads\/2026\/04\/goetter_keltisch_lugh.webp 1024w\" sizes=\"(max-width: 683px) 100vw, 683px\" \/>\t\t\t\t\t\t\t\t\t\t\t\t\t\t\t<\/div>\n\t\t\t\t<\/div>\n\t\t\t\t\t<\/div>\n\t\t\t\t<\/div>\n\t\t<div class=\"elementor-element elementor-element-32917199 e-flex e-con-boxed e-con e-parent\" data-id=\"32917199\" data-element_type=\"container\" data-e-type=\"container\">\n\t\t\t\t\t<div class=\"e-con-inner\">\n\t\t<div class=\"elementor-element elementor-element-26e916cb e-flex e-con-boxed e-con e-child\" data-id=\"26e916cb\" data-element_type=\"container\" data-e-type=\"container\">\n\t\t\t\t\t<div class=\"e-con-inner\">\n\t\t<div class=\"elementor-element elementor-element-253a40d4 e-flex e-con-boxed e-con e-child\" data-id=\"253a40d4\" data-element_type=\"container\" data-e-type=\"container\">\n\t\t\t\t\t<div class=\"e-con-inner\">\n\t\t\t\t<div class=\"elementor-element elementor-element-1200c304 elementor-widget elementor-widget-heading\" data-id=\"1200c304\" data-element_type=\"widget\" data-e-type=\"widget\" data-widget_type=\"heading.default\">\n\t\t\t\t\t<h2 class=\"elementor-heading-title elementor-size-default\">Lugh<\/h2>\t\t\t\t<\/div>\n\t\t\t\t<div class=\"elementor-element elementor-element-11758e7f elementor-widget elementor-widget-text-editor\" data-id=\"11758e7f\" data-element_type=\"widget\" data-e-type=\"widget\" data-widget_type=\"text-editor.default\">\n\t\t\t\t\t\t\t\t\t<p>Lugh \u00e9s descrit com a heroi guerrer, artista, druida i mestre universal de totes les arts i habilitats. Pertany als Tuatha D\u00e9 Danann i lluita a les batalles de Mag Tuired contra els Fomoire. Les seves armes sobrenaturals i la seva arpa s\u00f3n llegend\u00e0ries.<\/p><p>La seva festa, Lughnasadh (1 d&#8217;agost), marca la transici\u00f3 cap a la tardor. Sovint se l&#8217;anomena fill de Dian C\u00e9cht o d&#8217;altres divinitats, encara que la genealogia varia.<\/p>\t\t\t\t\t\t\t\t<\/div>\n\t\t\t\t\t<\/div>\n\t\t\t\t<\/div>\n\t\t<div class=\"elementor-element elementor-element-159dcf9a e-flex e-con-boxed e-con e-child\" data-id=\"159dcf9a\" data-element_type=\"container\" data-e-type=\"container\">\n\t\t\t\t\t<div class=\"e-con-inner\">\n\t\t\t\t<div class=\"elementor-element elementor-element-48cee66f elementor-widget elementor-widget-heading\" data-id=\"48cee66f\" data-element_type=\"widget\" data-e-type=\"widget\" data-widget_type=\"heading.default\">\n\t\t\t\t\t<h2 class=\"elementor-heading-title elementor-size-default\">Resum: Lugh<\/h2>\t\t\t\t<\/div>\n\t\t\t\t<div class=\"elementor-element elementor-element-3f50d82c elementor-widget elementor-widget-text-editor\" data-id=\"3f50d82c\" data-element_type=\"widget\" data-e-type=\"widget\" data-widget_type=\"text-editor.default\">\n\t\t\t\t\t\t\t\t\t<p>Les fonts prim\u00e0ries s\u00f3n el Cath Maige Tuired (\u00abBatalla de les planes de Mag Tuired\u00bb), l&#8217;Oidheadh Chloinne Tuireann (\u00abDest\u00ed dels fills de Tuireann\u00bb) i el Lebor Gab\u00e1la \u00c9renn. Lugh tamb\u00e9 \u00e9s esmentat per escriptors romans (Loucetius Mars = Lugh-Mars).<\/p><p>El nom i la festa de Lughnasadh estan \u00e0mpliament documentats en fonts ga\u00e8liques. Bernhard Maier i Proinsias Mac Cana identifiquen Lugh com una de les figures m\u00e9s ben documentades de la religi\u00f3 celta.<\/p>\t\t\t\t\t\t\t\t<\/div>\n\t\t\t\t\t<\/div>\n\t\t\t\t<\/div>\n\t\t\t\t\t<\/div>\n\t\t\t\t<\/div>\n\t\t\t\t\t<\/div>\n\t\t\t\t<\/div>\n\t\t<div class=\"elementor-element elementor-element-18613602 e-flex e-con-boxed e-con e-parent\" data-id=\"18613602\" data-element_type=\"container\" data-e-type=\"container\">\n\t\t\t\t\t<div class=\"e-con-inner\">\n\t\t\t\t<div class=\"elementor-element elementor-element-262b8a9f elementor-widget elementor-widget-heading\" data-id=\"262b8a9f\" data-element_type=\"widget\" data-e-type=\"widget\" data-widget_type=\"heading.default\">\n\t\t\t\t\t<h2 class=\"elementor-heading-title elementor-size-default\">Context<\/h2>\t\t\t\t<\/div>\n\t\t<div class=\"elementor-element elementor-element-46dcb7d e-con-full e-flex e-con e-child\" data-id=\"46dcb7d\" data-element_type=\"container\" data-e-type=\"container\">\n\t\t<div class=\"elementor-element elementor-element-61d3ab3 e-flex e-con-boxed e-con e-child\" data-id=\"61d3ab3\" data-element_type=\"container\" data-e-type=\"container\">\n\t\t\t\t\t<div class=\"e-con-inner\">\n\t\t\t\t<div class=\"elementor-element elementor-element-117c166 elementor-widget elementor-widget-heading\" data-id=\"117c166\" data-element_type=\"widget\" data-e-type=\"widget\" data-widget_type=\"heading.default\">\n\t\t\t\t\t<h3 class=\"elementor-heading-title elementor-size-default\">Per\u00edode dels textos<\/h3>\t\t\t\t<\/div>\n\t\t\t\t<div class=\"elementor-element elementor-element-73997a0 elementor-widget elementor-widget-text-editor\" data-id=\"73997a0\" data-element_type=\"widget\" data-e-type=\"widget\" data-widget_type=\"text-editor.default\">\n\t\t\t\t\t\t\t\t\t<p>El rastre de Lugh s&#8217;est\u00e9n des del d\u00e9u celta continental Lugus, el nom del qual apareix en top\u00f2nims com Lugdunum, l&#8217;actual Li\u00f3, fins als manuscrits irlandesos medievals i els costums de Lughnasadh de l&#8217;\u00e8poca moderna. Fins i tot el nom irland\u00e8s del mes d&#8217;agost, L\u00fanasa, porta el seu nom. Les formes actuals, com les peregrinacions de muntanya el darrer diumenge de juliol, han estat reinterpretades cristianament, per\u00f2 encara deixen entreveure la relaci\u00f3 amb l&#8217;antiga festa de la collita.<\/p><h3>Classificaci\u00f3 mitol\u00f2gica<\/h3><p>Lugh \u00e9s un d\u00e9u de les arts, l&#8217;artesania, la llum i la guerra en la <span class=\"iwg-fachbegriff\" data-tooltip=\"El conjunt de relats transmesos sobre els d\u00e9us d'una cultura.\" tabindex=\"0\">mitologia<\/span> irlandesa. \u00c9s un dels d\u00e9us m\u00e9s vers\u00e0tils, amb m\u00faltiples habilitats: clarivid\u00e8ncia, art de la forja, m\u00fasica, poesia, combat. La festa de Lughnasadh l&#8217;honora. La seva posici\u00f3 \u00e9s central.<\/p>\t\t\t\t\t\t\t\t<\/div>\n\t\t\t\t\t<\/div>\n\t\t\t\t<\/div>\n\t\t<div class=\"elementor-element elementor-element-d47b156 e-flex e-con-boxed e-con e-child\" data-id=\"d47b156\" data-element_type=\"container\" data-e-type=\"container\">\n\t\t\t\t\t<div class=\"e-con-inner\">\n\t\t\t\t<div class=\"elementor-element elementor-element-ff38c2b elementor-widget elementor-widget-heading\" data-id=\"ff38c2b\" data-element_type=\"widget\" data-e-type=\"widget\" data-widget_type=\"heading.default\">\n\t\t\t\t\t<h3 class=\"elementor-heading-title elementor-size-default\">\u00c0rea de difusi\u00f3<\/h3>\t\t\t\t<\/div>\n\t\t\t\t<div class=\"elementor-element elementor-element-4e49fcc elementor-widget elementor-widget-text-editor\" data-id=\"4e49fcc\" data-element_type=\"widget\" data-e-type=\"widget\" data-widget_type=\"text-editor.default\">\n\t\t\t\t\t\t\t\t\t<p>Lugh no estava limitat a una regi\u00f3 o localitzaci\u00f3 concreta, sin\u00f3 que era conegut i venerat, o respectuosament temut, de manera universal en tot el m\u00f3n celta. Tant en grans centres urbans com en regions rurals perif\u00e8riques, tant entre l&#8217;elit social com entre la gent senzilla, la import\u00e0ncia espiritual o cultural d&#8217;aquesta entitat era reconeguda de manera constant i universal.<\/p><p>El fet que l&#8217;agost encara es diga L\u00fanasa en irland\u00e8s i que top\u00f2nims des de Li\u00f3 fins a Leiden es facin remuntar al d\u00e9u Lugus mostra fins a quin punt Lugh estava lligat a la identitat de les comunitats celtes. Les migracions de les tribus celtes i l&#8217;intercanvi al llarg de les rutes comercials van portar el culte des del continent fins a Irlanda, on es mant\u00e9 palpable amb una forma sorprenentment uniforme: com a d\u00e9u de les arts amb una festa pr\u00f2pia a l&#8217;inici de la collita.<\/p>\t\t\t\t\t\t\t\t<\/div>\n\t\t\t\t\t<\/div>\n\t\t\t\t<\/div>\n\t\t\t\t<\/div>\n\t\t<div class=\"elementor-element elementor-element-db03c39 e-con-full e-flex e-con e-child\" data-id=\"db03c39\" data-element_type=\"container\" data-e-type=\"container\">\n\t\t<div class=\"elementor-element elementor-element-229a87b e-flex e-con-boxed e-con e-child\" data-id=\"229a87b\" data-element_type=\"container\" data-e-type=\"container\">\n\t\t\t\t\t<div class=\"e-con-inner\">\n\t\t\t\t<div class=\"elementor-element elementor-element-1f471fc elementor-widget elementor-widget-heading\" data-id=\"1f471fc\" data-element_type=\"widget\" data-e-type=\"widget\" data-widget_type=\"heading.default\">\n\t\t\t\t\t<h3 class=\"elementor-heading-title elementor-size-default\">Estat de les fonts<\/h3>\t\t\t\t<\/div>\n\t\t\t\t<div class=\"elementor-element elementor-element-36b1201 elementor-widget elementor-widget-text-editor\" data-id=\"36b1201\" data-element_type=\"widget\" data-e-type=\"widget\" data-widget_type=\"text-editor.default\">\n\t\t\t\t\t\t\t\t\t<p>Fonts prim\u00e0ries: Cath Maige Tuired (recensi\u00f3 A, redactada cap als segles IX-X), Lebor Gab\u00e1la \u00c9renn (recensi\u00f3 amb els rols geneal\u00f2gics de Lugh), Oidheadh Chloinne Tuireann. Epigrafia romana: inscripcions de Loucetius Mars a la G\u00e0l\u00b7lia (per exemple, de la regi\u00f3 del Mosel\u00b7la).<\/p><p>Per\u00edode: els mites reflecteixen cultes de l&#8217;edat del ferro i de l&#8217;alta edat mitjana (aprox. 500 aC &#8211; 800 dC). Investigadors: Mac Cana (Celtic Mythology), Maier (Die Religion der Kelten), Sjoestedt (Gods and Heroes of the Celts) i Green (The Gods of the Celts) tracten Lugh \u00e0mpliament.<\/p>\t\t\t\t\t\t\t\t<\/div>\n\t\t\t\t\t<\/div>\n\t\t\t\t<\/div>\n\t\t\t\t<\/div>\n\t\t\t\t\t<\/div>\n\t\t\t\t<\/div>\n\t\t<div class=\"elementor-element elementor-element-3ae0637c e-flex e-con-boxed e-con e-parent\" data-id=\"3ae0637c\" data-element_type=\"container\" data-e-type=\"container\">\n\t\t\t\t\t<div class=\"e-con-inner\">\n\t\t\t\t<div class=\"elementor-element elementor-element-31d07739 elementor-widget elementor-widget-heading\" data-id=\"31d07739\" data-element_type=\"widget\" data-e-type=\"widget\" data-widget_type=\"heading.default\">\n\t\t\t\t\t<h2 class=\"elementor-heading-title elementor-size-default\">Nom<\/h2>\t\t\t\t<\/div>\n\t\t<div class=\"elementor-element elementor-element-b7642947 e-con-full e-flex e-con e-child\" data-id=\"b7642947\" data-element_type=\"container\" data-e-type=\"container\">\n\t\t\t\t<div class=\"elementor-element elementor-element-a086266 elementor-widget elementor-widget-text-editor\" data-id=\"a086266\" data-element_type=\"widget\" data-e-type=\"widget\" data-widget_type=\"text-editor.default\">\n\t\t\t\t\t\t\t\t\t<p>Lugh \u00e9s representat en les diverses fonts i tradicions art\u00edstiques amb certs elements iconogr\u00e0fics recurrents que romanen relativament constants al llarg de d\u00e8cades i en diferents espais geogr\u00e0fics. Aquests elements no s\u00f3n purament decoratius ni escollits a l&#8217;atzar, sin\u00f3 que estan codificats simb\u00f2licament de manera profunda i porten un gran significat.<\/p><p>Els atributs de Lugh defineixen amb precisi\u00f3 la seva posici\u00f3 entre els Tuatha D\u00e9 Danann: el seu ep\u00edtet Samild\u00e1nach, \u00abel que domina totes les arts\u00bb, descriu el seu c\u00e0rrec, i el relat de la seva arribada a Tara ho demostra, ja que nom\u00e9s se li permet l&#8217;entrada quan es fa evident que \u00e9s forjador, arpista, poeta, guaridor i guerrer alhora. La seva llan\u00e7a es compta entre els quatre tresors dels Tuatha D\u00e9 Danann i representa la vict\u00f2ria inevitable; el seu llan\u00e7ament contra l&#8217;ull de Balor decideix la batalla de Mag Tuired. Qui coneix el m\u00f3n llegendari irland\u00e8s reconeix, a trav\u00e9s de la llan\u00e7a, l&#8217;ep\u00edtet i la festa, el perfil d&#8217;un d\u00e9u que uneix habilitat, reialesa i collita.<\/p>\t\t\t\t\t\t\t\t<\/div>\n\t\t\t\t<\/div>\n\t\t\t\t\t<\/div>\n\t\t\t\t<\/div>\n\t\t<div class=\"elementor-element elementor-element-709a44a8 e-flex e-con-boxed e-con e-parent\" data-id=\"709a44a8\" data-element_type=\"container\" data-e-type=\"container\">\n\t\t\t\t\t<div class=\"e-con-inner\">\n\t\t\t\t<div class=\"elementor-element elementor-element-2f585873 elementor-widget elementor-widget-heading\" data-id=\"2f585873\" data-element_type=\"widget\" data-e-type=\"widget\" data-widget_type=\"heading.default\">\n\t\t\t\t\t<h2 class=\"elementor-heading-title elementor-size-default\">Trets caracter\u00edstics<\/h2>\t\t\t\t<\/div>\n\t\t<div class=\"elementor-element elementor-element-70621c12 e-con-full e-flex e-con e-child\" data-id=\"70621c12\" data-element_type=\"container\" data-e-type=\"container\">\n\t\t\t\t<div class=\"elementor-element elementor-element-4296eb49 elementor-widget elementor-widget-text-editor\" data-id=\"4296eb49\" data-element_type=\"widget\" data-e-type=\"widget\" data-widget_type=\"text-editor.default\">\n\t\t\t\t\t\t\t\t\t<p>Lugh era central en la pr\u00e0ctica religiosa, els rituals quotidians i la comprensi\u00f3 di\u00e0ria del m\u00f3n celta. La gent s&#8217;adre\u00e7ava a aquesta entitat en situacions vitals cr\u00edtiques o determinades, o en \u00e8poques rituals espec\u00edfiques de l&#8217;any, amb rituals estructurats i sovint elaborats, preg\u00e0ries o ofrenes.<\/p><p>La veneraci\u00f3 de Lugh estava regulada i calendaritzada: la festa de Lughnasadh se celebrava a principis d&#8217;agost, a l&#8217;inici de la collita, amb aplecs, competicions i mercats en llocs determinats com Tailtiu. La tradici\u00f3 irlandesa atribueix la festa al mateix Lugh, que segons la llegenda l&#8217;hauria institu\u00efda en honor de la seva mare adoptiva, descrivint aix\u00ed una instituci\u00f3 amb ocasi\u00f3, lloc i desenvolupament fixos.<\/p><p>El fet que Lughnasadh es celebr\u00e9s a Irlanda durant molts segles i que perdur\u00e9s en forma de restes com costums de collita i peregrinacions de muntanya fins a l&#8217;\u00e8poca moderna demostra el valor pr\u00e0ctic de la festa per a les comunitats pageses. Les relacions amb Lugh eren de diversa naturalesa: la seva vict\u00f2ria sobre Balor allunyava, en el relat, l&#8217;amena\u00e7a sobre la collita, la seva vinculaci\u00f3 amb l&#8217;inici de la collita en garantia la subsist\u00e8ncia, i la festa mateixa acompanyava la transici\u00f3 de l&#8217;estiu a l&#8217;\u00e8poca de la collita.<\/p><h3>Aparen\u00e7a i simbolisme<\/h3><p>Lugh \u00e9s representat com un guerrer jove i radiant amb resplendor daurat. Porta armadura i una llan\u00e7a m\u00e0gica. Els seus ulls brillen com el sol. Un gos, un corb i una oreneta l&#8217;acompanyen. Les eines de les arts artesanes s\u00f3n els seus atributs. La llum emana d&#8217;ell.<\/p>\t\t\t\t\t\t\t\t<\/div>\n\t\t\t\t<\/div>\n\t\t\t\t\t<\/div>\n\t\t\t\t<\/div>\n\t\t<div class=\"elementor-element elementor-element-44e71476 e-flex e-con-boxed e-con e-parent\" data-id=\"44e71476\" data-element_type=\"container\" data-e-type=\"container\">\n\t\t\t\t\t<div class=\"e-con-inner\">\n\t\t\t\t<div class=\"elementor-element elementor-element-3c1fc3f0 elementor-widget elementor-widget-heading\" data-id=\"3c1fc3f0\" data-element_type=\"widget\" data-e-type=\"widget\" data-widget_type=\"heading.default\">\n\t\t\t\t\t<h2 class=\"elementor-heading-title elementor-size-default\">Fitxa: Lugh<\/h2>\t\t\t\t<\/div>\n\t\t<div class=\"elementor-element elementor-element-84f33b8e e-con-full e-flex e-con e-child\" data-id=\"84f33b8e\" data-element_type=\"container\" data-e-type=\"container\">\n\t\t\t\t<div class=\"elementor-element elementor-element-hqkdc67p elementor-widget elementor-widget-text-editor\" data-id=\"hqkdc67p\" data-element_type=\"widget\" data-e-type=\"widget\" data-widget_type=\"text-editor.default\">\n\t\t\t\t\t\t\t\t\t<p>La fitxa recull Lugh en sis dimensions: el seu origen mito-geneal\u00f2gic i la seva posici\u00f3 entre els Tuatha D\u00e9 Danann, els seus cercles de veneraci\u00f3 i rols socials, la seva iconografia i atributs m\u00e0gics, els seus poders guerrers i art\u00edstics, aix\u00ed com les pr\u00e0ctiques espirituals d&#8217;invocaci\u00f3 i les correspond\u00e8ncies culturals. Aix\u00f2 dibuixa el perfil d&#8217;aquest d\u00e9u cultural multitalent\u00f3s.<\/p>\t\t\t\t\t\t\t\t<\/div>\n\t\t\t\t<\/div>\n\t\t<div class=\"elementor-element elementor-element-pemmx7c5 e-con-full e-flex e-con e-child\" data-id=\"pemmx7c5\" data-element_type=\"container\" data-e-type=\"container\">\n\t\t<div class=\"elementor-element elementor-element-pemmx7c1 e-con-full e-flex e-con e-child\" data-id=\"pemmx7c1\" data-element_type=\"container\" data-e-type=\"container\">\n\t\t<div class=\"elementor-element elementor-element-qh9oavvu iwg-steckbrief-card e-flex e-con-boxed e-con e-child\" data-id=\"qh9oavvu\" data-element_type=\"container\" data-e-type=\"container\">\n\t\t\t\t\t<div class=\"e-con-inner\">\n\t\t\t\t<div class=\"elementor-element elementor-element-awzx8k2k elementor-widget elementor-widget-heading\" data-id=\"awzx8k2k\" data-element_type=\"widget\" data-e-type=\"widget\" data-widget_type=\"heading.default\">\n\t\t\t\t\t<div class=\"elementor-heading-title elementor-size-default\">Origen<\/div>\t\t\t\t<\/div>\n\t\t\t\t<div class=\"elementor-element elementor-element-x6rowhv0 elementor-widget elementor-widget-text-editor\" data-id=\"x6rowhv0\" data-element_type=\"widget\" data-e-type=\"widget\" data-widget_type=\"text-editor.default\">\n\t\t\t\t\t\t\t\t\t<p>Lugh pertany als Tuatha D\u00e9 Danann i \u00e9s anomenat de diverses maneres com a fill de Dian C\u00e9cht (d\u00e9u de la medicina), d&#8217;Ethniu o de forces m\u00e9s abstractes.<\/p><p>Encarna generacions divines m\u00e9s joves (a difer\u00e8ncia del vell Dagda). Geogr\u00e0ficament est\u00e0 centrat a Irlanda, amb equivalents gal\u00b7loromans (Loucetius). El seu primer testimoni literari es troba en textos dels segles IX-X, per\u00f2 descriu un culte m\u00e9s antic.<\/p>\t\t\t\t\t\t\t\t<\/div>\n\t\t\t\t\t<\/div>\n\t\t\t\t<\/div>\n\t\t<div class=\"elementor-element elementor-element-8e3o4kxs iwg-steckbrief-card e-flex e-con-boxed e-con e-child\" data-id=\"8e3o4kxs\" data-element_type=\"container\" data-e-type=\"container\">\n\t\t\t\t\t<div class=\"e-con-inner\">\n\t\t\t\t<div class=\"elementor-element elementor-element-08rkdgov elementor-widget elementor-widget-heading\" data-id=\"08rkdgov\" data-element_type=\"widget\" data-e-type=\"widget\" data-widget_type=\"heading.default\">\n\t\t\t\t\t<div class=\"elementor-heading-title elementor-size-default\">Destinataris<\/div>\t\t\t\t<\/div>\n\t\t\t\t<div class=\"elementor-element elementor-element-uwjelx8s elementor-widget elementor-widget-text-editor\" data-id=\"uwjelx8s\" data-element_type=\"widget\" data-e-type=\"widget\" data-widget_type=\"text-editor.default\">\n\t\t\t\t\t\t\t\t\t<p>Lugh era venerat per guerrers, artesans, artistes, druides sacerdots i fam\u00edlies reials. La seva festa, Lughnasadh, era p\u00fablica i popular, associada a fires comercials i competicions, aix\u00ed com a assumptes legals. En contextos b\u00e8l\u00b7lics, els guerrers l&#8217;invocaven per obtenir geni t\u00e0ctic i superioritat. Artesans i artistes el veneraven com a patr\u00f3 de les seves arts.<\/p>\t\t\t\t\t\t\t\t<\/div>\n\t\t\t\t\t<\/div>\n\t\t\t\t<\/div>\n\t\t<div class=\"elementor-element elementor-element-jm2n74ec iwg-steckbrief-card e-flex e-con-boxed e-con e-child\" data-id=\"jm2n74ec\" data-element_type=\"container\" data-e-type=\"container\">\n\t\t\t\t\t<div class=\"e-con-inner\">\n\t\t\t\t<div class=\"elementor-element elementor-element-8vufse4c elementor-widget elementor-widget-heading\" data-id=\"8vufse4c\" data-element_type=\"widget\" data-e-type=\"widget\" data-widget_type=\"heading.default\">\n\t\t\t\t\t<div class=\"elementor-heading-title elementor-size-default\">Representaci\u00f3<\/div>\t\t\t\t<\/div>\n\t\t\t\t<div class=\"elementor-element elementor-element-mwb9u015 elementor-widget elementor-widget-text-editor\" data-id=\"mwb9u015\" data-element_type=\"widget\" data-e-type=\"widget\" data-widget_type=\"text-editor.default\">\n\t\t\t\t\t\t\t\t\t<p>Lugh es representa com a jove, radiant i art\u00edstic, sovint envoltat de llum o resplendor (el seu nom pot significar \u00abllum\u00bb). Porta atributs t\u00edpics de guerra: llan\u00e7a, espasa o armes m\u00e0giques. De vegades es mostra amb una arpa. En les representacions art\u00edstiques \u00e9s elegant, atl\u00e8tic, sense la corpul\u00e8ncia del vell Dagda. Els seus trets facials s\u00f3n fins i nobles.<\/p>\t\t\t\t\t\t\t\t<\/div>\n\t\t\t\t\t<\/div>\n\t\t\t\t<\/div>\n\t\t\t\t<\/div>\n\t\t<div class=\"elementor-element elementor-element-pemmx7c2 e-con-full e-flex e-con e-child\" data-id=\"pemmx7c2\" data-element_type=\"container\" data-e-type=\"container\">\n\t\t<div class=\"elementor-element elementor-element-37ss2yr6 iwg-steckbrief-card e-flex e-con-boxed e-con e-child\" data-id=\"37ss2yr6\" data-element_type=\"container\" data-e-type=\"container\">\n\t\t\t\t\t<div class=\"e-con-inner\">\n\t\t\t\t<div class=\"elementor-element elementor-element-3v0wp3wx elementor-widget elementor-widget-heading\" data-id=\"3v0wp3wx\" data-element_type=\"widget\" data-e-type=\"widget\" data-widget_type=\"heading.default\">\n\t\t\t\t\t<div class=\"elementor-heading-title elementor-size-default\">Activitat<\/div>\t\t\t\t<\/div>\n\t\t\t\t<div class=\"elementor-element elementor-element-w3247g2m elementor-widget elementor-widget-text-editor\" data-id=\"w3247g2m\" data-element_type=\"widget\" data-e-type=\"widget\" data-widget_type=\"text-editor.default\">\n\t\t\t\t\t\t\t\t\t<strong>\u00c0mbit d&#8217;acci\u00f3:<\/strong> Lugh \u00e9s el d\u00e9u celta de la llum, de la guerra, de les arts i dels oficis. El seu poder s&#8217;est\u00e9n a tots els \u00e0mbits de la creativitat humana, la poesia, la m\u00fasica, la ferreria i l&#8217;art de la guerra. Encarna l&#8217;aspecte de la consci\u00e8ncia lluminosa que ho abasta tot. Hist\u00f2ricament, Lugh est\u00e0 estretament vinculat a la festa de Lughnasa (1 d&#8217;agost), que encara pervivia dins el cristianisme com la festa de Lammas. El seu poder es manifesta en la inspiraci\u00f3 art\u00edstica, el pensament estrat\u00e8gic i la superaci\u00f3 victoriosa d&#8217;obstacles. En la <span class=\"iwg-fachbegriff\" data-tooltip=\"La transmissi\u00f3 de coneixements i relats al llarg de generacions.\" tabindex=\"0\">tradici\u00f3<\/span> mitol\u00f2gica (Cath Maige Tuired), Lugh triomfa sobre la ra\u00e7a enemiga dels Fomor\u00e9.\n\t\t\t\t\t\t\t\t<\/div>\n\t\t\t\t\t<\/div>\n\t\t\t\t<\/div>\n\t\t<div class=\"elementor-element elementor-element-0qpjal9w iwg-steckbrief-card e-flex e-con-boxed e-con e-child\" data-id=\"0qpjal9w\" data-element_type=\"container\" data-e-type=\"container\">\n\t\t\t\t\t<div class=\"e-con-inner\">\n\t\t\t\t<div class=\"elementor-element elementor-element-6ndoih0o elementor-widget elementor-widget-heading\" data-id=\"6ndoih0o\" data-element_type=\"widget\" data-e-type=\"widget\" data-widget_type=\"heading.default\">\n\t\t\t\t\t<div class=\"elementor-heading-title elementor-size-default\">Formes de defensa<\/div>\t\t\t\t<\/div>\n\t\t\t\t<div class=\"elementor-element elementor-element-6684tyh9 elementor-widget elementor-widget-text-editor\" data-id=\"6684tyh9\" data-element_type=\"widget\" data-e-type=\"widget\" data-widget_type=\"text-editor.default\">\n\t\t\t\t\t\t\t\t\t<p>Lugh \u00e9s ben\u00e8vol i heroic. Guerrers i artistes l&#8217;invocaven per obtenir destresa, superaci\u00f3 d&#8217;obstacles i geni art\u00edstic. La seva festa, Lughnasadh, era ocasi\u00f3 de competicions i de reafirmaci\u00f3 ritual de la comunitat. Lugh no \u00e9s perill\u00f3s ni nociu, sin\u00f3 protector i inspirador. No hi ha pr\u00e0ctiques d&#8217;aversi\u00f3; en canvi, es feien <span class=\"iwg-fachbegriff\" data-tooltip=\"L'acte de dirigir-se a una divinitat o poder mitjan\u00e7ant s\u00faplica o invocaci\u00f3.\" tabindex=\"0\">invocacions<\/span> i <span class=\"iwg-fachbegriff\" data-tooltip=\"Ofrena a una divinitat per expressar gratitud, petici\u00f3 o veneraci\u00f3.\" tabindex=\"0\">ofrenes<\/span> per honrar-lo.<\/p>\t\t\t\t\t\t\t\t<\/div>\n\t\t\t\t\t<\/div>\n\t\t\t\t<\/div>\n\t\t<div class=\"elementor-element elementor-element-3lfi7x32 iwg-steckbrief-card e-flex e-con-boxed e-con e-child\" data-id=\"3lfi7x32\" data-element_type=\"container\" data-e-type=\"container\">\n\t\t\t\t\t<div class=\"e-con-inner\">\n\t\t\t\t<div class=\"elementor-element elementor-element-0kg99ga1 elementor-widget elementor-widget-heading\" data-id=\"0kg99ga1\" data-element_type=\"widget\" data-e-type=\"widget\" data-widget_type=\"heading.default\">\n\t\t\t\t\t<div class=\"elementor-heading-title elementor-size-default\">Equivalents<\/div>\t\t\t\t<\/div>\n\t\t\t\t<div class=\"elementor-element elementor-element-n0fum6kp elementor-widget elementor-widget-text-editor\" data-id=\"n0fum6kp\" data-element_type=\"widget\" data-e-type=\"widget\" data-widget_type=\"text-editor.default\">\n\t\t\t\t\t\t\t\t\t<p>Comparables s\u00f3n Apol\u00b7lo (grec) com a d\u00e9u de les arts art\u00edstiques i b\u00e8l\u00b7liques, de la llum i de la m\u00fasica, Mercuri\/Hermes com a artista universal i portador de protecci\u00f3, el germ\u00e0nic Wodan com a d\u00e9u de les arts i la saviesa, i l&#8217;indi Indra com a d\u00e9u de la guerra i dispensador de <span class=\"iwg-fachbegriff\" data-tooltip=\"Concessi\u00f3 de benestar i protecci\u00f3, sovint en una f\u00f3rmula ling\u00fc\u00edstica fixa.\" tabindex=\"0\">benedicci\u00f3<\/span>. El tipus de \u00abmestre universal\u00bb \u00e9s un <span class=\"iwg-fachbegriff\" data-tooltip=\"Un element de contingut recurrent en l'art o la narrativa.\" tabindex=\"0\">motiu<\/span> indoeuropeu.<\/p>\t\t\t\t\t\t\t\t<\/div>\n\t\t\t\t\t<\/div>\n\t\t\t\t<\/div>\n\t\t\t\t<\/div>\n\t\t\t\t<\/div>\n\t\t\t\t\t<\/div>\n\t\t\t\t<\/div>\n\t\t<div class=\"elementor-element elementor-element-5a584676 e-flex e-con-boxed e-con e-parent\" data-id=\"5a584676\" data-element_type=\"container\" data-e-type=\"container\">\n\t\t\t\t\t<div class=\"e-con-inner\">\n\t\t\t\t<div class=\"elementor-element elementor-element-6d0757bf elementor-widget elementor-widget-heading\" data-id=\"6d0757bf\" data-element_type=\"widget\" data-e-type=\"widget\" data-widget_type=\"heading.default\">\n\t\t\t\t\t<h2 class=\"elementor-heading-title elementor-size-default\">Lugh, paral\u00b7lelismes en altres cultures<\/h2>\t\t\t\t<\/div>\n\t\t<div class=\"elementor-element elementor-element-60563f68 e-con-full e-flex e-con e-child\" data-id=\"60563f68\" data-element_type=\"container\" data-e-type=\"container\">\n\t\t\t\t<div class=\"elementor-element elementor-element-5a93fdd6 elementor-widget elementor-widget-text-editor\" data-id=\"5a93fdd6\" data-element_type=\"widget\" data-e-type=\"widget\" data-widget_type=\"text-editor.default\">\n\t\t\t\t\t\t\t\t\t<h3>Rituals i veneraci\u00f3<\/h3><p>La festa de Lughnasa (1 d&#8217;agost) era la principal festa d&#8217;ofrenes a Lugh; les <span class=\"iwg-fachbegriff\" data-tooltip=\"Ofrena a una divinitat per expressar gratitud, petici\u00f3 o veneraci\u00f3.\" tabindex=\"0\">ofrenes<\/span> de primers fruits es feien al cim de muntanyes sagrades. A Tara, la ciutat reial, se celebraven assemblees on l&#8217;artesania i les arts marcials competien entre si. Els druides realitzaven consagracions de nous guerrers en honor de Lugh.<\/p><h3>Conjurs i invocacions<\/h3><p>Les invocacions a Lugh eren t\u00edpicament rituals matinals abans del combat o de l&#8217;obra art\u00edstica: \u00abLugh, llum de totes les arts, il\u00b7lumina&#8217;m el cam\u00ed.\u00bb Els bards l&#8217;invocaven per demanar inspiraci\u00f3 en els cert\u00e0mens po\u00e8tics. Una <span class=\"iwg-fachbegriff\" data-tooltip=\"L'acte de dirigir-se a una divinitat o poder mitjan\u00e7ant s\u00faplica o invocaci\u00f3.\" tabindex=\"0\">invocaci\u00f3<\/span> cl\u00e0ssica deia: \u00abSamhildanach Lugh, que domines totes les arts, d\u00f3na&#8217;m saviesa i for\u00e7a.\u00bb<\/p><h3>Amulets i s\u00edmbols de protecci\u00f3<\/h3><p>La roda solar i l&#8217;espiral daurada eren s\u00edmbols de Lugh. Els guerrers portaven \u00abla llan\u00e7a de Lugh\u00bb (simb\u00f2licament, com a <span class=\"iwg-fachbegriff\" data-tooltip=\"Un objecte portat al qual s'atribueix un efecte protector, allunyador de mals.\" tabindex=\"0\">amulet<\/span> d&#8217;arma), els artistes portaven pedres de sol i ambre com a portadors d&#8217;inspiraci\u00f3. Les joies d&#8217;or amb motius d&#8217;espiral es consideraven una <span class=\"iwg-fachbegriff\" data-tooltip=\"Concessi\u00f3 de benestar i protecci\u00f3, sovint en una f\u00f3rmula ling\u00fc\u00edstica fixa.\" tabindex=\"0\">benedicci\u00f3<\/span> de Lugh.<\/p>\n<p><p><strong>Tradici\u00f3 jueva:<\/strong> No hi ha una correspond\u00e8ncia directa. Estan llunyanament relacionats David com a rei-guerrer i m\u00fasic (salmista), o la figura de Salom\u00f3 com a savi i artista universal.<\/p><p><strong>M\u00f3n grecorom\u00e0:<\/strong> Apol\u00b7lo com a d\u00e9u de la llum, la m\u00fasica, la guerra i la curaci\u00f3. Mercuri\/Hermes com a artista, inventor (lira) i d\u00e9u protector universal. Tamb\u00e9 Ares o Mart en el seu aspecte b\u00e8l\u00b7lic. La comparabilitat \u00e9s estreta.<\/p><p><strong>Mesopot\u00e0mia:<\/strong> Shamash com a d\u00e9u de la llum i la just\u00edcia, Nabu com a d\u00e9u de les arts i la ci\u00e8ncia, Adad com a d\u00e9u de la guerra. Tots comparteixen amb Lugh aspectes de combat, coneixement i resplendor divina.<\/p><p><strong>\u00cdndia\/\u00c0sia:<\/strong> Indra com a heroi guerrer i dispensador de <span class=\"iwg-fachbegriff\" data-tooltip=\"Concessi\u00f3 de benestar i protecci\u00f3, sovint en una f\u00f3rmula ling\u00fc\u00edstica fixa.\" tabindex=\"0\">benedicci\u00f3<\/span>, Saraswati com a deessa de les arts i la m\u00fasica. En el context budista: Manjushri com a d\u00e9u de la saviesa i les arts. Aquests mostren paral\u00b7lelismes culturalment espec\u00edfics amb el multitalent de Lugh.<\/p>\t\t\t\t\t\t\t\t<\/div>\n\t\t\t\t<\/div>\n\t\t\t\t\t<\/div>\n\t\t\t\t<\/div>\n\t\t<div class=\"elementor-element elementor-element-cp977bc6b e-flex e-con-boxed e-con e-parent\" data-id=\"cp977bc6b\" data-element_type=\"container\" data-e-type=\"container\">\n\t\t\t\t\t<div class=\"e-con-inner\">\n\t\t\t\t<div class=\"elementor-element elementor-element-cp5f2b077 elementor-widget elementor-widget-heading\" data-id=\"cp5f2b077\" data-element_type=\"widget\" data-e-type=\"widget\" data-widget_type=\"heading.default\">\n\t\t\t\t\t<h2 class=\"elementor-heading-title elementor-size-default\">Lugh a la batalla de Mag Tuired<\/h2>\t\t\t\t<\/div>\n\t\t<div class=\"elementor-element elementor-element-cpeedcba8 e-con-full e-flex e-con e-child\" data-id=\"cpeedcba8\" data-element_type=\"container\" data-e-type=\"container\">\n\t\t\t\t<div class=\"elementor-element elementor-element-cp91d9c27 elementor-widget elementor-widget-text-editor\" data-id=\"cp91d9c27\" data-element_type=\"widget\" data-e-type=\"widget\" data-widget_type=\"text-editor.default\">\n\t\t\t\t\t\t\t\t\t<p>El relat m\u00e9s important sobre Lugh \u00e9s el <em>Cath Maige Tuired<\/em>, la batalla de Mag Tuired, en la qual els T\u00faatha D\u00e9 Danann s&#8217;enfronten als Fomori. L&#8217;aparici\u00f3 de Lugh en aquest relat \u00e9s una de les escenes m\u00e9s conegudes de la literatura llegend\u00e0ria irlandesa.<\/p><p>Lugh arriba a la cort del rei Nuada i demana que se&#8217;l deixi entrar. El porter el rebutja tot dient-li que tothom qui vulgui entrar ha de dominar un art.<\/p><p>Lugh esmenta llavors, un darrere l&#8217;altre, un seguit d&#8217;habilitats: diu que \u00e9s fuster, ferrer, guerrer, arpista, poeta, guaridor, escanciador i moltes coses m\u00e9s. A cada menci\u00f3, el porter respon que ja hi ha alg\u00fa aix\u00ed a la cort. Finalment, Lugh pregunta si hi ha alg\u00fa a la cort que domini totes aquestes arts alhora. Com que s&#8217;ha de respondre que no, el deixen entrar.<\/p><p>D&#8217;aquest episodi prov\u00e9 un dels malnoms m\u00e9s coneguts de Lugh, <em>Samild\u00e1nach<\/em>, que ve a significar \u00abel versat en moltes arts\u00bb. Lugh no \u00e9s l&#8217;especialista en una sola habilitat, sin\u00f3 aquell que les reuneix totes. En la batalla mateixa, assumeix el comandament i contribueix de manera decisiva a la vict\u00f2ria gr\u00e0cies al seu encanteri de combat i a les seves indicacions.<\/p><p>Un moment central \u00e9s la mort de Balor, el cap dels Fomori, que posseeix un ull destructor. Segons la <span class=\"iwg-fachbegriff\" data-tooltip=\"La transmissi\u00f3 de coneixements i relats al llarg de generacions.\" tabindex=\"0\">tradici\u00f3<\/span>, Balor \u00e9s l&#8217;avi de Lugh, ja que una profecia havia anunciat que Balor moriria a mans del seu net.<\/p><p>Lugh apunta cap a l&#8217;ull mortal de Balor i aix\u00ed compleix la <span class=\"iwg-fachbegriff\" data-tooltip=\"La predicci\u00f3 d'esdeveniments futurs per mitjans religiosos o m\u00e0gics.\" tabindex=\"0\">profecia<\/span>. Aquesta uni\u00f3 d&#8217;hist\u00f2ria heroica i familiar, el net que mata l&#8217;avi, \u00e9s un antic patr\u00f3 narratiu que eleva la batalla de Mag Tuired m\u00e9s enll\u00e0 del simple fet b\u00e8l\u00b7lic.<\/p>\t\t\t\t\t\t\t\t<\/div>\n\t\t\t\t<\/div>\n\t\t\t\t\t<\/div>\n\t\t\t\t<\/div>\n\t\t<div class=\"elementor-element elementor-element-cpfc80b04 e-flex e-con-boxed e-con e-parent\" data-id=\"cpfc80b04\" data-element_type=\"container\" data-e-type=\"container\">\n\t\t\t\t\t<div class=\"e-con-inner\">\n\t\t\t\t<div class=\"elementor-element elementor-element-cpd6c6169 elementor-widget elementor-widget-heading\" data-id=\"cpd6c6169\" data-element_type=\"widget\" data-e-type=\"widget\" data-widget_type=\"heading.default\">\n\t\t\t\t\t<h2 class=\"elementor-heading-title elementor-size-default\">Lugnasad: la festa i el nom en el paisatge<\/h2>\t\t\t\t<\/div>\n\t\t<div class=\"elementor-element elementor-element-cp670b9ce e-con-full e-flex e-con e-child\" data-id=\"cp670b9ce\" data-element_type=\"container\" data-e-type=\"container\">\n\t\t\t\t<div class=\"elementor-element elementor-element-cp154f098 elementor-widget elementor-widget-text-editor\" data-id=\"cp154f098\" data-element_type=\"widget\" data-e-type=\"widget\" data-widget_type=\"text-editor.default\">\n\t\t\t\t\t\t\t\t\t<p>A Lugh s&#8217;hi vincula una de les quatre grans festes de l&#8217;any irland\u00e8s, el <em>Lugnasad<\/em>, que se celebrava a l&#8217;inici d&#8217;agost. El nom vol dir aproximadament \u00abassemblea de Lugh\u00bb.<\/p><p>Els textos irlandesos medievals expliquen la festa dient que Lugh la va instituir en honor de la seva mare adoptiva o de crian\u00e7a, Tailtiu, que havia mort despr\u00e9s de desforestar una plana. La festa era, doncs, origin\u00e0riament una festa commemorativa i d&#8217;assemblea.<\/p><p>El Lugnasad coincidia amb l&#8217;inici de la collita del gra i s&#8217;associava a assemblees, competicions, mercats i reunions de car\u00e0cter jur\u00eddic. Aquestes grans assemblees lligades al calendari estacional tenien una funci\u00f3 social i pol\u00edtica important en la societat irlandesa.<\/p><p>El fet que un d\u00e9u fos considerat el fundador d&#8217;una festa d&#8217;aquesta mena mostra com d&#8217;estretament vinculats estaven el relat m\u00edtic i l&#8217;ordre social viscut en la <span class=\"iwg-fachbegriff\" data-tooltip=\"La transmissi\u00f3 de coneixements i relats al llarg de generacions.\" tabindex=\"0\">tradici\u00f3<\/span>.<\/p><p>El nom de Lugh ha deixat, a m\u00e9s, rastres en el paisatge europeu. Una s\u00e8rie de noms de lloc formats amb l&#8217;element Lug- s&#8217;ha relacionat en la recerca amb un d\u00e9u equivalent al Lugh irland\u00e8s i a l&#8217;heroi conegut en gal\u00b7l\u00e8s com Lleu.<\/p><p>El cas m\u00e9s conegut \u00e9s la ciutat de Li\u00f3, a Fran\u00e7a, el nom antic de la qual, Lugdunum, sovint s&#8217;interpreta com \u00abfortalesa\u00bb o \u00abtossal de Lugus\u00bb, encara que l&#8217;explicaci\u00f3 exacta de la primera part del nom es debat en la recerca. Aquests noms suggereixen que una <span class=\"iwg-fachbegriff\" data-tooltip=\"Un \u00e9sser venerat com a div\u00ed dins d'una religi\u00f3.\" tabindex=\"0\">divinitat<\/span> emparentada era venerada no nom\u00e9s a Irlanda, sin\u00f3 tamb\u00e9 en un \u00e0mbit c\u00e8ltic m\u00e9s ampli.<\/p>\t\t\t\t\t\t\t\t<\/div>\n\t\t\t\t<\/div>\n\t\t\t\t\t<\/div>\n\t\t\t\t<\/div>\n\t\t<div class=\"elementor-element elementor-element-cpcc3173c e-flex e-con-boxed e-con e-parent\" data-id=\"cpcc3173c\" data-element_type=\"container\" data-e-type=\"container\">\n\t\t\t\t\t<div class=\"e-con-inner\">\n\t\t\t\t<div class=\"elementor-element elementor-element-cp3c06964 elementor-widget elementor-widget-heading\" data-id=\"cp3c06964\" data-element_type=\"widget\" data-e-type=\"widget\" data-widget_type=\"heading.default\">\n\t\t\t\t\t<h2 class=\"elementor-heading-title elementor-size-default\">Lleu Llaw Gyffes: el parent gal\u00b7l\u00e8s<\/h2>\t\t\t\t<\/div>\n\t\t<div class=\"elementor-element elementor-element-cpdca373e e-con-full e-flex e-con e-child\" data-id=\"cpdca373e\" data-element_type=\"container\" data-e-type=\"container\">\n\t\t\t\t<div class=\"elementor-element elementor-element-cpe868a3a elementor-widget elementor-widget-text-editor\" data-id=\"cpe868a3a\" data-element_type=\"widget\" data-e-type=\"widget\" data-widget_type=\"text-editor.default\">\n\t\t\t\t\t\t\t\t\t<p>En la tradici\u00f3 narrativa gal\u00b7lesa, Lugh t\u00e9 un equivalent en la figura de Lleu Llaw Gyffes, la hist\u00f2ria del qual es narra en la quarta branca del <em>Mabinogi<\/em>, un recull de relats gal\u00b7lesos medievals.<\/p><p>Lleu neix en circumst\u00e0ncies inusuals i la seva mare, Arianrhod, li imposa tres destins: no rebr\u00e0 cap nom, no podr\u00e0 portar armes i no obtindr\u00e0 com a esposa cap dona d&#8217;un llinatge terrenal.<\/p><p>El mag Gwydion enganya cadascun d&#8217;aquests destins: amb un ardit dona un nom a Lleu, li proporciona armes i, juntament amb un altre mag, li crea una dona feta de flors, Blodeuwedd.<\/p><p>La hist\u00f2ria pren un caire fosc quan Blodeuwedd es decanta per un altre home i, amb la seva ajuda, gaireb\u00e9 mata Lleu.<\/p><p>Lleu nom\u00e9s pot ser ferit en condicions molt especials, i quan aquestes condicions s&#8217;aconsegueixen amb enganys, \u00e9s ferit, es transforma en \u00e0guila i fuig greument malferit. Gwydion finalment el troba, li retorna la seva forma i l&#8217;ajuda a venjar-se.<\/p><p>La recerca discuteix des de fa temps la relaci\u00f3 entre Lugh i Lleu. Els noms estan emparentats des del punt de vista de la hist\u00f2ria de la llengua, i ambdues figures comparteixen trets com el naixement inusual i el vincle amb condicions especials de la seva vida i mort.<\/p><p>Alhora, els relats s\u00f3n molt diferents, i seria erroni llegir Lleu simplement com una versi\u00f3 gal\u00b7lesa del Lugh irland\u00e8s. \u00c9s m\u00e9s probable que ambd\u00f3s es remuntin a una figura antiga comuna, que a Irlanda i a Gal\u00b7les va seguir camins propis. Figures emparentades de la tradici\u00f3 llegend\u00e0ria irlandesa s\u00f3n, per exemple, <a href=\"https:\/\/iwell-guard.com\/ca\/?page_id=171513\">la Morr\u00edgan<\/a> i <a href=\"https:\/\/iwell-guard.com\/ca\/?page_id=171512\">el Dagda<\/a>.<\/p>\t\t\t\t\t\t\t\t<\/div>\n\t\t\t\t<\/div>\n\t\t\t\t\t<\/div>\n\t\t\t\t<\/div>\n\t\t<div class=\"elementor-element elementor-element-36dd7469 e-flex e-con-boxed e-con e-parent\" data-id=\"36dd7469\" data-element_type=\"container\" data-e-type=\"container\">\n\t\t\t\t\t<div class=\"e-con-inner\">\n\t\t\t\t<div class=\"elementor-element elementor-element-13760ab4 elementor-widget elementor-widget-heading\" data-id=\"13760ab4\" data-element_type=\"widget\" data-e-type=\"widget\" data-widget_type=\"heading.default\">\n\t\t\t\t\t<h2 class=\"elementor-heading-title elementor-size-default\">Enlla\u00e7os relacionats<\/h2>\t\t\t\t<\/div>\n\t\t<div class=\"elementor-element elementor-element-28c87796 e-con-full e-flex e-con e-child\" data-id=\"28c87796\" data-element_type=\"container\" data-e-type=\"container\">\n\t\t\t\t<div class=\"elementor-element elementor-element-5d6538df elementor-widget elementor-widget-text-editor\" data-id=\"5d6538df\" data-element_type=\"widget\" data-e-type=\"widget\" data-widget_type=\"text-editor.default\">\n\t\t\t\t\t\t\t\t\t<ul><li><a href=\"https:\/\/iwell-guard.com\/ca\/?page_id=171585\">Manannan mac Lir, d\u00e9u del mar<\/a><\/li><li><a href=\"https:\/\/iwell-guard.com\/ca\/?page_id=171512\">Dagda, d\u00e9u pare<\/a><\/li><\/ul>\n\t\t\t\t\t\t\t\t<\/div>\n\t\t\t\t<\/div>\n\t\t\t\t\t<\/div>\n\t\t\t\t<\/div>\n\t\t<div class=\"elementor-element elementor-element-grl4kl40 e-flex e-con-boxed e-con e-parent\" data-id=\"grl4kl40\" data-element_type=\"container\" data-e-type=\"container\">\n\t\t\t\t\t<div class=\"e-con-inner\">\n\t\t\t\t<div class=\"elementor-element elementor-element-bzsbfrmh elementor-widget elementor-widget-heading\" data-id=\"bzsbfrmh\" data-element_type=\"widget\" data-e-type=\"widget\" data-widget_type=\"heading.default\">\n\t\t\t\t\t<h2 class=\"elementor-heading-title elementor-size-default\">Bibliografia de recerca<\/h2>\t\t\t\t<\/div>\n\t\t<div class=\"elementor-element elementor-element-2c13224a e-con-full e-flex e-con e-child\" data-id=\"2c13224a\" data-element_type=\"container\" data-e-type=\"container\">\n\t\t\t\t<div class=\"elementor-element elementor-element-0eymh9ub elementor-widget elementor-widget-text-editor\" data-id=\"0eymh9ub\" data-element_type=\"widget\" data-e-type=\"widget\" data-widget_type=\"text-editor.default\">\n\t\t\t\t\t\t\t\t\t<footer class=\"iwg-literatur\" data-nosnippet=\"true\"><ul><li><span data-nosnippet>\u00d3 h\u00d3g\u00e1in, D.: <em>Myth, Legend and Romance<\/em>. Prentice Hall, 1990.<\/span><\/li><li><span data-nosnippet>MacKillop, J.: <em>Dictionary of Celtic Mythology<\/em>. Oxford University Press, 2004.<\/span><\/li><\/ul>\n<\/footer>\n<p class=\"iwg-bib-more\"><span data-nosnippet>M\u00e9s obres de refer\u00e8ncia a la <a href=\"https:\/\/iwell-guard.com\/ca\/?page_id=171483\">bibliografia<\/a>.<\/span><\/p>\t\t\t\t\t\t\t\t<\/div>\n\t\t\t\t<\/div>\n\t\t\t\t\t<\/div>\n\t\t\t\t<\/div>\n\t\t\t\t<\/div>\n\t\t","protected":false},"excerpt":{"rendered":"","protected":false},"author":3,"featured_media":1616,"parent":0,"menu_order":0,"comment_status":"closed","ping_status":"closed","template":"elementor_header_footer","meta":{"_yoast_wpseo_focuskw":"Lugh","_yoast_wpseo_title":"Lugh \u2013 d\u00e9u celta de la llum i les arts","_yoast_wpseo_metadesc":"Lugh, mestre celta de totes les arts: la vict\u00f2ria sobre Balor, la festa de Lughnasadh i el seu rastre des de Tara fins a Li\u00f3. Origen i significat explicats.","_yoast_wpseo_meta-robots-noindex":"","_yoast_wpseo_canonical":"","_angie_page":false,"gefaehrdungsstufe":"2","wesen_kultur":"keltisch","wesen_klasse":"goetter","footnotes":""},"categories":[],"class_list":["post-171584","page","type-page","status-publish","has-post-thumbnail","hentry"],"yoast_head":"<!-- This site is optimized with the Yoast SEO Premium plugin v27.7 (Yoast SEO v28.3) - https:\/\/yoast.com\/product\/yoast-seo-premium-wordpress\/ -->\n<title>Lugh \u2013 d\u00e9u celta de la llum i les arts<\/title>\n<meta name=\"description\" content=\"Lugh, mestre celta de totes les arts: la vict\u00f2ria sobre Balor, la festa de Lughnasadh i el seu rastre des de Tara fins a Li\u00f3. Origen i significat explicats.\" \/>\n<meta name=\"robots\" content=\"index, follow, max-snippet:-1, max-image-preview:large, max-video-preview:-1\" \/>\n<link rel=\"canonical\" href=\"https:\/\/iwell-guard.com\/ca\/lugh\/\" \/>\n<meta property=\"og:locale\" content=\"ca_ES\" \/>\n<meta property=\"og:type\" content=\"article\" \/>\n<meta property=\"og:title\" content=\"Lugh\" \/>\n<meta property=\"og:description\" content=\"Lugh, mestre celta de totes les arts: la vict\u00f2ria sobre Balor, la festa de Lughnasadh i el seu rastre des de Tara fins a Li\u00f3. Origen i significat explicats.\" \/>\n<meta property=\"og:url\" content=\"https:\/\/iwell-guard.com\/ca\/lugh\/\" \/>\n<meta property=\"og:site_name\" content=\"iWell Guard\" \/>\n<meta property=\"article:modified_time\" content=\"2026-09-05T16:01:45+00:00\" \/>\n<meta property=\"og:image\" content=\"https:\/\/iwell-guard.com\/wp-content\/uploads\/2026\/04\/goetter_keltisch_lugh.webp\" \/>\n\t<meta property=\"og:image:width\" content=\"1024\" \/>\n\t<meta property=\"og:image:height\" content=\"1536\" \/>\n\t<meta property=\"og:image:type\" content=\"image\/webp\" \/>\n<meta name=\"twitter:card\" content=\"summary_large_image\" \/>\n<script type=\"application\/ld+json\" class=\"yoast-schema-graph\">{\"@context\":\"https:\\\/\\\/schema.org\",\"@graph\":[{\"@type\":\"WebPage\",\"@id\":\"https:\\\/\\\/iwell-guard.com\\\/ca\\\/lugh\\\/\",\"url\":\"https:\\\/\\\/iwell-guard.com\\\/ca\\\/lugh\\\/\",\"name\":\"Lugh \u2013 d\u00e9u celta de la llum i les arts\",\"isPartOf\":{\"@id\":\"https:\\\/\\\/iwell-guard.com\\\/ca\\\/#website\"},\"primaryImageOfPage\":{\"@id\":\"https:\\\/\\\/iwell-guard.com\\\/ca\\\/lugh\\\/#primaryimage\"},\"image\":{\"@id\":\"https:\\\/\\\/iwell-guard.com\\\/ca\\\/lugh\\\/#primaryimage\"},\"thumbnailUrl\":\"https:\\\/\\\/iwell-guard.com\\\/wp-content\\\/uploads\\\/2026\\\/04\\\/goetter_keltisch_lugh.webp\",\"datePublished\":\"2026-09-05T15:40:38+00:00\",\"dateModified\":\"2026-09-05T16:01:45+00:00\",\"description\":\"Lugh, mestre celta de totes les arts: la vict\u00f2ria sobre Balor, la festa de Lughnasadh i el seu rastre des de Tara fins a Li\u00f3. Origen i significat explicats.\",\"breadcrumb\":{\"@id\":\"https:\\\/\\\/iwell-guard.com\\\/ca\\\/lugh\\\/#breadcrumb\"},\"inLanguage\":\"ca\",\"potentialAction\":[{\"@type\":\"ReadAction\",\"target\":[\"https:\\\/\\\/iwell-guard.com\\\/ca\\\/lugh\\\/\"]}]},{\"@type\":\"ImageObject\",\"inLanguage\":\"ca\",\"@id\":\"https:\\\/\\\/iwell-guard.com\\\/ca\\\/lugh\\\/#primaryimage\",\"url\":\"https:\\\/\\\/iwell-guard.com\\\/wp-content\\\/uploads\\\/2026\\\/04\\\/goetter_keltisch_lugh.webp\",\"contentUrl\":\"https:\\\/\\\/iwell-guard.com\\\/wp-content\\\/uploads\\\/2026\\\/04\\\/goetter_keltisch_lugh.webp\",\"width\":1024,\"height\":1536,\"caption\":\"D\u00e9us de la tradici\u00f3 c\u00e8ltica.\"},{\"@type\":\"BreadcrumbList\",\"@id\":\"https:\\\/\\\/iwell-guard.com\\\/ca\\\/lugh\\\/#breadcrumb\",\"itemListElement\":[{\"@type\":\"ListItem\",\"position\":1,\"name\":\"Start\",\"item\":\"https:\\\/\\\/iwell-guard.com\\\/ca\\\/?page_id=171333\"},{\"@type\":\"ListItem\",\"position\":2,\"name\":\"Lugh\"}]},{\"@type\":\"WebSite\",\"@id\":\"https:\\\/\\\/iwell-guard.com\\\/ca\\\/#website\",\"url\":\"https:\\\/\\\/iwell-guard.com\\\/ca\\\/\",\"name\":\"iWell Guard\",\"description\":\"Schutz vor dunklen Einfl\u00fcssen\",\"publisher\":{\"@id\":\"https:\\\/\\\/iwell-guard.com\\\/ca\\\/#organization\"},\"potentialAction\":[{\"@type\":\"SearchAction\",\"target\":{\"@type\":\"EntryPoint\",\"urlTemplate\":\"https:\\\/\\\/iwell-guard.com\\\/ca\\\/?s={search_term_string}\"},\"query-input\":{\"@type\":\"PropertyValueSpecification\",\"valueRequired\":true,\"valueName\":\"search_term_string\"}}],\"inLanguage\":\"ca\"},{\"@type\":\"Organization\",\"@id\":\"https:\\\/\\\/iwell-guard.com\\\/ca\\\/#organization\",\"name\":\"Ittermann electronic GmbH\",\"url\":\"https:\\\/\\\/iwell-guard.com\\\/ca\\\/\",\"logo\":{\"@type\":\"ImageObject\",\"inLanguage\":\"ca\",\"@id\":\"https:\\\/\\\/iwell-guard.com\\\/ca\\\/#\\\/schema\\\/logo\\\/image\\\/\",\"url\":\"https:\\\/\\\/iwell-guard.com\\\/wp-content\\\/uploads\\\/2026\\\/05\\\/Ittermann-Logo-1182x237-1.png\",\"contentUrl\":\"https:\\\/\\\/iwell-guard.com\\\/wp-content\\\/uploads\\\/2026\\\/05\\\/Ittermann-Logo-1182x237-1.png\",\"width\":1182,\"height\":237,\"caption\":\"Ittermann electronic GmbH\"},\"image\":{\"@id\":\"https:\\\/\\\/iwell-guard.com\\\/ca\\\/#\\\/schema\\\/logo\\\/image\\\/\"},\"sameAs\":[\"https:\\\/\\\/pantip.com\\\/profile\\\/9367242\",\"https:\\\/\\\/micro.blog\\\/iwellguard\",\"https:\\\/\\\/www.diggerslist.com\\\/iwellguard\\\/about\",\"https:\\\/\\\/skitterphoto.com\\\/photographers\\\/2870314\\\/iwell-guard\",\"https:\\\/\\\/iwellguard.wordpress.com\\\/2026\\\/06\\\/06\\\/iwell-guard\\\/\",\"https:\\\/\\\/hub.docker.com\\\/u\\\/iwellguard\",\"https:\\\/\\\/www.pinterest.com\\\/iwellguard\\\/\",\"https:\\\/\\\/bit.ly\\\/m\\\/iwellguard\",\"https:\\\/\\\/entre-vos-mains.alsace.eu\\\/profiles\\\/iwellguard\\\/activity\",\"https:\\\/\\\/gravatar.com\\\/reallybeded8fd34\",\"https:\\\/\\\/naijamatta.com\\\/iwellguard\",\"https:\\\/\\\/www.goodreads.com\\\/iwellguard\",\"https:\\\/\\\/profile.hatena.ne.jp\\\/iwellguard\\\/\",\"https:\\\/\\\/experiment.com\\\/users\\\/iwellguard\",\"https:\\\/\\\/wakelet.com\\\/@iWellGuard82270\",\"https:\\\/\\\/www.chordie.com\\\/forum\\\/profile.php?id=2555664\",\"https:\\\/\\\/www.instapaper.com\\\/p\\\/17757966\",\"https:\\\/\\\/www.mapleprimes.com\\\/users\\\/iwellguard\",\"https:\\\/\\\/businesslistingplus.com\\\/profile\\\/iwell-guard\\\/\",\"https:\\\/\\\/telegra.ph\\\/iWell-Guard-06-06\",\"https:\\\/\\\/pbase.com\\\/iwellguard\\\/iwellguard\",\"https:\\\/\\\/b.hatena.ne.jp\\\/iwellguard\\\/20260607#bookmark-4788405196491818882\",\"https:\\\/\\\/fliphtml5.com\\\/home\\\/iwellguard\",\"https:\\\/\\\/anyflip.com\\\/homepage\\\/cmiwl#About\",\"https:\\\/\\\/transfur.com\\\/Users\\\/iwellguard\",\"http:\\\/\\\/delphi.larsbo.org\\\/user\\\/iwellguard\",\"https:\\\/\\\/jobs.lajobsportal.org\\\/profiles\\\/8380803-iwell-guard\",\"https:\\\/\\\/md.chaosdorf.de\\\/s\\\/jfbe5SBdJD\",\"https:\\\/\\\/www.lingvolive.com\\\/en-us\\\/profile\\\/9ecaeaca-ce11-4e51-9e71-01d55e2bff36\\\/translations\",\"https:\\\/\\\/www.fitday.com\\\/fitness\\\/forums\\\/members\\\/iwellguard.html\",\"https:\\\/\\\/www.mymeetbook.com\\\/iwellguard\",\"https:\\\/\\\/pxhere.com\\\/en\\\/photographer-me\\\/5040798\",\"https:\\\/\\\/disqus.com\\\/by\\\/iwellguard\\\/about\\\/\",\"https:\\\/\\\/pastelink.net\\\/hjwciqwq\",\"https:\\\/\\\/pubhtml5.com\\\/homepage\\\/scjhn\\\/\",\"https:\\\/\\\/www.bitchute.com\\\/channel\\\/2O2eOKzNqujT\",\"https:\\\/\\\/audiomack.com\\\/iwellguard\"]},{\"@type\":\"Article\",\"@id\":\"https:\\\/\\\/iwell-guard.com\\\/ca\\\/lugh\\\/#article\",\"isPartOf\":{\"@id\":\"https:\\\/\\\/iwell-guard.com\\\/ca\\\/lugh\\\/\"},\"author\":{\"name\":\"Ralf Ittermann\",\"@id\":\"https:\\\/\\\/iwell-guard.com\\\/ca\\\/#\\\/schema\\\/person\\\/ee2a27f1cac3406c7c6fb5820cb7349f\"},\"headline\":\"Lugh\",\"datePublished\":\"2026-09-05T15:40:38+00:00\",\"dateModified\":\"2026-09-05T16:01:45+00:00\",\"mainEntityOfPage\":{\"@id\":\"https:\\\/\\\/iwell-guard.com\\\/ca\\\/lugh\\\/\"},\"publisher\":{\"@id\":\"https:\\\/\\\/iwell-guard.com\\\/ca\\\/#organization\"},\"image\":{\"@id\":\"https:\\\/\\\/iwell-guard.com\\\/ca\\\/lugh\\\/#primaryimage\"},\"thumbnailUrl\":\"https:\\\/\\\/iwell-guard.com\\\/wp-content\\\/uploads\\\/2026\\\/04\\\/goetter_keltisch_lugh.webp\",\"inLanguage\":\"ca\",\"description\":\"Lugh, mestre celta de totes les arts: la vict\u00f2ria sobre Balor, la festa de Lughnasadh i el seu rastre des de Tara fins a Li\u00f3. Origen i significat explicats.\"}]}<\/script>\n<!-- \/ Yoast SEO Premium plugin. -->","yoast_head_json":{"title":"Lugh \u2013 d\u00e9u celta de la llum i les arts","description":"Lugh, mestre celta de totes les arts: la vict\u00f2ria sobre Balor, la festa de Lughnasadh i el seu rastre des de Tara fins a Li\u00f3. Origen i significat explicats.","robots":{"index":"index","follow":"follow","max-snippet":"max-snippet:-1","max-image-preview":"max-image-preview:large","max-video-preview":"max-video-preview:-1"},"canonical":"https:\/\/iwell-guard.com\/ca\/lugh\/","og_locale":"ca_ES","og_type":"article","og_title":"Lugh","og_description":"Lugh, mestre celta de totes les arts: la vict\u00f2ria sobre Balor, la festa de Lughnasadh i el seu rastre des de Tara fins a Li\u00f3. Origen i significat explicats.","og_url":"https:\/\/iwell-guard.com\/ca\/lugh\/","og_site_name":"iWell Guard","article_modified_time":"2026-09-05T16:01:45+00:00","og_image":[{"width":1024,"height":1536,"url":"https:\/\/iwell-guard.com\/wp-content\/uploads\/2026\/04\/goetter_keltisch_lugh.webp","type":"image\/webp"}],"twitter_card":"summary_large_image","schema":{"@context":"https:\/\/schema.org","@graph":[{"@type":"Article","@id":"https:\/\/iwell-guard.com\/ca\/lugh\/#article","isPartOf":{"@id":"https:\/\/iwell-guard.com\/ca\/lugh\/"},"author":{"name":"Ralf Ittermann","@id":"https:\/\/iwell-guard.com\/ca\/#\/schema\/person\/ee2a27f1cac3406c7c6fb5820cb7349f"},"headline":"Lugh","datePublished":"2026-09-05T15:40:38+00:00","dateModified":"2026-09-05T16:01:45+00:00","mainEntityOfPage":{"@id":"https:\/\/iwell-guard.com\/ca\/lugh\/"},"publisher":{"@id":"https:\/\/iwell-guard.com\/ca\/#organization"},"image":{"@id":"https:\/\/iwell-guard.com\/ca\/lugh\/#primaryimage"},"thumbnailUrl":"https:\/\/iwell-guard.com\/wp-content\/uploads\/2026\/04\/goetter_keltisch_lugh.webp","inLanguage":"ca","description":"Lugh, mestre celta de totes les arts: la vict\u00f2ria sobre Balor, la festa de Lughnasadh i el seu rastre des de Tara fins a Li\u00f3. Origen i significat explicats."},{"@type":"WebPage","@id":"https:\/\/iwell-guard.com\/ca\/lugh\/","url":"https:\/\/iwell-guard.com\/ca\/lugh\/","name":"Lugh \u2013 d\u00e9u celta de la llum i les arts","isPartOf":{"@id":"https:\/\/iwell-guard.com\/ca\/#website"},"primaryImageOfPage":{"@id":"https:\/\/iwell-guard.com\/ca\/lugh\/#primaryimage"},"image":{"@id":"https:\/\/iwell-guard.com\/ca\/lugh\/#primaryimage"},"thumbnailUrl":"https:\/\/iwell-guard.com\/wp-content\/uploads\/2026\/04\/goetter_keltisch_lugh.webp","datePublished":"2026-09-05T15:40:38+00:00","dateModified":"2026-09-05T16:01:45+00:00","description":"Lugh, mestre celta de totes les arts: la vict\u00f2ria sobre Balor, la festa de Lughnasadh i el seu rastre des de Tara fins a Li\u00f3. Origen i significat explicats.","breadcrumb":{"@id":"https:\/\/iwell-guard.com\/ca\/lugh\/#breadcrumb"},"inLanguage":"ca","potentialAction":[{"@type":"ReadAction","target":["https:\/\/iwell-guard.com\/ca\/lugh\/"]}]},{"@type":"ImageObject","inLanguage":"ca","@id":"https:\/\/iwell-guard.com\/ca\/lugh\/#primaryimage","url":"https:\/\/iwell-guard.com\/wp-content\/uploads\/2026\/04\/goetter_keltisch_lugh.webp","contentUrl":"https:\/\/iwell-guard.com\/wp-content\/uploads\/2026\/04\/goetter_keltisch_lugh.webp","width":1024,"height":1536,"caption":"D\u00e9us de la tradici\u00f3 c\u00e8ltica."},{"@type":"BreadcrumbList","@id":"https:\/\/iwell-guard.com\/ca\/lugh\/#breadcrumb","itemListElement":[{"@type":"ListItem","position":1,"name":"Start","item":"https:\/\/iwell-guard.com\/ca\/?page_id=171333"},{"@type":"ListItem","position":2,"name":"Lugh"}]},{"@type":"WebSite","@id":"https:\/\/iwell-guard.com\/ca\/#website","url":"https:\/\/iwell-guard.com\/ca\/","name":"iWell Guard","description":"Schutz vor dunklen Einfl\u00fcssen","publisher":{"@id":"https:\/\/iwell-guard.com\/ca\/#organization"},"potentialAction":[{"@type":"SearchAction","target":{"@type":"EntryPoint","urlTemplate":"https:\/\/iwell-guard.com\/ca\/?s={search_term_string}"},"query-input":{"@type":"PropertyValueSpecification","valueRequired":true,"valueName":"search_term_string"}}],"inLanguage":"ca"},{"@type":"Organization","@id":"https:\/\/iwell-guard.com\/ca\/#organization","name":"Ittermann electronic GmbH","url":"https:\/\/iwell-guard.com\/ca\/","logo":{"@type":"ImageObject","inLanguage":"ca","@id":"https:\/\/iwell-guard.com\/ca\/#\/schema\/logo\/image\/","url":"https:\/\/iwell-guard.com\/wp-content\/uploads\/2026\/05\/Ittermann-Logo-1182x237-1.png","contentUrl":"https:\/\/iwell-guard.com\/wp-content\/uploads\/2026\/05\/Ittermann-Logo-1182x237-1.png","width":1182,"height":237,"caption":"Ittermann electronic GmbH"},"image":{"@id":"https:\/\/iwell-guard.com\/ca\/#\/schema\/logo\/image\/"},"sameAs":["https:\/\/pantip.com\/profile\/9367242","https:\/\/micro.blog\/iwellguard","https:\/\/www.diggerslist.com\/iwellguard\/about","https:\/\/skitterphoto.com\/photographers\/2870314\/iwell-guard","https:\/\/iwellguard.wordpress.com\/2026\/06\/06\/iwell-guard\/","https:\/\/hub.docker.com\/u\/iwellguard","https:\/\/www.pinterest.com\/iwellguard\/","https:\/\/bit.ly\/m\/iwellguard","https:\/\/entre-vos-mains.alsace.eu\/profiles\/iwellguard\/activity","https:\/\/gravatar.com\/reallybeded8fd34","https:\/\/naijamatta.com\/iwellguard","https:\/\/www.goodreads.com\/iwellguard","https:\/\/profile.hatena.ne.jp\/iwellguard\/","https:\/\/experiment.com\/users\/iwellguard","https:\/\/wakelet.com\/@iWellGuard82270","https:\/\/www.chordie.com\/forum\/profile.php?id=2555664","https:\/\/www.instapaper.com\/p\/17757966","https:\/\/www.mapleprimes.com\/users\/iwellguard","https:\/\/businesslistingplus.com\/profile\/iwell-guard\/","https:\/\/telegra.ph\/iWell-Guard-06-06","https:\/\/pbase.com\/iwellguard\/iwellguard","https:\/\/b.hatena.ne.jp\/iwellguard\/20260607#bookmark-4788405196491818882","https:\/\/fliphtml5.com\/home\/iwellguard","https:\/\/anyflip.com\/homepage\/cmiwl#About","https:\/\/transfur.com\/Users\/iwellguard","http:\/\/delphi.larsbo.org\/user\/iwellguard","https:\/\/jobs.lajobsportal.org\/profiles\/8380803-iwell-guard","https:\/\/md.chaosdorf.de\/s\/jfbe5SBdJD","https:\/\/www.lingvolive.com\/en-us\/profile\/9ecaeaca-ce11-4e51-9e71-01d55e2bff36\/translations","https:\/\/www.fitday.com\/fitness\/forums\/members\/iwellguard.html","https:\/\/www.mymeetbook.com\/iwellguard","https:\/\/pxhere.com\/en\/photographer-me\/5040798","https:\/\/disqus.com\/by\/iwellguard\/about\/","https:\/\/pastelink.net\/hjwciqwq","https:\/\/pubhtml5.com\/homepage\/scjhn\/","https:\/\/www.bitchute.com\/channel\/2O2eOKzNqujT","https:\/\/audiomack.com\/iwellguard"]},{"@type":"Person","@id":"https:\/\/iwell-guard.com\/ca\/#\/schema\/person\/ee2a27f1cac3406c7c6fb5820cb7349f","name":"Ralf Ittermann","image":{"@type":"ImageObject","inLanguage":"ca","@id":"https:\/\/secure.gravatar.com\/avatar\/073c0153e350a5005b68eb752b445fea71f6b24a26da9449ad7e155e6b446c9d?s=96&d=mm&r=g","url":"https:\/\/secure.gravatar.com\/avatar\/073c0153e350a5005b68eb752b445fea71f6b24a26da9449ad7e155e6b446c9d?s=96&d=mm&r=g","contentUrl":"https:\/\/secure.gravatar.com\/avatar\/073c0153e350a5005b68eb752b445fea71f6b24a26da9449ad7e155e6b446c9d?s=96&d=mm&r=g","caption":"Ralf Ittermann"},"givenName":"Ralf","familyName":"Ittermann","jobTitle":"Gesch\u00e4ftsf\u00fchrer und redaktioneller Verantwortlicher","url":"https:\/\/iwell-guard.com\/ca\/author\/claude\/","description":"Ralf Ittermann ist Gesch\u00e4ftsf\u00fchrer der Ittermann electronic GmbH und redaktioneller Verantwortlicher des iWell-Guard-Lexikons. Er verbindet langj\u00e4hrige Erfahrung in der Pr\u00e4zisionsfertigung mit medialer Praxis und religionsgeschichtlicher Quellenarbeit.","worksFor":{"@type":"Organization","name":"Ittermann electronic GmbH","url":"https:\/\/ittermann.de\/","address":{"@type":"PostalAddress","streetAddress":"K\u00f6hlergasse 16-18","postalCode":"99842","addressLocality":"Ruhla","addressCountry":"DE"}},"knowsAbout":["Religionsgeschichte","Mythologie","Mediale Praxis","Energetische Diagnostik","Schutzpraxis","Volksglauben","Westliche Esoterik"]},{"@type":"Article","@id":"https:\/\/iwell-guard.com\/ca\/lugh\/#article","isPartOf":{"@id":"https:\/\/iwell-guard.com\/ca\/lugh\/"},"author":{"name":"Ralf Ittermann","@id":"https:\/\/iwell-guard.com\/ca\/#\/schema\/person\/ee2a27f1cac3406c7c6fb5820cb7349f"},"headline":"Lugh","datePublished":"2026-09-05T15:40:38+00:00","dateModified":"2026-09-05T16:01:45+00:00","mainEntityOfPage":{"@id":"https:\/\/iwell-guard.com\/ca\/lugh\/"},"publisher":{"@id":"https:\/\/iwell-guard.com\/ca\/#organization"},"image":{"@id":"https:\/\/iwell-guard.com\/ca\/lugh\/#primaryimage"},"thumbnailUrl":"https:\/\/iwell-guard.com\/wp-content\/uploads\/2026\/04\/goetter_keltisch_lugh.webp","inLanguage":"ca","description":"Lugh, mestre celta de totes les arts: la vict\u00f2ria sobre Balor, la festa de Lughnasadh i el seu rastre des de Tara fins a Li\u00f3. Origen i significat explicats."}]}},"_links":{"self":[{"href":"https:\/\/iwell-guard.com\/ca\/wp-json\/wp\/v2\/pages\/171584","targetHints":{"allow":["GET"]}}],"collection":[{"href":"https:\/\/iwell-guard.com\/ca\/wp-json\/wp\/v2\/pages"}],"about":[{"href":"https:\/\/iwell-guard.com\/ca\/wp-json\/wp\/v2\/types\/page"}],"author":[{"embeddable":true,"href":"https:\/\/iwell-guard.com\/ca\/wp-json\/wp\/v2\/users\/3"}],"replies":[{"embeddable":true,"href":"https:\/\/iwell-guard.com\/ca\/wp-json\/wp\/v2\/comments?post=171584"}],"version-history":[{"count":0,"href":"https:\/\/iwell-guard.com\/ca\/wp-json\/wp\/v2\/pages\/171584\/revisions"}],"wp:featuredmedia":[{"embeddable":true,"href":"https:\/\/iwell-guard.com\/ca\/wp-json\/wp\/v2\/media\/1616"}],"wp:attachment":[{"href":"https:\/\/iwell-guard.com\/ca\/wp-json\/wp\/v2\/media?parent=171584"}],"wp:term":[{"taxonomy":"category","embeddable":true,"href":"https:\/\/iwell-guard.com\/ca\/wp-json\/wp\/v2\/categories?post=171584"}],"curies":[{"name":"wp","href":"https:\/\/api.w.org\/{rel}","templated":true}]}}