{"id":171580,"date":"2026-09-05T15:40:35","date_gmt":"2026-09-05T15:40:35","guid":{"rendered":"https:\/\/iwell-guard.com\/?page_id=171580"},"modified":"2026-09-05T16:01:38","modified_gmt":"2026-09-05T16:01:38","slug":"brigid","status":"publish","type":"page","link":"https:\/\/iwell-guard.com\/ca\/brigid\/","title":{"rendered":"Brigid"},"content":{"rendered":"\t\t<div data-elementor-type=\"wp-page\" data-elementor-id=\"171580\" class=\"elementor elementor-171580 elementor-2122 elementor-bc-flex-widget\" data-elementor-post-type=\"page\">\n\t\t\t\t<div class=\"elementor-element elementor-element-10fdade e-flex e-con-boxed e-con e-parent\" data-id=\"10fdade\" data-element_type=\"container\" data-e-type=\"container\" data-settings=\"{&quot;background_background&quot;:&quot;classic&quot;}\">\n\t\t\t\t\t<div class=\"e-con-inner\">\n\t\t<div class=\"elementor-element elementor-element-herohlft0 e-flex e-con-boxed e-con e-child\" data-id=\"herohlft0\" data-element_type=\"container\" data-e-type=\"container\">\n\t\t\t\t\t<div class=\"e-con-inner\">\n\t\t<div class=\"elementor-element elementor-element-c3ceb64 e-con-full e-flex e-con e-child\" data-id=\"c3ceb64\" data-element_type=\"container\" data-e-type=\"container\">\n\t\t\t\t<div class=\"elementor-element elementor-element-96ae5e1 elementor-widget elementor-widget-heading\" data-id=\"96ae5e1\" data-element_type=\"widget\" data-e-type=\"widget\" data-widget_type=\"heading.default\">\n\t\t\t\t\t<h1 class=\"elementor-heading-title elementor-size-default\">Brigid, deessa de la tradici\u00f3 c\u00e8ltica<\/h1>\t\t\t\t<\/div>\n\t\t\t\t<div class=\"elementor-element elementor-element-e45238a elementor-widget elementor-widget-text-editor\" data-id=\"e45238a\" data-element_type=\"widget\" data-e-type=\"widget\" data-widget_type=\"text-editor.default\">\n\t\t\t\t\t\t\t\t\t<p>Brigid \u00e9s la deessa de la tradici\u00f3 c\u00e8ltica que encarna el foc, la sanaci\u00f3, la poesia i l&#8217;artesania. Representa un dels pocs sincretismes cristi\u00e0-pagans de la cultura insular altmedieval i constitueix, des del punt de vista de la hist\u00f2ria de les religions, un testimoni clau de la continu\u00eftat de formes de veneraci\u00f3 prec\u00e8ltiques dins una societat nominalment cristianitzada.<\/p>\t\t\t\t\t\t\t\t<\/div>\n\t\t\t\t<\/div>\n\t\t<div class=\"elementor-element elementor-element-klsbdg01 e-con-full e-flex e-con e-parent\" data-id=\"klsbdg01\" data-element_type=\"container\" data-e-type=\"container\">\n\t\t\t\t<div class=\"elementor-element elementor-element-klshtm01 elementor-widget elementor-widget-html\" data-id=\"klshtm01\" data-element_type=\"widget\" data-e-type=\"widget\" data-widget_type=\"html.default\">\n\t\t\t\t\t<div class=\"iwg-pill-row\"><span class=\"iwg-klasse-badge\" tabindex=\"0\" data-tooltip=\"D\u00e9u \/ Deessa: Poder suprem personificat en el pante\u00f3 d'una cultura, amb \u00e0mbits d'actuaci\u00f3 clars, forces de la natura, dest\u00ed, guerra, fertilitat. Venerat mitjan\u00e7ant cultes, ofrenes i institucions de temple.\">Deessa<\/span><a href=\"https:\/\/iwell-guard.com\/ca\/?page_id=171367\" class=\"iwg-kultur-badge\" tabindex=\"0\" data-tooltip=\"Religi\u00f3 c\u00e8ltica de l'Europa occidental i les illes Brit\u00e0niques, transmesa mitol\u00f2gicament mitjan\u00e7ant textos irlandesos i gal\u00b7lesos.\">C\u00e8ltic<\/a><a href=\"https:\/\/iwell-guard.com\/ca\/?page_id=171460\" class=\"iwg-tradition-badge\" tabindex=\"0\" data-tooltip=\"Divinitats protectores, guardianes de la llar, la ciutat, els naixements, els viatges o les etapes de la vida.\">Divinitat protectora<\/a><\/div>\t\t\t\t<\/div>\n\t\t\t\t<\/div>\n\t\t<div class=\"elementor-element elementor-element-3f74855 e-con-full e-flex e-con e-child\" data-id=\"3f74855\" data-element_type=\"container\" data-e-type=\"container\">\n\t\t\t\t<div class=\"elementor-element elementor-element-1c30362 elementor-toc--minimized-on-tablet elementor-widget elementor-widget-table-of-contents\" data-id=\"1c30362\" data-element_type=\"widget\" data-e-type=\"widget\" data-settings=\"{&quot;exclude_headings_by_selector&quot;:[],&quot;no_headings_message&quot;:&quot;No s&#039;ha trobat cap encap\\u00e7alament en aquesta p\\u00e0gina.&quot;,&quot;headings_by_tags&quot;:[&quot;h2&quot;,&quot;h3&quot;],&quot;marker_view&quot;:&quot;bullets&quot;,&quot;minimize_box&quot;:&quot;yes&quot;,&quot;icon&quot;:{&quot;value&quot;:&quot;fas fa-circle&quot;,&quot;library&quot;:&quot;fa-solid&quot;,&quot;rendered_tag&quot;:&quot;&lt;svg class=\\&quot;e-font-icon-svg e-fas-circle\\&quot; viewBox=\\&quot;0 0 512 512\\&quot; xmlns=\\&quot;http:\\\/\\\/www.w3.org\\\/2000\\\/svg\\&quot;&gt;&lt;path d=\\&quot;M256 8C119 8 8 119 8 256s111 248 248 248 248-111 248-248S393 8 256 8z\\&quot;&gt;&lt;\\\/path&gt;&lt;\\\/svg&gt;&quot;},&quot;minimized_on&quot;:&quot;tablet&quot;,&quot;hierarchical_view&quot;:&quot;yes&quot;,&quot;min_height&quot;:{&quot;unit&quot;:&quot;px&quot;,&quot;size&quot;:&quot;&quot;,&quot;sizes&quot;:[]},&quot;min_height_tablet&quot;:{&quot;unit&quot;:&quot;px&quot;,&quot;size&quot;:&quot;&quot;,&quot;sizes&quot;:[]},&quot;min_height_mobile&quot;:{&quot;unit&quot;:&quot;px&quot;,&quot;size&quot;:&quot;&quot;,&quot;sizes&quot;:[]}}\" data-widget_type=\"table-of-contents.default\">\n\t\t\t\t\t\t\t\t\t<div class=\"elementor-toc__header\">\n\t\t\t\t\t\t<h2 class=\"elementor-toc__header-title\">\n\t\t\t\t\u00cdndex\t\t\t<\/h2>\n\t\t\t\t\t\t\t\t\t\t<div class=\"elementor-toc__toggle-button elementor-toc__toggle-button--expand\" role=\"button\" tabindex=\"0\" aria-controls=\"elementor-toc__1c30362\" aria-expanded=\"true\" aria-label=\"Open table of contents\"><svg aria-hidden=\"true\" class=\"e-font-icon-svg e-fas-chevron-down\" viewBox=\"0 0 448 512\" xmlns=\"http:\/\/www.w3.org\/2000\/svg\"><path d=\"M207.029 381.476L12.686 187.132c-9.373-9.373-9.373-24.569 0-33.941l22.667-22.667c9.357-9.357 24.522-9.375 33.901-.04L224 284.505l154.745-154.021c9.379-9.335 24.544-9.317 33.901.04l22.667 22.667c9.373 9.373 9.373 24.569 0 33.941L240.971 381.476c-9.373 9.372-24.569 9.372-33.942 0z\"><\/path><\/svg><\/div>\n\t\t\t\t<div class=\"elementor-toc__toggle-button elementor-toc__toggle-button--collapse\" role=\"button\" tabindex=\"0\" aria-controls=\"elementor-toc__1c30362\" aria-expanded=\"true\" aria-label=\"Close table of contents\"><svg aria-hidden=\"true\" class=\"e-font-icon-svg e-fas-chevron-up\" viewBox=\"0 0 448 512\" xmlns=\"http:\/\/www.w3.org\/2000\/svg\"><path d=\"M240.971 130.524l194.343 194.343c9.373 9.373 9.373 24.569 0 33.941l-22.667 22.667c-9.357 9.357-24.522 9.375-33.901.04L224 227.495 69.255 381.516c-9.379 9.335-24.544 9.317-33.901-.04l-22.667-22.667c-9.373-9.373-9.373-24.569 0-33.941L207.03 130.525c9.372-9.373 24.568-9.373 33.941-.001z\"><\/path><\/svg><\/div>\n\t\t\t\t\t<\/div>\n\t\t\t\t<div id=\"elementor-toc__1c30362\" class=\"elementor-toc__body\">\n\t\t\t<div class=\"elementor-toc__spinner-container\">\n\t\t\t\t<svg class=\"elementor-toc__spinner eicon-animation-spin e-font-icon-svg e-eicon-loading\" aria-hidden=\"true\" viewBox=\"0 0 1000 1000\" xmlns=\"http:\/\/www.w3.org\/2000\/svg\"><path d=\"M500 975V858C696 858 858 696 858 500S696 142 500 142 142 304 142 500H25C25 237 238 25 500 25S975 237 975 500 763 975 500 975Z\"><\/path><\/svg>\t\t\t<\/div>\n\t\t<\/div>\n\t\t\t\t\t\t<\/div>\n\t\t\t\t<\/div>\n\t\t\t\t\t<\/div>\n\t\t\t\t<\/div>\n\t\t<div class=\"elementor-element elementor-element-herorght0 e-con-full e-flex e-con e-child\" data-id=\"herorght0\" data-element_type=\"container\" data-e-type=\"container\">\n\t\t\t\t<div class=\"elementor-element elementor-element-heroimg00 iwg-hero-image elementor-widget elementor-widget-image\" data-id=\"heroimg00\" data-element_type=\"widget\" data-e-type=\"widget\" data-widget_type=\"image.default\">\n\t\t\t\t\t\t\t\t\t\t\t\t\t\t\t<img fetchpriority=\"high\" decoding=\"async\" width=\"683\" height=\"1024\" src=\"https:\/\/iwell-guard.com\/wp-content\/uploads\/2026\/04\/goetter_keltisch_brigid-683x1024.webp\" class=\"attachment-large size-large wp-image-1613\" alt=\"Brigid\" srcset=\"https:\/\/iwell-guard.com\/wp-content\/uploads\/2026\/04\/goetter_keltisch_brigid-683x1024.webp 683w, https:\/\/iwell-guard.com\/wp-content\/uploads\/2026\/04\/goetter_keltisch_brigid-200x300.webp 200w, https:\/\/iwell-guard.com\/wp-content\/uploads\/2026\/04\/goetter_keltisch_brigid-768x1152.webp 768w, https:\/\/iwell-guard.com\/wp-content\/uploads\/2026\/04\/goetter_keltisch_brigid.webp 1024w\" sizes=\"(max-width: 683px) 100vw, 683px\" \/>\t\t\t\t\t\t\t\t\t\t\t\t\t\t\t<\/div>\n\t\t\t\t<\/div>\n\t\t\t\t\t<\/div>\n\t\t\t\t<\/div>\n\t\t<div class=\"elementor-element elementor-element-32917199 e-flex e-con-boxed e-con e-parent\" data-id=\"32917199\" data-element_type=\"container\" data-e-type=\"container\">\n\t\t\t\t\t<div class=\"e-con-inner\">\n\t\t<div class=\"elementor-element elementor-element-26e916cb e-flex e-con-boxed e-con e-child\" data-id=\"26e916cb\" data-element_type=\"container\" data-e-type=\"container\">\n\t\t\t\t\t<div class=\"e-con-inner\">\n\t\t<div class=\"elementor-element elementor-element-253a40d4 e-flex e-con-boxed e-con e-child\" data-id=\"253a40d4\" data-element_type=\"container\" data-e-type=\"container\">\n\t\t\t\t\t<div class=\"e-con-inner\">\n\t\t\t\t<div class=\"elementor-element elementor-element-1200c304 elementor-widget elementor-widget-heading\" data-id=\"1200c304\" data-element_type=\"widget\" data-e-type=\"widget\" data-widget_type=\"heading.default\">\n\t\t\t\t\t<div class=\"elementor-heading-title elementor-size-default\">Brigid<\/div>\t\t\t\t<\/div>\n\t\t\t\t<div class=\"elementor-element elementor-element-11758e7f elementor-widget elementor-widget-text-editor\" data-id=\"11758e7f\" data-element_type=\"widget\" data-e-type=\"widget\" data-widget_type=\"text-editor.default\">\n\t\t\t\t\t\t\t\t\t<p>Brigid es descriu a la literatura com una deessa de triple aspecte: la sanaci\u00f3, la poesia i l&#8217;artesania. Pertany als Tuatha D\u00e9 Danann, la ra\u00e7a divina de la <span class=\"iwg-fachbegriff\" data-tooltip=\"La transmissi\u00f3 de coneixements i relats a trav\u00e9s de generacions.\" tabindex=\"0\">tradici\u00f3<\/span> c\u00e8ltica, i es transmet com a esposa de Bres o d&#8217;altres figures importants.<\/p><p>Despr\u00e9s de la cristianitzaci\u00f3, va continuar com a santa Br\u00edgida, patrona d&#8217;Irlanda. La seva festa central \u00e9s Imbolc, l&#8217;u de febrer, dia de transici\u00f3 cap a la primavera i associat a la fertilitat i la nova vida.<\/p>\t\t\t\t\t\t\t\t<\/div>\n\t\t\t\t\t<\/div>\n\t\t\t\t<\/div>\n\t\t<div class=\"elementor-element elementor-element-159dcf9a e-flex e-con-boxed e-con e-child\" data-id=\"159dcf9a\" data-element_type=\"container\" data-e-type=\"container\">\n\t\t\t\t\t<div class=\"e-con-inner\">\n\t\t\t\t<div class=\"elementor-element elementor-element-48cee66f elementor-widget elementor-widget-heading\" data-id=\"48cee66f\" data-element_type=\"widget\" data-e-type=\"widget\" data-widget_type=\"heading.default\">\n\t\t\t\t\t<h2 class=\"elementor-heading-title elementor-size-default\">Resum r\u00e0pid: Brigid<\/h2>\t\t\t\t<\/div>\n\t\t\t\t<div class=\"elementor-element elementor-element-3f50d82c elementor-widget elementor-widget-text-editor\" data-id=\"3f50d82c\" data-element_type=\"widget\" data-e-type=\"widget\" data-widget_type=\"text-editor.default\">\n\t\t\t\t\t\t\t\t\t<p>Les fonts provenen principalment de manuscrits irlandesos medievals com el Metrical Dindshenchas, que recull llegendes de llocs, i de textos hagiogr\u00e0fics sobre santa Br\u00edgida, redactats a partir del segle VII.<\/p><p>Bernhard Maier i Birkhan han exposat que la continu\u00eftat d&#8217;aquesta figura entre deessa pagana i santa cristiana continua sense resoldre&#8217;s, per\u00f2 \u00e9s textualment inevitable. L&#8217;esgl\u00e9sia insular irlandesa va conservar les tradicions c\u00e8ltiques m\u00e9s intensament que la cristiandat continental.<\/p>\t\t\t\t\t\t\t\t<\/div>\n\t\t\t\t\t<\/div>\n\t\t\t\t<\/div>\n\t\t\t\t\t<\/div>\n\t\t\t\t<\/div>\n\t\t\t\t\t<\/div>\n\t\t\t\t<\/div>\n\t\t<div class=\"elementor-element elementor-element-18613602 e-flex e-con-boxed e-con e-parent\" data-id=\"18613602\" data-element_type=\"container\" data-e-type=\"container\">\n\t\t\t\t\t<div class=\"e-con-inner\">\n\t\t\t\t<div class=\"elementor-element elementor-element-262b8a9f elementor-widget elementor-widget-heading\" data-id=\"262b8a9f\" data-element_type=\"widget\" data-e-type=\"widget\" data-widget_type=\"heading.default\">\n\t\t\t\t\t<h2 class=\"elementor-heading-title elementor-size-default\">Context<\/h2>\t\t\t\t<\/div>\n\t\t<div class=\"elementor-element elementor-element-46dcb7d e-con-full e-flex e-con e-child\" data-id=\"46dcb7d\" data-element_type=\"container\" data-e-type=\"container\">\n\t\t<div class=\"elementor-element elementor-element-61d3ab3 e-flex e-con-boxed e-con e-child\" data-id=\"61d3ab3\" data-element_type=\"container\" data-e-type=\"container\">\n\t\t\t\t\t<div class=\"e-con-inner\">\n\t\t\t\t<div class=\"elementor-element elementor-element-117c166 elementor-widget elementor-widget-heading\" data-id=\"117c166\" data-element_type=\"widget\" data-e-type=\"widget\" data-widget_type=\"heading.default\">\n\t\t\t\t\t<div class=\"elementor-heading-title elementor-size-default\">Per\u00edode dels textos<\/div>\t\t\t\t<\/div>\n\t\t\t\t<div class=\"elementor-element elementor-element-73997a0 elementor-widget elementor-widget-text-editor\" data-id=\"73997a0\" data-element_type=\"widget\" data-e-type=\"widget\" data-widget_type=\"text-editor.default\">\n\t\t\t\t\t\t\t\t\t<p>Des de la deessa dels Tuatha D\u00e9 Danann fins a santa Br\u00edgida de Kildare i els costums de Brigid del segle XX, la tradici\u00f3 es pot seguir a Irlanda durant llargs per\u00edodes. El trenat de creus de Brigid l&#8217;1 de febrer encara es practica avui, i des de 2023 el dia de Brigid \u00e9s festiu oficial a Irlanda. La santa cristiana ha adoptat trets de l&#8217;antiga deessa, de manera que la figura de fons ha rom\u00e0s reconeixible malgrat el canvi de religi\u00f3.<\/p><h3>Classificaci\u00f3 mitol\u00f2gica<\/h3><p>Brigid \u00e9s una de les deesses m\u00e9s importants de la tradici\u00f3 c\u00e8ltica irlandesa i brit\u00e0nica. \u00c9s deessa del foc, la sanaci\u00f3, la poesia i l&#8217;ofici de ferrer. Es presenta triple o n\u00f2vupla en la genealogia. Brigid va ser tan important que va ser incorporada a la veneraci\u00f3 cristiana dels sants.<\/p>\t\t\t\t\t\t\t\t<\/div>\n\t\t\t\t\t<\/div>\n\t\t\t\t<\/div>\n\t\t<div class=\"elementor-element elementor-element-d47b156 e-flex e-con-boxed e-con e-child\" data-id=\"d47b156\" data-element_type=\"container\" data-e-type=\"container\">\n\t\t\t\t\t<div class=\"e-con-inner\">\n\t\t\t\t<div class=\"elementor-element elementor-element-ff38c2b elementor-widget elementor-widget-heading\" data-id=\"ff38c2b\" data-element_type=\"widget\" data-e-type=\"widget\" data-widget_type=\"heading.default\">\n\t\t\t\t\t<div class=\"elementor-heading-title elementor-size-default\">\u00c0rea de difusi\u00f3<\/div>\t\t\t\t<\/div>\n\t\t\t\t<div class=\"elementor-element elementor-element-4e49fcc elementor-widget elementor-widget-text-editor\" data-id=\"4e49fcc\" data-element_type=\"widget\" data-e-type=\"widget\" data-widget_type=\"text-editor.default\">\n\t\t\t\t\t\t\t\t\t<p>Brigid no estava limitada a una regi\u00f3 o localitat concreta, sin\u00f3 que era coneguda i venerada, o temuda amb respecte, universalment en tot el m\u00f3n c\u00e8ltic. Tant en grans centres urbans com en regions rurals perif\u00e8riques, tant entre l&#8217;elit social com entre el poble com\u00fa, el significat espiritual o cultural d&#8217;aquesta entitat era reconegut de manera cont\u00ednua i universal.<\/p><p>El Glossari de Cormac anomena Brigid la deessa que tots els poetes irlandesos veneraven, la qual cosa demostra el seu rang dins dels estaments cultes d&#8217;Irlanda. El seu nom apareix tamb\u00e9 a Brit\u00e0nia i la G\u00e0l\u00b7lia en formes emparentades com Brigantia, la deessa tribal dels brigants. Aquesta difusi\u00f3 a trav\u00e9s de territoris de cultura c\u00e8ltica s&#8217;explica per arrels ling\u00fc\u00edstiques compartides i pels vincles entre els grups c\u00e8ltics de les illes i del continent.<\/p>\t\t\t\t\t\t\t\t<\/div>\n\t\t\t\t\t<\/div>\n\t\t\t\t<\/div>\n\t\t\t\t<\/div>\n\t\t<div class=\"elementor-element elementor-element-db03c39 e-con-full e-flex e-con e-child\" data-id=\"db03c39\" data-element_type=\"container\" data-e-type=\"container\">\n\t\t<div class=\"elementor-element elementor-element-229a87b e-flex e-con-boxed e-con e-child\" data-id=\"229a87b\" data-element_type=\"container\" data-e-type=\"container\">\n\t\t\t\t\t<div class=\"e-con-inner\">\n\t\t\t\t<div class=\"elementor-element elementor-element-1f471fc elementor-widget elementor-widget-heading\" data-id=\"1f471fc\" data-element_type=\"widget\" data-e-type=\"widget\" data-widget_type=\"heading.default\">\n\t\t\t\t\t<div class=\"elementor-heading-title elementor-size-default\">Estat de les fonts<\/div>\t\t\t\t<\/div>\n\t\t\t\t<div class=\"elementor-element elementor-element-36b1201 elementor-widget elementor-widget-text-editor\" data-id=\"36b1201\" data-element_type=\"widget\" data-e-type=\"widget\" data-widget_type=\"text-editor.default\">\n\t\t\t\t\t\t\t\t\t<p>Fonts prim\u00e0ries: el Metrical Dindshenchas (medieval, recull material precristi\u00e0), les vides de santa Br\u00edgida (segles VII-IX) i llistes fragment\u00e0ries de d\u00e9us del Yellow Book of Lecan.<\/p><p>Per\u00edodes: els relats mitol\u00f2gics reconstrueixen circumst\u00e0ncies de l&#8217;edat del ferro i \u00e8poca romana (aprox. 500 aC &#8211; 400 dC), per\u00f2 els registres es van redactar entre els segles VIII i XII. Investigadors: Proinsias Mac Cana (Celtic Mythology), Bernhard Maier (Die Religion der Kelten) i Helmut Birkhan (Kelten) analitzen els fen\u00f2mens de sincretisme.<\/p>\t\t\t\t\t\t\t\t<\/div>\n\t\t\t\t\t<\/div>\n\t\t\t\t<\/div>\n\t\t\t\t<\/div>\n\t\t\t\t\t<\/div>\n\t\t\t\t<\/div>\n\t\t<div class=\"elementor-element elementor-element-3ae0637c e-flex e-con-boxed e-con e-parent\" data-id=\"3ae0637c\" data-element_type=\"container\" data-e-type=\"container\">\n\t\t\t\t\t<div class=\"e-con-inner\">\n\t\t\t\t<div class=\"elementor-element elementor-element-31d07739 elementor-widget elementor-widget-heading\" data-id=\"31d07739\" data-element_type=\"widget\" data-e-type=\"widget\" data-widget_type=\"heading.default\">\n\t\t\t\t\t<h2 class=\"elementor-heading-title elementor-size-default\">Nom i variants<\/h2>\t\t\t\t<\/div>\n\t\t<div class=\"elementor-element elementor-element-b7642947 e-con-full e-flex e-con e-child\" data-id=\"b7642947\" data-element_type=\"container\" data-e-type=\"container\">\n\t\t\t\t<div class=\"elementor-element elementor-element-a086266 elementor-widget elementor-widget-text-editor\" data-id=\"a086266\" data-element_type=\"widget\" data-e-type=\"widget\" data-widget_type=\"text-editor.default\">\n\t\t\t\t\t\t\t\t\t<p>Brigid es representa en les diverses fonts i tradicions art\u00edstiques amb certs elements iconogr\u00e0fics recurrents que romanen relativament constants durant d\u00e8cades i en diferents \u00e0mbits geogr\u00e0fics. Aquests elements no s\u00f3n purament decoratius ni escollits a l&#8217;atzar, sin\u00f3 que estan profundament codificats simb\u00f2licament i porten un gran significat.<\/p><p>Els atributs de Brigid transmeten cada un un missatge concret: la connexi\u00f3 amb el foc i la farga remet al seu ofici artesanal, el foc sagrat de Kildare a la seva funci\u00f3 sanadora, i la vinculaci\u00f3 amb la poesia a la seva posici\u00f3 com a protectora dels Filid, els poetes erudits irlandesos. La creu de Brigid feta de joncs trenats, la relaci\u00f3 amb la font i la festa primaveral d&#8217;Imbolc formen conjuntament un sistema de signes llegible. Qui coneixia la tradici\u00f3 irlandesa podia llegir-hi la funci\u00f3 i el rang de la deessa: una figura que uneix poesia, ofici de ferrer i sanaci\u00f3 en una forma triple, tal com descriu el Glossari de Cormac al segle IX.<\/p>\t\t\t\t\t\t\t\t<\/div>\n\t\t\t\t<\/div>\n\t\t\t\t\t<\/div>\n\t\t\t\t<\/div>\n\t\t<div class=\"elementor-element elementor-element-709a44a8 e-flex e-con-boxed e-con e-parent\" data-id=\"709a44a8\" data-element_type=\"container\" data-e-type=\"container\">\n\t\t\t\t\t<div class=\"e-con-inner\">\n\t\t\t\t<div class=\"elementor-element elementor-element-2f585873 elementor-widget elementor-widget-heading\" data-id=\"2f585873\" data-element_type=\"widget\" data-e-type=\"widget\" data-widget_type=\"heading.default\">\n\t\t\t\t\t<h2 class=\"elementor-heading-title elementor-size-default\">Descripci\u00f3<\/h2>\t\t\t\t<\/div>\n\t\t<div class=\"elementor-element elementor-element-70621c12 e-con-full e-flex e-con e-child\" data-id=\"70621c12\" data-element_type=\"container\" data-e-type=\"container\">\n\t\t\t\t<div class=\"elementor-element elementor-element-4296eb49 elementor-widget elementor-widget-text-editor\" data-id=\"4296eb49\" data-element_type=\"widget\" data-e-type=\"widget\" data-widget_type=\"text-editor.default\">\n\t\t\t\t\t\t\t\t\t<p>Brigid tenia un paper central en la pr\u00e0ctica religiosa, els rituals quotidians i la comprensi\u00f3 di\u00e0ria del poble c\u00e8ltic. La gent s&#8217;adre\u00e7ava a aquesta entitat en situacions vitals cr\u00edtiques o determinades, o en \u00e8poques rituals concretes de l&#8217;any, amb rituals estructurats, sovint elaborats, preg\u00e0ries o ofrenes.<\/p><p>La veneraci\u00f3 de Brigid seguia camins fixos: la festa d&#8217;Imbolc l&#8217;1 de febrer marcava una data clarament determinada en el cicle anual, i els costums de les creus de Brigid fetes de joncs o d&#8217;estendre draps la nit de la festa es transmetien de manera reglada. Despr\u00e9s de la fusi\u00f3 amb santa Br\u00edgida de Kildare, la cura del culte va quedar en mans d&#8217;una comunitat mon\u00e0stica organitzada, les dones de la qual guardaven el foc transm\u00e8s.<\/p><p>El fet que Imbolc es celebr\u00e9s des de la Irlanda precristiana fins a l&#8217;\u00e8poca cristiana com el dia de Brigid (L\u00e1 Fh\u00e9ile Br\u00edde) mostra la utilitat que s&#8217;atribu\u00efa a aquests costums. Les seves funcions cobrien diversos \u00e0mbits: la creu de Brigid sobre la porta havia de protegir la casa i el bestiar del dany, la seva compet\u00e8ncia en la sanaci\u00f3 s&#8217;aplicava als malalts i les parteres, i la festa de l&#8217;1 de febrer acompanyava el pas de l&#8217;hivern cap a la temporada de pastura, coincidint amb el primer part de les ovelles.<\/p><h3>Aparen\u00e7a i simbolisme<\/h3><p>Brigid es representa com una dona resplendentment bella amb cabells rossos o daurats, sovint embolcallada en foc. Una corona l&#8217;envolta. Els seus atributs s\u00f3n la torxa, l&#8217;enclusa i el martell, herbes medicinals i l&#8217;arpa. Les fonts i els pous s\u00f3n <span class=\"iwg-fachbegriff\" data-tooltip=\"Pertanyent al div\u00ed i, per aix\u00f2, excl\u00f2s de l'\u00fas quotidi\u00e0.\" tabindex=\"0\">sagrats<\/span>. La creu de Brigid \u00e9s el seu <span class=\"iwg-fachbegriff\" data-tooltip=\"Un signe que representa una idea o significat.\" tabindex=\"0\">s\u00edmbol<\/span>.<\/p>\t\t\t\t\t\t\t\t<\/div>\n\t\t\t\t<\/div>\n\t\t\t\t\t<\/div>\n\t\t\t\t<\/div>\n\t\t<div class=\"elementor-element elementor-element-44e71476 e-flex e-con-boxed e-con e-parent\" data-id=\"44e71476\" data-element_type=\"container\" data-e-type=\"container\">\n\t\t\t\t\t<div class=\"e-con-inner\">\n\t\t\t\t<div class=\"elementor-element elementor-element-3c1fc3f0 elementor-widget elementor-widget-heading\" data-id=\"3c1fc3f0\" data-element_type=\"widget\" data-e-type=\"widget\" data-widget_type=\"heading.default\">\n\t\t\t\t\t<div class=\"elementor-heading-title elementor-size-default\">Fitxa: Brigid<\/div>\t\t\t\t<\/div>\n\t\t<div class=\"elementor-element elementor-element-84f33b8e e-con-full e-flex e-con e-child\" data-id=\"84f33b8e\" data-element_type=\"container\" data-e-type=\"container\">\n\t\t\t\t<div class=\"elementor-element elementor-element-hqkdc67p elementor-widget elementor-widget-text-editor\" data-id=\"hqkdc67p\" data-element_type=\"widget\" data-e-type=\"widget\" data-widget_type=\"text-editor.default\">\n\t\t\t\t\t\t\t\t\t<p>La fitxa mostra Brigid en sis dimensions: el seu origen cultural, els seus cercles de veneraci\u00f3, la seva iconografia, els poders que se li atribueixen, les formes de respecte i invocaci\u00f3, i les correspond\u00e8ncies en cultures ve\u00efnes. Aix\u00f2 permet una visi\u00f3 sistem\u00e0tica d&#8217;aquesta deessa tan polifac\u00e8tica.<\/p>\t\t\t\t\t\t\t\t<\/div>\n\t\t\t\t<\/div>\n\t\t<div class=\"elementor-element elementor-element-pemmx7c5 e-con-full e-flex e-con e-child\" data-id=\"pemmx7c5\" data-element_type=\"container\" data-e-type=\"container\">\n\t\t<div class=\"elementor-element elementor-element-pemmx7c1 e-con-full e-flex e-con e-child\" data-id=\"pemmx7c1\" data-element_type=\"container\" data-e-type=\"container\">\n\t\t<div class=\"elementor-element elementor-element-qh9oavvu iwg-steckbrief-card e-flex e-con-boxed e-con e-child\" data-id=\"qh9oavvu\" data-element_type=\"container\" data-e-type=\"container\">\n\t\t\t\t\t<div class=\"e-con-inner\">\n\t\t\t\t<div class=\"elementor-element elementor-element-awzx8k2k elementor-widget elementor-widget-heading\" data-id=\"awzx8k2k\" data-element_type=\"widget\" data-e-type=\"widget\" data-widget_type=\"heading.default\">\n\t\t\t\t\t<div class=\"elementor-heading-title elementor-size-default\">Context cultural<\/div>\t\t\t\t<\/div>\n\t\t\t\t<div class=\"elementor-element elementor-element-x6rowhv0 elementor-widget elementor-widget-text-editor\" data-id=\"x6rowhv0\" data-element_type=\"widget\" data-e-type=\"widget\" data-widget_type=\"text-editor.default\">\n\t\t\t\t\t\t\t\t\t<p>Brigid procedeix de la capa prec\u00e8ltica o protoindoeuropea de la tradici\u00f3 irlandesa, com indica el consell div\u00ed dels Tuatha D\u00e9 Danann. La seva primera menci\u00f3 liter\u00e0ria es troba al Metrical Dindshenchas i en genealogies dels segles IX-X. Geogr\u00e0ficament, el seu culte es centra a Irlanda, amb testimonis secundaris de les Highlands escoceses.<\/p><p>La figura de la santa Br\u00edgida, documentada des del segle VII, se superposa a la figura divina i mostra continu\u00eftat del <span class=\"iwg-fachbegriff\" data-tooltip=\"El conjunt d'actes de veneraci\u00f3 religiosa dedicats a una divinitat o figura sagrada.\" tabindex=\"0\">culte<\/span> m\u00e9s enll\u00e0 de la transici\u00f3 a la cristianitzaci\u00f3.<\/p>\t\t\t\t\t\t\t\t<\/div>\n\t\t\t\t\t<\/div>\n\t\t\t\t<\/div>\n\t\t<div class=\"elementor-element elementor-element-8e3o4kxs iwg-steckbrief-card e-flex e-con-boxed e-con e-child\" data-id=\"8e3o4kxs\" data-element_type=\"container\" data-e-type=\"container\">\n\t\t\t\t\t<div class=\"e-con-inner\">\n\t\t\t\t<div class=\"elementor-element elementor-element-08rkdgov elementor-widget elementor-widget-heading\" data-id=\"08rkdgov\" data-element_type=\"widget\" data-e-type=\"widget\" data-widget_type=\"heading.default\">\n\t\t\t\t\t<div class=\"elementor-heading-title elementor-size-default\">Objecte d'acci\u00f3<\/div>\t\t\t\t<\/div>\n\t\t\t\t<div class=\"elementor-element elementor-element-uwjelx8s elementor-widget elementor-widget-text-editor\" data-id=\"uwjelx8s\" data-element_type=\"widget\" data-e-type=\"widget\" data-widget_type=\"text-editor.default\">\n\t\t\t\t\t\t\t\t\t<p>Brigid era invocada per fam\u00edlies de poetes (fil\u00ed), guaridors, ferrers i artesanes. La seva festa, Imbolc, era ocasi\u00f3 de rituals de purificaci\u00f3 i celebracions de fertilitat. En \u00e8poca cristiana, les dones en dificultats de part i q\u00fcestions de malaltia s&#8217;adre\u00e7aven a santa Br\u00edgida. Diversos monestirs es van dedicar especialment a la seva veneraci\u00f3, com el de Kildare, que va conservar la tradici\u00f3 brigidina i es va convertir en un centre econ\u00f2mic i intel\u00b7lectual.<\/p>\t\t\t\t\t\t\t\t<\/div>\n\t\t\t\t\t<\/div>\n\t\t\t\t<\/div>\n\t\t<div class=\"elementor-element elementor-element-jm2n74ec iwg-steckbrief-card e-flex e-con-boxed e-con e-child\" data-id=\"jm2n74ec\" data-element_type=\"container\" data-e-type=\"container\">\n\t\t\t\t\t<div class=\"e-con-inner\">\n\t\t\t\t<div class=\"elementor-element elementor-element-8vufse4c elementor-widget elementor-widget-heading\" data-id=\"8vufse4c\" data-element_type=\"widget\" data-e-type=\"widget\" data-widget_type=\"heading.default\">\n\t\t\t\t\t<div class=\"elementor-heading-title elementor-size-default\">Forma<\/div>\t\t\t\t<\/div>\n\t\t\t\t<div class=\"elementor-element elementor-element-mwb9u015 elementor-widget elementor-widget-text-editor\" data-id=\"mwb9u015\" data-element_type=\"widget\" data-e-type=\"widget\" data-widget_type=\"text-editor.default\">\n\t\t\t\t\t\t\t\t\t<p>Brigid s&#8217;associa, en l&#8217;artesania i en les descripcions liter\u00e0ries, amb el foc, com a flama de la inspiraci\u00f3, de la curaci\u00f3 i de la ferreria. Es diu que un foc a Kildare li estava <span class=\"iwg-fachbegriff\" data-tooltip=\"Lliurat mitjan\u00e7ant un acte religi\u00f3s a l'esfera del sagrat, i per tant separat del que \u00e9s quotidi\u00e0.\" tabindex=\"0\">consagrat<\/span>, custodiat per monges.<\/p><p>De vegades porta atributs de llevadora i metgessa. En manuscrits medievals apareix digna i envoltada d&#8217;una lluminositat, sovint acompanyada de flames o d&#8217;aig\u00fces curatives.<\/p>\t\t\t\t\t\t\t\t<\/div>\n\t\t\t\t\t<\/div>\n\t\t\t\t<\/div>\n\t\t\t\t<\/div>\n\t\t<div class=\"elementor-element elementor-element-pemmx7c2 e-con-full e-flex e-con e-child\" data-id=\"pemmx7c2\" data-element_type=\"container\" data-e-type=\"container\">\n\t\t<div class=\"elementor-element elementor-element-37ss2yr6 iwg-steckbrief-card e-flex e-con-boxed e-con e-child\" data-id=\"37ss2yr6\" data-element_type=\"container\" data-e-type=\"container\">\n\t\t\t\t\t<div class=\"e-con-inner\">\n\t\t\t\t<div class=\"elementor-element elementor-element-3v0wp3wx elementor-widget elementor-widget-heading\" data-id=\"3v0wp3wx\" data-element_type=\"widget\" data-e-type=\"widget\" data-widget_type=\"heading.default\">\n\t\t\t\t\t<div class=\"elementor-heading-title elementor-size-default\">Activitat<\/div>\t\t\t\t<\/div>\n\t\t\t\t<div class=\"elementor-element elementor-element-w3247g2m elementor-widget elementor-widget-text-editor\" data-id=\"w3247g2m\" data-element_type=\"widget\" data-e-type=\"widget\" data-widget_type=\"text-editor.default\">\n\t\t\t\t\t\t\t\t\t<p>Brigid actuava com a patrona en un ventall de funcions inusualment ampli: com a guaridora, com a protectora de la ferreria, com a defensora dels poetes i com a atorgadora de fertilitat per al bestiar i les persones. A <em>Cath Maige Tuired<\/em> apareix com a figura fundadora de la cultura, la lamentaci\u00f3 funeral de la qual pel seu fill caigut Ruad\u00e1n inaugura el primer cant d&#8217;aquest tipus en la tradici\u00f3 irlandesa.<\/p><p>Textos hagiogr\u00e0fics posteriors, com <em>Bethu Brigte<\/em> (segle IX), transfereixen el seu poder a la santa cristiana Br\u00edgida de Kildare i li atribueixen la curaci\u00f3 de malalts, la multiplicaci\u00f3 d&#8217;aliments i la protecci\u00f3 dels ramats.<\/p>\t\t\t\t\t\t\t\t<\/div>\n\t\t\t\t\t<\/div>\n\t\t\t\t<\/div>\n\t\t<div class=\"elementor-element elementor-element-0qpjal9w iwg-steckbrief-card e-flex e-con-boxed e-con e-child\" data-id=\"0qpjal9w\" data-element_type=\"container\" data-e-type=\"container\">\n\t\t\t\t\t<div class=\"e-con-inner\">\n\t\t\t\t<div class=\"elementor-element elementor-element-6ndoih0o elementor-widget elementor-widget-heading\" data-id=\"6ndoih0o\" data-element_type=\"widget\" data-e-type=\"widget\" data-widget_type=\"heading.default\">\n\t\t\t\t\t<div class=\"elementor-heading-title elementor-size-default\">Formes de defensa<\/div>\t\t\t\t<\/div>\n\t\t\t\t<div class=\"elementor-element elementor-element-6684tyh9 elementor-widget elementor-widget-text-editor\" data-id=\"6684tyh9\" data-element_type=\"widget\" data-e-type=\"widget\" data-widget_type=\"text-editor.default\">\n\t\t\t\t\t\t\t\t\t<p>Brigid es considera ben\u00e8fica i prop\u00edcia. Dones i artesans la invocaven per obtenir destresa i protecci\u00f3 en la seva feina. En textos hagiogr\u00e0fics ajuda els necessitats mitjan\u00e7ant miracles. Avui dia \u00e9s una figura d&#8217;invocaci\u00f3 per a la creaci\u00f3 art\u00edstica, la curaci\u00f3 i la protecci\u00f3 de la llar. No existeixen pr\u00e0ctiques d&#8217;aversi\u00f3, ja que Brigid no es considera nociva ni perillosa.<\/p>\t\t\t\t\t\t\t\t<\/div>\n\t\t\t\t\t<\/div>\n\t\t\t\t<\/div>\n\t\t<div class=\"elementor-element elementor-element-3lfi7x32 iwg-steckbrief-card e-flex e-con-boxed e-con e-child\" data-id=\"3lfi7x32\" data-element_type=\"container\" data-e-type=\"container\">\n\t\t\t\t\t<div class=\"e-con-inner\">\n\t\t\t\t<div class=\"elementor-element elementor-element-0kg99ga1 elementor-widget elementor-widget-heading\" data-id=\"0kg99ga1\" data-element_type=\"widget\" data-e-type=\"widget\" data-widget_type=\"heading.default\">\n\t\t\t\t\t<div class=\"elementor-heading-title elementor-size-default\">\u00c9ssers relacionats<\/div>\t\t\t\t<\/div>\n\t\t\t\t<div class=\"elementor-element elementor-element-n0fum6kp elementor-widget elementor-widget-text-editor\" data-id=\"n0fum6kp\" data-element_type=\"widget\" data-e-type=\"widget\" data-widget_type=\"text-editor.default\">\n\t\t\t\t\t\t\t\t\t<p>Es poden comparar l&#8217;Atena grega (artesania, combat, saviesa), la Vesta romana (foc de la llar, protecci\u00f3) i, en la tradici\u00f3 \u00edndia, la deessa Saraswati (arts, poesia). L&#8217;atribuci\u00f3 triple d&#8217;aspectes recorda les representacions d&#8217;H\u00e8cate o les tr\u00edades de divinitats de triple forma en monuments c\u00e8ltics. Aquests paral\u00b7lelismes mostren patrons religiosos universals en la veneraci\u00f3 de divinitats creadores de cultura.<\/p>\t\t\t\t\t\t\t\t<\/div>\n\t\t\t\t\t<\/div>\n\t\t\t\t<\/div>\n\t\t\t\t<\/div>\n\t\t\t\t<\/div>\n\t\t\t\t\t<\/div>\n\t\t\t\t<\/div>\n\t\t<div class=\"elementor-element elementor-element-5a584676 e-flex e-con-boxed e-con e-parent\" data-id=\"5a584676\" data-element_type=\"container\" data-e-type=\"container\">\n\t\t\t\t\t<div class=\"e-con-inner\">\n\t\t\t\t<div class=\"elementor-element elementor-element-6d0757bf elementor-widget elementor-widget-heading\" data-id=\"6d0757bf\" data-element_type=\"widget\" data-e-type=\"widget\" data-widget_type=\"heading.default\">\n\t\t\t\t\t<h2 class=\"elementor-heading-title elementor-size-default\">Brigid, paral\u00b7lelismes en altres cultures<\/h2>\t\t\t\t<\/div>\n\t\t<div class=\"elementor-element elementor-element-60563f68 e-con-full e-flex e-con e-child\" data-id=\"60563f68\" data-element_type=\"container\" data-e-type=\"container\">\n\t\t\t\t<div class=\"elementor-element elementor-element-5a93fdd6 elementor-widget elementor-widget-text-editor\" data-id=\"5a93fdd6\" data-element_type=\"widget\" data-e-type=\"widget\" data-widget_type=\"text-editor.default\">\n\t\t\t\t\t\t\t\t\t<p>Dones sagrades que reuneixen en una sola persona l&#8217;art de curar, l&#8217;ofici de ferrer i la poesia es troben en diverses mitologies, des de la Minerva romana fins a l&#8217;Eir n\u00f2rdica i la Mokosh eslava; cada tradici\u00f3 atorga un pes diferent als tres aspectes.<\/p>\n<p><p><strong>Tradici\u00f3 jueva:<\/strong> No existeix cap correspond\u00e8ncia directa. Llunyanament relacionades hi ha Miriam (profetessa, m\u00fasica, l\u00edder) en la tradici\u00f3 de l&#8217;\u00c8xode, o la Saviesa personificada (Chokmah\/Sofia) com a figura semblant a una deessa creadora femenina.<\/p><p><strong>M\u00f3n grecorom\u00e0:<\/strong> Atena encarna l&#8217;artesania i la saviesa estrat\u00e8gica, mentre que H\u00e8stia\/Vesta representen el foc de la llar i la cohesi\u00f3 comunit\u00e0ria. Asclepi i Higia corresponen a l&#8217;aspecte curatiu de Brigid. El <span class=\"iwg-fachbegriff\" data-tooltip=\"Un lloc sagrat dedicat a la veneraci\u00f3 d'una divinitat.\" tabindex=\"0\">santuari<\/span> rom\u00e0 de Vesta, amb el seu foc etern, s&#8217;assembla al foc de Brigid a Kildare.<\/p><p><strong>Mesopot\u00e0mia:<\/strong> Ninhursag, deessa del part i la curaci\u00f3, i Inanna, deessa de l&#8217;artesania i de l&#8217;amor, mostren coincid\u00e8ncies tem\u00e0tiques. Tamb\u00e9 Enki, d\u00e9u de l&#8217;artesania, podria considerar-se un paral\u00b7lel mascul\u00ed.<\/p><p><strong>\u00cdndia\/\u00c0sia:<\/strong> Saraswati (poesia, arts, saviesa) i Lakshmi (prosperitat, foment de l&#8217;artesania) comparteixen amb Brigid el paper de protectora de la creativitat humana. En el xintoisme japon\u00e8s li correspon parcialment Benzaiten (arts, m\u00fasica).<\/p>\t\t\t\t\t\t\t\t<\/div>\n\t\t\t\t<\/div>\n\t\t\t\t\t<\/div>\n\t\t\t\t<\/div>\n\t\t<div class=\"elementor-element elementor-element-cp963119b e-flex e-con-boxed e-con e-parent\" data-id=\"cp963119b\" data-element_type=\"container\" data-e-type=\"container\">\n\t\t\t\t\t<div class=\"e-con-inner\">\n\t\t\t\t<div class=\"elementor-element elementor-element-cpb656ff4 elementor-widget elementor-widget-heading\" data-id=\"cpb656ff4\" data-element_type=\"widget\" data-e-type=\"widget\" data-widget_type=\"heading.default\">\n\t\t\t\t\t<h2 class=\"elementor-heading-title elementor-size-default\">La fusi\u00f3 amb la santa Br\u00edgida de Kildare<\/h2>\t\t\t\t<\/div>\n\t\t<div class=\"elementor-element elementor-element-cp41801bb e-con-full e-flex e-con e-child\" data-id=\"cp41801bb\" data-element_type=\"container\" data-e-type=\"container\">\n\t\t\t\t<div class=\"elementor-element elementor-element-cp6ed9bb7 elementor-widget elementor-widget-text-editor\" data-id=\"cp6ed9bb7\" data-element_type=\"widget\" data-e-type=\"widget\" data-widget_type=\"text-editor.default\">\n\t\t\t\t\t\t\t\t\t<p>Una de les q\u00fcestions m\u00e9s debatudes de la hist\u00f2ria religiosa irlandesa \u00e9s la relaci\u00f3 entre la deessa Brigid i la santa cristiana Br\u00edgida de Kildare, la festa de la qual se celebra l&#8217;1 de febrer, dia d&#8217;<em>Imbolc<\/em>.<\/p><p>Es diu que la santa va viure al segle V o a principis del VI; la seva vida m\u00e9s antiga la va redactar el monjo Cogitosus cap a l&#8217;any 650, la <em>Vita Sanctae Brigitae<\/em>.<\/p><p>Cogitosus explica que a Kildare (<em>Cill Dara<\/em>, \u00abesgl\u00e9sia del roure\u00bb) hi havia un monestir on cremava un foc sagrat, custodiat per monges, que no es podia deixar apagar mai.<\/p><p>Giraldus Cambrensis encara descrivia aquest foc al segle XII. Aquesta veneraci\u00f3 del foc, el vincle amb el bestiar, la llet i la fertilitat, aix\u00ed com la data de la festa, han portat molts investigadors a veure en la santa una forma cristianitzada de la deessa.<\/p><p>La investigaci\u00f3 m\u00e9s recent, per\u00f2, crida a la prud\u00e8ncia. Historiadors com Lisa Bitel han assenyalat que ben b\u00e9 pot haver existit una abadessa real anomenada Br\u00edgida i que l&#8217;hagiografia segueix les seves pr\u00f2pies lleis liter\u00e0ries. Les coincid\u00e8ncies es poden explicar en part com una apropiaci\u00f3 conscient de motius precristians per part de la comunitat mon\u00e0stica, i en part com a trets generals compartits per les vides de sants de l&#8217;alta edat mitjana.<\/p><p>El que \u00e9s cert \u00e9s que el <span class=\"iwg-fachbegriff\" data-tooltip=\"El conjunt d'actes de veneraci\u00f3 religiosa dedicats a una divinitat o figura sagrada.\" tabindex=\"0\">culte<\/span> de la santa es va superposar al de la deessa i va vincular costums m\u00e9s antics, com el trenat de la <em>Brigid&#8217;s Cross<\/em> feta de joncs, a la festa cristiana. La continu\u00eftat \u00e9s real, per\u00f2 la seva forma exacta continua sent objecte de debat.<\/p>\t\t\t\t\t\t\t\t<\/div>\n\t\t\t\t<\/div>\n\t\t\t\t\t<\/div>\n\t\t\t\t<\/div>\n\t\t<div class=\"elementor-element elementor-element-cp82e756a e-flex e-con-boxed e-con e-parent\" data-id=\"cp82e756a\" data-element_type=\"container\" data-e-type=\"container\">\n\t\t\t\t\t<div class=\"e-con-inner\">\n\t\t\t\t<div class=\"elementor-element elementor-element-cp7acc7a0 elementor-widget elementor-widget-heading\" data-id=\"cp7acc7a0\" data-element_type=\"widget\" data-e-type=\"widget\" data-widget_type=\"heading.default\">\n\t\t\t\t\t<h2 class=\"elementor-heading-title elementor-size-default\">Brigid en la transmissi\u00f3 textual medieval<\/h2>\t\t\t\t<\/div>\n\t\t<div class=\"elementor-element elementor-element-cpff2cb9f e-con-full e-flex e-con e-child\" data-id=\"cpff2cb9f\" data-element_type=\"container\" data-e-type=\"container\">\n\t\t\t\t<div class=\"elementor-element elementor-element-cp425ffe9 elementor-widget elementor-widget-text-editor\" data-id=\"cp425ffe9\" data-element_type=\"widget\" data-e-type=\"widget\" data-widget_type=\"text-editor.default\">\n\t\t\t\t\t\t\t\t\t<p>La major part del que se sap sobre la deessa Brigid no prov\u00e9 de fonts pag\u00e0niques contempor\u00e0nies, sin\u00f3 de textos que erudits cristians van escriure a l&#8217;edat mitjana. El passatge m\u00e9s important es troba al <em>Sanas Cormaic<\/em> (Glossari de Cormac), una col\u00b7lecci\u00f3 etimol\u00f2gica tradicionalment atribu\u00efda al bisbe Cormac mac Cuilenn\u00e1in (mort el 908).<\/p><p>All\u00e0 s&#8217;explica que Brigid era una poetessa (<em>banfili<\/em>), filla del <a href=\"https:\/\/iwell-guard.com\/ca\/?page_id=171512\">Dagda<\/a>, i que hi va haver dues altres Brigids m\u00e9s, una encarregada de l&#8217;art de curar i una altra de l&#8217;art de la forja.<\/p><p>D&#8217;aquesta nota la investigaci\u00f3 dedueix la imatge d&#8217;una deessa triple o de tres germanes hom\u00f2nimes. Si es tracta d&#8217;una idea genu\u00efnament antiga o d&#8217;una construcci\u00f3 erudita del glossador \u00e9s una q\u00fcesti\u00f3 que no es pot resoldre de manera definitiva.<\/p><p>Altres mencions apareixen al <em>Lebor Gab\u00e1la \u00c9renn<\/em> (Llibre de les invasions) i al relat <em>Cath Maige Tuired<\/em> (La batalla de Mag Tuired), on Brigid apareix com a esposa de Bres i mare de Ruad\u00e1n, i se li atribueix haver inventat el planyament f\u00fanebre (<em>keening<\/em>) despr\u00e9s de la mort d&#8217;aquest.<\/p><p>Aquestes fonts es conserven en manuscrits del segle XI al XV, per\u00f2 es basen en part en models m\u00e9s antics. La <span class=\"iwg-fachbegriff\" data-tooltip=\"La ci\u00e8ncia que estudia les religions de manera comparativa i sense vinculaci\u00f3 de fe.\" tabindex=\"0\">ci\u00e8ncia de la religi\u00f3<\/span> subratlla, per aix\u00f2, que qualsevol afirmaci\u00f3 sobre Brigid ha passat pel filtre de l&#8217;erudici\u00f3 mon\u00e0stica.<\/p>\t\t\t\t\t\t\t\t<\/div>\n\t\t\t\t<\/div>\n\t\t\t\t\t<\/div>\n\t\t\t\t<\/div>\n\t\t<div class=\"elementor-element elementor-element-cpe440084 e-flex e-con-boxed e-con e-parent\" data-id=\"cpe440084\" data-element_type=\"container\" data-e-type=\"container\">\n\t\t\t\t\t<div class=\"e-con-inner\">\n\t\t\t\t<div class=\"elementor-element elementor-element-cpbc2fb09 elementor-widget elementor-widget-heading\" data-id=\"cpbc2fb09\" data-element_type=\"widget\" data-e-type=\"widget\" data-widget_type=\"heading.default\">\n\t\t\t\t\t<h2 class=\"elementor-heading-title elementor-size-default\">Imbolc: la festa de l'inici de la primavera<\/h2>\t\t\t\t<\/div>\n\t\t<div class=\"elementor-element elementor-element-cpfe97b11 e-con-full e-flex e-con e-child\" data-id=\"cpfe97b11\" data-element_type=\"container\" data-e-type=\"container\">\n\t\t\t\t<div class=\"elementor-element elementor-element-cp8c339ee elementor-widget elementor-widget-text-editor\" data-id=\"cp8c339ee\" data-element_type=\"widget\" data-e-type=\"widget\" data-widget_type=\"text-editor.default\">\n\t\t\t\t\t\t\t\t\t<p>Estretament lligat a Brigid hi ha l&#8217;<em>Imbolc<\/em>, una de les quatre grans festes del cicle anual irland\u00e8s, que se celebra l&#8217;1 de febrer i marca l&#8217;inici de la primavera.<\/p><p>El nom se sol relacionar amb el part de les ovelles i l&#8217;inici de la producci\u00f3 de llet; una etimologia difosa l&#8217;interpreta com <em>i mbolg<\/em> (dins el ventre), en refer\u00e8ncia a les ovelles prenyades, per\u00f2 tamb\u00e9 en aquest punt la investigaci\u00f3 no hi est\u00e0 d&#8217;acord.<\/p><p>Els testimonis m\u00e9s antics de la festa provenen de textos medievals com el relat <em>Tochmarc Emire<\/em> (El festeig d&#8217;Emer), que esmenta l&#8217;Imbolc juntament amb <em>Samhain<\/em>, <em>Beltaine<\/em> i <em>Lugnasad<\/em>. En gran part manquen detalls rituals concrets per a l&#8217;\u00e8poca pagana; el coneixement dels costums prov\u00e9 de la <span class=\"iwg-fachbegriff\" data-tooltip=\"La transmissi\u00f3 de coneixements i relats al llarg de generacions.\" tabindex=\"0\">tradici\u00f3<\/span> folkl\u00f2rica de l&#8217;\u00e8poca moderna.<\/p><p>De la Irlanda i l&#8217;Esc\u00f2cia rurals es documenten el trenat de la creu de Brigid, la fabricaci\u00f3 d&#8217;una nina de palla (<em>Br\u00edde\u00f3g<\/em>) que es portava de casa en casa, i l&#8217;estesa d&#8217;un drap o cinta durant la nit, el <em>Brat Br\u00edde<\/em>, al qual s&#8217;atribu\u00efa poder curatiu.<\/p><p>Aquestes pr\u00e0ctiques van ser recollides al segle XIX i a principis del XX per recol\u00b7lectors com Alexander Carmichael a la <em>Carmina Gadelica<\/em>. Fins a quin punt tot aix\u00f2 es remunta a la deessa precristiana \u00e9s metodol\u00f2gicament dif\u00edcil de determinar.<\/p>\t\t\t\t\t\t\t\t<\/div>\n\t\t\t\t<\/div>\n\t\t\t\t\t<\/div>\n\t\t\t\t<\/div>\n\t\t<div class=\"elementor-element elementor-element-cp87ef1ee e-flex e-con-boxed e-con e-parent\" data-id=\"cp87ef1ee\" data-element_type=\"container\" data-e-type=\"container\">\n\t\t\t\t\t<div class=\"e-con-inner\">\n\t\t\t\t<div class=\"elementor-element elementor-element-cp18a755f elementor-widget elementor-widget-heading\" data-id=\"cp18a755f\" data-element_type=\"widget\" data-e-type=\"widget\" data-widget_type=\"heading.default\">\n\t\t\t\t\t<h2 class=\"elementor-heading-title elementor-size-default\">Brigantia i la q\u00fcesti\u00f3 de la difusi\u00f3 celta continental<\/h2>\t\t\t\t<\/div>\n\t\t<div class=\"elementor-element elementor-element-cp0dfc208 e-con-full e-flex e-con e-child\" data-id=\"cp0dfc208\" data-element_type=\"container\" data-e-type=\"container\">\n\t\t\t\t<div class=\"elementor-element elementor-element-cp61715b4 elementor-widget elementor-widget-text-editor\" data-id=\"cp61715b4\" data-element_type=\"widget\" data-e-type=\"widget\" data-widget_type=\"text-editor.default\">\n\t\t\t\t\t\t\t\t\t<p>El nom Brigid es fa remuntar ling\u00fc\u00edsticament a una arrel protocelta <em>*brigant\u012b<\/em>, que significa aproximadament l&#8217;excelsa o l&#8217;elevada. Aquesta mateixa arrel es troba en el nom de la deessa Brigantia, documentada a la Brit\u00e0nia romana mitjan\u00e7ant inscripcions i pedres votives, especialment a la zona de la tribu dels brigants, al nord d&#8217;Anglaterra.<\/p><p>En un <span class=\"iwg-fachbegriff\" data-tooltip=\"Una representaci\u00f3 pl\u00e0stica en relleu, elaborada sobre una superf\u00edcie.\" tabindex=\"0\">relleu<\/span> procedent de Birrens, a Esc\u00f2cia, Brigantia apareix amb la forma d&#8217;una Minerva o Vict\u00f2ria, amb llan\u00e7a, escut i corona mural. Algunes inscripcions l&#8217;esmenten juntament amb la divinitat estatal romana, la qual cosa suggereix una funci\u00f3 oficial com a deessa protectora de la confederaci\u00f3 tribal.<\/p><p>Si Brigantia i la irlandesa Brigid es remunten a una <span class=\"iwg-fachbegriff\" data-tooltip=\"Un \u00e9sser venerat com a div\u00ed dins d'una religi\u00f3.\" tabindex=\"0\">divinitat<\/span> celta comuna i molt difosa, o si nom\u00e9s el nom hi \u00e9s emparentat, \u00e9s una de les q\u00fcestions obertes de la investigaci\u00f3 sobre la religi\u00f3 celta.<\/p><p>Noms comparables apareixen tamb\u00e9 a la zona celta continental, per exemple en topon\u00edmia com Bregenz (<em>Brigantion<\/em>), a la vora del llac de Constan\u00e7a.<\/p><p>Alguns investigadors, entre ells estudiosos de la religi\u00f3 que treballen en la tradici\u00f3 de Georges Dum\u00e9zil, han comparat Brigid amb concepcions indoeuropees d&#8217;una deessa de l&#8217;alba o de la inspiraci\u00f3 po\u00e8tica, i han assenyalat paral\u00b7lelismes amb la deessa v\u00e8dica Bharat\u012b o amb Sarasvat\u012b. Aquestes comparacions continuen sent hipot\u00e8tiques, per\u00f2 mostren fins a quin punt el nom est\u00e0 arrelat ling\u00fc\u00edsticament.<\/p>\t\t\t\t\t\t\t\t<\/div>\n\t\t\t\t<\/div>\n\t\t\t\t\t<\/div>\n\t\t\t\t<\/div>\n\t\t<div class=\"elementor-element elementor-element-cpd9c7750 e-flex e-con-boxed e-con e-parent\" data-id=\"cpd9c7750\" data-element_type=\"container\" data-e-type=\"container\">\n\t\t\t\t\t<div class=\"e-con-inner\">\n\t\t\t\t<div class=\"elementor-element elementor-element-cpac607fa elementor-widget elementor-widget-heading\" data-id=\"cpac607fa\" data-element_type=\"widget\" data-e-type=\"widget\" data-widget_type=\"heading.default\">\n\t\t\t\t\t<h2 class=\"elementor-heading-title elementor-size-default\">La recepci\u00f3 moderna: neopaganisme i renaixement cultural<\/h2>\t\t\t\t<\/div>\n\t\t<div class=\"elementor-element elementor-element-cp1f5ec82 e-con-full e-flex e-con e-child\" data-id=\"cp1f5ec82\" data-element_type=\"container\" data-e-type=\"container\">\n\t\t\t\t<div class=\"elementor-element elementor-element-cp7c7a406 elementor-widget elementor-widget-text-editor\" data-id=\"cp7c7a406\" data-element_type=\"widget\" data-e-type=\"widget\" data-widget_type=\"text-editor.default\">\n\t\t\t\t\t\t\t\t\t<p>Des de finals del segle XX, Brigid ha viscut un renaixement notable. En corrents neopagans i pr\u00f2xims a la Wicca, es considera una de les divinitats m\u00e9s venerades, sovint interpretada com una deessa triple de la poesia, la curaci\u00f3 i la forja. L&#8217;Imbolc va ser incorporat com una de les vuit festes del cicle anual al calendari festiu pag\u00e0 modern.<\/p><p>Aquesta recepci\u00f3 fon sovint materials de proced\u00e8ncies diverses: textos irlandesos medievals, costums populars moderns, l&#8217;hagiografia de la santa i reconstruccions rom\u00e0ntiques del segle XIX. Des del punt de vista de la ci\u00e8ncia de la religi\u00f3, \u00e9s important distingir el que est\u00e0 hist\u00f2ricament documentat del que constitueix una apropiaci\u00f3 contempor\u00e0nia. La Brigid moderna \u00e9s un fenomen religi\u00f3s propi, no simplement la continuaci\u00f3 de la deessa medieval.<\/p><p><span data-nosnippet>Paral\u00b7lelament, hi ha un renaixement cultural a la mateixa Irlanda. A Kildare, una comunitat de brigidines mant\u00e9 des de 1993 de nou un foc etern simb\u00f2lic. Des de 2023, l&#8217;1 de febrer \u00e9s festa oficial a la Rep\u00fablica d&#8217;Irlanda, anomenada en honor de Brigid, la qual cosa mostra la persistent for\u00e7a identit\u00e0ria de la figura.<\/span><\/p><p>En la <span class=\"iwg-fachbegriff\" data-tooltip=\"La doctrina cient\u00edfica sobre D\u00e9u i la fe d'una religi\u00f3.\" tabindex=\"0\">teologia<\/span> feminista i en el moviment pacifista, Brigid tamb\u00e9 es reivindica com a <span class=\"iwg-fachbegriff\" data-tooltip=\"Un signe que representa una idea o un significat.\" tabindex=\"0\">s\u00edmbol<\/span> de l&#8217;autoritat femenina i de la for\u00e7a creativa. La figura continua sent, doncs, un exemple de com una figura mitol\u00f2gica es reomple cont\u00ednuament de significat al llarg dels segles.<\/p>\t\t\t\t\t\t\t\t<\/div>\n\t\t\t\t<\/div>\n\t\t\t\t\t<\/div>\n\t\t\t\t<\/div>\n\t\t<div class=\"elementor-element elementor-element-cp1c8a1f7 e-flex e-con-boxed e-con e-parent\" data-id=\"cp1c8a1f7\" data-element_type=\"container\" data-e-type=\"container\">\n\t\t\t\t\t<div class=\"e-con-inner\">\n\t\t\t\t<div class=\"elementor-element elementor-element-cpb9e96f0 elementor-widget elementor-widget-heading\" data-id=\"cpb9e96f0\" data-element_type=\"widget\" data-e-type=\"widget\" data-widget_type=\"heading.default\">\n\t\t\t\t\t<h2 class=\"elementor-heading-title elementor-size-default\">Brigid en la fam\u00edlia dels T\u00faatha D\u00e9 Danann<\/h2>\t\t\t\t<\/div>\n\t\t<div class=\"elementor-element elementor-element-cpabc4612 e-con-full e-flex e-con e-child\" data-id=\"cpabc4612\" data-element_type=\"container\" data-e-type=\"container\">\n\t\t\t\t<div class=\"elementor-element elementor-element-cpb80a943 elementor-widget elementor-widget-text-editor\" data-id=\"cpb80a943\" data-element_type=\"widget\" data-e-type=\"widget\" data-widget_type=\"text-editor.default\">\n\t\t\t\t\t\t\t\t\t<p>Dins la genealogia mitol\u00f2gica dels <em>T\u00faatha D\u00e9 Danann<\/em>, el llinatge de d\u00e9us de la <span class=\"iwg-fachbegriff\" data-tooltip=\"La transmissi\u00f3 de coneixements i relats al llarg de generacions.\" tabindex=\"0\">tradici\u00f3<\/span> irlandesa, Brigid ocupa una posici\u00f3 de parentiu central. Es considera filla del Dagda, el gran d\u00e9u pare, i per tant germana de figures com Aengus, Bodb Derg i Cermait.<\/p><p>A <em>Cath Maige Tuired<\/em> se la menciona com a esposa de Bres, aquell rei que \u00e9s mig T\u00faatha D\u00e9, mig dels Fomori enemics. D&#8217;aquesta uni\u00f3 neix el fill Ruad\u00e1n.<\/p><p>Brigid es situa aix\u00ed en un punt de contacte entre els dos llinatges m\u00edtics enfrontats, una posici\u00f3 que la converteix en mediadora. Quan Ruad\u00e1n cau en combat, es diu que Brigid va entonar el primer cant funerari d&#8217;Irlanda, atribuint-se-li aix\u00ed la invenci\u00f3 del plany ritual.<\/p><p>Aquestes dades geneal\u00f2giques no s\u00f3n del tot coherents. Diversos manuscrits i tradicions textuals atribueixen a Brigid parents diferents, i la ja esmentada divisi\u00f3 en tres germanes hom\u00f2nimes complica encara m\u00e9s la imatge.<\/p><p>La recerca hi veu menys una contradicci\u00f3 que un tret propi de la <span class=\"iwg-fachbegriff\" data-tooltip=\"La transmissi\u00f3 de coneixements i relats al llarg de generacions.\" tabindex=\"0\">tradici\u00f3<\/span> oral, que admetia diverses versions en paral\u00b7lel. Cal retenir que Brigid apareix pr\u00e0cticament en tots els fils narratius com una figura d&#8217;alt rang, estretament vinculada al Dagda i associada als \u00e0mbits centrals de la poesia, la curaci\u00f3 i l&#8217;artesania.<\/p>\t\t\t\t\t\t\t\t<\/div>\n\t\t\t\t<\/div>\n\t\t\t\t\t<\/div>\n\t\t\t\t<\/div>\n\t\t<div class=\"elementor-element elementor-element-36dd7469 e-flex e-con-boxed e-con e-parent\" data-id=\"36dd7469\" data-element_type=\"container\" data-e-type=\"container\">\n\t\t\t\t\t<div class=\"e-con-inner\">\n\t\t\t\t<div class=\"elementor-element elementor-element-13760ab4 elementor-widget elementor-widget-heading\" data-id=\"13760ab4\" data-element_type=\"widget\" data-e-type=\"widget\" data-widget_type=\"heading.default\">\n\t\t\t\t\t<h2 class=\"elementor-heading-title elementor-size-default\">Enlla\u00e7os relacionats<\/h2>\t\t\t\t<\/div>\n\t\t<div class=\"elementor-element elementor-element-28c87796 e-con-full e-flex e-con e-child\" data-id=\"28c87796\" data-element_type=\"container\" data-e-type=\"container\">\n\t\t\t\t<div class=\"elementor-element elementor-element-5d6538df elementor-widget elementor-widget-text-editor\" data-id=\"5d6538df\" data-element_type=\"widget\" data-e-type=\"widget\" data-widget_type=\"text-editor.default\">\n\t\t\t\t\t\t\t\t\t<p>Enlla\u00e7os interns recomanats per a aquesta p\u00e0gina:<\/p><ul><li><a href=\"https:\/\/iwell-guard.com\/ca\/?page_id=171367\">C\u00e8ltic<\/a> (p\u00e0gina cultural superior)<\/li><li><a href=\"https:\/\/iwell-guard.com\/ca\/?page_id=171582\">Cernunnos<\/a> (d\u00e9u paral\u00b7lel del <span class=\"iwg-fachbegriff\" data-tooltip=\"El conjunt de d\u00e9us d'una religi\u00f3 o cultura.\" tabindex=\"0\">pante\u00f3<\/span> c\u00e8ltic)<\/li><li><a href=\"https:\/\/iwell-guard.com\/ca\/?page_id=171384\">Banshee<\/a> (figura espiritual femenina de la mateixa tradici\u00f3)<\/li><li><a href=\"https:\/\/iwell-guard.com\/ca\/?page_id=171460\">Divinitats protectores<\/a> (visi\u00f3 general de la classe)<\/li><\/ul>\t\t\t\t\t\t\t\t<\/div>\n\t\t\t\t<\/div>\n\t\t\t\t\t<\/div>\n\t\t\t\t<\/div>\n\t\t<div class=\"elementor-element elementor-element-grl4kl40 e-flex e-con-boxed e-con e-parent\" data-id=\"grl4kl40\" data-element_type=\"container\" data-e-type=\"container\">\n\t\t\t\t\t<div class=\"e-con-inner\">\n\t\t\t\t<div class=\"elementor-element elementor-element-bzsbfrmh elementor-widget elementor-widget-heading\" data-id=\"bzsbfrmh\" data-element_type=\"widget\" data-e-type=\"widget\" data-widget_type=\"heading.default\">\n\t\t\t\t\t<h2 class=\"elementor-heading-title elementor-size-default\">Bibliografia (selecci\u00f3)<\/h2>\t\t\t\t<\/div>\n\t\t<div class=\"elementor-element elementor-element-2c13224a e-con-full e-flex e-con e-child\" data-id=\"2c13224a\" data-element_type=\"container\" data-e-type=\"container\">\n\t\t\t\t<div class=\"elementor-element elementor-element-0eymh9ub elementor-widget elementor-widget-text-editor\" data-id=\"0eymh9ub\" data-element_type=\"widget\" data-e-type=\"widget\" data-widget_type=\"text-editor.default\">\n\t\t\t\t\t\t\t\t\t<footer class=\"iwg-literatur\" data-nosnippet=\"true\"><p>Fonts sobre Brigid:<\/p><ul><li><span data-nosnippet>\u00d3 h\u00d3g\u00e1in, D\u00e1ith\u00ed: <em>The Lore of Ireland. An Encyclopaedia of Myth, Legend and Romance.<\/em> Boydell Press, Woodbridge 2006.<\/span><\/li><li><span data-nosnippet>Aldhouse-Green, Miranda: <em>The Celtic Goddesses. Warriors, Virgins and Mothers.<\/em> British Museum Press, London 1995.<\/span><\/li><li><span data-nosnippet>Wright, Brian: <em>Brigid. Goddess, Druidess and Saint.<\/em> The History Press, Stroud 2009.<\/span><\/li><\/ul><\/footer>\n<p class=\"iwg-bib-more\"><span data-nosnippet>M\u00e9s obres de refer\u00e8ncia al <a href=\"https:\/\/iwell-guard.com\/ca\/?page_id=171483\">llistat bibliogr\u00e0fic<\/a>.<\/span><\/p>\t\t\t\t\t\t\t\t<\/div>\n\t\t\t\t<\/div>\n\t\t\t\t\t<\/div>\n\t\t\t\t<\/div>\n\t\t<div class=\"elementor-element elementor-element-07f6324 e-con-boxed e-flex e-con e-parent\" data-id=\"07f6324\" data-element_type=\"container\" data-e-type=\"container\">\n\t\t\t\t\t<div class=\"e-con-inner\">\n\t\t\t\t<div class=\"elementor-element elementor-element-a5cd9dc elementor-widget elementor-widget-text-editor\" data-id=\"a5cd9dc\" data-element_type=\"widget\" data-e-type=\"widget\" data-widget_type=\"text-editor.default\">\n\t\t\t\t\t\t\t\t\t\n<h2>Preguntes freq\u00fcents sobre Brigid<\/h2>\n<div class=\"iwg-faq-q\"><h3>Qui \u00e9s Brigid en la tradici\u00f3 c\u00e8ltica irlandesa?<\/h3><p>Brigid (irland\u00e8s antic Brigit, gal\u00b7l\u00e8s Ffraid) \u00e9s una de les deesses m\u00e9s importants de la <span class=\"iwg-fachbegriff\" data-tooltip=\"El conjunt de relats sobre d\u00e9us transmesos per una cultura.\" tabindex=\"0\">mitologia<\/span> irlandesa-c\u00e8ltica, filla del Dagda, patrona dels poetes, els ferrers i els sanadors.<\/p><p>Encarna els tres grans \u00e0mbits culturals del m\u00f3n c\u00e8ltic: la paraula parlada (Filidh, poetes), la transformaci\u00f3 \u00edgnia (ferreria) i la curaci\u00f3. En la tradici\u00f3 triple apareix com a tres germanes: Brigid la poeta, Brigid la ferrera, Brigid la sanadora.<\/p><\/div>\n<div class=\"iwg-faq-q\"><h3>Com es relacionen la Brigid pagana i la santa cristiana Brigida?<\/h3><p>Santa Brigida de Kildare (ca. 451-525), la patrona d&#8217;Irlanda, \u00e9s des del punt de vista de la hist\u00f2ria de les religions una de les figures de <span class=\"iwg-fachbegriff\" data-tooltip=\"Fusi\u00f3 d'idees o divinitats provinents de diverses tradicions religioses.\" tabindex=\"0\">sincretisme<\/span> m\u00e9s impressionants. L&#8217;Esgl\u00e9sia cristiana va adoptar el <span class=\"iwg-fachbegriff\" data-tooltip=\"El conjunt d'actes de veneraci\u00f3 religiosa dedicats a una divinitat o figura sagrada.\" tabindex=\"0\">culte<\/span>, la festa (Imbolc\/Candelera l&#8217;1 o 2 de febrer), el <span class=\"iwg-fachbegriff\" data-tooltip=\"Un lloc sagrat dedicat a la veneraci\u00f3 d'una divinitat.\" tabindex=\"0\">santuari<\/span> (el foc etern de Brigid a Kildare es va mantenir enc\u00e8s fins al 1220) i fins i tot moltes hist\u00f2ries de miracles de la deessa pagana.<\/p><p>La <span class=\"iwg-fachbegriff\" data-tooltip=\"Creences i costums religiosos estesos en la vida quotidiana.\" tabindex=\"0\">creen\u00e7a popular<\/span> irlandesa va vincular tant les dues figures que ja no es pot destriar quina caracter\u00edstica pertany origin\u00e0riament a cadascuna.<\/p><\/div>\n<script type=\"application\/ld+json\">{\"@context\":\"https:\/\/schema.org\",\"@type\":\"FAQPage\",\"mainEntity\":[{\"@type\":\"Question\",\"name\":\"Qui \u00e9s Brigid en la tradici\u00f3 c\u00e8ltica irlandesa?\",\"acceptedAnswer\":{\"@type\":\"Answer\",\"text\":\"Brigid (irland\u00e8s antic Brigit, gal\u00b7l\u00e8s Ffraid) \u00e9s una de les deesses m\u00e9s importants de la mitologia irlandesa-c\u00e8ltica, filla del Dagda, patrona dels poetes, els ferrers i els sanadors.Encarna els tres grans \u00e0mbits culturals del m\u00f3n c\u00e8ltic: la paraula parlada (Filidh, poetes), la transformaci\u00f3 \u00edgnia (ferreria) i la curaci\u00f3. En la tradici\u00f3 triple apareix com a tres germanes: Brigid la poeta, Brigid la ferrera, Brigid la sanadora.\"}},{\"@type\":\"Question\",\"name\":\"Com es relacionen la Brigid pagana i la santa cristiana Brigida?\",\"acceptedAnswer\":{\"@type\":\"Answer\",\"text\":\"Santa Brigida de Kildare (ca. 451-525), la patrona d'Irlanda, \u00e9s des del punt de vista de la hist\u00f2ria de les religions una de les figures de sincretisme m\u00e9s impressionants. L'Esgl\u00e9sia cristiana va adoptar el culte, la festa (Imbolc\/Candelera l'1 o 2 de febrer), el santuari (el foc etern de Brigid a Kildare es va mantenir enc\u00e8s fins al 1220) i fins i tot moltes hist\u00f2ries de miracles de la deessa pagana.La creen\u00e7a popular irlandesa va vincular tant les dues figures que ja no es pot destriar quina caracter\u00edstica pertany origin\u00e0riament a cadascuna.\"}}]}<\/script>\t\t\t\t\t\t\t\t<\/div>\n\t\t\t\t\t<\/div>\n\t\t\t\t<\/div>\n\t\t\t\t<\/div>\n\t\t","protected":false},"excerpt":{"rendered":"","protected":false},"author":3,"featured_media":1613,"parent":0,"menu_order":0,"comment_status":"closed","ping_status":"closed","template":"elementor_header_footer","meta":{"_yoast_wpseo_focuskw":"Brigid","_yoast_wpseo_title":"Brigid - Deessa del foc, la sanaci\u00f3 i la poesia","_yoast_wpseo_metadesc":"Brigid, deessa de la tradici\u00f3 c\u00e8ltica del foc, la sanaci\u00f3 i la poesia, transmesa des de fa segles i continuada com a santa Br\u00edgida d'Irlanda.","_yoast_wpseo_meta-robots-noindex":"","_yoast_wpseo_canonical":"","_angie_page":false,"gefaehrdungsstufe":"1","wesen_kultur":"keltisch","wesen_klasse":"goetter","footnotes":""},"categories":[],"class_list":["post-171580","page","type-page","status-publish","has-post-thumbnail","hentry"],"yoast_head":"<!-- This site is optimized with the Yoast SEO Premium plugin v27.7 (Yoast SEO v28.3) - https:\/\/yoast.com\/product\/yoast-seo-premium-wordpress\/ -->\n<title>Brigid - Deessa del foc, la sanaci\u00f3 i la poesia<\/title>\n<meta name=\"description\" content=\"Brigid, deessa de la tradici\u00f3 c\u00e8ltica del foc, la sanaci\u00f3 i la poesia, transmesa des de fa segles i continuada com a santa Br\u00edgida d&#039;Irlanda.\" \/>\n<meta name=\"robots\" content=\"index, follow, max-snippet:-1, max-image-preview:large, max-video-preview:-1\" \/>\n<link rel=\"canonical\" href=\"https:\/\/iwell-guard.com\/ca\/brigid\/\" \/>\n<meta property=\"og:locale\" content=\"ca_ES\" \/>\n<meta property=\"og:type\" content=\"article\" \/>\n<meta property=\"og:title\" content=\"Brigid\" \/>\n<meta property=\"og:description\" content=\"Brigid, deessa de la tradici\u00f3 c\u00e8ltica del foc, la sanaci\u00f3 i la poesia, transmesa des de fa segles i continuada com a santa Br\u00edgida d&#039;Irlanda.\" \/>\n<meta property=\"og:url\" content=\"https:\/\/iwell-guard.com\/ca\/brigid\/\" \/>\n<meta property=\"og:site_name\" content=\"iWell Guard\" \/>\n<meta property=\"article:modified_time\" content=\"2026-09-05T16:01:38+00:00\" \/>\n<meta property=\"og:image\" content=\"https:\/\/iwell-guard.com\/wp-content\/uploads\/2026\/04\/goetter_keltisch_brigid.webp\" \/>\n\t<meta property=\"og:image:width\" content=\"1024\" \/>\n\t<meta property=\"og:image:height\" content=\"1536\" \/>\n\t<meta property=\"og:image:type\" content=\"image\/webp\" \/>\n<meta name=\"twitter:card\" content=\"summary_large_image\" \/>\n<script type=\"application\/ld+json\" class=\"yoast-schema-graph\">{\"@context\":\"https:\\\/\\\/schema.org\",\"@graph\":[{\"@type\":\"WebPage\",\"@id\":\"https:\\\/\\\/iwell-guard.com\\\/ca\\\/brigid\\\/\",\"url\":\"https:\\\/\\\/iwell-guard.com\\\/ca\\\/brigid\\\/\",\"name\":\"Brigid - Deessa del foc, la sanaci\u00f3 i la poesia\",\"isPartOf\":{\"@id\":\"https:\\\/\\\/iwell-guard.com\\\/ca\\\/#website\"},\"primaryImageOfPage\":{\"@id\":\"https:\\\/\\\/iwell-guard.com\\\/ca\\\/brigid\\\/#primaryimage\"},\"image\":{\"@id\":\"https:\\\/\\\/iwell-guard.com\\\/ca\\\/brigid\\\/#primaryimage\"},\"thumbnailUrl\":\"https:\\\/\\\/iwell-guard.com\\\/wp-content\\\/uploads\\\/2026\\\/04\\\/goetter_keltisch_brigid.webp\",\"datePublished\":\"2026-09-05T15:40:35+00:00\",\"dateModified\":\"2026-09-05T16:01:38+00:00\",\"description\":\"Brigid, deessa de la tradici\u00f3 c\u00e8ltica del foc, la sanaci\u00f3 i la poesia, transmesa des de fa segles i continuada com a santa Br\u00edgida d'Irlanda.\",\"breadcrumb\":{\"@id\":\"https:\\\/\\\/iwell-guard.com\\\/ca\\\/brigid\\\/#breadcrumb\"},\"inLanguage\":\"ca\",\"potentialAction\":[{\"@type\":\"ReadAction\",\"target\":[\"https:\\\/\\\/iwell-guard.com\\\/ca\\\/brigid\\\/\"]}]},{\"@type\":\"ImageObject\",\"inLanguage\":\"ca\",\"@id\":\"https:\\\/\\\/iwell-guard.com\\\/ca\\\/brigid\\\/#primaryimage\",\"url\":\"https:\\\/\\\/iwell-guard.com\\\/wp-content\\\/uploads\\\/2026\\\/04\\\/goetter_keltisch_brigid.webp\",\"contentUrl\":\"https:\\\/\\\/iwell-guard.com\\\/wp-content\\\/uploads\\\/2026\\\/04\\\/goetter_keltisch_brigid.webp\",\"width\":1024,\"height\":1536,\"caption\":\"D\u00e9us de la tradici\u00f3 c\u00e8ltica.\"},{\"@type\":\"BreadcrumbList\",\"@id\":\"https:\\\/\\\/iwell-guard.com\\\/ca\\\/brigid\\\/#breadcrumb\",\"itemListElement\":[{\"@type\":\"ListItem\",\"position\":1,\"name\":\"Start\",\"item\":\"https:\\\/\\\/iwell-guard.com\\\/ca\\\/?page_id=171333\"},{\"@type\":\"ListItem\",\"position\":2,\"name\":\"Brigid\"}]},{\"@type\":\"WebSite\",\"@id\":\"https:\\\/\\\/iwell-guard.com\\\/ca\\\/#website\",\"url\":\"https:\\\/\\\/iwell-guard.com\\\/ca\\\/\",\"name\":\"iWell Guard\",\"description\":\"Schutz vor dunklen Einfl\u00fcssen\",\"publisher\":{\"@id\":\"https:\\\/\\\/iwell-guard.com\\\/ca\\\/#organization\"},\"potentialAction\":[{\"@type\":\"SearchAction\",\"target\":{\"@type\":\"EntryPoint\",\"urlTemplate\":\"https:\\\/\\\/iwell-guard.com\\\/ca\\\/?s={search_term_string}\"},\"query-input\":{\"@type\":\"PropertyValueSpecification\",\"valueRequired\":true,\"valueName\":\"search_term_string\"}}],\"inLanguage\":\"ca\"},{\"@type\":\"Organization\",\"@id\":\"https:\\\/\\\/iwell-guard.com\\\/ca\\\/#organization\",\"name\":\"Ittermann electronic GmbH\",\"url\":\"https:\\\/\\\/iwell-guard.com\\\/ca\\\/\",\"logo\":{\"@type\":\"ImageObject\",\"inLanguage\":\"ca\",\"@id\":\"https:\\\/\\\/iwell-guard.com\\\/ca\\\/#\\\/schema\\\/logo\\\/image\\\/\",\"url\":\"https:\\\/\\\/iwell-guard.com\\\/wp-content\\\/uploads\\\/2026\\\/05\\\/Ittermann-Logo-1182x237-1.png\",\"contentUrl\":\"https:\\\/\\\/iwell-guard.com\\\/wp-content\\\/uploads\\\/2026\\\/05\\\/Ittermann-Logo-1182x237-1.png\",\"width\":1182,\"height\":237,\"caption\":\"Ittermann electronic GmbH\"},\"image\":{\"@id\":\"https:\\\/\\\/iwell-guard.com\\\/ca\\\/#\\\/schema\\\/logo\\\/image\\\/\"},\"sameAs\":[\"https:\\\/\\\/pantip.com\\\/profile\\\/9367242\",\"https:\\\/\\\/micro.blog\\\/iwellguard\",\"https:\\\/\\\/www.diggerslist.com\\\/iwellguard\\\/about\",\"https:\\\/\\\/skitterphoto.com\\\/photographers\\\/2870314\\\/iwell-guard\",\"https:\\\/\\\/iwellguard.wordpress.com\\\/2026\\\/06\\\/06\\\/iwell-guard\\\/\",\"https:\\\/\\\/hub.docker.com\\\/u\\\/iwellguard\",\"https:\\\/\\\/www.pinterest.com\\\/iwellguard\\\/\",\"https:\\\/\\\/bit.ly\\\/m\\\/iwellguard\",\"https:\\\/\\\/entre-vos-mains.alsace.eu\\\/profiles\\\/iwellguard\\\/activity\",\"https:\\\/\\\/gravatar.com\\\/reallybeded8fd34\",\"https:\\\/\\\/naijamatta.com\\\/iwellguard\",\"https:\\\/\\\/www.goodreads.com\\\/iwellguard\",\"https:\\\/\\\/profile.hatena.ne.jp\\\/iwellguard\\\/\",\"https:\\\/\\\/experiment.com\\\/users\\\/iwellguard\",\"https:\\\/\\\/wakelet.com\\\/@iWellGuard82270\",\"https:\\\/\\\/www.chordie.com\\\/forum\\\/profile.php?id=2555664\",\"https:\\\/\\\/www.instapaper.com\\\/p\\\/17757966\",\"https:\\\/\\\/www.mapleprimes.com\\\/users\\\/iwellguard\",\"https:\\\/\\\/businesslistingplus.com\\\/profile\\\/iwell-guard\\\/\",\"https:\\\/\\\/telegra.ph\\\/iWell-Guard-06-06\",\"https:\\\/\\\/pbase.com\\\/iwellguard\\\/iwellguard\",\"https:\\\/\\\/b.hatena.ne.jp\\\/iwellguard\\\/20260607#bookmark-4788405196491818882\",\"https:\\\/\\\/fliphtml5.com\\\/home\\\/iwellguard\",\"https:\\\/\\\/anyflip.com\\\/homepage\\\/cmiwl#About\",\"https:\\\/\\\/transfur.com\\\/Users\\\/iwellguard\",\"http:\\\/\\\/delphi.larsbo.org\\\/user\\\/iwellguard\",\"https:\\\/\\\/jobs.lajobsportal.org\\\/profiles\\\/8380803-iwell-guard\",\"https:\\\/\\\/md.chaosdorf.de\\\/s\\\/jfbe5SBdJD\",\"https:\\\/\\\/www.lingvolive.com\\\/en-us\\\/profile\\\/9ecaeaca-ce11-4e51-9e71-01d55e2bff36\\\/translations\",\"https:\\\/\\\/www.fitday.com\\\/fitness\\\/forums\\\/members\\\/iwellguard.html\",\"https:\\\/\\\/www.mymeetbook.com\\\/iwellguard\",\"https:\\\/\\\/pxhere.com\\\/en\\\/photographer-me\\\/5040798\",\"https:\\\/\\\/disqus.com\\\/by\\\/iwellguard\\\/about\\\/\",\"https:\\\/\\\/pastelink.net\\\/hjwciqwq\",\"https:\\\/\\\/pubhtml5.com\\\/homepage\\\/scjhn\\\/\",\"https:\\\/\\\/www.bitchute.com\\\/channel\\\/2O2eOKzNqujT\",\"https:\\\/\\\/audiomack.com\\\/iwellguard\"]},{\"@type\":\"Article\",\"@id\":\"https:\\\/\\\/iwell-guard.com\\\/ca\\\/brigid\\\/#article\",\"isPartOf\":{\"@id\":\"https:\\\/\\\/iwell-guard.com\\\/ca\\\/brigid\\\/\"},\"author\":{\"name\":\"Ralf Ittermann\",\"@id\":\"https:\\\/\\\/iwell-guard.com\\\/ca\\\/#\\\/schema\\\/person\\\/ee2a27f1cac3406c7c6fb5820cb7349f\"},\"headline\":\"Brigid\",\"datePublished\":\"2026-09-05T15:40:35+00:00\",\"dateModified\":\"2026-09-05T16:01:38+00:00\",\"mainEntityOfPage\":{\"@id\":\"https:\\\/\\\/iwell-guard.com\\\/ca\\\/brigid\\\/\"},\"publisher\":{\"@id\":\"https:\\\/\\\/iwell-guard.com\\\/ca\\\/#organization\"},\"image\":{\"@id\":\"https:\\\/\\\/iwell-guard.com\\\/ca\\\/brigid\\\/#primaryimage\"},\"thumbnailUrl\":\"https:\\\/\\\/iwell-guard.com\\\/wp-content\\\/uploads\\\/2026\\\/04\\\/goetter_keltisch_brigid.webp\",\"inLanguage\":\"ca\",\"description\":\"Brigid, deessa de la tradici\u00f3 c\u00e8ltica del foc, la sanaci\u00f3 i la poesia, transmesa des de fa segles i continuada com a santa Br\u00edgida d'Irlanda.\"}]}<\/script>\n<!-- \/ Yoast SEO Premium plugin. -->","yoast_head_json":{"title":"Brigid - Deessa del foc, la sanaci\u00f3 i la poesia","description":"Brigid, deessa de la tradici\u00f3 c\u00e8ltica del foc, la sanaci\u00f3 i la poesia, transmesa des de fa segles i continuada com a santa Br\u00edgida d'Irlanda.","robots":{"index":"index","follow":"follow","max-snippet":"max-snippet:-1","max-image-preview":"max-image-preview:large","max-video-preview":"max-video-preview:-1"},"canonical":"https:\/\/iwell-guard.com\/ca\/brigid\/","og_locale":"ca_ES","og_type":"article","og_title":"Brigid","og_description":"Brigid, deessa de la tradici\u00f3 c\u00e8ltica del foc, la sanaci\u00f3 i la poesia, transmesa des de fa segles i continuada com a santa Br\u00edgida d'Irlanda.","og_url":"https:\/\/iwell-guard.com\/ca\/brigid\/","og_site_name":"iWell Guard","article_modified_time":"2026-09-05T16:01:38+00:00","og_image":[{"width":1024,"height":1536,"url":"https:\/\/iwell-guard.com\/wp-content\/uploads\/2026\/04\/goetter_keltisch_brigid.webp","type":"image\/webp"}],"twitter_card":"summary_large_image","schema":{"@context":"https:\/\/schema.org","@graph":[{"@type":"Article","@id":"https:\/\/iwell-guard.com\/ca\/brigid\/#article","isPartOf":{"@id":"https:\/\/iwell-guard.com\/ca\/brigid\/"},"author":{"name":"Ralf Ittermann","@id":"https:\/\/iwell-guard.com\/ca\/#\/schema\/person\/ee2a27f1cac3406c7c6fb5820cb7349f"},"headline":"Brigid","datePublished":"2026-09-05T15:40:35+00:00","dateModified":"2026-09-05T16:01:38+00:00","mainEntityOfPage":{"@id":"https:\/\/iwell-guard.com\/ca\/brigid\/"},"publisher":{"@id":"https:\/\/iwell-guard.com\/ca\/#organization"},"image":{"@id":"https:\/\/iwell-guard.com\/ca\/brigid\/#primaryimage"},"thumbnailUrl":"https:\/\/iwell-guard.com\/wp-content\/uploads\/2026\/04\/goetter_keltisch_brigid.webp","inLanguage":"ca","description":"Brigid, deessa de la tradici\u00f3 c\u00e8ltica del foc, la sanaci\u00f3 i la poesia, transmesa des de fa segles i continuada com a santa Br\u00edgida d'Irlanda."},{"@type":"WebPage","@id":"https:\/\/iwell-guard.com\/ca\/brigid\/","url":"https:\/\/iwell-guard.com\/ca\/brigid\/","name":"Brigid - Deessa del foc, la sanaci\u00f3 i la poesia","isPartOf":{"@id":"https:\/\/iwell-guard.com\/ca\/#website"},"primaryImageOfPage":{"@id":"https:\/\/iwell-guard.com\/ca\/brigid\/#primaryimage"},"image":{"@id":"https:\/\/iwell-guard.com\/ca\/brigid\/#primaryimage"},"thumbnailUrl":"https:\/\/iwell-guard.com\/wp-content\/uploads\/2026\/04\/goetter_keltisch_brigid.webp","datePublished":"2026-09-05T15:40:35+00:00","dateModified":"2026-09-05T16:01:38+00:00","description":"Brigid, deessa de la tradici\u00f3 c\u00e8ltica del foc, la sanaci\u00f3 i la poesia, transmesa des de fa segles i continuada com a santa Br\u00edgida d'Irlanda.","breadcrumb":{"@id":"https:\/\/iwell-guard.com\/ca\/brigid\/#breadcrumb"},"inLanguage":"ca","potentialAction":[{"@type":"ReadAction","target":["https:\/\/iwell-guard.com\/ca\/brigid\/"]}]},{"@type":"ImageObject","inLanguage":"ca","@id":"https:\/\/iwell-guard.com\/ca\/brigid\/#primaryimage","url":"https:\/\/iwell-guard.com\/wp-content\/uploads\/2026\/04\/goetter_keltisch_brigid.webp","contentUrl":"https:\/\/iwell-guard.com\/wp-content\/uploads\/2026\/04\/goetter_keltisch_brigid.webp","width":1024,"height":1536,"caption":"D\u00e9us de la tradici\u00f3 c\u00e8ltica."},{"@type":"BreadcrumbList","@id":"https:\/\/iwell-guard.com\/ca\/brigid\/#breadcrumb","itemListElement":[{"@type":"ListItem","position":1,"name":"Start","item":"https:\/\/iwell-guard.com\/ca\/?page_id=171333"},{"@type":"ListItem","position":2,"name":"Brigid"}]},{"@type":"WebSite","@id":"https:\/\/iwell-guard.com\/ca\/#website","url":"https:\/\/iwell-guard.com\/ca\/","name":"iWell Guard","description":"Schutz vor dunklen Einfl\u00fcssen","publisher":{"@id":"https:\/\/iwell-guard.com\/ca\/#organization"},"potentialAction":[{"@type":"SearchAction","target":{"@type":"EntryPoint","urlTemplate":"https:\/\/iwell-guard.com\/ca\/?s={search_term_string}"},"query-input":{"@type":"PropertyValueSpecification","valueRequired":true,"valueName":"search_term_string"}}],"inLanguage":"ca"},{"@type":"Organization","@id":"https:\/\/iwell-guard.com\/ca\/#organization","name":"Ittermann electronic GmbH","url":"https:\/\/iwell-guard.com\/ca\/","logo":{"@type":"ImageObject","inLanguage":"ca","@id":"https:\/\/iwell-guard.com\/ca\/#\/schema\/logo\/image\/","url":"https:\/\/iwell-guard.com\/wp-content\/uploads\/2026\/05\/Ittermann-Logo-1182x237-1.png","contentUrl":"https:\/\/iwell-guard.com\/wp-content\/uploads\/2026\/05\/Ittermann-Logo-1182x237-1.png","width":1182,"height":237,"caption":"Ittermann electronic GmbH"},"image":{"@id":"https:\/\/iwell-guard.com\/ca\/#\/schema\/logo\/image\/"},"sameAs":["https:\/\/pantip.com\/profile\/9367242","https:\/\/micro.blog\/iwellguard","https:\/\/www.diggerslist.com\/iwellguard\/about","https:\/\/skitterphoto.com\/photographers\/2870314\/iwell-guard","https:\/\/iwellguard.wordpress.com\/2026\/06\/06\/iwell-guard\/","https:\/\/hub.docker.com\/u\/iwellguard","https:\/\/www.pinterest.com\/iwellguard\/","https:\/\/bit.ly\/m\/iwellguard","https:\/\/entre-vos-mains.alsace.eu\/profiles\/iwellguard\/activity","https:\/\/gravatar.com\/reallybeded8fd34","https:\/\/naijamatta.com\/iwellguard","https:\/\/www.goodreads.com\/iwellguard","https:\/\/profile.hatena.ne.jp\/iwellguard\/","https:\/\/experiment.com\/users\/iwellguard","https:\/\/wakelet.com\/@iWellGuard82270","https:\/\/www.chordie.com\/forum\/profile.php?id=2555664","https:\/\/www.instapaper.com\/p\/17757966","https:\/\/www.mapleprimes.com\/users\/iwellguard","https:\/\/businesslistingplus.com\/profile\/iwell-guard\/","https:\/\/telegra.ph\/iWell-Guard-06-06","https:\/\/pbase.com\/iwellguard\/iwellguard","https:\/\/b.hatena.ne.jp\/iwellguard\/20260607#bookmark-4788405196491818882","https:\/\/fliphtml5.com\/home\/iwellguard","https:\/\/anyflip.com\/homepage\/cmiwl#About","https:\/\/transfur.com\/Users\/iwellguard","http:\/\/delphi.larsbo.org\/user\/iwellguard","https:\/\/jobs.lajobsportal.org\/profiles\/8380803-iwell-guard","https:\/\/md.chaosdorf.de\/s\/jfbe5SBdJD","https:\/\/www.lingvolive.com\/en-us\/profile\/9ecaeaca-ce11-4e51-9e71-01d55e2bff36\/translations","https:\/\/www.fitday.com\/fitness\/forums\/members\/iwellguard.html","https:\/\/www.mymeetbook.com\/iwellguard","https:\/\/pxhere.com\/en\/photographer-me\/5040798","https:\/\/disqus.com\/by\/iwellguard\/about\/","https:\/\/pastelink.net\/hjwciqwq","https:\/\/pubhtml5.com\/homepage\/scjhn\/","https:\/\/www.bitchute.com\/channel\/2O2eOKzNqujT","https:\/\/audiomack.com\/iwellguard"]},{"@type":"Person","@id":"https:\/\/iwell-guard.com\/ca\/#\/schema\/person\/ee2a27f1cac3406c7c6fb5820cb7349f","name":"Ralf Ittermann","image":{"@type":"ImageObject","inLanguage":"ca","@id":"https:\/\/secure.gravatar.com\/avatar\/073c0153e350a5005b68eb752b445fea71f6b24a26da9449ad7e155e6b446c9d?s=96&d=mm&r=g","url":"https:\/\/secure.gravatar.com\/avatar\/073c0153e350a5005b68eb752b445fea71f6b24a26da9449ad7e155e6b446c9d?s=96&d=mm&r=g","contentUrl":"https:\/\/secure.gravatar.com\/avatar\/073c0153e350a5005b68eb752b445fea71f6b24a26da9449ad7e155e6b446c9d?s=96&d=mm&r=g","caption":"Ralf Ittermann"},"givenName":"Ralf","familyName":"Ittermann","jobTitle":"Gesch\u00e4ftsf\u00fchrer und redaktioneller Verantwortlicher","url":"https:\/\/iwell-guard.com\/ca\/author\/claude\/","description":"Ralf Ittermann ist Gesch\u00e4ftsf\u00fchrer der Ittermann electronic GmbH und redaktioneller Verantwortlicher des iWell-Guard-Lexikons. Er verbindet langj\u00e4hrige Erfahrung in der Pr\u00e4zisionsfertigung mit medialer Praxis und religionsgeschichtlicher Quellenarbeit.","worksFor":{"@type":"Organization","name":"Ittermann electronic GmbH","url":"https:\/\/ittermann.de\/","address":{"@type":"PostalAddress","streetAddress":"K\u00f6hlergasse 16-18","postalCode":"99842","addressLocality":"Ruhla","addressCountry":"DE"}},"knowsAbout":["Religionsgeschichte","Mythologie","Mediale Praxis","Energetische Diagnostik","Schutzpraxis","Volksglauben","Westliche Esoterik"]},{"@type":"Article","@id":"https:\/\/iwell-guard.com\/ca\/brigid\/#article","isPartOf":{"@id":"https:\/\/iwell-guard.com\/ca\/brigid\/"},"author":{"name":"Ralf Ittermann","@id":"https:\/\/iwell-guard.com\/ca\/#\/schema\/person\/ee2a27f1cac3406c7c6fb5820cb7349f"},"headline":"Brigid","datePublished":"2026-09-05T15:40:35+00:00","dateModified":"2026-09-05T16:01:38+00:00","mainEntityOfPage":{"@id":"https:\/\/iwell-guard.com\/ca\/brigid\/"},"publisher":{"@id":"https:\/\/iwell-guard.com\/ca\/#organization"},"image":{"@id":"https:\/\/iwell-guard.com\/ca\/brigid\/#primaryimage"},"thumbnailUrl":"https:\/\/iwell-guard.com\/wp-content\/uploads\/2026\/04\/goetter_keltisch_brigid.webp","inLanguage":"ca","description":"Brigid, deessa de la tradici\u00f3 c\u00e8ltica del foc, la sanaci\u00f3 i la poesia, transmesa des de fa segles i continuada com a santa Br\u00edgida d'Irlanda."}]}},"_links":{"self":[{"href":"https:\/\/iwell-guard.com\/ca\/wp-json\/wp\/v2\/pages\/171580","targetHints":{"allow":["GET"]}}],"collection":[{"href":"https:\/\/iwell-guard.com\/ca\/wp-json\/wp\/v2\/pages"}],"about":[{"href":"https:\/\/iwell-guard.com\/ca\/wp-json\/wp\/v2\/types\/page"}],"author":[{"embeddable":true,"href":"https:\/\/iwell-guard.com\/ca\/wp-json\/wp\/v2\/users\/3"}],"replies":[{"embeddable":true,"href":"https:\/\/iwell-guard.com\/ca\/wp-json\/wp\/v2\/comments?post=171580"}],"version-history":[{"count":0,"href":"https:\/\/iwell-guard.com\/ca\/wp-json\/wp\/v2\/pages\/171580\/revisions"}],"wp:featuredmedia":[{"embeddable":true,"href":"https:\/\/iwell-guard.com\/ca\/wp-json\/wp\/v2\/media\/1613"}],"wp:attachment":[{"href":"https:\/\/iwell-guard.com\/ca\/wp-json\/wp\/v2\/media?parent=171580"}],"wp:term":[{"taxonomy":"category","embeddable":true,"href":"https:\/\/iwell-guard.com\/ca\/wp-json\/wp\/v2\/categories?post=171580"}],"curies":[{"name":"wp","href":"https:\/\/api.w.org\/{rel}","templated":true}]}}