{"id":171569,"date":"2026-09-05T15:40:30","date_gmt":"2026-09-05T15:40:30","guid":{"rendered":"https:\/\/iwell-guard.com\/?page_id=171569"},"modified":"2026-09-05T16:01:23","modified_gmt":"2026-09-05T16:01:23","slug":"frigg","status":"publish","type":"page","link":"https:\/\/iwell-guard.com\/ca\/frigg\/","title":{"rendered":"Frigg"},"content":{"rendered":"\t\t<div data-elementor-type=\"wp-page\" data-elementor-id=\"171569\" class=\"elementor elementor-171569 elementor-2098 elementor-bc-flex-widget\" data-elementor-post-type=\"page\">\n\t\t\t\t<div class=\"elementor-element elementor-element-10fdade e-flex e-con-boxed e-con e-parent\" data-id=\"10fdade\" data-element_type=\"container\" data-e-type=\"container\" data-settings=\"{&quot;background_background&quot;:&quot;classic&quot;}\">\n\t\t\t\t\t<div class=\"e-con-inner\">\n\t\t<div class=\"elementor-element elementor-element-herohlft0 e-flex e-con-boxed e-con e-child\" data-id=\"herohlft0\" data-element_type=\"container\" data-e-type=\"container\">\n\t\t\t\t\t<div class=\"e-con-inner\">\n\t\t<div class=\"elementor-element elementor-element-c3ceb64 e-con-full e-flex e-con e-child\" data-id=\"c3ceb64\" data-element_type=\"container\" data-e-type=\"container\">\n\t\t\t\t<div class=\"elementor-element elementor-element-96ae5e1 elementor-widget elementor-widget-heading\" data-id=\"96ae5e1\" data-element_type=\"widget\" data-e-type=\"widget\" data-widget_type=\"heading.default\">\n\t\t\t\t\t<h1 class=\"elementor-heading-title elementor-size-default\">Frigg, deessa de la tradici\u00f3 germ\u00e0nica<\/h1>\t\t\t\t<\/div>\n\t\t\t\t<div class=\"elementor-element elementor-element-e45238a elementor-widget elementor-widget-text-editor\" data-id=\"e45238a\" data-element_type=\"widget\" data-e-type=\"widget\" data-widget_type=\"text-editor.default\">\n\t\t\t\t\t\t\t\t\t<p>Alta deessa de la <span class=\"iwg-fachbegriff\" data-tooltip=\"El conjunt dels relats mitol\u00f2gics transmesos d'una cultura.\" tabindex=\"0\">mitologia<\/span> germ\u00e0nica, esposa d&#8217;Odin, mare de Balder. Frigg \u00e9s considerada en les fonts n\u00f2rdiques la deessa suprema de la fam\u00edlia dels Ansos i sobirana de Fensalir. Representa el matrimoni, la maternitat i la llar ben ordenada, i posseeix alhora el do de veure el dest\u00ed sense parlar-ne.<\/p>\t\t\t\t\t\t\t\t<\/div>\n\t\t\t\t<\/div>\n\t\t<div class=\"elementor-element elementor-element-klsbdg01 e-con-full e-flex e-con e-parent\" data-id=\"klsbdg01\" data-element_type=\"container\" data-e-type=\"container\">\n\t\t\t\t<div class=\"elementor-element elementor-element-klshtm01 elementor-widget elementor-widget-html\" data-id=\"klshtm01\" data-element_type=\"widget\" data-e-type=\"widget\" data-widget_type=\"html.default\">\n\t\t\t\t\t<div class=\"iwg-pill-row\"><span class=\"iwg-klasse-badge\" tabindex=\"0\" data-tooltip=\"D\u00e9u \/ Deessa: Poder suprem personificat en el pante\u00f3 d'una cultura, amb atribucions clares: forces de la natura, dest\u00ed, guerra, fertilitat. Venerat mitjan\u00e7ant cultes, ofrenes i institucions de temple.\">Deessa<\/span><a href=\"https:\/\/iwell-guard.com\/ca\/?page_id=171366\" class=\"iwg-kultur-badge\" tabindex=\"0\" data-tooltip=\"M\u00f3n de d\u00e9us i esperits precristi\u00e0 del nord i centre d'Europa.\">Germ\u00e0nic<\/a><a href=\"https:\/\/iwell-guard.com\/ca\/?page_id=171460\" class=\"iwg-tradition-badge\" tabindex=\"0\" data-tooltip=\"Divinitats protectores, guardianes de la llar, la ciutat, els naixements, els viatges o les etapes de la vida.\">Divinitat protectora<\/a><\/div>\t\t\t\t<\/div>\n\t\t\t\t<\/div>\n\t\t<div class=\"elementor-element elementor-element-3f74855 e-con-full e-flex e-con e-child\" data-id=\"3f74855\" data-element_type=\"container\" data-e-type=\"container\">\n\t\t\t\t<div class=\"elementor-element elementor-element-1c30362 elementor-toc--minimized-on-tablet elementor-widget elementor-widget-table-of-contents\" data-id=\"1c30362\" data-element_type=\"widget\" data-e-type=\"widget\" data-settings=\"{&quot;exclude_headings_by_selector&quot;:[],&quot;no_headings_message&quot;:&quot;No s&#039;ha trobat cap encap\\u00e7alament en aquesta p\\u00e0gina.&quot;,&quot;headings_by_tags&quot;:[&quot;h2&quot;,&quot;h3&quot;],&quot;marker_view&quot;:&quot;bullets&quot;,&quot;minimize_box&quot;:&quot;yes&quot;,&quot;icon&quot;:{&quot;value&quot;:&quot;fas fa-circle&quot;,&quot;library&quot;:&quot;fa-solid&quot;,&quot;rendered_tag&quot;:&quot;&lt;svg class=\\&quot;e-font-icon-svg e-fas-circle\\&quot; viewBox=\\&quot;0 0 512 512\\&quot; xmlns=\\&quot;http:\\\/\\\/www.w3.org\\\/2000\\\/svg\\&quot;&gt;&lt;path d=\\&quot;M256 8C119 8 8 119 8 256s111 248 248 248 248-111 248-248S393 8 256 8z\\&quot;&gt;&lt;\\\/path&gt;&lt;\\\/svg&gt;&quot;},&quot;minimized_on&quot;:&quot;tablet&quot;,&quot;hierarchical_view&quot;:&quot;yes&quot;,&quot;min_height&quot;:{&quot;unit&quot;:&quot;px&quot;,&quot;size&quot;:&quot;&quot;,&quot;sizes&quot;:[]},&quot;min_height_tablet&quot;:{&quot;unit&quot;:&quot;px&quot;,&quot;size&quot;:&quot;&quot;,&quot;sizes&quot;:[]},&quot;min_height_mobile&quot;:{&quot;unit&quot;:&quot;px&quot;,&quot;size&quot;:&quot;&quot;,&quot;sizes&quot;:[]}}\" data-widget_type=\"table-of-contents.default\">\n\t\t\t\t\t\t\t\t\t<div class=\"elementor-toc__header\">\n\t\t\t\t\t\t<h2 class=\"elementor-toc__header-title\">\n\t\t\t\t\u00cdndex\t\t\t<\/h2>\n\t\t\t\t\t\t\t\t\t\t<div class=\"elementor-toc__toggle-button elementor-toc__toggle-button--expand\" role=\"button\" tabindex=\"0\" aria-controls=\"elementor-toc__1c30362\" aria-expanded=\"true\" aria-label=\"Open table of contents\"><svg aria-hidden=\"true\" class=\"e-font-icon-svg e-fas-chevron-down\" viewBox=\"0 0 448 512\" xmlns=\"http:\/\/www.w3.org\/2000\/svg\"><path d=\"M207.029 381.476L12.686 187.132c-9.373-9.373-9.373-24.569 0-33.941l22.667-22.667c9.357-9.357 24.522-9.375 33.901-.04L224 284.505l154.745-154.021c9.379-9.335 24.544-9.317 33.901.04l22.667 22.667c9.373 9.373 9.373 24.569 0 33.941L240.971 381.476c-9.373 9.372-24.569 9.372-33.942 0z\"><\/path><\/svg><\/div>\n\t\t\t\t<div class=\"elementor-toc__toggle-button elementor-toc__toggle-button--collapse\" role=\"button\" tabindex=\"0\" aria-controls=\"elementor-toc__1c30362\" aria-expanded=\"true\" aria-label=\"Close table of contents\"><svg aria-hidden=\"true\" class=\"e-font-icon-svg e-fas-chevron-up\" viewBox=\"0 0 448 512\" xmlns=\"http:\/\/www.w3.org\/2000\/svg\"><path d=\"M240.971 130.524l194.343 194.343c9.373 9.373 9.373 24.569 0 33.941l-22.667 22.667c-9.357 9.357-24.522 9.375-33.901.04L224 227.495 69.255 381.516c-9.379 9.335-24.544 9.317-33.901-.04l-22.667-22.667c-9.373-9.373-9.373-24.569 0-33.941L207.03 130.525c9.372-9.373 24.568-9.373 33.941-.001z\"><\/path><\/svg><\/div>\n\t\t\t\t\t<\/div>\n\t\t\t\t<div id=\"elementor-toc__1c30362\" class=\"elementor-toc__body\">\n\t\t\t<div class=\"elementor-toc__spinner-container\">\n\t\t\t\t<svg class=\"elementor-toc__spinner eicon-animation-spin e-font-icon-svg e-eicon-loading\" aria-hidden=\"true\" viewBox=\"0 0 1000 1000\" xmlns=\"http:\/\/www.w3.org\/2000\/svg\"><path d=\"M500 975V858C696 858 858 696 858 500S696 142 500 142 142 304 142 500H25C25 237 238 25 500 25S975 237 975 500 763 975 500 975Z\"><\/path><\/svg>\t\t\t<\/div>\n\t\t<\/div>\n\t\t\t\t\t\t<\/div>\n\t\t\t\t<\/div>\n\t\t\t\t\t<\/div>\n\t\t\t\t<\/div>\n\t\t<div class=\"elementor-element elementor-element-herorght0 e-con-full e-flex e-con e-child\" data-id=\"herorght0\" data-element_type=\"container\" data-e-type=\"container\">\n\t\t\t\t<div class=\"elementor-element elementor-element-heroimg00 iwg-hero-image elementor-widget elementor-widget-image\" data-id=\"heroimg00\" data-element_type=\"widget\" data-e-type=\"widget\" data-widget_type=\"image.default\">\n\t\t\t\t\t\t\t\t\t\t\t\t\t\t\t<img fetchpriority=\"high\" decoding=\"async\" width=\"683\" height=\"1024\" src=\"https:\/\/iwell-guard.com\/wp-content\/uploads\/2026\/04\/goetter_germanisch_frigg-683x1024.webp\" class=\"attachment-large size-large wp-image-1572\" alt=\"Frigg\" srcset=\"https:\/\/iwell-guard.com\/wp-content\/uploads\/2026\/04\/goetter_germanisch_frigg-683x1024.webp 683w, https:\/\/iwell-guard.com\/wp-content\/uploads\/2026\/04\/goetter_germanisch_frigg-200x300.webp 200w, https:\/\/iwell-guard.com\/wp-content\/uploads\/2026\/04\/goetter_germanisch_frigg-768x1152.webp 768w, https:\/\/iwell-guard.com\/wp-content\/uploads\/2026\/04\/goetter_germanisch_frigg.webp 1024w\" sizes=\"(max-width: 683px) 100vw, 683px\" \/>\t\t\t\t\t\t\t\t\t\t\t\t\t\t\t<\/div>\n\t\t\t\t<\/div>\n\t\t\t\t\t<\/div>\n\t\t\t\t<\/div>\n\t\t<div class=\"elementor-element elementor-element-32917199 e-flex e-con-boxed e-con e-parent\" data-id=\"32917199\" data-element_type=\"container\" data-e-type=\"container\">\n\t\t\t\t\t<div class=\"e-con-inner\">\n\t\t<div class=\"elementor-element elementor-element-26e916cb e-flex e-con-boxed e-con e-child\" data-id=\"26e916cb\" data-element_type=\"container\" data-e-type=\"container\">\n\t\t\t\t\t<div class=\"e-con-inner\">\n\t\t<div class=\"elementor-element elementor-element-253a40d4 e-flex e-con-boxed e-con e-child\" data-id=\"253a40d4\" data-element_type=\"container\" data-e-type=\"container\">\n\t\t\t\t\t<div class=\"e-con-inner\">\n\t\t\t\t<div class=\"elementor-element elementor-element-1200c304 elementor-widget elementor-widget-heading\" data-id=\"1200c304\" data-element_type=\"widget\" data-e-type=\"widget\" data-widget_type=\"heading.default\">\n\t\t\t\t\t<h2 class=\"elementor-heading-title elementor-size-default\">Frigg<\/h2>\t\t\t\t<\/div>\n\t\t\t\t\t<\/div>\n\t\t\t\t<\/div>\n\t\t<div class=\"elementor-element elementor-element-159dcf9a e-flex e-con-boxed e-con e-child\" data-id=\"159dcf9a\" data-element_type=\"container\" data-e-type=\"container\">\n\t\t\t\t\t<div class=\"e-con-inner\">\n\t\t\t\t<div class=\"elementor-element elementor-element-48cee66f elementor-widget elementor-widget-heading\" data-id=\"48cee66f\" data-element_type=\"widget\" data-e-type=\"widget\" data-widget_type=\"heading.default\">\n\t\t\t\t\t<h3 class=\"elementor-heading-title elementor-size-default\">Resum: Frigg<\/h3>\t\t\t\t<\/div>\n\t\t\t\t<div class=\"elementor-element elementor-element-3f50d82c elementor-widget elementor-widget-text-editor\" data-id=\"3f50d82c\" data-element_type=\"widget\" data-e-type=\"widget\" data-widget_type=\"text-editor.default\">\n\t\t\t\t\t\t\t\t\t<p><strong>Tipus:<\/strong> Deessa principal germ\u00e0nica, \u00c4ssin, esposa d&#8217;Odin, deessa mare<br><span class=\"iwg-fachbegriff\" data-tooltip=\"El conjunt dels d\u00e9us d'una religi\u00f3 o cultura.\" tabindex=\"0\">Pante\u00f3<\/span>: Germ\u00e0nic \/ N\u00f2rdic (llinatge dels \u00c4ssir)<br>Funci\u00f3: maternitat, protecci\u00f3 de la llar, saviesa (coneixement silenci\u00f3s), visi\u00f3 del futur (omniscient, sense parlar-ne)<br>Atributs principals: filosa, joc de claus (protecci\u00f3 de la llar), mantell de plomes de falc\u00f3, vestit de cort<br>Principals llocs de culte: no es documenten <span class=\"iwg-fachbegriff\" data-tooltip=\"Un edifici destinat a la veneraci\u00f3 d'una o diverses divinitats.\" tabindex=\"0\">temples<\/span> propis, estava estesa de manera <span class=\"iwg-fachbegriff\" data-tooltip=\"Procedent de l'\u00e8poca anterior a l'expansi\u00f3 del cristianisme.\" tabindex=\"0\">precristiana<\/span> a Sax\u00f2nia i la Baixa Sax\u00f2nia<br>Identificaci\u00f3 romana: Venus (en la tradici\u00f3 dels dies de la setmana: divendres = dia de Frigg, en paral\u00b7lel a Veneris dies)<\/p>\t\t\t\t\t\t\t\t<\/div>\n\t\t\t\t\t<\/div>\n\t\t\t\t<\/div>\n\t\t\t\t\t<\/div>\n\t\t\t\t<\/div>\n\t\t\t\t\t<\/div>\n\t\t\t\t<\/div>\n\t\t<div class=\"elementor-element elementor-element-18613602 e-flex e-con-boxed e-con e-parent\" data-id=\"18613602\" data-element_type=\"container\" data-e-type=\"container\">\n\t\t\t\t\t<div class=\"e-con-inner\">\n\t\t\t\t<div class=\"elementor-element elementor-element-262b8a9f elementor-widget elementor-widget-heading\" data-id=\"262b8a9f\" data-element_type=\"widget\" data-e-type=\"widget\" data-widget_type=\"heading.default\">\n\t\t\t\t\t<h2 class=\"elementor-heading-title elementor-size-default\">Contextualitzaci\u00f3 hist\u00f2rica<\/h2>\t\t\t\t<\/div>\n\t\t<div class=\"elementor-element elementor-element-46dcb7d e-con-full e-flex e-con e-child\" data-id=\"46dcb7d\" data-element_type=\"container\" data-e-type=\"container\">\n\t\t<div class=\"elementor-element elementor-element-61d3ab3 e-flex e-con-boxed e-con e-child\" data-id=\"61d3ab3\" data-element_type=\"container\" data-e-type=\"container\">\n\t\t\t\t\t<div class=\"e-con-inner\">\n\t\t\t\t<div class=\"elementor-element elementor-element-117c166 elementor-widget elementor-widget-heading\" data-id=\"117c166\" data-element_type=\"widget\" data-e-type=\"widget\" data-widget_type=\"heading.default\">\n\t\t\t\t\t<h3 class=\"elementor-heading-title elementor-size-default\">Per\u00edode dels textos<\/h3>\t\t\t\t<\/div>\n\t\t\t\t<div class=\"elementor-element elementor-element-73997a0 elementor-widget elementor-widget-text-editor\" data-id=\"73997a0\" data-element_type=\"widget\" data-e-type=\"widget\" data-widget_type=\"text-editor.default\">\n\t\t\t\t\t\t\t\t\t<p>Frigg \u00e9s central des de les fonts germ\u00e0niques m\u00e9s antigues (T\u00e0cit rom\u00e0, segle I d.C., i despr\u00e9s l&#8217;<em>Edda<\/em> de Snorri Sturluson, segle XIII). La font liter\u00e0ria principal \u00e9s la <em>Snorra-Edda<\/em> (1220) i l&#8217;<em>Edda po\u00e8tica<\/em> (recopilada al segle XIII, cont\u00e9 cants mitol\u00f2gics m\u00e9s antics).<\/p><p>En el sistema germ\u00e0nic dels dies de la setmana, el <em>divendres<\/em> rep el nom de Frigg (germ\u00e0nic <em>Frij\u0101dagaz<\/em>, en paral\u00b7lel al llat\u00ed <em>dies Veneris<\/em>). La cristianitzaci\u00f3 d&#8217;Escandin\u00e0via (segles X-XII) va interrompre el <span class=\"iwg-fachbegriff\" data-tooltip=\"El conjunt de pr\u00e0ctiques de veneraci\u00f3 religiosa cap a una divinitat o figura sagrada.\" tabindex=\"0\">culte<\/span>, per\u00f2 es va conservar en el nom del dia de la setmana, en costums populars i en la tradici\u00f3 liter\u00e0ria. Als segles XIX i XX hi va haver un renaixement rom\u00e0ntic germ\u00e0nic i neopag\u00e0 asatr\u00fa.<\/p>\t\t\t\t\t\t\t\t<\/div>\n\t\t\t\t\t<\/div>\n\t\t\t\t<\/div>\n\t\t<div class=\"elementor-element elementor-element-d47b156 e-flex e-con-boxed e-con e-child\" data-id=\"d47b156\" data-element_type=\"container\" data-e-type=\"container\">\n\t\t\t\t\t<div class=\"e-con-inner\">\n\t\t\t\t<div class=\"elementor-element elementor-element-ff38c2b elementor-widget elementor-widget-heading\" data-id=\"ff38c2b\" data-element_type=\"widget\" data-e-type=\"widget\" data-widget_type=\"heading.default\">\n\t\t\t\t\t<h3 class=\"elementor-heading-title elementor-size-default\">\u00c0rea de difusi\u00f3<\/h3>\t\t\t\t<\/div>\n\t\t\t\t<div class=\"elementor-element elementor-element-4e49fcc elementor-widget elementor-widget-text-editor\" data-id=\"4e49fcc\" data-element_type=\"widget\" data-e-type=\"widget\" data-widget_type=\"text-editor.default\">\n\t\t\t\t\t\t\t\t\t<p>No es documenten de manera clara <span class=\"iwg-fachbegriff\" data-tooltip=\"Un edifici destinat a la veneraci\u00f3 d'una o diverses divinitats.\" tabindex=\"0\">temples<\/span> dedicats directament a Frigg. La veneraci\u00f3 antiga germ\u00e0nica era essencialment un culte dom\u00e8stic i <span class=\"iwg-fachbegriff\" data-tooltip=\"Creences i costums religiosos difosos en la vida quotidiana.\" tabindex=\"0\">creen\u00e7a popular<\/span>. T\u00e0cit esmenta un <span class=\"iwg-fachbegriff\" data-tooltip=\"Un bosc sagrat que servia com a lloc de culte.\" tabindex=\"0\">bosc sagrat<\/span> a la Selva Negra com a lloc sagrat.<\/p><p>En l&#8217;edat mitjana escandinava, les refer\u00e8ncies a ella s\u00f3n predominantment liter\u00e0ries (Edda, poesia esc\u00e0ldica). En la tradici\u00f3 moderna de l&#8217;<em>Asatru<\/em> (religi\u00f3 germ\u00e0nica-pagana des dels anys 1970) torna a ser venerada activament; avui existeixen assemblees bl\u00f3t asatr\u00fa a Alemanya, els Estats Units i Escandin\u00e0via.<\/p>\t\t\t\t\t\t\t\t<\/div>\n\t\t\t\t\t<\/div>\n\t\t\t\t<\/div>\n\t\t\t\t<\/div>\n\t\t<div class=\"elementor-element elementor-element-db03c39 e-con-full e-flex e-con e-child\" data-id=\"db03c39\" data-element_type=\"container\" data-e-type=\"container\">\n\t\t<div class=\"elementor-element elementor-element-229a87b e-flex e-con-boxed e-con e-child\" data-id=\"229a87b\" data-element_type=\"container\" data-e-type=\"container\">\n\t\t\t\t\t<div class=\"e-con-inner\">\n\t\t\t\t<div class=\"elementor-element elementor-element-1f471fc elementor-widget elementor-widget-heading\" data-id=\"1f471fc\" data-element_type=\"widget\" data-e-type=\"widget\" data-widget_type=\"heading.default\">\n\t\t\t\t\t<h3 class=\"elementor-heading-title elementor-size-default\">Estat de les fonts<\/h3>\t\t\t\t<\/div>\n\t\t\t\t<div class=\"elementor-element elementor-element-36b1201 elementor-widget elementor-widget-text-editor\" data-id=\"36b1201\" data-element_type=\"widget\" data-e-type=\"widget\" data-widget_type=\"text-editor.default\">\n\t\t\t\t\t\t\t\t\t<p>Fonts centrals: <span class=\"iwg-fachbegriff\" tabindex=\"0\" data-tooltip=\"Erudit island\u00e8s (1179-1241); autor de la Prosa-Edda i de la Heimskringla.\">Snorri Sturluson<\/span>, <em>Snorra-Edda<\/em> (Gylfaginning, Sk\u00e1ldskaparm\u00e1l); <em>Edda po\u00e8tica<\/em> (Vafthrudnismal, Lokasenna amb el discurs de defensa de Frigg); Saxo Grammaticus, <em>Gesta Danorum<\/em> (segle XII, mites germ\u00e0nics eufemeritzats); T\u00e0cit, <em>Germania<\/em> (segle I).<\/p><p>Bibliografia secund\u00e0ria: Simek, <em>Lexikon der germanischen <span class=\"iwg-fachbegriff\" data-tooltip=\"El conjunt dels relats mitol\u00f2gics transmesos d'una cultura.\" tabindex=\"0\">Mythologie<\/span><\/em>; de Vries, <em>Altgermanische Religionsgeschichte<\/em>; Lindow, <em>Norse Mythology. A Guide to the Gods, Heroes, Rituals, and Beliefs<\/em>; Davidson, <em>Roles of the Northern Goddess<\/em>.<\/p>\t\t\t\t\t\t\t\t<\/div>\n\t\t\t\t\t<\/div>\n\t\t\t\t<\/div>\n\t\t\t\t<\/div>\n\t\t\t\t\t<\/div>\n\t\t\t\t<\/div>\n\t\t<div class=\"elementor-element elementor-element-3ae0637c e-flex e-con-boxed e-con e-parent\" data-id=\"3ae0637c\" data-element_type=\"container\" data-e-type=\"container\">\n\t\t\t\t\t<div class=\"e-con-inner\">\n\t\t\t\t<div class=\"elementor-element elementor-element-31d07739 elementor-widget elementor-widget-heading\" data-id=\"31d07739\" data-element_type=\"widget\" data-e-type=\"widget\" data-widget_type=\"heading.default\">\n\t\t\t\t\t<h2 class=\"elementor-heading-title elementor-size-default\">Nom<\/h2>\t\t\t\t<\/div>\n\t\t<div class=\"elementor-element elementor-element-b7642947 e-con-full e-flex e-con e-child\" data-id=\"b7642947\" data-element_type=\"container\" data-e-type=\"container\">\n\t\t\t\t<div class=\"elementor-element elementor-element-a086266 elementor-widget elementor-widget-text-editor\" data-id=\"a086266\" data-element_type=\"widget\" data-e-type=\"widget\" data-widget_type=\"text-editor.default\">\n\t\t\t\t\t\t\t\t\t<p>Frigg es representa com una dona madura i digna, sovint amb una filosa o un manat de claus, tots dos s\u00edmbols del poder dom\u00e8stic en el nord de l&#8217;\u00e8poca vikinga. El seu vestit de falc\u00f3 li confereix, i ocasionalment a d\u00e9us manllevadors com Loki, la capacitat de volar.<\/p><p>Les dotze Ansynjur, deesses subordinades, s\u00f3n considerades les seves servidores. Els seus colors s\u00f3n el blanc, la plata i el blau p\u00e0l\u00b7lid; el seu animal \u00e9s el falc\u00f3.<\/p>\t\t\t\t\t\t\t\t<\/div>\n\t\t\t\t<\/div>\n\t\t\t\t\t<\/div>\n\t\t\t\t<\/div>\n\t\t<div class=\"elementor-element elementor-element-709a44a8 e-flex e-con-boxed e-con e-parent\" data-id=\"709a44a8\" data-element_type=\"container\" data-e-type=\"container\">\n\t\t\t\t\t<div class=\"e-con-inner\">\n\t\t\t\t<div class=\"elementor-element elementor-element-2f585873 elementor-widget elementor-widget-heading\" data-id=\"2f585873\" data-element_type=\"widget\" data-e-type=\"widget\" data-widget_type=\"heading.default\">\n\t\t\t\t\t<h2 class=\"elementor-heading-title elementor-size-default\">Descripci\u00f3<\/h2>\t\t\t\t<\/div>\n\t\t<div class=\"elementor-element elementor-element-70621c12 e-con-full e-flex e-con e-child\" data-id=\"70621c12\" data-element_type=\"container\" data-e-type=\"container\">\n\t\t\t\t<div class=\"elementor-element elementor-element-4296eb49 elementor-widget elementor-widget-text-editor\" data-id=\"4296eb49\" data-element_type=\"widget\" data-e-type=\"widget\" data-widget_type=\"text-editor.default\">\n\t\t\t\t\t\t\t\t\t<p>Frigg garanteix l&#8217;ordre de la llar i del llinatge. Coneix el dest\u00ed de tots els \u00e9ssers, per\u00f2 calla al respecte. Aquest do la converteix en una mare tr\u00e0gica: sap de la mort del seu fill Balder, per\u00f2 no la pot evitar.<\/p><p>En el <span class=\"iwg-fachbegriff\" data-tooltip=\"Un relat transm\u00e8s sobre d\u00e9us, or\u00edgens i l'ordre del m\u00f3n.\" tabindex=\"0\">mite<\/span> de la mort de Balder, intenta obligar totes les coses del cosmos a un jurament de no fer mai mal al seu fill, per\u00f2 passa per alt la joven\u00edssima brancada de vesc, amb la qual Loki finalment el mata.<\/p>\t\t\t\t\t\t\t\t<\/div>\n\t\t\t\t<\/div>\n\t\t\t\t\t<\/div>\n\t\t\t\t<\/div>\n\t\t<div class=\"elementor-element elementor-element-44e71476 e-flex e-con-boxed e-con e-parent\" data-id=\"44e71476\" data-element_type=\"container\" data-e-type=\"container\">\n\t\t\t\t\t<div class=\"e-con-inner\">\n\t\t\t\t<div class=\"elementor-element elementor-element-3c1fc3f0 elementor-widget elementor-widget-heading\" data-id=\"3c1fc3f0\" data-element_type=\"widget\" data-e-type=\"widget\" data-widget_type=\"heading.default\">\n\t\t\t\t\t<h2 class=\"elementor-heading-title elementor-size-default\">Fitxa: Frigg<\/h2>\t\t\t\t<\/div>\n\t\t<div class=\"elementor-element elementor-element-84f33b8e e-con-full e-flex e-con e-child\" data-id=\"84f33b8e\" data-element_type=\"container\" data-e-type=\"container\">\n\t\t\t\t<div class=\"elementor-element elementor-element-hqkdc67p elementor-widget elementor-widget-text-editor\" data-id=\"hqkdc67p\" data-element_type=\"widget\" data-e-type=\"widget\" data-widget_type=\"text-editor.default\">\n\t\t\t\t\t\t\t\t\t<p>Els aspectes m\u00e9s importants de Frigg d&#8217;una ullada. Els camps seg\u00fcents resumeixen origen, funci\u00f3, aparen\u00e7a, veneraci\u00f3, s\u00edmbols i paral\u00b7lels culturals.<\/p>\t\t\t\t\t\t\t\t<\/div>\n\t\t\t\t<\/div>\n\t\t<div class=\"elementor-element elementor-element-pemmx7c5 e-con-full e-flex e-con e-child\" data-id=\"pemmx7c5\" data-element_type=\"container\" data-e-type=\"container\">\n\t\t<div class=\"elementor-element elementor-element-pemmx7c1 e-con-full e-flex e-con e-child\" data-id=\"pemmx7c1\" data-element_type=\"container\" data-e-type=\"container\">\n\t\t<div class=\"elementor-element elementor-element-qh9oavvu iwg-steckbrief-card e-flex e-con-boxed e-con e-child\" data-id=\"qh9oavvu\" data-element_type=\"container\" data-e-type=\"container\">\n\t\t\t\t\t<div class=\"e-con-inner\">\n\t\t\t\t<div class=\"elementor-element elementor-element-awzx8k2k elementor-widget elementor-widget-heading\" data-id=\"awzx8k2k\" data-element_type=\"widget\" data-e-type=\"widget\" data-widget_type=\"heading.default\">\n\t\t\t\t\t<h3 class=\"elementor-heading-title elementor-size-default\">Tradici\u00f3<\/h3>\t\t\t\t<\/div>\n\t\t\t\t<div class=\"elementor-element elementor-element-x6rowhv0 elementor-widget elementor-widget-text-editor\" data-id=\"x6rowhv0\" data-element_type=\"widget\" data-e-type=\"widget\" data-widget_type=\"text-editor.default\">\n\t\t\t\t\t\t\t\t\t<p>Frigg \u00e9s esposa d&#8217;Odin (germ\u00e0nic Wodan) i mare del d\u00e9u llumin\u00f3s <em>Baldur<\/em>. Filla de Fjorgyn (segons una tradici\u00f3; la genealogia \u00e9s incerta). Cabdilla de les <em>Ansines<\/em> (Asynjur).<\/p><p>El seu mite principal \u00e9s la premonici\u00f3 i l&#8217;intent va, malgrat tot, de salvar el seu fill Baldur de la mort: fa jurar totes les coses del m\u00f3n de no fer-li mal, per\u00f2 passa per alt el vesc, que Loki utilitzar\u00e0 despr\u00e9s per matar Baldur.<\/p>\t\t\t\t\t\t\t\t<\/div>\n\t\t\t\t\t<\/div>\n\t\t\t\t<\/div>\n\t\t<div class=\"elementor-element elementor-element-8e3o4kxs iwg-steckbrief-card e-flex e-con-boxed e-con e-child\" data-id=\"8e3o4kxs\" data-element_type=\"container\" data-e-type=\"container\">\n\t\t\t\t\t<div class=\"e-con-inner\">\n\t\t\t\t<div class=\"elementor-element elementor-element-08rkdgov elementor-widget elementor-widget-heading\" data-id=\"08rkdgov\" data-element_type=\"widget\" data-e-type=\"widget\" data-widget_type=\"heading.default\">\n\t\t\t\t\t<h3 class=\"elementor-heading-title elementor-size-default\">Objecte d'acci\u00f3<\/h3>\t\t\t\t<\/div>\n\t\t\t\t<div class=\"elementor-element elementor-element-uwjelx8s elementor-widget elementor-widget-text-editor\" data-id=\"uwjelx8s\" data-element_type=\"widget\" data-e-type=\"widget\" data-widget_type=\"text-editor.default\">\n\t\t\t\t\t\t\t\t\t<p>Deessa mare, patrona del matrimoni i de la llar. Guardiana de les claus de la casa (<span class=\"iwg-fachbegriff\" data-tooltip=\"Un signe que representa una idea o significat.\" tabindex=\"0\">s\u00edmbol<\/span> del govern de la llar; segons la tradici\u00f3 germ\u00e0nica antiga, la mestressa de casa portava el clauer al cinyell).<\/p><p>Vident omniscient que, a difer\u00e8ncia d&#8217;Odin, que parla, guarda silenci. En el culte popular personal era <span class=\"iwg-fachbegriff\" data-tooltip=\"L'acte de dirigir-se a una divinitat o poder de manera suplicant o invocadora.\" tabindex=\"0\">invocada<\/span> durant els dolors del part, en les noces i per a la protecci\u00f3 de la llar. En el moviment Asatru \u00e9s patrona de la <span class=\"iwg-fachbegriff\" data-tooltip=\"Transici\u00f3 ritual mitjan\u00e7ant la qual alg\u00fa \u00e9s adm\u00e8s en un nou estatus o comunitat.\" tabindex=\"0\">iniciaci\u00f3<\/span> femenina i del bl\u00f3t familiar.<\/p>\t\t\t\t\t\t\t\t<\/div>\n\t\t\t\t\t<\/div>\n\t\t\t\t<\/div>\n\t\t<div class=\"elementor-element elementor-element-jm2n74ec iwg-steckbrief-card e-flex e-con-boxed e-con e-child\" data-id=\"jm2n74ec\" data-element_type=\"container\" data-e-type=\"container\">\n\t\t\t\t\t<div class=\"e-con-inner\">\n\t\t\t\t<div class=\"elementor-element elementor-element-8vufse4c elementor-widget elementor-widget-heading\" data-id=\"8vufse4c\" data-element_type=\"widget\" data-e-type=\"widget\" data-widget_type=\"heading.default\">\n\t\t\t\t\t<h3 class=\"elementor-heading-title elementor-size-default\">L'aparen\u00e7a de Frigg<\/h3>\t\t\t\t<\/div>\n\t\t\t\t<div class=\"elementor-element elementor-element-mwb9u015 elementor-widget elementor-widget-text-editor\" data-id=\"mwb9u015\" data-element_type=\"widget\" data-e-type=\"widget\" data-widget_type=\"text-editor.default\">\n\t\t\t\t\t\t\t\t\t<p>Frigg no t\u00e9 una forma iconogr\u00e0fica fixa procedent de l&#8217;\u00e8poca vikinga (hi ha molt poques representacions figuratives de les divinitats germ\u00e0niques). En la tradici\u00f3 liter\u00e0ria: figura femenina matronal amb cabells llargs i clars, vestida amb un vestit de cort solemne, amb un clauer al cinyell, sovint asseguda a la filadora (fila el dest\u00ed).<\/p><p>En la tradici\u00f3 popular s&#8217;associa amb la constelaci\u00f3 del cintur\u00f3 d&#8217;Ori\u00f3 (en baix alemany <em>Friggerock<\/em>, la filadora de Frigg). En l&#8217;art visual modern de l&#8217;Asatru se la representa t\u00edpicament com una noble reina matronal amb corona i joies.<\/p>\t\t\t\t\t\t\t\t<\/div>\n\t\t\t\t\t<\/div>\n\t\t\t\t<\/div>\n\t\t\t\t<\/div>\n\t\t<div class=\"elementor-element elementor-element-pemmx7c2 e-con-full e-flex e-con e-child\" data-id=\"pemmx7c2\" data-element_type=\"container\" data-e-type=\"container\">\n\t\t<div class=\"elementor-element elementor-element-37ss2yr6 iwg-steckbrief-card e-flex e-con-boxed e-con e-child\" data-id=\"37ss2yr6\" data-element_type=\"container\" data-e-type=\"container\">\n\t\t\t\t\t<div class=\"e-con-inner\">\n\t\t\t\t<div class=\"elementor-element elementor-element-3v0wp3wx elementor-widget elementor-widget-heading\" data-id=\"3v0wp3wx\" data-element_type=\"widget\" data-e-type=\"widget\" data-widget_type=\"heading.default\">\n\t\t\t\t\t<h3 class=\"elementor-heading-title elementor-size-default\">L'acci\u00f3 de Frigg<\/h3>\t\t\t\t<\/div>\n\t\t\t\t<div class=\"elementor-element elementor-element-w3247g2m elementor-widget elementor-widget-text-editor\" data-id=\"w3247g2m\" data-element_type=\"widget\" data-e-type=\"widget\" data-widget_type=\"text-editor.default\">\n\t\t\t\t\t\t\t\t\t<p><strong>\u00c0mbit d&#8217;acci\u00f3:<\/strong> En el culte dom\u00e8stic germ\u00e0nic antic era <span class=\"iwg-fachbegriff\" data-tooltip=\"L'acte de dirigir-se a una divinitat o poder de manera suplicant o invocadora.\" tabindex=\"0\">invocada<\/span> en assumptes de part, abans de les noces, i per a la protecci\u00f3 de la llar. La <em>filadora de Frigg<\/em> (constel\u00b7laci\u00f3) es va associar en la tradici\u00f3 popular del nord d&#8217;Alemanya amb la predicci\u00f3 del temps i la protecci\u00f3 de les filadores. Amb el cristianisme va ser reinterpretada com Maria (Maria filadora).<\/p><p>En la tradici\u00f3 moderna de l&#8217;Asatru (activa de nou des dels anys 1970 a Alemanya, Escandin\u00e0via, els Estats Units i el Regne Unit) \u00e9s invocada en el bl\u00f3t d&#8217;iniciaci\u00f3 femenina i en festes familiars. No es documenta cap festa central, per\u00f2 el <em>divendres<\/em> (dia de Frigg) es considera tradicionalment el seu dia de la setmana.<\/p>\t\t\t\t\t\t\t\t<\/div>\n\t\t\t\t\t<\/div>\n\t\t\t\t<\/div>\n\t\t<div class=\"elementor-element elementor-element-0qpjal9w iwg-steckbrief-card e-flex e-con-boxed e-con e-child\" data-id=\"0qpjal9w\" data-element_type=\"container\" data-e-type=\"container\">\n\t\t\t\t\t<div class=\"e-con-inner\">\n\t\t\t\t<div class=\"elementor-element elementor-element-6ndoih0o elementor-widget elementor-widget-heading\" data-id=\"6ndoih0o\" data-element_type=\"widget\" data-e-type=\"widget\" data-widget_type=\"heading.default\">\n\t\t\t\t\t<h3 class=\"elementor-heading-title elementor-size-default\">Amulets protectors<\/h3>\t\t\t\t<\/div>\n\t\t\t\t<div class=\"elementor-element elementor-element-6684tyh9 elementor-widget elementor-widget-text-editor\" data-id=\"6684tyh9\" data-element_type=\"widget\" data-e-type=\"widget\" data-widget_type=\"text-editor.default\">\n\t\t\t\t\t\t\t\t\t<p>Clauer (govern de la llar), filadora, mantell de plomes de falc\u00f3 (que presta a Loki), vestit de cort solemne, corona. Plantes sagrades: el vesc (central en el <span class=\"iwg-fachbegriff\" data-tooltip=\"Un relat transm\u00e8s sobre d\u00e9us, or\u00edgens i l'ordre del m\u00f3n.\" tabindex=\"0\">mite<\/span> de Baldur, paradoxalment com el seu descuit), l&#8217;herba de Sant Joan (popularment anomenada planta de Frigg). Animals sagrats: el falc\u00f3 (pel seu mantell de plomes), el cucut (en la tradici\u00f3 popular), la cigonya (porta els infants, simbolisme del part). Dia sagrat de la setmana: el divendres.<\/p>\t\t\t\t\t\t\t\t<\/div>\n\t\t\t\t\t<\/div>\n\t\t\t\t<\/div>\n\t\t<div class=\"elementor-element elementor-element-3lfi7x32 iwg-steckbrief-card e-flex e-con-boxed e-con e-child\" data-id=\"3lfi7x32\" data-element_type=\"container\" data-e-type=\"container\">\n\t\t\t\t\t<div class=\"e-con-inner\">\n\t\t\t\t<div class=\"elementor-element elementor-element-0kg99ga1 elementor-widget elementor-widget-heading\" data-id=\"0kg99ga1\" data-element_type=\"widget\" data-e-type=\"widget\" data-widget_type=\"heading.default\">\n\t\t\t\t\t<h3 class=\"elementor-heading-title elementor-size-default\">Equivalents<\/h3>\t\t\t\t<\/div>\n\t\t\t\t<div class=\"elementor-element elementor-element-n0fum6kp elementor-widget elementor-widget-text-editor\" data-id=\"n0fum6kp\" data-element_type=\"widget\" data-e-type=\"widget\" data-widget_type=\"text-editor.default\">\n\t\t\t\t\t\t\t\t\t<p><em>Freyja<\/em> (germ\u00e0nica, deessa v\u00e0niga de l&#8217;amor; segons algunes teories acad\u00e8miques id\u00e8ntica o estretament relacionada amb Frigg, per\u00f2 clarament diferenciada en la tradici\u00f3 \u00e8ddica), <em>Fricka<\/em> (alt alemany antic, variant posterior), <em>Hera<\/em> (Gr\u00e8cia, esposa de Zeus, patrona del matrimoni), <em>Iuno<\/em> (Roma), <em>Innana\/Ixtar<\/em> (Mesopot\u00e0mia, per\u00f2 amb un car\u00e0cter m\u00e9s er\u00f2tic). Parents ling\u00fc\u00edstics alemanys: <em>Friede<\/em>, <em>Frigerich<\/em>. Funcionalment es compara amb Hera\/Iuno com a \u00abdeessa mare i patrona de la llar\u00bb.<\/p>\t\t\t\t\t\t\t\t<\/div>\n\t\t\t\t\t<\/div>\n\t\t\t\t<\/div>\n\t\t\t\t<\/div>\n\t\t\t\t<\/div>\n\t\t\t\t\t<\/div>\n\t\t\t\t<\/div>\n\t\t<div class=\"elementor-element elementor-element-5a584676 e-flex e-con-boxed e-con e-parent\" data-id=\"5a584676\" data-element_type=\"container\" data-e-type=\"container\">\n\t\t\t\t\t<div class=\"e-con-inner\">\n\t\t\t\t<div class=\"elementor-element elementor-element-6d0757bf elementor-widget elementor-widget-heading\" data-id=\"6d0757bf\" data-element_type=\"widget\" data-e-type=\"widget\" data-widget_type=\"heading.default\">\n\t\t\t\t\t<h2 class=\"elementor-heading-title elementor-size-default\">Frigg, paral\u00b7lelismes en altres cultures<\/h2>\t\t\t\t<\/div>\n\t\t<div class=\"elementor-element elementor-element-60563f68 e-con-full e-flex e-con e-child\" data-id=\"60563f68\" data-element_type=\"container\" data-e-type=\"container\">\n\t\t\t\t<div class=\"elementor-element elementor-element-5a93fdd6 elementor-widget elementor-widget-text-editor\" data-id=\"5a93fdd6\" data-element_type=\"widget\" data-e-type=\"widget\" data-widget_type=\"text-editor.default\">\n\t\t\t\t\t\t\t\t\t<p>Funcionalment comparables s\u00f3n Iuno (Roma) com a deessa del matrimoni i de la ciutat, Hera (Gr\u00e8cia) com a deessa suprema i esposa del d\u00e9u principal, i Frigga com a variant sud-alemanya. Etimol\u00f2gicament est\u00e0 relacionada amb Freyja: ambd\u00f3s noms deriven de l&#8217;indoeuropeu *priH-jaH (l&#8217;estimada). En la tradici\u00f3 anglosaxona apareix com Frige.<\/p>\n<p><strong>Deesses comparables indoeuropees:<\/strong> en la recerca de ci\u00e8ncies de la religi\u00f3, Frigg es considera representant d&#8217;un estrat de deesses indoeuropeu que travessa diverses cultures. La similitud estructural amb Hera en la religi\u00f3 grega (com a esposa del rei dels d\u00e9us, protectora del matrimoni i la fam\u00edlia) apunta a una her\u00e8ncia indoeuropea comuna.<\/p><p>Igualment es mostren paral\u00b7lelismes amb la Iuno romana (llatinitzada com Juno), que formava part de la tr\u00edada capitolina junt amb J\u00fapiter i Minerva. Ambdues deesses comparteixen amb Frigg els atributs de deessa esposa, de fertilitat i de protecci\u00f3 de la llar. La Sarasvati v\u00e8dica, en canvi, representa m\u00e9s b\u00e9 els aspectes de saviesa i coneixement, per\u00f2 tamb\u00e9 en ella es troben rastres de la funci\u00f3 de deessa mare.<\/p><p><strong>Paral\u00b7lelismes eslavob\u00e0ltics:<\/strong> en les tradicions eslaves, Mokosh apareix com una deessa de la terra i mare, relacionada amb la fertilitat, l&#8217;artesania i el dest\u00ed femen\u00ed. La lauma b\u00e0ltica presenta trets similars com a deessa del dest\u00ed i protectora de la fam\u00edlia.<\/p><p>Ambdues mostren parentius estructurals amb Frigg: actuen com a mediadores entre el m\u00f3n dels d\u00e9us i el dels humans, teixeixen el dest\u00ed dels mortals i marquen l&#8217;\u00e0mbit dom\u00e8stic i cultual. L&#8217;aspecte de Frigg com a teixidora i filadora, que coneix els destins de tots per\u00f2 no els revela, ressona directament amb aquestes deesses de l&#8217;Europa oriental.<\/p><p><strong>Sincretismes c\u00e8ltico-escandinaus:<\/strong> la Brigit irlandesa presenta similituds amb Frigg en el seu rol de protectora de l&#8217;artesania (especialment la forja i el teixit) i com a deessa dels llocs sagrats. La guerrera Macha, per la seva banda, compareix amb Frigg l&#8217;autoritat sobre el dest\u00ed dels combatents i dels governants.<\/p><p>En el proc\u00e9s de <span class=\"iwg-fachbegriff\" tabindex=\"0\" data-tooltip=\"Fusi\u00f3 d'elements de diferents religions o cultes en formes mixtes, com en el vod\u00fa haiti\u00e0.\">sincretisme<\/span> n\u00f2rdic, especialment all\u00e0 on els vanis (d\u00e9us de la fertilitat i la llar, com Freya) es van entrella\u00e7ar amb els asos (d\u00e9us governants com Odin i Frigg), es van formar formes hibrides, en les quals els trets de Frigga (protecci\u00f3, teixit, matrimoni) es van barrejar amb els trets de Freya (amor, sexualitat, formaci\u00f3 guerrera).<\/p><p>Aquests processos sincretistics apunten a un nucli indoeuropeu com\u00fa que es va diferenciar de manera distinta en cada cultura.<\/p>\t\t\t\t\t\t\t\t<\/div>\n\t\t\t\t<\/div>\n\t\t\t\t\t<\/div>\n\t\t\t\t<\/div>\n\t\t<div class=\"elementor-element elementor-element-cp0bf895f e-flex e-con-boxed e-con e-parent\" data-id=\"cp0bf895f\" data-element_type=\"container\" data-e-type=\"container\">\n\t\t\t\t\t<div class=\"e-con-inner\">\n\t\t\t\t<div class=\"elementor-element elementor-element-cp56cc4ad elementor-widget elementor-widget-heading\" data-id=\"cp56cc4ad\" data-element_type=\"widget\" data-e-type=\"widget\" data-widget_type=\"heading.default\">\n\t\t\t\t\t<h2 class=\"elementor-heading-title elementor-size-default\">Frigg en l'Edda po\u00e8tica i l'Edda prosaica<\/h2>\t\t\t\t<\/div>\n\t\t<div class=\"elementor-element elementor-element-cp29e9373 e-con-full e-flex e-con e-child\" data-id=\"cp29e9373\" data-element_type=\"container\" data-e-type=\"container\">\n\t\t\t\t<div class=\"elementor-element elementor-element-cp8315ca5 elementor-widget elementor-widget-text-editor\" data-id=\"cp8315ca5\" data-element_type=\"widget\" data-e-type=\"widget\" data-widget_type=\"text-editor.default\">\n\t\t\t\t\t\t\t\t\t<p>Els testimonis m\u00e9s importants sobre Frigg provenen de les dues col\u00b7leccions medievals conegudes amb el nom d&#8217;<em>Edda<\/em>. La m\u00e9s antiga, l&#8217;Edda Po\u00e8tica, ofereix sobretot en el poema <em>Lokasenna<\/em> una imatge molt v\u00edvida: all\u00e0 els d\u00e9us discuteixen, i Loki acusa Frigg d&#8217;haver-se relacionat amb altres homes mentre Odin era lluny.<\/p><p>Frigg respon amb reserva, i Freyja la defensa assenyalant que Frigg coneix el dest\u00ed de tots, encara que no el reveli. Aquest passatge \u00e9s central perqu\u00e8 atribueix a Frigg un coneixement del dest\u00ed que ella es guarda per a si mateixa.<\/p><p>M\u00e9s extensa \u00e9s la Snorra-Edda, el manual de po\u00e8tica escrit al segle tretz\u00e8 per Snorri Sturluson. Snorri anomena Frigg la m\u00e9s distingida de les ases, l&#8217;esposa d&#8217;Odin i la mare de Baldr.<\/p><p>En la seva obra trobem tamb\u00e9 el <span class=\"iwg-fachbegriff\" data-tooltip=\"Un relat transm\u00e8s sobre d\u00e9us, or\u00edgens i l'ordre del m\u00f3n.\" tabindex=\"0\">mite<\/span> m\u00e9s detallat sobre Frigg, la hist\u00f2ria pr\u00e8via a la mort de Baldr. Frigg fa jurar a totes les coses del m\u00f3n que no faran mal a Baldr, per\u00f2 passa per alt el jove branquill\u00f3 de vesc, que considera massa insignificant. Loki aprofita precisament aquesta escletxa.<\/p><p>Snorri \u00e9s una font valuosa, per\u00f2 no exempta de problemes. Va escriure gaireb\u00e9 dos segles despr\u00e9s de la cristianitzaci\u00f3 d&#8217;Isl\u00e0ndia i va ordenar el material transm\u00e8s dins d&#8217;un sistema marcat en part per idees eruditas i cristianes.<\/p><p>La investigaci\u00f3 en hist\u00f2ria de les religions llegeix Snorri, per tant, com a redactor, no com a testimoni directe d&#8217;una religi\u00f3 pagana. Tot i aix\u00ed, la seva narraci\u00f3 conserva nuclis narratius que tamb\u00e9 apareixen en la poesia m\u00e9s antiga i que, per aix\u00f2, es consideren relativament antics.<\/p>\t\t\t\t\t\t\t\t<\/div>\n\t\t\t\t<\/div>\n\t\t\t\t\t<\/div>\n\t\t\t\t<\/div>\n\t\t<div class=\"elementor-element elementor-element-cpc3f2470 e-flex e-con-boxed e-con e-parent\" data-id=\"cpc3f2470\" data-element_type=\"container\" data-e-type=\"container\">\n\t\t\t\t\t<div class=\"e-con-inner\">\n\t\t\t\t<div class=\"elementor-element elementor-element-cpab01758 elementor-widget elementor-widget-heading\" data-id=\"cpab01758\" data-element_type=\"widget\" data-e-type=\"widget\" data-widget_type=\"heading.default\">\n\t\t\t\t\t<h2 class=\"elementor-heading-title elementor-size-default\">El mite de Baldr i la vana precauci\u00f3 de Frigg<\/h2>\t\t\t\t<\/div>\n\t\t<div class=\"elementor-element elementor-element-cpadb449b e-con-full e-flex e-con e-child\" data-id=\"cpadb449b\" data-element_type=\"container\" data-e-type=\"container\">\n\t\t\t\t<div class=\"elementor-element elementor-element-cp1c6dfe0 elementor-widget elementor-widget-text-editor\" data-id=\"cp1c6dfe0\" data-element_type=\"widget\" data-e-type=\"widget\" data-widget_type=\"text-editor.default\">\n\t\t\t\t\t\t\t\t\t<p>El <span class=\"iwg-fachbegriff\" data-tooltip=\"Un relat transm\u00e8s sobre d\u00e9us, or\u00edgens i l'ordre del m\u00f3n.\" tabindex=\"0\">mite<\/span> m\u00e9s conegut en el qual Frigg t\u00e9 un paper decisiu \u00e9s la mort del seu fill Baldr. El relat combina diversos temes importants per a la concepci\u00f3 n\u00f2rdica dels d\u00e9us: la inevitabilitat del dest\u00ed, els l\u00edmits del poder div\u00ed i l&#8217;efecte destructiu de Loki. Frigg ocupa el centre de l&#8217;intent d&#8217;evitar el desastre previst.<\/p><p>Quan Baldr comen\u00e7a a tenir malsons, Frigg viatja per tot el m\u00f3n i fa prometre a totes les coses, el foc, l&#8217;aigua, el ferro, les pedres, els animals, les malalties, que no faran cap mal al seu fill.<\/p><p>Nom\u00e9s passa per alt el vesc. Loki ho descobreix, en fa un projectil amb la branqueta i indueix el cec H\u00f6dr a llan\u00e7ar-lo contra Baldr. Baldr mor, i la meticulosa precauci\u00f3 de Frigg resulta insuficient.<\/p><p>La investigaci\u00f3 interpreta aquest <span class=\"iwg-fachbegriff\" data-tooltip=\"Un relat transm\u00e8s sobre d\u00e9us, or\u00edgens i l'ordre del m\u00f3n.\" tabindex=\"0\">mite<\/span> de maneres diverses. Alguns hi veuen un antic relat sobre el d\u00e9u que mor i no retorna, altres subratllen el <span class=\"iwg-fachbegriff\" data-tooltip=\"Un element de contingut recurrent en l'art o la narrativa.\" tabindex=\"0\">motiu<\/span> literari de l&#8217;\u00fanica possibilitat passada per alt que fa fracassar tot el projecte. El paper doble de Frigg \u00e9s fonamental: \u00e9s qui coneix el dest\u00ed i, al mateix temps, qui no pot evitar-lo.<\/p><p>Despr\u00e9s de la mort de Baldr, envia un missatger al m\u00f3n dels morts, i el rescat gaireb\u00e9 t\u00e9 \u00e8xit, per\u00f2 una vegada m\u00e9s Loki n&#8217;impedeix la reeixida. El <span class=\"iwg-fachbegriff\" data-tooltip=\"Un relat transm\u00e8s sobre d\u00e9us, or\u00edgens i l'ordre del m\u00f3n.\" tabindex=\"0\">mite<\/span> mostra Frigg com una figura activa i previsora, per\u00f2 el seu poder troba el seu l\u00edmit en l&#8217;ordre del dest\u00ed. Altres connexions porten a altres figures del <a href=\"https:\/\/iwell-guard.com\/ca\/?page_id=171366\">pante\u00f3 germ\u00e0nic<\/a>.<\/p>\t\t\t\t\t\t\t\t<\/div>\n\t\t\t\t<\/div>\n\t\t\t\t\t<\/div>\n\t\t\t\t<\/div>\n\t\t<div class=\"elementor-element elementor-element-cp7ba8148 e-flex e-con-boxed e-con e-parent\" data-id=\"cp7ba8148\" data-element_type=\"container\" data-e-type=\"container\">\n\t\t\t\t\t<div class=\"e-con-inner\">\n\t\t\t\t<div class=\"elementor-element elementor-element-cpeaa0648 elementor-widget elementor-widget-heading\" data-id=\"cpeaa0648\" data-element_type=\"widget\" data-e-type=\"widget\" data-widget_type=\"heading.default\">\n\t\t\t\t\t<h2 class=\"elementor-heading-title elementor-size-default\">Frigg, Freyja i el problema de la deessa doble<\/h2>\t\t\t\t<\/div>\n\t\t<div class=\"elementor-element elementor-element-cpdbeb154 e-con-full e-flex e-con e-child\" data-id=\"cpdbeb154\" data-element_type=\"container\" data-e-type=\"container\">\n\t\t\t\t<div class=\"elementor-element elementor-element-cpda43d24 elementor-widget elementor-widget-text-editor\" data-id=\"cpda43d24\" data-element_type=\"widget\" data-e-type=\"widget\" data-widget_type=\"text-editor.default\">\n\t\t\t\t\t\t\t\t\t<p>Una de les q\u00fcestions m\u00e9s antigues i m\u00e9s debatudes de la hist\u00f2ria religiosa n\u00f2rdica \u00e9s la relaci\u00f3 entre Frigg i Freyja. Totes dues deesses presenten similituds notables. A totes dues se&#8217;ls atribueix una vestidura de plomes amb la qual poden volar.<\/p><p>Ambdues estan vinculades a l&#8217;amor, el matrimoni i la fecunditat. Els seus noms es poden relacionar ling\u00fc\u00edsticament amb arrels semblants, ja que <em>Frigg<\/em> s&#8217;associa amb una paraula per \u00abamor\u00bb i <em>Freyja<\/em> amb \u00absenyora\u00bb.<\/p><p>Una part de la investigaci\u00f3 m\u00e9s antiga, per exemple en l&#8217;\u00e0mbit de Jan de Vries, va suposar per aix\u00f2 que Frigg i Freyja havien estat origin\u00e0riament una \u00fanica deessa que, amb el temps, es va desdoblar en dues figures a trav\u00e9s de la <span class=\"iwg-fachbegriff\" data-tooltip=\"La transmissi\u00f3 de coneixements i relats al llarg de generacions.\" tabindex=\"0\">transmissi\u00f3<\/span>.<\/p><p>Altres investigadores i investigadors, entre ells treballs m\u00e9s recents sobre l&#8217;\u00e8poca viquinga, sostenen en canvi que les fonts distingeixen clarament entre les dues deesses: Frigg pertany als asos, Freyja als vanes, tenen esp\u00f2s diferent i \u00e0mbits de funci\u00f3 diferents.<\/p><p>Frigg est\u00e0 m\u00e9s vinculada al matrimoni, la llar i la maternitat, mentre que Freyja ho est\u00e0 al desig, la guerra i una forma pr\u00f2pia de m\u00e0gia, el <em>sei\u00f0r<\/em>.<\/p><p>El debat encara no s&#8217;ha tancat, perqu\u00e8 les fonts no permeten un judici concloent. Es pot afirmar que totes dues deesses eren venerades com a figures separades en la religi\u00f3 transmesa de l&#8217;\u00e8poca viquinga, encara que la seva semblan\u00e7a podria apuntar a un origen com\u00fa o a una influ\u00e8ncia m\u00fatua.<\/p><p>Per entendre Frigg \u00e9s important aquesta distinci\u00f3: no \u00e9s la deessa de l&#8217;amor en el sentit del desig, sin\u00f3 la senyora de la llar, del matrimoni i de la cura previsora. Una comparaci\u00f3 amb <a href=\"https:\/\/iwell-guard.com\/ca\/?page_id=171366\">figures femenines emparentades<\/a> de la <span class=\"iwg-fachbegriff\" data-tooltip=\"La transmissi\u00f3 de coneixements i relats al llarg de generacions.\" tabindex=\"0\">transmissi\u00f3<\/span> afina aquest perfil.<\/p>\t\t\t\t\t\t\t\t<\/div>\n\t\t\t\t<\/div>\n\t\t\t\t\t<\/div>\n\t\t\t\t<\/div>\n\t\t<div class=\"elementor-element elementor-element-cp967972e e-flex e-con-boxed e-con e-parent\" data-id=\"cp967972e\" data-element_type=\"container\" data-e-type=\"container\">\n\t\t\t\t\t<div class=\"e-con-inner\">\n\t\t\t\t<div class=\"elementor-element elementor-element-cp4b21c27 elementor-widget elementor-widget-heading\" data-id=\"cp4b21c27\" data-element_type=\"widget\" data-e-type=\"widget\" data-widget_type=\"heading.default\">\n\t\t\t\t\t<h2 class=\"elementor-heading-title elementor-size-default\">Rastres al continent, en noms de lloc i en el dia de la setmana<\/h2>\t\t\t\t<\/div>\n\t\t<div class=\"elementor-element elementor-element-cp7a1b465 e-con-full e-flex e-con e-child\" data-id=\"cp7a1b465\" data-element_type=\"container\" data-e-type=\"container\">\n\t\t\t\t<div class=\"elementor-element elementor-element-cp193b30a elementor-widget elementor-widget-text-editor\" data-id=\"cp193b30a\" data-element_type=\"widget\" data-e-type=\"widget\" data-widget_type=\"text-editor.default\">\n\t\t\t\t\t\t\t\t\t<p>Frigg no \u00e9s nom\u00e9s una figura de la poesia n\u00f2rdica antiga, sin\u00f3 que va deixar petjades en tot l&#8217;\u00e0mbit ling\u00fc\u00edstic germ\u00e0nic. La prova m\u00e9s clara \u00e9s el dia de la setmana anomenat divendres. La denominaci\u00f3 romana dels dies de la setmana assignava d\u00e9us planetaris a cada dia, i el dia de Venus va ser assignat, en adoptar-se al germ\u00e0nic, a una deessa pr\u00f2pia.<\/p><p>En angl\u00e8s <em>Friday<\/em>, en alemany <em>Freitag<\/em>, i de manera similar en les lleng\u00fces n\u00f2rdiques, es mant\u00e9 aquesta equival\u00e8ncia. Quina deessa es tenia exactament en ment, Frigg o Freyja, \u00e9s discutit a causa del parentiu ja esmentat, per\u00f2 la majoria d&#8217;historiadors de la llengua tendeixen cap a Frigg o la seva equivalent continental.<\/p><p>Al continent apareix una deessa emparentada amb Frigg en la <span class=\"iwg-fachbegriff\" data-tooltip=\"La transmissi\u00f3 de coneixements i narracions al llarg de generacions.\" tabindex=\"0\">tradici\u00f3<\/span> longobarda amb el nom de <em>Frea<\/em>. Paulus Diaconus relata en la seva <em>Historia Langobardorum<\/em> del segle vuit\u00e8 una hist\u00f2ria en la qual Frea ajuda el seu marit Godan, \u00e9s a dir Odin, a aconseguir la vict\u00f2ria mitjan\u00e7ant un ardit.<\/p><p>Aquest episodi es considera un indici important de que la veneraci\u00f3 d&#8217;una figura similar a Frigg no es limitava a Escandin\u00e0via, sin\u00f3 que era coneguda entre diversos pobles germ\u00e0nics.<\/p><p>Els noms de lloc que remeten a Frigg s\u00f3n m\u00e9s escassos i incerts que en el cas d&#8217;altres divinitats, cosa que la recerca explica en part pel car\u00e0cter dom\u00e8stic i menys p\u00fablicament cultual de la seva veneraci\u00f3. Una antiga denominaci\u00f3 de la constel\u00b7laci\u00f3 que avui coneixem com el cintur\u00f3 d&#8217;Ori\u00f3 es va associar en part amb Frigg a Escandin\u00e0via, per\u00f2 aquesta <span class=\"iwg-fachbegriff\" data-tooltip=\"La transmissi\u00f3 de coneixements i narracions al llarg de generacions.\" tabindex=\"0\">tradici\u00f3<\/span> \u00e9s tardana i incerta.<\/p><p>En conjunt, la recerca de rastres mostra que Frigg era una figura amb arrelament ampli m\u00e9s enll\u00e0 dels textos islandesos, encara que la seva veneraci\u00f3 es desenvolupava m\u00e9s en l&#8217;\u00e0mbit dom\u00e8stic que en el monumental, i per aix\u00f2 va deixar menys rastres arqueol\u00f2gics visibles.<\/p>\t\t\t\t\t\t\t\t<\/div>\n\t\t\t\t<\/div>\n\t\t\t\t\t<\/div>\n\t\t\t\t<\/div>\n\t\t<div class=\"elementor-element elementor-element-36dd7469 e-flex e-con-boxed e-con e-parent\" data-id=\"36dd7469\" data-element_type=\"container\" data-e-type=\"container\">\n\t\t\t\t\t<div class=\"e-con-inner\">\n\t\t\t\t<div class=\"elementor-element elementor-element-13760ab4 elementor-widget elementor-widget-heading\" data-id=\"13760ab4\" data-element_type=\"widget\" data-e-type=\"widget\" data-widget_type=\"heading.default\">\n\t\t\t\t\t<h2 class=\"elementor-heading-title elementor-size-default\">Enlla\u00e7os relacionats<\/h2>\t\t\t\t<\/div>\n\t\t<div class=\"elementor-element elementor-element-28c87796 e-con-full e-flex e-con e-child\" data-id=\"28c87796\" data-element_type=\"container\" data-e-type=\"container\">\n\t\t\t\t<div class=\"elementor-element elementor-element-5d6538df elementor-widget elementor-widget-text-editor\" data-id=\"5d6538df\" data-element_type=\"widget\" data-e-type=\"widget\" data-widget_type=\"text-editor.default\">\n\t\t\t\t\t\t\t\t\t<ul><li><a href=\"https:\/\/iwell-guard.com\/ca\/?page_id=171465\">Odin, marit<\/a><\/li><li><a href=\"https:\/\/iwell-guard.com\/ca\/?page_id=171566\">Freyja, deessa germ\u00e0nica emparentada<\/a><\/li><li><a href=\"https:\/\/iwell-guard.com\/ca\/?page_id=171514\">Loki, antagonista en el mite de Baldur<\/a><\/li><li><a href=\"https:\/\/iwell-guard.com\/ca\/?page_id=171366\">Germ\u00e0nic, visi\u00f3 general del pante\u00f3<\/a><\/li><li><a href=\"https:\/\/iwell-guard.com\/ca\/?page_id=171459\">Alts d\u00e9us, subcategoria<\/a><\/li><li><a href=\"https:\/\/iwell-guard.com\/ca\/?page_id=171431\">D\u00e9us, visi\u00f3 general de classes<\/a><\/li><\/ul>\t\t\t\t\t\t\t\t<\/div>\n\t\t\t\t<\/div>\n\t\t\t\t\t<\/div>\n\t\t\t\t<\/div>\n\t\t<div class=\"elementor-element elementor-element-grl4kl40 e-flex e-con-boxed e-con e-parent\" data-id=\"grl4kl40\" data-element_type=\"container\" data-e-type=\"container\">\n\t\t\t\t\t<div class=\"e-con-inner\">\n\t\t\t\t<div class=\"elementor-element elementor-element-bzsbfrmh elementor-widget elementor-widget-heading\" data-id=\"bzsbfrmh\" data-element_type=\"widget\" data-e-type=\"widget\" data-widget_type=\"heading.default\">\n\t\t\t\t\t<h2 class=\"elementor-heading-title elementor-size-default\">Bibliografia (selecci\u00f3)<\/h2>\t\t\t\t<\/div>\n\t\t<div class=\"elementor-element elementor-element-2c13224a e-con-full e-flex e-con e-child\" data-id=\"2c13224a\" data-element_type=\"container\" data-e-type=\"container\">\n\t\t\t\t<div class=\"elementor-element elementor-element-0eymh9ub elementor-widget elementor-widget-text-editor\" data-id=\"0eymh9ub\" data-element_type=\"widget\" data-e-type=\"widget\" data-widget_type=\"text-editor.default\">\n\t\t\t\t\t\t\t\t\t<footer class=\"iwg-literatur\" data-nosnippet=\"true\"><ul><li><span data-nosnippet>Simek, Rudolf: <em>Lexikon der germanischen <span class=\"iwg-fachbegriff\" data-tooltip=\"El conjunt de narracions divines transmeses d'una cultura.\" tabindex=\"0\">Mythologie<\/span><\/em>. Stuttgart 2006.<\/span><\/li><li><span data-nosnippet>de Vries, Jan: <em>Altgermanische Religionsgeschichte<\/em>. 2 volums, Berlin 1956\/57.<\/span><\/li><li><span data-nosnippet>Lindow, John: <em>Norse Mythology. A Guide to the Gods, Heroes, Rituals, and Beliefs<\/em>. Oxford 2001.<\/span><\/li><li><span data-nosnippet>Davidson, Hilda Ellis: <em>Roles of the Northern Goddess<\/em>. London 1998.<\/span><\/li><li><span class=\"iwg-fachbegriff\" tabindex=\"0\" data-tooltip=\"Erudit island\u00e8s (1179\u20131241); autor de la Pr\u00f2sa-Edda i la Heimskringla.\">Snorri Sturluson<\/span>: <em>Snorra-Edda<\/em> (nombroses traduccions).<\/li><li>Walde, Christine (Hg.): <em>Der Neue Pauly<\/em> (entrada \u00abFrigg\u00bb).<\/li><\/ul><\/footer>\t\t\t\t\t\t\t\t<\/div>\n\t\t\t\t<\/div>\n\t\t\t\t\t<\/div>\n\t\t\t\t<\/div>\n\t\t<div class=\"elementor-element elementor-element-iwgkw2-add-frigg e-flex e-con-boxed e-con e-parent\" data-id=\"iwgkw2-add-frigg\" data-element_type=\"container\" data-e-type=\"container\">\n\t\t\t\t\t<div class=\"e-con-inner\">\n\t\t\t\t<div class=\"elementor-element elementor-element-iwgkw2-add-frigg-t elementor-widget elementor-widget-text-editor\" data-id=\"iwgkw2-add-frigg-t\" data-element_type=\"widget\" data-e-type=\"widget\" data-widget_type=\"text-editor.default\">\n\t\t\t\t\t\t\t\t\t<p>Frigg \u00e9s considerada en la <span class=\"iwg-fachbegriff\" data-tooltip=\"La transmissi\u00f3 de coneixements i narracions al llarg de generacions.\" tabindex=\"0\">tradici\u00f3<\/span> n\u00f2rdica com l&#8217;<em>alta deessa<\/em> dels ansos, esposa d&#8217;Odin i mare de Baldur; l&#8217;Edda la descriu com la guardiana dels fils del dest\u00ed i garant dels juraments.<\/p>\t\t\t\t\t\t\t\t<\/div>\n\t\t\t\t\t<\/div>\n\t\t\t\t<\/div>\n\t\t\t\t<\/div>\n\t\t","protected":false},"excerpt":{"rendered":"","protected":false},"author":3,"featured_media":1572,"parent":0,"menu_order":0,"comment_status":"closed","ping_status":"closed","template":"elementor_header_footer","meta":{"_yoast_wpseo_focuskw":"frigg","_yoast_wpseo_title":"Frigg - Alta deessa dels Ansos, mare de Balder","_yoast_wpseo_metadesc":"Frigg, alta deessa dels Ansos i mare de Balder. Do del dest\u00ed, maternitat, llar. Fonts a l'Edda, Saxo i les traces en els cultes germ\u00e0nics.","_yoast_wpseo_meta-robots-noindex":"","_yoast_wpseo_canonical":"","_angie_page":false,"gefaehrdungsstufe":"1","wesen_kultur":"germanisch","wesen_klasse":"goetter","footnotes":""},"categories":[],"class_list":["post-171569","page","type-page","status-publish","has-post-thumbnail","hentry"],"yoast_head":"<!-- This site is optimized with the Yoast SEO Premium plugin v27.7 (Yoast SEO v28.3) - https:\/\/yoast.com\/product\/yoast-seo-premium-wordpress\/ -->\n<title>Frigg - Alta deessa dels Ansos, mare de Balder<\/title>\n<meta name=\"description\" content=\"Frigg, alta deessa dels Ansos i mare de Balder. Do del dest\u00ed, maternitat, llar. Fonts a l&#039;Edda, Saxo i les traces en els cultes germ\u00e0nics.\" \/>\n<meta name=\"robots\" content=\"index, follow, max-snippet:-1, max-image-preview:large, max-video-preview:-1\" \/>\n<link rel=\"canonical\" href=\"https:\/\/iwell-guard.com\/ca\/frigg\/\" \/>\n<meta property=\"og:locale\" content=\"ca_ES\" \/>\n<meta property=\"og:type\" content=\"article\" \/>\n<meta property=\"og:title\" content=\"Frigg\" \/>\n<meta property=\"og:description\" content=\"Frigg, alta deessa dels Ansos i mare de Balder. Do del dest\u00ed, maternitat, llar. Fonts a l&#039;Edda, Saxo i les traces en els cultes germ\u00e0nics.\" \/>\n<meta property=\"og:url\" content=\"https:\/\/iwell-guard.com\/ca\/frigg\/\" \/>\n<meta property=\"og:site_name\" content=\"iWell Guard\" \/>\n<meta property=\"article:modified_time\" content=\"2026-09-05T16:01:23+00:00\" \/>\n<meta property=\"og:image\" content=\"https:\/\/iwell-guard.com\/wp-content\/uploads\/2026\/04\/goetter_germanisch_frigg.webp\" \/>\n\t<meta property=\"og:image:width\" content=\"1024\" \/>\n\t<meta property=\"og:image:height\" content=\"1536\" \/>\n\t<meta property=\"og:image:type\" content=\"image\/webp\" \/>\n<meta name=\"twitter:card\" content=\"summary_large_image\" \/>\n<script type=\"application\/ld+json\" class=\"yoast-schema-graph\">{\"@context\":\"https:\\\/\\\/schema.org\",\"@graph\":[{\"@type\":\"WebPage\",\"@id\":\"https:\\\/\\\/iwell-guard.com\\\/ca\\\/frigg\\\/\",\"url\":\"https:\\\/\\\/iwell-guard.com\\\/ca\\\/frigg\\\/\",\"name\":\"Frigg - Alta deessa dels Ansos, mare de Balder\",\"isPartOf\":{\"@id\":\"https:\\\/\\\/iwell-guard.com\\\/ca\\\/#website\"},\"primaryImageOfPage\":{\"@id\":\"https:\\\/\\\/iwell-guard.com\\\/ca\\\/frigg\\\/#primaryimage\"},\"image\":{\"@id\":\"https:\\\/\\\/iwell-guard.com\\\/ca\\\/frigg\\\/#primaryimage\"},\"thumbnailUrl\":\"https:\\\/\\\/iwell-guard.com\\\/wp-content\\\/uploads\\\/2026\\\/04\\\/goetter_germanisch_frigg.webp\",\"datePublished\":\"2026-09-05T15:40:30+00:00\",\"dateModified\":\"2026-09-05T16:01:23+00:00\",\"description\":\"Frigg, alta deessa dels Ansos i mare de Balder. Do del dest\u00ed, maternitat, llar. Fonts a l'Edda, Saxo i les traces en els cultes germ\u00e0nics.\",\"breadcrumb\":{\"@id\":\"https:\\\/\\\/iwell-guard.com\\\/ca\\\/frigg\\\/#breadcrumb\"},\"inLanguage\":\"ca\",\"potentialAction\":[{\"@type\":\"ReadAction\",\"target\":[\"https:\\\/\\\/iwell-guard.com\\\/ca\\\/frigg\\\/\"]}]},{\"@type\":\"ImageObject\",\"inLanguage\":\"ca\",\"@id\":\"https:\\\/\\\/iwell-guard.com\\\/ca\\\/frigg\\\/#primaryimage\",\"url\":\"https:\\\/\\\/iwell-guard.com\\\/wp-content\\\/uploads\\\/2026\\\/04\\\/goetter_germanisch_frigg.webp\",\"contentUrl\":\"https:\\\/\\\/iwell-guard.com\\\/wp-content\\\/uploads\\\/2026\\\/04\\\/goetter_germanisch_frigg.webp\",\"width\":1024,\"height\":1536,\"caption\":\"D\u00e9us de la tradici\u00f3 germ\u00e0nica.\"},{\"@type\":\"BreadcrumbList\",\"@id\":\"https:\\\/\\\/iwell-guard.com\\\/ca\\\/frigg\\\/#breadcrumb\",\"itemListElement\":[{\"@type\":\"ListItem\",\"position\":1,\"name\":\"Start\",\"item\":\"https:\\\/\\\/iwell-guard.com\\\/ca\\\/?page_id=171333\"},{\"@type\":\"ListItem\",\"position\":2,\"name\":\"Frigg\"}]},{\"@type\":\"WebSite\",\"@id\":\"https:\\\/\\\/iwell-guard.com\\\/ca\\\/#website\",\"url\":\"https:\\\/\\\/iwell-guard.com\\\/ca\\\/\",\"name\":\"iWell Guard\",\"description\":\"Schutz vor dunklen Einfl\u00fcssen\",\"publisher\":{\"@id\":\"https:\\\/\\\/iwell-guard.com\\\/ca\\\/#organization\"},\"potentialAction\":[{\"@type\":\"SearchAction\",\"target\":{\"@type\":\"EntryPoint\",\"urlTemplate\":\"https:\\\/\\\/iwell-guard.com\\\/ca\\\/?s={search_term_string}\"},\"query-input\":{\"@type\":\"PropertyValueSpecification\",\"valueRequired\":true,\"valueName\":\"search_term_string\"}}],\"inLanguage\":\"ca\"},{\"@type\":\"Organization\",\"@id\":\"https:\\\/\\\/iwell-guard.com\\\/ca\\\/#organization\",\"name\":\"Ittermann electronic GmbH\",\"url\":\"https:\\\/\\\/iwell-guard.com\\\/ca\\\/\",\"logo\":{\"@type\":\"ImageObject\",\"inLanguage\":\"ca\",\"@id\":\"https:\\\/\\\/iwell-guard.com\\\/ca\\\/#\\\/schema\\\/logo\\\/image\\\/\",\"url\":\"https:\\\/\\\/iwell-guard.com\\\/wp-content\\\/uploads\\\/2026\\\/05\\\/Ittermann-Logo-1182x237-1.png\",\"contentUrl\":\"https:\\\/\\\/iwell-guard.com\\\/wp-content\\\/uploads\\\/2026\\\/05\\\/Ittermann-Logo-1182x237-1.png\",\"width\":1182,\"height\":237,\"caption\":\"Ittermann electronic GmbH\"},\"image\":{\"@id\":\"https:\\\/\\\/iwell-guard.com\\\/ca\\\/#\\\/schema\\\/logo\\\/image\\\/\"},\"sameAs\":[\"https:\\\/\\\/pantip.com\\\/profile\\\/9367242\",\"https:\\\/\\\/micro.blog\\\/iwellguard\",\"https:\\\/\\\/www.diggerslist.com\\\/iwellguard\\\/about\",\"https:\\\/\\\/skitterphoto.com\\\/photographers\\\/2870314\\\/iwell-guard\",\"https:\\\/\\\/iwellguard.wordpress.com\\\/2026\\\/06\\\/06\\\/iwell-guard\\\/\",\"https:\\\/\\\/hub.docker.com\\\/u\\\/iwellguard\",\"https:\\\/\\\/www.pinterest.com\\\/iwellguard\\\/\",\"https:\\\/\\\/bit.ly\\\/m\\\/iwellguard\",\"https:\\\/\\\/entre-vos-mains.alsace.eu\\\/profiles\\\/iwellguard\\\/activity\",\"https:\\\/\\\/gravatar.com\\\/reallybeded8fd34\",\"https:\\\/\\\/naijamatta.com\\\/iwellguard\",\"https:\\\/\\\/www.goodreads.com\\\/iwellguard\",\"https:\\\/\\\/profile.hatena.ne.jp\\\/iwellguard\\\/\",\"https:\\\/\\\/experiment.com\\\/users\\\/iwellguard\",\"https:\\\/\\\/wakelet.com\\\/@iWellGuard82270\",\"https:\\\/\\\/www.chordie.com\\\/forum\\\/profile.php?id=2555664\",\"https:\\\/\\\/www.instapaper.com\\\/p\\\/17757966\",\"https:\\\/\\\/www.mapleprimes.com\\\/users\\\/iwellguard\",\"https:\\\/\\\/businesslistingplus.com\\\/profile\\\/iwell-guard\\\/\",\"https:\\\/\\\/telegra.ph\\\/iWell-Guard-06-06\",\"https:\\\/\\\/pbase.com\\\/iwellguard\\\/iwellguard\",\"https:\\\/\\\/b.hatena.ne.jp\\\/iwellguard\\\/20260607#bookmark-4788405196491818882\",\"https:\\\/\\\/fliphtml5.com\\\/home\\\/iwellguard\",\"https:\\\/\\\/anyflip.com\\\/homepage\\\/cmiwl#About\",\"https:\\\/\\\/transfur.com\\\/Users\\\/iwellguard\",\"http:\\\/\\\/delphi.larsbo.org\\\/user\\\/iwellguard\",\"https:\\\/\\\/jobs.lajobsportal.org\\\/profiles\\\/8380803-iwell-guard\",\"https:\\\/\\\/md.chaosdorf.de\\\/s\\\/jfbe5SBdJD\",\"https:\\\/\\\/www.lingvolive.com\\\/en-us\\\/profile\\\/9ecaeaca-ce11-4e51-9e71-01d55e2bff36\\\/translations\",\"https:\\\/\\\/www.fitday.com\\\/fitness\\\/forums\\\/members\\\/iwellguard.html\",\"https:\\\/\\\/www.mymeetbook.com\\\/iwellguard\",\"https:\\\/\\\/pxhere.com\\\/en\\\/photographer-me\\\/5040798\",\"https:\\\/\\\/disqus.com\\\/by\\\/iwellguard\\\/about\\\/\",\"https:\\\/\\\/pastelink.net\\\/hjwciqwq\",\"https:\\\/\\\/pubhtml5.com\\\/homepage\\\/scjhn\\\/\",\"https:\\\/\\\/www.bitchute.com\\\/channel\\\/2O2eOKzNqujT\",\"https:\\\/\\\/audiomack.com\\\/iwellguard\"]},{\"@type\":\"Article\",\"@id\":\"https:\\\/\\\/iwell-guard.com\\\/ca\\\/frigg\\\/#article\",\"isPartOf\":{\"@id\":\"https:\\\/\\\/iwell-guard.com\\\/ca\\\/frigg\\\/\"},\"author\":{\"name\":\"Ralf Ittermann\",\"@id\":\"https:\\\/\\\/iwell-guard.com\\\/ca\\\/#\\\/schema\\\/person\\\/ee2a27f1cac3406c7c6fb5820cb7349f\"},\"headline\":\"Frigg\",\"datePublished\":\"2026-09-05T15:40:30+00:00\",\"dateModified\":\"2026-09-05T16:01:23+00:00\",\"mainEntityOfPage\":{\"@id\":\"https:\\\/\\\/iwell-guard.com\\\/ca\\\/frigg\\\/\"},\"publisher\":{\"@id\":\"https:\\\/\\\/iwell-guard.com\\\/ca\\\/#organization\"},\"image\":{\"@id\":\"https:\\\/\\\/iwell-guard.com\\\/ca\\\/frigg\\\/#primaryimage\"},\"thumbnailUrl\":\"https:\\\/\\\/iwell-guard.com\\\/wp-content\\\/uploads\\\/2026\\\/04\\\/goetter_germanisch_frigg.webp\",\"inLanguage\":\"ca\",\"description\":\"Frigg, alta deessa dels Ansos i mare de Balder. Do del dest\u00ed, maternitat, llar. Fonts a l'Edda, Saxo i les traces en els cultes germ\u00e0nics.\"}]}<\/script>\n<!-- \/ Yoast SEO Premium plugin. -->","yoast_head_json":{"title":"Frigg - Alta deessa dels Ansos, mare de Balder","description":"Frigg, alta deessa dels Ansos i mare de Balder. Do del dest\u00ed, maternitat, llar. Fonts a l'Edda, Saxo i les traces en els cultes germ\u00e0nics.","robots":{"index":"index","follow":"follow","max-snippet":"max-snippet:-1","max-image-preview":"max-image-preview:large","max-video-preview":"max-video-preview:-1"},"canonical":"https:\/\/iwell-guard.com\/ca\/frigg\/","og_locale":"ca_ES","og_type":"article","og_title":"Frigg","og_description":"Frigg, alta deessa dels Ansos i mare de Balder. Do del dest\u00ed, maternitat, llar. Fonts a l'Edda, Saxo i les traces en els cultes germ\u00e0nics.","og_url":"https:\/\/iwell-guard.com\/ca\/frigg\/","og_site_name":"iWell Guard","article_modified_time":"2026-09-05T16:01:23+00:00","og_image":[{"width":1024,"height":1536,"url":"https:\/\/iwell-guard.com\/wp-content\/uploads\/2026\/04\/goetter_germanisch_frigg.webp","type":"image\/webp"}],"twitter_card":"summary_large_image","schema":{"@context":"https:\/\/schema.org","@graph":[{"@type":"Article","@id":"https:\/\/iwell-guard.com\/ca\/frigg\/#article","isPartOf":{"@id":"https:\/\/iwell-guard.com\/ca\/frigg\/"},"author":{"name":"Ralf Ittermann","@id":"https:\/\/iwell-guard.com\/ca\/#\/schema\/person\/ee2a27f1cac3406c7c6fb5820cb7349f"},"headline":"Frigg","datePublished":"2026-09-05T15:40:30+00:00","dateModified":"2026-09-05T16:01:23+00:00","mainEntityOfPage":{"@id":"https:\/\/iwell-guard.com\/ca\/frigg\/"},"publisher":{"@id":"https:\/\/iwell-guard.com\/ca\/#organization"},"image":{"@id":"https:\/\/iwell-guard.com\/ca\/frigg\/#primaryimage"},"thumbnailUrl":"https:\/\/iwell-guard.com\/wp-content\/uploads\/2026\/04\/goetter_germanisch_frigg.webp","inLanguage":"ca","description":"Frigg, alta deessa dels Ansos i mare de Balder. Do del dest\u00ed, maternitat, llar. Fonts a l'Edda, Saxo i les traces en els cultes germ\u00e0nics."},{"@type":"WebPage","@id":"https:\/\/iwell-guard.com\/ca\/frigg\/","url":"https:\/\/iwell-guard.com\/ca\/frigg\/","name":"Frigg - Alta deessa dels Ansos, mare de Balder","isPartOf":{"@id":"https:\/\/iwell-guard.com\/ca\/#website"},"primaryImageOfPage":{"@id":"https:\/\/iwell-guard.com\/ca\/frigg\/#primaryimage"},"image":{"@id":"https:\/\/iwell-guard.com\/ca\/frigg\/#primaryimage"},"thumbnailUrl":"https:\/\/iwell-guard.com\/wp-content\/uploads\/2026\/04\/goetter_germanisch_frigg.webp","datePublished":"2026-09-05T15:40:30+00:00","dateModified":"2026-09-05T16:01:23+00:00","description":"Frigg, alta deessa dels Ansos i mare de Balder. Do del dest\u00ed, maternitat, llar. Fonts a l'Edda, Saxo i les traces en els cultes germ\u00e0nics.","breadcrumb":{"@id":"https:\/\/iwell-guard.com\/ca\/frigg\/#breadcrumb"},"inLanguage":"ca","potentialAction":[{"@type":"ReadAction","target":["https:\/\/iwell-guard.com\/ca\/frigg\/"]}]},{"@type":"ImageObject","inLanguage":"ca","@id":"https:\/\/iwell-guard.com\/ca\/frigg\/#primaryimage","url":"https:\/\/iwell-guard.com\/wp-content\/uploads\/2026\/04\/goetter_germanisch_frigg.webp","contentUrl":"https:\/\/iwell-guard.com\/wp-content\/uploads\/2026\/04\/goetter_germanisch_frigg.webp","width":1024,"height":1536,"caption":"D\u00e9us de la tradici\u00f3 germ\u00e0nica."},{"@type":"BreadcrumbList","@id":"https:\/\/iwell-guard.com\/ca\/frigg\/#breadcrumb","itemListElement":[{"@type":"ListItem","position":1,"name":"Start","item":"https:\/\/iwell-guard.com\/ca\/?page_id=171333"},{"@type":"ListItem","position":2,"name":"Frigg"}]},{"@type":"WebSite","@id":"https:\/\/iwell-guard.com\/ca\/#website","url":"https:\/\/iwell-guard.com\/ca\/","name":"iWell Guard","description":"Schutz vor dunklen Einfl\u00fcssen","publisher":{"@id":"https:\/\/iwell-guard.com\/ca\/#organization"},"potentialAction":[{"@type":"SearchAction","target":{"@type":"EntryPoint","urlTemplate":"https:\/\/iwell-guard.com\/ca\/?s={search_term_string}"},"query-input":{"@type":"PropertyValueSpecification","valueRequired":true,"valueName":"search_term_string"}}],"inLanguage":"ca"},{"@type":"Organization","@id":"https:\/\/iwell-guard.com\/ca\/#organization","name":"Ittermann electronic GmbH","url":"https:\/\/iwell-guard.com\/ca\/","logo":{"@type":"ImageObject","inLanguage":"ca","@id":"https:\/\/iwell-guard.com\/ca\/#\/schema\/logo\/image\/","url":"https:\/\/iwell-guard.com\/wp-content\/uploads\/2026\/05\/Ittermann-Logo-1182x237-1.png","contentUrl":"https:\/\/iwell-guard.com\/wp-content\/uploads\/2026\/05\/Ittermann-Logo-1182x237-1.png","width":1182,"height":237,"caption":"Ittermann electronic GmbH"},"image":{"@id":"https:\/\/iwell-guard.com\/ca\/#\/schema\/logo\/image\/"},"sameAs":["https:\/\/pantip.com\/profile\/9367242","https:\/\/micro.blog\/iwellguard","https:\/\/www.diggerslist.com\/iwellguard\/about","https:\/\/skitterphoto.com\/photographers\/2870314\/iwell-guard","https:\/\/iwellguard.wordpress.com\/2026\/06\/06\/iwell-guard\/","https:\/\/hub.docker.com\/u\/iwellguard","https:\/\/www.pinterest.com\/iwellguard\/","https:\/\/bit.ly\/m\/iwellguard","https:\/\/entre-vos-mains.alsace.eu\/profiles\/iwellguard\/activity","https:\/\/gravatar.com\/reallybeded8fd34","https:\/\/naijamatta.com\/iwellguard","https:\/\/www.goodreads.com\/iwellguard","https:\/\/profile.hatena.ne.jp\/iwellguard\/","https:\/\/experiment.com\/users\/iwellguard","https:\/\/wakelet.com\/@iWellGuard82270","https:\/\/www.chordie.com\/forum\/profile.php?id=2555664","https:\/\/www.instapaper.com\/p\/17757966","https:\/\/www.mapleprimes.com\/users\/iwellguard","https:\/\/businesslistingplus.com\/profile\/iwell-guard\/","https:\/\/telegra.ph\/iWell-Guard-06-06","https:\/\/pbase.com\/iwellguard\/iwellguard","https:\/\/b.hatena.ne.jp\/iwellguard\/20260607#bookmark-4788405196491818882","https:\/\/fliphtml5.com\/home\/iwellguard","https:\/\/anyflip.com\/homepage\/cmiwl#About","https:\/\/transfur.com\/Users\/iwellguard","http:\/\/delphi.larsbo.org\/user\/iwellguard","https:\/\/jobs.lajobsportal.org\/profiles\/8380803-iwell-guard","https:\/\/md.chaosdorf.de\/s\/jfbe5SBdJD","https:\/\/www.lingvolive.com\/en-us\/profile\/9ecaeaca-ce11-4e51-9e71-01d55e2bff36\/translations","https:\/\/www.fitday.com\/fitness\/forums\/members\/iwellguard.html","https:\/\/www.mymeetbook.com\/iwellguard","https:\/\/pxhere.com\/en\/photographer-me\/5040798","https:\/\/disqus.com\/by\/iwellguard\/about\/","https:\/\/pastelink.net\/hjwciqwq","https:\/\/pubhtml5.com\/homepage\/scjhn\/","https:\/\/www.bitchute.com\/channel\/2O2eOKzNqujT","https:\/\/audiomack.com\/iwellguard"]},{"@type":"Person","@id":"https:\/\/iwell-guard.com\/ca\/#\/schema\/person\/ee2a27f1cac3406c7c6fb5820cb7349f","name":"Ralf Ittermann","image":{"@type":"ImageObject","inLanguage":"ca","@id":"https:\/\/secure.gravatar.com\/avatar\/073c0153e350a5005b68eb752b445fea71f6b24a26da9449ad7e155e6b446c9d?s=96&d=mm&r=g","url":"https:\/\/secure.gravatar.com\/avatar\/073c0153e350a5005b68eb752b445fea71f6b24a26da9449ad7e155e6b446c9d?s=96&d=mm&r=g","contentUrl":"https:\/\/secure.gravatar.com\/avatar\/073c0153e350a5005b68eb752b445fea71f6b24a26da9449ad7e155e6b446c9d?s=96&d=mm&r=g","caption":"Ralf Ittermann"},"givenName":"Ralf","familyName":"Ittermann","jobTitle":"Gesch\u00e4ftsf\u00fchrer und redaktioneller Verantwortlicher","url":"https:\/\/iwell-guard.com\/ca\/author\/claude\/","description":"Ralf Ittermann ist Gesch\u00e4ftsf\u00fchrer der Ittermann electronic GmbH und redaktioneller Verantwortlicher des iWell-Guard-Lexikons. Er verbindet langj\u00e4hrige Erfahrung in der Pr\u00e4zisionsfertigung mit medialer Praxis und religionsgeschichtlicher Quellenarbeit.","worksFor":{"@type":"Organization","name":"Ittermann electronic GmbH","url":"https:\/\/ittermann.de\/","address":{"@type":"PostalAddress","streetAddress":"K\u00f6hlergasse 16-18","postalCode":"99842","addressLocality":"Ruhla","addressCountry":"DE"}},"knowsAbout":["Religionsgeschichte","Mythologie","Mediale Praxis","Energetische Diagnostik","Schutzpraxis","Volksglauben","Westliche Esoterik"]},{"@type":"Article","@id":"https:\/\/iwell-guard.com\/ca\/frigg\/#article","isPartOf":{"@id":"https:\/\/iwell-guard.com\/ca\/frigg\/"},"author":{"name":"Ralf Ittermann","@id":"https:\/\/iwell-guard.com\/ca\/#\/schema\/person\/ee2a27f1cac3406c7c6fb5820cb7349f"},"headline":"Frigg","datePublished":"2026-09-05T15:40:30+00:00","dateModified":"2026-09-05T16:01:23+00:00","mainEntityOfPage":{"@id":"https:\/\/iwell-guard.com\/ca\/frigg\/"},"publisher":{"@id":"https:\/\/iwell-guard.com\/ca\/#organization"},"image":{"@id":"https:\/\/iwell-guard.com\/ca\/frigg\/#primaryimage"},"thumbnailUrl":"https:\/\/iwell-guard.com\/wp-content\/uploads\/2026\/04\/goetter_germanisch_frigg.webp","inLanguage":"ca","description":"Frigg, alta deessa dels Ansos i mare de Balder. Do del dest\u00ed, maternitat, llar. Fonts a l'Edda, Saxo i les traces en els cultes germ\u00e0nics."}]}},"_links":{"self":[{"href":"https:\/\/iwell-guard.com\/ca\/wp-json\/wp\/v2\/pages\/171569","targetHints":{"allow":["GET"]}}],"collection":[{"href":"https:\/\/iwell-guard.com\/ca\/wp-json\/wp\/v2\/pages"}],"about":[{"href":"https:\/\/iwell-guard.com\/ca\/wp-json\/wp\/v2\/types\/page"}],"author":[{"embeddable":true,"href":"https:\/\/iwell-guard.com\/ca\/wp-json\/wp\/v2\/users\/3"}],"replies":[{"embeddable":true,"href":"https:\/\/iwell-guard.com\/ca\/wp-json\/wp\/v2\/comments?post=171569"}],"version-history":[{"count":0,"href":"https:\/\/iwell-guard.com\/ca\/wp-json\/wp\/v2\/pages\/171569\/revisions"}],"wp:featuredmedia":[{"embeddable":true,"href":"https:\/\/iwell-guard.com\/ca\/wp-json\/wp\/v2\/media\/1572"}],"wp:attachment":[{"href":"https:\/\/iwell-guard.com\/ca\/wp-json\/wp\/v2\/media?parent=171569"}],"wp:term":[{"taxonomy":"category","embeddable":true,"href":"https:\/\/iwell-guard.com\/ca\/wp-json\/wp\/v2\/categories?post=171569"}],"curies":[{"name":"wp","href":"https:\/\/api.w.org\/{rel}","templated":true}]}}