{"id":171567,"date":"2026-09-05T15:40:29","date_gmt":"2026-09-05T15:40:29","guid":{"rendered":"https:\/\/iwell-guard.com\/?page_id=171567"},"modified":"2026-09-05T16:01:18","modified_gmt":"2026-09-05T16:01:18","slug":"thor","status":"publish","type":"page","link":"https:\/\/iwell-guard.com\/ca\/thor\/","title":{"rendered":"Thor"},"content":{"rendered":"\t\t<div data-elementor-type=\"wp-page\" data-elementor-id=\"171567\" class=\"elementor elementor-171567 elementor-2095 elementor-bc-flex-widget\" data-elementor-post-type=\"page\">\n\t\t\t\t<div class=\"elementor-element elementor-element-10fdade e-flex e-con-boxed e-con e-parent\" data-id=\"10fdade\" data-element_type=\"container\" data-e-type=\"container\" data-settings=\"{&quot;background_background&quot;:&quot;classic&quot;}\">\n\t\t\t\t\t<div class=\"e-con-inner\">\n\t\t<div class=\"elementor-element elementor-element-herohlft0 e-flex e-con-boxed e-con e-child\" data-id=\"herohlft0\" data-element_type=\"container\" data-e-type=\"container\">\n\t\t\t\t\t<div class=\"e-con-inner\">\n\t\t<div class=\"elementor-element elementor-element-c3ceb64 e-con-full e-flex e-con e-child\" data-id=\"c3ceb64\" data-element_type=\"container\" data-e-type=\"container\">\n\t\t\t\t<div class=\"elementor-element elementor-element-96ae5e1 elementor-widget elementor-widget-heading\" data-id=\"96ae5e1\" data-element_type=\"widget\" data-e-type=\"widget\" data-widget_type=\"heading.default\">\n\t\t\t\t\t<h1 class=\"elementor-heading-title elementor-size-default\">Thor, d\u00e9u de la tradici\u00f3 germ\u00e0nica<\/h1>\t\t\t\t<\/div>\n\t\t\t\t<div class=\"elementor-element elementor-element-e45238a elementor-widget elementor-widget-text-editor\" data-id=\"e45238a\" data-element_type=\"widget\" data-e-type=\"widget\" data-widget_type=\"text-editor.default\">\n\t\t\t\t\t\t\t\t\t<p>Thor \u00e9s el d\u00e9u del tro, del llamp i de la protecci\u00f3 en la tradici\u00f3 germ\u00e0nica. Com a fill de Wotan i protector de la humanitat i dels d\u00e9us, representa la for\u00e7a, la valentia i l&#8217;ordre contra el caos.<\/p><p>Des del punt de vista de la ci\u00e8ncia de la religi\u00f3, Thor \u00e9s un exemple de la centralitat del d\u00e9u del temps en els panteons indoeuropeus i de la seva transformaci\u00f3 pol\u00edtica en divinitat protectora de pagesos i guerrers.<\/p>\t\t\t\t\t\t\t\t<\/div>\n\t\t\t\t<\/div>\n\t\t<div class=\"elementor-element elementor-element-klsbdg01 e-con-full e-flex e-con e-parent\" data-id=\"klsbdg01\" data-element_type=\"container\" data-e-type=\"container\">\n\t\t\t\t<div class=\"elementor-element elementor-element-klshtm01 elementor-widget elementor-widget-html\" data-id=\"klshtm01\" data-element_type=\"widget\" data-e-type=\"widget\" data-widget_type=\"html.default\">\n\t\t\t\t\t<div class=\"iwg-pill-row\"><span class=\"iwg-klasse-badge\" tabindex=\"0\" data-tooltip=\"D\u00e9u \/ Deessa: Poder suprem personificat en el pante\u00f3 d'una cultura, amb \u00e0mbits de compet\u00e8ncia clars: forces de la natura, dest\u00ed, guerra, fertilitat. Venerat mitjan\u00e7ant cultes, ofrenes i institucions de temple.\">D\u00e9u<\/span><a href=\"https:\/\/iwell-guard.com\/ca\/?page_id=171366\" class=\"iwg-kultur-badge\" tabindex=\"0\" data-tooltip=\"M\u00f3n precristi\u00e0 de d\u00e9us i esperits del nord i el centre d'Europa.\">Germ\u00e0nic<\/a><\/div>\t\t\t\t<\/div>\n\t\t\t\t<\/div>\n\t\t<div class=\"elementor-element elementor-element-3f74855 e-con-full e-flex e-con e-child\" data-id=\"3f74855\" data-element_type=\"container\" data-e-type=\"container\">\n\t\t\t\t<div class=\"elementor-element elementor-element-1c30362 elementor-toc--minimized-on-tablet elementor-widget elementor-widget-table-of-contents\" data-id=\"1c30362\" data-element_type=\"widget\" data-e-type=\"widget\" data-settings=\"{&quot;exclude_headings_by_selector&quot;:[],&quot;no_headings_message&quot;:&quot;No s&#039;ha trobat cap encap\\u00e7alament en aquesta p\\u00e0gina.&quot;,&quot;headings_by_tags&quot;:[&quot;h2&quot;,&quot;h3&quot;],&quot;marker_view&quot;:&quot;bullets&quot;,&quot;minimize_box&quot;:&quot;yes&quot;,&quot;icon&quot;:{&quot;value&quot;:&quot;fas fa-circle&quot;,&quot;library&quot;:&quot;fa-solid&quot;,&quot;rendered_tag&quot;:&quot;&lt;svg class=\\&quot;e-font-icon-svg e-fas-circle\\&quot; viewBox=\\&quot;0 0 512 512\\&quot; xmlns=\\&quot;http:\\\/\\\/www.w3.org\\\/2000\\\/svg\\&quot;&gt;&lt;path d=\\&quot;M256 8C119 8 8 119 8 256s111 248 248 248 248-111 248-248S393 8 256 8z\\&quot;&gt;&lt;\\\/path&gt;&lt;\\\/svg&gt;&quot;},&quot;minimized_on&quot;:&quot;tablet&quot;,&quot;hierarchical_view&quot;:&quot;yes&quot;,&quot;min_height&quot;:{&quot;unit&quot;:&quot;px&quot;,&quot;size&quot;:&quot;&quot;,&quot;sizes&quot;:[]},&quot;min_height_tablet&quot;:{&quot;unit&quot;:&quot;px&quot;,&quot;size&quot;:&quot;&quot;,&quot;sizes&quot;:[]},&quot;min_height_mobile&quot;:{&quot;unit&quot;:&quot;px&quot;,&quot;size&quot;:&quot;&quot;,&quot;sizes&quot;:[]}}\" data-widget_type=\"table-of-contents.default\">\n\t\t\t\t\t\t\t\t\t<div class=\"elementor-toc__header\">\n\t\t\t\t\t\t<h2 class=\"elementor-toc__header-title\">\n\t\t\t\t\u00cdndex\t\t\t<\/h2>\n\t\t\t\t\t\t\t\t\t\t<div class=\"elementor-toc__toggle-button elementor-toc__toggle-button--expand\" role=\"button\" tabindex=\"0\" aria-controls=\"elementor-toc__1c30362\" aria-expanded=\"true\" aria-label=\"Open table of contents\"><svg aria-hidden=\"true\" class=\"e-font-icon-svg e-fas-chevron-down\" viewBox=\"0 0 448 512\" xmlns=\"http:\/\/www.w3.org\/2000\/svg\"><path d=\"M207.029 381.476L12.686 187.132c-9.373-9.373-9.373-24.569 0-33.941l22.667-22.667c9.357-9.357 24.522-9.375 33.901-.04L224 284.505l154.745-154.021c9.379-9.335 24.544-9.317 33.901.04l22.667 22.667c9.373 9.373 9.373 24.569 0 33.941L240.971 381.476c-9.373 9.372-24.569 9.372-33.942 0z\"><\/path><\/svg><\/div>\n\t\t\t\t<div class=\"elementor-toc__toggle-button elementor-toc__toggle-button--collapse\" role=\"button\" tabindex=\"0\" aria-controls=\"elementor-toc__1c30362\" aria-expanded=\"true\" aria-label=\"Close table of contents\"><svg aria-hidden=\"true\" class=\"e-font-icon-svg e-fas-chevron-up\" viewBox=\"0 0 448 512\" xmlns=\"http:\/\/www.w3.org\/2000\/svg\"><path d=\"M240.971 130.524l194.343 194.343c9.373 9.373 9.373 24.569 0 33.941l-22.667 22.667c-9.357 9.357-24.522 9.375-33.901.04L224 227.495 69.255 381.516c-9.379 9.335-24.544 9.317-33.901-.04l-22.667-22.667c-9.373-9.373-9.373-24.569 0-33.941L207.03 130.525c9.372-9.373 24.568-9.373 33.941-.001z\"><\/path><\/svg><\/div>\n\t\t\t\t\t<\/div>\n\t\t\t\t<div id=\"elementor-toc__1c30362\" class=\"elementor-toc__body\">\n\t\t\t<div class=\"elementor-toc__spinner-container\">\n\t\t\t\t<svg class=\"elementor-toc__spinner eicon-animation-spin e-font-icon-svg e-eicon-loading\" aria-hidden=\"true\" viewBox=\"0 0 1000 1000\" xmlns=\"http:\/\/www.w3.org\/2000\/svg\"><path d=\"M500 975V858C696 858 858 696 858 500S696 142 500 142 142 304 142 500H25C25 237 238 25 500 25S975 237 975 500 763 975 500 975Z\"><\/path><\/svg>\t\t\t<\/div>\n\t\t<\/div>\n\t\t\t\t\t\t<\/div>\n\t\t\t\t<\/div>\n\t\t\t\t\t<\/div>\n\t\t\t\t<\/div>\n\t\t<div class=\"elementor-element elementor-element-herorght0 e-con-full e-flex e-con e-child\" data-id=\"herorght0\" data-element_type=\"container\" data-e-type=\"container\">\n\t\t\t\t<div class=\"elementor-element elementor-element-heroimg00 iwg-hero-image elementor-widget elementor-widget-image\" data-id=\"heroimg00\" data-element_type=\"widget\" data-e-type=\"widget\" data-widget_type=\"image.default\">\n\t\t\t\t\t\t\t\t\t\t\t\t\t\t\t<img fetchpriority=\"high\" decoding=\"async\" width=\"683\" height=\"1024\" src=\"https:\/\/iwell-guard.com\/wp-content\/uploads\/2026\/04\/goetter_germanisch_thor-683x1024.webp\" class=\"attachment-large size-large wp-image-1573\" alt=\"Thor\" srcset=\"https:\/\/iwell-guard.com\/wp-content\/uploads\/2026\/04\/goetter_germanisch_thor-683x1024.webp 683w, https:\/\/iwell-guard.com\/wp-content\/uploads\/2026\/04\/goetter_germanisch_thor-200x300.webp 200w, https:\/\/iwell-guard.com\/wp-content\/uploads\/2026\/04\/goetter_germanisch_thor-768x1152.webp 768w, https:\/\/iwell-guard.com\/wp-content\/uploads\/2026\/04\/goetter_germanisch_thor.webp 1024w\" sizes=\"(max-width: 683px) 100vw, 683px\" \/>\t\t\t\t\t\t\t\t\t\t\t\t\t\t\t<\/div>\n\t\t\t\t<\/div>\n\t\t\t\t\t<\/div>\n\t\t\t\t<\/div>\n\t\t<div class=\"elementor-element elementor-element-32917199 e-flex e-con-boxed e-con e-parent\" data-id=\"32917199\" data-element_type=\"container\" data-e-type=\"container\">\n\t\t\t\t\t<div class=\"e-con-inner\">\n\t\t<div class=\"elementor-element elementor-element-26e916cb e-flex e-con-boxed e-con e-child\" data-id=\"26e916cb\" data-element_type=\"container\" data-e-type=\"container\">\n\t\t\t\t\t<div class=\"e-con-inner\">\n\t\t<div class=\"elementor-element elementor-element-253a40d4 e-flex e-con-boxed e-con e-child\" data-id=\"253a40d4\" data-element_type=\"container\" data-e-type=\"container\">\n\t\t\t\t\t<div class=\"e-con-inner\">\n\t\t\t\t<div class=\"elementor-element elementor-element-1200c304 elementor-widget elementor-widget-heading\" data-id=\"1200c304\" data-element_type=\"widget\" data-e-type=\"widget\" data-widget_type=\"heading.default\">\n\t\t\t\t\t<h2 class=\"elementor-heading-title elementor-size-default\">Thor<\/h2>\t\t\t\t<\/div>\n\t\t\t\t<div class=\"elementor-element elementor-element-11758e7f elementor-widget elementor-widget-text-editor\" data-id=\"11758e7f\" data-element_type=\"widget\" data-e-type=\"widget\" data-widget_type=\"text-editor.default\">\n\t\t\t\t\t\t\t\t\t<p>Thor encarna la for\u00e7a, la c\u00f2lera, el tro i la protecci\u00f3 de Midgard. Els seus trets centrals s\u00f3n la for\u00e7a, la resist\u00e8ncia, la lleialtat i una natura directa i honesta. En el <span class=\"iwg-fachbegriff\" data-tooltip=\"Un relat transm\u00e8s sobre d\u00e9us, or\u00edgens i l'ordre del m\u00f3n.\" tabindex=\"0\">mite<\/span>, Thor lluita contra gegants, viatja pel cel en un carro tirat per cabres i porta el martell Mj\u00f6lnir.<\/p><p>Les seves aventures ocupen bona part de la Prosa Edda i l&#8217;Edda Po\u00e8tica. Els mites centrals s\u00f3n la pesca de Thor amb la serp Midgard, el rapte del martell i la lluita contra el rei gegant Thrym.<\/p>\t\t\t\t\t\t\t\t<\/div>\n\t\t\t\t\t<\/div>\n\t\t\t\t<\/div>\n\t\t<div class=\"elementor-element elementor-element-159dcf9a e-flex e-con-boxed e-con e-child\" data-id=\"159dcf9a\" data-element_type=\"container\" data-e-type=\"container\">\n\t\t\t\t\t<div class=\"e-con-inner\">\n\t\t\t\t<div class=\"elementor-element elementor-element-48cee66f elementor-widget elementor-widget-heading\" data-id=\"48cee66f\" data-element_type=\"widget\" data-e-type=\"widget\" data-widget_type=\"heading.default\">\n\t\t\t\t\t<div class=\"elementor-heading-title elementor-size-default\">Resum: Thor<\/div>\t\t\t\t<\/div>\n\t\t\t\t<div class=\"elementor-element elementor-element-3f50d82c elementor-widget elementor-widget-text-editor\" data-id=\"3f50d82c\" data-element_type=\"widget\" data-e-type=\"widget\" data-widget_type=\"text-editor.default\">\n\t\t\t\t\t\t\t\t\t<p>Les fonts s\u00f3n la Prosa Edda de <span class=\"iwg-fachbegriff\" tabindex=\"0\" data-tooltip=\"Erudit island\u00e8s (1179\u20131241); autor de la Prosa Edda i la Heimskringla.\">Snorri Sturluson<\/span>, l&#8217;Edda Po\u00e8tica (especialment el Thrymskvida i el H\u00e0rbardslj\u00f3d), la Germania de T\u00e0cit, troballes arqueol\u00f2giques (amulets de Thor, pedres r\u00faniques) i topon\u00edmia n\u00f2rdica. Com a fonts secund\u00e0ries: Rudolf Simek (Lexikon der germanischen <span class=\"iwg-fachbegriff\" data-tooltip=\"El conjunt de relats m\u00edtics transmesos d'una cultura sobre els d\u00e9us.\" tabindex=\"0\">Mythologie<\/span>), Jan de Vries (Altgermanische Religionsgeschichte), Georges Dum\u00e9zil i Kurt N\u00e4sstr\u00f6m. La veneraci\u00f3 de Thor estava estesa a Escandin\u00e0via, el nord i el centre d&#8217;Europa, i encara avui es documenta en el nom del dijous.<\/p>\t\t\t\t\t\t\t\t<\/div>\n\t\t\t\t\t<\/div>\n\t\t\t\t<\/div>\n\t\t\t\t\t<\/div>\n\t\t\t\t<\/div>\n\t\t\t\t\t<\/div>\n\t\t\t\t<\/div>\n\t\t<div class=\"elementor-element elementor-element-18613602 e-flex e-con-boxed e-con e-parent\" data-id=\"18613602\" data-element_type=\"container\" data-e-type=\"container\">\n\t\t\t\t\t<div class=\"e-con-inner\">\n\t\t\t\t<div class=\"elementor-element elementor-element-262b8a9f elementor-widget elementor-widget-heading\" data-id=\"262b8a9f\" data-element_type=\"widget\" data-e-type=\"widget\" data-widget_type=\"heading.default\">\n\t\t\t\t\t<h2 class=\"elementor-heading-title elementor-size-default\">Context<\/h2>\t\t\t\t<\/div>\n\t\t<div class=\"elementor-element elementor-element-46dcb7d e-con-full e-flex e-con e-child\" data-id=\"46dcb7d\" data-element_type=\"container\" data-e-type=\"container\">\n\t\t<div class=\"elementor-element elementor-element-61d3ab3 e-flex e-con-boxed e-con e-child\" data-id=\"61d3ab3\" data-element_type=\"container\" data-e-type=\"container\">\n\t\t\t\t\t<div class=\"e-con-inner\">\n\t\t\t\t<div class=\"elementor-element elementor-element-117c166 elementor-widget elementor-widget-heading\" data-id=\"117c166\" data-element_type=\"widget\" data-e-type=\"widget\" data-widget_type=\"heading.default\">\n\t\t\t\t\t<div class=\"elementor-heading-title elementor-size-default\">Per\u00edode dels textos<\/div>\t\t\t\t<\/div>\n\t\t\t\t<div class=\"elementor-element elementor-element-73997a0 elementor-widget elementor-widget-text-editor\" data-id=\"73997a0\" data-element_type=\"widget\" data-e-type=\"widget\" data-widget_type=\"text-editor.default\">\n\t\t\t\t\t\t\t\t\t<p>Thor \u00e9s documentable des dels testimonis d&#8217;\u00e8poca romana sobre Donar fins als manuscrits islandesos de l&#8217;Edda del segle XIII, \u00e9s a dir, durant m\u00e9s d&#8217;un mil\u00b7lenni. El seu nom perviu en el dia de la setmana dijous, i encara avui es porten penjolls amb el martell de Thor, sovint com a expressi\u00f3 d&#8217;identitat n\u00f2rdica o dins del paganisme modern, per\u00f2 la relaci\u00f3 amb l&#8217;antic d\u00e9u del tro hi continua present.<\/p>\t\t\t\t\t\t\t\t<\/div>\n\t\t\t\t\t<\/div>\n\t\t\t\t<\/div>\n\t\t<div class=\"elementor-element elementor-element-d47b156 e-flex e-con-boxed e-con e-child\" data-id=\"d47b156\" data-element_type=\"container\" data-e-type=\"container\">\n\t\t\t\t\t<div class=\"e-con-inner\">\n\t\t\t\t<div class=\"elementor-element elementor-element-ff38c2b elementor-widget elementor-widget-heading\" data-id=\"ff38c2b\" data-element_type=\"widget\" data-e-type=\"widget\" data-widget_type=\"heading.default\">\n\t\t\t\t\t<div class=\"elementor-heading-title elementor-size-default\">\u00c0rea de difusi\u00f3<\/div>\t\t\t\t<\/div>\n\t\t\t\t<div class=\"elementor-element elementor-element-4e49fcc elementor-widget elementor-widget-text-editor\" data-id=\"4e49fcc\" data-element_type=\"widget\" data-e-type=\"widget\" data-widget_type=\"text-editor.default\">\n\t\t\t\t\t\t\t\t\t<p>Thor no es limitava a una regi\u00f3 o localitzaci\u00f3 determinada, sin\u00f3 que era conegut i venerat, o respectuosament temut, de manera universal a tot el m\u00f3n germ\u00e0nic. Tant en grans centres urbans com en zones rurals perif\u00e8riques, tant entre l&#8217;elit social com entre la gent senzilla, la seva import\u00e0ncia espiritual o cultural era reconeguda de manera constant i universal.<\/p><p>Topon\u00edmia com Thorshavn, innombrables noms de persona amb l&#8217;element Thor i la freq\u00fc\u00e8ncia dels amulets amb forma de martell mostren que el d\u00e9u del tro estava arrelat en la vida quotidiana d&#8217;amplis sectors de la poblaci\u00f3, des del pag\u00e8s fins al navegant. Amb els viatges dels v\u00edkings, el seu culte va arribar a Isl\u00e0ndia, Anglaterra, Irlanda i la Rus, mantenint-se la representaci\u00f3 i la invocaci\u00f3 for\u00e7a uniformes en aquests territoris de colonitzaci\u00f3.<\/p>\t\t\t\t\t\t\t\t<\/div>\n\t\t\t\t\t<\/div>\n\t\t\t\t<\/div>\n\t\t\t\t<\/div>\n\t\t<div class=\"elementor-element elementor-element-db03c39 e-con-full e-flex e-con e-child\" data-id=\"db03c39\" data-element_type=\"container\" data-e-type=\"container\">\n\t\t<div class=\"elementor-element elementor-element-229a87b e-flex e-con-boxed e-con e-child\" data-id=\"229a87b\" data-element_type=\"container\" data-e-type=\"container\">\n\t\t\t\t\t<div class=\"e-con-inner\">\n\t\t\t\t<div class=\"elementor-element elementor-element-1f471fc elementor-widget elementor-widget-heading\" data-id=\"1f471fc\" data-element_type=\"widget\" data-e-type=\"widget\" data-widget_type=\"heading.default\">\n\t\t\t\t\t<div class=\"elementor-heading-title elementor-size-default\">Estat de les fonts<\/div>\t\t\t\t<\/div>\n\t\t\t\t<div class=\"elementor-element elementor-element-36b1201 elementor-widget elementor-widget-text-editor\" data-id=\"36b1201\" data-element_type=\"widget\" data-e-type=\"widget\" data-widget_type=\"text-editor.default\">\n\t\t\t\t\t\t\t\t\t<p>Fonts prim\u00e0ries: la Prosa Edda de <span class=\"iwg-fachbegriff\" tabindex=\"0\" data-tooltip=\"Erudit island\u00e8s (1179\u20131241); autor de la Prosa Edda i la Heimskringla.\">Snorri Sturluson<\/span> (especialment el Gylfaginning i el Sk\u00e1ldskaparm\u00e1l), l&#8217;Edda Po\u00e8tica (Thrymskvida, H\u00e0rbardslj\u00f3d, Hymiskvi\u00f0a), la Germania de T\u00e0cit (cap\u00edtol 9: menci\u00f3 del culte a Donar), inscripcions de finals de l&#8217;\u00e8poca romana a Germ\u00e0nia (IOM = Iovi Optimo Maximo, sovint <span class=\"iwg-fachbegriff\" data-tooltip=\"Fusi\u00f3 d'idees o divinitats provinents de diferents tradicions religioses.\" tabindex=\"0\">sincretisme<\/span> amb Thor) i inscripcions r\u00faniques.<\/p><p>Per\u00edode: del segle I aC al segle XIII dC. Investigadors: Rudolf Simek, Jan de Vries, Folke Str\u00f6m, Kurt N\u00e4sstr\u00f6m, Jens Peter Schj\u00f8dt. Troballes arqueol\u00f2giques: amulets de Mj\u00f6lnir, restes d&#8217;ofrenes, <span class=\"iwg-fachbegriff\" data-tooltip=\"Un edifici destinat a la veneraci\u00f3 d'una o m\u00e9s divinitats.\" tabindex=\"0\">temples<\/span> a Uppsala i Lade.<\/p>\t\t\t\t\t\t\t\t<\/div>\n\t\t\t\t\t<\/div>\n\t\t\t\t<\/div>\n\t\t\t\t<\/div>\n\t\t\t\t\t<\/div>\n\t\t\t\t<\/div>\n\t\t<div class=\"elementor-element elementor-element-3ae0637c e-flex e-con-boxed e-con e-parent\" data-id=\"3ae0637c\" data-element_type=\"container\" data-e-type=\"container\">\n\t\t\t\t\t<div class=\"e-con-inner\">\n\t\t\t\t<div class=\"elementor-element elementor-element-31d07739 elementor-widget elementor-widget-heading\" data-id=\"31d07739\" data-element_type=\"widget\" data-e-type=\"widget\" data-widget_type=\"heading.default\">\n\t\t\t\t\t<h2 class=\"elementor-heading-title elementor-size-default\">Denominaci\u00f3 i grafies<\/h2>\t\t\t\t<\/div>\n\t\t<div class=\"elementor-element elementor-element-b7642947 e-con-full e-flex e-con e-child\" data-id=\"b7642947\" data-element_type=\"container\" data-e-type=\"container\">\n\t\t\t\t<div class=\"elementor-element elementor-element-a086266 elementor-widget elementor-widget-text-editor\" data-id=\"a086266\" data-element_type=\"widget\" data-e-type=\"widget\" data-widget_type=\"text-editor.default\">\n\t\t\t\t\t\t\t\t\t<p>Thor \u00e9s representat en les diverses fonts i tradicions art\u00edstiques amb determinats elements iconogr\u00e0fics recurrents, que romanen relativament constants al llarg de d\u00e8cades i en diferents espais geogr\u00e0fics. Aquests elements no s\u00f3n purament decoratius o triats a l&#8217;atzar, sin\u00f3 que estan profundament codificats simb\u00f2licament i tenen un gran significat.<\/p><p>Els atributs de Thor formen un sistema de signes llegible: el martell Mj\u00f6lnir representa el seu poder sobre el llamp i el tro i la protecci\u00f3 dels d\u00e9us i dels humans, el cinyell de for\u00e7a Megingj\u00f6r\u00f0 i els guants de ferro remeten a la seva for\u00e7a f\u00edsica, i el carro tirat per dos boccs a les seves travesses pels mons. Qui coneixia l&#8217;Edda i la tradici\u00f3 iconogr\u00e0fica n\u00f2rdica reconeixia de seguida en aquests trets la compet\u00e8ncia i el rang del d\u00e9u del tro: el domini del temps atmosf\u00e8ric, la defensa contra els gegants i, finalment, la lluita contra la serp Midgard. Cada detall, des de la barba roja fins a l&#8217;arma, estava fixat i es transmetia aix\u00ed.<\/p>\t\t\t\t\t\t\t\t<\/div>\n\t\t\t\t<\/div>\n\t\t\t\t\t<\/div>\n\t\t\t\t<\/div>\n\t\t<div class=\"elementor-element elementor-element-709a44a8 e-flex e-con-boxed e-con e-parent\" data-id=\"709a44a8\" data-element_type=\"container\" data-e-type=\"container\">\n\t\t\t\t\t<div class=\"e-con-inner\">\n\t\t\t\t<div class=\"elementor-element elementor-element-2f585873 elementor-widget elementor-widget-heading\" data-id=\"2f585873\" data-element_type=\"widget\" data-e-type=\"widget\" data-widget_type=\"heading.default\">\n\t\t\t\t\t<h2 class=\"elementor-heading-title elementor-size-default\">Caracter\u00edstiques<\/h2>\t\t\t\t<\/div>\n\t\t<div class=\"elementor-element elementor-element-70621c12 e-con-full e-flex e-con e-child\" data-id=\"70621c12\" data-element_type=\"container\" data-e-type=\"container\">\n\t\t\t\t<div class=\"elementor-element elementor-element-4296eb49 elementor-widget elementor-widget-text-editor\" data-id=\"4296eb49\" data-element_type=\"widget\" data-e-type=\"widget\" data-widget_type=\"text-editor.default\">\n\t\t\t\t\t\t\t\t\t<p>Thor va ser central en la pr\u00e0ctica religiosa, en els rituals quotidians i en la comprensi\u00f3 di\u00e0ria dels germ\u00e0nics. La gent s&#8217;adre\u00e7ava a aquesta divinitat en situacions vitals cr\u00edtiques o determinades, o en \u00e8poques rituals concretes de l&#8217;any, amb rituals estructurats i sovint elaborats, preg\u00e0ries o ofrenes.<\/p><p>La veneraci\u00f3 de Thor seguia formes fixes: els sacrificis, anomenats bl\u00f3t, tenien lloc en ocasions determinades i eren dirigits per godis, \u00e9s a dir, persones que en la societat n\u00f2rdica exercien alhora funcions sacerdotals i jur\u00eddiques. Tamb\u00e9 la benedicci\u00f3 amb el senyal del martell en casaments i consagracions no era un costum espontani, sin\u00f3 una pr\u00e0ctica transmesa.<\/p><p>El fet que els amulets amb forma de martell de Thor es portessin i es dipositessin en tombes al llarg de tota l&#8217;\u00e8poca v\u00edquinga demostra fins a quin punt s&#8217;esperava una ajuda concreta del d\u00e9u del tro. La invocaci\u00f3 de Thor tenia diverses finalitats: allunyar la desgr\u00e0cia del mas i de la navegaci\u00f3, acompanyar consagracions i casaments com a acte de benedicci\u00f3, i el senyal del martell marcava transicions com el matrimoni o l&#8217;enterrament.<\/p>\t\t\t\t\t\t\t\t<\/div>\n\t\t\t\t<\/div>\n\t\t\t\t\t<\/div>\n\t\t\t\t<\/div>\n\t\t<div class=\"elementor-element elementor-element-44e71476 e-flex e-con-boxed e-con e-parent\" data-id=\"44e71476\" data-element_type=\"container\" data-e-type=\"container\">\n\t\t\t\t\t<div class=\"e-con-inner\">\n\t\t\t\t<div class=\"elementor-element elementor-element-3c1fc3f0 elementor-widget elementor-widget-heading\" data-id=\"3c1fc3f0\" data-element_type=\"widget\" data-e-type=\"widget\" data-widget_type=\"heading.default\">\n\t\t\t\t\t<h2 class=\"elementor-heading-title elementor-size-default\">Fitxa: Thor<\/h2>\t\t\t\t<\/div>\n\t\t<div class=\"elementor-element elementor-element-84f33b8e e-con-full e-flex e-con e-child\" data-id=\"84f33b8e\" data-element_type=\"container\" data-e-type=\"container\">\n\t\t\t\t<div class=\"elementor-element elementor-element-hqkdc67p elementor-widget elementor-widget-text-editor\" data-id=\"hqkdc67p\" data-element_type=\"widget\" data-e-type=\"widget\" data-widget_type=\"text-editor.default\">\n\t\t\t\t\t\t\t\t\t<p>La fitxa descriptiva explica la naturalesa de Thor a trav\u00e9s de sis dimensions: el seu origen m\u00edtic i geneal\u00f2gic, la pr\u00e0ctica de veneraci\u00f3 entre guerrers i pagesos, la seva iconografia caracter\u00edstica com a d\u00e9u de la for\u00e7a amb martell, el significat de la <span class=\"iwg-fachbegriff\" data-tooltip=\"L'acte de dirigir-se a una divinitat o poder, sigui per s\u00faplica o invocaci\u00f3.\" tabindex=\"0\">invocaci\u00f3<\/span> i la protecci\u00f3 divina, figures comparables en altres cultures indoeuropees i ve\u00efnes, i una s\u00edntesi final del seu paper en la lluita c\u00f2smica contra el caos.<\/p>\t\t\t\t\t\t\t\t<\/div>\n\t\t\t\t<\/div>\n\t\t<div class=\"elementor-element elementor-element-pemmx7c5 e-con-full e-flex e-con e-child\" data-id=\"pemmx7c5\" data-element_type=\"container\" data-e-type=\"container\">\n\t\t<div class=\"elementor-element elementor-element-pemmx7c1 e-con-full e-flex e-con e-child\" data-id=\"pemmx7c1\" data-element_type=\"container\" data-e-type=\"container\">\n\t\t<div class=\"elementor-element elementor-element-qh9oavvu iwg-steckbrief-card e-flex e-con-boxed e-con e-child\" data-id=\"qh9oavvu\" data-element_type=\"container\" data-e-type=\"container\">\n\t\t\t\t\t<div class=\"e-con-inner\">\n\t\t\t\t<div class=\"elementor-element elementor-element-awzx8k2k elementor-widget elementor-widget-heading\" data-id=\"awzx8k2k\" data-element_type=\"widget\" data-e-type=\"widget\" data-widget_type=\"heading.default\">\n\t\t\t\t\t<div class=\"elementor-heading-title elementor-size-default\">L'origen de Thor<\/div>\t\t\t\t<\/div>\n\t\t\t\t<div class=\"elementor-element elementor-element-x6rowhv0 elementor-widget elementor-widget-text-editor\" data-id=\"x6rowhv0\" data-element_type=\"widget\" data-e-type=\"widget\" data-widget_type=\"text-editor.default\">\n\t\t\t\t\t\t\t\t\t<p>Thor deriva dels d\u00e9us indoeuropeus del tro i del temps atmosf\u00e8ric (Indra, Zeus, Iuppiter). En la <span class=\"iwg-fachbegriff\" data-tooltip=\"El conjunt de relats m\u00edtics transmesos sobre els d\u00e9us d'una cultura.\" tabindex=\"0\">mitologia<\/span> germ\u00e0nica, la seva dataci\u00f3 es remunta a la primera <span class=\"iwg-fachbegriff\" data-tooltip=\"\u00c8poca prehist\u00f2rica posterior a l'edat del bronze, caracteritzada pel treball del ferro.\" tabindex=\"0\">edat del ferro<\/span> precristiana (aproximadament del 500 aC al 1000 dC).<\/p><p>T\u00e0cit esmenta el seu <span class=\"iwg-fachbegriff\" data-tooltip=\"El conjunt de pr\u00e0ctiques religioses de veneraci\u00f3 cap a una divinitat o figura sagrada.\" tabindex=\"0\">culte<\/span> sota el nom de Donar entre els cats i els b\u00e0taus. Les fonts escandinaves (l&#8217;Edda) es van redactar cap al 1200 dC, per\u00f2 conserven tradicions orals m\u00e9s antigues. La tr\u00edada divina formada per Wodan, Donar\/Thor i Tiwaz estava molt estesa a la Germ\u00e0nia.<\/p>\t\t\t\t\t\t\t\t<\/div>\n\t\t\t\t\t<\/div>\n\t\t\t\t<\/div>\n\t\t<div class=\"elementor-element elementor-element-8e3o4kxs iwg-steckbrief-card e-flex e-con-boxed e-con e-child\" data-id=\"8e3o4kxs\" data-element_type=\"container\" data-e-type=\"container\">\n\t\t\t\t\t<div class=\"e-con-inner\">\n\t\t\t\t<div class=\"elementor-element elementor-element-08rkdgov elementor-widget elementor-widget-heading\" data-id=\"08rkdgov\" data-element_type=\"widget\" data-e-type=\"widget\" data-widget_type=\"heading.default\">\n\t\t\t\t\t<div class=\"elementor-heading-title elementor-size-default\">Destinataris<\/div>\t\t\t\t<\/div>\n\t\t\t\t<div class=\"elementor-element elementor-element-uwjelx8s elementor-widget elementor-widget-text-editor\" data-id=\"uwjelx8s\" data-element_type=\"widget\" data-e-type=\"widget\" data-widget_type=\"text-editor.default\">\n\t\t\t\t\t\t\t\t\t<p>Thor era invocat pels guerrers abans de les batalles, pels pagesos durant la collita, pels navegants i pels artesans. A Escandin\u00e0via, en particular, la veneraci\u00f3 de Thor era democr\u00e0tica: tant reis com pagesos lliures li oferien sacrificis.<\/p><p>El dijous (Thorsdag) era el seu dia sagrat. Els guerrers portaven amulets amb <span class=\"iwg-fachbegriff\" data-tooltip=\"Signes d'escriptura dels pobles germ\u00e0nics, utilitzats tamb\u00e9 en f\u00f3rmules de protecci\u00f3 i invocaci\u00f3.\" tabindex=\"0\">runes<\/span> amb el Mj\u00f6lnir. A Isl\u00e0ndia, el jurament davant l&#8217;<span class=\"iwg-fachbegriff\" data-tooltip=\"Lloc elevat o taula destinada als sacrificis i actes religiosos.\" tabindex=\"0\">altar<\/span> de Thor era m\u00e9s vinculant que davant d&#8217;altres d\u00e9us. Els berserkr (guerrers embogits en combat) el veneraven com el d\u00e9u del jurament guerrer.<\/p>\t\t\t\t\t\t\t\t<\/div>\n\t\t\t\t\t<\/div>\n\t\t\t\t<\/div>\n\t\t<div class=\"elementor-element elementor-element-jm2n74ec iwg-steckbrief-card e-flex e-con-boxed e-con e-child\" data-id=\"jm2n74ec\" data-element_type=\"container\" data-e-type=\"container\">\n\t\t\t\t\t<div class=\"e-con-inner\">\n\t\t\t\t<div class=\"elementor-element elementor-element-8vufse4c elementor-widget elementor-widget-heading\" data-id=\"8vufse4c\" data-element_type=\"widget\" data-e-type=\"widget\" data-widget_type=\"heading.default\">\n\t\t\t\t\t<div class=\"elementor-heading-title elementor-size-default\">L'aparen\u00e7a de Thor<\/div>\t\t\t\t<\/div>\n\t\t\t\t<div class=\"elementor-element elementor-element-mwb9u015 elementor-widget elementor-widget-text-editor\" data-id=\"mwb9u015\" data-element_type=\"widget\" data-e-type=\"widget\" data-widget_type=\"text-editor.default\">\n\t\t\t\t\t\t\t\t\t<p>Thor es representava com un home gran i barbut, amb cabell i barba vermells, muscul\u00f3s i fort. Els seus atributs centrals s\u00f3n el martell Mj\u00f6lnir (<span class=\"iwg-fachbegriff\" data-tooltip=\"Un signe que representa una idea o significat.\" tabindex=\"0\">s\u00edmbol<\/span> del llampec i de la for\u00e7a), el seu cinyell Megingj\u00f6rdr (el cinyell de la for\u00e7a) i els seus guants de ferro.<\/p><p>En les runes es representava mitjan\u00e7ant el signe del martell de Thor. Les troballes arqueol\u00f2giques mostren amulets de Mj\u00f6lnir fets de plata i bronze. En la iconografia, cavalca el carro tirat per cabres a trav\u00e9s del cel, generant el tro.<\/p>\t\t\t\t\t\t\t\t<\/div>\n\t\t\t\t\t<\/div>\n\t\t\t\t<\/div>\n\t\t\t\t<\/div>\n\t\t<div class=\"elementor-element elementor-element-pemmx7c2 e-con-full e-flex e-con e-child\" data-id=\"pemmx7c2\" data-element_type=\"container\" data-e-type=\"container\">\n\t\t<div class=\"elementor-element elementor-element-37ss2yr6 iwg-steckbrief-card e-flex e-con-boxed e-con e-child\" data-id=\"37ss2yr6\" data-element_type=\"container\" data-e-type=\"container\">\n\t\t\t\t\t<div class=\"e-con-inner\">\n\t\t\t\t<div class=\"elementor-element elementor-element-3v0wp3wx elementor-widget elementor-widget-heading\" data-id=\"3v0wp3wx\" data-element_type=\"widget\" data-e-type=\"widget\" data-widget_type=\"heading.default\">\n\t\t\t\t\t<div class=\"elementor-heading-title elementor-size-default\">Activitat<\/div>\t\t\t\t<\/div>\n\t\t\t\t<div class=\"elementor-element elementor-element-w3247g2m elementor-widget elementor-widget-text-editor\" data-id=\"w3247g2m\" data-element_type=\"widget\" data-e-type=\"widget\" data-widget_type=\"text-editor.default\">\n\t\t\t\t\t\t\t\t\t<p>A Thor se li atribu\u00efa el poder de llan\u00e7ar llamps, portar la pluja i esclafar els enemics. La seva for\u00e7a era extraordin\u00e0ria: podia matar gegants i fins i tot ferir la serp de Midgard (encara que no matar-la, ja que aquesta sobreviu fins al Ragnar\u00f6k).<\/p><p>Amb el seu martell Mj\u00f6lnir, Thor podia protegir-se ell mateix i allunyar els seus enemics. La seva <span class=\"iwg-fachbegriff\" data-tooltip=\"Concessi\u00f3 de benestar i protecci\u00f3, sovint expressada amb una f\u00f3rmula fixa.\" tabindex=\"0\">benedicci\u00f3<\/span> feia les collites abundants i les guerres victorioses. Les maledicions contra Thor es consideraven especialment greus i requerien mesures contundents.<\/p>\t\t\t\t\t\t\t\t<\/div>\n\t\t\t\t\t<\/div>\n\t\t\t\t<\/div>\n\t\t<div class=\"elementor-element elementor-element-0qpjal9w iwg-steckbrief-card e-flex e-con-boxed e-con e-child\" data-id=\"0qpjal9w\" data-element_type=\"container\" data-e-type=\"container\">\n\t\t\t\t\t<div class=\"e-con-inner\">\n\t\t\t\t<div class=\"elementor-element elementor-element-6ndoih0o elementor-widget elementor-widget-heading\" data-id=\"6ndoih0o\" data-element_type=\"widget\" data-e-type=\"widget\" data-widget_type=\"heading.default\">\n\t\t\t\t\t<div class=\"elementor-heading-title elementor-size-default\">Protecci\u00f3<\/div>\t\t\t\t<\/div>\n\t\t\t\t<div class=\"elementor-element elementor-element-6684tyh9 elementor-widget elementor-widget-text-editor\" data-id=\"6684tyh9\" data-element_type=\"widget\" data-e-type=\"widget\" data-widget_type=\"text-editor.default\">\n\t\t\t\t\t\t\t\t\t<p>Thor era objecte d&#8217;<span class=\"iwg-fachbegriff\" data-tooltip=\"L'acte de dirigir-se a una divinitat o poder, sigui per s\u00faplica o invocaci\u00f3.\" tabindex=\"0\">invocaci\u00f3<\/span> i de veneraci\u00f3 reverencial, alhora com a protector i com a for\u00e7a temuda. Els <span class=\"iwg-fachbegriff\" data-tooltip=\"Ofrena a una divinitat per expressar gratitud, s\u00faplica o veneraci\u00f3.\" tabindex=\"0\">sacrificis<\/span> eren de bous, ovelles, cavalls i pa. Abans de les batalles, els guerrers juraven davant l&#8217;<span class=\"iwg-fachbegriff\" data-tooltip=\"Lloc elevat o taula destinada als sacrificis i actes religiosos.\" tabindex=\"0\">altar<\/span> de Thor. A les cases es penjaven amulets de Mj\u00f6lnir per allunyar les forces malignes.<\/p><p>Durant les tempestes, es resava a Thor demanant protecci\u00f3 contra els llamps. Els pagans, en el proc\u00e9s de cristianitzaci\u00f3 d&#8217;Escandin\u00e0via, van mantenir la veneraci\u00f3 a Thor perqu\u00e8 era m\u00e9s directa i tangible que la religi\u00f3 m\u00e9s abstracta de Wodan.<\/p>\t\t\t\t\t\t\t\t<\/div>\n\t\t\t\t\t<\/div>\n\t\t\t\t<\/div>\n\t\t<div class=\"elementor-element elementor-element-3lfi7x32 iwg-steckbrief-card e-flex e-con-boxed e-con e-child\" data-id=\"3lfi7x32\" data-element_type=\"container\" data-e-type=\"container\">\n\t\t\t\t\t<div class=\"e-con-inner\">\n\t\t\t\t<div class=\"elementor-element elementor-element-0kg99ga1 elementor-widget elementor-widget-heading\" data-id=\"0kg99ga1\" data-element_type=\"widget\" data-e-type=\"widget\" data-widget_type=\"heading.default\">\n\t\t\t\t\t<div class=\"elementor-heading-title elementor-size-default\">\u00c9ssers relacionats<\/div>\t\t\t\t<\/div>\n\t\t\t\t<div class=\"elementor-element elementor-element-n0fum6kp elementor-widget elementor-widget-text-editor\" data-id=\"n0fum6kp\" data-element_type=\"widget\" data-e-type=\"widget\" data-widget_type=\"text-editor.default\">\n\t\t\t\t\t\t\t\t\t<p>Zeus\/Iuppiter s\u00f3n els paral\u00b7lelismes grecoromans amb atributs similars (llamp, for\u00e7a). Per\u00f2 Zeus \u00e9s primordialment rei, mentre que Thor \u00e9s primordialment guerrer i protector. Indra en l&#8217;hinduisme \u00e9s un paral\u00b7lelisme estructural proper: d\u00e9u guerrer, llan\u00e7ador de llamps, lluitador contra dimonis. El d\u00e9u celta Taranis mostra funcions similars. En el <span class=\"iwg-fachbegriff\" data-tooltip=\"El conjunt de d\u00e9us d'una religi\u00f3 o cultura.\" tabindex=\"0\">pante\u00f3<\/span> eslau, Perun correspon a Thor.<\/p>\t\t\t\t\t\t\t\t<\/div>\n\t\t\t\t\t<\/div>\n\t\t\t\t<\/div>\n\t\t\t\t<\/div>\n\t\t\t\t<\/div>\n\t\t\t\t\t<\/div>\n\t\t\t\t<\/div>\n\t\t<div class=\"elementor-element elementor-element-5a584676 e-flex e-con-boxed e-con e-parent\" data-id=\"5a584676\" data-element_type=\"container\" data-e-type=\"container\">\n\t\t\t\t\t<div class=\"e-con-inner\">\n\t\t\t\t<div class=\"elementor-element elementor-element-6d0757bf elementor-widget elementor-widget-heading\" data-id=\"6d0757bf\" data-element_type=\"widget\" data-e-type=\"widget\" data-widget_type=\"heading.default\">\n\t\t\t\t\t<h2 class=\"elementor-heading-title elementor-size-default\">Thor, paral\u00b7lelismes en altres cultures<\/h2>\t\t\t\t<\/div>\n\t\t<div class=\"elementor-element elementor-element-60563f68 e-con-full e-flex e-con e-child\" data-id=\"60563f68\" data-element_type=\"container\" data-e-type=\"container\">\n\t\t\t\t<div class=\"elementor-element elementor-element-5a93fdd6 elementor-widget elementor-widget-text-editor\" data-id=\"5a93fdd6\" data-element_type=\"widget\" data-e-type=\"widget\" data-widget_type=\"text-editor.default\">\n\t\t\t\t\t\t\t\t\t<p>Els d\u00e9us del tro, de la tempesta i de la guerra amb el martell com a ins\u00edgnia reapareixen en moltes mitologies indoeuropees; figures comparables s\u00f3n, per exemple, l&#8217;hitita Tarhunna, el v\u00e8dic Indra o el b\u00e0ltic Perk\u016bnas, cadascun amb un mat\u00eds cultural propi per\u00f2 funcionalment relacionats.<\/p>\n<p><p><strong>Tradici\u00f3 jueva:<\/strong> En la <span class=\"iwg-fachbegriff\" data-tooltip=\"La doctrina cient\u00edfica sobre D\u00e9u i la fe d'una religi\u00f3.\" tabindex=\"0\">teologia<\/span> jueva no hi ha cap d\u00e9u del tro o del temps atmosf\u00e8ric com Thor. YHWH es manifesta en la tempesta (<span class=\"iwg-fachbegriff\" tabindex=\"0\" data-tooltip=\"Manifestaci\u00f3 divina, l'acte de mostrar-se una divinitat davant els humans; l'exemple cl\u00e0ssic \u00e9s la teofania del Sina\u00ed.\">teofania<\/span> al Sina\u00ed), per\u00f2 Thor est\u00e0 m\u00e9s especialitzat en la guerra i la protecci\u00f3. No hi ha un paral\u00b7lelisme directe, per\u00f2 s\u00ed una semblan\u00e7a estructural en la manifestaci\u00f3 de la for\u00e7a.<\/p><p><strong>M\u00f3n grecorom\u00e0:<\/strong> Zeus i el seu equivalent rom\u00e0 Iuppiter s\u00f3n les comparacions m\u00e9s properes: llan\u00e7adors de llamps, poder reial. Per\u00f2 Zeus ocupa un lloc superior en la jerarquia i \u00e9s primordialment rei, mentre que Thor est\u00e0 sota diversos d\u00e9us i t\u00e9 un rol de protector. Ares compareix amb Thor els aspectes guerrers, per\u00f2 sense la funci\u00f3 de d\u00e9u del temps atmosf\u00e8ric.<\/p><p><strong>Mesopot\u00e0mia:<\/strong> Adad\/Hadad \u00e9s un d\u00e9u del temps atmosf\u00e8ric amb una funci\u00f3 de llamp similar, per\u00f2 menys personal i dram\u00e0tic que Thor. Ninurta \u00e9s un d\u00e9u de la guerra amb una narrativa de combat comparable, per\u00f2 sense l&#8217;aspecte del tro.<\/p><p><strong>\u00cdndia\/\u00c0sia:<\/strong> Indra \u00e9s el paral\u00b7lelisme m\u00e9s fort: rei guerrer, llan\u00e7ador de llamps (Vajra), lluitador contra dimonis (Vritra). M\u00e9s endavant \u00e9s despla\u00e7at per Vishnu i Shiva, per\u00f2 estructuralment id\u00e8ntic. En el budisme, Shakra\/Indra t\u00e9 una import\u00e0ncia menor, per\u00f2 no perd els seus atributs.<\/p>\t\t\t\t\t\t\t\t<\/div>\n\t\t\t\t<\/div>\n\t\t\t\t\t<\/div>\n\t\t\t\t<\/div>\n\t\t<div class=\"elementor-element elementor-element-cpaa94cb7 e-flex e-con-boxed e-con e-parent\" data-id=\"cpaa94cb7\" data-element_type=\"container\" data-e-type=\"container\">\n\t\t\t\t\t<div class=\"e-con-inner\">\n\t\t\t\t<div class=\"elementor-element elementor-element-cp54feb73 elementor-widget elementor-widget-heading\" data-id=\"cp54feb73\" data-element_type=\"widget\" data-e-type=\"widget\" data-widget_type=\"heading.default\">\n\t\t\t\t\t<h2 class=\"elementor-heading-title elementor-size-default\">La pesca de Thor contra la serp de Midgard<\/h2>\t\t\t\t<\/div>\n\t\t<div class=\"elementor-element elementor-element-cp581887b e-con-full e-flex e-con e-child\" data-id=\"cp581887b\" data-element_type=\"container\" data-e-type=\"container\">\n\t\t\t\t<div class=\"elementor-element elementor-element-cpb0e0265 elementor-widget elementor-widget-text-editor\" data-id=\"cpb0e0265\" data-element_type=\"widget\" data-e-type=\"widget\" data-widget_type=\"text-editor.default\">\n\t\t\t\t\t\t\t\t\t<p>Un dels relats individuals m\u00e9s coneguts sobre Thor \u00e9s la seva pesca, en la qual arrossega la serp del m\u00f3n J\u00f6rmungandr fora del mar. El <span class=\"iwg-fachbegriff\" data-tooltip=\"Un relat transm\u00e8s sobre d\u00e9us, or\u00edgens i l'ordre del m\u00f3n.\" tabindex=\"0\">mite<\/span> s&#8217;ha conservat de diverses formes: en el poema \u00e8ddic <em>Hymiskvi\u00f0a<\/em>, en la <em>Edda en prosa<\/em> de Snorri Sturluson i en al\u00b7lusions de diversos poemes esc\u00e0ldics, com la <em>H\u00fasdr\u00e1pa<\/em> d&#8217;\u00dalfr Uggason.<\/p><p>Thor es dirigeix cap al gegant Hymir per sortir amb ell a alta mar. Com a esquer, arrenca el cap a un bou del gegant. Un cop al mar, Thor rema molt m\u00e9s enll\u00e0 dels caladors habituals, fins que Hymir comen\u00e7a a espantar-se.<\/p><p>Thor llan\u00e7a l&#8217;ham amb el cap de bou, i la serp de Midgard mossega. S&#8217;inicia llavors un combat descomunal.<\/p><p>Thor s&#8217;impulsa amb tanta for\u00e7a contra el fons de la barca que els seus peus travessen les fustes i troben suport al fons del mar. Estira la serp cap amunt fins que el cap sobresurt per la borda, i al\u00e7a el martell per colpejar-la.<\/p><p>\u00c9s aqu\u00ed on les versions divergeixen. Segons Snorri, l&#8217;espantat Hymir talla el fil de l&#8217;ham, de manera que la serp torna a enfonsar-se al mar; Thor colpeja en va, o nom\u00e9s l&#8217;encerta parcialment. En altres al\u00b7lusions sembla que Thor arriba a executar el cop.<\/p><p>La investigaci\u00f3 veu en aquest episodi una anticipaci\u00f3 simb\u00f2lica de la confrontaci\u00f3 definitiva a la fi del m\u00f3n. Diverses pedres gravades, entre elles troballes de Su\u00e8cia, Anglaterra i Dinamarca, mostren una escena que sol interpretar-se com aquesta pesca, la qual cosa demostra la gran difusi\u00f3 d&#8217;aquest relat ja en l&#8217;\u00e8poca vikinga.<\/p>\t\t\t\t\t\t\t\t<\/div>\n\t\t\t\t<\/div>\n\t\t\t\t\t<\/div>\n\t\t\t\t<\/div>\n\t\t<div class=\"elementor-element elementor-element-cped84c2c e-flex e-con-boxed e-con e-parent\" data-id=\"cped84c2c\" data-element_type=\"container\" data-e-type=\"container\">\n\t\t\t\t\t<div class=\"e-con-inner\">\n\t\t\t\t<div class=\"elementor-element elementor-element-cp12f9869 elementor-widget elementor-widget-heading\" data-id=\"cp12f9869\" data-element_type=\"widget\" data-e-type=\"widget\" data-widget_type=\"heading.default\">\n\t\t\t\t\t<h2 class=\"elementor-heading-title elementor-size-default\">Mj\u00f6lnir: mite de la forja, funci\u00f3 i evid\u00e8ncia arqueol\u00f2gica<\/h2>\t\t\t\t<\/div>\n\t\t<div class=\"elementor-element elementor-element-cp83bbc93 e-con-full e-flex e-con e-child\" data-id=\"cp83bbc93\" data-element_type=\"container\" data-e-type=\"container\">\n\t\t\t\t<div class=\"elementor-element elementor-element-cpca15ba8 elementor-widget elementor-widget-text-editor\" data-id=\"cpca15ba8\" data-element_type=\"widget\" data-e-type=\"widget\" data-widget_type=\"text-editor.default\">\n\t\t\t\t\t\t\t\t\t<p>El martell de Thor, Mj\u00f6lnir, \u00e9s el seu atribut m\u00e9s important. Snorri explica a la <em>Prosa-Edda<\/em> com va sorgir el martell. Loki va encarregar a uns nans, els fills d&#8217;Ivaldi i els germans Brokk i Eitri, la forja d&#8217;objectes preciosos.<\/p><p>En la competici\u00f3 per la millor obra, Brokk i Eitri van fabricar el martell, per\u00f2 com que Loki, transformat en mosca, va molestar el qui accionava la manxa, el m\u00e0nec va quedar massa curt. Malgrat aquest defecte, Mj\u00f6lnir va ser considerat l&#8217;obra m\u00e9s valuosa, perqu\u00e8 mai fallava el seu objectiu i tornava a la m\u00e0 despr\u00e9s de ser llan\u00e7at.<\/p><p>Mj\u00f6lnir no \u00e9s nom\u00e9s una arma contra els gegants, sin\u00f3 tamb\u00e9 un instrument de <span class=\"iwg-fachbegriff\" data-tooltip=\"Acte ritual pel qual un objecte, lloc o persona \u00e9s consagrat a l'\u00e0mbit religi\u00f3s.\" tabindex=\"0\">consagraci\u00f3<\/span>. A la <em>\u00derymskvi\u00f0a<\/em> el martell s&#8217;utilitza per beneir una n\u00favia, i tamb\u00e9 apareix en altres ocasions com a instrument sacralitzador, per exemple en la resurrecci\u00f3 dels boscos de Thor.<\/p><p>Aquesta doble funci\u00f3, com a for\u00e7a destructora i alhora consagradora, \u00e9s fonamental per comprendre Thor.<\/p><p>Arqueol\u00f2gicament, Mj\u00f6lnir est\u00e0 documentat per nombrosos penjolls en forma de martell, petits amulets de plata, bronze o ferro trobats a tota Escandin\u00e0via i a la zona d&#8217;influ\u00e8ncia v\u00edquinga. La seva difusi\u00f3 va augmentar al segle X, precisament en l&#8217;\u00e8poca en qu\u00e8 s&#8217;iniciava la cristianitzaci\u00f3.<\/p><p>La recerca ho interpreta en part com una afirmaci\u00f3 pagana deliberada, en contraposici\u00f3 a la creu cristiana. Una troballa danesa de motlle de fosa, en el qual es podien fabricar tant la forma de creu com la del martell una al costat de l&#8217;altra, il\u00b7lustra de manera especialment v\u00edvida la conviv\u00e8ncia religiosa d&#8217;aquesta \u00e8poca.<\/p>\t\t\t\t\t\t\t\t<\/div>\n\t\t\t\t<\/div>\n\t\t\t\t\t<\/div>\n\t\t\t\t<\/div>\n\t\t<div class=\"elementor-element elementor-element-cp9b6b7d4 e-flex e-con-boxed e-con e-parent\" data-id=\"cp9b6b7d4\" data-element_type=\"container\" data-e-type=\"container\">\n\t\t\t\t\t<div class=\"e-con-inner\">\n\t\t\t\t<div class=\"elementor-element elementor-element-cp42a88ae elementor-widget elementor-widget-heading\" data-id=\"cp42a88ae\" data-element_type=\"widget\" data-e-type=\"widget\" data-widget_type=\"heading.default\">\n\t\t\t\t\t<h2 class=\"elementor-heading-title elementor-size-default\">Thor en la pr\u00e0ctica religiosa de l'\u00e8poca v\u00edquinga<\/h2>\t\t\t\t<\/div>\n\t\t<div class=\"elementor-element elementor-element-cp1f657a0 e-con-full e-flex e-con e-child\" data-id=\"cp1f657a0\" data-element_type=\"container\" data-e-type=\"container\">\n\t\t\t\t<div class=\"elementor-element elementor-element-cp07126b7 elementor-widget elementor-widget-text-editor\" data-id=\"cp07126b7\" data-element_type=\"widget\" data-e-type=\"widget\" data-widget_type=\"text-editor.default\">\n\t\t\t\t\t\t\t\t\t<p>Thor no era un d\u00e9u lluny\u00e0, sin\u00f3 una <span class=\"iwg-fachbegriff\" data-tooltip=\"Un \u00e9sser venerat com a div\u00ed dins d'una religi\u00f3.\" tabindex=\"0\">divinitat<\/span> \u00e0mpliament venerada en la vida quotidiana, potser la m\u00e9s popular entre pagesos i homes lliures senzills. Diverses evid\u00e8ncies ho indiquen.<\/p><p>En primer lloc, els noms de persona: noms formats amb l&#8217;element Thor, com Thorsteinn, Thorgeirr o Thorger\u00f0r, es troben entre els m\u00e9s freq\u00fcents de la <span class=\"iwg-fachbegriff\" data-tooltip=\"La transmissi\u00f3 de coneixements i relats a trav\u00e9s de generacions.\" tabindex=\"0\">tradici\u00f3<\/span> n\u00f2rdica antiga. En segon lloc, els noms de lloc: a Noruega, Su\u00e8cia, Dinamarca i a les zones colonitzades pels n\u00f2rdics es troben nombrosos indrets el nom dels quals remet a un <span class=\"iwg-fachbegriff\" data-tooltip=\"El conjunt de pr\u00e0ctiques religioses de veneraci\u00f3 d'una divinitat o figura sagrada.\" tabindex=\"0\">culte<\/span> a Thor.<\/p><p>Les sagues islandeses, especialment la <em>Eyrbyggja saga<\/em> i la <em>Landn\u00e1mab\u00f3k<\/em>, descriuen colons especialment devots de Thor, que li dedicaven un <span class=\"iwg-fachbegriff\" data-tooltip=\"Un edifici destinat a la veneraci\u00f3 d'una o diverses divinitats.\" tabindex=\"0\">temple<\/span> o llan\u00e7aven al mar els seus pilars de fusta per trobar el lloc d&#8217;assentament que ell havia designat. Aquests relats s\u00f3n, per\u00f2, posteriors, amb influ\u00e8ncia cristiana, i cal llegir-los amb cautela.<\/p><p>Adam de Bremen descriu al segle XI el <span class=\"iwg-fachbegriff\" data-tooltip=\"Un edifici destinat a la veneraci\u00f3 d'una o diverses divinitats.\" tabindex=\"0\">temple<\/span> d&#8217;Uppsala i hi situa Thor al centre, entre Wodan i Fricco; Thor governaria el tro, el vent, la pluja, el bon temps i les collites.<\/p><p>Encara que el relat d&#8217;Adam procedeix d&#8217;una mirada externa cristiana i no \u00e9s fiable en tots els detalls, confirma la import\u00e0ncia de Thor per al temps i les collites, \u00e9s a dir, per a les condicions de vida de la poblaci\u00f3 pagesa.<\/p><p>Des del punt de vista de la ci\u00e8ncia de la religi\u00f3, en resulta la imatge d&#8217;un d\u00e9u vinculat menys al poder i la guerra que a la protecci\u00f3, l&#8217;ordre i la fertilitat, un d\u00e9u de la llar i de la comunitat.<\/p>\t\t\t\t\t\t\t\t<\/div>\n\t\t\t\t<\/div>\n\t\t\t\t\t<\/div>\n\t\t\t\t<\/div>\n\t\t<div class=\"elementor-element elementor-element-cp8e4387d e-flex e-con-boxed e-con e-parent\" data-id=\"cp8e4387d\" data-element_type=\"container\" data-e-type=\"container\">\n\t\t\t\t\t<div class=\"e-con-inner\">\n\t\t\t\t<div class=\"elementor-element elementor-element-cp6d78bd4 elementor-widget elementor-widget-heading\" data-id=\"cp6d78bd4\" data-element_type=\"widget\" data-e-type=\"widget\" data-widget_type=\"heading.default\">\n\t\t\t\t\t<h2 class=\"elementor-heading-title elementor-size-default\">El d\u00e9u del tro en la comparaci\u00f3 indoeuropea<\/h2>\t\t\t\t<\/div>\n\t\t<div class=\"elementor-element elementor-element-cpfaac837 e-con-full e-flex e-con e-child\" data-id=\"cpfaac837\" data-element_type=\"container\" data-e-type=\"container\">\n\t\t\t\t<div class=\"elementor-element elementor-element-cpc407166 elementor-widget elementor-widget-text-editor\" data-id=\"cpc407166\" data-element_type=\"widget\" data-e-type=\"widget\" data-widget_type=\"text-editor.default\">\n\t\t\t\t\t\t\t\t\t<p>Thor es pot situar dins d&#8217;un ampli grup de divinitats del tro de la fam\u00edlia ling\u00fc\u00edstica indoeuropea, un tema que ocupa la <span class=\"iwg-fachbegriff\" data-tooltip=\"La ci\u00e8ncia que estudia les religions de manera comparativa i sense vinculaci\u00f3 de fe.\" tabindex=\"0\">ci\u00e8ncia de la religi\u00f3<\/span> comparada des del segle XIX. Entre les figures relacionades hi ha el b\u00e0ltic Perk\u016bnas, l&#8217;eslau Perun, el v\u00e8dic Indra i, en part, el grec Zeus, quan apareix com a d\u00e9u de la tempesta.<\/p><p>Diversos investigadors, entre ells Georges Dum\u00e9zil en el marc de la seva teoria de les tres funcions socials, han situat Thor en la funci\u00f3 \u00abguerrera\u00bb o \u00abprotectora\u00bb. D&#8217;altres emfasitzen m\u00e9s el <span class=\"iwg-fachbegriff\" data-tooltip=\"Un element de contingut recurrent en l'art o la narraci\u00f3.\" tabindex=\"0\">motiu<\/span> com\u00fa del combat contra el drac o la serp, present en moltes tradicions indoeuropees vinculades al d\u00e9u de la tempesta. L&#8217;enfrontament de Thor amb la serp de Midgard s&#8217;encaixa en aquest patr\u00f3.<\/p><p>Tamb\u00e9 hi ha indicis ling\u00fc\u00edstics. El nom Thor, en n\u00f2rdic antic <em>\u00de\u00f3rr<\/em>, en alt alemany antic <em>Donar<\/em>, en angl\u00e8s antic <em>\u00deunor<\/em>, prov\u00e9 d&#8217;una paraula comuna germ\u00e0nica per a \u00abtro\u00bb.<\/p><p>La traducci\u00f3 llatina del dia de la setmana <em>dies Iovis<\/em>, el dia de J\u00fapiter, com a dijous, en angl\u00e8s <em>Thursday<\/em>, mostra que els erudits antics i medievals identificaven Thor amb J\u00fapiter, \u00e9s a dir, amb el d\u00e9u rom\u00e0 suprem i senyor de la tempesta.<\/p><p>Malgrat la plausibilitat d&#8217;aquestes comparacions, la investigaci\u00f3 m\u00e9s recent aconsella prud\u00e8ncia. Els motius compartits poden derivar d&#8217;un origen com\u00fa, per\u00f2 tamb\u00e9 d&#8217;intercanvis posteriors o d&#8217;un desenvolupament paral\u00b7lel independent. La reconstrucci\u00f3 d&#8217;un \u00fanic \u00abd\u00e9u del tro protoindoeuropeu\u00bb segueix sent, doncs, una hip\u00f2tesi que explica certes coincid\u00e8ncies, per\u00f2 no totes les particularitats de Thor.<\/p>\t\t\t\t\t\t\t\t<\/div>\n\t\t\t\t<\/div>\n\t\t\t\t\t<\/div>\n\t\t\t\t<\/div>\n\t\t<div class=\"elementor-element elementor-element-cpe7dfbd0 e-flex e-con-boxed e-con e-parent\" data-id=\"cpe7dfbd0\" data-element_type=\"container\" data-e-type=\"container\">\n\t\t\t\t\t<div class=\"e-con-inner\">\n\t\t\t\t<div class=\"elementor-element elementor-element-cpdf20168 elementor-widget elementor-widget-heading\" data-id=\"cpdf20168\" data-element_type=\"widget\" data-e-type=\"widget\" data-widget_type=\"heading.default\">\n\t\t\t\t\t<h2 class=\"elementor-heading-title elementor-size-default\">Del d\u00e9u pag\u00e0 a la cultura pop: la hist\u00f2ria de la seva recepci\u00f3<\/h2>\t\t\t\t<\/div>\n\t\t<div class=\"elementor-element elementor-element-cpf86863a e-con-full e-flex e-con e-child\" data-id=\"cpf86863a\" data-element_type=\"container\" data-e-type=\"container\">\n\t\t\t\t<div class=\"elementor-element elementor-element-cp5a46695 elementor-widget elementor-widget-text-editor\" data-id=\"cp5a46695\" data-element_type=\"widget\" data-e-type=\"widget\" data-widget_type=\"text-editor.default\">\n\t\t\t\t\t\t\t\t\t<p>Despr\u00e9s de la cristianitzaci\u00f3 d&#8217;Escandin\u00e0via va desapar\u00e8ixer el <span class=\"iwg-fachbegriff\" data-tooltip=\"El conjunt d'actes de veneraci\u00f3 religiosa d'una divinitat o figura sagrada.\" tabindex=\"0\">culte<\/span> a Thor, per\u00f2 les narracions es van conservar gr\u00e0cies a la cultura escrita islandesa. Snorri Sturluson va escriure la seva <em>Prosa-Edda<\/em> al segle XIII com a erudit cristi\u00e0 que volia preservar l&#8217;antic saber per a l&#8217;art po\u00e8tica. Sense aquesta obra i sense la <em>Edda Po\u00e8tica<\/em>, transmesa en manuscrits, s&#8217;hauria perdut la major part dels mites de Thor.<\/p><p>Una redescoberta \u00e0mplia va arribar amb el romanticisme de finals del segle XVIII i del segle XIX. A Escandin\u00e0via i a Alemanya, poetes i erudits van recuperar la <span class=\"iwg-fachbegriff\" data-tooltip=\"El conjunt de narracions mitol\u00f2giques transmeses d'una cultura.\" tabindex=\"0\">mitologia<\/span> n\u00f2rdica.<\/p><p>El poeta dan\u00e8s Adam Oehlenschl\u00e4ger va dedicar versos a Thor, i a Alemanya, entre altres, Jacob Grimm va tractar extensament Donar a la seva <em>Deutsche <span class=\"iwg-fachbegriff\" data-tooltip=\"El conjunt de narracions mitol\u00f2giques transmeses d'una cultura.\" tabindex=\"0\">Mythologie<\/span><\/em>. Aquesta recepci\u00f3 no va estar exempta de c\u00e0rregues nacionals i ideol\u00f2giques, que al segle XX van derivar en episodis perillosos quan cercles v\u00f6lkisch i nacionalsocialistes es van apropiar de s\u00edmbols germ\u00e0nics.<\/p><p>Al segle XX i XXI, Thor es va fer conegut arreu del m\u00f3n sobretot gr\u00e0cies a l&#8217;adaptaci\u00f3 en c\u00f2mic de l&#8217;editorial estatunidenca Marvel a partir del 1962 i a les seves posteriors adaptacions cinematogr\u00e0fiques. Aquesta versi\u00f3 popular s&#8217;allunya for\u00e7a de les fonts medievals: converteix el d\u00e9u pag\u00e8s de barba roja en un heroi jove i ros, i inventa nombroses accions noves.<\/p><p>Des del punt de vista cient\u00edfic, aquest corrent s&#8217;ha de tractar menys com <span class=\"iwg-fachbegriff\" data-tooltip=\"La transmissi\u00f3 de coneixements i narracions al llarg de generacions.\" tabindex=\"0\">tradici\u00f3<\/span> que com a material mitol\u00f2gic modern independent. Alhora, des de finals del segle XX existeixen moviments neopagans que tornen a venerar Thor religiosament. Qui vulgui saber m\u00e9s sobre aquest <span class=\"iwg-fachbegriff\" data-tooltip=\"El conjunt de d\u00e9us d'una religi\u00f3 o cultura.\" tabindex=\"0\">pante\u00f3<\/span> pot consultar les entrades sobre <a href=\"https:\/\/iwell-guard.com\/ca\/?page_id=171465\">Odin<\/a> i sobre <a href=\"https:\/\/iwell-guard.com\/ca\/?page_id=171514\">Loki<\/a>.<\/p>\t\t\t\t\t\t\t\t<\/div>\n\t\t\t\t<\/div>\n\t\t\t\t\t<\/div>\n\t\t\t\t<\/div>\n\t\t<div class=\"elementor-element elementor-element-36dd7469 e-flex e-con-boxed e-con e-parent\" data-id=\"36dd7469\" data-element_type=\"container\" data-e-type=\"container\">\n\t\t\t\t\t<div class=\"e-con-inner\">\n\t\t\t\t<div class=\"elementor-element elementor-element-13760ab4 elementor-widget elementor-widget-heading\" data-id=\"13760ab4\" data-element_type=\"widget\" data-e-type=\"widget\" data-widget_type=\"heading.default\">\n\t\t\t\t\t<h2 class=\"elementor-heading-title elementor-size-default\">Enlla\u00e7os relacionats<\/h2>\t\t\t\t<\/div>\n\t\t<div class=\"elementor-element elementor-element-28c87796 e-con-full e-flex e-con e-child\" data-id=\"28c87796\" data-element_type=\"container\" data-e-type=\"container\">\n\t\t\t\t<div class=\"elementor-element elementor-element-5d6538df elementor-widget elementor-widget-text-editor\" data-id=\"5d6538df\" data-element_type=\"widget\" data-e-type=\"widget\" data-widget_type=\"text-editor.default\">\n\t\t\t\t\t\t\t\t\t<p>Enlla\u00e7os interns recomanats per a aquesta p\u00e0gina:<\/p><ul><li><a href=\"https:\/\/iwell-guard.com\/ca\/?page_id=171366\">Germ\u00e0nic<\/a> (p\u00e0gina de cultura superior)<\/li><li><a href=\"https:\/\/iwell-guard.com\/ca\/?page_id=171465\">Odin<\/a> (d\u00e9u principal del <span class=\"iwg-fachbegriff\" data-tooltip=\"El conjunt de d\u00e9us d'una religi\u00f3 o cultura.\" tabindex=\"0\">pante\u00f3<\/span> dels ases)<\/li><li><a href=\"https:\/\/iwell-guard.com\/ca\/?page_id=171566\">Freyja<\/a> (funci\u00f3 v\u00e0nica i de germana dins del <span class=\"iwg-fachbegriff\" data-tooltip=\"El conjunt de d\u00e9us d'una religi\u00f3 o cultura.\" tabindex=\"0\">pante\u00f3<\/span>)<\/li><li><a href=\"https:\/\/iwell-guard.com\/ca\/?page_id=171459\">Divinitats supremes<\/a> (visi\u00f3 general de la categoria)<\/li><\/ul>\t\t\t\t\t\t\t\t<\/div>\n\t\t\t\t<\/div>\n\t\t\t\t\t<\/div>\n\t\t\t\t<\/div>\n\t\t<div class=\"elementor-element elementor-element-grl4kl40 e-flex e-con-boxed e-con e-parent\" data-id=\"grl4kl40\" data-element_type=\"container\" data-e-type=\"container\">\n\t\t\t\t\t<div class=\"e-con-inner\">\n\t\t\t\t<div class=\"elementor-element elementor-element-bzsbfrmh elementor-widget elementor-widget-heading\" data-id=\"bzsbfrmh\" data-element_type=\"widget\" data-e-type=\"widget\" data-widget_type=\"heading.default\">\n\t\t\t\t\t<h2 class=\"elementor-heading-title elementor-size-default\">Bibliografia de recerca<\/h2>\t\t\t\t<\/div>\n\t\t<div class=\"elementor-element elementor-element-2c13224a e-con-full e-flex e-con e-child\" data-id=\"2c13224a\" data-element_type=\"container\" data-e-type=\"container\">\n\t\t\t\t<div class=\"elementor-element elementor-element-0eymh9ub elementor-widget elementor-widget-text-editor\" data-id=\"0eymh9ub\" data-element_type=\"widget\" data-e-type=\"widget\" data-widget_type=\"text-editor.default\">\n\t\t\t\t\t\t\t\t\t<footer class=\"iwg-literatur\" data-nosnippet=\"true\"><p>Fonts sobre Thor:<\/p><ul><li><span data-nosnippet><span class=\"iwg-fachbegriff\" tabindex=\"0\" data-tooltip=\"Erudit island\u00e8s (1179\u20131241); autor de la Edda en prosa i de la Heimskringla.\">Snorri Sturluson<\/span>: <em>Edda. Els relats de la <span class=\"iwg-fachbegriff\" data-tooltip=\"El conjunt dels relats m\u00edtics transmesos d'una cultura sobre els seus d\u00e9us.\" tabindex=\"0\">mitologia<\/span> n\u00f2rdica.<\/em> Trad. d&#8217;Arnulf Krause. Reclam, Stuttgart 1997.<\/span><\/li><li><span data-nosnippet>Simek, Rudolf: <em>Lexikon der germanischen <span class=\"iwg-fachbegriff\" data-tooltip=\"El conjunt dels relats m\u00edtics transmesos d'una cultura sobre els seus d\u00e9us.\" tabindex=\"0\">mitologia<\/span>.<\/em> 3a ed. completament revisada. Kr\u00f6ner, Stuttgart 2006.<\/span><\/li><\/ul><\/footer>\n<p class=\"iwg-bib-more\"><span data-nosnippet>M\u00e9s obres de refer\u00e8ncia a la <a href=\"https:\/\/iwell-guard.com\/ca\/?page_id=171483\">bibliografia<\/a>.<\/span><\/p>\t\t\t\t\t\t\t\t<\/div>\n\t\t\t\t<\/div>\n\t\t\t\t\t<\/div>\n\t\t\t\t<\/div>\n\t\t\t\t<\/div>\n\t\t","protected":false},"excerpt":{"rendered":"","protected":false},"author":3,"featured_media":1573,"parent":0,"menu_order":0,"comment_status":"closed","ping_status":"closed","template":"elementor_header_footer","meta":{"_yoast_wpseo_focuskw":"Thor","_yoast_wpseo_title":"Thor - D\u00e9u del tro i de la protecci\u00f3","_yoast_wpseo_metadesc":"Thor, el d\u00e9u del tro amb el martell Mj\u00f6lnir: protector de Midgard, la seva veneraci\u00f3 quotidiana al Nord i la seva perviv\u00e8ncia fins a l'actualitat.","_yoast_wpseo_meta-robots-noindex":"","_yoast_wpseo_canonical":"","_angie_page":false,"gefaehrdungsstufe":"3","wesen_kultur":"germanisch","wesen_klasse":"goetter","footnotes":""},"categories":[],"class_list":["post-171567","page","type-page","status-publish","has-post-thumbnail","hentry"],"yoast_head":"<!-- This site is optimized with the Yoast SEO Premium plugin v27.7 (Yoast SEO v28.3) - https:\/\/yoast.com\/product\/yoast-seo-premium-wordpress\/ -->\n<title>Thor - D\u00e9u del tro i de la protecci\u00f3<\/title>\n<meta name=\"description\" content=\"Thor, el d\u00e9u del tro amb el martell Mj\u00f6lnir: protector de Midgard, la seva veneraci\u00f3 quotidiana al Nord i la seva perviv\u00e8ncia fins a l&#039;actualitat.\" \/>\n<meta name=\"robots\" content=\"index, follow, max-snippet:-1, max-image-preview:large, max-video-preview:-1\" \/>\n<link rel=\"canonical\" href=\"https:\/\/iwell-guard.com\/ca\/thor\/\" \/>\n<meta property=\"og:locale\" content=\"ca_ES\" \/>\n<meta property=\"og:type\" content=\"article\" \/>\n<meta property=\"og:title\" content=\"Thor\" \/>\n<meta property=\"og:description\" content=\"Thor, el d\u00e9u del tro amb el martell Mj\u00f6lnir: protector de Midgard, la seva veneraci\u00f3 quotidiana al Nord i la seva perviv\u00e8ncia fins a l&#039;actualitat.\" \/>\n<meta property=\"og:url\" content=\"https:\/\/iwell-guard.com\/ca\/thor\/\" \/>\n<meta property=\"og:site_name\" content=\"iWell Guard\" \/>\n<meta property=\"article:modified_time\" content=\"2026-09-05T16:01:18+00:00\" \/>\n<meta property=\"og:image\" content=\"https:\/\/iwell-guard.com\/wp-content\/uploads\/2026\/04\/goetter_germanisch_thor.webp\" \/>\n\t<meta property=\"og:image:width\" content=\"1024\" \/>\n\t<meta property=\"og:image:height\" content=\"1536\" \/>\n\t<meta property=\"og:image:type\" content=\"image\/webp\" \/>\n<meta name=\"twitter:card\" content=\"summary_large_image\" \/>\n<script type=\"application\/ld+json\" class=\"yoast-schema-graph\">{\"@context\":\"https:\\\/\\\/schema.org\",\"@graph\":[{\"@type\":\"WebPage\",\"@id\":\"https:\\\/\\\/iwell-guard.com\\\/ca\\\/thor\\\/\",\"url\":\"https:\\\/\\\/iwell-guard.com\\\/ca\\\/thor\\\/\",\"name\":\"Thor - D\u00e9u del tro i de la protecci\u00f3\",\"isPartOf\":{\"@id\":\"https:\\\/\\\/iwell-guard.com\\\/ca\\\/#website\"},\"primaryImageOfPage\":{\"@id\":\"https:\\\/\\\/iwell-guard.com\\\/ca\\\/thor\\\/#primaryimage\"},\"image\":{\"@id\":\"https:\\\/\\\/iwell-guard.com\\\/ca\\\/thor\\\/#primaryimage\"},\"thumbnailUrl\":\"https:\\\/\\\/iwell-guard.com\\\/wp-content\\\/uploads\\\/2026\\\/04\\\/goetter_germanisch_thor.webp\",\"datePublished\":\"2026-09-05T15:40:29+00:00\",\"dateModified\":\"2026-09-05T16:01:18+00:00\",\"description\":\"Thor, el d\u00e9u del tro amb el martell Mj\u00f6lnir: protector de Midgard, la seva veneraci\u00f3 quotidiana al Nord i la seva perviv\u00e8ncia fins a l'actualitat.\",\"breadcrumb\":{\"@id\":\"https:\\\/\\\/iwell-guard.com\\\/ca\\\/thor\\\/#breadcrumb\"},\"inLanguage\":\"ca\",\"potentialAction\":[{\"@type\":\"ReadAction\",\"target\":[\"https:\\\/\\\/iwell-guard.com\\\/ca\\\/thor\\\/\"]}]},{\"@type\":\"ImageObject\",\"inLanguage\":\"ca\",\"@id\":\"https:\\\/\\\/iwell-guard.com\\\/ca\\\/thor\\\/#primaryimage\",\"url\":\"https:\\\/\\\/iwell-guard.com\\\/wp-content\\\/uploads\\\/2026\\\/04\\\/goetter_germanisch_thor.webp\",\"contentUrl\":\"https:\\\/\\\/iwell-guard.com\\\/wp-content\\\/uploads\\\/2026\\\/04\\\/goetter_germanisch_thor.webp\",\"width\":1024,\"height\":1536,\"caption\":\"D\u00e9us de la tradici\u00f3 germ\u00e0nica.\"},{\"@type\":\"BreadcrumbList\",\"@id\":\"https:\\\/\\\/iwell-guard.com\\\/ca\\\/thor\\\/#breadcrumb\",\"itemListElement\":[{\"@type\":\"ListItem\",\"position\":1,\"name\":\"Start\",\"item\":\"https:\\\/\\\/iwell-guard.com\\\/ca\\\/?page_id=171333\"},{\"@type\":\"ListItem\",\"position\":2,\"name\":\"Thor\"}]},{\"@type\":\"WebSite\",\"@id\":\"https:\\\/\\\/iwell-guard.com\\\/ca\\\/#website\",\"url\":\"https:\\\/\\\/iwell-guard.com\\\/ca\\\/\",\"name\":\"iWell Guard\",\"description\":\"Schutz vor dunklen Einfl\u00fcssen\",\"publisher\":{\"@id\":\"https:\\\/\\\/iwell-guard.com\\\/ca\\\/#organization\"},\"potentialAction\":[{\"@type\":\"SearchAction\",\"target\":{\"@type\":\"EntryPoint\",\"urlTemplate\":\"https:\\\/\\\/iwell-guard.com\\\/ca\\\/?s={search_term_string}\"},\"query-input\":{\"@type\":\"PropertyValueSpecification\",\"valueRequired\":true,\"valueName\":\"search_term_string\"}}],\"inLanguage\":\"ca\"},{\"@type\":\"Organization\",\"@id\":\"https:\\\/\\\/iwell-guard.com\\\/ca\\\/#organization\",\"name\":\"Ittermann electronic GmbH\",\"url\":\"https:\\\/\\\/iwell-guard.com\\\/ca\\\/\",\"logo\":{\"@type\":\"ImageObject\",\"inLanguage\":\"ca\",\"@id\":\"https:\\\/\\\/iwell-guard.com\\\/ca\\\/#\\\/schema\\\/logo\\\/image\\\/\",\"url\":\"https:\\\/\\\/iwell-guard.com\\\/wp-content\\\/uploads\\\/2026\\\/05\\\/Ittermann-Logo-1182x237-1.png\",\"contentUrl\":\"https:\\\/\\\/iwell-guard.com\\\/wp-content\\\/uploads\\\/2026\\\/05\\\/Ittermann-Logo-1182x237-1.png\",\"width\":1182,\"height\":237,\"caption\":\"Ittermann electronic GmbH\"},\"image\":{\"@id\":\"https:\\\/\\\/iwell-guard.com\\\/ca\\\/#\\\/schema\\\/logo\\\/image\\\/\"},\"sameAs\":[\"https:\\\/\\\/pantip.com\\\/profile\\\/9367242\",\"https:\\\/\\\/micro.blog\\\/iwellguard\",\"https:\\\/\\\/www.diggerslist.com\\\/iwellguard\\\/about\",\"https:\\\/\\\/skitterphoto.com\\\/photographers\\\/2870314\\\/iwell-guard\",\"https:\\\/\\\/iwellguard.wordpress.com\\\/2026\\\/06\\\/06\\\/iwell-guard\\\/\",\"https:\\\/\\\/hub.docker.com\\\/u\\\/iwellguard\",\"https:\\\/\\\/www.pinterest.com\\\/iwellguard\\\/\",\"https:\\\/\\\/bit.ly\\\/m\\\/iwellguard\",\"https:\\\/\\\/entre-vos-mains.alsace.eu\\\/profiles\\\/iwellguard\\\/activity\",\"https:\\\/\\\/gravatar.com\\\/reallybeded8fd34\",\"https:\\\/\\\/naijamatta.com\\\/iwellguard\",\"https:\\\/\\\/www.goodreads.com\\\/iwellguard\",\"https:\\\/\\\/profile.hatena.ne.jp\\\/iwellguard\\\/\",\"https:\\\/\\\/experiment.com\\\/users\\\/iwellguard\",\"https:\\\/\\\/wakelet.com\\\/@iWellGuard82270\",\"https:\\\/\\\/www.chordie.com\\\/forum\\\/profile.php?id=2555664\",\"https:\\\/\\\/www.instapaper.com\\\/p\\\/17757966\",\"https:\\\/\\\/www.mapleprimes.com\\\/users\\\/iwellguard\",\"https:\\\/\\\/businesslistingplus.com\\\/profile\\\/iwell-guard\\\/\",\"https:\\\/\\\/telegra.ph\\\/iWell-Guard-06-06\",\"https:\\\/\\\/pbase.com\\\/iwellguard\\\/iwellguard\",\"https:\\\/\\\/b.hatena.ne.jp\\\/iwellguard\\\/20260607#bookmark-4788405196491818882\",\"https:\\\/\\\/fliphtml5.com\\\/home\\\/iwellguard\",\"https:\\\/\\\/anyflip.com\\\/homepage\\\/cmiwl#About\",\"https:\\\/\\\/transfur.com\\\/Users\\\/iwellguard\",\"http:\\\/\\\/delphi.larsbo.org\\\/user\\\/iwellguard\",\"https:\\\/\\\/jobs.lajobsportal.org\\\/profiles\\\/8380803-iwell-guard\",\"https:\\\/\\\/md.chaosdorf.de\\\/s\\\/jfbe5SBdJD\",\"https:\\\/\\\/www.lingvolive.com\\\/en-us\\\/profile\\\/9ecaeaca-ce11-4e51-9e71-01d55e2bff36\\\/translations\",\"https:\\\/\\\/www.fitday.com\\\/fitness\\\/forums\\\/members\\\/iwellguard.html\",\"https:\\\/\\\/www.mymeetbook.com\\\/iwellguard\",\"https:\\\/\\\/pxhere.com\\\/en\\\/photographer-me\\\/5040798\",\"https:\\\/\\\/disqus.com\\\/by\\\/iwellguard\\\/about\\\/\",\"https:\\\/\\\/pastelink.net\\\/hjwciqwq\",\"https:\\\/\\\/pubhtml5.com\\\/homepage\\\/scjhn\\\/\",\"https:\\\/\\\/www.bitchute.com\\\/channel\\\/2O2eOKzNqujT\",\"https:\\\/\\\/audiomack.com\\\/iwellguard\"]},{\"@type\":\"Article\",\"@id\":\"https:\\\/\\\/iwell-guard.com\\\/ca\\\/thor\\\/#article\",\"isPartOf\":{\"@id\":\"https:\\\/\\\/iwell-guard.com\\\/ca\\\/thor\\\/\"},\"author\":{\"name\":\"Ralf Ittermann\",\"@id\":\"https:\\\/\\\/iwell-guard.com\\\/ca\\\/#\\\/schema\\\/person\\\/ee2a27f1cac3406c7c6fb5820cb7349f\"},\"headline\":\"Thor\",\"datePublished\":\"2026-09-05T15:40:29+00:00\",\"dateModified\":\"2026-09-05T16:01:18+00:00\",\"mainEntityOfPage\":{\"@id\":\"https:\\\/\\\/iwell-guard.com\\\/ca\\\/thor\\\/\"},\"publisher\":{\"@id\":\"https:\\\/\\\/iwell-guard.com\\\/ca\\\/#organization\"},\"image\":{\"@id\":\"https:\\\/\\\/iwell-guard.com\\\/ca\\\/thor\\\/#primaryimage\"},\"thumbnailUrl\":\"https:\\\/\\\/iwell-guard.com\\\/wp-content\\\/uploads\\\/2026\\\/04\\\/goetter_germanisch_thor.webp\",\"inLanguage\":\"ca\",\"description\":\"Thor, el d\u00e9u del tro amb el martell Mj\u00f6lnir: protector de Midgard, la seva veneraci\u00f3 quotidiana al Nord i la seva perviv\u00e8ncia fins a l'actualitat.\"}]}<\/script>\n<!-- \/ Yoast SEO Premium plugin. -->","yoast_head_json":{"title":"Thor - D\u00e9u del tro i de la protecci\u00f3","description":"Thor, el d\u00e9u del tro amb el martell Mj\u00f6lnir: protector de Midgard, la seva veneraci\u00f3 quotidiana al Nord i la seva perviv\u00e8ncia fins a l'actualitat.","robots":{"index":"index","follow":"follow","max-snippet":"max-snippet:-1","max-image-preview":"max-image-preview:large","max-video-preview":"max-video-preview:-1"},"canonical":"https:\/\/iwell-guard.com\/ca\/thor\/","og_locale":"ca_ES","og_type":"article","og_title":"Thor","og_description":"Thor, el d\u00e9u del tro amb el martell Mj\u00f6lnir: protector de Midgard, la seva veneraci\u00f3 quotidiana al Nord i la seva perviv\u00e8ncia fins a l'actualitat.","og_url":"https:\/\/iwell-guard.com\/ca\/thor\/","og_site_name":"iWell Guard","article_modified_time":"2026-09-05T16:01:18+00:00","og_image":[{"width":1024,"height":1536,"url":"https:\/\/iwell-guard.com\/wp-content\/uploads\/2026\/04\/goetter_germanisch_thor.webp","type":"image\/webp"}],"twitter_card":"summary_large_image","schema":{"@context":"https:\/\/schema.org","@graph":[{"@type":"Article","@id":"https:\/\/iwell-guard.com\/ca\/thor\/#article","isPartOf":{"@id":"https:\/\/iwell-guard.com\/ca\/thor\/"},"author":{"name":"Ralf Ittermann","@id":"https:\/\/iwell-guard.com\/ca\/#\/schema\/person\/ee2a27f1cac3406c7c6fb5820cb7349f"},"headline":"Thor","datePublished":"2026-09-05T15:40:29+00:00","dateModified":"2026-09-05T16:01:18+00:00","mainEntityOfPage":{"@id":"https:\/\/iwell-guard.com\/ca\/thor\/"},"publisher":{"@id":"https:\/\/iwell-guard.com\/ca\/#organization"},"image":{"@id":"https:\/\/iwell-guard.com\/ca\/thor\/#primaryimage"},"thumbnailUrl":"https:\/\/iwell-guard.com\/wp-content\/uploads\/2026\/04\/goetter_germanisch_thor.webp","inLanguage":"ca","description":"Thor, el d\u00e9u del tro amb el martell Mj\u00f6lnir: protector de Midgard, la seva veneraci\u00f3 quotidiana al Nord i la seva perviv\u00e8ncia fins a l'actualitat."},{"@type":"WebPage","@id":"https:\/\/iwell-guard.com\/ca\/thor\/","url":"https:\/\/iwell-guard.com\/ca\/thor\/","name":"Thor - D\u00e9u del tro i de la protecci\u00f3","isPartOf":{"@id":"https:\/\/iwell-guard.com\/ca\/#website"},"primaryImageOfPage":{"@id":"https:\/\/iwell-guard.com\/ca\/thor\/#primaryimage"},"image":{"@id":"https:\/\/iwell-guard.com\/ca\/thor\/#primaryimage"},"thumbnailUrl":"https:\/\/iwell-guard.com\/wp-content\/uploads\/2026\/04\/goetter_germanisch_thor.webp","datePublished":"2026-09-05T15:40:29+00:00","dateModified":"2026-09-05T16:01:18+00:00","description":"Thor, el d\u00e9u del tro amb el martell Mj\u00f6lnir: protector de Midgard, la seva veneraci\u00f3 quotidiana al Nord i la seva perviv\u00e8ncia fins a l'actualitat.","breadcrumb":{"@id":"https:\/\/iwell-guard.com\/ca\/thor\/#breadcrumb"},"inLanguage":"ca","potentialAction":[{"@type":"ReadAction","target":["https:\/\/iwell-guard.com\/ca\/thor\/"]}]},{"@type":"ImageObject","inLanguage":"ca","@id":"https:\/\/iwell-guard.com\/ca\/thor\/#primaryimage","url":"https:\/\/iwell-guard.com\/wp-content\/uploads\/2026\/04\/goetter_germanisch_thor.webp","contentUrl":"https:\/\/iwell-guard.com\/wp-content\/uploads\/2026\/04\/goetter_germanisch_thor.webp","width":1024,"height":1536,"caption":"D\u00e9us de la tradici\u00f3 germ\u00e0nica."},{"@type":"BreadcrumbList","@id":"https:\/\/iwell-guard.com\/ca\/thor\/#breadcrumb","itemListElement":[{"@type":"ListItem","position":1,"name":"Start","item":"https:\/\/iwell-guard.com\/ca\/?page_id=171333"},{"@type":"ListItem","position":2,"name":"Thor"}]},{"@type":"WebSite","@id":"https:\/\/iwell-guard.com\/ca\/#website","url":"https:\/\/iwell-guard.com\/ca\/","name":"iWell Guard","description":"Schutz vor dunklen Einfl\u00fcssen","publisher":{"@id":"https:\/\/iwell-guard.com\/ca\/#organization"},"potentialAction":[{"@type":"SearchAction","target":{"@type":"EntryPoint","urlTemplate":"https:\/\/iwell-guard.com\/ca\/?s={search_term_string}"},"query-input":{"@type":"PropertyValueSpecification","valueRequired":true,"valueName":"search_term_string"}}],"inLanguage":"ca"},{"@type":"Organization","@id":"https:\/\/iwell-guard.com\/ca\/#organization","name":"Ittermann electronic GmbH","url":"https:\/\/iwell-guard.com\/ca\/","logo":{"@type":"ImageObject","inLanguage":"ca","@id":"https:\/\/iwell-guard.com\/ca\/#\/schema\/logo\/image\/","url":"https:\/\/iwell-guard.com\/wp-content\/uploads\/2026\/05\/Ittermann-Logo-1182x237-1.png","contentUrl":"https:\/\/iwell-guard.com\/wp-content\/uploads\/2026\/05\/Ittermann-Logo-1182x237-1.png","width":1182,"height":237,"caption":"Ittermann electronic GmbH"},"image":{"@id":"https:\/\/iwell-guard.com\/ca\/#\/schema\/logo\/image\/"},"sameAs":["https:\/\/pantip.com\/profile\/9367242","https:\/\/micro.blog\/iwellguard","https:\/\/www.diggerslist.com\/iwellguard\/about","https:\/\/skitterphoto.com\/photographers\/2870314\/iwell-guard","https:\/\/iwellguard.wordpress.com\/2026\/06\/06\/iwell-guard\/","https:\/\/hub.docker.com\/u\/iwellguard","https:\/\/www.pinterest.com\/iwellguard\/","https:\/\/bit.ly\/m\/iwellguard","https:\/\/entre-vos-mains.alsace.eu\/profiles\/iwellguard\/activity","https:\/\/gravatar.com\/reallybeded8fd34","https:\/\/naijamatta.com\/iwellguard","https:\/\/www.goodreads.com\/iwellguard","https:\/\/profile.hatena.ne.jp\/iwellguard\/","https:\/\/experiment.com\/users\/iwellguard","https:\/\/wakelet.com\/@iWellGuard82270","https:\/\/www.chordie.com\/forum\/profile.php?id=2555664","https:\/\/www.instapaper.com\/p\/17757966","https:\/\/www.mapleprimes.com\/users\/iwellguard","https:\/\/businesslistingplus.com\/profile\/iwell-guard\/","https:\/\/telegra.ph\/iWell-Guard-06-06","https:\/\/pbase.com\/iwellguard\/iwellguard","https:\/\/b.hatena.ne.jp\/iwellguard\/20260607#bookmark-4788405196491818882","https:\/\/fliphtml5.com\/home\/iwellguard","https:\/\/anyflip.com\/homepage\/cmiwl#About","https:\/\/transfur.com\/Users\/iwellguard","http:\/\/delphi.larsbo.org\/user\/iwellguard","https:\/\/jobs.lajobsportal.org\/profiles\/8380803-iwell-guard","https:\/\/md.chaosdorf.de\/s\/jfbe5SBdJD","https:\/\/www.lingvolive.com\/en-us\/profile\/9ecaeaca-ce11-4e51-9e71-01d55e2bff36\/translations","https:\/\/www.fitday.com\/fitness\/forums\/members\/iwellguard.html","https:\/\/www.mymeetbook.com\/iwellguard","https:\/\/pxhere.com\/en\/photographer-me\/5040798","https:\/\/disqus.com\/by\/iwellguard\/about\/","https:\/\/pastelink.net\/hjwciqwq","https:\/\/pubhtml5.com\/homepage\/scjhn\/","https:\/\/www.bitchute.com\/channel\/2O2eOKzNqujT","https:\/\/audiomack.com\/iwellguard"]},{"@type":"Person","@id":"https:\/\/iwell-guard.com\/ca\/#\/schema\/person\/ee2a27f1cac3406c7c6fb5820cb7349f","name":"Ralf Ittermann","image":{"@type":"ImageObject","inLanguage":"ca","@id":"https:\/\/secure.gravatar.com\/avatar\/073c0153e350a5005b68eb752b445fea71f6b24a26da9449ad7e155e6b446c9d?s=96&d=mm&r=g","url":"https:\/\/secure.gravatar.com\/avatar\/073c0153e350a5005b68eb752b445fea71f6b24a26da9449ad7e155e6b446c9d?s=96&d=mm&r=g","contentUrl":"https:\/\/secure.gravatar.com\/avatar\/073c0153e350a5005b68eb752b445fea71f6b24a26da9449ad7e155e6b446c9d?s=96&d=mm&r=g","caption":"Ralf Ittermann"},"givenName":"Ralf","familyName":"Ittermann","jobTitle":"Gesch\u00e4ftsf\u00fchrer und redaktioneller Verantwortlicher","url":"https:\/\/iwell-guard.com\/ca\/author\/claude\/","description":"Ralf Ittermann ist Gesch\u00e4ftsf\u00fchrer der Ittermann electronic GmbH und redaktioneller Verantwortlicher des iWell-Guard-Lexikons. Er verbindet langj\u00e4hrige Erfahrung in der Pr\u00e4zisionsfertigung mit medialer Praxis und religionsgeschichtlicher Quellenarbeit.","worksFor":{"@type":"Organization","name":"Ittermann electronic GmbH","url":"https:\/\/ittermann.de\/","address":{"@type":"PostalAddress","streetAddress":"K\u00f6hlergasse 16-18","postalCode":"99842","addressLocality":"Ruhla","addressCountry":"DE"}},"knowsAbout":["Religionsgeschichte","Mythologie","Mediale Praxis","Energetische Diagnostik","Schutzpraxis","Volksglauben","Westliche Esoterik"]},{"@type":"Article","@id":"https:\/\/iwell-guard.com\/ca\/thor\/#article","isPartOf":{"@id":"https:\/\/iwell-guard.com\/ca\/thor\/"},"author":{"name":"Ralf Ittermann","@id":"https:\/\/iwell-guard.com\/ca\/#\/schema\/person\/ee2a27f1cac3406c7c6fb5820cb7349f"},"headline":"Thor","datePublished":"2026-09-05T15:40:29+00:00","dateModified":"2026-09-05T16:01:18+00:00","mainEntityOfPage":{"@id":"https:\/\/iwell-guard.com\/ca\/thor\/"},"publisher":{"@id":"https:\/\/iwell-guard.com\/ca\/#organization"},"image":{"@id":"https:\/\/iwell-guard.com\/ca\/thor\/#primaryimage"},"thumbnailUrl":"https:\/\/iwell-guard.com\/wp-content\/uploads\/2026\/04\/goetter_germanisch_thor.webp","inLanguage":"ca","description":"Thor, el d\u00e9u del tro amb el martell Mj\u00f6lnir: protector de Midgard, la seva veneraci\u00f3 quotidiana al Nord i la seva perviv\u00e8ncia fins a l'actualitat."}]}},"_links":{"self":[{"href":"https:\/\/iwell-guard.com\/ca\/wp-json\/wp\/v2\/pages\/171567","targetHints":{"allow":["GET"]}}],"collection":[{"href":"https:\/\/iwell-guard.com\/ca\/wp-json\/wp\/v2\/pages"}],"about":[{"href":"https:\/\/iwell-guard.com\/ca\/wp-json\/wp\/v2\/types\/page"}],"author":[{"embeddable":true,"href":"https:\/\/iwell-guard.com\/ca\/wp-json\/wp\/v2\/users\/3"}],"replies":[{"embeddable":true,"href":"https:\/\/iwell-guard.com\/ca\/wp-json\/wp\/v2\/comments?post=171567"}],"version-history":[{"count":0,"href":"https:\/\/iwell-guard.com\/ca\/wp-json\/wp\/v2\/pages\/171567\/revisions"}],"wp:featuredmedia":[{"embeddable":true,"href":"https:\/\/iwell-guard.com\/ca\/wp-json\/wp\/v2\/media\/1573"}],"wp:attachment":[{"href":"https:\/\/iwell-guard.com\/ca\/wp-json\/wp\/v2\/media?parent=171567"}],"wp:term":[{"taxonomy":"category","embeddable":true,"href":"https:\/\/iwell-guard.com\/ca\/wp-json\/wp\/v2\/categories?post=171567"}],"curies":[{"name":"wp","href":"https:\/\/api.w.org\/{rel}","templated":true}]}}