{"id":171566,"date":"2026-09-05T15:40:29","date_gmt":"2026-09-05T15:40:29","guid":{"rendered":"https:\/\/iwell-guard.com\/?page_id=171566"},"modified":"2026-09-05T16:01:18","modified_gmt":"2026-09-05T16:01:18","slug":"freyja","status":"publish","type":"page","link":"https:\/\/iwell-guard.com\/ca\/freyja\/","title":{"rendered":"Freyja"},"content":{"rendered":"\t\t<div data-elementor-type=\"wp-page\" data-elementor-id=\"171566\" class=\"elementor elementor-171566 elementor-2094 elementor-bc-flex-widget\" data-elementor-post-type=\"page\">\n\t\t\t\t<div class=\"elementor-element elementor-element-10fdade e-flex e-con-boxed e-con e-parent\" data-id=\"10fdade\" data-element_type=\"container\" data-e-type=\"container\" data-settings=\"{&quot;background_background&quot;:&quot;classic&quot;}\">\n\t\t\t\t\t<div class=\"e-con-inner\">\n\t\t<div class=\"elementor-element elementor-element-herohlft0 e-flex e-con-boxed e-con e-child\" data-id=\"herohlft0\" data-element_type=\"container\" data-e-type=\"container\">\n\t\t\t\t\t<div class=\"e-con-inner\">\n\t\t<div class=\"elementor-element elementor-element-c3ceb64 e-con-full e-flex e-con e-child\" data-id=\"c3ceb64\" data-element_type=\"container\" data-e-type=\"container\">\n\t\t\t\t<div class=\"elementor-element elementor-element-96ae5e1 elementor-widget elementor-widget-heading\" data-id=\"96ae5e1\" data-element_type=\"widget\" data-e-type=\"widget\" data-widget_type=\"heading.default\">\n\t\t\t\t\t<h1 class=\"elementor-heading-title elementor-size-default\">Freyja, deessa de la tradici\u00f3 germ\u00e0nica<\/h1>\t\t\t\t<\/div>\n\t\t\t\t<div class=\"elementor-element elementor-element-e45238a elementor-widget elementor-widget-text-editor\" data-id=\"e45238a\" data-element_type=\"widget\" data-e-type=\"widget\" data-widget_type=\"text-editor.default\">\n\t\t\t\t\t\t\t\t\t<p>Freyja \u00e9s una de les deesses centrals de la <span class=\"iwg-fachbegriff\" data-tooltip=\"El conjunt dels relats m\u00edtics transmesos d'una cultura.\" tabindex=\"0\">mitologia<\/span> germ\u00e0nica, que governa l&#8217;amor, la fertilitat, la guerra i la prosperitat. Pertany al llinatge dels v\u00e0nids i encarna la sensualitat, la for\u00e7a femenina i el saber m\u00e0gic en fonts n\u00f2rdiques com l&#8217;Edda en prosa.<\/p>\t\t\t\t\t\t\t\t<\/div>\n\t\t\t\t<\/div>\n\t\t<div class=\"elementor-element elementor-element-klsbdg01 e-con-full e-flex e-con e-parent\" data-id=\"klsbdg01\" data-element_type=\"container\" data-e-type=\"container\">\n\t\t\t\t<div class=\"elementor-element elementor-element-klshtm01 elementor-widget elementor-widget-html\" data-id=\"klshtm01\" data-element_type=\"widget\" data-e-type=\"widget\" data-widget_type=\"html.default\">\n\t\t\t\t\t<div class=\"iwg-pill-row\"><span class=\"iwg-klasse-badge\" tabindex=\"0\" data-tooltip=\"D\u00e9u \/ Deessa: Poder suprem personificat en el pante\u00f3 d'una cultura, amb \u00e0mbits clars: forces naturals, dest\u00ed, guerra, fertilitat. Venerat mitjan\u00e7ant cultes, ofrenes i institucions de temple.\">Deessa<\/span><a href=\"https:\/\/iwell-guard.com\/ca\/?page_id=171366\" class=\"iwg-kultur-badge\" tabindex=\"0\" data-tooltip=\"M\u00f3n de d\u00e9us i esperits precristi\u00e0 del nord i centre d'Europa.\">Germ\u00e0nic<\/a><\/div>\t\t\t\t<\/div>\n\t\t\t\t<\/div>\n\t\t<div class=\"elementor-element elementor-element-3f74855 e-con-full e-flex e-con e-child\" data-id=\"3f74855\" data-element_type=\"container\" data-e-type=\"container\">\n\t\t\t\t<div class=\"elementor-element elementor-element-1c30362 elementor-toc--minimized-on-tablet elementor-widget elementor-widget-table-of-contents\" data-id=\"1c30362\" data-element_type=\"widget\" data-e-type=\"widget\" data-settings=\"{&quot;exclude_headings_by_selector&quot;:[],&quot;no_headings_message&quot;:&quot;No s&#039;ha trobat cap encap\\u00e7alament en aquesta p\\u00e0gina.&quot;,&quot;headings_by_tags&quot;:[&quot;h2&quot;,&quot;h3&quot;],&quot;marker_view&quot;:&quot;bullets&quot;,&quot;minimize_box&quot;:&quot;yes&quot;,&quot;icon&quot;:{&quot;value&quot;:&quot;fas fa-circle&quot;,&quot;library&quot;:&quot;fa-solid&quot;,&quot;rendered_tag&quot;:&quot;&lt;svg class=\\&quot;e-font-icon-svg e-fas-circle\\&quot; viewBox=\\&quot;0 0 512 512\\&quot; xmlns=\\&quot;http:\\\/\\\/www.w3.org\\\/2000\\\/svg\\&quot;&gt;&lt;path d=\\&quot;M256 8C119 8 8 119 8 256s111 248 248 248 248-111 248-248S393 8 256 8z\\&quot;&gt;&lt;\\\/path&gt;&lt;\\\/svg&gt;&quot;},&quot;minimized_on&quot;:&quot;tablet&quot;,&quot;hierarchical_view&quot;:&quot;yes&quot;,&quot;min_height&quot;:{&quot;unit&quot;:&quot;px&quot;,&quot;size&quot;:&quot;&quot;,&quot;sizes&quot;:[]},&quot;min_height_tablet&quot;:{&quot;unit&quot;:&quot;px&quot;,&quot;size&quot;:&quot;&quot;,&quot;sizes&quot;:[]},&quot;min_height_mobile&quot;:{&quot;unit&quot;:&quot;px&quot;,&quot;size&quot;:&quot;&quot;,&quot;sizes&quot;:[]}}\" data-widget_type=\"table-of-contents.default\">\n\t\t\t\t\t\t\t\t\t<div class=\"elementor-toc__header\">\n\t\t\t\t\t\t<h2 class=\"elementor-toc__header-title\">\n\t\t\t\t\u00cdndex\t\t\t<\/h2>\n\t\t\t\t\t\t\t\t\t\t<div class=\"elementor-toc__toggle-button elementor-toc__toggle-button--expand\" role=\"button\" tabindex=\"0\" aria-controls=\"elementor-toc__1c30362\" aria-expanded=\"true\" aria-label=\"Open table of contents\"><svg aria-hidden=\"true\" class=\"e-font-icon-svg e-fas-chevron-down\" viewBox=\"0 0 448 512\" xmlns=\"http:\/\/www.w3.org\/2000\/svg\"><path d=\"M207.029 381.476L12.686 187.132c-9.373-9.373-9.373-24.569 0-33.941l22.667-22.667c9.357-9.357 24.522-9.375 33.901-.04L224 284.505l154.745-154.021c9.379-9.335 24.544-9.317 33.901.04l22.667 22.667c9.373 9.373 9.373 24.569 0 33.941L240.971 381.476c-9.373 9.372-24.569 9.372-33.942 0z\"><\/path><\/svg><\/div>\n\t\t\t\t<div class=\"elementor-toc__toggle-button elementor-toc__toggle-button--collapse\" role=\"button\" tabindex=\"0\" aria-controls=\"elementor-toc__1c30362\" aria-expanded=\"true\" aria-label=\"Close table of contents\"><svg aria-hidden=\"true\" class=\"e-font-icon-svg e-fas-chevron-up\" viewBox=\"0 0 448 512\" xmlns=\"http:\/\/www.w3.org\/2000\/svg\"><path d=\"M240.971 130.524l194.343 194.343c9.373 9.373 9.373 24.569 0 33.941l-22.667 22.667c-9.357 9.357-24.522 9.375-33.901.04L224 227.495 69.255 381.516c-9.379 9.335-24.544 9.317-33.901-.04l-22.667-22.667c-9.373-9.373-9.373-24.569 0-33.941L207.03 130.525c9.372-9.373 24.568-9.373 33.941-.001z\"><\/path><\/svg><\/div>\n\t\t\t\t\t<\/div>\n\t\t\t\t<div id=\"elementor-toc__1c30362\" class=\"elementor-toc__body\">\n\t\t\t<div class=\"elementor-toc__spinner-container\">\n\t\t\t\t<svg class=\"elementor-toc__spinner eicon-animation-spin e-font-icon-svg e-eicon-loading\" aria-hidden=\"true\" viewBox=\"0 0 1000 1000\" xmlns=\"http:\/\/www.w3.org\/2000\/svg\"><path d=\"M500 975V858C696 858 858 696 858 500S696 142 500 142 142 304 142 500H25C25 237 238 25 500 25S975 237 975 500 763 975 500 975Z\"><\/path><\/svg>\t\t\t<\/div>\n\t\t<\/div>\n\t\t\t\t\t\t<\/div>\n\t\t\t\t<\/div>\n\t\t\t\t\t<\/div>\n\t\t\t\t<\/div>\n\t\t<div class=\"elementor-element elementor-element-herorght0 e-con-full e-flex e-con e-child\" data-id=\"herorght0\" data-element_type=\"container\" data-e-type=\"container\">\n\t\t\t\t<div class=\"elementor-element elementor-element-heroimg00 iwg-hero-image elementor-widget elementor-widget-image\" data-id=\"heroimg00\" data-element_type=\"widget\" data-e-type=\"widget\" data-widget_type=\"image.default\">\n\t\t\t\t\t\t\t\t\t\t\t\t\t\t\t<img fetchpriority=\"high\" decoding=\"async\" width=\"683\" height=\"1024\" src=\"https:\/\/iwell-guard.com\/wp-content\/uploads\/2026\/04\/goetter_germanisch_freyja-683x1024.webp\" class=\"attachment-large size-large wp-image-1571\" alt=\"Freyja\" srcset=\"https:\/\/iwell-guard.com\/wp-content\/uploads\/2026\/04\/goetter_germanisch_freyja-683x1024.webp 683w, https:\/\/iwell-guard.com\/wp-content\/uploads\/2026\/04\/goetter_germanisch_freyja-200x300.webp 200w, https:\/\/iwell-guard.com\/wp-content\/uploads\/2026\/04\/goetter_germanisch_freyja-768x1152.webp 768w, https:\/\/iwell-guard.com\/wp-content\/uploads\/2026\/04\/goetter_germanisch_freyja.webp 1024w\" sizes=\"(max-width: 683px) 100vw, 683px\" \/>\t\t\t\t\t\t\t\t\t\t\t\t\t\t\t<\/div>\n\t\t\t\t<\/div>\n\t\t\t\t\t<\/div>\n\t\t\t\t<\/div>\n\t\t<div class=\"elementor-element elementor-element-32917199 e-flex e-con-boxed e-con e-parent\" data-id=\"32917199\" data-element_type=\"container\" data-e-type=\"container\">\n\t\t\t\t\t<div class=\"e-con-inner\">\n\t\t<div class=\"elementor-element elementor-element-26e916cb e-flex e-con-boxed e-con e-child\" data-id=\"26e916cb\" data-element_type=\"container\" data-e-type=\"container\">\n\t\t\t\t\t<div class=\"e-con-inner\">\n\t\t<div class=\"elementor-element elementor-element-253a40d4 e-flex e-con-boxed e-con e-child\" data-id=\"253a40d4\" data-element_type=\"container\" data-e-type=\"container\">\n\t\t\t\t\t<div class=\"e-con-inner\">\n\t\t\t\t<div class=\"elementor-element elementor-element-1200c304 elementor-widget elementor-widget-heading\" data-id=\"1200c304\" data-element_type=\"widget\" data-e-type=\"widget\" data-widget_type=\"heading.default\">\n\t\t\t\t\t<div class=\"elementor-heading-title elementor-size-default\">Freyja<\/div>\t\t\t\t<\/div>\n\t\t\t\t<div class=\"elementor-element elementor-element-11758e7f elementor-widget elementor-widget-text-editor\" data-id=\"11758e7f\" data-element_type=\"widget\" data-e-type=\"widget\" data-widget_type=\"text-editor.default\">\n\t\t\t\t\t\t\t\t\t<p>Freyja es representa amb or, gats, falcons i el collar Brisingamen. Escull la meitat dels caiguts en combat (juntament amb Odin) i els porta a la seva sala, el Folkvangr. Venerada en cultes de fertilitat, en juraments matrimonials i en pr\u00e0ctiques artesanals femenines.<\/p>\t\t\t\t\t\t\t\t<\/div>\n\t\t\t\t\t<\/div>\n\t\t\t\t<\/div>\n\t\t<div class=\"elementor-element elementor-element-159dcf9a e-flex e-con-boxed e-con e-child\" data-id=\"159dcf9a\" data-element_type=\"container\" data-e-type=\"container\">\n\t\t\t\t\t<div class=\"e-con-inner\">\n\t\t\t\t<div class=\"elementor-element elementor-element-48cee66f elementor-widget elementor-widget-heading\" data-id=\"48cee66f\" data-element_type=\"widget\" data-e-type=\"widget\" data-widget_type=\"heading.default\">\n\t\t\t\t\t<h3 class=\"elementor-heading-title elementor-size-default\">Resum r\u00e0pid: Freyja<\/h3>\t\t\t\t<\/div>\n\t\t\t\t<div class=\"elementor-element elementor-element-3f50d82c elementor-widget elementor-widget-text-editor\" data-id=\"3f50d82c\" data-element_type=\"widget\" data-e-type=\"widget\" data-widget_type=\"text-editor.default\">\n\t\t\t\t\t\t\t\t\t<p><strong>Tipus:<\/strong> Deessa principal germ\u00e0nica, vana, deessa de l&#8217;amor, la guerra i la <span class=\"iwg-fachbegriff\" data-tooltip=\"Pr\u00e0ctiques que pretenen intervenir en el curs dels esdeveniments mitjan\u00e7ant accions o f\u00f3rmules especials.\" tabindex=\"0\">m\u00e0gia<\/span><br><span class=\"iwg-fachbegriff\" data-tooltip=\"El conjunt de d\u00e9us d'una religi\u00f3 o cultura.\" tabindex=\"0\">Pante\u00f3<\/span>: Germ\u00e0nic \/ N\u00f2rdic (llinatge vanir)<br>Funci\u00f3: amor, bellesa, sexe, guerra, m\u00e0gia seid, la meitat dels guerrers caiguts<br>Atributs principals: collar Brisingamen, mantell de plomes de falc\u00f3, carro de gats, ll\u00e0grimes d&#8217;or<br>Principals llocs de culte: no es documenten temples propis; culte popular a Escandin\u00e0via i el nord d&#8217;Alemanya<br>Germans: Freyr (germ\u00e0, principal vanir)<\/p>\t\t\t\t\t\t\t\t<\/div>\n\t\t\t\t\t<\/div>\n\t\t\t\t<\/div>\n\t\t\t\t\t<\/div>\n\t\t\t\t<\/div>\n\t\t\t\t\t<\/div>\n\t\t\t\t<\/div>\n\t\t<div class=\"elementor-element elementor-element-18613602 e-flex e-con-boxed e-con e-parent\" data-id=\"18613602\" data-element_type=\"container\" data-e-type=\"container\">\n\t\t\t\t\t<div class=\"e-con-inner\">\n\t\t\t\t<div class=\"elementor-element elementor-element-262b8a9f elementor-widget elementor-widget-heading\" data-id=\"262b8a9f\" data-element_type=\"widget\" data-e-type=\"widget\" data-widget_type=\"heading.default\">\n\t\t\t\t\t<h2 class=\"elementor-heading-title elementor-size-default\">Contextualitzaci\u00f3 hist\u00f2rica<\/h2>\t\t\t\t<\/div>\n\t\t<div class=\"elementor-element elementor-element-46dcb7d e-con-full e-flex e-con e-child\" data-id=\"46dcb7d\" data-element_type=\"container\" data-e-type=\"container\">\n\t\t<div class=\"elementor-element elementor-element-61d3ab3 e-flex e-con-boxed e-con e-child\" data-id=\"61d3ab3\" data-element_type=\"container\" data-e-type=\"container\">\n\t\t\t\t\t<div class=\"e-con-inner\">\n\t\t\t\t<div class=\"elementor-element elementor-element-117c166 elementor-widget elementor-widget-heading\" data-id=\"117c166\" data-element_type=\"widget\" data-e-type=\"widget\" data-widget_type=\"heading.default\">\n\t\t\t\t\t<div class=\"elementor-heading-title elementor-size-default\">Per\u00edode dels textos<\/div>\t\t\t\t<\/div>\n\t\t\t\t<div class=\"elementor-element elementor-element-73997a0 elementor-widget elementor-widget-text-editor\" data-id=\"73997a0\" data-element_type=\"widget\" data-e-type=\"widget\" data-widget_type=\"text-editor.default\">\n\t\t\t\t\t\t\t\t\t<p>Freyja ocupa un lloc central des de les fonts escandinaves m\u00e9s antigues. Fonts principals: <span class=\"iwg-fachbegriff\" tabindex=\"0\" data-tooltip=\"Erudit island\u00e8s (1179\u20131241); autor de l'Edda en prosa i de la Heimskringla.\">Snorri Sturluson<\/span>, <em>Snorra-Edda<\/em> (1220), i l&#8217;<em>Edda po\u00e8tica<\/em> (segle XIII, que cont\u00e9 can\u00e7ons m\u00e9s antigues). \u00c9s la m\u00e9s important de les deesses <em>v\u00e0niques<\/em> (el llinatge div\u00ed m\u00e9s antic, anterior als \u00e4ssirs); despr\u00e9s de la guerra entre \u00e0ssirs i v\u00e0nids fou acollida com a ostatge a \u00c1sgard junt amb el seu pare Njord i el seu germ\u00e0 Freyr.<\/p><p>L&#8217;\u00e8poca de m\u00e0xim esplendor del seu culte: l&#8217;Escandin\u00e0via precristiana (\u00e8poca vikinga, segles VIII-XI). La cristianitzaci\u00f3 d&#8217;Escandin\u00e0via (segles X-XII) va interrompre el <span class=\"iwg-fachbegriff\" data-tooltip=\"El conjunt de pr\u00e0ctiques de veneraci\u00f3 religiosa envers una divinitat o figura sagrada.\" tabindex=\"0\">culte<\/span>, per\u00f2 es van conservar costums populars (celebracions de dones el divendres, veneraci\u00f3 de gats en algunes regions). Als segles XIX-XX es va produir un renaixement rom\u00e0ntic; en la tradici\u00f3 moderna de l&#8217;<em>\u00c0satru<\/em> torna a tenir un paper central.<\/p>\n<p>T\u00e0cit esmenta en la seva <em>Germ\u00e0nia<\/em> (98 dC) una deessa Nerthus, venerada per diverses tribus germ\u00e0niques, el nom de la qual est\u00e0 relacionat ling\u00fc\u00edsticament amb Njord. La recerca considera Nerthus com una figura pertanyent als v\u00e0nids i, per tant, com una possible paral\u00b7lela o precursora primerenca de la tradici\u00f3 de Freyja, encara que no \u00e9s possible una identificaci\u00f3 directa.<\/p>\t\t\t\t\t\t\t\t<\/div>\n\t\t\t\t\t<\/div>\n\t\t\t\t<\/div>\n\t\t<div class=\"elementor-element elementor-element-d47b156 e-flex e-con-boxed e-con e-child\" data-id=\"d47b156\" data-element_type=\"container\" data-e-type=\"container\">\n\t\t\t\t\t<div class=\"e-con-inner\">\n\t\t\t\t<div class=\"elementor-element elementor-element-ff38c2b elementor-widget elementor-widget-heading\" data-id=\"ff38c2b\" data-element_type=\"widget\" data-e-type=\"widget\" data-widget_type=\"heading.default\">\n\t\t\t\t\t<div class=\"elementor-heading-title elementor-size-default\">\u00c0rea de difusi\u00f3<\/div>\t\t\t\t<\/div>\n\t\t\t\t<div class=\"elementor-element elementor-element-4e49fcc elementor-widget elementor-widget-text-editor\" data-id=\"4e49fcc\" data-element_type=\"widget\" data-e-type=\"widget\" data-widget_type=\"text-editor.default\">\n\t\t\t\t\t\t\t\t\t<p>No es documenten de manera clara <span class=\"iwg-fachbegriff\" data-tooltip=\"Una construcci\u00f3 dedicada a la veneraci\u00f3 d'una o m\u00e9s divinitats.\" tabindex=\"0\">temples<\/span> directes dedicats a Freyja; alguns top\u00f2nims escandinaus (com els llocs de culte de Frej a Su\u00e8cia) apunten a antics llocs de culte. Adam de Bremen esmenta al segle XI el <em><span class=\"iwg-fachbegriff\" data-tooltip=\"Una construcci\u00f3 dedicada a la veneraci\u00f3 d'una o m\u00e9s divinitats.\" tabindex=\"0\">temple<\/span> d&#8217;Uppsala<\/em> amb est\u00e0tues d&#8217;Odin, Thor i Freyr (no es menciona expl\u00edcitament Freyja, per\u00f2 hi \u00e9s impl\u00edcita en el context v\u00e0nida).<\/p><p><span data-nosnippet>En l&#8217;<em>Asatru<\/em> modern (actiu a Escandin\u00e0via, els EUA, el Regne Unit i Alemanya) es torna a venerar-la; a Isl\u00e0ndia l&#8217;Asatru \u00e9s una religi\u00f3 reconeguda oficialment per l&#8217;Estat des de 1973, amb Freyja com a deessa principal en algunes l\u00ednies.<\/span><\/p>\n<p>La topon\u00edmia ha registrat a Su\u00e8cia, Noruega i Dinamarca una s\u00e8rie de noms derivats de Fr\u00f6 i Freys que indiquen llocs o zones de culte. Aquest camp de recerca es considera un complement important a la transmissi\u00f3 liter\u00e0ria, ja que aporta indicis sobre la difusi\u00f3 geogr\u00e0fica i l&#8217;arrelament local del culte que no es poden extreure \u00fanicament dels textos \u00e8ddics.<\/p>\t\t\t\t\t\t\t\t<\/div>\n\t\t\t\t\t<\/div>\n\t\t\t\t<\/div>\n\t\t\t\t<\/div>\n\t\t<div class=\"elementor-element elementor-element-db03c39 e-con-full e-flex e-con e-child\" data-id=\"db03c39\" data-element_type=\"container\" data-e-type=\"container\">\n\t\t<div class=\"elementor-element elementor-element-229a87b e-flex e-con-boxed e-con e-child\" data-id=\"229a87b\" data-element_type=\"container\" data-e-type=\"container\">\n\t\t\t\t\t<div class=\"e-con-inner\">\n\t\t\t\t<div class=\"elementor-element elementor-element-1f471fc elementor-widget elementor-widget-heading\" data-id=\"1f471fc\" data-element_type=\"widget\" data-e-type=\"widget\" data-widget_type=\"heading.default\">\n\t\t\t\t\t<div class=\"elementor-heading-title elementor-size-default\">Estat de les fonts<\/div>\t\t\t\t<\/div>\n\t\t\t\t<div class=\"elementor-element elementor-element-36b1201 elementor-widget elementor-widget-text-editor\" data-id=\"36b1201\" data-element_type=\"widget\" data-e-type=\"widget\" data-widget_type=\"text-editor.default\">\n\t\t\t\t\t\t\t\t\t<p>Fonts principals: <span class=\"iwg-fachbegriff\" tabindex=\"0\" data-tooltip=\"Erudit island\u00e8s (1179\u20131241); autor de l'Edda en prosa i de la Heimskringla.\">Snorri Sturluson<\/span>, <em>Snorra-Edda<\/em> (Gylfaginning, Sk\u00e1ldskaparm\u00e1l); <em>Edda po\u00e8tica<\/em> (Hyndlulj\u00f3\u00f0, amb el mite principal sobre Freyja i \u00d3ttar; \u00derymskvi\u00f0a, el Brisingamen de Freyja). Bibliografia secund\u00e0ria: Simek, <em>Lexikon der germanischen <span class=\"iwg-fachbegriff\" data-tooltip=\"El conjunt dels relats m\u00edtics transmesos d'una cultura.\" tabindex=\"0\">Mythologie<\/span><\/em>; de Vries, <em>Altgermanische Religionsgeschichte<\/em>; N\u00e4sstr\u00f6m, <em>Freyja. The Great Goddess of the North<\/em> (obra de refer\u00e8ncia); Lindow, <em>Norse Mythology<\/em>; Davidson, <em>Roles of the Northern Goddess<\/em>.<\/p>\n<p>Entre els testimonis arqueol\u00f2gics hi ha bractees d&#8217;or de l&#8217;\u00e8poca de les migracions, en les quals apareixen figures femenines amb collarets; la recerca les interpreta ocasionalment com a representacions de Freyja, encara que una identificaci\u00f3 segura continua sent dif\u00edcil. Complement\u00e0riament, la toponom\u00e0stica escandinava documenta nombrosos noms amb Fr\u00f6- i Freys-, considerats testimonis d&#8217;un culte precristi\u00e0 molt est\u00e8s.<\/p>\t\t\t\t\t\t\t\t<\/div>\n\t\t\t\t\t<\/div>\n\t\t\t\t<\/div>\n\t\t\t\t<\/div>\n\t\t\t\t\t<\/div>\n\t\t\t\t<\/div>\n\t\t<div class=\"elementor-element elementor-element-3ae0637c e-flex e-con-boxed e-con e-parent\" data-id=\"3ae0637c\" data-element_type=\"container\" data-e-type=\"container\">\n\t\t\t\t\t<div class=\"e-con-inner\">\n\t\t\t\t<div class=\"elementor-element elementor-element-31d07739 elementor-widget elementor-widget-heading\" data-id=\"31d07739\" data-element_type=\"widget\" data-e-type=\"widget\" data-widget_type=\"heading.default\">\n\t\t\t\t\t<h2 class=\"elementor-heading-title elementor-size-default\">Nom i variants<\/h2>\t\t\t\t<\/div>\n\t\t<div class=\"elementor-element elementor-element-b7642947 e-con-full e-flex e-con e-child\" data-id=\"b7642947\" data-element_type=\"container\" data-e-type=\"container\">\n\t\t\t\t<div class=\"elementor-element elementor-element-a086266 elementor-widget elementor-widget-text-editor\" data-id=\"a086266\" data-element_type=\"widget\" data-e-type=\"widget\" data-widget_type=\"text-editor.default\">\n\t\t\t\t\t\t\t\t\t<p>Freyja \u00e9s representada en les diverses fonts i tradicions art\u00edstiques amb determinats elements iconogr\u00e0fics recurrents que es mantenen relativament constants al llarg de d\u00e8cades i de diferents \u00e0mbits geogr\u00e0fics. Aquests elements no s\u00f3n purament decoratius ni escollits a l&#8217;atzar, sin\u00f3 que estan codificats amb un profund significat simb\u00f2lic i tenen una gran import\u00e0ncia.<\/p><p>Els atributs de Freyja estan clarament esmentats a l&#8217;Edda i cadascun porta un significat propi: el collar Br\u00edsingamen remet a la seva vinculaci\u00f3 amb la bellesa, l&#8217;amor i la fertilitat, la capa de falc\u00f3 li permet el canvi de forma i el vol entre els mons, i el carro tirat per gats \u00e9s el seu atribut de viatge habitual.<\/p><p>El fet que li correspongui la meitat dels caiguts, que ella acull a F\u00f3lkvangr, mostra tamb\u00e9 la seva compet\u00e8ncia sobre la mort, al costat d&#8217;Odin. Qui coneixia la poesia n\u00f2rdica podia llegir directament el rang i els \u00e0mbits de poder de la deessa a partir d&#8217;aquests trets; aix\u00ed s&#8217;han transm\u00e8s de manera constant.<\/p>\t\t\t\t\t\t\t\t<\/div>\n\t\t\t\t<\/div>\n\t\t\t\t\t<\/div>\n\t\t\t\t<\/div>\n\t\t<div class=\"elementor-element elementor-element-709a44a8 e-flex e-con-boxed e-con e-parent\" data-id=\"709a44a8\" data-element_type=\"container\" data-e-type=\"container\">\n\t\t\t\t\t<div class=\"e-con-inner\">\n\t\t\t\t<div class=\"elementor-element elementor-element-2f585873 elementor-widget elementor-widget-heading\" data-id=\"2f585873\" data-element_type=\"widget\" data-e-type=\"widget\" data-widget_type=\"heading.default\">\n\t\t\t\t\t<h2 class=\"elementor-heading-title elementor-size-default\">Trets caracter\u00edstics<\/h2>\t\t\t\t<\/div>\n\t\t<div class=\"elementor-element elementor-element-70621c12 e-con-full e-flex e-con e-child\" data-id=\"70621c12\" data-element_type=\"container\" data-e-type=\"container\">\n\t\t\t\t<div class=\"elementor-element elementor-element-4296eb49 elementor-widget elementor-widget-text-editor\" data-id=\"4296eb49\" data-element_type=\"widget\" data-e-type=\"widget\" data-widget_type=\"text-editor.default\">\n\t\t\t\t\t\t\t\t\t<p>Freyja tenia un paper central en la pr\u00e0ctica religiosa, en els rituals quotidians i en la comprensi\u00f3 corrent de la cultura germ\u00e0nica. Les persones s&#8217;adre\u00e7aven a aquesta entitat en situacions vitals cr\u00edtiques o determinades, o en certes \u00e8poques rituals de l&#8217;any, amb rituals estructurats i sovint elaborats, preg\u00e0ries o ofrenes.<\/p><p>La m\u00e0gia de sei\u00f0r associada a Freyja era una art regulada amb professionals pr\u00f2pies: la v\u00f6lva, una vident itinerant amb bast\u00f3 i un desenvolupament ritual fix, la practicava, i segons l&#8217;Edda va ser la mateixa Freyja qui va introduir aquesta pr\u00e0ctica entre els Asos. Qui exercia el sei\u00f0r seguia procediments, cants i normes de rol apresos, sense marge per a la improvisaci\u00f3 lliure.<\/p><p>La invocaci\u00f3 de Freyja tenia finalitats diverses segons la situaci\u00f3 vital: se l&#8217;invocava en q\u00fcestions amoroses i en el desig de tenir fills, la m\u00e0gia de sei\u00f0r que se li atribu\u00efa servia per explorar i modificar el dest\u00ed, i com a senyora de F\u00f3lkvangr rebia la meitat dels caiguts, situant-se tamb\u00e9 en el llindar entre la vida i la mort.<\/p><p>El fet que top\u00f2nims d&#8217;Escandin\u00e0via portin el seu nom indica que el seu culte es considerava efica\u00e7 i que es va mantenir viu durant llarg temps.<\/p><h3>Aparen\u00e7a i simbolisme<\/h3><p>Freyja es representa amb el collar d&#8217;or Brisingamen. Viatja en un carro tirat per gats. La seva capa de falc\u00f3 li permet volar de manera invisible. La rosa, la primavera i la guerrera encarnen la seva multiplicitat. El mar forma part del seu \u00e0mbit.<\/p>\t\t\t\t\t\t\t\t<\/div>\n\t\t\t\t<\/div>\n\t\t\t\t\t<\/div>\n\t\t\t\t<\/div>\n\t\t<div class=\"elementor-element elementor-element-44e71476 e-flex e-con-boxed e-con e-parent\" data-id=\"44e71476\" data-element_type=\"container\" data-e-type=\"container\">\n\t\t\t\t\t<div class=\"e-con-inner\">\n\t\t\t\t<div class=\"elementor-element elementor-element-3c1fc3f0 elementor-widget elementor-widget-heading\" data-id=\"3c1fc3f0\" data-element_type=\"widget\" data-e-type=\"widget\" data-widget_type=\"heading.default\">\n\t\t\t\t\t<div class=\"elementor-heading-title elementor-size-default\">Fitxa: Freyja<\/div>\t\t\t\t<\/div>\n\t\t<div class=\"elementor-element elementor-element-84f33b8e e-con-full e-flex e-con e-child\" data-id=\"84f33b8e\" data-element_type=\"container\" data-e-type=\"container\">\n\t\t\t\t<div class=\"elementor-element elementor-element-hqkdc67p elementor-widget elementor-widget-text-editor\" data-id=\"hqkdc67p\" data-element_type=\"widget\" data-e-type=\"widget\" data-widget_type=\"text-editor.default\">\n\t\t\t\t\t\t\t\t\t<p>Els aspectes m\u00e9s importants de Freyja d&#8217;un cop d&#8217;ull. Els camps seg\u00fcents resumeixen origen, funci\u00f3, aparen\u00e7a, veneraci\u00f3, s\u00edmbols i paral\u00b7lelismes culturals.<\/p>\t\t\t\t\t\t\t\t<\/div>\n\t\t\t\t<\/div>\n\t\t<div class=\"elementor-element elementor-element-pemmx7c5 e-con-full e-flex e-con e-child\" data-id=\"pemmx7c5\" data-element_type=\"container\" data-e-type=\"container\">\n\t\t<div class=\"elementor-element elementor-element-pemmx7c1 e-con-full e-flex e-con e-child\" data-id=\"pemmx7c1\" data-element_type=\"container\" data-e-type=\"container\">\n\t\t<div class=\"elementor-element elementor-element-qh9oavvu iwg-steckbrief-card e-flex e-con-boxed e-con e-child\" data-id=\"qh9oavvu\" data-element_type=\"container\" data-e-type=\"container\">\n\t\t\t\t\t<div class=\"e-con-inner\">\n\t\t\t\t<div class=\"elementor-element elementor-element-awzx8k2k elementor-widget elementor-widget-heading\" data-id=\"awzx8k2k\" data-element_type=\"widget\" data-e-type=\"widget\" data-widget_type=\"heading.default\">\n\t\t\t\t\t<h3 class=\"elementor-heading-title elementor-size-default\">Tradici\u00f3<\/h3>\t\t\t\t<\/div>\n\t\t\t\t<div class=\"elementor-element elementor-element-x6rowhv0 elementor-widget elementor-widget-text-editor\" data-id=\"x6rowhv0\" data-element_type=\"widget\" data-e-type=\"widget\" data-widget_type=\"text-editor.default\">\n\t\t\t\t\t\t\t\t\t<p>Freyja \u00e9s filla de <em>Njord<\/em> (d\u00e9u del mar) i filla (germana de Nerthus). Germana de <em>Freyr<\/em>, amb qui forma la parella de germans v\u00e0nirs.<\/p><p>Esposa d&#8217;<em>Od\/Odur<\/em> (en algunes fonts identificat amb Odin), el seu marit desapareix en viatges sense fi, i Freyja el busca plorant, i les seves ll\u00e0grimes es converteixen en or. Mare de la filla <em>Hnoss<\/em> (\u00abJoia\u00bb) i Gersemi (\u00abObjecte preci\u00f3s\u00bb). A l&#8217;<em>Hyndluljod<\/em>, relaci\u00f3 amb el mortal Ottar.<\/p>\t\t\t\t\t\t\t\t<\/div>\n\t\t\t\t\t<\/div>\n\t\t\t\t<\/div>\n\t\t<div class=\"elementor-element elementor-element-8e3o4kxs iwg-steckbrief-card e-flex e-con-boxed e-con e-child\" data-id=\"8e3o4kxs\" data-element_type=\"container\" data-e-type=\"container\">\n\t\t\t\t\t<div class=\"e-con-inner\">\n\t\t\t\t<div class=\"elementor-element elementor-element-08rkdgov elementor-widget elementor-widget-heading\" data-id=\"08rkdgov\" data-element_type=\"widget\" data-e-type=\"widget\" data-widget_type=\"heading.default\">\n\t\t\t\t\t<h3 class=\"elementor-heading-title elementor-size-default\">Objecte d'acci\u00f3<\/h3>\t\t\t\t<\/div>\n\t\t\t\t<div class=\"elementor-element elementor-element-uwjelx8s elementor-widget elementor-widget-text-editor\" data-id=\"uwjelx8s\" data-element_type=\"widget\" data-e-type=\"widget\" data-widget_type=\"text-editor.default\">\n\t\t\t\t\t\t\t\t\t<p>Deessa de l&#8217;amor, la bellesa, la sexualitat i la fertilitat. T\u00e9 tamb\u00e9 una doble funci\u00f3 com a <em>deessa de la guerra<\/em>: segons Snorri, tria la meitat dels guerrers caiguts per al seu seguici a <em>F\u00f3lkvangr<\/em> (l&#8217;altra meitat la rep Odin a Valhalla), una jerarquia notable que situa Freyja al mateix nivell que Odin.<\/p><p>Patrona de la <em><span class=\"iwg-fachbegriff\" data-tooltip=\"Pr\u00e0ctiques que pretenen intervenir en el curs dels esdeveniments mitjan\u00e7ant accions o f\u00f3rmules especials.\" tabindex=\"0\">m\u00e0gia<\/span> de seid<\/em> (una <span class=\"iwg-fachbegriff\" data-tooltip=\"Pr\u00e0ctiques que pretenen intervenir en el curs dels esdeveniments mitjan\u00e7ant accions o f\u00f3rmules especials.\" tabindex=\"0\">m\u00e0gia<\/span> profunda, xam\u00e0nic-oracular, que va ensenyar als Asos). En el <span class=\"iwg-fachbegriff\" data-tooltip=\"El conjunt d'actes de veneraci\u00f3 religiosa dedicats a una divinitat o figura sagrada.\" tabindex=\"0\">culte<\/span> personal, <span class=\"iwg-fachbegriff\" data-tooltip=\"L'acte de dirigir-se a una divinitat o poder amb una petici\u00f3 o invocaci\u00f3.\" tabindex=\"0\">invocaci\u00f3<\/span> en q\u00fcestions amoroses, en necessitats de fertilitat, i en la pr\u00e0ctica de la guerra i del seid. En l&#8217;Asatru modern, \u00e9s una deessa central en la iniciaci\u00f3 de les dones.<\/p>\t\t\t\t\t\t\t\t<\/div>\n\t\t\t\t\t<\/div>\n\t\t\t\t<\/div>\n\t\t<div class=\"elementor-element elementor-element-jm2n74ec iwg-steckbrief-card e-flex e-con-boxed e-con e-child\" data-id=\"jm2n74ec\" data-element_type=\"container\" data-e-type=\"container\">\n\t\t\t\t\t<div class=\"e-con-inner\">\n\t\t\t\t<div class=\"elementor-element elementor-element-8vufse4c elementor-widget elementor-widget-heading\" data-id=\"8vufse4c\" data-element_type=\"widget\" data-e-type=\"widget\" data-widget_type=\"heading.default\">\n\t\t\t\t\t<h3 class=\"elementor-heading-title elementor-size-default\">Representaci\u00f3<\/h3>\t\t\t\t<\/div>\n\t\t\t\t<div class=\"elementor-element elementor-element-mwb9u015 elementor-widget elementor-widget-text-editor\" data-id=\"mwb9u015\" data-element_type=\"widget\" data-e-type=\"widget\" data-widget_type=\"text-editor.default\">\n\t\t\t\t\t\t\t\t\t<p>Dona jove i bella, sovint representada de manera joven\u00edvol-er\u00f2tica, ben diferent de la matronal Frigg. Cabells daurats, vestit de cort de diverses capes, sovint amb armadura a sota (doble funci\u00f3). El <em>collar Brisingamen<\/em> com a atribut principal, un collar d&#8217;or elaborat que va aconseguir de quatre nans (a canvi de tenir relacions sexuals amb cadascun), una de les hist\u00f2ries m\u00e9s c\u00e8lebres de la <span class=\"iwg-fachbegriff\" data-tooltip=\"El conjunt de relats m\u00edtics transmesos sobre els d\u00e9us d'una cultura.\" tabindex=\"0\">mitologia<\/span> germ\u00e0nica. La <em>capa de plomes de falc\u00f3<\/em> (falc\u00f3-fjadrhamr), que tamb\u00e9 presta a Loki.<\/p><p>Viatja en un carro tirat per <em>dos gats grans<\/em> (el <span class=\"iwg-fachbegriff\" data-tooltip=\"Un signe que representa una idea o un significat.\" tabindex=\"0\">s\u00edmbol<\/span> m\u00e9s fam\u00f3s i inconfusible de Freyja). Sovint tamb\u00e9 amb espasa o casc amb forma de senglar.<\/p>\t\t\t\t\t\t\t\t<\/div>\n\t\t\t\t\t<\/div>\n\t\t\t\t<\/div>\n\t\t\t\t<\/div>\n\t\t<div class=\"elementor-element elementor-element-pemmx7c2 e-con-full e-flex e-con e-child\" data-id=\"pemmx7c2\" data-element_type=\"container\" data-e-type=\"container\">\n\t\t<div class=\"elementor-element elementor-element-37ss2yr6 iwg-steckbrief-card e-flex e-con-boxed e-con e-child\" data-id=\"37ss2yr6\" data-element_type=\"container\" data-e-type=\"container\">\n\t\t\t\t\t<div class=\"e-con-inner\">\n\t\t\t\t<div class=\"elementor-element elementor-element-3v0wp3wx elementor-widget elementor-widget-heading\" data-id=\"3v0wp3wx\" data-element_type=\"widget\" data-e-type=\"widget\" data-widget_type=\"heading.default\">\n\t\t\t\t\t<h3 class=\"elementor-heading-title elementor-size-default\">L'acci\u00f3 de Freyja<\/h3>\t\t\t\t<\/div>\n\t\t\t\t<div class=\"elementor-element elementor-element-w3247g2m elementor-widget elementor-widget-text-editor\" data-id=\"w3247g2m\" data-element_type=\"widget\" data-e-type=\"widget\" data-widget_type=\"text-editor.default\">\n\t\t\t\t\t\t\t\t\t<p><strong>\u00c0mbit d&#8217;actuaci\u00f3:<\/strong> En el culte popular altgerm\u00e0nic, Freyja era invocada en q\u00fcestions amoroses i en peticions de fertilitat. Les <em>practicants de seid<\/em> (m\u00e9s tard <em>v\u00f6lva<\/em>, dones prof\u00e8tiques) es consideraven les seves seguidores. En la tradici\u00f3 popular escandinava, els gats eren els seus animals sagrats, d&#8217;aqu\u00ed el tab\u00fa de ferir un gat.<\/p><p>En la tradici\u00f3 moderna de l&#8217;<em>Asatru<\/em>, \u00e9s la deessa principal de les assemblees de bl\u00f3t de dones (especialment en les branques Vanatru, centrades en els v\u00e0nirs). Dia sagrat de la setmana: divendres (en algunes tradicions compartit amb Frigg; alguns investigadors consideren que Frigg i Freyja eren origin\u00e0riament la mateixa figura).<\/p>\t\t\t\t\t\t\t\t<\/div>\n\t\t\t\t\t<\/div>\n\t\t\t\t<\/div>\n\t\t<div class=\"elementor-element elementor-element-0qpjal9w iwg-steckbrief-card e-flex e-con-boxed e-con e-child\" data-id=\"0qpjal9w\" data-element_type=\"container\" data-e-type=\"container\">\n\t\t\t\t\t<div class=\"e-con-inner\">\n\t\t\t\t<div class=\"elementor-element elementor-element-6ndoih0o elementor-widget elementor-widget-heading\" data-id=\"6ndoih0o\" data-element_type=\"widget\" data-e-type=\"widget\" data-widget_type=\"heading.default\">\n\t\t\t\t\t<h3 class=\"elementor-heading-title elementor-size-default\">Formes de defensa<\/h3>\t\t\t\t<\/div>\n\t\t\t\t<div class=\"elementor-element elementor-element-6684tyh9 elementor-widget elementor-widget-text-editor\" data-id=\"6684tyh9\" data-element_type=\"widget\" data-e-type=\"widget\" data-widget_type=\"text-editor.default\">\n\t\t\t\t\t\t\t\t\t<p>Collar Brisingamen (atribut principal, collar d&#8217;or elaborat), capa de plomes de falc\u00f3, carro de gats (dos gats grans), espasa, casc amb forma de senglar, ll\u00e0grimes d&#8217;or (<span class=\"iwg-fachbegriff\" data-tooltip=\"Un signe que representa una idea o un significat.\" tabindex=\"0\">s\u00edmbol<\/span> de la seva recerca d&#8217;Od). Animals sagrats: gat (especialment el gat del bosc n\u00f2rdic), senglar (tamb\u00e9 munta el senglar de cerres daurades <em>Hildiswin<\/em>), falc\u00f3. Plantes sagrades: maduixa, sa\u00fcc, margarida (segons la creen\u00e7a popular \u00abplantes de Freyja\u00bb), coronaria dels prats. Dia sagrat de la setmana: divendres.<\/p>\t\t\t\t\t\t\t\t<\/div>\n\t\t\t\t\t<\/div>\n\t\t\t\t<\/div>\n\t\t<div class=\"elementor-element elementor-element-3lfi7x32 iwg-steckbrief-card e-flex e-con-boxed e-con e-child\" data-id=\"3lfi7x32\" data-element_type=\"container\" data-e-type=\"container\">\n\t\t\t\t\t<div class=\"e-con-inner\">\n\t\t\t\t<div class=\"elementor-element elementor-element-0kg99ga1 elementor-widget elementor-widget-heading\" data-id=\"0kg99ga1\" data-element_type=\"widget\" data-e-type=\"widget\" data-widget_type=\"heading.default\">\n\t\t\t\t\t<h3 class=\"elementor-heading-title elementor-size-default\">Equivalents<\/h3>\t\t\t\t<\/div>\n\t\t\t\t<div class=\"elementor-element elementor-element-n0fum6kp elementor-widget elementor-widget-text-editor\" data-id=\"n0fum6kp\" data-element_type=\"widget\" data-e-type=\"widget\" data-widget_type=\"text-editor.default\">\n\t\t\t\t\t\t\t\t\t<p><em>Frigg<\/em> (germ\u00e0nica, deessa estretament emparentada o potser origin\u00e0riament id\u00e8ntica), <em>Afrodita<\/em> (Gr\u00e8cia, deessa de l&#8217;amor), <em>Venus<\/em> (Roma), <em>Innana\/Ixtar<\/em> (Mesopot\u00e0mia, amor i guerra en una sola figura, notablement semblant a Freyja), <em>Astart\u00e9<\/em> (Fen\u00edcia), <em>Hathor<\/em> (Egipte), <em>Lakshmi<\/em> (hinduisme), <em>Erzulie Freda<\/em> (vod\u00fa). Funcionalment, totes les deesses dobles d&#8217;amor i guerra comparteixen aspectes de Freyja. En el <span class=\"iwg-fachbegriff\" data-tooltip=\"El conjunt dels d\u00e9us d'una religi\u00f3 o cultura.\" tabindex=\"0\">pante\u00f3<\/span> germ\u00e0nic, \u00e9s, despr\u00e9s d&#8217;Odin, la <span class=\"iwg-fachbegriff\" data-tooltip=\"Un \u00e9sser venerat com a div\u00ed dins d'una religi\u00f3.\" tabindex=\"0\">divinitat<\/span> m\u00e9s important de totes.<\/p>\n<p>En la tradici\u00f3 anglosaxona no es conserva cap equivalent directe de Freyja, per\u00f2 el dia de la setmana divendres (angl\u00e8s antic <em>fr\u012bged\u00e6g<\/em>) es fa remuntar a una deessa anomenada Frige. La investigaci\u00f3 discuteix si Frige, Frigg i Freyja provenen d&#8217;una figura divina comuna m\u00e9s antiga o si van ser sempre figures separades. Britt-Mari N\u00e4sstr\u00f6m ha defensat la tesi d&#8217;una identitat original de les tres figures, per\u00f2 aquesta hip\u00f2tesi \u00e9s controvertida i rebutjada per altres investigadors.<\/p>\t\t\t\t\t\t\t\t<\/div>\n\t\t\t\t\t<\/div>\n\t\t\t\t<\/div>\n\t\t\t\t<\/div>\n\t\t\t\t<\/div>\n\t\t\t\t\t<\/div>\n\t\t\t\t<\/div>\n\t\t<div class=\"elementor-element elementor-element-5a584676 e-flex e-con-boxed e-con e-parent\" data-id=\"5a584676\" data-element_type=\"container\" data-e-type=\"container\">\n\t\t\t\t\t<div class=\"e-con-inner\">\n\t\t\t\t<div class=\"elementor-element elementor-element-6d0757bf elementor-widget elementor-widget-heading\" data-id=\"6d0757bf\" data-element_type=\"widget\" data-e-type=\"widget\" data-widget_type=\"heading.default\">\n\t\t\t\t\t<h2 class=\"elementor-heading-title elementor-size-default\">Freyja, paral\u00b7lelismes en altres cultures<\/h2>\t\t\t\t<\/div>\n\t\t<div class=\"elementor-element elementor-element-60563f68 e-con-full e-flex e-con e-child\" data-id=\"60563f68\" data-element_type=\"container\" data-e-type=\"container\">\n\t\t\t\t<div class=\"elementor-element elementor-element-5a93fdd6 elementor-widget elementor-widget-text-editor\" data-id=\"5a93fdd6\" data-element_type=\"widget\" data-e-type=\"widget\" data-widget_type=\"text-editor.default\">\n\t\t\t\t\t\t\t\t\t<p>Freyja comparteix caracter\u00edstiques amb Innana, Afrodita i la tradici\u00f3 de Devi-Shakti, una funci\u00f3 m\u00faltiple d&#8217;amor, guerra i <span class=\"iwg-fachbegriff\" data-tooltip=\"Pr\u00e0ctiques que pretenen intervenir en el curs dels esdeveniments mitjan\u00e7ant accions o f\u00f3rmules especials.\" tabindex=\"0\">m\u00e0gia<\/span> que en el <span class=\"iwg-fachbegriff\" data-tooltip=\"El conjunt dels d\u00e9us d'una religi\u00f3 o cultura.\" tabindex=\"0\">pante\u00f3<\/span> germanon\u00f2rdic es condensa d&#8217;una manera \u00fanica. A difer\u00e8ncia de les deesses de l&#8217;amor purament d&#8217;altres cultures, Freyja comanda el seu propi ex\u00e8rcit i posseeix, amb el Sei\u00f0r, una tradici\u00f3 m\u00e0gica pr\u00f2pia.<\/p>\n<p><strong>Tradici\u00f3 jueva:<\/strong> Lilith i altres figures femenines demon\u00edaques o m\u00e0giques comparteixen amb Freyja trets d&#8217;autonomia sexual, compet\u00e8ncia en la m\u00e0gia i independ\u00e8ncia respecte al <span class=\"iwg-fachbegriff\" data-tooltip=\"El conjunt dels d\u00e9us d'una religi\u00f3 o cultura.\" tabindex=\"0\">pante\u00f3<\/span> patriarcal, culturalment contrastants per\u00f2 estructuralment similars en la seva subversi\u00f3.<\/p><p><strong>M\u00f3n grecorom\u00e0:<\/strong> Afrodita i Venus corresponen a Freyja en l&#8217;amor i la sensualitat, mentre que Atena correspon al seu vessant guerrer. Cap deessa grega no unifica ambdues dimensions com Freyja.<\/p><p><strong>Tradici\u00f3 eslava:<\/strong> Freyja i les deesses eslaves de l&#8217;amor com Mokosh o Sreqa mostren paral\u00b7lelismes en fertilitat, llar i <span class=\"iwg-fachbegriff\" data-tooltip=\"Pr\u00e0ctiques que pretenen intervenir en el curs dels esdeveniments mitjan\u00e7ant accions o f\u00f3rmules especials.\" tabindex=\"0\">m\u00e0gia<\/span> femenina. Totes dues tradicions conserven la dualitat indoeuropea de la deessa (mestressa de casa i guerrera).<\/p><p><strong>Hinduisme:<\/strong> Lakshmi i Durga encarnen de manera semblant riquesa\/sensualitat i for\u00e7a guerrera, i Durga, com a Shakti, tamb\u00e9 convergeix amb el rol combatiu de Freyja.<\/p>\n<p>En la investigaci\u00f3 comparada de les religions indoeuropees, Georges Dum\u00e9zil ha interpretat Freyja com un exemple de la tercera de les tres funcions b\u00e0siques indoeuropees, la funci\u00f3 de la fertilitat, la riquesa material i la reproducci\u00f3. En aquest marc interpretatiu, els Vanir en conjunt es consideren d\u00e9us d&#8217;aquesta tercera funci\u00f3, mentre que els Ases encarnen principalment la primera (sobirania) i la segona (guerra).<\/p>\t\t\t\t\t\t\t\t<\/div>\n\t\t\t\t<\/div>\n\t\t\t\t\t<\/div>\n\t\t\t\t<\/div>\n\t\t<div class=\"elementor-element elementor-element-cp34382c3 e-flex e-con-boxed e-con e-parent\" data-id=\"cp34382c3\" data-element_type=\"container\" data-e-type=\"container\">\n\t\t\t\t\t<div class=\"e-con-inner\">\n\t\t\t\t<div class=\"elementor-element elementor-element-cpc1c652b elementor-widget elementor-widget-heading\" data-id=\"cpc1c652b\" data-element_type=\"widget\" data-e-type=\"widget\" data-widget_type=\"heading.default\">\n\t\t\t\t\t<h2 class=\"elementor-heading-title elementor-size-default\">Les fonts: Snorri, l'Edda po\u00e8tica i el problema de la transmissi\u00f3 tardana<\/h2>\t\t\t\t<\/div>\n\t\t<div class=\"elementor-element elementor-element-cp2297e66 e-con-full e-flex e-con e-child\" data-id=\"cp2297e66\" data-element_type=\"container\" data-e-type=\"container\">\n\t\t\t\t<div class=\"elementor-element elementor-element-cp05b5ca9 elementor-widget elementor-widget-text-editor\" data-id=\"cp05b5ca9\" data-element_type=\"widget\" data-e-type=\"widget\" data-widget_type=\"text-editor.default\">\n\t\t\t\t\t\t\t\t\t<p>El que sabem de Freyja prov\u00e9 gaireb\u00e9 exclusivament de textos escrits a la Isl\u00e0ndia cristiana del segle XIII, \u00e9s a dir, segles despr\u00e9s de la cristianitzaci\u00f3 d&#8217;Escandin\u00e0via. Les fonts m\u00e9s importants s\u00f3n l&#8217;<em>Edda po\u00e8tica<\/em>, una col\u00b7lecci\u00f3 de poemes mitol\u00f2gics i heroics, i la <em>Prosa Edda<\/em> de Snorri Sturluson, un manual de po\u00e8tica que exposa sistem\u00e0ticament els materials mitol\u00f2gics.<\/p><p>Snorri situa Freyja entre els <em>Vanir<\/em>, aquell llinatge div\u00ed que es distingeix dels <em>Ases<\/em> i que, despr\u00e9s de la guerra m\u00edtica entre ambd\u00f3s grups, hi queda vinculat.<\/p><p>La qualifica de la m\u00e9s distingida de les deesses i li atribueix com a resid\u00e8ncia F\u00f3lkvangr, on es troba la sala Sessr\u00famnir. Una estrofa molt citada afirma que Freyja rep la meitat dels caiguts en el camp de batalla, mentre que l&#8217;altra meitat va a parar a Odin, a Valhalla.<\/p><p>Aquesta situaci\u00f3 de les fonts exigeix precauci\u00f3 metodol\u00f2gica. Snorri era un cristi\u00e0 culte que volia ordenar i preservar per a la poesia el saber antic, per\u00f2 que tamb\u00e9 el va veure a trav\u00e9s del prisma de la seva pr\u00f2pia \u00e8poca. On l&#8217;<em>Edda po\u00e8tica<\/em> i Snorri es corroboren m\u00fatuament, la <span class=\"iwg-fachbegriff\" data-tooltip=\"La transmissi\u00f3 de coneixements i relats al llarg de generacions.\" tabindex=\"0\">transmissi\u00f3<\/span> \u00e9s relativament s\u00f2lida.<\/p><p>On Snorri \u00e9s l&#8217;\u00fanica font, queda obert si transmet un saber m\u00e9s antic o hi afegeix elements sistematitzadors. La investigaci\u00f3 de les darreres d\u00e8cades, com els treballs de Britt-Mari N\u00e4sstr\u00f6m centrats espec\u00edficament en Freyja, ha subratllat per aix\u00f2 que cada afirmaci\u00f3 sobre la deessa s&#8217;ha de remetre a la seva font.<\/p>\n<p>En alguns passatges de les fonts, Sessr\u00famnir apareix tamb\u00e9 com el nom d&#8217;un vaixell, la qual cosa ha portat a especular sobre una connexi\u00f3 entre Freyja, la nau i el culte als morts. Hilda Ellis Davidson, a <em>Gods and Myths of Northern Europe<\/em> (1964), ha argumentat que la relaci\u00f3 de Freyja amb la mort i el dest\u00ed era m\u00e9s antiga i m\u00e9s \u00e0mplia del que mostra la tradici\u00f3 liter\u00e0ria posterior, i que el repartiment dels caiguts amb Odin es remunta a una s\u00edntesi de concepcions vaniques i \u00e0siques.<\/p>\t\t\t\t\t\t\t\t<\/div>\n\t\t\t\t<\/div>\n\t\t\t\t\t<\/div>\n\t\t\t\t<\/div>\n\t\t<div class=\"elementor-element elementor-element-cp7374b57 e-flex e-con-boxed e-con e-parent\" data-id=\"cp7374b57\" data-element_type=\"container\" data-e-type=\"container\">\n\t\t\t\t\t<div class=\"e-con-inner\">\n\t\t\t\t<div class=\"elementor-element elementor-element-cp4d63e8b elementor-widget elementor-widget-heading\" data-id=\"cp4d63e8b\" data-element_type=\"widget\" data-e-type=\"widget\" data-widget_type=\"heading.default\">\n\t\t\t\t\t<h2 class=\"elementor-heading-title elementor-size-default\">El Br\u00edsingamen i la disputa pels gats<\/h2>\t\t\t\t<\/div>\n\t\t<div class=\"elementor-element elementor-element-cp60a613c e-con-full e-flex e-con e-child\" data-id=\"cp60a613c\" data-element_type=\"container\" data-e-type=\"container\">\n\t\t\t\t<div class=\"elementor-element elementor-element-cp5b7a91b elementor-widget elementor-widget-text-editor\" data-id=\"cp5b7a91b\" data-element_type=\"widget\" data-e-type=\"widget\" data-widget_type=\"text-editor.default\">\n\t\t\t\t\t\t\t\t\t<p>Entre els atributs fixos de Freyja hi ha el collar o joia <em>Br\u00edsingamen<\/em>. Snorri l&#8217;esmenta, i l&#8217;epopeia anglosaxona <em>Beowulf<\/em> coneix una joia relacionada, el <em>Brosinga mene<\/em>, la qual cosa suggereix que aquesta idea era coneguda m\u00e9s enll\u00e0 d&#8217;Escandin\u00e0via.<\/p><p>Tanmateix, un relat detallat sobre l&#8217;adquisici\u00f3 del Br\u00edsingamen nom\u00e9s s&#8217;ha conservat en una font tardana, la <em>S\u00f6rla \u00fe\u00e1ttr<\/em>, un relat del segle XIV el valor del qual per a la religi\u00f3 precristiana \u00e9s discutit.<\/p><p>En el poema <em>\u00derymskvi\u00f0a<\/em> de l&#8217;<em>Edda po\u00e8tica<\/em>, el Br\u00edsingamen t\u00e9 un paper quan Thor s&#8217;ha de disfressar de Freyja per recuperar el seu martell robat, i en aquesta ocasi\u00f3 tamb\u00e9 es posa la joia de la deessa. L&#8217;episodi t\u00e9 un to c\u00f2mic i mostra alhora com es concebia estretament vinculat el Br\u00edsingamen amb la identitat de Freyja.<\/p><p>Un altre atribut conegut \u00e9s el seu tir de gats, que estira el seu carro. Aquest detall tamb\u00e9 es basa essencialment en l&#8217;autoritat de Snorri. La investigaci\u00f3 ha discutit quins animals es referien originalment, ja que la paraula en n\u00f2rdic antic no \u00e9s sempre inequ\u00edvoca, i tamb\u00e9 s&#8217;han proposat felins m\u00e9s grans o altres animals.<\/p><p>Aquests debats mostren que fins i tot els \u00abfets\u00bb aparentment s\u00f2lids sobre Freyja sovint es basen en la interpretaci\u00f3 de paraules individuals. A m\u00e9s, segons Snorri, posseeix un mantell de plomes de falc\u00f3 amb el qual es pot volar, i el senglar Hildisv\u00edni.<\/p>\n<p>A la <em>\u00derymskvi\u00f0a<\/em> de l&#8217;<em>Edda po\u00e8tica<\/em>, el gigant \u00derymr exigeix Freyja com a preu de la n\u00favia per retornar el martell de Thor. Freyja s&#8217;hi nega indignada, i llavors s&#8217;envia el mateix Thor, vestit de dona i amb el Br\u00edsingamen, disfressat de n\u00favia, a casa de \u00derymr. L&#8217;episodi demostra com es concebia estretament vinculat el Br\u00edsingamen amb la identitat i la dignitat de Freyja, i mostra alhora que la deessa no era considerada una mercaderia negociable, sin\u00f3 una figura aut\u00f2noma dins l&#8217;estructura dels d\u00e9us.<\/p>\t\t\t\t\t\t\t\t<\/div>\n\t\t\t\t<\/div>\n\t\t\t\t\t<\/div>\n\t\t\t\t<\/div>\n\t\t<div class=\"elementor-element elementor-element-cp2f361da e-flex e-con-boxed e-con e-parent\" data-id=\"cp2f361da\" data-element_type=\"container\" data-e-type=\"container\">\n\t\t\t\t\t<div class=\"e-con-inner\">\n\t\t\t\t<div class=\"elementor-element elementor-element-cp93ea821 elementor-widget elementor-widget-heading\" data-id=\"cp93ea821\" data-element_type=\"widget\" data-e-type=\"widget\" data-widget_type=\"heading.default\">\n\t\t\t\t\t<h2 class=\"elementor-heading-title elementor-size-default\">Freyja i el sei\u00f0r: la m\u00e0gia als l\u00edmits dels rols de g\u00e8nere<\/h2>\t\t\t\t<\/div>\n\t\t<div class=\"elementor-element elementor-element-cp786ef96 e-con-full e-flex e-con e-child\" data-id=\"cp786ef96\" data-element_type=\"container\" data-e-type=\"container\">\n\t\t\t\t<div class=\"elementor-element elementor-element-cp169d5c6 elementor-widget elementor-widget-text-editor\" data-id=\"cp169d5c6\" data-element_type=\"widget\" data-e-type=\"widget\" data-widget_type=\"text-editor.default\">\n\t\t\t\t\t\t\t\t\t<p>Una <span class=\"iwg-fachbegriff\" data-tooltip=\"La transmissi\u00f3 de coneixement i relats al llarg de generacions.\" tabindex=\"0\">tradici\u00f3<\/span> especialment reveladora des del punt de vista de la hist\u00f2ria de les religions relaciona Freyja amb el <em>sei\u00f0r<\/em>, una forma de m\u00e0gia ritual. Snorri explica a la <em>Ynglinga saga<\/em> que Freyja dominava aquest art i que el va ensenyar als ansos, especialment a Odin. Segons les fonts, el <em>sei\u00f0r<\/em> servia, entre altres coses, per a la <span class=\"iwg-fachbegriff\" data-tooltip=\"La interpretaci\u00f3 de senyals per descobrir el que \u00e9s ocult o futur.\" tabindex=\"0\">endevinaci\u00f3<\/span>, per influir en la sort i el dest\u00ed, aix\u00ed com per a <span class=\"iwg-fachbegriff\" data-tooltip=\"Pr\u00e0ctiques que intenten intervenir en el curs dels esdeveniments mitjan\u00e7ant accions o f\u00f3rmules especials.\" tabindex=\"0\">m\u00e0gia<\/span> perjudicial.<\/p><p>\u00c9s remarcable que el <em>sei\u00f0r<\/em> apareix a les fonts associat a un problema de g\u00e8nere. Diversos textos suggereixen que la pr\u00e0ctica del <em>sei\u00f0r<\/em> per part dels homes es considerava poc masculina, com a <em>ergi<\/em>.<\/p><p>Quan Odin practica el <em>sei\u00f0r<\/em>, Loki li ho retreu com una vergonya a la <em>Lokasenna<\/em>. El fet que l&#8217;art provingui d&#8217;una deessa i el practiquessin sobretot dones s&#8217;ajusta a aquesta imatge.<\/p><p>Freyja es troba, doncs, en una cru\u00eflla. Combina els \u00e0mbits de l&#8217;amor i la fertilitat, que se li atribueixen normalment, amb el poder sobre el coneixement ocult i sobre el dest\u00ed. Aquesta combinaci\u00f3 no \u00e9s una contradicci\u00f3, sin\u00f3 que correspon a un patr\u00f3 que tamb\u00e9 trobem en altres divinitats v\u00e0nires: la fertilitat i el poder sobre el dest\u00ed van units, perqu\u00e8 ambd\u00f3s tenen a veure amb el n\u00e9ixer i el morir.<\/p><p>La investigaci\u00f3 discuteix si darrere de Freyja hi ha una deessa m\u00e9s antiga i de major abast, del dest\u00ed i la vegetaci\u00f3, el perfil de la qual nom\u00e9s \u00e9s parcialment visible en la <span class=\"iwg-fachbegriff\" data-tooltip=\"El conjunt dels relats transmesos sobre els d\u00e9us d'una cultura.\" tabindex=\"0\">mitologia<\/span> transmesa. Les fonts no permeten una resposta segura, per\u00f2 la connexi\u00f3 entre el <em>sei\u00f0r<\/em>, la guerra, l&#8217;amor i la mort fa de Freyja una de les figures m\u00e9s complexes del pante\u00f3 n\u00f2rdic.<\/p>\n<p>La <em>Eir\u00edks saga rau\u00f0a<\/em> ofereix una de les descripcions m\u00e9s v\u00edvides de la pr\u00e0ctica del sei\u00f0r en la literatura de sagues islandesa: una vident seu elevada sobre una plataforma, entra en tr\u00e0ngol gr\u00e0cies a un cant, i d\u00f3na respostes prof\u00e8tiques. Aquesta descripci\u00f3 mostra el marc ritual en el qual es duia a terme el sei\u00f0r, i demostra la connexi\u00f3 estreta entre tr\u00e0ngol, cant i endevinaci\u00f3. Neil Price, en els seus treballs sobre el sei\u00f0r i la ideologia b\u00e8l\u00b7lica n\u00f2rdica, ha destacat aquesta pr\u00e0ctica com un element central i durant molt temps subestimat de la religi\u00f3 n\u00f2rdica antiga, i alhora ha subratllat el paper de Freyja com a mestra origin\u00e0ria d&#8217;aquest art.<\/p>\t\t\t\t\t\t\t\t<\/div>\n\t\t\t\t<\/div>\n\t\t\t\t\t<\/div>\n\t\t\t\t<\/div>\n\t\t<div class=\"elementor-element elementor-element-36dd7469 e-flex e-con-boxed e-con e-parent\" data-id=\"36dd7469\" data-element_type=\"container\" data-e-type=\"container\">\n\t\t\t\t\t<div class=\"e-con-inner\">\n\t\t\t\t<div class=\"elementor-element elementor-element-13760ab4 elementor-widget elementor-widget-heading\" data-id=\"13760ab4\" data-element_type=\"widget\" data-e-type=\"widget\" data-widget_type=\"heading.default\">\n\t\t\t\t\t<h2 class=\"elementor-heading-title elementor-size-default\">Enlla\u00e7os relacionats<\/h2>\t\t\t\t<\/div>\n\t\t<div class=\"elementor-element elementor-element-28c87796 e-con-full e-flex e-con e-child\" data-id=\"28c87796\" data-element_type=\"container\" data-e-type=\"container\">\n\t\t\t\t<div class=\"elementor-element elementor-element-5d6538df elementor-widget elementor-widget-text-editor\" data-id=\"5d6538df\" data-element_type=\"widget\" data-e-type=\"widget\" data-widget_type=\"text-editor.default\">\n\t\t\t\t\t\t\t\t\t<ul><li><a href=\"https:\/\/iwell-guard.com\/ca\/?page_id=171465\">Odin, comparteix amb ella els guerrers caiguts<\/a><\/li><li><a href=\"https:\/\/iwell-guard.com\/ca\/?page_id=171569\">Frigg, deessa germ\u00e0nica relacionada<\/a><\/li><li><a href=\"https:\/\/iwell-guard.com\/ca\/?page_id=171630\">Afrodita, paral\u00b7lel grec de l&#8217;amor<\/a><\/li><li><a href=\"https:\/\/iwell-guard.com\/ca\/?page_id=171366\">Germ\u00e0nic, panorama del pante\u00f3<\/a><\/li><li><a href=\"https:\/\/iwell-guard.com\/ca\/?page_id=171431\">D\u00e9us, panorama de classes<\/a><\/li><\/ul>\t\t\t\t\t\t\t\t<\/div>\n\t\t\t\t<\/div>\n\t\t\t\t\t<\/div>\n\t\t\t\t<\/div>\n\t\t<div class=\"elementor-element elementor-element-grl4kl40 e-flex e-con-boxed e-con e-parent\" data-id=\"grl4kl40\" data-element_type=\"container\" data-e-type=\"container\">\n\t\t\t\t\t<div class=\"e-con-inner\">\n\t\t\t\t<div class=\"elementor-element elementor-element-bzsbfrmh elementor-widget elementor-widget-heading\" data-id=\"bzsbfrmh\" data-element_type=\"widget\" data-e-type=\"widget\" data-widget_type=\"heading.default\">\n\t\t\t\t\t<h2 class=\"elementor-heading-title elementor-size-default\">Bibliografia de recerca<\/h2>\t\t\t\t<\/div>\n\t\t<div class=\"elementor-element elementor-element-2c13224a e-con-full e-flex e-con e-child\" data-id=\"2c13224a\" data-element_type=\"container\" data-e-type=\"container\">\n\t\t\t\t<div class=\"elementor-element elementor-element-0eymh9ub elementor-widget elementor-widget-text-editor\" data-id=\"0eymh9ub\" data-element_type=\"widget\" data-e-type=\"widget\" data-widget_type=\"text-editor.default\">\n\t\t\t\t\t\t\t\t\t<footer class=\"iwg-literatur\" data-nosnippet=\"true\"><ul><li><span data-nosnippet>N&auml;sstr&ouml;m, Britt-Mari: <em>Freyja. The Great Goddess of the North<\/em>. Lund 1995 (obra de refer\u00e8ncia).<\/span><\/li><li><span data-nosnippet>Simek, Rudolf: <em>Lexikon der germanischen <span class=\"iwg-fachbegriff\" data-tooltip=\"El conjunt dels relats transmesos sobre els d\u00e9us d'una cultura.\" tabindex=\"0\">Mythologie<\/span><\/em>. Stuttgart 2006.<\/span><\/li><li><span data-nosnippet>de Vries, Jan: <em>Altgermanische Religionsgeschichte<\/em>. Berlin 1956\/57.<\/span><\/li><li><span data-nosnippet>Lindow, John: <em>Norse Mythology. A Guide to the Gods, Heroes, Rituals, and Beliefs<\/em>. Oxford 2001.<\/span><\/li><li><span data-nosnippet>Davidson, Hilda Ellis: <em>Roles of the Northern Goddess<\/em>. London 1998.<\/span><\/li><li>Snorri Sturluson: <em>Snorra-Edda<\/em> (nombroses traduccions).<\/li><li>Walde, Christine (ed.): <em>Der Neue Pauly<\/em> (entrada &bdquo;Freyja&ldquo;).<\/li><li><span data-nosnippet>Davidson, Hilda Ellis: <em>Gods and Myths of Northern Europe<\/em>. London 1964.<\/span><\/li><li><span data-nosnippet>Brink, Stefan; Hultg\u00e5rd, Anders: Contribucions a la tradici\u00f3 de Freya a: <em>Old Norse Religion in Long-Term Perspectives<\/em>. Lund 2006.<\/span><\/li><li><span data-nosnippet>\u00c1sd\u00edsard\u00f3ttir, Ingunn: <em>Frigg og Freyja<\/em>. Reykjav\u00edk 2007.<\/span><\/li><\/ul><\/footer>\t\t\t\t\t\t\t\t<\/div>\n\t\t\t\t<\/div>\n\t\t\t\t\t<\/div>\n\t\t\t\t<\/div>\n\t\t\t\t<section class=\"elementor-section elementor-top-section elementor-element elementor-element-wv-freyja-faq elementor-section-boxed elementor-section-height-default elementor-section-height-default\" data-id=\"wv-freyja-faq\" data-element_type=\"section\" data-e-type=\"section\">\n\t\t\t\t\t\t<div class=\"elementor-container elementor-column-gap-default\">\n\t\t\t\t\t<div class=\"elementor-column elementor-col-100 elementor-top-column elementor-element elementor-element-wv-freyja-faq-col\" data-id=\"wv-freyja-faq-col\" data-element_type=\"column\" data-e-type=\"column\">\n\t\t\t<div class=\"elementor-widget-wrap elementor-element-populated\">\n\t\t\t\t\t\t<div class=\"elementor-element elementor-element-wv-freyja-h elementor-widget elementor-widget-heading\" data-id=\"wv-freyja-h\" data-element_type=\"widget\" data-e-type=\"widget\" data-widget_type=\"heading.default\">\n\t\t\t\t\t<h2 class=\"elementor-heading-title elementor-size-default\">Preguntes freq\u00fcents sobre Freyja<\/h2>\t\t\t\t<\/div>\n\t\t\t\t<div class=\"elementor-element elementor-element-wv-freyja-t elementor-widget elementor-widget-text-editor\" data-id=\"wv-freyja-t\" data-element_type=\"widget\" data-e-type=\"widget\" data-widget_type=\"text-editor.default\">\n\t\t\t\t\t\t\t\t\t\n<details class=\"iwg-faq-item\">\n  <summary><strong>Qui \u00e9s Freya?<\/strong><\/summary>\n  <p>Freya (en n\u00f2rdic antic Freyja, \u00absenyora\u00bb) \u00e9s la de\u00eftat femenina m\u00e9s important de la <span class=\"iwg-fachbegriff\" data-tooltip=\"El conjunt de relats m\u00edtics transmesos d'una cultura sobre els seus d\u00e9us.\" tabindex=\"0\">mitologia<\/span> n\u00f2rdica. Pertany al llinatge dels vanir i es considera patrona de l&#8217;amor, la fertilitat, el coneixement del dest\u00ed i la <span class=\"iwg-fachbegriff\" data-tooltip=\"Pr\u00e0ctiques que pretenen intervenir en el curs dels esdeveniments mitjan\u00e7ant accions o f\u00f3rmules especials.\" tabindex=\"0\">m\u00e0gia<\/span> seid. En ella es combinen aspectes er\u00f2tics, m\u00e0gics i guerrers, cosa que la converteix en una de les figures m\u00e9s complexes de la <span class=\"iwg-fachbegriff\" data-tooltip=\"La transmissi\u00f3 de coneixements i relats al llarg de generacions.\" tabindex=\"0\">tradici\u00f3<\/span> germ\u00e0nica.<\/p>\n<\/details>\n\n<details class=\"iwg-faq-item\">\n  <summary><strong>Quin paper t\u00e9 Freya entre els vanir?<\/strong><\/summary>\n  <p>Freya prov\u00e9 del llinatge dels vanir, la fam\u00edlia de d\u00e9us m\u00e9s antiga, que despr\u00e9s de la guerra dels vanir va ser integrada en el cercle dels ases. \u00c9s filla de Nj\u00f6r\u00f0 i germana de Freyr, i es considera la principal deessa vanir. Snorri la descriu a la Gylfaginning com la de\u00eftat femenina m\u00e9s important del pante\u00f3 n\u00f2rdic, just despr\u00e9s de Frigg.<\/p>\n<\/details>\n\n<details class=\"iwg-faq-item\">\n  <summary><strong>Quina relaci\u00f3 t\u00e9 Freya amb els caiguts en combat?<\/strong><\/summary>\n  <p>Segons la Gr\u00edmnism\u00e1l i la Gylfaginning de Snorri, Freya rep a la seva sala Folkvang la meitat dels guerrers caiguts en combat. L&#8217;altra meitat va a parar a Odin, a Valhalla. Hilda Ellis Davidson ha argumentat que la relaci\u00f3 de Freya amb la mort i el dest\u00ed era m\u00e9s antiga i m\u00e9s \u00e0mplia del que mostra la tradici\u00f3 liter\u00e0ria posterior. Aix\u00ed, reuneix compet\u00e8ncies que d&#8217;altra manera apareixen repartides entre diverses de\u00eftats.<\/p>\n<\/details>\n\n<details class=\"iwg-faq-item\">\n  <summary><strong>Com \u00e9s la situaci\u00f3 de les fonts sobre Freya?<\/strong><\/summary>\n  <p>Els testimonis escrits centrals daten del segle XIII, entre ells la Snorra-Edda, l&#8217;Edda po\u00e8tica i la tardanament transmesa S\u00f6rla \u00fe\u00e1ttr. Els textos no reflecteixen la religi\u00f3 precristiana de manera intacta, sin\u00f3 a trav\u00e9s d&#8217;un registre escrit de marcada empremta cristiana. La <span class=\"iwg-fachbegriff\" data-tooltip=\"La transmissi\u00f3 de coneixements i relats al llarg de generacions.\" tabindex=\"0\">tradici\u00f3<\/span> arqueol\u00f2gica \u00e9s m\u00e9s escassa que en el cas d&#8217;Odin o Thor, per la qual cosa moltes afirmacions sobre Freya continuen sent objecte de debat en la recerca.<\/p>\n<\/details>\n\t\t\t\t\t\t\t\t<\/div>\n\t\t\t\t<div class=\"elementor-element elementor-element-wv-freyja-s elementor-widget elementor-widget-html\" data-id=\"wv-freyja-s\" data-element_type=\"widget\" data-e-type=\"widget\" data-widget_type=\"html.default\">\n\t\t\t\t\t<script type=\"application\/ld+json\">{\"@context\": \"https:\/\/schema.org\", \"@type\": \"FAQPage\", \"mainEntity\": [{\"@type\": \"Question\", \"name\": \"Qui \u00e9s Freya?\", \"acceptedAnswer\": {\"@type\": \"Answer\", \"text\": \"Freya (en n\u00f2rdic antic Freyja, \\\"Senyora\\\") \u00e9s la de\u00eftat femenina m\u00e9s important de la mitologia n\u00f2rdica. Pertany al llinatge dels v\u00e0nirs i es considera patrona de l'amor, la fertilitat, el coneixement del dest\u00ed i la m\u00e0gia sei\u00f0r. En ella es combinen aspectes er\u00f2tics, m\u00e0gics i guerrers, el que la converteix en una de les figures m\u00e9s complexes de la tradici\u00f3 germ\u00e0nica.\"}}, {\"@type\": \"Question\", \"name\": \"Quin paper t\u00e9 Freya entre els v\u00e0nirs?\", \"acceptedAnswer\": {\"@type\": \"Answer\", \"text\": \"Freya prov\u00e9 del llinatge dels v\u00e0nirs, la fam\u00edlia divina m\u00e9s antiga, que va ser acollida entre els asos despr\u00e9s de la guerra entre v\u00e0nirs i asos. \u00c9s filla de Nj\u00f6r\u00f0 i germana de Freyr, i se la considera la principal deessa v\u00e0nira. Snorri la descriu a la Gylfaginning com la de\u00eftat femenina m\u00e9s important despr\u00e9s de Frigg dins del pante\u00f3 n\u00f2rdic.\"}}, {\"@type\": \"Question\", \"name\": \"Quina relaci\u00f3 t\u00e9 Freya amb els morts en combat?\", \"acceptedAnswer\": {\"@type\": \"Answer\", \"text\": \"Segons la Gr\u00edmnism\u00e1l i la Gylfaginning de Snorri, Freya rep a la seva sala Folkvang la meitat dels caiguts en combat, mentre que l'altra meitat va a parar a Odin, al Valhalla. Hilda Ellis Davidson ha argumentat que la relaci\u00f3 de Freya amb la mort i el dest\u00ed era m\u00e9s antiga i m\u00e9s \u00e0mplia del que mostra la tradici\u00f3 liter\u00e0ria posterior. Aix\u00ed, uneix en ella compet\u00e8ncies que altrament apareixen repartides entre diverses de\u00eftats.\"}}, {\"@type\": \"Question\", \"name\": \"Com \u00e9s l'estat de les fonts sobre Freya?\", \"acceptedAnswer\": {\"@type\": \"Answer\", \"text\": \"Els testimonis escrits centrals daten del segle 13, entre ells la Snorra-Edda, l'Edda Po\u00e8tica i la tardanament transmesa S\u00f6rla \u00fe\u00e1ttr. Els textos no reflecteixen la religi\u00f3 precristiana de manera directa, sin\u00f3 a trav\u00e9s d'un registre marcat pel cristianisme. La transmissi\u00f3 arqueol\u00f2gica \u00e9s m\u00e9s escassa que la d'Odin o Thor, motiu pel qual moltes afirmacions sobre Freya continuen sent objecte de debat en la recerca.\"}}]}<\/script>\t\t\t\t<\/div>\n\t\t\t\t\t<\/div>\n\t\t<\/div>\n\t\t\t\t\t<\/div>\n\t\t<\/section>\n\t\t\t\t<\/div>\n\t\t","protected":false},"excerpt":{"rendered":"","protected":false},"author":3,"featured_media":1571,"parent":0,"menu_order":0,"comment_status":"closed","ping_status":"closed","template":"elementor_header_footer","meta":{"_yoast_wpseo_focuskw":"Freyja","_yoast_wpseo_title":"Freyja - Deessa de l'amor i la fertilitat","_yoast_wpseo_metadesc":"Freyja, transmesa durant segles en fonts com l'Edda en prosa: v\u00e0nida de l'amor, la fertilitat, la guerra i la m\u00e0gia seid, senyora del Folkvangr.","_yoast_wpseo_meta-robots-noindex":"","_yoast_wpseo_canonical":"","_angie_page":false,"gefaehrdungsstufe":"2","wesen_kultur":"germanisch","wesen_klasse":"goetter","footnotes":""},"categories":[],"class_list":["post-171566","page","type-page","status-publish","has-post-thumbnail","hentry"],"yoast_head":"<!-- This site is optimized with the Yoast SEO Premium plugin v27.7 (Yoast SEO v28.3) - https:\/\/yoast.com\/product\/yoast-seo-premium-wordpress\/ -->\n<title>Freyja - Deessa de l&#039;amor i la fertilitat<\/title>\n<meta name=\"description\" content=\"Freyja, transmesa durant segles en fonts com l&#039;Edda en prosa: v\u00e0nida de l&#039;amor, la fertilitat, la guerra i la m\u00e0gia seid, senyora del Folkvangr.\" \/>\n<meta name=\"robots\" content=\"index, follow, max-snippet:-1, max-image-preview:large, max-video-preview:-1\" \/>\n<link rel=\"canonical\" href=\"https:\/\/iwell-guard.com\/ca\/freyja\/\" \/>\n<meta property=\"og:locale\" content=\"ca_ES\" \/>\n<meta property=\"og:type\" content=\"article\" \/>\n<meta property=\"og:title\" content=\"Freyja\" \/>\n<meta property=\"og:description\" content=\"Freyja, transmesa durant segles en fonts com l&#039;Edda en prosa: v\u00e0nida de l&#039;amor, la fertilitat, la guerra i la m\u00e0gia seid, senyora del Folkvangr.\" \/>\n<meta property=\"og:url\" content=\"https:\/\/iwell-guard.com\/ca\/freyja\/\" \/>\n<meta property=\"og:site_name\" content=\"iWell Guard\" \/>\n<meta property=\"article:modified_time\" content=\"2026-09-05T16:01:18+00:00\" \/>\n<meta property=\"og:image\" content=\"https:\/\/iwell-guard.com\/wp-content\/uploads\/2026\/04\/goetter_germanisch_freyja.webp\" \/>\n\t<meta property=\"og:image:width\" content=\"1024\" \/>\n\t<meta property=\"og:image:height\" content=\"1536\" \/>\n\t<meta property=\"og:image:type\" content=\"image\/webp\" \/>\n<meta name=\"twitter:card\" content=\"summary_large_image\" \/>\n<script type=\"application\/ld+json\" class=\"yoast-schema-graph\">{\"@context\":\"https:\\\/\\\/schema.org\",\"@graph\":[{\"@type\":\"WebPage\",\"@id\":\"https:\\\/\\\/iwell-guard.com\\\/ca\\\/freyja\\\/\",\"url\":\"https:\\\/\\\/iwell-guard.com\\\/ca\\\/freyja\\\/\",\"name\":\"Freyja - Deessa de l'amor i la fertilitat\",\"isPartOf\":{\"@id\":\"https:\\\/\\\/iwell-guard.com\\\/ca\\\/#website\"},\"primaryImageOfPage\":{\"@id\":\"https:\\\/\\\/iwell-guard.com\\\/ca\\\/freyja\\\/#primaryimage\"},\"image\":{\"@id\":\"https:\\\/\\\/iwell-guard.com\\\/ca\\\/freyja\\\/#primaryimage\"},\"thumbnailUrl\":\"https:\\\/\\\/iwell-guard.com\\\/wp-content\\\/uploads\\\/2026\\\/04\\\/goetter_germanisch_freyja.webp\",\"datePublished\":\"2026-09-05T15:40:29+00:00\",\"dateModified\":\"2026-09-05T16:01:18+00:00\",\"description\":\"Freyja, transmesa durant segles en fonts com l'Edda en prosa: v\u00e0nida de l'amor, la fertilitat, la guerra i la m\u00e0gia seid, senyora del Folkvangr.\",\"breadcrumb\":{\"@id\":\"https:\\\/\\\/iwell-guard.com\\\/ca\\\/freyja\\\/#breadcrumb\"},\"inLanguage\":\"ca\",\"potentialAction\":[{\"@type\":\"ReadAction\",\"target\":[\"https:\\\/\\\/iwell-guard.com\\\/ca\\\/freyja\\\/\"]}]},{\"@type\":\"ImageObject\",\"inLanguage\":\"ca\",\"@id\":\"https:\\\/\\\/iwell-guard.com\\\/ca\\\/freyja\\\/#primaryimage\",\"url\":\"https:\\\/\\\/iwell-guard.com\\\/wp-content\\\/uploads\\\/2026\\\/04\\\/goetter_germanisch_freyja.webp\",\"contentUrl\":\"https:\\\/\\\/iwell-guard.com\\\/wp-content\\\/uploads\\\/2026\\\/04\\\/goetter_germanisch_freyja.webp\",\"width\":1024,\"height\":1536,\"caption\":\"D\u00e9us de la tradici\u00f3 germ\u00e0nica.\"},{\"@type\":\"BreadcrumbList\",\"@id\":\"https:\\\/\\\/iwell-guard.com\\\/ca\\\/freyja\\\/#breadcrumb\",\"itemListElement\":[{\"@type\":\"ListItem\",\"position\":1,\"name\":\"Start\",\"item\":\"https:\\\/\\\/iwell-guard.com\\\/ca\\\/?page_id=171333\"},{\"@type\":\"ListItem\",\"position\":2,\"name\":\"Freyja\"}]},{\"@type\":\"WebSite\",\"@id\":\"https:\\\/\\\/iwell-guard.com\\\/ca\\\/#website\",\"url\":\"https:\\\/\\\/iwell-guard.com\\\/ca\\\/\",\"name\":\"iWell Guard\",\"description\":\"Schutz vor dunklen Einfl\u00fcssen\",\"publisher\":{\"@id\":\"https:\\\/\\\/iwell-guard.com\\\/ca\\\/#organization\"},\"potentialAction\":[{\"@type\":\"SearchAction\",\"target\":{\"@type\":\"EntryPoint\",\"urlTemplate\":\"https:\\\/\\\/iwell-guard.com\\\/ca\\\/?s={search_term_string}\"},\"query-input\":{\"@type\":\"PropertyValueSpecification\",\"valueRequired\":true,\"valueName\":\"search_term_string\"}}],\"inLanguage\":\"ca\"},{\"@type\":\"Organization\",\"@id\":\"https:\\\/\\\/iwell-guard.com\\\/ca\\\/#organization\",\"name\":\"Ittermann electronic GmbH\",\"url\":\"https:\\\/\\\/iwell-guard.com\\\/ca\\\/\",\"logo\":{\"@type\":\"ImageObject\",\"inLanguage\":\"ca\",\"@id\":\"https:\\\/\\\/iwell-guard.com\\\/ca\\\/#\\\/schema\\\/logo\\\/image\\\/\",\"url\":\"https:\\\/\\\/iwell-guard.com\\\/wp-content\\\/uploads\\\/2026\\\/05\\\/Ittermann-Logo-1182x237-1.png\",\"contentUrl\":\"https:\\\/\\\/iwell-guard.com\\\/wp-content\\\/uploads\\\/2026\\\/05\\\/Ittermann-Logo-1182x237-1.png\",\"width\":1182,\"height\":237,\"caption\":\"Ittermann electronic GmbH\"},\"image\":{\"@id\":\"https:\\\/\\\/iwell-guard.com\\\/ca\\\/#\\\/schema\\\/logo\\\/image\\\/\"},\"sameAs\":[\"https:\\\/\\\/pantip.com\\\/profile\\\/9367242\",\"https:\\\/\\\/micro.blog\\\/iwellguard\",\"https:\\\/\\\/www.diggerslist.com\\\/iwellguard\\\/about\",\"https:\\\/\\\/skitterphoto.com\\\/photographers\\\/2870314\\\/iwell-guard\",\"https:\\\/\\\/iwellguard.wordpress.com\\\/2026\\\/06\\\/06\\\/iwell-guard\\\/\",\"https:\\\/\\\/hub.docker.com\\\/u\\\/iwellguard\",\"https:\\\/\\\/www.pinterest.com\\\/iwellguard\\\/\",\"https:\\\/\\\/bit.ly\\\/m\\\/iwellguard\",\"https:\\\/\\\/entre-vos-mains.alsace.eu\\\/profiles\\\/iwellguard\\\/activity\",\"https:\\\/\\\/gravatar.com\\\/reallybeded8fd34\",\"https:\\\/\\\/naijamatta.com\\\/iwellguard\",\"https:\\\/\\\/www.goodreads.com\\\/iwellguard\",\"https:\\\/\\\/profile.hatena.ne.jp\\\/iwellguard\\\/\",\"https:\\\/\\\/experiment.com\\\/users\\\/iwellguard\",\"https:\\\/\\\/wakelet.com\\\/@iWellGuard82270\",\"https:\\\/\\\/www.chordie.com\\\/forum\\\/profile.php?id=2555664\",\"https:\\\/\\\/www.instapaper.com\\\/p\\\/17757966\",\"https:\\\/\\\/www.mapleprimes.com\\\/users\\\/iwellguard\",\"https:\\\/\\\/businesslistingplus.com\\\/profile\\\/iwell-guard\\\/\",\"https:\\\/\\\/telegra.ph\\\/iWell-Guard-06-06\",\"https:\\\/\\\/pbase.com\\\/iwellguard\\\/iwellguard\",\"https:\\\/\\\/b.hatena.ne.jp\\\/iwellguard\\\/20260607#bookmark-4788405196491818882\",\"https:\\\/\\\/fliphtml5.com\\\/home\\\/iwellguard\",\"https:\\\/\\\/anyflip.com\\\/homepage\\\/cmiwl#About\",\"https:\\\/\\\/transfur.com\\\/Users\\\/iwellguard\",\"http:\\\/\\\/delphi.larsbo.org\\\/user\\\/iwellguard\",\"https:\\\/\\\/jobs.lajobsportal.org\\\/profiles\\\/8380803-iwell-guard\",\"https:\\\/\\\/md.chaosdorf.de\\\/s\\\/jfbe5SBdJD\",\"https:\\\/\\\/www.lingvolive.com\\\/en-us\\\/profile\\\/9ecaeaca-ce11-4e51-9e71-01d55e2bff36\\\/translations\",\"https:\\\/\\\/www.fitday.com\\\/fitness\\\/forums\\\/members\\\/iwellguard.html\",\"https:\\\/\\\/www.mymeetbook.com\\\/iwellguard\",\"https:\\\/\\\/pxhere.com\\\/en\\\/photographer-me\\\/5040798\",\"https:\\\/\\\/disqus.com\\\/by\\\/iwellguard\\\/about\\\/\",\"https:\\\/\\\/pastelink.net\\\/hjwciqwq\",\"https:\\\/\\\/pubhtml5.com\\\/homepage\\\/scjhn\\\/\",\"https:\\\/\\\/www.bitchute.com\\\/channel\\\/2O2eOKzNqujT\",\"https:\\\/\\\/audiomack.com\\\/iwellguard\"]},{\"@type\":\"Article\",\"@id\":\"https:\\\/\\\/iwell-guard.com\\\/ca\\\/freyja\\\/#article\",\"isPartOf\":{\"@id\":\"https:\\\/\\\/iwell-guard.com\\\/ca\\\/freyja\\\/\"},\"author\":{\"name\":\"Ralf Ittermann\",\"@id\":\"https:\\\/\\\/iwell-guard.com\\\/ca\\\/#\\\/schema\\\/person\\\/ee2a27f1cac3406c7c6fb5820cb7349f\"},\"headline\":\"Freyja\",\"datePublished\":\"2026-09-05T15:40:29+00:00\",\"dateModified\":\"2026-09-05T16:01:18+00:00\",\"mainEntityOfPage\":{\"@id\":\"https:\\\/\\\/iwell-guard.com\\\/ca\\\/freyja\\\/\"},\"publisher\":{\"@id\":\"https:\\\/\\\/iwell-guard.com\\\/ca\\\/#organization\"},\"image\":{\"@id\":\"https:\\\/\\\/iwell-guard.com\\\/ca\\\/freyja\\\/#primaryimage\"},\"thumbnailUrl\":\"https:\\\/\\\/iwell-guard.com\\\/wp-content\\\/uploads\\\/2026\\\/04\\\/goetter_germanisch_freyja.webp\",\"inLanguage\":\"ca\",\"description\":\"Freyja, transmesa durant segles en fonts com l'Edda en prosa: v\u00e0nida de l'amor, la fertilitat, la guerra i la m\u00e0gia seid, senyora del Folkvangr.\"}]}<\/script>\n<!-- \/ Yoast SEO Premium plugin. -->","yoast_head_json":{"title":"Freyja - Deessa de l'amor i la fertilitat","description":"Freyja, transmesa durant segles en fonts com l'Edda en prosa: v\u00e0nida de l'amor, la fertilitat, la guerra i la m\u00e0gia seid, senyora del Folkvangr.","robots":{"index":"index","follow":"follow","max-snippet":"max-snippet:-1","max-image-preview":"max-image-preview:large","max-video-preview":"max-video-preview:-1"},"canonical":"https:\/\/iwell-guard.com\/ca\/freyja\/","og_locale":"ca_ES","og_type":"article","og_title":"Freyja","og_description":"Freyja, transmesa durant segles en fonts com l'Edda en prosa: v\u00e0nida de l'amor, la fertilitat, la guerra i la m\u00e0gia seid, senyora del Folkvangr.","og_url":"https:\/\/iwell-guard.com\/ca\/freyja\/","og_site_name":"iWell Guard","article_modified_time":"2026-09-05T16:01:18+00:00","og_image":[{"width":1024,"height":1536,"url":"https:\/\/iwell-guard.com\/wp-content\/uploads\/2026\/04\/goetter_germanisch_freyja.webp","type":"image\/webp"}],"twitter_card":"summary_large_image","schema":{"@context":"https:\/\/schema.org","@graph":[{"@type":"Article","@id":"https:\/\/iwell-guard.com\/ca\/freyja\/#article","isPartOf":{"@id":"https:\/\/iwell-guard.com\/ca\/freyja\/"},"author":{"name":"Ralf Ittermann","@id":"https:\/\/iwell-guard.com\/ca\/#\/schema\/person\/ee2a27f1cac3406c7c6fb5820cb7349f"},"headline":"Freyja","datePublished":"2026-09-05T15:40:29+00:00","dateModified":"2026-09-05T16:01:18+00:00","mainEntityOfPage":{"@id":"https:\/\/iwell-guard.com\/ca\/freyja\/"},"publisher":{"@id":"https:\/\/iwell-guard.com\/ca\/#organization"},"image":{"@id":"https:\/\/iwell-guard.com\/ca\/freyja\/#primaryimage"},"thumbnailUrl":"https:\/\/iwell-guard.com\/wp-content\/uploads\/2026\/04\/goetter_germanisch_freyja.webp","inLanguage":"ca","description":"Freyja, transmesa durant segles en fonts com l'Edda en prosa: v\u00e0nida de l'amor, la fertilitat, la guerra i la m\u00e0gia seid, senyora del Folkvangr."},{"@type":"WebPage","@id":"https:\/\/iwell-guard.com\/ca\/freyja\/","url":"https:\/\/iwell-guard.com\/ca\/freyja\/","name":"Freyja - Deessa de l'amor i la fertilitat","isPartOf":{"@id":"https:\/\/iwell-guard.com\/ca\/#website"},"primaryImageOfPage":{"@id":"https:\/\/iwell-guard.com\/ca\/freyja\/#primaryimage"},"image":{"@id":"https:\/\/iwell-guard.com\/ca\/freyja\/#primaryimage"},"thumbnailUrl":"https:\/\/iwell-guard.com\/wp-content\/uploads\/2026\/04\/goetter_germanisch_freyja.webp","datePublished":"2026-09-05T15:40:29+00:00","dateModified":"2026-09-05T16:01:18+00:00","description":"Freyja, transmesa durant segles en fonts com l'Edda en prosa: v\u00e0nida de l'amor, la fertilitat, la guerra i la m\u00e0gia seid, senyora del Folkvangr.","breadcrumb":{"@id":"https:\/\/iwell-guard.com\/ca\/freyja\/#breadcrumb"},"inLanguage":"ca","potentialAction":[{"@type":"ReadAction","target":["https:\/\/iwell-guard.com\/ca\/freyja\/"]}]},{"@type":"ImageObject","inLanguage":"ca","@id":"https:\/\/iwell-guard.com\/ca\/freyja\/#primaryimage","url":"https:\/\/iwell-guard.com\/wp-content\/uploads\/2026\/04\/goetter_germanisch_freyja.webp","contentUrl":"https:\/\/iwell-guard.com\/wp-content\/uploads\/2026\/04\/goetter_germanisch_freyja.webp","width":1024,"height":1536,"caption":"D\u00e9us de la tradici\u00f3 germ\u00e0nica."},{"@type":"BreadcrumbList","@id":"https:\/\/iwell-guard.com\/ca\/freyja\/#breadcrumb","itemListElement":[{"@type":"ListItem","position":1,"name":"Start","item":"https:\/\/iwell-guard.com\/ca\/?page_id=171333"},{"@type":"ListItem","position":2,"name":"Freyja"}]},{"@type":"WebSite","@id":"https:\/\/iwell-guard.com\/ca\/#website","url":"https:\/\/iwell-guard.com\/ca\/","name":"iWell Guard","description":"Schutz vor dunklen Einfl\u00fcssen","publisher":{"@id":"https:\/\/iwell-guard.com\/ca\/#organization"},"potentialAction":[{"@type":"SearchAction","target":{"@type":"EntryPoint","urlTemplate":"https:\/\/iwell-guard.com\/ca\/?s={search_term_string}"},"query-input":{"@type":"PropertyValueSpecification","valueRequired":true,"valueName":"search_term_string"}}],"inLanguage":"ca"},{"@type":"Organization","@id":"https:\/\/iwell-guard.com\/ca\/#organization","name":"Ittermann electronic GmbH","url":"https:\/\/iwell-guard.com\/ca\/","logo":{"@type":"ImageObject","inLanguage":"ca","@id":"https:\/\/iwell-guard.com\/ca\/#\/schema\/logo\/image\/","url":"https:\/\/iwell-guard.com\/wp-content\/uploads\/2026\/05\/Ittermann-Logo-1182x237-1.png","contentUrl":"https:\/\/iwell-guard.com\/wp-content\/uploads\/2026\/05\/Ittermann-Logo-1182x237-1.png","width":1182,"height":237,"caption":"Ittermann electronic GmbH"},"image":{"@id":"https:\/\/iwell-guard.com\/ca\/#\/schema\/logo\/image\/"},"sameAs":["https:\/\/pantip.com\/profile\/9367242","https:\/\/micro.blog\/iwellguard","https:\/\/www.diggerslist.com\/iwellguard\/about","https:\/\/skitterphoto.com\/photographers\/2870314\/iwell-guard","https:\/\/iwellguard.wordpress.com\/2026\/06\/06\/iwell-guard\/","https:\/\/hub.docker.com\/u\/iwellguard","https:\/\/www.pinterest.com\/iwellguard\/","https:\/\/bit.ly\/m\/iwellguard","https:\/\/entre-vos-mains.alsace.eu\/profiles\/iwellguard\/activity","https:\/\/gravatar.com\/reallybeded8fd34","https:\/\/naijamatta.com\/iwellguard","https:\/\/www.goodreads.com\/iwellguard","https:\/\/profile.hatena.ne.jp\/iwellguard\/","https:\/\/experiment.com\/users\/iwellguard","https:\/\/wakelet.com\/@iWellGuard82270","https:\/\/www.chordie.com\/forum\/profile.php?id=2555664","https:\/\/www.instapaper.com\/p\/17757966","https:\/\/www.mapleprimes.com\/users\/iwellguard","https:\/\/businesslistingplus.com\/profile\/iwell-guard\/","https:\/\/telegra.ph\/iWell-Guard-06-06","https:\/\/pbase.com\/iwellguard\/iwellguard","https:\/\/b.hatena.ne.jp\/iwellguard\/20260607#bookmark-4788405196491818882","https:\/\/fliphtml5.com\/home\/iwellguard","https:\/\/anyflip.com\/homepage\/cmiwl#About","https:\/\/transfur.com\/Users\/iwellguard","http:\/\/delphi.larsbo.org\/user\/iwellguard","https:\/\/jobs.lajobsportal.org\/profiles\/8380803-iwell-guard","https:\/\/md.chaosdorf.de\/s\/jfbe5SBdJD","https:\/\/www.lingvolive.com\/en-us\/profile\/9ecaeaca-ce11-4e51-9e71-01d55e2bff36\/translations","https:\/\/www.fitday.com\/fitness\/forums\/members\/iwellguard.html","https:\/\/www.mymeetbook.com\/iwellguard","https:\/\/pxhere.com\/en\/photographer-me\/5040798","https:\/\/disqus.com\/by\/iwellguard\/about\/","https:\/\/pastelink.net\/hjwciqwq","https:\/\/pubhtml5.com\/homepage\/scjhn\/","https:\/\/www.bitchute.com\/channel\/2O2eOKzNqujT","https:\/\/audiomack.com\/iwellguard"]},{"@type":"Person","@id":"https:\/\/iwell-guard.com\/ca\/#\/schema\/person\/ee2a27f1cac3406c7c6fb5820cb7349f","name":"Ralf Ittermann","image":{"@type":"ImageObject","inLanguage":"ca","@id":"https:\/\/secure.gravatar.com\/avatar\/073c0153e350a5005b68eb752b445fea71f6b24a26da9449ad7e155e6b446c9d?s=96&d=mm&r=g","url":"https:\/\/secure.gravatar.com\/avatar\/073c0153e350a5005b68eb752b445fea71f6b24a26da9449ad7e155e6b446c9d?s=96&d=mm&r=g","contentUrl":"https:\/\/secure.gravatar.com\/avatar\/073c0153e350a5005b68eb752b445fea71f6b24a26da9449ad7e155e6b446c9d?s=96&d=mm&r=g","caption":"Ralf Ittermann"},"givenName":"Ralf","familyName":"Ittermann","jobTitle":"Gesch\u00e4ftsf\u00fchrer und redaktioneller Verantwortlicher","url":"https:\/\/iwell-guard.com\/ca\/author\/claude\/","description":"Ralf Ittermann ist Gesch\u00e4ftsf\u00fchrer der Ittermann electronic GmbH und redaktioneller Verantwortlicher des iWell-Guard-Lexikons. Er verbindet langj\u00e4hrige Erfahrung in der Pr\u00e4zisionsfertigung mit medialer Praxis und religionsgeschichtlicher Quellenarbeit.","worksFor":{"@type":"Organization","name":"Ittermann electronic GmbH","url":"https:\/\/ittermann.de\/","address":{"@type":"PostalAddress","streetAddress":"K\u00f6hlergasse 16-18","postalCode":"99842","addressLocality":"Ruhla","addressCountry":"DE"}},"knowsAbout":["Religionsgeschichte","Mythologie","Mediale Praxis","Energetische Diagnostik","Schutzpraxis","Volksglauben","Westliche Esoterik"]},{"@type":"Article","@id":"https:\/\/iwell-guard.com\/ca\/freyja\/#article","isPartOf":{"@id":"https:\/\/iwell-guard.com\/ca\/freyja\/"},"author":{"name":"Ralf Ittermann","@id":"https:\/\/iwell-guard.com\/ca\/#\/schema\/person\/ee2a27f1cac3406c7c6fb5820cb7349f"},"headline":"Freyja","datePublished":"2026-09-05T15:40:29+00:00","dateModified":"2026-09-05T16:01:18+00:00","mainEntityOfPage":{"@id":"https:\/\/iwell-guard.com\/ca\/freyja\/"},"publisher":{"@id":"https:\/\/iwell-guard.com\/ca\/#organization"},"image":{"@id":"https:\/\/iwell-guard.com\/ca\/freyja\/#primaryimage"},"thumbnailUrl":"https:\/\/iwell-guard.com\/wp-content\/uploads\/2026\/04\/goetter_germanisch_freyja.webp","inLanguage":"ca","description":"Freyja, transmesa durant segles en fonts com l'Edda en prosa: v\u00e0nida de l'amor, la fertilitat, la guerra i la m\u00e0gia seid, senyora del Folkvangr."}]}},"_links":{"self":[{"href":"https:\/\/iwell-guard.com\/ca\/wp-json\/wp\/v2\/pages\/171566","targetHints":{"allow":["GET"]}}],"collection":[{"href":"https:\/\/iwell-guard.com\/ca\/wp-json\/wp\/v2\/pages"}],"about":[{"href":"https:\/\/iwell-guard.com\/ca\/wp-json\/wp\/v2\/types\/page"}],"author":[{"embeddable":true,"href":"https:\/\/iwell-guard.com\/ca\/wp-json\/wp\/v2\/users\/3"}],"replies":[{"embeddable":true,"href":"https:\/\/iwell-guard.com\/ca\/wp-json\/wp\/v2\/comments?post=171566"}],"version-history":[{"count":0,"href":"https:\/\/iwell-guard.com\/ca\/wp-json\/wp\/v2\/pages\/171566\/revisions"}],"wp:featuredmedia":[{"embeddable":true,"href":"https:\/\/iwell-guard.com\/ca\/wp-json\/wp\/v2\/media\/1571"}],"wp:attachment":[{"href":"https:\/\/iwell-guard.com\/ca\/wp-json\/wp\/v2\/media?parent=171566"}],"wp:term":[{"taxonomy":"category","embeddable":true,"href":"https:\/\/iwell-guard.com\/ca\/wp-json\/wp\/v2\/categories?post=171566"}],"curies":[{"name":"wp","href":"https:\/\/api.w.org\/{rel}","templated":true}]}}