{"id":171563,"date":"2026-09-05T15:40:27","date_gmt":"2026-09-05T15:40:27","guid":{"rendered":"https:\/\/iwell-guard.com\/?page_id=171563"},"modified":"2026-09-05T16:01:13","modified_gmt":"2026-09-05T16:01:13","slug":"tsukuyomi","status":"publish","type":"page","link":"https:\/\/iwell-guard.com\/ca\/tsukuyomi\/","title":{"rendered":"Tsukuyomi"},"content":{"rendered":"\t\t<div data-elementor-type=\"wp-page\" data-elementor-id=\"171563\" class=\"elementor elementor-171563 elementor-2083 elementor-bc-flex-widget\" data-elementor-post-type=\"page\">\n\t\t\t\t<div class=\"elementor-element elementor-element-10fdade e-flex e-con-boxed e-con e-parent\" data-id=\"10fdade\" data-element_type=\"container\" data-e-type=\"container\" data-settings=\"{&quot;background_background&quot;:&quot;classic&quot;}\">\n\t\t\t\t\t<div class=\"e-con-inner\">\n\t\t<div class=\"elementor-element elementor-element-herohlft0 e-flex e-con-boxed e-con e-child\" data-id=\"herohlft0\" data-element_type=\"container\" data-e-type=\"container\">\n\t\t\t\t\t<div class=\"e-con-inner\">\n\t\t<div class=\"elementor-element elementor-element-c3ceb64 e-con-full e-flex e-con e-child\" data-id=\"c3ceb64\" data-element_type=\"container\" data-e-type=\"container\">\n\t\t\t\t<div class=\"elementor-element elementor-element-96ae5e1 elementor-widget elementor-widget-heading\" data-id=\"96ae5e1\" data-element_type=\"widget\" data-e-type=\"widget\" data-widget_type=\"heading.default\">\n\t\t\t\t\t<h1 class=\"elementor-heading-title elementor-size-default\">Tsukuyomi, d\u00e9u de la tradici\u00f3 japonesa<\/h1>\t\t\t\t<\/div>\n\t\t\t\t<div class=\"elementor-element elementor-element-e45238a elementor-widget elementor-widget-text-editor\" data-id=\"e45238a\" data-element_type=\"widget\" data-e-type=\"widget\" data-widget_type=\"text-editor.default\">\n\t\t\t\t\t\t\t\t\t<p>Tsukuyomi \u00e9s un d\u00e9u de la tradici\u00f3 japonesa.<\/p><p><strong>D\u00e9u de la lluna, for\u00e7a silenciosa del cel nocturn, separaci\u00f3 eterna.<\/strong> En el xintoisme japon\u00e8s, Tsukuyomi \u00e9s considerat una silenciosa divinitat lunar de la nit.<\/p>\t\t\t\t\t\t\t\t<\/div>\n\t\t\t\t<\/div>\n\t\t<div class=\"elementor-element elementor-element-klsbdg01 e-con-full e-flex e-con e-parent\" data-id=\"klsbdg01\" data-element_type=\"container\" data-e-type=\"container\">\n\t\t\t\t<div class=\"elementor-element elementor-element-klshtm01 elementor-widget elementor-widget-html\" data-id=\"klshtm01\" data-element_type=\"widget\" data-e-type=\"widget\" data-widget_type=\"html.default\">\n\t\t\t\t\t<div class=\"iwg-pill-row\"><span class=\"iwg-klasse-badge\" tabindex=\"0\" data-tooltip=\"D\u00e9u \/ Deessa: Poder suprem personificat en el pante\u00f3 d'una cultura, amb \u00e0mbits clars de compet\u00e8ncia, forces naturals, dest\u00ed, guerra, fertilitat. Venerat mitjan\u00e7ant cultes, ofrenes i institucions de temple.\">D\u00e9u<\/span><a href=\"https:\/\/iwell-guard.com\/ca\/?page_id=171411\" class=\"iwg-kultur-badge\" tabindex=\"0\" data-tooltip=\"Els kami del xintoisme japon\u00e8s i els mons budistes-yokai.\">Jap\u00f3<\/a><\/div>\t\t\t\t<\/div>\n\t\t\t\t<\/div>\n\t\t<div class=\"elementor-element elementor-element-3f74855 e-con-full e-flex e-con e-child\" data-id=\"3f74855\" data-element_type=\"container\" data-e-type=\"container\">\n\t\t\t\t<div class=\"elementor-element elementor-element-1c30362 elementor-toc--minimized-on-tablet elementor-widget elementor-widget-table-of-contents\" data-id=\"1c30362\" data-element_type=\"widget\" data-e-type=\"widget\" data-settings=\"{&quot;exclude_headings_by_selector&quot;:[],&quot;no_headings_message&quot;:&quot;No s&#039;ha trobat cap encap\\u00e7alament en aquesta p\\u00e0gina.&quot;,&quot;headings_by_tags&quot;:[&quot;h2&quot;,&quot;h3&quot;],&quot;marker_view&quot;:&quot;bullets&quot;,&quot;minimize_box&quot;:&quot;yes&quot;,&quot;icon&quot;:{&quot;value&quot;:&quot;fas fa-circle&quot;,&quot;library&quot;:&quot;fa-solid&quot;,&quot;rendered_tag&quot;:&quot;&lt;svg class=\\&quot;e-font-icon-svg e-fas-circle\\&quot; viewBox=\\&quot;0 0 512 512\\&quot; xmlns=\\&quot;http:\\\/\\\/www.w3.org\\\/2000\\\/svg\\&quot;&gt;&lt;path d=\\&quot;M256 8C119 8 8 119 8 256s111 248 248 248 248-111 248-248S393 8 256 8z\\&quot;&gt;&lt;\\\/path&gt;&lt;\\\/svg&gt;&quot;},&quot;minimized_on&quot;:&quot;tablet&quot;,&quot;hierarchical_view&quot;:&quot;yes&quot;,&quot;min_height&quot;:{&quot;unit&quot;:&quot;px&quot;,&quot;size&quot;:&quot;&quot;,&quot;sizes&quot;:[]},&quot;min_height_tablet&quot;:{&quot;unit&quot;:&quot;px&quot;,&quot;size&quot;:&quot;&quot;,&quot;sizes&quot;:[]},&quot;min_height_mobile&quot;:{&quot;unit&quot;:&quot;px&quot;,&quot;size&quot;:&quot;&quot;,&quot;sizes&quot;:[]}}\" data-widget_type=\"table-of-contents.default\">\n\t\t\t\t\t\t\t\t\t<div class=\"elementor-toc__header\">\n\t\t\t\t\t\t<h2 class=\"elementor-toc__header-title\">\n\t\t\t\t\u00cdndex\t\t\t<\/h2>\n\t\t\t\t\t\t\t\t\t\t<div class=\"elementor-toc__toggle-button elementor-toc__toggle-button--expand\" role=\"button\" tabindex=\"0\" aria-controls=\"elementor-toc__1c30362\" aria-expanded=\"true\" aria-label=\"Open table of contents\"><svg aria-hidden=\"true\" class=\"e-font-icon-svg e-fas-chevron-down\" viewBox=\"0 0 448 512\" xmlns=\"http:\/\/www.w3.org\/2000\/svg\"><path d=\"M207.029 381.476L12.686 187.132c-9.373-9.373-9.373-24.569 0-33.941l22.667-22.667c9.357-9.357 24.522-9.375 33.901-.04L224 284.505l154.745-154.021c9.379-9.335 24.544-9.317 33.901.04l22.667 22.667c9.373 9.373 9.373 24.569 0 33.941L240.971 381.476c-9.373 9.372-24.569 9.372-33.942 0z\"><\/path><\/svg><\/div>\n\t\t\t\t<div class=\"elementor-toc__toggle-button elementor-toc__toggle-button--collapse\" role=\"button\" tabindex=\"0\" aria-controls=\"elementor-toc__1c30362\" aria-expanded=\"true\" aria-label=\"Close table of contents\"><svg aria-hidden=\"true\" class=\"e-font-icon-svg e-fas-chevron-up\" viewBox=\"0 0 448 512\" xmlns=\"http:\/\/www.w3.org\/2000\/svg\"><path d=\"M240.971 130.524l194.343 194.343c9.373 9.373 9.373 24.569 0 33.941l-22.667 22.667c-9.357 9.357-24.522 9.375-33.901.04L224 227.495 69.255 381.516c-9.379 9.335-24.544 9.317-33.901-.04l-22.667-22.667c-9.373-9.373-9.373-24.569 0-33.941L207.03 130.525c9.372-9.373 24.568-9.373 33.941-.001z\"><\/path><\/svg><\/div>\n\t\t\t\t\t<\/div>\n\t\t\t\t<div id=\"elementor-toc__1c30362\" class=\"elementor-toc__body\">\n\t\t\t<div class=\"elementor-toc__spinner-container\">\n\t\t\t\t<svg class=\"elementor-toc__spinner eicon-animation-spin e-font-icon-svg e-eicon-loading\" aria-hidden=\"true\" viewBox=\"0 0 1000 1000\" xmlns=\"http:\/\/www.w3.org\/2000\/svg\"><path d=\"M500 975V858C696 858 858 696 858 500S696 142 500 142 142 304 142 500H25C25 237 238 25 500 25S975 237 975 500 763 975 500 975Z\"><\/path><\/svg>\t\t\t<\/div>\n\t\t<\/div>\n\t\t\t\t\t\t<\/div>\n\t\t\t\t<\/div>\n\t\t\t\t\t<\/div>\n\t\t\t\t<\/div>\n\t\t<div class=\"elementor-element elementor-element-herorght0 e-con-full e-flex e-con e-child\" data-id=\"herorght0\" data-element_type=\"container\" data-e-type=\"container\">\n\t\t\t\t<div class=\"elementor-element elementor-element-heroimg00 iwg-hero-image elementor-widget elementor-widget-image\" data-id=\"heroimg00\" data-element_type=\"widget\" data-e-type=\"widget\" data-widget_type=\"image.default\">\n\t\t\t\t\t\t\t\t\t\t\t\t\t\t\t<img fetchpriority=\"high\" decoding=\"async\" width=\"683\" height=\"1024\" src=\"https:\/\/iwell-guard.com\/wp-content\/uploads\/2026\/04\/goetter_japan_tsukuyomi-683x1024.webp\" class=\"attachment-large size-large wp-image-1606\" alt=\"Tsukuyomi\" srcset=\"https:\/\/iwell-guard.com\/wp-content\/uploads\/2026\/04\/goetter_japan_tsukuyomi-683x1024.webp 683w, https:\/\/iwell-guard.com\/wp-content\/uploads\/2026\/04\/goetter_japan_tsukuyomi-200x300.webp 200w, https:\/\/iwell-guard.com\/wp-content\/uploads\/2026\/04\/goetter_japan_tsukuyomi-768x1152.webp 768w, https:\/\/iwell-guard.com\/wp-content\/uploads\/2026\/04\/goetter_japan_tsukuyomi.webp 1024w\" sizes=\"(max-width: 683px) 100vw, 683px\" \/>\t\t\t\t\t\t\t\t\t\t\t\t\t\t\t<\/div>\n\t\t\t\t<\/div>\n\t\t\t\t\t<\/div>\n\t\t\t\t<\/div>\n\t\t<div class=\"elementor-element elementor-element-32917199 e-flex e-con-boxed e-con e-parent\" data-id=\"32917199\" data-element_type=\"container\" data-e-type=\"container\">\n\t\t\t\t\t<div class=\"e-con-inner\">\n\t\t<div class=\"elementor-element elementor-element-26e916cb e-flex e-con-boxed e-con e-child\" data-id=\"26e916cb\" data-element_type=\"container\" data-e-type=\"container\">\n\t\t\t\t\t<div class=\"e-con-inner\">\n\t\t<div class=\"elementor-element elementor-element-253a40d4 e-flex e-con-boxed e-con e-child\" data-id=\"253a40d4\" data-element_type=\"container\" data-e-type=\"container\">\n\t\t\t\t\t<div class=\"e-con-inner\">\n\t\t\t\t<div class=\"elementor-element elementor-element-1200c304 elementor-widget elementor-widget-heading\" data-id=\"1200c304\" data-element_type=\"widget\" data-e-type=\"widget\" data-widget_type=\"heading.default\">\n\t\t\t\t\t<h2 class=\"elementor-heading-title elementor-size-default\">Tsukuyomi<\/h2>\t\t\t\t<\/div>\n\t\t\t\t\t<\/div>\n\t\t\t\t<\/div>\n\t\t<div class=\"elementor-element elementor-element-159dcf9a e-flex e-con-boxed e-con e-child\" data-id=\"159dcf9a\" data-element_type=\"container\" data-e-type=\"container\">\n\t\t\t\t\t<div class=\"e-con-inner\">\n\t\t\t\t<div class=\"elementor-element elementor-element-48cee66f elementor-widget elementor-widget-heading\" data-id=\"48cee66f\" data-element_type=\"widget\" data-e-type=\"widget\" data-widget_type=\"heading.default\">\n\t\t\t\t\t<h2 class=\"elementor-heading-title elementor-size-default\">Perfil breu: Tsukuyomi<\/h2>\t\t\t\t<\/div>\n\t\t\t\t<div class=\"elementor-element elementor-element-3f50d82c elementor-widget elementor-widget-text-editor\" data-id=\"3f50d82c\" data-element_type=\"widget\" data-e-type=\"widget\" data-widget_type=\"text-editor.default\">\n\t\t\t\t\t\t\t\t\t<p><strong>Tipus:<\/strong> Divinitat principal japonesa (<span class=\"iwg-fachbegriff\" data-tooltip=\"La religi\u00f3 ind\u00edgena del Jap\u00f3, marcada per la veneraci\u00f3 dels kami.\" tabindex=\"0\">xintoisme<\/span>), d\u00e9u de la lluna<br><span class=\"iwg-fachbegriff\" data-tooltip=\"El conjunt dels d\u00e9us d'una religi\u00f3 o cultura.\" tabindex=\"0\">Pante\u00f3<\/span>: <span class=\"iwg-fachbegriff\" data-tooltip=\"La religi\u00f3 ind\u00edgena del Jap\u00f3, marcada per la veneraci\u00f3 dels kami.\" tabindex=\"0\">xintoisme<\/span><br>Funci\u00f3: la lluna, el cel nocturn, el pas del temps<br>Atributs principals: disc lunar, vestidura cortesana negra<br>Principals llocs de culte: Tsukiyomi-no-Miya a Ise (annex al Naiku), santuaris de Tsukuyomi a Kyoto i Yamashiro<br>Germans: Amaterasu (el sol, germana), Susano-o (la tempesta, germ\u00e0)<\/p>\t\t\t\t\t\t\t\t<\/div>\n\t\t\t\t\t<\/div>\n\t\t\t\t<\/div>\n\t\t\t\t\t<\/div>\n\t\t\t\t<\/div>\n\t\t\t\t\t<\/div>\n\t\t\t\t<\/div>\n\t\t<div class=\"elementor-element elementor-element-18613602 e-flex e-con-boxed e-con e-parent\" data-id=\"18613602\" data-element_type=\"container\" data-e-type=\"container\">\n\t\t\t\t\t<div class=\"e-con-inner\">\n\t\t\t\t<div class=\"elementor-element elementor-element-262b8a9f elementor-widget elementor-widget-heading\" data-id=\"262b8a9f\" data-element_type=\"widget\" data-e-type=\"widget\" data-widget_type=\"heading.default\">\n\t\t\t\t\t<h2 class=\"elementor-heading-title elementor-size-default\">Contextualitzaci\u00f3 hist\u00f2rica<\/h2>\t\t\t\t<\/div>\n\t\t<div class=\"elementor-element elementor-element-46dcb7d e-con-full e-flex e-con e-child\" data-id=\"46dcb7d\" data-element_type=\"container\" data-e-type=\"container\">\n\t\t<div class=\"elementor-element elementor-element-61d3ab3 e-flex e-con-boxed e-con e-child\" data-id=\"61d3ab3\" data-element_type=\"container\" data-e-type=\"container\">\n\t\t\t\t\t<div class=\"e-con-inner\">\n\t\t\t\t<div class=\"elementor-element elementor-element-117c166 elementor-widget elementor-widget-heading\" data-id=\"117c166\" data-element_type=\"widget\" data-e-type=\"widget\" data-widget_type=\"heading.default\">\n\t\t\t\t\t<h3 class=\"elementor-heading-title elementor-size-default\">Per\u00edode dels textos<\/h3>\t\t\t\t<\/div>\n\t\t\t\t<div class=\"elementor-element elementor-element-73997a0 elementor-widget elementor-widget-text-editor\" data-id=\"73997a0\" data-element_type=\"widget\" data-e-type=\"widget\" data-widget_type=\"text-editor.default\">\n\t\t\t\t\t\t\t\t\t<p>Tsukuyomi (jap. <em>Tsukuyomi-no-Mikoto<\/em>, \u00abl&#8217;Auguste Llegidor de la Lluna\u00bb) est\u00e0 documentat liter\u00e0riament des del segle VIII dC al <em>Kojiki<\/em> (712) i al <em>Nihon shoki<\/em> (720).<\/p><p>A difer\u00e8ncia de la seva germana Amaterasu, \u00e9s una <span class=\"iwg-fachbegriff\" data-tooltip=\"Un \u00e9sser venerat com a div\u00ed dins d'una religi\u00f3.\" tabindex=\"0\">divinitat<\/span> relativament marginal. Despr\u00e9s del <span class=\"iwg-fachbegriff\" data-tooltip=\"Un relat transm\u00e8s sobre d\u00e9us, or\u00edgens i l'ordre del m\u00f3n.\" tabindex=\"0\">mite<\/span> central del conflicte (assassina Ukemochi, la deessa de l&#8217;aliment), Amaterasu s&#8217;aparta d&#8217;ell i no el torna a veure mai m\u00e9s, una explicaci\u00f3 mitol\u00f2gica del fet que el sol i la lluna no apareguin junts al cel.<\/p><p>El punt \u00e0lgid del seu culte es mant\u00e9 moderat; en el <span class=\"iwg-fachbegriff\" data-tooltip=\"La religi\u00f3 ind\u00edgena del Jap\u00f3, centrada en la veneraci\u00f3 dels kami.\" tabindex=\"0\">shinto<\/span> modern \u00e9s un <span class=\"iwg-fachbegriff\" data-tooltip=\"En el shinto japon\u00e8s, els esperits venerats i els poders divins.\" tabindex=\"0\">kami<\/span> perif\u00e8ric per\u00f2 present.<\/p>\t\t\t\t\t\t\t\t<\/div>\n\t\t\t\t\t<\/div>\n\t\t\t\t<\/div>\n\t\t<div class=\"elementor-element elementor-element-d47b156 e-flex e-con-boxed e-con e-child\" data-id=\"d47b156\" data-element_type=\"container\" data-e-type=\"container\">\n\t\t\t\t\t<div class=\"e-con-inner\">\n\t\t\t\t<div class=\"elementor-element elementor-element-ff38c2b elementor-widget elementor-widget-heading\" data-id=\"ff38c2b\" data-element_type=\"widget\" data-e-type=\"widget\" data-widget_type=\"heading.default\">\n\t\t\t\t\t<h3 class=\"elementor-heading-title elementor-size-default\">\u00c0rea de difusi\u00f3<\/h3>\t\t\t\t<\/div>\n\t\t\t\t<div class=\"elementor-element elementor-element-4e49fcc elementor-widget elementor-widget-text-editor\" data-id=\"4e49fcc\" data-element_type=\"widget\" data-e-type=\"widget\" data-widget_type=\"text-editor.default\">\n\t\t\t\t\t\t\t\t\t<p>Principals llocs de culte: el <strong>Tsukiyomi-no-Miya<\/strong>, dins del complex de <span class=\"iwg-fachbegriff\" data-tooltip=\"Un petit lloc sagrat de cust\u00f2dia o devoci\u00f3.\" tabindex=\"0\">santuari<\/span> d&#8217;Ise (adscrit al Naiku, el <span class=\"iwg-fachbegriff\" data-tooltip=\"Un lloc sagrat dedicat a la veneraci\u00f3 d'una divinitat.\" tabindex=\"0\">santuari<\/span> interior d&#8217;Amaterasu; simb\u00f2licament, els germans no es relacionen de manera directa). A m\u00e9s, hi ha santuaris dedicats a Tsukuyomi a Kyoto i a l&#8217;antiga prefectura de Yamashiro. La veneraci\u00f3 de Tsukuyomi es troba en qualsevol <span class=\"iwg-fachbegriff\" data-tooltip=\"Un petit lloc sagrat de cust\u00f2dia o devoci\u00f3.\" tabindex=\"0\">santuari<\/span> <span class=\"iwg-fachbegriff\" data-tooltip=\"La religi\u00f3 ind\u00edgena del Jap\u00f3, centrada en la veneraci\u00f3 dels kami.\" tabindex=\"0\">shinto<\/span> especialitzat en aspectes lunars (relativament infreq\u00fcent).<\/p>\t\t\t\t\t\t\t\t<\/div>\n\t\t\t\t\t<\/div>\n\t\t\t\t<\/div>\n\t\t\t\t<\/div>\n\t\t<div class=\"elementor-element elementor-element-db03c39 e-con-full e-flex e-con e-child\" data-id=\"db03c39\" data-element_type=\"container\" data-e-type=\"container\">\n\t\t<div class=\"elementor-element elementor-element-229a87b e-flex e-con-boxed e-con e-child\" data-id=\"229a87b\" data-element_type=\"container\" data-e-type=\"container\">\n\t\t\t\t\t<div class=\"e-con-inner\">\n\t\t\t\t<div class=\"elementor-element elementor-element-1f471fc elementor-widget elementor-widget-heading\" data-id=\"1f471fc\" data-element_type=\"widget\" data-e-type=\"widget\" data-widget_type=\"heading.default\">\n\t\t\t\t\t<h3 class=\"elementor-heading-title elementor-size-default\">Estat de les fonts<\/h3>\t\t\t\t<\/div>\n\t\t\t\t<div class=\"elementor-element elementor-element-36b1201 elementor-widget elementor-widget-text-editor\" data-id=\"36b1201\" data-element_type=\"widget\" data-e-type=\"widget\" data-widget_type=\"text-editor.default\">\n\t\t\t\t\t\t\t\t\t<p>Fonts centrals: <em>Kojiki<\/em> (llibre I), <em>Nihon shoki<\/em> (llibre I), <em>Engi-shiki<\/em>. Bibliografia secund\u00e0ria: Aston, <em><span class=\"iwg-fachbegriff\" data-tooltip=\"La religi\u00f3 ind\u00edgena del Jap\u00f3, marcada per la veneraci\u00f3 dels kami.\" tabindex=\"0\">Shinto<\/span><\/em>; Kanda, <em><span class=\"iwg-fachbegriff\" data-tooltip=\"La religi\u00f3 ind\u00edgena del Jap\u00f3, marcada per la veneraci\u00f3 dels kami.\" tabindex=\"0\">Shinto<\/span> in History<\/em>; Heldt (trad.), <em>The Kojiki<\/em>; Bocking, <em>A Popular Dictionary of <span class=\"iwg-fachbegriff\" data-tooltip=\"La religi\u00f3 ind\u00edgena del Jap\u00f3, marcada per la veneraci\u00f3 dels kami.\" tabindex=\"0\">Shinto<\/span><\/em>.<\/p>\t\t\t\t\t\t\t\t<\/div>\n\t\t\t\t\t<\/div>\n\t\t\t\t<\/div>\n\t\t\t\t<\/div>\n\t\t\t\t\t<\/div>\n\t\t\t\t<\/div>\n\t\t<div class=\"elementor-element elementor-element-3ae0637c e-flex e-con-boxed e-con e-parent\" data-id=\"3ae0637c\" data-element_type=\"container\" data-e-type=\"container\">\n\t\t\t\t\t<div class=\"e-con-inner\">\n\t\t\t\t<div class=\"elementor-element elementor-element-31d07739 elementor-widget elementor-widget-heading\" data-id=\"31d07739\" data-element_type=\"widget\" data-e-type=\"widget\" data-widget_type=\"heading.default\">\n\t\t\t\t\t<h2 class=\"elementor-heading-title elementor-size-default\">Nom i variants<\/h2>\t\t\t\t<\/div>\n\t\t<div class=\"elementor-element elementor-element-b7642947 e-con-full e-flex e-con e-child\" data-id=\"b7642947\" data-element_type=\"container\" data-e-type=\"container\">\n\t\t\t\t<div class=\"elementor-element elementor-element-a086266 elementor-widget elementor-widget-text-editor\" data-id=\"a086266\" data-element_type=\"widget\" data-e-type=\"widget\" data-widget_type=\"text-editor.default\">\n\t\t\t\t\t\t\t\t\t<p>Tsukuyomi es representa poques vegades de manera visual, una de les divinitats japoneses menys representades. Quan apareix, ho fa amb eleg\u00e0ncia, resplendent de plata, per\u00f2 a dist\u00e0ncia. La lluna mateixa \u00e9s el seu cos i el seu mirall.<\/p><p>En els sistemes iconogr\u00e0fics es mostra al costat d&#8217;Amaterasu, per\u00f2 separat espacialment o dividit pel cel i la terra. El seu <span class=\"iwg-fachbegriff\" data-tooltip=\"Un signe que representa una idea o significat.\" tabindex=\"0\">s\u00edmbol<\/span> distintiu \u00e9s el cicle mateix de les fases lunars, la lluna nova, la lluna plena, la fosca que sempre retorna. Les vestidures d&#8217;argent i la llum lunar s\u00f3n les seves signatures iconogr\u00e0fiques all\u00e0 on apareix.<\/p>\t\t\t\t\t\t\t\t<\/div>\n\t\t\t\t<\/div>\n\t\t\t\t\t<\/div>\n\t\t\t\t<\/div>\n\t\t<div class=\"elementor-element elementor-element-709a44a8 e-flex e-con-boxed e-con e-parent\" data-id=\"709a44a8\" data-element_type=\"container\" data-e-type=\"container\">\n\t\t\t\t\t<div class=\"e-con-inner\">\n\t\t\t\t<div class=\"elementor-element elementor-element-2f585873 elementor-widget elementor-widget-heading\" data-id=\"2f585873\" data-element_type=\"widget\" data-e-type=\"widget\" data-widget_type=\"heading.default\">\n\t\t\t\t\t<h2 class=\"elementor-heading-title elementor-size-default\">Caracter\u00edstiques<\/h2>\t\t\t\t<\/div>\n\t\t<div class=\"elementor-element elementor-element-70621c12 e-con-full e-flex e-con e-child\" data-id=\"70621c12\" data-element_type=\"container\" data-e-type=\"container\">\n\t\t\t\t<div class=\"elementor-element elementor-element-4296eb49 elementor-widget elementor-widget-text-editor\" data-id=\"4296eb49\" data-element_type=\"widget\" data-e-type=\"widget\" data-widget_type=\"text-editor.default\">\n\t\t\t\t\t\t\t\t\t<p>Tsukuyomi \u00e9s la lluna, l&#8217;administrador de la nit, el regent del temps (lunar-imperial). La seva funci\u00f3 principal \u00e9s c\u00f2smica i mec\u00e0nica: governa la lluna i, amb ella, la nit, les marees, i per a cultures antigues, el c\u00f2mput mateix del temps. Tot i aix\u00f2, pr\u00e0cticament no existeixen santuaris dedicats a Tsukuyomi; la seva veneraci\u00f3 queda subsumida en els rituals xintoistes generals o en altars dom\u00e8stics privats.<\/p><p>El seu contingut filos\u00f2fic \u00e9s m\u00e9s profund que la seva veneraci\u00f3: Tsukuyomi \u00e9s el <span class=\"iwg-fachbegriff\" data-tooltip=\"Un signe que representa una idea o significat.\" tabindex=\"0\">s\u00edmbol<\/span> m\u00edtic japon\u00e8s d&#8217;all\u00f2 que existeix en paral\u00b7lel per\u00f2 separat, la nit, que \u00e9s l&#8217;oposat de la llum imperial sense ser malvada. Una dist\u00e0ncia marcada pel dol \u00e9s central en la seva identitat.<\/p><h3>Aparen\u00e7a i simbologia<\/h3><p><em>Tsukuyomi<\/em> es representa com un home de pell p\u00e0l\u00b7lida o argentada, sovint embolcallat de llum lunar. La seva imatge \u00e9s menys elaborada que la d&#8217;Amaterasu o Susanoo. De vegades s&#8217;identifica directament amb la lluna o es mostra entronitzat sobre ella. El seu color \u00e9s l&#8217;argent o el blau.<\/p>\t\t\t\t\t\t\t\t<\/div>\n\t\t\t\t<\/div>\n\t\t\t\t\t<\/div>\n\t\t\t\t<\/div>\n\t\t<div class=\"elementor-element elementor-element-44e71476 e-flex e-con-boxed e-con e-parent\" data-id=\"44e71476\" data-element_type=\"container\" data-e-type=\"container\">\n\t\t\t\t\t<div class=\"e-con-inner\">\n\t\t\t\t<div class=\"elementor-element elementor-element-3c1fc3f0 elementor-widget elementor-widget-heading\" data-id=\"3c1fc3f0\" data-element_type=\"widget\" data-e-type=\"widget\" data-widget_type=\"heading.default\">\n\t\t\t\t\t<h2 class=\"elementor-heading-title elementor-size-default\">Fitxa: Tsukuyomi<\/h2>\t\t\t\t<\/div>\n\t\t<div class=\"elementor-element elementor-element-84f33b8e e-con-full e-flex e-con e-child\" data-id=\"84f33b8e\" data-element_type=\"container\" data-e-type=\"container\">\n\t\t\t\t<div class=\"elementor-element elementor-element-hqkdc67p elementor-widget elementor-widget-text-editor\" data-id=\"hqkdc67p\" data-element_type=\"widget\" data-e-type=\"widget\" data-widget_type=\"text-editor.default\">\n\t\t\t\t\t\t\t\t\t<p>Els aspectes m\u00e9s importants de Tsukuyomi d&#8217;un cop d&#8217;ull. Els camps seg\u00fcents resumeixen origen, funci\u00f3, aparen\u00e7a, veneraci\u00f3, s\u00edmbols i paral\u00b7lelismes culturals.<\/p>\t\t\t\t\t\t\t\t<\/div>\n\t\t\t\t<\/div>\n\t\t<div class=\"elementor-element elementor-element-pemmx7c5 e-con-full e-flex e-con e-child\" data-id=\"pemmx7c5\" data-element_type=\"container\" data-e-type=\"container\">\n\t\t<div class=\"elementor-element elementor-element-pemmx7c1 e-con-full e-flex e-con e-child\" data-id=\"pemmx7c1\" data-element_type=\"container\" data-e-type=\"container\">\n\t\t<div class=\"elementor-element elementor-element-qh9oavvu iwg-steckbrief-card e-flex e-con-boxed e-con e-child\" data-id=\"qh9oavvu\" data-element_type=\"container\" data-e-type=\"container\">\n\t\t\t\t\t<div class=\"e-con-inner\">\n\t\t\t\t<div class=\"elementor-element elementor-element-awzx8k2k elementor-widget elementor-widget-heading\" data-id=\"awzx8k2k\" data-element_type=\"widget\" data-e-type=\"widget\" data-widget_type=\"heading.default\">\n\t\t\t\t\t<div class=\"elementor-heading-title elementor-size-default\">Context cultural<\/div>\t\t\t\t<\/div>\n\t\t\t\t<div class=\"elementor-element elementor-element-x6rowhv0 elementor-widget elementor-widget-text-editor\" data-id=\"x6rowhv0\" data-element_type=\"widget\" data-e-type=\"widget\" data-widget_type=\"text-editor.default\">\n\t\t\t\t\t\t\t\t\t<p>Tsukuyomi neix de l&#8217;ull dret d&#8217;Izanagi mentre aquest es purifica despr\u00e9s de tornar de Yomi (el m\u00f3n dels morts), mentre Amaterasu neix de l&#8217;ull esquerre i Susano-o del nas. \u00c9s germ\u00e0 d&#8217;Amaterasu (el sol) i de Susano-o (la tempesta).<\/p><p>En el <span class=\"iwg-fachbegriff\" data-tooltip=\"Una narraci\u00f3 transmesa sobre d\u00e9us, or\u00edgens i l'ordre del m\u00f3n.\" tabindex=\"0\">mite<\/span> central, assassina Ukemochi (la deessa de l&#8217;aliment) perqu\u00e8 aquesta produeix els aliments des del seu propi cos, cosa que ell considera impura. Despr\u00e9s d&#8217;aix\u00f2, Amaterasu s&#8217;allunya d&#8217;ell i no el torna a veure mai m\u00e9s.<\/p>\t\t\t\t\t\t\t\t<\/div>\n\t\t\t\t\t<\/div>\n\t\t\t\t<\/div>\n\t\t<div class=\"elementor-element elementor-element-8e3o4kxs iwg-steckbrief-card e-flex e-con-boxed e-con e-child\" data-id=\"8e3o4kxs\" data-element_type=\"container\" data-e-type=\"container\">\n\t\t\t\t\t<div class=\"e-con-inner\">\n\t\t\t\t<div class=\"elementor-element elementor-element-08rkdgov elementor-widget elementor-widget-heading\" data-id=\"08rkdgov\" data-element_type=\"widget\" data-e-type=\"widget\" data-widget_type=\"heading.default\">\n\t\t\t\t\t<div class=\"elementor-heading-title elementor-size-default\">Objecte d'acci\u00f3<\/div>\t\t\t\t<\/div>\n\t\t\t\t<div class=\"elementor-element elementor-element-uwjelx8s elementor-widget elementor-widget-text-editor\" data-id=\"uwjelx8s\" data-element_type=\"widget\" data-e-type=\"widget\" data-widget_type=\"text-editor.default\">\n\t\t\t\t\t\t\t\t\t<p>D\u00e9u de la lluna i patr\u00f3 del cicle lunar. En el calendari <span class=\"iwg-fachbegriff\" data-tooltip=\"La religi\u00f3 ind\u00edgena del Jap\u00f3, marcada per la veneraci\u00f3 dels kami.\" tabindex=\"0\">Shinto<\/span> les seves fases determinen els dies lunars importants a nivell <span class=\"iwg-fachbegriff\" data-tooltip=\"Pertanyent a un procediment religi\u00f3s establert.\" tabindex=\"0\">ritual<\/span>. Patr\u00f3 de les activitats nocturnes i del c\u00f2mput del temps. En algunes tradicions populars, patr\u00f3 del cultiu de l&#8217;arr\u00f2s (a trav\u00e9s de les fases lunars). En el <span class=\"iwg-fachbegriff\" data-tooltip=\"El conjunt d'actes de veneraci\u00f3 religiosa dedicats a una divinitat o figura sagrada.\" tabindex=\"0\">culte<\/span> personal gaireb\u00e9 no se l&#8217;invoca directament, m\u00e9s b\u00e9 \u00e9s una pres\u00e8ncia de fons en el cel nocturn.<\/p>\t\t\t\t\t\t\t\t<\/div>\n\t\t\t\t\t<\/div>\n\t\t\t\t<\/div>\n\t\t<div class=\"elementor-element elementor-element-jm2n74ec iwg-steckbrief-card e-flex e-con-boxed e-con e-child\" data-id=\"jm2n74ec\" data-element_type=\"container\" data-e-type=\"container\">\n\t\t\t\t\t<div class=\"e-con-inner\">\n\t\t\t\t<div class=\"elementor-element elementor-element-8vufse4c elementor-widget elementor-widget-heading\" data-id=\"8vufse4c\" data-element_type=\"widget\" data-e-type=\"widget\" data-widget_type=\"heading.default\">\n\t\t\t\t\t<div class=\"elementor-heading-title elementor-size-default\">Forma<\/div>\t\t\t\t<\/div>\n\t\t\t\t<div class=\"elementor-element elementor-element-mwb9u015 elementor-widget elementor-widget-text-editor\" data-id=\"mwb9u015\" data-element_type=\"widget\" data-e-type=\"widget\" data-widget_type=\"text-editor.default\">\n\t\t\t\t\t\t\t\t\t<p>Tsukuyomi no t\u00e9 una representaci\u00f3 iconogr\u00e0fica fixa; en la tradici\u00f3 <span class=\"iwg-fachbegriff\" data-tooltip=\"La religi\u00f3 ind\u00edgena del Jap\u00f3, marcada per la veneraci\u00f3 dels kami.\" tabindex=\"0\">Shinto<\/span> ortodoxa s&#8217;evita la creaci\u00f3 d&#8217;est\u00e0tues de les divinitats. En tradicions figuratives posteriors se&#8217;l representa com una figura masculina solemne amb vestit de cort fosc i una mitja lluna o disc lunar com a atribut. A difer\u00e8ncia dels colors daurats i c\u00e0lids d&#8217;Amaterasu, en Tsukuyomi predominen els tons argentats i freds.<\/p>\t\t\t\t\t\t\t\t<\/div>\n\t\t\t\t\t<\/div>\n\t\t\t\t<\/div>\n\t\t\t\t<\/div>\n\t\t<div class=\"elementor-element elementor-element-pemmx7c2 e-con-full e-flex e-con e-child\" data-id=\"pemmx7c2\" data-element_type=\"container\" data-e-type=\"container\">\n\t\t<div class=\"elementor-element elementor-element-37ss2yr6 iwg-steckbrief-card e-flex e-con-boxed e-con e-child\" data-id=\"37ss2yr6\" data-element_type=\"container\" data-e-type=\"container\">\n\t\t\t\t\t<div class=\"e-con-inner\">\n\t\t\t\t<div class=\"elementor-element elementor-element-3v0wp3wx elementor-widget elementor-widget-heading\" data-id=\"3v0wp3wx\" data-element_type=\"widget\" data-e-type=\"widget\" data-widget_type=\"heading.default\">\n\t\t\t\t\t<div class=\"elementor-heading-title elementor-size-default\">\u00c0mbit d'acci\u00f3<\/div>\t\t\t\t<\/div>\n\t\t\t\t<div class=\"elementor-element elementor-element-w3247g2m elementor-widget elementor-widget-text-editor\" data-id=\"w3247g2m\" data-element_type=\"widget\" data-e-type=\"widget\" data-widget_type=\"text-editor.default\">\n\t\t\t\t\t\t\t\t\t<p><strong>\u00c0mbit d&#8217;acci\u00f3:<\/strong> Tsukuyomi \u00e9s venerat al Tsukiyomi-no-Miya (Ise) i en els pocs santuaris dedicats a Tsukuyomi. En la tradici\u00f3 agr\u00edcola, les seves fases lunars tenen un paper important (sembra de l&#8217;arr\u00f2s, \u00e8poques de sembra). En el <span class=\"iwg-fachbegriff\" data-tooltip=\"El conjunt d'actes de veneraci\u00f3 religiosa dedicats a una divinitat o figura sagrada.\" tabindex=\"0\">culte<\/span> personal t\u00e9 un paper m\u00e9s b\u00e9 perif\u00e8ric. En l&#8217;anime i el manga modern se&#8217;l representa sovint com un personatge misteri\u00f3s i fred.<\/p>\t\t\t\t\t\t\t\t<\/div>\n\t\t\t\t\t<\/div>\n\t\t\t\t<\/div>\n\t\t<div class=\"elementor-element elementor-element-0qpjal9w iwg-steckbrief-card e-flex e-con-boxed e-con e-child\" data-id=\"0qpjal9w\" data-element_type=\"container\" data-e-type=\"container\">\n\t\t\t\t\t<div class=\"e-con-inner\">\n\t\t\t\t<div class=\"elementor-element elementor-element-6ndoih0o elementor-widget elementor-widget-heading\" data-id=\"6ndoih0o\" data-element_type=\"widget\" data-e-type=\"widget\" data-widget_type=\"heading.default\">\n\t\t\t\t\t<div class=\"elementor-heading-title elementor-size-default\">Protecci\u00f3<\/div>\t\t\t\t<\/div>\n\t\t\t\t<div class=\"elementor-element elementor-element-6684tyh9 elementor-widget elementor-widget-text-editor\" data-id=\"6684tyh9\" data-element_type=\"widget\" data-e-type=\"widget\" data-widget_type=\"text-editor.default\">\n\t\t\t\t\t\t\t\t\t<p>Disc lunar, mitja lluna, vestit de cort negre o blau fosc. Animals sagrats: cap en concret. Plantes sagrades: plantes associades a la lluna (en l&#8217;<span class=\"iwg-fachbegriff\" data-tooltip=\"Terme gen\u00e8ric per a doctrines que reclamen un coneixement ocult, accessible nom\u00e9s als iniciats.\" tabindex=\"0\">esoterisme<\/span> modern: lotus, llavor lunar).<\/p>\t\t\t\t\t\t\t\t<\/div>\n\t\t\t\t\t<\/div>\n\t\t\t\t<\/div>\n\t\t<div class=\"elementor-element elementor-element-3lfi7x32 iwg-steckbrief-card e-flex e-con-boxed e-con e-child\" data-id=\"3lfi7x32\" data-element_type=\"container\" data-e-type=\"container\">\n\t\t\t\t\t<div class=\"e-con-inner\">\n\t\t\t\t<div class=\"elementor-element elementor-element-0kg99ga1 elementor-widget elementor-widget-heading\" data-id=\"0kg99ga1\" data-element_type=\"widget\" data-e-type=\"widget\" data-widget_type=\"heading.default\">\n\t\t\t\t\t<div class=\"elementor-heading-title elementor-size-default\">\u00c9ssers relacionats<\/div>\t\t\t\t<\/div>\n\t\t\t\t<div class=\"elementor-element elementor-element-n0fum6kp elementor-widget elementor-widget-text-editor\" data-id=\"n0fum6kp\" data-element_type=\"widget\" data-e-type=\"widget\" data-widget_type=\"text-editor.default\">\n\t\t\t\t\t\t\t\t\t<p><em>Selene<\/em> (Gr\u00e8cia, deessa de la lluna, femenina), <em>Luna<\/em> (Roma, femenina), <em>Sin\/Nanna<\/em> (Mesopot\u00e0mia, d\u00e9u de la lluna, mascul\u00ed), <em>Khons<\/em> (Egipte, d\u00e9u de la lluna, mascul\u00ed), <em>Chandra\/Soma<\/em> (hinduisme, d\u00e9u de la lluna, mascul\u00ed), <em>M\u00e1ni<\/em> (germ\u00e0nic, d\u00e9u de la lluna, mascul\u00ed), <em>Yi<\/em> (Xina, arquer de la lluna). Com en la majoria de tradicions de l&#8217;\u00c0sia oriental, indoeuropees i sem\u00edtiques, aqu\u00ed la lluna \u00e9s masculina (a difer\u00e8ncia del sol, femen\u00ed).<\/p>\t\t\t\t\t\t\t\t<\/div>\n\t\t\t\t\t<\/div>\n\t\t\t\t<\/div>\n\t\t\t\t<\/div>\n\t\t\t\t<\/div>\n\t\t\t\t\t<\/div>\n\t\t\t\t<\/div>\n\t\t<div class=\"elementor-element elementor-element-7533bc7a e-flex e-con-boxed e-con e-parent\" data-id=\"7533bc7a\" data-element_type=\"container\" data-e-type=\"container\">\n\t\t\t\t\t<div class=\"e-con-inner\">\n\t\t\t\t<div class=\"elementor-element elementor-element-2447d18d elementor-widget elementor-widget-heading\" data-id=\"2447d18d\" data-element_type=\"widget\" data-e-type=\"widget\" data-widget_type=\"heading.default\">\n\t\t\t\t\t<h2 class=\"elementor-heading-title elementor-size-default\">Pr\u00e0ctica de protecci\u00f3<\/h2>\t\t\t\t<\/div>\n\t\t<div class=\"elementor-element elementor-element-d5d0260c e-con-full e-flex e-con e-child\" data-id=\"d5d0260c\" data-element_type=\"container\" data-e-type=\"container\">\n\t\t\t\t<div class=\"elementor-element elementor-element-341be2ac elementor-widget elementor-widget-text-editor\" data-id=\"341be2ac\" data-element_type=\"widget\" data-e-type=\"widget\" data-widget_type=\"text-editor.default\">\n\t\t\t\t\t\t\t\t\t<h3>Rituals de veneraci\u00f3<\/h3><p>Tsukuyomi-no-Mikoto (japon\u00e8s \u6708\u8aad\u547d, \u00abSa Alteria Lectora de la Lluna\u00bb) \u00e9s el d\u00e9u de la lluna, germ\u00e0 d&#8217;Amaterasu i de Susanoo. Va n\u00e9ixer de l&#8217;ull dret d&#8217;Izanagi (Kojiki I, cap. 11). En comparaci\u00f3 amb Amaterasu i Susanoo, el seu <span class=\"iwg-fachbegriff\" data-tooltip=\"El conjunt d'actes de veneraci\u00f3 religiosa dedicats a una divinitat o figura sagrada.\" tabindex=\"0\">culte<\/span> est\u00e0 poc desenvolupat; els santuaris principals s\u00f3n el Tsukuyomi-no-Miya (dins del <span class=\"iwg-fachbegriff\" data-tooltip=\"Un petit lloc sagrat de cust\u00f2dia o devoci\u00f3.\" tabindex=\"0\">santuari<\/span> interior d&#8217;Ise) i el <span class=\"iwg-fachbegriff\" data-tooltip=\"Un petit lloc sagrat de cust\u00f2dia o devoci\u00f3.\" tabindex=\"0\">santuari<\/span> Tsukuyomi a Yamashiro.<\/p><p>El Tsukimi (festa de la contemplaci\u00f3 de la lluna, el dia 15 del vuit\u00e8 mes lunar) li est\u00e0 <span class=\"iwg-fachbegriff\" data-tooltip=\"Lliurat a all\u00f2 sagrat mitjan\u00e7ant un acte religi\u00f3s, i per tant separat de l'\u00e0mbit quotidi\u00e0.\" tabindex=\"0\">consagrat<\/span>, amb <span class=\"iwg-fachbegriff\" data-tooltip=\"Ofrena a una divinitat per expressar gratitud, petici\u00f3 o veneraci\u00f3.\" tabindex=\"0\">ofrenes<\/span> de boletes d&#8217;arr\u00f2s (<em>tsukimi dango<\/em>) i herba de la Pampa (cf. Picken).<\/p><h3>Invocacions<\/h3><p>Les oracions norito al Tsukuyomi-no-Miya d&#8217;Ise segueixen el ceremonial d&#8217;Ise. Als Many\u014dsh\u016b (segle VIII), Tsukuyomi apareix sovint en poemes d&#8217;amor i de separaci\u00f3. El paper m\u00edtic de l&#8217;assassinat de la deessa de l&#8217;aliment Ukemochi (Nihon Shoki) explica la separaci\u00f3 entre el sol i la lluna.<\/p><h3>Amulets i s\u00edmbols de protecci\u00f3<\/h3><p>Amulets de mitja lluna i de lluna plena fets de plata com a protecci\u00f3 de Tsukuyomi. En el festival de la lluna de Hagi es col\u00b7loquen boletes d&#8217;arr\u00f2s blanques (15 unitats, simb\u00f2liques del dia 15 del mes lunar) i set herbes de tardor (<em>aki no nanakusa<\/em>) sobre un porxo. Est\u00e0tues de pedra del d\u00e9u de la lluna en santuaris shintoistes. El <span class=\"iwg-fachbegriff\" data-tooltip=\"Un relat transm\u00e8s sobre d\u00e9us, or\u00edgens i l'ordre del m\u00f3n.\" tabindex=\"0\">mite<\/span> de la llebre a la lluna s&#8217;interpreta com una addici\u00f3 relacionada amb Tsukuyomi.<\/p>\t\t\t\t\t\t\t\t<\/div>\n\t\t\t\t<\/div>\n\t\t\t\t\t<\/div>\n\t\t\t\t<\/div>\n\t\t<div class=\"elementor-element elementor-element-5a584676 e-flex e-con-boxed e-con e-parent\" data-id=\"5a584676\" data-element_type=\"container\" data-e-type=\"container\">\n\t\t\t\t\t<div class=\"e-con-inner\">\n\t\t\t\t<div class=\"elementor-element elementor-element-6d0757bf elementor-widget elementor-widget-heading\" data-id=\"6d0757bf\" data-element_type=\"widget\" data-e-type=\"widget\" data-widget_type=\"heading.default\">\n\t\t\t\t\t<h2 class=\"elementor-heading-title elementor-size-default\">Tsukuyomi, paral\u00b7lelismes en altres cultures<\/h2>\t\t\t\t<\/div>\n\t\t<div class=\"elementor-element elementor-element-60563f68 e-con-full e-flex e-con e-child\" data-id=\"60563f68\" data-element_type=\"container\" data-e-type=\"container\">\n\t\t\t\t<div class=\"elementor-element elementor-element-5a93fdd6 elementor-widget elementor-widget-text-editor\" data-id=\"5a93fdd6\" data-element_type=\"widget\" data-e-type=\"widget\" data-widget_type=\"text-editor.default\">\n\t\t\t\t\t\t\t\t\t<p>Tsukuyomi s&#8217;assembla a la grega Selene (deessa de la lluna), a la romana Luna, a la xinesa Chang&#8217;e. A difer\u00e8ncia d&#8217;elles, Tsukuyomi \u00e9s mascul\u00ed i estructuralment absent, m\u00e9s un concepte que una persona. Amb el mexic\u00e0 Tezcatlipoca comparteix la ferocitat nocturna (per\u00f2 Tezcatlipoca \u00e9s mal\u00e8vol, Tsukuyomi no ho \u00e9s).<\/p><p>El principi de la filosofia zen sobre el buit o la quietud s&#8217;assembla a la naturalesa de Tsukuyomi. \u00danic \u00e9s la trag\u00e8dia cosmica: ell i Amaterasu no estan realment enfrontats, sin\u00f3 estructuralment separats, ja que la lluna i el sol no poden brillar junts al cel.<\/p>\t\t\t\t\t\t\t\t<\/div>\n\t\t\t\t<\/div>\n\t\t\t\t\t<\/div>\n\t\t\t\t<\/div>\n\t\t<div class=\"elementor-element elementor-element-cp9af9f7f e-flex e-con-boxed e-con e-parent\" data-id=\"cp9af9f7f\" data-element_type=\"container\" data-e-type=\"container\">\n\t\t\t\t\t<div class=\"e-con-inner\">\n\t\t\t\t<div class=\"elementor-element elementor-element-cpe365976 elementor-widget elementor-widget-heading\" data-id=\"cpe365976\" data-element_type=\"widget\" data-e-type=\"widget\" data-widget_type=\"heading.default\">\n\t\t\t\t\t<h2 class=\"elementor-heading-title elementor-size-default\">Tsukuyomi en les fonts m\u00e9s antigues<\/h2>\t\t\t\t<\/div>\n\t\t<div class=\"elementor-element elementor-element-cp223bf60 e-con-full e-flex e-con e-child\" data-id=\"cp223bf60\" data-element_type=\"container\" data-e-type=\"container\">\n\t\t\t\t<div class=\"elementor-element elementor-element-cp3567113 elementor-widget elementor-widget-text-editor\" data-id=\"cp3567113\" data-element_type=\"widget\" data-e-type=\"widget\" data-widget_type=\"text-editor.default\">\n\t\t\t\t\t\t\t\t\t<p>Tsukuyomi, el d\u00e9u de la lluna del <span class=\"iwg-fachbegriff\" data-tooltip=\"Un relat transm\u00e8s sobre d\u00e9us, or\u00edgens i l'ordre del m\u00f3n.\" tabindex=\"0\">mite<\/span> japon\u00e8s, apareix documentat en els escrits japonesos m\u00e9s antics que s&#8217;han conservat: el <em>Kojiki<\/em>, de l&#8217;any 712, i el <em>Nihonshoki<\/em>, de l&#8217;any 720. Aquestes dues obres s\u00f3n les fonts principals de la <span class=\"iwg-fachbegriff\" data-tooltip=\"El conjunt dels relats divins transmesos d'una cultura.\" tabindex=\"0\">mitologia<\/span> japonesa aut\u00f2ctona, i tot el que es pot afirmar amb certesa sobre Tsukuyomi prov\u00e9 essencialment d&#8217;elles.<\/p><p>Tsukuyomi \u00e9s un dels tres fills que el d\u00e9u creador Izanagi engendra quan es purifica despr\u00e9s de tornar del m\u00f3n dels morts.<\/p><p>En rentar-se la cara, en sorgeixen tres divinitats importants: de l&#8217;ull esquerre, la deessa del sol <a href=\"https:\/\/iwell-guard.com\/ca\/?page_id=171562\">Amaterasu<\/a>; de l&#8217;ull dret, el d\u00e9u de la lluna Tsukuyomi; i del nas, el d\u00e9u de les tempestes <a href=\"https:\/\/iwell-guard.com\/ca\/?page_id=171559\">Susanoo<\/a>. Izanagi assigna \u00e0mbits de govern als seus fills; a Tsukuyomi li correspon el domini de la nit, o del regne de la nit.<\/p><p>Crida l&#8217;atenci\u00f3 com poc informen les fonts sobre Tsukuyomi. Mentre que Amaterasu i Susanoo protagonitzen nombrosos relats extensos, el d\u00e9u de la lluna continua sent una figura esquem\u00e0tica. Aquesta escassetat de fonts \u00e9s una caracter\u00edstica central de la <span class=\"iwg-fachbegriff\" data-tooltip=\"La transmissi\u00f3 de coneixements i relats al llarg de generacions.\" tabindex=\"0\">tradici\u00f3<\/span> sobre Tsukuyomi i cal tenir-la present en qualsevol estudi sobre ell.<\/p><p>La investigaci\u00f3 sobre la mitologia japonesa ha considerat diverses explicacions, des d&#8217;un culte lunar originalment independent que m\u00e9s tard hauria estat despla\u00e7at, fins a la hip\u00f2tesi de que els compiladors del segle VIII simplement no disposaven d&#8217;una <span class=\"iwg-fachbegriff\" data-tooltip=\"La transmissi\u00f3 de coneixements i relats al llarg de generacions.\" tabindex=\"0\">tradici\u00f3<\/span> m\u00e9s rica.<\/p>\t\t\t\t\t\t\t\t<\/div>\n\t\t\t\t<\/div>\n\t\t\t\t\t<\/div>\n\t\t\t\t<\/div>\n\t\t<div class=\"elementor-element elementor-element-cp363f27c e-flex e-con-boxed e-con e-parent\" data-id=\"cp363f27c\" data-element_type=\"container\" data-e-type=\"container\">\n\t\t\t\t\t<div class=\"e-con-inner\">\n\t\t\t\t<div class=\"elementor-element elementor-element-cp24ab968 elementor-widget elementor-widget-heading\" data-id=\"cp24ab968\" data-element_type=\"widget\" data-e-type=\"widget\" data-widget_type=\"heading.default\">\n\t\t\t\t\t<h2 class=\"elementor-heading-title elementor-size-default\">L'assassinat de la deessa de l'aliment<\/h2>\t\t\t\t<\/div>\n\t\t<div class=\"elementor-element elementor-element-cp6d63763 e-con-full e-flex e-con e-child\" data-id=\"cp6d63763\" data-element_type=\"container\" data-e-type=\"container\">\n\t\t\t\t<div class=\"elementor-element elementor-element-cp83647ce elementor-widget elementor-widget-text-editor\" data-id=\"cp83647ce\" data-element_type=\"widget\" data-e-type=\"widget\" data-widget_type=\"text-editor.default\">\n\t\t\t\t\t\t\t\t\t<p>L&#8217;\u00fanica narraci\u00f3 coherent en qu\u00e8 Tsukuyomi apareix com a agent actiu es troba al <em>Nihonshoki<\/em> i tracta de la seva trobada amb la deessa de l&#8217;aliment Ukemochi. Amaterasu envia Tsukuyomi a la Terra perqu\u00e8 la visiti. Ukemochi l&#8217;hostatja fent que li surtin de la boca arr\u00f2s, peix i ca\u00e7a, amb els quals li prepara un \u00e0pat.<\/p><p>Tsukuyomi considera aquesta manera de produir aliment impura i ofensiva. Enfurit, mata la deessa de l&#8217;aliment. Del seu cos mort sorgeixen aleshores les plantes aliment\u00e0ries i els animals dom\u00e8stics m\u00e9s importants: del cap, bous i cavalls; del front, mill; dels ulls, plan\u00e7ons de riu; del ventre, arr\u00f2s; dels genitals, blat i mongetes.<\/p><p>Aquest episodi pertany a un tipus narratiu m\u00edtic, en el qual les plantes de conreu sorgeixen del cos mort d&#8217;un \u00e9sser, un tipus conegut tamb\u00e9 en altres cultures.<\/p><p>La conseq\u00fc\u00e8ncia de l&#8217;acte per a Tsukuyomi mateix \u00e9s significativa. Quan Amaterasu s&#8217;assabenta de l&#8217;assassinat, s&#8217;enfureix tant que renega del seu germ\u00e0 i declara que no el vol tornar a veure mai m\u00e9s. Des de llavors, explica el <span class=\"iwg-fachbegriff\" data-tooltip=\"Un relat transm\u00e8s sobre d\u00e9us, or\u00edgens i l'ordre del m\u00f3n.\" tabindex=\"0\">mite<\/span>, el sol i la lluna estan separats i apareixen al cel en moments diferents, sense trobar-se mai.<\/p><p>Aquest relat \u00e9s, per tant, alhora un <span class=\"iwg-fachbegriff\" data-tooltip=\"Un relat transm\u00e8s sobre d\u00e9us, or\u00edgens i l'ordre del m\u00f3n.\" tabindex=\"0\">mite<\/span> etiol\u00f2gic que explica la separaci\u00f3 entre el dia i la nit. Al <em>Kojiki<\/em>, per cert, una hist\u00f2ria molt semblant no s&#8217;atribueix a Tsukuyomi, sin\u00f3 a Susanoo, una difer\u00e8ncia entre les dues fonts principals que ha ocupat la investigaci\u00f3 i que aconsella prud\u00e8ncia en qualsevol afirmaci\u00f3 sobre el d\u00e9u de la lluna.<\/p>\t\t\t\t\t\t\t\t<\/div>\n\t\t\t\t<\/div>\n\t\t\t\t\t<\/div>\n\t\t\t\t<\/div>\n\t\t<div class=\"elementor-element elementor-element-cpca14aa2 e-flex e-con-boxed e-con e-parent\" data-id=\"cpca14aa2\" data-element_type=\"container\" data-e-type=\"container\">\n\t\t\t\t\t<div class=\"e-con-inner\">\n\t\t\t\t<div class=\"elementor-element elementor-element-cp9c094c9 elementor-widget elementor-widget-heading\" data-id=\"cp9c094c9\" data-element_type=\"widget\" data-e-type=\"widget\" data-widget_type=\"heading.default\">\n\t\t\t\t\t<h2 class=\"elementor-heading-title elementor-size-default\">Culte, santuaris i el problema de les fonts<\/h2>\t\t\t\t<\/div>\n\t\t<div class=\"elementor-element elementor-element-cp8dae402 e-con-full e-flex e-con e-child\" data-id=\"cp8dae402\" data-element_type=\"container\" data-e-type=\"container\">\n\t\t\t\t<div class=\"elementor-element elementor-element-cp89ea3f1 elementor-widget elementor-widget-text-editor\" data-id=\"cp89ea3f1\" data-element_type=\"widget\" data-e-type=\"widget\" data-widget_type=\"text-editor.default\">\n\t\t\t\t\t\t\t\t\t<p>En comparaci\u00f3 amb Amaterasu, la veneraci\u00f3 de la qual al gran santuari d&#8217;Ise ocupa el centre del culte div\u00ed japon\u00e8s, Tsukuyomi t\u00e9 una pres\u00e8ncia cultual for\u00e7a modesta. Tot i aix\u00ed, existeixen santuaris <span class=\"iwg-fachbegriff\" data-tooltip=\"Lliurat al sagrat mitjan\u00e7ant un acte religi\u00f3s i, per tant, separat de l'\u00e0mbit quotidi\u00e0.\" tabindex=\"0\">consagrats<\/span> a ell.<\/p><p>Dins el recinte del santuari d&#8217;Ise mateix hi ha santuaris annexos vinculats a Tsukuyomi, i tamb\u00e9 en altres llocs del Jap\u00f3 es troben santuaris dedicats a Tsukuyomi, per exemple a la regi\u00f3 de Kyoto.<\/p><p>La feble posici\u00f3 cultual del d\u00e9u de la lluna contrasta de manera notable amb la import\u00e0ncia que la lluna t\u00e9, en canvi, en la cultura japonesa. L&#8217;observaci\u00f3 de la lluna, <em>tsukimi<\/em>, la contemplaci\u00f3 de la lluna plena de tardor, \u00e9s un <span class=\"iwg-fachbegriff\" data-tooltip=\"Un costum transm\u00e8s i repetit regularment en una comunitat.\" tabindex=\"0\">costum<\/span> cultural ben arrelat, i la lluna \u00e9s un <span class=\"iwg-fachbegriff\" data-tooltip=\"Un element de contingut recurrent en l'art o en la narraci\u00f3.\" tabindex=\"0\">motiu<\/span> central de la poesia cl\u00e0ssica japonesa.<\/p><p>Aquesta lluna tan estimada culturalment, per\u00f2, no est\u00e0 especialment vinculada a la figura del d\u00e9u Tsukuyomi. La consideraci\u00f3 est\u00e8tica i la consideraci\u00f3 mitol\u00f2gica de la lluna transcorren al Jap\u00f3 de manera en gran part separada.<\/p><p>Per a la <span class=\"iwg-fachbegriff\" data-tooltip=\"La ci\u00e8ncia que estudia les religions de manera comparativa i sense vinculaci\u00f3 confessional.\" tabindex=\"0\">ci\u00e8ncia de la religi\u00f3<\/span>, Tsukuyomi \u00e9s sobretot un exemple instructiu dels l\u00edmits del nostre coneixement. A difer\u00e8ncia de moltes divinitats sobre les quals disposem de mites rics, textos cultuals i testimonis arqueol\u00f2gics, en aquest cas les fonts s\u00f3n escasses. Qualsevol afirmaci\u00f3 seriosa sobre Tsukuyomi s&#8217;ha de basar en els pocs passatges del <em>Kojiki<\/em> i del <em>Nihonshoki<\/em>, i tota la resta cal presentar-la com a conjectura.<\/p><p>Algunes representacions que atribueixen a Tsukuyomi trets de car\u00e0cter rics o hist\u00f2ries elaborades no es basen en les fonts antigues, sin\u00f3 en la cultura popular moderna, en la qual el d\u00e9u de la lluna s&#8217;ha convertit en un personatge for\u00e7a apreciat. Aquesta distinci\u00f3 entre el testimoni transm\u00e8s i l&#8217;elaboraci\u00f3 moderna \u00e9s aqu\u00ed especialment important.<\/p>\t\t\t\t\t\t\t\t<\/div>\n\t\t\t\t<\/div>\n\t\t\t\t\t<\/div>\n\t\t\t\t<\/div>\n\t\t<div class=\"elementor-element elementor-element-36dd7469 e-flex e-con-boxed e-con e-parent\" data-id=\"36dd7469\" data-element_type=\"container\" data-e-type=\"container\">\n\t\t\t\t\t<div class=\"e-con-inner\">\n\t\t\t\t<div class=\"elementor-element elementor-element-13760ab4 elementor-widget elementor-widget-heading\" data-id=\"13760ab4\" data-element_type=\"widget\" data-e-type=\"widget\" data-widget_type=\"heading.default\">\n\t\t\t\t\t<h3 class=\"elementor-heading-title elementor-size-default\">Enlla\u00e7os relacionats<\/h3>\t\t\t\t<\/div>\n\t\t<div class=\"elementor-element elementor-element-28c87796 e-con-full e-flex e-con e-child\" data-id=\"28c87796\" data-element_type=\"container\" data-e-type=\"container\">\n\t\t\t\t<div class=\"elementor-element elementor-element-5d6538df elementor-widget elementor-widget-text-editor\" data-id=\"5d6538df\" data-element_type=\"widget\" data-e-type=\"widget\" data-widget_type=\"text-editor.default\">\n\t\t\t\t\t\t\t\t\t<ul><li><a href=\"https:\/\/iwell-guard.com\/ca\/?page_id=171562\">Amaterasu, la germana solar<\/a><\/li><li><a href=\"https:\/\/iwell-guard.com\/ca\/?page_id=171411\">Jap\u00f3, panorama del pante\u00f3<\/a><\/li><li><a href=\"https:\/\/iwell-guard.com\/ca\/?page_id=171431\">D\u00e9us, panorama de classes<\/a><\/li><\/ul>\t\t\t\t\t\t\t\t<\/div>\n\t\t\t\t<\/div>\n\t\t\t\t\t<\/div>\n\t\t\t\t<\/div>\n\t\t<div class=\"elementor-element elementor-element-grl4kl40 e-flex e-con-boxed e-con e-parent\" data-id=\"grl4kl40\" data-element_type=\"container\" data-e-type=\"container\">\n\t\t\t\t\t<div class=\"e-con-inner\">\n\t\t\t\t<div class=\"elementor-element elementor-element-bzsbfrmh elementor-widget elementor-widget-heading\" data-id=\"bzsbfrmh\" data-element_type=\"widget\" data-e-type=\"widget\" data-widget_type=\"heading.default\">\n\t\t\t\t\t<h2 class=\"elementor-heading-title elementor-size-default\">Fonts i bibliografia<\/h2>\t\t\t\t<\/div>\n\t\t<div class=\"elementor-element elementor-element-2c13224a e-con-full e-flex e-con e-child\" data-id=\"2c13224a\" data-element_type=\"container\" data-e-type=\"container\">\n\t\t\t\t<div class=\"elementor-element elementor-element-0eymh9ub elementor-widget elementor-widget-text-editor\" data-id=\"0eymh9ub\" data-element_type=\"widget\" data-e-type=\"widget\" data-widget_type=\"text-editor.default\">\n\t\t\t\t\t\t\t\t\t<footer class=\"iwg-literatura\" data-nosnippet=\"true\"><ul><li><span data-nosnippet>Aston, William G.: <em><span class=\"iwg-fachbegriff\" data-tooltip=\"La religi\u00f3 ind\u00edgena del Jap\u00f3, marcada per la veneraci\u00f3 dels kami.\" tabindex=\"0\">Shinto<\/span>. The Way of the Gods<\/em>. London 1905.<\/span><\/li><li><span data-nosnippet>Heldt, Gustav (trad.): <em>The Kojiki. An Account of Ancient Matters<\/em>. Nova York 2014.<\/span><\/li><li>Walde, Christine (ed.): <em>Der Neue Pauly<\/em> (entrada &bdquo;Tsukuyomi&ldquo;).<\/li><\/ul><\/footer>\n<p class=\"iwg-bib-more\"><span data-nosnippet>M\u00e9s obres de refer\u00e8ncia al <a href=\"https:\/\/iwell-guard.com\/ca\/?page_id=171483\">Bibliografia<\/a>.<\/span><\/p>\t\t\t\t\t\t\t\t<\/div>\n\t\t\t\t<\/div>\n\t\t\t\t\t<\/div>\n\t\t\t\t<\/div>\n\t\t\t\t<\/div>\n\t\t","protected":false},"excerpt":{"rendered":"","protected":false},"author":3,"featured_media":1606,"parent":0,"menu_order":0,"comment_status":"closed","ping_status":"closed","template":"elementor_header_footer","meta":{"_yoast_wpseo_focuskw":"Tsukuyomi","_yoast_wpseo_title":"Tsukuyomi \u2013 D\u00e9u de la lluna en el xintoisme japon\u00e8s","_yoast_wpseo_metadesc":"Tsukuyomi: for\u00e7a silenciosa, mesurador del temps i l'eterna separaci\u00f3 d'Amaterasu. Dualitat c\u00f2smica en el pante\u00f3 xintoista. Mite i culte.","_yoast_wpseo_meta-robots-noindex":"","_yoast_wpseo_canonical":"","_angie_page":false,"gefaehrdungsstufe":"2","wesen_kultur":"japan","wesen_klasse":"goetter","footnotes":""},"categories":[],"class_list":["post-171563","page","type-page","status-publish","has-post-thumbnail","hentry"],"yoast_head":"<!-- This site is optimized with the Yoast SEO Premium plugin v27.7 (Yoast SEO v28.3) - https:\/\/yoast.com\/product\/yoast-seo-premium-wordpress\/ -->\n<title>Tsukuyomi \u2013 D\u00e9u de la lluna en el xintoisme japon\u00e8s<\/title>\n<meta name=\"description\" content=\"Tsukuyomi: for\u00e7a silenciosa, mesurador del temps i l&#039;eterna separaci\u00f3 d&#039;Amaterasu. Dualitat c\u00f2smica en el pante\u00f3 xintoista. Mite i culte.\" \/>\n<meta name=\"robots\" content=\"index, follow, max-snippet:-1, max-image-preview:large, max-video-preview:-1\" \/>\n<link rel=\"canonical\" href=\"https:\/\/iwell-guard.com\/ca\/tsukuyomi\/\" \/>\n<meta property=\"og:locale\" content=\"ca_ES\" \/>\n<meta property=\"og:type\" content=\"article\" \/>\n<meta property=\"og:title\" content=\"Tsukuyomi\" \/>\n<meta property=\"og:description\" content=\"Tsukuyomi: for\u00e7a silenciosa, mesurador del temps i l&#039;eterna separaci\u00f3 d&#039;Amaterasu. Dualitat c\u00f2smica en el pante\u00f3 xintoista. Mite i culte.\" \/>\n<meta property=\"og:url\" content=\"https:\/\/iwell-guard.com\/ca\/tsukuyomi\/\" \/>\n<meta property=\"og:site_name\" content=\"iWell Guard\" \/>\n<meta property=\"article:modified_time\" content=\"2026-09-05T16:01:13+00:00\" \/>\n<meta property=\"og:image\" content=\"https:\/\/iwell-guard.com\/wp-content\/uploads\/2026\/04\/goetter_japan_tsukuyomi.webp\" \/>\n\t<meta property=\"og:image:width\" content=\"1024\" \/>\n\t<meta property=\"og:image:height\" content=\"1536\" \/>\n\t<meta property=\"og:image:type\" content=\"image\/webp\" \/>\n<meta name=\"twitter:card\" content=\"summary_large_image\" \/>\n<script type=\"application\/ld+json\" class=\"yoast-schema-graph\">{\"@context\":\"https:\\\/\\\/schema.org\",\"@graph\":[{\"@type\":\"WebPage\",\"@id\":\"https:\\\/\\\/iwell-guard.com\\\/ca\\\/tsukuyomi\\\/\",\"url\":\"https:\\\/\\\/iwell-guard.com\\\/ca\\\/tsukuyomi\\\/\",\"name\":\"Tsukuyomi \u2013 D\u00e9u de la lluna en el xintoisme japon\u00e8s\",\"isPartOf\":{\"@id\":\"https:\\\/\\\/iwell-guard.com\\\/ca\\\/#website\"},\"primaryImageOfPage\":{\"@id\":\"https:\\\/\\\/iwell-guard.com\\\/ca\\\/tsukuyomi\\\/#primaryimage\"},\"image\":{\"@id\":\"https:\\\/\\\/iwell-guard.com\\\/ca\\\/tsukuyomi\\\/#primaryimage\"},\"thumbnailUrl\":\"https:\\\/\\\/iwell-guard.com\\\/wp-content\\\/uploads\\\/2026\\\/04\\\/goetter_japan_tsukuyomi.webp\",\"datePublished\":\"2026-09-05T15:40:27+00:00\",\"dateModified\":\"2026-09-05T16:01:13+00:00\",\"description\":\"Tsukuyomi: for\u00e7a silenciosa, mesurador del temps i l'eterna separaci\u00f3 d'Amaterasu. Dualitat c\u00f2smica en el pante\u00f3 xintoista. Mite i culte.\",\"breadcrumb\":{\"@id\":\"https:\\\/\\\/iwell-guard.com\\\/ca\\\/tsukuyomi\\\/#breadcrumb\"},\"inLanguage\":\"ca\",\"potentialAction\":[{\"@type\":\"ReadAction\",\"target\":[\"https:\\\/\\\/iwell-guard.com\\\/ca\\\/tsukuyomi\\\/\"]}]},{\"@type\":\"ImageObject\",\"inLanguage\":\"ca\",\"@id\":\"https:\\\/\\\/iwell-guard.com\\\/ca\\\/tsukuyomi\\\/#primaryimage\",\"url\":\"https:\\\/\\\/iwell-guard.com\\\/wp-content\\\/uploads\\\/2026\\\/04\\\/goetter_japan_tsukuyomi.webp\",\"contentUrl\":\"https:\\\/\\\/iwell-guard.com\\\/wp-content\\\/uploads\\\/2026\\\/04\\\/goetter_japan_tsukuyomi.webp\",\"width\":1024,\"height\":1536,\"caption\":\"D\u00e9us de la tradici\u00f3 japonesa.\"},{\"@type\":\"BreadcrumbList\",\"@id\":\"https:\\\/\\\/iwell-guard.com\\\/ca\\\/tsukuyomi\\\/#breadcrumb\",\"itemListElement\":[{\"@type\":\"ListItem\",\"position\":1,\"name\":\"Start\",\"item\":\"https:\\\/\\\/iwell-guard.com\\\/ca\\\/?page_id=171333\"},{\"@type\":\"ListItem\",\"position\":2,\"name\":\"Tsukuyomi\"}]},{\"@type\":\"WebSite\",\"@id\":\"https:\\\/\\\/iwell-guard.com\\\/ca\\\/#website\",\"url\":\"https:\\\/\\\/iwell-guard.com\\\/ca\\\/\",\"name\":\"iWell Guard\",\"description\":\"Schutz vor dunklen Einfl\u00fcssen\",\"publisher\":{\"@id\":\"https:\\\/\\\/iwell-guard.com\\\/ca\\\/#organization\"},\"potentialAction\":[{\"@type\":\"SearchAction\",\"target\":{\"@type\":\"EntryPoint\",\"urlTemplate\":\"https:\\\/\\\/iwell-guard.com\\\/ca\\\/?s={search_term_string}\"},\"query-input\":{\"@type\":\"PropertyValueSpecification\",\"valueRequired\":true,\"valueName\":\"search_term_string\"}}],\"inLanguage\":\"ca\"},{\"@type\":\"Organization\",\"@id\":\"https:\\\/\\\/iwell-guard.com\\\/ca\\\/#organization\",\"name\":\"Ittermann electronic GmbH\",\"url\":\"https:\\\/\\\/iwell-guard.com\\\/ca\\\/\",\"logo\":{\"@type\":\"ImageObject\",\"inLanguage\":\"ca\",\"@id\":\"https:\\\/\\\/iwell-guard.com\\\/ca\\\/#\\\/schema\\\/logo\\\/image\\\/\",\"url\":\"https:\\\/\\\/iwell-guard.com\\\/wp-content\\\/uploads\\\/2026\\\/05\\\/Ittermann-Logo-1182x237-1.png\",\"contentUrl\":\"https:\\\/\\\/iwell-guard.com\\\/wp-content\\\/uploads\\\/2026\\\/05\\\/Ittermann-Logo-1182x237-1.png\",\"width\":1182,\"height\":237,\"caption\":\"Ittermann electronic GmbH\"},\"image\":{\"@id\":\"https:\\\/\\\/iwell-guard.com\\\/ca\\\/#\\\/schema\\\/logo\\\/image\\\/\"},\"sameAs\":[\"https:\\\/\\\/pantip.com\\\/profile\\\/9367242\",\"https:\\\/\\\/micro.blog\\\/iwellguard\",\"https:\\\/\\\/www.diggerslist.com\\\/iwellguard\\\/about\",\"https:\\\/\\\/skitterphoto.com\\\/photographers\\\/2870314\\\/iwell-guard\",\"https:\\\/\\\/iwellguard.wordpress.com\\\/2026\\\/06\\\/06\\\/iwell-guard\\\/\",\"https:\\\/\\\/hub.docker.com\\\/u\\\/iwellguard\",\"https:\\\/\\\/www.pinterest.com\\\/iwellguard\\\/\",\"https:\\\/\\\/bit.ly\\\/m\\\/iwellguard\",\"https:\\\/\\\/entre-vos-mains.alsace.eu\\\/profiles\\\/iwellguard\\\/activity\",\"https:\\\/\\\/gravatar.com\\\/reallybeded8fd34\",\"https:\\\/\\\/naijamatta.com\\\/iwellguard\",\"https:\\\/\\\/www.goodreads.com\\\/iwellguard\",\"https:\\\/\\\/profile.hatena.ne.jp\\\/iwellguard\\\/\",\"https:\\\/\\\/experiment.com\\\/users\\\/iwellguard\",\"https:\\\/\\\/wakelet.com\\\/@iWellGuard82270\",\"https:\\\/\\\/www.chordie.com\\\/forum\\\/profile.php?id=2555664\",\"https:\\\/\\\/www.instapaper.com\\\/p\\\/17757966\",\"https:\\\/\\\/www.mapleprimes.com\\\/users\\\/iwellguard\",\"https:\\\/\\\/businesslistingplus.com\\\/profile\\\/iwell-guard\\\/\",\"https:\\\/\\\/telegra.ph\\\/iWell-Guard-06-06\",\"https:\\\/\\\/pbase.com\\\/iwellguard\\\/iwellguard\",\"https:\\\/\\\/b.hatena.ne.jp\\\/iwellguard\\\/20260607#bookmark-4788405196491818882\",\"https:\\\/\\\/fliphtml5.com\\\/home\\\/iwellguard\",\"https:\\\/\\\/anyflip.com\\\/homepage\\\/cmiwl#About\",\"https:\\\/\\\/transfur.com\\\/Users\\\/iwellguard\",\"http:\\\/\\\/delphi.larsbo.org\\\/user\\\/iwellguard\",\"https:\\\/\\\/jobs.lajobsportal.org\\\/profiles\\\/8380803-iwell-guard\",\"https:\\\/\\\/md.chaosdorf.de\\\/s\\\/jfbe5SBdJD\",\"https:\\\/\\\/www.lingvolive.com\\\/en-us\\\/profile\\\/9ecaeaca-ce11-4e51-9e71-01d55e2bff36\\\/translations\",\"https:\\\/\\\/www.fitday.com\\\/fitness\\\/forums\\\/members\\\/iwellguard.html\",\"https:\\\/\\\/www.mymeetbook.com\\\/iwellguard\",\"https:\\\/\\\/pxhere.com\\\/en\\\/photographer-me\\\/5040798\",\"https:\\\/\\\/disqus.com\\\/by\\\/iwellguard\\\/about\\\/\",\"https:\\\/\\\/pastelink.net\\\/hjwciqwq\",\"https:\\\/\\\/pubhtml5.com\\\/homepage\\\/scjhn\\\/\",\"https:\\\/\\\/www.bitchute.com\\\/channel\\\/2O2eOKzNqujT\",\"https:\\\/\\\/audiomack.com\\\/iwellguard\"]},{\"@type\":\"Article\",\"@id\":\"https:\\\/\\\/iwell-guard.com\\\/ca\\\/tsukuyomi\\\/#article\",\"isPartOf\":{\"@id\":\"https:\\\/\\\/iwell-guard.com\\\/ca\\\/tsukuyomi\\\/\"},\"author\":{\"name\":\"Ralf Ittermann\",\"@id\":\"https:\\\/\\\/iwell-guard.com\\\/ca\\\/#\\\/schema\\\/person\\\/ee2a27f1cac3406c7c6fb5820cb7349f\"},\"headline\":\"Tsukuyomi\",\"datePublished\":\"2026-09-05T15:40:27+00:00\",\"dateModified\":\"2026-09-05T16:01:13+00:00\",\"mainEntityOfPage\":{\"@id\":\"https:\\\/\\\/iwell-guard.com\\\/ca\\\/tsukuyomi\\\/\"},\"publisher\":{\"@id\":\"https:\\\/\\\/iwell-guard.com\\\/ca\\\/#organization\"},\"image\":{\"@id\":\"https:\\\/\\\/iwell-guard.com\\\/ca\\\/tsukuyomi\\\/#primaryimage\"},\"thumbnailUrl\":\"https:\\\/\\\/iwell-guard.com\\\/wp-content\\\/uploads\\\/2026\\\/04\\\/goetter_japan_tsukuyomi.webp\",\"inLanguage\":\"ca\",\"description\":\"Tsukuyomi: for\u00e7a silenciosa, mesurador del temps i l'eterna separaci\u00f3 d'Amaterasu. Dualitat c\u00f2smica en el pante\u00f3 xintoista. Mite i culte.\"}]}<\/script>\n<!-- \/ Yoast SEO Premium plugin. -->","yoast_head_json":{"title":"Tsukuyomi \u2013 D\u00e9u de la lluna en el xintoisme japon\u00e8s","description":"Tsukuyomi: for\u00e7a silenciosa, mesurador del temps i l'eterna separaci\u00f3 d'Amaterasu. Dualitat c\u00f2smica en el pante\u00f3 xintoista. Mite i culte.","robots":{"index":"index","follow":"follow","max-snippet":"max-snippet:-1","max-image-preview":"max-image-preview:large","max-video-preview":"max-video-preview:-1"},"canonical":"https:\/\/iwell-guard.com\/ca\/tsukuyomi\/","og_locale":"ca_ES","og_type":"article","og_title":"Tsukuyomi","og_description":"Tsukuyomi: for\u00e7a silenciosa, mesurador del temps i l'eterna separaci\u00f3 d'Amaterasu. Dualitat c\u00f2smica en el pante\u00f3 xintoista. Mite i culte.","og_url":"https:\/\/iwell-guard.com\/ca\/tsukuyomi\/","og_site_name":"iWell Guard","article_modified_time":"2026-09-05T16:01:13+00:00","og_image":[{"width":1024,"height":1536,"url":"https:\/\/iwell-guard.com\/wp-content\/uploads\/2026\/04\/goetter_japan_tsukuyomi.webp","type":"image\/webp"}],"twitter_card":"summary_large_image","schema":{"@context":"https:\/\/schema.org","@graph":[{"@type":"Article","@id":"https:\/\/iwell-guard.com\/ca\/tsukuyomi\/#article","isPartOf":{"@id":"https:\/\/iwell-guard.com\/ca\/tsukuyomi\/"},"author":{"name":"Ralf Ittermann","@id":"https:\/\/iwell-guard.com\/ca\/#\/schema\/person\/ee2a27f1cac3406c7c6fb5820cb7349f"},"headline":"Tsukuyomi","datePublished":"2026-09-05T15:40:27+00:00","dateModified":"2026-09-05T16:01:13+00:00","mainEntityOfPage":{"@id":"https:\/\/iwell-guard.com\/ca\/tsukuyomi\/"},"publisher":{"@id":"https:\/\/iwell-guard.com\/ca\/#organization"},"image":{"@id":"https:\/\/iwell-guard.com\/ca\/tsukuyomi\/#primaryimage"},"thumbnailUrl":"https:\/\/iwell-guard.com\/wp-content\/uploads\/2026\/04\/goetter_japan_tsukuyomi.webp","inLanguage":"ca","description":"Tsukuyomi: for\u00e7a silenciosa, mesurador del temps i l'eterna separaci\u00f3 d'Amaterasu. Dualitat c\u00f2smica en el pante\u00f3 xintoista. Mite i culte."},{"@type":"WebPage","@id":"https:\/\/iwell-guard.com\/ca\/tsukuyomi\/","url":"https:\/\/iwell-guard.com\/ca\/tsukuyomi\/","name":"Tsukuyomi \u2013 D\u00e9u de la lluna en el xintoisme japon\u00e8s","isPartOf":{"@id":"https:\/\/iwell-guard.com\/ca\/#website"},"primaryImageOfPage":{"@id":"https:\/\/iwell-guard.com\/ca\/tsukuyomi\/#primaryimage"},"image":{"@id":"https:\/\/iwell-guard.com\/ca\/tsukuyomi\/#primaryimage"},"thumbnailUrl":"https:\/\/iwell-guard.com\/wp-content\/uploads\/2026\/04\/goetter_japan_tsukuyomi.webp","datePublished":"2026-09-05T15:40:27+00:00","dateModified":"2026-09-05T16:01:13+00:00","description":"Tsukuyomi: for\u00e7a silenciosa, mesurador del temps i l'eterna separaci\u00f3 d'Amaterasu. Dualitat c\u00f2smica en el pante\u00f3 xintoista. Mite i culte.","breadcrumb":{"@id":"https:\/\/iwell-guard.com\/ca\/tsukuyomi\/#breadcrumb"},"inLanguage":"ca","potentialAction":[{"@type":"ReadAction","target":["https:\/\/iwell-guard.com\/ca\/tsukuyomi\/"]}]},{"@type":"ImageObject","inLanguage":"ca","@id":"https:\/\/iwell-guard.com\/ca\/tsukuyomi\/#primaryimage","url":"https:\/\/iwell-guard.com\/wp-content\/uploads\/2026\/04\/goetter_japan_tsukuyomi.webp","contentUrl":"https:\/\/iwell-guard.com\/wp-content\/uploads\/2026\/04\/goetter_japan_tsukuyomi.webp","width":1024,"height":1536,"caption":"D\u00e9us de la tradici\u00f3 japonesa."},{"@type":"BreadcrumbList","@id":"https:\/\/iwell-guard.com\/ca\/tsukuyomi\/#breadcrumb","itemListElement":[{"@type":"ListItem","position":1,"name":"Start","item":"https:\/\/iwell-guard.com\/ca\/?page_id=171333"},{"@type":"ListItem","position":2,"name":"Tsukuyomi"}]},{"@type":"WebSite","@id":"https:\/\/iwell-guard.com\/ca\/#website","url":"https:\/\/iwell-guard.com\/ca\/","name":"iWell Guard","description":"Schutz vor dunklen Einfl\u00fcssen","publisher":{"@id":"https:\/\/iwell-guard.com\/ca\/#organization"},"potentialAction":[{"@type":"SearchAction","target":{"@type":"EntryPoint","urlTemplate":"https:\/\/iwell-guard.com\/ca\/?s={search_term_string}"},"query-input":{"@type":"PropertyValueSpecification","valueRequired":true,"valueName":"search_term_string"}}],"inLanguage":"ca"},{"@type":"Organization","@id":"https:\/\/iwell-guard.com\/ca\/#organization","name":"Ittermann electronic GmbH","url":"https:\/\/iwell-guard.com\/ca\/","logo":{"@type":"ImageObject","inLanguage":"ca","@id":"https:\/\/iwell-guard.com\/ca\/#\/schema\/logo\/image\/","url":"https:\/\/iwell-guard.com\/wp-content\/uploads\/2026\/05\/Ittermann-Logo-1182x237-1.png","contentUrl":"https:\/\/iwell-guard.com\/wp-content\/uploads\/2026\/05\/Ittermann-Logo-1182x237-1.png","width":1182,"height":237,"caption":"Ittermann electronic GmbH"},"image":{"@id":"https:\/\/iwell-guard.com\/ca\/#\/schema\/logo\/image\/"},"sameAs":["https:\/\/pantip.com\/profile\/9367242","https:\/\/micro.blog\/iwellguard","https:\/\/www.diggerslist.com\/iwellguard\/about","https:\/\/skitterphoto.com\/photographers\/2870314\/iwell-guard","https:\/\/iwellguard.wordpress.com\/2026\/06\/06\/iwell-guard\/","https:\/\/hub.docker.com\/u\/iwellguard","https:\/\/www.pinterest.com\/iwellguard\/","https:\/\/bit.ly\/m\/iwellguard","https:\/\/entre-vos-mains.alsace.eu\/profiles\/iwellguard\/activity","https:\/\/gravatar.com\/reallybeded8fd34","https:\/\/naijamatta.com\/iwellguard","https:\/\/www.goodreads.com\/iwellguard","https:\/\/profile.hatena.ne.jp\/iwellguard\/","https:\/\/experiment.com\/users\/iwellguard","https:\/\/wakelet.com\/@iWellGuard82270","https:\/\/www.chordie.com\/forum\/profile.php?id=2555664","https:\/\/www.instapaper.com\/p\/17757966","https:\/\/www.mapleprimes.com\/users\/iwellguard","https:\/\/businesslistingplus.com\/profile\/iwell-guard\/","https:\/\/telegra.ph\/iWell-Guard-06-06","https:\/\/pbase.com\/iwellguard\/iwellguard","https:\/\/b.hatena.ne.jp\/iwellguard\/20260607#bookmark-4788405196491818882","https:\/\/fliphtml5.com\/home\/iwellguard","https:\/\/anyflip.com\/homepage\/cmiwl#About","https:\/\/transfur.com\/Users\/iwellguard","http:\/\/delphi.larsbo.org\/user\/iwellguard","https:\/\/jobs.lajobsportal.org\/profiles\/8380803-iwell-guard","https:\/\/md.chaosdorf.de\/s\/jfbe5SBdJD","https:\/\/www.lingvolive.com\/en-us\/profile\/9ecaeaca-ce11-4e51-9e71-01d55e2bff36\/translations","https:\/\/www.fitday.com\/fitness\/forums\/members\/iwellguard.html","https:\/\/www.mymeetbook.com\/iwellguard","https:\/\/pxhere.com\/en\/photographer-me\/5040798","https:\/\/disqus.com\/by\/iwellguard\/about\/","https:\/\/pastelink.net\/hjwciqwq","https:\/\/pubhtml5.com\/homepage\/scjhn\/","https:\/\/www.bitchute.com\/channel\/2O2eOKzNqujT","https:\/\/audiomack.com\/iwellguard"]},{"@type":"Person","@id":"https:\/\/iwell-guard.com\/ca\/#\/schema\/person\/ee2a27f1cac3406c7c6fb5820cb7349f","name":"Ralf Ittermann","image":{"@type":"ImageObject","inLanguage":"ca","@id":"https:\/\/secure.gravatar.com\/avatar\/073c0153e350a5005b68eb752b445fea71f6b24a26da9449ad7e155e6b446c9d?s=96&d=mm&r=g","url":"https:\/\/secure.gravatar.com\/avatar\/073c0153e350a5005b68eb752b445fea71f6b24a26da9449ad7e155e6b446c9d?s=96&d=mm&r=g","contentUrl":"https:\/\/secure.gravatar.com\/avatar\/073c0153e350a5005b68eb752b445fea71f6b24a26da9449ad7e155e6b446c9d?s=96&d=mm&r=g","caption":"Ralf Ittermann"},"givenName":"Ralf","familyName":"Ittermann","jobTitle":"Gesch\u00e4ftsf\u00fchrer und redaktioneller Verantwortlicher","url":"https:\/\/iwell-guard.com\/ca\/author\/claude\/","description":"Ralf Ittermann ist Gesch\u00e4ftsf\u00fchrer der Ittermann electronic GmbH und redaktioneller Verantwortlicher des iWell-Guard-Lexikons. Er verbindet langj\u00e4hrige Erfahrung in der Pr\u00e4zisionsfertigung mit medialer Praxis und religionsgeschichtlicher Quellenarbeit.","worksFor":{"@type":"Organization","name":"Ittermann electronic GmbH","url":"https:\/\/ittermann.de\/","address":{"@type":"PostalAddress","streetAddress":"K\u00f6hlergasse 16-18","postalCode":"99842","addressLocality":"Ruhla","addressCountry":"DE"}},"knowsAbout":["Religionsgeschichte","Mythologie","Mediale Praxis","Energetische Diagnostik","Schutzpraxis","Volksglauben","Westliche Esoterik"]},{"@type":"Article","@id":"https:\/\/iwell-guard.com\/ca\/tsukuyomi\/#article","isPartOf":{"@id":"https:\/\/iwell-guard.com\/ca\/tsukuyomi\/"},"author":{"name":"Ralf Ittermann","@id":"https:\/\/iwell-guard.com\/ca\/#\/schema\/person\/ee2a27f1cac3406c7c6fb5820cb7349f"},"headline":"Tsukuyomi","datePublished":"2026-09-05T15:40:27+00:00","dateModified":"2026-09-05T16:01:13+00:00","mainEntityOfPage":{"@id":"https:\/\/iwell-guard.com\/ca\/tsukuyomi\/"},"publisher":{"@id":"https:\/\/iwell-guard.com\/ca\/#organization"},"image":{"@id":"https:\/\/iwell-guard.com\/ca\/tsukuyomi\/#primaryimage"},"thumbnailUrl":"https:\/\/iwell-guard.com\/wp-content\/uploads\/2026\/04\/goetter_japan_tsukuyomi.webp","inLanguage":"ca","description":"Tsukuyomi: for\u00e7a silenciosa, mesurador del temps i l'eterna separaci\u00f3 d'Amaterasu. Dualitat c\u00f2smica en el pante\u00f3 xintoista. Mite i culte."}]}},"_links":{"self":[{"href":"https:\/\/iwell-guard.com\/ca\/wp-json\/wp\/v2\/pages\/171563","targetHints":{"allow":["GET"]}}],"collection":[{"href":"https:\/\/iwell-guard.com\/ca\/wp-json\/wp\/v2\/pages"}],"about":[{"href":"https:\/\/iwell-guard.com\/ca\/wp-json\/wp\/v2\/types\/page"}],"author":[{"embeddable":true,"href":"https:\/\/iwell-guard.com\/ca\/wp-json\/wp\/v2\/users\/3"}],"replies":[{"embeddable":true,"href":"https:\/\/iwell-guard.com\/ca\/wp-json\/wp\/v2\/comments?post=171563"}],"version-history":[{"count":0,"href":"https:\/\/iwell-guard.com\/ca\/wp-json\/wp\/v2\/pages\/171563\/revisions"}],"wp:featuredmedia":[{"embeddable":true,"href":"https:\/\/iwell-guard.com\/ca\/wp-json\/wp\/v2\/media\/1606"}],"wp:attachment":[{"href":"https:\/\/iwell-guard.com\/ca\/wp-json\/wp\/v2\/media?parent=171563"}],"wp:term":[{"taxonomy":"category","embeddable":true,"href":"https:\/\/iwell-guard.com\/ca\/wp-json\/wp\/v2\/categories?post=171563"}],"curies":[{"name":"wp","href":"https:\/\/api.w.org\/{rel}","templated":true}]}}