{"id":171562,"date":"2026-09-05T15:40:26","date_gmt":"2026-09-05T15:40:26","guid":{"rendered":"https:\/\/iwell-guard.com\/?page_id=171562"},"modified":"2026-09-05T16:01:10","modified_gmt":"2026-09-05T16:01:10","slug":"amaterasu","status":"publish","type":"page","link":"https:\/\/iwell-guard.com\/ca\/amaterasu\/","title":{"rendered":"Amaterasu"},"content":{"rendered":"\t\t<div data-elementor-type=\"wp-page\" data-elementor-id=\"171562\" class=\"elementor elementor-171562 elementor-2082 elementor-bc-flex-widget\" data-elementor-post-type=\"page\">\n\t\t\t\t<div class=\"elementor-element elementor-element-10fdade e-flex e-con-boxed e-con e-parent\" data-id=\"10fdade\" data-element_type=\"container\" data-e-type=\"container\" data-settings=\"{&quot;background_background&quot;:&quot;classic&quot;}\">\n\t\t\t\t\t<div class=\"e-con-inner\">\n\t\t<div class=\"elementor-element elementor-element-herohlft0 e-flex e-con-boxed e-con e-child\" data-id=\"herohlft0\" data-element_type=\"container\" data-e-type=\"container\">\n\t\t\t\t\t<div class=\"e-con-inner\">\n\t\t<div class=\"elementor-element elementor-element-c3ceb64 e-con-full e-flex e-con e-child\" data-id=\"c3ceb64\" data-element_type=\"container\" data-e-type=\"container\">\n\t\t\t\t<div class=\"elementor-element elementor-element-96ae5e1 elementor-widget elementor-widget-heading\" data-id=\"96ae5e1\" data-element_type=\"widget\" data-e-type=\"widget\" data-widget_type=\"heading.default\">\n\t\t\t\t\t<h1 class=\"elementor-heading-title elementor-size-default\">Amaterasu, deessa de la tradici\u00f3 japonesa<\/h1>\t\t\t\t<\/div>\n\t\t\t\t<div class=\"elementor-element elementor-element-e45238a elementor-widget elementor-widget-text-editor\" data-id=\"e45238a\" data-element_type=\"widget\" data-e-type=\"widget\" data-widget_type=\"text-editor.default\">\n\t\t\t\t\t\t\t\t\t<p><strong>Astre solar, mare ancestral de la casa imperial, \u00e0nima del Jap\u00f3.<\/strong> Amaterasu \u014cmikami \u00e9s la deessa central del shintoisme japon\u00e8s, encarnaci\u00f3 del sol mateix, la <span class=\"iwg-fachbegriff\" data-tooltip=\"En el shinto japon\u00e8s, els esperits venerats i les forces divines.\" tabindex=\"0\">kami<\/span> suprema de tots els cultes. No \u00e9s nom\u00e9s un cos celeste, sin\u00f3 l&#8217;avantpassada leg\u00edtima de l&#8217;emperador, per la qual cosa els seus santuaris directes es troben sota l&#8217;acc\u00e9s m\u00e9s estricte.<\/p><p>El <span class=\"iwg-fachbegriff\" data-tooltip=\"Un petit lloc sagrat de cust\u00f2dia o culte.\" tabindex=\"0\">santuari<\/span> d&#8217;Ise, el lloc m\u00e9s sagrat del Jap\u00f3, est\u00e0 <span class=\"iwg-fachbegriff\" data-tooltip=\"Consagrat mitjan\u00e7ant un acte religi\u00f3s i, per tant, separat de l'\u00e0mbit quotidi\u00e0.\" tabindex=\"0\">consagrat<\/span> exclusivament al seu culte. En el <span class=\"iwg-fachbegriff\" data-tooltip=\"Una narraci\u00f3 transmesa sobre d\u00e9us, or\u00edgens i l'ordre del m\u00f3n.\" tabindex=\"0\">mite<\/span> del Kojiki, Amaterasu s&#8217;amaga en una cova, submergint el m\u00f3n en la foscor, una imatge dram\u00e0tica de la depend\u00e8ncia c\u00f2smica de la llum divina.<\/p><p>Amaterasu \u00e9s la reina solar del Jap\u00f3 i mare ancestral de la casa imperial.<\/p><p>Amaterasu \u00e9s la deessa de la tradici\u00f3 japonesa i reina solar del pante\u00f3 <span class=\"iwg-fachbegriff\" data-tooltip=\"La religi\u00f3 ind\u00edgena del Jap\u00f3, marcada per la veneraci\u00f3 de les kami.\" tabindex=\"0\">shint\u014d<\/span>.<\/p>\t\t\t\t\t\t\t\t<\/div>\n\t\t\t\t<\/div>\n\t\t<div class=\"elementor-element elementor-element-klsbdg01 e-con-full e-flex e-con e-parent\" data-id=\"klsbdg01\" data-element_type=\"container\" data-e-type=\"container\">\n\t\t\t\t<div class=\"elementor-element elementor-element-klshtm01 elementor-widget elementor-widget-html\" data-id=\"klshtm01\" data-element_type=\"widget\" data-e-type=\"widget\" data-widget_type=\"html.default\">\n\t\t\t\t\t<div class=\"iwg-pill-row\"><span class=\"iwg-klasse-badge\" tabindex=\"0\" data-tooltip=\"D\u00e9u \/ Deessa: Poder suprem personificat en el pante\u00f3 d'una cultura, amb \u00e0mbits clars de compet\u00e8ncia, forces de la natura, dest\u00ed, guerra, fertilitat. Venerat mitjan\u00e7ant cultes, ofrenes i institucions temples.\">Deessa<\/span><a href=\"https:\/\/iwell-guard.com\/ca\/?page_id=171411\" class=\"iwg-kultur-badge\" tabindex=\"0\" data-tooltip=\"Kami del shinto japon\u00e8s i mons budistes de yokai.\">Jap\u00f3<\/a><a href=\"https:\/\/iwell-guard.com\/ca\/?page_id=171459\" class=\"iwg-tradition-badge\" tabindex=\"0\" data-tooltip=\"Els d\u00e9us m\u00e9s alts d'un pante\u00f3, sobirania c\u00f2smica, aspecte creador o governant.\">Alta Divinitat<\/a><\/div>\t\t\t\t<\/div>\n\t\t\t\t<\/div>\n\t\t<div class=\"elementor-element elementor-element-3f74855 e-con-full e-flex e-con e-child\" data-id=\"3f74855\" data-element_type=\"container\" data-e-type=\"container\">\n\t\t\t\t<div class=\"elementor-element elementor-element-1c30362 elementor-toc--minimized-on-tablet elementor-widget elementor-widget-table-of-contents\" data-id=\"1c30362\" data-element_type=\"widget\" data-e-type=\"widget\" data-settings=\"{&quot;exclude_headings_by_selector&quot;:[],&quot;no_headings_message&quot;:&quot;No s&#039;ha trobat cap encap\\u00e7alament en aquesta p\\u00e0gina.&quot;,&quot;headings_by_tags&quot;:[&quot;h2&quot;,&quot;h3&quot;],&quot;marker_view&quot;:&quot;bullets&quot;,&quot;minimize_box&quot;:&quot;yes&quot;,&quot;icon&quot;:{&quot;value&quot;:&quot;fas fa-circle&quot;,&quot;library&quot;:&quot;fa-solid&quot;,&quot;rendered_tag&quot;:&quot;&lt;svg class=\\&quot;e-font-icon-svg e-fas-circle\\&quot; viewBox=\\&quot;0 0 512 512\\&quot; xmlns=\\&quot;http:\\\/\\\/www.w3.org\\\/2000\\\/svg\\&quot;&gt;&lt;path d=\\&quot;M256 8C119 8 8 119 8 256s111 248 248 248 248-111 248-248S393 8 256 8z\\&quot;&gt;&lt;\\\/path&gt;&lt;\\\/svg&gt;&quot;},&quot;minimized_on&quot;:&quot;tablet&quot;,&quot;hierarchical_view&quot;:&quot;yes&quot;,&quot;min_height&quot;:{&quot;unit&quot;:&quot;px&quot;,&quot;size&quot;:&quot;&quot;,&quot;sizes&quot;:[]},&quot;min_height_tablet&quot;:{&quot;unit&quot;:&quot;px&quot;,&quot;size&quot;:&quot;&quot;,&quot;sizes&quot;:[]},&quot;min_height_mobile&quot;:{&quot;unit&quot;:&quot;px&quot;,&quot;size&quot;:&quot;&quot;,&quot;sizes&quot;:[]}}\" data-widget_type=\"table-of-contents.default\">\n\t\t\t\t\t\t\t\t\t<div class=\"elementor-toc__header\">\n\t\t\t\t\t\t<h2 class=\"elementor-toc__header-title\">\n\t\t\t\t\u00cdndex\t\t\t<\/h2>\n\t\t\t\t\t\t\t\t\t\t<div class=\"elementor-toc__toggle-button elementor-toc__toggle-button--expand\" role=\"button\" tabindex=\"0\" aria-controls=\"elementor-toc__1c30362\" aria-expanded=\"true\" aria-label=\"Open table of contents\"><svg aria-hidden=\"true\" class=\"e-font-icon-svg e-fas-chevron-down\" viewBox=\"0 0 448 512\" xmlns=\"http:\/\/www.w3.org\/2000\/svg\"><path d=\"M207.029 381.476L12.686 187.132c-9.373-9.373-9.373-24.569 0-33.941l22.667-22.667c9.357-9.357 24.522-9.375 33.901-.04L224 284.505l154.745-154.021c9.379-9.335 24.544-9.317 33.901.04l22.667 22.667c9.373 9.373 9.373 24.569 0 33.941L240.971 381.476c-9.373 9.372-24.569 9.372-33.942 0z\"><\/path><\/svg><\/div>\n\t\t\t\t<div class=\"elementor-toc__toggle-button elementor-toc__toggle-button--collapse\" role=\"button\" tabindex=\"0\" aria-controls=\"elementor-toc__1c30362\" aria-expanded=\"true\" aria-label=\"Close table of contents\"><svg aria-hidden=\"true\" class=\"e-font-icon-svg e-fas-chevron-up\" viewBox=\"0 0 448 512\" xmlns=\"http:\/\/www.w3.org\/2000\/svg\"><path d=\"M240.971 130.524l194.343 194.343c9.373 9.373 9.373 24.569 0 33.941l-22.667 22.667c-9.357 9.357-24.522 9.375-33.901.04L224 227.495 69.255 381.516c-9.379 9.335-24.544 9.317-33.901-.04l-22.667-22.667c-9.373-9.373-9.373-24.569 0-33.941L207.03 130.525c9.372-9.373 24.568-9.373 33.941-.001z\"><\/path><\/svg><\/div>\n\t\t\t\t\t<\/div>\n\t\t\t\t<div id=\"elementor-toc__1c30362\" class=\"elementor-toc__body\">\n\t\t\t<div class=\"elementor-toc__spinner-container\">\n\t\t\t\t<svg class=\"elementor-toc__spinner eicon-animation-spin e-font-icon-svg e-eicon-loading\" aria-hidden=\"true\" viewBox=\"0 0 1000 1000\" xmlns=\"http:\/\/www.w3.org\/2000\/svg\"><path d=\"M500 975V858C696 858 858 696 858 500S696 142 500 142 142 304 142 500H25C25 237 238 25 500 25S975 237 975 500 763 975 500 975Z\"><\/path><\/svg>\t\t\t<\/div>\n\t\t<\/div>\n\t\t\t\t\t\t<\/div>\n\t\t\t\t<\/div>\n\t\t\t\t\t<\/div>\n\t\t\t\t<\/div>\n\t\t<div class=\"elementor-element elementor-element-herorght0 e-con-full e-flex e-con e-child\" data-id=\"herorght0\" data-element_type=\"container\" data-e-type=\"container\">\n\t\t\t\t<div class=\"elementor-element elementor-element-heroimg00 iwg-hero-image elementor-widget elementor-widget-image\" data-id=\"heroimg00\" data-element_type=\"widget\" data-e-type=\"widget\" data-widget_type=\"image.default\">\n\t\t\t\t\t\t\t\t\t\t\t\t\t\t\t<img fetchpriority=\"high\" decoding=\"async\" width=\"683\" height=\"1024\" src=\"https:\/\/iwell-guard.com\/wp-content\/uploads\/2026\/04\/goetter_japan_amaterasu-683x1024.webp\" class=\"attachment-large size-large wp-image-1602\" alt=\"Amaterasu\" srcset=\"https:\/\/iwell-guard.com\/wp-content\/uploads\/2026\/04\/goetter_japan_amaterasu-683x1024.webp 683w, https:\/\/iwell-guard.com\/wp-content\/uploads\/2026\/04\/goetter_japan_amaterasu-200x300.webp 200w, https:\/\/iwell-guard.com\/wp-content\/uploads\/2026\/04\/goetter_japan_amaterasu-768x1152.webp 768w, https:\/\/iwell-guard.com\/wp-content\/uploads\/2026\/04\/goetter_japan_amaterasu.webp 1024w\" sizes=\"(max-width: 683px) 100vw, 683px\" \/>\t\t\t\t\t\t\t\t\t\t\t\t\t\t\t<\/div>\n\t\t\t\t<\/div>\n\t\t\t\t\t<\/div>\n\t\t\t\t<\/div>\n\t\t<div class=\"elementor-element elementor-element-32917199 e-flex e-con-boxed e-con e-parent\" data-id=\"32917199\" data-element_type=\"container\" data-e-type=\"container\">\n\t\t\t\t\t<div class=\"e-con-inner\">\n\t\t<div class=\"elementor-element elementor-element-26e916cb e-flex e-con-boxed e-con e-child\" data-id=\"26e916cb\" data-element_type=\"container\" data-e-type=\"container\">\n\t\t\t\t\t<div class=\"e-con-inner\">\n\t\t<div class=\"elementor-element elementor-element-253a40d4 e-flex e-con-boxed e-con e-child\" data-id=\"253a40d4\" data-element_type=\"container\" data-e-type=\"container\">\n\t\t\t\t\t<div class=\"e-con-inner\">\n\t\t\t\t<div class=\"elementor-element elementor-element-1200c304 elementor-widget elementor-widget-heading\" data-id=\"1200c304\" data-element_type=\"widget\" data-e-type=\"widget\" data-widget_type=\"heading.default\">\n\t\t\t\t\t<h2 class=\"elementor-heading-title elementor-size-default\">Amaterasu<\/h2>\t\t\t\t<\/div>\n\t\t\t\t\t<\/div>\n\t\t\t\t<\/div>\n\t\t<div class=\"elementor-element elementor-element-159dcf9a e-flex e-con-boxed e-con e-child\" data-id=\"159dcf9a\" data-element_type=\"container\" data-e-type=\"container\">\n\t\t\t\t\t<div class=\"e-con-inner\">\n\t\t\t\t<div class=\"elementor-element elementor-element-48cee66f elementor-widget elementor-widget-heading\" data-id=\"48cee66f\" data-element_type=\"widget\" data-e-type=\"widget\" data-widget_type=\"heading.default\">\n\t\t\t\t\t<h2 class=\"elementor-heading-title elementor-size-default\">Resum: Amaterasu<\/h2>\t\t\t\t<\/div>\n\t\t\t\t<div class=\"elementor-element elementor-element-3f50d82c elementor-widget elementor-widget-text-editor\" data-id=\"3f50d82c\" data-element_type=\"widget\" data-e-type=\"widget\" data-widget_type=\"text-editor.default\">\n\t\t\t\t\t\t\t\t\t<p><strong>Tipus:<\/strong> Divinitat principal japonesa, deessa del sol i sobirana del cel (<span class=\"iwg-fachbegriff\" data-tooltip=\"La religi\u00f3 ind\u00edgena del Jap\u00f3, marcada per la veneraci\u00f3 dels kami.\" tabindex=\"0\">Shinto<\/span>)<br><span class=\"iwg-fachbegriff\" data-tooltip=\"El conjunt dels d\u00e9us d'una religi\u00f3 o cultura.\" tabindex=\"0\">Pante\u00f3<\/span>: <span class=\"iwg-fachbegriff\" data-tooltip=\"La religi\u00f3 ind\u00edgena del Jap\u00f3, marcada per la veneraci\u00f3 dels kami.\" tabindex=\"0\">Shinto<\/span> (la <span class=\"iwg-fachbegriff\" data-tooltip=\"Un \u00e9sser venerat com a div\u00ed dins d'una religi\u00f3.\" tabindex=\"0\">divinitat<\/span> m\u00e9s alta del pante\u00f3 japon\u00e8s), en tradicions sincretistes identificada amb Mahavairocana<br>Funci\u00f3: sol, llum, ordre c\u00f2smic, m\u00edtica <span class=\"iwg-fachbegriff\" data-tooltip=\"Un avantpassat venerat com a poder protector en moltes cultures.\" tabindex=\"0\">avantpassada<\/span> de la casa imperial japonesa<br>Atributs principals: disc solar, espasa (Kusanagi), mirall (Yata-no-Kagami), joia corba (Yasakani-no-Magatama)<br>Principal lloc de culte: <span class=\"iwg-fachbegriff\" data-tooltip=\"Un petit lloc sagrat de cust\u00f2dia o devoci\u00f3.\" tabindex=\"0\">Santuari<\/span> d&#8217;Ise (prefectura de Mie, el santuari m\u00e9s gran i sagrat del Jap\u00f3)<br>Germans: Tsukuyomi (lluna), Susano-o (tempesta)<\/p>\t\t\t\t\t\t\t\t<\/div>\n\t\t\t\t\t<\/div>\n\t\t\t\t<\/div>\n\t\t\t\t\t<\/div>\n\t\t\t\t<\/div>\n\t\t\t\t\t<\/div>\n\t\t\t\t<\/div>\n\t\t<div class=\"elementor-element elementor-element-18613602 e-flex e-con-boxed e-con e-parent\" data-id=\"18613602\" data-element_type=\"container\" data-e-type=\"container\">\n\t\t\t\t\t<div class=\"e-con-inner\">\n\t\t\t\t<div class=\"elementor-element elementor-element-262b8a9f elementor-widget elementor-widget-heading\" data-id=\"262b8a9f\" data-element_type=\"widget\" data-e-type=\"widget\" data-widget_type=\"heading.default\">\n\t\t\t\t\t<h2 class=\"elementor-heading-title elementor-size-default\">Contextualitzaci\u00f3 hist\u00f2rica<\/h2>\t\t\t\t<\/div>\n\t\t<div class=\"elementor-element elementor-element-46dcb7d e-con-full e-flex e-con e-child\" data-id=\"46dcb7d\" data-element_type=\"container\" data-e-type=\"container\">\n\t\t<div class=\"elementor-element elementor-element-61d3ab3 e-flex e-con-boxed e-con e-child\" data-id=\"61d3ab3\" data-element_type=\"container\" data-e-type=\"container\">\n\t\t\t\t\t<div class=\"e-con-inner\">\n\t\t\t\t<div class=\"elementor-element elementor-element-117c166 elementor-widget elementor-widget-heading\" data-id=\"117c166\" data-element_type=\"widget\" data-e-type=\"widget\" data-widget_type=\"heading.default\">\n\t\t\t\t\t<h3 class=\"elementor-heading-title elementor-size-default\">Per\u00edode dels textos<\/h3>\t\t\t\t<\/div>\n\t\t\t\t<div class=\"elementor-element elementor-element-73997a0 elementor-widget elementor-widget-text-editor\" data-id=\"73997a0\" data-element_type=\"widget\" data-e-type=\"widget\" data-widget_type=\"text-editor.default\">\n\t\t\t\t\t\t\t\t\t<p>Amaterasu est\u00e0 documentada liter\u00e0riament des del segle VIII dC en el <em>Kojiki<\/em> (712) i el <em>Nihon shoki<\/em> (720), les dues fonts principals de la <span class=\"iwg-fachbegriff\" data-tooltip=\"El conjunt dels relats m\u00edtics transmesos d'una cultura sobre els seus d\u00e9us.\" tabindex=\"0\">mitologia<\/span> <span class=\"iwg-fachbegriff\" data-tooltip=\"La religi\u00f3 ind\u00edgena del Jap\u00f3, marcada per la veneraci\u00f3 dels kami.\" tabindex=\"0\">shinto<\/span>. Des de comen\u00e7aments de l&#8217;\u00e8poca Heian (segle IX) \u00e9s canonitzada com la <span class=\"iwg-fachbegriff\" data-tooltip=\"Un \u00e9sser venerat com a div\u00ed dins d'una religi\u00f3.\" tabindex=\"0\">divinitat<\/span> m\u00e9s alta de la casa imperial japonesa: la genealogia imperial es remunta a trav\u00e9s del seu net Ninigi-no-Mikoto fins a ella.<\/p><p><span data-nosnippet>El <em><span class=\"iwg-fachbegriff\" data-tooltip=\"Un petit lloc sagrat de cust\u00f2dia o devoci\u00f3.\" tabindex=\"0\">Santuari<\/span> d&#8217;Ise<\/em>, probablement present en el seu empla\u00e7ament actual des del segle VII dC, es reconstrueix completament cada vint anys segons una tradici\u00f3 mil\u00b7len\u00e0ria (<em>Shikinen Sengu<\/em>); la darrera reconstrucci\u00f3 va ser el 2013, la propera ser\u00e0 el 2033. En el budisme <span class=\"iwg-fachbegriff\" tabindex=\"0\" data-tooltip=\"'Vehicle de diamant'; forma t\u00e0ntrica del budisme mahayana, principalment al Tibet, amb la pr\u00e0ctica del yidam i la t\u00e8cnica del mantra al centre.\">Vajrayana<\/span> (Shingon) \u00e9s identificada des del segle IX amb el buda c\u00f2smic <em>Mahavairocana<\/em> (Dainichi Nyorai).<\/span><\/p>\t\t\t\t\t\t\t\t<\/div>\n\t\t\t\t\t<\/div>\n\t\t\t\t<\/div>\n\t\t<div class=\"elementor-element elementor-element-d47b156 e-flex e-con-boxed e-con e-child\" data-id=\"d47b156\" data-element_type=\"container\" data-e-type=\"container\">\n\t\t\t\t\t<div class=\"e-con-inner\">\n\t\t\t\t<div class=\"elementor-element elementor-element-ff38c2b elementor-widget elementor-widget-heading\" data-id=\"ff38c2b\" data-element_type=\"widget\" data-e-type=\"widget\" data-widget_type=\"heading.default\">\n\t\t\t\t\t<h3 class=\"elementor-heading-title elementor-size-default\">\u00c0rea de difusi\u00f3<\/h3>\t\t\t\t<\/div>\n\t\t\t\t<div class=\"elementor-element elementor-element-4e49fcc elementor-widget elementor-widget-text-editor\" data-id=\"4e49fcc\" data-element_type=\"widget\" data-e-type=\"widget\" data-widget_type=\"text-editor.default\">\n\t\t\t\t\t\t\t\t\t<p>Principal lloc de culte: <strong>Ise-Jing\u016b<\/strong> a la prefectura de Mie, format pel <span class=\"iwg-fachbegriff\" data-tooltip=\"Un petit lloc sagrat de cust\u00f2dia o devoci\u00f3.\" tabindex=\"0\">santuari<\/span> exterior <em>Geku<\/em> (<span class=\"iwg-fachbegriff\" data-tooltip=\"Consagrat mitjan\u00e7ant un acte religi\u00f3s i, per tant, separat de l'\u00e0mbit quotidi\u00e0.\" tabindex=\"0\">consagrat<\/span> a la de\u00eftat de l&#8217;aliment Toyouke) i el <span class=\"iwg-fachbegriff\" data-tooltip=\"Un petit lloc sagrat de cust\u00f2dia o devoci\u00f3.\" tabindex=\"0\">santuari<\/span> interior <em>Naiku<\/em> (<span class=\"iwg-fachbegriff\" data-tooltip=\"Consagrat mitjan\u00e7ant un acte religi\u00f3s i, per tant, separat de l'\u00e0mbit quotidi\u00e0.\" tabindex=\"0\">consagrat<\/span> a Amaterasu). El santuari interior custodia el mirall sagrat <em>Yata-no-Kagami<\/em> (una de les tres ins\u00edgnies imperials del Jap\u00f3).<\/p><p>Al <span class=\"iwg-fachbegriff\" data-tooltip=\"Un lloc sagrat dedicat a la veneraci\u00f3 d'una de\u00eftat.\" tabindex=\"0\">santuari<\/span> nom\u00e9s hi poden entrar membres de la casa imperial i sacerdots seleccionats. A m\u00e9s, hi ha uns 80.000 santuaris al Jap\u00f3 on Amaterasu \u00e9s venerada conjuntament (bun-rei de la divinitat principal d&#8217;Ise). A l&#8217;estranger: santuaris a Hawaii i S\u00e3o Paulo.<\/p>\t\t\t\t\t\t\t\t<\/div>\n\t\t\t\t\t<\/div>\n\t\t\t\t<\/div>\n\t\t\t\t<\/div>\n\t\t<div class=\"elementor-element elementor-element-db03c39 e-con-full e-flex e-con e-child\" data-id=\"db03c39\" data-element_type=\"container\" data-e-type=\"container\">\n\t\t<div class=\"elementor-element elementor-element-229a87b e-flex e-con-boxed e-con e-child\" data-id=\"229a87b\" data-element_type=\"container\" data-e-type=\"container\">\n\t\t\t\t\t<div class=\"e-con-inner\">\n\t\t\t\t<div class=\"elementor-element elementor-element-1f471fc elementor-widget elementor-widget-heading\" data-id=\"1f471fc\" data-element_type=\"widget\" data-e-type=\"widget\" data-widget_type=\"heading.default\">\n\t\t\t\t\t<h3 class=\"elementor-heading-title elementor-size-default\">Estat de les fonts<\/h3>\t\t\t\t<\/div>\n\t\t\t\t<div class=\"elementor-element elementor-element-36b1201 elementor-widget elementor-widget-text-editor\" data-id=\"36b1201\" data-element_type=\"widget\" data-e-type=\"widget\" data-widget_type=\"text-editor.default\">\n\t\t\t\t\t\t\t\t\t<p>Fonts centrals: <em>Kojiki<\/em> (712) i <em>Nihon shoki<\/em> (720), els dos principals reculls de fonts de la <span class=\"iwg-fachbegriff\" data-tooltip=\"La religi\u00f3 ind\u00edgena del Jap\u00f3, marcada per la veneraci\u00f3 dels kami.\" tabindex=\"0\">Shinto<\/span>&#8211;<span class=\"iwg-fachbegriff\" data-tooltip=\"El conjunt de relats m\u00edtics transmesos sobre d\u00e9us d'una cultura.\" tabindex=\"0\">mitologia<\/span>; l&#8217;<em>Engi-shiki<\/em> (segle 10, disposicions de <span class=\"iwg-fachbegriff\" data-tooltip=\"El conjunt d'actes de veneraci\u00f3 religiosa dedicats a una divinitat o figura sagrada.\" tabindex=\"0\">culte<\/span> rituals per a Ise); els <em>Norito<\/em> (textos cerimonials d&#8217;invocaci\u00f3).<\/p><p>Bibliografia secund\u00e0ria: Aston, <em><span class=\"iwg-fachbegriff\" data-tooltip=\"La religi\u00f3 ind\u00edgena del Jap\u00f3, marcada per la veneraci\u00f3 dels kami.\" tabindex=\"0\">Shinto<\/span>. The Way of the Gods<\/em>; Kanda, <em><span class=\"iwg-fachbegriff\" data-tooltip=\"La religi\u00f3 ind\u00edgena del Jap\u00f3, marcada per la veneraci\u00f3 dels kami.\" tabindex=\"0\">Shinto<\/span> in History. Ways of the <span class=\"iwg-fachbegriff\" data-tooltip=\"En el shinto japon\u00e8s, els esperits venerats i poders divins.\" tabindex=\"0\">Kami<\/span><\/em>; Bocking, <em>A Popular Dictionary of <span class=\"iwg-fachbegriff\" data-tooltip=\"La religi\u00f3 ind\u00edgena del Jap\u00f3, marcada per la veneraci\u00f3 dels kami.\" tabindex=\"0\">Shinto<\/span><\/em>; Breen\/Teeuwen, <em>A New History of <span class=\"iwg-fachbegriff\" data-tooltip=\"La religi\u00f3 ind\u00edgena del Jap\u00f3, marcada per la veneraci\u00f3 dels kami.\" tabindex=\"0\">Shinto<\/span><\/em>; Reader, <em>Religion in Contemporary Japan<\/em>.<\/p>\t\t\t\t\t\t\t\t<\/div>\n\t\t\t\t\t<\/div>\n\t\t\t\t<\/div>\n\t\t\t\t<\/div>\n\t\t\t\t\t<\/div>\n\t\t\t\t<\/div>\n\t\t<div class=\"elementor-element elementor-element-3ae0637c e-flex e-con-boxed e-con e-parent\" data-id=\"3ae0637c\" data-element_type=\"container\" data-e-type=\"container\">\n\t\t\t\t\t<div class=\"e-con-inner\">\n\t\t\t\t<div class=\"elementor-element elementor-element-31d07739 elementor-widget elementor-widget-heading\" data-id=\"31d07739\" data-element_type=\"widget\" data-e-type=\"widget\" data-widget_type=\"heading.default\">\n\t\t\t\t\t<h2 class=\"elementor-heading-title elementor-size-default\">Nom i variants<\/h2>\t\t\t\t<\/div>\n\t\t<div class=\"elementor-element elementor-element-b7642947 e-con-full e-flex e-con e-child\" data-id=\"b7642947\" data-element_type=\"container\" data-e-type=\"container\">\n\t\t\t\t<div class=\"elementor-element elementor-element-a086266 elementor-widget elementor-widget-text-editor\" data-id=\"a086266\" data-element_type=\"widget\" data-e-type=\"widget\" data-widget_type=\"text-editor.default\">\n\t\t\t\t\t\t\t\t\t<p>Amaterasu es representa com una deessa femenina resplendent, envoltada de llum. Porta vestidures celestials i sovint se la mostra sostenint un mirall lluent (<em>Yata-no-Kagami<\/em>), un dels tres tresors imperials, considerat el seu cos o el seu <span class=\"iwg-fachbegriff\" data-tooltip=\"Un signe que representa una idea o significat.\" tabindex=\"0\">s\u00edmbol<\/span> del jo.<\/p><p>La iconografia m\u00e9s habitual la mostra entronitzada, flanquejada pels seus germans Tsukuyomi (la lluna) i Susanoo (la tempesta). El <span class=\"iwg-fachbegriff\" data-tooltip=\"Un petit lloc sagrat de cust\u00f2dia o devoci\u00f3.\" tabindex=\"0\">santuari<\/span> d&#8217;Ise \u00e9s pura arquitectura, invisible des de l&#8217;exterior, ocult, misteri\u00f3s. Cada 20 anys el <span class=\"iwg-fachbegriff\" data-tooltip=\"Un petit lloc sagrat de cust\u00f2dia o devoci\u00f3.\" tabindex=\"0\">santuari<\/span> es reconstrueix completament de nou i l&#8217;\u00e0nima d&#8217;Amaterasu es trasllada de manera solemne.<\/p>\t\t\t\t\t\t\t\t<\/div>\n\t\t\t\t<\/div>\n\t\t\t\t\t<\/div>\n\t\t\t\t<\/div>\n\t\t<div class=\"elementor-element elementor-element-709a44a8 e-flex e-con-boxed e-con e-parent\" data-id=\"709a44a8\" data-element_type=\"container\" data-e-type=\"container\">\n\t\t\t\t\t<div class=\"e-con-inner\">\n\t\t\t\t<div class=\"elementor-element elementor-element-2f585873 elementor-widget elementor-widget-heading\" data-id=\"2f585873\" data-element_type=\"widget\" data-e-type=\"widget\" data-widget_type=\"heading.default\">\n\t\t\t\t\t<h2 class=\"elementor-heading-title elementor-size-default\">Descripci\u00f3<\/h2>\t\t\t\t<\/div>\n\t\t<div class=\"elementor-element elementor-element-70621c12 e-con-full e-flex e-con e-child\" data-id=\"70621c12\" data-element_type=\"container\" data-e-type=\"container\">\n\t\t\t\t<div class=\"elementor-element elementor-element-4296eb49 elementor-widget elementor-widget-text-editor\" data-id=\"4296eb49\" data-element_type=\"widget\" data-e-type=\"widget\" data-widget_type=\"text-editor.default\">\n\t\t\t\t\t\t\t\t\t<p>Amaterasu \u00e9s la <span class=\"iwg-fachbegriff\" data-tooltip=\"En el shinto japon\u00e8s, els esperits venerats i poders divins.\" tabindex=\"0\">kami<\/span> suprema, no un membre m\u00e9s d&#8217;un pante\u00f3 de d\u00e9us equiparables, sin\u00f3 una figura central. La seva veneraci\u00f3 al <span class=\"iwg-fachbegriff\" data-tooltip=\"Un petit lloc sagrat de cust\u00f2dia o devoci\u00f3.\" tabindex=\"0\">santuari<\/span> d&#8217;Ise \u00e9s <span class=\"iwg-fachbegriff\" data-tooltip=\"Que pertany a una seq\u00fc\u00e8ncia establerta d'accions religioses.\" tabindex=\"0\">ritualment<\/span> \u00fanica: nom\u00e9s determinades fam\u00edlies sacerdotals poden entrar al <span class=\"iwg-fachbegriff\" data-tooltip=\"Un lloc sagrat dedicat a la veneraci\u00f3 d'una divinitat.\" tabindex=\"0\">santuari<\/span> interior. El propi emperador actua com a figura de summe sacerdot.<\/p><p>L&#8217;any nou shintoista es fonamenta en el seu do de la llum. Segons el <span class=\"iwg-fachbegriff\" data-tooltip=\"Un relat transm\u00e8s sobre d\u00e9us, or\u00edgens i l'ordre del m\u00f3n.\" tabindex=\"0\">mite<\/span>, quan es va amagar en una cova, el m\u00f3n va quedar completament fosc; nom\u00e9s mitjan\u00e7ant un estratagema altres <span class=\"iwg-fachbegriff\" data-tooltip=\"En el shinto japon\u00e8s, els esperits venerats i poders divins.\" tabindex=\"0\">kami<\/span> la van fer sortir. Es tracta d&#8217;una depend\u00e8ncia c\u00f2smica: sense Amaterasu no hi ha vida, ni llum, ni Jap\u00f3.<\/p><p><strong>Aparen\u00e7a i simbolisme<\/strong><\/p><p><em>Amaterasu<\/em> es representa com una dona bell\u00edssima amb una pres\u00e8ncia resplendent, sovint amb vestidures imperials. S&#8217;associa amb el disc solar (el cercle vermell de la bandera japonesa). Els seus s\u00edmbols sagrats s\u00f3n el mirall (Yata-no-Kagami), l&#8217;espasa i la joia. Est\u00e0 envoltada de llum.<\/p>\t\t\t\t\t\t\t\t<\/div>\n\t\t\t\t<\/div>\n\t\t\t\t\t<\/div>\n\t\t\t\t<\/div>\n\t\t<div class=\"elementor-element elementor-element-44e71476 e-flex e-con-boxed e-con e-parent\" data-id=\"44e71476\" data-element_type=\"container\" data-e-type=\"container\">\n\t\t\t\t\t<div class=\"e-con-inner\">\n\t\t\t\t<div class=\"elementor-element elementor-element-3c1fc3f0 elementor-widget elementor-widget-heading\" data-id=\"3c1fc3f0\" data-element_type=\"widget\" data-e-type=\"widget\" data-widget_type=\"heading.default\">\n\t\t\t\t\t<h2 class=\"elementor-heading-title elementor-size-default\">Fitxa: Amaterasu<\/h2>\t\t\t\t<\/div>\n\t\t<div class=\"elementor-element elementor-element-84f33b8e e-con-full e-flex e-con e-child\" data-id=\"84f33b8e\" data-element_type=\"container\" data-e-type=\"container\">\n\t\t\t\t<div class=\"elementor-element elementor-element-hqkdc67p elementor-widget elementor-widget-text-editor\" data-id=\"hqkdc67p\" data-element_type=\"widget\" data-e-type=\"widget\" data-widget_type=\"text-editor.default\">\n\t\t\t\t\t\t\t\t\t<p>Els aspectes principals d&#8217;Amaterasu d&#8217;un cop d&#8217;ull. Els camps seg\u00fcents resumeixen origen, funci\u00f3, aparen\u00e7a, veneraci\u00f3, s\u00edmbols i paral\u00b7lelismes culturals.<\/p>\t\t\t\t\t\t\t\t<\/div>\n\t\t\t\t<\/div>\n\t\t<div class=\"elementor-element elementor-element-pemmx7c5 e-con-full e-flex e-con e-child\" data-id=\"pemmx7c5\" data-element_type=\"container\" data-e-type=\"container\">\n\t\t<div class=\"elementor-element elementor-element-pemmx7c1 e-con-full e-flex e-con e-child\" data-id=\"pemmx7c1\" data-element_type=\"container\" data-e-type=\"container\">\n\t\t<div class=\"elementor-element elementor-element-qh9oavvu iwg-steckbrief-card e-flex e-con-boxed e-con e-child\" data-id=\"qh9oavvu\" data-element_type=\"container\" data-e-type=\"container\">\n\t\t\t\t\t<div class=\"e-con-inner\">\n\t\t\t\t<div class=\"elementor-element elementor-element-awzx8k2k elementor-widget elementor-widget-heading\" data-id=\"awzx8k2k\" data-element_type=\"widget\" data-e-type=\"widget\" data-widget_type=\"heading.default\">\n\t\t\t\t\t<div class=\"elementor-heading-title elementor-size-default\">Context cultural<\/div>\t\t\t\t<\/div>\n\t\t\t\t<div class=\"elementor-element elementor-element-x6rowhv0 elementor-widget elementor-widget-text-editor\" data-id=\"x6rowhv0\" data-element_type=\"widget\" data-e-type=\"widget\" data-widget_type=\"text-editor.default\">\n\t\t\t\t\t\t\t\t\t<p>Amaterasu \u00d4mikami (\u00abla gran <span class=\"iwg-fachbegriff\" data-tooltip=\"Un \u00e9sser venerat com a div\u00ed dins d'una religi\u00f3.\" tabindex=\"0\">divinitat<\/span> que il\u00b7lumina el cel\u00bb) \u00e9s filla de la parella creadora <em>Izanagi<\/em> i <em>Izanami<\/em>, sorgida de l&#8217;ull esquerre d&#8217;Izanagi quan aquest es purifica despr\u00e9s de tornar de Yomi (el m\u00f3n dels morts).<\/p><p>Germana del d\u00e9u lunar <em>Tsukuyomi<\/em> (nascut de l&#8217;ull dret) i del d\u00e9u de la tempesta <em>Susano-o<\/em> (nascut del nas). Mite principal: despr\u00e9s d&#8217;una brutal disputa amb Susano-o, Amaterasu es refugia en una cova (Ame-no-Iwato) i el m\u00f3n queda submergit en la foscor.<\/p><p>Els d\u00e9us la fan sortir mitjan\u00e7ant una dansa ext\u00e0tica de la deessa <em>Ame-no-Uzume<\/em> i un mirall en el qual veu el seu propi rostre resplendent. \u00c9s la mare de la l\u00ednia divina que porta a la casa imperial japonesa: el seu net Ninigi-no-Mikoto baixa del cel i porta amb ell les tres ins\u00edgnies imperials (mirall, espasa i joia).<\/p>\t\t\t\t\t\t\t\t<\/div>\n\t\t\t\t\t<\/div>\n\t\t\t\t<\/div>\n\t\t<div class=\"elementor-element elementor-element-8e3o4kxs iwg-steckbrief-card e-flex e-con-boxed e-con e-child\" data-id=\"8e3o4kxs\" data-element_type=\"container\" data-e-type=\"container\">\n\t\t\t\t\t<div class=\"e-con-inner\">\n\t\t\t\t<div class=\"elementor-element elementor-element-08rkdgov elementor-widget elementor-widget-heading\" data-id=\"08rkdgov\" data-element_type=\"widget\" data-e-type=\"widget\" data-widget_type=\"heading.default\">\n\t\t\t\t\t<div class=\"elementor-heading-title elementor-size-default\">Relacionat amb<\/div>\t\t\t\t<\/div>\n\t\t\t\t<div class=\"elementor-element elementor-element-uwjelx8s elementor-widget elementor-widget-text-editor\" data-id=\"uwjelx8s\" data-element_type=\"widget\" data-e-type=\"widget\" data-widget_type=\"text-editor.default\">\n\t\t\t\t\t\t\t\t\t<p>Deessa del sol i de la llum, i per tant font de vida i de visi\u00f3, una divinitat solar femenina relativament poc freq\u00fcent en la <span class=\"iwg-fachbegriff\" data-tooltip=\"El conjunt dels relats m\u00edtics transmesos d'una cultura sobre els seus d\u00e9us.\" tabindex=\"0\">mitologia<\/span> mundial (a difer\u00e8ncia dels d\u00e9us solars masculins de la Mediterr\u00e0nia). <span class=\"iwg-fachbegriff\" data-tooltip=\"Un avantpassat venerat com a poder protector en moltes cultures.\" tabindex=\"0\">Avantpassada<\/span> m\u00edtica de la casa imperial japonesa: cada Tenno (emperador) es considera descendent d&#8217;Amaterasu.<\/p><p>En el Jap\u00f3 modern, malgrat la separaci\u00f3 entre religi\u00f3 i estat (1947), continua tenint un referent identitari. Patrona de la fertilitat agr\u00edcola (a trav\u00e9s de la seva llum solar). En la tradici\u00f3 Shingon, com a Mahavairocana-Dainichi, \u00e9s el mateix buda c\u00f2smic. \u00c9s central en sectes shinto modernes (p. ex. Tenrikyo, Konkokyo).<\/p>\t\t\t\t\t\t\t\t<\/div>\n\t\t\t\t\t<\/div>\n\t\t\t\t<\/div>\n\t\t<div class=\"elementor-element elementor-element-jm2n74ec iwg-steckbrief-card e-flex e-con-boxed e-con e-child\" data-id=\"jm2n74ec\" data-element_type=\"container\" data-e-type=\"container\">\n\t\t\t\t\t<div class=\"e-con-inner\">\n\t\t\t\t<div class=\"elementor-element elementor-element-8vufse4c elementor-widget elementor-widget-heading\" data-id=\"8vufse4c\" data-element_type=\"widget\" data-e-type=\"widget\" data-widget_type=\"heading.default\">\n\t\t\t\t\t<div class=\"elementor-heading-title elementor-size-default\">Aparen\u00e7a<\/div>\t\t\t\t<\/div>\n\t\t\t\t<div class=\"elementor-element elementor-element-mwb9u015 elementor-widget elementor-widget-text-editor\" data-id=\"mwb9u015\" data-element_type=\"widget\" data-e-type=\"widget\" data-widget_type=\"text-editor.default\">\n\t\t\t\t\t\t\t\t\t<p>Amaterasu no t\u00e9 una forma iconogr\u00e0fica fixa; en la tradici\u00f3 ortodoxa <span class=\"iwg-fachbegriff\" data-tooltip=\"La religi\u00f3 ind\u00edgena del Jap\u00f3, marcada per la veneraci\u00f3 dels kami.\" tabindex=\"0\">Shint\u014d<\/span> s&#8217;evita esculpir est\u00e0tues de d\u00e9us.<\/p><p>La seva pres\u00e8ncia es representa mitjan\u00e7ant objectes sagrats (<em>shintai<\/em>): al Naik\u016b, el mirall <em>Yata-no-Kagami<\/em>. En l&#8217;art religi\u00f3s, a partir de l&#8217;edat mitjana, es representa de vegades com una jove solemne amb vestit de cort de diverses capes i diadema solar; sovint tamb\u00e9 com el propi disc solar.<\/p><p>Animals que l&#8217;acompanyen: <em>cavalls blancs<\/em> (criats al <span class=\"iwg-fachbegriff\" data-tooltip=\"Un petit lloc sagrat de cust\u00f2dia o de devoci\u00f3.\" tabindex=\"0\">santuari<\/span> d&#8217;Ise), el gall (anuncia la sortida del sol). En la identificaci\u00f3 budista Shingon amb Mah\u0101vairocana, apareix amb corona, gest de la corona i tron de lotus.<\/p>\t\t\t\t\t\t\t\t<\/div>\n\t\t\t\t\t<\/div>\n\t\t\t\t<\/div>\n\t\t\t\t<\/div>\n\t\t<div class=\"elementor-element elementor-element-pemmx7c2 e-con-full e-flex e-con e-child\" data-id=\"pemmx7c2\" data-element_type=\"container\" data-e-type=\"container\">\n\t\t<div class=\"elementor-element elementor-element-37ss2yr6 iwg-steckbrief-card e-flex e-con-boxed e-con e-child\" data-id=\"37ss2yr6\" data-element_type=\"container\" data-e-type=\"container\">\n\t\t\t\t\t<div class=\"e-con-inner\">\n\t\t\t\t<div class=\"elementor-element elementor-element-3v0wp3wx elementor-widget elementor-widget-heading\" data-id=\"3v0wp3wx\" data-element_type=\"widget\" data-e-type=\"widget\" data-widget_type=\"heading.default\">\n\t\t\t\t\t<div class=\"elementor-heading-title elementor-size-default\">Activitat<\/div>\t\t\t\t<\/div>\n\t\t\t\t<div class=\"elementor-element elementor-element-w3247g2m elementor-widget elementor-widget-text-editor\" data-id=\"w3247g2m\" data-element_type=\"widget\" data-e-type=\"widget\" data-widget_type=\"text-editor.default\">\n\t\t\t\t\t\t\t\t\t<p><strong>\u00c0mbit d&#8217;acci\u00f3:<\/strong> Amaterasu \u00e9s venerada en tots els altars dom\u00e8stics <span class=\"iwg-fachbegriff\" data-tooltip=\"La religi\u00f3 ind\u00edgena del Jap\u00f3, marcada per la veneraci\u00f3 dels kami.\" tabindex=\"0\">Shint\u014d<\/span> (<em>kamidana<\/em>), fet universal a les llars japoneses tradicionals. Festes principals al <span class=\"iwg-fachbegriff\" data-tooltip=\"Un petit lloc sagrat de cust\u00f2dia o de devoci\u00f3.\" tabindex=\"0\">santuari<\/span> d&#8217;Ise: <em>Kanname-sai<\/em> (octubre, ofrena de la collita a Amaterasu), <em>Niiname-sai<\/em> (novembre, festa imperial de la collita), <em>Tsukinami-sai<\/em> (juny i desembre, ritus principals semestrals).<\/p><p>En l&#8217;entronitzaci\u00f3 imperial (<em>Daij\u014dsai<\/em>), uni\u00f3 simb\u00f2lica del Tenn\u014d amb Amaterasu. <span class=\"iwg-fachbegriff\" data-tooltip=\"La invocaci\u00f3 suplicant o conjuradora d'una divinitat o poder.\" tabindex=\"0\">Invocaci\u00f3<\/span> personal di\u00e0ria a l&#8217;altar dom\u00e8stic abans de l&#8217;esmorzar. Els <span class=\"iwg-fachbegriff\" data-tooltip=\"Una persona que empr\u00e8n un viatge motivat religiosament a un lloc sagrat.\" tabindex=\"0\">pelegrins<\/span> que visiten Ise s&#8217;emporten a casa un <em>O-fuda<\/em> (<span class=\"iwg-fachbegriff\" data-tooltip=\"Un objecte portat al cos al qual s'atribueix un efecte protector contra el mal.\" tabindex=\"0\">amulet<\/span> de protecci\u00f3 impr\u00e8s).<\/p>\t\t\t\t\t\t\t\t<\/div>\n\t\t\t\t\t<\/div>\n\t\t\t\t<\/div>\n\t\t<div class=\"elementor-element elementor-element-0qpjal9w iwg-steckbrief-card e-flex e-con-boxed e-con e-child\" data-id=\"0qpjal9w\" data-element_type=\"container\" data-e-type=\"container\">\n\t\t\t\t\t<div class=\"e-con-inner\">\n\t\t\t\t<div class=\"elementor-element elementor-element-6ndoih0o elementor-widget elementor-widget-heading\" data-id=\"6ndoih0o\" data-element_type=\"widget\" data-e-type=\"widget\" data-widget_type=\"heading.default\">\n\t\t\t\t\t<div class=\"elementor-heading-title elementor-size-default\">Formes de defensa<\/div>\t\t\t\t<\/div>\n\t\t\t\t<div class=\"elementor-element elementor-element-6684tyh9 elementor-widget elementor-widget-text-editor\" data-id=\"6684tyh9\" data-element_type=\"widget\" data-e-type=\"widget\" data-widget_type=\"text-editor.default\">\n\t\t\t\t\t\t\t\t\t<p>Disc solar, mirall (Yata-no-Kagami, una de les tres ins\u00edgnies imperials), espasa (Kusanagi-no-Tsurugi, tallada pel seu germ\u00e0 Susanoo de la cua del drac Yamata-no-Orochi), joia corbada (Yasakani-no-Magatama). Animals sagrats: cavall blanc, gall, corb (yatagarasu, corb solar de tres potes que va guiar el seu net Jimmu). Plantes sagrades: arr\u00f2s, arbre sakaki (central en els ritus <span class=\"iwg-fachbegriff\" data-tooltip=\"La religi\u00f3 ind\u00edgena del Jap\u00f3, marcada per la veneraci\u00f3 dels kami.\" tabindex=\"0\">Shint\u014d<\/span>). Color sagrat: blanc.<\/p>\t\t\t\t\t\t\t\t<\/div>\n\t\t\t\t\t<\/div>\n\t\t\t\t<\/div>\n\t\t<div class=\"elementor-element elementor-element-3lfi7x32 iwg-steckbrief-card e-flex e-con-boxed e-con e-child\" data-id=\"3lfi7x32\" data-element_type=\"container\" data-e-type=\"container\">\n\t\t\t\t\t<div class=\"e-con-inner\">\n\t\t\t\t<div class=\"elementor-element elementor-element-0kg99ga1 elementor-widget elementor-widget-heading\" data-id=\"0kg99ga1\" data-element_type=\"widget\" data-e-type=\"widget\" data-widget_type=\"heading.default\">\n\t\t\t\t\t<div class=\"elementor-heading-title elementor-size-default\">\u00c9ssers relacionats<\/div>\t\t\t\t<\/div>\n\t\t\t\t<div class=\"elementor-element elementor-element-n0fum6kp elementor-widget elementor-widget-text-editor\" data-id=\"n0fum6kp\" data-element_type=\"widget\" data-e-type=\"widget\" data-widget_type=\"text-editor.default\">\n\t\t\t\t\t\t\t\t\t<p><em>Mah\u0101vairocana \/ Dainichi Nyorai<\/em> (budisme, identificaci\u00f3 Shingon), <em>Ohirume-no-muchi<\/em> (denominaci\u00f3 japonesa alternativa), <em>Sol Invictus<\/em> (roma, deessa solar de l&#8217;antiguitat tardana), <em>H\u00e8lios<\/em> (Gr\u00e8cia), <em>S\u016brya<\/em> (hinduisme), <em>Ra<\/em> (Egipte). Paral\u00b7lels de deesses solars femenines: <em>Sol<\/em> (germ\u00e0nica, femenina, a difer\u00e8ncia de la forma solar masculina romana), <em>\u015aaramm\u0101<\/em> (hitites), <em>Deessa del Sol d&#8217;Arinna<\/em> (hitites), <em>Saul\u0117<\/em> (b\u00e0ltica). La deessa n\u00f2rdica Sol i Amaterasu s\u00f3n les dues grans divinitats solars femenines m\u00e9s destacades de la <span class=\"iwg-fachbegriff\" data-tooltip=\"El conjunt de relats m\u00edtics transmesos sobre els d\u00e9us d'una cultura.\" tabindex=\"0\">mitologia<\/span> mundial.<\/p>\t\t\t\t\t\t\t\t<\/div>\n\t\t\t\t\t<\/div>\n\t\t\t\t<\/div>\n\t\t\t\t<\/div>\n\t\t\t\t<\/div>\n\t\t\t\t\t<\/div>\n\t\t\t\t<\/div>\n\t\t<div class=\"elementor-element elementor-element-7533bc7a e-flex e-con-boxed e-con e-parent\" data-id=\"7533bc7a\" data-element_type=\"container\" data-e-type=\"container\">\n\t\t\t\t\t<div class=\"e-con-inner\">\n\t\t\t\t<div class=\"elementor-element elementor-element-2447d18d elementor-widget elementor-widget-heading\" data-id=\"2447d18d\" data-element_type=\"widget\" data-e-type=\"widget\" data-widget_type=\"heading.default\">\n\t\t\t\t\t<h2 class=\"elementor-heading-title elementor-size-default\">Pr\u00e0ctica de protecci\u00f3<\/h2>\t\t\t\t<\/div>\n\t\t<div class=\"elementor-element elementor-element-d5d0260c e-con-full e-flex e-con e-child\" data-id=\"d5d0260c\" data-element_type=\"container\" data-e-type=\"container\">\n\t\t\t\t<div class=\"elementor-element elementor-element-341be2ac elementor-widget elementor-widget-text-editor\" data-id=\"341be2ac\" data-element_type=\"widget\" data-e-type=\"widget\" data-widget_type=\"text-editor.default\">\n\t\t\t\t\t\t\t\t\t<p><strong>Rituals de veneraci\u00f3<\/strong><\/p><p>Amaterasu \u014cmikami (jap. \u5929\u7167\u5927\u5fa1\u795e, \u00abSublimitat que il\u00b7lumina el cel\u00bb) \u00e9s la deessa del sol i mare fundadora de la casa imperial japonesa (Tenn\u014d). El principal centre de culte \u00e9s l&#8217;Ise-Jing\u016b (<span class=\"iwg-fachbegriff\" data-tooltip=\"Un petit lloc sagrat de cust\u00f2dia o devoci\u00f3.\" tabindex=\"0\">Santuari<\/span> Interior, Naik\u016b), fundat, segons la tradici\u00f3, l&#8217;any 4 aC.<\/p><p><span data-nosnippet>Cada 20 anys el <span class=\"iwg-fachbegriff\" data-tooltip=\"Un petit lloc sagrat de cust\u00f2dia o devoci\u00f3.\" tabindex=\"0\">santuari<\/span> es desmunta i es reconstrueix seguint una tradici\u00f3 mil\u00b7len\u00e0ria (<em>Shikinen Seng\u016b<\/em>, l&#8217;\u00faltima vegada el 2013). Festes principals: <em>Hatsuhinode<\/em> (<span class=\"iwg-fachbegriff\" data-tooltip=\"L'adre\u00e7ament verbal d'una persona a una divinitat.\" tabindex=\"0\">preg\u00e0ria<\/span> a la primera sortida del sol de l&#8217;any nou), <em>Tsukinami-sai<\/em> (festa mensual d&#8217;Ise). L&#8217;entronitzaci\u00f3 del Tenn\u014d inclou el <span class=\"iwg-fachbegriff\" data-tooltip=\"Una seq\u00fc\u00e8ncia regulada d'accions simb\u00f2liques amb significat religi\u00f3s o cultural.\" tabindex=\"0\">ritual<\/span> secret <em>Daij\u014dsai<\/em>, amb la transmissi\u00f3 simb\u00f2lica de l&#8217;energia solar (cf. Bock).<\/span><\/p><p><strong>Invocacions<\/strong><\/p><p>Les preg\u00e0ries norito adre\u00e7ades a Amaterasu segueixen les f\u00f3rmules m\u00e9s antigues conservades del <span class=\"iwg-fachbegriff\" data-tooltip=\"La religi\u00f3 ind\u00edgena del Jap\u00f3, centrada en la veneraci\u00f3 dels kami.\" tabindex=\"0\">xintoisme<\/span> japon\u00e8s (Engi-Shiki, any 927 dC). L&#8217;episodi m\u00edtic de la cova (Amaterasu es retira a la cova d&#8217;Ame-no-Iwato despr\u00e9s de la profanaci\u00f3 de Susanoo) es representa en les danses kagura; la dansa d&#8217;Ame-no-Uzume davant la cova \u00e9s l&#8217;origen del teatre japon\u00e8s.<\/p><p><strong>Amulets i s\u00edmbols de protecci\u00f3<\/strong><\/p><p>Els Ise-Omamori (amulets de protecci\u00f3 procedents del <span class=\"iwg-fachbegriff\" data-tooltip=\"Un petit lloc sagrat de cust\u00f2dia o devoci\u00f3.\" tabindex=\"0\">santuari<\/span> d&#8217;Ise) s\u00f3n els amulets de protecci\u00f3 m\u00e9s distribu\u00efts del Jap\u00f3. El Yata-no-Kagami (mirall sagrat), un dels tres regalia imperials, es conserva al Naik\u016b i es considera la seva manifestaci\u00f3. Hi ha tamb\u00e9 penjolls en forma de disc solar, de bronze o d&#8217;or. La Hi-no-Maru t\u00e9 la seva arrel simb\u00f2lica en la manifestaci\u00f3 solar d&#8217;Amaterasu.<\/p>\t\t\t\t\t\t\t\t<\/div>\n\t\t\t\t<\/div>\n\t\t\t\t\t<\/div>\n\t\t\t\t<\/div>\n\t\t<div class=\"elementor-element elementor-element-5a584676 e-flex e-con-boxed e-con e-parent\" data-id=\"5a584676\" data-element_type=\"container\" data-e-type=\"container\">\n\t\t\t\t\t<div class=\"e-con-inner\">\n\t\t\t\t<div class=\"elementor-element elementor-element-6d0757bf elementor-widget elementor-widget-heading\" data-id=\"6d0757bf\" data-element_type=\"widget\" data-e-type=\"widget\" data-widget_type=\"heading.default\">\n\t\t\t\t\t<h2 class=\"elementor-heading-title elementor-size-default\">Amaterasu, paral\u00b7lels en altres cultures<\/h2>\t\t\t\t<\/div>\n\t\t<div class=\"elementor-element elementor-element-60563f68 e-con-full e-flex e-con e-child\" data-id=\"60563f68\" data-element_type=\"container\" data-e-type=\"container\">\n\t\t\t\t<div class=\"elementor-element elementor-element-5a93fdd6 elementor-widget elementor-widget-text-editor\" data-id=\"5a93fdd6\" data-element_type=\"widget\" data-e-type=\"widget\" data-widget_type=\"text-editor.default\">\n\t\t\t\t\t\t\t\t\t<p>Amaterasu s&#8217;assembla a la Ra eg\u00edpcia (el sol), l&#8217;H\u00e8lios o Apol\u00b7lo grecs, i la S\u016brya v\u00e8dica. A difer\u00e8ncia de molts d\u00e9us solars, Amaterasu \u00e9s femenina, una raresa que l&#8217;establishment patriarcal Shint\u014d ha subratllat durant molt temps.<\/p><p>Comparteix trets amb l&#8217;Inti inca (el sol) i el Tonacatecuhtli asteca. El que \u00e9s \u00fanic \u00e9s el seu paper constitucional: al Jap\u00f3, Amaterasu no \u00e9s nom\u00e9s religiosa sin\u00f3 pol\u00edtica, la seva autoritat divina legitima el mateix tron imperial.<\/p>\t\t\t\t\t\t\t\t<\/div>\n\t\t\t\t<\/div>\n\t\t\t\t\t<\/div>\n\t\t\t\t<\/div>\n\t\t<div class=\"elementor-element elementor-element-cp4025b5e e-flex e-con-boxed e-con e-parent\" data-id=\"cp4025b5e\" data-element_type=\"container\" data-e-type=\"container\">\n\t\t\t\t\t<div class=\"e-con-inner\">\n\t\t\t\t<div class=\"elementor-element elementor-element-cp6dbbae6 elementor-widget elementor-widget-heading\" data-id=\"cp6dbbae6\" data-element_type=\"widget\" data-e-type=\"widget\" data-widget_type=\"heading.default\">\n\t\t\t\t\t<h2 class=\"elementor-heading-title elementor-size-default\">El mite de la cova rocosa en detall<\/h2>\t\t\t\t<\/div>\n\t\t<div class=\"elementor-element elementor-element-cp5464d14 e-con-full e-flex e-con e-child\" data-id=\"cp5464d14\" data-element_type=\"container\" data-e-type=\"container\">\n\t\t\t\t<div class=\"elementor-element elementor-element-cpf8f5cf8 elementor-widget elementor-widget-text-editor\" data-id=\"cpf8f5cf8\" data-element_type=\"widget\" data-e-type=\"widget\" data-widget_type=\"text-editor.default\">\n\t\t\t\t\t\t\t\t\t<p>El relat m\u00e9s conegut sobre Amaterasu \u00e9s la seva retirada a la cova celestial de la roca, <em>Ama no Iwato<\/em>. Es troba recollit en les dues obres historiogr\u00e0fiques m\u00e9s antigues del Jap\u00f3, el <em>Kojiki<\/em> del 712 i el <em>Nihon Shoki<\/em> del 720, amb difer\u00e8ncies en els detalls.<\/p><p>El desencadenant \u00e9s el comportament violent del seu germ\u00e0 Susanoo. Devasta els arrossars, embruta les sales sagrades i finalment llan\u00e7a un cavall escorxat a trav\u00e9s del sostre del taller de teixir on Amaterasu, o les seves servidores, teixeixen vestimentes sagrades.<\/p><p>Espantada i ofesa, Amaterasu es retira a la cova de la roca i tanca l&#8217;entrada. Amb aix\u00f2, la llum desapareix del m\u00f3n; el cel i la terra s&#8217;enfonsen en la fosca i tota mena de calamitats esclaten.<\/p><p>Els altres d\u00e9us es reuneixen a deliberar al \u00abllit tranquil del riu del cel\u00bb. Idean un parany.<\/p><p>Planten un arbre <em>sakaki<\/em>, l&#8217;adornen amb joies, cintes de tela i un mirall, fan cridar els ocells i incentiven la deessa Ame no Uzume a ballar una dansa desenfrenada i c\u00f2mica. Els d\u00e9us reunits riuen tan fort que el soroll fa trontollar tot el cel.<\/p><p>Amaterasu, intrigada per la ra\u00f3 per la qual els d\u00e9us estan alegres malgrat la fosca, obre una escletxa de la cova.<\/p><p>Uzume explica que ha aparegut una <span class=\"iwg-fachbegriff\" data-tooltip=\"Un \u00e9sser venerat com a div\u00ed dins d'una religi\u00f3.\" tabindex=\"0\">divinitat<\/span> encara m\u00e9s excelsa, i li mostra el mirall. Sorpresa per la seva pr\u00f2pia lluentor, Amaterasu surt encara m\u00e9s, un d\u00e9u fort l&#8217;arrossega completament a l&#8217;exterior, i s&#8217;estira una corda darrere d&#8217;ella perqu\u00e8 no pugui tornar-hi.<\/p><p>La llum torna al m\u00f3n. La investigaci\u00f3 interpreta el <span class=\"iwg-fachbegriff\" data-tooltip=\"Un relat transm\u00e8s sobre d\u00e9us, or\u00edgens i l'ordre del m\u00f3n.\" tabindex=\"0\">mite<\/span> entre altres coses com un reflex de la pr\u00e0ctica ritual i com un relat sobre la recuperaci\u00f3 de l&#8217;ordre c\u00f2smic.<\/p>\t\t\t\t\t\t\t\t<\/div>\n\t\t\t\t<\/div>\n\t\t\t\t\t<\/div>\n\t\t\t\t<\/div>\n\t\t<div class=\"elementor-element elementor-element-cp4fe5976 e-flex e-con-boxed e-con e-parent\" data-id=\"cp4fe5976\" data-element_type=\"container\" data-e-type=\"container\">\n\t\t\t\t\t<div class=\"e-con-inner\">\n\t\t\t\t<div class=\"elementor-element elementor-element-cpb11a8d8 elementor-widget elementor-widget-heading\" data-id=\"cpb11a8d8\" data-element_type=\"widget\" data-e-type=\"widget\" data-widget_type=\"heading.default\">\n\t\t\t\t\t<h2 class=\"elementor-heading-title elementor-size-default\">Amaterasu i el Tenn\u014d: el fonament din\u00e0stic<\/h2>\t\t\t\t<\/div>\n\t\t<div class=\"elementor-element elementor-element-cp1353036 e-con-full e-flex e-con e-child\" data-id=\"cp1353036\" data-element_type=\"container\" data-e-type=\"container\">\n\t\t\t\t<div class=\"elementor-element elementor-element-cp361e622 elementor-widget elementor-widget-text-editor\" data-id=\"cp361e622\" data-element_type=\"widget\" data-e-type=\"widget\" data-widget_type=\"text-editor.default\">\n\t\t\t\t\t\t\t\t\t<p>La import\u00e0ncia pol\u00edtica central d&#8217;Amaterasu rau en el seu paper com a avantpassada de la casa governant japonesa. Segons el <em>Kojiki<\/em> i el <em>Nihon Shoki<\/em>, Amaterasu envia el seu net Ninigi a la Terra per governar el pa\u00eds. Li lliura tres objectes que es consideren les tres ins\u00edgnies del tron del Jap\u00f3: el mirall, la joia corbada i l&#8217;espasa.<\/p><p>De Ninigi es deriva, segons la genealogia m\u00edtica, la l\u00ednia dels Tenn\u014d, dels quals el primer, Jimmu, es considera besnet de Ninigi. El govern de la casa imperial japonesa es fa remuntar aix\u00ed directament a la deessa del sol.<\/p><p>Aquesta construcci\u00f3 no era un simple <span class=\"iwg-fachbegriff\" data-tooltip=\"Un relat transm\u00e8s sobre d\u00e9us, or\u00edgens i l'ordre del m\u00f3n.\" tabindex=\"0\">mite<\/span>, sin\u00f3 un programa pol\u00edtic. Les dues obres historiogr\u00e0fiques de principis del segle VIII van sorgir en una \u00e8poca en qu\u00e8 la cort de Yamato consolidava i volia legitimar la seva supremacia sobre altres llinatges.<\/p><p>La investigaci\u00f3 subratlla que la posici\u00f3 singular d&#8217;Amaterasu dins del pante\u00f3 molt ampli dels <em><span class=\"iwg-fachbegriff\" data-tooltip=\"En el sintoisme japon\u00e8s, els esperits venerats i les forces divines.\" tabindex=\"0\">kami<\/span><\/em> est\u00e0 lligada a l&#8217;ascens precisament d&#8217;aquest llinatge governant. Altres clans poderosos veneraven altres divinitats ancestrals; que Amaterasu pass\u00e9s a ocupar el lloc principal \u00e9s l&#8217;expressi\u00f3 d&#8217;un desenvolupament pol\u00edtic.<\/p><p>La connexi\u00f3 din\u00e0stica va romandre vigent al llarg dels segles i va ser reafirmada al segle XIX i a principis del segle XX en el marc del Shint\u014d d&#8217;estat. Despr\u00e9s de 1945, el Tenn\u014d va renunciar a la pretensi\u00f3 d&#8217;ascend\u00e8ncia divina en sentit religi\u00f3s-pol\u00edtic, per\u00f2 la genealogia m\u00edtica continua formant part de la tradici\u00f3 transmesa i de la pr\u00e0ctica cerimonial.<\/p>\t\t\t\t\t\t\t\t<\/div>\n\t\t\t\t<\/div>\n\t\t\t\t\t<\/div>\n\t\t\t\t<\/div>\n\t\t<div class=\"elementor-element elementor-element-cp0847b47 e-flex e-con-boxed e-con e-parent\" data-id=\"cp0847b47\" data-element_type=\"container\" data-e-type=\"container\">\n\t\t\t\t\t<div class=\"e-con-inner\">\n\t\t\t\t<div class=\"elementor-element elementor-element-cp6f8cf6a elementor-widget elementor-widget-heading\" data-id=\"cp6f8cf6a\" data-element_type=\"widget\" data-e-type=\"widget\" data-widget_type=\"heading.default\">\n\t\t\t\t\t<h2 class=\"elementor-heading-title elementor-size-default\">El santuari d'Ise i el mirall sagrat<\/h2>\t\t\t\t<\/div>\n\t\t<div class=\"elementor-element elementor-element-cp489536e e-con-full e-flex e-con e-child\" data-id=\"cp489536e\" data-element_type=\"container\" data-e-type=\"container\">\n\t\t\t\t<div class=\"elementor-element elementor-element-cp551ea08 elementor-widget elementor-widget-text-editor\" data-id=\"cp551ea08\" data-element_type=\"widget\" data-e-type=\"widget\" data-widget_type=\"text-editor.default\">\n\t\t\t\t\t\t\t\t\t<p>El lloc de culte m\u00e9s important d&#8217;Amaterasu \u00e9s el <span class=\"iwg-fachbegriff\" data-tooltip=\"Un petit lloc sagrat de cust\u00f2dia o de devoci\u00f3.\" tabindex=\"0\">santuari<\/span> interior d&#8217;Ise, <em>Naik\u016b<\/em>, a la prefectura de Mie. All\u00e0 es custodia el mirall sagrat <em>Yata no Kagami<\/em>, una de les tres ins\u00edgnies del tron, considerat <span class=\"iwg-fachbegriff\" data-tooltip=\"Un signe que representa una idea o un significat.\" tabindex=\"0\">s\u00edmbol<\/span> de la pres\u00e8ncia d&#8217;Amaterasu.<\/p><p>La <span class=\"iwg-fachbegriff\" data-tooltip=\"La transmissi\u00f3 de coneixements i relats al llarg de generacions.\" tabindex=\"0\">tradici\u00f3<\/span> vincula la fundaci\u00f3 del santuari amb la princesa Yamatohime, que, per enc\u00e0rrec de la cort, va cercar un lloc adequat per a la veneraci\u00f3 de la deessa i finalment el va trobar a la riba del riu Isuzu.<\/p><p>El <span class=\"iwg-fachbegriff\" data-tooltip=\"Un petit lloc sagrat de cust\u00f2dia o de devoci\u00f3.\" tabindex=\"0\">santuari<\/span> d&#8217;Ise \u00e9s arquitect\u00f2nicament d&#8217;una gran senzillesa. Els edificis s\u00f3n de fusta de xiprer sense tractar i segueixen un estil antic, en gran part lliure d&#8217;influ\u00e8ncies xineses posteriors. Especialment coneguda \u00e9s la pr\u00e0ctica del <em>Shikinen Seng\u016b<\/em>, la reconstrucci\u00f3 cerimonial dels edificis principals cada vint anys en un terreny ve\u00ed.<\/p><p>En aquest proc\u00e9s, el <span class=\"iwg-fachbegriff\" data-tooltip=\"Un petit lloc sagrat de cust\u00f2dia o de devoci\u00f3.\" tabindex=\"0\">santuari<\/span> es reconstrueix completament amb fusta nova, i els objectes sagrats es traslladen a la nova edificaci\u00f3 en una <span class=\"iwg-fachbegriff\" data-tooltip=\"Una desfilada religiosa solemne.\" tabindex=\"0\">process\u00f3<\/span> solemne. Aquesta renovaci\u00f3 uneix perman\u00e8ncia i caducitat, i alhora assegura la transmissi\u00f3 dels coneixements artesanals.<\/p><p>La zona interior del santuari no \u00e9s accessible al p\u00fablic; ning\u00fa veu el mirall en si mateix.<\/p><p>Fins a l&#8217;\u00e8poca moderna, Ise va estar estretament vinculat a la casa imperial, i durant molt de temps una princesa imperial va servir com a sacerdotessa, la <em>sai\u014d<\/em>, del <span class=\"iwg-fachbegriff\" data-tooltip=\"Un petit lloc sagrat de cust\u00f2dia o de devoci\u00f3.\" tabindex=\"0\">santuari<\/span>. Des del punt de vista de la ci\u00e8ncia de la religi\u00f3, Ise \u00e9s un punt de refer\u00e8ncia central per comprendre el Shint\u014d, perqu\u00e8 aqu\u00ed es combinen la pretensi\u00f3 din\u00e0stica, la veneraci\u00f3 de la natura i un pensament de puresa molt marcat.<\/p>\t\t\t\t\t\t\t\t<\/div>\n\t\t\t\t<\/div>\n\t\t\t\t\t<\/div>\n\t\t\t\t<\/div>\n\t\t<div class=\"elementor-element elementor-element-cpa69bbe2 e-flex e-con-boxed e-con e-parent\" data-id=\"cpa69bbe2\" data-element_type=\"container\" data-e-type=\"container\">\n\t\t\t\t\t<div class=\"e-con-inner\">\n\t\t\t\t<div class=\"elementor-element elementor-element-cp0a72831 elementor-widget elementor-widget-heading\" data-id=\"cp0a72831\" data-element_type=\"widget\" data-e-type=\"widget\" data-widget_type=\"heading.default\">\n\t\t\t\t\t<h2 class=\"elementor-heading-title elementor-size-default\">De\u00eftat solar i g\u00e8nere: un debat obert<\/h2>\t\t\t\t<\/div>\n\t\t<div class=\"elementor-element elementor-element-cp633d2fb e-con-full e-flex e-con e-child\" data-id=\"cp633d2fb\" data-element_type=\"container\" data-e-type=\"container\">\n\t\t\t\t<div class=\"elementor-element elementor-element-cpf549fb1 elementor-widget elementor-widget-text-editor\" data-id=\"cpf549fb1\" data-element_type=\"widget\" data-e-type=\"widget\" data-widget_type=\"text-editor.default\">\n\t\t\t\t\t\t\t\t\t<p>Amaterasu \u00e9s una divinitat solar femenina, fet remarcable en la comparaci\u00f3 de religions, ja que en moltes cultures les divinitats solars es conceben com a masculines. Aquesta particularitat ha donat lloc a debats continus en la recerca.<\/p><p>Alguns treballs antics i tamb\u00e9 m\u00e9s recents han defensat la tesi que la divinitat solar podria haver estat origin\u00e0riament masculina o de g\u00e8nere indeterminat i que nom\u00e9s amb el pas de la <span class=\"iwg-fachbegriff\" data-tooltip=\"La transmissi\u00f3 de coneixements i relats a trav\u00e9s de generacions.\" tabindex=\"0\">transmissi\u00f3<\/span> es va tornar femenina, o b\u00e9, a l&#8217;inrev\u00e9s, que hi hauria una antiga veneraci\u00f3 solar femenina.<\/p><p>Els indicis d&#8217;aquest debat es basen en dades heterog\u00e8nies de les fonts i en la comparaci\u00f3 amb cultes locals. Tot i aix\u00f2, l&#8217;estat de les fonts no permet arribar a una conclusi\u00f3 segura, i la discussi\u00f3 es mant\u00e9 oberta.<\/p><p>Una l\u00ednia de recerca relacionada estudia si la figura d&#8217;Amaterasu incorpora una idea m\u00e9s antiga d&#8217;una sacerdotessa o xamana que servia la divinitat solar, de manera que la mitjancera humana i la <span class=\"iwg-fachbegriff\" data-tooltip=\"Un \u00e9sser venerat com a div\u00ed dins d'una religi\u00f3.\" tabindex=\"0\">divinitat<\/span> s&#8217;haurien fusionat en la <span class=\"iwg-fachbegriff\" data-tooltip=\"La transmissi\u00f3 de coneixements i relats a trav\u00e9s de generacions.\" tabindex=\"0\">transmissi\u00f3<\/span>. Tamb\u00e9 en aquest cas es tracta d&#8217;hip\u00f2tesis, no de resultats confirmats.<\/p><p>Per a la classificaci\u00f3 dins l&#8217;estudi de les religions, cal remarcar sobretot que el g\u00e8nere d&#8217;Amaterasu \u00e9s clarament femen\u00ed en els textos transmesos, i que les fonts no van problematitzar la vinculaci\u00f3 posterior amb el c\u00e0rrec imperial, tamb\u00e9 ent\u00e8s majorit\u00e0riament com a mascul\u00ed.<\/p><p>El debat modern sobre l&#8217;origen i els possibles canvis de g\u00e8nere \u00e9s, doncs, m\u00e9s una q\u00fcesti\u00f3 de reconstrucci\u00f3 hist\u00f2rica que de la <span class=\"iwg-fachbegriff\" data-tooltip=\"La doctrina cient\u00edfica sobre D\u00e9u i sobre la fe d'una religi\u00f3.\" tabindex=\"0\">teologia<\/span> transmesa. Qui s&#8217;interessi per la tensi\u00f3 fraternal trobar\u00e0 m\u00e9s informaci\u00f3 a l&#8217;entrada sobre <a href=\"https:\/\/iwell-guard.com\/ca\/?page_id=171559\">Susanoo<\/a> i a l&#8217;entrada sobre el d\u00e9u de la lluna <a href=\"https:\/\/iwell-guard.com\/ca\/?page_id=171563\">Tsukuyomi<\/a>.<\/p>\t\t\t\t\t\t\t\t<\/div>\n\t\t\t\t<\/div>\n\t\t\t\t\t<\/div>\n\t\t\t\t<\/div>\n\t\t<div class=\"elementor-element elementor-element-36dd7469 e-flex e-con-boxed e-con e-parent\" data-id=\"36dd7469\" data-element_type=\"container\" data-e-type=\"container\">\n\t\t\t\t\t<div class=\"e-con-inner\">\n\t\t\t\t<div class=\"elementor-element elementor-element-13760ab4 elementor-widget elementor-widget-heading\" data-id=\"13760ab4\" data-element_type=\"widget\" data-e-type=\"widget\" data-widget_type=\"heading.default\">\n\t\t\t\t\t<h3 class=\"elementor-heading-title elementor-size-default\">Enlla\u00e7os relacionats<\/h3>\t\t\t\t<\/div>\n\t\t<div class=\"elementor-element elementor-element-28c87796 e-con-full e-flex e-con e-child\" data-id=\"28c87796\" data-element_type=\"container\" data-e-type=\"container\">\n\t\t\t\t<div class=\"elementor-element elementor-element-5d6538df elementor-widget elementor-widget-text-editor\" data-id=\"5d6538df\" data-element_type=\"widget\" data-e-type=\"widget\" data-widget_type=\"text-editor.default\">\n\t\t\t\t\t\t\t\t\t<ul><li><a href=\"https:\/\/iwell-guard.com\/ca\/?page_id=171563\">Tsukuyomi, germ\u00e0 lunar<\/a><\/li><li><a href=\"https:\/\/iwell-guard.com\/ca\/?page_id=171522\">Izanami, mare<\/a><\/li><li><a href=\"https:\/\/iwell-guard.com\/ca\/?page_id=171838\">Inari, una altra gran divinitat japonesa (arr\u00f2s i prosperitat)<\/a><\/li><li><a href=\"https:\/\/iwell-guard.com\/ca\/?page_id=171411\">Jap\u00f3, panorama del pante\u00f3<\/a><\/li><li><a href=\"https:\/\/iwell-guard.com\/ca\/?page_id=171459\">Grans divinitats, subcategoria<\/a><\/li><li><a href=\"https:\/\/iwell-guard.com\/ca\/?page_id=171431\">D\u00e9us, panorama de classes<\/a><\/li><\/ul>\t\t\t\t\t\t\t\t<\/div>\n\t\t\t\t<\/div>\n\t\t\t\t\t<\/div>\n\t\t\t\t<\/div>\n\t\t<div class=\"elementor-element elementor-element-grl4kl40 e-flex e-con-boxed e-con e-parent\" data-id=\"grl4kl40\" data-element_type=\"container\" data-e-type=\"container\">\n\t\t\t\t\t<div class=\"e-con-inner\">\n\t\t\t\t<div class=\"elementor-element elementor-element-bzsbfrmh elementor-widget elementor-widget-heading\" data-id=\"bzsbfrmh\" data-element_type=\"widget\" data-e-type=\"widget\" data-widget_type=\"heading.default\">\n\t\t\t\t\t<h2 class=\"elementor-heading-title elementor-size-default\">Fonts i bibliografia<\/h2>\t\t\t\t<\/div>\n\t\t<div class=\"elementor-element elementor-element-2c13224a e-con-full e-flex e-con e-child\" data-id=\"2c13224a\" data-element_type=\"container\" data-e-type=\"container\">\n\t\t\t\t<div class=\"elementor-element elementor-element-0eymh9ub elementor-widget elementor-widget-text-editor\" data-id=\"0eymh9ub\" data-element_type=\"widget\" data-e-type=\"widget\" data-widget_type=\"text-editor.default\">\n\t\t\t\t\t\t\t\t\t<footer class=\"iwg-literatur\" data-nosnippet=\"true\"><ul><li><span data-nosnippet>Aston, William G.: <em><span class=\"iwg-fachbegriff\" data-tooltip=\"La religi\u00f3 ind\u00edgena del Jap\u00f3, marcada per la veneraci\u00f3 dels kami.\" tabindex=\"0\">Shinto<\/span>. The Way of the Gods<\/em>. London 1905 (cl\u00e0ssic).<\/span><\/li><li><span data-nosnippet>Reader, Ian: <em>Religion in Contemporary Japan<\/em>. Honolulu 1991.<\/span><\/li><li><span data-nosnippet>Heldt, Gustav (trad.): <em>The Kojiki. An Account of Ancient Matters<\/em>. New York 2014.<\/span><\/li><li>Walde, Christine (ed.): <em>Der Neue Pauly<\/em> (entrada &bdquo;Amaterasu&ldquo;).<\/li><\/ul><\/footer>\n<p class=\"iwg-bib-more\"><span data-nosnippet>M\u00e9s obres de refer\u00e8ncia a la <a href=\"https:\/\/iwell-guard.com\/ca\/?page_id=171483\">bibliografia<\/a>.<\/span><\/p>\t\t\t\t\t\t\t\t<\/div>\n\t\t\t\t<\/div>\n\t\t\t\t\t<\/div>\n\t\t\t\t<\/div>\n\t\t<div class=\"elementor-element elementor-element-7bae035 e-con-boxed e-flex e-con e-parent\" data-id=\"7bae035\" data-element_type=\"container\" data-e-type=\"container\">\n\t\t\t\t\t<div class=\"e-con-inner\">\n\t\t\t\t<div class=\"elementor-element elementor-element-4351f3d elementor-widget elementor-widget-text-editor\" data-id=\"4351f3d\" data-element_type=\"widget\" data-e-type=\"widget\" data-widget_type=\"text-editor.default\">\n\t\t\t\t\t\t\t\t\t\n<h2>Preguntes freq\u00fcents sobre Amaterasu<\/h2>\n<div class=\"iwg-faq-q\"><h3>Qui \u00e9s Amaterasu en la <span class=\"iwg-fachbegriff\" data-tooltip=\"El conjunt de relats m\u00edtics transmesos d'una cultura sobre els seus d\u00e9us.\" tabindex=\"0\">mitologia<\/span> japonesa?<\/h3><p>Amaterasu \u014cmikami (japon\u00e8s \u5929\u7167\u5927\u5fa1\u795e, Gran i Excelsa Deessa que Il\u00b7lumina el Cel) \u00e9s la <span class=\"iwg-fachbegriff\" data-tooltip=\"Un \u00e9sser venerat com a div\u00ed dins d'una religi\u00f3.\" tabindex=\"0\">de\u00eftat<\/span> suprema del sintoisme japon\u00e8s, la deessa del sol i l&#8217;avantpassada m\u00edtica de la fam\u00edlia imperial del Jap\u00f3. \u00c9s filla d&#8217;Izanagi-no-Mikoto i germana de Tsukuyomi (d\u00e9u de la lluna) i Susanoo (d\u00e9u de les tempestes).<\/p><p>El seu <span class=\"iwg-fachbegriff\" data-tooltip=\"Un lloc sagrat dedicat a la veneraci\u00f3 d'una de\u00eftat.\" tabindex=\"0\">santuari<\/span> principal \u00e9s el <span class=\"iwg-fachbegriff\" data-tooltip=\"Un petit lloc sagrat de culte o de devoci\u00f3.\" tabindex=\"0\">santuari<\/span> d&#8217;Ise, a la prefectura de Mie, el <span class=\"iwg-fachbegriff\" data-tooltip=\"Un petit lloc sagrat de culte o de devoci\u00f3.\" tabindex=\"0\">santuari<\/span> m\u00e9s important del sintoisme, reconstru\u00eft <span class=\"iwg-fachbegriff\" data-tooltip=\"Que pertany a una seq\u00fc\u00e8ncia fixa d'accions religioses.\" tabindex=\"0\">ritualment<\/span> cada vint anys segons una tradici\u00f3 ancestral (el <span class=\"iwg-fachbegriff\" data-tooltip=\"Una seq\u00fc\u00e8ncia regulada d'accions simb\u00f2liques amb significat religi\u00f3s o cultural.\" tabindex=\"0\">ritual<\/span> Shikinen Seng\u016b).<\/p><\/div>\n<div class=\"iwg-faq-q\"><h3>Quina \u00e9s la hist\u00f2ria d&#8217;Amaterasu a la cova?<\/h3><p>El <span class=\"iwg-fachbegriff\" data-tooltip=\"Un relat transm\u00e8s sobre d\u00e9us, or\u00edgens i l'ordre del m\u00f3n.\" tabindex=\"0\">mite<\/span> central d&#8217;Amaterasu: despr\u00e9s d&#8217;una disputa amb el seu tempestu\u00f3s germ\u00e0 Susanoo, Amaterasu es retira a la cova celestial (Amano-Iwato) i la tanca amb una roca. El m\u00f3n queda submergit en la fosca.<\/p><p>Els altres d\u00e9us es reuneixen davant la cova, pengen un mirall en un arbre, decoren un altre arbre amb joies, i la deessa Ame-no-Uzume balla una dansa salvatge i mig despullada que fa riure els altres d\u00e9us.<\/p><p>Amb curiositat, Amaterasu obre una escletxa, veu la seva pr\u00f2pia llum en el mirall, i Tajikarao la treu de la cova. La llum torna al m\u00f3n.<\/p><\/div>\n<script type=\"application\/ld+json\">{\"@context\":\"https:\/\/schema.org\",\"@type\":\"FAQPage\",\"mainEntity\":[{\"@type\":\"Question\",\"name\":\"Qui \u00e9s Amaterasu en la mitologia japonesa?\",\"acceptedAnswer\":{\"@type\":\"Answer\",\"text\":\"Amaterasu \u014cmikami (japon\u00e8s \u5929\u7167\u5927\u5fa1\u795e, Gran i Excelsa Deessa que Il\u00b7lumina el Cel) \u00e9s la de\u00eftat suprema del sintoisme japon\u00e8s, la deessa del sol i l'avantpassada m\u00edtica de la fam\u00edlia imperial del Jap\u00f3. \u00c9s filla d'Izanagi-no-Mikoto i germana de Tsukuyomi (d\u00e9u de la lluna) i Susanoo (d\u00e9u de les tempestes).El seu santuari principal \u00e9s el santuari d'Ise, a la prefectura de Mie, el santuari m\u00e9s important del sintoisme, reconstru\u00eft ritualment cada vint anys segons una tradici\u00f3 ancestral (el ritual Shikinen Seng\u016b).\"}},{\"@type\":\"Question\",\"name\":\"Quina \u00e9s la hist\u00f2ria d'Amaterasu a la cova?\",\"acceptedAnswer\":{\"@type\":\"Answer\",\"text\":\"El mite central d'Amaterasu: despr\u00e9s d'una disputa amb el seu tempestu\u00f3s germ\u00e0 Susanoo, Amaterasu es retira a la cova celestial (Amano-Iwato) i la tanca amb una roca. El m\u00f3n queda submergit en la fosca.Els altres d\u00e9us es reuneixen davant la cova, pengen un mirall en un arbre, decoren un altre arbre amb joies, i la deessa Ame-no-Uzume balla una dansa salvatge i mig despullada que fa riure els altres d\u00e9us.Amb curiositat, Amaterasu obre una escletxa, veu la seva pr\u00f2pia llum en el mirall, i Tajikarao la treu de la cova. La llum torna al m\u00f3n.\"}}]}<\/script>\t\t\t\t\t\t\t\t<\/div>\n\t\t\t\t\t<\/div>\n\t\t\t\t<\/div>\n\t\t\t\t<\/div>\n\t\t","protected":false},"excerpt":{"rendered":"","protected":false},"author":3,"featured_media":1602,"parent":0,"menu_order":0,"comment_status":"closed","ping_status":"closed","template":"elementor_header_footer","meta":{"_yoast_wpseo_focuskw":"Amaterasu deessa del sol","_yoast_wpseo_title":"Amaterasu \u2013 Reina Solar del Jap\u00f3","_yoast_wpseo_metadesc":"Amaterasu, reina solar del Jap\u00f3. Legitimaci\u00f3 imperial, el sagrat santuari d'Ise i la kami central del Shint\u014d. Mite, simbolisme i significat imperial.","_yoast_wpseo_meta-robots-noindex":"","_yoast_wpseo_canonical":"","_angie_page":false,"gefaehrdungsstufe":"2","wesen_kultur":"japan","wesen_klasse":"goetter","footnotes":""},"categories":[],"class_list":["post-171562","page","type-page","status-publish","has-post-thumbnail","hentry"],"yoast_head":"<!-- This site is optimized with the Yoast SEO Premium plugin v27.7 (Yoast SEO v28.3) - https:\/\/yoast.com\/product\/yoast-seo-premium-wordpress\/ -->\n<title>Amaterasu \u2013 Reina Solar del Jap\u00f3<\/title>\n<meta name=\"description\" content=\"Amaterasu, reina solar del Jap\u00f3. Legitimaci\u00f3 imperial, el sagrat santuari d&#039;Ise i la kami central del Shint\u014d. Mite, simbolisme i significat imperial.\" \/>\n<meta name=\"robots\" content=\"index, follow, max-snippet:-1, max-image-preview:large, max-video-preview:-1\" \/>\n<link rel=\"canonical\" href=\"https:\/\/iwell-guard.com\/ca\/amaterasu\/\" \/>\n<meta property=\"og:locale\" content=\"ca_ES\" \/>\n<meta property=\"og:type\" content=\"article\" \/>\n<meta property=\"og:title\" content=\"Amaterasu\" \/>\n<meta property=\"og:description\" content=\"Amaterasu, reina solar del Jap\u00f3. Legitimaci\u00f3 imperial, el sagrat santuari d&#039;Ise i la kami central del Shint\u014d. Mite, simbolisme i significat imperial.\" \/>\n<meta property=\"og:url\" content=\"https:\/\/iwell-guard.com\/ca\/amaterasu\/\" \/>\n<meta property=\"og:site_name\" content=\"iWell Guard\" \/>\n<meta property=\"article:modified_time\" content=\"2026-09-05T16:01:10+00:00\" \/>\n<meta property=\"og:image\" content=\"https:\/\/iwell-guard.com\/wp-content\/uploads\/2026\/04\/goetter_japan_amaterasu.webp\" \/>\n\t<meta property=\"og:image:width\" content=\"1024\" \/>\n\t<meta property=\"og:image:height\" content=\"1536\" \/>\n\t<meta property=\"og:image:type\" content=\"image\/webp\" \/>\n<meta name=\"twitter:card\" content=\"summary_large_image\" \/>\n<script type=\"application\/ld+json\" class=\"yoast-schema-graph\">{\"@context\":\"https:\\\/\\\/schema.org\",\"@graph\":[{\"@type\":\"WebPage\",\"@id\":\"https:\\\/\\\/iwell-guard.com\\\/ca\\\/amaterasu\\\/\",\"url\":\"https:\\\/\\\/iwell-guard.com\\\/ca\\\/amaterasu\\\/\",\"name\":\"Amaterasu \u2013 Reina Solar del Jap\u00f3\",\"isPartOf\":{\"@id\":\"https:\\\/\\\/iwell-guard.com\\\/ca\\\/#website\"},\"primaryImageOfPage\":{\"@id\":\"https:\\\/\\\/iwell-guard.com\\\/ca\\\/amaterasu\\\/#primaryimage\"},\"image\":{\"@id\":\"https:\\\/\\\/iwell-guard.com\\\/ca\\\/amaterasu\\\/#primaryimage\"},\"thumbnailUrl\":\"https:\\\/\\\/iwell-guard.com\\\/wp-content\\\/uploads\\\/2026\\\/04\\\/goetter_japan_amaterasu.webp\",\"datePublished\":\"2026-09-05T15:40:26+00:00\",\"dateModified\":\"2026-09-05T16:01:10+00:00\",\"description\":\"Amaterasu, reina solar del Jap\u00f3. Legitimaci\u00f3 imperial, el sagrat santuari d'Ise i la kami central del Shint\u014d. Mite, simbolisme i significat imperial.\",\"breadcrumb\":{\"@id\":\"https:\\\/\\\/iwell-guard.com\\\/ca\\\/amaterasu\\\/#breadcrumb\"},\"inLanguage\":\"ca\",\"potentialAction\":[{\"@type\":\"ReadAction\",\"target\":[\"https:\\\/\\\/iwell-guard.com\\\/ca\\\/amaterasu\\\/\"]}]},{\"@type\":\"ImageObject\",\"inLanguage\":\"ca\",\"@id\":\"https:\\\/\\\/iwell-guard.com\\\/ca\\\/amaterasu\\\/#primaryimage\",\"url\":\"https:\\\/\\\/iwell-guard.com\\\/wp-content\\\/uploads\\\/2026\\\/04\\\/goetter_japan_amaterasu.webp\",\"contentUrl\":\"https:\\\/\\\/iwell-guard.com\\\/wp-content\\\/uploads\\\/2026\\\/04\\\/goetter_japan_amaterasu.webp\",\"width\":1024,\"height\":1536,\"caption\":\"D\u00e9us de la tradici\u00f3 japonesa.\"},{\"@type\":\"BreadcrumbList\",\"@id\":\"https:\\\/\\\/iwell-guard.com\\\/ca\\\/amaterasu\\\/#breadcrumb\",\"itemListElement\":[{\"@type\":\"ListItem\",\"position\":1,\"name\":\"Start\",\"item\":\"https:\\\/\\\/iwell-guard.com\\\/ca\\\/?page_id=171333\"},{\"@type\":\"ListItem\",\"position\":2,\"name\":\"Amaterasu\"}]},{\"@type\":\"WebSite\",\"@id\":\"https:\\\/\\\/iwell-guard.com\\\/ca\\\/#website\",\"url\":\"https:\\\/\\\/iwell-guard.com\\\/ca\\\/\",\"name\":\"iWell Guard\",\"description\":\"Schutz vor dunklen Einfl\u00fcssen\",\"publisher\":{\"@id\":\"https:\\\/\\\/iwell-guard.com\\\/ca\\\/#organization\"},\"potentialAction\":[{\"@type\":\"SearchAction\",\"target\":{\"@type\":\"EntryPoint\",\"urlTemplate\":\"https:\\\/\\\/iwell-guard.com\\\/ca\\\/?s={search_term_string}\"},\"query-input\":{\"@type\":\"PropertyValueSpecification\",\"valueRequired\":true,\"valueName\":\"search_term_string\"}}],\"inLanguage\":\"ca\"},{\"@type\":\"Organization\",\"@id\":\"https:\\\/\\\/iwell-guard.com\\\/ca\\\/#organization\",\"name\":\"Ittermann electronic GmbH\",\"url\":\"https:\\\/\\\/iwell-guard.com\\\/ca\\\/\",\"logo\":{\"@type\":\"ImageObject\",\"inLanguage\":\"ca\",\"@id\":\"https:\\\/\\\/iwell-guard.com\\\/ca\\\/#\\\/schema\\\/logo\\\/image\\\/\",\"url\":\"https:\\\/\\\/iwell-guard.com\\\/wp-content\\\/uploads\\\/2026\\\/05\\\/Ittermann-Logo-1182x237-1.png\",\"contentUrl\":\"https:\\\/\\\/iwell-guard.com\\\/wp-content\\\/uploads\\\/2026\\\/05\\\/Ittermann-Logo-1182x237-1.png\",\"width\":1182,\"height\":237,\"caption\":\"Ittermann electronic GmbH\"},\"image\":{\"@id\":\"https:\\\/\\\/iwell-guard.com\\\/ca\\\/#\\\/schema\\\/logo\\\/image\\\/\"},\"sameAs\":[\"https:\\\/\\\/pantip.com\\\/profile\\\/9367242\",\"https:\\\/\\\/micro.blog\\\/iwellguard\",\"https:\\\/\\\/www.diggerslist.com\\\/iwellguard\\\/about\",\"https:\\\/\\\/skitterphoto.com\\\/photographers\\\/2870314\\\/iwell-guard\",\"https:\\\/\\\/iwellguard.wordpress.com\\\/2026\\\/06\\\/06\\\/iwell-guard\\\/\",\"https:\\\/\\\/hub.docker.com\\\/u\\\/iwellguard\",\"https:\\\/\\\/www.pinterest.com\\\/iwellguard\\\/\",\"https:\\\/\\\/bit.ly\\\/m\\\/iwellguard\",\"https:\\\/\\\/entre-vos-mains.alsace.eu\\\/profiles\\\/iwellguard\\\/activity\",\"https:\\\/\\\/gravatar.com\\\/reallybeded8fd34\",\"https:\\\/\\\/naijamatta.com\\\/iwellguard\",\"https:\\\/\\\/www.goodreads.com\\\/iwellguard\",\"https:\\\/\\\/profile.hatena.ne.jp\\\/iwellguard\\\/\",\"https:\\\/\\\/experiment.com\\\/users\\\/iwellguard\",\"https:\\\/\\\/wakelet.com\\\/@iWellGuard82270\",\"https:\\\/\\\/www.chordie.com\\\/forum\\\/profile.php?id=2555664\",\"https:\\\/\\\/www.instapaper.com\\\/p\\\/17757966\",\"https:\\\/\\\/www.mapleprimes.com\\\/users\\\/iwellguard\",\"https:\\\/\\\/businesslistingplus.com\\\/profile\\\/iwell-guard\\\/\",\"https:\\\/\\\/telegra.ph\\\/iWell-Guard-06-06\",\"https:\\\/\\\/pbase.com\\\/iwellguard\\\/iwellguard\",\"https:\\\/\\\/b.hatena.ne.jp\\\/iwellguard\\\/20260607#bookmark-4788405196491818882\",\"https:\\\/\\\/fliphtml5.com\\\/home\\\/iwellguard\",\"https:\\\/\\\/anyflip.com\\\/homepage\\\/cmiwl#About\",\"https:\\\/\\\/transfur.com\\\/Users\\\/iwellguard\",\"http:\\\/\\\/delphi.larsbo.org\\\/user\\\/iwellguard\",\"https:\\\/\\\/jobs.lajobsportal.org\\\/profiles\\\/8380803-iwell-guard\",\"https:\\\/\\\/md.chaosdorf.de\\\/s\\\/jfbe5SBdJD\",\"https:\\\/\\\/www.lingvolive.com\\\/en-us\\\/profile\\\/9ecaeaca-ce11-4e51-9e71-01d55e2bff36\\\/translations\",\"https:\\\/\\\/www.fitday.com\\\/fitness\\\/forums\\\/members\\\/iwellguard.html\",\"https:\\\/\\\/www.mymeetbook.com\\\/iwellguard\",\"https:\\\/\\\/pxhere.com\\\/en\\\/photographer-me\\\/5040798\",\"https:\\\/\\\/disqus.com\\\/by\\\/iwellguard\\\/about\\\/\",\"https:\\\/\\\/pastelink.net\\\/hjwciqwq\",\"https:\\\/\\\/pubhtml5.com\\\/homepage\\\/scjhn\\\/\",\"https:\\\/\\\/www.bitchute.com\\\/channel\\\/2O2eOKzNqujT\",\"https:\\\/\\\/audiomack.com\\\/iwellguard\"]},{\"@type\":\"Article\",\"@id\":\"https:\\\/\\\/iwell-guard.com\\\/ca\\\/amaterasu\\\/#article\",\"isPartOf\":{\"@id\":\"https:\\\/\\\/iwell-guard.com\\\/ca\\\/amaterasu\\\/\"},\"author\":{\"name\":\"Ralf Ittermann\",\"@id\":\"https:\\\/\\\/iwell-guard.com\\\/ca\\\/#\\\/schema\\\/person\\\/ee2a27f1cac3406c7c6fb5820cb7349f\"},\"headline\":\"Amaterasu\",\"datePublished\":\"2026-09-05T15:40:26+00:00\",\"dateModified\":\"2026-09-05T16:01:10+00:00\",\"mainEntityOfPage\":{\"@id\":\"https:\\\/\\\/iwell-guard.com\\\/ca\\\/amaterasu\\\/\"},\"publisher\":{\"@id\":\"https:\\\/\\\/iwell-guard.com\\\/ca\\\/#organization\"},\"image\":{\"@id\":\"https:\\\/\\\/iwell-guard.com\\\/ca\\\/amaterasu\\\/#primaryimage\"},\"thumbnailUrl\":\"https:\\\/\\\/iwell-guard.com\\\/wp-content\\\/uploads\\\/2026\\\/04\\\/goetter_japan_amaterasu.webp\",\"inLanguage\":\"ca\",\"description\":\"Amaterasu, reina solar del Jap\u00f3. Legitimaci\u00f3 imperial, el sagrat santuari d'Ise i la kami central del Shint\u014d. Mite, simbolisme i significat imperial.\"}]}<\/script>\n<!-- \/ Yoast SEO Premium plugin. -->","yoast_head_json":{"title":"Amaterasu \u2013 Reina Solar del Jap\u00f3","description":"Amaterasu, reina solar del Jap\u00f3. Legitimaci\u00f3 imperial, el sagrat santuari d'Ise i la kami central del Shint\u014d. Mite, simbolisme i significat imperial.","robots":{"index":"index","follow":"follow","max-snippet":"max-snippet:-1","max-image-preview":"max-image-preview:large","max-video-preview":"max-video-preview:-1"},"canonical":"https:\/\/iwell-guard.com\/ca\/amaterasu\/","og_locale":"ca_ES","og_type":"article","og_title":"Amaterasu","og_description":"Amaterasu, reina solar del Jap\u00f3. Legitimaci\u00f3 imperial, el sagrat santuari d'Ise i la kami central del Shint\u014d. Mite, simbolisme i significat imperial.","og_url":"https:\/\/iwell-guard.com\/ca\/amaterasu\/","og_site_name":"iWell Guard","article_modified_time":"2026-09-05T16:01:10+00:00","og_image":[{"width":1024,"height":1536,"url":"https:\/\/iwell-guard.com\/wp-content\/uploads\/2026\/04\/goetter_japan_amaterasu.webp","type":"image\/webp"}],"twitter_card":"summary_large_image","schema":{"@context":"https:\/\/schema.org","@graph":[{"@type":"Article","@id":"https:\/\/iwell-guard.com\/ca\/amaterasu\/#article","isPartOf":{"@id":"https:\/\/iwell-guard.com\/ca\/amaterasu\/"},"author":{"name":"Ralf Ittermann","@id":"https:\/\/iwell-guard.com\/ca\/#\/schema\/person\/ee2a27f1cac3406c7c6fb5820cb7349f"},"headline":"Amaterasu","datePublished":"2026-09-05T15:40:26+00:00","dateModified":"2026-09-05T16:01:10+00:00","mainEntityOfPage":{"@id":"https:\/\/iwell-guard.com\/ca\/amaterasu\/"},"publisher":{"@id":"https:\/\/iwell-guard.com\/ca\/#organization"},"image":{"@id":"https:\/\/iwell-guard.com\/ca\/amaterasu\/#primaryimage"},"thumbnailUrl":"https:\/\/iwell-guard.com\/wp-content\/uploads\/2026\/04\/goetter_japan_amaterasu.webp","inLanguage":"ca","description":"Amaterasu, reina solar del Jap\u00f3. Legitimaci\u00f3 imperial, el sagrat santuari d'Ise i la kami central del Shint\u014d. Mite, simbolisme i significat imperial."},{"@type":"WebPage","@id":"https:\/\/iwell-guard.com\/ca\/amaterasu\/","url":"https:\/\/iwell-guard.com\/ca\/amaterasu\/","name":"Amaterasu \u2013 Reina Solar del Jap\u00f3","isPartOf":{"@id":"https:\/\/iwell-guard.com\/ca\/#website"},"primaryImageOfPage":{"@id":"https:\/\/iwell-guard.com\/ca\/amaterasu\/#primaryimage"},"image":{"@id":"https:\/\/iwell-guard.com\/ca\/amaterasu\/#primaryimage"},"thumbnailUrl":"https:\/\/iwell-guard.com\/wp-content\/uploads\/2026\/04\/goetter_japan_amaterasu.webp","datePublished":"2026-09-05T15:40:26+00:00","dateModified":"2026-09-05T16:01:10+00:00","description":"Amaterasu, reina solar del Jap\u00f3. Legitimaci\u00f3 imperial, el sagrat santuari d'Ise i la kami central del Shint\u014d. Mite, simbolisme i significat imperial.","breadcrumb":{"@id":"https:\/\/iwell-guard.com\/ca\/amaterasu\/#breadcrumb"},"inLanguage":"ca","potentialAction":[{"@type":"ReadAction","target":["https:\/\/iwell-guard.com\/ca\/amaterasu\/"]}]},{"@type":"ImageObject","inLanguage":"ca","@id":"https:\/\/iwell-guard.com\/ca\/amaterasu\/#primaryimage","url":"https:\/\/iwell-guard.com\/wp-content\/uploads\/2026\/04\/goetter_japan_amaterasu.webp","contentUrl":"https:\/\/iwell-guard.com\/wp-content\/uploads\/2026\/04\/goetter_japan_amaterasu.webp","width":1024,"height":1536,"caption":"D\u00e9us de la tradici\u00f3 japonesa."},{"@type":"BreadcrumbList","@id":"https:\/\/iwell-guard.com\/ca\/amaterasu\/#breadcrumb","itemListElement":[{"@type":"ListItem","position":1,"name":"Start","item":"https:\/\/iwell-guard.com\/ca\/?page_id=171333"},{"@type":"ListItem","position":2,"name":"Amaterasu"}]},{"@type":"WebSite","@id":"https:\/\/iwell-guard.com\/ca\/#website","url":"https:\/\/iwell-guard.com\/ca\/","name":"iWell Guard","description":"Schutz vor dunklen Einfl\u00fcssen","publisher":{"@id":"https:\/\/iwell-guard.com\/ca\/#organization"},"potentialAction":[{"@type":"SearchAction","target":{"@type":"EntryPoint","urlTemplate":"https:\/\/iwell-guard.com\/ca\/?s={search_term_string}"},"query-input":{"@type":"PropertyValueSpecification","valueRequired":true,"valueName":"search_term_string"}}],"inLanguage":"ca"},{"@type":"Organization","@id":"https:\/\/iwell-guard.com\/ca\/#organization","name":"Ittermann electronic GmbH","url":"https:\/\/iwell-guard.com\/ca\/","logo":{"@type":"ImageObject","inLanguage":"ca","@id":"https:\/\/iwell-guard.com\/ca\/#\/schema\/logo\/image\/","url":"https:\/\/iwell-guard.com\/wp-content\/uploads\/2026\/05\/Ittermann-Logo-1182x237-1.png","contentUrl":"https:\/\/iwell-guard.com\/wp-content\/uploads\/2026\/05\/Ittermann-Logo-1182x237-1.png","width":1182,"height":237,"caption":"Ittermann electronic GmbH"},"image":{"@id":"https:\/\/iwell-guard.com\/ca\/#\/schema\/logo\/image\/"},"sameAs":["https:\/\/pantip.com\/profile\/9367242","https:\/\/micro.blog\/iwellguard","https:\/\/www.diggerslist.com\/iwellguard\/about","https:\/\/skitterphoto.com\/photographers\/2870314\/iwell-guard","https:\/\/iwellguard.wordpress.com\/2026\/06\/06\/iwell-guard\/","https:\/\/hub.docker.com\/u\/iwellguard","https:\/\/www.pinterest.com\/iwellguard\/","https:\/\/bit.ly\/m\/iwellguard","https:\/\/entre-vos-mains.alsace.eu\/profiles\/iwellguard\/activity","https:\/\/gravatar.com\/reallybeded8fd34","https:\/\/naijamatta.com\/iwellguard","https:\/\/www.goodreads.com\/iwellguard","https:\/\/profile.hatena.ne.jp\/iwellguard\/","https:\/\/experiment.com\/users\/iwellguard","https:\/\/wakelet.com\/@iWellGuard82270","https:\/\/www.chordie.com\/forum\/profile.php?id=2555664","https:\/\/www.instapaper.com\/p\/17757966","https:\/\/www.mapleprimes.com\/users\/iwellguard","https:\/\/businesslistingplus.com\/profile\/iwell-guard\/","https:\/\/telegra.ph\/iWell-Guard-06-06","https:\/\/pbase.com\/iwellguard\/iwellguard","https:\/\/b.hatena.ne.jp\/iwellguard\/20260607#bookmark-4788405196491818882","https:\/\/fliphtml5.com\/home\/iwellguard","https:\/\/anyflip.com\/homepage\/cmiwl#About","https:\/\/transfur.com\/Users\/iwellguard","http:\/\/delphi.larsbo.org\/user\/iwellguard","https:\/\/jobs.lajobsportal.org\/profiles\/8380803-iwell-guard","https:\/\/md.chaosdorf.de\/s\/jfbe5SBdJD","https:\/\/www.lingvolive.com\/en-us\/profile\/9ecaeaca-ce11-4e51-9e71-01d55e2bff36\/translations","https:\/\/www.fitday.com\/fitness\/forums\/members\/iwellguard.html","https:\/\/www.mymeetbook.com\/iwellguard","https:\/\/pxhere.com\/en\/photographer-me\/5040798","https:\/\/disqus.com\/by\/iwellguard\/about\/","https:\/\/pastelink.net\/hjwciqwq","https:\/\/pubhtml5.com\/homepage\/scjhn\/","https:\/\/www.bitchute.com\/channel\/2O2eOKzNqujT","https:\/\/audiomack.com\/iwellguard"]},{"@type":"Person","@id":"https:\/\/iwell-guard.com\/ca\/#\/schema\/person\/ee2a27f1cac3406c7c6fb5820cb7349f","name":"Ralf Ittermann","image":{"@type":"ImageObject","inLanguage":"ca","@id":"https:\/\/secure.gravatar.com\/avatar\/073c0153e350a5005b68eb752b445fea71f6b24a26da9449ad7e155e6b446c9d?s=96&d=mm&r=g","url":"https:\/\/secure.gravatar.com\/avatar\/073c0153e350a5005b68eb752b445fea71f6b24a26da9449ad7e155e6b446c9d?s=96&d=mm&r=g","contentUrl":"https:\/\/secure.gravatar.com\/avatar\/073c0153e350a5005b68eb752b445fea71f6b24a26da9449ad7e155e6b446c9d?s=96&d=mm&r=g","caption":"Ralf Ittermann"},"givenName":"Ralf","familyName":"Ittermann","jobTitle":"Gesch\u00e4ftsf\u00fchrer und redaktioneller Verantwortlicher","url":"https:\/\/iwell-guard.com\/ca\/author\/claude\/","description":"Ralf Ittermann ist Gesch\u00e4ftsf\u00fchrer der Ittermann electronic GmbH und redaktioneller Verantwortlicher des iWell-Guard-Lexikons. Er verbindet langj\u00e4hrige Erfahrung in der Pr\u00e4zisionsfertigung mit medialer Praxis und religionsgeschichtlicher Quellenarbeit.","worksFor":{"@type":"Organization","name":"Ittermann electronic GmbH","url":"https:\/\/ittermann.de\/","address":{"@type":"PostalAddress","streetAddress":"K\u00f6hlergasse 16-18","postalCode":"99842","addressLocality":"Ruhla","addressCountry":"DE"}},"knowsAbout":["Religionsgeschichte","Mythologie","Mediale Praxis","Energetische Diagnostik","Schutzpraxis","Volksglauben","Westliche Esoterik"]},{"@type":"Article","@id":"https:\/\/iwell-guard.com\/ca\/amaterasu\/#article","isPartOf":{"@id":"https:\/\/iwell-guard.com\/ca\/amaterasu\/"},"author":{"name":"Ralf Ittermann","@id":"https:\/\/iwell-guard.com\/ca\/#\/schema\/person\/ee2a27f1cac3406c7c6fb5820cb7349f"},"headline":"Amaterasu","datePublished":"2026-09-05T15:40:26+00:00","dateModified":"2026-09-05T16:01:10+00:00","mainEntityOfPage":{"@id":"https:\/\/iwell-guard.com\/ca\/amaterasu\/"},"publisher":{"@id":"https:\/\/iwell-guard.com\/ca\/#organization"},"image":{"@id":"https:\/\/iwell-guard.com\/ca\/amaterasu\/#primaryimage"},"thumbnailUrl":"https:\/\/iwell-guard.com\/wp-content\/uploads\/2026\/04\/goetter_japan_amaterasu.webp","inLanguage":"ca","description":"Amaterasu, reina solar del Jap\u00f3. Legitimaci\u00f3 imperial, el sagrat santuari d'Ise i la kami central del Shint\u014d. Mite, simbolisme i significat imperial."}]}},"_links":{"self":[{"href":"https:\/\/iwell-guard.com\/ca\/wp-json\/wp\/v2\/pages\/171562","targetHints":{"allow":["GET"]}}],"collection":[{"href":"https:\/\/iwell-guard.com\/ca\/wp-json\/wp\/v2\/pages"}],"about":[{"href":"https:\/\/iwell-guard.com\/ca\/wp-json\/wp\/v2\/types\/page"}],"author":[{"embeddable":true,"href":"https:\/\/iwell-guard.com\/ca\/wp-json\/wp\/v2\/users\/3"}],"replies":[{"embeddable":true,"href":"https:\/\/iwell-guard.com\/ca\/wp-json\/wp\/v2\/comments?post=171562"}],"version-history":[{"count":0,"href":"https:\/\/iwell-guard.com\/ca\/wp-json\/wp\/v2\/pages\/171562\/revisions"}],"wp:featuredmedia":[{"embeddable":true,"href":"https:\/\/iwell-guard.com\/ca\/wp-json\/wp\/v2\/media\/1602"}],"wp:attachment":[{"href":"https:\/\/iwell-guard.com\/ca\/wp-json\/wp\/v2\/media?parent=171562"}],"wp:term":[{"taxonomy":"category","embeddable":true,"href":"https:\/\/iwell-guard.com\/ca\/wp-json\/wp\/v2\/categories?post=171562"}],"curies":[{"name":"wp","href":"https:\/\/api.w.org\/{rel}","templated":true}]}}