{"id":171559,"date":"2026-09-05T15:40:24","date_gmt":"2026-09-05T15:40:24","guid":{"rendered":"https:\/\/iwell-guard.com\/?page_id=171559"},"modified":"2026-09-05T16:01:05","modified_gmt":"2026-09-05T16:01:05","slug":"susanoo","status":"publish","type":"page","link":"https:\/\/iwell-guard.com\/ca\/susanoo\/","title":{"rendered":"Susanoo"},"content":{"rendered":"\t\t<div data-elementor-type=\"wp-page\" data-elementor-id=\"171559\" class=\"elementor elementor-171559 elementor-2079 elementor-bc-flex-widget\" data-elementor-post-type=\"page\">\n\t\t\t\t<div class=\"elementor-element elementor-element-10fdade e-flex e-con-boxed e-con e-parent\" data-id=\"10fdade\" data-element_type=\"container\" data-e-type=\"container\" data-settings=\"{&quot;background_background&quot;:&quot;classic&quot;}\">\n\t\t\t\t\t<div class=\"e-con-inner\">\n\t\t<div class=\"elementor-element elementor-element-herohlft0 e-flex e-con-boxed e-con e-child\" data-id=\"herohlft0\" data-element_type=\"container\" data-e-type=\"container\">\n\t\t\t\t\t<div class=\"e-con-inner\">\n\t\t<div class=\"elementor-element elementor-element-c3ceb64 e-con-full e-flex e-con e-child\" data-id=\"c3ceb64\" data-element_type=\"container\" data-e-type=\"container\">\n\t\t\t\t<div class=\"elementor-element elementor-element-96ae5e1 elementor-widget elementor-widget-heading\" data-id=\"96ae5e1\" data-element_type=\"widget\" data-e-type=\"widget\" data-widget_type=\"heading.default\">\n\t\t\t\t\t<h1 class=\"elementor-heading-title elementor-size-default\">Susanoo, d\u00e9u de la tradici\u00f3 japonesa<\/h1>\t\t\t\t<\/div>\n\t\t\t\t<div class=\"elementor-element elementor-element-e45238a elementor-widget elementor-widget-text-editor\" data-id=\"e45238a\" data-element_type=\"widget\" data-e-type=\"widget\" data-widget_type=\"text-editor.default\">\n\t\t\t\t\t\t\t\t\t<p>Susanoo \u00e9s un d\u00e9u de la tradici\u00f3 japonesa.<\/p><p><strong>D\u00e9u de la tempesta, vencedor de dracs, ferotgia domada.<\/strong> Susanoo \u00e9s el d\u00e9u m\u00edtic de la rebel\u00b7li\u00f3 del Jap\u00f3, temperamental, obstinat, poder\u00f3s. Com a germ\u00e0 d&#8217;Amaterasu i Tsukuyomi, porta l&#8217;energia demon\u00edaca de la tempesta, el vent del caos.<\/p><p>El <span class=\"iwg-fachbegriff\" data-tooltip=\"Un relat transm\u00e8s sobre d\u00e9us, or\u00edgens i l'ordre del m\u00f3n.\" tabindex=\"0\">mite<\/span> del Kojiki el mostra primer com un rufi\u00e0 destructiu, despr\u00e9s com un heroi: ven\u00e7 el drac de vuit caps Yamata-no-Orochi i salva la deessa Kushinada-hime. Del cos del drac extreu la llegend\u00e0ria espasa *Kusanagi*, un dels tres tresors imperials i <span class=\"iwg-fachbegriff\" data-tooltip=\"Un signe que representa una idea o significat.\" tabindex=\"0\">s\u00edmbol<\/span> de for\u00e7a indomable.<\/p>\t\t\t\t\t\t\t\t<\/div>\n\t\t\t\t<\/div>\n\t\t<div class=\"elementor-element elementor-element-klsbdg01 e-con-full e-flex e-con e-parent\" data-id=\"klsbdg01\" data-element_type=\"container\" data-e-type=\"container\">\n\t\t\t\t<div class=\"elementor-element elementor-element-klshtm01 elementor-widget elementor-widget-html\" data-id=\"klshtm01\" data-element_type=\"widget\" data-e-type=\"widget\" data-widget_type=\"html.default\">\n\t\t\t\t\t<div class=\"iwg-pill-row\"><span class=\"iwg-klasse-badge\" tabindex=\"0\" data-tooltip=\"D\u00e9u \/ Deessa: Poder suprem personificat en el pante\u00f3 d'una cultura, amb \u00e0mbits clars de compet\u00e8ncia, forces naturals, dest\u00ed, guerra, fertilitat. Venerat mitjan\u00e7ant cultes, ofrenes i institucions de temple.\">D\u00e9u<\/span><a href=\"https:\/\/iwell-guard.com\/ca\/?page_id=171411\" class=\"iwg-kultur-badge\" tabindex=\"0\" data-tooltip=\"Els kami del xintoisme japon\u00e8s i els mons budistes-yokai.\">Jap\u00f3<\/a><\/div>\t\t\t\t<\/div>\n\t\t\t\t<\/div>\n\t\t<div class=\"elementor-element elementor-element-3f74855 e-con-full e-flex e-con e-child\" data-id=\"3f74855\" data-element_type=\"container\" data-e-type=\"container\">\n\t\t\t\t<div class=\"elementor-element elementor-element-1c30362 elementor-toc--minimized-on-tablet elementor-widget elementor-widget-table-of-contents\" data-id=\"1c30362\" data-element_type=\"widget\" data-e-type=\"widget\" data-settings=\"{&quot;exclude_headings_by_selector&quot;:[],&quot;no_headings_message&quot;:&quot;No s&#039;ha trobat cap encap\\u00e7alament en aquesta p\\u00e0gina.&quot;,&quot;headings_by_tags&quot;:[&quot;h2&quot;,&quot;h3&quot;],&quot;marker_view&quot;:&quot;bullets&quot;,&quot;minimize_box&quot;:&quot;yes&quot;,&quot;icon&quot;:{&quot;value&quot;:&quot;fas fa-circle&quot;,&quot;library&quot;:&quot;fa-solid&quot;,&quot;rendered_tag&quot;:&quot;&lt;svg class=\\&quot;e-font-icon-svg e-fas-circle\\&quot; viewBox=\\&quot;0 0 512 512\\&quot; xmlns=\\&quot;http:\\\/\\\/www.w3.org\\\/2000\\\/svg\\&quot;&gt;&lt;path d=\\&quot;M256 8C119 8 8 119 8 256s111 248 248 248 248-111 248-248S393 8 256 8z\\&quot;&gt;&lt;\\\/path&gt;&lt;\\\/svg&gt;&quot;},&quot;minimized_on&quot;:&quot;tablet&quot;,&quot;hierarchical_view&quot;:&quot;yes&quot;,&quot;min_height&quot;:{&quot;unit&quot;:&quot;px&quot;,&quot;size&quot;:&quot;&quot;,&quot;sizes&quot;:[]},&quot;min_height_tablet&quot;:{&quot;unit&quot;:&quot;px&quot;,&quot;size&quot;:&quot;&quot;,&quot;sizes&quot;:[]},&quot;min_height_mobile&quot;:{&quot;unit&quot;:&quot;px&quot;,&quot;size&quot;:&quot;&quot;,&quot;sizes&quot;:[]}}\" data-widget_type=\"table-of-contents.default\">\n\t\t\t\t\t\t\t\t\t<div class=\"elementor-toc__header\">\n\t\t\t\t\t\t<h2 class=\"elementor-toc__header-title\">\n\t\t\t\t\u00cdndex\t\t\t<\/h2>\n\t\t\t\t\t\t\t\t\t\t<div class=\"elementor-toc__toggle-button elementor-toc__toggle-button--expand\" role=\"button\" tabindex=\"0\" aria-controls=\"elementor-toc__1c30362\" aria-expanded=\"true\" aria-label=\"Open table of contents\"><svg aria-hidden=\"true\" class=\"e-font-icon-svg e-fas-chevron-down\" viewBox=\"0 0 448 512\" xmlns=\"http:\/\/www.w3.org\/2000\/svg\"><path d=\"M207.029 381.476L12.686 187.132c-9.373-9.373-9.373-24.569 0-33.941l22.667-22.667c9.357-9.357 24.522-9.375 33.901-.04L224 284.505l154.745-154.021c9.379-9.335 24.544-9.317 33.901.04l22.667 22.667c9.373 9.373 9.373 24.569 0 33.941L240.971 381.476c-9.373 9.372-24.569 9.372-33.942 0z\"><\/path><\/svg><\/div>\n\t\t\t\t<div class=\"elementor-toc__toggle-button elementor-toc__toggle-button--collapse\" role=\"button\" tabindex=\"0\" aria-controls=\"elementor-toc__1c30362\" aria-expanded=\"true\" aria-label=\"Close table of contents\"><svg aria-hidden=\"true\" class=\"e-font-icon-svg e-fas-chevron-up\" viewBox=\"0 0 448 512\" xmlns=\"http:\/\/www.w3.org\/2000\/svg\"><path d=\"M240.971 130.524l194.343 194.343c9.373 9.373 9.373 24.569 0 33.941l-22.667 22.667c-9.357 9.357-24.522 9.375-33.901.04L224 227.495 69.255 381.516c-9.379 9.335-24.544 9.317-33.901-.04l-22.667-22.667c-9.373-9.373-9.373-24.569 0-33.941L207.03 130.525c9.372-9.373 24.568-9.373 33.941-.001z\"><\/path><\/svg><\/div>\n\t\t\t\t\t<\/div>\n\t\t\t\t<div id=\"elementor-toc__1c30362\" class=\"elementor-toc__body\">\n\t\t\t<div class=\"elementor-toc__spinner-container\">\n\t\t\t\t<svg class=\"elementor-toc__spinner eicon-animation-spin e-font-icon-svg e-eicon-loading\" aria-hidden=\"true\" viewBox=\"0 0 1000 1000\" xmlns=\"http:\/\/www.w3.org\/2000\/svg\"><path d=\"M500 975V858C696 858 858 696 858 500S696 142 500 142 142 304 142 500H25C25 237 238 25 500 25S975 237 975 500 763 975 500 975Z\"><\/path><\/svg>\t\t\t<\/div>\n\t\t<\/div>\n\t\t\t\t\t\t<\/div>\n\t\t\t\t<\/div>\n\t\t\t\t\t<\/div>\n\t\t\t\t<\/div>\n\t\t<div class=\"elementor-element elementor-element-herorght0 e-con-full e-flex e-con e-child\" data-id=\"herorght0\" data-element_type=\"container\" data-e-type=\"container\">\n\t\t\t\t<div class=\"elementor-element elementor-element-heroimg00 iwg-hero-image elementor-widget elementor-widget-image\" data-id=\"heroimg00\" data-element_type=\"widget\" data-e-type=\"widget\" data-widget_type=\"image.default\">\n\t\t\t\t\t\t\t\t\t\t\t\t\t\t\t<img fetchpriority=\"high\" decoding=\"async\" width=\"683\" height=\"1024\" src=\"https:\/\/iwell-guard.com\/wp-content\/uploads\/2026\/04\/goetter_japan_susanoo-683x1024.webp\" class=\"attachment-large size-large wp-image-1605\" alt=\"Susanoo\" srcset=\"https:\/\/iwell-guard.com\/wp-content\/uploads\/2026\/04\/goetter_japan_susanoo-683x1024.webp 683w, https:\/\/iwell-guard.com\/wp-content\/uploads\/2026\/04\/goetter_japan_susanoo-200x300.webp 200w, https:\/\/iwell-guard.com\/wp-content\/uploads\/2026\/04\/goetter_japan_susanoo-768x1152.webp 768w, https:\/\/iwell-guard.com\/wp-content\/uploads\/2026\/04\/goetter_japan_susanoo.webp 1024w\" sizes=\"(max-width: 683px) 100vw, 683px\" \/>\t\t\t\t\t\t\t\t\t\t\t\t\t\t\t<\/div>\n\t\t\t\t<\/div>\n\t\t\t\t\t<\/div>\n\t\t\t\t<\/div>\n\t\t<div class=\"elementor-element elementor-element-32917199 e-flex e-con-boxed e-con e-parent\" data-id=\"32917199\" data-element_type=\"container\" data-e-type=\"container\">\n\t\t\t\t\t<div class=\"e-con-inner\">\n\t\t<div class=\"elementor-element elementor-element-26e916cb e-flex e-con-boxed e-con e-child\" data-id=\"26e916cb\" data-element_type=\"container\" data-e-type=\"container\">\n\t\t\t\t\t<div class=\"e-con-inner\">\n\t\t<div class=\"elementor-element elementor-element-253a40d4 e-flex e-con-boxed e-con e-child\" data-id=\"253a40d4\" data-element_type=\"container\" data-e-type=\"container\">\n\t\t\t\t\t<div class=\"e-con-inner\">\n\t\t\t\t<div class=\"elementor-element elementor-element-1200c304 elementor-widget elementor-widget-heading\" data-id=\"1200c304\" data-element_type=\"widget\" data-e-type=\"widget\" data-widget_type=\"heading.default\">\n\t\t\t\t\t<h2 class=\"elementor-heading-title elementor-size-default\">Susanoo<\/h2>\t\t\t\t<\/div>\n\t\t\t\t\t<\/div>\n\t\t\t\t<\/div>\n\t\t<div class=\"elementor-element elementor-element-159dcf9a e-flex e-con-boxed e-con e-child\" data-id=\"159dcf9a\" data-element_type=\"container\" data-e-type=\"container\">\n\t\t\t\t\t<div class=\"e-con-inner\">\n\t\t\t\t<div class=\"elementor-element elementor-element-48cee66f elementor-widget elementor-widget-heading\" data-id=\"48cee66f\" data-element_type=\"widget\" data-e-type=\"widget\" data-widget_type=\"heading.default\">\n\t\t\t\t\t<h2 class=\"elementor-heading-title elementor-size-default\">Resum r\u00e0pid: Susanoo<\/h2>\t\t\t\t<\/div>\n\t\t\t\t<div class=\"elementor-element elementor-element-3f50d82c elementor-widget elementor-widget-text-editor\" data-id=\"3f50d82c\" data-element_type=\"widget\" data-e-type=\"widget\" data-widget_type=\"text-editor.default\">\n\t\t\t\t\t\t\t\t\t<p><strong>Tipus:<\/strong> Divinitat principal japonesa (<span class=\"iwg-fachbegriff\" data-tooltip=\"La religi\u00f3 ind\u00edgena del Jap\u00f3, marcada per la veneraci\u00f3 dels kami.\" tabindex=\"0\">Xintoisme<\/span>), d\u00e9u de la tempesta i el mar<br><span class=\"iwg-fachbegriff\" data-tooltip=\"El conjunt de d\u00e9us d'una religi\u00f3 o cultura.\" tabindex=\"0\">Pante\u00f3<\/span>: <span class=\"iwg-fachbegriff\" data-tooltip=\"La religi\u00f3 ind\u00edgena del Jap\u00f3, marcada per la veneraci\u00f3 dels kami.\" tabindex=\"0\">Xintoisme<\/span><br>Funci\u00f3: tempesta i mar, destrucci\u00f3 del drac Yamata-no-Orochi, origen de l&#8217;espasa imperial Kusanagi<br>Atributs principals: espasa (Totsuka-no-Tsurugi i Kusanagi), cabells salvatges, aur\u00e8ola de tempesta<br>Principals llocs de culte: <span class=\"iwg-fachbegriff\" data-tooltip=\"Un petit lloc sagrat de cust\u00f2dia o devoci\u00f3.\" tabindex=\"0\">santuari<\/span> de Susa a Shimane (lloc de culte principal), <span class=\"iwg-fachbegriff\" data-tooltip=\"Un petit lloc sagrat de cust\u00f2dia o devoci\u00f3.\" tabindex=\"0\">santuari<\/span> de Yasaka a Kyoto (com a <span class=\"iwg-fachbegriff\" data-tooltip=\"Fusi\u00f3 d'idees o divinitats de diferents tradicions religioses.\" tabindex=\"0\">sincretisme<\/span> amb Gozu Tenno)<br>Germans: Amaterasu (Sol), Tsukuyomi (Lluna)<\/p>\t\t\t\t\t\t\t\t<\/div>\n\t\t\t\t\t<\/div>\n\t\t\t\t<\/div>\n\t\t\t\t\t<\/div>\n\t\t\t\t<\/div>\n\t\t\t\t\t<\/div>\n\t\t\t\t<\/div>\n\t\t<div class=\"elementor-element elementor-element-18613602 e-flex e-con-boxed e-con e-parent\" data-id=\"18613602\" data-element_type=\"container\" data-e-type=\"container\">\n\t\t\t\t\t<div class=\"e-con-inner\">\n\t\t\t\t<div class=\"elementor-element elementor-element-262b8a9f elementor-widget elementor-widget-heading\" data-id=\"262b8a9f\" data-element_type=\"widget\" data-e-type=\"widget\" data-widget_type=\"heading.default\">\n\t\t\t\t\t<h2 class=\"elementor-heading-title elementor-size-default\">Contextualitzaci\u00f3 hist\u00f2rica<\/h2>\t\t\t\t<\/div>\n\t\t<div class=\"elementor-element elementor-element-46dcb7d e-con-full e-flex e-con e-child\" data-id=\"46dcb7d\" data-element_type=\"container\" data-e-type=\"container\">\n\t\t<div class=\"elementor-element elementor-element-61d3ab3 e-flex e-con-boxed e-con e-child\" data-id=\"61d3ab3\" data-element_type=\"container\" data-e-type=\"container\">\n\t\t\t\t\t<div class=\"e-con-inner\">\n\t\t\t\t<div class=\"elementor-element elementor-element-117c166 elementor-widget elementor-widget-heading\" data-id=\"117c166\" data-element_type=\"widget\" data-e-type=\"widget\" data-widget_type=\"heading.default\">\n\t\t\t\t\t<h3 class=\"elementor-heading-title elementor-size-default\">Per\u00edode dels textos<\/h3>\t\t\t\t<\/div>\n\t\t\t\t<div class=\"elementor-element elementor-element-73997a0 elementor-widget elementor-widget-text-editor\" data-id=\"73997a0\" data-element_type=\"widget\" data-e-type=\"widget\" data-widget_type=\"text-editor.default\">\n\t\t\t\t\t\t\t\t\t<p>Susanoo (jap. <em>Susanoo-no-Mikoto<\/em>) est\u00e0 documentat liter\u00e0riament des del segle VIII dC al <em>Kojiki<\/em> i al <em>Nihon shoki<\/em>. Mite principal: despr\u00e9s de la disputa amb Amaterasu (embruta els seus camps d&#8217;arr\u00f2s, mata una de les seves teixidores, ella es retira a la cova d&#8217;Iwato), Susanoo \u00e9s exiliat al m\u00f3n terrenal.<\/p><p>A Izumo (actual prefectura de Shimane) mata el drac de vuit caps <em>Yamata-no-Orochi<\/em>; de la cua en talla l&#8217;espasa <em>Kusanagi-no-Tsurugi<\/em>, que esdev\u00e9 una de les tres ins\u00edgnies imperials del regne. \u00c8poca de m\u00e0xim esplendor de la <span class=\"iwg-fachbegriff\" data-tooltip=\"La doctrina erudita sobre d\u00e9u i la fe d'una religi\u00f3.\" tabindex=\"0\">teologia<\/span> de Susanoo: els per\u00edodes Heian i Kamakura. A l&#8217;edat mitjana es va produir un sincretisme amb el d\u00e9u budista-taoista <em>Gozu Tenno<\/em> (<span class=\"iwg-fachbegriff\" data-tooltip=\"Un petit lloc sagrat de cust\u00f2dia o devoci\u00f3.\" tabindex=\"0\">santuari<\/span> de Yasaka a Kyoto).<\/p>\t\t\t\t\t\t\t\t<\/div>\n\t\t\t\t\t<\/div>\n\t\t\t\t<\/div>\n\t\t<div class=\"elementor-element elementor-element-d47b156 e-flex e-con-boxed e-con e-child\" data-id=\"d47b156\" data-element_type=\"container\" data-e-type=\"container\">\n\t\t\t\t\t<div class=\"e-con-inner\">\n\t\t\t\t<div class=\"elementor-element elementor-element-ff38c2b elementor-widget elementor-widget-heading\" data-id=\"ff38c2b\" data-element_type=\"widget\" data-e-type=\"widget\" data-widget_type=\"heading.default\">\n\t\t\t\t\t<h3 class=\"elementor-heading-title elementor-size-default\">\u00c0rea de difusi\u00f3<\/h3>\t\t\t\t<\/div>\n\t\t\t\t<div class=\"elementor-element elementor-element-4e49fcc elementor-widget elementor-widget-text-editor\" data-id=\"4e49fcc\" data-element_type=\"widget\" data-e-type=\"widget\" data-widget_type=\"text-editor.default\">\n\t\t\t\t\t\t\t\t\t<p>Principals llocs de culte: <strong><span class=\"iwg-fachbegriff\" data-tooltip=\"Un petit lloc sagrat de cust\u00f2dia o devoci\u00f3.\" tabindex=\"0\">Santuari<\/span> de Susa<\/strong> a Shimane (lloc de culte principal, escenari m\u00edtic), <strong><span class=\"iwg-fachbegriff\" data-tooltip=\"Un petit lloc sagrat de cust\u00f2dia o devoci\u00f3.\" tabindex=\"0\">Santuari<\/span> de Yasaka<\/strong> a Kyoto (amb el fam\u00f3s Gion-Matsuri, un dels majors festivals del Jap\u00f3), <strong><span class=\"iwg-fachbegriff\" data-tooltip=\"Un petit lloc sagrat de cust\u00f2dia o devoci\u00f3.\" tabindex=\"0\">Santuari<\/span> de Hikawa<\/strong> a Saitama (santuari protector de la regi\u00f3 de T\u00f2quio), santuaris de Kumano. La veneraci\u00f3 de Susanoo al <span class=\"iwg-fachbegriff\" data-tooltip=\"Un petit lloc sagrat de cust\u00f2dia o devoci\u00f3.\" tabindex=\"0\">santuari<\/span> de Yasaka com a Gozu Tenno va ser a l&#8217;edat mitjana el <span class=\"iwg-fachbegriff\" data-tooltip=\"El conjunt d'actes de veneraci\u00f3 religiosa cap a una divinitat o figura sagrada.\" tabindex=\"0\">culte<\/span> m\u00e9s gran de Kyoto.<\/p>\t\t\t\t\t\t\t\t<\/div>\n\t\t\t\t\t<\/div>\n\t\t\t\t<\/div>\n\t\t\t\t<\/div>\n\t\t<div class=\"elementor-element elementor-element-db03c39 e-con-full e-flex e-con e-child\" data-id=\"db03c39\" data-element_type=\"container\" data-e-type=\"container\">\n\t\t<div class=\"elementor-element elementor-element-229a87b e-flex e-con-boxed e-con e-child\" data-id=\"229a87b\" data-element_type=\"container\" data-e-type=\"container\">\n\t\t\t\t\t<div class=\"e-con-inner\">\n\t\t\t\t<div class=\"elementor-element elementor-element-1f471fc elementor-widget elementor-widget-heading\" data-id=\"1f471fc\" data-element_type=\"widget\" data-e-type=\"widget\" data-widget_type=\"heading.default\">\n\t\t\t\t\t<h3 class=\"elementor-heading-title elementor-size-default\">Estat de les fonts<\/h3>\t\t\t\t<\/div>\n\t\t\t\t<div class=\"elementor-element elementor-element-36b1201 elementor-widget elementor-widget-text-editor\" data-id=\"36b1201\" data-element_type=\"widget\" data-e-type=\"widget\" data-widget_type=\"text-editor.default\">\n\t\t\t\t\t\t\t\t\t<p>Fonts principals: <em>Kojiki<\/em> (Llibre I, episodis detallats sobre Susanoo), <em>Nihon shoki<\/em> (Llibre I), <em>Izumo Fudoki<\/em> (segle VIII, tradici\u00f3 regional), <em>Engi-shiki<\/em>. Bibliografia secund\u00e0ria: Aston, <em><span class=\"iwg-fachbegriff\" data-tooltip=\"La religi\u00f3 ind\u00edgena del Jap\u00f3, marcada per la veneraci\u00f3 dels kami.\" tabindex=\"0\">Shinto<\/span>. The Way of the Gods<\/em>; Kanda, <em><span class=\"iwg-fachbegriff\" data-tooltip=\"La religi\u00f3 ind\u00edgena del Jap\u00f3, marcada per la veneraci\u00f3 dels kami.\" tabindex=\"0\">Shinto<\/span> in History<\/em>; Heldt (trad.), <em>The Kojiki<\/em>; Bocking, <em>A Popular Dictionary of <span class=\"iwg-fachbegriff\" data-tooltip=\"La religi\u00f3 ind\u00edgena del Jap\u00f3, marcada per la veneraci\u00f3 dels kami.\" tabindex=\"0\">Shinto<\/span><\/em>; McCullough, <em>Yoshitsune. A Fifteenth-Century Japanese Chronicle<\/em> (sobre la tradici\u00f3 de Gozu Tenno).<\/p>\t\t\t\t\t\t\t\t<\/div>\n\t\t\t\t\t<\/div>\n\t\t\t\t<\/div>\n\t\t\t\t<\/div>\n\t\t\t\t\t<\/div>\n\t\t\t\t<\/div>\n\t\t<div class=\"elementor-element elementor-element-3ae0637c e-flex e-con-boxed e-con e-parent\" data-id=\"3ae0637c\" data-element_type=\"container\" data-e-type=\"container\">\n\t\t\t\t\t<div class=\"e-con-inner\">\n\t\t\t\t<div class=\"elementor-element elementor-element-31d07739 elementor-widget elementor-widget-heading\" data-id=\"31d07739\" data-element_type=\"widget\" data-e-type=\"widget\" data-widget_type=\"heading.default\">\n\t\t\t\t\t<h2 class=\"elementor-heading-title elementor-size-default\">Denominaci\u00f3 i grafies<\/h2>\t\t\t\t<\/div>\n\t\t<div class=\"elementor-element elementor-element-b7642947 e-con-full e-flex e-con e-child\" data-id=\"b7642947\" data-element_type=\"container\" data-e-type=\"container\">\n\t\t\t\t<div class=\"elementor-element elementor-element-a086266 elementor-widget elementor-widget-text-editor\" data-id=\"a086266\" data-element_type=\"widget\" data-e-type=\"widget\" data-widget_type=\"text-editor.default\">\n\t\t\t\t\t\t\t\t\t<p>Susanoo es representa com un d\u00e9u poder\u00f3s, sovint d&#8217;aspecte barb\u00e0ric: cabells llargs, forma musculosa i salvatge, llampecs al voltant. Sol portar armadura de guerra o vestits primitius.<\/p><p>L&#8217;espasa Kusanagi (<em>espasa de l&#8217;herba<\/em>, capa\u00e7 de tallar el vent) \u00e9s el seu <span class=\"iwg-fachbegriff\" data-tooltip=\"Un signe que representa una idea o significat.\" tabindex=\"0\">s\u00edmbol<\/span> principal, no per la viol\u00e8ncia, sin\u00f3 com a arma <em>mononoke<\/em>, sobrenatural. Yamata-no-Orochi, el drac de vuit caps, es representa com una serp gigant amb el ventre vermell. La pluja, el tro i el remol\u00ed de vent s\u00f3n signes visuals de Susanoo.<\/p>\t\t\t\t\t\t\t\t<\/div>\n\t\t\t\t<\/div>\n\t\t\t\t\t<\/div>\n\t\t\t\t<\/div>\n\t\t<div class=\"elementor-element elementor-element-709a44a8 e-flex e-con-boxed e-con e-parent\" data-id=\"709a44a8\" data-element_type=\"container\" data-e-type=\"container\">\n\t\t\t\t\t<div class=\"e-con-inner\">\n\t\t\t\t<div class=\"elementor-element elementor-element-2f585873 elementor-widget elementor-widget-heading\" data-id=\"2f585873\" data-element_type=\"widget\" data-e-type=\"widget\" data-widget_type=\"heading.default\">\n\t\t\t\t\t<h2 class=\"elementor-heading-title elementor-size-default\">Caracter\u00edstiques<\/h2>\t\t\t\t<\/div>\n\t\t<div class=\"elementor-element elementor-element-70621c12 e-con-full e-flex e-con e-child\" data-id=\"70621c12\" data-element_type=\"container\" data-e-type=\"container\">\n\t\t\t\t<div class=\"elementor-element elementor-element-4296eb49 elementor-widget elementor-widget-text-editor\" data-id=\"4296eb49\" data-element_type=\"widget\" data-e-type=\"widget\" data-widget_type=\"text-editor.default\">\n\t\t\t\t\t\t\t\t\t<p>Susanoo \u00e9s el d\u00e9u de les tempestes, de la pluja i del caos desordenat, per\u00f2 tamb\u00e9 de la voluntat i de la superaci\u00f3. Al <span class=\"iwg-fachbegriff\" data-tooltip=\"Un petit lloc sagrat de cust\u00f2dia o devoci\u00f3.\" tabindex=\"0\">santuari<\/span> d&#8217;Izumo-Taisha se&#8217;l venera com a testimoni dels matrimonis (un aspecte m\u00e9s amable), com a protector contra els esperits malignes (<em>mononoke<\/em>) i com a <span class=\"iwg-fachbegriff\" data-tooltip=\"Un signe que representa una idea o un significat.\" tabindex=\"0\">s\u00edmbol<\/span> de la for\u00e7a salvatge que pot ser domada.<\/p><p>La seva hist\u00f2ria de lluita contra el drac \u00e9s psicol\u00f2gica: l&#8217;heroi no ven\u00e7 per brutalitat, sin\u00f3 per ast\u00facia (emborratxa el drac). Els descendents de Susanoo al <span class=\"iwg-fachbegriff\" data-tooltip=\"Un relat transm\u00e8s sobre d\u00e9us, or\u00edgens i l'ordre del m\u00f3n.\" tabindex=\"0\">mite<\/span> s\u00f3n d\u00e9us de la guerra i ministres de guerra, el que refor\u00e7a el seu paper com a for\u00e7a del caos sota control.<\/p><p><strong>Aparen\u00e7a i simbologia<\/strong><\/p><p><em>Susanoo<\/em> es representa com un home muscul\u00f3s, de vegades d&#8217;aspecte salvatge, sovint amb els cabells llargs. Porta l&#8217;espasa llegend\u00e0ria Kusanagi (\u00abespasa que talla l&#8217;herba\u00bb). El seu cos apareix envoltat de n\u00favols de tempesta o llamps. De vegades se&#8217;l mostra amb una expressi\u00f3 mal\u00e8vola o fero\u00e7, de vegades lluitant contra una serp gigantina (Yamata no Orochi).<\/p>\t\t\t\t\t\t\t\t<\/div>\n\t\t\t\t<\/div>\n\t\t\t\t\t<\/div>\n\t\t\t\t<\/div>\n\t\t<div class=\"elementor-element elementor-element-44e71476 e-flex e-con-boxed e-con e-parent\" data-id=\"44e71476\" data-element_type=\"container\" data-e-type=\"container\">\n\t\t\t\t\t<div class=\"e-con-inner\">\n\t\t\t\t<div class=\"elementor-element elementor-element-3c1fc3f0 elementor-widget elementor-widget-heading\" data-id=\"3c1fc3f0\" data-element_type=\"widget\" data-e-type=\"widget\" data-widget_type=\"heading.default\">\n\t\t\t\t\t<h2 class=\"elementor-heading-title elementor-size-default\">Fitxa: Susanoo<\/h2>\t\t\t\t<\/div>\n\t\t<div class=\"elementor-element elementor-element-84f33b8e e-con-full e-flex e-con e-child\" data-id=\"84f33b8e\" data-element_type=\"container\" data-e-type=\"container\">\n\t\t\t\t<div class=\"elementor-element elementor-element-hqkdc67p elementor-widget elementor-widget-text-editor\" data-id=\"hqkdc67p\" data-element_type=\"widget\" data-e-type=\"widget\" data-widget_type=\"text-editor.default\">\n\t\t\t\t\t\t\t\t\t<p>Els aspectes m\u00e9s importants de Susano-o d&#8217;un cop d&#8217;ull. Els seg\u00fcents camps resumeixen el seu origen, funci\u00f3, aparen\u00e7a, veneraci\u00f3, s\u00edmbols i paral\u00b7lelismes culturals.<\/p>\t\t\t\t\t\t\t\t<\/div>\n\t\t\t\t<\/div>\n\t\t<div class=\"elementor-element elementor-element-pemmx7c5 e-con-full e-flex e-con e-child\" data-id=\"pemmx7c5\" data-element_type=\"container\" data-e-type=\"container\">\n\t\t<div class=\"elementor-element elementor-element-pemmx7c1 e-con-full e-flex e-con e-child\" data-id=\"pemmx7c1\" data-element_type=\"container\" data-e-type=\"container\">\n\t\t<div class=\"elementor-element elementor-element-qh9oavvu iwg-steckbrief-card e-flex e-con-boxed e-con e-child\" data-id=\"qh9oavvu\" data-element_type=\"container\" data-e-type=\"container\">\n\t\t\t\t\t<div class=\"e-con-inner\">\n\t\t\t\t<div class=\"elementor-element elementor-element-awzx8k2k elementor-widget elementor-widget-heading\" data-id=\"awzx8k2k\" data-element_type=\"widget\" data-e-type=\"widget\" data-widget_type=\"heading.default\">\n\t\t\t\t\t<div class=\"elementor-heading-title elementor-size-default\">Origen de Susanoo<\/div>\t\t\t\t<\/div>\n\t\t\t\t<div class=\"elementor-element elementor-element-x6rowhv0 elementor-widget elementor-widget-text-editor\" data-id=\"x6rowhv0\" data-element_type=\"widget\" data-e-type=\"widget\" data-widget_type=\"text-editor.default\">\n\t\t\t\t\t\t\t\t\t<p>Susano-o sorgeix del nas d&#8217;Izanagi quan aquest es purifica despr\u00e9s de tornar de Yomi, mentre que Amaterasu sorgeix del seu ull esquerre i Tsukuyomi del dret.<\/p><p>El seu car\u00e0cter \u00e9s t\u00edpicament salvatge i ambivalent: d&#8217;una banda \u00e9s una tempesta destructiva (conflicte amb Amaterasu), de l&#8217;altra \u00e9s el matador heroic del drac (<span class=\"iwg-fachbegriff\" data-tooltip=\"Un relat transm\u00e8s sobre d\u00e9us, or\u00edgens i l'ordre del m\u00f3n.\" tabindex=\"0\">mite<\/span> de Yamata-no-Orochi). Esp\u00f2s de <em>Kushinada-hime<\/em> (a qui salva del drac). Pare d&#8217;<em>Okuninushi<\/em>, fundador d&#8217;Izumo i un dels m\u00e9s grans herois de la <span class=\"iwg-fachbegriff\" data-tooltip=\"El conjunt dels relats sobre d\u00e9us transmesos per una cultura.\" tabindex=\"0\">mitologia<\/span> japonesa.<\/p>\t\t\t\t\t\t\t\t<\/div>\n\t\t\t\t\t<\/div>\n\t\t\t\t<\/div>\n\t\t<div class=\"elementor-element elementor-element-8e3o4kxs iwg-steckbrief-card e-flex e-con-boxed e-con e-child\" data-id=\"8e3o4kxs\" data-element_type=\"container\" data-e-type=\"container\">\n\t\t\t\t\t<div class=\"e-con-inner\">\n\t\t\t\t<div class=\"elementor-element elementor-element-08rkdgov elementor-widget elementor-widget-heading\" data-id=\"08rkdgov\" data-element_type=\"widget\" data-e-type=\"widget\" data-widget_type=\"heading.default\">\n\t\t\t\t\t<div class=\"elementor-heading-title elementor-size-default\">Objecte d'acci\u00f3<\/div>\t\t\t\t<\/div>\n\t\t\t\t<div class=\"elementor-element elementor-element-uwjelx8s elementor-widget elementor-widget-text-editor\" data-id=\"uwjelx8s\" data-element_type=\"widget\" data-e-type=\"widget\" data-widget_type=\"text-editor.default\">\n\t\t\t\t\t\t\t\t\t<p>D\u00e9u de la tempesta i del mar. Protecci\u00f3 davant cat\u00e0strofes naturals (tempesta, tsunami) mitjan\u00e7ant la <span class=\"iwg-fachbegriff\" data-tooltip=\"L'acte de suplicar o invocar una divinitat o poder.\" tabindex=\"0\">invocaci\u00f3<\/span>. En el <span class=\"iwg-fachbegriff\" data-tooltip=\"Fusi\u00f3 de conceptes o divinitats procedents de diferents tradicions religioses.\" tabindex=\"0\">sincretisme<\/span> de Gozu-Tenno, tamb\u00e9 \u00e9s patr\u00f3 contra la pesta i les malalties (el <span class=\"iwg-fachbegriff\" data-tooltip=\"Un petit lloc sagrat de cust\u00f2dia o de devoci\u00f3.\" tabindex=\"0\">santuari<\/span> de Yasaka i el Gion-Matsuri s\u00f3n origin\u00e0riament rituals de protecci\u00f3 contra la pesta). Patr\u00f3 d&#8217;herois i guerrers gr\u00e0cies al seu <span class=\"iwg-fachbegriff\" data-tooltip=\"Una narraci\u00f3 transmesa sobre d\u00e9us, or\u00edgens i l'ordre del m\u00f3n.\" tabindex=\"0\">mite<\/span> heroic com a matador del drac. En el <span class=\"iwg-fachbegriff\" data-tooltip=\"El conjunt d'actes de veneraci\u00f3 religiosa dedicats a una divinitat o figura sagrada.\" tabindex=\"0\">culte<\/span> personal, <span class=\"iwg-fachbegriff\" data-tooltip=\"L'acte de suplicar o invocar una divinitat o poder.\" tabindex=\"0\">invocaci\u00f3<\/span> en situacions d&#8217;emerg\u00e8ncia aguda.<\/p>\t\t\t\t\t\t\t\t<\/div>\n\t\t\t\t\t<\/div>\n\t\t\t\t<\/div>\n\t\t<div class=\"elementor-element elementor-element-jm2n74ec iwg-steckbrief-card e-flex e-con-boxed e-con e-child\" data-id=\"jm2n74ec\" data-element_type=\"container\" data-e-type=\"container\">\n\t\t\t\t\t<div class=\"e-con-inner\">\n\t\t\t\t<div class=\"elementor-element elementor-element-8vufse4c elementor-widget elementor-widget-heading\" data-id=\"8vufse4c\" data-element_type=\"widget\" data-e-type=\"widget\" data-widget_type=\"heading.default\">\n\t\t\t\t\t<div class=\"elementor-heading-title elementor-size-default\">Forma<\/div>\t\t\t\t<\/div>\n\t\t\t\t<div class=\"elementor-element elementor-element-mwb9u015 elementor-widget elementor-widget-text-editor\" data-id=\"mwb9u015\" data-element_type=\"widget\" data-e-type=\"widget\" data-widget_type=\"text-editor.default\">\n\t\t\t\t\t\t\t\t\t<p>Cos mascul\u00ed salvatge, amb cabells llargs i desordenats, complexi\u00f3 robusta, amb vestimenta senzilla o armadura de guerrer. Espasa a la m\u00e0 (Totsuka-no-Tsurugi o Kusanagi). Sovint representat en posici\u00f3 de combat contra el drac de vuit caps Yamata-no-Orochi. En la seva forma de Gozu-Tenno: figura amb cap de bou i rostre flamejant (d&#8217;influ\u00e8ncia xinesa i budista). En el teatre popular (Kabuki, Noh) sovint apareix com una figura heroica i solemne amb gestos dram\u00e0tics.<\/p>\t\t\t\t\t\t\t\t<\/div>\n\t\t\t\t\t<\/div>\n\t\t\t\t<\/div>\n\t\t\t\t<\/div>\n\t\t<div class=\"elementor-element elementor-element-pemmx7c2 e-con-full e-flex e-con e-child\" data-id=\"pemmx7c2\" data-element_type=\"container\" data-e-type=\"container\">\n\t\t<div class=\"elementor-element elementor-element-37ss2yr6 iwg-steckbrief-card e-flex e-con-boxed e-con e-child\" data-id=\"37ss2yr6\" data-element_type=\"container\" data-e-type=\"container\">\n\t\t\t\t\t<div class=\"e-con-inner\">\n\t\t\t\t<div class=\"elementor-element elementor-element-3v0wp3wx elementor-widget elementor-widget-heading\" data-id=\"3v0wp3wx\" data-element_type=\"widget\" data-e-type=\"widget\" data-widget_type=\"heading.default\">\n\t\t\t\t\t<div class=\"elementor-heading-title elementor-size-default\">\u00c0mbit d'acci\u00f3<\/div>\t\t\t\t<\/div>\n\t\t\t\t<div class=\"elementor-element elementor-element-w3247g2m elementor-widget elementor-widget-text-editor\" data-id=\"w3247g2m\" data-element_type=\"widget\" data-e-type=\"widget\" data-widget_type=\"text-editor.default\">\n\t\t\t\t\t\t\t\t\t<p><strong>\u00c0mbit d&#8217;acci\u00f3:<\/strong> Susano-o \u00e9s invocat regularment als seus principals centres de culte, abans de viatges, en cas de tempesta o contra la malaltia. El <em>Gion-Matsuri<\/em> de Kyoto (juliol, 30 dies seguits) \u00e9s un dels festivals japonesos m\u00e9s grans i esplendorosos, fundat origin\u00e0riament com a <span class=\"iwg-fachbegriff\" data-tooltip=\"Una seq\u00fc\u00e8ncia establerta d'accions simb\u00f2liques amb significat religi\u00f3s o cultural.\" tabindex=\"0\">ritual<\/span> d&#8217;allunyament de la pesta (l&#8217;any 869 dC, despr\u00e9s d&#8217;una epid\u00e8mia). Al complex del <span class=\"iwg-fachbegriff\" data-tooltip=\"Un petit lloc sagrat de cust\u00f2dia o devoci\u00f3.\" tabindex=\"0\">santuari<\/span> Hikawa ofereix protecci\u00f3 a la regi\u00f3 de T\u00f2quio. En el Jap\u00f3 rural tamb\u00e9 \u00e9s venerat com a d\u00e9u protector de l&#8217;agricultura.<\/p>\t\t\t\t\t\t\t\t<\/div>\n\t\t\t\t\t<\/div>\n\t\t\t\t<\/div>\n\t\t<div class=\"elementor-element elementor-element-0qpjal9w iwg-steckbrief-card e-flex e-con-boxed e-con e-child\" data-id=\"0qpjal9w\" data-element_type=\"container\" data-e-type=\"container\">\n\t\t\t\t\t<div class=\"e-con-inner\">\n\t\t\t\t<div class=\"elementor-element elementor-element-6ndoih0o elementor-widget elementor-widget-heading\" data-id=\"6ndoih0o\" data-element_type=\"widget\" data-e-type=\"widget\" data-widget_type=\"heading.default\">\n\t\t\t\t\t<div class=\"elementor-heading-title elementor-size-default\">Protecci\u00f3<\/div>\t\t\t\t<\/div>\n\t\t\t\t<div class=\"elementor-element elementor-element-6684tyh9 elementor-widget elementor-widget-text-editor\" data-id=\"6684tyh9\" data-element_type=\"widget\" data-e-type=\"widget\" data-widget_type=\"text-editor.default\">\n\t\t\t\t\t\t\t\t\t<p>Espasa (Totsuka-no-Tsurugi i Kusanagi-no-Tsurugi), el drac Yamata-no-Orochi (antagonista), cabells salvatges, vestimenta de guerrer. Plantes sagrades: cap en concret. Animals sagrats: el bou en la seva forma de Gozu-Tenno. Muntanyes sagrades: el mont Susa a Shimane.<\/p>\t\t\t\t\t\t\t\t<\/div>\n\t\t\t\t\t<\/div>\n\t\t\t\t<\/div>\n\t\t<div class=\"elementor-element elementor-element-3lfi7x32 iwg-steckbrief-card e-flex e-con-boxed e-con e-child\" data-id=\"3lfi7x32\" data-element_type=\"container\" data-e-type=\"container\">\n\t\t\t\t\t<div class=\"e-con-inner\">\n\t\t\t\t<div class=\"elementor-element elementor-element-0kg99ga1 elementor-widget elementor-widget-heading\" data-id=\"0kg99ga1\" data-element_type=\"widget\" data-e-type=\"widget\" data-widget_type=\"heading.default\">\n\t\t\t\t\t<div class=\"elementor-heading-title elementor-size-default\">Elements comparables<\/div>\t\t\t\t<\/div>\n\t\t\t\t<div class=\"elementor-element elementor-element-n0fum6kp elementor-widget elementor-widget-text-editor\" data-id=\"n0fum6kp\" data-element_type=\"widget\" data-e-type=\"widget\" data-widget_type=\"text-editor.default\">\n\t\t\t\t\t\t\t\t\t<p><em>Gozu Tenno<\/em> (budista-taoista, <span class=\"iwg-fachbegriff\" tabindex=\"0\" data-tooltip=\"Fusi\u00f3 d'elements de diverses religions o cultes en noves formes mixtes, com en el vod\u00fa haiti\u00e0 (Lwa i sants cat\u00f2lics).\">sincretisme<\/span> medieval), <em>Thor<\/em> (germ\u00e0nic, d\u00e9u de la tempesta i matador de dracs), <em>Indra<\/em> (hinduisme, matador de Vritra), <em>Marduk<\/em> (Mesopot\u00e0mia, matador de Tiamat), <em>Apol\u00b7lo<\/em> (Gr\u00e8cia, matador de Pit\u00f3), <em>Perseu<\/em> (Gr\u00e8cia, matador de Medusa i de dracs), <em>Beowulf<\/em> (germ\u00e0nic, matador de dracs), <em>Sant Jordi<\/em> (cristi\u00e0). Susano-o \u00e9s un dels herois matadors de dracs m\u00e9s famosos de l&#8217;\u00c0sia oriental.<\/p>\t\t\t\t\t\t\t\t<\/div>\n\t\t\t\t\t<\/div>\n\t\t\t\t<\/div>\n\t\t\t\t<\/div>\n\t\t\t\t<\/div>\n\t\t\t\t\t<\/div>\n\t\t\t\t<\/div>\n\t\t<div class=\"elementor-element elementor-element-7533bc7a e-flex e-con-boxed e-con e-parent\" data-id=\"7533bc7a\" data-element_type=\"container\" data-e-type=\"container\">\n\t\t\t\t\t<div class=\"e-con-inner\">\n\t\t\t\t<div class=\"elementor-element elementor-element-2447d18d elementor-widget elementor-widget-heading\" data-id=\"2447d18d\" data-element_type=\"widget\" data-e-type=\"widget\" data-widget_type=\"heading.default\">\n\t\t\t\t\t<h2 class=\"elementor-heading-title elementor-size-default\">Pr\u00e0ctica de protecci\u00f3<\/h2>\t\t\t\t<\/div>\n\t\t<div class=\"elementor-element elementor-element-d5d0260c e-con-full e-flex e-con e-child\" data-id=\"d5d0260c\" data-element_type=\"container\" data-e-type=\"container\">\n\t\t\t\t<div class=\"elementor-element elementor-element-341be2ac elementor-widget elementor-widget-text-editor\" data-id=\"341be2ac\" data-element_type=\"widget\" data-e-type=\"widget\" data-widget_type=\"text-editor.default\">\n\t\t\t\t\t\t\t\t\t<p><strong>Rituals de veneraci\u00f3<\/strong><\/p><p>Susanoo (jap. \u9808\u4f50\u4e4b\u7537, \u00abl&#8217;home salvatge de Susa\u00bb) \u00e9s el d\u00e9u de la tempesta i del mar, germ\u00e0 d&#8217;Amaterasu i de Tsukuyomi (Kojiki I). El seu principal centre de culte \u00e9s el <span class=\"iwg-fachbegriff\" data-tooltip=\"Un petit lloc sagrat de cust\u00f2dia o de devoci\u00f3.\" tabindex=\"0\">santuari<\/span> de Yasaka (Gion) a Kyoto i el <span class=\"iwg-fachbegriff\" data-tooltip=\"Un petit lloc sagrat de cust\u00f2dia o de devoci\u00f3.\" tabindex=\"0\">santuari<\/span> de Hikawa a Saitama.<\/p><p>La festa m\u00e9s coneguda dedicada a Susanoo \u00e9s el <em>Gion-Matsuri<\/em> a Kyoto (juliol, institu\u00efda des de l&#8217;any 869 dC origin\u00e0riament contra l&#8217;expansi\u00f3 de la pesta). Altres santuaris importants: el <span class=\"iwg-fachbegriff\" data-tooltip=\"Un petit lloc sagrat de cust\u00f2dia o de devoci\u00f3.\" tabindex=\"0\">santuari<\/span> de Susa a Shimane, el <span class=\"iwg-fachbegriff\" data-tooltip=\"Un petit lloc sagrat de cust\u00f2dia o de devoci\u00f3.\" tabindex=\"0\">santuari<\/span> de Tsushima a Aichi (cf. Picken).<\/p><p><strong>Invocacions<\/strong><\/p><p>El <span class=\"iwg-fachbegriff\" data-tooltip=\"L'adre\u00e7ament ling\u00fc\u00edstic de l'\u00e9sser hum\u00e0 a una divinitat.\" tabindex=\"0\">preg\u00e0ria<\/span> norito dedicada a Susanoo emfasitza el seu car\u00e0cter ambivalent: protecci\u00f3 davant els dimonis d&#8217;una banda, dist\u00e0ncia reverencial davant la tempesta de l&#8217;altra. El ritual m\u00edtic de Yamata-no-Orochi (la vict\u00f2ria sobre la serp de vuit caps, Kojiki I, cap. 22-23) es representa en les danses kagura. Susanoo tamb\u00e9 es considera l&#8217;inventor de la poesia waka, i el seu poema \u00abYakumo-tatsu Izumo\u00bb s&#8217;associa al santuari.<\/p><p><strong>Amulets i s\u00edmbols de protecci\u00f3<\/strong><\/p><p>Els omamori de Susanoo procedents dels santuaris de Yasaka i Hikawa serveixen com a protecci\u00f3 contra la malaltia, el foc i la tempesta. L&#8217;espasa Kusanagi (Kusanagi-no-Tsurugi), un dels tres regalia imperials del Jap\u00f3, es considera el seu present a Amaterasu. Els collarets de palla (shimenawa) a les portes dels santuaris marquen el recinte sagrat.<\/p>\t\t\t\t\t\t\t\t<\/div>\n\t\t\t\t<\/div>\n\t\t\t\t\t<\/div>\n\t\t\t\t<\/div>\n\t\t<div class=\"elementor-element elementor-element-5a584676 e-flex e-con-boxed e-con e-parent\" data-id=\"5a584676\" data-element_type=\"container\" data-e-type=\"container\">\n\t\t\t\t\t<div class=\"e-con-inner\">\n\t\t\t\t<div class=\"elementor-element elementor-element-6d0757bf elementor-widget elementor-widget-heading\" data-id=\"6d0757bf\" data-element_type=\"widget\" data-e-type=\"widget\" data-widget_type=\"heading.default\">\n\t\t\t\t\t<h2 class=\"elementor-heading-title elementor-size-default\">Susanoo, paral\u00b7lelismes en altres cultures<\/h2>\t\t\t\t<\/div>\n\t\t<div class=\"elementor-element elementor-element-60563f68 e-con-full e-flex e-con e-child\" data-id=\"60563f68\" data-element_type=\"container\" data-e-type=\"container\">\n\t\t\t\t<div class=\"elementor-element elementor-element-5a93fdd6 elementor-widget elementor-widget-text-editor\" data-id=\"5a93fdd6\" data-element_type=\"widget\" data-e-type=\"widget\" data-widget_type=\"text-editor.default\">\n\t\t\t\t\t\t\t\t\t<p>Susanoo s&#8217;assembla al n\u00f2rdic Loki (ca\u00f2tic, trencador de normes) o al grec Ares (tempesta i combat). A difer\u00e8ncia d&#8217;aquests, Susanoo no es presenta com a mal\u00e8vol, sin\u00f3 com a salvatge, tot i que experimenta una purificaci\u00f3.<\/p><p>Comparteix trets amb l&#8217;indi Indra (pluja, lluita contra dracs) i amb el xin\u00e8s Guan Yu (valor). La seva mort del drac s&#8217;assembla al germ\u00e0nic Sigurd contra Fafnir o a la hist\u00f2ria de Beowulf. \u00danic \u00e9s el seu paper com a germ\u00e0 de la deessa suprema i la seva contenci\u00f3 mitjan\u00e7ant la feminitat i l&#8217;amor.<\/p>\t\t\t\t\t\t\t\t<\/div>\n\t\t\t\t<\/div>\n\t\t\t\t\t<\/div>\n\t\t\t\t<\/div>\n\t\t<div class=\"elementor-element elementor-element-cp7e011db e-flex e-con-boxed e-con e-parent\" data-id=\"cp7e011db\" data-element_type=\"container\" data-e-type=\"container\">\n\t\t\t\t\t<div class=\"e-con-inner\">\n\t\t\t\t<div class=\"elementor-element elementor-element-cpe74423d elementor-widget elementor-widget-heading\" data-id=\"cpe74423d\" data-element_type=\"widget\" data-e-type=\"widget\" data-widget_type=\"heading.default\">\n\t\t\t\t\t<h2 class=\"elementor-heading-title elementor-size-default\">El drac de Koshi: el mite central de Susanoo<\/h2>\t\t\t\t<\/div>\n\t\t<div class=\"elementor-element elementor-element-cp6b57f78 e-con-full e-flex e-con e-child\" data-id=\"cp6b57f78\" data-element_type=\"container\" data-e-type=\"container\">\n\t\t\t\t<div class=\"elementor-element elementor-element-cp0c3ec8c elementor-widget elementor-widget-text-editor\" data-id=\"cp0c3ec8c\" data-element_type=\"widget\" data-e-type=\"widget\" data-widget_type=\"text-editor.default\">\n\t\t\t\t\t\t\t\t\t<p>La narraci\u00f3 m\u00e9s c\u00e8lebre sobre Susanoo \u00e9s el seu combat contra Yamata no Orochi, el drac de vuit caps i vuit cues. Apareix al <em>Kojiki<\/em> (712) i al <em>Nihon Shoki<\/em> (720), les dues cr\u00f2niques m\u00e9s antigues conservades del Jap\u00f3.<\/p><p>Despr\u00e9s del seu desterrament del pla celestial, Susanoo baixa al curs alt del riu Hi, a la prov\u00edncia d&#8217;Izumo. All\u00ed troba una parella d&#8217;ancians que ploren perqu\u00e8 el monstre ja ha devorat set de les seves filles i ara vol endur-se la vuitena, Kushinada-hime.<\/p><p>Susanoo promet ajuda i demana la m\u00e0 de la noia. La transforma en una pinta que es posa als cabells, i fa preparar vuit recipients amb vi d&#8217;arr\u00f2s fort. El drac submergeix els seus vuit caps als recipients, s&#8217;embriaga i s&#8217;adorm.<\/p><p>Susanoo el fa a trossos amb la seva espasa. A la cua del monstre hi troba una espasa, que ofereix a la deessa del sol Amaterasu. Aquesta espasa, anomenada m\u00e9s tard <em>Kusanagi no tsurugi<\/em>, es converteix en una de les tres ins\u00edgnies imperials de la casa imperial japonesa.<\/p><p>L&#8217;episodi cont\u00e9 diverses capes de significat. Llegit des de la ci\u00e8ncia de les religions, marca la transformaci\u00f3 de Susanoo, del pertorbador ca\u00f2tic a l&#8217;heroi cultural i restaurador de l&#8217;ordre. El lliurament de l&#8217;espasa uneix la tradici\u00f3 d&#8217;Izumo amb el llinatge celestial d&#8217;Amaterasu i, per tant, amb la legitimaci\u00f3 imperial.<\/p><p><span data-nosnippet>Diversos investigadors, entre ells Donald Philippi, en la seva traducci\u00f3 comentada del <em>Kojiki<\/em> (1968), han assenyalat la possible connexi\u00f3 del drac amb les inundacions del riu Hi i amb la regi\u00f3 d&#8217;Izumo, dedicada a la metal\u00b7l\u00fargia del ferro, on l&#8217;espasa obtinguda del cos del drac podria recordar concretament la producci\u00f3 local de metall.<\/span><\/p>\t\t\t\t\t\t\t\t<\/div>\n\t\t\t\t<\/div>\n\t\t\t\t\t<\/div>\n\t\t\t\t<\/div>\n\t\t<div class=\"elementor-element elementor-element-cp01e0a9c e-flex e-con-boxed e-con e-parent\" data-id=\"cp01e0a9c\" data-element_type=\"container\" data-e-type=\"container\">\n\t\t\t\t\t<div class=\"e-con-inner\">\n\t\t\t\t<div class=\"elementor-element elementor-element-cpd74aa16 elementor-widget elementor-widget-heading\" data-id=\"cpd74aa16\" data-element_type=\"widget\" data-e-type=\"widget\" data-widget_type=\"heading.default\">\n\t\t\t\t\t<h2 class=\"elementor-heading-title elementor-size-default\">Desterrament i faltes: Susanoo contra Amaterasu<\/h2>\t\t\t\t<\/div>\n\t\t<div class=\"elementor-element elementor-element-cpa661f45 e-con-full e-flex e-con e-child\" data-id=\"cpa661f45\" data-element_type=\"container\" data-e-type=\"container\">\n\t\t\t\t<div class=\"elementor-element elementor-element-cp1621fc4 elementor-widget elementor-widget-text-editor\" data-id=\"cp1621fc4\" data-element_type=\"widget\" data-e-type=\"widget\" data-widget_type=\"text-editor.default\">\n\t\t\t\t\t\t\t\t\t<p>Abans de convertir-se en el matador del drac, Susanoo \u00e9s, sobretot en les cr\u00f2niques, l&#8217;agitador. Nascut del d\u00e9u creador Izanagi, rep el domini del mar, o, segons altres interpretacions, sobre la plana del mar, per\u00f2 es nega a assumir el seu c\u00e0rrec i plora amb tanta intensitat que les muntanyes s&#8217;assequen i els rius s&#8217;esgoten. Izanagi el desterra llavors.<\/p><p>Abans del seu descens definitiu, Susanoo visita la seva germana Amaterasu al pla celestial. Tots dos fan un jurament i, a partir dels objectes de l&#8217;altre, engendren fills, un procediment que, segons la interpretaci\u00f3, es considera com una competici\u00f3 o com una prova de puresa.<\/p><p>Susanoo interpreta el resultat com la seva vict\u00f2ria i perd els estreps. Trenca les vores dels camps d&#8217;arr\u00f2s, tapa els canals de reg, embruta la sala de la festa de la collita i finalment llan\u00e7a un cavall escorxat a la sala de teixir de la deessa del sol, moment en qu\u00e8 una teixidora en resulta morta.<\/p><p>Horroritzada per aquests actes, Amaterasu es retira a una cova de roca, i el m\u00f3n cau en la foscor. Nom\u00e9s un enginy dels d\u00e9us reunits, una dansa desenfrenada i la presentaci\u00f3 d&#8217;un mirall, la fa sortir de nou. Com a c\u00e0stig, a Susanoo li tallen la barba, les ungles de les mans i dels peus, i finalment \u00e9s expulsat definitivament.<\/p><p>L&#8217;enumeraci\u00f3 de les seves faltes \u00e9s reveladora des de la perspectiva de la ci\u00e8ncia de les religions: coincideix en gran part amb els anomenats pecats celestials del pensament de puresa xintoista, \u00e9s a dir, amb greus infraccions contra l&#8217;ordre ritual i agr\u00edcola. Susanoo encarna aqu\u00ed la impuresa personificada, la supressi\u00f3 de la qual \u00e9s el que restableix l&#8217;ordre c\u00f2smic.<\/p>\t\t\t\t\t\t\t\t<\/div>\n\t\t\t\t<\/div>\n\t\t\t\t\t<\/div>\n\t\t\t\t<\/div>\n\t\t<div class=\"elementor-element elementor-element-cpd8fdc01 e-flex e-con-boxed e-con e-parent\" data-id=\"cpd8fdc01\" data-element_type=\"container\" data-e-type=\"container\">\n\t\t\t\t\t<div class=\"e-con-inner\">\n\t\t\t\t<div class=\"elementor-element elementor-element-cpa43eb9a elementor-widget elementor-widget-heading\" data-id=\"cpa43eb9a\" data-element_type=\"widget\" data-e-type=\"widget\" data-widget_type=\"heading.default\">\n\t\t\t\t\t<h2 class=\"elementor-heading-title elementor-size-default\">Susanoo a Izumo: patriarca, santuaris i tradici\u00f3 local<\/h2>\t\t\t\t<\/div>\n\t\t<div class=\"elementor-element elementor-element-cpe047106 e-con-full e-flex e-con e-child\" data-id=\"cpe047106\" data-element_type=\"container\" data-e-type=\"container\">\n\t\t\t\t<div class=\"elementor-element elementor-element-cpf293d58 elementor-widget elementor-widget-text-editor\" data-id=\"cpf293d58\" data-element_type=\"widget\" data-e-type=\"widget\" data-widget_type=\"text-editor.default\">\n\t\t\t\t\t\t\t\t\t<p>Mentre que la <span class=\"iwg-fachbegriff\" data-tooltip=\"El conjunt de narracions transmeses sobre d\u00e9us d'una cultura.\" tabindex=\"0\">mitologia<\/span> imperial se centra en Amaterasu i la seva descend\u00e8ncia, Susanoo pertany sobretot a Izumo, una regi\u00f3 a la costa del mar del Jap\u00f3. All\u00e0 se&#8217;l considera el patriarca d&#8217;un llinatge div\u00ed propi.<\/p><p>El seu descendent, segons la genealogia fill o parent m\u00e9s lluny\u00e0, \u00e9s Okuninushi, el gran senyor de la terra d&#8217;Izumo, que colonitza el territori i que m\u00e9s tard, en la narraci\u00f3 de la cessi\u00f3 de la terra, la lliura als d\u00e9us celestials.<\/p><p>El vincle estret amb Izumo es fa evident en el paisatge cultual. Susanoo \u00e9s venerat en nombrosos santuaris, entre els quals el Yaegaki-jinja, el nom del qual es relaciona amb la can\u00e7\u00f3 de la tanca de vuit capes que, segons la <span class=\"iwg-fachbegriff\" data-tooltip=\"La transmissi\u00f3 de coneixements i narracions al llarg de generacions.\" tabindex=\"0\">tradici\u00f3<\/span>, Susanoo hauria compost en construir la casa per a Kushinada-hime.<\/p><p>Aquesta can\u00e7\u00f3 es considera tradicionalment el poema japon\u00e8s m\u00e9s antic en la forma cl\u00e0ssica de 31 s\u00edl\u00b7labes, i vincula addicionalment Susanoo amb l&#8217;origen de la poesia.<\/p><p>En la recerca historicoreligiosa, Izumo sovint es llegeix com a contrap\u00e8s de la tradici\u00f3 de Yamato. El complex m\u00edtic al voltant de Susanoo i Okuninushi podria conservar el record d&#8217;un \u00e0mbit de poder pol\u00edtic o cultual aut\u00f2nom que va ser integrat posteriorment pel poder central.<\/p><p>Si darrere hi ha una confederaci\u00f3 hist\u00f2rica concreta o b\u00e9 una construcci\u00f3 purament liter\u00e0ria dels cronistes segueix sent objecte de debat. El que \u00e9s cert \u00e9s que els santuaris d&#8217;Izumo, encap\u00e7alats pel gran <span class=\"iwg-fachbegriff\" data-tooltip=\"Un petit lloc sagrat de cust\u00f2dia o de devoci\u00f3.\" tabindex=\"0\">santuari<\/span> d&#8217;Izumo, conserven fins avui un perfil propi, i que Susanoo hi apareix no com una figura secund\u00e0ria, sin\u00f3 com un avantpassat venerat.<\/p>\t\t\t\t\t\t\t\t<\/div>\n\t\t\t\t<\/div>\n\t\t\t\t\t<\/div>\n\t\t\t\t<\/div>\n\t\t<div class=\"elementor-element elementor-element-cp7081db5 e-flex e-con-boxed e-con e-parent\" data-id=\"cp7081db5\" data-element_type=\"container\" data-e-type=\"container\">\n\t\t\t\t\t<div class=\"e-con-inner\">\n\t\t\t\t<div class=\"elementor-element elementor-element-cpd9cc30f elementor-widget elementor-widget-heading\" data-id=\"cpd9cc30f\" data-element_type=\"widget\" data-e-type=\"widget\" data-widget_type=\"heading.default\">\n\t\t\t\t\t<h2 class=\"elementor-heading-title elementor-size-default\">Gozu Tenn\u014d i la fusi\u00f3 amb el d\u00e9u de les epid\u00e8mies<\/h2>\t\t\t\t<\/div>\n\t\t<div class=\"elementor-element elementor-element-cp5edce9b e-con-full e-flex e-con e-child\" data-id=\"cp5edce9b\" data-element_type=\"container\" data-e-type=\"container\">\n\t\t\t\t<div class=\"elementor-element elementor-element-cp011eaf2 elementor-widget elementor-widget-text-editor\" data-id=\"cp011eaf2\" data-element_type=\"widget\" data-e-type=\"widget\" data-widget_type=\"text-editor.default\">\n\t\t\t\t\t\t\t\t\t<p>Una l\u00ednia pr\u00f2pia i sovint passada per alt de la hist\u00f2ria de la recepci\u00f3 de Susanoo passa pel <span class=\"iwg-fachbegriff\" data-tooltip=\"Fusi\u00f3 de conceptes o divinitats provinents de diferents tradicions religioses.\" tabindex=\"0\">sincretisme<\/span> medieval. En el marc de la uni\u00f3 entre el <span class=\"iwg-fachbegriff\" data-tooltip=\"La religi\u00f3 ind\u00edgena del Jap\u00f3, centrada en la veneraci\u00f3 dels kami.\" tabindex=\"0\">xintoisme<\/span> i el budisme, Susanoo va ser identificat amb Gozu Tenn\u014d, una <span class=\"iwg-fachbegriff\" data-tooltip=\"Un \u00e9sser venerat com a div\u00ed dins d'una religi\u00f3.\" tabindex=\"0\">divinitat<\/span> origin\u00e0ria de concepcions continentals, el nom de la qual significa Rei Celestial de Cap de Bou, i que era considerada senyor de les epid\u00e8mies.<\/p><p>Aquesta identificaci\u00f3 va tenir conseq\u00fc\u00e8ncies cultuals concretes. El <span class=\"iwg-fachbegriff\" data-tooltip=\"El conjunt d'actes de veneraci\u00f3 religiosa dedicats a una divinitat o figura sagrada.\" tabindex=\"0\">culte<\/span> de Gion, centrat en el <span class=\"iwg-fachbegriff\" data-tooltip=\"Un petit lloc sagrat de cust\u00f2dia o de devoci\u00f3.\" tabindex=\"0\">santuari<\/span> de Yasaka a Kyoto, venerava Gozu Tenn\u014d i, per extensi\u00f3, Susanoo, com a poder protector contra les epid\u00e8mies.<\/p><p>El fam\u00f3s festival de Gion a Kyoto, l&#8217;origen del qual, al segle IX, es remunta a una protecci\u00f3 contra les epid\u00e8mies, s&#8217;insereix en aquest context. Tamb\u00e9 el <span class=\"iwg-fachbegriff\" data-tooltip=\"El conjunt d'actes de veneraci\u00f3 religiosa dedicats a una divinitat o figura sagrada.\" tabindex=\"0\">culte<\/span> de Tsushima i nombrosos santuaris anomenats Tenn\u014d arreu del pa\u00eds seguien aquesta tradici\u00f3.<\/p><p>Amb la separaci\u00f3 estatal entre <span class=\"iwg-fachbegriff\" data-tooltip=\"La religi\u00f3 ind\u00edgena del Jap\u00f3, centrada en la veneraci\u00f3 dels kami.\" tabindex=\"0\">xintoisme<\/span> i budisme al segle XIX, Gozu Tenn\u014d va ser oficialment relegat com a figura de car\u00e0cter budista, i els santuaris corresponents van ser reconsagrats formalment a Susanoo. El nom actual, Yasaka-jinja, en lloc de <span class=\"iwg-fachbegriff\" data-tooltip=\"Un petit lloc sagrat de cust\u00f2dia o de devoci\u00f3.\" tabindex=\"0\">santuari<\/span> de Gion, \u00e9s un resultat directe d&#8217;aquesta pol\u00edtica.<\/p><p>Per a la investigaci\u00f3, aquest episodi \u00e9s un exemple paradigm\u00e0tic de com la pol\u00edtica religiosa estatal pot reescriure identitats cultuals hist\u00f2riques. Alhora, explica per qu\u00e8 Susanoo encara avui, en molts llocs, no \u00e9s invocat nom\u00e9s com a d\u00e9u de la tempesta i matador de dracs, sin\u00f3 tamb\u00e9 com a poder protector contra les malalties, una funci\u00f3 que no es podria deduir \u00fanicament de les cr\u00f2niques m\u00e9s antigues.<\/p>\t\t\t\t\t\t\t\t<\/div>\n\t\t\t\t<\/div>\n\t\t\t\t\t<\/div>\n\t\t\t\t<\/div>\n\t\t<div class=\"elementor-element elementor-element-cpbcec7d1 e-flex e-con-boxed e-con e-parent\" data-id=\"cpbcec7d1\" data-element_type=\"container\" data-e-type=\"container\">\n\t\t\t\t\t<div class=\"e-con-inner\">\n\t\t\t\t<div class=\"elementor-element elementor-element-cpe788fc6 elementor-widget elementor-widget-heading\" data-id=\"cpe788fc6\" data-element_type=\"widget\" data-e-type=\"widget\" data-widget_type=\"heading.default\">\n\t\t\t\t\t<h2 class=\"elementor-heading-title elementor-size-default\">Hist\u00f2ria interpretativa: d\u00e9u de la tempesta, embaucador o marginal<\/h2>\t\t\t\t<\/div>\n\t\t<div class=\"elementor-element elementor-element-cp7b96d2e e-con-full e-flex e-con e-child\" data-id=\"cp7b96d2e\" data-element_type=\"container\" data-e-type=\"container\">\n\t\t\t\t<div class=\"elementor-element elementor-element-cp32acee9 elementor-widget elementor-widget-text-editor\" data-id=\"cp32acee9\" data-element_type=\"widget\" data-e-type=\"widget\" data-widget_type=\"text-editor.default\">\n\t\t\t\t\t\t\t\t\t<p>Susanoo \u00e9s una de les figures m\u00e9s intensament interpretades de la <span class=\"iwg-fachbegriff\" data-tooltip=\"El conjunt de relats transmesos sobre d\u00e9us d'una cultura.\" tabindex=\"0\">mitologia<\/span> japonesa, precisament perqu\u00e8 no s&#8217;adapta a cap categoria senzilla. Ja el seu nom es va explicar de diverses maneres.<\/p><p>Una etimologia estesa, encara que no confirmada, el relaciona amb el verb que designa un comportament impetu\u00f3s o furi\u00f3s, la qual cosa concorda amb la lectura com a d\u00e9u de la tempesta o del mal temps. Altres propostes el vinculen a noms de llocs o a la prov\u00edncia. Les mateixes cr\u00f2niques no ofereixen una interpretaci\u00f3 inequ\u00edvoca.<\/p><p>En la investigaci\u00f3 m\u00e9s antiga, Susanoo es classificava sovint com a d\u00e9u de la tempesta, en paral\u00b7lel a les divinitats indoeuropees del mal temps. Aquesta equiparaci\u00f3 es considera avui massa esquem\u00e0tica. Altres enfocaments emfasitzen el seu car\u00e0cter d&#8217;embaucador: Susanoo transgredeix normes, provoca el caos, per\u00f2 alhora \u00e9s portador de cultura i matador de dracs. Aquesta doble naturalesa \u00e9s t\u00edpica de les figures d&#8217;embaucador i s&#8217;ha discutit, entre altres, en relaci\u00f3 amb la <span class=\"iwg-fachbegriff\" data-tooltip=\"El conjunt de relats transmesos sobre d\u00e9us d'una cultura.\" tabindex=\"0\">mitologia<\/span> comparada.<\/p><p>Una tercera l\u00ednia interpreta Susanoo pol\u00edticament. Com a germ\u00e0 d&#8217;Amaterasu per\u00f2 avantpassat fundador de la l\u00ednia sotmesa d&#8217;Izumo, encarna l&#8217;Alteritat dins del sistema m\u00edtic, el poder no imperial que \u00e9s integrat per\u00f2 no eliminat.<\/p><p>Historiadors de les religions com Gary Ebersole i traductors com Donald Philippi han assenyalat que les cr\u00f2niques del segle VIII es van compilar amb clares intencions legitimadores, i que el perfil contradictori de Susanoo \u00e9s, en part, resultat d&#8217;aquest treball de redacci\u00f3.<\/p><p>A partir de diverses tradicions locals es va conformar una figura que ha de ser alhora bandejada, perillosa, heroica i digna de veneraci\u00f3. La cultura popular moderna, des del manga fins als videojocs, ha recollit aquesta tensi\u00f3 i ha representat Susanoo repetidament com un guerrer ambivalent.<\/p>\t\t\t\t\t\t\t\t<\/div>\n\t\t\t\t<\/div>\n\t\t\t\t\t<\/div>\n\t\t\t\t<\/div>\n\t\t<div class=\"elementor-element elementor-element-36dd7469 e-flex e-con-boxed e-con e-parent\" data-id=\"36dd7469\" data-element_type=\"container\" data-e-type=\"container\">\n\t\t\t\t\t<div class=\"e-con-inner\">\n\t\t\t\t<div class=\"elementor-element elementor-element-13760ab4 elementor-widget elementor-widget-heading\" data-id=\"13760ab4\" data-element_type=\"widget\" data-e-type=\"widget\" data-widget_type=\"heading.default\">\n\t\t\t\t\t<h3 class=\"elementor-heading-title elementor-size-default\">Enlla\u00e7os relacionats<\/h3>\t\t\t\t<\/div>\n\t\t<div class=\"elementor-element elementor-element-28c87796 e-con-full e-flex e-con e-child\" data-id=\"28c87796\" data-element_type=\"container\" data-e-type=\"container\">\n\t\t\t\t<div class=\"elementor-element elementor-element-5d6538df elementor-widget elementor-widget-text-editor\" data-id=\"5d6538df\" data-element_type=\"widget\" data-e-type=\"widget\" data-widget_type=\"text-editor.default\">\n\t\t\t\t\t\t\t\t\t<ul><li><a href=\"https:\/\/iwell-guard.com\/ca\/?page_id=171562\">Amaterasu, germana<\/a><\/li><li><a href=\"https:\/\/iwell-guard.com\/ca\/?page_id=171563\">Tsukuyomi, germ\u00e0<\/a><\/li><li><a href=\"https:\/\/iwell-guard.com\/ca\/?page_id=171522\">Izanami, mare<\/a><\/li><li><a href=\"https:\/\/iwell-guard.com\/ca\/?page_id=171564\">Raijin, d\u00e9u de la tempesta i el tro relacionat<\/a><\/li><li><a href=\"https:\/\/iwell-guard.com\/ca\/?page_id=171411\">Jap\u00f3, visi\u00f3 general del pante\u00f3<\/a><\/li><li><a href=\"https:\/\/iwell-guard.com\/ca\/?page_id=171431\">D\u00e9us, visi\u00f3 general de classes<\/a><\/li><\/ul>\t\t\t\t\t\t\t\t<\/div>\n\t\t\t\t<\/div>\n\t\t\t\t\t<\/div>\n\t\t\t\t<\/div>\n\t\t<div class=\"elementor-element elementor-element-grl4kl40 e-flex e-con-boxed e-con e-parent\" data-id=\"grl4kl40\" data-element_type=\"container\" data-e-type=\"container\">\n\t\t\t\t\t<div class=\"e-con-inner\">\n\t\t\t\t<div class=\"elementor-element elementor-element-bzsbfrmh elementor-widget elementor-widget-heading\" data-id=\"bzsbfrmh\" data-element_type=\"widget\" data-e-type=\"widget\" data-widget_type=\"heading.default\">\n\t\t\t\t\t<h2 class=\"elementor-heading-title elementor-size-default\">Bibliografia de recerca<\/h2>\t\t\t\t<\/div>\n\t\t<div class=\"elementor-element elementor-element-2c13224a e-con-full e-flex e-con e-child\" data-id=\"2c13224a\" data-element_type=\"container\" data-e-type=\"container\">\n\t\t\t\t<div class=\"elementor-element elementor-element-0eymh9ub elementor-widget elementor-widget-text-editor\" data-id=\"0eymh9ub\" data-element_type=\"widget\" data-e-type=\"widget\" data-widget_type=\"text-editor.default\">\n\t\t\t\t\t\t\t\t\t<footer class=\"iwg-literatur\" data-nosnippet=\"true\"><ul><li><span data-nosnippet>Heldt, Gustav (trad.): <em>The Kojiki. An Account of Ancient Matters<\/em>. Nova York 2014.<\/span><\/li><li>Walde, Christine (ed.): <em>Der Neue Pauly<\/em> (entrada &bdquo;Susanoo&ldquo;).<\/li><\/ul><\/footer>\n<p class=\"iwg-bib-more\"><span data-nosnippet>M\u00e9s obres de refer\u00e8ncia a la <a href=\"https:\/\/iwell-guard.com\/ca\/?page_id=171483\">bibliografia<\/a>.<\/span><\/p>\t\t\t\t\t\t\t\t<\/div>\n\t\t\t\t<\/div>\n\t\t\t\t\t<\/div>\n\t\t\t\t<\/div>\n\t\t<div class=\"elementor-element elementor-element-c9791b6 e-con-boxed e-flex e-con e-parent\" data-id=\"c9791b6\" data-element_type=\"container\" data-e-type=\"container\">\n\t\t\t\t\t<div class=\"e-con-inner\">\n\t\t\t\t<div class=\"elementor-element elementor-element-af6c5e8 elementor-widget elementor-widget-text-editor\" data-id=\"af6c5e8\" data-element_type=\"widget\" data-e-type=\"widget\" data-widget_type=\"text-editor.default\">\n\t\t\t\t\t\t\t\t\t\n<h2>Preguntes freq\u00fcents sobre Susanoo<\/h2>\n<div class=\"iwg-faq-q\"><h3>Qui \u00e9s Susanoo en la <span class=\"iwg-fachbegriff\" data-tooltip=\"El conjunt de relats m\u00edtics transmesos sobre els d\u00e9us d'una cultura.\" tabindex=\"0\">mitologia<\/span> japonesa?<\/h3><p>Susanoo-no-Mikoto (japon\u00e8s \u9808\u4f50\u4e4b\u7537\u547d) \u00e9s, en el shintoisme japon\u00e8s, el d\u00e9u de les tempestes, del mar i de la natura salvatge, germ\u00e0 d&#8217;Amaterasu (el Sol) i de Tsukuyomi (la Lluna). \u00c9s una de les divinitats m\u00e9s ambivalents del shint\u014d: violent, imprevisible, per\u00f2 tamb\u00e9 heroi i matador de dracs.<\/p><p>En el <span class=\"iwg-fachbegriff\" data-tooltip=\"Un relat transm\u00e8s sobre d\u00e9us, or\u00edgens i l'ordre del m\u00f3n.\" tabindex=\"0\">mite<\/span>, \u00e9s expulsat del cel perqu\u00e8 fa que Amaterasu es refugii a la cova. Descendeix a la Terra, a la terra d&#8217;Izumo, on porta a terme la seva gesta m\u00e9s famosa: la mort del drac de vuit caps Yamata-no-Orochi.<\/p><\/div>\n<div class=\"iwg-faq-q\"><h3>Com va matar Susanoo el drac Orochi?<\/h3><p>Susanoo va arribar a la terra d&#8217;Izumo i hi va trobar un vell matrimoni que plorava per la seva darrera filla, ja que les altres set havien estat sacrificades al drac de vuit caps Yamata-no-Orochi. Susanoo va demanar la m\u00e0 de la filla (Kushinada-hime) i va preparar vuit grans gerres amb vi de riu fermentat vuit vegades.<\/p><p>El drac va beure de cada gerra i es va adormir embriagat. Susanoo li va tallar els vuit caps. A la cua hi va trobar una espasa meravellosa, Kusanagi-no-Tsurugi, un dels tres tresors imperials del Jap\u00f3, que m\u00e9s tard va passar a Amaterasu i, a trav\u00e9s d&#8217;ella, a la dinastia imperial.<\/p><\/div>\n<script type=\"application\/ld+json\">{\"@context\":\"https:\/\/schema.org\",\"@type\":\"FAQPage\",\"mainEntity\":[{\"@type\":\"Question\",\"name\":\"Qui \u00e9s Susanoo en la mitologia japonesa?\",\"acceptedAnswer\":{\"@type\":\"Answer\",\"text\":\"Susanoo-no-Mikoto (japon\u00e8s \u9808\u4f50\u4e4b\u7537\u547d) \u00e9s, en el shintoisme japon\u00e8s, el d\u00e9u de les tempestes, del mar i de la natura salvatge, germ\u00e0 d'Amaterasu (el Sol) i de Tsukuyomi (la Lluna). \u00c9s una de les divinitats m\u00e9s ambivalents del shint\u014d: violent, imprevisible, per\u00f2 tamb\u00e9 heroi i matador de dracs.En el mite, \u00e9s expulsat del cel perqu\u00e8 fa que Amaterasu es refugii a la cova. Descendeix a la Terra, a la terra d'Izumo, on porta a terme la seva gesta m\u00e9s famosa: la mort del drac de vuit caps Yamata-no-Orochi.\"}},{\"@type\":\"Question\",\"name\":\"Com va matar Susanoo el drac Orochi?\",\"acceptedAnswer\":{\"@type\":\"Answer\",\"text\":\"Susanoo va arribar a la terra d'Izumo i hi va trobar un vell matrimoni que plorava per la seva darrera filla, ja que les altres set havien estat sacrificades al drac de vuit caps Yamata-no-Orochi. Susanoo va demanar la m\u00e0 de la filla (Kushinada-hime) i va preparar vuit grans gerres amb vi de riu fermentat vuit vegades.El drac va beure de cada gerra i es va adormir embriagat. Susanoo li va tallar els vuit caps. A la cua hi va trobar una espasa meravellosa, Kusanagi-no-Tsurugi, un dels tres tresors imperials del Jap\u00f3, que m\u00e9s tard va passar a Amaterasu i, a trav\u00e9s d'ella, a la dinastia imperial.\"}}]}<\/script>\t\t\t\t\t\t\t\t<\/div>\n\t\t\t\t\t<\/div>\n\t\t\t\t<\/div>\n\t\t\t\t<\/div>\n\t\t","protected":false},"excerpt":{"rendered":"","protected":false},"author":3,"featured_media":1605,"parent":0,"menu_order":0,"comment_status":"closed","ping_status":"closed","template":"elementor_header_footer","meta":{"_yoast_wpseo_focuskw":"Susanoo","_yoast_wpseo_title":"Susanoo \u2013 D\u00e9u de la tempesta i vencedor de dracs","_yoast_wpseo_metadesc":"La derrota de Yamata-no-Orochi, l'espasa Kusanagi i la veneraci\u00f3 a Izumo-Taisha en el pante\u00f3 xintoista.","_yoast_wpseo_meta-robots-noindex":"","_yoast_wpseo_canonical":"","_angie_page":false,"gefaehrdungsstufe":"3","wesen_kultur":"japan","wesen_klasse":"goetter","footnotes":""},"categories":[],"class_list":["post-171559","page","type-page","status-publish","has-post-thumbnail","hentry"],"yoast_head":"<!-- This site is optimized with the Yoast SEO Premium plugin v27.7 (Yoast SEO v28.3) - https:\/\/yoast.com\/product\/yoast-seo-premium-wordpress\/ -->\n<title>Susanoo \u2013 D\u00e9u de la tempesta i vencedor de dracs<\/title>\n<meta name=\"description\" content=\"La derrota de Yamata-no-Orochi, l&#039;espasa Kusanagi i la veneraci\u00f3 a Izumo-Taisha en el pante\u00f3 xintoista.\" \/>\n<meta name=\"robots\" content=\"index, follow, max-snippet:-1, max-image-preview:large, max-video-preview:-1\" \/>\n<link rel=\"canonical\" href=\"https:\/\/iwell-guard.com\/ca\/susanoo\/\" \/>\n<meta property=\"og:locale\" content=\"ca_ES\" \/>\n<meta property=\"og:type\" content=\"article\" \/>\n<meta property=\"og:title\" content=\"Susanoo\" \/>\n<meta property=\"og:description\" content=\"La derrota de Yamata-no-Orochi, l&#039;espasa Kusanagi i la veneraci\u00f3 a Izumo-Taisha en el pante\u00f3 xintoista.\" \/>\n<meta property=\"og:url\" content=\"https:\/\/iwell-guard.com\/ca\/susanoo\/\" \/>\n<meta property=\"og:site_name\" content=\"iWell Guard\" \/>\n<meta property=\"article:modified_time\" content=\"2026-09-05T16:01:05+00:00\" \/>\n<meta property=\"og:image\" content=\"https:\/\/iwell-guard.com\/wp-content\/uploads\/2026\/04\/goetter_japan_susanoo.webp\" \/>\n\t<meta property=\"og:image:width\" content=\"1024\" \/>\n\t<meta property=\"og:image:height\" content=\"1536\" \/>\n\t<meta property=\"og:image:type\" content=\"image\/webp\" \/>\n<meta name=\"twitter:card\" content=\"summary_large_image\" \/>\n<script type=\"application\/ld+json\" class=\"yoast-schema-graph\">{\"@context\":\"https:\\\/\\\/schema.org\",\"@graph\":[{\"@type\":\"WebPage\",\"@id\":\"https:\\\/\\\/iwell-guard.com\\\/ca\\\/susanoo\\\/\",\"url\":\"https:\\\/\\\/iwell-guard.com\\\/ca\\\/susanoo\\\/\",\"name\":\"Susanoo \u2013 D\u00e9u de la tempesta i vencedor de dracs\",\"isPartOf\":{\"@id\":\"https:\\\/\\\/iwell-guard.com\\\/ca\\\/#website\"},\"primaryImageOfPage\":{\"@id\":\"https:\\\/\\\/iwell-guard.com\\\/ca\\\/susanoo\\\/#primaryimage\"},\"image\":{\"@id\":\"https:\\\/\\\/iwell-guard.com\\\/ca\\\/susanoo\\\/#primaryimage\"},\"thumbnailUrl\":\"https:\\\/\\\/iwell-guard.com\\\/wp-content\\\/uploads\\\/2026\\\/04\\\/goetter_japan_susanoo.webp\",\"datePublished\":\"2026-09-05T15:40:24+00:00\",\"dateModified\":\"2026-09-05T16:01:05+00:00\",\"description\":\"La derrota de Yamata-no-Orochi, l'espasa Kusanagi i la veneraci\u00f3 a Izumo-Taisha en el pante\u00f3 xintoista.\",\"breadcrumb\":{\"@id\":\"https:\\\/\\\/iwell-guard.com\\\/ca\\\/susanoo\\\/#breadcrumb\"},\"inLanguage\":\"ca\",\"potentialAction\":[{\"@type\":\"ReadAction\",\"target\":[\"https:\\\/\\\/iwell-guard.com\\\/ca\\\/susanoo\\\/\"]}]},{\"@type\":\"ImageObject\",\"inLanguage\":\"ca\",\"@id\":\"https:\\\/\\\/iwell-guard.com\\\/ca\\\/susanoo\\\/#primaryimage\",\"url\":\"https:\\\/\\\/iwell-guard.com\\\/wp-content\\\/uploads\\\/2026\\\/04\\\/goetter_japan_susanoo.webp\",\"contentUrl\":\"https:\\\/\\\/iwell-guard.com\\\/wp-content\\\/uploads\\\/2026\\\/04\\\/goetter_japan_susanoo.webp\",\"width\":1024,\"height\":1536,\"caption\":\"D\u00e9us de la tradici\u00f3 japonesa.\"},{\"@type\":\"BreadcrumbList\",\"@id\":\"https:\\\/\\\/iwell-guard.com\\\/ca\\\/susanoo\\\/#breadcrumb\",\"itemListElement\":[{\"@type\":\"ListItem\",\"position\":1,\"name\":\"Start\",\"item\":\"https:\\\/\\\/iwell-guard.com\\\/ca\\\/?page_id=171333\"},{\"@type\":\"ListItem\",\"position\":2,\"name\":\"Susanoo\"}]},{\"@type\":\"WebSite\",\"@id\":\"https:\\\/\\\/iwell-guard.com\\\/ca\\\/#website\",\"url\":\"https:\\\/\\\/iwell-guard.com\\\/ca\\\/\",\"name\":\"iWell Guard\",\"description\":\"Schutz vor dunklen Einfl\u00fcssen\",\"publisher\":{\"@id\":\"https:\\\/\\\/iwell-guard.com\\\/ca\\\/#organization\"},\"potentialAction\":[{\"@type\":\"SearchAction\",\"target\":{\"@type\":\"EntryPoint\",\"urlTemplate\":\"https:\\\/\\\/iwell-guard.com\\\/ca\\\/?s={search_term_string}\"},\"query-input\":{\"@type\":\"PropertyValueSpecification\",\"valueRequired\":true,\"valueName\":\"search_term_string\"}}],\"inLanguage\":\"ca\"},{\"@type\":\"Organization\",\"@id\":\"https:\\\/\\\/iwell-guard.com\\\/ca\\\/#organization\",\"name\":\"Ittermann electronic GmbH\",\"url\":\"https:\\\/\\\/iwell-guard.com\\\/ca\\\/\",\"logo\":{\"@type\":\"ImageObject\",\"inLanguage\":\"ca\",\"@id\":\"https:\\\/\\\/iwell-guard.com\\\/ca\\\/#\\\/schema\\\/logo\\\/image\\\/\",\"url\":\"https:\\\/\\\/iwell-guard.com\\\/wp-content\\\/uploads\\\/2026\\\/05\\\/Ittermann-Logo-1182x237-1.png\",\"contentUrl\":\"https:\\\/\\\/iwell-guard.com\\\/wp-content\\\/uploads\\\/2026\\\/05\\\/Ittermann-Logo-1182x237-1.png\",\"width\":1182,\"height\":237,\"caption\":\"Ittermann electronic GmbH\"},\"image\":{\"@id\":\"https:\\\/\\\/iwell-guard.com\\\/ca\\\/#\\\/schema\\\/logo\\\/image\\\/\"},\"sameAs\":[\"https:\\\/\\\/pantip.com\\\/profile\\\/9367242\",\"https:\\\/\\\/micro.blog\\\/iwellguard\",\"https:\\\/\\\/www.diggerslist.com\\\/iwellguard\\\/about\",\"https:\\\/\\\/skitterphoto.com\\\/photographers\\\/2870314\\\/iwell-guard\",\"https:\\\/\\\/iwellguard.wordpress.com\\\/2026\\\/06\\\/06\\\/iwell-guard\\\/\",\"https:\\\/\\\/hub.docker.com\\\/u\\\/iwellguard\",\"https:\\\/\\\/www.pinterest.com\\\/iwellguard\\\/\",\"https:\\\/\\\/bit.ly\\\/m\\\/iwellguard\",\"https:\\\/\\\/entre-vos-mains.alsace.eu\\\/profiles\\\/iwellguard\\\/activity\",\"https:\\\/\\\/gravatar.com\\\/reallybeded8fd34\",\"https:\\\/\\\/naijamatta.com\\\/iwellguard\",\"https:\\\/\\\/www.goodreads.com\\\/iwellguard\",\"https:\\\/\\\/profile.hatena.ne.jp\\\/iwellguard\\\/\",\"https:\\\/\\\/experiment.com\\\/users\\\/iwellguard\",\"https:\\\/\\\/wakelet.com\\\/@iWellGuard82270\",\"https:\\\/\\\/www.chordie.com\\\/forum\\\/profile.php?id=2555664\",\"https:\\\/\\\/www.instapaper.com\\\/p\\\/17757966\",\"https:\\\/\\\/www.mapleprimes.com\\\/users\\\/iwellguard\",\"https:\\\/\\\/businesslistingplus.com\\\/profile\\\/iwell-guard\\\/\",\"https:\\\/\\\/telegra.ph\\\/iWell-Guard-06-06\",\"https:\\\/\\\/pbase.com\\\/iwellguard\\\/iwellguard\",\"https:\\\/\\\/b.hatena.ne.jp\\\/iwellguard\\\/20260607#bookmark-4788405196491818882\",\"https:\\\/\\\/fliphtml5.com\\\/home\\\/iwellguard\",\"https:\\\/\\\/anyflip.com\\\/homepage\\\/cmiwl#About\",\"https:\\\/\\\/transfur.com\\\/Users\\\/iwellguard\",\"http:\\\/\\\/delphi.larsbo.org\\\/user\\\/iwellguard\",\"https:\\\/\\\/jobs.lajobsportal.org\\\/profiles\\\/8380803-iwell-guard\",\"https:\\\/\\\/md.chaosdorf.de\\\/s\\\/jfbe5SBdJD\",\"https:\\\/\\\/www.lingvolive.com\\\/en-us\\\/profile\\\/9ecaeaca-ce11-4e51-9e71-01d55e2bff36\\\/translations\",\"https:\\\/\\\/www.fitday.com\\\/fitness\\\/forums\\\/members\\\/iwellguard.html\",\"https:\\\/\\\/www.mymeetbook.com\\\/iwellguard\",\"https:\\\/\\\/pxhere.com\\\/en\\\/photographer-me\\\/5040798\",\"https:\\\/\\\/disqus.com\\\/by\\\/iwellguard\\\/about\\\/\",\"https:\\\/\\\/pastelink.net\\\/hjwciqwq\",\"https:\\\/\\\/pubhtml5.com\\\/homepage\\\/scjhn\\\/\",\"https:\\\/\\\/www.bitchute.com\\\/channel\\\/2O2eOKzNqujT\",\"https:\\\/\\\/audiomack.com\\\/iwellguard\"]},{\"@type\":\"Article\",\"@id\":\"https:\\\/\\\/iwell-guard.com\\\/ca\\\/susanoo\\\/#article\",\"isPartOf\":{\"@id\":\"https:\\\/\\\/iwell-guard.com\\\/ca\\\/susanoo\\\/\"},\"author\":{\"name\":\"Ralf Ittermann\",\"@id\":\"https:\\\/\\\/iwell-guard.com\\\/ca\\\/#\\\/schema\\\/person\\\/ee2a27f1cac3406c7c6fb5820cb7349f\"},\"headline\":\"Susanoo\",\"datePublished\":\"2026-09-05T15:40:24+00:00\",\"dateModified\":\"2026-09-05T16:01:05+00:00\",\"mainEntityOfPage\":{\"@id\":\"https:\\\/\\\/iwell-guard.com\\\/ca\\\/susanoo\\\/\"},\"publisher\":{\"@id\":\"https:\\\/\\\/iwell-guard.com\\\/ca\\\/#organization\"},\"image\":{\"@id\":\"https:\\\/\\\/iwell-guard.com\\\/ca\\\/susanoo\\\/#primaryimage\"},\"thumbnailUrl\":\"https:\\\/\\\/iwell-guard.com\\\/wp-content\\\/uploads\\\/2026\\\/04\\\/goetter_japan_susanoo.webp\",\"inLanguage\":\"ca\",\"description\":\"La derrota de Yamata-no-Orochi, l'espasa Kusanagi i la veneraci\u00f3 a Izumo-Taisha en el pante\u00f3 xintoista.\"}]}<\/script>\n<!-- \/ Yoast SEO Premium plugin. -->","yoast_head_json":{"title":"Susanoo \u2013 D\u00e9u de la tempesta i vencedor de dracs","description":"La derrota de Yamata-no-Orochi, l'espasa Kusanagi i la veneraci\u00f3 a Izumo-Taisha en el pante\u00f3 xintoista.","robots":{"index":"index","follow":"follow","max-snippet":"max-snippet:-1","max-image-preview":"max-image-preview:large","max-video-preview":"max-video-preview:-1"},"canonical":"https:\/\/iwell-guard.com\/ca\/susanoo\/","og_locale":"ca_ES","og_type":"article","og_title":"Susanoo","og_description":"La derrota de Yamata-no-Orochi, l'espasa Kusanagi i la veneraci\u00f3 a Izumo-Taisha en el pante\u00f3 xintoista.","og_url":"https:\/\/iwell-guard.com\/ca\/susanoo\/","og_site_name":"iWell Guard","article_modified_time":"2026-09-05T16:01:05+00:00","og_image":[{"width":1024,"height":1536,"url":"https:\/\/iwell-guard.com\/wp-content\/uploads\/2026\/04\/goetter_japan_susanoo.webp","type":"image\/webp"}],"twitter_card":"summary_large_image","schema":{"@context":"https:\/\/schema.org","@graph":[{"@type":"Article","@id":"https:\/\/iwell-guard.com\/ca\/susanoo\/#article","isPartOf":{"@id":"https:\/\/iwell-guard.com\/ca\/susanoo\/"},"author":{"name":"Ralf Ittermann","@id":"https:\/\/iwell-guard.com\/ca\/#\/schema\/person\/ee2a27f1cac3406c7c6fb5820cb7349f"},"headline":"Susanoo","datePublished":"2026-09-05T15:40:24+00:00","dateModified":"2026-09-05T16:01:05+00:00","mainEntityOfPage":{"@id":"https:\/\/iwell-guard.com\/ca\/susanoo\/"},"publisher":{"@id":"https:\/\/iwell-guard.com\/ca\/#organization"},"image":{"@id":"https:\/\/iwell-guard.com\/ca\/susanoo\/#primaryimage"},"thumbnailUrl":"https:\/\/iwell-guard.com\/wp-content\/uploads\/2026\/04\/goetter_japan_susanoo.webp","inLanguage":"ca","description":"La derrota de Yamata-no-Orochi, l'espasa Kusanagi i la veneraci\u00f3 a Izumo-Taisha en el pante\u00f3 xintoista."},{"@type":"WebPage","@id":"https:\/\/iwell-guard.com\/ca\/susanoo\/","url":"https:\/\/iwell-guard.com\/ca\/susanoo\/","name":"Susanoo \u2013 D\u00e9u de la tempesta i vencedor de dracs","isPartOf":{"@id":"https:\/\/iwell-guard.com\/ca\/#website"},"primaryImageOfPage":{"@id":"https:\/\/iwell-guard.com\/ca\/susanoo\/#primaryimage"},"image":{"@id":"https:\/\/iwell-guard.com\/ca\/susanoo\/#primaryimage"},"thumbnailUrl":"https:\/\/iwell-guard.com\/wp-content\/uploads\/2026\/04\/goetter_japan_susanoo.webp","datePublished":"2026-09-05T15:40:24+00:00","dateModified":"2026-09-05T16:01:05+00:00","description":"La derrota de Yamata-no-Orochi, l'espasa Kusanagi i la veneraci\u00f3 a Izumo-Taisha en el pante\u00f3 xintoista.","breadcrumb":{"@id":"https:\/\/iwell-guard.com\/ca\/susanoo\/#breadcrumb"},"inLanguage":"ca","potentialAction":[{"@type":"ReadAction","target":["https:\/\/iwell-guard.com\/ca\/susanoo\/"]}]},{"@type":"ImageObject","inLanguage":"ca","@id":"https:\/\/iwell-guard.com\/ca\/susanoo\/#primaryimage","url":"https:\/\/iwell-guard.com\/wp-content\/uploads\/2026\/04\/goetter_japan_susanoo.webp","contentUrl":"https:\/\/iwell-guard.com\/wp-content\/uploads\/2026\/04\/goetter_japan_susanoo.webp","width":1024,"height":1536,"caption":"D\u00e9us de la tradici\u00f3 japonesa."},{"@type":"BreadcrumbList","@id":"https:\/\/iwell-guard.com\/ca\/susanoo\/#breadcrumb","itemListElement":[{"@type":"ListItem","position":1,"name":"Start","item":"https:\/\/iwell-guard.com\/ca\/?page_id=171333"},{"@type":"ListItem","position":2,"name":"Susanoo"}]},{"@type":"WebSite","@id":"https:\/\/iwell-guard.com\/ca\/#website","url":"https:\/\/iwell-guard.com\/ca\/","name":"iWell Guard","description":"Schutz vor dunklen Einfl\u00fcssen","publisher":{"@id":"https:\/\/iwell-guard.com\/ca\/#organization"},"potentialAction":[{"@type":"SearchAction","target":{"@type":"EntryPoint","urlTemplate":"https:\/\/iwell-guard.com\/ca\/?s={search_term_string}"},"query-input":{"@type":"PropertyValueSpecification","valueRequired":true,"valueName":"search_term_string"}}],"inLanguage":"ca"},{"@type":"Organization","@id":"https:\/\/iwell-guard.com\/ca\/#organization","name":"Ittermann electronic GmbH","url":"https:\/\/iwell-guard.com\/ca\/","logo":{"@type":"ImageObject","inLanguage":"ca","@id":"https:\/\/iwell-guard.com\/ca\/#\/schema\/logo\/image\/","url":"https:\/\/iwell-guard.com\/wp-content\/uploads\/2026\/05\/Ittermann-Logo-1182x237-1.png","contentUrl":"https:\/\/iwell-guard.com\/wp-content\/uploads\/2026\/05\/Ittermann-Logo-1182x237-1.png","width":1182,"height":237,"caption":"Ittermann electronic GmbH"},"image":{"@id":"https:\/\/iwell-guard.com\/ca\/#\/schema\/logo\/image\/"},"sameAs":["https:\/\/pantip.com\/profile\/9367242","https:\/\/micro.blog\/iwellguard","https:\/\/www.diggerslist.com\/iwellguard\/about","https:\/\/skitterphoto.com\/photographers\/2870314\/iwell-guard","https:\/\/iwellguard.wordpress.com\/2026\/06\/06\/iwell-guard\/","https:\/\/hub.docker.com\/u\/iwellguard","https:\/\/www.pinterest.com\/iwellguard\/","https:\/\/bit.ly\/m\/iwellguard","https:\/\/entre-vos-mains.alsace.eu\/profiles\/iwellguard\/activity","https:\/\/gravatar.com\/reallybeded8fd34","https:\/\/naijamatta.com\/iwellguard","https:\/\/www.goodreads.com\/iwellguard","https:\/\/profile.hatena.ne.jp\/iwellguard\/","https:\/\/experiment.com\/users\/iwellguard","https:\/\/wakelet.com\/@iWellGuard82270","https:\/\/www.chordie.com\/forum\/profile.php?id=2555664","https:\/\/www.instapaper.com\/p\/17757966","https:\/\/www.mapleprimes.com\/users\/iwellguard","https:\/\/businesslistingplus.com\/profile\/iwell-guard\/","https:\/\/telegra.ph\/iWell-Guard-06-06","https:\/\/pbase.com\/iwellguard\/iwellguard","https:\/\/b.hatena.ne.jp\/iwellguard\/20260607#bookmark-4788405196491818882","https:\/\/fliphtml5.com\/home\/iwellguard","https:\/\/anyflip.com\/homepage\/cmiwl#About","https:\/\/transfur.com\/Users\/iwellguard","http:\/\/delphi.larsbo.org\/user\/iwellguard","https:\/\/jobs.lajobsportal.org\/profiles\/8380803-iwell-guard","https:\/\/md.chaosdorf.de\/s\/jfbe5SBdJD","https:\/\/www.lingvolive.com\/en-us\/profile\/9ecaeaca-ce11-4e51-9e71-01d55e2bff36\/translations","https:\/\/www.fitday.com\/fitness\/forums\/members\/iwellguard.html","https:\/\/www.mymeetbook.com\/iwellguard","https:\/\/pxhere.com\/en\/photographer-me\/5040798","https:\/\/disqus.com\/by\/iwellguard\/about\/","https:\/\/pastelink.net\/hjwciqwq","https:\/\/pubhtml5.com\/homepage\/scjhn\/","https:\/\/www.bitchute.com\/channel\/2O2eOKzNqujT","https:\/\/audiomack.com\/iwellguard"]},{"@type":"Person","@id":"https:\/\/iwell-guard.com\/ca\/#\/schema\/person\/ee2a27f1cac3406c7c6fb5820cb7349f","name":"Ralf Ittermann","image":{"@type":"ImageObject","inLanguage":"ca","@id":"https:\/\/secure.gravatar.com\/avatar\/073c0153e350a5005b68eb752b445fea71f6b24a26da9449ad7e155e6b446c9d?s=96&d=mm&r=g","url":"https:\/\/secure.gravatar.com\/avatar\/073c0153e350a5005b68eb752b445fea71f6b24a26da9449ad7e155e6b446c9d?s=96&d=mm&r=g","contentUrl":"https:\/\/secure.gravatar.com\/avatar\/073c0153e350a5005b68eb752b445fea71f6b24a26da9449ad7e155e6b446c9d?s=96&d=mm&r=g","caption":"Ralf Ittermann"},"givenName":"Ralf","familyName":"Ittermann","jobTitle":"Gesch\u00e4ftsf\u00fchrer und redaktioneller Verantwortlicher","url":"https:\/\/iwell-guard.com\/ca\/author\/claude\/","description":"Ralf Ittermann ist Gesch\u00e4ftsf\u00fchrer der Ittermann electronic GmbH und redaktioneller Verantwortlicher des iWell-Guard-Lexikons. Er verbindet langj\u00e4hrige Erfahrung in der Pr\u00e4zisionsfertigung mit medialer Praxis und religionsgeschichtlicher Quellenarbeit.","worksFor":{"@type":"Organization","name":"Ittermann electronic GmbH","url":"https:\/\/ittermann.de\/","address":{"@type":"PostalAddress","streetAddress":"K\u00f6hlergasse 16-18","postalCode":"99842","addressLocality":"Ruhla","addressCountry":"DE"}},"knowsAbout":["Religionsgeschichte","Mythologie","Mediale Praxis","Energetische Diagnostik","Schutzpraxis","Volksglauben","Westliche Esoterik"]},{"@type":"Article","@id":"https:\/\/iwell-guard.com\/ca\/susanoo\/#article","isPartOf":{"@id":"https:\/\/iwell-guard.com\/ca\/susanoo\/"},"author":{"name":"Ralf Ittermann","@id":"https:\/\/iwell-guard.com\/ca\/#\/schema\/person\/ee2a27f1cac3406c7c6fb5820cb7349f"},"headline":"Susanoo","datePublished":"2026-09-05T15:40:24+00:00","dateModified":"2026-09-05T16:01:05+00:00","mainEntityOfPage":{"@id":"https:\/\/iwell-guard.com\/ca\/susanoo\/"},"publisher":{"@id":"https:\/\/iwell-guard.com\/ca\/#organization"},"image":{"@id":"https:\/\/iwell-guard.com\/ca\/susanoo\/#primaryimage"},"thumbnailUrl":"https:\/\/iwell-guard.com\/wp-content\/uploads\/2026\/04\/goetter_japan_susanoo.webp","inLanguage":"ca","description":"La derrota de Yamata-no-Orochi, l'espasa Kusanagi i la veneraci\u00f3 a Izumo-Taisha en el pante\u00f3 xintoista."}]}},"_links":{"self":[{"href":"https:\/\/iwell-guard.com\/ca\/wp-json\/wp\/v2\/pages\/171559","targetHints":{"allow":["GET"]}}],"collection":[{"href":"https:\/\/iwell-guard.com\/ca\/wp-json\/wp\/v2\/pages"}],"about":[{"href":"https:\/\/iwell-guard.com\/ca\/wp-json\/wp\/v2\/types\/page"}],"author":[{"embeddable":true,"href":"https:\/\/iwell-guard.com\/ca\/wp-json\/wp\/v2\/users\/3"}],"replies":[{"embeddable":true,"href":"https:\/\/iwell-guard.com\/ca\/wp-json\/wp\/v2\/comments?post=171559"}],"version-history":[{"count":0,"href":"https:\/\/iwell-guard.com\/ca\/wp-json\/wp\/v2\/pages\/171559\/revisions"}],"wp:featuredmedia":[{"embeddable":true,"href":"https:\/\/iwell-guard.com\/ca\/wp-json\/wp\/v2\/media\/1605"}],"wp:attachment":[{"href":"https:\/\/iwell-guard.com\/ca\/wp-json\/wp\/v2\/media?parent=171559"}],"wp:term":[{"taxonomy":"category","embeddable":true,"href":"https:\/\/iwell-guard.com\/ca\/wp-json\/wp\/v2\/categories?post=171559"}],"curies":[{"name":"wp","href":"https:\/\/api.w.org\/{rel}","templated":true}]}}