{"id":171555,"date":"2026-09-05T15:40:23","date_gmt":"2026-09-05T15:40:23","guid":{"rendered":"https:\/\/iwell-guard.com\/?page_id=171555"},"modified":"2026-09-05T16:00:58","modified_gmt":"2026-09-05T16:00:58","slug":"indra","status":"publish","type":"page","link":"https:\/\/iwell-guard.com\/ca\/indra\/","title":{"rendered":"Indra"},"content":{"rendered":"\t\t<div data-elementor-type=\"wp-page\" data-elementor-id=\"171555\" class=\"elementor elementor-171555 elementor-2067 elementor-bc-flex-widget\" data-elementor-post-type=\"page\">\n\t\t\t\t<div class=\"elementor-element elementor-element-10fdade e-flex e-con-boxed e-con e-parent\" data-id=\"10fdade\" data-element_type=\"container\" data-e-type=\"container\" data-settings=\"{&quot;background_background&quot;:&quot;classic&quot;}\">\n\t\t\t\t\t<div class=\"e-con-inner\">\n\t\t<div class=\"elementor-element elementor-element-herohlft0 e-flex e-con-boxed e-con e-child\" data-id=\"herohlft0\" data-element_type=\"container\" data-e-type=\"container\">\n\t\t\t\t\t<div class=\"e-con-inner\">\n\t\t<div class=\"elementor-element elementor-element-c3ceb64 e-con-full e-flex e-con e-child\" data-id=\"c3ceb64\" data-element_type=\"container\" data-e-type=\"container\">\n\t\t\t\t<div class=\"elementor-element elementor-element-96ae5e1 elementor-widget elementor-widget-heading\" data-id=\"96ae5e1\" data-element_type=\"widget\" data-e-type=\"widget\" data-widget_type=\"heading.default\">\n\t\t\t\t\t<h1 class=\"elementor-heading-title elementor-size-default\">Indra, d\u00e9u de la tradici\u00f3 hind\u00fa<\/h1>\t\t\t\t<\/div>\n\t\t\t\t<div class=\"elementor-element elementor-element-e45238a elementor-widget elementor-widget-text-editor\" data-id=\"e45238a\" data-element_type=\"widget\" data-e-type=\"widget\" data-widget_type=\"text-editor.default\">\n\t\t\t\t\t\t\t\t\t<p>El rei-tro v\u00e8dic, sobir\u00e0 del cel i vencedor dels dimonis. Indra \u00e9s un dels d\u00e9us hind\u00fas m\u00e9s antics, el m\u00e9s important en els *Rigveda*, tot i que en \u00e8poques posteriors va passar a un segon pla. Amb el seu llampec *Vajra*, muntat sobre un elefant blanc, Indra dirigia antigament el consell dels devas.<\/p><p>Va v\u00e8ncer el drac *Vritra*, que havia robat la pluja, i la va retornar al m\u00f3n. Per\u00f2, a difer\u00e8ncia de Brahma o Shiva, Indra gaireb\u00e9 ja no \u00e9s venerat: un d\u00e9u el temps del qual ha passat, la lluentor del qual s&#8217;ha esva\u00eft amb l&#8217;auge del bhakti.<\/p><p>Indra \u00e9s, com a rei-tro i guardi\u00e0 del cel, el l\u00edder dels devas.<\/p>\t\t\t\t\t\t\t\t<\/div>\n\t\t\t\t<\/div>\n\t\t<div class=\"elementor-element elementor-element-klsbdg01 e-con-full e-flex e-con e-parent\" data-id=\"klsbdg01\" data-element_type=\"container\" data-e-type=\"container\">\n\t\t\t\t<div class=\"elementor-element elementor-element-klshtm01 elementor-widget elementor-widget-html\" data-id=\"klshtm01\" data-element_type=\"widget\" data-e-type=\"widget\" data-widget_type=\"html.default\">\n\t\t\t\t\t<div class=\"iwg-pill-row\"><span class=\"iwg-klasse-badge\" tabindex=\"0\" data-tooltip=\"D\u00e9u \/ Deessa: Poder suprem personificat dins el pante\u00f3 d'una cultura, amb \u00e0mbits de compet\u00e8ncia clars, forces de la natura, dest\u00ed, guerra, fertilitat. Venerat mitjan\u00e7ant cultes, ofrenes i institucions de temple.\">D\u00e9u<\/span><a href=\"https:\/\/iwell-guard.com\/ca\/?page_id=171393\" class=\"iwg-kultur-badge\" tabindex=\"0\" data-tooltip=\"M\u00f3ns de d\u00e9us, asures i protecci\u00f3 de tradici\u00f3 hinduista, des del per\u00edode v\u00e8dic fins al t\u00e0ntric.\">Hinduisme<\/a><\/div>\t\t\t\t<\/div>\n\t\t\t\t<\/div>\n\t\t<div class=\"elementor-element elementor-element-3f74855 e-con-full e-flex e-con e-child\" data-id=\"3f74855\" data-element_type=\"container\" data-e-type=\"container\">\n\t\t\t\t<div class=\"elementor-element elementor-element-1c30362 elementor-toc--minimized-on-tablet elementor-widget elementor-widget-table-of-contents\" data-id=\"1c30362\" data-element_type=\"widget\" data-e-type=\"widget\" data-settings=\"{&quot;exclude_headings_by_selector&quot;:[],&quot;no_headings_message&quot;:&quot;No s&#039;ha trobat cap encap\\u00e7alament en aquesta p\\u00e0gina.&quot;,&quot;headings_by_tags&quot;:[&quot;h2&quot;,&quot;h3&quot;],&quot;marker_view&quot;:&quot;bullets&quot;,&quot;minimize_box&quot;:&quot;yes&quot;,&quot;icon&quot;:{&quot;value&quot;:&quot;fas fa-circle&quot;,&quot;library&quot;:&quot;fa-solid&quot;,&quot;rendered_tag&quot;:&quot;&lt;svg class=\\&quot;e-font-icon-svg e-fas-circle\\&quot; viewBox=\\&quot;0 0 512 512\\&quot; xmlns=\\&quot;http:\\\/\\\/www.w3.org\\\/2000\\\/svg\\&quot;&gt;&lt;path d=\\&quot;M256 8C119 8 8 119 8 256s111 248 248 248 248-111 248-248S393 8 256 8z\\&quot;&gt;&lt;\\\/path&gt;&lt;\\\/svg&gt;&quot;},&quot;minimized_on&quot;:&quot;tablet&quot;,&quot;hierarchical_view&quot;:&quot;yes&quot;,&quot;min_height&quot;:{&quot;unit&quot;:&quot;px&quot;,&quot;size&quot;:&quot;&quot;,&quot;sizes&quot;:[]},&quot;min_height_tablet&quot;:{&quot;unit&quot;:&quot;px&quot;,&quot;size&quot;:&quot;&quot;,&quot;sizes&quot;:[]},&quot;min_height_mobile&quot;:{&quot;unit&quot;:&quot;px&quot;,&quot;size&quot;:&quot;&quot;,&quot;sizes&quot;:[]}}\" data-widget_type=\"table-of-contents.default\">\n\t\t\t\t\t\t\t\t\t<div class=\"elementor-toc__header\">\n\t\t\t\t\t\t<h2 class=\"elementor-toc__header-title\">\n\t\t\t\t\u00cdndex\t\t\t<\/h2>\n\t\t\t\t\t\t\t\t\t\t<div class=\"elementor-toc__toggle-button elementor-toc__toggle-button--expand\" role=\"button\" tabindex=\"0\" aria-controls=\"elementor-toc__1c30362\" aria-expanded=\"true\" aria-label=\"Open table of contents\"><svg aria-hidden=\"true\" class=\"e-font-icon-svg e-fas-chevron-down\" viewBox=\"0 0 448 512\" xmlns=\"http:\/\/www.w3.org\/2000\/svg\"><path d=\"M207.029 381.476L12.686 187.132c-9.373-9.373-9.373-24.569 0-33.941l22.667-22.667c9.357-9.357 24.522-9.375 33.901-.04L224 284.505l154.745-154.021c9.379-9.335 24.544-9.317 33.901.04l22.667 22.667c9.373 9.373 9.373 24.569 0 33.941L240.971 381.476c-9.373 9.372-24.569 9.372-33.942 0z\"><\/path><\/svg><\/div>\n\t\t\t\t<div class=\"elementor-toc__toggle-button elementor-toc__toggle-button--collapse\" role=\"button\" tabindex=\"0\" aria-controls=\"elementor-toc__1c30362\" aria-expanded=\"true\" aria-label=\"Close table of contents\"><svg aria-hidden=\"true\" class=\"e-font-icon-svg e-fas-chevron-up\" viewBox=\"0 0 448 512\" xmlns=\"http:\/\/www.w3.org\/2000\/svg\"><path d=\"M240.971 130.524l194.343 194.343c9.373 9.373 9.373 24.569 0 33.941l-22.667 22.667c-9.357 9.357-24.522 9.375-33.901.04L224 227.495 69.255 381.516c-9.379 9.335-24.544 9.317-33.901-.04l-22.667-22.667c-9.373-9.373-9.373-24.569 0-33.941L207.03 130.525c9.372-9.373 24.568-9.373 33.941-.001z\"><\/path><\/svg><\/div>\n\t\t\t\t\t<\/div>\n\t\t\t\t<div id=\"elementor-toc__1c30362\" class=\"elementor-toc__body\">\n\t\t\t<div class=\"elementor-toc__spinner-container\">\n\t\t\t\t<svg class=\"elementor-toc__spinner eicon-animation-spin e-font-icon-svg e-eicon-loading\" aria-hidden=\"true\" viewBox=\"0 0 1000 1000\" xmlns=\"http:\/\/www.w3.org\/2000\/svg\"><path d=\"M500 975V858C696 858 858 696 858 500S696 142 500 142 142 304 142 500H25C25 237 238 25 500 25S975 237 975 500 763 975 500 975Z\"><\/path><\/svg>\t\t\t<\/div>\n\t\t<\/div>\n\t\t\t\t\t\t<\/div>\n\t\t\t\t<\/div>\n\t\t\t\t\t<\/div>\n\t\t\t\t<\/div>\n\t\t<div class=\"elementor-element elementor-element-herorght0 e-con-full e-flex e-con e-child\" data-id=\"herorght0\" data-element_type=\"container\" data-e-type=\"container\">\n\t\t\t\t<div class=\"elementor-element elementor-element-heroimg00 iwg-hero-image elementor-widget elementor-widget-image\" data-id=\"heroimg00\" data-element_type=\"widget\" data-e-type=\"widget\" data-widget_type=\"image.default\">\n\t\t\t\t\t\t\t\t\t\t\t\t\t\t\t<img fetchpriority=\"high\" decoding=\"async\" width=\"683\" height=\"1024\" src=\"https:\/\/iwell-guard.com\/wp-content\/uploads\/2026\/04\/goetter_hinduismus_indra-683x1024.webp\" class=\"attachment-large size-large wp-image-1592\" alt=\"Indra\" srcset=\"https:\/\/iwell-guard.com\/wp-content\/uploads\/2026\/04\/goetter_hinduismus_indra-683x1024.webp 683w, https:\/\/iwell-guard.com\/wp-content\/uploads\/2026\/04\/goetter_hinduismus_indra-200x300.webp 200w, https:\/\/iwell-guard.com\/wp-content\/uploads\/2026\/04\/goetter_hinduismus_indra-768x1152.webp 768w, https:\/\/iwell-guard.com\/wp-content\/uploads\/2026\/04\/goetter_hinduismus_indra.webp 1024w\" sizes=\"(max-width: 683px) 100vw, 683px\" \/>\t\t\t\t\t\t\t\t\t\t\t\t\t\t\t<\/div>\n\t\t\t\t<\/div>\n\t\t\t\t\t<\/div>\n\t\t\t\t<\/div>\n\t\t<div class=\"elementor-element elementor-element-32917199 e-flex e-con-boxed e-con e-parent\" data-id=\"32917199\" data-element_type=\"container\" data-e-type=\"container\">\n\t\t\t\t\t<div class=\"e-con-inner\">\n\t\t<div class=\"elementor-element elementor-element-26e916cb e-flex e-con-boxed e-con e-child\" data-id=\"26e916cb\" data-element_type=\"container\" data-e-type=\"container\">\n\t\t\t\t\t<div class=\"e-con-inner\">\n\t\t<div class=\"elementor-element elementor-element-253a40d4 e-flex e-con-boxed e-con e-child\" data-id=\"253a40d4\" data-element_type=\"container\" data-e-type=\"container\">\n\t\t\t\t\t<div class=\"e-con-inner\">\n\t\t\t\t<div class=\"elementor-element elementor-element-1200c304 elementor-widget elementor-widget-heading\" data-id=\"1200c304\" data-element_type=\"widget\" data-e-type=\"widget\" data-widget_type=\"heading.default\">\n\t\t\t\t\t<h2 class=\"elementor-heading-title elementor-size-default\">Indra<\/h2>\t\t\t\t<\/div>\n\t\t\t\t\t<\/div>\n\t\t\t\t<\/div>\n\t\t<div class=\"elementor-element elementor-element-159dcf9a e-flex e-con-boxed e-con e-child\" data-id=\"159dcf9a\" data-element_type=\"container\" data-e-type=\"container\">\n\t\t\t\t\t<div class=\"e-con-inner\">\n\t\t\t\t<div class=\"elementor-element elementor-element-48cee66f elementor-widget elementor-widget-heading\" data-id=\"48cee66f\" data-element_type=\"widget\" data-e-type=\"widget\" data-widget_type=\"heading.default\">\n\t\t\t\t\t<h3 class=\"elementor-heading-title elementor-size-default\">Resum: Indra<\/h3>\t\t\t\t<\/div>\n\t\t\t\t<div class=\"elementor-element elementor-element-3f50d82c elementor-widget elementor-widget-text-editor\" data-id=\"3f50d82c\" data-element_type=\"widget\" data-e-type=\"widget\" data-widget_type=\"text-editor.default\">\n\t\t\t\t\t\t\t\t\t<p><strong>Tipus:<\/strong> D\u00e9u principal v\u00e8dic, d\u00e9u del tro i de la reialesa, relegat a un segon pla en els Pur\u00e2\u1e47a<br><span class=\"iwg-fachbegriff\" data-tooltip=\"El conjunt dels d\u00e9us d'una religi\u00f3 o cultura.\" tabindex=\"0\">Pante\u00f3<\/span>: Hinduisme (central en l&#8217;\u00e8poca v\u00e8dica, secundari en l&#8217;\u00e8poca post-v\u00e8dica), Budisme (com a \u015aakra\/Taishakuten)<br>Funci\u00f3: tro i llampec, guerra, reialesa, vencedor de Vritra (dimoni-drac de la sequera)<br>Atributs principals: Vajra (llampec), arc, elefant blanc Airavata com a muntura<br>Principals llocs de culte: central pertot arreu en l&#8217;\u00e8poca v\u00e8dica, en l&#8217;\u00e8poca post-v\u00e8dica a Trayastri\u1e43\u015ba (budista)<br>Identificaci\u00f3 budista: \u015aakra (s\u00e0nscrit), Taishakuten (Jap\u00f3), Indra (Tibet)<\/p>\t\t\t\t\t\t\t\t<\/div>\n\t\t\t\t\t<\/div>\n\t\t\t\t<\/div>\n\t\t\t\t\t<\/div>\n\t\t\t\t<\/div>\n\t\t\t\t\t<\/div>\n\t\t\t\t<\/div>\n\t\t<div class=\"elementor-element elementor-element-18613602 e-flex e-con-boxed e-con e-parent\" data-id=\"18613602\" data-element_type=\"container\" data-e-type=\"container\">\n\t\t\t\t\t<div class=\"e-con-inner\">\n\t\t\t\t<div class=\"elementor-element elementor-element-262b8a9f elementor-widget elementor-widget-heading\" data-id=\"262b8a9f\" data-element_type=\"widget\" data-e-type=\"widget\" data-widget_type=\"heading.default\">\n\t\t\t\t\t<h2 class=\"elementor-heading-title elementor-size-default\">Introducci\u00f3<\/h2>\t\t\t\t<\/div>\n\t\t<div class=\"elementor-element elementor-element-46dcb7d e-con-full e-flex e-con e-child\" data-id=\"46dcb7d\" data-element_type=\"container\" data-e-type=\"container\">\n\t\t<div class=\"elementor-element elementor-element-61d3ab3 e-flex e-con-boxed e-con e-child\" data-id=\"61d3ab3\" data-element_type=\"container\" data-e-type=\"container\">\n\t\t\t\t\t<div class=\"e-con-inner\">\n\t\t\t\t<div class=\"elementor-element elementor-element-117c166 elementor-widget elementor-widget-heading\" data-id=\"117c166\" data-element_type=\"widget\" data-e-type=\"widget\" data-widget_type=\"heading.default\">\n\t\t\t\t\t<h3 class=\"elementor-heading-title elementor-size-default\">Per\u00edode dels textos<\/h3>\t\t\t\t<\/div>\n\t\t\t\t<div class=\"elementor-element elementor-element-73997a0 elementor-widget elementor-widget-text-editor\" data-id=\"73997a0\" data-element_type=\"widget\" data-e-type=\"widget\" data-widget_type=\"text-editor.default\">\n\t\t\t\t\t\t\t\t\t<p>Indra \u00e9s la <span class=\"iwg-fachbegriff\" data-tooltip=\"Un \u00e9sser venerat com a div\u00ed dins d'una religi\u00f3.\" tabindex=\"0\">divinitat<\/span> central del <em>Rigveda<\/em> (1200\u2013900 aC); aproximadament un quart de tots els himnes del Rigveda li estan dedicats. El seu mite principal \u00e9s la <em>lluita contra Vritra<\/em>: Vritra, el dimoni-drac de la sequera, ret\u00e9n les aig\u00fces c\u00f2smiques; Indra beu soma (beguda ent\u00e8ogena), mata Vritra amb el vajra (llampec) i allibera les aig\u00fces.<\/p><p>Amb la tradici\u00f3 post-v\u00e8dica (Br\u00e2hma\u1e47as, Pur\u00e2\u1e47as a partir del primer mil\u00b7lenni aC), Indra perd import\u00e0ncia i esdev\u00e9 una <span class=\"iwg-fachbegriff\" data-tooltip=\"Un \u00e9sser venerat com a div\u00ed dins d'una religi\u00f3.\" tabindex=\"0\">divinitat<\/span> subordinada a Vishnu i Shiva. En el budisme \u00e9s adoptat com a <em>\u015aakra<\/em>, sobir\u00e0 de la regi\u00f3 celestial de Trayastri\u1e43\u015ba i protector del <span class=\"iwg-fachbegriff\" tabindex=\"0\" data-tooltip=\"En l'hinduisme, el deure i l'ordre c\u00f2smic; en el budisme, la doctrina del Buda.\">Dharma<\/span>. Al Jap\u00f3 s&#8217;integra com a <em>Taishakuten<\/em>.<\/p>\t\t\t\t\t\t\t\t<\/div>\n\t\t\t\t\t<\/div>\n\t\t\t\t<\/div>\n\t\t<div class=\"elementor-element elementor-element-d47b156 e-flex e-con-boxed e-con e-child\" data-id=\"d47b156\" data-element_type=\"container\" data-e-type=\"container\">\n\t\t\t\t\t<div class=\"e-con-inner\">\n\t\t\t\t<div class=\"elementor-element elementor-element-ff38c2b elementor-widget elementor-widget-heading\" data-id=\"ff38c2b\" data-element_type=\"widget\" data-e-type=\"widget\" data-widget_type=\"heading.default\">\n\t\t\t\t\t<h3 class=\"elementor-heading-title elementor-size-default\">\u00c0rea de difusi\u00f3<\/h3>\t\t\t\t<\/div>\n\t\t\t\t<div class=\"elementor-element elementor-element-4e49fcc elementor-widget elementor-widget-text-editor\" data-id=\"4e49fcc\" data-element_type=\"widget\" data-e-type=\"widget\" data-widget_type=\"text-editor.default\">\n\t\t\t\t\t\t\t\t\t<p>En la tradici\u00f3 v\u00e8dica no hi havia <span class=\"iwg-fachbegriff\" data-tooltip=\"Una construcci\u00f3 destinada a la veneraci\u00f3 d'una o diverses divinitats.\" tabindex=\"0\">temples<\/span> espec\u00edfics dedicats a Indra; la religi\u00f3 v\u00e8dica era pura pr\u00e0ctica sacrificial (<em>yaj\u00f1a<\/em>) a l&#8217;altar dom\u00e8stic o en llocs de sacrifici a l&#8217;aire lliure. Amb la tradici\u00f3 pur\u00e0nica es van construir alguns <span class=\"iwg-fachbegriff\" data-tooltip=\"Una construcci\u00f3 destinada a la veneraci\u00f3 d'una o diverses divinitats.\" tabindex=\"0\">temples<\/span> dedicats a Indra, per\u00f2 van romandre perif\u00e8rics.<\/p><p>En canvi, en el budisme t\u00e9 pres\u00e8ncia en cada <span class=\"iwg-fachbegriff\" data-tooltip=\"Una construcci\u00f3 destinada a la veneraci\u00f3 d'una o diverses divinitats.\" tabindex=\"0\">temple<\/span>: \u015aakra\/Taishakuten \u00e9s un dels quatre guardians celestials, venerat com a Taishakuten al <em>Taisanji<\/em> (prefectura d&#8217;Ehime, Jap\u00f3) i en molts altres llocs. Al Tibet apareix com a figura d&#8217;Indra dins el <span class=\"iwg-fachbegriff\" data-tooltip=\"El conjunt dels d\u00e9us d'una religi\u00f3 o cultura.\" tabindex=\"0\">pante\u00f3<\/span> budista. Al Nepal se celebra el festival <em>Indra-Jatra<\/em> a Katmand\u00fa (anualment al setembre) com una gran festa popular.<\/p>\t\t\t\t\t\t\t\t<\/div>\n\t\t\t\t\t<\/div>\n\t\t\t\t<\/div>\n\t\t\t\t<\/div>\n\t\t<div class=\"elementor-element elementor-element-db03c39 e-con-full e-flex e-con e-child\" data-id=\"db03c39\" data-element_type=\"container\" data-e-type=\"container\">\n\t\t<div class=\"elementor-element elementor-element-229a87b e-flex e-con-boxed e-con e-child\" data-id=\"229a87b\" data-element_type=\"container\" data-e-type=\"container\">\n\t\t\t\t\t<div class=\"e-con-inner\">\n\t\t\t\t<div class=\"elementor-element elementor-element-1f471fc elementor-widget elementor-widget-heading\" data-id=\"1f471fc\" data-element_type=\"widget\" data-e-type=\"widget\" data-widget_type=\"heading.default\">\n\t\t\t\t\t<h3 class=\"elementor-heading-title elementor-size-default\">Estat de les fonts<\/h3>\t\t\t\t<\/div>\n\t\t\t\t<div class=\"elementor-element elementor-element-36b1201 elementor-widget elementor-widget-text-editor\" data-id=\"36b1201\" data-element_type=\"widget\" data-e-type=\"widget\" data-widget_type=\"text-editor.default\">\n\t\t\t\t\t\t\t\t\t<p>Fonts centrals: <em>Rigveda<\/em> (especialment els nombrosos himnes dedicats a Indra, p. ex. RV 1.32 sobre el <span class=\"iwg-fachbegriff\" data-tooltip=\"Una narraci\u00f3 transmesa sobre d\u00e9us, or\u00edgens i l'ordre del m\u00f3n.\" tabindex=\"0\">mite<\/span> de Vritra), <em>Yajurveda<\/em>, <em>Atharvaveda<\/em>, <em>\u015aatapatha-Br\u00e2hma\u1e47a<\/em>, <em>Mahabharata<\/em> (episodis d&#8217;Indra, especialment la hist\u00f2ria de Karna), <em>Pur\u00e2\u1e47as<\/em>. En l&#8217;\u00e0mbit budista: <em>Sakkapa\u00f1ha-Sutta<\/em> (pali, di\u00e0leg entre el Buda i Sakka).<\/p><p>Bibliografia secund\u00e0ria: O&#8217;Flaherty, <em>The Origins of Evil in Hindu Mythology<\/em>; Macdonell, <em>Vedic Mythology<\/em>; Doniger, <em>Hindu Myths<\/em>; West, <em>Indo-European Poetry and Myth<\/em>.<\/p>\t\t\t\t\t\t\t\t<\/div>\n\t\t\t\t\t<\/div>\n\t\t\t\t<\/div>\n\t\t\t\t<\/div>\n\t\t\t\t\t<\/div>\n\t\t\t\t<\/div>\n\t\t<div class=\"elementor-element elementor-element-3ae0637c e-flex e-con-boxed e-con e-parent\" data-id=\"3ae0637c\" data-element_type=\"container\" data-e-type=\"container\">\n\t\t\t\t\t<div class=\"e-con-inner\">\n\t\t\t\t<div class=\"elementor-element elementor-element-31d07739 elementor-widget elementor-widget-heading\" data-id=\"31d07739\" data-element_type=\"widget\" data-e-type=\"widget\" data-widget_type=\"heading.default\">\n\t\t\t\t\t<h2 class=\"elementor-heading-title elementor-size-default\">Nom i variants<\/h2>\t\t\t\t<\/div>\n\t\t<div class=\"elementor-element elementor-element-b7642947 e-con-full e-flex e-con e-child\" data-id=\"b7642947\" data-element_type=\"container\" data-e-type=\"container\">\n\t\t\t\t<div class=\"elementor-element elementor-element-a086266 elementor-widget elementor-widget-text-editor\" data-id=\"a086266\" data-element_type=\"widget\" data-e-type=\"widget\" data-widget_type=\"text-editor.default\">\n\t\t\t\t\t\t\t\t\t<p>Indra es representa com un guerrer poder\u00f3s, de color rogenc o daurat, sovint amb un o quatre bra\u00e7os. Porta el vajra, un llampec amb les puntes corbades, un <span class=\"iwg-fachbegriff\" data-tooltip=\"Un signe que representa una idea o un significat.\" tabindex=\"0\">s\u00edmbol<\/span> de for\u00e7a absoluta.<\/p><p>El seu animal \u00e9s l&#8217;enorme elefant blanc <em>Airavata<\/em>, amb quatre ullals, sobre el qual munta. De vegades Indra tamb\u00e9 porta una cuirassa daurada. La seva cort \u00e9s <em>Amaravati<\/em>, un cel ple d&#8217;esplendor i plaer.<\/p>\t\t\t\t\t\t\t\t<\/div>\n\t\t\t\t<\/div>\n\t\t\t\t\t<\/div>\n\t\t\t\t<\/div>\n\t\t<div class=\"elementor-element elementor-element-709a44a8 e-flex e-con-boxed e-con e-parent\" data-id=\"709a44a8\" data-element_type=\"container\" data-e-type=\"container\">\n\t\t\t\t\t<div class=\"e-con-inner\">\n\t\t\t\t<div class=\"elementor-element elementor-element-2f585873 elementor-widget elementor-widget-heading\" data-id=\"2f585873\" data-element_type=\"widget\" data-e-type=\"widget\" data-widget_type=\"heading.default\">\n\t\t\t\t\t<h2 class=\"elementor-heading-title elementor-size-default\">Caracter\u00edstiques<\/h2>\t\t\t\t<\/div>\n\t\t<div class=\"elementor-element elementor-element-70621c12 e-con-full e-flex e-con e-child\" data-id=\"70621c12\" data-element_type=\"container\" data-e-type=\"container\">\n\t\t\t\t<div class=\"elementor-element elementor-element-4296eb49 elementor-widget elementor-widget-text-editor\" data-id=\"4296eb49\" data-element_type=\"widget\" data-e-type=\"widget\" data-widget_type=\"text-editor.default\">\n\t\t\t\t\t\t\t\t\t<p>Indra \u00e9s el sobir\u00e0 del m\u00f3n superior (<em>Swarga<\/em>) i dels d\u00e9us. Porta la pluja i les tempestes, elements vitals per a la collita a l&#8217;antiga \u00cdndia.<\/p><p>La lluita contra Vritra, el drac de cent caps, \u00e9s un <span class=\"iwg-fachbegriff\" data-tooltip=\"Una narraci\u00f3 transmesa sobre d\u00e9us, or\u00edgens i l'ordre del m\u00f3n.\" tabindex=\"0\">mite<\/span> etern: Vritra ret\u00e9 les aig\u00fces captives, i Indra el colpeja amb el vajra. Aix\u00f2 no \u00e9s merament <span class=\"iwg-fachbegriff\" data-tooltip=\"El conjunt de les narracions m\u00edtiques transmeses d'una cultura.\" tabindex=\"0\">mitologia<\/span> de la natura, sin\u00f3 una met\u00e0fora c\u00f2smica de la superaci\u00f3 de la in\u00e8rcia i la ignor\u00e0ncia. En els sacrificis v\u00e8dics yaj\u00f1a, Indra era el principal receptor.<\/p><h3>Aparen\u00e7a i simbolisme<\/h3><p><em>Indra<\/em> es representa com un d\u00e9u corpulent, de color blau verd\u00f3s o daurat, sovint amb cent ulls per tot el cos. Porta un llampec (vajra) i munta l&#8217;elefant blanc Airavata. El tro \u00e9s el seu atribut principal, associat a la pluja i a un carisma guerrer.<\/p>\t\t\t\t\t\t\t\t<\/div>\n\t\t\t\t<\/div>\n\t\t\t\t\t<\/div>\n\t\t\t\t<\/div>\n\t\t<div class=\"elementor-element elementor-element-44e71476 e-flex e-con-boxed e-con e-parent\" data-id=\"44e71476\" data-element_type=\"container\" data-e-type=\"container\">\n\t\t\t\t\t<div class=\"e-con-inner\">\n\t\t\t\t<div class=\"elementor-element elementor-element-3c1fc3f0 elementor-widget elementor-widget-heading\" data-id=\"3c1fc3f0\" data-element_type=\"widget\" data-e-type=\"widget\" data-widget_type=\"heading.default\">\n\t\t\t\t\t<h2 class=\"elementor-heading-title elementor-size-default\">Fitxa: Indra<\/h2>\t\t\t\t<\/div>\n\t\t<div class=\"elementor-element elementor-element-84f33b8e e-con-full e-flex e-con e-child\" data-id=\"84f33b8e\" data-element_type=\"container\" data-e-type=\"container\">\n\t\t\t\t<div class=\"elementor-element elementor-element-hqkdc67p elementor-widget elementor-widget-text-editor\" data-id=\"hqkdc67p\" data-element_type=\"widget\" data-e-type=\"widget\" data-widget_type=\"text-editor.default\">\n\t\t\t\t\t\t\t\t\t<p>Els aspectes m\u00e9s importants d&#8217;Indra d&#8217;un cop d&#8217;ull. Els camps seg\u00fcents resumeixen l&#8217;origen, la funci\u00f3, l&#8217;aparen\u00e7a, la veneraci\u00f3, els s\u00edmbols i els paral\u00b7lelismes culturals.<\/p>\t\t\t\t\t\t\t\t<\/div>\n\t\t\t\t<\/div>\n\t\t<div class=\"elementor-element elementor-element-pemmx7c5 e-con-full e-flex e-con e-child\" data-id=\"pemmx7c5\" data-element_type=\"container\" data-e-type=\"container\">\n\t\t<div class=\"elementor-element elementor-element-pemmx7c1 e-con-full e-flex e-con e-child\" data-id=\"pemmx7c1\" data-element_type=\"container\" data-e-type=\"container\">\n\t\t<div class=\"elementor-element elementor-element-qh9oavvu iwg-steckbrief-card e-flex e-con-boxed e-con e-child\" data-id=\"qh9oavvu\" data-element_type=\"container\" data-e-type=\"container\">\n\t\t\t\t\t<div class=\"e-con-inner\">\n\t\t\t\t<div class=\"elementor-element elementor-element-awzx8k2k elementor-widget elementor-widget-heading\" data-id=\"awzx8k2k\" data-element_type=\"widget\" data-e-type=\"widget\" data-widget_type=\"heading.default\">\n\t\t\t\t\t<div class=\"elementor-heading-title elementor-size-default\">Tradici\u00f3<\/div>\t\t\t\t<\/div>\n\t\t\t\t<div class=\"elementor-element elementor-element-x6rowhv0 elementor-widget elementor-widget-text-editor\" data-id=\"x6rowhv0\" data-element_type=\"widget\" data-e-type=\"widget\" data-widget_type=\"text-editor.default\">\n\t\t\t\t\t\t\t\t\t<p>Indra \u00e9s fill del d\u00e9u del cel-pare <em>Dyaus<\/em> (her\u00e8ncia v\u00e8dica indoeuropea de <em>*Dye&#038;#u014d;s ph&#038;#u2202;t&#038;#u113;r<\/em>) i de la mare terra <em>P&#7771;thiv&icirc;<\/em>. Germ\u00e0 de la parella divina bessona formada per Mitra i Varuna. Esposa: <em>&Saacute;ac&icirc;<\/em> (tamb\u00e9 Indr&acirc;&#7751;&icirc;). Pare del semid\u00e9u Arjuna (heroi del Mahabharata). En el budisme, com a &Saacute;akra, la identitat geneal\u00f2gica queda relegada en favor de la funci\u00f3 c\u00f2smica.<\/p>\t\t\t\t\t\t\t\t<\/div>\n\t\t\t\t\t<\/div>\n\t\t\t\t<\/div>\n\t\t<div class=\"elementor-element elementor-element-8e3o4kxs iwg-steckbrief-card e-flex e-con-boxed e-con e-child\" data-id=\"8e3o4kxs\" data-element_type=\"container\" data-e-type=\"container\">\n\t\t\t\t\t<div class=\"e-con-inner\">\n\t\t\t\t<div class=\"elementor-element elementor-element-08rkdgov elementor-widget elementor-widget-heading\" data-id=\"08rkdgov\" data-element_type=\"widget\" data-e-type=\"widget\" data-widget_type=\"heading.default\">\n\t\t\t\t\t<div class=\"elementor-heading-title elementor-size-default\">Objecte d'acci\u00f3<\/div>\t\t\t\t<\/div>\n\t\t\t\t<div class=\"elementor-element elementor-element-uwjelx8s elementor-widget elementor-widget-text-editor\" data-id=\"uwjelx8s\" data-element_type=\"widget\" data-e-type=\"widget\" data-widget_type=\"text-editor.default\">\n\t\t\t\t\t\t\t\t\t<p>Rei dels d\u00e9us v\u00e8dics i heroi guerrer. Patr\u00f3 de la classe guerrera (<em>k&#7779;atriya-varna<\/em>). Portador de la pluja i de la fertilitat (gr\u00e0cies a la vict\u00f2ria sobre Vritra). En el budisme, com a &Saacute;akra: protector del <span class=\"iwg-fachbegriff\" data-tooltip=\"En les religions \u00edndies, la doctrina i l'ordre correcte de l'acci\u00f3.\" tabindex=\"0\">Dharma<\/span>, senyor de la regi\u00f3 celestial de Trayastri&#7747;&scaron;a (33 d\u00e9us), sovint representat com a interlocutor cort\u00e8s i suplicant del Buda, una caracter\u00edstica reducci\u00f3 d&#8217;estatus des d&#8217;Indra rei fins al funcionari budista del m\u00f3n.<\/p>\t\t\t\t\t\t\t\t<\/div>\n\t\t\t\t\t<\/div>\n\t\t\t\t<\/div>\n\t\t<div class=\"elementor-element elementor-element-jm2n74ec iwg-steckbrief-card e-flex e-con-boxed e-con e-child\" data-id=\"jm2n74ec\" data-element_type=\"container\" data-e-type=\"container\">\n\t\t\t\t\t<div class=\"e-con-inner\">\n\t\t\t\t<div class=\"elementor-element elementor-element-8vufse4c elementor-widget elementor-widget-heading\" data-id=\"8vufse4c\" data-element_type=\"widget\" data-e-type=\"widget\" data-widget_type=\"heading.default\">\n\t\t\t\t\t<div class=\"elementor-heading-title elementor-size-default\">L'aparen\u00e7a d'Indra<\/div>\t\t\t\t<\/div>\n\t\t\t\t<div class=\"elementor-element elementor-element-mwb9u015 elementor-widget elementor-widget-text-editor\" data-id=\"mwb9u015\" data-element_type=\"widget\" data-e-type=\"widget\" data-widget_type=\"text-editor.default\">\n\t\t\t\t\t\t\t\t\t<p>Antropomorf, amb cos d&#8217;home vigor\u00f3s i barbut, vestit amb una t\u00fanica daurada. M\u00faltiples ulls al cos (en alguns Pur&acirc;&#7751;a transformats com a c\u00e0stig a partir de m\u00faltiples vulves). <em>Vajra<\/em> (llamp) a la m\u00e0, el <span class=\"iwg-fachbegriff\" data-tooltip=\"Un signe que representa una idea o un significat.\" tabindex=\"0\">s\u00edmbol<\/span> d&#8217;Indra m\u00e9s important, que m\u00e9s tard esdevindria el s\u00edmbol principal del budisme <span class=\"iwg-fachbegriff\" tabindex=\"0\" data-tooltip=\"Vehicle de diamant; forma t\u00e0ntrica del budisme Mahayana, present principalment al Tibet, amb la pr\u00e0ctica del yidam al centre.\">Vajrayana<\/span>.<\/p><p>Muntura: l&#8217;elefant blanc <em>Airavata<\/em>, amb tres o m\u00e9s caps. Arc i fletxes (tan r\u00e0pides com un llamp). En les representacions budistes (Taishakuten), apareix com una figura entronitzada i cortesa, amb ceptre i corona, sovint asseguda en posici\u00f3 de lotus.<\/p>\t\t\t\t\t\t\t\t<\/div>\n\t\t\t\t\t<\/div>\n\t\t\t\t<\/div>\n\t\t\t\t<\/div>\n\t\t<div class=\"elementor-element elementor-element-pemmx7c2 e-con-full e-flex e-con e-child\" data-id=\"pemmx7c2\" data-element_type=\"container\" data-e-type=\"container\">\n\t\t<div class=\"elementor-element elementor-element-37ss2yr6 iwg-steckbrief-card e-flex e-con-boxed e-con e-child\" data-id=\"37ss2yr6\" data-element_type=\"container\" data-e-type=\"container\">\n\t\t\t\t\t<div class=\"e-con-inner\">\n\t\t\t\t<div class=\"elementor-element elementor-element-3v0wp3wx elementor-widget elementor-widget-heading\" data-id=\"3v0wp3wx\" data-element_type=\"widget\" data-e-type=\"widget\" data-widget_type=\"heading.default\">\n\t\t\t\t\t<div class=\"elementor-heading-title elementor-size-default\">L'acci\u00f3 d'Indra<\/div>\t\t\t\t<\/div>\n\t\t\t\t<div class=\"elementor-element elementor-element-w3247g2m elementor-widget elementor-widget-text-editor\" data-id=\"w3247g2m\" data-element_type=\"widget\" data-e-type=\"widget\" data-widget_type=\"text-editor.default\">\n\t\t\t\t\t\t\t\t\t<p><strong>\u00c0mbit d&#8217;acci\u00f3:<\/strong> A l&#8217;\u00cdndia v\u00e8dica, Indra era invocat en cada <em>yaj&ntilde;a<\/em> (<span class=\"iwg-fachbegriff\" data-tooltip=\"Ofrena a una divinitat per expressar gratitud, s\u00faplica o veneraci\u00f3.\" tabindex=\"0\">ofrena<\/span>), alimentat amb libacions de soma. Guerrers i reis l&#8217;invocaven abans de les batalles. Els rituals complets de soma (<em>agni&#7779;&#7789;oma<\/em>, <em>v&acirc;japeya<\/em>) li estaven dedicats junt amb Agni.<\/p><p>En la pr\u00e0ctica hind\u00fa actual, el seu paper \u00e9s nom\u00e9s perif\u00e8ric. En el budisme, en canvi, continua present: \u00e9s invocat com a protector en els rituals de tots els <span class=\"iwg-fachbegriff\" data-tooltip=\"Una construcci\u00f3 dedicada a la veneraci\u00f3 d'una o m\u00e9s divinitats.\" tabindex=\"0\">temples<\/span>. Al Nepal, el gran festival <em>Indra-Jatra<\/em> a Katmand\u00fa compta amb balls de m\u00e0scares i processons de carrosses.<\/p>\t\t\t\t\t\t\t\t<\/div>\n\t\t\t\t\t<\/div>\n\t\t\t\t<\/div>\n\t\t<div class=\"elementor-element elementor-element-0qpjal9w iwg-steckbrief-card e-flex e-con-boxed e-con e-child\" data-id=\"0qpjal9w\" data-element_type=\"container\" data-e-type=\"container\">\n\t\t\t\t\t<div class=\"e-con-inner\">\n\t\t\t\t<div class=\"elementor-element elementor-element-6ndoih0o elementor-widget elementor-widget-heading\" data-id=\"6ndoih0o\" data-element_type=\"widget\" data-e-type=\"widget\" data-widget_type=\"heading.default\">\n\t\t\t\t\t<div class=\"elementor-heading-title elementor-size-default\">Amulets protectors<\/div>\t\t\t\t<\/div>\n\t\t\t\t<div class=\"elementor-element elementor-element-6684tyh9 elementor-widget elementor-widget-text-editor\" data-id=\"6684tyh9\" data-element_type=\"widget\" data-e-type=\"widget\" data-widget_type=\"text-editor.default\">\n\t\t\t\t\t\t\t\t\t<p>Vajra (llamp, atribut principal, m\u00e9s tard <span class=\"iwg-fachbegriff\" data-tooltip=\"Un signe que representa una idea o un significat.\" tabindex=\"0\">s\u00edmbol<\/span> budista), arc amb fletxes, Airavata (elefant blanc), Soma (beguda sagrada), estendard d&#8217;Indra (en la tradici\u00f3 Pur&acirc;&#7751;a), arc de Sant Mart\u00ed (el seu arc). Planta sagrada: Soma (encara no identificada bot\u00e0nicament amb certesa). Animals sagrats: elefant (Airavata), \u00e0guila. Nombre sagrat: 1.000 (els seus 1.000 ulls).<\/p>\t\t\t\t\t\t\t\t<\/div>\n\t\t\t\t\t<\/div>\n\t\t\t\t<\/div>\n\t\t<div class=\"elementor-element elementor-element-3lfi7x32 iwg-steckbrief-card e-flex e-con-boxed e-con e-child\" data-id=\"3lfi7x32\" data-element_type=\"container\" data-e-type=\"container\">\n\t\t\t\t\t<div class=\"e-con-inner\">\n\t\t\t\t<div class=\"elementor-element elementor-element-0kg99ga1 elementor-widget elementor-widget-heading\" data-id=\"0kg99ga1\" data-element_type=\"widget\" data-e-type=\"widget\" data-widget_type=\"heading.default\">\n\t\t\t\t\t<div class=\"elementor-heading-title elementor-size-default\">Paral\u00b7lels d'Indra<\/div>\t\t\t\t<\/div>\n\t\t\t\t<div class=\"elementor-element elementor-element-n0fum6kp elementor-widget elementor-widget-text-editor\" data-id=\"n0fum6kp\" data-element_type=\"widget\" data-e-type=\"widget\" data-widget_type=\"text-editor.default\">\n\t\t\t\t\t\t\t\t\t<p><em>&Saacute;akra \/ Taishakuten<\/em> (budisme, adopci\u00f3 pr\u00e0cticament id\u00e8ntica), <em>Zeus<\/em> (Gr\u00e8cia, rei dels d\u00e9us portador del llamp, arrel indoeuropea comuna <em>*dyeus<\/em>), <em>Iuppiter<\/em> (Roma), <em>Thor<\/em> (germ\u00e0nic, d\u00e9u del tro amb el martell), <em>Perun<\/em> (eslau), <em>Tarchunna\/Tesub<\/em> (hitites), <em>Marduk<\/em> (Mesopot\u00e0mia, heroi de la tempesta), <em>Adad\/Hadad<\/em> (Mesopot\u00e0mia), <em>Baal<\/em> (Llevant), <em>Raijin<\/em> (Jap\u00f3, d\u00e9u del tro en el <span class=\"iwg-fachbegriff\" data-tooltip=\"La religi\u00f3 ind\u00edgena del Jap\u00f3, marcada per la veneraci\u00f3 dels kami.\" tabindex=\"0\">Shinto<\/span>). La batalla entre Indra i Vritra correspon estructuralment als mites de combat contra dracs de moltes religions indoeuropees (Thor contra Jormungand, Apol\u00b7lo contra Pit\u00f3, Marduk contra Tiamat).<\/p>\t\t\t\t\t\t\t\t<\/div>\n\t\t\t\t\t<\/div>\n\t\t\t\t<\/div>\n\t\t\t\t<\/div>\n\t\t\t\t<\/div>\n\t\t\t\t\t<\/div>\n\t\t\t\t<\/div>\n\t\t<div class=\"elementor-element elementor-element-7533bc7a e-flex e-con-boxed e-con e-parent\" data-id=\"7533bc7a\" data-element_type=\"container\" data-e-type=\"container\">\n\t\t\t\t\t<div class=\"e-con-inner\">\n\t\t\t\t<div class=\"elementor-element elementor-element-2447d18d elementor-widget elementor-widget-heading\" data-id=\"2447d18d\" data-element_type=\"widget\" data-e-type=\"widget\" data-widget_type=\"heading.default\">\n\t\t\t\t\t<h2 class=\"elementor-heading-title elementor-size-default\">Defensa pr\u00e0ctica<\/h2>\t\t\t\t<\/div>\n\t\t<div class=\"elementor-element elementor-element-d5d0260c e-con-full e-flex e-con e-child\" data-id=\"d5d0260c\" data-element_type=\"container\" data-e-type=\"container\">\n\t\t\t\t<div class=\"elementor-element elementor-element-341be2ac elementor-widget elementor-widget-text-editor\" data-id=\"341be2ac\" data-element_type=\"widget\" data-e-type=\"widget\" data-widget_type=\"text-editor.default\">\n\t\t\t\t\t\t\t\t\t<p><strong>Amulets i s\u00edmbols de protecci\u00f3<\/strong><\/p><p>El s\u00edmbol de protecci\u00f3 m\u00e9s important associat a Indra \u00e9s el Vajra, el llamp amb el qual va matar el drac Vritra. El Vajra representa una for\u00e7a indestructible i la defensa contra el caos; com a estri ritual i com a penjoll, va esdevenir, molt m\u00e9s enll\u00e0 del context v\u00e8dic i fins a l&#8217;hinduisme i el budisme, un signe de fermesa i protecci\u00f3.<\/p><p>En la <span class=\"iwg-fachbegriff\" data-tooltip=\"La transmissi\u00f3 de coneixements i relats a trav\u00e9s de les generacions.\" tabindex=\"0\">tradici\u00f3<\/span> v\u00e8dica, Indra \u00e9s considerat tamb\u00e9 un ajudant en la batalla i en la necessitat; nombrosos himnes del Rigveda l&#8217;invoquen perqu\u00e8 ajudi contra els enemics i la sequera. Les representacions d&#8217;Indra muntat sobre el seu elefant blanc Airavata decoraven les portes dels temples com a figures guardianes de la direcci\u00f3 celestial de l&#8217;est.<\/p><h3><span class=\"iwg-fachbegriff\" data-tooltip=\"El conjunt dels actes de veneraci\u00f3 religiosa dedicats a una divinitat o figura sagrada.\" tabindex=\"0\">Culte<\/span> i veneraci\u00f3<\/h3><p><em>Indra<\/em> va tenir en temps v\u00e8dics cultes intensos amb rituals d&#8217;ofrena, especialment libacions de soma. La festa d&#8217;Indra commemora vict\u00f2ries sobre dimonis i encara se celebra parcialment al sud de l&#8217;\u00cdndia. La major veneraci\u00f3 es va donar en tradicions de <span class=\"iwg-fachbegriff\" data-tooltip=\"Sistema religi\u00f3s en el qual especialistes es comuniquen amb el m\u00f3n dels esperits.\" tabindex=\"0\">xamanisme<\/span>, on el seu Vajra es venera com una for\u00e7a m\u00edstica.<\/p>\t\t\t\t\t\t\t\t<\/div>\n\t\t\t\t<\/div>\n\t\t\t\t\t<\/div>\n\t\t\t\t<\/div>\n\t\t<div class=\"elementor-element elementor-element-5a584676 e-flex e-con-boxed e-con e-parent\" data-id=\"5a584676\" data-element_type=\"container\" data-e-type=\"container\">\n\t\t\t\t\t<div class=\"e-con-inner\">\n\t\t\t\t<div class=\"elementor-element elementor-element-6d0757bf elementor-widget elementor-widget-heading\" data-id=\"6d0757bf\" data-element_type=\"widget\" data-e-type=\"widget\" data-widget_type=\"heading.default\">\n\t\t\t\t\t<h2 class=\"elementor-heading-title elementor-size-default\">Indra, paral\u00b7lels en altres cultures<\/h2>\t\t\t\t<\/div>\n\t\t<div class=\"elementor-element elementor-element-60563f68 e-con-full e-flex e-con e-child\" data-id=\"60563f68\" data-element_type=\"container\" data-e-type=\"container\">\n\t\t\t\t<div class=\"elementor-element elementor-element-5a93fdd6 elementor-widget elementor-widget-text-editor\" data-id=\"5a93fdd6\" data-element_type=\"widget\" data-e-type=\"widget\" data-widget_type=\"text-editor.default\">\n\t\t\t\t\t\t\t\t\t<p>Indra s&#8217;assembla a Zeus dels grecs: tots dos s\u00f3n reis dels d\u00e9us, d\u00e9us del tro, sobirans del cel. El combat contra Vritra recorda el combat de Thor contra la serp J\u00f6rmungandr en la <span class=\"iwg-fachbegriff\" data-tooltip=\"El conjunt de relats m\u00edtics transmesos sobre els d\u00e9us d'una cultura.\" tabindex=\"0\">mitologia<\/span> n\u00f2rdica, o la vict\u00f2ria d&#8217;Apol\u00b7lo sobre Pit\u00f3. L&#8217;estil d&#8217;Indra \u00e9s m\u00e9s guerrer i menys moral que el dels d\u00e9us hinduistes posteriors; gaudeix de l&#8217;ambrosia i de nimfes seductores, un tret t\u00edpicament v\u00e8dic-politeista.<\/p>\t\t\t\t\t\t\t\t<\/div>\n\t\t\t\t<\/div>\n\t\t\t\t\t<\/div>\n\t\t\t\t<\/div>\n\t\t<div class=\"elementor-element elementor-element-cp96b3057 e-flex e-con-boxed e-con e-parent\" data-id=\"cp96b3057\" data-element_type=\"container\" data-e-type=\"container\">\n\t\t\t\t\t<div class=\"e-con-inner\">\n\t\t\t\t<div class=\"elementor-element elementor-element-cpe02117e elementor-widget elementor-widget-heading\" data-id=\"cpe02117e\" data-element_type=\"widget\" data-e-type=\"widget\" data-widget_type=\"heading.default\">\n\t\t\t\t\t<h2 class=\"elementor-heading-title elementor-size-default\">El combat contra el drac Vritra: el mite central d'Indra al Rigveda<\/h2>\t\t\t\t<\/div>\n\t\t<div class=\"elementor-element elementor-element-cp2d3eb8f e-con-full e-flex e-con e-child\" data-id=\"cp2d3eb8f\" data-element_type=\"container\" data-e-type=\"container\">\n\t\t\t\t<div class=\"elementor-element elementor-element-cp3856a27 elementor-widget elementor-widget-text-editor\" data-id=\"cp3856a27\" data-element_type=\"widget\" data-e-type=\"widget\" data-widget_type=\"text-editor.default\">\n\t\t\t\t\t\t\t\t\t<p>El <span class=\"iwg-fachbegriff\" data-tooltip=\"Un relat transm\u00e8s sobre d\u00e9us, or\u00edgens i l'ordre del m\u00f3n.\" tabindex=\"0\">mite<\/span> m\u00e9s important i m\u00e9s cantat sobre Indra \u00e9s la lluita contra <em>Vritra<\/em>. El <em>Rigveda<\/em>, l&#8217;estrat m\u00e9s antic de la <span class=\"iwg-fachbegriff\" data-tooltip=\"La transmissi\u00f3 de coneixements i relats a trav\u00e9s de generacions.\" tabindex=\"0\">tradici\u00f3<\/span> \u00edndia, sorgit probablement en el segon mil\u00b7lenni abans de la nostra era, torna una vegada i altra sobre aquesta gesta, considerada la gran obra d&#8217;Indra per excel\u00b7l\u00e8ncia.<\/p><p>Vritra, cujo nom significa aproximadament &#8222;obstacle&#8220; o &#8222;el que envolta&#8220;, \u00e9s un \u00e9sser semblant a una serp o un drac que ret\u00e9 les aig\u00fces. En alguns versos jeu sobre les muntanyes i bloqueja els rius, de manera que el m\u00f3n s&#8217;asseca.<\/p><p>Indra, enfortit pel beuratge embriagador <em>Soma<\/em>, ataca amb la seva ma\u00e7a de tro, el <em>Vajra<\/em>, mata Vritra i allibera les aig\u00fces, que aleshores flueixen cap al mar.<\/p><p>El <span class=\"iwg-fachbegriff\" data-tooltip=\"Un relat transm\u00e8s sobre d\u00e9us, or\u00edgens i l'ordre del m\u00f3n.\" tabindex=\"0\">mite<\/span> t\u00e9 diversos nivells de significat. D&#8217;una banda, explica el mons\u00f3 i l&#8217;alliberament de l&#8217;aigua que dona vida despr\u00e9s de l&#8217;estaci\u00f3 seca. De l&#8217;altra, \u00e9s un acte cosmog\u00f2nic: en eliminar l&#8217;obstacle, Indra fa possible per primera vegada el curs ordenat del m\u00f3n. Sost\u00e9 el cel, fa sortir el sol i crea espai.<\/p><p>Des del punt de vista de la ci\u00e8ncia de les religions, la lluita contra Vritra pertany al vast cercle de relats de lluita contra el caos, entre els quals tamb\u00e9 es compta la lluita babil\u00f2nica contra <a href=\"https:\/\/iwell-guard.com\/ca\/?page_id=171558\">Tiamat<\/a>. Dins del <em>Rigveda<\/em>, aquesta gesta \u00e9s el fonament del rang d&#8217;Indra: \u00e9s el rei dels d\u00e9us perqu\u00e8 ha dut a terme aquesta acci\u00f3.<\/p><p>Textos posteriors amplien la narraci\u00f3 i afegeixen que la mort de Vritra, considerat en part un brahman, carrega Indra amb culpa, un <span class=\"iwg-fachbegriff\" data-tooltip=\"Un element de contingut recurrent en l'art o la narraci\u00f3.\" tabindex=\"0\">motiu<\/span> que acompanya la seva posterior p\u00e8rdua d&#8217;import\u00e0ncia.<\/p>\t\t\t\t\t\t\t\t<\/div>\n\t\t\t\t<\/div>\n\t\t\t\t\t<\/div>\n\t\t\t\t<\/div>\n\t\t<div class=\"elementor-element elementor-element-cp8806768 e-flex e-con-boxed e-con e-parent\" data-id=\"cp8806768\" data-element_type=\"container\" data-e-type=\"container\">\n\t\t\t\t\t<div class=\"e-con-inner\">\n\t\t\t\t<div class=\"elementor-element elementor-element-cpd4b09b2 elementor-widget elementor-widget-heading\" data-id=\"cpd4b09b2\" data-element_type=\"widget\" data-e-type=\"widget\" data-widget_type=\"heading.default\">\n\t\t\t\t\t<h2 class=\"elementor-heading-title elementor-size-default\">Del d\u00e9u suprem a guardi\u00e0 d'una direcci\u00f3 celestial: la decad\u00e8ncia d'Indra<\/h2>\t\t\t\t<\/div>\n\t\t<div class=\"elementor-element elementor-element-cp320cfe0 e-con-full e-flex e-con e-child\" data-id=\"cp320cfe0\" data-element_type=\"container\" data-e-type=\"container\">\n\t\t\t\t<div class=\"elementor-element elementor-element-cp72aa5e2 elementor-widget elementor-widget-text-editor\" data-id=\"cp72aa5e2\" data-element_type=\"widget\" data-e-type=\"widget\" data-widget_type=\"text-editor.default\">\n\t\t\t\t\t\t\t\t\t<p>Poques divinitats mostren un canvi de significat tan marcat com Indra. Al <em>Rigveda<\/em> \u00e9s, de llarg, la <span class=\"iwg-fachbegriff\" data-tooltip=\"Un \u00e9sser venerat com a div\u00ed dins d'una religi\u00f3.\" tabindex=\"0\">divinitat<\/span> m\u00e9s invocada; una gran part dels himnes li \u00e9s dedicada. \u00c9s el d\u00e9u rei, el guerrer, el vencedor dels enemics, l&#8217;ajudant de les tribus v\u00e8diques.<\/p><p>En l&#8217;\u00e8poca postv\u00e8dica, en els \u00e8pics <em>Mahabharata<\/em> i <em>Ramayana<\/em> i en els <em>Pur\u0101nas<\/em>, Indra perd aquesta posici\u00f3 capdavantera. La veneraci\u00f3 religiosa es despla\u00e7a cap a <a href=\"https:\/\/iwell-guard.com\/ca\/?page_id=171557\">Vishnu<\/a> i <a href=\"https:\/\/iwell-guard.com\/ca\/?page_id=171517\">Shiva<\/a>, i m\u00e9s tard tamb\u00e9 cap a la Deessa en les seves diverses formes. Indra passa a ser una figura secund\u00e0ria.<\/p><p>En els textos posteriors apareix sovint com el rei d&#8217;un m\u00f3n celestial, el <em>Svarga<\/em>, un lloc paradis\u00edac per\u00f2 ef\u00edmer, i com <em>Lokapala<\/em>, guardi\u00e0 d&#8217;una de les direccions celestials, concretament de l&#8217;est.<\/p><p>Els relats el descriuen ara sovint com feble, gel\u00f3s o falibl\u0435: tem pel seu tron quan un ascet\u0430 acumula massa poder mitjan\u00e7ant la penit\u00e8ncia, i envia seductores celestials per pertorbar-ne la concentraci\u00f3. La hist\u00f2ria de la seva falta amb Ahalya i la <span class=\"iwg-fachbegriff\" data-tooltip=\"F\u00f3rmula verbal amb la qual es vol causar un mal a una persona o cosa.\" tabindex=\"0\">maledicci\u00f3<\/span> que en resulta \u00e9s un dels episodis m\u00e9s coneguts d&#8217;aquest tipus.<\/p><p>La investigaci\u00f3 interpreta aquesta decad\u00e8ncia com el reflex de canvis religiosos profunds: del culte sacrificial v\u00e8dic, en el centre del qual hi havia d\u00e9us com Indra, cap a la devoci\u00f3 (<em>bhakti<\/em>) dels corrents hinduistes posteriors. Indra va romandre present, per\u00f2 el seu paper va canviar de d\u00e9u principal venerat a personatge literari secundari, en el qual es podia mostrar la limitaci\u00f3 fins i tot del poder celestial.<\/p>\t\t\t\t\t\t\t\t<\/div>\n\t\t\t\t<\/div>\n\t\t\t\t\t<\/div>\n\t\t\t\t<\/div>\n\t\t<div class=\"elementor-element elementor-element-cp84ac702 e-flex e-con-boxed e-con e-parent\" data-id=\"cp84ac702\" data-element_type=\"container\" data-e-type=\"container\">\n\t\t\t\t\t<div class=\"e-con-inner\">\n\t\t\t\t<div class=\"elementor-element elementor-element-cp5eb7ab4 elementor-widget elementor-widget-heading\" data-id=\"cp5eb7ab4\" data-element_type=\"widget\" data-e-type=\"widget\" data-widget_type=\"heading.default\">\n\t\t\t\t\t<h2 class=\"elementor-heading-title elementor-size-default\">Indra en el budisme i el jainisme: Sakra i el protector de la doctrina<\/h2>\t\t\t\t<\/div>\n\t\t<div class=\"elementor-element elementor-element-cp7c6d803 e-con-full e-flex e-con e-child\" data-id=\"cp7c6d803\" data-element_type=\"container\" data-e-type=\"container\">\n\t\t\t\t<div class=\"elementor-element elementor-element-cpf200db4 elementor-widget elementor-widget-text-editor\" data-id=\"cpf200db4\" data-element_type=\"widget\" data-e-type=\"widget\" data-widget_type=\"text-editor.default\">\n\t\t\t\t\t\t\t\t\t<p>Indra no va desapar\u00e8ixer de la hist\u00f2ria de la religi\u00f3 \u00edndia, sin\u00f3 que va ser adoptat i reintegrat per les tradicions no bram\u00e0niques. En el budisme apareix majorit\u00e0riament amb el nom de <em>Sakra<\/em> o <em>Shakra<\/em>, un ep\u00edtet ja documentat al <em>Rigveda<\/em> que significa &#8222;el poder\u00f3s&#8220;, sovint ampliat a <em>Sakra Devanam Indra<\/em>, &#8222;Sakra, senyor dels d\u00e9us&#8220;.<\/p><p>En els textos budistes, Sakra \u00e9s el governant del cel dels Trenta-tres D\u00e9us, situat al cim de la muntanya del m\u00f3n, el Meru.<\/p><p>A difer\u00e8ncia del material hinduista, aqu\u00ed \u00e9s una figura completament ben\u00e8vola: apareix com a protector de Buda i de la doctrina budista, li fa preguntes, escolta els seus sermons i dona suport a les persones pietoses. En l&#8217;art budista, per exemple en els relleus antics de Sanchi i Bharhut, es representa amb freq\u00fc\u00e8ncia.<\/p><p>\u00c9s important, per\u00f2, la seva posici\u00f3 jer\u00e0rquica: Sakra \u00e9s el rei dels d\u00e9us, per\u00f2 ell mateix est\u00e0 subordinat als ensenyaments de Buda i, com tots els d\u00e9us en la cosmovisi\u00f3 budista, sotm\u00e8s al cicle de naixement i mort. La seva exist\u00e8ncia divina \u00e9s una forma d&#8217;exist\u00e8ncia feli\u00e7, per\u00f2 ef\u00edmera.<\/p><p>Tamb\u00e9 el jainisme coneix Indra, all\u00e0 com a <em>Shakra<\/em> o amb noms similars, com a governant celestial que apareix i honra els esdeveniments clau en la vida d&#8217;un Tirthankara, un creador de cam\u00ed.<\/p><p>En ambdues tradicions es mostra el mateix patr\u00f3: el d\u00e9u v\u00e8dic antigament suprem continua sent una figura respectada i poderosa, per\u00f2 queda integrat i subordinat a la doctrina de salvaci\u00f3 pr\u00f2pia i superior de cada tradici\u00f3.<\/p>\t\t\t\t\t\t\t\t<\/div>\n\t\t\t\t<\/div>\n\t\t\t\t\t<\/div>\n\t\t\t\t<\/div>\n\t\t<div class=\"elementor-element elementor-element-36dd7469 e-flex e-con-boxed e-con e-parent\" data-id=\"36dd7469\" data-element_type=\"container\" data-e-type=\"container\">\n\t\t\t\t\t<div class=\"e-con-inner\">\n\t\t\t\t<div class=\"elementor-element elementor-element-13760ab4 elementor-widget elementor-widget-heading\" data-id=\"13760ab4\" data-element_type=\"widget\" data-e-type=\"widget\" data-widget_type=\"heading.default\">\n\t\t\t\t\t<h2 class=\"elementor-heading-title elementor-size-default\">Enlla\u00e7os relacionats<\/h2>\t\t\t\t<\/div>\n\t\t<div class=\"elementor-element elementor-element-28c87796 e-con-full e-flex e-con e-child\" data-id=\"28c87796\" data-element_type=\"container\" data-e-type=\"container\">\n\t\t\t\t<div class=\"elementor-element elementor-element-5d6538df elementor-widget elementor-widget-text-editor\" data-id=\"5d6538df\" data-element_type=\"widget\" data-e-type=\"widget\" data-widget_type=\"text-editor.default\">\n\t\t\t\t\t\t\t\t\t<ul><li><a href=\"https:\/\/iwell-guard.com\/ca\/?page_id=171557\">Vishnu, superior en els Pur\u0101\u1e47as<\/a><\/li><li><a href=\"https:\/\/iwell-guard.com\/ca\/?page_id=171462\">Zeus, paral\u00b7lel grec com a rei del tro<\/a><\/li><li><a href=\"https:\/\/iwell-guard.com\/ca\/?page_id=171567\">Thor, paral\u00b7lel germ\u00e0nic del tro<\/a><\/li><li><a href=\"https:\/\/iwell-guard.com\/ca\/?page_id=171516\">Perun, paral\u00b7lel eslau del tro<\/a><\/li><li><a href=\"https:\/\/iwell-guard.com\/ca\/?page_id=171564\">Raijin, paral\u00b7lel japon\u00e8s del tro<\/a><\/li><li><a href=\"https:\/\/iwell-guard.com\/ca\/?page_id=171393\">Hinduisme, visi\u00f3 general del pante\u00f3<\/a><\/li><li><a href=\"https:\/\/iwell-guard.com\/ca\/?page_id=171431\">D\u00e9us, visi\u00f3 general de classes<\/a><\/li><\/ul>\t\t\t\t\t\t\t\t<\/div>\n\t\t\t\t<\/div>\n\t\t\t\t\t<\/div>\n\t\t\t\t<\/div>\n\t\t<div class=\"elementor-element elementor-element-grl4kl40 e-flex e-con-boxed e-con e-parent\" data-id=\"grl4kl40\" data-element_type=\"container\" data-e-type=\"container\">\n\t\t\t\t\t<div class=\"e-con-inner\">\n\t\t\t\t<div class=\"elementor-element elementor-element-bzsbfrmh elementor-widget elementor-widget-heading\" data-id=\"bzsbfrmh\" data-element_type=\"widget\" data-e-type=\"widget\" data-widget_type=\"heading.default\">\n\t\t\t\t\t<h2 class=\"elementor-heading-title elementor-size-default\">Bibliografia de recerca<\/h2>\t\t\t\t<\/div>\n\t\t<div class=\"elementor-element elementor-element-2c13224a e-con-full e-flex e-con e-child\" data-id=\"2c13224a\" data-element_type=\"container\" data-e-type=\"container\">\n\t\t\t\t<div class=\"elementor-element elementor-element-0eymh9ub elementor-widget elementor-widget-text-editor\" data-id=\"0eymh9ub\" data-element_type=\"widget\" data-e-type=\"widget\" data-widget_type=\"text-editor.default\">\n\t\t\t\t\t\t\t\t\t<footer class=\"iwg-literatura\" data-nosnippet=\"true\"><ul><li><span data-nosnippet>Macdonell, A. A.: <em>Vedic Mythology<\/em>. Strassburg 1897 (cl\u00e0ssic).<\/span><\/li><li><span data-nosnippet>O&rsquo;Flaherty, Wendy Doniger: <em>The Origins of Evil in Hindu Mythology<\/em>. Berkeley 1976.<\/span><\/li><li><span data-nosnippet>Doniger, Wendy: <em>Hindu Myths<\/em>. London 1975.<\/span><\/li><li><span data-nosnippet>West, Martin L.: <em>Indo-European Poetry and Myth<\/em>. Oxford 2007 (central per al concepte comparatiu de d\u00e9u del llamp).<\/span><\/li><li><em>Rigveda<\/em> (nombroses traduccions).<\/li><li>Walde, Christine (Ed.): <em>Der Neue Pauly<\/em> (entrada &bdquo;Indra&ldquo;).<\/li><\/ul><\/footer>\n<p class=\"iwg-bib-more\"><span data-nosnippet>M\u00e9s obres de refer\u00e8ncia al <a href=\"https:\/\/iwell-guard.com\/ca\/?page_id=171483\">llistat bibliogr\u00e0fic<\/a>.<\/span><\/p>\t\t\t\t\t\t\t\t<\/div>\n\t\t\t\t<\/div>\n\t\t\t\t\t<\/div>\n\t\t\t\t<\/div>\n\t\t\t\t<\/div>\n\t\t","protected":false},"excerpt":{"rendered":"","protected":false},"author":3,"featured_media":1592,"parent":0,"menu_order":0,"comment_status":"closed","ping_status":"closed","template":"elementor_header_footer","meta":{"_yoast_wpseo_focuskw":"Indra","_yoast_wpseo_title":"Indra \u2013 El rei-tro v\u00e8dic i guardi\u00e0 del cel","_yoast_wpseo_metadesc":"Indra, rei-tro v\u00e8dic i guardi\u00e0 del cel. El vajra llampec, la lluita contra Vritra, l'elefant Airavata i la tradici\u00f3 del Rigveda.","_yoast_wpseo_meta-robots-noindex":"","_yoast_wpseo_canonical":"","_angie_page":false,"gefaehrdungsstufe":"2","wesen_kultur":"hinduismus","wesen_klasse":"goetter","footnotes":""},"categories":[],"class_list":["post-171555","page","type-page","status-publish","has-post-thumbnail","hentry"],"yoast_head":"<!-- This site is optimized with the Yoast SEO Premium plugin v27.7 (Yoast SEO v28.3) - https:\/\/yoast.com\/product\/yoast-seo-premium-wordpress\/ -->\n<title>Indra \u2013 El rei-tro v\u00e8dic i guardi\u00e0 del cel<\/title>\n<meta name=\"description\" content=\"Indra, rei-tro v\u00e8dic i guardi\u00e0 del cel. El vajra llampec, la lluita contra Vritra, l&#039;elefant Airavata i la tradici\u00f3 del Rigveda.\" \/>\n<meta name=\"robots\" content=\"index, follow, max-snippet:-1, max-image-preview:large, max-video-preview:-1\" \/>\n<link rel=\"canonical\" href=\"https:\/\/iwell-guard.com\/ca\/indra\/\" \/>\n<meta property=\"og:locale\" content=\"ca_ES\" \/>\n<meta property=\"og:type\" content=\"article\" \/>\n<meta property=\"og:title\" content=\"Indra\" \/>\n<meta property=\"og:description\" content=\"Indra, rei-tro v\u00e8dic i guardi\u00e0 del cel. El vajra llampec, la lluita contra Vritra, l&#039;elefant Airavata i la tradici\u00f3 del Rigveda.\" \/>\n<meta property=\"og:url\" content=\"https:\/\/iwell-guard.com\/ca\/indra\/\" \/>\n<meta property=\"og:site_name\" content=\"iWell Guard\" \/>\n<meta property=\"article:modified_time\" content=\"2026-09-05T16:00:58+00:00\" \/>\n<meta property=\"og:image\" content=\"https:\/\/iwell-guard.com\/wp-content\/uploads\/2026\/04\/goetter_hinduismus_indra.webp\" \/>\n\t<meta property=\"og:image:width\" content=\"1024\" \/>\n\t<meta property=\"og:image:height\" content=\"1536\" \/>\n\t<meta property=\"og:image:type\" content=\"image\/webp\" \/>\n<meta name=\"twitter:card\" content=\"summary_large_image\" \/>\n<script type=\"application\/ld+json\" class=\"yoast-schema-graph\">{\"@context\":\"https:\\\/\\\/schema.org\",\"@graph\":[{\"@type\":\"WebPage\",\"@id\":\"https:\\\/\\\/iwell-guard.com\\\/ca\\\/indra\\\/\",\"url\":\"https:\\\/\\\/iwell-guard.com\\\/ca\\\/indra\\\/\",\"name\":\"Indra \u2013 El rei-tro v\u00e8dic i guardi\u00e0 del cel\",\"isPartOf\":{\"@id\":\"https:\\\/\\\/iwell-guard.com\\\/ca\\\/#website\"},\"primaryImageOfPage\":{\"@id\":\"https:\\\/\\\/iwell-guard.com\\\/ca\\\/indra\\\/#primaryimage\"},\"image\":{\"@id\":\"https:\\\/\\\/iwell-guard.com\\\/ca\\\/indra\\\/#primaryimage\"},\"thumbnailUrl\":\"https:\\\/\\\/iwell-guard.com\\\/wp-content\\\/uploads\\\/2026\\\/04\\\/goetter_hinduismus_indra.webp\",\"datePublished\":\"2026-09-05T15:40:23+00:00\",\"dateModified\":\"2026-09-05T16:00:58+00:00\",\"description\":\"Indra, rei-tro v\u00e8dic i guardi\u00e0 del cel. El vajra llampec, la lluita contra Vritra, l'elefant Airavata i la tradici\u00f3 del Rigveda.\",\"breadcrumb\":{\"@id\":\"https:\\\/\\\/iwell-guard.com\\\/ca\\\/indra\\\/#breadcrumb\"},\"inLanguage\":\"ca\",\"potentialAction\":[{\"@type\":\"ReadAction\",\"target\":[\"https:\\\/\\\/iwell-guard.com\\\/ca\\\/indra\\\/\"]}]},{\"@type\":\"ImageObject\",\"inLanguage\":\"ca\",\"@id\":\"https:\\\/\\\/iwell-guard.com\\\/ca\\\/indra\\\/#primaryimage\",\"url\":\"https:\\\/\\\/iwell-guard.com\\\/wp-content\\\/uploads\\\/2026\\\/04\\\/goetter_hinduismus_indra.webp\",\"contentUrl\":\"https:\\\/\\\/iwell-guard.com\\\/wp-content\\\/uploads\\\/2026\\\/04\\\/goetter_hinduismus_indra.webp\",\"width\":1024,\"height\":1536,\"caption\":\"D\u00e9us de la tradici\u00f3 hind\u00fa.\"},{\"@type\":\"BreadcrumbList\",\"@id\":\"https:\\\/\\\/iwell-guard.com\\\/ca\\\/indra\\\/#breadcrumb\",\"itemListElement\":[{\"@type\":\"ListItem\",\"position\":1,\"name\":\"Start\",\"item\":\"https:\\\/\\\/iwell-guard.com\\\/ca\\\/?page_id=171333\"},{\"@type\":\"ListItem\",\"position\":2,\"name\":\"Indra\"}]},{\"@type\":\"WebSite\",\"@id\":\"https:\\\/\\\/iwell-guard.com\\\/ca\\\/#website\",\"url\":\"https:\\\/\\\/iwell-guard.com\\\/ca\\\/\",\"name\":\"iWell Guard\",\"description\":\"Schutz vor dunklen Einfl\u00fcssen\",\"publisher\":{\"@id\":\"https:\\\/\\\/iwell-guard.com\\\/ca\\\/#organization\"},\"potentialAction\":[{\"@type\":\"SearchAction\",\"target\":{\"@type\":\"EntryPoint\",\"urlTemplate\":\"https:\\\/\\\/iwell-guard.com\\\/ca\\\/?s={search_term_string}\"},\"query-input\":{\"@type\":\"PropertyValueSpecification\",\"valueRequired\":true,\"valueName\":\"search_term_string\"}}],\"inLanguage\":\"ca\"},{\"@type\":\"Organization\",\"@id\":\"https:\\\/\\\/iwell-guard.com\\\/ca\\\/#organization\",\"name\":\"Ittermann electronic GmbH\",\"url\":\"https:\\\/\\\/iwell-guard.com\\\/ca\\\/\",\"logo\":{\"@type\":\"ImageObject\",\"inLanguage\":\"ca\",\"@id\":\"https:\\\/\\\/iwell-guard.com\\\/ca\\\/#\\\/schema\\\/logo\\\/image\\\/\",\"url\":\"https:\\\/\\\/iwell-guard.com\\\/wp-content\\\/uploads\\\/2026\\\/05\\\/Ittermann-Logo-1182x237-1.png\",\"contentUrl\":\"https:\\\/\\\/iwell-guard.com\\\/wp-content\\\/uploads\\\/2026\\\/05\\\/Ittermann-Logo-1182x237-1.png\",\"width\":1182,\"height\":237,\"caption\":\"Ittermann electronic GmbH\"},\"image\":{\"@id\":\"https:\\\/\\\/iwell-guard.com\\\/ca\\\/#\\\/schema\\\/logo\\\/image\\\/\"},\"sameAs\":[\"https:\\\/\\\/pantip.com\\\/profile\\\/9367242\",\"https:\\\/\\\/micro.blog\\\/iwellguard\",\"https:\\\/\\\/www.diggerslist.com\\\/iwellguard\\\/about\",\"https:\\\/\\\/skitterphoto.com\\\/photographers\\\/2870314\\\/iwell-guard\",\"https:\\\/\\\/iwellguard.wordpress.com\\\/2026\\\/06\\\/06\\\/iwell-guard\\\/\",\"https:\\\/\\\/hub.docker.com\\\/u\\\/iwellguard\",\"https:\\\/\\\/www.pinterest.com\\\/iwellguard\\\/\",\"https:\\\/\\\/bit.ly\\\/m\\\/iwellguard\",\"https:\\\/\\\/entre-vos-mains.alsace.eu\\\/profiles\\\/iwellguard\\\/activity\",\"https:\\\/\\\/gravatar.com\\\/reallybeded8fd34\",\"https:\\\/\\\/naijamatta.com\\\/iwellguard\",\"https:\\\/\\\/www.goodreads.com\\\/iwellguard\",\"https:\\\/\\\/profile.hatena.ne.jp\\\/iwellguard\\\/\",\"https:\\\/\\\/experiment.com\\\/users\\\/iwellguard\",\"https:\\\/\\\/wakelet.com\\\/@iWellGuard82270\",\"https:\\\/\\\/www.chordie.com\\\/forum\\\/profile.php?id=2555664\",\"https:\\\/\\\/www.instapaper.com\\\/p\\\/17757966\",\"https:\\\/\\\/www.mapleprimes.com\\\/users\\\/iwellguard\",\"https:\\\/\\\/businesslistingplus.com\\\/profile\\\/iwell-guard\\\/\",\"https:\\\/\\\/telegra.ph\\\/iWell-Guard-06-06\",\"https:\\\/\\\/pbase.com\\\/iwellguard\\\/iwellguard\",\"https:\\\/\\\/b.hatena.ne.jp\\\/iwellguard\\\/20260607#bookmark-4788405196491818882\",\"https:\\\/\\\/fliphtml5.com\\\/home\\\/iwellguard\",\"https:\\\/\\\/anyflip.com\\\/homepage\\\/cmiwl#About\",\"https:\\\/\\\/transfur.com\\\/Users\\\/iwellguard\",\"http:\\\/\\\/delphi.larsbo.org\\\/user\\\/iwellguard\",\"https:\\\/\\\/jobs.lajobsportal.org\\\/profiles\\\/8380803-iwell-guard\",\"https:\\\/\\\/md.chaosdorf.de\\\/s\\\/jfbe5SBdJD\",\"https:\\\/\\\/www.lingvolive.com\\\/en-us\\\/profile\\\/9ecaeaca-ce11-4e51-9e71-01d55e2bff36\\\/translations\",\"https:\\\/\\\/www.fitday.com\\\/fitness\\\/forums\\\/members\\\/iwellguard.html\",\"https:\\\/\\\/www.mymeetbook.com\\\/iwellguard\",\"https:\\\/\\\/pxhere.com\\\/en\\\/photographer-me\\\/5040798\",\"https:\\\/\\\/disqus.com\\\/by\\\/iwellguard\\\/about\\\/\",\"https:\\\/\\\/pastelink.net\\\/hjwciqwq\",\"https:\\\/\\\/pubhtml5.com\\\/homepage\\\/scjhn\\\/\",\"https:\\\/\\\/www.bitchute.com\\\/channel\\\/2O2eOKzNqujT\",\"https:\\\/\\\/audiomack.com\\\/iwellguard\"]},{\"@type\":\"Article\",\"@id\":\"https:\\\/\\\/iwell-guard.com\\\/ca\\\/indra\\\/#article\",\"isPartOf\":{\"@id\":\"https:\\\/\\\/iwell-guard.com\\\/ca\\\/indra\\\/\"},\"author\":{\"name\":\"Ralf Ittermann\",\"@id\":\"https:\\\/\\\/iwell-guard.com\\\/ca\\\/#\\\/schema\\\/person\\\/ee2a27f1cac3406c7c6fb5820cb7349f\"},\"headline\":\"Indra\",\"datePublished\":\"2026-09-05T15:40:23+00:00\",\"dateModified\":\"2026-09-05T16:00:58+00:00\",\"mainEntityOfPage\":{\"@id\":\"https:\\\/\\\/iwell-guard.com\\\/ca\\\/indra\\\/\"},\"publisher\":{\"@id\":\"https:\\\/\\\/iwell-guard.com\\\/ca\\\/#organization\"},\"image\":{\"@id\":\"https:\\\/\\\/iwell-guard.com\\\/ca\\\/indra\\\/#primaryimage\"},\"thumbnailUrl\":\"https:\\\/\\\/iwell-guard.com\\\/wp-content\\\/uploads\\\/2026\\\/04\\\/goetter_hinduismus_indra.webp\",\"inLanguage\":\"ca\",\"description\":\"Indra, rei-tro v\u00e8dic i guardi\u00e0 del cel. El vajra llampec, la lluita contra Vritra, l'elefant Airavata i la tradici\u00f3 del Rigveda.\"}]}<\/script>\n<!-- \/ Yoast SEO Premium plugin. -->","yoast_head_json":{"title":"Indra \u2013 El rei-tro v\u00e8dic i guardi\u00e0 del cel","description":"Indra, rei-tro v\u00e8dic i guardi\u00e0 del cel. El vajra llampec, la lluita contra Vritra, l'elefant Airavata i la tradici\u00f3 del Rigveda.","robots":{"index":"index","follow":"follow","max-snippet":"max-snippet:-1","max-image-preview":"max-image-preview:large","max-video-preview":"max-video-preview:-1"},"canonical":"https:\/\/iwell-guard.com\/ca\/indra\/","og_locale":"ca_ES","og_type":"article","og_title":"Indra","og_description":"Indra, rei-tro v\u00e8dic i guardi\u00e0 del cel. El vajra llampec, la lluita contra Vritra, l'elefant Airavata i la tradici\u00f3 del Rigveda.","og_url":"https:\/\/iwell-guard.com\/ca\/indra\/","og_site_name":"iWell Guard","article_modified_time":"2026-09-05T16:00:58+00:00","og_image":[{"width":1024,"height":1536,"url":"https:\/\/iwell-guard.com\/wp-content\/uploads\/2026\/04\/goetter_hinduismus_indra.webp","type":"image\/webp"}],"twitter_card":"summary_large_image","schema":{"@context":"https:\/\/schema.org","@graph":[{"@type":"Article","@id":"https:\/\/iwell-guard.com\/ca\/indra\/#article","isPartOf":{"@id":"https:\/\/iwell-guard.com\/ca\/indra\/"},"author":{"name":"Ralf Ittermann","@id":"https:\/\/iwell-guard.com\/ca\/#\/schema\/person\/ee2a27f1cac3406c7c6fb5820cb7349f"},"headline":"Indra","datePublished":"2026-09-05T15:40:23+00:00","dateModified":"2026-09-05T16:00:58+00:00","mainEntityOfPage":{"@id":"https:\/\/iwell-guard.com\/ca\/indra\/"},"publisher":{"@id":"https:\/\/iwell-guard.com\/ca\/#organization"},"image":{"@id":"https:\/\/iwell-guard.com\/ca\/indra\/#primaryimage"},"thumbnailUrl":"https:\/\/iwell-guard.com\/wp-content\/uploads\/2026\/04\/goetter_hinduismus_indra.webp","inLanguage":"ca","description":"Indra, rei-tro v\u00e8dic i guardi\u00e0 del cel. El vajra llampec, la lluita contra Vritra, l'elefant Airavata i la tradici\u00f3 del Rigveda."},{"@type":"WebPage","@id":"https:\/\/iwell-guard.com\/ca\/indra\/","url":"https:\/\/iwell-guard.com\/ca\/indra\/","name":"Indra \u2013 El rei-tro v\u00e8dic i guardi\u00e0 del cel","isPartOf":{"@id":"https:\/\/iwell-guard.com\/ca\/#website"},"primaryImageOfPage":{"@id":"https:\/\/iwell-guard.com\/ca\/indra\/#primaryimage"},"image":{"@id":"https:\/\/iwell-guard.com\/ca\/indra\/#primaryimage"},"thumbnailUrl":"https:\/\/iwell-guard.com\/wp-content\/uploads\/2026\/04\/goetter_hinduismus_indra.webp","datePublished":"2026-09-05T15:40:23+00:00","dateModified":"2026-09-05T16:00:58+00:00","description":"Indra, rei-tro v\u00e8dic i guardi\u00e0 del cel. El vajra llampec, la lluita contra Vritra, l'elefant Airavata i la tradici\u00f3 del Rigveda.","breadcrumb":{"@id":"https:\/\/iwell-guard.com\/ca\/indra\/#breadcrumb"},"inLanguage":"ca","potentialAction":[{"@type":"ReadAction","target":["https:\/\/iwell-guard.com\/ca\/indra\/"]}]},{"@type":"ImageObject","inLanguage":"ca","@id":"https:\/\/iwell-guard.com\/ca\/indra\/#primaryimage","url":"https:\/\/iwell-guard.com\/wp-content\/uploads\/2026\/04\/goetter_hinduismus_indra.webp","contentUrl":"https:\/\/iwell-guard.com\/wp-content\/uploads\/2026\/04\/goetter_hinduismus_indra.webp","width":1024,"height":1536,"caption":"D\u00e9us de la tradici\u00f3 hind\u00fa."},{"@type":"BreadcrumbList","@id":"https:\/\/iwell-guard.com\/ca\/indra\/#breadcrumb","itemListElement":[{"@type":"ListItem","position":1,"name":"Start","item":"https:\/\/iwell-guard.com\/ca\/?page_id=171333"},{"@type":"ListItem","position":2,"name":"Indra"}]},{"@type":"WebSite","@id":"https:\/\/iwell-guard.com\/ca\/#website","url":"https:\/\/iwell-guard.com\/ca\/","name":"iWell Guard","description":"Schutz vor dunklen Einfl\u00fcssen","publisher":{"@id":"https:\/\/iwell-guard.com\/ca\/#organization"},"potentialAction":[{"@type":"SearchAction","target":{"@type":"EntryPoint","urlTemplate":"https:\/\/iwell-guard.com\/ca\/?s={search_term_string}"},"query-input":{"@type":"PropertyValueSpecification","valueRequired":true,"valueName":"search_term_string"}}],"inLanguage":"ca"},{"@type":"Organization","@id":"https:\/\/iwell-guard.com\/ca\/#organization","name":"Ittermann electronic GmbH","url":"https:\/\/iwell-guard.com\/ca\/","logo":{"@type":"ImageObject","inLanguage":"ca","@id":"https:\/\/iwell-guard.com\/ca\/#\/schema\/logo\/image\/","url":"https:\/\/iwell-guard.com\/wp-content\/uploads\/2026\/05\/Ittermann-Logo-1182x237-1.png","contentUrl":"https:\/\/iwell-guard.com\/wp-content\/uploads\/2026\/05\/Ittermann-Logo-1182x237-1.png","width":1182,"height":237,"caption":"Ittermann electronic GmbH"},"image":{"@id":"https:\/\/iwell-guard.com\/ca\/#\/schema\/logo\/image\/"},"sameAs":["https:\/\/pantip.com\/profile\/9367242","https:\/\/micro.blog\/iwellguard","https:\/\/www.diggerslist.com\/iwellguard\/about","https:\/\/skitterphoto.com\/photographers\/2870314\/iwell-guard","https:\/\/iwellguard.wordpress.com\/2026\/06\/06\/iwell-guard\/","https:\/\/hub.docker.com\/u\/iwellguard","https:\/\/www.pinterest.com\/iwellguard\/","https:\/\/bit.ly\/m\/iwellguard","https:\/\/entre-vos-mains.alsace.eu\/profiles\/iwellguard\/activity","https:\/\/gravatar.com\/reallybeded8fd34","https:\/\/naijamatta.com\/iwellguard","https:\/\/www.goodreads.com\/iwellguard","https:\/\/profile.hatena.ne.jp\/iwellguard\/","https:\/\/experiment.com\/users\/iwellguard","https:\/\/wakelet.com\/@iWellGuard82270","https:\/\/www.chordie.com\/forum\/profile.php?id=2555664","https:\/\/www.instapaper.com\/p\/17757966","https:\/\/www.mapleprimes.com\/users\/iwellguard","https:\/\/businesslistingplus.com\/profile\/iwell-guard\/","https:\/\/telegra.ph\/iWell-Guard-06-06","https:\/\/pbase.com\/iwellguard\/iwellguard","https:\/\/b.hatena.ne.jp\/iwellguard\/20260607#bookmark-4788405196491818882","https:\/\/fliphtml5.com\/home\/iwellguard","https:\/\/anyflip.com\/homepage\/cmiwl#About","https:\/\/transfur.com\/Users\/iwellguard","http:\/\/delphi.larsbo.org\/user\/iwellguard","https:\/\/jobs.lajobsportal.org\/profiles\/8380803-iwell-guard","https:\/\/md.chaosdorf.de\/s\/jfbe5SBdJD","https:\/\/www.lingvolive.com\/en-us\/profile\/9ecaeaca-ce11-4e51-9e71-01d55e2bff36\/translations","https:\/\/www.fitday.com\/fitness\/forums\/members\/iwellguard.html","https:\/\/www.mymeetbook.com\/iwellguard","https:\/\/pxhere.com\/en\/photographer-me\/5040798","https:\/\/disqus.com\/by\/iwellguard\/about\/","https:\/\/pastelink.net\/hjwciqwq","https:\/\/pubhtml5.com\/homepage\/scjhn\/","https:\/\/www.bitchute.com\/channel\/2O2eOKzNqujT","https:\/\/audiomack.com\/iwellguard"]},{"@type":"Person","@id":"https:\/\/iwell-guard.com\/ca\/#\/schema\/person\/ee2a27f1cac3406c7c6fb5820cb7349f","name":"Ralf Ittermann","image":{"@type":"ImageObject","inLanguage":"ca","@id":"https:\/\/secure.gravatar.com\/avatar\/073c0153e350a5005b68eb752b445fea71f6b24a26da9449ad7e155e6b446c9d?s=96&d=mm&r=g","url":"https:\/\/secure.gravatar.com\/avatar\/073c0153e350a5005b68eb752b445fea71f6b24a26da9449ad7e155e6b446c9d?s=96&d=mm&r=g","contentUrl":"https:\/\/secure.gravatar.com\/avatar\/073c0153e350a5005b68eb752b445fea71f6b24a26da9449ad7e155e6b446c9d?s=96&d=mm&r=g","caption":"Ralf Ittermann"},"givenName":"Ralf","familyName":"Ittermann","jobTitle":"Gesch\u00e4ftsf\u00fchrer und redaktioneller Verantwortlicher","url":"https:\/\/iwell-guard.com\/ca\/author\/claude\/","description":"Ralf Ittermann ist Gesch\u00e4ftsf\u00fchrer der Ittermann electronic GmbH und redaktioneller Verantwortlicher des iWell-Guard-Lexikons. Er verbindet langj\u00e4hrige Erfahrung in der Pr\u00e4zisionsfertigung mit medialer Praxis und religionsgeschichtlicher Quellenarbeit.","worksFor":{"@type":"Organization","name":"Ittermann electronic GmbH","url":"https:\/\/ittermann.de\/","address":{"@type":"PostalAddress","streetAddress":"K\u00f6hlergasse 16-18","postalCode":"99842","addressLocality":"Ruhla","addressCountry":"DE"}},"knowsAbout":["Religionsgeschichte","Mythologie","Mediale Praxis","Energetische Diagnostik","Schutzpraxis","Volksglauben","Westliche Esoterik"]},{"@type":"Article","@id":"https:\/\/iwell-guard.com\/ca\/indra\/#article","isPartOf":{"@id":"https:\/\/iwell-guard.com\/ca\/indra\/"},"author":{"name":"Ralf Ittermann","@id":"https:\/\/iwell-guard.com\/ca\/#\/schema\/person\/ee2a27f1cac3406c7c6fb5820cb7349f"},"headline":"Indra","datePublished":"2026-09-05T15:40:23+00:00","dateModified":"2026-09-05T16:00:58+00:00","mainEntityOfPage":{"@id":"https:\/\/iwell-guard.com\/ca\/indra\/"},"publisher":{"@id":"https:\/\/iwell-guard.com\/ca\/#organization"},"image":{"@id":"https:\/\/iwell-guard.com\/ca\/indra\/#primaryimage"},"thumbnailUrl":"https:\/\/iwell-guard.com\/wp-content\/uploads\/2026\/04\/goetter_hinduismus_indra.webp","inLanguage":"ca","description":"Indra, rei-tro v\u00e8dic i guardi\u00e0 del cel. El vajra llampec, la lluita contra Vritra, l'elefant Airavata i la tradici\u00f3 del Rigveda."}]}},"_links":{"self":[{"href":"https:\/\/iwell-guard.com\/ca\/wp-json\/wp\/v2\/pages\/171555","targetHints":{"allow":["GET"]}}],"collection":[{"href":"https:\/\/iwell-guard.com\/ca\/wp-json\/wp\/v2\/pages"}],"about":[{"href":"https:\/\/iwell-guard.com\/ca\/wp-json\/wp\/v2\/types\/page"}],"author":[{"embeddable":true,"href":"https:\/\/iwell-guard.com\/ca\/wp-json\/wp\/v2\/users\/3"}],"replies":[{"embeddable":true,"href":"https:\/\/iwell-guard.com\/ca\/wp-json\/wp\/v2\/comments?post=171555"}],"version-history":[{"count":0,"href":"https:\/\/iwell-guard.com\/ca\/wp-json\/wp\/v2\/pages\/171555\/revisions"}],"wp:featuredmedia":[{"embeddable":true,"href":"https:\/\/iwell-guard.com\/ca\/wp-json\/wp\/v2\/media\/1592"}],"wp:attachment":[{"href":"https:\/\/iwell-guard.com\/ca\/wp-json\/wp\/v2\/media?parent=171555"}],"wp:term":[{"taxonomy":"category","embeddable":true,"href":"https:\/\/iwell-guard.com\/ca\/wp-json\/wp\/v2\/categories?post=171555"}],"curies":[{"name":"wp","href":"https:\/\/api.w.org\/{rel}","templated":true}]}}