{"id":171550,"date":"2026-09-05T15:40:20","date_gmt":"2026-09-05T15:40:20","guid":{"rendered":"https:\/\/iwell-guard.com\/?page_id=171550"},"modified":"2026-09-05T16:00:51","modified_gmt":"2026-09-05T16:00:51","slug":"amon","status":"publish","type":"page","link":"https:\/\/iwell-guard.com\/ca\/amon\/","title":{"rendered":"Amon"},"content":{"rendered":"\t\t<div data-elementor-type=\"wp-page\" data-elementor-id=\"171550\" class=\"elementor elementor-171550 elementor-2062 elementor-bc-flex-widget\" data-elementor-post-type=\"page\">\n\t\t\t\t<div class=\"elementor-element elementor-element-10fdade e-flex e-con-boxed e-con e-parent\" data-id=\"10fdade\" data-element_type=\"container\" data-e-type=\"container\" data-settings=\"{&quot;background_background&quot;:&quot;classic&quot;}\">\n\t\t\t\t\t<div class=\"e-con-inner\">\n\t\t<div class=\"elementor-element elementor-element-herohlft0 e-flex e-con-boxed e-con e-child\" data-id=\"herohlft0\" data-element_type=\"container\" data-e-type=\"container\">\n\t\t\t\t\t<div class=\"e-con-inner\">\n\t\t<div class=\"elementor-element elementor-element-c3ceb64 e-con-full e-flex e-con e-child\" data-id=\"c3ceb64\" data-element_type=\"container\" data-e-type=\"container\">\n\t\t\t\t<div class=\"elementor-element elementor-element-96ae5e1 elementor-widget elementor-widget-heading\" data-id=\"96ae5e1\" data-element_type=\"widget\" data-e-type=\"widget\" data-widget_type=\"heading.default\">\n\t\t\t\t\t<h1 class=\"elementor-heading-title elementor-size-default\">Amon, d\u00e9u de la tradici\u00f3 eg\u00edpcia<\/h1>\t\t\t\t<\/div>\n\t\t\t\t<div class=\"elementor-element elementor-element-e45238a elementor-widget elementor-widget-text-editor\" data-id=\"e45238a\" data-element_type=\"widget\" data-e-type=\"widget\" data-widget_type=\"text-editor.default\">\n\t\t\t\t\t\t\t\t\t<p>Amon \u00e9s un d\u00e9u de la tradici\u00f3 eg\u00edpcia.<\/p><p><strong>El D\u00e9u Creador Ocult, rei dels d\u00e9us, senyor de Tebes.<\/strong> Amon \u00e9s el d\u00e9u que es va crear ell mateix a partir del caos, el seu nom significa \u00abl&#8217;Ocult\u00bb.<\/p><p>Amb caps de molt\u00f3 i corona de plomes, venerat inicialment de forma local a Tebes i despr\u00e9s de manera imperial com Amon-Ra, el propi d\u00e9u solar es converteix en la seva revelaci\u00f3. Cap altra divinitat d&#8217;Orient va ascendir tan r\u00e0pidament d&#8217;una import\u00e0ncia regional al domini c\u00f2smic.<\/p><p>Amon \u00e9s una divinitat principal eg\u00edpcia del Nou Regne.<\/p>\t\t\t\t\t\t\t\t<\/div>\n\t\t\t\t<\/div>\n\t\t<div class=\"elementor-element elementor-element-klsbdg01 e-con-full e-flex e-con e-parent\" data-id=\"klsbdg01\" data-element_type=\"container\" data-e-type=\"container\">\n\t\t\t\t<div class=\"elementor-element elementor-element-klshtm01 elementor-widget elementor-widget-html\" data-id=\"klshtm01\" data-element_type=\"widget\" data-e-type=\"widget\" data-widget_type=\"html.default\">\n\t\t\t\t\t<div class=\"iwg-pill-row\"><span class=\"iwg-klasse-badge\" tabindex=\"0\" data-tooltip=\"D\u00e9u \/ Deessa: Poder suprem personificat en el pante\u00f3 d'una cultura, amb \u00e0mbits clars com les forces de la natura, el dest\u00ed, la guerra o la fertilitat. Venerat mitjan\u00e7ant cultes, ofrenes i institucions dels temples.\">D\u00e9u<\/span><a href=\"https:\/\/iwell-guard.com\/ca\/egipte\/\" class=\"iwg-kultur-badge\" tabindex=\"0\" data-tooltip=\"Mitologia de l'antiga vall del Nil, ca. 3000 aC fins 30 aC.\">Egipte<\/a><a href=\"https:\/\/iwell-guard.com\/ca\/?page_id=171459\" class=\"iwg-tradition-badge\" tabindex=\"0\" data-tooltip=\"Els d\u00e9us m\u00e9s elevats d'un pante\u00f3, sobirania c\u00f2smica, aspecte creador o governant.\">Divinitat suprema<\/a><\/div>\t\t\t\t<\/div>\n\t\t\t\t<\/div>\n\t\t<div class=\"elementor-element elementor-element-3f74855 e-con-full e-flex e-con e-child\" data-id=\"3f74855\" data-element_type=\"container\" data-e-type=\"container\">\n\t\t\t\t<div class=\"elementor-element elementor-element-1c30362 elementor-toc--minimized-on-tablet elementor-widget elementor-widget-table-of-contents\" data-id=\"1c30362\" data-element_type=\"widget\" data-e-type=\"widget\" data-settings=\"{&quot;exclude_headings_by_selector&quot;:[],&quot;no_headings_message&quot;:&quot;No s&#039;ha trobat cap encap\\u00e7alament en aquesta p\\u00e0gina.&quot;,&quot;headings_by_tags&quot;:[&quot;h2&quot;,&quot;h3&quot;],&quot;marker_view&quot;:&quot;bullets&quot;,&quot;minimize_box&quot;:&quot;yes&quot;,&quot;icon&quot;:{&quot;value&quot;:&quot;fas fa-circle&quot;,&quot;library&quot;:&quot;fa-solid&quot;,&quot;rendered_tag&quot;:&quot;&lt;svg class=\\&quot;e-font-icon-svg e-fas-circle\\&quot; viewBox=\\&quot;0 0 512 512\\&quot; xmlns=\\&quot;http:\\\/\\\/www.w3.org\\\/2000\\\/svg\\&quot;&gt;&lt;path d=\\&quot;M256 8C119 8 8 119 8 256s111 248 248 248 248-111 248-248S393 8 256 8z\\&quot;&gt;&lt;\\\/path&gt;&lt;\\\/svg&gt;&quot;},&quot;minimized_on&quot;:&quot;tablet&quot;,&quot;hierarchical_view&quot;:&quot;yes&quot;,&quot;min_height&quot;:{&quot;unit&quot;:&quot;px&quot;,&quot;size&quot;:&quot;&quot;,&quot;sizes&quot;:[]},&quot;min_height_tablet&quot;:{&quot;unit&quot;:&quot;px&quot;,&quot;size&quot;:&quot;&quot;,&quot;sizes&quot;:[]},&quot;min_height_mobile&quot;:{&quot;unit&quot;:&quot;px&quot;,&quot;size&quot;:&quot;&quot;,&quot;sizes&quot;:[]}}\" data-widget_type=\"table-of-contents.default\">\n\t\t\t\t\t\t\t\t\t<div class=\"elementor-toc__header\">\n\t\t\t\t\t\t<h2 class=\"elementor-toc__header-title\">\n\t\t\t\t\u00cdndex\t\t\t<\/h2>\n\t\t\t\t\t\t\t\t\t\t<div class=\"elementor-toc__toggle-button elementor-toc__toggle-button--expand\" role=\"button\" tabindex=\"0\" aria-controls=\"elementor-toc__1c30362\" aria-expanded=\"true\" aria-label=\"Open table of contents\"><svg aria-hidden=\"true\" class=\"e-font-icon-svg e-fas-chevron-down\" viewBox=\"0 0 448 512\" xmlns=\"http:\/\/www.w3.org\/2000\/svg\"><path d=\"M207.029 381.476L12.686 187.132c-9.373-9.373-9.373-24.569 0-33.941l22.667-22.667c9.357-9.357 24.522-9.375 33.901-.04L224 284.505l154.745-154.021c9.379-9.335 24.544-9.317 33.901.04l22.667 22.667c9.373 9.373 9.373 24.569 0 33.941L240.971 381.476c-9.373 9.372-24.569 9.372-33.942 0z\"><\/path><\/svg><\/div>\n\t\t\t\t<div class=\"elementor-toc__toggle-button elementor-toc__toggle-button--collapse\" role=\"button\" tabindex=\"0\" aria-controls=\"elementor-toc__1c30362\" aria-expanded=\"true\" aria-label=\"Close table of contents\"><svg aria-hidden=\"true\" class=\"e-font-icon-svg e-fas-chevron-up\" viewBox=\"0 0 448 512\" xmlns=\"http:\/\/www.w3.org\/2000\/svg\"><path d=\"M240.971 130.524l194.343 194.343c9.373 9.373 9.373 24.569 0 33.941l-22.667 22.667c-9.357 9.357-24.522 9.375-33.901.04L224 227.495 69.255 381.516c-9.379 9.335-24.544 9.317-33.901-.04l-22.667-22.667c-9.373-9.373-9.373-24.569 0-33.941L207.03 130.525c9.372-9.373 24.568-9.373 33.941-.001z\"><\/path><\/svg><\/div>\n\t\t\t\t\t<\/div>\n\t\t\t\t<div id=\"elementor-toc__1c30362\" class=\"elementor-toc__body\">\n\t\t\t<div class=\"elementor-toc__spinner-container\">\n\t\t\t\t<svg class=\"elementor-toc__spinner eicon-animation-spin e-font-icon-svg e-eicon-loading\" aria-hidden=\"true\" viewBox=\"0 0 1000 1000\" xmlns=\"http:\/\/www.w3.org\/2000\/svg\"><path d=\"M500 975V858C696 858 858 696 858 500S696 142 500 142 142 304 142 500H25C25 237 238 25 500 25S975 237 975 500 763 975 500 975Z\"><\/path><\/svg>\t\t\t<\/div>\n\t\t<\/div>\n\t\t\t\t\t\t<\/div>\n\t\t\t\t<\/div>\n\t\t\t\t\t<\/div>\n\t\t\t\t<\/div>\n\t\t<div class=\"elementor-element elementor-element-herorght0 e-con-full e-flex e-con e-child\" data-id=\"herorght0\" data-element_type=\"container\" data-e-type=\"container\">\n\t\t\t\t<div class=\"elementor-element elementor-element-heroimg00 iwg-hero-image elementor-widget elementor-widget-image\" data-id=\"heroimg00\" data-element_type=\"widget\" data-e-type=\"widget\" data-widget_type=\"image.default\">\n\t\t\t\t\t\t\t\t\t\t\t\t\t\t\t<img fetchpriority=\"high\" decoding=\"async\" width=\"683\" height=\"1024\" src=\"https:\/\/iwell-guard.com\/wp-content\/uploads\/2026\/04\/goetter_aegypten_amun-683x1024.webp\" class=\"attachment-large size-large wp-image-173919\" alt=\"Amon - D\u00e9us de la tradici\u00f3 eg\u00edpcia, il\u00b7lustratiu-hist\u00f2ric\" srcset=\"https:\/\/iwell-guard.com\/wp-content\/uploads\/2026\/04\/goetter_aegypten_amun-683x1024.webp 683w, https:\/\/iwell-guard.com\/wp-content\/uploads\/2026\/04\/goetter_aegypten_amun-200x300.webp 200w, https:\/\/iwell-guard.com\/wp-content\/uploads\/2026\/04\/goetter_aegypten_amun-768x1152.webp 768w, https:\/\/iwell-guard.com\/wp-content\/uploads\/2026\/04\/goetter_aegypten_amun.webp 1024w\" sizes=\"(max-width: 683px) 100vw, 683px\" \/>\t\t\t\t\t\t\t\t\t\t\t\t\t\t\t<\/div>\n\t\t\t\t<\/div>\n\t\t\t\t\t<\/div>\n\t\t\t\t<\/div>\n\t\t<div class=\"elementor-element elementor-element-32917199 e-flex e-con-boxed e-con e-parent\" data-id=\"32917199\" data-element_type=\"container\" data-e-type=\"container\">\n\t\t\t\t\t<div class=\"e-con-inner\">\n\t\t<div class=\"elementor-element elementor-element-26e916cb e-flex e-con-boxed e-con e-child\" data-id=\"26e916cb\" data-element_type=\"container\" data-e-type=\"container\">\n\t\t\t\t\t<div class=\"e-con-inner\">\n\t\t<div class=\"elementor-element elementor-element-253a40d4 e-flex e-con-boxed e-con e-child\" data-id=\"253a40d4\" data-element_type=\"container\" data-e-type=\"container\">\n\t\t\t\t\t<div class=\"e-con-inner\">\n\t\t\t\t<div class=\"elementor-element elementor-element-1200c304 elementor-widget elementor-widget-heading\" data-id=\"1200c304\" data-element_type=\"widget\" data-e-type=\"widget\" data-widget_type=\"heading.default\">\n\t\t\t\t\t<h2 class=\"elementor-heading-title elementor-size-default\">Amon<\/h2>\t\t\t\t<\/div>\n\t\t\t\t\t<\/div>\n\t\t\t\t<\/div>\n\t\t<div class=\"elementor-element elementor-element-159dcf9a e-flex e-con-boxed e-con e-child\" data-id=\"159dcf9a\" data-element_type=\"container\" data-e-type=\"container\">\n\t\t\t\t\t<div class=\"e-con-inner\">\n\t\t\t\t<div class=\"elementor-element elementor-element-48cee66f elementor-widget elementor-widget-heading\" data-id=\"48cee66f\" data-element_type=\"widget\" data-e-type=\"widget\" data-widget_type=\"heading.default\">\n\t\t\t\t\t<h2 class=\"elementor-heading-title elementor-size-default\">D'un cop d'ull: Amon<\/h2>\t\t\t\t<\/div>\n\t\t\t\t<div class=\"elementor-element elementor-element-3f50d82c elementor-widget elementor-widget-text-editor\" data-id=\"3f50d82c\" data-element_type=\"widget\" data-e-type=\"widget\" data-widget_type=\"text-editor.default\">\n\t\t\t\t\t\t\t\t\t<p><strong>Tipus:<\/strong> Divinitat principal eg\u00edpcia, d\u00e9u creador i imperial<br><span class=\"iwg-fachbegriff\" data-tooltip=\"El conjunt de d\u00e9us d'una religi\u00f3 o cultura.\" tabindex=\"0\">Pante\u00f3<\/span>: Egipte (Regne Mitj\u00e0 i Nou Regne, \u00c8poca Tardana)<br>Funci\u00f3: Creaci\u00f3, vent i efectes invisibles, unitat de l&#8217;imperi (Amon-Re)<br>Atributs principals: Doble corona de plomes, banya de molt\u00f3, ceptre Was<br>Principals llocs de culte: Karnak i Luxor (Tebes), oasi de Siwa, Napata (Sudan)<br>Identificaci\u00f3 grega: Zeus Am\u00f3<\/p>\t\t\t\t\t\t\t\t<\/div>\n\t\t\t\t\t<\/div>\n\t\t\t\t<\/div>\n\t\t\t\t\t<\/div>\n\t\t\t\t<\/div>\n\t\t\t\t\t<\/div>\n\t\t\t\t<\/div>\n\t\t<div class=\"elementor-element elementor-element-18613602 e-flex e-con-boxed e-con e-parent\" data-id=\"18613602\" data-element_type=\"container\" data-e-type=\"container\">\n\t\t\t\t\t<div class=\"e-con-inner\">\n\t\t\t\t<div class=\"elementor-element elementor-element-262b8a9f elementor-widget elementor-widget-heading\" data-id=\"262b8a9f\" data-element_type=\"widget\" data-e-type=\"widget\" data-widget_type=\"heading.default\">\n\t\t\t\t\t<h2 class=\"elementor-heading-title elementor-size-default\">Introducci\u00f3<\/h2>\t\t\t\t<\/div>\n\t\t<div class=\"elementor-element elementor-element-46dcb7d e-con-full e-flex e-con e-child\" data-id=\"46dcb7d\" data-element_type=\"container\" data-e-type=\"container\">\n\t\t<div class=\"elementor-element elementor-element-61d3ab3 e-flex e-con-boxed e-con e-child\" data-id=\"61d3ab3\" data-element_type=\"container\" data-e-type=\"container\">\n\t\t\t\t\t<div class=\"e-con-inner\">\n\t\t\t\t<div class=\"elementor-element elementor-element-117c166 elementor-widget elementor-widget-heading\" data-id=\"117c166\" data-element_type=\"widget\" data-e-type=\"widget\" data-widget_type=\"heading.default\">\n\t\t\t\t\t<h3 class=\"elementor-heading-title elementor-size-default\">Per\u00edode dels textos<\/h3>\t\t\t\t<\/div>\n\t\t\t\t<div class=\"elementor-element elementor-element-73997a0 elementor-widget elementor-widget-text-editor\" data-id=\"73997a0\" data-element_type=\"widget\" data-e-type=\"widget\" data-widget_type=\"text-editor.default\">\n\t\t\t\t\t\t\t\t\t<p>Amon apareix als Textos de les Pir\u00e0mides com a d\u00e9u protector perif\u00e8ric; el seu ascens a divinitat principal comen\u00e7a a la dinastia XI (Regne Mitj\u00e0, cap al 2050 aC) amb Tebes com a centre d&#8217;ascens.<\/p><p>A la dinastia XVIII (Nou Regne, cap al 1550 aC) es fusiona amb Re i esdev\u00e9 el d\u00e9u imperial Amon-Re. La reforma d&#8217;Akhenaton (cap al 1350 aC) desterra temporalment Amon en favor d&#8217;Aton; despr\u00e9s de la mort d&#8217;Akhenaton hi ha una restauraci\u00f3 massiva. A les dinasties XXI\u2013XXV, Amon \u00e9s de facto el d\u00e9u de l&#8217;estat egipci.<\/p>\t\t\t\t\t\t\t\t<\/div>\n\t\t\t\t\t<\/div>\n\t\t\t\t<\/div>\n\t\t<div class=\"elementor-element elementor-element-d47b156 e-flex e-con-boxed e-con e-child\" data-id=\"d47b156\" data-element_type=\"container\" data-e-type=\"container\">\n\t\t\t\t\t<div class=\"e-con-inner\">\n\t\t\t\t<div class=\"elementor-element elementor-element-ff38c2b elementor-widget elementor-widget-heading\" data-id=\"ff38c2b\" data-element_type=\"widget\" data-e-type=\"widget\" data-widget_type=\"heading.default\">\n\t\t\t\t\t<h3 class=\"elementor-heading-title elementor-size-default\">\u00c0rea de difusi\u00f3<\/h3>\t\t\t\t<\/div>\n\t\t\t\t<div class=\"elementor-element elementor-element-4e49fcc elementor-widget elementor-widget-text-editor\" data-id=\"4e49fcc\" data-element_type=\"widget\" data-e-type=\"widget\" data-widget_type=\"text-editor.default\">\n\t\t\t\t\t\t\t\t\t<p>El principal lloc de culte era <strong>Karnak<\/strong>, prop de Tebes, el complex de temples m\u00e9s gran de l&#8217;<span class=\"iwg-fachbegriff\" data-tooltip=\"\u00c8poca de la cultura grega i romana, aproximadament del 800 aC al 600 dC.\" tabindex=\"0\">Antiguitat<\/span>. Tamb\u00e9 destaquen Luxor, el <span class=\"iwg-fachbegriff\" data-tooltip=\"Una construcci\u00f3 dedicada a la veneraci\u00f3 d'una o m\u00e9s divinitats.\" tabindex=\"0\">temple<\/span> d&#8217;Amon a Siwa (l&#8217;<span class=\"iwg-fachbegriff\" data-tooltip=\"Un lloc o instituci\u00f3 on es rep un missatge div\u00ed.\" tabindex=\"0\">oracle<\/span> visitat per Alexandre el Gran) i Napata a N\u00fabia. La influ\u00e8ncia del culte a Amon s&#8217;estenia fins a l&#8217;actual Sudan i L\u00edbia.<\/p>\t\t\t\t\t\t\t\t<\/div>\n\t\t\t\t\t<\/div>\n\t\t\t\t<\/div>\n\t\t\t\t<\/div>\n\t\t<div class=\"elementor-element elementor-element-db03c39 e-con-full e-flex e-con e-child\" data-id=\"db03c39\" data-element_type=\"container\" data-e-type=\"container\">\n\t\t<div class=\"elementor-element elementor-element-229a87b e-flex e-con-boxed e-con e-child\" data-id=\"229a87b\" data-element_type=\"container\" data-e-type=\"container\">\n\t\t\t\t\t<div class=\"e-con-inner\">\n\t\t\t\t<div class=\"elementor-element elementor-element-1f471fc elementor-widget elementor-widget-heading\" data-id=\"1f471fc\" data-element_type=\"widget\" data-e-type=\"widget\" data-widget_type=\"heading.default\">\n\t\t\t\t\t<h3 class=\"elementor-heading-title elementor-size-default\">Estat de les fonts<\/h3>\t\t\t\t<\/div>\n\t\t\t\t<div class=\"elementor-element elementor-element-36b1201 elementor-widget elementor-widget-text-editor\" data-id=\"36b1201\" data-element_type=\"widget\" data-e-type=\"widget\" data-widget_type=\"text-editor.default\">\n\t\t\t\t\t\t\t\t\t<p>Les fonts centrals s\u00f3n les inscripcions dels temples de Karnak, els himnes a Amon (p.&nbsp;ex. el gran himne de Leiden), els Textos de les Pir\u00e0mides (f\u00f3rm. 446), el Llibre dels Morts (f\u00f3rm. 17, 64) i la tradici\u00f3 grega sobre l&#8217;<span class=\"iwg-fachbegriff\" data-tooltip=\"Un lloc o instituci\u00f3 on es consulta un designi div\u00ed.\" tabindex=\"0\">oracle<\/span> de Siwa (Herodot II 42, Diodor I 17). Bibliografia secund\u00e0ria: Assmann, <em>\u00c4gypten, Theologie und Fr\u00f6mmigkeit<\/em>; Bonnet, <em>Reallexikon<\/em>; Wilkinson, <em>Complete Gods and Goddesses<\/em>.<\/p>\t\t\t\t\t\t\t\t<\/div>\n\t\t\t\t\t<\/div>\n\t\t\t\t<\/div>\n\t\t\t\t<\/div>\n\t\t\t\t\t<\/div>\n\t\t\t\t<\/div>\n\t\t<div class=\"elementor-element elementor-element-3ae0637c e-flex e-con-boxed e-con e-parent\" data-id=\"3ae0637c\" data-element_type=\"container\" data-e-type=\"container\">\n\t\t\t\t\t<div class=\"e-con-inner\">\n\t\t\t\t<div class=\"elementor-element elementor-element-31d07739 elementor-widget elementor-widget-heading\" data-id=\"31d07739\" data-element_type=\"widget\" data-e-type=\"widget\" data-widget_type=\"heading.default\">\n\t\t\t\t\t<h2 class=\"elementor-heading-title elementor-size-default\">Denominaci\u00f3 i grafies<\/h2>\t\t\t\t<\/div>\n\t\t<div class=\"elementor-element elementor-element-b7642947 e-con-full e-flex e-con e-child\" data-id=\"b7642947\" data-element_type=\"container\" data-e-type=\"container\">\n\t\t\t\t<div class=\"elementor-element elementor-element-a086266 elementor-widget elementor-widget-text-editor\" data-id=\"a086266\" data-element_type=\"widget\" data-e-type=\"widget\" data-widget_type=\"text-editor.default\">\n\t\t\t\t\t\t\t\t\t<p>Amon es representa amb cap de molt\u00f3 o amb cos hum\u00e0 i dues grans plomes dretes. El seu color \u00e9s blau o verd, el color de la fertilitat i de l&#8217;ocultament. La <em>corona Atef<\/em> o un parell especial de plomes coronen el seu cap.<\/p><p>De vegades porta l&#8217;<em>Ankh<\/em> (s\u00edmbol de la vida) i un ceptre <em>Uas<\/em>. En representacions abstractes, Amon tamb\u00e9 es simbolitza simplement mitjan\u00e7ant plomes o un signe invisible i ocult, ja que el seu nom significa que \u00e9s invisible.<\/p>\t\t\t\t\t\t\t\t<\/div>\n\t\t\t\t<\/div>\n\t\t\t\t\t<\/div>\n\t\t\t\t<\/div>\n\t\t<div class=\"elementor-element elementor-element-709a44a8 e-flex e-con-boxed e-con e-parent\" data-id=\"709a44a8\" data-element_type=\"container\" data-e-type=\"container\">\n\t\t\t\t\t<div class=\"e-con-inner\">\n\t\t\t\t<div class=\"elementor-element elementor-element-2f585873 elementor-widget elementor-widget-heading\" data-id=\"2f585873\" data-element_type=\"widget\" data-e-type=\"widget\" data-widget_type=\"heading.default\">\n\t\t\t\t\t<h2 class=\"elementor-heading-title elementor-size-default\">Caracter\u00edstiques<\/h2>\t\t\t\t<\/div>\n\t\t<div class=\"elementor-element elementor-element-70621c12 e-con-full e-flex e-con e-child\" data-id=\"70621c12\" data-element_type=\"container\" data-e-type=\"container\">\n\t\t\t\t<div class=\"elementor-element elementor-element-4296eb49 elementor-widget elementor-widget-text-editor\" data-id=\"4296eb49\" data-element_type=\"widget\" data-e-type=\"widget\" data-widget_type=\"text-editor.default\">\n\t\t\t\t\t\t\t\t\t<p>Amon \u00e9s l&#8217;Invisible, que es va crear ell mateix. Els seus sacerdots a Karnak van esdevenir enormement poderosos, de vegades m\u00e9s que els mateixos faraons. Els reis buscaven la legitimaci\u00f3 d&#8217;Amon i consultaven el seu <span class=\"iwg-fachbegriff\" data-tooltip=\"Un lloc o instituci\u00f3 on es rep un missatge div\u00ed.\" tabindex=\"0\">oracle<\/span>. El recinte del <span class=\"iwg-fachbegriff\" data-tooltip=\"Una construcci\u00f3 dedicada a la veneraci\u00f3 d'una o m\u00e9s divinitats.\" tabindex=\"0\">temple<\/span> de Karnak estava ricament dotat amb ofrenes, or i esclaus.<\/p><p>Amb el <span class=\"iwg-fachbegriff\" tabindex=\"0\" data-tooltip=\"Fusi\u00f3 d'elements de diferents religions o cultes en noves formes mixtes, com en el vod\u00fa haiti\u00e0 (Lwa i sants cat\u00f2lics).\">sincretisme<\/span> amb Ra, Amon es converteix en la for\u00e7a darrere del sol visible. Se li canten himnes com al \u00abnom secret de D\u00e9u\u00bb. Sacerdotesses i sacerdots ballaven i cantaven en honor seu. Els <span class=\"iwg-fachbegriff\" data-tooltip=\"Una persona que empr\u00e8n un viatge amb motivaci\u00f3 religiosa cap a un lloc sagrat.\" tabindex=\"0\">pelegrins<\/span> visitaven l&#8217;<span class=\"iwg-fachbegriff\" data-tooltip=\"Un lloc o instituci\u00f3 on es rep un missatge div\u00ed.\" tabindex=\"0\">oracle<\/span> per fer-li preguntes.<\/p><h3>Aparen\u00e7a i simbolisme<\/h3><p><em>Amon<\/em> es representa sovint com un home barbat amb doble corona de plomes, d&#8217;on sorgeixen dues plomes de <em>Maat<\/em>, la deessa de la veritat. En algunes representacions porta el disc solar de <em>Ra<\/em> al front.<\/p><p>El seu color \u00e9s blau o negre, els colors del cosmos i de l&#8217;ocultament. Com a <span class=\"iwg-fachbegriff\" data-tooltip=\"Un signe que representa una idea o significat.\" tabindex=\"0\">s\u00edmbol<\/span> de la seva invisibilitat, tamb\u00e9 es representa sense rostre. El molt\u00f3 i l&#8217;oca eren considerats animals sagrats d&#8217;<em>Amon<\/em>, que l&#8217;encarnaven als santuaris i eren portats en processons.<\/p>\t\t\t\t\t\t\t\t<\/div>\n\t\t\t\t<\/div>\n\t\t\t\t\t<\/div>\n\t\t\t\t<\/div>\n\t\t<div class=\"elementor-element elementor-element-44e71476 e-flex e-con-boxed e-con e-parent\" data-id=\"44e71476\" data-element_type=\"container\" data-e-type=\"container\">\n\t\t\t\t\t<div class=\"e-con-inner\">\n\t\t\t\t<div class=\"elementor-element elementor-element-3c1fc3f0 elementor-widget elementor-widget-heading\" data-id=\"3c1fc3f0\" data-element_type=\"widget\" data-e-type=\"widget\" data-widget_type=\"heading.default\">\n\t\t\t\t\t<h2 class=\"elementor-heading-title elementor-size-default\">Fitxa descriptiva: Amon<\/h2>\t\t\t\t<\/div>\n\t\t<div class=\"elementor-element elementor-element-84f33b8e e-con-full e-flex e-con e-child\" data-id=\"84f33b8e\" data-element_type=\"container\" data-e-type=\"container\">\n\t\t\t\t<div class=\"elementor-element elementor-element-hqkdc67p elementor-widget elementor-widget-text-editor\" data-id=\"hqkdc67p\" data-element_type=\"widget\" data-e-type=\"widget\" data-widget_type=\"text-editor.default\">\n\t\t\t\t\t\t\t\t\t<p>Els aspectes m\u00e9s importants d&#8217;Amon d&#8217;un cop d&#8217;ull. Els camps seg\u00fcents resumeixen origen, funci\u00f3, aparen\u00e7a, veneraci\u00f3, s\u00edmbols i paral\u00b7lelismes.<\/p>\t\t\t\t\t\t\t\t<\/div>\n\t\t\t\t<\/div>\n\t\t<div class=\"elementor-element elementor-element-pemmx7c5 e-con-full e-flex e-con e-child\" data-id=\"pemmx7c5\" data-element_type=\"container\" data-e-type=\"container\">\n\t\t<div class=\"elementor-element elementor-element-pemmx7c1 e-con-full e-flex e-con e-child\" data-id=\"pemmx7c1\" data-element_type=\"container\" data-e-type=\"container\">\n\t\t<div class=\"elementor-element elementor-element-qh9oavvu iwg-steckbrief-card e-flex e-con-boxed e-con e-child\" data-id=\"qh9oavvu\" data-element_type=\"container\" data-e-type=\"container\">\n\t\t\t\t\t<div class=\"e-con-inner\">\n\t\t\t\t<div class=\"elementor-element elementor-element-awzx8k2k elementor-widget elementor-widget-heading\" data-id=\"awzx8k2k\" data-element_type=\"widget\" data-e-type=\"widget\" data-widget_type=\"heading.default\">\n\t\t\t\t\t<div class=\"elementor-heading-title elementor-size-default\">Origen d'Amon<\/div>\t\t\t\t<\/div>\n\t\t\t\t<div class=\"elementor-element elementor-element-x6rowhv0 elementor-widget elementor-widget-text-editor\" data-id=\"x6rowhv0\" data-element_type=\"widget\" data-e-type=\"widget\" data-widget_type=\"text-editor.default\">\n\t\t\t\t\t\t\t\t\t<p>Amon \u00e9s origin\u00e0riament un d\u00e9u protector local de Tebes, que esdev\u00e9 divinitat principal a la dinastia XI. En l&#8217;especulaci\u00f3 teog\u00f2nica de l&#8217;\u00c8poca Tardana, se&#8217;l considera un <em>Ser autoengendrat<\/em>, que va sorgir de les aig\u00fces primordials de Nun abans de tots els altres d\u00e9us. A Tebes formava una tr\u00edada amb Mut (esposa) i Khonsu (fill).<\/p>\t\t\t\t\t\t\t\t<\/div>\n\t\t\t\t\t<\/div>\n\t\t\t\t<\/div>\n\t\t<div class=\"elementor-element elementor-element-8e3o4kxs iwg-steckbrief-card e-flex e-con-boxed e-con e-child\" data-id=\"8e3o4kxs\" data-element_type=\"container\" data-e-type=\"container\">\n\t\t\t\t\t<div class=\"e-con-inner\">\n\t\t\t\t<div class=\"elementor-element elementor-element-08rkdgov elementor-widget elementor-widget-heading\" data-id=\"08rkdgov\" data-element_type=\"widget\" data-e-type=\"widget\" data-widget_type=\"heading.default\">\n\t\t\t\t\t<div class=\"elementor-heading-title elementor-size-default\">\u00c0mbit d'Amon<\/div>\t\t\t\t<\/div>\n\t\t\t\t<div class=\"elementor-element elementor-element-uwjelx8s elementor-widget elementor-widget-text-editor\" data-id=\"uwjelx8s\" data-element_type=\"widget\" data-e-type=\"widget\" data-widget_type=\"text-editor.default\">\n\t\t\t\t\t\t\t\t\t<p>D\u00e9u creador, al\u00e8 i vent, l&#8217;Ocult (el seu nom significa literalment \u00abl&#8217;ocult\u00bb). Com a d\u00e9u imperial Amon-Re, garant de l&#8217;ordre fara\u00f2nic. En la pietat personal, destinatari de preg\u00e0ries en malaltia i necessitat; els himnes de l&#8217;\u00c8poca Tardana el mostren com un ajudant proper a la gent senzilla.<\/p>\t\t\t\t\t\t\t\t<\/div>\n\t\t\t\t\t<\/div>\n\t\t\t\t<\/div>\n\t\t<div class=\"elementor-element elementor-element-jm2n74ec iwg-steckbrief-card e-flex e-con-boxed e-con e-child\" data-id=\"jm2n74ec\" data-element_type=\"container\" data-e-type=\"container\">\n\t\t\t\t\t<div class=\"e-con-inner\">\n\t\t\t\t<div class=\"elementor-element elementor-element-8vufse4c elementor-widget elementor-widget-heading\" data-id=\"8vufse4c\" data-element_type=\"widget\" data-e-type=\"widget\" data-widget_type=\"heading.default\">\n\t\t\t\t\t<div class=\"elementor-heading-title elementor-size-default\">Aparen\u00e7a<\/div>\t\t\t\t<\/div>\n\t\t\t\t<div class=\"elementor-element elementor-element-mwb9u015 elementor-widget elementor-widget-text-editor\" data-id=\"mwb9u015\" data-element_type=\"widget\" data-e-type=\"widget\" data-widget_type=\"text-editor.default\">\n\t\t\t\t\t\t\t\t\t<p>Antropomorf com a home amb corona de dobles plomes (<em>schuti<\/em>) i barba, amb el ceptre Was i l&#8217;Anj a la m\u00e0. Tamb\u00e9 es representa amb cap de molt\u00f3 (Amon de Karnak) o com a oca mascle, tots dos animals considerats <span class=\"iwg-fachbegriff\" data-tooltip=\"Pertanyent al div\u00ed i, per tant, excl\u00f2s de l'\u00fas quotidi\u00e0.\" tabindex=\"0\">sagrats<\/span>. A Karnak, avingudes d&#8217;esfinxs flanquejaven el recinte del temple. La pell es representava tradicionalment de color blau (<span class=\"iwg-fachbegriff\" data-tooltip=\"Un signe que representa una idea o significat.\" tabindex=\"0\">s\u00edmbol<\/span> del cel i de la invisibilitat).<\/p>\t\t\t\t\t\t\t\t<\/div>\n\t\t\t\t\t<\/div>\n\t\t\t\t<\/div>\n\t\t\t\t<\/div>\n\t\t<div class=\"elementor-element elementor-element-pemmx7c2 e-con-full e-flex e-con e-child\" data-id=\"pemmx7c2\" data-element_type=\"container\" data-e-type=\"container\">\n\t\t<div class=\"elementor-element elementor-element-37ss2yr6 iwg-steckbrief-card e-flex e-con-boxed e-con e-child\" data-id=\"37ss2yr6\" data-element_type=\"container\" data-e-type=\"container\">\n\t\t\t\t\t<div class=\"e-con-inner\">\n\t\t\t\t<div class=\"elementor-element elementor-element-3v0wp3wx elementor-widget elementor-widget-heading\" data-id=\"3v0wp3wx\" data-element_type=\"widget\" data-e-type=\"widget\" data-widget_type=\"heading.default\">\n\t\t\t\t\t<div class=\"elementor-heading-title elementor-size-default\">\u00c0mbit d'acci\u00f3<\/div>\t\t\t\t<\/div>\n\t\t\t\t<div class=\"elementor-element elementor-element-w3247g2m elementor-widget elementor-widget-text-editor\" data-id=\"w3247g2m\" data-element_type=\"widget\" data-e-type=\"widget\" data-widget_type=\"text-editor.default\">\n\t\t\t\t\t\t\t\t\t<p><strong>\u00c0mbit d&#8217;acci\u00f3:<\/strong> Amon concedeix protecci\u00f3 en els viatges, \u00e8xit en les negociacions i ajuda en les dificultats personals. El seu <span class=\"iwg-fachbegriff\" data-tooltip=\"Un lloc o instituci\u00f3 on es demana un veredicte div\u00ed.\" tabindex=\"0\">oracle<\/span> a Karnak i a Siwa es considerava la font m\u00e9s fiable sobre esdeveniments futurs. Els faraons hi demanaven la confirmaci\u00f3 del seu poder, mentre que els creients senzills hi cercaven una mediaci\u00f3 guaridora. La Festa de la Vall i la Festa d&#8217;Opet eren les festes populars m\u00e9s grans de Tebes.<\/p>\t\t\t\t\t\t\t\t<\/div>\n\t\t\t\t\t<\/div>\n\t\t\t\t<\/div>\n\t\t<div class=\"elementor-element elementor-element-0qpjal9w iwg-steckbrief-card e-flex e-con-boxed e-con e-child\" data-id=\"0qpjal9w\" data-element_type=\"container\" data-e-type=\"container\">\n\t\t\t\t\t<div class=\"e-con-inner\">\n\t\t\t\t<div class=\"elementor-element elementor-element-6ndoih0o elementor-widget elementor-widget-heading\" data-id=\"6ndoih0o\" data-element_type=\"widget\" data-e-type=\"widget\" data-widget_type=\"heading.default\">\n\t\t\t\t\t<div class=\"elementor-heading-title elementor-size-default\">Protecci\u00f3<\/div>\t\t\t\t<\/div>\n\t\t\t\t<div class=\"elementor-element elementor-element-6684tyh9 elementor-widget elementor-widget-text-editor\" data-id=\"6684tyh9\" data-element_type=\"widget\" data-e-type=\"widget\" data-widget_type=\"text-editor.default\">\n\t\t\t\t\t\t\t\t\t<p>Corona de dobles plomes, ceptre Was, Anj, cap de molt\u00f3, oca mascle, barba blava, esfinx (avinguda de Karnak). Plantes: lotus, papir. Llocs sagrats: grans pilons, sala hipostila, Llac Sagrat.<\/p>\t\t\t\t\t\t\t\t<\/div>\n\t\t\t\t\t<\/div>\n\t\t\t\t<\/div>\n\t\t<div class=\"elementor-element elementor-element-3lfi7x32 iwg-steckbrief-card e-flex e-con-boxed e-con e-child\" data-id=\"3lfi7x32\" data-element_type=\"container\" data-e-type=\"container\">\n\t\t\t\t\t<div class=\"e-con-inner\">\n\t\t\t\t<div class=\"elementor-element elementor-element-0kg99ga1 elementor-widget elementor-widget-heading\" data-id=\"0kg99ga1\" data-element_type=\"widget\" data-e-type=\"widget\" data-widget_type=\"heading.default\">\n\t\t\t\t\t<div class=\"elementor-heading-title elementor-size-default\">Paral\u00b7lels d'Amon<\/div>\t\t\t\t<\/div>\n\t\t\t\t<div class=\"elementor-element elementor-element-n0fum6kp elementor-widget elementor-widget-text-editor\" data-id=\"n0fum6kp\" data-element_type=\"widget\" data-e-type=\"widget\" data-widget_type=\"text-editor.default\">\n\t\t\t\t\t\t\t\t\t<p>Ra (Egipte, fusi\u00f3 Amon-Ra), Min (d\u00e9u egipci de la fertilitat, sovint sincretitzat), <em>Zeus Amon<\/em> (identificaci\u00f3 grega, especialment a trav\u00e9s de l&#8217;<span class=\"iwg-fachbegriff\" data-tooltip=\"Un lloc o instituci\u00f3 on es demana un veredicte div\u00ed.\" tabindex=\"0\">oracle<\/span> de Siwa), <em>J\u00fapiter Amon<\/em> (rom\u00e0). En l&#8217;\u00e0mbit indoeuropeu no hi ha un paral\u00b7lel directe; funcionalment, el m\u00e9s proper seria Indra (hinduisme) o Zeus (Gr\u00e8cia) com a d\u00e9u de l&#8217;imperi.<\/p>\t\t\t\t\t\t\t\t<\/div>\n\t\t\t\t\t<\/div>\n\t\t\t\t<\/div>\n\t\t\t\t<\/div>\n\t\t\t\t<\/div>\n\t\t\t\t\t<\/div>\n\t\t\t\t<\/div>\n\t\t<div class=\"elementor-element elementor-element-7533bc7a e-flex e-con-boxed e-con e-parent\" data-id=\"7533bc7a\" data-element_type=\"container\" data-e-type=\"container\">\n\t\t\t\t\t<div class=\"e-con-inner\">\n\t\t\t\t<div class=\"elementor-element elementor-element-2447d18d elementor-widget elementor-widget-heading\" data-id=\"2447d18d\" data-element_type=\"widget\" data-e-type=\"widget\" data-widget_type=\"heading.default\">\n\t\t\t\t\t<h2 class=\"elementor-heading-title elementor-size-default\">Defensa pr\u00e0ctica<\/h2>\t\t\t\t<\/div>\n\t\t<div class=\"elementor-element elementor-element-d5d0260c e-con-full e-flex e-con e-child\" data-id=\"d5d0260c\" data-element_type=\"container\" data-e-type=\"container\">\n\t\t\t\t<div class=\"elementor-element elementor-element-341be2ac elementor-widget elementor-widget-text-editor\" data-id=\"341be2ac\" data-element_type=\"widget\" data-e-type=\"widget\" data-widget_type=\"text-editor.default\">\n\t\t\t\t\t\t\t\t\t<div><h3>Veneraci\u00f3 en la vida quotidiana<\/h3>\n<div><p><strong>Rituals i invocacions<\/strong><br>\nAl centre hi havia la Festa d&#8217;Opet, durant la qual la barca d&#8217;Amon de Karnak es traslladava a Luxor, aix\u00ed com la \u00abBella Festa de la Vall del Desert\u00bb. El culte diari al temple prove\u00efa la <span class=\"iwg-fachbegriff\" data-tooltip=\"Representaci\u00f3 figurativa d'una divinitat venerada en un temple o santuari.\" tabindex=\"0\">imatge de culte<\/span> d&#8217;aliment, vestit i encens. Durant les processons de la barca, Amon tamb\u00e9 era consultat com a d\u00e9u oracular.<\/p><\/div>\n\n<h3>Conjurs i invocacions<\/h3>\n<div><p><strong>Transmissi\u00f3 textual i f\u00f3rmules<\/strong><br>\nEl gran Himne d&#8217;Amon de Leiden (Papir Leiden I 350, segle XIII a. C.) desenvolupa la <span class=\"iwg-fachbegriff\" data-tooltip=\"La doctrina cient\u00edfica sobre D\u00e9u i sobre la fe d'una religi\u00f3.\" tabindex=\"0\">teologia<\/span> tebana del d\u00e9u ocult, el nom del qual, \u00abl&#8217;Ocult\u00bb, ja anomena la seva ess\u00e8ncia.<\/p><p>Amon apareix als Textos de les Pir\u00e0mides com a <span class=\"iwg-fachbegriff\" data-tooltip=\"Un \u00e9sser venerat com a div\u00ed dins d'una religi\u00f3.\" tabindex=\"0\">divinitat<\/span> primordial i a les liturgies del temple de Karnak; nombroses esteles de preg\u00e0ria de creients senzills s&#8217;adrecen a ell com al \u00abvizir dels pobres\u00bb.<\/p><\/div>\n\n<h3>Amulets i s\u00edmbols de protecci\u00f3<\/h3>\n<div><p><strong>Materials <span class=\"iwg-fachbegriff\" data-tooltip=\"Plural d'apotropaic: objectes i signes destinats a allunyar la desgr\u00e0cia.\" tabindex=\"0\">apotropaics<\/span> i testimonis arqueol\u00f2gics<\/strong><br>\nCom a signes de protecci\u00f3 servien amulets d&#8217;Amon fets de faian\u00e7a, sovint amb forma de molt\u00f3 o amb la caracter\u00edstica corona de dobles plomes. Esfinxs amb cap de molt\u00f3 flanquejaven els camins processionals de Karnak. En tombes i dip\u00f2sits de temples de la regi\u00f3 tebana, aquestes petites figures estan \u00e0mpliament documentades i testimonien el paper d&#8217;Amon en la creen\u00e7a de protecci\u00f3 personal.<\/p><\/div><\/div>\t\t\t\t\t\t\t\t<\/div>\n\t\t\t\t<\/div>\n\t\t\t\t\t<\/div>\n\t\t\t\t<\/div>\n\t\t<div class=\"elementor-element elementor-element-5a584676 e-flex e-con-boxed e-con e-parent\" data-id=\"5a584676\" data-element_type=\"container\" data-e-type=\"container\">\n\t\t\t\t\t<div class=\"e-con-inner\">\n\t\t\t\t<div class=\"elementor-element elementor-element-6d0757bf elementor-widget elementor-widget-heading\" data-id=\"6d0757bf\" data-element_type=\"widget\" data-e-type=\"widget\" data-widget_type=\"heading.default\">\n\t\t\t\t\t<h2 class=\"elementor-heading-title elementor-size-default\">Amon, paral\u00b7lels en altres cultures<\/h2>\t\t\t\t<\/div>\n\t\t<div class=\"elementor-element elementor-element-60563f68 e-con-full e-flex e-con e-child\" data-id=\"60563f68\" data-element_type=\"container\" data-e-type=\"container\">\n\t\t\t\t<div class=\"elementor-element elementor-element-5a93fdd6 elementor-widget elementor-widget-text-editor\" data-id=\"5a93fdd6\" data-element_type=\"widget\" data-e-type=\"widget\" data-widget_type=\"text-editor.default\">\n\t\t\t\t\t\t\t\t\t<p>Amon s&#8217;assembla a Zeus (Gr\u00e8cia), rei dels d\u00e9us. Compareix amb <span class=\"iwg-fachbegriff\" tabindex=\"0\" data-tooltip=\"En l'hinduisme, l'\u00e9sser absolut, sense forma i sense atributs; a les Upanishads, considerat el fonament de totes les manifestacions.\">Brahman<\/span> (hinduisme) l&#8217;aspecte del creador ocult i invisible. Recorda Odin (Escandin\u00e0via), un d\u00e9u que se sacrifica a si mateix per obtenir saviesa. El concepte d&#8217;un d\u00e9u creador ocult \u00e9s universal; Amon en constitueix una elaboraci\u00f3 teol\u00f2gica especialment coherent.<\/p>\t\t\t\t\t\t\t\t<\/div>\n\t\t\t\t<\/div>\n\t\t\t\t\t<\/div>\n\t\t\t\t<\/div>\n\t\t<div class=\"elementor-element elementor-element-cpdb0d114 e-flex e-con-boxed e-con e-parent\" data-id=\"cpdb0d114\" data-element_type=\"container\" data-e-type=\"container\">\n\t\t\t\t\t<div class=\"e-con-inner\">\n\t\t\t\t<div class=\"elementor-element elementor-element-cp2834be1 elementor-widget elementor-widget-heading\" data-id=\"cp2834be1\" data-element_type=\"widget\" data-e-type=\"widget\" data-widget_type=\"heading.default\">\n\t\t\t\t\t<h2 class=\"elementor-heading-title elementor-size-default\">L'ascens d'Amon a d\u00e9u de l'imperi<\/h2>\t\t\t\t<\/div>\n\t\t<div class=\"elementor-element elementor-element-cp2318a06 e-con-full e-flex e-con e-child\" data-id=\"cp2318a06\" data-element_type=\"container\" data-e-type=\"container\">\n\t\t\t\t<div class=\"elementor-element elementor-element-cp83ab681 elementor-widget elementor-widget-text-editor\" data-id=\"cp83ab681\" data-element_type=\"widget\" data-e-type=\"widget\" data-widget_type=\"text-editor.default\">\n\t\t\t\t\t\t\t\t\t<p>Amon no pertany als d\u00e9us egipcis m\u00e9s antics, la veneraci\u00f3 dels quals es pot rastrejar fins a l&#8217;\u00e8poca primitiva. Apareix inicialment com a <span class=\"iwg-fachbegriff\" data-tooltip=\"Un \u00e9sser venerat com a div\u00ed dins d'una religi\u00f3.\" tabindex=\"0\">divinitat<\/span> local de Tebes, a l&#8217;Alt Egipte.<\/p><p>Als Textos de les Pir\u00e0mides de l&#8217;Imperi Antic nom\u00e9s s&#8217;esmenta marginalment, sobretot com a part de l&#8217;Ogd\u00f2ada d&#8217;Herm\u00f2polis, un grup de vuit d\u00e9us primordials que representen l&#8217;estat previ a la creaci\u00f3.<\/p><p>L&#8217;ascens d&#8217;Amon est\u00e0 estretament lligat a l&#8217;ascens pol\u00edtic de Tebes. Quan els governants tebans, a l&#8217;Imperi Mitj\u00e0 i especialment a l&#8217;inici de l&#8217;Imperi Nou, van dur a terme la unificaci\u00f3 del pa\u00eds i van convertir Egipte en una gran pot\u00e8ncia, el seu d\u00e9u de ciutat va ascendir amb ells.<\/p><p>Amon es va fusionar amb l&#8217;antic d\u00e9u solar Ra per formar Amon-Ra, i aix\u00ed va reclamar la posici\u00f3 m\u00e9s alta del <span class=\"iwg-fachbegriff\" data-tooltip=\"El conjunt de d\u00e9us d'una religi\u00f3 o cultura.\" tabindex=\"0\">pante\u00f3<\/span>.<\/p><p>A l&#8217;Imperi Nou, Amon-Ra era el d\u00e9u de l&#8217;imperi per excel\u00b7l\u00e8ncia. Els faraons atribu\u00efen les seves vict\u00f2ries a ell, dotaven els seus <span class=\"iwg-fachbegriff\" data-tooltip=\"Un edifici destinat a la veneraci\u00f3 d'una o m\u00e9s divinitats.\" tabindex=\"0\">temples<\/span> amb el bot\u00ed de guerra i legitimaven el seu poder a trav\u00e9s d&#8217;ell. El recinte del temple de Karnak, a Tebes, va cr\u00e9ixer al llarg de segles fins a convertir-se en el complex de temples m\u00e9s gran d&#8217;Egipte. El sacerdoci d&#8217;Amon de Tebes va guanyar amb aix\u00f2 una enorme influ\u00e8ncia econ\u00f2mica i pol\u00edtica.<\/p><p>La investigaci\u00f3 veu en la hist\u00f2ria d&#8217;Amon un exemple paradigm\u00e0tic de com a Egipte la religi\u00f3 i el poder estaven estretament entrella\u00e7ats. L&#8217;ascens d&#8217;un d\u00e9u reflecteix l&#8217;ascens de la seva ciutat i de la seva dinastia.<\/p><p>Al mateix temps, Amon era prou flexible teol\u00f2gicament per absorbir altres d\u00e9us sense perdre la seva identitat. Aquesta capacitat de fusi\u00f3 va ser una condici\u00f3 necess\u00e0ria per a la seva posici\u00f3 de preemin\u00e8ncia duradora.<\/p>\t\t\t\t\t\t\t\t<\/div>\n\t\t\t\t<\/div>\n\t\t\t\t\t<\/div>\n\t\t\t\t<\/div>\n\t\t<div class=\"elementor-element elementor-element-cp34115a8 e-flex e-con-boxed e-con e-parent\" data-id=\"cp34115a8\" data-element_type=\"container\" data-e-type=\"container\">\n\t\t\t\t\t<div class=\"e-con-inner\">\n\t\t\t\t<div class=\"elementor-element elementor-element-cp97970f4 elementor-widget elementor-widget-heading\" data-id=\"cp97970f4\" data-element_type=\"widget\" data-e-type=\"widget\" data-widget_type=\"heading.default\">\n\t\t\t\t\t<h2 class=\"elementor-heading-title elementor-size-default\">Amon i la reforma religiosa d'Akhenat\u00f3<\/h2>\t\t\t\t<\/div>\n\t\t<div class=\"elementor-element elementor-element-cp71c85a8 e-con-full e-flex e-con e-child\" data-id=\"cp71c85a8\" data-element_type=\"container\" data-e-type=\"container\">\n\t\t\t\t<div class=\"elementor-element elementor-element-cp685948e elementor-widget elementor-widget-text-editor\" data-id=\"cp685948e\" data-element_type=\"widget\" data-e-type=\"widget\" data-widget_type=\"text-editor.default\">\n\t\t\t\t\t\t\t\t\t<p>L&#8217;episodi probablement m\u00e9s dram\u00e0tic de la hist\u00f2ria del culte a Amon \u00e9s la reforma religiosa del fara\u00f3 Amenofis IV, que va canviar el seu nom a Akhenaton i va regnar durant la segona meitat del segle XIV abans de Crist. Akhenaton va elevar el d\u00e9u del disc solar At\u00f3n a \u00fanica <span class=\"iwg-fachbegriff\" data-tooltip=\"Un \u00e9sser venerat com a div\u00ed dins d'una religi\u00f3.\" tabindex=\"0\">divinitat<\/span> digna de veneraci\u00f3 i va actuar contra els altres d\u00e9us, especialment contra Amon.<\/p><p>En termes concrets, aix\u00f2 va significar que el nom d&#8217;Amon va ser esborrat de les inscripcions, en alguns casos fins i tot en noms de persona compostos i en llocs de dif\u00edcil acc\u00e9s. Els <span class=\"iwg-fachbegriff\" data-tooltip=\"Un edifici dedicat a la veneraci\u00f3 d'una o diverses divinitats.\" tabindex=\"0\">temples<\/span> d&#8217;Amon van ser tancats o van perdre els seus ingressos, i el sacerdoci va quedar desposse\u00eft de poder. Akhenaton va traslladar la resid\u00e8ncia a una ciutat de nova fundaci\u00f3, l&#8217;actual Amarna, i va privar aix\u00ed Tebes de la seva import\u00e0ncia pol\u00edtica.<\/p><p>La recerca discuteix de manera controvertida els motius d&#8217;aquesta reforma. Alguns hi veuen un intent de trencar el poder del sacerdoci d&#8217;Amon, mentre que altres subratllen el valor religi\u00f3s propi de la veneraci\u00f3 d&#8217;At\u00f3n. Tamb\u00e9 \u00e9s objecte de debat si es tractava d&#8217;un veritable <span class=\"iwg-fachbegriff\" data-tooltip=\"La creen\u00e7a en un \u00fanic d\u00e9u.\" tabindex=\"0\">monoteisme<\/span> o d&#8217;una forma accentuada de veneraci\u00f3 solar.<\/p><p>La reforma no va sobreviure el seu creador. Ja sota els successors d&#8217;Akhenaton, especialment sota Tutankamon, que originalment es deia Tutankat\u00f3n i va canviar el seu nom a Tutankamon, es va restablir el <span class=\"iwg-fachbegriff\" data-tooltip=\"El conjunt d'actes de veneraci\u00f3 religiosa dedicats a una divinitat o figura sagrada.\" tabindex=\"0\">culte<\/span> a Amon.<\/p><p>Els <span class=\"iwg-fachbegriff\" data-tooltip=\"Un edifici dedicat a la veneraci\u00f3 d'una o diverses divinitats.\" tabindex=\"0\">temples<\/span> van tornar a obrir-se, i el nom d&#8217;Amon es va restituir en molts llocs. Les construccions pr\u00f2pies d&#8217;Akhenaton i el seu nom van ser destru\u00efts posteriorment. Aquest episodi mostra fins a quin punt Amon estava profundament arrelat en el teixit religi\u00f3s i social d&#8217;Egipte.<\/p>\t\t\t\t\t\t\t\t<\/div>\n\t\t\t\t<\/div>\n\t\t\t\t\t<\/div>\n\t\t\t\t<\/div>\n\t\t<div class=\"elementor-element elementor-element-cp56c5228 e-flex e-con-boxed e-con e-parent\" data-id=\"cp56c5228\" data-element_type=\"container\" data-e-type=\"container\">\n\t\t\t\t\t<div class=\"e-con-inner\">\n\t\t\t\t<div class=\"elementor-element elementor-element-cp4d367d6 elementor-widget elementor-widget-heading\" data-id=\"cp4d367d6\" data-element_type=\"widget\" data-e-type=\"widget\" data-widget_type=\"heading.default\">\n\t\t\t\t\t<h2 class=\"elementor-heading-title elementor-size-default\">L'oracle d'Amon i el d\u00e9u de Siwa<\/h2>\t\t\t\t<\/div>\n\t\t<div class=\"elementor-element elementor-element-cpc8231a0 e-con-full e-flex e-con e-child\" data-id=\"cpc8231a0\" data-element_type=\"container\" data-e-type=\"container\">\n\t\t\t\t<div class=\"elementor-element elementor-element-cp66218e3 elementor-widget elementor-widget-text-editor\" data-id=\"cp66218e3\" data-element_type=\"widget\" data-e-type=\"widget\" data-widget_type=\"text-editor.default\">\n\t\t\t\t\t\t\t\t\t<p>Amon no era nom\u00e9s un d\u00e9u de temple venerat pels sacerdots, sin\u00f3 tamb\u00e9 un d\u00e9u que parlava a trav\u00e9s d&#8217;<span class=\"iwg-fachbegriff\" data-tooltip=\"Un lloc o instituci\u00f3 on s'obt\u00e9 un veredicte div\u00ed.\" tabindex=\"0\">oracles<\/span>. Durant l&#8217;Imperi Nou es va desenvolupar a Tebes una pr\u00e0ctica en la qual la barca sagrada amb la <span class=\"iwg-fachbegriff\" data-tooltip=\"Representaci\u00f3 figurativa d'una divinitat venerada en un temple o santuari.\" tabindex=\"0\">imatge de culte<\/span> d&#8217;Amon era portada en <span class=\"iwg-fachbegriff\" data-tooltip=\"Una process\u00f3 religiosa solemne.\" tabindex=\"0\">process\u00f3<\/span> i responia preguntes mitjan\u00e7ant moviments.<\/p><p>Els suplicants presentaven les seves peticions, i la reacci\u00f3 de la barca, portada pels sacerdots, es considerava la resposta del d\u00e9u. Aquests <span class=\"iwg-fachbegriff\" data-tooltip=\"Un lloc o instituci\u00f3 on s'obt\u00e9 un veredicte div\u00ed.\" tabindex=\"0\">oracles<\/span> resolien litigis, confirmaven nomenaments i influ\u00efen en decisions pol\u00edtiques.<\/p><p>M\u00e9s enll\u00e0 d&#8217;Egipte, l&#8217;<span class=\"iwg-fachbegriff\" data-tooltip=\"Un lloc o instituci\u00f3 on s'obt\u00e9 un veredicte div\u00ed.\" tabindex=\"0\">oracle<\/span> d&#8217;Amon a l&#8217;oasi de Siwa, al desert l\u00edbic, es va fer fam\u00f3s. El m\u00f3n grec coneixia aquest d\u00e9u com a Amm\u00f3 i valorava molt el seu <span class=\"iwg-fachbegriff\" data-tooltip=\"Un lloc o instituci\u00f3 on s'obt\u00e9 un veredicte div\u00ed.\" tabindex=\"0\">oracle<\/span>. Ja en \u00e8poca arcaica els grecs visitaven aquest lloc, i Siwa era considerat, juntament amb Delfos i Dodona, un dels santuaris oraculars m\u00e9s importants.<\/p><p>L&#8217;episodi m\u00e9s c\u00e8lebre \u00e9s la visita d&#8217;Alexandre el Gran l&#8217;any 332 abans de Crist. Despr\u00e9s de la conquesta d&#8217;Egipte, Alexandre va travessar el desert fins a Siwa per consultar l&#8217;<span class=\"iwg-fachbegriff\" data-tooltip=\"Un lloc o instituci\u00f3 on s'obt\u00e9 un veredicte div\u00ed.\" tabindex=\"0\">oracle<\/span>.<\/p><p>Les fonts antigues relaten que el d\u00e9u el va recon\u00e8ixer com a fill seu. Aquesta confirmaci\u00f3 va tenir una import\u00e0ncia considerable per a la pr\u00f2pia imatge d&#8217;Alexandre i per a la legitimaci\u00f3 del seu poder.<\/p><p>La recerca subratlla que el fenomen oracular va conferir a Amon una funci\u00f3 que anava m\u00e9s enll\u00e0 de la lit\u00fargia fixa del temple. El d\u00e9u intervenia en l&#8217;\u00e0mbit de les decisions concretes. Alhora, la hist\u00f2ria de Siwa mostra com un d\u00e9u egipci va poder desenvolupar, a trav\u00e9s de la recepci\u00f3 grega, una hist\u00f2ria d&#8217;influ\u00e8ncia pr\u00f2pia i internacional.<\/p>\t\t\t\t\t\t\t\t<\/div>\n\t\t\t\t<\/div>\n\t\t\t\t\t<\/div>\n\t\t\t\t<\/div>\n\t\t<div class=\"elementor-element elementor-element-cp3aafa56 e-flex e-con-boxed e-con e-parent\" data-id=\"cp3aafa56\" data-element_type=\"container\" data-e-type=\"container\">\n\t\t\t\t\t<div class=\"e-con-inner\">\n\t\t\t\t<div class=\"elementor-element elementor-element-cp73f0300 elementor-widget elementor-widget-heading\" data-id=\"cp73f0300\" data-element_type=\"widget\" data-e-type=\"widget\" data-widget_type=\"heading.default\">\n\t\t\t\t\t<h2 class=\"elementor-heading-title elementor-size-default\">Iconografia i el d\u00e9u ocult<\/h2>\t\t\t\t<\/div>\n\t\t<div class=\"elementor-element elementor-element-cpee16ba6 e-con-full e-flex e-con e-child\" data-id=\"cpee16ba6\" data-element_type=\"container\" data-e-type=\"container\">\n\t\t\t\t<div class=\"elementor-element elementor-element-cpb1a3ec0 elementor-widget elementor-widget-text-editor\" data-id=\"cpb1a3ec0\" data-element_type=\"widget\" data-e-type=\"widget\" data-widget_type=\"text-editor.default\">\n\t\t\t\t\t\t\t\t\t<p>Amon se sol representar com un home de figura humana que porta una corona caracter\u00edstica amb dues plomes altes. Sovint la seva pell apareix de color blau, un color que en la simbologia eg\u00edpcia s&#8217;associa al cel i a la immensitat. En aquesta forma seu al tron o avan\u00e7a, sovint amb les ins\u00edgnies del poder.<\/p><p>Una segona representaci\u00f3 \u00e9s l&#8217;Amon itif\u00e0l\u00b7lic, una figura amb el membre erecte, que el caracteritza com a generador i d\u00e9u de la fertilitat i que l&#8217;enlla\u00e7a amb el d\u00e9u Min, amb el qual Amon es va fusionar parcialment.<\/p><p>Com a animals sagrats se li atribueixen el molt\u00f3 i l&#8217;oca del Nil. Especialment el molt\u00f3 de banyes enrotllades es va convertir en un signe \u00e0mpliament reconeixible d&#8217;Amon. L&#8217;avinguda d&#8217;esfinxs de Karnak est\u00e0 formada per esfinxs de cap de molt\u00f3.<\/p><p>Teol\u00f2gicament, Amon porta el nom que pot interpretar-se com \u00abl&#8217;Ocult\u00bb. Aquest aspecte marca la reflexi\u00f3 eg\u00edpcia sobre ell. Himnes de l&#8217;Imperi Nou descriuen Amon com un d\u00e9u la vertadera forma del qual ning\u00fa coneix, que roman ocult fins i tot davant dels altres d\u00e9us.<\/p><p>La recerca, especialment Jan Assmann, ha destacat que en Amon es va desenvolupar una forma eg\u00edpcia de pensament teol\u00f2gic que concebia el div\u00ed com quelcom, en darrer terme, inabastable i transcendent.<\/p><p>Aquesta tensi\u00f3 \u00e9s notable: Amon \u00e9s alhora el d\u00e9u imperial omnipresent, amb el complex de temples m\u00e9s gran del pa\u00eds, i el d\u00e9u fonamentalment ocult, que s&#8217;escapa a qualsevol acc\u00e9s. La <span class=\"iwg-fachbegriff\" data-tooltip=\"La disciplina cient\u00edfica que estudia D\u00e9u i la fe d'una religi\u00f3.\" tabindex=\"0\">teologia<\/span> eg\u00edpcia mantenia totes dues coses juntes, sense resoldre&#8217;n la contradicci\u00f3.<\/p>\t\t\t\t\t\t\t\t<\/div>\n\t\t\t\t<\/div>\n\t\t\t\t\t<\/div>\n\t\t\t\t<\/div>\n\t\t<div class=\"elementor-element elementor-element-36dd7469 e-flex e-con-boxed e-con e-parent\" data-id=\"36dd7469\" data-element_type=\"container\" data-e-type=\"container\">\n\t\t\t\t\t<div class=\"e-con-inner\">\n\t\t\t\t<div class=\"elementor-element elementor-element-13760ab4 elementor-widget elementor-widget-heading\" data-id=\"13760ab4\" data-element_type=\"widget\" data-e-type=\"widget\" data-widget_type=\"heading.default\">\n\t\t\t\t\t<h2 class=\"elementor-heading-title elementor-size-default\">Enlla\u00e7os relacionats<\/h2>\t\t\t\t<\/div>\n\t\t<div class=\"elementor-element elementor-element-28c87796 e-con-full e-flex e-con e-child\" data-id=\"28c87796\" data-element_type=\"container\" data-e-type=\"container\">\n\t\t\t\t<div class=\"elementor-element elementor-element-5d6538df elementor-widget elementor-widget-text-editor\" data-id=\"5d6538df\" data-element_type=\"widget\" data-e-type=\"widget\" data-widget_type=\"text-editor.default\">\n\t\t\t\t\t\t\t\t\t<ul><li><a href=\"https:\/\/iwell-guard.com\/ca\/?page_id=171543\">Horus, d\u00e9u reial de la tradici\u00f3 pre-amoniana<\/a><\/li><li><a href=\"https:\/\/iwell-guard.com\/ca\/egipte\/\">Egipte, visi\u00f3 general del pante\u00f3<\/a><\/li><li><a href=\"https:\/\/iwell-guard.com\/ca\/?page_id=171459\">Divinitats supremes, subcategoria<\/a><\/li><li><a href=\"https:\/\/iwell-guard.com\/ca\/?page_id=171431\">D\u00e9us, visi\u00f3 general de classes<\/a><\/li><\/ul>\t\t\t\t\t\t\t\t<\/div>\n\t\t\t\t<\/div>\n\t\t\t\t\t<\/div>\n\t\t\t\t<\/div>\n\t\t<div class=\"elementor-element elementor-element-grl4kl40 e-flex e-con-boxed e-con e-parent\" data-id=\"grl4kl40\" data-element_type=\"container\" data-e-type=\"container\">\n\t\t\t\t\t<div class=\"e-con-inner\">\n\t\t\t\t<div class=\"elementor-element elementor-element-bzsbfrmh elementor-widget elementor-widget-heading\" data-id=\"bzsbfrmh\" data-element_type=\"widget\" data-e-type=\"widget\" data-widget_type=\"heading.default\">\n\t\t\t\t\t<h2 class=\"elementor-heading-title elementor-size-default\">Bibliografia (selecci\u00f3)<\/h2>\t\t\t\t<\/div>\n\t\t<div class=\"elementor-element elementor-element-2c13224a e-con-full e-flex e-con e-child\" data-id=\"2c13224a\" data-element_type=\"container\" data-e-type=\"container\">\n\t\t\t\t<div class=\"elementor-element elementor-element-0eymh9ub elementor-widget elementor-widget-text-editor\" data-id=\"0eymh9ub\" data-element_type=\"widget\" data-e-type=\"widget\" data-widget_type=\"text-editor.default\">\n\t\t\t\t\t\t\t\t\t<footer class=\"iwg-literatur\" data-nosnippet=\"true\"><ul><li><span data-nosnippet>Assmann, Jan: <em>Egipte. <span class=\"iwg-fachbegriff\" data-tooltip=\"La doctrina cient\u00edfica sobre D\u00e9u i la fe d'una religi\u00f3.\" tabindex=\"0\">Teologia<\/span> i pietat d&#8217;una civilitzaci\u00f3 antiga<\/em>. Stuttgart 1991.<\/span><\/li><li><span data-nosnippet>Otto, Eberhard: <em>Gott und Mensch nach den \u00e4gyptischen Tempelinschriften<\/em>. Heidelberg 1964.<\/span><\/li><li>Walde, Christine (Hg.): <em>Der Neue Pauly<\/em> (lema \u00abAmun\u00bb).<\/li><\/ul><\/footer>\n<p class=\"iwg-bib-more\"><span data-nosnippet>M\u00e9s obres de refer\u00e8ncia al <a href=\"https:\/\/iwell-guard.com\/ca\/?page_id=171483\">llistat bibliogr\u00e0fic<\/a>.<\/span><\/p>\t\t\t\t\t\t\t\t<\/div>\n\t\t\t\t<\/div>\n\t\t\t\t\t<\/div>\n\t\t\t\t<\/div>\n\t\t\t\t<\/div>\n\t\t","protected":false},"excerpt":{"rendered":"","protected":false},"author":3,"featured_media":1539,"parent":0,"menu_order":0,"comment_status":"closed","ping_status":"closed","template":"elementor_header_footer","meta":{"_yoast_wpseo_focuskw":"Amon","_yoast_wpseo_title":"Amon \u2013 D\u00e9u creador egipci i rei dels d\u00e9us","_yoast_wpseo_metadesc":"D\u00e9u creador, rei dels d\u00e9us, sincretisme Amon-Ra. Temple de Karnak, Tebes, oracles en l'antic Egipte.","_yoast_wpseo_meta-robots-noindex":"","_yoast_wpseo_canonical":"","_angie_page":false,"gefaehrdungsstufe":"4","wesen_kultur":"aegypten","wesen_klasse":"goetter","footnotes":""},"categories":[],"class_list":["post-171550","page","type-page","status-publish","has-post-thumbnail","hentry"],"yoast_head":"<!-- This site is optimized with the Yoast SEO Premium plugin v27.7 (Yoast SEO v28.3) - https:\/\/yoast.com\/product\/yoast-seo-premium-wordpress\/ -->\n<title>Amon \u2013 D\u00e9u creador egipci i rei dels d\u00e9us<\/title>\n<meta name=\"description\" content=\"D\u00e9u creador, rei dels d\u00e9us, sincretisme Amon-Ra. Temple de Karnak, Tebes, oracles en l&#039;antic Egipte.\" \/>\n<meta name=\"robots\" content=\"index, follow, max-snippet:-1, max-image-preview:large, max-video-preview:-1\" \/>\n<link rel=\"canonical\" href=\"https:\/\/iwell-guard.com\/ca\/amon\/\" \/>\n<meta property=\"og:locale\" content=\"ca_ES\" \/>\n<meta property=\"og:type\" content=\"article\" \/>\n<meta property=\"og:title\" content=\"Amon\" \/>\n<meta property=\"og:description\" content=\"D\u00e9u creador, rei dels d\u00e9us, sincretisme Amon-Ra. Temple de Karnak, Tebes, oracles en l&#039;antic Egipte.\" \/>\n<meta property=\"og:url\" content=\"https:\/\/iwell-guard.com\/ca\/amon\/\" \/>\n<meta property=\"og:site_name\" content=\"iWell Guard\" \/>\n<meta property=\"article:modified_time\" content=\"2026-09-05T16:00:51+00:00\" \/>\n<meta property=\"og:image\" content=\"https:\/\/iwell-guard.com\/wp-content\/uploads\/2026\/04\/goetter_aegypten_amun-1.webp\" \/>\n\t<meta property=\"og:image:width\" content=\"1024\" \/>\n\t<meta property=\"og:image:height\" content=\"1536\" \/>\n\t<meta property=\"og:image:type\" content=\"image\/webp\" \/>\n<meta name=\"twitter:card\" content=\"summary_large_image\" \/>\n<script type=\"application\/ld+json\" class=\"yoast-schema-graph\">{\"@context\":\"https:\\\/\\\/schema.org\",\"@graph\":[{\"@type\":\"WebPage\",\"@id\":\"https:\\\/\\\/iwell-guard.com\\\/ca\\\/amon\\\/\",\"url\":\"https:\\\/\\\/iwell-guard.com\\\/ca\\\/amon\\\/\",\"name\":\"Amon \u2013 D\u00e9u creador egipci i rei dels d\u00e9us\",\"isPartOf\":{\"@id\":\"https:\\\/\\\/iwell-guard.com\\\/ca\\\/#website\"},\"primaryImageOfPage\":{\"@id\":\"https:\\\/\\\/iwell-guard.com\\\/ca\\\/amon\\\/#primaryimage\"},\"image\":{\"@id\":\"https:\\\/\\\/iwell-guard.com\\\/ca\\\/amon\\\/#primaryimage\"},\"thumbnailUrl\":\"https:\\\/\\\/iwell-guard.com\\\/wp-content\\\/uploads\\\/2026\\\/04\\\/goetter_aegypten_amun-1.webp\",\"datePublished\":\"2026-09-05T15:40:20+00:00\",\"dateModified\":\"2026-09-05T16:00:51+00:00\",\"description\":\"D\u00e9u creador, rei dels d\u00e9us, sincretisme Amon-Ra. Temple de Karnak, Tebes, oracles en l'antic Egipte.\",\"breadcrumb\":{\"@id\":\"https:\\\/\\\/iwell-guard.com\\\/ca\\\/amon\\\/#breadcrumb\"},\"inLanguage\":\"ca\",\"potentialAction\":[{\"@type\":\"ReadAction\",\"target\":[\"https:\\\/\\\/iwell-guard.com\\\/ca\\\/amon\\\/\"]}]},{\"@type\":\"ImageObject\",\"inLanguage\":\"ca\",\"@id\":\"https:\\\/\\\/iwell-guard.com\\\/ca\\\/amon\\\/#primaryimage\",\"url\":\"https:\\\/\\\/iwell-guard.com\\\/wp-content\\\/uploads\\\/2026\\\/04\\\/goetter_aegypten_amun-1.webp\",\"contentUrl\":\"https:\\\/\\\/iwell-guard.com\\\/wp-content\\\/uploads\\\/2026\\\/04\\\/goetter_aegypten_amun-1.webp\",\"width\":1024,\"height\":1536,\"caption\":\"D\u00e9us de la tradici\u00f3 eg\u00edpcia.\"},{\"@type\":\"BreadcrumbList\",\"@id\":\"https:\\\/\\\/iwell-guard.com\\\/ca\\\/amon\\\/#breadcrumb\",\"itemListElement\":[{\"@type\":\"ListItem\",\"position\":1,\"name\":\"Start\",\"item\":\"https:\\\/\\\/iwell-guard.com\\\/ca\\\/?page_id=171333\"},{\"@type\":\"ListItem\",\"position\":2,\"name\":\"Amon\"}]},{\"@type\":\"WebSite\",\"@id\":\"https:\\\/\\\/iwell-guard.com\\\/ca\\\/#website\",\"url\":\"https:\\\/\\\/iwell-guard.com\\\/ca\\\/\",\"name\":\"iWell Guard\",\"description\":\"Schutz vor dunklen Einfl\u00fcssen\",\"publisher\":{\"@id\":\"https:\\\/\\\/iwell-guard.com\\\/ca\\\/#organization\"},\"potentialAction\":[{\"@type\":\"SearchAction\",\"target\":{\"@type\":\"EntryPoint\",\"urlTemplate\":\"https:\\\/\\\/iwell-guard.com\\\/ca\\\/?s={search_term_string}\"},\"query-input\":{\"@type\":\"PropertyValueSpecification\",\"valueRequired\":true,\"valueName\":\"search_term_string\"}}],\"inLanguage\":\"ca\"},{\"@type\":\"Organization\",\"@id\":\"https:\\\/\\\/iwell-guard.com\\\/ca\\\/#organization\",\"name\":\"Ittermann electronic GmbH\",\"url\":\"https:\\\/\\\/iwell-guard.com\\\/ca\\\/\",\"logo\":{\"@type\":\"ImageObject\",\"inLanguage\":\"ca\",\"@id\":\"https:\\\/\\\/iwell-guard.com\\\/ca\\\/#\\\/schema\\\/logo\\\/image\\\/\",\"url\":\"https:\\\/\\\/iwell-guard.com\\\/wp-content\\\/uploads\\\/2026\\\/05\\\/Ittermann-Logo-1182x237-1.png\",\"contentUrl\":\"https:\\\/\\\/iwell-guard.com\\\/wp-content\\\/uploads\\\/2026\\\/05\\\/Ittermann-Logo-1182x237-1.png\",\"width\":1182,\"height\":237,\"caption\":\"Ittermann electronic GmbH\"},\"image\":{\"@id\":\"https:\\\/\\\/iwell-guard.com\\\/ca\\\/#\\\/schema\\\/logo\\\/image\\\/\"},\"sameAs\":[\"https:\\\/\\\/pantip.com\\\/profile\\\/9367242\",\"https:\\\/\\\/micro.blog\\\/iwellguard\",\"https:\\\/\\\/www.diggerslist.com\\\/iwellguard\\\/about\",\"https:\\\/\\\/skitterphoto.com\\\/photographers\\\/2870314\\\/iwell-guard\",\"https:\\\/\\\/iwellguard.wordpress.com\\\/2026\\\/06\\\/06\\\/iwell-guard\\\/\",\"https:\\\/\\\/hub.docker.com\\\/u\\\/iwellguard\",\"https:\\\/\\\/www.pinterest.com\\\/iwellguard\\\/\",\"https:\\\/\\\/bit.ly\\\/m\\\/iwellguard\",\"https:\\\/\\\/entre-vos-mains.alsace.eu\\\/profiles\\\/iwellguard\\\/activity\",\"https:\\\/\\\/gravatar.com\\\/reallybeded8fd34\",\"https:\\\/\\\/naijamatta.com\\\/iwellguard\",\"https:\\\/\\\/www.goodreads.com\\\/iwellguard\",\"https:\\\/\\\/profile.hatena.ne.jp\\\/iwellguard\\\/\",\"https:\\\/\\\/experiment.com\\\/users\\\/iwellguard\",\"https:\\\/\\\/wakelet.com\\\/@iWellGuard82270\",\"https:\\\/\\\/www.chordie.com\\\/forum\\\/profile.php?id=2555664\",\"https:\\\/\\\/www.instapaper.com\\\/p\\\/17757966\",\"https:\\\/\\\/www.mapleprimes.com\\\/users\\\/iwellguard\",\"https:\\\/\\\/businesslistingplus.com\\\/profile\\\/iwell-guard\\\/\",\"https:\\\/\\\/telegra.ph\\\/iWell-Guard-06-06\",\"https:\\\/\\\/pbase.com\\\/iwellguard\\\/iwellguard\",\"https:\\\/\\\/b.hatena.ne.jp\\\/iwellguard\\\/20260607#bookmark-4788405196491818882\",\"https:\\\/\\\/fliphtml5.com\\\/home\\\/iwellguard\",\"https:\\\/\\\/anyflip.com\\\/homepage\\\/cmiwl#About\",\"https:\\\/\\\/transfur.com\\\/Users\\\/iwellguard\",\"http:\\\/\\\/delphi.larsbo.org\\\/user\\\/iwellguard\",\"https:\\\/\\\/jobs.lajobsportal.org\\\/profiles\\\/8380803-iwell-guard\",\"https:\\\/\\\/md.chaosdorf.de\\\/s\\\/jfbe5SBdJD\",\"https:\\\/\\\/www.lingvolive.com\\\/en-us\\\/profile\\\/9ecaeaca-ce11-4e51-9e71-01d55e2bff36\\\/translations\",\"https:\\\/\\\/www.fitday.com\\\/fitness\\\/forums\\\/members\\\/iwellguard.html\",\"https:\\\/\\\/www.mymeetbook.com\\\/iwellguard\",\"https:\\\/\\\/pxhere.com\\\/en\\\/photographer-me\\\/5040798\",\"https:\\\/\\\/disqus.com\\\/by\\\/iwellguard\\\/about\\\/\",\"https:\\\/\\\/pastelink.net\\\/hjwciqwq\",\"https:\\\/\\\/pubhtml5.com\\\/homepage\\\/scjhn\\\/\",\"https:\\\/\\\/www.bitchute.com\\\/channel\\\/2O2eOKzNqujT\",\"https:\\\/\\\/audiomack.com\\\/iwellguard\"]},{\"@type\":\"Article\",\"@id\":\"https:\\\/\\\/iwell-guard.com\\\/ca\\\/amon\\\/#article\",\"isPartOf\":{\"@id\":\"https:\\\/\\\/iwell-guard.com\\\/ca\\\/amon\\\/\"},\"author\":{\"name\":\"Ralf Ittermann\",\"@id\":\"https:\\\/\\\/iwell-guard.com\\\/ca\\\/#\\\/schema\\\/person\\\/ee2a27f1cac3406c7c6fb5820cb7349f\"},\"headline\":\"Amon\",\"datePublished\":\"2026-09-05T15:40:20+00:00\",\"dateModified\":\"2026-09-05T16:00:51+00:00\",\"mainEntityOfPage\":{\"@id\":\"https:\\\/\\\/iwell-guard.com\\\/ca\\\/amon\\\/\"},\"publisher\":{\"@id\":\"https:\\\/\\\/iwell-guard.com\\\/ca\\\/#organization\"},\"image\":{\"@id\":\"https:\\\/\\\/iwell-guard.com\\\/ca\\\/amon\\\/#primaryimage\"},\"thumbnailUrl\":\"https:\\\/\\\/iwell-guard.com\\\/wp-content\\\/uploads\\\/2026\\\/04\\\/goetter_aegypten_amun-1.webp\",\"inLanguage\":\"ca\",\"description\":\"D\u00e9u creador, rei dels d\u00e9us, sincretisme Amon-Ra. Temple de Karnak, Tebes, oracles en l'antic Egipte.\"}]}<\/script>\n<!-- \/ Yoast SEO Premium plugin. -->","yoast_head_json":{"title":"Amon \u2013 D\u00e9u creador egipci i rei dels d\u00e9us","description":"D\u00e9u creador, rei dels d\u00e9us, sincretisme Amon-Ra. Temple de Karnak, Tebes, oracles en l'antic Egipte.","robots":{"index":"index","follow":"follow","max-snippet":"max-snippet:-1","max-image-preview":"max-image-preview:large","max-video-preview":"max-video-preview:-1"},"canonical":"https:\/\/iwell-guard.com\/ca\/amon\/","og_locale":"ca_ES","og_type":"article","og_title":"Amon","og_description":"D\u00e9u creador, rei dels d\u00e9us, sincretisme Amon-Ra. Temple de Karnak, Tebes, oracles en l'antic Egipte.","og_url":"https:\/\/iwell-guard.com\/ca\/amon\/","og_site_name":"iWell Guard","article_modified_time":"2026-09-05T16:00:51+00:00","og_image":[{"width":1024,"height":1536,"url":"https:\/\/iwell-guard.com\/wp-content\/uploads\/2026\/04\/goetter_aegypten_amun-1.webp","type":"image\/webp"}],"twitter_card":"summary_large_image","schema":{"@context":"https:\/\/schema.org","@graph":[{"@type":"Article","@id":"https:\/\/iwell-guard.com\/ca\/amon\/#article","isPartOf":{"@id":"https:\/\/iwell-guard.com\/ca\/amon\/"},"author":{"name":"Ralf Ittermann","@id":"https:\/\/iwell-guard.com\/ca\/#\/schema\/person\/ee2a27f1cac3406c7c6fb5820cb7349f"},"headline":"Amon","datePublished":"2026-09-05T15:40:20+00:00","dateModified":"2026-09-05T16:00:51+00:00","mainEntityOfPage":{"@id":"https:\/\/iwell-guard.com\/ca\/amon\/"},"publisher":{"@id":"https:\/\/iwell-guard.com\/ca\/#organization"},"image":{"@id":"https:\/\/iwell-guard.com\/ca\/amon\/#primaryimage"},"thumbnailUrl":"https:\/\/iwell-guard.com\/wp-content\/uploads\/2026\/04\/goetter_aegypten_amun-1.webp","inLanguage":"ca","description":"D\u00e9u creador, rei dels d\u00e9us, sincretisme Amon-Ra. Temple de Karnak, Tebes, oracles en l'antic Egipte."},{"@type":"WebPage","@id":"https:\/\/iwell-guard.com\/ca\/amon\/","url":"https:\/\/iwell-guard.com\/ca\/amon\/","name":"Amon \u2013 D\u00e9u creador egipci i rei dels d\u00e9us","isPartOf":{"@id":"https:\/\/iwell-guard.com\/ca\/#website"},"primaryImageOfPage":{"@id":"https:\/\/iwell-guard.com\/ca\/amon\/#primaryimage"},"image":{"@id":"https:\/\/iwell-guard.com\/ca\/amon\/#primaryimage"},"thumbnailUrl":"https:\/\/iwell-guard.com\/wp-content\/uploads\/2026\/04\/goetter_aegypten_amun-1.webp","datePublished":"2026-09-05T15:40:20+00:00","dateModified":"2026-09-05T16:00:51+00:00","description":"D\u00e9u creador, rei dels d\u00e9us, sincretisme Amon-Ra. Temple de Karnak, Tebes, oracles en l'antic Egipte.","breadcrumb":{"@id":"https:\/\/iwell-guard.com\/ca\/amon\/#breadcrumb"},"inLanguage":"ca","potentialAction":[{"@type":"ReadAction","target":["https:\/\/iwell-guard.com\/ca\/amon\/"]}]},{"@type":"ImageObject","inLanguage":"ca","@id":"https:\/\/iwell-guard.com\/ca\/amon\/#primaryimage","url":"https:\/\/iwell-guard.com\/wp-content\/uploads\/2026\/04\/goetter_aegypten_amun-1.webp","contentUrl":"https:\/\/iwell-guard.com\/wp-content\/uploads\/2026\/04\/goetter_aegypten_amun-1.webp","width":1024,"height":1536,"caption":"D\u00e9us de la tradici\u00f3 eg\u00edpcia."},{"@type":"BreadcrumbList","@id":"https:\/\/iwell-guard.com\/ca\/amon\/#breadcrumb","itemListElement":[{"@type":"ListItem","position":1,"name":"Start","item":"https:\/\/iwell-guard.com\/ca\/?page_id=171333"},{"@type":"ListItem","position":2,"name":"Amon"}]},{"@type":"WebSite","@id":"https:\/\/iwell-guard.com\/ca\/#website","url":"https:\/\/iwell-guard.com\/ca\/","name":"iWell Guard","description":"Schutz vor dunklen Einfl\u00fcssen","publisher":{"@id":"https:\/\/iwell-guard.com\/ca\/#organization"},"potentialAction":[{"@type":"SearchAction","target":{"@type":"EntryPoint","urlTemplate":"https:\/\/iwell-guard.com\/ca\/?s={search_term_string}"},"query-input":{"@type":"PropertyValueSpecification","valueRequired":true,"valueName":"search_term_string"}}],"inLanguage":"ca"},{"@type":"Organization","@id":"https:\/\/iwell-guard.com\/ca\/#organization","name":"Ittermann electronic GmbH","url":"https:\/\/iwell-guard.com\/ca\/","logo":{"@type":"ImageObject","inLanguage":"ca","@id":"https:\/\/iwell-guard.com\/ca\/#\/schema\/logo\/image\/","url":"https:\/\/iwell-guard.com\/wp-content\/uploads\/2026\/05\/Ittermann-Logo-1182x237-1.png","contentUrl":"https:\/\/iwell-guard.com\/wp-content\/uploads\/2026\/05\/Ittermann-Logo-1182x237-1.png","width":1182,"height":237,"caption":"Ittermann electronic GmbH"},"image":{"@id":"https:\/\/iwell-guard.com\/ca\/#\/schema\/logo\/image\/"},"sameAs":["https:\/\/pantip.com\/profile\/9367242","https:\/\/micro.blog\/iwellguard","https:\/\/www.diggerslist.com\/iwellguard\/about","https:\/\/skitterphoto.com\/photographers\/2870314\/iwell-guard","https:\/\/iwellguard.wordpress.com\/2026\/06\/06\/iwell-guard\/","https:\/\/hub.docker.com\/u\/iwellguard","https:\/\/www.pinterest.com\/iwellguard\/","https:\/\/bit.ly\/m\/iwellguard","https:\/\/entre-vos-mains.alsace.eu\/profiles\/iwellguard\/activity","https:\/\/gravatar.com\/reallybeded8fd34","https:\/\/naijamatta.com\/iwellguard","https:\/\/www.goodreads.com\/iwellguard","https:\/\/profile.hatena.ne.jp\/iwellguard\/","https:\/\/experiment.com\/users\/iwellguard","https:\/\/wakelet.com\/@iWellGuard82270","https:\/\/www.chordie.com\/forum\/profile.php?id=2555664","https:\/\/www.instapaper.com\/p\/17757966","https:\/\/www.mapleprimes.com\/users\/iwellguard","https:\/\/businesslistingplus.com\/profile\/iwell-guard\/","https:\/\/telegra.ph\/iWell-Guard-06-06","https:\/\/pbase.com\/iwellguard\/iwellguard","https:\/\/b.hatena.ne.jp\/iwellguard\/20260607#bookmark-4788405196491818882","https:\/\/fliphtml5.com\/home\/iwellguard","https:\/\/anyflip.com\/homepage\/cmiwl#About","https:\/\/transfur.com\/Users\/iwellguard","http:\/\/delphi.larsbo.org\/user\/iwellguard","https:\/\/jobs.lajobsportal.org\/profiles\/8380803-iwell-guard","https:\/\/md.chaosdorf.de\/s\/jfbe5SBdJD","https:\/\/www.lingvolive.com\/en-us\/profile\/9ecaeaca-ce11-4e51-9e71-01d55e2bff36\/translations","https:\/\/www.fitday.com\/fitness\/forums\/members\/iwellguard.html","https:\/\/www.mymeetbook.com\/iwellguard","https:\/\/pxhere.com\/en\/photographer-me\/5040798","https:\/\/disqus.com\/by\/iwellguard\/about\/","https:\/\/pastelink.net\/hjwciqwq","https:\/\/pubhtml5.com\/homepage\/scjhn\/","https:\/\/www.bitchute.com\/channel\/2O2eOKzNqujT","https:\/\/audiomack.com\/iwellguard"]},{"@type":"Person","@id":"https:\/\/iwell-guard.com\/ca\/#\/schema\/person\/ee2a27f1cac3406c7c6fb5820cb7349f","name":"Ralf Ittermann","image":{"@type":"ImageObject","inLanguage":"ca","@id":"https:\/\/secure.gravatar.com\/avatar\/073c0153e350a5005b68eb752b445fea71f6b24a26da9449ad7e155e6b446c9d?s=96&d=mm&r=g","url":"https:\/\/secure.gravatar.com\/avatar\/073c0153e350a5005b68eb752b445fea71f6b24a26da9449ad7e155e6b446c9d?s=96&d=mm&r=g","contentUrl":"https:\/\/secure.gravatar.com\/avatar\/073c0153e350a5005b68eb752b445fea71f6b24a26da9449ad7e155e6b446c9d?s=96&d=mm&r=g","caption":"Ralf Ittermann"},"givenName":"Ralf","familyName":"Ittermann","jobTitle":"Gesch\u00e4ftsf\u00fchrer und redaktioneller Verantwortlicher","url":"https:\/\/iwell-guard.com\/ca\/author\/claude\/","description":"Ralf Ittermann ist Gesch\u00e4ftsf\u00fchrer der Ittermann electronic GmbH und redaktioneller Verantwortlicher des iWell-Guard-Lexikons. Er verbindet langj\u00e4hrige Erfahrung in der Pr\u00e4zisionsfertigung mit medialer Praxis und religionsgeschichtlicher Quellenarbeit.","worksFor":{"@type":"Organization","name":"Ittermann electronic GmbH","url":"https:\/\/ittermann.de\/","address":{"@type":"PostalAddress","streetAddress":"K\u00f6hlergasse 16-18","postalCode":"99842","addressLocality":"Ruhla","addressCountry":"DE"}},"knowsAbout":["Religionsgeschichte","Mythologie","Mediale Praxis","Energetische Diagnostik","Schutzpraxis","Volksglauben","Westliche Esoterik"]},{"@type":"Article","@id":"https:\/\/iwell-guard.com\/ca\/amon\/#article","isPartOf":{"@id":"https:\/\/iwell-guard.com\/ca\/amon\/"},"author":{"name":"Ralf Ittermann","@id":"https:\/\/iwell-guard.com\/ca\/#\/schema\/person\/ee2a27f1cac3406c7c6fb5820cb7349f"},"headline":"Amon","datePublished":"2026-09-05T15:40:20+00:00","dateModified":"2026-09-05T16:00:51+00:00","mainEntityOfPage":{"@id":"https:\/\/iwell-guard.com\/ca\/amon\/"},"publisher":{"@id":"https:\/\/iwell-guard.com\/ca\/#organization"},"image":{"@id":"https:\/\/iwell-guard.com\/ca\/amon\/#primaryimage"},"thumbnailUrl":"https:\/\/iwell-guard.com\/wp-content\/uploads\/2026\/04\/goetter_aegypten_amun-1.webp","inLanguage":"ca","description":"D\u00e9u creador, rei dels d\u00e9us, sincretisme Amon-Ra. Temple de Karnak, Tebes, oracles en l'antic Egipte."}]}},"_links":{"self":[{"href":"https:\/\/iwell-guard.com\/ca\/wp-json\/wp\/v2\/pages\/171550","targetHints":{"allow":["GET"]}}],"collection":[{"href":"https:\/\/iwell-guard.com\/ca\/wp-json\/wp\/v2\/pages"}],"about":[{"href":"https:\/\/iwell-guard.com\/ca\/wp-json\/wp\/v2\/types\/page"}],"author":[{"embeddable":true,"href":"https:\/\/iwell-guard.com\/ca\/wp-json\/wp\/v2\/users\/3"}],"replies":[{"embeddable":true,"href":"https:\/\/iwell-guard.com\/ca\/wp-json\/wp\/v2\/comments?post=171550"}],"version-history":[{"count":0,"href":"https:\/\/iwell-guard.com\/ca\/wp-json\/wp\/v2\/pages\/171550\/revisions"}],"wp:featuredmedia":[{"embeddable":true,"href":"https:\/\/iwell-guard.com\/ca\/wp-json\/wp\/v2\/media\/1539"}],"wp:attachment":[{"href":"https:\/\/iwell-guard.com\/ca\/wp-json\/wp\/v2\/media?parent=171550"}],"wp:term":[{"taxonomy":"category","embeddable":true,"href":"https:\/\/iwell-guard.com\/ca\/wp-json\/wp\/v2\/categories?post=171550"}],"curies":[{"name":"wp","href":"https:\/\/api.w.org\/{rel}","templated":true}]}}