{"id":171549,"date":"2026-09-05T15:40:20","date_gmt":"2026-09-05T15:40:20","guid":{"rendered":"https:\/\/iwell-guard.com\/?page_id=171549"},"modified":"2026-09-05T16:00:49","modified_gmt":"2026-09-05T16:00:49","slug":"ptah","status":"publish","type":"page","link":"https:\/\/iwell-guard.com\/ca\/ptah\/","title":{"rendered":"Ptah"},"content":{"rendered":"\t\t<div data-elementor-type=\"wp-page\" data-elementor-id=\"171549\" class=\"elementor elementor-171549 elementor-2055 elementor-bc-flex-widget\" data-elementor-post-type=\"page\">\n\t\t\t\t<div class=\"elementor-element elementor-element-10fdade e-flex e-con-boxed e-con e-parent\" data-id=\"10fdade\" data-element_type=\"container\" data-e-type=\"container\" data-settings=\"{&quot;background_background&quot;:&quot;classic&quot;}\">\n\t\t\t\t\t<div class=\"e-con-inner\">\n\t\t<div class=\"elementor-element elementor-element-herohlft0 e-flex e-con-boxed e-con e-child\" data-id=\"herohlft0\" data-element_type=\"container\" data-e-type=\"container\">\n\t\t\t\t\t<div class=\"e-con-inner\">\n\t\t<div class=\"elementor-element elementor-element-c3ceb64 e-con-full e-flex e-con e-child\" data-id=\"c3ceb64\" data-element_type=\"container\" data-e-type=\"container\">\n\t\t\t\t<div class=\"elementor-element elementor-element-96ae5e1 elementor-widget elementor-widget-heading\" data-id=\"96ae5e1\" data-element_type=\"widget\" data-e-type=\"widget\" data-widget_type=\"heading.default\">\n\t\t\t\t\t<h1 class=\"elementor-heading-title elementor-size-default\">Ptah, d\u00e9u de la tradici\u00f3 eg\u00edpcia<\/h1>\t\t\t\t<\/div>\n\t\t\t\t<div class=\"elementor-element elementor-element-e45238a elementor-widget elementor-widget-text-editor\" data-id=\"e45238a\" data-element_type=\"widget\" data-e-type=\"widget\" data-widget_type=\"text-editor.default\">\n\t\t\t\t\t\t\t\t\t<p>Ptah \u00e9s un d\u00e9u de la tradici\u00f3 eg\u00edpcia.<\/p><p><strong>D\u00e9u creador mitjan\u00e7ant la paraula, patr\u00f3 dels artesans, d\u00e9u de Memfis.<\/strong> Ptah no va crear el m\u00f3n per la for\u00e7a ni pel poder sexual, sin\u00f3 mitjan\u00e7ant la paraula pronunciada: el seu cor pensava, la seva boca parlava, i aix\u00ed es feia realitat.<\/p><p>Amb rostre hum\u00e0, embolcallat en teles de lli ajustades i amb el ceptre creador, \u00e9s el d\u00e9u intel\u00b7lectual, no emocional, el planificador darrere l&#8217;ordre. El seu taller \u00e9s Memfis; els seus enginyers van construir les pir\u00e0mides.<\/p><p>Ptah \u00e9s un d\u00e9u creador egipci de la ciutat de Memfis.<\/p>\t\t\t\t\t\t\t\t<\/div>\n\t\t\t\t<\/div>\n\t\t<div class=\"elementor-element elementor-element-klsbdg01 e-con-full e-flex e-con e-parent\" data-id=\"klsbdg01\" data-element_type=\"container\" data-e-type=\"container\">\n\t\t\t\t<div class=\"elementor-element elementor-element-klshtm01 elementor-widget elementor-widget-html\" data-id=\"klshtm01\" data-element_type=\"widget\" data-e-type=\"widget\" data-widget_type=\"html.default\">\n\t\t\t\t\t<div class=\"iwg-pill-row\"><span class=\"iwg-klasse-badge\" tabindex=\"0\" data-tooltip=\"D\u00e9u \/ Deessa: Poder suprem personificat en el pante\u00f3 d'una cultura, amb \u00e0mbits d'acci\u00f3 clars: forces de la natura, dest\u00ed, guerra, fertilitat. Venerat mitjan\u00e7ant cultes, ofrenes i institucions dels temples.\">D\u00e9u<\/span><a href=\"https:\/\/iwell-guard.com\/ca\/egipte\/\" class=\"iwg-kultur-badge\" tabindex=\"0\" data-tooltip=\"Mitologia de l'antiga vall del Nil, aproximadament 3000 aC fins al 30 aC.\">Egipte<\/a><\/div>\t\t\t\t<\/div>\n\t\t\t\t<\/div>\n\t\t<div class=\"elementor-element elementor-element-3f74855 e-con-full e-flex e-con e-child\" data-id=\"3f74855\" data-element_type=\"container\" data-e-type=\"container\">\n\t\t\t\t<div class=\"elementor-element elementor-element-1c30362 elementor-toc--minimized-on-tablet elementor-widget elementor-widget-table-of-contents\" data-id=\"1c30362\" data-element_type=\"widget\" data-e-type=\"widget\" data-settings=\"{&quot;exclude_headings_by_selector&quot;:[],&quot;no_headings_message&quot;:&quot;No s&#039;ha trobat cap encap\\u00e7alament en aquesta p\\u00e0gina.&quot;,&quot;headings_by_tags&quot;:[&quot;h2&quot;,&quot;h3&quot;],&quot;marker_view&quot;:&quot;bullets&quot;,&quot;minimize_box&quot;:&quot;yes&quot;,&quot;icon&quot;:{&quot;value&quot;:&quot;fas fa-circle&quot;,&quot;library&quot;:&quot;fa-solid&quot;,&quot;rendered_tag&quot;:&quot;&lt;svg class=\\&quot;e-font-icon-svg e-fas-circle\\&quot; viewBox=\\&quot;0 0 512 512\\&quot; xmlns=\\&quot;http:\\\/\\\/www.w3.org\\\/2000\\\/svg\\&quot;&gt;&lt;path d=\\&quot;M256 8C119 8 8 119 8 256s111 248 248 248 248-111 248-248S393 8 256 8z\\&quot;&gt;&lt;\\\/path&gt;&lt;\\\/svg&gt;&quot;},&quot;minimized_on&quot;:&quot;tablet&quot;,&quot;hierarchical_view&quot;:&quot;yes&quot;,&quot;min_height&quot;:{&quot;unit&quot;:&quot;px&quot;,&quot;size&quot;:&quot;&quot;,&quot;sizes&quot;:[]},&quot;min_height_tablet&quot;:{&quot;unit&quot;:&quot;px&quot;,&quot;size&quot;:&quot;&quot;,&quot;sizes&quot;:[]},&quot;min_height_mobile&quot;:{&quot;unit&quot;:&quot;px&quot;,&quot;size&quot;:&quot;&quot;,&quot;sizes&quot;:[]}}\" data-widget_type=\"table-of-contents.default\">\n\t\t\t\t\t\t\t\t\t<div class=\"elementor-toc__header\">\n\t\t\t\t\t\t<h2 class=\"elementor-toc__header-title\">\n\t\t\t\t\u00cdndex\t\t\t<\/h2>\n\t\t\t\t\t\t\t\t\t\t<div class=\"elementor-toc__toggle-button elementor-toc__toggle-button--expand\" role=\"button\" tabindex=\"0\" aria-controls=\"elementor-toc__1c30362\" aria-expanded=\"true\" aria-label=\"Open table of contents\"><svg aria-hidden=\"true\" class=\"e-font-icon-svg e-fas-chevron-down\" viewBox=\"0 0 448 512\" xmlns=\"http:\/\/www.w3.org\/2000\/svg\"><path d=\"M207.029 381.476L12.686 187.132c-9.373-9.373-9.373-24.569 0-33.941l22.667-22.667c9.357-9.357 24.522-9.375 33.901-.04L224 284.505l154.745-154.021c9.379-9.335 24.544-9.317 33.901.04l22.667 22.667c9.373 9.373 9.373 24.569 0 33.941L240.971 381.476c-9.373 9.372-24.569 9.372-33.942 0z\"><\/path><\/svg><\/div>\n\t\t\t\t<div class=\"elementor-toc__toggle-button elementor-toc__toggle-button--collapse\" role=\"button\" tabindex=\"0\" aria-controls=\"elementor-toc__1c30362\" aria-expanded=\"true\" aria-label=\"Close table of contents\"><svg aria-hidden=\"true\" class=\"e-font-icon-svg e-fas-chevron-up\" viewBox=\"0 0 448 512\" xmlns=\"http:\/\/www.w3.org\/2000\/svg\"><path d=\"M240.971 130.524l194.343 194.343c9.373 9.373 9.373 24.569 0 33.941l-22.667 22.667c-9.357 9.357-24.522 9.375-33.901.04L224 227.495 69.255 381.516c-9.379 9.335-24.544 9.317-33.901-.04l-22.667-22.667c-9.373-9.373-9.373-24.569 0-33.941L207.03 130.525c9.372-9.373 24.568-9.373 33.941-.001z\"><\/path><\/svg><\/div>\n\t\t\t\t\t<\/div>\n\t\t\t\t<div id=\"elementor-toc__1c30362\" class=\"elementor-toc__body\">\n\t\t\t<div class=\"elementor-toc__spinner-container\">\n\t\t\t\t<svg class=\"elementor-toc__spinner eicon-animation-spin e-font-icon-svg e-eicon-loading\" aria-hidden=\"true\" viewBox=\"0 0 1000 1000\" xmlns=\"http:\/\/www.w3.org\/2000\/svg\"><path d=\"M500 975V858C696 858 858 696 858 500S696 142 500 142 142 304 142 500H25C25 237 238 25 500 25S975 237 975 500 763 975 500 975Z\"><\/path><\/svg>\t\t\t<\/div>\n\t\t<\/div>\n\t\t\t\t\t\t<\/div>\n\t\t\t\t<\/div>\n\t\t\t\t\t<\/div>\n\t\t\t\t<\/div>\n\t\t<div class=\"elementor-element elementor-element-herorght0 e-con-full e-flex e-con e-child\" data-id=\"herorght0\" data-element_type=\"container\" data-e-type=\"container\">\n\t\t\t\t<div class=\"elementor-element elementor-element-heroimg00 iwg-hero-image elementor-widget elementor-widget-image\" data-id=\"heroimg00\" data-element_type=\"widget\" data-e-type=\"widget\" data-widget_type=\"image.default\">\n\t\t\t\t\t\t\t\t\t\t\t\t\t\t\t<img fetchpriority=\"high\" decoding=\"async\" width=\"683\" height=\"1024\" src=\"https:\/\/iwell-guard.com\/wp-content\/uploads\/2026\/04\/goetter_aegypten_ptah-683x1024.webp\" class=\"attachment-large size-large wp-image-1546\" alt=\"Ptah\" srcset=\"https:\/\/iwell-guard.com\/wp-content\/uploads\/2026\/04\/goetter_aegypten_ptah-683x1024.webp 683w, https:\/\/iwell-guard.com\/wp-content\/uploads\/2026\/04\/goetter_aegypten_ptah-200x300.webp 200w, https:\/\/iwell-guard.com\/wp-content\/uploads\/2026\/04\/goetter_aegypten_ptah-768x1152.webp 768w, https:\/\/iwell-guard.com\/wp-content\/uploads\/2026\/04\/goetter_aegypten_ptah.webp 1024w\" sizes=\"(max-width: 683px) 100vw, 683px\" \/>\t\t\t\t\t\t\t\t\t\t\t\t\t\t\t<\/div>\n\t\t\t\t<\/div>\n\t\t\t\t\t<\/div>\n\t\t\t\t<\/div>\n\t\t<div class=\"elementor-element elementor-element-32917199 e-flex e-con-boxed e-con e-parent\" data-id=\"32917199\" data-element_type=\"container\" data-e-type=\"container\">\n\t\t\t\t\t<div class=\"e-con-inner\">\n\t\t<div class=\"elementor-element elementor-element-26e916cb e-flex e-con-boxed e-con e-child\" data-id=\"26e916cb\" data-element_type=\"container\" data-e-type=\"container\">\n\t\t\t\t\t<div class=\"e-con-inner\">\n\t\t<div class=\"elementor-element elementor-element-253a40d4 e-flex e-con-boxed e-con e-child\" data-id=\"253a40d4\" data-element_type=\"container\" data-e-type=\"container\">\n\t\t\t\t\t<div class=\"e-con-inner\">\n\t\t\t\t<div class=\"elementor-element elementor-element-1200c304 elementor-widget elementor-widget-heading\" data-id=\"1200c304\" data-element_type=\"widget\" data-e-type=\"widget\" data-widget_type=\"heading.default\">\n\t\t\t\t\t<div class=\"elementor-heading-title elementor-size-default\">Ptah<\/div>\t\t\t\t<\/div>\n\t\t\t\t\t<\/div>\n\t\t\t\t<\/div>\n\t\t<div class=\"elementor-element elementor-element-159dcf9a e-flex e-con-boxed e-con e-child\" data-id=\"159dcf9a\" data-element_type=\"container\" data-e-type=\"container\">\n\t\t\t\t\t<div class=\"e-con-inner\">\n\t\t\t\t<div class=\"elementor-element elementor-element-48cee66f elementor-widget elementor-widget-heading\" data-id=\"48cee66f\" data-element_type=\"widget\" data-e-type=\"widget\" data-widget_type=\"heading.default\">\n\t\t\t\t\t<h2 class=\"elementor-heading-title elementor-size-default\">Resum r\u00e0pid: Ptah<\/h2>\t\t\t\t<\/div>\n\t\t\t\t<div class=\"elementor-element elementor-element-3f50d82c elementor-widget elementor-widget-text-editor\" data-id=\"3f50d82c\" data-element_type=\"widget\" data-e-type=\"widget\" data-widget_type=\"text-editor.default\">\n\t\t\t\t\t\t\t\t\t<p><strong>Tipus:<\/strong> Divinitat principal eg\u00edpcia, d\u00e9u creador i patr\u00f3 dels artesans<br><span class=\"iwg-fachbegriff\" data-tooltip=\"El conjunt de d\u00e9us d'una religi\u00f3 o cultura.\" tabindex=\"0\">Pante\u00f3<\/span>: Egipte (totes les dinasties, especialment la tradici\u00f3 de Memfis)<br>Funci\u00f3: Creaci\u00f3 mitjan\u00e7ant la paraula, patr\u00f3 dels artesans, arquitectes, escultors<br>Atributs principals: Forma de m\u00f2mia, pell de color blau o verd, ceptre Uas-Djed-Ankh<br>Lloc de culte principal: Memfis (lloc de culte principal, <span class=\"iwg-fachbegriff\" data-tooltip=\"Un edifici dedicat al culte d'una o diverses divinitats.\" tabindex=\"0\">temple<\/span> <em>Hut-ka-Ptah<\/em>; d&#8217;aqu\u00ed prov\u00e9 el nom Aigyptos = Egipte)<br>Tr\u00edada: Ptah, Sekhmet, Nefertem (tr\u00edada memfita)<\/p>\t\t\t\t\t\t\t\t<\/div>\n\t\t\t\t\t<\/div>\n\t\t\t\t<\/div>\n\t\t\t\t\t<\/div>\n\t\t\t\t<\/div>\n\t\t\t\t\t<\/div>\n\t\t\t\t<\/div>\n\t\t<div class=\"elementor-element elementor-element-18613602 e-flex e-con-boxed e-con e-parent\" data-id=\"18613602\" data-element_type=\"container\" data-e-type=\"container\">\n\t\t\t\t\t<div class=\"e-con-inner\">\n\t\t\t\t<div class=\"elementor-element elementor-element-262b8a9f elementor-widget elementor-widget-heading\" data-id=\"262b8a9f\" data-element_type=\"widget\" data-e-type=\"widget\" data-widget_type=\"heading.default\">\n\t\t\t\t\t<h2 class=\"elementor-heading-title elementor-size-default\">Context<\/h2>\t\t\t\t<\/div>\n\t\t<div class=\"elementor-element elementor-element-46dcb7d e-con-full e-flex e-con e-child\" data-id=\"46dcb7d\" data-element_type=\"container\" data-e-type=\"container\">\n\t\t<div class=\"elementor-element elementor-element-61d3ab3 e-flex e-con-boxed e-con e-child\" data-id=\"61d3ab3\" data-element_type=\"container\" data-e-type=\"container\">\n\t\t\t\t\t<div class=\"e-con-inner\">\n\t\t\t\t<div class=\"elementor-element elementor-element-117c166 elementor-widget elementor-widget-heading\" data-id=\"117c166\" data-element_type=\"widget\" data-e-type=\"widget\" data-widget_type=\"heading.default\">\n\t\t\t\t\t<div class=\"elementor-heading-title elementor-size-default\">Per\u00edode dels textos<\/div>\t\t\t\t<\/div>\n\t\t\t\t<div class=\"elementor-element elementor-element-73997a0 elementor-widget elementor-widget-text-editor\" data-id=\"73997a0\" data-element_type=\"widget\" data-e-type=\"widget\" data-widget_type=\"text-editor.default\">\n\t\t\t\t\t\t\t\t\t<p>Ptah est\u00e0 documentat des del per\u00edode protodin\u00e0stic (ca. 2900 aC), com a d\u00e9u principal de Memfis, capital d&#8217;Egipte des de la 1a dinastia fins al final de l&#8217;Imperi Antic (ca. 2200 aC).<\/p><p>El principal apogeu de la <span class=\"iwg-fachbegriff\" data-tooltip=\"La doctrina cient\u00edfica sobre D\u00e9u i sobre la fe d'una religi\u00f3.\" tabindex=\"0\">teologia<\/span> de Ptah: la <em>Teologia menfita<\/em> (Pedra de Xabaka, ca. 700 aC, per\u00f2 c\u00f2pia d&#8217;un original de l&#8217;Imperi Antic), en aquesta teologia de la creaci\u00f3 Ptah crea el m\u00f3n mitjan\u00e7ant el pensament (cor) i la paraula (llengua), una doctrina de la creaci\u00f3 notablement \u00abintel\u00b7lectual\u00bb que s&#8217;anticipa a la <span class=\"iwg-fachbegriff\" tabindex=\"0\" data-tooltip=\"En Her\u00e0clit, el principi c\u00f2smic de la ra\u00f3; en Fil\u00f3 i a l'Evangeli de Joan, l'\u00e9sser creador de D\u00e9u.\">Logos<\/span>&#8211;<span class=\"iwg-fachbegriff\" data-tooltip=\"La doctrina cient\u00edfica sobre D\u00e9u i sobre la fe d'una religi\u00f3.\" tabindex=\"0\">teologia<\/span> cristiana i jo\u00e0nica. Identificat amb Hefest en el sincretisme grec.<\/p>\t\t\t\t\t\t\t\t<\/div>\n\t\t\t\t\t<\/div>\n\t\t\t\t<\/div>\n\t\t<div class=\"elementor-element elementor-element-d47b156 e-flex e-con-boxed e-con e-child\" data-id=\"d47b156\" data-element_type=\"container\" data-e-type=\"container\">\n\t\t\t\t\t<div class=\"e-con-inner\">\n\t\t\t\t<div class=\"elementor-element elementor-element-ff38c2b elementor-widget elementor-widget-heading\" data-id=\"ff38c2b\" data-element_type=\"widget\" data-e-type=\"widget\" data-widget_type=\"heading.default\">\n\t\t\t\t\t<div class=\"elementor-heading-title elementor-size-default\">\u00c0rea de difusi\u00f3<\/div>\t\t\t\t<\/div>\n\t\t\t\t<div class=\"elementor-element elementor-element-4e49fcc elementor-widget elementor-widget-text-editor\" data-id=\"4e49fcc\" data-element_type=\"widget\" data-e-type=\"widget\" data-widget_type=\"text-editor.default\">\n\t\t\t\t\t\t\t\t\t<p>El principal lloc de culte era <strong>Memfis<\/strong> (avui Mit Rahina), amb el <span class=\"iwg-fachbegriff\" data-tooltip=\"Un edifici destinat a la veneraci\u00f3 d'una o diverses divinitats.\" tabindex=\"0\">temple<\/span> <em>Hut-ka-Ptah<\/em> (\u00abCasa del Ka de Ptah\u00bb), un dels complexos de <span class=\"iwg-fachbegriff\" data-tooltip=\"Un edifici destinat a la veneraci\u00f3 d'una o diverses divinitats.\" tabindex=\"0\">temples<\/span> m\u00e9s grans i antics d&#8217;Egipte.<\/p><p>De la pron\u00fancia grega <em>Aigyptos<\/em> d&#8217;aquest nom de temple deriva el nom \u00abEgipte\u00bb. A m\u00e9s, hi havia el <span class=\"iwg-fachbegriff\" data-tooltip=\"Un edifici destinat a la veneraci\u00f3 d'una o diverses divinitats.\" tabindex=\"0\">temple<\/span> d&#8217;Apis (el toro Apis com a imatge vivent de Ptah), Heli\u00f2polis (annex de <span class=\"iwg-fachbegriff\" data-tooltip=\"Un edifici destinat a la veneraci\u00f3 d'una o diverses divinitats.\" tabindex=\"0\">temple<\/span>) i Tebes (secundari). En \u00e8poca hel\u00b7len\u00edstica, el toro Apis esdev\u00e9 el principal <span class=\"iwg-fachbegriff\" data-tooltip=\"Un signe que representa una idea o significat.\" tabindex=\"0\">s\u00edmbol<\/span> de culte; del <span class=\"iwg-fachbegriff\" data-tooltip=\"Fusi\u00f3 d'idees o divinitats provinents de diferents tradicions religioses.\" tabindex=\"0\">sincretisme<\/span> d&#8217;Apis-Osiris neix el d\u00e9u principal ptolemaic <em>Serapis<\/em>.<\/p>\t\t\t\t\t\t\t\t<\/div>\n\t\t\t\t\t<\/div>\n\t\t\t\t<\/div>\n\t\t\t\t<\/div>\n\t\t<div class=\"elementor-element elementor-element-db03c39 e-con-full e-flex e-con e-child\" data-id=\"db03c39\" data-element_type=\"container\" data-e-type=\"container\">\n\t\t<div class=\"elementor-element elementor-element-229a87b e-flex e-con-boxed e-con e-child\" data-id=\"229a87b\" data-element_type=\"container\" data-e-type=\"container\">\n\t\t\t\t\t<div class=\"e-con-inner\">\n\t\t\t\t<div class=\"elementor-element elementor-element-1f471fc elementor-widget elementor-widget-heading\" data-id=\"1f471fc\" data-element_type=\"widget\" data-e-type=\"widget\" data-widget_type=\"heading.default\">\n\t\t\t\t\t<div class=\"elementor-heading-title elementor-size-default\">Estat de les fonts<\/div>\t\t\t\t<\/div>\n\t\t\t\t<div class=\"elementor-element elementor-element-36b1201 elementor-widget elementor-widget-text-editor\" data-id=\"36b1201\" data-element_type=\"widget\" data-e-type=\"widget\" data-widget_type=\"text-editor.default\">\n\t\t\t\t\t\t\t\t\t<p>Fonts centrals: <em>Pedra de Xabaka<\/em> (Teologia menfita, British Museum EA 498), Textos de les Pir\u00e0mides, Textos dels Sarc\u00f2fags, inscripcions del <span class=\"iwg-fachbegriff\" data-tooltip=\"Un edifici dedicat al culte d'una o diverses divinitats.\" tabindex=\"0\">temple<\/span> de Hut-ka-Ptah, esteles d&#8217;Apis de Saqqara. Bibliografia secund\u00e0ria: Sandman Holmberg, <em>The God Ptah<\/em> (obra de refer\u00e8ncia); Erman, <em>Die Religion der \u00c4gypter<\/em>; Bonnet, <em>Reallexikon<\/em>; Wilkinson, <em>Complete Gods and Goddesses<\/em>.<\/p>\t\t\t\t\t\t\t\t<\/div>\n\t\t\t\t\t<\/div>\n\t\t\t\t<\/div>\n\t\t\t\t<\/div>\n\t\t\t\t\t<\/div>\n\t\t\t\t<\/div>\n\t\t<div class=\"elementor-element elementor-element-3ae0637c e-flex e-con-boxed e-con e-parent\" data-id=\"3ae0637c\" data-element_type=\"container\" data-e-type=\"container\">\n\t\t\t\t\t<div class=\"e-con-inner\">\n\t\t\t\t<div class=\"elementor-element elementor-element-31d07739 elementor-widget elementor-widget-heading\" data-id=\"31d07739\" data-element_type=\"widget\" data-e-type=\"widget\" data-widget_type=\"heading.default\">\n\t\t\t\t\t<h2 class=\"elementor-heading-title elementor-size-default\">Denominaci\u00f3 i grafies<\/h2>\t\t\t\t<\/div>\n\t\t<div class=\"elementor-element elementor-element-b7642947 e-con-full e-flex e-con e-child\" data-id=\"b7642947\" data-element_type=\"container\" data-e-type=\"container\">\n\t\t\t\t<div class=\"elementor-element elementor-element-a086266 elementor-widget elementor-widget-text-editor\" data-id=\"a086266\" data-element_type=\"widget\" data-e-type=\"widget\" data-widget_type=\"text-editor.default\">\n\t\t\t\t\t\t\t\t\t<p>Ptah es representa com un home momificat, embolcallat en teles de lli ajustades, sovint amb barba blava. Porta un ceptre format per tres s\u00edmbols: l&#8217;<em>Ankh<\/em> (vida), l&#8217;<em>Uas<\/em> (poder) i el pilar <em>Djed<\/em> (estabilitat).<\/p><p>De vegades sost\u00e9 una eina, la balan\u00e7a <em>Wag<\/em> o un martell. El seu cap apareix a vegades adornat amb una corona (el <span class=\"iwg-fachbegriff\" data-tooltip=\"Un signe que representa una idea o significat.\" tabindex=\"0\">s\u00edmbol<\/span> <em>Aten<\/em> o la corona Atef). Rarament se&#8217;l mostra amb trets animals; el seu poder \u00e9s abstracte i intel\u00b7lectual.<\/p>\t\t\t\t\t\t\t\t<\/div>\n\t\t\t\t<\/div>\n\t\t\t\t\t<\/div>\n\t\t\t\t<\/div>\n\t\t<div class=\"elementor-element elementor-element-709a44a8 e-flex e-con-boxed e-con e-parent\" data-id=\"709a44a8\" data-element_type=\"container\" data-e-type=\"container\">\n\t\t\t\t\t<div class=\"e-con-inner\">\n\t\t\t\t<div class=\"elementor-element elementor-element-2f585873 elementor-widget elementor-widget-heading\" data-id=\"2f585873\" data-element_type=\"widget\" data-e-type=\"widget\" data-widget_type=\"heading.default\">\n\t\t\t\t\t<h2 class=\"elementor-heading-title elementor-size-default\">Caracter\u00edstiques<\/h2>\t\t\t\t<\/div>\n\t\t<div class=\"elementor-element elementor-element-70621c12 e-con-full e-flex e-con e-child\" data-id=\"70621c12\" data-element_type=\"container\" data-e-type=\"container\">\n\t\t\t\t<div class=\"elementor-element elementor-element-4296eb49 elementor-widget elementor-widget-text-editor\" data-id=\"4296eb49\" data-element_type=\"widget\" data-e-type=\"widget\" data-widget_type=\"text-editor.default\">\n\t\t\t\t\t\t\t\t\t<p>Ptah va crear el m\u00f3n i totes les coses mitjan\u00e7ant el seu cor (intel\u00b7lecte) i la seva paraula (<span class=\"iwg-fachbegriff\" tabindex=\"0\" data-tooltip=\"En Her\u00e0clit, el principi cosmic de la ra\u00f3; en Fil\u00f3 i en l'Evangeli de Joan, l'entitat creadora de D\u00e9u.\">Logos<\/span>). Aquesta <span class=\"iwg-fachbegriff\" data-tooltip=\"La doctrina cient\u00edfica sobre D\u00e9u i la fe d'una religi\u00f3.\" tabindex=\"0\">teologia<\/span> \u00e9s \u00fanica dins la <span class=\"iwg-fachbegriff\" data-tooltip=\"El conjunt de relats transmesos sobre les divinitats d'una cultura.\" tabindex=\"0\">mitologia<\/span> eg\u00edpcia: ni Atum ni Ra, sin\u00f3 Ptah, \u00e9s el primer pensament. Artesans i arquitectes pregaven a Ptah.<\/p><p>El <span class=\"iwg-fachbegriff\" data-tooltip=\"Un edifici destinat al culte d'una o diverses divinitats.\" tabindex=\"0\">temple<\/span> de Memfis era enorme i ric. Els faraons (especialment Tuthmosis III) es titulaven com a governants \u00abestimats de Ptah\u00bb. Durant el Regne Nou es van erigir est\u00e0tues i <span class=\"iwg-fachbegriff\" data-tooltip=\"Un edifici destinat al culte d'una o diverses divinitats.\" tabindex=\"0\">temples<\/span> en record de l&#8217;antiga <span class=\"iwg-fachbegriff\" data-tooltip=\"La doctrina cient\u00edfica sobre D\u00e9u i la fe d'una religi\u00f3.\" tabindex=\"0\">teologia<\/span> de Memfis. Sacerdots i escribes van documentar els mites i rituals de Ptah en papirs.<\/p><h3>Aparen\u00e7a i simbolisme<\/h3><p><em>Ptah<\/em> es representa mumificat, amb roba cenyida, un caputx\u00f3 llis i ajustat, i una barba llarga. A la m\u00e0 porta la creu <em>ankh<\/em> i el ceptre-pilar <em>djed<\/em>, s\u00edmbols de la vida eterna i de l&#8217;estabilitat.<\/p><p>Els seus ulls s\u00f3n penetrants, ja que tot ho veu i tot ho crea. El color del seu cos sol ser verd o daurat. Un <span class=\"iwg-fachbegriff\" data-tooltip=\"L'escarabat pilotaire com a s\u00edmbol de l'antic Egipte del devenir i la renovaci\u00f3.\" tabindex=\"0\">escarabat<\/span> representa el seu proc\u00e9s creatiu: igual que l&#8217;insecte porta el sol amb ell, <em>Ptah<\/em> porta la creaci\u00f3.<\/p>\t\t\t\t\t\t\t\t<\/div>\n\t\t\t\t<\/div>\n\t\t\t\t\t<\/div>\n\t\t\t\t<\/div>\n\t\t<div class=\"elementor-element elementor-element-44e71476 e-flex e-con-boxed e-con e-parent\" data-id=\"44e71476\" data-element_type=\"container\" data-e-type=\"container\">\n\t\t\t\t\t<div class=\"e-con-inner\">\n\t\t\t\t<div class=\"elementor-element elementor-element-3c1fc3f0 elementor-widget elementor-widget-heading\" data-id=\"3c1fc3f0\" data-element_type=\"widget\" data-e-type=\"widget\" data-widget_type=\"heading.default\">\n\t\t\t\t\t<div class=\"elementor-heading-title elementor-size-default\">Fitxa: Ptah<\/div>\t\t\t\t<\/div>\n\t\t<div class=\"elementor-element elementor-element-84f33b8e e-con-full e-flex e-con e-child\" data-id=\"84f33b8e\" data-element_type=\"container\" data-e-type=\"container\">\n\t\t\t\t<div class=\"elementor-element elementor-element-hqkdc67p elementor-widget elementor-widget-text-editor\" data-id=\"hqkdc67p\" data-element_type=\"widget\" data-e-type=\"widget\" data-widget_type=\"text-editor.default\">\n\t\t\t\t\t\t\t\t\t<p>Els aspectes m\u00e9s importants de Ptah d&#8217;un cop d&#8217;ull. Els camps seg\u00fcents resumeixen l&#8217;origen, la funci\u00f3, l&#8217;aparen\u00e7a, la veneraci\u00f3, els s\u00edmbols i els paral\u00b7lelismes culturals.<\/p>\t\t\t\t\t\t\t\t<\/div>\n\t\t\t\t<\/div>\n\t\t<div class=\"elementor-element elementor-element-pemmx7c5 e-con-full e-flex e-con e-child\" data-id=\"pemmx7c5\" data-element_type=\"container\" data-e-type=\"container\">\n\t\t<div class=\"elementor-element elementor-element-pemmx7c1 e-con-full e-flex e-con e-child\" data-id=\"pemmx7c1\" data-element_type=\"container\" data-e-type=\"container\">\n\t\t<div class=\"elementor-element elementor-element-qh9oavvu iwg-steckbrief-card e-flex e-con-boxed e-con e-child\" data-id=\"qh9oavvu\" data-element_type=\"container\" data-e-type=\"container\">\n\t\t\t\t\t<div class=\"e-con-inner\">\n\t\t\t\t<div class=\"elementor-element elementor-element-awzx8k2k elementor-widget elementor-widget-heading\" data-id=\"awzx8k2k\" data-element_type=\"widget\" data-e-type=\"widget\" data-widget_type=\"heading.default\">\n\t\t\t\t\t<div class=\"elementor-heading-title elementor-size-default\">Origen<\/div>\t\t\t\t<\/div>\n\t\t\t\t<div class=\"elementor-element elementor-element-x6rowhv0 elementor-widget elementor-widget-text-editor\" data-id=\"x6rowhv0\" data-element_type=\"widget\" data-e-type=\"widget\" data-widget_type=\"text-editor.default\">\n\t\t\t\t\t\t\t\t\t<p>Ptah \u00e9s, en la <span class=\"iwg-fachbegriff\" data-tooltip=\"La doctrina cient\u00edfica sobre D\u00e9u i la fe d'una religi\u00f3.\" tabindex=\"0\">teologia<\/span> menfita, el creador per excel\u00b7l\u00e8ncia: pensa el m\u00f3n amb el cor i el pronuncia amb la llengua.<\/p><p>Esp\u00f2s de <em>Sekhmet<\/em> (deessa lleona de la guerra i la curaci\u00f3), pare del d\u00e9u lotus <em>Nefertum<\/em>; junts formen la tr\u00edada menfita. En tradicions posteriors, pare d&#8217;Imhotep (hist\u00f2ricament l&#8217;arquitecte de la pir\u00e0mide esglonada, m\u00e9s tard divinitzat com a d\u00e9u de la curaci\u00f3 i identificat amb el grec Asclepi).<\/p>\t\t\t\t\t\t\t\t<\/div>\n\t\t\t\t\t<\/div>\n\t\t\t\t<\/div>\n\t\t<div class=\"elementor-element elementor-element-8e3o4kxs iwg-steckbrief-card e-flex e-con-boxed e-con e-child\" data-id=\"8e3o4kxs\" data-element_type=\"container\" data-e-type=\"container\">\n\t\t\t\t\t<div class=\"e-con-inner\">\n\t\t\t\t<div class=\"elementor-element elementor-element-08rkdgov elementor-widget elementor-widget-heading\" data-id=\"08rkdgov\" data-element_type=\"widget\" data-e-type=\"widget\" data-widget_type=\"heading.default\">\n\t\t\t\t\t<div class=\"elementor-heading-title elementor-size-default\">Relacionat amb<\/div>\t\t\t\t<\/div>\n\t\t\t\t<div class=\"elementor-element elementor-element-uwjelx8s elementor-widget elementor-widget-text-editor\" data-id=\"uwjelx8s\" data-element_type=\"widget\" data-e-type=\"widget\" data-widget_type=\"text-editor.default\">\n\t\t\t\t\t\t\t\t\t<p>D\u00e9u creador mitjan\u00e7ant la paraula i el pensament, \u00fanic dins la <span class=\"iwg-fachbegriff\" data-tooltip=\"El conjunt de relats transmesos sobre les divinitats d'una cultura.\" tabindex=\"0\">mitologia<\/span> mundial com a creador \u00abintel\u00b7lectual\u00bb (a difer\u00e8ncia de la creaci\u00f3 sexual d&#8217;Atum a Heli\u00f2polis). Patr\u00f3 de tots els artesans: escultors, arquitectes, orfebres, fusters. En el <span class=\"iwg-fachbegriff\" data-tooltip=\"El conjunt d'accions de veneraci\u00f3 religiosa dedicades a una divinitat o figura sagrada.\" tabindex=\"0\">culte<\/span> personal se l&#8217;<span class=\"iwg-fachbegriff\" data-tooltip=\"L'acte de dirigir-se a una divinitat o poder amb una s\u00faplica o invocaci\u00f3.\" tabindex=\"0\">invocava<\/span> per obtenir \u00e8xit en oficis artesanals, per la curaci\u00f3 (a trav\u00e9s de la tradici\u00f3 m\u00e8dica d&#8217;Imhotep) i per protecci\u00f3 contra cat\u00e0strofes.<\/p>\t\t\t\t\t\t\t\t<\/div>\n\t\t\t\t\t<\/div>\n\t\t\t\t<\/div>\n\t\t<div class=\"elementor-element elementor-element-jm2n74ec iwg-steckbrief-card e-flex e-con-boxed e-con e-child\" data-id=\"jm2n74ec\" data-element_type=\"container\" data-e-type=\"container\">\n\t\t\t\t\t<div class=\"e-con-inner\">\n\t\t\t\t<div class=\"elementor-element elementor-element-8vufse4c elementor-widget elementor-widget-heading\" data-id=\"8vufse4c\" data-element_type=\"widget\" data-e-type=\"widget\" data-widget_type=\"heading.default\">\n\t\t\t\t\t<div class=\"elementor-heading-title elementor-size-default\">Aparen\u00e7a<\/div>\t\t\t\t<\/div>\n\t\t\t\t<div class=\"elementor-element elementor-element-mwb9u015 elementor-widget elementor-widget-text-editor\" data-id=\"mwb9u015\" data-element_type=\"widget\" data-e-type=\"widget\" data-widget_type=\"text-editor.default\">\n\t\t\t\t\t\t\t\t\t<p>Antropomorf en forma de m\u00f2mia, amb bena de m\u00f2mia cenyida, pell blava o verda (<span class=\"iwg-fachbegriff\" data-tooltip=\"Un signe que representa una idea o un significat.\" tabindex=\"0\">s\u00edmbol<\/span> de renaixement i fertilitat vegetal). Al cap porta un caputx\u00f3 llis i ajustat. A la m\u00e0, el <em>ceptre was-djed-anj<\/em>, combinaci\u00f3 del bast\u00f3 was (poder), el pilar djed (estabilitat) i l&#8217;anj (vida).<\/p><p>Barba, tallada recta. Es representa dret sobre una plataforma (<span class=\"iwg-fachbegriff\" data-tooltip=\"Un signe que representa una idea o un significat.\" tabindex=\"0\">s\u00edmbol<\/span> de l&#8217;ordre cosmic). Sovint es mostra tancat dins una cel\u00b7la: a difer\u00e8ncia de la majoria de d\u00e9us que actuen en el m\u00f3n, Ptah \u00e9s el creador reservat.<\/p>\t\t\t\t\t\t\t\t<\/div>\n\t\t\t\t\t<\/div>\n\t\t\t\t<\/div>\n\t\t\t\t<\/div>\n\t\t<div class=\"elementor-element elementor-element-pemmx7c2 e-con-full e-flex e-con e-child\" data-id=\"pemmx7c2\" data-element_type=\"container\" data-e-type=\"container\">\n\t\t<div class=\"elementor-element elementor-element-37ss2yr6 iwg-steckbrief-card e-flex e-con-boxed e-con e-child\" data-id=\"37ss2yr6\" data-element_type=\"container\" data-e-type=\"container\">\n\t\t\t\t\t<div class=\"e-con-inner\">\n\t\t\t\t<div class=\"elementor-element elementor-element-3v0wp3wx elementor-widget elementor-widget-heading\" data-id=\"3v0wp3wx\" data-element_type=\"widget\" data-e-type=\"widget\" data-widget_type=\"heading.default\">\n\t\t\t\t\t<div class=\"elementor-heading-title elementor-size-default\">Funci\u00f3<\/div>\t\t\t\t<\/div>\n\t\t\t\t<div class=\"elementor-element elementor-element-w3247g2m elementor-widget elementor-widget-text-editor\" data-id=\"w3247g2m\" data-element_type=\"widget\" data-e-type=\"widget\" data-widget_type=\"text-editor.default\">\n\t\t\t\t\t\t\t\t\t<p><strong>\u00c0mbit d&#8217;acci\u00f3:<\/strong> Ptah era invocat di\u00e0riament per artesans i arquitectes. Al <span class=\"iwg-fachbegriff\" data-tooltip=\"Un edifici destinat al culte d'una o diverses divinitats.\" tabindex=\"0\">temple<\/span> de Hut-ka-Ptah, el <em>toro Api<\/em> viu era el seu animal sagrat, un toro criat a la perfecci\u00f3 (amb determinades marques blanques) venerat com a manifestaci\u00f3 de Ptah.<\/p><p>A la mort de cada toro Api se celebrava una gran cerim\u00f2nia de dol; la seva m\u00f2mia era enterrada al Serapeu de Saqqara. En l&#8217;\u00e8poca tardana, el Serapeu atreia milers de <span class=\"iwg-fachbegriff\" data-tooltip=\"Una persona que empr\u00e8n un viatge motivat religiosament cap a un lloc sagrat.\" tabindex=\"0\">pelegrins<\/span>. En el <span class=\"iwg-fachbegriff\" data-tooltip=\"El conjunt d'accions de veneraci\u00f3 religiosa dedicades a una divinitat o figura sagrada.\" tabindex=\"0\">culte<\/span> personal se l&#8217;<span class=\"iwg-fachbegriff\" data-tooltip=\"L'acte de dirigir-se a una divinitat o poder amb una s\u00faplica o invocaci\u00f3.\" tabindex=\"0\">invocava<\/span> per obtenir \u00e8xit en els oficis artesanals.<\/p>\t\t\t\t\t\t\t\t<\/div>\n\t\t\t\t\t<\/div>\n\t\t\t\t<\/div>\n\t\t<div class=\"elementor-element elementor-element-0qpjal9w iwg-steckbrief-card e-flex e-con-boxed e-con e-child\" data-id=\"0qpjal9w\" data-element_type=\"container\" data-e-type=\"container\">\n\t\t\t\t\t<div class=\"e-con-inner\">\n\t\t\t\t<div class=\"elementor-element elementor-element-6ndoih0o elementor-widget elementor-widget-heading\" data-id=\"6ndoih0o\" data-element_type=\"widget\" data-e-type=\"widget\" data-widget_type=\"heading.default\">\n\t\t\t\t\t<div class=\"elementor-heading-title elementor-size-default\">Amulets protectors<\/div>\t\t\t\t<\/div>\n\t\t\t\t<div class=\"elementor-element elementor-element-6684tyh9 elementor-widget elementor-widget-text-editor\" data-id=\"6684tyh9\" data-element_type=\"widget\" data-e-type=\"widget\" data-widget_type=\"text-editor.default\">\n\t\t\t\t\t\t\t\t\t<p>Ceptre was-djed-anj (atribut principal), bena de m\u00f2mia, caputx\u00f3, pell blava\/verda, toro Api (animal sagrat), plataforma (ordre cosmic). Plantes sagrades: l&#8217;arbre p\u00e8rsea. N\u00famero sagrat: cap en concret.<\/p>\t\t\t\t\t\t\t\t<\/div>\n\t\t\t\t\t<\/div>\n\t\t\t\t<\/div>\n\t\t<div class=\"elementor-element elementor-element-3lfi7x32 iwg-steckbrief-card e-flex e-con-boxed e-con e-child\" data-id=\"3lfi7x32\" data-element_type=\"container\" data-e-type=\"container\">\n\t\t\t\t\t<div class=\"e-con-inner\">\n\t\t\t\t<div class=\"elementor-element elementor-element-0kg99ga1 elementor-widget elementor-widget-heading\" data-id=\"0kg99ga1\" data-element_type=\"widget\" data-e-type=\"widget\" data-widget_type=\"heading.default\">\n\t\t\t\t\t<div class=\"elementor-heading-title elementor-size-default\">Equivalents<\/div>\t\t\t\t<\/div>\n\t\t\t\t<div class=\"elementor-element elementor-element-n0fum6kp elementor-widget elementor-widget-text-editor\" data-id=\"n0fum6kp\" data-element_type=\"widget\" data-e-type=\"widget\" data-widget_type=\"text-editor.default\">\n\t\t\t\t\t\t\t\t\t<p><em>Hefest<\/em> (Gr\u00e8cia, d\u00e9u ferrer i artes\u00e0, sincretitzat en \u00e8poca hel\u00b7len\u00edstica), <em>Vulc\u00e0<\/em> (Roma, transm\u00e8s mitjan\u00e7ant Hefest), <em>Tva\u1e63\u1e6d\u1e5b<\/em> (hinduisme, d\u00e9u arquitecte v\u00e8dic), <em>Vishvakarman<\/em> (hinduisme, arquitecte dels d\u00e9us), <em>Goibniu<\/em> (celta, ferrer), <em>Ilmarinen<\/em> (fin\u00e8s, ferrer creador al Kalevala). El Logos de la Pedra de Xabaka presenta un paral\u00b7lelisme notable amb la <span class=\"iwg-fachbegriff\" data-tooltip=\"La doctrina cient\u00edfica sobre D\u00e9u i sobre la fe d'una religi\u00f3.\" tabindex=\"0\">teologia<\/span> jo\u00e0nica del Logos (Jn 1: \u00abAl principi hi havia el Verb\u00bb) i amb la doctrina estoica del Logos.<\/p>\t\t\t\t\t\t\t\t<\/div>\n\t\t\t\t\t<\/div>\n\t\t\t\t<\/div>\n\t\t\t\t<\/div>\n\t\t\t\t<\/div>\n\t\t\t\t\t<\/div>\n\t\t\t\t<\/div>\n\t\t<div class=\"elementor-element elementor-element-7533bc7a e-flex e-con-boxed e-con e-parent\" data-id=\"7533bc7a\" data-element_type=\"container\" data-e-type=\"container\">\n\t\t\t\t\t<div class=\"e-con-inner\">\n\t\t\t\t<div class=\"elementor-element elementor-element-2447d18d elementor-widget elementor-widget-heading\" data-id=\"2447d18d\" data-element_type=\"widget\" data-e-type=\"widget\" data-widget_type=\"heading.default\">\n\t\t\t\t\t<h2 class=\"elementor-heading-title elementor-size-default\">Pr\u00e0ctica de protecci\u00f3<\/h2>\t\t\t\t<\/div>\n\t\t<div class=\"elementor-element elementor-element-d5d0260c e-con-full e-flex e-con e-child\" data-id=\"d5d0260c\" data-element_type=\"container\" data-e-type=\"container\">\n\t\t\t\t<div class=\"elementor-element elementor-element-341be2ac elementor-widget elementor-widget-text-editor\" data-id=\"341be2ac\" data-element_type=\"widget\" data-e-type=\"widget\" data-widget_type=\"text-editor.default\">\n\t\t\t\t\t\t\t\t\t<div><h3>Veneraci\u00f3 en la vida quotidiana<\/h3>\n<div><p><strong>Rituals i invocacions<\/strong><br>\nEl centre era el culte del temple de Memfis. El bou Apis era venerat com a s\u00edmbol de culte vivent de Ptah. Com a d\u00e9u protector dels artesans, Ptah gaudia d&#8217;una <span class=\"iwg-fachbegriff\" data-tooltip=\"L'actitud i pr\u00e0ctica religiosa viscuda per una persona.\" tabindex=\"0\">devoci\u00f3<\/span> especial en els tallers.<\/p><\/div>\n\n<h3>Conjurs i invocacions<\/h3>\n<div><p><strong>Transmissi\u00f3 textual i f\u00f3rmules<\/strong><br>\nLa <span class=\"iwg-fachbegriff\" data-tooltip=\"La doctrina cient\u00edfica sobre D\u00e9u i sobre la fe d'una religi\u00f3.\" tabindex=\"0\">teologia<\/span> memfita de la Pedra de Shabaka presenta Ptah com a creador mitjan\u00e7ant el cor i la llengua. Els Textos de les Pir\u00e0mides i els himnes a Ptah completen la <span class=\"iwg-fachbegriff\" data-tooltip=\"La transmissi\u00f3 de coneixements i relats al llarg de generacions.\" tabindex=\"0\">transmissi\u00f3<\/span> del d\u00e9u principal de Memfis.<\/p><\/div>\n\n<h3>Amulets i s\u00edmbols de protecci\u00f3<\/h3>\n<div><p><strong>Objectes <span class=\"iwg-fachbegriff\" data-tooltip=\"Plural d'apotropaic: objectes i signes destinats a allunyar la desgr\u00e0cia.\" tabindex=\"0\">apotropaics<\/span> materials i evid\u00e8ncies arqueol\u00f2giques<\/strong><br>\nEren habituals els amulets de Ptah-Pataikos en forma de nan, que havien de protegir especialment els nens dels animals perillosos, aix\u00ed com figures de Ptah en fajan\u00e7a procedents de contextos de <span class=\"iwg-fachbegriff\" data-tooltip=\"Un edifici destinat a la veneraci\u00f3 d'una o m\u00e9s divinitats.\" tabindex=\"0\">temples<\/span> i tombes.<\/p><\/div><\/div>\t\t\t\t\t\t\t\t<\/div>\n\t\t\t\t<\/div>\n\t\t\t\t\t<\/div>\n\t\t\t\t<\/div>\n\t\t<div class=\"elementor-element elementor-element-5a584676 e-flex e-con-boxed e-con e-parent\" data-id=\"5a584676\" data-element_type=\"container\" data-e-type=\"container\">\n\t\t\t\t\t<div class=\"e-con-inner\">\n\t\t\t\t<div class=\"elementor-element elementor-element-6d0757bf elementor-widget elementor-widget-heading\" data-id=\"6d0757bf\" data-element_type=\"widget\" data-e-type=\"widget\" data-widget_type=\"heading.default\">\n\t\t\t\t\t<h2 class=\"elementor-heading-title elementor-size-default\">Ptah, paral\u00b7lelismes en altres cultures<\/h2>\t\t\t\t<\/div>\n\t\t<div class=\"elementor-element elementor-element-60563f68 e-con-full e-flex e-con e-child\" data-id=\"60563f68\" data-element_type=\"container\" data-e-type=\"container\">\n\t\t\t\t<div class=\"elementor-element elementor-element-5a93fdd6 elementor-widget elementor-widget-text-editor\" data-id=\"5a93fdd6\" data-element_type=\"widget\" data-e-type=\"widget\" data-widget_type=\"text-editor.default\">\n\t\t\t\t\t\t\t\t\t<p>Ptah s&#8217;assembla al D\u00e9u judeocristi\u00e0 (creaci\u00f3 mitjan\u00e7ant la paraula), al Nous grec (intel\u00b7lecte) i al <span class=\"iwg-fachbegriff\" tabindex=\"0\" data-tooltip=\"En l'hinduisme, l'\u00e9sser absolut, informe i sense atributs; a les Upanixads es reflecteix com el fonament de tots els fen\u00f2mens.\">Brahman<\/span> (hinduisme). El concepte de la creaci\u00f3 mitjan\u00e7ant el pensament i la paraula \u00e9s universal; Ptah n&#8217;\u00e9s una formulaci\u00f3 especialment primerenca i sistem\u00e0tica. El seu paper com a patr\u00f3 dels artesans s&#8217;assembla al d&#8217;Hefest (Gr\u00e8cia) i d&#8217;Odin com a artes\u00e0 (Escandin\u00e0via).<\/p>\t\t\t\t\t\t\t\t<\/div>\n\t\t\t\t<\/div>\n\t\t\t\t\t<\/div>\n\t\t\t\t<\/div>\n\t\t<div class=\"elementor-element elementor-element-cpa374b38 e-flex e-con-boxed e-con e-parent\" data-id=\"cpa374b38\" data-element_type=\"container\" data-e-type=\"container\">\n\t\t\t\t\t<div class=\"e-con-inner\">\n\t\t\t\t<div class=\"elementor-element elementor-element-cp820aa9b elementor-widget elementor-widget-heading\" data-id=\"cp820aa9b\" data-element_type=\"widget\" data-e-type=\"widget\" data-widget_type=\"heading.default\">\n\t\t\t\t\t<h2 class=\"elementor-heading-title elementor-size-default\">El monument de la teologia memfita<\/h2>\t\t\t\t<\/div>\n\t\t<div class=\"elementor-element elementor-element-cp1628d6f e-con-full e-flex e-con e-child\" data-id=\"cp1628d6f\" data-element_type=\"container\" data-e-type=\"container\">\n\t\t\t\t<div class=\"elementor-element elementor-element-cpfcdfa4b elementor-widget elementor-widget-text-editor\" data-id=\"cpfcdfa4b\" data-element_type=\"widget\" data-e-type=\"widget\" data-widget_type=\"text-editor.default\">\n\t\t\t\t\t\t\t\t\t<p>La font teol\u00f2gicament m\u00e9s exigent sobre Ptah \u00e9s un text conegut en la investigaci\u00f3 com el monument de la <span class=\"iwg-fachbegriff\" data-tooltip=\"La doctrina cient\u00edfica sobre D\u00e9u i sobre la fe d'una religi\u00f3.\" tabindex=\"0\">teologia<\/span> memfita. Es conserva en una placa de pedra que el rei Shabaka va fer elaborar durant la vint-i-cinquena dinastia. Una nota a la pedra afirma que el text va ser copiat d&#8217;un original m\u00e9s antic, rosegat pels cucs.<\/p><p>Durant molt de temps es va discutir sobre la vertadera antiguitat del contingut. Mentre que una part de la investigaci\u00f3 m\u00e9s antiga suposava un origen molt primerenc, la discussi\u00f3 m\u00e9s recent tendeix a considerar el text com una obra del primer mil\u00b7lenni abans de la nostra era, que recull i resumeix de manera erudita idees m\u00e9s antigues.<\/p><p>Pel que fa al contingut, el text exposa una doctrina de la creaci\u00f3 en la qual Ptah t\u00e9 el paper central. A difer\u00e8ncia de les narracions de la creaci\u00f3 en qu\u00e8 el m\u00f3n sorgeix mitjan\u00e7ant actes corporals o per l&#8217;acci\u00f3 del d\u00e9u solar, aqu\u00ed Ptah crea mitjan\u00e7ant el cor i la llengua, \u00e9s a dir, mitjan\u00e7ant el pensament i la paraula.<\/p><p>All\u00f2 que Ptah pensa i pronuncia esdev\u00e9 real. D&#8217;aquesta manera, el text subordina a Ptah els altres d\u00e9us i el m\u00f3n ordenat, sense negar-los: aquests s\u00f3n, en certa manera, realitzacions d&#8217;all\u00f2 que Ptah va concebre i anomenar.<\/p><p>Aquest text ha rebut una atenci\u00f3 especial en la hist\u00f2ria de les religions, perqu\u00e8 la idea d&#8217;una creaci\u00f3 del m\u00f3n mitjan\u00e7ant la paraula recorda concepcions que tamb\u00e9 es troben en altres tradicions.<\/p><p>Aquestes comparacions s&#8217;han de fer amb prud\u00e8ncia, ja que idees similars poden sorgir de manera independent. El que s\u00ed que \u00e9s cert \u00e9s que el text memfita mostra un alt grau de reflexi\u00f3 teol\u00f2gica i presenta Ptah com un d\u00e9u creador que actua a partir de l&#8217;esperit.<\/p>\t\t\t\t\t\t\t\t<\/div>\n\t\t\t\t<\/div>\n\t\t\t\t\t<\/div>\n\t\t\t\t<\/div>\n\t\t<div class=\"elementor-element elementor-element-cpe77031e e-flex e-con-boxed e-con e-parent\" data-id=\"cpe77031e\" data-element_type=\"container\" data-e-type=\"container\">\n\t\t\t\t\t<div class=\"e-con-inner\">\n\t\t\t\t<div class=\"elementor-element elementor-element-cpb97dbf2 elementor-widget elementor-widget-heading\" data-id=\"cpb97dbf2\" data-element_type=\"widget\" data-e-type=\"widget\" data-widget_type=\"heading.default\">\n\t\t\t\t\t<h2 class=\"elementor-heading-title elementor-size-default\">Ptah, els artesans i el summe sacerdot de Memfis<\/h2>\t\t\t\t<\/div>\n\t\t<div class=\"elementor-element elementor-element-cp9155a35 e-con-full e-flex e-con e-child\" data-id=\"cp9155a35\" data-element_type=\"container\" data-e-type=\"container\">\n\t\t\t\t<div class=\"elementor-element elementor-element-cpe5d683d elementor-widget elementor-widget-text-editor\" data-id=\"cpe5d683d\" data-element_type=\"widget\" data-e-type=\"widget\" data-widget_type=\"text-editor.default\">\n\t\t\t\t\t\t\t\t\t<p>Ptah era considerat el d\u00e9u dels artesans, els escultors, els metal\u00b7l\u00fargics i els constructors. Aquesta compet\u00e8ncia est\u00e0 estretament lligada al seu paper de creador: qui dona forma al m\u00f3n \u00e9s tamb\u00e9 el patr\u00f3 protector d&#8217;aquells que treballen i modelen la mat\u00e8ria. A Memfis, l&#8217;antic centre administratiu i artesanal d&#8217;Egipte, aquesta relaci\u00f3 estava fermament arrelada en el <span class=\"iwg-fachbegriff\" data-tooltip=\"El conjunt d'actes de veneraci\u00f3 religiosa dedicats a una divinitat o figura sagrada.\" tabindex=\"0\">culte<\/span>.<\/p><p>El summe sacerdot de Ptah a Memfis portava un t\u00edtol significatiu, sovint tradu\u00eft com a Cap dels caps de l&#8217;artesania o similar. Aix\u00ed, el c\u00e0rrec sacerdotal m\u00e9s alt estava alhora vinculat a una supervisi\u00f3 de l&#8217;artesania.<\/p><p>Els tallers memfites gaudien d&#8217;un gran prestigi, i Ptah, com a d\u00e9u seu, hi tenia part. En alguns textos apareix tamb\u00e9 com aquell que atorgava els materials preciosos i les habilitats amb els quals es fabricaven els <span class=\"iwg-fachbegriff\" data-tooltip=\"Un edifici destinat a la veneraci\u00f3 d'una o m\u00e9s divinitats.\" tabindex=\"0\">temples<\/span> i les imatges de culte.<\/p><p>D&#8217;aquest \u00e0mbit artesanal prov\u00e9 probablement tamb\u00e9 una observaci\u00f3 molt discutida des del punt de vista de la hist\u00f2ria de la llengua. Un dels noms del temple de Ptah a Memfis tenia una forma que contenia el mot egipci per a l&#8217;\u00e0nima de Ptah.<\/p><p>D&#8217;aquesta denominaci\u00f3, una part de la investigaci\u00f3 fa derivar el nom grec Aigyptos i, per tant, la nostra paraula Egipte. Aquesta derivaci\u00f3 es considera plausible, per\u00f2 no del tot segura.<\/p><p>En canvi, \u00e9s cert que Memfis, com a ciutat de Ptah, va ser durant molt de temps una de les metr\u00f2polis m\u00e9s importants del pa\u00eds, i que el d\u00e9u de l&#8217;artesania es trobava aix\u00ed al cor de l&#8217;alta cultura eg\u00edpcia.<\/p>\t\t\t\t\t\t\t\t<\/div>\n\t\t\t\t<\/div>\n\t\t\t\t\t<\/div>\n\t\t\t\t<\/div>\n\t\t<div class=\"elementor-element elementor-element-cpf8b7b7b e-flex e-con-boxed e-con e-parent\" data-id=\"cpf8b7b7b\" data-element_type=\"container\" data-e-type=\"container\">\n\t\t\t\t\t<div class=\"e-con-inner\">\n\t\t\t\t<div class=\"elementor-element elementor-element-cp5e3742b elementor-widget elementor-widget-heading\" data-id=\"cp5e3742b\" data-element_type=\"widget\" data-e-type=\"widget\" data-widget_type=\"heading.default\">\n\t\t\t\t\t<h2 class=\"elementor-heading-title elementor-size-default\">Ptah-Sokar-Osiris: la connexi\u00f3 amb el m\u00e9s enll\u00e0<\/h2>\t\t\t\t<\/div>\n\t\t<div class=\"elementor-element elementor-element-cp23ef8e0 e-con-full e-flex e-con e-child\" data-id=\"cp23ef8e0\" data-element_type=\"container\" data-e-type=\"container\">\n\t\t\t\t<div class=\"elementor-element elementor-element-cp950dca4 elementor-widget elementor-widget-text-editor\" data-id=\"cp950dca4\" data-element_type=\"widget\" data-e-type=\"widget\" data-widget_type=\"text-editor.default\">\n\t\t\t\t\t\t\t\t\t<p>Al llarg de la hist\u00f2ria de la religi\u00f3 eg\u00edpcia, Ptah es va unir a altres d\u00e9us per formar figures compostes. Especialment significativa \u00e9s la fusi\u00f3 amb el d\u00e9u funerari memfita Sokar i amb Osiris, senyor de l&#8217;infram\u00f3n, per donar lloc a la figura tr\u00edadica Ptah-Sokar-Osiris. En aquesta uni\u00f3, la for\u00e7a creadora de Ptah es va combinar amb les concepcions de mort, renovaci\u00f3 i perviv\u00e8ncia.<\/p><p>Aquesta figura es fa visible sobretot en un grup propi d&#8217;aixovars funeraris, les anomenades estatuetes de Ptah-Sokar-Osiris. Se n&#8217;han conservat un gran nombre de l&#8217;\u00e8poca tardana, majorit\u00e0riament com a figures de fusta pintada de forma momiforme, sovint sobre un pedestal que de vegades feia de cavitat per a un papir o una tira de text.<\/p><p>Aquestes figures es col\u00b7locaven al costat dels difunts a la tomba i havien de fer-los part\u00edcips de la protecci\u00f3 i la renovaci\u00f3.<\/p><p>L&#8217;exist\u00e8ncia d&#8217;una figura aix\u00ed, vinculada a l&#8217;infram\u00f3n, mostra que Ptah no es va limitar al paper de d\u00e9u del m\u00f3n i de l&#8217;artesania. La religi\u00f3 eg\u00edpcia tendia a situar els d\u00e9us en nous contextos mitjan\u00e7ant unions i assimilacions, sense que per aix\u00f2 desapareguessin les figures originals.<\/p><p>Ptah podia ser aix\u00ed alhora el creador per la paraula, el senyor protector dels artesans i part del m\u00f3n div\u00ed dels morts. Aquesta multiplicitat de nivells no \u00e9s una contradicci\u00f3, sin\u00f3 que respon a la manera de funcionar del pensament religi\u00f3s egipci, que permetia coexistir diversos aspectes d&#8217;un mateix poder. Estretament vinculat amb aquest \u00e0mbit hi trobem <a href=\"https:\/\/iwell-guard.com\/ca\/?page_id=171470\">Osiris<\/a>.<\/p>\t\t\t\t\t\t\t\t<\/div>\n\t\t\t\t<\/div>\n\t\t\t\t\t<\/div>\n\t\t\t\t<\/div>\n\t\t<div class=\"elementor-element elementor-element-36dd7469 e-flex e-con-boxed e-con e-parent\" data-id=\"36dd7469\" data-element_type=\"container\" data-e-type=\"container\">\n\t\t\t\t\t<div class=\"e-con-inner\">\n\t\t\t\t<div class=\"elementor-element elementor-element-13760ab4 elementor-widget elementor-widget-heading\" data-id=\"13760ab4\" data-element_type=\"widget\" data-e-type=\"widget\" data-widget_type=\"heading.default\">\n\t\t\t\t\t<h2 class=\"elementor-heading-title elementor-size-default\">Enlla\u00e7os relacionats<\/h2>\t\t\t\t<\/div>\n\t\t<div class=\"elementor-element elementor-element-28c87796 e-con-full e-flex e-con e-child\" data-id=\"28c87796\" data-element_type=\"container\" data-e-type=\"container\">\n\t\t\t\t<div class=\"elementor-element elementor-element-5d6538df elementor-widget elementor-widget-text-editor\" data-id=\"5d6538df\" data-element_type=\"widget\" data-e-type=\"widget\" data-widget_type=\"text-editor.default\">\n\t\t\t\t\t\t\t\t\t<ul><li><a href=\"https:\/\/iwell-guard.com\/ca\/?page_id=171547\">Sekhmet, esposa (tr\u00edada memfita)<\/a><\/li><li><a href=\"https:\/\/iwell-guard.com\/ca\/?page_id=171469\">Anubis, d\u00e9u funerari relacionat<\/a><\/li><li><a href=\"https:\/\/iwell-guard.com\/ca\/egipte\/\">Egipte, panor\u00e0mica del pante\u00f3<\/a><\/li><li><a href=\"https:\/\/iwell-guard.com\/ca\/?page_id=171459\">Divinitats supremes, subcategoria<\/a><\/li><li><a href=\"https:\/\/iwell-guard.com\/ca\/?page_id=171431\">D\u00e9us, panor\u00e0mica de classes<\/a><\/li><\/ul>\t\t\t\t\t\t\t\t<\/div>\n\t\t\t\t<\/div>\n\t\t\t\t\t<\/div>\n\t\t\t\t<\/div>\n\t\t<div class=\"elementor-element elementor-element-grl4kl40 e-flex e-con-boxed e-con e-parent\" data-id=\"grl4kl40\" data-element_type=\"container\" data-e-type=\"container\">\n\t\t\t\t\t<div class=\"e-con-inner\">\n\t\t\t\t<div class=\"elementor-element elementor-element-bzsbfrmh elementor-widget elementor-widget-heading\" data-id=\"bzsbfrmh\" data-element_type=\"widget\" data-e-type=\"widget\" data-widget_type=\"heading.default\">\n\t\t\t\t\t<h2 class=\"elementor-heading-title elementor-size-default\">Fonts i bibliografia<\/h2>\t\t\t\t<\/div>\n\t\t<div class=\"elementor-element elementor-element-2c13224a e-con-full e-flex e-con e-child\" data-id=\"2c13224a\" data-element_type=\"container\" data-e-type=\"container\">\n\t\t\t\t<div class=\"elementor-element elementor-element-0eymh9ub elementor-widget elementor-widget-text-editor\" data-id=\"0eymh9ub\" data-element_type=\"widget\" data-e-type=\"widget\" data-widget_type=\"text-editor.default\">\n\t\t\t\t\t\t\t\t\t<footer class=\"iwg-literatur\" data-nosnippet=\"true\"><ul><li><span data-nosnippet>Sandman Holmberg, Maj: <em>The God Ptah<\/em>. Lund 1946 (obra de refer\u00e8ncia).<\/span><\/li><li><span data-nosnippet>Erman, Adolf: <em>Die Religion der \u00c4gypter<\/em>. Berlin 1934.<\/span><\/li><li><span data-nosnippet>Junker, Hermann: <em>Die G\u00f6tterlehre von Memphis<\/em>. Berlin 1940 (comentari de la Pedra de Xabaka).<\/span><\/li><li>Walde, Christine (Hg.): <em>Der Neue Pauly<\/em> (entrada \u00abPtah\u00bb).<\/li><\/ul><\/footer>\n<p class=\"iwg-bib-more\"><span data-nosnippet>M\u00e9s obres de refer\u00e8ncia a la <a href=\"https:\/\/iwell-guard.com\/ca\/?page_id=171483\">bibliografia<\/a>.<\/span><\/p>\t\t\t\t\t\t\t\t<\/div>\n\t\t\t\t<\/div>\n\t\t\t\t\t<\/div>\n\t\t\t\t<\/div>\n\t\t<div class=\"elementor-element elementor-element-b4586bd e-con-boxed e-flex e-con e-parent\" data-id=\"b4586bd\" data-element_type=\"container\" data-e-type=\"container\">\n\t\t\t\t\t<div class=\"e-con-inner\">\n\t\t\t\t<div class=\"elementor-element elementor-element-1561dc3 elementor-widget elementor-widget-text-editor\" data-id=\"1561dc3\" data-element_type=\"widget\" data-e-type=\"widget\" data-widget_type=\"text-editor.default\">\n\t\t\t\t\t\t\t\t\t\n<h2>Preguntes freq\u00fcents sobre Ptah<\/h2>\n<div class=\"iwg-faq-q\"><h3>Qui era Ptah en la <span class=\"iwg-fachbegriff\" data-tooltip=\"El conjunt de relats m\u00edtics transmesos d'una cultura.\" tabindex=\"0\">mitologia<\/span> eg\u00edpcia?<\/h3><p>Ptah era el d\u00e9u principal de Memfis, la capital m\u00e9s antiga d&#8217;Egipte, d\u00e9u dels artesans, dels arquitectes i de la creaci\u00f3 per la paraula. Se&#8217;l representa t\u00edpicament en forma momiforme amb la cara verda (o la pell negra), un tocat cenyit i un ceptre compost (Was, Djed, Ankh).<\/p><p>En la <span class=\"iwg-fachbegriff\" data-tooltip=\"La doctrina cient\u00edfica sobre D\u00e9u i la fe d'una religi\u00f3.\" tabindex=\"0\">teologia<\/span> memfita (Pedra de Xabaka, cap al 700 aC), Ptah \u00e9s el d\u00e9u creador suprem: no crea el m\u00f3n mitjan\u00e7ant una acci\u00f3 f\u00edsica, sin\u00f3 pensant amb el cor i parlant amb la llengua.<\/p><\/div>\n<div class=\"iwg-faq-q\"><h3>Quina \u00e9s la import\u00e0ncia de la <span class=\"iwg-fachbegriff\" data-tooltip=\"La doctrina cient\u00edfica sobre D\u00e9u i la fe d'una religi\u00f3.\" tabindex=\"0\">teologia<\/span> memfita?<\/h3><p>La <span class=\"iwg-fachbegriff\" data-tooltip=\"La doctrina cient\u00edfica sobre D\u00e9u i la fe d'una religi\u00f3.\" tabindex=\"0\">teologia<\/span> memfita \u00e9s un dels textos filos\u00f2fico-religiosos m\u00e9s impressionants de l&#8217;<span class=\"iwg-fachbegriff\" data-tooltip=\"\u00c8poca de la cultura grega i romana, aproximadament entre el 800 aC i el 600 dC.\" tabindex=\"0\">Antiguitat<\/span>. Descriu una <span class=\"iwg-fachbegriff\" data-tooltip=\"La doctrina cient\u00edfica sobre D\u00e9u i la fe d'una religi\u00f3.\" tabindex=\"0\">teologia<\/span> del logos uns 2500 anys abans de l&#8217;Evangeli de Joan: Ptah crea el m\u00f3n pensant (amb el cor) i pronunciant (amb la llengua) les paraules de la creaci\u00f3.<\/p><p>Els altres d\u00e9us no s\u00f3n sin\u00f3 aspectes o servidors de Ptah. Aquesta teologia intel\u00b7lectual de la creaci\u00f3 va influir directament en la filosofia grega (el concepte de logos) i, a trav\u00e9s del mitjoplatonisme hel\u00b7len\u00edstic, tamb\u00e9 en el cristianisme primitiu. La Pedra de Xabaka es conserva actualment al British Museum.<\/p><\/div>\n<script type=\"application\/ld+json\">{\"@context\":\"https:\/\/schema.org\",\"@type\":\"FAQPage\",\"mainEntity\":[{\"@type\":\"Question\",\"name\":\"Qui era Ptah en la mitologia eg\u00edpcia?\",\"acceptedAnswer\":{\"@type\":\"Answer\",\"text\":\"Ptah era el d\u00e9u principal de Memfis, la capital m\u00e9s antiga d'Egipte, d\u00e9u dels artesans, dels arquitectes i de la creaci\u00f3 per la paraula. Se'l representa t\u00edpicament en forma momiforme amb la cara verda (o la pell negra), un tocat cenyit i un ceptre compost (Was, Djed, Ankh).En la teologia memfita (Pedra de Xabaka, cap al 700 aC), Ptah \u00e9s el d\u00e9u creador suprem: no crea el m\u00f3n mitjan\u00e7ant una acci\u00f3 f\u00edsica, sin\u00f3 pensant amb el cor i parlant amb la llengua.\"}},{\"@type\":\"Question\",\"name\":\"Quina \u00e9s la import\u00e0ncia de la teologia memfita?\",\"acceptedAnswer\":{\"@type\":\"Answer\",\"text\":\"La teologia memfita \u00e9s un dels textos filos\u00f2fico-religiosos m\u00e9s impressionants de l'Antiguitat. Descriu una teologia del logos uns 2500 anys abans de l'Evangeli de Joan: Ptah crea el m\u00f3n pensant (amb el cor) i pronunciant (amb la llengua) les paraules de la creaci\u00f3.Els altres d\u00e9us no s\u00f3n sin\u00f3 aspectes o servidors de Ptah. Aquesta teologia intel\u00b7lectual de la creaci\u00f3 va influir directament en la filosofia grega (el concepte de logos) i, a trav\u00e9s del mitjoplatonisme hel\u00b7len\u00edstic, tamb\u00e9 en el cristianisme primitiu. La Pedra de Xabaka es conserva actualment al British Museum.\"}}]}<\/script>\t\t\t\t\t\t\t\t<\/div>\n\t\t\t\t\t<\/div>\n\t\t\t\t<\/div>\n\t\t\t\t<\/div>\n\t\t","protected":false},"excerpt":{"rendered":"","protected":false},"author":3,"featured_media":1546,"parent":0,"menu_order":0,"comment_status":"closed","ping_status":"closed","template":"elementor_header_footer","meta":{"_yoast_wpseo_focuskw":"Ptah","_yoast_wpseo_title":"Ptah \u2013 D\u00e9u creador egipci i patr\u00f3 dels artesans","_yoast_wpseo_metadesc":"Creaci\u00f3 mitjan\u00e7ant la paraula, patr\u00f3 dels arquitectes, d\u00e9u principal de Memfis. Construcci\u00f3 de pir\u00e0mides, teologia sacerdotal, sincretisme Ptah-Ra.","_yoast_wpseo_meta-robots-noindex":"","_yoast_wpseo_canonical":"","_angie_page":false,"gefaehrdungsstufe":"1","wesen_kultur":"aegypten","wesen_klasse":"goetter","footnotes":""},"categories":[],"class_list":["post-171549","page","type-page","status-publish","has-post-thumbnail","hentry"],"yoast_head":"<!-- This site is optimized with the Yoast SEO Premium plugin v27.7 (Yoast SEO v28.3) - https:\/\/yoast.com\/product\/yoast-seo-premium-wordpress\/ -->\n<title>Ptah \u2013 D\u00e9u creador egipci i patr\u00f3 dels artesans<\/title>\n<meta name=\"description\" content=\"Creaci\u00f3 mitjan\u00e7ant la paraula, patr\u00f3 dels arquitectes, d\u00e9u principal de Memfis. Construcci\u00f3 de pir\u00e0mides, teologia sacerdotal, sincretisme Ptah-Ra.\" \/>\n<meta name=\"robots\" content=\"index, follow, max-snippet:-1, max-image-preview:large, max-video-preview:-1\" \/>\n<link rel=\"canonical\" href=\"https:\/\/iwell-guard.com\/ca\/ptah\/\" \/>\n<meta property=\"og:locale\" content=\"ca_ES\" \/>\n<meta property=\"og:type\" content=\"article\" \/>\n<meta property=\"og:title\" content=\"Ptah\" \/>\n<meta property=\"og:description\" content=\"Creaci\u00f3 mitjan\u00e7ant la paraula, patr\u00f3 dels arquitectes, d\u00e9u principal de Memfis. Construcci\u00f3 de pir\u00e0mides, teologia sacerdotal, sincretisme Ptah-Ra.\" \/>\n<meta property=\"og:url\" content=\"https:\/\/iwell-guard.com\/ca\/ptah\/\" \/>\n<meta property=\"og:site_name\" content=\"iWell Guard\" \/>\n<meta property=\"article:modified_time\" content=\"2026-09-05T16:00:49+00:00\" \/>\n<meta property=\"og:image\" content=\"https:\/\/iwell-guard.com\/wp-content\/uploads\/2026\/04\/goetter_aegypten_ptah.webp\" \/>\n\t<meta property=\"og:image:width\" content=\"1024\" \/>\n\t<meta property=\"og:image:height\" content=\"1536\" \/>\n\t<meta property=\"og:image:type\" content=\"image\/webp\" \/>\n<meta name=\"twitter:card\" content=\"summary_large_image\" \/>\n<script type=\"application\/ld+json\" class=\"yoast-schema-graph\">{\"@context\":\"https:\\\/\\\/schema.org\",\"@graph\":[{\"@type\":\"WebPage\",\"@id\":\"https:\\\/\\\/iwell-guard.com\\\/ca\\\/ptah\\\/\",\"url\":\"https:\\\/\\\/iwell-guard.com\\\/ca\\\/ptah\\\/\",\"name\":\"Ptah \u2013 D\u00e9u creador egipci i patr\u00f3 dels artesans\",\"isPartOf\":{\"@id\":\"https:\\\/\\\/iwell-guard.com\\\/ca\\\/#website\"},\"primaryImageOfPage\":{\"@id\":\"https:\\\/\\\/iwell-guard.com\\\/ca\\\/ptah\\\/#primaryimage\"},\"image\":{\"@id\":\"https:\\\/\\\/iwell-guard.com\\\/ca\\\/ptah\\\/#primaryimage\"},\"thumbnailUrl\":\"https:\\\/\\\/iwell-guard.com\\\/wp-content\\\/uploads\\\/2026\\\/04\\\/goetter_aegypten_ptah.webp\",\"datePublished\":\"2026-09-05T15:40:20+00:00\",\"dateModified\":\"2026-09-05T16:00:49+00:00\",\"description\":\"Creaci\u00f3 mitjan\u00e7ant la paraula, patr\u00f3 dels arquitectes, d\u00e9u principal de Memfis. Construcci\u00f3 de pir\u00e0mides, teologia sacerdotal, sincretisme Ptah-Ra.\",\"breadcrumb\":{\"@id\":\"https:\\\/\\\/iwell-guard.com\\\/ca\\\/ptah\\\/#breadcrumb\"},\"inLanguage\":\"ca\",\"potentialAction\":[{\"@type\":\"ReadAction\",\"target\":[\"https:\\\/\\\/iwell-guard.com\\\/ca\\\/ptah\\\/\"]}]},{\"@type\":\"ImageObject\",\"inLanguage\":\"ca\",\"@id\":\"https:\\\/\\\/iwell-guard.com\\\/ca\\\/ptah\\\/#primaryimage\",\"url\":\"https:\\\/\\\/iwell-guard.com\\\/wp-content\\\/uploads\\\/2026\\\/04\\\/goetter_aegypten_ptah.webp\",\"contentUrl\":\"https:\\\/\\\/iwell-guard.com\\\/wp-content\\\/uploads\\\/2026\\\/04\\\/goetter_aegypten_ptah.webp\",\"width\":1024,\"height\":1536,\"caption\":\"D\u00e9us de la tradici\u00f3 eg\u00edpcia.\"},{\"@type\":\"BreadcrumbList\",\"@id\":\"https:\\\/\\\/iwell-guard.com\\\/ca\\\/ptah\\\/#breadcrumb\",\"itemListElement\":[{\"@type\":\"ListItem\",\"position\":1,\"name\":\"Start\",\"item\":\"https:\\\/\\\/iwell-guard.com\\\/ca\\\/?page_id=171333\"},{\"@type\":\"ListItem\",\"position\":2,\"name\":\"Ptah\"}]},{\"@type\":\"WebSite\",\"@id\":\"https:\\\/\\\/iwell-guard.com\\\/ca\\\/#website\",\"url\":\"https:\\\/\\\/iwell-guard.com\\\/ca\\\/\",\"name\":\"iWell Guard\",\"description\":\"Schutz vor dunklen Einfl\u00fcssen\",\"publisher\":{\"@id\":\"https:\\\/\\\/iwell-guard.com\\\/ca\\\/#organization\"},\"potentialAction\":[{\"@type\":\"SearchAction\",\"target\":{\"@type\":\"EntryPoint\",\"urlTemplate\":\"https:\\\/\\\/iwell-guard.com\\\/ca\\\/?s={search_term_string}\"},\"query-input\":{\"@type\":\"PropertyValueSpecification\",\"valueRequired\":true,\"valueName\":\"search_term_string\"}}],\"inLanguage\":\"ca\"},{\"@type\":\"Organization\",\"@id\":\"https:\\\/\\\/iwell-guard.com\\\/ca\\\/#organization\",\"name\":\"Ittermann electronic GmbH\",\"url\":\"https:\\\/\\\/iwell-guard.com\\\/ca\\\/\",\"logo\":{\"@type\":\"ImageObject\",\"inLanguage\":\"ca\",\"@id\":\"https:\\\/\\\/iwell-guard.com\\\/ca\\\/#\\\/schema\\\/logo\\\/image\\\/\",\"url\":\"https:\\\/\\\/iwell-guard.com\\\/wp-content\\\/uploads\\\/2026\\\/05\\\/Ittermann-Logo-1182x237-1.png\",\"contentUrl\":\"https:\\\/\\\/iwell-guard.com\\\/wp-content\\\/uploads\\\/2026\\\/05\\\/Ittermann-Logo-1182x237-1.png\",\"width\":1182,\"height\":237,\"caption\":\"Ittermann electronic GmbH\"},\"image\":{\"@id\":\"https:\\\/\\\/iwell-guard.com\\\/ca\\\/#\\\/schema\\\/logo\\\/image\\\/\"},\"sameAs\":[\"https:\\\/\\\/pantip.com\\\/profile\\\/9367242\",\"https:\\\/\\\/micro.blog\\\/iwellguard\",\"https:\\\/\\\/www.diggerslist.com\\\/iwellguard\\\/about\",\"https:\\\/\\\/skitterphoto.com\\\/photographers\\\/2870314\\\/iwell-guard\",\"https:\\\/\\\/iwellguard.wordpress.com\\\/2026\\\/06\\\/06\\\/iwell-guard\\\/\",\"https:\\\/\\\/hub.docker.com\\\/u\\\/iwellguard\",\"https:\\\/\\\/www.pinterest.com\\\/iwellguard\\\/\",\"https:\\\/\\\/bit.ly\\\/m\\\/iwellguard\",\"https:\\\/\\\/entre-vos-mains.alsace.eu\\\/profiles\\\/iwellguard\\\/activity\",\"https:\\\/\\\/gravatar.com\\\/reallybeded8fd34\",\"https:\\\/\\\/naijamatta.com\\\/iwellguard\",\"https:\\\/\\\/www.goodreads.com\\\/iwellguard\",\"https:\\\/\\\/profile.hatena.ne.jp\\\/iwellguard\\\/\",\"https:\\\/\\\/experiment.com\\\/users\\\/iwellguard\",\"https:\\\/\\\/wakelet.com\\\/@iWellGuard82270\",\"https:\\\/\\\/www.chordie.com\\\/forum\\\/profile.php?id=2555664\",\"https:\\\/\\\/www.instapaper.com\\\/p\\\/17757966\",\"https:\\\/\\\/www.mapleprimes.com\\\/users\\\/iwellguard\",\"https:\\\/\\\/businesslistingplus.com\\\/profile\\\/iwell-guard\\\/\",\"https:\\\/\\\/telegra.ph\\\/iWell-Guard-06-06\",\"https:\\\/\\\/pbase.com\\\/iwellguard\\\/iwellguard\",\"https:\\\/\\\/b.hatena.ne.jp\\\/iwellguard\\\/20260607#bookmark-4788405196491818882\",\"https:\\\/\\\/fliphtml5.com\\\/home\\\/iwellguard\",\"https:\\\/\\\/anyflip.com\\\/homepage\\\/cmiwl#About\",\"https:\\\/\\\/transfur.com\\\/Users\\\/iwellguard\",\"http:\\\/\\\/delphi.larsbo.org\\\/user\\\/iwellguard\",\"https:\\\/\\\/jobs.lajobsportal.org\\\/profiles\\\/8380803-iwell-guard\",\"https:\\\/\\\/md.chaosdorf.de\\\/s\\\/jfbe5SBdJD\",\"https:\\\/\\\/www.lingvolive.com\\\/en-us\\\/profile\\\/9ecaeaca-ce11-4e51-9e71-01d55e2bff36\\\/translations\",\"https:\\\/\\\/www.fitday.com\\\/fitness\\\/forums\\\/members\\\/iwellguard.html\",\"https:\\\/\\\/www.mymeetbook.com\\\/iwellguard\",\"https:\\\/\\\/pxhere.com\\\/en\\\/photographer-me\\\/5040798\",\"https:\\\/\\\/disqus.com\\\/by\\\/iwellguard\\\/about\\\/\",\"https:\\\/\\\/pastelink.net\\\/hjwciqwq\",\"https:\\\/\\\/pubhtml5.com\\\/homepage\\\/scjhn\\\/\",\"https:\\\/\\\/www.bitchute.com\\\/channel\\\/2O2eOKzNqujT\",\"https:\\\/\\\/audiomack.com\\\/iwellguard\"]},{\"@type\":\"Article\",\"@id\":\"https:\\\/\\\/iwell-guard.com\\\/ca\\\/ptah\\\/#article\",\"isPartOf\":{\"@id\":\"https:\\\/\\\/iwell-guard.com\\\/ca\\\/ptah\\\/\"},\"author\":{\"name\":\"Ralf Ittermann\",\"@id\":\"https:\\\/\\\/iwell-guard.com\\\/ca\\\/#\\\/schema\\\/person\\\/ee2a27f1cac3406c7c6fb5820cb7349f\"},\"headline\":\"Ptah\",\"datePublished\":\"2026-09-05T15:40:20+00:00\",\"dateModified\":\"2026-09-05T16:00:49+00:00\",\"mainEntityOfPage\":{\"@id\":\"https:\\\/\\\/iwell-guard.com\\\/ca\\\/ptah\\\/\"},\"publisher\":{\"@id\":\"https:\\\/\\\/iwell-guard.com\\\/ca\\\/#organization\"},\"image\":{\"@id\":\"https:\\\/\\\/iwell-guard.com\\\/ca\\\/ptah\\\/#primaryimage\"},\"thumbnailUrl\":\"https:\\\/\\\/iwell-guard.com\\\/wp-content\\\/uploads\\\/2026\\\/04\\\/goetter_aegypten_ptah.webp\",\"inLanguage\":\"ca\",\"description\":\"Creaci\u00f3 mitjan\u00e7ant la paraula, patr\u00f3 dels arquitectes, d\u00e9u principal de Memfis. Construcci\u00f3 de pir\u00e0mides, teologia sacerdotal, sincretisme Ptah-Ra.\"}]}<\/script>\n<!-- \/ Yoast SEO Premium plugin. -->","yoast_head_json":{"title":"Ptah \u2013 D\u00e9u creador egipci i patr\u00f3 dels artesans","description":"Creaci\u00f3 mitjan\u00e7ant la paraula, patr\u00f3 dels arquitectes, d\u00e9u principal de Memfis. Construcci\u00f3 de pir\u00e0mides, teologia sacerdotal, sincretisme Ptah-Ra.","robots":{"index":"index","follow":"follow","max-snippet":"max-snippet:-1","max-image-preview":"max-image-preview:large","max-video-preview":"max-video-preview:-1"},"canonical":"https:\/\/iwell-guard.com\/ca\/ptah\/","og_locale":"ca_ES","og_type":"article","og_title":"Ptah","og_description":"Creaci\u00f3 mitjan\u00e7ant la paraula, patr\u00f3 dels arquitectes, d\u00e9u principal de Memfis. Construcci\u00f3 de pir\u00e0mides, teologia sacerdotal, sincretisme Ptah-Ra.","og_url":"https:\/\/iwell-guard.com\/ca\/ptah\/","og_site_name":"iWell Guard","article_modified_time":"2026-09-05T16:00:49+00:00","og_image":[{"width":1024,"height":1536,"url":"https:\/\/iwell-guard.com\/wp-content\/uploads\/2026\/04\/goetter_aegypten_ptah.webp","type":"image\/webp"}],"twitter_card":"summary_large_image","schema":{"@context":"https:\/\/schema.org","@graph":[{"@type":"Article","@id":"https:\/\/iwell-guard.com\/ca\/ptah\/#article","isPartOf":{"@id":"https:\/\/iwell-guard.com\/ca\/ptah\/"},"author":{"name":"Ralf Ittermann","@id":"https:\/\/iwell-guard.com\/ca\/#\/schema\/person\/ee2a27f1cac3406c7c6fb5820cb7349f"},"headline":"Ptah","datePublished":"2026-09-05T15:40:20+00:00","dateModified":"2026-09-05T16:00:49+00:00","mainEntityOfPage":{"@id":"https:\/\/iwell-guard.com\/ca\/ptah\/"},"publisher":{"@id":"https:\/\/iwell-guard.com\/ca\/#organization"},"image":{"@id":"https:\/\/iwell-guard.com\/ca\/ptah\/#primaryimage"},"thumbnailUrl":"https:\/\/iwell-guard.com\/wp-content\/uploads\/2026\/04\/goetter_aegypten_ptah.webp","inLanguage":"ca","description":"Creaci\u00f3 mitjan\u00e7ant la paraula, patr\u00f3 dels arquitectes, d\u00e9u principal de Memfis. Construcci\u00f3 de pir\u00e0mides, teologia sacerdotal, sincretisme Ptah-Ra."},{"@type":"WebPage","@id":"https:\/\/iwell-guard.com\/ca\/ptah\/","url":"https:\/\/iwell-guard.com\/ca\/ptah\/","name":"Ptah \u2013 D\u00e9u creador egipci i patr\u00f3 dels artesans","isPartOf":{"@id":"https:\/\/iwell-guard.com\/ca\/#website"},"primaryImageOfPage":{"@id":"https:\/\/iwell-guard.com\/ca\/ptah\/#primaryimage"},"image":{"@id":"https:\/\/iwell-guard.com\/ca\/ptah\/#primaryimage"},"thumbnailUrl":"https:\/\/iwell-guard.com\/wp-content\/uploads\/2026\/04\/goetter_aegypten_ptah.webp","datePublished":"2026-09-05T15:40:20+00:00","dateModified":"2026-09-05T16:00:49+00:00","description":"Creaci\u00f3 mitjan\u00e7ant la paraula, patr\u00f3 dels arquitectes, d\u00e9u principal de Memfis. Construcci\u00f3 de pir\u00e0mides, teologia sacerdotal, sincretisme Ptah-Ra.","breadcrumb":{"@id":"https:\/\/iwell-guard.com\/ca\/ptah\/#breadcrumb"},"inLanguage":"ca","potentialAction":[{"@type":"ReadAction","target":["https:\/\/iwell-guard.com\/ca\/ptah\/"]}]},{"@type":"ImageObject","inLanguage":"ca","@id":"https:\/\/iwell-guard.com\/ca\/ptah\/#primaryimage","url":"https:\/\/iwell-guard.com\/wp-content\/uploads\/2026\/04\/goetter_aegypten_ptah.webp","contentUrl":"https:\/\/iwell-guard.com\/wp-content\/uploads\/2026\/04\/goetter_aegypten_ptah.webp","width":1024,"height":1536,"caption":"D\u00e9us de la tradici\u00f3 eg\u00edpcia."},{"@type":"BreadcrumbList","@id":"https:\/\/iwell-guard.com\/ca\/ptah\/#breadcrumb","itemListElement":[{"@type":"ListItem","position":1,"name":"Start","item":"https:\/\/iwell-guard.com\/ca\/?page_id=171333"},{"@type":"ListItem","position":2,"name":"Ptah"}]},{"@type":"WebSite","@id":"https:\/\/iwell-guard.com\/ca\/#website","url":"https:\/\/iwell-guard.com\/ca\/","name":"iWell Guard","description":"Schutz vor dunklen Einfl\u00fcssen","publisher":{"@id":"https:\/\/iwell-guard.com\/ca\/#organization"},"potentialAction":[{"@type":"SearchAction","target":{"@type":"EntryPoint","urlTemplate":"https:\/\/iwell-guard.com\/ca\/?s={search_term_string}"},"query-input":{"@type":"PropertyValueSpecification","valueRequired":true,"valueName":"search_term_string"}}],"inLanguage":"ca"},{"@type":"Organization","@id":"https:\/\/iwell-guard.com\/ca\/#organization","name":"Ittermann electronic GmbH","url":"https:\/\/iwell-guard.com\/ca\/","logo":{"@type":"ImageObject","inLanguage":"ca","@id":"https:\/\/iwell-guard.com\/ca\/#\/schema\/logo\/image\/","url":"https:\/\/iwell-guard.com\/wp-content\/uploads\/2026\/05\/Ittermann-Logo-1182x237-1.png","contentUrl":"https:\/\/iwell-guard.com\/wp-content\/uploads\/2026\/05\/Ittermann-Logo-1182x237-1.png","width":1182,"height":237,"caption":"Ittermann electronic GmbH"},"image":{"@id":"https:\/\/iwell-guard.com\/ca\/#\/schema\/logo\/image\/"},"sameAs":["https:\/\/pantip.com\/profile\/9367242","https:\/\/micro.blog\/iwellguard","https:\/\/www.diggerslist.com\/iwellguard\/about","https:\/\/skitterphoto.com\/photographers\/2870314\/iwell-guard","https:\/\/iwellguard.wordpress.com\/2026\/06\/06\/iwell-guard\/","https:\/\/hub.docker.com\/u\/iwellguard","https:\/\/www.pinterest.com\/iwellguard\/","https:\/\/bit.ly\/m\/iwellguard","https:\/\/entre-vos-mains.alsace.eu\/profiles\/iwellguard\/activity","https:\/\/gravatar.com\/reallybeded8fd34","https:\/\/naijamatta.com\/iwellguard","https:\/\/www.goodreads.com\/iwellguard","https:\/\/profile.hatena.ne.jp\/iwellguard\/","https:\/\/experiment.com\/users\/iwellguard","https:\/\/wakelet.com\/@iWellGuard82270","https:\/\/www.chordie.com\/forum\/profile.php?id=2555664","https:\/\/www.instapaper.com\/p\/17757966","https:\/\/www.mapleprimes.com\/users\/iwellguard","https:\/\/businesslistingplus.com\/profile\/iwell-guard\/","https:\/\/telegra.ph\/iWell-Guard-06-06","https:\/\/pbase.com\/iwellguard\/iwellguard","https:\/\/b.hatena.ne.jp\/iwellguard\/20260607#bookmark-4788405196491818882","https:\/\/fliphtml5.com\/home\/iwellguard","https:\/\/anyflip.com\/homepage\/cmiwl#About","https:\/\/transfur.com\/Users\/iwellguard","http:\/\/delphi.larsbo.org\/user\/iwellguard","https:\/\/jobs.lajobsportal.org\/profiles\/8380803-iwell-guard","https:\/\/md.chaosdorf.de\/s\/jfbe5SBdJD","https:\/\/www.lingvolive.com\/en-us\/profile\/9ecaeaca-ce11-4e51-9e71-01d55e2bff36\/translations","https:\/\/www.fitday.com\/fitness\/forums\/members\/iwellguard.html","https:\/\/www.mymeetbook.com\/iwellguard","https:\/\/pxhere.com\/en\/photographer-me\/5040798","https:\/\/disqus.com\/by\/iwellguard\/about\/","https:\/\/pastelink.net\/hjwciqwq","https:\/\/pubhtml5.com\/homepage\/scjhn\/","https:\/\/www.bitchute.com\/channel\/2O2eOKzNqujT","https:\/\/audiomack.com\/iwellguard"]},{"@type":"Person","@id":"https:\/\/iwell-guard.com\/ca\/#\/schema\/person\/ee2a27f1cac3406c7c6fb5820cb7349f","name":"Ralf Ittermann","image":{"@type":"ImageObject","inLanguage":"ca","@id":"https:\/\/secure.gravatar.com\/avatar\/073c0153e350a5005b68eb752b445fea71f6b24a26da9449ad7e155e6b446c9d?s=96&d=mm&r=g","url":"https:\/\/secure.gravatar.com\/avatar\/073c0153e350a5005b68eb752b445fea71f6b24a26da9449ad7e155e6b446c9d?s=96&d=mm&r=g","contentUrl":"https:\/\/secure.gravatar.com\/avatar\/073c0153e350a5005b68eb752b445fea71f6b24a26da9449ad7e155e6b446c9d?s=96&d=mm&r=g","caption":"Ralf Ittermann"},"givenName":"Ralf","familyName":"Ittermann","jobTitle":"Gesch\u00e4ftsf\u00fchrer und redaktioneller Verantwortlicher","url":"https:\/\/iwell-guard.com\/ca\/author\/claude\/","description":"Ralf Ittermann ist Gesch\u00e4ftsf\u00fchrer der Ittermann electronic GmbH und redaktioneller Verantwortlicher des iWell-Guard-Lexikons. Er verbindet langj\u00e4hrige Erfahrung in der Pr\u00e4zisionsfertigung mit medialer Praxis und religionsgeschichtlicher Quellenarbeit.","worksFor":{"@type":"Organization","name":"Ittermann electronic GmbH","url":"https:\/\/ittermann.de\/","address":{"@type":"PostalAddress","streetAddress":"K\u00f6hlergasse 16-18","postalCode":"99842","addressLocality":"Ruhla","addressCountry":"DE"}},"knowsAbout":["Religionsgeschichte","Mythologie","Mediale Praxis","Energetische Diagnostik","Schutzpraxis","Volksglauben","Westliche Esoterik"]},{"@type":"Article","@id":"https:\/\/iwell-guard.com\/ca\/ptah\/#article","isPartOf":{"@id":"https:\/\/iwell-guard.com\/ca\/ptah\/"},"author":{"name":"Ralf Ittermann","@id":"https:\/\/iwell-guard.com\/ca\/#\/schema\/person\/ee2a27f1cac3406c7c6fb5820cb7349f"},"headline":"Ptah","datePublished":"2026-09-05T15:40:20+00:00","dateModified":"2026-09-05T16:00:49+00:00","mainEntityOfPage":{"@id":"https:\/\/iwell-guard.com\/ca\/ptah\/"},"publisher":{"@id":"https:\/\/iwell-guard.com\/ca\/#organization"},"image":{"@id":"https:\/\/iwell-guard.com\/ca\/ptah\/#primaryimage"},"thumbnailUrl":"https:\/\/iwell-guard.com\/wp-content\/uploads\/2026\/04\/goetter_aegypten_ptah.webp","inLanguage":"ca","description":"Creaci\u00f3 mitjan\u00e7ant la paraula, patr\u00f3 dels arquitectes, d\u00e9u principal de Memfis. Construcci\u00f3 de pir\u00e0mides, teologia sacerdotal, sincretisme Ptah-Ra."}]}},"_links":{"self":[{"href":"https:\/\/iwell-guard.com\/ca\/wp-json\/wp\/v2\/pages\/171549","targetHints":{"allow":["GET"]}}],"collection":[{"href":"https:\/\/iwell-guard.com\/ca\/wp-json\/wp\/v2\/pages"}],"about":[{"href":"https:\/\/iwell-guard.com\/ca\/wp-json\/wp\/v2\/types\/page"}],"author":[{"embeddable":true,"href":"https:\/\/iwell-guard.com\/ca\/wp-json\/wp\/v2\/users\/3"}],"replies":[{"embeddable":true,"href":"https:\/\/iwell-guard.com\/ca\/wp-json\/wp\/v2\/comments?post=171549"}],"version-history":[{"count":0,"href":"https:\/\/iwell-guard.com\/ca\/wp-json\/wp\/v2\/pages\/171549\/revisions"}],"wp:featuredmedia":[{"embeddable":true,"href":"https:\/\/iwell-guard.com\/ca\/wp-json\/wp\/v2\/media\/1546"}],"wp:attachment":[{"href":"https:\/\/iwell-guard.com\/ca\/wp-json\/wp\/v2\/media?parent=171549"}],"wp:term":[{"taxonomy":"category","embeddable":true,"href":"https:\/\/iwell-guard.com\/ca\/wp-json\/wp\/v2\/categories?post=171549"}],"curies":[{"name":"wp","href":"https:\/\/api.w.org\/{rel}","templated":true}]}}