{"id":171540,"date":"2026-09-05T15:40:15","date_gmt":"2026-09-05T15:40:15","guid":{"rendered":"https:\/\/iwell-guard.com\/?page_id=171540"},"modified":"2026-09-05T16:00:33","modified_gmt":"2026-09-05T16:00:33","slug":"hipnos","status":"publish","type":"page","link":"https:\/\/iwell-guard.com\/ca\/hipnos\/","title":{"rendered":"Hipnos"},"content":{"rendered":"\t\t<div data-elementor-type=\"wp-page\" data-elementor-id=\"171540\" class=\"elementor elementor-171540 elementor-2038 elementor-bc-flex-widget\" data-elementor-post-type=\"page\">\n\t\t\t\t<div class=\"elementor-element elementor-element-10fdade e-flex e-con-boxed e-con e-parent\" data-id=\"10fdade\" data-element_type=\"container\" data-e-type=\"container\" data-settings=\"{&quot;background_background&quot;:&quot;classic&quot;}\">\n\t\t\t\t\t<div class=\"e-con-inner\">\n\t\t<div class=\"elementor-element elementor-element-herohlft0 e-flex e-con-boxed e-con e-child\" data-id=\"herohlft0\" data-element_type=\"container\" data-e-type=\"container\">\n\t\t\t\t\t<div class=\"e-con-inner\">\n\t\t<div class=\"elementor-element elementor-element-c3ceb64 e-con-full e-flex e-con e-child\" data-id=\"c3ceb64\" data-element_type=\"container\" data-e-type=\"container\">\n\t\t\t\t<div class=\"elementor-element elementor-element-96ae5e1 elementor-widget elementor-widget-heading\" data-id=\"96ae5e1\" data-element_type=\"widget\" data-e-type=\"widget\" data-widget_type=\"heading.default\">\n\t\t\t\t\t<h1 class=\"elementor-heading-title elementor-size-default\">Hipnos, d\u00e9u de la tradici\u00f3 grega<\/h1>\t\t\t\t<\/div>\n\t\t\t\t<div class=\"elementor-element elementor-element-e45238a elementor-widget elementor-widget-text-editor\" data-id=\"e45238a\" data-element_type=\"widget\" data-e-type=\"widget\" data-widget_type=\"text-editor.default\">\n\t\t\t\t\t\t\t\t\t<p>Hipnos \u00e9s d\u00e9u de la tradici\u00f3 grega.<\/p><p><strong>D\u00e9u dol\u00e7 de la son, germ\u00e0 de T\u00e0natos, fill de Nix.<\/strong> Hipnos \u00e9s la personificaci\u00f3 de la son mateixa, no pas l&#8217;acte de dormir, sin\u00f3 la for\u00e7a del rep\u00f2s i la renovaci\u00f3.<\/p><p>A difer\u00e8ncia de Morfeu (que dona forma als somnis), Hipnos \u00e9s la son lleugera i benefactora. Homer l&#8217;anomena un dels d\u00e9us m\u00e9s dol\u00e7os. Amb ales fugaces recorre la terra i infon calma als \u00e9ssers humans. En la mitologia grega, Hipnos \u00e9s considerat un dels d\u00e9us m\u00e9s dol\u00e7os.<\/p>\t\t\t\t\t\t\t\t<\/div>\n\t\t\t\t<\/div>\n\t\t<div class=\"elementor-element elementor-element-klsbdg01 e-con-full e-flex e-con e-parent\" data-id=\"klsbdg01\" data-element_type=\"container\" data-e-type=\"container\">\n\t\t\t\t<div class=\"elementor-element elementor-element-klshtm01 elementor-widget elementor-widget-html\" data-id=\"klshtm01\" data-element_type=\"widget\" data-e-type=\"widget\" data-widget_type=\"html.default\">\n\t\t\t\t\t<div class=\"iwg-pill-row\"><span class=\"iwg-klasse-badge\" tabindex=\"0\" data-tooltip=\"D\u00e9u \/ Deessa: Poder personificat suprem dins el pante\u00f3 d'una cultura, amb \u00e0mbits clars: forces de la natura, dest\u00ed, guerra, fertilitat. Venerat mitjan\u00e7ant cultes, ofrenes i institucions de temple.\">D\u00e9u<\/span><a href=\"https:\/\/iwell-guard.com\/ca\/grecia\/\" class=\"iwg-kultur-badge\" tabindex=\"0\" data-tooltip=\"Religi\u00f3 i mitologia de l'antiga Gr\u00e8cia, des de l'\u00e8poca mic\u00e8nica fins a l'antiguitat tardana.\">Gr\u00e8cia<\/a><a href=\"https:\/\/iwell-guard.com\/ca\/?page_id=171461\" class=\"iwg-tradition-badge\" tabindex=\"0\" data-tooltip=\"D\u00e9us de l'infram\u00f3n i de la mort, sobirans de l'ultram\u00f3n, jutges dels morts, guies d'\u00e0nimes.\">Divinitat funer\u00e0ria<\/a><\/div>\t\t\t\t<\/div>\n\t\t\t\t<\/div>\n\t\t<div class=\"elementor-element elementor-element-3f74855 e-con-full e-flex e-con e-child\" data-id=\"3f74855\" data-element_type=\"container\" data-e-type=\"container\">\n\t\t\t\t<div class=\"elementor-element elementor-element-1c30362 elementor-toc--minimized-on-tablet elementor-widget elementor-widget-table-of-contents\" data-id=\"1c30362\" data-element_type=\"widget\" data-e-type=\"widget\" data-settings=\"{&quot;exclude_headings_by_selector&quot;:[],&quot;no_headings_message&quot;:&quot;No s&#039;ha trobat cap encap\\u00e7alament en aquesta p\\u00e0gina.&quot;,&quot;headings_by_tags&quot;:[&quot;h2&quot;,&quot;h3&quot;],&quot;marker_view&quot;:&quot;bullets&quot;,&quot;minimize_box&quot;:&quot;yes&quot;,&quot;icon&quot;:{&quot;value&quot;:&quot;fas fa-circle&quot;,&quot;library&quot;:&quot;fa-solid&quot;,&quot;rendered_tag&quot;:&quot;&lt;svg class=\\&quot;e-font-icon-svg e-fas-circle\\&quot; viewBox=\\&quot;0 0 512 512\\&quot; xmlns=\\&quot;http:\\\/\\\/www.w3.org\\\/2000\\\/svg\\&quot;&gt;&lt;path d=\\&quot;M256 8C119 8 8 119 8 256s111 248 248 248 248-111 248-248S393 8 256 8z\\&quot;&gt;&lt;\\\/path&gt;&lt;\\\/svg&gt;&quot;},&quot;minimized_on&quot;:&quot;tablet&quot;,&quot;hierarchical_view&quot;:&quot;yes&quot;,&quot;min_height&quot;:{&quot;unit&quot;:&quot;px&quot;,&quot;size&quot;:&quot;&quot;,&quot;sizes&quot;:[]},&quot;min_height_tablet&quot;:{&quot;unit&quot;:&quot;px&quot;,&quot;size&quot;:&quot;&quot;,&quot;sizes&quot;:[]},&quot;min_height_mobile&quot;:{&quot;unit&quot;:&quot;px&quot;,&quot;size&quot;:&quot;&quot;,&quot;sizes&quot;:[]}}\" data-widget_type=\"table-of-contents.default\">\n\t\t\t\t\t\t\t\t\t<div class=\"elementor-toc__header\">\n\t\t\t\t\t\t<h2 class=\"elementor-toc__header-title\">\n\t\t\t\t\u00cdndex\t\t\t<\/h2>\n\t\t\t\t\t\t\t\t\t\t<div class=\"elementor-toc__toggle-button elementor-toc__toggle-button--expand\" role=\"button\" tabindex=\"0\" aria-controls=\"elementor-toc__1c30362\" aria-expanded=\"true\" aria-label=\"Open table of contents\"><svg aria-hidden=\"true\" class=\"e-font-icon-svg e-fas-chevron-down\" viewBox=\"0 0 448 512\" xmlns=\"http:\/\/www.w3.org\/2000\/svg\"><path d=\"M207.029 381.476L12.686 187.132c-9.373-9.373-9.373-24.569 0-33.941l22.667-22.667c9.357-9.357 24.522-9.375 33.901-.04L224 284.505l154.745-154.021c9.379-9.335 24.544-9.317 33.901.04l22.667 22.667c9.373 9.373 9.373 24.569 0 33.941L240.971 381.476c-9.373 9.372-24.569 9.372-33.942 0z\"><\/path><\/svg><\/div>\n\t\t\t\t<div class=\"elementor-toc__toggle-button elementor-toc__toggle-button--collapse\" role=\"button\" tabindex=\"0\" aria-controls=\"elementor-toc__1c30362\" aria-expanded=\"true\" aria-label=\"Close table of contents\"><svg aria-hidden=\"true\" class=\"e-font-icon-svg e-fas-chevron-up\" viewBox=\"0 0 448 512\" xmlns=\"http:\/\/www.w3.org\/2000\/svg\"><path d=\"M240.971 130.524l194.343 194.343c9.373 9.373 9.373 24.569 0 33.941l-22.667 22.667c-9.357 9.357-24.522 9.375-33.901.04L224 227.495 69.255 381.516c-9.379 9.335-24.544 9.317-33.901-.04l-22.667-22.667c-9.373-9.373-9.373-24.569 0-33.941L207.03 130.525c9.372-9.373 24.568-9.373 33.941-.001z\"><\/path><\/svg><\/div>\n\t\t\t\t\t<\/div>\n\t\t\t\t<div id=\"elementor-toc__1c30362\" class=\"elementor-toc__body\">\n\t\t\t<div class=\"elementor-toc__spinner-container\">\n\t\t\t\t<svg class=\"elementor-toc__spinner eicon-animation-spin e-font-icon-svg e-eicon-loading\" aria-hidden=\"true\" viewBox=\"0 0 1000 1000\" xmlns=\"http:\/\/www.w3.org\/2000\/svg\"><path d=\"M500 975V858C696 858 858 696 858 500S696 142 500 142 142 304 142 500H25C25 237 238 25 500 25S975 237 975 500 763 975 500 975Z\"><\/path><\/svg>\t\t\t<\/div>\n\t\t<\/div>\n\t\t\t\t\t\t<\/div>\n\t\t\t\t<\/div>\n\t\t\t\t\t<\/div>\n\t\t\t\t<\/div>\n\t\t<div class=\"elementor-element elementor-element-herorght0 e-con-full e-flex e-con e-child\" data-id=\"herorght0\" data-element_type=\"container\" data-e-type=\"container\">\n\t\t\t\t<div class=\"elementor-element elementor-element-heroimg00 iwg-hero-image elementor-widget elementor-widget-image\" data-id=\"heroimg00\" data-element_type=\"widget\" data-e-type=\"widget\" data-widget_type=\"image.default\">\n\t\t\t\t\t\t\t\t\t\t\t\t\t\t\t<img fetchpriority=\"high\" decoding=\"async\" width=\"683\" height=\"1024\" src=\"https:\/\/iwell-guard.com\/wp-content\/uploads\/2026\/04\/goetter_griechenland_hypnos-683x1024.webp\" class=\"attachment-large size-large wp-image-173867\" alt=\"Hipnos - d\u00e9us de la tradici\u00f3 grega, il\u00b7lustraci\u00f3 hist\u00f2rica\" srcset=\"https:\/\/iwell-guard.com\/wp-content\/uploads\/2026\/04\/goetter_griechenland_hypnos-683x1024.webp 683w, https:\/\/iwell-guard.com\/wp-content\/uploads\/2026\/04\/goetter_griechenland_hypnos-200x300.webp 200w, https:\/\/iwell-guard.com\/wp-content\/uploads\/2026\/04\/goetter_griechenland_hypnos-768x1152.webp 768w, https:\/\/iwell-guard.com\/wp-content\/uploads\/2026\/04\/goetter_griechenland_hypnos.webp 1024w\" sizes=\"(max-width: 683px) 100vw, 683px\" \/>\t\t\t\t\t\t\t\t\t\t\t\t\t\t\t<\/div>\n\t\t\t\t<\/div>\n\t\t\t\t\t<\/div>\n\t\t\t\t<\/div>\n\t\t<div class=\"elementor-element elementor-element-32917199 e-flex e-con-boxed e-con e-parent\" data-id=\"32917199\" data-element_type=\"container\" data-e-type=\"container\">\n\t\t\t\t\t<div class=\"e-con-inner\">\n\t\t<div class=\"elementor-element elementor-element-26e916cb e-flex e-con-boxed e-con e-child\" data-id=\"26e916cb\" data-element_type=\"container\" data-e-type=\"container\">\n\t\t\t\t\t<div class=\"e-con-inner\">\n\t\t<div class=\"elementor-element elementor-element-253a40d4 e-flex e-con-boxed e-con e-child\" data-id=\"253a40d4\" data-element_type=\"container\" data-e-type=\"container\">\n\t\t\t\t\t<div class=\"e-con-inner\">\n\t\t\t\t<div class=\"elementor-element elementor-element-1200c304 elementor-widget elementor-widget-heading\" data-id=\"1200c304\" data-element_type=\"widget\" data-e-type=\"widget\" data-widget_type=\"heading.default\">\n\t\t\t\t\t<h2 class=\"elementor-heading-title elementor-size-default\">Hipnos<\/h2>\t\t\t\t<\/div>\n\t\t\t\t\t<\/div>\n\t\t\t\t<\/div>\n\t\t<div class=\"elementor-element elementor-element-159dcf9a e-flex e-con-boxed e-con e-child\" data-id=\"159dcf9a\" data-element_type=\"container\" data-e-type=\"container\">\n\t\t\t\t\t<div class=\"e-con-inner\">\n\t\t\t\t<div class=\"elementor-element elementor-element-48cee66f elementor-widget elementor-widget-heading\" data-id=\"48cee66f\" data-element_type=\"widget\" data-e-type=\"widget\" data-widget_type=\"heading.default\">\n\t\t\t\t\t<h2 class=\"elementor-heading-title elementor-size-default\">Resum r\u00e0pid: Hipnos<\/h2>\t\t\t\t<\/div>\n\t\t\t\t<div class=\"elementor-element elementor-element-3f50d82c elementor-widget elementor-widget-text-editor\" data-id=\"3f50d82c\" data-element_type=\"widget\" data-e-type=\"widget\" data-widget_type=\"text-editor.default\">\n\t\t\t\t\t\t\t\t\t<p><strong>Tipus:<\/strong> D\u00e9u (fenomen natural personificat)<br><strong>Tradici\u00f3:<\/strong> <span class=\"iwg-fachbegriff\" data-tooltip=\"El conjunt de relats m\u00edtics transmesos sobre els d\u00e9us d'una cultura.\" tabindex=\"0\">Mitologia<\/span> grega<br><strong>Classe:<\/strong> D\u00e9u menor\/semblant a un titan<br><strong>Rol:<\/strong> D\u00e9u de la son i dels somnis<br><strong>Fonts:<\/strong> Hes\u00edode Teogonia, Homer, Apol\u00b7lodor, Ovidi, Virgili<br><strong>\u00c0mbit d&#8217;acci\u00f3:<\/strong> Son, somnis, mortals i d\u00e9us, curaci\u00f3<br><strong>Conflicte principal:<\/strong> Vig\u00edlia vs. son, control vs. rendiment<\/p>\t\t\t\t\t\t\t\t<\/div>\n\t\t\t\t\t<\/div>\n\t\t\t\t<\/div>\n\t\t\t\t\t<\/div>\n\t\t\t\t<\/div>\n\t\t\t\t\t<\/div>\n\t\t\t\t<\/div>\n\t\t<div class=\"elementor-element elementor-element-18613602 e-flex e-con-boxed e-con e-parent\" data-id=\"18613602\" data-element_type=\"container\" data-e-type=\"container\">\n\t\t\t\t\t<div class=\"e-con-inner\">\n\t\t\t\t<div class=\"elementor-element elementor-element-262b8a9f elementor-widget elementor-widget-heading\" data-id=\"262b8a9f\" data-element_type=\"widget\" data-e-type=\"widget\" data-widget_type=\"heading.default\">\n\t\t\t\t\t<h2 class=\"elementor-heading-title elementor-size-default\">Introducci\u00f3<\/h2>\t\t\t\t<\/div>\n\t\t<div class=\"elementor-element elementor-element-46dcb7d e-con-full e-flex e-con e-child\" data-id=\"46dcb7d\" data-element_type=\"container\" data-e-type=\"container\">\n\t\t<div class=\"elementor-element elementor-element-61d3ab3 e-flex e-con-boxed e-con e-child\" data-id=\"61d3ab3\" data-element_type=\"container\" data-e-type=\"container\">\n\t\t\t\t\t<div class=\"e-con-inner\">\n\t\t\t\t<div class=\"elementor-element elementor-element-117c166 elementor-widget elementor-widget-heading\" data-id=\"117c166\" data-element_type=\"widget\" data-e-type=\"widget\" data-widget_type=\"heading.default\">\n\t\t\t\t\t<h3 class=\"elementor-heading-title elementor-size-default\">Per\u00edode dels textos<\/h3>\t\t\t\t<\/div>\n\t\t\t\t<div class=\"elementor-element elementor-element-73997a0 elementor-widget elementor-widget-text-editor\" data-id=\"73997a0\" data-element_type=\"widget\" data-e-type=\"widget\" data-widget_type=\"text-editor.default\">\n\t\t\t\t\t\t\t\t\t<p>Hipnos est\u00e0 testimoniat liter\u00e0riament d&#8217;una manera primerenca. Ja a la Il\u00edada d&#8217;Homer apareix com a figura pr\u00f2pia, quan, persuadit per Hera, submergeix Zeus en la son; all\u00ed apareix com a germ\u00e0 de la Mort, T\u00e0natos. La Teogonia d&#8217;Hes\u00edode, cap al 700 aC, l&#8217;integra sistem\u00e0ticament en la genealogia divina i anomena Nix, la Nit, com a mare seva.<\/p><p>En la <span class=\"iwg-fachbegriff\" data-tooltip=\"La transmissi\u00f3 de coneixement i relats al llarg de generacions.\" tabindex=\"0\">tradici\u00f3<\/span> posterior, Hipnos continua sent una figura secund\u00e0ria, per\u00f2 \u00e9s desenvolupat per poetes hel\u00b7len\u00edstics i romans, com Ovidi a les Metamorfosis, que li assigna una resid\u00e8ncia en una cova fosca. Les representacions figuratives, generalment com a jove alat, es fan m\u00e9s freq\u00fcents des de l&#8217;\u00e8poca cl\u00e0ssica i hel\u00b7len\u00edstica.<\/p><h3>Ubicaci\u00f3 mitol\u00f2gica<\/h3><p>Hipnos, el d\u00e9u de la son, \u00e9s una <span class=\"iwg-fachbegriff\" data-tooltip=\"Un \u00e9sser venerat com a div\u00ed dins d'una religi\u00f3.\" tabindex=\"0\">divinitat<\/span> menys prominent, per\u00f2 profunda, d&#8217;or\u00edgens antics, arribada potser des de l&#8217;\u00c0sia Menor a la religi\u00f3 grega.<\/p><p>\u00c9s fill de Nix (la Nit) i germ\u00e0 de T\u00e0natos (la Mort). Aquesta genealogia \u00e9s significativa: la son i la mort s\u00f3n germanes, ambd\u00f3s aspectes de Nix, ambdues s\u00f3n pauses necess\u00e0ries de la consci\u00e8ncia i del sofriment.<\/p><p>Hipnos no \u00e9s terrible com el seu germ\u00e0, sin\u00f3 dol\u00e7 i necessari. Homer l&#8217;anomenava \u00abm\u00e9s suau que una ploma\u00bb. \u00c9s el sobir\u00e0 d&#8217;aquell ter\u00e7 de la vida que es passa dormint, un \u00e0mbit que pocs altres d\u00e9us governen directament. El seu regne \u00e9s el de l&#8217;inconscient, els somnis i l&#8217;oblit temporal.<\/p>\t\t\t\t\t\t\t\t<\/div>\n\t\t\t\t\t<\/div>\n\t\t\t\t<\/div>\n\t\t<div class=\"elementor-element elementor-element-d47b156 e-flex e-con-boxed e-con e-child\" data-id=\"d47b156\" data-element_type=\"container\" data-e-type=\"container\">\n\t\t\t\t\t<div class=\"e-con-inner\">\n\t\t\t\t<div class=\"elementor-element elementor-element-ff38c2b elementor-widget elementor-widget-heading\" data-id=\"ff38c2b\" data-element_type=\"widget\" data-e-type=\"widget\" data-widget_type=\"heading.default\">\n\t\t\t\t\t<h3 class=\"elementor-heading-title elementor-size-default\">\u00c0rea de difusi\u00f3<\/h3>\t\t\t\t<\/div>\n\t\t\t\t<div class=\"elementor-element elementor-element-4e49fcc elementor-widget elementor-widget-text-editor\" data-id=\"4e49fcc\" data-element_type=\"widget\" data-e-type=\"widget\" data-widget_type=\"text-editor.default\">\n\t\t\t\t\t\t\t\t\t<p>Hipnos pertany al patrimoni m\u00edtic panhel\u00b7l\u00e8nic i era conegut a tot el m\u00f3n grec, des dels poemes hom\u00e8rics fins a la pintura de vasos de la It\u00e0lia meridional. La Il\u00edada el situa a l&#8217;illa de Lemnos, mentre que poetes posteriors com Ovidi descriuen la seva cova al pa\u00eds dels cimeris, als confins del m\u00f3n habitat. Amb prou feines va tenir un culte propi amb temples; Paus\u00e0nias, per\u00f2, esmenta la seva veneraci\u00f3 a Troez\u00e8n junt amb les Muses.<\/p>\t\t\t\t\t\t\t\t<\/div>\n\t\t\t\t\t<\/div>\n\t\t\t\t<\/div>\n\t\t\t\t<\/div>\n\t\t<div class=\"elementor-element elementor-element-db03c39 e-con-full e-flex e-con e-child\" data-id=\"db03c39\" data-element_type=\"container\" data-e-type=\"container\">\n\t\t<div class=\"elementor-element elementor-element-229a87b e-flex e-con-boxed e-con e-child\" data-id=\"229a87b\" data-element_type=\"container\" data-e-type=\"container\">\n\t\t\t\t\t<div class=\"e-con-inner\">\n\t\t\t\t<div class=\"elementor-element elementor-element-1f471fc elementor-widget elementor-widget-heading\" data-id=\"1f471fc\" data-element_type=\"widget\" data-e-type=\"widget\" data-widget_type=\"heading.default\">\n\t\t\t\t\t<h3 class=\"elementor-heading-title elementor-size-default\">Estat de les fonts<\/h3>\t\t\t\t<\/div>\n\t\t\t\t<div class=\"elementor-element elementor-element-36b1201 elementor-widget elementor-widget-text-editor\" data-id=\"36b1201\" data-element_type=\"widget\" data-e-type=\"widget\" data-widget_type=\"text-editor.default\">\n\t\t\t\t\t\t\t\t\t<p><strong>Fonts prim\u00e0ries:<\/strong><br><em>Hes\u00edode, Teogonia<\/em> 211, 225<br><em>Homer, Il\u00edada<\/em> XIV, 231, 291<br><em>Apol\u00b7lodor, Bibliotheca<\/em> I, 3, 1<br><em>Ovidi, Metamorfosis<\/em> XI, 592, 678<br><em>Virgili, Eneida<\/em> VI, 283<br><strong>Fonts secund\u00e0ries:<\/strong> Burkert; Nilsson; Bremmer<\/p>\t\t\t\t\t\t\t\t<\/div>\n\t\t\t\t\t<\/div>\n\t\t\t\t<\/div>\n\t\t\t\t<\/div>\n\t\t\t\t\t<\/div>\n\t\t\t\t<\/div>\n\t\t<div class=\"elementor-element elementor-element-3ae0637c e-flex e-con-boxed e-con e-parent\" data-id=\"3ae0637c\" data-element_type=\"container\" data-e-type=\"container\">\n\t\t\t\t\t<div class=\"e-con-inner\">\n\t\t\t\t<div class=\"elementor-element elementor-element-31d07739 elementor-widget elementor-widget-heading\" data-id=\"31d07739\" data-element_type=\"widget\" data-e-type=\"widget\" data-widget_type=\"heading.default\">\n\t\t\t\t\t<h2 class=\"elementor-heading-title elementor-size-default\">Nom i variants<\/h2>\t\t\t\t<\/div>\n\t\t<div class=\"elementor-element elementor-element-b7642947 e-con-full e-flex e-con e-child\" data-id=\"b7642947\" data-element_type=\"container\" data-e-type=\"container\">\n\t\t\t\t<div class=\"elementor-element elementor-element-a086266 elementor-widget elementor-widget-text-editor\" data-id=\"a086266\" data-element_type=\"widget\" data-e-type=\"widget\" data-widget_type=\"text-editor.default\">\n\t\t\t\t\t\t\t\t\t<p>Hipnos es representa com un home jove amb ales fugaces, semblant a T\u00e0natos, per\u00f2 menys ombr\u00edvol. Els seus s\u00edmbols s\u00f3n la rosella (especialment la rosella d&#8217;opi, font de la beguda del son), de vegades una ampolla de son, una torxa (que apaga), i en representacions posteriors un bast\u00f3 (semblant al caduceu d&#8217;Hermes).<\/p><p>El seu rostre \u00e9s pac\u00edfic, la seva expressi\u00f3 dol\u00e7a. De vegades se&#8217;l representa amb ales al cabell o com una figura completament emplomallada.<\/p>\t\t\t\t\t\t\t\t<\/div>\n\t\t\t\t<\/div>\n\t\t\t\t\t<\/div>\n\t\t\t\t<\/div>\n\t\t<div class=\"elementor-element elementor-element-709a44a8 e-flex e-con-boxed e-con e-parent\" data-id=\"709a44a8\" data-element_type=\"container\" data-e-type=\"container\">\n\t\t\t\t\t<div class=\"e-con-inner\">\n\t\t\t\t<div class=\"elementor-element elementor-element-2f585873 elementor-widget elementor-widget-heading\" data-id=\"2f585873\" data-element_type=\"widget\" data-e-type=\"widget\" data-widget_type=\"heading.default\">\n\t\t\t\t\t<h2 class=\"elementor-heading-title elementor-size-default\">Caracter\u00edstiques<\/h2>\t\t\t\t<\/div>\n\t\t<div class=\"elementor-element elementor-element-70621c12 e-con-full e-flex e-con e-child\" data-id=\"70621c12\" data-element_type=\"container\" data-e-type=\"container\">\n\t\t\t\t<div class=\"elementor-element elementor-element-4296eb49 elementor-widget elementor-widget-text-editor\" data-id=\"4296eb49\" data-element_type=\"widget\" data-e-type=\"widget\" data-widget_type=\"text-editor.default\">\n\t\t\t\t\t\t\t\t\t<p>Hipnos no \u00e9s venerat activament, sin\u00f3 reconegut amb respecte. La son \u00e9s necess\u00e0ria, per\u00f2 no \u00e9s objecte de grans cultes. La gent prega a Hipnos quan necessita dormir, especialment els malalts i els afligits.<\/p><p>En la literatura, sovint se l&#8217;emplea com a ajudant o intermediari: pot encantar Zeus, pot ajudar herois a prendre bones decisions. La seva beguda del son \u00e9s poderosa, per\u00f2 no directament mortal (aix\u00f2 \u00e9s cosa de T\u00e0natos). Hipnos simbolitza el rep\u00f2s, la curaci\u00f3 i la regeneraci\u00f3, necessaris per a la vida i el sentit.<\/p><h3>Aparen\u00e7a i simbologia<\/h3><p>Hipnos es representa com un home jove de rostre dol\u00e7, de vegades amb ales (per mostrar la mobilitat de la son). La rosella del son \u00e9s el seu atribut principal, una flor de la qual s&#8217;extreu l&#8217;opi. De vegades porta una torxa que capbussa en la son, o un ceptre.<\/p><p>La rosella i el til\u00b7ler platejat li eren sagrats. El seu color \u00e9s el violeta fosc o el negre de la nit. A difer\u00e8ncia del seu germ\u00e0 T\u00e0natos (representat generalment com a m\u00e9s vell i cruel), Hipnos \u00e9s jove i comprensiu. No simbolitza la fi, sin\u00f3 la dissoluci\u00f3 temporal, una <span class=\"iwg-fachbegriff\" data-tooltip=\"Manifestaci\u00f3 de benedicci\u00f3 i protecci\u00f3, sovint en forma ling\u00fc\u00edstica fixa.\" tabindex=\"0\">benedicci\u00f3<\/span>, no un c\u00e0stig.<\/p>\t\t\t\t\t\t\t\t<\/div>\n\t\t\t\t<\/div>\n\t\t\t\t\t<\/div>\n\t\t\t\t<\/div>\n\t\t<div class=\"elementor-element elementor-element-44e71476 e-flex e-con-boxed e-con e-parent\" data-id=\"44e71476\" data-element_type=\"container\" data-e-type=\"container\">\n\t\t\t\t\t<div class=\"e-con-inner\">\n\t\t\t\t<div class=\"elementor-element elementor-element-3c1fc3f0 elementor-widget elementor-widget-heading\" data-id=\"3c1fc3f0\" data-element_type=\"widget\" data-e-type=\"widget\" data-widget_type=\"heading.default\">\n\t\t\t\t\t<h2 class=\"elementor-heading-title elementor-size-default\">Fitxa: Hipnos<\/h2>\t\t\t\t<\/div>\n\t\t<div class=\"elementor-element elementor-element-84f33b8e e-con-full e-flex e-con e-child\" data-id=\"84f33b8e\" data-element_type=\"container\" data-e-type=\"container\">\n\t\t\t\t<div class=\"elementor-element elementor-element-hqkdc67p elementor-widget elementor-widget-text-editor\" data-id=\"hqkdc67p\" data-element_type=\"widget\" data-e-type=\"widget\" data-widget_type=\"text-editor.default\">\n\t\t\t\t\t\t\t\t\t<p>Hes\u00edode anomena Hipnos fill de la Nit (Nix) i germ\u00e0 bess\u00f3 de la Mort (T\u00e0natos), amb qui viu a l&#8217;oest, m\u00e9s enll\u00e0 de l&#8217;Oce\u00e0. Homer el descriu a la Il\u00edada com un d\u00e9u que fins Zeus mateix ha de t\u00e9mer: a petici\u00f3 d&#8217;Hera, Hipnos adorm el pare dels d\u00e9us a l&#8217;Ida i rep com a recompensa la C\u00e0ris Pas\u00edtea per esposa. Com a pare dels d\u00e9us dels somnis, especialment Morfeu, la poesia posterior el vincula estretament amb el m\u00f3n dels somnis.<\/p>\t\t\t\t\t\t\t\t<\/div>\n\t\t\t\t<\/div>\n\t\t<div class=\"elementor-element elementor-element-pemmx7c5 e-con-full e-flex e-con e-child\" data-id=\"pemmx7c5\" data-element_type=\"container\" data-e-type=\"container\">\n\t\t<div class=\"elementor-element elementor-element-pemmx7c1 e-con-full e-flex e-con e-child\" data-id=\"pemmx7c1\" data-element_type=\"container\" data-e-type=\"container\">\n\t\t<div class=\"elementor-element elementor-element-qh9oavvu iwg-steckbrief-card e-flex e-con-boxed e-con e-child\" data-id=\"qh9oavvu\" data-element_type=\"container\" data-e-type=\"container\">\n\t\t\t\t\t<div class=\"e-con-inner\">\n\t\t\t\t<div class=\"elementor-element elementor-element-awzx8k2k elementor-widget elementor-widget-heading\" data-id=\"awzx8k2k\" data-element_type=\"widget\" data-e-type=\"widget\" data-widget_type=\"heading.default\">\n\t\t\t\t\t<div class=\"elementor-heading-title elementor-size-default\">L'origen d'Hipnos<\/div>\t\t\t\t<\/div>\n\t\t\t\t<div class=\"elementor-element elementor-element-x6rowhv0 elementor-widget elementor-widget-text-editor\" data-id=\"x6rowhv0\" data-element_type=\"widget\" data-e-type=\"widget\" data-widget_type=\"text-editor.default\">\n\t\t\t\t\t\t\t\t\t<p><strong>Genealogia:<\/strong> Fill de Nix (deessa de la Nit), un dels \u00e9ssers m\u00e9s antics. Germans: T\u00e0natos (Mort), Morfeu (Somnis, versions tardanes). La mare Nix \u00e9s una deessa primig\u00e8nia anterior a l&#8217;Olimp. Fam\u00edlia arcaica existent abans dels Titans.<\/p>\t\t\t\t\t\t\t\t<\/div>\n\t\t\t\t\t<\/div>\n\t\t\t\t<\/div>\n\t\t<div class=\"elementor-element elementor-element-8e3o4kxs iwg-steckbrief-card e-flex e-con-boxed e-con e-child\" data-id=\"8e3o4kxs\" data-element_type=\"container\" data-e-type=\"container\">\n\t\t\t\t\t<div class=\"e-con-inner\">\n\t\t\t\t<div class=\"elementor-element elementor-element-08rkdgov elementor-widget elementor-widget-heading\" data-id=\"08rkdgov\" data-element_type=\"widget\" data-e-type=\"widget\" data-widget_type=\"heading.default\">\n\t\t\t\t\t<div class=\"elementor-heading-title elementor-size-default\">El p\u00fablic d'Hipnos<\/div>\t\t\t\t<\/div>\n\t\t\t\t<div class=\"elementor-element elementor-element-uwjelx8s elementor-widget elementor-widget-text-editor\" data-id=\"uwjelx8s\" data-element_type=\"widget\" data-e-type=\"widget\" data-widget_type=\"text-editor.default\">\n\t\t\t\t\t\t\t\t\t<p><strong>Funci\u00f3:<\/strong> D\u00e9u universal de la son, actua igual sobre d\u00e9us i mortals. Porta no nom\u00e9s rep\u00f2s sin\u00f3 tamb\u00e9 oblit i dissoluci\u00f3 de la voluntat. Venerat com a m\u00e0gic i terap\u00e8utic, un curador que alleuja els malalts. <br><strong>P\u00fablic:<\/strong> Tots cerquen la seva <span class=\"iwg-fachbegriff\" data-tooltip=\"Manifestaci\u00f3 de benedicci\u00f3 i protecci\u00f3, sovint en forma ling\u00fc\u00edstica fixa.\" tabindex=\"0\">benedicci\u00f3<\/span>. Morts i vius es troben en el seu regne.<\/p>\t\t\t\t\t\t\t\t<\/div>\n\t\t\t\t\t<\/div>\n\t\t\t\t<\/div>\n\t\t<div class=\"elementor-element elementor-element-jm2n74ec iwg-steckbrief-card e-flex e-con-boxed e-con e-child\" data-id=\"jm2n74ec\" data-element_type=\"container\" data-e-type=\"container\">\n\t\t\t\t\t<div class=\"e-con-inner\">\n\t\t\t\t<div class=\"elementor-element elementor-element-8vufse4c elementor-widget elementor-widget-heading\" data-id=\"8vufse4c\" data-element_type=\"widget\" data-e-type=\"widget\" data-widget_type=\"heading.default\">\n\t\t\t\t\t<div class=\"elementor-heading-title elementor-size-default\">L'aparen\u00e7a d'Hipnos<\/div>\t\t\t\t<\/div>\n\t\t\t\t<div class=\"elementor-element elementor-element-mwb9u015 elementor-widget elementor-widget-text-editor\" data-id=\"mwb9u015\" data-element_type=\"widget\" data-e-type=\"widget\" data-widget_type=\"text-editor.default\">\n\t\t\t\t\t\t\t\t\t<p>L&#8217;art antic representa Hipnos majorit\u00e0riament com un jove alat, sovint amb ales a les temples, que vessa el son des d&#8217;una banya o porta una tija de rosella. En el fam\u00f3s crater d&#8217;Eufroni apareix juntament amb el seu germ\u00e0 T\u00e0natos portant el cos caigut de Sarped\u00f3 fora del camp de batalla. La rosella i l&#8217;aigua del riu de l&#8217;oblit, el Lete, s\u00f3n els seus atributs habituals, que simbolitzen el pas cap al son i l&#8217;oblit.<\/p>\t\t\t\t\t\t\t\t<\/div>\n\t\t\t\t\t<\/div>\n\t\t\t\t<\/div>\n\t\t\t\t<\/div>\n\t\t<div class=\"elementor-element elementor-element-pemmx7c2 e-con-full e-flex e-con e-child\" data-id=\"pemmx7c2\" data-element_type=\"container\" data-e-type=\"container\">\n\t\t<div class=\"elementor-element elementor-element-37ss2yr6 iwg-steckbrief-card e-flex e-con-boxed e-con e-child\" data-id=\"37ss2yr6\" data-element_type=\"container\" data-e-type=\"container\">\n\t\t\t\t\t<div class=\"e-con-inner\">\n\t\t\t\t<div class=\"elementor-element elementor-element-3v0wp3wx elementor-widget elementor-widget-heading\" data-id=\"3v0wp3wx\" data-element_type=\"widget\" data-e-type=\"widget\" data-widget_type=\"heading.default\">\n\t\t\t\t\t<div class=\"elementor-heading-title elementor-size-default\">L'acci\u00f3 d'Hipnos<\/div>\t\t\t\t<\/div>\n\t\t\t\t<div class=\"elementor-element elementor-element-w3247g2m elementor-widget elementor-widget-text-editor\" data-id=\"w3247g2m\" data-element_type=\"widget\" data-e-type=\"widget\" data-widget_type=\"text-editor.default\">\n\t\t\t\t\t\t\t\t\t<p><strong>Acci\u00f3 m\u00edtica:<\/strong> Il\u00edada XIV d&#8217;Homer: Hera ordena a Hipnos adormir Zeus per afavorir el b\u00e0ndol grec. El totpoder\u00f3s Zeus queda indefens. Despr\u00e9s, amena\u00e7at per Zeus, fuig cap a Nix, l&#8217;\u00fanica for\u00e7a que Zeus respecta. Ovidi: descripci\u00f3 detallada del palau d&#8217;Hipnos amb 1000 d\u00e9us dels somnis. Virgili: guardi\u00e0 del llindar entre el m\u00f3n superior i el subterrani.<\/p>\t\t\t\t\t\t\t\t<\/div>\n\t\t\t\t\t<\/div>\n\t\t\t\t<\/div>\n\t\t<div class=\"elementor-element elementor-element-0qpjal9w iwg-steckbrief-card e-flex e-con-boxed e-con e-child\" data-id=\"0qpjal9w\" data-element_type=\"container\" data-e-type=\"container\">\n\t\t\t\t\t<div class=\"e-con-inner\">\n\t\t\t\t<div class=\"elementor-element elementor-element-6ndoih0o elementor-widget elementor-widget-heading\" data-id=\"6ndoih0o\" data-element_type=\"widget\" data-e-type=\"widget\" data-widget_type=\"heading.default\">\n\t\t\t\t\t<div class=\"elementor-heading-title elementor-size-default\">La defensa contra Hipnos<\/div>\t\t\t\t<\/div>\n\t\t\t\t<div class=\"elementor-element elementor-element-6684tyh9 elementor-widget elementor-widget-text-editor\" data-id=\"6684tyh9\" data-element_type=\"widget\" data-e-type=\"widget\" data-widget_type=\"text-editor.default\">\n\t\t\t\t\t\t\t\t\t<p>Els grecs no coneixien cap defensa contra Hipnos en el sentit d&#8217;un ritual de protecci\u00f3, ja que la son era considerada un poder ben\u00e8fic, fins i tot curatiu. En el culte d&#8217;Asclepi es buscava fins i tot deliberadament la son al temple (incubaci\u00f3), perqu\u00e8 el d\u00e9u havia d&#8217;apar\u00e8ixer al malalt en somnis. Hipnos nom\u00e9s esdev\u00e9 perill\u00f3s en els mites com a instrument d&#8217;altres, per exemple quan Hera l&#8217;utilitza contra Zeus; en conseq\u00fc\u00e8ncia, la precauci\u00f3 anava dirigida contra la intenci\u00f3 darrere de la son, no contra la son en si mateixa.<\/p>\t\t\t\t\t\t\t\t<\/div>\n\t\t\t\t\t<\/div>\n\t\t\t\t<\/div>\n\t\t<div class=\"elementor-element elementor-element-3lfi7x32 iwg-steckbrief-card e-flex e-con-boxed e-con e-child\" data-id=\"3lfi7x32\" data-element_type=\"container\" data-e-type=\"container\">\n\t\t\t\t\t<div class=\"e-con-inner\">\n\t\t\t\t<div class=\"elementor-element elementor-element-0kg99ga1 elementor-widget elementor-widget-heading\" data-id=\"0kg99ga1\" data-element_type=\"widget\" data-e-type=\"widget\" data-widget_type=\"heading.default\">\n\t\t\t\t\t<div class=\"elementor-heading-title elementor-size-default\">Els paral\u00b7lels d'Hipnos<\/div>\t\t\t\t<\/div>\n\t\t\t\t<div class=\"elementor-element elementor-element-n0fum6kp elementor-widget elementor-widget-text-editor\" data-id=\"n0fum6kp\" data-element_type=\"widget\" data-e-type=\"widget\" data-widget_type=\"text-editor.default\">\n\t\t\t\t\t\t\t\t\t<p>Hipnos t\u00e9 paral\u00b7lels directes o funcionals en nombroses cultures. <em>Somnus<\/em> (rom\u00e0) n&#8217;\u00e9s la identificaci\u00f3 directa; Ovidi (<em>Metamorfosis<\/em> XI, 592-748) descriu amb detall la cova de Somnus, on hi flueixen l&#8217;aigua del Lete i la rosella; Virgili (<em>Eneida<\/em> V, 838-861) fa que Somnus sorprengui i arrossegui el timoner Palinur cap al son. <em>Lipa<\/em>, de la tradici\u00f3 de l&#8217;Orient Pr\u00f2xim antic (Ugarit), mostra un parentiu estructural.<\/p><p>En el context hind\u00fa, hi correspon <em>Nidra<\/em> com a personificaci\u00f3 del son, invocada al Devi-Mahatmya com la Yoga-Maya de Vixnu. En l&#8217;\u00e0mbit c\u00e8ltic: <em>Conn-Eda<\/em> (irland\u00e8s) com a \u00abdonador de son\u00bb.<\/p><p>En el context germ\u00e0nic, l&#8217;Edda no coneix cap d\u00e9u del son directe, per\u00f2 Frigg disposa d&#8217;un poder que indueix al son. La constant estructural: el son com a for\u00e7a divina, sovint germ\u00e0 o doble del d\u00e9u de la mort (Hipnos-T\u00e0natos, Somnus-Mors), que resideix en un m\u00f3n fosc i cavern\u00f3s.<\/p>\t\t\t\t\t\t\t\t<\/div>\n\t\t\t\t\t<\/div>\n\t\t\t\t<\/div>\n\t\t\t\t<\/div>\n\t\t\t\t<\/div>\n\t\t\t\t\t<\/div>\n\t\t\t\t<\/div>\n\t\t<div class=\"elementor-element elementor-element-7533bc7a e-flex e-con-boxed e-con e-parent\" data-id=\"7533bc7a\" data-element_type=\"container\" data-e-type=\"container\">\n\t\t\t\t\t<div class=\"e-con-inner\">\n\t\t\t\t<div class=\"elementor-element elementor-element-2447d18d elementor-widget elementor-widget-heading\" data-id=\"2447d18d\" data-element_type=\"widget\" data-e-type=\"widget\" data-widget_type=\"heading.default\">\n\t\t\t\t\t<h2 class=\"elementor-heading-title elementor-size-default\">Defensa pr\u00e0ctica<\/h2>\t\t\t\t<\/div>\n\t\t<div class=\"elementor-element elementor-element-d5d0260c e-con-full e-flex e-con e-child\" data-id=\"d5d0260c\" data-element_type=\"container\" data-e-type=\"container\">\n\t\t\t\t<div class=\"elementor-element elementor-element-341be2ac elementor-widget elementor-widget-text-editor\" data-id=\"341be2ac\" data-element_type=\"widget\" data-e-type=\"widget\" data-widget_type=\"text-editor.default\">\n\t\t\t\t\t\t\t\t\t<h3>Rituals de veneraci\u00f3<\/h3><p>A Gr\u00e8cia hi havia santuaris especialitzats en el son, sobretot en centres de curaci\u00f3 com Epidaure (<span class=\"iwg-fachbegriff\" data-tooltip=\"Lloc sagrat dedicat a la veneraci\u00f3 d'una divinitat.\" tabindex=\"0\">santuari<\/span> d&#8217;Asclepi). Els pacients s&#8217;adormien en condicions rituals per rebre curaci\u00f3 a trav\u00e9s dels somnis (<span class=\"iwg-fachbegriff\" tabindex=\"0\" data-tooltip=\"Pr\u00e0ctica religiosa antiga de dormir en un santuari, en la qual la divinitat concedeix curaci\u00f3 a trav\u00e9s del somni.\">incubaci\u00f3<\/span>&#8211;<span class=\"iwg-fachbegriff\" data-tooltip=\"El conjunt d'actes de veneraci\u00f3 religiosa dirigits a una divinitat o figura sagrada.\" tabindex=\"0\">culte<\/span>). Els sacerdots cantaven himnes a Hipnos. Es feien rituals en altars nocturns per demanar la <span class=\"iwg-fachbegriff\" data-tooltip=\"Concessi\u00f3 de benedicci\u00f3 i protecci\u00f3, sovint en una f\u00f3rmula ling\u00fc\u00edstica fixa.\" tabindex=\"0\">benedicci\u00f3<\/span>.<\/p><h3>Encanteris i invocacions<\/h3><p>L&#8217;Himne \u00d2rfic 84 \u00e9s una f\u00f3rmula d&#8217;invocaci\u00f3: \u00abSon, dol\u00e7 pare, que tot ho domes&#8230;\u00bb. Papirs m\u00e0gics d&#8217;Egipte: f\u00f3rmules com \u00abHipnos, pare dels somnis, porta rep\u00f2s i curaci\u00f3\u00bb. Encanteris contra l&#8217;insomni.<\/p><h3>Amulets i s\u00edmbols protectors<\/h3><p><span class=\"iwg-fachbegriff\" data-tooltip=\"Objecte que es porta al cos i al qual s'atribueix un efecte protector i apotropaic.\" tabindex=\"0\">Amulet<\/span> de rosella (planta sagrada amb opiats). Esteles del son com a s\u00edmbols apotropaics. Anells romans: Hipnos amb ales i tija de rosella. Sacs d&#8217;herbes amb valeriana, lavanda i rosella.<\/p>\t\t\t\t\t\t\t\t<\/div>\n\t\t\t\t<\/div>\n\t\t\t\t\t<\/div>\n\t\t\t\t<\/div>\n\t\t<div class=\"elementor-element elementor-element-5a584676 e-flex e-con-boxed e-con e-parent\" data-id=\"5a584676\" data-element_type=\"container\" data-e-type=\"container\">\n\t\t\t\t\t<div class=\"e-con-inner\">\n\t\t\t\t<div class=\"elementor-element elementor-element-6d0757bf elementor-widget elementor-widget-heading\" data-id=\"6d0757bf\" data-element_type=\"widget\" data-e-type=\"widget\" data-widget_type=\"heading.default\">\n\t\t\t\t\t<h2 class=\"elementor-heading-title elementor-size-default\">Hipnos, paral\u00b7lels en altres cultures<\/h2>\t\t\t\t<\/div>\n\t\t<div class=\"elementor-element elementor-element-60563f68 e-con-full e-flex e-con e-child\" data-id=\"60563f68\" data-element_type=\"container\" data-e-type=\"container\">\n\t\t\t\t<div class=\"elementor-element elementor-element-5a93fdd6 elementor-widget elementor-widget-text-editor\" data-id=\"5a93fdd6\" data-element_type=\"widget\" data-e-type=\"widget\" data-widget_type=\"text-editor.default\">\n\t\t\t\t\t\t\t\t\t<p>Els d\u00e9us del son i les personificacions del rep\u00f2s es troben per tot arreu: Somnus (Roma), Bes (Egipte, tamb\u00e9 amb funci\u00f3 protectora), Morfeu (grec, m\u00e9s tard\u00e0). En les tradicions orientals no hi ha personificacions comparables; el son s&#8217;hi ent\u00e9n m\u00e9s com un estat que com una for\u00e7a.<\/p><p>Hipnos es diferencia de T\u00e0natos per la seva suavitat i reversibilitat: el son \u00e9s passatger, la mort \u00e9s definitiva. La seva proximitat a Nix i a la nit el fa fonamental per a l&#8217;ordre cosmic.<\/p>\t\t\t\t\t\t\t\t<\/div>\n\t\t\t\t<\/div>\n\t\t\t\t\t<\/div>\n\t\t\t\t<\/div>\n\t\t<div class=\"elementor-element elementor-element-cp8a45423 e-flex e-con-boxed e-con e-parent\" data-id=\"cp8a45423\" data-element_type=\"container\" data-e-type=\"container\">\n\t\t\t\t\t<div class=\"e-con-inner\">\n\t\t\t\t<div class=\"elementor-element elementor-element-cp0ed5902 elementor-widget elementor-widget-heading\" data-id=\"cp0ed5902\" data-element_type=\"widget\" data-e-type=\"widget\" data-widget_type=\"heading.default\">\n\t\t\t\t\t<h2 class=\"elementor-heading-title elementor-size-default\">Hipnos a la Il\u00edada: el son com a for\u00e7a activa<\/h2>\t\t\t\t<\/div>\n\t\t<div class=\"elementor-element elementor-element-cp248a489 e-con-full e-flex e-con e-child\" data-id=\"cp248a489\" data-element_type=\"container\" data-e-type=\"container\">\n\t\t\t\t<div class=\"elementor-element elementor-element-cpb781a00 elementor-widget elementor-widget-text-editor\" data-id=\"cpb781a00\" data-element_type=\"widget\" data-e-type=\"widget\" data-widget_type=\"text-editor.default\">\n\t\t\t\t\t\t\t\t\t<p>El tractament narratiu m\u00e9s extens d&#8217;Hipnos en la poesia grega primerenca es troba a la <em>Il\u00edada<\/em> (llibre 14), en el conegut episodi de l&#8217;\u00abengany de Zeus\u00bb. Hera vol influir en el desenlla\u00e7 de la batalla a favor dels grecs i, per fer-ho, necessita deixar Zeus fora de joc. Es dirigeix a Hipnos i li demana que adormeixi Zeus tan bon punt s&#8217;hagi unit amb ell.<\/p><p>Hipnos dubta. Recorda que ja una vegada, a petici\u00f3 d&#8217;Hera, va adormir Zeus, quan H\u00e8racles tornava de Troia. Zeus, en despertar-se, es va enfurir tant que Hipnos nom\u00e9s va escapar del c\u00e0stig fugint cap a la seva mare, Nix.<\/p><p>Nom\u00e9s quan Hera li promet una de les C\u00e0rites, Pas\u00edtea, com a esposa, Hipnos accepta. Acompanya Hera fins al mont Ida, es transforma en ocell i s&#8217;asseu a un arbre a esperar. Un cop Zeus queda ven\u00e7ut per l&#8217;amor i el son, Hipnos corre a avisar Posid\u00f3 de la situaci\u00f3 perqu\u00e8 aquest pugui intervenir en la batalla.<\/p><p>Aquest episodi \u00e9s revelador des del punt de vista de la hist\u00f2ria de les religions. Aqu\u00ed Hipnos no \u00e9s una simple personificaci\u00f3 d&#8217;un estat, sin\u00f3 una figura activa i parlant, amb la seva pr\u00f2pia hist\u00f2ria, les seves pors i les seves exig\u00e8ncies. Al mateix temps, el passatge mostra els l\u00edmits del seu poder: adormir Zeus \u00e9s perill\u00f3s i requereix circumst\u00e0ncies especials.<\/p><p>El vincle estret amb Nix, la nit, on Hipnos troba refugi, i el seu paper com a germ\u00e0 de la Mort ja apareixen suggerits en aquest relat. Qui vulgui seguir aquest fil pot consultar les entrades dedicades a <a href=\"https:\/\/iwell-guard.com\/ca\/?page_id=171504\">Nix<\/a> i a <a href=\"https:\/\/iwell-guard.com\/ca\/?page_id=171503\">T\u00e0natos<\/a>.<\/p>\t\t\t\t\t\t\t\t<\/div>\n\t\t\t\t<\/div>\n\t\t\t\t\t<\/div>\n\t\t\t\t<\/div>\n\t\t<div class=\"elementor-element elementor-element-cp8399730 e-flex e-con-boxed e-con e-parent\" data-id=\"cp8399730\" data-element_type=\"container\" data-e-type=\"container\">\n\t\t\t\t\t<div class=\"e-con-inner\">\n\t\t\t\t<div class=\"elementor-element elementor-element-cpe2e2b13 elementor-widget elementor-widget-heading\" data-id=\"cpe2e2b13\" data-element_type=\"widget\" data-e-type=\"widget\" data-widget_type=\"heading.default\">\n\t\t\t\t\t<h2 class=\"elementor-heading-title elementor-size-default\">Germ\u00e0 de la Mort: Hipnos i T\u00e0natos en el mite i la imatge<\/h2>\t\t\t\t<\/div>\n\t\t<div class=\"elementor-element elementor-element-cp59ad05c e-con-full e-flex e-con e-child\" data-id=\"cp59ad05c\" data-element_type=\"container\" data-e-type=\"container\">\n\t\t\t\t<div class=\"elementor-element elementor-element-cp30e4739 elementor-widget elementor-widget-text-editor\" data-id=\"cp30e4739\" data-element_type=\"widget\" data-e-type=\"widget\" data-widget_type=\"text-editor.default\">\n\t\t\t\t\t\t\t\t\t<p>Una idea fixa de la religi\u00f3 grega vincula estretament Hipnos amb T\u00e0natos, la mort. Hes\u00edode, a la <em>Teogonia<\/em>, anomena tots dos com a fills de Nix i els descriu com a germans que viuen junts. La son i la mort es consideraven poders emparentats, i la son era, en certa manera, la imatge m\u00e9s suau de la mort.<\/p><p>Un episodi conegut en el qual apareixen tots dos junts es troba tamb\u00e9 a la <em>Il\u00edada<\/em> (llibre 16). Despr\u00e9s de la mort de Sarped\u00f3, fill de Zeus, el pare dels d\u00e9us encarrega a Apol\u00b7lo que reculli el cos i el lliuri a Hipnos i T\u00e0natos.<\/p><p>Els dos germans porten l&#8217;heroi mort a la seva terra natal, L\u00edcia, perqu\u00e8 hi rebi un enterrament honorable. Aqu\u00ed la son i la mort apareixen com a poders suaus i sol\u00edcits, que acompanyen amb cura el caigut.<\/p><p>Aquest <span class=\"iwg-fachbegriff\" data-tooltip=\"Un element de contingut recurrent en l'art o la narrativa.\" tabindex=\"0\">motiu<\/span> t\u00e9 una rica <span class=\"iwg-fachbegriff\" data-tooltip=\"La transmissi\u00f3 de coneixements i relats al llarg de generacions.\" tabindex=\"0\">transmissi\u00f3<\/span> pict\u00f2rica. Especialment coneguda \u00e9s una vasa \u00e0tica, l&#8217;anomenada vasa d&#8217;Eufroni, on Hipnos i T\u00e0natos, com a figures masculines alades, s&#8217;emporten el cos de Sarped\u00f3 mentre Hermes supervisa l&#8217;escena. La representaci\u00f3 alada es va convertir m\u00e9s tard en un tret t\u00edpic.<\/p><p>En les arts pl\u00e0stiques de l&#8217;<span class=\"iwg-fachbegriff\" data-tooltip=\"\u00c8poca de la cultura grega i romana, aproximadament del 800 aC al 600 dC.\" tabindex=\"0\">Antiguitat<\/span>, i especialment en l&#8217;art sepulcral rom\u00e0, Hipnos era representat sovint com un jove bell i alat, sovint adormit o amb una branca de rosella i un motiu de torxa o banya invertida.<\/p><p>Aquest llenguatge visual, en el qual la son i la mort tot just es poden distingir, va marcar l&#8217;art funerari m\u00e9s enll\u00e0 de l&#8217;<span class=\"iwg-fachbegriff\" data-tooltip=\"\u00c8poca de la cultura grega i romana, aproximadament del 800 aC al 600 dC.\" tabindex=\"0\">Antiguitat<\/span> i va seguir influint fins a l&#8217;al\u00b7legoria moderna.<\/p>\t\t\t\t\t\t\t\t<\/div>\n\t\t\t\t<\/div>\n\t\t\t\t\t<\/div>\n\t\t\t\t<\/div>\n\t\t<div class=\"elementor-element elementor-element-cp90122df e-flex e-con-boxed e-con e-parent\" data-id=\"cp90122df\" data-element_type=\"container\" data-e-type=\"container\">\n\t\t\t\t\t<div class=\"e-con-inner\">\n\t\t\t\t<div class=\"elementor-element elementor-element-cpa71786f elementor-widget elementor-widget-heading\" data-id=\"cpa71786f\" data-element_type=\"widget\" data-e-type=\"widget\" data-widget_type=\"heading.default\">\n\t\t\t\t\t<h2 class=\"elementor-heading-title elementor-size-default\">La cova de la Son en Ovidi<\/h2>\t\t\t\t<\/div>\n\t\t<div class=\"elementor-element elementor-element-cp0b5372d e-con-full e-flex e-con e-child\" data-id=\"cp0b5372d\" data-element_type=\"container\" data-e-type=\"container\">\n\t\t\t\t<div class=\"elementor-element elementor-element-cp01251a2 elementor-widget elementor-widget-text-editor\" data-id=\"cp01251a2\" data-element_type=\"widget\" data-e-type=\"widget\" data-widget_type=\"text-editor.default\">\n\t\t\t\t\t\t\t\t\t<p>La descripci\u00f3 liter\u00e0ria m\u00e9s detallada de la resid\u00e8ncia d&#8217;Hipnos prov\u00e9 del poeta rom\u00e0 Ovidi, que a les <em>Metamorfosis<\/em> (llibre 11) descriu la cova del d\u00e9u de la son, amb el seu nom rom\u00e0, Somnus. Aquest passatge \u00e9s un dels textos m\u00e9s influents de la literatura antiga sobre la son.<\/p><p>Ovidi situa la cova en una regi\u00f3 llunyana i sense sol, on mai no regna ni el dia ple ni la nit plena, sin\u00f3 una penombra crepuscular. All\u00e0 no canta cap gall, no borda cap gos, cap ocell ni cap animal fa soroll; ni tan sols les branques es mouen, i no s&#8217;hi sent cap veu humana.<\/p><p>Del terra brolla el riu Lete, l&#8217;aigua de l&#8217;oblit, el murmuri de la qual convida a dormir. Davant l&#8217;entrada creixen roselles i herbes narc\u00f2tiques.<\/p><p>Dins la cova, el mateix Somnus jeu adormit en un llit negre fet de material tou. Al seu voltant hi s\u00f3n escampades les innombrables figures dels somnis. Ovidi en destaca tres en particular i els dona nom: Morfeu, que pot imitar amb engany figures humanes, i dos m\u00e9s, capa\u00e7os d&#8217;adoptar la forma d&#8217;animals i d&#8217;objectes inanimats.<\/p><p>Aquesta descripci\u00f3 va ser extraordin\u00e0riament influent per a la literatura europea posterior. Va marcar la imatge del regne de la son m\u00e9s enll\u00e0 de l&#8217;edat mitjana i el Renaixement.<\/p><p>Des del punt de vista de la ci\u00e8ncia de la religi\u00f3, aquest text \u00e9s menys un testimoni d&#8217;un <span class=\"iwg-fachbegriff\" data-tooltip=\"El conjunt d'actes de veneraci\u00f3 religiosa cap a una divinitat o figura sagrada.\" tabindex=\"0\">culte<\/span> viscut, ja que el <span class=\"iwg-fachbegriff\" data-tooltip=\"El conjunt d'actes de veneraci\u00f3 religiosa cap a una divinitat o figura sagrada.\" tabindex=\"0\">culte<\/span> a Hipnos era nom\u00e9s feble, i m\u00e9s b\u00e9 \u00e9s un testimoni de l&#8217;elaboraci\u00f3 liter\u00e0ria i al\u00b7leg\u00f2rica d&#8217;una personificaci\u00f3 que, a l&#8217;<span class=\"iwg-fachbegriff\" data-tooltip=\"\u00c8poca de la cultura grega i romana, aproximadament del 800 aC al 600 dC.\" tabindex=\"0\">Antiguitat<\/span>, vivia menys al <span class=\"iwg-fachbegriff\" data-tooltip=\"Un edifici destinat a la veneraci\u00f3 d'una o m\u00e9s divinitats.\" tabindex=\"0\">temple<\/span> que en la poesia.<\/p>\t\t\t\t\t\t\t\t<\/div>\n\t\t\t\t<\/div>\n\t\t\t\t\t<\/div>\n\t\t\t\t<\/div>\n\t\t<div class=\"elementor-element elementor-element-36dd7469 e-flex e-con-boxed e-con e-parent\" data-id=\"36dd7469\" data-element_type=\"container\" data-e-type=\"container\">\n\t\t\t\t\t<div class=\"e-con-inner\">\n\t\t\t\t<div class=\"elementor-element elementor-element-13760ab4 elementor-widget elementor-widget-heading\" data-id=\"13760ab4\" data-element_type=\"widget\" data-e-type=\"widget\" data-widget_type=\"heading.default\">\n\t\t\t\t\t<h2 class=\"elementor-heading-title elementor-size-default\">Enlla\u00e7os relacionats<\/h2>\t\t\t\t<\/div>\n\t\t<div class=\"elementor-element elementor-element-28c87796 e-con-full e-flex e-con e-child\" data-id=\"28c87796\" data-element_type=\"container\" data-e-type=\"container\">\n\t\t\t\t<div class=\"elementor-element elementor-element-5d6538df elementor-widget elementor-widget-text-editor\" data-id=\"5d6538df\" data-element_type=\"widget\" data-e-type=\"widget\" data-widget_type=\"text-editor.default\">\n\t\t\t\t\t\t\t\t\t<ul><li><a href=\"https:\/\/iwell-guard.com\/ca\/?page_id=171504\">Nix, mare d&#8217;Hipnos<\/a><\/li><li><a href=\"https:\/\/iwell-guard.com\/ca\/?page_id=171503\">T\u00e0natos, germ\u00e0 d&#8217;Hipnos<\/a><\/li><li><a href=\"https:\/\/iwell-guard.com\/ca\/?page_id=171473\">Caront, guardi\u00e0 fronterer similar<\/a><\/li><\/ul>\t\t\t\t\t\t\t\t<\/div>\n\t\t\t\t<\/div>\n\t\t\t\t\t<\/div>\n\t\t\t\t<\/div>\n\t\t<div class=\"elementor-element elementor-element-grl4kl40 e-flex e-con-boxed e-con e-parent\" data-id=\"grl4kl40\" data-element_type=\"container\" data-e-type=\"container\">\n\t\t\t\t\t<div class=\"e-con-inner\">\n\t\t\t\t<div class=\"elementor-element elementor-element-bzsbfrmh elementor-widget elementor-widget-heading\" data-id=\"bzsbfrmh\" data-element_type=\"widget\" data-e-type=\"widget\" data-widget_type=\"heading.default\">\n\t\t\t\t\t<h2 class=\"elementor-heading-title elementor-size-default\">Bibliografia de recerca<\/h2>\t\t\t\t<\/div>\n\t\t<div class=\"elementor-element elementor-element-2c13224a e-con-full e-flex e-con e-child\" data-id=\"2c13224a\" data-element_type=\"container\" data-e-type=\"container\">\n\t\t\t\t<div class=\"elementor-element elementor-element-0eymh9ub elementor-widget elementor-widget-text-editor\" data-id=\"0eymh9ub\" data-element_type=\"widget\" data-e-type=\"widget\" data-widget_type=\"text-editor.default\">\n\t\t\t\t\t\t\t\t\t<footer class=\"iwg-literatur\" data-nosnippet=\"true\"><ul><li><span data-nosnippet>Burkert, Walter: Griechische Religion. 1977<\/span><\/li><li><span data-nosnippet>Nilsson, Martin P.: Geschichte der griechischen Religion. 1955<\/span><\/li><li>Bremmer, Jan N.: Greek Religion. 2008<\/li><li>Rohde, Erwin: Psyche. 1925<\/li><li>Pauly, Wilhelm: Der kleine Pauly. 1979<\/li><\/ul><\/footer>\t\t\t\t\t\t\t\t<\/div>\n\t\t\t\t<\/div>\n\t\t\t\t\t<\/div>\n\t\t\t\t<\/div>\n\t\t\t\t<\/div>\n\t\t","protected":false},"excerpt":{"rendered":"","protected":false},"author":3,"featured_media":1586,"parent":0,"menu_order":0,"comment_status":"closed","ping_status":"closed","template":"elementor_header_footer","meta":{"_yoast_wpseo_focuskw":"Hipnos","_yoast_wpseo_title":"Hipnos - d\u00e9u dol\u00e7 de la son, germ\u00e0 de T\u00e0natos","_yoast_wpseo_metadesc":"D\u00e9u dol\u00e7 de la son, fill de Nix, germ\u00e0 de T\u00e0natos. Rosella, rep\u00f2s i curaci\u00f3 en la mitologia grega.","_yoast_wpseo_meta-robots-noindex":"","_yoast_wpseo_canonical":"","_angie_page":false,"gefaehrdungsstufe":"1","wesen_kultur":"griechenland","wesen_klasse":"goetter","footnotes":""},"categories":[],"class_list":["post-171540","page","type-page","status-publish","has-post-thumbnail","hentry"],"yoast_head":"<!-- This site is optimized with the Yoast SEO Premium plugin v27.7 (Yoast SEO v28.3) - https:\/\/yoast.com\/product\/yoast-seo-premium-wordpress\/ -->\n<title>Hipnos - d\u00e9u dol\u00e7 de la son, germ\u00e0 de T\u00e0natos<\/title>\n<meta name=\"description\" content=\"D\u00e9u dol\u00e7 de la son, fill de Nix, germ\u00e0 de T\u00e0natos. Rosella, rep\u00f2s i curaci\u00f3 en la mitologia grega.\" \/>\n<meta name=\"robots\" content=\"index, follow, max-snippet:-1, max-image-preview:large, max-video-preview:-1\" \/>\n<link rel=\"canonical\" href=\"https:\/\/iwell-guard.com\/ca\/hipnos\/\" \/>\n<meta property=\"og:locale\" content=\"ca_ES\" \/>\n<meta property=\"og:type\" content=\"article\" \/>\n<meta property=\"og:title\" content=\"Hipnos\" \/>\n<meta property=\"og:description\" content=\"D\u00e9u dol\u00e7 de la son, fill de Nix, germ\u00e0 de T\u00e0natos. Rosella, rep\u00f2s i curaci\u00f3 en la mitologia grega.\" \/>\n<meta property=\"og:url\" content=\"https:\/\/iwell-guard.com\/ca\/hipnos\/\" \/>\n<meta property=\"og:site_name\" content=\"iWell Guard\" \/>\n<meta property=\"article:modified_time\" content=\"2026-09-05T16:00:33+00:00\" \/>\n<meta property=\"og:image\" content=\"https:\/\/iwell-guard.com\/wp-content\/uploads\/2026\/04\/goetter_griechenland_hypnos.webp\" \/>\n\t<meta property=\"og:image:width\" content=\"1024\" \/>\n\t<meta property=\"og:image:height\" content=\"1536\" \/>\n\t<meta property=\"og:image:type\" content=\"image\/webp\" \/>\n<meta name=\"twitter:card\" content=\"summary_large_image\" \/>\n<script type=\"application\/ld+json\" class=\"yoast-schema-graph\">{\"@context\":\"https:\\\/\\\/schema.org\",\"@graph\":[{\"@type\":\"WebPage\",\"@id\":\"https:\\\/\\\/iwell-guard.com\\\/ca\\\/hipnos\\\/\",\"url\":\"https:\\\/\\\/iwell-guard.com\\\/ca\\\/hipnos\\\/\",\"name\":\"Hipnos - d\u00e9u dol\u00e7 de la son, germ\u00e0 de T\u00e0natos\",\"isPartOf\":{\"@id\":\"https:\\\/\\\/iwell-guard.com\\\/ca\\\/#website\"},\"primaryImageOfPage\":{\"@id\":\"https:\\\/\\\/iwell-guard.com\\\/ca\\\/hipnos\\\/#primaryimage\"},\"image\":{\"@id\":\"https:\\\/\\\/iwell-guard.com\\\/ca\\\/hipnos\\\/#primaryimage\"},\"thumbnailUrl\":\"https:\\\/\\\/iwell-guard.com\\\/wp-content\\\/uploads\\\/2026\\\/04\\\/goetter_griechenland_hypnos.webp\",\"datePublished\":\"2026-09-05T15:40:15+00:00\",\"dateModified\":\"2026-09-05T16:00:33+00:00\",\"description\":\"D\u00e9u dol\u00e7 de la son, fill de Nix, germ\u00e0 de T\u00e0natos. Rosella, rep\u00f2s i curaci\u00f3 en la mitologia grega.\",\"breadcrumb\":{\"@id\":\"https:\\\/\\\/iwell-guard.com\\\/ca\\\/hipnos\\\/#breadcrumb\"},\"inLanguage\":\"ca\",\"potentialAction\":[{\"@type\":\"ReadAction\",\"target\":[\"https:\\\/\\\/iwell-guard.com\\\/ca\\\/hipnos\\\/\"]}]},{\"@type\":\"ImageObject\",\"inLanguage\":\"ca\",\"@id\":\"https:\\\/\\\/iwell-guard.com\\\/ca\\\/hipnos\\\/#primaryimage\",\"url\":\"https:\\\/\\\/iwell-guard.com\\\/wp-content\\\/uploads\\\/2026\\\/04\\\/goetter_griechenland_hypnos.webp\",\"contentUrl\":\"https:\\\/\\\/iwell-guard.com\\\/wp-content\\\/uploads\\\/2026\\\/04\\\/goetter_griechenland_hypnos.webp\",\"width\":1024,\"height\":1536,\"caption\":\"D\u00e9us de la tradici\u00f3 grega.\"},{\"@type\":\"BreadcrumbList\",\"@id\":\"https:\\\/\\\/iwell-guard.com\\\/ca\\\/hipnos\\\/#breadcrumb\",\"itemListElement\":[{\"@type\":\"ListItem\",\"position\":1,\"name\":\"Start\",\"item\":\"https:\\\/\\\/iwell-guard.com\\\/ca\\\/?page_id=171333\"},{\"@type\":\"ListItem\",\"position\":2,\"name\":\"Hipnos\"}]},{\"@type\":\"WebSite\",\"@id\":\"https:\\\/\\\/iwell-guard.com\\\/ca\\\/#website\",\"url\":\"https:\\\/\\\/iwell-guard.com\\\/ca\\\/\",\"name\":\"iWell Guard\",\"description\":\"Schutz vor dunklen Einfl\u00fcssen\",\"publisher\":{\"@id\":\"https:\\\/\\\/iwell-guard.com\\\/ca\\\/#organization\"},\"potentialAction\":[{\"@type\":\"SearchAction\",\"target\":{\"@type\":\"EntryPoint\",\"urlTemplate\":\"https:\\\/\\\/iwell-guard.com\\\/ca\\\/?s={search_term_string}\"},\"query-input\":{\"@type\":\"PropertyValueSpecification\",\"valueRequired\":true,\"valueName\":\"search_term_string\"}}],\"inLanguage\":\"ca\"},{\"@type\":\"Organization\",\"@id\":\"https:\\\/\\\/iwell-guard.com\\\/ca\\\/#organization\",\"name\":\"Ittermann electronic GmbH\",\"url\":\"https:\\\/\\\/iwell-guard.com\\\/ca\\\/\",\"logo\":{\"@type\":\"ImageObject\",\"inLanguage\":\"ca\",\"@id\":\"https:\\\/\\\/iwell-guard.com\\\/ca\\\/#\\\/schema\\\/logo\\\/image\\\/\",\"url\":\"https:\\\/\\\/iwell-guard.com\\\/wp-content\\\/uploads\\\/2026\\\/05\\\/Ittermann-Logo-1182x237-1.png\",\"contentUrl\":\"https:\\\/\\\/iwell-guard.com\\\/wp-content\\\/uploads\\\/2026\\\/05\\\/Ittermann-Logo-1182x237-1.png\",\"width\":1182,\"height\":237,\"caption\":\"Ittermann electronic GmbH\"},\"image\":{\"@id\":\"https:\\\/\\\/iwell-guard.com\\\/ca\\\/#\\\/schema\\\/logo\\\/image\\\/\"},\"sameAs\":[\"https:\\\/\\\/pantip.com\\\/profile\\\/9367242\",\"https:\\\/\\\/micro.blog\\\/iwellguard\",\"https:\\\/\\\/www.diggerslist.com\\\/iwellguard\\\/about\",\"https:\\\/\\\/skitterphoto.com\\\/photographers\\\/2870314\\\/iwell-guard\",\"https:\\\/\\\/iwellguard.wordpress.com\\\/2026\\\/06\\\/06\\\/iwell-guard\\\/\",\"https:\\\/\\\/hub.docker.com\\\/u\\\/iwellguard\",\"https:\\\/\\\/www.pinterest.com\\\/iwellguard\\\/\",\"https:\\\/\\\/bit.ly\\\/m\\\/iwellguard\",\"https:\\\/\\\/entre-vos-mains.alsace.eu\\\/profiles\\\/iwellguard\\\/activity\",\"https:\\\/\\\/gravatar.com\\\/reallybeded8fd34\",\"https:\\\/\\\/naijamatta.com\\\/iwellguard\",\"https:\\\/\\\/www.goodreads.com\\\/iwellguard\",\"https:\\\/\\\/profile.hatena.ne.jp\\\/iwellguard\\\/\",\"https:\\\/\\\/experiment.com\\\/users\\\/iwellguard\",\"https:\\\/\\\/wakelet.com\\\/@iWellGuard82270\",\"https:\\\/\\\/www.chordie.com\\\/forum\\\/profile.php?id=2555664\",\"https:\\\/\\\/www.instapaper.com\\\/p\\\/17757966\",\"https:\\\/\\\/www.mapleprimes.com\\\/users\\\/iwellguard\",\"https:\\\/\\\/businesslistingplus.com\\\/profile\\\/iwell-guard\\\/\",\"https:\\\/\\\/telegra.ph\\\/iWell-Guard-06-06\",\"https:\\\/\\\/pbase.com\\\/iwellguard\\\/iwellguard\",\"https:\\\/\\\/b.hatena.ne.jp\\\/iwellguard\\\/20260607#bookmark-4788405196491818882\",\"https:\\\/\\\/fliphtml5.com\\\/home\\\/iwellguard\",\"https:\\\/\\\/anyflip.com\\\/homepage\\\/cmiwl#About\",\"https:\\\/\\\/transfur.com\\\/Users\\\/iwellguard\",\"http:\\\/\\\/delphi.larsbo.org\\\/user\\\/iwellguard\",\"https:\\\/\\\/jobs.lajobsportal.org\\\/profiles\\\/8380803-iwell-guard\",\"https:\\\/\\\/md.chaosdorf.de\\\/s\\\/jfbe5SBdJD\",\"https:\\\/\\\/www.lingvolive.com\\\/en-us\\\/profile\\\/9ecaeaca-ce11-4e51-9e71-01d55e2bff36\\\/translations\",\"https:\\\/\\\/www.fitday.com\\\/fitness\\\/forums\\\/members\\\/iwellguard.html\",\"https:\\\/\\\/www.mymeetbook.com\\\/iwellguard\",\"https:\\\/\\\/pxhere.com\\\/en\\\/photographer-me\\\/5040798\",\"https:\\\/\\\/disqus.com\\\/by\\\/iwellguard\\\/about\\\/\",\"https:\\\/\\\/pastelink.net\\\/hjwciqwq\",\"https:\\\/\\\/pubhtml5.com\\\/homepage\\\/scjhn\\\/\",\"https:\\\/\\\/www.bitchute.com\\\/channel\\\/2O2eOKzNqujT\",\"https:\\\/\\\/audiomack.com\\\/iwellguard\"]},{\"@type\":\"Article\",\"@id\":\"https:\\\/\\\/iwell-guard.com\\\/ca\\\/hipnos\\\/#article\",\"isPartOf\":{\"@id\":\"https:\\\/\\\/iwell-guard.com\\\/ca\\\/hipnos\\\/\"},\"author\":{\"name\":\"Ralf Ittermann\",\"@id\":\"https:\\\/\\\/iwell-guard.com\\\/ca\\\/#\\\/schema\\\/person\\\/ee2a27f1cac3406c7c6fb5820cb7349f\"},\"headline\":\"Hipnos\",\"datePublished\":\"2026-09-05T15:40:15+00:00\",\"dateModified\":\"2026-09-05T16:00:33+00:00\",\"mainEntityOfPage\":{\"@id\":\"https:\\\/\\\/iwell-guard.com\\\/ca\\\/hipnos\\\/\"},\"publisher\":{\"@id\":\"https:\\\/\\\/iwell-guard.com\\\/ca\\\/#organization\"},\"image\":{\"@id\":\"https:\\\/\\\/iwell-guard.com\\\/ca\\\/hipnos\\\/#primaryimage\"},\"thumbnailUrl\":\"https:\\\/\\\/iwell-guard.com\\\/wp-content\\\/uploads\\\/2026\\\/04\\\/goetter_griechenland_hypnos.webp\",\"inLanguage\":\"ca\",\"description\":\"D\u00e9u dol\u00e7 de la son, fill de Nix, germ\u00e0 de T\u00e0natos. Rosella, rep\u00f2s i curaci\u00f3 en la mitologia grega.\"}]}<\/script>\n<!-- \/ Yoast SEO Premium plugin. -->","yoast_head_json":{"title":"Hipnos - d\u00e9u dol\u00e7 de la son, germ\u00e0 de T\u00e0natos","description":"D\u00e9u dol\u00e7 de la son, fill de Nix, germ\u00e0 de T\u00e0natos. Rosella, rep\u00f2s i curaci\u00f3 en la mitologia grega.","robots":{"index":"index","follow":"follow","max-snippet":"max-snippet:-1","max-image-preview":"max-image-preview:large","max-video-preview":"max-video-preview:-1"},"canonical":"https:\/\/iwell-guard.com\/ca\/hipnos\/","og_locale":"ca_ES","og_type":"article","og_title":"Hipnos","og_description":"D\u00e9u dol\u00e7 de la son, fill de Nix, germ\u00e0 de T\u00e0natos. Rosella, rep\u00f2s i curaci\u00f3 en la mitologia grega.","og_url":"https:\/\/iwell-guard.com\/ca\/hipnos\/","og_site_name":"iWell Guard","article_modified_time":"2026-09-05T16:00:33+00:00","og_image":[{"width":1024,"height":1536,"url":"https:\/\/iwell-guard.com\/wp-content\/uploads\/2026\/04\/goetter_griechenland_hypnos.webp","type":"image\/webp"}],"twitter_card":"summary_large_image","schema":{"@context":"https:\/\/schema.org","@graph":[{"@type":"Article","@id":"https:\/\/iwell-guard.com\/ca\/hipnos\/#article","isPartOf":{"@id":"https:\/\/iwell-guard.com\/ca\/hipnos\/"},"author":{"name":"Ralf Ittermann","@id":"https:\/\/iwell-guard.com\/ca\/#\/schema\/person\/ee2a27f1cac3406c7c6fb5820cb7349f"},"headline":"Hipnos","datePublished":"2026-09-05T15:40:15+00:00","dateModified":"2026-09-05T16:00:33+00:00","mainEntityOfPage":{"@id":"https:\/\/iwell-guard.com\/ca\/hipnos\/"},"publisher":{"@id":"https:\/\/iwell-guard.com\/ca\/#organization"},"image":{"@id":"https:\/\/iwell-guard.com\/ca\/hipnos\/#primaryimage"},"thumbnailUrl":"https:\/\/iwell-guard.com\/wp-content\/uploads\/2026\/04\/goetter_griechenland_hypnos.webp","inLanguage":"ca","description":"D\u00e9u dol\u00e7 de la son, fill de Nix, germ\u00e0 de T\u00e0natos. Rosella, rep\u00f2s i curaci\u00f3 en la mitologia grega."},{"@type":"WebPage","@id":"https:\/\/iwell-guard.com\/ca\/hipnos\/","url":"https:\/\/iwell-guard.com\/ca\/hipnos\/","name":"Hipnos - d\u00e9u dol\u00e7 de la son, germ\u00e0 de T\u00e0natos","isPartOf":{"@id":"https:\/\/iwell-guard.com\/ca\/#website"},"primaryImageOfPage":{"@id":"https:\/\/iwell-guard.com\/ca\/hipnos\/#primaryimage"},"image":{"@id":"https:\/\/iwell-guard.com\/ca\/hipnos\/#primaryimage"},"thumbnailUrl":"https:\/\/iwell-guard.com\/wp-content\/uploads\/2026\/04\/goetter_griechenland_hypnos.webp","datePublished":"2026-09-05T15:40:15+00:00","dateModified":"2026-09-05T16:00:33+00:00","description":"D\u00e9u dol\u00e7 de la son, fill de Nix, germ\u00e0 de T\u00e0natos. Rosella, rep\u00f2s i curaci\u00f3 en la mitologia grega.","breadcrumb":{"@id":"https:\/\/iwell-guard.com\/ca\/hipnos\/#breadcrumb"},"inLanguage":"ca","potentialAction":[{"@type":"ReadAction","target":["https:\/\/iwell-guard.com\/ca\/hipnos\/"]}]},{"@type":"ImageObject","inLanguage":"ca","@id":"https:\/\/iwell-guard.com\/ca\/hipnos\/#primaryimage","url":"https:\/\/iwell-guard.com\/wp-content\/uploads\/2026\/04\/goetter_griechenland_hypnos.webp","contentUrl":"https:\/\/iwell-guard.com\/wp-content\/uploads\/2026\/04\/goetter_griechenland_hypnos.webp","width":1024,"height":1536,"caption":"D\u00e9us de la tradici\u00f3 grega."},{"@type":"BreadcrumbList","@id":"https:\/\/iwell-guard.com\/ca\/hipnos\/#breadcrumb","itemListElement":[{"@type":"ListItem","position":1,"name":"Start","item":"https:\/\/iwell-guard.com\/ca\/?page_id=171333"},{"@type":"ListItem","position":2,"name":"Hipnos"}]},{"@type":"WebSite","@id":"https:\/\/iwell-guard.com\/ca\/#website","url":"https:\/\/iwell-guard.com\/ca\/","name":"iWell Guard","description":"Schutz vor dunklen Einfl\u00fcssen","publisher":{"@id":"https:\/\/iwell-guard.com\/ca\/#organization"},"potentialAction":[{"@type":"SearchAction","target":{"@type":"EntryPoint","urlTemplate":"https:\/\/iwell-guard.com\/ca\/?s={search_term_string}"},"query-input":{"@type":"PropertyValueSpecification","valueRequired":true,"valueName":"search_term_string"}}],"inLanguage":"ca"},{"@type":"Organization","@id":"https:\/\/iwell-guard.com\/ca\/#organization","name":"Ittermann electronic GmbH","url":"https:\/\/iwell-guard.com\/ca\/","logo":{"@type":"ImageObject","inLanguage":"ca","@id":"https:\/\/iwell-guard.com\/ca\/#\/schema\/logo\/image\/","url":"https:\/\/iwell-guard.com\/wp-content\/uploads\/2026\/05\/Ittermann-Logo-1182x237-1.png","contentUrl":"https:\/\/iwell-guard.com\/wp-content\/uploads\/2026\/05\/Ittermann-Logo-1182x237-1.png","width":1182,"height":237,"caption":"Ittermann electronic GmbH"},"image":{"@id":"https:\/\/iwell-guard.com\/ca\/#\/schema\/logo\/image\/"},"sameAs":["https:\/\/pantip.com\/profile\/9367242","https:\/\/micro.blog\/iwellguard","https:\/\/www.diggerslist.com\/iwellguard\/about","https:\/\/skitterphoto.com\/photographers\/2870314\/iwell-guard","https:\/\/iwellguard.wordpress.com\/2026\/06\/06\/iwell-guard\/","https:\/\/hub.docker.com\/u\/iwellguard","https:\/\/www.pinterest.com\/iwellguard\/","https:\/\/bit.ly\/m\/iwellguard","https:\/\/entre-vos-mains.alsace.eu\/profiles\/iwellguard\/activity","https:\/\/gravatar.com\/reallybeded8fd34","https:\/\/naijamatta.com\/iwellguard","https:\/\/www.goodreads.com\/iwellguard","https:\/\/profile.hatena.ne.jp\/iwellguard\/","https:\/\/experiment.com\/users\/iwellguard","https:\/\/wakelet.com\/@iWellGuard82270","https:\/\/www.chordie.com\/forum\/profile.php?id=2555664","https:\/\/www.instapaper.com\/p\/17757966","https:\/\/www.mapleprimes.com\/users\/iwellguard","https:\/\/businesslistingplus.com\/profile\/iwell-guard\/","https:\/\/telegra.ph\/iWell-Guard-06-06","https:\/\/pbase.com\/iwellguard\/iwellguard","https:\/\/b.hatena.ne.jp\/iwellguard\/20260607#bookmark-4788405196491818882","https:\/\/fliphtml5.com\/home\/iwellguard","https:\/\/anyflip.com\/homepage\/cmiwl#About","https:\/\/transfur.com\/Users\/iwellguard","http:\/\/delphi.larsbo.org\/user\/iwellguard","https:\/\/jobs.lajobsportal.org\/profiles\/8380803-iwell-guard","https:\/\/md.chaosdorf.de\/s\/jfbe5SBdJD","https:\/\/www.lingvolive.com\/en-us\/profile\/9ecaeaca-ce11-4e51-9e71-01d55e2bff36\/translations","https:\/\/www.fitday.com\/fitness\/forums\/members\/iwellguard.html","https:\/\/www.mymeetbook.com\/iwellguard","https:\/\/pxhere.com\/en\/photographer-me\/5040798","https:\/\/disqus.com\/by\/iwellguard\/about\/","https:\/\/pastelink.net\/hjwciqwq","https:\/\/pubhtml5.com\/homepage\/scjhn\/","https:\/\/www.bitchute.com\/channel\/2O2eOKzNqujT","https:\/\/audiomack.com\/iwellguard"]},{"@type":"Person","@id":"https:\/\/iwell-guard.com\/ca\/#\/schema\/person\/ee2a27f1cac3406c7c6fb5820cb7349f","name":"Ralf Ittermann","image":{"@type":"ImageObject","inLanguage":"ca","@id":"https:\/\/secure.gravatar.com\/avatar\/073c0153e350a5005b68eb752b445fea71f6b24a26da9449ad7e155e6b446c9d?s=96&d=mm&r=g","url":"https:\/\/secure.gravatar.com\/avatar\/073c0153e350a5005b68eb752b445fea71f6b24a26da9449ad7e155e6b446c9d?s=96&d=mm&r=g","contentUrl":"https:\/\/secure.gravatar.com\/avatar\/073c0153e350a5005b68eb752b445fea71f6b24a26da9449ad7e155e6b446c9d?s=96&d=mm&r=g","caption":"Ralf Ittermann"},"givenName":"Ralf","familyName":"Ittermann","jobTitle":"Gesch\u00e4ftsf\u00fchrer und redaktioneller Verantwortlicher","url":"https:\/\/iwell-guard.com\/ca\/author\/claude\/","description":"Ralf Ittermann ist Gesch\u00e4ftsf\u00fchrer der Ittermann electronic GmbH und redaktioneller Verantwortlicher des iWell-Guard-Lexikons. Er verbindet langj\u00e4hrige Erfahrung in der Pr\u00e4zisionsfertigung mit medialer Praxis und religionsgeschichtlicher Quellenarbeit.","worksFor":{"@type":"Organization","name":"Ittermann electronic GmbH","url":"https:\/\/ittermann.de\/","address":{"@type":"PostalAddress","streetAddress":"K\u00f6hlergasse 16-18","postalCode":"99842","addressLocality":"Ruhla","addressCountry":"DE"}},"knowsAbout":["Religionsgeschichte","Mythologie","Mediale Praxis","Energetische Diagnostik","Schutzpraxis","Volksglauben","Westliche Esoterik"]},{"@type":"Article","@id":"https:\/\/iwell-guard.com\/ca\/hipnos\/#article","isPartOf":{"@id":"https:\/\/iwell-guard.com\/ca\/hipnos\/"},"author":{"name":"Ralf Ittermann","@id":"https:\/\/iwell-guard.com\/ca\/#\/schema\/person\/ee2a27f1cac3406c7c6fb5820cb7349f"},"headline":"Hipnos","datePublished":"2026-09-05T15:40:15+00:00","dateModified":"2026-09-05T16:00:33+00:00","mainEntityOfPage":{"@id":"https:\/\/iwell-guard.com\/ca\/hipnos\/"},"publisher":{"@id":"https:\/\/iwell-guard.com\/ca\/#organization"},"image":{"@id":"https:\/\/iwell-guard.com\/ca\/hipnos\/#primaryimage"},"thumbnailUrl":"https:\/\/iwell-guard.com\/wp-content\/uploads\/2026\/04\/goetter_griechenland_hypnos.webp","inLanguage":"ca","description":"D\u00e9u dol\u00e7 de la son, fill de Nix, germ\u00e0 de T\u00e0natos. Rosella, rep\u00f2s i curaci\u00f3 en la mitologia grega."}]}},"_links":{"self":[{"href":"https:\/\/iwell-guard.com\/ca\/wp-json\/wp\/v2\/pages\/171540","targetHints":{"allow":["GET"]}}],"collection":[{"href":"https:\/\/iwell-guard.com\/ca\/wp-json\/wp\/v2\/pages"}],"about":[{"href":"https:\/\/iwell-guard.com\/ca\/wp-json\/wp\/v2\/types\/page"}],"author":[{"embeddable":true,"href":"https:\/\/iwell-guard.com\/ca\/wp-json\/wp\/v2\/users\/3"}],"replies":[{"embeddable":true,"href":"https:\/\/iwell-guard.com\/ca\/wp-json\/wp\/v2\/comments?post=171540"}],"version-history":[{"count":0,"href":"https:\/\/iwell-guard.com\/ca\/wp-json\/wp\/v2\/pages\/171540\/revisions"}],"wp:featuredmedia":[{"embeddable":true,"href":"https:\/\/iwell-guard.com\/ca\/wp-json\/wp\/v2\/media\/1586"}],"wp:attachment":[{"href":"https:\/\/iwell-guard.com\/ca\/wp-json\/wp\/v2\/media?parent=171540"}],"wp:term":[{"taxonomy":"category","embeddable":true,"href":"https:\/\/iwell-guard.com\/ca\/wp-json\/wp\/v2\/categories?post=171540"}],"curies":[{"name":"wp","href":"https:\/\/api.w.org\/{rel}","templated":true}]}}