{"id":171539,"date":"2026-09-05T15:40:15","date_gmt":"2026-09-05T15:40:15","guid":{"rendered":"https:\/\/iwell-guard.com\/?page_id=171539"},"modified":"2026-09-05T16:00:32","modified_gmt":"2026-09-05T16:00:32","slug":"demeter","status":"publish","type":"page","link":"https:\/\/iwell-guard.com\/ca\/demeter\/","title":{"rendered":"Dem\u00e8ter"},"content":{"rendered":"\t\t<div data-elementor-type=\"wp-page\" data-elementor-id=\"171539\" class=\"elementor elementor-171539 elementor-2037 elementor-bc-flex-widget\" data-elementor-post-type=\"page\">\n\t\t\t\t<div class=\"elementor-element elementor-element-10fdade e-flex e-con-boxed e-con e-parent\" data-id=\"10fdade\" data-element_type=\"container\" data-e-type=\"container\" data-settings=\"{&quot;background_background&quot;:&quot;classic&quot;}\">\n\t\t\t\t\t<div class=\"e-con-inner\">\n\t\t<div class=\"elementor-element elementor-element-herohlft0 e-flex e-con-boxed e-con e-child\" data-id=\"herohlft0\" data-element_type=\"container\" data-e-type=\"container\">\n\t\t\t\t\t<div class=\"e-con-inner\">\n\t\t<div class=\"elementor-element elementor-element-c3ceb64 e-con-full e-flex e-con e-child\" data-id=\"c3ceb64\" data-element_type=\"container\" data-e-type=\"container\">\n\t\t\t\t<div class=\"elementor-element elementor-element-96ae5e1 elementor-widget elementor-widget-heading\" data-id=\"96ae5e1\" data-element_type=\"widget\" data-e-type=\"widget\" data-widget_type=\"heading.default\">\n\t\t\t\t\t<h1 class=\"elementor-heading-title elementor-size-default\">Dem\u00e8ter, deessa de la tradici\u00f3 grega<\/h1>\t\t\t\t<\/div>\n\t\t\t\t<div class=\"elementor-element elementor-element-e45238a elementor-widget elementor-widget-text-editor\" data-id=\"e45238a\" data-element_type=\"widget\" data-e-type=\"widget\" data-widget_type=\"text-editor.default\">\n\t\t\t\t\t\t\t\t\t<p>Dem\u00e8ter \u00e9s deessa de la tradici\u00f3 grega.<\/p><p><strong>Deessa del blat, la fertilitat i la civilitzaci\u00f3.<\/strong> Dem\u00e8ter \u00e9s la mare de Pers\u00e8fone i el centre dels misteris eleusinis, els ritus m\u00e9s sagrats del m\u00f3n antic. Representa el blat que alimenta la humanitat i el cicle de sembra, creixement i collita. El seu dol per Pers\u00e8fone explica l&#8217;hivern; la seva alegria, la primavera.<\/p>\t\t\t\t\t\t\t\t<\/div>\n\t\t\t\t<\/div>\n\t\t<div class=\"elementor-element elementor-element-klsbdg01 e-con-full e-flex e-con e-parent\" data-id=\"klsbdg01\" data-element_type=\"container\" data-e-type=\"container\">\n\t\t\t\t<div class=\"elementor-element elementor-element-klshtm01 elementor-widget elementor-widget-html\" data-id=\"klshtm01\" data-element_type=\"widget\" data-e-type=\"widget\" data-widget_type=\"html.default\">\n\t\t\t\t\t<div class=\"iwg-pill-row\"><span class=\"iwg-klasse-badge\" tabindex=\"0\" data-tooltip=\"D\u00e9u \/ Deessa: Poder suprem personificat en el pante\u00f3 d'una cultura, amb funcions clares: forces naturals, dest\u00ed, guerra, fertilitat. Venerat mitjan\u00e7ant cultes, ofrenes i institucions de temple.\">Deessa<\/span><a href=\"https:\/\/iwell-guard.com\/ca\/grecia\/\" class=\"iwg-kultur-badge\" tabindex=\"0\" data-tooltip=\"Religi\u00f3 i mitologia de la Gr\u00e8cia antiga, des de l'\u00e8poca mic\u00e8nica fins a l'antiguitat tardana.\">Gr\u00e8cia<\/a><\/div>\t\t\t\t<\/div>\n\t\t\t\t<\/div>\n\t\t<div class=\"elementor-element elementor-element-3f74855 e-con-full e-flex e-con e-child\" data-id=\"3f74855\" data-element_type=\"container\" data-e-type=\"container\">\n\t\t\t\t<div class=\"elementor-element elementor-element-1c30362 elementor-toc--minimized-on-tablet elementor-widget elementor-widget-table-of-contents\" data-id=\"1c30362\" data-element_type=\"widget\" data-e-type=\"widget\" data-settings=\"{&quot;exclude_headings_by_selector&quot;:[],&quot;no_headings_message&quot;:&quot;No s&#039;ha trobat cap encap\\u00e7alament en aquesta p\\u00e0gina.&quot;,&quot;headings_by_tags&quot;:[&quot;h2&quot;,&quot;h3&quot;],&quot;marker_view&quot;:&quot;bullets&quot;,&quot;minimize_box&quot;:&quot;yes&quot;,&quot;icon&quot;:{&quot;value&quot;:&quot;fas fa-circle&quot;,&quot;library&quot;:&quot;fa-solid&quot;,&quot;rendered_tag&quot;:&quot;&lt;svg class=\\&quot;e-font-icon-svg e-fas-circle\\&quot; viewBox=\\&quot;0 0 512 512\\&quot; xmlns=\\&quot;http:\\\/\\\/www.w3.org\\\/2000\\\/svg\\&quot;&gt;&lt;path d=\\&quot;M256 8C119 8 8 119 8 256s111 248 248 248 248-111 248-248S393 8 256 8z\\&quot;&gt;&lt;\\\/path&gt;&lt;\\\/svg&gt;&quot;},&quot;minimized_on&quot;:&quot;tablet&quot;,&quot;hierarchical_view&quot;:&quot;yes&quot;,&quot;min_height&quot;:{&quot;unit&quot;:&quot;px&quot;,&quot;size&quot;:&quot;&quot;,&quot;sizes&quot;:[]},&quot;min_height_tablet&quot;:{&quot;unit&quot;:&quot;px&quot;,&quot;size&quot;:&quot;&quot;,&quot;sizes&quot;:[]},&quot;min_height_mobile&quot;:{&quot;unit&quot;:&quot;px&quot;,&quot;size&quot;:&quot;&quot;,&quot;sizes&quot;:[]}}\" data-widget_type=\"table-of-contents.default\">\n\t\t\t\t\t\t\t\t\t<div class=\"elementor-toc__header\">\n\t\t\t\t\t\t<h2 class=\"elementor-toc__header-title\">\n\t\t\t\t\u00cdndex\t\t\t<\/h2>\n\t\t\t\t\t\t\t\t\t\t<div class=\"elementor-toc__toggle-button elementor-toc__toggle-button--expand\" role=\"button\" tabindex=\"0\" aria-controls=\"elementor-toc__1c30362\" aria-expanded=\"true\" aria-label=\"Open table of contents\"><svg aria-hidden=\"true\" class=\"e-font-icon-svg e-fas-chevron-down\" viewBox=\"0 0 448 512\" xmlns=\"http:\/\/www.w3.org\/2000\/svg\"><path d=\"M207.029 381.476L12.686 187.132c-9.373-9.373-9.373-24.569 0-33.941l22.667-22.667c9.357-9.357 24.522-9.375 33.901-.04L224 284.505l154.745-154.021c9.379-9.335 24.544-9.317 33.901.04l22.667 22.667c9.373 9.373 9.373 24.569 0 33.941L240.971 381.476c-9.373 9.372-24.569 9.372-33.942 0z\"><\/path><\/svg><\/div>\n\t\t\t\t<div class=\"elementor-toc__toggle-button elementor-toc__toggle-button--collapse\" role=\"button\" tabindex=\"0\" aria-controls=\"elementor-toc__1c30362\" aria-expanded=\"true\" aria-label=\"Close table of contents\"><svg aria-hidden=\"true\" class=\"e-font-icon-svg e-fas-chevron-up\" viewBox=\"0 0 448 512\" xmlns=\"http:\/\/www.w3.org\/2000\/svg\"><path d=\"M240.971 130.524l194.343 194.343c9.373 9.373 9.373 24.569 0 33.941l-22.667 22.667c-9.357 9.357-24.522 9.375-33.901.04L224 227.495 69.255 381.516c-9.379 9.335-24.544 9.317-33.901-.04l-22.667-22.667c-9.373-9.373-9.373-24.569 0-33.941L207.03 130.525c9.372-9.373 24.568-9.373 33.941-.001z\"><\/path><\/svg><\/div>\n\t\t\t\t\t<\/div>\n\t\t\t\t<div id=\"elementor-toc__1c30362\" class=\"elementor-toc__body\">\n\t\t\t<div class=\"elementor-toc__spinner-container\">\n\t\t\t\t<svg class=\"elementor-toc__spinner eicon-animation-spin e-font-icon-svg e-eicon-loading\" aria-hidden=\"true\" viewBox=\"0 0 1000 1000\" xmlns=\"http:\/\/www.w3.org\/2000\/svg\"><path d=\"M500 975V858C696 858 858 696 858 500S696 142 500 142 142 304 142 500H25C25 237 238 25 500 25S975 237 975 500 763 975 500 975Z\"><\/path><\/svg>\t\t\t<\/div>\n\t\t<\/div>\n\t\t\t\t\t\t<\/div>\n\t\t\t\t<\/div>\n\t\t\t\t\t<\/div>\n\t\t\t\t<\/div>\n\t\t<div class=\"elementor-element elementor-element-herorght0 e-con-full e-flex e-con e-child\" data-id=\"herorght0\" data-element_type=\"container\" data-e-type=\"container\">\n\t\t\t\t<div class=\"elementor-element elementor-element-heroimg00 iwg-hero-image elementor-widget elementor-widget-image\" data-id=\"heroimg00\" data-element_type=\"widget\" data-e-type=\"widget\" data-widget_type=\"image.default\">\n\t\t\t\t\t\t\t\t\t\t\t\t\t\t\t<img fetchpriority=\"high\" decoding=\"async\" width=\"683\" height=\"1024\" src=\"https:\/\/iwell-guard.com\/wp-content\/uploads\/2026\/04\/goetter_griechenland_demeter-683x1024.webp\" class=\"attachment-large size-large wp-image-1581\" alt=\"Dem\u00e8ter\" srcset=\"https:\/\/iwell-guard.com\/wp-content\/uploads\/2026\/04\/goetter_griechenland_demeter-683x1024.webp 683w, https:\/\/iwell-guard.com\/wp-content\/uploads\/2026\/04\/goetter_griechenland_demeter-200x300.webp 200w, https:\/\/iwell-guard.com\/wp-content\/uploads\/2026\/04\/goetter_griechenland_demeter-768x1152.webp 768w, https:\/\/iwell-guard.com\/wp-content\/uploads\/2026\/04\/goetter_griechenland_demeter.webp 1024w\" sizes=\"(max-width: 683px) 100vw, 683px\" \/>\t\t\t\t\t\t\t\t\t\t\t\t\t\t\t<\/div>\n\t\t\t\t<\/div>\n\t\t\t\t\t<\/div>\n\t\t\t\t<\/div>\n\t\t<div class=\"elementor-element elementor-element-32917199 e-flex e-con-boxed e-con e-parent\" data-id=\"32917199\" data-element_type=\"container\" data-e-type=\"container\">\n\t\t\t\t\t<div class=\"e-con-inner\">\n\t\t<div class=\"elementor-element elementor-element-26e916cb e-flex e-con-boxed e-con e-child\" data-id=\"26e916cb\" data-element_type=\"container\" data-e-type=\"container\">\n\t\t\t\t\t<div class=\"e-con-inner\">\n\t\t<div class=\"elementor-element elementor-element-253a40d4 e-flex e-con-boxed e-con e-child\" data-id=\"253a40d4\" data-element_type=\"container\" data-e-type=\"container\">\n\t\t\t\t\t<div class=\"e-con-inner\">\n\t\t\t\t<div class=\"elementor-element elementor-element-1200c304 elementor-widget elementor-widget-heading\" data-id=\"1200c304\" data-element_type=\"widget\" data-e-type=\"widget\" data-widget_type=\"heading.default\">\n\t\t\t\t\t<h2 class=\"elementor-heading-title elementor-size-default\">Dem\u00e8ter<\/h2>\t\t\t\t<\/div>\n\t\t\t\t\t<\/div>\n\t\t\t\t<\/div>\n\t\t<div class=\"elementor-element elementor-element-159dcf9a e-flex e-con-boxed e-con e-child\" data-id=\"159dcf9a\" data-element_type=\"container\" data-e-type=\"container\">\n\t\t\t\t\t<div class=\"e-con-inner\">\n\t\t\t\t<div class=\"elementor-element elementor-element-48cee66f elementor-widget elementor-widget-heading\" data-id=\"48cee66f\" data-element_type=\"widget\" data-e-type=\"widget\" data-widget_type=\"heading.default\">\n\t\t\t\t\t<h2 class=\"elementor-heading-title elementor-size-default\">Resum r\u00e0pid: Dem\u00e8ter<\/h2>\t\t\t\t<\/div>\n\t\t\t\t<div class=\"elementor-element elementor-element-3f50d82c elementor-widget elementor-widget-text-editor\" data-id=\"3f50d82c\" data-element_type=\"widget\" data-e-type=\"widget\" data-widget_type=\"text-editor.default\">\n\t\t\t\t\t\t\t\t\t<p><strong>Tipus:<\/strong> Divinitat principal grega, deessa del gra, la collita i els misteris<br><span class=\"iwg-fachbegriff\" data-tooltip=\"El conjunt de d\u00e9us d'una religi\u00f3 o cultura.\" tabindex=\"0\">Pante\u00f3<\/span>: Gr\u00e8cia (una de les dotze ol\u00edmpiques)<br>Funci\u00f3: Gra, fertilitat de la collita, misteris, dolor maternal<br>Atributs principals: Corona d&#8217;espigues, torxa, animal sacrificial (porc), rosella<br>Principals llocs de culte: Eleusis (misteris), Sic\u00edlia (Enna), Locres Epizefiris<br>Equivalent rom\u00e0: Ceres<\/p>\t\t\t\t\t\t\t\t<\/div>\n\t\t\t\t\t<\/div>\n\t\t\t\t<\/div>\n\t\t\t\t\t<\/div>\n\t\t\t\t<\/div>\n\t\t\t\t\t<\/div>\n\t\t\t\t<\/div>\n\t\t<div class=\"elementor-element elementor-element-18613602 e-flex e-con-boxed e-con e-parent\" data-id=\"18613602\" data-element_type=\"container\" data-e-type=\"container\">\n\t\t\t\t\t<div class=\"e-con-inner\">\n\t\t\t\t<div class=\"elementor-element elementor-element-262b8a9f elementor-widget elementor-widget-heading\" data-id=\"262b8a9f\" data-element_type=\"widget\" data-e-type=\"widget\" data-widget_type=\"heading.default\">\n\t\t\t\t\t<h2 class=\"elementor-heading-title elementor-size-default\">Context<\/h2>\t\t\t\t<\/div>\n\t\t<div class=\"elementor-element elementor-element-46dcb7d e-con-full e-flex e-con e-child\" data-id=\"46dcb7d\" data-element_type=\"container\" data-e-type=\"container\">\n\t\t<div class=\"elementor-element elementor-element-61d3ab3 e-flex e-con-boxed e-con e-child\" data-id=\"61d3ab3\" data-element_type=\"container\" data-e-type=\"container\">\n\t\t\t\t\t<div class=\"e-con-inner\">\n\t\t\t\t<div class=\"elementor-element elementor-element-117c166 elementor-widget elementor-widget-heading\" data-id=\"117c166\" data-element_type=\"widget\" data-e-type=\"widget\" data-widget_type=\"heading.default\">\n\t\t\t\t\t<h3 class=\"elementor-heading-title elementor-size-default\">Per\u00edode dels textos<\/h3>\t\t\t\t<\/div>\n\t\t\t\t<div class=\"elementor-element elementor-element-73997a0 elementor-widget elementor-widget-text-editor\" data-id=\"73997a0\" data-element_type=\"widget\" data-e-type=\"widget\" data-widget_type=\"text-editor.default\">\n\t\t\t\t\t\t\t\t\t<p><span data-nosnippet>Dem\u00e8ter est\u00e0 documentada liter\u00e0riament des d&#8217;Hes\u00edode (segle VIII aC); l&#8217;<em>Himne Hom\u00e8ric a Dem\u00e8ter<\/em> (segles VII\/VI aC), text central, narra el <span class=\"iwg-fachbegriff\" data-tooltip=\"Un relat transm\u00e8s sobre d\u00e9us, or\u00edgens i l'ordre del m\u00f3n.\" tabindex=\"0\">mite<\/span> del rapte de Pers\u00e8fone. El per\u00edode de m\u00e0xim esplendor del culte a Dem\u00e8ter van ser els <em>Misteris Eleusinis<\/em>, un dels cultes de misteri m\u00e9s importants del m\u00f3n antic, actiu de manera continuada durant gaireb\u00e9 2000 anys, des d&#8217;aproximadament el segle VII aC fins al 392 dC (tancament per Teodosi).<\/span><\/p><p>En \u00e8poca romana es va difondre paral\u00b7lelament com a Ceres amb el <span class=\"iwg-fachbegriff\" data-tooltip=\"El conjunt de pr\u00e0ctiques de veneraci\u00f3 religiosa envers una divinitat o figura sagrada.\" tabindex=\"0\">culte<\/span> mist\u00e8ric de Dem\u00e8ter.<\/p>\t\t\t\t\t\t\t\t<\/div>\n\t\t\t\t\t<\/div>\n\t\t\t\t<\/div>\n\t\t<div class=\"elementor-element elementor-element-d47b156 e-flex e-con-boxed e-con e-child\" data-id=\"d47b156\" data-element_type=\"container\" data-e-type=\"container\">\n\t\t\t\t\t<div class=\"e-con-inner\">\n\t\t\t\t<div class=\"elementor-element elementor-element-ff38c2b elementor-widget elementor-widget-heading\" data-id=\"ff38c2b\" data-element_type=\"widget\" data-e-type=\"widget\" data-widget_type=\"heading.default\">\n\t\t\t\t\t<h3 class=\"elementor-heading-title elementor-size-default\">\u00c0rea de difusi\u00f3<\/h3>\t\t\t\t<\/div>\n\t\t\t\t<div class=\"elementor-element elementor-element-4e49fcc elementor-widget elementor-widget-text-editor\" data-id=\"4e49fcc\" data-element_type=\"widget\" data-e-type=\"widget\" data-widget_type=\"text-editor.default\">\n\t\t\t\t\t\t\t\t\t<p>Principal lloc de culte: <strong>Eleusis<\/strong>, prop d&#8217;Atenes (els misteris m\u00e9s famosos). A m\u00e9s: Sic\u00edlia (Enna, suposat lloc del rapte de Pers\u00e8fone), Locres Epizefiris (<span class=\"iwg-fachbegriff\" data-tooltip=\"El conjunt de pr\u00e0ctiques de veneraci\u00f3 religiosa envers una divinitat o figura sagrada.\" tabindex=\"0\">culte<\/span> especial del sud d&#8217;It\u00e0lia amb pinakes), Corint, Siracusa, Herm\u00edone (Arg\u00f2lida). Present a tota la Mediterr\u00e0nia hel\u00b7len\u00edstica, especialment en societats de car\u00e0cter agrari. El recinte del temple d&#8217;Eleusis es conserva avui parcialment (el Telesterion, la sala d&#8217;iniciaci\u00f3 dels misteris).<\/p>\t\t\t\t\t\t\t\t<\/div>\n\t\t\t\t\t<\/div>\n\t\t\t\t<\/div>\n\t\t\t\t<\/div>\n\t\t<div class=\"elementor-element elementor-element-db03c39 e-con-full e-flex e-con e-child\" data-id=\"db03c39\" data-element_type=\"container\" data-e-type=\"container\">\n\t\t<div class=\"elementor-element elementor-element-229a87b e-flex e-con-boxed e-con e-child\" data-id=\"229a87b\" data-element_type=\"container\" data-e-type=\"container\">\n\t\t\t\t\t<div class=\"e-con-inner\">\n\t\t\t\t<div class=\"elementor-element elementor-element-1f471fc elementor-widget elementor-widget-heading\" data-id=\"1f471fc\" data-element_type=\"widget\" data-e-type=\"widget\" data-widget_type=\"heading.default\">\n\t\t\t\t\t<h3 class=\"elementor-heading-title elementor-size-default\">Estat de les fonts<\/h3>\t\t\t\t<\/div>\n\t\t\t\t<div class=\"elementor-element elementor-element-36b1201 elementor-widget elementor-widget-text-editor\" data-id=\"36b1201\" data-element_type=\"widget\" data-e-type=\"widget\" data-widget_type=\"text-editor.default\">\n\t\t\t\t\t\t\t\t\t<p>Fonts centrals: <em>Himne Hom\u00e8ric a Dem\u00e8ter<\/em> (text de refer\u00e8ncia), <em>Teogonia<\/em> d&#8217;Hes\u00edode, <em>Descripci\u00f3 de Gr\u00e8cia<\/em> de Paus\u00e0nies (cap\u00edtol sobre Eleusis), els <em>pinakes de Locres<\/em> (plaques de fang del sud d&#8217;It\u00e0lia), inscripcions d&#8217;Eleusis. Bibliografia secund\u00e0ria: Burkert, <em>Misteris de l&#8217;<span class=\"iwg-fachbegriff\" data-tooltip=\"\u00c8poca de la cultura grega i romana, aproximadament del 800 aC al 600 dC.\" tabindex=\"0\">Antiguitat<\/span><\/em> i <em>Religi\u00f3 grega<\/em>; Foley, <em>The Homeric Hymn to Demeter<\/em>; Clinton, <em>The Eleusinian Mysteries<\/em>.<\/p>\t\t\t\t\t\t\t\t<\/div>\n\t\t\t\t\t<\/div>\n\t\t\t\t<\/div>\n\t\t\t\t<\/div>\n\t\t\t\t\t<\/div>\n\t\t\t\t<\/div>\n\t\t<div class=\"elementor-element elementor-element-3ae0637c e-flex e-con-boxed e-con e-parent\" data-id=\"3ae0637c\" data-element_type=\"container\" data-e-type=\"container\">\n\t\t\t\t\t<div class=\"e-con-inner\">\n\t\t\t\t<div class=\"elementor-element elementor-element-31d07739 elementor-widget elementor-widget-heading\" data-id=\"31d07739\" data-element_type=\"widget\" data-e-type=\"widget\" data-widget_type=\"heading.default\">\n\t\t\t\t\t<h2 class=\"elementor-heading-title elementor-size-default\">Nom i variants<\/h2>\t\t\t\t<\/div>\n\t\t<div class=\"elementor-element elementor-element-b7642947 e-con-full e-flex e-con e-child\" data-id=\"b7642947\" data-element_type=\"container\" data-e-type=\"container\">\n\t\t\t\t<div class=\"elementor-element elementor-element-a086266 elementor-widget elementor-widget-text-editor\" data-id=\"a086266\" data-element_type=\"widget\" data-e-type=\"widget\" data-widget_type=\"text-editor.default\">\n\t\t\t\t\t\t\t\t\t<p>Dem\u00e8ter es representa com una dona madura i digna, sovint amb espigues de blat als cabells o a les mans.<\/p><p>Els seus s\u00edmbols s\u00f3n el blat i l&#8217;ordi, la torxa (que portava en la cerca de Pers\u00e8fone), la cornuc\u00f2pia (abund\u00e0ncia) i, de vegades, llavors de rosella (subst\u00e0ncia embriagadora, <span class=\"iwg-fachbegriff\" data-tooltip=\"Un signe que representa una idea o significat.\" tabindex=\"0\">s\u00edmbol<\/span> dels misteris). Porta vestits fluids, de vegades un vel. El seu animal \u00e9s la serp (ct\u00f2nica, vinculada al m\u00f3n subterrani).<\/p>\t\t\t\t\t\t\t\t<\/div>\n\t\t\t\t<\/div>\n\t\t\t\t\t<\/div>\n\t\t\t\t<\/div>\n\t\t<div class=\"elementor-element elementor-element-709a44a8 e-flex e-con-boxed e-con e-parent\" data-id=\"709a44a8\" data-element_type=\"container\" data-e-type=\"container\">\n\t\t\t\t\t<div class=\"e-con-inner\">\n\t\t\t\t<div class=\"elementor-element elementor-element-2f585873 elementor-widget elementor-widget-heading\" data-id=\"2f585873\" data-element_type=\"widget\" data-e-type=\"widget\" data-widget_type=\"heading.default\">\n\t\t\t\t\t<h2 class=\"elementor-heading-title elementor-size-default\">Trets caracter\u00edstics<\/h2>\t\t\t\t<\/div>\n\t\t<div class=\"elementor-element elementor-element-70621c12 e-con-full e-flex e-con e-child\" data-id=\"70621c12\" data-element_type=\"container\" data-e-type=\"container\">\n\t\t\t\t<div class=\"elementor-element elementor-element-4296eb49 elementor-widget elementor-widget-text-editor\" data-id=\"4296eb49\" data-element_type=\"widget\" data-e-type=\"widget\" data-widget_type=\"text-editor.default\">\n\t\t\t\t\t\t\t\t\t<p>Dem\u00e8ter era venerada principalment en els misteris eleusinis, on es representava la seva hist\u00f2ria m\u00edtica (<span class=\"iwg-fachbegriff\" data-tooltip=\"Un relat transm\u00e8s sobre d\u00e9us, or\u00edgens i l'ordre del m\u00f3n.\" tabindex=\"0\">mite<\/span>). Era invocada per pagesos i sembradors. Les seves ofrenes eren fruites, <span class=\"iwg-fachbegriff\" data-tooltip=\"Ofrena a una divinitat per expressar gratitud, s\u00faplica o veneraci\u00f3.\" tabindex=\"0\">sacrificis<\/span> de gra i vi. A Eleusis es duien a terme ritus secrets, i els iniciats juraven guardar silenci.<\/p><p>Els misteris prometien als fidels un dest\u00ed millor a l&#8217;ultratomba. La ira de Dem\u00e8ter (gelades i fam quan enyorava Pers\u00e8fone) mostra el seu poder: sense la seva gr\u00e0cia, el m\u00f3n es mor de fam. \u00c9s una de les poques divinitats amb poder directe sobre la superviv\u00e8ncia humana.<\/p><p><strong>Aparen\u00e7a i simbolisme<\/strong><\/p><p>Dem\u00e8ter es representa com una dona madura i digna, sovint amb espigues de blat als cabells o a les mans, de vegades amb una torxa, <span class=\"iwg-fachbegriff\" data-tooltip=\"Un signe que representa una idea o un significat.\" tabindex=\"0\">s\u00edmbol<\/span> de la seva cerca desesperada de Pers\u00e8fone. La torxa la mostra atemporal. El gra, l&#8217;ordi i el blat s\u00f3n els seus atributs principals.<\/p><p>La rosella li era sagrada (per les seves qualitats opi\u00e0cies, que porten l&#8217;oblit). El porc era el seu animal sagrat, animal de sacrifici per als seus misteris. El seu color era daurat com el gra madur. A difer\u00e8ncia d&#8217;altres d\u00e9us, portava dignitat sense arrog\u00e0ncia: era la mare de tot creixement, propera i alhora fonamental per a la superviv\u00e8ncia humana.<\/p>\t\t\t\t\t\t\t\t<\/div>\n\t\t\t\t<\/div>\n\t\t\t\t\t<\/div>\n\t\t\t\t<\/div>\n\t\t<div class=\"elementor-element elementor-element-44e71476 e-flex e-con-boxed e-con e-parent\" data-id=\"44e71476\" data-element_type=\"container\" data-e-type=\"container\">\n\t\t\t\t\t<div class=\"e-con-inner\">\n\t\t\t\t<div class=\"elementor-element elementor-element-3c1fc3f0 elementor-widget elementor-widget-heading\" data-id=\"3c1fc3f0\" data-element_type=\"widget\" data-e-type=\"widget\" data-widget_type=\"heading.default\">\n\t\t\t\t\t<h2 class=\"elementor-heading-title elementor-size-default\">Fitxa: Dem\u00e8ter<\/h2>\t\t\t\t<\/div>\n\t\t<div class=\"elementor-element elementor-element-84f33b8e e-con-full e-flex e-con e-child\" data-id=\"84f33b8e\" data-element_type=\"container\" data-e-type=\"container\">\n\t\t\t\t<div class=\"elementor-element elementor-element-hqkdc67p elementor-widget elementor-widget-text-editor\" data-id=\"hqkdc67p\" data-element_type=\"widget\" data-e-type=\"widget\" data-widget_type=\"text-editor.default\">\n\t\t\t\t\t\t\t\t\t<p>Els aspectes m\u00e9s importants de Dem\u00e8ter d&#8217;un cop d&#8217;ull. Els camps seg\u00fcents resumeixen l&#8217;origen, la funci\u00f3, l&#8217;aparen\u00e7a, la veneraci\u00f3, els s\u00edmbols i els paral\u00b7lels.<\/p>\t\t\t\t\t\t\t\t<\/div>\n\t\t\t\t<\/div>\n\t\t<div class=\"elementor-element elementor-element-pemmx7c5 e-con-full e-flex e-con e-child\" data-id=\"pemmx7c5\" data-element_type=\"container\" data-e-type=\"container\">\n\t\t<div class=\"elementor-element elementor-element-pemmx7c1 e-con-full e-flex e-con e-child\" data-id=\"pemmx7c1\" data-element_type=\"container\" data-e-type=\"container\">\n\t\t<div class=\"elementor-element elementor-element-qh9oavvu iwg-steckbrief-card e-flex e-con-boxed e-con e-child\" data-id=\"qh9oavvu\" data-element_type=\"container\" data-e-type=\"container\">\n\t\t\t\t\t<div class=\"e-con-inner\">\n\t\t\t\t<div class=\"elementor-element elementor-element-awzx8k2k elementor-widget elementor-widget-heading\" data-id=\"awzx8k2k\" data-element_type=\"widget\" data-e-type=\"widget\" data-widget_type=\"heading.default\">\n\t\t\t\t\t<div class=\"elementor-heading-title elementor-size-default\">Origen de Dem\u00e8ter<\/div>\t\t\t\t<\/div>\n\t\t\t\t<div class=\"elementor-element elementor-element-x6rowhv0 elementor-widget elementor-widget-text-editor\" data-id=\"x6rowhv0\" data-element_type=\"widget\" data-e-type=\"widget\" data-widget_type=\"text-editor.default\">\n\t\t\t\t\t\t\t\t\t<p>Dem\u00e8ter \u00e9s filla de Cronos i Rea, germana de Zeus, Hera, Hades, Posid\u00f3 i H\u00e8stia, una de les dues deesses ol\u00edmpiques principals del llinatge tit\u00e0nic. Mare de Pers\u00e8fone (filla amb Zeus).<\/p><p>El seu <span class=\"iwg-fachbegriff\" data-tooltip=\"Un relat transm\u00e8s sobre d\u00e9us, or\u00edgens i l'ordre del m\u00f3n.\" tabindex=\"0\">mite<\/span> central: la cerca de Pers\u00e8fone, raptada per Hades, durant la qual, en el seu dol, la vegetaci\u00f3 es marceix; despr\u00e9s del retorn parcial de Pers\u00e8fone (dos ter\u00e7os de l&#8217;any), les estacions f\u00e8rtils tornen. <span class=\"iwg-fachbegriff\" data-tooltip=\"Un signe que representa una idea o significat.\" tabindex=\"0\">S\u00edmbol<\/span> del retorn estacional.<\/p>\t\t\t\t\t\t\t\t<\/div>\n\t\t\t\t\t<\/div>\n\t\t\t\t<\/div>\n\t\t<div class=\"elementor-element elementor-element-8e3o4kxs iwg-steckbrief-card e-flex e-con-boxed e-con e-child\" data-id=\"8e3o4kxs\" data-element_type=\"container\" data-e-type=\"container\">\n\t\t\t\t\t<div class=\"e-con-inner\">\n\t\t\t\t<div class=\"elementor-element elementor-element-08rkdgov elementor-widget elementor-widget-heading\" data-id=\"08rkdgov\" data-element_type=\"widget\" data-e-type=\"widget\" data-widget_type=\"heading.default\">\n\t\t\t\t\t<div class=\"elementor-heading-title elementor-size-default\">P\u00fablic de Dem\u00e8ter<\/div>\t\t\t\t<\/div>\n\t\t\t\t<div class=\"elementor-element elementor-element-uwjelx8s elementor-widget elementor-widget-text-editor\" data-id=\"uwjelx8s\" data-element_type=\"widget\" data-e-type=\"widget\" data-widget_type=\"text-editor.default\">\n\t\t\t\t\t\t\t\t\t<p>Patrona de la collita del gra i de la fertilitat agr\u00edcola (especialment del blat). En el <span class=\"iwg-fachbegriff\" data-tooltip=\"El conjunt d'actes de veneraci\u00f3 religiosa dedicats a una divinitat o figura sagrada.\" tabindex=\"0\">culte<\/span> mist\u00e8ric transmet als iniciats un feli\u00e7 m\u00e9s enll\u00e0 sota la seva protecci\u00f3 i la de Pers\u00e8fone. <em>Demeter Thesmophoros<\/em> (\u00abla legisladora\u00bb) com a patrona del matrimoni i de les assemblees de dones (festa de les Tesmof\u00f2ries). En el <span class=\"iwg-fachbegriff\" data-tooltip=\"El conjunt d'actes de veneraci\u00f3 religiosa dedicats a una divinitat o figura sagrada.\" tabindex=\"0\">culte<\/span> personal, tamb\u00e9 <span class=\"iwg-fachbegriff\" data-tooltip=\"La invocaci\u00f3 s\u00faplica o conjuradora d'una divinitat o poder.\" tabindex=\"0\">invocaci\u00f3<\/span> de protecci\u00f3 contra la fam i la malaltia.<\/p>\t\t\t\t\t\t\t\t<\/div>\n\t\t\t\t\t<\/div>\n\t\t\t\t<\/div>\n\t\t<div class=\"elementor-element elementor-element-jm2n74ec iwg-steckbrief-card e-flex e-con-boxed e-con e-child\" data-id=\"jm2n74ec\" data-element_type=\"container\" data-e-type=\"container\">\n\t\t\t\t\t<div class=\"e-con-inner\">\n\t\t\t\t<div class=\"elementor-element elementor-element-8vufse4c elementor-widget elementor-widget-heading\" data-id=\"8vufse4c\" data-element_type=\"widget\" data-e-type=\"widget\" data-widget_type=\"heading.default\">\n\t\t\t\t\t<div class=\"elementor-heading-title elementor-size-default\">Representaci\u00f3<\/div>\t\t\t\t<\/div>\n\t\t\t\t<div class=\"elementor-element elementor-element-mwb9u015 elementor-widget elementor-widget-text-editor\" data-id=\"mwb9u015\" data-element_type=\"widget\" data-e-type=\"widget\" data-widget_type=\"text-editor.default\">\n\t\t\t\t\t\t\t\t\t<p>Figura femenina matronal i madura, sovint asseguda en un tron. <em>Corona d&#8217;espigues<\/em> al cap, a la m\u00e0 un <em>feix d&#8217;espigues<\/em>, de vegades una <em>torxa<\/em> (<span class=\"iwg-fachbegriff\" data-tooltip=\"Un signe que representa una idea o significat.\" tabindex=\"0\">s\u00edmbol<\/span> de la seva recerca de Pers\u00e8fone). Cabell arrissat, sovint cobert amb un vel.<\/p><p>Color de pell daurat (el gra). Sovint acompanyada de <em>Tript\u00f2lem<\/em> (jove d\u00e9u de l&#8217;ensenyament agr\u00edcola, el seu deixeble) i d&#8217;un carro tirat per serps. A les plaques de Locres, sovint apareix en la pose de dol. En els misteris es representa com a deessa mare coronada.<\/p>\t\t\t\t\t\t\t\t<\/div>\n\t\t\t\t\t<\/div>\n\t\t\t\t<\/div>\n\t\t\t\t<\/div>\n\t\t<div class=\"elementor-element elementor-element-pemmx7c2 e-con-full e-flex e-con e-child\" data-id=\"pemmx7c2\" data-element_type=\"container\" data-e-type=\"container\">\n\t\t<div class=\"elementor-element elementor-element-37ss2yr6 iwg-steckbrief-card e-flex e-con-boxed e-con e-child\" data-id=\"37ss2yr6\" data-element_type=\"container\" data-e-type=\"container\">\n\t\t\t\t\t<div class=\"e-con-inner\">\n\t\t\t\t<div class=\"elementor-element elementor-element-3v0wp3wx elementor-widget elementor-widget-heading\" data-id=\"3v0wp3wx\" data-element_type=\"widget\" data-e-type=\"widget\" data-widget_type=\"heading.default\">\n\t\t\t\t\t<div class=\"elementor-heading-title elementor-size-default\">Activitat<\/div>\t\t\t\t<\/div>\n\t\t\t\t<div class=\"elementor-element elementor-element-w3247g2m elementor-widget elementor-widget-text-editor\" data-id=\"w3247g2m\" data-element_type=\"widget\" data-e-type=\"widget\" data-widget_type=\"text-editor.default\">\n\t\t\t\t\t\t\t\t\t<p><strong>\u00c0mbit d&#8217;actuaci\u00f3:<\/strong> Demeter era invocada pels pagesos abans i despr\u00e9s de la collita. Les seves festes principals: les <em>Tesmof\u00f2ries<\/em> (festa de dones de tres dies a la tardor, estesa arreu), els <em>Misteris Eleusinis<\/em> (durant el mes de Boedromi\u00f3, cap al setembre; festa d&#8217;iniciaci\u00f3 de nou dies amb atracci\u00f3 mundial).<\/p><p>Els misteris prometien un feli\u00e7 m\u00e9s enll\u00e0 sota la protecci\u00f3 de Demeter i Pers\u00e8fone. Iniciats de tota la Mediterr\u00e0nia viatjaven fins a Eleusis. En el <span class=\"iwg-fachbegriff\" data-tooltip=\"El conjunt d'actes de veneraci\u00f3 religiosa dedicats a una divinitat o figura sagrada.\" tabindex=\"0\">culte<\/span> personal era invocada com a deessa mare, especialment per les dones.<\/p>\t\t\t\t\t\t\t\t<\/div>\n\t\t\t\t\t<\/div>\n\t\t\t\t<\/div>\n\t\t<div class=\"elementor-element elementor-element-0qpjal9w iwg-steckbrief-card e-flex e-con-boxed e-con e-child\" data-id=\"0qpjal9w\" data-element_type=\"container\" data-e-type=\"container\">\n\t\t\t\t\t<div class=\"e-con-inner\">\n\t\t\t\t<div class=\"elementor-element elementor-element-6ndoih0o elementor-widget elementor-widget-heading\" data-id=\"6ndoih0o\" data-element_type=\"widget\" data-e-type=\"widget\" data-widget_type=\"heading.default\">\n\t\t\t\t\t<div class=\"elementor-heading-title elementor-size-default\">Protecci\u00f3<\/div>\t\t\t\t<\/div>\n\t\t\t\t<div class=\"elementor-element elementor-element-6684tyh9 elementor-widget elementor-widget-text-editor\" data-id=\"6684tyh9\" data-element_type=\"widget\" data-e-type=\"widget\" data-widget_type=\"text-editor.default\">\n\t\t\t\t\t\t\t\t\t<p>Corona d&#8217;espigues, feix d&#8217;espigues (atribut principal), torxa, cascall (<span class=\"iwg-fachbegriff\" data-tooltip=\"Un signe que representa una idea o significat.\" tabindex=\"0\">s\u00edmbol<\/span> de la profunditat vegetal), carro de serps, porc (principal animal de sacrifici), kalathos (cistella alta). Plantes: blat, ordi, cascall, magrana (per la connexi\u00f3 amb Pers\u00e8fone), asf\u00f2del. Animals sagrats: porc, serp, grua.<\/p>\t\t\t\t\t\t\t\t<\/div>\n\t\t\t\t\t<\/div>\n\t\t\t\t<\/div>\n\t\t<div class=\"elementor-element elementor-element-3lfi7x32 iwg-steckbrief-card e-flex e-con-boxed e-con e-child\" data-id=\"3lfi7x32\" data-element_type=\"container\" data-e-type=\"container\">\n\t\t\t\t\t<div class=\"e-con-inner\">\n\t\t\t\t<div class=\"elementor-element elementor-element-0kg99ga1 elementor-widget elementor-widget-heading\" data-id=\"0kg99ga1\" data-element_type=\"widget\" data-e-type=\"widget\" data-widget_type=\"heading.default\">\n\t\t\t\t\t<div class=\"elementor-heading-title elementor-size-default\">Elements comparables<\/div>\t\t\t\t<\/div>\n\t\t\t\t<div class=\"elementor-element elementor-element-n0fum6kp elementor-widget elementor-widget-text-editor\" data-id=\"n0fum6kp\" data-element_type=\"widget\" data-e-type=\"widget\" data-widget_type=\"text-editor.default\">\n\t\t\t\t\t\t\t\t\t<p><em>Ceres<\/em> (Roma, adopci\u00f3 pr\u00e0cticament id\u00e8ntica), <em>Isis<\/em> (Egipte, superposada sincr\u00e8ticament en \u00e8poca hel\u00b7len\u00edstica), <em>Innana\/Ixtar<\/em> (Mesopot\u00e0mia, parcialment, en l&#8217;aspecte vegetal), <em>Hathor<\/em> (Egipte, deessa matronal), <em>Annapurna<\/em> (hinduisme, donadora d&#8217;aliment), <em>Sif<\/em> (germ\u00e0nic, deessa del gra), <em>Inari<\/em> (Jap\u00f3, deessa de l&#8217;arr\u00f2s). L&#8217;arrel indoeuropea de la tradici\u00f3 de la mare del gra \u00e9s reconeixible en diverses lleng\u00fces.<\/p>\t\t\t\t\t\t\t\t<\/div>\n\t\t\t\t\t<\/div>\n\t\t\t\t<\/div>\n\t\t\t\t<\/div>\n\t\t\t\t<\/div>\n\t\t\t\t\t<\/div>\n\t\t\t\t<\/div>\n\t\t<div class=\"elementor-element elementor-element-7533bc7a e-flex e-con-boxed e-con e-parent\" data-id=\"7533bc7a\" data-element_type=\"container\" data-e-type=\"container\">\n\t\t\t\t\t<div class=\"e-con-inner\">\n\t\t\t\t<div class=\"elementor-element elementor-element-2447d18d elementor-widget elementor-widget-heading\" data-id=\"2447d18d\" data-element_type=\"widget\" data-e-type=\"widget\" data-widget_type=\"heading.default\">\n\t\t\t\t\t<h2 class=\"elementor-heading-title elementor-size-default\">Protecci\u00f3 en la vida quotidiana<\/h2>\t\t\t\t<\/div>\n\t\t<div class=\"elementor-element elementor-element-d5d0260c e-con-full e-flex e-con e-child\" data-id=\"d5d0260c\" data-element_type=\"container\" data-e-type=\"container\">\n\t\t\t\t<div class=\"elementor-element elementor-element-341be2ac elementor-widget elementor-widget-text-editor\" data-id=\"341be2ac\" data-element_type=\"widget\" data-e-type=\"widget\" data-widget_type=\"text-editor.default\">\n\t\t\t\t\t\t\t\t\t<div><p><strong>Veneraci\u00f3 en la vida quotidiana<\/strong><\/p>\n<div><p><strong>Rituals i invocacions<\/strong><br>\nEls Misteris Eleusinis prometien als iniciats un bon dest\u00ed en el m\u00e9s enll\u00e0. A m\u00e9s, hi havia les Tesmof\u00f2ries com a festa de dones i la solemne <span class=\"iwg-fachbegriff\" data-tooltip=\"Una process\u00f3 religiosa solemne.\" tabindex=\"0\">process\u00f3<\/span> des d&#8217;Atenes fins a Eleusis al llarg de la Via Sacra.<\/p><\/div>\n\n<p><strong>Conjurs i invocacions<\/strong><\/p>\n<div><p><strong>Transmissi\u00f3 textual i f\u00f3rmules<\/strong><br>\nL&#8217;himne hom\u00e8ric a Demeter narra el rapte de Pers\u00e8fone i la fundaci\u00f3 dels Misteris d&#8217;Eleusis. Himnes orfics i textos rituals eleusinis complementen la <span class=\"iwg-fachbegriff\" data-tooltip=\"La transmissi\u00f3 de coneixements i relats al llarg de generacions.\" tabindex=\"0\">transmissi\u00f3<\/span>.<\/p><\/div>\n\n<p><strong>Amulets i s\u00edmbols de protecci\u00f3<\/strong><\/p>\n<div><p><strong>Objectes <span class=\"iwg-fachbegriff\" data-tooltip=\"Plural d'apotropaic: objectes i signes destinats a rebutjar la desgr\u00e0cia.\" tabindex=\"0\">apotropaics<\/span> materials i troballes arqueol\u00f2giques<\/strong><br>\nLes espigues servien de <span class=\"iwg-fachbegriff\" data-tooltip=\"Una imatge il\u00b7lustrativa que representa una idea abstracta.\" tabindex=\"0\">s\u00edmbol<\/span> de la deessa, i el brou de kyke\u00f3n com a beguda cultual. Del <span class=\"iwg-fachbegriff\" data-tooltip=\"Un lloc sagrat dedicat a la veneraci\u00f3 d'una divinitat.\" tabindex=\"0\">santuari<\/span> d&#8217;Eleusis provenen nombrosos vots, entre ells figuretes de garr\u00ed, ja que el porc era l&#8217;animal de sacrifici de Demeter.<\/p><\/div><\/div>\t\t\t\t\t\t\t\t<\/div>\n\t\t\t\t<\/div>\n\t\t\t\t\t<\/div>\n\t\t\t\t<\/div>\n\t\t<div class=\"elementor-element elementor-element-5a584676 e-flex e-con-boxed e-con e-parent\" data-id=\"5a584676\" data-element_type=\"container\" data-e-type=\"container\">\n\t\t\t\t\t<div class=\"e-con-inner\">\n\t\t\t\t<div class=\"elementor-element elementor-element-6d0757bf elementor-widget elementor-widget-heading\" data-id=\"6d0757bf\" data-element_type=\"widget\" data-e-type=\"widget\" data-widget_type=\"heading.default\">\n\t\t\t\t\t<h2 class=\"elementor-heading-title elementor-size-default\">Demeter, paral\u00b7lels en altres cultures<\/h2>\t\t\t\t<\/div>\n\t\t<div class=\"elementor-element elementor-element-60563f68 e-con-full e-flex e-con e-child\" data-id=\"60563f68\" data-element_type=\"container\" data-e-type=\"container\">\n\t\t\t\t<div class=\"elementor-element elementor-element-5a93fdd6 elementor-widget elementor-widget-text-editor\" data-id=\"5a93fdd6\" data-element_type=\"widget\" data-e-type=\"widget\" data-widget_type=\"text-editor.default\">\n\t\t\t\t\t\t\t\t\t<p>Les deesses del gra i de la fertilitat es troben arreu: Hathor o Isis (Egipte), Aditi (\u00cdndia), Sif (Escandin\u00e0via). El cicle de dol de Demeter s&#8217;assembla al descens d&#8217;Ixtar\/Innana (Mesopot\u00e0mia) o a la mort de Balder (Escandin\u00e0via). Els Misteris Eleusinis s\u00f3n \u00fanics per la seva import\u00e0ncia i el seu secret. El paper matern de Demeter i el seu domini agr\u00edcola la distingeixen d&#8217;altres deesses de la fertilitat com Afrodita o Hera.<\/p>\t\t\t\t\t\t\t\t<\/div>\n\t\t\t\t<\/div>\n\t\t\t\t\t<\/div>\n\t\t\t\t<\/div>\n\t\t<div class=\"elementor-element elementor-element-cpd026820 e-flex e-con-boxed e-con e-parent\" data-id=\"cpd026820\" data-element_type=\"container\" data-e-type=\"container\">\n\t\t\t\t\t<div class=\"e-con-inner\">\n\t\t\t\t<div class=\"elementor-element elementor-element-cp6c8c568 elementor-widget elementor-widget-heading\" data-id=\"cp6c8c568\" data-element_type=\"widget\" data-e-type=\"widget\" data-widget_type=\"heading.default\">\n\t\t\t\t\t<h2 class=\"elementor-heading-title elementor-size-default\">Demeter i els Misteris Eleusinis<\/h2>\t\t\t\t<\/div>\n\t\t<div class=\"elementor-element elementor-element-cpba462fb e-con-full e-flex e-con e-child\" data-id=\"cpba462fb\" data-element_type=\"container\" data-e-type=\"container\">\n\t\t\t\t<div class=\"elementor-element elementor-element-cp3cc60b0 elementor-widget elementor-widget-text-editor\" data-id=\"cp3cc60b0\" data-element_type=\"widget\" data-e-type=\"widget\" data-widget_type=\"text-editor.default\">\n\t\t\t\t\t\t\t\t\t<p>El <span class=\"iwg-fachbegriff\" data-tooltip=\"El conjunt d'actes de veneraci\u00f3 religiosa dedicats a una divinitat o figura sagrada.\" tabindex=\"0\">culte<\/span> m\u00e9s important a Dem\u00e8ter era el d&#8217;Eleusis, prop d&#8217;Atenes.<\/p><p>L&#8217;Himne hom\u00e8ric a Dem\u00e8ter narra com la deessa, en cerca de la seva filla <a href=\"https:\/\/iwell-guard.com\/ca\/?page_id=171502\">Pers\u00e8fone<\/a>, arriba a Eleusis, hi serveix com a dida a la casa del rei C\u00e8leos i, finalment, un cop revelada la seva forma divina, exigeix la construcci\u00f3 d&#8217;un temple i l&#8217;establiment dels seus ritus. Aquest relat \u00e9s el mite fundacional dels misteris eleusinis.<\/p><p>Els misteris eren un culte d&#8217;iniciaci\u00f3 que prometia als iniciats una perspectiva m\u00e9s favorable sobre la vida despr\u00e9s de la mort. Se celebraven cada any a la tardor i inclo\u00efen una solemne <span class=\"iwg-fachbegriff\" data-tooltip=\"Una process\u00f3 religiosa solemne.\" tabindex=\"0\">process\u00f3<\/span> des d&#8217;Atenes fins a Eleusis, ritus de purificaci\u00f3, dejuni i celebracions nocturnes a la gran sala del santuari.<\/p><p>Sobre el nucli secret, l&#8217;acte central que s&#8217;hi representava, els iniciats guardaven silenci, i aquest silenci es va mantenir durant segles. La <span class=\"iwg-fachbegriff\" data-tooltip=\"La disciplina que estudia les religions de manera comparativa i sense vincle de fe.\" tabindex=\"0\">ci\u00e8ncia de la religi\u00f3<\/span> pot descriure b\u00e9 el marc extern, per\u00f2 no pot reconstruir amb certesa all\u00f2 que s&#8217;hi esdevenia en el nucli m\u00e9s \u00edntim.<\/p><p>\u00c9s significativa la connexi\u00f3 entre l&#8217;agricultura i l&#8217;esperan\u00e7a en l&#8217;ultratomba que hi \u00e9s present en aquest <span class=\"iwg-fachbegriff\" data-tooltip=\"El conjunt d'actes de veneraci\u00f3 religiosa dedicats a una divinitat o figura sagrada.\" tabindex=\"0\">culte<\/span>. Dem\u00e8ter \u00e9s la deessa del blat, i el gra que es diposita a la terra fosca i torna a n\u00e9ixer va proporcionar una imatge v\u00edvida de l&#8217;esperan\u00e7a dels iniciats.<\/p><p>Testimonis de l&#8217;<span class=\"iwg-fachbegriff\" data-tooltip=\"\u00c8poca de la cultura grega i romana, aproximadament del 800 a. C. al 600 d. C.\" tabindex=\"0\">antiguitat<\/span>, des de P\u00edndar fins a Cicer\u00f3, confirmen que els misteris es consideraven especialment venerables i que la iniciaci\u00f3 oferia consol davant la mort. El <span class=\"iwg-fachbegriff\" data-tooltip=\"Un lloc sagrat dedicat a la veneraci\u00f3 d'una divinitat.\" tabindex=\"0\">santuari<\/span> d&#8217;Eleusis va romandre en funcionament fins a l&#8217;<span class=\"iwg-fachbegriff\" data-tooltip=\"\u00c8poca de transici\u00f3 entre l'antiguitat i l'edat mitjana, aproximadament dels segles III al VII.\" tabindex=\"0\">antiguitat tardana<\/span> cristiana i no va ser destru\u00eft fins a finals del segle IV d. C.<\/p>\t\t\t\t\t\t\t\t<\/div>\n\t\t\t\t<\/div>\n\t\t\t\t\t<\/div>\n\t\t\t\t<\/div>\n\t\t<div class=\"elementor-element elementor-element-cp52ff014 e-flex e-con-boxed e-con e-parent\" data-id=\"cp52ff014\" data-element_type=\"container\" data-e-type=\"container\">\n\t\t\t\t\t<div class=\"e-con-inner\">\n\t\t\t\t<div class=\"elementor-element elementor-element-cp0dab458 elementor-widget elementor-widget-heading\" data-id=\"cp0dab458\" data-element_type=\"widget\" data-e-type=\"widget\" data-widget_type=\"heading.default\">\n\t\t\t\t\t<h2 class=\"elementor-heading-title elementor-size-default\">La deessa del blat i del treball pag\u00e8s<\/h2>\t\t\t\t<\/div>\n\t\t<div class=\"elementor-element elementor-element-cp4efdd9d e-con-full e-flex e-con e-child\" data-id=\"cp4efdd9d\" data-element_type=\"container\" data-e-type=\"container\">\n\t\t\t\t<div class=\"elementor-element elementor-element-cp6b5d17a elementor-widget elementor-widget-text-editor\" data-id=\"cp6b5d17a\" data-element_type=\"widget\" data-e-type=\"widget\" data-widget_type=\"text-editor.default\">\n\t\t\t\t\t\t\t\t\t<p>Dem\u00e8ter \u00e9s, en ess\u00e8ncia, una <span class=\"iwg-fachbegriff\" data-tooltip=\"Un \u00e9sser venerat com a div\u00ed dins d'una religi\u00f3.\" tabindex=\"0\">divinitat<\/span> de l&#8217;agricultura, m\u00e9s concretament del blat. El seu nom ha estat interpretat de maneres diverses per etim\u00f2legs antics i moderns; el segon component, <em>meter<\/em>, significa mare, mentre que el primer \u00e9s controvertit, motiu pel qual la recerca es mant\u00e9 prudent en aquest punt.<\/p><p>El seu \u00e0mbit d&#8217;acci\u00f3, en canvi, no \u00e9s discutit. Ella fa que la llavor germini, que el gra maduri i que la collita sigui reeixida.<\/p><p>Aquesta compet\u00e8ncia la va convertir en una de les divinitats vitals per a una societat agr\u00e0ria com la Gr\u00e8cia <span class=\"iwg-fachbegriff\" data-tooltip=\"\u00c8poca de la cultura grega i romana, aproximadament del 800 a. C. al 600 d. C.\" tabindex=\"0\">antiga<\/span>. Nombroses festes acompanyaven el cicle anual agr\u00edcola.<\/p><p>Les <em>Thesmoph\u00f2ries<\/em>, una festa celebrada exclusivament per dones, van ser una de les festes gregues m\u00e9s esteses; estaven relacionades amb la sembra i inclo\u00efen ritus en qu\u00e8 es desenterraven restes de porcs sacrificats per barrejar-les amb la llavor. Les <em>Haloa<\/em>, les <em>Skira<\/em> i altres festes marcaven altres moments del cicle agr\u00edcola.<\/p><p>Els atributs de Dem\u00e8ter reflecteixen aquest \u00e0mbit. Porta espigues i c\u00e0psules de rosella, sost\u00e9 una torxa que recorda la cerca de la seva filla, i s&#8217;associa amb el porc com a animal de sacrifici. En la <span class=\"iwg-fachbegriff\" data-tooltip=\"Un relat transm\u00e8s amb sovint un nucli hist\u00f2ric i trets meravellosos.\" tabindex=\"0\">llegenda<\/span>, ensenya al heroi Tript\u00f2lem l&#8217;art del conreu i l&#8217;envia a difondre entre els homes el coneixement del blat.<\/p><p>Amb aix\u00f2, Dem\u00e8ter \u00e9s tamb\u00e9 una portadora de cultura: el conreu ordenat del blat es considera en el pensament grec un pas des de la forma de vida primitiva cap a la civilitzada, i la humanitat deu aquest pas, segons la concepci\u00f3 m\u00edtica, a la deessa.<\/p>\t\t\t\t\t\t\t\t<\/div>\n\t\t\t\t<\/div>\n\t\t\t\t\t<\/div>\n\t\t\t\t<\/div>\n\t\t<div class=\"elementor-element elementor-element-cp98d1202 e-flex e-con-boxed e-con e-parent\" data-id=\"cp98d1202\" data-element_type=\"container\" data-e-type=\"container\">\n\t\t\t\t\t<div class=\"e-con-inner\">\n\t\t\t\t<div class=\"elementor-element elementor-element-cpd6bb02a elementor-widget elementor-widget-heading\" data-id=\"cpd6bb02a\" data-element_type=\"widget\" data-e-type=\"widget\" data-widget_type=\"heading.default\">\n\t\t\t\t\t<h2 class=\"elementor-heading-title elementor-size-default\">Episodis m\u00edtics m\u00e9s enll\u00e0 del rapte de Pers\u00e8fone<\/h2>\t\t\t\t<\/div>\n\t\t<div class=\"elementor-element elementor-element-cpd44728e e-con-full e-flex e-con e-child\" data-id=\"cpd44728e\" data-element_type=\"container\" data-e-type=\"container\">\n\t\t\t\t<div class=\"elementor-element elementor-element-cpa129061 elementor-widget elementor-widget-text-editor\" data-id=\"cpa129061\" data-element_type=\"widget\" data-e-type=\"widget\" data-widget_type=\"text-editor.default\">\n\t\t\t\t\t\t\t\t\t<p>Encara que el rapte de la filla \u00e9s la narraci\u00f3 m\u00e9s coneguda sobre Dem\u00e8ter, la <span class=\"iwg-fachbegriff\" data-tooltip=\"La transmissi\u00f3 de coneixements i narracions al llarg de generacions.\" tabindex=\"0\">tradici\u00f3<\/span> coneix altres episodis que il\u00b7luminen el seu car\u00e0cter. Un d&#8217;ells \u00e9s la hist\u00f2ria d&#8217;Erisicton, un rei que fa talar un <span class=\"iwg-fachbegriff\" data-tooltip=\"Un bosc sagrat que servia com a lloc de culte.\" tabindex=\"0\">bosc sagrat<\/span> de Dem\u00e8ter per obtenir fusta de construcci\u00f3.<\/p><p>Com a c\u00e0stig, la deessa el colpeix amb una fam insaciable. Erisicton devora tots els seus b\u00e9ns, acaba venent la seva pr\u00f2pia filla i, finalment, es menja a si mateix. Ovidi va desenvolupar aquesta fosca narraci\u00f3 a les <em>Metamorfosis<\/em>. Mostra Dem\u00e8ter com una for\u00e7a que castiga sense pietat l&#8217;ofensa contra els seus llocs sagrats.<\/p><p>Una altra tradici\u00f3 es refereix a la uni\u00f3 amb l&#8217;heroi Iasi\u00f3, amb qui Dem\u00e8ter, segons la <em>Teogonia<\/em> d&#8217;Hes\u00edode, engendra la riquesa de Plutos en un camp llaurat tres vegades. El nom Plutos significa abund\u00e0ncia, i l&#8217;episodi torna a vincular Dem\u00e8ter amb la producci\u00f3 agr\u00edcola i la prosperitat.<\/p><p>En una tradici\u00f3 local arc\u00e0dia, en canvi, el d\u00e9u Posid\u00f3, en forma de cavall, s&#8217;uneix a Dem\u00e8ter; d&#8217;aquesta uni\u00f3 neix el cavall meravell\u00f3s Arei\u00f3. Aquesta <span class=\"iwg-fachbegriff\" data-tooltip=\"Una narraci\u00f3 transmesa amb sovint un nucli hist\u00f2ric i trets meravellosos.\" tabindex=\"0\">llegenda<\/span> est\u00e0 relacionada amb el <span class=\"iwg-fachbegriff\" data-tooltip=\"El conjunt d'actes de veneraci\u00f3 religiosa dedicats a una divinitat o figura sagrada.\" tabindex=\"0\">culte<\/span> de Dem\u00e8ter Erinys o Dem\u00e8ter Melaina, la Dem\u00e8ter negra, a l&#8217;Arc\u00e0dia.<\/p><p>Aquestes narracions disperses s\u00f3n valuoses per a la investigaci\u00f3 perqu\u00e8 demostren que Dem\u00e8ter no es pot reduir a la gran hist\u00f2ria de mare i filla.<\/p><p>En les tradicions locals que Paus\u00e0nies va recollir a la seva Descripci\u00f3 de Gr\u00e8cia, apareix m\u00e9s diversa i, en part, m\u00e9s arcaica, amb aspectes iracunds, foscos o zoomorfs. La <span class=\"iwg-fachbegriff\" data-tooltip=\"La ci\u00e8ncia que estudia les religions de manera comparativa i sense adscripci\u00f3 de fe.\" tabindex=\"0\">ci\u00e8ncia de la religi\u00f3<\/span> hi veu capes de diferents \u00e8poques que es superposen en la imatge transmesa de Dem\u00e8ter.<\/p>\t\t\t\t\t\t\t\t<\/div>\n\t\t\t\t<\/div>\n\t\t\t\t\t<\/div>\n\t\t\t\t<\/div>\n\t\t<div class=\"elementor-element elementor-element-cp2ec1178 e-flex e-con-boxed e-con e-parent\" data-id=\"cp2ec1178\" data-element_type=\"container\" data-e-type=\"container\">\n\t\t\t\t\t<div class=\"e-con-inner\">\n\t\t\t\t<div class=\"elementor-element elementor-element-cp77b4075 elementor-widget elementor-widget-heading\" data-id=\"cp77b4075\" data-element_type=\"widget\" data-e-type=\"widget\" data-widget_type=\"heading.default\">\n\t\t\t\t\t<h2 class=\"elementor-heading-title elementor-size-default\">Perviv\u00e8ncia: de la Ceres romana a la investigaci\u00f3 moderna<\/h2>\t\t\t\t<\/div>\n\t\t<div class=\"elementor-element elementor-element-cp19ba471 e-con-full e-flex e-con e-child\" data-id=\"cp19ba471\" data-element_type=\"container\" data-e-type=\"container\">\n\t\t\t\t<div class=\"elementor-element elementor-element-cp61ead26 elementor-widget elementor-widget-text-editor\" data-id=\"cp61ead26\" data-element_type=\"widget\" data-e-type=\"widget\" data-widget_type=\"text-editor.default\">\n\t\t\t\t\t\t\t\t\t<p>Els romans van identificar Dem\u00e8ter amb la seva pr\u00f2pia deessa del gra, <a href=\"https:\/\/iwell-guard.com\/ca\/?page_id=171780\">Ceres<\/a>, el nom de la qual encara pervivia en paraules com cereals. El culte a Ceres a Roma tenia una hist\u00f2ria pr\u00f2pia i estava vinculat des d&#8217;antic amb la plebs i amb l&#8217;abastament de gra de la ciutat, per\u00f2 amb el temps va assumir nombrosos trets de la Dem\u00e8ter grega.<\/p><p>Amb aix\u00f2, el <span class=\"iwg-fachbegriff\" data-tooltip=\"Una narraci\u00f3 transmesa sobre d\u00e9us, or\u00edgens i l'ordre del m\u00f3n.\" tabindex=\"0\">mite<\/span> del rapte de la filla, desenvolupat en llat\u00ed per Ovidi i altres poetes, va passar a la literatura romana i, m\u00e9s tard, a l&#8217;europea.<\/p><p>En l&#8217;art i la poesia posteriors a l&#8217;antiguitat, Dem\u00e8ter apareix, sobretot amb el nom de Ceres, com la fertilitat personificada i com l&#8217;estiu en les representacions de les estacions. La lectura al\u00b7leg\u00f2rica del mite de Pers\u00e8fone com a imatge del cicle vegetatiu ja era corrent a l&#8217;<span class=\"iwg-fachbegriff\" data-tooltip=\"\u00c8poca de la cultura grega i romana, aproximadament del 800 a. C. al 600 d. C.\" tabindex=\"0\">Antiguitat<\/span> i ho va seguir essent fins a l&#8217;\u00e8poca moderna.<\/p><p>L&#8217;estudi cient\u00edfic de Dem\u00e8ter durant els segles XIX i XX va estar estretament lligat al debat sobre els cultes de la mare i sobre la relaci\u00f3 entre <span class=\"iwg-fachbegriff\" data-tooltip=\"Una narraci\u00f3 transmesa sobre d\u00e9us, or\u00edgens i l'ordre del m\u00f3n.\" tabindex=\"0\">mite<\/span> i <span class=\"iwg-fachbegriff\" data-tooltip=\"Un acte religi\u00f3s fixat i recurrent.\" tabindex=\"0\">ritu<\/span>. Teories m\u00e9s antigues veien en Dem\u00e8ter una simple divinitat vegetal o la vinculaven a especulacions sobre un dret matern prehist\u00f2ric; aquests enfocaments es consideren avui superats.<\/p><p>La investigaci\u00f3 m\u00e9s recent, com la de Walter Burkert a la seva <em>Griechische Religion<\/em> i estudis espec\u00edfics sobre Eleusis, subratlla en canvi la funci\u00f3 cultual i social concreta de la deessa: la seva import\u00e0ncia per a la seguretat aliment\u00e0ria, per al m\u00f3n ritual de les dones en les Tesmof\u00f2ries i per a l&#8217;esperan\u00e7a d&#8217;ultratomba dels iniciats.<\/p><p>Dem\u00e8ter continua sent, doncs, un exemple central de com la religi\u00f3 grega estava estretament entrella\u00e7ada amb les condicions b\u00e0siques de la vida: l&#8217;aliment, la mort i l&#8217;esperan\u00e7a.<\/p>\t\t\t\t\t\t\t\t<\/div>\n\t\t\t\t<\/div>\n\t\t\t\t\t<\/div>\n\t\t\t\t<\/div>\n\t\t<div class=\"elementor-element elementor-element-36dd7469 e-flex e-con-boxed e-con e-parent\" data-id=\"36dd7469\" data-element_type=\"container\" data-e-type=\"container\">\n\t\t\t\t\t<div class=\"e-con-inner\">\n\t\t\t\t<div class=\"elementor-element elementor-element-13760ab4 elementor-widget elementor-widget-heading\" data-id=\"13760ab4\" data-element_type=\"widget\" data-e-type=\"widget\" data-widget_type=\"heading.default\">\n\t\t\t\t\t<h2 class=\"elementor-heading-title elementor-size-default\">Enlla\u00e7os relacionats<\/h2>\t\t\t\t<\/div>\n\t\t<div class=\"elementor-element elementor-element-28c87796 e-con-full e-flex e-con e-child\" data-id=\"28c87796\" data-element_type=\"container\" data-e-type=\"container\">\n\t\t\t\t<div class=\"elementor-element elementor-element-5d6538df elementor-widget elementor-widget-text-editor\" data-id=\"5d6538df\" data-element_type=\"widget\" data-e-type=\"widget\" data-widget_type=\"text-editor.default\">\n\t\t\t\t\t\t\t\t\t<ul><li><a href=\"https:\/\/iwell-guard.com\/ca\/?page_id=171502\">Pers\u00e8fone, filla<\/a><\/li><li><a href=\"https:\/\/iwell-guard.com\/ca\/?page_id=171468\">Hades, cunyat i gendre<\/a><\/li><li><a href=\"https:\/\/iwell-guard.com\/ca\/hecate\/\">H\u00e8cate, acompanyant en el mite<\/a><\/li><li><a href=\"https:\/\/iwell-guard.com\/ca\/?page_id=171630\">Afrodita, coreferenciada a Eleusis<\/a><\/li><li><a href=\"https:\/\/iwell-guard.com\/ca\/grecia\/\">Gr\u00e8cia, panorama del pante\u00f3<\/a><\/li><li><a href=\"https:\/\/iwell-guard.com\/ca\/?page_id=171459\">Divinitats superiors, subcategoria<\/a><\/li><li><a href=\"https:\/\/iwell-guard.com\/ca\/?page_id=171431\">D\u00e9us, panorama de classes<\/a><\/li><\/ul>\t\t\t\t\t\t\t\t<\/div>\n\t\t\t\t<\/div>\n\t\t\t\t\t<\/div>\n\t\t\t\t<\/div>\n\t\t<div class=\"elementor-element elementor-element-grl4kl40 e-flex e-con-boxed e-con e-parent\" data-id=\"grl4kl40\" data-element_type=\"container\" data-e-type=\"container\">\n\t\t\t\t\t<div class=\"e-con-inner\">\n\t\t\t\t<div class=\"elementor-element elementor-element-bzsbfrmh elementor-widget elementor-widget-heading\" data-id=\"bzsbfrmh\" data-element_type=\"widget\" data-e-type=\"widget\" data-widget_type=\"heading.default\">\n\t\t\t\t\t<h2 class=\"elementor-heading-title elementor-size-default\">Bibliografia (selecci\u00f3)<\/h2>\t\t\t\t<\/div>\n\t\t<div class=\"elementor-element elementor-element-2c13224a e-con-full e-flex e-con e-child\" data-id=\"2c13224a\" data-element_type=\"container\" data-e-type=\"container\">\n\t\t\t\t<div class=\"elementor-element elementor-element-0eymh9ub elementor-widget elementor-widget-text-editor\" data-id=\"0eymh9ub\" data-element_type=\"widget\" data-e-type=\"widget\" data-widget_type=\"text-editor.default\">\n\t\t\t\t\t\t\t\t\t<footer class=\"iwg-literatur\" data-nosnippet=\"true\"><ul><li><span data-nosnippet>Burkert, Walter: <em>Misteris de l&#8217;<span class=\"iwg-fachbegriff\" data-tooltip=\"\u00c8poca de la cultura grega i romana, aproximadament del 800 a. C. al 600 d. C.\" tabindex=\"0\">Antiguitat<\/span>. Funcions i contingut<\/em>. Munic 1990.<\/span><\/li><li><span data-nosnippet>Foley, Helene P.: <em>The Homeric Hymn to Demeter<\/em>. Princeton 1994.<\/span><\/li><li><span data-nosnippet>Clinton, Kevin: <em>Myth and Cult. The Iconography of the Eleusinian Mysteries<\/em>. Estocolm 1992.<\/span><\/li><li>Paus\u00e0nies: <em>Descripci\u00f3 de Gr\u00e8cia<\/em>, llibre I (Eleusis).<\/li><li>Walde, Christine (ed.): <em>Der Neue Pauly<\/em> (entrada &bdquo;Demeter&ldquo;).<\/li><\/ul><\/footer>\n<p class=\"iwg-bib-more\"><span data-nosnippet>M\u00e9s obres de refer\u00e8ncia al <a href=\"https:\/\/iwell-guard.com\/ca\/?page_id=171483\">llistat de bibliografia<\/a>.<\/span><\/p>\t\t\t\t\t\t\t\t<\/div>\n\t\t\t\t<\/div>\n\t\t\t\t\t<\/div>\n\t\t\t\t<\/div>\n\t\t<div class=\"elementor-element elementor-element-iwgkw2-add-demeter e-flex e-con-boxed e-con e-parent\" data-id=\"iwgkw2-add-demeter\" data-element_type=\"container\" data-e-type=\"container\">\n\t\t\t\t\t<div class=\"e-con-inner\">\n\t\t\t\t<div class=\"elementor-element elementor-element-iwgkw2-add-demeter-t elementor-widget elementor-widget-text-editor\" data-id=\"iwgkw2-add-demeter-t\" data-element_type=\"widget\" data-e-type=\"widget\" data-widget_type=\"text-editor.default\">\n\t\t\t\t\t\t\t\t\t<p>En la <em><span class=\"iwg-fachbegriff\" data-tooltip=\"El conjunt de narracions transmeses sobre d\u00e9us d'una cultura.\" tabindex=\"0\">mitologia<\/span><\/em> grega, Dem\u00e8ter apareix com la deessa de l&#8217;agricultura i de les \u00e8poques de sembra, la dolor de la qual per la filla segrestada Pers\u00e8fone explica el canvi de les estacions i era reprodu\u00efda lit\u00fargicament en el <span class=\"iwg-fachbegriff\" data-tooltip=\"El conjunt d'actes de veneraci\u00f3 religiosa dedicats a una divinitat o figura sagrada.\" tabindex=\"0\">culte<\/span> d&#8217;Eleusis.<\/p>\t\t\t\t\t\t\t\t<\/div>\n\t\t\t\t\t<\/div>\n\t\t\t\t<\/div>\n\t\t<div class=\"elementor-element elementor-element-68e4f5d e-con-boxed e-flex e-con e-parent\" data-id=\"68e4f5d\" data-element_type=\"container\" data-e-type=\"container\">\n\t\t\t\t\t<div class=\"e-con-inner\">\n\t\t\t\t<div class=\"elementor-element elementor-element-0e12a22 elementor-widget elementor-widget-text-editor\" data-id=\"0e12a22\" data-element_type=\"widget\" data-e-type=\"widget\" data-widget_type=\"text-editor.default\">\n\t\t\t\t\t\t\t\t\t\n<h2>Preguntes freq\u00fcents sobre Dem\u00e8ter<\/h2>\n<div class=\"iwg-faq-q\"><h3>Qui \u00e9s Dem\u00e8ter en la <span class=\"iwg-fachbegriff\" data-tooltip=\"El conjunt dels relats sobre d\u00e9us transmesos per una cultura.\" tabindex=\"0\">mitologia<\/span> grega?<\/h3><p>Dem\u00e8ter (tamb\u00e9 Damater, aproximadament Mare Terra) \u00e9s la deessa grega de la fertilitat, l&#8217;agricultura i la collita, una de les dotze de\u00eftats ol\u00edmpiques. \u00c9s germana de Zeus i mare de Pers\u00e8fone. El seu equivalent rom\u00e0 \u00e9s Ceres (d&#8217;on prov\u00e9 la paraula cereal).<\/p><p>El <span class=\"iwg-fachbegriff\" data-tooltip=\"Un relat transm\u00e8s sobre d\u00e9us, or\u00edgens i l'ordre del m\u00f3n.\" tabindex=\"0\">mite<\/span> central: Hades rapta Pers\u00e8fone, i Dem\u00e8ter s&#8217;entristeix tant que la terra es torna \u00e0rida; un acord amb Hades permet el retorn anual de Pers\u00e8fone. Aquesta \u00e9s l&#8217;explicaci\u00f3 mitol\u00f2gica del cicle anual de fertilitat i guaret.<\/p><\/div>\n<div class=\"iwg-faq-q\"><h3>Quin \u00e9s el paper de Dem\u00e8ter en els Misteris d&#8217;Eleusis?<\/h3><p>Dem\u00e8ter \u00e9s la deessa principal dels Misteris d&#8217;Eleusis, el culte mist\u00e8ric m\u00e9s important de la Gr\u00e8cia antiga. El <span class=\"iwg-fachbegriff\" data-tooltip=\"Un relat transm\u00e8s sobre d\u00e9us, or\u00edgens i l'ordre del m\u00f3n.\" tabindex=\"0\">mite<\/span>: mentre cercava Pers\u00e8fone, Dem\u00e8ter va arribar esparracada a Eleusis i hi va ser acollida hospital\u00e0riament pel rei.<\/p><p><span data-nosnippet>Va revelar als eleusins la seva veritable identitat i el misteri del gra: qui compr\u00e8n el secret del renaixement de la llavor pot tamb\u00e9 albirar esperan\u00e7a en la seva pr\u00f2pia resurrecci\u00f3. La <span class=\"iwg-fachbegriff\" data-tooltip=\"Transici\u00f3 ritual per la qual alg\u00fa \u00e9s adm\u00e8s en un nou estatus o comunitat.\" tabindex=\"0\">iniciaci\u00f3<\/span> en els grans Misteris d&#8217;Eleusis (al setembre) prometia als iniciats una vida despr\u00e9s de la mort m\u00e9s feli\u00e7; el culte mist\u00e8ric es mantenia estrictament secret i es va practicar durant gaireb\u00e9 2000 anys.<\/span><\/p><\/div>\n<script type=\"application\/ld+json\">{\"@context\":\"https:\/\/schema.org\",\"@type\":\"FAQPage\",\"mainEntity\":[{\"@type\":\"Question\",\"name\":\"Qui \u00e9s Dem\u00e8ter en la mitologia grega?\",\"acceptedAnswer\":{\"@type\":\"Answer\",\"text\":\"Dem\u00e8ter (tamb\u00e9 Damater, aproximadament Mare Terra) \u00e9s la deessa grega de la fertilitat, l'agricultura i la collita, una de les dotze de\u00eftats ol\u00edmpiques. \u00c9s germana de Zeus i mare de Pers\u00e8fone. El seu equivalent rom\u00e0 \u00e9s Ceres (d'on prov\u00e9 la paraula cereal).El mite central: Hades rapta Pers\u00e8fone, i Dem\u00e8ter s'entristeix tant que la terra es torna \u00e0rida; un acord amb Hades permet el retorn anual de Pers\u00e8fone. Aquesta \u00e9s l'explicaci\u00f3 mitol\u00f2gica del cicle anual de fertilitat i guaret.\"}},{\"@type\":\"Question\",\"name\":\"Quin \u00e9s el paper de Dem\u00e8ter en els Misteris d'Eleusis?\",\"acceptedAnswer\":{\"@type\":\"Answer\",\"text\":\"Dem\u00e8ter \u00e9s la deessa principal dels Misteris d'Eleusis, el culte mist\u00e8ric m\u00e9s important de la Gr\u00e8cia antiga. El mite: mentre cercava Pers\u00e8fone, Dem\u00e8ter va arribar esparracada a Eleusis i hi va ser acollida hospital\u00e0riament pel rei.Va revelar als eleusins la seva veritable identitat i el misteri del gra: qui compr\u00e8n el secret del renaixement de la llavor pot tamb\u00e9 albirar esperan\u00e7a en la seva pr\u00f2pia resurrecci\u00f3. La iniciaci\u00f3 en els grans Misteris d'Eleusis (al setembre) prometia als iniciats una vida despr\u00e9s de la mort m\u00e9s feli\u00e7; el culte mist\u00e8ric es mantenia estrictament secret i es va practicar durant gaireb\u00e9 2000 anys.\"}}]}<\/script>\t\t\t\t\t\t\t\t<\/div>\n\t\t\t\t\t<\/div>\n\t\t\t\t<\/div>\n\t\t\t\t<\/div>\n\t\t","protected":false},"excerpt":{"rendered":"","protected":false},"author":3,"featured_media":1581,"parent":0,"menu_order":0,"comment_status":"closed","ping_status":"closed","template":"elementor_header_footer","meta":{"_yoast_wpseo_focuskw":"Dem\u00e8ter","_yoast_wpseo_title":"Dem\u00e8ter \u2013 deessa grega del blat","_yoast_wpseo_metadesc":"Deessa del blat, la fertilitat i mare de Pers\u00e8fone. Els misteris eleusinis, els cicles de collita i la superviv\u00e8ncia de la humanitat.","_yoast_wpseo_meta-robots-noindex":"","_yoast_wpseo_canonical":"","_angie_page":false,"gefaehrdungsstufe":"2","wesen_kultur":"griechenland","wesen_klasse":"goetter","footnotes":""},"categories":[],"class_list":["post-171539","page","type-page","status-publish","has-post-thumbnail","hentry"],"yoast_head":"<!-- This site is optimized with the Yoast SEO Premium plugin v27.7 (Yoast SEO v28.3) - https:\/\/yoast.com\/product\/yoast-seo-premium-wordpress\/ -->\n<title>Dem\u00e8ter \u2013 deessa grega del blat<\/title>\n<meta name=\"description\" content=\"Deessa del blat, la fertilitat i mare de Pers\u00e8fone. Els misteris eleusinis, els cicles de collita i la superviv\u00e8ncia de la humanitat.\" \/>\n<meta name=\"robots\" content=\"index, follow, max-snippet:-1, max-image-preview:large, max-video-preview:-1\" \/>\n<link rel=\"canonical\" href=\"https:\/\/iwell-guard.com\/ca\/demeter\/\" \/>\n<meta property=\"og:locale\" content=\"ca_ES\" \/>\n<meta property=\"og:type\" content=\"article\" \/>\n<meta property=\"og:title\" content=\"Dem\u00e8ter\" \/>\n<meta property=\"og:description\" content=\"Deessa del blat, la fertilitat i mare de Pers\u00e8fone. Els misteris eleusinis, els cicles de collita i la superviv\u00e8ncia de la humanitat.\" \/>\n<meta property=\"og:url\" content=\"https:\/\/iwell-guard.com\/ca\/demeter\/\" \/>\n<meta property=\"og:site_name\" content=\"iWell Guard\" \/>\n<meta property=\"article:modified_time\" content=\"2026-09-05T16:00:32+00:00\" \/>\n<meta property=\"og:image\" content=\"https:\/\/iwell-guard.com\/wp-content\/uploads\/2026\/04\/goetter_griechenland_demeter.webp\" \/>\n\t<meta property=\"og:image:width\" content=\"1024\" \/>\n\t<meta property=\"og:image:height\" content=\"1536\" \/>\n\t<meta property=\"og:image:type\" content=\"image\/webp\" \/>\n<meta name=\"twitter:card\" content=\"summary_large_image\" \/>\n<script type=\"application\/ld+json\" class=\"yoast-schema-graph\">{\"@context\":\"https:\\\/\\\/schema.org\",\"@graph\":[{\"@type\":\"WebPage\",\"@id\":\"https:\\\/\\\/iwell-guard.com\\\/ca\\\/demeter\\\/\",\"url\":\"https:\\\/\\\/iwell-guard.com\\\/ca\\\/demeter\\\/\",\"name\":\"Dem\u00e8ter \u2013 deessa grega del blat\",\"isPartOf\":{\"@id\":\"https:\\\/\\\/iwell-guard.com\\\/ca\\\/#website\"},\"primaryImageOfPage\":{\"@id\":\"https:\\\/\\\/iwell-guard.com\\\/ca\\\/demeter\\\/#primaryimage\"},\"image\":{\"@id\":\"https:\\\/\\\/iwell-guard.com\\\/ca\\\/demeter\\\/#primaryimage\"},\"thumbnailUrl\":\"https:\\\/\\\/iwell-guard.com\\\/wp-content\\\/uploads\\\/2026\\\/04\\\/goetter_griechenland_demeter.webp\",\"datePublished\":\"2026-09-05T15:40:15+00:00\",\"dateModified\":\"2026-09-05T16:00:32+00:00\",\"description\":\"Deessa del blat, la fertilitat i mare de Pers\u00e8fone. Els misteris eleusinis, els cicles de collita i la superviv\u00e8ncia de la humanitat.\",\"breadcrumb\":{\"@id\":\"https:\\\/\\\/iwell-guard.com\\\/ca\\\/demeter\\\/#breadcrumb\"},\"inLanguage\":\"ca\",\"potentialAction\":[{\"@type\":\"ReadAction\",\"target\":[\"https:\\\/\\\/iwell-guard.com\\\/ca\\\/demeter\\\/\"]}]},{\"@type\":\"ImageObject\",\"inLanguage\":\"ca\",\"@id\":\"https:\\\/\\\/iwell-guard.com\\\/ca\\\/demeter\\\/#primaryimage\",\"url\":\"https:\\\/\\\/iwell-guard.com\\\/wp-content\\\/uploads\\\/2026\\\/04\\\/goetter_griechenland_demeter.webp\",\"contentUrl\":\"https:\\\/\\\/iwell-guard.com\\\/wp-content\\\/uploads\\\/2026\\\/04\\\/goetter_griechenland_demeter.webp\",\"width\":1024,\"height\":1536,\"caption\":\"D\u00e9us de la tradici\u00f3 grega.\"},{\"@type\":\"BreadcrumbList\",\"@id\":\"https:\\\/\\\/iwell-guard.com\\\/ca\\\/demeter\\\/#breadcrumb\",\"itemListElement\":[{\"@type\":\"ListItem\",\"position\":1,\"name\":\"Start\",\"item\":\"https:\\\/\\\/iwell-guard.com\\\/ca\\\/?page_id=171333\"},{\"@type\":\"ListItem\",\"position\":2,\"name\":\"Dem\u00e8ter\"}]},{\"@type\":\"WebSite\",\"@id\":\"https:\\\/\\\/iwell-guard.com\\\/ca\\\/#website\",\"url\":\"https:\\\/\\\/iwell-guard.com\\\/ca\\\/\",\"name\":\"iWell Guard\",\"description\":\"Schutz vor dunklen Einfl\u00fcssen\",\"publisher\":{\"@id\":\"https:\\\/\\\/iwell-guard.com\\\/ca\\\/#organization\"},\"potentialAction\":[{\"@type\":\"SearchAction\",\"target\":{\"@type\":\"EntryPoint\",\"urlTemplate\":\"https:\\\/\\\/iwell-guard.com\\\/ca\\\/?s={search_term_string}\"},\"query-input\":{\"@type\":\"PropertyValueSpecification\",\"valueRequired\":true,\"valueName\":\"search_term_string\"}}],\"inLanguage\":\"ca\"},{\"@type\":\"Organization\",\"@id\":\"https:\\\/\\\/iwell-guard.com\\\/ca\\\/#organization\",\"name\":\"Ittermann electronic GmbH\",\"url\":\"https:\\\/\\\/iwell-guard.com\\\/ca\\\/\",\"logo\":{\"@type\":\"ImageObject\",\"inLanguage\":\"ca\",\"@id\":\"https:\\\/\\\/iwell-guard.com\\\/ca\\\/#\\\/schema\\\/logo\\\/image\\\/\",\"url\":\"https:\\\/\\\/iwell-guard.com\\\/wp-content\\\/uploads\\\/2026\\\/05\\\/Ittermann-Logo-1182x237-1.png\",\"contentUrl\":\"https:\\\/\\\/iwell-guard.com\\\/wp-content\\\/uploads\\\/2026\\\/05\\\/Ittermann-Logo-1182x237-1.png\",\"width\":1182,\"height\":237,\"caption\":\"Ittermann electronic GmbH\"},\"image\":{\"@id\":\"https:\\\/\\\/iwell-guard.com\\\/ca\\\/#\\\/schema\\\/logo\\\/image\\\/\"},\"sameAs\":[\"https:\\\/\\\/pantip.com\\\/profile\\\/9367242\",\"https:\\\/\\\/micro.blog\\\/iwellguard\",\"https:\\\/\\\/www.diggerslist.com\\\/iwellguard\\\/about\",\"https:\\\/\\\/skitterphoto.com\\\/photographers\\\/2870314\\\/iwell-guard\",\"https:\\\/\\\/iwellguard.wordpress.com\\\/2026\\\/06\\\/06\\\/iwell-guard\\\/\",\"https:\\\/\\\/hub.docker.com\\\/u\\\/iwellguard\",\"https:\\\/\\\/www.pinterest.com\\\/iwellguard\\\/\",\"https:\\\/\\\/bit.ly\\\/m\\\/iwellguard\",\"https:\\\/\\\/entre-vos-mains.alsace.eu\\\/profiles\\\/iwellguard\\\/activity\",\"https:\\\/\\\/gravatar.com\\\/reallybeded8fd34\",\"https:\\\/\\\/naijamatta.com\\\/iwellguard\",\"https:\\\/\\\/www.goodreads.com\\\/iwellguard\",\"https:\\\/\\\/profile.hatena.ne.jp\\\/iwellguard\\\/\",\"https:\\\/\\\/experiment.com\\\/users\\\/iwellguard\",\"https:\\\/\\\/wakelet.com\\\/@iWellGuard82270\",\"https:\\\/\\\/www.chordie.com\\\/forum\\\/profile.php?id=2555664\",\"https:\\\/\\\/www.instapaper.com\\\/p\\\/17757966\",\"https:\\\/\\\/www.mapleprimes.com\\\/users\\\/iwellguard\",\"https:\\\/\\\/businesslistingplus.com\\\/profile\\\/iwell-guard\\\/\",\"https:\\\/\\\/telegra.ph\\\/iWell-Guard-06-06\",\"https:\\\/\\\/pbase.com\\\/iwellguard\\\/iwellguard\",\"https:\\\/\\\/b.hatena.ne.jp\\\/iwellguard\\\/20260607#bookmark-4788405196491818882\",\"https:\\\/\\\/fliphtml5.com\\\/home\\\/iwellguard\",\"https:\\\/\\\/anyflip.com\\\/homepage\\\/cmiwl#About\",\"https:\\\/\\\/transfur.com\\\/Users\\\/iwellguard\",\"http:\\\/\\\/delphi.larsbo.org\\\/user\\\/iwellguard\",\"https:\\\/\\\/jobs.lajobsportal.org\\\/profiles\\\/8380803-iwell-guard\",\"https:\\\/\\\/md.chaosdorf.de\\\/s\\\/jfbe5SBdJD\",\"https:\\\/\\\/www.lingvolive.com\\\/en-us\\\/profile\\\/9ecaeaca-ce11-4e51-9e71-01d55e2bff36\\\/translations\",\"https:\\\/\\\/www.fitday.com\\\/fitness\\\/forums\\\/members\\\/iwellguard.html\",\"https:\\\/\\\/www.mymeetbook.com\\\/iwellguard\",\"https:\\\/\\\/pxhere.com\\\/en\\\/photographer-me\\\/5040798\",\"https:\\\/\\\/disqus.com\\\/by\\\/iwellguard\\\/about\\\/\",\"https:\\\/\\\/pastelink.net\\\/hjwciqwq\",\"https:\\\/\\\/pubhtml5.com\\\/homepage\\\/scjhn\\\/\",\"https:\\\/\\\/www.bitchute.com\\\/channel\\\/2O2eOKzNqujT\",\"https:\\\/\\\/audiomack.com\\\/iwellguard\"]},{\"@type\":\"Article\",\"@id\":\"https:\\\/\\\/iwell-guard.com\\\/ca\\\/demeter\\\/#article\",\"isPartOf\":{\"@id\":\"https:\\\/\\\/iwell-guard.com\\\/ca\\\/demeter\\\/\"},\"author\":{\"name\":\"Ralf Ittermann\",\"@id\":\"https:\\\/\\\/iwell-guard.com\\\/ca\\\/#\\\/schema\\\/person\\\/ee2a27f1cac3406c7c6fb5820cb7349f\"},\"headline\":\"Dem\u00e8ter\",\"datePublished\":\"2026-09-05T15:40:15+00:00\",\"dateModified\":\"2026-09-05T16:00:32+00:00\",\"mainEntityOfPage\":{\"@id\":\"https:\\\/\\\/iwell-guard.com\\\/ca\\\/demeter\\\/\"},\"publisher\":{\"@id\":\"https:\\\/\\\/iwell-guard.com\\\/ca\\\/#organization\"},\"image\":{\"@id\":\"https:\\\/\\\/iwell-guard.com\\\/ca\\\/demeter\\\/#primaryimage\"},\"thumbnailUrl\":\"https:\\\/\\\/iwell-guard.com\\\/wp-content\\\/uploads\\\/2026\\\/04\\\/goetter_griechenland_demeter.webp\",\"inLanguage\":\"ca\",\"description\":\"Deessa del blat, la fertilitat i mare de Pers\u00e8fone. Els misteris eleusinis, els cicles de collita i la superviv\u00e8ncia de la humanitat.\"}]}<\/script>\n<!-- \/ Yoast SEO Premium plugin. -->","yoast_head_json":{"title":"Dem\u00e8ter \u2013 deessa grega del blat","description":"Deessa del blat, la fertilitat i mare de Pers\u00e8fone. Els misteris eleusinis, els cicles de collita i la superviv\u00e8ncia de la humanitat.","robots":{"index":"index","follow":"follow","max-snippet":"max-snippet:-1","max-image-preview":"max-image-preview:large","max-video-preview":"max-video-preview:-1"},"canonical":"https:\/\/iwell-guard.com\/ca\/demeter\/","og_locale":"ca_ES","og_type":"article","og_title":"Dem\u00e8ter","og_description":"Deessa del blat, la fertilitat i mare de Pers\u00e8fone. Els misteris eleusinis, els cicles de collita i la superviv\u00e8ncia de la humanitat.","og_url":"https:\/\/iwell-guard.com\/ca\/demeter\/","og_site_name":"iWell Guard","article_modified_time":"2026-09-05T16:00:32+00:00","og_image":[{"width":1024,"height":1536,"url":"https:\/\/iwell-guard.com\/wp-content\/uploads\/2026\/04\/goetter_griechenland_demeter.webp","type":"image\/webp"}],"twitter_card":"summary_large_image","schema":{"@context":"https:\/\/schema.org","@graph":[{"@type":"Article","@id":"https:\/\/iwell-guard.com\/ca\/demeter\/#article","isPartOf":{"@id":"https:\/\/iwell-guard.com\/ca\/demeter\/"},"author":{"name":"Ralf Ittermann","@id":"https:\/\/iwell-guard.com\/ca\/#\/schema\/person\/ee2a27f1cac3406c7c6fb5820cb7349f"},"headline":"Dem\u00e8ter","datePublished":"2026-09-05T15:40:15+00:00","dateModified":"2026-09-05T16:00:32+00:00","mainEntityOfPage":{"@id":"https:\/\/iwell-guard.com\/ca\/demeter\/"},"publisher":{"@id":"https:\/\/iwell-guard.com\/ca\/#organization"},"image":{"@id":"https:\/\/iwell-guard.com\/ca\/demeter\/#primaryimage"},"thumbnailUrl":"https:\/\/iwell-guard.com\/wp-content\/uploads\/2026\/04\/goetter_griechenland_demeter.webp","inLanguage":"ca","description":"Deessa del blat, la fertilitat i mare de Pers\u00e8fone. Els misteris eleusinis, els cicles de collita i la superviv\u00e8ncia de la humanitat."},{"@type":"WebPage","@id":"https:\/\/iwell-guard.com\/ca\/demeter\/","url":"https:\/\/iwell-guard.com\/ca\/demeter\/","name":"Dem\u00e8ter \u2013 deessa grega del blat","isPartOf":{"@id":"https:\/\/iwell-guard.com\/ca\/#website"},"primaryImageOfPage":{"@id":"https:\/\/iwell-guard.com\/ca\/demeter\/#primaryimage"},"image":{"@id":"https:\/\/iwell-guard.com\/ca\/demeter\/#primaryimage"},"thumbnailUrl":"https:\/\/iwell-guard.com\/wp-content\/uploads\/2026\/04\/goetter_griechenland_demeter.webp","datePublished":"2026-09-05T15:40:15+00:00","dateModified":"2026-09-05T16:00:32+00:00","description":"Deessa del blat, la fertilitat i mare de Pers\u00e8fone. Els misteris eleusinis, els cicles de collita i la superviv\u00e8ncia de la humanitat.","breadcrumb":{"@id":"https:\/\/iwell-guard.com\/ca\/demeter\/#breadcrumb"},"inLanguage":"ca","potentialAction":[{"@type":"ReadAction","target":["https:\/\/iwell-guard.com\/ca\/demeter\/"]}]},{"@type":"ImageObject","inLanguage":"ca","@id":"https:\/\/iwell-guard.com\/ca\/demeter\/#primaryimage","url":"https:\/\/iwell-guard.com\/wp-content\/uploads\/2026\/04\/goetter_griechenland_demeter.webp","contentUrl":"https:\/\/iwell-guard.com\/wp-content\/uploads\/2026\/04\/goetter_griechenland_demeter.webp","width":1024,"height":1536,"caption":"D\u00e9us de la tradici\u00f3 grega."},{"@type":"BreadcrumbList","@id":"https:\/\/iwell-guard.com\/ca\/demeter\/#breadcrumb","itemListElement":[{"@type":"ListItem","position":1,"name":"Start","item":"https:\/\/iwell-guard.com\/ca\/?page_id=171333"},{"@type":"ListItem","position":2,"name":"Dem\u00e8ter"}]},{"@type":"WebSite","@id":"https:\/\/iwell-guard.com\/ca\/#website","url":"https:\/\/iwell-guard.com\/ca\/","name":"iWell Guard","description":"Schutz vor dunklen Einfl\u00fcssen","publisher":{"@id":"https:\/\/iwell-guard.com\/ca\/#organization"},"potentialAction":[{"@type":"SearchAction","target":{"@type":"EntryPoint","urlTemplate":"https:\/\/iwell-guard.com\/ca\/?s={search_term_string}"},"query-input":{"@type":"PropertyValueSpecification","valueRequired":true,"valueName":"search_term_string"}}],"inLanguage":"ca"},{"@type":"Organization","@id":"https:\/\/iwell-guard.com\/ca\/#organization","name":"Ittermann electronic GmbH","url":"https:\/\/iwell-guard.com\/ca\/","logo":{"@type":"ImageObject","inLanguage":"ca","@id":"https:\/\/iwell-guard.com\/ca\/#\/schema\/logo\/image\/","url":"https:\/\/iwell-guard.com\/wp-content\/uploads\/2026\/05\/Ittermann-Logo-1182x237-1.png","contentUrl":"https:\/\/iwell-guard.com\/wp-content\/uploads\/2026\/05\/Ittermann-Logo-1182x237-1.png","width":1182,"height":237,"caption":"Ittermann electronic GmbH"},"image":{"@id":"https:\/\/iwell-guard.com\/ca\/#\/schema\/logo\/image\/"},"sameAs":["https:\/\/pantip.com\/profile\/9367242","https:\/\/micro.blog\/iwellguard","https:\/\/www.diggerslist.com\/iwellguard\/about","https:\/\/skitterphoto.com\/photographers\/2870314\/iwell-guard","https:\/\/iwellguard.wordpress.com\/2026\/06\/06\/iwell-guard\/","https:\/\/hub.docker.com\/u\/iwellguard","https:\/\/www.pinterest.com\/iwellguard\/","https:\/\/bit.ly\/m\/iwellguard","https:\/\/entre-vos-mains.alsace.eu\/profiles\/iwellguard\/activity","https:\/\/gravatar.com\/reallybeded8fd34","https:\/\/naijamatta.com\/iwellguard","https:\/\/www.goodreads.com\/iwellguard","https:\/\/profile.hatena.ne.jp\/iwellguard\/","https:\/\/experiment.com\/users\/iwellguard","https:\/\/wakelet.com\/@iWellGuard82270","https:\/\/www.chordie.com\/forum\/profile.php?id=2555664","https:\/\/www.instapaper.com\/p\/17757966","https:\/\/www.mapleprimes.com\/users\/iwellguard","https:\/\/businesslistingplus.com\/profile\/iwell-guard\/","https:\/\/telegra.ph\/iWell-Guard-06-06","https:\/\/pbase.com\/iwellguard\/iwellguard","https:\/\/b.hatena.ne.jp\/iwellguard\/20260607#bookmark-4788405196491818882","https:\/\/fliphtml5.com\/home\/iwellguard","https:\/\/anyflip.com\/homepage\/cmiwl#About","https:\/\/transfur.com\/Users\/iwellguard","http:\/\/delphi.larsbo.org\/user\/iwellguard","https:\/\/jobs.lajobsportal.org\/profiles\/8380803-iwell-guard","https:\/\/md.chaosdorf.de\/s\/jfbe5SBdJD","https:\/\/www.lingvolive.com\/en-us\/profile\/9ecaeaca-ce11-4e51-9e71-01d55e2bff36\/translations","https:\/\/www.fitday.com\/fitness\/forums\/members\/iwellguard.html","https:\/\/www.mymeetbook.com\/iwellguard","https:\/\/pxhere.com\/en\/photographer-me\/5040798","https:\/\/disqus.com\/by\/iwellguard\/about\/","https:\/\/pastelink.net\/hjwciqwq","https:\/\/pubhtml5.com\/homepage\/scjhn\/","https:\/\/www.bitchute.com\/channel\/2O2eOKzNqujT","https:\/\/audiomack.com\/iwellguard"]},{"@type":"Person","@id":"https:\/\/iwell-guard.com\/ca\/#\/schema\/person\/ee2a27f1cac3406c7c6fb5820cb7349f","name":"Ralf Ittermann","image":{"@type":"ImageObject","inLanguage":"ca","@id":"https:\/\/secure.gravatar.com\/avatar\/073c0153e350a5005b68eb752b445fea71f6b24a26da9449ad7e155e6b446c9d?s=96&d=mm&r=g","url":"https:\/\/secure.gravatar.com\/avatar\/073c0153e350a5005b68eb752b445fea71f6b24a26da9449ad7e155e6b446c9d?s=96&d=mm&r=g","contentUrl":"https:\/\/secure.gravatar.com\/avatar\/073c0153e350a5005b68eb752b445fea71f6b24a26da9449ad7e155e6b446c9d?s=96&d=mm&r=g","caption":"Ralf Ittermann"},"givenName":"Ralf","familyName":"Ittermann","jobTitle":"Gesch\u00e4ftsf\u00fchrer und redaktioneller Verantwortlicher","url":"https:\/\/iwell-guard.com\/ca\/author\/claude\/","description":"Ralf Ittermann ist Gesch\u00e4ftsf\u00fchrer der Ittermann electronic GmbH und redaktioneller Verantwortlicher des iWell-Guard-Lexikons. Er verbindet langj\u00e4hrige Erfahrung in der Pr\u00e4zisionsfertigung mit medialer Praxis und religionsgeschichtlicher Quellenarbeit.","worksFor":{"@type":"Organization","name":"Ittermann electronic GmbH","url":"https:\/\/ittermann.de\/","address":{"@type":"PostalAddress","streetAddress":"K\u00f6hlergasse 16-18","postalCode":"99842","addressLocality":"Ruhla","addressCountry":"DE"}},"knowsAbout":["Religionsgeschichte","Mythologie","Mediale Praxis","Energetische Diagnostik","Schutzpraxis","Volksglauben","Westliche Esoterik"]},{"@type":"Article","@id":"https:\/\/iwell-guard.com\/ca\/demeter\/#article","isPartOf":{"@id":"https:\/\/iwell-guard.com\/ca\/demeter\/"},"author":{"name":"Ralf Ittermann","@id":"https:\/\/iwell-guard.com\/ca\/#\/schema\/person\/ee2a27f1cac3406c7c6fb5820cb7349f"},"headline":"Dem\u00e8ter","datePublished":"2026-09-05T15:40:15+00:00","dateModified":"2026-09-05T16:00:32+00:00","mainEntityOfPage":{"@id":"https:\/\/iwell-guard.com\/ca\/demeter\/"},"publisher":{"@id":"https:\/\/iwell-guard.com\/ca\/#organization"},"image":{"@id":"https:\/\/iwell-guard.com\/ca\/demeter\/#primaryimage"},"thumbnailUrl":"https:\/\/iwell-guard.com\/wp-content\/uploads\/2026\/04\/goetter_griechenland_demeter.webp","inLanguage":"ca","description":"Deessa del blat, la fertilitat i mare de Pers\u00e8fone. Els misteris eleusinis, els cicles de collita i la superviv\u00e8ncia de la humanitat."}]}},"_links":{"self":[{"href":"https:\/\/iwell-guard.com\/ca\/wp-json\/wp\/v2\/pages\/171539","targetHints":{"allow":["GET"]}}],"collection":[{"href":"https:\/\/iwell-guard.com\/ca\/wp-json\/wp\/v2\/pages"}],"about":[{"href":"https:\/\/iwell-guard.com\/ca\/wp-json\/wp\/v2\/types\/page"}],"author":[{"embeddable":true,"href":"https:\/\/iwell-guard.com\/ca\/wp-json\/wp\/v2\/users\/3"}],"replies":[{"embeddable":true,"href":"https:\/\/iwell-guard.com\/ca\/wp-json\/wp\/v2\/comments?post=171539"}],"version-history":[{"count":0,"href":"https:\/\/iwell-guard.com\/ca\/wp-json\/wp\/v2\/pages\/171539\/revisions"}],"wp:featuredmedia":[{"embeddable":true,"href":"https:\/\/iwell-guard.com\/ca\/wp-json\/wp\/v2\/media\/1581"}],"wp:attachment":[{"href":"https:\/\/iwell-guard.com\/ca\/wp-json\/wp\/v2\/media?parent=171539"}],"wp:term":[{"taxonomy":"category","embeddable":true,"href":"https:\/\/iwell-guard.com\/ca\/wp-json\/wp\/v2\/categories?post=171539"}],"curies":[{"name":"wp","href":"https:\/\/api.w.org\/{rel}","templated":true}]}}