{"id":171538,"date":"2026-09-05T15:40:14","date_gmt":"2026-09-05T15:40:14","guid":{"rendered":"https:\/\/iwell-guard.com\/?page_id=171538"},"modified":"2026-09-05T16:00:31","modified_gmt":"2026-09-05T16:00:31","slug":"apollo","status":"publish","type":"page","link":"https:\/\/iwell-guard.com\/ca\/apollo\/","title":{"rendered":"Apol\u00b7lo"},"content":{"rendered":"\t\t<div data-elementor-type=\"wp-page\" data-elementor-id=\"171538\" class=\"elementor elementor-171538 elementor-2036 elementor-bc-flex-widget\" data-elementor-post-type=\"page\">\n\t\t\t\t<div class=\"elementor-element elementor-element-10fdade e-flex e-con-boxed e-con e-parent\" data-id=\"10fdade\" data-element_type=\"container\" data-e-type=\"container\" data-settings=\"{&quot;background_background&quot;:&quot;classic&quot;}\">\n\t\t\t\t\t<div class=\"e-con-inner\">\n\t\t<div class=\"elementor-element elementor-element-herohlft0 e-flex e-con-boxed e-con e-child\" data-id=\"herohlft0\" data-element_type=\"container\" data-e-type=\"container\">\n\t\t\t\t\t<div class=\"e-con-inner\">\n\t\t<div class=\"elementor-element elementor-element-c3ceb64 e-con-full e-flex e-con e-child\" data-id=\"c3ceb64\" data-element_type=\"container\" data-e-type=\"container\">\n\t\t\t\t<div class=\"elementor-element elementor-element-96ae5e1 elementor-widget elementor-widget-heading\" data-id=\"96ae5e1\" data-element_type=\"widget\" data-e-type=\"widget\" data-widget_type=\"heading.default\">\n\t\t\t\t\t<h1 class=\"elementor-heading-title elementor-size-default\">Apol\u00b7lo, d\u00e9u de la tradici\u00f3 grega<\/h1>\t\t\t\t<\/div>\n\t\t\t\t<div class=\"elementor-element elementor-element-e45238a elementor-widget elementor-widget-text-editor\" data-id=\"e45238a\" data-element_type=\"widget\" data-e-type=\"widget\" data-widget_type=\"text-editor.default\">\n\t\t\t\t\t\t\t\t\t<p><strong>D\u00e9u de la llum, la m\u00fasica, la curaci\u00f3 i l&#8217;oracle.<\/strong> Apol\u00b7lo \u00e9s un dels dotze ol\u00edmpics i el d\u00e9u m\u00e9s polifac\u00e8tic de la religi\u00f3 grega. Fill de Zeus i Leto, germ\u00e0 bess\u00f3 d&#8217;\u00c0rtemis, encarna l&#8217;ordre, la bellesa i la profecia. El seu <span class=\"iwg-fachbegriff\" data-tooltip=\"Un lloc sagrat dedicat a la veneraci\u00f3 d'una divinitat.\" tabindex=\"0\">santuari<\/span> a Delfos \u00e9s el melic del m\u00f3n antic; el seu <span class=\"iwg-fachbegriff\" data-tooltip=\"Un indret o instituci\u00f3 on es sol\u00b7licita un dictamen div\u00ed.\" tabindex=\"0\">oracle<\/span> influeix per igual en les decisions de reis i mortals.<\/p><p>Apol\u00b7lo \u00e9s d\u00e9u de la tradici\u00f3 grega, protector de l&#8217;art de curar, la m\u00fasica i l&#8217;oracle.<\/p>\t\t\t\t\t\t\t\t<\/div>\n\t\t\t\t<\/div>\n\t\t<div class=\"elementor-element elementor-element-klsbdg01 e-con-full e-flex e-con e-parent\" data-id=\"klsbdg01\" data-element_type=\"container\" data-e-type=\"container\">\n\t\t\t\t<div class=\"elementor-element elementor-element-klshtm01 elementor-widget elementor-widget-html\" data-id=\"klshtm01\" data-element_type=\"widget\" data-e-type=\"widget\" data-widget_type=\"html.default\">\n\t\t\t\t\t<div class=\"iwg-pill-row\"><span class=\"iwg-klasse-badge\" tabindex=\"0\" data-tooltip=\"D\u00e9u \/ Deessa: Poder suprem personificat en el pante\u00f3 d'una cultura, amb \u00e0mbits clars de compet\u00e8ncia, forces de la natura, dest\u00ed, guerra, fertilitat. Venerat mitjan\u00e7ant cultes, ofrenes i institucions de temple.\">D\u00e9u<\/span><a href=\"https:\/\/iwell-guard.com\/ca\/grecia\/\" class=\"iwg-kultur-badge\" tabindex=\"0\" data-tooltip=\"Religi\u00f3 i mitologia de la Gr\u00e8cia antiga des de l'\u00e8poca mic\u00e8nica fins a l'antiguitat tardana.\">Gr\u00e8cia<\/a><\/div>\t\t\t\t<\/div>\n\t\t\t\t<\/div>\n\t\t<div class=\"elementor-element elementor-element-3f74855 e-con-full e-flex e-con e-child\" data-id=\"3f74855\" data-element_type=\"container\" data-e-type=\"container\">\n\t\t\t\t<div class=\"elementor-element elementor-element-1c30362 elementor-toc--minimized-on-tablet elementor-widget elementor-widget-table-of-contents\" data-id=\"1c30362\" data-element_type=\"widget\" data-e-type=\"widget\" data-settings=\"{&quot;exclude_headings_by_selector&quot;:[],&quot;no_headings_message&quot;:&quot;No s&#039;ha trobat cap encap\\u00e7alament en aquesta p\\u00e0gina.&quot;,&quot;headings_by_tags&quot;:[&quot;h2&quot;,&quot;h3&quot;],&quot;marker_view&quot;:&quot;bullets&quot;,&quot;minimize_box&quot;:&quot;yes&quot;,&quot;icon&quot;:{&quot;value&quot;:&quot;fas fa-circle&quot;,&quot;library&quot;:&quot;fa-solid&quot;,&quot;rendered_tag&quot;:&quot;&lt;svg class=\\&quot;e-font-icon-svg e-fas-circle\\&quot; viewBox=\\&quot;0 0 512 512\\&quot; xmlns=\\&quot;http:\\\/\\\/www.w3.org\\\/2000\\\/svg\\&quot;&gt;&lt;path d=\\&quot;M256 8C119 8 8 119 8 256s111 248 248 248 248-111 248-248S393 8 256 8z\\&quot;&gt;&lt;\\\/path&gt;&lt;\\\/svg&gt;&quot;},&quot;minimized_on&quot;:&quot;tablet&quot;,&quot;hierarchical_view&quot;:&quot;yes&quot;,&quot;min_height&quot;:{&quot;unit&quot;:&quot;px&quot;,&quot;size&quot;:&quot;&quot;,&quot;sizes&quot;:[]},&quot;min_height_tablet&quot;:{&quot;unit&quot;:&quot;px&quot;,&quot;size&quot;:&quot;&quot;,&quot;sizes&quot;:[]},&quot;min_height_mobile&quot;:{&quot;unit&quot;:&quot;px&quot;,&quot;size&quot;:&quot;&quot;,&quot;sizes&quot;:[]}}\" data-widget_type=\"table-of-contents.default\">\n\t\t\t\t\t\t\t\t\t<div class=\"elementor-toc__header\">\n\t\t\t\t\t\t<h2 class=\"elementor-toc__header-title\">\n\t\t\t\t\u00cdndex\t\t\t<\/h2>\n\t\t\t\t\t\t\t\t\t\t<div class=\"elementor-toc__toggle-button elementor-toc__toggle-button--expand\" role=\"button\" tabindex=\"0\" aria-controls=\"elementor-toc__1c30362\" aria-expanded=\"true\" aria-label=\"Open table of contents\"><svg aria-hidden=\"true\" class=\"e-font-icon-svg e-fas-chevron-down\" viewBox=\"0 0 448 512\" xmlns=\"http:\/\/www.w3.org\/2000\/svg\"><path d=\"M207.029 381.476L12.686 187.132c-9.373-9.373-9.373-24.569 0-33.941l22.667-22.667c9.357-9.357 24.522-9.375 33.901-.04L224 284.505l154.745-154.021c9.379-9.335 24.544-9.317 33.901.04l22.667 22.667c9.373 9.373 9.373 24.569 0 33.941L240.971 381.476c-9.373 9.372-24.569 9.372-33.942 0z\"><\/path><\/svg><\/div>\n\t\t\t\t<div class=\"elementor-toc__toggle-button elementor-toc__toggle-button--collapse\" role=\"button\" tabindex=\"0\" aria-controls=\"elementor-toc__1c30362\" aria-expanded=\"true\" aria-label=\"Close table of contents\"><svg aria-hidden=\"true\" class=\"e-font-icon-svg e-fas-chevron-up\" viewBox=\"0 0 448 512\" xmlns=\"http:\/\/www.w3.org\/2000\/svg\"><path d=\"M240.971 130.524l194.343 194.343c9.373 9.373 9.373 24.569 0 33.941l-22.667 22.667c-9.357 9.357-24.522 9.375-33.901.04L224 227.495 69.255 381.516c-9.379 9.335-24.544 9.317-33.901-.04l-22.667-22.667c-9.373-9.373-9.373-24.569 0-33.941L207.03 130.525c9.372-9.373 24.568-9.373 33.941-.001z\"><\/path><\/svg><\/div>\n\t\t\t\t\t<\/div>\n\t\t\t\t<div id=\"elementor-toc__1c30362\" class=\"elementor-toc__body\">\n\t\t\t<div class=\"elementor-toc__spinner-container\">\n\t\t\t\t<svg class=\"elementor-toc__spinner eicon-animation-spin e-font-icon-svg e-eicon-loading\" aria-hidden=\"true\" viewBox=\"0 0 1000 1000\" xmlns=\"http:\/\/www.w3.org\/2000\/svg\"><path d=\"M500 975V858C696 858 858 696 858 500S696 142 500 142 142 304 142 500H25C25 237 238 25 500 25S975 237 975 500 763 975 500 975Z\"><\/path><\/svg>\t\t\t<\/div>\n\t\t<\/div>\n\t\t\t\t\t\t<\/div>\n\t\t\t\t<\/div>\n\t\t\t\t\t<\/div>\n\t\t\t\t<\/div>\n\t\t<div class=\"elementor-element elementor-element-herorght0 e-con-full e-flex e-con e-child\" data-id=\"herorght0\" data-element_type=\"container\" data-e-type=\"container\">\n\t\t\t\t<div class=\"elementor-element elementor-element-heroimg00 iwg-hero-image elementor-widget elementor-widget-image\" data-id=\"heroimg00\" data-element_type=\"widget\" data-e-type=\"widget\" data-widget_type=\"image.default\">\n\t\t\t\t\t\t\t\t\t\t\t\t\t\t\t<img fetchpriority=\"high\" decoding=\"async\" width=\"683\" height=\"1024\" src=\"https:\/\/iwell-guard.com\/wp-content\/uploads\/2026\/04\/goetter_griechenland_apollon-683x1024.webp\" class=\"attachment-large size-large wp-image-1577\" alt=\"Apol\u00b7lo\" srcset=\"https:\/\/iwell-guard.com\/wp-content\/uploads\/2026\/04\/goetter_griechenland_apollon-683x1024.webp 683w, https:\/\/iwell-guard.com\/wp-content\/uploads\/2026\/04\/goetter_griechenland_apollon-200x300.webp 200w, https:\/\/iwell-guard.com\/wp-content\/uploads\/2026\/04\/goetter_griechenland_apollon-768x1152.webp 768w, https:\/\/iwell-guard.com\/wp-content\/uploads\/2026\/04\/goetter_griechenland_apollon.webp 1024w\" sizes=\"(max-width: 683px) 100vw, 683px\" \/>\t\t\t\t\t\t\t\t\t\t\t\t\t\t\t<\/div>\n\t\t\t\t<\/div>\n\t\t\t\t\t<\/div>\n\t\t\t\t<\/div>\n\t\t<div class=\"elementor-element elementor-element-32917199 e-flex e-con-boxed e-con e-parent\" data-id=\"32917199\" data-element_type=\"container\" data-e-type=\"container\">\n\t\t\t\t\t<div class=\"e-con-inner\">\n\t\t<div class=\"elementor-element elementor-element-26e916cb e-flex e-con-boxed e-con e-child\" data-id=\"26e916cb\" data-element_type=\"container\" data-e-type=\"container\">\n\t\t\t\t\t<div class=\"e-con-inner\">\n\t\t<div class=\"elementor-element elementor-element-253a40d4 e-flex e-con-boxed e-con e-child\" data-id=\"253a40d4\" data-element_type=\"container\" data-e-type=\"container\">\n\t\t\t\t\t<div class=\"e-con-inner\">\n\t\t\t\t<div class=\"elementor-element elementor-element-1200c304 elementor-widget elementor-widget-heading\" data-id=\"1200c304\" data-element_type=\"widget\" data-e-type=\"widget\" data-widget_type=\"heading.default\">\n\t\t\t\t\t<h2 class=\"elementor-heading-title elementor-size-default\">Apol\u00b7lo<\/h2>\t\t\t\t<\/div>\n\t\t\t\t\t<\/div>\n\t\t\t\t<\/div>\n\t\t<div class=\"elementor-element elementor-element-159dcf9a e-flex e-con-boxed e-con e-child\" data-id=\"159dcf9a\" data-element_type=\"container\" data-e-type=\"container\">\n\t\t\t\t\t<div class=\"e-con-inner\">\n\t\t\t\t<div class=\"elementor-element elementor-element-48cee66f elementor-widget elementor-widget-heading\" data-id=\"48cee66f\" data-element_type=\"widget\" data-e-type=\"widget\" data-widget_type=\"heading.default\">\n\t\t\t\t\t<h2 class=\"elementor-heading-title elementor-size-default\">Resum: Apol\u00b7lo<\/h2>\t\t\t\t<\/div>\n\t\t\t\t<div class=\"elementor-element elementor-element-3f50d82c elementor-widget elementor-widget-text-editor\" data-id=\"3f50d82c\" data-element_type=\"widget\" data-e-type=\"widget\" data-widget_type=\"text-editor.default\">\n\t\t\t\t\t\t\t\t\t<p><strong>Tipus:<\/strong> Divinitat principal grega, d\u00e9u de les muses, la curaci\u00f3, la llum i la profecia<br><span class=\"iwg-fachbegriff\" data-tooltip=\"El conjunt de d\u00e9us d'una religi\u00f3 o cultura.\" tabindex=\"0\">Pante\u00f3<\/span>: Gr\u00e8cia (un dels dotze ol\u00edmpics), assumit sense canvis pels romans<br>Funci\u00f3: m\u00fasica i poesia, curaci\u00f3 i pesta, tir amb arc, <span class=\"iwg-fachbegriff\" data-tooltip=\"Un indret o instituci\u00f3 on es sol\u00b7licita un dictamen div\u00ed.\" tabindex=\"0\">oracle<\/span>, retirada de la mesura (m\u0113d\u00e9n \u00e1gan)<br>Atributs principals: arc amb fletxes de plata, c\u00edtara (lira), corona de llorer, tr\u00edpode<br>Principals llocs de culte: Delfos (oracle principal del m\u00f3n antic), Delos (lloc de naixement), Claros, D\u00eddima, P\u00e0tara<br>Equivalent rom\u00e0: Apol\u00b7lo (sense canvis)<\/p>\t\t\t\t\t\t\t\t<\/div>\n\t\t\t\t\t<\/div>\n\t\t\t\t<\/div>\n\t\t\t\t\t<\/div>\n\t\t\t\t<\/div>\n\t\t\t\t\t<\/div>\n\t\t\t\t<\/div>\n\t\t<div class=\"elementor-element elementor-element-18613602 e-flex e-con-boxed e-con e-parent\" data-id=\"18613602\" data-element_type=\"container\" data-e-type=\"container\">\n\t\t\t\t\t<div class=\"e-con-inner\">\n\t\t\t\t<div class=\"elementor-element elementor-element-262b8a9f elementor-widget elementor-widget-heading\" data-id=\"262b8a9f\" data-element_type=\"widget\" data-e-type=\"widget\" data-widget_type=\"heading.default\">\n\t\t\t\t\t<h2 class=\"elementor-heading-title elementor-size-default\">Context<\/h2>\t\t\t\t<\/div>\n\t\t<div class=\"elementor-element elementor-element-46dcb7d e-con-full e-flex e-con e-child\" data-id=\"46dcb7d\" data-element_type=\"container\" data-e-type=\"container\">\n\t\t<div class=\"elementor-element elementor-element-61d3ab3 e-flex e-con-boxed e-con e-child\" data-id=\"61d3ab3\" data-element_type=\"container\" data-e-type=\"container\">\n\t\t\t\t\t<div class=\"e-con-inner\">\n\t\t\t\t<div class=\"elementor-element elementor-element-117c166 elementor-widget elementor-widget-heading\" data-id=\"117c166\" data-element_type=\"widget\" data-e-type=\"widget\" data-widget_type=\"heading.default\">\n\t\t\t\t\t<h3 class=\"elementor-heading-title elementor-size-default\">Per\u00edode dels textos<\/h3>\t\t\t\t<\/div>\n\t\t\t\t<div class=\"elementor-element elementor-element-73997a0 elementor-widget elementor-widget-text-editor\" data-id=\"73997a0\" data-element_type=\"widget\" data-e-type=\"widget\" data-widget_type=\"text-editor.default\">\n\t\t\t\t\t\t\t\t\t<p>Apol\u00b7lo \u00e9s central en la <span class=\"iwg-fachbegriff\" data-tooltip=\"El conjunt de relats m\u00edtics transmesos sobre les divinitats d'una cultura.\" tabindex=\"0\">mitologia<\/span> grega des d&#8217;Homer (segle VIII aC). El seu principal centre de culte, <em>Delfos<\/em>, va sorgir probablement al segle VIII aC (sobre un antic santuari <span class=\"iwg-fachbegriff\" data-tooltip=\"Un lloc o instituci\u00f3 on es demana un veredicte div\u00ed.\" tabindex=\"0\">oracular<\/span> de la terra dedicat a Gaia\/Temis), es va convertir en <span class=\"iwg-fachbegriff\" data-tooltip=\"Un lloc sagrat dedicat a la veneraci\u00f3 d'una divinitat.\" tabindex=\"0\">santuari<\/span> panhel\u00b7l\u00e8nic i va seguir sent durant gaireb\u00e9 1000 anys l&#8217;<span class=\"iwg-fachbegriff\" data-tooltip=\"Un lloc o instituci\u00f3 on es demana un veredicte div\u00ed.\" tabindex=\"0\">oracle<\/span> m\u00e9s important del m\u00f3n antic, fins que va ser tancat el 392 dC sota Teodosi.<\/p><p>El moment de m\u00e0xima esplendor de la <span class=\"iwg-fachbegriff\" data-tooltip=\"La doctrina cient\u00edfica sobre d\u00e9u i sobre la fe d'una religi\u00f3.\" tabindex=\"0\">teologia<\/span> apol\u00b7l\u00ednia va ser als segles V\/IV aC (P\u00edndar, \u00c8squil, S\u00f2focles, Plat\u00f3). A l&#8217;imperi rom\u00e0, August va convertir el <span class=\"iwg-fachbegriff\" data-tooltip=\"El conjunt d'actes de veneraci\u00f3 religiosa cap a una divinitat o figura sagrada.\" tabindex=\"0\">culte<\/span> a Apol\u00b7lo en un programa estatal: el <span class=\"iwg-fachbegriff\" data-tooltip=\"Un edifici destinat a la veneraci\u00f3 d'una o diverses divinitats.\" tabindex=\"0\">temple<\/span> d&#8217;Apol\u00b7lo Palat\u00ed a Roma era el santuari central de l&#8217;imperi. A l&#8217;antiguitat tardana es va produir el declivi; l&#8217;\u00faltim vaticini de la P\u00edtia a Delfos data del 393 dC.<\/p>\t\t\t\t\t\t\t\t<\/div>\n\t\t\t\t\t<\/div>\n\t\t\t\t<\/div>\n\t\t<div class=\"elementor-element elementor-element-d47b156 e-flex e-con-boxed e-con e-child\" data-id=\"d47b156\" data-element_type=\"container\" data-e-type=\"container\">\n\t\t\t\t\t<div class=\"e-con-inner\">\n\t\t\t\t<div class=\"elementor-element elementor-element-ff38c2b elementor-widget elementor-widget-heading\" data-id=\"ff38c2b\" data-element_type=\"widget\" data-e-type=\"widget\" data-widget_type=\"heading.default\">\n\t\t\t\t\t<h3 class=\"elementor-heading-title elementor-size-default\">\u00c0rea de difusi\u00f3<\/h3>\t\t\t\t<\/div>\n\t\t\t\t<div class=\"elementor-element elementor-element-4e49fcc elementor-widget elementor-widget-text-editor\" data-id=\"4e49fcc\" data-element_type=\"widget\" data-e-type=\"widget\" data-widget_type=\"text-editor.default\">\n\t\t\t\t\t\t\t\t\t<p>Principals llocs de culte: <strong>Delfos<\/strong> (l&#8217;<span class=\"iwg-fachbegriff\" data-tooltip=\"Un lloc o instituci\u00f3 on es rep un pronunciament div\u00ed.\" tabindex=\"0\">oracle<\/span> p\u00edtic, panhel\u00b7l\u00e8nic, amb la c\u00e8lebre P\u00edtia, que pronunciava els seus vaticinis en tr\u00e0nsit, envoltada de vapors que sortien de la terra), <strong>Delos<\/strong> (lloc m\u00edtic de naixement, illa sagrada panhel\u00b7l\u00e8nica on estava prohibit n\u00e9ixer o morir), <strong>Claros<\/strong> (\u00c0sia Menor, segon <span class=\"iwg-fachbegriff\" data-tooltip=\"Un lloc o instituci\u00f3 on es rep un pronunciament div\u00ed.\" tabindex=\"0\">oracle<\/span> important), <strong>D\u00eddima<\/strong> (prop de Milet, <span class=\"iwg-fachbegriff\" data-tooltip=\"Un edifici dedicat al culte d'una o diverses divinitats.\" tabindex=\"0\">temple<\/span> d&#8217;Apol\u00b7lo amb el seu propi <span class=\"iwg-fachbegriff\" data-tooltip=\"Un lloc o instituci\u00f3 on es rep un pronunciament div\u00ed.\" tabindex=\"0\">oracle<\/span>), <strong>P\u00e0tara<\/strong> (L\u00edcia, seu de l&#8217;<span class=\"iwg-fachbegriff\" data-tooltip=\"Un lloc o instituci\u00f3 on es rep un pronunciament div\u00ed.\" tabindex=\"0\">oracle<\/span> d&#8217;hivern).<\/p><p>Els <em>Jocs P\u00edtics<\/em> a Delfos (cada 4 anys) eren un dels quatre grans jocs panhel\u00b7l\u00e8nics. En l&#8217;\u00e0mbit rom\u00e0: el <span class=\"iwg-fachbegriff\" data-tooltip=\"Un edifici dedicat al culte d'una o diverses divinitats.\" tabindex=\"0\">temple<\/span> d&#8217;Apol\u00b7lo Palat\u00ed a Roma (\u00e8poca augustal), i el <span class=\"iwg-fachbegriff\" data-tooltip=\"Un edifici dedicat al culte d'una o diverses divinitats.\" tabindex=\"0\">temple<\/span> de Sosi\u00e0.<\/p>\t\t\t\t\t\t\t\t<\/div>\n\t\t\t\t\t<\/div>\n\t\t\t\t<\/div>\n\t\t\t\t<\/div>\n\t\t<div class=\"elementor-element elementor-element-db03c39 e-con-full e-flex e-con e-child\" data-id=\"db03c39\" data-element_type=\"container\" data-e-type=\"container\">\n\t\t<div class=\"elementor-element elementor-element-229a87b e-flex e-con-boxed e-con e-child\" data-id=\"229a87b\" data-element_type=\"container\" data-e-type=\"container\">\n\t\t\t\t\t<div class=\"e-con-inner\">\n\t\t\t\t<div class=\"elementor-element elementor-element-1f471fc elementor-widget elementor-widget-heading\" data-id=\"1f471fc\" data-element_type=\"widget\" data-e-type=\"widget\" data-widget_type=\"heading.default\">\n\t\t\t\t\t<h3 class=\"elementor-heading-title elementor-size-default\">Estat de les fonts<\/h3>\t\t\t\t<\/div>\n\t\t\t\t<div class=\"elementor-element elementor-element-36b1201 elementor-widget elementor-widget-text-editor\" data-id=\"36b1201\" data-element_type=\"widget\" data-e-type=\"widget\" data-widget_type=\"text-editor.default\">\n\t\t\t\t\t\t\t\t\t<p>Entre les fonts centrals hi ha Hes\u00edode (Teogonia) i la Il\u00edada i l&#8217;Odissea d&#8217;Homer. S\u00f3n centrals perqu\u00e8 Apol\u00b7lo \u00e9s el d\u00e9u grec m\u00e9s important a la Il\u00edada del costat troi\u00e0. S&#8217;hi afegeix l&#8217;Himne hom\u00e8ric a Apol\u00b7lo, el text apol\u00b7lini m\u00e9s extens, que tracta tant aspectes de Delos com de Delfos. Altres fonts s\u00f3n P\u00edndar (Odes P\u00edtiques), Les Eum\u00e8nides d&#8217;\u00c8squil, Plutarc (De Defectu Oraculorum, reflexi\u00f3 tardana sobre el declivi de l&#8217;oracle) i la Descripci\u00f3 de Gr\u00e8cia de Paus\u00e0nias, llibre X (topografia de Delfos).<\/p><p>Bibliografia secund\u00e0ria: Burkert, <em>Griechische Religion<\/em>; Graf, <em>Apollo<\/em>; Bowden, <em>Classical Athens and the Delphic Oracle<\/em>; Fontenrose, <em>The Delphic Oracle<\/em>.<\/p>\t\t\t\t\t\t\t\t<\/div>\n\t\t\t\t\t<\/div>\n\t\t\t\t<\/div>\n\t\t\t\t<\/div>\n\t\t\t\t\t<\/div>\n\t\t\t\t<\/div>\n\t\t<div class=\"elementor-element elementor-element-3ae0637c e-flex e-con-boxed e-con e-parent\" data-id=\"3ae0637c\" data-element_type=\"container\" data-e-type=\"container\">\n\t\t\t\t\t<div class=\"e-con-inner\">\n\t\t\t\t<div class=\"elementor-element elementor-element-31d07739 elementor-widget elementor-widget-heading\" data-id=\"31d07739\" data-element_type=\"widget\" data-e-type=\"widget\" data-widget_type=\"heading.default\">\n\t\t\t\t\t<h2 class=\"elementor-heading-title elementor-size-default\">Nom<\/h2>\t\t\t\t<\/div>\n\t\t<div class=\"elementor-element elementor-element-b7642947 e-con-full e-flex e-con e-child\" data-id=\"b7642947\" data-element_type=\"container\" data-e-type=\"container\">\n\t\t\t\t<div class=\"elementor-element elementor-element-a086266 elementor-widget elementor-widget-text-editor\" data-id=\"a086266\" data-element_type=\"widget\" data-e-type=\"widget\" data-widget_type=\"text-editor.default\">\n\t\t\t\t\t\t\t\t\t<p>Apol\u00b7lo es representa com un jove bell i sense barba, sovint amb una lira a les mans o amb arc i fletxes. El seu <span class=\"iwg-fachbegriff\" data-tooltip=\"Un signe que representa una idea o significat.\" tabindex=\"0\">s\u00edmbol<\/span> \u00e9s el sol (encara que H\u00e8lios \u00e9s la personificaci\u00f3 directa del d\u00e9u sol).<\/p><p>La corona de llorer, el bast\u00f3 daurat (<em>tirsos<\/em>), la lluita contra les serps (el combat contra Pit\u00f3) adornen la seva iconografia. Els seus colors s\u00f3n l&#8217;or i el blanc; el seu animal el corb, el seu arbre el llorer.<\/p>\t\t\t\t\t\t\t\t<\/div>\n\t\t\t\t<\/div>\n\t\t\t\t\t<\/div>\n\t\t\t\t<\/div>\n\t\t<div class=\"elementor-element elementor-element-709a44a8 e-flex e-con-boxed e-con e-parent\" data-id=\"709a44a8\" data-element_type=\"container\" data-e-type=\"container\">\n\t\t\t\t\t<div class=\"e-con-inner\">\n\t\t\t\t<div class=\"elementor-element elementor-element-2f585873 elementor-widget elementor-widget-heading\" data-id=\"2f585873\" data-element_type=\"widget\" data-e-type=\"widget\" data-widget_type=\"heading.default\">\n\t\t\t\t\t<h2 class=\"elementor-heading-title elementor-size-default\">Caracter\u00edstiques<\/h2>\t\t\t\t<\/div>\n\t\t<div class=\"elementor-element elementor-element-70621c12 e-con-full e-flex e-con e-child\" data-id=\"70621c12\" data-element_type=\"container\" data-e-type=\"container\">\n\t\t\t\t<div class=\"elementor-element elementor-element-4296eb49 elementor-widget elementor-widget-text-editor\" data-id=\"4296eb49\" data-element_type=\"widget\" data-e-type=\"widget\" data-widget_type=\"text-editor.default\">\n\t\t\t\t\t\t\t\t\t<p>Apol\u00b7lo \u00e9s venerat en tres aspectes principals: com a guaridor (d\u00e9u que envia i cura la pesta), com a vident (a trav\u00e9s de l&#8217;<span class=\"iwg-fachbegriff\" data-tooltip=\"Un lloc o instituci\u00f3 on es demana un veredicte div\u00ed.\" tabindex=\"0\">oracle<\/span> de Delfos) i com a m\u00fasic (inventor i mestre de la lira). El seu sacerdoci a Delfos \u00e9s conegut per les respostes <span class=\"iwg-fachbegriff\" data-tooltip=\"Un lloc o instituci\u00f3 on es demana un veredicte div\u00ed.\" tabindex=\"0\">oraculars<\/span> ambig\u00fces i suggeridores que determinaven destins.<\/p><p>La sent\u00e8ncia d\u00e8lfica \u00abConeix-te a tu mateix\u00bb s&#8217;atribueix a Apol\u00b7lo. Els pitag\u00f2rics i els plat\u00f2nics hi veuen l&#8217;encarnaci\u00f3 de l&#8217;harmonia i la ra\u00f3. Les seves festes anuals a Delfos i Delos reunien <span class=\"iwg-fachbegriff\" data-tooltip=\"Una persona que empr\u00e8n un viatge motivat religiosament cap a un lloc sagrat.\" tabindex=\"0\">pelegrins<\/span> de tota H\u00e8l\u00b7lade.<\/p><p><strong>Aparen\u00e7a i simbologia<\/strong><\/p><p>Apol\u00b7lo encarna el cos efebic ideal, jove, imberbe, muscul\u00f3s, sovint representat nu amb la lira, el seu instrument musical principal. Els seus atributs iconogr\u00e0fics s\u00f3n precisos: la lira (invenci\u00f3 d&#8217;Hermes, adquirida per Apol\u00b7lo), l&#8217;arc i el buirac (armes de la seva letalitat), la corona de llorer (<span class=\"iwg-fachbegriff\" data-tooltip=\"Un signe que representa una idea o significat.\" tabindex=\"0\">s\u00edmbol<\/span> de la seva vict\u00f2ria sobre la serp Pit\u00f3 i premi dels poetes).<\/p><p>El llop era el seu animal sagrat, aix\u00ed com el corb, tots dos s\u00edmbols de la profecia. El llorer li estava consagrat; la P\u00edtia de Delfos mastegava fulles de llorer abans de les seves profecies. El seu color era el daurat del sol; la seva llum penetrava tot coneixement art\u00edstic i espiritual.<\/p>\t\t\t\t\t\t\t\t<\/div>\n\t\t\t\t<\/div>\n\t\t\t\t\t<\/div>\n\t\t\t\t<\/div>\n\t\t<div class=\"elementor-element elementor-element-44e71476 e-flex e-con-boxed e-con e-parent\" data-id=\"44e71476\" data-element_type=\"container\" data-e-type=\"container\">\n\t\t\t\t\t<div class=\"e-con-inner\">\n\t\t\t\t<div class=\"elementor-element elementor-element-3c1fc3f0 elementor-widget elementor-widget-heading\" data-id=\"3c1fc3f0\" data-element_type=\"widget\" data-e-type=\"widget\" data-widget_type=\"heading.default\">\n\t\t\t\t\t<h2 class=\"elementor-heading-title elementor-size-default\">Fitxa: Apol\u00b7lo<\/h2>\t\t\t\t<\/div>\n\t\t<div class=\"elementor-element elementor-element-84f33b8e e-con-full e-flex e-con e-child\" data-id=\"84f33b8e\" data-element_type=\"container\" data-e-type=\"container\">\n\t\t\t\t<div class=\"elementor-element elementor-element-hqkdc67p elementor-widget elementor-widget-text-editor\" data-id=\"hqkdc67p\" data-element_type=\"widget\" data-e-type=\"widget\" data-widget_type=\"text-editor.default\">\n\t\t\t\t\t\t\t\t\t<p>Els aspectes m\u00e9s importants d&#8217;Apol\u00b7lo d&#8217;un cop d&#8217;ull. Els camps seg\u00fcents resumeixen origen, funci\u00f3, aparen\u00e7a, veneraci\u00f3, s\u00edmbols i paral\u00b7lelismes culturals.<\/p>\t\t\t\t\t\t\t\t<\/div>\n\t\t\t\t<\/div>\n\t\t<div class=\"elementor-element elementor-element-pemmx7c5 e-con-full e-flex e-con e-child\" data-id=\"pemmx7c5\" data-element_type=\"container\" data-e-type=\"container\">\n\t\t<div class=\"elementor-element elementor-element-pemmx7c1 e-con-full e-flex e-con e-child\" data-id=\"pemmx7c1\" data-element_type=\"container\" data-e-type=\"container\">\n\t\t<div class=\"elementor-element elementor-element-qh9oavvu iwg-steckbrief-card e-flex e-con-boxed e-con e-child\" data-id=\"qh9oavvu\" data-element_type=\"container\" data-e-type=\"container\">\n\t\t\t\t\t<div class=\"e-con-inner\">\n\t\t\t\t<div class=\"elementor-element elementor-element-awzx8k2k elementor-widget elementor-widget-heading\" data-id=\"awzx8k2k\" data-element_type=\"widget\" data-e-type=\"widget\" data-widget_type=\"heading.default\">\n\t\t\t\t\t<div class=\"elementor-heading-title elementor-size-default\">Context cultural<\/div>\t\t\t\t<\/div>\n\t\t\t\t<div class=\"elementor-element elementor-element-x6rowhv0 elementor-widget elementor-widget-text-editor\" data-id=\"x6rowhv0\" data-element_type=\"widget\" data-e-type=\"widget\" data-widget_type=\"text-editor.default\">\n\t\t\t\t\t\t\t\t\t<p>Apol\u00b7lo \u00e9s fill de Zeus i la tit\u00e0nida <em>Leto<\/em>, germ\u00e0 bess\u00f3 d&#8217;<em>\u00c0rtemis<\/em>. Va n\u00e9ixer a l&#8217;illa de Delos, on Leto (perseguida per Hera) va trobar refugi. Tres dies despr\u00e9s de n\u00e9ixer, Apol\u00b7lo va matar el drac Pit\u00f3 a Delfos i es va apoderar de l&#8217;<span class=\"iwg-fachbegriff\" data-tooltip=\"Un lloc o instituci\u00f3 on s'obt\u00e9 una resposta divina.\" tabindex=\"0\">oracle<\/span>, fins llavors sota la de\u00eftat prehel\u00b7l\u00e8nica de la Terra, Temis.<\/p><p>Entre les seves relacions liter\u00e0ries hi ha Dafne (transformada en llorer, d&#8217;on prov\u00e9 la seva corona de llorer), Cassandra (a qui va concedir el do de la profecia, per\u00f2 despr\u00e9s li va retirar la credibilitat), Jacint (l&#8217;estimat que va morir per un llan\u00e7ament de disc, i que Apol\u00b7lo commemora amb la festa de les Jacint\u00edes), Cirene (fundadora de la ciutat hom\u00f2nima). Pare d&#8217;Asclepi (d\u00e9u de la medicina) i de diverses hero\u00efnes prof\u00e8tiques.<\/p>\t\t\t\t\t\t\t\t<\/div>\n\t\t\t\t\t<\/div>\n\t\t\t\t<\/div>\n\t\t<div class=\"elementor-element elementor-element-8e3o4kxs iwg-steckbrief-card e-flex e-con-boxed e-con e-child\" data-id=\"8e3o4kxs\" data-element_type=\"container\" data-e-type=\"container\">\n\t\t\t\t\t<div class=\"e-con-inner\">\n\t\t\t\t<div class=\"elementor-element elementor-element-08rkdgov elementor-widget elementor-widget-heading\" data-id=\"08rkdgov\" data-element_type=\"widget\" data-e-type=\"widget\" data-widget_type=\"heading.default\">\n\t\t\t\t\t<div class=\"elementor-heading-title elementor-size-default\">Destinataris<\/div>\t\t\t\t<\/div>\n\t\t\t\t<div class=\"elementor-element elementor-element-uwjelx8s elementor-widget elementor-widget-text-editor\" data-id=\"uwjelx8s\" data-element_type=\"widget\" data-e-type=\"widget\" data-widget_type=\"text-editor.default\">\n\t\t\t\t\t\t\t\t\t<p>Una doble funci\u00f3 t\u00edpica d&#8217;Apol\u00b7lo: <em>portador de pesta<\/em> (l&#8217;inici de la Il\u00edada, la pesta al camp grec com a c\u00e0stig d&#8217;Apol\u00b7lo) i <em>d\u00e9u sanador<\/em> (pare d&#8217;Asclepi, patr\u00f3 dels metges). Patr\u00f3 de la <em>m\u00fasica i la poesia<\/em>, l\u00edder de les nou muses al mont Helic\u00f3. Patr\u00f3 de l&#8217;<em>art de l&#8217;arc<\/em> amb fletxes de plata.<\/p><p><em>D\u00e9u de l&#8217;<span class=\"iwg-fachbegriff\" data-tooltip=\"Un lloc o instituci\u00f3 on s'obt\u00e9 una resposta divina.\" tabindex=\"0\">oracle<\/span><\/em> per excel\u00b7l\u00e8ncia; el seu <span class=\"iwg-fachbegriff\" data-tooltip=\"Una construcci\u00f3 dedicada a la veneraci\u00f3 d'una o m\u00e9s divinitats.\" tabindex=\"0\">temple<\/span> a Delfos va ser el centre religi\u00f3s del m\u00f3n grec. <em>D\u00e9u de la llum<\/em> (Apol\u00b7lo Febus, \u00abel radiant\u00bb), m\u00e9s tard identificat en <span class=\"iwg-fachbegriff\" data-tooltip=\"Fusi\u00f3 d'idees o divinitats provinents de diferents tradicions religioses.\" tabindex=\"0\">sincretisme<\/span> amb Helios com a d\u00e9u solar. Patr\u00f3 de la <em>puresa<\/em> i de la <em>mesura<\/em> (les dites delfiques \u00abConeix-te a tu mateix\u00bb i \u00abRes en exc\u00e9s\u00bb s\u00f3n atribu\u00efdes a Apol\u00b7lo). Patr\u00f3 de les iniciacions dels joves (efebia).<\/p>\t\t\t\t\t\t\t\t<\/div>\n\t\t\t\t\t<\/div>\n\t\t\t\t<\/div>\n\t\t<div class=\"elementor-element elementor-element-jm2n74ec iwg-steckbrief-card e-flex e-con-boxed e-con e-child\" data-id=\"jm2n74ec\" data-element_type=\"container\" data-e-type=\"container\">\n\t\t\t\t\t<div class=\"e-con-inner\">\n\t\t\t\t<div class=\"elementor-element elementor-element-8vufse4c elementor-widget elementor-widget-heading\" data-id=\"8vufse4c\" data-element_type=\"widget\" data-e-type=\"widget\" data-widget_type=\"heading.default\">\n\t\t\t\t\t<div class=\"elementor-heading-title elementor-size-default\">Forma<\/div>\t\t\t\t<\/div>\n\t\t\t\t<div class=\"elementor-element elementor-element-mwb9u015 elementor-widget elementor-widget-text-editor\" data-id=\"mwb9u015\" data-element_type=\"widget\" data-e-type=\"widget\" data-widget_type=\"text-editor.default\">\n\t\t\t\t\t\t\t\t\t<p>Home jove, bell, sense barba i amb cabells llargs i ondulats, la imatge ideal de la bellesa masculina grega, canonitzada per l&#8217;escultura <em>Apol\u00b7lo Belvedere<\/em>. Nu o amb una lleugera pe\u00e7a de roba a la cintura o mantell. <em>Corona de llorer<\/em> (<span class=\"iwg-fachbegriff\" data-tooltip=\"Un signe que representa una idea o significat.\" tabindex=\"0\">s\u00edmbol<\/span> de Dafne) al cap. <em>Arc i buirac de fletxes<\/em> (fletxes de plata, no de bronze com \u00c0rtemis).<\/p><p><em>C\u00edtara<\/em> (lira amb caixa de reson\u00e0ncia m\u00e9s gran) a la m\u00e0, tocant-la a la taula dels d\u00e9us. <em>Tr\u00edpode<\/em> (<span class=\"iwg-fachbegriff\" data-tooltip=\"Un signe que representa una idea o significat.\" tabindex=\"0\">s\u00edmbol<\/span> de l&#8217;oracle de Delfos). Acompanyat per la P\u00edtia (en representacions de Delfos). En l&#8217;art arcaic apareix de vegades encara amb barba llarga, per\u00f2 en l&#8217;art cl\u00e0ssic sempre jove i imberbe.<\/p>\t\t\t\t\t\t\t\t<\/div>\n\t\t\t\t\t<\/div>\n\t\t\t\t<\/div>\n\t\t\t\t<\/div>\n\t\t<div class=\"elementor-element elementor-element-pemmx7c2 e-con-full e-flex e-con e-child\" data-id=\"pemmx7c2\" data-element_type=\"container\" data-e-type=\"container\">\n\t\t<div class=\"elementor-element elementor-element-37ss2yr6 iwg-steckbrief-card e-flex e-con-boxed e-con e-child\" data-id=\"37ss2yr6\" data-element_type=\"container\" data-e-type=\"container\">\n\t\t\t\t\t<div class=\"e-con-inner\">\n\t\t\t\t<div class=\"elementor-element elementor-element-3v0wp3wx elementor-widget elementor-widget-heading\" data-id=\"3v0wp3wx\" data-element_type=\"widget\" data-e-type=\"widget\" data-widget_type=\"heading.default\">\n\t\t\t\t\t<div class=\"elementor-heading-title elementor-size-default\">\u00c0mbit d'acci\u00f3<\/div>\t\t\t\t<\/div>\n\t\t\t\t<div class=\"elementor-element elementor-element-w3247g2m elementor-widget elementor-widget-text-editor\" data-id=\"w3247g2m\" data-element_type=\"widget\" data-e-type=\"widget\" data-widget_type=\"text-editor.default\">\n\t\t\t\t\t\t\t\t\t<p><strong>\u00c0mbit d&#8217;acci\u00f3:<\/strong> Apol\u00b7lo era un dels d\u00e9us grecs m\u00e9s venerats. Al <span class=\"iwg-fachbegriff\" data-tooltip=\"El conjunt d'actes de veneraci\u00f3 religiosa dedicats a una divinitat o figura sagrada.\" tabindex=\"0\">culte<\/span> personal se l&#8217;invocava per a la curaci\u00f3 (especialment en cas de pesta), la inspiraci\u00f3 abans d&#8217;activitats po\u00e8tiques o musicals, i la purificaci\u00f3 despr\u00e9s d&#8217;un assassinat de motivaci\u00f3 religiosa (Apol\u00b7lo cat\u00e0rtic).<\/p><p>El contacte p\u00fablic m\u00e9s important amb Apol\u00b7lo era l&#8217;<em><span class=\"iwg-fachbegriff\" data-tooltip=\"Un lloc o instituci\u00f3 on s'obt\u00e9 una resposta divina.\" tabindex=\"0\">oracle<\/span> de Delfos<\/em>: funcionaris i reis de tota la Mediterr\u00e0nia viatjaven a Delfos per obtenir les respostes de la P\u00edtia sobre pol\u00edtica, colonitzaci\u00f3, guerra o matrimoni.<\/p><p>La <em>P\u00edtia<\/em> seia en un tr\u00edpode sobre una esquerda de la terra, mastegava fulles de llorer i parlava en tr\u00e0nsit; les seves paraules eren posades en vers hex\u00e0metre pels sacerdots. Festes principals: les <em>P\u00edtiques<\/em> (cada 4 anys, panhel\u00b7l\u00e8niques), les <em>Carn\u00e8ies<\/em> (Esparta), les <em>Jacint\u00edes<\/em> (Esparta), les <em>Dafnef\u00f2ries<\/em> (Tebes). En \u00e8poca romana augustal, els Ludi Apol\u00b7linars.<\/p>\t\t\t\t\t\t\t\t<\/div>\n\t\t\t\t\t<\/div>\n\t\t\t\t<\/div>\n\t\t<div class=\"elementor-element elementor-element-0qpjal9w iwg-steckbrief-card e-flex e-con-boxed e-con e-child\" data-id=\"0qpjal9w\" data-element_type=\"container\" data-e-type=\"container\">\n\t\t\t\t\t<div class=\"e-con-inner\">\n\t\t\t\t<div class=\"elementor-element elementor-element-6ndoih0o elementor-widget elementor-widget-heading\" data-id=\"6ndoih0o\" data-element_type=\"widget\" data-e-type=\"widget\" data-widget_type=\"heading.default\">\n\t\t\t\t\t<div class=\"elementor-heading-title elementor-size-default\">Formes de defensa<\/div>\t\t\t\t<\/div>\n\t\t\t\t<div class=\"elementor-element elementor-element-6684tyh9 elementor-widget elementor-widget-text-editor\" data-id=\"6684tyh9\" data-element_type=\"widget\" data-e-type=\"widget\" data-widget_type=\"text-editor.default\">\n\t\t\t\t\t\t\t\t\t<p>Arc amb fletxes de plata, c\u00edtara (una lira m\u00e9s gran), plectre, corona de llorer (<span class=\"iwg-fachbegriff\" data-tooltip=\"Un signe que representa una idea o significat.\" tabindex=\"0\">s\u00edmbol<\/span> de Dafne), tr\u00edpode (<span class=\"iwg-fachbegriff\" data-tooltip=\"Un signe que representa una idea o significat.\" tabindex=\"0\">s\u00edmbol<\/span> <span class=\"iwg-fachbegriff\" data-tooltip=\"Un lloc o instituci\u00f3 on es demana un veredicte div\u00ed.\" tabindex=\"0\">oracular<\/span>), pedra omphalos (Delfos, centre del m\u00f3n), disc solar (posteriorment per <span class=\"iwg-fachbegriff\" data-tooltip=\"Fusi\u00f3 de conceptes o divinitats provinents de diferents tradicions religioses.\" tabindex=\"0\">sincretisme<\/span> amb H\u00e8lios), cigne (au acompanyant), dof\u00ed (ep\u00edtet Apol\u00b7lo Delfini). Plantes sagrades: llorer, palmera (s\u00edmbol del naixement a Delos). Animals sagrats: cigne, dof\u00ed, llop, griu, ratol\u00ed (Apol\u00b7lo Smintheu, d\u00e9u dels ratolins).<\/p>\t\t\t\t\t\t\t\t<\/div>\n\t\t\t\t\t<\/div>\n\t\t\t\t<\/div>\n\t\t<div class=\"elementor-element elementor-element-3lfi7x32 iwg-steckbrief-card e-flex e-con-boxed e-con e-child\" data-id=\"3lfi7x32\" data-element_type=\"container\" data-e-type=\"container\">\n\t\t\t\t\t<div class=\"e-con-inner\">\n\t\t\t\t<div class=\"elementor-element elementor-element-0kg99ga1 elementor-widget elementor-widget-heading\" data-id=\"0kg99ga1\" data-element_type=\"widget\" data-e-type=\"widget\" data-widget_type=\"heading.default\">\n\t\t\t\t\t<div class=\"elementor-heading-title elementor-size-default\">Paral\u00b7lels d'Apol\u00b7lo<\/div>\t\t\t\t<\/div>\n\t\t\t\t<div class=\"elementor-element elementor-element-n0fum6kp elementor-widget elementor-widget-text-editor\" data-id=\"n0fum6kp\" data-element_type=\"widget\" data-e-type=\"widget\" data-widget_type=\"text-editor.default\">\n\t\t\t\t\t\t\t\t\t<p><em>Apol\u00b7lo<\/em> (Roma, gaireb\u00e9 id\u00e8ntica adopci\u00f3), <em>Helios<\/em> (Gr\u00e8cia, sincretitzaci\u00f3 posterior com a d\u00e9u del sol, \u00e8poca hel\u00b7len\u00edstica), <em>Sol Invictus<\/em> (Roma, identificaci\u00f3 solar de la Roma tardana, possible precedent del simbolisme Crist-Sol), <em>Mitra<\/em> (persa, sol i veritat), <em>Surya<\/em> (hinduisme), <em>Ra<\/em> (Egipte, d\u00e9u solar principal), <em>Lugh<\/em> (celta, d\u00e9u de la llum de moltes arts), <em>Bragi<\/em> (germ\u00e0nic, poesia), <em>Nergal<\/em> (Mesopot\u00e0mia, aspecte de portador de pesta). Funcionalment, tots els patrons sanadors de la pesta amb doble funci\u00f3 curativa (com Sekhmet) comparteixen aspectes d&#8217;Apol\u00b7lo.<\/p>\t\t\t\t\t\t\t\t<\/div>\n\t\t\t\t\t<\/div>\n\t\t\t\t<\/div>\n\t\t\t\t<\/div>\n\t\t\t\t<\/div>\n\t\t\t\t\t<\/div>\n\t\t\t\t<\/div>\n\t\t<div class=\"elementor-element elementor-element-7533bc7a e-flex e-con-boxed e-con e-parent\" data-id=\"7533bc7a\" data-element_type=\"container\" data-e-type=\"container\">\n\t\t\t\t\t<div class=\"e-con-inner\">\n\t\t\t\t<div class=\"elementor-element elementor-element-2447d18d elementor-widget elementor-widget-heading\" data-id=\"2447d18d\" data-element_type=\"widget\" data-e-type=\"widget\" data-widget_type=\"heading.default\">\n\t\t\t\t\t<h2 class=\"elementor-heading-title elementor-size-default\">Pr\u00e0ctica de protecci\u00f3<\/h2>\t\t\t\t<\/div>\n\t\t<div class=\"elementor-element elementor-element-d5d0260c e-con-full e-flex e-con e-child\" data-id=\"d5d0260c\" data-element_type=\"container\" data-e-type=\"container\">\n\t\t\t\t<div class=\"elementor-element elementor-element-341be2ac elementor-widget elementor-widget-text-editor\" data-id=\"341be2ac\" data-element_type=\"widget\" data-e-type=\"widget\" data-widget_type=\"text-editor.default\">\n\t\t\t\t\t\t\t\t\t<div><p><strong>Veneraci\u00f3 en la vida quotidiana<\/strong><\/p>\n<div><p><strong>Rituals i invocacions<\/strong><br>\nL&#8217;<span class=\"iwg-fachbegriff\" data-tooltip=\"Un lloc o instituci\u00f3 on s'obt\u00e9 un veredicte div\u00ed.\" tabindex=\"0\">oracle<\/span> d\u00e8lfic amb la P\u00edtia era el centre del culte a Apol\u00b7lo. Es cantaven peans per allunyar les epid\u00e8mies, i se celebraven les festes de les Targ\u00e8lies i les Carn\u00e8ies. En cas de culpa de sang, Apol\u00b7lo era la inst\u00e0ncia central dels ritus de purificaci\u00f3 (catarsi).<\/p><\/div>\n\n<p><strong>Conjurs i invocacions<\/strong><\/p>\n<div><p><strong>Transmissi\u00f3 textual i f\u00f3rmules<\/strong><br>\nL&#8217;himne hom\u00e8ric a Apol\u00b7lo canta el naixement i els \u00e0mbits de poder del d\u00e9u. Els oracles de Delfos es van recopilar i elaborar liter\u00e0riament, i el pe\u00e0 constitu\u00efa un g\u00e8nere h\u00edmnic propi al servei d&#8217;Apol\u00b7lo. Tamb\u00e9 Cal\u00b7l\u00edmac li va dedicar un himne.<\/p><\/div>\n\n<p><strong>Amulets i s\u00edmbols de protecci\u00f3<\/strong><\/p>\n<div><p><strong><span class=\"iwg-fachbegriff\" data-tooltip=\"Plural d'apotropaic: objectes i signes destinats a allunyar la desgr\u00e0cia.\" tabindex=\"0\">Apotropaics<\/span> materials i testimonis arqueol\u00f2gics<\/strong><br>\nDavant les portes de les cases hi havia l&#8217;Apol\u00b7lo Agieu, un pilar c\u00f2nic o baetil, que havia de protegir el llindar. Apol\u00b7lo era invocat com a Alexicacos, \u00abel qui allunya el mal\u00bb; les branques de llorer eren considerades purificadores i protectores, i estan \u00e0mpliament documentades en santuaris com Delfos.<\/p><\/div><\/div>\t\t\t\t\t\t\t\t<\/div>\n\t\t\t\t<\/div>\n\t\t\t\t\t<\/div>\n\t\t\t\t<\/div>\n\t\t<div class=\"elementor-element elementor-element-5a584676 e-flex e-con-boxed e-con e-parent\" data-id=\"5a584676\" data-element_type=\"container\" data-e-type=\"container\">\n\t\t\t\t\t<div class=\"e-con-inner\">\n\t\t\t\t<div class=\"elementor-element elementor-element-6d0757bf elementor-widget elementor-widget-heading\" data-id=\"6d0757bf\" data-element_type=\"widget\" data-e-type=\"widget\" data-widget_type=\"heading.default\">\n\t\t\t\t\t<h2 class=\"elementor-heading-title elementor-size-default\">Apol\u00b7lo, paral\u00b7lels en altres cultures<\/h2>\t\t\t\t<\/div>\n\t\t<div class=\"elementor-element elementor-element-60563f68 e-con-full e-flex e-con e-child\" data-id=\"60563f68\" data-element_type=\"container\" data-e-type=\"container\">\n\t\t\t\t<div class=\"elementor-element elementor-element-5a93fdd6 elementor-widget elementor-widget-text-editor\" data-id=\"5a93fdd6\" data-element_type=\"widget\" data-e-type=\"widget\" data-widget_type=\"text-editor.default\">\n\t\t\t\t\t\t\t\t\t<p>Els d\u00e9us solars i les divinitats de la llum es troben arreu: Helios (Gr\u00e8cia, d\u00e9u solar pur), Ra (Egipte), Surya (\u00cdndia), Shamash (Mesopot\u00e0mia). La vinculaci\u00f3 d&#8217;Apol\u00b7lo amb la curaci\u00f3 i la m\u00fasica \u00e9s \u00fanica, i el relaciona amb Asclepi (el seu fill) i amb les Muses.<\/p><p>Comparteix el do de la profecia amb Atena i Zeus, per\u00f2 Delfos el fa \u00fanic. El <span class=\"iwg-fachbegriff\" data-tooltip=\"Un relat transm\u00e8s sobre d\u00e9us, or\u00edgens i l'ordre del m\u00f3n.\" tabindex=\"0\">mite<\/span> de Pit\u00f3 (el combat contra el caos) el relaciona amb altres d\u00e9us de l&#8217;ordre com Marduk o Ra.<\/p>\t\t\t\t\t\t\t\t<\/div>\n\t\t\t\t<\/div>\n\t\t\t\t\t<\/div>\n\t\t\t\t<\/div>\n\t\t<div class=\"elementor-element elementor-element-cp1700381 e-flex e-con-boxed e-con e-parent\" data-id=\"cp1700381\" data-element_type=\"container\" data-e-type=\"container\">\n\t\t\t\t\t<div class=\"e-con-inner\">\n\t\t\t\t<div class=\"elementor-element elementor-element-cp6f41138 elementor-widget elementor-widget-heading\" data-id=\"cp6f41138\" data-element_type=\"widget\" data-e-type=\"widget\" data-widget_type=\"heading.default\">\n\t\t\t\t\t<h2 class=\"elementor-heading-title elementor-size-default\">Delfos: l'oracle i la lluita contra el drac<\/h2>\t\t\t\t<\/div>\n\t\t<div class=\"elementor-element elementor-element-cp8c37b78 e-con-full e-flex e-con e-child\" data-id=\"cp8c37b78\" data-element_type=\"container\" data-e-type=\"container\">\n\t\t\t\t<div class=\"elementor-element elementor-element-cpe52e915 elementor-widget elementor-widget-text-editor\" data-id=\"cpe52e915\" data-element_type=\"widget\" data-e-type=\"widget\" data-widget_type=\"text-editor.default\">\n\t\t\t\t\t\t\t\t\t<p>El <span class=\"iwg-fachbegriff\" data-tooltip=\"Un lloc sagrat dedicat a la veneraci\u00f3 d'una divinitat.\" tabindex=\"0\">santuari<\/span> m\u00e9s important d&#8217;Apol\u00b7lo era Delfos, als vessants del Parn\u00e0s. All\u00e0 la P\u00edtia, la sacerdotessa del d\u00e9u, pronunciava els oracles, que tenien pes en tot l&#8217;\u00e0mbit cultural grec.<\/p><p>Durant segles, tant particulars com ciutats senceres consultaven l&#8217;<span class=\"iwg-fachbegriff\" data-tooltip=\"Un lloc o instituci\u00f3 on s'obt\u00e9 un veredicte div\u00ed.\" tabindex=\"0\">oracle<\/span> abans de fundar col\u00f2nies, emprendre guerres o prendre decisions pol\u00edtiques. Delfos era considerat el centre del m\u00f3n; una pedra, l&#8217;<em>omphalos<\/em> o melic, marcava aquest indret.<\/p><p>El mite fundacional explica que el lloc havia pertangut abans a un poder ct\u00f2nic. Apol\u00b7lo hi va matar una serp o un drac, anomenat Pit\u00f3 en les fonts, i es va apoderar del <span class=\"iwg-fachbegriff\" data-tooltip=\"Un lloc sagrat dedicat a la veneraci\u00f3 d'una divinitat.\" tabindex=\"0\">santuari<\/span>.<\/p><p>D&#8217;aquesta vict\u00f2ria, la <span class=\"iwg-fachbegriff\" data-tooltip=\"La transmissi\u00f3 de coneixements i relats al llarg de generacions.\" tabindex=\"0\">tradici\u00f3<\/span> deriva l&#8217;ep\u00edtet <em>Pitios<\/em> i el nom de la sacerdotessa, P\u00edtia. L&#8217;himne hom\u00e8ric a Apol\u00b7lo descriu detalladament la recerca del d\u00e9u d&#8217;un lloc de culte i el combat contra el drac.<\/p><p>El funcionament concret de la pr\u00e0ctica oracular \u00e9s discutit en la recerca. Els autors de l&#8217;<span class=\"iwg-fachbegriff\" data-tooltip=\"\u00c8poca de la cultura grega i romana, aproximadament del 800 aC al 600 dC.\" tabindex=\"0\">Antiguitat<\/span> parlen de vapors sortint d&#8217;una escletxa a la terra que haurien indu\u00eft la P\u00edtia a un estat alterat.<\/p><p>Durant molt de temps aix\u00f2 es va considerar llegendari, per\u00f2 investigacions geol\u00f2giques de les \u00faltimes d\u00e8cades han demostrat que al lloc hi ha efectivament l\u00ednies de falla i estrats amb pres\u00e8ncia de gasos, cosa que almenys no descarta les indicacions antigues.<\/p><p>El que \u00e9s segur \u00e9s que els sacerdots donaven forma interpretable als oracles. Delfos era, doncs, menys una veu misteriosa i a\u00efllada que una instituci\u00f3 religiosa estable durant segles, la influ\u00e8ncia de la qual en la hist\u00f2ria grega \u00e9s dif\u00edcil de sobreestimar.<\/p>\t\t\t\t\t\t\t\t<\/div>\n\t\t\t\t<\/div>\n\t\t\t\t\t<\/div>\n\t\t\t\t<\/div>\n\t\t<div class=\"elementor-element elementor-element-cpdc7e1a4 e-flex e-con-boxed e-con e-parent\" data-id=\"cpdc7e1a4\" data-element_type=\"container\" data-e-type=\"container\">\n\t\t\t\t\t<div class=\"e-con-inner\">\n\t\t\t\t<div class=\"elementor-element elementor-element-cpc520d80 elementor-widget elementor-widget-heading\" data-id=\"cpc520d80\" data-element_type=\"widget\" data-e-type=\"widget\" data-widget_type=\"heading.default\">\n\t\t\t\t\t<h2 class=\"elementor-heading-title elementor-size-default\">El d\u00e9u de la m\u00fasica i la disputa amb Marsias<\/h2>\t\t\t\t<\/div>\n\t\t<div class=\"elementor-element elementor-element-cp489dc4b e-con-full e-flex e-con e-child\" data-id=\"cp489dc4b\" data-element_type=\"container\" data-e-type=\"container\">\n\t\t\t\t<div class=\"elementor-element elementor-element-cp09476ae elementor-widget elementor-widget-text-editor\" data-id=\"cp09476ae\" data-element_type=\"widget\" data-e-type=\"widget\" data-widget_type=\"text-editor.default\">\n\t\t\t\t\t\t\t\t\t<p>Apol\u00b7lo \u00e9s el d\u00e9u de la m\u00fasica, sobretot de la m\u00fasica de corda. El seu instrument \u00e9s la c\u00edtara, una forma de lira. Encap\u00e7ala el cor de les muses i per aix\u00f2 porta l&#8217;ep\u00edtet <em>Musagetes<\/em>. En la concepci\u00f3 grega, la seva m\u00fasica representa l&#8217;ordenat, el mesurat, l&#8217;harm\u00f2nic.<\/p><p>Amb aix\u00f2 s&#8217;hi vincula un contrast que apareix en diversos mites: el contrast amb la m\u00fasica ext\u00e0tica i respirada de l&#8217;aulos, la flauta doble.<\/p><p>Aquest contrast es narra en el <span class=\"iwg-fachbegriff\" data-tooltip=\"Una narraci\u00f3 transmesa sobre d\u00e9us, or\u00edgens i l'ordre del m\u00f3n.\" tabindex=\"0\">mite<\/span> de M\u00e0rsias. El s\u00e0tir M\u00e0rsias troba l&#8217;aulos que Atena havia llen\u00e7at i esdev\u00e9 un int\u00e8rpret tan virtu\u00f3s que desafia Apol\u00b7lo a una competici\u00f3. Les muses o altres d\u00e9us decideixen a favor d&#8217;Apol\u00b7lo.<\/p><p>Com a c\u00e0stig per aquesta gosadia, el d\u00e9u fa escorxar el s\u00e0tir viu. Una segona competici\u00f3 musical, amb el d\u00e9u pastor Pan, acaba de manera menys cruel: aqu\u00ed el jutge \u00e9s el rei Midas, que decideix contra Apol\u00b7lo i, per aix\u00f2, rep orelles d&#8217;ase.<\/p><p>Ambdues narracions s\u00f3n il\u00b7lustratives des del punt de vista de les ci\u00e8ncies de la religi\u00f3. Ordenen els instruments i estils musicals i els vinculen a diferents \u00e0mbits divins, la mesura apol\u00b7l\u00ednia i l&#8217;embriaguesa dionis\u00edaca-p\u00e0nica. Alhora, tracten el tema de la hibris: qui es mesura amb un d\u00e9u, perd, i el c\u00e0stig \u00e9s sever.<\/p><p>L&#8217;escorxament cruel de M\u00e0rsias va ser un <span class=\"iwg-fachbegriff\" data-tooltip=\"Un element de contingut recurrent en l'art o la narraci\u00f3.\" tabindex=\"0\">motiu<\/span> freq\u00fcent en l&#8217;art antic. Els mites mostren Apol\u00b7lo com un d\u00e9u que no nom\u00e9s produeix bellesa, sin\u00f3 que tamb\u00e9 actua com a guardi\u00e0 implacable de la jerarquia entre humans, semid\u00e9us i d\u00e9us.<\/p>\t\t\t\t\t\t\t\t<\/div>\n\t\t\t\t<\/div>\n\t\t\t\t\t<\/div>\n\t\t\t\t<\/div>\n\t\t<div class=\"elementor-element elementor-element-cpf8b6185 e-flex e-con-boxed e-con e-parent\" data-id=\"cpf8b6185\" data-element_type=\"container\" data-e-type=\"container\">\n\t\t\t\t\t<div class=\"e-con-inner\">\n\t\t\t\t<div class=\"elementor-element elementor-element-cp2b71bb2 elementor-widget elementor-widget-heading\" data-id=\"cp2b71bb2\" data-element_type=\"widget\" data-e-type=\"widget\" data-widget_type=\"heading.default\">\n\t\t\t\t\t<h2 class=\"elementor-heading-title elementor-size-default\">Sanador i portador de pesta: l'ambival\u00e8ncia d'Apol\u00b7lo<\/h2>\t\t\t\t<\/div>\n\t\t<div class=\"elementor-element elementor-element-cp3246e98 e-con-full e-flex e-con e-child\" data-id=\"cp3246e98\" data-element_type=\"container\" data-e-type=\"container\">\n\t\t\t\t<div class=\"elementor-element elementor-element-cp55aa28d elementor-widget elementor-widget-text-editor\" data-id=\"cp55aa28d\" data-element_type=\"widget\" data-e-type=\"widget\" data-widget_type=\"text-editor.default\">\n\t\t\t\t\t\t\t\t\t<p>Apol\u00b7lo \u00e9s el d\u00e9u de la curaci\u00f3, per\u00f2 alhora el d\u00e9u que envia epid\u00e8mies. Aquesta doble naturalesa no \u00e9s un detall secundari, sin\u00f3 que forma part del nucli del seu \u00e9sser. Ja el comen\u00e7ament de la <em>Il\u00edada<\/em> ho mostra: perqu\u00e8 el rei Agam\u00e8mnon ha of\u00e8s el sacerdot d&#8217;Apol\u00b7lo, Crises, el d\u00e9u envia una pesta a l&#8217;ex\u00e8rcit grec.<\/p><p>Les fletxes d&#8217;Apol\u00b7lo, altrament imatge de la mort sobtada dels homes, colpegen aqu\u00ed tot un campament. Nom\u00e9s la reconciliaci\u00f3 amb el d\u00e9u mitjan\u00e7ant <span class=\"iwg-fachbegriff\" data-tooltip=\"Ofrena a una divinitat per expressar gratitud, s\u00faplica o veneraci\u00f3.\" tabindex=\"0\">ofrenes<\/span> i la devoluci\u00f3 de la filla raptada posa fi a l&#8217;epid\u00e8mia.<\/p><p>D&#8217;altra banda, Apol\u00b7lo \u00e9s el pare d&#8217;Asclepi, el d\u00e9u de la curaci\u00f3. Apol\u00b7lo mateix porta ep\u00edtets relacionats amb la curaci\u00f3, com <em>Pe\u00e0<\/em>, origin\u00e0riament el nom d&#8217;un d\u00e9u curador que es va fondre amb ell i que alhora va esdevenir la designaci\u00f3 d&#8217;un cant cultual de curaci\u00f3. En aquesta funci\u00f3 era venerat com <em>Apol\u00b7lo Iatros<\/em>, el metge, o com a repel\u00b7lent del mal.<\/p><p>La recerca ha destacat aquesta ambival\u00e8ncia com a t\u00edpica de la imatge divina grega. Apol\u00b7lo \u00e9s el poder que disposa de les amenaces sobtades que venen de fora, tant l&#8217;epid\u00e8mia i la mort sobtada com la seva defensa i curaci\u00f3. Qui volia evitar una malaltia havia de dirigir-se al mateix poder que podia enviar-la.<\/p><p data-nosnippet=\"true\">L&#8217;ep\u00edtet <em>Apotropaios<\/em>, el defensor, i <em>Alexikakos<\/em>, el que allunya el mal, s&#8217;inscriuen en aquest context. Aquesta idea no s&#8217;ha d&#8217;entendre com una promesa de curaci\u00f3; reflecteix l&#8217;esfor\u00e7 <span class=\"iwg-fachbegriff\" data-tooltip=\"\u00c8poca de la cultura grega i romana, aproximadament del 800 aC al 600 dC.\" tabindex=\"0\">antic<\/span> d&#8217;interpretar religiosament un fenomen incontrolable com les epid\u00e8mies i respondre-hi de manera <span class=\"iwg-fachbegriff\" data-tooltip=\"Que pertany a una seq\u00fc\u00e8ncia d'accions religioses establerta.\" tabindex=\"0\">ritual<\/span>.<\/p>\t\t\t\t\t\t\t\t<\/div>\n\t\t\t\t<\/div>\n\t\t\t\t\t<\/div>\n\t\t\t\t<\/div>\n\t\t<div class=\"elementor-element elementor-element-cp8b1080d e-flex e-con-boxed e-con e-parent\" data-id=\"cp8b1080d\" data-element_type=\"container\" data-e-type=\"container\">\n\t\t\t\t\t<div class=\"e-con-inner\">\n\t\t\t\t<div class=\"elementor-element elementor-element-cpaf6ecda elementor-widget elementor-widget-heading\" data-id=\"cpaf6ecda\" data-element_type=\"widget\" data-e-type=\"widget\" data-widget_type=\"heading.default\">\n\t\t\t\t\t<h2 class=\"elementor-heading-title elementor-size-default\">Apol\u00b7lini i dionis\u00edac: una hist\u00f2ria d'interpretaci\u00f3 moderna<\/h2>\t\t\t\t<\/div>\n\t\t<div class=\"elementor-element elementor-element-cp124e603 e-con-full e-flex e-con e-child\" data-id=\"cp124e603\" data-element_type=\"container\" data-e-type=\"container\">\n\t\t\t\t<div class=\"elementor-element elementor-element-cp98d9cc6 elementor-widget elementor-widget-text-editor\" data-id=\"cp98d9cc6\" data-element_type=\"widget\" data-e-type=\"widget\" data-widget_type=\"text-editor.default\">\n\t\t\t\t\t\t\t\t\t<p>El nom d&#8217;Apol\u00b7lo ha esdevingut, m\u00e9s enll\u00e0 de l&#8217;<span class=\"iwg-fachbegriff\" data-tooltip=\"\u00c8poca de la cultura grega i romana, aproximadament del 800 aC al 600 dC.\" tabindex=\"0\">antiguitat<\/span>, un concepte de la teoria de la cultura. Decisiu va ser Friedrich Nietzsche, que en la seva obra primerenca <em>El naixement de la trag\u00e8dia<\/em> de 1872 va contraposar l&#8217;apol\u00b7lini i el dionis\u00edac com dues forces fonamentals oposades de la cultura grega i de l&#8217;art en general.<\/p><p>Per a ell, l&#8217;apol\u00b7lini representa la mesura, la forma, la claredat, l&#8217;aparen\u00e7a bella i la individuaci\u00f3, mentre que el dionis\u00edac representa l&#8217;embriaguesa, la dissoluci\u00f3 dels l\u00edmits i la fusi\u00f3 ext\u00e0tica en el tot.<\/p><p>Aquesta formulaci\u00f3 va tenir un impacte enorme en la hist\u00f2ria intel\u00b7lectual del segle XX, des dels estudis literaris fins a l&#8217;antropologia. Es va convertir en una f\u00f3rmula habitual per captar oposicions entre ra\u00f3 i embriaguesa, ordre i caos.<\/p><p>Des del punt de vista de les ci\u00e8ncies de la religi\u00f3, cal actuar amb precauci\u00f3 aqu\u00ed. El binomi conceptual de Nietzsche \u00e9s una construcci\u00f3 filos\u00f2fica del segle XIX, no una descripci\u00f3 de la religi\u00f3 antiga. En la religi\u00f3 grega viscuda, Apol\u00b7lo i <a href=\"https:\/\/iwell-guard.com\/ca\/?page_id=171541\">Dion\u00eds<\/a> no es presentaven en absolut nom\u00e9s com a oponents.<\/p><p>Al contrari, precisament Delfos mostra l&#8217;entrella\u00e7ament. All\u00e0 Apol\u00b7lo governava la major part de l&#8217;any, per\u00f2 durant els mesos d&#8217;hivern, quan l&#8217;<span class=\"iwg-fachbegriff\" data-tooltip=\"Un lloc o instituci\u00f3 on s'obt\u00e9 un vaticini div\u00ed.\" tabindex=\"0\">oracle<\/span> reposava, el <span class=\"iwg-fachbegriff\" data-tooltip=\"Un lloc sagrat dedicat a la veneraci\u00f3 d'una divinitat.\" tabindex=\"0\">santuari<\/span> es considerava un lloc de Dion\u00eds.<\/p><p>Ambd\u00f3s d\u00e9us compartien el mateix lloc sagrat. La recerca, per exemple Walter Burkert, ha destacat que el <span class=\"iwg-fachbegriff\" data-tooltip=\"El conjunt de d\u00e9us d'una religi\u00f3 o cultura.\" tabindex=\"0\">pante\u00f3<\/span> grec no es dividia en b\u00e0ndols fixos, sin\u00f3 que el mateix paisatge cultual podia acollir diferents aspectes divins.<\/p><p>La carrera del concepte apol\u00b7lini diu, doncs, m\u00e9s sobre la interpretaci\u00f3 cultural moderna que sobre el mateix d\u00e9u antic, un exemple instructiu de la difer\u00e8ncia entre la font hist\u00f2rica i l&#8217;apropiaci\u00f3 posterior.<\/p>\t\t\t\t\t\t\t\t<\/div>\n\t\t\t\t<\/div>\n\t\t\t\t\t<\/div>\n\t\t\t\t<\/div>\n\t\t<div class=\"elementor-element elementor-element-36dd7469 e-flex e-con-boxed e-con e-parent\" data-id=\"36dd7469\" data-element_type=\"container\" data-e-type=\"container\">\n\t\t\t\t\t<div class=\"e-con-inner\">\n\t\t\t\t<div class=\"elementor-element elementor-element-13760ab4 elementor-widget elementor-widget-heading\" data-id=\"13760ab4\" data-element_type=\"widget\" data-e-type=\"widget\" data-widget_type=\"heading.default\">\n\t\t\t\t\t<h2 class=\"elementor-heading-title elementor-size-default\">Enlla\u00e7os relacionats<\/h2>\t\t\t\t<\/div>\n\t\t<div class=\"elementor-element elementor-element-28c87796 e-con-full e-flex e-con e-child\" data-id=\"28c87796\" data-element_type=\"container\" data-e-type=\"container\">\n\t\t\t\t<div class=\"elementor-element elementor-element-5d6538df elementor-widget elementor-widget-text-editor\" data-id=\"5d6538df\" data-element_type=\"widget\" data-e-type=\"widget\" data-widget_type=\"text-editor.default\">\n\t\t\t\t\t\t\t\t\t<ul><li><a href=\"https:\/\/iwell-guard.com\/ca\/?page_id=171537\">\u00c0rtemis, germana bessona<\/a><\/li><li><a href=\"https:\/\/iwell-guard.com\/ca\/?page_id=171541\">Dion\u00eds, doble contrari en el culte de Delfos (hivern-Apol\u00b7lo-estiu)<\/a><\/li><li><a href=\"https:\/\/iwell-guard.com\/ca\/hecate\/\">H\u00e8cate, deessa de les cru\u00eflles (funci\u00f3 ct\u00f2nica af\u00ed)<\/a><\/li><li><a href=\"https:\/\/iwell-guard.com\/ca\/?page_id=171584\">Lugh, paral\u00b7lel c\u00e8ltic de la llum<\/a><\/li><li><a href=\"https:\/\/iwell-guard.com\/ca\/grecia\/\">Gr\u00e8cia, panorama del pante\u00f3<\/a><\/li><li><a href=\"https:\/\/iwell-guard.com\/ca\/?page_id=171459\">De\u00eftats supremes, subcategoria<\/a><\/li><li><a href=\"https:\/\/iwell-guard.com\/ca\/?page_id=171431\">D\u00e9us, panorama de classes<\/a><\/li><\/ul>\t\t\t\t\t\t\t\t<\/div>\n\t\t\t\t<\/div>\n\t\t\t\t\t<\/div>\n\t\t\t\t<\/div>\n\t\t<div class=\"elementor-element elementor-element-grl4kl40 e-flex e-con-boxed e-con e-parent\" data-id=\"grl4kl40\" data-element_type=\"container\" data-e-type=\"container\">\n\t\t\t\t\t<div class=\"e-con-inner\">\n\t\t\t\t<div class=\"elementor-element elementor-element-bzsbfrmh elementor-widget elementor-widget-heading\" data-id=\"bzsbfrmh\" data-element_type=\"widget\" data-e-type=\"widget\" data-widget_type=\"heading.default\">\n\t\t\t\t\t<h2 class=\"elementor-heading-title elementor-size-default\">Bibliografia de recerca<\/h2>\t\t\t\t<\/div>\n\t\t<div class=\"elementor-element elementor-element-2c13224a e-con-full e-flex e-con e-child\" data-id=\"2c13224a\" data-element_type=\"container\" data-e-type=\"container\">\n\t\t\t\t<div class=\"elementor-element elementor-element-0eymh9ub elementor-widget elementor-widget-text-editor\" data-id=\"0eymh9ub\" data-element_type=\"widget\" data-e-type=\"widget\" data-widget_type=\"text-editor.default\">\n\t\t\t\t\t\t\t\t\t<footer class=\"iwg-literatur\" data-nosnippet=\"true\"><ul><li><span data-nosnippet>Graf, Fritz: <em>Apollo<\/em>. London\/New York 2009.<\/span><\/li><li><span data-nosnippet>Bowden, Hugh: <em>Classical Athens and the Delphic Oracle. <span class=\"iwg-fachbegriff\" data-tooltip=\"Terme gen\u00e8ric per a pr\u00e0ctiques amb les quals s'esbrina la voluntat divina.\" tabindex=\"0\">Divination<\/span> and Democracy<\/em>. Cambridge 2005.<\/span><\/li><li><span data-nosnippet>Fontenrose, Joseph: <em>The Delphic Oracle. Its Responses and Operations<\/em>. Berkeley 1978.<\/span><\/li><li>Paus\u00e0nias: <em>Descripci\u00f3 de Gr\u00e8cia<\/em>, Llibre X (Delfos).<\/li><li>Plutarc: <em>De Defectu Oraculorum<\/em>; <em>De Pythiae Oraculis<\/em>.<\/li><li>Walde, Christine (Ed.): <em>Der Neue Pauly<\/em> (Lema \u00abApollon\u00bb).<\/li><\/ul><\/footer>\n<p class=\"iwg-bib-more\"><span data-nosnippet>M\u00e9s obres de refer\u00e8ncia al <a href=\"https:\/\/iwell-guard.com\/ca\/?page_id=171483\">Bibliografia<\/a>.<\/span><\/p>\t\t\t\t\t\t\t\t<\/div>\n\t\t\t\t<\/div>\n\t\t\t\t\t<\/div>\n\t\t\t\t<\/div>\n\t\t<div class=\"elementor-element elementor-element-e51d194 e-con-boxed e-flex e-con e-parent\" data-id=\"e51d194\" data-element_type=\"container\" data-e-type=\"container\">\n\t\t\t\t\t<div class=\"e-con-inner\">\n\t\t\t\t<div class=\"elementor-element elementor-element-3cdc7d7 elementor-widget elementor-widget-text-editor\" data-id=\"3cdc7d7\" data-element_type=\"widget\" data-e-type=\"widget\" data-widget_type=\"text-editor.default\">\n\t\t\t\t\t\t\t\t\t\n<h2>Preguntes freq\u00fcents sobre Apol\u00b7lo<\/h2>\n<div class=\"iwg-faq-q\"><h3>Qui \u00e9s Apol\u00b7lo en la <span class=\"iwg-fachbegriff\" data-tooltip=\"El conjunt de relats m\u00edtics transmesos d'una cultura.\" tabindex=\"0\">mitologia<\/span> grega?<\/h3><p>Apol\u00b7lo \u00e9s un dels dotze d\u00e9us ol\u00edmpics, fill de Zeus i de la tit\u00e0nida Leto, i germ\u00e0 bess\u00f3 d&#8217;Artemisa.<\/p><p>\u00c9s el d\u00e9u de la llum, de les arts (especialment la m\u00fasica i la poesia), de la curaci\u00f3 i de la <span class=\"iwg-fachbegriff\" data-tooltip=\"La predicci\u00f3 d'esdeveniments futurs per mitjans religiosos o m\u00e0gics.\" tabindex=\"0\">vaticinaci\u00f3<\/span>. El seu <span class=\"iwg-fachbegriff\" data-tooltip=\"Un lloc sagrat dedicat al culte d'una divinitat.\" tabindex=\"0\">santuari<\/span> m\u00e9s important era Delfos, al peu del Parn\u00e0s, on la P\u00edtia pronunciava els seus famosos <span class=\"iwg-fachbegriff\" data-tooltip=\"Un lloc o instituci\u00f3 on es rep un pronunciament div\u00ed.\" tabindex=\"0\">oracles<\/span>.<\/p><p>Apol\u00b7lo va matar el drac Pit\u00f3 (o la serp) al lloc on m\u00e9s tard s&#8217;aixecaria el santuari, un cl\u00e0ssic <span class=\"iwg-fachbegriff\" data-tooltip=\"Un relat transm\u00e8s sobre d\u00e9us, or\u00edgens i l'ordre del m\u00f3n.\" tabindex=\"0\">mite<\/span> de mata-dracs. \u00c9s considerat el d\u00e9u grec ideal: bell, jove, presidit per la ra\u00f3, apol\u00b7lini (en el sentit de Nietzsche, en contrast amb el dionis\u00edac).<\/p><\/div>\n<div class=\"iwg-faq-q\"><h3>Qu\u00e8 era l&#8217;<span class=\"iwg-fachbegriff\" data-tooltip=\"Un lloc o instituci\u00f3 on es rep un pronunciament div\u00ed.\" tabindex=\"0\">oracle<\/span> de Delfos?<\/h3><p>L&#8217;<span class=\"iwg-fachbegriff\" data-tooltip=\"Un lloc o instituci\u00f3 on es rep un pronunciament div\u00ed.\" tabindex=\"0\">oracle<\/span> de Delfos era el santuari oracular m\u00e9s important del m\u00f3n grec, consultat durant gaireb\u00e9 mil anys (des d&#8217;aproximadament el 800 aC fins al 393 dC, quan Teodosi el va fer tancar).<\/p><p>La P\u00edtia, una sacerdotessa asseguda sobre un tr\u00edpode damunt una fissura de la terra d&#8217;on pujaven vapors (possiblement gasos amb etil\u00e8, segons han mostrat estudis geol\u00f2gics moderns), donava en tr\u00e0nsit les respostes d&#8217;Apol\u00b7lo. S&#8217;hi formulaven preguntes pol\u00edtiques, militars i personals; les respostes solien ser ambig\u00fces (llegendari \u00e9s l&#8217;<span class=\"iwg-fachbegriff\" data-tooltip=\"Un lloc o instituci\u00f3 on es rep un pronunciament div\u00ed.\" tabindex=\"0\">oracle<\/span> de la \u00abmuralla de fusta\u00bb donat a Tem\u00edstocles abans de Salamina).<\/p><\/div>\n<script type=\"application\/ld+json\">{\"@context\":\"https:\/\/schema.org\",\"@type\":\"FAQPage\",\"mainEntity\":[{\"@type\":\"Question\",\"name\":\"Qui \u00e9s Apol\u00b7lo en la mitologia grega?\",\"acceptedAnswer\":{\"@type\":\"Answer\",\"text\":\"Apol\u00b7lo \u00e9s un dels dotze d\u00e9us ol\u00edmpics, fill de Zeus i de la tit\u00e0nida Leto, i germ\u00e0 bess\u00f3 d'Artemisa.\u00c9s el d\u00e9u de la llum, de les arts (especialment la m\u00fasica i la poesia), de la curaci\u00f3 i de la vaticinaci\u00f3. El seu santuari m\u00e9s important era Delfos, al peu del Parn\u00e0s, on la P\u00edtia pronunciava els seus famosos oracles.Apol\u00b7lo va matar el drac Pit\u00f3 (o la serp) al lloc on m\u00e9s tard s'aixecaria el santuari, un cl\u00e0ssic mite de mata-dracs. \u00c9s considerat el d\u00e9u grec ideal: bell, jove, presidit per la ra\u00f3, apol\u00b7lini (en el sentit de Nietzsche, en contrast amb el dionis\u00edac).\"}},{\"@type\":\"Question\",\"name\":\"Qu\u00e8 era l'oracle de Delfos?\",\"acceptedAnswer\":{\"@type\":\"Answer\",\"text\":\"L'oracle de Delfos era el santuari oracular m\u00e9s important del m\u00f3n grec, consultat durant gaireb\u00e9 mil anys (des d'aproximadament el 800 aC fins al 393 dC, quan Teodosi el va fer tancar).La P\u00edtia, una sacerdotessa asseguda sobre un tr\u00edpode damunt una fissura de la terra d'on pujaven vapors (possiblement gasos amb etil\u00e8, segons han mostrat estudis geol\u00f2gics moderns), donava en tr\u00e0nsit les respostes d'Apol\u00b7lo. S'hi formulaven preguntes pol\u00edtiques, militars i personals; les respostes solien ser ambig\u00fces (llegendari \u00e9s l'oracle de la \u00abmuralla de fusta\u00bb donat a Tem\u00edstocles abans de Salamina).\"}}]}<\/script>\t\t\t\t\t\t\t\t<\/div>\n\t\t\t\t\t<\/div>\n\t\t\t\t<\/div>\n\t\t\t\t<\/div>\n\t\t","protected":false},"excerpt":{"rendered":"","protected":false},"author":3,"featured_media":1577,"parent":0,"menu_order":0,"comment_status":"closed","ping_status":"closed","template":"elementor_header_footer","meta":{"_yoast_wpseo_focuskw":"Apol\u00b7lo","_yoast_wpseo_title":"Apol\u00b7lo \u2013 D\u00e9u de la llum i de l'oracle a Gr\u00e8cia","_yoast_wpseo_metadesc":"D\u00e9u de la llum, la m\u00fasica, la curaci\u00f3 i l'oracle. Delfos, la P\u00edtia i l'ordre en la mitologia grega.","_yoast_wpseo_meta-robots-noindex":"","_yoast_wpseo_canonical":"","_angie_page":false,"gefaehrdungsstufe":"2","wesen_kultur":"griechenland","wesen_klasse":"goetter","footnotes":""},"categories":[],"class_list":["post-171538","page","type-page","status-publish","has-post-thumbnail","hentry"],"yoast_head":"<!-- This site is optimized with the Yoast SEO Premium plugin v27.7 (Yoast SEO v28.3) - https:\/\/yoast.com\/product\/yoast-seo-premium-wordpress\/ -->\n<title>Apol\u00b7lo \u2013 D\u00e9u de la llum i de l&#039;oracle a Gr\u00e8cia<\/title>\n<meta name=\"description\" content=\"D\u00e9u de la llum, la m\u00fasica, la curaci\u00f3 i l&#039;oracle. Delfos, la P\u00edtia i l&#039;ordre en la mitologia grega.\" \/>\n<meta name=\"robots\" content=\"index, follow, max-snippet:-1, max-image-preview:large, max-video-preview:-1\" \/>\n<link rel=\"canonical\" href=\"https:\/\/iwell-guard.com\/ca\/apollo\/\" \/>\n<meta property=\"og:locale\" content=\"ca_ES\" \/>\n<meta property=\"og:type\" content=\"article\" \/>\n<meta property=\"og:title\" content=\"Apol\u00b7lo\" \/>\n<meta property=\"og:description\" content=\"D\u00e9u de la llum, la m\u00fasica, la curaci\u00f3 i l&#039;oracle. Delfos, la P\u00edtia i l&#039;ordre en la mitologia grega.\" \/>\n<meta property=\"og:url\" content=\"https:\/\/iwell-guard.com\/ca\/apollo\/\" \/>\n<meta property=\"og:site_name\" content=\"iWell Guard\" \/>\n<meta property=\"article:modified_time\" content=\"2026-09-05T16:00:31+00:00\" \/>\n<meta property=\"og:image\" content=\"https:\/\/iwell-guard.com\/wp-content\/uploads\/2026\/04\/goetter_griechenland_apollon.webp\" \/>\n\t<meta property=\"og:image:width\" content=\"1024\" \/>\n\t<meta property=\"og:image:height\" content=\"1536\" \/>\n\t<meta property=\"og:image:type\" content=\"image\/webp\" \/>\n<meta name=\"twitter:card\" content=\"summary_large_image\" \/>\n<script type=\"application\/ld+json\" class=\"yoast-schema-graph\">{\"@context\":\"https:\\\/\\\/schema.org\",\"@graph\":[{\"@type\":\"WebPage\",\"@id\":\"https:\\\/\\\/iwell-guard.com\\\/ca\\\/apollo\\\/\",\"url\":\"https:\\\/\\\/iwell-guard.com\\\/ca\\\/apollo\\\/\",\"name\":\"Apol\u00b7lo \u2013 D\u00e9u de la llum i de l'oracle a Gr\u00e8cia\",\"isPartOf\":{\"@id\":\"https:\\\/\\\/iwell-guard.com\\\/ca\\\/#website\"},\"primaryImageOfPage\":{\"@id\":\"https:\\\/\\\/iwell-guard.com\\\/ca\\\/apollo\\\/#primaryimage\"},\"image\":{\"@id\":\"https:\\\/\\\/iwell-guard.com\\\/ca\\\/apollo\\\/#primaryimage\"},\"thumbnailUrl\":\"https:\\\/\\\/iwell-guard.com\\\/wp-content\\\/uploads\\\/2026\\\/04\\\/goetter_griechenland_apollon.webp\",\"datePublished\":\"2026-09-05T15:40:14+00:00\",\"dateModified\":\"2026-09-05T16:00:31+00:00\",\"description\":\"D\u00e9u de la llum, la m\u00fasica, la curaci\u00f3 i l'oracle. Delfos, la P\u00edtia i l'ordre en la mitologia grega.\",\"breadcrumb\":{\"@id\":\"https:\\\/\\\/iwell-guard.com\\\/ca\\\/apollo\\\/#breadcrumb\"},\"inLanguage\":\"ca\",\"potentialAction\":[{\"@type\":\"ReadAction\",\"target\":[\"https:\\\/\\\/iwell-guard.com\\\/ca\\\/apollo\\\/\"]}]},{\"@type\":\"ImageObject\",\"inLanguage\":\"ca\",\"@id\":\"https:\\\/\\\/iwell-guard.com\\\/ca\\\/apollo\\\/#primaryimage\",\"url\":\"https:\\\/\\\/iwell-guard.com\\\/wp-content\\\/uploads\\\/2026\\\/04\\\/goetter_griechenland_apollon.webp\",\"contentUrl\":\"https:\\\/\\\/iwell-guard.com\\\/wp-content\\\/uploads\\\/2026\\\/04\\\/goetter_griechenland_apollon.webp\",\"width\":1024,\"height\":1536,\"caption\":\"D\u00e9us de la tradici\u00f3 grega.\"},{\"@type\":\"BreadcrumbList\",\"@id\":\"https:\\\/\\\/iwell-guard.com\\\/ca\\\/apollo\\\/#breadcrumb\",\"itemListElement\":[{\"@type\":\"ListItem\",\"position\":1,\"name\":\"Start\",\"item\":\"https:\\\/\\\/iwell-guard.com\\\/ca\\\/?page_id=171333\"},{\"@type\":\"ListItem\",\"position\":2,\"name\":\"Apol\u00b7lo\"}]},{\"@type\":\"WebSite\",\"@id\":\"https:\\\/\\\/iwell-guard.com\\\/ca\\\/#website\",\"url\":\"https:\\\/\\\/iwell-guard.com\\\/ca\\\/\",\"name\":\"iWell Guard\",\"description\":\"Schutz vor dunklen Einfl\u00fcssen\",\"publisher\":{\"@id\":\"https:\\\/\\\/iwell-guard.com\\\/ca\\\/#organization\"},\"potentialAction\":[{\"@type\":\"SearchAction\",\"target\":{\"@type\":\"EntryPoint\",\"urlTemplate\":\"https:\\\/\\\/iwell-guard.com\\\/ca\\\/?s={search_term_string}\"},\"query-input\":{\"@type\":\"PropertyValueSpecification\",\"valueRequired\":true,\"valueName\":\"search_term_string\"}}],\"inLanguage\":\"ca\"},{\"@type\":\"Organization\",\"@id\":\"https:\\\/\\\/iwell-guard.com\\\/ca\\\/#organization\",\"name\":\"Ittermann electronic GmbH\",\"url\":\"https:\\\/\\\/iwell-guard.com\\\/ca\\\/\",\"logo\":{\"@type\":\"ImageObject\",\"inLanguage\":\"ca\",\"@id\":\"https:\\\/\\\/iwell-guard.com\\\/ca\\\/#\\\/schema\\\/logo\\\/image\\\/\",\"url\":\"https:\\\/\\\/iwell-guard.com\\\/wp-content\\\/uploads\\\/2026\\\/05\\\/Ittermann-Logo-1182x237-1.png\",\"contentUrl\":\"https:\\\/\\\/iwell-guard.com\\\/wp-content\\\/uploads\\\/2026\\\/05\\\/Ittermann-Logo-1182x237-1.png\",\"width\":1182,\"height\":237,\"caption\":\"Ittermann electronic GmbH\"},\"image\":{\"@id\":\"https:\\\/\\\/iwell-guard.com\\\/ca\\\/#\\\/schema\\\/logo\\\/image\\\/\"},\"sameAs\":[\"https:\\\/\\\/pantip.com\\\/profile\\\/9367242\",\"https:\\\/\\\/micro.blog\\\/iwellguard\",\"https:\\\/\\\/www.diggerslist.com\\\/iwellguard\\\/about\",\"https:\\\/\\\/skitterphoto.com\\\/photographers\\\/2870314\\\/iwell-guard\",\"https:\\\/\\\/iwellguard.wordpress.com\\\/2026\\\/06\\\/06\\\/iwell-guard\\\/\",\"https:\\\/\\\/hub.docker.com\\\/u\\\/iwellguard\",\"https:\\\/\\\/www.pinterest.com\\\/iwellguard\\\/\",\"https:\\\/\\\/bit.ly\\\/m\\\/iwellguard\",\"https:\\\/\\\/entre-vos-mains.alsace.eu\\\/profiles\\\/iwellguard\\\/activity\",\"https:\\\/\\\/gravatar.com\\\/reallybeded8fd34\",\"https:\\\/\\\/naijamatta.com\\\/iwellguard\",\"https:\\\/\\\/www.goodreads.com\\\/iwellguard\",\"https:\\\/\\\/profile.hatena.ne.jp\\\/iwellguard\\\/\",\"https:\\\/\\\/experiment.com\\\/users\\\/iwellguard\",\"https:\\\/\\\/wakelet.com\\\/@iWellGuard82270\",\"https:\\\/\\\/www.chordie.com\\\/forum\\\/profile.php?id=2555664\",\"https:\\\/\\\/www.instapaper.com\\\/p\\\/17757966\",\"https:\\\/\\\/www.mapleprimes.com\\\/users\\\/iwellguard\",\"https:\\\/\\\/businesslistingplus.com\\\/profile\\\/iwell-guard\\\/\",\"https:\\\/\\\/telegra.ph\\\/iWell-Guard-06-06\",\"https:\\\/\\\/pbase.com\\\/iwellguard\\\/iwellguard\",\"https:\\\/\\\/b.hatena.ne.jp\\\/iwellguard\\\/20260607#bookmark-4788405196491818882\",\"https:\\\/\\\/fliphtml5.com\\\/home\\\/iwellguard\",\"https:\\\/\\\/anyflip.com\\\/homepage\\\/cmiwl#About\",\"https:\\\/\\\/transfur.com\\\/Users\\\/iwellguard\",\"http:\\\/\\\/delphi.larsbo.org\\\/user\\\/iwellguard\",\"https:\\\/\\\/jobs.lajobsportal.org\\\/profiles\\\/8380803-iwell-guard\",\"https:\\\/\\\/md.chaosdorf.de\\\/s\\\/jfbe5SBdJD\",\"https:\\\/\\\/www.lingvolive.com\\\/en-us\\\/profile\\\/9ecaeaca-ce11-4e51-9e71-01d55e2bff36\\\/translations\",\"https:\\\/\\\/www.fitday.com\\\/fitness\\\/forums\\\/members\\\/iwellguard.html\",\"https:\\\/\\\/www.mymeetbook.com\\\/iwellguard\",\"https:\\\/\\\/pxhere.com\\\/en\\\/photographer-me\\\/5040798\",\"https:\\\/\\\/disqus.com\\\/by\\\/iwellguard\\\/about\\\/\",\"https:\\\/\\\/pastelink.net\\\/hjwciqwq\",\"https:\\\/\\\/pubhtml5.com\\\/homepage\\\/scjhn\\\/\",\"https:\\\/\\\/www.bitchute.com\\\/channel\\\/2O2eOKzNqujT\",\"https:\\\/\\\/audiomack.com\\\/iwellguard\"]},{\"@type\":\"Article\",\"@id\":\"https:\\\/\\\/iwell-guard.com\\\/ca\\\/apollo\\\/#article\",\"isPartOf\":{\"@id\":\"https:\\\/\\\/iwell-guard.com\\\/ca\\\/apollo\\\/\"},\"author\":{\"name\":\"Ralf Ittermann\",\"@id\":\"https:\\\/\\\/iwell-guard.com\\\/ca\\\/#\\\/schema\\\/person\\\/ee2a27f1cac3406c7c6fb5820cb7349f\"},\"headline\":\"Apol\u00b7lo\",\"datePublished\":\"2026-09-05T15:40:14+00:00\",\"dateModified\":\"2026-09-05T16:00:31+00:00\",\"mainEntityOfPage\":{\"@id\":\"https:\\\/\\\/iwell-guard.com\\\/ca\\\/apollo\\\/\"},\"publisher\":{\"@id\":\"https:\\\/\\\/iwell-guard.com\\\/ca\\\/#organization\"},\"image\":{\"@id\":\"https:\\\/\\\/iwell-guard.com\\\/ca\\\/apollo\\\/#primaryimage\"},\"thumbnailUrl\":\"https:\\\/\\\/iwell-guard.com\\\/wp-content\\\/uploads\\\/2026\\\/04\\\/goetter_griechenland_apollon.webp\",\"inLanguage\":\"ca\",\"description\":\"D\u00e9u de la llum, la m\u00fasica, la curaci\u00f3 i l'oracle. Delfos, la P\u00edtia i l'ordre en la mitologia grega.\"}]}<\/script>\n<!-- \/ Yoast SEO Premium plugin. -->","yoast_head_json":{"title":"Apol\u00b7lo \u2013 D\u00e9u de la llum i de l'oracle a Gr\u00e8cia","description":"D\u00e9u de la llum, la m\u00fasica, la curaci\u00f3 i l'oracle. Delfos, la P\u00edtia i l'ordre en la mitologia grega.","robots":{"index":"index","follow":"follow","max-snippet":"max-snippet:-1","max-image-preview":"max-image-preview:large","max-video-preview":"max-video-preview:-1"},"canonical":"https:\/\/iwell-guard.com\/ca\/apollo\/","og_locale":"ca_ES","og_type":"article","og_title":"Apol\u00b7lo","og_description":"D\u00e9u de la llum, la m\u00fasica, la curaci\u00f3 i l'oracle. Delfos, la P\u00edtia i l'ordre en la mitologia grega.","og_url":"https:\/\/iwell-guard.com\/ca\/apollo\/","og_site_name":"iWell Guard","article_modified_time":"2026-09-05T16:00:31+00:00","og_image":[{"width":1024,"height":1536,"url":"https:\/\/iwell-guard.com\/wp-content\/uploads\/2026\/04\/goetter_griechenland_apollon.webp","type":"image\/webp"}],"twitter_card":"summary_large_image","schema":{"@context":"https:\/\/schema.org","@graph":[{"@type":"Article","@id":"https:\/\/iwell-guard.com\/ca\/apollo\/#article","isPartOf":{"@id":"https:\/\/iwell-guard.com\/ca\/apollo\/"},"author":{"name":"Ralf Ittermann","@id":"https:\/\/iwell-guard.com\/ca\/#\/schema\/person\/ee2a27f1cac3406c7c6fb5820cb7349f"},"headline":"Apol\u00b7lo","datePublished":"2026-09-05T15:40:14+00:00","dateModified":"2026-09-05T16:00:31+00:00","mainEntityOfPage":{"@id":"https:\/\/iwell-guard.com\/ca\/apollo\/"},"publisher":{"@id":"https:\/\/iwell-guard.com\/ca\/#organization"},"image":{"@id":"https:\/\/iwell-guard.com\/ca\/apollo\/#primaryimage"},"thumbnailUrl":"https:\/\/iwell-guard.com\/wp-content\/uploads\/2026\/04\/goetter_griechenland_apollon.webp","inLanguage":"ca","description":"D\u00e9u de la llum, la m\u00fasica, la curaci\u00f3 i l'oracle. Delfos, la P\u00edtia i l'ordre en la mitologia grega."},{"@type":"WebPage","@id":"https:\/\/iwell-guard.com\/ca\/apollo\/","url":"https:\/\/iwell-guard.com\/ca\/apollo\/","name":"Apol\u00b7lo \u2013 D\u00e9u de la llum i de l'oracle a Gr\u00e8cia","isPartOf":{"@id":"https:\/\/iwell-guard.com\/ca\/#website"},"primaryImageOfPage":{"@id":"https:\/\/iwell-guard.com\/ca\/apollo\/#primaryimage"},"image":{"@id":"https:\/\/iwell-guard.com\/ca\/apollo\/#primaryimage"},"thumbnailUrl":"https:\/\/iwell-guard.com\/wp-content\/uploads\/2026\/04\/goetter_griechenland_apollon.webp","datePublished":"2026-09-05T15:40:14+00:00","dateModified":"2026-09-05T16:00:31+00:00","description":"D\u00e9u de la llum, la m\u00fasica, la curaci\u00f3 i l'oracle. Delfos, la P\u00edtia i l'ordre en la mitologia grega.","breadcrumb":{"@id":"https:\/\/iwell-guard.com\/ca\/apollo\/#breadcrumb"},"inLanguage":"ca","potentialAction":[{"@type":"ReadAction","target":["https:\/\/iwell-guard.com\/ca\/apollo\/"]}]},{"@type":"ImageObject","inLanguage":"ca","@id":"https:\/\/iwell-guard.com\/ca\/apollo\/#primaryimage","url":"https:\/\/iwell-guard.com\/wp-content\/uploads\/2026\/04\/goetter_griechenland_apollon.webp","contentUrl":"https:\/\/iwell-guard.com\/wp-content\/uploads\/2026\/04\/goetter_griechenland_apollon.webp","width":1024,"height":1536,"caption":"D\u00e9us de la tradici\u00f3 grega."},{"@type":"BreadcrumbList","@id":"https:\/\/iwell-guard.com\/ca\/apollo\/#breadcrumb","itemListElement":[{"@type":"ListItem","position":1,"name":"Start","item":"https:\/\/iwell-guard.com\/ca\/?page_id=171333"},{"@type":"ListItem","position":2,"name":"Apol\u00b7lo"}]},{"@type":"WebSite","@id":"https:\/\/iwell-guard.com\/ca\/#website","url":"https:\/\/iwell-guard.com\/ca\/","name":"iWell Guard","description":"Schutz vor dunklen Einfl\u00fcssen","publisher":{"@id":"https:\/\/iwell-guard.com\/ca\/#organization"},"potentialAction":[{"@type":"SearchAction","target":{"@type":"EntryPoint","urlTemplate":"https:\/\/iwell-guard.com\/ca\/?s={search_term_string}"},"query-input":{"@type":"PropertyValueSpecification","valueRequired":true,"valueName":"search_term_string"}}],"inLanguage":"ca"},{"@type":"Organization","@id":"https:\/\/iwell-guard.com\/ca\/#organization","name":"Ittermann electronic GmbH","url":"https:\/\/iwell-guard.com\/ca\/","logo":{"@type":"ImageObject","inLanguage":"ca","@id":"https:\/\/iwell-guard.com\/ca\/#\/schema\/logo\/image\/","url":"https:\/\/iwell-guard.com\/wp-content\/uploads\/2026\/05\/Ittermann-Logo-1182x237-1.png","contentUrl":"https:\/\/iwell-guard.com\/wp-content\/uploads\/2026\/05\/Ittermann-Logo-1182x237-1.png","width":1182,"height":237,"caption":"Ittermann electronic GmbH"},"image":{"@id":"https:\/\/iwell-guard.com\/ca\/#\/schema\/logo\/image\/"},"sameAs":["https:\/\/pantip.com\/profile\/9367242","https:\/\/micro.blog\/iwellguard","https:\/\/www.diggerslist.com\/iwellguard\/about","https:\/\/skitterphoto.com\/photographers\/2870314\/iwell-guard","https:\/\/iwellguard.wordpress.com\/2026\/06\/06\/iwell-guard\/","https:\/\/hub.docker.com\/u\/iwellguard","https:\/\/www.pinterest.com\/iwellguard\/","https:\/\/bit.ly\/m\/iwellguard","https:\/\/entre-vos-mains.alsace.eu\/profiles\/iwellguard\/activity","https:\/\/gravatar.com\/reallybeded8fd34","https:\/\/naijamatta.com\/iwellguard","https:\/\/www.goodreads.com\/iwellguard","https:\/\/profile.hatena.ne.jp\/iwellguard\/","https:\/\/experiment.com\/users\/iwellguard","https:\/\/wakelet.com\/@iWellGuard82270","https:\/\/www.chordie.com\/forum\/profile.php?id=2555664","https:\/\/www.instapaper.com\/p\/17757966","https:\/\/www.mapleprimes.com\/users\/iwellguard","https:\/\/businesslistingplus.com\/profile\/iwell-guard\/","https:\/\/telegra.ph\/iWell-Guard-06-06","https:\/\/pbase.com\/iwellguard\/iwellguard","https:\/\/b.hatena.ne.jp\/iwellguard\/20260607#bookmark-4788405196491818882","https:\/\/fliphtml5.com\/home\/iwellguard","https:\/\/anyflip.com\/homepage\/cmiwl#About","https:\/\/transfur.com\/Users\/iwellguard","http:\/\/delphi.larsbo.org\/user\/iwellguard","https:\/\/jobs.lajobsportal.org\/profiles\/8380803-iwell-guard","https:\/\/md.chaosdorf.de\/s\/jfbe5SBdJD","https:\/\/www.lingvolive.com\/en-us\/profile\/9ecaeaca-ce11-4e51-9e71-01d55e2bff36\/translations","https:\/\/www.fitday.com\/fitness\/forums\/members\/iwellguard.html","https:\/\/www.mymeetbook.com\/iwellguard","https:\/\/pxhere.com\/en\/photographer-me\/5040798","https:\/\/disqus.com\/by\/iwellguard\/about\/","https:\/\/pastelink.net\/hjwciqwq","https:\/\/pubhtml5.com\/homepage\/scjhn\/","https:\/\/www.bitchute.com\/channel\/2O2eOKzNqujT","https:\/\/audiomack.com\/iwellguard"]},{"@type":"Person","@id":"https:\/\/iwell-guard.com\/ca\/#\/schema\/person\/ee2a27f1cac3406c7c6fb5820cb7349f","name":"Ralf Ittermann","image":{"@type":"ImageObject","inLanguage":"ca","@id":"https:\/\/secure.gravatar.com\/avatar\/073c0153e350a5005b68eb752b445fea71f6b24a26da9449ad7e155e6b446c9d?s=96&d=mm&r=g","url":"https:\/\/secure.gravatar.com\/avatar\/073c0153e350a5005b68eb752b445fea71f6b24a26da9449ad7e155e6b446c9d?s=96&d=mm&r=g","contentUrl":"https:\/\/secure.gravatar.com\/avatar\/073c0153e350a5005b68eb752b445fea71f6b24a26da9449ad7e155e6b446c9d?s=96&d=mm&r=g","caption":"Ralf Ittermann"},"givenName":"Ralf","familyName":"Ittermann","jobTitle":"Gesch\u00e4ftsf\u00fchrer und redaktioneller Verantwortlicher","url":"https:\/\/iwell-guard.com\/ca\/author\/claude\/","description":"Ralf Ittermann ist Gesch\u00e4ftsf\u00fchrer der Ittermann electronic GmbH und redaktioneller Verantwortlicher des iWell-Guard-Lexikons. Er verbindet langj\u00e4hrige Erfahrung in der Pr\u00e4zisionsfertigung mit medialer Praxis und religionsgeschichtlicher Quellenarbeit.","worksFor":{"@type":"Organization","name":"Ittermann electronic GmbH","url":"https:\/\/ittermann.de\/","address":{"@type":"PostalAddress","streetAddress":"K\u00f6hlergasse 16-18","postalCode":"99842","addressLocality":"Ruhla","addressCountry":"DE"}},"knowsAbout":["Religionsgeschichte","Mythologie","Mediale Praxis","Energetische Diagnostik","Schutzpraxis","Volksglauben","Westliche Esoterik"]},{"@type":"Article","@id":"https:\/\/iwell-guard.com\/ca\/apollo\/#article","isPartOf":{"@id":"https:\/\/iwell-guard.com\/ca\/apollo\/"},"author":{"name":"Ralf Ittermann","@id":"https:\/\/iwell-guard.com\/ca\/#\/schema\/person\/ee2a27f1cac3406c7c6fb5820cb7349f"},"headline":"Apol\u00b7lo","datePublished":"2026-09-05T15:40:14+00:00","dateModified":"2026-09-05T16:00:31+00:00","mainEntityOfPage":{"@id":"https:\/\/iwell-guard.com\/ca\/apollo\/"},"publisher":{"@id":"https:\/\/iwell-guard.com\/ca\/#organization"},"image":{"@id":"https:\/\/iwell-guard.com\/ca\/apollo\/#primaryimage"},"thumbnailUrl":"https:\/\/iwell-guard.com\/wp-content\/uploads\/2026\/04\/goetter_griechenland_apollon.webp","inLanguage":"ca","description":"D\u00e9u de la llum, la m\u00fasica, la curaci\u00f3 i l'oracle. Delfos, la P\u00edtia i l'ordre en la mitologia grega."}]}},"_links":{"self":[{"href":"https:\/\/iwell-guard.com\/ca\/wp-json\/wp\/v2\/pages\/171538","targetHints":{"allow":["GET"]}}],"collection":[{"href":"https:\/\/iwell-guard.com\/ca\/wp-json\/wp\/v2\/pages"}],"about":[{"href":"https:\/\/iwell-guard.com\/ca\/wp-json\/wp\/v2\/types\/page"}],"author":[{"embeddable":true,"href":"https:\/\/iwell-guard.com\/ca\/wp-json\/wp\/v2\/users\/3"}],"replies":[{"embeddable":true,"href":"https:\/\/iwell-guard.com\/ca\/wp-json\/wp\/v2\/comments?post=171538"}],"version-history":[{"count":0,"href":"https:\/\/iwell-guard.com\/ca\/wp-json\/wp\/v2\/pages\/171538\/revisions"}],"wp:featuredmedia":[{"embeddable":true,"href":"https:\/\/iwell-guard.com\/ca\/wp-json\/wp\/v2\/media\/1577"}],"wp:attachment":[{"href":"https:\/\/iwell-guard.com\/ca\/wp-json\/wp\/v2\/media?parent=171538"}],"wp:term":[{"taxonomy":"category","embeddable":true,"href":"https:\/\/iwell-guard.com\/ca\/wp-json\/wp\/v2\/categories?post=171538"}],"curies":[{"name":"wp","href":"https:\/\/api.w.org\/{rel}","templated":true}]}}