{"id":171537,"date":"2026-09-05T15:40:14","date_gmt":"2026-09-05T15:40:14","guid":{"rendered":"https:\/\/iwell-guard.com\/?page_id=171537"},"modified":"2026-09-05T16:00:29","modified_gmt":"2026-09-05T16:00:29","slug":"artemis","status":"publish","type":"page","link":"https:\/\/iwell-guard.com\/ca\/artemis\/","title":{"rendered":"Artemis"},"content":{"rendered":"\t\t<div data-elementor-type=\"wp-page\" data-elementor-id=\"171537\" class=\"elementor elementor-171537 elementor-2035 elementor-bc-flex-widget\" data-elementor-post-type=\"page\">\n\t\t\t\t<div class=\"elementor-element elementor-element-10fdade e-flex e-con-boxed e-con e-parent\" data-id=\"10fdade\" data-element_type=\"container\" data-e-type=\"container\" data-settings=\"{&quot;background_background&quot;:&quot;classic&quot;}\">\n\t\t\t\t\t<div class=\"e-con-inner\">\n\t\t<div class=\"elementor-element elementor-element-herohlft0 e-flex e-con-boxed e-con e-child\" data-id=\"herohlft0\" data-element_type=\"container\" data-e-type=\"container\">\n\t\t\t\t\t<div class=\"e-con-inner\">\n\t\t<div class=\"elementor-element elementor-element-c3ceb64 e-con-full e-flex e-con e-child\" data-id=\"c3ceb64\" data-element_type=\"container\" data-e-type=\"container\">\n\t\t\t\t<div class=\"elementor-element elementor-element-96ae5e1 elementor-widget elementor-widget-heading\" data-id=\"96ae5e1\" data-element_type=\"widget\" data-e-type=\"widget\" data-widget_type=\"heading.default\">\n\t\t\t\t\t<h1 class=\"elementor-heading-title elementor-size-default\">Artemis, deessa de la tradici\u00f3 grega<\/h1>\t\t\t\t<\/div>\n\t\t\t\t<div class=\"elementor-element elementor-element-e45238a elementor-widget elementor-widget-text-editor\" data-id=\"e45238a\" data-element_type=\"widget\" data-e-type=\"widget\" data-widget_type=\"text-editor.default\">\n\t\t\t\t\t\t\t\t\t<p>Artemis \u00e9s deessa de la tradici\u00f3 grega.<\/p><p>Deessa de la ca\u00e7a, de la lluna i de la natura salvatge, sobirana no casada de la natura. Artemis \u00e9s la germana bessona d&#8217;Apol\u00b7lo i una de les poques deesses ol\u00edmpiques que conserva la seva virginitat i imposa la seva independ\u00e8ncia davant els homes. Amb arc i fletxes, vetlla per c\u00e9rvols, cabirols i tots els animals salvatges. \u00c9s protectora de les dones, especialment durant el part i en les amistats femenines.<\/p>\t\t\t\t\t\t\t\t<\/div>\n\t\t\t\t<\/div>\n\t\t<div class=\"elementor-element elementor-element-klsbdg01 e-con-full e-flex e-con e-parent\" data-id=\"klsbdg01\" data-element_type=\"container\" data-e-type=\"container\">\n\t\t\t\t<div class=\"elementor-element elementor-element-klshtm01 elementor-widget elementor-widget-html\" data-id=\"klshtm01\" data-element_type=\"widget\" data-e-type=\"widget\" data-widget_type=\"html.default\">\n\t\t\t\t\t<div class=\"iwg-pill-row\"><span class=\"iwg-klasse-badge\" tabindex=\"0\" data-tooltip=\"D\u00e9u \/ Deessa: Poder suprem personificat en el pante\u00f3 d'una cultura, amb funcions clares: forces naturals, dest\u00ed, guerra, fertilitat. Venerat mitjan\u00e7ant cultes, ofrenes i institucions de temple.\">Deessa<\/span><a href=\"https:\/\/iwell-guard.com\/ca\/grecia\/\" class=\"iwg-kultur-badge\" tabindex=\"0\" data-tooltip=\"Religi\u00f3 i mitologia de la Gr\u00e8cia antiga, des de l'\u00e8poca mic\u00e8nica fins a l'antiguitat tardana.\">Gr\u00e8cia<\/a><\/div>\t\t\t\t<\/div>\n\t\t\t\t<\/div>\n\t\t<div class=\"elementor-element elementor-element-3f74855 e-con-full e-flex e-con e-child\" data-id=\"3f74855\" data-element_type=\"container\" data-e-type=\"container\">\n\t\t\t\t<div class=\"elementor-element elementor-element-1c30362 elementor-toc--minimized-on-tablet elementor-widget elementor-widget-table-of-contents\" data-id=\"1c30362\" data-element_type=\"widget\" data-e-type=\"widget\" data-settings=\"{&quot;exclude_headings_by_selector&quot;:[],&quot;no_headings_message&quot;:&quot;No s&#039;ha trobat cap encap\\u00e7alament en aquesta p\\u00e0gina.&quot;,&quot;headings_by_tags&quot;:[&quot;h2&quot;,&quot;h3&quot;],&quot;marker_view&quot;:&quot;bullets&quot;,&quot;minimize_box&quot;:&quot;yes&quot;,&quot;icon&quot;:{&quot;value&quot;:&quot;fas fa-circle&quot;,&quot;library&quot;:&quot;fa-solid&quot;,&quot;rendered_tag&quot;:&quot;&lt;svg class=\\&quot;e-font-icon-svg e-fas-circle\\&quot; viewBox=\\&quot;0 0 512 512\\&quot; xmlns=\\&quot;http:\\\/\\\/www.w3.org\\\/2000\\\/svg\\&quot;&gt;&lt;path d=\\&quot;M256 8C119 8 8 119 8 256s111 248 248 248 248-111 248-248S393 8 256 8z\\&quot;&gt;&lt;\\\/path&gt;&lt;\\\/svg&gt;&quot;},&quot;minimized_on&quot;:&quot;tablet&quot;,&quot;hierarchical_view&quot;:&quot;yes&quot;,&quot;min_height&quot;:{&quot;unit&quot;:&quot;px&quot;,&quot;size&quot;:&quot;&quot;,&quot;sizes&quot;:[]},&quot;min_height_tablet&quot;:{&quot;unit&quot;:&quot;px&quot;,&quot;size&quot;:&quot;&quot;,&quot;sizes&quot;:[]},&quot;min_height_mobile&quot;:{&quot;unit&quot;:&quot;px&quot;,&quot;size&quot;:&quot;&quot;,&quot;sizes&quot;:[]}}\" data-widget_type=\"table-of-contents.default\">\n\t\t\t\t\t\t\t\t\t<div class=\"elementor-toc__header\">\n\t\t\t\t\t\t<h2 class=\"elementor-toc__header-title\">\n\t\t\t\t\u00cdndex\t\t\t<\/h2>\n\t\t\t\t\t\t\t\t\t\t<div class=\"elementor-toc__toggle-button elementor-toc__toggle-button--expand\" role=\"button\" tabindex=\"0\" aria-controls=\"elementor-toc__1c30362\" aria-expanded=\"true\" aria-label=\"Open table of contents\"><svg aria-hidden=\"true\" class=\"e-font-icon-svg e-fas-chevron-down\" viewBox=\"0 0 448 512\" xmlns=\"http:\/\/www.w3.org\/2000\/svg\"><path d=\"M207.029 381.476L12.686 187.132c-9.373-9.373-9.373-24.569 0-33.941l22.667-22.667c9.357-9.357 24.522-9.375 33.901-.04L224 284.505l154.745-154.021c9.379-9.335 24.544-9.317 33.901.04l22.667 22.667c9.373 9.373 9.373 24.569 0 33.941L240.971 381.476c-9.373 9.372-24.569 9.372-33.942 0z\"><\/path><\/svg><\/div>\n\t\t\t\t<div class=\"elementor-toc__toggle-button elementor-toc__toggle-button--collapse\" role=\"button\" tabindex=\"0\" aria-controls=\"elementor-toc__1c30362\" aria-expanded=\"true\" aria-label=\"Close table of contents\"><svg aria-hidden=\"true\" class=\"e-font-icon-svg e-fas-chevron-up\" viewBox=\"0 0 448 512\" xmlns=\"http:\/\/www.w3.org\/2000\/svg\"><path d=\"M240.971 130.524l194.343 194.343c9.373 9.373 9.373 24.569 0 33.941l-22.667 22.667c-9.357 9.357-24.522 9.375-33.901.04L224 227.495 69.255 381.516c-9.379 9.335-24.544 9.317-33.901-.04l-22.667-22.667c-9.373-9.373-9.373-24.569 0-33.941L207.03 130.525c9.372-9.373 24.568-9.373 33.941-.001z\"><\/path><\/svg><\/div>\n\t\t\t\t\t<\/div>\n\t\t\t\t<div id=\"elementor-toc__1c30362\" class=\"elementor-toc__body\">\n\t\t\t<div class=\"elementor-toc__spinner-container\">\n\t\t\t\t<svg class=\"elementor-toc__spinner eicon-animation-spin e-font-icon-svg e-eicon-loading\" aria-hidden=\"true\" viewBox=\"0 0 1000 1000\" xmlns=\"http:\/\/www.w3.org\/2000\/svg\"><path d=\"M500 975V858C696 858 858 696 858 500S696 142 500 142 142 304 142 500H25C25 237 238 25 500 25S975 237 975 500 763 975 500 975Z\"><\/path><\/svg>\t\t\t<\/div>\n\t\t<\/div>\n\t\t\t\t\t\t<\/div>\n\t\t\t\t<\/div>\n\t\t\t\t\t<\/div>\n\t\t\t\t<\/div>\n\t\t<div class=\"elementor-element elementor-element-herorght0 e-con-full e-flex e-con e-child\" data-id=\"herorght0\" data-element_type=\"container\" data-e-type=\"container\">\n\t\t\t\t<div class=\"elementor-element elementor-element-heroimg00 iwg-hero-image elementor-widget elementor-widget-image\" data-id=\"heroimg00\" data-element_type=\"widget\" data-e-type=\"widget\" data-widget_type=\"image.default\">\n\t\t\t\t\t\t\t\t\t\t\t\t\t\t\t<img fetchpriority=\"high\" decoding=\"async\" width=\"683\" height=\"1024\" src=\"https:\/\/iwell-guard.com\/wp-content\/uploads\/2026\/04\/goetter_griechenland_artemis-683x1024.webp\" class=\"attachment-large size-large wp-image-1578\" alt=\"Artemis\" srcset=\"https:\/\/iwell-guard.com\/wp-content\/uploads\/2026\/04\/goetter_griechenland_artemis-683x1024.webp 683w, https:\/\/iwell-guard.com\/wp-content\/uploads\/2026\/04\/goetter_griechenland_artemis-200x300.webp 200w, https:\/\/iwell-guard.com\/wp-content\/uploads\/2026\/04\/goetter_griechenland_artemis-768x1152.webp 768w, https:\/\/iwell-guard.com\/wp-content\/uploads\/2026\/04\/goetter_griechenland_artemis.webp 1024w\" sizes=\"(max-width: 683px) 100vw, 683px\" \/>\t\t\t\t\t\t\t\t\t\t\t\t\t\t\t<\/div>\n\t\t\t\t<\/div>\n\t\t\t\t\t<\/div>\n\t\t\t\t<\/div>\n\t\t<div class=\"elementor-element elementor-element-32917199 e-flex e-con-boxed e-con e-parent\" data-id=\"32917199\" data-element_type=\"container\" data-e-type=\"container\">\n\t\t\t\t\t<div class=\"e-con-inner\">\n\t\t<div class=\"elementor-element elementor-element-26e916cb e-flex e-con-boxed e-con e-child\" data-id=\"26e916cb\" data-element_type=\"container\" data-e-type=\"container\">\n\t\t\t\t\t<div class=\"e-con-inner\">\n\t\t<div class=\"elementor-element elementor-element-253a40d4 e-flex e-con-boxed e-con e-child\" data-id=\"253a40d4\" data-element_type=\"container\" data-e-type=\"container\">\n\t\t\t\t\t<div class=\"e-con-inner\">\n\t\t\t\t<div class=\"elementor-element elementor-element-1200c304 elementor-widget elementor-widget-heading\" data-id=\"1200c304\" data-element_type=\"widget\" data-e-type=\"widget\" data-widget_type=\"heading.default\">\n\t\t\t\t\t<h2 class=\"elementor-heading-title elementor-size-default\">Artemis<\/h2>\t\t\t\t<\/div>\n\t\t\t\t\t<\/div>\n\t\t\t\t<\/div>\n\t\t<div class=\"elementor-element elementor-element-159dcf9a e-flex e-con-boxed e-con e-child\" data-id=\"159dcf9a\" data-element_type=\"container\" data-e-type=\"container\">\n\t\t\t\t\t<div class=\"e-con-inner\">\n\t\t\t\t<div class=\"elementor-element elementor-element-48cee66f elementor-widget elementor-widget-heading\" data-id=\"48cee66f\" data-element_type=\"widget\" data-e-type=\"widget\" data-widget_type=\"heading.default\">\n\t\t\t\t\t<h2 class=\"elementor-heading-title elementor-size-default\">Resum r\u00e0pid: Artemis<\/h2>\t\t\t\t<\/div>\n\t\t\t\t<div class=\"elementor-element elementor-element-3f50d82c elementor-widget elementor-widget-text-editor\" data-id=\"3f50d82c\" data-element_type=\"widget\" data-e-type=\"widget\" data-widget_type=\"text-editor.default\">\n\t\t\t\t\t\t\t\t\t<p><strong>Tipus:<\/strong> Divinitat principal grega, deessa de la ca\u00e7a i de la lluna, patrona de les verges<br><span class=\"iwg-fachbegriff\" data-tooltip=\"El conjunt de d\u00e9us d'una religi\u00f3 o cultura.\" tabindex=\"0\">Pante\u00f3<\/span>: Gr\u00e8cia (una de les dotze deesses ol\u00edmpiques), adoptada com Diana pels romans<br>Funci\u00f3: ca\u00e7a, natura salvatge, curs de la lluna, protecci\u00f3 de les dones en el part, virginitat<br>Atributs principals: arc amb fletxes daurades, mitja lluna, c\u00e9rvola, vestit curt de ca\u00e7adora<br>Principals llocs de culte: Efes (Artemision, meravella del m\u00f3n), Braur\u00f3n (\u00c0tica), Esparta (Artemis Orthia), Delos (lloc de naixement)<br>Equivalent romana: Diana<\/p>\t\t\t\t\t\t\t\t<\/div>\n\t\t\t\t\t<\/div>\n\t\t\t\t<\/div>\n\t\t\t\t\t<\/div>\n\t\t\t\t<\/div>\n\t\t\t\t\t<\/div>\n\t\t\t\t<\/div>\n\t\t<div class=\"elementor-element elementor-element-18613602 e-flex e-con-boxed e-con e-parent\" data-id=\"18613602\" data-element_type=\"container\" data-e-type=\"container\">\n\t\t\t\t\t<div class=\"e-con-inner\">\n\t\t\t\t<div class=\"elementor-element elementor-element-262b8a9f elementor-widget elementor-widget-heading\" data-id=\"262b8a9f\" data-element_type=\"widget\" data-e-type=\"widget\" data-widget_type=\"heading.default\">\n\t\t\t\t\t<h2 class=\"elementor-heading-title elementor-size-default\">Introducci\u00f3<\/h2>\t\t\t\t<\/div>\n\t\t<div class=\"elementor-element elementor-element-46dcb7d e-con-full e-flex e-con e-child\" data-id=\"46dcb7d\" data-element_type=\"container\" data-e-type=\"container\">\n\t\t<div class=\"elementor-element elementor-element-61d3ab3 e-flex e-con-boxed e-con e-child\" data-id=\"61d3ab3\" data-element_type=\"container\" data-e-type=\"container\">\n\t\t\t\t\t<div class=\"e-con-inner\">\n\t\t\t\t<div class=\"elementor-element elementor-element-117c166 elementor-widget elementor-widget-heading\" data-id=\"117c166\" data-element_type=\"widget\" data-e-type=\"widget\" data-widget_type=\"heading.default\">\n\t\t\t\t\t<h3 class=\"elementor-heading-title elementor-size-default\">Per\u00edode dels textos<\/h3>\t\t\t\t<\/div>\n\t\t\t\t<div class=\"elementor-element elementor-element-73997a0 elementor-widget elementor-widget-text-editor\" data-id=\"73997a0\" data-element_type=\"widget\" data-e-type=\"widget\" data-widget_type=\"text-editor.default\">\n\t\t\t\t\t\t\t\t\t<p>Artemis \u00e9s central en la <span class=\"iwg-fachbegriff\" data-tooltip=\"El conjunt de relats transmesos sobre els d\u00e9us d'una cultura.\" tabindex=\"0\">mitologia<\/span> grega des d&#8217;Homer (segle VIII aC). El seu santuari principal, l&#8217;<em>Artemision<\/em> d&#8217;Efes, va ser una de les <em>Set Meravelles del M\u00f3n de l&#8217;<span class=\"iwg-fachbegriff\" data-tooltip=\"\u00c8poca de la cultura grega i romana, aproximadament del 800 aC al 600 dC.\" tabindex=\"0\">Antiguitat<\/span><\/em> (erigit a partir del segle VI aC, cremat per Her\u00f2strat el 356 aC, reconstru\u00eft i finalment destru\u00eft al segle III dC).<\/p><p>A Efes, Artemis ja \u00e9s una s\u00edntesi entre l&#8217;Artemis grega i la deessa mare anat\u00f2lica prehel\u00b7len\u00edstica (C\u00edbele\/Kubaba), i les famoses est\u00e0tues de m\u00faltiples pits pertanyen a aquesta forma d&#8217;\u00c0sia Menor. En \u00e8poca hel\u00b7len\u00edstica es produeix un sincretisme addicional amb H\u00e8cate (Artemis-H\u00e8cate) i Selene (la lluna). En el Nou Testament, als Actes 19, apareix el fam\u00f3s episodi dels argenters d&#8217;Efes.<\/p>\t\t\t\t\t\t\t\t<\/div>\n\t\t\t\t\t<\/div>\n\t\t\t\t<\/div>\n\t\t<div class=\"elementor-element elementor-element-d47b156 e-flex e-con-boxed e-con e-child\" data-id=\"d47b156\" data-element_type=\"container\" data-e-type=\"container\">\n\t\t\t\t\t<div class=\"e-con-inner\">\n\t\t\t\t<div class=\"elementor-element elementor-element-ff38c2b elementor-widget elementor-widget-heading\" data-id=\"ff38c2b\" data-element_type=\"widget\" data-e-type=\"widget\" data-widget_type=\"heading.default\">\n\t\t\t\t\t<h3 class=\"elementor-heading-title elementor-size-default\">\u00c0rea de difusi\u00f3<\/h3>\t\t\t\t<\/div>\n\t\t\t\t<div class=\"elementor-element elementor-element-4e49fcc elementor-widget elementor-widget-text-editor\" data-id=\"4e49fcc\" data-element_type=\"widget\" data-e-type=\"widget\" data-widget_type=\"text-editor.default\">\n\t\t\t\t\t\t\t\t\t<p>Principals llocs de culte: <strong>Efes<\/strong> (l&#8217;Artemision, el m\u00e9s fam\u00f3s, amb la forma mixta anat\u00f2lic-grega de m\u00faltiples pits), <strong>Braur\u00f3n<\/strong> (\u00c0tica, amb les iniciacions de noies, les <em>Arkteia<\/em>, en qu\u00e8 les joves noies feien d'\u00bb\u00f3ssetes\u00bb abans de casar-se), <strong>Esparta<\/strong> (Artemis Orthia, amb els famosos flagel\u00b7laments de nois, un ritual d&#8217;iniciaci\u00f3), <strong>Delos<\/strong> (lloc m\u00edtic de naixement, on \u00e9s venerada juntament amb Apol\u00b7lo), \u00c0ulide (<span class=\"iwg-fachbegriff\" data-tooltip=\"Un relat transm\u00e8s sobre d\u00e9us, or\u00edgens i l'ordre del m\u00f3n.\" tabindex=\"0\">mite<\/span> d&#8217;Ifig\u00e8nia).<\/p><p>A Sic\u00edlia, a Siracusa, amb el <span class=\"iwg-fachbegriff\" data-tooltip=\"El conjunt d'actes de veneraci\u00f3 religiosa cap a una divinitat o figura sagrada.\" tabindex=\"0\">culte<\/span> a Artemis prop de la font d&#8217;Aretusa.<\/p>\t\t\t\t\t\t\t\t<\/div>\n\t\t\t\t\t<\/div>\n\t\t\t\t<\/div>\n\t\t\t\t<\/div>\n\t\t<div class=\"elementor-element elementor-element-db03c39 e-con-full e-flex e-con e-child\" data-id=\"db03c39\" data-element_type=\"container\" data-e-type=\"container\">\n\t\t<div class=\"elementor-element elementor-element-229a87b e-flex e-con-boxed e-con e-child\" data-id=\"229a87b\" data-element_type=\"container\" data-e-type=\"container\">\n\t\t\t\t\t<div class=\"e-con-inner\">\n\t\t\t\t<div class=\"elementor-element elementor-element-1f471fc elementor-widget elementor-widget-heading\" data-id=\"1f471fc\" data-element_type=\"widget\" data-e-type=\"widget\" data-widget_type=\"heading.default\">\n\t\t\t\t\t<h3 class=\"elementor-heading-title elementor-size-default\">Estat de les fonts<\/h3>\t\t\t\t<\/div>\n\t\t\t\t<div class=\"elementor-element elementor-element-36b1201 elementor-widget elementor-widget-text-editor\" data-id=\"36b1201\" data-element_type=\"widget\" data-e-type=\"widget\" data-widget_type=\"text-editor.default\">\n\t\t\t\t\t\t\t\t\t<p>Fonts centrals: Hes\u00edode (<em>Teogonia<\/em>), la Il\u00edada i l&#8217;Odissea d&#8217;Homer, l&#8217;<em>Himne hom\u00e8ric a Artemis<\/em> (breu, himne 27), l&#8217;<em>Himne a Artemis<\/em> de Cal\u00b7l\u00edmac (alexandr\u00ed, extens), la <em>Biblioteca<\/em> d&#8217;Apol\u00b7lodor, la <em>Descripci\u00f3 de Gr\u00e8cia<\/em> de Paus\u00e0nies.<\/p><p>Obres teatrals: <em>Ifig\u00e8nia a \u00c0ulide<\/em> i <em>Ifig\u00e8nia entre els taures<\/em> d&#8217;Eur\u00edpides (centrals per al <span class=\"iwg-fachbegriff\" data-tooltip=\"Un relat transm\u00e8s sobre d\u00e9us, or\u00edgens i l'ordre del m\u00f3n.\" tabindex=\"0\">mite<\/span> d&#8217;Artemis), <em>Hip\u00f2lit<\/em> d&#8217;Eur\u00edpides. Bibliografia secund\u00e0ria: Burkert, <em>Griechische Religion<\/em>; Vernant, <em>Mortals and Immortals<\/em>; Cole, <em>Landscapes, Gender, and <span class=\"iwg-fachbegriff\" data-tooltip=\"Una seq\u00fc\u00e8ncia regulada d'accions simb\u00f2liques amb significat religi\u00f3s o cultural.\" tabindex=\"0\">Ritual<\/span> Space<\/em>; LIMC, entrada <em>Artemis<\/em>.<\/p>\t\t\t\t\t\t\t\t<\/div>\n\t\t\t\t\t<\/div>\n\t\t\t\t<\/div>\n\t\t\t\t<\/div>\n\t\t\t\t\t<\/div>\n\t\t\t\t<\/div>\n\t\t<div class=\"elementor-element elementor-element-3ae0637c e-flex e-con-boxed e-con e-parent\" data-id=\"3ae0637c\" data-element_type=\"container\" data-e-type=\"container\">\n\t\t\t\t\t<div class=\"e-con-inner\">\n\t\t\t\t<div class=\"elementor-element elementor-element-31d07739 elementor-widget elementor-widget-heading\" data-id=\"31d07739\" data-element_type=\"widget\" data-e-type=\"widget\" data-widget_type=\"heading.default\">\n\t\t\t\t\t<h2 class=\"elementor-heading-title elementor-size-default\">Nom<\/h2>\t\t\t\t<\/div>\n\t\t<div class=\"elementor-element elementor-element-b7642947 e-con-full e-flex e-con e-child\" data-id=\"b7642947\" data-element_type=\"container\" data-e-type=\"container\">\n\t\t\t\t<div class=\"elementor-element elementor-element-a086266 elementor-widget elementor-widget-text-editor\" data-id=\"a086266\" data-element_type=\"widget\" data-e-type=\"widget\" data-widget_type=\"text-editor.default\">\n\t\t\t\t\t\t\t\t\t<p>Artemis es representa com una ca\u00e7adora musculosa i r\u00e0pida, sovint amb vestimenta de ca\u00e7a (quit\u00f3 curt), amb arc i buirac. Els seus s\u00edmbols s\u00f3n el c\u00e9rvol o la gasela, la mitja lluna d&#8217;argent (que guia pel cel), la torxa i, de vegades, gossos (els seus gossos de ca\u00e7a).<\/p><p>Sovint apareix amb les seves nimfes en escenes de bosc. La seva bellesa \u00e9s salvatge i ind\u00f2mita, no cortesana com la d&#8217;Afrodita.<\/p>\t\t\t\t\t\t\t\t<\/div>\n\t\t\t\t<\/div>\n\t\t\t\t\t<\/div>\n\t\t\t\t<\/div>\n\t\t<div class=\"elementor-element elementor-element-709a44a8 e-flex e-con-boxed e-con e-parent\" data-id=\"709a44a8\" data-element_type=\"container\" data-e-type=\"container\">\n\t\t\t\t\t<div class=\"e-con-inner\">\n\t\t\t\t<div class=\"elementor-element elementor-element-2f585873 elementor-widget elementor-widget-heading\" data-id=\"2f585873\" data-element_type=\"widget\" data-e-type=\"widget\" data-widget_type=\"heading.default\">\n\t\t\t\t\t<h2 class=\"elementor-heading-title elementor-size-default\">Caracter\u00edstiques<\/h2>\t\t\t\t<\/div>\n\t\t<div class=\"elementor-element elementor-element-70621c12 e-con-full e-flex e-con e-child\" data-id=\"70621c12\" data-element_type=\"container\" data-e-type=\"container\">\n\t\t\t\t<div class=\"elementor-element elementor-element-4296eb49 elementor-widget elementor-widget-text-editor\" data-id=\"4296eb49\" data-element_type=\"widget\" data-e-type=\"widget\" data-widget_type=\"text-editor.default\">\n\t\t\t\t\t\t\t\t\t<p>Artemis \u00e9s invocada com a deessa protectora de la ca\u00e7a, de la natura salvatge i de les dones, especialment durant embarassos i parts. Protegeix les dones de l&#8217;assetjament i la viol\u00e8ncia. El seu jurament \u00e9s inviolable; ajuda aquells que la invoquen.<\/p><p>Les dones li oferien ofrenes abans del seu casament. Paradoxalment, Artemis tamb\u00e9 \u00e9s deessa de la pesta entre els animals salvatges. La seva festa, les <em>Tesmof\u00f2ries<\/em> (en part), se celebra anualment en nombrosos santuaris. \u00c9s l&#8217;ideal de la independ\u00e8ncia i de l&#8217;amistat femenina.<\/p><p><strong>Aparen\u00e7a i simbolisme<\/strong><\/p><p>Artemis es representa com una jove verge musculosa amb un quit\u00f3 curt, armada amb arc i buirac ple de fletxes, la imatge arquet\u00edpica de la deessa ca\u00e7adora. El c\u00e9rvol i el cabirol eren els seus animals sagrats, aix\u00ed com la gossa.<\/p><p>La lluna mateixa es va convertir en el seu domini, encara que aix\u00f2 nom\u00e9s es va establir plenament en per\u00edodes posteriors; anteriorment era m\u00e9s aviat la deessa solar de la nit.<\/p><p>El xiprer i l&#8217;avet li eren consagrats. Amb la seva mitja lluna com a diadema i la seva llu\u00efssor argentada, encarnava la puresa i la virginitat, i alhora el poder ambivalent de la ferocitat i independ\u00e8ncia femenines, que no volien sotmetre&#8217;s a cap home.<\/p>\t\t\t\t\t\t\t\t<\/div>\n\t\t\t\t<\/div>\n\t\t\t\t\t<\/div>\n\t\t\t\t<\/div>\n\t\t<div class=\"elementor-element elementor-element-44e71476 e-flex e-con-boxed e-con e-parent\" data-id=\"44e71476\" data-element_type=\"container\" data-e-type=\"container\">\n\t\t\t\t\t<div class=\"e-con-inner\">\n\t\t\t\t<div class=\"elementor-element elementor-element-3c1fc3f0 elementor-widget elementor-widget-heading\" data-id=\"3c1fc3f0\" data-element_type=\"widget\" data-e-type=\"widget\" data-widget_type=\"heading.default\">\n\t\t\t\t\t<h2 class=\"elementor-heading-title elementor-size-default\">Fitxa: Artemis<\/h2>\t\t\t\t<\/div>\n\t\t<div class=\"elementor-element elementor-element-84f33b8e e-con-full e-flex e-con e-child\" data-id=\"84f33b8e\" data-element_type=\"container\" data-e-type=\"container\">\n\t\t\t\t<div class=\"elementor-element elementor-element-hqkdc67p elementor-widget elementor-widget-text-editor\" data-id=\"hqkdc67p\" data-element_type=\"widget\" data-e-type=\"widget\" data-widget_type=\"text-editor.default\">\n\t\t\t\t\t\t\t\t\t<p>Els aspectes m\u00e9s importants d&#8217;Artemis d&#8217;un cop d&#8217;ull. Els camps seg\u00fcents resumeixen l&#8217;origen, la funci\u00f3, l&#8217;aparen\u00e7a, la veneraci\u00f3, els s\u00edmbols i els paral\u00b7lelismes culturals.<\/p>\t\t\t\t\t\t\t\t<\/div>\n\t\t\t\t<\/div>\n\t\t<div class=\"elementor-element elementor-element-pemmx7c5 e-con-full e-flex e-con e-child\" data-id=\"pemmx7c5\" data-element_type=\"container\" data-e-type=\"container\">\n\t\t<div class=\"elementor-element elementor-element-pemmx7c1 e-con-full e-flex e-con e-child\" data-id=\"pemmx7c1\" data-element_type=\"container\" data-e-type=\"container\">\n\t\t<div class=\"elementor-element elementor-element-qh9oavvu iwg-steckbrief-card e-flex e-con-boxed e-con e-child\" data-id=\"qh9oavvu\" data-element_type=\"container\" data-e-type=\"container\">\n\t\t\t\t\t<div class=\"e-con-inner\">\n\t\t\t\t<div class=\"elementor-element elementor-element-awzx8k2k elementor-widget elementor-widget-heading\" data-id=\"awzx8k2k\" data-element_type=\"widget\" data-e-type=\"widget\" data-widget_type=\"heading.default\">\n\t\t\t\t\t<div class=\"elementor-heading-title elementor-size-default\">L'origen d'Artemis<\/div>\t\t\t\t<\/div>\n\t\t\t\t<div class=\"elementor-element elementor-element-x6rowhv0 elementor-widget elementor-widget-text-editor\" data-id=\"x6rowhv0\" data-element_type=\"widget\" data-e-type=\"widget\" data-widget_type=\"text-editor.default\">\n\t\t\t\t\t\t\t\t\t<p>Artemis \u00e9s filla de Zeus i de la tit\u00e0nida <em>Leto<\/em>, germana bessona d&#8217;<em>Apol\u00b7lo<\/em>. Nascuda a l&#8217;illa de Delos (o, segons una tradici\u00f3 antiga, a Ort\u00edgia, prop de Delos), on Leto (perseguida per Hera) va trobar refugi. Artemis neix primer i despr\u00e9s ajuda la seva mare en el naixement d&#8217;Apol\u00b7lo, d&#8217;aqu\u00ed ve el seu patronatge del part.<\/p><p>Verge conscient (parthenos), va jurar de petita al seu pare Zeus que mai es casaria, i va demanar un arc, un seguici de ca\u00e7adors i muntanyes com a regne. Figura m\u00edtica de venjan\u00e7a en els casos d&#8217;Acte\u00f3 (transformat en c\u00e9rvol i esquin\u00e7at pels seus propis gossos per haver-la vist nua) i de N\u00edobe (els fills de la qual van ser abatuts a fletxades per Artemis i Apol\u00b7lo).<\/p>\t\t\t\t\t\t\t\t<\/div>\n\t\t\t\t\t<\/div>\n\t\t\t\t<\/div>\n\t\t<div class=\"elementor-element elementor-element-8e3o4kxs iwg-steckbrief-card e-flex e-con-boxed e-con e-child\" data-id=\"8e3o4kxs\" data-element_type=\"container\" data-e-type=\"container\">\n\t\t\t\t\t<div class=\"e-con-inner\">\n\t\t\t\t<div class=\"elementor-element elementor-element-08rkdgov elementor-widget elementor-widget-heading\" data-id=\"08rkdgov\" data-element_type=\"widget\" data-e-type=\"widget\" data-widget_type=\"heading.default\">\n\t\t\t\t\t<div class=\"elementor-heading-title elementor-size-default\">El p\u00fablic destinatari d'Artemis<\/div>\t\t\t\t<\/div>\n\t\t\t\t<div class=\"elementor-element elementor-element-uwjelx8s elementor-widget elementor-widget-text-editor\" data-id=\"uwjelx8s\" data-element_type=\"widget\" data-e-type=\"widget\" data-widget_type=\"text-editor.default\">\n\t\t\t\t\t\t\t\t\t<p>Doble funci\u00f3 caracter\u00edstica d&#8217;Artemis: <em>ca\u00e7adora<\/em> amb un arc despietat, per\u00f2 tamb\u00e9 <em>protectora<\/em> dels animals salvatges i les seves cries (Potnia Theron, &laquo;Senyora de les feres&raquo;).<\/p><p>Patrona de les noies joves abans del matrimoni: a Braur\u00f3n, les noies \u00e0tiques honoraven el <span class=\"iwg-fachbegriff\" data-tooltip=\"Un lloc sagrat dedicat a la veneraci\u00f3 d'una divinitat.\" tabindex=\"0\">santuari<\/span> abans de casar-se com a &laquo;osses&raquo;. Ajudant en els dolors del part (juntament amb Eileithyia), per\u00f2 les seves <em>fletxes de plata<\/em> tamb\u00e9 portaven la mort sobtada a les dones (a difer\u00e8ncia de les fletxes d&#8217;Apol\u00b7lo per als homes). Patrona del curs de la lluna (m\u00e9s tard sincretitzada amb Selene).<\/p>\t\t\t\t\t\t\t\t<\/div>\n\t\t\t\t\t<\/div>\n\t\t\t\t<\/div>\n\t\t<div class=\"elementor-element elementor-element-jm2n74ec iwg-steckbrief-card e-flex e-con-boxed e-con e-child\" data-id=\"jm2n74ec\" data-element_type=\"container\" data-e-type=\"container\">\n\t\t\t\t\t<div class=\"e-con-inner\">\n\t\t\t\t<div class=\"elementor-element elementor-element-8vufse4c elementor-widget elementor-widget-heading\" data-id=\"8vufse4c\" data-element_type=\"widget\" data-e-type=\"widget\" data-widget_type=\"heading.default\">\n\t\t\t\t\t<div class=\"elementor-heading-title elementor-size-default\">L'aparen\u00e7a d'Artemis<\/div>\t\t\t\t<\/div>\n\t\t\t\t<div class=\"elementor-element elementor-element-mwb9u015 elementor-widget elementor-widget-text-editor\" data-id=\"mwb9u015\" data-element_type=\"widget\" data-e-type=\"widget\" data-widget_type=\"text-editor.default\">\n\t\t\t\t\t\t\t\t\t<p>Dona jove, bella i d&#8217;alta estatura amb una vestimenta curta per sobre dels genolls (<em>chitoniskos<\/em>, un vestit t\u00edpic de ca\u00e7adora). Cabell recollit o cabells curts i arrissats. <em>Arc amb fletxes daurades<\/em> i buirac a l&#8217;espatlla. <em>Fal\u00e7 lunar<\/em> al front (m\u00e9s tard <span class=\"iwg-fachbegriff\" tabindex=\"0\" data-tooltip=\"Fusi\u00f3 d'elements de diferents religions o cultes en noves formes mixtes, com en el vod\u00fa haiti\u00e0 (lwa i sants cat\u00f2lics).\">sincretisme<\/span> amb Selene).<\/p><p>Sovint representada en moviment, corrent, amb una cama al\u00e7ada. <em>C\u00e9rvola<\/em> o <em>C\u00e9rvol daurat de Cer\u00ednia<\/em> com a animal acompanyant. <em>Barret punxegut<\/em> (pilos), sand\u00e0lies. A Efes, la forma inusual: entronitzada, amb diverses fileres de pits o escrots de brau projectats (<span class=\"iwg-fachbegriff\" data-tooltip=\"Un signe que representa una idea o significat.\" tabindex=\"0\">s\u00edmbol<\/span> de la fertilitat de la Mare Terra anat\u00f2lica pregrega).<\/p>\t\t\t\t\t\t\t\t<\/div>\n\t\t\t\t\t<\/div>\n\t\t\t\t<\/div>\n\t\t\t\t<\/div>\n\t\t<div class=\"elementor-element elementor-element-pemmx7c2 e-con-full e-flex e-con e-child\" data-id=\"pemmx7c2\" data-element_type=\"container\" data-e-type=\"container\">\n\t\t<div class=\"elementor-element elementor-element-37ss2yr6 iwg-steckbrief-card e-flex e-con-boxed e-con e-child\" data-id=\"37ss2yr6\" data-element_type=\"container\" data-e-type=\"container\">\n\t\t\t\t\t<div class=\"e-con-inner\">\n\t\t\t\t<div class=\"elementor-element elementor-element-3v0wp3wx elementor-widget elementor-widget-heading\" data-id=\"3v0wp3wx\" data-element_type=\"widget\" data-e-type=\"widget\" data-widget_type=\"heading.default\">\n\t\t\t\t\t<div class=\"elementor-heading-title elementor-size-default\">L'acci\u00f3 d'Artemis<\/div>\t\t\t\t<\/div>\n\t\t\t\t<div class=\"elementor-element elementor-element-w3247g2m elementor-widget elementor-widget-text-editor\" data-id=\"w3247g2m\" data-element_type=\"widget\" data-e-type=\"widget\" data-widget_type=\"text-editor.default\">\n\t\t\t\t\t\t\t\t\t<p><strong>\u00c0mbit d&#8217;actuaci\u00f3:<\/strong> Artemis era especialment popular entre dones i noies joves, abans del casament, durant els dolors del part, en malalties agudes. Les noies li dedicaven joguines, vels i r\u00ednxols abans de casar-se; a Braur\u00f3n representaven el ritual d&#8217;iniciaci\u00f3 de l&#8217;<em>Arkteia<\/em> com a osses. A Esparta, els nois duien a terme la <em>Diamastigosi<\/em> a l&#8217;<span class=\"iwg-fachbegriff\" data-tooltip=\"Lloc elevat o taula per a ofrenes i actes religiosos.\" tabindex=\"0\">altar<\/span> d&#8217;Artemis Ortia (una flagel\u00b7laci\u00f3 ritual com a prova de virilitat).<\/p><p>Ca\u00e7adors i viatgers la invocaven abans de cada sortida a la natura salvatge. A Efes, milers de <span class=\"iwg-fachbegriff\" data-tooltip=\"Una persona que empr\u00e8n un viatge motivat religiosament cap a un lloc sagrat.\" tabindex=\"0\">pelegrins<\/span> acudien a la seva festa del temple, que se celebrava cada quatre anys. En el <span class=\"iwg-fachbegriff\" data-tooltip=\"Un relat transm\u00e8s sobre d\u00e9us, or\u00edgens i l'ordre del m\u00f3n.\" tabindex=\"0\">mite<\/span> d&#8217;Ifig\u00e8nia, ella substitueix en l&#8217;\u00faltim moment el sacrifici exigit de la noia per una c\u00e9rvola i envia Ifig\u00e8nia com a sacerdotessa a T\u00e0urida.<\/p>\t\t\t\t\t\t\t\t<\/div>\n\t\t\t\t\t<\/div>\n\t\t\t\t<\/div>\n\t\t<div class=\"elementor-element elementor-element-0qpjal9w iwg-steckbrief-card e-flex e-con-boxed e-con e-child\" data-id=\"0qpjal9w\" data-element_type=\"container\" data-e-type=\"container\">\n\t\t\t\t\t<div class=\"e-con-inner\">\n\t\t\t\t<div class=\"elementor-element elementor-element-6ndoih0o elementor-widget elementor-widget-heading\" data-id=\"6ndoih0o\" data-element_type=\"widget\" data-e-type=\"widget\" data-widget_type=\"heading.default\">\n\t\t\t\t\t<div class=\"elementor-heading-title elementor-size-default\">La defensa d'Artemis<\/div>\t\t\t\t<\/div>\n\t\t\t\t<div class=\"elementor-element elementor-element-6684tyh9 elementor-widget elementor-widget-text-editor\" data-id=\"6684tyh9\" data-element_type=\"widget\" data-e-type=\"widget\" data-widget_type=\"text-editor.default\">\n\t\t\t\t\t\t\t\t\t<p>Arc amb fletxes daurades (fletxes de plata segons Homer), buirac, vestimenta curta de ca\u00e7adora, fal\u00e7 lunar (m\u00e9s tard), c\u00e9rvola, c\u00e9rvol daurat, ossa (Braur\u00f3n), llan\u00e7a, torxa (Artemis Phosphoros, &laquo;portadora de llum&raquo;), sand\u00e0lies. Plantes sagrades: llorer (amb Apol\u00b7lo), xiprer, palmera (Delos). Animals sagrats: c\u00e9rvola, \u00f3s, c\u00e9rvol, senglar (<span class=\"iwg-fachbegriff\" data-tooltip=\"Un relat transm\u00e8s sobre d\u00e9us, or\u00edgens i l'ordre del m\u00f3n.\" tabindex=\"0\">mite<\/span> del senglar de Calid\u00f3), guatlla (Ort\u00edgia), gos. Nombre sagrat: 3 (triplicitat amb H\u00e8cate i Selene).<\/p>\t\t\t\t\t\t\t\t<\/div>\n\t\t\t\t\t<\/div>\n\t\t\t\t<\/div>\n\t\t<div class=\"elementor-element elementor-element-3lfi7x32 iwg-steckbrief-card e-flex e-con-boxed e-con e-child\" data-id=\"3lfi7x32\" data-element_type=\"container\" data-e-type=\"container\">\n\t\t\t\t\t<div class=\"e-con-inner\">\n\t\t\t\t<div class=\"elementor-element elementor-element-0kg99ga1 elementor-widget elementor-widget-heading\" data-id=\"0kg99ga1\" data-element_type=\"widget\" data-e-type=\"widget\" data-widget_type=\"heading.default\">\n\t\t\t\t\t<div class=\"elementor-heading-title elementor-size-default\">Paral\u00b7lels d'Artemis<\/div>\t\t\t\t<\/div>\n\t\t\t\t<div class=\"elementor-element elementor-element-n0fum6kp elementor-widget elementor-widget-text-editor\" data-id=\"n0fum6kp\" data-element_type=\"widget\" data-e-type=\"widget\" data-widget_type=\"text-editor.default\">\n\t\t\t\t\t\t\t\t\t<p>Diana (Roma) n&#8217;\u00e9s una assimilaci\u00f3 pr\u00e0cticament id\u00e8ntica, amb el seu propi culte a Diana a Aricia, prop de Roma. De Gr\u00e8cia tamb\u00e9 provenen Selene (lluna, m\u00e9s tard sincretitzada amb Artemis) i H\u00e8cate (encreuaments de camins, sovint com a triplicitat amb Artemis i Selene). Altres paral\u00b7lels s\u00f3n C\u00edbele\/Kubaba (Anat\u00f2lia, arrel original de l&#8217;Artemis d&#8217;Efes), Britomartis (Creta, ca\u00e7adora local) i Bastet (Egipte, sincretitzada en \u00e8poca hel\u00b7len\u00edstica com a Artemis Bubastia). S&#8217;hi afegeixen Freyja (germ\u00e0nica, ca\u00e7adora i deessa de l&#8217;amor), Durga (hinduisme, deessa guerrera que munta tigres) i Ixtar (Mesopot\u00e0mia, fletxes i arc).<\/p><p>En un context m\u00e9s ampli: Artemis \u00e9s la representant m\u00e9s coneguda de la tradici\u00f3 de la <em>Potnia Theron<\/em> (Senyora de les feres), present en moltes cultures arcaiques.<\/p>\t\t\t\t\t\t\t\t<\/div>\n\t\t\t\t\t<\/div>\n\t\t\t\t<\/div>\n\t\t\t\t<\/div>\n\t\t\t\t<\/div>\n\t\t\t\t\t<\/div>\n\t\t\t\t<\/div>\n\t\t<div class=\"elementor-element elementor-element-7533bc7a e-flex e-con-boxed e-con e-parent\" data-id=\"7533bc7a\" data-element_type=\"container\" data-e-type=\"container\">\n\t\t\t\t\t<div class=\"e-con-inner\">\n\t\t\t\t<div class=\"elementor-element elementor-element-2447d18d elementor-widget elementor-widget-heading\" data-id=\"2447d18d\" data-element_type=\"widget\" data-e-type=\"widget\" data-widget_type=\"heading.default\">\n\t\t\t\t\t<h2 class=\"elementor-heading-title elementor-size-default\">Pr\u00e0ctica de protecci\u00f3<\/h2>\t\t\t\t<\/div>\n\t\t<div class=\"elementor-element elementor-element-d5d0260c e-con-full e-flex e-con e-child\" data-id=\"d5d0260c\" data-element_type=\"container\" data-e-type=\"container\">\n\t\t\t\t<div class=\"elementor-element elementor-element-341be2ac elementor-widget elementor-widget-text-editor\" data-id=\"341be2ac\" data-element_type=\"widget\" data-e-type=\"widget\" data-widget_type=\"text-editor.default\">\n\t\t\t\t\t\t\t\t\t<div><p><strong>Veneraci\u00f3 quotidiana<\/strong><\/p>\n<div><p><strong>Rituals i invocacions<\/strong><br>\nEntre els ritus m\u00e9s coneguts hi havia les Braur\u00f2nies amb el \u00abjoc de les osses\u00bb (Arkteia) de les noies joves. Artemis era invocada com a ajudant en el part, i la festa de l&#8217;Artemision a Efes era una de les grans festes d&#8217;\u00c0sia Menor.<\/p><\/div>\n\n<p><strong>Conjurs i invocacions<\/strong><\/p>\n<div><p><strong>Transmissi\u00f3 textual i f\u00f3rmules<\/strong><br>\nL&#8217;himne hom\u00e8ric a Artemis i l&#8217;himne de Cal\u00b7l\u00edmac descriuen la ca\u00e7adora verge i senyora dels animals. Les inscripcions cultuals d&#8217;Efes i del <span class=\"iwg-fachbegriff\" data-tooltip=\"Un lloc sagrat dedicat a la veneraci\u00f3 d'una divinitat.\" tabindex=\"0\">santuari<\/span> de Braur\u00f3n transmeten els ritus locals.<\/p><\/div>\n\n<p><strong>Amulets i s\u00edmbols de protecci\u00f3<\/strong><\/p>\n<div><p><strong><span class=\"iwg-fachbegriff\" data-tooltip=\"Plural d'apotropaic: objectes i signes destinats a allunyar el mal.\">Apotropaics<\/span> materials i testimonis arqueol\u00f2gics<\/strong><br>\nLes dones dedicaven a Artemis roba i ofrenes votives per demanar protecci\u00f3 durant el part. El model estatuari multimamari d&#8217;Artemis d&#8217;Efes i les representacions d&#8217;osses de Braur\u00f3n estan \u00e0mpliament documentats arqueol\u00f2gicament.<\/p><\/div><\/div>\t\t\t\t\t\t\t\t<\/div>\n\t\t\t\t<\/div>\n\t\t\t\t\t<\/div>\n\t\t\t\t<\/div>\n\t\t<div class=\"elementor-element elementor-element-5a584676 e-flex e-con-boxed e-con e-parent\" data-id=\"5a584676\" data-element_type=\"container\" data-e-type=\"container\">\n\t\t\t\t\t<div class=\"e-con-inner\">\n\t\t\t\t<div class=\"elementor-element elementor-element-6d0757bf elementor-widget elementor-widget-heading\" data-id=\"6d0757bf\" data-element_type=\"widget\" data-e-type=\"widget\" data-widget_type=\"heading.default\">\n\t\t\t\t\t<h2 class=\"elementor-heading-title elementor-size-default\">Artemis, paral\u00b7lels en altres cultures<\/h2>\t\t\t\t<\/div>\n\t\t<div class=\"elementor-element elementor-element-60563f68 e-con-full e-flex e-con e-child\" data-id=\"60563f68\" data-element_type=\"container\" data-e-type=\"container\">\n\t\t\t\t<div class=\"elementor-element elementor-element-5a93fdd6 elementor-widget elementor-widget-text-editor\" data-id=\"5a93fdd6\" data-element_type=\"widget\" data-e-type=\"widget\" data-widget_type=\"text-editor.default\">\n\t\t\t\t\t\t\t\t\t<p>Deesses de la ca\u00e7a i de la lluna es troben a tot arreu: Diana (Roma), Atalanta (<span class=\"iwg-fachbegriff\" data-tooltip=\"Un relat transm\u00e8s amb sovint un nucli hist\u00f2ric i trets meravellosos.\" tabindex=\"0\">llegenda<\/span> heroica), Skadi (Escandin\u00e0via), Chang&#8217;e (Xina). L&#8217;\u00e8mfasi d&#8217;Artemis en la feminitat sense sexualitat ni submissi\u00f3 masculina \u00e9s \u00fanic per a la seva \u00e8poca.<\/p><p>Comparteix l&#8217;aspecte lunar amb Selene i H\u00e8cate, per\u00f2 el seu enfocament en la ca\u00e7a la distingeix. El seu paper com a protectora de dones i nens la relaciona amb Ilit\u00edia i altres divinitats protectores.<\/p>\t\t\t\t\t\t\t\t<\/div>\n\t\t\t\t<\/div>\n\t\t\t\t\t<\/div>\n\t\t\t\t<\/div>\n\t\t<div class=\"elementor-element elementor-element-cp731d437 e-flex e-con-boxed e-con e-parent\" data-id=\"cp731d437\" data-element_type=\"container\" data-e-type=\"container\">\n\t\t\t\t\t<div class=\"e-con-inner\">\n\t\t\t\t<div class=\"elementor-element elementor-element-cp4ade15d elementor-widget elementor-widget-heading\" data-id=\"cp4ade15d\" data-element_type=\"widget\" data-e-type=\"widget\" data-widget_type=\"heading.default\">\n\t\t\t\t\t<h2 class=\"elementor-heading-title elementor-size-default\">Artemis d'Efes: l'est\u00e0tua polis\u00e8mica<\/h2>\t\t\t\t<\/div>\n\t\t<div class=\"elementor-element elementor-element-cp4fa6fe7 e-con-full e-flex e-con e-child\" data-id=\"cp4fa6fe7\" data-element_type=\"container\" data-e-type=\"container\">\n\t\t\t\t<div class=\"elementor-element elementor-element-cp153c9f1 elementor-widget elementor-widget-text-editor\" data-id=\"cp153c9f1\" data-element_type=\"widget\" data-e-type=\"widget\" data-widget_type=\"text-editor.default\">\n\t\t\t\t\t\t\t\t\t<p>Una de les figures m\u00e9s peculiars de la hist\u00f2ria religiosa antiga \u00e9s l&#8217;Artemis d&#8217;Efes. El seu <span class=\"iwg-fachbegriff\" data-tooltip=\"Un edifici dedicat a la veneraci\u00f3 d'una o diverses divinitats.\" tabindex=\"0\">temple<\/span>, l&#8217;Artemision, era considerat una de les set meravelles del m\u00f3n. La <span class=\"iwg-fachbegriff\" data-tooltip=\"Representaci\u00f3 d'una divinitat venerada al temple o santuari.\" tabindex=\"0\">imatge de culte<\/span> d&#8217;aquesta deessa \u00e9s radicalment diferent de la jove ca\u00e7adora de l&#8217;art grec.<\/p><p>Mostra una figura r\u00edgida i columnar, amb el tors cobert de nombroses protuber\u00e0ncies arrodonides i la part inferior del cos envoltada per una vestidura cenyida decorada amb relleus d&#8217;animals.<\/p><p>El significat d&#8217;aquestes protuber\u00e0ncies \u00e9s discutit des de l&#8217;<span class=\"iwg-fachbegriff\" data-tooltip=\"\u00c8poca de la cultura grega i romana, aproximadament del 800 aC al 600 dC.\" tabindex=\"0\">Antiguitat<\/span>. Els autors <span class=\"iwg-fachbegriff\" data-tooltip=\"\u00c8poca de la cultura grega i romana, aproximadament del 800 aC al 600 dC.\" tabindex=\"0\">antics<\/span> parlaven de moltes mamelles, d&#8217;on la investigaci\u00f3 m\u00e9s antiga va extreure la idea d&#8217;una deessa de la fertilitat multimamada. Altres interpretacions hi veuen ous, testicles de toro col\u00b7locats com a ofrenes, o joies d&#8217;ambre.<\/p><p>No hi ha una resposta definitiva; la investigaci\u00f3 continua debatent la q\u00fcesti\u00f3. El que s\u00ed que \u00e9s clar \u00e9s que l&#8217;Artemis ef\u00e8sia estava profundament arrelada en tradicions de l&#8217;\u00c0sia Menor i es va fondre amb una deessa mare aut\u00f2ctona.<\/p><p>Aquesta deessa era famosa a l&#8217;antiguitat, i el seu <span class=\"iwg-fachbegriff\" data-tooltip=\"El conjunt d'actes de veneraci\u00f3 religiosa dedicats a una divinitat o figura sagrada.\" tabindex=\"0\">culte<\/span> es va estendre molt m\u00e9s enll\u00e0 d&#8217;Efes. C\u00f2pies de la imatge de culte es van difondre per tota la Mediterr\u00e0nia.<\/p><p>Els Fets dels Ap\u00f2stols del Nou Testament relaten un aldarull dels argenters efesis, que venien reproduccions del santuari i veien el seu negoci amena\u00e7at per la predicaci\u00f3 cristiana, amb el crit que gran \u00e9s l&#8217;Artemis dels efesis.<\/p><p>Des del punt de vista de la ci\u00e8ncia de les religions, l&#8217;Artemis ef\u00e8sia \u00e9s un exemple important de com un nom grec de deessa podia englobar divinitats locals molt diferents. La ca\u00e7adora i la senyora entronitzada d&#8217;Efes tenen ben poc en com\u00fa, a part del nom.<\/p>\t\t\t\t\t\t\t\t<\/div>\n\t\t\t\t<\/div>\n\t\t\t\t\t<\/div>\n\t\t\t\t<\/div>\n\t\t<div class=\"elementor-element elementor-element-cpf99a3a5 e-flex e-con-boxed e-con e-parent\" data-id=\"cpf99a3a5\" data-element_type=\"container\" data-e-type=\"container\">\n\t\t\t\t\t<div class=\"e-con-inner\">\n\t\t\t\t<div class=\"elementor-element elementor-element-cp74ca9a9 elementor-widget elementor-widget-heading\" data-id=\"cp74ca9a9\" data-element_type=\"widget\" data-e-type=\"widget\" data-widget_type=\"heading.default\">\n\t\t\t\t\t<h2 class=\"elementor-heading-title elementor-size-default\">Senyora dels animals salvatges i l'etimologia del nom<\/h2>\t\t\t\t<\/div>\n\t\t<div class=\"elementor-element elementor-element-cp4160a97 e-con-full e-flex e-con e-child\" data-id=\"cp4160a97\" data-element_type=\"container\" data-e-type=\"container\">\n\t\t\t\t<div class=\"elementor-element elementor-element-cp17bcebd elementor-widget elementor-widget-text-editor\" data-id=\"cp17bcebd\" data-element_type=\"widget\" data-e-type=\"widget\" data-widget_type=\"text-editor.default\">\n\t\t\t\t\t\t\t\t\t<p>Un antic ep\u00edtet d&#8217;Artemis \u00e9s <em>potnia th\u0113r\u014dn<\/em>, Senyora dels animals salvatges. Ja a la <em>Il\u00edada<\/em> hom\u00e8rica se l&#8217;anomena aix\u00ed.<\/p><p>En l&#8217;art grec primerenc hi ha un tipus iconogr\u00e0fic molt est\u00e8s que mostra una deessa alada o dreta que agafa dos animals, sovint lleons, c\u00e9rvols o ocells, pel coll o les cames. No est\u00e0 clar si totes aquestes representacions es refereixen a Artemis, per\u00f2 el tipus s&#8217;ajusta b\u00e9 al seu car\u00e0cter.<\/p><p>Artemis \u00e9s la deessa de la natura no domesticada, de les muntanyes, els boscos i els aiguamolls, dels animals salvatges i dels \u00e9ssers joves encara no integrats en l&#8217;ordre de la ciutat. \u00c9s ca\u00e7adora i alhora protectora dels animals; per al pensament <span class=\"iwg-fachbegriff\" data-tooltip=\"\u00c8poca de la cultura grega i romana, aproximadament del 800 aC al 600 dC.\" tabindex=\"0\">antic<\/span>, ambd\u00f3s papers no s&#8217;exclouen.<\/p><p>El ca\u00e7ador respecta l&#8217;ordre de la ca\u00e7a, i les infraccions s\u00f3n castigades per la deessa. El <span class=\"iwg-fachbegriff\" data-tooltip=\"Un relat transm\u00e8s sobre d\u00e9us, or\u00edgens i l'ordre del m\u00f3n.\" tabindex=\"0\">mite<\/span> d&#8217;Acte\u00f3, a qui ella transforma en c\u00e9rvol per haver-la vist banyant-se, i que despr\u00e9s \u00e9s esquin\u00e7at pels seus propis gossos, pertany a aquest context.<\/p><p>L&#8217;etimologia del nom Artemis segueix sense resoldre&#8217;s malgrat molts intents. El nom apareix ja en tauletes mic\u00e8niques en escriptura Lineal B en una forma llegida com <em>a-te-mi-to<\/em>, la qual cosa demostra la seva gran antiguitat. S&#8217;han proposat vincles amb paraules que signifiquen intacta, ossa o esmolada, per\u00f2 cap d&#8217;aquestes derivacions s&#8217;ha imposat.<\/p><p>La investigaci\u00f3 considera possible que el nom sigui pregrec. Aquesta incertesa \u00e9s t\u00edpica de les divinitats molt antigues i indica que Artemis pertany a les capes m\u00e9s antigues del pante\u00f3 grec.<\/p>\t\t\t\t\t\t\t\t<\/div>\n\t\t\t\t<\/div>\n\t\t\t\t\t<\/div>\n\t\t\t\t<\/div>\n\t\t<div class=\"elementor-element elementor-element-cpcdadc1c e-flex e-con-boxed e-con e-parent\" data-id=\"cpcdadc1c\" data-element_type=\"container\" data-e-type=\"container\">\n\t\t\t\t\t<div class=\"e-con-inner\">\n\t\t\t\t<div class=\"elementor-element elementor-element-cp15aaf2a elementor-widget elementor-widget-heading\" data-id=\"cp15aaf2a\" data-element_type=\"widget\" data-e-type=\"widget\" data-widget_type=\"heading.default\">\n\t\t\t\t\t<h2 class=\"elementor-heading-title elementor-size-default\">Braur\u00f3n i les osses: la iniciaci\u00f3 de les noies en el culte d'Artemis<\/h2>\t\t\t\t<\/div>\n\t\t<div class=\"elementor-element elementor-element-cp587e2ef e-con-full e-flex e-con e-child\" data-id=\"cp587e2ef\" data-element_type=\"container\" data-e-type=\"container\">\n\t\t\t\t<div class=\"elementor-element elementor-element-cp330b5f6 elementor-widget elementor-widget-text-editor\" data-id=\"cp330b5f6\" data-element_type=\"widget\" data-e-type=\"widget\" data-widget_type=\"text-editor.default\">\n\t\t\t\t\t\t\t\t\t<p>Un dels cultes d&#8217;Artemis m\u00e9s reveladors tenia lloc a Braur\u00f3n, a la costa oriental de l&#8217;\u00c0tica. All\u00e0 es venerava Artemis Braur\u00f2nia, i el <span class=\"iwg-fachbegriff\" data-tooltip=\"Un lloc sagrat dedicat a la veneraci\u00f3 d'una divinitat.\" tabindex=\"0\">santuari<\/span> estava \u00edntimament lligat al pas de les noies joves a la vida adulta.<\/p><p>Les noies atenenques passaven un temps al servei de la deessa i en aquesta funci\u00f3 s&#8217;anomenaven <em>arktoi<\/em>, osses. Participaven en ritus que aparentment inclo\u00efen danses i una cursa.<\/p><p>El rerefons m\u00edtic es remunta a una ossa sagrada d&#8217;Artemis que va ser morta, i per la qual les noies havien de fer, en certa manera, de compensaci\u00f3.<\/p><p>La investigaci\u00f3 ent\u00e9n el <span class=\"iwg-fachbegriff\" data-tooltip=\"El conjunt d'actes de veneraci\u00f3 religiosa dedicats a una divinitat o figura sagrada.\" tabindex=\"0\">culte<\/span> de Braur\u00f3n com un ritu d&#8217;iniciaci\u00f3: les noies travessaven una fase temporal, separada de l&#8217;ordre habitual, dins l&#8217;\u00e0mbit salvatge de la deessa, abans de tornar a la comunitat de la ciutat com a dones en edat de casar-se. Troballes del <span class=\"iwg-fachbegriff\" data-tooltip=\"Un lloc sagrat dedicat a la veneraci\u00f3 d'una divinitat.\" tabindex=\"0\">santuari<\/span>, entre elles exvots i inscripcions, aix\u00ed com imatges de gerros amb noies corrent, recolzen aquesta interpretaci\u00f3.<\/p><p>M\u00e9s enll\u00e0 de Braur\u00f3n, Artemis era la deessa que acompanyava les noies i les dones joves, des de la inf\u00e0ncia fins al part i els perills del puerperi. Com a <em>Lochia<\/em> ajudava en el part. Alhora era ella qui, amb les seves fletxes, podia provocar una mort sobtada i suau a les dones, tal com les del seu germ\u00e0 Apol\u00b7lo ho feien als homes.<\/p><p>Aquesta responsabilitat sobre els llindars cr\u00edtics de la vida femenina, n\u00e9ixer, esdevenir adulta, donar a llum, morir, converteix Artemis, malgrat el seu estatus de verge eterna, en una <span class=\"iwg-fachbegriff\" data-tooltip=\"Un \u00e9sser venerat com a div\u00ed dins d'una religi\u00f3.\" tabindex=\"0\">divinitat<\/span> central precisament per a la vida de les dones.<\/p><p>Historiadors de les religions com Walter Burkert no hi han vist cap contradicci\u00f3, sin\u00f3 l&#8217;expressi\u00f3 d&#8217;una deessa que regeix tots els passatges a la frontera entre la natura salvatge i la cultura.<\/p>\t\t\t\t\t\t\t\t<\/div>\n\t\t\t\t<\/div>\n\t\t\t\t\t<\/div>\n\t\t\t\t<\/div>\n\t\t<div class=\"elementor-element elementor-element-cpe6dc59a e-flex e-con-boxed e-con e-parent\" data-id=\"cpe6dc59a\" data-element_type=\"container\" data-e-type=\"container\">\n\t\t\t\t\t<div class=\"e-con-inner\">\n\t\t\t\t<div class=\"elementor-element elementor-element-cp5bb0e5d elementor-widget elementor-widget-heading\" data-id=\"cp5bb0e5d\" data-element_type=\"widget\" data-e-type=\"widget\" data-widget_type=\"heading.default\">\n\t\t\t\t\t<h2 class=\"elementor-heading-title elementor-size-default\">Artemis, Apol\u00b7lo i els fills de N\u00edobe<\/h2>\t\t\t\t<\/div>\n\t\t<div class=\"elementor-element elementor-element-cpa84bdf6 e-con-full e-flex e-con e-child\" data-id=\"cpa84bdf6\" data-element_type=\"container\" data-e-type=\"container\">\n\t\t\t\t<div class=\"elementor-element elementor-element-cp4cbcfed elementor-widget elementor-widget-text-editor\" data-id=\"cp4cbcfed\" data-element_type=\"widget\" data-e-type=\"widget\" data-widget_type=\"text-editor.default\">\n\t\t\t\t\t\t\t\t\t<p>\u00c0rtemis \u00e9s la germana bessona d&#8217;Apol\u00b7lo. Tots dos s\u00f3n fills de Zeus i de Leto, nascuts a l&#8217;illa de Delos, perqu\u00e8 la Leto embarassada va ser perseguida per tota la terra per l&#8217;Hera, gelosa, i no trobava enlloc un lloc on parir.<\/p><p>Segons una versi\u00f3 molt estesa del relat, \u00c0rtemis va n\u00e9ixer primer i tot seguit va ajudar la mare en el part del seu germ\u00e0, motiu pel qual tamb\u00e9 \u00e9s considerada deessa protectora dels parts.<\/p><p>Els germans actuen junts en diversos mites, sovint com a executors del c\u00e0stig contra qui ofenia la seva mare o l&#8217;ordre div\u00ed. El m\u00e9s conegut d&#8217;aquests mites \u00e9s el de N\u00edobe, la reina de Tebes.<\/p><p>N\u00edobe es vantava de tenir m\u00e9s fills que Leto, que nom\u00e9s en tenia dos, i reclamava per a si mateixa honors divins. Com a c\u00e0stig, Apol\u00b7lo i \u00c0rtemis van matar els seus fills: Apol\u00b7lo els fills, \u00c0rtemis les filles. N\u00edobe, aclaparada pel dolor, es va convertir en una roca de la qual continuava brollant aigua, com ll\u00e0grimes incessants.<\/p><p>El <span class=\"iwg-fachbegriff\" data-tooltip=\"Un relat transm\u00e8s sobre d\u00e9us, or\u00edgens i l'ordre del m\u00f3n.\" tabindex=\"0\">mite<\/span> de N\u00edobe va servir a l&#8217;<span class=\"iwg-fachbegriff\" data-tooltip=\"\u00c8poca de la cultura grega i romana, entre aproximadament el 800 a.C. i el 600 d.C.\" tabindex=\"0\">Antiguitat<\/span> com a exemple d&#8217;hybris, l&#8217;exaltaci\u00f3 de l&#8217;\u00e9sser hum\u00e0 per damunt dels d\u00e9us, i del seu c\u00e0stig inevitable. Tamb\u00e9 \u00e9s important des del punt de vista de la hist\u00f2ria de les religions perqu\u00e8 mostra el fort vincle dels germans amb la seva mare Leto; diverses de les seves accions conjuntes es poden llegir com una defensa de l&#8217;honor matern.<\/p><p>En les arts pl\u00e0stiques, el grup dels Ni\u00f2bids agonitzants va ser un tema freq\u00fcent. La uni\u00f3 d&#8217;\u00c0rtemis i Apol\u00b7lo com a parella de germans castigadors mostra que, malgrat les seves compet\u00e8ncies diferents (ella per a la cacera i la naturalesa salvatge, ell per als <span class=\"iwg-fachbegriff\" data-tooltip=\"Un lloc o instituci\u00f3 on es consulta un designi div\u00ed.\" tabindex=\"0\">oracles<\/span>, la m\u00fasica i la curaci\u00f3), tots dos exercien una funci\u00f3 comuna com a guardians de l&#8217;ordre div\u00ed.<\/p>\t\t\t\t\t\t\t\t<\/div>\n\t\t\t\t<\/div>\n\t\t\t\t\t<\/div>\n\t\t\t\t<\/div>\n\t\t<div class=\"elementor-element elementor-element-36dd7469 e-flex e-con-boxed e-con e-parent\" data-id=\"36dd7469\" data-element_type=\"container\" data-e-type=\"container\">\n\t\t\t\t\t<div class=\"e-con-inner\">\n\t\t\t\t<div class=\"elementor-element elementor-element-13760ab4 elementor-widget elementor-widget-heading\" data-id=\"13760ab4\" data-element_type=\"widget\" data-e-type=\"widget\" data-widget_type=\"heading.default\">\n\t\t\t\t\t<h2 class=\"elementor-heading-title elementor-size-default\">Enlla\u00e7os relacionats<\/h2>\t\t\t\t<\/div>\n\t\t<div class=\"elementor-element elementor-element-28c87796 e-con-full e-flex e-con e-child\" data-id=\"28c87796\" data-element_type=\"container\" data-e-type=\"container\">\n\t\t\t\t<div class=\"elementor-element elementor-element-5d6538df elementor-widget elementor-widget-text-editor\" data-id=\"5d6538df\" data-element_type=\"widget\" data-e-type=\"widget\" data-widget_type=\"text-editor.default\">\n\t\t\t\t\t\t\t\t\t<ul><li><a href=\"https:\/\/iwell-guard.com\/ca\/?page_id=171538\">Apol\u00b7lo, germ\u00e0 bess\u00f3<\/a><\/li><li><a href=\"https:\/\/iwell-guard.com\/ca\/hecate\/\">H\u00e8cate, germana de triplicitat<\/a><\/li><li><a href=\"https:\/\/iwell-guard.com\/ca\/?page_id=171545\">Bastet, germana eg\u00edpcia sincretitzada (\u00c0rtemis Bub\u00e0stia)<\/a><\/li><li><a href=\"https:\/\/iwell-guard.com\/ca\/?page_id=171630\">Afrodita, germana de l&#8217;amor contraposada<\/a><\/li><li><a href=\"https:\/\/iwell-guard.com\/ca\/?page_id=171523\">Durga, paral\u00b7lel guerrer hinduista<\/a><\/li><li><a href=\"https:\/\/iwell-guard.com\/ca\/grecia\/\">Gr\u00e8cia, panorama del pante\u00f3<\/a><\/li><li><a href=\"https:\/\/iwell-guard.com\/ca\/?page_id=171459\">Divinitats superiors, subcategoria<\/a><\/li><li><a href=\"https:\/\/iwell-guard.com\/ca\/?page_id=171431\">D\u00e9us, panorama de classes<\/a><\/li><\/ul>\t\t\t\t\t\t\t\t<\/div>\n\t\t\t\t<\/div>\n\t\t\t\t\t<\/div>\n\t\t\t\t<\/div>\n\t\t<div class=\"elementor-element elementor-element-grl4kl40 e-flex e-con-boxed e-con e-parent\" data-id=\"grl4kl40\" data-element_type=\"container\" data-e-type=\"container\">\n\t\t\t\t\t<div class=\"e-con-inner\">\n\t\t\t\t<div class=\"elementor-element elementor-element-bzsbfrmh elementor-widget elementor-widget-heading\" data-id=\"bzsbfrmh\" data-element_type=\"widget\" data-e-type=\"widget\" data-widget_type=\"heading.default\">\n\t\t\t\t\t<h2 class=\"elementor-heading-title elementor-size-default\">Fonts i bibliografia<\/h2>\t\t\t\t<\/div>\n\t\t<div class=\"elementor-element elementor-element-2c13224a e-con-full e-flex e-con e-child\" data-id=\"2c13224a\" data-element_type=\"container\" data-e-type=\"container\">\n\t\t\t\t<div class=\"elementor-element elementor-element-0eymh9ub elementor-widget elementor-widget-text-editor\" data-id=\"0eymh9ub\" data-element_type=\"widget\" data-e-type=\"widget\" data-widget_type=\"text-editor.default\">\n\t\t\t\t\t\t\t\t\t<footer class=\"iwg-literatur\" data-nosnippet=\"true\"><ul><li><span data-nosnippet>Vernant, Jean-Pierre: <em>Mortals and Immortals. Collected Essays<\/em>. Princeton 1991.<\/span><\/li><li><span data-nosnippet>Cole, Susan Guettel: <em>Landscapes, Gender, and <span class=\"iwg-fachbegriff\" data-tooltip=\"Una seq\u00fc\u00e8ncia reglada d'accions simb\u00f2liques amb significat religi\u00f3s o cultural.\" tabindex=\"0\">Ritual<\/span> Space. The Ancient Greek Experience<\/em>. Berkeley 2004.<\/span><\/li><li>Cal\u00b7l\u00edmac: <em>Himne a \u00c0rtemis<\/em>.<\/li><li>Eur\u00edpides: <em>Ifig\u00e8nia a \u00c0ulide<\/em>; <em>Ifig\u00e8nia entre els taures<\/em>; <em>Hip\u00f2lit<\/em>.<\/li><li>Paus\u00e0nias: <em>Descripci\u00f3 de Gr\u00e8cia<\/em>, Llibre I (Braur\u00f3n).<\/li><li>LIMC <em>Lexicon Iconographicum Mythologiae Classicae<\/em>, Vol. II (Artemis).<\/li><li>Walde, Christine (ed.): <em>Der Neue Pauly<\/em> (entrada \u00abArtemis\u00bb).<\/li><\/ul><\/footer>\n<p class=\"iwg-bib-more\"><span data-nosnippet>M\u00e9s obres de refer\u00e8ncia a la <a href=\"https:\/\/iwell-guard.com\/ca\/?page_id=171483\">bibliografia<\/a>.<\/span><\/p>\t\t\t\t\t\t\t\t<\/div>\n\t\t\t\t<\/div>\n\t\t\t\t\t<\/div>\n\t\t\t\t<\/div>\n\t\t<div class=\"elementor-element elementor-element-7d2ccd2 e-con-boxed e-flex e-con e-parent\" data-id=\"7d2ccd2\" data-element_type=\"container\" data-e-type=\"container\">\n\t\t\t\t\t<div class=\"e-con-inner\">\n\t\t\t\t<div class=\"elementor-element elementor-element-77a949a elementor-widget elementor-widget-text-editor\" data-id=\"77a949a\" data-element_type=\"widget\" data-e-type=\"widget\" data-widget_type=\"text-editor.default\">\n\t\t\t\t\t\t\t\t\t\n<h2>Preguntes freq\u00fcents sobre \u00c0rtemis<\/h2>\n<div class=\"iwg-faq-q\"><h3>Qui \u00e9s \u00c0rtemis en la <span class=\"iwg-fachbegriff\" data-tooltip=\"El conjunt de relats transmesos sobre els d\u00e9us d'una cultura.\" tabindex=\"0\">mitologia<\/span> grega?<\/h3><p>\u00c0rtemis \u00e9s una de les dotze divinitats ol\u00edmpiques, filla de Zeus i de Leto, germana bessona d&#8217;Apol\u00b7lo. \u00c9s la deessa de la cacera, de la naturalesa salvatge, de la natura verge i protectora de les joves abans de l&#8217;edat de casar-se. A difer\u00e8ncia de la majoria de les altres deesses, \u00e9s una deessa verge (Parthenos), que ha jurat no casar-se mai.<\/p><p>Vagareja amb les seves nimfes per boscos i muntanyes, armada amb arc i fletxes. El seu equivalent rom\u00e0 \u00e9s Diana. En l&#8217;\u00e8poca hel\u00b7len\u00edstica es va fondre amb l&#8217;\u00c0rtemis d&#8217;Efes, una de\u00eftat materna d&#8217;\u00c0sia Menor de naturalesa ben diferent, representada amb m\u00faltiples pits.<\/p><\/div>\n<div class=\"iwg-faq-q\"><h3>Quina \u00e9s la hist\u00f2ria d&#8217;Acte\u00f3 i \u00c0rtemis?<\/h3><p>Acte\u00f3 era un ca\u00e7ador i net d&#8217;Apol\u00b7lo que va veure per casualitat \u00c0rtemis banyant-se en una font del bosc. A causa d&#8217;aquesta transgressi\u00f3 involunt\u00e0ria de la zona vedada, \u00c0rtemis el va transformar en un c\u00e9rvol, i tot seguit va ser esquin\u00e7at pels seus propis gossos de ca\u00e7a.<\/p><p>Aquesta hist\u00f2ria \u00e9s un dels mites de metamorfosi m\u00e9s famosos; Ovidi hi dedica un llibre central de les Metamorfosis. Il\u00b7lustra la severitat implacable d&#8217;\u00c0rtemis: sense intenci\u00f3, sense culpa, qui travessa el l\u00edmit \u00e9s destru\u00eft.<\/p><\/div>\n<script type=\"application\/ld+json\">{\"@context\":\"https:\/\/schema.org\",\"@type\":\"FAQPage\",\"mainEntity\":[{\"@type\":\"Question\",\"name\":\"Wer ist Artemis in der griechischen Mythologie?\",\"acceptedAnswer\":{\"@type\":\"Answer\",\"text\":\"Artemis ist eine der zw\u00f6lf olympischen G\u00f6tter, Tochter des Zeus und der Leto, Zwillingsschwester des Apollon. Sie ist G\u00f6ttin der Jagd, der Wildnis, der unber\u00fchrten Natur und Besch\u00fctzerin junger Frauen vor dem Heiratsalter. Anders als die meisten anderen G\u00f6ttinnen ist sie eine Jungfrau-G\u00f6ttin (Parthenos), die geschworen hat, niemals zu heiraten.Sie streift mit ihren Nymphen durch W\u00e4lder und Berge, mit Bogen und Pfeilen bewaffnet. Ihr r\u00f6misches Pendant ist Diana. In der hellenistischen Zeit verschmolz sie mit der ephesischen Artemis, einer ganz anderen, vielbr\u00fcstigen Muttergottheit Kleinasiens.\"}},{\"@type\":\"Question\",\"name\":\"Was ist die Geschichte von Aktaion und Artemis?\",\"acceptedAnswer\":{\"@type\":\"Answer\",\"text\":\"Aktaion war ein J\u00e4ger und Enkel des Apollon, der zuf\u00e4llig die badende Artemis in einer Waldquelle sah. Wegen dieses unwillentlichen Bruchs der Tabuzone verwandelte ihn Artemis in einen Hirsch, woraufhin er von seinen eigenen Jagdhunden zerrissen wurde.Die Geschichte ist eine der ber\u00fchmtesten Verwandlungsmythen, Ovid widmet ihr ein zentrales Buch der Metamorphosen. Sie illustriert die unerbittliche Strenge der Artemis: kein Vorsatz, kein Verschulden, wer die Grenze \u00fcberschreitet, wird vernichtet.\"}}]}<\/script>\t\t\t\t\t\t\t\t<\/div>\n\t\t\t\t\t<\/div>\n\t\t\t\t<\/div>\n\t\t\t\t<\/div>\n\t\t","protected":false},"excerpt":{"rendered":"","protected":false},"author":3,"featured_media":1578,"parent":0,"menu_order":0,"comment_status":"closed","ping_status":"closed","template":"elementor_header_footer","meta":{"_yoast_wpseo_focuskw":"Artemis","_yoast_wpseo_title":"Artemis \u2013 Deessa de la ca\u00e7a i de la lluna a Gr\u00e8cia","_yoast_wpseo_metadesc":"Deessa de la ca\u00e7a, de la lluna, de la natura salvatge i protectora de les dones. Independent, germana bessona d'Apol\u00b7lo, arc i c\u00e9rvol.","_yoast_wpseo_meta-robots-noindex":"","_yoast_wpseo_canonical":"","_angie_page":false,"gefaehrdungsstufe":"2","wesen_kultur":"griechenland","wesen_klasse":"goetter","footnotes":""},"categories":[],"class_list":["post-171537","page","type-page","status-publish","has-post-thumbnail","hentry"],"yoast_head":"<!-- This site is optimized with the Yoast SEO Premium plugin v27.7 (Yoast SEO v28.3) - https:\/\/yoast.com\/product\/yoast-seo-premium-wordpress\/ -->\n<title>Artemis \u2013 Deessa de la ca\u00e7a i de la lluna a Gr\u00e8cia<\/title>\n<meta name=\"description\" content=\"Deessa de la ca\u00e7a, de la lluna, de la natura salvatge i protectora de les dones. Independent, germana bessona d&#039;Apol\u00b7lo, arc i c\u00e9rvol.\" \/>\n<meta name=\"robots\" content=\"index, follow, max-snippet:-1, max-image-preview:large, max-video-preview:-1\" \/>\n<link rel=\"canonical\" href=\"https:\/\/iwell-guard.com\/ca\/artemis\/\" \/>\n<meta property=\"og:locale\" content=\"ca_ES\" \/>\n<meta property=\"og:type\" content=\"article\" \/>\n<meta property=\"og:title\" content=\"Artemis\" \/>\n<meta property=\"og:description\" content=\"Deessa de la ca\u00e7a, de la lluna, de la natura salvatge i protectora de les dones. Independent, germana bessona d&#039;Apol\u00b7lo, arc i c\u00e9rvol.\" \/>\n<meta property=\"og:url\" content=\"https:\/\/iwell-guard.com\/ca\/artemis\/\" \/>\n<meta property=\"og:site_name\" content=\"iWell Guard\" \/>\n<meta property=\"article:modified_time\" content=\"2026-09-05T16:00:29+00:00\" \/>\n<meta property=\"og:image\" content=\"https:\/\/iwell-guard.com\/wp-content\/uploads\/2026\/04\/goetter_griechenland_artemis.webp\" \/>\n\t<meta property=\"og:image:width\" content=\"1024\" \/>\n\t<meta property=\"og:image:height\" content=\"1536\" \/>\n\t<meta property=\"og:image:type\" content=\"image\/webp\" \/>\n<meta name=\"twitter:card\" content=\"summary_large_image\" \/>\n<script type=\"application\/ld+json\" class=\"yoast-schema-graph\">{\"@context\":\"https:\\\/\\\/schema.org\",\"@graph\":[{\"@type\":\"WebPage\",\"@id\":\"https:\\\/\\\/iwell-guard.com\\\/ca\\\/artemis\\\/\",\"url\":\"https:\\\/\\\/iwell-guard.com\\\/ca\\\/artemis\\\/\",\"name\":\"Artemis \u2013 Deessa de la ca\u00e7a i de la lluna a Gr\u00e8cia\",\"isPartOf\":{\"@id\":\"https:\\\/\\\/iwell-guard.com\\\/ca\\\/#website\"},\"primaryImageOfPage\":{\"@id\":\"https:\\\/\\\/iwell-guard.com\\\/ca\\\/artemis\\\/#primaryimage\"},\"image\":{\"@id\":\"https:\\\/\\\/iwell-guard.com\\\/ca\\\/artemis\\\/#primaryimage\"},\"thumbnailUrl\":\"https:\\\/\\\/iwell-guard.com\\\/wp-content\\\/uploads\\\/2026\\\/04\\\/goetter_griechenland_artemis.webp\",\"datePublished\":\"2026-09-05T15:40:14+00:00\",\"dateModified\":\"2026-09-05T16:00:29+00:00\",\"description\":\"Deessa de la ca\u00e7a, de la lluna, de la natura salvatge i protectora de les dones. Independent, germana bessona d'Apol\u00b7lo, arc i c\u00e9rvol.\",\"breadcrumb\":{\"@id\":\"https:\\\/\\\/iwell-guard.com\\\/ca\\\/artemis\\\/#breadcrumb\"},\"inLanguage\":\"ca\",\"potentialAction\":[{\"@type\":\"ReadAction\",\"target\":[\"https:\\\/\\\/iwell-guard.com\\\/ca\\\/artemis\\\/\"]}]},{\"@type\":\"ImageObject\",\"inLanguage\":\"ca\",\"@id\":\"https:\\\/\\\/iwell-guard.com\\\/ca\\\/artemis\\\/#primaryimage\",\"url\":\"https:\\\/\\\/iwell-guard.com\\\/wp-content\\\/uploads\\\/2026\\\/04\\\/goetter_griechenland_artemis.webp\",\"contentUrl\":\"https:\\\/\\\/iwell-guard.com\\\/wp-content\\\/uploads\\\/2026\\\/04\\\/goetter_griechenland_artemis.webp\",\"width\":1024,\"height\":1536,\"caption\":\"D\u00e9us de la tradici\u00f3 grega.\"},{\"@type\":\"BreadcrumbList\",\"@id\":\"https:\\\/\\\/iwell-guard.com\\\/ca\\\/artemis\\\/#breadcrumb\",\"itemListElement\":[{\"@type\":\"ListItem\",\"position\":1,\"name\":\"Start\",\"item\":\"https:\\\/\\\/iwell-guard.com\\\/ca\\\/?page_id=171333\"},{\"@type\":\"ListItem\",\"position\":2,\"name\":\"Artemis\"}]},{\"@type\":\"WebSite\",\"@id\":\"https:\\\/\\\/iwell-guard.com\\\/ca\\\/#website\",\"url\":\"https:\\\/\\\/iwell-guard.com\\\/ca\\\/\",\"name\":\"iWell Guard\",\"description\":\"Schutz vor dunklen Einfl\u00fcssen\",\"publisher\":{\"@id\":\"https:\\\/\\\/iwell-guard.com\\\/ca\\\/#organization\"},\"potentialAction\":[{\"@type\":\"SearchAction\",\"target\":{\"@type\":\"EntryPoint\",\"urlTemplate\":\"https:\\\/\\\/iwell-guard.com\\\/ca\\\/?s={search_term_string}\"},\"query-input\":{\"@type\":\"PropertyValueSpecification\",\"valueRequired\":true,\"valueName\":\"search_term_string\"}}],\"inLanguage\":\"ca\"},{\"@type\":\"Organization\",\"@id\":\"https:\\\/\\\/iwell-guard.com\\\/ca\\\/#organization\",\"name\":\"Ittermann electronic GmbH\",\"url\":\"https:\\\/\\\/iwell-guard.com\\\/ca\\\/\",\"logo\":{\"@type\":\"ImageObject\",\"inLanguage\":\"ca\",\"@id\":\"https:\\\/\\\/iwell-guard.com\\\/ca\\\/#\\\/schema\\\/logo\\\/image\\\/\",\"url\":\"https:\\\/\\\/iwell-guard.com\\\/wp-content\\\/uploads\\\/2026\\\/05\\\/Ittermann-Logo-1182x237-1.png\",\"contentUrl\":\"https:\\\/\\\/iwell-guard.com\\\/wp-content\\\/uploads\\\/2026\\\/05\\\/Ittermann-Logo-1182x237-1.png\",\"width\":1182,\"height\":237,\"caption\":\"Ittermann electronic GmbH\"},\"image\":{\"@id\":\"https:\\\/\\\/iwell-guard.com\\\/ca\\\/#\\\/schema\\\/logo\\\/image\\\/\"},\"sameAs\":[\"https:\\\/\\\/pantip.com\\\/profile\\\/9367242\",\"https:\\\/\\\/micro.blog\\\/iwellguard\",\"https:\\\/\\\/www.diggerslist.com\\\/iwellguard\\\/about\",\"https:\\\/\\\/skitterphoto.com\\\/photographers\\\/2870314\\\/iwell-guard\",\"https:\\\/\\\/iwellguard.wordpress.com\\\/2026\\\/06\\\/06\\\/iwell-guard\\\/\",\"https:\\\/\\\/hub.docker.com\\\/u\\\/iwellguard\",\"https:\\\/\\\/www.pinterest.com\\\/iwellguard\\\/\",\"https:\\\/\\\/bit.ly\\\/m\\\/iwellguard\",\"https:\\\/\\\/entre-vos-mains.alsace.eu\\\/profiles\\\/iwellguard\\\/activity\",\"https:\\\/\\\/gravatar.com\\\/reallybeded8fd34\",\"https:\\\/\\\/naijamatta.com\\\/iwellguard\",\"https:\\\/\\\/www.goodreads.com\\\/iwellguard\",\"https:\\\/\\\/profile.hatena.ne.jp\\\/iwellguard\\\/\",\"https:\\\/\\\/experiment.com\\\/users\\\/iwellguard\",\"https:\\\/\\\/wakelet.com\\\/@iWellGuard82270\",\"https:\\\/\\\/www.chordie.com\\\/forum\\\/profile.php?id=2555664\",\"https:\\\/\\\/www.instapaper.com\\\/p\\\/17757966\",\"https:\\\/\\\/www.mapleprimes.com\\\/users\\\/iwellguard\",\"https:\\\/\\\/businesslistingplus.com\\\/profile\\\/iwell-guard\\\/\",\"https:\\\/\\\/telegra.ph\\\/iWell-Guard-06-06\",\"https:\\\/\\\/pbase.com\\\/iwellguard\\\/iwellguard\",\"https:\\\/\\\/b.hatena.ne.jp\\\/iwellguard\\\/20260607#bookmark-4788405196491818882\",\"https:\\\/\\\/fliphtml5.com\\\/home\\\/iwellguard\",\"https:\\\/\\\/anyflip.com\\\/homepage\\\/cmiwl#About\",\"https:\\\/\\\/transfur.com\\\/Users\\\/iwellguard\",\"http:\\\/\\\/delphi.larsbo.org\\\/user\\\/iwellguard\",\"https:\\\/\\\/jobs.lajobsportal.org\\\/profiles\\\/8380803-iwell-guard\",\"https:\\\/\\\/md.chaosdorf.de\\\/s\\\/jfbe5SBdJD\",\"https:\\\/\\\/www.lingvolive.com\\\/en-us\\\/profile\\\/9ecaeaca-ce11-4e51-9e71-01d55e2bff36\\\/translations\",\"https:\\\/\\\/www.fitday.com\\\/fitness\\\/forums\\\/members\\\/iwellguard.html\",\"https:\\\/\\\/www.mymeetbook.com\\\/iwellguard\",\"https:\\\/\\\/pxhere.com\\\/en\\\/photographer-me\\\/5040798\",\"https:\\\/\\\/disqus.com\\\/by\\\/iwellguard\\\/about\\\/\",\"https:\\\/\\\/pastelink.net\\\/hjwciqwq\",\"https:\\\/\\\/pubhtml5.com\\\/homepage\\\/scjhn\\\/\",\"https:\\\/\\\/www.bitchute.com\\\/channel\\\/2O2eOKzNqujT\",\"https:\\\/\\\/audiomack.com\\\/iwellguard\"]},{\"@type\":\"Article\",\"@id\":\"https:\\\/\\\/iwell-guard.com\\\/ca\\\/artemis\\\/#article\",\"isPartOf\":{\"@id\":\"https:\\\/\\\/iwell-guard.com\\\/ca\\\/artemis\\\/\"},\"author\":{\"name\":\"Ralf Ittermann\",\"@id\":\"https:\\\/\\\/iwell-guard.com\\\/ca\\\/#\\\/schema\\\/person\\\/ee2a27f1cac3406c7c6fb5820cb7349f\"},\"headline\":\"Artemis\",\"datePublished\":\"2026-09-05T15:40:14+00:00\",\"dateModified\":\"2026-09-05T16:00:29+00:00\",\"mainEntityOfPage\":{\"@id\":\"https:\\\/\\\/iwell-guard.com\\\/ca\\\/artemis\\\/\"},\"publisher\":{\"@id\":\"https:\\\/\\\/iwell-guard.com\\\/ca\\\/#organization\"},\"image\":{\"@id\":\"https:\\\/\\\/iwell-guard.com\\\/ca\\\/artemis\\\/#primaryimage\"},\"thumbnailUrl\":\"https:\\\/\\\/iwell-guard.com\\\/wp-content\\\/uploads\\\/2026\\\/04\\\/goetter_griechenland_artemis.webp\",\"inLanguage\":\"ca\",\"description\":\"Deessa de la ca\u00e7a, de la lluna, de la natura salvatge i protectora de les dones. Independent, germana bessona d'Apol\u00b7lo, arc i c\u00e9rvol.\"}]}<\/script>\n<!-- \/ Yoast SEO Premium plugin. -->","yoast_head_json":{"title":"Artemis \u2013 Deessa de la ca\u00e7a i de la lluna a Gr\u00e8cia","description":"Deessa de la ca\u00e7a, de la lluna, de la natura salvatge i protectora de les dones. Independent, germana bessona d'Apol\u00b7lo, arc i c\u00e9rvol.","robots":{"index":"index","follow":"follow","max-snippet":"max-snippet:-1","max-image-preview":"max-image-preview:large","max-video-preview":"max-video-preview:-1"},"canonical":"https:\/\/iwell-guard.com\/ca\/artemis\/","og_locale":"ca_ES","og_type":"article","og_title":"Artemis","og_description":"Deessa de la ca\u00e7a, de la lluna, de la natura salvatge i protectora de les dones. Independent, germana bessona d'Apol\u00b7lo, arc i c\u00e9rvol.","og_url":"https:\/\/iwell-guard.com\/ca\/artemis\/","og_site_name":"iWell Guard","article_modified_time":"2026-09-05T16:00:29+00:00","og_image":[{"width":1024,"height":1536,"url":"https:\/\/iwell-guard.com\/wp-content\/uploads\/2026\/04\/goetter_griechenland_artemis.webp","type":"image\/webp"}],"twitter_card":"summary_large_image","schema":{"@context":"https:\/\/schema.org","@graph":[{"@type":"Article","@id":"https:\/\/iwell-guard.com\/ca\/artemis\/#article","isPartOf":{"@id":"https:\/\/iwell-guard.com\/ca\/artemis\/"},"author":{"name":"Ralf Ittermann","@id":"https:\/\/iwell-guard.com\/ca\/#\/schema\/person\/ee2a27f1cac3406c7c6fb5820cb7349f"},"headline":"Artemis","datePublished":"2026-09-05T15:40:14+00:00","dateModified":"2026-09-05T16:00:29+00:00","mainEntityOfPage":{"@id":"https:\/\/iwell-guard.com\/ca\/artemis\/"},"publisher":{"@id":"https:\/\/iwell-guard.com\/ca\/#organization"},"image":{"@id":"https:\/\/iwell-guard.com\/ca\/artemis\/#primaryimage"},"thumbnailUrl":"https:\/\/iwell-guard.com\/wp-content\/uploads\/2026\/04\/goetter_griechenland_artemis.webp","inLanguage":"ca","description":"Deessa de la ca\u00e7a, de la lluna, de la natura salvatge i protectora de les dones. Independent, germana bessona d'Apol\u00b7lo, arc i c\u00e9rvol."},{"@type":"WebPage","@id":"https:\/\/iwell-guard.com\/ca\/artemis\/","url":"https:\/\/iwell-guard.com\/ca\/artemis\/","name":"Artemis \u2013 Deessa de la ca\u00e7a i de la lluna a Gr\u00e8cia","isPartOf":{"@id":"https:\/\/iwell-guard.com\/ca\/#website"},"primaryImageOfPage":{"@id":"https:\/\/iwell-guard.com\/ca\/artemis\/#primaryimage"},"image":{"@id":"https:\/\/iwell-guard.com\/ca\/artemis\/#primaryimage"},"thumbnailUrl":"https:\/\/iwell-guard.com\/wp-content\/uploads\/2026\/04\/goetter_griechenland_artemis.webp","datePublished":"2026-09-05T15:40:14+00:00","dateModified":"2026-09-05T16:00:29+00:00","description":"Deessa de la ca\u00e7a, de la lluna, de la natura salvatge i protectora de les dones. Independent, germana bessona d'Apol\u00b7lo, arc i c\u00e9rvol.","breadcrumb":{"@id":"https:\/\/iwell-guard.com\/ca\/artemis\/#breadcrumb"},"inLanguage":"ca","potentialAction":[{"@type":"ReadAction","target":["https:\/\/iwell-guard.com\/ca\/artemis\/"]}]},{"@type":"ImageObject","inLanguage":"ca","@id":"https:\/\/iwell-guard.com\/ca\/artemis\/#primaryimage","url":"https:\/\/iwell-guard.com\/wp-content\/uploads\/2026\/04\/goetter_griechenland_artemis.webp","contentUrl":"https:\/\/iwell-guard.com\/wp-content\/uploads\/2026\/04\/goetter_griechenland_artemis.webp","width":1024,"height":1536,"caption":"D\u00e9us de la tradici\u00f3 grega."},{"@type":"BreadcrumbList","@id":"https:\/\/iwell-guard.com\/ca\/artemis\/#breadcrumb","itemListElement":[{"@type":"ListItem","position":1,"name":"Start","item":"https:\/\/iwell-guard.com\/ca\/?page_id=171333"},{"@type":"ListItem","position":2,"name":"Artemis"}]},{"@type":"WebSite","@id":"https:\/\/iwell-guard.com\/ca\/#website","url":"https:\/\/iwell-guard.com\/ca\/","name":"iWell Guard","description":"Schutz vor dunklen Einfl\u00fcssen","publisher":{"@id":"https:\/\/iwell-guard.com\/ca\/#organization"},"potentialAction":[{"@type":"SearchAction","target":{"@type":"EntryPoint","urlTemplate":"https:\/\/iwell-guard.com\/ca\/?s={search_term_string}"},"query-input":{"@type":"PropertyValueSpecification","valueRequired":true,"valueName":"search_term_string"}}],"inLanguage":"ca"},{"@type":"Organization","@id":"https:\/\/iwell-guard.com\/ca\/#organization","name":"Ittermann electronic GmbH","url":"https:\/\/iwell-guard.com\/ca\/","logo":{"@type":"ImageObject","inLanguage":"ca","@id":"https:\/\/iwell-guard.com\/ca\/#\/schema\/logo\/image\/","url":"https:\/\/iwell-guard.com\/wp-content\/uploads\/2026\/05\/Ittermann-Logo-1182x237-1.png","contentUrl":"https:\/\/iwell-guard.com\/wp-content\/uploads\/2026\/05\/Ittermann-Logo-1182x237-1.png","width":1182,"height":237,"caption":"Ittermann electronic GmbH"},"image":{"@id":"https:\/\/iwell-guard.com\/ca\/#\/schema\/logo\/image\/"},"sameAs":["https:\/\/pantip.com\/profile\/9367242","https:\/\/micro.blog\/iwellguard","https:\/\/www.diggerslist.com\/iwellguard\/about","https:\/\/skitterphoto.com\/photographers\/2870314\/iwell-guard","https:\/\/iwellguard.wordpress.com\/2026\/06\/06\/iwell-guard\/","https:\/\/hub.docker.com\/u\/iwellguard","https:\/\/www.pinterest.com\/iwellguard\/","https:\/\/bit.ly\/m\/iwellguard","https:\/\/entre-vos-mains.alsace.eu\/profiles\/iwellguard\/activity","https:\/\/gravatar.com\/reallybeded8fd34","https:\/\/naijamatta.com\/iwellguard","https:\/\/www.goodreads.com\/iwellguard","https:\/\/profile.hatena.ne.jp\/iwellguard\/","https:\/\/experiment.com\/users\/iwellguard","https:\/\/wakelet.com\/@iWellGuard82270","https:\/\/www.chordie.com\/forum\/profile.php?id=2555664","https:\/\/www.instapaper.com\/p\/17757966","https:\/\/www.mapleprimes.com\/users\/iwellguard","https:\/\/businesslistingplus.com\/profile\/iwell-guard\/","https:\/\/telegra.ph\/iWell-Guard-06-06","https:\/\/pbase.com\/iwellguard\/iwellguard","https:\/\/b.hatena.ne.jp\/iwellguard\/20260607#bookmark-4788405196491818882","https:\/\/fliphtml5.com\/home\/iwellguard","https:\/\/anyflip.com\/homepage\/cmiwl#About","https:\/\/transfur.com\/Users\/iwellguard","http:\/\/delphi.larsbo.org\/user\/iwellguard","https:\/\/jobs.lajobsportal.org\/profiles\/8380803-iwell-guard","https:\/\/md.chaosdorf.de\/s\/jfbe5SBdJD","https:\/\/www.lingvolive.com\/en-us\/profile\/9ecaeaca-ce11-4e51-9e71-01d55e2bff36\/translations","https:\/\/www.fitday.com\/fitness\/forums\/members\/iwellguard.html","https:\/\/www.mymeetbook.com\/iwellguard","https:\/\/pxhere.com\/en\/photographer-me\/5040798","https:\/\/disqus.com\/by\/iwellguard\/about\/","https:\/\/pastelink.net\/hjwciqwq","https:\/\/pubhtml5.com\/homepage\/scjhn\/","https:\/\/www.bitchute.com\/channel\/2O2eOKzNqujT","https:\/\/audiomack.com\/iwellguard"]},{"@type":"Person","@id":"https:\/\/iwell-guard.com\/ca\/#\/schema\/person\/ee2a27f1cac3406c7c6fb5820cb7349f","name":"Ralf Ittermann","image":{"@type":"ImageObject","inLanguage":"ca","@id":"https:\/\/secure.gravatar.com\/avatar\/073c0153e350a5005b68eb752b445fea71f6b24a26da9449ad7e155e6b446c9d?s=96&d=mm&r=g","url":"https:\/\/secure.gravatar.com\/avatar\/073c0153e350a5005b68eb752b445fea71f6b24a26da9449ad7e155e6b446c9d?s=96&d=mm&r=g","contentUrl":"https:\/\/secure.gravatar.com\/avatar\/073c0153e350a5005b68eb752b445fea71f6b24a26da9449ad7e155e6b446c9d?s=96&d=mm&r=g","caption":"Ralf Ittermann"},"givenName":"Ralf","familyName":"Ittermann","jobTitle":"Gesch\u00e4ftsf\u00fchrer und redaktioneller Verantwortlicher","url":"https:\/\/iwell-guard.com\/ca\/author\/claude\/","description":"Ralf Ittermann ist Gesch\u00e4ftsf\u00fchrer der Ittermann electronic GmbH und redaktioneller Verantwortlicher des iWell-Guard-Lexikons. Er verbindet langj\u00e4hrige Erfahrung in der Pr\u00e4zisionsfertigung mit medialer Praxis und religionsgeschichtlicher Quellenarbeit.","worksFor":{"@type":"Organization","name":"Ittermann electronic GmbH","url":"https:\/\/ittermann.de\/","address":{"@type":"PostalAddress","streetAddress":"K\u00f6hlergasse 16-18","postalCode":"99842","addressLocality":"Ruhla","addressCountry":"DE"}},"knowsAbout":["Religionsgeschichte","Mythologie","Mediale Praxis","Energetische Diagnostik","Schutzpraxis","Volksglauben","Westliche Esoterik"]},{"@type":"Article","@id":"https:\/\/iwell-guard.com\/ca\/artemis\/#article","isPartOf":{"@id":"https:\/\/iwell-guard.com\/ca\/artemis\/"},"author":{"name":"Ralf Ittermann","@id":"https:\/\/iwell-guard.com\/ca\/#\/schema\/person\/ee2a27f1cac3406c7c6fb5820cb7349f"},"headline":"Artemis","datePublished":"2026-09-05T15:40:14+00:00","dateModified":"2026-09-05T16:00:29+00:00","mainEntityOfPage":{"@id":"https:\/\/iwell-guard.com\/ca\/artemis\/"},"publisher":{"@id":"https:\/\/iwell-guard.com\/ca\/#organization"},"image":{"@id":"https:\/\/iwell-guard.com\/ca\/artemis\/#primaryimage"},"thumbnailUrl":"https:\/\/iwell-guard.com\/wp-content\/uploads\/2026\/04\/goetter_griechenland_artemis.webp","inLanguage":"ca","description":"Deessa de la ca\u00e7a, de la lluna, de la natura salvatge i protectora de les dones. Independent, germana bessona d'Apol\u00b7lo, arc i c\u00e9rvol."}]}},"_links":{"self":[{"href":"https:\/\/iwell-guard.com\/ca\/wp-json\/wp\/v2\/pages\/171537","targetHints":{"allow":["GET"]}}],"collection":[{"href":"https:\/\/iwell-guard.com\/ca\/wp-json\/wp\/v2\/pages"}],"about":[{"href":"https:\/\/iwell-guard.com\/ca\/wp-json\/wp\/v2\/types\/page"}],"author":[{"embeddable":true,"href":"https:\/\/iwell-guard.com\/ca\/wp-json\/wp\/v2\/users\/3"}],"replies":[{"embeddable":true,"href":"https:\/\/iwell-guard.com\/ca\/wp-json\/wp\/v2\/comments?post=171537"}],"version-history":[{"count":0,"href":"https:\/\/iwell-guard.com\/ca\/wp-json\/wp\/v2\/pages\/171537\/revisions"}],"wp:featuredmedia":[{"embeddable":true,"href":"https:\/\/iwell-guard.com\/ca\/wp-json\/wp\/v2\/media\/1578"}],"wp:attachment":[{"href":"https:\/\/iwell-guard.com\/ca\/wp-json\/wp\/v2\/media?parent=171537"}],"wp:term":[{"taxonomy":"category","embeddable":true,"href":"https:\/\/iwell-guard.com\/ca\/wp-json\/wp\/v2\/categories?post=171537"}],"curies":[{"name":"wp","href":"https:\/\/api.w.org\/{rel}","templated":true}]}}