{"id":171535,"date":"2026-09-05T15:40:12","date_gmt":"2026-09-05T15:40:12","guid":{"rendered":"https:\/\/iwell-guard.com\/?page_id=171535"},"modified":"2026-09-05T16:00:26","modified_gmt":"2026-09-05T16:00:26","slug":"pehar","status":"publish","type":"page","link":"https:\/\/iwell-guard.com\/ca\/pehar\/","title":{"rendered":"Pehar"},"content":{"rendered":"\t\t<div data-elementor-type=\"wp-page\" data-elementor-id=\"171535\" class=\"elementor elementor-171535 elementor-2031 elementor-bc-flex-widget\" data-elementor-post-type=\"page\">\n\t\t\t\t<div class=\"elementor-element elementor-element-10fdade e-flex e-con-boxed e-con e-parent\" data-id=\"10fdade\" data-element_type=\"container\" data-e-type=\"container\" data-settings=\"{&quot;background_background&quot;:&quot;classic&quot;}\">\n\t\t\t\t\t<div class=\"e-con-inner\">\n\t\t<div class=\"elementor-element elementor-element-herohlft0 e-flex e-con-boxed e-con e-child\" data-id=\"herohlft0\" data-element_type=\"container\" data-e-type=\"container\">\n\t\t\t\t\t<div class=\"e-con-inner\">\n\t\t<div class=\"elementor-element elementor-element-c3ceb64 e-con-full e-flex e-con e-child\" data-id=\"c3ceb64\" data-element_type=\"container\" data-e-type=\"container\">\n\t\t\t\t<div class=\"elementor-element elementor-element-96ae5e1 elementor-widget elementor-widget-heading\" data-id=\"96ae5e1\" data-element_type=\"widget\" data-e-type=\"widget\" data-widget_type=\"heading.default\">\n\t\t\t\t\t<h1 class=\"elementor-heading-title elementor-size-default\">Pehar, d\u00e9u de la tradici\u00f3 tibetana<\/h1>\t\t\t\t<\/div>\n\t\t\t\t<div class=\"elementor-element elementor-element-e45238a elementor-widget elementor-widget-text-editor\" data-id=\"e45238a\" data-element_type=\"widget\" data-e-type=\"widget\" data-widget_type=\"text-editor.default\">\n\t\t\t\t\t\t\t\t\t<p>Pehar \u00e9s una divinitat protectora de les escoles del budisme tibet\u00e0, sobretot Nyingma. Origin\u00e0riament un <span class=\"iwg-fachbegriff\" data-tooltip=\"\u00c9sser espiritual al qual s'atribueix un efecte nociu o ambivalent.\" tabindex=\"0\">dimoni<\/span> o esperit local de muntanya, m\u00e9s tard va ser convertit en guardi\u00e0 del <span class=\"iwg-fachbegriff\" tabindex=\"0\" data-tooltip=\"En l'hinduisme, deure i ordre c\u00f2smic; en el budisme, l'ensenyament del Buddha.\">Dharma<\/span> i integrat en pr\u00e0ctiques d&#8217;<span class=\"iwg-fachbegriff\" data-tooltip=\"Lloc o instituci\u00f3 on es rep un veredicte div\u00ed.\" tabindex=\"0\">oracle<\/span>. La seva hist\u00f2ria il\u00b7lustra la pr\u00e0ctica tibetana de sotmetre els no budistes al jurament budista. Com a d\u00e9u oracular i protector de l&#8217;Estat, estava vinculat a la protecci\u00f3 de la comunitat tibetana a trav\u00e9s de l&#8217;oracle estatal de Nechung. Aquesta fitxa se centra en Pehar com a d\u00e9u de la tradici\u00f3 tibetana i en el seu paper com a divinitat protectora de l&#8217;Estat.<\/p>\t\t\t\t\t\t\t\t<\/div>\n\t\t\t\t<\/div>\n\t\t<div class=\"elementor-element elementor-element-klsbdg01 e-con-full e-flex e-con e-parent\" data-id=\"klsbdg01\" data-element_type=\"container\" data-e-type=\"container\">\n\t\t\t\t<div class=\"elementor-element elementor-element-klshtm01 elementor-widget elementor-widget-html\" data-id=\"klshtm01\" data-element_type=\"widget\" data-e-type=\"widget\" data-widget_type=\"html.default\">\n\t\t\t\t\t<div class=\"iwg-pill-row\"><span class=\"iwg-klasse-badge\" tabindex=\"0\" data-tooltip=\"D\u00e9u \/ Deessa: Poder suprem personificat dins el pante\u00f3 d'una cultura, amb atribucions clares sobre forces naturals, el dest\u00ed, la guerra o la fertilitat. Venerat mitjan\u00e7ant cultes, ofrenes i institucions templ\u00e0ries.\">D\u00e9u<\/span><a href=\"https:\/\/iwell-guard.com\/ca\/?page_id=171413\" class=\"iwg-kultur-badge\" tabindex=\"0\" data-tooltip=\"Tradici\u00f3 budista tibetana i b\u00f6n, yidam, Dharmap\u0101la, m\u00f3n dels nagues.\">Tibet<\/a><span class=\"iwg-tradition-badge\" tabindex=\"0\" data-tooltip=\"Classe de divinitats protectores del budisme tibet\u00e0.\">Dharmap\u0101la<\/span><\/div>\t\t\t\t<\/div>\n\t\t\t\t<\/div>\n\t\t<div class=\"elementor-element elementor-element-3f74855 e-con-full e-flex e-con e-child\" data-id=\"3f74855\" data-element_type=\"container\" data-e-type=\"container\">\n\t\t\t\t<div class=\"elementor-element elementor-element-1c30362 elementor-toc--minimized-on-tablet elementor-widget elementor-widget-table-of-contents\" data-id=\"1c30362\" data-element_type=\"widget\" data-e-type=\"widget\" data-settings=\"{&quot;exclude_headings_by_selector&quot;:[],&quot;no_headings_message&quot;:&quot;No s&#039;ha trobat cap encap\\u00e7alament en aquesta p\\u00e0gina.&quot;,&quot;headings_by_tags&quot;:[&quot;h2&quot;,&quot;h3&quot;],&quot;marker_view&quot;:&quot;bullets&quot;,&quot;minimize_box&quot;:&quot;yes&quot;,&quot;icon&quot;:{&quot;value&quot;:&quot;fas fa-circle&quot;,&quot;library&quot;:&quot;fa-solid&quot;,&quot;rendered_tag&quot;:&quot;&lt;svg class=\\&quot;e-font-icon-svg e-fas-circle\\&quot; viewBox=\\&quot;0 0 512 512\\&quot; xmlns=\\&quot;http:\\\/\\\/www.w3.org\\\/2000\\\/svg\\&quot;&gt;&lt;path d=\\&quot;M256 8C119 8 8 119 8 256s111 248 248 248 248-111 248-248S393 8 256 8z\\&quot;&gt;&lt;\\\/path&gt;&lt;\\\/svg&gt;&quot;},&quot;minimized_on&quot;:&quot;tablet&quot;,&quot;hierarchical_view&quot;:&quot;yes&quot;,&quot;min_height&quot;:{&quot;unit&quot;:&quot;px&quot;,&quot;size&quot;:&quot;&quot;,&quot;sizes&quot;:[]},&quot;min_height_tablet&quot;:{&quot;unit&quot;:&quot;px&quot;,&quot;size&quot;:&quot;&quot;,&quot;sizes&quot;:[]},&quot;min_height_mobile&quot;:{&quot;unit&quot;:&quot;px&quot;,&quot;size&quot;:&quot;&quot;,&quot;sizes&quot;:[]}}\" data-widget_type=\"table-of-contents.default\">\n\t\t\t\t\t\t\t\t\t<div class=\"elementor-toc__header\">\n\t\t\t\t\t\t<h2 class=\"elementor-toc__header-title\">\n\t\t\t\t\u00cdndex\t\t\t<\/h2>\n\t\t\t\t\t\t\t\t\t\t<div class=\"elementor-toc__toggle-button elementor-toc__toggle-button--expand\" role=\"button\" tabindex=\"0\" aria-controls=\"elementor-toc__1c30362\" aria-expanded=\"true\" aria-label=\"Open table of contents\"><svg aria-hidden=\"true\" class=\"e-font-icon-svg e-fas-chevron-down\" viewBox=\"0 0 448 512\" xmlns=\"http:\/\/www.w3.org\/2000\/svg\"><path d=\"M207.029 381.476L12.686 187.132c-9.373-9.373-9.373-24.569 0-33.941l22.667-22.667c9.357-9.357 24.522-9.375 33.901-.04L224 284.505l154.745-154.021c9.379-9.335 24.544-9.317 33.901.04l22.667 22.667c9.373 9.373 9.373 24.569 0 33.941L240.971 381.476c-9.373 9.372-24.569 9.372-33.942 0z\"><\/path><\/svg><\/div>\n\t\t\t\t<div class=\"elementor-toc__toggle-button elementor-toc__toggle-button--collapse\" role=\"button\" tabindex=\"0\" aria-controls=\"elementor-toc__1c30362\" aria-expanded=\"true\" aria-label=\"Close table of contents\"><svg aria-hidden=\"true\" class=\"e-font-icon-svg e-fas-chevron-up\" viewBox=\"0 0 448 512\" xmlns=\"http:\/\/www.w3.org\/2000\/svg\"><path d=\"M240.971 130.524l194.343 194.343c9.373 9.373 9.373 24.569 0 33.941l-22.667 22.667c-9.357 9.357-24.522 9.375-33.901.04L224 227.495 69.255 381.516c-9.379 9.335-24.544 9.317-33.901-.04l-22.667-22.667c-9.373-9.373-9.373-24.569 0-33.941L207.03 130.525c9.372-9.373 24.568-9.373 33.941-.001z\"><\/path><\/svg><\/div>\n\t\t\t\t\t<\/div>\n\t\t\t\t<div id=\"elementor-toc__1c30362\" class=\"elementor-toc__body\">\n\t\t\t<div class=\"elementor-toc__spinner-container\">\n\t\t\t\t<svg class=\"elementor-toc__spinner eicon-animation-spin e-font-icon-svg e-eicon-loading\" aria-hidden=\"true\" viewBox=\"0 0 1000 1000\" xmlns=\"http:\/\/www.w3.org\/2000\/svg\"><path d=\"M500 975V858C696 858 858 696 858 500S696 142 500 142 142 304 142 500H25C25 237 238 25 500 25S975 237 975 500 763 975 500 975Z\"><\/path><\/svg>\t\t\t<\/div>\n\t\t<\/div>\n\t\t\t\t\t\t<\/div>\n\t\t\t\t<\/div>\n\t\t\t\t\t<\/div>\n\t\t\t\t<\/div>\n\t\t<div class=\"elementor-element elementor-element-herorght0 e-con-full e-flex e-con e-child\" data-id=\"herorght0\" data-element_type=\"container\" data-e-type=\"container\">\n\t\t\t\t<div class=\"elementor-element elementor-element-heroimg00 iwg-hero-image elementor-widget elementor-widget-image\" data-id=\"heroimg00\" data-element_type=\"widget\" data-e-type=\"widget\" data-widget_type=\"image.default\">\n\t\t\t\t\t\t\t\t\t\t\t\t\t\t\t<img fetchpriority=\"high\" decoding=\"async\" width=\"683\" height=\"1024\" src=\"https:\/\/iwell-guard.com\/wp-content\/uploads\/2026\/04\/goetter_tibet_pehar-683x1024.webp\" class=\"attachment-large size-large wp-image-1769\" alt=\"Pehar\" srcset=\"https:\/\/iwell-guard.com\/wp-content\/uploads\/2026\/04\/goetter_tibet_pehar-683x1024.webp 683w, https:\/\/iwell-guard.com\/wp-content\/uploads\/2026\/04\/goetter_tibet_pehar-200x300.webp 200w, https:\/\/iwell-guard.com\/wp-content\/uploads\/2026\/04\/goetter_tibet_pehar-768x1152.webp 768w, https:\/\/iwell-guard.com\/wp-content\/uploads\/2026\/04\/goetter_tibet_pehar.webp 1024w\" sizes=\"(max-width: 683px) 100vw, 683px\" \/>\t\t\t\t\t\t\t\t\t\t\t\t\t\t\t<\/div>\n\t\t\t\t<\/div>\n\t\t\t\t\t<\/div>\n\t\t\t\t<\/div>\n\t\t<div class=\"elementor-element elementor-element-32917199 e-flex e-con-boxed e-con e-parent\" data-id=\"32917199\" data-element_type=\"container\" data-e-type=\"container\">\n\t\t\t\t\t<div class=\"e-con-inner\">\n\t\t<div class=\"elementor-element elementor-element-26e916cb e-flex e-con-boxed e-con e-child\" data-id=\"26e916cb\" data-element_type=\"container\" data-e-type=\"container\">\n\t\t\t\t\t<div class=\"e-con-inner\">\n\t\t<div class=\"elementor-element elementor-element-253a40d4 e-flex e-con-boxed e-con e-child\" data-id=\"253a40d4\" data-element_type=\"container\" data-e-type=\"container\">\n\t\t\t\t\t<div class=\"e-con-inner\">\n\t\t\t\t<div class=\"elementor-element elementor-element-1200c304 elementor-widget elementor-widget-heading\" data-id=\"1200c304\" data-element_type=\"widget\" data-e-type=\"widget\" data-widget_type=\"heading.default\">\n\t\t\t\t\t<div class=\"elementor-heading-title elementor-size-default\">Pehar<\/div>\t\t\t\t<\/div>\n\t\t\t\t<div class=\"elementor-element elementor-element-11758e7f elementor-widget elementor-widget-text-editor\" data-id=\"11758e7f\" data-element_type=\"widget\" data-e-type=\"widget\" data-widget_type=\"text-editor.default\">\n\t\t\t\t\t\t\t\t\t<p><span data-nosnippet>Pehar es representa com un d\u00e9u guerrer muntat a cavall, sovint amb armadura i armes. En la tradici\u00f3 de Nechung (l&#8217;<span class=\"iwg-fachbegriff\" data-tooltip=\"Lloc o instituci\u00f3 on es rep un veredicte div\u00ed.\" tabindex=\"0\">oracle<\/span> nacional del Dalai Lama fins al 1951) era la <span class=\"iwg-fachbegriff\" data-tooltip=\"\u00c9sser venerat com a div\u00ed dins d'una religi\u00f3.\" tabindex=\"0\">divinitat<\/span> principal. Descrit de nit com un tigre, Pehar \u00e9s el protector contra els enemics externs i interns del budisme.<\/span><\/p>\t\t\t\t\t\t\t\t<\/div>\n\t\t\t\t\t<\/div>\n\t\t\t\t<\/div>\n\t\t<div class=\"elementor-element elementor-element-159dcf9a e-flex e-con-boxed e-con e-child\" data-id=\"159dcf9a\" data-element_type=\"container\" data-e-type=\"container\">\n\t\t\t\t\t<div class=\"e-con-inner\">\n\t\t\t\t<div class=\"elementor-element elementor-element-48cee66f elementor-widget elementor-widget-heading\" data-id=\"48cee66f\" data-element_type=\"widget\" data-e-type=\"widget\" data-widget_type=\"heading.default\">\n\t\t\t\t\t<div class=\"elementor-heading-title elementor-size-default\">Perfil breu: Pehar<\/div>\t\t\t\t<\/div>\n\t\t\t\t<div class=\"elementor-element elementor-element-3f50d82c elementor-widget elementor-widget-text-editor\" data-id=\"3f50d82c\" data-element_type=\"widget\" data-e-type=\"widget\" data-widget_type=\"text-editor.default\">\n\t\t\t\t\t\t\t\t\t<p><strong>Tipus:<\/strong> Divinitat protectora del budisme tibet\u00e0, principal <span class=\"iwg-fachbegriff\" data-tooltip=\"Divinitat protectora en el budisme tibet\u00e0, guardiana del dharma.\" tabindex=\"0\">dharmapala<\/span> del budisme Nyingma<br><span class=\"iwg-fachbegriff\" data-tooltip=\"La totalitat dels d\u00e9us d'una religi\u00f3 o cultura.\" tabindex=\"0\">Pante\u00f3<\/span>: Budisme tibet\u00e0 (especialment Nyingma, tamb\u00e9 Gelug i religi\u00f3 popular)<br>Funci\u00f3: protecci\u00f3 del <span class=\"iwg-fachbegriff\" data-tooltip=\"En les religions \u00edndies, la doctrina i l'ordre correcte de l'acci\u00f3.\" tabindex=\"0\">dharma<\/span>, protector del govern tibet\u00e0 a trav\u00e9s de la tr\u00e0nsit de l&#8217;<span class=\"iwg-fachbegriff\" data-tooltip=\"Un lloc o instituci\u00f3 on es rep un veredicte div\u00ed.\" tabindex=\"0\">oracle<\/span> de Nechung<br>Atributs principals: pell de tigre, vestimenta de cort multicolor, espasa, fletxes, arc, muntura de tigre o lle\u00f3<br>Lloc de culte principal: <strong>Monestir de Nechung<\/strong>, a prop de Lhasa (seu de l&#8217;oracle de l&#8217;Estat)<br>Forma especial: Pehar Gyalpo, rei principal dels cinc d\u00e9us protectors Gyalpo<\/p>\t\t\t\t\t\t\t\t<\/div>\n\t\t\t\t\t<\/div>\n\t\t\t\t<\/div>\n\t\t\t\t\t<\/div>\n\t\t\t\t<\/div>\n\t\t\t\t\t<\/div>\n\t\t\t\t<\/div>\n\t\t<div class=\"elementor-element elementor-element-18613602 e-flex e-con-boxed e-con e-parent\" data-id=\"18613602\" data-element_type=\"container\" data-e-type=\"container\">\n\t\t\t\t\t<div class=\"e-con-inner\">\n\t\t\t\t<div class=\"elementor-element elementor-element-262b8a9f elementor-widget elementor-widget-heading\" data-id=\"262b8a9f\" data-element_type=\"widget\" data-e-type=\"widget\" data-widget_type=\"heading.default\">\n\t\t\t\t\t<h2 class=\"elementor-heading-title elementor-size-default\">Context<\/h2>\t\t\t\t<\/div>\n\t\t<div class=\"elementor-element elementor-element-46dcb7d e-con-full e-flex e-con e-child\" data-id=\"46dcb7d\" data-element_type=\"container\" data-e-type=\"container\">\n\t\t<div class=\"elementor-element elementor-element-61d3ab3 e-flex e-con-boxed e-con e-child\" data-id=\"61d3ab3\" data-element_type=\"container\" data-e-type=\"container\">\n\t\t\t\t\t<div class=\"e-con-inner\">\n\t\t\t\t<div class=\"elementor-element elementor-element-117c166 elementor-widget elementor-widget-heading\" data-id=\"117c166\" data-element_type=\"widget\" data-e-type=\"widget\" data-widget_type=\"heading.default\">\n\t\t\t\t\t<div class=\"elementor-heading-title elementor-size-default\">Per\u00edode dels textos<\/div>\t\t\t\t<\/div>\n\t\t\t\t<div class=\"elementor-element elementor-element-73997a0 elementor-widget elementor-widget-text-editor\" data-id=\"73997a0\" data-element_type=\"widget\" data-e-type=\"widget\" data-widget_type=\"text-editor.default\">\n\t\t\t\t\t\t\t\t\t<p>Pehar (tibet\u00e0 <em>Pe har Rgyalpo<\/em>) es descriu en les fonts budistes tibetanes com el d\u00e9u protector originari de la classe de d\u00e9us Mongol, que va ser sotm\u00e8s per <span class=\"iwg-fachbegriff\" tabindex=\"0\" data-tooltip=\"Tantrista indi llegendari (segle VIII); va portar el budisme al Tibet.\">Padmasambhava<\/span> (segle VIII dC) i obligat a protegir el <span class=\"iwg-fachbegriff\" data-tooltip=\"En les religions \u00edndies, la doctrina i l'ordre correcte de l'acci\u00f3.\" tabindex=\"0\">dharma<\/span>. El principal apogeu de la tradici\u00f3 de Pehar es dona a partir del segle XIII-XIV, amb la consolidaci\u00f3 de la seu de l&#8217;<span class=\"iwg-fachbegriff\" data-tooltip=\"Un lloc o instituci\u00f3 on es rep un veredicte div\u00ed.\" tabindex=\"0\">oracle<\/span> de Nechung.<\/p><p>Al segle XVII, sota el Cinqu\u00e8 Dalai Lama, Nechung esdev\u00e9 l&#8217;<span class=\"iwg-fachbegriff\" data-tooltip=\"Un lloc o instituci\u00f3 on es rep un veredicte div\u00ed.\" tabindex=\"0\">oracle<\/span> oficial de l&#8217;Estat del govern tibet\u00e0. En la tradici\u00f3 moderna a l&#8217;exili (des de 1959 a l&#8217;\u00cdndia), la tradici\u00f3 s&#8217;ha mantingut, i l&#8217;actual <span class=\"iwg-fachbegriff\" data-tooltip=\"Un lloc o instituci\u00f3 on es rep un veredicte div\u00ed.\" tabindex=\"0\">oracle<\/span> de Nechung a l&#8217;exili, a Dharamsala, continua consultant Pehar.<\/p>\t\t\t\t\t\t\t\t<\/div>\n\t\t\t\t\t<\/div>\n\t\t\t\t<\/div>\n\t\t<div class=\"elementor-element elementor-element-d47b156 e-flex e-con-boxed e-con e-child\" data-id=\"d47b156\" data-element_type=\"container\" data-e-type=\"container\">\n\t\t\t\t\t<div class=\"e-con-inner\">\n\t\t\t\t<div class=\"elementor-element elementor-element-ff38c2b elementor-widget elementor-widget-heading\" data-id=\"ff38c2b\" data-element_type=\"widget\" data-e-type=\"widget\" data-widget_type=\"heading.default\">\n\t\t\t\t\t<div class=\"elementor-heading-title elementor-size-default\">\u00c0rea de difusi\u00f3<\/div>\t\t\t\t<\/div>\n\t\t\t\t<div class=\"elementor-element elementor-element-4e49fcc elementor-widget elementor-widget-text-editor\" data-id=\"4e49fcc\" data-element_type=\"widget\" data-e-type=\"widget\" data-widget_type=\"text-editor.default\">\n\t\t\t\t\t\t\t\t\t<p>Lloc de culte principal: el <em>Monestir de Nechung<\/em>, prop de Drepung, a la vora de Lhasa (centre original del culte a Pehar). A l&#8217;exili modern, el <strong>Monestir de Nechung a Dharamsala<\/strong> (\u00cdndia). A m\u00e9s, hi ha est\u00e0tues i santuaris de Pehar en molts monestirs Nyingma (Mindrolling, Dorje Drak, Pelyul, Kathok, Shechen). En la tradici\u00f3 budista tibetana mongola, com a <span class=\"iwg-fachbegriff\" data-tooltip=\"\u00c9sser venerat com a div\u00ed dins d'una religi\u00f3.\" tabindex=\"0\">divinitat<\/span> protectora central. Present internacionalment en centres de budisme tibet\u00e0 d&#8217;arreu del m\u00f3n.<\/p>\t\t\t\t\t\t\t\t<\/div>\n\t\t\t\t\t<\/div>\n\t\t\t\t<\/div>\n\t\t\t\t<\/div>\n\t\t<div class=\"elementor-element elementor-element-db03c39 e-con-full e-flex e-con e-child\" data-id=\"db03c39\" data-element_type=\"container\" data-e-type=\"container\">\n\t\t<div class=\"elementor-element elementor-element-229a87b e-flex e-con-boxed e-con e-child\" data-id=\"229a87b\" data-element_type=\"container\" data-e-type=\"container\">\n\t\t\t\t\t<div class=\"e-con-inner\">\n\t\t\t\t<div class=\"elementor-element elementor-element-1f471fc elementor-widget elementor-widget-heading\" data-id=\"1f471fc\" data-element_type=\"widget\" data-e-type=\"widget\" data-widget_type=\"heading.default\">\n\t\t\t\t\t<div class=\"elementor-heading-title elementor-size-default\">Estat de les fonts<\/div>\t\t\t\t<\/div>\n\t\t\t\t<div class=\"elementor-element elementor-element-36b1201 elementor-widget elementor-widget-text-editor\" data-id=\"36b1201\" data-element_type=\"widget\" data-e-type=\"widget\" data-widget_type=\"text-editor.default\">\n\t\t\t\t\t\t\t\t\t<p>Fonts centrals: textos de <em>Pehar-Sadhana<\/em> (diverses versions segons la tradici\u00f3 de cada monestir), hagiografies de Padmasambhava (amb la hist\u00f2ria de la submissi\u00f3 de Pehar), la hist\u00f2ria del Cinqu\u00e8 Dalai Lama. Bibliografia secund\u00e0ria: Nebesky-Wojkowitz, <em>Oracles and Demons of Tibet<\/em> (obra de refer\u00e8ncia sobre les divinitats protectores tibetanes); Linrothe, <em>Ruthless Compassion<\/em>; Lopez, <em>Religions of Tibet in Practice<\/em>; Karmay, <em>The Arrow and the Spindle<\/em> (sobre la religi\u00f3 popular tibetana).<\/p>\t\t\t\t\t\t\t\t<\/div>\n\t\t\t\t\t<\/div>\n\t\t\t\t<\/div>\n\t\t\t\t<\/div>\n\t\t\t\t\t<\/div>\n\t\t\t\t<\/div>\n\t\t<div class=\"elementor-element elementor-element-3ae0637c e-flex e-con-boxed e-con e-parent\" data-id=\"3ae0637c\" data-element_type=\"container\" data-e-type=\"container\">\n\t\t\t\t\t<div class=\"e-con-inner\">\n\t\t\t\t<div class=\"elementor-element elementor-element-31d07739 elementor-widget elementor-widget-heading\" data-id=\"31d07739\" data-element_type=\"widget\" data-e-type=\"widget\" data-widget_type=\"heading.default\">\n\t\t\t\t\t<h2 class=\"elementor-heading-title elementor-size-default\">Denominaci\u00f3 i grafies<\/h2>\t\t\t\t<\/div>\n\t\t<div class=\"elementor-element elementor-element-b7642947 e-con-full e-flex e-con e-child\" data-id=\"b7642947\" data-element_type=\"container\" data-e-type=\"container\">\n\t\t\t\t<div class=\"elementor-element elementor-element-a086266 elementor-widget elementor-widget-text-editor\" data-id=\"a086266\" data-element_type=\"widget\" data-e-type=\"widget\" data-widget_type=\"text-editor.default\">\n\t\t\t\t\t\t\t\t\t<p>Pehar es representa amb determinats elements iconogr\u00e0fics codificats simb\u00f2licament i carregats de significat profund. Aquests elements transmeten essencialment les funcions, les fonts de poder, les compet\u00e8ncies i el rol c\u00f2smic d&#8217;aquesta entitat. El sistema visual permet als iniciats i a les persones amb formaci\u00f3 cultural captar-ne el significat profund.<\/p><p>Pehar apareix en la iconografia tibetana amb trets ben definits: barret blanc rod\u00f3, muntura, armes i armadura d&#8217;un rei espiritual. Tamb\u00e9 l&#8217;oracle de Nechung segueix una imatge transmesa per tradici\u00f3, en la qual el pesat casc ritual i la cuirassa mirallada indiquen l&#8217;arribada de l&#8217;esperit protector. Des que, segons la tradici\u00f3, Padmasambhava va lligar l&#8217;esperit mitjan\u00e7ant jurament, els monestirs transmeten aquesta forma sense canvis, de manera que Pehar \u00e9s clarament identificable en les pintures murals i els rituals.<\/p>\t\t\t\t\t\t\t\t<\/div>\n\t\t\t\t<\/div>\n\t\t\t\t\t<\/div>\n\t\t\t\t<\/div>\n\t\t<div class=\"elementor-element elementor-element-709a44a8 e-flex e-con-boxed e-con e-parent\" data-id=\"709a44a8\" data-element_type=\"container\" data-e-type=\"container\">\n\t\t\t\t\t<div class=\"e-con-inner\">\n\t\t\t\t<div class=\"elementor-element elementor-element-2f585873 elementor-widget elementor-widget-heading\" data-id=\"2f585873\" data-element_type=\"widget\" data-e-type=\"widget\" data-widget_type=\"heading.default\">\n\t\t\t\t\t<h2 class=\"elementor-heading-title elementor-size-default\">Descripci\u00f3<\/h2>\t\t\t\t<\/div>\n\t\t<div class=\"elementor-element elementor-element-70621c12 e-con-full e-flex e-con e-child\" data-id=\"70621c12\" data-element_type=\"container\" data-e-type=\"container\">\n\t\t\t\t<div class=\"elementor-element elementor-element-4296eb49 elementor-widget elementor-widget-text-editor\" data-id=\"4296eb49\" data-element_type=\"widget\" data-e-type=\"widget\" data-widget_type=\"text-editor.default\">\n\t\t\t\t\t\t\t\t\t<p>Pehar era central en la pr\u00e0ctica religiosa i la comprensi\u00f3 quotidiana del Tibet. Les persones s&#8217;adre\u00e7aven a aquesta entitat en situacions cr\u00edtiques o en determinades \u00e8poques rituals de l&#8217;any, mitjan\u00e7ant rituals estructurats, oracions o ofrenes. La pr\u00e0ctica es transmetia amb precisi\u00f3 i sovint era dirigida per sacerdots o especialistes.<\/p><p>El fet que l&#8217;estat tibet\u00e0 consult\u00e9s l&#8217;oracle de Nechung durant segles per a decisions importants mostra el valor que es donava a aquest esperit protector vinculat. Les tasques de Pehar estaven graduades: havia d&#8217;evitar els perills per a la doctrina i el govern abans que es produ\u00efssin, indicar sortides a les crisis existents a trav\u00e9s del m\u00e8dium de l&#8217;oracle, acompanyar transicions com la recerca d&#8217;un nou Dalai Lama i, com a guardi\u00e0 jurat, protegir permanentment els monestirs.<\/p><p><strong>Aparen\u00e7a i simbolisme<\/strong><\/p><p><em>Pehar<\/em> es representa sovint com un guerrer o com un <span class=\"iwg-fachbegriff\" data-tooltip=\"Un \u00e9sser sense cos al qual s'atribueix efecte en el m\u00f3n.\" tabindex=\"0\">esperit<\/span> sobrenatural enigm\u00e0tic amb aparen\u00e7a canviant. La seva <span class=\"iwg-fachbegriff\" data-tooltip=\"Estudi dels continguts de les imatges i el seu significat.\" tabindex=\"0\">iconografia<\/span> varia: de vegades es mostra com una divinitat irada amb armes, de vegades com un <span class=\"iwg-fachbegriff\" data-tooltip=\"Un \u00e9sser sense cos al qual s'atribueix efecte en el m\u00f3n.\" tabindex=\"0\">esperit<\/span> negre-blau amb flames. Sovint porta armadura i simbolitza una energia protectora guerrera. La seva muntura \u00e9s de vegades un ocell o un fantasma.<\/p>\t\t\t\t\t\t\t\t<\/div>\n\t\t\t\t<\/div>\n\t\t\t\t\t<\/div>\n\t\t\t\t<\/div>\n\t\t<div class=\"elementor-element elementor-element-44e71476 e-flex e-con-boxed e-con e-parent\" data-id=\"44e71476\" data-element_type=\"container\" data-e-type=\"container\">\n\t\t\t\t\t<div class=\"e-con-inner\">\n\t\t\t\t<div class=\"elementor-element elementor-element-3c1fc3f0 elementor-widget elementor-widget-heading\" data-id=\"3c1fc3f0\" data-element_type=\"widget\" data-e-type=\"widget\" data-widget_type=\"heading.default\">\n\t\t\t\t\t<div class=\"elementor-heading-title elementor-size-default\">Fitxa: Pehar<\/div>\t\t\t\t<\/div>\n\t\t<div class=\"elementor-element elementor-element-84f33b8e e-con-full e-flex e-con e-child\" data-id=\"84f33b8e\" data-element_type=\"container\" data-e-type=\"container\">\n\t\t\t\t<div class=\"elementor-element elementor-element-hqkdc67p elementor-widget elementor-widget-text-editor\" data-id=\"hqkdc67p\" data-element_type=\"widget\" data-e-type=\"widget\" data-widget_type=\"text-editor.default\">\n\t\t\t\t\t\t\t\t\t<p><span data-nosnippet>Els aspectes m\u00e9s importants de Pehar d&#8217;un cop d&#8217;ull. Els camps seg\u00fcents resumeixen l&#8217;origen, la funci\u00f3, l&#8217;aparen\u00e7a, la veneraci\u00f3, els s\u00edmbols i els paral\u00b7lelismes culturals, i es basen en els textos rituals can\u00f2nics de les escoles Nyingma i Gelug, aix\u00ed com en els informes hist\u00f2rics sobre l&#8217;oracle de Nechung, que va encarnar Pehar com a oracle estatal al Palau del Potala fins al 1959.<\/span><\/p>\t\t\t\t\t\t\t\t<\/div>\n\t\t\t\t<\/div>\n\t\t<div class=\"elementor-element elementor-element-pemmx7c5 e-con-full e-flex e-con e-child\" data-id=\"pemmx7c5\" data-element_type=\"container\" data-e-type=\"container\">\n\t\t<div class=\"elementor-element elementor-element-pemmx7c1 e-con-full e-flex e-con e-child\" data-id=\"pemmx7c1\" data-element_type=\"container\" data-e-type=\"container\">\n\t\t<div class=\"elementor-element elementor-element-qh9oavvu iwg-steckbrief-card e-flex e-con-boxed e-con e-child\" data-id=\"qh9oavvu\" data-element_type=\"container\" data-e-type=\"container\">\n\t\t\t\t\t<div class=\"e-con-inner\">\n\t\t\t\t<div class=\"elementor-element elementor-element-awzx8k2k elementor-widget elementor-widget-heading\" data-id=\"awzx8k2k\" data-element_type=\"widget\" data-e-type=\"widget\" data-widget_type=\"heading.default\">\n\t\t\t\t\t<h3 class=\"elementor-heading-title elementor-size-default\">Context cultural<\/h3>\t\t\t\t<\/div>\n\t\t\t\t<div class=\"elementor-element elementor-element-x6rowhv0 elementor-widget elementor-widget-text-editor\" data-id=\"x6rowhv0\" data-element_type=\"widget\" data-e-type=\"widget\" data-widget_type=\"text-editor.default\">\n\t\t\t\t\t\t\t\t\t<p>Segons la tradici\u00f3 tibetana, Pehar era origin\u00e0riament un <em>poder\u00f3s rei-dimoni<\/em> de la religi\u00f3 popular mongola o hor, que Padmasambhava va sotmetre en la difusi\u00f3 del budisme al Tibet i que va quedar vinculat mitjan\u00e7ant un jurament de protecci\u00f3 al <span class=\"iwg-fachbegriff\" data-tooltip=\"En les religions \u00edndies, la doctrina i l'ordre recte de l'acci\u00f3.\" tabindex=\"0\">Dharma<\/span>, un patr\u00f3 cl\u00e0ssic de la s\u00edntesi tibetana (antigues divinitats populars integrades com a divinitats protectores \u00abconvertides\u00bb dins el sistema budista).<\/p><p>Rei principal dels cinc d\u00e9us protectors <em>Gyalpo<\/em> (Tsiu Marpo, etc.).<\/p>\t\t\t\t\t\t\t\t<\/div>\n\t\t\t\t\t<\/div>\n\t\t\t\t<\/div>\n\t\t<div class=\"elementor-element elementor-element-8e3o4kxs iwg-steckbrief-card e-flex e-con-boxed e-con e-child\" data-id=\"8e3o4kxs\" data-element_type=\"container\" data-e-type=\"container\">\n\t\t\t\t\t<div class=\"e-con-inner\">\n\t\t\t\t<div class=\"elementor-element elementor-element-08rkdgov elementor-widget elementor-widget-heading\" data-id=\"08rkdgov\" data-element_type=\"widget\" data-e-type=\"widget\" data-widget_type=\"heading.default\">\n\t\t\t\t\t<h3 class=\"elementor-heading-title elementor-size-default\">Relacionat amb<\/h3>\t\t\t\t<\/div>\n\t\t\t\t<div class=\"elementor-element elementor-element-uwjelx8s elementor-widget elementor-widget-text-editor\" data-id=\"uwjelx8s\" data-element_type=\"widget\" data-e-type=\"widget\" data-widget_type=\"text-editor.default\">\n\t\t\t\t\t\t\t\t\t<p>Principal <span class=\"iwg-fachbegriff\" data-tooltip=\"Divinitat protectora en el budisme tibet\u00e0, guardiana del dharma.\" tabindex=\"0\">dharmap\u0101la<\/span> (<span class=\"iwg-fachbegriff\" data-tooltip=\"Un \u00e9sser venerat com a div\u00ed dins d'una religi\u00f3.\" tabindex=\"0\">divinitat<\/span> protectora) del budisme Nyingma i del govern tibet\u00e0. Actua a trav\u00e9s de la <em>tr\u00e0nsit de l&#8217;<span class=\"iwg-fachbegriff\" data-tooltip=\"Un lloc o instituci\u00f3 on s'obt\u00e9 un veredicte div\u00ed.\" tabindex=\"0\">oracle<\/span> de Nechung<\/em>: un monjo especialment escollit (kuten) \u00e9s posse\u00eft per Pehar mitjan\u00e7ant un <span class=\"iwg-fachbegriff\" data-tooltip=\"Una seq\u00fc\u00e8ncia regulada d'accions simb\u00f2liques amb significat religi\u00f3s o cultural.\" tabindex=\"0\">ritual<\/span> elaborat, parla en <span class=\"iwg-fachbegriff\" tabindex=\"0\" data-tooltip=\"Estat alterat de consci\u00e8ncia amb atenci\u00f3 redu\u00efda; indu\u00eft deliberadament en la pr\u00e0ctica xam\u00e0nica i medi\u00famnica.\">tr\u00e0nsit<\/span> donant respostes a q\u00fcestions de govern i profetitza decisions pol\u00edtiques i militars.<\/p><p>Des d&#8217;abans del Cinqu\u00e8 Dalai Lama (segle XVII) fins al govern tibet\u00e0 a l&#8217;exili, Pehar era consultat a trav\u00e9s de l&#8217;oracle de Nechung en cada decisi\u00f3 governamental important.<\/p>\t\t\t\t\t\t\t\t<\/div>\n\t\t\t\t\t<\/div>\n\t\t\t\t<\/div>\n\t\t<div class=\"elementor-element elementor-element-jm2n74ec iwg-steckbrief-card e-flex e-con-boxed e-con e-child\" data-id=\"jm2n74ec\" data-element_type=\"container\" data-e-type=\"container\">\n\t\t\t\t\t<div class=\"e-con-inner\">\n\t\t\t\t<div class=\"elementor-element elementor-element-8vufse4c elementor-widget elementor-widget-heading\" data-id=\"8vufse4c\" data-element_type=\"widget\" data-e-type=\"widget\" data-widget_type=\"heading.default\">\n\t\t\t\t\t<h3 class=\"elementor-heading-title elementor-size-default\">Forma<\/h3>\t\t\t\t<\/div>\n\t\t\t\t<div class=\"elementor-element elementor-element-mwb9u015 elementor-widget elementor-widget-text-editor\" data-id=\"mwb9u015\" data-element_type=\"widget\" data-e-type=\"widget\" data-widget_type=\"text-editor.default\">\n\t\t\t\t\t\t\t\t\t<p>Figura terrible amb tres caps (en algunes versions) o un cap principal, tres ulls, rostre clar o fosc. Porta un vestit de cort de colors amb un mantell de pell de tigre i un barret d&#8217;oficial. A les mans: <em>espasa<\/em>, <em>arc i fletxes<\/em>, <em>lla\u00e7<\/em>, <em>bast\u00f3 preci\u00f3s<\/em>. Munta un tigre, un lle\u00f3 o un cavall.<\/p><p>En el <span class=\"iwg-fachbegriff\" data-tooltip=\"Una seq\u00fc\u00e8ncia regulada d'actes simb\u00f2lics amb significat religi\u00f3s o cultural.\" tabindex=\"0\">ritual<\/span> de tr\u00e0nsit de Nechung, el kuten \u00e9s vestit amb la indument\u00e0ria caracter\u00edstica de Pehar (mantell de brocat de diverses capes, casc pesant, espasa), que el converteix en una manifestaci\u00f3 viva de Pehar.<\/p>\t\t\t\t\t\t\t\t<\/div>\n\t\t\t\t\t<\/div>\n\t\t\t\t<\/div>\n\t\t\t\t<\/div>\n\t\t<div class=\"elementor-element elementor-element-pemmx7c2 e-con-full e-flex e-con e-child\" data-id=\"pemmx7c2\" data-element_type=\"container\" data-e-type=\"container\">\n\t\t<div class=\"elementor-element elementor-element-37ss2yr6 iwg-steckbrief-card e-flex e-con-boxed e-con e-child\" data-id=\"37ss2yr6\" data-element_type=\"container\" data-e-type=\"container\">\n\t\t\t\t\t<div class=\"e-con-inner\">\n\t\t\t\t<div class=\"elementor-element elementor-element-3v0wp3wx elementor-widget elementor-widget-heading\" data-id=\"3v0wp3wx\" data-element_type=\"widget\" data-e-type=\"widget\" data-widget_type=\"heading.default\">\n\t\t\t\t\t<h3 class=\"elementor-heading-title elementor-size-default\">Activitat<\/h3>\t\t\t\t<\/div>\n\t\t\t\t<div class=\"elementor-element elementor-element-w3247g2m elementor-widget elementor-widget-text-editor\" data-id=\"w3247g2m\" data-element_type=\"widget\" data-e-type=\"widget\" data-widget_type=\"text-editor.default\">\n\t\t\t\t\t\t\t\t\t<p><strong>\u00c0mbit d&#8217;acci\u00f3:<\/strong> Pehar \u00e9s venerat en cada monestir Nyingma. El culte principal \u00e9s el <em><span class=\"iwg-fachbegriff\" data-tooltip=\"Un lloc o instituci\u00f3 on s'obt\u00e9 un veredicte div\u00ed.\" tabindex=\"0\">oracle<\/span> de Nechung<\/em>, un <span class=\"iwg-fachbegriff\" data-tooltip=\"Una acci\u00f3 religiosa fixada i recurrent.\" tabindex=\"0\">ritu<\/span>, una de les tradicions de tr\u00e0nsit m\u00e9s famoses de les religions del m\u00f3n.<\/p><p>El kuten \u00e9s portat a un estat de tr\u00e0nsit mitjan\u00e7ant una llarga preparaci\u00f3 meditativa, despr\u00e9s es vesteix amb la indument\u00e0ria de Pehar i escriu les seves respostes a q\u00fcestions de govern amb \u00edmpetu i en un estil arcaic-prof\u00e8tic. En el culte dom\u00e8stic personal es fa una <span class=\"iwg-fachbegriff\" data-tooltip=\"L'adre\u00e7ar-se suplicant o invocant a una divinitat o poder.\" tabindex=\"0\">invocaci\u00f3<\/span> per demanar protecci\u00f3 contra les temptacions demon\u00edaques.<\/p>\t\t\t\t\t\t\t\t<\/div>\n\t\t\t\t\t<\/div>\n\t\t\t\t<\/div>\n\t\t<div class=\"elementor-element elementor-element-0qpjal9w iwg-steckbrief-card e-flex e-con-boxed e-con e-child\" data-id=\"0qpjal9w\" data-element_type=\"container\" data-e-type=\"container\">\n\t\t\t\t\t<div class=\"e-con-inner\">\n\t\t\t\t<div class=\"elementor-element elementor-element-6ndoih0o elementor-widget elementor-widget-heading\" data-id=\"6ndoih0o\" data-element_type=\"widget\" data-e-type=\"widget\" data-widget_type=\"heading.default\">\n\t\t\t\t\t<h3 class=\"elementor-heading-title elementor-size-default\">Amulets protectors<\/h3>\t\t\t\t<\/div>\n\t\t\t\t<div class=\"elementor-element elementor-element-6684tyh9 elementor-widget elementor-widget-text-editor\" data-id=\"6684tyh9\" data-element_type=\"widget\" data-e-type=\"widget\" data-widget_type=\"text-editor.default\">\n\t\t\t\t\t\t\t\t\t<p>Espasa, arc i fletxes, lla\u00e7, pell de tigre, barret d&#8217;oficial, bast\u00f3 preci\u00f3s. Muntura: tigre, lle\u00f3 o cavall. Animals sagrats: tigre. En tr\u00e0nsit de Nechung: casc pesant, brocat de diverses capes. Colors sagrats: multicolor (a difer\u00e8ncia de les formes monocromes negres de Mahakala).<\/p>\t\t\t\t\t\t\t\t<\/div>\n\t\t\t\t\t<\/div>\n\t\t\t\t<\/div>\n\t\t<div class=\"elementor-element elementor-element-3lfi7x32 iwg-steckbrief-card e-flex e-con-boxed e-con e-child\" data-id=\"3lfi7x32\" data-element_type=\"container\" data-e-type=\"container\">\n\t\t\t\t\t<div class=\"e-con-inner\">\n\t\t\t\t<div class=\"elementor-element elementor-element-0kg99ga1 elementor-widget elementor-widget-heading\" data-id=\"0kg99ga1\" data-element_type=\"widget\" data-e-type=\"widget\" data-widget_type=\"heading.default\">\n\t\t\t\t\t<h3 class=\"elementor-heading-title elementor-size-default\">Elements comparables<\/h3>\t\t\t\t<\/div>\n\t\t\t\t<div class=\"elementor-element elementor-element-n0fum6kp elementor-widget elementor-widget-text-editor\" data-id=\"n0fum6kp\" data-element_type=\"widget\" data-e-type=\"widget\" data-widget_type=\"text-editor.default\">\n\t\t\t\t\t\t\t\t\t<p><em>Mahakala<\/em> (budisme, <span class=\"iwg-fachbegriff\" data-tooltip=\"Un \u00e9sser venerat com a div\u00ed dins d'una religi\u00f3.\" tabindex=\"0\">divinitat<\/span> protectora irada relacionada), <em>Palden Lhamo<\/em> (budisme, deessa protectora femenina de la tradici\u00f3 Gelug), <em>Yamantaka<\/em> (budisme), <em>Tsiu Marpo<\/em> (budisme, un dels cinc d\u00e9us protectors Gyalpo sota Pehar), <em>Hayagriva<\/em> (budisme).<\/p><p>En la tradici\u00f3 mundial de divinitats protectores: <em>Lugal-irra i Meslamta-ea<\/em> (Mesopot\u00e0mia, guardians de Nergal), <em>Set<\/em> (Egipte, protector de la barca solar), <em>sant Miquel<\/em> (cristi\u00e0, arc\u00e0ngel protector). La tradici\u00f3 de tr\u00e0nsit-<span class=\"iwg-fachbegriff\" data-tooltip=\"Un lloc o instituci\u00f3 on s'obt\u00e9 un veredicte div\u00ed.\" tabindex=\"0\">oracle<\/span> de Pehar t\u00e9 paral\u00b7lelismes amb la P\u00edtia de Delfos i amb els profetes ext\u00e0tics del m\u00f3n antic.<\/p>\t\t\t\t\t\t\t\t<\/div>\n\t\t\t\t\t<\/div>\n\t\t\t\t<\/div>\n\t\t\t\t<\/div>\n\t\t\t\t<\/div>\n\t\t\t\t\t<\/div>\n\t\t\t\t<\/div>\n\t\t<div class=\"elementor-element elementor-element-5a584676 e-flex e-con-boxed e-con e-parent\" data-id=\"5a584676\" data-element_type=\"container\" data-e-type=\"container\">\n\t\t\t\t\t<div class=\"e-con-inner\">\n\t\t\t\t<div class=\"elementor-element elementor-element-6d0757bf elementor-widget elementor-widget-heading\" data-id=\"6d0757bf\" data-element_type=\"widget\" data-e-type=\"widget\" data-widget_type=\"heading.default\">\n\t\t\t\t\t<h2 class=\"elementor-heading-title elementor-size-default\">Pehar, paral\u00b7lelismes en altres cultures<\/h2>\t\t\t\t<\/div>\n\t\t<div class=\"elementor-element elementor-element-60563f68 e-con-full e-flex e-con e-child\" data-id=\"60563f68\" data-element_type=\"container\" data-e-type=\"container\">\n\t\t\t\t<div class=\"elementor-element elementor-element-5a93fdd6 elementor-widget elementor-widget-text-editor\" data-id=\"5a93fdd6\" data-element_type=\"widget\" data-e-type=\"widget\" data-widget_type=\"text-editor.default\">\n\t\t\t\t\t\t\t\t\t<p>Els d\u00e9us del jurament i de l&#8217;oracle, vinculats a un <span class=\"iwg-fachbegriff\" data-tooltip=\"Un edifici dedicat a la veneraci\u00f3 d'una o diverses divinitats.\" tabindex=\"0\">temple<\/span> o a un <span class=\"iwg-fachbegriff\" data-tooltip=\"Una seq\u00fc\u00e8ncia regulada d'accions simb\u00f2liques amb significat religi\u00f3s o cultural.\" tabindex=\"0\">ritual<\/span>, s\u00f3n coneguts en moltes cultures avan\u00e7ades, des de l&#8217;Apol\u00b7lo grec a Delfos fins al Xamash mesopot\u00e0mic; la funci\u00f3 de Pehar com a oracle d&#8217;estat de l&#8217;escola Gelug ocupa all\u00e0 una posici\u00f3 comparable.<\/p>\n<p><strong>Tradici\u00f3 jueva:<\/strong> El <span class=\"iwg-fachbegriff\" data-tooltip=\"\u00c9sser espiritual al qual s'atribueix un efecte nociu o ambivalent.\" tabindex=\"0\">dimoni<\/span> com a for\u00e7a creadora que es transforma mitjan\u00e7ant exorcismes comparteix amb el mite de conversi\u00f3 de Pehar la l\u00f2gica de la submissi\u00f3 i la regeneraci\u00f3.<\/p><p><strong>M\u00f3n grecorom\u00e0:<\/strong> Mart\/Ares com a for\u00e7a guerrera i el demi\u00fcrg de Plat\u00f3 com a creador del m\u00f3n comparteixen amb Pehar la possibilitat d&#8217;una transformaci\u00f3 moral de la for\u00e7a bruta.<\/p><p><strong>Tradici\u00f3 germ\u00e0nica:<\/strong> La integraci\u00f3 d&#8217;esperits del bosc i divinitats locals de la terra en el cristianisme \u00e9s paral\u00b7lela a la integraci\u00f3 de Pehar en el budisme; ambd\u00f3s casos mostren processos d&#8217;absorci\u00f3 cultural.<\/p><p><strong>Hinduisme:<\/strong> Ganesha, origin\u00e0riament un <span class=\"iwg-fachbegriff\" data-tooltip=\"\u00c9sser espiritual al qual s'atribueix un efecte nociu o ambivalent.\" tabindex=\"0\">dimoni<\/span> d&#8217;obstacles transformat m\u00e9s tard en portador de benediccions, segueix la mateixa l\u00f2gica mitol\u00f2gica que Pehar.<\/p>\t\t\t\t\t\t\t\t<\/div>\n\t\t\t\t<\/div>\n\t\t\t\t\t<\/div>\n\t\t\t\t<\/div>\n\t\t<div class=\"elementor-element elementor-element-cp099086a e-flex e-con-boxed e-con e-parent\" data-id=\"cp099086a\" data-element_type=\"container\" data-e-type=\"container\">\n\t\t\t\t\t<div class=\"e-con-inner\">\n\t\t\t\t<div class=\"elementor-element elementor-element-cp2e0295e elementor-widget elementor-widget-heading\" data-id=\"cp2e0295e\" data-element_type=\"widget\" data-e-type=\"widget\" data-widget_type=\"heading.default\">\n\t\t\t\t\t<h2 class=\"elementor-heading-title elementor-size-default\">Pehar i l'oracle d'estat de Nechung<\/h2>\t\t\t\t<\/div>\n\t\t<div class=\"elementor-element elementor-element-cpd381e13 e-con-full e-flex e-con e-child\" data-id=\"cpd381e13\" data-element_type=\"container\" data-e-type=\"container\">\n\t\t\t\t<div class=\"elementor-element elementor-element-cp8ff9c79 elementor-widget elementor-widget-text-editor\" data-id=\"cp8ff9c79\" data-element_type=\"widget\" data-e-type=\"widget\" data-widget_type=\"text-editor.default\">\n\t\t\t\t\t\t\t\t\t<p>La major import\u00e0ncia hist\u00f2rica de Pehar prov\u00e9 del seu vincle amb l&#8217;<span class=\"iwg-fachbegriff\" data-tooltip=\"Un lloc o instituci\u00f3 on es demana un veredicte div\u00ed.\" tabindex=\"0\">oracle<\/span> de Nechung. El monestir de Nechung, situat prop del gran monestir de Drepung a Lhasa, va ser des del segle XVII la seu de l&#8217;oracle d&#8217;estat del Tibet.<\/p><p>La divinitat principal venerada aqu\u00ed \u00e9s Dorje Drakden, considerat en la tradici\u00f3 tibetana com una emanaci\u00f3 o un \u00edntim acompanyant de Pehar. A trav\u00e9s del mitj\u00e0 de l&#8217;oracle de Nechung, aquest poder espiritual parlava en cerim\u00f2nies de tr\u00e0nsit als m\u00e9s alts c\u00e0rrecs del govern tibet\u00e0.<\/p><p><span data-nosnippet>L&#8217;ascens de Pehar a protector d&#8217;estat s&#8217;associa tradicionalment amb el cinqu\u00e8 Dalai Lama (1617 a 1682), sota el qual la instituci\u00f3 de l&#8217;oracle de Nechung va assolir la seva posici\u00f3 pol\u00edtica central. L&#8217;<span class=\"iwg-fachbegriff\" data-tooltip=\"Un lloc o instituci\u00f3 on es demana un veredicte div\u00ed.\" tabindex=\"0\">oracle<\/span> era consultat en afers d&#8217;estat, en la cerca de reincarnacions de grans mestres i en temps de crisi.<\/span><\/p><p>La literatura d&#8217;hist\u00f2ria de les religions, com els estudis de Ren\u00e9 de Nebesky-Wojkowitz i els treballs m\u00e9s recents de Christopher Bell sobre Pehar i Nechung, mostra que les sessions de tr\u00e0nsit seguien un desenvolupament ritual fix, en el qual el mitj\u00e0 portava un pesat tocat ple de miralls.<\/p><p>Tamb\u00e9 a l&#8217;exili la instituci\u00f3 ha perdurat. Despr\u00e9s de 1959, l&#8217;<span class=\"iwg-fachbegriff\" data-tooltip=\"Un lloc o instituci\u00f3 on es demana un veredicte div\u00ed.\" tabindex=\"0\">oracle<\/span> de Nechung va ser restablert a prop de la seu del Dalai Lama a Dharamsala, a l&#8217;\u00cdndia.<\/p><p>Aix\u00ed, Pehar \u00e9s un dels pocs esperits tibetans amb una pr\u00e0ctica ritual documentada ininterrompudament fins a l&#8217;actualitat. La investigaci\u00f3 pot comparar directament la tradici\u00f3 textual, la representaci\u00f3 iconogr\u00e0fica i el <span class=\"iwg-fachbegriff\" data-tooltip=\"Una seq\u00fc\u00e8ncia regulada d'accions simb\u00f2liques amb significat religi\u00f3s o cultural.\" tabindex=\"0\">ritual<\/span> viscut, el que converteix Pehar en un cas d&#8217;estudi central per a l&#8217;an\u00e0lisi de les divinitats protectores tibetanes.<\/p>\t\t\t\t\t\t\t\t<\/div>\n\t\t\t\t<\/div>\n\t\t\t\t\t<\/div>\n\t\t\t\t<\/div>\n\t\t<div class=\"elementor-element elementor-element-cp8b30e2a e-flex e-con-boxed e-con e-parent\" data-id=\"cp8b30e2a\" data-element_type=\"container\" data-e-type=\"container\">\n\t\t\t\t\t<div class=\"e-con-inner\">\n\t\t\t\t<div class=\"elementor-element elementor-element-cp5cc955c elementor-widget elementor-widget-heading\" data-id=\"cp5cc955c\" data-element_type=\"widget\" data-e-type=\"widget\" data-widget_type=\"heading.default\">\n\t\t\t\t\t<h2 class=\"elementor-heading-title elementor-size-default\">Narracions d'origen i el vincle a trav\u00e9s de Padmasambhava<\/h2>\t\t\t\t<\/div>\n\t\t<div class=\"elementor-element elementor-element-cpb519e01 e-con-full e-flex e-con e-child\" data-id=\"cpb519e01\" data-element_type=\"container\" data-e-type=\"container\">\n\t\t\t\t<div class=\"elementor-element elementor-element-cp171665f elementor-widget elementor-widget-text-editor\" data-id=\"cp171665f\" data-element_type=\"widget\" data-e-type=\"widget\" data-widget_type=\"text-editor.default\">\n\t\t\t\t\t\t\t\t\t<p>La <span class=\"iwg-fachbegriff\" data-tooltip=\"La transmissi\u00f3 de coneixement i narracions al llarg de generacions.\" tabindex=\"0\">tradici\u00f3<\/span> tibetana coneix diverses narracions sobre l&#8217;origen de Pehar. Una versi\u00f3 estesa el vincula a or\u00edgens estrangers, no tibetans, i esmenta un entorn de l&#8217;\u00c0sia central o mongol.<\/p><p>Pehar apareix aqu\u00ed com un poder espiritual origin\u00e0riament for\u00e0 que va ser portat al Tibet. Una tradici\u00f3 situa el seu vincle amb el budisme en la fundaci\u00f3 del monestir de Samye al segle VIII, el primer monestir budista del Tibet.<\/p><p>Segons aquesta narraci\u00f3, Padmasambhava, que va portar l&#8217;ensenyament al budisme tibet\u00e0, va sotmetre diversos esperits aut\u00f2ctons i forans i els va vincular per jurament a la protecci\u00f3 de la doctrina. Es diu que Pehar va ser designat protector dels tresors mon\u00e0stics i dels b\u00e9ns del temple de Samye.<\/p><p>A trav\u00e9s d&#8217;etapes interm\u00e8dies que la tradici\u00f3 vincula a determinats monestirs, el seu <span class=\"iwg-fachbegriff\" data-tooltip=\"El conjunt d'actes de veneraci\u00f3 religiosa cap a una divinitat o figura sagrada.\" tabindex=\"0\">culte<\/span> va arribar finalment a Nechung. Aquesta migraci\u00f3 del culte des de Samye, passant per diversos llocs, fins a Nechung \u00e9s en si mateixa objecte d&#8217;elaboraci\u00f3 narrativa i subratlla la idea que un <span class=\"iwg-fachbegriff\" data-tooltip=\"Un \u00e9sser sense cos al qual s'atribueix un efecte en el m\u00f3n.\" tabindex=\"0\">esperit<\/span> poder\u00f3s roman vinculat a llocs i objectes.<\/p><p>Pehar sovint es representa com a cap d&#8217;un grup de cinc reis-esperits, els <em>rgyal po sku lnga<\/em>, cada un associat a un punt cardinal i un aspecte. Iconogr\u00e0ficament apareix generalment blanc o clar, amb tres cares i sis bra\u00e7os, muntat sobre un lle\u00f3, amb atributs com arc, fletxa i un bast\u00f3.<\/p><p>Aquesta complexitat, un cap amb seguici, diverses cares i una jerarquia elaborada, \u00e9s t\u00edpica de les divinitats protectores tibetanes d&#8217;alt rang, que no es conceben com a \u00e9ssers a\u00efllats sin\u00f3 com el cim de tota una cort espiritual.<\/p>\t\t\t\t\t\t\t\t<\/div>\n\t\t\t\t<\/div>\n\t\t\t\t\t<\/div>\n\t\t\t\t<\/div>\n\t\t<div class=\"elementor-element elementor-element-36dd7469 e-flex e-con-boxed e-con e-parent\" data-id=\"36dd7469\" data-element_type=\"container\" data-e-type=\"container\">\n\t\t\t\t\t<div class=\"e-con-inner\">\n\t\t\t\t<div class=\"elementor-element elementor-element-13760ab4 elementor-widget elementor-widget-heading\" data-id=\"13760ab4\" data-element_type=\"widget\" data-e-type=\"widget\" data-widget_type=\"heading.default\">\n\t\t\t\t\t<h3 class=\"elementor-heading-title elementor-size-default\">Enlla\u00e7os relacionats<\/h3>\t\t\t\t<\/div>\n\t\t<div class=\"elementor-element elementor-element-28c87796 e-con-full e-flex e-con e-child\" data-id=\"28c87796\" data-element_type=\"container\" data-e-type=\"container\">\n\t\t\t\t<div class=\"elementor-element elementor-element-5d6538df elementor-widget elementor-widget-text-editor\" data-id=\"5d6538df\" data-element_type=\"widget\" data-e-type=\"widget\" data-widget_type=\"text-editor.default\">\n\t\t\t\t\t\t\t\t\t<ul><li><a href=\"https:\/\/iwell-guard.com\/ca\/?page_id=171532\">Mahakala, forma protectora wrathful relacionada<\/a><\/li><li><a href=\"https:\/\/iwell-guard.com\/ca\/?page_id=171530\">Palden Lhamo, deessa protectora femenina<\/a><\/li><li><a href=\"https:\/\/iwell-guard.com\/ca\/?page_id=171534\">Yamantaka, yidam wrathful relacionat<\/a><\/li><li><a href=\"https:\/\/iwell-guard.com\/ca\/?page_id=171570\">Hayagriva, forma protectora amb cap de cavall<\/a><\/li><li><a href=\"https:\/\/iwell-guard.com\/ca\/?page_id=171394\">Budisme, visi\u00f3 general del pante\u00f3<\/a><\/li><li><a href=\"https:\/\/iwell-guard.com\/ca\/?page_id=171459\">Divinitats superiors, subcategoria<\/a><\/li><\/ul>\t\t\t\t\t\t\t\t<\/div>\n\t\t\t\t<\/div>\n\t\t\t\t\t<\/div>\n\t\t\t\t<\/div>\n\t\t<div class=\"elementor-element elementor-element-grl4kl40 e-flex e-con-boxed e-con e-parent\" data-id=\"grl4kl40\" data-element_type=\"container\" data-e-type=\"container\">\n\t\t\t\t\t<div class=\"e-con-inner\">\n\t\t\t\t<div class=\"elementor-element elementor-element-bzsbfrmh elementor-widget elementor-widget-heading\" data-id=\"bzsbfrmh\" data-element_type=\"widget\" data-e-type=\"widget\" data-widget_type=\"heading.default\">\n\t\t\t\t\t<h2 class=\"elementor-heading-title elementor-size-default\">Bibliografia (selecci\u00f3)<\/h2>\t\t\t\t<\/div>\n\t\t<div class=\"elementor-element elementor-element-2c13224a e-con-full e-flex e-con e-child\" data-id=\"2c13224a\" data-element_type=\"container\" data-e-type=\"container\">\n\t\t\t\t<div class=\"elementor-element elementor-element-0eymh9ub elementor-widget elementor-widget-text-editor\" data-id=\"0eymh9ub\" data-element_type=\"widget\" data-e-type=\"widget\" data-widget_type=\"text-editor.default\">\n\t\t\t\t\t\t\t\t\t<footer class=\"iwg-literatur\" data-nosnippet=\"true\"><ul><li><span data-nosnippet>Nebesky-Wojkowitz, Ren&eacute; de: <em>Oracles and Demons of Tibet. The Cult and Iconography of the Tibetan Protective Deities<\/em>. The Hague 1956 (obra de refer\u00e8ncia).<\/span><\/li><li><span data-nosnippet>Karmay, Samten G.: <em>The Arrow and the Spindle. Studies in History, Myths, Rituals and Beliefs in Tibet<\/em>. Kathmandu 1998.<\/span><\/li><li>Walde, Christine (ed.): <em>Der Neue Pauly<\/em> (entrada &bdquo;Pehar&ldquo;).<\/li><\/ul><\/footer>\n<p class=\"iwg-bib-more\"><span data-nosnippet>M\u00e9s obres de refer\u00e8ncia a la <a href=\"https:\/\/iwell-guard.com\/ca\/?page_id=171483\">bibliografia<\/a>.<\/span><\/p>\t\t\t\t\t\t\t\t<\/div>\n\t\t\t\t<\/div>\n\t\t\t\t\t<\/div>\n\t\t\t\t<\/div>\n\t\t<div class=\"elementor-element elementor-element-e3b06b7 e-con-boxed e-flex e-con e-parent\" data-id=\"e3b06b7\" data-element_type=\"container\" data-e-type=\"container\">\n\t\t\t\t\t<div class=\"e-con-inner\">\n\t\t\t\t<div class=\"elementor-element elementor-element-e2de641 elementor-widget elementor-widget-text-editor\" data-id=\"e2de641\" data-element_type=\"widget\" data-e-type=\"widget\" data-widget_type=\"text-editor.default\">\n\t\t\t\t\t\t\t\t\t\n<h2>Preguntes freq\u00fcents sobre Pehar<\/h2>\n<div class=\"iwg-faq-q\"><h3>Qui \u00e9s Pehar en el budisme tibet\u00e0?<\/h3><p>Pehar (tamb\u00e9 anomenat Pehar Gyalpo) \u00e9s un poder\u00f3s esperit protector del budisme tibet\u00e0 que, segons la <span class=\"iwg-fachbegriff\" data-tooltip=\"La transmissi\u00f3 de coneixements i relats al llarg de generacions.\" tabindex=\"0\">tradici\u00f3 oral<\/span>, va ser sotm\u00e8s per Padmasambhava al segle VIII i posat al servei de l&#8217;ensenyament budista.<\/p><p>Se&#8217;l considera rei d&#8217;un grup d&#8217;esperits i \u00e9s venerat com a cap dels guardians dels b\u00e9ns i l&#8217;ensenyament mon\u00e0stics. Pehar sol representar-se muntant un lle\u00f3, amb tres cares i sis bra\u00e7os, portant un arc i altres armes.<\/p><\/div>\n<div class=\"iwg-faq-q\"><h3>Quina relaci\u00f3 t\u00e9 Pehar amb l&#8217;oracle estatal de Nechung?<\/h3><p>Pehar actua a trav\u00e9s de l&#8217;oracle estatal de Nechung, el <span class=\"iwg-fachbegriff\" data-tooltip=\"Un lloc o instituci\u00f3 on es demana un veredicte div\u00ed.\" tabindex=\"0\">oracle<\/span> m\u00e9s important del budisme tibet\u00e0. En aquest proc\u00e9s, la <span class=\"iwg-fachbegriff\" data-tooltip=\"Un \u00e9sser venerat com a div\u00ed dins d'una religi\u00f3.\" tabindex=\"0\">divinitat<\/span> es manifesta a trav\u00e9s d&#8217;un monjo m\u00e8dium hum\u00e0, el kuten, que respon preguntes en profund tr\u00e0ngol.<\/p><p>Pr\u00f2piament, qui sol parlar \u00e9s Dorje Drakden, un ministre o aspecte de Pehar. L&#8217;<span class=\"iwg-fachbegriff\" data-tooltip=\"Un lloc o instituci\u00f3 on es demana un veredicte div\u00ed.\" tabindex=\"0\">oracle<\/span> de Nechung ha estat consultat durant segles pel govern tibet\u00e0 i pels dalai lames en decisions importants, i encara avui forma part del govern tibet\u00e0 a l&#8217;exili a l&#8217;\u00cdndia.<\/p><\/div>\n<script type=\"application\/ld+json\">{\"@context\":\"https:\/\/schema.org\",\"@type\":\"FAQPage\",\"mainEntity\":[{\"@type\":\"Question\",\"name\":\"Qui \u00e9s Pehar en el budisme tibet\u00e0?\",\"acceptedAnswer\":{\"@type\":\"Answer\",\"text\":\"Pehar (tamb\u00e9 anomenat Pehar Gyalpo) \u00e9s un poder\u00f3s esperit protector del budisme tibet\u00e0 que, segons la tradici\u00f3 oral, va ser sotm\u00e8s per Padmasambhava al segle VIII i posat al servei de l'ensenyament budista.Se'l considera rei d'un grup d'esperits i \u00e9s venerat com a cap dels guardians dels b\u00e9ns i l'ensenyament mon\u00e0stics. Pehar sol representar-se muntant un lle\u00f3, amb tres cares i sis bra\u00e7os, portant un arc i altres armes.\"}},{\"@type\":\"Question\",\"name\":\"Quina relaci\u00f3 t\u00e9 Pehar amb l'oracle estatal de Nechung?\",\"acceptedAnswer\":{\"@type\":\"Answer\",\"text\":\"Pehar actua a trav\u00e9s de l'oracle estatal de Nechung, l'oracle m\u00e9s important del budisme tibet\u00e0. En aquest proc\u00e9s, la divinitat es manifesta a trav\u00e9s d'un monjo m\u00e8dium hum\u00e0, el kuten, que respon preguntes en profund tr\u00e0ngol.Pr\u00f2piament, qui sol parlar \u00e9s Dorje Drakden, un ministre o aspecte de Pehar. L'oracle de Nechung ha estat consultat durant segles pel govern tibet\u00e0 i pels dalai lames en decisions importants, i encara avui forma part del govern tibet\u00e0 a l'exili a l'\u00cdndia.\"}}]}<\/script>\t\t\t\t\t\t\t\t<\/div>\n\t\t\t\t\t<\/div>\n\t\t\t\t<\/div>\n\t\t\t\t<\/div>\n\t\t","protected":false},"excerpt":{"rendered":"","protected":false},"author":3,"featured_media":1769,"parent":0,"menu_order":0,"comment_status":"closed","ping_status":"closed","template":"elementor_header_footer","meta":{"_yoast_wpseo_focuskw":"Pehar","_yoast_wpseo_title":"Pehar \u2013 d\u00e9u tibet\u00e0 oracular i protector de l'Estat","_yoast_wpseo_metadesc":"Pehar Gyalpo, \u00e9sser oracular i protector de l'Estat del monestir de Nechung. Des de Padmasambhava, medi principal del llinatge del Dalai Lama a Lhasa.","_yoast_wpseo_meta-robots-noindex":"","_yoast_wpseo_canonical":"","_angie_page":false,"gefaehrdungsstufe":"3","wesen_kultur":"tibet","wesen_klasse":"goetter","footnotes":""},"categories":[],"class_list":["post-171535","page","type-page","status-publish","has-post-thumbnail","hentry"],"yoast_head":"<!-- This site is optimized with the Yoast SEO Premium plugin v27.7 (Yoast SEO v28.3) - https:\/\/yoast.com\/product\/yoast-seo-premium-wordpress\/ -->\n<title>Pehar \u2013 d\u00e9u tibet\u00e0 oracular i protector de l&#039;Estat<\/title>\n<meta name=\"description\" content=\"Pehar Gyalpo, \u00e9sser oracular i protector de l&#039;Estat del monestir de Nechung. Des de Padmasambhava, medi principal del llinatge del Dalai Lama a Lhasa.\" \/>\n<meta name=\"robots\" content=\"index, follow, max-snippet:-1, max-image-preview:large, max-video-preview:-1\" \/>\n<link rel=\"canonical\" href=\"https:\/\/iwell-guard.com\/ca\/pehar\/\" \/>\n<meta property=\"og:locale\" content=\"ca_ES\" \/>\n<meta property=\"og:type\" content=\"article\" \/>\n<meta property=\"og:title\" content=\"Pehar\" \/>\n<meta property=\"og:description\" content=\"Pehar Gyalpo, \u00e9sser oracular i protector de l&#039;Estat del monestir de Nechung. Des de Padmasambhava, medi principal del llinatge del Dalai Lama a Lhasa.\" \/>\n<meta property=\"og:url\" content=\"https:\/\/iwell-guard.com\/ca\/pehar\/\" \/>\n<meta property=\"og:site_name\" content=\"iWell Guard\" \/>\n<meta property=\"article:modified_time\" content=\"2026-09-05T16:00:26+00:00\" \/>\n<meta property=\"og:image\" content=\"https:\/\/iwell-guard.com\/wp-content\/uploads\/2026\/04\/goetter_tibet_pehar.webp\" \/>\n\t<meta property=\"og:image:width\" content=\"1024\" \/>\n\t<meta property=\"og:image:height\" content=\"1536\" \/>\n\t<meta property=\"og:image:type\" content=\"image\/webp\" \/>\n<meta name=\"twitter:card\" content=\"summary_large_image\" \/>\n<script type=\"application\/ld+json\" class=\"yoast-schema-graph\">{\"@context\":\"https:\\\/\\\/schema.org\",\"@graph\":[{\"@type\":\"WebPage\",\"@id\":\"https:\\\/\\\/iwell-guard.com\\\/ca\\\/pehar\\\/\",\"url\":\"https:\\\/\\\/iwell-guard.com\\\/ca\\\/pehar\\\/\",\"name\":\"Pehar \u2013 d\u00e9u tibet\u00e0 oracular i protector de l'Estat\",\"isPartOf\":{\"@id\":\"https:\\\/\\\/iwell-guard.com\\\/ca\\\/#website\"},\"primaryImageOfPage\":{\"@id\":\"https:\\\/\\\/iwell-guard.com\\\/ca\\\/pehar\\\/#primaryimage\"},\"image\":{\"@id\":\"https:\\\/\\\/iwell-guard.com\\\/ca\\\/pehar\\\/#primaryimage\"},\"thumbnailUrl\":\"https:\\\/\\\/iwell-guard.com\\\/wp-content\\\/uploads\\\/2026\\\/04\\\/goetter_tibet_pehar.webp\",\"datePublished\":\"2026-09-05T15:40:12+00:00\",\"dateModified\":\"2026-09-05T16:00:26+00:00\",\"description\":\"Pehar Gyalpo, \u00e9sser oracular i protector de l'Estat del monestir de Nechung. Des de Padmasambhava, medi principal del llinatge del Dalai Lama a Lhasa.\",\"breadcrumb\":{\"@id\":\"https:\\\/\\\/iwell-guard.com\\\/ca\\\/pehar\\\/#breadcrumb\"},\"inLanguage\":\"ca\",\"potentialAction\":[{\"@type\":\"ReadAction\",\"target\":[\"https:\\\/\\\/iwell-guard.com\\\/ca\\\/pehar\\\/\"]}]},{\"@type\":\"ImageObject\",\"inLanguage\":\"ca\",\"@id\":\"https:\\\/\\\/iwell-guard.com\\\/ca\\\/pehar\\\/#primaryimage\",\"url\":\"https:\\\/\\\/iwell-guard.com\\\/wp-content\\\/uploads\\\/2026\\\/04\\\/goetter_tibet_pehar.webp\",\"contentUrl\":\"https:\\\/\\\/iwell-guard.com\\\/wp-content\\\/uploads\\\/2026\\\/04\\\/goetter_tibet_pehar.webp\",\"width\":1024,\"height\":1536,\"caption\":\"D\u00e9us de la tradici\u00f3 tibetana.\"},{\"@type\":\"BreadcrumbList\",\"@id\":\"https:\\\/\\\/iwell-guard.com\\\/ca\\\/pehar\\\/#breadcrumb\",\"itemListElement\":[{\"@type\":\"ListItem\",\"position\":1,\"name\":\"Start\",\"item\":\"https:\\\/\\\/iwell-guard.com\\\/ca\\\/?page_id=171333\"},{\"@type\":\"ListItem\",\"position\":2,\"name\":\"Pehar\"}]},{\"@type\":\"WebSite\",\"@id\":\"https:\\\/\\\/iwell-guard.com\\\/ca\\\/#website\",\"url\":\"https:\\\/\\\/iwell-guard.com\\\/ca\\\/\",\"name\":\"iWell Guard\",\"description\":\"Schutz vor dunklen Einfl\u00fcssen\",\"publisher\":{\"@id\":\"https:\\\/\\\/iwell-guard.com\\\/ca\\\/#organization\"},\"potentialAction\":[{\"@type\":\"SearchAction\",\"target\":{\"@type\":\"EntryPoint\",\"urlTemplate\":\"https:\\\/\\\/iwell-guard.com\\\/ca\\\/?s={search_term_string}\"},\"query-input\":{\"@type\":\"PropertyValueSpecification\",\"valueRequired\":true,\"valueName\":\"search_term_string\"}}],\"inLanguage\":\"ca\"},{\"@type\":\"Organization\",\"@id\":\"https:\\\/\\\/iwell-guard.com\\\/ca\\\/#organization\",\"name\":\"Ittermann electronic GmbH\",\"url\":\"https:\\\/\\\/iwell-guard.com\\\/ca\\\/\",\"logo\":{\"@type\":\"ImageObject\",\"inLanguage\":\"ca\",\"@id\":\"https:\\\/\\\/iwell-guard.com\\\/ca\\\/#\\\/schema\\\/logo\\\/image\\\/\",\"url\":\"https:\\\/\\\/iwell-guard.com\\\/wp-content\\\/uploads\\\/2026\\\/05\\\/Ittermann-Logo-1182x237-1.png\",\"contentUrl\":\"https:\\\/\\\/iwell-guard.com\\\/wp-content\\\/uploads\\\/2026\\\/05\\\/Ittermann-Logo-1182x237-1.png\",\"width\":1182,\"height\":237,\"caption\":\"Ittermann electronic GmbH\"},\"image\":{\"@id\":\"https:\\\/\\\/iwell-guard.com\\\/ca\\\/#\\\/schema\\\/logo\\\/image\\\/\"},\"sameAs\":[\"https:\\\/\\\/pantip.com\\\/profile\\\/9367242\",\"https:\\\/\\\/micro.blog\\\/iwellguard\",\"https:\\\/\\\/www.diggerslist.com\\\/iwellguard\\\/about\",\"https:\\\/\\\/skitterphoto.com\\\/photographers\\\/2870314\\\/iwell-guard\",\"https:\\\/\\\/iwellguard.wordpress.com\\\/2026\\\/06\\\/06\\\/iwell-guard\\\/\",\"https:\\\/\\\/hub.docker.com\\\/u\\\/iwellguard\",\"https:\\\/\\\/www.pinterest.com\\\/iwellguard\\\/\",\"https:\\\/\\\/bit.ly\\\/m\\\/iwellguard\",\"https:\\\/\\\/entre-vos-mains.alsace.eu\\\/profiles\\\/iwellguard\\\/activity\",\"https:\\\/\\\/gravatar.com\\\/reallybeded8fd34\",\"https:\\\/\\\/naijamatta.com\\\/iwellguard\",\"https:\\\/\\\/www.goodreads.com\\\/iwellguard\",\"https:\\\/\\\/profile.hatena.ne.jp\\\/iwellguard\\\/\",\"https:\\\/\\\/experiment.com\\\/users\\\/iwellguard\",\"https:\\\/\\\/wakelet.com\\\/@iWellGuard82270\",\"https:\\\/\\\/www.chordie.com\\\/forum\\\/profile.php?id=2555664\",\"https:\\\/\\\/www.instapaper.com\\\/p\\\/17757966\",\"https:\\\/\\\/www.mapleprimes.com\\\/users\\\/iwellguard\",\"https:\\\/\\\/businesslistingplus.com\\\/profile\\\/iwell-guard\\\/\",\"https:\\\/\\\/telegra.ph\\\/iWell-Guard-06-06\",\"https:\\\/\\\/pbase.com\\\/iwellguard\\\/iwellguard\",\"https:\\\/\\\/b.hatena.ne.jp\\\/iwellguard\\\/20260607#bookmark-4788405196491818882\",\"https:\\\/\\\/fliphtml5.com\\\/home\\\/iwellguard\",\"https:\\\/\\\/anyflip.com\\\/homepage\\\/cmiwl#About\",\"https:\\\/\\\/transfur.com\\\/Users\\\/iwellguard\",\"http:\\\/\\\/delphi.larsbo.org\\\/user\\\/iwellguard\",\"https:\\\/\\\/jobs.lajobsportal.org\\\/profiles\\\/8380803-iwell-guard\",\"https:\\\/\\\/md.chaosdorf.de\\\/s\\\/jfbe5SBdJD\",\"https:\\\/\\\/www.lingvolive.com\\\/en-us\\\/profile\\\/9ecaeaca-ce11-4e51-9e71-01d55e2bff36\\\/translations\",\"https:\\\/\\\/www.fitday.com\\\/fitness\\\/forums\\\/members\\\/iwellguard.html\",\"https:\\\/\\\/www.mymeetbook.com\\\/iwellguard\",\"https:\\\/\\\/pxhere.com\\\/en\\\/photographer-me\\\/5040798\",\"https:\\\/\\\/disqus.com\\\/by\\\/iwellguard\\\/about\\\/\",\"https:\\\/\\\/pastelink.net\\\/hjwciqwq\",\"https:\\\/\\\/pubhtml5.com\\\/homepage\\\/scjhn\\\/\",\"https:\\\/\\\/www.bitchute.com\\\/channel\\\/2O2eOKzNqujT\",\"https:\\\/\\\/audiomack.com\\\/iwellguard\"]},{\"@type\":\"Article\",\"@id\":\"https:\\\/\\\/iwell-guard.com\\\/ca\\\/pehar\\\/#article\",\"isPartOf\":{\"@id\":\"https:\\\/\\\/iwell-guard.com\\\/ca\\\/pehar\\\/\"},\"author\":{\"name\":\"Ralf Ittermann\",\"@id\":\"https:\\\/\\\/iwell-guard.com\\\/ca\\\/#\\\/schema\\\/person\\\/ee2a27f1cac3406c7c6fb5820cb7349f\"},\"headline\":\"Pehar\",\"datePublished\":\"2026-09-05T15:40:12+00:00\",\"dateModified\":\"2026-09-05T16:00:26+00:00\",\"mainEntityOfPage\":{\"@id\":\"https:\\\/\\\/iwell-guard.com\\\/ca\\\/pehar\\\/\"},\"publisher\":{\"@id\":\"https:\\\/\\\/iwell-guard.com\\\/ca\\\/#organization\"},\"image\":{\"@id\":\"https:\\\/\\\/iwell-guard.com\\\/ca\\\/pehar\\\/#primaryimage\"},\"thumbnailUrl\":\"https:\\\/\\\/iwell-guard.com\\\/wp-content\\\/uploads\\\/2026\\\/04\\\/goetter_tibet_pehar.webp\",\"inLanguage\":\"ca\",\"description\":\"Pehar Gyalpo, \u00e9sser oracular i protector de l'Estat del monestir de Nechung. Des de Padmasambhava, medi principal del llinatge del Dalai Lama a Lhasa.\"}]}<\/script>\n<!-- \/ Yoast SEO Premium plugin. -->","yoast_head_json":{"title":"Pehar \u2013 d\u00e9u tibet\u00e0 oracular i protector de l'Estat","description":"Pehar Gyalpo, \u00e9sser oracular i protector de l'Estat del monestir de Nechung. Des de Padmasambhava, medi principal del llinatge del Dalai Lama a Lhasa.","robots":{"index":"index","follow":"follow","max-snippet":"max-snippet:-1","max-image-preview":"max-image-preview:large","max-video-preview":"max-video-preview:-1"},"canonical":"https:\/\/iwell-guard.com\/ca\/pehar\/","og_locale":"ca_ES","og_type":"article","og_title":"Pehar","og_description":"Pehar Gyalpo, \u00e9sser oracular i protector de l'Estat del monestir de Nechung. Des de Padmasambhava, medi principal del llinatge del Dalai Lama a Lhasa.","og_url":"https:\/\/iwell-guard.com\/ca\/pehar\/","og_site_name":"iWell Guard","article_modified_time":"2026-09-05T16:00:26+00:00","og_image":[{"width":1024,"height":1536,"url":"https:\/\/iwell-guard.com\/wp-content\/uploads\/2026\/04\/goetter_tibet_pehar.webp","type":"image\/webp"}],"twitter_card":"summary_large_image","schema":{"@context":"https:\/\/schema.org","@graph":[{"@type":"Article","@id":"https:\/\/iwell-guard.com\/ca\/pehar\/#article","isPartOf":{"@id":"https:\/\/iwell-guard.com\/ca\/pehar\/"},"author":{"name":"Ralf Ittermann","@id":"https:\/\/iwell-guard.com\/ca\/#\/schema\/person\/ee2a27f1cac3406c7c6fb5820cb7349f"},"headline":"Pehar","datePublished":"2026-09-05T15:40:12+00:00","dateModified":"2026-09-05T16:00:26+00:00","mainEntityOfPage":{"@id":"https:\/\/iwell-guard.com\/ca\/pehar\/"},"publisher":{"@id":"https:\/\/iwell-guard.com\/ca\/#organization"},"image":{"@id":"https:\/\/iwell-guard.com\/ca\/pehar\/#primaryimage"},"thumbnailUrl":"https:\/\/iwell-guard.com\/wp-content\/uploads\/2026\/04\/goetter_tibet_pehar.webp","inLanguage":"ca","description":"Pehar Gyalpo, \u00e9sser oracular i protector de l'Estat del monestir de Nechung. Des de Padmasambhava, medi principal del llinatge del Dalai Lama a Lhasa."},{"@type":"WebPage","@id":"https:\/\/iwell-guard.com\/ca\/pehar\/","url":"https:\/\/iwell-guard.com\/ca\/pehar\/","name":"Pehar \u2013 d\u00e9u tibet\u00e0 oracular i protector de l'Estat","isPartOf":{"@id":"https:\/\/iwell-guard.com\/ca\/#website"},"primaryImageOfPage":{"@id":"https:\/\/iwell-guard.com\/ca\/pehar\/#primaryimage"},"image":{"@id":"https:\/\/iwell-guard.com\/ca\/pehar\/#primaryimage"},"thumbnailUrl":"https:\/\/iwell-guard.com\/wp-content\/uploads\/2026\/04\/goetter_tibet_pehar.webp","datePublished":"2026-09-05T15:40:12+00:00","dateModified":"2026-09-05T16:00:26+00:00","description":"Pehar Gyalpo, \u00e9sser oracular i protector de l'Estat del monestir de Nechung. Des de Padmasambhava, medi principal del llinatge del Dalai Lama a Lhasa.","breadcrumb":{"@id":"https:\/\/iwell-guard.com\/ca\/pehar\/#breadcrumb"},"inLanguage":"ca","potentialAction":[{"@type":"ReadAction","target":["https:\/\/iwell-guard.com\/ca\/pehar\/"]}]},{"@type":"ImageObject","inLanguage":"ca","@id":"https:\/\/iwell-guard.com\/ca\/pehar\/#primaryimage","url":"https:\/\/iwell-guard.com\/wp-content\/uploads\/2026\/04\/goetter_tibet_pehar.webp","contentUrl":"https:\/\/iwell-guard.com\/wp-content\/uploads\/2026\/04\/goetter_tibet_pehar.webp","width":1024,"height":1536,"caption":"D\u00e9us de la tradici\u00f3 tibetana."},{"@type":"BreadcrumbList","@id":"https:\/\/iwell-guard.com\/ca\/pehar\/#breadcrumb","itemListElement":[{"@type":"ListItem","position":1,"name":"Start","item":"https:\/\/iwell-guard.com\/ca\/?page_id=171333"},{"@type":"ListItem","position":2,"name":"Pehar"}]},{"@type":"WebSite","@id":"https:\/\/iwell-guard.com\/ca\/#website","url":"https:\/\/iwell-guard.com\/ca\/","name":"iWell Guard","description":"Schutz vor dunklen Einfl\u00fcssen","publisher":{"@id":"https:\/\/iwell-guard.com\/ca\/#organization"},"potentialAction":[{"@type":"SearchAction","target":{"@type":"EntryPoint","urlTemplate":"https:\/\/iwell-guard.com\/ca\/?s={search_term_string}"},"query-input":{"@type":"PropertyValueSpecification","valueRequired":true,"valueName":"search_term_string"}}],"inLanguage":"ca"},{"@type":"Organization","@id":"https:\/\/iwell-guard.com\/ca\/#organization","name":"Ittermann electronic GmbH","url":"https:\/\/iwell-guard.com\/ca\/","logo":{"@type":"ImageObject","inLanguage":"ca","@id":"https:\/\/iwell-guard.com\/ca\/#\/schema\/logo\/image\/","url":"https:\/\/iwell-guard.com\/wp-content\/uploads\/2026\/05\/Ittermann-Logo-1182x237-1.png","contentUrl":"https:\/\/iwell-guard.com\/wp-content\/uploads\/2026\/05\/Ittermann-Logo-1182x237-1.png","width":1182,"height":237,"caption":"Ittermann electronic GmbH"},"image":{"@id":"https:\/\/iwell-guard.com\/ca\/#\/schema\/logo\/image\/"},"sameAs":["https:\/\/pantip.com\/profile\/9367242","https:\/\/micro.blog\/iwellguard","https:\/\/www.diggerslist.com\/iwellguard\/about","https:\/\/skitterphoto.com\/photographers\/2870314\/iwell-guard","https:\/\/iwellguard.wordpress.com\/2026\/06\/06\/iwell-guard\/","https:\/\/hub.docker.com\/u\/iwellguard","https:\/\/www.pinterest.com\/iwellguard\/","https:\/\/bit.ly\/m\/iwellguard","https:\/\/entre-vos-mains.alsace.eu\/profiles\/iwellguard\/activity","https:\/\/gravatar.com\/reallybeded8fd34","https:\/\/naijamatta.com\/iwellguard","https:\/\/www.goodreads.com\/iwellguard","https:\/\/profile.hatena.ne.jp\/iwellguard\/","https:\/\/experiment.com\/users\/iwellguard","https:\/\/wakelet.com\/@iWellGuard82270","https:\/\/www.chordie.com\/forum\/profile.php?id=2555664","https:\/\/www.instapaper.com\/p\/17757966","https:\/\/www.mapleprimes.com\/users\/iwellguard","https:\/\/businesslistingplus.com\/profile\/iwell-guard\/","https:\/\/telegra.ph\/iWell-Guard-06-06","https:\/\/pbase.com\/iwellguard\/iwellguard","https:\/\/b.hatena.ne.jp\/iwellguard\/20260607#bookmark-4788405196491818882","https:\/\/fliphtml5.com\/home\/iwellguard","https:\/\/anyflip.com\/homepage\/cmiwl#About","https:\/\/transfur.com\/Users\/iwellguard","http:\/\/delphi.larsbo.org\/user\/iwellguard","https:\/\/jobs.lajobsportal.org\/profiles\/8380803-iwell-guard","https:\/\/md.chaosdorf.de\/s\/jfbe5SBdJD","https:\/\/www.lingvolive.com\/en-us\/profile\/9ecaeaca-ce11-4e51-9e71-01d55e2bff36\/translations","https:\/\/www.fitday.com\/fitness\/forums\/members\/iwellguard.html","https:\/\/www.mymeetbook.com\/iwellguard","https:\/\/pxhere.com\/en\/photographer-me\/5040798","https:\/\/disqus.com\/by\/iwellguard\/about\/","https:\/\/pastelink.net\/hjwciqwq","https:\/\/pubhtml5.com\/homepage\/scjhn\/","https:\/\/www.bitchute.com\/channel\/2O2eOKzNqujT","https:\/\/audiomack.com\/iwellguard"]},{"@type":"Person","@id":"https:\/\/iwell-guard.com\/ca\/#\/schema\/person\/ee2a27f1cac3406c7c6fb5820cb7349f","name":"Ralf Ittermann","image":{"@type":"ImageObject","inLanguage":"ca","@id":"https:\/\/secure.gravatar.com\/avatar\/073c0153e350a5005b68eb752b445fea71f6b24a26da9449ad7e155e6b446c9d?s=96&d=mm&r=g","url":"https:\/\/secure.gravatar.com\/avatar\/073c0153e350a5005b68eb752b445fea71f6b24a26da9449ad7e155e6b446c9d?s=96&d=mm&r=g","contentUrl":"https:\/\/secure.gravatar.com\/avatar\/073c0153e350a5005b68eb752b445fea71f6b24a26da9449ad7e155e6b446c9d?s=96&d=mm&r=g","caption":"Ralf Ittermann"},"givenName":"Ralf","familyName":"Ittermann","jobTitle":"Gesch\u00e4ftsf\u00fchrer und redaktioneller Verantwortlicher","url":"https:\/\/iwell-guard.com\/ca\/author\/claude\/","description":"Ralf Ittermann ist Gesch\u00e4ftsf\u00fchrer der Ittermann electronic GmbH und redaktioneller Verantwortlicher des iWell-Guard-Lexikons. Er verbindet langj\u00e4hrige Erfahrung in der Pr\u00e4zisionsfertigung mit medialer Praxis und religionsgeschichtlicher Quellenarbeit.","worksFor":{"@type":"Organization","name":"Ittermann electronic GmbH","url":"https:\/\/ittermann.de\/","address":{"@type":"PostalAddress","streetAddress":"K\u00f6hlergasse 16-18","postalCode":"99842","addressLocality":"Ruhla","addressCountry":"DE"}},"knowsAbout":["Religionsgeschichte","Mythologie","Mediale Praxis","Energetische Diagnostik","Schutzpraxis","Volksglauben","Westliche Esoterik"]},{"@type":"Article","@id":"https:\/\/iwell-guard.com\/ca\/pehar\/#article","isPartOf":{"@id":"https:\/\/iwell-guard.com\/ca\/pehar\/"},"author":{"name":"Ralf Ittermann","@id":"https:\/\/iwell-guard.com\/ca\/#\/schema\/person\/ee2a27f1cac3406c7c6fb5820cb7349f"},"headline":"Pehar","datePublished":"2026-09-05T15:40:12+00:00","dateModified":"2026-09-05T16:00:26+00:00","mainEntityOfPage":{"@id":"https:\/\/iwell-guard.com\/ca\/pehar\/"},"publisher":{"@id":"https:\/\/iwell-guard.com\/ca\/#organization"},"image":{"@id":"https:\/\/iwell-guard.com\/ca\/pehar\/#primaryimage"},"thumbnailUrl":"https:\/\/iwell-guard.com\/wp-content\/uploads\/2026\/04\/goetter_tibet_pehar.webp","inLanguage":"ca","description":"Pehar Gyalpo, \u00e9sser oracular i protector de l'Estat del monestir de Nechung. Des de Padmasambhava, medi principal del llinatge del Dalai Lama a Lhasa."}]}},"_links":{"self":[{"href":"https:\/\/iwell-guard.com\/ca\/wp-json\/wp\/v2\/pages\/171535","targetHints":{"allow":["GET"]}}],"collection":[{"href":"https:\/\/iwell-guard.com\/ca\/wp-json\/wp\/v2\/pages"}],"about":[{"href":"https:\/\/iwell-guard.com\/ca\/wp-json\/wp\/v2\/types\/page"}],"author":[{"embeddable":true,"href":"https:\/\/iwell-guard.com\/ca\/wp-json\/wp\/v2\/users\/3"}],"replies":[{"embeddable":true,"href":"https:\/\/iwell-guard.com\/ca\/wp-json\/wp\/v2\/comments?post=171535"}],"version-history":[{"count":0,"href":"https:\/\/iwell-guard.com\/ca\/wp-json\/wp\/v2\/pages\/171535\/revisions"}],"wp:featuredmedia":[{"embeddable":true,"href":"https:\/\/iwell-guard.com\/ca\/wp-json\/wp\/v2\/media\/1769"}],"wp:attachment":[{"href":"https:\/\/iwell-guard.com\/ca\/wp-json\/wp\/v2\/media?parent=171535"}],"wp:term":[{"taxonomy":"category","embeddable":true,"href":"https:\/\/iwell-guard.com\/ca\/wp-json\/wp\/v2\/categories?post=171535"}],"curies":[{"name":"wp","href":"https:\/\/api.w.org\/{rel}","templated":true}]}}