{"id":171530,"date":"2026-09-05T15:40:10","date_gmt":"2026-09-05T15:40:10","guid":{"rendered":"https:\/\/iwell-guard.com\/?page_id=171530"},"modified":"2026-09-05T16:00:17","modified_gmt":"2026-09-05T16:00:17","slug":"palden-lhamo","status":"publish","type":"page","link":"https:\/\/iwell-guard.com\/ca\/palden-lhamo\/","title":{"rendered":"Palden Lhamo"},"content":{"rendered":"\t\t<div data-elementor-type=\"wp-page\" data-elementor-id=\"171530\" class=\"elementor elementor-171530 elementor-2019 elementor-bc-flex-widget\" data-elementor-post-type=\"page\">\n\t\t\t\t<div class=\"elementor-element elementor-element-10fdade e-flex e-con-boxed e-con e-parent\" data-id=\"10fdade\" data-element_type=\"container\" data-e-type=\"container\" data-settings=\"{&quot;background_background&quot;:&quot;classic&quot;}\">\n\t\t\t\t\t<div class=\"e-con-inner\">\n\t\t<div class=\"elementor-element elementor-element-herohlft0 e-flex e-con-boxed e-con e-child\" data-id=\"herohlft0\" data-element_type=\"container\" data-e-type=\"container\">\n\t\t\t\t\t<div class=\"e-con-inner\">\n\t\t<div class=\"elementor-element elementor-element-c3ceb64 e-con-full e-flex e-con e-child\" data-id=\"c3ceb64\" data-element_type=\"container\" data-e-type=\"container\">\n\t\t\t\t<div class=\"elementor-element elementor-element-96ae5e1 elementor-widget elementor-widget-heading\" data-id=\"96ae5e1\" data-element_type=\"widget\" data-e-type=\"widget\" data-widget_type=\"heading.default\">\n\t\t\t\t\t<h1 class=\"elementor-heading-title elementor-size-default\">Palden Lhamo, deessa de la tradici\u00f3 tibetana<\/h1>\t\t\t\t<\/div>\n\t\t\t\t<div class=\"elementor-element elementor-element-e45238a elementor-widget elementor-widget-text-editor\" data-id=\"e45238a\" data-element_type=\"widget\" data-e-type=\"widget\" data-widget_type=\"text-editor.default\">\n\t\t\t\t\t\t\t\t\t<p>Palden Lhamo (la Deessa Glorificada) \u00e9s la de\u00eftat protectora femenina m\u00e9s important del budisme tibet\u00e0. Se la representa com a salvatge, iracunda i intr\u00e8pida en la defensa del <span class=\"iwg-fachbegriff\" data-tooltip=\"En les religions \u00edndies, l'ensenyament i el bon ordre de l'acci\u00f3.\" tabindex=\"0\">Dharma<\/span> contra els obstacles externs i interns. La seva veneraci\u00f3 s&#8217;est\u00e9n a totes quatre grans escoles.<\/p>\t\t\t\t\t\t\t\t<\/div>\n\t\t\t\t<\/div>\n\t\t<div class=\"elementor-element elementor-element-klsbdg01 e-con-full e-flex e-con e-parent\" data-id=\"klsbdg01\" data-element_type=\"container\" data-e-type=\"container\">\n\t\t\t\t<div class=\"elementor-element elementor-element-klshtm01 elementor-widget elementor-widget-html\" data-id=\"klshtm01\" data-element_type=\"widget\" data-e-type=\"widget\" data-widget_type=\"html.default\">\n\t\t\t\t\t<div class=\"iwg-pill-row\"><span class=\"iwg-klasse-badge\" tabindex=\"0\" data-tooltip=\"D\u00e9u \/ Deessa: Poder suprem personificat en el pante\u00f3 d'una cultura, amb compet\u00e8ncies clares, forces de la natura, dest\u00ed, guerra, fertilitat. Venerat mitjan\u00e7ant cultes, ofrenes i institucions temples.\">Deessa<\/span><a href=\"https:\/\/iwell-guard.com\/ca\/?page_id=171413\" class=\"iwg-kultur-badge\" tabindex=\"0\" data-tooltip=\"Tradici\u00f3 budista tibetana i B\u00f6n, Yidam, Dharmap\u0101la, m\u00f3n dels Naga.\">Tibet<\/a><span class=\"iwg-tradition-badge\" tabindex=\"0\" data-tooltip=\"Classe de de\u00eftats protectores del budisme tibet\u00e0.\">Dharmap\u0101la<\/span><\/div>\t\t\t\t<\/div>\n\t\t\t\t<\/div>\n\t\t<div class=\"elementor-element elementor-element-3f74855 e-con-full e-flex e-con e-child\" data-id=\"3f74855\" data-element_type=\"container\" data-e-type=\"container\">\n\t\t\t\t<div class=\"elementor-element elementor-element-1c30362 elementor-toc--minimized-on-tablet elementor-widget elementor-widget-table-of-contents\" data-id=\"1c30362\" data-element_type=\"widget\" data-e-type=\"widget\" data-settings=\"{&quot;exclude_headings_by_selector&quot;:[],&quot;no_headings_message&quot;:&quot;No s&#039;ha trobat cap encap\\u00e7alament en aquesta p\\u00e0gina.&quot;,&quot;headings_by_tags&quot;:[&quot;h2&quot;,&quot;h3&quot;],&quot;marker_view&quot;:&quot;bullets&quot;,&quot;minimize_box&quot;:&quot;yes&quot;,&quot;icon&quot;:{&quot;value&quot;:&quot;fas fa-circle&quot;,&quot;library&quot;:&quot;fa-solid&quot;,&quot;rendered_tag&quot;:&quot;&lt;svg class=\\&quot;e-font-icon-svg e-fas-circle\\&quot; viewBox=\\&quot;0 0 512 512\\&quot; xmlns=\\&quot;http:\\\/\\\/www.w3.org\\\/2000\\\/svg\\&quot;&gt;&lt;path d=\\&quot;M256 8C119 8 8 119 8 256s111 248 248 248 248-111 248-248S393 8 256 8z\\&quot;&gt;&lt;\\\/path&gt;&lt;\\\/svg&gt;&quot;},&quot;minimized_on&quot;:&quot;tablet&quot;,&quot;hierarchical_view&quot;:&quot;yes&quot;,&quot;min_height&quot;:{&quot;unit&quot;:&quot;px&quot;,&quot;size&quot;:&quot;&quot;,&quot;sizes&quot;:[]},&quot;min_height_tablet&quot;:{&quot;unit&quot;:&quot;px&quot;,&quot;size&quot;:&quot;&quot;,&quot;sizes&quot;:[]},&quot;min_height_mobile&quot;:{&quot;unit&quot;:&quot;px&quot;,&quot;size&quot;:&quot;&quot;,&quot;sizes&quot;:[]}}\" data-widget_type=\"table-of-contents.default\">\n\t\t\t\t\t\t\t\t\t<div class=\"elementor-toc__header\">\n\t\t\t\t\t\t<h2 class=\"elementor-toc__header-title\">\n\t\t\t\t\u00cdndex\t\t\t<\/h2>\n\t\t\t\t\t\t\t\t\t\t<div class=\"elementor-toc__toggle-button elementor-toc__toggle-button--expand\" role=\"button\" tabindex=\"0\" aria-controls=\"elementor-toc__1c30362\" aria-expanded=\"true\" aria-label=\"Open table of contents\"><svg aria-hidden=\"true\" class=\"e-font-icon-svg e-fas-chevron-down\" viewBox=\"0 0 448 512\" xmlns=\"http:\/\/www.w3.org\/2000\/svg\"><path d=\"M207.029 381.476L12.686 187.132c-9.373-9.373-9.373-24.569 0-33.941l22.667-22.667c9.357-9.357 24.522-9.375 33.901-.04L224 284.505l154.745-154.021c9.379-9.335 24.544-9.317 33.901.04l22.667 22.667c9.373 9.373 9.373 24.569 0 33.941L240.971 381.476c-9.373 9.372-24.569 9.372-33.942 0z\"><\/path><\/svg><\/div>\n\t\t\t\t<div class=\"elementor-toc__toggle-button elementor-toc__toggle-button--collapse\" role=\"button\" tabindex=\"0\" aria-controls=\"elementor-toc__1c30362\" aria-expanded=\"true\" aria-label=\"Close table of contents\"><svg aria-hidden=\"true\" class=\"e-font-icon-svg e-fas-chevron-up\" viewBox=\"0 0 448 512\" xmlns=\"http:\/\/www.w3.org\/2000\/svg\"><path d=\"M240.971 130.524l194.343 194.343c9.373 9.373 9.373 24.569 0 33.941l-22.667 22.667c-9.357 9.357-24.522 9.375-33.901.04L224 227.495 69.255 381.516c-9.379 9.335-24.544 9.317-33.901-.04l-22.667-22.667c-9.373-9.373-9.373-24.569 0-33.941L207.03 130.525c9.372-9.373 24.568-9.373 33.941-.001z\"><\/path><\/svg><\/div>\n\t\t\t\t\t<\/div>\n\t\t\t\t<div id=\"elementor-toc__1c30362\" class=\"elementor-toc__body\">\n\t\t\t<div class=\"elementor-toc__spinner-container\">\n\t\t\t\t<svg class=\"elementor-toc__spinner eicon-animation-spin e-font-icon-svg e-eicon-loading\" aria-hidden=\"true\" viewBox=\"0 0 1000 1000\" xmlns=\"http:\/\/www.w3.org\/2000\/svg\"><path d=\"M500 975V858C696 858 858 696 858 500S696 142 500 142 142 304 142 500H25C25 237 238 25 500 25S975 237 975 500 763 975 500 975Z\"><\/path><\/svg>\t\t\t<\/div>\n\t\t<\/div>\n\t\t\t\t\t\t<\/div>\n\t\t\t\t<\/div>\n\t\t\t\t\t<\/div>\n\t\t\t\t<\/div>\n\t\t<div class=\"elementor-element elementor-element-herorght0 e-con-full e-flex e-con e-child\" data-id=\"herorght0\" data-element_type=\"container\" data-e-type=\"container\">\n\t\t\t\t<div class=\"elementor-element elementor-element-heroimg00 iwg-hero-image elementor-widget elementor-widget-image\" data-id=\"heroimg00\" data-element_type=\"widget\" data-e-type=\"widget\" data-widget_type=\"image.default\">\n\t\t\t\t\t\t\t\t\t\t\t\t\t\t\t<img fetchpriority=\"high\" decoding=\"async\" width=\"683\" height=\"1024\" src=\"https:\/\/iwell-guard.com\/wp-content\/uploads\/2026\/04\/goetter_tibet_palden-lhamo-683x1024.webp\" class=\"attachment-large size-large wp-image-1768\" alt=\"Palden Lhamo\" srcset=\"https:\/\/iwell-guard.com\/wp-content\/uploads\/2026\/04\/goetter_tibet_palden-lhamo-683x1024.webp 683w, https:\/\/iwell-guard.com\/wp-content\/uploads\/2026\/04\/goetter_tibet_palden-lhamo-200x300.webp 200w, https:\/\/iwell-guard.com\/wp-content\/uploads\/2026\/04\/goetter_tibet_palden-lhamo-768x1152.webp 768w, https:\/\/iwell-guard.com\/wp-content\/uploads\/2026\/04\/goetter_tibet_palden-lhamo.webp 1024w\" sizes=\"(max-width: 683px) 100vw, 683px\" \/>\t\t\t\t\t\t\t\t\t\t\t\t\t\t\t<\/div>\n\t\t\t\t<\/div>\n\t\t\t\t\t<\/div>\n\t\t\t\t<\/div>\n\t\t<div class=\"elementor-element elementor-element-32917199 e-flex e-con-boxed e-con e-parent\" data-id=\"32917199\" data-element_type=\"container\" data-e-type=\"container\">\n\t\t\t\t\t<div class=\"e-con-inner\">\n\t\t<div class=\"elementor-element elementor-element-26e916cb e-flex e-con-boxed e-con e-child\" data-id=\"26e916cb\" data-element_type=\"container\" data-e-type=\"container\">\n\t\t\t\t\t<div class=\"e-con-inner\">\n\t\t<div class=\"elementor-element elementor-element-253a40d4 e-flex e-con-boxed e-con e-child\" data-id=\"253a40d4\" data-element_type=\"container\" data-e-type=\"container\">\n\t\t\t\t\t<div class=\"e-con-inner\">\n\t\t\t\t<div class=\"elementor-element elementor-element-1200c304 elementor-widget elementor-widget-heading\" data-id=\"1200c304\" data-element_type=\"widget\" data-e-type=\"widget\" data-widget_type=\"heading.default\">\n\t\t\t\t\t<h2 class=\"elementor-heading-title elementor-size-default\">Palden Lhamo<\/h2>\t\t\t\t<\/div>\n\t\t\t\t<div class=\"elementor-element elementor-element-11758e7f elementor-widget elementor-widget-text-editor\" data-id=\"11758e7f\" data-element_type=\"widget\" data-e-type=\"widget\" data-widget_type=\"text-editor.default\">\n\t\t\t\t\t\t\t\t\t<p>Palden Lhamo munta una mula sobre un mar de sang i se la representa amb pell blava, m\u00faltiples bra\u00e7os i rostre iracund. Porta el cap d&#8217;un dimoni com a corona i brandeix una destral doble. Les seves pr\u00e0ctiques de vot protegeixen monestirs, mestres i practicants. \u00c9s la deessa protectora personal del Dalai Lama.<\/p>\t\t\t\t\t\t\t\t<\/div>\n\t\t\t\t\t<\/div>\n\t\t\t\t<\/div>\n\t\t<div class=\"elementor-element elementor-element-159dcf9a e-flex e-con-boxed e-con e-child\" data-id=\"159dcf9a\" data-element_type=\"container\" data-e-type=\"container\">\n\t\t\t\t\t<div class=\"e-con-inner\">\n\t\t\t\t<div class=\"elementor-element elementor-element-48cee66f elementor-widget elementor-widget-heading\" data-id=\"48cee66f\" data-element_type=\"widget\" data-e-type=\"widget\" data-widget_type=\"heading.default\">\n\t\t\t\t\t<h2 class=\"elementor-heading-title elementor-size-default\">Resum: Palden Lhamo<\/h2>\t\t\t\t<\/div>\n\t\t\t\t<div class=\"elementor-element elementor-element-3f50d82c elementor-widget elementor-widget-text-editor\" data-id=\"3f50d82c\" data-element_type=\"widget\" data-e-type=\"widget\" data-widget_type=\"text-editor.default\">\n\t\t\t\t\t\t\t\t\t<p><strong>Tipus:<\/strong> Deessa protectora iracunda del budisme tibet\u00e0, \u00fanica yidam principal femenina de la tradici\u00f3 Gelug<br><span class=\"iwg-fachbegriff\" data-tooltip=\"El conjunt dels d\u00e9us d'una religi\u00f3 o cultura.\" tabindex=\"0\">Pante\u00f3<\/span>: Budisme tibet\u00e0 (totes les escoles, especialment Gelug)<br>Funci\u00f3: Protecci\u00f3 del <span class=\"iwg-fachbegriff\" data-tooltip=\"En les religions \u00edndies, l'ensenyament i el bon ordre de l'acci\u00f3.\" tabindex=\"0\">Dharma<\/span>, protectora dels Dalai Lames i del govern tibet\u00e0, destrucci\u00f3 dels dimonis<br>Atributs principals: Pell de color negre-blav\u00f3s, tercer ull, corona de calaveres, munta una mula creuant un llac de sang<br>Principals llocs de culte: Lhasa (llac Lhamo Latso), Lhamo-Lhakhang al Palau de Potala<br>Identitat tibetana: <em>P\u00e4lden Lhamo<\/em>, s\u00e0nscrit: \u015ar\u012bdev\u012b<\/p>\t\t\t\t\t\t\t\t<\/div>\n\t\t\t\t\t<\/div>\n\t\t\t\t<\/div>\n\t\t\t\t\t<\/div>\n\t\t\t\t<\/div>\n\t\t\t\t\t<\/div>\n\t\t\t\t<\/div>\n\t\t<div class=\"elementor-element elementor-element-18613602 e-flex e-con-boxed e-con e-parent\" data-id=\"18613602\" data-element_type=\"container\" data-e-type=\"container\">\n\t\t\t\t\t<div class=\"e-con-inner\">\n\t\t\t\t<div class=\"elementor-element elementor-element-262b8a9f elementor-widget elementor-widget-heading\" data-id=\"262b8a9f\" data-element_type=\"widget\" data-e-type=\"widget\" data-widget_type=\"heading.default\">\n\t\t\t\t\t<h2 class=\"elementor-heading-title elementor-size-default\">Contextualitzaci\u00f3 hist\u00f2rica<\/h2>\t\t\t\t<\/div>\n\t\t<div class=\"elementor-element elementor-element-46dcb7d e-con-full e-flex e-con e-child\" data-id=\"46dcb7d\" data-element_type=\"container\" data-e-type=\"container\">\n\t\t<div class=\"elementor-element elementor-element-61d3ab3 e-flex e-con-boxed e-con e-child\" data-id=\"61d3ab3\" data-element_type=\"container\" data-e-type=\"container\">\n\t\t\t\t\t<div class=\"e-con-inner\">\n\t\t\t\t<div class=\"elementor-element elementor-element-117c166 elementor-widget elementor-widget-heading\" data-id=\"117c166\" data-element_type=\"widget\" data-e-type=\"widget\" data-widget_type=\"heading.default\">\n\t\t\t\t\t<h3 class=\"elementor-heading-title elementor-size-default\">Per\u00edode dels textos<\/h3>\t\t\t\t<\/div>\n\t\t\t\t<div class=\"elementor-element elementor-element-73997a0 elementor-widget elementor-widget-text-editor\" data-id=\"73997a0\" data-element_type=\"widget\" data-e-type=\"widget\" data-widget_type=\"text-editor.default\">\n\t\t\t\t\t\t\t\t\t<p>Palden Lhamo (tibet\u00e0 <em>P\u00e4lden Lhamo<\/em>, \u00abdeessa glorificada\u00bb) \u00e9s una de les de\u00eftats protectores femenines m\u00e9s importants del budisme tibet\u00e0. Arrels en la tradici\u00f3 hind\u00fa de <em>K\u0101l\u012b<\/em> i <em>Durg\u0101<\/em>. Central al Tibet des del segle VIII dC.<\/p><p>Per\u00edode de m\u00e0xim esplendor de la tradici\u00f3 de Palden Lhamo: segles XIV-XV, amb Tsongkhapa i la tradici\u00f3 Gelug. \u00c9s la de\u00eftat protectora principal del Dalai Lama i del govern tradicional tibet\u00e0. Abans d&#8217;escollir cada nou Dalai Lama, es consulta el sagrat llac <em>Lhamo Latso<\/em> (llac de les visions), que li est\u00e0 <span class=\"iwg-fachbegriff\" data-tooltip=\"Lliurat al sagrat mitjan\u00e7ant un acte religi\u00f3s i, per tant, elevat per sobre del quotidi\u00e0.\" tabindex=\"0\">consagrat<\/span>.<\/p>\t\t\t\t\t\t\t\t<\/div>\n\t\t\t\t\t<\/div>\n\t\t\t\t<\/div>\n\t\t<div class=\"elementor-element elementor-element-d47b156 e-flex e-con-boxed e-con e-child\" data-id=\"d47b156\" data-element_type=\"container\" data-e-type=\"container\">\n\t\t\t\t\t<div class=\"e-con-inner\">\n\t\t\t\t<div class=\"elementor-element elementor-element-ff38c2b elementor-widget elementor-widget-heading\" data-id=\"ff38c2b\" data-element_type=\"widget\" data-e-type=\"widget\" data-widget_type=\"heading.default\">\n\t\t\t\t\t<h3 class=\"elementor-heading-title elementor-size-default\">\u00c0rea de difusi\u00f3<\/h3>\t\t\t\t<\/div>\n\t\t\t\t<div class=\"elementor-element elementor-element-4e49fcc elementor-widget elementor-widget-text-editor\" data-id=\"4e49fcc\" data-element_type=\"widget\" data-e-type=\"widget\" data-widget_type=\"text-editor.default\">\n\t\t\t\t\t\t\t\t\t<p>Principals llocs de culte: <strong>llac Lhamo Latso<\/strong> (al sud-est de Lhasa, el sagrat llac de les visions, on apareixen visions per a la cerca del Dalai Lama), <strong>Lhamo-Lhakhang<\/strong> al Palau de Potala a Lhasa (el seu propi espai de <span class=\"iwg-fachbegriff\" data-tooltip=\"Construcci\u00f3 dedicada a la veneraci\u00f3 d'una o m\u00e9s divinitats.\" tabindex=\"0\">temple<\/span>), monestirs de <strong>Drepung, Sera i Gand\u00e4n<\/strong> (amb tradici\u00f3 de sadhana de Palden Lhamo). Present en molts monestirs budistes tibetans a Bhutan i el Nepal. Internacionalment en tots els centres budistes tibetans amb pr\u00e0ctica de de\u00eftats protectores.<\/p>\t\t\t\t\t\t\t\t<\/div>\n\t\t\t\t\t<\/div>\n\t\t\t\t<\/div>\n\t\t\t\t<\/div>\n\t\t<div class=\"elementor-element elementor-element-db03c39 e-con-full e-flex e-con e-child\" data-id=\"db03c39\" data-element_type=\"container\" data-e-type=\"container\">\n\t\t<div class=\"elementor-element elementor-element-229a87b e-flex e-con-boxed e-con e-child\" data-id=\"229a87b\" data-element_type=\"container\" data-e-type=\"container\">\n\t\t\t\t\t<div class=\"e-con-inner\">\n\t\t\t\t<div class=\"elementor-element elementor-element-1f471fc elementor-widget elementor-widget-heading\" data-id=\"1f471fc\" data-element_type=\"widget\" data-e-type=\"widget\" data-widget_type=\"heading.default\">\n\t\t\t\t\t<h3 class=\"elementor-heading-title elementor-size-default\">Estat de les fonts<\/h3>\t\t\t\t<\/div>\n\t\t\t\t<div class=\"elementor-element elementor-element-36b1201 elementor-widget elementor-widget-text-editor\" data-id=\"36b1201\" data-element_type=\"widget\" data-e-type=\"widget\" data-widget_type=\"text-editor.default\">\n\t\t\t\t\t\t\t\t\t<p>Fonts centrals: textos t\u00e0ntrics tibetans de <span class=\"iwg-fachbegriff\" tabindex=\"0\" data-tooltip=\"Pr\u00e0ctica espiritual a l'hinduisme i al budisme; inclou mantra, visualitzaci\u00f3 i ritu, sovint associada a un yidam.\">sadhana<\/span> sobre Palden Lhamo (diverses versions segons la tradici\u00f3 mon\u00e0stica), les narracions populars sobre el llac Lhamo Latso, els escrits de Tsongkhapa sobre la tradici\u00f3 de les de\u00eftats protectores. Bibliografia secund\u00e0ria: Linrothe, <em>Ruthless Compassion<\/em>; Beer, <em>The Encyclopedia of Tibetan Symbols and Motifs<\/em> (amb una iconografia detallada de Palden Lhamo); Lopez, <em>Religions of Tibet in Practice<\/em>; Cabez\u00f3n, <em>Tibetan <span class=\"iwg-fachbegriff\" data-tooltip=\"Seq\u00fc\u00e8ncia regulada d'accions simb\u00f2liques amb significat religi\u00f3s o cultural.\" tabindex=\"0\">Ritual<\/span><\/em>.<\/p>\t\t\t\t\t\t\t\t<\/div>\n\t\t\t\t\t<\/div>\n\t\t\t\t<\/div>\n\t\t\t\t<\/div>\n\t\t\t\t\t<\/div>\n\t\t\t\t<\/div>\n\t\t<div class=\"elementor-element elementor-element-3ae0637c e-flex e-con-boxed e-con e-parent\" data-id=\"3ae0637c\" data-element_type=\"container\" data-e-type=\"container\">\n\t\t\t\t\t<div class=\"e-con-inner\">\n\t\t\t\t<div class=\"elementor-element elementor-element-31d07739 elementor-widget elementor-widget-heading\" data-id=\"31d07739\" data-element_type=\"widget\" data-e-type=\"widget\" data-widget_type=\"heading.default\">\n\t\t\t\t\t<h2 class=\"elementor-heading-title elementor-size-default\">Denominaci\u00f3 i grafies<\/h2>\t\t\t\t<\/div>\n\t\t<div class=\"elementor-element elementor-element-b7642947 e-con-full e-flex e-con e-child\" data-id=\"b7642947\" data-element_type=\"container\" data-e-type=\"container\">\n\t\t\t\t<div class=\"elementor-element elementor-element-a086266 elementor-widget elementor-widget-text-editor\" data-id=\"a086266\" data-element_type=\"widget\" data-e-type=\"widget\" data-widget_type=\"text-editor.default\">\n\t\t\t\t\t\t\t\t\t<p>Palden Lhamo es representa amb determinats elements iconogr\u00e0fics que estan codificats simb\u00f2licament i tenen un significat profund. Aquests elements transmeten de manera central les funcions, les fonts de poder, les compet\u00e8ncies i el rol cosmic d&#8217;aquesta entitat.<\/p><p>El sistema visual permet als iniciats i a les persones amb formaci\u00f3 cultural captar-ne el significat profund. Els colors, els objectes sagrats o les armes, els atributs corporals, els accessoris espec\u00edfics, tot \u00e9s significatiu i transm\u00e8s per tradici\u00f3. El sistema es mant\u00e9 estable i reconeixible al llarg de generacions, el qual apunta a estructures arquet\u00edpiques fonamentals.<\/p>\t\t\t\t\t\t\t\t<\/div>\n\t\t\t\t<\/div>\n\t\t\t\t\t<\/div>\n\t\t\t\t<\/div>\n\t\t<div class=\"elementor-element elementor-element-709a44a8 e-flex e-con-boxed e-con e-parent\" data-id=\"709a44a8\" data-element_type=\"container\" data-e-type=\"container\">\n\t\t\t\t\t<div class=\"e-con-inner\">\n\t\t\t\t<div class=\"elementor-element elementor-element-2f585873 elementor-widget elementor-widget-heading\" data-id=\"2f585873\" data-element_type=\"widget\" data-e-type=\"widget\" data-widget_type=\"heading.default\">\n\t\t\t\t\t<h2 class=\"elementor-heading-title elementor-size-default\">Caracter\u00edstiques<\/h2>\t\t\t\t<\/div>\n\t\t<div class=\"elementor-element elementor-element-70621c12 e-con-full e-flex e-con e-child\" data-id=\"70621c12\" data-element_type=\"container\" data-e-type=\"container\">\n\t\t\t\t<div class=\"elementor-element elementor-element-4296eb49 elementor-widget elementor-widget-text-editor\" data-id=\"4296eb49\" data-element_type=\"widget\" data-e-type=\"widget\" data-widget_type=\"text-editor.default\">\n\t\t\t\t\t\t\t\t\t<p>Palden Lhamo va ser central en la pr\u00e0ctica religiosa i en la comprensi\u00f3 quotidiana del Tibet. Les persones s&#8217;adre\u00e7aven a aquesta entitat en situacions cr\u00edtiques o en determinades \u00e8poques rituals de l&#8217;any, amb rituals estructurats, preg\u00e0ries o ofrenes. La pr\u00e0ctica es transmetia amb precisi\u00f3 i sovint era guiada per sacerdots o especialistes.<\/p><p>El fet que els Dalai Lames, des del segle XV, cerquin visions al llac Lhamo Latso mostra fins a quin punt est\u00e0 arrelada la confian\u00e7a en la protecci\u00f3 de Palden Lhamo. Les seves funcions com a \u00fanica figura femenina entre els vuit grans Dharmap\u0101las s\u00f3n m\u00faltiples: repel\u00b7leix els atacs contra l&#8217;ensenyament abans que arribin al Tibet, ajuda a superar els perills ja produ\u00efts, muntada sobre la seva mula indica el cam\u00ed per trobar noves encarnacions del Dalai Lama i vigila sense descans el pa\u00eds i els seus caps.<\/p><p><strong>Aparen\u00e7a i simbolisme<\/strong><\/p><p><em>Palden Lhamo<\/em> es representa com una deessa negra o blau fosc-negra amb cabells salvatges, sovint amb tres ulls. Porta una corona de calaveres i sost\u00e9 un bol de calavera i una fulla corbada. Munta un ase blanc o es dre\u00e7a sobre cad\u00e0vers. Flames envolten la seva figura. Aquesta <span class=\"iwg-fachbegriff\" data-tooltip=\"Estudi dels continguts de les imatges i el seu significat.\" tabindex=\"0\">iconografia<\/span> simbolitza el seu poder iracund contra els obstacles.<\/p>\t\t\t\t\t\t\t\t<\/div>\n\t\t\t\t<\/div>\n\t\t\t\t\t<\/div>\n\t\t\t\t<\/div>\n\t\t<div class=\"elementor-element elementor-element-44e71476 e-flex e-con-boxed e-con e-parent\" data-id=\"44e71476\" data-element_type=\"container\" data-e-type=\"container\">\n\t\t\t\t\t<div class=\"e-con-inner\">\n\t\t\t\t<div class=\"elementor-element elementor-element-3c1fc3f0 elementor-widget elementor-widget-heading\" data-id=\"3c1fc3f0\" data-element_type=\"widget\" data-e-type=\"widget\" data-widget_type=\"heading.default\">\n\t\t\t\t\t<h2 class=\"elementor-heading-title elementor-size-default\">Fitxa: Palden Lhamo<\/h2>\t\t\t\t<\/div>\n\t\t<div class=\"elementor-element elementor-element-84f33b8e e-con-full e-flex e-con e-child\" data-id=\"84f33b8e\" data-element_type=\"container\" data-e-type=\"container\">\n\t\t\t\t<div class=\"elementor-element elementor-element-hqkdc67p elementor-widget elementor-widget-text-editor\" data-id=\"hqkdc67p\" data-element_type=\"widget\" data-e-type=\"widget\" data-widget_type=\"text-editor.default\">\n\t\t\t\t\t\t\t\t\t<p>Els aspectes m\u00e9s importants de Palden Lhamo d&#8217;un cop d&#8217;ull. Els camps seg\u00fcents resumeixen l&#8217;origen, la funci\u00f3, l&#8217;aparen\u00e7a, la veneraci\u00f3, els s\u00edmbols i les paral\u00b7leles culturals.<\/p>\t\t\t\t\t\t\t\t<\/div>\n\t\t\t\t<\/div>\n\t\t<div class=\"elementor-element elementor-element-pemmx7c5 e-con-full e-flex e-con e-child\" data-id=\"pemmx7c5\" data-element_type=\"container\" data-e-type=\"container\">\n\t\t<div class=\"elementor-element elementor-element-pemmx7c1 e-con-full e-flex e-con e-child\" data-id=\"pemmx7c1\" data-element_type=\"container\" data-e-type=\"container\">\n\t\t<div class=\"elementor-element elementor-element-qh9oavvu iwg-steckbrief-card e-flex e-con-boxed e-con e-child\" data-id=\"qh9oavvu\" data-element_type=\"container\" data-e-type=\"container\">\n\t\t\t\t\t<div class=\"e-con-inner\">\n\t\t\t\t<div class=\"elementor-element elementor-element-awzx8k2k elementor-widget elementor-widget-heading\" data-id=\"awzx8k2k\" data-element_type=\"widget\" data-e-type=\"widget\" data-widget_type=\"heading.default\">\n\t\t\t\t\t<div class=\"elementor-heading-title elementor-size-default\">L'origen de Palden Lhamo<\/div>\t\t\t\t<\/div>\n\t\t\t\t<div class=\"elementor-element elementor-element-x6rowhv0 elementor-widget elementor-widget-text-editor\" data-id=\"x6rowhv0\" data-element_type=\"widget\" data-e-type=\"widget\" data-widget_type=\"text-editor.default\">\n\t\t\t\t\t\t\t\t\t<p>Palden Lhamo es desenvolupa a partir de la tradici\u00f3 t\u00e0ntrica de K&acirc;l&icirc; (arrel hinduista). En el <span class=\"iwg-fachbegriff\" data-tooltip=\"Un relat transm\u00e8s sobre d\u00e9us, or\u00edgens i l'ordre del m\u00f3n.\" tabindex=\"0\">mite<\/span> tibet\u00e0: origin\u00e0riament era una princesa \u00edndia que es va casar amb un rei anti-<span class=\"iwg-fachbegriff\" data-tooltip=\"En les religions \u00edndies, la doctrina i l'ordre correcte de l'acci\u00f3.\" tabindex=\"0\">dharma<\/span>; com a budista va sacrificar el seu fill i va menjar-se&#8217;n la carn per trencar el cam\u00ed demon\u00edac del seu marit.<\/p><p>D&#8217;aquest dolor va n\u00e9ixer la seva forma iracunda com a deessa protectora. Des d&#8217;aleshores cavalca sobre una mula travessant un llac de sang humana. En la consolidaci\u00f3 tibetana s&#8217;ent\u00e9n com a parella complement\u00e0ria de protecci\u00f3 amb Mahakala (mascul\u00ed-femen\u00ed).<\/p>\t\t\t\t\t\t\t\t<\/div>\n\t\t\t\t\t<\/div>\n\t\t\t\t<\/div>\n\t\t<div class=\"elementor-element elementor-element-8e3o4kxs iwg-steckbrief-card e-flex e-con-boxed e-con e-child\" data-id=\"8e3o4kxs\" data-element_type=\"container\" data-e-type=\"container\">\n\t\t\t\t\t<div class=\"e-con-inner\">\n\t\t\t\t<div class=\"elementor-element elementor-element-08rkdgov elementor-widget elementor-widget-heading\" data-id=\"08rkdgov\" data-element_type=\"widget\" data-e-type=\"widget\" data-widget_type=\"heading.default\">\n\t\t\t\t\t<div class=\"elementor-heading-title elementor-size-default\">El p\u00fablic de Palden Lhamo<\/div>\t\t\t\t<\/div>\n\t\t\t\t<div class=\"elementor-element elementor-element-uwjelx8s elementor-widget elementor-widget-text-editor\" data-id=\"uwjelx8s\" data-element_type=\"widget\" data-e-type=\"widget\" data-widget_type=\"text-editor.default\">\n\t\t\t\t\t\t\t\t\t<p>Deessa protectora principal de la tradici\u00f3 tibetana. Protectora del Dalai Lama i del govern tibet\u00e0. Destructora dels obstacles demon\u00edacs per al <span class=\"iwg-fachbegriff\" data-tooltip=\"En les religions \u00edndies, la doctrina i l'ordre correcte de l'acci\u00f3.\" tabindex=\"0\">Dharma<\/span>. Al llac Lhamo Latso apareixen visions que es consulten per trobar el proper Dalai Lama, una pr\u00e0ctica central de la pol\u00edtica-religi\u00f3 tibetana.<\/p><p>En el <span class=\"iwg-fachbegriff\" data-tooltip=\"El conjunt d'actes de veneraci\u00f3 religiosa dedicats a una divinitat o figura sagrada.\" tabindex=\"0\">culte<\/span> personal, <span class=\"iwg-fachbegriff\" data-tooltip=\"L'acte de dirigir-se a una divinitat o poder amb s\u00faplica o invocaci\u00f3.\" tabindex=\"0\">invocaci\u00f3<\/span> en situacions de necessitat aguda, especialment contra afliccions demon\u00edaques greus. Patrona dels yidams femenins airats.<\/p>\t\t\t\t\t\t\t\t<\/div>\n\t\t\t\t\t<\/div>\n\t\t\t\t<\/div>\n\t\t<div class=\"elementor-element elementor-element-jm2n74ec iwg-steckbrief-card e-flex e-con-boxed e-con e-child\" data-id=\"jm2n74ec\" data-element_type=\"container\" data-e-type=\"container\">\n\t\t\t\t\t<div class=\"e-con-inner\">\n\t\t\t\t<div class=\"elementor-element elementor-element-8vufse4c elementor-widget elementor-widget-heading\" data-id=\"8vufse4c\" data-element_type=\"widget\" data-e-type=\"widget\" data-widget_type=\"heading.default\">\n\t\t\t\t\t<div class=\"elementor-heading-title elementor-size-default\">Aparen\u00e7a<\/div>\t\t\t\t<\/div>\n\t\t\t\t<div class=\"elementor-element elementor-element-mwb9u015 elementor-widget elementor-widget-text-editor\" data-id=\"mwb9u015\" data-element_type=\"widget\" data-e-type=\"widget\" data-widget_type=\"text-editor.default\">\n\t\t\t\t\t\t\t\t\t<p>Figura femenina de color negre-blau (o blau fosc) amb tercer ull, boca oberta amb dents esmolades. Corona de cranis (5 cranis), cabell roig despentinat, aur\u00e8ola flamejant. Cavalca de costat sobre una <em>mula blanca<\/em>, la sella de la qual est\u00e0 feta de la pell humana del seu fill sacrificat.<\/p><p>Travessa un <em>llac de sang humana<\/em>. A les mans: copa de crani (kapala), llamp diamant\u00ed (vajra), garrot amb crani. Collar de serps, ornaments d&#8217;ossos, faldilla de pell de tigre. Acompanyada de dos \u00e9ssers: <em>Mak&acirc;ravakt&acirc;<\/em> (filla de cap de cocodril) i <em>Si&#7747;havakt&acirc;<\/em> (filla de cap de lle\u00f3).<\/p>\t\t\t\t\t\t\t\t<\/div>\n\t\t\t\t\t<\/div>\n\t\t\t\t<\/div>\n\t\t\t\t<\/div>\n\t\t<div class=\"elementor-element elementor-element-pemmx7c2 e-con-full e-flex e-con e-child\" data-id=\"pemmx7c2\" data-element_type=\"container\" data-e-type=\"container\">\n\t\t<div class=\"elementor-element elementor-element-37ss2yr6 iwg-steckbrief-card e-flex e-con-boxed e-con e-child\" data-id=\"37ss2yr6\" data-element_type=\"container\" data-e-type=\"container\">\n\t\t\t\t\t<div class=\"e-con-inner\">\n\t\t\t\t<div class=\"elementor-element elementor-element-3v0wp3wx elementor-widget elementor-widget-heading\" data-id=\"3v0wp3wx\" data-element_type=\"widget\" data-e-type=\"widget\" data-widget_type=\"heading.default\">\n\t\t\t\t\t<div class=\"elementor-heading-title elementor-size-default\">\u00c0mbit d'acci\u00f3<\/div>\t\t\t\t<\/div>\n\t\t\t\t<div class=\"elementor-element elementor-element-w3247g2m elementor-widget elementor-widget-text-editor\" data-id=\"w3247g2m\" data-element_type=\"widget\" data-e-type=\"widget\" data-widget_type=\"text-editor.default\">\n\t\t\t\t\t\t\t\t\t<p><strong>\u00c0mbit d&#8217;acci\u00f3:<\/strong> Palden Lhamo \u00e9s venerada di\u00e0riament a tots els monestirs Gelug. En el <span class=\"iwg-fachbegriff\" data-tooltip=\"El conjunt d'actes de veneraci\u00f3 religiosa cap a una divinitat o figura sagrada.\" tabindex=\"0\">culte<\/span> de protecci\u00f3 personal se la invoca en cas d&#8217;amena\u00e7a demon\u00edaca aguda. La tradici\u00f3 del <em>llac Lhamo Latso<\/em> \u00e9s \u00fanica: abans de cada recerca del Dalai Lama, els alts lames viatgen al llac i mediten durant dies a la vora, esperant inspiracions vision\u00e0ries sobre la propera reincarnaci\u00f3.<\/p><p>L&#8217;actual <em>sisena recerca del Lama<\/em> (1933) va tenir aqu\u00ed una visi\u00f3 c\u00e8lebre de les lletres Ah, Ka i Ma en un mirall.<\/p>\t\t\t\t\t\t\t\t<\/div>\n\t\t\t\t\t<\/div>\n\t\t\t\t<\/div>\n\t\t<div class=\"elementor-element elementor-element-0qpjal9w iwg-steckbrief-card e-flex e-con-boxed e-con e-child\" data-id=\"0qpjal9w\" data-element_type=\"container\" data-e-type=\"container\">\n\t\t\t\t\t<div class=\"e-con-inner\">\n\t\t\t\t<div class=\"elementor-element elementor-element-6ndoih0o elementor-widget elementor-widget-heading\" data-id=\"6ndoih0o\" data-element_type=\"widget\" data-e-type=\"widget\" data-widget_type=\"heading.default\">\n\t\t\t\t\t<div class=\"elementor-heading-title elementor-size-default\">Formes de defensa<\/div>\t\t\t\t<\/div>\n\t\t\t\t<div class=\"elementor-element elementor-element-6684tyh9 elementor-widget elementor-widget-text-editor\" data-id=\"6684tyh9\" data-element_type=\"widget\" data-e-type=\"widget\" data-widget_type=\"text-editor.default\">\n\t\t\t\t\t\t\t\t\t<p>Pell de color negre-blau, tercer ull, corona de cranis, mula blanca (muntura), sella de pell humana, llac de sang, copa de crani (kapala), llamp diamant\u00ed (vajra), garrot amb crani. \u00c9ssers acompanyants: filla de cap de cocodril, filla de cap de lle\u00f3. Plantes sagrades: cap en concret. Colors sagrats: negre, blau fosc, vermell.<\/p>\t\t\t\t\t\t\t\t<\/div>\n\t\t\t\t\t<\/div>\n\t\t\t\t<\/div>\n\t\t<div class=\"elementor-element elementor-element-3lfi7x32 iwg-steckbrief-card e-flex e-con-boxed e-con e-child\" data-id=\"3lfi7x32\" data-element_type=\"container\" data-e-type=\"container\">\n\t\t\t\t\t<div class=\"e-con-inner\">\n\t\t\t\t<div class=\"elementor-element elementor-element-0kg99ga1 elementor-widget elementor-widget-heading\" data-id=\"0kg99ga1\" data-element_type=\"widget\" data-e-type=\"widget\" data-widget_type=\"heading.default\">\n\t\t\t\t\t<div class=\"elementor-heading-title elementor-size-default\">Equivalents<\/div>\t\t\t\t<\/div>\n\t\t\t\t<div class=\"elementor-element elementor-element-n0fum6kp elementor-widget elementor-widget-text-editor\" data-id=\"n0fum6kp\" data-element_type=\"widget\" data-e-type=\"widget\" data-widget_type=\"text-editor.default\">\n\t\t\t\t\t\t\t\t\t<p><em>K&acirc;l&icirc;<\/em> (hinduisme, arrel directa), <em>Durga<\/em> (hinduisme, deessa guerrera emparentada), <em>Mahakala<\/em> (budisme, parella complement\u00e0ria masculina), <em>Ekajati<\/em> (<span class=\"iwg-fachbegriff\" tabindex=\"0\" data-tooltip=\"\u00abVehicle de diamant\u00bb; forma t\u00e0ntrica del budisme mahayana, present principalment al Tibet, centrada en la pr\u00e0ctica de yidams i la t\u00e8cnica dels mantres.\">vajrayana<\/span>, deessa protectora iracunda emparentada), <em>Pehar<\/em> (vajrayana, d\u00e9u protector emparentat), <em>Sekhmet<\/em> (Egipte, paral\u00b7lela de deessa embriagada de sang), <em>Er\u00ednies<\/em> (Gr\u00e8cia, deesses esperits de la venjan\u00e7a), <em>H\u00e8cate<\/em> (Gr\u00e8cia), <em>Maman Brigitte<\/em> (vod\u00fa). Palden Lhamo \u00e9s l&#8217;\u00fanica principal deessa protectora del budisme tibet\u00e0.<\/p>\t\t\t\t\t\t\t\t<\/div>\n\t\t\t\t\t<\/div>\n\t\t\t\t<\/div>\n\t\t\t\t<\/div>\n\t\t\t\t<\/div>\n\t\t\t\t\t<\/div>\n\t\t\t\t<\/div>\n\t\t<div class=\"elementor-element elementor-element-5a584676 e-flex e-con-boxed e-con e-parent\" data-id=\"5a584676\" data-element_type=\"container\" data-e-type=\"container\">\n\t\t\t\t\t<div class=\"e-con-inner\">\n\t\t\t\t<div class=\"elementor-element elementor-element-6d0757bf elementor-widget elementor-widget-heading\" data-id=\"6d0757bf\" data-element_type=\"widget\" data-e-type=\"widget\" data-widget_type=\"heading.default\">\n\t\t\t\t\t<h2 class=\"elementor-heading-title elementor-size-default\">Palden Lhamo, paral\u00b7leles en altres cultures<\/h2>\t\t\t\t<\/div>\n\t\t<div class=\"elementor-element elementor-element-60563f68 e-con-full e-flex e-con e-child\" data-id=\"60563f68\" data-element_type=\"container\" data-e-type=\"container\">\n\t\t\t\t<div class=\"elementor-element elementor-element-5a93fdd6 elementor-widget elementor-widget-text-editor\" data-id=\"5a93fdd6\" data-element_type=\"widget\" data-e-type=\"widget\" data-widget_type=\"text-editor.default\">\n\t\t\t\t\t\t\t\t\t<p>Divinitats femenines protectores en forma iracunda, sovint amb muntura animal i armes, es troben des de l&#8217;hinduisme (Kali, Durga) fins a la japonesa Kishimojin; en el context tibet\u00e0, Palden Lhamo representa espec\u00edficament l&#8217;ordre estatal i mon\u00e0stic.<\/p>\n<p><strong>Tradici\u00f3 jueva<\/strong><\/p><p>La Shekin\u00e0 com a Xequin\u00e0 femenina i Lilit com a for\u00e7a femenina salvatge comparteixen amb Palden Lhamo la dimensi\u00f3 del sagrat femen\u00ed, encara que sense la funci\u00f3 protectora iracunda.<\/p><p><strong>M\u00f3n grecorom\u00e0<\/strong><\/p><p>Atena com a deessa guerrera protectora i Hera com a reina amb autoritat s&#8217;aproximen al paper de Palden Lhamo, encara que sense la dimensi\u00f3 iracunda-t\u00e0ntrica ni el simbolisme de la festa dels dimonis.<\/p><p><strong>Tradici\u00f3 germ\u00e0nica<\/strong><\/p><p>Les valqu\u00edries i Freyja com a deesses guerreres encarnen la for\u00e7a femenina de combat, mentre que les nornes encarnen el dest\u00ed i la protecci\u00f3, una s\u00edntesi similar a Palden Lhamo.<\/p><p><strong>Hinduisme<\/strong><\/p><p>Durga i Kali com a deesses mare iracundes comparteixen amb Palden Lhamo la s\u00edntesi de feminitat, ira i funci\u00f3 protectora; totes dues s\u00f3n centrals en l&#8217;hinduisme t\u00e0ntric.<\/p>\t\t\t\t\t\t\t\t<\/div>\n\t\t\t\t<\/div>\n\t\t\t\t\t<\/div>\n\t\t\t\t<\/div>\n\t\t<div class=\"elementor-element elementor-element-cp0c76f82 e-flex e-con-boxed e-con e-parent\" data-id=\"cp0c76f82\" data-element_type=\"container\" data-e-type=\"container\">\n\t\t\t\t\t<div class=\"e-con-inner\">\n\t\t\t\t<div class=\"elementor-element elementor-element-cp22e9045 elementor-widget elementor-widget-heading\" data-id=\"cp22e9045\" data-element_type=\"widget\" data-e-type=\"widget\" data-widget_type=\"heading.default\">\n\t\t\t\t\t<h2 class=\"elementor-heading-title elementor-size-default\">La deessa protectora de Lhasa i del Dalai Lama<\/h2>\t\t\t\t<\/div>\n\t\t<div class=\"elementor-element elementor-element-cpe06abf3 e-con-full e-flex e-con e-child\" data-id=\"cpe06abf3\" data-element_type=\"container\" data-e-type=\"container\">\n\t\t\t\t<div class=\"elementor-element elementor-element-cp7e74b87 elementor-widget elementor-widget-text-editor\" data-id=\"cp7e74b87\" data-element_type=\"widget\" data-e-type=\"widget\" data-widget_type=\"text-editor.default\">\n\t\t\t\t\t\t\t\t\t<p>Palden Lhamo (en tibet\u00e0 <em>dPal ldan lha mo<\/em>, en s\u00e0nscrit <em>Shri Devi<\/em>) ocupa dins el budisme tibet\u00e0 una posici\u00f3 destacada que va m\u00e9s enll\u00e0 de la d&#8217;una simple divinitat protectora.<\/p><p>\u00c9s considerada la <em>dharmapala<\/em> (protectora del dharma) femenina m\u00e9s important i la divinitat protectora personal dels Dalai Lames i de l&#8217;escola Gelug. La seva vinculaci\u00f3 especial amb la capital tibetana est\u00e0 estretament lligada al llac Lhamo Lhatso, un llac sagrat situat al sud-est de Lhasa.<\/p><p><span data-nosnippet>Segons la <span class=\"iwg-fachbegriff\" data-tooltip=\"La transmissi\u00f3 de coneixements i relats al llarg de generacions.\" tabindex=\"0\">tradici\u00f3<\/span>, en la seva superf\u00edcie es poden distingir visions que donen indicis en la cerca de les reencarnacions dels alts lames. El segon Dalai Lama, Gend\u00fcn Gyatso (1476-1542), va fundar un monestir a la seva riba i va consolidar el vincle entre la <span class=\"iwg-fachbegriff\" data-tooltip=\"Un \u00e9sser venerat com a div\u00ed dins una religi\u00f3.\" tabindex=\"0\">divinitat<\/span>, el llac i la tradici\u00f3 oracular.<\/span><\/p><p>A la mateixa Lhasa, Palden Lhamo tenia capelles pr\u00f2pies al <span class=\"iwg-fachbegriff\" data-tooltip=\"Una construcci\u00f3 dedicada a la veneraci\u00f3 d'una o diverses divinitats.\" tabindex=\"0\">temple<\/span> de Jokhang i al palau de Potala. La seva est\u00e0tua era portada cada any en <span class=\"iwg-fachbegriff\" data-tooltip=\"Una process\u00f3 religiosa solemne.\" tabindex=\"0\">process\u00f3<\/span> per la ciutat.<\/p><p>Aquesta veneraci\u00f3 p\u00fablica unia el culte estatal amb la protecci\u00f3 de l&#8217;ordre pol\u00edtic, ja que Palden Lhamo era considerada garant del govern del Dalai Lama. Des del punt de vista de la ci\u00e8ncia de la religi\u00f3, constitueix un exemple de com una divinitat origin\u00e0riament \u00edndia va ser transformada al Tibet en portadora d&#8217;una funci\u00f3 d&#8217;estat.<\/p><p>La identificaci\u00f3 amb la <em>Shri Devi<\/em> \u00edndia remet a una llarga prehist\u00f2ria. A l&#8217;\u00cdndia, aquesta figura estava vinculada a l&#8217;esfera de les divinitats protectores iracundes, abans d&#8217;assolir la seva forma tibetana en els sistemes t\u00e0ntrics.<\/p><p>El vincle estret amb l&#8217;escola Gelug no es va formar fins al llarg dels segles XV i XVI, quan aquesta escola va guanyar influ\u00e8ncia pol\u00edtica. Per entendre el paper de Palden Lhamo cal considerar-la, doncs, en el joc conjunt de la pol\u00edtica mon\u00e0stica, la tradici\u00f3 oracular i el culte estatal, i no com una figura m\u00edtica a\u00efllada.<\/p>\t\t\t\t\t\t\t\t<\/div>\n\t\t\t\t<\/div>\n\t\t\t\t\t<\/div>\n\t\t\t\t<\/div>\n\t\t<div class=\"elementor-element elementor-element-cp5aa2f00 e-flex e-con-boxed e-con e-parent\" data-id=\"cp5aa2f00\" data-element_type=\"container\" data-e-type=\"container\">\n\t\t\t\t\t<div class=\"e-con-inner\">\n\t\t\t\t<div class=\"elementor-element elementor-element-cpeb8c4c1 elementor-widget elementor-widget-heading\" data-id=\"cpeb8c4c1\" data-element_type=\"widget\" data-e-type=\"widget\" data-widget_type=\"heading.default\">\n\t\t\t\t\t<h2 class=\"elementor-heading-title elementor-size-default\">Iconografia: la mula, els guarniments de la sella i els s\u00edmbols de la c\u00f2lera<\/h2>\t\t\t\t<\/div>\n\t\t<div class=\"elementor-element elementor-element-cpc2caa13 e-con-full e-flex e-con e-child\" data-id=\"cpc2caa13\" data-element_type=\"container\" data-e-type=\"container\">\n\t\t\t\t<div class=\"elementor-element elementor-element-cp71d7154 elementor-widget elementor-widget-text-editor\" data-id=\"cp71d7154\" data-element_type=\"widget\" data-e-type=\"widget\" data-widget_type=\"text-editor.default\">\n\t\t\t\t\t\t\t\t\t<p>La representaci\u00f3 iconogr\u00e0fica de Palden Lhamo segueix un <span class=\"iwg-fachbegriff\" data-tooltip=\"El conjunt de textos sagrats reconegut com a vinculant en una religi\u00f3.\" tabindex=\"0\">c\u00e0non<\/span> fix, els elements del qual tenen cadascun un fonament mitol\u00f2gic. Munta una mula i travessa un mar de sang, representada amb la pell blau fosc, tres ulls i un rostre iracund amb ullals descoberts.<\/p><p>A la m\u00e0 dreta sost\u00e9 una ma\u00e7a o un garrot, a l&#8217;esquerra una copa feta d&#8217;una calavera. Els seus cabells s&#8217;aixequen com flames, sovint coronats per cinc calaveres.<\/p><p>Cal parar especial atenci\u00f3 a la mula. A la seva gropa apareix un ull que, segons la <span class=\"iwg-fachbegriff\" data-tooltip=\"Un relat edificant, generalment sobre la vida dels sants.\" tabindex=\"0\">llegenda<\/span>, va sorgir d&#8217;una fletxa que el d\u00e9u iracund del regne de Lanka va llan\u00e7ar contra la deessa fugitiva. En lloc de matar-la, la fletxa va encertar la muntura i es va transformar en un ull vigilant.<\/p><p>La sella est\u00e0 recoberta amb la pell arrencada d&#8217;un dimoni, i les regnes s\u00f3n fetes de serps. De la sotasella pengen un cabdell de fils m\u00e0gics i un dau per a la <span class=\"iwg-fachbegriff\" data-tooltip=\"La interpretaci\u00f3 de signes per con\u00e8ixer all\u00f2 ocult o futur.\" tabindex=\"0\">endevinaci\u00f3<\/span>. Aquests objectes remeten a la seva funci\u00f3 com a <span class=\"iwg-fachbegriff\" data-tooltip=\"Un \u00e9sser venerat com a div\u00ed dins una religi\u00f3.\" tabindex=\"0\">divinitat<\/span> que disposa del dest\u00ed i del fil de la vida.<\/p><p>La cultura material conserva nombroses figures de bronze i, sobretot, pintures <em>thangka<\/em> de Palden Lhamo, difoses des del segle XVII als monestirs de l&#8217;escola Gelug. A les capelles secretes de divinitats protectores, els <em>g\u00f6nkhang<\/em>, les seves imatges romanien sovint cobertes i eren accessibles nom\u00e9s als monjos iniciats.<\/p><p>Col\u00b7leccions occidentals com el Museu d&#8217;Art Asi\u00e0tic de Berl\u00edn o el Rubin Museum de Nova York conserven exemples significatius. La tradici\u00f3 iconogr\u00e0fica s&#8217;ha mantingut sorprenentment estable al llarg dels segles, cosa que reflecteix la fixaci\u00f3 lit\u00fargica dels textos descriptius (<em>sadhana<\/em>) segons els quals treballaven els pintors. Una <span class=\"iwg-fachbegriff\" data-tooltip=\"Estudi dels continguts de les imatges i el seu significat.\" tabindex=\"0\">iconografia<\/span> iracunda d&#8217;una densitat comparable es troba en <a href=\"https:\/\/iwell-guard.com\/ca\/?page_id=171534\">Yamantaka<\/a> i <a href=\"https:\/\/iwell-guard.com\/ca\/?page_id=171533\">Ekajati<\/a>.<\/p>\t\t\t\t\t\t\t\t<\/div>\n\t\t\t\t<\/div>\n\t\t\t\t\t<\/div>\n\t\t\t\t<\/div>\n\t\t<div class=\"elementor-element elementor-element-cpcd443b7 e-flex e-con-boxed e-con e-parent\" data-id=\"cpcd443b7\" data-element_type=\"container\" data-e-type=\"container\">\n\t\t\t\t\t<div class=\"e-con-inner\">\n\t\t\t\t<div class=\"elementor-element elementor-element-cpeaea5b4 elementor-widget elementor-widget-heading\" data-id=\"cpeaea5b4\" data-element_type=\"widget\" data-e-type=\"widget\" data-widget_type=\"heading.default\">\n\t\t\t\t\t<h2 class=\"elementor-heading-title elementor-size-default\">El mite del fill i el comprom\u00eds de protegir la doctrina<\/h2>\t\t\t\t<\/div>\n\t\t<div class=\"elementor-element elementor-element-cp45f8186 e-con-full e-flex e-con e-child\" data-id=\"cp45f8186\" data-element_type=\"container\" data-e-type=\"container\">\n\t\t\t\t<div class=\"elementor-element elementor-element-cp67c9f77 elementor-widget elementor-widget-text-editor\" data-id=\"cp67c9f77\" data-element_type=\"widget\" data-e-type=\"widget\" data-widget_type=\"text-editor.default\">\n\t\t\t\t\t\t\t\t\t<p>Un dels relats m\u00e9s coneguts sobre Palden Lhamo explica com es va convertir en protectora de la religi\u00f3. En la seva vida anterior, estava casada amb el rei del regne antrop\u00f2fag de Lanka, un lloc on la doctrina budista era reprimida.<\/p><p>Va prometre que convertiria el seu marit al budisme o, si no ho aconseguia, extingiria la l\u00ednia reial. Quan la conversi\u00f3 va fracassar, va matar el seu propi fill, l&#8217;hereu designat al tron, li va treure la pell i la va utilitzar com a mantellina de sella. Tot seguit va fugir cap al nord.<\/p><p>Durant la fugida, el rei li va disparar una fletxa enverinada que va colpejar el mul i es va transformar en el conegut ull que porta a la cuixa posterior. Es diu que Palden Lhamo va extreure despr\u00e9s el ver\u00ed de la ferida i va convertir-ne l&#8217;efecte en una font de poder curatiu.<\/p><p>Aquest relat tan dur \u00e9s, des del punt de vista de l&#8217;estudi de les religions, molt complex: l&#8217;infanticidi no representa la crueltat com a finalitat en si mateixa, sin\u00f3 la disposici\u00f3 radical a subordinar-ho tot a la protecci\u00f3 de la doctrina. La pell arrencada es converteix aix\u00ed en el signe d&#8217;un sacrifici ofert, no d&#8217;un triomf.<\/p><p>En la interpretaci\u00f3 t\u00e0ntrica, Palden Lhamo pertany a aquelles divinitats que origin\u00e0riament formaven part de l&#8217;\u00e0mbit dels \u00e9ssers mundans i perillosos, i que un mestre il\u00b7luminat va sotmetre i posar al servei de la doctrina.<\/p><p>La tradici\u00f3 atribueix aquesta submissi\u00f3 a Padmasambhava o a altres mestres antics. Aix\u00ed, Palden Lhamo se situa entre les divinitats protectores purament il\u00b7luminades i els esperits mundans. Dins d&#8217;aquest sistema, el relat del fill serveix per explicar per qu\u00e8 una figura d&#8217;origen tan terror\u00edfic pot ser, tot i aix\u00ed, una protectora fidel: el seu <span class=\"iwg-fachbegriff\" data-tooltip=\"Una promesa religiosa solemne feta a una divinitat.\" tabindex=\"0\">vot<\/span> la vincula de manera irrevocable.<\/p>\t\t\t\t\t\t\t\t<\/div>\n\t\t\t\t<\/div>\n\t\t\t\t\t<\/div>\n\t\t\t\t<\/div>\n\t\t<div class=\"elementor-element elementor-element-cp100f7a7 e-flex e-con-boxed e-con e-parent\" data-id=\"cp100f7a7\" data-element_type=\"container\" data-e-type=\"container\">\n\t\t\t\t\t<div class=\"e-con-inner\">\n\t\t\t\t<div class=\"elementor-element elementor-element-cpe6597e6 elementor-widget elementor-widget-heading\" data-id=\"cpe6597e6\" data-element_type=\"widget\" data-e-type=\"widget\" data-widget_type=\"heading.default\">\n\t\t\t\t\t<h2 class=\"elementor-heading-title elementor-size-default\">Rituals, oracle i la festa anual<\/h2>\t\t\t\t<\/div>\n\t\t<div class=\"elementor-element elementor-element-cp10f3fe3 e-con-full e-flex e-con e-child\" data-id=\"cp10f3fe3\" data-element_type=\"container\" data-e-type=\"container\">\n\t\t\t\t<div class=\"elementor-element elementor-element-cp8cae43f elementor-widget elementor-widget-text-editor\" data-id=\"cp8cae43f\" data-element_type=\"widget\" data-e-type=\"widget\" data-widget_type=\"text-editor.default\">\n\t\t\t\t\t\t\t\t\t<p>La veneraci\u00f3 lit\u00fargica de Palden Lhamo estava fermament regulada als monestirs de la tradici\u00f3 gelug. Els monjos recitaven els seus textos <em>sadhana<\/em> i les seves invocacions als <em>g\u00f6nkhang<\/em>, sovint dins de cicles mensuals i anuals.<\/p><p>La celebraci\u00f3 p\u00fablica m\u00e9s important tenia lloc el dia 15 del primer mes tibet\u00e0. A Lhasa, la seva imatge era traslladada en <span class=\"iwg-fachbegriff\" data-tooltip=\"Una desfilada religiosa solemne.\" tabindex=\"0\">process\u00f3<\/span>, i la poblaci\u00f3 hi cercava protecci\u00f3 per a l&#8217;any que comen\u00e7ava.<\/p><p>Estretament vinculat a ella hi ha el fenomen de l&#8217;oracle. L&#8217;oracle estatal de Nechung estava principalment associat a la <span class=\"iwg-fachbegriff\" data-tooltip=\"Un \u00e9sser venerat com a div\u00ed dins d'una religi\u00f3.\" tabindex=\"0\">divinitat<\/span> Pehar, per\u00f2 Palden Lhamo era considerada la protectora femenina suprema, la voluntat de la qual es llegia en les visions del llac Lhamo Lhatso.<\/p><p>En la cerca de la reincarnaci\u00f3 d&#8217;un Dalai Lama, aquestes visions van tenir un paper reconegut; aix\u00f2 s&#8217;ha documentat, entre altres casos, en la localitzaci\u00f3 del 14\u00e8 Dalai Lama durant la d\u00e8cada de 1930, quan el regent i la comissi\u00f3 de cerca van visitar el llac.<\/p><p>En la pr\u00e0ctica ritual quotidiana, Palden Lhamo tamb\u00e9 era aplacada amb ofrenes acords amb el seu car\u00e0cter iracund: hi figuraven figures <em>torma<\/em> de pasta, te fosc, alcohol i representacions simb\u00f2liques de carn i sang.<\/p><p>Aquestes ofrenes no s&#8217;han d&#8217;entendre com una veneraci\u00f3 de la viol\u00e8ncia, sin\u00f3 que segueixen la l\u00f2gica t\u00e0ntrica segons la qual una <span class=\"iwg-fachbegriff\" data-tooltip=\"Un \u00e9sser venerat com a div\u00ed dins d'una religi\u00f3.\" tabindex=\"0\">divinitat<\/span> iracunda s&#8217;invoca amb subst\u00e0ncies del seu propi \u00e0mbit, per encaminar el seu poder cap a la protecci\u00f3 dels practicants.<\/p><p><span data-nosnippet>Existia tamb\u00e9 un vincle especial amb els mesos d&#8217;hivern, quan s&#8217;intensificaven els rituals de protecci\u00f3. La recerca, especialment els treballs de Ren\u00e9 de Nebesky-Wojkowitz en la seva obra fonamental <em>Oracles and Demons of Tibet<\/em> (1956), ha documentat detalladament aquest sistema ritual i continua sent una font central.<\/span><\/p>\t\t\t\t\t\t\t\t<\/div>\n\t\t\t\t<\/div>\n\t\t\t\t\t<\/div>\n\t\t\t\t<\/div>\n\t\t<div class=\"elementor-element elementor-element-cp074aa46 e-flex e-con-boxed e-con e-parent\" data-id=\"cp074aa46\" data-element_type=\"container\" data-e-type=\"container\">\n\t\t\t\t\t<div class=\"e-con-inner\">\n\t\t\t\t<div class=\"elementor-element elementor-element-cpd6bc340 elementor-widget elementor-widget-heading\" data-id=\"cpd6bc340\" data-element_type=\"widget\" data-e-type=\"widget\" data-widget_type=\"heading.default\">\n\t\t\t\t\t<h2 class=\"elementor-heading-title elementor-size-default\">Recepci\u00f3 i hist\u00f2ria de la investigaci\u00f3 a Occident<\/h2>\t\t\t\t<\/div>\n\t\t<div class=\"elementor-element elementor-element-cpd4e6e5c e-con-full e-flex e-con e-child\" data-id=\"cpd4e6e5c\" data-element_type=\"container\" data-e-type=\"container\">\n\t\t\t\t<div class=\"elementor-element elementor-element-cp9cdc311 elementor-widget elementor-widget-text-editor\" data-id=\"cp9cdc311\" data-element_type=\"widget\" data-e-type=\"widget\" data-widget_type=\"text-editor.default\">\n\t\t\t\t\t\t\t\t\t<p>Palden Lhamo va arribar relativament aviat a l&#8217;atenci\u00f3 de l&#8217;estudi europeu del Tibet. Viatgers i missioners del segle XIX descrivien sovint les divinitats protectores iracundes amb inquietud i les interpretaven com a proves d&#8217;un car\u00e0cter suposadament fosc del budisme tibet\u00e0. Aquesta visi\u00f3 valorativa avui est\u00e0 superada. L&#8217;exploraci\u00f3 cient\u00edfica va comen\u00e7ar amb les grans recopilacions de materials de principis del segle XX.<\/p><p><span data-nosnippet>La contribuci\u00f3 decisiva \u00e9s de Ren\u00e9 de Nebesky-Wojkowitz, l&#8217;obra del qual, publicada el 1956 amb el t\u00edtol <em>Oracles and Demons of Tibet<\/em>, va ordenar per primera vegada de manera sistem\u00e0tica els textos, la <span class=\"iwg-fachbegriff\" data-tooltip=\"Disciplina que estudia el contingut de les imatges i el seu significat.\" tabindex=\"0\">iconografia<\/span> i els rituals de les divinitats protectores tibetanes.<\/span><\/p><p>Treballs posteriors, com els d&#8217;Amy Heller sobre la <span class=\"iwg-fachbegriff\" data-tooltip=\"Disciplina que estudia el contingut de les imatges i el seu significat.\" tabindex=\"0\">iconografia<\/span>, o estudis m\u00e9s recents sobre la hist\u00f2ria de l&#8217;escola gelug, han completat aquesta imatge i han tra\u00e7at l&#8217;evoluci\u00f3 hist\u00f2rica de Palden Lhamo des de la <em>Shri Devi<\/em> \u00edndia fins a esdevenir la divinitat estatal tibetana.<\/p><p>En la recepci\u00f3 m\u00e9s recent, Palden Lhamo s&#8217;ha fet coneguda a un p\u00fablic m\u00e9s ampli a trav\u00e9s d&#8217;exposicions d&#8217;art tibet\u00e0. Les seves representacions en <em>thangka<\/em> figuren entre els exemples m\u00e9s impressionants de l&#8217;art iconogr\u00e0fic iracund i es tracten \u00e0mpliament en cat\u00e0legs de col\u00b7leccions.<\/p><p>En la percepci\u00f3 popular, de vegades se la compara amb termes d&#8217;altres tradicions, com les divinitats materns fosques, comparaci\u00f3 que, tanmateix, no s&#8217;ajusta a la seva funci\u00f3 espec\u00edficament budista.<\/p><p>Des del punt de vista cient\u00edfic, continua essent especialment interessant com a estudi de cas: mostra com una <span class=\"iwg-fachbegriff\" data-tooltip=\"Un \u00e9sser venerat com a div\u00ed dins d'una religi\u00f3.\" tabindex=\"0\">divinitat<\/span> va poder ser, alhora, fixada lit\u00fargicament i funcionalitzada pol\u00edticament durant segles. Les q\u00fcestions obertes concerneixen sobretot la dataci\u00f3 exacta de la seva vinculaci\u00f3 amb l&#8217;escola gelug i la relaci\u00f3 entre les diverses formes regionals del seu culte, que fins ara nom\u00e9s s&#8217;han explorat parcialment.<\/p>\t\t\t\t\t\t\t\t<\/div>\n\t\t\t\t<\/div>\n\t\t\t\t\t<\/div>\n\t\t\t\t<\/div>\n\t\t<div class=\"elementor-element elementor-element-36dd7469 e-flex e-con-boxed e-con e-parent\" data-id=\"36dd7469\" data-element_type=\"container\" data-e-type=\"container\">\n\t\t\t\t\t<div class=\"e-con-inner\">\n\t\t\t\t<div class=\"elementor-element elementor-element-13760ab4 elementor-widget elementor-widget-heading\" data-id=\"13760ab4\" data-element_type=\"widget\" data-e-type=\"widget\" data-widget_type=\"heading.default\">\n\t\t\t\t\t<h3 class=\"elementor-heading-title elementor-size-default\">Enlla\u00e7os relacionats<\/h3>\t\t\t\t<\/div>\n\t\t<div class=\"elementor-element elementor-element-28c87796 e-con-full e-flex e-con e-child\" data-id=\"28c87796\" data-element_type=\"container\" data-e-type=\"container\">\n\t\t\t\t<div class=\"elementor-element elementor-element-5d6538df elementor-widget elementor-widget-text-editor\" data-id=\"5d6538df\" data-element_type=\"widget\" data-e-type=\"widget\" data-widget_type=\"text-editor.default\">\n\t\t\t\t\t\t\t\t\t<ul><li><a href=\"https:\/\/iwell-guard.com\/ca\/?page_id=171532\">Mahakala, parella complement\u00e0ria masculina<\/a><\/li><li><a href=\"https:\/\/iwell-guard.com\/ca\/?page_id=171518\">Kali, arrel hinduista<\/a><\/li><li><a href=\"https:\/\/iwell-guard.com\/ca\/?page_id=171523\">Durga, deessa guerrera relacionada<\/a><\/li><li><a href=\"https:\/\/iwell-guard.com\/ca\/?page_id=171533\">Ekajati, deessa protectora tibetana relacionada<\/a><\/li><li><a href=\"https:\/\/iwell-guard.com\/ca\/?page_id=171535\">Pehar, d\u00e9u protector relacionat<\/a><\/li><li><a href=\"https:\/\/iwell-guard.com\/ca\/?page_id=171394\">Budisme, panorama del pante\u00f3<\/a><\/li><li><a href=\"https:\/\/iwell-guard.com\/ca\/?page_id=171459\">Divinitats superiors, subcategoria<\/a><\/li><\/ul>\t\t\t\t\t\t\t\t<\/div>\n\t\t\t\t<\/div>\n\t\t\t\t\t<\/div>\n\t\t\t\t<\/div>\n\t\t<div class=\"elementor-element elementor-element-grl4kl40 e-flex e-con-boxed e-con e-parent\" data-id=\"grl4kl40\" data-element_type=\"container\" data-e-type=\"container\">\n\t\t\t\t\t<div class=\"e-con-inner\">\n\t\t\t\t<div class=\"elementor-element elementor-element-bzsbfrmh elementor-widget elementor-widget-heading\" data-id=\"bzsbfrmh\" data-element_type=\"widget\" data-e-type=\"widget\" data-widget_type=\"heading.default\">\n\t\t\t\t\t<h2 class=\"elementor-heading-title elementor-size-default\">Bibliografia (selecci\u00f3)<\/h2>\t\t\t\t<\/div>\n\t\t<div class=\"elementor-element elementor-element-2c13224a e-con-full e-flex e-con e-child\" data-id=\"2c13224a\" data-element_type=\"container\" data-e-type=\"container\">\n\t\t\t\t<div class=\"elementor-element elementor-element-0eymh9ub elementor-widget elementor-widget-text-editor\" data-id=\"0eymh9ub\" data-element_type=\"widget\" data-e-type=\"widget\" data-widget_type=\"text-editor.default\">\n\t\t\t\t\t\t\t\t\t<footer class=\"iwg-literatur\" data-nosnippet=\"true\"><ul><li><span data-nosnippet>Beer, Robert: <em>The Encyclopedia of Tibetan Symbols and Motifs<\/em>. Boston 1999.<\/span><\/li><li><span data-nosnippet>Cabez&oacute;n, Jos&eacute; Ignacio (Hg.): <em>Tibetan <span class=\"iwg-fachbegriff\" data-tooltip=\"Una seq\u00fc\u00e8ncia regulada d'accions simb\u00f2liques amb significat religi\u00f3s o cultural.\" tabindex=\"0\">Ritual<\/span><\/em>. Oxford 2010.<\/span><\/li><li>Walde, Christine (Hg.): <em>Der Neue Pauly<\/em> (Lemma &bdquo;P&auml;lden Lhamo&ldquo;).<\/li><\/ul><\/footer>\n<p class=\"iwg-bib-more\"><span data-nosnippet>M\u00e9s obres de refer\u00e8ncia al <a href=\"https:\/\/iwell-guard.com\/ca\/?page_id=171483\">registre bibliogr\u00e0fic<\/a>.<\/span><\/p>\t\t\t\t\t\t\t\t<\/div>\n\t\t\t\t<\/div>\n\t\t\t\t\t<\/div>\n\t\t\t\t<\/div>\n\t\t<div class=\"elementor-element elementor-element-1ccefe0 e-con-boxed e-flex e-con e-parent\" data-id=\"1ccefe0\" data-element_type=\"container\" data-e-type=\"container\">\n\t\t\t\t\t<div class=\"e-con-inner\">\n\t\t\t\t<div class=\"elementor-element elementor-element-35d4573 elementor-widget elementor-widget-text-editor\" data-id=\"35d4573\" data-element_type=\"widget\" data-e-type=\"widget\" data-widget_type=\"text-editor.default\">\n\t\t\t\t\t\t\t\t\t\n<h2>Preguntes freq\u00fcents sobre Palden Lhamo<\/h2>\n<div class=\"iwg-faq-q\"><h3>Qui \u00e9s Palden Lhamo en el budisme tibet\u00e0?<\/h3><p>Palden Lhamo (en tibet\u00e0, deessa gloriosa, en s\u00e0nscrit Shri Devi) \u00e9s la principal divinitat protectora femenina del budisme tibet\u00e0 i l&#8217;\u00fanica figura femenina entre els grans Dharmapalas.<\/p><p>Es representa amb una forma terror\u00edfica: de color blau fosc, muntada en una mula que travessa un mar de sang, amb una sella feta de la pell arrencada del seu propi fill. Aquest llenguatge visual tan cru s&#8217;ha d&#8217;entendre de manera simb\u00f2lica i representa la for\u00e7a implacable amb la qual es destrueixen els obstacles en el cam\u00ed cap a la il\u00b7luminaci\u00f3.<\/p><\/div>\n<div class=\"iwg-faq-q\"><h3>Quina import\u00e0ncia t\u00e9 Palden Lhamo per a Lhasa i el Dalai Lama?<\/h3><p>Palden Lhamo \u00e9s considerada la protectora especial de la ciutat de Lhasa i del Dalai Lama, aix\u00ed com de tota l&#8217;escola Gelug.<\/p><p><span data-nosnippet>El llac Lhamo Latso, situat uns 150 quil\u00f2metres al sud-est de Lhasa, es considera la seva resid\u00e8ncia i \u00e9s un llac oracle: en la seva superf\u00edcie d&#8217;aigua es diu que apareixen visions, que s&#8217;utilitzen, entre altres coses, en la cerca de la reincarnaci\u00f3 d&#8217;un Dalai Lama difunt. Aix\u00ed, el llac va tenir un paper en la localitzaci\u00f3 del 14\u00e8 Dalai Lama l&#8217;any 1935.<\/span><\/p><\/div>\n<script type=\"application\/ld+json\">{\"@context\":\"https:\/\/schema.org\",\"@type\":\"FAQPage\",\"mainEntity\":[{\"@type\":\"Question\",\"name\":\"Qui \u00e9s Palden Lhamo en el budisme tibet\u00e0?\",\"acceptedAnswer\":{\"@type\":\"Answer\",\"text\":\"Palden Lhamo (en tibet\u00e0, deessa gloriosa, en s\u00e0nscrit Shri Devi) \u00e9s la principal divinitat protectora femenina del budisme tibet\u00e0 i l'\u00fanica figura femenina entre els grans Dharmapalas. Es representa amb una forma terror\u00edfica: de color blau fosc, muntada en una mula que travessa un mar de sang, amb una sella feta de la pell arrencada del seu propi fill. Aquest llenguatge visual tan cru s'ha d'entendre de manera simb\u00f2lica i representa la for\u00e7a implacable amb la qual es destrueixen els obstacles en el cam\u00ed cap a la il\u00b7luminaci\u00f3.\"}},{\"@type\":\"Question\",\"name\":\"Quina import\u00e0ncia t\u00e9 Palden Lhamo per a Lhasa i el Dalai Lama?\",\"acceptedAnswer\":{\"@type\":\"Answer\",\"text\":\"Palden Lhamo \u00e9s considerada la protectora especial de la ciutat de Lhasa i del Dalai Lama, aix\u00ed com de tota l'escola Gelug. El llac Lhamo Latso, situat uns 150 quil\u00f2metres al sud-est de Lhasa, es considera la seva resid\u00e8ncia i \u00e9s un llac oracle: en la seva superf\u00edcie d'aigua es diu que apareixen visions, que s'utilitzen, entre altres coses, en la cerca de la reincarnaci\u00f3 d'un Dalai Lama difunt. Aix\u00ed, el llac va tenir un paper en la localitzaci\u00f3 del 14\u00e8 Dalai Lama l'any 1935.\"}}]}<\/script>\t\t\t\t\t\t\t\t<\/div>\n\t\t\t\t\t<\/div>\n\t\t\t\t<\/div>\n\t\t\t\t<\/div>\n\t\t","protected":false},"excerpt":{"rendered":"","protected":false},"author":3,"featured_media":1768,"parent":0,"menu_order":0,"comment_status":"closed","ping_status":"closed","template":"elementor_header_footer","meta":{"_yoast_wpseo_focuskw":"Palden Lhamo","_yoast_wpseo_title":"Palden Lhamo \u2013 deessa protectora iracunda del Tibet","_yoast_wpseo_metadesc":"Palden Lhamo, l'\u00fanica de\u00eftat protectora femenina del pante\u00f3 tibet\u00e0. Terrible genet a cavall, guardiana de Lhasa i de l'ensenyament del Dharma.","_yoast_wpseo_meta-robots-noindex":"","_yoast_wpseo_canonical":"","_angie_page":false,"gefaehrdungsstufe":"2","wesen_kultur":"tibet","wesen_klasse":"goetter","footnotes":""},"categories":[],"class_list":["post-171530","page","type-page","status-publish","has-post-thumbnail","hentry"],"yoast_head":"<!-- This site is optimized with the Yoast SEO Premium plugin v27.7 (Yoast SEO v28.3) - https:\/\/yoast.com\/product\/yoast-seo-premium-wordpress\/ -->\n<title>Palden Lhamo \u2013 deessa protectora iracunda del Tibet<\/title>\n<meta name=\"description\" content=\"Palden Lhamo, l&#039;\u00fanica de\u00eftat protectora femenina del pante\u00f3 tibet\u00e0. Terrible genet a cavall, guardiana de Lhasa i de l&#039;ensenyament del Dharma.\" \/>\n<meta name=\"robots\" content=\"index, follow, max-snippet:-1, max-image-preview:large, max-video-preview:-1\" \/>\n<link rel=\"canonical\" href=\"https:\/\/iwell-guard.com\/ca\/palden-lhamo\/\" \/>\n<meta property=\"og:locale\" content=\"ca_ES\" \/>\n<meta property=\"og:type\" content=\"article\" \/>\n<meta property=\"og:title\" content=\"Palden Lhamo\" \/>\n<meta property=\"og:description\" content=\"Palden Lhamo, l&#039;\u00fanica de\u00eftat protectora femenina del pante\u00f3 tibet\u00e0. Terrible genet a cavall, guardiana de Lhasa i de l&#039;ensenyament del Dharma.\" \/>\n<meta property=\"og:url\" content=\"https:\/\/iwell-guard.com\/ca\/palden-lhamo\/\" \/>\n<meta property=\"og:site_name\" content=\"iWell Guard\" \/>\n<meta property=\"article:modified_time\" content=\"2026-09-05T16:00:17+00:00\" \/>\n<meta property=\"og:image\" content=\"https:\/\/iwell-guard.com\/wp-content\/uploads\/2026\/04\/goetter_tibet_palden-lhamo.webp\" \/>\n\t<meta property=\"og:image:width\" content=\"1024\" \/>\n\t<meta property=\"og:image:height\" content=\"1536\" \/>\n\t<meta property=\"og:image:type\" content=\"image\/webp\" \/>\n<meta name=\"twitter:card\" content=\"summary_large_image\" \/>\n<script type=\"application\/ld+json\" class=\"yoast-schema-graph\">{\"@context\":\"https:\\\/\\\/schema.org\",\"@graph\":[{\"@type\":\"WebPage\",\"@id\":\"https:\\\/\\\/iwell-guard.com\\\/ca\\\/palden-lhamo\\\/\",\"url\":\"https:\\\/\\\/iwell-guard.com\\\/ca\\\/palden-lhamo\\\/\",\"name\":\"Palden Lhamo \u2013 deessa protectora iracunda del Tibet\",\"isPartOf\":{\"@id\":\"https:\\\/\\\/iwell-guard.com\\\/ca\\\/#website\"},\"primaryImageOfPage\":{\"@id\":\"https:\\\/\\\/iwell-guard.com\\\/ca\\\/palden-lhamo\\\/#primaryimage\"},\"image\":{\"@id\":\"https:\\\/\\\/iwell-guard.com\\\/ca\\\/palden-lhamo\\\/#primaryimage\"},\"thumbnailUrl\":\"https:\\\/\\\/iwell-guard.com\\\/wp-content\\\/uploads\\\/2026\\\/04\\\/goetter_tibet_palden-lhamo.webp\",\"datePublished\":\"2026-09-05T15:40:10+00:00\",\"dateModified\":\"2026-09-05T16:00:17+00:00\",\"description\":\"Palden Lhamo, l'\u00fanica de\u00eftat protectora femenina del pante\u00f3 tibet\u00e0. Terrible genet a cavall, guardiana de Lhasa i de l'ensenyament del Dharma.\",\"breadcrumb\":{\"@id\":\"https:\\\/\\\/iwell-guard.com\\\/ca\\\/palden-lhamo\\\/#breadcrumb\"},\"inLanguage\":\"ca\",\"potentialAction\":[{\"@type\":\"ReadAction\",\"target\":[\"https:\\\/\\\/iwell-guard.com\\\/ca\\\/palden-lhamo\\\/\"]}]},{\"@type\":\"ImageObject\",\"inLanguage\":\"ca\",\"@id\":\"https:\\\/\\\/iwell-guard.com\\\/ca\\\/palden-lhamo\\\/#primaryimage\",\"url\":\"https:\\\/\\\/iwell-guard.com\\\/wp-content\\\/uploads\\\/2026\\\/04\\\/goetter_tibet_palden-lhamo.webp\",\"contentUrl\":\"https:\\\/\\\/iwell-guard.com\\\/wp-content\\\/uploads\\\/2026\\\/04\\\/goetter_tibet_palden-lhamo.webp\",\"width\":1024,\"height\":1536,\"caption\":\"D\u00e9us de la tradici\u00f3 tibetana.\"},{\"@type\":\"BreadcrumbList\",\"@id\":\"https:\\\/\\\/iwell-guard.com\\\/ca\\\/palden-lhamo\\\/#breadcrumb\",\"itemListElement\":[{\"@type\":\"ListItem\",\"position\":1,\"name\":\"Start\",\"item\":\"https:\\\/\\\/iwell-guard.com\\\/ca\\\/?page_id=171333\"},{\"@type\":\"ListItem\",\"position\":2,\"name\":\"Palden Lhamo\"}]},{\"@type\":\"WebSite\",\"@id\":\"https:\\\/\\\/iwell-guard.com\\\/ca\\\/#website\",\"url\":\"https:\\\/\\\/iwell-guard.com\\\/ca\\\/\",\"name\":\"iWell Guard\",\"description\":\"Schutz vor dunklen Einfl\u00fcssen\",\"publisher\":{\"@id\":\"https:\\\/\\\/iwell-guard.com\\\/ca\\\/#organization\"},\"potentialAction\":[{\"@type\":\"SearchAction\",\"target\":{\"@type\":\"EntryPoint\",\"urlTemplate\":\"https:\\\/\\\/iwell-guard.com\\\/ca\\\/?s={search_term_string}\"},\"query-input\":{\"@type\":\"PropertyValueSpecification\",\"valueRequired\":true,\"valueName\":\"search_term_string\"}}],\"inLanguage\":\"ca\"},{\"@type\":\"Organization\",\"@id\":\"https:\\\/\\\/iwell-guard.com\\\/ca\\\/#organization\",\"name\":\"Ittermann electronic GmbH\",\"url\":\"https:\\\/\\\/iwell-guard.com\\\/ca\\\/\",\"logo\":{\"@type\":\"ImageObject\",\"inLanguage\":\"ca\",\"@id\":\"https:\\\/\\\/iwell-guard.com\\\/ca\\\/#\\\/schema\\\/logo\\\/image\\\/\",\"url\":\"https:\\\/\\\/iwell-guard.com\\\/wp-content\\\/uploads\\\/2026\\\/05\\\/Ittermann-Logo-1182x237-1.png\",\"contentUrl\":\"https:\\\/\\\/iwell-guard.com\\\/wp-content\\\/uploads\\\/2026\\\/05\\\/Ittermann-Logo-1182x237-1.png\",\"width\":1182,\"height\":237,\"caption\":\"Ittermann electronic GmbH\"},\"image\":{\"@id\":\"https:\\\/\\\/iwell-guard.com\\\/ca\\\/#\\\/schema\\\/logo\\\/image\\\/\"},\"sameAs\":[\"https:\\\/\\\/pantip.com\\\/profile\\\/9367242\",\"https:\\\/\\\/micro.blog\\\/iwellguard\",\"https:\\\/\\\/www.diggerslist.com\\\/iwellguard\\\/about\",\"https:\\\/\\\/skitterphoto.com\\\/photographers\\\/2870314\\\/iwell-guard\",\"https:\\\/\\\/iwellguard.wordpress.com\\\/2026\\\/06\\\/06\\\/iwell-guard\\\/\",\"https:\\\/\\\/hub.docker.com\\\/u\\\/iwellguard\",\"https:\\\/\\\/www.pinterest.com\\\/iwellguard\\\/\",\"https:\\\/\\\/bit.ly\\\/m\\\/iwellguard\",\"https:\\\/\\\/entre-vos-mains.alsace.eu\\\/profiles\\\/iwellguard\\\/activity\",\"https:\\\/\\\/gravatar.com\\\/reallybeded8fd34\",\"https:\\\/\\\/naijamatta.com\\\/iwellguard\",\"https:\\\/\\\/www.goodreads.com\\\/iwellguard\",\"https:\\\/\\\/profile.hatena.ne.jp\\\/iwellguard\\\/\",\"https:\\\/\\\/experiment.com\\\/users\\\/iwellguard\",\"https:\\\/\\\/wakelet.com\\\/@iWellGuard82270\",\"https:\\\/\\\/www.chordie.com\\\/forum\\\/profile.php?id=2555664\",\"https:\\\/\\\/www.instapaper.com\\\/p\\\/17757966\",\"https:\\\/\\\/www.mapleprimes.com\\\/users\\\/iwellguard\",\"https:\\\/\\\/businesslistingplus.com\\\/profile\\\/iwell-guard\\\/\",\"https:\\\/\\\/telegra.ph\\\/iWell-Guard-06-06\",\"https:\\\/\\\/pbase.com\\\/iwellguard\\\/iwellguard\",\"https:\\\/\\\/b.hatena.ne.jp\\\/iwellguard\\\/20260607#bookmark-4788405196491818882\",\"https:\\\/\\\/fliphtml5.com\\\/home\\\/iwellguard\",\"https:\\\/\\\/anyflip.com\\\/homepage\\\/cmiwl#About\",\"https:\\\/\\\/transfur.com\\\/Users\\\/iwellguard\",\"http:\\\/\\\/delphi.larsbo.org\\\/user\\\/iwellguard\",\"https:\\\/\\\/jobs.lajobsportal.org\\\/profiles\\\/8380803-iwell-guard\",\"https:\\\/\\\/md.chaosdorf.de\\\/s\\\/jfbe5SBdJD\",\"https:\\\/\\\/www.lingvolive.com\\\/en-us\\\/profile\\\/9ecaeaca-ce11-4e51-9e71-01d55e2bff36\\\/translations\",\"https:\\\/\\\/www.fitday.com\\\/fitness\\\/forums\\\/members\\\/iwellguard.html\",\"https:\\\/\\\/www.mymeetbook.com\\\/iwellguard\",\"https:\\\/\\\/pxhere.com\\\/en\\\/photographer-me\\\/5040798\",\"https:\\\/\\\/disqus.com\\\/by\\\/iwellguard\\\/about\\\/\",\"https:\\\/\\\/pastelink.net\\\/hjwciqwq\",\"https:\\\/\\\/pubhtml5.com\\\/homepage\\\/scjhn\\\/\",\"https:\\\/\\\/www.bitchute.com\\\/channel\\\/2O2eOKzNqujT\",\"https:\\\/\\\/audiomack.com\\\/iwellguard\"]},{\"@type\":\"Article\",\"@id\":\"https:\\\/\\\/iwell-guard.com\\\/ca\\\/palden-lhamo\\\/#article\",\"isPartOf\":{\"@id\":\"https:\\\/\\\/iwell-guard.com\\\/ca\\\/palden-lhamo\\\/\"},\"author\":{\"name\":\"Ralf Ittermann\",\"@id\":\"https:\\\/\\\/iwell-guard.com\\\/ca\\\/#\\\/schema\\\/person\\\/ee2a27f1cac3406c7c6fb5820cb7349f\"},\"headline\":\"Palden Lhamo\",\"datePublished\":\"2026-09-05T15:40:10+00:00\",\"dateModified\":\"2026-09-05T16:00:17+00:00\",\"mainEntityOfPage\":{\"@id\":\"https:\\\/\\\/iwell-guard.com\\\/ca\\\/palden-lhamo\\\/\"},\"publisher\":{\"@id\":\"https:\\\/\\\/iwell-guard.com\\\/ca\\\/#organization\"},\"image\":{\"@id\":\"https:\\\/\\\/iwell-guard.com\\\/ca\\\/palden-lhamo\\\/#primaryimage\"},\"thumbnailUrl\":\"https:\\\/\\\/iwell-guard.com\\\/wp-content\\\/uploads\\\/2026\\\/04\\\/goetter_tibet_palden-lhamo.webp\",\"inLanguage\":\"ca\",\"description\":\"Palden Lhamo, l'\u00fanica de\u00eftat protectora femenina del pante\u00f3 tibet\u00e0. Terrible genet a cavall, guardiana de Lhasa i de l'ensenyament del Dharma.\"}]}<\/script>\n<!-- \/ Yoast SEO Premium plugin. -->","yoast_head_json":{"title":"Palden Lhamo \u2013 deessa protectora iracunda del Tibet","description":"Palden Lhamo, l'\u00fanica de\u00eftat protectora femenina del pante\u00f3 tibet\u00e0. Terrible genet a cavall, guardiana de Lhasa i de l'ensenyament del Dharma.","robots":{"index":"index","follow":"follow","max-snippet":"max-snippet:-1","max-image-preview":"max-image-preview:large","max-video-preview":"max-video-preview:-1"},"canonical":"https:\/\/iwell-guard.com\/ca\/palden-lhamo\/","og_locale":"ca_ES","og_type":"article","og_title":"Palden Lhamo","og_description":"Palden Lhamo, l'\u00fanica de\u00eftat protectora femenina del pante\u00f3 tibet\u00e0. Terrible genet a cavall, guardiana de Lhasa i de l'ensenyament del Dharma.","og_url":"https:\/\/iwell-guard.com\/ca\/palden-lhamo\/","og_site_name":"iWell Guard","article_modified_time":"2026-09-05T16:00:17+00:00","og_image":[{"width":1024,"height":1536,"url":"https:\/\/iwell-guard.com\/wp-content\/uploads\/2026\/04\/goetter_tibet_palden-lhamo.webp","type":"image\/webp"}],"twitter_card":"summary_large_image","schema":{"@context":"https:\/\/schema.org","@graph":[{"@type":"Article","@id":"https:\/\/iwell-guard.com\/ca\/palden-lhamo\/#article","isPartOf":{"@id":"https:\/\/iwell-guard.com\/ca\/palden-lhamo\/"},"author":{"name":"Ralf Ittermann","@id":"https:\/\/iwell-guard.com\/ca\/#\/schema\/person\/ee2a27f1cac3406c7c6fb5820cb7349f"},"headline":"Palden Lhamo","datePublished":"2026-09-05T15:40:10+00:00","dateModified":"2026-09-05T16:00:17+00:00","mainEntityOfPage":{"@id":"https:\/\/iwell-guard.com\/ca\/palden-lhamo\/"},"publisher":{"@id":"https:\/\/iwell-guard.com\/ca\/#organization"},"image":{"@id":"https:\/\/iwell-guard.com\/ca\/palden-lhamo\/#primaryimage"},"thumbnailUrl":"https:\/\/iwell-guard.com\/wp-content\/uploads\/2026\/04\/goetter_tibet_palden-lhamo.webp","inLanguage":"ca","description":"Palden Lhamo, l'\u00fanica de\u00eftat protectora femenina del pante\u00f3 tibet\u00e0. Terrible genet a cavall, guardiana de Lhasa i de l'ensenyament del Dharma."},{"@type":"WebPage","@id":"https:\/\/iwell-guard.com\/ca\/palden-lhamo\/","url":"https:\/\/iwell-guard.com\/ca\/palden-lhamo\/","name":"Palden Lhamo \u2013 deessa protectora iracunda del Tibet","isPartOf":{"@id":"https:\/\/iwell-guard.com\/ca\/#website"},"primaryImageOfPage":{"@id":"https:\/\/iwell-guard.com\/ca\/palden-lhamo\/#primaryimage"},"image":{"@id":"https:\/\/iwell-guard.com\/ca\/palden-lhamo\/#primaryimage"},"thumbnailUrl":"https:\/\/iwell-guard.com\/wp-content\/uploads\/2026\/04\/goetter_tibet_palden-lhamo.webp","datePublished":"2026-09-05T15:40:10+00:00","dateModified":"2026-09-05T16:00:17+00:00","description":"Palden Lhamo, l'\u00fanica de\u00eftat protectora femenina del pante\u00f3 tibet\u00e0. Terrible genet a cavall, guardiana de Lhasa i de l'ensenyament del Dharma.","breadcrumb":{"@id":"https:\/\/iwell-guard.com\/ca\/palden-lhamo\/#breadcrumb"},"inLanguage":"ca","potentialAction":[{"@type":"ReadAction","target":["https:\/\/iwell-guard.com\/ca\/palden-lhamo\/"]}]},{"@type":"ImageObject","inLanguage":"ca","@id":"https:\/\/iwell-guard.com\/ca\/palden-lhamo\/#primaryimage","url":"https:\/\/iwell-guard.com\/wp-content\/uploads\/2026\/04\/goetter_tibet_palden-lhamo.webp","contentUrl":"https:\/\/iwell-guard.com\/wp-content\/uploads\/2026\/04\/goetter_tibet_palden-lhamo.webp","width":1024,"height":1536,"caption":"D\u00e9us de la tradici\u00f3 tibetana."},{"@type":"BreadcrumbList","@id":"https:\/\/iwell-guard.com\/ca\/palden-lhamo\/#breadcrumb","itemListElement":[{"@type":"ListItem","position":1,"name":"Start","item":"https:\/\/iwell-guard.com\/ca\/?page_id=171333"},{"@type":"ListItem","position":2,"name":"Palden Lhamo"}]},{"@type":"WebSite","@id":"https:\/\/iwell-guard.com\/ca\/#website","url":"https:\/\/iwell-guard.com\/ca\/","name":"iWell Guard","description":"Schutz vor dunklen Einfl\u00fcssen","publisher":{"@id":"https:\/\/iwell-guard.com\/ca\/#organization"},"potentialAction":[{"@type":"SearchAction","target":{"@type":"EntryPoint","urlTemplate":"https:\/\/iwell-guard.com\/ca\/?s={search_term_string}"},"query-input":{"@type":"PropertyValueSpecification","valueRequired":true,"valueName":"search_term_string"}}],"inLanguage":"ca"},{"@type":"Organization","@id":"https:\/\/iwell-guard.com\/ca\/#organization","name":"Ittermann electronic GmbH","url":"https:\/\/iwell-guard.com\/ca\/","logo":{"@type":"ImageObject","inLanguage":"ca","@id":"https:\/\/iwell-guard.com\/ca\/#\/schema\/logo\/image\/","url":"https:\/\/iwell-guard.com\/wp-content\/uploads\/2026\/05\/Ittermann-Logo-1182x237-1.png","contentUrl":"https:\/\/iwell-guard.com\/wp-content\/uploads\/2026\/05\/Ittermann-Logo-1182x237-1.png","width":1182,"height":237,"caption":"Ittermann electronic GmbH"},"image":{"@id":"https:\/\/iwell-guard.com\/ca\/#\/schema\/logo\/image\/"},"sameAs":["https:\/\/pantip.com\/profile\/9367242","https:\/\/micro.blog\/iwellguard","https:\/\/www.diggerslist.com\/iwellguard\/about","https:\/\/skitterphoto.com\/photographers\/2870314\/iwell-guard","https:\/\/iwellguard.wordpress.com\/2026\/06\/06\/iwell-guard\/","https:\/\/hub.docker.com\/u\/iwellguard","https:\/\/www.pinterest.com\/iwellguard\/","https:\/\/bit.ly\/m\/iwellguard","https:\/\/entre-vos-mains.alsace.eu\/profiles\/iwellguard\/activity","https:\/\/gravatar.com\/reallybeded8fd34","https:\/\/naijamatta.com\/iwellguard","https:\/\/www.goodreads.com\/iwellguard","https:\/\/profile.hatena.ne.jp\/iwellguard\/","https:\/\/experiment.com\/users\/iwellguard","https:\/\/wakelet.com\/@iWellGuard82270","https:\/\/www.chordie.com\/forum\/profile.php?id=2555664","https:\/\/www.instapaper.com\/p\/17757966","https:\/\/www.mapleprimes.com\/users\/iwellguard","https:\/\/businesslistingplus.com\/profile\/iwell-guard\/","https:\/\/telegra.ph\/iWell-Guard-06-06","https:\/\/pbase.com\/iwellguard\/iwellguard","https:\/\/b.hatena.ne.jp\/iwellguard\/20260607#bookmark-4788405196491818882","https:\/\/fliphtml5.com\/home\/iwellguard","https:\/\/anyflip.com\/homepage\/cmiwl#About","https:\/\/transfur.com\/Users\/iwellguard","http:\/\/delphi.larsbo.org\/user\/iwellguard","https:\/\/jobs.lajobsportal.org\/profiles\/8380803-iwell-guard","https:\/\/md.chaosdorf.de\/s\/jfbe5SBdJD","https:\/\/www.lingvolive.com\/en-us\/profile\/9ecaeaca-ce11-4e51-9e71-01d55e2bff36\/translations","https:\/\/www.fitday.com\/fitness\/forums\/members\/iwellguard.html","https:\/\/www.mymeetbook.com\/iwellguard","https:\/\/pxhere.com\/en\/photographer-me\/5040798","https:\/\/disqus.com\/by\/iwellguard\/about\/","https:\/\/pastelink.net\/hjwciqwq","https:\/\/pubhtml5.com\/homepage\/scjhn\/","https:\/\/www.bitchute.com\/channel\/2O2eOKzNqujT","https:\/\/audiomack.com\/iwellguard"]},{"@type":"Person","@id":"https:\/\/iwell-guard.com\/ca\/#\/schema\/person\/ee2a27f1cac3406c7c6fb5820cb7349f","name":"Ralf Ittermann","image":{"@type":"ImageObject","inLanguage":"ca","@id":"https:\/\/secure.gravatar.com\/avatar\/073c0153e350a5005b68eb752b445fea71f6b24a26da9449ad7e155e6b446c9d?s=96&d=mm&r=g","url":"https:\/\/secure.gravatar.com\/avatar\/073c0153e350a5005b68eb752b445fea71f6b24a26da9449ad7e155e6b446c9d?s=96&d=mm&r=g","contentUrl":"https:\/\/secure.gravatar.com\/avatar\/073c0153e350a5005b68eb752b445fea71f6b24a26da9449ad7e155e6b446c9d?s=96&d=mm&r=g","caption":"Ralf Ittermann"},"givenName":"Ralf","familyName":"Ittermann","jobTitle":"Gesch\u00e4ftsf\u00fchrer und redaktioneller Verantwortlicher","url":"https:\/\/iwell-guard.com\/ca\/author\/claude\/","description":"Ralf Ittermann ist Gesch\u00e4ftsf\u00fchrer der Ittermann electronic GmbH und redaktioneller Verantwortlicher des iWell-Guard-Lexikons. Er verbindet langj\u00e4hrige Erfahrung in der Pr\u00e4zisionsfertigung mit medialer Praxis und religionsgeschichtlicher Quellenarbeit.","worksFor":{"@type":"Organization","name":"Ittermann electronic GmbH","url":"https:\/\/ittermann.de\/","address":{"@type":"PostalAddress","streetAddress":"K\u00f6hlergasse 16-18","postalCode":"99842","addressLocality":"Ruhla","addressCountry":"DE"}},"knowsAbout":["Religionsgeschichte","Mythologie","Mediale Praxis","Energetische Diagnostik","Schutzpraxis","Volksglauben","Westliche Esoterik"]},{"@type":"Article","@id":"https:\/\/iwell-guard.com\/ca\/palden-lhamo\/#article","isPartOf":{"@id":"https:\/\/iwell-guard.com\/ca\/palden-lhamo\/"},"author":{"name":"Ralf Ittermann","@id":"https:\/\/iwell-guard.com\/ca\/#\/schema\/person\/ee2a27f1cac3406c7c6fb5820cb7349f"},"headline":"Palden Lhamo","datePublished":"2026-09-05T15:40:10+00:00","dateModified":"2026-09-05T16:00:17+00:00","mainEntityOfPage":{"@id":"https:\/\/iwell-guard.com\/ca\/palden-lhamo\/"},"publisher":{"@id":"https:\/\/iwell-guard.com\/ca\/#organization"},"image":{"@id":"https:\/\/iwell-guard.com\/ca\/palden-lhamo\/#primaryimage"},"thumbnailUrl":"https:\/\/iwell-guard.com\/wp-content\/uploads\/2026\/04\/goetter_tibet_palden-lhamo.webp","inLanguage":"ca","description":"Palden Lhamo, l'\u00fanica de\u00eftat protectora femenina del pante\u00f3 tibet\u00e0. Terrible genet a cavall, guardiana de Lhasa i de l'ensenyament del Dharma."}]}},"_links":{"self":[{"href":"https:\/\/iwell-guard.com\/ca\/wp-json\/wp\/v2\/pages\/171530","targetHints":{"allow":["GET"]}}],"collection":[{"href":"https:\/\/iwell-guard.com\/ca\/wp-json\/wp\/v2\/pages"}],"about":[{"href":"https:\/\/iwell-guard.com\/ca\/wp-json\/wp\/v2\/types\/page"}],"author":[{"embeddable":true,"href":"https:\/\/iwell-guard.com\/ca\/wp-json\/wp\/v2\/users\/3"}],"replies":[{"embeddable":true,"href":"https:\/\/iwell-guard.com\/ca\/wp-json\/wp\/v2\/comments?post=171530"}],"version-history":[{"count":0,"href":"https:\/\/iwell-guard.com\/ca\/wp-json\/wp\/v2\/pages\/171530\/revisions"}],"wp:featuredmedia":[{"embeddable":true,"href":"https:\/\/iwell-guard.com\/ca\/wp-json\/wp\/v2\/media\/1768"}],"wp:attachment":[{"href":"https:\/\/iwell-guard.com\/ca\/wp-json\/wp\/v2\/media?parent=171530"}],"wp:term":[{"taxonomy":"category","embeddable":true,"href":"https:\/\/iwell-guard.com\/ca\/wp-json\/wp\/v2\/categories?post=171530"}],"curies":[{"name":"wp","href":"https:\/\/api.w.org\/{rel}","templated":true}]}}