{"id":171521,"date":"2026-09-05T15:40:06","date_gmt":"2026-09-05T15:40:06","guid":{"rendered":"https:\/\/iwell-guard.com\/?page_id=171521"},"modified":"2026-09-05T15:59:55","modified_gmt":"2026-09-05T15:59:55","slug":"vajrapani","status":"publish","type":"page","link":"https:\/\/iwell-guard.com\/ca\/vajrapani\/","title":{"rendered":"Vajrapani"},"content":{"rendered":"\t\t<div data-elementor-type=\"wp-page\" data-elementor-id=\"171521\" class=\"elementor elementor-171521 elementor-2002 elementor-bc-flex-widget\" data-elementor-post-type=\"page\">\n\t\t\t\t<div class=\"elementor-element elementor-element-10fdade e-flex e-con-boxed e-con e-parent\" data-id=\"10fdade\" data-element_type=\"container\" data-e-type=\"container\" data-settings=\"{&quot;background_background&quot;:&quot;classic&quot;}\">\n\t\t\t\t\t<div class=\"e-con-inner\">\n\t\t<div class=\"elementor-element elementor-element-herohlft0 e-flex e-con-boxed e-con e-child\" data-id=\"herohlft0\" data-element_type=\"container\" data-e-type=\"container\">\n\t\t\t\t\t<div class=\"e-con-inner\">\n\t\t<div class=\"elementor-element elementor-element-c3ceb64 e-con-full e-flex e-con e-child\" data-id=\"c3ceb64\" data-element_type=\"container\" data-e-type=\"container\">\n\t\t\t\t<div class=\"elementor-element elementor-element-96ae5e1 elementor-widget elementor-widget-heading\" data-id=\"96ae5e1\" data-element_type=\"widget\" data-e-type=\"widget\" data-widget_type=\"heading.default\">\n\t\t\t\t\t<h1 class=\"elementor-heading-title elementor-size-default\">Vajrapani, d\u00e9u de la tradici\u00f3 budista<\/h1>\t\t\t\t<\/div>\n\t\t\t\t<div class=\"elementor-element elementor-element-e45238a elementor-widget elementor-widget-text-editor\" data-id=\"e45238a\" data-element_type=\"widget\" data-e-type=\"widget\" data-widget_type=\"text-editor.default\">\n\t\t\t\t\t\t\t\t\t<p>Vajrapani \u00e9s un d\u00e9u de la tradici\u00f3 budista.<\/p><p><strong>El <span class=\"iwg-fachbegriff\" tabindex=\"0\" data-tooltip=\"En el budisme Mahayana, un \u00e9sser il\u00b7luminat que ajorna la seva pr\u00f2pia alliberaci\u00f3 a favor de l'ensenyament per al b\u00e9 d'altres \u00e9ssers.\">bodhisattva<\/span> del llamp, protector i guardi\u00e0 de la for\u00e7a de Buda.<\/strong><\/p><p>Vajrapani \u00e9s el <span class=\"iwg-fachbegriff\" tabindex=\"0\" data-tooltip=\"En el budisme Mahayana, un \u00e9sser il\u00b7luminat que ajorna la seva alliberaci\u00f3 a favor de l'ensenyament per al b\u00e9 d'altres \u00e9ssers.\">bodhisattva<\/span> de la for\u00e7a i guardi\u00e0 del llamp diamant\u00ed del <span class=\"iwg-fachbegriff\" data-tooltip=\"En les religions \u00edndies, l'ensenyament i l'ordre correcte de l'acci\u00f3.\" tabindex=\"0\">dharma<\/span> de Buda.<\/p>\t\t\t\t\t\t\t\t<\/div>\n\t\t\t\t<\/div>\n\t\t<div class=\"elementor-element elementor-element-klsbdg01 e-con-full e-flex e-con e-parent\" data-id=\"klsbdg01\" data-element_type=\"container\" data-e-type=\"container\">\n\t\t\t\t<div class=\"elementor-element elementor-element-klshtm01 elementor-widget elementor-widget-html\" data-id=\"klshtm01\" data-element_type=\"widget\" data-e-type=\"widget\" data-widget_type=\"html.default\">\n\t\t\t\t\t<div class=\"iwg-pill-row\"><span class=\"iwg-klasse-badge\" tabindex=\"0\" data-tooltip=\"D\u00e9u \/ Deessa: poder suprem personificat dins el pante\u00f3 d'una cultura, amb \u00e0mbits d'actuaci\u00f3 clars com forces naturals, dest\u00ed, guerra o fertilitat. Venerat mitjan\u00e7ant cultes, ofrenes i institucions de temple.\">D\u00e9u<\/span><a href=\"https:\/\/iwell-guard.com\/ca\/?page_id=171394\" class=\"iwg-kultur-badge\" tabindex=\"0\" data-tooltip=\"Tradici\u00f3 budista amb bodhisattvas, divinitats protectores, esperits famolencs i guardians infernals.\">Budisme<\/a><\/div>\t\t\t\t<\/div>\n\t\t\t\t<\/div>\n\t\t<div class=\"elementor-element elementor-element-3f74855 e-con-full e-flex e-con e-child\" data-id=\"3f74855\" data-element_type=\"container\" data-e-type=\"container\">\n\t\t\t\t<div class=\"elementor-element elementor-element-1c30362 elementor-toc--minimized-on-tablet elementor-widget elementor-widget-table-of-contents\" data-id=\"1c30362\" data-element_type=\"widget\" data-e-type=\"widget\" data-settings=\"{&quot;exclude_headings_by_selector&quot;:[],&quot;no_headings_message&quot;:&quot;No s&#039;ha trobat cap encap\\u00e7alament en aquesta p\\u00e0gina.&quot;,&quot;headings_by_tags&quot;:[&quot;h2&quot;,&quot;h3&quot;],&quot;marker_view&quot;:&quot;bullets&quot;,&quot;minimize_box&quot;:&quot;yes&quot;,&quot;icon&quot;:{&quot;value&quot;:&quot;fas fa-circle&quot;,&quot;library&quot;:&quot;fa-solid&quot;,&quot;rendered_tag&quot;:&quot;&lt;svg class=\\&quot;e-font-icon-svg e-fas-circle\\&quot; viewBox=\\&quot;0 0 512 512\\&quot; xmlns=\\&quot;http:\\\/\\\/www.w3.org\\\/2000\\\/svg\\&quot;&gt;&lt;path d=\\&quot;M256 8C119 8 8 119 8 256s111 248 248 248 248-111 248-248S393 8 256 8z\\&quot;&gt;&lt;\\\/path&gt;&lt;\\\/svg&gt;&quot;},&quot;minimized_on&quot;:&quot;tablet&quot;,&quot;hierarchical_view&quot;:&quot;yes&quot;,&quot;min_height&quot;:{&quot;unit&quot;:&quot;px&quot;,&quot;size&quot;:&quot;&quot;,&quot;sizes&quot;:[]},&quot;min_height_tablet&quot;:{&quot;unit&quot;:&quot;px&quot;,&quot;size&quot;:&quot;&quot;,&quot;sizes&quot;:[]},&quot;min_height_mobile&quot;:{&quot;unit&quot;:&quot;px&quot;,&quot;size&quot;:&quot;&quot;,&quot;sizes&quot;:[]}}\" data-widget_type=\"table-of-contents.default\">\n\t\t\t\t\t\t\t\t\t<div class=\"elementor-toc__header\">\n\t\t\t\t\t\t<h2 class=\"elementor-toc__header-title\">\n\t\t\t\t\u00cdndex\t\t\t<\/h2>\n\t\t\t\t\t\t\t\t\t\t<div class=\"elementor-toc__toggle-button elementor-toc__toggle-button--expand\" role=\"button\" tabindex=\"0\" aria-controls=\"elementor-toc__1c30362\" aria-expanded=\"true\" aria-label=\"Open table of contents\"><svg aria-hidden=\"true\" class=\"e-font-icon-svg e-fas-chevron-down\" viewBox=\"0 0 448 512\" xmlns=\"http:\/\/www.w3.org\/2000\/svg\"><path d=\"M207.029 381.476L12.686 187.132c-9.373-9.373-9.373-24.569 0-33.941l22.667-22.667c9.357-9.357 24.522-9.375 33.901-.04L224 284.505l154.745-154.021c9.379-9.335 24.544-9.317 33.901.04l22.667 22.667c9.373 9.373 9.373 24.569 0 33.941L240.971 381.476c-9.373 9.372-24.569 9.372-33.942 0z\"><\/path><\/svg><\/div>\n\t\t\t\t<div class=\"elementor-toc__toggle-button elementor-toc__toggle-button--collapse\" role=\"button\" tabindex=\"0\" aria-controls=\"elementor-toc__1c30362\" aria-expanded=\"true\" aria-label=\"Close table of contents\"><svg aria-hidden=\"true\" class=\"e-font-icon-svg e-fas-chevron-up\" viewBox=\"0 0 448 512\" xmlns=\"http:\/\/www.w3.org\/2000\/svg\"><path d=\"M240.971 130.524l194.343 194.343c9.373 9.373 9.373 24.569 0 33.941l-22.667 22.667c-9.357 9.357-24.522 9.375-33.901.04L224 227.495 69.255 381.516c-9.379 9.335-24.544 9.317-33.901-.04l-22.667-22.667c-9.373-9.373-9.373-24.569 0-33.941L207.03 130.525c9.372-9.373 24.568-9.373 33.941-.001z\"><\/path><\/svg><\/div>\n\t\t\t\t\t<\/div>\n\t\t\t\t<div id=\"elementor-toc__1c30362\" class=\"elementor-toc__body\">\n\t\t\t<div class=\"elementor-toc__spinner-container\">\n\t\t\t\t<svg class=\"elementor-toc__spinner eicon-animation-spin e-font-icon-svg e-eicon-loading\" aria-hidden=\"true\" viewBox=\"0 0 1000 1000\" xmlns=\"http:\/\/www.w3.org\/2000\/svg\"><path d=\"M500 975V858C696 858 858 696 858 500S696 142 500 142 142 304 142 500H25C25 237 238 25 500 25S975 237 975 500 763 975 500 975Z\"><\/path><\/svg>\t\t\t<\/div>\n\t\t<\/div>\n\t\t\t\t\t\t<\/div>\n\t\t\t\t<\/div>\n\t\t\t\t\t<\/div>\n\t\t\t\t<\/div>\n\t\t<div class=\"elementor-element elementor-element-herorght0 e-con-full e-flex e-con e-child\" data-id=\"herorght0\" data-element_type=\"container\" data-e-type=\"container\">\n\t\t\t\t<div class=\"elementor-element elementor-element-heroimg00 iwg-hero-image elementor-widget elementor-widget-image\" data-id=\"heroimg00\" data-element_type=\"widget\" data-e-type=\"widget\" data-widget_type=\"image.default\">\n\t\t\t\t\t\t\t\t\t\t\t\t\t\t\t<img fetchpriority=\"high\" decoding=\"async\" width=\"683\" height=\"1024\" src=\"https:\/\/iwell-guard.com\/wp-content\/uploads\/2026\/04\/goetter_buddhismus_vajrapani-683x1024.webp\" class=\"attachment-large size-large wp-image-1739\" alt=\"Vajrapani\" srcset=\"https:\/\/iwell-guard.com\/wp-content\/uploads\/2026\/04\/goetter_buddhismus_vajrapani-683x1024.webp 683w, https:\/\/iwell-guard.com\/wp-content\/uploads\/2026\/04\/goetter_buddhismus_vajrapani-200x300.webp 200w, https:\/\/iwell-guard.com\/wp-content\/uploads\/2026\/04\/goetter_buddhismus_vajrapani-768x1152.webp 768w, https:\/\/iwell-guard.com\/wp-content\/uploads\/2026\/04\/goetter_buddhismus_vajrapani.webp 1024w\" sizes=\"(max-width: 683px) 100vw, 683px\" \/>\t\t\t\t\t\t\t\t\t\t\t\t\t\t\t<\/div>\n\t\t\t\t<\/div>\n\t\t\t\t\t<\/div>\n\t\t\t\t<\/div>\n\t\t<div class=\"elementor-element elementor-element-32917199 e-flex e-con-boxed e-con e-parent\" data-id=\"32917199\" data-element_type=\"container\" data-e-type=\"container\">\n\t\t\t\t\t<div class=\"e-con-inner\">\n\t\t<div class=\"elementor-element elementor-element-26e916cb e-flex e-con-boxed e-con e-child\" data-id=\"26e916cb\" data-element_type=\"container\" data-e-type=\"container\">\n\t\t\t\t\t<div class=\"e-con-inner\">\n\t\t<div class=\"elementor-element elementor-element-253a40d4 e-flex e-con-boxed e-con e-child\" data-id=\"253a40d4\" data-element_type=\"container\" data-e-type=\"container\">\n\t\t\t\t\t<div class=\"e-con-inner\">\n\t\t\t\t<div class=\"elementor-element elementor-element-1200c304 elementor-widget elementor-widget-heading\" data-id=\"1200c304\" data-element_type=\"widget\" data-e-type=\"widget\" data-widget_type=\"heading.default\">\n\t\t\t\t\t<h2 class=\"elementor-heading-title elementor-size-default\">Vajrapani<\/h2>\t\t\t\t<\/div>\n\t\t\t\t<div class=\"elementor-element elementor-element-11758e7f elementor-widget elementor-widget-text-editor\" data-id=\"11758e7f\" data-element_type=\"widget\" data-e-type=\"widget\" data-widget_type=\"text-editor.default\">\n\t\t\t\t\t\t\t\t\t<p>Vajrapani \u00e9s un dels bodhisattvas m\u00e9s poderosos del budisme <span class=\"iwg-fachbegriff\" tabindex=\"0\" data-tooltip=\"'Gran vehicle'; una de les tres tradicions principals del budisme, amb l'ideal del bodhisattva i una reflexi\u00f3 filos\u00f2fica elaborada.\">Mahayana<\/span>, una figura entre un d\u00e9u i un \u00e9sser il\u00b7luminat. Amb el seu vajra (llamp diamant\u00ed) a la m\u00e0, es mant\u00e9 com a guardi\u00e0 al costat de Buda, disposat a esclafar les forces malignes.<\/p><p>El seu nom significa \u00abm\u00e0 del llamp diamant\u00ed\u00bb. En el budisme tibet\u00e0, Vajrapani \u00e9s protector i alhora mestre t\u00e0ntric; el seu intens <span class=\"iwg-fachbegriff\" tabindex=\"0\" data-tooltip=\"F\u00f3rmula ritual de s\u00edl\u00b7labes o paraules repetides amb efecte transformador; central en les tradicions \u00edndies, adaptada a Occident com a pr\u00e0ctica de decret.\">mantra<\/span> i la seva visualitzaci\u00f3 condueixen a la for\u00e7a interior i a la protecci\u00f3 contra les energies negatives.<\/p>\t\t\t\t\t\t\t\t<\/div>\n\t\t\t\t\t<\/div>\n\t\t\t\t<\/div>\n\t\t<div class=\"elementor-element elementor-element-159dcf9a e-flex e-con-boxed e-con e-child\" data-id=\"159dcf9a\" data-element_type=\"container\" data-e-type=\"container\">\n\t\t\t\t\t<div class=\"e-con-inner\">\n\t\t\t\t<div class=\"elementor-element elementor-element-48cee66f elementor-widget elementor-widget-heading\" data-id=\"48cee66f\" data-element_type=\"widget\" data-e-type=\"widget\" data-widget_type=\"heading.default\">\n\t\t\t\t\t<div class=\"elementor-heading-title elementor-size-default\">Perfil breu: Vajrapani<\/div>\t\t\t\t<\/div>\n\t\t\t\t<div class=\"elementor-element elementor-element-3f50d82c elementor-widget elementor-widget-text-editor\" data-id=\"3f50d82c\" data-element_type=\"widget\" data-e-type=\"widget\" data-widget_type=\"text-editor.default\">\n\t\t\t\t\t\t\t\t\t<p><strong>Tipus:<\/strong> Bodhisattva principal del budisme <span class=\"iwg-fachbegriff\" tabindex=\"0\" data-tooltip=\"Gran vehicle; una de les tres tradicions principals del budisme, amb l'ideal del bodhisattva.\">Mahayana<\/span>, encarnaci\u00f3 de la for\u00e7a dels budes<br><span class=\"iwg-fachbegriff\" data-tooltip=\"El conjunt de d\u00e9us d'una religi\u00f3 o cultura.\" tabindex=\"0\">Pante\u00f3<\/span>: budisme Mahayana i <span class=\"iwg-fachbegriff\" tabindex=\"0\" data-tooltip=\"'Vehicle de diamant'; forma t\u00e0ntrica del budisme Mahayana, sobretot al Tibet, centrada en la pr\u00e0ctica del yidam i la t\u00e8cnica del mantra.\">Vajrayana<\/span><br>Funci\u00f3: protector de Buda i de l&#8217;ensenyament, encarnaci\u00f3 de la for\u00e7a espiritual<br>Atributs principals: vajra (llamp diamant\u00ed), manifestaci\u00f3 wrathful (irada), faldilla de pell de tigre<br>Principals llocs de culte: monestirs de Sera i Drepung (Tibet), complexos mon\u00e0stics nepalesos i bhutanesos<br>Pertinen\u00e7a: un dels tres bodhisattvas principals (amb Avalokiteshvara i Manjushri)<\/p>\t\t\t\t\t\t\t\t<\/div>\n\t\t\t\t\t<\/div>\n\t\t\t\t<\/div>\n\t\t\t\t\t<\/div>\n\t\t\t\t<\/div>\n\t\t\t\t\t<\/div>\n\t\t\t\t<\/div>\n\t\t<div class=\"elementor-element elementor-element-18613602 e-flex e-con-boxed e-con e-parent\" data-id=\"18613602\" data-element_type=\"container\" data-e-type=\"container\">\n\t\t\t\t\t<div class=\"e-con-inner\">\n\t\t\t\t<div class=\"elementor-element elementor-element-262b8a9f elementor-widget elementor-widget-heading\" data-id=\"262b8a9f\" data-element_type=\"widget\" data-e-type=\"widget\" data-widget_type=\"heading.default\">\n\t\t\t\t\t<h2 class=\"elementor-heading-title elementor-size-default\">Introducci\u00f3<\/h2>\t\t\t\t<\/div>\n\t\t<div class=\"elementor-element elementor-element-46dcb7d e-con-full e-flex e-con e-child\" data-id=\"46dcb7d\" data-element_type=\"container\" data-e-type=\"container\">\n\t\t<div class=\"elementor-element elementor-element-61d3ab3 e-flex e-con-boxed e-con e-child\" data-id=\"61d3ab3\" data-element_type=\"container\" data-e-type=\"container\">\n\t\t\t\t\t<div class=\"e-con-inner\">\n\t\t\t\t<div class=\"elementor-element elementor-element-117c166 elementor-widget elementor-widget-heading\" data-id=\"117c166\" data-element_type=\"widget\" data-e-type=\"widget\" data-widget_type=\"heading.default\">\n\t\t\t\t\t<div class=\"elementor-heading-title elementor-size-default\">Per\u00edode dels textos<\/div>\t\t\t\t<\/div>\n\t\t\t\t<div class=\"elementor-element elementor-element-73997a0 elementor-widget elementor-widget-text-editor\" data-id=\"73997a0\" data-element_type=\"widget\" data-e-type=\"widget\" data-widget_type=\"text-editor.default\">\n\t\t\t\t\t\t\t\t\t<p>Vajrap\u00e2\u1e47i (\u00abvajra a la m\u00e0\u00bb) est\u00e0 documentat des dels primers s\u00fbtres Mah\u00e2y\u00e2na (segles I-II dC). Als textos pali apareix esmentat com a guardaespatlles iaksha de Buda. L&#8217;\u00e8poca de m\u00e0xim apogeu de la forma wrathful \u00e9s la tradici\u00f3 t\u00e0ntrica Vajray\u00e2na (segle VIII en endavant) al Tibet. Avui \u00e9s una divinitat protectora central a les escoles del budisme tibet\u00e0, especialment a la tradici\u00f3 Gelug.<\/p>\t\t\t\t\t\t\t\t<\/div>\n\t\t\t\t\t<\/div>\n\t\t\t\t<\/div>\n\t\t<div class=\"elementor-element elementor-element-d47b156 e-flex e-con-boxed e-con e-child\" data-id=\"d47b156\" data-element_type=\"container\" data-e-type=\"container\">\n\t\t\t\t\t<div class=\"e-con-inner\">\n\t\t\t\t<div class=\"elementor-element elementor-element-ff38c2b elementor-widget elementor-widget-heading\" data-id=\"ff38c2b\" data-element_type=\"widget\" data-e-type=\"widget\" data-widget_type=\"heading.default\">\n\t\t\t\t\t<div class=\"elementor-heading-title elementor-size-default\">\u00c0rea de difusi\u00f3<\/div>\t\t\t\t<\/div>\n\t\t\t\t<div class=\"elementor-element elementor-element-4e49fcc elementor-widget elementor-widget-text-editor\" data-id=\"4e49fcc\" data-element_type=\"widget\" data-e-type=\"widget\" data-widget_type=\"text-editor.default\">\n\t\t\t\t\t\t\t\t\t<p>Principals llocs de culte: monestirs Gelug tibetans (Sera, Drepung, Gand\u00e4n, Tashilhunpo), monestirs sherpa nepalesos, tradici\u00f3 drukpa bhutanesa. Al Jap\u00f3 com a <em>Kong\u014drikishi<\/em> o <em>Nio<\/em>, els dos guardians del llindar a l&#8217;entrada de cada <span class=\"iwg-fachbegriff\" data-tooltip=\"Una construcci\u00f3 destinada a la veneraci\u00f3 d'una o diverses divinitats.\" tabindex=\"0\">temple<\/span> japon\u00e8s. A la Xina com a parella de guardians <em>Heng-Ha<\/em>. Central a Mong\u00f2lia i Buri\u00e0tia.<\/p>\t\t\t\t\t\t\t\t<\/div>\n\t\t\t\t\t<\/div>\n\t\t\t\t<\/div>\n\t\t\t\t<\/div>\n\t\t<div class=\"elementor-element elementor-element-db03c39 e-con-full e-flex e-con e-child\" data-id=\"db03c39\" data-element_type=\"container\" data-e-type=\"container\">\n\t\t<div class=\"elementor-element elementor-element-229a87b e-flex e-con-boxed e-con e-child\" data-id=\"229a87b\" data-element_type=\"container\" data-e-type=\"container\">\n\t\t\t\t\t<div class=\"e-con-inner\">\n\t\t\t\t<div class=\"elementor-element elementor-element-1f471fc elementor-widget elementor-widget-heading\" data-id=\"1f471fc\" data-element_type=\"widget\" data-e-type=\"widget\" data-widget_type=\"heading.default\">\n\t\t\t\t\t<div class=\"elementor-heading-title elementor-size-default\">Estat de les fonts<\/div>\t\t\t\t<\/div>\n\t\t\t\t<div class=\"elementor-element elementor-element-36b1201 elementor-widget elementor-widget-text-editor\" data-id=\"36b1201\" data-element_type=\"widget\" data-e-type=\"widget\" data-widget_type=\"text-editor.default\">\n\t\t\t\t\t\t\t\t\t<p>Fonts centrals: <em>Lank\u00e2vat\u00e2ra-<span class=\"iwg-fachbegriff\" data-tooltip=\"En l'hinduisme i el budisme, un text doctrinal en forma concisa.\" tabindex=\"0\">sutra<\/span><\/em>, <em>Vajrap\u00e2\u1e47i-Vajra-S\u00fbtra<\/em>, textos t\u00e0ntrics de la classe <em>Cary\u00e2-tantra<\/em>, el <em>Sadhana-mala<\/em> tibet\u00e0. Literatura secund\u00e0ria: Lalou, <em>Iconographie des \u00e9toffes peintes (pa\u1e6da) dans le Ma\u00f1ju\u015br\u00eem\u00fblakalpa<\/em>; Ngakchang Rinpoche \/ Khandro D\u00e9chen, <em>The History of Vajrap\u00e2\u1e47i<\/em>; Lopez, <em>Religions of Tibet in Practice<\/em>.<\/p>\t\t\t\t\t\t\t\t<\/div>\n\t\t\t\t\t<\/div>\n\t\t\t\t<\/div>\n\t\t\t\t<\/div>\n\t\t\t\t\t<\/div>\n\t\t\t\t<\/div>\n\t\t<div class=\"elementor-element elementor-element-3ae0637c e-flex e-con-boxed e-con e-parent\" data-id=\"3ae0637c\" data-element_type=\"container\" data-e-type=\"container\">\n\t\t\t\t\t<div class=\"e-con-inner\">\n\t\t\t\t<div class=\"elementor-element elementor-element-31d07739 elementor-widget elementor-widget-heading\" data-id=\"31d07739\" data-element_type=\"widget\" data-e-type=\"widget\" data-widget_type=\"heading.default\">\n\t\t\t\t\t<h2 class=\"elementor-heading-title elementor-size-default\">Nom<\/h2>\t\t\t\t<\/div>\n\t\t<div class=\"elementor-element elementor-element-b7642947 e-con-full e-flex e-con e-child\" data-id=\"b7642947\" data-element_type=\"container\" data-e-type=\"container\">\n\t\t\t\t<div class=\"elementor-element elementor-element-a086266 elementor-widget elementor-widget-text-editor\" data-id=\"a086266\" data-element_type=\"widget\" data-e-type=\"widget\" data-widget_type=\"text-editor.default\">\n\t\t\t\t\t\t\t\t\t<p>Vajrapani se sol representar de color blau o blau fosc, muscul\u00f3s i guerrer. Porta un vajra, sovint a la m\u00e0 dreta o aixecat amb totes dues mans. De vegades tamb\u00e9 sost\u00e9 una serp (<em>naga<\/em>) o t\u00e9 els cabells flamejants.<\/p><p>El seu cos apareix nu o m\u00ednimament vestit, envoltat de foc i llamps. La ganyota fera, amb les dents mostrades i els ulls ben oberts, no representa maldat sin\u00f3 una resist\u00e8ncia ferotge contra la ignor\u00e0ncia.<\/p>\t\t\t\t\t\t\t\t<\/div>\n\t\t\t\t<\/div>\n\t\t\t\t\t<\/div>\n\t\t\t\t<\/div>\n\t\t<div class=\"elementor-element elementor-element-709a44a8 e-flex e-con-boxed e-con e-parent\" data-id=\"709a44a8\" data-element_type=\"container\" data-e-type=\"container\">\n\t\t\t\t\t<div class=\"e-con-inner\">\n\t\t\t\t<div class=\"elementor-element elementor-element-2f585873 elementor-widget elementor-widget-heading\" data-id=\"2f585873\" data-element_type=\"widget\" data-e-type=\"widget\" data-widget_type=\"heading.default\">\n\t\t\t\t\t<h2 class=\"elementor-heading-title elementor-size-default\">Trets caracter\u00edstics<\/h2>\t\t\t\t<\/div>\n\t\t<div class=\"elementor-element elementor-element-70621c12 e-con-full e-flex e-con e-child\" data-id=\"70621c12\" data-element_type=\"container\" data-e-type=\"container\">\n\t\t\t\t<div class=\"elementor-element elementor-element-4296eb49 elementor-widget elementor-widget-text-editor\" data-id=\"4296eb49\" data-element_type=\"widget\" data-e-type=\"widget\" data-widget_type=\"text-editor.default\">\n\t\t\t\t\t\t\t\t\t<p>Vajrapani \u00e9s el bodhisattva protector; la seva for\u00e7a esclafa els obstacles externs i interns.<\/p><p>En les pr\u00e0ctiques t\u00e0ntriques, Vajrapani es visualitza: el practicant es veu a si mateix com Vajrapani, sost\u00e9 el vajra i recita el <span class=\"iwg-fachbegriff\" tabindex=\"0\" data-tooltip=\"F\u00f3rmula ritual de s\u00edl\u00b7labes o paraules repetides amb efecte transformador; central en les tradicions \u00edndies.\">mantra<\/span> <em>Om Vajrapani Hum<\/em>. Aix\u00f2 no \u00e9s entrenament amb armes, sin\u00f3 transformaci\u00f3 interior: la conversi\u00f3 de la ira en ira il\u00b7luminada, de la for\u00e7a bruta en for\u00e7a plena de saviesa. La <span class=\"iwg-fachbegriff\" data-tooltip=\"Transici\u00f3 ritual mitjan\u00e7ant la qual alg\u00fa \u00e9s adm\u00e8s en un nou estatus o comunitat.\" tabindex=\"0\">iniciaci\u00f3<\/span> de Vajrapani (abhisheka) \u00e9s important a les escoles del budisme tibet\u00e0.<\/p>\t\t\t\t\t\t\t\t<\/div>\n\t\t\t\t<\/div>\n\t\t\t\t\t<\/div>\n\t\t\t\t<\/div>\n\t\t<div class=\"elementor-element elementor-element-44e71476 e-flex e-con-boxed e-con e-parent\" data-id=\"44e71476\" data-element_type=\"container\" data-e-type=\"container\">\n\t\t\t\t\t<div class=\"e-con-inner\">\n\t\t\t\t<div class=\"elementor-element elementor-element-3c1fc3f0 elementor-widget elementor-widget-heading\" data-id=\"3c1fc3f0\" data-element_type=\"widget\" data-e-type=\"widget\" data-widget_type=\"heading.default\">\n\t\t\t\t\t<h2 class=\"elementor-heading-title elementor-size-default\">Fitxa: Vajrapani<\/h2>\t\t\t\t<\/div>\n\t\t<div class=\"elementor-element elementor-element-84f33b8e e-con-full e-flex e-con e-child\" data-id=\"84f33b8e\" data-element_type=\"container\" data-e-type=\"container\">\n\t\t\t\t<div class=\"elementor-element elementor-element-hqkdc67p elementor-widget elementor-widget-text-editor\" data-id=\"hqkdc67p\" data-element_type=\"widget\" data-e-type=\"widget\" data-widget_type=\"text-editor.default\">\n\t\t\t\t\t\t\t\t\t<p>Els aspectes m\u00e9s importants de Vajrap\u00e2\u1e47i d&#8217;un cop d&#8217;ull. Els camps seg\u00fcents resumeixen l&#8217;origen, la funci\u00f3, l&#8217;aparen\u00e7a, la veneraci\u00f3, els s\u00edmbols i els paral\u00b7lelismes.<\/p>\t\t\t\t\t\t\t\t<\/div>\n\t\t\t\t<\/div>\n\t\t<div class=\"elementor-element elementor-element-pemmx7c5 e-con-full e-flex e-con e-child\" data-id=\"pemmx7c5\" data-element_type=\"container\" data-e-type=\"container\">\n\t\t<div class=\"elementor-element elementor-element-pemmx7c1 e-con-full e-flex e-con e-child\" data-id=\"pemmx7c1\" data-element_type=\"container\" data-e-type=\"container\">\n\t\t<div class=\"elementor-element elementor-element-qh9oavvu iwg-steckbrief-card e-flex e-con-boxed e-con e-child\" data-id=\"qh9oavvu\" data-element_type=\"container\" data-e-type=\"container\">\n\t\t\t\t\t<div class=\"e-con-inner\">\n\t\t\t\t<div class=\"elementor-element elementor-element-awzx8k2k elementor-widget elementor-widget-heading\" data-id=\"awzx8k2k\" data-element_type=\"widget\" data-e-type=\"widget\" data-widget_type=\"heading.default\">\n\t\t\t\t\t<div class=\"elementor-heading-title elementor-size-default\">L'origen de Vajrapani<\/div>\t\t\t\t<\/div>\n\t\t\t\t<div class=\"elementor-element elementor-element-x6rowhv0 elementor-widget elementor-widget-text-editor\" data-id=\"x6rowhv0\" data-element_type=\"widget\" data-e-type=\"widget\" data-widget_type=\"text-editor.default\">\n\t\t\t\t\t\t\t\t\t<p>Vajrap\u00e2\u1e47i sorgeix en la tradici\u00f3 Mah\u00e2y\u00e2na com a encarnaci\u00f3 de la for\u00e7a (<em>bala<\/em>) dels Budes: mentre Avalokitesvara encarna la compassi\u00f3 i Manju\u015bri la saviesa, Vajrap\u00e2\u1e47i \u00e9s el poder espiritual i protector.<\/p><p>En els textos m\u00e9s antics apareix com a guardaespatlles de Buda; en la tradici\u00f3 t\u00e0ntrica evoluciona fins a convertir-se en una wrathful-deity pr\u00f2pia. En el <span class=\"iwg-fachbegriff\" tabindex=\"0\" data-tooltip=\"Fusi\u00f3 d'elements de diferents religions o cultes en noves formes mixtes, com en el vodou haiti\u00e0 (Lwa i sants cat\u00f2lics).\">sincretisme<\/span> japon\u00e8s es desdobla en els dos guardians Nio.<\/p>\t\t\t\t\t\t\t\t<\/div>\n\t\t\t\t\t<\/div>\n\t\t\t\t<\/div>\n\t\t<div class=\"elementor-element elementor-element-8e3o4kxs iwg-steckbrief-card e-flex e-con-boxed e-con e-child\" data-id=\"8e3o4kxs\" data-element_type=\"container\" data-e-type=\"container\">\n\t\t\t\t\t<div class=\"e-con-inner\">\n\t\t\t\t<div class=\"elementor-element elementor-element-08rkdgov elementor-widget elementor-widget-heading\" data-id=\"08rkdgov\" data-element_type=\"widget\" data-e-type=\"widget\" data-widget_type=\"heading.default\">\n\t\t\t\t\t<div class=\"elementor-heading-title elementor-size-default\">P\u00fablic objectiu de Vajrapani<\/div>\t\t\t\t<\/div>\n\t\t\t\t<div class=\"elementor-element elementor-element-uwjelx8s elementor-widget elementor-widget-text-editor\" data-id=\"uwjelx8s\" data-element_type=\"widget\" data-e-type=\"widget\" data-widget_type=\"text-editor.default\">\n\t\t\t\t\t\t\t\t\t<p>Protector de l&#8217;ensenyament budista i dels practicants. Encarnaci&oacute; del poder espiritual que destrueix els obstacles en el cam&iacute;. En les pr&agrave;ctiques t&agrave;ntriques &eacute;s la protecci&oacute; central contra Mara, totes les forces negatives i els dimonis pertorbadors. A el Tibet &eacute;s un dels principals yidams de meditaci&oacute; per al desig d&#8217;una pr&agrave;ctica poderosa. Qui recita el <span class=\"iwg-fachbegriff\" data-tooltip=\"Una s\u00edl\u00b7laba o f\u00f3rmula sagrada que es repeteix en l'hinduisme i el budisme.\" tabindex=\"0\">mantra<\/span> de Vajrap&acirc;&#7751;i rep protecci&oacute; contra totes les amenaces externes i internes.<\/p>\t\t\t\t\t\t\t\t<\/div>\n\t\t\t\t\t<\/div>\n\t\t\t\t<\/div>\n\t\t<div class=\"elementor-element elementor-element-jm2n74ec iwg-steckbrief-card e-flex e-con-boxed e-con e-child\" data-id=\"jm2n74ec\" data-element_type=\"container\" data-e-type=\"container\">\n\t\t\t\t\t<div class=\"e-con-inner\">\n\t\t\t\t<div class=\"elementor-element elementor-element-8vufse4c elementor-widget elementor-widget-heading\" data-id=\"8vufse4c\" data-element_type=\"widget\" data-e-type=\"widget\" data-widget_type=\"heading.default\">\n\t\t\t\t\t<div class=\"elementor-heading-title elementor-size-default\">Aparen\u00e7a de Vajrapani<\/div>\t\t\t\t<\/div>\n\t\t\t\t<div class=\"elementor-element elementor-element-mwb9u015 elementor-widget elementor-widget-text-editor\" data-id=\"mwb9u015\" data-element_type=\"widget\" data-e-type=\"widget\" data-widget_type=\"text-editor.default\">\n\t\t\t\t\t\t\t\t\t<p>Cos mascul\u00ed muscul\u00f3s d&#8217;aspecte irat, blau fosc (de vegades negre). Tercer ull, cabells flamejants, boca ampla amb dents corbades, aur\u00e8ola flamejant. <em>Vajra<\/em> (llamp) a la m\u00e0 dreta al\u00e7ada. <em>Faldilla de pell de tigre<\/em>. Serp com a cintur\u00f3. Ornaments d&#8217;os. Tres ulls. Corona de calaveres. En les danses cham sovint amb un lla\u00e7 (P\u00e2sa). Forma m\u00e9s suau (<em>Aryadeva-Vajrap&acirc;&#7751;i<\/em>): jove bodhisattva de pell daurada, amb el vajra a la m\u00e0 dreta.<\/p>\t\t\t\t\t\t\t\t<\/div>\n\t\t\t\t\t<\/div>\n\t\t\t\t<\/div>\n\t\t\t\t<\/div>\n\t\t<div class=\"elementor-element elementor-element-pemmx7c2 e-con-full e-flex e-con e-child\" data-id=\"pemmx7c2\" data-element_type=\"container\" data-e-type=\"container\">\n\t\t<div class=\"elementor-element elementor-element-37ss2yr6 iwg-steckbrief-card e-flex e-con-boxed e-con e-child\" data-id=\"37ss2yr6\" data-element_type=\"container\" data-e-type=\"container\">\n\t\t\t\t\t<div class=\"e-con-inner\">\n\t\t\t\t<div class=\"elementor-element elementor-element-3v0wp3wx elementor-widget elementor-widget-heading\" data-id=\"3v0wp3wx\" data-element_type=\"widget\" data-e-type=\"widget\" data-widget_type=\"heading.default\">\n\t\t\t\t\t<div class=\"elementor-heading-title elementor-size-default\">Activitat<\/div>\t\t\t\t<\/div>\n\t\t\t\t<div class=\"elementor-element elementor-element-w3247g2m elementor-widget elementor-widget-text-editor\" data-id=\"w3247g2m\" data-element_type=\"widget\" data-e-type=\"widget\" data-widget_type=\"text-editor.default\">\n\t\t\t\t\t\t\t\t\t<p><strong>\u00c0mbit d&#8217;acci\u00f3:<\/strong> Vajrap&acirc;&#7751;i \u00e9s invocat als monestirs tibetans en rituals d&#8217;iniciaci\u00f3 i de protecci\u00f3. El seu <span class=\"iwg-fachbegriff\" data-tooltip=\"Una s\u00edl\u00b7laba o f\u00f3rmula sagrada que es repeteix en l'hinduisme i el budisme.\" tabindex=\"0\">mantra<\/span> <em>OM VAJRAP&Acirc;&#7751;I H&#7770;M<\/em> \u00e9s un dels mantres de protecci\u00f3 m\u00e9s utilitzats. En les danses rituals cham apareix com a portador de m\u00e0scara. Com a guardi\u00e0 Nio al Jap\u00f3, forma parella a la porta de cada <span class=\"iwg-fachbegriff\" data-tooltip=\"Una construcci\u00f3 dedicada a la veneraci\u00f3 d'una o diverses divinitats.\" tabindex=\"0\">temple<\/span> budista i protegeix contra l&#8217;entrada d&#8217;esperits malignes. <span class=\"iwg-fachbegriff\" data-tooltip=\"L'acte de dirigir-se o invocar suplicant una divinitat o poder.\" tabindex=\"0\">Invocaci\u00f3<\/span> personal: en cas de malaltia o amena\u00e7a.<\/p>\t\t\t\t\t\t\t\t<\/div>\n\t\t\t\t\t<\/div>\n\t\t\t\t<\/div>\n\t\t<div class=\"elementor-element elementor-element-0qpjal9w iwg-steckbrief-card e-flex e-con-boxed e-con e-child\" data-id=\"0qpjal9w\" data-element_type=\"container\" data-e-type=\"container\">\n\t\t\t\t\t<div class=\"e-con-inner\">\n\t\t\t\t<div class=\"elementor-element elementor-element-6ndoih0o elementor-widget elementor-widget-heading\" data-id=\"6ndoih0o\" data-element_type=\"widget\" data-e-type=\"widget\" data-widget_type=\"heading.default\">\n\t\t\t\t\t<div class=\"elementor-heading-title elementor-size-default\">Amulets protectors<\/div>\t\t\t\t<\/div>\n\t\t\t\t<div class=\"elementor-element elementor-element-6684tyh9 elementor-widget elementor-widget-text-editor\" data-id=\"6684tyh9\" data-element_type=\"widget\" data-e-type=\"widget\" data-widget_type=\"text-editor.default\">\n\t\t\t\t\t\t\t\t\t<p>Vajra (llamp, atribut principal), lla\u00e7 (P\u00e2sa), tercer ull, aur\u00e8ola flamejant, faldilla de pell de tigre, corona de calaveres, ornaments d&#8217;os, serp com a cintur\u00f3. Animals sagrats: tigre (pell), serp. Plantes sagrades: lotus. Colors sagrats: blau fosc, negre, vermell foc.<\/p>\t\t\t\t\t\t\t\t<\/div>\n\t\t\t\t\t<\/div>\n\t\t\t\t<\/div>\n\t\t<div class=\"elementor-element elementor-element-3lfi7x32 iwg-steckbrief-card e-flex e-con-boxed e-con e-child\" data-id=\"3lfi7x32\" data-element_type=\"container\" data-e-type=\"container\">\n\t\t\t\t\t<div class=\"e-con-inner\">\n\t\t\t\t<div class=\"elementor-element elementor-element-0kg99ga1 elementor-widget elementor-widget-heading\" data-id=\"0kg99ga1\" data-element_type=\"widget\" data-e-type=\"widget\" data-widget_type=\"heading.default\">\n\t\t\t\t\t<div class=\"elementor-heading-title elementor-size-default\">Equivalents<\/div>\t\t\t\t<\/div>\n\t\t\t\t<div class=\"elementor-element elementor-element-n0fum6kp elementor-widget elementor-widget-text-editor\" data-id=\"n0fum6kp\" data-element_type=\"widget\" data-e-type=\"widget\" data-widget_type=\"text-editor.default\">\n\t\t\t\t\t\t\t\t\t<p><em>Avalokitesvara<\/em> (budisme, bodhisattva de la compassi\u00f3), <em>Ma&ntilde;ju&scaron;r&icirc;<\/em> (budisme, bodhisattva de la saviesa, amb espasa), <em>Mahakala<\/em> (budisme, divinitat protectora irada emparentada), <em>Yamantaka<\/em> (Vajray&acirc;na). Arrel hind\u00fa: <em>Indra<\/em> (portador v\u00e8dic del llamp, Vajrayudhas\u00e2sin). Paral\u00b7lels globals com a guardi\u00e0 de llindars: <em>Bes<\/em> (Egipte), <em>Pazuzu<\/em> (Mesopot\u00e0mia), <em>Nio<\/em> (Jap\u00f3), <em>Heng-Ha<\/em> (Xina).<\/p>\t\t\t\t\t\t\t\t<\/div>\n\t\t\t\t\t<\/div>\n\t\t\t\t<\/div>\n\t\t\t\t<\/div>\n\t\t\t\t<\/div>\n\t\t\t\t\t<\/div>\n\t\t\t\t<\/div>\n\t\t<div class=\"elementor-element elementor-element-7533bc7a e-flex e-con-boxed e-con e-parent\" data-id=\"7533bc7a\" data-element_type=\"container\" data-e-type=\"container\">\n\t\t\t\t\t<div class=\"e-con-inner\">\n\t\t\t\t<div class=\"elementor-element elementor-element-2447d18d elementor-widget elementor-widget-heading\" data-id=\"2447d18d\" data-element_type=\"widget\" data-e-type=\"widget\" data-widget_type=\"heading.default\">\n\t\t\t\t\t<h2 class=\"elementor-heading-title elementor-size-default\">Defensa pr\u00e0ctica<\/h2>\t\t\t\t<\/div>\n\t\t<div class=\"elementor-element elementor-element-d5d0260c e-con-full e-flex e-con e-child\" data-id=\"d5d0260c\" data-element_type=\"container\" data-e-type=\"container\">\n\t\t\t\t<div class=\"elementor-element elementor-element-341be2ac elementor-widget elementor-widget-text-editor\" data-id=\"341be2ac\" data-element_type=\"widget\" data-e-type=\"widget\" data-widget_type=\"text-editor.default\">\n\t\t\t\t\t\t\t\t\t<p><strong>Rituals de veneraci\u00f3<\/strong><\/p><p>Vajrapani (skt. \u00abportador del llamp\u00bb) \u00e9s, junt amb Avalokiteshvara i Manjushri, un dels tres bodhisattvas centrals del budisme Mahayana i t\u00e0ntric. Als monestirs tibetans, les est\u00e0tues de Vajrapani es col\u00b7loquen com a guardians de la porta (<em>dvarapala<\/em>) a l&#8217;entrada. En el <span class=\"iwg-fachbegriff\" tabindex=\"0\" data-tooltip=\"Vehicle de diamant; forma t\u00e0ntrica del budisme Mahayana, principalment al Tibet, amb la pr\u00e0ctica del yidam al centre.\">Vajrayana<\/span> \u00e9s una divinitat protectora t\u00e0ntrica central (<span class=\"iwg-fachbegriff\" tabindex=\"0\" data-tooltip=\"En el budisme tibet\u00e0, una divinitat de meditaci\u00f3 amb la qual el practicant treballa en identificaci\u00f3 per encarnar aspectes de la il\u00b7luminaci\u00f3.\">yidam<\/span>) dels tres protectors familiars. Les pujas tenen lloc di\u00e0riament al mat\u00ed abans de comen\u00e7ar la pr\u00e0ctica (cf. Linrothe).<\/p><p><strong>Mantres<\/strong><\/p><p>El <span class=\"iwg-fachbegriff\" data-tooltip=\"Una s\u00edl\u00b7laba o f\u00f3rmula sagrada que es repeteix en l'hinduisme i el budisme.\" tabindex=\"0\">mantra<\/span> de Vajrapani \u00abOm Vajrapani Hum\u00bb es recita com a pr\u00e0ctica de protecci\u00f3. El <span class=\"iwg-fachbegriff\" data-tooltip=\"Una s\u00edl\u00b7laba o f\u00f3rmula sagrada que es repeteix en l'hinduisme i el budisme.\" tabindex=\"0\">mantra<\/span> Mahayana m\u00e9s poder\u00f3s es troba en la Vajravidarana-Dharani. En la tradici\u00f3 Mahayana, el <span class=\"iwg-fachbegriff\" data-tooltip=\"En l'hinduisme i el budisme, un text doctrinal en forma concisa.\" tabindex=\"0\">sutra<\/span> del \u00abRei Mahavairocana\u00bb (<span class=\"iwg-fachbegriff\" tabindex=\"0\" data-tooltip=\"Tradici\u00f3 religiosa i ritual de l'hinduisme i el budisme amb una doctrina de polaritats d'energia.\">tantra<\/span>) \u00e9s un text font principal.<\/p><p><strong>Amulets i s\u00edmbols de protecci\u00f3<\/strong><\/p><p>El vajra (llamp) com a <span class=\"iwg-fachbegriff\" data-tooltip=\"Un signe que representa una idea o significat.\" tabindex=\"0\">s\u00edmbol<\/span> central, portat tant com a petit instrument ritual de bronze en la pr\u00e0ctica Vajrayana com en forma de penjoll. El phurba (punyal <span class=\"iwg-fachbegriff\" data-tooltip=\"Una seq\u00fc\u00e8ncia regulada d'accions simb\u00f2liques amb significat religi\u00f3s o cultural.\" tabindex=\"0\">ritual<\/span>) com a eina contra els dimonis. Es col\u00b7loquen als temples tibetans escultures de Vajrapani en el seu aspecte irat, amb aur\u00e8ola de flames, faldilla de pell de tigre i corona de calaveres.<\/p>\t\t\t\t\t\t\t\t<\/div>\n\t\t\t\t<\/div>\n\t\t\t\t\t<\/div>\n\t\t\t\t<\/div>\n\t\t<div class=\"elementor-element elementor-element-5a584676 e-flex e-con-boxed e-con e-parent\" data-id=\"5a584676\" data-element_type=\"container\" data-e-type=\"container\">\n\t\t\t\t\t<div class=\"e-con-inner\">\n\t\t\t\t<div class=\"elementor-element elementor-element-6d0757bf elementor-widget elementor-widget-heading\" data-id=\"6d0757bf\" data-element_type=\"widget\" data-e-type=\"widget\" data-widget_type=\"heading.default\">\n\t\t\t\t\t<h2 class=\"elementor-heading-title elementor-size-default\">Vajrapani, paral\u00b7lels en altres cultures<\/h2>\t\t\t\t<\/div>\n\t\t<div class=\"elementor-element elementor-element-60563f68 e-con-full e-flex e-con e-child\" data-id=\"60563f68\" data-element_type=\"container\" data-e-type=\"container\">\n\t\t\t\t<div class=\"elementor-element elementor-element-5a93fdd6 elementor-widget elementor-widget-text-editor\" data-id=\"5a93fdd6\" data-element_type=\"widget\" data-e-type=\"widget\" data-widget_type=\"text-editor.default\">\n\t\t\t\t\t\t\t\t\t<footer class=\"iwg-literatur\"><p>Vajrapani s&#8217;assembla a l&#8217;Indra de la <span class=\"iwg-fachbegriff\" data-tooltip=\"El conjunt de relats m\u00edtics transmesos d'una cultura sobre els seus d\u00e9us.\" tabindex=\"0\">mitologia<\/span> v\u00e8dica; tots dos porten un llamp i s\u00f3n guardians del cel. Amb Hermes o Ares de la Gr\u00e8cia antiga comparteix atributs de guerra i protecci\u00f3. En el budisme t\u00e0ntric t\u00e9 formes emparentades en Mahakala, Palden Lhamo i altres dharmapalas. El vajra mateix \u00e9s el <span class=\"iwg-fachbegriff\" data-tooltip=\"Un signe que representa una idea o significat.\" tabindex=\"0\">s\u00edmbol<\/span> del Cam\u00ed de Diamant (Vajrayana), indestructible i llumin\u00f3s.<\/p><div data-nosnippet=\"true\" class=\"iwg-litliste\"><\/div><\/footer>\t\t\t\t\t\t\t\t<\/div>\n\t\t\t\t<\/div>\n\t\t\t\t\t<\/div>\n\t\t\t\t<\/div>\n\t\t<div class=\"elementor-element elementor-element-cp2f61806 e-flex e-con-boxed e-con e-parent\" data-id=\"cp2f61806\" data-element_type=\"container\" data-e-type=\"container\">\n\t\t\t\t\t<div class=\"e-con-inner\">\n\t\t\t\t<div class=\"elementor-element elementor-element-cpdfb5f99 elementor-widget elementor-widget-heading\" data-id=\"cpdfb5f99\" data-element_type=\"widget\" data-e-type=\"widget\" data-widget_type=\"heading.default\">\n\t\t\t\t\t<h2 class=\"elementor-heading-title elementor-size-default\">El llamp a la m\u00e0: el significat del nom<\/h2>\t\t\t\t<\/div>\n\t\t<div class=\"elementor-element elementor-element-cp0e6e7da e-con-full e-flex e-con e-child\" data-id=\"cp0e6e7da\" data-element_type=\"container\" data-e-type=\"container\">\n\t\t\t\t<div class=\"elementor-element elementor-element-cpc270161 elementor-widget elementor-widget-text-editor\" data-id=\"cpc270161\" data-element_type=\"widget\" data-e-type=\"widget\" data-widget_type=\"text-editor.default\">\n\t\t\t\t\t\t\t\t\t<p>El nom Vajrapani \u00e9s s\u00e0nscrit i es compon de <em>vajra<\/em> i <em>pani<\/em>. <em>Pani<\/em> significa m\u00e0, <em>vajra<\/em> designa alhora el llamp i el diamant. Vajrapani \u00e9s, doncs, aquell que sost\u00e9 el vajra a la m\u00e0.<\/p><p>El vajra \u00e9s un <span class=\"iwg-fachbegriff\" data-tooltip=\"Un signe que representa una idea o un significat.\" tabindex=\"0\">s\u00edmbol<\/span> de gran import\u00e0ncia en el budisme, especialment en les seves formes t\u00e0ntriques. Representa la for\u00e7a indestructible i penetrant del despertar, i alhora la duresa i claredat amb qu\u00e8 es trenca la ignor\u00e0ncia.<\/p><p>L&#8217;origen del s\u00edmbol del vajra es remunta a la hist\u00f2ria religiosa \u00edndia m\u00e9s antiga. En els textos v\u00e8dics, el vajra \u00e9s l&#8217;arma del d\u00e9u Indra, amb la qual aquest mata el drac Vritra.<\/p><p>La recerca veu en Vajrapani, en part, un successor o una reformulaci\u00f3 de concepcions properes a Indra, cosa que tamb\u00e9 concorda amb la seva pres\u00e8ncia sovint poderosa, sobirana o guerrera. Tanmateix, en el context budista, l&#8217;arma es reinterpreta: ja no \u00e9s un instrument de lluita entre d\u00e9us, sin\u00f3 un <span class=\"iwg-fachbegriff\" data-tooltip=\"Una imatge il\u00b7lustrativa que representa una idea abstracta.\" tabindex=\"0\">s\u00edmbol<\/span> de la for\u00e7a espiritual del despertar.<\/p><p>En l&#8217;art budista primerenc, Vajrapani apareix sovint com a acompanyant del Buda. En els relleus de la regi\u00f3 de Gandhara, on convergien les tradicions iconogr\u00e0fiques gregues i \u00edndies, una figura portadora del vajra es troba sovint al costat del Buda, de vegades amb trets que recorden l&#8217;H\u00e8racles grec.<\/p><p>Aquesta tradici\u00f3 iconogr\u00e0fica mostra que Vajrapani ja era compr\u00e8s des d&#8217;un principi com a protector i suport del Buda, molt abans de convertir-se, en la seva evoluci\u00f3 posterior, en una figura aut\u00f2noma i altament venerada.<\/p>\t\t\t\t\t\t\t\t<\/div>\n\t\t\t\t<\/div>\n\t\t\t\t\t<\/div>\n\t\t\t\t<\/div>\n\t\t<div class=\"elementor-element elementor-element-cp3c3f244 e-flex e-con-boxed e-con e-parent\" data-id=\"cp3c3f244\" data-element_type=\"container\" data-e-type=\"container\">\n\t\t\t\t\t<div class=\"e-con-inner\">\n\t\t\t\t<div class=\"elementor-element elementor-element-cpfe81e98 elementor-widget elementor-widget-heading\" data-id=\"cpfe81e98\" data-element_type=\"widget\" data-e-type=\"widget\" data-widget_type=\"heading.default\">\n\t\t\t\t\t<h2 class=\"elementor-heading-title elementor-size-default\">De l'acompanyant del Buda al gran bodhisattva<\/h2>\t\t\t\t<\/div>\n\t\t<div class=\"elementor-element elementor-element-cp9757b43 e-con-full e-flex e-con e-child\" data-id=\"cp9757b43\" data-element_type=\"container\" data-e-type=\"container\">\n\t\t\t\t<div class=\"elementor-element elementor-element-cp58d91d0 elementor-widget elementor-widget-text-editor\" data-id=\"cp58d91d0\" data-element_type=\"widget\" data-e-type=\"widget\" data-widget_type=\"text-editor.default\">\n\t\t\t\t\t\t\t\t\t<p>La figura de Vajrapani ha experimentat una notable evoluci\u00f3 al llarg de la hist\u00f2ria religiosa budista. En els textos primerencs i en l&#8217;art de Gandhara, \u00e9s sobretot un protector, un \u00e9sser espiritual que acompanya el Buda i li dona suport. Encara no t\u00e9 all\u00ed un paper destacat en la hist\u00f2ria de la salvaci\u00f3.<\/p><p>Amb el desenvolupament de la tradici\u00f3 mahayana, Vajrapani es va convertir en un bodhisattva, \u00e9s a dir, una figura que es troba en el cam\u00ed cap al despertar complet i que es dedica al b\u00e9 de tots els \u00e9ssers.<\/p><p>En aquesta l\u00ednia, sovint se l&#8217;esmenta en un grup de tres juntament amb altres dos grans bodhisattves, i encarna un aspecte determinat: mentre que Avalokiteshvara s&#8217;associa amb la compassi\u00f3 i Manjushri amb la saviesa, a Vajrapani se li atribueix el poder o la for\u00e7a activa de la ment desperta.<\/p><p>En els corrents t\u00e0ntrics del budisme, l&#8217;anomenat vajrayana, Vajrapani va assolir finalment una posici\u00f3 molt prominent. Aqu\u00ed apareix tant en forma pac\u00edfica com en forma iracunda. La forma iracunda no \u00e9s expressi\u00f3 de mal\u00edcia, sin\u00f3 de la for\u00e7a decidida amb la qual s&#8217;eliminen els obstacles del cam\u00ed.<\/p><p>En aquesta tradici\u00f3, Vajrapani tamb\u00e9 \u00e9s considerat guardi\u00e0 i transmissor de certs ensenyaments t\u00e0ntrics.<\/p><p>L&#8217;amplitud de les seves formes d&#8217;aparici\u00f3, des de l&#8217;acompanyant silenci\u00f3s fins a la temible divinitat protectora, el converteix en un bon exemple de com una figura budista pot anar adquirint noves capes de significat al llarg dels segles sense perdre el seu nucli, la vinculaci\u00f3 amb el vajra i la for\u00e7a del despertar.<\/p>\t\t\t\t\t\t\t\t<\/div>\n\t\t\t\t<\/div>\n\t\t\t\t\t<\/div>\n\t\t\t\t<\/div>\n\t\t<div class=\"elementor-element elementor-element-cpab2752d e-flex e-con-boxed e-con e-parent\" data-id=\"cpab2752d\" data-element_type=\"container\" data-e-type=\"container\">\n\t\t\t\t\t<div class=\"e-con-inner\">\n\t\t\t\t<div class=\"elementor-element elementor-element-cpc6c0d9a elementor-widget elementor-widget-heading\" data-id=\"cpc6c0d9a\" data-element_type=\"widget\" data-e-type=\"widget\" data-widget_type=\"heading.default\">\n\t\t\t\t\t<h2 class=\"elementor-heading-title elementor-size-default\">La figura iracunda: iconografia i interpretaci\u00f3<\/h2>\t\t\t\t<\/div>\n\t\t<div class=\"elementor-element elementor-element-cpb20a805 e-con-full e-flex e-con e-child\" data-id=\"cpb20a805\" data-element_type=\"container\" data-e-type=\"container\">\n\t\t\t\t<div class=\"elementor-element elementor-element-cpdc1127e elementor-widget elementor-widget-text-editor\" data-id=\"cpdc1127e\" data-element_type=\"widget\" data-e-type=\"widget\" data-widget_type=\"text-editor.default\">\n\t\t\t\t\t\t\t\t\t<p>En l&#8217;art tibet\u00e0 i, en general, en el budisme vajrayana, Vajrapani apareix sovint en una forma iracunda.<\/p><p>Segueix un llenguatge visual fix: un cos robust i vigor\u00f3s, sovint de color blau fosc, un rostre desfigurat per la ira amb els ulls molt oberts i les dents descobertes, una aur\u00e8ola de flames, ornaments de calaveres o serps i el vajra al\u00e7at a la m\u00e0 dreta. Aquesta figura sol trobar-se en una posici\u00f3 din\u00e0mica, com si estigu\u00e9s caminant, sobre un pedestal de lotus.<\/p><p>Per a una comprensi\u00f3 adequada, la interpretaci\u00f3 d&#8217;aquestes imatges \u00e9s decisiva. L&#8217;aparen\u00e7a iracunda no \u00e9s, en la tradici\u00f3 budista, expressi\u00f3 d&#8217;odi ni de voluntat destructiva. Encarna, m\u00e9s b\u00e9, la determinaci\u00f3 i l&#8217;energia amb qu\u00e8 es trenquen els obstacles interns, sobretot la ignor\u00e0ncia i l&#8217;apegament.<\/p><p>Segons la interpretaci\u00f3 tradicional, la ira es dirigeix contra l&#8217;engany mateix, no contra els \u00e9ssers. En aquest sentit, els atributs esfere\u00efdors s&#8217;han d&#8217;entendre com a mitjans per fer sensiblement palpable la for\u00e7a de l&#8217;alliberament.<\/p><p>La forma iracunda de Vajrapani t\u00e9 tamb\u00e9 una funci\u00f3 protectora. Se&#8217;l considera expulsor d&#8217;obstacles i influ\u00e8ncies nocives, i en aquesta qualitat \u00e9s invocat en rituals. Algunes tradicions el vinculen estretament amb altres divinitats protectores i figures iracundes del budisme tibet\u00e0.<\/p><p>La recerca en hist\u00f2ria de les religions destaca que aquestes figures iracundes no es troben fora del sistema doctrinal budista, sin\u00f3 que estan fermament integrades en la seva comprensi\u00f3 de l&#8217;<span class=\"iwg-fachbegriff\" data-tooltip=\"Un \u00e9sser incorpori al qual s'atribueix una acci\u00f3 en el m\u00f3n.\" tabindex=\"0\">esperit<\/span>, l&#8217;alliberament i els obstacles del cam\u00ed. Qui observa la <span class=\"iwg-fachbegriff\" data-tooltip=\"Disciplina que estudia el contingut de les imatges i el seu significat.\" tabindex=\"0\">iconografia<\/span> iracunda de manera a\u00efllada corre el risc d&#8217;interpretar-la malament. Trobareu figures protectores i iracundes relacionades en l&#8217;\u00e0mbit m\u00e9s ampli del <a href=\"https:\/\/iwell-guard.com\/ca\/?page_id=171394\">budisme<\/a>.<\/p>\t\t\t\t\t\t\t\t<\/div>\n\t\t\t\t<\/div>\n\t\t\t\t\t<\/div>\n\t\t\t\t<\/div>\n\t\t<div class=\"elementor-element elementor-element-36dd7469 e-flex e-con-boxed e-con e-parent\" data-id=\"36dd7469\" data-element_type=\"container\" data-e-type=\"container\">\n\t\t\t\t\t<div class=\"e-con-inner\">\n\t\t\t\t<div class=\"elementor-element elementor-element-13760ab4 elementor-widget elementor-widget-heading\" data-id=\"13760ab4\" data-element_type=\"widget\" data-e-type=\"widget\" data-widget_type=\"heading.default\">\n\t\t\t\t\t<h2 class=\"elementor-heading-title elementor-size-default\">Enlla\u00e7os relacionats<\/h2>\t\t\t\t<\/div>\n\t\t<div class=\"elementor-element elementor-element-28c87796 e-con-full e-flex e-con e-child\" data-id=\"28c87796\" data-element_type=\"container\" data-e-type=\"container\">\n\t\t\t\t<div class=\"elementor-element elementor-element-5d6538df elementor-widget elementor-widget-text-editor\" data-id=\"5d6538df\" data-element_type=\"widget\" data-e-type=\"widget\" data-widget_type=\"text-editor.default\">\n\t\t\t\t\t\t\t\t\t<ul><li><a href=\"https:\/\/iwell-guard.com\/ca\/?page_id=171583\">Avalokitesvara, bodhisattva de la compassi\u00f3<\/a><\/li><li><a href=\"https:\/\/iwell-guard.com\/ca\/?page_id=171588\">Manjushri, bodhisattva de la saviesa<\/a><\/li><li><a href=\"https:\/\/iwell-guard.com\/ca\/?page_id=171532\">Mahakala, divinitat protectora iracunda relacionada<\/a><\/li><li><a href=\"https:\/\/iwell-guard.com\/ca\/?page_id=171394\">Budisme, panorama del pante\u00f3<\/a><\/li><li><a href=\"https:\/\/iwell-guard.com\/ca\/?page_id=171459\">Divinitats superiors, subcategoria<\/a><\/li><li><a href=\"https:\/\/iwell-guard.com\/ca\/?page_id=171431\">D\u00e9us, panorama de classes<\/a><\/li><\/ul>\t\t\t\t\t\t\t\t<\/div>\n\t\t\t\t<\/div>\n\t\t\t\t\t<\/div>\n\t\t\t\t<\/div>\n\t\t<div class=\"elementor-element elementor-element-grl4kl40 e-flex e-con-boxed e-con e-parent\" data-id=\"grl4kl40\" data-element_type=\"container\" data-e-type=\"container\">\n\t\t\t\t\t<div class=\"e-con-inner\">\n\t\t\t\t<div class=\"elementor-element elementor-element-bzsbfrmh elementor-widget elementor-widget-heading\" data-id=\"bzsbfrmh\" data-element_type=\"widget\" data-e-type=\"widget\" data-widget_type=\"heading.default\">\n\t\t\t\t\t<h2 class=\"elementor-heading-title elementor-size-default\">Bibliografia de recerca<\/h2>\t\t\t\t<\/div>\n\t\t<div class=\"elementor-element elementor-element-2c13224a e-con-full e-flex e-con e-child\" data-id=\"2c13224a\" data-element_type=\"container\" data-e-type=\"container\">\n\t\t\t\t<div class=\"elementor-element elementor-element-0eymh9ub elementor-widget elementor-widget-text-editor\" data-id=\"0eymh9ub\" data-element_type=\"widget\" data-e-type=\"widget\" data-widget_type=\"text-editor.default\">\n\t\t\t\t\t\t\t\t\t<footer class=\"iwg-literatur\" data-nosnippet=\"true\"><ul><li><span data-nosnippet>Williams, Paul: <em>Mahayana Buddhism. The Doctrinal Foundations<\/em>. London 1989.<\/span><\/li><li><span data-nosnippet>Lalou, Marcelle: <em>Iconographie des &eacute;toffes peintes (pa&#7789;a) dans le Ma&ntilde;ju&scaron;r&icirc;m&ucirc;lakalpa<\/em>. Paris 1930.<\/span><\/li><li>Walde, Christine (Hg.): <em>Der Neue Pauly<\/em> (Lemma &bdquo;Vajrap&acirc;&#7751;i&ldquo;).<\/li><\/ul><\/footer>\n<p class=\"iwg-bib-more\"><span data-nosnippet>M\u00e9s obres de refer\u00e8ncia al <a href=\"https:\/\/iwell-guard.com\/ca\/?page_id=171483\">cat\u00e0leg bibliogr\u00e0fic<\/a>.<\/span><\/p>\t\t\t\t\t\t\t\t<\/div>\n\t\t\t\t<\/div>\n\t\t\t\t\t<\/div>\n\t\t\t\t<\/div>\n\t\t<div class=\"elementor-element elementor-element-af7ae2f e-con-boxed e-flex e-con e-parent\" data-id=\"af7ae2f\" data-element_type=\"container\" data-e-type=\"container\">\n\t\t\t\t\t<div class=\"e-con-inner\">\n\t\t\t\t<div class=\"elementor-element elementor-element-e1193b7 elementor-widget elementor-widget-text-editor\" data-id=\"e1193b7\" data-element_type=\"widget\" data-e-type=\"widget\" data-widget_type=\"text-editor.default\">\n\t\t\t\t\t\t\t\t\t\n<h2>Preguntes freq\u00fcents sobre Vajrapani<\/h2>\n<div class=\"iwg-faq-q\"><h3>Qui \u00e9s Vajrapani en el budisme?<\/h3><p>Vajrapani (s\u00e0nscrit, \u00abel que sost\u00e9 el llamp a la m\u00e0\u00bb) \u00e9s el bodhisattva de la for\u00e7a i de l&#8217;acci\u00f3 decidida. Juntament amb Avalokiteshvara (compassi\u00f3) i Manjushri (saviesa), forma la tr\u00edada dels bodhisattvas m\u00e9s importants.<\/p><p>El seu atribut \u00e9s el vajra, el llamp o ceptre de diamant, <span class=\"iwg-fachbegriff\" data-tooltip=\"Un signe que representa una idea o un significat.\" tabindex=\"0\">s\u00edmbol<\/span> de la for\u00e7a il\u00b7luminada indestructible. Vajrapani sovint es representa en forma iracunda: de color blau fosc, envoltat de flames, amb una expressi\u00f3 facial amena\u00e7adora que encarna el poder de superar tots els obstacles en el cam\u00ed cap a la il\u00b7luminaci\u00f3.<\/p><\/div>\n<div class=\"iwg-faq-q\"><h3>Quin paper primerenc va tenir Vajrapani en l&#8217;art budista?<\/h3><p>Vajrapani \u00e9s una de les figures m\u00e9s antigues de l&#8217;iconografia budista. En l&#8217;art de Gandhara (aproximadament del segle 1 al 5, a l&#8217;actual Pakistan i Afganistan) apareix com a company i protector del Buda hist\u00f2ric.<\/p><p>Cal destacar-hi la influ\u00e8ncia grega: en alguns relleus de Gandhara, Vajrapani porta els trets de l&#8217;H\u00e8racles grec, amb una ma\u00e7a i una pell de lle\u00f3. Aix\u00f2 \u00e9s una prova de l&#8217;intercanvi cultural al llarg de la Ruta de la Seda despr\u00e9s de les campanyes d&#8217;Alexandre, en qu\u00e8 es van fondre les tradicions iconogr\u00e0fiques gregues i budistes.<\/p><\/div>\n<script type=\"application\/ld+json\">{\"@context\":\"https:\/\/schema.org\",\"@type\":\"FAQPage\",\"mainEntity\":[{\"@type\":\"Question\",\"name\":\"Qui \u00e9s Vajrapani en el budisme?\",\"acceptedAnswer\":{\"@type\":\"Answer\",\"text\":\"Vajrapani (s\u00e0nscrit, \u00abel que sost\u00e9 el llamp a la m\u00e0\u00bb) \u00e9s el bodhisattva de la for\u00e7a i de l'acci\u00f3 decidida. Juntament amb Avalokiteshvara (compassi\u00f3) i Manjushri (saviesa), forma la tr\u00edada dels bodhisattvas m\u00e9s importants.El seu atribut \u00e9s el vajra, el llamp o ceptre de diamant, s\u00edmbol de la for\u00e7a il\u00b7luminada indestructible. Vajrapani sovint es representa en forma iracunda: de color blau fosc, envoltat de flames, amb una expressi\u00f3 facial amena\u00e7adora que encarna el poder de superar tots els obstacles en el cam\u00ed cap a la il\u00b7luminaci\u00f3.\"}},{\"@type\":\"Question\",\"name\":\"Quin paper primerenc va tenir Vajrapani en l'art budista?\",\"acceptedAnswer\":{\"@type\":\"Answer\",\"text\":\"Vajrapani \u00e9s una de les figures m\u00e9s antigues de l'iconografia budista. En l'art de Gandhara (aproximadament del segle 1 al 5, a l'actual Pakistan i Afganistan) apareix com a company i protector del Buda hist\u00f2ric.Cal destacar-hi la influ\u00e8ncia grega: en alguns relleus de Gandhara, Vajrapani porta els trets de l'H\u00e8racles grec, amb una ma\u00e7a i una pell de lle\u00f3. Aix\u00f2 \u00e9s una prova de l'intercanvi cultural al llarg de la Ruta de la Seda despr\u00e9s de les campanyes d'Alexandre, en qu\u00e8 es van fondre les tradicions iconogr\u00e0fiques gregues i budistes.\"}}]}<\/script>\t\t\t\t\t\t\t\t<\/div>\n\t\t\t\t\t<\/div>\n\t\t\t\t<\/div>\n\t\t\t\t<\/div>\n\t\t","protected":false},"excerpt":{"rendered":"","protected":false},"author":3,"featured_media":1739,"parent":0,"menu_order":0,"comment_status":"closed","ping_status":"closed","template":"elementor_header_footer","meta":{"_yoast_wpseo_focuskw":"Vajrapani","_yoast_wpseo_title":"Vajrapani \u2013 Bodhisattva de la for\u00e7a i guardi\u00e0 del llamp diamant\u00ed","_yoast_wpseo_metadesc":"Vajrapani, bodhisattva de la for\u00e7a i guardi\u00e0 del llamp diamant\u00ed. Visualitzaci\u00f3 t\u00e0ntrica, protecci\u00f3 contra els mals i budisme tibet\u00e0 amb transmissi\u00f3 de for\u00e7a.","_yoast_wpseo_meta-robots-noindex":"","_yoast_wpseo_canonical":"","_angie_page":false,"gefaehrdungsstufe":"","wesen_kultur":"buddhismus","wesen_klasse":"lichtwesen","footnotes":""},"categories":[],"class_list":["post-171521","page","type-page","status-publish","has-post-thumbnail","hentry"],"yoast_head":"<!-- This site is optimized with the Yoast SEO Premium plugin v27.7 (Yoast SEO v28.3) - https:\/\/yoast.com\/product\/yoast-seo-premium-wordpress\/ -->\n<title>Vajrapani \u2013 Bodhisattva de la for\u00e7a i guardi\u00e0 del llamp diamant\u00ed<\/title>\n<meta name=\"description\" content=\"Vajrapani, bodhisattva de la for\u00e7a i guardi\u00e0 del llamp diamant\u00ed. Visualitzaci\u00f3 t\u00e0ntrica, protecci\u00f3 contra els mals i budisme tibet\u00e0 amb transmissi\u00f3 de for\u00e7a.\" \/>\n<meta name=\"robots\" content=\"index, follow, max-snippet:-1, max-image-preview:large, max-video-preview:-1\" \/>\n<link rel=\"canonical\" href=\"https:\/\/iwell-guard.com\/ca\/vajrapani\/\" \/>\n<meta property=\"og:locale\" content=\"ca_ES\" \/>\n<meta property=\"og:type\" content=\"article\" \/>\n<meta property=\"og:title\" content=\"Vajrapani\" \/>\n<meta property=\"og:description\" content=\"Vajrapani, bodhisattva de la for\u00e7a i guardi\u00e0 del llamp diamant\u00ed. Visualitzaci\u00f3 t\u00e0ntrica, protecci\u00f3 contra els mals i budisme tibet\u00e0 amb transmissi\u00f3 de for\u00e7a.\" \/>\n<meta property=\"og:url\" content=\"https:\/\/iwell-guard.com\/ca\/vajrapani\/\" \/>\n<meta property=\"og:site_name\" content=\"iWell Guard\" \/>\n<meta property=\"article:modified_time\" content=\"2026-09-05T15:59:55+00:00\" \/>\n<meta property=\"og:image\" content=\"https:\/\/iwell-guard.com\/wp-content\/uploads\/2026\/04\/goetter_buddhismus_vajrapani.webp\" \/>\n\t<meta property=\"og:image:width\" content=\"1024\" \/>\n\t<meta property=\"og:image:height\" content=\"1536\" \/>\n\t<meta property=\"og:image:type\" content=\"image\/webp\" \/>\n<meta name=\"twitter:card\" content=\"summary_large_image\" \/>\n<script type=\"application\/ld+json\" class=\"yoast-schema-graph\">{\"@context\":\"https:\\\/\\\/schema.org\",\"@graph\":[{\"@type\":\"WebPage\",\"@id\":\"https:\\\/\\\/iwell-guard.com\\\/ca\\\/vajrapani\\\/\",\"url\":\"https:\\\/\\\/iwell-guard.com\\\/ca\\\/vajrapani\\\/\",\"name\":\"Vajrapani \u2013 Bodhisattva de la for\u00e7a i guardi\u00e0 del llamp diamant\u00ed\",\"isPartOf\":{\"@id\":\"https:\\\/\\\/iwell-guard.com\\\/ca\\\/#website\"},\"primaryImageOfPage\":{\"@id\":\"https:\\\/\\\/iwell-guard.com\\\/ca\\\/vajrapani\\\/#primaryimage\"},\"image\":{\"@id\":\"https:\\\/\\\/iwell-guard.com\\\/ca\\\/vajrapani\\\/#primaryimage\"},\"thumbnailUrl\":\"https:\\\/\\\/iwell-guard.com\\\/wp-content\\\/uploads\\\/2026\\\/04\\\/goetter_buddhismus_vajrapani.webp\",\"datePublished\":\"2026-09-05T15:40:06+00:00\",\"dateModified\":\"2026-09-05T15:59:55+00:00\",\"description\":\"Vajrapani, bodhisattva de la for\u00e7a i guardi\u00e0 del llamp diamant\u00ed. Visualitzaci\u00f3 t\u00e0ntrica, protecci\u00f3 contra els mals i budisme tibet\u00e0 amb transmissi\u00f3 de for\u00e7a.\",\"breadcrumb\":{\"@id\":\"https:\\\/\\\/iwell-guard.com\\\/ca\\\/vajrapani\\\/#breadcrumb\"},\"inLanguage\":\"ca\",\"potentialAction\":[{\"@type\":\"ReadAction\",\"target\":[\"https:\\\/\\\/iwell-guard.com\\\/ca\\\/vajrapani\\\/\"]}]},{\"@type\":\"ImageObject\",\"inLanguage\":\"ca\",\"@id\":\"https:\\\/\\\/iwell-guard.com\\\/ca\\\/vajrapani\\\/#primaryimage\",\"url\":\"https:\\\/\\\/iwell-guard.com\\\/wp-content\\\/uploads\\\/2026\\\/04\\\/goetter_buddhismus_vajrapani.webp\",\"contentUrl\":\"https:\\\/\\\/iwell-guard.com\\\/wp-content\\\/uploads\\\/2026\\\/04\\\/goetter_buddhismus_vajrapani.webp\",\"width\":1024,\"height\":1536,\"caption\":\"D\u00e9us de la tradici\u00f3 budista.\"},{\"@type\":\"BreadcrumbList\",\"@id\":\"https:\\\/\\\/iwell-guard.com\\\/ca\\\/vajrapani\\\/#breadcrumb\",\"itemListElement\":[{\"@type\":\"ListItem\",\"position\":1,\"name\":\"Start\",\"item\":\"https:\\\/\\\/iwell-guard.com\\\/ca\\\/?page_id=171333\"},{\"@type\":\"ListItem\",\"position\":2,\"name\":\"Vajrapani\"}]},{\"@type\":\"WebSite\",\"@id\":\"https:\\\/\\\/iwell-guard.com\\\/ca\\\/#website\",\"url\":\"https:\\\/\\\/iwell-guard.com\\\/ca\\\/\",\"name\":\"iWell Guard\",\"description\":\"Schutz vor dunklen Einfl\u00fcssen\",\"publisher\":{\"@id\":\"https:\\\/\\\/iwell-guard.com\\\/ca\\\/#organization\"},\"potentialAction\":[{\"@type\":\"SearchAction\",\"target\":{\"@type\":\"EntryPoint\",\"urlTemplate\":\"https:\\\/\\\/iwell-guard.com\\\/ca\\\/?s={search_term_string}\"},\"query-input\":{\"@type\":\"PropertyValueSpecification\",\"valueRequired\":true,\"valueName\":\"search_term_string\"}}],\"inLanguage\":\"ca\"},{\"@type\":\"Organization\",\"@id\":\"https:\\\/\\\/iwell-guard.com\\\/ca\\\/#organization\",\"name\":\"Ittermann electronic GmbH\",\"url\":\"https:\\\/\\\/iwell-guard.com\\\/ca\\\/\",\"logo\":{\"@type\":\"ImageObject\",\"inLanguage\":\"ca\",\"@id\":\"https:\\\/\\\/iwell-guard.com\\\/ca\\\/#\\\/schema\\\/logo\\\/image\\\/\",\"url\":\"https:\\\/\\\/iwell-guard.com\\\/wp-content\\\/uploads\\\/2026\\\/05\\\/Ittermann-Logo-1182x237-1.png\",\"contentUrl\":\"https:\\\/\\\/iwell-guard.com\\\/wp-content\\\/uploads\\\/2026\\\/05\\\/Ittermann-Logo-1182x237-1.png\",\"width\":1182,\"height\":237,\"caption\":\"Ittermann electronic GmbH\"},\"image\":{\"@id\":\"https:\\\/\\\/iwell-guard.com\\\/ca\\\/#\\\/schema\\\/logo\\\/image\\\/\"},\"sameAs\":[\"https:\\\/\\\/pantip.com\\\/profile\\\/9367242\",\"https:\\\/\\\/micro.blog\\\/iwellguard\",\"https:\\\/\\\/www.diggerslist.com\\\/iwellguard\\\/about\",\"https:\\\/\\\/skitterphoto.com\\\/photographers\\\/2870314\\\/iwell-guard\",\"https:\\\/\\\/iwellguard.wordpress.com\\\/2026\\\/06\\\/06\\\/iwell-guard\\\/\",\"https:\\\/\\\/hub.docker.com\\\/u\\\/iwellguard\",\"https:\\\/\\\/www.pinterest.com\\\/iwellguard\\\/\",\"https:\\\/\\\/bit.ly\\\/m\\\/iwellguard\",\"https:\\\/\\\/entre-vos-mains.alsace.eu\\\/profiles\\\/iwellguard\\\/activity\",\"https:\\\/\\\/gravatar.com\\\/reallybeded8fd34\",\"https:\\\/\\\/naijamatta.com\\\/iwellguard\",\"https:\\\/\\\/www.goodreads.com\\\/iwellguard\",\"https:\\\/\\\/profile.hatena.ne.jp\\\/iwellguard\\\/\",\"https:\\\/\\\/experiment.com\\\/users\\\/iwellguard\",\"https:\\\/\\\/wakelet.com\\\/@iWellGuard82270\",\"https:\\\/\\\/www.chordie.com\\\/forum\\\/profile.php?id=2555664\",\"https:\\\/\\\/www.instapaper.com\\\/p\\\/17757966\",\"https:\\\/\\\/www.mapleprimes.com\\\/users\\\/iwellguard\",\"https:\\\/\\\/businesslistingplus.com\\\/profile\\\/iwell-guard\\\/\",\"https:\\\/\\\/telegra.ph\\\/iWell-Guard-06-06\",\"https:\\\/\\\/pbase.com\\\/iwellguard\\\/iwellguard\",\"https:\\\/\\\/b.hatena.ne.jp\\\/iwellguard\\\/20260607#bookmark-4788405196491818882\",\"https:\\\/\\\/fliphtml5.com\\\/home\\\/iwellguard\",\"https:\\\/\\\/anyflip.com\\\/homepage\\\/cmiwl#About\",\"https:\\\/\\\/transfur.com\\\/Users\\\/iwellguard\",\"http:\\\/\\\/delphi.larsbo.org\\\/user\\\/iwellguard\",\"https:\\\/\\\/jobs.lajobsportal.org\\\/profiles\\\/8380803-iwell-guard\",\"https:\\\/\\\/md.chaosdorf.de\\\/s\\\/jfbe5SBdJD\",\"https:\\\/\\\/www.lingvolive.com\\\/en-us\\\/profile\\\/9ecaeaca-ce11-4e51-9e71-01d55e2bff36\\\/translations\",\"https:\\\/\\\/www.fitday.com\\\/fitness\\\/forums\\\/members\\\/iwellguard.html\",\"https:\\\/\\\/www.mymeetbook.com\\\/iwellguard\",\"https:\\\/\\\/pxhere.com\\\/en\\\/photographer-me\\\/5040798\",\"https:\\\/\\\/disqus.com\\\/by\\\/iwellguard\\\/about\\\/\",\"https:\\\/\\\/pastelink.net\\\/hjwciqwq\",\"https:\\\/\\\/pubhtml5.com\\\/homepage\\\/scjhn\\\/\",\"https:\\\/\\\/www.bitchute.com\\\/channel\\\/2O2eOKzNqujT\",\"https:\\\/\\\/audiomack.com\\\/iwellguard\"]},{\"@type\":\"Article\",\"@id\":\"https:\\\/\\\/iwell-guard.com\\\/ca\\\/vajrapani\\\/#article\",\"isPartOf\":{\"@id\":\"https:\\\/\\\/iwell-guard.com\\\/ca\\\/vajrapani\\\/\"},\"author\":{\"name\":\"Ralf Ittermann\",\"@id\":\"https:\\\/\\\/iwell-guard.com\\\/ca\\\/#\\\/schema\\\/person\\\/ee2a27f1cac3406c7c6fb5820cb7349f\"},\"headline\":\"Vajrapani\",\"datePublished\":\"2026-09-05T15:40:06+00:00\",\"dateModified\":\"2026-09-05T15:59:55+00:00\",\"mainEntityOfPage\":{\"@id\":\"https:\\\/\\\/iwell-guard.com\\\/ca\\\/vajrapani\\\/\"},\"publisher\":{\"@id\":\"https:\\\/\\\/iwell-guard.com\\\/ca\\\/#organization\"},\"image\":{\"@id\":\"https:\\\/\\\/iwell-guard.com\\\/ca\\\/vajrapani\\\/#primaryimage\"},\"thumbnailUrl\":\"https:\\\/\\\/iwell-guard.com\\\/wp-content\\\/uploads\\\/2026\\\/04\\\/goetter_buddhismus_vajrapani.webp\",\"inLanguage\":\"ca\",\"description\":\"Vajrapani, bodhisattva de la for\u00e7a i guardi\u00e0 del llamp diamant\u00ed. Visualitzaci\u00f3 t\u00e0ntrica, protecci\u00f3 contra els mals i budisme tibet\u00e0 amb transmissi\u00f3 de for\u00e7a.\"}]}<\/script>\n<!-- \/ Yoast SEO Premium plugin. -->","yoast_head_json":{"title":"Vajrapani \u2013 Bodhisattva de la for\u00e7a i guardi\u00e0 del llamp diamant\u00ed","description":"Vajrapani, bodhisattva de la for\u00e7a i guardi\u00e0 del llamp diamant\u00ed. Visualitzaci\u00f3 t\u00e0ntrica, protecci\u00f3 contra els mals i budisme tibet\u00e0 amb transmissi\u00f3 de for\u00e7a.","robots":{"index":"index","follow":"follow","max-snippet":"max-snippet:-1","max-image-preview":"max-image-preview:large","max-video-preview":"max-video-preview:-1"},"canonical":"https:\/\/iwell-guard.com\/ca\/vajrapani\/","og_locale":"ca_ES","og_type":"article","og_title":"Vajrapani","og_description":"Vajrapani, bodhisattva de la for\u00e7a i guardi\u00e0 del llamp diamant\u00ed. Visualitzaci\u00f3 t\u00e0ntrica, protecci\u00f3 contra els mals i budisme tibet\u00e0 amb transmissi\u00f3 de for\u00e7a.","og_url":"https:\/\/iwell-guard.com\/ca\/vajrapani\/","og_site_name":"iWell Guard","article_modified_time":"2026-09-05T15:59:55+00:00","og_image":[{"width":1024,"height":1536,"url":"https:\/\/iwell-guard.com\/wp-content\/uploads\/2026\/04\/goetter_buddhismus_vajrapani.webp","type":"image\/webp"}],"twitter_card":"summary_large_image","schema":{"@context":"https:\/\/schema.org","@graph":[{"@type":"Article","@id":"https:\/\/iwell-guard.com\/ca\/vajrapani\/#article","isPartOf":{"@id":"https:\/\/iwell-guard.com\/ca\/vajrapani\/"},"author":{"name":"Ralf Ittermann","@id":"https:\/\/iwell-guard.com\/ca\/#\/schema\/person\/ee2a27f1cac3406c7c6fb5820cb7349f"},"headline":"Vajrapani","datePublished":"2026-09-05T15:40:06+00:00","dateModified":"2026-09-05T15:59:55+00:00","mainEntityOfPage":{"@id":"https:\/\/iwell-guard.com\/ca\/vajrapani\/"},"publisher":{"@id":"https:\/\/iwell-guard.com\/ca\/#organization"},"image":{"@id":"https:\/\/iwell-guard.com\/ca\/vajrapani\/#primaryimage"},"thumbnailUrl":"https:\/\/iwell-guard.com\/wp-content\/uploads\/2026\/04\/goetter_buddhismus_vajrapani.webp","inLanguage":"ca","description":"Vajrapani, bodhisattva de la for\u00e7a i guardi\u00e0 del llamp diamant\u00ed. Visualitzaci\u00f3 t\u00e0ntrica, protecci\u00f3 contra els mals i budisme tibet\u00e0 amb transmissi\u00f3 de for\u00e7a."},{"@type":"WebPage","@id":"https:\/\/iwell-guard.com\/ca\/vajrapani\/","url":"https:\/\/iwell-guard.com\/ca\/vajrapani\/","name":"Vajrapani \u2013 Bodhisattva de la for\u00e7a i guardi\u00e0 del llamp diamant\u00ed","isPartOf":{"@id":"https:\/\/iwell-guard.com\/ca\/#website"},"primaryImageOfPage":{"@id":"https:\/\/iwell-guard.com\/ca\/vajrapani\/#primaryimage"},"image":{"@id":"https:\/\/iwell-guard.com\/ca\/vajrapani\/#primaryimage"},"thumbnailUrl":"https:\/\/iwell-guard.com\/wp-content\/uploads\/2026\/04\/goetter_buddhismus_vajrapani.webp","datePublished":"2026-09-05T15:40:06+00:00","dateModified":"2026-09-05T15:59:55+00:00","description":"Vajrapani, bodhisattva de la for\u00e7a i guardi\u00e0 del llamp diamant\u00ed. Visualitzaci\u00f3 t\u00e0ntrica, protecci\u00f3 contra els mals i budisme tibet\u00e0 amb transmissi\u00f3 de for\u00e7a.","breadcrumb":{"@id":"https:\/\/iwell-guard.com\/ca\/vajrapani\/#breadcrumb"},"inLanguage":"ca","potentialAction":[{"@type":"ReadAction","target":["https:\/\/iwell-guard.com\/ca\/vajrapani\/"]}]},{"@type":"ImageObject","inLanguage":"ca","@id":"https:\/\/iwell-guard.com\/ca\/vajrapani\/#primaryimage","url":"https:\/\/iwell-guard.com\/wp-content\/uploads\/2026\/04\/goetter_buddhismus_vajrapani.webp","contentUrl":"https:\/\/iwell-guard.com\/wp-content\/uploads\/2026\/04\/goetter_buddhismus_vajrapani.webp","width":1024,"height":1536,"caption":"D\u00e9us de la tradici\u00f3 budista."},{"@type":"BreadcrumbList","@id":"https:\/\/iwell-guard.com\/ca\/vajrapani\/#breadcrumb","itemListElement":[{"@type":"ListItem","position":1,"name":"Start","item":"https:\/\/iwell-guard.com\/ca\/?page_id=171333"},{"@type":"ListItem","position":2,"name":"Vajrapani"}]},{"@type":"WebSite","@id":"https:\/\/iwell-guard.com\/ca\/#website","url":"https:\/\/iwell-guard.com\/ca\/","name":"iWell Guard","description":"Schutz vor dunklen Einfl\u00fcssen","publisher":{"@id":"https:\/\/iwell-guard.com\/ca\/#organization"},"potentialAction":[{"@type":"SearchAction","target":{"@type":"EntryPoint","urlTemplate":"https:\/\/iwell-guard.com\/ca\/?s={search_term_string}"},"query-input":{"@type":"PropertyValueSpecification","valueRequired":true,"valueName":"search_term_string"}}],"inLanguage":"ca"},{"@type":"Organization","@id":"https:\/\/iwell-guard.com\/ca\/#organization","name":"Ittermann electronic GmbH","url":"https:\/\/iwell-guard.com\/ca\/","logo":{"@type":"ImageObject","inLanguage":"ca","@id":"https:\/\/iwell-guard.com\/ca\/#\/schema\/logo\/image\/","url":"https:\/\/iwell-guard.com\/wp-content\/uploads\/2026\/05\/Ittermann-Logo-1182x237-1.png","contentUrl":"https:\/\/iwell-guard.com\/wp-content\/uploads\/2026\/05\/Ittermann-Logo-1182x237-1.png","width":1182,"height":237,"caption":"Ittermann electronic GmbH"},"image":{"@id":"https:\/\/iwell-guard.com\/ca\/#\/schema\/logo\/image\/"},"sameAs":["https:\/\/pantip.com\/profile\/9367242","https:\/\/micro.blog\/iwellguard","https:\/\/www.diggerslist.com\/iwellguard\/about","https:\/\/skitterphoto.com\/photographers\/2870314\/iwell-guard","https:\/\/iwellguard.wordpress.com\/2026\/06\/06\/iwell-guard\/","https:\/\/hub.docker.com\/u\/iwellguard","https:\/\/www.pinterest.com\/iwellguard\/","https:\/\/bit.ly\/m\/iwellguard","https:\/\/entre-vos-mains.alsace.eu\/profiles\/iwellguard\/activity","https:\/\/gravatar.com\/reallybeded8fd34","https:\/\/naijamatta.com\/iwellguard","https:\/\/www.goodreads.com\/iwellguard","https:\/\/profile.hatena.ne.jp\/iwellguard\/","https:\/\/experiment.com\/users\/iwellguard","https:\/\/wakelet.com\/@iWellGuard82270","https:\/\/www.chordie.com\/forum\/profile.php?id=2555664","https:\/\/www.instapaper.com\/p\/17757966","https:\/\/www.mapleprimes.com\/users\/iwellguard","https:\/\/businesslistingplus.com\/profile\/iwell-guard\/","https:\/\/telegra.ph\/iWell-Guard-06-06","https:\/\/pbase.com\/iwellguard\/iwellguard","https:\/\/b.hatena.ne.jp\/iwellguard\/20260607#bookmark-4788405196491818882","https:\/\/fliphtml5.com\/home\/iwellguard","https:\/\/anyflip.com\/homepage\/cmiwl#About","https:\/\/transfur.com\/Users\/iwellguard","http:\/\/delphi.larsbo.org\/user\/iwellguard","https:\/\/jobs.lajobsportal.org\/profiles\/8380803-iwell-guard","https:\/\/md.chaosdorf.de\/s\/jfbe5SBdJD","https:\/\/www.lingvolive.com\/en-us\/profile\/9ecaeaca-ce11-4e51-9e71-01d55e2bff36\/translations","https:\/\/www.fitday.com\/fitness\/forums\/members\/iwellguard.html","https:\/\/www.mymeetbook.com\/iwellguard","https:\/\/pxhere.com\/en\/photographer-me\/5040798","https:\/\/disqus.com\/by\/iwellguard\/about\/","https:\/\/pastelink.net\/hjwciqwq","https:\/\/pubhtml5.com\/homepage\/scjhn\/","https:\/\/www.bitchute.com\/channel\/2O2eOKzNqujT","https:\/\/audiomack.com\/iwellguard"]},{"@type":"Person","@id":"https:\/\/iwell-guard.com\/ca\/#\/schema\/person\/ee2a27f1cac3406c7c6fb5820cb7349f","name":"Ralf Ittermann","image":{"@type":"ImageObject","inLanguage":"ca","@id":"https:\/\/secure.gravatar.com\/avatar\/073c0153e350a5005b68eb752b445fea71f6b24a26da9449ad7e155e6b446c9d?s=96&d=mm&r=g","url":"https:\/\/secure.gravatar.com\/avatar\/073c0153e350a5005b68eb752b445fea71f6b24a26da9449ad7e155e6b446c9d?s=96&d=mm&r=g","contentUrl":"https:\/\/secure.gravatar.com\/avatar\/073c0153e350a5005b68eb752b445fea71f6b24a26da9449ad7e155e6b446c9d?s=96&d=mm&r=g","caption":"Ralf Ittermann"},"givenName":"Ralf","familyName":"Ittermann","jobTitle":"Gesch\u00e4ftsf\u00fchrer und redaktioneller Verantwortlicher","url":"https:\/\/iwell-guard.com\/ca\/author\/claude\/","description":"Ralf Ittermann ist Gesch\u00e4ftsf\u00fchrer der Ittermann electronic GmbH und redaktioneller Verantwortlicher des iWell-Guard-Lexikons. Er verbindet langj\u00e4hrige Erfahrung in der Pr\u00e4zisionsfertigung mit medialer Praxis und religionsgeschichtlicher Quellenarbeit.","worksFor":{"@type":"Organization","name":"Ittermann electronic GmbH","url":"https:\/\/ittermann.de\/","address":{"@type":"PostalAddress","streetAddress":"K\u00f6hlergasse 16-18","postalCode":"99842","addressLocality":"Ruhla","addressCountry":"DE"}},"knowsAbout":["Religionsgeschichte","Mythologie","Mediale Praxis","Energetische Diagnostik","Schutzpraxis","Volksglauben","Westliche Esoterik"]},{"@type":"Article","@id":"https:\/\/iwell-guard.com\/ca\/vajrapani\/#article","isPartOf":{"@id":"https:\/\/iwell-guard.com\/ca\/vajrapani\/"},"author":{"name":"Ralf Ittermann","@id":"https:\/\/iwell-guard.com\/ca\/#\/schema\/person\/ee2a27f1cac3406c7c6fb5820cb7349f"},"headline":"Vajrapani","datePublished":"2026-09-05T15:40:06+00:00","dateModified":"2026-09-05T15:59:55+00:00","mainEntityOfPage":{"@id":"https:\/\/iwell-guard.com\/ca\/vajrapani\/"},"publisher":{"@id":"https:\/\/iwell-guard.com\/ca\/#organization"},"image":{"@id":"https:\/\/iwell-guard.com\/ca\/vajrapani\/#primaryimage"},"thumbnailUrl":"https:\/\/iwell-guard.com\/wp-content\/uploads\/2026\/04\/goetter_buddhismus_vajrapani.webp","inLanguage":"ca","description":"Vajrapani, bodhisattva de la for\u00e7a i guardi\u00e0 del llamp diamant\u00ed. Visualitzaci\u00f3 t\u00e0ntrica, protecci\u00f3 contra els mals i budisme tibet\u00e0 amb transmissi\u00f3 de for\u00e7a."}]}},"_links":{"self":[{"href":"https:\/\/iwell-guard.com\/ca\/wp-json\/wp\/v2\/pages\/171521","targetHints":{"allow":["GET"]}}],"collection":[{"href":"https:\/\/iwell-guard.com\/ca\/wp-json\/wp\/v2\/pages"}],"about":[{"href":"https:\/\/iwell-guard.com\/ca\/wp-json\/wp\/v2\/types\/page"}],"author":[{"embeddable":true,"href":"https:\/\/iwell-guard.com\/ca\/wp-json\/wp\/v2\/users\/3"}],"replies":[{"embeddable":true,"href":"https:\/\/iwell-guard.com\/ca\/wp-json\/wp\/v2\/comments?post=171521"}],"version-history":[{"count":0,"href":"https:\/\/iwell-guard.com\/ca\/wp-json\/wp\/v2\/pages\/171521\/revisions"}],"wp:featuredmedia":[{"embeddable":true,"href":"https:\/\/iwell-guard.com\/ca\/wp-json\/wp\/v2\/media\/1739"}],"wp:attachment":[{"href":"https:\/\/iwell-guard.com\/ca\/wp-json\/wp\/v2\/media?parent=171521"}],"wp:term":[{"taxonomy":"category","embeddable":true,"href":"https:\/\/iwell-guard.com\/ca\/wp-json\/wp\/v2\/categories?post=171521"}],"curies":[{"name":"wp","href":"https:\/\/api.w.org\/{rel}","templated":true}]}}